{"id":35560,"date":"2024-12-12T08:50:00","date_gmt":"2024-12-12T08:50:00","guid":{"rendered":"https:\/\/visualjournalism.de\/?post_type=image-matters&#038;p=35560"},"modified":"2024-12-15T18:56:49","modified_gmt":"2024-12-15T18:56:49","slug":"conflicts-mediatisation","status":"publish","type":"image-matters","link":"https:\/\/visualjournalism.de\/en\/image-matters\/images-in-conflict\/conflicts-mediatisation\/","title":{"rendered":"Images in Conflict"},"content":{"rendered":"\n        <figure class=\"post-image--cover has-spacing--none\">\n\n            <img decoding=\"async\" src=\"https:\/\/visualjournalism.de\/wp-content\/uploads\/02_t06bz_manhartsberger_austellungsansicht-gaf.jpg\"  alt=\"\" \/>\n            \n            \n        <\/figure><!-- post-image--cover -->\n\n    \n\n\n\n<div id=\"Seitenanfang\" class=\"wp-block-group has-color-12-background-color has-background has-spacing--m\">\n \n\n    <div id=\"lead-in-block_70952a89bfcf2d1b5b32a49829d571cd\" class=\"block-lead-in typo--default font-size--xl has-spacing--m width--full\">\n        <h1><strong>IMAGES IN CONFLICT<\/strong><\/h1>\n<p>&nbsp;<\/p>\n<p>Zur Ver\u00e4nderung der \u00c4sthetik und Gebrauchsweisen<br \/>\nfotografischer und filmischer Bilder von Krisen- und<br \/>\nKonfliktsituationen<\/p>\n    <\/div>\n\n\n\n\n<p class=\"post__paragraph is-style-typo--soehne has-spacing--default\"><strong>Bilder im Konflikt: <\/strong>fotografische und filmische Bilder von Krisen- und Konfliktsituationen ver\u00e4ndern sich in \u00c4sthetik und Gebrauchsweisen \u2013 und geraten damit selbst ins Visier. Zum einen haben sich im Zuge der digitalen Entwicklungen die Bildproduzent*innen und Distributionskan\u00e4le von Bildern vervielf\u00e4ltigt. Das erweitert Perspektiven und erm\u00f6glicht neue Erz\u00e4hlformen. Zum anderen geht damit eine Ersch\u00fctterung des klassischen bildjournalistischen Selbstverst\u00e4ndnisses einher. Die Konkurrenz der visuellen Strategien sucht das Affektpotential der Bilder zu steigern. Zugleich wird hinterfragt, inwieweit Fotografien noch als Zeugnisse wirken k\u00f6nnen. Sie bewegen sich im Spannungsfeld von Wahrheitsanspr\u00fcchen zwischen Authentizit\u00e4t, Objektivit\u00e4t und Propaganda. Ihre Kontextualisierungen und Rahmungen stellen Bedeutungen her \u2013 und erfordern Reflexion.<\/p>\n<\/div>\n\n\n\n    <div class=\"headline-block has-spacing--m\">\n\n        <h2 class=\"post__headline has-subheadline\">BUCH <br \/>\r\n<\/h2>\n\n                    <h3 class=\"post__subheadline\">\u2013 Images in Conflict \/ Bilder im Konflikt<\/h3>\n        \n    <\/div>\n\n    \n\n\n\n\n<div class=\"pinned-block has-spacing--s\">\n\t\n\n<div class=\"pinned-block__column--left\">\n    \n\n<p class=\"post__paragraph is-style-typo--soehne has-spacing--default\"><strong>Die Publikation<\/strong> \u00abImages In Conflict \/ Bilder\u00bb im Konflikt kn\u00fcpft an die gleichnamige Tagung und Ausstellung an, die im Mai 2017 an der Fakult\u00e4t III der Hochschule Hannover und in der <a href=\"https:\/\/gafeisfabrik.de\/\">GAF \u2013 Galerie f\u00fcr Fotografie<\/a> stattgefunden haben. In vier Kapiteln (\u00abAkteure und Perspektiven\u00bb, \u00abNichts als die Wahrheit\u00bb, \u00abSichtbar unsichtbar\u00bb, \u00abWie den Bildern Wirksamkeit verleihen\u00bb) werden die zentralen Aspekte aktueller Visualisierungsstrategien und Bildkonflikte vor dem Hintergrund der Frage nach dem Verh\u00e4ltnis von Konflikten und ihrer Medialisierung sichtbar gemacht. In einem Dialog zwischen fotografischer Bildpraxis und Diskursen der Bildwissenschaften richtet sich der Fokus auf zuk\u00fcnftige Perspektiven im Feld von Fotojournalismus und Dokumentarfotografie. Den Beitr\u00e4gen gemeinsam ist die Suche nach Erz\u00e4hlformen, die den Blick \u00fcber die engen Genregrenzen fotografischer Gebrauchsweisen hinaus zu weiten und traditionelle Sehgewohnheiten und Erwartungshaltungen zu unterlaufen suchen. Wo liegen die Potenziale eines <em>reinvented visual journalism<\/em>? Wie kann man aktuell von Konflikten erz\u00e4hlen, ohne einem ikonografisch allzu vertrauten Formenrepertoire und der Wiederholung einer immer gleichen emotionalen Symbolik aufzusitzen?<br><br>Das Buch erschien 2018 im Jonas Verlag, Weimar und steht als Open-Access-Version zum kostenlosen Download zur Verf\u00fcgung. <\/p>\n\n\n\n<p class=\"post__paragraph is-style-typo--soehne has-spacing--default\">Hrsg. von <a href=\"https:\/\/visualjournalism.de\/karen-fromm\/\">Karen Fromm<\/a>, <a href=\"https:\/\/visualjournalism.de\/sophia-greiff\/\">Sophia Greiff<\/a>,<br><a href=\"https:\/\/visualjournalism.de\/anna-stemmler\/\">Anna Stemmler<\/a><br><br>Jonas Verlag Weimar 2018<br>560 Seiten mit 262 Abbildungen<\/p>\n\n\n\n<p class=\"post__paragraph is-style-typo--soehne has-spacing--s\">\u2192  <a href=\"https:\/\/visualjournalism.de\/wp-content\/uploads\/fromm_greiff_stemmler_images_in_conflict_toc-1.pdf\" target=\"_blank\" rel=\"noreferrer noopener\">zum Inhaltsverzeichnis<\/a><br>\u2192 <a href=\"https:\/\/visualjournalism.de\/image-matters\/images-in-conflict\/flipvideo-bilder-im-konflikt\/\">zum Flip-Video<\/a><\/p>\n\n\n\n    <div class=\"btn-wrapper has-spacing--m\">\n        <a class=\"btn\" href=\"https:\/\/asw-verlage.de\/katalog\/images_in_conflict_____bilder_im_konflikt-2007.html\" target=\"_self\">Open Access<\/a>\n    <\/div>\n\n\n<\/div>\n\n\n<div class=\"pinned-block__column--right\">\n    \n\n<div class=\"photo-block--slider splide has-spacing--xs\" data-splide='{\"arrows\":true, \"autoplay\":false}'>\n    <div class=\"splide__track\">\n        <div class=\"splide__list\">\n\n                \n\n                    <figure class=\"block-photo post__image--full with-title splide__slide\">\n\n                        <div class=\"post__image__container\">\n                            <img loading=\"lazy\" decoding=\"async\"\n                                class=\"slide__image\"\n                                src=\"https:\/\/visualjournalism.de\/wp-content\/uploads\/images-in-conflict.jpeg\" \n                                srcset=\"https:\/\/visualjournalism.de\/wp-content\/uploads\/images-in-conflict.jpeg 871w, https:\/\/visualjournalism.de\/wp-content\/uploads\/images-in-conflict-281x300.jpeg 281w, https:\/\/visualjournalism.de\/wp-content\/uploads\/images-in-conflict-768x821.jpeg 768w, https:\/\/visualjournalism.de\/wp-content\/uploads\/images-in-conflict-670x716.jpeg 670w, https:\/\/visualjournalism.de\/wp-content\/uploads\/images-in-conflict-420x449.jpeg 420w, https:\/\/visualjournalism.de\/wp-content\/uploads\/images-in-conflict-350x374.jpeg 350w, https:\/\/visualjournalism.de\/wp-content\/uploads\/images-in-conflict-300x321.jpeg 300w\" \n                                width=\"871\"  \n                                height=\"931\" \n                                alt=\"\"  \n                            \/>\n\n                                                            <span class=\"post__image__title\">Publikation Images In Conflict<\/span>\n                            \n                        <\/div><!-- post__image__container -->\n\n                                                    <figcaption class=\"post__image__caption--tiempos\"><p>P<\/p>\n<\/figcaption>\n                        \n                    <\/figure>\n                \n                        \n\n                    <figure class=\"block-photo post__image--full with-title splide__slide\">\n\n                        <div class=\"post__image__container\">\n                            <img loading=\"lazy\" decoding=\"async\"\n                                class=\"slide__image\"\n                                src=\"https:\/\/visualjournalism.de\/wp-content\/uploads\/iic_2_002-1500x1000-1-1400x933.jpg\" \n                                srcset=\"https:\/\/visualjournalism.de\/wp-content\/uploads\/iic_2_002-1500x1000-1-1400x933.jpg 1400w, https:\/\/visualjournalism.de\/wp-content\/uploads\/iic_2_002-1500x1000-1-300x200.jpg 300w, https:\/\/visualjournalism.de\/wp-content\/uploads\/iic_2_002-1500x1000-1-1024x683.jpg 1024w, https:\/\/visualjournalism.de\/wp-content\/uploads\/iic_2_002-1500x1000-1-768x512.jpg 768w, https:\/\/visualjournalism.de\/wp-content\/uploads\/iic_2_002-1500x1000-1-1050x700.jpg 1050w, https:\/\/visualjournalism.de\/wp-content\/uploads\/iic_2_002-1500x1000-1-670x447.jpg 670w, https:\/\/visualjournalism.de\/wp-content\/uploads\/iic_2_002-1500x1000-1-420x280.jpg 420w, https:\/\/visualjournalism.de\/wp-content\/uploads\/iic_2_002-1500x1000-1-350x233.jpg 350w, https:\/\/visualjournalism.de\/wp-content\/uploads\/iic_2_002-1500x1000-1-150x100.jpg 150w, https:\/\/visualjournalism.de\/wp-content\/uploads\/iic_2_002-1500x1000-1.jpg 1500w\" \n                                width=\"1400\"  \n                                height=\"933\" \n                                alt=\"\"  \n                            \/>\n\n                            \n                        <\/div><!-- post__image__container -->\n\n                        \n                    <\/figure>\n                \n                        \n\n                    <figure class=\"block-photo post__image--full with-title splide__slide\">\n\n                        <div class=\"post__image__container\">\n                            <img loading=\"lazy\" decoding=\"async\"\n                                class=\"slide__image\"\n                                src=\"https:\/\/visualjournalism.de\/wp-content\/uploads\/geert-van-kesteren_baghdad-calling-1500x1000-1-1400x933.jpg\" \n                                srcset=\"https:\/\/visualjournalism.de\/wp-content\/uploads\/geert-van-kesteren_baghdad-calling-1500x1000-1-1400x933.jpg 1400w, https:\/\/visualjournalism.de\/wp-content\/uploads\/geert-van-kesteren_baghdad-calling-1500x1000-1-300x200.jpg 300w, https:\/\/visualjournalism.de\/wp-content\/uploads\/geert-van-kesteren_baghdad-calling-1500x1000-1-1024x683.jpg 1024w, https:\/\/visualjournalism.de\/wp-content\/uploads\/geert-van-kesteren_baghdad-calling-1500x1000-1-768x512.jpg 768w, https:\/\/visualjournalism.de\/wp-content\/uploads\/geert-van-kesteren_baghdad-calling-1500x1000-1-1050x700.jpg 1050w, https:\/\/visualjournalism.de\/wp-content\/uploads\/geert-van-kesteren_baghdad-calling-1500x1000-1-670x447.jpg 670w, https:\/\/visualjournalism.de\/wp-content\/uploads\/geert-van-kesteren_baghdad-calling-1500x1000-1-420x280.jpg 420w, https:\/\/visualjournalism.de\/wp-content\/uploads\/geert-van-kesteren_baghdad-calling-1500x1000-1-350x233.jpg 350w, https:\/\/visualjournalism.de\/wp-content\/uploads\/geert-van-kesteren_baghdad-calling-1500x1000-1-150x100.jpg 150w, https:\/\/visualjournalism.de\/wp-content\/uploads\/geert-van-kesteren_baghdad-calling-1500x1000-1.jpg 1500w\" \n                                width=\"1400\"  \n                                height=\"933\" \n                                alt=\"\"  \n                            \/>\n\n                                                            <span class=\"post__image__title\">Geert van Kesteren: aus dem Buch Baghdad Calling, episode publishers, 2008. \u00a9 Geert van Kesteren.<\/span>\n                            \n                        <\/div><!-- post__image__container -->\n\n                        \n                    <\/figure>\n                \n                        \n\n                    <figure class=\"block-photo post__image--full with-title splide__slide\">\n\n                        <div class=\"post__image__container\">\n                            <img loading=\"lazy\" decoding=\"async\"\n                                class=\"slide__image\"\n                                src=\"https:\/\/visualjournalism.de\/wp-content\/uploads\/IMG_2443-1400x788.jpeg\" \n                                srcset=\"https:\/\/visualjournalism.de\/wp-content\/uploads\/IMG_2443-1400x788.jpeg 1400w, https:\/\/visualjournalism.de\/wp-content\/uploads\/IMG_2443-300x169.jpeg 300w, https:\/\/visualjournalism.de\/wp-content\/uploads\/IMG_2443-1024x576.jpeg 1024w, https:\/\/visualjournalism.de\/wp-content\/uploads\/IMG_2443-768x432.jpeg 768w, https:\/\/visualjournalism.de\/wp-content\/uploads\/IMG_2443-1536x864.jpeg 1536w, https:\/\/visualjournalism.de\/wp-content\/uploads\/IMG_2443-2048x1152.jpeg 2048w, https:\/\/visualjournalism.de\/wp-content\/uploads\/IMG_2443-1920x1080.jpeg 1920w, https:\/\/visualjournalism.de\/wp-content\/uploads\/IMG_2443-1050x591.jpeg 1050w, https:\/\/visualjournalism.de\/wp-content\/uploads\/IMG_2443-670x377.jpeg 670w, https:\/\/visualjournalism.de\/wp-content\/uploads\/IMG_2443-420x236.jpeg 420w, https:\/\/visualjournalism.de\/wp-content\/uploads\/IMG_2443-350x197.jpeg 350w, https:\/\/visualjournalism.de\/wp-content\/uploads\/IMG_2443-150x84.jpeg 150w\" \n                                width=\"1400\"  \n                                height=\"788\" \n                                alt=\"\"  \n                            \/>\n\n                            \n                        <\/div><!-- post__image__container -->\n\n                        \n                    <\/figure>\n                \n                       \n\n        <\/div>\n    <\/div>\n    \n    \n        <div class=\"slider__navigation\">\n            <div class=\"slide__count\"><\/div>\n        <\/div><!-- .slider__navigation -->\n\n        <div class=\"splide__arrows gallery-slider__arrows\">\n\n            <button class=\"splide__arrow splide__arrow--prev gallery-slider__arrow\">\n                <svg xmlns=\"http:\/\/www.w3.org\/2000\/svg\" width=\"7\" height=\"11\" viewBox=\"0 0 7 11\" fill=\"none\">\n                <rect width=\"7.3498\" height=\"1.15101\" transform=\"matrix(-0.716725 -0.697356 -0.716725 0.697356 6.60693 10.1616)\"\/>\n                <rect width=\"7.70647\" height=\"1.15101\" transform=\"matrix(-0.716725 0.697356 0.716725 0.697356 6.02393 0.513184)\"\/>\n                <\/svg>\n            <\/button>\n\n            <button class=\"splide__arrow splide__arrow--next gallery-slider__arrow\">\n                <svg xmlns=\"http:\/\/www.w3.org\/2000\/svg\" width=\"7\" height=\"12\" viewBox=\"0 0 7 12\" fill=\"none\">\n                <rect width=\"7.34981\" height=\"1.15101\" transform=\"matrix(0.697355 -0.716726 0.697355 0.716726 0.80957 10.4229)\"\/>\n                <rect width=\"7.70648\" height=\"1.15101\" transform=\"matrix(0.697355 0.716726 -0.697355 0.716726 1.37695 0.506348)\"\/>\n                <\/svg>\n            <\/button>\n\n        <\/div><!-- .splide__arrows -->\n\n    \n<\/div><!-- .splide -->\n\n\n\n\n<\/div>\n<\/div>\n\n\n<div class=\"devider has-spacing--m\">\n    <hr>\n<\/div>\n\n\n \n    \n    <div id=\"quote-block_ec5d742d72b6fc1acbff886849da5077\" class=\"block-quote has-spacing--m\">\n        <figure class=\"quote\">\n            <blockquote>\n                <p><strong>This is not a book only about the representation of conflict.<\/strong> A better way to think of it is as a thoughtful study of imagery in transition during a period of cultural instability, using conflict as the common, unifying context that brings together a disparate collection of thinkers and practitioners and delivers new insight into how images matter.<\/p>\n            <\/blockquote>\n\n            <figcaption>\n\n                            <img loading=\"lazy\" decoding=\"async\" class=\"portrait--inline\" src=\"https:\/\/visualjournalism.de\/wp-content\/uploads\/mayes_copyright_trea-van-drunen_500x500_acf_cropped_1-52x52.jpg\" width=\"52\" height=\"52\" alt=\"\" \/>\n                            <span>Stephen Mayes \u2013 Executive Director, Tim Hetherington Trust<\/span>\n            <\/figcaption>\n            \n        <\/figure>\n    <\/div>\n\n\n\n\n<div class=\"devider has-spacing--m\">\n    <hr>\n<\/div>\n\n\n    <div class=\"team has-spacing--s\">\n\n        <h2>Mit Bild- und Textbeitr\u00e4gen von<\/h2>\n                    <span>\n\n                <a href=\"https:\/\/visualjournalism.de\/dona-abboud\/\">\n                    <figure class=\"info-item__image\">\n                        <img loading=\"lazy\" decoding=\"async\" width=\"52\" height=\"52\" src=\"https:\/\/visualjournalism.de\/wp-content\/uploads\/dona_abboud_1zu1-52x52.jpg\" class=\"attachment-image-portrait size-image-portrait\" alt=\"\" srcset=\"https:\/\/visualjournalism.de\/wp-content\/uploads\/dona_abboud_1zu1-52x52.jpg 52w, https:\/\/visualjournalism.de\/wp-content\/uploads\/dona_abboud_1zu1-300x300.jpg 300w, https:\/\/visualjournalism.de\/wp-content\/uploads\/dona_abboud_1zu1-150x150.jpg 150w, https:\/\/visualjournalism.de\/wp-content\/uploads\/dona_abboud_1zu1-420x420.jpg 420w, https:\/\/visualjournalism.de\/wp-content\/uploads\/dona_abboud_1zu1-350x350.jpg 350w, https:\/\/visualjournalism.de\/wp-content\/uploads\/dona_abboud_1zu1-68x68.jpg 68w, https:\/\/visualjournalism.de\/wp-content\/uploads\/dona_abboud_1zu1-96x96.jpg 96w, https:\/\/visualjournalism.de\/wp-content\/uploads\/dona_abboud_1zu1.jpg 500w\" sizes=\"auto, (max-width: 52px) 100vw, 52px\" \/>                    <\/figure>\n\n                Dona Abboud<\/a>\n            <\/span>\n\n                    <span>\n\n                <a href=\"https:\/\/visualjournalism.de\/broomberg-chanarin\/\">\n                    <figure class=\"info-item__image\">\n                        <img loading=\"lazy\" decoding=\"async\" width=\"52\" height=\"52\" src=\"https:\/\/visualjournalism.de\/wp-content\/uploads\/Broomberg-Chanarin-1zu1-52x52.jpg\" class=\"attachment-image-portrait size-image-portrait\" alt=\"\" srcset=\"https:\/\/visualjournalism.de\/wp-content\/uploads\/Broomberg-Chanarin-1zu1-52x52.jpg 52w, https:\/\/visualjournalism.de\/wp-content\/uploads\/Broomberg-Chanarin-1zu1-300x300.jpg 300w, https:\/\/visualjournalism.de\/wp-content\/uploads\/Broomberg-Chanarin-1zu1-150x150.jpg 150w, https:\/\/visualjournalism.de\/wp-content\/uploads\/Broomberg-Chanarin-1zu1-420x420.jpg 420w, https:\/\/visualjournalism.de\/wp-content\/uploads\/Broomberg-Chanarin-1zu1-350x350.jpg 350w, https:\/\/visualjournalism.de\/wp-content\/uploads\/Broomberg-Chanarin-1zu1-68x68.jpg 68w, https:\/\/visualjournalism.de\/wp-content\/uploads\/Broomberg-Chanarin-1zu1-96x96.jpg 96w, https:\/\/visualjournalism.de\/wp-content\/uploads\/Broomberg-Chanarin-1zu1.jpg 500w\" sizes=\"auto, (max-width: 52px) 100vw, 52px\" \/>                    <\/figure>\n\n                Adam Broomberg and Oliver Chanarin<\/a>\n            <\/span>\n\n                    <span>\n\n                <a href=\"https:\/\/visualjournalism.de\/edmund-clark\/\">\n                    <figure class=\"info-item__image\">\n                        <img loading=\"lazy\" decoding=\"async\" width=\"52\" height=\"52\" src=\"https:\/\/visualjournalism.de\/wp-content\/uploads\/edmund-clark-1zu1-52x52.jpg\" class=\"attachment-image-portrait size-image-portrait\" alt=\"\" srcset=\"https:\/\/visualjournalism.de\/wp-content\/uploads\/edmund-clark-1zu1-52x52.jpg 52w, https:\/\/visualjournalism.de\/wp-content\/uploads\/edmund-clark-1zu1-300x300.jpg 300w, https:\/\/visualjournalism.de\/wp-content\/uploads\/edmund-clark-1zu1-150x150.jpg 150w, https:\/\/visualjournalism.de\/wp-content\/uploads\/edmund-clark-1zu1-420x420.jpg 420w, https:\/\/visualjournalism.de\/wp-content\/uploads\/edmund-clark-1zu1-350x350.jpg 350w, https:\/\/visualjournalism.de\/wp-content\/uploads\/edmund-clark-1zu1-68x68.jpg 68w, https:\/\/visualjournalism.de\/wp-content\/uploads\/edmund-clark-1zu1-96x96.jpg 96w, https:\/\/visualjournalism.de\/wp-content\/uploads\/edmund-clark-1zu1.jpg 500w\" sizes=\"auto, (max-width: 52px) 100vw, 52px\" \/>                    <\/figure>\n\n                Edmund Clark<\/a>\n            <\/span>\n\n                    <span>\n\n                <a href=\"https:\/\/visualjournalism.de\/emma-daly\/\">\n                    <figure class=\"info-item__image\">\n                        <img loading=\"lazy\" decoding=\"async\" width=\"52\" height=\"52\" src=\"https:\/\/visualjournalism.de\/wp-content\/uploads\/emma_daly-1zu1-52x52.jpg\" class=\"attachment-image-portrait size-image-portrait\" alt=\"\" srcset=\"https:\/\/visualjournalism.de\/wp-content\/uploads\/emma_daly-1zu1-52x52.jpg 52w, https:\/\/visualjournalism.de\/wp-content\/uploads\/emma_daly-1zu1-300x300.jpg 300w, https:\/\/visualjournalism.de\/wp-content\/uploads\/emma_daly-1zu1-150x150.jpg 150w, https:\/\/visualjournalism.de\/wp-content\/uploads\/emma_daly-1zu1-420x420.jpg 420w, https:\/\/visualjournalism.de\/wp-content\/uploads\/emma_daly-1zu1-350x350.jpg 350w, https:\/\/visualjournalism.de\/wp-content\/uploads\/emma_daly-1zu1-68x68.jpg 68w, https:\/\/visualjournalism.de\/wp-content\/uploads\/emma_daly-1zu1-96x96.jpg 96w, https:\/\/visualjournalism.de\/wp-content\/uploads\/emma_daly-1zu1.jpg 500w\" sizes=\"auto, (max-width: 52px) 100vw, 52px\" \/>                    <\/figure>\n\n                Emma Daly<\/a>\n            <\/span>\n\n                    <span>\n\n                <a href=\"https:\/\/visualjournalism.de\/prof-dr-em-susanne-von-falkenhausen\/\">\n                    <figure class=\"info-item__image\">\n                        <img loading=\"lazy\" decoding=\"async\" width=\"52\" height=\"52\" src=\"https:\/\/visualjournalism.de\/wp-content\/uploads\/susanne_von_falkenhausen_1zu1-52x52.jpg\" class=\"attachment-image-portrait size-image-portrait\" alt=\"\" srcset=\"https:\/\/visualjournalism.de\/wp-content\/uploads\/susanne_von_falkenhausen_1zu1-52x52.jpg 52w, https:\/\/visualjournalism.de\/wp-content\/uploads\/susanne_von_falkenhausen_1zu1-68x68.jpg 68w, https:\/\/visualjournalism.de\/wp-content\/uploads\/susanne_von_falkenhausen_1zu1-96x96.jpg 96w, https:\/\/visualjournalism.de\/wp-content\/uploads\/susanne_von_falkenhausen_1zu1.jpg 144w\" sizes=\"auto, (max-width: 52px) 100vw, 52px\" \/>                    <\/figure>\n\n                Prof. Dr. em. Susanne von Falkenhausen<\/a>\n            <\/span>\n\n                    <span>\n\n                <a href=\"https:\/\/visualjournalism.de\/sophia-greiff\/\">\n                    <figure class=\"info-item__image\">\n                        <img loading=\"lazy\" decoding=\"async\" width=\"52\" height=\"52\" src=\"https:\/\/visualjournalism.de\/wp-content\/uploads\/sophia-greiff-1zu1-52x52.jpg\" class=\"attachment-image-portrait size-image-portrait\" alt=\"\" srcset=\"https:\/\/visualjournalism.de\/wp-content\/uploads\/sophia-greiff-1zu1-52x52.jpg 52w, https:\/\/visualjournalism.de\/wp-content\/uploads\/sophia-greiff-1zu1-300x300.jpg 300w, https:\/\/visualjournalism.de\/wp-content\/uploads\/sophia-greiff-1zu1-150x150.jpg 150w, https:\/\/visualjournalism.de\/wp-content\/uploads\/sophia-greiff-1zu1-420x420.jpg 420w, https:\/\/visualjournalism.de\/wp-content\/uploads\/sophia-greiff-1zu1-350x350.jpg 350w, https:\/\/visualjournalism.de\/wp-content\/uploads\/sophia-greiff-1zu1-68x68.jpg 68w, https:\/\/visualjournalism.de\/wp-content\/uploads\/sophia-greiff-1zu1-96x96.jpg 96w, https:\/\/visualjournalism.de\/wp-content\/uploads\/sophia-greiff-1zu1.jpg 500w\" sizes=\"auto, (max-width: 52px) 100vw, 52px\" \/>                    <\/figure>\n\n                Sophia Greiff<\/a>\n            <\/span>\n\n                    <span>\n\n                <a href=\"https:\/\/visualjournalism.de\/tim-hetherington\/\">\n                    <figure class=\"info-item__image\">\n                        <img loading=\"lazy\" decoding=\"async\" width=\"52\" height=\"52\" src=\"https:\/\/visualjournalism.de\/wp-content\/uploads\/Tim-Hetherington-1zu1-52x52.jpg\" class=\"attachment-image-portrait size-image-portrait\" alt=\"\" srcset=\"https:\/\/visualjournalism.de\/wp-content\/uploads\/Tim-Hetherington-1zu1-52x52.jpg 52w, https:\/\/visualjournalism.de\/wp-content\/uploads\/Tim-Hetherington-1zu1-300x300.jpg 300w, https:\/\/visualjournalism.de\/wp-content\/uploads\/Tim-Hetherington-1zu1-150x150.jpg 150w, https:\/\/visualjournalism.de\/wp-content\/uploads\/Tim-Hetherington-1zu1-420x420.jpg 420w, https:\/\/visualjournalism.de\/wp-content\/uploads\/Tim-Hetherington-1zu1-350x350.jpg 350w, https:\/\/visualjournalism.de\/wp-content\/uploads\/Tim-Hetherington-1zu1-68x68.jpg 68w, https:\/\/visualjournalism.de\/wp-content\/uploads\/Tim-Hetherington-1zu1-96x96.jpg 96w, https:\/\/visualjournalism.de\/wp-content\/uploads\/Tim-Hetherington-1zu1.jpg 500w\" sizes=\"auto, (max-width: 52px) 100vw, 52px\" \/>                    <\/figure>\n\n                Tim Hetherington<\/a>\n            <\/span>\n\n                    <span>\n\n                <a href=\"https:\/\/visualjournalism.de\/tony-hicks\/\">\n                    <figure class=\"info-item__image\">\n                        <img loading=\"lazy\" decoding=\"async\" width=\"52\" height=\"52\" src=\"https:\/\/visualjournalism.de\/wp-content\/uploads\/tony_hicks_1zu1-52x52.jpg\" class=\"attachment-image-portrait size-image-portrait\" alt=\"\" srcset=\"https:\/\/visualjournalism.de\/wp-content\/uploads\/tony_hicks_1zu1-52x52.jpg 52w, https:\/\/visualjournalism.de\/wp-content\/uploads\/tony_hicks_1zu1-300x300.jpg 300w, https:\/\/visualjournalism.de\/wp-content\/uploads\/tony_hicks_1zu1-150x150.jpg 150w, https:\/\/visualjournalism.de\/wp-content\/uploads\/tony_hicks_1zu1-420x420.jpg 420w, https:\/\/visualjournalism.de\/wp-content\/uploads\/tony_hicks_1zu1-350x350.jpg 350w, https:\/\/visualjournalism.de\/wp-content\/uploads\/tony_hicks_1zu1-68x68.jpg 68w, https:\/\/visualjournalism.de\/wp-content\/uploads\/tony_hicks_1zu1-96x96.jpg 96w, https:\/\/visualjournalism.de\/wp-content\/uploads\/tony_hicks_1zu1.jpg 500w\" sizes=\"auto, (max-width: 52px) 100vw, 52px\" \/>                    <\/figure>\n\n                Tony Hicks<\/a>\n            <\/span>\n\n                    <span>\n\n                <a href=\"https:\/\/visualjournalism.de\/geert-van-kesteren\/\">\n                    <figure class=\"info-item__image\">\n                        <img loading=\"lazy\" decoding=\"async\" width=\"52\" height=\"52\" src=\"https:\/\/visualjournalism.de\/wp-content\/uploads\/geert_van_kesteren-1zu1-52x52.jpg\" class=\"attachment-image-portrait size-image-portrait\" alt=\"\" srcset=\"https:\/\/visualjournalism.de\/wp-content\/uploads\/geert_van_kesteren-1zu1-52x52.jpg 52w, https:\/\/visualjournalism.de\/wp-content\/uploads\/geert_van_kesteren-1zu1-300x300.jpg 300w, https:\/\/visualjournalism.de\/wp-content\/uploads\/geert_van_kesteren-1zu1-150x150.jpg 150w, https:\/\/visualjournalism.de\/wp-content\/uploads\/geert_van_kesteren-1zu1-420x420.jpg 420w, https:\/\/visualjournalism.de\/wp-content\/uploads\/geert_van_kesteren-1zu1-350x350.jpg 350w, https:\/\/visualjournalism.de\/wp-content\/uploads\/geert_van_kesteren-1zu1-68x68.jpg 68w, https:\/\/visualjournalism.de\/wp-content\/uploads\/geert_van_kesteren-1zu1-96x96.jpg 96w, https:\/\/visualjournalism.de\/wp-content\/uploads\/geert_van_kesteren-1zu1.jpg 500w\" sizes=\"auto, (max-width: 52px) 100vw, 52px\" \/>                    <\/figure>\n\n                Geert van Kesteren<\/a>\n            <\/span>\n\n                    <span>\n\n                <a href=\"https:\/\/visualjournalism.de\/dr-paul-lowe\/\">\n                    <figure class=\"info-item__image\">\n                        <img loading=\"lazy\" decoding=\"async\" width=\"52\" height=\"52\" src=\"https:\/\/visualjournalism.de\/wp-content\/uploads\/paul_lowe_1_1-52x52.jpg\" class=\"attachment-image-portrait size-image-portrait\" alt=\"\" srcset=\"https:\/\/visualjournalism.de\/wp-content\/uploads\/paul_lowe_1_1-52x52.jpg 52w, https:\/\/visualjournalism.de\/wp-content\/uploads\/paul_lowe_1_1-296x300.jpg 296w, https:\/\/visualjournalism.de\/wp-content\/uploads\/paul_lowe_1_1-150x152.jpg 150w, https:\/\/visualjournalism.de\/wp-content\/uploads\/paul_lowe_1_1-420x426.jpg 420w, https:\/\/visualjournalism.de\/wp-content\/uploads\/paul_lowe_1_1-350x355.jpg 350w, https:\/\/visualjournalism.de\/wp-content\/uploads\/paul_lowe_1_1-300x304.jpg 300w, https:\/\/visualjournalism.de\/wp-content\/uploads\/paul_lowe_1_1-68x68.jpg 68w, https:\/\/visualjournalism.de\/wp-content\/uploads\/paul_lowe_1_1-96x96.jpg 96w, https:\/\/visualjournalism.de\/wp-content\/uploads\/paul_lowe_1_1.jpg 493w\" sizes=\"auto, (max-width: 52px) 100vw, 52px\" \/>                    <\/figure>\n\n                Dr. Paul Lowe<\/a>\n            <\/span>\n\n                    <span>\n\n                <a href=\"https:\/\/visualjournalism.de\/stephen-mayes\/\">\n                    <figure class=\"info-item__image\">\n                        <img loading=\"lazy\" decoding=\"async\" width=\"52\" height=\"52\" src=\"https:\/\/visualjournalism.de\/wp-content\/uploads\/mayes_copyright_trea-van-drunen_500x500_acf_cropped_1-52x52.jpg\" class=\"attachment-image-portrait size-image-portrait\" alt=\"\" srcset=\"https:\/\/visualjournalism.de\/wp-content\/uploads\/mayes_copyright_trea-van-drunen_500x500_acf_cropped_1-52x52.jpg 52w, https:\/\/visualjournalism.de\/wp-content\/uploads\/mayes_copyright_trea-van-drunen_500x500_acf_cropped_1-300x300.jpg 300w, https:\/\/visualjournalism.de\/wp-content\/uploads\/mayes_copyright_trea-van-drunen_500x500_acf_cropped_1-150x150.jpg 150w, https:\/\/visualjournalism.de\/wp-content\/uploads\/mayes_copyright_trea-van-drunen_500x500_acf_cropped_1-350x350.jpg 350w, https:\/\/visualjournalism.de\/wp-content\/uploads\/mayes_copyright_trea-van-drunen_500x500_acf_cropped_1-68x68.jpg 68w, https:\/\/visualjournalism.de\/wp-content\/uploads\/mayes_copyright_trea-van-drunen_500x500_acf_cropped_1-96x96.jpg 96w, https:\/\/visualjournalism.de\/wp-content\/uploads\/mayes_copyright_trea-van-drunen_500x500_acf_cropped_1.jpg 414w\" sizes=\"auto, (max-width: 52px) 100vw, 52px\" \/>                    <\/figure>\n\n                Stephen Mayes<\/a>\n            <\/span>\n\n                    <span>\n\n                <a href=\"https:\/\/visualjournalism.de\/prof-em-fred-ritchin\/\">\n                    <figure class=\"info-item__image\">\n                        <img loading=\"lazy\" decoding=\"async\" width=\"52\" height=\"52\" src=\"https:\/\/visualjournalism.de\/wp-content\/uploads\/fred-ritchin-1zu1-52x52.jpg\" class=\"attachment-image-portrait size-image-portrait\" alt=\"\" srcset=\"https:\/\/visualjournalism.de\/wp-content\/uploads\/fred-ritchin-1zu1-52x52.jpg 52w, https:\/\/visualjournalism.de\/wp-content\/uploads\/fred-ritchin-1zu1-300x300.jpg 300w, https:\/\/visualjournalism.de\/wp-content\/uploads\/fred-ritchin-1zu1-150x150.jpg 150w, https:\/\/visualjournalism.de\/wp-content\/uploads\/fred-ritchin-1zu1-420x420.jpg 420w, https:\/\/visualjournalism.de\/wp-content\/uploads\/fred-ritchin-1zu1-350x350.jpg 350w, https:\/\/visualjournalism.de\/wp-content\/uploads\/fred-ritchin-1zu1-68x68.jpg 68w, https:\/\/visualjournalism.de\/wp-content\/uploads\/fred-ritchin-1zu1-96x96.jpg 96w, https:\/\/visualjournalism.de\/wp-content\/uploads\/fred-ritchin-1zu1.jpg 500w\" sizes=\"auto, (max-width: 52px) 100vw, 52px\" \/>                    <\/figure>\n\n                Prof. em. Fred Ritchin<\/a>\n            <\/span>\n\n                    <span>\n\n                <a href=\"https:\/\/visualjournalism.de\/armin-smailovic\/\">\n                    <figure class=\"info-item__image\">\n                        <img loading=\"lazy\" decoding=\"async\" width=\"52\" height=\"52\" src=\"https:\/\/visualjournalism.de\/wp-content\/uploads\/Armin-Smailovic-1zu1-52x52.jpg\" class=\"attachment-image-portrait size-image-portrait\" alt=\"\" srcset=\"https:\/\/visualjournalism.de\/wp-content\/uploads\/Armin-Smailovic-1zu1-52x52.jpg 52w, https:\/\/visualjournalism.de\/wp-content\/uploads\/Armin-Smailovic-1zu1-300x300.jpg 300w, https:\/\/visualjournalism.de\/wp-content\/uploads\/Armin-Smailovic-1zu1-150x150.jpg 150w, https:\/\/visualjournalism.de\/wp-content\/uploads\/Armin-Smailovic-1zu1-420x420.jpg 420w, https:\/\/visualjournalism.de\/wp-content\/uploads\/Armin-Smailovic-1zu1-350x350.jpg 350w, https:\/\/visualjournalism.de\/wp-content\/uploads\/Armin-Smailovic-1zu1-68x68.jpg 68w, https:\/\/visualjournalism.de\/wp-content\/uploads\/Armin-Smailovic-1zu1-96x96.jpg 96w, https:\/\/visualjournalism.de\/wp-content\/uploads\/Armin-Smailovic-1zu1.jpg 500w\" sizes=\"auto, (max-width: 52px) 100vw, 52px\" \/>                    <\/figure>\n\n                Armin Smailovic<\/a>\n            <\/span>\n\n                    <span>\n\n                <a href=\"https:\/\/visualjournalism.de\/donovan-wylie\/\">\n                    <figure class=\"info-item__image\">\n                        <img loading=\"lazy\" decoding=\"async\" width=\"52\" height=\"52\" src=\"https:\/\/visualjournalism.de\/wp-content\/uploads\/donovan_wylie_1zu1-52x52.jpg\" class=\"attachment-image-portrait size-image-portrait\" alt=\"\" srcset=\"https:\/\/visualjournalism.de\/wp-content\/uploads\/donovan_wylie_1zu1-52x52.jpg 52w, https:\/\/visualjournalism.de\/wp-content\/uploads\/donovan_wylie_1zu1-300x300.jpg 300w, https:\/\/visualjournalism.de\/wp-content\/uploads\/donovan_wylie_1zu1-150x150.jpg 150w, https:\/\/visualjournalism.de\/wp-content\/uploads\/donovan_wylie_1zu1-420x420.jpg 420w, https:\/\/visualjournalism.de\/wp-content\/uploads\/donovan_wylie_1zu1-350x350.jpg 350w, https:\/\/visualjournalism.de\/wp-content\/uploads\/donovan_wylie_1zu1-68x68.jpg 68w, https:\/\/visualjournalism.de\/wp-content\/uploads\/donovan_wylie_1zu1-96x96.jpg 96w, https:\/\/visualjournalism.de\/wp-content\/uploads\/donovan_wylie_1zu1.jpg 500w\" sizes=\"auto, (max-width: 52px) 100vw, 52px\" \/>                    <\/figure>\n\n                Donovan Wylie<\/a>\n            <\/span>\n\n        \n    <\/div>\n\n\n\n\n    <div class=\"btn-wrapper has-spacing--m\">\n        <a class=\"btn\" href=\"https:\/\/visualjournalism.de\/image-matters\/images-in-conflict\/iic-experts\/\" target=\"_self\">Alle Beitragenden anzeigen<\/a>\n    <\/div>\n\n\n\n<div class=\"devider has-spacing--none\">\n    <hr>\n<\/div>\n\n\n<p class=\"post__paragraph is-style-typo--soehne has-spacing--default\"><strong>Beitr\u00e4ge<\/strong><\/p>\n\n\n\n<div class=\"four-columns-teaser has-spacing--xs\">\n\n    \r\n<article class=\"post-teaser post-42521 image-matters type-image-matters status-publish has-post-thumbnail hentry image-matters-kategorie-images-in-conflict\">\r\n\t<header class=\"entry-header\">\r\n\r\n\t\t<div class=\"entry-categories\">\n\t<a class=\"post__tag\" href=\"https:\/\/visualjournalism.de\/image-matters-kategorie\/images-in-conflict\/\" rel=\"category tag\">IMAGES IN CONFLICT<\/a><\/div>\r\n\t\t<a href=\"https:\/\/visualjournalism.de\/en\/image-matters\/images-in-conflict\/bilder-im-konflikt\/\" rel=\"bookmark\">\r\n\t\t\t<h2 class=\"entry-title\">Editorial. Images in Conflict.<\/h2>\r\n\t\t\t<p class=\"entry-excerpt\">Karen Fromm \u00fcber Bilder im Konflikt<\/p>\r\n\t\t<\/a>\r\n\r\n\t<\/header><!-- .entry-header -->\r\n\r\n\t<figure class=\"post__image\">\r\n\t\t<a href=\"https:\/\/visualjournalism.de\/en\/image-matters\/images-in-conflict\/bilder-im-konflikt\/\" rel=\"bookmark\">\r\n\t\t\t<img loading=\"lazy\" decoding=\"async\" width=\"350\" height=\"197\" src=\"https:\/\/visualjournalism.de\/wp-content\/uploads\/IMG_2443-350x197.jpeg\" class=\"attachment-post-image--two-column--small size-post-image--two-column--small\" alt=\"\" srcset=\"https:\/\/visualjournalism.de\/wp-content\/uploads\/IMG_2443-350x197.jpeg 350w, https:\/\/visualjournalism.de\/wp-content\/uploads\/IMG_2443-300x169.jpeg 300w, https:\/\/visualjournalism.de\/wp-content\/uploads\/IMG_2443-1024x576.jpeg 1024w, https:\/\/visualjournalism.de\/wp-content\/uploads\/IMG_2443-768x432.jpeg 768w, https:\/\/visualjournalism.de\/wp-content\/uploads\/IMG_2443-1536x864.jpeg 1536w, https:\/\/visualjournalism.de\/wp-content\/uploads\/IMG_2443-2048x1152.jpeg 2048w, https:\/\/visualjournalism.de\/wp-content\/uploads\/IMG_2443-1920x1080.jpeg 1920w, https:\/\/visualjournalism.de\/wp-content\/uploads\/IMG_2443-1400x788.jpeg 1400w, https:\/\/visualjournalism.de\/wp-content\/uploads\/IMG_2443-1050x591.jpeg 1050w, https:\/\/visualjournalism.de\/wp-content\/uploads\/IMG_2443-670x377.jpeg 670w, https:\/\/visualjournalism.de\/wp-content\/uploads\/IMG_2443-420x236.jpeg 420w, https:\/\/visualjournalism.de\/wp-content\/uploads\/IMG_2443-150x84.jpeg 150w\" sizes=\"auto, (max-width: 350px) 100vw, 350px\" \/>\t\t<\/a>\r\n\t<\/figure><!-- .post__image -->\r\n\r\n<\/article>\r\n\r\n<article class=\"post-teaser post-42812 image-matters type-image-matters status-publish has-post-thumbnail hentry image-matters-kategorie-images-in-conflict\">\r\n\t<header class=\"entry-header\">\r\n\r\n\t\t<div class=\"entry-categories\">\n\t<a class=\"post__tag\" href=\"https:\/\/visualjournalism.de\/image-matters-kategorie\/images-in-conflict\/\" rel=\"category tag\">IMAGES IN CONFLICT<\/a><\/div>\r\n\t\t<a href=\"https:\/\/visualjournalism.de\/en\/image-matters\/images-in-conflict\/dont-start\/\" rel=\"bookmark\">\r\n\t\t\t<h2 class=\"entry-title\">Don\u2019t Start with the Good Old Things but the Bad New Ones.<\/h2>\r\n\t\t\t<p class=\"entry-excerpt\">Ann-Christin Bertrand\u00a0in conversation with\u00a0Adam Broomberg.<\/p>\r\n\t\t<\/a>\r\n\r\n\t<\/header><!-- .entry-header -->\r\n\r\n\t<figure class=\"post__image\">\r\n\t\t<a href=\"https:\/\/visualjournalism.de\/en\/image-matters\/images-in-conflict\/dont-start\/\" rel=\"bookmark\">\r\n\t\t\t<img loading=\"lazy\" decoding=\"async\" width=\"350\" height=\"197\" src=\"https:\/\/visualjournalism.de\/wp-content\/uploads\/im_iic_broomberg-350x197.jpg\" class=\"attachment-post-image--two-column--small size-post-image--two-column--small\" alt=\"\" srcset=\"https:\/\/visualjournalism.de\/wp-content\/uploads\/im_iic_broomberg-350x197.jpg 350w, https:\/\/visualjournalism.de\/wp-content\/uploads\/im_iic_broomberg-300x169.jpg 300w, https:\/\/visualjournalism.de\/wp-content\/uploads\/im_iic_broomberg-1024x577.jpg 1024w, https:\/\/visualjournalism.de\/wp-content\/uploads\/im_iic_broomberg-768x433.jpg 768w, https:\/\/visualjournalism.de\/wp-content\/uploads\/im_iic_broomberg-1400x789.jpg 1400w, https:\/\/visualjournalism.de\/wp-content\/uploads\/im_iic_broomberg-1050x592.jpg 1050w, https:\/\/visualjournalism.de\/wp-content\/uploads\/im_iic_broomberg-670x377.jpg 670w, https:\/\/visualjournalism.de\/wp-content\/uploads\/im_iic_broomberg-420x237.jpg 420w, https:\/\/visualjournalism.de\/wp-content\/uploads\/im_iic_broomberg-150x85.jpg 150w, https:\/\/visualjournalism.de\/wp-content\/uploads\/im_iic_broomberg.jpg 1500w\" sizes=\"auto, (max-width: 350px) 100vw, 350px\" \/>\t\t<\/a>\r\n\t<\/figure><!-- .post__image -->\r\n\r\n<\/article>\r\n\r\n<article class=\"post-teaser post-52742 image-matters type-image-matters status-publish has-post-thumbnail hentry image-matters-kategorie-images-in-conflict\">\r\n\t<header class=\"entry-header\">\r\n\r\n\t\t<div class=\"entry-categories\">\n\t<a class=\"post__tag\" href=\"https:\/\/visualjournalism.de\/image-matters-kategorie\/images-in-conflict\/\" rel=\"category tag\">IMAGES IN CONFLICT<\/a><\/div>\r\n\t\t<a href=\"https:\/\/visualjournalism.de\/en\/image-matters\/images-in-conflict\/triangulating-truths-photojournalism-in-the-connected-age\/\" rel=\"bookmark\">\r\n\t\t\t<h2 class=\"entry-title\">Triangulating Truths.<\/h2>\r\n\t\t\t<p class=\"entry-excerpt\">Photojournalism in the Connected Age.<\/p>\r\n\t\t<\/a>\r\n\r\n\t<\/header><!-- .entry-header -->\r\n\r\n\t<figure class=\"post__image\">\r\n\t\t<a href=\"https:\/\/visualjournalism.de\/en\/image-matters\/images-in-conflict\/triangulating-truths-photojournalism-in-the-connected-age\/\" rel=\"bookmark\">\r\n\t\t\t<img loading=\"lazy\" decoding=\"async\" width=\"350\" height=\"227\" src=\"https:\/\/visualjournalism.de\/wp-content\/uploads\/t22bz_01_knight-350x227.jpg\" class=\"attachment-post-image--two-column--small size-post-image--two-column--small\" alt=\"\" srcset=\"https:\/\/visualjournalism.de\/wp-content\/uploads\/t22bz_01_knight-350x227.jpg 350w, https:\/\/visualjournalism.de\/wp-content\/uploads\/t22bz_01_knight-300x195.jpg 300w, https:\/\/visualjournalism.de\/wp-content\/uploads\/t22bz_01_knight-1024x665.jpg 1024w, https:\/\/visualjournalism.de\/wp-content\/uploads\/t22bz_01_knight-768x498.jpg 768w, https:\/\/visualjournalism.de\/wp-content\/uploads\/t22bz_01_knight-1536x997.jpg 1536w, https:\/\/visualjournalism.de\/wp-content\/uploads\/t22bz_01_knight-1920x1246.jpg 1920w, https:\/\/visualjournalism.de\/wp-content\/uploads\/t22bz_01_knight-1400x909.jpg 1400w, https:\/\/visualjournalism.de\/wp-content\/uploads\/t22bz_01_knight-1050x681.jpg 1050w, https:\/\/visualjournalism.de\/wp-content\/uploads\/t22bz_01_knight-670x435.jpg 670w, https:\/\/visualjournalism.de\/wp-content\/uploads\/t22bz_01_knight-420x273.jpg 420w, https:\/\/visualjournalism.de\/wp-content\/uploads\/t22bz_01_knight-150x97.jpg 150w, https:\/\/visualjournalism.de\/wp-content\/uploads\/t22bz_01_knight.jpg 2000w\" sizes=\"auto, (max-width: 350px) 100vw, 350px\" \/>\t\t<\/a>\r\n\t<\/figure><!-- .post__image -->\r\n\r\n<\/article>\r\n\r\n<article class=\"post-teaser post-52759 image-matters type-image-matters status-publish has-post-thumbnail hentry image-matters-kategorie-images-in-conflict\">\r\n\t<header class=\"entry-header\">\r\n\r\n\t\t<div class=\"entry-categories\">\n\t<a class=\"post__tag\" href=\"https:\/\/visualjournalism.de\/image-matters-kategorie\/images-in-conflict\/\" rel=\"category tag\">IMAGES IN CONFLICT<\/a><\/div>\r\n\t\t<a href=\"https:\/\/visualjournalism.de\/en\/image-matters\/images-in-conflict\/interview-kriegsbilder\/\" rel=\"bookmark\">\r\n\t\t\t<h2 class=\"entry-title\">\u00dcber das Hin\/Wegsehen.<\/h2>\r\n\t\t\t<p class=\"entry-excerpt\">Aufnehmen, Zeigen und Anschauen von Kriegsbildern.<\/p>\r\n\t\t<\/a>\r\n\r\n\t<\/header><!-- .entry-header -->\r\n\r\n\t<figure class=\"post__image\">\r\n\t\t<a href=\"https:\/\/visualjournalism.de\/en\/image-matters\/images-in-conflict\/interview-kriegsbilder\/\" rel=\"bookmark\">\r\n\t\t\t<img loading=\"lazy\" decoding=\"async\" width=\"350\" height=\"233\" src=\"https:\/\/visualjournalism.de\/wp-content\/uploads\/05_t35bz07_camel_tisch-350x233.jpg\" class=\"attachment-post-image--two-column--small size-post-image--two-column--small\" alt=\"\" srcset=\"https:\/\/visualjournalism.de\/wp-content\/uploads\/05_t35bz07_camel_tisch-350x233.jpg 350w, https:\/\/visualjournalism.de\/wp-content\/uploads\/05_t35bz07_camel_tisch-300x200.jpg 300w, https:\/\/visualjournalism.de\/wp-content\/uploads\/05_t35bz07_camel_tisch-1024x681.jpg 1024w, https:\/\/visualjournalism.de\/wp-content\/uploads\/05_t35bz07_camel_tisch-768x511.jpg 768w, https:\/\/visualjournalism.de\/wp-content\/uploads\/05_t35bz07_camel_tisch-1536x1022.jpg 1536w, https:\/\/visualjournalism.de\/wp-content\/uploads\/05_t35bz07_camel_tisch-1920x1278.jpg 1920w, https:\/\/visualjournalism.de\/wp-content\/uploads\/05_t35bz07_camel_tisch-1400x932.jpg 1400w, https:\/\/visualjournalism.de\/wp-content\/uploads\/05_t35bz07_camel_tisch-1050x699.jpg 1050w, https:\/\/visualjournalism.de\/wp-content\/uploads\/05_t35bz07_camel_tisch-670x446.jpg 670w, https:\/\/visualjournalism.de\/wp-content\/uploads\/05_t35bz07_camel_tisch-420x280.jpg 420w, https:\/\/visualjournalism.de\/wp-content\/uploads\/05_t35bz07_camel_tisch-150x100.jpg 150w, https:\/\/visualjournalism.de\/wp-content\/uploads\/05_t35bz07_camel_tisch.jpg 2000w\" sizes=\"auto, (max-width: 350px) 100vw, 350px\" \/>\t\t<\/a>\r\n\t<\/figure><!-- .post__image -->\r\n\r\n<\/article>\r\n\n<\/div><!-- .2-columns-teaser-->\n\n    \n\n\n<div class=\"four-columns-teaser has-spacing--m\">\n\n    \r\n<article class=\"post-teaser post-52799 image-matters type-image-matters status-publish has-post-thumbnail hentry image-matters-kategorie-images-in-conflict\">\r\n\t<header class=\"entry-header\">\r\n\r\n\t\t<div class=\"entry-categories\">\n\t<a class=\"post__tag\" href=\"https:\/\/visualjournalism.de\/image-matters-kategorie\/images-in-conflict\/\" rel=\"category tag\">IMAGES IN CONFLICT<\/a><\/div>\r\n\t\t<a href=\"https:\/\/visualjournalism.de\/en\/image-matters\/images-in-conflict\/vermachtete-raeume\/\" rel=\"bookmark\">\r\n\t\t\t<h2 class=\"entry-title\">Vermachtete R\u00e4ume in den fotografischen Serien Donovan Wylies.<\/h2>\r\n\t\t\t<p class=\"entry-excerpt\">von Ilaria Hoppe.<\/p>\r\n\t\t<\/a>\r\n\r\n\t<\/header><!-- .entry-header -->\r\n\r\n\t<figure class=\"post__image\">\r\n\t\t<a href=\"https:\/\/visualjournalism.de\/en\/image-matters\/images-in-conflict\/vermachtete-raeume\/\" rel=\"bookmark\">\r\n\t\t\t<img loading=\"lazy\" decoding=\"async\" width=\"350\" height=\"263\" src=\"https:\/\/visualjournalism.de\/wp-content\/uploads\/01_T36BZ_Wylie-Watchtower-350x263.jpg\" class=\"attachment-post-image--two-column--small size-post-image--two-column--small\" alt=\"\" srcset=\"https:\/\/visualjournalism.de\/wp-content\/uploads\/01_T36BZ_Wylie-Watchtower-350x263.jpg 350w, https:\/\/visualjournalism.de\/wp-content\/uploads\/01_T36BZ_Wylie-Watchtower-300x225.jpg 300w, https:\/\/visualjournalism.de\/wp-content\/uploads\/01_T36BZ_Wylie-Watchtower-1024x768.jpg 1024w, https:\/\/visualjournalism.de\/wp-content\/uploads\/01_T36BZ_Wylie-Watchtower-768x576.jpg 768w, https:\/\/visualjournalism.de\/wp-content\/uploads\/01_T36BZ_Wylie-Watchtower-1536x1152.jpg 1536w, https:\/\/visualjournalism.de\/wp-content\/uploads\/01_T36BZ_Wylie-Watchtower-2048x1536.jpg 2048w, https:\/\/visualjournalism.de\/wp-content\/uploads\/01_T36BZ_Wylie-Watchtower-1920x1440.jpg 1920w, https:\/\/visualjournalism.de\/wp-content\/uploads\/01_T36BZ_Wylie-Watchtower-1400x1050.jpg 1400w, https:\/\/visualjournalism.de\/wp-content\/uploads\/01_T36BZ_Wylie-Watchtower-1050x788.jpg 1050w, https:\/\/visualjournalism.de\/wp-content\/uploads\/01_T36BZ_Wylie-Watchtower-670x503.jpg 670w, https:\/\/visualjournalism.de\/wp-content\/uploads\/01_T36BZ_Wylie-Watchtower-420x315.jpg 420w, https:\/\/visualjournalism.de\/wp-content\/uploads\/01_T36BZ_Wylie-Watchtower-150x113.jpg 150w\" sizes=\"auto, (max-width: 350px) 100vw, 350px\" \/>\t\t<\/a>\r\n\t<\/figure><!-- .post__image -->\r\n\r\n<\/article>\r\n\r\n<article class=\"post-teaser post-38627 image-matters type-image-matters status-publish has-post-thumbnail hentry image-matters-kategorie-images-in-conflict\">\r\n\t<header class=\"entry-header\">\r\n\r\n\t\t<div class=\"entry-categories\">\n\t<a class=\"post__tag\" href=\"https:\/\/visualjournalism.de\/image-matters-kategorie\/images-in-conflict\/\" rel=\"category tag\">IMAGES IN CONFLICT<\/a><\/div>\r\n\t\t<a href=\"https:\/\/visualjournalism.de\/en\/image-matters\/images-in-conflict\/flipvideo-bilder-im-konflikt\/\" rel=\"bookmark\">\r\n\t\t\t<h2 class=\"entry-title\">Flipvideo Bilder im Konflikt.<\/h2>\r\n\t\t\t<p class=\"entry-excerpt\">Aufw\u00e4ndig gestaltet mit zahlreichen farbigen Abbildungen bringt das Buch Bilder im Konflikt Praxis und Theorie in einen produktiven Austausch.<\/p>\r\n\t\t<\/a>\r\n\r\n\t<\/header><!-- .entry-header -->\r\n\r\n\t<figure class=\"post__image\">\r\n\t\t<a href=\"https:\/\/visualjournalism.de\/en\/image-matters\/images-in-conflict\/flipvideo-bilder-im-konflikt\/\" rel=\"bookmark\">\r\n\t\t\t<img loading=\"lazy\" decoding=\"async\" width=\"350\" height=\"374\" src=\"https:\/\/visualjournalism.de\/wp-content\/uploads\/images-in-conflict-350x374.jpeg\" class=\"attachment-post-image--two-column--small size-post-image--two-column--small\" alt=\"\" srcset=\"https:\/\/visualjournalism.de\/wp-content\/uploads\/images-in-conflict-350x374.jpeg 350w, https:\/\/visualjournalism.de\/wp-content\/uploads\/images-in-conflict-281x300.jpeg 281w, https:\/\/visualjournalism.de\/wp-content\/uploads\/images-in-conflict-768x821.jpeg 768w, https:\/\/visualjournalism.de\/wp-content\/uploads\/images-in-conflict-670x716.jpeg 670w, https:\/\/visualjournalism.de\/wp-content\/uploads\/images-in-conflict-420x449.jpeg 420w, https:\/\/visualjournalism.de\/wp-content\/uploads\/images-in-conflict-300x321.jpeg 300w, https:\/\/visualjournalism.de\/wp-content\/uploads\/images-in-conflict.jpeg 871w\" sizes=\"auto, (max-width: 350px) 100vw, 350px\" \/>\t\t<\/a>\r\n\t<\/figure><!-- .post__image -->\r\n\r\n<\/article>\r\n\n<\/div><!-- .2-columns-teaser-->\n\n    \n\n\n<div class=\"wp-block-group has-color-12-background-color has-background has-spacing--default\">\n    <div class=\"headline-block has-spacing--m\">\n\n        <h2 class=\"post__headline has-subheadline\">SYMPOSIUM<\/h2>\n\n                    <h3 class=\"post__subheadline\">\u2013 Images in Conflict \/ Bilder im Konflikt<\/h3>\n        \n    <\/div>\n\n    \n\n\n\n\n<p class=\"post__paragraph is-style-typo--soehne has-spacing--s\"><strong>Das Symposium \u00abImages in Conflict \/ Bilder im Konflikt\u00bb<\/strong> lie\u00df vom 17.\u201318.5.2017 Expert*innen aus Theorie und Praxis fotografischer Bilder aufeinandertreffen und in einen Diskurs \u00fcber visuelle Zeugenschaft und emotionale \u00dcberzeugungskraft eintreten. Im Zentrum stand dabei eine Frage, die f\u00fcr Fotojournalist*innen von best\u00e4ndiger Aktualit\u00e4t ist: Wie k\u00f6nnen Bilder wahrhaftig berichten und dabei eine Wirkung entfalten, die ber\u00fchrt, ohne zu manipulieren?<\/p>\n\n\n\n<div class=\"pinned-block has-spacing--s\">\n\t\n\n<div class=\"pinned-block__column--left\">\n    \n\n<p class=\"post__paragraph is-style-typo--soehne has-spacing--default\">In <strong>vier Panels <\/strong>wurden verschiedene Aspekte der Bilder in Konflikten beleuchtet.<\/p>\n\n\n\n \n\n    <div id=\"accordion-block_1fa503d6705b7eb4f680521d6508bd9d\" class=\"accordion has-spacing--m initial--open\">\n        <div class=\"accordion__title is-open\">\n            <h5>Unter dem Fokus auf \u00bbAkteure und Perspektiven\u00ab \u2026 <\/h5>\n            <span><\/span>\n        <\/div>\n\n        <div class=\"accordion__text\">\n         <p><!-- wp:paragraph --><\/p>\n<p class=\"post__paragraph has-spacing--default\">\u2026 sprachen der niederl\u00e4ndische Fotograf <a href=\"https:\/\/visualjournalism.de\/en\/geert-van-kesteren\/\">Geert van Kesteren<\/a> (Why Mister, Why? &amp; Baghdad Calling), die syrische Grafikdesignerin <a href=\"https:\/\/visualjournalism.de\/en\/dona-abboud\/\">Dona Abboud<\/a> (Out of Syria, Inside Facebook), der Bildwissenschaftler <a href=\"https:\/\/visualjournalism.de\/en\/philipp-mueller\/\">Philipp M\u00fcller<\/a> (Bildstrategien des IS) und der Kommunikationswissenschaftler <a href=\"https:\/\/visualjournalism.de\/felix-koltermann\/\">Dr. Felix Koltermann<\/a> (Fotoreporter im Konflikt \u2013 Der internationale Fotojournalismus in Israel\/Pal\u00e4stina) \u00fcber das Aufeinandertreffen von professionellen Aufnahmen und Amateurbildern, die potentielle Mitt\u00e4terschaft durch virtuelle Zeugenschaft, sowie die Einfl\u00fcsse der Produktionsbedingungen in Konfliktr\u00e4umen auf das fotojournalistische Handeln.<\/p>\n<p><!-- \/wp:paragraph --><\/p>\n        <\/div>\n    <\/div>\n\n\n\n\n \n\n    <div id=\"accordion-block_035cc25f5d61dbdf17d18cdd0b754a89\" class=\"accordion has-spacing--m\">\n        <div class=\"accordion__title\">\n            <h5>Um \u00bbNichts als die Wahrheit\u00ab \u2026<\/h5>\n            <span><\/span>\n        <\/div>\n\n        <div class=\"accordion__text\">\n         <p class=\"post__paragraph has-spacing--default\">\u2026 ging es im zweiten Panel, wenn die erfahrene Journalistin und Sprecherin von Human Rights Watch, <a href=\"https:\/\/visualjournalism.de\/en\/emma-daly\/\">Emma Daly<\/a> (New York), davon berichtete, wie fotografische Zeugnisse als Beweismaterial im Kampf um Menschenrechte eingesetzt werden. <a href=\"https:\/\/visualjournalism.de\/en\/prof-dr-ursula-frohne\/\">Prof. Dr. Ursula Frohne<\/a> (Universit\u00e4t M\u00fcnster) sprach als Kunsthistorikerin das Zusammenspiel von ikonischem Bildstatus und dem Eindruck von Gewissheit anhand von <a href=\"https:\/\/visualjournalism.de\/en\/harun-farocki\/\">Harun Farockis<\/a> \u201eSerious Games\u201c an. Der Fotograf und Autor <a href=\"https:\/\/visualjournalism.de\/en\/michael-ebert\/\">Michael Ebert<\/a> besch\u00e4ftigte sich mit den Fehlinformationen, die die Rezeptionsgeschichte des bekannten Vietnamkriegsfotos napalmverbrannter Kinder von Nick Ut durchziehen. <a href=\"https:\/\/visualjournalism.de\/en\/stephen-mayes\/\">Stephen Mayes<\/a> vom <a href=\"https:\/\/visualjournalism.de\/en\/tim-hetherington\/\">Tim Hetherington<\/a> Trust fragte, was digitale Prozesse mit der Wahrheit des Bildes machen. Wie steht es um die Zusammenh\u00e4nge von Fakten, alternativen Fakten und Wahrheit in Zeiten der digitalen Revolution?<\/p>\n        <\/div>\n    <\/div>\n\n\n\n\n \n\n    <div id=\"accordion-block_a02d0703a5b301369cf80416e1755b22\" class=\"accordion has-spacing--m\">\n        <div class=\"accordion__title\">\n            <h5>\u00bbSichtbar unsichtbar\u00ab \u2026<\/h5>\n            <span><\/span>\n        <\/div>\n\n        <div class=\"accordion__text\">\n         <p class=\"post__paragraph has-spacing--default\">\u2026 sind die Bilder, manchmal aber auch die Konflikte, denen sich die Fotografen des dritten Panels widmeten. C<a href=\"https:\/\/visualjournalism.de\/christoph-bangert\/\">hristoph Bangert<\/a> (K\u00f6ln) wagte mit \u203aWar Porn\u2039 das Experiment, seine Selbstzensur auszuschalten und uns mit Bildern zu konfrontieren, die unsere Sehgewohnheiten trotz aller verbreiteten Gr\u00e4uelbilder herausfordern. Der Magnum-Fotograf <a href=\"https:\/\/visualjournalism.de\/en\/donovan-wylie\/\">Donovan Wylie<\/a> fokussierte in seinen friedlich wirkenden Aufnahmen auf die milit\u00e4rischen Architekturen in Konfliktlandschaften. Und <a href=\"https:\/\/visualjournalism.de\/en\/broomberg-chanarin\/\">Adam Broomberg<\/a>, Teil des K\u00fcnstlerduos <a href=\"https:\/\/visualjournalism.de\/en\/broomberg-chanarin\/\">Broomberg&amp;Chanari<\/a>n, warnte davor, Bilder singul\u00e4r zu betrachten. <a href=\"https:\/\/visualjournalism.de\/karen-fromm\/\">Prof. Dr. Karen Fromm<\/a> (Hochschule Hannover) nahm eine theoretische Einordnung der Mechanismen von Exklusion und Visualisierung im Fotojournalismus vor. <a href=\"https:\/\/visualjournalism.de\/en\/tony-hicks\/\">Tony Hicks<\/a> berichtete von seiner Arbeit f\u00fcr die Bildagentur Associated Press und deren Praxis der Selektion von Fotografien f\u00fcr die redaktionelle Verwertung. Die Moderation \u00fcbernahm der mehrfach preisgekr\u00f6nte Fotograf <a href=\"https:\/\/visualjournalism.de\/en\/dr-paul-lowe\/\">Dr. Paul Lowe<\/a> vom London College of Communication.<\/p>\n        <\/div>\n    <\/div>\n\n\n\n\n \n\n    <div id=\"accordion-block_a8a2ca175859fe9d39544c5b64f82148\" class=\"accordion has-spacing--m\">\n        <div class=\"accordion__title\">\n            <h5>\u00bbHow to make images matter?\u00ab<\/h5>\n            <span><\/span>\n        <\/div>\n\n        <div class=\"accordion__text\">\n         <p class=\"post__paragraph has-spacing--default\">Das abschlie\u00dfende Panel vereinte unterschiedliche Ann\u00e4herungen an die Frage nach der Wirksamkeit von Bildern. Der Autor Dirk Gieselmann (Berlin) und der Fotograf <a href=\"https:\/\/visualjournalism.de\/en\/armin-smailovic\/\">Armin Smailovic<\/a> (M\u00fcnchen, Sarajevo) haben auf ihrer gemeinsamen Reise durch Deutschland einen \u203aAtlas der Angst\u2039 erstellt. F\u00fcr sie fungieren Fotografien als ein Medium neben anderen, um die komplexen Ergebnisse ihrer Recherche zu vermitteln.\u00a0<a href=\"https:\/\/visualjournalism.de\/en\/dr-vera-brandner\/\">Dr. Vera Brandner<\/a> betrachtete die Fotografie als Aktions-, Dialog- und Reflexionsform, deren Wirkung f\u00fcr das Arbeiten mit Menschen in Situationen kultureller Differenz nutzbar gemacht wird. Die Nutzbarmachung und N\u00fctzlichkeit von Bildern waren auch im Vortrag von <a href=\"https:\/\/visualjournalism.de\/en\/prof-dr-rolf-f-nohr\/\">Prof. Dr. Rolf F. Nohr<\/a> (Institut f\u00fcr Medienforschung, Hochschule f\u00fcr Bildende K\u00fcnste Braunschweig) zentrales Thema. Mit dem Ansatz der kritischen Diskursanalyse blickte er auf Fluchtbilder und aktuelle populistische Bildstrategien.<\/p>\n        <\/div>\n    <\/div>\n\n\n\n<\/div>\n\n\n<div class=\"pinned-block__column--right\">\n    \n\n<div class=\"photo-block--slider splide has-spacing--m\" data-splide='{\"arrows\":true, \"autoplay\":false}'>\n    <div class=\"splide__track\">\n        <div class=\"splide__list\">\n\n                \n\n                    <figure class=\"block-photo post__image--full with-title splide__slide\">\n\n                        <div class=\"post__image__container\">\n                            <img loading=\"lazy\" decoding=\"async\"\n                                class=\"slide__image\"\n                                src=\"https:\/\/visualjournalism.de\/wp-content\/uploads\/hochschule_hannover__mvl2720-1400x933.jpg\" \n                                srcset=\"https:\/\/visualjournalism.de\/wp-content\/uploads\/hochschule_hannover__mvl2720-1400x933.jpg 1400w, https:\/\/visualjournalism.de\/wp-content\/uploads\/hochschule_hannover__mvl2720-300x200.jpg 300w, https:\/\/visualjournalism.de\/wp-content\/uploads\/hochschule_hannover__mvl2720-1024x683.jpg 1024w, https:\/\/visualjournalism.de\/wp-content\/uploads\/hochschule_hannover__mvl2720-768x512.jpg 768w, https:\/\/visualjournalism.de\/wp-content\/uploads\/hochschule_hannover__mvl2720-1536x1024.jpg 1536w, https:\/\/visualjournalism.de\/wp-content\/uploads\/hochschule_hannover__mvl2720-1050x700.jpg 1050w, https:\/\/visualjournalism.de\/wp-content\/uploads\/hochschule_hannover__mvl2720-670x447.jpg 670w, https:\/\/visualjournalism.de\/wp-content\/uploads\/hochschule_hannover__mvl2720-420x280.jpg 420w, https:\/\/visualjournalism.de\/wp-content\/uploads\/hochschule_hannover__mvl2720-350x233.jpg 350w, https:\/\/visualjournalism.de\/wp-content\/uploads\/hochschule_hannover__mvl2720.jpg 1599w\" \n                                width=\"1400\"  \n                                height=\"933\" \n                                alt=\"\"  \n                            \/>\n\n                                                            <span class=\"post__image__title\">Prof. Christoph Bangert will present the program at the University Information Day. Photo: Maximilian von Lachner<\/span>\n                            \n                        <\/div><!-- post__image__container -->\n\n                        \n                    <\/figure>\n                \n                        \n\n                    <figure class=\"block-photo post__image--full with-title splide__slide\">\n\n                        <div class=\"post__image__container\">\n                            <img loading=\"lazy\" decoding=\"async\"\n                                class=\"slide__image\"\n                                src=\"https:\/\/visualjournalism.de\/wp-content\/uploads\/hochschule_hannover__mvl1933-1400x933.jpg\" \n                                srcset=\"https:\/\/visualjournalism.de\/wp-content\/uploads\/hochschule_hannover__mvl1933-1400x933.jpg 1400w, https:\/\/visualjournalism.de\/wp-content\/uploads\/hochschule_hannover__mvl1933-300x200.jpg 300w, https:\/\/visualjournalism.de\/wp-content\/uploads\/hochschule_hannover__mvl1933-1024x683.jpg 1024w, https:\/\/visualjournalism.de\/wp-content\/uploads\/hochschule_hannover__mvl1933-768x512.jpg 768w, https:\/\/visualjournalism.de\/wp-content\/uploads\/hochschule_hannover__mvl1933-1536x1024.jpg 1536w, https:\/\/visualjournalism.de\/wp-content\/uploads\/hochschule_hannover__mvl1933-1050x700.jpg 1050w, https:\/\/visualjournalism.de\/wp-content\/uploads\/hochschule_hannover__mvl1933-670x447.jpg 670w, https:\/\/visualjournalism.de\/wp-content\/uploads\/hochschule_hannover__mvl1933-420x280.jpg 420w, https:\/\/visualjournalism.de\/wp-content\/uploads\/hochschule_hannover__mvl1933-350x233.jpg 350w, https:\/\/visualjournalism.de\/wp-content\/uploads\/hochschule_hannover__mvl1933.jpg 1599w\" \n                                width=\"1400\"  \n                                height=\"933\" \n                                alt=\"\"  \n                            \/>\n\n                                                            <span class=\"post__image__title\">Deutschland (GER), Niedersachsen, Hannover, 17.05.2017 &#8211; Symposium Images in Conflict\r\r FELIX KOLTERMANN h\u00e4lt im H\u00f6rsaal der Hochschule Hannover einen Vortrag zum Thema AKTEURE STATT BILDER\r\rFOTO: MAXIMILIAN VON LACHNER \/ HS HANNOVER\r\rDieses Foto darf im Zusammenhang mit der Berichterstattung u\u0308ber das Symposium Images in Conflict bis zum 31.12.2017 honorarfrei vero\u0308ffentlicht werden. Jede andere Nutzung ist honorarpflichtig gem\u00e4\u00df aktueller MFM-Liste und muss vor der Vero\u0308ffentlichung mit dem Bildautor abgestimmt werden.<\/span>\n                            \n                        <\/div><!-- post__image__container -->\n\n                        \n                    <\/figure>\n                \n                        \n\n                    <figure class=\"block-photo post__image--full with-title splide__slide\">\n\n                        <div class=\"post__image__container\">\n                            <img loading=\"lazy\" decoding=\"async\"\n                                class=\"slide__image\"\n                                src=\"https:\/\/visualjournalism.de\/wp-content\/uploads\/hochschule_hannover__2mg3345-1400x933.jpg\" \n                                srcset=\"https:\/\/visualjournalism.de\/wp-content\/uploads\/hochschule_hannover__2mg3345-1400x933.jpg 1400w, https:\/\/visualjournalism.de\/wp-content\/uploads\/hochschule_hannover__2mg3345-300x200.jpg 300w, https:\/\/visualjournalism.de\/wp-content\/uploads\/hochschule_hannover__2mg3345-1024x683.jpg 1024w, https:\/\/visualjournalism.de\/wp-content\/uploads\/hochschule_hannover__2mg3345-768x512.jpg 768w, https:\/\/visualjournalism.de\/wp-content\/uploads\/hochschule_hannover__2mg3345-1536x1024.jpg 1536w, https:\/\/visualjournalism.de\/wp-content\/uploads\/hochschule_hannover__2mg3345-1050x700.jpg 1050w, https:\/\/visualjournalism.de\/wp-content\/uploads\/hochschule_hannover__2mg3345-670x447.jpg 670w, https:\/\/visualjournalism.de\/wp-content\/uploads\/hochschule_hannover__2mg3345-420x280.jpg 420w, https:\/\/visualjournalism.de\/wp-content\/uploads\/hochschule_hannover__2mg3345-350x233.jpg 350w, https:\/\/visualjournalism.de\/wp-content\/uploads\/hochschule_hannover__2mg3345.jpg 1599w\" \n                                width=\"1400\"  \n                                height=\"933\" \n                                alt=\"\"  \n                            \/>\n\n                                                            <span class=\"post__image__title\">Deutschland (GER), Niedersachsen, Hannover, 18.05.2017 &#8211; Symposium Images in Conflict \r\r\r\rFOTO: MARVIN IBO G\u00dcNG\u00d6R \/ HS HANNOVER\r\rDieses Foto darf im Zusammenhang mit der Berichterstattung u\u0308ber das Symposium Images in Conflict bis zum 31.12.2017 honorarfrei vero\u0308ffentlicht werden. Jede andere Nutzung ist honorarpflichtig gem\u00e4\u00df aktueller MFM-Liste und muss vor der Vero\u0308ffentlichung mit dem Bildautor abgestimmt werden.<\/span>\n                            \n                        <\/div><!-- post__image__container -->\n\n                        \n                    <\/figure>\n                \n                        \n\n                    <figure class=\"block-photo post__image--full with-title splide__slide\">\n\n                        <div class=\"post__image__container\">\n                            <img loading=\"lazy\" decoding=\"async\"\n                                class=\"slide__image\"\n                                src=\"https:\/\/visualjournalism.de\/wp-content\/uploads\/hochschule_hannover__1mg5888-1400x933.jpg\" \n                                srcset=\"https:\/\/visualjournalism.de\/wp-content\/uploads\/hochschule_hannover__1mg5888-1400x933.jpg 1400w, https:\/\/visualjournalism.de\/wp-content\/uploads\/hochschule_hannover__1mg5888-300x200.jpg 300w, https:\/\/visualjournalism.de\/wp-content\/uploads\/hochschule_hannover__1mg5888-1024x683.jpg 1024w, https:\/\/visualjournalism.de\/wp-content\/uploads\/hochschule_hannover__1mg5888-768x512.jpg 768w, https:\/\/visualjournalism.de\/wp-content\/uploads\/hochschule_hannover__1mg5888-1536x1024.jpg 1536w, https:\/\/visualjournalism.de\/wp-content\/uploads\/hochschule_hannover__1mg5888-1050x700.jpg 1050w, https:\/\/visualjournalism.de\/wp-content\/uploads\/hochschule_hannover__1mg5888-670x447.jpg 670w, https:\/\/visualjournalism.de\/wp-content\/uploads\/hochschule_hannover__1mg5888-420x280.jpg 420w, https:\/\/visualjournalism.de\/wp-content\/uploads\/hochschule_hannover__1mg5888-350x233.jpg 350w, https:\/\/visualjournalism.de\/wp-content\/uploads\/hochschule_hannover__1mg5888.jpg 1599w\" \n                                width=\"1400\"  \n                                height=\"933\" \n                                alt=\"\"  \n                            \/>\n\n                                                            <span class=\"post__image__title\">Germany (GER), Lower Saxony, Hanover, 18.05.2017 &#8211; Symposium Images in Conflict \n\nVisitors listen to Emma Daly, Communications Director at Human Rights Watch, during a presentation.\n\nPHOTO: MARVIN IBO G\u00dcNG\u00d6R \/ HS HANNOVER<\/span>\n                            \n                        <\/div><!-- post__image__container -->\n\n                        \n                    <\/figure>\n                \n                        \n\n                    <figure class=\"block-photo post__image--full with-title splide__slide\">\n\n                        <div class=\"post__image__container\">\n                            <img loading=\"lazy\" decoding=\"async\"\n                                class=\"slide__image\"\n                                src=\"https:\/\/visualjournalism.de\/wp-content\/uploads\/hochschule_hannover_symposium_iic_christophenke954-1400x934.jpg\" \n                                srcset=\"https:\/\/visualjournalism.de\/wp-content\/uploads\/hochschule_hannover_symposium_iic_christophenke954-1400x934.jpg 1400w, https:\/\/visualjournalism.de\/wp-content\/uploads\/hochschule_hannover_symposium_iic_christophenke954-300x200.jpg 300w, https:\/\/visualjournalism.de\/wp-content\/uploads\/hochschule_hannover_symposium_iic_christophenke954-1024x683.jpg 1024w, https:\/\/visualjournalism.de\/wp-content\/uploads\/hochschule_hannover_symposium_iic_christophenke954-768x512.jpg 768w, https:\/\/visualjournalism.de\/wp-content\/uploads\/hochschule_hannover_symposium_iic_christophenke954-1536x1024.jpg 1536w, https:\/\/visualjournalism.de\/wp-content\/uploads\/hochschule_hannover_symposium_iic_christophenke954-1050x700.jpg 1050w, https:\/\/visualjournalism.de\/wp-content\/uploads\/hochschule_hannover_symposium_iic_christophenke954-670x447.jpg 670w, https:\/\/visualjournalism.de\/wp-content\/uploads\/hochschule_hannover_symposium_iic_christophenke954-420x280.jpg 420w, https:\/\/visualjournalism.de\/wp-content\/uploads\/hochschule_hannover_symposium_iic_christophenke954-350x233.jpg 350w, https:\/\/visualjournalism.de\/wp-content\/uploads\/hochschule_hannover_symposium_iic_christophenke954.jpg 1600w\" \n                                width=\"1400\"  \n                                height=\"934\" \n                                alt=\"\"  \n                            \/>\n\n                                                            <span class=\"post__image__title\">Deutschland (GER), Niedersachsen, Hannover, 17.05.2017 &#8211; Symposium Images in Conflict \r\rDona Abboud spricht w\u00e4hrend des Symposiums.\r\rFOTO: CHRISTOPH ENKE \/ HS HANNOVER\r\rDieses Foto darf im Zusammenhang mit der Berichterstattung u\u0308ber das Symposium Images in Conflict bis zum 31.12.2017 honorarfrei vero\u0308ffentlicht werden. Jede andere Nutzung ist honorarpflichtig gem\u00e4\u00df aktueller MFM-Liste und muss vor der Vero\u0308ffentlichung mit dem Bildautor abgestimmt werden.<\/span>\n                            \n                        <\/div><!-- post__image__container -->\n\n                        \n                    <\/figure>\n                \n                        \n\n                    <figure class=\"block-photo post__image--full with-title splide__slide\">\n\n                        <div class=\"post__image__container\">\n                            <img loading=\"lazy\" decoding=\"async\"\n                                class=\"slide__image\"\n                                src=\"https:\/\/visualjournalism.de\/wp-content\/uploads\/hochschule_hannover_symposium_iic_christophenke922-1400x934.jpg\" \n                                srcset=\"https:\/\/visualjournalism.de\/wp-content\/uploads\/hochschule_hannover_symposium_iic_christophenke922-1400x934.jpg 1400w, https:\/\/visualjournalism.de\/wp-content\/uploads\/hochschule_hannover_symposium_iic_christophenke922-300x200.jpg 300w, https:\/\/visualjournalism.de\/wp-content\/uploads\/hochschule_hannover_symposium_iic_christophenke922-1024x683.jpg 1024w, https:\/\/visualjournalism.de\/wp-content\/uploads\/hochschule_hannover_symposium_iic_christophenke922-768x512.jpg 768w, https:\/\/visualjournalism.de\/wp-content\/uploads\/hochschule_hannover_symposium_iic_christophenke922-1536x1024.jpg 1536w, https:\/\/visualjournalism.de\/wp-content\/uploads\/hochschule_hannover_symposium_iic_christophenke922-1050x700.jpg 1050w, https:\/\/visualjournalism.de\/wp-content\/uploads\/hochschule_hannover_symposium_iic_christophenke922-670x447.jpg 670w, https:\/\/visualjournalism.de\/wp-content\/uploads\/hochschule_hannover_symposium_iic_christophenke922-420x280.jpg 420w, https:\/\/visualjournalism.de\/wp-content\/uploads\/hochschule_hannover_symposium_iic_christophenke922-350x233.jpg 350w, https:\/\/visualjournalism.de\/wp-content\/uploads\/hochschule_hannover_symposium_iic_christophenke922.jpg 1600w\" \n                                width=\"1400\"  \n                                height=\"934\" \n                                alt=\"\"  \n                            \/>\n\n                                                            <span class=\"post__image__title\">Deutschland (GER), Niedersachsen, Hannover, 17.05.2017 &#8211; Symposium Images in Conflict \r\rFelix Koltermann\r\rFOTO: CHRISTOPH ENKE \/ HS HANNOVER\r\rDieses Foto darf im Zusammenhang mit der Berichterstattung u\u0308ber das Symposium Images in Conflict bis zum 31.12.2017 honorarfrei vero\u0308ffentlicht werden. Jede andere Nutzung ist honorarpflichtig gem\u00e4\u00df aktueller MFM-Liste und muss vor der Vero\u0308ffentlichung mit dem Bildautor abgestimmt werden.<\/span>\n                            \n                        <\/div><!-- post__image__container -->\n\n                        \n                    <\/figure>\n                \n                       \n\n        <\/div>\n    <\/div>\n    \n    \n        <div class=\"slider__navigation\">\n            <div class=\"slide__count\"><\/div>\n        <\/div><!-- .slider__navigation -->\n\n        <div class=\"splide__arrows gallery-slider__arrows\">\n\n            <button class=\"splide__arrow splide__arrow--prev gallery-slider__arrow\">\n                <svg xmlns=\"http:\/\/www.w3.org\/2000\/svg\" width=\"7\" height=\"11\" viewBox=\"0 0 7 11\" fill=\"none\">\n                <rect width=\"7.3498\" height=\"1.15101\" transform=\"matrix(-0.716725 -0.697356 -0.716725 0.697356 6.60693 10.1616)\"\/>\n                <rect width=\"7.70647\" height=\"1.15101\" transform=\"matrix(-0.716725 0.697356 0.716725 0.697356 6.02393 0.513184)\"\/>\n                <\/svg>\n            <\/button>\n\n            <button class=\"splide__arrow splide__arrow--next gallery-slider__arrow\">\n                <svg xmlns=\"http:\/\/www.w3.org\/2000\/svg\" width=\"7\" height=\"12\" viewBox=\"0 0 7 12\" fill=\"none\">\n                <rect width=\"7.34981\" height=\"1.15101\" transform=\"matrix(0.697355 -0.716726 0.697355 0.716726 0.80957 10.4229)\"\/>\n                <rect width=\"7.70648\" height=\"1.15101\" transform=\"matrix(0.697355 0.716726 -0.697355 0.716726 1.37695 0.506348)\"\/>\n                <\/svg>\n            <\/button>\n\n        <\/div><!-- .splide__arrows -->\n\n    \n<\/div><!-- .splide -->\n\n\n\n\n<\/div>\n<\/div>\n\n\n<div class=\"devider has-spacing--m\">\n    <hr>\n<\/div>\n\n\n    <div class=\"team has-spacing--xs\">\n\n        <h2>Vortragende<\/h2>\n                    <span>\n\n                <a href=\"https:\/\/visualjournalism.de\/dona-abboud\/\">\n                    <figure class=\"info-item__image\">\n                        <img loading=\"lazy\" decoding=\"async\" width=\"52\" height=\"52\" src=\"https:\/\/visualjournalism.de\/wp-content\/uploads\/dona_abboud_1zu1-52x52.jpg\" class=\"attachment-image-portrait size-image-portrait\" alt=\"\" srcset=\"https:\/\/visualjournalism.de\/wp-content\/uploads\/dona_abboud_1zu1-52x52.jpg 52w, https:\/\/visualjournalism.de\/wp-content\/uploads\/dona_abboud_1zu1-300x300.jpg 300w, https:\/\/visualjournalism.de\/wp-content\/uploads\/dona_abboud_1zu1-150x150.jpg 150w, https:\/\/visualjournalism.de\/wp-content\/uploads\/dona_abboud_1zu1-420x420.jpg 420w, https:\/\/visualjournalism.de\/wp-content\/uploads\/dona_abboud_1zu1-350x350.jpg 350w, https:\/\/visualjournalism.de\/wp-content\/uploads\/dona_abboud_1zu1-68x68.jpg 68w, https:\/\/visualjournalism.de\/wp-content\/uploads\/dona_abboud_1zu1-96x96.jpg 96w, https:\/\/visualjournalism.de\/wp-content\/uploads\/dona_abboud_1zu1.jpg 500w\" sizes=\"auto, (max-width: 52px) 100vw, 52px\" \/>                    <\/figure>\n\n                Dona Abboud<\/a>\n            <\/span>\n\n                    <span>\n\n                <a href=\"https:\/\/visualjournalism.de\/dr-vera-brandner\/\">\n                    <figure class=\"info-item__image\">\n                        <img loading=\"lazy\" decoding=\"async\" width=\"52\" height=\"52\" src=\"https:\/\/visualjournalism.de\/wp-content\/uploads\/vera_brandner_1zu1-52x52.jpg\" class=\"attachment-image-portrait size-image-portrait\" alt=\"\" srcset=\"https:\/\/visualjournalism.de\/wp-content\/uploads\/vera_brandner_1zu1-52x52.jpg 52w, https:\/\/visualjournalism.de\/wp-content\/uploads\/vera_brandner_1zu1-300x300.jpg 300w, https:\/\/visualjournalism.de\/wp-content\/uploads\/vera_brandner_1zu1-150x150.jpg 150w, https:\/\/visualjournalism.de\/wp-content\/uploads\/vera_brandner_1zu1-420x420.jpg 420w, https:\/\/visualjournalism.de\/wp-content\/uploads\/vera_brandner_1zu1-350x350.jpg 350w, https:\/\/visualjournalism.de\/wp-content\/uploads\/vera_brandner_1zu1-68x68.jpg 68w, https:\/\/visualjournalism.de\/wp-content\/uploads\/vera_brandner_1zu1-96x96.jpg 96w, https:\/\/visualjournalism.de\/wp-content\/uploads\/vera_brandner_1zu1.jpg 500w\" sizes=\"auto, (max-width: 52px) 100vw, 52px\" \/>                    <\/figure>\n\n                Dr. Vera Brandner<\/a>\n            <\/span>\n\n                    <span>\n\n                <a href=\"https:\/\/visualjournalism.de\/broomberg-chanarin\/\">\n                    <figure class=\"info-item__image\">\n                        <img loading=\"lazy\" decoding=\"async\" width=\"52\" height=\"52\" src=\"https:\/\/visualjournalism.de\/wp-content\/uploads\/Broomberg-Chanarin-1zu1-52x52.jpg\" class=\"attachment-image-portrait size-image-portrait\" alt=\"\" srcset=\"https:\/\/visualjournalism.de\/wp-content\/uploads\/Broomberg-Chanarin-1zu1-52x52.jpg 52w, https:\/\/visualjournalism.de\/wp-content\/uploads\/Broomberg-Chanarin-1zu1-300x300.jpg 300w, https:\/\/visualjournalism.de\/wp-content\/uploads\/Broomberg-Chanarin-1zu1-150x150.jpg 150w, https:\/\/visualjournalism.de\/wp-content\/uploads\/Broomberg-Chanarin-1zu1-420x420.jpg 420w, https:\/\/visualjournalism.de\/wp-content\/uploads\/Broomberg-Chanarin-1zu1-350x350.jpg 350w, https:\/\/visualjournalism.de\/wp-content\/uploads\/Broomberg-Chanarin-1zu1-68x68.jpg 68w, https:\/\/visualjournalism.de\/wp-content\/uploads\/Broomberg-Chanarin-1zu1-96x96.jpg 96w, https:\/\/visualjournalism.de\/wp-content\/uploads\/Broomberg-Chanarin-1zu1.jpg 500w\" sizes=\"auto, (max-width: 52px) 100vw, 52px\" \/>                    <\/figure>\n\n                Adam Broomberg and Oliver Chanarin<\/a>\n            <\/span>\n\n                    <span>\n\n                <a href=\"https:\/\/visualjournalism.de\/emma-daly\/\">\n                    <figure class=\"info-item__image\">\n                        <img loading=\"lazy\" decoding=\"async\" width=\"52\" height=\"52\" src=\"https:\/\/visualjournalism.de\/wp-content\/uploads\/emma_daly-1zu1-52x52.jpg\" class=\"attachment-image-portrait size-image-portrait\" alt=\"\" srcset=\"https:\/\/visualjournalism.de\/wp-content\/uploads\/emma_daly-1zu1-52x52.jpg 52w, https:\/\/visualjournalism.de\/wp-content\/uploads\/emma_daly-1zu1-300x300.jpg 300w, https:\/\/visualjournalism.de\/wp-content\/uploads\/emma_daly-1zu1-150x150.jpg 150w, https:\/\/visualjournalism.de\/wp-content\/uploads\/emma_daly-1zu1-420x420.jpg 420w, https:\/\/visualjournalism.de\/wp-content\/uploads\/emma_daly-1zu1-350x350.jpg 350w, https:\/\/visualjournalism.de\/wp-content\/uploads\/emma_daly-1zu1-68x68.jpg 68w, https:\/\/visualjournalism.de\/wp-content\/uploads\/emma_daly-1zu1-96x96.jpg 96w, https:\/\/visualjournalism.de\/wp-content\/uploads\/emma_daly-1zu1.jpg 500w\" sizes=\"auto, (max-width: 52px) 100vw, 52px\" \/>                    <\/figure>\n\n                Emma Daly<\/a>\n            <\/span>\n\n                    <span>\n\n                <a href=\"https:\/\/visualjournalism.de\/prof-dr-ursula-frohne\/\">\n                    <figure class=\"info-item__image\">\n                        <img loading=\"lazy\" decoding=\"async\" width=\"52\" height=\"52\" src=\"https:\/\/visualjournalism.de\/wp-content\/uploads\/ursula_frohne_1zu1-52x52.jpg\" class=\"attachment-image-portrait size-image-portrait\" alt=\"\" srcset=\"https:\/\/visualjournalism.de\/wp-content\/uploads\/ursula_frohne_1zu1-52x52.jpg 52w, https:\/\/visualjournalism.de\/wp-content\/uploads\/ursula_frohne_1zu1-300x300.jpg 300w, https:\/\/visualjournalism.de\/wp-content\/uploads\/ursula_frohne_1zu1-150x150.jpg 150w, https:\/\/visualjournalism.de\/wp-content\/uploads\/ursula_frohne_1zu1-420x420.jpg 420w, https:\/\/visualjournalism.de\/wp-content\/uploads\/ursula_frohne_1zu1-350x350.jpg 350w, https:\/\/visualjournalism.de\/wp-content\/uploads\/ursula_frohne_1zu1-68x68.jpg 68w, https:\/\/visualjournalism.de\/wp-content\/uploads\/ursula_frohne_1zu1-96x96.jpg 96w, https:\/\/visualjournalism.de\/wp-content\/uploads\/ursula_frohne_1zu1.jpg 486w\" sizes=\"auto, (max-width: 52px) 100vw, 52px\" \/>                    <\/figure>\n\n                Prof. Dr. Ursula Frohne<\/a>\n            <\/span>\n\n                    <span>\n\n                <a href=\"https:\/\/visualjournalism.de\/tony-hicks\/\">\n                    <figure class=\"info-item__image\">\n                        <img loading=\"lazy\" decoding=\"async\" width=\"52\" height=\"52\" src=\"https:\/\/visualjournalism.de\/wp-content\/uploads\/tony_hicks_1zu1-52x52.jpg\" class=\"attachment-image-portrait size-image-portrait\" alt=\"\" srcset=\"https:\/\/visualjournalism.de\/wp-content\/uploads\/tony_hicks_1zu1-52x52.jpg 52w, https:\/\/visualjournalism.de\/wp-content\/uploads\/tony_hicks_1zu1-300x300.jpg 300w, https:\/\/visualjournalism.de\/wp-content\/uploads\/tony_hicks_1zu1-150x150.jpg 150w, https:\/\/visualjournalism.de\/wp-content\/uploads\/tony_hicks_1zu1-420x420.jpg 420w, https:\/\/visualjournalism.de\/wp-content\/uploads\/tony_hicks_1zu1-350x350.jpg 350w, https:\/\/visualjournalism.de\/wp-content\/uploads\/tony_hicks_1zu1-68x68.jpg 68w, https:\/\/visualjournalism.de\/wp-content\/uploads\/tony_hicks_1zu1-96x96.jpg 96w, https:\/\/visualjournalism.de\/wp-content\/uploads\/tony_hicks_1zu1.jpg 500w\" sizes=\"auto, (max-width: 52px) 100vw, 52px\" \/>                    <\/figure>\n\n                Tony Hicks<\/a>\n            <\/span>\n\n                    <span>\n\n                <a href=\"https:\/\/visualjournalism.de\/geert-van-kesteren\/\">\n                    <figure class=\"info-item__image\">\n                        <img loading=\"lazy\" decoding=\"async\" width=\"52\" height=\"52\" src=\"https:\/\/visualjournalism.de\/wp-content\/uploads\/geert_van_kesteren-1zu1-52x52.jpg\" class=\"attachment-image-portrait size-image-portrait\" alt=\"\" srcset=\"https:\/\/visualjournalism.de\/wp-content\/uploads\/geert_van_kesteren-1zu1-52x52.jpg 52w, https:\/\/visualjournalism.de\/wp-content\/uploads\/geert_van_kesteren-1zu1-300x300.jpg 300w, https:\/\/visualjournalism.de\/wp-content\/uploads\/geert_van_kesteren-1zu1-150x150.jpg 150w, https:\/\/visualjournalism.de\/wp-content\/uploads\/geert_van_kesteren-1zu1-420x420.jpg 420w, https:\/\/visualjournalism.de\/wp-content\/uploads\/geert_van_kesteren-1zu1-350x350.jpg 350w, https:\/\/visualjournalism.de\/wp-content\/uploads\/geert_van_kesteren-1zu1-68x68.jpg 68w, https:\/\/visualjournalism.de\/wp-content\/uploads\/geert_van_kesteren-1zu1-96x96.jpg 96w, https:\/\/visualjournalism.de\/wp-content\/uploads\/geert_van_kesteren-1zu1.jpg 500w\" sizes=\"auto, (max-width: 52px) 100vw, 52px\" \/>                    <\/figure>\n\n                Geert van Kesteren<\/a>\n            <\/span>\n\n                    <span>\n\n                <a href=\"https:\/\/visualjournalism.de\/stephen-mayes\/\">\n                    <figure class=\"info-item__image\">\n                        <img loading=\"lazy\" decoding=\"async\" width=\"52\" height=\"52\" src=\"https:\/\/visualjournalism.de\/wp-content\/uploads\/mayes_copyright_trea-van-drunen_500x500_acf_cropped_1-52x52.jpg\" class=\"attachment-image-portrait size-image-portrait\" alt=\"\" srcset=\"https:\/\/visualjournalism.de\/wp-content\/uploads\/mayes_copyright_trea-van-drunen_500x500_acf_cropped_1-52x52.jpg 52w, https:\/\/visualjournalism.de\/wp-content\/uploads\/mayes_copyright_trea-van-drunen_500x500_acf_cropped_1-300x300.jpg 300w, https:\/\/visualjournalism.de\/wp-content\/uploads\/mayes_copyright_trea-van-drunen_500x500_acf_cropped_1-150x150.jpg 150w, https:\/\/visualjournalism.de\/wp-content\/uploads\/mayes_copyright_trea-van-drunen_500x500_acf_cropped_1-350x350.jpg 350w, https:\/\/visualjournalism.de\/wp-content\/uploads\/mayes_copyright_trea-van-drunen_500x500_acf_cropped_1-68x68.jpg 68w, https:\/\/visualjournalism.de\/wp-content\/uploads\/mayes_copyright_trea-van-drunen_500x500_acf_cropped_1-96x96.jpg 96w, https:\/\/visualjournalism.de\/wp-content\/uploads\/mayes_copyright_trea-van-drunen_500x500_acf_cropped_1.jpg 414w\" sizes=\"auto, (max-width: 52px) 100vw, 52px\" \/>                    <\/figure>\n\n                Stephen Mayes<\/a>\n            <\/span>\n\n                    <span>\n\n                <a href=\"https:\/\/visualjournalism.de\/prof-dr-rolf-f-nohr\/\">\n                    <figure class=\"info-item__image\">\n                        <img loading=\"lazy\" decoding=\"async\" width=\"52\" height=\"52\" src=\"https:\/\/visualjournalism.de\/wp-content\/uploads\/rolf_f_nohr_1zu1-52x52.jpg\" class=\"attachment-image-portrait size-image-portrait\" alt=\"\" srcset=\"https:\/\/visualjournalism.de\/wp-content\/uploads\/rolf_f_nohr_1zu1-52x52.jpg 52w, https:\/\/visualjournalism.de\/wp-content\/uploads\/rolf_f_nohr_1zu1-300x300.jpg 300w, https:\/\/visualjournalism.de\/wp-content\/uploads\/rolf_f_nohr_1zu1-150x150.jpg 150w, https:\/\/visualjournalism.de\/wp-content\/uploads\/rolf_f_nohr_1zu1-420x420.jpg 420w, https:\/\/visualjournalism.de\/wp-content\/uploads\/rolf_f_nohr_1zu1-350x350.jpg 350w, https:\/\/visualjournalism.de\/wp-content\/uploads\/rolf_f_nohr_1zu1-68x68.jpg 68w, https:\/\/visualjournalism.de\/wp-content\/uploads\/rolf_f_nohr_1zu1-96x96.jpg 96w, https:\/\/visualjournalism.de\/wp-content\/uploads\/rolf_f_nohr_1zu1.jpg 500w\" sizes=\"auto, (max-width: 52px) 100vw, 52px\" \/>                    <\/figure>\n\n                Prof. Dr. Rolf F. Nohr<\/a>\n            <\/span>\n\n                    <span>\n\n                <a href=\"https:\/\/visualjournalism.de\/armin-smailovic\/\">\n                    <figure class=\"info-item__image\">\n                        <img loading=\"lazy\" decoding=\"async\" width=\"52\" height=\"52\" src=\"https:\/\/visualjournalism.de\/wp-content\/uploads\/Armin-Smailovic-1zu1-52x52.jpg\" class=\"attachment-image-portrait size-image-portrait\" alt=\"\" srcset=\"https:\/\/visualjournalism.de\/wp-content\/uploads\/Armin-Smailovic-1zu1-52x52.jpg 52w, https:\/\/visualjournalism.de\/wp-content\/uploads\/Armin-Smailovic-1zu1-300x300.jpg 300w, https:\/\/visualjournalism.de\/wp-content\/uploads\/Armin-Smailovic-1zu1-150x150.jpg 150w, https:\/\/visualjournalism.de\/wp-content\/uploads\/Armin-Smailovic-1zu1-420x420.jpg 420w, https:\/\/visualjournalism.de\/wp-content\/uploads\/Armin-Smailovic-1zu1-350x350.jpg 350w, https:\/\/visualjournalism.de\/wp-content\/uploads\/Armin-Smailovic-1zu1-68x68.jpg 68w, https:\/\/visualjournalism.de\/wp-content\/uploads\/Armin-Smailovic-1zu1-96x96.jpg 96w, https:\/\/visualjournalism.de\/wp-content\/uploads\/Armin-Smailovic-1zu1.jpg 500w\" sizes=\"auto, (max-width: 52px) 100vw, 52px\" \/>                    <\/figure>\n\n                Armin Smailovic<\/a>\n            <\/span>\n\n                    <span>\n\n                <a href=\"https:\/\/visualjournalism.de\/donovan-wylie\/\">\n                    <figure class=\"info-item__image\">\n                        <img loading=\"lazy\" decoding=\"async\" width=\"52\" height=\"52\" src=\"https:\/\/visualjournalism.de\/wp-content\/uploads\/donovan_wylie_1zu1-52x52.jpg\" class=\"attachment-image-portrait size-image-portrait\" alt=\"\" srcset=\"https:\/\/visualjournalism.de\/wp-content\/uploads\/donovan_wylie_1zu1-52x52.jpg 52w, https:\/\/visualjournalism.de\/wp-content\/uploads\/donovan_wylie_1zu1-300x300.jpg 300w, https:\/\/visualjournalism.de\/wp-content\/uploads\/donovan_wylie_1zu1-150x150.jpg 150w, https:\/\/visualjournalism.de\/wp-content\/uploads\/donovan_wylie_1zu1-420x420.jpg 420w, https:\/\/visualjournalism.de\/wp-content\/uploads\/donovan_wylie_1zu1-350x350.jpg 350w, https:\/\/visualjournalism.de\/wp-content\/uploads\/donovan_wylie_1zu1-68x68.jpg 68w, https:\/\/visualjournalism.de\/wp-content\/uploads\/donovan_wylie_1zu1-96x96.jpg 96w, https:\/\/visualjournalism.de\/wp-content\/uploads\/donovan_wylie_1zu1.jpg 500w\" sizes=\"auto, (max-width: 52px) 100vw, 52px\" \/>                    <\/figure>\n\n                Donovan Wylie<\/a>\n            <\/span>\n\n        \n    <\/div>\n\n\n\n\n<p class=\"post__paragraph has-spacing--default\"><\/p>\n\n\n\n    <div class=\"btn-wrapper has-spacing--m\">\n        <a class=\"btn\" href=\"https:\/\/visualjournalism.de\/image-matters\/images-in-conflict\/iic-experts\/\" target=\"_self\">Alle Beitragenden anzeigen<\/a>\n    <\/div>\n<\/div>\n\n\n\n<div class=\"wp-block-group has-spacing--default\">\n    <div class=\"headline-block has-spacing--m\">\n\n        <h2 class=\"post__headline has-subheadline\">Ausstellung<\/h2>\n\n                    <h3 class=\"post__subheadline\">\u2013 Images in Conflict \/ Bilder im Konflikt<\/h3>\n        \n    <\/div>\n\n    \n\n\n\n \n\n<div class=\"photo-grid grid-layout--3col has-spacing--s\">\n\n            \n\n            <div class=\"photo-grid__image\">\n\n                <figure>\n\n                    <img loading=\"lazy\" decoding=\"async\"  \n                        src=\"https:\/\/visualjournalism.de\/wp-content\/uploads\/02_t06bz_manhartsberger_austellungsansicht-gaf-2-768x512.jpg\" \n                        srcset=\"https:\/\/visualjournalism.de\/wp-content\/uploads\/02_t06bz_manhartsberger_austellungsansicht-gaf-2-768x512.jpg 768w, https:\/\/visualjournalism.de\/wp-content\/uploads\/02_t06bz_manhartsberger_austellungsansicht-gaf-2-300x200.jpg 300w, https:\/\/visualjournalism.de\/wp-content\/uploads\/02_t06bz_manhartsberger_austellungsansicht-gaf-2-1024x682.jpg 1024w, https:\/\/visualjournalism.de\/wp-content\/uploads\/02_t06bz_manhartsberger_austellungsansicht-gaf-2-1536x1024.jpg 1536w, https:\/\/visualjournalism.de\/wp-content\/uploads\/02_t06bz_manhartsberger_austellungsansicht-gaf-2-1920x1280.jpg 1920w, https:\/\/visualjournalism.de\/wp-content\/uploads\/02_t06bz_manhartsberger_austellungsansicht-gaf-2-1400x933.jpg 1400w, https:\/\/visualjournalism.de\/wp-content\/uploads\/02_t06bz_manhartsberger_austellungsansicht-gaf-2-1050x700.jpg 1050w, https:\/\/visualjournalism.de\/wp-content\/uploads\/02_t06bz_manhartsberger_austellungsansicht-gaf-2-670x447.jpg 670w, https:\/\/visualjournalism.de\/wp-content\/uploads\/02_t06bz_manhartsberger_austellungsansicht-gaf-2-420x280.jpg 420w, https:\/\/visualjournalism.de\/wp-content\/uploads\/02_t06bz_manhartsberger_austellungsansicht-gaf-2-350x233.jpg 350w, https:\/\/visualjournalism.de\/wp-content\/uploads\/02_t06bz_manhartsberger_austellungsansicht-gaf-2-150x100.jpg 150w, https:\/\/visualjournalism.de\/wp-content\/uploads\/02_t06bz_manhartsberger_austellungsansicht-gaf-2.jpg 2000w\" \n                        width=\"768\"  \n                        height=\"512\" \n                        alt=\"\"  \n                    \/>\n\n                                            <span class=\"photo-grid__image__title\">Foto: Helena Manhartsberger<\/span>\n                    \n                    \n                <\/figure>\n\n            <\/div><!-- photo-grid__image -->    \n\n\n            \n\n                    \n                \n\n            <div class=\"photo-grid__image\">\n\n                <figure>\n\n                    <img loading=\"lazy\" decoding=\"async\"  \n                        src=\"https:\/\/visualjournalism.de\/wp-content\/uploads\/1mg6170-768x512.jpg\" \n                        srcset=\"https:\/\/visualjournalism.de\/wp-content\/uploads\/1mg6170-768x512.jpg 768w, https:\/\/visualjournalism.de\/wp-content\/uploads\/1mg6170-300x200.jpg 300w, https:\/\/visualjournalism.de\/wp-content\/uploads\/1mg6170-1024x683.jpg 1024w, https:\/\/visualjournalism.de\/wp-content\/uploads\/1mg6170-1536x1024.jpg 1536w, https:\/\/visualjournalism.de\/wp-content\/uploads\/1mg6170-1400x934.jpg 1400w, https:\/\/visualjournalism.de\/wp-content\/uploads\/1mg6170-1050x700.jpg 1050w, https:\/\/visualjournalism.de\/wp-content\/uploads\/1mg6170-670x447.jpg 670w, https:\/\/visualjournalism.de\/wp-content\/uploads\/1mg6170-420x280.jpg 420w, https:\/\/visualjournalism.de\/wp-content\/uploads\/1mg6170-350x233.jpg 350w, https:\/\/visualjournalism.de\/wp-content\/uploads\/1mg6170-150x100.jpg 150w, https:\/\/visualjournalism.de\/wp-content\/uploads\/1mg6170.jpg 1600w\" \n                        width=\"768\"  \n                        height=\"512\" \n                        alt=\"\"  \n                    \/>\n\n                                            <span class=\"photo-grid__image__title\">Deutschland (GER), Niedersachsen, Hannover, 17.05.2017 &#8211; Galerie f\u00fcr Fotografie &#8211; Vernissage Images in Conflict\r\rG\u00e4ste besuchen die Ausstellung w\u00e4hrend der Er\u00f6ffnung.\r\rFOTO: MARVIN IBO G\u00dcNG\u00d6R \/ HS HANNOVER\r\rDieses Foto darf im Zusammenhang mit der Berichterstattung u\u0308ber das Symposium Images in Conflict bis zum 31.12.2017 honorarfrei vero\u0308ffentlicht werden. Jede andere Nutzung ist honorarpflichtig gem\u00e4\u00df aktueller MFM-Liste und muss vor der Vero\u0308ffentlichung mit dem Bildautor abgestimmt werden.<\/span>\n                    \n                    \n                <\/figure>\n\n            <\/div><!-- photo-grid__image -->    \n\n\n            \n\n                    \n                \n\n            <div class=\"photo-grid__image\">\n\n                <figure>\n\n                    <img loading=\"lazy\" decoding=\"async\"  \n                        src=\"https:\/\/visualjournalism.de\/wp-content\/uploads\/1mg5957-1500x1000-1-768x512.jpg\" \n                        srcset=\"https:\/\/visualjournalism.de\/wp-content\/uploads\/1mg5957-1500x1000-1-768x512.jpg 768w, https:\/\/visualjournalism.de\/wp-content\/uploads\/1mg5957-1500x1000-1-300x200.jpg 300w, https:\/\/visualjournalism.de\/wp-content\/uploads\/1mg5957-1500x1000-1-1024x683.jpg 1024w, https:\/\/visualjournalism.de\/wp-content\/uploads\/1mg5957-1500x1000-1-1400x933.jpg 1400w, https:\/\/visualjournalism.de\/wp-content\/uploads\/1mg5957-1500x1000-1-1050x700.jpg 1050w, https:\/\/visualjournalism.de\/wp-content\/uploads\/1mg5957-1500x1000-1-670x447.jpg 670w, https:\/\/visualjournalism.de\/wp-content\/uploads\/1mg5957-1500x1000-1-420x280.jpg 420w, https:\/\/visualjournalism.de\/wp-content\/uploads\/1mg5957-1500x1000-1-350x233.jpg 350w, https:\/\/visualjournalism.de\/wp-content\/uploads\/1mg5957-1500x1000-1-150x100.jpg 150w, https:\/\/visualjournalism.de\/wp-content\/uploads\/1mg5957-1500x1000-1.jpg 1500w\" \n                        width=\"768\"  \n                        height=\"512\" \n                        alt=\"\"  \n                    \/>\n\n                                            <span class=\"photo-grid__image__title\">Deutschland (GER), Niedersachsen, Hannover, 17.05.2017 &#8211; Galerie f\u00fcr Fotografie &#8211; Vernissage Images in Conflict\r\rG\u00e4ste besuchen die Ausstellung.\r\rFOTO: MARVIN IBO G\u00dcNG\u00d6R \/ HS HANNOVER\r\rDieses Foto darf im Zusammenhang mit der Berichterstattung u\u0308ber das Symposium Images in Conflict bis zum 31.12.2017 honorarfrei vero\u0308ffentlicht werden. Jede andere Nutzung ist honorarpflichtig gem\u00e4\u00df aktueller MFM-Liste und muss vor der Vero\u0308ffentlichung mit dem Bildautor abgestimmt werden.<\/span>\n                    \n                    \n                <\/figure>\n\n            <\/div><!-- photo-grid__image -->    \n\n\n            \n\n            \n<\/div>\n\n\n<div class=\"pinned-block has-spacing--m\">\n\t\n\n<div class=\"pinned-block__column--left\">\n    \n\n<p class=\"post__paragraph is-style-typo--soehne has-spacing--default\"><strong>Wir leben in einer visuell gepr\u00e4gten Kultur.<\/strong> Fotografische und filmische Bilder informieren und beeinflussen uns; sie formen unseren Blick auf die Welt und unser Verst\u00e4ndnis von Krisen und Konflikten. Doch Bilder stehen auch im Widerspruch zueinander. Sie erreichen uns \u00fcber verschiedene Kan\u00e4le und vermitteln disparate Botschaften. Wir zweifeln an ihrer Echtheit und hinterfragen ihre Wirksamkeit.<br> Wie l\u00e4sst sich in unserer medialisierten Welt auf Kriege und Konflikte blicken? Wie kann Wahrheit aus den verschiedenen Perspektiven der beteiligten Akteure sichtbar gemacht werden? Wie m\u00fcssen die \u00abBildermacher\u00bb dieser Tage erz\u00e4hlen, um eine \u00d6ffentlichkeit zu erreichen?<br> Die Ausstellung \u00abImages in Conflict\u00bb betrachtete diese Fragen aus der Sicht zeitgen\u00f6ssischer Fotograf*innen und K\u00fcnstler*innen, die nach Formen der Auseinandersetzung jenseits der aktuellen Berichterstattung suchen. In ihren Arbeiten nehmen sie die sich wandelnden Funktionen von fotografischen und filmischen Bildern in Krisen- und Konfliktsituationen in den Blick und thematisieren die Rolle der Medien in den verschiedenen Bereichen der Kriegsf\u00fchrung.<\/p>\n\n\n<\/div>\n\n\n<div class=\"pinned-block__column--right\">\n    \n\n<p class=\"post__paragraph is-style-typo--soehne has-spacing--default\"><strong>Mit Beitr\u00e4gen von <\/strong><\/p>\n\n\n\n \n\n    <div id=\"accordion-block_b6551777772456b76cea5bb646b19bb2\" class=\"accordion has-spacing--m initial--open\">\n        <div class=\"accordion__title is-open\">\n            <h5>Edmund Clark <\/h5>\n            <span><\/span>\n        <\/div>\n\n        <div class=\"accordion__text\">\n         <p>Der britische Fotograf \u00a0<a href=\"https:\/\/visualjournalism.de\/en\/edmund-clark\/\">Edmund Clark<\/a> untersucht die visuelle Sprache des globalen \u00abKrieges gegen den Terrorismus\u00bb. Er verdeutlicht, wie die Konflikte und Krisen unserer Zeit in unser Bildged\u00e4chtnis eingebrannt sind und wie durch Prozesse der Zensur und Machtaus\u00fcbung im US-Gefangenenlager Guant\u00e1namo ganz neues Bildmaterial entsteht.<\/p>\n<p>mehr dazu im <a href=\"https:\/\/visualjournalism.de\/en\/edmund-clark\/#abstract\">Abstract<\/a><\/p>\n        <\/div>\n    <\/div>\n\n\n\n\n \n\n    <div id=\"accordion-block_216720cbb919dddd34ce780c3f93de6f\" class=\"accordion has-spacing--m\">\n        <div class=\"accordion__title\">\n            <h5>Christoph Bangert<\/h5>\n            <span><\/span>\n        <\/div>\n\n        <div class=\"accordion__text\">\n         <p>Fragen nach journalistischen Auswahlprozessen, die bei Fotograf*innen, Bildagenturen und Redaktionen erfolgen, kommen in der Arbeit \u00abWar Porn\u00bb von <a href=\"https:\/\/visualjournalism.de\/christoph-bangert\/\">Christoph Bangert<\/a> zum Tragen. Seine expliziten Aufnahmen zeigen die sonst unsichtbare Seite des Krieges und thematisieren den Konflikt zwischen Zeigen und Wegsehen, den die brutale Kriegsrealit\u00e4t hervorruft.<\/p>\n<p>mehr dazu im <a href=\"https:\/\/visualjournalism.de\/christoph-bangert\/#abstract\">Abstract<\/a><\/p>\n        <\/div>\n    <\/div>\n\n\n\n\n \n\n    <div id=\"accordion-block_66a0550b4f67c1187e7460140af8ad5e\" class=\"accordion has-spacing--m\">\n        <div class=\"accordion__title\">\n            <h5>Ziyah Gafi\u0107<\/h5>\n            <span><\/span>\n        <\/div>\n\n        <div class=\"accordion__text\">\n         <p>Der schonungslosen Sichtbarkeit von \u201eWar Porn\u201c steht die n\u00fcchterne Dokumentation von Alltagsgegenst\u00e4nden in der Arbeit des bosnischen Fotojournalisten <a href=\"https:\/\/visualjournalism.de\/en\/ziyah-gafic\/\">Ziyah Gafi\u0107<\/a> gegen\u00fcber. Seit 2010 katalogisiert er die pers\u00f6nlichen Habseligkeiten, die als letzte Zeugen an die Existenz der um die 30.000 Vermissten des Bosnienkrieges erinnern und aus den Massengr\u00e4bern exhumiert wurden. Bis heute dienen diese Gegenst\u00e4nde \u2013 und Gafi\u0107s visuelles Archiv \u2013 dazu, die Toten zu identifizieren.<\/p>\n<p>mehr dazu im <a href=\"https:\/\/visualjournalism.de\/en\/ziyah-gafic\/#abstract\">Abstract<\/a><\/p>\n        <\/div>\n    <\/div>\n\n\n\n\n \n\n    <div id=\"accordion-block_dc8c0d79e69f200d239cd30d104c2363\" class=\"accordion has-spacing--m\">\n        <div class=\"accordion__title\">\n            <h5>Harun Farocki<\/h5>\n            <span><\/span>\n        <\/div>\n\n        <div class=\"accordion__text\">\n         <p>Mit Wirksamkeit und Omnipr\u00e4senz von Bildmaterial in Krisensituationen setzt sich auch der Filmemacher und K\u00fcnstler <a href=\"https:\/\/visualjournalism.de\/en\/harun-farocki\/\">Harun Farocki<\/a> auseinander. Seine Videoarbeit \u201cSerious Games\u201d beleuchtet die Verwendung von Computerspiel-Technologien zur Ausbildung amerikanischer Soldaten \u2013 sowohl zur Vorbereitung auf den Kriegseinsatz als auch zur Behandlung traumatisierender Erlebnisse.<\/p>\n<p>mehr dazu im <a href=\"https:\/\/visualjournalism.de\/en\/harun-farocki\/#abstract\">Abstract<\/a><\/p>\n        <\/div>\n    <\/div>\n\n\n\n\n \n\n    <div id=\"accordion-block_eaf476929cdfbb2639c7fbc7bb7c033a\" class=\"accordion has-spacing--m\">\n        <div class=\"accordion__title\">\n            <h5>Tim Hetherington<\/h5>\n            <span><\/span>\n        <\/div>\n\n        <div class=\"accordion__text\">\n         <p>In der eindringlichen Videoinstallation \u201cSleeping Soldiers\u201d von <a href=\"https:\/\/visualjournalism.de\/en\/tim-hetherington\/\">Tim Hetherington<\/a> werden die Widerspr\u00fcche des Kriegserlebens sicht- und sp\u00fcrbar. Intime Aufnahmen von schlafenden US-Soldaten in einem Au\u00dfenposten in Afghanistan werden mit Szenen intensiver Gefechte \u00fcberblendet. Die Verletzlichkeit der jungen M\u00e4nner steht ihrem oft gewaltt\u00e4tigen Alltag gegen\u00fcber.<\/p>\n<p>mehr dazu im <a href=\"https:\/\/visualjournalism.de\/en\/tim-hetherington\/#abstract\">Abstract<\/a><\/p>\n        <\/div>\n    <\/div>\n\n\n\n\n \n\n    <div id=\"accordion-block_b35d6bd357ce7d026e42a750e2128dfb\" class=\"accordion has-spacing--m\">\n        <div class=\"accordion__title\">\n            <h5>Dona Abboud<\/h5>\n            <span><\/span>\n        <\/div>\n\n        <div class=\"accordion__text\">\n         <p>Dass Krieg nicht gleich Krieg ist, hat auch die syrische Grafikdesignerin <a href=\"https:\/\/visualjournalism.de\/en\/dona-abboud\/\">Dona Abboud<\/a> beobachtet. F\u00fcr ihre Arbeit \u201eOutside Syria, inside Facebook\u201c sammelte sie Bilder, die Menschen aus Syrien in sozialen Netzwerken geteilt haben. Sie zeigt, wie pers\u00f6nliche und offizielle Nachrichten, das gew\u00f6hnliche Leben und der Ausnahmezustand des Krieges in den Timelines aufeinandertreffen.<\/p>\n<p>mehr dazu im <a href=\"https:\/\/visualjournalism.de\/en\/dona-abboud\/#abstract\">Abstract<\/a><\/p>\n        <\/div>\n    <\/div>\n\n\n\n\n \n\n    <div id=\"accordion-block_6c21e23d43c71fe90dd91f381881d1be\" class=\"accordion has-spacing--m\">\n        <div class=\"accordion__title\">\n            <h5>Armin Smailovic und Dirk Gieselmann<\/h5>\n            <span><\/span>\n        <\/div>\n\n        <div class=\"accordion__text\">\n         <p>Doch auch Deutschland ist im Krieg. So steht es zumindest eines sonnigen Tages in der Zeitung. Terror, Fl\u00fcchtlinge, sozialer Abstieg \u2013 wovor f\u00fcrchten sich die Menschen in einem Land, das seit \u00fcber 70 Jahren im Frieden lebt? Der Fotograf <a href=\"https:\/\/visualjournalism.de\/en\/armin-smailovic\/\">Armin Smailovic<\/a> und der Autor Dirk Gieselmann haben sich f\u00fcr ihren \u201cAtlas der Angst\u201d auf eine Reise durch ein verunsichertes Deutschland begeben.<\/p>\n<p>mehr dazu im <a href=\"https:\/\/visualjournalism.de\/en\/armin-smailovic\/#abstract\">Abstract<\/a><\/p>\n        <\/div>\n    <\/div>\n\n\n\n<\/div>\n<\/div>\n\n\n<div class=\"photo-block--slider splide has-spacing--none\" data-splide='{\"arrows\":true, \"autoplay\":false}'>\n    <div class=\"splide__track\">\n        <div class=\"splide__list\">\n\n                \n\n                    <figure class=\"block-photo post__image--full with-title splide__slide\">\n\n                        <div class=\"post__image__container\">\n                            <img loading=\"lazy\" decoding=\"async\"\n                                class=\"slide__image\"\n                                src=\"https:\/\/visualjournalism.de\/wp-content\/uploads\/2mg3247-1500x1000-1-1400x933.jpg\" \n                                srcset=\"https:\/\/visualjournalism.de\/wp-content\/uploads\/2mg3247-1500x1000-1-1400x933.jpg 1400w, https:\/\/visualjournalism.de\/wp-content\/uploads\/2mg3247-1500x1000-1-300x200.jpg 300w, https:\/\/visualjournalism.de\/wp-content\/uploads\/2mg3247-1500x1000-1-1024x683.jpg 1024w, https:\/\/visualjournalism.de\/wp-content\/uploads\/2mg3247-1500x1000-1-768x512.jpg 768w, https:\/\/visualjournalism.de\/wp-content\/uploads\/2mg3247-1500x1000-1-1050x700.jpg 1050w, https:\/\/visualjournalism.de\/wp-content\/uploads\/2mg3247-1500x1000-1-670x447.jpg 670w, https:\/\/visualjournalism.de\/wp-content\/uploads\/2mg3247-1500x1000-1-420x280.jpg 420w, https:\/\/visualjournalism.de\/wp-content\/uploads\/2mg3247-1500x1000-1-350x233.jpg 350w, https:\/\/visualjournalism.de\/wp-content\/uploads\/2mg3247-1500x1000-1-150x100.jpg 150w, https:\/\/visualjournalism.de\/wp-content\/uploads\/2mg3247-1500x1000-1.jpg 1500w\" \n                                width=\"1400\"  \n                                height=\"933\" \n                                alt=\"\"  \n                            \/>\n\n                                                            <span class=\"post__image__title\">Deutschland (GER), Niedersachsen, Hannover, 17.05.2017 &#8211; Galerie f\u00fcr Fotografie &#8211; Vernissage Images in Conflict\r\rG\u00e4ste besuchen die Ausstellung w\u00e4hrend der Er\u00f6ffnung.\r\rFOTO: MARVIN IBO G\u00dcNG\u00d6R \/ HS HANNOVER\r\rDieses Foto darf im Zusammenhang mit der Berichterstattung u\u0308ber das Symposium Images in Conflict bis zum 31.12.2017 honorarfrei vero\u0308ffentlicht werden. Jede andere Nutzung ist honorarpflichtig gem\u00e4\u00df aktueller MFM-Liste und muss vor der Vero\u0308ffentlichung mit dem Bildautor abgestimmt werden.<\/span>\n                            \n                        <\/div><!-- post__image__container -->\n\n                        \n                    <\/figure>\n                \n                        \n\n                    <figure class=\"block-photo post__image--full with-title splide__slide\">\n\n                        <div class=\"post__image__container\">\n                            <img loading=\"lazy\" decoding=\"async\"\n                                class=\"slide__image\"\n                                src=\"https:\/\/visualjournalism.de\/wp-content\/uploads\/2mg3259-1500x1000-1-1400x933.jpg\" \n                                srcset=\"https:\/\/visualjournalism.de\/wp-content\/uploads\/2mg3259-1500x1000-1-1400x933.jpg 1400w, https:\/\/visualjournalism.de\/wp-content\/uploads\/2mg3259-1500x1000-1-300x200.jpg 300w, https:\/\/visualjournalism.de\/wp-content\/uploads\/2mg3259-1500x1000-1-1024x683.jpg 1024w, https:\/\/visualjournalism.de\/wp-content\/uploads\/2mg3259-1500x1000-1-768x512.jpg 768w, https:\/\/visualjournalism.de\/wp-content\/uploads\/2mg3259-1500x1000-1-1050x700.jpg 1050w, https:\/\/visualjournalism.de\/wp-content\/uploads\/2mg3259-1500x1000-1-670x447.jpg 670w, https:\/\/visualjournalism.de\/wp-content\/uploads\/2mg3259-1500x1000-1-420x280.jpg 420w, https:\/\/visualjournalism.de\/wp-content\/uploads\/2mg3259-1500x1000-1-350x233.jpg 350w, https:\/\/visualjournalism.de\/wp-content\/uploads\/2mg3259-1500x1000-1-150x100.jpg 150w, https:\/\/visualjournalism.de\/wp-content\/uploads\/2mg3259-1500x1000-1.jpg 1500w\" \n                                width=\"1400\"  \n                                height=\"933\" \n                                alt=\"\"  \n                            \/>\n\n                                                            <span class=\"post__image__title\">Deutschland (GER), Niedersachsen, Hannover, 17.05.2017 &#8211; Galerie f\u00fcr Fotografie &#8211; Vernissage Images in Conflict\r\rSophia Greiff h\u00e4lt eine Ansprache w\u00e4hrend der Er\u00f6ffnung die Ausstellung.\r\rFOTO: MARVIN IBO G\u00dcNG\u00d6R \/ HS HANNOVER\r\rDieses Foto darf im Zusammenhang mit der Berichterstattung u\u0308ber das Symposium Images in Conflict bis zum 31.12.2017 honorarfrei vero\u0308ffentlicht werden. Jede andere Nutzung ist honorarpflichtig gem\u00e4\u00df aktueller MFM-Liste und muss vor der Vero\u0308ffentlichung mit dem Bildautor abgestimmt werden.<\/span>\n                            \n                        <\/div><!-- post__image__container -->\n\n                        \n                    <\/figure>\n                \n                        \n\n                    <figure class=\"block-photo post__image--full with-title splide__slide\">\n\n                        <div class=\"post__image__container\">\n                            <img loading=\"lazy\" decoding=\"async\"\n                                class=\"slide__image\"\n                                src=\"https:\/\/visualjournalism.de\/wp-content\/uploads\/2mg3291-1500x1000-1-1400x933.jpg\" \n                                srcset=\"https:\/\/visualjournalism.de\/wp-content\/uploads\/2mg3291-1500x1000-1-1400x933.jpg 1400w, https:\/\/visualjournalism.de\/wp-content\/uploads\/2mg3291-1500x1000-1-300x200.jpg 300w, https:\/\/visualjournalism.de\/wp-content\/uploads\/2mg3291-1500x1000-1-1024x683.jpg 1024w, https:\/\/visualjournalism.de\/wp-content\/uploads\/2mg3291-1500x1000-1-768x512.jpg 768w, https:\/\/visualjournalism.de\/wp-content\/uploads\/2mg3291-1500x1000-1-1050x700.jpg 1050w, https:\/\/visualjournalism.de\/wp-content\/uploads\/2mg3291-1500x1000-1-670x447.jpg 670w, https:\/\/visualjournalism.de\/wp-content\/uploads\/2mg3291-1500x1000-1-420x280.jpg 420w, https:\/\/visualjournalism.de\/wp-content\/uploads\/2mg3291-1500x1000-1-350x233.jpg 350w, https:\/\/visualjournalism.de\/wp-content\/uploads\/2mg3291-1500x1000-1-150x100.jpg 150w, https:\/\/visualjournalism.de\/wp-content\/uploads\/2mg3291-1500x1000-1.jpg 1500w\" \n                                width=\"1400\"  \n                                height=\"933\" \n                                alt=\"\"  \n                            \/>\n\n                                                            <span class=\"post__image__title\">Deutschland (GER), Niedersachsen, Hannover, 17.05.2017 &#8211; Galerie f\u00fcr Fotografie &#8211; Vernissage Images in Conflict\r\rG\u00e4ste besuchen die Ausstellung.\r\rFOTO: MARVIN IBO G\u00dcNG\u00d6R \/ HS HANNOVER\r\rDieses Foto darf im Zusammenhang mit der Berichterstattung u\u0308ber das Symposium Images in Conflict bis zum 31.12.2017 honorarfrei vero\u0308ffentlicht werden. Jede andere Nutzung ist honorarpflichtig gem\u00e4\u00df aktueller MFM-Liste und muss vor der Vero\u0308ffentlichung mit dem Bildautor abgestimmt werden.<\/span>\n                            \n                        <\/div><!-- post__image__container -->\n\n                        \n                    <\/figure>\n                \n                        \n\n                    <figure class=\"block-photo post__image--full with-title splide__slide\">\n\n                        <div class=\"post__image__container\">\n                            <img loading=\"lazy\" decoding=\"async\"\n                                class=\"slide__image\"\n                                src=\"https:\/\/visualjournalism.de\/wp-content\/uploads\/1mg6087-1500x1000-1-1400x933.jpg\" \n                                srcset=\"https:\/\/visualjournalism.de\/wp-content\/uploads\/1mg6087-1500x1000-1-1400x933.jpg 1400w, https:\/\/visualjournalism.de\/wp-content\/uploads\/1mg6087-1500x1000-1-300x200.jpg 300w, https:\/\/visualjournalism.de\/wp-content\/uploads\/1mg6087-1500x1000-1-1024x683.jpg 1024w, https:\/\/visualjournalism.de\/wp-content\/uploads\/1mg6087-1500x1000-1-768x512.jpg 768w, https:\/\/visualjournalism.de\/wp-content\/uploads\/1mg6087-1500x1000-1-1050x700.jpg 1050w, https:\/\/visualjournalism.de\/wp-content\/uploads\/1mg6087-1500x1000-1-670x447.jpg 670w, https:\/\/visualjournalism.de\/wp-content\/uploads\/1mg6087-1500x1000-1-420x280.jpg 420w, https:\/\/visualjournalism.de\/wp-content\/uploads\/1mg6087-1500x1000-1-350x233.jpg 350w, https:\/\/visualjournalism.de\/wp-content\/uploads\/1mg6087-1500x1000-1-150x100.jpg 150w, https:\/\/visualjournalism.de\/wp-content\/uploads\/1mg6087-1500x1000-1.jpg 1500w\" \n                                width=\"1400\"  \n                                height=\"933\" \n                                alt=\"\"  \n                            \/>\n\n                                                            <span class=\"post__image__title\">Deutschland (GER), Niedersachsen, Hannover, 17.05.2017 &#8211; Galerie f\u00fcr Fotografie &#8211; Vernissage Images in Conflict\r\rG\u00e4ste besuchen die Ausstellung.\r\rFOTO: MARVIN IBO G\u00dcNG\u00d6R \/ HS HANNOVER\r\rDieses Foto darf im Zusammenhang mit der Berichterstattung u\u0308ber das Symposium Images in Conflict bis zum 31.12.2017 honorarfrei vero\u0308ffentlicht werden. Jede andere Nutzung ist honorarpflichtig gem\u00e4\u00df aktueller MFM-Liste und muss vor der Vero\u0308ffentlichung mit dem Bildautor abgestimmt werden.<\/span>\n                            \n                        <\/div><!-- post__image__container -->\n\n                        \n                    <\/figure>\n                \n                        \n\n                    <figure class=\"block-photo post__image--full with-title splide__slide\">\n\n                        <div class=\"post__image__container\">\n                            <img loading=\"lazy\" decoding=\"async\"\n                                class=\"slide__image\"\n                                src=\"https:\/\/visualjournalism.de\/wp-content\/uploads\/1mg6251-1500x1000-1-1400x933.jpg\" \n                                srcset=\"https:\/\/visualjournalism.de\/wp-content\/uploads\/1mg6251-1500x1000-1-1400x933.jpg 1400w, https:\/\/visualjournalism.de\/wp-content\/uploads\/1mg6251-1500x1000-1-300x200.jpg 300w, https:\/\/visualjournalism.de\/wp-content\/uploads\/1mg6251-1500x1000-1-1024x683.jpg 1024w, https:\/\/visualjournalism.de\/wp-content\/uploads\/1mg6251-1500x1000-1-768x512.jpg 768w, https:\/\/visualjournalism.de\/wp-content\/uploads\/1mg6251-1500x1000-1-1050x700.jpg 1050w, https:\/\/visualjournalism.de\/wp-content\/uploads\/1mg6251-1500x1000-1-670x447.jpg 670w, https:\/\/visualjournalism.de\/wp-content\/uploads\/1mg6251-1500x1000-1-420x280.jpg 420w, https:\/\/visualjournalism.de\/wp-content\/uploads\/1mg6251-1500x1000-1-350x233.jpg 350w, https:\/\/visualjournalism.de\/wp-content\/uploads\/1mg6251-1500x1000-1-150x100.jpg 150w, https:\/\/visualjournalism.de\/wp-content\/uploads\/1mg6251-1500x1000-1.jpg 1500w\" \n                                width=\"1400\"  \n                                height=\"933\" \n                                alt=\"\"  \n                            \/>\n\n                                                            <span class=\"post__image__title\">Deutschland (GER), Niedersachsen, Hannover, 17.05.2017 &#8211; Galerie f\u00fcr Fotografie &#8211; Vernissage Images in Conflict\r\rG\u00e4ste besuchen die Ausstellung.\r\rFOTO: MARVIN IBO G\u00dcNG\u00d6R \/ HS HANNOVER\r\rDieses Foto darf im Zusammenhang mit der Berichterstattung u\u0308ber das Symposium Images in Conflict bis zum 31.12.2017 honorarfrei vero\u0308ffentlicht werden. Jede andere Nutzung ist honorarpflichtig gem\u00e4\u00df aktueller MFM-Liste und muss vor der Vero\u0308ffentlichung mit dem Bildautor abgestimmt werden.<\/span>\n                            \n                        <\/div><!-- post__image__container -->\n\n                        \n                    <\/figure>\n                \n                        \n\n                    <figure class=\"block-photo post__image--full with-title splide__slide\">\n\n                        <div class=\"post__image__container\">\n                            <img loading=\"lazy\" decoding=\"async\"\n                                class=\"slide__image\"\n                                src=\"https:\/\/visualjournalism.de\/wp-content\/uploads\/2mg3253-1500x1000-1-1400x933.jpg\" \n                                srcset=\"https:\/\/visualjournalism.de\/wp-content\/uploads\/2mg3253-1500x1000-1-1400x933.jpg 1400w, https:\/\/visualjournalism.de\/wp-content\/uploads\/2mg3253-1500x1000-1-300x200.jpg 300w, https:\/\/visualjournalism.de\/wp-content\/uploads\/2mg3253-1500x1000-1-1024x683.jpg 1024w, https:\/\/visualjournalism.de\/wp-content\/uploads\/2mg3253-1500x1000-1-768x512.jpg 768w, https:\/\/visualjournalism.de\/wp-content\/uploads\/2mg3253-1500x1000-1-1050x700.jpg 1050w, https:\/\/visualjournalism.de\/wp-content\/uploads\/2mg3253-1500x1000-1-670x447.jpg 670w, https:\/\/visualjournalism.de\/wp-content\/uploads\/2mg3253-1500x1000-1-420x280.jpg 420w, https:\/\/visualjournalism.de\/wp-content\/uploads\/2mg3253-1500x1000-1-350x233.jpg 350w, https:\/\/visualjournalism.de\/wp-content\/uploads\/2mg3253-1500x1000-1-150x100.jpg 150w, https:\/\/visualjournalism.de\/wp-content\/uploads\/2mg3253-1500x1000-1.jpg 1500w\" \n                                width=\"1400\"  \n                                height=\"933\" \n                                alt=\"\"  \n                            \/>\n\n                                                            <span class=\"post__image__title\">Deutschland (GER), Niedersachsen, Hannover, 17.05.2017 &#8211; Galerie f\u00fcr Fotografie &#8211; Vernissage Images in Conflict\r\rKaren Fromm h\u00e4lt eine Ansprache anl\u00e4sslich der Er\u00f6ffnung.\r\rFOTO: MARVIN IBO G\u00dcNG\u00d6R \/ HS HANNOVER\r\rDieses Foto darf im Zusammenhang mit der Berichterstattung u\u0308ber das Symposium Images in Conflict bis zum 31.12.2017 honorarfrei vero\u0308ffentlicht werden. Jede andere Nutzung ist honorarpflichtig gem\u00e4\u00df aktueller MFM-Liste und muss vor der Vero\u0308ffentlichung mit dem Bildautor abgestimmt werden.<\/span>\n                            \n                        <\/div><!-- post__image__container -->\n\n                        \n                    <\/figure>\n                \n                        \n\n                    <figure class=\"block-photo post__image--full with-title splide__slide\">\n\n                        <div class=\"post__image__container\">\n                            <img loading=\"lazy\" decoding=\"async\"\n                                class=\"slide__image\"\n                                src=\"https:\/\/visualjournalism.de\/wp-content\/uploads\/1mg5954-1500x1000-1-1400x933.jpg\" \n                                srcset=\"https:\/\/visualjournalism.de\/wp-content\/uploads\/1mg5954-1500x1000-1-1400x933.jpg 1400w, https:\/\/visualjournalism.de\/wp-content\/uploads\/1mg5954-1500x1000-1-300x200.jpg 300w, https:\/\/visualjournalism.de\/wp-content\/uploads\/1mg5954-1500x1000-1-1024x683.jpg 1024w, https:\/\/visualjournalism.de\/wp-content\/uploads\/1mg5954-1500x1000-1-768x512.jpg 768w, https:\/\/visualjournalism.de\/wp-content\/uploads\/1mg5954-1500x1000-1-1050x700.jpg 1050w, https:\/\/visualjournalism.de\/wp-content\/uploads\/1mg5954-1500x1000-1-670x447.jpg 670w, https:\/\/visualjournalism.de\/wp-content\/uploads\/1mg5954-1500x1000-1-420x280.jpg 420w, https:\/\/visualjournalism.de\/wp-content\/uploads\/1mg5954-1500x1000-1-350x233.jpg 350w, https:\/\/visualjournalism.de\/wp-content\/uploads\/1mg5954-1500x1000-1-150x100.jpg 150w, https:\/\/visualjournalism.de\/wp-content\/uploads\/1mg5954-1500x1000-1.jpg 1500w\" \n                                width=\"1400\"  \n                                height=\"933\" \n                                alt=\"\"  \n                            \/>\n\n                                                            <span class=\"post__image__title\">Deutschland (GER), Niedersachsen, Hannover, 17.05.2017 &#8211; Galerie f\u00fcr Fotografie &#8211; Vernissage Images in Conflict\r\rG\u00e4ste besuchen die Ausstellung.\r\rFOTO: MARVIN IBO G\u00dcNG\u00d6R \/ HS HANNOVER\r\rDieses Foto darf im Zusammenhang mit der Berichterstattung u\u0308ber das Symposium Images in Conflict bis zum 31.12.2017 honorarfrei vero\u0308ffentlicht werden. Jede andere Nutzung ist honorarpflichtig gem\u00e4\u00df aktueller MFM-Liste und muss vor der Vero\u0308ffentlichung mit dem Bildautor abgestimmt werden.<\/span>\n                            \n                        <\/div><!-- post__image__container -->\n\n                        \n                    <\/figure>\n                \n                        \n\n                    <figure class=\"block-photo post__image--full with-title splide__slide\">\n\n                        <div class=\"post__image__container\">\n                            <img loading=\"lazy\" decoding=\"async\"\n                                class=\"slide__image\"\n                                src=\"https:\/\/visualjournalism.de\/wp-content\/uploads\/1mg6210-1500x1000-2-1400x933.jpg\" \n                                srcset=\"https:\/\/visualjournalism.de\/wp-content\/uploads\/1mg6210-1500x1000-2-1400x933.jpg 1400w, https:\/\/visualjournalism.de\/wp-content\/uploads\/1mg6210-1500x1000-2-300x200.jpg 300w, https:\/\/visualjournalism.de\/wp-content\/uploads\/1mg6210-1500x1000-2-1024x683.jpg 1024w, https:\/\/visualjournalism.de\/wp-content\/uploads\/1mg6210-1500x1000-2-768x512.jpg 768w, https:\/\/visualjournalism.de\/wp-content\/uploads\/1mg6210-1500x1000-2-1050x700.jpg 1050w, https:\/\/visualjournalism.de\/wp-content\/uploads\/1mg6210-1500x1000-2-670x447.jpg 670w, https:\/\/visualjournalism.de\/wp-content\/uploads\/1mg6210-1500x1000-2-420x280.jpg 420w, https:\/\/visualjournalism.de\/wp-content\/uploads\/1mg6210-1500x1000-2-350x233.jpg 350w, https:\/\/visualjournalism.de\/wp-content\/uploads\/1mg6210-1500x1000-2-150x100.jpg 150w, https:\/\/visualjournalism.de\/wp-content\/uploads\/1mg6210-1500x1000-2.jpg 1500w\" \n                                width=\"1400\"  \n                                height=\"933\" \n                                alt=\"\"  \n                            \/>\n\n                                                            <span class=\"post__image__title\">Deutschland (GER), Niedersachsen, Hannover, 17.05.2017 &#8211; Galerie f\u00fcr Fotografie &#8211; Vernissage Images in Conflict\r\rG\u00e4ste besuchen die Ausstellung.\r\rFOTO: MARVIN IBO G\u00dcNG\u00d6R \/ HS HANNOVER\r\rDieses Foto darf im Zusammenhang mit der Berichterstattung u\u0308ber das Symposium Images in Conflict bis zum 31.12.2017 honorarfrei vero\u0308ffentlicht werden. Jede andere Nutzung ist honorarpflichtig gem\u00e4\u00df aktueller MFM-Liste und muss vor der Vero\u0308ffentlichung mit dem Bildautor abgestimmt werden.<\/span>\n                            \n                        <\/div><!-- post__image__container -->\n\n                        \n                    <\/figure>\n                \n                        \n\n                    <figure class=\"block-photo post__image--full with-title splide__slide\">\n\n                        <div class=\"post__image__container\">\n                            <img loading=\"lazy\" decoding=\"async\"\n                                class=\"slide__image\"\n                                src=\"https:\/\/visualjournalism.de\/wp-content\/uploads\/1mg6203-1500x1000-1-1400x933.jpg\" \n                                srcset=\"https:\/\/visualjournalism.de\/wp-content\/uploads\/1mg6203-1500x1000-1-1400x933.jpg 1400w, https:\/\/visualjournalism.de\/wp-content\/uploads\/1mg6203-1500x1000-1-300x200.jpg 300w, https:\/\/visualjournalism.de\/wp-content\/uploads\/1mg6203-1500x1000-1-1024x683.jpg 1024w, https:\/\/visualjournalism.de\/wp-content\/uploads\/1mg6203-1500x1000-1-768x512.jpg 768w, https:\/\/visualjournalism.de\/wp-content\/uploads\/1mg6203-1500x1000-1-1050x700.jpg 1050w, https:\/\/visualjournalism.de\/wp-content\/uploads\/1mg6203-1500x1000-1-670x447.jpg 670w, https:\/\/visualjournalism.de\/wp-content\/uploads\/1mg6203-1500x1000-1-420x280.jpg 420w, https:\/\/visualjournalism.de\/wp-content\/uploads\/1mg6203-1500x1000-1-350x233.jpg 350w, https:\/\/visualjournalism.de\/wp-content\/uploads\/1mg6203-1500x1000-1-150x100.jpg 150w, https:\/\/visualjournalism.de\/wp-content\/uploads\/1mg6203-1500x1000-1.jpg 1500w\" \n                                width=\"1400\"  \n                                height=\"933\" \n                                alt=\"\"  \n                            \/>\n\n                                                            <span class=\"post__image__title\">Deutschland (GER), Niedersachsen, Hannover, 17.05.2017 &#8211; Galerie f\u00fcr Fotografie &#8211; Vernissage Images in Conflict\r\rG\u00e4ste besuchen die Ausstellung.\r\rFOTO: MARVIN IBO G\u00dcNG\u00d6R \/ HS HANNOVER\r\rDieses Foto darf im Zusammenhang mit der Berichterstattung u\u0308ber das Symposium Images in Conflict bis zum 31.12.2017 honorarfrei vero\u0308ffentlicht werden. Jede andere Nutzung ist honorarpflichtig gem\u00e4\u00df aktueller MFM-Liste und muss vor der Vero\u0308ffentlichung mit dem Bildautor abgestimmt werden.<\/span>\n                            \n                        <\/div><!-- post__image__container -->\n\n                        \n                    <\/figure>\n                \n                        \n\n                    <figure class=\"block-photo post__image--full with-title splide__slide\">\n\n                        <div class=\"post__image__container\">\n                            <img loading=\"lazy\" decoding=\"async\"\n                                class=\"slide__image\"\n                                src=\"https:\/\/visualjournalism.de\/wp-content\/uploads\/1mg6201-1500x1000-1-1400x933.jpg\" \n                                srcset=\"https:\/\/visualjournalism.de\/wp-content\/uploads\/1mg6201-1500x1000-1-1400x933.jpg 1400w, https:\/\/visualjournalism.de\/wp-content\/uploads\/1mg6201-1500x1000-1-300x200.jpg 300w, https:\/\/visualjournalism.de\/wp-content\/uploads\/1mg6201-1500x1000-1-1024x683.jpg 1024w, https:\/\/visualjournalism.de\/wp-content\/uploads\/1mg6201-1500x1000-1-768x512.jpg 768w, https:\/\/visualjournalism.de\/wp-content\/uploads\/1mg6201-1500x1000-1-1050x700.jpg 1050w, https:\/\/visualjournalism.de\/wp-content\/uploads\/1mg6201-1500x1000-1-670x447.jpg 670w, https:\/\/visualjournalism.de\/wp-content\/uploads\/1mg6201-1500x1000-1-420x280.jpg 420w, https:\/\/visualjournalism.de\/wp-content\/uploads\/1mg6201-1500x1000-1-350x233.jpg 350w, https:\/\/visualjournalism.de\/wp-content\/uploads\/1mg6201-1500x1000-1-150x100.jpg 150w, https:\/\/visualjournalism.de\/wp-content\/uploads\/1mg6201-1500x1000-1.jpg 1500w\" \n                                width=\"1400\"  \n                                height=\"933\" \n                                alt=\"\"  \n                            \/>\n\n                                                            <span class=\"post__image__title\">Deutschland (GER), Niedersachsen, Hannover, 17.05.2017 &#8211; Galerie f\u00fcr Fotografie &#8211; Vernissage Images in Conflict\r\rKaren Fromm (l) unterh\u00e4lt sich mit G\u00e4sten.\r\rFOTO: MARVIN IBO G\u00dcNG\u00d6R \/ HS HANNOVER\r\rDieses Foto darf im Zusammenhang mit der Berichterstattung u\u0308ber das Symposium Images in Conflict bis zum 31.12.2017 honorarfrei vero\u0308ffentlicht werden. Jede andere Nutzung ist honorarpflichtig gem\u00e4\u00df aktueller MFM-Liste und muss vor der Vero\u0308ffentlichung mit dem Bildautor abgestimmt werden.<\/span>\n                            \n                        <\/div><!-- post__image__container -->\n\n                        \n                    <\/figure>\n                \n                        \n\n                    <figure class=\"block-photo post__image--full with-title splide__slide\">\n\n                        <div class=\"post__image__container\">\n                            <img loading=\"lazy\" decoding=\"async\"\n                                class=\"slide__image\"\n                                src=\"https:\/\/visualjournalism.de\/wp-content\/uploads\/1mg6198-1500x1000-1-1400x933.jpg\" \n                                srcset=\"https:\/\/visualjournalism.de\/wp-content\/uploads\/1mg6198-1500x1000-1-1400x933.jpg 1400w, https:\/\/visualjournalism.de\/wp-content\/uploads\/1mg6198-1500x1000-1-300x200.jpg 300w, https:\/\/visualjournalism.de\/wp-content\/uploads\/1mg6198-1500x1000-1-1024x683.jpg 1024w, https:\/\/visualjournalism.de\/wp-content\/uploads\/1mg6198-1500x1000-1-768x512.jpg 768w, https:\/\/visualjournalism.de\/wp-content\/uploads\/1mg6198-1500x1000-1-1050x700.jpg 1050w, https:\/\/visualjournalism.de\/wp-content\/uploads\/1mg6198-1500x1000-1-670x447.jpg 670w, https:\/\/visualjournalism.de\/wp-content\/uploads\/1mg6198-1500x1000-1-420x280.jpg 420w, https:\/\/visualjournalism.de\/wp-content\/uploads\/1mg6198-1500x1000-1-350x233.jpg 350w, https:\/\/visualjournalism.de\/wp-content\/uploads\/1mg6198-1500x1000-1-150x100.jpg 150w, https:\/\/visualjournalism.de\/wp-content\/uploads\/1mg6198-1500x1000-1.jpg 1500w\" \n                                width=\"1400\"  \n                                height=\"933\" \n                                alt=\"\"  \n                            \/>\n\n                                                            <span class=\"post__image__title\">Deutschland (GER), Niedersachsen, Hannover, 17.05.2017 &#8211; Galerie f\u00fcr Fotografie &#8211; Vernissage Images in Conflict\r\rChristoph Banger (2.v.l.) unterh\u00e4lt sich mit Besuchern der Austellung.\r\rFOTO: MARVIN IBO G\u00dcNG\u00d6R \/ HS HANNOVER\r\rDieses Foto darf im Zusammenhang mit der Berichterstattung u\u0308ber das Symposium Images in Conflict bis zum 31.12.2017 honorarfrei vero\u0308ffentlicht werden. Jede andere Nutzung ist honorarpflichtig gem\u00e4\u00df aktueller MFM-Liste und muss vor der Vero\u0308ffentlichung mit dem Bildautor abgestimmt werden.<\/span>\n                            \n                        <\/div><!-- post__image__container -->\n\n                        \n                    <\/figure>\n                \n                        \n\n                    <figure class=\"block-photo post__image--full with-title splide__slide\">\n\n                        <div class=\"post__image__container\">\n                            <img loading=\"lazy\" decoding=\"async\"\n                                class=\"slide__image\"\n                                src=\"https:\/\/visualjournalism.de\/wp-content\/uploads\/1mg6185-1500x1000-1-1400x933.jpg\" \n                                srcset=\"https:\/\/visualjournalism.de\/wp-content\/uploads\/1mg6185-1500x1000-1-1400x933.jpg 1400w, https:\/\/visualjournalism.de\/wp-content\/uploads\/1mg6185-1500x1000-1-300x200.jpg 300w, https:\/\/visualjournalism.de\/wp-content\/uploads\/1mg6185-1500x1000-1-1024x683.jpg 1024w, https:\/\/visualjournalism.de\/wp-content\/uploads\/1mg6185-1500x1000-1-768x512.jpg 768w, https:\/\/visualjournalism.de\/wp-content\/uploads\/1mg6185-1500x1000-1-1050x700.jpg 1050w, https:\/\/visualjournalism.de\/wp-content\/uploads\/1mg6185-1500x1000-1-670x447.jpg 670w, https:\/\/visualjournalism.de\/wp-content\/uploads\/1mg6185-1500x1000-1-420x280.jpg 420w, https:\/\/visualjournalism.de\/wp-content\/uploads\/1mg6185-1500x1000-1-350x233.jpg 350w, https:\/\/visualjournalism.de\/wp-content\/uploads\/1mg6185-1500x1000-1-150x100.jpg 150w, https:\/\/visualjournalism.de\/wp-content\/uploads\/1mg6185-1500x1000-1.jpg 1500w\" \n                                width=\"1400\"  \n                                height=\"933\" \n                                alt=\"\"  \n                            \/>\n\n                                                            <span class=\"post__image__title\">Deutschland (GER), Niedersachsen, Hannover, 17.05.2017 &#8211; Galerie f\u00fcr Fotografie &#8211; Vernissage Images in Conflict\r\rG\u00e4ste besuchen die Ausstellung.\r\rFOTO: MARVIN IBO G\u00dcNG\u00d6R \/ HS HANNOVER\r\rDieses Foto darf im Zusammenhang mit der Berichterstattung u\u0308ber das Symposium Images in Conflict bis zum 31.12.2017 honorarfrei vero\u0308ffentlicht werden. Jede andere Nutzung ist honorarpflichtig gem\u00e4\u00df aktueller MFM-Liste und muss vor der Vero\u0308ffentlichung mit dem Bildautor abgestimmt werden.<\/span>\n                            \n                        <\/div><!-- post__image__container -->\n\n                        \n                    <\/figure>\n                \n                        \n\n                    <figure class=\"block-photo post__image--full with-title splide__slide\">\n\n                        <div class=\"post__image__container\">\n                            <img loading=\"lazy\" decoding=\"async\"\n                                class=\"slide__image\"\n                                src=\"https:\/\/visualjournalism.de\/wp-content\/uploads\/1mg6170-1500x1000-1-1400x933.jpg\" \n                                srcset=\"https:\/\/visualjournalism.de\/wp-content\/uploads\/1mg6170-1500x1000-1-1400x933.jpg 1400w, https:\/\/visualjournalism.de\/wp-content\/uploads\/1mg6170-1500x1000-1-300x200.jpg 300w, https:\/\/visualjournalism.de\/wp-content\/uploads\/1mg6170-1500x1000-1-1024x683.jpg 1024w, https:\/\/visualjournalism.de\/wp-content\/uploads\/1mg6170-1500x1000-1-768x512.jpg 768w, https:\/\/visualjournalism.de\/wp-content\/uploads\/1mg6170-1500x1000-1-1050x700.jpg 1050w, https:\/\/visualjournalism.de\/wp-content\/uploads\/1mg6170-1500x1000-1-670x447.jpg 670w, https:\/\/visualjournalism.de\/wp-content\/uploads\/1mg6170-1500x1000-1-420x280.jpg 420w, https:\/\/visualjournalism.de\/wp-content\/uploads\/1mg6170-1500x1000-1-350x233.jpg 350w, https:\/\/visualjournalism.de\/wp-content\/uploads\/1mg6170-1500x1000-1-150x100.jpg 150w, https:\/\/visualjournalism.de\/wp-content\/uploads\/1mg6170-1500x1000-1.jpg 1500w\" \n                                width=\"1400\"  \n                                height=\"933\" \n                                alt=\"\"  \n                            \/>\n\n                                                            <span class=\"post__image__title\">Deutschland (GER), Niedersachsen, Hannover, 17.05.2017 &#8211; Galerie f\u00fcr Fotografie &#8211; Vernissage Images in Conflict\r\rG\u00e4ste besuchen die Ausstellung w\u00e4hrend der Er\u00f6ffnung.\r\rFOTO: MARVIN IBO G\u00dcNG\u00d6R \/ HS HANNOVER\r\rDieses Foto darf im Zusammenhang mit der Berichterstattung u\u0308ber das Symposium Images in Conflict bis zum 31.12.2017 honorarfrei vero\u0308ffentlicht werden. Jede andere Nutzung ist honorarpflichtig gem\u00e4\u00df aktueller MFM-Liste und muss vor der Vero\u0308ffentlichung mit dem Bildautor abgestimmt werden.<\/span>\n                            \n                        <\/div><!-- post__image__container -->\n\n                        \n                    <\/figure>\n                \n                        \n\n                    <figure class=\"block-photo post__image--full with-title splide__slide\">\n\n                        <div class=\"post__image__container\">\n                            <img loading=\"lazy\" decoding=\"async\"\n                                class=\"slide__image\"\n                                src=\"https:\/\/visualjournalism.de\/wp-content\/uploads\/1mg6162-1500x1000-1-1400x933.jpg\" \n                                srcset=\"https:\/\/visualjournalism.de\/wp-content\/uploads\/1mg6162-1500x1000-1-1400x933.jpg 1400w, https:\/\/visualjournalism.de\/wp-content\/uploads\/1mg6162-1500x1000-1-300x200.jpg 300w, https:\/\/visualjournalism.de\/wp-content\/uploads\/1mg6162-1500x1000-1-1024x683.jpg 1024w, https:\/\/visualjournalism.de\/wp-content\/uploads\/1mg6162-1500x1000-1-768x512.jpg 768w, https:\/\/visualjournalism.de\/wp-content\/uploads\/1mg6162-1500x1000-1-1050x700.jpg 1050w, https:\/\/visualjournalism.de\/wp-content\/uploads\/1mg6162-1500x1000-1-670x447.jpg 670w, https:\/\/visualjournalism.de\/wp-content\/uploads\/1mg6162-1500x1000-1-420x280.jpg 420w, https:\/\/visualjournalism.de\/wp-content\/uploads\/1mg6162-1500x1000-1-350x233.jpg 350w, https:\/\/visualjournalism.de\/wp-content\/uploads\/1mg6162-1500x1000-1-150x100.jpg 150w, https:\/\/visualjournalism.de\/wp-content\/uploads\/1mg6162-1500x1000-1.jpg 1500w\" \n                                width=\"1400\"  \n                                height=\"933\" \n                                alt=\"\"  \n                            \/>\n\n                                                            <span class=\"post__image__title\">Deutschland (GER), Niedersachsen, Hannover, 17.05.2017 &#8211; Galerie f\u00fcr Fotografie &#8211; Vernissage Images in Conflict\r\rRolf Nobel er\u00f6ffnet die Ausstellung mit einer Ansprache.\r\rFOTO: MARVIN IBO G\u00dcNG\u00d6R \/ HS HANNOVER\r\rDieses Foto darf im Zusammenhang mit der Berichterstattung u\u0308ber das Symposium Images in Conflict bis zum 31.12.2017 honorarfrei vero\u0308ffentlicht werden. Jede andere Nutzung ist honorarpflichtig gem\u00e4\u00df aktueller MFM-Liste und muss vor der Vero\u0308ffentlichung mit dem Bildautor abgestimmt werden.<\/span>\n                            \n                        <\/div><!-- post__image__container -->\n\n                        \n                    <\/figure>\n                \n                        \n\n                    <figure class=\"block-photo post__image--full with-title splide__slide\">\n\n                        <div class=\"post__image__container\">\n                            <img loading=\"lazy\" decoding=\"async\"\n                                class=\"slide__image\"\n                                src=\"https:\/\/visualjournalism.de\/wp-content\/uploads\/1mg6157-1500x1000-1-1400x933.jpg\" \n                                srcset=\"https:\/\/visualjournalism.de\/wp-content\/uploads\/1mg6157-1500x1000-1-1400x933.jpg 1400w, https:\/\/visualjournalism.de\/wp-content\/uploads\/1mg6157-1500x1000-1-300x200.jpg 300w, https:\/\/visualjournalism.de\/wp-content\/uploads\/1mg6157-1500x1000-1-1024x683.jpg 1024w, https:\/\/visualjournalism.de\/wp-content\/uploads\/1mg6157-1500x1000-1-768x512.jpg 768w, https:\/\/visualjournalism.de\/wp-content\/uploads\/1mg6157-1500x1000-1-1050x700.jpg 1050w, https:\/\/visualjournalism.de\/wp-content\/uploads\/1mg6157-1500x1000-1-670x447.jpg 670w, https:\/\/visualjournalism.de\/wp-content\/uploads\/1mg6157-1500x1000-1-420x280.jpg 420w, https:\/\/visualjournalism.de\/wp-content\/uploads\/1mg6157-1500x1000-1-350x233.jpg 350w, https:\/\/visualjournalism.de\/wp-content\/uploads\/1mg6157-1500x1000-1-150x100.jpg 150w, https:\/\/visualjournalism.de\/wp-content\/uploads\/1mg6157-1500x1000-1.jpg 1500w\" \n                                width=\"1400\"  \n                                height=\"933\" \n                                alt=\"\"  \n                            \/>\n\n                                                            <span class=\"post__image__title\">Deutschland (GER), Niedersachsen, Hannover, 17.05.2017 &#8211; Galerie f\u00fcr Fotografie &#8211; Vernissage Images in Conflict\r\rRolf Nobel, Karen Fromm und Sophia Greiff er\u00f6ffnen die Ausstellung.\r\rFOTO: MARVIN IBO G\u00dcNG\u00d6R \/ HS HANNOVER\r\rDieses Foto darf im Zusammenhang mit der Berichterstattung u\u0308ber das Symposium Images in Conflict bis zum 31.12.2017 honorarfrei vero\u0308ffentlicht werden. Jede andere Nutzung ist honorarpflichtig gem\u00e4\u00df aktueller MFM-Liste und muss vor der Vero\u0308ffentlichung mit dem Bildautor abgestimmt werden.<\/span>\n                            \n                        <\/div><!-- post__image__container -->\n\n                        \n                    <\/figure>\n                \n                        \n\n                    <figure class=\"block-photo post__image--full with-title splide__slide\">\n\n                        <div class=\"post__image__container\">\n                            <img loading=\"lazy\" decoding=\"async\"\n                                class=\"slide__image\"\n                                src=\"https:\/\/visualjournalism.de\/wp-content\/uploads\/1mg6103-1500x1000-1-1400x933.jpg\" \n                                srcset=\"https:\/\/visualjournalism.de\/wp-content\/uploads\/1mg6103-1500x1000-1-1400x933.jpg 1400w, https:\/\/visualjournalism.de\/wp-content\/uploads\/1mg6103-1500x1000-1-300x200.jpg 300w, https:\/\/visualjournalism.de\/wp-content\/uploads\/1mg6103-1500x1000-1-1024x683.jpg 1024w, https:\/\/visualjournalism.de\/wp-content\/uploads\/1mg6103-1500x1000-1-768x512.jpg 768w, https:\/\/visualjournalism.de\/wp-content\/uploads\/1mg6103-1500x1000-1-1050x700.jpg 1050w, https:\/\/visualjournalism.de\/wp-content\/uploads\/1mg6103-1500x1000-1-670x447.jpg 670w, https:\/\/visualjournalism.de\/wp-content\/uploads\/1mg6103-1500x1000-1-420x280.jpg 420w, https:\/\/visualjournalism.de\/wp-content\/uploads\/1mg6103-1500x1000-1-350x233.jpg 350w, https:\/\/visualjournalism.de\/wp-content\/uploads\/1mg6103-1500x1000-1-150x100.jpg 150w, https:\/\/visualjournalism.de\/wp-content\/uploads\/1mg6103-1500x1000-1.jpg 1500w\" \n                                width=\"1400\"  \n                                height=\"933\" \n                                alt=\"\"  \n                            \/>\n\n                                                            <span class=\"post__image__title\">Deutschland (GER), Niedersachsen, Hannover, 17.05.2017 &#8211; Galerie f\u00fcr Fotografie &#8211; Vernissage Images in Conflict\r\rG\u00e4ste besuchen die Ausstellung.\r\rFOTO: MARVIN IBO G\u00dcNG\u00d6R \/ HS HANNOVER\r\rDieses Foto darf im Zusammenhang mit der Berichterstattung u\u0308ber das Symposium Images in Conflict bis zum 31.12.2017 honorarfrei vero\u0308ffentlicht werden. Jede andere Nutzung ist honorarpflichtig gem\u00e4\u00df aktueller MFM-Liste und muss vor der Vero\u0308ffentlichung mit dem Bildautor abgestimmt werden.<\/span>\n                            \n                        <\/div><!-- post__image__container -->\n\n                        \n                    <\/figure>\n                \n                        \n\n                    <figure class=\"block-photo post__image--full with-title splide__slide\">\n\n                        <div class=\"post__image__container\">\n                            <img loading=\"lazy\" decoding=\"async\"\n                                class=\"slide__image\"\n                                src=\"https:\/\/visualjournalism.de\/wp-content\/uploads\/1mg6051-1500x1000-1-1400x933.jpg\" \n                                srcset=\"https:\/\/visualjournalism.de\/wp-content\/uploads\/1mg6051-1500x1000-1-1400x933.jpg 1400w, https:\/\/visualjournalism.de\/wp-content\/uploads\/1mg6051-1500x1000-1-300x200.jpg 300w, https:\/\/visualjournalism.de\/wp-content\/uploads\/1mg6051-1500x1000-1-1024x683.jpg 1024w, https:\/\/visualjournalism.de\/wp-content\/uploads\/1mg6051-1500x1000-1-768x512.jpg 768w, https:\/\/visualjournalism.de\/wp-content\/uploads\/1mg6051-1500x1000-1-1050x700.jpg 1050w, https:\/\/visualjournalism.de\/wp-content\/uploads\/1mg6051-1500x1000-1-670x447.jpg 670w, https:\/\/visualjournalism.de\/wp-content\/uploads\/1mg6051-1500x1000-1-420x280.jpg 420w, https:\/\/visualjournalism.de\/wp-content\/uploads\/1mg6051-1500x1000-1-350x233.jpg 350w, https:\/\/visualjournalism.de\/wp-content\/uploads\/1mg6051-1500x1000-1-150x100.jpg 150w, https:\/\/visualjournalism.de\/wp-content\/uploads\/1mg6051-1500x1000-1.jpg 1500w\" \n                                width=\"1400\"  \n                                height=\"933\" \n                                alt=\"\"  \n                            \/>\n\n                                                            <span class=\"post__image__title\">Deutschland (GER), Niedersachsen, Hannover, 17.05.2017 &#8211; Galerie f\u00fcr Fotografie &#8211; Vernissage Images in Conflict\r\rG\u00e4ste besuchen die Ausstellung.\r\rFOTO: MARVIN IBO G\u00dcNG\u00d6R \/ HS HANNOVER\r\rDieses Foto darf im Zusammenhang mit der Berichterstattung u\u0308ber das Symposium Images in Conflict bis zum 31.12.2017 honorarfrei vero\u0308ffentlicht werden. Jede andere Nutzung ist honorarpflichtig gem\u00e4\u00df aktueller MFM-Liste und muss vor der Vero\u0308ffentlichung mit dem Bildautor abgestimmt werden.<\/span>\n                            \n                        <\/div><!-- post__image__container -->\n\n                        \n                    <\/figure>\n                \n                        \n\n                    <figure class=\"block-photo post__image--full with-title splide__slide\">\n\n                        <div class=\"post__image__container\">\n                            <img loading=\"lazy\" decoding=\"async\"\n                                class=\"slide__image\"\n                                src=\"https:\/\/visualjournalism.de\/wp-content\/uploads\/1mg6029-1500x1000-1-1400x933.jpg\" \n                                srcset=\"https:\/\/visualjournalism.de\/wp-content\/uploads\/1mg6029-1500x1000-1-1400x933.jpg 1400w, https:\/\/visualjournalism.de\/wp-content\/uploads\/1mg6029-1500x1000-1-300x200.jpg 300w, https:\/\/visualjournalism.de\/wp-content\/uploads\/1mg6029-1500x1000-1-1024x683.jpg 1024w, https:\/\/visualjournalism.de\/wp-content\/uploads\/1mg6029-1500x1000-1-768x512.jpg 768w, https:\/\/visualjournalism.de\/wp-content\/uploads\/1mg6029-1500x1000-1-1050x700.jpg 1050w, https:\/\/visualjournalism.de\/wp-content\/uploads\/1mg6029-1500x1000-1-670x447.jpg 670w, https:\/\/visualjournalism.de\/wp-content\/uploads\/1mg6029-1500x1000-1-420x280.jpg 420w, https:\/\/visualjournalism.de\/wp-content\/uploads\/1mg6029-1500x1000-1-350x233.jpg 350w, https:\/\/visualjournalism.de\/wp-content\/uploads\/1mg6029-1500x1000-1-150x100.jpg 150w, https:\/\/visualjournalism.de\/wp-content\/uploads\/1mg6029-1500x1000-1.jpg 1500w\" \n                                width=\"1400\"  \n                                height=\"933\" \n                                alt=\"\"  \n                            \/>\n\n                                                            <span class=\"post__image__title\">Deutschland (GER), Niedersachsen, Hannover, 17.05.2017 &#8211; Galerie f\u00fcr Fotografie &#8211; Vernissage Images in Conflict\r\rPhillip M\u00fcller (l) und Dona Abboud (r), Bildk\u00fcnstlerin, unterhalten sich zu Beginn der Ausstellung.\r\rFOTO: MARVIN IBO G\u00dcNG\u00d6R \/ HS HANNOVER\r\rDieses Foto darf im Zusammenhang mit der Berichterstattung u\u0308ber das Symposium Images in Conflict bis zum 31.12.2017 honorarfrei vero\u0308ffentlicht werden. Jede andere Nutzung ist honorarpflichtig gem\u00e4\u00df aktueller MFM-Liste und muss vor der Vero\u0308ffentlichung mit dem Bildautor abgestimmt werden.<\/span>\n                            \n                        <\/div><!-- post__image__container -->\n\n                        \n                    <\/figure>\n                \n                        \n\n                    <figure class=\"block-photo post__image--full with-title splide__slide\">\n\n                        <div class=\"post__image__container\">\n                            <img loading=\"lazy\" decoding=\"async\"\n                                class=\"slide__image\"\n                                src=\"https:\/\/visualjournalism.de\/wp-content\/uploads\/1mg5995-1500x1000-1-1400x933.jpg\" \n                                srcset=\"https:\/\/visualjournalism.de\/wp-content\/uploads\/1mg5995-1500x1000-1-1400x933.jpg 1400w, https:\/\/visualjournalism.de\/wp-content\/uploads\/1mg5995-1500x1000-1-300x200.jpg 300w, https:\/\/visualjournalism.de\/wp-content\/uploads\/1mg5995-1500x1000-1-1024x683.jpg 1024w, https:\/\/visualjournalism.de\/wp-content\/uploads\/1mg5995-1500x1000-1-768x512.jpg 768w, https:\/\/visualjournalism.de\/wp-content\/uploads\/1mg5995-1500x1000-1-1050x700.jpg 1050w, https:\/\/visualjournalism.de\/wp-content\/uploads\/1mg5995-1500x1000-1-670x447.jpg 670w, https:\/\/visualjournalism.de\/wp-content\/uploads\/1mg5995-1500x1000-1-420x280.jpg 420w, https:\/\/visualjournalism.de\/wp-content\/uploads\/1mg5995-1500x1000-1-350x233.jpg 350w, https:\/\/visualjournalism.de\/wp-content\/uploads\/1mg5995-1500x1000-1-150x100.jpg 150w, https:\/\/visualjournalism.de\/wp-content\/uploads\/1mg5995-1500x1000-1.jpg 1500w\" \n                                width=\"1400\"  \n                                height=\"933\" \n                                alt=\"\"  \n                            \/>\n\n                                                            <span class=\"post__image__title\">Deutschland (GER), Niedersachsen, Hannover, 17.05.2017 &#8211; Galerie f\u00fcr Fotografie &#8211; Vernissage Images in Conflict\r\rG\u00e4ste besuchen die Ausstellung.\r\rFOTO: MARVIN IBO G\u00dcNG\u00d6R \/ HS HANNOVER\r\rDieses Foto darf im Zusammenhang mit der Berichterstattung u\u0308ber das Symposium Images in Conflict bis zum 31.12.2017 honorarfrei vero\u0308ffentlicht werden. Jede andere Nutzung ist honorarpflichtig gem\u00e4\u00df aktueller MFM-Liste und muss vor der Vero\u0308ffentlichung mit dem Bildautor abgestimmt werden.<\/span>\n                            \n                        <\/div><!-- post__image__container -->\n\n                        \n                    <\/figure>\n                \n                       \n\n        <\/div>\n    <\/div>\n    \n    \n        <div class=\"slider__navigation\">\n            <div class=\"slide__count\"><\/div>\n        <\/div><!-- .slider__navigation -->\n\n        <div class=\"splide__arrows gallery-slider__arrows\">\n\n            <button class=\"splide__arrow splide__arrow--prev gallery-slider__arrow\">\n                <svg xmlns=\"http:\/\/www.w3.org\/2000\/svg\" width=\"7\" height=\"11\" viewBox=\"0 0 7 11\" fill=\"none\">\n                <rect width=\"7.3498\" height=\"1.15101\" transform=\"matrix(-0.716725 -0.697356 -0.716725 0.697356 6.60693 10.1616)\"\/>\n                <rect width=\"7.70647\" height=\"1.15101\" transform=\"matrix(-0.716725 0.697356 0.716725 0.697356 6.02393 0.513184)\"\/>\n                <\/svg>\n            <\/button>\n\n            <button class=\"splide__arrow splide__arrow--next gallery-slider__arrow\">\n                <svg xmlns=\"http:\/\/www.w3.org\/2000\/svg\" width=\"7\" height=\"12\" viewBox=\"0 0 7 12\" fill=\"none\">\n                <rect width=\"7.34981\" height=\"1.15101\" transform=\"matrix(0.697355 -0.716726 0.697355 0.716726 0.80957 10.4229)\"\/>\n                <rect width=\"7.70648\" height=\"1.15101\" transform=\"matrix(0.697355 0.716726 -0.697355 0.716726 1.37695 0.506348)\"\/>\n                <\/svg>\n            <\/button>\n\n        <\/div><!-- .splide__arrows -->\n\n    \n<\/div><!-- .splide -->\n\n\n<\/div>\n\n\n\n<div class=\"wp-block-group has-color-3-background-color has-background has-spacing--default\">\n    <div class=\"headline-block has-spacing--m\">\n\n        <h2 class=\"post__headline has-subheadline\">Pressestimmen <\/h2>\n\n                    <h3 class=\"post__subheadline\">zu Images in Conflict<\/h3>\n        \n    <\/div>\n\n    \n\n\n\n\n<div class=\"pinned-block has-spacing--m\">\n\t\n\n<div class=\"pinned-block__column--left\">\n    \n\n<p class=\"post__paragraph is-style-typo--soehne has-spacing--default\"><strong>BUCH<\/strong><\/p>\n\n\n<\/div>\n\n\n<div class=\"pinned-block__column--right\">\n    \n\n<p class=\"post__paragraph is-style-typo--soehne has-spacing--default\"><strong>Deutschlandfunk Kultur:<\/strong> <br><a href=\"https:\/\/www.deutschlandfunkkultur.de\/neues-buch-images-in-conflict-auf-der-suche-nach-neuen-100.html\">Auf der Suche nach neuen Formen fotografischen Erz\u00e4hlens<\/a><\/p>\n\n\n \n    <figure class=\"audio-block has-spacing--xs\">\n\n        <div class=\"audio-player\">\n\n            <audio>\n                <source src=\"https:\/\/visualjournalism.de\/wp-content\/uploads\/images_in_conflict_neue_formen_fotografischen_erzaehlens_drk_20190129_1433_a8ddf6ff.mp3\" type=\"audio\/mpeg\">\n            <\/audio>\n           \n        <\/div>\n\n        \n    <\/figure>\n\n\n\n\n<p class=\"post__paragraph is-style-typo--soehne has-spacing--default\"><strong>Foto\/Kunst\/Theorie \u2013 Der Sprengel FOTO-Blog<\/strong>:<br><a href=\"https:\/\/www.foto-kunst-theorie.de\/images-in-conflict-ein-neues-buch-zu-einem-heissen-thema\/\">Ein neues Buch zum hei\u00dfen Thema<\/a><br><br><strong>S\u00fcddeutsche Zeitung:<\/strong><br> <a href=\"https:\/\/www.sueddeutsche.de\/medien\/fotojournalismus-wahrheit-ist-ueber-fotos-nicht-zu-bekommen-1.4401372\">\u00bbWahrheit ist \u00fcber Fotografie nicht zu bekommen\u00ab<\/a><br><br><strong>Lerchenfeld 48, Uppenkamp: <\/strong><br><a href=\"https:\/\/visualjournalism.de\/wp-content\/uploads\/Lerchenfeld_48.pdf\">Nichts als die Wahrheit?<\/a><br><br><strong>Photonews 05\/19: <\/strong><br><a href=\"https:\/\/www.academia.edu\/39004671\/Rezension_zu_Karen_Fromm_Sophia_Greiff_Anna_Stemmler_Hg._Images_in_Conflict_Bilder_im_Konflikt_Marburg_2018_in_Photonews_5_2019_S._27\">Buchrezension<\/a><\/p>\n\n\n<\/div>\n<\/div>\n\n\n<div class=\"pinned-block has-spacing--s\">\n\t\n\n<div class=\"pinned-block__column--left\">\n    \n\n<p class=\"post__paragraph is-style-typo--soehne has-spacing--default\"><strong>SYMPOSIUM &amp; AUSSTELLUNG<\/strong><\/p>\n\n\n<\/div>\n\n\n<div class=\"pinned-block__column--right\">\n    \n\n<p class=\"post__paragraph is-style-typo--soehne has-spacing--default\"><strong>Deutschlandfunk Kultur: <\/strong><br><a href=\"https:\/\/www.deutschlandfunk.de\/fotojournalismus-der-bilderkrieg-100.html\">Der Bilderkrieg<\/a><br><br><strong>Ostkreuz-Schule Fotoblog zu:<\/strong><br><a href=\"http:\/\/oks-lab.ostkreuzschule.de\/?p=22282\">Images in Conflict<\/a><br><br><strong>Fotografie und Konflikt: <\/strong><br><a href=\"https:\/\/fotografieundkonflikt.blogspot.com\/2017\/05\/symposium-images-in-conflict.html\">Symposium \u00bbImages in Conflict\u00ab<\/a><br><br><strong>Werner Musterer: <\/strong><br><a href=\"https:\/\/wernermusterer.de\/von-kriegspornografie-und-angstatlanten\/\">Von Kriegspornografie und Angstatlanten<\/a><br><br><u><strong>Facebook<\/strong><\/u><br><br><a href=\"https:\/\/twitter.com\/hashtag\/imagesinconflict\"><strong>X (ehem. twitter)<\/strong><\/a><\/p>\n\n\n<\/div>\n<\/div>\n\n\n    <div class=\"btn-wrapper has-spacing--xs\">\n        <a class=\"btn\" href=\"#Seitenanfang\" target=\"_self\">\u2191 zum Seitenanfang<\/a>\n    <\/div>\n\n\n\n    <div class=\"btn-wrapper has-spacing--xs\">\n        <a class=\"btn\" href=\"https:\/\/visualjournalism.de\/image-matters\/\" target=\"_self\">[Image Matters] Home<\/a>\n    <\/div>\n<\/div>\n\n\n\n<div class=\"wp-block-group has-color-25-background-color has-background has-spacing--default\">\n<div class=\"devider has-spacing--none\">\n    <hr>\n<\/div>\n\n\n    <nav id=\"section-navigation-block_1764366b2c2adc869bbc42f614ae5646\" class=\"section-navigation has-spacing--s\">\n        <ul>\n\n                \n                    <li>Weitere Beitr\u00e4ge von [IMAGE MATTERS]:<\/li>\n                \n            \n            \n                        \n                        \n\n            \n\n        <\/ul>\n        \n    <\/nav>\n\n\n\n<div class=\"four-columns-teaser has-spacing--m\">\n\n    \r\n<article class=\"post-teaser post-35563 image-matters type-image-matters status-publish has-post-thumbnail hentry image-matters-kategorie-image-con-text\">\r\n\t<header class=\"entry-header\">\r\n\r\n\t\t<div class=\"entry-categories\">\n\t<a class=\"post__tag\" href=\"https:\/\/visualjournalism.de\/image-matters-kategorie\/image-con-text\/\" rel=\"category tag\">image\/con\/text<\/a><\/div>\r\n\t\t<a href=\"https:\/\/visualjournalism.de\/en\/image-matters\/image-con-text\/complementary-testimonies\/\" rel=\"bookmark\">\r\n\t\t\t<h2 class=\"entry-title\">Komplement\u00e4re Zeugnisse.<\/h2>\r\n\t\t\t<p class=\"entry-excerpt\">Dokumentarischer Diskurs zwischen Journalismus, Kunst und Aktivismus<\/p>\r\n\t\t<\/a>\r\n\r\n\t<\/header><!-- .entry-header -->\r\n\r\n\t<figure class=\"post__image\">\r\n\t\t<a href=\"https:\/\/visualjournalism.de\/en\/image-matters\/image-con-text\/complementary-testimonies\/\" rel=\"bookmark\">\r\n\t\t\t<img loading=\"lazy\" decoding=\"async\" width=\"350\" height=\"280\" src=\"https:\/\/visualjournalism.de\/wp-content\/uploads\/Buch-image-con-text-350x280.jpg\" class=\"attachment-post-image--two-column--small size-post-image--two-column--small\" alt=\"\" srcset=\"https:\/\/visualjournalism.de\/wp-content\/uploads\/Buch-image-con-text-350x280.jpg 350w, https:\/\/visualjournalism.de\/wp-content\/uploads\/Buch-image-con-text-300x240.jpg 300w, https:\/\/visualjournalism.de\/wp-content\/uploads\/Buch-image-con-text-768x614.jpg 768w, https:\/\/visualjournalism.de\/wp-content\/uploads\/Buch-image-con-text-670x536.jpg 670w, https:\/\/visualjournalism.de\/wp-content\/uploads\/Buch-image-con-text-420x336.jpg 420w, https:\/\/visualjournalism.de\/wp-content\/uploads\/Buch-image-con-text.jpg 1000w\" sizes=\"auto, (max-width: 350px) 100vw, 350px\" \/>\t\t<\/a>\r\n\t<\/figure><!-- .post__image -->\r\n\r\n<\/article>\r\n\r\n<article class=\"post-teaser post-42563 image-matters type-image-matters status-publish has-post-thumbnail hentry image-matters-kategorie-image-con-text\">\r\n\t<header class=\"entry-header\">\r\n\r\n\t\t<div class=\"entry-categories\">\n\t<a class=\"post__tag\" href=\"https:\/\/visualjournalism.de\/image-matters-kategorie\/image-con-text\/\" rel=\"category tag\">image\/con\/text<\/a><\/div>\r\n\t\t<a href=\"https:\/\/visualjournalism.de\/en\/image-matters\/image-con-text\/diskurse-dokumentarismus-kunst-aktivismus\/\" rel=\"bookmark\">\r\n\t\t\t<h2 class=\"entry-title\">Editorial. image\/con\/text.<\/h2>\r\n\t\t\t<p class=\"entry-excerpt\"><\/p>\r\n\t\t<\/a>\r\n\r\n\t<\/header><!-- .entry-header -->\r\n\r\n\t<figure class=\"post__image\">\r\n\t\t<a href=\"https:\/\/visualjournalism.de\/en\/image-matters\/image-con-text\/diskurse-dokumentarismus-kunst-aktivismus\/\" rel=\"bookmark\">\r\n\t\t\t<img loading=\"lazy\" decoding=\"async\" width=\"350\" height=\"264\" src=\"https:\/\/visualjournalism.de\/wp-content\/uploads\/01_t05_greiff_interview_clark_bz04_ausstellung-hamburg-1-350x264.jpg\" class=\"attachment-post-image--two-column--small size-post-image--two-column--small\" alt=\"\" srcset=\"https:\/\/visualjournalism.de\/wp-content\/uploads\/01_t05_greiff_interview_clark_bz04_ausstellung-hamburg-1-350x264.jpg 350w, https:\/\/visualjournalism.de\/wp-content\/uploads\/01_t05_greiff_interview_clark_bz04_ausstellung-hamburg-1-300x226.jpg 300w, https:\/\/visualjournalism.de\/wp-content\/uploads\/01_t05_greiff_interview_clark_bz04_ausstellung-hamburg-1-1024x771.jpg 1024w, https:\/\/visualjournalism.de\/wp-content\/uploads\/01_t05_greiff_interview_clark_bz04_ausstellung-hamburg-1-768x578.jpg 768w, https:\/\/visualjournalism.de\/wp-content\/uploads\/01_t05_greiff_interview_clark_bz04_ausstellung-hamburg-1-1536x1157.jpg 1536w, https:\/\/visualjournalism.de\/wp-content\/uploads\/01_t05_greiff_interview_clark_bz04_ausstellung-hamburg-1-1400x1054.jpg 1400w, https:\/\/visualjournalism.de\/wp-content\/uploads\/01_t05_greiff_interview_clark_bz04_ausstellung-hamburg-1-1050x791.jpg 1050w, https:\/\/visualjournalism.de\/wp-content\/uploads\/01_t05_greiff_interview_clark_bz04_ausstellung-hamburg-1-670x505.jpg 670w, https:\/\/visualjournalism.de\/wp-content\/uploads\/01_t05_greiff_interview_clark_bz04_ausstellung-hamburg-1-420x316.jpg 420w, https:\/\/visualjournalism.de\/wp-content\/uploads\/01_t05_greiff_interview_clark_bz04_ausstellung-hamburg-1-150x113.jpg 150w, https:\/\/visualjournalism.de\/wp-content\/uploads\/01_t05_greiff_interview_clark_bz04_ausstellung-hamburg-1.jpg 1600w\" sizes=\"auto, (max-width: 350px) 100vw, 350px\" \/>\t\t<\/a>\r\n\t<\/figure><!-- .post__image -->\r\n\r\n<\/article>\r\n\r\n<article class=\"post-teaser post-42595 image-matters type-image-matters status-publish has-post-thumbnail hentry image-matters-kategorie-image-con-text\">\r\n\t<header class=\"entry-header\">\r\n\r\n\t\t<div class=\"entry-categories\">\n\t<a class=\"post__tag\" href=\"https:\/\/visualjournalism.de\/image-matters-kategorie\/image-con-text\/\" rel=\"category tag\">image\/con\/text<\/a><\/div>\r\n\t\t<a href=\"https:\/\/visualjournalism.de\/en\/image-matters\/image-con-text\/beneath-the-surface\/\" rel=\"bookmark\">\r\n\t\t\t<h2 class=\"entry-title\">Beneath the Surface.<\/h2>\r\n\t\t\t<p class=\"entry-excerpt\">Laia Abril in conversation with Sophia Greiff. <\/p>\r\n\t\t<\/a>\r\n\r\n\t<\/header><!-- .entry-header -->\r\n\r\n\t<figure class=\"post__image\">\r\n\t\t<a href=\"https:\/\/visualjournalism.de\/en\/image-matters\/image-con-text\/beneath-the-surface\/\" rel=\"bookmark\">\r\n\t\t\t<img loading=\"lazy\" decoding=\"async\" width=\"350\" height=\"197\" src=\"https:\/\/visualjournalism.de\/wp-content\/uploads\/01_t07_be04_abril_on-abortion_001-1000x563-2-350x197.jpg\" class=\"attachment-post-image--two-column--small size-post-image--two-column--small\" alt=\"\" srcset=\"https:\/\/visualjournalism.de\/wp-content\/uploads\/01_t07_be04_abril_on-abortion_001-1000x563-2-350x197.jpg 350w, https:\/\/visualjournalism.de\/wp-content\/uploads\/01_t07_be04_abril_on-abortion_001-1000x563-2-300x169.jpg 300w, https:\/\/visualjournalism.de\/wp-content\/uploads\/01_t07_be04_abril_on-abortion_001-1000x563-2-768x432.jpg 768w, https:\/\/visualjournalism.de\/wp-content\/uploads\/01_t07_be04_abril_on-abortion_001-1000x563-2-670x377.jpg 670w, https:\/\/visualjournalism.de\/wp-content\/uploads\/01_t07_be04_abril_on-abortion_001-1000x563-2-420x236.jpg 420w, https:\/\/visualjournalism.de\/wp-content\/uploads\/01_t07_be04_abril_on-abortion_001-1000x563-2-150x84.jpg 150w, https:\/\/visualjournalism.de\/wp-content\/uploads\/01_t07_be04_abril_on-abortion_001-1000x563-2.jpg 1000w\" sizes=\"auto, (max-width: 350px) 100vw, 350px\" \/>\t\t<\/a>\r\n\t<\/figure><!-- .post__image -->\r\n\r\n<\/article>\r\n\r\n<article class=\"post-teaser post-42819 image-matters type-image-matters status-publish has-post-thumbnail hentry image-matters-kategorie-image-con-text\">\r\n\t<header class=\"entry-header\">\r\n\r\n\t\t<div class=\"entry-categories\">\n\t<a class=\"post__tag\" href=\"https:\/\/visualjournalism.de\/image-matters-kategorie\/image-con-text\/\" rel=\"category tag\">image\/con\/text<\/a><\/div>\r\n\t\t<a href=\"https:\/\/visualjournalism.de\/en\/image-matters\/image-con-text\/bending-the-screen\/\" rel=\"bookmark\">\r\n\t\t\t<h2 class=\"entry-title\">Bending the Screen.<\/h2>\r\n\t\t\t<p class=\"entry-excerpt\">Edmund Clark in Conversation with Sophia Greiff<\/p>\r\n\t\t<\/a>\r\n\r\n\t<\/header><!-- .entry-header -->\r\n\r\n\t<figure class=\"post__image\">\r\n\t\t<a href=\"https:\/\/visualjournalism.de\/en\/image-matters\/image-con-text\/bending-the-screen\/\" rel=\"bookmark\">\r\n\t\t\t<img loading=\"lazy\" decoding=\"async\" width=\"350\" height=\"260\" src=\"https:\/\/visualjournalism.de\/wp-content\/uploads\/01_t05_greiff_interview_clark_bz01a_guantanamo_plate01-1-350x260.jpg\" class=\"attachment-post-image--two-column--small size-post-image--two-column--small\" alt=\"\" srcset=\"https:\/\/visualjournalism.de\/wp-content\/uploads\/01_t05_greiff_interview_clark_bz01a_guantanamo_plate01-1-350x260.jpg 350w, https:\/\/visualjournalism.de\/wp-content\/uploads\/01_t05_greiff_interview_clark_bz01a_guantanamo_plate01-1-300x223.jpg 300w, https:\/\/visualjournalism.de\/wp-content\/uploads\/01_t05_greiff_interview_clark_bz01a_guantanamo_plate01-1-1024x761.jpg 1024w, https:\/\/visualjournalism.de\/wp-content\/uploads\/01_t05_greiff_interview_clark_bz01a_guantanamo_plate01-1-768x571.jpg 768w, https:\/\/visualjournalism.de\/wp-content\/uploads\/01_t05_greiff_interview_clark_bz01a_guantanamo_plate01-1-1536x1141.jpg 1536w, https:\/\/visualjournalism.de\/wp-content\/uploads\/01_t05_greiff_interview_clark_bz01a_guantanamo_plate01-1-1400x1040.jpg 1400w, https:\/\/visualjournalism.de\/wp-content\/uploads\/01_t05_greiff_interview_clark_bz01a_guantanamo_plate01-1-1050x780.jpg 1050w, https:\/\/visualjournalism.de\/wp-content\/uploads\/01_t05_greiff_interview_clark_bz01a_guantanamo_plate01-1-670x498.jpg 670w, https:\/\/visualjournalism.de\/wp-content\/uploads\/01_t05_greiff_interview_clark_bz01a_guantanamo_plate01-1-420x312.jpg 420w, https:\/\/visualjournalism.de\/wp-content\/uploads\/01_t05_greiff_interview_clark_bz01a_guantanamo_plate01-1-150x111.jpg 150w, https:\/\/visualjournalism.de\/wp-content\/uploads\/01_t05_greiff_interview_clark_bz01a_guantanamo_plate01-1.jpg 1600w\" sizes=\"auto, (max-width: 350px) 100vw, 350px\" \/>\t\t<\/a>\r\n\t<\/figure><!-- .post__image -->\r\n\r\n<\/article>\r\n\n<\/div><!-- .2-columns-teaser-->\n\n    <\/div>\n","protected":false},"excerpt":{"rendered":"<p>Bilder im Konflikt: fotografische und filmische Bilder von Krisen- und Konfliktsituationen ver\u00e4ndern sich in \u00c4sthetik und Gebrauchsweisen \u2013 und geraten damit selbst ins Visier. Zum einen haben sich im Zuge der digitalen Entwicklungen die Bildproduzent*innen und Distributionskan\u00e4le von Bildern vervielf\u00e4ltigt. Das erweitert Perspektiven und erm\u00f6glicht neue Erz\u00e4hlformen. Zum anderen geht damit eine Ersch\u00fctterung des klassischen [&hellip;]<\/p>\n","protected":false},"author":6,"featured_media":51663,"template":"","tags":[],"image-matters-kategorie":[176],"class_list":["post-35560","image-matters","type-image-matters","status-publish","has-post-thumbnail","hentry","image-matters-kategorie-images-in-conflict"],"acf":[],"yoast_head":"<!-- This site is optimized with the Yoast SEO Premium plugin v27.3 (Yoast SEO v27.3) - https:\/\/yoast.com\/product\/yoast-seo-premium-wordpress\/ -->\n<title>Images in Conflict &#8211; Visual Journalism and Documentary Photography<\/title>\n<meta name=\"description\" content=\"Zur Ver\u00e4nderung der \u00c4sthetik und Gebrauchsweisen fotografischer und filmischer Bilder von Krisen- und Konfliktsituationen.\" \/>\n<meta name=\"robots\" content=\"index, follow, max-snippet:-1, max-image-preview:large, max-video-preview:-1\" \/>\n<link rel=\"canonical\" href=\"https:\/\/visualjournalism.de\/en\/image-matters\/images-in-conflict\/conflicts-mediatisation\/\" \/>\n<meta property=\"og:locale\" content=\"en_US\" \/>\n<meta property=\"og:type\" content=\"article\" \/>\n<meta property=\"og:title\" content=\"Images in Conflict\" \/>\n<meta property=\"og:description\" content=\"Zur Ver\u00e4nderung der \u00c4sthetik und Gebrauchsweisen fotografischer und filmischer Bilder von Krisen- und Konfliktsituationen.\" \/>\n<meta property=\"og:url\" content=\"https:\/\/visualjournalism.de\/en\/image-matters\/images-in-conflict\/conflicts-mediatisation\/\" \/>\n<meta property=\"og:site_name\" content=\"Visual Journalism and Documentary Photography\" \/>\n<meta property=\"article:publisher\" content=\"https:\/\/www.facebook.com\/people\/wwwfotostudentende\/100065173703897\/\" \/>\n<meta property=\"article:modified_time\" content=\"2024-12-15T18:56:49+00:00\" \/>\n<meta property=\"og:image\" content=\"https:\/\/visualjournalism.de\/wp-content\/uploads\/02_t06bz_manhartsberger_austellungsansicht-gaf-2.jpg\" \/>\n\t<meta property=\"og:image:width\" content=\"2000\" \/>\n\t<meta property=\"og:image:height\" content=\"1333\" \/>\n\t<meta property=\"og:image:type\" content=\"image\/jpeg\" \/>\n<meta name=\"twitter:card\" content=\"summary_large_image\" \/>\n<meta name=\"twitter:site\" content=\"@HsHannover\" \/>\n<meta name=\"twitter:label1\" content=\"Est. reading time\" \/>\n\t<meta name=\"twitter:data1\" content=\"4 minutes\" \/>\n<script type=\"application\/ld+json\" class=\"yoast-schema-graph\">{\"@context\":\"https:\\\/\\\/schema.org\",\"@graph\":[{\"@type\":\"WebPage\",\"@id\":\"https:\\\/\\\/visualjournalism.de\\\/en\\\/image-matters\\\/images-in-conflict\\\/conflicts-mediatisation\\\/\",\"url\":\"https:\\\/\\\/visualjournalism.de\\\/en\\\/image-matters\\\/images-in-conflict\\\/conflicts-mediatisation\\\/\",\"name\":\"Images in Conflict &#8211; Visual Journalism and Documentary Photography\",\"isPartOf\":{\"@id\":\"https:\\\/\\\/visualjournalism.de\\\/en\\\/#website\"},\"primaryImageOfPage\":{\"@id\":\"https:\\\/\\\/visualjournalism.de\\\/en\\\/image-matters\\\/images-in-conflict\\\/conflicts-mediatisation\\\/#primaryimage\"},\"image\":{\"@id\":\"https:\\\/\\\/visualjournalism.de\\\/en\\\/image-matters\\\/images-in-conflict\\\/conflicts-mediatisation\\\/#primaryimage\"},\"thumbnailUrl\":\"https:\\\/\\\/visualjournalism.de\\\/wp-content\\\/uploads\\\/02_t06bz_manhartsberger_austellungsansicht-gaf-2.jpg\",\"datePublished\":\"2024-12-12T08:50:00+00:00\",\"dateModified\":\"2024-12-15T18:56:49+00:00\",\"description\":\"Zur Ver\u00e4nderung der \u00c4sthetik und Gebrauchsweisen fotografischer und filmischer Bilder von Krisen- und Konfliktsituationen.\",\"breadcrumb\":{\"@id\":\"https:\\\/\\\/visualjournalism.de\\\/en\\\/image-matters\\\/images-in-conflict\\\/conflicts-mediatisation\\\/#breadcrumb\"},\"inLanguage\":\"en-US\",\"potentialAction\":[{\"@type\":\"ReadAction\",\"target\":[\"https:\\\/\\\/visualjournalism.de\\\/en\\\/image-matters\\\/images-in-conflict\\\/conflicts-mediatisation\\\/\"]}]},{\"@type\":\"ImageObject\",\"inLanguage\":\"en-US\",\"@id\":\"https:\\\/\\\/visualjournalism.de\\\/en\\\/image-matters\\\/images-in-conflict\\\/conflicts-mediatisation\\\/#primaryimage\",\"url\":\"https:\\\/\\\/visualjournalism.de\\\/wp-content\\\/uploads\\\/02_t06bz_manhartsberger_austellungsansicht-gaf-2.jpg\",\"contentUrl\":\"https:\\\/\\\/visualjournalism.de\\\/wp-content\\\/uploads\\\/02_t06bz_manhartsberger_austellungsansicht-gaf-2.jpg\",\"width\":2000,\"height\":1333,\"caption\":\"Foto: Helena Manhartsberger\"},{\"@type\":\"BreadcrumbList\",\"@id\":\"https:\\\/\\\/visualjournalism.de\\\/en\\\/image-matters\\\/images-in-conflict\\\/conflicts-mediatisation\\\/#breadcrumb\",\"itemListElement\":[{\"@type\":\"ListItem\",\"position\":1,\"name\":\"Home\",\"item\":\"https:\\\/\\\/visualjournalism.de\\\/en\\\/\"},{\"@type\":\"ListItem\",\"position\":2,\"name\":\"Image Matters\",\"item\":\"https:\\\/\\\/visualjournalism.de\\\/en\\\/image-matters\\\/\"},{\"@type\":\"ListItem\",\"position\":3,\"name\":\"Images in Conflict\"}]},{\"@type\":\"WebSite\",\"@id\":\"https:\\\/\\\/visualjournalism.de\\\/en\\\/#website\",\"url\":\"https:\\\/\\\/visualjournalism.de\\\/en\\\/\",\"name\":\"Visual Journalism and Documentary Photography\",\"description\":\"All about the bilingual bachelor&#039;s program at Hannover University of Applied Sciences and Arts.\",\"publisher\":{\"@id\":\"https:\\\/\\\/visualjournalism.de\\\/en\\\/#organization\"},\"alternateName\":\"visualjournalism.de\",\"potentialAction\":[{\"@type\":\"SearchAction\",\"target\":{\"@type\":\"EntryPoint\",\"urlTemplate\":\"https:\\\/\\\/visualjournalism.de\\\/en\\\/?s={search_term_string}\"},\"query-input\":{\"@type\":\"PropertyValueSpecification\",\"valueRequired\":true,\"valueName\":\"search_term_string\"}}],\"inLanguage\":\"en-US\"},{\"@type\":\"Organization\",\"@id\":\"https:\\\/\\\/visualjournalism.de\\\/en\\\/#organization\",\"name\":\"Hochschule Hannover \u2013 University of Applied Sciences and Arts\",\"alternateName\":\"HsH\",\"url\":\"https:\\\/\\\/visualjournalism.de\\\/en\\\/\",\"logo\":{\"@type\":\"ImageObject\",\"inLanguage\":\"en-US\",\"@id\":\"https:\\\/\\\/visualjournalism.de\\\/en\\\/#\\\/schema\\\/logo\\\/image\\\/\",\"url\":\"https:\\\/\\\/visualjournalism.de\\\/wp-content\\\/uploads\\\/logo-hochschule-hannover.png\",\"contentUrl\":\"https:\\\/\\\/visualjournalism.de\\\/wp-content\\\/uploads\\\/logo-hochschule-hannover.png\",\"width\":363,\"height\":270,\"caption\":\"Hochschule Hannover \u2013 University of Applied Sciences and Arts\"},\"image\":{\"@id\":\"https:\\\/\\\/visualjournalism.de\\\/en\\\/#\\\/schema\\\/logo\\\/image\\\/\"},\"sameAs\":[\"https:\\\/\\\/www.facebook.com\\\/people\\\/wwwfotostudentende\\\/100065173703897\\\/\",\"https:\\\/\\\/x.com\\\/HsHannover\",\"https:\\\/\\\/www.instagram.com\\\/visualjournalism.de\\\/\"]}]}<\/script>\n<!-- \/ Yoast SEO Premium plugin. -->","yoast_head_json":{"title":"Images in Conflict &#8211; Visual Journalism and Documentary Photography","description":"Zur Ver\u00e4nderung der \u00c4sthetik und Gebrauchsweisen fotografischer und filmischer Bilder von Krisen- und Konfliktsituationen.","robots":{"index":"index","follow":"follow","max-snippet":"max-snippet:-1","max-image-preview":"max-image-preview:large","max-video-preview":"max-video-preview:-1"},"canonical":"https:\/\/visualjournalism.de\/en\/image-matters\/images-in-conflict\/conflicts-mediatisation\/","og_locale":"en_US","og_type":"article","og_title":"Images in Conflict","og_description":"Zur Ver\u00e4nderung der \u00c4sthetik und Gebrauchsweisen fotografischer und filmischer Bilder von Krisen- und Konfliktsituationen.","og_url":"https:\/\/visualjournalism.de\/en\/image-matters\/images-in-conflict\/conflicts-mediatisation\/","og_site_name":"Visual Journalism and Documentary Photography","article_publisher":"https:\/\/www.facebook.com\/people\/wwwfotostudentende\/100065173703897\/","article_modified_time":"2024-12-15T18:56:49+00:00","og_image":[{"width":2000,"height":1333,"url":"https:\/\/visualjournalism.de\/wp-content\/uploads\/02_t06bz_manhartsberger_austellungsansicht-gaf-2.jpg","type":"image\/jpeg"}],"twitter_card":"summary_large_image","twitter_site":"@HsHannover","twitter_misc":{"Est. reading time":"4 minutes"},"schema":{"@context":"https:\/\/schema.org","@graph":[{"@type":"WebPage","@id":"https:\/\/visualjournalism.de\/en\/image-matters\/images-in-conflict\/conflicts-mediatisation\/","url":"https:\/\/visualjournalism.de\/en\/image-matters\/images-in-conflict\/conflicts-mediatisation\/","name":"Images in Conflict &#8211; Visual Journalism and Documentary Photography","isPartOf":{"@id":"https:\/\/visualjournalism.de\/en\/#website"},"primaryImageOfPage":{"@id":"https:\/\/visualjournalism.de\/en\/image-matters\/images-in-conflict\/conflicts-mediatisation\/#primaryimage"},"image":{"@id":"https:\/\/visualjournalism.de\/en\/image-matters\/images-in-conflict\/conflicts-mediatisation\/#primaryimage"},"thumbnailUrl":"https:\/\/visualjournalism.de\/wp-content\/uploads\/02_t06bz_manhartsberger_austellungsansicht-gaf-2.jpg","datePublished":"2024-12-12T08:50:00+00:00","dateModified":"2024-12-15T18:56:49+00:00","description":"Zur Ver\u00e4nderung der \u00c4sthetik und Gebrauchsweisen fotografischer und filmischer Bilder von Krisen- und Konfliktsituationen.","breadcrumb":{"@id":"https:\/\/visualjournalism.de\/en\/image-matters\/images-in-conflict\/conflicts-mediatisation\/#breadcrumb"},"inLanguage":"en-US","potentialAction":[{"@type":"ReadAction","target":["https:\/\/visualjournalism.de\/en\/image-matters\/images-in-conflict\/conflicts-mediatisation\/"]}]},{"@type":"ImageObject","inLanguage":"en-US","@id":"https:\/\/visualjournalism.de\/en\/image-matters\/images-in-conflict\/conflicts-mediatisation\/#primaryimage","url":"https:\/\/visualjournalism.de\/wp-content\/uploads\/02_t06bz_manhartsberger_austellungsansicht-gaf-2.jpg","contentUrl":"https:\/\/visualjournalism.de\/wp-content\/uploads\/02_t06bz_manhartsberger_austellungsansicht-gaf-2.jpg","width":2000,"height":1333,"caption":"Foto: Helena Manhartsberger"},{"@type":"BreadcrumbList","@id":"https:\/\/visualjournalism.de\/en\/image-matters\/images-in-conflict\/conflicts-mediatisation\/#breadcrumb","itemListElement":[{"@type":"ListItem","position":1,"name":"Home","item":"https:\/\/visualjournalism.de\/en\/"},{"@type":"ListItem","position":2,"name":"Image Matters","item":"https:\/\/visualjournalism.de\/en\/image-matters\/"},{"@type":"ListItem","position":3,"name":"Images in Conflict"}]},{"@type":"WebSite","@id":"https:\/\/visualjournalism.de\/en\/#website","url":"https:\/\/visualjournalism.de\/en\/","name":"Visual Journalism and Documentary Photography","description":"All about the bilingual bachelor&#039;s program at Hannover University of Applied Sciences and Arts.","publisher":{"@id":"https:\/\/visualjournalism.de\/en\/#organization"},"alternateName":"visualjournalism.de","potentialAction":[{"@type":"SearchAction","target":{"@type":"EntryPoint","urlTemplate":"https:\/\/visualjournalism.de\/en\/?s={search_term_string}"},"query-input":{"@type":"PropertyValueSpecification","valueRequired":true,"valueName":"search_term_string"}}],"inLanguage":"en-US"},{"@type":"Organization","@id":"https:\/\/visualjournalism.de\/en\/#organization","name":"Hochschule Hannover \u2013 University of Applied Sciences and Arts","alternateName":"HsH","url":"https:\/\/visualjournalism.de\/en\/","logo":{"@type":"ImageObject","inLanguage":"en-US","@id":"https:\/\/visualjournalism.de\/en\/#\/schema\/logo\/image\/","url":"https:\/\/visualjournalism.de\/wp-content\/uploads\/logo-hochschule-hannover.png","contentUrl":"https:\/\/visualjournalism.de\/wp-content\/uploads\/logo-hochschule-hannover.png","width":363,"height":270,"caption":"Hochschule Hannover \u2013 University of Applied Sciences and Arts"},"image":{"@id":"https:\/\/visualjournalism.de\/en\/#\/schema\/logo\/image\/"},"sameAs":["https:\/\/www.facebook.com\/people\/wwwfotostudentende\/100065173703897\/","https:\/\/x.com\/HsHannover","https:\/\/www.instagram.com\/visualjournalism.de\/"]}]}},"_links":{"self":[{"href":"https:\/\/visualjournalism.de\/en\/wp-json\/wp\/v2\/image-matters\/35560","targetHints":{"allow":["GET"]}}],"collection":[{"href":"https:\/\/visualjournalism.de\/en\/wp-json\/wp\/v2\/image-matters"}],"about":[{"href":"https:\/\/visualjournalism.de\/en\/wp-json\/wp\/v2\/types\/image-matters"}],"author":[{"embeddable":true,"href":"https:\/\/visualjournalism.de\/en\/wp-json\/wp\/v2\/users\/6"}],"version-history":[{"count":0,"href":"https:\/\/visualjournalism.de\/en\/wp-json\/wp\/v2\/image-matters\/35560\/revisions"}],"wp:featuredmedia":[{"embeddable":true,"href":"https:\/\/visualjournalism.de\/en\/wp-json\/wp\/v2\/media\/51663"}],"wp:attachment":[{"href":"https:\/\/visualjournalism.de\/en\/wp-json\/wp\/v2\/media?parent=35560"}],"wp:term":[{"taxonomy":"post_tag","embeddable":true,"href":"https:\/\/visualjournalism.de\/en\/wp-json\/wp\/v2\/tags?post=35560"},{"taxonomy":"image-matters-kategorie","embeddable":true,"href":"https:\/\/visualjournalism.de\/en\/wp-json\/wp\/v2\/image-matters-kategorie?post=35560"}],"curies":[{"name":"wp","href":"https:\/\/api.w.org\/{rel}","templated":true}]}}