{"id":46588,"date":"2024-12-12T12:56:00","date_gmt":"2024-12-12T12:56:00","guid":{"rendered":"https:\/\/visualjournalism.de\/?post_type=image-matters&#038;p=46588"},"modified":"2025-01-03T18:25:40","modified_gmt":"2025-01-03T18:25:40","slug":"show-dont-tell","status":"publish","type":"image-matters","link":"https:\/\/visualjournalism.de\/en\/image-matters\/image-con-text\/show-dont-tell\/","title":{"rendered":"Video. Dr. Anja Sch\u00fcrmann &#8211; Show, Don\u2019t Tell? Research-based Fotob\u00fccher von Laia Abril, Christian Patterson und Regine Petersen."},"content":{"rendered":"\n<div class=\"wp-block-group has-color-5-background-color has-background has-spacing--default\">\n \n\n    <div id=\"lead-in-block_2dad9fa57c1986c277dfdd12cc53429d\" class=\"block-lead-in typo--default font-size--xl has-spacing--m width--default\">\n        <h1>Show, Don&#8217;t Tell? Research-based Fotob\u00fccher von Laia Abril, Christian Patterson und Regine Petersen.<\/h1>\n<p><img loading=\"lazy\" decoding=\"async\" class=\"alignnone size-thumbnail wp-image-35176\" src=\"https:\/\/visualjournalism.de\/wp-content\/uploads\/anja-schuermann-1zu1-150x150.jpg\" alt=\"\" width=\"150\" height=\"150\" srcset=\"https:\/\/visualjournalism.de\/wp-content\/uploads\/anja-schuermann-1zu1-150x150.jpg 150w, https:\/\/visualjournalism.de\/wp-content\/uploads\/anja-schuermann-1zu1-300x300.jpg 300w, https:\/\/visualjournalism.de\/wp-content\/uploads\/anja-schuermann-1zu1-420x420.jpg 420w, https:\/\/visualjournalism.de\/wp-content\/uploads\/anja-schuermann-1zu1-350x350.jpg 350w, https:\/\/visualjournalism.de\/wp-content\/uploads\/anja-schuermann-1zu1-52x52.jpg 52w, https:\/\/visualjournalism.de\/wp-content\/uploads\/anja-schuermann-1zu1-68x68.jpg 68w, https:\/\/visualjournalism.de\/wp-content\/uploads\/anja-schuermann-1zu1-96x96.jpg 96w, https:\/\/visualjournalism.de\/wp-content\/uploads\/anja-schuermann-1zu1.jpg 500w\" sizes=\"auto, (max-width: 150px) 100vw, 150px\" \/>\u00a0<a href=\"https:\/\/visualjournalism.de\/en\/anja-schuermann\/\">Dr. Anja Sch\u00fcrmann<\/a><\/p>\n<div class=\"entry-meta\">\r\n    <span class=\"posted-on\"><a href=\"https:\/\/visualjournalism.de\/en\/image-matters\/image-con-text\/show-dont-tell\/\" rel=\"bookmark\"><time class=\"entry-date published\" datetime=\"2024-12-12T12:56:00+02:00\">12.12.2024<\/time><\/a><\/span> <span class=\"meta-text\"> [IMAGE MATTERS]<\/span><\/div><!-- .entry-meta -->\r\n    <\/div>\n\n\n\n\r\n<div class=\"embed-block has-spacing--xs\">\r\n\r\n    <div \r\n        class=\"embed-block__wrapper ratio-aspect-ratio--16-9\" \r\n        style=\"\"\r\n    >\r\n        <div data-cmms-embed-id=\"4468\" data-cmms-base=\"mediathek.f3.hs-hannover.de\"><\/div><script async src=\"\/\/mediathek.f3.hs-hannover.de\/wp-content\/plugins\/cmms\/assets\/js\/frontend\/embed.min.js\"><\/script>    <\/div>\r\n\r\n    <div class=\"embed-block__caption\">\r\n        \n\n<p class=\"post__paragraph has-spacing--default\"><\/p>\n\n    <\/div>\r\n\r\n<\/div>\r\n\n\n\n<p class=\"post__paragraph is-style-typo--soehne has-spacing--m\">45:48 Min.<\/p>\n\n\n\n<p class=\"post__paragraph is-style-typo--soehne has-spacing--s\"><strong>The Epilogue (<a href=\"https:\/\/visualjournalism.de\/laia-abril\/\">Laia Abril<\/a> 2014) und Find a Fallen Star (Regine Petersen 2015):<\/strong> Beide Fotob\u00fccher tragen die Vergangenheit der Ereignisse, von denen sie erz\u00e4hlen wollen, bereits im Titel. Und beide B\u00fccher sind das, was man research-based nennen k\u00f6nnte, Fotob\u00fccher, denen eine intensive Recherche vorausgeht, B\u00fccher, die multimedial erz\u00e4hlen, um \u2013 zumindest in diesen beiden F\u00e4llen \u2013 zu rekonstruieren: In Abrils Arbeit wird das Wissen um die Bulimie der bereits verstorbenen Protagonistin zeitlich versetzt pr\u00e4sentiert und die Unwissenheit der Familie spiegelt sich in der Unwissenheit der Leser*innen. Petersen, die mehrere F\u00e4lle von Meteoriteneinschl\u00e4gen untersucht hat, fragt sich ebenfalls in ihrer Arbeit, wie etwas gezeigt werden kann, was man nicht (mehr) sehen kann. Beide B\u00fccher tun dies mit einer Vielzahl von Objekten: Von der Anzeige bis zum Brief werden verschiedenste Formen von Fundst\u00fccken zum Bild egalisiert, wohl wissend, dass damit Semantiken des Dokuments \u00fcbertragen oder gar evoziert werden. Im Vergleich mit dem Fotobuch Redheaded Peckerwood (Christian Patterson, 2010) m\u00f6chte Anja Sch\u00fcrmann das \u201aGenre\u2018 der recherchebasierten Fotob\u00fccher diversifizieren und differenzieren. Ihr Beitrag widmet sich dem Erz\u00e4hlen \u201azwischen\u2018 Bild und Text und seinen epistemischen Folgen. Methodisch wird gefragt, was an pikturalen Evidenzverfahren in research-based Fotob\u00fcchern zu finden ist, wobei sie sich auch der Narration zwischen Bild und Text widmen werde, um die gesamte Buchstruktur in ihrer epistemologischen Struktur in den Blick zu nehmen.<\/p>\n\n\n\n    <div class=\"btn-wrapper has-spacing--m\">\n        <a class=\"btn\" href=\"https:\/\/visualjournalism.de\/image-matters\/image-con-text\/complementary-testimonies\/\" target=\"_self\">Mehr zu image\/con\/text<\/a>\n    <\/div>\n<\/div>\n\n\n\n<div class=\"wp-block-group has-color-25-background-color has-background has-spacing--default\">\n<div class=\"devider has-spacing--none\">\n    <hr>\n<\/div>\n\n\n    <nav id=\"section-navigation-block_b8e359d75e40cc2c30bf5b32892238a8\" class=\"section-navigation has-spacing--s\">\n        <ul>\n\n                \n                    <li>Weitere Beitr\u00e4ge zu image\/con\/text:<\/li>\n                \n            \n            \n                        \n                        \n\n            \n\n        <\/ul>\n        \n    <\/nav>\n\n\n\n<div class=\"pinned-block teasergrid has-spacing--m\">\n\n\t\n\t<div class=\"pinned-block__column--left\">\n\n\t\t\r\n<article class=\"post-teaser--two-columns first-post post-35563 image-matters type-image-matters status-publish has-post-thumbnail hentry image-matters-kategorie-image-con-text\">\r\n\t<header class=\"entry-header\">\r\n\r\n\t\t<div class=\"entry-categories\">\n\t<a class=\"post__tag\" href=\"https:\/\/visualjournalism.de\/image-matters-kategorie\/image-con-text\/\" rel=\"category tag\">image\/con\/text<\/a><\/div>\r\n\t\t<a href=\"https:\/\/visualjournalism.de\/en\/image-matters\/image-con-text\/complementary-testimonies\/\" rel=\"bookmark\">\r\n\t\t\t<h2 class=\"entry-title\">Komplement\u00e4re Zeugnisse.<\/h2>\r\n\t\t\t<p class=\"entry-excerpt\">Dokumentarischer Diskurs zwischen Journalismus, Kunst und Aktivismus<\/p>\r\n\t\t<\/a>\r\n\r\n\t<\/header><!-- .entry-header -->\r\n\r\n\t<figure class=\"post__image\">\r\n\t\t<a href=\"https:\/\/visualjournalism.de\/en\/image-matters\/image-con-text\/complementary-testimonies\/\" rel=\"bookmark\">\r\n\t\t\t<img loading=\"lazy\" decoding=\"async\" width=\"768\" height=\"614\" src=\"https:\/\/visualjournalism.de\/wp-content\/uploads\/Buch-image-con-text-768x614.jpg\" class=\"attachment-post-image--medium size-post-image--medium\" alt=\"\" srcset=\"https:\/\/visualjournalism.de\/wp-content\/uploads\/Buch-image-con-text-768x614.jpg 768w, https:\/\/visualjournalism.de\/wp-content\/uploads\/Buch-image-con-text-300x240.jpg 300w, https:\/\/visualjournalism.de\/wp-content\/uploads\/Buch-image-con-text-670x536.jpg 670w, https:\/\/visualjournalism.de\/wp-content\/uploads\/Buch-image-con-text-420x336.jpg 420w, https:\/\/visualjournalism.de\/wp-content\/uploads\/Buch-image-con-text-350x280.jpg 350w, https:\/\/visualjournalism.de\/wp-content\/uploads\/Buch-image-con-text.jpg 1000w\" sizes=\"auto, (max-width: 768px) 100vw, 768px\" \/>\t\t<\/a>\r\n\t<\/figure><!-- .post__image -->\r\n\r\n<\/article>\r\n\n\t<\/div><!-- .pinned-block__column--left -->\n\n\t<div class=\"pinned-block__column--right\">\n\n\t\t<div class=\"grid--two-columns grid--masonry\">\n\n\t\t\t<div class=\"gutter-sizer\"><\/div>\n\n\t\t\t\r\n<article class=\"grid__item post-teaser--two-columns post-42899 image-matters type-image-matters status-publish has-post-thumbnail hentry image-matters-kategorie-image-con-text\">\r\n\t<header class=\"entry-header\">\r\n\r\n\t\t<div class=\"entry-categories\">\n\t<a class=\"post__tag\" href=\"https:\/\/visualjournalism.de\/image-matters-kategorie\/image-con-text\/\" rel=\"category tag\">image\/con\/text<\/a><\/div>\r\n\t\t<a href=\"https:\/\/visualjournalism.de\/en\/image-matters\/image-con-text\/komplementaere-zeugnisse-dokumentarischer-diskurs\/\" rel=\"bookmark\">\r\n\t\t\t<h2 class=\"entry-title\">Begr\u00fc\u00dfung zum Symposium.<\/h2>\r\n\t\t\t<p class=\"entry-excerpt\">Wie gestaltet sich das Verh\u00e4ltnis von Bildern und Texten? \u00dcber welche Strategien finden\u2026<\/p>\r\n\t\t<\/a>\r\n\r\n\t<\/header><!-- .entry-header -->\r\n\r\n\t<figure class=\"post__image\">\r\n\t\t<a href=\"https:\/\/visualjournalism.de\/en\/image-matters\/image-con-text\/komplementaere-zeugnisse-dokumentarischer-diskurs\/\" rel=\"bookmark\">\r\n\t\t\t<img loading=\"lazy\" decoding=\"async\" width=\"350\" height=\"197\" src=\"https:\/\/visualjournalism.de\/wp-content\/uploads\/ict-begruessung-350x197.png\" class=\"attachment-post-image--two-column--small size-post-image--two-column--small\" alt=\"\" srcset=\"https:\/\/visualjournalism.de\/wp-content\/uploads\/ict-begruessung-350x197.png 350w, https:\/\/visualjournalism.de\/wp-content\/uploads\/ict-begruessung-300x168.png 300w, https:\/\/visualjournalism.de\/wp-content\/uploads\/ict-begruessung-1024x575.png 1024w, https:\/\/visualjournalism.de\/wp-content\/uploads\/ict-begruessung-768x431.png 768w, https:\/\/visualjournalism.de\/wp-content\/uploads\/ict-begruessung-1536x863.png 1536w, https:\/\/visualjournalism.de\/wp-content\/uploads\/ict-begruessung-2048x1150.png 2048w, https:\/\/visualjournalism.de\/wp-content\/uploads\/ict-begruessung-1920x1078.png 1920w, https:\/\/visualjournalism.de\/wp-content\/uploads\/ict-begruessung-1400x786.png 1400w, https:\/\/visualjournalism.de\/wp-content\/uploads\/ict-begruessung-1050x590.png 1050w, https:\/\/visualjournalism.de\/wp-content\/uploads\/ict-begruessung-670x376.png 670w, https:\/\/visualjournalism.de\/wp-content\/uploads\/ict-begruessung-420x236.png 420w\" sizes=\"auto, (max-width: 350px) 100vw, 350px\" \/>\t\t<\/a>\r\n\t<\/figure><!-- .post__image -->\r\n\r\n<\/article>\r\n\r\n<article class=\"grid__item post-teaser--two-columns post-46585 image-matters type-image-matters status-publish has-post-thumbnail hentry image-matters-kategorie-image-con-text\">\r\n\t<header class=\"entry-header\">\r\n\r\n\t\t<div class=\"entry-categories\">\n\t<a class=\"post__tag\" href=\"https:\/\/visualjournalism.de\/image-matters-kategorie\/image-con-text\/\" rel=\"category tag\">image\/con\/text<\/a><\/div>\r\n\t\t<a href=\"https:\/\/visualjournalism.de\/en\/image-matters\/image-con-text\/ekphrasis-plain-sight-monster-within\/\" rel=\"bookmark\">\r\n\t\t\t<h2 class=\"entry-title\">The Monster Within.<\/h2>\r\n\t\t\t<p class=\"entry-excerpt\">Edmund Clark &#8211; Bending the Screen: strategies that reconfigure representation<\/p>\r\n\t\t<\/a>\r\n\r\n\t<\/header><!-- .entry-header -->\r\n\r\n\t<figure class=\"post__image\">\r\n\t\t<a href=\"https:\/\/visualjournalism.de\/en\/image-matters\/image-con-text\/ekphrasis-plain-sight-monster-within\/\" rel=\"bookmark\">\r\n\t\t\t<img loading=\"lazy\" decoding=\"async\" width=\"350\" height=\"190\" src=\"https:\/\/visualjournalism.de\/wp-content\/uploads\/ict-clark-350x190.png\" class=\"attachment-post-image--two-column--small size-post-image--two-column--small\" alt=\"\" srcset=\"https:\/\/visualjournalism.de\/wp-content\/uploads\/ict-clark-350x190.png 350w, https:\/\/visualjournalism.de\/wp-content\/uploads\/ict-clark-300x163.png 300w, https:\/\/visualjournalism.de\/wp-content\/uploads\/ict-clark-1024x556.png 1024w, https:\/\/visualjournalism.de\/wp-content\/uploads\/ict-clark-768x417.png 768w, https:\/\/visualjournalism.de\/wp-content\/uploads\/ict-clark-1536x835.png 1536w, https:\/\/visualjournalism.de\/wp-content\/uploads\/ict-clark-2048x1113.png 2048w, https:\/\/visualjournalism.de\/wp-content\/uploads\/ict-clark-1920x1043.png 1920w, https:\/\/visualjournalism.de\/wp-content\/uploads\/ict-clark-1400x761.png 1400w, https:\/\/visualjournalism.de\/wp-content\/uploads\/ict-clark-1050x571.png 1050w, https:\/\/visualjournalism.de\/wp-content\/uploads\/ict-clark-670x364.png 670w, https:\/\/visualjournalism.de\/wp-content\/uploads\/ict-clark-420x228.png 420w\" sizes=\"auto, (max-width: 350px) 100vw, 350px\" \/>\t\t<\/a>\r\n\t<\/figure><!-- .post__image -->\r\n\r\n<\/article>\r\n\r\n<article class=\"grid__item post-teaser--two-columns post-44341 image-matters type-image-matters status-publish has-post-thumbnail hentry image-matters-kategorie-image-con-text\">\r\n\t<header class=\"entry-header\">\r\n\r\n\t\t<div class=\"entry-categories\">\n\t<a class=\"post__tag\" href=\"https:\/\/visualjournalism.de\/image-matters-kategorie\/image-con-text\/\" rel=\"category tag\">image\/con\/text<\/a><\/div>\r\n\t\t<a href=\"https:\/\/visualjournalism.de\/en\/image-matters\/image-con-text\/photography-in-purgatory\/\" rel=\"bookmark\">\r\n\t\t\t<h2 class=\"entry-title\">Joan Fontcuberta.<\/h2>\r\n\t\t\t<p class=\"entry-excerpt\">about current research on damaged photographs.<\/p>\r\n\t\t<\/a>\r\n\r\n\t<\/header><!-- .entry-header -->\r\n\r\n\t<figure class=\"post__image\">\r\n\t\t<a href=\"https:\/\/visualjournalism.de\/en\/image-matters\/image-con-text\/photography-in-purgatory\/\" rel=\"bookmark\">\r\n\t\t\t<img loading=\"lazy\" decoding=\"async\" width=\"350\" height=\"197\" src=\"https:\/\/visualjournalism.de\/wp-content\/uploads\/ict-fontcuberta-2-350x197.png\" class=\"attachment-post-image--two-column--small size-post-image--two-column--small\" alt=\"\" srcset=\"https:\/\/visualjournalism.de\/wp-content\/uploads\/ict-fontcuberta-2-350x197.png 350w, https:\/\/visualjournalism.de\/wp-content\/uploads\/ict-fontcuberta-2-300x169.png 300w, https:\/\/visualjournalism.de\/wp-content\/uploads\/ict-fontcuberta-2-1024x577.png 1024w, https:\/\/visualjournalism.de\/wp-content\/uploads\/ict-fontcuberta-2-768x433.png 768w, https:\/\/visualjournalism.de\/wp-content\/uploads\/ict-fontcuberta-2-1536x866.png 1536w, https:\/\/visualjournalism.de\/wp-content\/uploads\/ict-fontcuberta-2-2048x1154.png 2048w, https:\/\/visualjournalism.de\/wp-content\/uploads\/ict-fontcuberta-2-1920x1082.png 1920w, https:\/\/visualjournalism.de\/wp-content\/uploads\/ict-fontcuberta-2-1400x789.png 1400w, https:\/\/visualjournalism.de\/wp-content\/uploads\/ict-fontcuberta-2-1050x592.png 1050w, https:\/\/visualjournalism.de\/wp-content\/uploads\/ict-fontcuberta-2-670x378.png 670w, https:\/\/visualjournalism.de\/wp-content\/uploads\/ict-fontcuberta-2-420x237.png 420w\" sizes=\"auto, (max-width: 350px) 100vw, 350px\" \/>\t\t<\/a>\r\n\t<\/figure><!-- .post__image -->\r\n\r\n<\/article>\r\n\r\n<article class=\"grid__item post-teaser--two-columns post-44334 image-matters type-image-matters status-publish has-post-thumbnail hentry image-matters-kategorie-image-con-text\">\r\n\t<header class=\"entry-header\">\r\n\r\n\t\t<div class=\"entry-categories\">\n\t<a class=\"post__tag\" href=\"https:\/\/visualjournalism.de\/image-matters-kategorie\/image-con-text\/\" rel=\"category tag\">image\/con\/text<\/a><\/div>\r\n\t\t<a href=\"https:\/\/visualjournalism.de\/en\/image-matters\/image-con-text\/readability-context-reinterpretation\/\" rel=\"bookmark\">\r\n\t\t\t<h2 class=\"entry-title\">Panel Discussion.<\/h2>\r\n\t\t\t<p class=\"entry-excerpt\">Found in Translation<\/p>\r\n\t\t<\/a>\r\n\r\n\t<\/header><!-- .entry-header -->\r\n\r\n\t<figure class=\"post__image\">\r\n\t\t<a href=\"https:\/\/visualjournalism.de\/en\/image-matters\/image-con-text\/readability-context-reinterpretation\/\" rel=\"bookmark\">\r\n\t\t\t<img loading=\"lazy\" decoding=\"async\" width=\"350\" height=\"196\" src=\"https:\/\/visualjournalism.de\/wp-content\/uploads\/ict-found-in-translation-350x196.png\" class=\"attachment-post-image--two-column--small size-post-image--two-column--small\" alt=\"\" srcset=\"https:\/\/visualjournalism.de\/wp-content\/uploads\/ict-found-in-translation-350x196.png 350w, https:\/\/visualjournalism.de\/wp-content\/uploads\/ict-found-in-translation-300x168.png 300w, https:\/\/visualjournalism.de\/wp-content\/uploads\/ict-found-in-translation-1024x575.png 1024w, https:\/\/visualjournalism.de\/wp-content\/uploads\/ict-found-in-translation-768x431.png 768w, https:\/\/visualjournalism.de\/wp-content\/uploads\/ict-found-in-translation-1536x862.png 1536w, https:\/\/visualjournalism.de\/wp-content\/uploads\/ict-found-in-translation-2048x1150.png 2048w, https:\/\/visualjournalism.de\/wp-content\/uploads\/ict-found-in-translation-1920x1078.png 1920w, https:\/\/visualjournalism.de\/wp-content\/uploads\/ict-found-in-translation-1400x786.png 1400w, https:\/\/visualjournalism.de\/wp-content\/uploads\/ict-found-in-translation-1050x589.png 1050w, https:\/\/visualjournalism.de\/wp-content\/uploads\/ict-found-in-translation-670x376.png 670w, https:\/\/visualjournalism.de\/wp-content\/uploads\/ict-found-in-translation-420x236.png 420w\" sizes=\"auto, (max-width: 350px) 100vw, 350px\" \/>\t\t<\/a>\r\n\t<\/figure><!-- .post__image -->\r\n\r\n<\/article>\r\n\t\t<\/div><!-- grid--two-columns -->\n\t<\/div><!-- .pinned-block__column--right -->\n\n<\/div><!-- .pinned-block -->\n\n\n<\/div>\n","protected":false},"excerpt":{"rendered":"<p>45:48 Min. The Epilogue (Laia Abril 2014) und Find a Fallen Star (Regine Petersen 2015): Beide Fotob\u00fccher tragen die Vergangenheit der Ereignisse, von denen sie erz\u00e4hlen wollen, bereits im Titel. Und beide B\u00fccher sind das, was man research-based nennen k\u00f6nnte, Fotob\u00fccher, denen eine intensive Recherche vorausgeht, B\u00fccher, die multimedial erz\u00e4hlen, um \u2013 zumindest in diesen [&hellip;]<\/p>\n","protected":false},"author":6,"featured_media":46831,"template":"","tags":[],"image-matters-kategorie":[177],"class_list":["post-46588","image-matters","type-image-matters","status-publish","has-post-thumbnail","hentry","image-matters-kategorie-image-con-text"],"acf":[],"yoast_head":"<!-- This site is optimized with the Yoast SEO Premium plugin v27.3 (Yoast SEO v27.3) - https:\/\/yoast.com\/product\/yoast-seo-premium-wordpress\/ -->\n<title>Video. Dr. Anja Sch\u00fcrmann - Show, Don\u2019t Tell? Research-based Fotob\u00fccher von Laia Abril, Christian Patterson und Regine Petersen. &#8211; Visual Journalism and Documentary Photography<\/title>\n<meta name=\"robots\" content=\"index, follow, max-snippet:-1, max-image-preview:large, max-video-preview:-1\" \/>\n<link rel=\"canonical\" href=\"https:\/\/visualjournalism.de\/en\/image-matters\/image-con-text\/show-dont-tell\/\" \/>\n<meta property=\"og:locale\" content=\"en_US\" \/>\n<meta property=\"og:type\" content=\"article\" \/>\n<meta property=\"og:title\" content=\"Video. Dr. Anja Sch\u00fcrmann - Show, Don\u2019t Tell? Research-based Fotob\u00fccher von Laia Abril, Christian Patterson und Regine Petersen.\" \/>\n<meta property=\"og:description\" content=\"45:48 Min. The Epilogue (Laia Abril 2014) und Find a Fallen Star (Regine Petersen 2015): Beide Fotob\u00fccher tragen die Vergangenheit der Ereignisse, von denen sie erz\u00e4hlen wollen, bereits im Titel. Und beide B\u00fccher sind das, was man research-based nennen k\u00f6nnte, Fotob\u00fccher, denen eine intensive Recherche vorausgeht, B\u00fccher, die multimedial erz\u00e4hlen, um \u2013 zumindest in diesen [&hellip;]\" \/>\n<meta property=\"og:url\" content=\"https:\/\/visualjournalism.de\/en\/image-matters\/image-con-text\/show-dont-tell\/\" \/>\n<meta property=\"og:site_name\" content=\"Visual Journalism and Documentary Photography\" \/>\n<meta property=\"article:publisher\" content=\"https:\/\/www.facebook.com\/people\/wwwfotostudentende\/100065173703897\/\" \/>\n<meta property=\"article:modified_time\" content=\"2025-01-03T18:25:40+00:00\" \/>\n<meta property=\"og:image\" content=\"https:\/\/visualjournalism.de\/wp-content\/uploads\/ict-schuemann.png\" \/>\n\t<meta property=\"og:image:width\" content=\"3360\" \/>\n\t<meta property=\"og:image:height\" content=\"1828\" \/>\n\t<meta property=\"og:image:type\" content=\"image\/png\" \/>\n<meta name=\"twitter:card\" content=\"summary_large_image\" \/>\n<meta name=\"twitter:site\" content=\"@HsHannover\" \/>\n<meta name=\"twitter:label1\" content=\"Est. reading time\" \/>\n\t<meta name=\"twitter:data1\" content=\"2 minutes\" \/>\n<script type=\"application\/ld+json\" class=\"yoast-schema-graph\">{\"@context\":\"https:\\\/\\\/schema.org\",\"@graph\":[{\"@type\":\"WebPage\",\"@id\":\"https:\\\/\\\/visualjournalism.de\\\/en\\\/image-matters\\\/image-con-text\\\/show-dont-tell\\\/\",\"url\":\"https:\\\/\\\/visualjournalism.de\\\/en\\\/image-matters\\\/image-con-text\\\/show-dont-tell\\\/\",\"name\":\"Video. Dr. Anja Sch\u00fcrmann - Show, Don\u2019t Tell? Research-based Fotob\u00fccher von Laia Abril, Christian Patterson und Regine Petersen. &#8211; Visual Journalism and Documentary Photography\",\"isPartOf\":{\"@id\":\"https:\\\/\\\/visualjournalism.de\\\/en\\\/#website\"},\"primaryImageOfPage\":{\"@id\":\"https:\\\/\\\/visualjournalism.de\\\/en\\\/image-matters\\\/image-con-text\\\/show-dont-tell\\\/#primaryimage\"},\"image\":{\"@id\":\"https:\\\/\\\/visualjournalism.de\\\/en\\\/image-matters\\\/image-con-text\\\/show-dont-tell\\\/#primaryimage\"},\"thumbnailUrl\":\"https:\\\/\\\/visualjournalism.de\\\/wp-content\\\/uploads\\\/ict-schuemann.png\",\"datePublished\":\"2024-12-12T12:56:00+00:00\",\"dateModified\":\"2025-01-03T18:25:40+00:00\",\"breadcrumb\":{\"@id\":\"https:\\\/\\\/visualjournalism.de\\\/en\\\/image-matters\\\/image-con-text\\\/show-dont-tell\\\/#breadcrumb\"},\"inLanguage\":\"en-US\",\"potentialAction\":[{\"@type\":\"ReadAction\",\"target\":[\"https:\\\/\\\/visualjournalism.de\\\/en\\\/image-matters\\\/image-con-text\\\/show-dont-tell\\\/\"]}]},{\"@type\":\"ImageObject\",\"inLanguage\":\"en-US\",\"@id\":\"https:\\\/\\\/visualjournalism.de\\\/en\\\/image-matters\\\/image-con-text\\\/show-dont-tell\\\/#primaryimage\",\"url\":\"https:\\\/\\\/visualjournalism.de\\\/wp-content\\\/uploads\\\/ict-schuemann.png\",\"contentUrl\":\"https:\\\/\\\/visualjournalism.de\\\/wp-content\\\/uploads\\\/ict-schuemann.png\",\"width\":3360,\"height\":1828},{\"@type\":\"BreadcrumbList\",\"@id\":\"https:\\\/\\\/visualjournalism.de\\\/en\\\/image-matters\\\/image-con-text\\\/show-dont-tell\\\/#breadcrumb\",\"itemListElement\":[{\"@type\":\"ListItem\",\"position\":1,\"name\":\"Home\",\"item\":\"https:\\\/\\\/visualjournalism.de\\\/en\\\/\"},{\"@type\":\"ListItem\",\"position\":2,\"name\":\"Image Matters\",\"item\":\"https:\\\/\\\/visualjournalism.de\\\/en\\\/image-matters\\\/\"},{\"@type\":\"ListItem\",\"position\":3,\"name\":\"Video. Dr. Anja Sch\u00fcrmann &#8211; Show, Don\u2019t Tell? Research-based Fotob\u00fccher von Laia Abril, Christian Patterson und Regine Petersen.\"}]},{\"@type\":\"WebSite\",\"@id\":\"https:\\\/\\\/visualjournalism.de\\\/en\\\/#website\",\"url\":\"https:\\\/\\\/visualjournalism.de\\\/en\\\/\",\"name\":\"Visual Journalism and Documentary Photography\",\"description\":\"All about the bilingual bachelor&#039;s program at Hannover University of Applied Sciences and Arts.\",\"publisher\":{\"@id\":\"https:\\\/\\\/visualjournalism.de\\\/en\\\/#organization\"},\"alternateName\":\"visualjournalism.de\",\"potentialAction\":[{\"@type\":\"SearchAction\",\"target\":{\"@type\":\"EntryPoint\",\"urlTemplate\":\"https:\\\/\\\/visualjournalism.de\\\/en\\\/?s={search_term_string}\"},\"query-input\":{\"@type\":\"PropertyValueSpecification\",\"valueRequired\":true,\"valueName\":\"search_term_string\"}}],\"inLanguage\":\"en-US\"},{\"@type\":\"Organization\",\"@id\":\"https:\\\/\\\/visualjournalism.de\\\/en\\\/#organization\",\"name\":\"Hochschule Hannover \u2013 University of Applied Sciences and Arts\",\"alternateName\":\"HsH\",\"url\":\"https:\\\/\\\/visualjournalism.de\\\/en\\\/\",\"logo\":{\"@type\":\"ImageObject\",\"inLanguage\":\"en-US\",\"@id\":\"https:\\\/\\\/visualjournalism.de\\\/en\\\/#\\\/schema\\\/logo\\\/image\\\/\",\"url\":\"https:\\\/\\\/visualjournalism.de\\\/wp-content\\\/uploads\\\/logo-hochschule-hannover.png\",\"contentUrl\":\"https:\\\/\\\/visualjournalism.de\\\/wp-content\\\/uploads\\\/logo-hochschule-hannover.png\",\"width\":363,\"height\":270,\"caption\":\"Hochschule Hannover \u2013 University of Applied Sciences and Arts\"},\"image\":{\"@id\":\"https:\\\/\\\/visualjournalism.de\\\/en\\\/#\\\/schema\\\/logo\\\/image\\\/\"},\"sameAs\":[\"https:\\\/\\\/www.facebook.com\\\/people\\\/wwwfotostudentende\\\/100065173703897\\\/\",\"https:\\\/\\\/x.com\\\/HsHannover\",\"https:\\\/\\\/www.instagram.com\\\/visualjournalism.de\\\/\"]}]}<\/script>\n<!-- \/ Yoast SEO Premium plugin. -->","yoast_head_json":{"title":"Video. Dr. Anja Sch\u00fcrmann - Show, Don\u2019t Tell? Research-based Fotob\u00fccher von Laia Abril, Christian Patterson und Regine Petersen. &#8211; Visual Journalism and Documentary Photography","robots":{"index":"index","follow":"follow","max-snippet":"max-snippet:-1","max-image-preview":"max-image-preview:large","max-video-preview":"max-video-preview:-1"},"canonical":"https:\/\/visualjournalism.de\/en\/image-matters\/image-con-text\/show-dont-tell\/","og_locale":"en_US","og_type":"article","og_title":"Video. Dr. Anja Sch\u00fcrmann - Show, Don\u2019t Tell? Research-based Fotob\u00fccher von Laia Abril, Christian Patterson und Regine Petersen.","og_description":"45:48 Min. The Epilogue (Laia Abril 2014) und Find a Fallen Star (Regine Petersen 2015): Beide Fotob\u00fccher tragen die Vergangenheit der Ereignisse, von denen sie erz\u00e4hlen wollen, bereits im Titel. Und beide B\u00fccher sind das, was man research-based nennen k\u00f6nnte, Fotob\u00fccher, denen eine intensive Recherche vorausgeht, B\u00fccher, die multimedial erz\u00e4hlen, um \u2013 zumindest in diesen [&hellip;]","og_url":"https:\/\/visualjournalism.de\/en\/image-matters\/image-con-text\/show-dont-tell\/","og_site_name":"Visual Journalism and Documentary Photography","article_publisher":"https:\/\/www.facebook.com\/people\/wwwfotostudentende\/100065173703897\/","article_modified_time":"2025-01-03T18:25:40+00:00","og_image":[{"width":3360,"height":1828,"url":"https:\/\/visualjournalism.de\/wp-content\/uploads\/ict-schuemann.png","type":"image\/png"}],"twitter_card":"summary_large_image","twitter_site":"@HsHannover","twitter_misc":{"Est. reading time":"2 minutes"},"schema":{"@context":"https:\/\/schema.org","@graph":[{"@type":"WebPage","@id":"https:\/\/visualjournalism.de\/en\/image-matters\/image-con-text\/show-dont-tell\/","url":"https:\/\/visualjournalism.de\/en\/image-matters\/image-con-text\/show-dont-tell\/","name":"Video. Dr. Anja Sch\u00fcrmann - Show, Don\u2019t Tell? Research-based Fotob\u00fccher von Laia Abril, Christian Patterson und Regine Petersen. &#8211; Visual Journalism and Documentary Photography","isPartOf":{"@id":"https:\/\/visualjournalism.de\/en\/#website"},"primaryImageOfPage":{"@id":"https:\/\/visualjournalism.de\/en\/image-matters\/image-con-text\/show-dont-tell\/#primaryimage"},"image":{"@id":"https:\/\/visualjournalism.de\/en\/image-matters\/image-con-text\/show-dont-tell\/#primaryimage"},"thumbnailUrl":"https:\/\/visualjournalism.de\/wp-content\/uploads\/ict-schuemann.png","datePublished":"2024-12-12T12:56:00+00:00","dateModified":"2025-01-03T18:25:40+00:00","breadcrumb":{"@id":"https:\/\/visualjournalism.de\/en\/image-matters\/image-con-text\/show-dont-tell\/#breadcrumb"},"inLanguage":"en-US","potentialAction":[{"@type":"ReadAction","target":["https:\/\/visualjournalism.de\/en\/image-matters\/image-con-text\/show-dont-tell\/"]}]},{"@type":"ImageObject","inLanguage":"en-US","@id":"https:\/\/visualjournalism.de\/en\/image-matters\/image-con-text\/show-dont-tell\/#primaryimage","url":"https:\/\/visualjournalism.de\/wp-content\/uploads\/ict-schuemann.png","contentUrl":"https:\/\/visualjournalism.de\/wp-content\/uploads\/ict-schuemann.png","width":3360,"height":1828},{"@type":"BreadcrumbList","@id":"https:\/\/visualjournalism.de\/en\/image-matters\/image-con-text\/show-dont-tell\/#breadcrumb","itemListElement":[{"@type":"ListItem","position":1,"name":"Home","item":"https:\/\/visualjournalism.de\/en\/"},{"@type":"ListItem","position":2,"name":"Image Matters","item":"https:\/\/visualjournalism.de\/en\/image-matters\/"},{"@type":"ListItem","position":3,"name":"Video. Dr. Anja Sch\u00fcrmann &#8211; Show, Don\u2019t Tell? Research-based Fotob\u00fccher von Laia Abril, Christian Patterson und Regine Petersen."}]},{"@type":"WebSite","@id":"https:\/\/visualjournalism.de\/en\/#website","url":"https:\/\/visualjournalism.de\/en\/","name":"Visual Journalism and Documentary Photography","description":"All about the bilingual bachelor&#039;s program at Hannover University of Applied Sciences and Arts.","publisher":{"@id":"https:\/\/visualjournalism.de\/en\/#organization"},"alternateName":"visualjournalism.de","potentialAction":[{"@type":"SearchAction","target":{"@type":"EntryPoint","urlTemplate":"https:\/\/visualjournalism.de\/en\/?s={search_term_string}"},"query-input":{"@type":"PropertyValueSpecification","valueRequired":true,"valueName":"search_term_string"}}],"inLanguage":"en-US"},{"@type":"Organization","@id":"https:\/\/visualjournalism.de\/en\/#organization","name":"Hochschule Hannover \u2013 University of Applied Sciences and Arts","alternateName":"HsH","url":"https:\/\/visualjournalism.de\/en\/","logo":{"@type":"ImageObject","inLanguage":"en-US","@id":"https:\/\/visualjournalism.de\/en\/#\/schema\/logo\/image\/","url":"https:\/\/visualjournalism.de\/wp-content\/uploads\/logo-hochschule-hannover.png","contentUrl":"https:\/\/visualjournalism.de\/wp-content\/uploads\/logo-hochschule-hannover.png","width":363,"height":270,"caption":"Hochschule Hannover \u2013 University of Applied Sciences and Arts"},"image":{"@id":"https:\/\/visualjournalism.de\/en\/#\/schema\/logo\/image\/"},"sameAs":["https:\/\/www.facebook.com\/people\/wwwfotostudentende\/100065173703897\/","https:\/\/x.com\/HsHannover","https:\/\/www.instagram.com\/visualjournalism.de\/"]}]}},"_links":{"self":[{"href":"https:\/\/visualjournalism.de\/en\/wp-json\/wp\/v2\/image-matters\/46588","targetHints":{"allow":["GET"]}}],"collection":[{"href":"https:\/\/visualjournalism.de\/en\/wp-json\/wp\/v2\/image-matters"}],"about":[{"href":"https:\/\/visualjournalism.de\/en\/wp-json\/wp\/v2\/types\/image-matters"}],"author":[{"embeddable":true,"href":"https:\/\/visualjournalism.de\/en\/wp-json\/wp\/v2\/users\/6"}],"version-history":[{"count":0,"href":"https:\/\/visualjournalism.de\/en\/wp-json\/wp\/v2\/image-matters\/46588\/revisions"}],"wp:featuredmedia":[{"embeddable":true,"href":"https:\/\/visualjournalism.de\/en\/wp-json\/wp\/v2\/media\/46831"}],"wp:attachment":[{"href":"https:\/\/visualjournalism.de\/en\/wp-json\/wp\/v2\/media?parent=46588"}],"wp:term":[{"taxonomy":"post_tag","embeddable":true,"href":"https:\/\/visualjournalism.de\/en\/wp-json\/wp\/v2\/tags?post=46588"},{"taxonomy":"image-matters-kategorie","embeddable":true,"href":"https:\/\/visualjournalism.de\/en\/wp-json\/wp\/v2\/image-matters-kategorie?post=46588"}],"curies":[{"name":"wp","href":"https:\/\/api.w.org\/{rel}","templated":true}]}}