{"id":10419,"date":"2023-07-09T13:34:40","date_gmt":"2023-07-09T13:34:40","guid":{"rendered":"https:\/\/visualjournalism.de\/unkategorisiert\/tim-wagner-clearing-of-the-dannenroeder-forest\/"},"modified":"2023-07-19T13:42:40","modified_gmt":"2023-07-19T13:42:40","slug":"tim-wagner-clearing-of-the-dannenroeder-forest","status":"publish","type":"magazin","link":"https:\/\/visualjournalism.de\/en\/magazine\/%magazinkategorie%\/tim-wagner-clearing-of-the-dannenroeder-forest\/","title":{"rendered":"Tim Wagner: Clearing of the Dannenr\u00f6der Forest"},"content":{"rendered":"\n        <figure class=\"post-image--cover has-spacing--m\">\n\n            <img decoding=\"async\" src=\"https:\/\/visualjournalism.de\/wp-content\/uploads\/1_DannenroederWald_WAG2569-1.jpg\"  alt=\"\" \/>\n            \n                            <span class=\"post__image__title\">Dannenr\u00f6der Forest, Germany, November 16, 2020<\/span>\n            \n        <\/figure><!-- post-image--cover -->\n\n    \n\n \n\n    <div id=\"lead-in-block_67d200bfdcf8cddae8b9f9fea5f94868\" class=\"block-lead-in typo--default font-size--xl has-spacing--m width--default\">\n        <p><strong>Utopia against state power. <\/strong>The student <img loading=\"lazy\" decoding=\"async\" class=\"alignnone size-full wp-image-9949\" src=\"https:\/\/visualjournalism.de\/wp-content\/uploads\/Tim_Wagner-1.jpg\" alt=\"\" width=\"100\" height=\"100\" srcset=\"https:\/\/visualjournalism.de\/wp-content\/uploads\/Tim_Wagner-1.jpg 100w, https:\/\/visualjournalism.de\/wp-content\/uploads\/Tim_Wagner-1-52x52.jpg 52w\" sizes=\"auto, (max-width: 100px) 100vw, 100px\" \/> Tim Wagner accompanies the evacuation of the Dannenr\u00f6der Forest.<\/p>\n<div class=\"entry-meta\">\r\n    <span class=\"posted-on\"><a href=\"https:\/\/visualjournalism.de\/en\/magazine\/%magazinkategorie%\/tim-wagner-clearing-of-the-dannenroeder-forest\/\" rel=\"bookmark\"><time class=\"entry-date published\" datetime=\"2023-07-09T13:34:40+02:00\">09.07.2023<\/time><\/a><\/span> <span class=\"byline\">Text: <span class=\"author vcard\">Finn Winkler<\/span><\/span> <span class=\"photographer\"> Fotos: Tim Wagner<\/span><\/div><!-- .entry-meta -->\r\n    <\/div>\n\n\n<p class=\"post__paragraph has-spacing--m\">The <strong>&#8220;Danni<\/strong>&#8221; <strong>is a 250-year-old mixed forest in Hesse<\/strong>. It is the drinking water reservoir in the region. And it is a symbol of the outdated transport policy in Germany. Thus, large parts of the forest were cleared at the end of 2020. The reason: a highway planned in the 1970s.<br\/><br\/>Already one year before the clearing, environmental activists occupied the forest. Their goal was to save the forest and, at the same time, to bring about a general turnaround in transportation. They erected dozens of tree house settlements and many barricades on the planned highway route in the forest. These settlements became a place of retreat. But they also became an experimental field for an alternative way of life, a lived utopia in harmony with nature.  <br\/><br\/>It was November 2020 when the eviction began. It lasted for five weeks. The action was one of the largest German police operations in recent years. Again and again there were clashes between the authorities and the activists. In the end, the police cleared all the tree houses, cut down the trees on the route and arrested many activists. The student Tim Wagner accompanied the actions for several weeks.  <\/p>\n    <figure class=\"block-photo post__image--wide-left has-spacing--m with-title\">\n\n        <div class=\"post__image__container\">\n            <img loading=\"lazy\" decoding=\"async\" \n                src=\"https:\/\/visualjournalism.de\/wp-content\/uploads\/3_DannenroederWald_WAG4565-1-1050x699.jpg\"\n                srcset=\"https:\/\/visualjournalism.de\/wp-content\/uploads\/3_DannenroederWald_WAG4565-1-1050x699.jpg 1050w, https:\/\/visualjournalism.de\/wp-content\/uploads\/3_DannenroederWald_WAG4565-1-300x200.jpg 300w, https:\/\/visualjournalism.de\/wp-content\/uploads\/3_DannenroederWald_WAG4565-1-1024x682.jpg 1024w, https:\/\/visualjournalism.de\/wp-content\/uploads\/3_DannenroederWald_WAG4565-1-768x511.jpg 768w, https:\/\/visualjournalism.de\/wp-content\/uploads\/3_DannenroederWald_WAG4565-1-1536x1022.jpg 1536w, https:\/\/visualjournalism.de\/wp-content\/uploads\/3_DannenroederWald_WAG4565-1-1400x932.jpg 1400w, https:\/\/visualjournalism.de\/wp-content\/uploads\/3_DannenroederWald_WAG4565-1-670x446.jpg 670w, https:\/\/visualjournalism.de\/wp-content\/uploads\/3_DannenroederWald_WAG4565-1-420x280.jpg 420w, https:\/\/visualjournalism.de\/wp-content\/uploads\/3_DannenroederWald_WAG4565-1-350x233.jpg 350w, https:\/\/visualjournalism.de\/wp-content\/uploads\/3_DannenroederWald_WAG4565-1.jpg 1600w\"\n                width=\"1050\" \n                height=\"699\"\n                alt=\"\" \n            \/>\n            \n                            <span class=\"post__image__title\">November 10, 2020<\/span>\n                    <\/div><!-- post__image__container -->\n\n                    <figcaption class=\"post__image__caption--soehne\"><p><strong>On the morning<\/strong> of November 10, preparations begin to clear the occupied forest. A long police cordon is drawn up in front of the forest in the fog.<\/p>\n<\/figcaption>\n        \n    <\/figure><!-- post__image -->\n\n    <figure class=\"block-photo post__image--half-right has-spacing--m with-title\">\n\n        <div class=\"post__image__container\">\n            <img loading=\"lazy\" decoding=\"async\" \n                src=\"https:\/\/visualjournalism.de\/wp-content\/uploads\/2_DannenroederWald_WAG4460-1-768x511.jpg\"\n                srcset=\"https:\/\/visualjournalism.de\/wp-content\/uploads\/2_DannenroederWald_WAG4460-1-768x511.jpg 768w, https:\/\/visualjournalism.de\/wp-content\/uploads\/2_DannenroederWald_WAG4460-1-300x200.jpg 300w, https:\/\/visualjournalism.de\/wp-content\/uploads\/2_DannenroederWald_WAG4460-1-1024x682.jpg 1024w, https:\/\/visualjournalism.de\/wp-content\/uploads\/2_DannenroederWald_WAG4460-1-1536x1022.jpg 1536w, https:\/\/visualjournalism.de\/wp-content\/uploads\/2_DannenroederWald_WAG4460-1-1400x932.jpg 1400w, https:\/\/visualjournalism.de\/wp-content\/uploads\/2_DannenroederWald_WAG4460-1-1050x699.jpg 1050w, https:\/\/visualjournalism.de\/wp-content\/uploads\/2_DannenroederWald_WAG4460-1-670x446.jpg 670w, https:\/\/visualjournalism.de\/wp-content\/uploads\/2_DannenroederWald_WAG4460-1-420x280.jpg 420w, https:\/\/visualjournalism.de\/wp-content\/uploads\/2_DannenroederWald_WAG4460-1-350x233.jpg 350w, https:\/\/visualjournalism.de\/wp-content\/uploads\/2_DannenroederWald_WAG4460-1.jpg 1600w\"\n                width=\"768\" \n                height=\"511\"\n                alt=\"\" \n            \/>\n            \n                            <span class=\"post__image__title\">November 25, 2020<\/span>\n                    <\/div><!-- post__image__container -->\n\n                    <figcaption class=\"post__image__caption--soehne\"><p><strong>Police base and fortress<\/strong> in front of the forest on the future motorway\u2014primarily to protect the construction machines<\/p>\n<\/figcaption>\n        \n    <\/figure><!-- post__image -->\n\n    <figure class=\"block-photo post__image--half-left has-spacing--m with-title\">\n\n        <div class=\"post__image__container\">\n            <img loading=\"lazy\" decoding=\"async\" \n                src=\"https:\/\/visualjournalism.de\/wp-content\/uploads\/4_DannenroederWald_WAG9122-768x511.jpg\"\n                srcset=\"https:\/\/visualjournalism.de\/wp-content\/uploads\/4_DannenroederWald_WAG9122-768x511.jpg 768w, https:\/\/visualjournalism.de\/wp-content\/uploads\/4_DannenroederWald_WAG9122-300x200.jpg 300w, https:\/\/visualjournalism.de\/wp-content\/uploads\/4_DannenroederWald_WAG9122-1024x682.jpg 1024w, https:\/\/visualjournalism.de\/wp-content\/uploads\/4_DannenroederWald_WAG9122-1536x1022.jpg 1536w, https:\/\/visualjournalism.de\/wp-content\/uploads\/4_DannenroederWald_WAG9122-1400x932.jpg 1400w, https:\/\/visualjournalism.de\/wp-content\/uploads\/4_DannenroederWald_WAG9122-1050x699.jpg 1050w, https:\/\/visualjournalism.de\/wp-content\/uploads\/4_DannenroederWald_WAG9122-670x446.jpg 670w, https:\/\/visualjournalism.de\/wp-content\/uploads\/4_DannenroederWald_WAG9122-420x280.jpg 420w, https:\/\/visualjournalism.de\/wp-content\/uploads\/4_DannenroederWald_WAG9122-350x233.jpg 350w, https:\/\/visualjournalism.de\/wp-content\/uploads\/4_DannenroederWald_WAG9122.jpg 1600w\"\n                width=\"768\" \n                height=\"511\"\n                alt=\"\" \n            \/>\n            \n                            <span class=\"post__image__title\">November 16, 2020<\/span>\n                    <\/div><!-- post__image__container -->\n\n                    <figcaption class=\"post__image__caption--soehne\"><p><strong>An activist lies<\/strong> on the sawed-off trees of her former home.<\/p>\n<\/figcaption>\n        \n    <\/figure><!-- post__image -->\n\n    <figure class=\"block-photo post__image--full has-spacing--m with-title\">\n\n        <div class=\"post__image__container\">\n            <img loading=\"lazy\" decoding=\"async\" \n                src=\"https:\/\/visualjournalism.de\/wp-content\/uploads\/5_DannenroederWald_WAG6833-1400x932.jpg\"\n                srcset=\"https:\/\/visualjournalism.de\/wp-content\/uploads\/5_DannenroederWald_WAG6833-1400x932.jpg 1400w, https:\/\/visualjournalism.de\/wp-content\/uploads\/5_DannenroederWald_WAG6833-300x200.jpg 300w, https:\/\/visualjournalism.de\/wp-content\/uploads\/5_DannenroederWald_WAG6833-1024x682.jpg 1024w, https:\/\/visualjournalism.de\/wp-content\/uploads\/5_DannenroederWald_WAG6833-768x511.jpg 768w, https:\/\/visualjournalism.de\/wp-content\/uploads\/5_DannenroederWald_WAG6833-1536x1022.jpg 1536w, https:\/\/visualjournalism.de\/wp-content\/uploads\/5_DannenroederWald_WAG6833-1050x699.jpg 1050w, https:\/\/visualjournalism.de\/wp-content\/uploads\/5_DannenroederWald_WAG6833-670x446.jpg 670w, https:\/\/visualjournalism.de\/wp-content\/uploads\/5_DannenroederWald_WAG6833-420x280.jpg 420w, https:\/\/visualjournalism.de\/wp-content\/uploads\/5_DannenroederWald_WAG6833-350x233.jpg 350w, https:\/\/visualjournalism.de\/wp-content\/uploads\/5_DannenroederWald_WAG6833.jpg 1600w\"\n                width=\"1400\" \n                height=\"932\"\n                alt=\"\" \n            \/>\n            \n                            <span class=\"post__image__title\">November 12, 2020<\/span>\n                    <\/div><!-- post__image__container -->\n\n                    <figcaption class=\"post__image__caption--soehne\"><p><strong>The activists use tripods<\/strong> and attach themselves to trees with hammocks. In this way, they try to block the path of the logging machines.<\/p>\n<\/figcaption>\n        \n    <\/figure><!-- post__image -->\n\n    <figure class=\"block-photo post__image--full has-spacing--m with-title\">\n\n        <div class=\"post__image__container\">\n            <img loading=\"lazy\" decoding=\"async\" \n                src=\"https:\/\/visualjournalism.de\/wp-content\/uploads\/6_DannenroederWald_WAG8261-1400x932.jpg\"\n                srcset=\"https:\/\/visualjournalism.de\/wp-content\/uploads\/6_DannenroederWald_WAG8261-1400x932.jpg 1400w, https:\/\/visualjournalism.de\/wp-content\/uploads\/6_DannenroederWald_WAG8261-300x200.jpg 300w, https:\/\/visualjournalism.de\/wp-content\/uploads\/6_DannenroederWald_WAG8261-1024x682.jpg 1024w, https:\/\/visualjournalism.de\/wp-content\/uploads\/6_DannenroederWald_WAG8261-768x511.jpg 768w, https:\/\/visualjournalism.de\/wp-content\/uploads\/6_DannenroederWald_WAG8261-1536x1022.jpg 1536w, https:\/\/visualjournalism.de\/wp-content\/uploads\/6_DannenroederWald_WAG8261-1050x699.jpg 1050w, https:\/\/visualjournalism.de\/wp-content\/uploads\/6_DannenroederWald_WAG8261-670x446.jpg 670w, https:\/\/visualjournalism.de\/wp-content\/uploads\/6_DannenroederWald_WAG8261-420x280.jpg 420w, https:\/\/visualjournalism.de\/wp-content\/uploads\/6_DannenroederWald_WAG8261-350x233.jpg 350w, https:\/\/visualjournalism.de\/wp-content\/uploads\/6_DannenroederWald_WAG8261.jpg 1600w\"\n                width=\"1400\" \n                height=\"932\"\n                alt=\"\" \n            \/>\n            \n                            <span class=\"post__image__title\">November 15, 2020<\/span>\n                    <\/div><!-- post__image__container -->\n\n                    <figcaption class=\"post__image__caption--soehne\"><p><strong>The insight of a tree house<\/strong> of the main settlement \u201cMorgen\u201d in the forest. Photos of earlier forest occupations and electronics for light and the internet hang on the wall.<\/p>\n<\/figcaption>\n        \n    <\/figure><!-- post__image -->\n\n    <figure class=\"block-photo post__image--half-right has-spacing--m with-title\">\n\n        <div class=\"post__image__container\">\n            <img loading=\"lazy\" decoding=\"async\" \n                src=\"https:\/\/visualjournalism.de\/wp-content\/uploads\/7_DannenroederWald_WAG9863-768x511.jpg\"\n                srcset=\"https:\/\/visualjournalism.de\/wp-content\/uploads\/7_DannenroederWald_WAG9863-768x511.jpg 768w, https:\/\/visualjournalism.de\/wp-content\/uploads\/7_DannenroederWald_WAG9863-300x200.jpg 300w, https:\/\/visualjournalism.de\/wp-content\/uploads\/7_DannenroederWald_WAG9863-1024x682.jpg 1024w, https:\/\/visualjournalism.de\/wp-content\/uploads\/7_DannenroederWald_WAG9863-1536x1022.jpg 1536w, https:\/\/visualjournalism.de\/wp-content\/uploads\/7_DannenroederWald_WAG9863-1400x932.jpg 1400w, https:\/\/visualjournalism.de\/wp-content\/uploads\/7_DannenroederWald_WAG9863-1050x699.jpg 1050w, https:\/\/visualjournalism.de\/wp-content\/uploads\/7_DannenroederWald_WAG9863-670x446.jpg 670w, https:\/\/visualjournalism.de\/wp-content\/uploads\/7_DannenroederWald_WAG9863-420x280.jpg 420w, https:\/\/visualjournalism.de\/wp-content\/uploads\/7_DannenroederWald_WAG9863-350x233.jpg 350w, https:\/\/visualjournalism.de\/wp-content\/uploads\/7_DannenroederWald_WAG9863.jpg 1600w\"\n                width=\"768\" \n                height=\"511\"\n                alt=\"\" \n            \/>\n            \n                            <span class=\"post__image__title\">November 18, 2020<\/span>\n                    <\/div><!-- post__image__container -->\n\n                    <figcaption class=\"post__image__caption--soehne\"><p><strong>The police take<\/strong> activists down from the trees with a lifting platform.<\/p>\n<\/figcaption>\n        \n    <\/figure><!-- post__image -->\n\n    <figure class=\"block-photo post__image--half-left has-spacing--m with-title\">\n\n        <div class=\"post__image__container\">\n            <img loading=\"lazy\" decoding=\"async\" \n                src=\"https:\/\/visualjournalism.de\/wp-content\/uploads\/8_DannenroederWald_WAG3837-768x511.jpg\"\n                srcset=\"https:\/\/visualjournalism.de\/wp-content\/uploads\/8_DannenroederWald_WAG3837-768x511.jpg 768w, https:\/\/visualjournalism.de\/wp-content\/uploads\/8_DannenroederWald_WAG3837-300x200.jpg 300w, https:\/\/visualjournalism.de\/wp-content\/uploads\/8_DannenroederWald_WAG3837-1024x682.jpg 1024w, https:\/\/visualjournalism.de\/wp-content\/uploads\/8_DannenroederWald_WAG3837-1536x1022.jpg 1536w, https:\/\/visualjournalism.de\/wp-content\/uploads\/8_DannenroederWald_WAG3837-1400x932.jpg 1400w, https:\/\/visualjournalism.de\/wp-content\/uploads\/8_DannenroederWald_WAG3837-1050x699.jpg 1050w, https:\/\/visualjournalism.de\/wp-content\/uploads\/8_DannenroederWald_WAG3837-670x446.jpg 670w, https:\/\/visualjournalism.de\/wp-content\/uploads\/8_DannenroederWald_WAG3837-420x280.jpg 420w, https:\/\/visualjournalism.de\/wp-content\/uploads\/8_DannenroederWald_WAG3837-350x233.jpg 350w, https:\/\/visualjournalism.de\/wp-content\/uploads\/8_DannenroederWald_WAG3837.jpg 1600w\"\n                width=\"768\" \n                height=\"511\"\n                alt=\"\" \n            \/>\n            \n                            <span class=\"post__image__title\">November 9, 2020<\/span>\n                    <\/div><!-- post__image__container -->\n\n                    <figcaption class=\"post__image__caption--soehne\"><p><b>Activist fetching water<\/b> in the Dannenr\u00f6der forest. The groundwater table is so high that in some places the water comes to the surface in springs.<\/p>\n<\/figcaption>\n        \n    <\/figure><!-- post__image -->\n\n    <figure class=\"block-photo post__image--full has-spacing--m with-title\">\n\n        <div class=\"post__image__container\">\n            <img loading=\"lazy\" decoding=\"async\" \n                src=\"https:\/\/visualjournalism.de\/wp-content\/uploads\/10_DannenroederWald_WAG8830-1400x932.jpg\"\n                srcset=\"https:\/\/visualjournalism.de\/wp-content\/uploads\/10_DannenroederWald_WAG8830-1400x932.jpg 1400w, https:\/\/visualjournalism.de\/wp-content\/uploads\/10_DannenroederWald_WAG8830-300x200.jpg 300w, https:\/\/visualjournalism.de\/wp-content\/uploads\/10_DannenroederWald_WAG8830-1024x682.jpg 1024w, https:\/\/visualjournalism.de\/wp-content\/uploads\/10_DannenroederWald_WAG8830-768x511.jpg 768w, https:\/\/visualjournalism.de\/wp-content\/uploads\/10_DannenroederWald_WAG8830-1536x1022.jpg 1536w, https:\/\/visualjournalism.de\/wp-content\/uploads\/10_DannenroederWald_WAG8830-1050x699.jpg 1050w, https:\/\/visualjournalism.de\/wp-content\/uploads\/10_DannenroederWald_WAG8830-670x446.jpg 670w, https:\/\/visualjournalism.de\/wp-content\/uploads\/10_DannenroederWald_WAG8830-420x280.jpg 420w, https:\/\/visualjournalism.de\/wp-content\/uploads\/10_DannenroederWald_WAG8830-350x233.jpg 350w, https:\/\/visualjournalism.de\/wp-content\/uploads\/10_DannenroederWald_WAG8830.jpg 1600w\"\n                width=\"1400\" \n                height=\"932\"\n                alt=\"\" \n            \/>\n            \n                            <span class=\"post__image__title\">November 16, 2020<\/span>\n                    <\/div><!-- post__image__container -->\n\n                    <figcaption class=\"post__image__caption--soehne\"><p><strong>To avoid being<\/strong> identifiable in case of arrest, the activists cut their fingertips.<\/p>\n<\/figcaption>\n        \n    <\/figure><!-- post__image -->\n\n    <figure class=\"block-photo post__image--half-right has-spacing--m with-title\">\n\n        <div class=\"post__image__container\">\n            <img loading=\"lazy\" decoding=\"async\" \n                src=\"https:\/\/visualjournalism.de\/wp-content\/uploads\/12_DannenroederWald_WAG5068-768x511.jpg\"\n                srcset=\"https:\/\/visualjournalism.de\/wp-content\/uploads\/12_DannenroederWald_WAG5068-768x511.jpg 768w, https:\/\/visualjournalism.de\/wp-content\/uploads\/12_DannenroederWald_WAG5068-300x200.jpg 300w, https:\/\/visualjournalism.de\/wp-content\/uploads\/12_DannenroederWald_WAG5068-1024x682.jpg 1024w, https:\/\/visualjournalism.de\/wp-content\/uploads\/12_DannenroederWald_WAG5068-1536x1022.jpg 1536w, https:\/\/visualjournalism.de\/wp-content\/uploads\/12_DannenroederWald_WAG5068-1400x932.jpg 1400w, https:\/\/visualjournalism.de\/wp-content\/uploads\/12_DannenroederWald_WAG5068-1050x699.jpg 1050w, https:\/\/visualjournalism.de\/wp-content\/uploads\/12_DannenroederWald_WAG5068-670x446.jpg 670w, https:\/\/visualjournalism.de\/wp-content\/uploads\/12_DannenroederWald_WAG5068-420x280.jpg 420w, https:\/\/visualjournalism.de\/wp-content\/uploads\/12_DannenroederWald_WAG5068-350x233.jpg 350w, https:\/\/visualjournalism.de\/wp-content\/uploads\/12_DannenroederWald_WAG5068.jpg 1600w\"\n                width=\"768\" \n                height=\"511\"\n                alt=\"\" \n            \/>\n            \n                            <span class=\"post__image__title\">November 26, 2020<\/span>\n                    <\/div><!-- post__image__container -->\n\n                    <figcaption class=\"post__image__caption--soehne\"><p><strong>Thin trees stand<\/strong> in the mist. Clearing has already taken place in the background.<\/p>\n<\/figcaption>\n        \n    <\/figure><!-- post__image -->\n\n    <figure class=\"block-photo post__image--half-left has-spacing--m with-title\">\n\n        <div class=\"post__image__container\">\n            <img loading=\"lazy\" decoding=\"async\" \n                src=\"https:\/\/visualjournalism.de\/wp-content\/uploads\/13_DannenroederWald_WAG7756-768x511.jpg\"\n                srcset=\"https:\/\/visualjournalism.de\/wp-content\/uploads\/13_DannenroederWald_WAG7756-768x511.jpg 768w, https:\/\/visualjournalism.de\/wp-content\/uploads\/13_DannenroederWald_WAG7756-300x200.jpg 300w, https:\/\/visualjournalism.de\/wp-content\/uploads\/13_DannenroederWald_WAG7756-1024x682.jpg 1024w, https:\/\/visualjournalism.de\/wp-content\/uploads\/13_DannenroederWald_WAG7756-1536x1022.jpg 1536w, https:\/\/visualjournalism.de\/wp-content\/uploads\/13_DannenroederWald_WAG7756-1400x932.jpg 1400w, https:\/\/visualjournalism.de\/wp-content\/uploads\/13_DannenroederWald_WAG7756-1050x699.jpg 1050w, https:\/\/visualjournalism.de\/wp-content\/uploads\/13_DannenroederWald_WAG7756-670x446.jpg 670w, https:\/\/visualjournalism.de\/wp-content\/uploads\/13_DannenroederWald_WAG7756-420x280.jpg 420w, https:\/\/visualjournalism.de\/wp-content\/uploads\/13_DannenroederWald_WAG7756-350x233.jpg 350w, https:\/\/visualjournalism.de\/wp-content\/uploads\/13_DannenroederWald_WAG7756.jpg 1600w\"\n                width=\"768\" \n                height=\"511\"\n                alt=\"\" \n            \/>\n            \n                            <span class=\"post__image__title\">November 14, 2020<\/span>\n                    <\/div><!-- post__image__container -->\n\n                    <figcaption class=\"post__image__caption--soehne\"><p><strong>The riot police<\/strong> stand in the fog of a smoke pot in the forest.<\/p>\n<\/figcaption>\n        \n    <\/figure><!-- post__image -->\n\n    <figure class=\"block-photo post__image--half-right has-spacing--m with-title\">\n\n        <div class=\"post__image__container\">\n            <img loading=\"lazy\" decoding=\"async\" \n                src=\"https:\/\/visualjournalism.de\/wp-content\/uploads\/14_DannenroederWald_WAG7801-768x511.jpg\"\n                srcset=\"https:\/\/visualjournalism.de\/wp-content\/uploads\/14_DannenroederWald_WAG7801-768x511.jpg 768w, https:\/\/visualjournalism.de\/wp-content\/uploads\/14_DannenroederWald_WAG7801-300x200.jpg 300w, https:\/\/visualjournalism.de\/wp-content\/uploads\/14_DannenroederWald_WAG7801-1024x682.jpg 1024w, https:\/\/visualjournalism.de\/wp-content\/uploads\/14_DannenroederWald_WAG7801-1536x1022.jpg 1536w, https:\/\/visualjournalism.de\/wp-content\/uploads\/14_DannenroederWald_WAG7801-1400x932.jpg 1400w, https:\/\/visualjournalism.de\/wp-content\/uploads\/14_DannenroederWald_WAG7801-1050x699.jpg 1050w, https:\/\/visualjournalism.de\/wp-content\/uploads\/14_DannenroederWald_WAG7801-670x446.jpg 670w, https:\/\/visualjournalism.de\/wp-content\/uploads\/14_DannenroederWald_WAG7801-420x280.jpg 420w, https:\/\/visualjournalism.de\/wp-content\/uploads\/14_DannenroederWald_WAG7801-350x233.jpg 350w, https:\/\/visualjournalism.de\/wp-content\/uploads\/14_DannenroederWald_WAG7801.jpg 1600w\"\n                width=\"768\" \n                height=\"511\"\n                alt=\"\" \n            \/>\n            \n                            <span class=\"post__image__title\"> November 14, 2020<\/span>\n                    <\/div><!-- post__image__container -->\n\n                    <figcaption class=\"post__image__caption--soehne\"><p><strong>Up to 2000 forces<\/strong> are on site every day.<\/p>\n<\/figcaption>\n        \n    <\/figure><!-- post__image -->\n\n    <figure class=\"block-photo post__image--wide-right has-spacing--m with-title\">\n\n        <div class=\"post__image__container\">\n            <img loading=\"lazy\" decoding=\"async\" \n                src=\"https:\/\/visualjournalism.de\/wp-content\/uploads\/15_DannenroederWald_WAG0784-1050x699.jpg\"\n                srcset=\"https:\/\/visualjournalism.de\/wp-content\/uploads\/15_DannenroederWald_WAG0784-1050x699.jpg 1050w, https:\/\/visualjournalism.de\/wp-content\/uploads\/15_DannenroederWald_WAG0784-300x200.jpg 300w, https:\/\/visualjournalism.de\/wp-content\/uploads\/15_DannenroederWald_WAG0784-1024x682.jpg 1024w, https:\/\/visualjournalism.de\/wp-content\/uploads\/15_DannenroederWald_WAG0784-768x511.jpg 768w, https:\/\/visualjournalism.de\/wp-content\/uploads\/15_DannenroederWald_WAG0784-1536x1022.jpg 1536w, https:\/\/visualjournalism.de\/wp-content\/uploads\/15_DannenroederWald_WAG0784-1400x932.jpg 1400w, https:\/\/visualjournalism.de\/wp-content\/uploads\/15_DannenroederWald_WAG0784-670x446.jpg 670w, https:\/\/visualjournalism.de\/wp-content\/uploads\/15_DannenroederWald_WAG0784-420x280.jpg 420w, https:\/\/visualjournalism.de\/wp-content\/uploads\/15_DannenroederWald_WAG0784-350x233.jpg 350w, https:\/\/visualjournalism.de\/wp-content\/uploads\/15_DannenroederWald_WAG0784.jpg 1600w\"\n                width=\"1050\" \n                height=\"699\"\n                alt=\"\" \n            \/>\n            \n                            <span class=\"post__image__title\">November 19, 2020<\/span>\n                    <\/div><!-- post__image__container -->\n\n                    <figcaption class=\"post__image__caption--soehne\"><p><strong>An excavator<\/strong> demolishes the large tree house \u201cWoanders\u201d at the entrance to the forest.<\/p>\n<\/figcaption>\n        \n    <\/figure><!-- post__image -->\n\n    <figure class=\"block-photo post__image--half-left has-spacing--m with-title\">\n\n        <div class=\"post__image__container\">\n            <img loading=\"lazy\" decoding=\"async\" \n                src=\"https:\/\/visualjournalism.de\/wp-content\/uploads\/16_DannenroederWald_WAG4702-768x511.jpg\"\n                srcset=\"https:\/\/visualjournalism.de\/wp-content\/uploads\/16_DannenroederWald_WAG4702-768x511.jpg 768w, https:\/\/visualjournalism.de\/wp-content\/uploads\/16_DannenroederWald_WAG4702-300x200.jpg 300w, https:\/\/visualjournalism.de\/wp-content\/uploads\/16_DannenroederWald_WAG4702-1024x682.jpg 1024w, https:\/\/visualjournalism.de\/wp-content\/uploads\/16_DannenroederWald_WAG4702-1536x1022.jpg 1536w, https:\/\/visualjournalism.de\/wp-content\/uploads\/16_DannenroederWald_WAG4702-1400x932.jpg 1400w, https:\/\/visualjournalism.de\/wp-content\/uploads\/16_DannenroederWald_WAG4702-1050x699.jpg 1050w, https:\/\/visualjournalism.de\/wp-content\/uploads\/16_DannenroederWald_WAG4702-670x446.jpg 670w, https:\/\/visualjournalism.de\/wp-content\/uploads\/16_DannenroederWald_WAG4702-420x280.jpg 420w, https:\/\/visualjournalism.de\/wp-content\/uploads\/16_DannenroederWald_WAG4702-350x233.jpg 350w, https:\/\/visualjournalism.de\/wp-content\/uploads\/16_DannenroederWald_WAG4702.jpg 1600w\"\n                width=\"768\" \n                height=\"511\"\n                alt=\"\" \n            \/>\n            \n                            <span class=\"post__image__title\">November 15, 2020<\/span>\n                    <\/div><!-- post__image__container -->\n\n                    <figcaption class=\"post__image__caption--soehne\"><p><strong>Activists with headlamps<\/strong> sit on a felled oak tree. A person with climbing equipment lies crying in front of the tree stump.<\/p>\n<\/figcaption>\n        \n    <\/figure><!-- post__image -->\n\n\n    <div class=\"btn-wrapper has-spacing--m\">\n        <a class=\"btn\" href=\"https:\/\/www.ti-wag.de\/\" target=\"_self\">GO TO TIM WAGNER&#039;S WEBSITE<\/a>\n    <\/div>\n\n<div class=\"wp-block-group has-spacing--m has-spacing--default\">\n<div class=\"devider has-spacing--none\">\n    <hr>\n<\/div>\n\n\n    <nav id=\"section-navigation-block_9a46efb49665c8acc15a8eb493afe6ff\" class=\"section-navigation has-spacing--m\">\n        <ul>\n\n                \n                    <li>Das k\u00f6nnte dich auch interessieren<\/li>\n                \n            \n            \n                        \n                        \n\n            \n            \n            \n                        \n                        \n\n            \n\n        <\/ul>\n        \n    <\/nav>\n\n\n\n<div class=\"four-columns-teaser has-spacing--m\">\n\n    \r\n<article class=\"post-teaser post-68217 magazin type-magazin status-publish has-post-thumbnail hentry magazinkategorie-ausgezeichnet\">\r\n\t<header class=\"entry-header\">\r\n\r\n\t\t<div class=\"entry-categories\">\n\t<a class=\"post__tag\" href=\"https:\/\/visualjournalism.de\/magazin-kategorie\/ausgezeichnet\/\" rel=\"category tag\">Ausgezeichnet<\/a><\/div>\r\n\t\t<a href=\"https:\/\/visualjournalism.de\/en\/magazine\/ausgezeichnet\/noemi-ehrat-the-abortion-plot\/\" rel=\"bookmark\">\r\n\t\t\t<h2 class=\"entry-title\">The Abortion Plot.<\/h2>\r\n\t\t\t<p class=\"entry-excerpt\">Noemi Ehrat zeigt Abtreibung als allt\u00e4gliche Praxis. Ihr Langzeitprojekt fragt nicht nach dem Warum, sondern nach dem Wie: sachlich, ruhig und jenseits politischer Schlagzeilen.<\/p>\r\n\t\t<\/a>\r\n\r\n\t<\/header><!-- .entry-header -->\r\n\r\n\t<figure class=\"post__image\">\r\n\t\t<a href=\"https:\/\/visualjournalism.de\/en\/magazine\/ausgezeichnet\/noemi-ehrat-the-abortion-plot\/\" rel=\"bookmark\">\r\n\t\t\t<img loading=\"lazy\" decoding=\"async\" width=\"350\" height=\"263\" src=\"https:\/\/visualjournalism.de\/wp-content\/uploads\/2025\/12\/NoemiEhratTheAbortionPlot9-350x263.jpeg\" class=\"attachment-post-image--two-column--small size-post-image--two-column--small\" alt=\"\" srcset=\"https:\/\/visualjournalism.de\/wp-content\/uploads\/2025\/12\/NoemiEhratTheAbortionPlot9-350x263.jpeg 350w, https:\/\/visualjournalism.de\/wp-content\/uploads\/2025\/12\/NoemiEhratTheAbortionPlot9-300x225.jpeg 300w, https:\/\/visualjournalism.de\/wp-content\/uploads\/2025\/12\/NoemiEhratTheAbortionPlot9-1024x768.jpeg 1024w, https:\/\/visualjournalism.de\/wp-content\/uploads\/2025\/12\/NoemiEhratTheAbortionPlot9-768x576.jpeg 768w, https:\/\/visualjournalism.de\/wp-content\/uploads\/2025\/12\/NoemiEhratTheAbortionPlot9-1536x1152.jpeg 1536w, https:\/\/visualjournalism.de\/wp-content\/uploads\/2025\/12\/NoemiEhratTheAbortionPlot9-2048x1536.jpeg 2048w, https:\/\/visualjournalism.de\/wp-content\/uploads\/2025\/12\/NoemiEhratTheAbortionPlot9-1920x1440.jpeg 1920w, https:\/\/visualjournalism.de\/wp-content\/uploads\/2025\/12\/NoemiEhratTheAbortionPlot9-1400x1050.jpeg 1400w, https:\/\/visualjournalism.de\/wp-content\/uploads\/2025\/12\/NoemiEhratTheAbortionPlot9-1050x788.jpeg 1050w, https:\/\/visualjournalism.de\/wp-content\/uploads\/2025\/12\/NoemiEhratTheAbortionPlot9-670x503.jpeg 670w, https:\/\/visualjournalism.de\/wp-content\/uploads\/2025\/12\/NoemiEhratTheAbortionPlot9-420x315.jpeg 420w, https:\/\/visualjournalism.de\/wp-content\/uploads\/2025\/12\/NoemiEhratTheAbortionPlot9-150x113.jpeg 150w\" sizes=\"auto, (max-width: 350px) 100vw, 350px\" \/>\t\t<\/a>\r\n\t<\/figure><!-- .post__image -->\r\n\r\n<\/article>\r\n\r\n<article class=\"post-teaser post-67572 magazin type-magazin status-publish has-post-thumbnail hentry magazinkategorie-ausgezeichnet\">\r\n\t<header class=\"entry-header\">\r\n\r\n\t\t<div class=\"entry-categories\">\n\t<a class=\"post__tag\" href=\"https:\/\/visualjournalism.de\/magazin-kategorie\/ausgezeichnet\/\" rel=\"category tag\">Ausgezeichnet<\/a><\/div>\r\n\t\t<a href=\"https:\/\/visualjournalism.de\/en\/magazine\/ausgezeichnet\/armina-ahmadinia-mein-haus-in-wolken-gehuellt\/\" rel=\"bookmark\">\r\n\t\t\t<h2 class=\"entry-title\">Mein Haus in Wolken geh\u00fcllt.<\/h2>\r\n\t\t\t<p class=\"entry-excerpt\">Armina Ahmadinia kehrt an das Kaspische Meer zur\u00fcck. Ihre Fotoarbeit erz\u00e4hlt vom R\u00fcckzug des Wassers, vom Verlust vertrauter Orte und von einer stillen Sehnsucht nach N\u00e4he und Heimat.<\/p>\r\n\t\t<\/a>\r\n\r\n\t<\/header><!-- .entry-header -->\r\n\r\n\t<figure class=\"post__image\">\r\n\t\t<a href=\"https:\/\/visualjournalism.de\/en\/magazine\/ausgezeichnet\/armina-ahmadinia-mein-haus-in-wolken-gehuellt\/\" rel=\"bookmark\">\r\n\t\t\t<img loading=\"lazy\" decoding=\"async\" width=\"350\" height=\"263\" src=\"https:\/\/visualjournalism.de\/wp-content\/uploads\/2026\/01\/\u00a9_Armina_Ahmadinia_001-350x263.jpg\" class=\"attachment-post-image--two-column--small size-post-image--two-column--small\" alt=\"\" srcset=\"https:\/\/visualjournalism.de\/wp-content\/uploads\/2026\/01\/\u00a9_Armina_Ahmadinia_001-350x263.jpg 350w, https:\/\/visualjournalism.de\/wp-content\/uploads\/2026\/01\/\u00a9_Armina_Ahmadinia_001-300x225.jpg 300w, https:\/\/visualjournalism.de\/wp-content\/uploads\/2026\/01\/\u00a9_Armina_Ahmadinia_001-1024x768.jpg 1024w, https:\/\/visualjournalism.de\/wp-content\/uploads\/2026\/01\/\u00a9_Armina_Ahmadinia_001-768x576.jpg 768w, https:\/\/visualjournalism.de\/wp-content\/uploads\/2026\/01\/\u00a9_Armina_Ahmadinia_001-1536x1152.jpg 1536w, https:\/\/visualjournalism.de\/wp-content\/uploads\/2026\/01\/\u00a9_Armina_Ahmadinia_001-2048x1536.jpg 2048w, https:\/\/visualjournalism.de\/wp-content\/uploads\/2026\/01\/\u00a9_Armina_Ahmadinia_001-1920x1440.jpg 1920w, https:\/\/visualjournalism.de\/wp-content\/uploads\/2026\/01\/\u00a9_Armina_Ahmadinia_001-1400x1050.jpg 1400w, https:\/\/visualjournalism.de\/wp-content\/uploads\/2026\/01\/\u00a9_Armina_Ahmadinia_001-1050x788.jpg 1050w, https:\/\/visualjournalism.de\/wp-content\/uploads\/2026\/01\/\u00a9_Armina_Ahmadinia_001-670x503.jpg 670w, https:\/\/visualjournalism.de\/wp-content\/uploads\/2026\/01\/\u00a9_Armina_Ahmadinia_001-420x315.jpg 420w, https:\/\/visualjournalism.de\/wp-content\/uploads\/2026\/01\/\u00a9_Armina_Ahmadinia_001-150x113.jpg 150w\" sizes=\"auto, (max-width: 350px) 100vw, 350px\" \/>\t\t<\/a>\r\n\t<\/figure><!-- .post__image -->\r\n\r\n<\/article>\r\n\r\n<article class=\"post-teaser post-67880 magazin type-magazin status-publish has-post-thumbnail hentry magazinkategorie-ausgezeichnet\">\r\n\t<header class=\"entry-header\">\r\n\r\n\t\t<div class=\"entry-categories\">\n\t<a class=\"post__tag\" href=\"https:\/\/visualjournalism.de\/magazin-kategorie\/ausgezeichnet\/\" rel=\"category tag\">Ausgezeichnet<\/a><\/div>\r\n\t\t<a href=\"https:\/\/visualjournalism.de\/en\/magazine\/ausgezeichnet\/jasper-hill-im-land-der-weissen-berge\/\" rel=\"bookmark\">\r\n\t\t\t<h2 class=\"entry-title\">Im Land der wei\u00dfen Berge.<\/h2>\r\n\t\t\t<p class=\"entry-excerpt\">Jasper Hill macht sichtbar, was ein Jahrhundert Kalibergbau hinterlassen hat. Zwischen Ern\u00e4hrungssicherheit und Umweltbelastung steht eine Industrie vor ihrem Wendepunkt.<\/p>\r\n\t\t<\/a>\r\n\r\n\t<\/header><!-- .entry-header -->\r\n\r\n\t<figure class=\"post__image\">\r\n\t\t<a href=\"https:\/\/visualjournalism.de\/en\/magazine\/ausgezeichnet\/jasper-hill-im-land-der-weissen-berge\/\" rel=\"bookmark\">\r\n\t\t\t<img loading=\"lazy\" decoding=\"async\" width=\"350\" height=\"280\" src=\"https:\/\/visualjournalism.de\/wp-content\/uploads\/2026\/01\/5JasperHill_ImLandderweissenBerge-6-350x280.jpeg\" class=\"attachment-post-image--two-column--small size-post-image--two-column--small\" alt=\"\" srcset=\"https:\/\/visualjournalism.de\/wp-content\/uploads\/2026\/01\/5JasperHill_ImLandderweissenBerge-6-350x280.jpeg 350w, https:\/\/visualjournalism.de\/wp-content\/uploads\/2026\/01\/5JasperHill_ImLandderweissenBerge-6-300x240.jpeg 300w, https:\/\/visualjournalism.de\/wp-content\/uploads\/2026\/01\/5JasperHill_ImLandderweissenBerge-6-1024x819.jpeg 1024w, https:\/\/visualjournalism.de\/wp-content\/uploads\/2026\/01\/5JasperHill_ImLandderweissenBerge-6-768x614.jpeg 768w, https:\/\/visualjournalism.de\/wp-content\/uploads\/2026\/01\/5JasperHill_ImLandderweissenBerge-6-1536x1229.jpeg 1536w, https:\/\/visualjournalism.de\/wp-content\/uploads\/2026\/01\/5JasperHill_ImLandderweissenBerge-6-2048x1638.jpeg 2048w, https:\/\/visualjournalism.de\/wp-content\/uploads\/2026\/01\/5JasperHill_ImLandderweissenBerge-6-1920x1536.jpeg 1920w, https:\/\/visualjournalism.de\/wp-content\/uploads\/2026\/01\/5JasperHill_ImLandderweissenBerge-6-1400x1120.jpeg 1400w, https:\/\/visualjournalism.de\/wp-content\/uploads\/2026\/01\/5JasperHill_ImLandderweissenBerge-6-1050x840.jpeg 1050w, https:\/\/visualjournalism.de\/wp-content\/uploads\/2026\/01\/5JasperHill_ImLandderweissenBerge-6-670x536.jpeg 670w, https:\/\/visualjournalism.de\/wp-content\/uploads\/2026\/01\/5JasperHill_ImLandderweissenBerge-6-420x336.jpeg 420w, https:\/\/visualjournalism.de\/wp-content\/uploads\/2026\/01\/5JasperHill_ImLandderweissenBerge-6-150x120.jpeg 150w\" sizes=\"auto, (max-width: 350px) 100vw, 350px\" \/>\t\t<\/a>\r\n\t<\/figure><!-- .post__image -->\r\n\r\n<\/article>\r\n\r\n<article class=\"post-teaser post-68111 magazin type-magazin status-publish has-post-thumbnail hentry magazinkategorie-ausgezeichnet\">\r\n\t<header class=\"entry-header\">\r\n\r\n\t\t<div class=\"entry-categories\">\n\t<a class=\"post__tag\" href=\"https:\/\/visualjournalism.de\/magazin-kategorie\/ausgezeichnet\/\" rel=\"category tag\">Ausgezeichnet<\/a><\/div>\r\n\t\t<a href=\"https:\/\/visualjournalism.de\/en\/magazine\/ausgezeichnet\/markus-heft-fuer-uns-getraeumt\/\" rel=\"bookmark\">\r\n\t\t\t<h2 class=\"entry-title\">F\u00fcr uns getr\u00e4umt.<\/h2>\r\n\t\t\t<p class=\"entry-excerpt\">Markus Heft portr\u00e4tiert \u00e4ltere queere Menschen in Deutschland. Seit 2022 entstehen kollaborativ intime Portraits, erg\u00e4nzt durch Stillleben und Orte. Das Projekt bewahrt queere Geschichte und macht doppelte Marginalisierung im Alter sichtbar.<\/p>\r\n\t\t<\/a>\r\n\r\n\t<\/header><!-- .entry-header -->\r\n\r\n\t<figure class=\"post__image\">\r\n\t\t<a href=\"https:\/\/visualjournalism.de\/en\/magazine\/ausgezeichnet\/markus-heft-fuer-uns-getraeumt\/\" rel=\"bookmark\">\r\n\t\t\t<img loading=\"lazy\" decoding=\"async\" width=\"350\" height=\"280\" src=\"https:\/\/visualjournalism.de\/wp-content\/uploads\/2026\/01\/Fuer-uns-getraeumt-6-350x280.jpg\" class=\"attachment-post-image--two-column--small size-post-image--two-column--small\" alt=\"\" srcset=\"https:\/\/visualjournalism.de\/wp-content\/uploads\/2026\/01\/Fuer-uns-getraeumt-6-350x280.jpg 350w, https:\/\/visualjournalism.de\/wp-content\/uploads\/2026\/01\/Fuer-uns-getraeumt-6-300x240.jpg 300w, https:\/\/visualjournalism.de\/wp-content\/uploads\/2026\/01\/Fuer-uns-getraeumt-6-1024x819.jpg 1024w, https:\/\/visualjournalism.de\/wp-content\/uploads\/2026\/01\/Fuer-uns-getraeumt-6-768x614.jpg 768w, https:\/\/visualjournalism.de\/wp-content\/uploads\/2026\/01\/Fuer-uns-getraeumt-6-1536x1229.jpg 1536w, https:\/\/visualjournalism.de\/wp-content\/uploads\/2026\/01\/Fuer-uns-getraeumt-6-2048x1638.jpg 2048w, https:\/\/visualjournalism.de\/wp-content\/uploads\/2026\/01\/Fuer-uns-getraeumt-6-1920x1536.jpg 1920w, https:\/\/visualjournalism.de\/wp-content\/uploads\/2026\/01\/Fuer-uns-getraeumt-6-1400x1120.jpg 1400w, https:\/\/visualjournalism.de\/wp-content\/uploads\/2026\/01\/Fuer-uns-getraeumt-6-1050x840.jpg 1050w, https:\/\/visualjournalism.de\/wp-content\/uploads\/2026\/01\/Fuer-uns-getraeumt-6-670x536.jpg 670w, https:\/\/visualjournalism.de\/wp-content\/uploads\/2026\/01\/Fuer-uns-getraeumt-6-420x336.jpg 420w, https:\/\/visualjournalism.de\/wp-content\/uploads\/2026\/01\/Fuer-uns-getraeumt-6-150x120.jpg 150w\" sizes=\"auto, (max-width: 350px) 100vw, 350px\" \/>\t\t<\/a>\r\n\t<\/figure><!-- .post__image -->\r\n\r\n<\/article>\r\n\n<\/div><!-- .2-columns-teaser-->\n\n    <\/div>\n\n<div class=\"wp-block-group has-spacing--none has-color-3-background-color has-background has-spacing--none\">\n    <nav id=\"section-navigation-block_1dfbfe5094fad73c3efba3faa5512808\" class=\"section-navigation has-spacing--m\">\n        <ul>\n\n                \n                    <li>Contact<\/li>\n                \n            \n            \n                        \n                        \n\n            \n\n        <\/ul>\n        \n    <\/nav>\n\n\n\n<div class=\"pinned-block has-spacing--m\">\n\t\n\n<div class=\"pinned-block__column--left\">\n    \n\n \n\n    <div id=\"lead-in-block_5fb7b2c5256f3f7127d6d4e489aa1684\" class=\"block-lead-in typo--soehne font-size--xl has-spacing--m width--full\">\n        <p><strong>Your contact partners<\/strong> will be happy to assist you with your personal concerns. However, due to the large number of enquiries, we ask you to first check our FAQ to see if your question may already have been answered.<\/p>\n    <\/div>\n\n\n\n\n    <div class=\"btn-wrapper alignleft has-spacing--m\">\n        <a class=\"btn\" href=\"https:\/\/visualjournalism.de\/faq\/\" target=\"_blank\">FAQ<\/a>\n    <\/div>\n\n\n<\/div>\n\n\n<div class=\"pinned-block__column--right\">\n    \n    \n    <div class=\"infocard has-spacing--m\">\n\n    \n        <div class=\"info-item--full\">\n            <p>\n                <span class=\"info-item__headline\">Dean of Studies, Design and Media department<\/span>\n            <\/p>\n            \n            <div class=\"info-item__content\">\n                <p>\n                    <span class=\"info-item__text\"><a href=\"https:\/\/visualjournalism.de\/karen-fromm\/\">Prof. Dr. Karen Fromm<\/a><\/span>\n                    <span class=\"info-item__text--small\">\n                        <span><a href=\"mailto:karen.fromm@hs-hannover.de\">E-Mail schreiben<\/a><\/span><span><a href=\"tel:+49 511 9296 8538\">+49 511 9296 8538<\/a><\/span>                    <\/span>\n                <\/p>\n\n                <figure class=\"info-item__image\">\n\n                    <a href=\"https:\/\/visualjournalism.de\/karen-fromm\/\"><img loading=\"lazy\" decoding=\"async\" width=\"52\" height=\"52\" src=\"https:\/\/visualjournalism.de\/wp-content\/uploads\/Prof_Dr_Karen_Fromm_thumb-1-52x52.jpg\" class=\"attachment-image-portrait size-image-portrait\" alt=\"\" srcset=\"https:\/\/visualjournalism.de\/wp-content\/uploads\/Prof_Dr_Karen_Fromm_thumb-1-52x52.jpg 52w, https:\/\/visualjournalism.de\/wp-content\/uploads\/Prof_Dr_Karen_Fromm_thumb-1.jpg 100w\" sizes=\"auto, (max-width: 52px) 100vw, 52px\" \/><\/a>                <\/figure>\n                \n            <\/div><!-- .info-item__content -->\n            \n        <\/div><!-- .info-item--full -->\n\n\n        <div class=\"info-item--full\">\n            <p>\n                <span class=\"info-item__headline\">Programme representative<\/span>\n            <\/p>\n            \n            <div class=\"info-item__content\">\n                <p>\n                    <span class=\"info-item__text\"><a href=\"https:\/\/visualjournalism.de\/michael-hauri\/\">Prof. Michael Hauri<\/a><\/span>\n                    <span class=\"info-item__text--small\">\n                        <span><a href=\"mailto:michael.hauri@hs-hannover.de\">E-Mail schreiben<\/a><\/span><span><a href=\"tel:+49 511 9296 8241\">+49 511 9296 8241<\/a><\/span>                    <\/span>\n                <\/p>\n\n                <figure class=\"info-item__image\">\n\n                    <a href=\"https:\/\/visualjournalism.de\/michael-hauri\/\"><img loading=\"lazy\" decoding=\"async\" width=\"52\" height=\"52\" src=\"https:\/\/visualjournalism.de\/wp-content\/uploads\/Michael-Hauri-thumb-1-52x52.jpg\" class=\"attachment-image-portrait size-image-portrait\" alt=\"\" srcset=\"https:\/\/visualjournalism.de\/wp-content\/uploads\/Michael-Hauri-thumb-1-52x52.jpg 52w, https:\/\/visualjournalism.de\/wp-content\/uploads\/Michael-Hauri-thumb-1-68x68.jpg 68w, https:\/\/visualjournalism.de\/wp-content\/uploads\/Michael-Hauri-thumb-1-96x96.jpg 96w, https:\/\/visualjournalism.de\/wp-content\/uploads\/Michael-Hauri-thumb-1.jpg 100w\" sizes=\"auto, (max-width: 52px) 100vw, 52px\" \/><\/a>                <\/figure>\n                \n            <\/div><!-- .info-item__content -->\n            \n        <\/div><!-- .info-item--full -->\n\n\n        <div class=\"info-item--full\">\n            <p>\n                <span class=\"info-item__headline\">Application and admission procedure<\/span>\n            <\/p>\n            \n            <div class=\"info-item__content\">\n                <p>\n                    <span class=\"info-item__text\"><a href=\"https:\/\/visualjournalism.de\/lars-bauernschmitt\/\">Prof. Lars Bauernschmitt<\/a><\/span>\n                    <span class=\"info-item__text--small\">\n                        <span><a href=\"mailto:lars.bauernschmitt@hs-hannover.de\">E-Mail schreiben<\/a><\/span><span><a href=\"tel:+49 511 9296 2467\">+49 511 9296 2467<\/a><\/span>                    <\/span>\n                <\/p>\n\n                <figure class=\"info-item__image\">\n\n                    <a href=\"https:\/\/visualjournalism.de\/lars-bauernschmitt\/\"><img loading=\"lazy\" decoding=\"async\" width=\"52\" height=\"52\" src=\"https:\/\/visualjournalism.de\/wp-content\/uploads\/prof_lars_bauernschmitt_thumb-1-52x52.jpg\" class=\"attachment-image-portrait size-image-portrait\" alt=\"\" srcset=\"https:\/\/visualjournalism.de\/wp-content\/uploads\/prof_lars_bauernschmitt_thumb-1-52x52.jpg 52w, https:\/\/visualjournalism.de\/wp-content\/uploads\/prof_lars_bauernschmitt_thumb-1.jpg 100w\" sizes=\"auto, (max-width: 52px) 100vw, 52px\" \/><\/a>                <\/figure>\n                \n            <\/div><!-- .info-item__content -->\n            \n        <\/div><!-- .info-item--full -->\n\n \n    <\/div>\n\n\n\n<p class=\"post__paragraph is-style-typo--soehne has-spacing--m has-spacing--default\">Hochschule Hannover<br>Faculty III &#8211; Media, Information and Design<br>Expo Plaza 2<br>D-30539 Hanover<\/p>\n\n\n\n    <div class=\"btn-wrapper has-spacing--m\">\n        <a class=\"btn\" href=\"https:\/\/www.hs-hannover.de\" target=\"_blank\">HS-HANNOVER.DE<\/a>\n    <\/div>\n\n\n<\/div>\n<\/div><\/div>\n","protected":false},"author":3,"featured_media":10422,"template":"","tags":[],"magazinkategorie":[],"class_list":["post-10419","magazin","type-magazin","status-publish","has-post-thumbnail","hentry"],"acf":[],"yoast_head":"<!-- This site is optimized with the Yoast SEO Premium plugin v27.3 (Yoast SEO v27.3) - https:\/\/yoast.com\/product\/yoast-seo-premium-wordpress\/ -->\n<title>&#8211; Tim Wagner: Clearing of the Dannenr\u00f6der Forest<\/title>\n<meta name=\"description\" content=\"Photojournalist Tim Wagner photographs the clearing of the Dannenr\u00f6der Forest in November 2020. The result is a powerful photo reportage.\" \/>\n<meta name=\"robots\" content=\"index, follow, max-snippet:-1, max-image-preview:large, max-video-preview:-1\" \/>\n<link rel=\"canonical\" href=\"https:\/\/visualjournalism.de\/en\/magazine\/%magazinkategorie%\/tim-wagner-clearing-of-the-dannenroeder-forest\/\" \/>\n<meta property=\"og:locale\" content=\"en_US\" \/>\n<meta property=\"og:type\" content=\"article\" \/>\n<meta property=\"og:title\" content=\"Tim Wagner: Clearing of the Dannenr\u00f6der Forest\" \/>\n<meta property=\"og:description\" content=\"Photojournalist Tim Wagner photographs the clearing of the Dannenr\u00f6der Forest in November 2020. The result is a powerful photo reportage.\" \/>\n<meta property=\"og:url\" content=\"https:\/\/visualjournalism.de\/en\/magazine\/%magazinkategorie%\/tim-wagner-clearing-of-the-dannenroeder-forest\/\" \/>\n<meta property=\"og:site_name\" content=\"Visual Journalism and Documentary Photography\" \/>\n<meta property=\"article:publisher\" content=\"https:\/\/www.facebook.com\/people\/wwwfotostudentende\/100065173703897\/\" \/>\n<meta property=\"article:modified_time\" content=\"2023-07-19T13:42:40+00:00\" \/>\n<meta property=\"og:image\" content=\"https:\/\/visualjournalism.de\/wp-content\/uploads\/1_DannenroederWald_WAG2569.jpg\" \/>\n\t<meta property=\"og:image:width\" content=\"1600\" \/>\n\t<meta property=\"og:image:height\" content=\"1065\" \/>\n\t<meta property=\"og:image:type\" content=\"image\/jpeg\" \/>\n<meta name=\"twitter:card\" content=\"summary_large_image\" \/>\n<meta name=\"twitter:site\" content=\"@HsHannover\" \/>\n<meta name=\"twitter:label1\" content=\"Est. reading time\" \/>\n\t<meta name=\"twitter:data1\" content=\"1 minute\" \/>\n<script type=\"application\/ld+json\" class=\"yoast-schema-graph\">{\"@context\":\"https:\\\/\\\/schema.org\",\"@graph\":[{\"@type\":\"WebPage\",\"@id\":\"https:\\\/\\\/visualjournalism.de\\\/en\\\/magazine\\\/%magazinkategorie%\\\/tim-wagner-clearing-of-the-dannenroeder-forest\\\/\",\"url\":\"https:\\\/\\\/visualjournalism.de\\\/en\\\/magazine\\\/%magazinkategorie%\\\/tim-wagner-clearing-of-the-dannenroeder-forest\\\/\",\"name\":\"&#8211; Tim Wagner: Clearing of the Dannenr\u00f6der Forest\",\"isPartOf\":{\"@id\":\"https:\\\/\\\/visualjournalism.de\\\/en\\\/#website\"},\"primaryImageOfPage\":{\"@id\":\"https:\\\/\\\/visualjournalism.de\\\/en\\\/magazine\\\/%magazinkategorie%\\\/tim-wagner-clearing-of-the-dannenroeder-forest\\\/#primaryimage\"},\"image\":{\"@id\":\"https:\\\/\\\/visualjournalism.de\\\/en\\\/magazine\\\/%magazinkategorie%\\\/tim-wagner-clearing-of-the-dannenroeder-forest\\\/#primaryimage\"},\"thumbnailUrl\":\"https:\\\/\\\/visualjournalism.de\\\/wp-content\\\/uploads\\\/1_DannenroederWald_WAG2569.jpg\",\"datePublished\":\"2023-07-09T13:34:40+00:00\",\"dateModified\":\"2023-07-19T13:42:40+00:00\",\"description\":\"Photojournalist Tim Wagner photographs the clearing of the Dannenr\u00f6der Forest in November 2020. The result is a powerful photo reportage.\",\"breadcrumb\":{\"@id\":\"https:\\\/\\\/visualjournalism.de\\\/en\\\/magazine\\\/%magazinkategorie%\\\/tim-wagner-clearing-of-the-dannenroeder-forest\\\/#breadcrumb\"},\"inLanguage\":\"en-US\",\"potentialAction\":[{\"@type\":\"ReadAction\",\"target\":[\"https:\\\/\\\/visualjournalism.de\\\/en\\\/magazine\\\/%magazinkategorie%\\\/tim-wagner-clearing-of-the-dannenroeder-forest\\\/\"]}]},{\"@type\":\"ImageObject\",\"inLanguage\":\"en-US\",\"@id\":\"https:\\\/\\\/visualjournalism.de\\\/en\\\/magazine\\\/%magazinkategorie%\\\/tim-wagner-clearing-of-the-dannenroeder-forest\\\/#primaryimage\",\"url\":\"https:\\\/\\\/visualjournalism.de\\\/wp-content\\\/uploads\\\/1_DannenroederWald_WAG2569.jpg\",\"contentUrl\":\"https:\\\/\\\/visualjournalism.de\\\/wp-content\\\/uploads\\\/1_DannenroederWald_WAG2569.jpg\",\"width\":1600,\"height\":1065,\"caption\":\"Dannenr\u00f6der Forest,\"},{\"@type\":\"BreadcrumbList\",\"@id\":\"https:\\\/\\\/visualjournalism.de\\\/en\\\/magazine\\\/%magazinkategorie%\\\/tim-wagner-clearing-of-the-dannenroeder-forest\\\/#breadcrumb\",\"itemListElement\":[{\"@type\":\"ListItem\",\"position\":1,\"name\":\"Home\",\"item\":\"https:\\\/\\\/visualjournalism.de\\\/en\\\/\"},{\"@type\":\"ListItem\",\"position\":2,\"name\":\"Magazin\",\"item\":\"https:\\\/\\\/visualjournalism.de\\\/en\\\/magazine\\\/\"},{\"@type\":\"ListItem\",\"position\":3,\"name\":\"Tim Wagner: Clearing of the Dannenr\u00f6der Forest\"}]},{\"@type\":\"WebSite\",\"@id\":\"https:\\\/\\\/visualjournalism.de\\\/en\\\/#website\",\"url\":\"https:\\\/\\\/visualjournalism.de\\\/en\\\/\",\"name\":\"Visual Journalism and Documentary Photography\",\"description\":\"All about the bilingual bachelor&#039;s program at Hannover University of Applied Sciences and Arts.\",\"publisher\":{\"@id\":\"https:\\\/\\\/visualjournalism.de\\\/en\\\/#organization\"},\"alternateName\":\"visualjournalism.de\",\"potentialAction\":[{\"@type\":\"SearchAction\",\"target\":{\"@type\":\"EntryPoint\",\"urlTemplate\":\"https:\\\/\\\/visualjournalism.de\\\/en\\\/?s={search_term_string}\"},\"query-input\":{\"@type\":\"PropertyValueSpecification\",\"valueRequired\":true,\"valueName\":\"search_term_string\"}}],\"inLanguage\":\"en-US\"},{\"@type\":\"Organization\",\"@id\":\"https:\\\/\\\/visualjournalism.de\\\/en\\\/#organization\",\"name\":\"Hochschule Hannover \u2013 University of Applied Sciences and Arts\",\"alternateName\":\"HsH\",\"url\":\"https:\\\/\\\/visualjournalism.de\\\/en\\\/\",\"logo\":{\"@type\":\"ImageObject\",\"inLanguage\":\"en-US\",\"@id\":\"https:\\\/\\\/visualjournalism.de\\\/en\\\/#\\\/schema\\\/logo\\\/image\\\/\",\"url\":\"https:\\\/\\\/visualjournalism.de\\\/wp-content\\\/uploads\\\/logo-hochschule-hannover.png\",\"contentUrl\":\"https:\\\/\\\/visualjournalism.de\\\/wp-content\\\/uploads\\\/logo-hochschule-hannover.png\",\"width\":363,\"height\":270,\"caption\":\"Hochschule Hannover \u2013 University of Applied Sciences and Arts\"},\"image\":{\"@id\":\"https:\\\/\\\/visualjournalism.de\\\/en\\\/#\\\/schema\\\/logo\\\/image\\\/\"},\"sameAs\":[\"https:\\\/\\\/www.facebook.com\\\/people\\\/wwwfotostudentende\\\/100065173703897\\\/\",\"https:\\\/\\\/x.com\\\/HsHannover\",\"https:\\\/\\\/www.instagram.com\\\/visualjournalism.de\\\/\"]}]}<\/script>\n<!-- \/ Yoast SEO Premium plugin. -->","yoast_head_json":{"title":"&#8211; Tim Wagner: Clearing of the Dannenr\u00f6der Forest","description":"Photojournalist Tim Wagner photographs the clearing of the Dannenr\u00f6der Forest in November 2020. The result is a powerful photo reportage.","robots":{"index":"index","follow":"follow","max-snippet":"max-snippet:-1","max-image-preview":"max-image-preview:large","max-video-preview":"max-video-preview:-1"},"canonical":"https:\/\/visualjournalism.de\/en\/magazine\/%magazinkategorie%\/tim-wagner-clearing-of-the-dannenroeder-forest\/","og_locale":"en_US","og_type":"article","og_title":"Tim Wagner: Clearing of the Dannenr\u00f6der Forest","og_description":"Photojournalist Tim Wagner photographs the clearing of the Dannenr\u00f6der Forest in November 2020. The result is a powerful photo reportage.","og_url":"https:\/\/visualjournalism.de\/en\/magazine\/%magazinkategorie%\/tim-wagner-clearing-of-the-dannenroeder-forest\/","og_site_name":"Visual Journalism and Documentary Photography","article_publisher":"https:\/\/www.facebook.com\/people\/wwwfotostudentende\/100065173703897\/","article_modified_time":"2023-07-19T13:42:40+00:00","og_image":[{"width":1600,"height":1065,"url":"https:\/\/visualjournalism.de\/wp-content\/uploads\/1_DannenroederWald_WAG2569.jpg","type":"image\/jpeg"}],"twitter_card":"summary_large_image","twitter_site":"@HsHannover","twitter_misc":{"Est. reading time":"1 minute"},"schema":{"@context":"https:\/\/schema.org","@graph":[{"@type":"WebPage","@id":"https:\/\/visualjournalism.de\/en\/magazine\/%magazinkategorie%\/tim-wagner-clearing-of-the-dannenroeder-forest\/","url":"https:\/\/visualjournalism.de\/en\/magazine\/%magazinkategorie%\/tim-wagner-clearing-of-the-dannenroeder-forest\/","name":"&#8211; Tim Wagner: Clearing of the Dannenr\u00f6der Forest","isPartOf":{"@id":"https:\/\/visualjournalism.de\/en\/#website"},"primaryImageOfPage":{"@id":"https:\/\/visualjournalism.de\/en\/magazine\/%magazinkategorie%\/tim-wagner-clearing-of-the-dannenroeder-forest\/#primaryimage"},"image":{"@id":"https:\/\/visualjournalism.de\/en\/magazine\/%magazinkategorie%\/tim-wagner-clearing-of-the-dannenroeder-forest\/#primaryimage"},"thumbnailUrl":"https:\/\/visualjournalism.de\/wp-content\/uploads\/1_DannenroederWald_WAG2569.jpg","datePublished":"2023-07-09T13:34:40+00:00","dateModified":"2023-07-19T13:42:40+00:00","description":"Photojournalist Tim Wagner photographs the clearing of the Dannenr\u00f6der Forest in November 2020. The result is a powerful photo reportage.","breadcrumb":{"@id":"https:\/\/visualjournalism.de\/en\/magazine\/%magazinkategorie%\/tim-wagner-clearing-of-the-dannenroeder-forest\/#breadcrumb"},"inLanguage":"en-US","potentialAction":[{"@type":"ReadAction","target":["https:\/\/visualjournalism.de\/en\/magazine\/%magazinkategorie%\/tim-wagner-clearing-of-the-dannenroeder-forest\/"]}]},{"@type":"ImageObject","inLanguage":"en-US","@id":"https:\/\/visualjournalism.de\/en\/magazine\/%magazinkategorie%\/tim-wagner-clearing-of-the-dannenroeder-forest\/#primaryimage","url":"https:\/\/visualjournalism.de\/wp-content\/uploads\/1_DannenroederWald_WAG2569.jpg","contentUrl":"https:\/\/visualjournalism.de\/wp-content\/uploads\/1_DannenroederWald_WAG2569.jpg","width":1600,"height":1065,"caption":"Dannenr\u00f6der Forest,"},{"@type":"BreadcrumbList","@id":"https:\/\/visualjournalism.de\/en\/magazine\/%magazinkategorie%\/tim-wagner-clearing-of-the-dannenroeder-forest\/#breadcrumb","itemListElement":[{"@type":"ListItem","position":1,"name":"Home","item":"https:\/\/visualjournalism.de\/en\/"},{"@type":"ListItem","position":2,"name":"Magazin","item":"https:\/\/visualjournalism.de\/en\/magazine\/"},{"@type":"ListItem","position":3,"name":"Tim Wagner: Clearing of the Dannenr\u00f6der Forest"}]},{"@type":"WebSite","@id":"https:\/\/visualjournalism.de\/en\/#website","url":"https:\/\/visualjournalism.de\/en\/","name":"Visual Journalism and Documentary Photography","description":"All about the bilingual bachelor&#039;s program at Hannover University of Applied Sciences and Arts.","publisher":{"@id":"https:\/\/visualjournalism.de\/en\/#organization"},"alternateName":"visualjournalism.de","potentialAction":[{"@type":"SearchAction","target":{"@type":"EntryPoint","urlTemplate":"https:\/\/visualjournalism.de\/en\/?s={search_term_string}"},"query-input":{"@type":"PropertyValueSpecification","valueRequired":true,"valueName":"search_term_string"}}],"inLanguage":"en-US"},{"@type":"Organization","@id":"https:\/\/visualjournalism.de\/en\/#organization","name":"Hochschule Hannover \u2013 University of Applied Sciences and Arts","alternateName":"HsH","url":"https:\/\/visualjournalism.de\/en\/","logo":{"@type":"ImageObject","inLanguage":"en-US","@id":"https:\/\/visualjournalism.de\/en\/#\/schema\/logo\/image\/","url":"https:\/\/visualjournalism.de\/wp-content\/uploads\/logo-hochschule-hannover.png","contentUrl":"https:\/\/visualjournalism.de\/wp-content\/uploads\/logo-hochschule-hannover.png","width":363,"height":270,"caption":"Hochschule Hannover \u2013 University of Applied Sciences and Arts"},"image":{"@id":"https:\/\/visualjournalism.de\/en\/#\/schema\/logo\/image\/"},"sameAs":["https:\/\/www.facebook.com\/people\/wwwfotostudentende\/100065173703897\/","https:\/\/x.com\/HsHannover","https:\/\/www.instagram.com\/visualjournalism.de\/"]}]}},"_links":{"self":[{"href":"https:\/\/visualjournalism.de\/en\/wp-json\/wp\/v2\/magazin\/10419","targetHints":{"allow":["GET"]}}],"collection":[{"href":"https:\/\/visualjournalism.de\/en\/wp-json\/wp\/v2\/magazin"}],"about":[{"href":"https:\/\/visualjournalism.de\/en\/wp-json\/wp\/v2\/types\/magazin"}],"author":[{"embeddable":true,"href":"https:\/\/visualjournalism.de\/en\/wp-json\/wp\/v2\/users\/3"}],"version-history":[{"count":0,"href":"https:\/\/visualjournalism.de\/en\/wp-json\/wp\/v2\/magazin\/10419\/revisions"}],"wp:featuredmedia":[{"embeddable":true,"href":"https:\/\/visualjournalism.de\/en\/wp-json\/wp\/v2\/media\/10422"}],"wp:attachment":[{"href":"https:\/\/visualjournalism.de\/en\/wp-json\/wp\/v2\/media?parent=10419"}],"wp:term":[{"taxonomy":"post_tag","embeddable":true,"href":"https:\/\/visualjournalism.de\/en\/wp-json\/wp\/v2\/tags?post=10419"},{"taxonomy":"magazinkategorie","embeddable":true,"href":"https:\/\/visualjournalism.de\/en\/wp-json\/wp\/v2\/magazinkategorie?post=10419"}],"curies":[{"name":"wp","href":"https:\/\/api.w.org\/{rel}","templated":true}]}}