{"id":12693,"date":"2023-06-30T10:38:47","date_gmt":"2023-06-30T10:38:47","guid":{"rendered":"https:\/\/visualjournalism.de\/?p=12693"},"modified":"2023-07-19T13:40:57","modified_gmt":"2023-07-19T13:40:57","slug":"behind-the-scenes-of-the-care-system","status":"publish","type":"magazin","link":"https:\/\/visualjournalism.de\/en\/magazine\/final-projects\/behind-the-scenes-of-the-care-system\/","title":{"rendered":"Behind the scenes of the care system"},"content":{"rendered":"\n        <figure class=\"post-image--cover has-spacing--m\">\n\n            <img decoding=\"async\" src=\"https:\/\/visualjournalism.de\/wp-content\/uploads\/05Patricia_Kuehfuss_Cover.jpg\"  alt=\"\" \/>\n            \n                            <span class=\"post__image__title\">\u00a9 Patricia K\u00fchfuss, May 3, 2018<\/span>\n            \n        <\/figure><!-- post-image--cover -->\n\n    \n\n \n\n    <div id=\"lead-in-block_a36be5a538858757fb014f09845fe89a\" class=\"block-lead-in typo--default font-size--xl has-spacing--m width--default\">\n        <p><strong>Behind the scenes of care.  <img loading=\"lazy\" decoding=\"async\" class=\"alignnone size-full wp-image-4198\" src=\"https:\/\/visualjournalism.de\/wp-content\/uploads\/patricia_kuehfuss_thumb.jpg\" alt=\"\" width=\"100\" height=\"100\" srcset=\"https:\/\/visualjournalism.de\/wp-content\/uploads\/patricia_kuehfuss_thumb.jpg 100w, https:\/\/visualjournalism.de\/wp-content\/uploads\/patricia_kuehfuss_thumb-52x52.jpg 52w\" sizes=\"auto, (max-width: 100px) 100vw, 100px\" \/><\/strong>  Patricia K\u00fchfuss documents the shortage of staff at German hospitals.<\/p>\n<div class=\"entry-meta\">\r\n    <span class=\"posted-on\"><a href=\"https:\/\/visualjournalism.de\/en\/magazine\/final-projects\/behind-the-scenes-of-the-care-system\/\" rel=\"bookmark\"><time class=\"entry-date published\" datetime=\"2023-06-30T10:38:47+02:00\">30.06.2023<\/time><\/a><\/span> <span class=\"byline\">Text: <span class=\"author vcard\">Finn Winkler<\/span><\/span> <span class=\"photographer\"> Fotos: Patricia K\u00fchfuss<\/span><\/div><!-- .entry-meta -->\r\n    <\/div>\n\n\n<p class=\"post__paragraph has-spacing--xs has-spacing--m has-spacing--default\"><strong>At the beginning of her studies <\/strong>, the photographer lived with several nurses. They inspired the subject of her photo series, which has become more topical than ever due to the Corona pandemic. Patricia K\u00fchfu\u00df shows the everyday professional life of people who care for others at the limits of their resilience.<br\/><br\/>Nursing is a highly complex profession that requires technical, medical and human expertise. It is difficult to represent this work visually, as care touches on people&#8217;s privacy and raises the question of where the boundaries of what can be shown are. Therefore, in the media, the profession is often reduced to the symbolic image of a bed-shifting nurse, and the performance of nursing work remains invisible.<br\/><br\/>Before Patricia K\u00fchfuss photographed her story, she was warned about the difficulty of accessing care facilities. But she was not dissuaded from her idea:<\/p>\n\n \n    \n    <div id=\"quote-block_1f24efa488ca3cd7393053d552f58c01\" class=\"block-quote has-spacing--m\">\n        <figure class=\"quote\">\n            <blockquote>\n                <p>The deciding factor was that I wanted to photograph a subject for my bachelor&#8217;s degree that was really close to my heart.<\/p>\n            <\/blockquote>\n\n            <figcaption>\n\n                            <img loading=\"lazy\" decoding=\"async\" class=\"portrait--inline\" src=\"https:\/\/visualjournalism.de\/wp-content\/uploads\/patricia_kuehfuss_thumb-52x52.jpg\" width=\"52\" height=\"52\" alt=\"\" \/>\n                            <span>Patricia K\u00fchfuss<\/span>\n            <\/figcaption>\n            \n        <\/figure>\n    <\/div>\n\n\n<p class=\"post__paragraph has-spacing--xs has-spacing--l\"><strong>The nursing shortage also has a sexist layer, K\u00fchfuss said.  <\/strong>For patients, help in everyday life is just as important in the end as help in life-threatening moments. &#8220;These things are often labeled as &#8216;care-work&#8217; &#8211; historically, typically female tasks,&#8221; the photographer explains.<br\/><br\/>Since completing her studies at the University of Applied Sciences and Arts in Hanover, Patricia K\u00fchfuss has been working as a freelance photographer. At the Lumix Festival 2020, she received the HAZ Audience Award for the work &#8220;Nicht m\u00fcde werden&#8221; shown here. Her photographs are published in the Frankfurter Allgemeine Zeitung, GEO, National Geographic and ZEIT Magazine, among others.<\/p>\n    <figure class=\"block-photo post__image--full has-spacing--l with-title\">\n\n        <div class=\"post__image__container\">\n            <img loading=\"lazy\" decoding=\"async\" \n                src=\"https:\/\/visualjournalism.de\/wp-content\/uploads\/01Patricia_Kuehfuss-1400x1000.jpg\"\n                srcset=\"https:\/\/visualjournalism.de\/wp-content\/uploads\/01Patricia_Kuehfuss-1400x1000.jpg 1400w, https:\/\/visualjournalism.de\/wp-content\/uploads\/01Patricia_Kuehfuss-420x300.jpg 420w, https:\/\/visualjournalism.de\/wp-content\/uploads\/01Patricia_Kuehfuss-1050x750.jpg 1050w, https:\/\/visualjournalism.de\/wp-content\/uploads\/01Patricia_Kuehfuss-670x479.jpg 670w, https:\/\/visualjournalism.de\/wp-content\/uploads\/01Patricia_Kuehfuss-350x250.jpg 350w, https:\/\/visualjournalism.de\/wp-content\/uploads\/01Patricia_Kuehfuss-300x214.jpg 300w, https:\/\/visualjournalism.de\/wp-content\/uploads\/01Patricia_Kuehfuss-768x549.jpg 768w, https:\/\/visualjournalism.de\/wp-content\/uploads\/01Patricia_Kuehfuss-1024x732.jpg 1024w, https:\/\/visualjournalism.de\/wp-content\/uploads\/01Patricia_Kuehfuss-1536x1097.jpg 1536w, https:\/\/visualjournalism.de\/wp-content\/uploads\/01Patricia_Kuehfuss-700x500.jpg 700w, https:\/\/visualjournalism.de\/wp-content\/uploads\/01Patricia_Kuehfuss.jpg 2000w\"\n                width=\"1400\" \n                height=\"1000\"\n                alt=\"\" \n            \/>\n            \n                            <span class=\"post__image__title\">\u00a9 Patricia K\u00fchfuss, May 12, 2018<\/span>\n                    <\/div><!-- post__image__container -->\n\n                    <figcaption class=\"post__image__caption--soehne\"><p><strong>Peter H. prepares<\/strong> a room for a patient returning from intensive care. 80 percent of German hospitals now report difficulties in finding nursing staff.<\/p>\n<\/figcaption>\n        \n    <\/figure><!-- post__image -->\n\n    <figure class=\"block-photo post__image--half-center has-spacing--l with-title\">\n\n        <div class=\"post__image__container\">\n            <img loading=\"lazy\" decoding=\"async\" \n                src=\"https:\/\/visualjournalism.de\/wp-content\/uploads\/02Patricia_Kuehfuss-700x980.jpg\"\n                srcset=\"https:\/\/visualjournalism.de\/wp-content\/uploads\/02Patricia_Kuehfuss-700x980.jpg 700w, https:\/\/visualjournalism.de\/wp-content\/uploads\/02Patricia_Kuehfuss-420x588.jpg 420w, https:\/\/visualjournalism.de\/wp-content\/uploads\/02Patricia_Kuehfuss-1050x1470.jpg 1050w, https:\/\/visualjournalism.de\/wp-content\/uploads\/02Patricia_Kuehfuss-670x938.jpg 670w, https:\/\/visualjournalism.de\/wp-content\/uploads\/02Patricia_Kuehfuss-350x490.jpg 350w, https:\/\/visualjournalism.de\/wp-content\/uploads\/02Patricia_Kuehfuss-214x300.jpg 214w, https:\/\/visualjournalism.de\/wp-content\/uploads\/02Patricia_Kuehfuss-768x1075.jpg 768w, https:\/\/visualjournalism.de\/wp-content\/uploads\/02Patricia_Kuehfuss-732x1024.jpg 732w, https:\/\/visualjournalism.de\/wp-content\/uploads\/02Patricia_Kuehfuss-1097x1536.jpg 1097w, https:\/\/visualjournalism.de\/wp-content\/uploads\/02Patricia_Kuehfuss-1400x1959.jpg 1400w, https:\/\/visualjournalism.de\/wp-content\/uploads\/02Patricia_Kuehfuss-300x420.jpg 300w, https:\/\/visualjournalism.de\/wp-content\/uploads\/02Patricia_Kuehfuss.jpg 1429w\"\n                width=\"700\" \n                height=\"980\"\n                alt=\"\" \n            \/>\n            \n                            <span class=\"post__image__title\">\u00a9 Patricia K\u00fchfuss, May 3, 2018<\/span>\n                    <\/div><!-- post__image__container -->\n\n                    <figcaption class=\"post__image__caption--soehne\"><p><strong>A patient is washed<\/strong> during a night shift. Actually, it should be a matter of course that the patients&#8217; hygiene remains at a dignified level. But many nurses complain that they do not have enough time to care for patients adequately.<\/p>\n<\/figcaption>\n        \n    <\/figure><!-- post__image -->\n\n    <figure class=\"block-photo post__image--half-center has-spacing--l with-title\">\n\n        <div class=\"post__image__container\">\n            <img loading=\"lazy\" decoding=\"async\" \n                src=\"https:\/\/visualjournalism.de\/wp-content\/uploads\/03Patricia_Kuehfuss-700x980.jpg\"\n                srcset=\"https:\/\/visualjournalism.de\/wp-content\/uploads\/03Patricia_Kuehfuss-700x980.jpg 700w, https:\/\/visualjournalism.de\/wp-content\/uploads\/03Patricia_Kuehfuss-420x588.jpg 420w, https:\/\/visualjournalism.de\/wp-content\/uploads\/03Patricia_Kuehfuss-1050x1470.jpg 1050w, https:\/\/visualjournalism.de\/wp-content\/uploads\/03Patricia_Kuehfuss-670x938.jpg 670w, https:\/\/visualjournalism.de\/wp-content\/uploads\/03Patricia_Kuehfuss-350x490.jpg 350w, https:\/\/visualjournalism.de\/wp-content\/uploads\/03Patricia_Kuehfuss-214x300.jpg 214w, https:\/\/visualjournalism.de\/wp-content\/uploads\/03Patricia_Kuehfuss-768x1075.jpg 768w, https:\/\/visualjournalism.de\/wp-content\/uploads\/03Patricia_Kuehfuss-732x1024.jpg 732w, https:\/\/visualjournalism.de\/wp-content\/uploads\/03Patricia_Kuehfuss-1097x1536.jpg 1097w, https:\/\/visualjournalism.de\/wp-content\/uploads\/03Patricia_Kuehfuss-1400x1959.jpg 1400w, https:\/\/visualjournalism.de\/wp-content\/uploads\/03Patricia_Kuehfuss-300x420.jpg 300w, https:\/\/visualjournalism.de\/wp-content\/uploads\/03Patricia_Kuehfuss.jpg 1429w\"\n                width=\"700\" \n                height=\"980\"\n                alt=\"\" \n            \/>\n            \n                            <span class=\"post__image__title\">\u00a9 Patricia K\u00fchfuss <\/span>\n                    <\/div><!-- post__image__container -->\n\n                    <figcaption class=\"post__image__caption--soehne\"><p><strong>Intensive care nurse<\/strong> Jennifer G. assesses a patient&#8217;s situation\u2014it&#8217;s critical. Because there are not enough staff, many intensive care nurses have to work without supervision after just one month. In the past, training to become an intensive care nurse took a year.<\/p>\n<\/figcaption>\n        \n    <\/figure><!-- post__image -->\n\n    <figure class=\"block-photo post__image--half-center has-spacing--l with-title\">\n\n        <div class=\"post__image__container\">\n            <img loading=\"lazy\" decoding=\"async\" \n                src=\"https:\/\/visualjournalism.de\/wp-content\/uploads\/04Patricia_Kuehfuss-700x980.jpg\"\n                srcset=\"https:\/\/visualjournalism.de\/wp-content\/uploads\/04Patricia_Kuehfuss-700x980.jpg 700w, https:\/\/visualjournalism.de\/wp-content\/uploads\/04Patricia_Kuehfuss-420x588.jpg 420w, https:\/\/visualjournalism.de\/wp-content\/uploads\/04Patricia_Kuehfuss-1050x1470.jpg 1050w, https:\/\/visualjournalism.de\/wp-content\/uploads\/04Patricia_Kuehfuss-670x938.jpg 670w, https:\/\/visualjournalism.de\/wp-content\/uploads\/04Patricia_Kuehfuss-350x490.jpg 350w, https:\/\/visualjournalism.de\/wp-content\/uploads\/04Patricia_Kuehfuss-214x300.jpg 214w, https:\/\/visualjournalism.de\/wp-content\/uploads\/04Patricia_Kuehfuss-768x1075.jpg 768w, https:\/\/visualjournalism.de\/wp-content\/uploads\/04Patricia_Kuehfuss-732x1024.jpg 732w, https:\/\/visualjournalism.de\/wp-content\/uploads\/04Patricia_Kuehfuss-1097x1536.jpg 1097w, https:\/\/visualjournalism.de\/wp-content\/uploads\/04Patricia_Kuehfuss-1400x1959.jpg 1400w, https:\/\/visualjournalism.de\/wp-content\/uploads\/04Patricia_Kuehfuss-300x420.jpg 300w, https:\/\/visualjournalism.de\/wp-content\/uploads\/04Patricia_Kuehfuss.jpg 1429w\"\n                width=\"700\" \n                height=\"980\"\n                alt=\"\" \n            \/>\n            \n                            <span class=\"post__image__title\">\u00a9 Patricia K\u00fchfuss, May 1, 2018<\/span>\n                    <\/div><!-- post__image__container -->\n\n                    <figcaption class=\"post__image__caption--soehne\"><p><strong>A patient is feeling<\/strong> very unwell. A nurse takes care of him by wiping the sweat from his body.<\/p>\n<\/figcaption>\n        \n    <\/figure><!-- post__image -->\n\n    <figure class=\"block-photo post__image--full has-spacing--l with-title\">\n\n        <div class=\"post__image__container\">\n            <img loading=\"lazy\" decoding=\"async\" \n                src=\"https:\/\/visualjournalism.de\/wp-content\/uploads\/05Patricia_Kuehfuss-1400x1000.jpg\"\n                srcset=\"https:\/\/visualjournalism.de\/wp-content\/uploads\/05Patricia_Kuehfuss-1400x1000.jpg 1400w, https:\/\/visualjournalism.de\/wp-content\/uploads\/05Patricia_Kuehfuss-420x300.jpg 420w, https:\/\/visualjournalism.de\/wp-content\/uploads\/05Patricia_Kuehfuss-1050x750.jpg 1050w, https:\/\/visualjournalism.de\/wp-content\/uploads\/05Patricia_Kuehfuss-670x479.jpg 670w, https:\/\/visualjournalism.de\/wp-content\/uploads\/05Patricia_Kuehfuss-350x250.jpg 350w, https:\/\/visualjournalism.de\/wp-content\/uploads\/05Patricia_Kuehfuss-300x214.jpg 300w, https:\/\/visualjournalism.de\/wp-content\/uploads\/05Patricia_Kuehfuss-768x549.jpg 768w, https:\/\/visualjournalism.de\/wp-content\/uploads\/05Patricia_Kuehfuss-1024x732.jpg 1024w, https:\/\/visualjournalism.de\/wp-content\/uploads\/05Patricia_Kuehfuss-1536x1097.jpg 1536w, https:\/\/visualjournalism.de\/wp-content\/uploads\/05Patricia_Kuehfuss-700x500.jpg 700w, https:\/\/visualjournalism.de\/wp-content\/uploads\/05Patricia_Kuehfuss.jpg 2000w\"\n                width=\"1400\" \n                height=\"1000\"\n                alt=\"\" \n            \/>\n            \n                            <span class=\"post__image__title\">\u00a9 Patricia K\u00fchfuss, May 1, 2018<\/span>\n                    <\/div><!-- post__image__container -->\n\n                    <figcaption class=\"post__image__caption--soehne\"><p><strong>Thorid G., documents<\/strong> the data of her patients during a night shift. Although she has already worked the last few nights, she once again has to fill in for a sick colleague.<\/p>\n<\/figcaption>\n        \n    <\/figure><!-- post__image -->\n\n    <figure class=\"block-photo post__image--half-center has-spacing--l with-title\">\n\n        <div class=\"post__image__container\">\n            <img loading=\"lazy\" decoding=\"async\" \n                src=\"https:\/\/visualjournalism.de\/wp-content\/uploads\/06Patricia_Kuehfuss-700x980.jpg\"\n                srcset=\"https:\/\/visualjournalism.de\/wp-content\/uploads\/06Patricia_Kuehfuss-700x980.jpg 700w, https:\/\/visualjournalism.de\/wp-content\/uploads\/06Patricia_Kuehfuss-420x588.jpg 420w, https:\/\/visualjournalism.de\/wp-content\/uploads\/06Patricia_Kuehfuss-1050x1470.jpg 1050w, https:\/\/visualjournalism.de\/wp-content\/uploads\/06Patricia_Kuehfuss-670x938.jpg 670w, https:\/\/visualjournalism.de\/wp-content\/uploads\/06Patricia_Kuehfuss-350x490.jpg 350w, https:\/\/visualjournalism.de\/wp-content\/uploads\/06Patricia_Kuehfuss-214x300.jpg 214w, https:\/\/visualjournalism.de\/wp-content\/uploads\/06Patricia_Kuehfuss-768x1075.jpg 768w, https:\/\/visualjournalism.de\/wp-content\/uploads\/06Patricia_Kuehfuss-732x1024.jpg 732w, https:\/\/visualjournalism.de\/wp-content\/uploads\/06Patricia_Kuehfuss-1097x1536.jpg 1097w, https:\/\/visualjournalism.de\/wp-content\/uploads\/06Patricia_Kuehfuss-1400x1959.jpg 1400w, https:\/\/visualjournalism.de\/wp-content\/uploads\/06Patricia_Kuehfuss-300x420.jpg 300w, https:\/\/visualjournalism.de\/wp-content\/uploads\/06Patricia_Kuehfuss.jpg 1429w\"\n                width=\"700\" \n                height=\"980\"\n                alt=\"\" \n            \/>\n            \n                            <span class=\"post__image__title\">\u00a9 Patricia K\u00fchfuss, May 17, 2018<\/span>\n                    <\/div><!-- post__image__container -->\n\n                    <figcaption class=\"post__image__caption--soehne\"><p><strong>A nurse prepares<\/strong> breakfast for a patient who can&#8217;t do it himself.<\/p>\n<\/figcaption>\n        \n    <\/figure><!-- post__image -->\n\n    <figure class=\"block-photo post__image--half-center has-spacing--l with-title\">\n\n        <div class=\"post__image__container\">\n            <img loading=\"lazy\" decoding=\"async\" \n                src=\"https:\/\/visualjournalism.de\/wp-content\/uploads\/07Patricia_Kuehfuss-700x980.jpg\"\n                srcset=\"https:\/\/visualjournalism.de\/wp-content\/uploads\/07Patricia_Kuehfuss-700x980.jpg 700w, https:\/\/visualjournalism.de\/wp-content\/uploads\/07Patricia_Kuehfuss-420x588.jpg 420w, https:\/\/visualjournalism.de\/wp-content\/uploads\/07Patricia_Kuehfuss-1050x1470.jpg 1050w, https:\/\/visualjournalism.de\/wp-content\/uploads\/07Patricia_Kuehfuss-670x938.jpg 670w, https:\/\/visualjournalism.de\/wp-content\/uploads\/07Patricia_Kuehfuss-350x490.jpg 350w, https:\/\/visualjournalism.de\/wp-content\/uploads\/07Patricia_Kuehfuss-214x300.jpg 214w, https:\/\/visualjournalism.de\/wp-content\/uploads\/07Patricia_Kuehfuss-768x1075.jpg 768w, https:\/\/visualjournalism.de\/wp-content\/uploads\/07Patricia_Kuehfuss-732x1024.jpg 732w, https:\/\/visualjournalism.de\/wp-content\/uploads\/07Patricia_Kuehfuss-1097x1536.jpg 1097w, https:\/\/visualjournalism.de\/wp-content\/uploads\/07Patricia_Kuehfuss-1400x1959.jpg 1400w, https:\/\/visualjournalism.de\/wp-content\/uploads\/07Patricia_Kuehfuss-300x420.jpg 300w, https:\/\/visualjournalism.de\/wp-content\/uploads\/07Patricia_Kuehfuss.jpg 1429w\"\n                width=\"700\" \n                height=\"980\"\n                alt=\"\" \n            \/>\n            \n                            <span class=\"post__image__title\">\u00a9 Patricia K\u00fchfuss, May 1, 2018<\/span>\n                    <\/div><!-- post__image__container -->\n\n                    <figcaption class=\"post__image__caption--soehne\"><p><strong>A nurse attempts<\/strong> to resuscitate a patient. Nurses usually spend the most time with a patient\u2014accordingly, lives literally depend on their attention and skill.<\/p>\n<\/figcaption>\n        \n    <\/figure><!-- post__image -->\n\n    <figure class=\"block-photo post__image--half-center has-spacing--l with-title\">\n\n        <div class=\"post__image__container\">\n            <img loading=\"lazy\" decoding=\"async\" \n                src=\"https:\/\/visualjournalism.de\/wp-content\/uploads\/08Patricia_Kuehfuss-700x980.jpg\"\n                srcset=\"https:\/\/visualjournalism.de\/wp-content\/uploads\/08Patricia_Kuehfuss-700x980.jpg 700w, https:\/\/visualjournalism.de\/wp-content\/uploads\/08Patricia_Kuehfuss-420x588.jpg 420w, https:\/\/visualjournalism.de\/wp-content\/uploads\/08Patricia_Kuehfuss-1050x1470.jpg 1050w, https:\/\/visualjournalism.de\/wp-content\/uploads\/08Patricia_Kuehfuss-670x938.jpg 670w, https:\/\/visualjournalism.de\/wp-content\/uploads\/08Patricia_Kuehfuss-350x490.jpg 350w, https:\/\/visualjournalism.de\/wp-content\/uploads\/08Patricia_Kuehfuss-214x300.jpg 214w, https:\/\/visualjournalism.de\/wp-content\/uploads\/08Patricia_Kuehfuss-768x1075.jpg 768w, https:\/\/visualjournalism.de\/wp-content\/uploads\/08Patricia_Kuehfuss-732x1024.jpg 732w, https:\/\/visualjournalism.de\/wp-content\/uploads\/08Patricia_Kuehfuss-1097x1536.jpg 1097w, https:\/\/visualjournalism.de\/wp-content\/uploads\/08Patricia_Kuehfuss-1400x1959.jpg 1400w, https:\/\/visualjournalism.de\/wp-content\/uploads\/08Patricia_Kuehfuss-300x420.jpg 300w, https:\/\/visualjournalism.de\/wp-content\/uploads\/08Patricia_Kuehfuss.jpg 1429w\"\n                width=\"700\" \n                height=\"980\"\n                alt=\"\" \n            \/>\n            \n                            <span class=\"post__image__title\">\u00a9 Patricia K\u00fchfuss<\/span>\n                    <\/div><!-- post__image__container -->\n\n                    <figcaption class=\"post__image__caption--soehne\"><p><strong>Jana S. takes<\/strong> a break during the night shift. The staff shortage is sometimes so great that colleagues even have to be called back from holiday.<\/p>\n<\/figcaption>\n        \n    <\/figure><!-- post__image -->\n\n    <figure class=\"block-photo post__image--half-center has-spacing--l with-title\">\n\n        <div class=\"post__image__container\">\n            <img loading=\"lazy\" decoding=\"async\" \n                src=\"https:\/\/visualjournalism.de\/wp-content\/uploads\/09Patricia_Kuehfuss-700x980.jpg\"\n                srcset=\"https:\/\/visualjournalism.de\/wp-content\/uploads\/09Patricia_Kuehfuss-700x980.jpg 700w, https:\/\/visualjournalism.de\/wp-content\/uploads\/09Patricia_Kuehfuss-420x588.jpg 420w, https:\/\/visualjournalism.de\/wp-content\/uploads\/09Patricia_Kuehfuss-1050x1470.jpg 1050w, https:\/\/visualjournalism.de\/wp-content\/uploads\/09Patricia_Kuehfuss-670x938.jpg 670w, https:\/\/visualjournalism.de\/wp-content\/uploads\/09Patricia_Kuehfuss-350x490.jpg 350w, https:\/\/visualjournalism.de\/wp-content\/uploads\/09Patricia_Kuehfuss-214x300.jpg 214w, https:\/\/visualjournalism.de\/wp-content\/uploads\/09Patricia_Kuehfuss-768x1075.jpg 768w, https:\/\/visualjournalism.de\/wp-content\/uploads\/09Patricia_Kuehfuss-732x1024.jpg 732w, https:\/\/visualjournalism.de\/wp-content\/uploads\/09Patricia_Kuehfuss-1097x1536.jpg 1097w, https:\/\/visualjournalism.de\/wp-content\/uploads\/09Patricia_Kuehfuss-1400x1959.jpg 1400w, https:\/\/visualjournalism.de\/wp-content\/uploads\/09Patricia_Kuehfuss-300x420.jpg 300w, https:\/\/visualjournalism.de\/wp-content\/uploads\/09Patricia_Kuehfuss.jpg 1429w\"\n                width=\"700\" \n                height=\"980\"\n                alt=\"\" \n            \/>\n            \n                            <span class=\"post__image__title\">\u00a9 Patricia K\u00fchfuss, May 12, 2018<\/span>\n                    <\/div><!-- post__image__container -->\n\n                    <figcaption class=\"post__image__caption--soehne\"><p><strong>A nurse prepares<\/strong> a ventilator for a patient.<\/p>\n<\/figcaption>\n        \n    <\/figure><!-- post__image -->\n\n    <figure class=\"block-photo post__image--half-center has-spacing--l with-title\">\n\n        <div class=\"post__image__container\">\n            <img loading=\"lazy\" decoding=\"async\" \n                src=\"https:\/\/visualjournalism.de\/wp-content\/uploads\/10Patricia_Kuehfuss-700x980.jpg\"\n                srcset=\"https:\/\/visualjournalism.de\/wp-content\/uploads\/10Patricia_Kuehfuss-700x980.jpg 700w, https:\/\/visualjournalism.de\/wp-content\/uploads\/10Patricia_Kuehfuss-420x588.jpg 420w, https:\/\/visualjournalism.de\/wp-content\/uploads\/10Patricia_Kuehfuss-1050x1470.jpg 1050w, https:\/\/visualjournalism.de\/wp-content\/uploads\/10Patricia_Kuehfuss-670x938.jpg 670w, https:\/\/visualjournalism.de\/wp-content\/uploads\/10Patricia_Kuehfuss-350x490.jpg 350w, https:\/\/visualjournalism.de\/wp-content\/uploads\/10Patricia_Kuehfuss-214x300.jpg 214w, https:\/\/visualjournalism.de\/wp-content\/uploads\/10Patricia_Kuehfuss-768x1075.jpg 768w, https:\/\/visualjournalism.de\/wp-content\/uploads\/10Patricia_Kuehfuss-732x1024.jpg 732w, https:\/\/visualjournalism.de\/wp-content\/uploads\/10Patricia_Kuehfuss-1097x1536.jpg 1097w, https:\/\/visualjournalism.de\/wp-content\/uploads\/10Patricia_Kuehfuss-1400x1959.jpg 1400w, https:\/\/visualjournalism.de\/wp-content\/uploads\/10Patricia_Kuehfuss-300x420.jpg 300w, https:\/\/visualjournalism.de\/wp-content\/uploads\/10Patricia_Kuehfuss.jpg 1429w\"\n                width=\"700\" \n                height=\"980\"\n                alt=\"\" \n            \/>\n            \n                            <span class=\"post__image__title\">\u00a9 Patricia K\u00fchfuss, May 3, 2018<\/span>\n                    <\/div><!-- post__image__container -->\n\n                    <figcaption class=\"post__image__caption--soehne\"><p><strong>Two nurses move<\/strong> a patient to check the status of his pressure ulcer dressing.<\/p>\n<\/figcaption>\n        \n    <\/figure><!-- post__image -->\n\n    <figure class=\"block-photo post__image--half-center has-spacing--l with-title\">\n\n        <div class=\"post__image__container\">\n            <img loading=\"lazy\" decoding=\"async\" \n                src=\"https:\/\/visualjournalism.de\/wp-content\/uploads\/11Patricia_Kuehfuss-700x980.jpg\"\n                srcset=\"https:\/\/visualjournalism.de\/wp-content\/uploads\/11Patricia_Kuehfuss-700x980.jpg 700w, https:\/\/visualjournalism.de\/wp-content\/uploads\/11Patricia_Kuehfuss-420x588.jpg 420w, https:\/\/visualjournalism.de\/wp-content\/uploads\/11Patricia_Kuehfuss-1050x1470.jpg 1050w, https:\/\/visualjournalism.de\/wp-content\/uploads\/11Patricia_Kuehfuss-670x938.jpg 670w, https:\/\/visualjournalism.de\/wp-content\/uploads\/11Patricia_Kuehfuss-350x490.jpg 350w, https:\/\/visualjournalism.de\/wp-content\/uploads\/11Patricia_Kuehfuss-214x300.jpg 214w, https:\/\/visualjournalism.de\/wp-content\/uploads\/11Patricia_Kuehfuss-768x1075.jpg 768w, https:\/\/visualjournalism.de\/wp-content\/uploads\/11Patricia_Kuehfuss-732x1024.jpg 732w, https:\/\/visualjournalism.de\/wp-content\/uploads\/11Patricia_Kuehfuss-1097x1536.jpg 1097w, https:\/\/visualjournalism.de\/wp-content\/uploads\/11Patricia_Kuehfuss-1400x1959.jpg 1400w, https:\/\/visualjournalism.de\/wp-content\/uploads\/11Patricia_Kuehfuss-300x420.jpg 300w, https:\/\/visualjournalism.de\/wp-content\/uploads\/11Patricia_Kuehfuss.jpg 1429w\"\n                width=\"700\" \n                height=\"980\"\n                alt=\"\" \n            \/>\n            \n                            <span class=\"post__image__title\">\u00a9 Patricia K\u00fchfuss, May 12, 2018<\/span>\n                    <\/div><!-- post__image__container -->\n\n                    <figcaption class=\"post__image__caption--soehne\"><p><strong>A nurse takes<\/strong> the data of a patient. She wears a glove while doing so, which poses a hygiene risk. Due to time pressure, nurses are often unable to comply with hygiene standards.<\/p>\n<\/figcaption>\n        \n    <\/figure><!-- post__image -->\n\n    <figure class=\"block-photo post__image--full has-spacing--l with-title\">\n\n        <div class=\"post__image__container\">\n            <img loading=\"lazy\" decoding=\"async\" \n                src=\"https:\/\/visualjournalism.de\/wp-content\/uploads\/12Patricia_Kuehfuss-1400x1000.jpg\"\n                srcset=\"https:\/\/visualjournalism.de\/wp-content\/uploads\/12Patricia_Kuehfuss-1400x1000.jpg 1400w, https:\/\/visualjournalism.de\/wp-content\/uploads\/12Patricia_Kuehfuss-420x300.jpg 420w, https:\/\/visualjournalism.de\/wp-content\/uploads\/12Patricia_Kuehfuss-1050x750.jpg 1050w, https:\/\/visualjournalism.de\/wp-content\/uploads\/12Patricia_Kuehfuss-670x479.jpg 670w, https:\/\/visualjournalism.de\/wp-content\/uploads\/12Patricia_Kuehfuss-350x250.jpg 350w, https:\/\/visualjournalism.de\/wp-content\/uploads\/12Patricia_Kuehfuss-300x214.jpg 300w, https:\/\/visualjournalism.de\/wp-content\/uploads\/12Patricia_Kuehfuss-768x549.jpg 768w, https:\/\/visualjournalism.de\/wp-content\/uploads\/12Patricia_Kuehfuss-1024x732.jpg 1024w, https:\/\/visualjournalism.de\/wp-content\/uploads\/12Patricia_Kuehfuss-1536x1097.jpg 1536w, https:\/\/visualjournalism.de\/wp-content\/uploads\/12Patricia_Kuehfuss-700x500.jpg 700w, https:\/\/visualjournalism.de\/wp-content\/uploads\/12Patricia_Kuehfuss.jpg 2000w\"\n                width=\"1400\" \n                height=\"1000\"\n                alt=\"\" \n            \/>\n            \n                            <span class=\"post__image__title\">\u00a9 Patricia K\u00fchfuss, May 3, 2018<\/span>\n                    <\/div><!-- post__image__container -->\n\n                    <figcaption class=\"post__image__caption--soehne\"><p><strong>Jennifer G., Sussan M., and Jana S.<\/strong> (from left) discuss during a night shift.<\/p>\n<\/figcaption>\n        \n    <\/figure><!-- post__image -->\n\n    <figure class=\"block-photo post__image--half-center has-spacing--l with-title\">\n\n        <div class=\"post__image__container\">\n            <img loading=\"lazy\" decoding=\"async\" \n                src=\"https:\/\/visualjournalism.de\/wp-content\/uploads\/13Patricia_Kuehfuss-700x980.jpg\"\n                srcset=\"https:\/\/visualjournalism.de\/wp-content\/uploads\/13Patricia_Kuehfuss-700x980.jpg 700w, https:\/\/visualjournalism.de\/wp-content\/uploads\/13Patricia_Kuehfuss-420x588.jpg 420w, https:\/\/visualjournalism.de\/wp-content\/uploads\/13Patricia_Kuehfuss-1050x1470.jpg 1050w, https:\/\/visualjournalism.de\/wp-content\/uploads\/13Patricia_Kuehfuss-670x938.jpg 670w, https:\/\/visualjournalism.de\/wp-content\/uploads\/13Patricia_Kuehfuss-350x490.jpg 350w, https:\/\/visualjournalism.de\/wp-content\/uploads\/13Patricia_Kuehfuss-214x300.jpg 214w, https:\/\/visualjournalism.de\/wp-content\/uploads\/13Patricia_Kuehfuss-768x1075.jpg 768w, https:\/\/visualjournalism.de\/wp-content\/uploads\/13Patricia_Kuehfuss-732x1024.jpg 732w, https:\/\/visualjournalism.de\/wp-content\/uploads\/13Patricia_Kuehfuss-1097x1536.jpg 1097w, https:\/\/visualjournalism.de\/wp-content\/uploads\/13Patricia_Kuehfuss-1400x1959.jpg 1400w, https:\/\/visualjournalism.de\/wp-content\/uploads\/13Patricia_Kuehfuss-300x420.jpg 300w, https:\/\/visualjournalism.de\/wp-content\/uploads\/13Patricia_Kuehfuss.jpg 1429w\"\n                width=\"700\" \n                height=\"980\"\n                alt=\"\" \n            \/>\n            \n                            <span class=\"post__image__title\">\u00a9 Patricia K\u00fchfuss, May 18, 2018<\/span>\n                    <\/div><!-- post__image__container -->\n\n                    <figcaption class=\"post__image__caption--soehne\"><p><strong>Hannah M. is looking<\/strong> for the right medication. She is doing a voluntary social year here. Although interns, trainees, and volunteers are mainly supposed to learn and support, they are often used like fully trained nurses due to the nursing shortage. As a result, many of them feel overwhelmed and decide against a career in nursing. This makes the situation even worse.<\/p>\n<\/figcaption>\n        \n    <\/figure><!-- post__image -->\n\n    <figure class=\"block-photo post__image--half-center has-spacing--l with-title\">\n\n        <div class=\"post__image__container\">\n            <img loading=\"lazy\" decoding=\"async\" \n                src=\"https:\/\/visualjournalism.de\/wp-content\/uploads\/14Patricia_Kuehfuss-700x980.jpg\"\n                srcset=\"https:\/\/visualjournalism.de\/wp-content\/uploads\/14Patricia_Kuehfuss-700x980.jpg 700w, https:\/\/visualjournalism.de\/wp-content\/uploads\/14Patricia_Kuehfuss-420x588.jpg 420w, https:\/\/visualjournalism.de\/wp-content\/uploads\/14Patricia_Kuehfuss-1050x1470.jpg 1050w, https:\/\/visualjournalism.de\/wp-content\/uploads\/14Patricia_Kuehfuss-670x938.jpg 670w, https:\/\/visualjournalism.de\/wp-content\/uploads\/14Patricia_Kuehfuss-350x490.jpg 350w, https:\/\/visualjournalism.de\/wp-content\/uploads\/14Patricia_Kuehfuss-214x300.jpg 214w, https:\/\/visualjournalism.de\/wp-content\/uploads\/14Patricia_Kuehfuss-768x1075.jpg 768w, https:\/\/visualjournalism.de\/wp-content\/uploads\/14Patricia_Kuehfuss-732x1024.jpg 732w, https:\/\/visualjournalism.de\/wp-content\/uploads\/14Patricia_Kuehfuss-1097x1536.jpg 1097w, https:\/\/visualjournalism.de\/wp-content\/uploads\/14Patricia_Kuehfuss-1400x1959.jpg 1400w, https:\/\/visualjournalism.de\/wp-content\/uploads\/14Patricia_Kuehfuss-300x420.jpg 300w, https:\/\/visualjournalism.de\/wp-content\/uploads\/14Patricia_Kuehfuss.jpg 1429w\"\n                width=\"700\" \n                height=\"980\"\n                alt=\"\" \n            \/>\n            \n                            <span class=\"post__image__title\">\u00a9 Patricia K\u00fchfuss, May 1, 2018<\/span>\n                    <\/div><!-- post__image__container -->\n\n                    <figcaption class=\"post__image__caption--soehne\"><p><strong>A nurse tries<\/strong> to calm a patient suffering from dementia. Before that, he has called her four times. He thinks he has to leave the hospital.<\/p>\n<\/figcaption>\n        \n    <\/figure><!-- post__image -->\n\n    <figure class=\"block-photo post__image--half-center has-spacing--l with-title\">\n\n        <div class=\"post__image__container\">\n            <img loading=\"lazy\" decoding=\"async\" \n                src=\"https:\/\/visualjournalism.de\/wp-content\/uploads\/15Patricia_Kuehfuss-700x980.jpg\"\n                srcset=\"https:\/\/visualjournalism.de\/wp-content\/uploads\/15Patricia_Kuehfuss-700x980.jpg 700w, https:\/\/visualjournalism.de\/wp-content\/uploads\/15Patricia_Kuehfuss-420x588.jpg 420w, https:\/\/visualjournalism.de\/wp-content\/uploads\/15Patricia_Kuehfuss-1050x1470.jpg 1050w, https:\/\/visualjournalism.de\/wp-content\/uploads\/15Patricia_Kuehfuss-670x938.jpg 670w, https:\/\/visualjournalism.de\/wp-content\/uploads\/15Patricia_Kuehfuss-350x490.jpg 350w, https:\/\/visualjournalism.de\/wp-content\/uploads\/15Patricia_Kuehfuss-214x300.jpg 214w, https:\/\/visualjournalism.de\/wp-content\/uploads\/15Patricia_Kuehfuss-768x1075.jpg 768w, https:\/\/visualjournalism.de\/wp-content\/uploads\/15Patricia_Kuehfuss-732x1024.jpg 732w, https:\/\/visualjournalism.de\/wp-content\/uploads\/15Patricia_Kuehfuss-1097x1536.jpg 1097w, https:\/\/visualjournalism.de\/wp-content\/uploads\/15Patricia_Kuehfuss-1400x1959.jpg 1400w, https:\/\/visualjournalism.de\/wp-content\/uploads\/15Patricia_Kuehfuss-300x420.jpg 300w, https:\/\/visualjournalism.de\/wp-content\/uploads\/15Patricia_Kuehfuss.jpg 1429w\"\n                width=\"700\" \n                height=\"980\"\n                alt=\"\" \n            \/>\n            \n                            <span class=\"post__image__title\">\u00a9 Patricia K\u00fchfuss, May 12, 2018<\/span>\n                    <\/div><!-- post__image__container -->\n\n                    <figcaption class=\"post__image__caption--soehne\"><p><strong>Michael B. is caring<\/strong> for a patient during the night shift. He has been working as an intensive care nurse for 10 years and is one of the most experienced on his shift.<\/p>\n<\/figcaption>\n        \n    <\/figure><!-- post__image -->\n\n    <figure class=\"block-photo post__image--half-center has-spacing--l with-title\">\n\n        <div class=\"post__image__container\">\n            <img loading=\"lazy\" decoding=\"async\" \n                src=\"https:\/\/visualjournalism.de\/wp-content\/uploads\/16Patricia_Kuehfuss-700x980.jpg\"\n                srcset=\"https:\/\/visualjournalism.de\/wp-content\/uploads\/16Patricia_Kuehfuss-700x980.jpg 700w, https:\/\/visualjournalism.de\/wp-content\/uploads\/16Patricia_Kuehfuss-420x588.jpg 420w, https:\/\/visualjournalism.de\/wp-content\/uploads\/16Patricia_Kuehfuss-1050x1470.jpg 1050w, https:\/\/visualjournalism.de\/wp-content\/uploads\/16Patricia_Kuehfuss-670x938.jpg 670w, https:\/\/visualjournalism.de\/wp-content\/uploads\/16Patricia_Kuehfuss-350x490.jpg 350w, https:\/\/visualjournalism.de\/wp-content\/uploads\/16Patricia_Kuehfuss-214x300.jpg 214w, https:\/\/visualjournalism.de\/wp-content\/uploads\/16Patricia_Kuehfuss-768x1075.jpg 768w, https:\/\/visualjournalism.de\/wp-content\/uploads\/16Patricia_Kuehfuss-732x1024.jpg 732w, https:\/\/visualjournalism.de\/wp-content\/uploads\/16Patricia_Kuehfuss-1097x1536.jpg 1097w, https:\/\/visualjournalism.de\/wp-content\/uploads\/16Patricia_Kuehfuss-1400x1959.jpg 1400w, https:\/\/visualjournalism.de\/wp-content\/uploads\/16Patricia_Kuehfuss-300x420.jpg 300w, https:\/\/visualjournalism.de\/wp-content\/uploads\/16Patricia_Kuehfuss.jpg 1429w\"\n                width=\"700\" \n                height=\"980\"\n                alt=\"\" \n            \/>\n            \n                            <span class=\"post__image__title\">\u00a9 Patricia K\u00fchfuss, May 10, 2018<\/span>\n                    <\/div><!-- post__image__container -->\n\n                    <figcaption class=\"post__image__caption--soehne\"><p><strong>Two nurses check<\/strong> each other&#8217;s calculations for a patient&#8217;s medication late at night.<\/p>\n<\/figcaption>\n        \n    <\/figure><!-- post__image -->\n\n    <figure class=\"block-photo post__image--half-center has-spacing--l with-title\">\n\n        <div class=\"post__image__container\">\n            <img loading=\"lazy\" decoding=\"async\" \n                src=\"https:\/\/visualjournalism.de\/wp-content\/uploads\/17Patricia_Kuehfuss-700x980.jpg\"\n                srcset=\"https:\/\/visualjournalism.de\/wp-content\/uploads\/17Patricia_Kuehfuss-700x980.jpg 700w, https:\/\/visualjournalism.de\/wp-content\/uploads\/17Patricia_Kuehfuss-420x588.jpg 420w, https:\/\/visualjournalism.de\/wp-content\/uploads\/17Patricia_Kuehfuss-1050x1470.jpg 1050w, https:\/\/visualjournalism.de\/wp-content\/uploads\/17Patricia_Kuehfuss-670x938.jpg 670w, https:\/\/visualjournalism.de\/wp-content\/uploads\/17Patricia_Kuehfuss-350x490.jpg 350w, https:\/\/visualjournalism.de\/wp-content\/uploads\/17Patricia_Kuehfuss-214x300.jpg 214w, https:\/\/visualjournalism.de\/wp-content\/uploads\/17Patricia_Kuehfuss-768x1075.jpg 768w, https:\/\/visualjournalism.de\/wp-content\/uploads\/17Patricia_Kuehfuss-732x1024.jpg 732w, https:\/\/visualjournalism.de\/wp-content\/uploads\/17Patricia_Kuehfuss-1097x1536.jpg 1097w, https:\/\/visualjournalism.de\/wp-content\/uploads\/17Patricia_Kuehfuss-1400x1959.jpg 1400w, https:\/\/visualjournalism.de\/wp-content\/uploads\/17Patricia_Kuehfuss-300x420.jpg 300w, https:\/\/visualjournalism.de\/wp-content\/uploads\/17Patricia_Kuehfuss.jpg 1429w\"\n                width=\"700\" \n                height=\"980\"\n                alt=\"\" \n            \/>\n            \n                            <span class=\"post__image__title\">\u00a9 Patricia K\u00fchfuss, May 3, 2018<\/span>\n                    <\/div><!-- post__image__container -->\n\n                    <figcaption class=\"post__image__caption--soehne\"><p><strong>Hospitals can only bill<\/strong> for work that has been documented. Therefore, more and more work has to be spent on documentation instead of on the patients.<\/p>\n<\/figcaption>\n        \n    <\/figure><!-- post__image -->\n\n    <figure class=\"block-photo post__image--half-center has-spacing--l with-title\">\n\n        <div class=\"post__image__container\">\n            <img loading=\"lazy\" decoding=\"async\" \n                src=\"https:\/\/visualjournalism.de\/wp-content\/uploads\/18Patricia_Kuehfuss-700x980.jpg\"\n                srcset=\"https:\/\/visualjournalism.de\/wp-content\/uploads\/18Patricia_Kuehfuss-700x980.jpg 700w, https:\/\/visualjournalism.de\/wp-content\/uploads\/18Patricia_Kuehfuss-420x588.jpg 420w, https:\/\/visualjournalism.de\/wp-content\/uploads\/18Patricia_Kuehfuss-1050x1470.jpg 1050w, https:\/\/visualjournalism.de\/wp-content\/uploads\/18Patricia_Kuehfuss-670x938.jpg 670w, https:\/\/visualjournalism.de\/wp-content\/uploads\/18Patricia_Kuehfuss-350x490.jpg 350w, https:\/\/visualjournalism.de\/wp-content\/uploads\/18Patricia_Kuehfuss-214x300.jpg 214w, https:\/\/visualjournalism.de\/wp-content\/uploads\/18Patricia_Kuehfuss-768x1075.jpg 768w, https:\/\/visualjournalism.de\/wp-content\/uploads\/18Patricia_Kuehfuss-732x1024.jpg 732w, https:\/\/visualjournalism.de\/wp-content\/uploads\/18Patricia_Kuehfuss-1097x1536.jpg 1097w, https:\/\/visualjournalism.de\/wp-content\/uploads\/18Patricia_Kuehfuss-1400x1959.jpg 1400w, https:\/\/visualjournalism.de\/wp-content\/uploads\/18Patricia_Kuehfuss-300x420.jpg 300w, https:\/\/visualjournalism.de\/wp-content\/uploads\/18Patricia_Kuehfuss.jpg 1429w\"\n                width=\"700\" \n                height=\"980\"\n                alt=\"\" \n            \/>\n            \n                            <span class=\"post__image__title\">\u00a9 Patricia K\u00fchfuss, May 1, 2018<\/span>\n                    <\/div><!-- post__image__container -->\n\n                    <figcaption class=\"post__image__caption--soehne\"><p><strong>Two nurses<\/strong> move a patient to avoid sores.<\/p>\n<\/figcaption>\n        \n    <\/figure><!-- post__image -->\n\n\n \n    \n    <div id=\"quote-block_81b9e3d406b1a8952736726e1e6f987c\" class=\"block-quote has-spacing--l\">\n        <figure class=\"quote\">\n            <blockquote>\n                <p>In a system in which every action is measured in terms of money, it is forgotten that good care requires expertise and, above all, time.<\/p>\n            <\/blockquote>\n\n            <figcaption>\n\n                            <img loading=\"lazy\" decoding=\"async\" class=\"portrait--inline\" src=\"https:\/\/visualjournalism.de\/wp-content\/uploads\/patricia_kuehfuss_thumb-52x52.jpg\" width=\"52\" height=\"52\" alt=\"\" \/>\n                            <span>Patricia K\u00fchfuss<\/span>\n            <\/figcaption>\n            \n        <\/figure>\n    <\/div>\n\n    <figure class=\"block-photo post__image--half-center has-spacing--l with-title\">\n\n        <div class=\"post__image__container\">\n            <img loading=\"lazy\" decoding=\"async\" \n                src=\"https:\/\/visualjournalism.de\/wp-content\/uploads\/19Patricia_Kuehfuss-700x980.jpg\"\n                srcset=\"https:\/\/visualjournalism.de\/wp-content\/uploads\/19Patricia_Kuehfuss-700x980.jpg 700w, https:\/\/visualjournalism.de\/wp-content\/uploads\/19Patricia_Kuehfuss-420x588.jpg 420w, https:\/\/visualjournalism.de\/wp-content\/uploads\/19Patricia_Kuehfuss-1050x1470.jpg 1050w, https:\/\/visualjournalism.de\/wp-content\/uploads\/19Patricia_Kuehfuss-670x938.jpg 670w, https:\/\/visualjournalism.de\/wp-content\/uploads\/19Patricia_Kuehfuss-350x490.jpg 350w, https:\/\/visualjournalism.de\/wp-content\/uploads\/19Patricia_Kuehfuss-214x300.jpg 214w, https:\/\/visualjournalism.de\/wp-content\/uploads\/19Patricia_Kuehfuss-768x1075.jpg 768w, https:\/\/visualjournalism.de\/wp-content\/uploads\/19Patricia_Kuehfuss-732x1024.jpg 732w, https:\/\/visualjournalism.de\/wp-content\/uploads\/19Patricia_Kuehfuss-1097x1536.jpg 1097w, https:\/\/visualjournalism.de\/wp-content\/uploads\/19Patricia_Kuehfuss-1400x1959.jpg 1400w, https:\/\/visualjournalism.de\/wp-content\/uploads\/19Patricia_Kuehfuss-300x420.jpg 300w, https:\/\/visualjournalism.de\/wp-content\/uploads\/19Patricia_Kuehfuss.jpg 1429w\"\n                width=\"700\" \n                height=\"980\"\n                alt=\"\" \n            \/>\n            \n                            <span class=\"post__image__title\">\u00a9 Patricia K\u00fchfuss, May 3, 2018<\/span>\n                    <\/div><!-- post__image__container -->\n\n                    <figcaption class=\"post__image__caption--soehne\"><p><strong>A nurse<\/strong> prepares medications for patients during a night shift.<\/p>\n<\/figcaption>\n        \n    <\/figure><!-- post__image -->\n\n    <figure class=\"block-photo post__image--half-center has-spacing--l with-title\">\n\n        <div class=\"post__image__container\">\n            <img loading=\"lazy\" decoding=\"async\" \n                src=\"https:\/\/visualjournalism.de\/wp-content\/uploads\/20Patricia_Kuehfuss-700x980.jpg\"\n                srcset=\"https:\/\/visualjournalism.de\/wp-content\/uploads\/20Patricia_Kuehfuss-700x980.jpg 700w, https:\/\/visualjournalism.de\/wp-content\/uploads\/20Patricia_Kuehfuss-420x588.jpg 420w, https:\/\/visualjournalism.de\/wp-content\/uploads\/20Patricia_Kuehfuss-1050x1470.jpg 1050w, https:\/\/visualjournalism.de\/wp-content\/uploads\/20Patricia_Kuehfuss-670x938.jpg 670w, https:\/\/visualjournalism.de\/wp-content\/uploads\/20Patricia_Kuehfuss-350x490.jpg 350w, https:\/\/visualjournalism.de\/wp-content\/uploads\/20Patricia_Kuehfuss-214x300.jpg 214w, https:\/\/visualjournalism.de\/wp-content\/uploads\/20Patricia_Kuehfuss-768x1075.jpg 768w, https:\/\/visualjournalism.de\/wp-content\/uploads\/20Patricia_Kuehfuss-732x1024.jpg 732w, https:\/\/visualjournalism.de\/wp-content\/uploads\/20Patricia_Kuehfuss-1097x1536.jpg 1097w, https:\/\/visualjournalism.de\/wp-content\/uploads\/20Patricia_Kuehfuss-1400x1959.jpg 1400w, https:\/\/visualjournalism.de\/wp-content\/uploads\/20Patricia_Kuehfuss-300x420.jpg 300w, https:\/\/visualjournalism.de\/wp-content\/uploads\/20Patricia_Kuehfuss.jpg 1429w\"\n                width=\"700\" \n                height=\"980\"\n                alt=\"\" \n            \/>\n            \n                            <span class=\"post__image__title\">\u00a9 Patricia K\u00fchfuss, May 3, 2018<\/span>\n                    <\/div><!-- post__image__container -->\n\n                    <figcaption class=\"post__image__caption--soehne\"><p><strong>Usually,<\/strong> it&#8217;s just a cotton curtain that separates patients in an intensive care unit. Every so often there are up to four beds in one room. Because 24-hour care is essential, it is never completely quiet in there. In emergencies, the surrounding patients hear everything.<br \/>\nUp to 20 percent of them develop post-traumatic stress disorder.<\/p>\n<p>It would drastically improve the situation to have only two beds in one room. But it would also be pricier.<\/p>\n<\/figcaption>\n        \n    <\/figure><!-- post__image -->\n\n\n    <div class=\"btn-wrapper has-spacing--m\">\n        <a class=\"btn\" href=\"https:\/\/patriciakuehfuss.com\/\" target=\"_self\">patriciakuehfuss.com<\/a>\n    <\/div>\n\n<div class=\"wp-block-group has-spacing--m has-spacing--default\">\n<div class=\"devider has-spacing--none\">\n    <hr>\n<\/div>\n\n\n    <nav id=\"section-navigation-block_99beb05cf999957447a57dce0406e4c2\" class=\"section-navigation has-spacing--m\">\n        <ul>\n\n                \n                    <li>Das k\u00f6nnte dich auch interessieren<\/li>\n                \n            \n            \n                        \n                        \n\n            \n            \n            \n                        \n                        \n\n            \n\n        <\/ul>\n        \n    <\/nav>\n\n\n\n<div class=\"four-columns-teaser has-spacing--m\">\n\n    \r\n<article class=\"post-teaser post-68217 magazin type-magazin status-publish has-post-thumbnail hentry magazinkategorie-ausgezeichnet\">\r\n\t<header class=\"entry-header\">\r\n\r\n\t\t<div class=\"entry-categories\">\n\t<a class=\"post__tag\" href=\"https:\/\/visualjournalism.de\/magazin-kategorie\/ausgezeichnet\/\" rel=\"category tag\">Ausgezeichnet<\/a><\/div>\r\n\t\t<a href=\"https:\/\/visualjournalism.de\/en\/magazine\/ausgezeichnet\/noemi-ehrat-the-abortion-plot\/\" rel=\"bookmark\">\r\n\t\t\t<h2 class=\"entry-title\">The Abortion Plot.<\/h2>\r\n\t\t\t<p class=\"entry-excerpt\">Noemi Ehrat zeigt Abtreibung als allt\u00e4gliche Praxis. Ihr Langzeitprojekt fragt nicht nach dem Warum, sondern nach dem Wie: sachlich, ruhig und jenseits politischer Schlagzeilen.<\/p>\r\n\t\t<\/a>\r\n\r\n\t<\/header><!-- .entry-header -->\r\n\r\n\t<figure class=\"post__image\">\r\n\t\t<a href=\"https:\/\/visualjournalism.de\/en\/magazine\/ausgezeichnet\/noemi-ehrat-the-abortion-plot\/\" rel=\"bookmark\">\r\n\t\t\t<img loading=\"lazy\" decoding=\"async\" width=\"350\" height=\"263\" src=\"https:\/\/visualjournalism.de\/wp-content\/uploads\/2025\/12\/NoemiEhratTheAbortionPlot9-350x263.jpeg\" class=\"attachment-post-image--two-column--small size-post-image--two-column--small\" alt=\"\" srcset=\"https:\/\/visualjournalism.de\/wp-content\/uploads\/2025\/12\/NoemiEhratTheAbortionPlot9-350x263.jpeg 350w, https:\/\/visualjournalism.de\/wp-content\/uploads\/2025\/12\/NoemiEhratTheAbortionPlot9-300x225.jpeg 300w, https:\/\/visualjournalism.de\/wp-content\/uploads\/2025\/12\/NoemiEhratTheAbortionPlot9-1024x768.jpeg 1024w, https:\/\/visualjournalism.de\/wp-content\/uploads\/2025\/12\/NoemiEhratTheAbortionPlot9-768x576.jpeg 768w, https:\/\/visualjournalism.de\/wp-content\/uploads\/2025\/12\/NoemiEhratTheAbortionPlot9-1536x1152.jpeg 1536w, https:\/\/visualjournalism.de\/wp-content\/uploads\/2025\/12\/NoemiEhratTheAbortionPlot9-2048x1536.jpeg 2048w, https:\/\/visualjournalism.de\/wp-content\/uploads\/2025\/12\/NoemiEhratTheAbortionPlot9-1920x1440.jpeg 1920w, https:\/\/visualjournalism.de\/wp-content\/uploads\/2025\/12\/NoemiEhratTheAbortionPlot9-1400x1050.jpeg 1400w, https:\/\/visualjournalism.de\/wp-content\/uploads\/2025\/12\/NoemiEhratTheAbortionPlot9-1050x788.jpeg 1050w, https:\/\/visualjournalism.de\/wp-content\/uploads\/2025\/12\/NoemiEhratTheAbortionPlot9-670x503.jpeg 670w, https:\/\/visualjournalism.de\/wp-content\/uploads\/2025\/12\/NoemiEhratTheAbortionPlot9-420x315.jpeg 420w, https:\/\/visualjournalism.de\/wp-content\/uploads\/2025\/12\/NoemiEhratTheAbortionPlot9-150x113.jpeg 150w\" sizes=\"auto, (max-width: 350px) 100vw, 350px\" \/>\t\t<\/a>\r\n\t<\/figure><!-- .post__image -->\r\n\r\n<\/article>\r\n\r\n<article class=\"post-teaser post-67572 magazin type-magazin status-publish has-post-thumbnail hentry magazinkategorie-ausgezeichnet\">\r\n\t<header class=\"entry-header\">\r\n\r\n\t\t<div class=\"entry-categories\">\n\t<a class=\"post__tag\" href=\"https:\/\/visualjournalism.de\/magazin-kategorie\/ausgezeichnet\/\" rel=\"category tag\">Ausgezeichnet<\/a><\/div>\r\n\t\t<a href=\"https:\/\/visualjournalism.de\/en\/magazine\/ausgezeichnet\/armina-ahmadinia-mein-haus-in-wolken-gehuellt\/\" rel=\"bookmark\">\r\n\t\t\t<h2 class=\"entry-title\">Mein Haus in Wolken geh\u00fcllt.<\/h2>\r\n\t\t\t<p class=\"entry-excerpt\">Armina Ahmadinia kehrt an das Kaspische Meer zur\u00fcck. Ihre Fotoarbeit erz\u00e4hlt vom R\u00fcckzug des Wassers, vom Verlust vertrauter Orte und von einer stillen Sehnsucht nach N\u00e4he und Heimat.<\/p>\r\n\t\t<\/a>\r\n\r\n\t<\/header><!-- .entry-header -->\r\n\r\n\t<figure class=\"post__image\">\r\n\t\t<a href=\"https:\/\/visualjournalism.de\/en\/magazine\/ausgezeichnet\/armina-ahmadinia-mein-haus-in-wolken-gehuellt\/\" rel=\"bookmark\">\r\n\t\t\t<img loading=\"lazy\" decoding=\"async\" width=\"350\" height=\"263\" src=\"https:\/\/visualjournalism.de\/wp-content\/uploads\/2026\/01\/\u00a9_Armina_Ahmadinia_001-350x263.jpg\" class=\"attachment-post-image--two-column--small size-post-image--two-column--small\" alt=\"\" srcset=\"https:\/\/visualjournalism.de\/wp-content\/uploads\/2026\/01\/\u00a9_Armina_Ahmadinia_001-350x263.jpg 350w, https:\/\/visualjournalism.de\/wp-content\/uploads\/2026\/01\/\u00a9_Armina_Ahmadinia_001-300x225.jpg 300w, https:\/\/visualjournalism.de\/wp-content\/uploads\/2026\/01\/\u00a9_Armina_Ahmadinia_001-1024x768.jpg 1024w, https:\/\/visualjournalism.de\/wp-content\/uploads\/2026\/01\/\u00a9_Armina_Ahmadinia_001-768x576.jpg 768w, https:\/\/visualjournalism.de\/wp-content\/uploads\/2026\/01\/\u00a9_Armina_Ahmadinia_001-1536x1152.jpg 1536w, https:\/\/visualjournalism.de\/wp-content\/uploads\/2026\/01\/\u00a9_Armina_Ahmadinia_001-2048x1536.jpg 2048w, https:\/\/visualjournalism.de\/wp-content\/uploads\/2026\/01\/\u00a9_Armina_Ahmadinia_001-1920x1440.jpg 1920w, https:\/\/visualjournalism.de\/wp-content\/uploads\/2026\/01\/\u00a9_Armina_Ahmadinia_001-1400x1050.jpg 1400w, https:\/\/visualjournalism.de\/wp-content\/uploads\/2026\/01\/\u00a9_Armina_Ahmadinia_001-1050x788.jpg 1050w, https:\/\/visualjournalism.de\/wp-content\/uploads\/2026\/01\/\u00a9_Armina_Ahmadinia_001-670x503.jpg 670w, https:\/\/visualjournalism.de\/wp-content\/uploads\/2026\/01\/\u00a9_Armina_Ahmadinia_001-420x315.jpg 420w, https:\/\/visualjournalism.de\/wp-content\/uploads\/2026\/01\/\u00a9_Armina_Ahmadinia_001-150x113.jpg 150w\" sizes=\"auto, (max-width: 350px) 100vw, 350px\" \/>\t\t<\/a>\r\n\t<\/figure><!-- .post__image -->\r\n\r\n<\/article>\r\n\r\n<article class=\"post-teaser post-67880 magazin type-magazin status-publish has-post-thumbnail hentry magazinkategorie-ausgezeichnet\">\r\n\t<header class=\"entry-header\">\r\n\r\n\t\t<div class=\"entry-categories\">\n\t<a class=\"post__tag\" href=\"https:\/\/visualjournalism.de\/magazin-kategorie\/ausgezeichnet\/\" rel=\"category tag\">Ausgezeichnet<\/a><\/div>\r\n\t\t<a href=\"https:\/\/visualjournalism.de\/en\/magazine\/ausgezeichnet\/jasper-hill-im-land-der-weissen-berge\/\" rel=\"bookmark\">\r\n\t\t\t<h2 class=\"entry-title\">Im Land der wei\u00dfen Berge.<\/h2>\r\n\t\t\t<p class=\"entry-excerpt\">Jasper Hill macht sichtbar, was ein Jahrhundert Kalibergbau hinterlassen hat. Zwischen Ern\u00e4hrungssicherheit und Umweltbelastung steht eine Industrie vor ihrem Wendepunkt.<\/p>\r\n\t\t<\/a>\r\n\r\n\t<\/header><!-- .entry-header -->\r\n\r\n\t<figure class=\"post__image\">\r\n\t\t<a href=\"https:\/\/visualjournalism.de\/en\/magazine\/ausgezeichnet\/jasper-hill-im-land-der-weissen-berge\/\" rel=\"bookmark\">\r\n\t\t\t<img loading=\"lazy\" decoding=\"async\" width=\"350\" height=\"280\" src=\"https:\/\/visualjournalism.de\/wp-content\/uploads\/2026\/01\/5JasperHill_ImLandderweissenBerge-6-350x280.jpeg\" class=\"attachment-post-image--two-column--small size-post-image--two-column--small\" alt=\"\" srcset=\"https:\/\/visualjournalism.de\/wp-content\/uploads\/2026\/01\/5JasperHill_ImLandderweissenBerge-6-350x280.jpeg 350w, https:\/\/visualjournalism.de\/wp-content\/uploads\/2026\/01\/5JasperHill_ImLandderweissenBerge-6-300x240.jpeg 300w, https:\/\/visualjournalism.de\/wp-content\/uploads\/2026\/01\/5JasperHill_ImLandderweissenBerge-6-1024x819.jpeg 1024w, https:\/\/visualjournalism.de\/wp-content\/uploads\/2026\/01\/5JasperHill_ImLandderweissenBerge-6-768x614.jpeg 768w, https:\/\/visualjournalism.de\/wp-content\/uploads\/2026\/01\/5JasperHill_ImLandderweissenBerge-6-1536x1229.jpeg 1536w, https:\/\/visualjournalism.de\/wp-content\/uploads\/2026\/01\/5JasperHill_ImLandderweissenBerge-6-2048x1638.jpeg 2048w, https:\/\/visualjournalism.de\/wp-content\/uploads\/2026\/01\/5JasperHill_ImLandderweissenBerge-6-1920x1536.jpeg 1920w, https:\/\/visualjournalism.de\/wp-content\/uploads\/2026\/01\/5JasperHill_ImLandderweissenBerge-6-1400x1120.jpeg 1400w, https:\/\/visualjournalism.de\/wp-content\/uploads\/2026\/01\/5JasperHill_ImLandderweissenBerge-6-1050x840.jpeg 1050w, https:\/\/visualjournalism.de\/wp-content\/uploads\/2026\/01\/5JasperHill_ImLandderweissenBerge-6-670x536.jpeg 670w, https:\/\/visualjournalism.de\/wp-content\/uploads\/2026\/01\/5JasperHill_ImLandderweissenBerge-6-420x336.jpeg 420w, https:\/\/visualjournalism.de\/wp-content\/uploads\/2026\/01\/5JasperHill_ImLandderweissenBerge-6-150x120.jpeg 150w\" sizes=\"auto, (max-width: 350px) 100vw, 350px\" \/>\t\t<\/a>\r\n\t<\/figure><!-- .post__image -->\r\n\r\n<\/article>\r\n\r\n<article class=\"post-teaser post-68111 magazin type-magazin status-publish has-post-thumbnail hentry magazinkategorie-ausgezeichnet\">\r\n\t<header class=\"entry-header\">\r\n\r\n\t\t<div class=\"entry-categories\">\n\t<a class=\"post__tag\" href=\"https:\/\/visualjournalism.de\/magazin-kategorie\/ausgezeichnet\/\" rel=\"category tag\">Ausgezeichnet<\/a><\/div>\r\n\t\t<a href=\"https:\/\/visualjournalism.de\/en\/magazine\/ausgezeichnet\/markus-heft-fuer-uns-getraeumt\/\" rel=\"bookmark\">\r\n\t\t\t<h2 class=\"entry-title\">F\u00fcr uns getr\u00e4umt.<\/h2>\r\n\t\t\t<p class=\"entry-excerpt\">Markus Heft portr\u00e4tiert \u00e4ltere queere Menschen in Deutschland. Seit 2022 entstehen kollaborativ intime Portraits, erg\u00e4nzt durch Stillleben und Orte. Das Projekt bewahrt queere Geschichte und macht doppelte Marginalisierung im Alter sichtbar.<\/p>\r\n\t\t<\/a>\r\n\r\n\t<\/header><!-- .entry-header -->\r\n\r\n\t<figure class=\"post__image\">\r\n\t\t<a href=\"https:\/\/visualjournalism.de\/en\/magazine\/ausgezeichnet\/markus-heft-fuer-uns-getraeumt\/\" rel=\"bookmark\">\r\n\t\t\t<img loading=\"lazy\" decoding=\"async\" width=\"350\" height=\"280\" src=\"https:\/\/visualjournalism.de\/wp-content\/uploads\/2026\/01\/Fuer-uns-getraeumt-6-350x280.jpg\" class=\"attachment-post-image--two-column--small size-post-image--two-column--small\" alt=\"\" srcset=\"https:\/\/visualjournalism.de\/wp-content\/uploads\/2026\/01\/Fuer-uns-getraeumt-6-350x280.jpg 350w, https:\/\/visualjournalism.de\/wp-content\/uploads\/2026\/01\/Fuer-uns-getraeumt-6-300x240.jpg 300w, https:\/\/visualjournalism.de\/wp-content\/uploads\/2026\/01\/Fuer-uns-getraeumt-6-1024x819.jpg 1024w, https:\/\/visualjournalism.de\/wp-content\/uploads\/2026\/01\/Fuer-uns-getraeumt-6-768x614.jpg 768w, https:\/\/visualjournalism.de\/wp-content\/uploads\/2026\/01\/Fuer-uns-getraeumt-6-1536x1229.jpg 1536w, https:\/\/visualjournalism.de\/wp-content\/uploads\/2026\/01\/Fuer-uns-getraeumt-6-2048x1638.jpg 2048w, https:\/\/visualjournalism.de\/wp-content\/uploads\/2026\/01\/Fuer-uns-getraeumt-6-1920x1536.jpg 1920w, https:\/\/visualjournalism.de\/wp-content\/uploads\/2026\/01\/Fuer-uns-getraeumt-6-1400x1120.jpg 1400w, https:\/\/visualjournalism.de\/wp-content\/uploads\/2026\/01\/Fuer-uns-getraeumt-6-1050x840.jpg 1050w, https:\/\/visualjournalism.de\/wp-content\/uploads\/2026\/01\/Fuer-uns-getraeumt-6-670x536.jpg 670w, https:\/\/visualjournalism.de\/wp-content\/uploads\/2026\/01\/Fuer-uns-getraeumt-6-420x336.jpg 420w, https:\/\/visualjournalism.de\/wp-content\/uploads\/2026\/01\/Fuer-uns-getraeumt-6-150x120.jpg 150w\" sizes=\"auto, (max-width: 350px) 100vw, 350px\" \/>\t\t<\/a>\r\n\t<\/figure><!-- .post__image -->\r\n\r\n<\/article>\r\n\n<\/div><!-- .2-columns-teaser-->\n\n    <\/div>\n\n<div class=\"wp-block-group has-spacing--none has-color-3-background-color has-background has-spacing--none\">\n    <nav id=\"section-navigation-block_7fcd6163d700163ea8398aa153d963c3\" class=\"section-navigation has-spacing--m\">\n        <ul>\n\n                \n                    <li>Contact<\/li>\n                \n            \n            \n                        \n                        \n\n            \n\n        <\/ul>\n        \n    <\/nav>\n\n\n\n<div class=\"pinned-block has-spacing--m\">\n\t\n\n<div class=\"pinned-block__column--left\">\n    \n\n \n\n    <div id=\"lead-in-block_41ff7e8d64438ffeab815a4ba8078269\" class=\"block-lead-in typo--soehne font-size--xl has-spacing--m width--full\">\n        <p><strong>Your contact partners<\/strong> will be happy to assist you with your personal concerns. However, due to the large number of enquiries, we ask you to first check our FAQ to see if your question may already have been answered.<\/p>\n    <\/div>\n\n\n\n\n    <div class=\"btn-wrapper alignleft has-spacing--m\">\n        <a class=\"btn\" href=\"https:\/\/visualjournalism.de\/faq\/\" target=\"_blank\">FAQ<\/a>\n    <\/div>\n\n\n<\/div>\n\n\n<div class=\"pinned-block__column--right\">\n    \n    \n    <div class=\"infocard has-spacing--m\">\n\n    \n        <div class=\"info-item--full\">\n            <p>\n                <span class=\"info-item__headline\">Dean of Studies, Design and Media department<\/span>\n            <\/p>\n            \n            <div class=\"info-item__content\">\n                <p>\n                    <span class=\"info-item__text\"><a href=\"https:\/\/visualjournalism.de\/karen-fromm\/\">Prof. Dr. Karen Fromm<\/a><\/span>\n                    <span class=\"info-item__text--small\">\n                        <span><a href=\"mailto:karen.fromm@hs-hannover.de\">E-Mail schreiben<\/a><\/span><span><a href=\"tel:+49 511 9296 8538\">+49 511 9296 8538<\/a><\/span>                    <\/span>\n                <\/p>\n\n                <figure class=\"info-item__image\">\n\n                    <a href=\"https:\/\/visualjournalism.de\/karen-fromm\/\"><img loading=\"lazy\" decoding=\"async\" width=\"52\" height=\"52\" src=\"https:\/\/visualjournalism.de\/wp-content\/uploads\/Prof_Dr_Karen_Fromm_thumb-1-52x52.jpg\" class=\"attachment-image-portrait size-image-portrait\" alt=\"\" srcset=\"https:\/\/visualjournalism.de\/wp-content\/uploads\/Prof_Dr_Karen_Fromm_thumb-1-52x52.jpg 52w, https:\/\/visualjournalism.de\/wp-content\/uploads\/Prof_Dr_Karen_Fromm_thumb-1.jpg 100w\" sizes=\"auto, (max-width: 52px) 100vw, 52px\" \/><\/a>                <\/figure>\n                \n            <\/div><!-- .info-item__content -->\n            \n        <\/div><!-- .info-item--full -->\n\n\n        <div class=\"info-item--full\">\n            <p>\n                <span class=\"info-item__headline\">Programme representative<\/span>\n            <\/p>\n            \n            <div class=\"info-item__content\">\n                <p>\n                    <span class=\"info-item__text\"><a href=\"https:\/\/visualjournalism.de\/michael-hauri\/\">Prof. Michael Hauri<\/a><\/span>\n                    <span class=\"info-item__text--small\">\n                        <span><a href=\"mailto:michael.hauri@hs-hannover.de\">E-Mail schreiben<\/a><\/span><span><a href=\"tel:+49 511 9296 8241\">+49 511 9296 8241<\/a><\/span>                    <\/span>\n                <\/p>\n\n                <figure class=\"info-item__image\">\n\n                    <a href=\"https:\/\/visualjournalism.de\/michael-hauri\/\"><img loading=\"lazy\" decoding=\"async\" width=\"52\" height=\"52\" src=\"https:\/\/visualjournalism.de\/wp-content\/uploads\/Michael-Hauri-thumb-1-52x52.jpg\" class=\"attachment-image-portrait size-image-portrait\" alt=\"\" srcset=\"https:\/\/visualjournalism.de\/wp-content\/uploads\/Michael-Hauri-thumb-1-52x52.jpg 52w, https:\/\/visualjournalism.de\/wp-content\/uploads\/Michael-Hauri-thumb-1-68x68.jpg 68w, https:\/\/visualjournalism.de\/wp-content\/uploads\/Michael-Hauri-thumb-1-96x96.jpg 96w, https:\/\/visualjournalism.de\/wp-content\/uploads\/Michael-Hauri-thumb-1.jpg 100w\" sizes=\"auto, (max-width: 52px) 100vw, 52px\" \/><\/a>                <\/figure>\n                \n            <\/div><!-- .info-item__content -->\n            \n        <\/div><!-- .info-item--full -->\n\n\n        <div class=\"info-item--full\">\n            <p>\n                <span class=\"info-item__headline\">Application and admission procedure<\/span>\n            <\/p>\n            \n            <div class=\"info-item__content\">\n                <p>\n                    <span class=\"info-item__text\"><a href=\"https:\/\/visualjournalism.de\/lars-bauernschmitt\/\">Prof. Lars Bauernschmitt<\/a><\/span>\n                    <span class=\"info-item__text--small\">\n                        <span><a href=\"mailto:lars.bauernschmitt@hs-hannover.de\">E-Mail schreiben<\/a><\/span><span><a href=\"tel:+49 511 9296 2467\">+49 511 9296 2467<\/a><\/span>                    <\/span>\n                <\/p>\n\n                <figure class=\"info-item__image\">\n\n                    <a href=\"https:\/\/visualjournalism.de\/lars-bauernschmitt\/\"><img loading=\"lazy\" decoding=\"async\" width=\"52\" height=\"52\" src=\"https:\/\/visualjournalism.de\/wp-content\/uploads\/prof_lars_bauernschmitt_thumb-1-52x52.jpg\" class=\"attachment-image-portrait size-image-portrait\" alt=\"\" srcset=\"https:\/\/visualjournalism.de\/wp-content\/uploads\/prof_lars_bauernschmitt_thumb-1-52x52.jpg 52w, https:\/\/visualjournalism.de\/wp-content\/uploads\/prof_lars_bauernschmitt_thumb-1.jpg 100w\" sizes=\"auto, (max-width: 52px) 100vw, 52px\" \/><\/a>                <\/figure>\n                \n            <\/div><!-- .info-item__content -->\n            \n        <\/div><!-- .info-item--full -->\n\n \n    <\/div>\n\n\n\n<p class=\"post__paragraph is-style-typo--soehne has-spacing--m has-spacing--default\">Hochschule Hannover<br>Faculty III &#8211; Media, Information and Design<br>Expo Plaza 2<br>D-30539 Hanover<\/p>\n\n\n\n    <div class=\"btn-wrapper has-spacing--m\">\n        <a class=\"btn\" href=\"https:\/\/www.hs-hannover.de\" target=\"_blank\">HS-HANNOVER.DE<\/a>\n    <\/div>\n\n\n<\/div>\n<\/div><\/div>\n","protected":false},"author":3,"featured_media":2759,"template":"","tags":[],"magazinkategorie":[163],"class_list":["post-12693","magazin","type-magazin","status-publish","has-post-thumbnail","hentry","magazinkategorie-final-projects"],"acf":[],"yoast_head":"<!-- This site is optimized with the Yoast SEO Premium plugin v27.3 (Yoast SEO v27.3) - https:\/\/yoast.com\/product\/yoast-seo-premium-wordpress\/ -->\n<title>Behind the scenes of the care system &#8211; Visual Journalism and Documentary Photography<\/title>\n<meta name=\"robots\" content=\"index, follow, max-snippet:-1, max-image-preview:large, max-video-preview:-1\" \/>\n<link rel=\"canonical\" href=\"https:\/\/visualjournalism.de\/en\/magazine\/final-projects\/behind-the-scenes-of-the-care-system\/\" \/>\n<meta property=\"og:locale\" content=\"en_US\" \/>\n<meta property=\"og:type\" content=\"article\" \/>\n<meta property=\"og:title\" content=\"Behind the scenes of the care system\" \/>\n<meta property=\"og:description\" content=\"At the beginning of her studies , the photographer lived with several nurses. They inspired the subject of her photo series, which has become more topical than ever due to the Corona pandemic. Patricia K\u00fchfu\u00df shows the everyday professional life of people who care for others at the limits of their resilience. Nursing is a [&hellip;]\" \/>\n<meta property=\"og:url\" content=\"https:\/\/visualjournalism.de\/en\/magazine\/final-projects\/behind-the-scenes-of-the-care-system\/\" \/>\n<meta property=\"og:site_name\" content=\"Visual Journalism and Documentary Photography\" \/>\n<meta property=\"article:publisher\" content=\"https:\/\/www.facebook.com\/people\/wwwfotostudentende\/100065173703897\/\" \/>\n<meta property=\"article:modified_time\" content=\"2023-07-19T13:40:57+00:00\" \/>\n<meta property=\"og:image\" content=\"https:\/\/visualjournalism.de\/wp-content\/uploads\/05Patricia_Kuehfuss_Cover.jpg\" \/>\n\t<meta property=\"og:image:width\" content=\"2000\" \/>\n\t<meta property=\"og:image:height\" content=\"1429\" \/>\n\t<meta property=\"og:image:type\" content=\"image\/jpeg\" \/>\n<meta name=\"twitter:card\" content=\"summary_large_image\" \/>\n<meta name=\"twitter:site\" content=\"@HsHannover\" \/>\n<meta name=\"twitter:label1\" content=\"Est. reading time\" \/>\n\t<meta name=\"twitter:data1\" content=\"2 minutes\" \/>\n<script type=\"application\/ld+json\" class=\"yoast-schema-graph\">{\"@context\":\"https:\\\/\\\/schema.org\",\"@graph\":[{\"@type\":\"WebPage\",\"@id\":\"https:\\\/\\\/visualjournalism.de\\\/en\\\/magazine\\\/final-projects\\\/behind-the-scenes-of-the-care-system\\\/\",\"url\":\"https:\\\/\\\/visualjournalism.de\\\/en\\\/magazine\\\/final-projects\\\/behind-the-scenes-of-the-care-system\\\/\",\"name\":\"Behind the scenes of the care system &#8211; Visual Journalism and Documentary Photography\",\"isPartOf\":{\"@id\":\"https:\\\/\\\/visualjournalism.de\\\/en\\\/#website\"},\"primaryImageOfPage\":{\"@id\":\"https:\\\/\\\/visualjournalism.de\\\/en\\\/magazine\\\/final-projects\\\/behind-the-scenes-of-the-care-system\\\/#primaryimage\"},\"image\":{\"@id\":\"https:\\\/\\\/visualjournalism.de\\\/en\\\/magazine\\\/final-projects\\\/behind-the-scenes-of-the-care-system\\\/#primaryimage\"},\"thumbnailUrl\":\"https:\\\/\\\/visualjournalism.de\\\/wp-content\\\/uploads\\\/05Patricia_Kuehfuss_Cover.jpg\",\"datePublished\":\"2023-06-30T10:38:47+00:00\",\"dateModified\":\"2023-07-19T13:40:57+00:00\",\"breadcrumb\":{\"@id\":\"https:\\\/\\\/visualjournalism.de\\\/en\\\/magazine\\\/final-projects\\\/behind-the-scenes-of-the-care-system\\\/#breadcrumb\"},\"inLanguage\":\"en-US\",\"potentialAction\":[{\"@type\":\"ReadAction\",\"target\":[\"https:\\\/\\\/visualjournalism.de\\\/en\\\/magazine\\\/final-projects\\\/behind-the-scenes-of-the-care-system\\\/\"]}]},{\"@type\":\"ImageObject\",\"inLanguage\":\"en-US\",\"@id\":\"https:\\\/\\\/visualjournalism.de\\\/en\\\/magazine\\\/final-projects\\\/behind-the-scenes-of-the-care-system\\\/#primaryimage\",\"url\":\"https:\\\/\\\/visualjournalism.de\\\/wp-content\\\/uploads\\\/05Patricia_Kuehfuss_Cover.jpg\",\"contentUrl\":\"https:\\\/\\\/visualjournalism.de\\\/wp-content\\\/uploads\\\/05Patricia_Kuehfuss_Cover.jpg\",\"width\":2000,\"height\":1429,\"caption\":\"\u00a9 Patricia K\u00fchfuss, May 3, 2018\"},{\"@type\":\"BreadcrumbList\",\"@id\":\"https:\\\/\\\/visualjournalism.de\\\/en\\\/magazine\\\/final-projects\\\/behind-the-scenes-of-the-care-system\\\/#breadcrumb\",\"itemListElement\":[{\"@type\":\"ListItem\",\"position\":1,\"name\":\"Home\",\"item\":\"https:\\\/\\\/visualjournalism.de\\\/en\\\/\"},{\"@type\":\"ListItem\",\"position\":2,\"name\":\"Magazin\",\"item\":\"https:\\\/\\\/visualjournalism.de\\\/en\\\/magazine\\\/\"},{\"@type\":\"ListItem\",\"position\":3,\"name\":\"Behind the scenes of the care system\"}]},{\"@type\":\"WebSite\",\"@id\":\"https:\\\/\\\/visualjournalism.de\\\/en\\\/#website\",\"url\":\"https:\\\/\\\/visualjournalism.de\\\/en\\\/\",\"name\":\"Visual Journalism and Documentary Photography\",\"description\":\"All about the bilingual bachelor&#039;s program at Hannover University of Applied Sciences and Arts.\",\"publisher\":{\"@id\":\"https:\\\/\\\/visualjournalism.de\\\/en\\\/#organization\"},\"alternateName\":\"visualjournalism.de\",\"potentialAction\":[{\"@type\":\"SearchAction\",\"target\":{\"@type\":\"EntryPoint\",\"urlTemplate\":\"https:\\\/\\\/visualjournalism.de\\\/en\\\/?s={search_term_string}\"},\"query-input\":{\"@type\":\"PropertyValueSpecification\",\"valueRequired\":true,\"valueName\":\"search_term_string\"}}],\"inLanguage\":\"en-US\"},{\"@type\":\"Organization\",\"@id\":\"https:\\\/\\\/visualjournalism.de\\\/en\\\/#organization\",\"name\":\"Hochschule Hannover \u2013 University of Applied Sciences and Arts\",\"alternateName\":\"HsH\",\"url\":\"https:\\\/\\\/visualjournalism.de\\\/en\\\/\",\"logo\":{\"@type\":\"ImageObject\",\"inLanguage\":\"en-US\",\"@id\":\"https:\\\/\\\/visualjournalism.de\\\/en\\\/#\\\/schema\\\/logo\\\/image\\\/\",\"url\":\"https:\\\/\\\/visualjournalism.de\\\/wp-content\\\/uploads\\\/logo-hochschule-hannover.png\",\"contentUrl\":\"https:\\\/\\\/visualjournalism.de\\\/wp-content\\\/uploads\\\/logo-hochschule-hannover.png\",\"width\":363,\"height\":270,\"caption\":\"Hochschule Hannover \u2013 University of Applied Sciences and Arts\"},\"image\":{\"@id\":\"https:\\\/\\\/visualjournalism.de\\\/en\\\/#\\\/schema\\\/logo\\\/image\\\/\"},\"sameAs\":[\"https:\\\/\\\/www.facebook.com\\\/people\\\/wwwfotostudentende\\\/100065173703897\\\/\",\"https:\\\/\\\/x.com\\\/HsHannover\",\"https:\\\/\\\/www.instagram.com\\\/visualjournalism.de\\\/\"]}]}<\/script>\n<!-- \/ Yoast SEO Premium plugin. -->","yoast_head_json":{"title":"Behind the scenes of the care system &#8211; Visual Journalism and Documentary Photography","robots":{"index":"index","follow":"follow","max-snippet":"max-snippet:-1","max-image-preview":"max-image-preview:large","max-video-preview":"max-video-preview:-1"},"canonical":"https:\/\/visualjournalism.de\/en\/magazine\/final-projects\/behind-the-scenes-of-the-care-system\/","og_locale":"en_US","og_type":"article","og_title":"Behind the scenes of the care system","og_description":"At the beginning of her studies , the photographer lived with several nurses. They inspired the subject of her photo series, which has become more topical than ever due to the Corona pandemic. Patricia K\u00fchfu\u00df shows the everyday professional life of people who care for others at the limits of their resilience. Nursing is a [&hellip;]","og_url":"https:\/\/visualjournalism.de\/en\/magazine\/final-projects\/behind-the-scenes-of-the-care-system\/","og_site_name":"Visual Journalism and Documentary Photography","article_publisher":"https:\/\/www.facebook.com\/people\/wwwfotostudentende\/100065173703897\/","article_modified_time":"2023-07-19T13:40:57+00:00","og_image":[{"width":2000,"height":1429,"url":"https:\/\/visualjournalism.de\/wp-content\/uploads\/05Patricia_Kuehfuss_Cover.jpg","type":"image\/jpeg"}],"twitter_card":"summary_large_image","twitter_site":"@HsHannover","twitter_misc":{"Est. reading time":"2 minutes"},"schema":{"@context":"https:\/\/schema.org","@graph":[{"@type":"WebPage","@id":"https:\/\/visualjournalism.de\/en\/magazine\/final-projects\/behind-the-scenes-of-the-care-system\/","url":"https:\/\/visualjournalism.de\/en\/magazine\/final-projects\/behind-the-scenes-of-the-care-system\/","name":"Behind the scenes of the care system &#8211; Visual Journalism and Documentary Photography","isPartOf":{"@id":"https:\/\/visualjournalism.de\/en\/#website"},"primaryImageOfPage":{"@id":"https:\/\/visualjournalism.de\/en\/magazine\/final-projects\/behind-the-scenes-of-the-care-system\/#primaryimage"},"image":{"@id":"https:\/\/visualjournalism.de\/en\/magazine\/final-projects\/behind-the-scenes-of-the-care-system\/#primaryimage"},"thumbnailUrl":"https:\/\/visualjournalism.de\/wp-content\/uploads\/05Patricia_Kuehfuss_Cover.jpg","datePublished":"2023-06-30T10:38:47+00:00","dateModified":"2023-07-19T13:40:57+00:00","breadcrumb":{"@id":"https:\/\/visualjournalism.de\/en\/magazine\/final-projects\/behind-the-scenes-of-the-care-system\/#breadcrumb"},"inLanguage":"en-US","potentialAction":[{"@type":"ReadAction","target":["https:\/\/visualjournalism.de\/en\/magazine\/final-projects\/behind-the-scenes-of-the-care-system\/"]}]},{"@type":"ImageObject","inLanguage":"en-US","@id":"https:\/\/visualjournalism.de\/en\/magazine\/final-projects\/behind-the-scenes-of-the-care-system\/#primaryimage","url":"https:\/\/visualjournalism.de\/wp-content\/uploads\/05Patricia_Kuehfuss_Cover.jpg","contentUrl":"https:\/\/visualjournalism.de\/wp-content\/uploads\/05Patricia_Kuehfuss_Cover.jpg","width":2000,"height":1429,"caption":"\u00a9 Patricia K\u00fchfuss, May 3, 2018"},{"@type":"BreadcrumbList","@id":"https:\/\/visualjournalism.de\/en\/magazine\/final-projects\/behind-the-scenes-of-the-care-system\/#breadcrumb","itemListElement":[{"@type":"ListItem","position":1,"name":"Home","item":"https:\/\/visualjournalism.de\/en\/"},{"@type":"ListItem","position":2,"name":"Magazin","item":"https:\/\/visualjournalism.de\/en\/magazine\/"},{"@type":"ListItem","position":3,"name":"Behind the scenes of the care system"}]},{"@type":"WebSite","@id":"https:\/\/visualjournalism.de\/en\/#website","url":"https:\/\/visualjournalism.de\/en\/","name":"Visual Journalism and Documentary Photography","description":"All about the bilingual bachelor&#039;s program at Hannover University of Applied Sciences and Arts.","publisher":{"@id":"https:\/\/visualjournalism.de\/en\/#organization"},"alternateName":"visualjournalism.de","potentialAction":[{"@type":"SearchAction","target":{"@type":"EntryPoint","urlTemplate":"https:\/\/visualjournalism.de\/en\/?s={search_term_string}"},"query-input":{"@type":"PropertyValueSpecification","valueRequired":true,"valueName":"search_term_string"}}],"inLanguage":"en-US"},{"@type":"Organization","@id":"https:\/\/visualjournalism.de\/en\/#organization","name":"Hochschule Hannover \u2013 University of Applied Sciences and Arts","alternateName":"HsH","url":"https:\/\/visualjournalism.de\/en\/","logo":{"@type":"ImageObject","inLanguage":"en-US","@id":"https:\/\/visualjournalism.de\/en\/#\/schema\/logo\/image\/","url":"https:\/\/visualjournalism.de\/wp-content\/uploads\/logo-hochschule-hannover.png","contentUrl":"https:\/\/visualjournalism.de\/wp-content\/uploads\/logo-hochschule-hannover.png","width":363,"height":270,"caption":"Hochschule Hannover \u2013 University of Applied Sciences and Arts"},"image":{"@id":"https:\/\/visualjournalism.de\/en\/#\/schema\/logo\/image\/"},"sameAs":["https:\/\/www.facebook.com\/people\/wwwfotostudentende\/100065173703897\/","https:\/\/x.com\/HsHannover","https:\/\/www.instagram.com\/visualjournalism.de\/"]}]}},"_links":{"self":[{"href":"https:\/\/visualjournalism.de\/en\/wp-json\/wp\/v2\/magazin\/12693","targetHints":{"allow":["GET"]}}],"collection":[{"href":"https:\/\/visualjournalism.de\/en\/wp-json\/wp\/v2\/magazin"}],"about":[{"href":"https:\/\/visualjournalism.de\/en\/wp-json\/wp\/v2\/types\/magazin"}],"author":[{"embeddable":true,"href":"https:\/\/visualjournalism.de\/en\/wp-json\/wp\/v2\/users\/3"}],"version-history":[{"count":0,"href":"https:\/\/visualjournalism.de\/en\/wp-json\/wp\/v2\/magazin\/12693\/revisions"}],"wp:featuredmedia":[{"embeddable":true,"href":"https:\/\/visualjournalism.de\/en\/wp-json\/wp\/v2\/media\/2759"}],"wp:attachment":[{"href":"https:\/\/visualjournalism.de\/en\/wp-json\/wp\/v2\/media?parent=12693"}],"wp:term":[{"taxonomy":"post_tag","embeddable":true,"href":"https:\/\/visualjournalism.de\/en\/wp-json\/wp\/v2\/tags?post=12693"},{"taxonomy":"magazinkategorie","embeddable":true,"href":"https:\/\/visualjournalism.de\/en\/wp-json\/wp\/v2\/magazinkategorie?post=12693"}],"curies":[{"name":"wp","href":"https:\/\/api.w.org\/{rel}","templated":true}]}}