{"id":16386,"date":"2023-02-15T08:53:27","date_gmt":"2023-02-15T08:53:27","guid":{"rendered":"https:\/\/visualjournalism.de\/?p=16386"},"modified":"2023-07-19T13:42:20","modified_gmt":"2023-07-19T13:42:20","slug":"jonas-kako-colorado-river","status":"publish","type":"magazin","link":"https:\/\/visualjournalism.de\/en\/magazine\/awarded\/jonas-kako-colorado-river\/","title":{"rendered":"Jonas Kako: Colorado River"},"content":{"rendered":"\n        <figure class=\"post-image--cover has-spacing--m\">\n\n            <img decoding=\"async\" src=\"https:\/\/visualjournalism.de\/wp-content\/uploads\/0009-colorado-jonas-kako-1600px.jpg\"  alt=\"Sediment deposits on truck tyres on the shore of Lake Powell, photographed by Jonas Kako.\" \/>\n            \n                            <span class=\"post__image__title\">Since 2022, ferry service to Bullfrog Marina in the northern part of Lake Powell has been suspended: Mooring is no longer possible due to low water levels.<\/span>\n            \n        <\/figure><!-- post-image--cover -->\n\n    \n\n\n\n \n\n    <div id=\"lead-in-block_944560ed4e962c0c38edbde533c9acf8\" class=\"block-lead-in typo--default font-size--xl has-spacing--m width--default\">\n        <h1><strong>The dying river.  <\/strong><\/h1>\n<p><img loading=\"lazy\" decoding=\"async\" class=\"alignnone size-full wp-image-10721\" src=\"https:\/\/visualjournalism.de\/wp-content\/uploads\/3a76fcc321979b1cccd2b12b1bc9e1b7-pic.jpg\" alt=\"\" width=\"100\" height=\"101\" srcset=\"https:\/\/visualjournalism.de\/wp-content\/uploads\/3a76fcc321979b1cccd2b12b1bc9e1b7-pic.jpg 100w, https:\/\/visualjournalism.de\/wp-content\/uploads\/3a76fcc321979b1cccd2b12b1bc9e1b7-pic-52x52.jpg 52w\" sizes=\"auto, (max-width: 100px) 100vw, 100px\" \/>  Jonas Kak\u00f3 documents the water crisis along the Colorado River.<\/p>\n<div class=\"entry-meta\">\r\n    <span class=\"posted-on\"><a href=\"https:\/\/visualjournalism.de\/en\/magazine\/awarded\/jonas-kako-colorado-river\/\" rel=\"bookmark\"><time class=\"entry-date published\" datetime=\"2023-02-15T08:53:27+02:00\">15.02.2023<\/time><\/a><\/span> <span class=\"byline\">Text: <span class=\"author vcard\">Finn Winkler<\/span><\/span> <span class=\"photographer\"> Fotos: Jonas Kako<\/span><\/div><!-- .entry-meta -->\r\n    <\/div>\n\n\n\n\n<p class=\"post__paragraph has-spacing--xs\"><strong>When Jonas Kak\u00f3<\/strong> leaves for Mexico, he has a completely different story in mind: He actually wants to work with a fellow student on a film project about Lake Patzcuaro. But at a certain point in the work, both photographers realize they need a break. By chance, Jonas comes across an article in the New York Times about the Colorado River drying up. Due to climate change and excessive water consumption, the river carries less and less water. The issue is quite well known in the U.S., but not beyond its borders. Jonas spontaneously leaves for the USA. The work &#8220;Colorado &#8211; The Dying River&#8221; is created.<\/p>\n\n\n\n<p class=\"post__paragraph has-spacing--xs\">In the beginning, he lets himself drift with the story, spends the night in his car and finds his protagonists by chance. When he shows the story to <em>Stern<\/em> a week later, they are thrilled with the pictures. The <em>star<\/em> commissions Jonas to travel once again to the Colorado River with a copywriter. This time, the student is already researching contacts in advance. For example, while researching, he reads about the VanWinkle family, who can no longer afford to raise cows. Other images are nevertheless created by pure chance: one day Jonas sees three men in the desert. They wear white full-body suits and helmets. To Jonas, they seem surreal, like astronauts in a Martian landscape. The men are beekeepers. Talking to them, Jonas finds out that the drought is causing drastic problems for them as well.<\/p>\n\n\n\n<p class=\"post__paragraph has-spacing--xs\">It&#8217;s difficult to tell this kind of detailed story: On the one hand, Jonas has to be careful that his pictures don&#8217;t just depict striking weather phenomena. On the other hand, it is often difficult to find protagonists in the vastness of the desert. Conversely, many people meet Jonas with great openness: once, members of the Navajo tribe even invite him to participate in a sweatlodge ceremony. The traditional ritual includes singing, praying and sweating together in a mud hut.  <\/p>\n\n\n\n<p class=\"post__paragraph has-spacing--m has-spacing--default\">In April 2023, Jonas Kak\u00f3 will be<strong> <\/strong>with the story &#8220;Colorado &#8211; The Dying River&#8221; at World Press Photo and nominated for the <a href=\"https:\/\/www.festivaldellafotografiaetica.it\/jonas-kako\/\" target=\"_blank\" rel=\"noreferrer noopener\">World Report Award of<\/a> the Festival della Fotografia Etica. The photo magazine &#8220;Leica Photography International&#8221; also publishes the story a second time. His other work has appeared in National Geographic, De Volkskrant, Vice and the Weser-Kurier.<\/p>\n\n\n    <figure class=\"block-photo post__image--wide-left has-spacing--m with-title\">\n\n        <div class=\"post__image__container\">\n            <img loading=\"lazy\" decoding=\"async\" \n                src=\"https:\/\/visualjournalism.de\/wp-content\/uploads\/0002-colorado-jonas-kako-1600px-1050x702.jpg\"\n                srcset=\"https:\/\/visualjournalism.de\/wp-content\/uploads\/0002-colorado-jonas-kako-1600px-1050x702.jpg 1050w, https:\/\/visualjournalism.de\/wp-content\/uploads\/0002-colorado-jonas-kako-1600px-300x200.jpg 300w, https:\/\/visualjournalism.de\/wp-content\/uploads\/0002-colorado-jonas-kako-1600px-1024x684.jpg 1024w, https:\/\/visualjournalism.de\/wp-content\/uploads\/0002-colorado-jonas-kako-1600px-768x513.jpg 768w, https:\/\/visualjournalism.de\/wp-content\/uploads\/0002-colorado-jonas-kako-1600px-1536x1026.jpg 1536w, https:\/\/visualjournalism.de\/wp-content\/uploads\/0002-colorado-jonas-kako-1600px-1400x935.jpg 1400w, https:\/\/visualjournalism.de\/wp-content\/uploads\/0002-colorado-jonas-kako-1600px-670x448.jpg 670w, https:\/\/visualjournalism.de\/wp-content\/uploads\/0002-colorado-jonas-kako-1600px-420x281.jpg 420w, https:\/\/visualjournalism.de\/wp-content\/uploads\/0002-colorado-jonas-kako-1600px-350x234.jpg 350w, https:\/\/visualjournalism.de\/wp-content\/uploads\/0002-colorado-jonas-kako-1600px.jpg 1600w\"\n                width=\"1050\" \n                height=\"702\"\n                alt=\"\" \n            \/>\n            \n                            <span class=\"post__image__title\">El Mayor, Mexico, 01.12.2021<\/span>\n                    <\/div><!-- post__image__container -->\n\n                    <figcaption class=\"post__image__caption--soehne\"><p><strong>Leticia Galavis Sainz (51)<\/strong>, from the Cucup\u00e1 tribe, fishes in agricultural wastewater. They make up for the Colorado River after the border.<\/p>\n<\/figcaption>\n        \n    <\/figure><!-- post__image -->\n\n\n\n    <figure class=\"block-photo post__image--wide-right has-spacing--m with-title\">\n\n        <div class=\"post__image__container\">\n            <img loading=\"lazy\" decoding=\"async\" \n                src=\"https:\/\/visualjournalism.de\/wp-content\/uploads\/0003-colorado-jonas-kako-1600px-1050x702.jpg\"\n                srcset=\"https:\/\/visualjournalism.de\/wp-content\/uploads\/0003-colorado-jonas-kako-1600px-1050x702.jpg 1050w, https:\/\/visualjournalism.de\/wp-content\/uploads\/0003-colorado-jonas-kako-1600px-300x200.jpg 300w, https:\/\/visualjournalism.de\/wp-content\/uploads\/0003-colorado-jonas-kako-1600px-1024x684.jpg 1024w, https:\/\/visualjournalism.de\/wp-content\/uploads\/0003-colorado-jonas-kako-1600px-768x513.jpg 768w, https:\/\/visualjournalism.de\/wp-content\/uploads\/0003-colorado-jonas-kako-1600px-1536x1026.jpg 1536w, https:\/\/visualjournalism.de\/wp-content\/uploads\/0003-colorado-jonas-kako-1600px-1400x935.jpg 1400w, https:\/\/visualjournalism.de\/wp-content\/uploads\/0003-colorado-jonas-kako-1600px-670x448.jpg 670w, https:\/\/visualjournalism.de\/wp-content\/uploads\/0003-colorado-jonas-kako-1600px-420x281.jpg 420w, https:\/\/visualjournalism.de\/wp-content\/uploads\/0003-colorado-jonas-kako-1600px-350x234.jpg 350w, https:\/\/visualjournalism.de\/wp-content\/uploads\/0003-colorado-jonas-kako-1600px.jpg 1600w\"\n                width=\"1050\" \n                height=\"702\"\n                alt=\"\" \n            \/>\n            \n                            <span class=\"post__image__title\">Parker, Arizona, 27.11.2021<\/span>\n                    <\/div><!-- post__image__container -->\n\n                    <figcaption class=\"post__image__caption--soehne\"><p><strong>Mexican farmworkers<\/strong> collect leftover cotton during harvest on the Colorado River Reservation. Cotton is a water-intensive crop and has been criticised for exacerbating drought.<\/p>\n<\/figcaption>\n        \n    <\/figure><!-- post__image -->\n\n\n\n    <figure class=\"block-photo post__image--half-left has-spacing--m with-title\">\n\n        <div class=\"post__image__container\">\n            <img loading=\"lazy\" decoding=\"async\" \n                src=\"https:\/\/visualjournalism.de\/wp-content\/uploads\/0004-colorado-jonas-kako-1600px-768x512.jpg\"\n                srcset=\"https:\/\/visualjournalism.de\/wp-content\/uploads\/0004-colorado-jonas-kako-1600px-768x512.jpg 768w, https:\/\/visualjournalism.de\/wp-content\/uploads\/0004-colorado-jonas-kako-1600px-300x200.jpg 300w, https:\/\/visualjournalism.de\/wp-content\/uploads\/0004-colorado-jonas-kako-1600px-1024x683.jpg 1024w, https:\/\/visualjournalism.de\/wp-content\/uploads\/0004-colorado-jonas-kako-1600px-1536x1024.jpg 1536w, https:\/\/visualjournalism.de\/wp-content\/uploads\/0004-colorado-jonas-kako-1600px-1400x934.jpg 1400w, https:\/\/visualjournalism.de\/wp-content\/uploads\/0004-colorado-jonas-kako-1600px-1050x700.jpg 1050w, https:\/\/visualjournalism.de\/wp-content\/uploads\/0004-colorado-jonas-kako-1600px-670x447.jpg 670w, https:\/\/visualjournalism.de\/wp-content\/uploads\/0004-colorado-jonas-kako-1600px-420x280.jpg 420w, https:\/\/visualjournalism.de\/wp-content\/uploads\/0004-colorado-jonas-kako-1600px-350x233.jpg 350w, https:\/\/visualjournalism.de\/wp-content\/uploads\/0004-colorado-jonas-kako-1600px.jpg 1600w\"\n                width=\"768\" \n                height=\"512\"\n                alt=\"\" \n            \/>\n            \n                            <span class=\"post__image__title\">San Luis Rio Colorado, Mexico, 30.11.2021<\/span>\n                    <\/div><!-- post__image__container -->\n\n                    <figcaption class=\"post__image__caption--soehne\"><p><strong>Jesus Colunga sits<\/strong> on the bank of the dried-up Colorado River near the US border. He often swam here in his youth. Just a few kilometres past the US-Mexico border, there is nothing left of the Colorado. All the water has been diverted into canals for agriculture and to supply big cities like Los Angeles and Phoenix.<\/p>\n<\/figcaption>\n        \n    <\/figure><!-- post__image -->\n\n\n\n    <figure class=\"block-photo post__image--half-center has-spacing--m with-title\">\n\n        <div class=\"post__image__container\">\n            <img loading=\"lazy\" decoding=\"async\" \n                src=\"https:\/\/visualjournalism.de\/wp-content\/uploads\/0005-colorado-jonas-kako-1600px-768x513.jpg\"\n                srcset=\"https:\/\/visualjournalism.de\/wp-content\/uploads\/0005-colorado-jonas-kako-1600px-768x513.jpg 768w, https:\/\/visualjournalism.de\/wp-content\/uploads\/0005-colorado-jonas-kako-1600px-300x200.jpg 300w, https:\/\/visualjournalism.de\/wp-content\/uploads\/0005-colorado-jonas-kako-1600px-1024x684.jpg 1024w, https:\/\/visualjournalism.de\/wp-content\/uploads\/0005-colorado-jonas-kako-1600px-1536x1026.jpg 1536w, https:\/\/visualjournalism.de\/wp-content\/uploads\/0005-colorado-jonas-kako-1600px-1400x935.jpg 1400w, https:\/\/visualjournalism.de\/wp-content\/uploads\/0005-colorado-jonas-kako-1600px-1050x702.jpg 1050w, https:\/\/visualjournalism.de\/wp-content\/uploads\/0005-colorado-jonas-kako-1600px-670x448.jpg 670w, https:\/\/visualjournalism.de\/wp-content\/uploads\/0005-colorado-jonas-kako-1600px-420x281.jpg 420w, https:\/\/visualjournalism.de\/wp-content\/uploads\/0005-colorado-jonas-kako-1600px-350x234.jpg 350w, https:\/\/visualjournalism.de\/wp-content\/uploads\/0005-colorado-jonas-kako-1600px.jpg 1600w\"\n                width=\"768\" \n                height=\"513\"\n                alt=\"\" \n            \/>\n            \n                            <span class=\"post__image__title\">Glamis Dunes, California, USA, 25.11.2021<\/span>\n                    <\/div><!-- post__image__container -->\n\n                    <figcaption class=\"post__image__caption--soehne\"><p><strong>The All American Canal<\/strong> is the largest irrigation canal in the world. It handles an average discharge of 428 m\u00b3\/s of water.<\/p>\n<\/figcaption>\n        \n    <\/figure><!-- post__image -->\n\n\n\n    <figure class=\"block-photo post__image--full has-spacing--m with-title\">\n\n        <div class=\"post__image__container\">\n            <img loading=\"lazy\" decoding=\"async\" \n                src=\"https:\/\/visualjournalism.de\/wp-content\/uploads\/0006-colorado-jonas-kako-1600px-1400x934.jpg\"\n                srcset=\"https:\/\/visualjournalism.de\/wp-content\/uploads\/0006-colorado-jonas-kako-1600px-1400x934.jpg 1400w, https:\/\/visualjournalism.de\/wp-content\/uploads\/0006-colorado-jonas-kako-1600px-300x200.jpg 300w, https:\/\/visualjournalism.de\/wp-content\/uploads\/0006-colorado-jonas-kako-1600px-1024x683.jpg 1024w, https:\/\/visualjournalism.de\/wp-content\/uploads\/0006-colorado-jonas-kako-1600px-768x512.jpg 768w, https:\/\/visualjournalism.de\/wp-content\/uploads\/0006-colorado-jonas-kako-1600px-1536x1024.jpg 1536w, https:\/\/visualjournalism.de\/wp-content\/uploads\/0006-colorado-jonas-kako-1600px-1050x700.jpg 1050w, https:\/\/visualjournalism.de\/wp-content\/uploads\/0006-colorado-jonas-kako-1600px-670x447.jpg 670w, https:\/\/visualjournalism.de\/wp-content\/uploads\/0006-colorado-jonas-kako-1600px-420x280.jpg 420w, https:\/\/visualjournalism.de\/wp-content\/uploads\/0006-colorado-jonas-kako-1600px-350x233.jpg 350w, https:\/\/visualjournalism.de\/wp-content\/uploads\/0006-colorado-jonas-kako-1600px.jpg 1600w\"\n                width=\"1400\" \n                height=\"934\"\n                alt=\"\" \n            \/>\n            \n                            <span class=\"post__image__title\"> Wenden, Arizona, USA. 11.03.2022,<\/span>\n                    <\/div><!-- post__image__container -->\n\n                    <figcaption class=\"post__image__caption--soehne\"><p><strong>Alfredo Fierro and his co-workers,<\/strong> Ubaldo and Jos\u00e9, tend bees in the desert. For several years, the men have had to provide water for the bees in troughs. Because it rains less and less, the colonies cannot survive otherwise.<\/p>\n<\/figcaption>\n        \n    <\/figure><!-- post__image -->\n\n\n\n    <figure class=\"block-photo post__image--half-right has-spacing--m with-title\">\n\n        <div class=\"post__image__container\">\n            <img loading=\"lazy\" decoding=\"async\" \n                src=\"https:\/\/visualjournalism.de\/wp-content\/uploads\/0007-colorado-jonas-kako-1600px-768x513.jpg\"\n                srcset=\"https:\/\/visualjournalism.de\/wp-content\/uploads\/0007-colorado-jonas-kako-1600px-768x513.jpg 768w, https:\/\/visualjournalism.de\/wp-content\/uploads\/0007-colorado-jonas-kako-1600px-300x200.jpg 300w, https:\/\/visualjournalism.de\/wp-content\/uploads\/0007-colorado-jonas-kako-1600px-1024x684.jpg 1024w, https:\/\/visualjournalism.de\/wp-content\/uploads\/0007-colorado-jonas-kako-1600px-1536x1026.jpg 1536w, https:\/\/visualjournalism.de\/wp-content\/uploads\/0007-colorado-jonas-kako-1600px-1400x935.jpg 1400w, https:\/\/visualjournalism.de\/wp-content\/uploads\/0007-colorado-jonas-kako-1600px-1050x702.jpg 1050w, https:\/\/visualjournalism.de\/wp-content\/uploads\/0007-colorado-jonas-kako-1600px-670x448.jpg 670w, https:\/\/visualjournalism.de\/wp-content\/uploads\/0007-colorado-jonas-kako-1600px-420x281.jpg 420w, https:\/\/visualjournalism.de\/wp-content\/uploads\/0007-colorado-jonas-kako-1600px-350x234.jpg 350w, https:\/\/visualjournalism.de\/wp-content\/uploads\/0007-colorado-jonas-kako-1600px.jpg 1600w\"\n                width=\"768\" \n                height=\"513\"\n                alt=\"\" \n            \/>\n            \n                            <span class=\"post__image__title\">Algodones, Mexico, 30.11.2021<\/span>\n                    <\/div><!-- post__image__container -->\n\n                    <figcaption class=\"post__image__caption--soehne\"><p><strong>ProNatura employees<\/strong> replace a pipe. This is necessary for irrigating trees. The Colorado Delta was once a thriving ecosystem, but as the water receded, so did the plants and animals. ProNatura is in charge of several renaturation areas in the delta, where native tree species are cultivated and planted.<\/p>\n<\/figcaption>\n        \n    <\/figure><!-- post__image -->\n\n\n\n    <figure class=\"block-photo post__image--wide-left has-spacing--m with-title\">\n\n        <div class=\"post__image__container\">\n            <img loading=\"lazy\" decoding=\"async\" \n                src=\"https:\/\/visualjournalism.de\/wp-content\/uploads\/0008-colorado-jonas-kako-1600px-1050x700.jpg\"\n                srcset=\"https:\/\/visualjournalism.de\/wp-content\/uploads\/0008-colorado-jonas-kako-1600px-1050x700.jpg 1050w, https:\/\/visualjournalism.de\/wp-content\/uploads\/0008-colorado-jonas-kako-1600px-300x200.jpg 300w, https:\/\/visualjournalism.de\/wp-content\/uploads\/0008-colorado-jonas-kako-1600px-1024x683.jpg 1024w, https:\/\/visualjournalism.de\/wp-content\/uploads\/0008-colorado-jonas-kako-1600px-768x512.jpg 768w, https:\/\/visualjournalism.de\/wp-content\/uploads\/0008-colorado-jonas-kako-1600px-1536x1024.jpg 1536w, https:\/\/visualjournalism.de\/wp-content\/uploads\/0008-colorado-jonas-kako-1600px-1400x934.jpg 1400w, https:\/\/visualjournalism.de\/wp-content\/uploads\/0008-colorado-jonas-kako-1600px-670x447.jpg 670w, https:\/\/visualjournalism.de\/wp-content\/uploads\/0008-colorado-jonas-kako-1600px-420x280.jpg 420w, https:\/\/visualjournalism.de\/wp-content\/uploads\/0008-colorado-jonas-kako-1600px-350x233.jpg 350w, https:\/\/visualjournalism.de\/wp-content\/uploads\/0008-colorado-jonas-kako-1600px.jpg 1600w\"\n                width=\"1050\" \n                height=\"700\"\n                alt=\"\" \n            \/>\n            \n                            <span class=\"post__image__title\">Gap, Arizona, USA, 08.03.2022, <\/span>\n                    <\/div><!-- post__image__container -->\n\n                    <figcaption class=\"post__image__caption--soehne\"><p><strong>Jeremiah Fat lives<\/strong> without running water on the Navajo Indian Reservation near Page, Arizona. Every week he has to fetch water for himself and his horses at a drinking water point in the next town.<\/p>\n<\/figcaption>\n        \n    <\/figure><!-- post__image -->\n\n\n\n    <figure class=\"block-photo post__image--full has-spacing--m with-title\">\n\n        <div class=\"post__image__container\">\n            <img loading=\"lazy\" decoding=\"async\" \n                src=\"https:\/\/visualjournalism.de\/wp-content\/uploads\/0013-colorado-jonas-kako-1600px-1400x935.jpg\"\n                srcset=\"https:\/\/visualjournalism.de\/wp-content\/uploads\/0013-colorado-jonas-kako-1600px-1400x935.jpg 1400w, https:\/\/visualjournalism.de\/wp-content\/uploads\/0013-colorado-jonas-kako-1600px-300x200.jpg 300w, https:\/\/visualjournalism.de\/wp-content\/uploads\/0013-colorado-jonas-kako-1600px-1024x684.jpg 1024w, https:\/\/visualjournalism.de\/wp-content\/uploads\/0013-colorado-jonas-kako-1600px-768x513.jpg 768w, https:\/\/visualjournalism.de\/wp-content\/uploads\/0013-colorado-jonas-kako-1600px-1536x1026.jpg 1536w, https:\/\/visualjournalism.de\/wp-content\/uploads\/0013-colorado-jonas-kako-1600px-1050x702.jpg 1050w, https:\/\/visualjournalism.de\/wp-content\/uploads\/0013-colorado-jonas-kako-1600px-670x448.jpg 670w, https:\/\/visualjournalism.de\/wp-content\/uploads\/0013-colorado-jonas-kako-1600px-420x281.jpg 420w, https:\/\/visualjournalism.de\/wp-content\/uploads\/0013-colorado-jonas-kako-1600px-350x234.jpg 350w, https:\/\/visualjournalism.de\/wp-content\/uploads\/0013-colorado-jonas-kako-1600px.jpg 1600w\"\n                width=\"1400\" \n                height=\"935\"\n                alt=\"\" \n            \/>\n            \n                            <span class=\"post__image__title\">Boulder City, Nevada, USA 26.11.2021<\/span>\n                    <\/div><!-- post__image__container -->\n\n                    <figcaption class=\"post__image__caption--soehne\"><p><strong>View of Lake Mead<\/strong> from Hoover Dam. Sediment deposits on the rocks give an idea of the former water level.<\/p>\n<\/figcaption>\n        \n    <\/figure><!-- post__image -->\n\n\n\n    <figure class=\"block-photo post__image--wide-left has-spacing--m with-title\">\n\n        <div class=\"post__image__container\">\n            <img loading=\"lazy\" decoding=\"async\" \n                src=\"https:\/\/visualjournalism.de\/wp-content\/uploads\/0010-colorado-jonas-kako-1600px-1050x700.jpg\"\n                srcset=\"https:\/\/visualjournalism.de\/wp-content\/uploads\/0010-colorado-jonas-kako-1600px-1050x700.jpg 1050w, https:\/\/visualjournalism.de\/wp-content\/uploads\/0010-colorado-jonas-kako-1600px-300x200.jpg 300w, https:\/\/visualjournalism.de\/wp-content\/uploads\/0010-colorado-jonas-kako-1600px-1024x683.jpg 1024w, https:\/\/visualjournalism.de\/wp-content\/uploads\/0010-colorado-jonas-kako-1600px-768x512.jpg 768w, https:\/\/visualjournalism.de\/wp-content\/uploads\/0010-colorado-jonas-kako-1600px-1536x1024.jpg 1536w, https:\/\/visualjournalism.de\/wp-content\/uploads\/0010-colorado-jonas-kako-1600px-1400x934.jpg 1400w, https:\/\/visualjournalism.de\/wp-content\/uploads\/0010-colorado-jonas-kako-1600px-670x447.jpg 670w, https:\/\/visualjournalism.de\/wp-content\/uploads\/0010-colorado-jonas-kako-1600px-420x280.jpg 420w, https:\/\/visualjournalism.de\/wp-content\/uploads\/0010-colorado-jonas-kako-1600px-350x233.jpg 350w, https:\/\/visualjournalism.de\/wp-content\/uploads\/0010-colorado-jonas-kako-1600px.jpg 1600w\"\n                width=\"1050\" \n                height=\"700\"\n                alt=\"\" \n            \/>\n            \n                            <span class=\"post__image__title\">Las Vegas, Nevada, USA 08.09.2022<\/span>\n                    <\/div><!-- post__image__container -->\n\n                    <figcaption class=\"post__image__caption--soehne\"><p><strong>Nicole Carrier works<\/strong> as a Water Patrol Officer. She notes an irrigation violation in her patrol vehicle. Due to the drought, the city of Las Vegas has set strict guidelines on water usage. Depending on the time of year, private households are only allowed to irrigate on a limited basis. If too much water is used, a fine may be imposed.<\/p>\n<\/figcaption>\n        \n    <\/figure><!-- post__image -->\n\n\n\n    <figure class=\"block-photo post__image--half-center has-spacing--m with-title\">\n\n        <div class=\"post__image__container\">\n            <img loading=\"lazy\" decoding=\"async\" \n                src=\"https:\/\/visualjournalism.de\/wp-content\/uploads\/0011-colorado-jonas-kako-1600px-768x1152.jpg\"\n                srcset=\"https:\/\/visualjournalism.de\/wp-content\/uploads\/0011-colorado-jonas-kako-1600px-768x1152.jpg 768w, https:\/\/visualjournalism.de\/wp-content\/uploads\/0011-colorado-jonas-kako-1600px-200x300.jpg 200w, https:\/\/visualjournalism.de\/wp-content\/uploads\/0011-colorado-jonas-kako-1600px-683x1024.jpg 683w, https:\/\/visualjournalism.de\/wp-content\/uploads\/0011-colorado-jonas-kako-1600px-1024x1536.jpg 1024w, https:\/\/visualjournalism.de\/wp-content\/uploads\/0011-colorado-jonas-kako-1600px-1050x1575.jpg 1050w, https:\/\/visualjournalism.de\/wp-content\/uploads\/0011-colorado-jonas-kako-1600px-670x1005.jpg 670w, https:\/\/visualjournalism.de\/wp-content\/uploads\/0011-colorado-jonas-kako-1600px-420x630.jpg 420w, https:\/\/visualjournalism.de\/wp-content\/uploads\/0011-colorado-jonas-kako-1600px-350x525.jpg 350w, https:\/\/visualjournalism.de\/wp-content\/uploads\/0011-colorado-jonas-kako-1600px-300x450.jpg 300w, https:\/\/visualjournalism.de\/wp-content\/uploads\/0011-colorado-jonas-kako-1600px.jpg 1067w\"\n                width=\"768\" \n                height=\"1152\"\n                alt=\"\" \n            \/>\n            \n                            <span class=\"post__image__title\">Las Vegas, Nevada, USA, 09.09.2022<\/span>\n                    <\/div><!-- post__image__container -->\n\n                    <figcaption class=\"post__image__caption--soehne\"><p><strong>Pool Party at<\/strong> Flamingo Hotel &amp; Casino<\/p>\n<\/figcaption>\n        \n    <\/figure><!-- post__image -->\n\n\n\n    <figure class=\"block-photo post__image--wide-right has-spacing--m with-title\">\n\n        <div class=\"post__image__container\">\n            <img loading=\"lazy\" decoding=\"async\" \n                src=\"https:\/\/visualjournalism.de\/wp-content\/uploads\/0012-colorado-jonas-kako-1600px-1050x700.jpg\"\n                srcset=\"https:\/\/visualjournalism.de\/wp-content\/uploads\/0012-colorado-jonas-kako-1600px-1050x700.jpg 1050w, https:\/\/visualjournalism.de\/wp-content\/uploads\/0012-colorado-jonas-kako-1600px-300x200.jpg 300w, https:\/\/visualjournalism.de\/wp-content\/uploads\/0012-colorado-jonas-kako-1600px-1024x683.jpg 1024w, https:\/\/visualjournalism.de\/wp-content\/uploads\/0012-colorado-jonas-kako-1600px-768x512.jpg 768w, https:\/\/visualjournalism.de\/wp-content\/uploads\/0012-colorado-jonas-kako-1600px-1536x1024.jpg 1536w, https:\/\/visualjournalism.de\/wp-content\/uploads\/0012-colorado-jonas-kako-1600px-1400x934.jpg 1400w, https:\/\/visualjournalism.de\/wp-content\/uploads\/0012-colorado-jonas-kako-1600px-670x447.jpg 670w, https:\/\/visualjournalism.de\/wp-content\/uploads\/0012-colorado-jonas-kako-1600px-420x280.jpg 420w, https:\/\/visualjournalism.de\/wp-content\/uploads\/0012-colorado-jonas-kako-1600px-350x233.jpg 350w, https:\/\/visualjournalism.de\/wp-content\/uploads\/0012-colorado-jonas-kako-1600px.jpg 1600w\"\n                width=\"1050\" \n                height=\"700\"\n                alt=\"Landwirt Dean VanWinkle auf einem wei\u00dfen Pferd mit Lasso bei Sonnenuntergang in der W\u00fcste von Colorado.\" \n            \/>\n            \n                            <span class=\"post__image__title\"> Whitewater, Colorado, USA, 02.03.2022,<\/span>\n                    <\/div><!-- post__image__container -->\n\n                    <figcaption class=\"post__image__caption--soehne\"><p><strong>Dean VanWinkle,<\/strong> 5th generation farmer, catches freshly born calves. Raising cows has become expensive with the drought. In 2021, Dean VanWinkle&#8217;s family had to sell 100 of their cows early. Their own hay fields only brought in about 60% of the actual amount. The reason: there was no water for irrigation.<\/p>\n<\/figcaption>\n        \n    <\/figure><!-- post__image -->\n\n\n\n    <figure class=\"block-photo post__image--half-right has-spacing--m with-title\">\n\n        <div class=\"post__image__container\">\n            <img loading=\"lazy\" decoding=\"async\" \n                src=\"https:\/\/visualjournalism.de\/wp-content\/uploads\/0014-colorado-jonas-kako-1600px-768x512.jpg\"\n                srcset=\"https:\/\/visualjournalism.de\/wp-content\/uploads\/0014-colorado-jonas-kako-1600px-768x512.jpg 768w, https:\/\/visualjournalism.de\/wp-content\/uploads\/0014-colorado-jonas-kako-1600px-300x200.jpg 300w, https:\/\/visualjournalism.de\/wp-content\/uploads\/0014-colorado-jonas-kako-1600px-1024x683.jpg 1024w, https:\/\/visualjournalism.de\/wp-content\/uploads\/0014-colorado-jonas-kako-1600px-1536x1024.jpg 1536w, https:\/\/visualjournalism.de\/wp-content\/uploads\/0014-colorado-jonas-kako-1600px-1400x934.jpg 1400w, https:\/\/visualjournalism.de\/wp-content\/uploads\/0014-colorado-jonas-kako-1600px-1050x700.jpg 1050w, https:\/\/visualjournalism.de\/wp-content\/uploads\/0014-colorado-jonas-kako-1600px-670x447.jpg 670w, https:\/\/visualjournalism.de\/wp-content\/uploads\/0014-colorado-jonas-kako-1600px-420x280.jpg 420w, https:\/\/visualjournalism.de\/wp-content\/uploads\/0014-colorado-jonas-kako-1600px-350x233.jpg 350w, https:\/\/visualjournalism.de\/wp-content\/uploads\/0014-colorado-jonas-kako-1600px.jpg 1600w\"\n                width=\"768\" \n                height=\"512\"\n                alt=\"\" \n            \/>\n            \n                            <span class=\"post__image__title\">Las Vegas, Nevada, USA 10.09.2022<\/span>\n                    <\/div><!-- post__image__container -->\n\n                    <figcaption class=\"post__image__caption--soehne\"><p><strong>The Leasure Lawn Inc. team<\/strong> rolls out artificial turf. Due to the drought, the city of Las Vegas has set strict guidelines on water consumption. Thus, from 2026, only lawns that serve the community may be irrigated. Already today, many private households are switching to artificial turf.<\/p>\n<\/figcaption>\n        \n    <\/figure><!-- post__image -->\n\n\n\n    <figure class=\"block-photo post__image--half-left has-spacing--m with-title\">\n\n        <div class=\"post__image__container\">\n            <img loading=\"lazy\" decoding=\"async\" \n                src=\"https:\/\/visualjournalism.de\/wp-content\/uploads\/0015-colorado-jonas-kako-1600px-768x512.jpg\"\n                srcset=\"https:\/\/visualjournalism.de\/wp-content\/uploads\/0015-colorado-jonas-kako-1600px-768x512.jpg 768w, https:\/\/visualjournalism.de\/wp-content\/uploads\/0015-colorado-jonas-kako-1600px-300x200.jpg 300w, https:\/\/visualjournalism.de\/wp-content\/uploads\/0015-colorado-jonas-kako-1600px-1024x683.jpg 1024w, https:\/\/visualjournalism.de\/wp-content\/uploads\/0015-colorado-jonas-kako-1600px-1536x1024.jpg 1536w, https:\/\/visualjournalism.de\/wp-content\/uploads\/0015-colorado-jonas-kako-1600px-1400x934.jpg 1400w, https:\/\/visualjournalism.de\/wp-content\/uploads\/0015-colorado-jonas-kako-1600px-1050x700.jpg 1050w, https:\/\/visualjournalism.de\/wp-content\/uploads\/0015-colorado-jonas-kako-1600px-670x447.jpg 670w, https:\/\/visualjournalism.de\/wp-content\/uploads\/0015-colorado-jonas-kako-1600px-420x280.jpg 420w, https:\/\/visualjournalism.de\/wp-content\/uploads\/0015-colorado-jonas-kako-1600px-350x233.jpg 350w, https:\/\/visualjournalism.de\/wp-content\/uploads\/0015-colorado-jonas-kako-1600px.jpg 1600w\"\n                width=\"768\" \n                height=\"512\"\n                alt=\"\" \n            \/>\n            \n                            <span class=\"post__image__title\">Loma, Colorado, USA, 28.02.2022<\/span>\n                    <\/div><!-- post__image__container -->\n\n                    <figcaption class=\"post__image__caption--soehne\"><p><strong>Due to the drought,<\/strong> many farmers have to sell their cows and bulls early, often at a loss. Continued rearing with purchased hay has become expensive in recent years, and the water for producing hay has become scarcer.<\/p>\n<\/figcaption>\n        \n    <\/figure><!-- post__image -->\n\n\n\n    <figure class=\"block-photo post__image--full has-spacing--m with-title\">\n\n        <div class=\"post__image__container\">\n            <img loading=\"lazy\" decoding=\"async\" \n                src=\"https:\/\/visualjournalism.de\/wp-content\/uploads\/0016-colorado-jonas-kako-1600px-1400x934.jpg\"\n                srcset=\"https:\/\/visualjournalism.de\/wp-content\/uploads\/0016-colorado-jonas-kako-1600px-1400x934.jpg 1400w, https:\/\/visualjournalism.de\/wp-content\/uploads\/0016-colorado-jonas-kako-1600px-300x200.jpg 300w, https:\/\/visualjournalism.de\/wp-content\/uploads\/0016-colorado-jonas-kako-1600px-1024x683.jpg 1024w, https:\/\/visualjournalism.de\/wp-content\/uploads\/0016-colorado-jonas-kako-1600px-768x512.jpg 768w, https:\/\/visualjournalism.de\/wp-content\/uploads\/0016-colorado-jonas-kako-1600px-1536x1024.jpg 1536w, https:\/\/visualjournalism.de\/wp-content\/uploads\/0016-colorado-jonas-kako-1600px-1050x700.jpg 1050w, https:\/\/visualjournalism.de\/wp-content\/uploads\/0016-colorado-jonas-kako-1600px-670x447.jpg 670w, https:\/\/visualjournalism.de\/wp-content\/uploads\/0016-colorado-jonas-kako-1600px-420x280.jpg 420w, https:\/\/visualjournalism.de\/wp-content\/uploads\/0016-colorado-jonas-kako-1600px-350x233.jpg 350w, https:\/\/visualjournalism.de\/wp-content\/uploads\/0016-colorado-jonas-kako-1600px.jpg 1600w\"\n                width=\"1400\" \n                height=\"934\"\n                alt=\"\" \n            \/>\n            \n                            <span class=\"post__image__title\"> Navajo Reservation, USA<\/span>\n                    <\/div><!-- post__image__container -->\n\n                    <figcaption class=\"post__image__caption--soehne\"><p><strong>Leonard Sloan checks<\/strong> the water level of a rainwater retention basin on the rangeland near the Grand Canyon. In just a few weeks, the water will be used up by the freely grazing cows and sheep. Then he will have to transport water for his animals by truck every week.<\/p>\n<\/figcaption>\n        \n    <\/figure><!-- post__image -->\n\n\n\n    <figure class=\"block-photo post__image--wide-right has-spacing--m with-title\">\n\n        <div class=\"post__image__container\">\n            <img loading=\"lazy\" decoding=\"async\" \n                src=\"https:\/\/visualjournalism.de\/wp-content\/uploads\/0017-colorado-jonas-kako-1600px-1050x700.jpg\"\n                srcset=\"https:\/\/visualjournalism.de\/wp-content\/uploads\/0017-colorado-jonas-kako-1600px-1050x700.jpg 1050w, https:\/\/visualjournalism.de\/wp-content\/uploads\/0017-colorado-jonas-kako-1600px-300x200.jpg 300w, https:\/\/visualjournalism.de\/wp-content\/uploads\/0017-colorado-jonas-kako-1600px-1024x683.jpg 1024w, https:\/\/visualjournalism.de\/wp-content\/uploads\/0017-colorado-jonas-kako-1600px-768x512.jpg 768w, https:\/\/visualjournalism.de\/wp-content\/uploads\/0017-colorado-jonas-kako-1600px-1536x1024.jpg 1536w, https:\/\/visualjournalism.de\/wp-content\/uploads\/0017-colorado-jonas-kako-1600px-1400x934.jpg 1400w, https:\/\/visualjournalism.de\/wp-content\/uploads\/0017-colorado-jonas-kako-1600px-670x447.jpg 670w, https:\/\/visualjournalism.de\/wp-content\/uploads\/0017-colorado-jonas-kako-1600px-420x280.jpg 420w, https:\/\/visualjournalism.de\/wp-content\/uploads\/0017-colorado-jonas-kako-1600px-350x233.jpg 350w, https:\/\/visualjournalism.de\/wp-content\/uploads\/0017-colorado-jonas-kako-1600px.jpg 1600w\"\n                width=\"1050\" \n                height=\"700\"\n                alt=\"\" \n            \/>\n            \n                            <span class=\"post__image__title\">Las Vegas, Nevada, USA<\/span>\n                    <\/div><!-- post__image__container -->\n\n                    <figcaption class=\"post__image__caption--soehne\"><p><strong>Gondola ride<\/strong> in the canals of the Venitian Hotel &amp; Casino on the Strip in Las Vegas. 90% of the city&#8217;s water needs are fed by the Colorado River.<\/p>\n<\/figcaption>\n        \n    <\/figure><!-- post__image -->\n\n\n\n    <figure class=\"block-photo post__image--half-left has-spacing--m with-title\">\n\n        <div class=\"post__image__container\">\n            <img loading=\"lazy\" decoding=\"async\" \n                src=\"https:\/\/visualjournalism.de\/wp-content\/uploads\/0018-colorado-jonas-kako-1600px-768x512.jpg\"\n                srcset=\"https:\/\/visualjournalism.de\/wp-content\/uploads\/0018-colorado-jonas-kako-1600px-768x512.jpg 768w, https:\/\/visualjournalism.de\/wp-content\/uploads\/0018-colorado-jonas-kako-1600px-300x200.jpg 300w, https:\/\/visualjournalism.de\/wp-content\/uploads\/0018-colorado-jonas-kako-1600px-1024x683.jpg 1024w, https:\/\/visualjournalism.de\/wp-content\/uploads\/0018-colorado-jonas-kako-1600px-1536x1024.jpg 1536w, https:\/\/visualjournalism.de\/wp-content\/uploads\/0018-colorado-jonas-kako-1600px-1400x934.jpg 1400w, https:\/\/visualjournalism.de\/wp-content\/uploads\/0018-colorado-jonas-kako-1600px-1050x700.jpg 1050w, https:\/\/visualjournalism.de\/wp-content\/uploads\/0018-colorado-jonas-kako-1600px-670x447.jpg 670w, https:\/\/visualjournalism.de\/wp-content\/uploads\/0018-colorado-jonas-kako-1600px-420x280.jpg 420w, https:\/\/visualjournalism.de\/wp-content\/uploads\/0018-colorado-jonas-kako-1600px-350x233.jpg 350w, https:\/\/visualjournalism.de\/wp-content\/uploads\/0018-colorado-jonas-kako-1600px.jpg 1600w\"\n                width=\"768\" \n                height=\"512\"\n                alt=\"\" \n            \/>\n            \n                            <span class=\"post__image__title\">Las Vegas, Nevada, USA, 11.09.2022<\/span>\n                    <\/div><!-- post__image__container -->\n\n                    <figcaption class=\"post__image__caption--soehne\"><p><strong>Joe and his girlfriend Ren\u00e9<\/strong> have been living in the flood tunnels of Las Vegas for several years. Due to the drought in the Mohave Desert, it rarely rains in Las Vegas. Therefore, thousands of homeless people use the tunnels as shelter.<\/p>\n<\/figcaption>\n        \n    <\/figure><!-- post__image -->\n\n\n\n    <figure class=\"block-photo post__image--half-center has-spacing--m with-title\">\n\n        <div class=\"post__image__container\">\n            <img loading=\"lazy\" decoding=\"async\" \n                src=\"https:\/\/visualjournalism.de\/wp-content\/uploads\/0019-colorado-jonas-kako-1600px-768x512.jpg\"\n                srcset=\"https:\/\/visualjournalism.de\/wp-content\/uploads\/0019-colorado-jonas-kako-1600px-768x512.jpg 768w, https:\/\/visualjournalism.de\/wp-content\/uploads\/0019-colorado-jonas-kako-1600px-300x200.jpg 300w, https:\/\/visualjournalism.de\/wp-content\/uploads\/0019-colorado-jonas-kako-1600px-1024x683.jpg 1024w, https:\/\/visualjournalism.de\/wp-content\/uploads\/0019-colorado-jonas-kako-1600px-1536x1024.jpg 1536w, https:\/\/visualjournalism.de\/wp-content\/uploads\/0019-colorado-jonas-kako-1600px-1400x934.jpg 1400w, https:\/\/visualjournalism.de\/wp-content\/uploads\/0019-colorado-jonas-kako-1600px-1050x700.jpg 1050w, https:\/\/visualjournalism.de\/wp-content\/uploads\/0019-colorado-jonas-kako-1600px-670x447.jpg 670w, https:\/\/visualjournalism.de\/wp-content\/uploads\/0019-colorado-jonas-kako-1600px-420x280.jpg 420w, https:\/\/visualjournalism.de\/wp-content\/uploads\/0019-colorado-jonas-kako-1600px-350x233.jpg 350w, https:\/\/visualjournalism.de\/wp-content\/uploads\/0019-colorado-jonas-kako-1600px.jpg 1600w\"\n                width=\"768\" \n                height=\"512\"\n                alt=\"\" \n            \/>\n            \n                            <span class=\"post__image__title\">Arizona, USA, 08.03.2022<\/span>\n                    <\/div><!-- post__image__container -->\n\n                    <figcaption class=\"post__image__caption--soehne\"><p><strong>The Colorado River<\/strong> at Lees Ferry is a popular starting point for rafting trips through the Grand Canyon.<\/p>\n<\/figcaption>\n        \n    <\/figure><!-- post__image -->\n\n\n\n    <figure class=\"block-photo post__image--half-left has-spacing--m with-title\">\n\n        <div class=\"post__image__container\">\n            <img loading=\"lazy\" decoding=\"async\" \n                src=\"https:\/\/visualjournalism.de\/wp-content\/uploads\/0020-colorado-jonas-kako-1600px-768x513.jpg\"\n                srcset=\"https:\/\/visualjournalism.de\/wp-content\/uploads\/0020-colorado-jonas-kako-1600px-768x513.jpg 768w, https:\/\/visualjournalism.de\/wp-content\/uploads\/0020-colorado-jonas-kako-1600px-300x200.jpg 300w, https:\/\/visualjournalism.de\/wp-content\/uploads\/0020-colorado-jonas-kako-1600px-1024x684.jpg 1024w, https:\/\/visualjournalism.de\/wp-content\/uploads\/0020-colorado-jonas-kako-1600px-1536x1026.jpg 1536w, https:\/\/visualjournalism.de\/wp-content\/uploads\/0020-colorado-jonas-kako-1600px-1400x935.jpg 1400w, https:\/\/visualjournalism.de\/wp-content\/uploads\/0020-colorado-jonas-kako-1600px-1050x702.jpg 1050w, https:\/\/visualjournalism.de\/wp-content\/uploads\/0020-colorado-jonas-kako-1600px-670x448.jpg 670w, https:\/\/visualjournalism.de\/wp-content\/uploads\/0020-colorado-jonas-kako-1600px-420x281.jpg 420w, https:\/\/visualjournalism.de\/wp-content\/uploads\/0020-colorado-jonas-kako-1600px-350x234.jpg 350w, https:\/\/visualjournalism.de\/wp-content\/uploads\/0020-colorado-jonas-kako-1600px.jpg 1600w\"\n                width=\"768\" \n                height=\"513\"\n                alt=\"\" \n            \/>\n            \n                            <span class=\"post__image__title\"> Baja California, Mexico, 29.11.2021<\/span>\n                    <\/div><!-- post__image__container -->\n\n                    <figcaption class=\"post__image__caption--soehne\"><p><strong>Employees of the local<\/strong> water authority conagua repair a weir on the canal alimentador central near Algodones. The canal brings water from the Morelos Dam to the surrounding fields.<\/p>\n<\/figcaption>\n        \n    <\/figure><!-- post__image -->\n\n\n\n    <figure class=\"block-photo post__image--half-right has-spacing--m with-title\">\n\n        <div class=\"post__image__container\">\n            <img loading=\"lazy\" decoding=\"async\" \n                src=\"https:\/\/visualjournalism.de\/wp-content\/uploads\/0021-colorado-jonas-kako-1600px-768x512.jpg\"\n                srcset=\"https:\/\/visualjournalism.de\/wp-content\/uploads\/0021-colorado-jonas-kako-1600px-768x512.jpg 768w, https:\/\/visualjournalism.de\/wp-content\/uploads\/0021-colorado-jonas-kako-1600px-300x200.jpg 300w, https:\/\/visualjournalism.de\/wp-content\/uploads\/0021-colorado-jonas-kako-1600px-1024x683.jpg 1024w, https:\/\/visualjournalism.de\/wp-content\/uploads\/0021-colorado-jonas-kako-1600px-1536x1024.jpg 1536w, https:\/\/visualjournalism.de\/wp-content\/uploads\/0021-colorado-jonas-kako-1600px-1400x934.jpg 1400w, https:\/\/visualjournalism.de\/wp-content\/uploads\/0021-colorado-jonas-kako-1600px-1050x700.jpg 1050w, https:\/\/visualjournalism.de\/wp-content\/uploads\/0021-colorado-jonas-kako-1600px-670x447.jpg 670w, https:\/\/visualjournalism.de\/wp-content\/uploads\/0021-colorado-jonas-kako-1600px-420x280.jpg 420w, https:\/\/visualjournalism.de\/wp-content\/uploads\/0021-colorado-jonas-kako-1600px-350x233.jpg 350w, https:\/\/visualjournalism.de\/wp-content\/uploads\/0021-colorado-jonas-kako-1600px.jpg 1600w\"\n                width=\"768\" \n                height=\"512\"\n                alt=\"\" \n            \/>\n            \n                            <span class=\"post__image__title\">Algodones, Mexico, 11.2021<\/span>\n                    <\/div><!-- post__image__container -->\n\n                    <figcaption class=\"post__image__caption--soehne\"><p><strong>The export of vegetables<\/strong> is a lucrative business. On the Mexican side, as well, the river&#8217;s water is diverted into irrigation canals, so that the river runs dry only a few kilometres after the border.<\/p>\n<\/figcaption>\n        \n    <\/figure><!-- post__image -->\n\n\n\n    <figure class=\"block-photo post__image--half-center has-spacing--m with-title\">\n\n        <div class=\"post__image__container\">\n            <img loading=\"lazy\" decoding=\"async\" \n                src=\"https:\/\/visualjournalism.de\/wp-content\/uploads\/0022-colorado-jonas-kako-1600px-768x512.jpg\"\n                srcset=\"https:\/\/visualjournalism.de\/wp-content\/uploads\/0022-colorado-jonas-kako-1600px-768x512.jpg 768w, https:\/\/visualjournalism.de\/wp-content\/uploads\/0022-colorado-jonas-kako-1600px-300x200.jpg 300w, https:\/\/visualjournalism.de\/wp-content\/uploads\/0022-colorado-jonas-kako-1600px-1024x683.jpg 1024w, https:\/\/visualjournalism.de\/wp-content\/uploads\/0022-colorado-jonas-kako-1600px-1536x1024.jpg 1536w, https:\/\/visualjournalism.de\/wp-content\/uploads\/0022-colorado-jonas-kako-1600px-1400x934.jpg 1400w, https:\/\/visualjournalism.de\/wp-content\/uploads\/0022-colorado-jonas-kako-1600px-1050x700.jpg 1050w, https:\/\/visualjournalism.de\/wp-content\/uploads\/0022-colorado-jonas-kako-1600px-670x447.jpg 670w, https:\/\/visualjournalism.de\/wp-content\/uploads\/0022-colorado-jonas-kako-1600px-420x280.jpg 420w, https:\/\/visualjournalism.de\/wp-content\/uploads\/0022-colorado-jonas-kako-1600px-350x233.jpg 350w, https:\/\/visualjournalism.de\/wp-content\/uploads\/0022-colorado-jonas-kako-1600px.jpg 1600w\"\n                width=\"768\" \n                height=\"512\"\n                alt=\"\" \n            \/>\n            \n                            <span class=\"post__image__title\"> Baja California, Mexiko, 24.03.2022<\/span>\n                    <\/div><!-- post__image__container -->\n\n                    <figcaption class=\"post__image__caption--soehne\"><p><strong>The Colorado Delta<\/strong> near San Felipe, Mexico<\/p>\n<\/figcaption>\n        \n    <\/figure><!-- post__image -->\n\n\n\n    <figure class=\"block-photo post__image--full has-spacing--m with-title\">\n\n        <div class=\"post__image__container\">\n            <img loading=\"lazy\" decoding=\"async\" \n                src=\"https:\/\/visualjournalism.de\/wp-content\/uploads\/0023-colorado-jonas-kako-1600px-1400x934.jpg\"\n                srcset=\"https:\/\/visualjournalism.de\/wp-content\/uploads\/0023-colorado-jonas-kako-1600px-1400x934.jpg 1400w, https:\/\/visualjournalism.de\/wp-content\/uploads\/0023-colorado-jonas-kako-1600px-300x200.jpg 300w, https:\/\/visualjournalism.de\/wp-content\/uploads\/0023-colorado-jonas-kako-1600px-1024x683.jpg 1024w, https:\/\/visualjournalism.de\/wp-content\/uploads\/0023-colorado-jonas-kako-1600px-768x512.jpg 768w, https:\/\/visualjournalism.de\/wp-content\/uploads\/0023-colorado-jonas-kako-1600px-1536x1024.jpg 1536w, https:\/\/visualjournalism.de\/wp-content\/uploads\/0023-colorado-jonas-kako-1600px-1050x700.jpg 1050w, https:\/\/visualjournalism.de\/wp-content\/uploads\/0023-colorado-jonas-kako-1600px-670x447.jpg 670w, https:\/\/visualjournalism.de\/wp-content\/uploads\/0023-colorado-jonas-kako-1600px-420x280.jpg 420w, https:\/\/visualjournalism.de\/wp-content\/uploads\/0023-colorado-jonas-kako-1600px-350x233.jpg 350w, https:\/\/visualjournalism.de\/wp-content\/uploads\/0023-colorado-jonas-kako-1600px.jpg 1600w\"\n                width=\"1400\" \n                height=\"934\"\n                alt=\"\" \n            \/>\n            \n                            <span class=\"post__image__title\">El Mayor, Mexico, 24.03.2022<\/span>\n                    <\/div><!-- post__image__container -->\n\n                    <figcaption class=\"post__image__caption--soehne\"><p><strong>Antonia Torres Gonz\u00e1les fears<\/strong> that with the disappearance of the water, the Cucup\u00e1 culture will disappear. After all, the fish stocks will become smaller as a result. People could leave the village to find work in the cities. That is why Antonia Torres Gonz\u00e1les wants to counteract the loss of culture: She passes on traditional handicrafts to younger generations, organises traditional rituals and takes part in conferences.<\/p>\n<\/figcaption>\n        \n    <\/figure><!-- post__image -->\n\n\n\n\n    <div class=\"btn-wrapper has-spacing--m\">\n        <a class=\"btn\" href=\"http:\/\/jonaskako.com\" target=\"_blank\">JONASKAKO.com<\/a>\n    <\/div>\n\n\n\n<div class=\"wp-block-group has-spacing--m has-spacing--default\">\n<div class=\"devider has-spacing--none\">\n    <hr>\n<\/div>\n\n\n    <nav id=\"section-navigation-block_c0c7fdf45cf31b69a54809dca7dffcd7\" class=\"section-navigation has-spacing--m\">\n        <ul>\n\n                \n                    <li>Das k\u00f6nnte dich auch interessieren<\/li>\n                \n            \n            \n                        \n                        \n\n            \n            \n            \n                        \n                        \n\n            \n\n        <\/ul>\n        \n    <\/nav>\n\n\n\n<div class=\"four-columns-teaser has-spacing--m\">\n\n    \r\n<article class=\"post-teaser post-68217 magazin type-magazin status-publish has-post-thumbnail hentry magazinkategorie-ausgezeichnet\">\r\n\t<header class=\"entry-header\">\r\n\r\n\t\t<div class=\"entry-categories\">\n\t<a class=\"post__tag\" href=\"https:\/\/visualjournalism.de\/magazin-kategorie\/ausgezeichnet\/\" rel=\"category tag\">Ausgezeichnet<\/a><\/div>\r\n\t\t<a href=\"https:\/\/visualjournalism.de\/en\/magazine\/ausgezeichnet\/noemi-ehrat-the-abortion-plot\/\" rel=\"bookmark\">\r\n\t\t\t<h2 class=\"entry-title\">The Abortion Plot.<\/h2>\r\n\t\t\t<p class=\"entry-excerpt\">Noemi Ehrat zeigt Abtreibung als allt\u00e4gliche Praxis. Ihr Langzeitprojekt fragt nicht nach dem Warum, sondern nach dem Wie: sachlich, ruhig und jenseits politischer Schlagzeilen.<\/p>\r\n\t\t<\/a>\r\n\r\n\t<\/header><!-- .entry-header -->\r\n\r\n\t<figure class=\"post__image\">\r\n\t\t<a href=\"https:\/\/visualjournalism.de\/en\/magazine\/ausgezeichnet\/noemi-ehrat-the-abortion-plot\/\" rel=\"bookmark\">\r\n\t\t\t<img loading=\"lazy\" decoding=\"async\" width=\"350\" height=\"263\" src=\"https:\/\/visualjournalism.de\/wp-content\/uploads\/2025\/12\/NoemiEhratTheAbortionPlot9-350x263.jpeg\" class=\"attachment-post-image--two-column--small size-post-image--two-column--small\" alt=\"\" srcset=\"https:\/\/visualjournalism.de\/wp-content\/uploads\/2025\/12\/NoemiEhratTheAbortionPlot9-350x263.jpeg 350w, https:\/\/visualjournalism.de\/wp-content\/uploads\/2025\/12\/NoemiEhratTheAbortionPlot9-300x225.jpeg 300w, https:\/\/visualjournalism.de\/wp-content\/uploads\/2025\/12\/NoemiEhratTheAbortionPlot9-1024x768.jpeg 1024w, https:\/\/visualjournalism.de\/wp-content\/uploads\/2025\/12\/NoemiEhratTheAbortionPlot9-768x576.jpeg 768w, https:\/\/visualjournalism.de\/wp-content\/uploads\/2025\/12\/NoemiEhratTheAbortionPlot9-1536x1152.jpeg 1536w, https:\/\/visualjournalism.de\/wp-content\/uploads\/2025\/12\/NoemiEhratTheAbortionPlot9-2048x1536.jpeg 2048w, https:\/\/visualjournalism.de\/wp-content\/uploads\/2025\/12\/NoemiEhratTheAbortionPlot9-1920x1440.jpeg 1920w, https:\/\/visualjournalism.de\/wp-content\/uploads\/2025\/12\/NoemiEhratTheAbortionPlot9-1400x1050.jpeg 1400w, https:\/\/visualjournalism.de\/wp-content\/uploads\/2025\/12\/NoemiEhratTheAbortionPlot9-1050x788.jpeg 1050w, https:\/\/visualjournalism.de\/wp-content\/uploads\/2025\/12\/NoemiEhratTheAbortionPlot9-670x503.jpeg 670w, https:\/\/visualjournalism.de\/wp-content\/uploads\/2025\/12\/NoemiEhratTheAbortionPlot9-420x315.jpeg 420w, https:\/\/visualjournalism.de\/wp-content\/uploads\/2025\/12\/NoemiEhratTheAbortionPlot9-150x113.jpeg 150w\" sizes=\"auto, (max-width: 350px) 100vw, 350px\" \/>\t\t<\/a>\r\n\t<\/figure><!-- .post__image -->\r\n\r\n<\/article>\r\n\r\n<article class=\"post-teaser post-67572 magazin type-magazin status-publish has-post-thumbnail hentry magazinkategorie-ausgezeichnet\">\r\n\t<header class=\"entry-header\">\r\n\r\n\t\t<div class=\"entry-categories\">\n\t<a class=\"post__tag\" href=\"https:\/\/visualjournalism.de\/magazin-kategorie\/ausgezeichnet\/\" rel=\"category tag\">Ausgezeichnet<\/a><\/div>\r\n\t\t<a href=\"https:\/\/visualjournalism.de\/en\/magazine\/ausgezeichnet\/armina-ahmadinia-mein-haus-in-wolken-gehuellt\/\" rel=\"bookmark\">\r\n\t\t\t<h2 class=\"entry-title\">Mein Haus in Wolken geh\u00fcllt.<\/h2>\r\n\t\t\t<p class=\"entry-excerpt\">Armina Ahmadinia kehrt an das Kaspische Meer zur\u00fcck. Ihre Fotoarbeit erz\u00e4hlt vom R\u00fcckzug des Wassers, vom Verlust vertrauter Orte und von einer stillen Sehnsucht nach N\u00e4he und Heimat.<\/p>\r\n\t\t<\/a>\r\n\r\n\t<\/header><!-- .entry-header -->\r\n\r\n\t<figure class=\"post__image\">\r\n\t\t<a href=\"https:\/\/visualjournalism.de\/en\/magazine\/ausgezeichnet\/armina-ahmadinia-mein-haus-in-wolken-gehuellt\/\" rel=\"bookmark\">\r\n\t\t\t<img loading=\"lazy\" decoding=\"async\" width=\"350\" height=\"263\" src=\"https:\/\/visualjournalism.de\/wp-content\/uploads\/2026\/01\/\u00a9_Armina_Ahmadinia_001-350x263.jpg\" class=\"attachment-post-image--two-column--small size-post-image--two-column--small\" alt=\"\" srcset=\"https:\/\/visualjournalism.de\/wp-content\/uploads\/2026\/01\/\u00a9_Armina_Ahmadinia_001-350x263.jpg 350w, https:\/\/visualjournalism.de\/wp-content\/uploads\/2026\/01\/\u00a9_Armina_Ahmadinia_001-300x225.jpg 300w, https:\/\/visualjournalism.de\/wp-content\/uploads\/2026\/01\/\u00a9_Armina_Ahmadinia_001-1024x768.jpg 1024w, https:\/\/visualjournalism.de\/wp-content\/uploads\/2026\/01\/\u00a9_Armina_Ahmadinia_001-768x576.jpg 768w, https:\/\/visualjournalism.de\/wp-content\/uploads\/2026\/01\/\u00a9_Armina_Ahmadinia_001-1536x1152.jpg 1536w, https:\/\/visualjournalism.de\/wp-content\/uploads\/2026\/01\/\u00a9_Armina_Ahmadinia_001-2048x1536.jpg 2048w, https:\/\/visualjournalism.de\/wp-content\/uploads\/2026\/01\/\u00a9_Armina_Ahmadinia_001-1920x1440.jpg 1920w, https:\/\/visualjournalism.de\/wp-content\/uploads\/2026\/01\/\u00a9_Armina_Ahmadinia_001-1400x1050.jpg 1400w, https:\/\/visualjournalism.de\/wp-content\/uploads\/2026\/01\/\u00a9_Armina_Ahmadinia_001-1050x788.jpg 1050w, https:\/\/visualjournalism.de\/wp-content\/uploads\/2026\/01\/\u00a9_Armina_Ahmadinia_001-670x503.jpg 670w, https:\/\/visualjournalism.de\/wp-content\/uploads\/2026\/01\/\u00a9_Armina_Ahmadinia_001-420x315.jpg 420w, https:\/\/visualjournalism.de\/wp-content\/uploads\/2026\/01\/\u00a9_Armina_Ahmadinia_001-150x113.jpg 150w\" sizes=\"auto, (max-width: 350px) 100vw, 350px\" \/>\t\t<\/a>\r\n\t<\/figure><!-- .post__image -->\r\n\r\n<\/article>\r\n\r\n<article class=\"post-teaser post-67880 magazin type-magazin status-publish has-post-thumbnail hentry magazinkategorie-ausgezeichnet\">\r\n\t<header class=\"entry-header\">\r\n\r\n\t\t<div class=\"entry-categories\">\n\t<a class=\"post__tag\" href=\"https:\/\/visualjournalism.de\/magazin-kategorie\/ausgezeichnet\/\" rel=\"category tag\">Ausgezeichnet<\/a><\/div>\r\n\t\t<a href=\"https:\/\/visualjournalism.de\/en\/magazine\/ausgezeichnet\/jasper-hill-im-land-der-weissen-berge\/\" rel=\"bookmark\">\r\n\t\t\t<h2 class=\"entry-title\">Im Land der wei\u00dfen Berge.<\/h2>\r\n\t\t\t<p class=\"entry-excerpt\">Jasper Hill macht sichtbar, was ein Jahrhundert Kalibergbau hinterlassen hat. Zwischen Ern\u00e4hrungssicherheit und Umweltbelastung steht eine Industrie vor ihrem Wendepunkt.<\/p>\r\n\t\t<\/a>\r\n\r\n\t<\/header><!-- .entry-header -->\r\n\r\n\t<figure class=\"post__image\">\r\n\t\t<a href=\"https:\/\/visualjournalism.de\/en\/magazine\/ausgezeichnet\/jasper-hill-im-land-der-weissen-berge\/\" rel=\"bookmark\">\r\n\t\t\t<img loading=\"lazy\" decoding=\"async\" width=\"350\" height=\"280\" src=\"https:\/\/visualjournalism.de\/wp-content\/uploads\/2026\/01\/5JasperHill_ImLandderweissenBerge-6-350x280.jpeg\" class=\"attachment-post-image--two-column--small size-post-image--two-column--small\" alt=\"\" srcset=\"https:\/\/visualjournalism.de\/wp-content\/uploads\/2026\/01\/5JasperHill_ImLandderweissenBerge-6-350x280.jpeg 350w, https:\/\/visualjournalism.de\/wp-content\/uploads\/2026\/01\/5JasperHill_ImLandderweissenBerge-6-300x240.jpeg 300w, https:\/\/visualjournalism.de\/wp-content\/uploads\/2026\/01\/5JasperHill_ImLandderweissenBerge-6-1024x819.jpeg 1024w, https:\/\/visualjournalism.de\/wp-content\/uploads\/2026\/01\/5JasperHill_ImLandderweissenBerge-6-768x614.jpeg 768w, https:\/\/visualjournalism.de\/wp-content\/uploads\/2026\/01\/5JasperHill_ImLandderweissenBerge-6-1536x1229.jpeg 1536w, https:\/\/visualjournalism.de\/wp-content\/uploads\/2026\/01\/5JasperHill_ImLandderweissenBerge-6-2048x1638.jpeg 2048w, https:\/\/visualjournalism.de\/wp-content\/uploads\/2026\/01\/5JasperHill_ImLandderweissenBerge-6-1920x1536.jpeg 1920w, https:\/\/visualjournalism.de\/wp-content\/uploads\/2026\/01\/5JasperHill_ImLandderweissenBerge-6-1400x1120.jpeg 1400w, https:\/\/visualjournalism.de\/wp-content\/uploads\/2026\/01\/5JasperHill_ImLandderweissenBerge-6-1050x840.jpeg 1050w, https:\/\/visualjournalism.de\/wp-content\/uploads\/2026\/01\/5JasperHill_ImLandderweissenBerge-6-670x536.jpeg 670w, https:\/\/visualjournalism.de\/wp-content\/uploads\/2026\/01\/5JasperHill_ImLandderweissenBerge-6-420x336.jpeg 420w, https:\/\/visualjournalism.de\/wp-content\/uploads\/2026\/01\/5JasperHill_ImLandderweissenBerge-6-150x120.jpeg 150w\" sizes=\"auto, (max-width: 350px) 100vw, 350px\" \/>\t\t<\/a>\r\n\t<\/figure><!-- .post__image -->\r\n\r\n<\/article>\r\n\r\n<article class=\"post-teaser post-68111 magazin type-magazin status-publish has-post-thumbnail hentry magazinkategorie-ausgezeichnet\">\r\n\t<header class=\"entry-header\">\r\n\r\n\t\t<div class=\"entry-categories\">\n\t<a class=\"post__tag\" href=\"https:\/\/visualjournalism.de\/magazin-kategorie\/ausgezeichnet\/\" rel=\"category tag\">Ausgezeichnet<\/a><\/div>\r\n\t\t<a href=\"https:\/\/visualjournalism.de\/en\/magazine\/ausgezeichnet\/markus-heft-fuer-uns-getraeumt\/\" rel=\"bookmark\">\r\n\t\t\t<h2 class=\"entry-title\">F\u00fcr uns getr\u00e4umt.<\/h2>\r\n\t\t\t<p class=\"entry-excerpt\">Markus Heft portr\u00e4tiert \u00e4ltere queere Menschen in Deutschland. Seit 2022 entstehen kollaborativ intime Portraits, erg\u00e4nzt durch Stillleben und Orte. Das Projekt bewahrt queere Geschichte und macht doppelte Marginalisierung im Alter sichtbar.<\/p>\r\n\t\t<\/a>\r\n\r\n\t<\/header><!-- .entry-header -->\r\n\r\n\t<figure class=\"post__image\">\r\n\t\t<a href=\"https:\/\/visualjournalism.de\/en\/magazine\/ausgezeichnet\/markus-heft-fuer-uns-getraeumt\/\" rel=\"bookmark\">\r\n\t\t\t<img loading=\"lazy\" decoding=\"async\" width=\"350\" height=\"280\" src=\"https:\/\/visualjournalism.de\/wp-content\/uploads\/2026\/01\/Fuer-uns-getraeumt-6-350x280.jpg\" class=\"attachment-post-image--two-column--small size-post-image--two-column--small\" alt=\"\" srcset=\"https:\/\/visualjournalism.de\/wp-content\/uploads\/2026\/01\/Fuer-uns-getraeumt-6-350x280.jpg 350w, https:\/\/visualjournalism.de\/wp-content\/uploads\/2026\/01\/Fuer-uns-getraeumt-6-300x240.jpg 300w, https:\/\/visualjournalism.de\/wp-content\/uploads\/2026\/01\/Fuer-uns-getraeumt-6-1024x819.jpg 1024w, https:\/\/visualjournalism.de\/wp-content\/uploads\/2026\/01\/Fuer-uns-getraeumt-6-768x614.jpg 768w, https:\/\/visualjournalism.de\/wp-content\/uploads\/2026\/01\/Fuer-uns-getraeumt-6-1536x1229.jpg 1536w, https:\/\/visualjournalism.de\/wp-content\/uploads\/2026\/01\/Fuer-uns-getraeumt-6-2048x1638.jpg 2048w, https:\/\/visualjournalism.de\/wp-content\/uploads\/2026\/01\/Fuer-uns-getraeumt-6-1920x1536.jpg 1920w, https:\/\/visualjournalism.de\/wp-content\/uploads\/2026\/01\/Fuer-uns-getraeumt-6-1400x1120.jpg 1400w, https:\/\/visualjournalism.de\/wp-content\/uploads\/2026\/01\/Fuer-uns-getraeumt-6-1050x840.jpg 1050w, https:\/\/visualjournalism.de\/wp-content\/uploads\/2026\/01\/Fuer-uns-getraeumt-6-670x536.jpg 670w, https:\/\/visualjournalism.de\/wp-content\/uploads\/2026\/01\/Fuer-uns-getraeumt-6-420x336.jpg 420w, https:\/\/visualjournalism.de\/wp-content\/uploads\/2026\/01\/Fuer-uns-getraeumt-6-150x120.jpg 150w\" sizes=\"auto, (max-width: 350px) 100vw, 350px\" \/>\t\t<\/a>\r\n\t<\/figure><!-- .post__image -->\r\n\r\n<\/article>\r\n\n<\/div><!-- .2-columns-teaser-->\n\n    <\/div>\n\n\n\n<div class=\"wp-block-group has-spacing--none has-color-3-background-color has-background has-spacing--none\">\n    <nav id=\"section-navigation-block_3d077f147f966575139ef8a655dd1e61\" class=\"section-navigation has-spacing--m\">\n        <ul>\n\n                \n                    <li>Contact<\/li>\n                \n            \n            \n                        \n                        \n\n            \n\n        <\/ul>\n        \n    <\/nav>\n\n\n\n<div class=\"pinned-block has-spacing--m\">\n\t\n\n<div class=\"pinned-block__column--left\">\n    \n\n \n\n    <div id=\"lead-in-block_18be88295291e38fda52fdcbd1931890\" class=\"block-lead-in typo--soehne font-size--xl has-spacing--m width--full\">\n        <p><strong>Your contact partners<\/strong> will be happy to assist you with your personal concerns. However, due to the large number of enquiries, we ask you to first check our FAQ to see if your question may already have been answered.<\/p>\n    <\/div>\n\n\n\n\n    <div class=\"btn-wrapper alignleft has-spacing--m\">\n        <a class=\"btn\" href=\"https:\/\/visualjournalism.de\/faq\/\" target=\"_blank\">FAQ<\/a>\n    <\/div>\n\n\n<\/div>\n\n\n<div class=\"pinned-block__column--right\">\n    \n    \n    <div class=\"infocard has-spacing--m\">\n\n    \n        <div class=\"info-item--full\">\n            <p>\n                <span class=\"info-item__headline\">Dean of Studies, Design and Media department<\/span>\n            <\/p>\n            \n            <div class=\"info-item__content\">\n                <p>\n                    <span class=\"info-item__text\"><a href=\"https:\/\/visualjournalism.de\/karen-fromm\/\">Prof. Dr. Karen Fromm<\/a><\/span>\n                    <span class=\"info-item__text--small\">\n                        <span><a href=\"mailto:karen.fromm@hs-hannover.de\">E-Mail schreiben<\/a><\/span><span><a href=\"tel:+49 511 9296 8538\">+49 511 9296 8538<\/a><\/span>                    <\/span>\n                <\/p>\n\n                <figure class=\"info-item__image\">\n\n                    <a href=\"https:\/\/visualjournalism.de\/karen-fromm\/\"><img loading=\"lazy\" decoding=\"async\" width=\"52\" height=\"52\" src=\"https:\/\/visualjournalism.de\/wp-content\/uploads\/Prof_Dr_Karen_Fromm_thumb-1-52x52.jpg\" class=\"attachment-image-portrait size-image-portrait\" alt=\"\" srcset=\"https:\/\/visualjournalism.de\/wp-content\/uploads\/Prof_Dr_Karen_Fromm_thumb-1-52x52.jpg 52w, https:\/\/visualjournalism.de\/wp-content\/uploads\/Prof_Dr_Karen_Fromm_thumb-1.jpg 100w\" sizes=\"auto, (max-width: 52px) 100vw, 52px\" \/><\/a>                <\/figure>\n                \n            <\/div><!-- .info-item__content -->\n            \n        <\/div><!-- .info-item--full -->\n\n\n        <div class=\"info-item--full\">\n            <p>\n                <span class=\"info-item__headline\">Programme representative<\/span>\n            <\/p>\n            \n            <div class=\"info-item__content\">\n                <p>\n                    <span class=\"info-item__text\"><a href=\"https:\/\/visualjournalism.de\/michael-hauri\/\">Prof. Michael Hauri<\/a><\/span>\n                    <span class=\"info-item__text--small\">\n                        <span><a href=\"mailto:michael.hauri@hs-hannover.de\">E-Mail schreiben<\/a><\/span><span><a href=\"tel:+49 511 9296 8241\">+49 511 9296 8241<\/a><\/span>                    <\/span>\n                <\/p>\n\n                <figure class=\"info-item__image\">\n\n                    <a href=\"https:\/\/visualjournalism.de\/michael-hauri\/\"><img loading=\"lazy\" decoding=\"async\" width=\"52\" height=\"52\" src=\"https:\/\/visualjournalism.de\/wp-content\/uploads\/Michael-Hauri-thumb-1-52x52.jpg\" class=\"attachment-image-portrait size-image-portrait\" alt=\"\" srcset=\"https:\/\/visualjournalism.de\/wp-content\/uploads\/Michael-Hauri-thumb-1-52x52.jpg 52w, https:\/\/visualjournalism.de\/wp-content\/uploads\/Michael-Hauri-thumb-1-68x68.jpg 68w, https:\/\/visualjournalism.de\/wp-content\/uploads\/Michael-Hauri-thumb-1-96x96.jpg 96w, https:\/\/visualjournalism.de\/wp-content\/uploads\/Michael-Hauri-thumb-1.jpg 100w\" sizes=\"auto, (max-width: 52px) 100vw, 52px\" \/><\/a>                <\/figure>\n                \n            <\/div><!-- .info-item__content -->\n            \n        <\/div><!-- .info-item--full -->\n\n\n        <div class=\"info-item--full\">\n            <p>\n                <span class=\"info-item__headline\">Application and admission procedure<\/span>\n            <\/p>\n            \n            <div class=\"info-item__content\">\n                <p>\n                    <span class=\"info-item__text\"><a href=\"https:\/\/visualjournalism.de\/lars-bauernschmitt\/\">Prof. Lars Bauernschmitt<\/a><\/span>\n                    <span class=\"info-item__text--small\">\n                        <span><a href=\"mailto:lars.bauernschmitt@hs-hannover.de\">E-Mail schreiben<\/a><\/span><span><a href=\"tel:+49 511 9296 2467\">+49 511 9296 2467<\/a><\/span>                    <\/span>\n                <\/p>\n\n                <figure class=\"info-item__image\">\n\n                    <a href=\"https:\/\/visualjournalism.de\/lars-bauernschmitt\/\"><img loading=\"lazy\" decoding=\"async\" width=\"52\" height=\"52\" src=\"https:\/\/visualjournalism.de\/wp-content\/uploads\/prof_lars_bauernschmitt_thumb-1-52x52.jpg\" class=\"attachment-image-portrait size-image-portrait\" alt=\"\" srcset=\"https:\/\/visualjournalism.de\/wp-content\/uploads\/prof_lars_bauernschmitt_thumb-1-52x52.jpg 52w, https:\/\/visualjournalism.de\/wp-content\/uploads\/prof_lars_bauernschmitt_thumb-1.jpg 100w\" sizes=\"auto, (max-width: 52px) 100vw, 52px\" \/><\/a>                <\/figure>\n                \n            <\/div><!-- .info-item__content -->\n            \n        <\/div><!-- .info-item--full -->\n\n \n    <\/div>\n\n\n\n<p class=\"post__paragraph is-style-typo--soehne has-spacing--m has-spacing--default\">Hochschule Hannover<br>Faculty III &#8211; Media, Information and Design<br>Expo Plaza 2<br>D-30539 Hanover<\/p>\n\n\n\n    <div class=\"btn-wrapper has-spacing--m\">\n        <a class=\"btn\" href=\"https:\/\/www.hs-hannover.de\" target=\"_blank\">HS-HANNOVER.DE<\/a>\n    <\/div>\n\n\n<\/div>\n<\/div><\/div>\n","protected":false},"author":3,"featured_media":12390,"template":"","tags":[],"magazinkategorie":[160],"class_list":["post-16386","magazin","type-magazin","status-publish","has-post-thumbnail","hentry","magazinkategorie-awarded"],"acf":[],"yoast_head":"<!-- This site is optimized with the Yoast SEO Premium plugin v27.3 (Yoast SEO v27.3) - https:\/\/yoast.com\/product\/yoast-seo-premium-wordpress\/ -->\n<title>Jonas Kak\u00f3: Photo series about the Colorado River<\/title>\n<meta name=\"description\" content=\"Photojournalist Jonas Kako&#039;s work &quot;The Dying River&quot; documents the water crisis along the Colorado River.\" \/>\n<meta name=\"robots\" content=\"index, follow, max-snippet:-1, max-image-preview:large, max-video-preview:-1\" \/>\n<link rel=\"canonical\" href=\"https:\/\/visualjournalism.de\/en\/magazine\/awarded\/jonas-kako-colorado-river\/\" \/>\n<meta property=\"og:locale\" content=\"en_US\" \/>\n<meta property=\"og:type\" content=\"article\" \/>\n<meta property=\"og:title\" content=\"Jonas Kako: Colorado River\" \/>\n<meta property=\"og:description\" content=\"Photojournalist Jonas Kako&#039;s work &quot;The Dying River&quot; documents the water crisis along the Colorado River.\" \/>\n<meta property=\"og:url\" content=\"https:\/\/visualjournalism.de\/en\/magazine\/awarded\/jonas-kako-colorado-river\/\" \/>\n<meta property=\"og:site_name\" content=\"Visual Journalism and Documentary Photography\" \/>\n<meta property=\"article:publisher\" content=\"https:\/\/www.facebook.com\/people\/wwwfotostudentende\/100065173703897\/\" \/>\n<meta property=\"article:modified_time\" content=\"2023-07-19T13:42:20+00:00\" \/>\n<meta property=\"og:image\" content=\"https:\/\/visualjournalism.de\/wp-content\/uploads\/0009-colorado-jonas-kako-1600px.jpg\" \/>\n\t<meta property=\"og:image:width\" content=\"1600\" \/>\n\t<meta property=\"og:image:height\" content=\"1067\" \/>\n\t<meta property=\"og:image:type\" content=\"image\/jpeg\" \/>\n<meta name=\"twitter:card\" content=\"summary_large_image\" \/>\n<meta name=\"twitter:site\" content=\"@HsHannover\" \/>\n<script type=\"application\/ld+json\" class=\"yoast-schema-graph\">{\"@context\":\"https:\\\/\\\/schema.org\",\"@graph\":[{\"@type\":\"WebPage\",\"@id\":\"https:\\\/\\\/visualjournalism.de\\\/en\\\/magazine\\\/awarded\\\/jonas-kako-colorado-river\\\/\",\"url\":\"https:\\\/\\\/visualjournalism.de\\\/en\\\/magazine\\\/awarded\\\/jonas-kako-colorado-river\\\/\",\"name\":\"Jonas Kak\u00f3: Photo series about the Colorado River\",\"isPartOf\":{\"@id\":\"https:\\\/\\\/visualjournalism.de\\\/en\\\/#website\"},\"primaryImageOfPage\":{\"@id\":\"https:\\\/\\\/visualjournalism.de\\\/en\\\/magazine\\\/awarded\\\/jonas-kako-colorado-river\\\/#primaryimage\"},\"image\":{\"@id\":\"https:\\\/\\\/visualjournalism.de\\\/en\\\/magazine\\\/awarded\\\/jonas-kako-colorado-river\\\/#primaryimage\"},\"thumbnailUrl\":\"https:\\\/\\\/visualjournalism.de\\\/wp-content\\\/uploads\\\/0009-colorado-jonas-kako-1600px.jpg\",\"datePublished\":\"2023-02-15T08:53:27+00:00\",\"dateModified\":\"2023-07-19T13:42:20+00:00\",\"description\":\"Photojournalist Jonas Kako's work \\\"The Dying River\\\" documents the water crisis along the Colorado River.\",\"breadcrumb\":{\"@id\":\"https:\\\/\\\/visualjournalism.de\\\/en\\\/magazine\\\/awarded\\\/jonas-kako-colorado-river\\\/#breadcrumb\"},\"inLanguage\":\"en-US\",\"potentialAction\":[{\"@type\":\"ReadAction\",\"target\":[\"https:\\\/\\\/visualjournalism.de\\\/en\\\/magazine\\\/awarded\\\/jonas-kako-colorado-river\\\/\"]}]},{\"@type\":\"ImageObject\",\"inLanguage\":\"en-US\",\"@id\":\"https:\\\/\\\/visualjournalism.de\\\/en\\\/magazine\\\/awarded\\\/jonas-kako-colorado-river\\\/#primaryimage\",\"url\":\"https:\\\/\\\/visualjournalism.de\\\/wp-content\\\/uploads\\\/0009-colorado-jonas-kako-1600px.jpg\",\"contentUrl\":\"https:\\\/\\\/visualjournalism.de\\\/wp-content\\\/uploads\\\/0009-colorado-jonas-kako-1600px.jpg\",\"width\":1600,\"height\":1067,\"caption\":\"Since 2022, ferry service to Bullfrog Marina in the northern part of Lake Powell has been suspended: Mooring is no longer possible due to low water levels.\"},{\"@type\":\"BreadcrumbList\",\"@id\":\"https:\\\/\\\/visualjournalism.de\\\/en\\\/magazine\\\/awarded\\\/jonas-kako-colorado-river\\\/#breadcrumb\",\"itemListElement\":[{\"@type\":\"ListItem\",\"position\":1,\"name\":\"Home\",\"item\":\"https:\\\/\\\/visualjournalism.de\\\/en\\\/\"},{\"@type\":\"ListItem\",\"position\":2,\"name\":\"Magazin\",\"item\":\"https:\\\/\\\/visualjournalism.de\\\/en\\\/magazine\\\/\"},{\"@type\":\"ListItem\",\"position\":3,\"name\":\"Jonas Kako: Colorado River\"}]},{\"@type\":\"WebSite\",\"@id\":\"https:\\\/\\\/visualjournalism.de\\\/en\\\/#website\",\"url\":\"https:\\\/\\\/visualjournalism.de\\\/en\\\/\",\"name\":\"Visual Journalism and Documentary Photography\",\"description\":\"All about the bilingual bachelor&#039;s program at Hannover University of Applied Sciences and Arts.\",\"publisher\":{\"@id\":\"https:\\\/\\\/visualjournalism.de\\\/en\\\/#organization\"},\"alternateName\":\"visualjournalism.de\",\"potentialAction\":[{\"@type\":\"SearchAction\",\"target\":{\"@type\":\"EntryPoint\",\"urlTemplate\":\"https:\\\/\\\/visualjournalism.de\\\/en\\\/?s={search_term_string}\"},\"query-input\":{\"@type\":\"PropertyValueSpecification\",\"valueRequired\":true,\"valueName\":\"search_term_string\"}}],\"inLanguage\":\"en-US\"},{\"@type\":\"Organization\",\"@id\":\"https:\\\/\\\/visualjournalism.de\\\/en\\\/#organization\",\"name\":\"Hochschule Hannover \u2013 University of Applied Sciences and Arts\",\"alternateName\":\"HsH\",\"url\":\"https:\\\/\\\/visualjournalism.de\\\/en\\\/\",\"logo\":{\"@type\":\"ImageObject\",\"inLanguage\":\"en-US\",\"@id\":\"https:\\\/\\\/visualjournalism.de\\\/en\\\/#\\\/schema\\\/logo\\\/image\\\/\",\"url\":\"https:\\\/\\\/visualjournalism.de\\\/wp-content\\\/uploads\\\/logo-hochschule-hannover.png\",\"contentUrl\":\"https:\\\/\\\/visualjournalism.de\\\/wp-content\\\/uploads\\\/logo-hochschule-hannover.png\",\"width\":363,\"height\":270,\"caption\":\"Hochschule Hannover \u2013 University of Applied Sciences and Arts\"},\"image\":{\"@id\":\"https:\\\/\\\/visualjournalism.de\\\/en\\\/#\\\/schema\\\/logo\\\/image\\\/\"},\"sameAs\":[\"https:\\\/\\\/www.facebook.com\\\/people\\\/wwwfotostudentende\\\/100065173703897\\\/\",\"https:\\\/\\\/x.com\\\/HsHannover\",\"https:\\\/\\\/www.instagram.com\\\/visualjournalism.de\\\/\"]}]}<\/script>\n<!-- \/ Yoast SEO Premium plugin. -->","yoast_head_json":{"title":"Jonas Kak\u00f3: Photo series about the Colorado River","description":"Photojournalist Jonas Kako's work \"The Dying River\" documents the water crisis along the Colorado River.","robots":{"index":"index","follow":"follow","max-snippet":"max-snippet:-1","max-image-preview":"max-image-preview:large","max-video-preview":"max-video-preview:-1"},"canonical":"https:\/\/visualjournalism.de\/en\/magazine\/awarded\/jonas-kako-colorado-river\/","og_locale":"en_US","og_type":"article","og_title":"Jonas Kako: Colorado River","og_description":"Photojournalist Jonas Kako's work \"The Dying River\" documents the water crisis along the Colorado River.","og_url":"https:\/\/visualjournalism.de\/en\/magazine\/awarded\/jonas-kako-colorado-river\/","og_site_name":"Visual Journalism and Documentary Photography","article_publisher":"https:\/\/www.facebook.com\/people\/wwwfotostudentende\/100065173703897\/","article_modified_time":"2023-07-19T13:42:20+00:00","og_image":[{"width":1600,"height":1067,"url":"https:\/\/visualjournalism.de\/wp-content\/uploads\/0009-colorado-jonas-kako-1600px.jpg","type":"image\/jpeg"}],"twitter_card":"summary_large_image","twitter_site":"@HsHannover","schema":{"@context":"https:\/\/schema.org","@graph":[{"@type":"WebPage","@id":"https:\/\/visualjournalism.de\/en\/magazine\/awarded\/jonas-kako-colorado-river\/","url":"https:\/\/visualjournalism.de\/en\/magazine\/awarded\/jonas-kako-colorado-river\/","name":"Jonas Kak\u00f3: Photo series about the Colorado River","isPartOf":{"@id":"https:\/\/visualjournalism.de\/en\/#website"},"primaryImageOfPage":{"@id":"https:\/\/visualjournalism.de\/en\/magazine\/awarded\/jonas-kako-colorado-river\/#primaryimage"},"image":{"@id":"https:\/\/visualjournalism.de\/en\/magazine\/awarded\/jonas-kako-colorado-river\/#primaryimage"},"thumbnailUrl":"https:\/\/visualjournalism.de\/wp-content\/uploads\/0009-colorado-jonas-kako-1600px.jpg","datePublished":"2023-02-15T08:53:27+00:00","dateModified":"2023-07-19T13:42:20+00:00","description":"Photojournalist Jonas Kako's work \"The Dying River\" documents the water crisis along the Colorado River.","breadcrumb":{"@id":"https:\/\/visualjournalism.de\/en\/magazine\/awarded\/jonas-kako-colorado-river\/#breadcrumb"},"inLanguage":"en-US","potentialAction":[{"@type":"ReadAction","target":["https:\/\/visualjournalism.de\/en\/magazine\/awarded\/jonas-kako-colorado-river\/"]}]},{"@type":"ImageObject","inLanguage":"en-US","@id":"https:\/\/visualjournalism.de\/en\/magazine\/awarded\/jonas-kako-colorado-river\/#primaryimage","url":"https:\/\/visualjournalism.de\/wp-content\/uploads\/0009-colorado-jonas-kako-1600px.jpg","contentUrl":"https:\/\/visualjournalism.de\/wp-content\/uploads\/0009-colorado-jonas-kako-1600px.jpg","width":1600,"height":1067,"caption":"Since 2022, ferry service to Bullfrog Marina in the northern part of Lake Powell has been suspended: Mooring is no longer possible due to low water levels."},{"@type":"BreadcrumbList","@id":"https:\/\/visualjournalism.de\/en\/magazine\/awarded\/jonas-kako-colorado-river\/#breadcrumb","itemListElement":[{"@type":"ListItem","position":1,"name":"Home","item":"https:\/\/visualjournalism.de\/en\/"},{"@type":"ListItem","position":2,"name":"Magazin","item":"https:\/\/visualjournalism.de\/en\/magazine\/"},{"@type":"ListItem","position":3,"name":"Jonas Kako: Colorado River"}]},{"@type":"WebSite","@id":"https:\/\/visualjournalism.de\/en\/#website","url":"https:\/\/visualjournalism.de\/en\/","name":"Visual Journalism and Documentary Photography","description":"All about the bilingual bachelor&#039;s program at Hannover University of Applied Sciences and Arts.","publisher":{"@id":"https:\/\/visualjournalism.de\/en\/#organization"},"alternateName":"visualjournalism.de","potentialAction":[{"@type":"SearchAction","target":{"@type":"EntryPoint","urlTemplate":"https:\/\/visualjournalism.de\/en\/?s={search_term_string}"},"query-input":{"@type":"PropertyValueSpecification","valueRequired":true,"valueName":"search_term_string"}}],"inLanguage":"en-US"},{"@type":"Organization","@id":"https:\/\/visualjournalism.de\/en\/#organization","name":"Hochschule Hannover \u2013 University of Applied Sciences and Arts","alternateName":"HsH","url":"https:\/\/visualjournalism.de\/en\/","logo":{"@type":"ImageObject","inLanguage":"en-US","@id":"https:\/\/visualjournalism.de\/en\/#\/schema\/logo\/image\/","url":"https:\/\/visualjournalism.de\/wp-content\/uploads\/logo-hochschule-hannover.png","contentUrl":"https:\/\/visualjournalism.de\/wp-content\/uploads\/logo-hochschule-hannover.png","width":363,"height":270,"caption":"Hochschule Hannover \u2013 University of Applied Sciences and Arts"},"image":{"@id":"https:\/\/visualjournalism.de\/en\/#\/schema\/logo\/image\/"},"sameAs":["https:\/\/www.facebook.com\/people\/wwwfotostudentende\/100065173703897\/","https:\/\/x.com\/HsHannover","https:\/\/www.instagram.com\/visualjournalism.de\/"]}]}},"_links":{"self":[{"href":"https:\/\/visualjournalism.de\/en\/wp-json\/wp\/v2\/magazin\/16386","targetHints":{"allow":["GET"]}}],"collection":[{"href":"https:\/\/visualjournalism.de\/en\/wp-json\/wp\/v2\/magazin"}],"about":[{"href":"https:\/\/visualjournalism.de\/en\/wp-json\/wp\/v2\/types\/magazin"}],"author":[{"embeddable":true,"href":"https:\/\/visualjournalism.de\/en\/wp-json\/wp\/v2\/users\/3"}],"version-history":[{"count":0,"href":"https:\/\/visualjournalism.de\/en\/wp-json\/wp\/v2\/magazin\/16386\/revisions"}],"wp:featuredmedia":[{"embeddable":true,"href":"https:\/\/visualjournalism.de\/en\/wp-json\/wp\/v2\/media\/12390"}],"wp:attachment":[{"href":"https:\/\/visualjournalism.de\/en\/wp-json\/wp\/v2\/media?parent=16386"}],"wp:term":[{"taxonomy":"post_tag","embeddable":true,"href":"https:\/\/visualjournalism.de\/en\/wp-json\/wp\/v2\/tags?post=16386"},{"taxonomy":"magazinkategorie","embeddable":true,"href":"https:\/\/visualjournalism.de\/en\/wp-json\/wp\/v2\/magazinkategorie?post=16386"}],"curies":[{"name":"wp","href":"https:\/\/api.w.org\/{rel}","templated":true}]}}