{"id":16784,"date":"2023-07-23T06:49:33","date_gmt":"2023-07-23T06:49:33","guid":{"rendered":"https:\/\/visualjournalism.de\/?p=16784"},"modified":"2024-12-05T21:55:12","modified_gmt":"2024-12-05T21:55:12","slug":"hinter-den-mauern-der-rosenkreuzer","status":"publish","type":"magazin","link":"https:\/\/visualjournalism.de\/en\/magazine\/ideale\/hinter-den-mauern-der-rosenkreuzer\/","title":{"rendered":"Hinter den Mauern der Rosenkreuzer"},"content":{"rendered":"\r\n<div class=\"cover--lead-in has-spacing--m\">\r\n\r\n    \r\n    <div class=\"cover--lead-in__content typo--tiempos\">\r\n\r\n        <div class=\"entry-categories\">\n\t<a class=\"post__tag\" href=\"https:\/\/visualjournalism.de\/magazin-kategorie\/ideale\/\" rel=\"category tag\">Ideale<\/a><\/div>\r\n        <h2 class=\"cover--lead-in__headline \">\r\n            Hinter den Mauern der Rosenkreuzer        <\/h2>\r\n\r\n                    <div class=\"cover--lead-in__text\">\r\n                <p>Die spirituelle Glaubensgemeinschaft \u00abInternationale Schule des Goldenen Rosenkreuzes\u00bb gilt als Sekte. Welche Ideale verfolgen die Mitglieder? <strong>Von <a href=\"https:\/\/visualjournalism.de\/en\/lenny-steinhauer\/\" target=\"_blank\" rel=\"noopener\">Lenny Steinhauer<\/a> (Fotos), <a href=\"https:\/\/visualjournalism.de\/jelko-journalist\/\" target=\"_blank\" rel=\"noopener\">Jelko Wronski<\/a> und Malte Schulze (Audio)<\/strong><\/p>\n            <\/div>\r\n        \r\n                    <div class=\"cover--lead-in__author\">\r\n                \r\n                    \r\n                            <figure class=\"cover--lead-in__author__image\">\r\n\r\n                                                                    <a href=\"https:\/\/visualjournalism.de\/lenny-steinhauer\/\" target=\"_blank\">\r\n                                \r\n                                <img loading=\"lazy\" decoding=\"async\"\r\n                                    src=\"https:\/\/visualjournalism.de\/wp-content\/uploads\/Portrait_Lenny-68x68.jpg\"\r\n                                    srcset=\"https:\/\/visualjournalism.de\/wp-content\/uploads\/Portrait_Lenny-68x68.jpg 68w, https:\/\/visualjournalism.de\/wp-content\/uploads\/Portrait_Lenny-150x150.jpg 150w, https:\/\/visualjournalism.de\/wp-content\/uploads\/Portrait_Lenny-52x52.jpg 52w, https:\/\/visualjournalism.de\/wp-content\/uploads\/Portrait_Lenny-96x96.jpg 96w\"\r\n                                    width=\"68\"\r\n                                    height=\"68\"\r\n                                    alt=\"\"\r\n                                \/>\r\n\r\n                                                                    <\/a>\r\n                                \r\n                            <\/figure>\r\n\r\n                        \r\n                    \r\n                            <figure class=\"cover--lead-in__author__image\">\r\n\r\n                                                                    <a href=\"https:\/\/visualjournalism.de\/jelko-journalist\/\" target=\"_blank\">\r\n                                \r\n                                <img loading=\"lazy\" decoding=\"async\"\r\n                                    src=\"https:\/\/visualjournalism.de\/wp-content\/uploads\/A7400669-2-68x68.jpg\"\r\n                                    srcset=\"https:\/\/visualjournalism.de\/wp-content\/uploads\/A7400669-2-68x68.jpg 68w, https:\/\/visualjournalism.de\/wp-content\/uploads\/A7400669-2-52x52.jpg 52w, https:\/\/visualjournalism.de\/wp-content\/uploads\/A7400669-2-96x96.jpg 96w, https:\/\/visualjournalism.de\/wp-content\/uploads\/A7400669-2.jpg 100w\"\r\n                                    width=\"68\"\r\n                                    height=\"68\"\r\n                                    alt=\"\"\r\n                                \/>\r\n\r\n                                                                    <\/a>\r\n                                \r\n                            <\/figure>\r\n\r\n                        \r\n                    \r\n                            <figure class=\"cover--lead-in__author__image\">\r\n\r\n                                \r\n                                <img loading=\"lazy\" decoding=\"async\"\r\n                                    src=\"https:\/\/visualjournalism.de\/wp-content\/uploads\/A7400538-2-68x68.jpg\"\r\n                                    srcset=\"https:\/\/visualjournalism.de\/wp-content\/uploads\/A7400538-2-68x68.jpg 68w, https:\/\/visualjournalism.de\/wp-content\/uploads\/A7400538-2-52x52.jpg 52w, https:\/\/visualjournalism.de\/wp-content\/uploads\/A7400538-2-96x96.jpg 96w, https:\/\/visualjournalism.de\/wp-content\/uploads\/A7400538-2.jpg 100w\"\r\n                                    width=\"68\"\r\n                                    height=\"68\"\r\n                                    alt=\"\"\r\n                                \/>\r\n\r\n                                \r\n                            <\/figure>\r\n\r\n                                    <\/div><!-- .cover--lead-in__author -->\r\n        \r\n    <\/div><!-- .cover--lead-in__content -->\r\n\r\n    \r\n        <figure class=\"cover--lead-in__image cover--lead-in__media cover--lead-in__media--image\">\r\n            <img loading=\"lazy\" decoding=\"async\"\r\n                src=\"https:\/\/visualjournalism.de\/wp-content\/uploads\/1.Steinhauer_Lenny.jpg\"\r\n                srcset=\"https:\/\/visualjournalism.de\/wp-content\/uploads\/1.Steinhauer_Lenny.jpg 1600w, https:\/\/visualjournalism.de\/wp-content\/uploads\/1.Steinhauer_Lenny-300x300.jpg 300w, https:\/\/visualjournalism.de\/wp-content\/uploads\/1.Steinhauer_Lenny-1024x1024.jpg 1024w, https:\/\/visualjournalism.de\/wp-content\/uploads\/1.Steinhauer_Lenny-150x150.jpg 150w, https:\/\/visualjournalism.de\/wp-content\/uploads\/1.Steinhauer_Lenny-768x768.jpg 768w, https:\/\/visualjournalism.de\/wp-content\/uploads\/1.Steinhauer_Lenny-1536x1536.jpg 1536w, https:\/\/visualjournalism.de\/wp-content\/uploads\/1.Steinhauer_Lenny-1400x1400.jpg 1400w, https:\/\/visualjournalism.de\/wp-content\/uploads\/1.Steinhauer_Lenny-1050x1050.jpg 1050w, https:\/\/visualjournalism.de\/wp-content\/uploads\/1.Steinhauer_Lenny-670x670.jpg 670w, https:\/\/visualjournalism.de\/wp-content\/uploads\/1.Steinhauer_Lenny-420x420.jpg 420w, https:\/\/visualjournalism.de\/wp-content\/uploads\/1.Steinhauer_Lenny-350x350.jpg 350w, https:\/\/visualjournalism.de\/wp-content\/uploads\/1.Steinhauer_Lenny-52x52.jpg 52w, https:\/\/visualjournalism.de\/wp-content\/uploads\/1.Steinhauer_Lenny-68x68.jpg 68w, https:\/\/visualjournalism.de\/wp-content\/uploads\/1.Steinhauer_Lenny-96x96.jpg 96w\"\r\n                width=\"1600\"\r\n                height=\"1600\"\r\n                alt=\"\"\r\n                style=\"object-position: 50.33% 68%\"\r\n            \/>\r\n        <\/figure>\r\n\r\n                    <span class=\"cover--lead-in__image-title\">\r\n                Bad M\u00fcnder, 30.06.2021 : Auf dem Grundst\u00fcck findet man zahlreiche Plastiken. Darunter auch ein menschengro\u00dfes, goldenes Ei, eines der zahlreichen Symbolen der Sekte. Foto : Lenny Carsten Steinhauer            <\/span>\r\n        \r\n    \r\n<\/div><!-- .cover--lead-in -->\r\n\r\n\n\n \n    <figure class=\"audio-block has-spacing--m\">\n\n        <div class=\"audio-player\">\n\n            <audio>\n                <source src=\"https:\/\/visualjournalism.de\/wp-content\/uploads\/Rosenkreuzer_BadMuender_JelkoMalte.mp3\" type=\"audio\/mpeg\">\n            <\/audio>\n           \n        <\/div>\n\n        \n    <\/figure>\n\n\n\n\n<p class=\"post__paragraph has-spacing--m\"><strong>In Bad M\u00fcnder, einer Kurstadt in n\u00e4chster N\u00e4he zu Hannover,<\/strong> steht eines der drei gr\u00f6\u00dften Konferenzzentren der spirituellen Glaubensgemeinschaft \u00abInternationale Schule des Goldenen Rosenkreuzes\u00bb. Entstanden 1924 als esoterisch-christliche Gruppe in den Niederlanden, wurde die Tagungsst\u00e4tte in Bad M\u00fcnder 1965 errichtet. Die Gemeinschaft wurde in der Vergangenheit durch eine Begutachtung eines Beauftragten der evangelischen Kirche als Sekte eingestuft. Das internationale Treffen bringt j\u00e4hrlich Mitglieder aus 20 verschiedenen L\u00e4ndern auf dem Gel\u00e4nde zusammen. Der Geb\u00e4udekomplex und ein regelm\u00e4\u00dfiger Austausch wird von Glaubensangeh\u00f6rigen aus Norddeutschland und D\u00e4nemark gepflegt.<\/p>\n\n\n    <figure class=\"block-photo post__image--half-left has-spacing--m with-title\">\n\n        <div class=\"post__image__container\">\n            <img loading=\"lazy\" decoding=\"async\" \n                src=\"https:\/\/visualjournalism.de\/wp-content\/uploads\/2.Steinhauer_Lenny-768x768.jpg\"\n                srcset=\"https:\/\/visualjournalism.de\/wp-content\/uploads\/2.Steinhauer_Lenny-768x768.jpg 768w, https:\/\/visualjournalism.de\/wp-content\/uploads\/2.Steinhauer_Lenny-300x300.jpg 300w, https:\/\/visualjournalism.de\/wp-content\/uploads\/2.Steinhauer_Lenny-1024x1024.jpg 1024w, https:\/\/visualjournalism.de\/wp-content\/uploads\/2.Steinhauer_Lenny-150x150.jpg 150w, https:\/\/visualjournalism.de\/wp-content\/uploads\/2.Steinhauer_Lenny-1536x1536.jpg 1536w, https:\/\/visualjournalism.de\/wp-content\/uploads\/2.Steinhauer_Lenny-1400x1400.jpg 1400w, https:\/\/visualjournalism.de\/wp-content\/uploads\/2.Steinhauer_Lenny-1050x1050.jpg 1050w, https:\/\/visualjournalism.de\/wp-content\/uploads\/2.Steinhauer_Lenny-670x670.jpg 670w, https:\/\/visualjournalism.de\/wp-content\/uploads\/2.Steinhauer_Lenny-420x420.jpg 420w, https:\/\/visualjournalism.de\/wp-content\/uploads\/2.Steinhauer_Lenny-350x350.jpg 350w, https:\/\/visualjournalism.de\/wp-content\/uploads\/2.Steinhauer_Lenny-52x52.jpg 52w, https:\/\/visualjournalism.de\/wp-content\/uploads\/2.Steinhauer_Lenny-68x68.jpg 68w, https:\/\/visualjournalism.de\/wp-content\/uploads\/2.Steinhauer_Lenny-96x96.jpg 96w, https:\/\/visualjournalism.de\/wp-content\/uploads\/2.Steinhauer_Lenny.jpg 1600w\"\n                width=\"768\" \n                height=\"768\"\n                alt=\"\" \n            \/>\n            \n                            <span class=\"post__image__title\">Bad M\u00fcnder, 30.06.2021 : Der Geb\u00e4udekomplex der Tagungsst\u00e4tte beherbergt einen Ruheraum. Dort k\u00f6nnen sich die Mitglieder und Sch\u00fcler zwischen den Tempelbesinnungen entspannen. Foto : Lenny Carsten Steinhauer<\/span>\n                    <\/div><!-- post__image__container -->\n\n        \n    <\/figure><!-- post__image -->\n\n\n\n    <figure class=\"block-photo post__image--wide-right has-spacing--m with-title\">\n\n        <div class=\"post__image__container\">\n            <img loading=\"lazy\" decoding=\"async\" \n                src=\"https:\/\/visualjournalism.de\/wp-content\/uploads\/3.Steinhauer_Lenny-1050x1050.jpg\"\n                srcset=\"https:\/\/visualjournalism.de\/wp-content\/uploads\/3.Steinhauer_Lenny-1050x1050.jpg 1050w, https:\/\/visualjournalism.de\/wp-content\/uploads\/3.Steinhauer_Lenny-300x300.jpg 300w, https:\/\/visualjournalism.de\/wp-content\/uploads\/3.Steinhauer_Lenny-1024x1024.jpg 1024w, https:\/\/visualjournalism.de\/wp-content\/uploads\/3.Steinhauer_Lenny-150x150.jpg 150w, https:\/\/visualjournalism.de\/wp-content\/uploads\/3.Steinhauer_Lenny-768x768.jpg 768w, https:\/\/visualjournalism.de\/wp-content\/uploads\/3.Steinhauer_Lenny-1536x1536.jpg 1536w, https:\/\/visualjournalism.de\/wp-content\/uploads\/3.Steinhauer_Lenny-1400x1400.jpg 1400w, https:\/\/visualjournalism.de\/wp-content\/uploads\/3.Steinhauer_Lenny-670x670.jpg 670w, https:\/\/visualjournalism.de\/wp-content\/uploads\/3.Steinhauer_Lenny-420x420.jpg 420w, https:\/\/visualjournalism.de\/wp-content\/uploads\/3.Steinhauer_Lenny-350x350.jpg 350w, https:\/\/visualjournalism.de\/wp-content\/uploads\/3.Steinhauer_Lenny-52x52.jpg 52w, https:\/\/visualjournalism.de\/wp-content\/uploads\/3.Steinhauer_Lenny-68x68.jpg 68w, https:\/\/visualjournalism.de\/wp-content\/uploads\/3.Steinhauer_Lenny-96x96.jpg 96w, https:\/\/visualjournalism.de\/wp-content\/uploads\/3.Steinhauer_Lenny.jpg 1600w\"\n                width=\"1050\" \n                height=\"1050\"\n                alt=\"\" \n            \/>\n            \n                            <span class=\"post__image__title\">Bad M\u00fcnder, 30.06.2021 : Herr Schneemann ist seit \u00fcber 40 Jahren festes Mitglied und war lange Zeit der leitende Intendant des Konferezzentrums. Er lebt mit seiner Frau in einem Bungalow weiter oben auf dem Grundst\u00fcck. Foto : Lenny Carsten Steinhauer<\/span>\n                    <\/div><!-- post__image__container -->\n\n        \n    <\/figure><!-- post__image -->\n\n\n\n    <figure class=\"block-photo post__image--half-left has-spacing--m with-title\">\n\n        <div class=\"post__image__container\">\n            <img loading=\"lazy\" decoding=\"async\" \n                src=\"https:\/\/visualjournalism.de\/wp-content\/uploads\/4.Steinhauer_Lenny-768x768.jpg\"\n                srcset=\"https:\/\/visualjournalism.de\/wp-content\/uploads\/4.Steinhauer_Lenny-768x768.jpg 768w, https:\/\/visualjournalism.de\/wp-content\/uploads\/4.Steinhauer_Lenny-300x300.jpg 300w, https:\/\/visualjournalism.de\/wp-content\/uploads\/4.Steinhauer_Lenny-1024x1024.jpg 1024w, https:\/\/visualjournalism.de\/wp-content\/uploads\/4.Steinhauer_Lenny-150x150.jpg 150w, https:\/\/visualjournalism.de\/wp-content\/uploads\/4.Steinhauer_Lenny-1536x1536.jpg 1536w, https:\/\/visualjournalism.de\/wp-content\/uploads\/4.Steinhauer_Lenny-1400x1400.jpg 1400w, https:\/\/visualjournalism.de\/wp-content\/uploads\/4.Steinhauer_Lenny-1050x1050.jpg 1050w, https:\/\/visualjournalism.de\/wp-content\/uploads\/4.Steinhauer_Lenny-670x670.jpg 670w, https:\/\/visualjournalism.de\/wp-content\/uploads\/4.Steinhauer_Lenny-420x420.jpg 420w, https:\/\/visualjournalism.de\/wp-content\/uploads\/4.Steinhauer_Lenny-350x350.jpg 350w, https:\/\/visualjournalism.de\/wp-content\/uploads\/4.Steinhauer_Lenny-52x52.jpg 52w, https:\/\/visualjournalism.de\/wp-content\/uploads\/4.Steinhauer_Lenny-68x68.jpg 68w, https:\/\/visualjournalism.de\/wp-content\/uploads\/4.Steinhauer_Lenny-96x96.jpg 96w, https:\/\/visualjournalism.de\/wp-content\/uploads\/4.Steinhauer_Lenny.jpg 1600w\"\n                width=\"768\" \n                height=\"768\"\n                alt=\"\" \n            \/>\n            \n                            <span class=\"post__image__title\">Bad M\u00fcnder, 30.06.2021 : Das Hauptgeb\u00e4ude beinhaltet auch den Tempelraum mit einem gro\u00dfen runden Altarfenster. W\u00e4hrend des Tempeldiensts kann der Intendant den Flutlichstrahler vor dem Altarfenster aktivieren. Foto : Lenny Carsten Steinhauer<\/span>\n                    <\/div><!-- post__image__container -->\n\n        \n    <\/figure><!-- post__image -->\n\n\n\n    <figure class=\"block-photo post__image--half-right has-spacing--m with-title\">\n\n        <div class=\"post__image__container\">\n            <img loading=\"lazy\" decoding=\"async\" \n                src=\"https:\/\/visualjournalism.de\/wp-content\/uploads\/5.Steinhauer_Lenny-768x768.jpg\"\n                srcset=\"https:\/\/visualjournalism.de\/wp-content\/uploads\/5.Steinhauer_Lenny-768x768.jpg 768w, https:\/\/visualjournalism.de\/wp-content\/uploads\/5.Steinhauer_Lenny-300x300.jpg 300w, https:\/\/visualjournalism.de\/wp-content\/uploads\/5.Steinhauer_Lenny-1024x1024.jpg 1024w, https:\/\/visualjournalism.de\/wp-content\/uploads\/5.Steinhauer_Lenny-150x150.jpg 150w, https:\/\/visualjournalism.de\/wp-content\/uploads\/5.Steinhauer_Lenny-1536x1536.jpg 1536w, https:\/\/visualjournalism.de\/wp-content\/uploads\/5.Steinhauer_Lenny-1400x1400.jpg 1400w, https:\/\/visualjournalism.de\/wp-content\/uploads\/5.Steinhauer_Lenny-1050x1050.jpg 1050w, https:\/\/visualjournalism.de\/wp-content\/uploads\/5.Steinhauer_Lenny-670x670.jpg 670w, https:\/\/visualjournalism.de\/wp-content\/uploads\/5.Steinhauer_Lenny-420x420.jpg 420w, https:\/\/visualjournalism.de\/wp-content\/uploads\/5.Steinhauer_Lenny-350x350.jpg 350w, https:\/\/visualjournalism.de\/wp-content\/uploads\/5.Steinhauer_Lenny-52x52.jpg 52w, https:\/\/visualjournalism.de\/wp-content\/uploads\/5.Steinhauer_Lenny-68x68.jpg 68w, https:\/\/visualjournalism.de\/wp-content\/uploads\/5.Steinhauer_Lenny-96x96.jpg 96w, https:\/\/visualjournalism.de\/wp-content\/uploads\/5.Steinhauer_Lenny.jpg 1600w\"\n                width=\"768\" \n                height=\"768\"\n                alt=\"\" \n            \/>\n            \n                            <span class=\"post__image__title\">Bad M\u00fcnder, 30.06.2021 : Eine Ecke im Ruheraum des Konferenzzentrums. Das LAN-Kabel wurde w\u00e4hrend der Pandemie f\u00fcr das Streamen des Tempeldiensts genutzt. Foto : Lenny Carsten Steinhauer<\/span>\n                    <\/div><!-- post__image__container -->\n\n        \n    <\/figure><!-- post__image -->\n\n\n\n    <figure class=\"block-photo post__image--wide-left has-spacing--m with-title\">\n\n        <div class=\"post__image__container\">\n            <img loading=\"lazy\" decoding=\"async\" \n                src=\"https:\/\/visualjournalism.de\/wp-content\/uploads\/6.Steinhauer_Lenny-1050x1050.jpg\"\n                srcset=\"https:\/\/visualjournalism.de\/wp-content\/uploads\/6.Steinhauer_Lenny-1050x1050.jpg 1050w, https:\/\/visualjournalism.de\/wp-content\/uploads\/6.Steinhauer_Lenny-300x300.jpg 300w, https:\/\/visualjournalism.de\/wp-content\/uploads\/6.Steinhauer_Lenny-1024x1024.jpg 1024w, https:\/\/visualjournalism.de\/wp-content\/uploads\/6.Steinhauer_Lenny-150x150.jpg 150w, https:\/\/visualjournalism.de\/wp-content\/uploads\/6.Steinhauer_Lenny-768x768.jpg 768w, https:\/\/visualjournalism.de\/wp-content\/uploads\/6.Steinhauer_Lenny-1536x1536.jpg 1536w, https:\/\/visualjournalism.de\/wp-content\/uploads\/6.Steinhauer_Lenny-1400x1400.jpg 1400w, https:\/\/visualjournalism.de\/wp-content\/uploads\/6.Steinhauer_Lenny-670x670.jpg 670w, https:\/\/visualjournalism.de\/wp-content\/uploads\/6.Steinhauer_Lenny-420x420.jpg 420w, https:\/\/visualjournalism.de\/wp-content\/uploads\/6.Steinhauer_Lenny-350x350.jpg 350w, https:\/\/visualjournalism.de\/wp-content\/uploads\/6.Steinhauer_Lenny-52x52.jpg 52w, https:\/\/visualjournalism.de\/wp-content\/uploads\/6.Steinhauer_Lenny-68x68.jpg 68w, https:\/\/visualjournalism.de\/wp-content\/uploads\/6.Steinhauer_Lenny-96x96.jpg 96w, https:\/\/visualjournalism.de\/wp-content\/uploads\/6.Steinhauer_Lenny.jpg 1600w\"\n                width=\"1050\" \n                height=\"1050\"\n                alt=\"\" \n            \/>\n            \n                            <span class=\"post__image__title\">Bad M\u00fcnder, 30.06.2021 : Philipp, einer der wenigen Sch\u00fcler der Gemeinschaft, leutet die Glocken f\u00fcr den letzten Tempeldienst am Abend. Foto : Lenny Carsten Steinhauer<\/span>\n                    <\/div><!-- post__image__container -->\n\n        \n    <\/figure><!-- post__image -->\n\n\n\n    <figure class=\"block-photo post__image--half-right has-spacing--m with-title\">\n\n        <div class=\"post__image__container\">\n            <img loading=\"lazy\" decoding=\"async\" \n                src=\"https:\/\/visualjournalism.de\/wp-content\/uploads\/7.Steinhauer_Lenny-768x768.jpg\"\n                srcset=\"https:\/\/visualjournalism.de\/wp-content\/uploads\/7.Steinhauer_Lenny-768x768.jpg 768w, https:\/\/visualjournalism.de\/wp-content\/uploads\/7.Steinhauer_Lenny-300x300.jpg 300w, https:\/\/visualjournalism.de\/wp-content\/uploads\/7.Steinhauer_Lenny-1024x1024.jpg 1024w, https:\/\/visualjournalism.de\/wp-content\/uploads\/7.Steinhauer_Lenny-150x150.jpg 150w, https:\/\/visualjournalism.de\/wp-content\/uploads\/7.Steinhauer_Lenny-1536x1536.jpg 1536w, https:\/\/visualjournalism.de\/wp-content\/uploads\/7.Steinhauer_Lenny-1400x1400.jpg 1400w, https:\/\/visualjournalism.de\/wp-content\/uploads\/7.Steinhauer_Lenny-1050x1050.jpg 1050w, https:\/\/visualjournalism.de\/wp-content\/uploads\/7.Steinhauer_Lenny-670x670.jpg 670w, https:\/\/visualjournalism.de\/wp-content\/uploads\/7.Steinhauer_Lenny-420x420.jpg 420w, https:\/\/visualjournalism.de\/wp-content\/uploads\/7.Steinhauer_Lenny-350x350.jpg 350w, https:\/\/visualjournalism.de\/wp-content\/uploads\/7.Steinhauer_Lenny-52x52.jpg 52w, https:\/\/visualjournalism.de\/wp-content\/uploads\/7.Steinhauer_Lenny-68x68.jpg 68w, https:\/\/visualjournalism.de\/wp-content\/uploads\/7.Steinhauer_Lenny-96x96.jpg 96w, https:\/\/visualjournalism.de\/wp-content\/uploads\/7.Steinhauer_Lenny.jpg 1600w\"\n                width=\"768\" \n                height=\"768\"\n                alt=\"\" \n            \/>\n            \n                            <span class=\"post__image__title\">Bad M\u00fcnder, 30.06.2021 : Drei der vielen Symbole, welche die Sekte auf dem Altarbereich aus wei\u00dfen Marmor platziert hat. Foto : Lenny Carsten Steinhauer<\/span>\n                    <\/div><!-- post__image__container -->\n\n        \n    <\/figure><!-- post__image -->\n\n\n\n    <figure class=\"block-photo post__image--wide-left has-spacing--m with-title\">\n\n        <div class=\"post__image__container\">\n            <img loading=\"lazy\" decoding=\"async\" \n                src=\"https:\/\/visualjournalism.de\/wp-content\/uploads\/8.Steinhauer_Lenny-1050x1050.jpg\"\n                srcset=\"https:\/\/visualjournalism.de\/wp-content\/uploads\/8.Steinhauer_Lenny-1050x1050.jpg 1050w, https:\/\/visualjournalism.de\/wp-content\/uploads\/8.Steinhauer_Lenny-300x300.jpg 300w, https:\/\/visualjournalism.de\/wp-content\/uploads\/8.Steinhauer_Lenny-1024x1024.jpg 1024w, https:\/\/visualjournalism.de\/wp-content\/uploads\/8.Steinhauer_Lenny-150x150.jpg 150w, https:\/\/visualjournalism.de\/wp-content\/uploads\/8.Steinhauer_Lenny-768x768.jpg 768w, https:\/\/visualjournalism.de\/wp-content\/uploads\/8.Steinhauer_Lenny-1536x1536.jpg 1536w, https:\/\/visualjournalism.de\/wp-content\/uploads\/8.Steinhauer_Lenny-1400x1400.jpg 1400w, https:\/\/visualjournalism.de\/wp-content\/uploads\/8.Steinhauer_Lenny-670x670.jpg 670w, https:\/\/visualjournalism.de\/wp-content\/uploads\/8.Steinhauer_Lenny-420x420.jpg 420w, https:\/\/visualjournalism.de\/wp-content\/uploads\/8.Steinhauer_Lenny-350x350.jpg 350w, https:\/\/visualjournalism.de\/wp-content\/uploads\/8.Steinhauer_Lenny-52x52.jpg 52w, https:\/\/visualjournalism.de\/wp-content\/uploads\/8.Steinhauer_Lenny-68x68.jpg 68w, https:\/\/visualjournalism.de\/wp-content\/uploads\/8.Steinhauer_Lenny-96x96.jpg 96w, https:\/\/visualjournalism.de\/wp-content\/uploads\/8.Steinhauer_Lenny.jpg 1600w\"\n                width=\"1050\" \n                height=\"1050\"\n                alt=\"\" \n            \/>\n            \n                            <span class=\"post__image__title\">Bad M\u00fcnder, 30.06.2021 : Zwischen den Tempeldiensten treffen sich die Mitglieder auf dem gro\u00dfen Gel\u00e4nde des Konferenzzentrums zum Reinigen, Reparieren und Instand halten des Grunst\u00fccks. W\u00e4hrend dieser T\u00e4tigkeiten sollen sie ihr Leben reflektieren und zu sich finden. Foto : Lenny Carsten Steinhauer<\/span>\n                    <\/div><!-- post__image__container -->\n\n        \n    <\/figure><!-- post__image -->\n\n\n\n    <figure class=\"block-photo post__image--wide-right has-spacing--m with-title\">\n\n        <div class=\"post__image__container\">\n            <img loading=\"lazy\" decoding=\"async\" \n                src=\"https:\/\/visualjournalism.de\/wp-content\/uploads\/9.Steinhauer_Lenny-1050x1050.jpg\"\n                srcset=\"https:\/\/visualjournalism.de\/wp-content\/uploads\/9.Steinhauer_Lenny-1050x1050.jpg 1050w, https:\/\/visualjournalism.de\/wp-content\/uploads\/9.Steinhauer_Lenny-300x300.jpg 300w, https:\/\/visualjournalism.de\/wp-content\/uploads\/9.Steinhauer_Lenny-1024x1024.jpg 1024w, https:\/\/visualjournalism.de\/wp-content\/uploads\/9.Steinhauer_Lenny-150x150.jpg 150w, https:\/\/visualjournalism.de\/wp-content\/uploads\/9.Steinhauer_Lenny-768x768.jpg 768w, https:\/\/visualjournalism.de\/wp-content\/uploads\/9.Steinhauer_Lenny-1536x1536.jpg 1536w, https:\/\/visualjournalism.de\/wp-content\/uploads\/9.Steinhauer_Lenny-1400x1400.jpg 1400w, https:\/\/visualjournalism.de\/wp-content\/uploads\/9.Steinhauer_Lenny-670x670.jpg 670w, https:\/\/visualjournalism.de\/wp-content\/uploads\/9.Steinhauer_Lenny-420x420.jpg 420w, https:\/\/visualjournalism.de\/wp-content\/uploads\/9.Steinhauer_Lenny-350x350.jpg 350w, https:\/\/visualjournalism.de\/wp-content\/uploads\/9.Steinhauer_Lenny-52x52.jpg 52w, https:\/\/visualjournalism.de\/wp-content\/uploads\/9.Steinhauer_Lenny-68x68.jpg 68w, https:\/\/visualjournalism.de\/wp-content\/uploads\/9.Steinhauer_Lenny-96x96.jpg 96w, https:\/\/visualjournalism.de\/wp-content\/uploads\/9.Steinhauer_Lenny.jpg 1600w\"\n                width=\"1050\" \n                height=\"1050\"\n                alt=\"\" \n            \/>\n            \n                            <span class=\"post__image__title\">Bad M\u00fcnder, 30.06.2021 : Im gro\u00dfen Tempelraum haben bis zu 500 Personen Platz. J\u00e4hrlich treffen sich hier Mitglieder und Sch\u00fcler aus 20 verschiedenen L\u00e4ndern. Foto : Lenny Carsten Steinhauer<\/span>\n                    <\/div><!-- post__image__container -->\n\n        \n    <\/figure><!-- post__image -->\n\n\n\n    <figure class=\"block-photo post__image--wide-left has-spacing--m with-title\">\n\n        <div class=\"post__image__container\">\n            <img loading=\"lazy\" decoding=\"async\" \n                src=\"https:\/\/visualjournalism.de\/wp-content\/uploads\/10.Steinhauer_Lenny-1050x1050.jpg\"\n                srcset=\"https:\/\/visualjournalism.de\/wp-content\/uploads\/10.Steinhauer_Lenny-1050x1050.jpg 1050w, https:\/\/visualjournalism.de\/wp-content\/uploads\/10.Steinhauer_Lenny-300x300.jpg 300w, https:\/\/visualjournalism.de\/wp-content\/uploads\/10.Steinhauer_Lenny-1024x1024.jpg 1024w, https:\/\/visualjournalism.de\/wp-content\/uploads\/10.Steinhauer_Lenny-150x150.jpg 150w, https:\/\/visualjournalism.de\/wp-content\/uploads\/10.Steinhauer_Lenny-768x768.jpg 768w, https:\/\/visualjournalism.de\/wp-content\/uploads\/10.Steinhauer_Lenny-1536x1536.jpg 1536w, https:\/\/visualjournalism.de\/wp-content\/uploads\/10.Steinhauer_Lenny-1400x1400.jpg 1400w, https:\/\/visualjournalism.de\/wp-content\/uploads\/10.Steinhauer_Lenny-670x670.jpg 670w, https:\/\/visualjournalism.de\/wp-content\/uploads\/10.Steinhauer_Lenny-420x420.jpg 420w, https:\/\/visualjournalism.de\/wp-content\/uploads\/10.Steinhauer_Lenny-350x350.jpg 350w, https:\/\/visualjournalism.de\/wp-content\/uploads\/10.Steinhauer_Lenny-52x52.jpg 52w, https:\/\/visualjournalism.de\/wp-content\/uploads\/10.Steinhauer_Lenny-68x68.jpg 68w, https:\/\/visualjournalism.de\/wp-content\/uploads\/10.Steinhauer_Lenny-96x96.jpg 96w, https:\/\/visualjournalism.de\/wp-content\/uploads\/10.Steinhauer_Lenny.jpg 1600w\"\n                width=\"1050\" \n                height=\"1050\"\n                alt=\"\" \n            \/>\n            \n                            <span class=\"post__image__title\">Bad M\u00fcnder, 30.06.2021 : Dieser Elektriker  ist seit \u00fcber 40 Jahren Mitglied und f\u00fcr alle elektronischen Reparaturen und Wartungen auf dem Gel\u00e4nde zust\u00e4ndig. Foto : Lenny Carsten Steinhauer<\/span>\n                    <\/div><!-- post__image__container -->\n\n        \n    <\/figure><!-- post__image -->\n\n\n\n\n<div class=\"wp-block-group has-spacing--default has-spacing--default\">\n<div class=\"devider has-spacing--none\">\n    <hr>\n<\/div>\n\n\n \n\n    <div id=\"lead-in-block_f6969a820baa1d0bbf25054eecf5be3c\" class=\"block-lead-in typo--default font-size--xl has-spacing--s width--default\">\n        <p><strong>Empfehlungen der Redaktion:<\/strong><\/p>\n    <\/div>\n\n\n\n\r\n\r\n\r\n\n\n\r\n\r\n\r\n\r\n        <div class=\"teaser-grid grid-layout--3col has-spacing--s width--inline\">\r\n\r\n            \r\n                <article class=\"post-teaser\">\r\n\r\n                    <a href=\"https:\/\/visualjournalism.de\/en\/magazine\/guide\/study-photography-how-to-find-the-right-university\/\" rel=\"permalink\">\r\n\r\n                        <div class=\"post-teaser__content\">\r\n\r\n                            <span class=\"entry-categories\">Guide<\/span>\r\n                            <h3 class=\"post-teaser__headline\">\r\n                                Studying photography: How to find the right university.                            <\/h3>\r\n\r\n                            <div class=\"post-teaser__excerpt\">\r\n                                <p>An overview of the best-known programmes. <\/p>\r\n                            <\/div>\r\n\r\n                        <\/div><!-- .post-teaser__content -->\r\n\r\n\r\n                        \r\n                            <figure class=\"post-teaser__image\">\r\n                                <img loading=\"lazy\" decoding=\"async\"  \r\n                                    src=\"https:\/\/visualjournalism.de\/wp-content\/uploads\/2024-DM-Werkschau_Short-Edit_Kristina-Kaysen-10-768x511.jpg\" \r\n                                    srcset=\"https:\/\/visualjournalism.de\/wp-content\/uploads\/2024-DM-Werkschau_Short-Edit_Kristina-Kaysen-10-768x511.jpg 768w, https:\/\/visualjournalism.de\/wp-content\/uploads\/2024-DM-Werkschau_Short-Edit_Kristina-Kaysen-10-300x200.jpg 300w, https:\/\/visualjournalism.de\/wp-content\/uploads\/2024-DM-Werkschau_Short-Edit_Kristina-Kaysen-10-1024x681.jpg 1024w, https:\/\/visualjournalism.de\/wp-content\/uploads\/2024-DM-Werkschau_Short-Edit_Kristina-Kaysen-10-1536x1021.jpg 1536w, https:\/\/visualjournalism.de\/wp-content\/uploads\/2024-DM-Werkschau_Short-Edit_Kristina-Kaysen-10-1400x931.jpg 1400w, https:\/\/visualjournalism.de\/wp-content\/uploads\/2024-DM-Werkschau_Short-Edit_Kristina-Kaysen-10-1050x698.jpg 1050w, https:\/\/visualjournalism.de\/wp-content\/uploads\/2024-DM-Werkschau_Short-Edit_Kristina-Kaysen-10-670x446.jpg 670w, https:\/\/visualjournalism.de\/wp-content\/uploads\/2024-DM-Werkschau_Short-Edit_Kristina-Kaysen-10-420x279.jpg 420w, https:\/\/visualjournalism.de\/wp-content\/uploads\/2024-DM-Werkschau_Short-Edit_Kristina-Kaysen-10-350x233.jpg 350w, https:\/\/visualjournalism.de\/wp-content\/uploads\/2024-DM-Werkschau_Short-Edit_Kristina-Kaysen-10-150x100.jpg 150w, https:\/\/visualjournalism.de\/wp-content\/uploads\/2024-DM-Werkschau_Short-Edit_Kristina-Kaysen-10.jpg 1600w\" \r\n                                    width=\"768\"  \r\n                                    height=\"511\" \r\n                                    alt=\"Fotografie-Studierende w\u00e4hrend einer Fotosession in einem Studio mit Beleuchtungsausr\u00fcstung und Hintergrund. Ein Schild auf dem Boden zeigt \u201aFOTOSHOOTING\u2018 und weist auf den Eingang zum Studio hin. Von hinten sind die Umrisse eines jungen Mannes zu sehen, der Fotografie studiert. \"\r\n                                \/>\r\n                            <\/figure>\r\n\r\n                        \r\n                    \r\n                    <\/a>\r\n\r\n                <\/article><!--- .post-teaser-->\r\n\r\n            \r\n                <article class=\"post-teaser\">\r\n\r\n                    <a href=\"https:\/\/visualjournalism.de\/en\/magazine\/sammeln\/was-bleibt-atommuell-in-der-asse-ii\/\" rel=\"permalink\">\r\n\r\n                        <div class=\"post-teaser__content\">\r\n\r\n                            <span class=\"entry-categories\">Sammeln<\/span>\r\n                            <h3 class=\"post-teaser__headline\">\r\n                                Was bleibt                            <\/h3>\r\n\r\n                            <div class=\"post-teaser__excerpt\">\r\n                                <p>In der Asse II lagert Atomm\u00fcll \u2013 achtlos versenkt, kaum gesichert. Nun dringt Wasser ein. Die Region wartet seit Jahrzehnten auf Antworten. Und das Land auf ein Endlager.<\/p>\r\n                            <\/div>\r\n\r\n                        <\/div><!-- .post-teaser__content -->\r\n\r\n\r\n                        \r\n                            <figure class=\"post-teaser__image\">\r\n                                <img loading=\"lazy\" decoding=\"async\"  \r\n                                    src=\"https:\/\/visualjournalism.de\/wp-content\/uploads\/2026\/02\/Walter-Lehmann_The-Danger-Within_10-768x318.jpg\" \r\n                                    srcset=\"https:\/\/visualjournalism.de\/wp-content\/uploads\/2026\/02\/Walter-Lehmann_The-Danger-Within_10-768x318.jpg 768w, https:\/\/visualjournalism.de\/wp-content\/uploads\/2026\/02\/Walter-Lehmann_The-Danger-Within_10-300x124.jpg 300w, https:\/\/visualjournalism.de\/wp-content\/uploads\/2026\/02\/Walter-Lehmann_The-Danger-Within_10-1024x424.jpg 1024w, https:\/\/visualjournalism.de\/wp-content\/uploads\/2026\/02\/Walter-Lehmann_The-Danger-Within_10-1536x636.jpg 1536w, https:\/\/visualjournalism.de\/wp-content\/uploads\/2026\/02\/Walter-Lehmann_The-Danger-Within_10-2048x847.jpg 2048w, https:\/\/visualjournalism.de\/wp-content\/uploads\/2026\/02\/Walter-Lehmann_The-Danger-Within_10-1920x794.jpg 1920w, https:\/\/visualjournalism.de\/wp-content\/uploads\/2026\/02\/Walter-Lehmann_The-Danger-Within_10-1400x579.jpg 1400w, https:\/\/visualjournalism.de\/wp-content\/uploads\/2026\/02\/Walter-Lehmann_The-Danger-Within_10-1050x434.jpg 1050w, https:\/\/visualjournalism.de\/wp-content\/uploads\/2026\/02\/Walter-Lehmann_The-Danger-Within_10-670x277.jpg 670w, https:\/\/visualjournalism.de\/wp-content\/uploads\/2026\/02\/Walter-Lehmann_The-Danger-Within_10-420x174.jpg 420w, https:\/\/visualjournalism.de\/wp-content\/uploads\/2026\/02\/Walter-Lehmann_The-Danger-Within_10-350x145.jpg 350w, https:\/\/visualjournalism.de\/wp-content\/uploads\/2026\/02\/Walter-Lehmann_The-Danger-Within_10-150x62.jpg 150w\" \r\n                                    width=\"768\"  \r\n                                    height=\"318\" \r\n                                    alt=\"\"\r\n                                \/>\r\n                            <\/figure>\r\n\r\n                        \r\n                    \r\n                    <\/a>\r\n\r\n                <\/article><!--- .post-teaser-->\r\n\r\n            \r\n                <article class=\"post-teaser\">\r\n\r\n                    <a href=\"https:\/\/visualjournalism.de\/en\/magazine\/ratgeber\/hannover-deshalb-lohnt-sich-ein-studium-hier\/\" rel=\"permalink\">\r\n\r\n                        <div class=\"post-teaser__content\">\r\n\r\n                            <span class=\"entry-categories\">Ratgeber<\/span>\r\n                            <h3 class=\"post-teaser__headline\">\r\n                                Hannover aufregend unaufgeregt.                            <\/h3>\r\n\r\n                            <div class=\"post-teaser__excerpt\">\r\n                                <p>In diesem Kommentar erf\u00e4hrst du, warum sich ein Studium in Hannover f\u00fcr dich lohnt und wie der beste Start in Niedersachsens Landeshauptstadt gelingen kann.<\/p>\r\n                            <\/div>\r\n\r\n                        <\/div><!-- .post-teaser__content -->\r\n\r\n\r\n                        \r\n                            <figure class=\"post-teaser__image\">\r\n                                <img loading=\"lazy\" decoding=\"async\"  \r\n                                    src=\"https:\/\/visualjournalism.de\/wp-content\/uploads\/2025\/02\/hannover_unaufgeregt_aufgeregt-2-768x491.jpg\" \r\n                                    srcset=\"https:\/\/visualjournalism.de\/wp-content\/uploads\/2025\/02\/hannover_unaufgeregt_aufgeregt-2-768x491.jpg 768w, https:\/\/visualjournalism.de\/wp-content\/uploads\/2025\/02\/hannover_unaufgeregt_aufgeregt-2-300x192.jpg 300w, https:\/\/visualjournalism.de\/wp-content\/uploads\/2025\/02\/hannover_unaufgeregt_aufgeregt-2-1024x655.jpg 1024w, https:\/\/visualjournalism.de\/wp-content\/uploads\/2025\/02\/hannover_unaufgeregt_aufgeregt-2-1536x982.jpg 1536w, https:\/\/visualjournalism.de\/wp-content\/uploads\/2025\/02\/hannover_unaufgeregt_aufgeregt-2-2048x1310.jpg 2048w, https:\/\/visualjournalism.de\/wp-content\/uploads\/2025\/02\/hannover_unaufgeregt_aufgeregt-2-1920x1228.jpg 1920w, https:\/\/visualjournalism.de\/wp-content\/uploads\/2025\/02\/hannover_unaufgeregt_aufgeregt-2-1400x895.jpg 1400w, https:\/\/visualjournalism.de\/wp-content\/uploads\/2025\/02\/hannover_unaufgeregt_aufgeregt-2-1050x671.jpg 1050w, https:\/\/visualjournalism.de\/wp-content\/uploads\/2025\/02\/hannover_unaufgeregt_aufgeregt-2-670x428.jpg 670w, https:\/\/visualjournalism.de\/wp-content\/uploads\/2025\/02\/hannover_unaufgeregt_aufgeregt-2-420x269.jpg 420w, https:\/\/visualjournalism.de\/wp-content\/uploads\/2025\/02\/hannover_unaufgeregt_aufgeregt-2-350x224.jpg 350w, https:\/\/visualjournalism.de\/wp-content\/uploads\/2025\/02\/hannover_unaufgeregt_aufgeregt-2-150x96.jpg 150w\" \r\n                                    width=\"768\"  \r\n                                    height=\"491\" \r\n                                    alt=\"\"\r\n                                \/>\r\n                            <\/figure>\r\n\r\n                        \r\n                    \r\n                    <\/a>\r\n\r\n                <\/article><!--- .post-teaser-->\r\n\r\n            \r\n        <\/div><!-- .teaser-grid -->\r\n\r\n\n\n\r\n\r\n\r\n\n\n\n    <div class=\"btn-wrapper has-spacing--m\">\n        <a class=\"btn\" href=\"https:\/\/visualjournalism.de\/magazin\/\" target=\"_blank\">ZUR MAGAZIN-STARTSEITE<\/a>\n    <\/div>\n<\/div>\n","protected":false},"author":4,"featured_media":16768,"template":"","tags":[],"magazinkategorie":[154],"class_list":["post-16784","magazin","type-magazin","status-publish","has-post-thumbnail","hentry","magazinkategorie-ideale"],"acf":[],"yoast_head":"<!-- This site is optimized with the Yoast SEO Premium plugin v27.3 (Yoast SEO v27.3) - https:\/\/yoast.com\/product\/yoast-seo-premium-wordpress\/ -->\n<title>Hinter den Mauern der Rosenkreuzer - Ideale einer Sekte<\/title>\n<meta name=\"description\" content=\"Was passiert in den Konferenzzentren der Sekte? Was sagen ehemalige Mitglieder? Lenny Steinhauer, Jelko Wronski&amp;Malte Schulze\" \/>\n<meta name=\"robots\" content=\"index, follow, max-snippet:-1, max-image-preview:large, max-video-preview:-1\" \/>\n<link rel=\"canonical\" href=\"https:\/\/visualjournalism.de\/en\/magazine\/ideale\/hinter-den-mauern-der-rosenkreuzer\/\" \/>\n<meta property=\"og:locale\" content=\"en_US\" \/>\n<meta property=\"og:type\" content=\"article\" \/>\n<meta property=\"og:title\" content=\"Hinter den Mauern der Rosenkreuzer\" \/>\n<meta property=\"og:description\" content=\"Was passiert in den Konferenzzentren der Sekte? Was sagen ehemalige Mitglieder? Lenny Steinhauer, Jelko Wronski&amp;Malte Schulze\" \/>\n<meta property=\"og:url\" content=\"https:\/\/visualjournalism.de\/en\/magazine\/ideale\/hinter-den-mauern-der-rosenkreuzer\/\" \/>\n<meta property=\"og:site_name\" content=\"Visual Journalism and Documentary Photography\" \/>\n<meta property=\"article:publisher\" content=\"https:\/\/www.facebook.com\/people\/wwwfotostudentende\/100065173703897\/\" \/>\n<meta property=\"article:modified_time\" content=\"2024-12-05T21:55:12+00:00\" \/>\n<meta property=\"og:image\" content=\"https:\/\/visualjournalism.de\/wp-content\/uploads\/8.Steinhauer_Lenny.jpg\" \/>\n\t<meta property=\"og:image:width\" content=\"1600\" \/>\n\t<meta property=\"og:image:height\" content=\"1600\" \/>\n\t<meta property=\"og:image:type\" content=\"image\/jpeg\" \/>\n<meta name=\"twitter:card\" content=\"summary_large_image\" \/>\n<meta name=\"twitter:site\" content=\"@HsHannover\" \/>\n<meta name=\"twitter:label1\" content=\"Est. reading time\" \/>\n\t<meta name=\"twitter:data1\" content=\"1 minute\" \/>\n<script type=\"application\/ld+json\" class=\"yoast-schema-graph\">{\"@context\":\"https:\\\/\\\/schema.org\",\"@graph\":[{\"@type\":\"WebPage\",\"@id\":\"https:\\\/\\\/visualjournalism.de\\\/en\\\/magazine\\\/ideale\\\/hinter-den-mauern-der-rosenkreuzer\\\/\",\"url\":\"https:\\\/\\\/visualjournalism.de\\\/en\\\/magazine\\\/ideale\\\/hinter-den-mauern-der-rosenkreuzer\\\/\",\"name\":\"Hinter den Mauern der Rosenkreuzer - Ideale einer Sekte\",\"isPartOf\":{\"@id\":\"https:\\\/\\\/visualjournalism.de\\\/en\\\/#website\"},\"primaryImageOfPage\":{\"@id\":\"https:\\\/\\\/visualjournalism.de\\\/en\\\/magazine\\\/ideale\\\/hinter-den-mauern-der-rosenkreuzer\\\/#primaryimage\"},\"image\":{\"@id\":\"https:\\\/\\\/visualjournalism.de\\\/en\\\/magazine\\\/ideale\\\/hinter-den-mauern-der-rosenkreuzer\\\/#primaryimage\"},\"thumbnailUrl\":\"https:\\\/\\\/visualjournalism.de\\\/wp-content\\\/uploads\\\/8.Steinhauer_Lenny.jpg\",\"datePublished\":\"2023-07-23T06:49:33+00:00\",\"dateModified\":\"2024-12-05T21:55:12+00:00\",\"description\":\"Was passiert in den Konferenzzentren der Sekte? Was sagen ehemalige Mitglieder? Lenny Steinhauer, Jelko Wronski&Malte Schulze\",\"breadcrumb\":{\"@id\":\"https:\\\/\\\/visualjournalism.de\\\/en\\\/magazine\\\/ideale\\\/hinter-den-mauern-der-rosenkreuzer\\\/#breadcrumb\"},\"inLanguage\":\"en-US\",\"potentialAction\":[{\"@type\":\"ReadAction\",\"target\":[\"https:\\\/\\\/visualjournalism.de\\\/en\\\/magazine\\\/ideale\\\/hinter-den-mauern-der-rosenkreuzer\\\/\"]}]},{\"@type\":\"ImageObject\",\"inLanguage\":\"en-US\",\"@id\":\"https:\\\/\\\/visualjournalism.de\\\/en\\\/magazine\\\/ideale\\\/hinter-den-mauern-der-rosenkreuzer\\\/#primaryimage\",\"url\":\"https:\\\/\\\/visualjournalism.de\\\/wp-content\\\/uploads\\\/8.Steinhauer_Lenny.jpg\",\"contentUrl\":\"https:\\\/\\\/visualjournalism.de\\\/wp-content\\\/uploads\\\/8.Steinhauer_Lenny.jpg\",\"width\":1600,\"height\":1600,\"caption\":\"Bad M\u00fcnder, 30.06.2021 : Zwischen den Tempeldiensten treffen sich die Mitglieder auf dem gro\u00dfen Gel\u00e4nde des Konferenzzentrums zum Reinigen, Reparieren und Instand halten des Grunst\u00fccks. W\u00e4hrend dieser T\u00e4tigkeiten sollen sie ihr Leben reflektieren und zu sich finden. Foto : Lenny Carsten Steinhauer\"},{\"@type\":\"BreadcrumbList\",\"@id\":\"https:\\\/\\\/visualjournalism.de\\\/en\\\/magazine\\\/ideale\\\/hinter-den-mauern-der-rosenkreuzer\\\/#breadcrumb\",\"itemListElement\":[{\"@type\":\"ListItem\",\"position\":1,\"name\":\"Home\",\"item\":\"https:\\\/\\\/visualjournalism.de\\\/en\\\/\"},{\"@type\":\"ListItem\",\"position\":2,\"name\":\"Magazin\",\"item\":\"https:\\\/\\\/visualjournalism.de\\\/en\\\/magazine\\\/\"},{\"@type\":\"ListItem\",\"position\":3,\"name\":\"Hinter den Mauern der Rosenkreuzer\"}]},{\"@type\":\"WebSite\",\"@id\":\"https:\\\/\\\/visualjournalism.de\\\/en\\\/#website\",\"url\":\"https:\\\/\\\/visualjournalism.de\\\/en\\\/\",\"name\":\"Visual Journalism and Documentary Photography\",\"description\":\"All about the bilingual bachelor&#039;s program at Hannover University of Applied Sciences and Arts.\",\"publisher\":{\"@id\":\"https:\\\/\\\/visualjournalism.de\\\/en\\\/#organization\"},\"alternateName\":\"visualjournalism.de\",\"potentialAction\":[{\"@type\":\"SearchAction\",\"target\":{\"@type\":\"EntryPoint\",\"urlTemplate\":\"https:\\\/\\\/visualjournalism.de\\\/en\\\/?s={search_term_string}\"},\"query-input\":{\"@type\":\"PropertyValueSpecification\",\"valueRequired\":true,\"valueName\":\"search_term_string\"}}],\"inLanguage\":\"en-US\"},{\"@type\":\"Organization\",\"@id\":\"https:\\\/\\\/visualjournalism.de\\\/en\\\/#organization\",\"name\":\"Hochschule Hannover \u2013 University of Applied Sciences and Arts\",\"alternateName\":\"HsH\",\"url\":\"https:\\\/\\\/visualjournalism.de\\\/en\\\/\",\"logo\":{\"@type\":\"ImageObject\",\"inLanguage\":\"en-US\",\"@id\":\"https:\\\/\\\/visualjournalism.de\\\/en\\\/#\\\/schema\\\/logo\\\/image\\\/\",\"url\":\"https:\\\/\\\/visualjournalism.de\\\/wp-content\\\/uploads\\\/logo-hochschule-hannover.png\",\"contentUrl\":\"https:\\\/\\\/visualjournalism.de\\\/wp-content\\\/uploads\\\/logo-hochschule-hannover.png\",\"width\":363,\"height\":270,\"caption\":\"Hochschule Hannover \u2013 University of Applied Sciences and Arts\"},\"image\":{\"@id\":\"https:\\\/\\\/visualjournalism.de\\\/en\\\/#\\\/schema\\\/logo\\\/image\\\/\"},\"sameAs\":[\"https:\\\/\\\/www.facebook.com\\\/people\\\/wwwfotostudentende\\\/100065173703897\\\/\",\"https:\\\/\\\/x.com\\\/HsHannover\",\"https:\\\/\\\/www.instagram.com\\\/visualjournalism.de\\\/\"]}]}<\/script>\n<!-- \/ Yoast SEO Premium plugin. -->","yoast_head_json":{"title":"Hinter den Mauern der Rosenkreuzer - Ideale einer Sekte","description":"Was passiert in den Konferenzzentren der Sekte? Was sagen ehemalige Mitglieder? Lenny Steinhauer, Jelko Wronski&Malte Schulze","robots":{"index":"index","follow":"follow","max-snippet":"max-snippet:-1","max-image-preview":"max-image-preview:large","max-video-preview":"max-video-preview:-1"},"canonical":"https:\/\/visualjournalism.de\/en\/magazine\/ideale\/hinter-den-mauern-der-rosenkreuzer\/","og_locale":"en_US","og_type":"article","og_title":"Hinter den Mauern der Rosenkreuzer","og_description":"Was passiert in den Konferenzzentren der Sekte? Was sagen ehemalige Mitglieder? Lenny Steinhauer, Jelko Wronski&Malte Schulze","og_url":"https:\/\/visualjournalism.de\/en\/magazine\/ideale\/hinter-den-mauern-der-rosenkreuzer\/","og_site_name":"Visual Journalism and Documentary Photography","article_publisher":"https:\/\/www.facebook.com\/people\/wwwfotostudentende\/100065173703897\/","article_modified_time":"2024-12-05T21:55:12+00:00","og_image":[{"width":1600,"height":1600,"url":"https:\/\/visualjournalism.de\/wp-content\/uploads\/8.Steinhauer_Lenny.jpg","type":"image\/jpeg"}],"twitter_card":"summary_large_image","twitter_site":"@HsHannover","twitter_misc":{"Est. reading time":"1 minute"},"schema":{"@context":"https:\/\/schema.org","@graph":[{"@type":"WebPage","@id":"https:\/\/visualjournalism.de\/en\/magazine\/ideale\/hinter-den-mauern-der-rosenkreuzer\/","url":"https:\/\/visualjournalism.de\/en\/magazine\/ideale\/hinter-den-mauern-der-rosenkreuzer\/","name":"Hinter den Mauern der Rosenkreuzer - Ideale einer Sekte","isPartOf":{"@id":"https:\/\/visualjournalism.de\/en\/#website"},"primaryImageOfPage":{"@id":"https:\/\/visualjournalism.de\/en\/magazine\/ideale\/hinter-den-mauern-der-rosenkreuzer\/#primaryimage"},"image":{"@id":"https:\/\/visualjournalism.de\/en\/magazine\/ideale\/hinter-den-mauern-der-rosenkreuzer\/#primaryimage"},"thumbnailUrl":"https:\/\/visualjournalism.de\/wp-content\/uploads\/8.Steinhauer_Lenny.jpg","datePublished":"2023-07-23T06:49:33+00:00","dateModified":"2024-12-05T21:55:12+00:00","description":"Was passiert in den Konferenzzentren der Sekte? Was sagen ehemalige Mitglieder? Lenny Steinhauer, Jelko Wronski&Malte Schulze","breadcrumb":{"@id":"https:\/\/visualjournalism.de\/en\/magazine\/ideale\/hinter-den-mauern-der-rosenkreuzer\/#breadcrumb"},"inLanguage":"en-US","potentialAction":[{"@type":"ReadAction","target":["https:\/\/visualjournalism.de\/en\/magazine\/ideale\/hinter-den-mauern-der-rosenkreuzer\/"]}]},{"@type":"ImageObject","inLanguage":"en-US","@id":"https:\/\/visualjournalism.de\/en\/magazine\/ideale\/hinter-den-mauern-der-rosenkreuzer\/#primaryimage","url":"https:\/\/visualjournalism.de\/wp-content\/uploads\/8.Steinhauer_Lenny.jpg","contentUrl":"https:\/\/visualjournalism.de\/wp-content\/uploads\/8.Steinhauer_Lenny.jpg","width":1600,"height":1600,"caption":"Bad M\u00fcnder, 30.06.2021 : Zwischen den Tempeldiensten treffen sich die Mitglieder auf dem gro\u00dfen Gel\u00e4nde des Konferenzzentrums zum Reinigen, Reparieren und Instand halten des Grunst\u00fccks. W\u00e4hrend dieser T\u00e4tigkeiten sollen sie ihr Leben reflektieren und zu sich finden. Foto : Lenny Carsten Steinhauer"},{"@type":"BreadcrumbList","@id":"https:\/\/visualjournalism.de\/en\/magazine\/ideale\/hinter-den-mauern-der-rosenkreuzer\/#breadcrumb","itemListElement":[{"@type":"ListItem","position":1,"name":"Home","item":"https:\/\/visualjournalism.de\/en\/"},{"@type":"ListItem","position":2,"name":"Magazin","item":"https:\/\/visualjournalism.de\/en\/magazine\/"},{"@type":"ListItem","position":3,"name":"Hinter den Mauern der Rosenkreuzer"}]},{"@type":"WebSite","@id":"https:\/\/visualjournalism.de\/en\/#website","url":"https:\/\/visualjournalism.de\/en\/","name":"Visual Journalism and Documentary Photography","description":"All about the bilingual bachelor&#039;s program at Hannover University of Applied Sciences and Arts.","publisher":{"@id":"https:\/\/visualjournalism.de\/en\/#organization"},"alternateName":"visualjournalism.de","potentialAction":[{"@type":"SearchAction","target":{"@type":"EntryPoint","urlTemplate":"https:\/\/visualjournalism.de\/en\/?s={search_term_string}"},"query-input":{"@type":"PropertyValueSpecification","valueRequired":true,"valueName":"search_term_string"}}],"inLanguage":"en-US"},{"@type":"Organization","@id":"https:\/\/visualjournalism.de\/en\/#organization","name":"Hochschule Hannover \u2013 University of Applied Sciences and Arts","alternateName":"HsH","url":"https:\/\/visualjournalism.de\/en\/","logo":{"@type":"ImageObject","inLanguage":"en-US","@id":"https:\/\/visualjournalism.de\/en\/#\/schema\/logo\/image\/","url":"https:\/\/visualjournalism.de\/wp-content\/uploads\/logo-hochschule-hannover.png","contentUrl":"https:\/\/visualjournalism.de\/wp-content\/uploads\/logo-hochschule-hannover.png","width":363,"height":270,"caption":"Hochschule Hannover \u2013 University of Applied Sciences and Arts"},"image":{"@id":"https:\/\/visualjournalism.de\/en\/#\/schema\/logo\/image\/"},"sameAs":["https:\/\/www.facebook.com\/people\/wwwfotostudentende\/100065173703897\/","https:\/\/x.com\/HsHannover","https:\/\/www.instagram.com\/visualjournalism.de\/"]}]}},"_links":{"self":[{"href":"https:\/\/visualjournalism.de\/en\/wp-json\/wp\/v2\/magazin\/16784","targetHints":{"allow":["GET"]}}],"collection":[{"href":"https:\/\/visualjournalism.de\/en\/wp-json\/wp\/v2\/magazin"}],"about":[{"href":"https:\/\/visualjournalism.de\/en\/wp-json\/wp\/v2\/types\/magazin"}],"author":[{"embeddable":true,"href":"https:\/\/visualjournalism.de\/en\/wp-json\/wp\/v2\/users\/4"}],"version-history":[{"count":0,"href":"https:\/\/visualjournalism.de\/en\/wp-json\/wp\/v2\/magazin\/16784\/revisions"}],"wp:featuredmedia":[{"embeddable":true,"href":"https:\/\/visualjournalism.de\/en\/wp-json\/wp\/v2\/media\/16768"}],"wp:attachment":[{"href":"https:\/\/visualjournalism.de\/en\/wp-json\/wp\/v2\/media?parent=16784"}],"wp:term":[{"taxonomy":"post_tag","embeddable":true,"href":"https:\/\/visualjournalism.de\/en\/wp-json\/wp\/v2\/tags?post=16784"},{"taxonomy":"magazinkategorie","embeddable":true,"href":"https:\/\/visualjournalism.de\/en\/wp-json\/wp\/v2\/magazinkategorie?post=16784"}],"curies":[{"name":"wp","href":"https:\/\/api.w.org\/{rel}","templated":true}]}}