{"id":16836,"date":"2023-06-07T15:22:50","date_gmt":"2023-06-07T15:22:50","guid":{"rendered":"https:\/\/visualjournalism.de\/?p=16836"},"modified":"2024-03-22T17:07:44","modified_gmt":"2024-03-22T17:07:44","slug":"petplay-willkommen-in-der-wuffelzone","status":"publish","type":"magazin","link":"https:\/\/visualjournalism.de\/en\/magazine\/ideale\/petplay-willkommen-in-der-wuffelzone\/","title":{"rendered":"Petplay: Willkommen in der Wuffelzone"},"content":{"rendered":"\r\n<div class=\"cover--lead-in has-spacing--m\">\r\n\r\n    \r\n    <div class=\"cover--lead-in__content typo--tiempos\">\r\n\r\n        <div class=\"entry-categories\">\n\t<a class=\"post__tag\" href=\"https:\/\/visualjournalism.de\/magazin-kategorie\/ideale\/\" rel=\"category tag\">Ideale<\/a><\/div>\r\n        <h2 class=\"cover--lead-in__headline \">\r\n            Petplay: Willkommen in der Wuffelzone        <\/h2>\r\n\r\n                    <div class=\"cover--lead-in__text\">\r\n                <p>In Hundemasken zum Stammtisch, an der Leine zur Party \u2013 warum es f\u00fcr manche Menschen reizvoll ist, in Tierrollen zu schl\u00fcpfen. <a href=\"https:\/\/visualjournalism.de\/en\/stefan-nieland\/\" target=\"_blank\" rel=\"noopener\"><strong>Von Stefan Nieland<\/strong><\/a><\/p>\n            <\/div>\r\n        \r\n                    <div class=\"cover--lead-in__author\">\r\n                \r\n                    \r\n                            <figure class=\"cover--lead-in__author__image\">\r\n\r\n                                                                    <a href=\"http:\/\/visualjournalism.de\/stefan-nieland\/\" target=\"_blank\">\r\n                                \r\n                                <img loading=\"lazy\" decoding=\"async\"\r\n                                    src=\"https:\/\/visualjournalism.de\/wp-content\/uploads\/02_Nieland_Stefan_Portrait-68x68.jpg\"\r\n                                    srcset=\"https:\/\/visualjournalism.de\/wp-content\/uploads\/02_Nieland_Stefan_Portrait-68x68.jpg 68w, https:\/\/visualjournalism.de\/wp-content\/uploads\/02_Nieland_Stefan_Portrait-150x150.jpg 150w, https:\/\/visualjournalism.de\/wp-content\/uploads\/02_Nieland_Stefan_Portrait-52x52.jpg 52w, https:\/\/visualjournalism.de\/wp-content\/uploads\/02_Nieland_Stefan_Portrait-96x96.jpg 96w\"\r\n                                    width=\"68\"\r\n                                    height=\"68\"\r\n                                    alt=\"\"\r\n                                \/>\r\n\r\n                                                                    <\/a>\r\n                                \r\n                            <\/figure>\r\n\r\n                                    <\/div><!-- .cover--lead-in__author -->\r\n        \r\n    <\/div><!-- .cover--lead-in__content -->\r\n\r\n    \r\n        <figure class=\"cover--lead-in__image cover--lead-in__media cover--lead-in__media--image\">\r\n            <img loading=\"lazy\" decoding=\"async\"\r\n                src=\"https:\/\/visualjournalism.de\/wp-content\/uploads\/13_Stefan_Nieland.jpeg\"\r\n                srcset=\"https:\/\/visualjournalism.de\/wp-content\/uploads\/13_Stefan_Nieland.jpeg 1600w, https:\/\/visualjournalism.de\/wp-content\/uploads\/13_Stefan_Nieland-300x200.jpeg 300w, https:\/\/visualjournalism.de\/wp-content\/uploads\/13_Stefan_Nieland-1024x683.jpeg 1024w, https:\/\/visualjournalism.de\/wp-content\/uploads\/13_Stefan_Nieland-768x512.jpeg 768w, https:\/\/visualjournalism.de\/wp-content\/uploads\/13_Stefan_Nieland-1536x1024.jpeg 1536w, https:\/\/visualjournalism.de\/wp-content\/uploads\/13_Stefan_Nieland-1400x934.jpeg 1400w, https:\/\/visualjournalism.de\/wp-content\/uploads\/13_Stefan_Nieland-1050x700.jpeg 1050w, https:\/\/visualjournalism.de\/wp-content\/uploads\/13_Stefan_Nieland-670x447.jpeg 670w, https:\/\/visualjournalism.de\/wp-content\/uploads\/13_Stefan_Nieland-420x280.jpeg 420w, https:\/\/visualjournalism.de\/wp-content\/uploads\/13_Stefan_Nieland-350x233.jpeg 350w, https:\/\/visualjournalism.de\/wp-content\/uploads\/13_Stefan_Nieland-150x100.jpeg 150w\"\r\n                width=\"1600\"\r\n                height=\"1067\"\r\n                alt=\"Einige Mitglieder des Freie Wuffel e.V. stehen im Sportheim Fiedland an der Bar. Die Bar ist mit bunten Luftschlangen dekoriert, die Stimmung ist ausgelassen - es wird der Geburtstag von Snacki und Spaiky gefeiert. Foto: Stefan Nieland\"\r\n                style=\"object-position: 79.67% 93.5%\"\r\n            \/>\r\n        <\/figure>\r\n\r\n                    <span class=\"cover--lead-in__image-title\">\r\n                Friedland,17.12.2022. Die Petplayer auf dem Geburtstag von Snacki und Spaiky im Sportheim Friedland. Rechts legt Snacki seinem Freund das Halsband an. Das Halsband darf bei Petplayern nur von ihrem Herrchen angelegt werden.            <\/span>\r\n        \r\n    \r\n<\/div><!-- .cover--lead-in -->\r\n\r\n\n\n\n<p class=\"post__paragraph has-spacing--m\"><strong>\u00abPass blo\u00df auf dich auf, Stefan, das sind Sadisten\u00bb, warnt mich meine Oma, als ich ihr die ersten Bilder meiner Fotoarbeit \u00fcber Petplay zeige.<\/strong> Sie hatte am Vortag Petplay gegoogelt und herausgefunden, dass der Begriff aus der BDSM-Szene stammt. \u00abEs kann auch etwas ganz anderes sein\u00bb, erkl\u00e4rt mir Toffi, ein Social-Petplayer und Vorstandsmitglied des Freie Wuffel e.V. aus Hannover. \u00abWir wollen einfach dem Alltag entkommen, abschalten, die gesellschaftlichen Normen und Zw\u00e4nge ablegen, indem wir in eine komplett andere Rolle schl\u00fcpfen\u00bb, so Toffi.  Gemeint sei nicht die Rolle einer anderen menschlichen Figur, sondern die eines Tieres, das die ganzen N\u00f6te, \u00c4ngste, Zw\u00e4nge, Normen und Regeln gar nicht kennt, erl\u00e4utert er. <br><br>Ich traf Toffi ein halbes Jahr zuvor in der U-Bahn-Station am Kr\u00f6pcke. Er stand dort mit zwei weiteren Wuffeln in einer Ecke. Einer der drei Petplayer war angeleint. Alle trugen ihre Hundemasken, die sogenannten Hoods. Ich war nerv\u00f6s, als ich sie ansprach, um zu fragen, ob ich sie fotografieren d\u00fcrfte. Zu meiner \u00dcberraschung stie\u00df ich auf eine v\u00f6llig aufgeschlossene Gruppe, die mich direkt einlud, deren Verein kennenzulernen. Bei ihrem Stammtisch, Geburtstagsfeiern oder einem Besuch auf dem Weihnachtsmarkt konnte ich einen Blick hinter die Kulissen werfen. <br><br>Rollenspiele sind in unserer Gesellschaft allgegenw\u00e4rtig. Ob Ritterspiele, Mittelalterm\u00e4rkte oder Cosplay-Shows, wir alle wurden mit dem Thema schon einmal konfrontiert. Petplay wird oft stark sexualisiert und manche Petplayer f\u00fchlen sich missverstanden. Sie leben ihren Fetisch nicht unbedingt sexuell aus. \u00abIch lebe hier nach meinem pers\u00f6nlichen Ideal, vielseitig sein zu k\u00f6nnen.&nbsp;Ich glaube, jeder bei uns w\u00fcnscht sich diesen Raum, in dem er sich nicht verstecken muss\u00bb, erkl\u00e4rt Toffi seine Motivation.<\/p>\n\n\n \n\n<div class=\"photo-grid grid-layout--3col has-spacing--m\">\n\n            \n\n            <div class=\"photo-grid__image\">\n\n                <figure>\n\n                    <img loading=\"lazy\" decoding=\"async\"  \n                        src=\"https:\/\/visualjournalism.de\/wp-content\/uploads\/06_Stefan_Nieland-768x1152.jpeg\" \n                        srcset=\"https:\/\/visualjournalism.de\/wp-content\/uploads\/06_Stefan_Nieland-768x1152.jpeg 768w, https:\/\/visualjournalism.de\/wp-content\/uploads\/06_Stefan_Nieland-200x300.jpeg 200w, https:\/\/visualjournalism.de\/wp-content\/uploads\/06_Stefan_Nieland-683x1024.jpeg 683w, https:\/\/visualjournalism.de\/wp-content\/uploads\/06_Stefan_Nieland-1024x1536.jpeg 1024w, https:\/\/visualjournalism.de\/wp-content\/uploads\/06_Stefan_Nieland-1050x1575.jpeg 1050w, https:\/\/visualjournalism.de\/wp-content\/uploads\/06_Stefan_Nieland-670x1005.jpeg 670w, https:\/\/visualjournalism.de\/wp-content\/uploads\/06_Stefan_Nieland-420x630.jpeg 420w, https:\/\/visualjournalism.de\/wp-content\/uploads\/06_Stefan_Nieland-350x525.jpeg 350w, https:\/\/visualjournalism.de\/wp-content\/uploads\/06_Stefan_Nieland-300x450.jpeg 300w, https:\/\/visualjournalism.de\/wp-content\/uploads\/06_Stefan_Nieland-150x225.jpeg 150w, https:\/\/visualjournalism.de\/wp-content\/uploads\/06_Stefan_Nieland.jpeg 1067w\" \n                        width=\"768\"  \n                        height=\"1152\" \n                        alt=\"Nahaufnahme von Pup Kaleis Auge. Er tr\u00e4gt seine schwarze Hood, f\u00fcr die Augenbraue ist eine gelbe Applikation aufgen\u00e4ht, \u00fcber der Wange eine rote.\"  \n                    \/>\n\n                                            <span class=\"photo-grid__image__title\">Hannover, 22.01.2023. Close Up im Studio von Pup Kaleis Auge unter seiner Hood.<\/span>\n                    \n                    \n                <\/figure>\n\n            <\/div><!-- photo-grid__image -->    \n\n\n            \n\n                    \n                \n\n            <div class=\"photo-grid__image\">\n\n                <figure>\n\n                    <img loading=\"lazy\" decoding=\"async\"  \n                        src=\"https:\/\/visualjournalism.de\/wp-content\/uploads\/12_Stefan_Nieland-768x1152.jpeg\" \n                        srcset=\"https:\/\/visualjournalism.de\/wp-content\/uploads\/12_Stefan_Nieland-768x1152.jpeg 768w, https:\/\/visualjournalism.de\/wp-content\/uploads\/12_Stefan_Nieland-200x300.jpeg 200w, https:\/\/visualjournalism.de\/wp-content\/uploads\/12_Stefan_Nieland-683x1024.jpeg 683w, https:\/\/visualjournalism.de\/wp-content\/uploads\/12_Stefan_Nieland-1024x1536.jpeg 1024w, https:\/\/visualjournalism.de\/wp-content\/uploads\/12_Stefan_Nieland-1050x1575.jpeg 1050w, https:\/\/visualjournalism.de\/wp-content\/uploads\/12_Stefan_Nieland-670x1005.jpeg 670w, https:\/\/visualjournalism.de\/wp-content\/uploads\/12_Stefan_Nieland-420x630.jpeg 420w, https:\/\/visualjournalism.de\/wp-content\/uploads\/12_Stefan_Nieland-350x525.jpeg 350w, https:\/\/visualjournalism.de\/wp-content\/uploads\/12_Stefan_Nieland-300x450.jpeg 300w, https:\/\/visualjournalism.de\/wp-content\/uploads\/12_Stefan_Nieland-150x225.jpeg 150w, https:\/\/visualjournalism.de\/wp-content\/uploads\/12_Stefan_Nieland.jpeg 1067w\" \n                        width=\"768\"  \n                        height=\"1152\" \n                        alt=\"Detailaufnahme von zwei H\u00e4nden, die zur Faust geformt sind und \u00fcbereinander liegen. Die obere Hand tr\u00e4gt am Ringfinder einen silbernen Ring. Dies ist\nFoto: Stefan Nieland\"  \n                    \/>\n\n                                            <span class=\"photo-grid__image__title\">Hannover, 22.01.2023. Pup Kalei und Pup Toffi halten ihre H\u00e4nde als F\u00e4ust \u00fcbereinander. Eine typische Geste unter Puppyplayern, da sie in ihrer Rolle als Puppys ihr H\u00e4nde zu Pfoten formen.<\/span>\n                    \n                    \n                <\/figure>\n\n            <\/div><!-- photo-grid__image -->    \n\n\n            \n\n                    \n                \n\n            <div class=\"photo-grid__image\">\n\n                <figure>\n\n                    <img loading=\"lazy\" decoding=\"async\"  \n                        src=\"https:\/\/visualjournalism.de\/wp-content\/uploads\/02_Stefan_Nieland-768x1152.jpeg\" \n                        srcset=\"https:\/\/visualjournalism.de\/wp-content\/uploads\/02_Stefan_Nieland-768x1152.jpeg 768w, https:\/\/visualjournalism.de\/wp-content\/uploads\/02_Stefan_Nieland-200x300.jpeg 200w, https:\/\/visualjournalism.de\/wp-content\/uploads\/02_Stefan_Nieland-683x1024.jpeg 683w, https:\/\/visualjournalism.de\/wp-content\/uploads\/02_Stefan_Nieland-1024x1536.jpeg 1024w, https:\/\/visualjournalism.de\/wp-content\/uploads\/02_Stefan_Nieland-1050x1575.jpeg 1050w, https:\/\/visualjournalism.de\/wp-content\/uploads\/02_Stefan_Nieland-670x1005.jpeg 670w, https:\/\/visualjournalism.de\/wp-content\/uploads\/02_Stefan_Nieland-420x630.jpeg 420w, https:\/\/visualjournalism.de\/wp-content\/uploads\/02_Stefan_Nieland-350x525.jpeg 350w, https:\/\/visualjournalism.de\/wp-content\/uploads\/02_Stefan_Nieland-300x450.jpeg 300w, https:\/\/visualjournalism.de\/wp-content\/uploads\/02_Stefan_Nieland-150x225.jpeg 150w, https:\/\/visualjournalism.de\/wp-content\/uploads\/02_Stefan_Nieland.jpeg 1067w\" \n                        width=\"768\"  \n                        height=\"1152\" \n                        alt=\"Portrait von Micha, Vorstand des freie Wuffel e.V. in Hannover. \"  \n                    \/>\n\n                                            <span class=\"photo-grid__image__title\">Hannover, 26.10.2022. Micha, Vorstand des Freie Wuffel e.V. steht in seiner Wohnung vor dem Fenster. Er tr\u00e4gt das T-Shirt seines Vereins. Foto: Stefan Nieland<\/span>\n                    \n                    \n                <\/figure>\n\n            <\/div><!-- photo-grid__image -->    \n\n\n            \n\n            \n<\/div>\n\n    <figure class=\"block-photo post__image--full has-spacing--m with-title\">\n\n        <div class=\"post__image__container\">\n            <img loading=\"lazy\" decoding=\"async\" \n                src=\"https:\/\/visualjournalism.de\/wp-content\/uploads\/04_Stefan_Nieland-1400x934.jpeg\"\n                srcset=\"https:\/\/visualjournalism.de\/wp-content\/uploads\/04_Stefan_Nieland-1400x934.jpeg 1400w, https:\/\/visualjournalism.de\/wp-content\/uploads\/04_Stefan_Nieland-300x200.jpeg 300w, https:\/\/visualjournalism.de\/wp-content\/uploads\/04_Stefan_Nieland-1024x683.jpeg 1024w, https:\/\/visualjournalism.de\/wp-content\/uploads\/04_Stefan_Nieland-768x512.jpeg 768w, https:\/\/visualjournalism.de\/wp-content\/uploads\/04_Stefan_Nieland-1536x1024.jpeg 1536w, https:\/\/visualjournalism.de\/wp-content\/uploads\/04_Stefan_Nieland-1050x700.jpeg 1050w, https:\/\/visualjournalism.de\/wp-content\/uploads\/04_Stefan_Nieland-670x447.jpeg 670w, https:\/\/visualjournalism.de\/wp-content\/uploads\/04_Stefan_Nieland-420x280.jpeg 420w, https:\/\/visualjournalism.de\/wp-content\/uploads\/04_Stefan_Nieland-350x233.jpeg 350w, https:\/\/visualjournalism.de\/wp-content\/uploads\/04_Stefan_Nieland-150x100.jpeg 150w, https:\/\/visualjournalism.de\/wp-content\/uploads\/04_Stefan_Nieland.jpeg 1600w\"\n                width=\"1400\" \n                height=\"934\"\n                alt=\"Die Petplayer spielen Bierpong auf dem Geburtstag von Spaiky. In der Mitte des Bildes sieht man Sniper.\nFoto: Stefan Nieland\" \n            \/>\n            \n                            <span class=\"post__image__title\">Friedland, 17.12.2022. Sniper (mitte) spielt auf dem Geburtstag von Pup Snacki und Pup Spaiky Bierpong mit seinen Freunden.<\/span>\n                    <\/div><!-- post__image__container -->\n\n        \n    <\/figure><!-- post__image -->\n\n\n\n \n\n<div class=\"photo-grid grid-layout--3col has-spacing--m\">\n\n            \n\n            <div class=\"photo-grid__image\">\n\n                <figure>\n\n                    <img loading=\"lazy\" decoding=\"async\"  \n                        src=\"https:\/\/visualjournalism.de\/wp-content\/uploads\/10_Stefan_Nieland-768x1152.jpeg\" \n                        srcset=\"https:\/\/visualjournalism.de\/wp-content\/uploads\/10_Stefan_Nieland-768x1152.jpeg 768w, https:\/\/visualjournalism.de\/wp-content\/uploads\/10_Stefan_Nieland-200x300.jpeg 200w, https:\/\/visualjournalism.de\/wp-content\/uploads\/10_Stefan_Nieland-683x1024.jpeg 683w, https:\/\/visualjournalism.de\/wp-content\/uploads\/10_Stefan_Nieland-1024x1536.jpeg 1024w, https:\/\/visualjournalism.de\/wp-content\/uploads\/10_Stefan_Nieland-1050x1575.jpeg 1050w, https:\/\/visualjournalism.de\/wp-content\/uploads\/10_Stefan_Nieland-670x1005.jpeg 670w, https:\/\/visualjournalism.de\/wp-content\/uploads\/10_Stefan_Nieland-420x630.jpeg 420w, https:\/\/visualjournalism.de\/wp-content\/uploads\/10_Stefan_Nieland-350x525.jpeg 350w, https:\/\/visualjournalism.de\/wp-content\/uploads\/10_Stefan_Nieland-300x450.jpeg 300w, https:\/\/visualjournalism.de\/wp-content\/uploads\/10_Stefan_Nieland-150x225.jpeg 150w, https:\/\/visualjournalism.de\/wp-content\/uploads\/10_Stefan_Nieland.jpeg 1067w\" \n                        width=\"768\"  \n                        height=\"1152\" \n                        alt=\"Portrait von Pup Sniper, einem Petplayer des freie Wuffel e.V., er posiert mit einem roten Luftballon vor dem Gesicht und ist hinter dem Luftballon nur halb zu erkennen.\"  \n                    \/>\n\n                                            <span class=\"photo-grid__image__title\">Friedland, 17.12.2022. Pup Sniper posiert f\u00fcr ein inszeniertes Portrait. Die Farbe seiner Hood ist ebenfalls rot, da er sich mit dieser Farbe identifiziert.<\/span>\n                    \n                    \n                <\/figure>\n\n            <\/div><!-- photo-grid__image -->    \n\n\n            \n\n                    \n                \n\n            <div class=\"photo-grid__image\">\n\n                <figure>\n\n                    <img loading=\"lazy\" decoding=\"async\"  \n                        src=\"https:\/\/visualjournalism.de\/wp-content\/uploads\/14_Stefan_Nieland-768x1152.jpeg\" \n                        srcset=\"https:\/\/visualjournalism.de\/wp-content\/uploads\/14_Stefan_Nieland-768x1152.jpeg 768w, https:\/\/visualjournalism.de\/wp-content\/uploads\/14_Stefan_Nieland-200x300.jpeg 200w, https:\/\/visualjournalism.de\/wp-content\/uploads\/14_Stefan_Nieland-683x1024.jpeg 683w, https:\/\/visualjournalism.de\/wp-content\/uploads\/14_Stefan_Nieland-1024x1536.jpeg 1024w, https:\/\/visualjournalism.de\/wp-content\/uploads\/14_Stefan_Nieland-1050x1575.jpeg 1050w, https:\/\/visualjournalism.de\/wp-content\/uploads\/14_Stefan_Nieland-670x1005.jpeg 670w, https:\/\/visualjournalism.de\/wp-content\/uploads\/14_Stefan_Nieland-420x630.jpeg 420w, https:\/\/visualjournalism.de\/wp-content\/uploads\/14_Stefan_Nieland-350x525.jpeg 350w, https:\/\/visualjournalism.de\/wp-content\/uploads\/14_Stefan_Nieland-300x450.jpeg 300w, https:\/\/visualjournalism.de\/wp-content\/uploads\/14_Stefan_Nieland-150x225.jpeg 150w, https:\/\/visualjournalism.de\/wp-content\/uploads\/14_Stefan_Nieland.jpeg 1067w\" \n                        width=\"768\"  \n                        height=\"1152\" \n                        alt=\"Detailaufnahme\"  \n                    \/>\n\n                                            <span class=\"photo-grid__image__title\">Hannover, 22.01.2023. Pup Toffi tr\u00e4gt seinen Puppynamen als Anh\u00e4nger an seinem Halsband. Inszeniertes Portrait im Studio.<\/span>\n                    \n                    \n                <\/figure>\n\n            <\/div><!-- photo-grid__image -->    \n\n\n            \n\n                    \n                \n\n            <div class=\"photo-grid__image\">\n\n                <figure>\n\n                    <img loading=\"lazy\" decoding=\"async\"  \n                        src=\"https:\/\/visualjournalism.de\/wp-content\/uploads\/08_Stefan_Nieland-768x1152.jpeg\" \n                        srcset=\"https:\/\/visualjournalism.de\/wp-content\/uploads\/08_Stefan_Nieland-768x1152.jpeg 768w, https:\/\/visualjournalism.de\/wp-content\/uploads\/08_Stefan_Nieland-200x300.jpeg 200w, https:\/\/visualjournalism.de\/wp-content\/uploads\/08_Stefan_Nieland-683x1024.jpeg 683w, https:\/\/visualjournalism.de\/wp-content\/uploads\/08_Stefan_Nieland-1024x1536.jpeg 1024w, https:\/\/visualjournalism.de\/wp-content\/uploads\/08_Stefan_Nieland-1050x1575.jpeg 1050w, https:\/\/visualjournalism.de\/wp-content\/uploads\/08_Stefan_Nieland-670x1005.jpeg 670w, https:\/\/visualjournalism.de\/wp-content\/uploads\/08_Stefan_Nieland-420x630.jpeg 420w, https:\/\/visualjournalism.de\/wp-content\/uploads\/08_Stefan_Nieland-350x525.jpeg 350w, https:\/\/visualjournalism.de\/wp-content\/uploads\/08_Stefan_Nieland-300x450.jpeg 300w, https:\/\/visualjournalism.de\/wp-content\/uploads\/08_Stefan_Nieland-150x225.jpeg 150w, https:\/\/visualjournalism.de\/wp-content\/uploads\/08_Stefan_Nieland.jpeg 1067w\" \n                        width=\"768\"  \n                        height=\"1152\" \n                        alt=\"Portrait von Pup Hope. Der Hintergrund ist fast schwarz, Pup Hope tr\u00e4gt seine schwarz-gelbe Hood.\"  \n                    \/>\n\n                                            <span class=\"photo-grid__image__title\">Hannover, 20.01.2023. Pup Hope posiert f\u00fcr ein inszeniertes Portrait auf dem Wuffelstammtisch im Andersraum Hannover. Die Freien Wuffel treffen sich dort regelm\u00e4\u00dfig mit anderen Petplayern zu gemeinsamen Abenden.<\/span>\n                    \n                    \n                <\/figure>\n\n            <\/div><!-- photo-grid__image -->    \n\n\n            \n\n            \n<\/div>\n\n    <figure class=\"block-photo post__image--full has-spacing--m with-title\">\n\n        <div class=\"post__image__container\">\n            <img loading=\"lazy\" decoding=\"async\" \n                src=\"https:\/\/visualjournalism.de\/wp-content\/uploads\/09_Stefan_Nieland-1400x934.jpeg\"\n                srcset=\"https:\/\/visualjournalism.de\/wp-content\/uploads\/09_Stefan_Nieland-1400x934.jpeg 1400w, https:\/\/visualjournalism.de\/wp-content\/uploads\/09_Stefan_Nieland-300x200.jpeg 300w, https:\/\/visualjournalism.de\/wp-content\/uploads\/09_Stefan_Nieland-1024x683.jpeg 1024w, https:\/\/visualjournalism.de\/wp-content\/uploads\/09_Stefan_Nieland-768x512.jpeg 768w, https:\/\/visualjournalism.de\/wp-content\/uploads\/09_Stefan_Nieland-1536x1024.jpeg 1536w, https:\/\/visualjournalism.de\/wp-content\/uploads\/09_Stefan_Nieland-1050x700.jpeg 1050w, https:\/\/visualjournalism.de\/wp-content\/uploads\/09_Stefan_Nieland-670x447.jpeg 670w, https:\/\/visualjournalism.de\/wp-content\/uploads\/09_Stefan_Nieland-420x280.jpeg 420w, https:\/\/visualjournalism.de\/wp-content\/uploads\/09_Stefan_Nieland-350x233.jpeg 350w, https:\/\/visualjournalism.de\/wp-content\/uploads\/09_Stefan_Nieland-150x100.jpeg 150w, https:\/\/visualjournalism.de\/wp-content\/uploads\/09_Stefan_Nieland.jpeg 1600w\"\n                width=\"1400\" \n                height=\"934\"\n                alt=\"Auf dem Bild sieht man vier der social Petplayer des freie Wuffel e.V. aus Hannover an einem Tisch sitzend, auf dem Tisch liegen Karten, es stehen Bier und Kurze dabei. Rechts im Bild sitzt Pup Snacki, links daneben Pup Spaiky, die Petplayer feiern den Geburtstag der beiden,\" \n            \/>\n            \n                            <span class=\"post__image__title\">Friedland, 17.12.2022. Die Petplayer spielen gemeinsam Karten auf dem Geburtstag von Spaiky (Mitte) und Snacki (rechts)<\/span>\n                    <\/div><!-- post__image__container -->\n\n        \n    <\/figure><!-- post__image -->\n\n\n\n\n \n    \n    <div id=\"quote-block_56708790a6ac96aaaa1144544c3712e1\" class=\"block-quote has-spacing--m\">\n        <figure class=\"quote\">\n            <blockquote>\n                <p><strong>Ich lebe hier nach meinem pers\u00f6nlichen Ideal<\/strong>, vielseitig sein zu k\u00f6nnen.\u00a0Ich glaube, jeder bei uns w\u00fcnscht sich diesen Raum, in dem er sich nicht verstecken muss.<\/p>\n            <\/blockquote>\n\n            <figcaption>\n\n                            <img loading=\"lazy\" decoding=\"async\" class=\"portrait--inline\" src=\"https:\/\/visualjournalism.de\/wp-content\/uploads\/14_Stefan_Nieland-52x52.jpeg\" width=\"52\" height=\"52\" alt=\"Detailaufnahme\" \/>\n                            <span>Toffi, Social-Petplayer<\/span>\n            <\/figcaption>\n            \n        <\/figure>\n    <\/div>\n\n\n\n    <figure class=\"block-photo post__image--full has-spacing--m with-title\">\n\n        <div class=\"post__image__container\">\n            <img loading=\"lazy\" decoding=\"async\" \n                src=\"https:\/\/visualjournalism.de\/wp-content\/uploads\/11_Stefan_Nieland-1400x933.jpeg\"\n                srcset=\"https:\/\/visualjournalism.de\/wp-content\/uploads\/11_Stefan_Nieland-1400x933.jpeg 1400w, https:\/\/visualjournalism.de\/wp-content\/uploads\/11_Stefan_Nieland-300x200.jpeg 300w, https:\/\/visualjournalism.de\/wp-content\/uploads\/11_Stefan_Nieland-1024x682.jpeg 1024w, https:\/\/visualjournalism.de\/wp-content\/uploads\/11_Stefan_Nieland-768x512.jpeg 768w, https:\/\/visualjournalism.de\/wp-content\/uploads\/11_Stefan_Nieland-1536x1023.jpeg 1536w, https:\/\/visualjournalism.de\/wp-content\/uploads\/11_Stefan_Nieland-1050x700.jpeg 1050w, https:\/\/visualjournalism.de\/wp-content\/uploads\/11_Stefan_Nieland-670x446.jpeg 670w, https:\/\/visualjournalism.de\/wp-content\/uploads\/11_Stefan_Nieland-420x280.jpeg 420w, https:\/\/visualjournalism.de\/wp-content\/uploads\/11_Stefan_Nieland-350x233.jpeg 350w, https:\/\/visualjournalism.de\/wp-content\/uploads\/11_Stefan_Nieland-150x100.jpeg 150w, https:\/\/visualjournalism.de\/wp-content\/uploads\/11_Stefan_Nieland.jpeg 1600w\"\n                width=\"1400\" \n                height=\"933\"\n                alt=\"Zwei der Petplayer, Pup Aiko und Pup Toffi, spielen mit einem Ball auf dem Wuffelstammtisch im Andersraum Hannover. Pup Aiko liegt auf dem Boden und h\u00e4lt den Ball umklammert, w\u00e4hrend Pup Toffi versucht an den Ball zu kommen.\" \n            \/>\n            \n                            <span class=\"post__image__title\">Hannover, 20.01.2023. Pup Aiko (unten) und Pup Toffi spielen Ball auf dem Wuffelstammtisch im Andersraum Hannover.<\/span>\n                    <\/div><!-- post__image__container -->\n\n        \n    <\/figure><!-- post__image -->\n\n\n\n \n\n<div class=\"photo-grid grid-layout--2col-5 has-spacing--m\">\n\n            \n\n            <div class=\"photo-grid__image\">\n\n                <figure>\n\n                    <img loading=\"lazy\" decoding=\"async\"  \n                        src=\"https:\/\/visualjournalism.de\/wp-content\/uploads\/07_Stefan_Nieland-768x512.jpeg\" \n                        srcset=\"https:\/\/visualjournalism.de\/wp-content\/uploads\/07_Stefan_Nieland-768x512.jpeg 768w, https:\/\/visualjournalism.de\/wp-content\/uploads\/07_Stefan_Nieland-300x200.jpeg 300w, https:\/\/visualjournalism.de\/wp-content\/uploads\/07_Stefan_Nieland-1024x683.jpeg 1024w, https:\/\/visualjournalism.de\/wp-content\/uploads\/07_Stefan_Nieland-1536x1024.jpeg 1536w, https:\/\/visualjournalism.de\/wp-content\/uploads\/07_Stefan_Nieland-1400x934.jpeg 1400w, https:\/\/visualjournalism.de\/wp-content\/uploads\/07_Stefan_Nieland-1050x700.jpeg 1050w, https:\/\/visualjournalism.de\/wp-content\/uploads\/07_Stefan_Nieland-670x447.jpeg 670w, https:\/\/visualjournalism.de\/wp-content\/uploads\/07_Stefan_Nieland-420x280.jpeg 420w, https:\/\/visualjournalism.de\/wp-content\/uploads\/07_Stefan_Nieland-350x233.jpeg 350w, https:\/\/visualjournalism.de\/wp-content\/uploads\/07_Stefan_Nieland-150x100.jpeg 150w, https:\/\/visualjournalism.de\/wp-content\/uploads\/07_Stefan_Nieland.jpeg 1600w\" \n                        width=\"768\"  \n                        height=\"512\" \n                        alt=\"Links im Bild stehen Pup Toffi und Pup Snacki ind unterhalten sich bei einem Bier, rechts im Bild umarmen sich Pup Spaiky und sein Freund. Die Petplayer feiern den Geburtstag von Snacki und befinden sich auf einer Tanzfl\u00e4che, sie werden von schr\u00e4g hinten von buntem Licht angestrahlt, auf dem Boden liegen Luftballons.\"  \n                    \/>\n\n                                            <span class=\"photo-grid__image__title\">Friedland, 17.12.2022. Pup Toffi und Snacki unterhalten sich auf dem Geburtstag von Snacki (links), w\u00e4hrend Spaiky und sein Freund sich auf der Tanzfl\u00e4che umarmen.<\/span>\n                    \n                    \n                <\/figure>\n\n            <\/div><!-- photo-grid__image -->    \n\n\n            \n\n                    \n                \n\n            <div class=\"photo-grid__image\">\n\n                <figure>\n\n                    <img loading=\"lazy\" decoding=\"async\"  \n                        src=\"https:\/\/visualjournalism.de\/wp-content\/uploads\/03_Stefan_Nieland-768x512.jpeg\" \n                        srcset=\"https:\/\/visualjournalism.de\/wp-content\/uploads\/03_Stefan_Nieland-768x512.jpeg 768w, https:\/\/visualjournalism.de\/wp-content\/uploads\/03_Stefan_Nieland-300x200.jpeg 300w, https:\/\/visualjournalism.de\/wp-content\/uploads\/03_Stefan_Nieland-1024x683.jpeg 1024w, https:\/\/visualjournalism.de\/wp-content\/uploads\/03_Stefan_Nieland-1536x1024.jpeg 1536w, https:\/\/visualjournalism.de\/wp-content\/uploads\/03_Stefan_Nieland-1400x934.jpeg 1400w, https:\/\/visualjournalism.de\/wp-content\/uploads\/03_Stefan_Nieland-1050x700.jpeg 1050w, https:\/\/visualjournalism.de\/wp-content\/uploads\/03_Stefan_Nieland-670x447.jpeg 670w, https:\/\/visualjournalism.de\/wp-content\/uploads\/03_Stefan_Nieland-420x280.jpeg 420w, https:\/\/visualjournalism.de\/wp-content\/uploads\/03_Stefan_Nieland-350x233.jpeg 350w, https:\/\/visualjournalism.de\/wp-content\/uploads\/03_Stefan_Nieland-150x100.jpeg 150w, https:\/\/visualjournalism.de\/wp-content\/uploads\/03_Stefan_Nieland.jpeg 1600w\" \n                        width=\"768\"  \n                        height=\"512\" \n                        alt=\"Hannover, 10.12.2022\"  \n                    \/>\n\n                                            <span class=\"photo-grid__image__title\">Hannover, 10.12.2022: Pup Snacky verl\u00e4sst das Restaurant &quot;Heinz im Gl\u00fcck&quot;, nachdem er dort mit anderen Petplayern zu Abend gegessen hat. Foto: Stefan Nieland<\/span>\n                    \n                    \n                <\/figure>\n\n            <\/div><!-- photo-grid__image -->    \n\n\n            \n\n            \n<\/div>\n\n\n<div class=\"wp-block-group has-spacing--default has-spacing--default\">\n<div class=\"devider has-spacing--none\">\n    <hr>\n<\/div>\n\n\n \n\n    <div id=\"lead-in-block_15998db9c8edc212040adc278938cfe1\" class=\"block-lead-in typo--default font-size--xl has-spacing--s width--default\">\n        <p><strong>Empfehlungen der Redaktion:<\/strong><\/p>\n    <\/div>\n\n\n\n\r\n\r\n\r\n\n\n\r\n\r\n\r\n\r\n        <div class=\"teaser-grid grid-layout--3col has-spacing--s width--inline\">\r\n\r\n            \r\n                <article class=\"post-teaser\">\r\n\r\n                    <a href=\"https:\/\/visualjournalism.de\/en\/magazine\/guide\/study-photography-how-to-find-the-right-university\/\" rel=\"permalink\">\r\n\r\n                        <div class=\"post-teaser__content\">\r\n\r\n                            <span class=\"entry-categories\">Guide<\/span>\r\n                            <h3 class=\"post-teaser__headline\">\r\n                                Studying photography: How to find the right university.                            <\/h3>\r\n\r\n                            <div class=\"post-teaser__excerpt\">\r\n                                <p>An overview of the best-known programmes. <\/p>\r\n                            <\/div>\r\n\r\n                        <\/div><!-- .post-teaser__content -->\r\n\r\n\r\n                        \r\n                            <figure class=\"post-teaser__image\">\r\n                                <img loading=\"lazy\" decoding=\"async\"  \r\n                                    src=\"https:\/\/visualjournalism.de\/wp-content\/uploads\/2024-DM-Werkschau_Short-Edit_Kristina-Kaysen-10-768x511.jpg\" \r\n                                    srcset=\"https:\/\/visualjournalism.de\/wp-content\/uploads\/2024-DM-Werkschau_Short-Edit_Kristina-Kaysen-10-768x511.jpg 768w, https:\/\/visualjournalism.de\/wp-content\/uploads\/2024-DM-Werkschau_Short-Edit_Kristina-Kaysen-10-300x200.jpg 300w, https:\/\/visualjournalism.de\/wp-content\/uploads\/2024-DM-Werkschau_Short-Edit_Kristina-Kaysen-10-1024x681.jpg 1024w, https:\/\/visualjournalism.de\/wp-content\/uploads\/2024-DM-Werkschau_Short-Edit_Kristina-Kaysen-10-1536x1021.jpg 1536w, https:\/\/visualjournalism.de\/wp-content\/uploads\/2024-DM-Werkschau_Short-Edit_Kristina-Kaysen-10-1400x931.jpg 1400w, https:\/\/visualjournalism.de\/wp-content\/uploads\/2024-DM-Werkschau_Short-Edit_Kristina-Kaysen-10-1050x698.jpg 1050w, https:\/\/visualjournalism.de\/wp-content\/uploads\/2024-DM-Werkschau_Short-Edit_Kristina-Kaysen-10-670x446.jpg 670w, https:\/\/visualjournalism.de\/wp-content\/uploads\/2024-DM-Werkschau_Short-Edit_Kristina-Kaysen-10-420x279.jpg 420w, https:\/\/visualjournalism.de\/wp-content\/uploads\/2024-DM-Werkschau_Short-Edit_Kristina-Kaysen-10-350x233.jpg 350w, https:\/\/visualjournalism.de\/wp-content\/uploads\/2024-DM-Werkschau_Short-Edit_Kristina-Kaysen-10-150x100.jpg 150w, https:\/\/visualjournalism.de\/wp-content\/uploads\/2024-DM-Werkschau_Short-Edit_Kristina-Kaysen-10.jpg 1600w\" \r\n                                    width=\"768\"  \r\n                                    height=\"511\" \r\n                                    alt=\"Fotografie-Studierende w\u00e4hrend einer Fotosession in einem Studio mit Beleuchtungsausr\u00fcstung und Hintergrund. Ein Schild auf dem Boden zeigt \u201aFOTOSHOOTING\u2018 und weist auf den Eingang zum Studio hin. Von hinten sind die Umrisse eines jungen Mannes zu sehen, der Fotografie studiert. \"\r\n                                \/>\r\n                            <\/figure>\r\n\r\n                        \r\n                    \r\n                    <\/a>\r\n\r\n                <\/article><!--- .post-teaser-->\r\n\r\n            \r\n                <article class=\"post-teaser\">\r\n\r\n                    <a href=\"https:\/\/visualjournalism.de\/en\/magazine\/sammeln\/hannovers-verborgene-rohstoffquelle\/\" rel=\"permalink\">\r\n\r\n                        <div class=\"post-teaser__content\">\r\n\r\n                            <span class=\"entry-categories\">Sammeln<\/span>\r\n                            <h3 class=\"post-teaser__headline\">\r\n                                Hannovers verborgene Rohstoffquelle                            <\/h3>\r\n\r\n                            <div class=\"post-teaser__excerpt\">\r\n                                <p>Unsichere Handelsbeziehungen, Kriege und neue Vorschriften fordern die Recyclingbranche heraus. Auf dem TSR-Gel\u00e4nde im hannoverschen Nordhafen sp\u00fcrt man die Bewegung eines ganzen Wirtschaftszweigs \u2013 ein Blick hinter die Kulissen. <\/p>\r\n                            <\/div>\r\n\r\n                        <\/div><!-- .post-teaser__content -->\r\n\r\n\r\n                        \r\n                            <figure class=\"post-teaser__image\">\r\n                                <img loading=\"lazy\" decoding=\"async\"  \r\n                                    src=\"https:\/\/visualjournalism.de\/wp-content\/uploads\/Moritz-Heck_Schrottplatz_26_dunkel-768x512.jpg\" \r\n                                    srcset=\"https:\/\/visualjournalism.de\/wp-content\/uploads\/Moritz-Heck_Schrottplatz_26_dunkel-768x512.jpg 768w, https:\/\/visualjournalism.de\/wp-content\/uploads\/Moritz-Heck_Schrottplatz_26_dunkel-300x200.jpg 300w, https:\/\/visualjournalism.de\/wp-content\/uploads\/Moritz-Heck_Schrottplatz_26_dunkel-1024x683.jpg 1024w, https:\/\/visualjournalism.de\/wp-content\/uploads\/Moritz-Heck_Schrottplatz_26_dunkel-1536x1024.jpg 1536w, https:\/\/visualjournalism.de\/wp-content\/uploads\/Moritz-Heck_Schrottplatz_26_dunkel-2048x1365.jpg 2048w, https:\/\/visualjournalism.de\/wp-content\/uploads\/Moritz-Heck_Schrottplatz_26_dunkel-1920x1280.jpg 1920w, https:\/\/visualjournalism.de\/wp-content\/uploads\/Moritz-Heck_Schrottplatz_26_dunkel-1400x933.jpg 1400w, https:\/\/visualjournalism.de\/wp-content\/uploads\/Moritz-Heck_Schrottplatz_26_dunkel-1050x700.jpg 1050w, https:\/\/visualjournalism.de\/wp-content\/uploads\/Moritz-Heck_Schrottplatz_26_dunkel-670x447.jpg 670w, https:\/\/visualjournalism.de\/wp-content\/uploads\/Moritz-Heck_Schrottplatz_26_dunkel-420x280.jpg 420w, https:\/\/visualjournalism.de\/wp-content\/uploads\/Moritz-Heck_Schrottplatz_26_dunkel-350x233.jpg 350w, https:\/\/visualjournalism.de\/wp-content\/uploads\/Moritz-Heck_Schrottplatz_26_dunkel-150x100.jpg 150w\" \r\n                                    width=\"768\"  \r\n                                    height=\"512\" \r\n                                    alt=\"\"\r\n                                \/>\r\n                            <\/figure>\r\n\r\n                        \r\n                    \r\n                    <\/a>\r\n\r\n                <\/article><!--- .post-teaser-->\r\n\r\n            \r\n                <article class=\"post-teaser\">\r\n\r\n                    <a href=\"https:\/\/visualjournalism.de\/en\/magazine\/sammeln\/wein-mueller-kassel-magic-nordhessen\/\" rel=\"permalink\">\r\n\r\n                        <div class=\"post-teaser__content\">\r\n\r\n                            <span class=\"entry-categories\">Sammeln<\/span>\r\n                            <h3 class=\"post-teaser__headline\">\r\n                                \u00abMagic Nordhessen\u2026!!!\u00bb                            <\/h3>\r\n\r\n                            <div class=\"post-teaser__excerpt\">\r\n                                <p>Kassel, Vorderer Westen: ein Laden, in dem seit fast einem Jahrhundert gesammelt wird. Wir haben hineingeschaut.<\/p>\r\n                            <\/div>\r\n\r\n                        <\/div><!-- .post-teaser__content -->\r\n\r\n\r\n                        \r\n                            <figure class=\"post-teaser__image\">\r\n                                <img loading=\"lazy\" decoding=\"async\"  \r\n                                    src=\"https:\/\/visualjournalism.de\/wp-content\/uploads\/02_Luest_Mayla-768x576.jpg\" \r\n                                    srcset=\"https:\/\/visualjournalism.de\/wp-content\/uploads\/02_Luest_Mayla-768x576.jpg 768w, https:\/\/visualjournalism.de\/wp-content\/uploads\/02_Luest_Mayla-300x225.jpg 300w, https:\/\/visualjournalism.de\/wp-content\/uploads\/02_Luest_Mayla-1024x768.jpg 1024w, https:\/\/visualjournalism.de\/wp-content\/uploads\/02_Luest_Mayla-1536x1152.jpg 1536w, https:\/\/visualjournalism.de\/wp-content\/uploads\/02_Luest_Mayla-2048x1536.jpg 2048w, https:\/\/visualjournalism.de\/wp-content\/uploads\/02_Luest_Mayla-1920x1440.jpg 1920w, https:\/\/visualjournalism.de\/wp-content\/uploads\/02_Luest_Mayla-1400x1050.jpg 1400w, https:\/\/visualjournalism.de\/wp-content\/uploads\/02_Luest_Mayla-1050x787.jpg 1050w, https:\/\/visualjournalism.de\/wp-content\/uploads\/02_Luest_Mayla-670x502.jpg 670w, https:\/\/visualjournalism.de\/wp-content\/uploads\/02_Luest_Mayla-420x315.jpg 420w, https:\/\/visualjournalism.de\/wp-content\/uploads\/02_Luest_Mayla-350x262.jpg 350w, https:\/\/visualjournalism.de\/wp-content\/uploads\/02_Luest_Mayla-150x112.jpg 150w\" \r\n                                    width=\"768\"  \r\n                                    height=\"576\" \r\n                                    alt=\"\"\r\n                                \/>\r\n                            <\/figure>\r\n\r\n                        \r\n                    \r\n                    <\/a>\r\n\r\n                <\/article><!--- .post-teaser-->\r\n\r\n            \r\n        <\/div><!-- .teaser-grid -->\r\n\r\n\n\n\r\n\r\n\r\n\n\n\n    <div class=\"btn-wrapper has-spacing--m\">\n        <a class=\"btn\" href=\"https:\/\/visualjournalism.de\/magazin\/\" target=\"_blank\">ZUR MAGAZIN-STARTSEITE<\/a>\n    <\/div>\n<\/div>\n","protected":false},"author":24,"featured_media":17025,"template":"","tags":[],"magazinkategorie":[154],"class_list":["post-16836","magazin","type-magazin","status-publish","has-post-thumbnail","hentry","magazinkategorie-ideale"],"acf":[],"yoast_head":"<!-- This site is optimized with the Yoast SEO Premium plugin v27.3 (Yoast SEO v27.3) - https:\/\/yoast.com\/product\/yoast-seo-premium-wordpress\/ -->\n<title>Social Petplay: Willkommen in der Wuffelzone<\/title>\n<meta name=\"description\" content=\"In Hundemasken zum Stammtisch, an der Leine zur Party \u2013 Warum es f\u00fcr manche Menschen reizvoll ist, in Tierrollen zu schl\u00fcpfen.\" \/>\n<meta name=\"robots\" content=\"index, follow, max-snippet:-1, max-image-preview:large, max-video-preview:-1\" \/>\n<link rel=\"canonical\" href=\"https:\/\/visualjournalism.de\/en\/magazine\/ideale\/petplay-willkommen-in-der-wuffelzone\/\" \/>\n<meta property=\"og:locale\" content=\"en_US\" \/>\n<meta property=\"og:type\" content=\"article\" \/>\n<meta property=\"og:title\" content=\"Petplay: Willkommen in der Wuffelzone\" \/>\n<meta property=\"og:description\" content=\"In Hundemasken zum Stammtisch, an der Leine zur Party \u2013 Warum es f\u00fcr manche Menschen reizvoll ist, in Tierrollen zu schl\u00fcpfen.\" \/>\n<meta property=\"og:url\" content=\"https:\/\/visualjournalism.de\/en\/magazine\/ideale\/petplay-willkommen-in-der-wuffelzone\/\" \/>\n<meta property=\"og:site_name\" content=\"Visual Journalism and Documentary Photography\" \/>\n<meta property=\"article:publisher\" content=\"https:\/\/www.facebook.com\/people\/wwwfotostudentende\/100065173703897\/\" \/>\n<meta property=\"article:modified_time\" content=\"2024-03-22T17:07:44+00:00\" \/>\n<meta property=\"og:image\" content=\"https:\/\/visualjournalism.de\/wp-content\/uploads\/14_Stefan_Nieland.jpeg\" \/>\n\t<meta property=\"og:image:width\" content=\"1067\" \/>\n\t<meta property=\"og:image:height\" content=\"1600\" \/>\n\t<meta property=\"og:image:type\" content=\"image\/jpeg\" \/>\n<meta name=\"twitter:card\" content=\"summary_large_image\" \/>\n<meta name=\"twitter:site\" content=\"@HsHannover\" \/>\n<meta name=\"twitter:label1\" content=\"Est. reading time\" \/>\n\t<meta name=\"twitter:data1\" content=\"2 minutes\" \/>\n<script type=\"application\/ld+json\" class=\"yoast-schema-graph\">{\"@context\":\"https:\\\/\\\/schema.org\",\"@graph\":[{\"@type\":\"WebPage\",\"@id\":\"https:\\\/\\\/visualjournalism.de\\\/en\\\/magazine\\\/ideale\\\/petplay-willkommen-in-der-wuffelzone\\\/\",\"url\":\"https:\\\/\\\/visualjournalism.de\\\/en\\\/magazine\\\/ideale\\\/petplay-willkommen-in-der-wuffelzone\\\/\",\"name\":\"Social Petplay: Willkommen in der Wuffelzone\",\"isPartOf\":{\"@id\":\"https:\\\/\\\/visualjournalism.de\\\/en\\\/#website\"},\"primaryImageOfPage\":{\"@id\":\"https:\\\/\\\/visualjournalism.de\\\/en\\\/magazine\\\/ideale\\\/petplay-willkommen-in-der-wuffelzone\\\/#primaryimage\"},\"image\":{\"@id\":\"https:\\\/\\\/visualjournalism.de\\\/en\\\/magazine\\\/ideale\\\/petplay-willkommen-in-der-wuffelzone\\\/#primaryimage\"},\"thumbnailUrl\":\"https:\\\/\\\/visualjournalism.de\\\/wp-content\\\/uploads\\\/14_Stefan_Nieland.jpeg\",\"datePublished\":\"2023-06-07T15:22:50+00:00\",\"dateModified\":\"2024-03-22T17:07:44+00:00\",\"description\":\"In Hundemasken zum Stammtisch, an der Leine zur Party \u2013 Warum es f\u00fcr manche Menschen reizvoll ist, in Tierrollen zu schl\u00fcpfen.\",\"breadcrumb\":{\"@id\":\"https:\\\/\\\/visualjournalism.de\\\/en\\\/magazine\\\/ideale\\\/petplay-willkommen-in-der-wuffelzone\\\/#breadcrumb\"},\"inLanguage\":\"en-US\",\"potentialAction\":[{\"@type\":\"ReadAction\",\"target\":[\"https:\\\/\\\/visualjournalism.de\\\/en\\\/magazine\\\/ideale\\\/petplay-willkommen-in-der-wuffelzone\\\/\"]}]},{\"@type\":\"ImageObject\",\"inLanguage\":\"en-US\",\"@id\":\"https:\\\/\\\/visualjournalism.de\\\/en\\\/magazine\\\/ideale\\\/petplay-willkommen-in-der-wuffelzone\\\/#primaryimage\",\"url\":\"https:\\\/\\\/visualjournalism.de\\\/wp-content\\\/uploads\\\/14_Stefan_Nieland.jpeg\",\"contentUrl\":\"https:\\\/\\\/visualjournalism.de\\\/wp-content\\\/uploads\\\/14_Stefan_Nieland.jpeg\",\"width\":1067,\"height\":1600,\"caption\":\"Hannover, 22.01.2023. Pup Toffi tr\u00e4gt seinen Puppynamen als Anh\u00e4nger an seinem Halsband. Inszeniertes Portrait im Studio.\"},{\"@type\":\"BreadcrumbList\",\"@id\":\"https:\\\/\\\/visualjournalism.de\\\/en\\\/magazine\\\/ideale\\\/petplay-willkommen-in-der-wuffelzone\\\/#breadcrumb\",\"itemListElement\":[{\"@type\":\"ListItem\",\"position\":1,\"name\":\"Home\",\"item\":\"https:\\\/\\\/visualjournalism.de\\\/en\\\/\"},{\"@type\":\"ListItem\",\"position\":2,\"name\":\"Magazin\",\"item\":\"https:\\\/\\\/visualjournalism.de\\\/en\\\/magazine\\\/\"},{\"@type\":\"ListItem\",\"position\":3,\"name\":\"Petplay: Willkommen in der Wuffelzone\"}]},{\"@type\":\"WebSite\",\"@id\":\"https:\\\/\\\/visualjournalism.de\\\/en\\\/#website\",\"url\":\"https:\\\/\\\/visualjournalism.de\\\/en\\\/\",\"name\":\"Visual Journalism and Documentary Photography\",\"description\":\"All about the bilingual bachelor&#039;s program at Hannover University of Applied Sciences and Arts.\",\"publisher\":{\"@id\":\"https:\\\/\\\/visualjournalism.de\\\/en\\\/#organization\"},\"alternateName\":\"visualjournalism.de\",\"potentialAction\":[{\"@type\":\"SearchAction\",\"target\":{\"@type\":\"EntryPoint\",\"urlTemplate\":\"https:\\\/\\\/visualjournalism.de\\\/en\\\/?s={search_term_string}\"},\"query-input\":{\"@type\":\"PropertyValueSpecification\",\"valueRequired\":true,\"valueName\":\"search_term_string\"}}],\"inLanguage\":\"en-US\"},{\"@type\":\"Organization\",\"@id\":\"https:\\\/\\\/visualjournalism.de\\\/en\\\/#organization\",\"name\":\"Hochschule Hannover \u2013 University of Applied Sciences and Arts\",\"alternateName\":\"HsH\",\"url\":\"https:\\\/\\\/visualjournalism.de\\\/en\\\/\",\"logo\":{\"@type\":\"ImageObject\",\"inLanguage\":\"en-US\",\"@id\":\"https:\\\/\\\/visualjournalism.de\\\/en\\\/#\\\/schema\\\/logo\\\/image\\\/\",\"url\":\"https:\\\/\\\/visualjournalism.de\\\/wp-content\\\/uploads\\\/logo-hochschule-hannover.png\",\"contentUrl\":\"https:\\\/\\\/visualjournalism.de\\\/wp-content\\\/uploads\\\/logo-hochschule-hannover.png\",\"width\":363,\"height\":270,\"caption\":\"Hochschule Hannover \u2013 University of Applied Sciences and Arts\"},\"image\":{\"@id\":\"https:\\\/\\\/visualjournalism.de\\\/en\\\/#\\\/schema\\\/logo\\\/image\\\/\"},\"sameAs\":[\"https:\\\/\\\/www.facebook.com\\\/people\\\/wwwfotostudentende\\\/100065173703897\\\/\",\"https:\\\/\\\/x.com\\\/HsHannover\",\"https:\\\/\\\/www.instagram.com\\\/visualjournalism.de\\\/\"]}]}<\/script>\n<!-- \/ Yoast SEO Premium plugin. -->","yoast_head_json":{"title":"Social Petplay: Willkommen in der Wuffelzone","description":"In Hundemasken zum Stammtisch, an der Leine zur Party \u2013 Warum es f\u00fcr manche Menschen reizvoll ist, in Tierrollen zu schl\u00fcpfen.","robots":{"index":"index","follow":"follow","max-snippet":"max-snippet:-1","max-image-preview":"max-image-preview:large","max-video-preview":"max-video-preview:-1"},"canonical":"https:\/\/visualjournalism.de\/en\/magazine\/ideale\/petplay-willkommen-in-der-wuffelzone\/","og_locale":"en_US","og_type":"article","og_title":"Petplay: Willkommen in der Wuffelzone","og_description":"In Hundemasken zum Stammtisch, an der Leine zur Party \u2013 Warum es f\u00fcr manche Menschen reizvoll ist, in Tierrollen zu schl\u00fcpfen.","og_url":"https:\/\/visualjournalism.de\/en\/magazine\/ideale\/petplay-willkommen-in-der-wuffelzone\/","og_site_name":"Visual Journalism and Documentary Photography","article_publisher":"https:\/\/www.facebook.com\/people\/wwwfotostudentende\/100065173703897\/","article_modified_time":"2024-03-22T17:07:44+00:00","og_image":[{"width":1067,"height":1600,"url":"https:\/\/visualjournalism.de\/wp-content\/uploads\/14_Stefan_Nieland.jpeg","type":"image\/jpeg"}],"twitter_card":"summary_large_image","twitter_site":"@HsHannover","twitter_misc":{"Est. reading time":"2 minutes"},"schema":{"@context":"https:\/\/schema.org","@graph":[{"@type":"WebPage","@id":"https:\/\/visualjournalism.de\/en\/magazine\/ideale\/petplay-willkommen-in-der-wuffelzone\/","url":"https:\/\/visualjournalism.de\/en\/magazine\/ideale\/petplay-willkommen-in-der-wuffelzone\/","name":"Social Petplay: Willkommen in der Wuffelzone","isPartOf":{"@id":"https:\/\/visualjournalism.de\/en\/#website"},"primaryImageOfPage":{"@id":"https:\/\/visualjournalism.de\/en\/magazine\/ideale\/petplay-willkommen-in-der-wuffelzone\/#primaryimage"},"image":{"@id":"https:\/\/visualjournalism.de\/en\/magazine\/ideale\/petplay-willkommen-in-der-wuffelzone\/#primaryimage"},"thumbnailUrl":"https:\/\/visualjournalism.de\/wp-content\/uploads\/14_Stefan_Nieland.jpeg","datePublished":"2023-06-07T15:22:50+00:00","dateModified":"2024-03-22T17:07:44+00:00","description":"In Hundemasken zum Stammtisch, an der Leine zur Party \u2013 Warum es f\u00fcr manche Menschen reizvoll ist, in Tierrollen zu schl\u00fcpfen.","breadcrumb":{"@id":"https:\/\/visualjournalism.de\/en\/magazine\/ideale\/petplay-willkommen-in-der-wuffelzone\/#breadcrumb"},"inLanguage":"en-US","potentialAction":[{"@type":"ReadAction","target":["https:\/\/visualjournalism.de\/en\/magazine\/ideale\/petplay-willkommen-in-der-wuffelzone\/"]}]},{"@type":"ImageObject","inLanguage":"en-US","@id":"https:\/\/visualjournalism.de\/en\/magazine\/ideale\/petplay-willkommen-in-der-wuffelzone\/#primaryimage","url":"https:\/\/visualjournalism.de\/wp-content\/uploads\/14_Stefan_Nieland.jpeg","contentUrl":"https:\/\/visualjournalism.de\/wp-content\/uploads\/14_Stefan_Nieland.jpeg","width":1067,"height":1600,"caption":"Hannover, 22.01.2023. Pup Toffi tr\u00e4gt seinen Puppynamen als Anh\u00e4nger an seinem Halsband. Inszeniertes Portrait im Studio."},{"@type":"BreadcrumbList","@id":"https:\/\/visualjournalism.de\/en\/magazine\/ideale\/petplay-willkommen-in-der-wuffelzone\/#breadcrumb","itemListElement":[{"@type":"ListItem","position":1,"name":"Home","item":"https:\/\/visualjournalism.de\/en\/"},{"@type":"ListItem","position":2,"name":"Magazin","item":"https:\/\/visualjournalism.de\/en\/magazine\/"},{"@type":"ListItem","position":3,"name":"Petplay: Willkommen in der Wuffelzone"}]},{"@type":"WebSite","@id":"https:\/\/visualjournalism.de\/en\/#website","url":"https:\/\/visualjournalism.de\/en\/","name":"Visual Journalism and Documentary Photography","description":"All about the bilingual bachelor&#039;s program at Hannover University of Applied Sciences and Arts.","publisher":{"@id":"https:\/\/visualjournalism.de\/en\/#organization"},"alternateName":"visualjournalism.de","potentialAction":[{"@type":"SearchAction","target":{"@type":"EntryPoint","urlTemplate":"https:\/\/visualjournalism.de\/en\/?s={search_term_string}"},"query-input":{"@type":"PropertyValueSpecification","valueRequired":true,"valueName":"search_term_string"}}],"inLanguage":"en-US"},{"@type":"Organization","@id":"https:\/\/visualjournalism.de\/en\/#organization","name":"Hochschule Hannover \u2013 University of Applied Sciences and Arts","alternateName":"HsH","url":"https:\/\/visualjournalism.de\/en\/","logo":{"@type":"ImageObject","inLanguage":"en-US","@id":"https:\/\/visualjournalism.de\/en\/#\/schema\/logo\/image\/","url":"https:\/\/visualjournalism.de\/wp-content\/uploads\/logo-hochschule-hannover.png","contentUrl":"https:\/\/visualjournalism.de\/wp-content\/uploads\/logo-hochschule-hannover.png","width":363,"height":270,"caption":"Hochschule Hannover \u2013 University of Applied Sciences and Arts"},"image":{"@id":"https:\/\/visualjournalism.de\/en\/#\/schema\/logo\/image\/"},"sameAs":["https:\/\/www.facebook.com\/people\/wwwfotostudentende\/100065173703897\/","https:\/\/x.com\/HsHannover","https:\/\/www.instagram.com\/visualjournalism.de\/"]}]}},"_links":{"self":[{"href":"https:\/\/visualjournalism.de\/en\/wp-json\/wp\/v2\/magazin\/16836","targetHints":{"allow":["GET"]}}],"collection":[{"href":"https:\/\/visualjournalism.de\/en\/wp-json\/wp\/v2\/magazin"}],"about":[{"href":"https:\/\/visualjournalism.de\/en\/wp-json\/wp\/v2\/types\/magazin"}],"author":[{"embeddable":true,"href":"https:\/\/visualjournalism.de\/en\/wp-json\/wp\/v2\/users\/24"}],"version-history":[{"count":0,"href":"https:\/\/visualjournalism.de\/en\/wp-json\/wp\/v2\/magazin\/16836\/revisions"}],"wp:featuredmedia":[{"embeddable":true,"href":"https:\/\/visualjournalism.de\/en\/wp-json\/wp\/v2\/media\/17025"}],"wp:attachment":[{"href":"https:\/\/visualjournalism.de\/en\/wp-json\/wp\/v2\/media?parent=16836"}],"wp:term":[{"taxonomy":"post_tag","embeddable":true,"href":"https:\/\/visualjournalism.de\/en\/wp-json\/wp\/v2\/tags?post=16836"},{"taxonomy":"magazinkategorie","embeddable":true,"href":"https:\/\/visualjournalism.de\/en\/wp-json\/wp\/v2\/magazinkategorie?post=16836"}],"curies":[{"name":"wp","href":"https:\/\/api.w.org\/{rel}","templated":true}]}}