{"id":18931,"date":"2023-10-12T19:07:45","date_gmt":"2023-10-12T19:07:45","guid":{"rendered":"https:\/\/visualjournalism.de\/?p=18931"},"modified":"2025-01-09T20:14:40","modified_gmt":"2025-01-09T20:14:40","slug":"nordhorn-range-tieffluege-bomben-und-buergerproteste","status":"publish","type":"magazin","link":"https:\/\/visualjournalism.de\/en\/magazine\/randgebiet\/nordhorn-range-tieffluege-bomben-und-buergerproteste\/","title":{"rendered":"Nordhorn Range: Tieffl\u00fcge, Bomben und B\u00fcrgerproteste"},"content":{"rendered":"\r\n<div class=\"cover--lead-in has-spacing--m\">\r\n\r\n    \r\n    <div class=\"cover--lead-in__content typo--tiempos\">\r\n\r\n        <div class=\"entry-categories\">\n\t<a class=\"post__tag\" href=\"https:\/\/visualjournalism.de\/magazin-kategorie\/randgebiet\/\" rel=\"category tag\">Randgebiet<\/a><\/div>\r\n        <h2 class=\"cover--lead-in__headline \">\r\n            Nordhorn Range: Tieffl\u00fcge, Bomben und B\u00fcrgerproteste        <\/h2>\r\n\r\n                    <div class=\"cover--lead-in__text\">\r\n                <p>Nordhorn Range ist Deutschlands einziger \u00dcbungsplatz f\u00fcr Tieffl\u00fcge und Bombenabw\u00fcrfe. Anwohner*innen k\u00e4mpfen seit Jahren dagegen. \u00dcber ein Randgebiet im Konflikt. <strong>Von <a href=\"https:\/\/visualjournalism.de\/en\/sophie-boyer\/\" target=\"_blank\" rel=\"noopener\">Sophie Boyer<\/a> (Text, Fotos),\u00a0<a href=\"https:\/\/visualjournalism.de\/en\/conrad-froehlich\/\" target=\"_blank\" rel=\"noopener\">Conrad Fr\u00f6hlich<\/a> und <a href=\"https:\/\/visualjournalism.de\/en\/louisa-hertz\/\" target=\"_blank\" rel=\"noopener\">Louisa Hertz<\/a> (Text)<\/strong><\/p>\n            <\/div>\r\n        \r\n                    <div class=\"cover--lead-in__author\">\r\n                \r\n                    \r\n                            <figure class=\"cover--lead-in__author__image\">\r\n\r\n                                                                    <a href=\"https:\/\/visualjournalism.de\/sophie-boyer\/\" target=\"_blank\">\r\n                                \r\n                                <img loading=\"lazy\" decoding=\"async\"\r\n                                    src=\"https:\/\/visualjournalism.de\/wp-content\/uploads\/Portrait-Sophie-Boyer-2-68x68.jpg\"\r\n                                    srcset=\"https:\/\/visualjournalism.de\/wp-content\/uploads\/Portrait-Sophie-Boyer-2-68x68.jpg 68w, https:\/\/visualjournalism.de\/wp-content\/uploads\/Portrait-Sophie-Boyer-2-150x150.jpg 150w, https:\/\/visualjournalism.de\/wp-content\/uploads\/Portrait-Sophie-Boyer-2-52x52.jpg 52w, https:\/\/visualjournalism.de\/wp-content\/uploads\/Portrait-Sophie-Boyer-2-96x96.jpg 96w\"\r\n                                    width=\"68\"\r\n                                    height=\"68\"\r\n                                    alt=\"\"\r\n                                \/>\r\n\r\n                                                                    <\/a>\r\n                                \r\n                            <\/figure>\r\n\r\n                        \r\n                    \r\n                            <figure class=\"cover--lead-in__author__image\">\r\n\r\n                                                                    <a href=\"https:\/\/visualjournalism.de\/louisa-hertz\/\" target=\"_blank\">\r\n                                \r\n                                <img loading=\"lazy\" decoding=\"async\"\r\n                                    src=\"https:\/\/visualjournalism.de\/wp-content\/uploads\/MG_0169-Kopie-2-68x68.jpg\"\r\n                                    srcset=\"https:\/\/visualjournalism.de\/wp-content\/uploads\/MG_0169-Kopie-2-68x68.jpg 68w, https:\/\/visualjournalism.de\/wp-content\/uploads\/MG_0169-Kopie-2-150x150.jpg 150w, https:\/\/visualjournalism.de\/wp-content\/uploads\/MG_0169-Kopie-2-52x52.jpg 52w, https:\/\/visualjournalism.de\/wp-content\/uploads\/MG_0169-Kopie-2-96x96.jpg 96w\"\r\n                                    width=\"68\"\r\n                                    height=\"68\"\r\n                                    alt=\"\"\r\n                                \/>\r\n\r\n                                                                    <\/a>\r\n                                \r\n                            <\/figure>\r\n\r\n                        \r\n                    \r\n                            <figure class=\"cover--lead-in__author__image\">\r\n\r\n                                                                    <a href=\"https:\/\/visualjournalism.de\/conrad-froehlich\/\" target=\"_blank\">\r\n                                \r\n                                <img loading=\"lazy\" decoding=\"async\"\r\n                                    src=\"https:\/\/visualjournalism.de\/wp-content\/uploads\/IMG_3280-2-68x68.jpg\"\r\n                                    srcset=\"https:\/\/visualjournalism.de\/wp-content\/uploads\/IMG_3280-2-68x68.jpg 68w, https:\/\/visualjournalism.de\/wp-content\/uploads\/IMG_3280-2-150x150.jpg 150w, https:\/\/visualjournalism.de\/wp-content\/uploads\/IMG_3280-2-52x52.jpg 52w, https:\/\/visualjournalism.de\/wp-content\/uploads\/IMG_3280-2-96x96.jpg 96w\"\r\n                                    width=\"68\"\r\n                                    height=\"68\"\r\n                                    alt=\"\"\r\n                                \/>\r\n\r\n                                                                    <\/a>\r\n                                \r\n                            <\/figure>\r\n\r\n                                    <\/div><!-- .cover--lead-in__author -->\r\n        \r\n    <\/div><!-- .cover--lead-in__content -->\r\n\r\n    \r\n        <figure class=\"cover--lead-in__image cover--lead-in__media cover--lead-in__media--image\">\r\n            <img loading=\"lazy\" decoding=\"async\"\r\n                src=\"https:\/\/visualjournalism.de\/wp-content\/uploads\/5_DSC9341.jpg\"\r\n                srcset=\"https:\/\/visualjournalism.de\/wp-content\/uploads\/5_DSC9341.jpg 1600w, https:\/\/visualjournalism.de\/wp-content\/uploads\/5_DSC9341-300x200.jpg 300w, https:\/\/visualjournalism.de\/wp-content\/uploads\/5_DSC9341-1024x683.jpg 1024w, https:\/\/visualjournalism.de\/wp-content\/uploads\/5_DSC9341-768x512.jpg 768w, https:\/\/visualjournalism.de\/wp-content\/uploads\/5_DSC9341-1536x1024.jpg 1536w, https:\/\/visualjournalism.de\/wp-content\/uploads\/5_DSC9341-1400x934.jpg 1400w, https:\/\/visualjournalism.de\/wp-content\/uploads\/5_DSC9341-1050x700.jpg 1050w, https:\/\/visualjournalism.de\/wp-content\/uploads\/5_DSC9341-670x447.jpg 670w, https:\/\/visualjournalism.de\/wp-content\/uploads\/5_DSC9341-420x280.jpg 420w, https:\/\/visualjournalism.de\/wp-content\/uploads\/5_DSC9341-350x233.jpg 350w, https:\/\/visualjournalism.de\/wp-content\/uploads\/5_DSC9341-150x100.jpg 150w\"\r\n                width=\"1600\"\r\n                height=\"1067\"\r\n                alt=\"Ein Kampfjet fliegt \u00fcber die Nordhorn Range, einer milit\u00e4rischen Schie\u00dfanlage, w\u00e4hrend Rauch in der Ferne aufsteigt. Die Landschaft besteht aus weitl\u00e4ufigen Feldern und W\u00e4ldern unter einem bew\u00f6lkten Himmel.\"\r\n                style=\"object-position: 40% 99.5%\"\r\n            \/>\r\n        <\/figure>\r\n\r\n                    <span class=\"cover--lead-in__image-title\">\r\n                Ein Kampfjet \u00fcber dem Luft- und Bodenschie\u00dfplatz w\u00e4hrend seines \u00dcbungsfluges nach Abwurf einer Bombe mit \u00dcbungsmonition            <\/span>\r\n        \r\n    \r\n<\/div><!-- .cover--lead-in -->\r\n\r\n\n\n\n<p class=\"post__paragraph has-spacing--default\"><strong>Der Luft- und Bodenschie\u00dfplatz Nordhorn dient der Bundeswehr seit 2001 als letzter und einziger Bombenabwurfplatz Deutschlands.<\/strong> Hier f\u00fchren Kampfflugzeuge der NATO-Einheiten Tag und Nacht \u00dcbungsman\u00f6ver durch. Die \u00abNordhorn Range\u00bb, wie das Gel\u00e4nde auch genannt wird, ist ein Randgebiet im \u00e4u\u00dfersten S\u00fcdwesten Niedersachsens mit einer Fl\u00e4che von rund 2.300 Hektar, mehr als 3.200 Fu\u00dfballfeldern. Im Jahr 2000 fanden unter F\u00fchrung der British Royal Air Force mehr als 8.000 Zielanfl\u00fcge statt. Insbesondere zu dieser Zeit stand die Nutzung des Platzes aufgrund des Flugl\u00e4rms seitens der Bev\u00f6lkerung unter starker Kritik. <br><br>In den Jahren danach wurde es etwas ruhiger. 2018 waren es nur noch 784, wobei die Statistik der Zielanfl\u00fcge seither wieder steigt und im Jahr 2022 2.686 Zielanfl\u00fcge von NATO-Einheiten stattfanden. Seit Erweiterung des angrenzenden Naturschutzgebietes \u00abEngdener W\u00fcste\u00bb im Jahr 2002 steht die H\u00e4lfte des \u00dcbungsplatzes unter Naturschutz. Er grenzt mit seiner gro\u00dfen Fl\u00e4che an vier Gemeinden der Region.<\/p>\n\n\n\n<p class=\"post__paragraph has-spacing--m\">Die <a href=\"http:\/\/www.nordhorn-range-muss-weg.de\" target=\"_blank\" rel=\"noreferrer noopener\">Notgemeinschaft Nordhorn<\/a> k\u00e4mpft nun seit mehr als 50 Jahren gegen den Schie\u00df\u00fcbungsplatz. Die Kritikpunkte: Umweltbelastung, L\u00e4rm und Sicherheitsbedenken. \u00abWir haben damals mit der Bev\u00f6lkerung, die hier in Nordhorn und Umgebung wohnt, den Platz besetzt. Wir waren es einfach leid, den L\u00e4rm der D\u00fcsenj\u00e4ger aushalten zu m\u00fcssen\u00bb, erz\u00e4hlt G\u00fcnter Roelofs, kommissarisch gesch\u00e4ftsf\u00fchrender Sprecher der Notgemeinschaft Nordhorn-Range.\u00a0<\/p>\n\n\n    <figure class=\"block-photo post__image--wide-left has-spacing--m with-title\">\n\n        <div class=\"post__image__container\">\n            <img loading=\"lazy\" decoding=\"async\" \n                src=\"https:\/\/visualjournalism.de\/wp-content\/uploads\/3_DSC9374-1050x700.jpg\"\n                srcset=\"https:\/\/visualjournalism.de\/wp-content\/uploads\/3_DSC9374-1050x700.jpg 1050w, https:\/\/visualjournalism.de\/wp-content\/uploads\/3_DSC9374-300x200.jpg 300w, https:\/\/visualjournalism.de\/wp-content\/uploads\/3_DSC9374-1024x683.jpg 1024w, https:\/\/visualjournalism.de\/wp-content\/uploads\/3_DSC9374-768x512.jpg 768w, https:\/\/visualjournalism.de\/wp-content\/uploads\/3_DSC9374-1536x1024.jpg 1536w, https:\/\/visualjournalism.de\/wp-content\/uploads\/3_DSC9374-1400x934.jpg 1400w, https:\/\/visualjournalism.de\/wp-content\/uploads\/3_DSC9374-670x447.jpg 670w, https:\/\/visualjournalism.de\/wp-content\/uploads\/3_DSC9374-420x280.jpg 420w, https:\/\/visualjournalism.de\/wp-content\/uploads\/3_DSC9374-350x233.jpg 350w, https:\/\/visualjournalism.de\/wp-content\/uploads\/3_DSC9374-150x100.jpg 150w, https:\/\/visualjournalism.de\/wp-content\/uploads\/3_DSC9374.jpg 1600w\"\n                width=\"1050\" \n                height=\"700\"\n                alt=\"Koordination der \u00dcbungsfl\u00fcge der Kampfmaschinen in einem der drei Tower der Nordhorn Range.\" \n            \/>\n            \n                            <span class=\"post__image__title\">Koordination der \u00dcbungsfl\u00fcge der Kampfmaschinen in einem der drei Tower<\/span>\n                    <\/div><!-- post__image__container -->\n\n                    <figcaption class=\"post__image__caption--soehne\"><p><strong>Koordination der \u00dcbungsfl\u00fcge<\/strong> der Kampfmaschinen in einem der drei Tower.<\/p>\n<\/figcaption>\n        \n    <\/figure><!-- post__image -->\n\n\n\n\n<p class=\"post__paragraph has-spacing--m\"><strong>Die Notgemeinschaft vertritt die Anliegen der betroffenen B\u00fcrger*innen<\/strong>, stellt Forderungen an das Milit\u00e4r und ruft zu Protestaktionen auf. Obwohl der Luft-\/Bodenschie\u00dfplatz weiterhin aktiv genutzt wird, tr\u00e4gt das Fr\u00fcchte: \u00abDie Nichtflugzeit in den Sommerferien wurde von vier auf sechs Wochen angehoben. Au\u00dferdem gab es Erholungsreisen f\u00fcr Sch\u00fclerinnen und Sch\u00fcler an die Ostseek\u00fcste.\u00bb Zudem spricht der kommissarische Gesch\u00e4ftsf\u00fchrer \u00fcber finanzierte Vierfach-Verglasungen.\u00a0<br><br>So versucht die Notgemeinschaft, die Situation f\u00fcr die Anwohner*innen ertr\u00e4glicher zu machen. Denn gerade mit den aktuellen Ereignissen des <a href=\"https:\/\/visualjournalism.de\/magazin\/ideale\/bomben-verandern-ideale\/\" target=\"_blank\" rel=\"noreferrer noopener\">Angriffskrieges von Russland auf die Ukraine<\/a> im Hinterkopf scheint es unrealistisch, dass die Bundeswehr den \u00dcbungsplatz in Nordhorn aufgibt. Daf\u00fcr br\u00e4uchte es schlie\u00dflich eine Mehrheit der <a href=\"https:\/\/visualjournalism.de\/magazin\/macht-und-kontrolle\/friedrich-merz-zwischen-blackrock-und-kanzleramt\/\" target=\"_blank\" rel=\"noreferrer noopener\">Abgeordneten<\/a> im Bundestag: \u00abDas wird wohl nicht passieren\u00bb, meint Roelofs. Die Bundeswehr sitze eben am l\u00e4ngeren Hebel. \u00abDie sagen einfach \u2039Nein\u203a und wir k\u00f6nnen weder gerichtlich dagegen vorgehen noch sonst irgendetwas machen.\u00bb\u00a0<\/p>\n\n\n    <figure class=\"block-photo post__image--wide-left has-spacing--m with-title\">\n\n        <div class=\"post__image__container\">\n            <img loading=\"lazy\" decoding=\"async\" \n                src=\"https:\/\/visualjournalism.de\/wp-content\/uploads\/9_DSC9380-1050x758.jpg\"\n                srcset=\"https:\/\/visualjournalism.de\/wp-content\/uploads\/9_DSC9380-1050x758.jpg 1050w, https:\/\/visualjournalism.de\/wp-content\/uploads\/9_DSC9380-300x217.jpg 300w, https:\/\/visualjournalism.de\/wp-content\/uploads\/9_DSC9380-1024x739.jpg 1024w, https:\/\/visualjournalism.de\/wp-content\/uploads\/9_DSC9380-768x554.jpg 768w, https:\/\/visualjournalism.de\/wp-content\/uploads\/9_DSC9380-1536x1109.jpg 1536w, https:\/\/visualjournalism.de\/wp-content\/uploads\/9_DSC9380-1400x1011.jpg 1400w, https:\/\/visualjournalism.de\/wp-content\/uploads\/9_DSC9380-670x484.jpg 670w, https:\/\/visualjournalism.de\/wp-content\/uploads\/9_DSC9380-420x303.jpg 420w, https:\/\/visualjournalism.de\/wp-content\/uploads\/9_DSC9380-350x253.jpg 350w, https:\/\/visualjournalism.de\/wp-content\/uploads\/9_DSC9380-150x108.jpg 150w, https:\/\/visualjournalism.de\/wp-content\/uploads\/9_DSC9380.jpg 1600w\"\n                width=\"1050\" \n                height=\"758\"\n                alt=\"Eine Bildschirmanzeige zeigt eine Luftaufnahme der Nordhorn Range, die mit einer roten Linie umrandet ist. Auf dem Schreibtisch vor dem Bildschirm liegen mehrere farbige Akten und Dokumente.\" \n            \/>\n            \n                            <span class=\"post__image__title\">2.193 ha Fl\u00e4che des Luft- und Bodenschie\u00dfplatzes als Randgebiet mit angrenzenden Landkreisen in Niedersachsen<\/span>\n                    <\/div><!-- post__image__container -->\n\n                    <figcaption class=\"post__image__caption--soehne\"><p><strong>Auf der Fl\u00e4che des Luft- und Bodenschie\u00dfplatzes<\/strong> h\u00e4tten 3.200 Fu\u00dfballfelder Platz.<\/p>\n<\/figcaption>\n        \n    <\/figure><!-- post__image -->\n\n\n\n\n<p class=\"post__paragraph has-spacing--default\"><strong>Doch auch der bekennende Gegner der Range kann das Handeln von Politik und Bundeswehr im Rahmen des Russland-Krieges verstehen:<\/strong> \u00abWenn jetzt gerade in der Ukraine Krieg ist, ist es f\u00fcr uns nat\u00fcrlich eine bl\u00f6de Position zu sagen, dass der Platz jetzt weg muss. Die Argumente, dass die NATO und die Bundeswehr im Moment \u00fcben m\u00fcssen, kann ich verstehen.\u00bb&nbsp;<\/p>\n\n\n\n<p class=\"post__paragraph is-style-default has-spacing--m\">Das bringt G\u00fcnter Roelofs allerdings nicht von seinem allgemeinen Ziel ab: \u00abUnser Auftrag und unser Wille ist, dass der Platz ersatzlos aufgegeben wird. Auch andere sollen nicht die Belastung sp\u00fcren, die wir ertragen mussten.\u00bb&nbsp;<br><br>\u00abZw\u00f6lf Jahre habe ich den L\u00e4rm-Terror erfahren und mitbekommen. Ich habe mal der Bundeswehr gesagt, dass ich l\u00e4rmgesch\u00e4digt bin und habe das dann auch begr\u00fcndet. Es gibt auch Leute, die dadurch psychisch angeknackst sind\u00bb, sagt der Gesch\u00e4ftsf\u00fchrer. \u00abIch mache das auch f\u00fcr die Bev\u00f6lkerung. Was passiert zum Beispiel, wenn Jugendliche irgendwie auf das Gel\u00e4nde kommen und dann Munitionsreste finden? Da gab es sogar einen Fall, der f\u00fcr einen Jugendlichen t\u00f6dlich geendet ist. Auch heute kann man noch illegal auf den Platz kommen, wenn man will.\u00bb Roelofs macht zwar deutlich, dass das Milit\u00e4r die Sicherheitsvorkehrungen verst\u00e4rkt habe, doch ein Restrisiko lie\u00dfe ich sich nicht vermeiden: \u00abVor ein paar Jahren ist eine Maschine mit \u00dcbungsraketen unter den Fl\u00fcgeln gestartet. Dabei sind zwei Raketen verloren gegangen und noch heute wei\u00df man nicht, wo sie sind.\u00bb&nbsp;<br><br><strong>Die kritische Haltung der Notgemeinschaft hier, die Notwendigkeiten der Bundeswehr dort<\/strong> \u2013 das l\u00e4sst verh\u00e4rtete Fronten erwarten. \u00abDie letzten beiden Platzkommandanten, die wir gehabt haben, waren freundlich zu uns. Sie waren aufgeschlossen und man konnte mit ihnen reden. Aber sie haben nat\u00fcrlich ihre Richtlinie und k\u00f6nnen uns keine Zugest\u00e4ndnisse machen\u00bb, erkl\u00e4rt Roelofs.&nbsp;&nbsp;<\/p>\n\n\n\n<div class=\"tableau has-spacing--m\">\n\t\n\n<div class=\"tableau__column--left\">\n    \n\r\n<div class=\"embed-block has-spacing--m\">\r\n\r\n    <div \r\n        class=\"embed-block__wrapper ratio-aspect-ratio--4-3\" \r\n        style=\"\"\r\n    >\r\n        <iframe title=\"\" aria-label=\"Locator-Karte\" id=\"datawrapper-chart-6YQbJ\" src=\"https:\/\/datawrapper.dwcdn.net\/6YQbJ\/1\/\" scrolling=\"no\" frameborder=\"0\" style=\"width: 0; min-width: 100% !important; border: none;\" height=\"493\" data-external=\"1\"><\/iframe><script type=\"text\/javascript\">!function(){\"use strict\";window.addEventListener(\"message\",(function(a){if(void 0!==a.data[\"datawrapper-height\"]){var e=document.querySelectorAll(\"iframe\");for(var t in a.data[\"datawrapper-height\"])for(var r=0;r<e.length;r++)if(e[r].contentWindow===a.source){var i=a.data[\"datawrapper-height\"][t]+\"px\";e[r].style.height=i}}}))}();\r\n<\/script>    <\/div>\r\n\r\n    <div class=\"embed-block__caption\">\r\n        \n\n<p class=\"post__paragraph has-spacing--default\"><\/p>\n\n    <\/div>\r\n\r\n<\/div>\r\n\n\n<\/div>\n\n\n<div class=\"tableau__column--right\">\n    \n<\/div>\n<\/div>\n\n\n<div class=\"devider has-spacing--none\">\n    <hr>\n<\/div>\n\n\n \n\n    <div id=\"lead-in-block_58bb9d65dfecafa0df146d63abcc2003\" class=\"block-lead-in typo--default font-size--xl has-spacing--m width--default\">\n        <h2>Das sagt die Bundeswehr:<\/h2>\n<p><a href=\"https:\/\/www.noz.de\/lokales\/lingen\/artikel\/ralf-wieland-ist-der-neue-kommandant-von-nordhorn-range-20964512\" target=\"_blank\" rel=\"noopener\">Ralf Wieland<\/a>, Oberstleutnant und Kommandant des Luft- und Bodenschie\u00dfplatzes, nimmt schriftlich Stellung zur Kritik an der Nordhorn-Range.<\/p>\n    <\/div>\n\n\n\n    <figure class=\"block-photo post__image--wide-left has-spacing--m with-title\">\n\n        <div class=\"post__image__container\">\n            <img loading=\"lazy\" decoding=\"async\" \n                src=\"https:\/\/visualjournalism.de\/wp-content\/uploads\/4_DSC9374-2-1050x700.jpg\"\n                srcset=\"https:\/\/visualjournalism.de\/wp-content\/uploads\/4_DSC9374-2-1050x700.jpg 1050w, https:\/\/visualjournalism.de\/wp-content\/uploads\/4_DSC9374-2-300x200.jpg 300w, https:\/\/visualjournalism.de\/wp-content\/uploads\/4_DSC9374-2-1024x683.jpg 1024w, https:\/\/visualjournalism.de\/wp-content\/uploads\/4_DSC9374-2-768x512.jpg 768w, https:\/\/visualjournalism.de\/wp-content\/uploads\/4_DSC9374-2-1536x1024.jpg 1536w, https:\/\/visualjournalism.de\/wp-content\/uploads\/4_DSC9374-2-1400x934.jpg 1400w, https:\/\/visualjournalism.de\/wp-content\/uploads\/4_DSC9374-2-670x447.jpg 670w, https:\/\/visualjournalism.de\/wp-content\/uploads\/4_DSC9374-2-420x280.jpg 420w, https:\/\/visualjournalism.de\/wp-content\/uploads\/4_DSC9374-2-350x233.jpg 350w, https:\/\/visualjournalism.de\/wp-content\/uploads\/4_DSC9374-2-150x100.jpg 150w, https:\/\/visualjournalism.de\/wp-content\/uploads\/4_DSC9374-2.jpg 1600w\"\n                width=\"1050\" \n                height=\"700\"\n                alt=\"Landschaftsaufnahme Nordhorn Range\" \n            \/>\n            \n                            <span class=\"post__image__title\">Auf dem Gel\u00e4nde des Luft- und Bodenschie\u00dfplatzes. Atrappe einer Autokarawane als Beschussziel<\/span>\n                    <\/div><!-- post__image__container -->\n\n                    <figcaption class=\"post__image__caption--soehne\"><p><strong>Auf dem Gel\u00e4nde des Luft- und Bodenschie\u00dfplatzes.<\/strong> Atrappe einer Autokolonne als Beschussziel.<\/p>\n<\/figcaption>\n        \n    <\/figure><!-- post__image -->\n\n\n\n\n<p class=\"post__paragraph is-style-typo--soehne has-spacing--default\"><strong>Was denken Sie \u00fcber Beschwerden der Bewohner bez\u00fcglich des Flugl\u00e4rms?&nbsp;<\/strong><\/p>\n\n\n\n<p class=\"post__paragraph has-spacing--s\">Dass es sch\u00f6n ist, in einem Staat zu leben, wo es jedem B\u00fcrger erlaubt ist, sich gegen \u00fcberm\u00e4\u00dfige Belastung wie L\u00e4rm zu beschweren. L\u00e4rm ist aber eine subjektive Wahrnehmung. 100 dB (A) eines Presslufthammers sind st\u00f6rend, 100 dB (A) meiner Lieblingsmusik sind toll! Ich sehe es daher als meine Aufgabe, den Anwohner*innen die Aufgabe und Funktion der Nordhorn-Range mit allen ihren Vor- und Nachteilen n\u00e4herzubringen und zu verdeutlichen. Ich kann dann Schalldruck zwar nicht verhindern, mit Verst\u00e4ndnis oder einer positiven Einstellung zur Bundeswehr l\u00e4sst sich aber besser damit leben. Ich kann zumindest f\u00fcr die Nordhorn-Range feststellen, dass die Anzahl der Beschwerden r\u00fcckl\u00e4ufig ist.&nbsp;<\/p>\n\n\n\n<p class=\"post__paragraph is-style-typo--soehne has-spacing--default\"><strong>Wie kommt die Bundeswehr den Anwohner*innen da entgegen? <\/strong><\/p>\n\n\n\n<p class=\"post__paragraph is-style-default has-spacing--s\">Wir informieren die Anwohner*innen. Jedes Jahr findet seit 2002 dazu eine gesonderte Flugl\u00e4rmkommission statt. Dazu k\u00f6nnen Vertreter der Kommunen und der Notgemeinschaft im Vorfeld gezielte Fragen stellen, sie werden w\u00e4hrend der Veranstaltung \u00fcber den Flugbetrieb der letzten Jahre informiert. Das beinhaltet Betriebs- und Schie\u00dfzeiten sowie schie\u00dffreie Zeiten.&nbsp;<\/p>\n\n\n\n<p class=\"post__paragraph is-style-typo--soehne has-spacing--default\"><strong>Kommt die Bundeswehr f\u00fcr k\u00f6rperliche Sch\u00e4den mancher Anwohner*innen durch den L\u00e4rm auf?&nbsp;&nbsp;<\/strong><\/p>\n\n\n\n<p class=\"post__paragraph has-spacing--m\">Die Entsch\u00e4digung der Anwohner*innen erfolgt nach den Vorgaben des Flugl\u00e4rmgesetzes und in Verbindung mit den festgelegten L\u00e4rmschutzzonen im Bereich der Nordhorn-Range.&nbsp;<\/p>\n\n\n    <figure class=\"block-photo post__image--wide-left has-spacing--m with-title\">\n\n        <div class=\"post__image__container\">\n            <img loading=\"lazy\" decoding=\"async\" \n                src=\"https:\/\/visualjournalism.de\/wp-content\/uploads\/6_DSC9378-1050x700.jpg\"\n                srcset=\"https:\/\/visualjournalism.de\/wp-content\/uploads\/6_DSC9378-1050x700.jpg 1050w, https:\/\/visualjournalism.de\/wp-content\/uploads\/6_DSC9378-300x200.jpg 300w, https:\/\/visualjournalism.de\/wp-content\/uploads\/6_DSC9378-1024x683.jpg 1024w, https:\/\/visualjournalism.de\/wp-content\/uploads\/6_DSC9378-768x512.jpg 768w, https:\/\/visualjournalism.de\/wp-content\/uploads\/6_DSC9378-1536x1024.jpg 1536w, https:\/\/visualjournalism.de\/wp-content\/uploads\/6_DSC9378-1400x934.jpg 1400w, https:\/\/visualjournalism.de\/wp-content\/uploads\/6_DSC9378-670x447.jpg 670w, https:\/\/visualjournalism.de\/wp-content\/uploads\/6_DSC9378-420x280.jpg 420w, https:\/\/visualjournalism.de\/wp-content\/uploads\/6_DSC9378-350x233.jpg 350w, https:\/\/visualjournalism.de\/wp-content\/uploads\/6_DSC9378-150x100.jpg 150w, https:\/\/visualjournalism.de\/wp-content\/uploads\/6_DSC9378.jpg 1600w\"\n                width=\"1050\" \n                height=\"700\"\n                alt=\"Landschaftsaufnahme Nordhorn Range\" \n            \/>\n            \n                            <span class=\"post__image__title\">Beschussziel &quot;Target 2 - INDIA&quot; fu\u0308r Abwurfmunition bei Tag + Nacht und f\u00fcr\rden Einsatz von Laser zur Zielfu\u0308hrung durch JTAC.<\/span>\n                    <\/div><!-- post__image__container -->\n\n                    <figcaption class=\"post__image__caption--soehne\"><p><strong>Beschussziel &#8222;Target 2 &#8211; INDIA&#8220;<\/strong> fu\u0308r Abwurfmunition bei Tag und Nacht und f\u00fcr den Einsatz von Laser zur Zielfu\u0308hrung durch JTAC.<\/p>\n<\/figcaption>\n        \n    <\/figure><!-- post__image -->\n\n\n\n\n<p class=\"post__paragraph is-style-typo--soehne has-spacing--xs\"><strong>Warum ist der Schie\u00dfplatz in Nordhorn f\u00fcr die Bundeswehr notwendig?&nbsp;<\/strong><\/p>\n\n\n\n<p class=\"post__paragraph is-style-default has-spacing--s\">Um als Bundeswehr unseren Auftrag zum Schutz der Bev\u00f6lkerung sicherstellen zu k\u00f6nnen, muss der Umgang und die Handhabung mit allen Waffensystemen zu Land, Wasser und in der Luft ge\u00fcbt werden k\u00f6nnen. Was nicht im Vorfeld ge\u00fcbt wird, funktioniert im Ernstfall nicht. Die Nordhorn-Range ist der einzige und letzte Luft-Boden-Schie\u00dfplatz in der Bundeswehr. Damit schlie\u00dfen sich m\u00f6gliche Alternativen aus!&nbsp;<\/p>\n\n\n\n<p class=\"post__paragraph is-style-typo--soehne has-spacing--default\"><strong>Aktuell f\u00fchrt Russland Krieg gegen die Ukraine, auch aus der Luft.&nbsp; Wird die Zahl der \u00dcbungsfl\u00fcge der Bundeswehr dadurch ansteigen?&nbsp;<\/strong><\/p>\n\n\n\n<p class=\"post__paragraph has-spacing--m\">Das kann seri\u00f6s aktuell nicht beantwortet werden und ist stark abh\u00e4ngig vom weiteren Verlauf der K\u00e4mpfe und dem Primat der Politik.<\/p>\n\n\n    <figure class=\"block-photo post__image--wide-left has-spacing--s with-title\">\n\n        <div class=\"post__image__container\">\n            <img loading=\"lazy\" decoding=\"async\" \n                src=\"https:\/\/visualjournalism.de\/wp-content\/uploads\/1_DSC9407-1050x700.jpg\"\n                srcset=\"https:\/\/visualjournalism.de\/wp-content\/uploads\/1_DSC9407-1050x700.jpg 1050w, https:\/\/visualjournalism.de\/wp-content\/uploads\/1_DSC9407-300x200.jpg 300w, https:\/\/visualjournalism.de\/wp-content\/uploads\/1_DSC9407-1024x683.jpg 1024w, https:\/\/visualjournalism.de\/wp-content\/uploads\/1_DSC9407-768x512.jpg 768w, https:\/\/visualjournalism.de\/wp-content\/uploads\/1_DSC9407-1536x1024.jpg 1536w, https:\/\/visualjournalism.de\/wp-content\/uploads\/1_DSC9407-1400x934.jpg 1400w, https:\/\/visualjournalism.de\/wp-content\/uploads\/1_DSC9407-670x447.jpg 670w, https:\/\/visualjournalism.de\/wp-content\/uploads\/1_DSC9407-420x280.jpg 420w, https:\/\/visualjournalism.de\/wp-content\/uploads\/1_DSC9407-350x233.jpg 350w, https:\/\/visualjournalism.de\/wp-content\/uploads\/1_DSC9407-150x100.jpg 150w, https:\/\/visualjournalism.de\/wp-content\/uploads\/1_DSC9407.jpg 1600w\"\n                width=\"1050\" \n                height=\"700\"\n                alt=\"Der Luft- und Bodenschie\u00dfplatz Nordhorn dient der Bundeswehr seit 2001 als letzter und einziger Bombenabwurfplatz Deutschlands f\u00fcr \u00dcbungsman\u00f6ver von Kampfflugzeugen der NATO-Einheiten bei Tag und bei Nacht.\" \n            \/>\n            \n                            <span class=\"post__image__title\">Das Randbebiet zum Luft- und Bodenschie\u00dfplatz. Erkenntlich gesichert mit Warnschildern &quot;Milit\u00e4rischer Bereich&quot;<\/span>\n                    <\/div><!-- post__image__container -->\n\n                    <figcaption class=\"post__image__caption--soehne\"><p><strong>Das Randgebiet zum Luft- und Bodenschie\u00dfplatz.<\/strong> Deutlich gesichert mit Warnschildern \u00abMilit\u00e4rischer Bereich\u00bb.<\/p>\n<\/figcaption>\n        \n    <\/figure><!-- post__image -->\n\n\n\n\n<div class=\"wp-block-group has-spacing--default has-spacing--default\">\n<div class=\"devider has-spacing--none\">\n    <hr>\n<\/div>\n\n\n \n\n    <div id=\"lead-in-block_aa49dfb135a6f2fe99a488275beba9fd\" class=\"block-lead-in typo--default font-size--xl has-spacing--s width--default\">\n        <p><strong>Empfehlungen der Redaktion:<\/strong><\/p>\n    <\/div>\n\n\n\n\r\n\r\n\r\n\n\n\r\n\r\n\r\n\r\n        <div class=\"teaser-grid grid-layout--3col has-spacing--s width--inline\">\r\n\r\n            \r\n                <article class=\"post-teaser\">\r\n\r\n                    <a href=\"https:\/\/visualjournalism.de\/en\/magazine\/sammeln\/kugelschreiber-geschichten-zwischen-budapest-und-brockel\/\" rel=\"permalink\">\r\n\r\n                        <div class=\"post-teaser__content\">\r\n\r\n                            <span class=\"entry-categories\">Sammeln<\/span>\r\n                            <h3 class=\"post-teaser__headline\">\r\n                                Der K\u00f6nig der Kulis                            <\/h3>\r\n\r\n                            <div class=\"post-teaser__excerpt\">\r\n                                <p>Klack-Kulis, Sondereditionen, Werbegeschenke: Heinz-Hermann hat sie alle. \u00dcber 200.000 Kugelschreiber finden in seiner Sammlung Platz. Eine Geschichte des Kulis \u2013 von Budapest bis Brockel.<\/p>\r\n                            <\/div>\r\n\r\n                        <\/div><!-- .post-teaser__content -->\r\n\r\n\r\n                        \r\n                            <figure class=\"post-teaser__image\">\r\n                                <img loading=\"lazy\" decoding=\"async\"  \r\n                                    src=\"https:\/\/visualjournalism.de\/wp-content\/uploads\/Sammeln-4_Inga-Kloeber-768x512.jpg\" \r\n                                    srcset=\"https:\/\/visualjournalism.de\/wp-content\/uploads\/Sammeln-4_Inga-Kloeber-768x512.jpg 768w, https:\/\/visualjournalism.de\/wp-content\/uploads\/Sammeln-4_Inga-Kloeber-300x200.jpg 300w, https:\/\/visualjournalism.de\/wp-content\/uploads\/Sammeln-4_Inga-Kloeber-1024x682.jpg 1024w, https:\/\/visualjournalism.de\/wp-content\/uploads\/Sammeln-4_Inga-Kloeber-1536x1024.jpg 1536w, https:\/\/visualjournalism.de\/wp-content\/uploads\/Sammeln-4_Inga-Kloeber-1920x1280.jpg 1920w, https:\/\/visualjournalism.de\/wp-content\/uploads\/Sammeln-4_Inga-Kloeber-1400x933.jpg 1400w, https:\/\/visualjournalism.de\/wp-content\/uploads\/Sammeln-4_Inga-Kloeber-1050x700.jpg 1050w, https:\/\/visualjournalism.de\/wp-content\/uploads\/Sammeln-4_Inga-Kloeber-670x447.jpg 670w, https:\/\/visualjournalism.de\/wp-content\/uploads\/Sammeln-4_Inga-Kloeber-420x280.jpg 420w, https:\/\/visualjournalism.de\/wp-content\/uploads\/Sammeln-4_Inga-Kloeber-350x233.jpg 350w, https:\/\/visualjournalism.de\/wp-content\/uploads\/Sammeln-4_Inga-Kloeber-150x100.jpg 150w, https:\/\/visualjournalism.de\/wp-content\/uploads\/Sammeln-4_Inga-Kloeber.jpg 2000w\" \r\n                                    width=\"768\"  \r\n                                    height=\"512\" \r\n                                    alt=\"Nahaufnahme eines mehrst\u00f6ckigen Regals in dem sich bunte Kisten befinden. Diese sind bis obenhin mit Kugelschreibern gef\u00fcllt.\"\r\n                                \/>\r\n                            <\/figure>\r\n\r\n                        \r\n                    \r\n                    <\/a>\r\n\r\n                <\/article><!--- .post-teaser-->\r\n\r\n            \r\n                <article class=\"post-teaser\">\r\n\r\n                    <a href=\"https:\/\/visualjournalism.de\/en\/magazine\/sammeln\/bibliothek-der-geretteten-buecher\/\" rel=\"permalink\">\r\n\r\n                        <div class=\"post-teaser__content\">\r\n\r\n                            <span class=\"entry-categories\">Sammeln<\/span>\r\n                            <h3 class=\"post-teaser__headline\">\r\n                                Bibliothek der geretteten B\u00fccher                            <\/h3>\r\n\r\n                            <div class=\"post-teaser__excerpt\">\r\n                                <p>Wie ein Pfarrer aus Niedersachsen Tausende DDR-B\u00fccher vor der Vernichtung rettete \u2013 und warum eines davon eine entscheidende technische Spur f\u00fcr die Forschung im All lieferte.<\/p>\r\n                            <\/div>\r\n\r\n                        <\/div><!-- .post-teaser__content -->\r\n\r\n\r\n                        \r\n                            <figure class=\"post-teaser__image\">\r\n                                <img loading=\"lazy\" decoding=\"async\"  \r\n                                    src=\"https:\/\/visualjournalism.de\/wp-content\/uploads\/MuellerVahl_Thomas_Sammeln-04-768x511.jpg\" \r\n                                    srcset=\"https:\/\/visualjournalism.de\/wp-content\/uploads\/MuellerVahl_Thomas_Sammeln-04-768x511.jpg 768w, https:\/\/visualjournalism.de\/wp-content\/uploads\/MuellerVahl_Thomas_Sammeln-04-300x200.jpg 300w, https:\/\/visualjournalism.de\/wp-content\/uploads\/MuellerVahl_Thomas_Sammeln-04-1024x681.jpg 1024w, https:\/\/visualjournalism.de\/wp-content\/uploads\/MuellerVahl_Thomas_Sammeln-04-1536x1022.jpg 1536w, https:\/\/visualjournalism.de\/wp-content\/uploads\/MuellerVahl_Thomas_Sammeln-04-2048x1363.jpg 2048w, https:\/\/visualjournalism.de\/wp-content\/uploads\/MuellerVahl_Thomas_Sammeln-04-1920x1277.jpg 1920w, https:\/\/visualjournalism.de\/wp-content\/uploads\/MuellerVahl_Thomas_Sammeln-04-1400x931.jpg 1400w, https:\/\/visualjournalism.de\/wp-content\/uploads\/MuellerVahl_Thomas_Sammeln-04-1050x699.jpg 1050w, https:\/\/visualjournalism.de\/wp-content\/uploads\/MuellerVahl_Thomas_Sammeln-04-670x446.jpg 670w, https:\/\/visualjournalism.de\/wp-content\/uploads\/MuellerVahl_Thomas_Sammeln-04-420x279.jpg 420w, https:\/\/visualjournalism.de\/wp-content\/uploads\/MuellerVahl_Thomas_Sammeln-04-350x233.jpg 350w, https:\/\/visualjournalism.de\/wp-content\/uploads\/MuellerVahl_Thomas_Sammeln-04-150x100.jpg 150w\" \r\n                                    width=\"768\"  \r\n                                    height=\"511\" \r\n                                    alt=\"\"\r\n                                \/>\r\n                            <\/figure>\r\n\r\n                        \r\n                    \r\n                    <\/a>\r\n\r\n                <\/article><!--- .post-teaser-->\r\n\r\n            \r\n                <article class=\"post-teaser\">\r\n\r\n                    <a href=\"https:\/\/visualjournalism.de\/en\/magazine\/sammeln\/kippenkult-und-krebsromantik\/\" rel=\"permalink\">\r\n\r\n                        <div class=\"post-teaser__content\">\r\n\r\n                            <span class=\"entry-categories\">Sammeln<\/span>\r\n                            <h3 class=\"post-teaser__headline\">\r\n                                Kippenkult und Krebsromantik                            <\/h3>\r\n\r\n                            <div class=\"post-teaser__excerpt\">\r\n                                <p>Ein Fotobuch \u00fcber Zigaretten, Sucht und Rauchbiografien: \u00abPleasure to Burn\u00bb verherrlicht das Rauchen \u2013 und meint es dabei nur halb so ernst.<\/p>\r\n                            <\/div>\r\n\r\n                        <\/div><!-- .post-teaser__content -->\r\n\r\n\r\n                        \r\n                            <figure class=\"post-teaser__image\">\r\n                                <img loading=\"lazy\" decoding=\"async\"  \r\n                                    src=\"https:\/\/visualjournalism.de\/wp-content\/uploads\/Max_Schlag_Kippenkult__Krebsromantik-768x580.png\" \r\n                                    srcset=\"https:\/\/visualjournalism.de\/wp-content\/uploads\/Max_Schlag_Kippenkult__Krebsromantik-768x580.png 768w, https:\/\/visualjournalism.de\/wp-content\/uploads\/Max_Schlag_Kippenkult__Krebsromantik-300x226.png 300w, https:\/\/visualjournalism.de\/wp-content\/uploads\/Max_Schlag_Kippenkult__Krebsromantik-1024x773.png 1024w, https:\/\/visualjournalism.de\/wp-content\/uploads\/Max_Schlag_Kippenkult__Krebsromantik-1050x792.png 1050w, https:\/\/visualjournalism.de\/wp-content\/uploads\/Max_Schlag_Kippenkult__Krebsromantik-670x506.png 670w, https:\/\/visualjournalism.de\/wp-content\/uploads\/Max_Schlag_Kippenkult__Krebsromantik-420x317.png 420w, https:\/\/visualjournalism.de\/wp-content\/uploads\/Max_Schlag_Kippenkult__Krebsromantik-350x264.png 350w, https:\/\/visualjournalism.de\/wp-content\/uploads\/Max_Schlag_Kippenkult__Krebsromantik-150x113.png 150w, https:\/\/visualjournalism.de\/wp-content\/uploads\/Max_Schlag_Kippenkult__Krebsromantik.png 1304w\" \r\n                                    width=\"768\"  \r\n                                    height=\"580\" \r\n                                    alt=\"Zwei H\u00e4nde teilen sich in antik anmutender \u00c4sthetik eine Zigarette, Blitz, Editorial, Fotografie, Rauchen, Sucht\"\r\n                                \/>\r\n                            <\/figure>\r\n\r\n                        \r\n                    \r\n                    <\/a>\r\n\r\n                <\/article><!--- .post-teaser-->\r\n\r\n            \r\n        <\/div><!-- .teaser-grid -->\r\n\r\n\n\n\r\n\r\n\r\n\n\n\n    <div class=\"btn-wrapper has-spacing--m\">\n        <a class=\"btn\" href=\"https:\/\/visualjournalism.de\/magazin\/\" target=\"_blank\">ZUR MAGAZIN-STARTSEITE<\/a>\n    <\/div>\n<\/div>\n","protected":false},"author":37,"featured_media":18937,"template":"","tags":[145],"magazinkategorie":[169],"class_list":["post-18931","magazin","type-magazin","status-publish","has-post-thumbnail","hentry","tag-randgebiet","magazinkategorie-randgebiet"],"acf":[],"yoast_head":"<!-- This site is optimized with the Yoast SEO Premium plugin v27.3 (Yoast SEO v27.3) - https:\/\/yoast.com\/product\/yoast-seo-premium-wordpress\/ -->\n<title>Nordhorn Range: Tieffl\u00fcge, Bomben und B\u00fcrgerproteste &#8211; Visual Journalism and Documentary Photography<\/title>\n<meta name=\"description\" content=\"Nordhorn Range ist Deutschlands einziger \u00dcbungsplatz f\u00fcr Tieffl\u00fcge und Bombenabw\u00fcrfe. Anwohner*innen k\u00e4mpfen seit Jahren dagegen.\" \/>\n<meta name=\"robots\" content=\"index, follow, max-snippet:-1, max-image-preview:large, max-video-preview:-1\" \/>\n<link rel=\"canonical\" href=\"https:\/\/visualjournalism.de\/en\/magazine\/randgebiet\/nordhorn-range-tieffluege-bomben-und-buergerproteste\/\" \/>\n<meta property=\"og:locale\" content=\"en_US\" \/>\n<meta property=\"og:type\" content=\"article\" \/>\n<meta property=\"og:title\" content=\"Nordhorn Range: Tieffl\u00fcge, Bomben und B\u00fcrgerproteste\" \/>\n<meta property=\"og:description\" content=\"Nordhorn Range ist Deutschlands einziger \u00dcbungsplatz f\u00fcr Tieffl\u00fcge und Bombenabw\u00fcrfe. Anwohner*innen k\u00e4mpfen seit Jahren dagegen.\" \/>\n<meta property=\"og:url\" content=\"https:\/\/visualjournalism.de\/en\/magazine\/randgebiet\/nordhorn-range-tieffluege-bomben-und-buergerproteste\/\" \/>\n<meta property=\"og:site_name\" content=\"Visual Journalism and Documentary Photography\" \/>\n<meta property=\"article:publisher\" content=\"https:\/\/www.facebook.com\/people\/wwwfotostudentende\/100065173703897\/\" \/>\n<meta property=\"article:modified_time\" content=\"2025-01-09T20:14:40+00:00\" \/>\n<meta property=\"og:image\" content=\"https:\/\/visualjournalism.de\/wp-content\/uploads\/3_DSC9374.jpg\" \/>\n\t<meta property=\"og:image:width\" content=\"1600\" \/>\n\t<meta property=\"og:image:height\" content=\"1067\" \/>\n\t<meta property=\"og:image:type\" content=\"image\/jpeg\" \/>\n<meta name=\"twitter:card\" content=\"summary_large_image\" \/>\n<meta name=\"twitter:site\" content=\"@HsHannover\" \/>\n<meta name=\"twitter:label1\" content=\"Est. reading time\" \/>\n\t<meta name=\"twitter:data1\" content=\"6 minutes\" \/>\n<script type=\"application\/ld+json\" class=\"yoast-schema-graph\">{\"@context\":\"https:\\\/\\\/schema.org\",\"@graph\":[{\"@type\":\"WebPage\",\"@id\":\"https:\\\/\\\/visualjournalism.de\\\/en\\\/magazine\\\/randgebiet\\\/nordhorn-range-tieffluege-bomben-und-buergerproteste\\\/\",\"url\":\"https:\\\/\\\/visualjournalism.de\\\/en\\\/magazine\\\/randgebiet\\\/nordhorn-range-tieffluege-bomben-und-buergerproteste\\\/\",\"name\":\"Nordhorn Range: Tieffl\u00fcge, Bomben und B\u00fcrgerproteste &#8211; Visual Journalism and Documentary Photography\",\"isPartOf\":{\"@id\":\"https:\\\/\\\/visualjournalism.de\\\/en\\\/#website\"},\"primaryImageOfPage\":{\"@id\":\"https:\\\/\\\/visualjournalism.de\\\/en\\\/magazine\\\/randgebiet\\\/nordhorn-range-tieffluege-bomben-und-buergerproteste\\\/#primaryimage\"},\"image\":{\"@id\":\"https:\\\/\\\/visualjournalism.de\\\/en\\\/magazine\\\/randgebiet\\\/nordhorn-range-tieffluege-bomben-und-buergerproteste\\\/#primaryimage\"},\"thumbnailUrl\":\"https:\\\/\\\/visualjournalism.de\\\/wp-content\\\/uploads\\\/3_DSC9374.jpg\",\"datePublished\":\"2023-10-12T19:07:45+00:00\",\"dateModified\":\"2025-01-09T20:14:40+00:00\",\"description\":\"Nordhorn Range ist Deutschlands einziger \u00dcbungsplatz f\u00fcr Tieffl\u00fcge und Bombenabw\u00fcrfe. Anwohner*innen k\u00e4mpfen seit Jahren dagegen.\",\"breadcrumb\":{\"@id\":\"https:\\\/\\\/visualjournalism.de\\\/en\\\/magazine\\\/randgebiet\\\/nordhorn-range-tieffluege-bomben-und-buergerproteste\\\/#breadcrumb\"},\"inLanguage\":\"en-US\",\"potentialAction\":[{\"@type\":\"ReadAction\",\"target\":[\"https:\\\/\\\/visualjournalism.de\\\/en\\\/magazine\\\/randgebiet\\\/nordhorn-range-tieffluege-bomben-und-buergerproteste\\\/\"]}]},{\"@type\":\"ImageObject\",\"inLanguage\":\"en-US\",\"@id\":\"https:\\\/\\\/visualjournalism.de\\\/en\\\/magazine\\\/randgebiet\\\/nordhorn-range-tieffluege-bomben-und-buergerproteste\\\/#primaryimage\",\"url\":\"https:\\\/\\\/visualjournalism.de\\\/wp-content\\\/uploads\\\/3_DSC9374.jpg\",\"contentUrl\":\"https:\\\/\\\/visualjournalism.de\\\/wp-content\\\/uploads\\\/3_DSC9374.jpg\",\"width\":1600,\"height\":1067,\"caption\":\"Koordination der \u00dcbungsfl\u00fcge der Kampfmaschinen in einem der drei Tower\"},{\"@type\":\"BreadcrumbList\",\"@id\":\"https:\\\/\\\/visualjournalism.de\\\/en\\\/magazine\\\/randgebiet\\\/nordhorn-range-tieffluege-bomben-und-buergerproteste\\\/#breadcrumb\",\"itemListElement\":[{\"@type\":\"ListItem\",\"position\":1,\"name\":\"Home\",\"item\":\"https:\\\/\\\/visualjournalism.de\\\/en\\\/\"},{\"@type\":\"ListItem\",\"position\":2,\"name\":\"Magazin\",\"item\":\"https:\\\/\\\/visualjournalism.de\\\/en\\\/magazine\\\/\"},{\"@type\":\"ListItem\",\"position\":3,\"name\":\"Nordhorn Range: Tieffl\u00fcge, Bomben und B\u00fcrgerproteste\"}]},{\"@type\":\"WebSite\",\"@id\":\"https:\\\/\\\/visualjournalism.de\\\/en\\\/#website\",\"url\":\"https:\\\/\\\/visualjournalism.de\\\/en\\\/\",\"name\":\"Visual Journalism and Documentary Photography\",\"description\":\"All about the bilingual bachelor&#039;s program at Hannover University of Applied Sciences and Arts.\",\"publisher\":{\"@id\":\"https:\\\/\\\/visualjournalism.de\\\/en\\\/#organization\"},\"alternateName\":\"visualjournalism.de\",\"potentialAction\":[{\"@type\":\"SearchAction\",\"target\":{\"@type\":\"EntryPoint\",\"urlTemplate\":\"https:\\\/\\\/visualjournalism.de\\\/en\\\/?s={search_term_string}\"},\"query-input\":{\"@type\":\"PropertyValueSpecification\",\"valueRequired\":true,\"valueName\":\"search_term_string\"}}],\"inLanguage\":\"en-US\"},{\"@type\":\"Organization\",\"@id\":\"https:\\\/\\\/visualjournalism.de\\\/en\\\/#organization\",\"name\":\"Hochschule Hannover \u2013 University of Applied Sciences and Arts\",\"alternateName\":\"HsH\",\"url\":\"https:\\\/\\\/visualjournalism.de\\\/en\\\/\",\"logo\":{\"@type\":\"ImageObject\",\"inLanguage\":\"en-US\",\"@id\":\"https:\\\/\\\/visualjournalism.de\\\/en\\\/#\\\/schema\\\/logo\\\/image\\\/\",\"url\":\"https:\\\/\\\/visualjournalism.de\\\/wp-content\\\/uploads\\\/logo-hochschule-hannover.png\",\"contentUrl\":\"https:\\\/\\\/visualjournalism.de\\\/wp-content\\\/uploads\\\/logo-hochschule-hannover.png\",\"width\":363,\"height\":270,\"caption\":\"Hochschule Hannover \u2013 University of Applied Sciences and Arts\"},\"image\":{\"@id\":\"https:\\\/\\\/visualjournalism.de\\\/en\\\/#\\\/schema\\\/logo\\\/image\\\/\"},\"sameAs\":[\"https:\\\/\\\/www.facebook.com\\\/people\\\/wwwfotostudentende\\\/100065173703897\\\/\",\"https:\\\/\\\/x.com\\\/HsHannover\",\"https:\\\/\\\/www.instagram.com\\\/visualjournalism.de\\\/\"]}]}<\/script>\n<!-- \/ Yoast SEO Premium plugin. -->","yoast_head_json":{"title":"Nordhorn Range: Tieffl\u00fcge, Bomben und B\u00fcrgerproteste &#8211; Visual Journalism and Documentary Photography","description":"Nordhorn Range ist Deutschlands einziger \u00dcbungsplatz f\u00fcr Tieffl\u00fcge und Bombenabw\u00fcrfe. Anwohner*innen k\u00e4mpfen seit Jahren dagegen.","robots":{"index":"index","follow":"follow","max-snippet":"max-snippet:-1","max-image-preview":"max-image-preview:large","max-video-preview":"max-video-preview:-1"},"canonical":"https:\/\/visualjournalism.de\/en\/magazine\/randgebiet\/nordhorn-range-tieffluege-bomben-und-buergerproteste\/","og_locale":"en_US","og_type":"article","og_title":"Nordhorn Range: Tieffl\u00fcge, Bomben und B\u00fcrgerproteste","og_description":"Nordhorn Range ist Deutschlands einziger \u00dcbungsplatz f\u00fcr Tieffl\u00fcge und Bombenabw\u00fcrfe. Anwohner*innen k\u00e4mpfen seit Jahren dagegen.","og_url":"https:\/\/visualjournalism.de\/en\/magazine\/randgebiet\/nordhorn-range-tieffluege-bomben-und-buergerproteste\/","og_site_name":"Visual Journalism and Documentary Photography","article_publisher":"https:\/\/www.facebook.com\/people\/wwwfotostudentende\/100065173703897\/","article_modified_time":"2025-01-09T20:14:40+00:00","og_image":[{"width":1600,"height":1067,"url":"https:\/\/visualjournalism.de\/wp-content\/uploads\/3_DSC9374.jpg","type":"image\/jpeg"}],"twitter_card":"summary_large_image","twitter_site":"@HsHannover","twitter_misc":{"Est. reading time":"6 minutes"},"schema":{"@context":"https:\/\/schema.org","@graph":[{"@type":"WebPage","@id":"https:\/\/visualjournalism.de\/en\/magazine\/randgebiet\/nordhorn-range-tieffluege-bomben-und-buergerproteste\/","url":"https:\/\/visualjournalism.de\/en\/magazine\/randgebiet\/nordhorn-range-tieffluege-bomben-und-buergerproteste\/","name":"Nordhorn Range: Tieffl\u00fcge, Bomben und B\u00fcrgerproteste &#8211; Visual Journalism and Documentary Photography","isPartOf":{"@id":"https:\/\/visualjournalism.de\/en\/#website"},"primaryImageOfPage":{"@id":"https:\/\/visualjournalism.de\/en\/magazine\/randgebiet\/nordhorn-range-tieffluege-bomben-und-buergerproteste\/#primaryimage"},"image":{"@id":"https:\/\/visualjournalism.de\/en\/magazine\/randgebiet\/nordhorn-range-tieffluege-bomben-und-buergerproteste\/#primaryimage"},"thumbnailUrl":"https:\/\/visualjournalism.de\/wp-content\/uploads\/3_DSC9374.jpg","datePublished":"2023-10-12T19:07:45+00:00","dateModified":"2025-01-09T20:14:40+00:00","description":"Nordhorn Range ist Deutschlands einziger \u00dcbungsplatz f\u00fcr Tieffl\u00fcge und Bombenabw\u00fcrfe. Anwohner*innen k\u00e4mpfen seit Jahren dagegen.","breadcrumb":{"@id":"https:\/\/visualjournalism.de\/en\/magazine\/randgebiet\/nordhorn-range-tieffluege-bomben-und-buergerproteste\/#breadcrumb"},"inLanguage":"en-US","potentialAction":[{"@type":"ReadAction","target":["https:\/\/visualjournalism.de\/en\/magazine\/randgebiet\/nordhorn-range-tieffluege-bomben-und-buergerproteste\/"]}]},{"@type":"ImageObject","inLanguage":"en-US","@id":"https:\/\/visualjournalism.de\/en\/magazine\/randgebiet\/nordhorn-range-tieffluege-bomben-und-buergerproteste\/#primaryimage","url":"https:\/\/visualjournalism.de\/wp-content\/uploads\/3_DSC9374.jpg","contentUrl":"https:\/\/visualjournalism.de\/wp-content\/uploads\/3_DSC9374.jpg","width":1600,"height":1067,"caption":"Koordination der \u00dcbungsfl\u00fcge der Kampfmaschinen in einem der drei Tower"},{"@type":"BreadcrumbList","@id":"https:\/\/visualjournalism.de\/en\/magazine\/randgebiet\/nordhorn-range-tieffluege-bomben-und-buergerproteste\/#breadcrumb","itemListElement":[{"@type":"ListItem","position":1,"name":"Home","item":"https:\/\/visualjournalism.de\/en\/"},{"@type":"ListItem","position":2,"name":"Magazin","item":"https:\/\/visualjournalism.de\/en\/magazine\/"},{"@type":"ListItem","position":3,"name":"Nordhorn Range: Tieffl\u00fcge, Bomben und B\u00fcrgerproteste"}]},{"@type":"WebSite","@id":"https:\/\/visualjournalism.de\/en\/#website","url":"https:\/\/visualjournalism.de\/en\/","name":"Visual Journalism and Documentary Photography","description":"All about the bilingual bachelor&#039;s program at Hannover University of Applied Sciences and Arts.","publisher":{"@id":"https:\/\/visualjournalism.de\/en\/#organization"},"alternateName":"visualjournalism.de","potentialAction":[{"@type":"SearchAction","target":{"@type":"EntryPoint","urlTemplate":"https:\/\/visualjournalism.de\/en\/?s={search_term_string}"},"query-input":{"@type":"PropertyValueSpecification","valueRequired":true,"valueName":"search_term_string"}}],"inLanguage":"en-US"},{"@type":"Organization","@id":"https:\/\/visualjournalism.de\/en\/#organization","name":"Hochschule Hannover \u2013 University of Applied Sciences and Arts","alternateName":"HsH","url":"https:\/\/visualjournalism.de\/en\/","logo":{"@type":"ImageObject","inLanguage":"en-US","@id":"https:\/\/visualjournalism.de\/en\/#\/schema\/logo\/image\/","url":"https:\/\/visualjournalism.de\/wp-content\/uploads\/logo-hochschule-hannover.png","contentUrl":"https:\/\/visualjournalism.de\/wp-content\/uploads\/logo-hochschule-hannover.png","width":363,"height":270,"caption":"Hochschule Hannover \u2013 University of Applied Sciences and Arts"},"image":{"@id":"https:\/\/visualjournalism.de\/en\/#\/schema\/logo\/image\/"},"sameAs":["https:\/\/www.facebook.com\/people\/wwwfotostudentende\/100065173703897\/","https:\/\/x.com\/HsHannover","https:\/\/www.instagram.com\/visualjournalism.de\/"]}]}},"_links":{"self":[{"href":"https:\/\/visualjournalism.de\/en\/wp-json\/wp\/v2\/magazin\/18931","targetHints":{"allow":["GET"]}}],"collection":[{"href":"https:\/\/visualjournalism.de\/en\/wp-json\/wp\/v2\/magazin"}],"about":[{"href":"https:\/\/visualjournalism.de\/en\/wp-json\/wp\/v2\/types\/magazin"}],"author":[{"embeddable":true,"href":"https:\/\/visualjournalism.de\/en\/wp-json\/wp\/v2\/users\/37"}],"version-history":[{"count":0,"href":"https:\/\/visualjournalism.de\/en\/wp-json\/wp\/v2\/magazin\/18931\/revisions"}],"wp:featuredmedia":[{"embeddable":true,"href":"https:\/\/visualjournalism.de\/en\/wp-json\/wp\/v2\/media\/18937"}],"wp:attachment":[{"href":"https:\/\/visualjournalism.de\/en\/wp-json\/wp\/v2\/media?parent=18931"}],"wp:term":[{"taxonomy":"post_tag","embeddable":true,"href":"https:\/\/visualjournalism.de\/en\/wp-json\/wp\/v2\/tags?post=18931"},{"taxonomy":"magazinkategorie","embeddable":true,"href":"https:\/\/visualjournalism.de\/en\/wp-json\/wp\/v2\/magazinkategorie?post=18931"}],"curies":[{"name":"wp","href":"https:\/\/api.w.org\/{rel}","templated":true}]}}