{"id":19755,"date":"2023-10-14T19:06:05","date_gmt":"2023-10-14T19:06:05","guid":{"rendered":"https:\/\/visualjournalism.de\/?p=19755"},"modified":"2025-11-19T09:25:43","modified_gmt":"2025-11-19T07:25:43","slug":"im-schatten-des-krieges","status":"publish","type":"magazin","link":"https:\/\/visualjournalism.de\/en\/magazine\/randgebiet\/im-schatten-des-krieges\/","title":{"rendered":"Im Schatten des Krieges"},"content":{"rendered":"\r\n<div class=\"cover--lead-in has-spacing--m\">\r\n\r\n    \r\n    <div class=\"cover--lead-in__content typo--tiempos\">\r\n\r\n        <div class=\"entry-categories\">\n\t<a class=\"post__tag\" href=\"https:\/\/visualjournalism.de\/magazin-kategorie\/randgebiet\/\" rel=\"category tag\">Randgebiet<\/a><\/div>\r\n        <h2 class=\"cover--lead-in__headline \">\r\n            Im Schatten des Krieges        <\/h2>\r\n\r\n                    <div class=\"cover--lead-in__text\">\r\n                <p>In den ukrainischen Nachbarl\u00e4ndern Polen und Moldau ist der russische Angriffskrieg eigentlich ganz nah. Und bleibt doch unsichtbar. Eine fotografische Erkundung von<strong> <a href=\"https:\/\/visualjournalism.de\/en\/ludwig-nikulski\/\" target=\"_blank\" rel=\"noopener\">Ludwig Nikulski<\/a><\/strong><\/p>\n            <\/div>\r\n        \r\n                    <div class=\"cover--lead-in__author\">\r\n                \r\n                    \r\n                            <figure class=\"cover--lead-in__author__image\">\r\n\r\n                                                                    <a href=\"https:\/\/visualjournalism.de\/ludwig-nikulski\/\" target=\"_blank\">\r\n                                \r\n                                <img loading=\"lazy\" decoding=\"async\"\r\n                                    src=\"https:\/\/visualjournalism.de\/wp-content\/uploads\/00_Nikulski_Ludwig_Portraet-1-68x68.jpg\"\r\n                                    srcset=\"https:\/\/visualjournalism.de\/wp-content\/uploads\/00_Nikulski_Ludwig_Portraet-1-68x68.jpg 68w, https:\/\/visualjournalism.de\/wp-content\/uploads\/00_Nikulski_Ludwig_Portraet-1-150x150.jpg 150w, https:\/\/visualjournalism.de\/wp-content\/uploads\/00_Nikulski_Ludwig_Portraet-1-52x52.jpg 52w, https:\/\/visualjournalism.de\/wp-content\/uploads\/00_Nikulski_Ludwig_Portraet-1-96x96.jpg 96w\"\r\n                                    width=\"68\"\r\n                                    height=\"68\"\r\n                                    alt=\"\"\r\n                                \/>\r\n\r\n                                                                    <\/a>\r\n                                \r\n                            <\/figure>\r\n\r\n                                    <\/div><!-- .cover--lead-in__author -->\r\n        \r\n    <\/div><!-- .cover--lead-in__content -->\r\n\r\n    \r\n        <figure class=\"cover--lead-in__image cover--lead-in__media cover--lead-in__media--image\">\r\n            <img loading=\"lazy\" decoding=\"async\"\r\n                src=\"https:\/\/visualjournalism.de\/wp-content\/uploads\/02_Nikulski_Ludwig-1920x1536.jpg\"\r\n                srcset=\"https:\/\/visualjournalism.de\/wp-content\/uploads\/02_Nikulski_Ludwig-1920x1536.jpg 1920w, https:\/\/visualjournalism.de\/wp-content\/uploads\/02_Nikulski_Ludwig-300x240.jpg 300w, https:\/\/visualjournalism.de\/wp-content\/uploads\/02_Nikulski_Ludwig-1024x819.jpg 1024w, https:\/\/visualjournalism.de\/wp-content\/uploads\/02_Nikulski_Ludwig-768x614.jpg 768w, https:\/\/visualjournalism.de\/wp-content\/uploads\/02_Nikulski_Ludwig-1536x1229.jpg 1536w, https:\/\/visualjournalism.de\/wp-content\/uploads\/02_Nikulski_Ludwig-2048x1638.jpg 2048w, https:\/\/visualjournalism.de\/wp-content\/uploads\/02_Nikulski_Ludwig-1400x1120.jpg 1400w, https:\/\/visualjournalism.de\/wp-content\/uploads\/02_Nikulski_Ludwig-1050x840.jpg 1050w, https:\/\/visualjournalism.de\/wp-content\/uploads\/02_Nikulski_Ludwig-670x536.jpg 670w, https:\/\/visualjournalism.de\/wp-content\/uploads\/02_Nikulski_Ludwig-420x336.jpg 420w, https:\/\/visualjournalism.de\/wp-content\/uploads\/02_Nikulski_Ludwig-350x280.jpg 350w, https:\/\/visualjournalism.de\/wp-content\/uploads\/02_Nikulski_Ludwig-150x120.jpg 150w\"\r\n                width=\"1920\"\r\n                height=\"1536\"\r\n                alt=\"Bia\u0142e See in Polen, fotografiert von Ludwig Nikulski\"\r\n                style=\"object-position: 47% 85.83%\"\r\n            \/>\r\n        <\/figure>\r\n\r\n                    <span class=\"cover--lead-in__image-title\">\r\n                Lake Bia\u0142e and gumball machine            <\/span>\r\n        \r\n    \r\n<\/div><!-- .cover--lead-in -->\r\n\r\n\n\n\n<p class=\"post__paragraph has-spacing--m\"><strong>Nichts habe sich ge\u00e4ndert,<\/strong> sagt ein Hotelier im Osten Polens. Alles habe sich ge\u00e4ndert, sagt ein Grenzsoldat.&nbsp;Der Fotograf Ludwig Nikulski ist mit seiner Gro\u00dfformatkamera entlang der Au\u00dfengrenzen der Ukraine gereist. Niemand kann dort sagen, wie lange der in der Ukraine tobende Krieg in Polen und in der Republik Moldau noch unmerklich bleiben wird. \u00abIch zeige <a href=\"https:\/\/visualjournalism.de\/magazin\/ideale\/bomben-verandern-ideale\/\" target=\"_blank\" rel=\"noreferrer noopener\">Orte, an denen der Krieg scheinbar vorbeigeht<\/a>. Orte, an denen die Welt noch in Ordnung sein k\u00f6nnte. Sie ist es aber nicht\u00bb, beschreibt Ludwig Nikulski die Atmosph\u00e4re in seinen Bildern.&nbsp;<br><br>\u00dcber seinen fotografischen Ansatz schreibt Ludwig Nikulski: \u00abIch verfolge etwas, das absurd ist. Ich muss es tun. Es gibt einen gewissen Grad an Dunkelheit, Erinnerungen, Verwirrung, die bis an die Grenze gehen, um etwas zu enth\u00fcllen, das niemand sehen kann. Aber es existiert. Irgendwo. Mit dem Verlust an faktischer Information will etwas Verborgenes entdeckt werden, um in der Welt Widerhall zu finden. Das ist es, was ich mit der Fotografie zu tun versuche.\u00bb Mit der vorliegenden Arbeit gewann Ludwig Nikulski den <a href=\"https:\/\/visualjournalism.de\/news\/auszeichnungen\/ludwig-nikulski-gewinnt-kunstwettbewerb\/\" target=\"_blank\" rel=\"noreferrer noopener\">Kunstwettbewerb des Willi M\u00fcnzenberg Forums in der Foto-Kategorie<\/a>. <\/p>\n\n\n \n\n<div class=\"photo-grid grid-layout--2col-5 has-spacing--m\">\n\n            \n\n            <div class=\"photo-grid__image\">\n\n                <figure>\n\n                    <img loading=\"lazy\" decoding=\"async\"  \n                        src=\"https:\/\/visualjournalism.de\/wp-content\/uploads\/10_Nikulski_Ludwig-768x614.jpg\" \n                        srcset=\"https:\/\/visualjournalism.de\/wp-content\/uploads\/10_Nikulski_Ludwig-768x614.jpg 768w, https:\/\/visualjournalism.de\/wp-content\/uploads\/10_Nikulski_Ludwig-300x240.jpg 300w, https:\/\/visualjournalism.de\/wp-content\/uploads\/10_Nikulski_Ludwig-1024x819.jpg 1024w, https:\/\/visualjournalism.de\/wp-content\/uploads\/10_Nikulski_Ludwig-1536x1229.jpg 1536w, https:\/\/visualjournalism.de\/wp-content\/uploads\/10_Nikulski_Ludwig-2048x1638.jpg 2048w, https:\/\/visualjournalism.de\/wp-content\/uploads\/10_Nikulski_Ludwig-1920x1536.jpg 1920w, https:\/\/visualjournalism.de\/wp-content\/uploads\/10_Nikulski_Ludwig-1400x1120.jpg 1400w, https:\/\/visualjournalism.de\/wp-content\/uploads\/10_Nikulski_Ludwig-1050x840.jpg 1050w, https:\/\/visualjournalism.de\/wp-content\/uploads\/10_Nikulski_Ludwig-670x536.jpg 670w, https:\/\/visualjournalism.de\/wp-content\/uploads\/10_Nikulski_Ludwig-420x336.jpg 420w, https:\/\/visualjournalism.de\/wp-content\/uploads\/10_Nikulski_Ludwig-350x280.jpg 350w, https:\/\/visualjournalism.de\/wp-content\/uploads\/10_Nikulski_Ludwig-150x120.jpg 150w\" \n                        width=\"768\"  \n                        height=\"614\" \n                        alt=\"\"  \n                    \/>\n\n                                            <span class=\"photo-grid__image__title\">Wasya taking a break.<\/span>\n                    \n                    \n                <\/figure>\n\n            <\/div><!-- photo-grid__image -->    \n\n\n            \n\n                    \n                \n\n            <div class=\"photo-grid__image\">\n\n                <figure>\n\n                    <img loading=\"lazy\" decoding=\"async\"  \n                        src=\"https:\/\/visualjournalism.de\/wp-content\/uploads\/04_Nikulski_Ludwig-768x614.jpg\" \n                        srcset=\"https:\/\/visualjournalism.de\/wp-content\/uploads\/04_Nikulski_Ludwig-768x614.jpg 768w, https:\/\/visualjournalism.de\/wp-content\/uploads\/04_Nikulski_Ludwig-300x240.jpg 300w, https:\/\/visualjournalism.de\/wp-content\/uploads\/04_Nikulski_Ludwig-1024x819.jpg 1024w, https:\/\/visualjournalism.de\/wp-content\/uploads\/04_Nikulski_Ludwig-1536x1229.jpg 1536w, https:\/\/visualjournalism.de\/wp-content\/uploads\/04_Nikulski_Ludwig-2048x1638.jpg 2048w, https:\/\/visualjournalism.de\/wp-content\/uploads\/04_Nikulski_Ludwig-1920x1536.jpg 1920w, https:\/\/visualjournalism.de\/wp-content\/uploads\/04_Nikulski_Ludwig-1400x1120.jpg 1400w, https:\/\/visualjournalism.de\/wp-content\/uploads\/04_Nikulski_Ludwig-1050x840.jpg 1050w, https:\/\/visualjournalism.de\/wp-content\/uploads\/04_Nikulski_Ludwig-670x536.jpg 670w, https:\/\/visualjournalism.de\/wp-content\/uploads\/04_Nikulski_Ludwig-420x336.jpg 420w, https:\/\/visualjournalism.de\/wp-content\/uploads\/04_Nikulski_Ludwig-350x280.jpg 350w, https:\/\/visualjournalism.de\/wp-content\/uploads\/04_Nikulski_Ludwig-150x120.jpg 150w\" \n                        width=\"768\"  \n                        height=\"614\" \n                        alt=\"\"  \n                    \/>\n\n                                            <span class=\"photo-grid__image__title\">Blocked entrance of the Humanitarian Aid Center at the former Tesco Supermaket in Przemysl.<\/span>\n                    \n                    \n                <\/figure>\n\n            <\/div><!-- photo-grid__image -->    \n\n\n            \n\n            \n<\/div>\n\n    <figure class=\"block-photo post__image--full has-spacing--m with-title\">\n\n        <div class=\"post__image__container\">\n            <img loading=\"lazy\" decoding=\"async\" \n                src=\"https:\/\/visualjournalism.de\/wp-content\/uploads\/14_Nikulski_Ludwig-1400x1120.jpg\"\n                srcset=\"https:\/\/visualjournalism.de\/wp-content\/uploads\/14_Nikulski_Ludwig-1400x1120.jpg 1400w, https:\/\/visualjournalism.de\/wp-content\/uploads\/14_Nikulski_Ludwig-300x240.jpg 300w, https:\/\/visualjournalism.de\/wp-content\/uploads\/14_Nikulski_Ludwig-1024x819.jpg 1024w, https:\/\/visualjournalism.de\/wp-content\/uploads\/14_Nikulski_Ludwig-768x614.jpg 768w, https:\/\/visualjournalism.de\/wp-content\/uploads\/14_Nikulski_Ludwig-1536x1229.jpg 1536w, https:\/\/visualjournalism.de\/wp-content\/uploads\/14_Nikulski_Ludwig-2048x1638.jpg 2048w, https:\/\/visualjournalism.de\/wp-content\/uploads\/14_Nikulski_Ludwig-1920x1536.jpg 1920w, https:\/\/visualjournalism.de\/wp-content\/uploads\/14_Nikulski_Ludwig-1050x840.jpg 1050w, https:\/\/visualjournalism.de\/wp-content\/uploads\/14_Nikulski_Ludwig-670x536.jpg 670w, https:\/\/visualjournalism.de\/wp-content\/uploads\/14_Nikulski_Ludwig-420x336.jpg 420w, https:\/\/visualjournalism.de\/wp-content\/uploads\/14_Nikulski_Ludwig-350x280.jpg 350w, https:\/\/visualjournalism.de\/wp-content\/uploads\/14_Nikulski_Ludwig-150x120.jpg 150w\"\n                width=\"1400\" \n                height=\"1120\"\n                alt=\"\" \n            \/>\n            \n                            <span class=\"post__image__title\">Construction site of a church.<\/span>\n                    <\/div><!-- post__image__container -->\n\n        \n    <\/figure><!-- post__image -->\n\n\n\n \n\n<div class=\"photo-grid grid-layout--2col-5 has-spacing--m\">\n\n            \n\n            <div class=\"photo-grid__image\">\n\n                <figure>\n\n                    <img loading=\"lazy\" decoding=\"async\"  \n                        src=\"https:\/\/visualjournalism.de\/wp-content\/uploads\/09_Nikulski_Ludwig-768x614.jpg\" \n                        srcset=\"https:\/\/visualjournalism.de\/wp-content\/uploads\/09_Nikulski_Ludwig-768x614.jpg 768w, https:\/\/visualjournalism.de\/wp-content\/uploads\/09_Nikulski_Ludwig-300x240.jpg 300w, https:\/\/visualjournalism.de\/wp-content\/uploads\/09_Nikulski_Ludwig-1024x819.jpg 1024w, https:\/\/visualjournalism.de\/wp-content\/uploads\/09_Nikulski_Ludwig-1536x1229.jpg 1536w, https:\/\/visualjournalism.de\/wp-content\/uploads\/09_Nikulski_Ludwig-2048x1638.jpg 2048w, https:\/\/visualjournalism.de\/wp-content\/uploads\/09_Nikulski_Ludwig-1920x1536.jpg 1920w, https:\/\/visualjournalism.de\/wp-content\/uploads\/09_Nikulski_Ludwig-1400x1120.jpg 1400w, https:\/\/visualjournalism.de\/wp-content\/uploads\/09_Nikulski_Ludwig-1050x840.jpg 1050w, https:\/\/visualjournalism.de\/wp-content\/uploads\/09_Nikulski_Ludwig-670x536.jpg 670w, https:\/\/visualjournalism.de\/wp-content\/uploads\/09_Nikulski_Ludwig-420x336.jpg 420w, https:\/\/visualjournalism.de\/wp-content\/uploads\/09_Nikulski_Ludwig-350x280.jpg 350w, https:\/\/visualjournalism.de\/wp-content\/uploads\/09_Nikulski_Ludwig-150x120.jpg 150w\" \n                        width=\"768\"  \n                        height=\"614\" \n                        alt=\"\"  \n                    \/>\n\n                                            <span class=\"photo-grid__image__title\">Tree in Hureczko<\/span>\n                    \n                    \n                <\/figure>\n\n            <\/div><!-- photo-grid__image -->    \n\n\n            \n\n                    \n                \n\n            <div class=\"photo-grid__image\">\n\n                <figure>\n\n                    <img loading=\"lazy\" decoding=\"async\"  \n                        src=\"https:\/\/visualjournalism.de\/wp-content\/uploads\/15_Nikulski_Ludwig-768x614.jpg\" \n                        srcset=\"https:\/\/visualjournalism.de\/wp-content\/uploads\/15_Nikulski_Ludwig-768x614.jpg 768w, https:\/\/visualjournalism.de\/wp-content\/uploads\/15_Nikulski_Ludwig-300x240.jpg 300w, https:\/\/visualjournalism.de\/wp-content\/uploads\/15_Nikulski_Ludwig-1024x819.jpg 1024w, https:\/\/visualjournalism.de\/wp-content\/uploads\/15_Nikulski_Ludwig-1536x1229.jpg 1536w, https:\/\/visualjournalism.de\/wp-content\/uploads\/15_Nikulski_Ludwig-2048x1638.jpg 2048w, https:\/\/visualjournalism.de\/wp-content\/uploads\/15_Nikulski_Ludwig-1920x1536.jpg 1920w, https:\/\/visualjournalism.de\/wp-content\/uploads\/15_Nikulski_Ludwig-1400x1120.jpg 1400w, https:\/\/visualjournalism.de\/wp-content\/uploads\/15_Nikulski_Ludwig-1050x840.jpg 1050w, https:\/\/visualjournalism.de\/wp-content\/uploads\/15_Nikulski_Ludwig-670x536.jpg 670w, https:\/\/visualjournalism.de\/wp-content\/uploads\/15_Nikulski_Ludwig-420x336.jpg 420w, https:\/\/visualjournalism.de\/wp-content\/uploads\/15_Nikulski_Ludwig-350x280.jpg 350w, https:\/\/visualjournalism.de\/wp-content\/uploads\/15_Nikulski_Ludwig-150x120.jpg 150w\" \n                        width=\"768\"  \n                        height=\"614\" \n                        alt=\"\"  \n                    \/>\n\n                                            <span class=\"photo-grid__image__title\">Hotel and military vehicles<\/span>\n                    \n                    \n                <\/figure>\n\n            <\/div><!-- photo-grid__image -->    \n\n\n            \n\n            \n<\/div>\n\n    <figure class=\"block-photo post__image--full has-spacing--m with-title\">\n\n        <div class=\"post__image__container\">\n            <img loading=\"lazy\" decoding=\"async\" \n                src=\"https:\/\/visualjournalism.de\/wp-content\/uploads\/13_Nikulski_Ludwig-1400x1120.jpg\"\n                srcset=\"https:\/\/visualjournalism.de\/wp-content\/uploads\/13_Nikulski_Ludwig-1400x1120.jpg 1400w, https:\/\/visualjournalism.de\/wp-content\/uploads\/13_Nikulski_Ludwig-300x240.jpg 300w, https:\/\/visualjournalism.de\/wp-content\/uploads\/13_Nikulski_Ludwig-1024x819.jpg 1024w, https:\/\/visualjournalism.de\/wp-content\/uploads\/13_Nikulski_Ludwig-768x614.jpg 768w, https:\/\/visualjournalism.de\/wp-content\/uploads\/13_Nikulski_Ludwig-1536x1229.jpg 1536w, https:\/\/visualjournalism.de\/wp-content\/uploads\/13_Nikulski_Ludwig-2048x1638.jpg 2048w, https:\/\/visualjournalism.de\/wp-content\/uploads\/13_Nikulski_Ludwig-1920x1536.jpg 1920w, https:\/\/visualjournalism.de\/wp-content\/uploads\/13_Nikulski_Ludwig-1050x840.jpg 1050w, https:\/\/visualjournalism.de\/wp-content\/uploads\/13_Nikulski_Ludwig-670x536.jpg 670w, https:\/\/visualjournalism.de\/wp-content\/uploads\/13_Nikulski_Ludwig-420x336.jpg 420w, https:\/\/visualjournalism.de\/wp-content\/uploads\/13_Nikulski_Ludwig-350x280.jpg 350w, https:\/\/visualjournalism.de\/wp-content\/uploads\/13_Nikulski_Ludwig-150x120.jpg 150w\"\n                width=\"1400\" \n                height=\"1120\"\n                alt=\"\" \n            \/>\n            \n                            <span class=\"post__image__title\">Oskar at the football field<\/span>\n                    <\/div><!-- post__image__container -->\n\n        \n    <\/figure><!-- post__image -->\n\n\n\n \n\n<div class=\"photo-grid grid-layout--2col-5 has-spacing--m\">\n\n            \n\n            <div class=\"photo-grid__image\">\n\n                <figure>\n\n                    <img loading=\"lazy\" decoding=\"async\"  \n                        src=\"https:\/\/visualjournalism.de\/wp-content\/uploads\/07_Nikulski_Ludwig-2-768x614.jpg\" \n                        srcset=\"https:\/\/visualjournalism.de\/wp-content\/uploads\/07_Nikulski_Ludwig-2-768x614.jpg 768w, https:\/\/visualjournalism.de\/wp-content\/uploads\/07_Nikulski_Ludwig-2-300x240.jpg 300w, https:\/\/visualjournalism.de\/wp-content\/uploads\/07_Nikulski_Ludwig-2-1024x819.jpg 1024w, https:\/\/visualjournalism.de\/wp-content\/uploads\/07_Nikulski_Ludwig-2-1536x1229.jpg 1536w, https:\/\/visualjournalism.de\/wp-content\/uploads\/07_Nikulski_Ludwig-2-2048x1638.jpg 2048w, https:\/\/visualjournalism.de\/wp-content\/uploads\/07_Nikulski_Ludwig-2-1920x1536.jpg 1920w, https:\/\/visualjournalism.de\/wp-content\/uploads\/07_Nikulski_Ludwig-2-1400x1120.jpg 1400w, https:\/\/visualjournalism.de\/wp-content\/uploads\/07_Nikulski_Ludwig-2-1050x840.jpg 1050w, https:\/\/visualjournalism.de\/wp-content\/uploads\/07_Nikulski_Ludwig-2-670x536.jpg 670w, https:\/\/visualjournalism.de\/wp-content\/uploads\/07_Nikulski_Ludwig-2-420x336.jpg 420w, https:\/\/visualjournalism.de\/wp-content\/uploads\/07_Nikulski_Ludwig-2-350x280.jpg 350w, https:\/\/visualjournalism.de\/wp-content\/uploads\/07_Nikulski_Ludwig-2-150x120.jpg 150w\" \n                        width=\"768\"  \n                        height=\"614\" \n                        alt=\"\"  \n                    \/>\n\n                                            <span class=\"photo-grid__image__title\">Sergei at the pool table.<\/span>\n                    \n                    \n                <\/figure>\n\n            <\/div><!-- photo-grid__image -->    \n\n\n            \n\n                    \n                \n\n            <div class=\"photo-grid__image\">\n\n                <figure>\n\n                    <img loading=\"lazy\" decoding=\"async\"  \n                        src=\"https:\/\/visualjournalism.de\/wp-content\/uploads\/12_Nikulski_Ludwig-1-768x614.jpg\" \n                        srcset=\"https:\/\/visualjournalism.de\/wp-content\/uploads\/12_Nikulski_Ludwig-1-768x614.jpg 768w, https:\/\/visualjournalism.de\/wp-content\/uploads\/12_Nikulski_Ludwig-1-300x240.jpg 300w, https:\/\/visualjournalism.de\/wp-content\/uploads\/12_Nikulski_Ludwig-1-1024x819.jpg 1024w, https:\/\/visualjournalism.de\/wp-content\/uploads\/12_Nikulski_Ludwig-1-1536x1229.jpg 1536w, https:\/\/visualjournalism.de\/wp-content\/uploads\/12_Nikulski_Ludwig-1-1400x1120.jpg 1400w, https:\/\/visualjournalism.de\/wp-content\/uploads\/12_Nikulski_Ludwig-1-1050x840.jpg 1050w, https:\/\/visualjournalism.de\/wp-content\/uploads\/12_Nikulski_Ludwig-1-670x536.jpg 670w, https:\/\/visualjournalism.de\/wp-content\/uploads\/12_Nikulski_Ludwig-1-420x336.jpg 420w, https:\/\/visualjournalism.de\/wp-content\/uploads\/12_Nikulski_Ludwig-1-350x280.jpg 350w, https:\/\/visualjournalism.de\/wp-content\/uploads\/12_Nikulski_Ludwig-1-150x120.jpg 150w, https:\/\/visualjournalism.de\/wp-content\/uploads\/12_Nikulski_Ludwig-1.jpg 1600w\" \n                        width=\"768\"  \n                        height=\"614\" \n                        alt=\"\"  \n                    \/>\n\n                                            <span class=\"photo-grid__image__title\">Playground in front of a World War Two memorial in Tiraspol.<\/span>\n                    \n                    \n                <\/figure>\n\n            <\/div><!-- photo-grid__image -->    \n\n\n            \n\n            \n<\/div>\n\n    <figure class=\"block-photo post__image--full has-spacing--m with-title\">\n\n        <div class=\"post__image__container\">\n            <img loading=\"lazy\" decoding=\"async\" \n                src=\"https:\/\/visualjournalism.de\/wp-content\/uploads\/16_Nikulski_Ludwig-1-1400x1120.jpg\"\n                srcset=\"https:\/\/visualjournalism.de\/wp-content\/uploads\/16_Nikulski_Ludwig-1-1400x1120.jpg 1400w, https:\/\/visualjournalism.de\/wp-content\/uploads\/16_Nikulski_Ludwig-1-300x240.jpg 300w, https:\/\/visualjournalism.de\/wp-content\/uploads\/16_Nikulski_Ludwig-1-1024x819.jpg 1024w, https:\/\/visualjournalism.de\/wp-content\/uploads\/16_Nikulski_Ludwig-1-768x614.jpg 768w, https:\/\/visualjournalism.de\/wp-content\/uploads\/16_Nikulski_Ludwig-1-1536x1229.jpg 1536w, https:\/\/visualjournalism.de\/wp-content\/uploads\/16_Nikulski_Ludwig-1-2048x1638.jpg 2048w, https:\/\/visualjournalism.de\/wp-content\/uploads\/16_Nikulski_Ludwig-1-1920x1536.jpg 1920w, https:\/\/visualjournalism.de\/wp-content\/uploads\/16_Nikulski_Ludwig-1-1050x840.jpg 1050w, https:\/\/visualjournalism.de\/wp-content\/uploads\/16_Nikulski_Ludwig-1-670x536.jpg 670w, https:\/\/visualjournalism.de\/wp-content\/uploads\/16_Nikulski_Ludwig-1-420x336.jpg 420w, https:\/\/visualjournalism.de\/wp-content\/uploads\/16_Nikulski_Ludwig-1-350x280.jpg 350w, https:\/\/visualjournalism.de\/wp-content\/uploads\/16_Nikulski_Ludwig-1-150x120.jpg 150w\"\n                width=\"1400\" \n                height=\"1120\"\n                alt=\"\" \n            \/>\n            \n                            <span class=\"post__image__title\">Industrial area of Tiraspol<\/span>\n                    <\/div><!-- post__image__container -->\n\n        \n    <\/figure><!-- post__image -->\n\n\n\n    <figure class=\"block-photo post__image--full has-spacing--m with-title\">\n\n        <div class=\"post__image__container\">\n            <img loading=\"lazy\" decoding=\"async\" \n                src=\"https:\/\/visualjournalism.de\/wp-content\/uploads\/03_Nikulski_Ludwig-1400x1120.jpg\"\n                srcset=\"https:\/\/visualjournalism.de\/wp-content\/uploads\/03_Nikulski_Ludwig-1400x1120.jpg 1400w, https:\/\/visualjournalism.de\/wp-content\/uploads\/03_Nikulski_Ludwig-300x240.jpg 300w, https:\/\/visualjournalism.de\/wp-content\/uploads\/03_Nikulski_Ludwig-1024x819.jpg 1024w, https:\/\/visualjournalism.de\/wp-content\/uploads\/03_Nikulski_Ludwig-768x614.jpg 768w, https:\/\/visualjournalism.de\/wp-content\/uploads\/03_Nikulski_Ludwig-1536x1229.jpg 1536w, https:\/\/visualjournalism.de\/wp-content\/uploads\/03_Nikulski_Ludwig-2048x1638.jpg 2048w, https:\/\/visualjournalism.de\/wp-content\/uploads\/03_Nikulski_Ludwig-1920x1536.jpg 1920w, https:\/\/visualjournalism.de\/wp-content\/uploads\/03_Nikulski_Ludwig-1050x840.jpg 1050w, https:\/\/visualjournalism.de\/wp-content\/uploads\/03_Nikulski_Ludwig-670x536.jpg 670w, https:\/\/visualjournalism.de\/wp-content\/uploads\/03_Nikulski_Ludwig-420x336.jpg 420w, https:\/\/visualjournalism.de\/wp-content\/uploads\/03_Nikulski_Ludwig-350x280.jpg 350w, https:\/\/visualjournalism.de\/wp-content\/uploads\/03_Nikulski_Ludwig-150x120.jpg 150w\"\n                width=\"1400\" \n                height=\"1120\"\n                alt=\"\" \n            \/>\n            \n                            <span class=\"post__image__title\">Self Portrait with toy gun<\/span>\n                    <\/div><!-- post__image__container -->\n\n        \n    <\/figure><!-- post__image -->\n\n\n\n    <figure class=\"block-photo post__image--full has-spacing--m with-title\">\n\n        <div class=\"post__image__container\">\n            <img loading=\"lazy\" decoding=\"async\" \n                src=\"https:\/\/visualjournalism.de\/wp-content\/uploads\/11_Nikulski_Ludwig-1400x1120.jpg\"\n                srcset=\"https:\/\/visualjournalism.de\/wp-content\/uploads\/11_Nikulski_Ludwig-1400x1120.jpg 1400w, https:\/\/visualjournalism.de\/wp-content\/uploads\/11_Nikulski_Ludwig-300x240.jpg 300w, https:\/\/visualjournalism.de\/wp-content\/uploads\/11_Nikulski_Ludwig-1024x819.jpg 1024w, https:\/\/visualjournalism.de\/wp-content\/uploads\/11_Nikulski_Ludwig-768x614.jpg 768w, https:\/\/visualjournalism.de\/wp-content\/uploads\/11_Nikulski_Ludwig-1536x1229.jpg 1536w, https:\/\/visualjournalism.de\/wp-content\/uploads\/11_Nikulski_Ludwig-2048x1638.jpg 2048w, https:\/\/visualjournalism.de\/wp-content\/uploads\/11_Nikulski_Ludwig-1920x1536.jpg 1920w, https:\/\/visualjournalism.de\/wp-content\/uploads\/11_Nikulski_Ludwig-1050x840.jpg 1050w, https:\/\/visualjournalism.de\/wp-content\/uploads\/11_Nikulski_Ludwig-670x536.jpg 670w, https:\/\/visualjournalism.de\/wp-content\/uploads\/11_Nikulski_Ludwig-420x336.jpg 420w, https:\/\/visualjournalism.de\/wp-content\/uploads\/11_Nikulski_Ludwig-350x280.jpg 350w, https:\/\/visualjournalism.de\/wp-content\/uploads\/11_Nikulski_Ludwig-150x120.jpg 150w\"\n                width=\"1400\" \n                height=\"1120\"\n                alt=\"\" \n            \/>\n            \n                            <span class=\"post__image__title\">Burning tree<\/span>\n                    <\/div><!-- post__image__container -->\n\n        \n    <\/figure><!-- post__image -->\n\n\n\n \n\n<div class=\"photo-grid grid-layout--2col-5 has-spacing--m\">\n\n            \n\n            <div class=\"photo-grid__image\">\n\n                <figure>\n\n                    <img loading=\"lazy\" decoding=\"async\"  \n                        src=\"https:\/\/visualjournalism.de\/wp-content\/uploads\/08_Nikulski_Ludwig-1-768x614.jpg\" \n                        srcset=\"https:\/\/visualjournalism.de\/wp-content\/uploads\/08_Nikulski_Ludwig-1-768x614.jpg 768w, https:\/\/visualjournalism.de\/wp-content\/uploads\/08_Nikulski_Ludwig-1-300x240.jpg 300w, https:\/\/visualjournalism.de\/wp-content\/uploads\/08_Nikulski_Ludwig-1-1024x819.jpg 1024w, https:\/\/visualjournalism.de\/wp-content\/uploads\/08_Nikulski_Ludwig-1-1536x1229.jpg 1536w, https:\/\/visualjournalism.de\/wp-content\/uploads\/08_Nikulski_Ludwig-1-2048x1638.jpg 2048w, https:\/\/visualjournalism.de\/wp-content\/uploads\/08_Nikulski_Ludwig-1-1920x1536.jpg 1920w, https:\/\/visualjournalism.de\/wp-content\/uploads\/08_Nikulski_Ludwig-1-1400x1120.jpg 1400w, https:\/\/visualjournalism.de\/wp-content\/uploads\/08_Nikulski_Ludwig-1-1050x840.jpg 1050w, https:\/\/visualjournalism.de\/wp-content\/uploads\/08_Nikulski_Ludwig-1-670x536.jpg 670w, https:\/\/visualjournalism.de\/wp-content\/uploads\/08_Nikulski_Ludwig-1-420x336.jpg 420w, https:\/\/visualjournalism.de\/wp-content\/uploads\/08_Nikulski_Ludwig-1-350x280.jpg 350w, https:\/\/visualjournalism.de\/wp-content\/uploads\/08_Nikulski_Ludwig-1-150x120.jpg 150w\" \n                        width=\"768\"  \n                        height=\"614\" \n                        alt=\"\"  \n                    \/>\n\n                                            <span class=\"photo-grid__image__title\">TV<\/span>\n                    \n                    \n                <\/figure>\n\n            <\/div><!-- photo-grid__image -->    \n\n\n            \n\n                    \n                \n\n            <div class=\"photo-grid__image\">\n\n                <figure>\n\n                    <img loading=\"lazy\" decoding=\"async\"  \n                        src=\"https:\/\/visualjournalism.de\/wp-content\/uploads\/05_Nikulski_Ludwig-1-768x614.jpg\" \n                        srcset=\"https:\/\/visualjournalism.de\/wp-content\/uploads\/05_Nikulski_Ludwig-1-768x614.jpg 768w, https:\/\/visualjournalism.de\/wp-content\/uploads\/05_Nikulski_Ludwig-1-300x240.jpg 300w, https:\/\/visualjournalism.de\/wp-content\/uploads\/05_Nikulski_Ludwig-1-1024x819.jpg 1024w, https:\/\/visualjournalism.de\/wp-content\/uploads\/05_Nikulski_Ludwig-1-1536x1229.jpg 1536w, https:\/\/visualjournalism.de\/wp-content\/uploads\/05_Nikulski_Ludwig-1-2048x1638.jpg 2048w, https:\/\/visualjournalism.de\/wp-content\/uploads\/05_Nikulski_Ludwig-1-1920x1536.jpg 1920w, https:\/\/visualjournalism.de\/wp-content\/uploads\/05_Nikulski_Ludwig-1-1400x1120.jpg 1400w, https:\/\/visualjournalism.de\/wp-content\/uploads\/05_Nikulski_Ludwig-1-1050x840.jpg 1050w, https:\/\/visualjournalism.de\/wp-content\/uploads\/05_Nikulski_Ludwig-1-670x536.jpg 670w, https:\/\/visualjournalism.de\/wp-content\/uploads\/05_Nikulski_Ludwig-1-420x336.jpg 420w, https:\/\/visualjournalism.de\/wp-content\/uploads\/05_Nikulski_Ludwig-1-350x280.jpg 350w, https:\/\/visualjournalism.de\/wp-content\/uploads\/05_Nikulski_Ludwig-1-150x120.jpg 150w\" \n                        width=\"768\"  \n                        height=\"614\" \n                        alt=\"\"  \n                    \/>\n\n                                            <span class=\"photo-grid__image__title\">Police presence at the hotel<\/span>\n                    \n                    \n                <\/figure>\n\n            <\/div><!-- photo-grid__image -->    \n\n\n            \n\n            \n<\/div>\n\n    <figure class=\"block-photo post__image--full has-spacing--m with-title\">\n\n        <div class=\"post__image__container\">\n            <img loading=\"lazy\" decoding=\"async\" \n                src=\"https:\/\/visualjournalism.de\/wp-content\/uploads\/06_Nikulski_Ludwig-1400x1120.jpg\"\n                srcset=\"https:\/\/visualjournalism.de\/wp-content\/uploads\/06_Nikulski_Ludwig-1400x1120.jpg 1400w, https:\/\/visualjournalism.de\/wp-content\/uploads\/06_Nikulski_Ludwig-300x240.jpg 300w, https:\/\/visualjournalism.de\/wp-content\/uploads\/06_Nikulski_Ludwig-1024x819.jpg 1024w, https:\/\/visualjournalism.de\/wp-content\/uploads\/06_Nikulski_Ludwig-768x614.jpg 768w, https:\/\/visualjournalism.de\/wp-content\/uploads\/06_Nikulski_Ludwig-1536x1229.jpg 1536w, https:\/\/visualjournalism.de\/wp-content\/uploads\/06_Nikulski_Ludwig-2048x1638.jpg 2048w, https:\/\/visualjournalism.de\/wp-content\/uploads\/06_Nikulski_Ludwig-1920x1536.jpg 1920w, https:\/\/visualjournalism.de\/wp-content\/uploads\/06_Nikulski_Ludwig-1050x840.jpg 1050w, https:\/\/visualjournalism.de\/wp-content\/uploads\/06_Nikulski_Ludwig-670x536.jpg 670w, https:\/\/visualjournalism.de\/wp-content\/uploads\/06_Nikulski_Ludwig-420x336.jpg 420w, https:\/\/visualjournalism.de\/wp-content\/uploads\/06_Nikulski_Ludwig-350x280.jpg 350w, https:\/\/visualjournalism.de\/wp-content\/uploads\/06_Nikulski_Ludwig-150x120.jpg 150w\"\n                width=\"1400\" \n                height=\"1120\"\n                alt=\"\" \n            \/>\n            \n                            <span class=\"post__image__title\">Abandoned caravan<\/span>\n                    <\/div><!-- post__image__container -->\n\n        \n    <\/figure><!-- post__image -->\n\n\n\n\n<div class=\"wp-block-group has-spacing--default has-spacing--default\">\n<div class=\"devider has-spacing--none\">\n    <hr>\n<\/div>\n\n\n \n\n    <div id=\"lead-in-block_5e4d56d5b5e255112bf0432e26d26e7f\" class=\"block-lead-in typo--default font-size--xl has-spacing--s width--default\">\n        <p><strong>Empfehlungen der Redaktion:<\/strong><\/p>\n    <\/div>\n\n\n\n\r\n\r\n\r\n\n\n\r\n\r\n\r\n\r\n        <div class=\"teaser-grid grid-layout--3col has-spacing--s width--inline\">\r\n\r\n            \r\n                <article class=\"post-teaser\">\r\n\r\n                    <a href=\"https:\/\/visualjournalism.de\/en\/magazine\/ratgeber\/professionelle-kamera-fuer-fotografen-warum-nicht-die-marke-zaehlt\/\" rel=\"permalink\">\r\n\r\n                        <div class=\"post-teaser__content\">\r\n\r\n                            <span class=\"entry-categories\">Ratgeber<\/span>\r\n                            <h3 class=\"post-teaser__headline\">\r\n                                Professionelle Kameras f\u00fcr Fotograf*innen: Warum nicht die Marke z\u00e4hlt                            <\/h3>\r\n\r\n                            <div class=\"post-teaser__excerpt\">\r\n                                <p>Analog oder digital, Vollformat oder APSC, Spiegelreflex oder spiegellos: Die Magnum-Fotografin Nanna Heitmann und Lehrende der Hochschule Hannover zeigen, warum am Ende nicht die Technik, sondern die Person entscheidend ist.<\/p>\r\n                            <\/div>\r\n\r\n                        <\/div><!-- .post-teaser__content -->\r\n\r\n\r\n                        \r\n                            <figure class=\"post-teaser__image\">\r\n                                <img loading=\"lazy\" decoding=\"async\"  \r\n                                    src=\"https:\/\/visualjournalism.de\/wp-content\/uploads\/13_20221214-R0001254-scaled-1-e1755767975431-768x513.jpg\" \r\n                                    srcset=\"https:\/\/visualjournalism.de\/wp-content\/uploads\/13_20221214-R0001254-scaled-1-e1755767975431-768x513.jpg 768w, https:\/\/visualjournalism.de\/wp-content\/uploads\/13_20221214-R0001254-scaled-1-e1755767975431-300x200.jpg 300w, https:\/\/visualjournalism.de\/wp-content\/uploads\/13_20221214-R0001254-scaled-1-e1755767975431-1024x683.jpg 1024w, https:\/\/visualjournalism.de\/wp-content\/uploads\/13_20221214-R0001254-scaled-1-e1755767975431-1536x1025.jpg 1536w, https:\/\/visualjournalism.de\/wp-content\/uploads\/13_20221214-R0001254-scaled-1-e1755767975431-2048x1367.jpg 2048w, https:\/\/visualjournalism.de\/wp-content\/uploads\/13_20221214-R0001254-scaled-1-e1755767975431-1920x1282.jpg 1920w, https:\/\/visualjournalism.de\/wp-content\/uploads\/13_20221214-R0001254-scaled-1-e1755767975431-1400x934.jpg 1400w, https:\/\/visualjournalism.de\/wp-content\/uploads\/13_20221214-R0001254-scaled-1-e1755767975431-1050x701.jpg 1050w, https:\/\/visualjournalism.de\/wp-content\/uploads\/13_20221214-R0001254-scaled-1-e1755767975431-670x447.jpg 670w, https:\/\/visualjournalism.de\/wp-content\/uploads\/13_20221214-R0001254-scaled-1-e1755767975431-420x280.jpg 420w, https:\/\/visualjournalism.de\/wp-content\/uploads\/13_20221214-R0001254-scaled-1-e1755767975431-350x234.jpg 350w, https:\/\/visualjournalism.de\/wp-content\/uploads\/13_20221214-R0001254-scaled-1-e1755767975431-150x100.jpg 150w\" \r\n                                    width=\"768\"  \r\n                                    height=\"513\" \r\n                                    alt=\"In einem Workshop an der Hochschule Hannover geben Studierenden (hier Michael Matthey, mittig im Bild) ihre Erfahrungen mit Gro\u00dfformatfotografie an Mitstudierende weiter.\"\r\n                                \/>\r\n                            <\/figure>\r\n\r\n                        \r\n                    \r\n                    <\/a>\r\n\r\n                <\/article><!--- .post-teaser-->\r\n\r\n            \r\n                <article class=\"post-teaser\">\r\n\r\n                    <a href=\"https:\/\/visualjournalism.de\/en\/magazine\/guide\/how-to-create-a-photo-series-ideas-themes-and-examples\/\" rel=\"permalink\">\r\n\r\n                        <div class=\"post-teaser__content\">\r\n\r\n                            <span class=\"entry-categories\">Guide<\/span>\r\n                            <h3 class=\"post-teaser__headline\">\r\n                                How to create a photo series.                            <\/h3>\r\n\r\n                            <div class=\"post-teaser__excerpt\">\r\n                                <p>Ideas, tips and examples from our professors.<\/p>\r\n                            <\/div>\r\n\r\n                        <\/div><!-- .post-teaser__content -->\r\n\r\n\r\n                        \r\n                            <figure class=\"post-teaser__image\">\r\n                                <img loading=\"lazy\" decoding=\"async\"  \r\n                                    src=\"https:\/\/visualjournalism.de\/wp-content\/uploads\/Andy-Happel-768x674.jpg\" \r\n                                    srcset=\"https:\/\/visualjournalism.de\/wp-content\/uploads\/Andy-Happel-768x674.jpg 768w, https:\/\/visualjournalism.de\/wp-content\/uploads\/Andy-Happel-300x263.jpg 300w, https:\/\/visualjournalism.de\/wp-content\/uploads\/Andy-Happel-1024x898.jpg 1024w, https:\/\/visualjournalism.de\/wp-content\/uploads\/Andy-Happel-1536x1347.jpg 1536w, https:\/\/visualjournalism.de\/wp-content\/uploads\/Andy-Happel-2048x1796.jpg 2048w, https:\/\/visualjournalism.de\/wp-content\/uploads\/Andy-Happel-1400x1228.jpg 1400w, https:\/\/visualjournalism.de\/wp-content\/uploads\/Andy-Happel-1050x921.jpg 1050w, https:\/\/visualjournalism.de\/wp-content\/uploads\/Andy-Happel-670x588.jpg 670w, https:\/\/visualjournalism.de\/wp-content\/uploads\/Andy-Happel-420x368.jpg 420w, https:\/\/visualjournalism.de\/wp-content\/uploads\/Andy-Happel-350x307.jpg 350w\" \r\n                                    width=\"768\"  \r\n                                    height=\"674\" \r\n                                    alt=\"Photo series by Andy Happel with young people in China in reddish light.\"\r\n                                \/>\r\n                            <\/figure>\r\n\r\n                        \r\n                    \r\n                    <\/a>\r\n\r\n                <\/article><!--- .post-teaser-->\r\n\r\n            \r\n                <article class=\"post-teaser\">\r\n\r\n                    <a href=\"https:\/\/visualjournalism.de\/en\/magazine\/sammeln\/bibliothek-der-geretteten-buecher\/\" rel=\"permalink\">\r\n\r\n                        <div class=\"post-teaser__content\">\r\n\r\n                            <span class=\"entry-categories\">Sammeln<\/span>\r\n                            <h3 class=\"post-teaser__headline\">\r\n                                Bibliothek der geretteten B\u00fccher                            <\/h3>\r\n\r\n                            <div class=\"post-teaser__excerpt\">\r\n                                <p>Wie ein Pfarrer aus Niedersachsen Tausende DDR-B\u00fccher vor der Vernichtung rettete \u2013 und warum eines davon eine entscheidende technische Spur f\u00fcr die Forschung im All lieferte.<\/p>\r\n                            <\/div>\r\n\r\n                        <\/div><!-- .post-teaser__content -->\r\n\r\n\r\n                        \r\n                            <figure class=\"post-teaser__image\">\r\n                                <img loading=\"lazy\" decoding=\"async\"  \r\n                                    src=\"https:\/\/visualjournalism.de\/wp-content\/uploads\/MuellerVahl_Thomas_Sammeln-04-768x511.jpg\" \r\n                                    srcset=\"https:\/\/visualjournalism.de\/wp-content\/uploads\/MuellerVahl_Thomas_Sammeln-04-768x511.jpg 768w, https:\/\/visualjournalism.de\/wp-content\/uploads\/MuellerVahl_Thomas_Sammeln-04-300x200.jpg 300w, https:\/\/visualjournalism.de\/wp-content\/uploads\/MuellerVahl_Thomas_Sammeln-04-1024x681.jpg 1024w, https:\/\/visualjournalism.de\/wp-content\/uploads\/MuellerVahl_Thomas_Sammeln-04-1536x1022.jpg 1536w, https:\/\/visualjournalism.de\/wp-content\/uploads\/MuellerVahl_Thomas_Sammeln-04-2048x1363.jpg 2048w, https:\/\/visualjournalism.de\/wp-content\/uploads\/MuellerVahl_Thomas_Sammeln-04-1920x1277.jpg 1920w, https:\/\/visualjournalism.de\/wp-content\/uploads\/MuellerVahl_Thomas_Sammeln-04-1400x931.jpg 1400w, https:\/\/visualjournalism.de\/wp-content\/uploads\/MuellerVahl_Thomas_Sammeln-04-1050x699.jpg 1050w, https:\/\/visualjournalism.de\/wp-content\/uploads\/MuellerVahl_Thomas_Sammeln-04-670x446.jpg 670w, https:\/\/visualjournalism.de\/wp-content\/uploads\/MuellerVahl_Thomas_Sammeln-04-420x279.jpg 420w, https:\/\/visualjournalism.de\/wp-content\/uploads\/MuellerVahl_Thomas_Sammeln-04-350x233.jpg 350w, https:\/\/visualjournalism.de\/wp-content\/uploads\/MuellerVahl_Thomas_Sammeln-04-150x100.jpg 150w\" \r\n                                    width=\"768\"  \r\n                                    height=\"511\" \r\n                                    alt=\"\"\r\n                                \/>\r\n                            <\/figure>\r\n\r\n                        \r\n                    \r\n                    <\/a>\r\n\r\n                <\/article><!--- .post-teaser-->\r\n\r\n            \r\n        <\/div><!-- .teaser-grid -->\r\n\r\n\n\n\r\n\r\n\r\n\n\n\n    <div class=\"btn-wrapper has-spacing--m\">\n        <a class=\"btn\" href=\"https:\/\/visualjournalism.de\/magazin\/\" target=\"_blank\">ZUR MAGAZIN-STARTSEITE<\/a>\n    <\/div>\n<\/div>\n","protected":false},"author":36,"featured_media":19945,"template":"","tags":[],"magazinkategorie":[169],"class_list":["post-19755","magazin","type-magazin","status-publish","has-post-thumbnail","hentry","magazinkategorie-randgebiet"],"acf":[],"yoast_head":"<!-- This site is optimized with the Yoast SEO Premium plugin v27.3 (Yoast SEO v27.3) - https:\/\/yoast.com\/product\/yoast-seo-premium-wordpress\/ -->\n<title>Im Schatten des Krieges &#8211; Visual Journalism and Documentary Photography<\/title>\n<meta name=\"robots\" content=\"index, follow, max-snippet:-1, max-image-preview:large, max-video-preview:-1\" \/>\n<link rel=\"canonical\" href=\"https:\/\/visualjournalism.de\/en\/magazine\/randgebiet\/im-schatten-des-krieges\/\" \/>\n<meta property=\"og:locale\" content=\"en_US\" \/>\n<meta property=\"og:type\" content=\"article\" \/>\n<meta property=\"og:title\" content=\"Im Schatten des Krieges\" \/>\n<meta property=\"og:description\" content=\"Nichts habe sich ge\u00e4ndert, sagt ein Hotelier im Osten Polens. Alles habe sich ge\u00e4ndert, sagt ein Grenzsoldat.&nbsp;Der Fotograf Ludwig Nikulski ist mit seiner Gro\u00dfformatkamera entlang der Au\u00dfengrenzen der Ukraine gereist. Niemand kann dort sagen, wie lange der in der Ukraine tobende Krieg in Polen und in der Republik Moldau noch unmerklich bleiben wird. \u00abIch zeige [&hellip;]\" \/>\n<meta property=\"og:url\" content=\"https:\/\/visualjournalism.de\/en\/magazine\/randgebiet\/im-schatten-des-krieges\/\" \/>\n<meta property=\"og:site_name\" content=\"Visual Journalism and Documentary Photography\" \/>\n<meta property=\"article:publisher\" content=\"https:\/\/www.facebook.com\/people\/wwwfotostudentende\/100065173703897\/\" \/>\n<meta property=\"article:modified_time\" content=\"2025-11-19T07:25:43+00:00\" \/>\n<meta property=\"og:image\" content=\"https:\/\/visualjournalism.de\/wp-content\/uploads\/13_Nikulski_Ludwig-scaled.jpg\" \/>\n\t<meta property=\"og:image:width\" content=\"2560\" \/>\n\t<meta property=\"og:image:height\" content=\"2048\" \/>\n\t<meta property=\"og:image:type\" content=\"image\/jpeg\" \/>\n<meta name=\"twitter:card\" content=\"summary_large_image\" \/>\n<meta name=\"twitter:site\" content=\"@HsHannover\" \/>\n<meta name=\"twitter:label1\" content=\"Est. reading time\" \/>\n\t<meta name=\"twitter:data1\" content=\"2 minutes\" \/>\n<script type=\"application\/ld+json\" class=\"yoast-schema-graph\">{\"@context\":\"https:\\\/\\\/schema.org\",\"@graph\":[{\"@type\":\"WebPage\",\"@id\":\"https:\\\/\\\/visualjournalism.de\\\/en\\\/magazine\\\/randgebiet\\\/im-schatten-des-krieges\\\/\",\"url\":\"https:\\\/\\\/visualjournalism.de\\\/en\\\/magazine\\\/randgebiet\\\/im-schatten-des-krieges\\\/\",\"name\":\"Im Schatten des Krieges &#8211; Visual Journalism and Documentary Photography\",\"isPartOf\":{\"@id\":\"https:\\\/\\\/visualjournalism.de\\\/en\\\/#website\"},\"primaryImageOfPage\":{\"@id\":\"https:\\\/\\\/visualjournalism.de\\\/en\\\/magazine\\\/randgebiet\\\/im-schatten-des-krieges\\\/#primaryimage\"},\"image\":{\"@id\":\"https:\\\/\\\/visualjournalism.de\\\/en\\\/magazine\\\/randgebiet\\\/im-schatten-des-krieges\\\/#primaryimage\"},\"thumbnailUrl\":\"https:\\\/\\\/visualjournalism.de\\\/wp-content\\\/uploads\\\/13_Nikulski_Ludwig-scaled.jpg\",\"datePublished\":\"2023-10-14T19:06:05+00:00\",\"dateModified\":\"2025-11-19T07:25:43+00:00\",\"breadcrumb\":{\"@id\":\"https:\\\/\\\/visualjournalism.de\\\/en\\\/magazine\\\/randgebiet\\\/im-schatten-des-krieges\\\/#breadcrumb\"},\"inLanguage\":\"en-US\",\"potentialAction\":[{\"@type\":\"ReadAction\",\"target\":[\"https:\\\/\\\/visualjournalism.de\\\/en\\\/magazine\\\/randgebiet\\\/im-schatten-des-krieges\\\/\"]}]},{\"@type\":\"ImageObject\",\"inLanguage\":\"en-US\",\"@id\":\"https:\\\/\\\/visualjournalism.de\\\/en\\\/magazine\\\/randgebiet\\\/im-schatten-des-krieges\\\/#primaryimage\",\"url\":\"https:\\\/\\\/visualjournalism.de\\\/wp-content\\\/uploads\\\/13_Nikulski_Ludwig-scaled.jpg\",\"contentUrl\":\"https:\\\/\\\/visualjournalism.de\\\/wp-content\\\/uploads\\\/13_Nikulski_Ludwig-scaled.jpg\",\"width\":2560,\"height\":2048,\"caption\":\"Oskar at the football field\"},{\"@type\":\"BreadcrumbList\",\"@id\":\"https:\\\/\\\/visualjournalism.de\\\/en\\\/magazine\\\/randgebiet\\\/im-schatten-des-krieges\\\/#breadcrumb\",\"itemListElement\":[{\"@type\":\"ListItem\",\"position\":1,\"name\":\"Home\",\"item\":\"https:\\\/\\\/visualjournalism.de\\\/en\\\/\"},{\"@type\":\"ListItem\",\"position\":2,\"name\":\"Magazin\",\"item\":\"https:\\\/\\\/visualjournalism.de\\\/en\\\/magazine\\\/\"},{\"@type\":\"ListItem\",\"position\":3,\"name\":\"Im Schatten des Krieges\"}]},{\"@type\":\"WebSite\",\"@id\":\"https:\\\/\\\/visualjournalism.de\\\/en\\\/#website\",\"url\":\"https:\\\/\\\/visualjournalism.de\\\/en\\\/\",\"name\":\"Visual Journalism and Documentary Photography\",\"description\":\"All about the bilingual bachelor&#039;s program at Hannover University of Applied Sciences and Arts.\",\"publisher\":{\"@id\":\"https:\\\/\\\/visualjournalism.de\\\/en\\\/#organization\"},\"alternateName\":\"visualjournalism.de\",\"potentialAction\":[{\"@type\":\"SearchAction\",\"target\":{\"@type\":\"EntryPoint\",\"urlTemplate\":\"https:\\\/\\\/visualjournalism.de\\\/en\\\/?s={search_term_string}\"},\"query-input\":{\"@type\":\"PropertyValueSpecification\",\"valueRequired\":true,\"valueName\":\"search_term_string\"}}],\"inLanguage\":\"en-US\"},{\"@type\":\"Organization\",\"@id\":\"https:\\\/\\\/visualjournalism.de\\\/en\\\/#organization\",\"name\":\"Hochschule Hannover \u2013 University of Applied Sciences and Arts\",\"alternateName\":\"HsH\",\"url\":\"https:\\\/\\\/visualjournalism.de\\\/en\\\/\",\"logo\":{\"@type\":\"ImageObject\",\"inLanguage\":\"en-US\",\"@id\":\"https:\\\/\\\/visualjournalism.de\\\/en\\\/#\\\/schema\\\/logo\\\/image\\\/\",\"url\":\"https:\\\/\\\/visualjournalism.de\\\/wp-content\\\/uploads\\\/logo-hochschule-hannover.png\",\"contentUrl\":\"https:\\\/\\\/visualjournalism.de\\\/wp-content\\\/uploads\\\/logo-hochschule-hannover.png\",\"width\":363,\"height\":270,\"caption\":\"Hochschule Hannover \u2013 University of Applied Sciences and Arts\"},\"image\":{\"@id\":\"https:\\\/\\\/visualjournalism.de\\\/en\\\/#\\\/schema\\\/logo\\\/image\\\/\"},\"sameAs\":[\"https:\\\/\\\/www.facebook.com\\\/people\\\/wwwfotostudentende\\\/100065173703897\\\/\",\"https:\\\/\\\/x.com\\\/HsHannover\",\"https:\\\/\\\/www.instagram.com\\\/visualjournalism.de\\\/\"]}]}<\/script>\n<!-- \/ Yoast SEO Premium plugin. -->","yoast_head_json":{"title":"Im Schatten des Krieges &#8211; Visual Journalism and Documentary Photography","robots":{"index":"index","follow":"follow","max-snippet":"max-snippet:-1","max-image-preview":"max-image-preview:large","max-video-preview":"max-video-preview:-1"},"canonical":"https:\/\/visualjournalism.de\/en\/magazine\/randgebiet\/im-schatten-des-krieges\/","og_locale":"en_US","og_type":"article","og_title":"Im Schatten des Krieges","og_description":"Nichts habe sich ge\u00e4ndert, sagt ein Hotelier im Osten Polens. Alles habe sich ge\u00e4ndert, sagt ein Grenzsoldat.&nbsp;Der Fotograf Ludwig Nikulski ist mit seiner Gro\u00dfformatkamera entlang der Au\u00dfengrenzen der Ukraine gereist. Niemand kann dort sagen, wie lange der in der Ukraine tobende Krieg in Polen und in der Republik Moldau noch unmerklich bleiben wird. \u00abIch zeige [&hellip;]","og_url":"https:\/\/visualjournalism.de\/en\/magazine\/randgebiet\/im-schatten-des-krieges\/","og_site_name":"Visual Journalism and Documentary Photography","article_publisher":"https:\/\/www.facebook.com\/people\/wwwfotostudentende\/100065173703897\/","article_modified_time":"2025-11-19T07:25:43+00:00","og_image":[{"width":2560,"height":2048,"url":"https:\/\/visualjournalism.de\/wp-content\/uploads\/13_Nikulski_Ludwig-scaled.jpg","type":"image\/jpeg"}],"twitter_card":"summary_large_image","twitter_site":"@HsHannover","twitter_misc":{"Est. reading time":"2 minutes"},"schema":{"@context":"https:\/\/schema.org","@graph":[{"@type":"WebPage","@id":"https:\/\/visualjournalism.de\/en\/magazine\/randgebiet\/im-schatten-des-krieges\/","url":"https:\/\/visualjournalism.de\/en\/magazine\/randgebiet\/im-schatten-des-krieges\/","name":"Im Schatten des Krieges &#8211; Visual Journalism and Documentary Photography","isPartOf":{"@id":"https:\/\/visualjournalism.de\/en\/#website"},"primaryImageOfPage":{"@id":"https:\/\/visualjournalism.de\/en\/magazine\/randgebiet\/im-schatten-des-krieges\/#primaryimage"},"image":{"@id":"https:\/\/visualjournalism.de\/en\/magazine\/randgebiet\/im-schatten-des-krieges\/#primaryimage"},"thumbnailUrl":"https:\/\/visualjournalism.de\/wp-content\/uploads\/13_Nikulski_Ludwig-scaled.jpg","datePublished":"2023-10-14T19:06:05+00:00","dateModified":"2025-11-19T07:25:43+00:00","breadcrumb":{"@id":"https:\/\/visualjournalism.de\/en\/magazine\/randgebiet\/im-schatten-des-krieges\/#breadcrumb"},"inLanguage":"en-US","potentialAction":[{"@type":"ReadAction","target":["https:\/\/visualjournalism.de\/en\/magazine\/randgebiet\/im-schatten-des-krieges\/"]}]},{"@type":"ImageObject","inLanguage":"en-US","@id":"https:\/\/visualjournalism.de\/en\/magazine\/randgebiet\/im-schatten-des-krieges\/#primaryimage","url":"https:\/\/visualjournalism.de\/wp-content\/uploads\/13_Nikulski_Ludwig-scaled.jpg","contentUrl":"https:\/\/visualjournalism.de\/wp-content\/uploads\/13_Nikulski_Ludwig-scaled.jpg","width":2560,"height":2048,"caption":"Oskar at the football field"},{"@type":"BreadcrumbList","@id":"https:\/\/visualjournalism.de\/en\/magazine\/randgebiet\/im-schatten-des-krieges\/#breadcrumb","itemListElement":[{"@type":"ListItem","position":1,"name":"Home","item":"https:\/\/visualjournalism.de\/en\/"},{"@type":"ListItem","position":2,"name":"Magazin","item":"https:\/\/visualjournalism.de\/en\/magazine\/"},{"@type":"ListItem","position":3,"name":"Im Schatten des Krieges"}]},{"@type":"WebSite","@id":"https:\/\/visualjournalism.de\/en\/#website","url":"https:\/\/visualjournalism.de\/en\/","name":"Visual Journalism and Documentary Photography","description":"All about the bilingual bachelor&#039;s program at Hannover University of Applied Sciences and Arts.","publisher":{"@id":"https:\/\/visualjournalism.de\/en\/#organization"},"alternateName":"visualjournalism.de","potentialAction":[{"@type":"SearchAction","target":{"@type":"EntryPoint","urlTemplate":"https:\/\/visualjournalism.de\/en\/?s={search_term_string}"},"query-input":{"@type":"PropertyValueSpecification","valueRequired":true,"valueName":"search_term_string"}}],"inLanguage":"en-US"},{"@type":"Organization","@id":"https:\/\/visualjournalism.de\/en\/#organization","name":"Hochschule Hannover \u2013 University of Applied Sciences and Arts","alternateName":"HsH","url":"https:\/\/visualjournalism.de\/en\/","logo":{"@type":"ImageObject","inLanguage":"en-US","@id":"https:\/\/visualjournalism.de\/en\/#\/schema\/logo\/image\/","url":"https:\/\/visualjournalism.de\/wp-content\/uploads\/logo-hochschule-hannover.png","contentUrl":"https:\/\/visualjournalism.de\/wp-content\/uploads\/logo-hochschule-hannover.png","width":363,"height":270,"caption":"Hochschule Hannover \u2013 University of Applied Sciences and Arts"},"image":{"@id":"https:\/\/visualjournalism.de\/en\/#\/schema\/logo\/image\/"},"sameAs":["https:\/\/www.facebook.com\/people\/wwwfotostudentende\/100065173703897\/","https:\/\/x.com\/HsHannover","https:\/\/www.instagram.com\/visualjournalism.de\/"]}]}},"_links":{"self":[{"href":"https:\/\/visualjournalism.de\/en\/wp-json\/wp\/v2\/magazin\/19755","targetHints":{"allow":["GET"]}}],"collection":[{"href":"https:\/\/visualjournalism.de\/en\/wp-json\/wp\/v2\/magazin"}],"about":[{"href":"https:\/\/visualjournalism.de\/en\/wp-json\/wp\/v2\/types\/magazin"}],"author":[{"embeddable":true,"href":"https:\/\/visualjournalism.de\/en\/wp-json\/wp\/v2\/users\/36"}],"version-history":[{"count":1,"href":"https:\/\/visualjournalism.de\/en\/wp-json\/wp\/v2\/magazin\/19755\/revisions"}],"predecessor-version":[{"id":65608,"href":"https:\/\/visualjournalism.de\/en\/wp-json\/wp\/v2\/magazin\/19755\/revisions\/65608"}],"wp:featuredmedia":[{"embeddable":true,"href":"https:\/\/visualjournalism.de\/en\/wp-json\/wp\/v2\/media\/19945"}],"wp:attachment":[{"href":"https:\/\/visualjournalism.de\/en\/wp-json\/wp\/v2\/media?parent=19755"}],"wp:term":[{"taxonomy":"post_tag","embeddable":true,"href":"https:\/\/visualjournalism.de\/en\/wp-json\/wp\/v2\/tags?post=19755"},{"taxonomy":"magazinkategorie","embeddable":true,"href":"https:\/\/visualjournalism.de\/en\/wp-json\/wp\/v2\/magazinkategorie?post=19755"}],"curies":[{"name":"wp","href":"https:\/\/api.w.org\/{rel}","templated":true}]}}