{"id":19951,"date":"2023-10-15T19:05:17","date_gmt":"2023-10-15T19:05:17","guid":{"rendered":"https:\/\/visualjournalism.de\/?p=19951"},"modified":"2024-01-16T10:39:39","modified_gmt":"2024-01-16T10:39:39","slug":"niclas-tiedemann-faroeer-inseln","status":"publish","type":"magazin","link":"https:\/\/visualjournalism.de\/en\/magazine\/randgebiet\/niclas-tiedemann-faroeer-inseln\/","title":{"rendered":"Lebensadern des Nordens"},"content":{"rendered":"\r\n<div class=\"cover--lead-in has-spacing--m\">\r\n\r\n    \r\n    <div class=\"cover--lead-in__content typo--tiempos\">\r\n\r\n        <div class=\"entry-categories\">\n\t<a class=\"post__tag\" href=\"https:\/\/visualjournalism.de\/magazin-kategorie\/randgebiet\/\" rel=\"category tag\">Randgebiet<\/a><\/div>\r\n        <h2 class=\"cover--lead-in__headline \">\r\n            Lebensadern des Nordens        <\/h2>\r\n\r\n                    <div class=\"cover--lead-in__text\">\r\n                <p>F\u00fcr die F\u00e4r\u00f6er-Inseln ist eine gute Infrastruktur \u00fcberlebensnotwendig. Doch das zu gew\u00e4hrleisten, ist gar nicht so einfach: Die Landschaften sind zerkl\u00fcftet, die Wetterbedingungen hart. Der Fotograf <strong><a href=\"https:\/\/visualjournalism.de\/en\/niclas-tiedemann\/\" target=\"_blank\" rel=\"noopener\">Niclas Tiedemann<\/a><\/strong> hat sich die Gegend genauer angeschaut.<\/p>\n            <\/div>\r\n        \r\n                    <div class=\"cover--lead-in__author\">\r\n                \r\n                    \r\n                            <figure class=\"cover--lead-in__author__image\">\r\n\r\n                                                                    <a href=\"https:\/\/visualjournalism.de\/niclas-tiedemann\/\" target=\"_blank\">\r\n                                \r\n                                <img loading=\"lazy\" decoding=\"async\"\r\n                                    src=\"https:\/\/visualjournalism.de\/wp-content\/uploads\/02_Tiedemann_Niclas_Portrait-2-68x68.jpg\"\r\n                                    srcset=\"https:\/\/visualjournalism.de\/wp-content\/uploads\/02_Tiedemann_Niclas_Portrait-2-68x68.jpg 68w, https:\/\/visualjournalism.de\/wp-content\/uploads\/02_Tiedemann_Niclas_Portrait-2-150x150.jpg 150w, https:\/\/visualjournalism.de\/wp-content\/uploads\/02_Tiedemann_Niclas_Portrait-2-52x52.jpg 52w, https:\/\/visualjournalism.de\/wp-content\/uploads\/02_Tiedemann_Niclas_Portrait-2-96x96.jpg 96w\"\r\n                                    width=\"68\"\r\n                                    height=\"68\"\r\n                                    alt=\"\"\r\n                                \/>\r\n\r\n                                                                    <\/a>\r\n                                \r\n                            <\/figure>\r\n\r\n                                    <\/div><!-- .cover--lead-in__author -->\r\n        \r\n    <\/div><!-- .cover--lead-in__content -->\r\n\r\n    \r\n        <figure class=\"cover--lead-in__image cover--lead-in__media cover--lead-in__media--image\">\r\n            <img loading=\"lazy\" decoding=\"async\"\r\n                src=\"https:\/\/visualjournalism.de\/wp-content\/uploads\/36_Tiedemann_Niclas-1.jpg\"\r\n                srcset=\"https:\/\/visualjournalism.de\/wp-content\/uploads\/36_Tiedemann_Niclas-1.jpg 1600w, https:\/\/visualjournalism.de\/wp-content\/uploads\/36_Tiedemann_Niclas-1-300x201.jpg 300w, https:\/\/visualjournalism.de\/wp-content\/uploads\/36_Tiedemann_Niclas-1-1024x686.jpg 1024w, https:\/\/visualjournalism.de\/wp-content\/uploads\/36_Tiedemann_Niclas-1-768x515.jpg 768w, https:\/\/visualjournalism.de\/wp-content\/uploads\/36_Tiedemann_Niclas-1-1536x1029.jpg 1536w, https:\/\/visualjournalism.de\/wp-content\/uploads\/36_Tiedemann_Niclas-1-1400x938.jpg 1400w, https:\/\/visualjournalism.de\/wp-content\/uploads\/36_Tiedemann_Niclas-1-1050x704.jpg 1050w, https:\/\/visualjournalism.de\/wp-content\/uploads\/36_Tiedemann_Niclas-1-670x449.jpg 670w, https:\/\/visualjournalism.de\/wp-content\/uploads\/36_Tiedemann_Niclas-1-420x281.jpg 420w, https:\/\/visualjournalism.de\/wp-content\/uploads\/36_Tiedemann_Niclas-1-350x235.jpg 350w, https:\/\/visualjournalism.de\/wp-content\/uploads\/36_Tiedemann_Niclas-1-150x101.jpg 150w\"\r\n                width=\"1600\"\r\n                height=\"1072\"\r\n                alt=\"F\u00e4r\u00f6er, Blick auf den Vestamannasund.\"\r\n                style=\"object-position: 22% 98.01%\"\r\n            \/>\r\n        <\/figure>\r\n\r\n                    <span class=\"cover--lead-in__image-title\">\r\n                Far\u00f6er, 22.12.22: Blick auf den Vestamannasund. Foto: Niclas Tiedemann            <\/span>\r\n        \r\n    \r\n<\/div><!-- .cover--lead-in -->\r\n\r\n\n\n\n<p class=\"post__paragraph has-spacing--m\"><strong>Die F\u00e4r\u00f6er sind eine abgelegene Inselgruppe im Atlantik,<\/strong> gelegen zwischen Island und Norwegen. Dort leben mittlerweile rund 50.000 Menschen, die es geschafft haben, sich an die schwierigen Wetterbedingungen und die Abgelegenheit anzupassen und sich in jede abgelegene Ecke der 18 Inseln auszubreiten.<\/p>\n\n\n\n<div class=\"tableau has-spacing--m\">\n\t\n\n<div class=\"tableau__column--left\">\n    \n\r\n<div class=\"embed-block has-spacing--none\">\r\n\r\n    <div \r\n        class=\"embed-block__wrapper ratio-aspect-ratio--4-3\" \r\n        style=\"\"\r\n    >\r\n        <iframe loading=\"lazy\" title=\"\" aria-label=\"Locator-Karte\" id=\"datawrapper-chart-07wk0\" src=\"https:\/\/datawrapper.dwcdn.net\/07wk0\/3\/\" scrolling=\"no\" frameborder=\"0\" style=\"border: none;\" width=\"598\" height=\"511\" data-external=\"1\"><\/iframe>    <\/div>\r\n\r\n    <div class=\"embed-block__caption\">\r\n        \n\n<p class=\"post__paragraph has-spacing--default\"><\/p>\n\n    <\/div>\r\n\r\n<\/div>\r\n\n\n<\/div>\n\n\n<div class=\"tableau__column--right\">\n    \n<\/div>\n<\/div>\n\n\n<p class=\"post__paragraph has-spacing--s\">Mit dem Einzug der modernen Zeiten und dem Weichen des traditionellen Lebens steht die Gesellschaft jedoch auch hier vor neuen Herausforderungen. Die meisten F\u00e4r\u00f6er arbeiten mittlerweile in der Hauptstadt T\u00f3rshavn, aber wie in den meisten Hauptst\u00e4dten w\u00e4chst auch hier der Bedarf an bezahlbarem Wohnraum problematisch. Um f\u00fcr die Arbeit in die Hauptstadt zu gelangen, m\u00fcssen anspruchsvolle Wege entlang der Fjorde oder zeit- und kostenintensive Strecken per F\u00e4hre zur\u00fcckgelegt werden.<br><br>Als L\u00f6sungsansatz f\u00fcr dieses Problems betrachtet die Regierung eine \u00dcberarbeitung des gesamten Verkehrskonzeptes der Inseln. Um Wege auf den Inseln insgesamt zu verk\u00fcrzen, wurde seit den 60er Jahren ein ambitioniertes Infrastrukturprojekt initiiert, das mithilfe eines Tunnelsystems einen Gro\u00dfteil der Inselgruppen und somit auch die Menschen verbindet.<\/p>\n\n\n \n\n<div class=\"photo-grid grid-layout--tableau has-spacing--m\">\n\n            \n\n            <div class=\"photo-grid__image\">\n\n                <figure>\n\n                    <img loading=\"lazy\" decoding=\"async\"  \n                        src=\"https:\/\/visualjournalism.de\/wp-content\/uploads\/09_Tiedemann_Niclas-1-768x515.jpg\" \n                        srcset=\"https:\/\/visualjournalism.de\/wp-content\/uploads\/09_Tiedemann_Niclas-1-768x515.jpg 768w, https:\/\/visualjournalism.de\/wp-content\/uploads\/09_Tiedemann_Niclas-1-300x201.jpg 300w, https:\/\/visualjournalism.de\/wp-content\/uploads\/09_Tiedemann_Niclas-1-1024x686.jpg 1024w, https:\/\/visualjournalism.de\/wp-content\/uploads\/09_Tiedemann_Niclas-1-1536x1029.jpg 1536w, https:\/\/visualjournalism.de\/wp-content\/uploads\/09_Tiedemann_Niclas-1-1400x938.jpg 1400w, https:\/\/visualjournalism.de\/wp-content\/uploads\/09_Tiedemann_Niclas-1-1050x704.jpg 1050w, https:\/\/visualjournalism.de\/wp-content\/uploads\/09_Tiedemann_Niclas-1-670x449.jpg 670w, https:\/\/visualjournalism.de\/wp-content\/uploads\/09_Tiedemann_Niclas-1-420x281.jpg 420w, https:\/\/visualjournalism.de\/wp-content\/uploads\/09_Tiedemann_Niclas-1-350x235.jpg 350w, https:\/\/visualjournalism.de\/wp-content\/uploads\/09_Tiedemann_Niclas-1-150x101.jpg 150w, https:\/\/visualjournalism.de\/wp-content\/uploads\/09_Tiedemann_Niclas-1.jpg 1600w\" \n                        width=\"768\"  \n                        height=\"515\" \n                        alt=\"\"  \n                    \/>\n\n                                            <span class=\"photo-grid__image__title\">Gj\u00f3gv, Far\u00f6er 19.12.22: Ediana Hentze steckt mit ihrem Auto im Seitengraben der Stra\u00dfe richtung Gj\u00f3gv fest. Sie  wurde in Brasilien geboren und geh\u00f6rt damit zu einer von vielen Minderheiten auf der Insel. Ihren Ehemann lernte sie kennen als dieser Urlaub in Brasilien machte. Nach einer Weile entschied sich Ediana, den Schritt zu wagen und auf die Far\u00f6er Insel zu ziehen. Foto: Niclas Tiedemann x<\/span>\n                    \n                    \n                <\/figure>\n\n            <\/div><!-- photo-grid__image -->    \n\n\n            \n\n                    \n                \n\n            <div class=\"photo-grid__image\">\n\n                <figure>\n\n                    <img loading=\"lazy\" decoding=\"async\"  \n                        src=\"https:\/\/visualjournalism.de\/wp-content\/uploads\/31_Tiedemann_Niclas-1-768x515.jpg\" \n                        srcset=\"https:\/\/visualjournalism.de\/wp-content\/uploads\/31_Tiedemann_Niclas-1-768x515.jpg 768w, https:\/\/visualjournalism.de\/wp-content\/uploads\/31_Tiedemann_Niclas-1-300x201.jpg 300w, https:\/\/visualjournalism.de\/wp-content\/uploads\/31_Tiedemann_Niclas-1-1024x686.jpg 1024w, https:\/\/visualjournalism.de\/wp-content\/uploads\/31_Tiedemann_Niclas-1-1536x1029.jpg 1536w, https:\/\/visualjournalism.de\/wp-content\/uploads\/31_Tiedemann_Niclas-1-1400x938.jpg 1400w, https:\/\/visualjournalism.de\/wp-content\/uploads\/31_Tiedemann_Niclas-1-1050x704.jpg 1050w, https:\/\/visualjournalism.de\/wp-content\/uploads\/31_Tiedemann_Niclas-1-670x449.jpg 670w, https:\/\/visualjournalism.de\/wp-content\/uploads\/31_Tiedemann_Niclas-1-420x281.jpg 420w, https:\/\/visualjournalism.de\/wp-content\/uploads\/31_Tiedemann_Niclas-1-350x235.jpg 350w, https:\/\/visualjournalism.de\/wp-content\/uploads\/31_Tiedemann_Niclas-1-150x101.jpg 150w, https:\/\/visualjournalism.de\/wp-content\/uploads\/31_Tiedemann_Niclas-1.jpg 1600w\" \n                        width=\"768\"  \n                        height=\"515\" \n                        alt=\"\"  \n                    \/>\n\n                                            <span class=\"photo-grid__image__title\">Far\u00f6er, 14.12.22: Obwohl die Faro\u0308er ein relativ gut ausgebauter o\u0308ffentlicher Nahverkehr haben, lieben die Faro\u0308er ihr eigenes Auto. Eine Redensart u\u0308ber die eigenen Landsleute lautet heute daher: \u201eWozu braucht er noch einen Regenmantel? Er hat doch ein Auto.\u201c Foto: Niclas Tiedemann<\/span>\n                    \n                    \n                <\/figure>\n\n            <\/div><!-- photo-grid__image -->    \n\n\n            \n\n                    \n                \n\n            <div class=\"photo-grid__image\">\n\n                <figure>\n\n                    <img loading=\"lazy\" decoding=\"async\"  \n                        src=\"https:\/\/visualjournalism.de\/wp-content\/uploads\/35_Tiedemann_Niclas-1.jpg\" \n                        srcset=\"\" \n                        width=\"768\"  \n                        height=\"515\" \n                        alt=\"Der Ga\u0301sadalurtunnel der das Dorf Ga\u0301sadalur mit der Au\u00dfenwelt verbindet.\"  \n                    \/>\n\n                                            <span class=\"photo-grid__image__title\">Ga\u0301sadalur Far\u00f6er, 13.12.22: Der Ga\u0301sadalurtunnel der das Dorf Ga\u0301sadalur mit der Au\u00dfenwelt verbindet. Foto: Niclas Tiedemann<\/span>\n                    \n                    \n                <\/figure>\n\n            <\/div><!-- photo-grid__image -->    \n\n\n            \n\n            \n<\/div>\n\n\n        <figure class=\"post-image--cover has-spacing--none\">\n\n            <img decoding=\"async\" src=\"https:\/\/visualjournalism.de\/wp-content\/uploads\/03_Tiedemann_Niclas-1.jpg\"  alt=\"\" \/>\n            \n                            <span class=\"post__image__title\">H\u00fasav\u00edk Far\u00f6er, 17.02.22:  Der Ort \u201eH\u00fasav\u00edk\u201c liegt auf der s\u00fcdlichen Insel Sandoy, auf der nur rund 2000 Menschen leben. Arch\u00e4ologischen Untersuchungen nach existiert der \u201eH\u00fasav\u00edk\u201c seit der Wikingerzeit. Foto: Niclas Tiedemann<\/span>\n            \n        <\/figure><!-- post-image--cover -->\n\n    \n\n\n\n<p class=\"post__paragraph is-style-typo--soehne has-spacing--m\"><strong>Der Ort \u201eH\u00fasav\u00edk\u201c liegt auf der s\u00fcdlichen Insel Sandoy, auf der nur rund 2000 Menschen leben.<\/strong> Arch\u00e4ologischen Untersuchungen nach existiert der \u201eH\u00fasav\u00edk\u201c seit der Wikingerzeit.<\/p>\n\n\n \n\n<div class=\"photo-grid grid-layout--tableau has-spacing--l\">\n\n            \n\n            <div class=\"photo-grid__image\">\n\n                <figure>\n\n                    <img loading=\"lazy\" decoding=\"async\"  \n                        src=\"https:\/\/visualjournalism.de\/wp-content\/uploads\/30_Tiedemann_Niclas-1.jpg\" \n                        srcset=\"\" \n                        width=\"768\"  \n                        height=\"515\" \n                        alt=\"\"  \n                    \/>\n\n                                            <span class=\"photo-grid__image__title\">Ga\u0301sadalur Far\u00f6er, 13.12.22: Ein abgelegenes Haus auf der Insel Va\u0301gar. Das Haus liegt am Rande von Ga\u0301sadalur welche bis zur Ero\u0308ffnung des Ga\u0301sadalstunnel eines der isoliertesten Do\u0308rfer Europas war. Vor der Fertigstellung war der Ort nur per Helikopter oder dem aus B\u00f8ur fu\u0308hren- den Wanderweg erreichbar. Foto: Niclas Tiedemann<\/span>\n                    \n                    \n                <\/figure>\n\n            <\/div><!-- photo-grid__image -->    \n\n\n            \n\n                    \n                \n\n            <div class=\"photo-grid__image\">\n\n                <figure>\n\n                    <img loading=\"lazy\" decoding=\"async\"  \n                        src=\"https:\/\/visualjournalism.de\/wp-content\/uploads\/03.1_Tiedemann_Niclas-1-768x515.jpg\" \n                        srcset=\"https:\/\/visualjournalism.de\/wp-content\/uploads\/03.1_Tiedemann_Niclas-1-768x515.jpg 768w, https:\/\/visualjournalism.de\/wp-content\/uploads\/03.1_Tiedemann_Niclas-1-300x201.jpg 300w, https:\/\/visualjournalism.de\/wp-content\/uploads\/03.1_Tiedemann_Niclas-1-1024x686.jpg 1024w, https:\/\/visualjournalism.de\/wp-content\/uploads\/03.1_Tiedemann_Niclas-1-1536x1029.jpg 1536w, https:\/\/visualjournalism.de\/wp-content\/uploads\/03.1_Tiedemann_Niclas-1-1400x938.jpg 1400w, https:\/\/visualjournalism.de\/wp-content\/uploads\/03.1_Tiedemann_Niclas-1-1050x704.jpg 1050w, https:\/\/visualjournalism.de\/wp-content\/uploads\/03.1_Tiedemann_Niclas-1-670x449.jpg 670w, https:\/\/visualjournalism.de\/wp-content\/uploads\/03.1_Tiedemann_Niclas-1-420x281.jpg 420w, https:\/\/visualjournalism.de\/wp-content\/uploads\/03.1_Tiedemann_Niclas-1-350x235.jpg 350w, https:\/\/visualjournalism.de\/wp-content\/uploads\/03.1_Tiedemann_Niclas-1-150x101.jpg 150w, https:\/\/visualjournalism.de\/wp-content\/uploads\/03.1_Tiedemann_Niclas-1.jpg 1600w\" \n                        width=\"768\"  \n                        height=\"515\" \n                        alt=\"\"  \n                    \/>\n\n                                            <span class=\"photo-grid__image__title\">Far\u00f6er 22.12.22: &quot;Mittagssonne in Richtung Osten. In den Wintermonaten sind die Sonnenstunden begrenzt und die Sonne steht nie sonderlich hoch. Was dazu f\u00fchrt, dass sie, wenn sie scheint, h\u00e4ufig sch\u00f6nes Licht erzeugt. Foto: Niclas Tiedemann<\/span>\n                    \n                    \n                <\/figure>\n\n            <\/div><!-- photo-grid__image -->    \n\n\n            \n\n                    \n                \n\n            <div class=\"photo-grid__image\">\n\n                <figure>\n\n                    <img loading=\"lazy\" decoding=\"async\"  \n                        src=\"https:\/\/visualjournalism.de\/wp-content\/uploads\/18_Tiedemann_Niclas-1.jpg\" \n                        srcset=\"\" \n                        width=\"768\"  \n                        height=\"515\" \n                        alt=\"\"  \n                    \/>\n\n                                            <span class=\"photo-grid__image__title\">Unbenannte Passstra\u00dfe n\u00e4he Sl\u00e6ttaratindur Far\u00f6er, 14.12.22:  Nicht alle Stra\u00dfen auf den Far\u00f6ern sind gefahrlos das ganze Jahr befahrbar. Wie diese Passstra\u00dfe n\u00e4he Sl\u00e6ttaratindur dem h\u00f6chsten Berg der Inseln. Foto: Niclas Tiedemann<\/span>\n                    \n                    \n                <\/figure>\n\n            <\/div><!-- photo-grid__image -->    \n\n\n            \n\n            \n<\/div>\n\n    <figure class=\"block-photo post__image--half-center has-spacing--l with-title\">\n\n        <div class=\"post__image__container\">\n            <img loading=\"lazy\" decoding=\"async\" \n                src=\"https:\/\/visualjournalism.de\/wp-content\/uploads\/05_Tiedemann_Niclas-1-768x1145.jpg\"\n                srcset=\"https:\/\/visualjournalism.de\/wp-content\/uploads\/05_Tiedemann_Niclas-1-768x1145.jpg 768w, https:\/\/visualjournalism.de\/wp-content\/uploads\/05_Tiedemann_Niclas-1-201x300.jpg 201w, https:\/\/visualjournalism.de\/wp-content\/uploads\/05_Tiedemann_Niclas-1-687x1024.jpg 687w, https:\/\/visualjournalism.de\/wp-content\/uploads\/05_Tiedemann_Niclas-1-1030x1536.jpg 1030w, https:\/\/visualjournalism.de\/wp-content\/uploads\/05_Tiedemann_Niclas-1-1050x1566.jpg 1050w, https:\/\/visualjournalism.de\/wp-content\/uploads\/05_Tiedemann_Niclas-1-670x999.jpg 670w, https:\/\/visualjournalism.de\/wp-content\/uploads\/05_Tiedemann_Niclas-1-420x626.jpg 420w, https:\/\/visualjournalism.de\/wp-content\/uploads\/05_Tiedemann_Niclas-1-350x522.jpg 350w, https:\/\/visualjournalism.de\/wp-content\/uploads\/05_Tiedemann_Niclas-1-300x447.jpg 300w, https:\/\/visualjournalism.de\/wp-content\/uploads\/05_Tiedemann_Niclas-1-150x224.jpg 150w, https:\/\/visualjournalism.de\/wp-content\/uploads\/05_Tiedemann_Niclas-1.jpg 1073w\"\n                width=\"768\" \n                height=\"1145\"\n                alt=\"\" \n            \/>\n            \n                            <span class=\"post__image__title\">Leynar Far\u00f6er, 14.12.22: Ole Jakob Nielsen ist ein Drechselk\u00fcnstler der 1967 vom d\u00e4nischen Festland emigrierte. Seine Werkstatt hat er direkt neben seinem Wohnhaus in Leynar errichtet. Er erinnert sich noch gut daran, wie schwer es war, Besorgungen in der Hauptstadt zu erledigen, bevor \u201eKollfjar\u00f0artunnilin\u201c im Jahre 1992 fertiggestellt wurde. Zwei Jahre zuvor wurde das Auto seiner Frau bei einer solchen Besorgungsfahrt vom Wind erfasst und von der Stra\u00dfe geweht, gl\u00fccklicherweise wurde dabei niemand ernsthaft verletzt. Foto: Niclas Tiedemann<\/span>\n                    <\/div><!-- post__image__container -->\n\n        \n    <\/figure><!-- post__image -->\n\n\n\n    <figure class=\"block-photo post__image--half-right has-spacing--l with-title\">\n\n        <div class=\"post__image__container\">\n            <img loading=\"lazy\" decoding=\"async\" \n                src=\"https:\/\/visualjournalism.de\/wp-content\/uploads\/15_Tiedemann_Niclas-2-768x515.jpg\"\n                srcset=\"https:\/\/visualjournalism.de\/wp-content\/uploads\/15_Tiedemann_Niclas-2-768x515.jpg 768w, https:\/\/visualjournalism.de\/wp-content\/uploads\/15_Tiedemann_Niclas-2-300x201.jpg 300w, https:\/\/visualjournalism.de\/wp-content\/uploads\/15_Tiedemann_Niclas-2-1024x686.jpg 1024w, https:\/\/visualjournalism.de\/wp-content\/uploads\/15_Tiedemann_Niclas-2-1536x1029.jpg 1536w, https:\/\/visualjournalism.de\/wp-content\/uploads\/15_Tiedemann_Niclas-2-1400x938.jpg 1400w, https:\/\/visualjournalism.de\/wp-content\/uploads\/15_Tiedemann_Niclas-2-1050x704.jpg 1050w, https:\/\/visualjournalism.de\/wp-content\/uploads\/15_Tiedemann_Niclas-2-670x449.jpg 670w, https:\/\/visualjournalism.de\/wp-content\/uploads\/15_Tiedemann_Niclas-2-420x281.jpg 420w, https:\/\/visualjournalism.de\/wp-content\/uploads\/15_Tiedemann_Niclas-2-350x235.jpg 350w, https:\/\/visualjournalism.de\/wp-content\/uploads\/15_Tiedemann_Niclas-2-150x101.jpg 150w, https:\/\/visualjournalism.de\/wp-content\/uploads\/15_Tiedemann_Niclas-2.jpg 1600w\"\n                width=\"768\" \n                height=\"515\"\n                alt=\"\" \n            \/>\n            \n                            <span class=\"post__image__title\">Sk\u00e1lav\u00edk Far\u00f6er, 17.12.22 Mit der zunehmenden Urbanisierung sind die M\u00f6glichkeiten der Freizeitgestaltung auf Sandoy immer weiter zur\u00fcckgegangen. Das M\u00f8lin Guesthouse mit seinem Caf\u00e9 ist eine der wenigen Anlaufstellen. Dies hat zur Folge, dass abgelegene D\u00f6rfer weniger attraktiv zum Wohnen sind. Der Mangel an Unterhaltungsm\u00f6glichkeiten im Dorf\rhat auch eine weitere Auswirkung: Wenn die Bewohner ausgehen m\u00f6chten, sind sie\raufgrund des Mangels an Ru\u0308ckfahrtm\u00f6glichkeiten nach Sandoy oft gezwungen, in\rT\u00f3rshavn zu \u00fcbernachten. Der sich im Bau befindende Tunnel zwischen Sandoy und\rStreymoy ist eine willkommene Abhilfe. Foto: Niclas Tiedemann<\/span>\n                    <\/div><!-- post__image__container -->\n\n        \n    <\/figure><!-- post__image -->\n\n\n\n\n        <figure class=\"post-image--cover has-spacing--m\">\n\n            <img decoding=\"async\" src=\"https:\/\/visualjournalism.de\/wp-content\/uploads\/06_Tiedemann_Niclas-1.jpg\"  alt=\"Blick auf den T\u00fdggjar\u00e1 Wasserfall auf den F\u00e4r\u00f6er-Inseln\" \/>\n            \n                            <span class=\"post__image__title\">T\u00fdggjar\u00e1, Far\u00f6er 17.12.22: Blick auf den T\u00fdggjar\u00e1 Wasserfall. Obwohl die F\u00e4r\u00f6er Inseln in 62\u00b0 N\u00f6rdliche Breite liegen, herrscht ein u\u0308berraschend mildes Klima, gepr\u00e4gt durch den Golfstrom. Die Durchschnittstemperatur der w\u00e4rmstenMonate liegt bei 13\u00b0C und die der Wintermonate bei 3\u00b0C. Das Landschaftsbild ist dennoch gezeichnet von Wind und Wetter. Foto: Niclas Tiedemann<\/span>\n            \n        <\/figure><!-- post-image--cover -->\n\n    \n\n\n \n\n<div class=\"photo-grid grid-layout--2col-4 has-spacing--m\">\n\n            \n\n            <div class=\"photo-grid__image\">\n\n                <figure>\n\n                    <img loading=\"lazy\" decoding=\"async\"  \n                        src=\"https:\/\/visualjournalism.de\/wp-content\/uploads\/14_Tiedemann_Niclas-2-768x1145.jpg\" \n                        srcset=\"https:\/\/visualjournalism.de\/wp-content\/uploads\/14_Tiedemann_Niclas-2-768x1145.jpg 768w, https:\/\/visualjournalism.de\/wp-content\/uploads\/14_Tiedemann_Niclas-2-201x300.jpg 201w, https:\/\/visualjournalism.de\/wp-content\/uploads\/14_Tiedemann_Niclas-2-687x1024.jpg 687w, https:\/\/visualjournalism.de\/wp-content\/uploads\/14_Tiedemann_Niclas-2-1030x1536.jpg 1030w, https:\/\/visualjournalism.de\/wp-content\/uploads\/14_Tiedemann_Niclas-2-1050x1566.jpg 1050w, https:\/\/visualjournalism.de\/wp-content\/uploads\/14_Tiedemann_Niclas-2-670x999.jpg 670w, https:\/\/visualjournalism.de\/wp-content\/uploads\/14_Tiedemann_Niclas-2-420x626.jpg 420w, https:\/\/visualjournalism.de\/wp-content\/uploads\/14_Tiedemann_Niclas-2-350x522.jpg 350w, https:\/\/visualjournalism.de\/wp-content\/uploads\/14_Tiedemann_Niclas-2-300x447.jpg 300w, https:\/\/visualjournalism.de\/wp-content\/uploads\/14_Tiedemann_Niclas-2-150x224.jpg 150w, https:\/\/visualjournalism.de\/wp-content\/uploads\/14_Tiedemann_Niclas-2.jpg 1073w\" \n                        width=\"768\"  \n                        height=\"1145\" \n                        alt=\"\"  \n                    \/>\n\n                                            <span class=\"photo-grid__image__title\">Dalur Far\u00f6er, 17.12.22: Fu\u00dfball ist die beliebteste Sportart auf den Fa\u0308ro\u0308ern. Etwa 60% der Einwohner, die Sport betreiben, spielen Fu\u00dfball. Das ist auch einer der Gru\u0308nde dafu\u0308r, dass es auf allen Teilen der Insel Fu\u00dfballpla\u0308tze gibt. In Dalur wohnen jedoch nur 2 Kinder, die den Platz regelma\u0308\u00dfig nutzen. Foto: Niclas Tiedemann<\/span>\n                    \n                    \n                <\/figure>\n\n            <\/div><!-- photo-grid__image -->    \n\n\n            \n\n                    \n                \n\n            <div class=\"photo-grid__image\">\n\n                <figure>\n\n                    <img loading=\"lazy\" decoding=\"async\"  \n                        src=\"https:\/\/visualjournalism.de\/wp-content\/uploads\/13_Tiedemann_Niclas-1-768x515.jpg\" \n                        srcset=\"https:\/\/visualjournalism.de\/wp-content\/uploads\/13_Tiedemann_Niclas-1-768x515.jpg 768w, https:\/\/visualjournalism.de\/wp-content\/uploads\/13_Tiedemann_Niclas-1-300x201.jpg 300w, https:\/\/visualjournalism.de\/wp-content\/uploads\/13_Tiedemann_Niclas-1-1024x686.jpg 1024w, https:\/\/visualjournalism.de\/wp-content\/uploads\/13_Tiedemann_Niclas-1-1536x1029.jpg 1536w, https:\/\/visualjournalism.de\/wp-content\/uploads\/13_Tiedemann_Niclas-1-1400x938.jpg 1400w, https:\/\/visualjournalism.de\/wp-content\/uploads\/13_Tiedemann_Niclas-1-1050x704.jpg 1050w, https:\/\/visualjournalism.de\/wp-content\/uploads\/13_Tiedemann_Niclas-1-670x449.jpg 670w, https:\/\/visualjournalism.de\/wp-content\/uploads\/13_Tiedemann_Niclas-1-420x281.jpg 420w, https:\/\/visualjournalism.de\/wp-content\/uploads\/13_Tiedemann_Niclas-1-350x235.jpg 350w, https:\/\/visualjournalism.de\/wp-content\/uploads\/13_Tiedemann_Niclas-1-150x101.jpg 150w, https:\/\/visualjournalism.de\/wp-content\/uploads\/13_Tiedemann_Niclas-1.jpg 1600w\" \n                        width=\"768\"  \n                        height=\"515\" \n                        alt=\"\"  \n                    \/>\n\n                                            <span class=\"photo-grid__image__title\">Dalur Far\u00f6er, 17.12.22: Dalur ist ein winziges, abgelegenes Dorf auf der Insel Sandoy. Derzeit sind von den 26 H\u00e4usern nur 14 bewohnt. Einer dieser Bewohner ist Simon Johannesen, der sich neben seinem Hauptjob auch um die leerstehenden H\u00e4user des Dorfes k\u00fcmmert. Der\rLeerstand ist fu\u0308r ausl\u00e4ndische Investoren sehr attraktiv, die beispielsweise in ein abgelegenes Ferienhaus investieren m\u00f6chten. Dieser Art von Investition und der damit\reinhergehenden Landflucht der Bewohner wird jedoch als gro\u00dfes Problem betrachtet.\rDaher wurde ku\u0308rzlich ein Gesetz verabschiedet, das den Kauf von Immobilien durch\rAusl\u00e4nder stark reguliert. Foto: Niclas Tiedemann<\/span>\n                    \n                    \n                <\/figure>\n\n            <\/div><!-- photo-grid__image -->    \n\n\n            \n\n            \n<\/div>\n\n    <figure class=\"block-photo post__image--half-center has-spacing--l with-title\">\n\n        <div class=\"post__image__container\">\n            <img loading=\"lazy\" decoding=\"async\" \n                src=\"https:\/\/visualjournalism.de\/wp-content\/uploads\/08_Tiedemann_Niclas-1-768x515.jpg\"\n                srcset=\"https:\/\/visualjournalism.de\/wp-content\/uploads\/08_Tiedemann_Niclas-1-768x515.jpg 768w, https:\/\/visualjournalism.de\/wp-content\/uploads\/08_Tiedemann_Niclas-1-300x201.jpg 300w, https:\/\/visualjournalism.de\/wp-content\/uploads\/08_Tiedemann_Niclas-1-1024x686.jpg 1024w, https:\/\/visualjournalism.de\/wp-content\/uploads\/08_Tiedemann_Niclas-1-1536x1029.jpg 1536w, https:\/\/visualjournalism.de\/wp-content\/uploads\/08_Tiedemann_Niclas-1-1400x938.jpg 1400w, https:\/\/visualjournalism.de\/wp-content\/uploads\/08_Tiedemann_Niclas-1-1050x704.jpg 1050w, https:\/\/visualjournalism.de\/wp-content\/uploads\/08_Tiedemann_Niclas-1-670x449.jpg 670w, https:\/\/visualjournalism.de\/wp-content\/uploads\/08_Tiedemann_Niclas-1-420x281.jpg 420w, https:\/\/visualjournalism.de\/wp-content\/uploads\/08_Tiedemann_Niclas-1-350x235.jpg 350w, https:\/\/visualjournalism.de\/wp-content\/uploads\/08_Tiedemann_Niclas-1-150x101.jpg 150w, https:\/\/visualjournalism.de\/wp-content\/uploads\/08_Tiedemann_Niclas-1.jpg 1600w\"\n                width=\"768\" \n                height=\"515\"\n                alt=\"\" \n            \/>\n            \n                            <span class=\"post__image__title\">Gj\u00f3gv, Far\u00f6er 19.12.22: Die einzige Stra\u00dfe nach Gj\u00f3gv. Gj\u00f3gv ist das f\u00e4r\u00f6ische Wort f\u00fcr \u201aFelsspalte\u2018.  Foto: Niclas Tiedemann<\/span>\n                    <\/div><!-- post__image__container -->\n\n        \n    <\/figure><!-- post__image -->\n\n\n\n\n        <figure class=\"post-image--cover has-spacing--l\">\n\n            <img decoding=\"async\" src=\"https:\/\/visualjournalism.de\/wp-content\/uploads\/07_Tiedemann_Niclas-5.jpg\"  alt=\"Ein Betrieb nahe dem F\u00e4hrhafen Gamlar\u00e6tt, zuk\u00fcnftig  Eingang des Tunnels nach Sandoy.\" \/>\n            \n                            <span class=\"post__image__title\">Gamlar\u00e6tt Far\u00f6er, 17.02.22: Ein Betrieb n\u00e4he des Gamlar\u00e6tt F\u00e4hrhafen und Zuk\u00fcnftig dem Eingang des Tunnels nach Sandoy. Foto: Niclas Tiedemann<\/span>\n            \n        <\/figure><!-- post-image--cover -->\n\n    \n\n\n    <figure class=\"block-photo post__image--half-right has-spacing--m with-title\">\n\n        <div class=\"post__image__container\">\n            <img loading=\"lazy\" decoding=\"async\" \n                src=\"https:\/\/visualjournalism.de\/wp-content\/uploads\/19_Tiedemann_Niclas-2-768x1145.jpg\"\n                srcset=\"https:\/\/visualjournalism.de\/wp-content\/uploads\/19_Tiedemann_Niclas-2-768x1145.jpg 768w, https:\/\/visualjournalism.de\/wp-content\/uploads\/19_Tiedemann_Niclas-2-201x300.jpg 201w, https:\/\/visualjournalism.de\/wp-content\/uploads\/19_Tiedemann_Niclas-2-687x1024.jpg 687w, https:\/\/visualjournalism.de\/wp-content\/uploads\/19_Tiedemann_Niclas-2-1030x1536.jpg 1030w, https:\/\/visualjournalism.de\/wp-content\/uploads\/19_Tiedemann_Niclas-2-1050x1566.jpg 1050w, https:\/\/visualjournalism.de\/wp-content\/uploads\/19_Tiedemann_Niclas-2-670x999.jpg 670w, https:\/\/visualjournalism.de\/wp-content\/uploads\/19_Tiedemann_Niclas-2-420x626.jpg 420w, https:\/\/visualjournalism.de\/wp-content\/uploads\/19_Tiedemann_Niclas-2-350x522.jpg 350w, https:\/\/visualjournalism.de\/wp-content\/uploads\/19_Tiedemann_Niclas-2-300x447.jpg 300w, https:\/\/visualjournalism.de\/wp-content\/uploads\/19_Tiedemann_Niclas-2-150x224.jpg 150w, https:\/\/visualjournalism.de\/wp-content\/uploads\/19_Tiedemann_Niclas-2.jpg 1073w\"\n                width=\"768\" \n                height=\"1145\"\n                alt=\"\" \n            \/>\n            \n                            <span class=\"post__image__title\">Skopun Far\u00f6er, 18.12.22: Evindur Kolden lebt in Skopun, dass sich im Norden von Sandoy befindet. Obwohl die Gegend schon lange besiedelt ist, wurde das Dorf Skopun erst 1833 gegru\u0308ndet. Aufgrund seiner Lage wurde es zum U\u0308berqueren des Skopunarfj\u00f8r\u00f0ur genutzt, der die Hauptinsel und Sandoy voneinander trennt. Evendur nutzt die Fa\u0308hre mehrfach die Woche, da er viele lukrative Auftra\u0308ge auf der Hauptinsel findet. Dort parkt er auch sein Auto, um sich die Kosten fu\u0308r den Transport zu sparen.  Foto: Niclas Tiedemann<\/span>\n                    <\/div><!-- post__image__container -->\n\n        \n    <\/figure><!-- post__image -->\n\n\n\n    <figure class=\"block-photo post__image--full has-spacing--l with-title\">\n\n        <div class=\"post__image__container\">\n            <img loading=\"lazy\" decoding=\"async\" \n                src=\"https:\/\/visualjournalism.de\/wp-content\/uploads\/10_Tiedemann_Niclas-1-1400x938.jpg\"\n                srcset=\"https:\/\/visualjournalism.de\/wp-content\/uploads\/10_Tiedemann_Niclas-1-1400x938.jpg 1400w, https:\/\/visualjournalism.de\/wp-content\/uploads\/10_Tiedemann_Niclas-1-300x201.jpg 300w, https:\/\/visualjournalism.de\/wp-content\/uploads\/10_Tiedemann_Niclas-1-1024x686.jpg 1024w, https:\/\/visualjournalism.de\/wp-content\/uploads\/10_Tiedemann_Niclas-1-768x515.jpg 768w, https:\/\/visualjournalism.de\/wp-content\/uploads\/10_Tiedemann_Niclas-1-1536x1029.jpg 1536w, https:\/\/visualjournalism.de\/wp-content\/uploads\/10_Tiedemann_Niclas-1-1050x704.jpg 1050w, https:\/\/visualjournalism.de\/wp-content\/uploads\/10_Tiedemann_Niclas-1-670x449.jpg 670w, https:\/\/visualjournalism.de\/wp-content\/uploads\/10_Tiedemann_Niclas-1-420x281.jpg 420w, https:\/\/visualjournalism.de\/wp-content\/uploads\/10_Tiedemann_Niclas-1-350x235.jpg 350w, https:\/\/visualjournalism.de\/wp-content\/uploads\/10_Tiedemann_Niclas-1-150x101.jpg 150w, https:\/\/visualjournalism.de\/wp-content\/uploads\/10_Tiedemann_Niclas-1.jpg 1600w\"\n                width=\"1400\" \n                height=\"938\"\n                alt=\"\" \n            \/>\n            \n                            <span class=\"post__image__title\">Runawik Far\u00f6er, 18.12.22: Runawik ist eine Ballungsregion, die sich \u00fcber eine L\u00e4nge von 10 Kilometern am Ostufer des Sk\u00e1lafj\u00f8r\u00f0ur-Fjords erstreckt. Mit der Fertigstellung des 11 Kilometer langen Unterwassertunnels, der Ende 2020 er\u00f6ffnet wurde, hat sich die Fahrzeit zur Hauptstadt von ca. 65 Minuten auf 15 Minuten verk\u00fcrzt. Foto: Niclas Tiedemann<\/span>\n                    <\/div><!-- post__image__container -->\n\n        \n    <\/figure><!-- post__image -->\n\n\n\n \n\n<div class=\"photo-grid grid-layout--tableau has-spacing--l\">\n\n            \n\n            <div class=\"photo-grid__image\">\n\n                <figure>\n\n                    <img loading=\"lazy\" decoding=\"async\"  \n                        src=\"https:\/\/visualjournalism.de\/wp-content\/uploads\/16_Tiedemann_Niclas-2-768x1145.jpg\" \n                        srcset=\"https:\/\/visualjournalism.de\/wp-content\/uploads\/16_Tiedemann_Niclas-2-768x1145.jpg 768w, https:\/\/visualjournalism.de\/wp-content\/uploads\/16_Tiedemann_Niclas-2-201x300.jpg 201w, https:\/\/visualjournalism.de\/wp-content\/uploads\/16_Tiedemann_Niclas-2-687x1024.jpg 687w, https:\/\/visualjournalism.de\/wp-content\/uploads\/16_Tiedemann_Niclas-2-1030x1536.jpg 1030w, https:\/\/visualjournalism.de\/wp-content\/uploads\/16_Tiedemann_Niclas-2-1050x1566.jpg 1050w, https:\/\/visualjournalism.de\/wp-content\/uploads\/16_Tiedemann_Niclas-2-670x999.jpg 670w, https:\/\/visualjournalism.de\/wp-content\/uploads\/16_Tiedemann_Niclas-2-420x626.jpg 420w, https:\/\/visualjournalism.de\/wp-content\/uploads\/16_Tiedemann_Niclas-2-350x522.jpg 350w, https:\/\/visualjournalism.de\/wp-content\/uploads\/16_Tiedemann_Niclas-2-300x447.jpg 300w, https:\/\/visualjournalism.de\/wp-content\/uploads\/16_Tiedemann_Niclas-2-150x224.jpg 150w, https:\/\/visualjournalism.de\/wp-content\/uploads\/16_Tiedemann_Niclas-2.jpg 1073w\" \n                        width=\"768\"  \n                        height=\"1145\" \n                        alt=\"\"  \n                    \/>\n\n                                            <span class=\"photo-grid__image__title\">Sk\u00e1lafj\u00f8r\u00f0ur Far\u00f6er, 12.12.22:  Blick auf den Sk\u00e1lafj\u00f8r\u00f0ur-Fjords.  Foto: Niclas Tiedemann<\/span>\n                    \n                    \n                <\/figure>\n\n            <\/div><!-- photo-grid__image -->    \n\n\n            \n\n                    \n                \n\n            <div class=\"photo-grid__image\">\n\n                <figure>\n\n                    <img loading=\"lazy\" decoding=\"async\"  \n                        src=\"https:\/\/visualjournalism.de\/wp-content\/uploads\/26_Tiedemann_Niclas-1.jpg\" \n                        srcset=\"\" \n                        width=\"768\"  \n                        height=\"515\" \n                        alt=\"\"  \n                    \/>\n\n                                            <span class=\"photo-grid__image__title\">Oyrarbakki Far\u00f6er, 15.12.22: Eine Tankstelle in Oyrarbakki. Auf den F\u00e4r\u00f6er-Inseln werden Tankstellen oft auch als Einkaufsm\u00f6glichkeiten genutzt, um lange Wege zum Supermarkt zu vermeiden.  Foto: Niclas Tiedemann<\/span>\n                    \n                    \n                <\/figure>\n\n            <\/div><!-- photo-grid__image -->    \n\n\n            \n\n                    \n                \n\n            <div class=\"photo-grid__image\">\n\n                <figure>\n\n                    <img loading=\"lazy\" decoding=\"async\"  \n                        src=\"https:\/\/visualjournalism.de\/wp-content\/uploads\/27_Tiedemann_Niclas-1-768x515.jpg\" \n                        srcset=\"https:\/\/visualjournalism.de\/wp-content\/uploads\/27_Tiedemann_Niclas-1-768x515.jpg 768w, https:\/\/visualjournalism.de\/wp-content\/uploads\/27_Tiedemann_Niclas-1-300x201.jpg 300w, https:\/\/visualjournalism.de\/wp-content\/uploads\/27_Tiedemann_Niclas-1-1024x686.jpg 1024w, https:\/\/visualjournalism.de\/wp-content\/uploads\/27_Tiedemann_Niclas-1-1536x1029.jpg 1536w, https:\/\/visualjournalism.de\/wp-content\/uploads\/27_Tiedemann_Niclas-1-1400x938.jpg 1400w, https:\/\/visualjournalism.de\/wp-content\/uploads\/27_Tiedemann_Niclas-1-1050x704.jpg 1050w, https:\/\/visualjournalism.de\/wp-content\/uploads\/27_Tiedemann_Niclas-1-670x449.jpg 670w, https:\/\/visualjournalism.de\/wp-content\/uploads\/27_Tiedemann_Niclas-1-420x281.jpg 420w, https:\/\/visualjournalism.de\/wp-content\/uploads\/27_Tiedemann_Niclas-1-350x235.jpg 350w, https:\/\/visualjournalism.de\/wp-content\/uploads\/27_Tiedemann_Niclas-1-150x101.jpg 150w, https:\/\/visualjournalism.de\/wp-content\/uploads\/27_Tiedemann_Niclas-1.jpg 1600w\" \n                        width=\"768\"  \n                        height=\"515\" \n                        alt=\"\"  \n                    \/>\n\n                                            <span class=\"photo-grid__image__title\">Estroy Far\u00f6er 20.12.22: Emil Poulson ist auf Hasenjagd im N\u00f6rdlichen Teil der Insel Estroy. Foto: Niclas Tiedemann x<\/span>\n                    \n                    \n                <\/figure>\n\n            <\/div><!-- photo-grid__image -->    \n\n\n            \n\n            \n<\/div>\n\n    <figure class=\"block-photo post__image--wide-right has-spacing--l with-title\">\n\n        <div class=\"post__image__container\">\n            <img loading=\"lazy\" decoding=\"async\" \n                src=\"https:\/\/visualjournalism.de\/wp-content\/uploads\/28_Tiedemann_Niclas-2-1050x704.jpg\"\n                srcset=\"https:\/\/visualjournalism.de\/wp-content\/uploads\/28_Tiedemann_Niclas-2-1050x704.jpg 1050w, https:\/\/visualjournalism.de\/wp-content\/uploads\/28_Tiedemann_Niclas-2-300x201.jpg 300w, https:\/\/visualjournalism.de\/wp-content\/uploads\/28_Tiedemann_Niclas-2-1024x686.jpg 1024w, https:\/\/visualjournalism.de\/wp-content\/uploads\/28_Tiedemann_Niclas-2-768x515.jpg 768w, https:\/\/visualjournalism.de\/wp-content\/uploads\/28_Tiedemann_Niclas-2-1536x1029.jpg 1536w, https:\/\/visualjournalism.de\/wp-content\/uploads\/28_Tiedemann_Niclas-2-1400x938.jpg 1400w, https:\/\/visualjournalism.de\/wp-content\/uploads\/28_Tiedemann_Niclas-2-670x449.jpg 670w, https:\/\/visualjournalism.de\/wp-content\/uploads\/28_Tiedemann_Niclas-2-420x281.jpg 420w, https:\/\/visualjournalism.de\/wp-content\/uploads\/28_Tiedemann_Niclas-2-350x235.jpg 350w, https:\/\/visualjournalism.de\/wp-content\/uploads\/28_Tiedemann_Niclas-2-150x101.jpg 150w, https:\/\/visualjournalism.de\/wp-content\/uploads\/28_Tiedemann_Niclas-2.jpg 1600w\"\n                width=\"1050\" \n                height=\"704\"\n                alt=\"\" \n            \/>\n            \n                            <span class=\"post__image__title\">T\u00f3rshavn, 12.12.22:  Ein Takeaway Imbiss in der Hauptstadt. Vor 20 Jahren gab es nur wenige Restaurants in To\u0301rshavn. Mit zunehmendem Tourismus steigt auch die Anzahl der Gaststa\u0308tten immer weiter an.  Foto: Niclas Tiedemann<\/span>\n                    <\/div><!-- post__image__container -->\n\n        \n    <\/figure><!-- post__image -->\n\n\n\n\n        <figure class=\"post-image--cover has-spacing--l\">\n\n            <img decoding=\"async\" src=\"https:\/\/visualjournalism.de\/wp-content\/uploads\/32_Tiedemann_Niclas-2.jpg\"  alt=\"K\u00fcstenstra\u00dfe in Richtung Sk\u00e1lav\u00edk bei Sandoy, F\u00e4r\u00f6er-Inseln\" \/>\n            \n                            <span class=\"post__image__title\">Sandoy Far\u00f6er, 17.02.22:  K\u00fcstenstra\u00dfe in Richtung  Sk\u00e1lav\u00edk. Auf den Far\u00f6ern ist das Meer nur selten au\u00dfer Sichtweite. Der vom Meer am weitesten entfernte Punkt hat eine Distanz von 5 km zur K\u00fcste. Foto: Niclas Tiedemann<\/span>\n            \n        <\/figure><!-- post-image--cover -->\n\n    \n\n\n    <figure class=\"block-photo post__image--wide-right has-spacing--l with-title\">\n\n        <div class=\"post__image__container\">\n            <img loading=\"lazy\" decoding=\"async\" \n                src=\"https:\/\/visualjournalism.de\/wp-content\/uploads\/23_Tiedemann_Niclas-1-1050x704.jpg\"\n                srcset=\"https:\/\/visualjournalism.de\/wp-content\/uploads\/23_Tiedemann_Niclas-1-1050x704.jpg 1050w, https:\/\/visualjournalism.de\/wp-content\/uploads\/23_Tiedemann_Niclas-1-300x201.jpg 300w, https:\/\/visualjournalism.de\/wp-content\/uploads\/23_Tiedemann_Niclas-1-1024x686.jpg 1024w, https:\/\/visualjournalism.de\/wp-content\/uploads\/23_Tiedemann_Niclas-1-768x515.jpg 768w, https:\/\/visualjournalism.de\/wp-content\/uploads\/23_Tiedemann_Niclas-1-1536x1029.jpg 1536w, https:\/\/visualjournalism.de\/wp-content\/uploads\/23_Tiedemann_Niclas-1-1400x938.jpg 1400w, https:\/\/visualjournalism.de\/wp-content\/uploads\/23_Tiedemann_Niclas-1-670x449.jpg 670w, https:\/\/visualjournalism.de\/wp-content\/uploads\/23_Tiedemann_Niclas-1-420x281.jpg 420w, https:\/\/visualjournalism.de\/wp-content\/uploads\/23_Tiedemann_Niclas-1-350x235.jpg 350w, https:\/\/visualjournalism.de\/wp-content\/uploads\/23_Tiedemann_Niclas-1-150x101.jpg 150w, https:\/\/visualjournalism.de\/wp-content\/uploads\/23_Tiedemann_Niclas-1.jpg 1600w\"\n                width=\"1050\" \n                height=\"704\"\n                alt=\"\" \n            \/>\n            \n                            <span class=\"post__image__title\">Eysturoyartunnilin, Far\u00f6er 12.12.22:  Eysturoyartunnilin ist ein 2020 fertigestellter unterseeischer Tunnel. Mit einer Gesamtl\u00e4nge von mehr als 11 Kilometern verbindet er einerseits die beiden gr\u00f6\u00dften Inseln der F\u00e4r\u00f6er, Eysturoy und Streymoy. Zu seinen Besonderheiten z\u00e4hlt, dass er in Y-Form gebaut ist und somit nicht nur zwei, sondern drei Einfahrten hat. Er gilt als Touristenmagnet und ist eines der Gr\u00f6\u00dften Bauwerke der Far\u00f6er. Foto: Niclas Tiedemann<\/span>\n                    <\/div><!-- post__image__container -->\n\n        \n    <\/figure><!-- post__image -->\n\n\n\n    <figure class=\"block-photo post__image--full has-spacing--l with-title\">\n\n        <div class=\"post__image__container\">\n            <img loading=\"lazy\" decoding=\"async\" \n                src=\"https:\/\/visualjournalism.de\/wp-content\/uploads\/22_Tiedemann_Niclas-1.jpg\"\n                srcset=\"\"\n                width=\"1400\" \n                height=\"938\"\n                alt=\"\" \n            \/>\n            \n                            <span class=\"post__image__title\">\u00c1rnafjar\u00f0ar, Far\u00f6er 19.12.22: Das Tunnelprojekt wird von mehreren norwegischen Unternehmen unterstu\u0308tzt. Oer- jan Slinde ist einer der vielen Arbeiter, die am Bau der Tunnel beteiligt sind. Da er aus Norwegen stammt, arbeitet er 11 Tage auf der Insel und fliegt dann fu\u0308r 10 Tage nach Hause. Beim Bau wenden sie die norwegische Art des Tunnelbaus an. Das bedeutet kurze Bu\u0308rokratische Wege und die Arbeiter im Tunnel ko\u0308nnen die meisten Entscheidungen selbst treffen. Foto: Niclas Tiedemann<\/span>\n                    <\/div><!-- post__image__container -->\n\n        \n    <\/figure><!-- post__image -->\n\n\n\n    <figure class=\"block-photo post__image--half-center has-spacing--l with-title\">\n\n        <div class=\"post__image__container\">\n            <img loading=\"lazy\" decoding=\"async\" \n                src=\"https:\/\/visualjournalism.de\/wp-content\/uploads\/04_Tiedemann_Niclas-1.jpg\"\n                srcset=\"\"\n                width=\"768\" \n                height=\"515\"\n                alt=\"\" \n            \/>\n            \n                            <span class=\"post__image__title\">Leynartunnilin Far\u00f6er, 15.12.22: Der Leynartunnilin ist einer der ersten Tunnel die auf den Far\u00f6ern en-standen. Seit den 60er Jahren sind mehr als 20 Tunnel gebaut worden. Foto: Niclas Tiedemann<\/span>\n                    <\/div><!-- post__image__container -->\n\n        \n    <\/figure><!-- post__image -->\n\n\n\n    <figure class=\"block-photo post__image--wide-right has-spacing--m with-title\">\n\n        <div class=\"post__image__container\">\n            <img loading=\"lazy\" decoding=\"async\" \n                src=\"https:\/\/visualjournalism.de\/wp-content\/uploads\/29_Tiedemann_Niclas-1-1050x704.jpg\"\n                srcset=\"https:\/\/visualjournalism.de\/wp-content\/uploads\/29_Tiedemann_Niclas-1-1050x704.jpg 1050w, https:\/\/visualjournalism.de\/wp-content\/uploads\/29_Tiedemann_Niclas-1-300x201.jpg 300w, https:\/\/visualjournalism.de\/wp-content\/uploads\/29_Tiedemann_Niclas-1-1024x686.jpg 1024w, https:\/\/visualjournalism.de\/wp-content\/uploads\/29_Tiedemann_Niclas-1-768x515.jpg 768w, https:\/\/visualjournalism.de\/wp-content\/uploads\/29_Tiedemann_Niclas-1-1536x1029.jpg 1536w, https:\/\/visualjournalism.de\/wp-content\/uploads\/29_Tiedemann_Niclas-1-1400x938.jpg 1400w, https:\/\/visualjournalism.de\/wp-content\/uploads\/29_Tiedemann_Niclas-1-670x449.jpg 670w, https:\/\/visualjournalism.de\/wp-content\/uploads\/29_Tiedemann_Niclas-1-420x281.jpg 420w, https:\/\/visualjournalism.de\/wp-content\/uploads\/29_Tiedemann_Niclas-1-350x235.jpg 350w, https:\/\/visualjournalism.de\/wp-content\/uploads\/29_Tiedemann_Niclas-1-150x101.jpg 150w, https:\/\/visualjournalism.de\/wp-content\/uploads\/29_Tiedemann_Niclas-1.jpg 1600w\"\n                width=\"1050\" \n                height=\"704\"\n                alt=\"Ein Arbeiter steckt mit seinem Schneer\u00e4umfahrzeug im Stra\u00dfengraben fest, da es w\u00e4hrend einer ungew\u00f6hnlich langanhaltenden K\u00e4ltephase zu starken Schneef\u00e4llen gekommen ist.\" \n            \/>\n            \n                            <span class=\"post__image__title\">Hvannasund Far\u00f6er, 20.12.22: Ein Arbeiter steckt mit seinem Schneer\u00e4umfahrzeug im Stra\u00dfengraben fest, da es w\u00e4hrend einer ungew\u00f6hnlich langanhaltenden K\u00e4ltephase zu starken Schneef\u00e4llen gekommen ist. Immer wieder auftretende extreme Wetterereignisse stellen selbst die erfahrenen F\u00e4r\u00f6er vor immer neue Herausforderungen. Foto: Niclas Tiedemann<\/span>\n                    <\/div><!-- post__image__container -->\n\n        \n    <\/figure><!-- post__image -->\n\n\n\n    <figure class=\"block-photo post__image--full has-spacing--l with-title\">\n\n        <div class=\"post__image__container\">\n            <img loading=\"lazy\" decoding=\"async\" \n                src=\"https:\/\/visualjournalism.de\/wp-content\/uploads\/12_Tiedemann_Niclas-1-1400x938.jpg\"\n                srcset=\"https:\/\/visualjournalism.de\/wp-content\/uploads\/12_Tiedemann_Niclas-1-1400x938.jpg 1400w, https:\/\/visualjournalism.de\/wp-content\/uploads\/12_Tiedemann_Niclas-1-300x201.jpg 300w, https:\/\/visualjournalism.de\/wp-content\/uploads\/12_Tiedemann_Niclas-1-1024x686.jpg 1024w, https:\/\/visualjournalism.de\/wp-content\/uploads\/12_Tiedemann_Niclas-1-768x515.jpg 768w, https:\/\/visualjournalism.de\/wp-content\/uploads\/12_Tiedemann_Niclas-1-1536x1029.jpg 1536w, https:\/\/visualjournalism.de\/wp-content\/uploads\/12_Tiedemann_Niclas-1-1050x704.jpg 1050w, https:\/\/visualjournalism.de\/wp-content\/uploads\/12_Tiedemann_Niclas-1-670x449.jpg 670w, https:\/\/visualjournalism.de\/wp-content\/uploads\/12_Tiedemann_Niclas-1-420x281.jpg 420w, https:\/\/visualjournalism.de\/wp-content\/uploads\/12_Tiedemann_Niclas-1-350x235.jpg 350w, https:\/\/visualjournalism.de\/wp-content\/uploads\/12_Tiedemann_Niclas-1-150x101.jpg 150w, https:\/\/visualjournalism.de\/wp-content\/uploads\/12_Tiedemann_Niclas-1.jpg 1600w\"\n                width=\"1400\" \n                height=\"938\"\n                alt=\"\" \n            \/>\n            \n                            <span class=\"post__image__title\">Dalur Far\u00f6er, 17.12.22: Blick auf das Dorf Dalur, wo der Eingang, f\u00fcr den noch in Planung stehenden Tunnel liegt, der die Insel Su\u00f0uroy mit der Insel Sandoy verbinden soll. Wenn dieser Tunnel realisiert wird (m\u00f6glicherweise um 2030), wird es eine direkte Fahrm\u00f6glichkeit mit dem Auto vom n\u00f6rdlichsten Ort Vi\u00f0arei\u00f0i bis zum s\u00fcdlichsten Ort Sumba geben. Foto: Niclas Tiedemann<\/span>\n                    <\/div><!-- post__image__container -->\n\n        \n    <\/figure><!-- post__image -->\n\n\n\n\n<div class=\"wp-block-group has-spacing--default\">\n<div class=\"devider has-spacing--none\">\n    <hr>\n<\/div>\n\n\n \n\n    <div id=\"lead-in-block_c7c5c46d0f3104be5151920f8b91b2dd\" class=\"block-lead-in typo--default font-size--xl has-spacing--s width--default\">\n        <p><strong>Das k\u00f6nnte dich auch interessieren:<\/strong><\/p>\n    <\/div>\n\n\n\n\r\n\r\n\r\n\r\n        <div class=\"teaser-grid grid-layout--1col has-spacing--xs width--inline\">\r\n            \r\n                \r\n                <article class=\"post-teaser\">\r\n\r\n                    \r\n                        <a href=\"https:\/\/visualjournalism.de\/en\/magazine\/randgebiet\/nebenan-in-rosengard\/\">\r\n\r\n                    \r\n                        <div class=\"post-teaser__content\">\r\n\r\n                            <span class=\"entry-categories\">Randgebiet<\/span>\r\n                            <h3 class=\"post-teaser__headline\">\r\n                                Nebenan in Roseng\u00e5rd                            <\/h3>\r\n\r\n                            <div class=\"post-teaser__excerpt\">\r\n                                <p>\r\n                                    Im Osten Malm\u00f6s erstreckt sich Roseng\u00e5rd, einst gebaut als Antwort auf Schwedens Bev\u00f6lkerungsboom. Doch 60 Jahre sp\u00e4ter stehen solche Gro\u00dfwohnsiedlungen im Fokus sozialer Debatten.                                <\/p>\r\n                            <\/div>\r\n\r\n                        <\/div><!-- .post-teaser__content -->\r\n                \r\n\r\n                        \r\n                        <figure class=\"post-teaser__image\">\r\n\r\n                        <img loading=\"lazy\" decoding=\"async\"  \r\n                            src=\"https:\/\/visualjournalism.de\/wp-content\/uploads\/Nora_Schwarz_Rosengard_17-1400x1000.jpg\" \r\n                            srcset=\"https:\/\/visualjournalism.de\/wp-content\/uploads\/Nora_Schwarz_Rosengard_17-1400x1000.jpg 1400w, https:\/\/visualjournalism.de\/wp-content\/uploads\/Nora_Schwarz_Rosengard_17-300x214.jpg 300w, https:\/\/visualjournalism.de\/wp-content\/uploads\/Nora_Schwarz_Rosengard_17-1024x731.jpg 1024w, https:\/\/visualjournalism.de\/wp-content\/uploads\/Nora_Schwarz_Rosengard_17-768x549.jpg 768w, https:\/\/visualjournalism.de\/wp-content\/uploads\/Nora_Schwarz_Rosengard_17-1536x1097.jpg 1536w, https:\/\/visualjournalism.de\/wp-content\/uploads\/Nora_Schwarz_Rosengard_17-1050x750.jpg 1050w, https:\/\/visualjournalism.de\/wp-content\/uploads\/Nora_Schwarz_Rosengard_17-670x479.jpg 670w, https:\/\/visualjournalism.de\/wp-content\/uploads\/Nora_Schwarz_Rosengard_17-420x300.jpg 420w, https:\/\/visualjournalism.de\/wp-content\/uploads\/Nora_Schwarz_Rosengard_17-350x250.jpg 350w, https:\/\/visualjournalism.de\/wp-content\/uploads\/Nora_Schwarz_Rosengard_17-150x107.jpg 150w, https:\/\/visualjournalism.de\/wp-content\/uploads\/Nora_Schwarz_Rosengard_17.jpg 1673w\" \r\n                            width=\"1400\"  \r\n                            height=\"1000\" \r\n                            alt=\"Jugendliche spielen im Viertel Rosengard in Malm\u00f6 Tennis auf einem Sportplatz, im Hintergrund Wohnblocks aus den 1960er Jahren.\" \r\n                            style=\"object-position: 51.18% 66.02%\"\r\n                            \/>\r\n\r\n                        <\/figure>\r\n                                            \r\n                     \r\n                    <\/a>\r\n                                        \r\n                <\/article><!--- .post-teaser-->\r\n\r\n                        <\/div><!-- .teaser-grid -->\r\n\r\n    \n\n\r\n\r\n\r\n\r\n        <div class=\"teaser-grid grid-layout--3col has-spacing--xs width--inline\">\r\n            \r\n                \r\n                <article class=\"post-teaser\">\r\n\r\n                    \r\n                        <a href=\"https:\/\/visualjournalism.de\/en\/magazine\/randgebiet\/anne-de-walmont-sieben-monate-allein-auf-der-vogelinsel\/\">\r\n\r\n                    \r\n                        <div class=\"post-teaser__content\">\r\n\r\n                            <span class=\"entry-categories\">Randgebiet<\/span>\r\n                            <h3 class=\"post-teaser__headline\">\r\n                                Sieben Monate allein auf der Vogelinsel                            <\/h3>\r\n\r\n                            <div class=\"post-teaser__excerpt\">\r\n                                <p>\r\n                                    Die Naturschutzwartin Anne de Walmont \u00fcber Einsamkeit im Wattenmeer, Greifv\u00f6gel auf dem Klo und die Gefahr steigender Wasserst\u00e4nde.                                <\/p>\r\n                            <\/div>\r\n\r\n                        <\/div><!-- .post-teaser__content -->\r\n                \r\n\r\n                        \r\n                        <figure class=\"post-teaser__image\">\r\n\r\n                        <img loading=\"lazy\" decoding=\"async\"  \r\n                            src=\"https:\/\/visualjournalism.de\/wp-content\/uploads\/4-1-768x512.jpg\" \r\n                            srcset=\"https:\/\/visualjournalism.de\/wp-content\/uploads\/4-1-768x512.jpg 768w, https:\/\/visualjournalism.de\/wp-content\/uploads\/4-1-300x200.jpg 300w, https:\/\/visualjournalism.de\/wp-content\/uploads\/4-1-1024x683.jpg 1024w, https:\/\/visualjournalism.de\/wp-content\/uploads\/4-1-1536x1024.jpg 1536w, https:\/\/visualjournalism.de\/wp-content\/uploads\/4-1-2048x1365.jpg 2048w, https:\/\/visualjournalism.de\/wp-content\/uploads\/4-1-1920x1280.jpg 1920w, https:\/\/visualjournalism.de\/wp-content\/uploads\/4-1-1400x933.jpg 1400w, https:\/\/visualjournalism.de\/wp-content\/uploads\/4-1-1050x700.jpg 1050w, https:\/\/visualjournalism.de\/wp-content\/uploads\/4-1-670x447.jpg 670w, https:\/\/visualjournalism.de\/wp-content\/uploads\/4-1-420x280.jpg 420w, https:\/\/visualjournalism.de\/wp-content\/uploads\/4-1-350x233.jpg 350w, https:\/\/visualjournalism.de\/wp-content\/uploads\/4-1-150x100.jpg 150w\" \r\n                            width=\"768\"  \r\n                            height=\"512\" \r\n                            alt=\"Die Ornithologin Anne de Walmont schaut durch ihr Spektiv um V\u00f6gel zu z\u00e4hlen.\" \r\n                            style=\"object-position: 50% 50%\"\r\n                            \/>\r\n\r\n                        <\/figure>\r\n                                            \r\n                     \r\n                    <\/a>\r\n                                        \r\n                <\/article><!--- .post-teaser-->\r\n\r\n                \r\n            \r\n                \r\n                <article class=\"post-teaser\">\r\n\r\n                    \r\n                        <a href=\"https:\/\/visualjournalism.de\/en\/magazine\/randgebiet\/im-schatten-des-krieges\/\">\r\n\r\n                    \r\n                        <div class=\"post-teaser__content\">\r\n\r\n                            <span class=\"entry-categories\">Randgebiet<\/span>\r\n                            <h3 class=\"post-teaser__headline\">\r\n                                Im Schatten des Krieges                            <\/h3>\r\n\r\n                            <div class=\"post-teaser__excerpt\">\r\n                                <p>\r\n                                    In den ukrainischen Nachbarl\u00e4ndern Polen und Moldau ist der russische Angriffskrieg eigentlich ganz nah. Und bleibt doch unsichtbar. Eine fotografische Erkundung                                <\/p>\r\n                            <\/div>\r\n\r\n                        <\/div><!-- .post-teaser__content -->\r\n                \r\n\r\n                        \r\n                        <figure class=\"post-teaser__image\">\r\n\r\n                        <img loading=\"lazy\" decoding=\"async\"  \r\n                            src=\"https:\/\/visualjournalism.de\/wp-content\/uploads\/02_Nikulski_Ludwig-768x614.jpg\" \r\n                            srcset=\"https:\/\/visualjournalism.de\/wp-content\/uploads\/02_Nikulski_Ludwig-768x614.jpg 768w, https:\/\/visualjournalism.de\/wp-content\/uploads\/02_Nikulski_Ludwig-300x240.jpg 300w, https:\/\/visualjournalism.de\/wp-content\/uploads\/02_Nikulski_Ludwig-1024x819.jpg 1024w, https:\/\/visualjournalism.de\/wp-content\/uploads\/02_Nikulski_Ludwig-1536x1229.jpg 1536w, https:\/\/visualjournalism.de\/wp-content\/uploads\/02_Nikulski_Ludwig-2048x1638.jpg 2048w, https:\/\/visualjournalism.de\/wp-content\/uploads\/02_Nikulski_Ludwig-1920x1536.jpg 1920w, https:\/\/visualjournalism.de\/wp-content\/uploads\/02_Nikulski_Ludwig-1400x1120.jpg 1400w, https:\/\/visualjournalism.de\/wp-content\/uploads\/02_Nikulski_Ludwig-1050x840.jpg 1050w, https:\/\/visualjournalism.de\/wp-content\/uploads\/02_Nikulski_Ludwig-670x536.jpg 670w, https:\/\/visualjournalism.de\/wp-content\/uploads\/02_Nikulski_Ludwig-420x336.jpg 420w, https:\/\/visualjournalism.de\/wp-content\/uploads\/02_Nikulski_Ludwig-350x280.jpg 350w, https:\/\/visualjournalism.de\/wp-content\/uploads\/02_Nikulski_Ludwig-150x120.jpg 150w\" \r\n                            width=\"768\"  \r\n                            height=\"614\" \r\n                            alt=\"Bia\u0142e See in Polen, fotografiert von Ludwig Nikulski\" \r\n                            style=\"object-position: 50% 50%\"\r\n                            \/>\r\n\r\n                        <\/figure>\r\n                                            \r\n                     \r\n                    <\/a>\r\n                                        \r\n                <\/article><!--- .post-teaser-->\r\n\r\n                \r\n            \r\n                \r\n                <article class=\"post-teaser\">\r\n\r\n                    \r\n                        <a href=\"https:\/\/visualjournalism.de\/en\/magazine\/randgebiet\/der-dorfladen-der-niemals-schliesst\/\">\r\n\r\n                    \r\n                        <div class=\"post-teaser__content\">\r\n\r\n                            <span class=\"entry-categories\">Randgebiet<\/span>\r\n                            <h3 class=\"post-teaser__headline\">\r\n                                Der Dorfladen, der niemals schlie\u00dft                            <\/h3>\r\n\r\n                            <div class=\"post-teaser__excerpt\">\r\n                                <p>\r\n                                    Ein Start-Up will das Einkaufen in Randgebieten revolutionieren: Kaum Personal, daf\u00fcr immer offen. Die Kunden \u00fcbernehmen einen Teil des Risikos.                                <\/p>\r\n                            <\/div>\r\n\r\n                        <\/div><!-- .post-teaser__content -->\r\n                \r\n\r\n                        \r\n                        <figure class=\"post-teaser__image\">\r\n\r\n                        <img loading=\"lazy\" decoding=\"async\"  \r\n                            src=\"https:\/\/visualjournalism.de\/wp-content\/uploads\/Schneider_Polina_Randgebiet-10-768x512.jpeg\" \r\n                            srcset=\"https:\/\/visualjournalism.de\/wp-content\/uploads\/Schneider_Polina_Randgebiet-10-768x512.jpeg 768w, https:\/\/visualjournalism.de\/wp-content\/uploads\/Schneider_Polina_Randgebiet-10-300x200.jpeg 300w, https:\/\/visualjournalism.de\/wp-content\/uploads\/Schneider_Polina_Randgebiet-10-1024x683.jpeg 1024w, https:\/\/visualjournalism.de\/wp-content\/uploads\/Schneider_Polina_Randgebiet-10-1536x1024.jpeg 1536w, https:\/\/visualjournalism.de\/wp-content\/uploads\/Schneider_Polina_Randgebiet-10-1400x934.jpeg 1400w, https:\/\/visualjournalism.de\/wp-content\/uploads\/Schneider_Polina_Randgebiet-10-1050x700.jpeg 1050w, https:\/\/visualjournalism.de\/wp-content\/uploads\/Schneider_Polina_Randgebiet-10-670x447.jpeg 670w, https:\/\/visualjournalism.de\/wp-content\/uploads\/Schneider_Polina_Randgebiet-10-420x280.jpeg 420w, https:\/\/visualjournalism.de\/wp-content\/uploads\/Schneider_Polina_Randgebiet-10-350x233.jpeg 350w, https:\/\/visualjournalism.de\/wp-content\/uploads\/Schneider_Polina_Randgebiet-10-150x100.jpeg 150w, https:\/\/visualjournalism.de\/wp-content\/uploads\/Schneider_Polina_Randgebiet-10.jpeg 1600w\" \r\n                            width=\"768\"  \r\n                            height=\"512\" \r\n                            alt=\"\" \r\n                            style=\"object-position: 17.61% 71.86%\"\r\n                            \/>\r\n\r\n                        <\/figure>\r\n                                            \r\n                     \r\n                    <\/a>\r\n                                        \r\n                <\/article><!--- .post-teaser-->\r\n\r\n                        <\/div><!-- .teaser-grid -->\r\n\r\n    \n\n\r\n\r\n\r\n\r\n        <div class=\"teaser-grid grid-layout--3col has-spacing--m width--inline\">\r\n            \r\n                \r\n                <article class=\"post-teaser\">\r\n\r\n                    \r\n                        <a href=\"https:\/\/visualjournalism.de\/en\/magazine\/ideale\/es-menschelt\/\">\r\n\r\n                    \r\n                        <div class=\"post-teaser__content\">\r\n\r\n                            <span class=\"entry-categories\">Ideale<\/span>\r\n                            <h3 class=\"post-teaser__headline\">\r\n                                Es menschelt                            <\/h3>\r\n\r\n                            <div class=\"post-teaser__excerpt\">\r\n                                <p>\r\n                                    Die Jagd polarisiert: Manche verstehen sie als eine Notwendigkeit, um gesch\u00e4digte \u00d6kosysteme zu stabilisieren. F\u00fcr andere geht es beim Jagen nur um Troph\u00e4en.                                <\/p>\r\n                            <\/div>\r\n\r\n                        <\/div><!-- .post-teaser__content -->\r\n                \r\n\r\n                        \r\n                        <figure class=\"post-teaser__image\">\r\n\r\n                        <img loading=\"lazy\" decoding=\"async\"  \r\n                            src=\"https:\/\/visualjournalism.de\/wp-content\/uploads\/06_Rosic_Felix-768x512.jpg\" \r\n                            srcset=\"https:\/\/visualjournalism.de\/wp-content\/uploads\/06_Rosic_Felix-768x512.jpg 768w, https:\/\/visualjournalism.de\/wp-content\/uploads\/06_Rosic_Felix-300x200.jpg 300w, https:\/\/visualjournalism.de\/wp-content\/uploads\/06_Rosic_Felix-1024x683.jpg 1024w, https:\/\/visualjournalism.de\/wp-content\/uploads\/06_Rosic_Felix-1536x1024.jpg 1536w, https:\/\/visualjournalism.de\/wp-content\/uploads\/06_Rosic_Felix-1400x934.jpg 1400w, https:\/\/visualjournalism.de\/wp-content\/uploads\/06_Rosic_Felix-1050x700.jpg 1050w, https:\/\/visualjournalism.de\/wp-content\/uploads\/06_Rosic_Felix-670x447.jpg 670w, https:\/\/visualjournalism.de\/wp-content\/uploads\/06_Rosic_Felix-420x280.jpg 420w, https:\/\/visualjournalism.de\/wp-content\/uploads\/06_Rosic_Felix-350x233.jpg 350w, https:\/\/visualjournalism.de\/wp-content\/uploads\/06_Rosic_Felix-150x100.jpg 150w, https:\/\/visualjournalism.de\/wp-content\/uploads\/06_Rosic_Felix.jpg 1600w\" \r\n                            width=\"768\"  \r\n                            height=\"512\" \r\n                            alt=\"\" \r\n                            style=\"object-position: 50% 50%\"\r\n                            \/>\r\n\r\n                        <\/figure>\r\n                                            \r\n                     \r\n                    <\/a>\r\n                                        \r\n                <\/article><!--- .post-teaser-->\r\n\r\n                \r\n            \r\n                \r\n                <article class=\"post-teaser\">\r\n\r\n                    \r\n                        <a href=\"https:\/\/visualjournalism.de\/en\/magazine\/ideale\/wie-najiba-zur-ersten-afghanischen-drag-queen-wurde\/\">\r\n\r\n                    \r\n                        <div class=\"post-teaser__content\">\r\n\r\n                            <span class=\"entry-categories\">Ideale<\/span>\r\n                            <h3 class=\"post-teaser__headline\">\r\n                                Wie Najiba zur ersten afghanischen Dragqueen wurde                            <\/h3>\r\n\r\n                            <div class=\"post-teaser__excerpt\">\r\n                                <p>\r\n                                    Aufgewachsen in einer konservativen afghanischen Familie, wird Najib wegen seiner queeren Identit\u00e4t misshandelt. Heute setzt er sich als Najiba f\u00fcr die LGBTQIA+-Gemeinde ein.                                <\/p>\r\n                            <\/div>\r\n\r\n                        <\/div><!-- .post-teaser__content -->\r\n                \r\n\r\n                        \r\n                        <figure class=\"post-teaser__image\">\r\n\r\n                        <img loading=\"lazy\" decoding=\"async\"  \r\n                            src=\"https:\/\/visualjournalism.de\/wp-content\/uploads\/6_Armina-Ahmadinia-scaled-e1688671002251-768x1114.jpg\" \r\n                            srcset=\"https:\/\/visualjournalism.de\/wp-content\/uploads\/6_Armina-Ahmadinia-scaled-e1688671002251-768x1114.jpg 768w, https:\/\/visualjournalism.de\/wp-content\/uploads\/6_Armina-Ahmadinia-scaled-e1688671002251-207x300.jpg 207w, https:\/\/visualjournalism.de\/wp-content\/uploads\/6_Armina-Ahmadinia-scaled-e1688671002251-706x1024.jpg 706w, https:\/\/visualjournalism.de\/wp-content\/uploads\/6_Armina-Ahmadinia-scaled-e1688671002251-1059x1536.jpg 1059w, https:\/\/visualjournalism.de\/wp-content\/uploads\/6_Armina-Ahmadinia-scaled-e1688671002251-1412x2048.jpg 1412w, https:\/\/visualjournalism.de\/wp-content\/uploads\/6_Armina-Ahmadinia-scaled-e1688671002251-1400x2031.jpg 1400w, https:\/\/visualjournalism.de\/wp-content\/uploads\/6_Armina-Ahmadinia-scaled-e1688671002251-1050x1523.jpg 1050w, https:\/\/visualjournalism.de\/wp-content\/uploads\/6_Armina-Ahmadinia-scaled-e1688671002251-670x972.jpg 670w, https:\/\/visualjournalism.de\/wp-content\/uploads\/6_Armina-Ahmadinia-scaled-e1688671002251-420x609.jpg 420w, https:\/\/visualjournalism.de\/wp-content\/uploads\/6_Armina-Ahmadinia-scaled-e1688671002251-350x508.jpg 350w, https:\/\/visualjournalism.de\/wp-content\/uploads\/6_Armina-Ahmadinia-scaled-e1688671002251-300x435.jpg 300w, https:\/\/visualjournalism.de\/wp-content\/uploads\/6_Armina-Ahmadinia-scaled-e1688671002251-150x218.jpg 150w, https:\/\/visualjournalism.de\/wp-content\/uploads\/6_Armina-Ahmadinia-scaled-e1688671002251.jpg 1707w\" \r\n                            width=\"768\"  \r\n                            height=\"1114\" \r\n                            alt=\"\" \r\n                            style=\"object-position: 50% 50%\"\r\n                            \/>\r\n\r\n                        <\/figure>\r\n                                            \r\n                     \r\n                    <\/a>\r\n                                        \r\n                <\/article><!--- .post-teaser-->\r\n\r\n                \r\n            \r\n                \r\n                <article class=\"post-teaser\">\r\n\r\n                    \r\n                        <a href=\"https:\/\/visualjournalism.de\/en\/magazine\/ideale\/die-letze-bastion\/\">\r\n\r\n                    \r\n                        <div class=\"post-teaser__content\">\r\n\r\n                            <span class=\"entry-categories\">Ideale<\/span>\r\n                            <h3 class=\"post-teaser__headline\">\r\n                                Die letzte Bastion                            <\/h3>\r\n\r\n                            <div class=\"post-teaser__excerpt\">\r\n                                <p>\r\n                                    L\u00fctzerath ist \u00ababgebaggert\u00bb \u2013 Widerstand und Besetzung zum Trotz. Unser Autor erlebte Alltag und Kampf der Aktivist*innen bis zur R\u00e4umung.                                <\/p>\r\n                            <\/div>\r\n\r\n                        <\/div><!-- .post-teaser__content -->\r\n                \r\n\r\n                        \r\n                        <figure class=\"post-teaser__image\">\r\n\r\n                        <img loading=\"lazy\" decoding=\"async\"  \r\n                            src=\"https:\/\/visualjournalism.de\/wp-content\/uploads\/13_Bosshardt_Samuel_1-768x512.jpg\" \r\n                            srcset=\"https:\/\/visualjournalism.de\/wp-content\/uploads\/13_Bosshardt_Samuel_1-768x512.jpg 768w, https:\/\/visualjournalism.de\/wp-content\/uploads\/13_Bosshardt_Samuel_1-300x200.jpg 300w, https:\/\/visualjournalism.de\/wp-content\/uploads\/13_Bosshardt_Samuel_1-1024x683.jpg 1024w, https:\/\/visualjournalism.de\/wp-content\/uploads\/13_Bosshardt_Samuel_1-1536x1024.jpg 1536w, https:\/\/visualjournalism.de\/wp-content\/uploads\/13_Bosshardt_Samuel_1-1400x934.jpg 1400w, https:\/\/visualjournalism.de\/wp-content\/uploads\/13_Bosshardt_Samuel_1-1050x700.jpg 1050w, https:\/\/visualjournalism.de\/wp-content\/uploads\/13_Bosshardt_Samuel_1-670x447.jpg 670w, https:\/\/visualjournalism.de\/wp-content\/uploads\/13_Bosshardt_Samuel_1-420x280.jpg 420w, https:\/\/visualjournalism.de\/wp-content\/uploads\/13_Bosshardt_Samuel_1-350x233.jpg 350w, https:\/\/visualjournalism.de\/wp-content\/uploads\/13_Bosshardt_Samuel_1-150x100.jpg 150w, https:\/\/visualjournalism.de\/wp-content\/uploads\/13_Bosshardt_Samuel_1.jpg 1600w\" \r\n                            width=\"768\"  \r\n                            height=\"512\" \r\n                            alt=\"\" \r\n                            style=\"object-position: 3.69% 95.2%\"\r\n                            \/>\r\n\r\n                        <\/figure>\r\n                                            \r\n                     \r\n                    <\/a>\r\n                                        \r\n                <\/article><!--- .post-teaser-->\r\n\r\n                        <\/div><!-- .teaser-grid -->\r\n\r\n    \n\n\n    <div class=\"btn-wrapper has-spacing--m\">\n        <a class=\"btn\" href=\"https:\/\/visualjournalism.de\/magazin\/\" target=\"_blank\">ZUR\u00dcCK ZUR MAGAZIN-STARTSEITE<\/a>\n    <\/div>\n<\/div>\n","protected":false},"author":37,"featured_media":19964,"template":"","tags":[],"magazinkategorie":[169],"class_list":["post-19951","magazin","type-magazin","status-publish","has-post-thumbnail","hentry","magazinkategorie-randgebiet"],"acf":[],"yoast_head":"<!-- This site is optimized with the Yoast SEO Premium plugin v27.3 (Yoast SEO v27.3) - https:\/\/yoast.com\/product\/yoast-seo-premium-wordpress\/ -->\n<title>Lebensadern des Nordens &#8211; Visual Journalism and Documentary Photography<\/title>\n<meta name=\"robots\" content=\"index, follow, max-snippet:-1, max-image-preview:large, max-video-preview:-1\" \/>\n<link rel=\"canonical\" href=\"https:\/\/visualjournalism.de\/en\/magazine\/randgebiet\/niclas-tiedemann-faroeer-inseln\/\" \/>\n<meta property=\"og:locale\" content=\"en_US\" \/>\n<meta property=\"og:type\" content=\"article\" \/>\n<meta property=\"og:title\" content=\"Lebensadern des Nordens\" \/>\n<meta property=\"og:description\" content=\"Die F\u00e4r\u00f6er sind eine abgelegene Inselgruppe im Atlantik, gelegen zwischen Island und Norwegen. Dort leben mittlerweile rund 50.000 Menschen, die es geschafft haben, sich an die schwierigen Wetterbedingungen und die Abgelegenheit anzupassen und sich in jede abgelegene Ecke der 18 Inseln auszubreiten. Mit dem Einzug der modernen Zeiten und dem Weichen des traditionellen Lebens steht [&hellip;]\" \/>\n<meta property=\"og:url\" content=\"https:\/\/visualjournalism.de\/en\/magazine\/randgebiet\/niclas-tiedemann-faroeer-inseln\/\" \/>\n<meta property=\"og:site_name\" content=\"Visual Journalism and Documentary Photography\" \/>\n<meta property=\"article:publisher\" content=\"https:\/\/www.facebook.com\/people\/wwwfotostudentende\/100065173703897\/\" \/>\n<meta property=\"article:modified_time\" content=\"2024-01-16T10:39:39+00:00\" \/>\n<meta property=\"og:image\" content=\"https:\/\/visualjournalism.de\/wp-content\/uploads\/03_Tiedemann_Niclas-1.jpg\" \/>\n\t<meta property=\"og:image:width\" content=\"640\" \/>\n\t<meta property=\"og:image:height\" content=\"429\" \/>\n\t<meta property=\"og:image:type\" content=\"image\/jpeg\" \/>\n<meta name=\"twitter:card\" content=\"summary_large_image\" \/>\n<meta name=\"twitter:site\" content=\"@HsHannover\" \/>\n<meta name=\"twitter:label1\" content=\"Est. reading time\" \/>\n\t<meta name=\"twitter:data1\" content=\"2 minutes\" \/>\n<script type=\"application\/ld+json\" class=\"yoast-schema-graph\">{\"@context\":\"https:\\\/\\\/schema.org\",\"@graph\":[{\"@type\":\"WebPage\",\"@id\":\"https:\\\/\\\/visualjournalism.de\\\/en\\\/magazine\\\/randgebiet\\\/niclas-tiedemann-faroeer-inseln\\\/\",\"url\":\"https:\\\/\\\/visualjournalism.de\\\/en\\\/magazine\\\/randgebiet\\\/niclas-tiedemann-faroeer-inseln\\\/\",\"name\":\"Lebensadern des Nordens &#8211; Visual Journalism and Documentary Photography\",\"isPartOf\":{\"@id\":\"https:\\\/\\\/visualjournalism.de\\\/en\\\/#website\"},\"primaryImageOfPage\":{\"@id\":\"https:\\\/\\\/visualjournalism.de\\\/en\\\/magazine\\\/randgebiet\\\/niclas-tiedemann-faroeer-inseln\\\/#primaryimage\"},\"image\":{\"@id\":\"https:\\\/\\\/visualjournalism.de\\\/en\\\/magazine\\\/randgebiet\\\/niclas-tiedemann-faroeer-inseln\\\/#primaryimage\"},\"thumbnailUrl\":\"https:\\\/\\\/visualjournalism.de\\\/wp-content\\\/uploads\\\/03_Tiedemann_Niclas-1.jpg\",\"datePublished\":\"2023-10-15T19:05:17+00:00\",\"dateModified\":\"2024-01-16T10:39:39+00:00\",\"breadcrumb\":{\"@id\":\"https:\\\/\\\/visualjournalism.de\\\/en\\\/magazine\\\/randgebiet\\\/niclas-tiedemann-faroeer-inseln\\\/#breadcrumb\"},\"inLanguage\":\"en-US\",\"potentialAction\":[{\"@type\":\"ReadAction\",\"target\":[\"https:\\\/\\\/visualjournalism.de\\\/en\\\/magazine\\\/randgebiet\\\/niclas-tiedemann-faroeer-inseln\\\/\"]}]},{\"@type\":\"ImageObject\",\"inLanguage\":\"en-US\",\"@id\":\"https:\\\/\\\/visualjournalism.de\\\/en\\\/magazine\\\/randgebiet\\\/niclas-tiedemann-faroeer-inseln\\\/#primaryimage\",\"url\":\"https:\\\/\\\/visualjournalism.de\\\/wp-content\\\/uploads\\\/03_Tiedemann_Niclas-1.jpg\",\"contentUrl\":\"https:\\\/\\\/visualjournalism.de\\\/wp-content\\\/uploads\\\/03_Tiedemann_Niclas-1.jpg\",\"width\":1600,\"height\":1072,\"caption\":\"H\u00fasav\u00edk Far\u00f6er, 17.02.22: Der Ort \u201eH\u00fasav\u00edk\u201c liegt auf der s\u00fcdlichen Insel Sandoy, auf der nur rund 2000 Menschen leben. Arch\u00e4ologischen Untersuchungen nach existiert der \u201eH\u00fasav\u00edk\u201c seit der Wikingerzeit. Foto: Niclas Tiedemann\"},{\"@type\":\"BreadcrumbList\",\"@id\":\"https:\\\/\\\/visualjournalism.de\\\/en\\\/magazine\\\/randgebiet\\\/niclas-tiedemann-faroeer-inseln\\\/#breadcrumb\",\"itemListElement\":[{\"@type\":\"ListItem\",\"position\":1,\"name\":\"Home\",\"item\":\"https:\\\/\\\/visualjournalism.de\\\/en\\\/\"},{\"@type\":\"ListItem\",\"position\":2,\"name\":\"Magazin\",\"item\":\"https:\\\/\\\/visualjournalism.de\\\/en\\\/magazine\\\/\"},{\"@type\":\"ListItem\",\"position\":3,\"name\":\"Lebensadern des Nordens\"}]},{\"@type\":\"WebSite\",\"@id\":\"https:\\\/\\\/visualjournalism.de\\\/en\\\/#website\",\"url\":\"https:\\\/\\\/visualjournalism.de\\\/en\\\/\",\"name\":\"Visual Journalism and Documentary Photography\",\"description\":\"All about the bilingual bachelor&#039;s program at Hannover University of Applied Sciences and Arts.\",\"publisher\":{\"@id\":\"https:\\\/\\\/visualjournalism.de\\\/en\\\/#organization\"},\"alternateName\":\"visualjournalism.de\",\"potentialAction\":[{\"@type\":\"SearchAction\",\"target\":{\"@type\":\"EntryPoint\",\"urlTemplate\":\"https:\\\/\\\/visualjournalism.de\\\/en\\\/?s={search_term_string}\"},\"query-input\":{\"@type\":\"PropertyValueSpecification\",\"valueRequired\":true,\"valueName\":\"search_term_string\"}}],\"inLanguage\":\"en-US\"},{\"@type\":\"Organization\",\"@id\":\"https:\\\/\\\/visualjournalism.de\\\/en\\\/#organization\",\"name\":\"Hochschule Hannover \u2013 University of Applied Sciences and Arts\",\"alternateName\":\"HsH\",\"url\":\"https:\\\/\\\/visualjournalism.de\\\/en\\\/\",\"logo\":{\"@type\":\"ImageObject\",\"inLanguage\":\"en-US\",\"@id\":\"https:\\\/\\\/visualjournalism.de\\\/en\\\/#\\\/schema\\\/logo\\\/image\\\/\",\"url\":\"https:\\\/\\\/visualjournalism.de\\\/wp-content\\\/uploads\\\/logo-hochschule-hannover.png\",\"contentUrl\":\"https:\\\/\\\/visualjournalism.de\\\/wp-content\\\/uploads\\\/logo-hochschule-hannover.png\",\"width\":363,\"height\":270,\"caption\":\"Hochschule Hannover \u2013 University of Applied Sciences and Arts\"},\"image\":{\"@id\":\"https:\\\/\\\/visualjournalism.de\\\/en\\\/#\\\/schema\\\/logo\\\/image\\\/\"},\"sameAs\":[\"https:\\\/\\\/www.facebook.com\\\/people\\\/wwwfotostudentende\\\/100065173703897\\\/\",\"https:\\\/\\\/x.com\\\/HsHannover\",\"https:\\\/\\\/www.instagram.com\\\/visualjournalism.de\\\/\"]}]}<\/script>\n<!-- \/ Yoast SEO Premium plugin. -->","yoast_head_json":{"title":"Lebensadern des Nordens &#8211; Visual Journalism and Documentary Photography","robots":{"index":"index","follow":"follow","max-snippet":"max-snippet:-1","max-image-preview":"max-image-preview:large","max-video-preview":"max-video-preview:-1"},"canonical":"https:\/\/visualjournalism.de\/en\/magazine\/randgebiet\/niclas-tiedemann-faroeer-inseln\/","og_locale":"en_US","og_type":"article","og_title":"Lebensadern des Nordens","og_description":"Die F\u00e4r\u00f6er sind eine abgelegene Inselgruppe im Atlantik, gelegen zwischen Island und Norwegen. Dort leben mittlerweile rund 50.000 Menschen, die es geschafft haben, sich an die schwierigen Wetterbedingungen und die Abgelegenheit anzupassen und sich in jede abgelegene Ecke der 18 Inseln auszubreiten. Mit dem Einzug der modernen Zeiten und dem Weichen des traditionellen Lebens steht [&hellip;]","og_url":"https:\/\/visualjournalism.de\/en\/magazine\/randgebiet\/niclas-tiedemann-faroeer-inseln\/","og_site_name":"Visual Journalism and Documentary Photography","article_publisher":"https:\/\/www.facebook.com\/people\/wwwfotostudentende\/100065173703897\/","article_modified_time":"2024-01-16T10:39:39+00:00","og_image":[{"url":"https:\/\/visualjournalism.de\/wp-content\/uploads\/03_Tiedemann_Niclas-1.jpg","width":640,"height":429,"type":"image\/jpeg"}],"twitter_card":"summary_large_image","twitter_site":"@HsHannover","twitter_misc":{"Est. reading time":"2 minutes"},"schema":{"@context":"https:\/\/schema.org","@graph":[{"@type":"WebPage","@id":"https:\/\/visualjournalism.de\/en\/magazine\/randgebiet\/niclas-tiedemann-faroeer-inseln\/","url":"https:\/\/visualjournalism.de\/en\/magazine\/randgebiet\/niclas-tiedemann-faroeer-inseln\/","name":"Lebensadern des Nordens &#8211; Visual Journalism and Documentary Photography","isPartOf":{"@id":"https:\/\/visualjournalism.de\/en\/#website"},"primaryImageOfPage":{"@id":"https:\/\/visualjournalism.de\/en\/magazine\/randgebiet\/niclas-tiedemann-faroeer-inseln\/#primaryimage"},"image":{"@id":"https:\/\/visualjournalism.de\/en\/magazine\/randgebiet\/niclas-tiedemann-faroeer-inseln\/#primaryimage"},"thumbnailUrl":"https:\/\/visualjournalism.de\/wp-content\/uploads\/03_Tiedemann_Niclas-1.jpg","datePublished":"2023-10-15T19:05:17+00:00","dateModified":"2024-01-16T10:39:39+00:00","breadcrumb":{"@id":"https:\/\/visualjournalism.de\/en\/magazine\/randgebiet\/niclas-tiedemann-faroeer-inseln\/#breadcrumb"},"inLanguage":"en-US","potentialAction":[{"@type":"ReadAction","target":["https:\/\/visualjournalism.de\/en\/magazine\/randgebiet\/niclas-tiedemann-faroeer-inseln\/"]}]},{"@type":"ImageObject","inLanguage":"en-US","@id":"https:\/\/visualjournalism.de\/en\/magazine\/randgebiet\/niclas-tiedemann-faroeer-inseln\/#primaryimage","url":"https:\/\/visualjournalism.de\/wp-content\/uploads\/03_Tiedemann_Niclas-1.jpg","contentUrl":"https:\/\/visualjournalism.de\/wp-content\/uploads\/03_Tiedemann_Niclas-1.jpg","width":1600,"height":1072,"caption":"H\u00fasav\u00edk Far\u00f6er, 17.02.22: Der Ort \u201eH\u00fasav\u00edk\u201c liegt auf der s\u00fcdlichen Insel Sandoy, auf der nur rund 2000 Menschen leben. Arch\u00e4ologischen Untersuchungen nach existiert der \u201eH\u00fasav\u00edk\u201c seit der Wikingerzeit. Foto: Niclas Tiedemann"},{"@type":"BreadcrumbList","@id":"https:\/\/visualjournalism.de\/en\/magazine\/randgebiet\/niclas-tiedemann-faroeer-inseln\/#breadcrumb","itemListElement":[{"@type":"ListItem","position":1,"name":"Home","item":"https:\/\/visualjournalism.de\/en\/"},{"@type":"ListItem","position":2,"name":"Magazin","item":"https:\/\/visualjournalism.de\/en\/magazine\/"},{"@type":"ListItem","position":3,"name":"Lebensadern des Nordens"}]},{"@type":"WebSite","@id":"https:\/\/visualjournalism.de\/en\/#website","url":"https:\/\/visualjournalism.de\/en\/","name":"Visual Journalism and Documentary Photography","description":"All about the bilingual bachelor&#039;s program at Hannover University of Applied Sciences and Arts.","publisher":{"@id":"https:\/\/visualjournalism.de\/en\/#organization"},"alternateName":"visualjournalism.de","potentialAction":[{"@type":"SearchAction","target":{"@type":"EntryPoint","urlTemplate":"https:\/\/visualjournalism.de\/en\/?s={search_term_string}"},"query-input":{"@type":"PropertyValueSpecification","valueRequired":true,"valueName":"search_term_string"}}],"inLanguage":"en-US"},{"@type":"Organization","@id":"https:\/\/visualjournalism.de\/en\/#organization","name":"Hochschule Hannover \u2013 University of Applied Sciences and Arts","alternateName":"HsH","url":"https:\/\/visualjournalism.de\/en\/","logo":{"@type":"ImageObject","inLanguage":"en-US","@id":"https:\/\/visualjournalism.de\/en\/#\/schema\/logo\/image\/","url":"https:\/\/visualjournalism.de\/wp-content\/uploads\/logo-hochschule-hannover.png","contentUrl":"https:\/\/visualjournalism.de\/wp-content\/uploads\/logo-hochschule-hannover.png","width":363,"height":270,"caption":"Hochschule Hannover \u2013 University of Applied Sciences and Arts"},"image":{"@id":"https:\/\/visualjournalism.de\/en\/#\/schema\/logo\/image\/"},"sameAs":["https:\/\/www.facebook.com\/people\/wwwfotostudentende\/100065173703897\/","https:\/\/x.com\/HsHannover","https:\/\/www.instagram.com\/visualjournalism.de\/"]}]}},"_links":{"self":[{"href":"https:\/\/visualjournalism.de\/en\/wp-json\/wp\/v2\/magazin\/19951","targetHints":{"allow":["GET"]}}],"collection":[{"href":"https:\/\/visualjournalism.de\/en\/wp-json\/wp\/v2\/magazin"}],"about":[{"href":"https:\/\/visualjournalism.de\/en\/wp-json\/wp\/v2\/types\/magazin"}],"author":[{"embeddable":true,"href":"https:\/\/visualjournalism.de\/en\/wp-json\/wp\/v2\/users\/37"}],"version-history":[{"count":0,"href":"https:\/\/visualjournalism.de\/en\/wp-json\/wp\/v2\/magazin\/19951\/revisions"}],"wp:featuredmedia":[{"embeddable":true,"href":"https:\/\/visualjournalism.de\/en\/wp-json\/wp\/v2\/media\/19964"}],"wp:attachment":[{"href":"https:\/\/visualjournalism.de\/en\/wp-json\/wp\/v2\/media?parent=19951"}],"wp:term":[{"taxonomy":"post_tag","embeddable":true,"href":"https:\/\/visualjournalism.de\/en\/wp-json\/wp\/v2\/tags?post=19951"},{"taxonomy":"magazinkategorie","embeddable":true,"href":"https:\/\/visualjournalism.de\/en\/wp-json\/wp\/v2\/magazinkategorie?post=19951"}],"curies":[{"name":"wp","href":"https:\/\/api.w.org\/{rel}","templated":true}]}}