{"id":20236,"date":"2023-07-01T13:33:26","date_gmt":"2023-07-01T13:33:26","guid":{"rendered":"https:\/\/visualjournalism.de\/?p=20236"},"modified":"2025-01-09T12:29:10","modified_gmt":"2025-01-09T12:29:10","slug":"wie-najiba-zur-ersten-afghanischen-drag-queen-wurde","status":"publish","type":"magazin","link":"https:\/\/visualjournalism.de\/en\/magazine\/ideale\/wie-najiba-zur-ersten-afghanischen-drag-queen-wurde\/","title":{"rendered":"Wie Najiba zur ersten afghanischen Drag Queen wurde"},"content":{"rendered":"\r\n<div class=\"cover--lead-in has-spacing--m\">\r\n\r\n    \r\n    <div class=\"cover--lead-in__content typo--tiempos\">\r\n\r\n        <div class=\"entry-categories\">\n\t<a class=\"post__tag\" href=\"https:\/\/visualjournalism.de\/magazin-kategorie\/ideale\/\" rel=\"category tag\">Ideale<\/a><\/div>\r\n        <h2 class=\"cover--lead-in__headline \">\r\n            Wie Najiba zur ersten afghanischen Dragqueen wurde        <\/h2>\r\n\r\n                    <div class=\"cover--lead-in__text\">\r\n                <p>Aufgewachsen in einer konservativen afghanischen Familie, wird Najib wegen seiner queeren Identit\u00e4t misshandelt. Heute setzt er sich als Najiba f\u00fcr die LGBTQIA+-Gemeinde ein. <strong>Von <a href=\"https:\/\/visualjournalism.de\/en\/marlin-helene\/\" target=\"_blank\" rel=\"noopener\">Marlin Helene<\/a> (Text) und <a href=\"https:\/\/visualjournalism.de\/en\/armina-ahmadinia\/\" target=\"_blank\" rel=\"noopener\">Armina Ahmadinia<\/a> (Fotos)<\/strong><\/p>\n            <\/div>\r\n        \r\n                    <div class=\"cover--lead-in__author\">\r\n                                        <figure class=\"cover--lead-in__author__image\">\r\n                                                            <a href=\"https:\/\/visualjournalism.de\/marlin-helene\/\">\r\n                            \r\n                            <img loading=\"lazy\" decoding=\"async\" width=\"68\" height=\"68\" src=\"https:\/\/visualjournalism.de\/wp-content\/uploads\/Marlin-Helene-SW-Portrait-68x68.jpeg\" class=\"attachment-image-portrait--large size-image-portrait--large\" alt=\"Marlin Helene\" srcset=\"https:\/\/visualjournalism.de\/wp-content\/uploads\/Marlin-Helene-SW-Portrait-68x68.jpeg 68w, https:\/\/visualjournalism.de\/wp-content\/uploads\/Marlin-Helene-SW-Portrait-150x150.jpeg 150w, https:\/\/visualjournalism.de\/wp-content\/uploads\/Marlin-Helene-SW-Portrait-52x52.jpeg 52w, https:\/\/visualjournalism.de\/wp-content\/uploads\/Marlin-Helene-SW-Portrait-96x96.jpeg 96w\" sizes=\"auto, (max-width: 68px) 100vw, 68px\" \/>\r\n                                                            <\/a>\r\n                                                    <\/figure>\r\n                    \r\n                    \r\n                    \r\n                            <figure class=\"cover--lead-in__author__image\">\r\n\r\n                                                                    <a href=\"https:\/\/visualjournalism.de\/armina-ahmadinia\/\" target=\"_blank\">\r\n                                \r\n                                <img loading=\"lazy\" decoding=\"async\"\r\n                                    src=\"https:\/\/visualjournalism.de\/wp-content\/uploads\/Portrait_Armina_Ahmadinia_jpg-68x68.jpg\"\r\n                                    srcset=\"https:\/\/visualjournalism.de\/wp-content\/uploads\/Portrait_Armina_Ahmadinia_jpg-68x68.jpg 68w, https:\/\/visualjournalism.de\/wp-content\/uploads\/Portrait_Armina_Ahmadinia_jpg-150x150.jpg 150w, https:\/\/visualjournalism.de\/wp-content\/uploads\/Portrait_Armina_Ahmadinia_jpg-52x52.jpg 52w, https:\/\/visualjournalism.de\/wp-content\/uploads\/Portrait_Armina_Ahmadinia_jpg-96x96.jpg 96w\"\r\n                                    width=\"68\"\r\n                                    height=\"68\"\r\n                                    alt=\"\"\r\n                                \/>\r\n\r\n                                                                    <\/a>\r\n                                \r\n                            <\/figure>\r\n\r\n                                    <\/div><!-- .cover--lead-in__author -->\r\n        \r\n    <\/div><!-- .cover--lead-in__content -->\r\n\r\n    \r\n        <figure class=\"cover--lead-in__image cover--lead-in__media cover--lead-in__media--image\">\r\n            <img loading=\"lazy\" decoding=\"async\"\r\n                src=\"https:\/\/visualjournalism.de\/wp-content\/uploads\/1_Armina-Ahmadinia-1920x1280.jpg\"\r\n                srcset=\"https:\/\/visualjournalism.de\/wp-content\/uploads\/1_Armina-Ahmadinia-1920x1280.jpg 1920w, https:\/\/visualjournalism.de\/wp-content\/uploads\/1_Armina-Ahmadinia-300x200.jpg 300w, https:\/\/visualjournalism.de\/wp-content\/uploads\/1_Armina-Ahmadinia-1024x683.jpg 1024w, https:\/\/visualjournalism.de\/wp-content\/uploads\/1_Armina-Ahmadinia-768x512.jpg 768w, https:\/\/visualjournalism.de\/wp-content\/uploads\/1_Armina-Ahmadinia-1536x1024.jpg 1536w, https:\/\/visualjournalism.de\/wp-content\/uploads\/1_Armina-Ahmadinia-2048x1365.jpg 2048w, https:\/\/visualjournalism.de\/wp-content\/uploads\/1_Armina-Ahmadinia-1400x933.jpg 1400w, https:\/\/visualjournalism.de\/wp-content\/uploads\/1_Armina-Ahmadinia-1050x700.jpg 1050w, https:\/\/visualjournalism.de\/wp-content\/uploads\/1_Armina-Ahmadinia-670x447.jpg 670w, https:\/\/visualjournalism.de\/wp-content\/uploads\/1_Armina-Ahmadinia-420x280.jpg 420w, https:\/\/visualjournalism.de\/wp-content\/uploads\/1_Armina-Ahmadinia-350x233.jpg 350w, https:\/\/visualjournalism.de\/wp-content\/uploads\/1_Armina-Ahmadinia-150x100.jpg 150w\"\r\n                width=\"1920\"\r\n                height=\"1280\"\r\n                alt=\"Februar 2023, Hamburg, Dragqueen Najiba, gesehen in Nahaufnahme durch einen Schminkspiegel\"\r\n                style=\"object-position: 40% 67.5%\"\r\n            \/>\r\n        <\/figure>\r\n\r\n        \r\n    \r\n<\/div><!-- .cover--lead-in -->\r\n\r\n\n\n\n<p class=\"post__paragraph has-spacing--m\"><strong>Najib versp\u00fcrt schon als Kind in Kandahar den Wunsch, Kleider zu tragen und sich zu schminken.<\/strong> \u00abIch wollte wie eine Bollywood-Schauspielerin aussehen\u00bb, erinnert sich Najib. Als seine Eltern das mitbekommen, schlagen sie ihn. \u00abSie wollten, dass ich wie mein Vater werde: Stark und dominant.\u00bb<br><br>Diskriminierung und Gewalt aufgrund seiner queeren Identit\u00e4t begleiten Najib auch in der Schule. Schikane und Feindseligkeit zwingen ihn letztlich dazu, seine Heimat im Alter von nur 11 Jahren zu verlassen. Auf der Flucht wird Najib entf\u00fchrt und zweimal inhaftiert. \u00abMein Vertrauen in Menschen wurde zerst\u00f6rt\u00bb, erz\u00e4hlt er.&nbsp; Erst nach anderthalb Jahren erreicht er sein Ziel: Deutschland.<br><br>Durch die Flucht habe er viel dazugelernt und sei st\u00e4rker geworden, so Najib. Er berichtet aber auch von Depressionen und Suizidgedanken, die der gesellschaftliche Druck auf ihn ausgel\u00f6st haben. Damit ist er nicht allein: Laut einer Studie des portugisischen Psychologenverbandes OPP aus dem Jahr 2021 sind queere Jugendliche dreimal so h\u00e4ufig von Selbstmord bedroht, besonders wenn ihre Familien sie nicht akzeptieren. Najib \u00fcberlebt haupts\u00e4chlich dank der Hilfe aus der Community und einer Therapie.<\/p>\n\n\n\n<div class=\"devider has-spacing--none\">\n    <hr>\n<\/div>\n\n\n \n    \n    <div id=\"quote-block_59df621598821593f31b867c619ab052\" class=\"block-quote has-spacing--m\">\n        <figure class=\"quote\">\n            <blockquote>\n                <p><strong>Wenn Menschen mich hier auf der Stra\u00dfe mit Make-up oder High Heels sehen<\/strong>, dann sind sie geschockt und starren, spucken mich an oder schlagen mich.<\/p>\n            <\/blockquote>\n\n            <figcaption>\n\n                            <span><\/span>\n            <\/figcaption>\n            \n        <\/figure>\n    <\/div>\n\n\n\n\n<p class=\"post__paragraph has-spacing--m\">In Deutschland erlangt er sein Abitur und absolviert Berufsausbildungen, um schlie\u00dflich als Pflegefachmann im Krankenhaus zu arbeiten. W\u00e4hrend er versucht, seinen Platz in der Gesellschaft zu finden, unterdr\u00fcckt er weiterhin einen Teil seiner Identit\u00e4t. Doch eines Tages entscheidet Najib, sich so zu kleiden, wie er von anderen Menschen gesehen werden will. Er schminkt sich, tr\u00e4gt Kleider, tanzt.<br><br>Najib erz\u00e4hlt von der anf\u00e4nglichen Entt\u00e4uschung \u00fcber die Realit\u00e4t in Deutschland: Afghanische Medien hatten \u00fcber ein freiheitliches Leben berichtet, doch statt auf Akzeptanz st\u00f6\u00dft er auch hier auf Ablehnung und Gewalt: \u00abWenn Menschen mich hier auf der Stra\u00dfe sehen, mit Make-up oder High Heels, dann sind sie geschockt und starren, spucken mich an oder schlagen mich\u00bb, berichtet er.&nbsp; <br><br>Trotzdem macht Najib weiter. Er arbeitet ehrenamtlich in einer <a href=\"https:\/\/www.mhc-hh.de\" target=\"_blank\" rel=\"noreferrer noopener\">Beratungsstelle f\u00fcr Queers<\/a>. Als Najiba, ihrem Drag-Namen, produziert sie Videos, in denen sie aufkl\u00e4rt und sich f\u00fcr die LGBTQIA+-Community sowie f\u00fcr Frauenrechte in Afghanistan und im Iran einsetzt. \u00abDrag bedeutet f\u00fcr mich Freiheit. Sich wohlzuf\u00fchlen, Spa\u00df zu haben und selbstbewusst zu sein. Aber Drag bedeutet f\u00fcr mich auch, wegzulaufen von den ganzen Problemen. Da kann ich alle Erwartungen von anderen loslassen und einfach ich selbst sein\u00bb, schildert Najiba. Auf <a href=\"https:\/\/visualjournalism.de\/magazin\/ideale\/tiktok\/\" target=\"_blank\" rel=\"noreferrer noopener\">TikTok<\/a> und Instagram folgen ihr mittlerweile \u00fcber 200.000 Menschen.<\/p>\n\n\n \n\n<div class=\"photo-grid grid-layout--2col-5 has-spacing--s\">\n\n            \n\n            <div class=\"photo-grid__image\">\n\n                <figure>\n\n                    <img loading=\"lazy\" decoding=\"async\"  \n                        src=\"https:\/\/visualjournalism.de\/wp-content\/uploads\/3_Armina_Ahmadinia_jpg-768x512.jpg\" \n                        srcset=\"https:\/\/visualjournalism.de\/wp-content\/uploads\/3_Armina_Ahmadinia_jpg-768x512.jpg 768w, https:\/\/visualjournalism.de\/wp-content\/uploads\/3_Armina_Ahmadinia_jpg-300x200.jpg 300w, https:\/\/visualjournalism.de\/wp-content\/uploads\/3_Armina_Ahmadinia_jpg-1024x683.jpg 1024w, https:\/\/visualjournalism.de\/wp-content\/uploads\/3_Armina_Ahmadinia_jpg-1536x1024.jpg 1536w, https:\/\/visualjournalism.de\/wp-content\/uploads\/3_Armina_Ahmadinia_jpg-1400x934.jpg 1400w, https:\/\/visualjournalism.de\/wp-content\/uploads\/3_Armina_Ahmadinia_jpg-1050x700.jpg 1050w, https:\/\/visualjournalism.de\/wp-content\/uploads\/3_Armina_Ahmadinia_jpg-670x447.jpg 670w, https:\/\/visualjournalism.de\/wp-content\/uploads\/3_Armina_Ahmadinia_jpg-420x280.jpg 420w, https:\/\/visualjournalism.de\/wp-content\/uploads\/3_Armina_Ahmadinia_jpg-350x233.jpg 350w, https:\/\/visualjournalism.de\/wp-content\/uploads\/3_Armina_Ahmadinia_jpg-150x100.jpg 150w, https:\/\/visualjournalism.de\/wp-content\/uploads\/3_Armina_Ahmadinia_jpg.jpg 1600w\" \n                        width=\"768\"  \n                        height=\"512\" \n                        alt=\"\"  \n                    \/>\n\n                    \n                    \n                <\/figure>\n\n            <\/div><!-- photo-grid__image -->    \n\n\n            \n\n                    \n                \n\n            <div class=\"photo-grid__image\">\n\n                <figure>\n\n                    <img loading=\"lazy\" decoding=\"async\"  \n                        src=\"https:\/\/visualjournalism.de\/wp-content\/uploads\/8_Armina-Ahmadinia-klein-768x512.jpg\" \n                        srcset=\"https:\/\/visualjournalism.de\/wp-content\/uploads\/8_Armina-Ahmadinia-klein-768x512.jpg 768w, https:\/\/visualjournalism.de\/wp-content\/uploads\/8_Armina-Ahmadinia-klein-300x200.jpg 300w, https:\/\/visualjournalism.de\/wp-content\/uploads\/8_Armina-Ahmadinia-klein-1024x683.jpg 1024w, https:\/\/visualjournalism.de\/wp-content\/uploads\/8_Armina-Ahmadinia-klein-1536x1024.jpg 1536w, https:\/\/visualjournalism.de\/wp-content\/uploads\/8_Armina-Ahmadinia-klein-1400x934.jpg 1400w, https:\/\/visualjournalism.de\/wp-content\/uploads\/8_Armina-Ahmadinia-klein-1050x700.jpg 1050w, https:\/\/visualjournalism.de\/wp-content\/uploads\/8_Armina-Ahmadinia-klein-670x447.jpg 670w, https:\/\/visualjournalism.de\/wp-content\/uploads\/8_Armina-Ahmadinia-klein-420x280.jpg 420w, https:\/\/visualjournalism.de\/wp-content\/uploads\/8_Armina-Ahmadinia-klein-350x233.jpg 350w, https:\/\/visualjournalism.de\/wp-content\/uploads\/8_Armina-Ahmadinia-klein-150x100.jpg 150w, https:\/\/visualjournalism.de\/wp-content\/uploads\/8_Armina-Ahmadinia-klein.jpg 1600w\" \n                        width=\"768\"  \n                        height=\"512\" \n                        alt=\"\"  \n                    \/>\n\n                    \n                    \n                <\/figure>\n\n            <\/div><!-- photo-grid__image -->    \n\n\n            \n\n            \n<\/div>\n\n \n\n<div class=\"photo-grid grid-layout--2col-5 has-spacing--s\">\n\n            \n\n            <div class=\"photo-grid__image\">\n\n                <figure>\n\n                    <img loading=\"lazy\" decoding=\"async\"  \n                        src=\"https:\/\/visualjournalism.de\/wp-content\/uploads\/11_Armina_Ahmadinia_jpg-1-768x512.jpg\" \n                        srcset=\"https:\/\/visualjournalism.de\/wp-content\/uploads\/11_Armina_Ahmadinia_jpg-1-768x512.jpg 768w, https:\/\/visualjournalism.de\/wp-content\/uploads\/11_Armina_Ahmadinia_jpg-1-300x200.jpg 300w, https:\/\/visualjournalism.de\/wp-content\/uploads\/11_Armina_Ahmadinia_jpg-1-1024x683.jpg 1024w, https:\/\/visualjournalism.de\/wp-content\/uploads\/11_Armina_Ahmadinia_jpg-1-1536x1024.jpg 1536w, https:\/\/visualjournalism.de\/wp-content\/uploads\/11_Armina_Ahmadinia_jpg-1-2048x1365.jpg 2048w, https:\/\/visualjournalism.de\/wp-content\/uploads\/11_Armina_Ahmadinia_jpg-1-1920x1280.jpg 1920w, https:\/\/visualjournalism.de\/wp-content\/uploads\/11_Armina_Ahmadinia_jpg-1-1400x933.jpg 1400w, https:\/\/visualjournalism.de\/wp-content\/uploads\/11_Armina_Ahmadinia_jpg-1-1050x700.jpg 1050w, https:\/\/visualjournalism.de\/wp-content\/uploads\/11_Armina_Ahmadinia_jpg-1-670x447.jpg 670w, https:\/\/visualjournalism.de\/wp-content\/uploads\/11_Armina_Ahmadinia_jpg-1-420x280.jpg 420w, https:\/\/visualjournalism.de\/wp-content\/uploads\/11_Armina_Ahmadinia_jpg-1-350x233.jpg 350w, https:\/\/visualjournalism.de\/wp-content\/uploads\/11_Armina_Ahmadinia_jpg-1-150x100.jpg 150w\" \n                        width=\"768\"  \n                        height=\"512\" \n                        alt=\"\"  \n                    \/>\n\n                    \n                    \n                <\/figure>\n\n            <\/div><!-- photo-grid__image -->    \n\n\n            \n\n                    \n                \n\n            <div class=\"photo-grid__image\">\n\n                <figure>\n\n                    <img loading=\"lazy\" decoding=\"async\"  \n                        src=\"https:\/\/visualjournalism.de\/wp-content\/uploads\/7_Armina-Ahmadinia-768x512.jpg\" \n                        srcset=\"https:\/\/visualjournalism.de\/wp-content\/uploads\/7_Armina-Ahmadinia-768x512.jpg 768w, https:\/\/visualjournalism.de\/wp-content\/uploads\/7_Armina-Ahmadinia-300x200.jpg 300w, https:\/\/visualjournalism.de\/wp-content\/uploads\/7_Armina-Ahmadinia-1024x683.jpg 1024w, https:\/\/visualjournalism.de\/wp-content\/uploads\/7_Armina-Ahmadinia-1536x1024.jpg 1536w, https:\/\/visualjournalism.de\/wp-content\/uploads\/7_Armina-Ahmadinia-2048x1365.jpg 2048w, https:\/\/visualjournalism.de\/wp-content\/uploads\/7_Armina-Ahmadinia-1920x1280.jpg 1920w, https:\/\/visualjournalism.de\/wp-content\/uploads\/7_Armina-Ahmadinia-1400x933.jpg 1400w, https:\/\/visualjournalism.de\/wp-content\/uploads\/7_Armina-Ahmadinia-1050x700.jpg 1050w, https:\/\/visualjournalism.de\/wp-content\/uploads\/7_Armina-Ahmadinia-670x447.jpg 670w, https:\/\/visualjournalism.de\/wp-content\/uploads\/7_Armina-Ahmadinia-420x280.jpg 420w, https:\/\/visualjournalism.de\/wp-content\/uploads\/7_Armina-Ahmadinia-350x233.jpg 350w, https:\/\/visualjournalism.de\/wp-content\/uploads\/7_Armina-Ahmadinia-150x100.jpg 150w\" \n                        width=\"768\"  \n                        height=\"512\" \n                        alt=\"\"  \n                    \/>\n\n                    \n                    \n                <\/figure>\n\n            <\/div><!-- photo-grid__image -->    \n\n\n            \n\n            \n<\/div>\n\n    <figure class=\"block-photo post__image--half-center has-spacing--s no-title\">\n\n        <div class=\"post__image__container\">\n            <img loading=\"lazy\" decoding=\"async\" \n                src=\"https:\/\/visualjournalism.de\/wp-content\/uploads\/6_Armina-Ahmadinia-768x1152.jpg\"\n                srcset=\"https:\/\/visualjournalism.de\/wp-content\/uploads\/6_Armina-Ahmadinia-768x1152.jpg 768w, https:\/\/visualjournalism.de\/wp-content\/uploads\/6_Armina-Ahmadinia-200x300.jpg 200w, https:\/\/visualjournalism.de\/wp-content\/uploads\/6_Armina-Ahmadinia-683x1024.jpg 683w, https:\/\/visualjournalism.de\/wp-content\/uploads\/6_Armina-Ahmadinia-1024x1536.jpg 1024w, https:\/\/visualjournalism.de\/wp-content\/uploads\/6_Armina-Ahmadinia-1365x2048.jpg 1365w, https:\/\/visualjournalism.de\/wp-content\/uploads\/6_Armina-Ahmadinia-1920x2880.jpg 1920w, https:\/\/visualjournalism.de\/wp-content\/uploads\/6_Armina-Ahmadinia-1400x2100.jpg 1400w, https:\/\/visualjournalism.de\/wp-content\/uploads\/6_Armina-Ahmadinia-1050x1575.jpg 1050w, https:\/\/visualjournalism.de\/wp-content\/uploads\/6_Armina-Ahmadinia-670x1005.jpg 670w, https:\/\/visualjournalism.de\/wp-content\/uploads\/6_Armina-Ahmadinia-420x630.jpg 420w, https:\/\/visualjournalism.de\/wp-content\/uploads\/6_Armina-Ahmadinia-350x525.jpg 350w, https:\/\/visualjournalism.de\/wp-content\/uploads\/6_Armina-Ahmadinia-300x450.jpg 300w, https:\/\/visualjournalism.de\/wp-content\/uploads\/6_Armina-Ahmadinia-150x225.jpg 150w, https:\/\/visualjournalism.de\/wp-content\/uploads\/6_Armina-Ahmadinia-scaled.jpg 1707w\"\n                width=\"768\" \n                height=\"1152\"\n                alt=\"\" \n            \/>\n            \n                    <\/div><!-- post__image__container -->\n\n        \n    <\/figure><!-- post__image -->\n\n\n\n\n        <figure class=\"post-image--cover has-spacing--none\">\n\n            <img decoding=\"async\" src=\"https:\/\/visualjournalism.de\/wp-content\/uploads\/5_Armina-Ahmadinia-scaled.jpg\"  alt=\"\" \/>\n            \n            \n        <\/figure><!-- post-image--cover -->\n\n    \n\n\n\n<div class=\"wp-block-group has-color-18-background-color has-background has-spacing--none\">\n<div class=\"pinned-block has-spacing--none\">\n\t\n\n<div class=\"pinned-block__column--right\">\n    \n\n    <div class=\"headline-block has-spacing--none\">\n\n        <h2 class=\"post__headline\">Glossar<\/h2>\n\n        \n    <\/div>\n\n    \n\n\n\n\n<p class=\"post__paragraph is-style-typo--soehne has-spacing--m\">Auszug aus dem <a href=\"https:\/\/www.bpb.de\/themen\/gender-diversitaet\/geschlechtliche-vielfalt-trans\/245426\/lsbtiq-lexikon\/#G\" target=\"_blank\" rel=\"noreferrer noopener\">LSBTIQ-Lexikon<\/a> der Bundeszentrale f\u00fcr politische Bildung<\/p>\n\n\n<\/div>\n\n\n<div class=\"pinned-block__column--left\">\n    \n\n \n\n    <div id=\"accordion-block_cf22afcc8acca97b7770630d47fae866\" class=\"accordion has-spacing--m\">\n        <div class=\"accordion__title\">\n            <h5>Geschlecht, biologisches<\/h5>\n            <span><\/span>\n        <\/div>\n\n        <div class=\"accordion__text\">\n         <p>Im Deutschen sind mit biologischem Geschlecht (englisch \u00absex\u00bb) alle k\u00f6rperlichen, geschlechtsspezifischen Merkmale gemeint. Gemeinhin wird damit eine nat\u00fcrliche Binarit\u00e4t von Mann\/Frau konstruiert, die sich nach Erkenntnissen der Inter*-Forschung nicht (mehr) halten l\u00e4sst.<\/p>\n        <\/div>\n    <\/div>\n\n\n\n\n \n\n    <div id=\"accordion-block_c8fa6ae44266e25d20f4bb98c50542e5\" class=\"accordion has-spacing--m\">\n        <div class=\"accordion__title\">\n            <h5>Geschlechtsidentit\u00e4t<\/h5>\n            <span><\/span>\n        <\/div>\n\n        <div class=\"accordion__text\">\n         <p>Unter Geschlechtsidentit\u00e4t versteht man das tief empfundene innere und pers\u00f6nliche Gef\u00fchl der Zugeh\u00f6rigkeit oder nicht vorhandenen Verbundenheit zu einem Geschlecht. Dieses kann mit dem Geschlecht, das einem Menschen bei seiner Geburt zugewiesen wurde, \u00fcbereinstimmen \u2013 muss es aber nicht. Es muss au\u00dferdem nicht zeitlich stringent erfahren werden. Geschlechtsidentit\u00e4t manifestiert sich u.a. in der Wahrnehmung des eigenen K\u00f6rpers und seiner Repr\u00e4sentanz nach au\u00dfen.<\/p>\n        <\/div>\n    <\/div>\n\n\n\n\n \n\n    <div id=\"accordion-block_030aa75c1b083107f0e68a37daa28512\" class=\"accordion has-spacing--m\">\n        <div class=\"accordion__title\">\n            <h5>Geschlechtsausdruck<\/h5>\n            <span><\/span>\n        <\/div>\n\n        <div class=\"accordion__text\">\n         <p style=\"font-weight: 400\">Die Geschlechtsidentit\u00e4t eines Menschen ist nicht von au\u00dfen erkennbar. Geschlecht hat aber auch eine sicht- und h\u00f6rbare Komponente: den Geschlechtsausdruck. Damit wird bezeichnet, wie ein Mensch sich z.B. kleidet oder spricht und so Geschlecht zum Ausdruck bringt. H\u00e4ufig passiert es, dass vom Geschlechtsausdruck einer Person auf deren Geschlechtsidentit\u00e4t geschlossen wird. Dann gelten zum Beispiel Rock und Lippenstift als Beleg daf\u00fcr, dass jemand sich feminin f\u00fchlt. Damit kann man sich jedoch leicht irren: Zum einen bedeuten ein Ohrring, ein kurzer Haarschnitt oder \u00fcbereinander geschlagene Beine nicht f\u00fcr alle das Gleiche. Zum anderen entscheiden sich manche Menschen bewusst zum Beispiel f\u00fcr ein \u00abmaskulineres\u00bb Auftreten oder \u00abeindeutigere\u00bb Kleidung, als es ihrem inneren Empfinden entspricht, um Anfeindungen oder Spott zu vermeiden. Ein Geschlechtsausdruck, der von Rollenerwartungen an M\u00e4nner\/Jungen und Frauen\/M\u00e4dchen abweicht, ist h\u00e4ufig Anlass f\u00fcr Diskriminierung und Gewalt. Expert*innen fordern darum eine explizite Aufnahme dieses Merkmals unter die Schutzgr\u00fcnde des Allgemeinen Gleichbehandlungsgesetzes (AGG).<\/p>\n        <\/div>\n    <\/div>\n\n\n\n\n \n\n    <div id=\"accordion-block_7a528eb3129baecf99c5699527259e9b\" class=\"accordion has-spacing--m\">\n        <div class=\"accordion__title\">\n            <h5>LGBTQIA+<\/h5>\n            <span><\/span>\n        <\/div>\n\n        <div class=\"accordion__text\">\n         <p style=\"font-weight: 400\">Diese Buchstabenkombination, die es sowohl im englischen als auch im deutschen (LSBTQIA+) gibt, versucht m\u00f6glichst viele Menschen und deren sexuelle und geschlechtliche Identit\u00e4ten gesammelt zu repr\u00e4sentieren. Da das nicht m\u00f6glich ist, wird ein + oder * an das Ende gesetzt. Die Buchstaben stehen f\u00fcr Lesbian, Gay, Bisexual, Trans, Queer, Inter, Agender, Asexual.<\/p>\n        <\/div>\n    <\/div>\n\n\n\n\n \n\n    <div id=\"accordion-block_2e0a9cd8390430e72b2e028288bc9e32\" class=\"accordion has-spacing--none\">\n        <div class=\"accordion__title\">\n            <h5>Drag(queen)<\/h5>\n            <span><\/span>\n        <\/div>\n\n        <div class=\"accordion__text\">\n         <p>Dragqueens sind \u2013 meist, nicht immer \u2013 Personen, denen bei Geburt das m\u00e4nnliche Geschlecht zugewiesen wurde, und die u.a. im Rahmen von k\u00fcnstlerischen Performances Weiblichkeit(en) darstellen. Beim gezielten Einsatz von Geschlechter-Zeichen geht es dabei z.T. um das Aufzeigen der Konstruiertheit von Geschlecht, aber auch teilweise um den Ausdruck eigener Identit\u00e4ten. Mit Drag k\u00f6nnen Menschen jeglichen Geschlechts mit Geschlechtsausdr\u00fccken spielen. Neben Dragqueens gibt es auch Dragkings und Dragquings.<\/p>\n        <\/div>\n    <\/div>\n\n\n\n<\/div>\n<\/div><\/div>\n\n\n\n<div class=\"wp-block-group has-color-18-background-color has-background has-spacing--xs\">\n<div class=\"devider has-spacing--none\">\n    <hr>\n<\/div>\n\n\n<div class=\"pinned-block has-spacing--m\">\n\t\n\n<div class=\"pinned-block__column--right\">\n    \n\n    <div class=\"headline-block has-spacing--m\">\n\n        <h2 class=\"post__headline\">Falls du von Queerfeindlichkeit betroffen bist und\/oder psychologische Unterst\u00fctzung ben\u00f6tigst, findest du \u00fcber diese Nummern Hilfe:<\/h2>\n\n        \n    <\/div>\n\n    \n\n\n\n<\/div>\n\n\n<div class=\"pinned-block__column--left\">\n    \n\n<p class=\"post__paragraph is-style-typo--soehne has-spacing--s\">Telefonseelsorge (bundesweit): 0800 111011 <br>Rosa Strippe e.V. (Bochum): 02 34 194 46<br>Berliner Krisentelefon: 030 390 63 10<br>(Bayrisches) Hilfetelefon: 0800 00 112 03<br>mhc e.V. (Hamburg): 040 278 778 00<br><a href=\"https:\/\/queermed-deutschland.de\/\" target=\"_blank\" rel=\"noreferrer noopener\">queermed-deutschland.de<\/a><\/p>\n\n\n\n<p class=\"post__paragraph is-style-typo--soehne has-spacing--s\">Du bist queer, studierst oder arbeitest an einer der Hochschulen in Hannover und bist auf der Suche nach&nbsp;Angeboten und Informationen f\u00fcr queere Menschen? <a href=\"https:\/\/www.hs-hannover.de\/ueber-uns\/organisation\/gleichstellung\/queer-guide\">Hier findest Du eine \u00dcbersicht verschiedener Einrichtungen, Gruppen, Anlaufstellen und Beratungs- und Freizeitangebote in und um Hannover sowie direkt an Deiner Hochschule<\/a>. Au\u00dferdem enth\u00e4lt der Guide einige hochschulspezifische Informationen f\u00fcr Queers. Dieser Queer Guide lebt und w\u00e4chst durch Euch.<\/p>\n\n\n\n    <div class=\"btn-wrapper has-spacing--m\">\n        <a class=\"btn\" href=\"https:\/\/www.hs-hannover.de\/ueber-uns\/organisation\/gleichstellung\/queer-guide\" target=\"_blank\">QUEER GUIDE DER HOCHSCHULEN IN HANNOVER<\/a>\n    <\/div>\n\n\n<\/div>\n<\/div><\/div>\n\n\n\n<div class=\"wp-block-group has-spacing--default has-spacing--default\">\n<div class=\"devider has-spacing--none\">\n    <hr>\n<\/div>\n\n\n \n\n    <div id=\"lead-in-block_09a7a011ea847c147b4d0aebe62ecfa2\" class=\"block-lead-in typo--default font-size--xl has-spacing--s width--default\">\n        <p><strong>Empfehlungen der Redaktion:<\/strong><\/p>\n    <\/div>\n\n\n\n\r\n\r\n\r\n\n\n\r\n\r\n\r\n\r\n        <div class=\"teaser-grid grid-layout--3col has-spacing--s width--inline\">\r\n\r\n            \r\n                <article class=\"post-teaser\">\r\n\r\n                    <a href=\"https:\/\/visualjournalism.de\/en\/magazine\/ratgeber\/wie-du-eine-unterwegs-blitzt\/\" rel=\"permalink\">\r\n\r\n                        <div class=\"post-teaser__content\">\r\n\r\n                            <span class=\"entry-categories\">Ratgeber<\/span>\r\n                            <h3 class=\"post-teaser__headline\">\r\n                                Kunstlicht to-go: wie du unterwegs blitzt.                            <\/h3>\r\n\r\n                            <div class=\"post-teaser__excerpt\">\r\n                                <p>K\u00fcnstliches Licht er\u00f6ffnet viele neue Gestaltungsm\u00f6glichkeiten, stellt Anf\u00e4nger aber auch vor technische und gestalterische Herausforderungen. Hier erf\u00e4hrst du wie es geht!<\/p>\r\n                            <\/div>\r\n\r\n                        <\/div><!-- .post-teaser__content -->\r\n\r\n\r\n                        \r\n                            <figure class=\"post-teaser__image\">\r\n                                <img loading=\"lazy\" decoding=\"async\"  \r\n                                    src=\"https:\/\/visualjournalism.de\/wp-content\/uploads\/Simon-Deppe_1945-2025-768x513.jpg\" \r\n                                    srcset=\"https:\/\/visualjournalism.de\/wp-content\/uploads\/Simon-Deppe_1945-2025-768x513.jpg 768w, https:\/\/visualjournalism.de\/wp-content\/uploads\/Simon-Deppe_1945-2025-300x200.jpg 300w, https:\/\/visualjournalism.de\/wp-content\/uploads\/Simon-Deppe_1945-2025-1024x683.jpg 1024w, https:\/\/visualjournalism.de\/wp-content\/uploads\/Simon-Deppe_1945-2025-1536x1025.jpg 1536w, https:\/\/visualjournalism.de\/wp-content\/uploads\/Simon-Deppe_1945-2025-2048x1367.jpg 2048w, https:\/\/visualjournalism.de\/wp-content\/uploads\/Simon-Deppe_1945-2025-1920x1281.jpg 1920w, https:\/\/visualjournalism.de\/wp-content\/uploads\/Simon-Deppe_1945-2025-1400x934.jpg 1400w, https:\/\/visualjournalism.de\/wp-content\/uploads\/Simon-Deppe_1945-2025-1050x701.jpg 1050w, https:\/\/visualjournalism.de\/wp-content\/uploads\/Simon-Deppe_1945-2025-670x447.jpg 670w, https:\/\/visualjournalism.de\/wp-content\/uploads\/Simon-Deppe_1945-2025-420x280.jpg 420w, https:\/\/visualjournalism.de\/wp-content\/uploads\/Simon-Deppe_1945-2025-350x234.jpg 350w, https:\/\/visualjournalism.de\/wp-content\/uploads\/Simon-Deppe_1945-2025-150x100.jpg 150w\" \r\n                                    width=\"768\"  \r\n                                    height=\"513\" \r\n                                    alt=\"\"\r\n                                \/>\r\n                            <\/figure>\r\n\r\n                        \r\n                    \r\n                    <\/a>\r\n\r\n                <\/article><!--- .post-teaser-->\r\n\r\n            \r\n                <article class=\"post-teaser\">\r\n\r\n                    <a href=\"https:\/\/visualjournalism.de\/en\/magazine\/ratgeber\/die-richtige-beleuchtung-im-fotostudio\/\" rel=\"permalink\">\r\n\r\n                        <div class=\"post-teaser__content\">\r\n\r\n                            <span class=\"entry-categories\">Ratgeber<\/span>\r\n                            <h3 class=\"post-teaser__headline\">\r\n                                Beleuchtung im Fotostudio.                            <\/h3>\r\n\r\n                            <div class=\"post-teaser__excerpt\">\r\n                                <p>Das richtige Licht im Studio ist entscheidend f\u00fcr gelungene Studioaufnahmen. Wie aber gelingt die perfekte Ausleuchtung und welche Techniken gibt es?<\/p>\r\n                            <\/div>\r\n\r\n                        <\/div><!-- .post-teaser__content -->\r\n\r\n\r\n                        \r\n                            <figure class=\"post-teaser__image\">\r\n                                <img loading=\"lazy\" decoding=\"async\"  \r\n                                    src=\"https:\/\/visualjournalism.de\/wp-content\/uploads\/DSC06343-768x492.jpg\" \r\n                                    srcset=\"https:\/\/visualjournalism.de\/wp-content\/uploads\/DSC06343-768x492.jpg 768w, https:\/\/visualjournalism.de\/wp-content\/uploads\/DSC06343-300x192.jpg 300w, https:\/\/visualjournalism.de\/wp-content\/uploads\/DSC06343-1024x656.jpg 1024w, https:\/\/visualjournalism.de\/wp-content\/uploads\/DSC06343-1536x983.jpg 1536w, https:\/\/visualjournalism.de\/wp-content\/uploads\/DSC06343-2048x1311.jpg 2048w, https:\/\/visualjournalism.de\/wp-content\/uploads\/DSC06343-1920x1229.jpg 1920w, https:\/\/visualjournalism.de\/wp-content\/uploads\/DSC06343-1400x896.jpg 1400w, https:\/\/visualjournalism.de\/wp-content\/uploads\/DSC06343-1050x672.jpg 1050w, https:\/\/visualjournalism.de\/wp-content\/uploads\/DSC06343-670x429.jpg 670w, https:\/\/visualjournalism.de\/wp-content\/uploads\/DSC06343-420x269.jpg 420w, https:\/\/visualjournalism.de\/wp-content\/uploads\/DSC06343-350x224.jpg 350w, https:\/\/visualjournalism.de\/wp-content\/uploads\/DSC06343-150x96.jpg 150w\" \r\n                                    width=\"768\"  \r\n                                    height=\"492\" \r\n                                    alt=\"\"\r\n                                \/>\r\n                            <\/figure>\r\n\r\n                        \r\n                    \r\n                    <\/a>\r\n\r\n                <\/article><!--- .post-teaser-->\r\n\r\n            \r\n                <article class=\"post-teaser\">\r\n\r\n                    <a href=\"https:\/\/visualjournalism.de\/en\/magazine\/ratgeber\/polaroid-emulsion-grosse-kunst-mit-wenig-aufwand\/\" rel=\"permalink\">\r\n\r\n                        <div class=\"post-teaser__content\">\r\n\r\n                            <span class=\"entry-categories\">Ratgeber<\/span>\r\n                            <h3 class=\"post-teaser__headline\">\r\n                                Polaroid-Emulsion: Gro\u00dfe Kunst mit wenig Aufwand                            <\/h3>\r\n\r\n                            <div class=\"post-teaser__excerpt\">\r\n                                <p>Du bist gelangweilt von deinen Bildern? Hier erf\u00e4hrst du wie du kleine Kunstwerke entstehen lassen kannst!<\/p>\r\n                            <\/div>\r\n\r\n                        <\/div><!-- .post-teaser__content -->\r\n\r\n\r\n                        \r\n                            <figure class=\"post-teaser__image\">\r\n                                <img loading=\"lazy\" decoding=\"async\"  \r\n                                    src=\"https:\/\/visualjournalism.de\/wp-content\/uploads\/DSC5126-768x768.jpg\" \r\n                                    srcset=\"https:\/\/visualjournalism.de\/wp-content\/uploads\/DSC5126-768x768.jpg 768w, https:\/\/visualjournalism.de\/wp-content\/uploads\/DSC5126-300x300.jpg 300w, https:\/\/visualjournalism.de\/wp-content\/uploads\/DSC5126-1024x1024.jpg 1024w, https:\/\/visualjournalism.de\/wp-content\/uploads\/DSC5126-150x150.jpg 150w, https:\/\/visualjournalism.de\/wp-content\/uploads\/DSC5126-1536x1536.jpg 1536w, https:\/\/visualjournalism.de\/wp-content\/uploads\/DSC5126-1400x1400.jpg 1400w, https:\/\/visualjournalism.de\/wp-content\/uploads\/DSC5126-1050x1050.jpg 1050w, https:\/\/visualjournalism.de\/wp-content\/uploads\/DSC5126-670x670.jpg 670w, https:\/\/visualjournalism.de\/wp-content\/uploads\/DSC5126-420x420.jpg 420w, https:\/\/visualjournalism.de\/wp-content\/uploads\/DSC5126-350x350.jpg 350w, https:\/\/visualjournalism.de\/wp-content\/uploads\/DSC5126-52x52.jpg 52w, https:\/\/visualjournalism.de\/wp-content\/uploads\/DSC5126-68x68.jpg 68w, https:\/\/visualjournalism.de\/wp-content\/uploads\/DSC5126-96x96.jpg 96w, https:\/\/visualjournalism.de\/wp-content\/uploads\/DSC5126.jpg 1806w\" \r\n                                    width=\"768\"  \r\n                                    height=\"768\" \r\n                                    alt=\"\"\r\n                                \/>\r\n                            <\/figure>\r\n\r\n                        \r\n                    \r\n                    <\/a>\r\n\r\n                <\/article><!--- .post-teaser-->\r\n\r\n            \r\n        <\/div><!-- .teaser-grid -->\r\n\r\n\n\n\r\n\r\n\r\n\n\n\n    <div class=\"btn-wrapper has-spacing--m\">\n        <a class=\"btn\" href=\"https:\/\/visualjournalism.de\/magazin\/\" target=\"_blank\">ZUR MAGAZIN-STARTSEITE<\/a>\n    <\/div>\n<\/div>\n","protected":false},"author":28,"featured_media":20254,"template":"","tags":[144],"magazinkategorie":[154],"class_list":["post-20236","magazin","type-magazin","status-publish","has-post-thumbnail","hentry","tag-ideale","magazinkategorie-ideale"],"acf":[],"yoast_head":"<!-- This site is optimized with the Yoast SEO Premium plugin v27.3 (Yoast SEO v27.3) - https:\/\/yoast.com\/product\/yoast-seo-premium-wordpress\/ -->\n<title>Wie Najiba zur ersten afghanischen Drag Queen wurde &#8211; Visual Journalism and Documentary Photography<\/title>\n<meta name=\"description\" content=\"Aufgewachsen in einer konservativen afghanischen Familie, wird Najib wegen seiner Queerness misshandelt. Heute ist er ein Star bei TikTok.\" \/>\n<meta name=\"robots\" content=\"index, follow, max-snippet:-1, max-image-preview:large, max-video-preview:-1\" \/>\n<link rel=\"canonical\" href=\"https:\/\/visualjournalism.de\/en\/magazine\/ideale\/wie-najiba-zur-ersten-afghanischen-drag-queen-wurde\/\" \/>\n<meta property=\"og:locale\" content=\"en_US\" \/>\n<meta property=\"og:type\" content=\"article\" \/>\n<meta property=\"og:title\" content=\"Wie Najiba zur ersten afghanischen Drag Queen wurde\" \/>\n<meta property=\"og:description\" content=\"Aufgewachsen in einer konservativen afghanischen Familie, wird Najib wegen seiner Queerness misshandelt. Heute ist er ein Star bei TikTok.\" \/>\n<meta property=\"og:url\" content=\"https:\/\/visualjournalism.de\/en\/magazine\/ideale\/wie-najiba-zur-ersten-afghanischen-drag-queen-wurde\/\" \/>\n<meta property=\"og:site_name\" content=\"Visual Journalism and Documentary Photography\" \/>\n<meta property=\"article:publisher\" content=\"https:\/\/www.facebook.com\/people\/wwwfotostudentende\/100065173703897\/\" \/>\n<meta property=\"article:modified_time\" content=\"2025-01-09T12:29:10+00:00\" \/>\n<meta property=\"og:image\" content=\"https:\/\/visualjournalism.de\/wp-content\/uploads\/1_Armina-Ahmadinia-scaled.jpg\" \/>\n\t<meta property=\"og:image:width\" content=\"2560\" \/>\n\t<meta property=\"og:image:height\" content=\"1707\" \/>\n\t<meta property=\"og:image:type\" content=\"image\/jpeg\" \/>\n<meta name=\"twitter:card\" content=\"summary_large_image\" \/>\n<meta name=\"twitter:site\" content=\"@HsHannover\" \/>\n<meta name=\"twitter:label1\" content=\"Est. reading time\" \/>\n\t<meta name=\"twitter:data1\" content=\"3 minutes\" \/>\n<script type=\"application\/ld+json\" class=\"yoast-schema-graph\">{\"@context\":\"https:\\\/\\\/schema.org\",\"@graph\":[{\"@type\":\"WebPage\",\"@id\":\"https:\\\/\\\/visualjournalism.de\\\/en\\\/magazine\\\/ideale\\\/wie-najiba-zur-ersten-afghanischen-drag-queen-wurde\\\/\",\"url\":\"https:\\\/\\\/visualjournalism.de\\\/en\\\/magazine\\\/ideale\\\/wie-najiba-zur-ersten-afghanischen-drag-queen-wurde\\\/\",\"name\":\"Wie Najiba zur ersten afghanischen Drag Queen wurde &#8211; Visual Journalism and Documentary Photography\",\"isPartOf\":{\"@id\":\"https:\\\/\\\/visualjournalism.de\\\/en\\\/#website\"},\"primaryImageOfPage\":{\"@id\":\"https:\\\/\\\/visualjournalism.de\\\/en\\\/magazine\\\/ideale\\\/wie-najiba-zur-ersten-afghanischen-drag-queen-wurde\\\/#primaryimage\"},\"image\":{\"@id\":\"https:\\\/\\\/visualjournalism.de\\\/en\\\/magazine\\\/ideale\\\/wie-najiba-zur-ersten-afghanischen-drag-queen-wurde\\\/#primaryimage\"},\"thumbnailUrl\":\"https:\\\/\\\/visualjournalism.de\\\/wp-content\\\/uploads\\\/1_Armina-Ahmadinia-scaled.jpg\",\"datePublished\":\"2023-07-01T13:33:26+00:00\",\"dateModified\":\"2025-01-09T12:29:10+00:00\",\"description\":\"Aufgewachsen in einer konservativen afghanischen Familie, wird Najib wegen seiner Queerness misshandelt. Heute ist er ein Star bei TikTok.\",\"breadcrumb\":{\"@id\":\"https:\\\/\\\/visualjournalism.de\\\/en\\\/magazine\\\/ideale\\\/wie-najiba-zur-ersten-afghanischen-drag-queen-wurde\\\/#breadcrumb\"},\"inLanguage\":\"en-US\",\"potentialAction\":[{\"@type\":\"ReadAction\",\"target\":[\"https:\\\/\\\/visualjournalism.de\\\/en\\\/magazine\\\/ideale\\\/wie-najiba-zur-ersten-afghanischen-drag-queen-wurde\\\/\"]}]},{\"@type\":\"ImageObject\",\"inLanguage\":\"en-US\",\"@id\":\"https:\\\/\\\/visualjournalism.de\\\/en\\\/magazine\\\/ideale\\\/wie-najiba-zur-ersten-afghanischen-drag-queen-wurde\\\/#primaryimage\",\"url\":\"https:\\\/\\\/visualjournalism.de\\\/wp-content\\\/uploads\\\/1_Armina-Ahmadinia-scaled.jpg\",\"contentUrl\":\"https:\\\/\\\/visualjournalism.de\\\/wp-content\\\/uploads\\\/1_Armina-Ahmadinia-scaled.jpg\",\"width\":2560,\"height\":1707,\"caption\":\"Februar 2023, Hamburg, Dragqueen Najiba, gesehen in Nahaufnahme durch einen Schminkspiegel\"},{\"@type\":\"BreadcrumbList\",\"@id\":\"https:\\\/\\\/visualjournalism.de\\\/en\\\/magazine\\\/ideale\\\/wie-najiba-zur-ersten-afghanischen-drag-queen-wurde\\\/#breadcrumb\",\"itemListElement\":[{\"@type\":\"ListItem\",\"position\":1,\"name\":\"Home\",\"item\":\"https:\\\/\\\/visualjournalism.de\\\/en\\\/\"},{\"@type\":\"ListItem\",\"position\":2,\"name\":\"Magazin\",\"item\":\"https:\\\/\\\/visualjournalism.de\\\/en\\\/magazine\\\/\"},{\"@type\":\"ListItem\",\"position\":3,\"name\":\"Wie Najiba zur ersten afghanischen Drag Queen wurde\"}]},{\"@type\":\"WebSite\",\"@id\":\"https:\\\/\\\/visualjournalism.de\\\/en\\\/#website\",\"url\":\"https:\\\/\\\/visualjournalism.de\\\/en\\\/\",\"name\":\"Visual Journalism and Documentary Photography\",\"description\":\"All about the bilingual bachelor&#039;s program at Hannover University of Applied Sciences and Arts.\",\"publisher\":{\"@id\":\"https:\\\/\\\/visualjournalism.de\\\/en\\\/#organization\"},\"alternateName\":\"visualjournalism.de\",\"potentialAction\":[{\"@type\":\"SearchAction\",\"target\":{\"@type\":\"EntryPoint\",\"urlTemplate\":\"https:\\\/\\\/visualjournalism.de\\\/en\\\/?s={search_term_string}\"},\"query-input\":{\"@type\":\"PropertyValueSpecification\",\"valueRequired\":true,\"valueName\":\"search_term_string\"}}],\"inLanguage\":\"en-US\"},{\"@type\":\"Organization\",\"@id\":\"https:\\\/\\\/visualjournalism.de\\\/en\\\/#organization\",\"name\":\"Hochschule Hannover \u2013 University of Applied Sciences and Arts\",\"alternateName\":\"HsH\",\"url\":\"https:\\\/\\\/visualjournalism.de\\\/en\\\/\",\"logo\":{\"@type\":\"ImageObject\",\"inLanguage\":\"en-US\",\"@id\":\"https:\\\/\\\/visualjournalism.de\\\/en\\\/#\\\/schema\\\/logo\\\/image\\\/\",\"url\":\"https:\\\/\\\/visualjournalism.de\\\/wp-content\\\/uploads\\\/logo-hochschule-hannover.png\",\"contentUrl\":\"https:\\\/\\\/visualjournalism.de\\\/wp-content\\\/uploads\\\/logo-hochschule-hannover.png\",\"width\":363,\"height\":270,\"caption\":\"Hochschule Hannover \u2013 University of Applied Sciences and Arts\"},\"image\":{\"@id\":\"https:\\\/\\\/visualjournalism.de\\\/en\\\/#\\\/schema\\\/logo\\\/image\\\/\"},\"sameAs\":[\"https:\\\/\\\/www.facebook.com\\\/people\\\/wwwfotostudentende\\\/100065173703897\\\/\",\"https:\\\/\\\/x.com\\\/HsHannover\",\"https:\\\/\\\/www.instagram.com\\\/visualjournalism.de\\\/\"]}]}<\/script>\n<!-- \/ Yoast SEO Premium plugin. -->","yoast_head_json":{"title":"Wie Najiba zur ersten afghanischen Drag Queen wurde &#8211; Visual Journalism and Documentary Photography","description":"Aufgewachsen in einer konservativen afghanischen Familie, wird Najib wegen seiner Queerness misshandelt. Heute ist er ein Star bei TikTok.","robots":{"index":"index","follow":"follow","max-snippet":"max-snippet:-1","max-image-preview":"max-image-preview:large","max-video-preview":"max-video-preview:-1"},"canonical":"https:\/\/visualjournalism.de\/en\/magazine\/ideale\/wie-najiba-zur-ersten-afghanischen-drag-queen-wurde\/","og_locale":"en_US","og_type":"article","og_title":"Wie Najiba zur ersten afghanischen Drag Queen wurde","og_description":"Aufgewachsen in einer konservativen afghanischen Familie, wird Najib wegen seiner Queerness misshandelt. Heute ist er ein Star bei TikTok.","og_url":"https:\/\/visualjournalism.de\/en\/magazine\/ideale\/wie-najiba-zur-ersten-afghanischen-drag-queen-wurde\/","og_site_name":"Visual Journalism and Documentary Photography","article_publisher":"https:\/\/www.facebook.com\/people\/wwwfotostudentende\/100065173703897\/","article_modified_time":"2025-01-09T12:29:10+00:00","og_image":[{"width":2560,"height":1707,"url":"https:\/\/visualjournalism.de\/wp-content\/uploads\/1_Armina-Ahmadinia-scaled.jpg","type":"image\/jpeg"}],"twitter_card":"summary_large_image","twitter_site":"@HsHannover","twitter_misc":{"Est. reading time":"3 minutes"},"schema":{"@context":"https:\/\/schema.org","@graph":[{"@type":"WebPage","@id":"https:\/\/visualjournalism.de\/en\/magazine\/ideale\/wie-najiba-zur-ersten-afghanischen-drag-queen-wurde\/","url":"https:\/\/visualjournalism.de\/en\/magazine\/ideale\/wie-najiba-zur-ersten-afghanischen-drag-queen-wurde\/","name":"Wie Najiba zur ersten afghanischen Drag Queen wurde &#8211; Visual Journalism and Documentary Photography","isPartOf":{"@id":"https:\/\/visualjournalism.de\/en\/#website"},"primaryImageOfPage":{"@id":"https:\/\/visualjournalism.de\/en\/magazine\/ideale\/wie-najiba-zur-ersten-afghanischen-drag-queen-wurde\/#primaryimage"},"image":{"@id":"https:\/\/visualjournalism.de\/en\/magazine\/ideale\/wie-najiba-zur-ersten-afghanischen-drag-queen-wurde\/#primaryimage"},"thumbnailUrl":"https:\/\/visualjournalism.de\/wp-content\/uploads\/1_Armina-Ahmadinia-scaled.jpg","datePublished":"2023-07-01T13:33:26+00:00","dateModified":"2025-01-09T12:29:10+00:00","description":"Aufgewachsen in einer konservativen afghanischen Familie, wird Najib wegen seiner Queerness misshandelt. Heute ist er ein Star bei TikTok.","breadcrumb":{"@id":"https:\/\/visualjournalism.de\/en\/magazine\/ideale\/wie-najiba-zur-ersten-afghanischen-drag-queen-wurde\/#breadcrumb"},"inLanguage":"en-US","potentialAction":[{"@type":"ReadAction","target":["https:\/\/visualjournalism.de\/en\/magazine\/ideale\/wie-najiba-zur-ersten-afghanischen-drag-queen-wurde\/"]}]},{"@type":"ImageObject","inLanguage":"en-US","@id":"https:\/\/visualjournalism.de\/en\/magazine\/ideale\/wie-najiba-zur-ersten-afghanischen-drag-queen-wurde\/#primaryimage","url":"https:\/\/visualjournalism.de\/wp-content\/uploads\/1_Armina-Ahmadinia-scaled.jpg","contentUrl":"https:\/\/visualjournalism.de\/wp-content\/uploads\/1_Armina-Ahmadinia-scaled.jpg","width":2560,"height":1707,"caption":"Februar 2023, Hamburg, Dragqueen Najiba, gesehen in Nahaufnahme durch einen Schminkspiegel"},{"@type":"BreadcrumbList","@id":"https:\/\/visualjournalism.de\/en\/magazine\/ideale\/wie-najiba-zur-ersten-afghanischen-drag-queen-wurde\/#breadcrumb","itemListElement":[{"@type":"ListItem","position":1,"name":"Home","item":"https:\/\/visualjournalism.de\/en\/"},{"@type":"ListItem","position":2,"name":"Magazin","item":"https:\/\/visualjournalism.de\/en\/magazine\/"},{"@type":"ListItem","position":3,"name":"Wie Najiba zur ersten afghanischen Drag Queen wurde"}]},{"@type":"WebSite","@id":"https:\/\/visualjournalism.de\/en\/#website","url":"https:\/\/visualjournalism.de\/en\/","name":"Visual Journalism and Documentary Photography","description":"All about the bilingual bachelor&#039;s program at Hannover University of Applied Sciences and Arts.","publisher":{"@id":"https:\/\/visualjournalism.de\/en\/#organization"},"alternateName":"visualjournalism.de","potentialAction":[{"@type":"SearchAction","target":{"@type":"EntryPoint","urlTemplate":"https:\/\/visualjournalism.de\/en\/?s={search_term_string}"},"query-input":{"@type":"PropertyValueSpecification","valueRequired":true,"valueName":"search_term_string"}}],"inLanguage":"en-US"},{"@type":"Organization","@id":"https:\/\/visualjournalism.de\/en\/#organization","name":"Hochschule Hannover \u2013 University of Applied Sciences and Arts","alternateName":"HsH","url":"https:\/\/visualjournalism.de\/en\/","logo":{"@type":"ImageObject","inLanguage":"en-US","@id":"https:\/\/visualjournalism.de\/en\/#\/schema\/logo\/image\/","url":"https:\/\/visualjournalism.de\/wp-content\/uploads\/logo-hochschule-hannover.png","contentUrl":"https:\/\/visualjournalism.de\/wp-content\/uploads\/logo-hochschule-hannover.png","width":363,"height":270,"caption":"Hochschule Hannover \u2013 University of Applied Sciences and Arts"},"image":{"@id":"https:\/\/visualjournalism.de\/en\/#\/schema\/logo\/image\/"},"sameAs":["https:\/\/www.facebook.com\/people\/wwwfotostudentende\/100065173703897\/","https:\/\/x.com\/HsHannover","https:\/\/www.instagram.com\/visualjournalism.de\/"]}]}},"_links":{"self":[{"href":"https:\/\/visualjournalism.de\/en\/wp-json\/wp\/v2\/magazin\/20236","targetHints":{"allow":["GET"]}}],"collection":[{"href":"https:\/\/visualjournalism.de\/en\/wp-json\/wp\/v2\/magazin"}],"about":[{"href":"https:\/\/visualjournalism.de\/en\/wp-json\/wp\/v2\/types\/magazin"}],"author":[{"embeddable":true,"href":"https:\/\/visualjournalism.de\/en\/wp-json\/wp\/v2\/users\/28"}],"version-history":[{"count":0,"href":"https:\/\/visualjournalism.de\/en\/wp-json\/wp\/v2\/magazin\/20236\/revisions"}],"wp:featuredmedia":[{"embeddable":true,"href":"https:\/\/visualjournalism.de\/en\/wp-json\/wp\/v2\/media\/20254"}],"wp:attachment":[{"href":"https:\/\/visualjournalism.de\/en\/wp-json\/wp\/v2\/media?parent=20236"}],"wp:term":[{"taxonomy":"post_tag","embeddable":true,"href":"https:\/\/visualjournalism.de\/en\/wp-json\/wp\/v2\/tags?post=20236"},{"taxonomy":"magazinkategorie","embeddable":true,"href":"https:\/\/visualjournalism.de\/en\/wp-json\/wp\/v2\/magazinkategorie?post=20236"}],"curies":[{"name":"wp","href":"https:\/\/api.w.org\/{rel}","templated":true}]}}