{"id":20451,"date":"2023-06-06T12:10:46","date_gmt":"2023-06-06T12:10:46","guid":{"rendered":"https:\/\/visualjournalism.de\/?p=20451"},"modified":"2023-09-07T19:53:41","modified_gmt":"2023-09-07T19:53:41","slug":"fuer-meine-eltern-war-klar-das-akademische-steht-im-vordergrund","status":"publish","type":"magazin","link":"https:\/\/visualjournalism.de\/en\/magazine\/ideale\/fuer-meine-eltern-war-klar-das-akademische-steht-im-vordergrund\/","title":{"rendered":"F\u00fcr meine Eltern war klar: Das Akademische steht im Vordergrund"},"content":{"rendered":"\r\n<div class=\"cover--lead-in has-spacing--m\">\r\n\r\n    \r\n    <div class=\"cover--lead-in__content typo--tiempos\">\r\n\r\n        <div class=\"entry-categories\">\n\t<a class=\"post__tag\" href=\"https:\/\/visualjournalism.de\/magazin-kategorie\/ideale\/\" rel=\"category tag\">Ideale<\/a><\/div>\r\n        <h2 class=\"cover--lead-in__headline \">\r\n            Das Akademische stand im Vordergrund        <\/h2>\r\n\r\n                    <div class=\"cover--lead-in__text\">\r\n                <p>Wenn sich Ideale von Eltern und Kinder unterscheiden. Wie eine junge Medizinstudentin mit dem Druck zu Hause umgeht. Von <strong><a href=\"https:\/\/visualjournalism.de\/en\/moritz-hartenstein\/\" target=\"_blank\" rel=\"noopener\">Moritz Hartenstein<\/a><\/strong><\/p>\n            <\/div>\r\n        \r\n                    <div class=\"cover--lead-in__author\">\r\n                \r\n                    \r\n                            <figure class=\"cover--lead-in__author__image\">\r\n\r\n                                                                    <a href=\"http:\/\/visualjournalism.de\/moritz-hartenstein\/\" target=\"\">\r\n                                \r\n                                <img loading=\"lazy\" decoding=\"async\"\r\n                                    src=\"https:\/\/visualjournalism.de\/wp-content\/uploads\/DSC2515-5-68x68.jpg\"\r\n                                    srcset=\"https:\/\/visualjournalism.de\/wp-content\/uploads\/DSC2515-5-68x68.jpg 68w, https:\/\/visualjournalism.de\/wp-content\/uploads\/DSC2515-5-300x300.jpg 300w, https:\/\/visualjournalism.de\/wp-content\/uploads\/DSC2515-5-1024x1024.jpg 1024w, https:\/\/visualjournalism.de\/wp-content\/uploads\/DSC2515-5-150x150.jpg 150w, https:\/\/visualjournalism.de\/wp-content\/uploads\/DSC2515-5-768x768.jpg 768w, https:\/\/visualjournalism.de\/wp-content\/uploads\/DSC2515-5-1536x1536.jpg 1536w, https:\/\/visualjournalism.de\/wp-content\/uploads\/DSC2515-5-2048x2048.jpg 2048w, https:\/\/visualjournalism.de\/wp-content\/uploads\/DSC2515-5-1920x1920.jpg 1920w, https:\/\/visualjournalism.de\/wp-content\/uploads\/DSC2515-5-1400x1400.jpg 1400w, https:\/\/visualjournalism.de\/wp-content\/uploads\/DSC2515-5-1050x1050.jpg 1050w, https:\/\/visualjournalism.de\/wp-content\/uploads\/DSC2515-5-670x670.jpg 670w, https:\/\/visualjournalism.de\/wp-content\/uploads\/DSC2515-5-420x420.jpg 420w, https:\/\/visualjournalism.de\/wp-content\/uploads\/DSC2515-5-350x350.jpg 350w, https:\/\/visualjournalism.de\/wp-content\/uploads\/DSC2515-5-52x52.jpg 52w, https:\/\/visualjournalism.de\/wp-content\/uploads\/DSC2515-5-96x96.jpg 96w\"\r\n                                    width=\"68\"\r\n                                    height=\"68\"\r\n                                    alt=\"\"\r\n                                \/>\r\n\r\n                                                                    <\/a>\r\n                                \r\n                            <\/figure>\r\n\r\n                                    <\/div><!-- .cover--lead-in__author -->\r\n        \r\n    <\/div><!-- .cover--lead-in__content -->\r\n\r\n    \r\n        <figure class=\"cover--lead-in__image cover--lead-in__media cover--lead-in__media--image\">\r\n            <img loading=\"lazy\" decoding=\"async\"\r\n                src=\"https:\/\/visualjournalism.de\/wp-content\/uploads\/akademier-eltern-dunkel-1920x1100.jpg\"\r\n                srcset=\"https:\/\/visualjournalism.de\/wp-content\/uploads\/akademier-eltern-dunkel-1920x1100.jpg 1920w, https:\/\/visualjournalism.de\/wp-content\/uploads\/akademier-eltern-dunkel-300x172.jpg 300w, https:\/\/visualjournalism.de\/wp-content\/uploads\/akademier-eltern-dunkel-1024x586.jpg 1024w, https:\/\/visualjournalism.de\/wp-content\/uploads\/akademier-eltern-dunkel-768x440.jpg 768w, https:\/\/visualjournalism.de\/wp-content\/uploads\/akademier-eltern-dunkel-1536x880.jpg 1536w, https:\/\/visualjournalism.de\/wp-content\/uploads\/akademier-eltern-dunkel-2048x1173.jpg 2048w, https:\/\/visualjournalism.de\/wp-content\/uploads\/akademier-eltern-dunkel-1400x802.jpg 1400w, https:\/\/visualjournalism.de\/wp-content\/uploads\/akademier-eltern-dunkel-1050x601.jpg 1050w, https:\/\/visualjournalism.de\/wp-content\/uploads\/akademier-eltern-dunkel-670x384.jpg 670w, https:\/\/visualjournalism.de\/wp-content\/uploads\/akademier-eltern-dunkel-420x241.jpg 420w, https:\/\/visualjournalism.de\/wp-content\/uploads\/akademier-eltern-dunkel-350x200.jpg 350w, https:\/\/visualjournalism.de\/wp-content\/uploads\/akademier-eltern-dunkel-150x86.jpg 150w\"\r\n                width=\"1920\"\r\n                height=\"1100\"\r\n                alt=\"\"\r\n                style=\"object-position: 50.67% 92.44%\"\r\n            \/>\r\n        <\/figure>\r\n\r\n        \r\n    \r\n<\/div><!-- .cover--lead-in -->\r\n\r\n\n\n\n<p class=\"post__paragraph has-spacing--m\"><strong>Studieren, arbeiten, Karriere machen: <\/strong>Medizinstudentin Clara Springer (24) spricht im Interview \u00fcber den Umgang mit den hohen Erwartungen ihrer Eltern. Au\u00dferdem erkl\u00e4rt sie, wie sie es geschafft hat, mit dem Druck umzugehen. <\/p>\n\n\n\n<div class=\"tableau has-spacing--m\">\n\t\n\n<div class=\"tableau__column--left\">\n    \n\n<p class=\"post__paragraph is-style-typo--soehne has-spacing--default\"><strong>Clara, wie ist das Verh\u00e4ltnis zu deinen Eltern?<\/strong><\/p>\n\n\n<\/div>\n\n\n<div class=\"tableau__column--right\">\n    \n\n<p class=\"post__paragraph has-spacing--default\">Wir hatten eigentlich immer ein gutes Verh\u00e4ltnis, gerade, als ich noch zu Hause gewohnt habe. Seitdem ich ausgezogen bin und meine eigenen Pl\u00e4ne verfolge, hat sich das ein kleines bisschen distanziert. Insgesamt habe ich aber ein freundschaftliches Verh\u00e4ltnis zu meinen Eltern.<\/p>\n\n\n<\/div>\n<\/div>\n\n\n<div class=\"tableau has-spacing--m\">\n\t\n\n<div class=\"tableau__column--left\">\n    \n\n<p class=\"post__paragraph is-style-typo--soehne has-spacing--default\"><strong>Was sind deine Ideale im Vergleich zu denen deiner Eltern?<\/strong><\/p>\n\n\n<\/div>\n\n\n<div class=\"tableau__column--right\">\n    \n\n<p class=\"post__paragraph has-spacing--default\">Meine Eltern haben schon das Ideal der Zufriedenheit, das ist aber sehr akademisch gepr\u00e4gt und auf Erfolg im klassischen Karriere-Sinn ausgelegt. Meine Ideale beziehen sich eher auf den pers\u00f6nlichen Bereich. Ich will zufrieden sein und auf mein Bauchgef\u00fchl h\u00f6ren \u2013 auch wenn der Weg dann nicht immer gradlinig ist.<\/p>\n\n\n<\/div>\n<\/div>\n\n\n<div class=\"tableau has-spacing--m\">\n\t\n\n<div class=\"tableau__column--left\">\n    \n\n<p class=\"post__paragraph is-style-typo--soehne has-spacing--default\"><strong>War deine Zukunft oft ein Thema?<\/strong><\/p>\n\n\n<\/div>\n\n\n<div class=\"tableau__column--right\">\n    \n\n<p class=\"post__paragraph has-spacing--default\">Es war schon oft ein Thema, was ich eigentlich mit meinem Leben anfangen m\u00f6chte. F\u00fcr meine Eltern war immer klar, dass das Akademische im Vordergrund steht. Viel weniger dagegen andere Aspekte, die zum Leben dazugeh\u00f6ren, beispielsweise Soziales. F\u00fcr meine Eltern ist klar, dass die Zufriedenheit zu 100 Prozent davon abh\u00e4ngt, wie hoch man auf der Karriereleiter kommt.<\/p>\n\n\n<\/div>\n<\/div>\n\n\n \n    \n    <div id=\"quote-block_d68407e0725a349ea03a636c85cd05a1\" class=\"block-quote has-spacing--m\">\n        <figure class=\"quote\">\n            <blockquote>\n                <p>Ach, willst du nicht doch noch die Bewerbung f\u00fcr Medizin ausf\u00fcllen?<\/p>\n            <\/blockquote>\n\n            <figcaption>\n\n                            <span><\/span>\n            <\/figcaption>\n            \n        <\/figure>\n    <\/div>\n\n\n\n\n<div class=\"tableau has-spacing--m\">\n\t\n\n<div class=\"tableau__column--left\">\n    \n\n<p class=\"post__paragraph is-style-typo--soehne has-spacing--default\"><strong>Hast du dich unter Druck gesetzt gef\u00fchlt?<\/strong><\/p>\n\n\n<\/div>\n\n\n<div class=\"tableau__column--right\">\n    \n\n<p class=\"post__paragraph has-spacing--default\">Meine Eltern haben mich nie bewusst unter Druck gesetzt und meinten auch immer, dass ich mich frei entfalten solle. Es kam aber immer wieder durch, dass sie schon gewisse Erwartungen haben, beispielsweise was meine Zielstrebigkeit oder mein Arbeitspensum angeht. Die Selbstverst\u00e4ndlichkeit, dass ich doch um jeden Preis auf einen guten Job hinarbeiten m\u00fcsse, hat mich teilweise unter Druck gesetzt.<\/p>\n\n\n<\/div>\n<\/div>\n\n\n<div class=\"tableau has-spacing--m\">\n\t\n\n<div class=\"tableau__column--left\">\n    \n\n<p class=\"post__paragraph is-style-typo--soehne has-spacing--default\"><strong>Hattest du wegen den unterschiedlichen Idealen oft Streit mit deinen Eltern, wenn es um deine Zukunft ging?<\/strong><\/p>\n\n\n<\/div>\n\n\n<div class=\"tableau__column--right\">\n    \n\n<p class=\"post__paragraph has-spacing--default\">Es ist absurd, aber als ich mich in meiner Doktorarbeit ein bisschen vom Themenfeld distanziert habe, in dem mein Vater arbeitet, war er sehr entt\u00e4uscht. Ich habe mich auch gegen einige Praktika entschieden, weil es mir zu stressig war. Das Ideal, ich m\u00fcsse mein ganzes Leben in diese Ausbildung stecken, war ein Grund, warum wir ein paarmal aneinandergeraten sind. Einfach weil ich andere Priorit\u00e4ten hatte.<\/p>\n\n\n<\/div>\n<\/div>\n\n\n<div class=\"tableau has-spacing--m\">\n\t\n\n<div class=\"tableau__column--left\">\n    \n\n<p class=\"post__paragraph is-style-typo--soehne has-spacing--default\"><strong>Hast du abschlie\u00dfend ein paar Tipps f\u00fcr Menschen, die viel Druck von ihren Eltern versp\u00fcren?<\/strong><\/p>\n\n\n<\/div>\n\n\n<div class=\"tableau__column--right\">\n    \n\n<p class=\"post__paragraph has-spacing--default\">Ich empfehle auf jeden Fall, mit vielen anderen \u00fcber Zukunft zu sprechen, vor allem auch mit Gleichaltrigen. Dabei w\u00fcrde ich \u00fcber das Berufliche hinausgehen. Man kann auch mit anderen Erwachsenen \u00fcber ihren Werdegang sprechen. Dabei ist mir damals aufgefallen, dass es so viele Menschen gibt, die keinen gradlinigen Weg gegangen sind und dass vieles vom Zufall abh\u00e4ngig ist. Ich finde es super wichtig, auf das Bauchgef\u00fchl zu h\u00f6ren und sich verschiedene Lebensentw\u00fcrfe vor Augen zu halten und eben nicht nur diesen einen, mit dem man aufgewachsen ist.<\/p>\n\n\n<\/div>\n<\/div>\n\n\n<div class=\"tableau has-spacing--m\">\n\t\n\n<div class=\"tableau__column--left\">\n    \n\n<p class=\"post__paragraph is-style-typo--soehne has-spacing--default\"><strong>Welchen Einfluss hatten deine Eltern auf deine Entscheidung, Medizin zu studieren?<\/strong><\/p>\n\n\n<\/div>\n\n\n<div class=\"tableau__column--right\">\n    \n\n<p class=\"post__paragraph has-spacing--default\">Ehrlicherweise hatte ich mich schon f\u00fcr andere Studieng\u00e4nge beworben, meine Mutter meinte dann im letzten Moment: \u00abAch, willst du nicht doch noch die Bewerbung f\u00fcr Medizin ausf\u00fcllen?\u00bb So bin ich dann reingekommen und dachte mir, dass ich mir das mal anschauen will. So hat das Ganze seinen Lauf genommen.&nbsp;<\/p>\n\n\n<\/div>\n<\/div>\n\n\n<div class=\"tableau has-spacing--m\">\n\t\n\n<div class=\"tableau__column--left\">\n    \n\n<p class=\"post__paragraph is-style-typo--soehne has-spacing--default\"><strong>Wenn du die Zeit zur\u00fcckdrehen k\u00f6nntest, w\u00fcrdest du nach dem Abitur einen anderen Weg einschlagen?<\/strong><\/p>\n\n\n<\/div>\n\n\n<div class=\"tableau__column--right\">\n    \n\n<p class=\"post__paragraph has-spacing--default\">M\u00f6glicherweise ja. Ich habe mich damit auseinandergesetzt, welche Ideale ich von zu Hause mitbekommen habe und was sich in den letzten Jahren bei mir entwickelt hat. Ich finde, zwischen 18 und 24 tut sich in der Pers\u00f6nlichkeitsentwicklung viel und die Frage \u00abWas brauche ich eigentlich, um zufrieden zu sein\u00bb r\u00fcckt immer weiter in den Vordergrund. Ich habe schon gemerkt, dass der Job der \u00c4rztin zu stressig ist. Ob ich das auf Dauer kann, wei\u00df ich nicht. Es ist jetzt der Weg, den ich eingeschlagen habe, und ich glaube, ich werde darin auch gl\u00fccklich sein. Gerade der soziale Aspekt ist sehr sch\u00f6n. Mit dem Wissen, das ich jetzt habe, w\u00fcrde ich aber m\u00f6glicherweise schon etwas anderes machen.<\/p>\n\n\n<\/div>\n<\/div>\n\n\n<p class=\"post__paragraph is-style-typo--soehne has-spacing--default\"><sup><sub>Die Illustration wurde mit Adobe Firefly erstellt. Prompt: \u00abAkademiker-Eltern, die hohe Erwartungen an ihre Tochter haben, dunkler Hintergrund\u00bb<\/sub><\/sup><\/p>\n\n\n\n<div class=\"devider has-spacing--none\">\n    <hr>\n<\/div>\n\n\n \n\n    <div id=\"lead-in-block_e812d95ea24d2ea6c12f3f2e9b14f93a\" class=\"block-lead-in typo--default font-size--xl has-spacing--s width--default\">\n        <p><strong>Empfehlungen f\u00fcr dich:<\/strong><\/p>\n    <\/div>\n\n\n\n\r\n\r\n\r\n\r\n        <div class=\"teaser-grid grid-layout--3col has-spacing--m width--inline\">\r\n            \r\n                \r\n                <article class=\"post-teaser\">\r\n\r\n                    \r\n                        <a href=\"https:\/\/visualjournalism.de\/en\/magazine\/ideale\/ideale-in-der-familie-nein-mama-und-papa-ich-werde-keine-arztin\/\">\r\n\r\n                    \r\n                        <div class=\"post-teaser__content\">\r\n\r\n                            <span class=\"entry-categories\">Ideale<\/span>\r\n                            <h3 class=\"post-teaser__headline\">\r\n                                Nein Mama und Papa, ich werde keine \u00c4rztin!                            <\/h3>\r\n\r\n                            <div class=\"post-teaser__excerpt\">\r\n                                <p>\r\n                                    Wenn Eltern versuchen, ihre eigenen Ideale auf ihre Kinder zu projizieren. Ein Gespr\u00e4ch mit der Autorin Ulrike Bartholom\u00e4us.                                <\/p>\r\n                            <\/div>\r\n\r\n                        <\/div><!-- .post-teaser__content -->\r\n                \r\n\r\n                        \r\n                        <figure class=\"post-teaser__image\">\r\n\r\n                        <img loading=\"lazy\" decoding=\"async\"  \r\n                            src=\"https:\/\/visualjournalism.de\/wp-content\/uploads\/ulrike-bartholomaeus-72dpi-768x487.jpg\" \r\n                            srcset=\"https:\/\/visualjournalism.de\/wp-content\/uploads\/ulrike-bartholomaeus-72dpi-768x487.jpg 768w, https:\/\/visualjournalism.de\/wp-content\/uploads\/ulrike-bartholomaeus-72dpi-300x190.jpg 300w, https:\/\/visualjournalism.de\/wp-content\/uploads\/ulrike-bartholomaeus-72dpi-1024x649.jpg 1024w, https:\/\/visualjournalism.de\/wp-content\/uploads\/ulrike-bartholomaeus-72dpi-1536x973.jpg 1536w, https:\/\/visualjournalism.de\/wp-content\/uploads\/ulrike-bartholomaeus-72dpi-1400x887.jpg 1400w, https:\/\/visualjournalism.de\/wp-content\/uploads\/ulrike-bartholomaeus-72dpi-1050x665.jpg 1050w, https:\/\/visualjournalism.de\/wp-content\/uploads\/ulrike-bartholomaeus-72dpi-670x425.jpg 670w, https:\/\/visualjournalism.de\/wp-content\/uploads\/ulrike-bartholomaeus-72dpi-420x266.jpg 420w, https:\/\/visualjournalism.de\/wp-content\/uploads\/ulrike-bartholomaeus-72dpi-350x222.jpg 350w, https:\/\/visualjournalism.de\/wp-content\/uploads\/ulrike-bartholomaeus-72dpi-150x95.jpg 150w, https:\/\/visualjournalism.de\/wp-content\/uploads\/ulrike-bartholomaeus-72dpi.jpg 1600w\" \r\n                            width=\"768\"  \r\n                            height=\"487\" \r\n                            alt=\"\" \r\n                            style=\"object-position: 50% 50%\"\r\n                            \/>\r\n\r\n                        <\/figure>\r\n                                            \r\n                     \r\n                    <\/a>\r\n                                        \r\n                <\/article><!--- .post-teaser-->\r\n\r\n                \r\n            \r\n                \r\n                <article class=\"post-teaser\">\r\n\r\n                    \r\n                        <a href=\"https:\/\/visualjournalism.de\/en\/magazine\/ideale\/wie-meine-ideale-mich-in-die-magersucht-fuhrten\/\">\r\n\r\n                    \r\n                        <div class=\"post-teaser__content\">\r\n\r\n                            <span class=\"entry-categories\">Ideale<\/span>\r\n                            <h3 class=\"post-teaser__headline\">\r\n                                Wie meine Ideale mich in die Magersucht f\u00fchrten                            <\/h3>\r\n\r\n                            <div class=\"post-teaser__excerpt\">\r\n                                <p>\r\n                                    Schon im Kindergarten f\u00fchlte sich unsere Autorin nicht besonders sportlich. Dass sie jemals so krank werden w\u00fcrde, h\u00e4tte sie nie gedacht.                                <\/p>\r\n                            <\/div>\r\n\r\n                        <\/div><!-- .post-teaser__content -->\r\n                \r\n\r\n                        \r\n                        <figure class=\"post-teaser__image\">\r\n\r\n                        <img loading=\"lazy\" decoding=\"async\"  \r\n                            src=\"https:\/\/visualjournalism.de\/wp-content\/uploads\/magersucht1-768x439.jpg\" \r\n                            srcset=\"https:\/\/visualjournalism.de\/wp-content\/uploads\/magersucht1-768x439.jpg 768w, https:\/\/visualjournalism.de\/wp-content\/uploads\/magersucht1-300x172.jpg 300w, https:\/\/visualjournalism.de\/wp-content\/uploads\/magersucht1-1024x586.jpg 1024w, https:\/\/visualjournalism.de\/wp-content\/uploads\/magersucht1-1536x879.jpg 1536w, https:\/\/visualjournalism.de\/wp-content\/uploads\/magersucht1-1400x801.jpg 1400w, https:\/\/visualjournalism.de\/wp-content\/uploads\/magersucht1-1050x601.jpg 1050w, https:\/\/visualjournalism.de\/wp-content\/uploads\/magersucht1-670x383.jpg 670w, https:\/\/visualjournalism.de\/wp-content\/uploads\/magersucht1-420x240.jpg 420w, https:\/\/visualjournalism.de\/wp-content\/uploads\/magersucht1-350x200.jpg 350w, https:\/\/visualjournalism.de\/wp-content\/uploads\/magersucht1-150x86.jpg 150w, https:\/\/visualjournalism.de\/wp-content\/uploads\/magersucht1.jpg 1888w\" \r\n                            width=\"768\"  \r\n                            height=\"439\" \r\n                            alt=\"\" \r\n                            style=\"object-position: 50% 50%\"\r\n                            \/>\r\n\r\n                        <\/figure>\r\n                                            \r\n                     \r\n                    <\/a>\r\n                                        \r\n                <\/article><!--- .post-teaser-->\r\n\r\n                \r\n            \r\n                \r\n                <article class=\"post-teaser\">\r\n\r\n                    \r\n                        <a href=\"https:\/\/visualjournalism.de\/en\/magazine\/ideale\/ohne-lernen-zum-erfolg\/\">\r\n\r\n                    \r\n                        <div class=\"post-teaser__content\">\r\n\r\n                            <span class=\"entry-categories\">Ideale<\/span>\r\n                            <h3 class=\"post-teaser__headline\">\r\n                                Ohne Lernen zum Erfolg?                            <\/h3>\r\n\r\n                            <div class=\"post-teaser__excerpt\">\r\n                                <p>\r\n                                    Wie eine Erziehung ohne Autorit\u00e4t l\u00e4uft.                                 <\/p>\r\n                            <\/div>\r\n\r\n                        <\/div><!-- .post-teaser__content -->\r\n                \r\n\r\n                        \r\n                        <figure class=\"post-teaser__image\">\r\n\r\n                        <img loading=\"lazy\" decoding=\"async\"  \r\n                            src=\"https:\/\/visualjournalism.de\/wp-content\/uploads\/LD8B0179_kl-2-768x512.jpg\" \r\n                            srcset=\"https:\/\/visualjournalism.de\/wp-content\/uploads\/LD8B0179_kl-2-768x512.jpg 768w, https:\/\/visualjournalism.de\/wp-content\/uploads\/LD8B0179_kl-2-300x200.jpg 300w, https:\/\/visualjournalism.de\/wp-content\/uploads\/LD8B0179_kl-2-1024x683.jpg 1024w, https:\/\/visualjournalism.de\/wp-content\/uploads\/LD8B0179_kl-2-1400x933.jpg 1400w, https:\/\/visualjournalism.de\/wp-content\/uploads\/LD8B0179_kl-2-1050x700.jpg 1050w, https:\/\/visualjournalism.de\/wp-content\/uploads\/LD8B0179_kl-2-670x447.jpg 670w, https:\/\/visualjournalism.de\/wp-content\/uploads\/LD8B0179_kl-2-420x280.jpg 420w, https:\/\/visualjournalism.de\/wp-content\/uploads\/LD8B0179_kl-2-350x233.jpg 350w, https:\/\/visualjournalism.de\/wp-content\/uploads\/LD8B0179_kl-2-150x100.jpg 150w, https:\/\/visualjournalism.de\/wp-content\/uploads\/LD8B0179_kl-2.jpg 1500w\" \r\n                            width=\"768\"  \r\n                            height=\"512\" \r\n                            alt=\"\" \r\n                            style=\"object-position: 17.15% 82.81%\"\r\n                            \/>\r\n\r\n                        <\/figure>\r\n                                            \r\n                     \r\n                    <\/a>\r\n                                        \r\n                <\/article><!--- .post-teaser-->\r\n\r\n                        <\/div><!-- .teaser-grid -->\r\n\r\n    ","protected":false},"author":25,"featured_media":26817,"template":"","tags":[],"magazinkategorie":[154],"class_list":["post-20451","magazin","type-magazin","status-publish","has-post-thumbnail","hentry","magazinkategorie-ideale"],"acf":[],"yoast_head":"<!-- This site is optimized with the Yoast SEO Premium plugin v27.3 (Yoast SEO v27.3) - https:\/\/yoast.com\/product\/yoast-seo-premium-wordpress\/ -->\n<title>F\u00fcr meine Eltern war klar: Das Akademische steht im Vordergrund &#8211; Visual Journalism and Documentary Photography<\/title>\n<meta name=\"robots\" content=\"index, follow, max-snippet:-1, max-image-preview:large, max-video-preview:-1\" \/>\n<link rel=\"canonical\" href=\"https:\/\/visualjournalism.de\/en\/magazine\/ideale\/fuer-meine-eltern-war-klar-das-akademische-steht-im-vordergrund\/\" \/>\n<meta property=\"og:locale\" content=\"en_US\" \/>\n<meta property=\"og:type\" content=\"article\" \/>\n<meta property=\"og:title\" content=\"F\u00fcr meine Eltern war klar: Das Akademische steht im Vordergrund\" \/>\n<meta property=\"og:description\" content=\"Studieren, arbeiten, Karriere machen: Medizinstudentin Clara Springer (24) spricht im Interview \u00fcber den Umgang mit den hohen Erwartungen ihrer Eltern. Au\u00dferdem erkl\u00e4rt sie, wie sie es geschafft hat, mit dem Druck umzugehen. Die Illustration wurde mit Adobe Firefly erstellt. Prompt: \u00abAkademiker-Eltern, die hohe Erwartungen an ihre Tochter haben, dunkler Hintergrund\u00bb\" \/>\n<meta property=\"og:url\" content=\"https:\/\/visualjournalism.de\/en\/magazine\/ideale\/fuer-meine-eltern-war-klar-das-akademische-steht-im-vordergrund\/\" \/>\n<meta property=\"og:site_name\" content=\"Visual Journalism and Documentary Photography\" \/>\n<meta property=\"article:publisher\" content=\"https:\/\/www.facebook.com\/people\/wwwfotostudentende\/100065173703897\/\" \/>\n<meta property=\"article:modified_time\" content=\"2023-09-07T19:53:41+00:00\" \/>\n<meta property=\"og:image\" content=\"https:\/\/visualjournalism.de\/wp-content\/uploads\/akademiker-eltern1-scaled.jpg\" \/>\n\t<meta property=\"og:image:width\" content=\"2560\" \/>\n\t<meta property=\"og:image:height\" content=\"1466\" \/>\n\t<meta property=\"og:image:type\" content=\"image\/jpeg\" \/>\n<meta name=\"twitter:card\" content=\"summary_large_image\" \/>\n<meta name=\"twitter:site\" content=\"@HsHannover\" \/>\n<meta name=\"twitter:label1\" content=\"Est. reading time\" \/>\n\t<meta name=\"twitter:data1\" content=\"4 minutes\" \/>\n<script type=\"application\/ld+json\" class=\"yoast-schema-graph\">{\"@context\":\"https:\\\/\\\/schema.org\",\"@graph\":[{\"@type\":\"WebPage\",\"@id\":\"https:\\\/\\\/visualjournalism.de\\\/en\\\/magazine\\\/ideale\\\/fuer-meine-eltern-war-klar-das-akademische-steht-im-vordergrund\\\/\",\"url\":\"https:\\\/\\\/visualjournalism.de\\\/en\\\/magazine\\\/ideale\\\/fuer-meine-eltern-war-klar-das-akademische-steht-im-vordergrund\\\/\",\"name\":\"F\u00fcr meine Eltern war klar: Das Akademische steht im Vordergrund &#8211; Visual Journalism and Documentary Photography\",\"isPartOf\":{\"@id\":\"https:\\\/\\\/visualjournalism.de\\\/en\\\/#website\"},\"primaryImageOfPage\":{\"@id\":\"https:\\\/\\\/visualjournalism.de\\\/en\\\/magazine\\\/ideale\\\/fuer-meine-eltern-war-klar-das-akademische-steht-im-vordergrund\\\/#primaryimage\"},\"image\":{\"@id\":\"https:\\\/\\\/visualjournalism.de\\\/en\\\/magazine\\\/ideale\\\/fuer-meine-eltern-war-klar-das-akademische-steht-im-vordergrund\\\/#primaryimage\"},\"thumbnailUrl\":\"https:\\\/\\\/visualjournalism.de\\\/wp-content\\\/uploads\\\/akademiker-eltern1-scaled.jpg\",\"datePublished\":\"2023-06-06T12:10:46+00:00\",\"dateModified\":\"2023-09-07T19:53:41+00:00\",\"breadcrumb\":{\"@id\":\"https:\\\/\\\/visualjournalism.de\\\/en\\\/magazine\\\/ideale\\\/fuer-meine-eltern-war-klar-das-akademische-steht-im-vordergrund\\\/#breadcrumb\"},\"inLanguage\":\"en-US\",\"potentialAction\":[{\"@type\":\"ReadAction\",\"target\":[\"https:\\\/\\\/visualjournalism.de\\\/en\\\/magazine\\\/ideale\\\/fuer-meine-eltern-war-klar-das-akademische-steht-im-vordergrund\\\/\"]}]},{\"@type\":\"ImageObject\",\"inLanguage\":\"en-US\",\"@id\":\"https:\\\/\\\/visualjournalism.de\\\/en\\\/magazine\\\/ideale\\\/fuer-meine-eltern-war-klar-das-akademische-steht-im-vordergrund\\\/#primaryimage\",\"url\":\"https:\\\/\\\/visualjournalism.de\\\/wp-content\\\/uploads\\\/akademiker-eltern1-scaled.jpg\",\"contentUrl\":\"https:\\\/\\\/visualjournalism.de\\\/wp-content\\\/uploads\\\/akademiker-eltern1-scaled.jpg\",\"width\":2560,\"height\":1466},{\"@type\":\"BreadcrumbList\",\"@id\":\"https:\\\/\\\/visualjournalism.de\\\/en\\\/magazine\\\/ideale\\\/fuer-meine-eltern-war-klar-das-akademische-steht-im-vordergrund\\\/#breadcrumb\",\"itemListElement\":[{\"@type\":\"ListItem\",\"position\":1,\"name\":\"Home\",\"item\":\"https:\\\/\\\/visualjournalism.de\\\/en\\\/\"},{\"@type\":\"ListItem\",\"position\":2,\"name\":\"Magazin\",\"item\":\"https:\\\/\\\/visualjournalism.de\\\/en\\\/magazine\\\/\"},{\"@type\":\"ListItem\",\"position\":3,\"name\":\"F\u00fcr meine Eltern war klar: Das Akademische steht im Vordergrund\"}]},{\"@type\":\"WebSite\",\"@id\":\"https:\\\/\\\/visualjournalism.de\\\/en\\\/#website\",\"url\":\"https:\\\/\\\/visualjournalism.de\\\/en\\\/\",\"name\":\"Visual Journalism and Documentary Photography\",\"description\":\"All about the bilingual bachelor&#039;s program at Hannover University of Applied Sciences and Arts.\",\"publisher\":{\"@id\":\"https:\\\/\\\/visualjournalism.de\\\/en\\\/#organization\"},\"alternateName\":\"visualjournalism.de\",\"potentialAction\":[{\"@type\":\"SearchAction\",\"target\":{\"@type\":\"EntryPoint\",\"urlTemplate\":\"https:\\\/\\\/visualjournalism.de\\\/en\\\/?s={search_term_string}\"},\"query-input\":{\"@type\":\"PropertyValueSpecification\",\"valueRequired\":true,\"valueName\":\"search_term_string\"}}],\"inLanguage\":\"en-US\"},{\"@type\":\"Organization\",\"@id\":\"https:\\\/\\\/visualjournalism.de\\\/en\\\/#organization\",\"name\":\"Hochschule Hannover \u2013 University of Applied Sciences and Arts\",\"alternateName\":\"HsH\",\"url\":\"https:\\\/\\\/visualjournalism.de\\\/en\\\/\",\"logo\":{\"@type\":\"ImageObject\",\"inLanguage\":\"en-US\",\"@id\":\"https:\\\/\\\/visualjournalism.de\\\/en\\\/#\\\/schema\\\/logo\\\/image\\\/\",\"url\":\"https:\\\/\\\/visualjournalism.de\\\/wp-content\\\/uploads\\\/logo-hochschule-hannover.png\",\"contentUrl\":\"https:\\\/\\\/visualjournalism.de\\\/wp-content\\\/uploads\\\/logo-hochschule-hannover.png\",\"width\":363,\"height\":270,\"caption\":\"Hochschule Hannover \u2013 University of Applied Sciences and Arts\"},\"image\":{\"@id\":\"https:\\\/\\\/visualjournalism.de\\\/en\\\/#\\\/schema\\\/logo\\\/image\\\/\"},\"sameAs\":[\"https:\\\/\\\/www.facebook.com\\\/people\\\/wwwfotostudentende\\\/100065173703897\\\/\",\"https:\\\/\\\/x.com\\\/HsHannover\",\"https:\\\/\\\/www.instagram.com\\\/visualjournalism.de\\\/\"]}]}<\/script>\n<!-- \/ Yoast SEO Premium plugin. -->","yoast_head_json":{"title":"F\u00fcr meine Eltern war klar: Das Akademische steht im Vordergrund &#8211; Visual Journalism and Documentary Photography","robots":{"index":"index","follow":"follow","max-snippet":"max-snippet:-1","max-image-preview":"max-image-preview:large","max-video-preview":"max-video-preview:-1"},"canonical":"https:\/\/visualjournalism.de\/en\/magazine\/ideale\/fuer-meine-eltern-war-klar-das-akademische-steht-im-vordergrund\/","og_locale":"en_US","og_type":"article","og_title":"F\u00fcr meine Eltern war klar: Das Akademische steht im Vordergrund","og_description":"Studieren, arbeiten, Karriere machen: Medizinstudentin Clara Springer (24) spricht im Interview \u00fcber den Umgang mit den hohen Erwartungen ihrer Eltern. Au\u00dferdem erkl\u00e4rt sie, wie sie es geschafft hat, mit dem Druck umzugehen. Die Illustration wurde mit Adobe Firefly erstellt. Prompt: \u00abAkademiker-Eltern, die hohe Erwartungen an ihre Tochter haben, dunkler Hintergrund\u00bb","og_url":"https:\/\/visualjournalism.de\/en\/magazine\/ideale\/fuer-meine-eltern-war-klar-das-akademische-steht-im-vordergrund\/","og_site_name":"Visual Journalism and Documentary Photography","article_publisher":"https:\/\/www.facebook.com\/people\/wwwfotostudentende\/100065173703897\/","article_modified_time":"2023-09-07T19:53:41+00:00","og_image":[{"width":2560,"height":1466,"url":"https:\/\/visualjournalism.de\/wp-content\/uploads\/akademiker-eltern1-scaled.jpg","type":"image\/jpeg"}],"twitter_card":"summary_large_image","twitter_site":"@HsHannover","twitter_misc":{"Est. reading time":"4 minutes"},"schema":{"@context":"https:\/\/schema.org","@graph":[{"@type":"WebPage","@id":"https:\/\/visualjournalism.de\/en\/magazine\/ideale\/fuer-meine-eltern-war-klar-das-akademische-steht-im-vordergrund\/","url":"https:\/\/visualjournalism.de\/en\/magazine\/ideale\/fuer-meine-eltern-war-klar-das-akademische-steht-im-vordergrund\/","name":"F\u00fcr meine Eltern war klar: Das Akademische steht im Vordergrund &#8211; Visual Journalism and Documentary Photography","isPartOf":{"@id":"https:\/\/visualjournalism.de\/en\/#website"},"primaryImageOfPage":{"@id":"https:\/\/visualjournalism.de\/en\/magazine\/ideale\/fuer-meine-eltern-war-klar-das-akademische-steht-im-vordergrund\/#primaryimage"},"image":{"@id":"https:\/\/visualjournalism.de\/en\/magazine\/ideale\/fuer-meine-eltern-war-klar-das-akademische-steht-im-vordergrund\/#primaryimage"},"thumbnailUrl":"https:\/\/visualjournalism.de\/wp-content\/uploads\/akademiker-eltern1-scaled.jpg","datePublished":"2023-06-06T12:10:46+00:00","dateModified":"2023-09-07T19:53:41+00:00","breadcrumb":{"@id":"https:\/\/visualjournalism.de\/en\/magazine\/ideale\/fuer-meine-eltern-war-klar-das-akademische-steht-im-vordergrund\/#breadcrumb"},"inLanguage":"en-US","potentialAction":[{"@type":"ReadAction","target":["https:\/\/visualjournalism.de\/en\/magazine\/ideale\/fuer-meine-eltern-war-klar-das-akademische-steht-im-vordergrund\/"]}]},{"@type":"ImageObject","inLanguage":"en-US","@id":"https:\/\/visualjournalism.de\/en\/magazine\/ideale\/fuer-meine-eltern-war-klar-das-akademische-steht-im-vordergrund\/#primaryimage","url":"https:\/\/visualjournalism.de\/wp-content\/uploads\/akademiker-eltern1-scaled.jpg","contentUrl":"https:\/\/visualjournalism.de\/wp-content\/uploads\/akademiker-eltern1-scaled.jpg","width":2560,"height":1466},{"@type":"BreadcrumbList","@id":"https:\/\/visualjournalism.de\/en\/magazine\/ideale\/fuer-meine-eltern-war-klar-das-akademische-steht-im-vordergrund\/#breadcrumb","itemListElement":[{"@type":"ListItem","position":1,"name":"Home","item":"https:\/\/visualjournalism.de\/en\/"},{"@type":"ListItem","position":2,"name":"Magazin","item":"https:\/\/visualjournalism.de\/en\/magazine\/"},{"@type":"ListItem","position":3,"name":"F\u00fcr meine Eltern war klar: Das Akademische steht im Vordergrund"}]},{"@type":"WebSite","@id":"https:\/\/visualjournalism.de\/en\/#website","url":"https:\/\/visualjournalism.de\/en\/","name":"Visual Journalism and Documentary Photography","description":"All about the bilingual bachelor&#039;s program at Hannover University of Applied Sciences and Arts.","publisher":{"@id":"https:\/\/visualjournalism.de\/en\/#organization"},"alternateName":"visualjournalism.de","potentialAction":[{"@type":"SearchAction","target":{"@type":"EntryPoint","urlTemplate":"https:\/\/visualjournalism.de\/en\/?s={search_term_string}"},"query-input":{"@type":"PropertyValueSpecification","valueRequired":true,"valueName":"search_term_string"}}],"inLanguage":"en-US"},{"@type":"Organization","@id":"https:\/\/visualjournalism.de\/en\/#organization","name":"Hochschule Hannover \u2013 University of Applied Sciences and Arts","alternateName":"HsH","url":"https:\/\/visualjournalism.de\/en\/","logo":{"@type":"ImageObject","inLanguage":"en-US","@id":"https:\/\/visualjournalism.de\/en\/#\/schema\/logo\/image\/","url":"https:\/\/visualjournalism.de\/wp-content\/uploads\/logo-hochschule-hannover.png","contentUrl":"https:\/\/visualjournalism.de\/wp-content\/uploads\/logo-hochschule-hannover.png","width":363,"height":270,"caption":"Hochschule Hannover \u2013 University of Applied Sciences and Arts"},"image":{"@id":"https:\/\/visualjournalism.de\/en\/#\/schema\/logo\/image\/"},"sameAs":["https:\/\/www.facebook.com\/people\/wwwfotostudentende\/100065173703897\/","https:\/\/x.com\/HsHannover","https:\/\/www.instagram.com\/visualjournalism.de\/"]}]}},"_links":{"self":[{"href":"https:\/\/visualjournalism.de\/en\/wp-json\/wp\/v2\/magazin\/20451","targetHints":{"allow":["GET"]}}],"collection":[{"href":"https:\/\/visualjournalism.de\/en\/wp-json\/wp\/v2\/magazin"}],"about":[{"href":"https:\/\/visualjournalism.de\/en\/wp-json\/wp\/v2\/types\/magazin"}],"author":[{"embeddable":true,"href":"https:\/\/visualjournalism.de\/en\/wp-json\/wp\/v2\/users\/25"}],"version-history":[{"count":0,"href":"https:\/\/visualjournalism.de\/en\/wp-json\/wp\/v2\/magazin\/20451\/revisions"}],"wp:featuredmedia":[{"embeddable":true,"href":"https:\/\/visualjournalism.de\/en\/wp-json\/wp\/v2\/media\/26817"}],"wp:attachment":[{"href":"https:\/\/visualjournalism.de\/en\/wp-json\/wp\/v2\/media?parent=20451"}],"wp:term":[{"taxonomy":"post_tag","embeddable":true,"href":"https:\/\/visualjournalism.de\/en\/wp-json\/wp\/v2\/tags?post=20451"},{"taxonomy":"magazinkategorie","embeddable":true,"href":"https:\/\/visualjournalism.de\/en\/wp-json\/wp\/v2\/magazinkategorie?post=20451"}],"curies":[{"name":"wp","href":"https:\/\/api.w.org\/{rel}","templated":true}]}}