{"id":20465,"date":"2023-06-06T12:25:25","date_gmt":"2023-06-06T12:25:25","guid":{"rendered":"https:\/\/visualjournalism.de\/?p=20465"},"modified":"2023-09-11T07:07:30","modified_gmt":"2023-09-11T07:07:30","slug":"ohne-lernen-zum-erfolg","status":"publish","type":"magazin","link":"https:\/\/visualjournalism.de\/en\/magazine\/ideale\/ohne-lernen-zum-erfolg\/","title":{"rendered":"Ohne Lernen zum Erfolg?"},"content":{"rendered":"\r\n<div class=\"cover--lead-in has-spacing--m\">\r\n\r\n    \r\n    <div class=\"cover--lead-in__content typo--tiempos\">\r\n\r\n        \r\n        <h2 class=\"cover--lead-in__headline \">\r\n            Ohne Lernen zum Erfolg?        <\/h2>\r\n\r\n                    <div class=\"cover--lead-in__text\">\r\n                <p>Wie eine Erziehung ohne Autorit\u00e4t l\u00e4uft.<strong> Von <a href=\"https:\/\/visualjournalism.de\/en\/sarah-schmidt\/\" target=\"_blank\" rel=\"noopener\">Sarah Schmidt<\/a><\/strong><\/p>\n            <\/div>\r\n        \r\n                    <div class=\"cover--lead-in__author\">\r\n                \r\n                    \r\n                            <figure class=\"cover--lead-in__author__image\">\r\n\r\n                                                                    <a href=\"https:\/\/visualjournalism.de\/sarah-schmidt\/\" target=\"\">\r\n                                \r\n                                <img loading=\"lazy\" decoding=\"async\"\r\n                                    src=\"https:\/\/visualjournalism.de\/wp-content\/uploads\/DSC5128-68x68.jpg\"\r\n                                    srcset=\"https:\/\/visualjournalism.de\/wp-content\/uploads\/DSC5128-68x68.jpg 68w, https:\/\/visualjournalism.de\/wp-content\/uploads\/DSC5128-150x150.jpg 150w, https:\/\/visualjournalism.de\/wp-content\/uploads\/DSC5128-52x52.jpg 52w, https:\/\/visualjournalism.de\/wp-content\/uploads\/DSC5128-96x96.jpg 96w\"\r\n                                    width=\"68\"\r\n                                    height=\"68\"\r\n                                    alt=\"\"\r\n                                \/>\r\n\r\n                                                                    <\/a>\r\n                                \r\n                            <\/figure>\r\n\r\n                                    <\/div><!-- .cover--lead-in__author -->\r\n        \r\n    <\/div><!-- .cover--lead-in__content -->\r\n\r\n    \r\n        <figure class=\"cover--lead-in__image cover--lead-in__media cover--lead-in__media--image\">\r\n            <img loading=\"lazy\" decoding=\"async\"\r\n                src=\"https:\/\/visualjournalism.de\/wp-content\/uploads\/LD8B0179_kl-2.jpg\"\r\n                srcset=\"https:\/\/visualjournalism.de\/wp-content\/uploads\/LD8B0179_kl-2.jpg 1500w, https:\/\/visualjournalism.de\/wp-content\/uploads\/LD8B0179_kl-2-300x200.jpg 300w, https:\/\/visualjournalism.de\/wp-content\/uploads\/LD8B0179_kl-2-1024x683.jpg 1024w, https:\/\/visualjournalism.de\/wp-content\/uploads\/LD8B0179_kl-2-768x512.jpg 768w, https:\/\/visualjournalism.de\/wp-content\/uploads\/LD8B0179_kl-2-1400x933.jpg 1400w, https:\/\/visualjournalism.de\/wp-content\/uploads\/LD8B0179_kl-2-1050x700.jpg 1050w, https:\/\/visualjournalism.de\/wp-content\/uploads\/LD8B0179_kl-2-670x447.jpg 670w, https:\/\/visualjournalism.de\/wp-content\/uploads\/LD8B0179_kl-2-420x280.jpg 420w, https:\/\/visualjournalism.de\/wp-content\/uploads\/LD8B0179_kl-2-350x233.jpg 350w, https:\/\/visualjournalism.de\/wp-content\/uploads\/LD8B0179_kl-2-150x100.jpg 150w\"\r\n                width=\"1500\"\r\n                height=\"1000\"\r\n                alt=\"\"\r\n                style=\"object-position: 40.67% 63.5%\"\r\n            \/>\r\n        <\/figure>\r\n\r\n                    <span class=\"cover--lead-in__image-title\">\r\n                Foto: Tetyana Chernyavska            <\/span>\r\n        \r\n    \r\n<\/div><!-- .cover--lead-in -->\r\n\r\n\n\n\n<p class=\"post__paragraph has-spacing--m\"><strong>Keine Regeln, keine Grenzen, pure Freiheit. <\/strong>Mit diesen Stichworten hebt sich die Antiautorit\u00e4re Erziehung von der Masse ab. <a href=\"https:\/\/visualjournalism.de\/magazin\/ideale\/fuer-meine-eltern-war-klar-das-akademische-steht-im-vordergrund\/\" target=\"_blank\" rel=\"noreferrer noopener\">Doch schaden Eltern mit diesem Erziehungsideal der Zukunft ihrer Kinder?<\/a> Die ausgelernte Verk\u00e4uferin Tomma Fiedler wurde von ihren Eltern mit diesen Erziehungsvorstellungen erzogen und kann heute auf eine sehr lockere Kindheit zur\u00fcckschauen. Im Interview erz\u00e4hlt die entspannte Ostfriesin nicht nur, wie ihre Erziehung war, sondern auch, welche Vor- und Nachteile sich hier verstecken.\u00a0<\/p>\n\n\n\n<div class=\"tableau has-spacing--m\">\n\t\n\n<div class=\"tableau__column--left\">\n    \n\n<p class=\"post__paragraph is-style-typo--soehne has-spacing--default\"><strong>Wie war deine Kindheit?<\/strong><\/p>\n\n\n<\/div>\n\n\n<div class=\"tableau__column--right\">\n    \n\n<p class=\"post__paragraph has-spacing--default\">Am Anfang war meine Erziehung tats\u00e4chlich sehr streng. Meine Eltern waren beide sehr jung und hatten beide noch nicht viel Erfahrung. \u00dcber die Jahre hat sich das alles einmal komplett gewendet. Meine Erziehung wurde sehr entspannt und locker. Ich durfte mehr als andere in meinem Alter. Wo die Eltern bei anderen aufgepasst haben, wie zum Beispiel in Geld- oder Bankangelegenheiten, haben mich meine Eltern immer machen lassen, wie ich das wollte.<\/p>\n\n\n<\/div>\n<\/div>\n\n\n<div class=\"tableau has-spacing--m\">\n\t\n\n<div class=\"tableau__column--left\">\n    \n\n<p class=\"post__paragraph is-style-typo--soehne has-spacing--none\"><strong>Hat die Erziehung einen <a href=\"https:\/\/visualjournalism.de\/magazin\/ideale\/ideale-in-der-familie-nein-mama-und-papa-ich-werde-keine-arztin\/\" target=\"_blank\" rel=\"noreferrer noopener\">Einfluss auf deine Bildung genommen?<\/a>\u00a0<\/strong><\/p>\n\n\n<\/div>\n\n\n<div class=\"tableau__column--right\">\n    \n\n<p class=\"post__paragraph has-spacing--default\">Ja, ich bin nicht die Beste in der Schule gewesen. Da h\u00e4tte ich mir tats\u00e4chlich gew\u00fcnscht, dass meine Eltern mir manchmal mehr in den Arsch getreten h\u00e4tten, weil ich eigentlich nichts f\u00fcr die Schule gemacht habe. Ich k\u00f6nnte mir vorstellen, dass ich schulisch besser gewesen w\u00e4re, wenn meine Eltern strenger gewesen w\u00e4ren. Dann h\u00e4tte ich vielleicht mehr als einen Hauptschulabschluss und h\u00e4tte eine bessere Ausbildung machen k\u00f6nnen.<\/p>\n\n\n<\/div>\n<\/div>\n\n\n<div class=\"tableau has-spacing--m\">\n\t\n\n<div class=\"tableau__column--left\">\n    \n\n<p class=\"post__paragraph is-style-typo--soehne has-spacing--default\"><strong>Hattest du im Hauhalt Aufgaben bekommen oder Vorgaben in Bezug auf Sauberkeit und Ordnung?<\/strong><\/p>\n\n\n<\/div>\n\n\n<div class=\"tableau__column--right\">\n    \n\n<p class=\"post__paragraph has-spacing--default\">Nein. Ich musste nicht mal mein Zimmer ordentlich halten, weil meine Eltern oft gesagt haben: \u201eDas ist dein Ding und du musst da deine Freunde reinlassen\u201c.<\/p>\n\n\n<\/div>\n<\/div>\n\n\n \n    \n    <div id=\"quote-block_4928dcc70f60fa3e6b6538749a29a39b\" class=\"block-quote has-spacing--m\">\n        <figure class=\"quote\">\n            <blockquote>\n                <p>Im Vergleich zu anderen hab ich relativ jung schon mit Alkohol, Drogen und Sex zu tun gehabt, wo ich lieber ein paar Jahre h\u00e4tte warten sollen.<\/p>\n            <\/blockquote>\n\n            <figcaption>\n\n                            <span><\/span>\n            <\/figcaption>\n            \n        <\/figure>\n    <\/div>\n\n\n\n\n<div class=\"tableau has-spacing--m\">\n\t\n\n<div class=\"tableau__column--left\">\n    \n\n<p class=\"post__paragraph is-style-typo--soehne has-spacing--default\"><strong>Welche Nachteile sowie Vorteile hast du durch deine Erziehung kennengelernt?<\/strong><\/p>\n\n\n<\/div>\n\n\n<div class=\"tableau__column--right\">\n    \n\n<p class=\"post__paragraph has-spacing--default\">Neben dem Vernachl\u00e4ssigen der Schule hab ich einige Sachen einfach zu fr\u00fch kennengelernt. Im Vergleich zu anderen hab ich relativ jung schon mit Alkohol, Drogen und Sex zu tun gehabt, wo ich lieber ein paar Jahre h\u00e4tte warten sollen. Aber das Schlechte hat mich auch gest\u00e4rkt, weil ich so fr\u00fch ein gutes Selbstbewusstsein bekommen hab. Die Freizeit war ein eindeutiger Pluspunkt. Ich bin sehr offen und spreche gerne, das liegt daran, dass ich halt, seitdem ich 13 Jahre bin, nur noch unterwegs war und viele Menschen kennengelernt habe. Ich konnte fr\u00fch eigene Entscheidungen treffen und selbstst\u00e4ndig werden, da merke ich heute noch, was f\u00fcr einen Vorteil ich dadurch hab.<\/p>\n\n\n<\/div>\n<\/div>\n\n\n<div class=\"tableau has-spacing--m\">\n\t\n\n<div class=\"tableau__column--left\">\n    \n\n<p class=\"post__paragraph is-style-typo--soehne has-spacing--default\"><strong>Wie ist das Verh\u00e4ltnis zwischen dir und deinen Eltern?&nbsp;<\/strong><\/p>\n\n\n<\/div>\n\n\n<div class=\"tableau__column--right\">\n    \n\n<p class=\"post__paragraph has-spacing--default\">Mega gut! wir verstehen uns super und wir reden \u00fcber alles. Sie unterst\u00fctzen mich, wo sie nur k\u00f6nnen. Auch, wenn die Erziehung sehr locker gehalten ist, kann ich trotzdem immer zu ihnen kommen und auf sie z\u00e4hlen!<\/p>\n\n\n<\/div>\n<\/div>\n\n\n<div class=\"tableau has-spacing--m\">\n\t\n\n<div class=\"tableau__column--left\">\n    \n\n<p class=\"post__paragraph is-style-typo--soehne has-spacing--default\"><strong>Bist du zufrieden mit der Erziehung?&nbsp;<\/strong><\/p>\n\n\n<\/div>\n\n\n<div class=\"tableau__column--right\">\n    \n\n<p class=\"post__paragraph has-spacing--m\">Ja, bin ich. Meiner Meinung nach ist es besser, die eigenen Kinder laufen zu lassen, weil wenn man ihnen etwas verbietet, dann wollen sie das umso mehr. Man kann dem Nachwuchs besser sagen, was man an seiner Stelle machen w\u00fcrde beziehungsweise was besser w\u00e4re, aber trotzdem sollen sie&nbsp; selber dar\u00fcber entscheiden k\u00f6nnen, und am Ende des Tages ist die Selbstst\u00e4ndigkeit des Kindes viel besser.<\/p>\n\n\n<\/div>\n<\/div>\n\n","protected":false},"author":25,"featured_media":22152,"template":"","tags":[],"magazinkategorie":[154],"class_list":["post-20465","magazin","type-magazin","status-publish","has-post-thumbnail","hentry","magazinkategorie-ideale"],"acf":[],"yoast_head":"<!-- This site is optimized with the Yoast SEO Premium plugin v27.3 (Yoast SEO v27.3) - https:\/\/yoast.com\/product\/yoast-seo-premium-wordpress\/ -->\n<title>Ohne Lernen zum Erfolg? &#8211; Visual Journalism and Documentary Photography<\/title>\n<meta name=\"robots\" content=\"index, follow, max-snippet:-1, max-image-preview:large, max-video-preview:-1\" \/>\n<link rel=\"canonical\" href=\"https:\/\/visualjournalism.de\/en\/magazine\/ideale\/ohne-lernen-zum-erfolg\/\" \/>\n<meta property=\"og:locale\" content=\"en_US\" \/>\n<meta property=\"og:type\" content=\"article\" \/>\n<meta property=\"og:title\" content=\"Ohne Lernen zum Erfolg?\" \/>\n<meta property=\"og:description\" content=\"Keine Regeln, keine Grenzen, pure Freiheit. Mit diesen Stichworten hebt sich die Antiautorit\u00e4re Erziehung von der Masse ab. Doch schaden Eltern mit diesem Erziehungsideal der Zukunft ihrer Kinder? Die ausgelernte Verk\u00e4uferin Tomma Fiedler wurde von ihren Eltern mit diesen Erziehungsvorstellungen erzogen und kann heute auf eine sehr lockere Kindheit zur\u00fcckschauen. Im Interview erz\u00e4hlt die entspannte [&hellip;]\" \/>\n<meta property=\"og:url\" content=\"https:\/\/visualjournalism.de\/en\/magazine\/ideale\/ohne-lernen-zum-erfolg\/\" \/>\n<meta property=\"og:site_name\" content=\"Visual Journalism and Documentary Photography\" \/>\n<meta property=\"article:publisher\" content=\"https:\/\/www.facebook.com\/people\/wwwfotostudentende\/100065173703897\/\" \/>\n<meta property=\"article:modified_time\" content=\"2023-09-11T07:07:30+00:00\" \/>\n<meta property=\"og:image\" content=\"https:\/\/visualjournalism.de\/wp-content\/uploads\/LD8B0179_kl-2.jpg\" \/>\n\t<meta property=\"og:image:width\" content=\"1500\" \/>\n\t<meta property=\"og:image:height\" content=\"1000\" \/>\n\t<meta property=\"og:image:type\" content=\"image\/jpeg\" \/>\n<meta name=\"twitter:card\" content=\"summary_large_image\" \/>\n<meta name=\"twitter:site\" content=\"@HsHannover\" \/>\n<meta name=\"twitter:label1\" content=\"Est. reading time\" \/>\n\t<meta name=\"twitter:data1\" content=\"3 minutes\" \/>\n<script type=\"application\/ld+json\" class=\"yoast-schema-graph\">{\"@context\":\"https:\\\/\\\/schema.org\",\"@graph\":[{\"@type\":\"WebPage\",\"@id\":\"https:\\\/\\\/visualjournalism.de\\\/en\\\/magazine\\\/ideale\\\/ohne-lernen-zum-erfolg\\\/\",\"url\":\"https:\\\/\\\/visualjournalism.de\\\/en\\\/magazine\\\/ideale\\\/ohne-lernen-zum-erfolg\\\/\",\"name\":\"Ohne Lernen zum Erfolg? &#8211; Visual Journalism and Documentary Photography\",\"isPartOf\":{\"@id\":\"https:\\\/\\\/visualjournalism.de\\\/en\\\/#website\"},\"primaryImageOfPage\":{\"@id\":\"https:\\\/\\\/visualjournalism.de\\\/en\\\/magazine\\\/ideale\\\/ohne-lernen-zum-erfolg\\\/#primaryimage\"},\"image\":{\"@id\":\"https:\\\/\\\/visualjournalism.de\\\/en\\\/magazine\\\/ideale\\\/ohne-lernen-zum-erfolg\\\/#primaryimage\"},\"thumbnailUrl\":\"https:\\\/\\\/visualjournalism.de\\\/wp-content\\\/uploads\\\/LD8B0179_kl-2.jpg\",\"datePublished\":\"2023-06-06T12:25:25+00:00\",\"dateModified\":\"2023-09-11T07:07:30+00:00\",\"breadcrumb\":{\"@id\":\"https:\\\/\\\/visualjournalism.de\\\/en\\\/magazine\\\/ideale\\\/ohne-lernen-zum-erfolg\\\/#breadcrumb\"},\"inLanguage\":\"en-US\",\"potentialAction\":[{\"@type\":\"ReadAction\",\"target\":[\"https:\\\/\\\/visualjournalism.de\\\/en\\\/magazine\\\/ideale\\\/ohne-lernen-zum-erfolg\\\/\"]}]},{\"@type\":\"ImageObject\",\"inLanguage\":\"en-US\",\"@id\":\"https:\\\/\\\/visualjournalism.de\\\/en\\\/magazine\\\/ideale\\\/ohne-lernen-zum-erfolg\\\/#primaryimage\",\"url\":\"https:\\\/\\\/visualjournalism.de\\\/wp-content\\\/uploads\\\/LD8B0179_kl-2.jpg\",\"contentUrl\":\"https:\\\/\\\/visualjournalism.de\\\/wp-content\\\/uploads\\\/LD8B0179_kl-2.jpg\",\"width\":1500,\"height\":1000,\"caption\":\"Foto: Tetyana Chernyavska\"},{\"@type\":\"BreadcrumbList\",\"@id\":\"https:\\\/\\\/visualjournalism.de\\\/en\\\/magazine\\\/ideale\\\/ohne-lernen-zum-erfolg\\\/#breadcrumb\",\"itemListElement\":[{\"@type\":\"ListItem\",\"position\":1,\"name\":\"Home\",\"item\":\"https:\\\/\\\/visualjournalism.de\\\/en\\\/\"},{\"@type\":\"ListItem\",\"position\":2,\"name\":\"Magazin\",\"item\":\"https:\\\/\\\/visualjournalism.de\\\/en\\\/magazine\\\/\"},{\"@type\":\"ListItem\",\"position\":3,\"name\":\"Ohne Lernen zum Erfolg?\"}]},{\"@type\":\"WebSite\",\"@id\":\"https:\\\/\\\/visualjournalism.de\\\/en\\\/#website\",\"url\":\"https:\\\/\\\/visualjournalism.de\\\/en\\\/\",\"name\":\"Visual Journalism and Documentary Photography\",\"description\":\"All about the bilingual bachelor&#039;s program at Hannover University of Applied Sciences and Arts.\",\"publisher\":{\"@id\":\"https:\\\/\\\/visualjournalism.de\\\/en\\\/#organization\"},\"alternateName\":\"visualjournalism.de\",\"potentialAction\":[{\"@type\":\"SearchAction\",\"target\":{\"@type\":\"EntryPoint\",\"urlTemplate\":\"https:\\\/\\\/visualjournalism.de\\\/en\\\/?s={search_term_string}\"},\"query-input\":{\"@type\":\"PropertyValueSpecification\",\"valueRequired\":true,\"valueName\":\"search_term_string\"}}],\"inLanguage\":\"en-US\"},{\"@type\":\"Organization\",\"@id\":\"https:\\\/\\\/visualjournalism.de\\\/en\\\/#organization\",\"name\":\"Hochschule Hannover \u2013 University of Applied Sciences and Arts\",\"alternateName\":\"HsH\",\"url\":\"https:\\\/\\\/visualjournalism.de\\\/en\\\/\",\"logo\":{\"@type\":\"ImageObject\",\"inLanguage\":\"en-US\",\"@id\":\"https:\\\/\\\/visualjournalism.de\\\/en\\\/#\\\/schema\\\/logo\\\/image\\\/\",\"url\":\"https:\\\/\\\/visualjournalism.de\\\/wp-content\\\/uploads\\\/logo-hochschule-hannover.png\",\"contentUrl\":\"https:\\\/\\\/visualjournalism.de\\\/wp-content\\\/uploads\\\/logo-hochschule-hannover.png\",\"width\":363,\"height\":270,\"caption\":\"Hochschule Hannover \u2013 University of Applied Sciences and Arts\"},\"image\":{\"@id\":\"https:\\\/\\\/visualjournalism.de\\\/en\\\/#\\\/schema\\\/logo\\\/image\\\/\"},\"sameAs\":[\"https:\\\/\\\/www.facebook.com\\\/people\\\/wwwfotostudentende\\\/100065173703897\\\/\",\"https:\\\/\\\/x.com\\\/HsHannover\",\"https:\\\/\\\/www.instagram.com\\\/visualjournalism.de\\\/\"]}]}<\/script>\n<!-- \/ Yoast SEO Premium plugin. -->","yoast_head_json":{"title":"Ohne Lernen zum Erfolg? &#8211; Visual Journalism and Documentary Photography","robots":{"index":"index","follow":"follow","max-snippet":"max-snippet:-1","max-image-preview":"max-image-preview:large","max-video-preview":"max-video-preview:-1"},"canonical":"https:\/\/visualjournalism.de\/en\/magazine\/ideale\/ohne-lernen-zum-erfolg\/","og_locale":"en_US","og_type":"article","og_title":"Ohne Lernen zum Erfolg?","og_description":"Keine Regeln, keine Grenzen, pure Freiheit. Mit diesen Stichworten hebt sich die Antiautorit\u00e4re Erziehung von der Masse ab. Doch schaden Eltern mit diesem Erziehungsideal der Zukunft ihrer Kinder? Die ausgelernte Verk\u00e4uferin Tomma Fiedler wurde von ihren Eltern mit diesen Erziehungsvorstellungen erzogen und kann heute auf eine sehr lockere Kindheit zur\u00fcckschauen. Im Interview erz\u00e4hlt die entspannte [&hellip;]","og_url":"https:\/\/visualjournalism.de\/en\/magazine\/ideale\/ohne-lernen-zum-erfolg\/","og_site_name":"Visual Journalism and Documentary Photography","article_publisher":"https:\/\/www.facebook.com\/people\/wwwfotostudentende\/100065173703897\/","article_modified_time":"2023-09-11T07:07:30+00:00","og_image":[{"width":1500,"height":1000,"url":"https:\/\/visualjournalism.de\/wp-content\/uploads\/LD8B0179_kl-2.jpg","type":"image\/jpeg"}],"twitter_card":"summary_large_image","twitter_site":"@HsHannover","twitter_misc":{"Est. reading time":"3 minutes"},"schema":{"@context":"https:\/\/schema.org","@graph":[{"@type":"WebPage","@id":"https:\/\/visualjournalism.de\/en\/magazine\/ideale\/ohne-lernen-zum-erfolg\/","url":"https:\/\/visualjournalism.de\/en\/magazine\/ideale\/ohne-lernen-zum-erfolg\/","name":"Ohne Lernen zum Erfolg? &#8211; Visual Journalism and Documentary Photography","isPartOf":{"@id":"https:\/\/visualjournalism.de\/en\/#website"},"primaryImageOfPage":{"@id":"https:\/\/visualjournalism.de\/en\/magazine\/ideale\/ohne-lernen-zum-erfolg\/#primaryimage"},"image":{"@id":"https:\/\/visualjournalism.de\/en\/magazine\/ideale\/ohne-lernen-zum-erfolg\/#primaryimage"},"thumbnailUrl":"https:\/\/visualjournalism.de\/wp-content\/uploads\/LD8B0179_kl-2.jpg","datePublished":"2023-06-06T12:25:25+00:00","dateModified":"2023-09-11T07:07:30+00:00","breadcrumb":{"@id":"https:\/\/visualjournalism.de\/en\/magazine\/ideale\/ohne-lernen-zum-erfolg\/#breadcrumb"},"inLanguage":"en-US","potentialAction":[{"@type":"ReadAction","target":["https:\/\/visualjournalism.de\/en\/magazine\/ideale\/ohne-lernen-zum-erfolg\/"]}]},{"@type":"ImageObject","inLanguage":"en-US","@id":"https:\/\/visualjournalism.de\/en\/magazine\/ideale\/ohne-lernen-zum-erfolg\/#primaryimage","url":"https:\/\/visualjournalism.de\/wp-content\/uploads\/LD8B0179_kl-2.jpg","contentUrl":"https:\/\/visualjournalism.de\/wp-content\/uploads\/LD8B0179_kl-2.jpg","width":1500,"height":1000,"caption":"Foto: Tetyana Chernyavska"},{"@type":"BreadcrumbList","@id":"https:\/\/visualjournalism.de\/en\/magazine\/ideale\/ohne-lernen-zum-erfolg\/#breadcrumb","itemListElement":[{"@type":"ListItem","position":1,"name":"Home","item":"https:\/\/visualjournalism.de\/en\/"},{"@type":"ListItem","position":2,"name":"Magazin","item":"https:\/\/visualjournalism.de\/en\/magazine\/"},{"@type":"ListItem","position":3,"name":"Ohne Lernen zum Erfolg?"}]},{"@type":"WebSite","@id":"https:\/\/visualjournalism.de\/en\/#website","url":"https:\/\/visualjournalism.de\/en\/","name":"Visual Journalism and Documentary Photography","description":"All about the bilingual bachelor&#039;s program at Hannover University of Applied Sciences and Arts.","publisher":{"@id":"https:\/\/visualjournalism.de\/en\/#organization"},"alternateName":"visualjournalism.de","potentialAction":[{"@type":"SearchAction","target":{"@type":"EntryPoint","urlTemplate":"https:\/\/visualjournalism.de\/en\/?s={search_term_string}"},"query-input":{"@type":"PropertyValueSpecification","valueRequired":true,"valueName":"search_term_string"}}],"inLanguage":"en-US"},{"@type":"Organization","@id":"https:\/\/visualjournalism.de\/en\/#organization","name":"Hochschule Hannover \u2013 University of Applied Sciences and Arts","alternateName":"HsH","url":"https:\/\/visualjournalism.de\/en\/","logo":{"@type":"ImageObject","inLanguage":"en-US","@id":"https:\/\/visualjournalism.de\/en\/#\/schema\/logo\/image\/","url":"https:\/\/visualjournalism.de\/wp-content\/uploads\/logo-hochschule-hannover.png","contentUrl":"https:\/\/visualjournalism.de\/wp-content\/uploads\/logo-hochschule-hannover.png","width":363,"height":270,"caption":"Hochschule Hannover \u2013 University of Applied Sciences and Arts"},"image":{"@id":"https:\/\/visualjournalism.de\/en\/#\/schema\/logo\/image\/"},"sameAs":["https:\/\/www.facebook.com\/people\/wwwfotostudentende\/100065173703897\/","https:\/\/x.com\/HsHannover","https:\/\/www.instagram.com\/visualjournalism.de\/"]}]}},"_links":{"self":[{"href":"https:\/\/visualjournalism.de\/en\/wp-json\/wp\/v2\/magazin\/20465","targetHints":{"allow":["GET"]}}],"collection":[{"href":"https:\/\/visualjournalism.de\/en\/wp-json\/wp\/v2\/magazin"}],"about":[{"href":"https:\/\/visualjournalism.de\/en\/wp-json\/wp\/v2\/types\/magazin"}],"author":[{"embeddable":true,"href":"https:\/\/visualjournalism.de\/en\/wp-json\/wp\/v2\/users\/25"}],"version-history":[{"count":0,"href":"https:\/\/visualjournalism.de\/en\/wp-json\/wp\/v2\/magazin\/20465\/revisions"}],"wp:featuredmedia":[{"embeddable":true,"href":"https:\/\/visualjournalism.de\/en\/wp-json\/wp\/v2\/media\/22152"}],"wp:attachment":[{"href":"https:\/\/visualjournalism.de\/en\/wp-json\/wp\/v2\/media?parent=20465"}],"wp:term":[{"taxonomy":"post_tag","embeddable":true,"href":"https:\/\/visualjournalism.de\/en\/wp-json\/wp\/v2\/tags?post=20465"},{"taxonomy":"magazinkategorie","embeddable":true,"href":"https:\/\/visualjournalism.de\/en\/wp-json\/wp\/v2\/magazinkategorie?post=20465"}],"curies":[{"name":"wp","href":"https:\/\/api.w.org\/{rel}","templated":true}]}}