{"id":20636,"date":"2023-06-06T22:19:46","date_gmt":"2023-06-06T22:19:46","guid":{"rendered":"https:\/\/visualjournalism.de\/?p=20636"},"modified":"2023-12-23T12:17:27","modified_gmt":"2023-12-23T12:17:27","slug":"bodypositivity-der-kampf-fur-respekt","status":"publish","type":"magazin","link":"https:\/\/visualjournalism.de\/en\/magazine\/ideale\/bodypositivity-der-kampf-fur-respekt\/","title":{"rendered":"Bodypositivity"},"content":{"rendered":"\r\n<div class=\"cover--lead-in has-spacing--m\">\r\n\r\n    \r\n    <div class=\"cover--lead-in__content typo--tiempos\">\r\n\r\n        <div class=\"entry-categories\">\n\t<a class=\"post__tag\" href=\"https:\/\/visualjournalism.de\/magazin-kategorie\/ideale\/\" rel=\"category tag\">Ideale<\/a><\/div>\r\n        <h2 class=\"cover--lead-in__headline \">\r\n            #BodyPositivity &#8211; der Kampf f\u00fcr Respekt        <\/h2>\r\n\r\n                    <div class=\"cover--lead-in__text\">\r\n                <p>Der Trend zur Selbstliebe verstellt die Sicht auf das Konzept hinter BodyPositivity &#8211; und vernebelt das wahre gesellschaftliche Problem. <strong>Von <a href=\"https:\/\/visualjournalism.de\/en\/laura-druselmann\/\" target=\"_blank\" rel=\"noopener\">Laura Druselmann<\/a> (Text) und <a href=\"https:\/\/visualjournalism.de\/en\/larissa-buergi\/\" target=\"_blank\" rel=\"noopener\">Larissa B\u00fcrgi<\/a> (Fotos)<\/strong><\/p>\n            <\/div>\r\n        \r\n                    <div class=\"cover--lead-in__author\">\r\n                \r\n                    \r\n                            <figure class=\"cover--lead-in__author__image\">\r\n\r\n                                                                    <a href=\"https:\/\/visualjournalism.de\/larissa-buergi\/\" target=\"_blank\">\r\n                                \r\n                                <img loading=\"lazy\" decoding=\"async\"\r\n                                    src=\"https:\/\/visualjournalism.de\/wp-content\/uploads\/Larissa-Buergi-thumb-68x68.jpg\"\r\n                                    srcset=\"https:\/\/visualjournalism.de\/wp-content\/uploads\/Larissa-Buergi-thumb-68x68.jpg 68w, https:\/\/visualjournalism.de\/wp-content\/uploads\/Larissa-Buergi-thumb-150x150.jpg 150w, https:\/\/visualjournalism.de\/wp-content\/uploads\/Larissa-Buergi-thumb-52x52.jpg 52w, https:\/\/visualjournalism.de\/wp-content\/uploads\/Larissa-Buergi-thumb-96x96.jpg 96w, https:\/\/visualjournalism.de\/wp-content\/uploads\/Larissa-Buergi-thumb.jpg 200w\"\r\n                                    width=\"68\"\r\n                                    height=\"68\"\r\n                                    alt=\"\"\r\n                                \/>\r\n\r\n                                                                    <\/a>\r\n                                \r\n                            <\/figure>\r\n\r\n                        \r\n                    \r\n                            <figure class=\"cover--lead-in__author__image\">\r\n\r\n                                                                    <a href=\"https:\/\/visualjournalism.de\/laura-druselmann\/\" target=\"\">\r\n                                \r\n                                <img loading=\"lazy\" decoding=\"async\"\r\n                                    src=\"https:\/\/visualjournalism.de\/wp-content\/uploads\/F7AE6DF2-26EF-4CD3-B79F-ECF01EEB531E-68x68.jpg\"\r\n                                    srcset=\"https:\/\/visualjournalism.de\/wp-content\/uploads\/F7AE6DF2-26EF-4CD3-B79F-ECF01EEB531E-68x68.jpg 68w, https:\/\/visualjournalism.de\/wp-content\/uploads\/F7AE6DF2-26EF-4CD3-B79F-ECF01EEB531E-150x150.jpg 150w, https:\/\/visualjournalism.de\/wp-content\/uploads\/F7AE6DF2-26EF-4CD3-B79F-ECF01EEB531E-52x52.jpg 52w, https:\/\/visualjournalism.de\/wp-content\/uploads\/F7AE6DF2-26EF-4CD3-B79F-ECF01EEB531E-96x96.jpg 96w\"\r\n                                    width=\"68\"\r\n                                    height=\"68\"\r\n                                    alt=\"\"\r\n                                \/>\r\n\r\n                                                                    <\/a>\r\n                                \r\n                            <\/figure>\r\n\r\n                                    <\/div><!-- .cover--lead-in__author -->\r\n        \r\n    <\/div><!-- .cover--lead-in__content -->\r\n\r\n    \r\n        <figure class=\"cover--lead-in__image cover--lead-in__media cover--lead-in__media--image\">\r\n            <img loading=\"lazy\" decoding=\"async\"\r\n                src=\"https:\/\/visualjournalism.de\/wp-content\/uploads\/DSC_2635.jpeg\"\r\n                srcset=\"https:\/\/visualjournalism.de\/wp-content\/uploads\/DSC_2635.jpeg 1600w, https:\/\/visualjournalism.de\/wp-content\/uploads\/DSC_2635-300x200.jpeg 300w, https:\/\/visualjournalism.de\/wp-content\/uploads\/DSC_2635-1024x683.jpeg 1024w, https:\/\/visualjournalism.de\/wp-content\/uploads\/DSC_2635-768x512.jpeg 768w, https:\/\/visualjournalism.de\/wp-content\/uploads\/DSC_2635-1536x1024.jpeg 1536w, https:\/\/visualjournalism.de\/wp-content\/uploads\/DSC_2635-1400x934.jpeg 1400w, https:\/\/visualjournalism.de\/wp-content\/uploads\/DSC_2635-1050x700.jpeg 1050w, https:\/\/visualjournalism.de\/wp-content\/uploads\/DSC_2635-670x447.jpeg 670w, https:\/\/visualjournalism.de\/wp-content\/uploads\/DSC_2635-420x280.jpeg 420w, https:\/\/visualjournalism.de\/wp-content\/uploads\/DSC_2635-350x233.jpeg 350w, https:\/\/visualjournalism.de\/wp-content\/uploads\/DSC_2635-150x100.jpeg 150w\"\r\n                width=\"1600\"\r\n                height=\"1067\"\r\n                alt=\"Hannover, 30.01.2022: Zu sehen ist eine Brust mit Haaren, zusammengezogen\/gequetscht. Model: Konrad B\u00fcrgi, Foto: Larissa B\u00fcrgi\"\r\n                style=\"object-position: 50% 50%\"\r\n            \/>\r\n        <\/figure>\r\n\r\n                    <span class=\"cover--lead-in__image-title\">\r\n                Hannover, 30.01.2022: Brust mit Haaren zusammengezogen\/gequetscht , Model: Konrad B\u00fcrgi Foto: Larissa B\u00fcrgi            <\/span>\r\n        \r\n    \r\n<\/div><!-- .cover--lead-in -->\r\n\r\n\n\n\n<p class=\"post__paragraph has-spacing--default\"><strong>Seitdem BodyPositivity soziale Netzwerke wie Instagram erreicht hat, wird sie vor allem mit Slogans wie \u00abLiebe deinen K\u00f6rper\u00bb und \u00abF\u00fchl dich sch\u00f6n, so wie du bist\u00bb assoziiert.<\/strong> Doch in Wahrheit steckt hinter der Bewegung ein weitaus ernsteres Konzept, das oftmals in Vergessenheit ger\u00e4t oder gar nicht erst thematisiert wird: Ein Kampf gegen Diskriminierung und f\u00fcr mehr soziale Gerechtigkeit.<\/p>\n\n\n\n<p class=\"post__paragraph has-spacing--m\">\u00abBodyPositivity verlangt nicht, dass man sich selbst sch\u00f6n findet oder seinen K\u00f6rper liebt \u2013 das ist ein ganz g\u00e4ngiges Missverst\u00e4ndnis. BodyPositivity verlangt, dass man allen K\u00f6rpern mit Respekt begegnet\u00bb, erkl\u00e4rt Kathrin Tschorn. Sie ist BodyPositivity-Inspiratorin aus Berlin und die Gr\u00fcnderin der Informations- und Inspirationsplattform Marshmallow M\u00e4dchen. Die Bewegung, die in den 1970er Jahren anfangs als National Association to Advance Fat Acceptance in den USA ins Leben gerufen wurde, verfolgte schon immer ein politisches Konzept gegen die Ausgrenzung und Benachteiligung von vor allem mehrgewichtigen Menschen. Der Begriff Mehrgewicht ist ebenfalls von BodyPositivity gepr\u00e4gt und stellt das wertungsfreie, nicht-diskriminierende Pendant zu \u00dcbergewicht dar.&nbsp;<\/p>\n\n\n \n\n<div class=\"photo-grid grid-layout--3col has-spacing--s\">\n\n            \n\n            <div class=\"photo-grid__image\">\n\n                <figure>\n\n                    <img loading=\"lazy\" decoding=\"async\"  \n                        src=\"https:\/\/visualjournalism.de\/wp-content\/uploads\/DSC_2509-768x1152.jpeg\" \n                        srcset=\"https:\/\/visualjournalism.de\/wp-content\/uploads\/DSC_2509-768x1152.jpeg 768w, https:\/\/visualjournalism.de\/wp-content\/uploads\/DSC_2509-200x300.jpeg 200w, https:\/\/visualjournalism.de\/wp-content\/uploads\/DSC_2509-683x1024.jpeg 683w, https:\/\/visualjournalism.de\/wp-content\/uploads\/DSC_2509-1024x1536.jpeg 1024w, https:\/\/visualjournalism.de\/wp-content\/uploads\/DSC_2509-1050x1575.jpeg 1050w, https:\/\/visualjournalism.de\/wp-content\/uploads\/DSC_2509-670x1005.jpeg 670w, https:\/\/visualjournalism.de\/wp-content\/uploads\/DSC_2509-420x630.jpeg 420w, https:\/\/visualjournalism.de\/wp-content\/uploads\/DSC_2509-350x525.jpeg 350w, https:\/\/visualjournalism.de\/wp-content\/uploads\/DSC_2509-300x450.jpeg 300w, https:\/\/visualjournalism.de\/wp-content\/uploads\/DSC_2509-150x225.jpeg 150w, https:\/\/visualjournalism.de\/wp-content\/uploads\/DSC_2509.jpeg 1067w\" \n                        width=\"768\"  \n                        height=\"1152\" \n                        alt=\"Hannover, 30.01.2022: Achsel mit Haaren, Model: Konrad B\u00fcrgi Foto: Larissa B\u00fcrgi\"  \n                    \/>\n\n                                            <span class=\"photo-grid__image__title\">Hannover, 30.01.2022: Achsel mit Haaren, Model: Konrad B\u00fcrgi Foto: Larissa B\u00fcrgi<\/span>\n                    \n                    \n                <\/figure>\n\n            <\/div><!-- photo-grid__image -->    \n\n\n            \n\n                    \n                \n\n            <div class=\"photo-grid__image\">\n\n                <figure>\n\n                    <img loading=\"lazy\" decoding=\"async\"  \n                        src=\"https:\/\/visualjournalism.de\/wp-content\/uploads\/DSC_3487-768x1152.jpeg\" \n                        srcset=\"https:\/\/visualjournalism.de\/wp-content\/uploads\/DSC_3487-768x1152.jpeg 768w, https:\/\/visualjournalism.de\/wp-content\/uploads\/DSC_3487-200x300.jpeg 200w, https:\/\/visualjournalism.de\/wp-content\/uploads\/DSC_3487-683x1024.jpeg 683w, https:\/\/visualjournalism.de\/wp-content\/uploads\/DSC_3487-1024x1536.jpeg 1024w, https:\/\/visualjournalism.de\/wp-content\/uploads\/DSC_3487-1050x1575.jpeg 1050w, https:\/\/visualjournalism.de\/wp-content\/uploads\/DSC_3487-670x1005.jpeg 670w, https:\/\/visualjournalism.de\/wp-content\/uploads\/DSC_3487-420x630.jpeg 420w, https:\/\/visualjournalism.de\/wp-content\/uploads\/DSC_3487-350x525.jpeg 350w, https:\/\/visualjournalism.de\/wp-content\/uploads\/DSC_3487-300x450.jpeg 300w, https:\/\/visualjournalism.de\/wp-content\/uploads\/DSC_3487-150x225.jpeg 150w, https:\/\/visualjournalism.de\/wp-content\/uploads\/DSC_3487.jpeg 1067w\" \n                        width=\"768\"  \n                        height=\"1152\" \n                        alt=\"Hannover, 30.01.2022: Haut am Arm, Handgelenkberreich, Model: Dora Klauser Foto: Larissa B\u00fcrgi\"  \n                    \/>\n\n                                            <span class=\"photo-grid__image__title\">Hannover, 30.01.2022: Haut am Arm, Handgelenkberreich, Model: Dora Klauser Foto: Larissa B\u00fcrgi<\/span>\n                    \n                    \n                <\/figure>\n\n            <\/div><!-- photo-grid__image -->    \n\n\n            \n\n                    \n                \n\n            <div class=\"photo-grid__image\">\n\n                <figure>\n\n                    <img loading=\"lazy\" decoding=\"async\"  \n                        src=\"https:\/\/visualjournalism.de\/wp-content\/uploads\/DSC_2662-768x1152.jpeg\" \n                        srcset=\"https:\/\/visualjournalism.de\/wp-content\/uploads\/DSC_2662-768x1152.jpeg 768w, https:\/\/visualjournalism.de\/wp-content\/uploads\/DSC_2662-200x300.jpeg 200w, https:\/\/visualjournalism.de\/wp-content\/uploads\/DSC_2662-683x1024.jpeg 683w, https:\/\/visualjournalism.de\/wp-content\/uploads\/DSC_2662-1024x1536.jpeg 1024w, https:\/\/visualjournalism.de\/wp-content\/uploads\/DSC_2662-1050x1575.jpeg 1050w, https:\/\/visualjournalism.de\/wp-content\/uploads\/DSC_2662-670x1005.jpeg 670w, https:\/\/visualjournalism.de\/wp-content\/uploads\/DSC_2662-420x630.jpeg 420w, https:\/\/visualjournalism.de\/wp-content\/uploads\/DSC_2662-350x525.jpeg 350w, https:\/\/visualjournalism.de\/wp-content\/uploads\/DSC_2662-300x450.jpeg 300w, https:\/\/visualjournalism.de\/wp-content\/uploads\/DSC_2662-150x225.jpeg 150w, https:\/\/visualjournalism.de\/wp-content\/uploads\/DSC_2662.jpeg 1067w\" \n                        width=\"768\"  \n                        height=\"1152\" \n                        alt=\"Hannover, 30.01.2022: Knie mit Narbe und ger\u00f6teter Haut, Model: Konrad B\u00fcrgi Foto: Larissa B\u00fcrgi\"  \n                    \/>\n\n                                            <span class=\"photo-grid__image__title\">Hannover, 30.01.2022: Knie mit Narbe und ger\u00f6teter Haut, Model: Konrad B\u00fcrgi Foto: Larissa B\u00fcrgi<\/span>\n                    \n                    \n                <\/figure>\n\n            <\/div><!-- photo-grid__image -->    \n\n\n            \n\n            \n<\/div>\n\n \n\n<div class=\"photo-grid grid-layout--3col has-spacing--s\">\n\n            \n\n            <div class=\"photo-grid__image\">\n\n                <figure>\n\n                    <img loading=\"lazy\" decoding=\"async\"  \n                        src=\"https:\/\/visualjournalism.de\/wp-content\/uploads\/DSC_3536-768x1152.jpeg\" \n                        srcset=\"https:\/\/visualjournalism.de\/wp-content\/uploads\/DSC_3536-768x1152.jpeg 768w, https:\/\/visualjournalism.de\/wp-content\/uploads\/DSC_3536-200x300.jpeg 200w, https:\/\/visualjournalism.de\/wp-content\/uploads\/DSC_3536-683x1024.jpeg 683w, https:\/\/visualjournalism.de\/wp-content\/uploads\/DSC_3536-1024x1536.jpeg 1024w, https:\/\/visualjournalism.de\/wp-content\/uploads\/DSC_3536-1050x1575.jpeg 1050w, https:\/\/visualjournalism.de\/wp-content\/uploads\/DSC_3536-670x1005.jpeg 670w, https:\/\/visualjournalism.de\/wp-content\/uploads\/DSC_3536-420x630.jpeg 420w, https:\/\/visualjournalism.de\/wp-content\/uploads\/DSC_3536-350x525.jpeg 350w, https:\/\/visualjournalism.de\/wp-content\/uploads\/DSC_3536-300x450.jpeg 300w, https:\/\/visualjournalism.de\/wp-content\/uploads\/DSC_3536-150x225.jpeg 150w, https:\/\/visualjournalism.de\/wp-content\/uploads\/DSC_3536.jpeg 1067w\" \n                        width=\"768\"  \n                        height=\"1152\" \n                        alt=\"Hannover, 30.01.2022: Haut am Arm, Ellebogenbereich, Model: Dora Klauser Foto: Larissa B\u00fcrgi\"  \n                    \/>\n\n                                            <span class=\"photo-grid__image__title\">Hannover, 30.01.2022: Haut am Arm, Ellebogenbereich, Model: Dora Klauser Foto: Larissa B\u00fcrgi<\/span>\n                    \n                    \n                <\/figure>\n\n            <\/div><!-- photo-grid__image -->    \n\n\n            \n\n                    \n                \n\n            <div class=\"photo-grid__image\">\n\n                <figure>\n\n                    <img loading=\"lazy\" decoding=\"async\"  \n                        src=\"https:\/\/visualjournalism.de\/wp-content\/uploads\/DSC_3397-768x1152.jpeg\" \n                        srcset=\"https:\/\/visualjournalism.de\/wp-content\/uploads\/DSC_3397-768x1152.jpeg 768w, https:\/\/visualjournalism.de\/wp-content\/uploads\/DSC_3397-200x300.jpeg 200w, https:\/\/visualjournalism.de\/wp-content\/uploads\/DSC_3397-683x1024.jpeg 683w, https:\/\/visualjournalism.de\/wp-content\/uploads\/DSC_3397-1024x1536.jpeg 1024w, https:\/\/visualjournalism.de\/wp-content\/uploads\/DSC_3397-1050x1575.jpeg 1050w, https:\/\/visualjournalism.de\/wp-content\/uploads\/DSC_3397-670x1005.jpeg 670w, https:\/\/visualjournalism.de\/wp-content\/uploads\/DSC_3397-420x630.jpeg 420w, https:\/\/visualjournalism.de\/wp-content\/uploads\/DSC_3397-350x525.jpeg 350w, https:\/\/visualjournalism.de\/wp-content\/uploads\/DSC_3397-300x450.jpeg 300w, https:\/\/visualjournalism.de\/wp-content\/uploads\/DSC_3397-150x225.jpeg 150w, https:\/\/visualjournalism.de\/wp-content\/uploads\/DSC_3397.jpeg 1067w\" \n                        width=\"768\"  \n                        height=\"1152\" \n                        alt=\"Hannover, 30.01.2022: Haut an den Oberschenkeln mit feinen Haaren, Model: Amy Br\u00fcderlin Foto: Larissa B\u00fcrgi\"  \n                    \/>\n\n                                            <span class=\"photo-grid__image__title\">Hannover, 30.01.2022: Haut an den Oberschenkeln mit feinen Haaren, Model: Amy Br\u00fcderlin Foto: Larissa B\u00fcrgi<\/span>\n                    \n                    \n                <\/figure>\n\n            <\/div><!-- photo-grid__image -->    \n\n\n            \n\n                    \n                \n\n            <div class=\"photo-grid__image\">\n\n                <figure>\n\n                    <img loading=\"lazy\" decoding=\"async\"  \n                        src=\"https:\/\/visualjournalism.de\/wp-content\/uploads\/DSC_2584-768x1152.jpeg\" \n                        srcset=\"https:\/\/visualjournalism.de\/wp-content\/uploads\/DSC_2584-768x1152.jpeg 768w, https:\/\/visualjournalism.de\/wp-content\/uploads\/DSC_2584-200x300.jpeg 200w, https:\/\/visualjournalism.de\/wp-content\/uploads\/DSC_2584-683x1024.jpeg 683w, https:\/\/visualjournalism.de\/wp-content\/uploads\/DSC_2584-1024x1536.jpeg 1024w, https:\/\/visualjournalism.de\/wp-content\/uploads\/DSC_2584-1050x1575.jpeg 1050w, https:\/\/visualjournalism.de\/wp-content\/uploads\/DSC_2584-670x1005.jpeg 670w, https:\/\/visualjournalism.de\/wp-content\/uploads\/DSC_2584-420x630.jpeg 420w, https:\/\/visualjournalism.de\/wp-content\/uploads\/DSC_2584-350x525.jpeg 350w, https:\/\/visualjournalism.de\/wp-content\/uploads\/DSC_2584-300x450.jpeg 300w, https:\/\/visualjournalism.de\/wp-content\/uploads\/DSC_2584-150x225.jpeg 150w, https:\/\/visualjournalism.de\/wp-content\/uploads\/DSC_2584.jpeg 1067w\" \n                        width=\"768\"  \n                        height=\"1152\" \n                        alt=\"Hannover, 30.01.2022: Seitliche Ansicht Bauch unter dem Arm, Model: Konrad B\u00fcrgi Foto: Larissa B\u00fcrgi\"  \n                    \/>\n\n                                            <span class=\"photo-grid__image__title\">Hannover, 30.01.2022: Seitliche Ansicht Bauch unter dem Arm, Model: Konrad B\u00fcrgi Foto: Larissa B\u00fcrgi<\/span>\n                    \n                    \n                <\/figure>\n\n            <\/div><!-- photo-grid__image -->    \n\n\n            \n\n            \n<\/div>\n\n \n\n<div class=\"photo-grid grid-layout--3col has-spacing--none\">\n\n            \n\n            <div class=\"photo-grid__image\">\n\n                <figure>\n\n                    <img loading=\"lazy\" decoding=\"async\"  \n                        src=\"https:\/\/visualjournalism.de\/wp-content\/uploads\/DSC_3302-768x512.jpeg\" \n                        srcset=\"https:\/\/visualjournalism.de\/wp-content\/uploads\/DSC_3302-768x512.jpeg 768w, https:\/\/visualjournalism.de\/wp-content\/uploads\/DSC_3302-300x200.jpeg 300w, https:\/\/visualjournalism.de\/wp-content\/uploads\/DSC_3302-1024x683.jpeg 1024w, https:\/\/visualjournalism.de\/wp-content\/uploads\/DSC_3302-1536x1024.jpeg 1536w, https:\/\/visualjournalism.de\/wp-content\/uploads\/DSC_3302-1400x934.jpeg 1400w, https:\/\/visualjournalism.de\/wp-content\/uploads\/DSC_3302-1050x700.jpeg 1050w, https:\/\/visualjournalism.de\/wp-content\/uploads\/DSC_3302-670x447.jpeg 670w, https:\/\/visualjournalism.de\/wp-content\/uploads\/DSC_3302-420x280.jpeg 420w, https:\/\/visualjournalism.de\/wp-content\/uploads\/DSC_3302-350x233.jpeg 350w, https:\/\/visualjournalism.de\/wp-content\/uploads\/DSC_3302-150x100.jpeg 150w, https:\/\/visualjournalism.de\/wp-content\/uploads\/DSC_3302.jpeg 1600w\" \n                        width=\"768\"  \n                        height=\"512\" \n                        alt=\"Hannover, 30.01.2022: Haut am R\u00fccken mit Muttermalen, Akne und roten Hautirriattionen, Model: Amy Br\u00fcderlin Foto: Larissa B\u00fcrgi\"  \n                    \/>\n\n                                            <span class=\"photo-grid__image__title\">Hannover, 30.01.2022: Haut am R\u00fccken mit Muttermalen, Akne und roten Hautirriattionen, Model: Amy Br\u00fcderlin Foto: Larissa B\u00fcrgi<\/span>\n                    \n                    \n                <\/figure>\n\n            <\/div><!-- photo-grid__image -->    \n\n\n            \n\n                    \n                \n\n            <div class=\"photo-grid__image\">\n\n                <figure>\n\n                    <img loading=\"lazy\" decoding=\"async\"  \n                        src=\"https:\/\/visualjournalism.de\/wp-content\/uploads\/DSC_2308-768x512.jpeg\" \n                        srcset=\"https:\/\/visualjournalism.de\/wp-content\/uploads\/DSC_2308-768x512.jpeg 768w, https:\/\/visualjournalism.de\/wp-content\/uploads\/DSC_2308-300x200.jpeg 300w, https:\/\/visualjournalism.de\/wp-content\/uploads\/DSC_2308-1024x683.jpeg 1024w, https:\/\/visualjournalism.de\/wp-content\/uploads\/DSC_2308-1536x1024.jpeg 1536w, https:\/\/visualjournalism.de\/wp-content\/uploads\/DSC_2308-1400x934.jpeg 1400w, https:\/\/visualjournalism.de\/wp-content\/uploads\/DSC_2308-1050x700.jpeg 1050w, https:\/\/visualjournalism.de\/wp-content\/uploads\/DSC_2308-670x447.jpeg 670w, https:\/\/visualjournalism.de\/wp-content\/uploads\/DSC_2308-420x280.jpeg 420w, https:\/\/visualjournalism.de\/wp-content\/uploads\/DSC_2308-350x233.jpeg 350w, https:\/\/visualjournalism.de\/wp-content\/uploads\/DSC_2308-150x100.jpeg 150w, https:\/\/visualjournalism.de\/wp-content\/uploads\/DSC_2308.jpeg 1600w\" \n                        width=\"768\"  \n                        height=\"512\" \n                        alt=\"Hannover, 30.01.2022: R\u00fcckenansicht frontal mit Haaren, Model: Leyla Huber Foto: Larissa B\u00fcrgi\"  \n                    \/>\n\n                                            <span class=\"photo-grid__image__title\">Hannover, 30.01.2022: R\u00fcckenansicht frontal mit Haaren, Model: Leyla Huber Foto: Larissa B\u00fcrgi<\/span>\n                    \n                    \n                <\/figure>\n\n            <\/div><!-- photo-grid__image -->    \n\n\n            \n\n                    \n                \n\n            <div class=\"photo-grid__image\">\n\n                <figure>\n\n                    <img loading=\"lazy\" decoding=\"async\"  \n                        src=\"https:\/\/visualjournalism.de\/wp-content\/uploads\/DSC_2431-768x512.jpeg\" \n                        srcset=\"https:\/\/visualjournalism.de\/wp-content\/uploads\/DSC_2431-768x512.jpeg 768w, https:\/\/visualjournalism.de\/wp-content\/uploads\/DSC_2431-300x200.jpeg 300w, https:\/\/visualjournalism.de\/wp-content\/uploads\/DSC_2431-1024x683.jpeg 1024w, https:\/\/visualjournalism.de\/wp-content\/uploads\/DSC_2431-1536x1024.jpeg 1536w, https:\/\/visualjournalism.de\/wp-content\/uploads\/DSC_2431-1400x934.jpeg 1400w, https:\/\/visualjournalism.de\/wp-content\/uploads\/DSC_2431-1050x700.jpeg 1050w, https:\/\/visualjournalism.de\/wp-content\/uploads\/DSC_2431-670x447.jpeg 670w, https:\/\/visualjournalism.de\/wp-content\/uploads\/DSC_2431-420x280.jpeg 420w, https:\/\/visualjournalism.de\/wp-content\/uploads\/DSC_2431-350x233.jpeg 350w, https:\/\/visualjournalism.de\/wp-content\/uploads\/DSC_2431-150x100.jpeg 150w, https:\/\/visualjournalism.de\/wp-content\/uploads\/DSC_2431.jpeg 1600w\" \n                        width=\"768\"  \n                        height=\"512\" \n                        alt=\"Hannover, 30.01.2022: Haut mit geplatzten Adern, Model: Mirjam B\u00fcrgi Foto: Larissa B\u00fcrgi\"  \n                    \/>\n\n                                            <span class=\"photo-grid__image__title\">Hannover, 30.01.2022: Haut mit geplatzten Adern, Model: Mirjam B\u00fcrgi Foto: Larissa B\u00fcrgi<\/span>\n                    \n                    \n                <\/figure>\n\n            <\/div><!-- photo-grid__image -->    \n\n\n            \n\n            \n<\/div>\n\n\n \n    \n    <div id=\"quote-block_76a75a7149402abc7282b2fe85f30f6d\" class=\"block-quote has-spacing--m\">\n        <figure class=\"quote\">\n            <blockquote>\n                <p>Wenn man den Hashtag BodyPositivity bei Instagram in die Suchleiste eingibt, erscheinen zahlreiche Postings von Menschen, die dem verbreiteten Idealbild entsprechen \u2013 schlank und durchtrainiert.<\/p>\n            <\/blockquote>\n\n            <figcaption>\n\n                            <span><\/span>\n            <\/figcaption>\n            \n        <\/figure>\n    <\/div>\n\n\n\n\n<p class=\"post__paragraph has-spacing--xs\">\u00abEs geht nicht nur um Sch\u00f6nheitsideale, sondern darum, dass dicke Menschen f\u00fchlbar strukturell diskriminiert werden, und das hat mit diesem Wohlf\u00fcl-Hashtag bei Instagram nichts zu tun\u00bb, betont Tschorn. Und sie hat Recht: Wenn man den Hashtag BodyPositivity bei Instagram in die Suchleiste eingibt, erscheinen zahlreiche Postings von Menschen, die dem verbreiteten Idealbild entsprechen \u2013 schlank und durchtrainiert. Erst, wenn man eine Weile scrollt, tauchen auch Beitr\u00e4ge auf, die die urspr\u00fcngliche Bewegung repr\u00e4sentieren.<\/p>\n\n\n\n<p class=\"post__paragraph has-spacing--default\">Doch sollte zwischen \u00abguter\u00bb und \u00abschlechter\u00bb BodyPositivity unterschieden werden? Nein. Allerdings kann die Bewegung in verschiedene Ebenen differenziert werden. Zum einen hat BodyPositivity eine sehr individuelle Seite, auf der die Einzelperson im Fokus steht. Hier geht es darum, zu lernen, sich selbst und seinen K\u00f6rper anzunehmen &#8211; mitsamt den Ver\u00e4nderungen, die er im Lauf eines Lebens durchl\u00e4uft. Tschorn erkl\u00e4rt: \u00abMan muss sich nicht sch\u00f6n finden oder sich selbst lieben, um bodypositiv zu sein, sondern freundlich mit dem eignen K\u00f6rper umgehen und bed\u00fcrfnisorientiert handeln\u00bb. Hinzu kommt das Verst\u00e4ndnis, dass der Wert einer Person nicht davon abh\u00e4ngt, wie sehr sie optisch dem gesellschaftlichen Ideal entspricht. Zum anderen gibt es die politische Ebene, auf der BodyPositivity \u00abRespekt gegen\u00fcber allen K\u00f6rpern\u00bb fordert und somit das symbolisiert, wof\u00fcr die Bewegung seit inzwischen knapp 50 Jahren steht. Kathrin Tschorn erkl\u00e4rt: \u00abBodyPositivity will, dass K\u00f6rper nicht mehr wichtig sind, also dass wir von diesem Lookismus wegkommen und dem Glauben, an den K\u00f6rpern der Menschen irgendetwas \u00fcber sie ablesen zu k\u00f6nnen\u00bb. &nbsp;<\/p>\n\n\n\n<p class=\"post__paragraph has-spacing--default\">Durch das mediale Aufkommen der individuellen Definition als neues Sch\u00f6nheitsideal r\u00fcckt das \u00fcbergeordnete Ziel der Bewegung in den Hintergrund. Kritik kommt auf: BodyPositivity verherrliche einen ungesunden Lebensstil, verleite Menschen zum \u00dcbergewicht oder mache sie krank. Dem entgegnet Tschorn: \u00abEs geht bei BodyPositivity grunds\u00e4tzlich immer um Respekt und da ist es vollkommen egal, ob jemand gesund oder ungesund, dick oder d\u00fcnn ist\u00bb.&nbsp;<\/p>\n\n\n\n<p class=\"post__paragraph has-spacing--m\">Dementsprechend ist BodyPositivity nicht nur als das zu verstehen, was auf Social Media unter einem Hashtag verbreitet oder zu Marketingzwecken genutzt wird. Bei der Bewegung handelt es sich vielmehr um ein politisches Konzept, das seit Jahrzehnten das Ziel verfolgt, mehr soziale Gerechtigkeit und vor allem gegenseitigen Respekt in der Gesellschaft zu schaffen.<\/p>\n\n\n\n<div class=\"devider has-spacing--none\">\n    <hr>\n<\/div>\n\n\n \n\n    <div id=\"lead-in-block_544889395ec74bee856f680045a61c79\" class=\"block-lead-in typo--soehne font-size--xl has-spacing--s width--default\">\n        <h2>Das k\u00f6nnte dich auch interessieren:<\/h2>\n    <\/div>\n\n\n\n\r\n<div class=\"video-block has-spacing--s align--left\">\r\n    <div class=\"video-wrapper size--full\">\r\n        <iframe loading=\"lazy\" hcb-fetch-image-from=\"https:\/\/vimeo.com\/645138814\/603368f0f5?share=copy\" title=\"My Body My Temple\" src=\"https:\/\/player.vimeo.com\/video\/645138814?h=603368f0f5&amp;dnt=1&amp;app_id=122963\" width=\"100\" height=\"56\" frameborder=\"0\" allow=\"autoplay; fullscreen; picture-in-picture; clipboard-write; encrypted-media; web-share\" referrerpolicy=\"strict-origin-when-cross-origin\"><\/iframe>    <\/div>\r\n<\/div>\r\n\r\n\n\n\n<p class=\"post__paragraph is-style-typo--soehne has-spacing--default\">Was ist sch\u00f6n? Wie werden K\u00f6rperbilder auf Social Media repr\u00e4sentiert? Und vor allem: welche? Ivy Haase ist Journalistin und setzt sich mit dem Thema Body Positivity auseinander. <strong>Von Iv\u00e1n Furlan Cano &amp;<a href=\"https:\/\/visualjournalism.de\/felix-posner\/\" target=\"_blank\" rel=\"noreferrer noopener\"> Felix Posn<\/a><a href=\"http:\/\/felix-posner\" target=\"_blank\" rel=\"noreferrer noopener\">er<\/a><\/strong><\/p>\n\n\n\n<div class=\"wp-block-group has-spacing--m has-spacing--none\">\n<div class=\"devider has-spacing--none\">\n    <hr>\n<\/div>\n\n\n \n\n    <div id=\"lead-in-block_e1e6a3180029b1d10a923141aa48aba3\" class=\"block-lead-in typo--default font-size--default has-spacing--s width--default\">\n        <p><strong>Empfehlungen f\u00fcr dich:<\/strong><\/p>\n    <\/div>\n\n\n\n\r\n\r\n\r\n\r\n        <div class=\"teaser-grid grid-layout--3col has-spacing--none width--inline\">\r\n            \r\n                \r\n                <article class=\"post-teaser\">\r\n\r\n                    \r\n                        <a href=\"https:\/\/visualjournalism.de\/en\/magazine\/ideale\/ideale-in-der-familie-nein-mama-und-papa-ich-werde-keine-arztin\/\">\r\n\r\n                    \r\n                        <div class=\"post-teaser__content\">\r\n\r\n                            <span class=\"entry-categories\">Ideale<\/span>\r\n                            <h3 class=\"post-teaser__headline\">\r\n                                Nein Mama und Papa, ich werde keine \u00c4rztin!                            <\/h3>\r\n\r\n                            <div class=\"post-teaser__excerpt\">\r\n                                <p>\r\n                                    Wenn Eltern versuchen, ihre eigenen Ideale auf ihre Kinder zu projizieren. Ein Gespr\u00e4ch mit der Autorin Ulrike Bartholom\u00e4us.                                <\/p>\r\n                            <\/div>\r\n\r\n                        <\/div><!-- .post-teaser__content -->\r\n                \r\n\r\n                        \r\n                        <figure class=\"post-teaser__image\">\r\n\r\n                        <img loading=\"lazy\" decoding=\"async\"  \r\n                            src=\"https:\/\/visualjournalism.de\/wp-content\/uploads\/ulrike-bartholomaeus-72dpi-768x487.jpg\" \r\n                            srcset=\"https:\/\/visualjournalism.de\/wp-content\/uploads\/ulrike-bartholomaeus-72dpi-768x487.jpg 768w, https:\/\/visualjournalism.de\/wp-content\/uploads\/ulrike-bartholomaeus-72dpi-300x190.jpg 300w, https:\/\/visualjournalism.de\/wp-content\/uploads\/ulrike-bartholomaeus-72dpi-1024x649.jpg 1024w, https:\/\/visualjournalism.de\/wp-content\/uploads\/ulrike-bartholomaeus-72dpi-1536x973.jpg 1536w, https:\/\/visualjournalism.de\/wp-content\/uploads\/ulrike-bartholomaeus-72dpi-1400x887.jpg 1400w, https:\/\/visualjournalism.de\/wp-content\/uploads\/ulrike-bartholomaeus-72dpi-1050x665.jpg 1050w, https:\/\/visualjournalism.de\/wp-content\/uploads\/ulrike-bartholomaeus-72dpi-670x425.jpg 670w, https:\/\/visualjournalism.de\/wp-content\/uploads\/ulrike-bartholomaeus-72dpi-420x266.jpg 420w, https:\/\/visualjournalism.de\/wp-content\/uploads\/ulrike-bartholomaeus-72dpi-350x222.jpg 350w, https:\/\/visualjournalism.de\/wp-content\/uploads\/ulrike-bartholomaeus-72dpi-150x95.jpg 150w, https:\/\/visualjournalism.de\/wp-content\/uploads\/ulrike-bartholomaeus-72dpi.jpg 1600w\" \r\n                            width=\"768\"  \r\n                            height=\"487\" \r\n                            alt=\"\" \r\n                            style=\"object-position: 50% 50%\"\r\n                            \/>\r\n\r\n                        <\/figure>\r\n                                            \r\n                     \r\n                    <\/a>\r\n                                        \r\n                <\/article><!--- .post-teaser-->\r\n\r\n                \r\n            \r\n                \r\n                <article class=\"post-teaser\">\r\n\r\n                    \r\n                        <a href=\"https:\/\/visualjournalism.de\/en\/magazine\/ideale\/wie-meine-ideale-mich-in-die-magersucht-fuhrten\/\">\r\n\r\n                    \r\n                        <div class=\"post-teaser__content\">\r\n\r\n                            <span class=\"entry-categories\">Ideale<\/span>\r\n                            <h3 class=\"post-teaser__headline\">\r\n                                Wie meine Ideale mich in die Magersucht f\u00fchrten                            <\/h3>\r\n\r\n                            <div class=\"post-teaser__excerpt\">\r\n                                <p>\r\n                                    Schon im Kindergarten f\u00fchlte sich unsere Autorin nicht besonders sportlich. Dass sie jemals so krank werden w\u00fcrde, h\u00e4tte sie nie gedacht.                                <\/p>\r\n                            <\/div>\r\n\r\n                        <\/div><!-- .post-teaser__content -->\r\n                \r\n\r\n                        \r\n                        <figure class=\"post-teaser__image\">\r\n\r\n                        <img loading=\"lazy\" decoding=\"async\"  \r\n                            src=\"https:\/\/visualjournalism.de\/wp-content\/uploads\/magersucht1-768x439.jpg\" \r\n                            srcset=\"https:\/\/visualjournalism.de\/wp-content\/uploads\/magersucht1-768x439.jpg 768w, https:\/\/visualjournalism.de\/wp-content\/uploads\/magersucht1-300x172.jpg 300w, https:\/\/visualjournalism.de\/wp-content\/uploads\/magersucht1-1024x586.jpg 1024w, https:\/\/visualjournalism.de\/wp-content\/uploads\/magersucht1-1536x879.jpg 1536w, https:\/\/visualjournalism.de\/wp-content\/uploads\/magersucht1-1400x801.jpg 1400w, https:\/\/visualjournalism.de\/wp-content\/uploads\/magersucht1-1050x601.jpg 1050w, https:\/\/visualjournalism.de\/wp-content\/uploads\/magersucht1-670x383.jpg 670w, https:\/\/visualjournalism.de\/wp-content\/uploads\/magersucht1-420x240.jpg 420w, https:\/\/visualjournalism.de\/wp-content\/uploads\/magersucht1-350x200.jpg 350w, https:\/\/visualjournalism.de\/wp-content\/uploads\/magersucht1-150x86.jpg 150w, https:\/\/visualjournalism.de\/wp-content\/uploads\/magersucht1.jpg 1888w\" \r\n                            width=\"768\"  \r\n                            height=\"439\" \r\n                            alt=\"\" \r\n                            style=\"object-position: 49.76% 32.09%\"\r\n                            \/>\r\n\r\n                        <\/figure>\r\n                                            \r\n                     \r\n                    <\/a>\r\n                                        \r\n                <\/article><!--- .post-teaser-->\r\n\r\n                \r\n            \r\n                \r\n                <article class=\"post-teaser\">\r\n\r\n                    \r\n                        <a href=\"https:\/\/visualjournalism.de\/en\/magazine\/ideale\/wie-najiba-zur-ersten-afghanischen-drag-queen-wurde\/\">\r\n\r\n                    \r\n                        <div class=\"post-teaser__content\">\r\n\r\n                            <span class=\"entry-categories\">Ideale<\/span>\r\n                            <h3 class=\"post-teaser__headline\">\r\n                                Wie Najiba zur ersten afghanischen Dragqueen wurde                            <\/h3>\r\n\r\n                            <div class=\"post-teaser__excerpt\">\r\n                                <p>\r\n                                    Aufgewachsen in einer konservativen afghanischen Familie, wird Najib wegen seiner queeren Identit\u00e4t misshandelt. Heute setzt er sich als Najiba f\u00fcr die LGBTQIA+-Gemeinde ein.                                <\/p>\r\n                            <\/div>\r\n\r\n                        <\/div><!-- .post-teaser__content -->\r\n                \r\n\r\n                        \r\n                        <figure class=\"post-teaser__image\">\r\n\r\n                        <img loading=\"lazy\" decoding=\"async\"  \r\n                            src=\"https:\/\/visualjournalism.de\/wp-content\/uploads\/6_Armina-Ahmadinia-scaled-e1688671002251-768x1114.jpg\" \r\n                            srcset=\"https:\/\/visualjournalism.de\/wp-content\/uploads\/6_Armina-Ahmadinia-scaled-e1688671002251-768x1114.jpg 768w, https:\/\/visualjournalism.de\/wp-content\/uploads\/6_Armina-Ahmadinia-scaled-e1688671002251-207x300.jpg 207w, https:\/\/visualjournalism.de\/wp-content\/uploads\/6_Armina-Ahmadinia-scaled-e1688671002251-706x1024.jpg 706w, https:\/\/visualjournalism.de\/wp-content\/uploads\/6_Armina-Ahmadinia-scaled-e1688671002251-1059x1536.jpg 1059w, https:\/\/visualjournalism.de\/wp-content\/uploads\/6_Armina-Ahmadinia-scaled-e1688671002251-1412x2048.jpg 1412w, https:\/\/visualjournalism.de\/wp-content\/uploads\/6_Armina-Ahmadinia-scaled-e1688671002251-1400x2031.jpg 1400w, https:\/\/visualjournalism.de\/wp-content\/uploads\/6_Armina-Ahmadinia-scaled-e1688671002251-1050x1523.jpg 1050w, https:\/\/visualjournalism.de\/wp-content\/uploads\/6_Armina-Ahmadinia-scaled-e1688671002251-670x972.jpg 670w, https:\/\/visualjournalism.de\/wp-content\/uploads\/6_Armina-Ahmadinia-scaled-e1688671002251-420x609.jpg 420w, https:\/\/visualjournalism.de\/wp-content\/uploads\/6_Armina-Ahmadinia-scaled-e1688671002251-350x508.jpg 350w, https:\/\/visualjournalism.de\/wp-content\/uploads\/6_Armina-Ahmadinia-scaled-e1688671002251-300x435.jpg 300w, https:\/\/visualjournalism.de\/wp-content\/uploads\/6_Armina-Ahmadinia-scaled-e1688671002251-150x218.jpg 150w, https:\/\/visualjournalism.de\/wp-content\/uploads\/6_Armina-Ahmadinia-scaled-e1688671002251.jpg 1707w\" \r\n                            width=\"768\"  \r\n                            height=\"1114\" \r\n                            alt=\"\" \r\n                            style=\"object-position: 50% 50%\"\r\n                            \/>\r\n\r\n                        <\/figure>\r\n                                            \r\n                     \r\n                    <\/a>\r\n                                        \r\n                <\/article><!--- .post-teaser-->\r\n\r\n                        <\/div><!-- .teaser-grid -->\r\n\r\n    <\/div>\n","protected":false},"author":24,"featured_media":20764,"template":"","tags":[144],"magazinkategorie":[154],"class_list":["post-20636","magazin","type-magazin","status-publish","has-post-thumbnail","hentry","tag-ideale","magazinkategorie-ideale"],"acf":[],"yoast_head":"<!-- This site is optimized with the Yoast SEO Premium plugin v27.3 (Yoast SEO v27.3) - https:\/\/yoast.com\/product\/yoast-seo-premium-wordpress\/ -->\n<title>#bodypositivity<\/title>\n<meta name=\"description\" content=\"Wie der Selbstliebe-Trend unsere Sicht auf die wahren Probleme der Gesellschaft vernebelt.\" \/>\n<meta name=\"robots\" content=\"index, follow, max-snippet:-1, max-image-preview:large, max-video-preview:-1\" \/>\n<link rel=\"canonical\" href=\"https:\/\/visualjournalism.de\/en\/magazine\/ideale\/bodypositivity-der-kampf-fur-respekt\/\" \/>\n<meta property=\"og:locale\" content=\"en_US\" \/>\n<meta property=\"og:type\" content=\"article\" \/>\n<meta property=\"og:title\" content=\"Bodypositivity\" \/>\n<meta property=\"og:description\" content=\"Wie der Selbstliebe-Trend unsere Sicht auf die wahren Probleme der Gesellschaft vernebelt.\" \/>\n<meta property=\"og:url\" content=\"https:\/\/visualjournalism.de\/en\/magazine\/ideale\/bodypositivity-der-kampf-fur-respekt\/\" \/>\n<meta property=\"og:site_name\" content=\"Visual Journalism and Documentary Photography\" \/>\n<meta property=\"article:publisher\" content=\"https:\/\/www.facebook.com\/people\/wwwfotostudentende\/100065173703897\/\" \/>\n<meta property=\"article:modified_time\" content=\"2023-12-23T12:17:27+00:00\" \/>\n<meta property=\"og:image\" content=\"https:\/\/visualjournalism.de\/wp-content\/uploads\/DSC_2635.jpeg\" \/>\n\t<meta property=\"og:image:width\" content=\"1600\" \/>\n\t<meta property=\"og:image:height\" content=\"1067\" \/>\n\t<meta property=\"og:image:type\" content=\"image\/jpeg\" \/>\n<meta name=\"twitter:card\" content=\"summary_large_image\" \/>\n<meta name=\"twitter:site\" content=\"@HsHannover\" \/>\n<meta name=\"twitter:label1\" content=\"Est. reading time\" \/>\n\t<meta name=\"twitter:data1\" content=\"4 minutes\" \/>\n<script type=\"application\/ld+json\" class=\"yoast-schema-graph\">{\"@context\":\"https:\\\/\\\/schema.org\",\"@graph\":[{\"@type\":\"WebPage\",\"@id\":\"https:\\\/\\\/visualjournalism.de\\\/en\\\/magazine\\\/ideale\\\/bodypositivity-der-kampf-fur-respekt\\\/\",\"url\":\"https:\\\/\\\/visualjournalism.de\\\/en\\\/magazine\\\/ideale\\\/bodypositivity-der-kampf-fur-respekt\\\/\",\"name\":\"#bodypositivity\",\"isPartOf\":{\"@id\":\"https:\\\/\\\/visualjournalism.de\\\/en\\\/#website\"},\"primaryImageOfPage\":{\"@id\":\"https:\\\/\\\/visualjournalism.de\\\/en\\\/magazine\\\/ideale\\\/bodypositivity-der-kampf-fur-respekt\\\/#primaryimage\"},\"image\":{\"@id\":\"https:\\\/\\\/visualjournalism.de\\\/en\\\/magazine\\\/ideale\\\/bodypositivity-der-kampf-fur-respekt\\\/#primaryimage\"},\"thumbnailUrl\":\"https:\\\/\\\/visualjournalism.de\\\/wp-content\\\/uploads\\\/DSC_2635.jpeg\",\"datePublished\":\"2023-06-06T22:19:46+00:00\",\"dateModified\":\"2023-12-23T12:17:27+00:00\",\"description\":\"Wie der Selbstliebe-Trend unsere Sicht auf die wahren Probleme der Gesellschaft vernebelt.\",\"breadcrumb\":{\"@id\":\"https:\\\/\\\/visualjournalism.de\\\/en\\\/magazine\\\/ideale\\\/bodypositivity-der-kampf-fur-respekt\\\/#breadcrumb\"},\"inLanguage\":\"en-US\",\"potentialAction\":[{\"@type\":\"ReadAction\",\"target\":[\"https:\\\/\\\/visualjournalism.de\\\/en\\\/magazine\\\/ideale\\\/bodypositivity-der-kampf-fur-respekt\\\/\"]}]},{\"@type\":\"ImageObject\",\"inLanguage\":\"en-US\",\"@id\":\"https:\\\/\\\/visualjournalism.de\\\/en\\\/magazine\\\/ideale\\\/bodypositivity-der-kampf-fur-respekt\\\/#primaryimage\",\"url\":\"https:\\\/\\\/visualjournalism.de\\\/wp-content\\\/uploads\\\/DSC_2635.jpeg\",\"contentUrl\":\"https:\\\/\\\/visualjournalism.de\\\/wp-content\\\/uploads\\\/DSC_2635.jpeg\",\"width\":1600,\"height\":1067,\"caption\":\"Hannover, 30.01.2022: Brust mit Haaren zusammengezogen\\\/gequetscht , Model: Konrad B\u00fcrgi Foto: Larissa B\u00fcrgi\"},{\"@type\":\"BreadcrumbList\",\"@id\":\"https:\\\/\\\/visualjournalism.de\\\/en\\\/magazine\\\/ideale\\\/bodypositivity-der-kampf-fur-respekt\\\/#breadcrumb\",\"itemListElement\":[{\"@type\":\"ListItem\",\"position\":1,\"name\":\"Home\",\"item\":\"https:\\\/\\\/visualjournalism.de\\\/en\\\/\"},{\"@type\":\"ListItem\",\"position\":2,\"name\":\"Magazin\",\"item\":\"https:\\\/\\\/visualjournalism.de\\\/en\\\/magazine\\\/\"},{\"@type\":\"ListItem\",\"position\":3,\"name\":\"Bodypositivity\"}]},{\"@type\":\"WebSite\",\"@id\":\"https:\\\/\\\/visualjournalism.de\\\/en\\\/#website\",\"url\":\"https:\\\/\\\/visualjournalism.de\\\/en\\\/\",\"name\":\"Visual Journalism and Documentary Photography\",\"description\":\"All about the bilingual bachelor&#039;s program at Hannover University of Applied Sciences and Arts.\",\"publisher\":{\"@id\":\"https:\\\/\\\/visualjournalism.de\\\/en\\\/#organization\"},\"alternateName\":\"visualjournalism.de\",\"potentialAction\":[{\"@type\":\"SearchAction\",\"target\":{\"@type\":\"EntryPoint\",\"urlTemplate\":\"https:\\\/\\\/visualjournalism.de\\\/en\\\/?s={search_term_string}\"},\"query-input\":{\"@type\":\"PropertyValueSpecification\",\"valueRequired\":true,\"valueName\":\"search_term_string\"}}],\"inLanguage\":\"en-US\"},{\"@type\":\"Organization\",\"@id\":\"https:\\\/\\\/visualjournalism.de\\\/en\\\/#organization\",\"name\":\"Hochschule Hannover \u2013 University of Applied Sciences and Arts\",\"alternateName\":\"HsH\",\"url\":\"https:\\\/\\\/visualjournalism.de\\\/en\\\/\",\"logo\":{\"@type\":\"ImageObject\",\"inLanguage\":\"en-US\",\"@id\":\"https:\\\/\\\/visualjournalism.de\\\/en\\\/#\\\/schema\\\/logo\\\/image\\\/\",\"url\":\"https:\\\/\\\/visualjournalism.de\\\/wp-content\\\/uploads\\\/logo-hochschule-hannover.png\",\"contentUrl\":\"https:\\\/\\\/visualjournalism.de\\\/wp-content\\\/uploads\\\/logo-hochschule-hannover.png\",\"width\":363,\"height\":270,\"caption\":\"Hochschule Hannover \u2013 University of Applied Sciences and Arts\"},\"image\":{\"@id\":\"https:\\\/\\\/visualjournalism.de\\\/en\\\/#\\\/schema\\\/logo\\\/image\\\/\"},\"sameAs\":[\"https:\\\/\\\/www.facebook.com\\\/people\\\/wwwfotostudentende\\\/100065173703897\\\/\",\"https:\\\/\\\/x.com\\\/HsHannover\",\"https:\\\/\\\/www.instagram.com\\\/visualjournalism.de\\\/\"]}]}<\/script>\n<!-- \/ Yoast SEO Premium plugin. -->","yoast_head_json":{"title":"#bodypositivity","description":"Wie der Selbstliebe-Trend unsere Sicht auf die wahren Probleme der Gesellschaft vernebelt.","robots":{"index":"index","follow":"follow","max-snippet":"max-snippet:-1","max-image-preview":"max-image-preview:large","max-video-preview":"max-video-preview:-1"},"canonical":"https:\/\/visualjournalism.de\/en\/magazine\/ideale\/bodypositivity-der-kampf-fur-respekt\/","og_locale":"en_US","og_type":"article","og_title":"Bodypositivity","og_description":"Wie der Selbstliebe-Trend unsere Sicht auf die wahren Probleme der Gesellschaft vernebelt.","og_url":"https:\/\/visualjournalism.de\/en\/magazine\/ideale\/bodypositivity-der-kampf-fur-respekt\/","og_site_name":"Visual Journalism and Documentary Photography","article_publisher":"https:\/\/www.facebook.com\/people\/wwwfotostudentende\/100065173703897\/","article_modified_time":"2023-12-23T12:17:27+00:00","og_image":[{"width":1600,"height":1067,"url":"https:\/\/visualjournalism.de\/wp-content\/uploads\/DSC_2635.jpeg","type":"image\/jpeg"}],"twitter_card":"summary_large_image","twitter_site":"@HsHannover","twitter_misc":{"Est. reading time":"4 minutes"},"schema":{"@context":"https:\/\/schema.org","@graph":[{"@type":"WebPage","@id":"https:\/\/visualjournalism.de\/en\/magazine\/ideale\/bodypositivity-der-kampf-fur-respekt\/","url":"https:\/\/visualjournalism.de\/en\/magazine\/ideale\/bodypositivity-der-kampf-fur-respekt\/","name":"#bodypositivity","isPartOf":{"@id":"https:\/\/visualjournalism.de\/en\/#website"},"primaryImageOfPage":{"@id":"https:\/\/visualjournalism.de\/en\/magazine\/ideale\/bodypositivity-der-kampf-fur-respekt\/#primaryimage"},"image":{"@id":"https:\/\/visualjournalism.de\/en\/magazine\/ideale\/bodypositivity-der-kampf-fur-respekt\/#primaryimage"},"thumbnailUrl":"https:\/\/visualjournalism.de\/wp-content\/uploads\/DSC_2635.jpeg","datePublished":"2023-06-06T22:19:46+00:00","dateModified":"2023-12-23T12:17:27+00:00","description":"Wie der Selbstliebe-Trend unsere Sicht auf die wahren Probleme der Gesellschaft vernebelt.","breadcrumb":{"@id":"https:\/\/visualjournalism.de\/en\/magazine\/ideale\/bodypositivity-der-kampf-fur-respekt\/#breadcrumb"},"inLanguage":"en-US","potentialAction":[{"@type":"ReadAction","target":["https:\/\/visualjournalism.de\/en\/magazine\/ideale\/bodypositivity-der-kampf-fur-respekt\/"]}]},{"@type":"ImageObject","inLanguage":"en-US","@id":"https:\/\/visualjournalism.de\/en\/magazine\/ideale\/bodypositivity-der-kampf-fur-respekt\/#primaryimage","url":"https:\/\/visualjournalism.de\/wp-content\/uploads\/DSC_2635.jpeg","contentUrl":"https:\/\/visualjournalism.de\/wp-content\/uploads\/DSC_2635.jpeg","width":1600,"height":1067,"caption":"Hannover, 30.01.2022: Brust mit Haaren zusammengezogen\/gequetscht , Model: Konrad B\u00fcrgi Foto: Larissa B\u00fcrgi"},{"@type":"BreadcrumbList","@id":"https:\/\/visualjournalism.de\/en\/magazine\/ideale\/bodypositivity-der-kampf-fur-respekt\/#breadcrumb","itemListElement":[{"@type":"ListItem","position":1,"name":"Home","item":"https:\/\/visualjournalism.de\/en\/"},{"@type":"ListItem","position":2,"name":"Magazin","item":"https:\/\/visualjournalism.de\/en\/magazine\/"},{"@type":"ListItem","position":3,"name":"Bodypositivity"}]},{"@type":"WebSite","@id":"https:\/\/visualjournalism.de\/en\/#website","url":"https:\/\/visualjournalism.de\/en\/","name":"Visual Journalism and Documentary Photography","description":"All about the bilingual bachelor&#039;s program at Hannover University of Applied Sciences and Arts.","publisher":{"@id":"https:\/\/visualjournalism.de\/en\/#organization"},"alternateName":"visualjournalism.de","potentialAction":[{"@type":"SearchAction","target":{"@type":"EntryPoint","urlTemplate":"https:\/\/visualjournalism.de\/en\/?s={search_term_string}"},"query-input":{"@type":"PropertyValueSpecification","valueRequired":true,"valueName":"search_term_string"}}],"inLanguage":"en-US"},{"@type":"Organization","@id":"https:\/\/visualjournalism.de\/en\/#organization","name":"Hochschule Hannover \u2013 University of Applied Sciences and Arts","alternateName":"HsH","url":"https:\/\/visualjournalism.de\/en\/","logo":{"@type":"ImageObject","inLanguage":"en-US","@id":"https:\/\/visualjournalism.de\/en\/#\/schema\/logo\/image\/","url":"https:\/\/visualjournalism.de\/wp-content\/uploads\/logo-hochschule-hannover.png","contentUrl":"https:\/\/visualjournalism.de\/wp-content\/uploads\/logo-hochschule-hannover.png","width":363,"height":270,"caption":"Hochschule Hannover \u2013 University of Applied Sciences and Arts"},"image":{"@id":"https:\/\/visualjournalism.de\/en\/#\/schema\/logo\/image\/"},"sameAs":["https:\/\/www.facebook.com\/people\/wwwfotostudentende\/100065173703897\/","https:\/\/x.com\/HsHannover","https:\/\/www.instagram.com\/visualjournalism.de\/"]}]}},"_links":{"self":[{"href":"https:\/\/visualjournalism.de\/en\/wp-json\/wp\/v2\/magazin\/20636","targetHints":{"allow":["GET"]}}],"collection":[{"href":"https:\/\/visualjournalism.de\/en\/wp-json\/wp\/v2\/magazin"}],"about":[{"href":"https:\/\/visualjournalism.de\/en\/wp-json\/wp\/v2\/types\/magazin"}],"author":[{"embeddable":true,"href":"https:\/\/visualjournalism.de\/en\/wp-json\/wp\/v2\/users\/24"}],"version-history":[{"count":0,"href":"https:\/\/visualjournalism.de\/en\/wp-json\/wp\/v2\/magazin\/20636\/revisions"}],"wp:featuredmedia":[{"embeddable":true,"href":"https:\/\/visualjournalism.de\/en\/wp-json\/wp\/v2\/media\/20764"}],"wp:attachment":[{"href":"https:\/\/visualjournalism.de\/en\/wp-json\/wp\/v2\/media?parent=20636"}],"wp:term":[{"taxonomy":"post_tag","embeddable":true,"href":"https:\/\/visualjournalism.de\/en\/wp-json\/wp\/v2\/tags?post=20636"},{"taxonomy":"magazinkategorie","embeddable":true,"href":"https:\/\/visualjournalism.de\/en\/wp-json\/wp\/v2\/magazinkategorie?post=20636"}],"curies":[{"name":"wp","href":"https:\/\/api.w.org\/{rel}","templated":true}]}}