{"id":29442,"date":"2023-10-30T07:34:20","date_gmt":"2023-10-30T07:34:20","guid":{"rendered":"https:\/\/visualjournalism.de\/?post_type=magazin&#038;p=29442"},"modified":"2024-07-04T12:27:28","modified_gmt":"2024-07-04T12:27:28","slug":"self-empowerment-heraus-aus-dem-ohnmachtsgefuhl","status":"publish","type":"magazin","link":"https:\/\/visualjournalism.de\/en\/magazine\/macht-und-kontrolle\/self-empowerment-heraus-aus-dem-ohnmachtsgefuhl\/","title":{"rendered":"Self-Empowerment: Heraus aus dem Ohnmachtsgef\u00fchl"},"content":{"rendered":"\r\n<div class=\"cover--lead-in has-spacing--m\">\r\n\r\n    \r\n    <div class=\"cover--lead-in__content typo--tiempos\">\r\n\r\n        <div class=\"entry-categories\">\n\t<a class=\"post__tag\" href=\"https:\/\/visualjournalism.de\/magazin-kategorie\/macht-und-kontrolle\/\" rel=\"category tag\">Macht und Kontrolle<\/a><\/div>\r\n        <h2 class=\"cover--lead-in__headline \">\r\n            Heraus aus dem Ohnmachtsgef\u00fchl        <\/h2>\r\n\r\n                    <div class=\"cover--lead-in__text\">\r\n                <p>Sechs junge Menschen erz\u00e4hlen, wie sie durch Selbsterm\u00e4chtigung im Alltag zu Freiheit und Eigenst\u00e4ndigkeit finden. <strong>Von <a href=\"https:\/\/visualjournalism.de\/en\/pha-croissant\/\" target=\"_blank\" rel=\"noopener\">Pha Croissant<\/a><\/strong><\/p>\n            <\/div>\r\n        \r\n                    <div class=\"cover--lead-in__author\">\r\n                \r\n                    \r\n                            <figure class=\"cover--lead-in__author__image\">\r\n\r\n                                                                    <a href=\"https:\/\/visualjournalism.de\/pha-croissant\/\" target=\"_blank\">\r\n                                \r\n                                <img loading=\"lazy\" decoding=\"async\"\r\n                                    src=\"https:\/\/visualjournalism.de\/wp-content\/uploads\/Pha_Croissant_Autor_innenportraet-1-S-W-68x68.jpg\"\r\n                                    srcset=\"https:\/\/visualjournalism.de\/wp-content\/uploads\/Pha_Croissant_Autor_innenportraet-1-S-W-68x68.jpg 68w, https:\/\/visualjournalism.de\/wp-content\/uploads\/Pha_Croissant_Autor_innenportraet-1-S-W-150x150.jpg 150w, https:\/\/visualjournalism.de\/wp-content\/uploads\/Pha_Croissant_Autor_innenportraet-1-S-W-52x52.jpg 52w, https:\/\/visualjournalism.de\/wp-content\/uploads\/Pha_Croissant_Autor_innenportraet-1-S-W-96x96.jpg 96w\"\r\n                                    width=\"68\"\r\n                                    height=\"68\"\r\n                                    alt=\"\"\r\n                                \/>\r\n\r\n                                                                    <\/a>\r\n                                \r\n                            <\/figure>\r\n\r\n                                    <\/div><!-- .cover--lead-in__author -->\r\n        \r\n    <\/div><!-- .cover--lead-in__content -->\r\n\r\n    \r\n        <figure class=\"cover--lead-in__image cover--lead-in__media cover--lead-in__media--image\">\r\n            <img loading=\"lazy\" decoding=\"async\"\r\n                src=\"https:\/\/visualjournalism.de\/wp-content\/uploads\/Online_Magazin_Pha_Croissant_Was_ermaechtigt_mich-6-2-e1718120021826.jpg\"\r\n                srcset=\"https:\/\/visualjournalism.de\/wp-content\/uploads\/Online_Magazin_Pha_Croissant_Was_ermaechtigt_mich-6-2-e1718120021826.jpg 1410w, https:\/\/visualjournalism.de\/wp-content\/uploads\/Online_Magazin_Pha_Croissant_Was_ermaechtigt_mich-6-2-e1718120021826-300x197.jpg 300w, https:\/\/visualjournalism.de\/wp-content\/uploads\/Online_Magazin_Pha_Croissant_Was_ermaechtigt_mich-6-2-e1718120021826-1024x672.jpg 1024w, https:\/\/visualjournalism.de\/wp-content\/uploads\/Online_Magazin_Pha_Croissant_Was_ermaechtigt_mich-6-2-e1718120021826-768x504.jpg 768w, https:\/\/visualjournalism.de\/wp-content\/uploads\/Online_Magazin_Pha_Croissant_Was_ermaechtigt_mich-6-2-e1718120021826-1400x918.jpg 1400w, https:\/\/visualjournalism.de\/wp-content\/uploads\/Online_Magazin_Pha_Croissant_Was_ermaechtigt_mich-6-2-e1718120021826-1050x689.jpg 1050w, https:\/\/visualjournalism.de\/wp-content\/uploads\/Online_Magazin_Pha_Croissant_Was_ermaechtigt_mich-6-2-e1718120021826-670x440.jpg 670w, https:\/\/visualjournalism.de\/wp-content\/uploads\/Online_Magazin_Pha_Croissant_Was_ermaechtigt_mich-6-2-e1718120021826-420x276.jpg 420w, https:\/\/visualjournalism.de\/wp-content\/uploads\/Online_Magazin_Pha_Croissant_Was_ermaechtigt_mich-6-2-e1718120021826-350x230.jpg 350w, https:\/\/visualjournalism.de\/wp-content\/uploads\/Online_Magazin_Pha_Croissant_Was_ermaechtigt_mich-6-2-e1718120021826-150x98.jpg 150w\"\r\n                width=\"1410\"\r\n                height=\"925\"\r\n                alt=\"Hannover, 25.06.2023, Nina Freckles. Oft f\u00fchle ich mich gar nicht so m\u00e4chtig und habe das gef\u00fchl von meinen Gedanken und Emotionen \u00fcberw\u00e4ltigt zu werden. Wenn ich dann Songs dar\u00fcber schreibe erlange ich Macht \u00fcber meine Unsicherheiten und einfach alles was mich so besch\u00e4ftigt\/belastet. Wenn ich auf der B\u00fchne steh aber mit anderen Menschen\/meiner Band musiziere habe ich das Gef\u00fchl genau richtig zu sein. Dann f\u00fchle ich mich besonders m\u00e4chtig!\"\r\n                style=\"object-position: 78.67% 79.19%\"\r\n            \/>\r\n        <\/figure>\r\n\r\n                    <span class=\"cover--lead-in__image-title\">\r\n                Was erm\u00e4chtigt mich? , Hannover, 25.06.2023, Nina Freckles , Foto: Pha Croissant            <\/span>\r\n        \r\n    \r\n<\/div><!-- .cover--lead-in -->\r\n\r\n\n\n\n<p class=\"post__paragraph has-spacing--l\"><strong>\u00abIch kann ja doch nichts \u00e4ndern\u00bb<\/strong> \u2013 dieser Satz f\u00e4llt oft, wenn wir \u00fcber Missst\u00e4nde diskutieren. Dieses Gef\u00fchl, ohnm\u00e4chtig dazustehen, ein Spielball des Geschehens zu sein, haben Psychologie, Soziologie und Soziale Arbeit erkannt und beschrieben. Diesem Gef\u00fchl entgegen steht das Konzept des Empowerments \u2013 also der Prozess, in dem sich Individuen aus dieser gef\u00fchlten Machtlosigkeit befreien. In dem sie Handlungsspielr\u00e4ume f\u00fcr sich entdecken. Und in dem sie schlie\u00dflich unn\u00f6tige Abh\u00e4ngigkeiten und Einschr\u00e4nkungen \u00fcberwinden. So erlangen Menschen Souver\u00e4nit\u00e4t \u00fcber ihre Entscheidungen, \u00fcber ihr Handeln \u2013 und gewinnen damit das Gef\u00fchl der eigenen Selbstwirksamkeit. Sechs Individuen schildern in handgeschriebenen Notizen, was sie im Alltag erm\u00e4chtigt.<\/p>\n\n\n\n<div class=\"devider has-spacing--none\">\n    <hr>\n<\/div>\n\n\n    <div class=\"headline-block has-spacing--m\">\n\n        <h2 class=\"post__headline has-subheadline\">1. Laurin:<\/h2>\n\n                    <h3 class=\"post__subheadline\">\u00abIch denke, wenn ich mich wohlf\u00fchle, dann bin ich auch m\u00e4chtig.\u00bb<\/h3>\n        \n    <\/div>\n\n    \n\n\n\n    <figure class=\"block-photo post__image--full has-spacing--xs with-title\">\n\n        <div class=\"post__image__container\">\n            <img loading=\"lazy\" decoding=\"async\" \n                src=\"https:\/\/visualjournalism.de\/wp-content\/uploads\/Online_Magazin_Pha_Croissant_Was_ermaechtigt_mich-1-2-1400x990.jpg\"\n                srcset=\"https:\/\/visualjournalism.de\/wp-content\/uploads\/Online_Magazin_Pha_Croissant_Was_ermaechtigt_mich-1-2-1400x990.jpg 1400w, https:\/\/visualjournalism.de\/wp-content\/uploads\/Online_Magazin_Pha_Croissant_Was_ermaechtigt_mich-1-2-300x212.jpg 300w, https:\/\/visualjournalism.de\/wp-content\/uploads\/Online_Magazin_Pha_Croissant_Was_ermaechtigt_mich-1-2-1024x724.jpg 1024w, https:\/\/visualjournalism.de\/wp-content\/uploads\/Online_Magazin_Pha_Croissant_Was_ermaechtigt_mich-1-2-768x543.jpg 768w, https:\/\/visualjournalism.de\/wp-content\/uploads\/Online_Magazin_Pha_Croissant_Was_ermaechtigt_mich-1-2-1536x1086.jpg 1536w, https:\/\/visualjournalism.de\/wp-content\/uploads\/Online_Magazin_Pha_Croissant_Was_ermaechtigt_mich-1-2-1050x742.jpg 1050w, https:\/\/visualjournalism.de\/wp-content\/uploads\/Online_Magazin_Pha_Croissant_Was_ermaechtigt_mich-1-2-670x474.jpg 670w, https:\/\/visualjournalism.de\/wp-content\/uploads\/Online_Magazin_Pha_Croissant_Was_ermaechtigt_mich-1-2-420x297.jpg 420w, https:\/\/visualjournalism.de\/wp-content\/uploads\/Online_Magazin_Pha_Croissant_Was_ermaechtigt_mich-1-2-350x247.jpg 350w, https:\/\/visualjournalism.de\/wp-content\/uploads\/Online_Magazin_Pha_Croissant_Was_ermaechtigt_mich-1-2-150x106.jpg 150w, https:\/\/visualjournalism.de\/wp-content\/uploads\/Online_Magazin_Pha_Croissant_Was_ermaechtigt_mich-1-2.jpg 1600w\"\n                width=\"1400\" \n                height=\"990\"\n                alt=\"Hannover, 07.04.2023, Laurin.\" \n            \/>\n            \n                            <span class=\"post__image__title\">Was erm\u00e4chtigt mich? Hannover, , 07.04.2023, Laurin,  Foto: Pha Croissant<\/span>\n                    <\/div><!-- post__image__container -->\n\n        \n    <\/figure><!-- post__image -->\n\n\n\n    <figure class=\"block-photo post__image--full has-spacing--m no-title\">\n\n        <div class=\"post__image__container\">\n            <img loading=\"lazy\" decoding=\"async\" \n                src=\"https:\/\/visualjournalism.de\/wp-content\/uploads\/Online_Magazin_Pha_Croissant_Was_ermaechtigt_mich-1-3-1400x1000.jpg\"\n                srcset=\"https:\/\/visualjournalism.de\/wp-content\/uploads\/Online_Magazin_Pha_Croissant_Was_ermaechtigt_mich-1-3-1400x1000.jpg 1400w, https:\/\/visualjournalism.de\/wp-content\/uploads\/Online_Magazin_Pha_Croissant_Was_ermaechtigt_mich-1-3-300x214.jpg 300w, https:\/\/visualjournalism.de\/wp-content\/uploads\/Online_Magazin_Pha_Croissant_Was_ermaechtigt_mich-1-3-1024x732.jpg 1024w, https:\/\/visualjournalism.de\/wp-content\/uploads\/Online_Magazin_Pha_Croissant_Was_ermaechtigt_mich-1-3-768x549.jpg 768w, https:\/\/visualjournalism.de\/wp-content\/uploads\/Online_Magazin_Pha_Croissant_Was_ermaechtigt_mich-1-3-1536x1097.jpg 1536w, https:\/\/visualjournalism.de\/wp-content\/uploads\/Online_Magazin_Pha_Croissant_Was_ermaechtigt_mich-1-3-1920x1372.jpg 1920w, https:\/\/visualjournalism.de\/wp-content\/uploads\/Online_Magazin_Pha_Croissant_Was_ermaechtigt_mich-1-3-1050x750.jpg 1050w, https:\/\/visualjournalism.de\/wp-content\/uploads\/Online_Magazin_Pha_Croissant_Was_ermaechtigt_mich-1-3-670x479.jpg 670w, https:\/\/visualjournalism.de\/wp-content\/uploads\/Online_Magazin_Pha_Croissant_Was_ermaechtigt_mich-1-3-420x300.jpg 420w, https:\/\/visualjournalism.de\/wp-content\/uploads\/Online_Magazin_Pha_Croissant_Was_ermaechtigt_mich-1-3-350x250.jpg 350w, https:\/\/visualjournalism.de\/wp-content\/uploads\/Online_Magazin_Pha_Croissant_Was_ermaechtigt_mich-1-3-150x107.jpg 150w, https:\/\/visualjournalism.de\/wp-content\/uploads\/Online_Magazin_Pha_Croissant_Was_ermaechtigt_mich-1-3.jpg 2000w\"\n                width=\"1400\" \n                height=\"1000\"\n                alt=\"Was erm\u00e4chtigt mich? Ich denke wenn ich mich wohlf\u00fchle dann bin ich auch m\u00e4chtig, vor allem ich selbst zu sein. Das kann ganz verschiedenes machen, wie sch\u00f6ne Klamotten, oder in meinem eigenene vier W\u00e4nden sein und Zeit mit meinen Freunden zu verbringen. So f\u00fchle ich mich stark. Laurin \u2665\" \n            \/>\n            \n                    <\/div><!-- post__image__container -->\n\n        \n    <\/figure><!-- post__image -->\n\n\n\n\n<div class=\"devider has-spacing--none\">\n    <hr>\n<\/div>\n\n\n    <div class=\"headline-block has-spacing--m\">\n\n        <h2 class=\"post__headline has-subheadline\">2. Nina:<\/h2>\n\n                    <h3 class=\"post__subheadline\">\u00abWenn ich auf der B\u00fchne stehe, habe ich das Gef\u00fchl, genau richtig zu sein.\u00bb<\/h3>\n        \n    <\/div>\n\n    \n\n\n\n    <figure class=\"block-photo post__image--full has-spacing--s with-title\">\n\n        <div class=\"post__image__container\">\n            <img loading=\"lazy\" decoding=\"async\" \n                src=\"https:\/\/visualjournalism.de\/wp-content\/uploads\/Online_Magazin_Pha_Croissant_Was_ermaechtigt_mich-6-2-e1718133705410-1400x920.jpg\"\n                srcset=\"https:\/\/visualjournalism.de\/wp-content\/uploads\/Online_Magazin_Pha_Croissant_Was_ermaechtigt_mich-6-2-e1718133705410-1400x920.jpg 1400w, https:\/\/visualjournalism.de\/wp-content\/uploads\/Online_Magazin_Pha_Croissant_Was_ermaechtigt_mich-6-2-e1718133705410-300x197.jpg 300w, https:\/\/visualjournalism.de\/wp-content\/uploads\/Online_Magazin_Pha_Croissant_Was_ermaechtigt_mich-6-2-e1718133705410-1024x673.jpg 1024w, https:\/\/visualjournalism.de\/wp-content\/uploads\/Online_Magazin_Pha_Croissant_Was_ermaechtigt_mich-6-2-e1718133705410-768x505.jpg 768w, https:\/\/visualjournalism.de\/wp-content\/uploads\/Online_Magazin_Pha_Croissant_Was_ermaechtigt_mich-6-2-e1718133705410-1050x690.jpg 1050w, https:\/\/visualjournalism.de\/wp-content\/uploads\/Online_Magazin_Pha_Croissant_Was_ermaechtigt_mich-6-2-e1718133705410-670x440.jpg 670w, https:\/\/visualjournalism.de\/wp-content\/uploads\/Online_Magazin_Pha_Croissant_Was_ermaechtigt_mich-6-2-e1718133705410-420x276.jpg 420w, https:\/\/visualjournalism.de\/wp-content\/uploads\/Online_Magazin_Pha_Croissant_Was_ermaechtigt_mich-6-2-e1718133705410-350x230.jpg 350w, https:\/\/visualjournalism.de\/wp-content\/uploads\/Online_Magazin_Pha_Croissant_Was_ermaechtigt_mich-6-2-e1718133705410-150x99.jpg 150w, https:\/\/visualjournalism.de\/wp-content\/uploads\/Online_Magazin_Pha_Croissant_Was_ermaechtigt_mich-6-2-e1718133705410.jpg 1405w\"\n                width=\"1400\" \n                height=\"920\"\n                alt=\"Hannover, 25.06.2023, Nina Freckles\" \n            \/>\n            \n                            <span class=\"post__image__title\">Was erm\u00e4chtigt mich? , Hannover, 25.06.2023, Nina Freckles , Foto: Pha Croissant<\/span>\n                    <\/div><!-- post__image__container -->\n\n        \n    <\/figure><!-- post__image -->\n\n\n\n    <figure class=\"block-photo post__image--full has-spacing--l no-title\">\n\n        <div class=\"post__image__container\">\n            <img loading=\"lazy\" decoding=\"async\" \n                src=\"https:\/\/visualjournalism.de\/wp-content\/uploads\/Online_Magazin_Pha_Croissant_Was_ermaechtigt_mich-6-gross-1400x1000.jpg\"\n                srcset=\"https:\/\/visualjournalism.de\/wp-content\/uploads\/Online_Magazin_Pha_Croissant_Was_ermaechtigt_mich-6-gross-1400x1000.jpg 1400w, https:\/\/visualjournalism.de\/wp-content\/uploads\/Online_Magazin_Pha_Croissant_Was_ermaechtigt_mich-6-gross-300x214.jpg 300w, https:\/\/visualjournalism.de\/wp-content\/uploads\/Online_Magazin_Pha_Croissant_Was_ermaechtigt_mich-6-gross-1024x732.jpg 1024w, https:\/\/visualjournalism.de\/wp-content\/uploads\/Online_Magazin_Pha_Croissant_Was_ermaechtigt_mich-6-gross-768x549.jpg 768w, https:\/\/visualjournalism.de\/wp-content\/uploads\/Online_Magazin_Pha_Croissant_Was_ermaechtigt_mich-6-gross-1536x1097.jpg 1536w, https:\/\/visualjournalism.de\/wp-content\/uploads\/Online_Magazin_Pha_Croissant_Was_ermaechtigt_mich-6-gross-1920x1372.jpg 1920w, https:\/\/visualjournalism.de\/wp-content\/uploads\/Online_Magazin_Pha_Croissant_Was_ermaechtigt_mich-6-gross-1050x750.jpg 1050w, https:\/\/visualjournalism.de\/wp-content\/uploads\/Online_Magazin_Pha_Croissant_Was_ermaechtigt_mich-6-gross-670x479.jpg 670w, https:\/\/visualjournalism.de\/wp-content\/uploads\/Online_Magazin_Pha_Croissant_Was_ermaechtigt_mich-6-gross-420x300.jpg 420w, https:\/\/visualjournalism.de\/wp-content\/uploads\/Online_Magazin_Pha_Croissant_Was_ermaechtigt_mich-6-gross-350x250.jpg 350w, https:\/\/visualjournalism.de\/wp-content\/uploads\/Online_Magazin_Pha_Croissant_Was_ermaechtigt_mich-6-gross-150x107.jpg 150w, https:\/\/visualjournalism.de\/wp-content\/uploads\/Online_Magazin_Pha_Croissant_Was_ermaechtigt_mich-6-gross.jpg 2000w\"\n                width=\"1400\" \n                height=\"1000\"\n                alt=\" Oft f\u00fchle ich mich gar nicht so m\u00e4chtig und habe das gef\u00fchl von meinen Gedanken und Emotionen \u00fcberw\u00e4ltigt zu werden. Wenn ich dann Songs dar\u00fcber schreibe erlange ich Macht \u00fcber meine Unsicherheiten und einfach alles was mich so besch\u00e4ftigt\/belastet. Wenn ich auf der B\u00fchne steh aber mit anderen Menschen\/meiner Band musiziere habe ich das Gef\u00fchl genau richtig zu sein. Dann f\u00fchle ich mich besonders m\u00e4chtig!\" \n            \/>\n            \n                    <\/div><!-- post__image__container -->\n\n        \n    <\/figure><!-- post__image -->\n\n\n\n\n<div class=\"devider has-spacing--none\">\n    <hr>\n<\/div>\n\n\n    <div class=\"headline-block has-spacing--m\">\n\n        <h2 class=\"post__headline has-subheadline\">3. Konstantin:<\/h2>\n\n                    <h3 class=\"post__subheadline\">\u00abMacht ist f\u00fcr mich auch Bestimmung \u00fcber mich selbst.\u00bb<\/h3>\n        \n    <\/div>\n\n    \n\n\n\n    <figure class=\"block-photo post__image--full has-spacing--none with-title\">\n\n        <div class=\"post__image__container\">\n            <img loading=\"lazy\" decoding=\"async\" \n                src=\"https:\/\/visualjournalism.de\/wp-content\/uploads\/Online_Magazin_Pha_Croissant_Was_ermaechtigt_mich-2-2-1400x990.jpg\"\n                srcset=\"https:\/\/visualjournalism.de\/wp-content\/uploads\/Online_Magazin_Pha_Croissant_Was_ermaechtigt_mich-2-2-1400x990.jpg 1400w, https:\/\/visualjournalism.de\/wp-content\/uploads\/Online_Magazin_Pha_Croissant_Was_ermaechtigt_mich-2-2-300x212.jpg 300w, https:\/\/visualjournalism.de\/wp-content\/uploads\/Online_Magazin_Pha_Croissant_Was_ermaechtigt_mich-2-2-1024x724.jpg 1024w, https:\/\/visualjournalism.de\/wp-content\/uploads\/Online_Magazin_Pha_Croissant_Was_ermaechtigt_mich-2-2-768x543.jpg 768w, https:\/\/visualjournalism.de\/wp-content\/uploads\/Online_Magazin_Pha_Croissant_Was_ermaechtigt_mich-2-2-1536x1086.jpg 1536w, https:\/\/visualjournalism.de\/wp-content\/uploads\/Online_Magazin_Pha_Croissant_Was_ermaechtigt_mich-2-2-1050x742.jpg 1050w, https:\/\/visualjournalism.de\/wp-content\/uploads\/Online_Magazin_Pha_Croissant_Was_ermaechtigt_mich-2-2-670x474.jpg 670w, https:\/\/visualjournalism.de\/wp-content\/uploads\/Online_Magazin_Pha_Croissant_Was_ermaechtigt_mich-2-2-420x297.jpg 420w, https:\/\/visualjournalism.de\/wp-content\/uploads\/Online_Magazin_Pha_Croissant_Was_ermaechtigt_mich-2-2-350x247.jpg 350w, https:\/\/visualjournalism.de\/wp-content\/uploads\/Online_Magazin_Pha_Croissant_Was_ermaechtigt_mich-2-2-150x106.jpg 150w, https:\/\/visualjournalism.de\/wp-content\/uploads\/Online_Magazin_Pha_Croissant_Was_ermaechtigt_mich-2-2.jpg 1600w\"\n                width=\"1400\" \n                height=\"990\"\n                alt=\"Berlin, 22.05.2023, Konstantin\" \n            \/>\n            \n                            <span class=\"post__image__title\">Was erm\u00e4chtigt mich? , Berlin, 22.05.2023, Konstantin, Foto: Pha Croissant<\/span>\n                    <\/div><!-- post__image__container -->\n\n        \n    <\/figure><!-- post__image -->\n\n\n\n    <figure class=\"block-photo post__image--full has-spacing--m no-title\">\n\n        <div class=\"post__image__container\">\n            <img loading=\"lazy\" decoding=\"async\" \n                src=\"https:\/\/visualjournalism.de\/wp-content\/uploads\/Online_Magazin_Pha_Croissant_Was_ermaechtigt_mich-2-gross-1-1400x1000.jpg\"\n                srcset=\"https:\/\/visualjournalism.de\/wp-content\/uploads\/Online_Magazin_Pha_Croissant_Was_ermaechtigt_mich-2-gross-1-1400x1000.jpg 1400w, https:\/\/visualjournalism.de\/wp-content\/uploads\/Online_Magazin_Pha_Croissant_Was_ermaechtigt_mich-2-gross-1-300x214.jpg 300w, https:\/\/visualjournalism.de\/wp-content\/uploads\/Online_Magazin_Pha_Croissant_Was_ermaechtigt_mich-2-gross-1-1024x732.jpg 1024w, https:\/\/visualjournalism.de\/wp-content\/uploads\/Online_Magazin_Pha_Croissant_Was_ermaechtigt_mich-2-gross-1-768x549.jpg 768w, https:\/\/visualjournalism.de\/wp-content\/uploads\/Online_Magazin_Pha_Croissant_Was_ermaechtigt_mich-2-gross-1-1536x1097.jpg 1536w, https:\/\/visualjournalism.de\/wp-content\/uploads\/Online_Magazin_Pha_Croissant_Was_ermaechtigt_mich-2-gross-1-1920x1372.jpg 1920w, https:\/\/visualjournalism.de\/wp-content\/uploads\/Online_Magazin_Pha_Croissant_Was_ermaechtigt_mich-2-gross-1-1050x750.jpg 1050w, https:\/\/visualjournalism.de\/wp-content\/uploads\/Online_Magazin_Pha_Croissant_Was_ermaechtigt_mich-2-gross-1-670x479.jpg 670w, https:\/\/visualjournalism.de\/wp-content\/uploads\/Online_Magazin_Pha_Croissant_Was_ermaechtigt_mich-2-gross-1-420x300.jpg 420w, https:\/\/visualjournalism.de\/wp-content\/uploads\/Online_Magazin_Pha_Croissant_Was_ermaechtigt_mich-2-gross-1-350x250.jpg 350w, https:\/\/visualjournalism.de\/wp-content\/uploads\/Online_Magazin_Pha_Croissant_Was_ermaechtigt_mich-2-gross-1-150x107.jpg 150w, https:\/\/visualjournalism.de\/wp-content\/uploads\/Online_Magazin_Pha_Croissant_Was_ermaechtigt_mich-2-gross-1.jpg 2000w\"\n                width=\"1400\" \n                height=\"1000\"\n                alt=\" Macht ist f\u00fcr mich auch Bestimmung \u00fcber mich selbst. Nachdem ich ausgezogen bin und in meiner ersten eigenen Wohnung zum ersten Mal jemand fremden nachts \u00fcber Grindr eingeladen habe und wir, ohne zu sprechen total intensiven und intimen Sex hatten, standen wir auf dem Balkon, nackt und rauchend, w\u00e4hrend die Sonne aufgegangen ist. Ich erinnere mich an dieses Gef\u00fchl von Freiheit und Macht, zu entscheiden f\u00fcr wen ich wann wie bin. Das meine Wirkung und Erscheinung frei ist.\" \n            \/>\n            \n                    <\/div><!-- post__image__container -->\n\n        \n    <\/figure><!-- post__image -->\n\n\n\n\n<div class=\"devider has-spacing--none\">\n    <hr>\n<\/div>\n\n\n    <div class=\"headline-block has-spacing--m\">\n\n        <h2 class=\"post__headline has-subheadline\">4. Zina:<\/h2>\n\n                    <h3 class=\"post__subheadline\">\u00abWenn ich Musik spiele, f\u00fchle ich mich so frei und laut.\u00bb<\/h3>\n        \n    <\/div>\n\n    \n\n\n\n    <figure class=\"block-photo post__image--full has-spacing--xs with-title\">\n\n        <div class=\"post__image__container\">\n            <img loading=\"lazy\" decoding=\"async\" \n                src=\"https:\/\/visualjournalism.de\/wp-content\/uploads\/Online_Magazin_Pha_Croissant_Was_ermaechtigt_mich-4-2-1400x990.jpg\"\n                srcset=\"https:\/\/visualjournalism.de\/wp-content\/uploads\/Online_Magazin_Pha_Croissant_Was_ermaechtigt_mich-4-2-1400x990.jpg 1400w, https:\/\/visualjournalism.de\/wp-content\/uploads\/Online_Magazin_Pha_Croissant_Was_ermaechtigt_mich-4-2-300x212.jpg 300w, https:\/\/visualjournalism.de\/wp-content\/uploads\/Online_Magazin_Pha_Croissant_Was_ermaechtigt_mich-4-2-1024x724.jpg 1024w, https:\/\/visualjournalism.de\/wp-content\/uploads\/Online_Magazin_Pha_Croissant_Was_ermaechtigt_mich-4-2-768x543.jpg 768w, https:\/\/visualjournalism.de\/wp-content\/uploads\/Online_Magazin_Pha_Croissant_Was_ermaechtigt_mich-4-2-1536x1086.jpg 1536w, https:\/\/visualjournalism.de\/wp-content\/uploads\/Online_Magazin_Pha_Croissant_Was_ermaechtigt_mich-4-2-1050x742.jpg 1050w, https:\/\/visualjournalism.de\/wp-content\/uploads\/Online_Magazin_Pha_Croissant_Was_ermaechtigt_mich-4-2-670x474.jpg 670w, https:\/\/visualjournalism.de\/wp-content\/uploads\/Online_Magazin_Pha_Croissant_Was_ermaechtigt_mich-4-2-420x297.jpg 420w, https:\/\/visualjournalism.de\/wp-content\/uploads\/Online_Magazin_Pha_Croissant_Was_ermaechtigt_mich-4-2-350x247.jpg 350w, https:\/\/visualjournalism.de\/wp-content\/uploads\/Online_Magazin_Pha_Croissant_Was_ermaechtigt_mich-4-2-150x106.jpg 150w, https:\/\/visualjournalism.de\/wp-content\/uploads\/Online_Magazin_Pha_Croissant_Was_ermaechtigt_mich-4-2.jpg 1600w\"\n                width=\"1400\" \n                height=\"990\"\n                alt=\"Hannover, 15.06.2023, Zina\" \n            \/>\n            \n                            <span class=\"post__image__title\">Was erm\u00e4chtigt mich?  Hannover, 15.06.2023 ,Zina,  Foto:Pha Croissant<\/span>\n                    <\/div><!-- post__image__container -->\n\n        \n    <\/figure><!-- post__image -->\n\n\n\n    <figure class=\"block-photo post__image--full has-spacing--m no-title\">\n\n        <div class=\"post__image__container\">\n            <img loading=\"lazy\" decoding=\"async\" \n                src=\"https:\/\/visualjournalism.de\/wp-content\/uploads\/Online_Magazin_Pha_Croissant_Was_ermaechtigt_mich-4-gross-1400x1000.jpg\"\n                srcset=\"https:\/\/visualjournalism.de\/wp-content\/uploads\/Online_Magazin_Pha_Croissant_Was_ermaechtigt_mich-4-gross-1400x1000.jpg 1400w, https:\/\/visualjournalism.de\/wp-content\/uploads\/Online_Magazin_Pha_Croissant_Was_ermaechtigt_mich-4-gross-300x214.jpg 300w, https:\/\/visualjournalism.de\/wp-content\/uploads\/Online_Magazin_Pha_Croissant_Was_ermaechtigt_mich-4-gross-1024x732.jpg 1024w, https:\/\/visualjournalism.de\/wp-content\/uploads\/Online_Magazin_Pha_Croissant_Was_ermaechtigt_mich-4-gross-768x549.jpg 768w, https:\/\/visualjournalism.de\/wp-content\/uploads\/Online_Magazin_Pha_Croissant_Was_ermaechtigt_mich-4-gross-1536x1097.jpg 1536w, https:\/\/visualjournalism.de\/wp-content\/uploads\/Online_Magazin_Pha_Croissant_Was_ermaechtigt_mich-4-gross-1920x1372.jpg 1920w, https:\/\/visualjournalism.de\/wp-content\/uploads\/Online_Magazin_Pha_Croissant_Was_ermaechtigt_mich-4-gross-1050x750.jpg 1050w, https:\/\/visualjournalism.de\/wp-content\/uploads\/Online_Magazin_Pha_Croissant_Was_ermaechtigt_mich-4-gross-670x479.jpg 670w, https:\/\/visualjournalism.de\/wp-content\/uploads\/Online_Magazin_Pha_Croissant_Was_ermaechtigt_mich-4-gross-420x300.jpg 420w, https:\/\/visualjournalism.de\/wp-content\/uploads\/Online_Magazin_Pha_Croissant_Was_ermaechtigt_mich-4-gross-350x250.jpg 350w, https:\/\/visualjournalism.de\/wp-content\/uploads\/Online_Magazin_Pha_Croissant_Was_ermaechtigt_mich-4-gross-150x107.jpg 150w, https:\/\/visualjournalism.de\/wp-content\/uploads\/Online_Magazin_Pha_Croissant_Was_ermaechtigt_mich-4-gross.jpg 2000w\"\n                width=\"1400\" \n                height=\"1000\"\n                alt=\"Wenn ich Musik spiele f\u00fchle ich so frei und laut In solchen Momenten f\u00fchle ich mich am meisten erm\u00e4chtigt. Es sind diese kleinen Momente die mir Kontrolle und Macht schenken. Ich glaube es gibt nichts anderes, was mich so f\u00fchlen l\u00e4sst. Zina\" \n            \/>\n            \n                    <\/div><!-- post__image__container -->\n\n        \n    <\/figure><!-- post__image -->\n\n\n\n\n<div class=\"devider has-spacing--none\">\n    <hr>\n<\/div>\n\n\n    <div class=\"headline-block has-spacing--m\">\n\n        <h2 class=\"post__headline has-subheadline\">5. Deliah:<\/h2>\n\n                    <h3 class=\"post__subheadline\">\u00abIch habe volles Vertrauen darauf, dass das kommt, was kommen soll.\u00bb<\/h3>\n        \n    <\/div>\n\n    \n\n\n\n    <figure class=\"block-photo post__image--full has-spacing--none with-title\">\n\n        <div class=\"post__image__container\">\n            <img loading=\"lazy\" decoding=\"async\" \n                src=\"https:\/\/visualjournalism.de\/wp-content\/uploads\/Online_Magazin_Pha_Croissant_Was_ermaechtigt_mich-3-2-1400x990.jpg\"\n                srcset=\"https:\/\/visualjournalism.de\/wp-content\/uploads\/Online_Magazin_Pha_Croissant_Was_ermaechtigt_mich-3-2-1400x990.jpg 1400w, https:\/\/visualjournalism.de\/wp-content\/uploads\/Online_Magazin_Pha_Croissant_Was_ermaechtigt_mich-3-2-300x212.jpg 300w, https:\/\/visualjournalism.de\/wp-content\/uploads\/Online_Magazin_Pha_Croissant_Was_ermaechtigt_mich-3-2-1024x724.jpg 1024w, https:\/\/visualjournalism.de\/wp-content\/uploads\/Online_Magazin_Pha_Croissant_Was_ermaechtigt_mich-3-2-768x543.jpg 768w, https:\/\/visualjournalism.de\/wp-content\/uploads\/Online_Magazin_Pha_Croissant_Was_ermaechtigt_mich-3-2-1536x1086.jpg 1536w, https:\/\/visualjournalism.de\/wp-content\/uploads\/Online_Magazin_Pha_Croissant_Was_ermaechtigt_mich-3-2-1050x742.jpg 1050w, https:\/\/visualjournalism.de\/wp-content\/uploads\/Online_Magazin_Pha_Croissant_Was_ermaechtigt_mich-3-2-670x474.jpg 670w, https:\/\/visualjournalism.de\/wp-content\/uploads\/Online_Magazin_Pha_Croissant_Was_ermaechtigt_mich-3-2-420x297.jpg 420w, https:\/\/visualjournalism.de\/wp-content\/uploads\/Online_Magazin_Pha_Croissant_Was_ermaechtigt_mich-3-2-350x247.jpg 350w, https:\/\/visualjournalism.de\/wp-content\/uploads\/Online_Magazin_Pha_Croissant_Was_ermaechtigt_mich-3-2-150x106.jpg 150w, https:\/\/visualjournalism.de\/wp-content\/uploads\/Online_Magazin_Pha_Croissant_Was_ermaechtigt_mich-3-2.jpg 1600w\"\n                width=\"1400\" \n                height=\"990\"\n                alt=\"Osnabr\u00fcck, 10.06.2023, Deliah\" \n            \/>\n            \n                            <span class=\"post__image__title\">Was erm\u00e4chtigt mich? , Osnabr\u00fcck,  10.06.2023, Deliah,  Foto:Pha Croissant<\/span>\n                    <\/div><!-- post__image__container -->\n\n        \n    <\/figure><!-- post__image -->\n\n\n\n    <figure class=\"block-photo post__image--full has-spacing--l no-title\">\n\n        <div class=\"post__image__container\">\n            <img loading=\"lazy\" decoding=\"async\" \n                src=\"https:\/\/visualjournalism.de\/wp-content\/uploads\/Online_Magazin_Pha_Croissant_Was_ermaechtigt_mich-3-gross-1400x1000.jpg\"\n                srcset=\"https:\/\/visualjournalism.de\/wp-content\/uploads\/Online_Magazin_Pha_Croissant_Was_ermaechtigt_mich-3-gross-1400x1000.jpg 1400w, https:\/\/visualjournalism.de\/wp-content\/uploads\/Online_Magazin_Pha_Croissant_Was_ermaechtigt_mich-3-gross-300x214.jpg 300w, https:\/\/visualjournalism.de\/wp-content\/uploads\/Online_Magazin_Pha_Croissant_Was_ermaechtigt_mich-3-gross-1024x732.jpg 1024w, https:\/\/visualjournalism.de\/wp-content\/uploads\/Online_Magazin_Pha_Croissant_Was_ermaechtigt_mich-3-gross-768x549.jpg 768w, https:\/\/visualjournalism.de\/wp-content\/uploads\/Online_Magazin_Pha_Croissant_Was_ermaechtigt_mich-3-gross-1536x1097.jpg 1536w, https:\/\/visualjournalism.de\/wp-content\/uploads\/Online_Magazin_Pha_Croissant_Was_ermaechtigt_mich-3-gross-1920x1372.jpg 1920w, https:\/\/visualjournalism.de\/wp-content\/uploads\/Online_Magazin_Pha_Croissant_Was_ermaechtigt_mich-3-gross-1050x750.jpg 1050w, https:\/\/visualjournalism.de\/wp-content\/uploads\/Online_Magazin_Pha_Croissant_Was_ermaechtigt_mich-3-gross-670x479.jpg 670w, https:\/\/visualjournalism.de\/wp-content\/uploads\/Online_Magazin_Pha_Croissant_Was_ermaechtigt_mich-3-gross-420x300.jpg 420w, https:\/\/visualjournalism.de\/wp-content\/uploads\/Online_Magazin_Pha_Croissant_Was_ermaechtigt_mich-3-gross-350x250.jpg 350w, https:\/\/visualjournalism.de\/wp-content\/uploads\/Online_Magazin_Pha_Croissant_Was_ermaechtigt_mich-3-gross-150x107.jpg 150w, https:\/\/visualjournalism.de\/wp-content\/uploads\/Online_Magazin_Pha_Croissant_Was_ermaechtigt_mich-3-gross.jpg 2000w\"\n                width=\"1400\" \n                height=\"1000\"\n                alt=\"Mit dem Allm\u00e4chtigen zu sprechen! Wie klein mir doch meine Probleme erscheinen, wenn ich im Bittgebe mit dem Herrn der Welten spreche. Zu wissen, dass letztendlich alles in seiner Hand liegt \u2192 Ich versuche als Person immer mein bestes in Situationen zu geben, und aber was am Ende dabei herauskommt, ist mir eigentlich nicht so wichtig. Ich habe vollstes Vertrauen darauf, dass das kommt, was kommen soll. Also ist eigentlich mein starkes Vertrauen an Gott das, was mich erm\u00e4chtigt.\" \n            \/>\n            \n                    <\/div><!-- post__image__container -->\n\n        \n    <\/figure><!-- post__image -->\n\n\n\n\n<div class=\"devider has-spacing--none\">\n    <hr>\n<\/div>\n\n\n    <div class=\"headline-block has-spacing--m\">\n\n        <h2 class=\"post__headline has-subheadline\">6. Calvin:<\/h2>\n\n                    <h3 class=\"post__subheadline\">\u00abIch f\u00fchle mich durch politische Partizipation erm\u00e4chtigt.\u00bb<\/h3>\n        \n    <\/div>\n\n    \n\n\n\n    <figure class=\"block-photo post__image--full has-spacing--none with-title\">\n\n        <div class=\"post__image__container\">\n            <img loading=\"lazy\" decoding=\"async\" \n                src=\"https:\/\/visualjournalism.de\/wp-content\/uploads\/Online_Magazin_Pha_Croissant_Was_ermaechtigt_mich-5-2-1400x990.jpg\"\n                srcset=\"https:\/\/visualjournalism.de\/wp-content\/uploads\/Online_Magazin_Pha_Croissant_Was_ermaechtigt_mich-5-2-1400x990.jpg 1400w, https:\/\/visualjournalism.de\/wp-content\/uploads\/Online_Magazin_Pha_Croissant_Was_ermaechtigt_mich-5-2-300x212.jpg 300w, https:\/\/visualjournalism.de\/wp-content\/uploads\/Online_Magazin_Pha_Croissant_Was_ermaechtigt_mich-5-2-1024x724.jpg 1024w, https:\/\/visualjournalism.de\/wp-content\/uploads\/Online_Magazin_Pha_Croissant_Was_ermaechtigt_mich-5-2-768x543.jpg 768w, https:\/\/visualjournalism.de\/wp-content\/uploads\/Online_Magazin_Pha_Croissant_Was_ermaechtigt_mich-5-2-1536x1086.jpg 1536w, https:\/\/visualjournalism.de\/wp-content\/uploads\/Online_Magazin_Pha_Croissant_Was_ermaechtigt_mich-5-2-1050x742.jpg 1050w, https:\/\/visualjournalism.de\/wp-content\/uploads\/Online_Magazin_Pha_Croissant_Was_ermaechtigt_mich-5-2-670x474.jpg 670w, https:\/\/visualjournalism.de\/wp-content\/uploads\/Online_Magazin_Pha_Croissant_Was_ermaechtigt_mich-5-2-420x297.jpg 420w, https:\/\/visualjournalism.de\/wp-content\/uploads\/Online_Magazin_Pha_Croissant_Was_ermaechtigt_mich-5-2-350x247.jpg 350w, https:\/\/visualjournalism.de\/wp-content\/uploads\/Online_Magazin_Pha_Croissant_Was_ermaechtigt_mich-5-2-150x106.jpg 150w, https:\/\/visualjournalism.de\/wp-content\/uploads\/Online_Magazin_Pha_Croissant_Was_ermaechtigt_mich-5-2.jpg 1600w\"\n                width=\"1400\" \n                height=\"990\"\n                alt=\"Hannover, 15.06.2023 Calvin\" \n            \/>\n            \n                            <span class=\"post__image__title\">Was erm\u00e4chtigt mich? , Hannover, 15.06.2023 Calvin , Foto: Pha Croissant<\/span>\n                    <\/div><!-- post__image__container -->\n\n        \n    <\/figure><!-- post__image -->\n\n\n\n    <figure class=\"block-photo post__image--full has-spacing--none no-title\">\n\n        <div class=\"post__image__container\">\n            <img loading=\"lazy\" decoding=\"async\" \n                src=\"https:\/\/visualjournalism.de\/wp-content\/uploads\/Online_Magazin_Pha_Croissant_Was_ermaechtigt_mich-5-gross-1400x1000.jpg\"\n                srcset=\"https:\/\/visualjournalism.de\/wp-content\/uploads\/Online_Magazin_Pha_Croissant_Was_ermaechtigt_mich-5-gross-1400x1000.jpg 1400w, https:\/\/visualjournalism.de\/wp-content\/uploads\/Online_Magazin_Pha_Croissant_Was_ermaechtigt_mich-5-gross-300x214.jpg 300w, https:\/\/visualjournalism.de\/wp-content\/uploads\/Online_Magazin_Pha_Croissant_Was_ermaechtigt_mich-5-gross-1024x732.jpg 1024w, https:\/\/visualjournalism.de\/wp-content\/uploads\/Online_Magazin_Pha_Croissant_Was_ermaechtigt_mich-5-gross-768x549.jpg 768w, https:\/\/visualjournalism.de\/wp-content\/uploads\/Online_Magazin_Pha_Croissant_Was_ermaechtigt_mich-5-gross-1536x1097.jpg 1536w, https:\/\/visualjournalism.de\/wp-content\/uploads\/Online_Magazin_Pha_Croissant_Was_ermaechtigt_mich-5-gross-1920x1372.jpg 1920w, https:\/\/visualjournalism.de\/wp-content\/uploads\/Online_Magazin_Pha_Croissant_Was_ermaechtigt_mich-5-gross-1050x750.jpg 1050w, https:\/\/visualjournalism.de\/wp-content\/uploads\/Online_Magazin_Pha_Croissant_Was_ermaechtigt_mich-5-gross-670x479.jpg 670w, https:\/\/visualjournalism.de\/wp-content\/uploads\/Online_Magazin_Pha_Croissant_Was_ermaechtigt_mich-5-gross-420x300.jpg 420w, https:\/\/visualjournalism.de\/wp-content\/uploads\/Online_Magazin_Pha_Croissant_Was_ermaechtigt_mich-5-gross-350x250.jpg 350w, https:\/\/visualjournalism.de\/wp-content\/uploads\/Online_Magazin_Pha_Croissant_Was_ermaechtigt_mich-5-gross-150x107.jpg 150w, https:\/\/visualjournalism.de\/wp-content\/uploads\/Online_Magazin_Pha_Croissant_Was_ermaechtigt_mich-5-gross.jpg 2000w\"\n                width=\"1400\" \n                height=\"1000\"\n                alt=\"Was erm\u00e4chtigt mich? Ich f\u00fchle mich durch politische Partizipation erm\u00e4chtigt. Ich ver\u00e4ndere selbst etwas und entziehe mich so der Ohnmacht unserer Generation. Punk hingegen erm\u00e4chtigt mich mehr auf einer hedonistischen Weise in der ich mich ausleben, tanzen und abschalten kann.\" \n            \/>\n            \n                    <\/div><!-- post__image__container -->\n\n        \n    <\/figure><!-- post__image -->\n\n\n\n\n<div class=\"wp-block-group has-spacing--default has-spacing--default\">\n<div class=\"devider has-spacing--none\">\n    <hr>\n<\/div>\n\n\n \n\n    <div id=\"lead-in-block_887f0c0b8e95783e4bb58a98ba64b927\" class=\"block-lead-in typo--default font-size--xl has-spacing--s width--default\">\n        <p><strong>Empfehlungen der Redaktion:<\/strong><\/p>\n    <\/div>\n\n\n\n\r\n\r\n\r\n\n\n\r\n\r\n\r\n\r\n        <div class=\"teaser-grid grid-layout--3col has-spacing--s width--inline\">\r\n\r\n            \r\n                <article class=\"post-teaser\">\r\n\r\n                    <a href=\"https:\/\/visualjournalism.de\/en\/magazine\/sammeln\/kugelschreiber-geschichten-zwischen-budapest-und-brockel\/\" rel=\"permalink\">\r\n\r\n                        <div class=\"post-teaser__content\">\r\n\r\n                            <span class=\"entry-categories\">Sammeln<\/span>\r\n                            <h3 class=\"post-teaser__headline\">\r\n                                Der K\u00f6nig der Kulis                            <\/h3>\r\n\r\n                            <div class=\"post-teaser__excerpt\">\r\n                                <p>Klack-Kulis, Sondereditionen, Werbegeschenke: Heinz-Hermann hat sie alle. \u00dcber 200.000 Kugelschreiber finden in seiner Sammlung Platz. Eine Geschichte des Kulis \u2013 von Budapest bis Brockel.<\/p>\r\n                            <\/div>\r\n\r\n                        <\/div><!-- .post-teaser__content -->\r\n\r\n\r\n                        \r\n                            <figure class=\"post-teaser__image\">\r\n                                <img loading=\"lazy\" decoding=\"async\"  \r\n                                    src=\"https:\/\/visualjournalism.de\/wp-content\/uploads\/Sammeln-4_Inga-Kloeber-768x512.jpg\" \r\n                                    srcset=\"https:\/\/visualjournalism.de\/wp-content\/uploads\/Sammeln-4_Inga-Kloeber-768x512.jpg 768w, https:\/\/visualjournalism.de\/wp-content\/uploads\/Sammeln-4_Inga-Kloeber-300x200.jpg 300w, https:\/\/visualjournalism.de\/wp-content\/uploads\/Sammeln-4_Inga-Kloeber-1024x682.jpg 1024w, https:\/\/visualjournalism.de\/wp-content\/uploads\/Sammeln-4_Inga-Kloeber-1536x1024.jpg 1536w, https:\/\/visualjournalism.de\/wp-content\/uploads\/Sammeln-4_Inga-Kloeber-1920x1280.jpg 1920w, https:\/\/visualjournalism.de\/wp-content\/uploads\/Sammeln-4_Inga-Kloeber-1400x933.jpg 1400w, https:\/\/visualjournalism.de\/wp-content\/uploads\/Sammeln-4_Inga-Kloeber-1050x700.jpg 1050w, https:\/\/visualjournalism.de\/wp-content\/uploads\/Sammeln-4_Inga-Kloeber-670x447.jpg 670w, https:\/\/visualjournalism.de\/wp-content\/uploads\/Sammeln-4_Inga-Kloeber-420x280.jpg 420w, https:\/\/visualjournalism.de\/wp-content\/uploads\/Sammeln-4_Inga-Kloeber-350x233.jpg 350w, https:\/\/visualjournalism.de\/wp-content\/uploads\/Sammeln-4_Inga-Kloeber-150x100.jpg 150w, https:\/\/visualjournalism.de\/wp-content\/uploads\/Sammeln-4_Inga-Kloeber.jpg 2000w\" \r\n                                    width=\"768\"  \r\n                                    height=\"512\" \r\n                                    alt=\"Nahaufnahme eines mehrst\u00f6ckigen Regals in dem sich bunte Kisten befinden. Diese sind bis obenhin mit Kugelschreibern gef\u00fcllt.\"\r\n                                \/>\r\n                            <\/figure>\r\n\r\n                        \r\n                    \r\n                    <\/a>\r\n\r\n                <\/article><!--- .post-teaser-->\r\n\r\n            \r\n                <article class=\"post-teaser\">\r\n\r\n                    <a href=\"https:\/\/visualjournalism.de\/en\/magazine\/ratgeber\/professionelle-kamera-fuer-fotografen-warum-nicht-die-marke-zaehlt\/\" rel=\"permalink\">\r\n\r\n                        <div class=\"post-teaser__content\">\r\n\r\n                            <span class=\"entry-categories\">Ratgeber<\/span>\r\n                            <h3 class=\"post-teaser__headline\">\r\n                                Professionelle Kameras f\u00fcr Fotograf*innen: Warum nicht die Marke z\u00e4hlt                            <\/h3>\r\n\r\n                            <div class=\"post-teaser__excerpt\">\r\n                                <p>Analog oder digital, Vollformat oder APSC, Spiegelreflex oder spiegellos: Die Magnum-Fotografin Nanna Heitmann und Lehrende der Hochschule Hannover zeigen, warum am Ende nicht die Technik, sondern die Person entscheidend ist.<\/p>\r\n                            <\/div>\r\n\r\n                        <\/div><!-- .post-teaser__content -->\r\n\r\n\r\n                        \r\n                            <figure class=\"post-teaser__image\">\r\n                                <img loading=\"lazy\" decoding=\"async\"  \r\n                                    src=\"https:\/\/visualjournalism.de\/wp-content\/uploads\/13_20221214-R0001254-scaled-1-e1755767975431-768x513.jpg\" \r\n                                    srcset=\"https:\/\/visualjournalism.de\/wp-content\/uploads\/13_20221214-R0001254-scaled-1-e1755767975431-768x513.jpg 768w, https:\/\/visualjournalism.de\/wp-content\/uploads\/13_20221214-R0001254-scaled-1-e1755767975431-300x200.jpg 300w, https:\/\/visualjournalism.de\/wp-content\/uploads\/13_20221214-R0001254-scaled-1-e1755767975431-1024x683.jpg 1024w, https:\/\/visualjournalism.de\/wp-content\/uploads\/13_20221214-R0001254-scaled-1-e1755767975431-1536x1025.jpg 1536w, https:\/\/visualjournalism.de\/wp-content\/uploads\/13_20221214-R0001254-scaled-1-e1755767975431-2048x1367.jpg 2048w, https:\/\/visualjournalism.de\/wp-content\/uploads\/13_20221214-R0001254-scaled-1-e1755767975431-1920x1282.jpg 1920w, https:\/\/visualjournalism.de\/wp-content\/uploads\/13_20221214-R0001254-scaled-1-e1755767975431-1400x934.jpg 1400w, https:\/\/visualjournalism.de\/wp-content\/uploads\/13_20221214-R0001254-scaled-1-e1755767975431-1050x701.jpg 1050w, https:\/\/visualjournalism.de\/wp-content\/uploads\/13_20221214-R0001254-scaled-1-e1755767975431-670x447.jpg 670w, https:\/\/visualjournalism.de\/wp-content\/uploads\/13_20221214-R0001254-scaled-1-e1755767975431-420x280.jpg 420w, https:\/\/visualjournalism.de\/wp-content\/uploads\/13_20221214-R0001254-scaled-1-e1755767975431-350x234.jpg 350w, https:\/\/visualjournalism.de\/wp-content\/uploads\/13_20221214-R0001254-scaled-1-e1755767975431-150x100.jpg 150w\" \r\n                                    width=\"768\"  \r\n                                    height=\"513\" \r\n                                    alt=\"In einem Workshop an der Hochschule Hannover geben Studierenden (hier Michael Matthey, mittig im Bild) ihre Erfahrungen mit Gro\u00dfformatfotografie an Mitstudierende weiter.\"\r\n                                \/>\r\n                            <\/figure>\r\n\r\n                        \r\n                    \r\n                    <\/a>\r\n\r\n                <\/article><!--- .post-teaser-->\r\n\r\n            \r\n                <article class=\"post-teaser\">\r\n\r\n                    <a href=\"https:\/\/visualjournalism.de\/en\/magazine\/sammeln\/stress-im-alltag-atmen-trotz-allem\/\" rel=\"permalink\">\r\n\r\n                        <div class=\"post-teaser__content\">\r\n\r\n                            <span class=\"entry-categories\">Sammeln<\/span>\r\n                            <h3 class=\"post-teaser__headline\">\r\n                                Atmen trotz allem                            <\/h3>\r\n\r\n                            <div class=\"post-teaser__excerpt\">\r\n                                <p>Die Welt wird lauter, die Jugend ersch\u00f6pfter \u2013 und Selbstf\u00fcrsorge zum Privileg. Wo junge Menschen heute noch Kraft finden.<\/p>\r\n                            <\/div>\r\n\r\n                        <\/div><!-- .post-teaser__content -->\r\n\r\n\r\n                        \r\n                            <figure class=\"post-teaser__image\">\r\n                                <img loading=\"lazy\" decoding=\"async\"  \r\n                                    src=\"https:\/\/visualjournalism.de\/wp-content\/uploads\/Yael-Wagner00002-768x512.jpg\" \r\n                                    srcset=\"https:\/\/visualjournalism.de\/wp-content\/uploads\/Yael-Wagner00002-768x512.jpg 768w, https:\/\/visualjournalism.de\/wp-content\/uploads\/Yael-Wagner00002-300x200.jpg 300w, https:\/\/visualjournalism.de\/wp-content\/uploads\/Yael-Wagner00002-1024x683.jpg 1024w, https:\/\/visualjournalism.de\/wp-content\/uploads\/Yael-Wagner00002-1536x1024.jpg 1536w, https:\/\/visualjournalism.de\/wp-content\/uploads\/Yael-Wagner00002-2048x1365.jpg 2048w, https:\/\/visualjournalism.de\/wp-content\/uploads\/Yael-Wagner00002-1920x1280.jpg 1920w, https:\/\/visualjournalism.de\/wp-content\/uploads\/Yael-Wagner00002-1400x933.jpg 1400w, https:\/\/visualjournalism.de\/wp-content\/uploads\/Yael-Wagner00002-1050x700.jpg 1050w, https:\/\/visualjournalism.de\/wp-content\/uploads\/Yael-Wagner00002-670x447.jpg 670w, https:\/\/visualjournalism.de\/wp-content\/uploads\/Yael-Wagner00002-420x280.jpg 420w, https:\/\/visualjournalism.de\/wp-content\/uploads\/Yael-Wagner00002-350x233.jpg 350w, https:\/\/visualjournalism.de\/wp-content\/uploads\/Yael-Wagner00002-150x100.jpg 150w\" \r\n                                    width=\"768\"  \r\n                                    height=\"512\" \r\n                                    alt=\"\"\r\n                                \/>\r\n                            <\/figure>\r\n\r\n                        \r\n                    \r\n                    <\/a>\r\n\r\n                <\/article><!--- .post-teaser-->\r\n\r\n            \r\n        <\/div><!-- .teaser-grid -->\r\n\r\n\n\n\r\n\r\n\r\n\n\n\n    <div class=\"btn-wrapper has-spacing--m\">\n        <a class=\"btn\" href=\"https:\/\/visualjournalism.de\/magazin\/\" target=\"_blank\">ZUR MAGAZIN-STARTSEITE<\/a>\n    <\/div>\n<\/div>\n","protected":false},"author":4,"featured_media":29622,"template":"","tags":[],"magazinkategorie":[179],"class_list":["post-29442","magazin","type-magazin","status-publish","has-post-thumbnail","hentry","magazinkategorie-macht-und-kontrolle"],"acf":[],"yoast_head":"<!-- This site is optimized with the Yoast SEO Premium plugin v27.3 (Yoast SEO v27.3) - https:\/\/yoast.com\/product\/yoast-seo-premium-wordpress\/ -->\n<title>Self-Empowerment: Heraus aus dem Ohnmachtsgef\u00fchl<\/title>\n<meta name=\"description\" content=\"Sechs junge Menschen erz\u00e4hlen, wie sie durch Selbsterm\u00e4chtigung im Alltag zu Freiheit und Eigenst\u00e4ndigkeit finden.\" \/>\n<meta name=\"robots\" content=\"index, follow, max-snippet:-1, max-image-preview:large, max-video-preview:-1\" \/>\n<link rel=\"canonical\" href=\"https:\/\/visualjournalism.de\/en\/magazine\/macht-und-kontrolle\/self-empowerment-heraus-aus-dem-ohnmachtsgefuhl\/\" \/>\n<meta property=\"og:locale\" content=\"en_US\" \/>\n<meta property=\"og:type\" content=\"article\" \/>\n<meta property=\"og:title\" content=\"Self-Empowerment: Heraus aus dem Ohnmachtsgef\u00fchl\" \/>\n<meta property=\"og:description\" content=\"Sechs junge Menschen erz\u00e4hlen, wie sie durch Selbsterm\u00e4chtigung im Alltag zu Freiheit und Eigenst\u00e4ndigkeit finden.\" \/>\n<meta property=\"og:url\" content=\"https:\/\/visualjournalism.de\/en\/magazine\/macht-und-kontrolle\/self-empowerment-heraus-aus-dem-ohnmachtsgefuhl\/\" \/>\n<meta property=\"og:site_name\" content=\"Visual Journalism and Documentary Photography\" \/>\n<meta property=\"article:publisher\" content=\"https:\/\/www.facebook.com\/people\/wwwfotostudentende\/100065173703897\/\" \/>\n<meta property=\"article:modified_time\" content=\"2024-07-04T12:27:28+00:00\" \/>\n<meta property=\"og:image\" content=\"https:\/\/visualjournalism.de\/wp-content\/uploads\/Online_Magazin_Pha_Croissant_Was_ermaechtigt_mich-6-2-e1718120021826.jpg\" \/>\n\t<meta property=\"og:image:width\" content=\"1410\" \/>\n\t<meta property=\"og:image:height\" content=\"925\" \/>\n\t<meta property=\"og:image:type\" content=\"image\/jpeg\" \/>\n<meta name=\"twitter:card\" content=\"summary_large_image\" \/>\n<meta name=\"twitter:site\" content=\"@HsHannover\" \/>\n<meta name=\"twitter:label1\" content=\"Est. reading time\" \/>\n\t<meta name=\"twitter:data1\" content=\"1 minute\" \/>\n<script type=\"application\/ld+json\" class=\"yoast-schema-graph\">{\"@context\":\"https:\\\/\\\/schema.org\",\"@graph\":[{\"@type\":\"WebPage\",\"@id\":\"https:\\\/\\\/visualjournalism.de\\\/en\\\/magazine\\\/macht-und-kontrolle\\\/self-empowerment-heraus-aus-dem-ohnmachtsgefuhl\\\/\",\"url\":\"https:\\\/\\\/visualjournalism.de\\\/en\\\/magazine\\\/macht-und-kontrolle\\\/self-empowerment-heraus-aus-dem-ohnmachtsgefuhl\\\/\",\"name\":\"Self-Empowerment: Heraus aus dem Ohnmachtsgef\u00fchl\",\"isPartOf\":{\"@id\":\"https:\\\/\\\/visualjournalism.de\\\/en\\\/#website\"},\"primaryImageOfPage\":{\"@id\":\"https:\\\/\\\/visualjournalism.de\\\/en\\\/magazine\\\/macht-und-kontrolle\\\/self-empowerment-heraus-aus-dem-ohnmachtsgefuhl\\\/#primaryimage\"},\"image\":{\"@id\":\"https:\\\/\\\/visualjournalism.de\\\/en\\\/magazine\\\/macht-und-kontrolle\\\/self-empowerment-heraus-aus-dem-ohnmachtsgefuhl\\\/#primaryimage\"},\"thumbnailUrl\":\"https:\\\/\\\/visualjournalism.de\\\/wp-content\\\/uploads\\\/Online_Magazin_Pha_Croissant_Was_ermaechtigt_mich-6-2-e1718120021826.jpg\",\"datePublished\":\"2023-10-30T07:34:20+00:00\",\"dateModified\":\"2024-07-04T12:27:28+00:00\",\"description\":\"Sechs junge Menschen erz\u00e4hlen, wie sie durch Selbsterm\u00e4chtigung im Alltag zu Freiheit und Eigenst\u00e4ndigkeit finden.\",\"breadcrumb\":{\"@id\":\"https:\\\/\\\/visualjournalism.de\\\/en\\\/magazine\\\/macht-und-kontrolle\\\/self-empowerment-heraus-aus-dem-ohnmachtsgefuhl\\\/#breadcrumb\"},\"inLanguage\":\"en-US\",\"potentialAction\":[{\"@type\":\"ReadAction\",\"target\":[\"https:\\\/\\\/visualjournalism.de\\\/en\\\/magazine\\\/macht-und-kontrolle\\\/self-empowerment-heraus-aus-dem-ohnmachtsgefuhl\\\/\"]}]},{\"@type\":\"ImageObject\",\"inLanguage\":\"en-US\",\"@id\":\"https:\\\/\\\/visualjournalism.de\\\/en\\\/magazine\\\/macht-und-kontrolle\\\/self-empowerment-heraus-aus-dem-ohnmachtsgefuhl\\\/#primaryimage\",\"url\":\"https:\\\/\\\/visualjournalism.de\\\/wp-content\\\/uploads\\\/Online_Magazin_Pha_Croissant_Was_ermaechtigt_mich-6-2-e1718120021826.jpg\",\"contentUrl\":\"https:\\\/\\\/visualjournalism.de\\\/wp-content\\\/uploads\\\/Online_Magazin_Pha_Croissant_Was_ermaechtigt_mich-6-2-e1718120021826.jpg\",\"width\":1410,\"height\":925,\"caption\":\"Was erm\u00e4chtigt mich? , Hannover, 25.06.2023, Nina Freckles , Foto: Pha Croissant\"},{\"@type\":\"BreadcrumbList\",\"@id\":\"https:\\\/\\\/visualjournalism.de\\\/en\\\/magazine\\\/macht-und-kontrolle\\\/self-empowerment-heraus-aus-dem-ohnmachtsgefuhl\\\/#breadcrumb\",\"itemListElement\":[{\"@type\":\"ListItem\",\"position\":1,\"name\":\"Home\",\"item\":\"https:\\\/\\\/visualjournalism.de\\\/en\\\/\"},{\"@type\":\"ListItem\",\"position\":2,\"name\":\"Magazin\",\"item\":\"https:\\\/\\\/visualjournalism.de\\\/en\\\/magazine\\\/\"},{\"@type\":\"ListItem\",\"position\":3,\"name\":\"Self-Empowerment: Heraus aus dem Ohnmachtsgef\u00fchl\"}]},{\"@type\":\"WebSite\",\"@id\":\"https:\\\/\\\/visualjournalism.de\\\/en\\\/#website\",\"url\":\"https:\\\/\\\/visualjournalism.de\\\/en\\\/\",\"name\":\"Visual Journalism and Documentary Photography\",\"description\":\"All about the bilingual bachelor&#039;s program at Hannover University of Applied Sciences and Arts.\",\"publisher\":{\"@id\":\"https:\\\/\\\/visualjournalism.de\\\/en\\\/#organization\"},\"alternateName\":\"visualjournalism.de\",\"potentialAction\":[{\"@type\":\"SearchAction\",\"target\":{\"@type\":\"EntryPoint\",\"urlTemplate\":\"https:\\\/\\\/visualjournalism.de\\\/en\\\/?s={search_term_string}\"},\"query-input\":{\"@type\":\"PropertyValueSpecification\",\"valueRequired\":true,\"valueName\":\"search_term_string\"}}],\"inLanguage\":\"en-US\"},{\"@type\":\"Organization\",\"@id\":\"https:\\\/\\\/visualjournalism.de\\\/en\\\/#organization\",\"name\":\"Hochschule Hannover \u2013 University of Applied Sciences and Arts\",\"alternateName\":\"HsH\",\"url\":\"https:\\\/\\\/visualjournalism.de\\\/en\\\/\",\"logo\":{\"@type\":\"ImageObject\",\"inLanguage\":\"en-US\",\"@id\":\"https:\\\/\\\/visualjournalism.de\\\/en\\\/#\\\/schema\\\/logo\\\/image\\\/\",\"url\":\"https:\\\/\\\/visualjournalism.de\\\/wp-content\\\/uploads\\\/logo-hochschule-hannover.png\",\"contentUrl\":\"https:\\\/\\\/visualjournalism.de\\\/wp-content\\\/uploads\\\/logo-hochschule-hannover.png\",\"width\":363,\"height\":270,\"caption\":\"Hochschule Hannover \u2013 University of Applied Sciences and Arts\"},\"image\":{\"@id\":\"https:\\\/\\\/visualjournalism.de\\\/en\\\/#\\\/schema\\\/logo\\\/image\\\/\"},\"sameAs\":[\"https:\\\/\\\/www.facebook.com\\\/people\\\/wwwfotostudentende\\\/100065173703897\\\/\",\"https:\\\/\\\/x.com\\\/HsHannover\",\"https:\\\/\\\/www.instagram.com\\\/visualjournalism.de\\\/\"]}]}<\/script>\n<!-- \/ Yoast SEO Premium plugin. -->","yoast_head_json":{"title":"Self-Empowerment: Heraus aus dem Ohnmachtsgef\u00fchl","description":"Sechs junge Menschen erz\u00e4hlen, wie sie durch Selbsterm\u00e4chtigung im Alltag zu Freiheit und Eigenst\u00e4ndigkeit finden.","robots":{"index":"index","follow":"follow","max-snippet":"max-snippet:-1","max-image-preview":"max-image-preview:large","max-video-preview":"max-video-preview:-1"},"canonical":"https:\/\/visualjournalism.de\/en\/magazine\/macht-und-kontrolle\/self-empowerment-heraus-aus-dem-ohnmachtsgefuhl\/","og_locale":"en_US","og_type":"article","og_title":"Self-Empowerment: Heraus aus dem Ohnmachtsgef\u00fchl","og_description":"Sechs junge Menschen erz\u00e4hlen, wie sie durch Selbsterm\u00e4chtigung im Alltag zu Freiheit und Eigenst\u00e4ndigkeit finden.","og_url":"https:\/\/visualjournalism.de\/en\/magazine\/macht-und-kontrolle\/self-empowerment-heraus-aus-dem-ohnmachtsgefuhl\/","og_site_name":"Visual Journalism and Documentary Photography","article_publisher":"https:\/\/www.facebook.com\/people\/wwwfotostudentende\/100065173703897\/","article_modified_time":"2024-07-04T12:27:28+00:00","og_image":[{"width":1410,"height":925,"url":"https:\/\/visualjournalism.de\/wp-content\/uploads\/Online_Magazin_Pha_Croissant_Was_ermaechtigt_mich-6-2-e1718120021826.jpg","type":"image\/jpeg"}],"twitter_card":"summary_large_image","twitter_site":"@HsHannover","twitter_misc":{"Est. reading time":"1 minute"},"schema":{"@context":"https:\/\/schema.org","@graph":[{"@type":"WebPage","@id":"https:\/\/visualjournalism.de\/en\/magazine\/macht-und-kontrolle\/self-empowerment-heraus-aus-dem-ohnmachtsgefuhl\/","url":"https:\/\/visualjournalism.de\/en\/magazine\/macht-und-kontrolle\/self-empowerment-heraus-aus-dem-ohnmachtsgefuhl\/","name":"Self-Empowerment: Heraus aus dem Ohnmachtsgef\u00fchl","isPartOf":{"@id":"https:\/\/visualjournalism.de\/en\/#website"},"primaryImageOfPage":{"@id":"https:\/\/visualjournalism.de\/en\/magazine\/macht-und-kontrolle\/self-empowerment-heraus-aus-dem-ohnmachtsgefuhl\/#primaryimage"},"image":{"@id":"https:\/\/visualjournalism.de\/en\/magazine\/macht-und-kontrolle\/self-empowerment-heraus-aus-dem-ohnmachtsgefuhl\/#primaryimage"},"thumbnailUrl":"https:\/\/visualjournalism.de\/wp-content\/uploads\/Online_Magazin_Pha_Croissant_Was_ermaechtigt_mich-6-2-e1718120021826.jpg","datePublished":"2023-10-30T07:34:20+00:00","dateModified":"2024-07-04T12:27:28+00:00","description":"Sechs junge Menschen erz\u00e4hlen, wie sie durch Selbsterm\u00e4chtigung im Alltag zu Freiheit und Eigenst\u00e4ndigkeit finden.","breadcrumb":{"@id":"https:\/\/visualjournalism.de\/en\/magazine\/macht-und-kontrolle\/self-empowerment-heraus-aus-dem-ohnmachtsgefuhl\/#breadcrumb"},"inLanguage":"en-US","potentialAction":[{"@type":"ReadAction","target":["https:\/\/visualjournalism.de\/en\/magazine\/macht-und-kontrolle\/self-empowerment-heraus-aus-dem-ohnmachtsgefuhl\/"]}]},{"@type":"ImageObject","inLanguage":"en-US","@id":"https:\/\/visualjournalism.de\/en\/magazine\/macht-und-kontrolle\/self-empowerment-heraus-aus-dem-ohnmachtsgefuhl\/#primaryimage","url":"https:\/\/visualjournalism.de\/wp-content\/uploads\/Online_Magazin_Pha_Croissant_Was_ermaechtigt_mich-6-2-e1718120021826.jpg","contentUrl":"https:\/\/visualjournalism.de\/wp-content\/uploads\/Online_Magazin_Pha_Croissant_Was_ermaechtigt_mich-6-2-e1718120021826.jpg","width":1410,"height":925,"caption":"Was erm\u00e4chtigt mich? , Hannover, 25.06.2023, Nina Freckles , Foto: Pha Croissant"},{"@type":"BreadcrumbList","@id":"https:\/\/visualjournalism.de\/en\/magazine\/macht-und-kontrolle\/self-empowerment-heraus-aus-dem-ohnmachtsgefuhl\/#breadcrumb","itemListElement":[{"@type":"ListItem","position":1,"name":"Home","item":"https:\/\/visualjournalism.de\/en\/"},{"@type":"ListItem","position":2,"name":"Magazin","item":"https:\/\/visualjournalism.de\/en\/magazine\/"},{"@type":"ListItem","position":3,"name":"Self-Empowerment: Heraus aus dem Ohnmachtsgef\u00fchl"}]},{"@type":"WebSite","@id":"https:\/\/visualjournalism.de\/en\/#website","url":"https:\/\/visualjournalism.de\/en\/","name":"Visual Journalism and Documentary Photography","description":"All about the bilingual bachelor&#039;s program at Hannover University of Applied Sciences and Arts.","publisher":{"@id":"https:\/\/visualjournalism.de\/en\/#organization"},"alternateName":"visualjournalism.de","potentialAction":[{"@type":"SearchAction","target":{"@type":"EntryPoint","urlTemplate":"https:\/\/visualjournalism.de\/en\/?s={search_term_string}"},"query-input":{"@type":"PropertyValueSpecification","valueRequired":true,"valueName":"search_term_string"}}],"inLanguage":"en-US"},{"@type":"Organization","@id":"https:\/\/visualjournalism.de\/en\/#organization","name":"Hochschule Hannover \u2013 University of Applied Sciences and Arts","alternateName":"HsH","url":"https:\/\/visualjournalism.de\/en\/","logo":{"@type":"ImageObject","inLanguage":"en-US","@id":"https:\/\/visualjournalism.de\/en\/#\/schema\/logo\/image\/","url":"https:\/\/visualjournalism.de\/wp-content\/uploads\/logo-hochschule-hannover.png","contentUrl":"https:\/\/visualjournalism.de\/wp-content\/uploads\/logo-hochschule-hannover.png","width":363,"height":270,"caption":"Hochschule Hannover \u2013 University of Applied Sciences and Arts"},"image":{"@id":"https:\/\/visualjournalism.de\/en\/#\/schema\/logo\/image\/"},"sameAs":["https:\/\/www.facebook.com\/people\/wwwfotostudentende\/100065173703897\/","https:\/\/x.com\/HsHannover","https:\/\/www.instagram.com\/visualjournalism.de\/"]}]}},"_links":{"self":[{"href":"https:\/\/visualjournalism.de\/en\/wp-json\/wp\/v2\/magazin\/29442","targetHints":{"allow":["GET"]}}],"collection":[{"href":"https:\/\/visualjournalism.de\/en\/wp-json\/wp\/v2\/magazin"}],"about":[{"href":"https:\/\/visualjournalism.de\/en\/wp-json\/wp\/v2\/types\/magazin"}],"author":[{"embeddable":true,"href":"https:\/\/visualjournalism.de\/en\/wp-json\/wp\/v2\/users\/4"}],"version-history":[{"count":0,"href":"https:\/\/visualjournalism.de\/en\/wp-json\/wp\/v2\/magazin\/29442\/revisions"}],"wp:featuredmedia":[{"embeddable":true,"href":"https:\/\/visualjournalism.de\/en\/wp-json\/wp\/v2\/media\/29622"}],"wp:attachment":[{"href":"https:\/\/visualjournalism.de\/en\/wp-json\/wp\/v2\/media?parent=29442"}],"wp:term":[{"taxonomy":"post_tag","embeddable":true,"href":"https:\/\/visualjournalism.de\/en\/wp-json\/wp\/v2\/tags?post=29442"},{"taxonomy":"magazinkategorie","embeddable":true,"href":"https:\/\/visualjournalism.de\/en\/wp-json\/wp\/v2\/magazinkategorie?post=29442"}],"curies":[{"name":"wp","href":"https:\/\/api.w.org\/{rel}","templated":true}]}}