{"id":29463,"date":"2023-11-05T15:32:47","date_gmt":"2023-11-05T15:32:47","guid":{"rendered":"https:\/\/visualjournalism.de\/?post_type=magazin&#038;p=29463"},"modified":"2025-03-28T20:17:15","modified_gmt":"2025-03-28T20:17:15","slug":"duelmener-pferde-echt-wild-oder-nur-show","status":"publish","type":"magazin","link":"https:\/\/visualjournalism.de\/en\/magazine\/macht-und-kontrolle\/duelmener-pferde-echt-wild-oder-nur-show\/","title":{"rendered":"D\u00fclmener Pferde: Echt wild oder nur Show?"},"content":{"rendered":"\r\n<div class=\"cover--lead-in has-spacing--m\">\r\n\r\n    \r\n    <div class=\"cover--lead-in__content typo--tiempos\">\r\n\r\n        <div class=\"entry-categories\">\n\t<a class=\"post__tag\" href=\"https:\/\/visualjournalism.de\/magazin-kategorie\/macht-und-kontrolle\/\" rel=\"category tag\">Macht und Kontrolle<\/a><\/div>\r\n        <h2 class=\"cover--lead-in__headline \">\r\n            D\u00fclmener Wildpferde: Alles nur Show?        <\/h2>\r\n\r\n                    <div class=\"cover--lead-in__text\">\r\n                <p>Der j\u00e4hrliche Wildpferdefang im westf\u00e4lischen D\u00fclmen ist mehr als nur eine lokale Attraktion. Er wirft grundlegende Fragen \u00fcber den Einfluss des Menschen auf Wildtiere auf. <strong>Von <a href=\"https:\/\/visualjournalism.de\/en\/greta-martensen\/\" target=\"_blank\" rel=\"noopener\">Greta Martensen<\/a> (Text und Fotos) und <a href=\"https:\/\/visualjournalism.de\/en\/test-soeren\/\" target=\"_blank\" rel=\"noopener\">S\u00f6ren Pinsdorf<\/a> (Text)<\/strong><\/p>\n            <\/div>\r\n        \r\n                    <div class=\"cover--lead-in__author\">\r\n                \r\n                    \r\n                            <figure class=\"cover--lead-in__author__image\">\r\n\r\n                                                                    <a href=\"https:\/\/visualjournalism.de\/greta-martensen\/\" target=\"\">\r\n                                \r\n                                <img loading=\"lazy\" decoding=\"async\"\r\n                                    src=\"https:\/\/visualjournalism.de\/wp-content\/uploads\/greta_martensen_portrait-1-68x68.jpg\"\r\n                                    srcset=\"https:\/\/visualjournalism.de\/wp-content\/uploads\/greta_martensen_portrait-1-68x68.jpg 68w, https:\/\/visualjournalism.de\/wp-content\/uploads\/greta_martensen_portrait-1-150x150.jpg 150w, https:\/\/visualjournalism.de\/wp-content\/uploads\/greta_martensen_portrait-1-52x52.jpg 52w, https:\/\/visualjournalism.de\/wp-content\/uploads\/greta_martensen_portrait-1-96x96.jpg 96w\"\r\n                                    width=\"68\"\r\n                                    height=\"68\"\r\n                                    alt=\"\"\r\n                                \/>\r\n\r\n                                                                    <\/a>\r\n                                \r\n                            <\/figure>\r\n\r\n                                                <figure class=\"cover--lead-in__author__image\">\r\n                                                            <a href=\"https:\/\/visualjournalism.de\/test-soeren\/\">\r\n                            \r\n                            <img loading=\"lazy\" decoding=\"async\" width=\"68\" height=\"68\" src=\"https:\/\/visualjournalism.de\/wp-content\/uploads\/soeren-pinsdorf-thumb-68x68.jpg\" class=\"attachment-image-portrait--large size-image-portrait--large\" alt=\"\" srcset=\"https:\/\/visualjournalism.de\/wp-content\/uploads\/soeren-pinsdorf-thumb-68x68.jpg 68w, https:\/\/visualjournalism.de\/wp-content\/uploads\/soeren-pinsdorf-thumb-52x52.jpg 52w, https:\/\/visualjournalism.de\/wp-content\/uploads\/soeren-pinsdorf-thumb-96x96.jpg 96w, https:\/\/visualjournalism.de\/wp-content\/uploads\/soeren-pinsdorf-thumb.jpg 100w\" sizes=\"auto, (max-width: 68px) 100vw, 68px\" \/>\r\n                                                            <\/a>\r\n                                                    <\/figure>\r\n                    \r\n                                <\/div><!-- .cover--lead-in__author -->\r\n        \r\n    <\/div><!-- .cover--lead-in__content -->\r\n\r\n    \r\n        <figure class=\"cover--lead-in__image cover--lead-in__media cover--lead-in__media--image\">\r\n            <img loading=\"lazy\" decoding=\"async\"\r\n                src=\"https:\/\/visualjournalism.de\/wp-content\/uploads\/Wildpferde_GretaMartensen_Einlauf-1920x1536.jpg\"\r\n                srcset=\"https:\/\/visualjournalism.de\/wp-content\/uploads\/Wildpferde_GretaMartensen_Einlauf-1920x1536.jpg 1920w, https:\/\/visualjournalism.de\/wp-content\/uploads\/Wildpferde_GretaMartensen_Einlauf-300x240.jpg 300w, https:\/\/visualjournalism.de\/wp-content\/uploads\/Wildpferde_GretaMartensen_Einlauf-1024x819.jpg 1024w, https:\/\/visualjournalism.de\/wp-content\/uploads\/Wildpferde_GretaMartensen_Einlauf-768x614.jpg 768w, https:\/\/visualjournalism.de\/wp-content\/uploads\/Wildpferde_GretaMartensen_Einlauf-1536x1229.jpg 1536w, https:\/\/visualjournalism.de\/wp-content\/uploads\/Wildpferde_GretaMartensen_Einlauf-1400x1120.jpg 1400w, https:\/\/visualjournalism.de\/wp-content\/uploads\/Wildpferde_GretaMartensen_Einlauf-1050x840.jpg 1050w, https:\/\/visualjournalism.de\/wp-content\/uploads\/Wildpferde_GretaMartensen_Einlauf-670x536.jpg 670w, https:\/\/visualjournalism.de\/wp-content\/uploads\/Wildpferde_GretaMartensen_Einlauf-420x336.jpg 420w, https:\/\/visualjournalism.de\/wp-content\/uploads\/Wildpferde_GretaMartensen_Einlauf-350x280.jpg 350w, https:\/\/visualjournalism.de\/wp-content\/uploads\/Wildpferde_GretaMartensen_Einlauf-150x120.jpg 150w, https:\/\/visualjournalism.de\/wp-content\/uploads\/Wildpferde_GretaMartensen_Einlauf.jpg 2000w\"\r\n                width=\"1920\"\r\n                height=\"1536\"\r\n                alt=\"Eine Herde von D\u00fclmener Wildpferden galoppiert w\u00e4hrend des traditionellen Wildpferdefangs durch eine staubige Lichtung. Die Pferde sind umgeben von B\u00e4umen und Gras unter einem klaren blauen Himmel.\"\r\n                style=\"object-position: 63.33% 86.67%\"\r\n            \/>\r\n        <\/figure>\r\n\r\n                    <span class=\"cover--lead-in__image-title\">\r\n                Die Stutenherde darf nun endlich die Arena verlassen            <\/span>\r\n        \r\n    \r\n<\/div><!-- .cover--lead-in -->\r\n\r\n\n\n\n<p class=\"post__paragraph has-spacing--default\"><strong>In der Ferne erklingt das Donnern von Pferdehufen. <\/strong>Staub wirbelt auf. Die Wildpferde n\u00e4hern sich der Arena, in der gleich ihre Fohlen versteigert werden. Ein Sprecher weist die Besucher*innen an, auf ihren Pl\u00e4tzen sitzen zu bleiben und sich ruhig zu verhalten. Es darf nichts passieren: Wenn die Leitstute beschlie\u00dft umzudrehen, ist der Auktionstag gelaufen. Ein Meer aus Handys richtet sich auf Tiere.<br><br>S\u00fcdwestlich von M\u00fcnster, in einem Naturschutzgebiet in Westfalen, leben seit mehreren Jahrhunderten die D\u00fclmener Pferde. J\u00e4hrlich werden im Fr\u00fchjahr um die 70 Fohlen geboren. F\u00fcr ein Jahr d\u00fcrfen die m\u00e4nnlichen Fohlen in der Herde mitlaufen und das Leben eines freien Pferdes genie\u00dfen. Bis sie dann, am letzten Samstag im Mai, beim j\u00e4hrlichen Jungpferdefang von der Herde getrennt und versteigert werden.<\/p>\n\n\n\n<p class=\"post__paragraph has-spacing--m\">34 Hengste sind es im Jahr 2023. Sie sind noch nicht ausgewachsen, ihr Fell ist struppig. Die ersten f\u00fcnf Wildpferde werden per Zufall unter all denen verlost, die am Morgen ein Los gekauft haben. Die restlichen Pferde werden f\u00fcr 800 \u20ac bis 3000 \u20ac versteigert.<\/p>\n\n\n    <figure class=\"block-photo post__image--wide-left has-spacing--m with-title\">\n\n        <div class=\"post__image__container\">\n            <img loading=\"lazy\" decoding=\"async\" \n                src=\"https:\/\/visualjournalism.de\/wp-content\/uploads\/Wildpferde_GretaMartensen_Besucher-1050x840.jpg\"\n                srcset=\"https:\/\/visualjournalism.de\/wp-content\/uploads\/Wildpferde_GretaMartensen_Besucher-1050x840.jpg 1050w, https:\/\/visualjournalism.de\/wp-content\/uploads\/Wildpferde_GretaMartensen_Besucher-300x240.jpg 300w, https:\/\/visualjournalism.de\/wp-content\/uploads\/Wildpferde_GretaMartensen_Besucher-1024x819.jpg 1024w, https:\/\/visualjournalism.de\/wp-content\/uploads\/Wildpferde_GretaMartensen_Besucher-768x614.jpg 768w, https:\/\/visualjournalism.de\/wp-content\/uploads\/Wildpferde_GretaMartensen_Besucher-1536x1229.jpg 1536w, https:\/\/visualjournalism.de\/wp-content\/uploads\/Wildpferde_GretaMartensen_Besucher-1920x1536.jpg 1920w, https:\/\/visualjournalism.de\/wp-content\/uploads\/Wildpferde_GretaMartensen_Besucher-1400x1120.jpg 1400w, https:\/\/visualjournalism.de\/wp-content\/uploads\/Wildpferde_GretaMartensen_Besucher-670x536.jpg 670w, https:\/\/visualjournalism.de\/wp-content\/uploads\/Wildpferde_GretaMartensen_Besucher-420x336.jpg 420w, https:\/\/visualjournalism.de\/wp-content\/uploads\/Wildpferde_GretaMartensen_Besucher-350x280.jpg 350w, https:\/\/visualjournalism.de\/wp-content\/uploads\/Wildpferde_GretaMartensen_Besucher-150x120.jpg 150w, https:\/\/visualjournalism.de\/wp-content\/uploads\/Wildpferde_GretaMartensen_Besucher.jpg 2000w\"\n                width=\"1050\" \n                height=\"840\"\n                alt=\"Eine Gruppe von Menschen beobachtet eine Herde D\u00fclmener Wildpferde auf einer Wiese w\u00e4hrend des D\u00fclmener Wildpferdefangs. Die Zuschauer stehen und sitzen vor einem Zaun, hinter dem die Pferde grasen. Die Szene spielt sich unter einem klaren blauen Himmel ab, umgeben von dichten gr\u00fcnen B\u00e4umen.\" \n            \/>\n            \n                            <span class=\"post__image__title\">Besucher beobachtet die Wildpferdeherde vor dem Fang<\/span>\n                    <\/div><!-- post__image__container -->\n\n                    <figcaption class=\"post__image__caption--soehne\"><p><strong>Normalerweise leben die D\u00fclmener Wildpferde<\/strong> ungest\u00f6rt in einem 360 Hektar gro\u00dfen Areal im Merfelder Bruch. Hier k\u00f6nnen Besucher die Tiere vor Beginn des Fangs noch beim Grasen beobachten, bevor die Herde dann von den Veranstaltern zusammen getrieben und in die Arena gescheucht wird.<\/p>\n<\/figcaption>\n        \n    <\/figure><!-- post__image -->\n\n\n\n\n<p class=\"post__paragraph has-spacing--xs\"><strong>Der j\u00e4hrliche Jungpferdefang ist Tradition \u2013 aber nicht unumstritten.<\/strong> Die Wildpferde erleiden Stress, Mensch und Tier werden gef\u00e4hrdet, so die Kritiker. Es g\u00e4be andere M\u00f6glichkeit, die Hengste von ihrer Herde zu trennen. Ohne rund 15.000 Zuschauer, ohne Hatz, ohne Enge.<br><br>Vieles auf dieser Veranstaltung ist Show. Wie die Kutschen mit der feinen Gesellschaft. Die zahlenden Zuschauer dr\u00e4ngen sich um die acht Pferde, die anderen sitzen mit ihren prachtvollen H\u00fcten oben auf der Kutsche und \u00f6ffnen lachend ihren Champagner. F\u00fcnf Raubv\u00f6gel sitzen angekettet auf Baumst\u00e4mmen. Der eine versucht mehrmals wegzufliegen, w\u00e4hrend dutzende Menschen dicht um ihn herum stehen. Es werden an diesem Tag nicht nur die Wildpferde zur Schau gestellt, sondern auch etliche andere Tiere. Die Besucher*innen halten Abstand.<\/p>\n\n\n\n<p class=\"post__paragraph has-spacing--m\">Bevor die Zuschauer*innen die Wildpferdeherde in der Arena sehen, werden die gefangenen Hengste der Vorjahre in der Arena pr\u00e4sentiert: Wie haben sie sich entwickelt? Von den rund 15 jungen Hengsten wirken h\u00f6chstens drei entspannt. Die \u00fcbrigen zerren an ihren Halftern. Sie m\u00fcssen Hindernisse wie Br\u00fccken \u00fcberwinden, werden unter einer blauen Plane hindurchgef\u00fchrt oder durch einen H\u00e4nger. Dann positionieren sich die F\u00e4nger. Sie alle stammen aus den drei Orten rund um die Wildpferdebahn: Merfeld, Maria Veen und Lette. So war das immer und so soll es bleiben. Ein \u00e4lterer Herr, um die 70, steht am Gatter. Auch sein Sohn und sein Enkel treiben die Pferde umher. In der Arena stehen mehrere Generationen \u2013 man erbt das Recht, Hengste zu fangen.<\/p>\n\n\n    <figure class=\"block-photo post__image--full has-spacing--l with-title\">\n\n        <div class=\"post__image__container\">\n            <img loading=\"lazy\" decoding=\"async\" \n                src=\"https:\/\/visualjournalism.de\/wp-content\/uploads\/Wildpferde_GretaMartensen_Fang_Separieren-1400x1120.jpg\"\n                srcset=\"https:\/\/visualjournalism.de\/wp-content\/uploads\/Wildpferde_GretaMartensen_Fang_Separieren-1400x1120.jpg 1400w, https:\/\/visualjournalism.de\/wp-content\/uploads\/Wildpferde_GretaMartensen_Fang_Separieren-300x240.jpg 300w, https:\/\/visualjournalism.de\/wp-content\/uploads\/Wildpferde_GretaMartensen_Fang_Separieren-1024x819.jpg 1024w, https:\/\/visualjournalism.de\/wp-content\/uploads\/Wildpferde_GretaMartensen_Fang_Separieren-768x614.jpg 768w, https:\/\/visualjournalism.de\/wp-content\/uploads\/Wildpferde_GretaMartensen_Fang_Separieren-1536x1229.jpg 1536w, https:\/\/visualjournalism.de\/wp-content\/uploads\/Wildpferde_GretaMartensen_Fang_Separieren-1920x1536.jpg 1920w, https:\/\/visualjournalism.de\/wp-content\/uploads\/Wildpferde_GretaMartensen_Fang_Separieren-1050x840.jpg 1050w, https:\/\/visualjournalism.de\/wp-content\/uploads\/Wildpferde_GretaMartensen_Fang_Separieren-670x536.jpg 670w, https:\/\/visualjournalism.de\/wp-content\/uploads\/Wildpferde_GretaMartensen_Fang_Separieren-420x336.jpg 420w, https:\/\/visualjournalism.de\/wp-content\/uploads\/Wildpferde_GretaMartensen_Fang_Separieren-350x280.jpg 350w, https:\/\/visualjournalism.de\/wp-content\/uploads\/Wildpferde_GretaMartensen_Fang_Separieren-150x120.jpg 150w, https:\/\/visualjournalism.de\/wp-content\/uploads\/Wildpferde_GretaMartensen_Fang_Separieren.jpg 2000w\"\n                width=\"1400\" \n                height=\"1120\"\n                alt=\"Teilnehmer des D\u00fclmener Wildpferdefangs in blauen Hemden und roten Halst\u00fcchern laufen auf einer Wiese, um ein einzelnes Wildpferd zu fangen. Im Hintergrund ist eine gro\u00dfe Menschenmenge auf Trib\u00fcnen zu sehen, die die Veranstaltung beobachtet, w\u00e4hrend eine gro\u00dfe Herde Wildpferde im Hintergrund steht.\" \n            \/>\n            \n                            <span class=\"post__image__title\">Die Gruppe wird immer weiter separiert und ein Pferd hat sich aus der Gruppe gel\u00f6st<\/span>\n                    <\/div><!-- post__image__container -->\n\n                    <figcaption class=\"post__image__caption--soehne\"><p><b>Nachdem die Wildpferdeherde in die Arena getrieben wurde, <\/b>beginnen die F\u00e4nger*innen damit, kleinere Gruppen oder wie hier gleich einen einzelnen J\u00e4hrling von der Herde zu separieren und diese zu einem abgetrennten Bereich der Arena zu treiben.<\/p>\n<\/figcaption>\n        \n    <\/figure><!-- post__image -->\n\n\n\n \n\n<div class=\"photo-grid grid-layout--tableau has-spacing--m\">\n\n            \n\n            <div class=\"photo-grid__image\">\n\n                <figure>\n\n                    <img loading=\"lazy\" decoding=\"async\"  \n                        src=\"https:\/\/visualjournalism.de\/wp-content\/uploads\/Wildpferde_GretaMartensen_eingepfercht-768x614.jpg\" \n                        srcset=\"https:\/\/visualjournalism.de\/wp-content\/uploads\/Wildpferde_GretaMartensen_eingepfercht-768x614.jpg 768w, https:\/\/visualjournalism.de\/wp-content\/uploads\/Wildpferde_GretaMartensen_eingepfercht-300x240.jpg 300w, https:\/\/visualjournalism.de\/wp-content\/uploads\/Wildpferde_GretaMartensen_eingepfercht-1024x819.jpg 1024w, https:\/\/visualjournalism.de\/wp-content\/uploads\/Wildpferde_GretaMartensen_eingepfercht-1536x1229.jpg 1536w, https:\/\/visualjournalism.de\/wp-content\/uploads\/Wildpferde_GretaMartensen_eingepfercht-1920x1536.jpg 1920w, https:\/\/visualjournalism.de\/wp-content\/uploads\/Wildpferde_GretaMartensen_eingepfercht-1400x1120.jpg 1400w, https:\/\/visualjournalism.de\/wp-content\/uploads\/Wildpferde_GretaMartensen_eingepfercht-1050x840.jpg 1050w, https:\/\/visualjournalism.de\/wp-content\/uploads\/Wildpferde_GretaMartensen_eingepfercht-670x536.jpg 670w, https:\/\/visualjournalism.de\/wp-content\/uploads\/Wildpferde_GretaMartensen_eingepfercht-420x336.jpg 420w, https:\/\/visualjournalism.de\/wp-content\/uploads\/Wildpferde_GretaMartensen_eingepfercht-350x280.jpg 350w, https:\/\/visualjournalism.de\/wp-content\/uploads\/Wildpferde_GretaMartensen_eingepfercht-150x120.jpg 150w, https:\/\/visualjournalism.de\/wp-content\/uploads\/Wildpferde_GretaMartensen_eingepfercht.jpg 2000w\" \n                        width=\"768\"  \n                        height=\"614\" \n                        alt=\"\"  \n                    \/>\n\n                                            <span class=\"photo-grid__image__title\">Die erste Gruppe wird separiert<\/span>\n                    \n                                            <figcaption class=\"photo-grid__image__caption--soehne\"><p><strong>Ist es den F\u00e4nger*innen gelungen,<\/strong> eine Gruppe von der Herde zu trennen, wird diese in einem kleinen Bereich der Arena zusammengepfercht. Ein Teil der F\u00e4nger*innen bildet am Ausgang eine Kette, um die Tiere am Ausbrechen zu hindern, w\u00e4hrend der Rest von ihnen die Hengste heraussucht und einf\u00e4ngt. Die Stuten und Jungtiere kommen anschlie\u00dfend in den umz\u00e4unten Bereich links im Bild.<\/p>\n<\/figcaption>\n                    \n                <\/figure>\n\n            <\/div><!-- photo-grid__image -->    \n\n\n            \n\n                    \n                \n\n            <div class=\"photo-grid__image\">\n\n                <figure>\n\n                    <img loading=\"lazy\" decoding=\"async\"  \n                        src=\"https:\/\/visualjournalism.de\/wp-content\/uploads\/Wildpferde_GretaMartensen_Fang_Koerperkontakt-768x614.jpg\" \n                        srcset=\"https:\/\/visualjournalism.de\/wp-content\/uploads\/Wildpferde_GretaMartensen_Fang_Koerperkontakt-768x614.jpg 768w, https:\/\/visualjournalism.de\/wp-content\/uploads\/Wildpferde_GretaMartensen_Fang_Koerperkontakt-300x240.jpg 300w, https:\/\/visualjournalism.de\/wp-content\/uploads\/Wildpferde_GretaMartensen_Fang_Koerperkontakt-1024x819.jpg 1024w, https:\/\/visualjournalism.de\/wp-content\/uploads\/Wildpferde_GretaMartensen_Fang_Koerperkontakt-1536x1229.jpg 1536w, https:\/\/visualjournalism.de\/wp-content\/uploads\/Wildpferde_GretaMartensen_Fang_Koerperkontakt-1920x1536.jpg 1920w, https:\/\/visualjournalism.de\/wp-content\/uploads\/Wildpferde_GretaMartensen_Fang_Koerperkontakt-1400x1120.jpg 1400w, https:\/\/visualjournalism.de\/wp-content\/uploads\/Wildpferde_GretaMartensen_Fang_Koerperkontakt-1050x840.jpg 1050w, https:\/\/visualjournalism.de\/wp-content\/uploads\/Wildpferde_GretaMartensen_Fang_Koerperkontakt-670x536.jpg 670w, https:\/\/visualjournalism.de\/wp-content\/uploads\/Wildpferde_GretaMartensen_Fang_Koerperkontakt-420x336.jpg 420w, https:\/\/visualjournalism.de\/wp-content\/uploads\/Wildpferde_GretaMartensen_Fang_Koerperkontakt-350x280.jpg 350w, https:\/\/visualjournalism.de\/wp-content\/uploads\/Wildpferde_GretaMartensen_Fang_Koerperkontakt-150x120.jpg 150w, https:\/\/visualjournalism.de\/wp-content\/uploads\/Wildpferde_GretaMartensen_Fang_Koerperkontakt.jpg 2000w\" \n                        width=\"768\"  \n                        height=\"614\" \n                        alt=\"\"  \n                    \/>\n\n                                            <span class=\"photo-grid__image__title\">ein Hengst wird gefangen<\/span>\n                    \n                                            <figcaption class=\"photo-grid__image__caption--soehne\"><p><strong>Beim Fangen der Hengste<\/strong> geht es teils sehr rabiat zu. Mit vollem K\u00f6rpereinsatz versuchen die F\u00e4nger einen Hengst in die Ecke zu treiben, um ihm dort ein provisorisches Halfter \u00fcberzustreifen, an dem er dann aus der Arena gef\u00fchrt wird.<\/p>\n<\/figcaption>\n                    \n                <\/figure>\n\n            <\/div><!-- photo-grid__image -->    \n\n\n            \n\n                    \n                \n\n            <div class=\"photo-grid__image\">\n\n                <figure>\n\n                    <img loading=\"lazy\" decoding=\"async\"  \n                        src=\"https:\/\/visualjournalism.de\/wp-content\/uploads\/Wildpferde_GretaMartensen_Jungtiere-768x614.jpg\" \n                        srcset=\"https:\/\/visualjournalism.de\/wp-content\/uploads\/Wildpferde_GretaMartensen_Jungtiere-768x614.jpg 768w, https:\/\/visualjournalism.de\/wp-content\/uploads\/Wildpferde_GretaMartensen_Jungtiere-300x240.jpg 300w, https:\/\/visualjournalism.de\/wp-content\/uploads\/Wildpferde_GretaMartensen_Jungtiere-1024x819.jpg 1024w, https:\/\/visualjournalism.de\/wp-content\/uploads\/Wildpferde_GretaMartensen_Jungtiere-1536x1229.jpg 1536w, https:\/\/visualjournalism.de\/wp-content\/uploads\/Wildpferde_GretaMartensen_Jungtiere-1920x1536.jpg 1920w, https:\/\/visualjournalism.de\/wp-content\/uploads\/Wildpferde_GretaMartensen_Jungtiere-1400x1120.jpg 1400w, https:\/\/visualjournalism.de\/wp-content\/uploads\/Wildpferde_GretaMartensen_Jungtiere-1050x840.jpg 1050w, https:\/\/visualjournalism.de\/wp-content\/uploads\/Wildpferde_GretaMartensen_Jungtiere-670x536.jpg 670w, https:\/\/visualjournalism.de\/wp-content\/uploads\/Wildpferde_GretaMartensen_Jungtiere-420x336.jpg 420w, https:\/\/visualjournalism.de\/wp-content\/uploads\/Wildpferde_GretaMartensen_Jungtiere-350x280.jpg 350w, https:\/\/visualjournalism.de\/wp-content\/uploads\/Wildpferde_GretaMartensen_Jungtiere-150x120.jpg 150w, https:\/\/visualjournalism.de\/wp-content\/uploads\/Wildpferde_GretaMartensen_Jungtiere.jpg 2000w\" \n                        width=\"768\"  \n                        height=\"614\" \n                        alt=\"\"  \n                    \/>\n\n                                            <span class=\"photo-grid__image__title\">die kleinen Hengste sind noch nicht vollst\u00e4ndig entwickelt und das Fell noch ganz struppig<\/span>\n                    \n                                            <figcaption class=\"photo-grid__image__caption--soehne\"><p><strong>Bei der Herde<\/strong> befinden sich nat\u00fcrlich nicht nur die J\u00e4hrlinge, sondern auch Fohlen aus dem zur\u00fcckliegendem Jahr. Man erkennt sie deutlich an ihrem zotteligen Fell.<\/p>\n<\/figcaption>\n                    \n                <\/figure>\n\n            <\/div><!-- photo-grid__image -->    \n\n\n            \n\n            \n<\/div>\n\n\n<p class=\"post__paragraph has-spacing--m\"><strong>Die F\u00e4nger, alle mit blau-wei\u00df gestreiften Hemden und rotem Halstuch<\/strong>, bilden eine Kette in der Arena. Sie trennen eine kleine Gruppe Pferde von der Herde ab und treiben sie in einen der Pferche. Identifizieren die F\u00e4nger einen jungen Hengst, treiben sie ihn in die Enge und halftern ihn auf. Die J\u00e4hrlingshengste, die noch nie ber\u00fchrt und schon gar nicht gef\u00fchrt wurden, bocken, steigen, rasen los, halten pl\u00f6tzlich, laufen r\u00fcckw\u00e4rts. Der Rest der Kleingruppe wird in einen weiteren abgez\u00e4unten Bereich getrieben. So vergehen die kommenden zwei Stunden. <br><br>Ein junger Hengst wird gegen den Zaun gedr\u00fcckt, sein kleiner Kopf gequetscht zwischen Armen und Streben. Die F\u00e4nger werden seit einigen Jahren geschult. Sie sollen lernen, wie man ein Pferd nicht fangen sollte. Doch die Hescher handeln instinktiv und schmei\u00dfen junge Pferde auf den Boden. Eine der gr\u00f6\u00dften Pferde\u00e4ngste wird ausgel\u00f6st.<\/p>\n\n\n    <figure class=\"block-photo post__image--full has-spacing--m with-title\">\n\n        <div class=\"post__image__container\">\n            <img loading=\"lazy\" decoding=\"async\" \n                src=\"https:\/\/visualjournalism.de\/wp-content\/uploads\/Wildpferde_GretaMartensen_Herde-1400x1734.jpg\"\n                srcset=\"https:\/\/visualjournalism.de\/wp-content\/uploads\/Wildpferde_GretaMartensen_Herde-1400x1734.jpg 1400w, https:\/\/visualjournalism.de\/wp-content\/uploads\/Wildpferde_GretaMartensen_Herde-242x300.jpg 242w, https:\/\/visualjournalism.de\/wp-content\/uploads\/Wildpferde_GretaMartensen_Herde-827x1024.jpg 827w, https:\/\/visualjournalism.de\/wp-content\/uploads\/Wildpferde_GretaMartensen_Herde-768x951.jpg 768w, https:\/\/visualjournalism.de\/wp-content\/uploads\/Wildpferde_GretaMartensen_Herde-1240x1536.jpg 1240w, https:\/\/visualjournalism.de\/wp-content\/uploads\/Wildpferde_GretaMartensen_Herde-1653x2048.jpg 1653w, https:\/\/visualjournalism.de\/wp-content\/uploads\/Wildpferde_GretaMartensen_Herde-1920x2378.jpg 1920w, https:\/\/visualjournalism.de\/wp-content\/uploads\/Wildpferde_GretaMartensen_Herde-1050x1301.jpg 1050w, https:\/\/visualjournalism.de\/wp-content\/uploads\/Wildpferde_GretaMartensen_Herde-670x830.jpg 670w, https:\/\/visualjournalism.de\/wp-content\/uploads\/Wildpferde_GretaMartensen_Herde-420x520.jpg 420w, https:\/\/visualjournalism.de\/wp-content\/uploads\/Wildpferde_GretaMartensen_Herde-350x434.jpg 350w, https:\/\/visualjournalism.de\/wp-content\/uploads\/Wildpferde_GretaMartensen_Herde-300x372.jpg 300w, https:\/\/visualjournalism.de\/wp-content\/uploads\/Wildpferde_GretaMartensen_Herde-150x186.jpg 150w\"\n                width=\"1400\" \n                height=\"1734\"\n                alt=\"Zwei D\u00fclmener Wildpferde stehen dicht nebeneinander w\u00e4hrend des D\u00fclmener Wildpferdefangs. Ihre M\u00e4hnen wehen im Wind unter einem klaren blauen Himmel. Im Hintergrund sind weitere Pferde und gr\u00fcne B\u00e4ume zu sehen.\" \n            \/>\n            \n                            <span class=\"post__image__title\">Pferde werden umher getrieben<\/span>\n                    <\/div><!-- post__image__container -->\n\n                    <figcaption class=\"post__image__caption--soehne\"><p><strong>Das Fangen der einj\u00e4hrigen Hengste<\/strong> bedeutet f\u00fcr die ansonsten wild lebende Herde nat\u00fcrlich jede Menge Stress. Die Tiere rennen dicht gedr\u00e4ngt durch die Arena und versuchen, die Jungtiere von den F\u00e4nger*innen abzuschirmen.<\/p>\n<\/figcaption>\n        \n    <\/figure><!-- post__image -->\n\n\n\n\n<p class=\"post__paragraph has-spacing--default\"><strong>Bleibt bei all dem Spektakel die Frage,<\/strong> ob hier noch von einer Wildpferdeherde gesprochen werden kann. Die Verhaltensforscherin Dr. Willa Bohnet von der Tier\u00e4rztlichen Hochschule Hannover (TiHo) begleitet seit 2007 den Fang der D\u00fclmener Pferde. Seit 2008 hat sie diverse Ma\u00dfnahmen zur Stressminimierung f\u00fcr die Pferde durchgesetzt. Sie leitet auch die F\u00e4ngerschulungen vor der Veranstaltung.<\/p>\n\n\n\n<p class=\"post__paragraph has-spacing--default\">Bohnet betont die Notwendigkeit des Herausfangens der J\u00e4hrlingshengste. Andernfalls k\u00e4me es zwischen den irgendwann geschlechtsreifen Hengsten zu K\u00e4mpfen um die Stuten. Die Pferde vermehrten sich unkontrolliert, die Herde w\u00e4re in kurzer Zeit zu gro\u00df f\u00fcr ihren Lebensraum. Bohnet hatte auch vorgeschlagen, die Junghengste bereits im Vorfeld der Veranstaltung durch Treibgatter zu separieren. Das lehnt der Veranstalter ab: Die Besucherzahlen k\u00f6nnten zur\u00fcckgehen, wenn das Einfangen der Junghengste nicht mehr \u00f6ffentlich stattfindet. Bohnet fragt entgegen, ob ein solcher Kampf \u00abMensch gegen Tier\u00bb noch zeitgem\u00e4\u00df ist.<\/p>\n\n\n\n<p class=\"post__paragraph has-spacing--default\">Tats\u00e4chlich handelt es sich bei der Bezeichnung \u00abD\u00fclmener Wildpferd\u00bb um ein patentamtlich gesch\u00fctztes Warenzeichen. Ein Warenzeichen, das sich gut verkaufen l\u00e4sst. Jahr um Jahr kommen bis zu 30.000 Besucher, um das Event zu bestaunen. Der Wildpferdefang hat sich als gro\u00dfes Volksfest in der Region etabliert. Ein Publikumsmagnet, der Geld in die Kassen sp\u00fclt. Die D\u00fclmener Pferde genie\u00dfen einen ausgezeichneten Ruf in der Branche. Handelt es sich bei der Herde aber tats\u00e4chlich noch um Wildpferde? TiHo-Forscherin Bohnet sagt: Nein.<\/p>\n\n\n\n<p class=\"post__paragraph has-spacing--default\">Nat\u00fcrlich lebt die Herde relativ ungest\u00f6rt in ihrem Areal. Dennoch sind die Pferde den Kontakt mit Menschen durchaus gewohnt. Die Verantwortlichen versuchen, so wenig wie m\u00f6glich einzugreifen \u2013 ganz ohne geht es aber nicht: Die Pferde gelten nach dem Tierschutzgesetz als gehaltene Herde. Das bedeutet, dass im Winter zugef\u00fcttert werden muss, wenn das Gebiet nicht gen\u00fcgend Nahrung f\u00fcr die Tiere bietet. Auch werden kranke, alte oder mit Fehlbildungen geborene Pferde medizinisch versorgt. Sie werden gegebenenfalls aus der Herde genommen und eingeschl\u00e4fert. Die Tiere ganz sich selbst und dem Tod zu \u00fcberlassen, das d\u00fcrften die Verantwortlichen keinesfalls. Auch der Genpool der Herde wird durch den Menschen beeinflusst: Im Laufe der Jahrhunderte vermischten sich der D\u00fclmener Pferde immer wieder mit anderen Rassen. Durch gezielte Auswahl der Deckhengste soll das urspr\u00fcngliche D\u00fclmener Wildpferd wieder herausgez\u00fcchtet werden.<\/p>\n\n\n\n<p class=\"post__paragraph has-spacing--m\">Auch wenn das gelingen sollte \u2013 um echte Wildpferde handelt es sich dabei nicht mehr. Der Einfluss des Menschen ist zu stark.<\/p>\n\n\n    <figure class=\"block-photo post__image--wide-right has-spacing--m with-title\">\n\n        <div class=\"post__image__container\">\n            <img loading=\"lazy\" decoding=\"async\" \n                src=\"https:\/\/visualjournalism.de\/wp-content\/uploads\/Wildpferde_GretaMartensen_Auktionsbeginn-1-1050x840.jpg\"\n                srcset=\"https:\/\/visualjournalism.de\/wp-content\/uploads\/Wildpferde_GretaMartensen_Auktionsbeginn-1-1050x840.jpg 1050w, https:\/\/visualjournalism.de\/wp-content\/uploads\/Wildpferde_GretaMartensen_Auktionsbeginn-1-300x240.jpg 300w, https:\/\/visualjournalism.de\/wp-content\/uploads\/Wildpferde_GretaMartensen_Auktionsbeginn-1-1024x819.jpg 1024w, https:\/\/visualjournalism.de\/wp-content\/uploads\/Wildpferde_GretaMartensen_Auktionsbeginn-1-768x614.jpg 768w, https:\/\/visualjournalism.de\/wp-content\/uploads\/Wildpferde_GretaMartensen_Auktionsbeginn-1-1536x1229.jpg 1536w, https:\/\/visualjournalism.de\/wp-content\/uploads\/Wildpferde_GretaMartensen_Auktionsbeginn-1-1920x1536.jpg 1920w, https:\/\/visualjournalism.de\/wp-content\/uploads\/Wildpferde_GretaMartensen_Auktionsbeginn-1-1400x1120.jpg 1400w, https:\/\/visualjournalism.de\/wp-content\/uploads\/Wildpferde_GretaMartensen_Auktionsbeginn-1-670x536.jpg 670w, https:\/\/visualjournalism.de\/wp-content\/uploads\/Wildpferde_GretaMartensen_Auktionsbeginn-1-420x336.jpg 420w, https:\/\/visualjournalism.de\/wp-content\/uploads\/Wildpferde_GretaMartensen_Auktionsbeginn-1-350x280.jpg 350w, https:\/\/visualjournalism.de\/wp-content\/uploads\/Wildpferde_GretaMartensen_Auktionsbeginn-1-150x120.jpg 150w, https:\/\/visualjournalism.de\/wp-content\/uploads\/Wildpferde_GretaMartensen_Auktionsbeginn-1.jpg 2000w\"\n                width=\"1050\" \n                height=\"840\"\n                alt=\"Eine gro\u00dfe Menschenmenge versammelt sich auf einem Feld w\u00e4hrend des D\u00fclmener Wildpferdefangs. Im Hintergrund sitzen Zuschauer auf Trib\u00fcnen, umgeben von gr\u00fcnen B\u00e4umen und unter einem klaren, blauen Himmel. Die Veranstaltung zieht zahlreiche Besucher an, die gespannt das Geschehen verfolgen.\" \n            \/>\n            \n                            <span class=\"post__image__title\">Die Besucher auf dem Weg zur Auktion<\/span>\n                    <\/div><!-- post__image__container -->\n\n                    <figcaption class=\"post__image__caption--soehne\"><p><strong>Ist das Fangen der J\u00e4hrlinge beendet,<\/strong> beginnt im Anschluss direkt die Versteigerung der gefangenen Pferde. Die Besucher*innen str\u00f6men in die Arena zu dem abgetrennten Bereich, um die Hengste zu begutachten. Ein besonderes Highlight: Die ersten f\u00fcnf gefangenen Hengste werden unter den Besuchern verlost. Die Gewinner k\u00f6nnen sich dann entscheiden, ob sie den Hengst selbst behalten m\u00f6chten, oder zur anschlie\u00dfenden Versteigerung freigeben und den Gewinn erhalten wollen.<\/p>\n<\/figcaption>\n        \n    <\/figure><!-- post__image -->\n\n\n\n \n\n<div class=\"photo-grid grid-layout--2col-5 has-spacing--m\">\n\n            \n\n            <div class=\"photo-grid__image\">\n\n                <figure>\n\n                    <img loading=\"lazy\" decoding=\"async\"  \n                        src=\"https:\/\/visualjournalism.de\/wp-content\/uploads\/Wildpferde_GretaMartensen_Auktionsnummer-768x614.jpg\" \n                        srcset=\"https:\/\/visualjournalism.de\/wp-content\/uploads\/Wildpferde_GretaMartensen_Auktionsnummer-768x614.jpg 768w, https:\/\/visualjournalism.de\/wp-content\/uploads\/Wildpferde_GretaMartensen_Auktionsnummer-300x240.jpg 300w, https:\/\/visualjournalism.de\/wp-content\/uploads\/Wildpferde_GretaMartensen_Auktionsnummer-1024x819.jpg 1024w, https:\/\/visualjournalism.de\/wp-content\/uploads\/Wildpferde_GretaMartensen_Auktionsnummer-1536x1229.jpg 1536w, https:\/\/visualjournalism.de\/wp-content\/uploads\/Wildpferde_GretaMartensen_Auktionsnummer-1920x1536.jpg 1920w, https:\/\/visualjournalism.de\/wp-content\/uploads\/Wildpferde_GretaMartensen_Auktionsnummer-1400x1120.jpg 1400w, https:\/\/visualjournalism.de\/wp-content\/uploads\/Wildpferde_GretaMartensen_Auktionsnummer-1050x840.jpg 1050w, https:\/\/visualjournalism.de\/wp-content\/uploads\/Wildpferde_GretaMartensen_Auktionsnummer-670x536.jpg 670w, https:\/\/visualjournalism.de\/wp-content\/uploads\/Wildpferde_GretaMartensen_Auktionsnummer-420x336.jpg 420w, https:\/\/visualjournalism.de\/wp-content\/uploads\/Wildpferde_GretaMartensen_Auktionsnummer-350x280.jpg 350w, https:\/\/visualjournalism.de\/wp-content\/uploads\/Wildpferde_GretaMartensen_Auktionsnummer-150x120.jpg 150w, https:\/\/visualjournalism.de\/wp-content\/uploads\/Wildpferde_GretaMartensen_Auktionsnummer.jpg 2000w\" \n                        width=\"768\"  \n                        height=\"614\" \n                        alt=\"\"  \n                    \/>\n\n                                            <span class=\"photo-grid__image__title\">die Hengste bekommen alle eine Nummer an das Halfter<\/span>\n                    \n                                            <figcaption class=\"photo-grid__image__caption--soehne\"><p><strong>F\u00fcr die Versteigerung<\/strong> bekommen die J\u00e4hrlinge eine Nummer zugewiesen, die an ihrem Halfter angebracht wird. Der Reihe nach werden sie dann dem Publikum vorgef\u00fchrt und versteigert.<\/p>\n<\/figcaption>\n                    \n                <\/figure>\n\n            <\/div><!-- photo-grid__image -->    \n\n\n            \n\n                    \n                \n\n            <div class=\"photo-grid__image\">\n\n                <figure>\n\n                    <img loading=\"lazy\" decoding=\"async\"  \n                        src=\"https:\/\/visualjournalism.de\/wp-content\/uploads\/Wildpferde_GretaMartensen_Auktion-768x614.jpg\" \n                        srcset=\"https:\/\/visualjournalism.de\/wp-content\/uploads\/Wildpferde_GretaMartensen_Auktion-768x614.jpg 768w, https:\/\/visualjournalism.de\/wp-content\/uploads\/Wildpferde_GretaMartensen_Auktion-300x240.jpg 300w, https:\/\/visualjournalism.de\/wp-content\/uploads\/Wildpferde_GretaMartensen_Auktion-1024x819.jpg 1024w, https:\/\/visualjournalism.de\/wp-content\/uploads\/Wildpferde_GretaMartensen_Auktion-1536x1229.jpg 1536w, https:\/\/visualjournalism.de\/wp-content\/uploads\/Wildpferde_GretaMartensen_Auktion-1920x1536.jpg 1920w, https:\/\/visualjournalism.de\/wp-content\/uploads\/Wildpferde_GretaMartensen_Auktion-1400x1120.jpg 1400w, https:\/\/visualjournalism.de\/wp-content\/uploads\/Wildpferde_GretaMartensen_Auktion-1050x840.jpg 1050w, https:\/\/visualjournalism.de\/wp-content\/uploads\/Wildpferde_GretaMartensen_Auktion-670x536.jpg 670w, https:\/\/visualjournalism.de\/wp-content\/uploads\/Wildpferde_GretaMartensen_Auktion-420x336.jpg 420w, https:\/\/visualjournalism.de\/wp-content\/uploads\/Wildpferde_GretaMartensen_Auktion-350x280.jpg 350w, https:\/\/visualjournalism.de\/wp-content\/uploads\/Wildpferde_GretaMartensen_Auktion-150x120.jpg 150w, https:\/\/visualjournalism.de\/wp-content\/uploads\/Wildpferde_GretaMartensen_Auktion.jpg 2000w\" \n                        width=\"768\"  \n                        height=\"614\" \n                        alt=\"\"  \n                    \/>\n\n                                            <span class=\"photo-grid__image__title\">Die Hengste werden durch die Koppel gescheucht, um sie den potentiellen K\u00e4ufern zu zeigen<\/span>\n                    \n                                            <figcaption class=\"photo-grid__image__caption--soehne\"><p><strong>Die Auktion wird von Volker Raulf geleitet<\/strong>, der auch den eigentlichen Fang kommentiert. W\u00e4hrend er an einem Podest in der Mitte des Pferchs steht und den Zuschauern die Hengste anpreist, werden diese von den F\u00e4nger*innen weiter um ihn herum getrieben, um sie von ihrer bestm\u00f6glichen Seite zu pr\u00e4sentieren.<\/p>\n<\/figcaption>\n                    \n                <\/figure>\n\n            <\/div><!-- photo-grid__image -->    \n\n\n            \n\n            \n<\/div>\n\n\n<div class=\"wp-block-group has-spacing--default has-spacing--default\">\n<div class=\"devider has-spacing--none\">\n    <hr>\n<\/div>\n\n\n \n\n    <div id=\"lead-in-block_5affa42176f5a9817269b2a33c4ee69a\" class=\"block-lead-in typo--default font-size--xl has-spacing--s width--default\">\n        <p><strong>Empfehlungen der Redaktion:<\/strong><\/p>\n    <\/div>\n\n\n\n\r\n\r\n\r\n\n\n\r\n\r\n\r\n\r\n        <div class=\"teaser-grid grid-layout--3col has-spacing--s width--inline\">\r\n\r\n            \r\n                <article class=\"post-teaser\">\r\n\r\n                    <a href=\"https:\/\/visualjournalism.de\/en\/magazine\/sammeln\/inszenierte-endlichkeit\/\" rel=\"permalink\">\r\n\r\n                        <div class=\"post-teaser__content\">\r\n\r\n                            <span class=\"entry-categories\">Sammeln<\/span>\r\n                            <h3 class=\"post-teaser__headline\">\r\n                                Inszenierte Endlichkeit                            <\/h3>\r\n\r\n                            <div class=\"post-teaser__excerpt\">\r\n                                <p>Zwei Fotografinnen legen sich in einen Sarg und fotografieren sich gegenseitig. Was nach Tabubruch klingt, ist eine Auseinandersetzung mit Kommerz, Ritualen und der Frage: Darf man das?<\/p>\r\n                            <\/div>\r\n\r\n                        <\/div><!-- .post-teaser__content -->\r\n\r\n\r\n                        \r\n                            <figure class=\"post-teaser__image\">\r\n                                <img loading=\"lazy\" decoding=\"async\"  \r\n                                    src=\"https:\/\/visualjournalism.de\/wp-content\/uploads\/Clara-Schoettke_Antonia-Teichert_Sammeln_10-768x768.jpg\" \r\n                                    srcset=\"https:\/\/visualjournalism.de\/wp-content\/uploads\/Clara-Schoettke_Antonia-Teichert_Sammeln_10-768x768.jpg 768w, https:\/\/visualjournalism.de\/wp-content\/uploads\/Clara-Schoettke_Antonia-Teichert_Sammeln_10-300x300.jpg 300w, https:\/\/visualjournalism.de\/wp-content\/uploads\/Clara-Schoettke_Antonia-Teichert_Sammeln_10-1024x1024.jpg 1024w, https:\/\/visualjournalism.de\/wp-content\/uploads\/Clara-Schoettke_Antonia-Teichert_Sammeln_10-150x150.jpg 150w, https:\/\/visualjournalism.de\/wp-content\/uploads\/Clara-Schoettke_Antonia-Teichert_Sammeln_10-1536x1536.jpg 1536w, https:\/\/visualjournalism.de\/wp-content\/uploads\/Clara-Schoettke_Antonia-Teichert_Sammeln_10-2048x2048.jpg 2048w, https:\/\/visualjournalism.de\/wp-content\/uploads\/Clara-Schoettke_Antonia-Teichert_Sammeln_10-1920x1920.jpg 1920w, https:\/\/visualjournalism.de\/wp-content\/uploads\/Clara-Schoettke_Antonia-Teichert_Sammeln_10-1400x1400.jpg 1400w, https:\/\/visualjournalism.de\/wp-content\/uploads\/Clara-Schoettke_Antonia-Teichert_Sammeln_10-1050x1050.jpg 1050w, https:\/\/visualjournalism.de\/wp-content\/uploads\/Clara-Schoettke_Antonia-Teichert_Sammeln_10-670x670.jpg 670w, https:\/\/visualjournalism.de\/wp-content\/uploads\/Clara-Schoettke_Antonia-Teichert_Sammeln_10-420x420.jpg 420w, https:\/\/visualjournalism.de\/wp-content\/uploads\/Clara-Schoettke_Antonia-Teichert_Sammeln_10-350x350.jpg 350w, https:\/\/visualjournalism.de\/wp-content\/uploads\/Clara-Schoettke_Antonia-Teichert_Sammeln_10-52x52.jpg 52w, https:\/\/visualjournalism.de\/wp-content\/uploads\/Clara-Schoettke_Antonia-Teichert_Sammeln_10-68x68.jpg 68w, https:\/\/visualjournalism.de\/wp-content\/uploads\/Clara-Schoettke_Antonia-Teichert_Sammeln_10-96x96.jpg 96w\" \r\n                                    width=\"768\"  \r\n                                    height=\"768\" \r\n                                    alt=\"\"\r\n                                \/>\r\n                            <\/figure>\r\n\r\n                        \r\n                    \r\n                    <\/a>\r\n\r\n                <\/article><!--- .post-teaser-->\r\n\r\n            \r\n                <article class=\"post-teaser\">\r\n\r\n                    <a href=\"https:\/\/visualjournalism.de\/en\/magazine\/sammeln\/von-ausbeutung-und-musikalischem-erbe\/\" rel=\"permalink\">\r\n\r\n                        <div class=\"post-teaser__content\">\r\n\r\n                            <span class=\"entry-categories\">Sammeln<\/span>\r\n                            <h3 class=\"post-teaser__headline\">\r\n                                Von Ausbeutung und musikalischem Erbe                            <\/h3>\r\n\r\n                            <div class=\"post-teaser__excerpt\">\r\n                                <p>Was bedeutet kulturelle Verantwortung im Musikgesch\u00e4ft? Das Berliner Label Habibi Funk gibt vergessener Musik eine B\u00fchne und zeigt, warum zu gutem Sound auch Haltung geh\u00f6rt. <\/p>\r\n                            <\/div>\r\n\r\n                        <\/div><!-- .post-teaser__content -->\r\n\r\n\r\n                        \r\n                            <figure class=\"post-teaser__image\">\r\n                                <img loading=\"lazy\" decoding=\"async\"  \r\n                                    src=\"https:\/\/visualjournalism.de\/wp-content\/uploads\/DSC04407-768x512.jpg\" \r\n                                    srcset=\"https:\/\/visualjournalism.de\/wp-content\/uploads\/DSC04407-768x512.jpg 768w, https:\/\/visualjournalism.de\/wp-content\/uploads\/DSC04407-300x200.jpg 300w, https:\/\/visualjournalism.de\/wp-content\/uploads\/DSC04407-1024x683.jpg 1024w, https:\/\/visualjournalism.de\/wp-content\/uploads\/DSC04407-1536x1024.jpg 1536w, https:\/\/visualjournalism.de\/wp-content\/uploads\/DSC04407-2048x1365.jpg 2048w, https:\/\/visualjournalism.de\/wp-content\/uploads\/DSC04407-1920x1280.jpg 1920w, https:\/\/visualjournalism.de\/wp-content\/uploads\/DSC04407-1400x933.jpg 1400w, https:\/\/visualjournalism.de\/wp-content\/uploads\/DSC04407-1050x700.jpg 1050w, https:\/\/visualjournalism.de\/wp-content\/uploads\/DSC04407-670x447.jpg 670w, https:\/\/visualjournalism.de\/wp-content\/uploads\/DSC04407-420x280.jpg 420w, https:\/\/visualjournalism.de\/wp-content\/uploads\/DSC04407-350x233.jpg 350w, https:\/\/visualjournalism.de\/wp-content\/uploads\/DSC04407-150x100.jpg 150w\" \r\n                                    width=\"768\"  \r\n                                    height=\"512\" \r\n                                    alt=\"\"\r\n                                \/>\r\n                            <\/figure>\r\n\r\n                        \r\n                    \r\n                    <\/a>\r\n\r\n                <\/article><!--- .post-teaser-->\r\n\r\n            \r\n                <article class=\"post-teaser\">\r\n\r\n                    <a href=\"https:\/\/visualjournalism.de\/en\/magazine\/ratgeber\/kreative-blockaden\/\" rel=\"permalink\">\r\n\r\n                        <div class=\"post-teaser__content\">\r\n\r\n                            <span class=\"entry-categories\">Ratgeber<\/span>\r\n                            <h3 class=\"post-teaser__headline\">\r\n                                Kreative Blockaden:                            <\/h3>\r\n\r\n                            <div class=\"post-teaser__excerpt\">\r\n                                <p>Kreative Blockaden: Sie k\u00f6nnen frustrierend sein \u2013 m\u00fcssen es aber nicht bleiben. Erfahre, warum sie entstehen, was sie dir sagen wollen und wie du Schritt f\u00fcr Schritt wieder in deinen kreativen Flow findest.<\/p>\r\n                            <\/div>\r\n\r\n                        <\/div><!-- .post-teaser__content -->\r\n\r\n\r\n                        \r\n                            <figure class=\"post-teaser__image\">\r\n                                <img loading=\"lazy\" decoding=\"async\"  \r\n                                    src=\"https:\/\/visualjournalism.de\/wp-content\/uploads\/Max_Schlag-5-768x509.jpg\" \r\n                                    srcset=\"https:\/\/visualjournalism.de\/wp-content\/uploads\/Max_Schlag-5-768x509.jpg 768w, https:\/\/visualjournalism.de\/wp-content\/uploads\/Max_Schlag-5-300x199.jpg 300w, https:\/\/visualjournalism.de\/wp-content\/uploads\/Max_Schlag-5-1024x679.jpg 1024w, https:\/\/visualjournalism.de\/wp-content\/uploads\/Max_Schlag-5-1536x1019.jpg 1536w, https:\/\/visualjournalism.de\/wp-content\/uploads\/Max_Schlag-5-2048x1358.jpg 2048w, https:\/\/visualjournalism.de\/wp-content\/uploads\/Max_Schlag-5-1920x1273.jpg 1920w, https:\/\/visualjournalism.de\/wp-content\/uploads\/Max_Schlag-5-1400x928.jpg 1400w, https:\/\/visualjournalism.de\/wp-content\/uploads\/Max_Schlag-5-1050x696.jpg 1050w, https:\/\/visualjournalism.de\/wp-content\/uploads\/Max_Schlag-5-670x444.jpg 670w, https:\/\/visualjournalism.de\/wp-content\/uploads\/Max_Schlag-5-420x278.jpg 420w, https:\/\/visualjournalism.de\/wp-content\/uploads\/Max_Schlag-5-350x232.jpg 350w, https:\/\/visualjournalism.de\/wp-content\/uploads\/Max_Schlag-5-150x99.jpg 150w\" \r\n                                    width=\"768\"  \r\n                                    height=\"509\" \r\n                                    alt=\"glitzernde Wasseroberfl\u00e4che\"\r\n                                \/>\r\n                            <\/figure>\r\n\r\n                        \r\n                    \r\n                    <\/a>\r\n\r\n                <\/article><!--- .post-teaser-->\r\n\r\n            \r\n        <\/div><!-- .teaser-grid -->\r\n\r\n\n\n\r\n\r\n\r\n\n\n\n    <div class=\"btn-wrapper has-spacing--m\">\n        <a class=\"btn\" href=\"https:\/\/visualjournalism.de\/magazin\/\" target=\"_blank\">ZUR MAGAZIN-STARTSEITE<\/a>\n    <\/div>\n<\/div>\n","protected":false},"author":50,"featured_media":35049,"template":"","tags":[],"magazinkategorie":[179],"class_list":["post-29463","magazin","type-magazin","status-publish","has-post-thumbnail","hentry","magazinkategorie-macht-und-kontrolle"],"acf":[],"yoast_head":"<!-- This site is optimized with the Yoast SEO Premium plugin v27.3 (Yoast SEO v27.3) - https:\/\/yoast.com\/product\/yoast-seo-premium-wordpress\/ -->\n<title>D\u00fclmener Wildpferde: Alles nur Show?<\/title>\n<meta name=\"description\" content=\"Der j\u00e4hrliche Wildpferdefang in D\u00fclmen wirft grundlegende Fragen \u00fcber den Einfluss des Menschen auf Wildtiere auf.\" \/>\n<meta name=\"robots\" content=\"index, follow, max-snippet:-1, max-image-preview:large, max-video-preview:-1\" \/>\n<link rel=\"canonical\" href=\"https:\/\/visualjournalism.de\/en\/magazine\/macht-und-kontrolle\/duelmener-pferde-echt-wild-oder-nur-show\/\" \/>\n<meta property=\"og:locale\" content=\"en_US\" \/>\n<meta property=\"og:type\" content=\"article\" \/>\n<meta property=\"og:title\" content=\"D\u00fclmener Pferde: Echt wild oder nur Show?\" \/>\n<meta property=\"og:description\" content=\"Der j\u00e4hrliche Wildpferdefang in D\u00fclmen wirft grundlegende Fragen \u00fcber den Einfluss des Menschen auf Wildtiere auf.\" \/>\n<meta property=\"og:url\" content=\"https:\/\/visualjournalism.de\/en\/magazine\/macht-und-kontrolle\/duelmener-pferde-echt-wild-oder-nur-show\/\" \/>\n<meta property=\"og:site_name\" content=\"Visual Journalism and Documentary Photography\" \/>\n<meta property=\"article:publisher\" content=\"https:\/\/www.facebook.com\/people\/wwwfotostudentende\/100065173703897\/\" \/>\n<meta property=\"article:modified_time\" content=\"2025-03-28T20:17:15+00:00\" \/>\n<meta property=\"og:image\" content=\"https:\/\/visualjournalism.de\/wp-content\/uploads\/Wildpferde_GretaMartensen_Einlauf.jpg\" \/>\n\t<meta property=\"og:image:width\" content=\"2000\" \/>\n\t<meta property=\"og:image:height\" content=\"1600\" \/>\n\t<meta property=\"og:image:type\" content=\"image\/jpeg\" \/>\n<meta name=\"twitter:card\" content=\"summary_large_image\" \/>\n<meta name=\"twitter:site\" content=\"@HsHannover\" \/>\n<meta name=\"twitter:label1\" content=\"Est. reading time\" \/>\n\t<meta name=\"twitter:data1\" content=\"6 minutes\" \/>\n<script type=\"application\/ld+json\" class=\"yoast-schema-graph\">{\"@context\":\"https:\\\/\\\/schema.org\",\"@graph\":[{\"@type\":\"WebPage\",\"@id\":\"https:\\\/\\\/visualjournalism.de\\\/en\\\/magazine\\\/macht-und-kontrolle\\\/duelmener-pferde-echt-wild-oder-nur-show\\\/\",\"url\":\"https:\\\/\\\/visualjournalism.de\\\/en\\\/magazine\\\/macht-und-kontrolle\\\/duelmener-pferde-echt-wild-oder-nur-show\\\/\",\"name\":\"D\u00fclmener Wildpferde: Alles nur Show?\",\"isPartOf\":{\"@id\":\"https:\\\/\\\/visualjournalism.de\\\/en\\\/#website\"},\"primaryImageOfPage\":{\"@id\":\"https:\\\/\\\/visualjournalism.de\\\/en\\\/magazine\\\/macht-und-kontrolle\\\/duelmener-pferde-echt-wild-oder-nur-show\\\/#primaryimage\"},\"image\":{\"@id\":\"https:\\\/\\\/visualjournalism.de\\\/en\\\/magazine\\\/macht-und-kontrolle\\\/duelmener-pferde-echt-wild-oder-nur-show\\\/#primaryimage\"},\"thumbnailUrl\":\"https:\\\/\\\/visualjournalism.de\\\/wp-content\\\/uploads\\\/Wildpferde_GretaMartensen_Einlauf.jpg\",\"datePublished\":\"2023-11-05T15:32:47+00:00\",\"dateModified\":\"2025-03-28T20:17:15+00:00\",\"description\":\"Der j\u00e4hrliche Wildpferdefang in D\u00fclmen wirft grundlegende Fragen \u00fcber den Einfluss des Menschen auf Wildtiere auf.\",\"breadcrumb\":{\"@id\":\"https:\\\/\\\/visualjournalism.de\\\/en\\\/magazine\\\/macht-und-kontrolle\\\/duelmener-pferde-echt-wild-oder-nur-show\\\/#breadcrumb\"},\"inLanguage\":\"en-US\",\"potentialAction\":[{\"@type\":\"ReadAction\",\"target\":[\"https:\\\/\\\/visualjournalism.de\\\/en\\\/magazine\\\/macht-und-kontrolle\\\/duelmener-pferde-echt-wild-oder-nur-show\\\/\"]}]},{\"@type\":\"ImageObject\",\"inLanguage\":\"en-US\",\"@id\":\"https:\\\/\\\/visualjournalism.de\\\/en\\\/magazine\\\/macht-und-kontrolle\\\/duelmener-pferde-echt-wild-oder-nur-show\\\/#primaryimage\",\"url\":\"https:\\\/\\\/visualjournalism.de\\\/wp-content\\\/uploads\\\/Wildpferde_GretaMartensen_Einlauf.jpg\",\"contentUrl\":\"https:\\\/\\\/visualjournalism.de\\\/wp-content\\\/uploads\\\/Wildpferde_GretaMartensen_Einlauf.jpg\",\"width\":2000,\"height\":1600,\"caption\":\"Die Stutenherde darf nun endlich die Arena verlassen\"},{\"@type\":\"BreadcrumbList\",\"@id\":\"https:\\\/\\\/visualjournalism.de\\\/en\\\/magazine\\\/macht-und-kontrolle\\\/duelmener-pferde-echt-wild-oder-nur-show\\\/#breadcrumb\",\"itemListElement\":[{\"@type\":\"ListItem\",\"position\":1,\"name\":\"Home\",\"item\":\"https:\\\/\\\/visualjournalism.de\\\/en\\\/\"},{\"@type\":\"ListItem\",\"position\":2,\"name\":\"Magazin\",\"item\":\"https:\\\/\\\/visualjournalism.de\\\/en\\\/magazine\\\/\"},{\"@type\":\"ListItem\",\"position\":3,\"name\":\"D\u00fclmener Pferde: Echt wild oder nur Show?\"}]},{\"@type\":\"WebSite\",\"@id\":\"https:\\\/\\\/visualjournalism.de\\\/en\\\/#website\",\"url\":\"https:\\\/\\\/visualjournalism.de\\\/en\\\/\",\"name\":\"Visual Journalism and Documentary Photography\",\"description\":\"All about the bilingual bachelor&#039;s program at Hannover University of Applied Sciences and Arts.\",\"publisher\":{\"@id\":\"https:\\\/\\\/visualjournalism.de\\\/en\\\/#organization\"},\"alternateName\":\"visualjournalism.de\",\"potentialAction\":[{\"@type\":\"SearchAction\",\"target\":{\"@type\":\"EntryPoint\",\"urlTemplate\":\"https:\\\/\\\/visualjournalism.de\\\/en\\\/?s={search_term_string}\"},\"query-input\":{\"@type\":\"PropertyValueSpecification\",\"valueRequired\":true,\"valueName\":\"search_term_string\"}}],\"inLanguage\":\"en-US\"},{\"@type\":\"Organization\",\"@id\":\"https:\\\/\\\/visualjournalism.de\\\/en\\\/#organization\",\"name\":\"Hochschule Hannover \u2013 University of Applied Sciences and Arts\",\"alternateName\":\"HsH\",\"url\":\"https:\\\/\\\/visualjournalism.de\\\/en\\\/\",\"logo\":{\"@type\":\"ImageObject\",\"inLanguage\":\"en-US\",\"@id\":\"https:\\\/\\\/visualjournalism.de\\\/en\\\/#\\\/schema\\\/logo\\\/image\\\/\",\"url\":\"https:\\\/\\\/visualjournalism.de\\\/wp-content\\\/uploads\\\/logo-hochschule-hannover.png\",\"contentUrl\":\"https:\\\/\\\/visualjournalism.de\\\/wp-content\\\/uploads\\\/logo-hochschule-hannover.png\",\"width\":363,\"height\":270,\"caption\":\"Hochschule Hannover \u2013 University of Applied Sciences and Arts\"},\"image\":{\"@id\":\"https:\\\/\\\/visualjournalism.de\\\/en\\\/#\\\/schema\\\/logo\\\/image\\\/\"},\"sameAs\":[\"https:\\\/\\\/www.facebook.com\\\/people\\\/wwwfotostudentende\\\/100065173703897\\\/\",\"https:\\\/\\\/x.com\\\/HsHannover\",\"https:\\\/\\\/www.instagram.com\\\/visualjournalism.de\\\/\"]}]}<\/script>\n<!-- \/ Yoast SEO Premium plugin. -->","yoast_head_json":{"title":"D\u00fclmener Wildpferde: Alles nur Show?","description":"Der j\u00e4hrliche Wildpferdefang in D\u00fclmen wirft grundlegende Fragen \u00fcber den Einfluss des Menschen auf Wildtiere auf.","robots":{"index":"index","follow":"follow","max-snippet":"max-snippet:-1","max-image-preview":"max-image-preview:large","max-video-preview":"max-video-preview:-1"},"canonical":"https:\/\/visualjournalism.de\/en\/magazine\/macht-und-kontrolle\/duelmener-pferde-echt-wild-oder-nur-show\/","og_locale":"en_US","og_type":"article","og_title":"D\u00fclmener Pferde: Echt wild oder nur Show?","og_description":"Der j\u00e4hrliche Wildpferdefang in D\u00fclmen wirft grundlegende Fragen \u00fcber den Einfluss des Menschen auf Wildtiere auf.","og_url":"https:\/\/visualjournalism.de\/en\/magazine\/macht-und-kontrolle\/duelmener-pferde-echt-wild-oder-nur-show\/","og_site_name":"Visual Journalism and Documentary Photography","article_publisher":"https:\/\/www.facebook.com\/people\/wwwfotostudentende\/100065173703897\/","article_modified_time":"2025-03-28T20:17:15+00:00","og_image":[{"width":2000,"height":1600,"url":"https:\/\/visualjournalism.de\/wp-content\/uploads\/Wildpferde_GretaMartensen_Einlauf.jpg","type":"image\/jpeg"}],"twitter_card":"summary_large_image","twitter_site":"@HsHannover","twitter_misc":{"Est. reading time":"6 minutes"},"schema":{"@context":"https:\/\/schema.org","@graph":[{"@type":"WebPage","@id":"https:\/\/visualjournalism.de\/en\/magazine\/macht-und-kontrolle\/duelmener-pferde-echt-wild-oder-nur-show\/","url":"https:\/\/visualjournalism.de\/en\/magazine\/macht-und-kontrolle\/duelmener-pferde-echt-wild-oder-nur-show\/","name":"D\u00fclmener Wildpferde: Alles nur Show?","isPartOf":{"@id":"https:\/\/visualjournalism.de\/en\/#website"},"primaryImageOfPage":{"@id":"https:\/\/visualjournalism.de\/en\/magazine\/macht-und-kontrolle\/duelmener-pferde-echt-wild-oder-nur-show\/#primaryimage"},"image":{"@id":"https:\/\/visualjournalism.de\/en\/magazine\/macht-und-kontrolle\/duelmener-pferde-echt-wild-oder-nur-show\/#primaryimage"},"thumbnailUrl":"https:\/\/visualjournalism.de\/wp-content\/uploads\/Wildpferde_GretaMartensen_Einlauf.jpg","datePublished":"2023-11-05T15:32:47+00:00","dateModified":"2025-03-28T20:17:15+00:00","description":"Der j\u00e4hrliche Wildpferdefang in D\u00fclmen wirft grundlegende Fragen \u00fcber den Einfluss des Menschen auf Wildtiere auf.","breadcrumb":{"@id":"https:\/\/visualjournalism.de\/en\/magazine\/macht-und-kontrolle\/duelmener-pferde-echt-wild-oder-nur-show\/#breadcrumb"},"inLanguage":"en-US","potentialAction":[{"@type":"ReadAction","target":["https:\/\/visualjournalism.de\/en\/magazine\/macht-und-kontrolle\/duelmener-pferde-echt-wild-oder-nur-show\/"]}]},{"@type":"ImageObject","inLanguage":"en-US","@id":"https:\/\/visualjournalism.de\/en\/magazine\/macht-und-kontrolle\/duelmener-pferde-echt-wild-oder-nur-show\/#primaryimage","url":"https:\/\/visualjournalism.de\/wp-content\/uploads\/Wildpferde_GretaMartensen_Einlauf.jpg","contentUrl":"https:\/\/visualjournalism.de\/wp-content\/uploads\/Wildpferde_GretaMartensen_Einlauf.jpg","width":2000,"height":1600,"caption":"Die Stutenherde darf nun endlich die Arena verlassen"},{"@type":"BreadcrumbList","@id":"https:\/\/visualjournalism.de\/en\/magazine\/macht-und-kontrolle\/duelmener-pferde-echt-wild-oder-nur-show\/#breadcrumb","itemListElement":[{"@type":"ListItem","position":1,"name":"Home","item":"https:\/\/visualjournalism.de\/en\/"},{"@type":"ListItem","position":2,"name":"Magazin","item":"https:\/\/visualjournalism.de\/en\/magazine\/"},{"@type":"ListItem","position":3,"name":"D\u00fclmener Pferde: Echt wild oder nur Show?"}]},{"@type":"WebSite","@id":"https:\/\/visualjournalism.de\/en\/#website","url":"https:\/\/visualjournalism.de\/en\/","name":"Visual Journalism and Documentary Photography","description":"All about the bilingual bachelor&#039;s program at Hannover University of Applied Sciences and Arts.","publisher":{"@id":"https:\/\/visualjournalism.de\/en\/#organization"},"alternateName":"visualjournalism.de","potentialAction":[{"@type":"SearchAction","target":{"@type":"EntryPoint","urlTemplate":"https:\/\/visualjournalism.de\/en\/?s={search_term_string}"},"query-input":{"@type":"PropertyValueSpecification","valueRequired":true,"valueName":"search_term_string"}}],"inLanguage":"en-US"},{"@type":"Organization","@id":"https:\/\/visualjournalism.de\/en\/#organization","name":"Hochschule Hannover \u2013 University of Applied Sciences and Arts","alternateName":"HsH","url":"https:\/\/visualjournalism.de\/en\/","logo":{"@type":"ImageObject","inLanguage":"en-US","@id":"https:\/\/visualjournalism.de\/en\/#\/schema\/logo\/image\/","url":"https:\/\/visualjournalism.de\/wp-content\/uploads\/logo-hochschule-hannover.png","contentUrl":"https:\/\/visualjournalism.de\/wp-content\/uploads\/logo-hochschule-hannover.png","width":363,"height":270,"caption":"Hochschule Hannover \u2013 University of Applied Sciences and Arts"},"image":{"@id":"https:\/\/visualjournalism.de\/en\/#\/schema\/logo\/image\/"},"sameAs":["https:\/\/www.facebook.com\/people\/wwwfotostudentende\/100065173703897\/","https:\/\/x.com\/HsHannover","https:\/\/www.instagram.com\/visualjournalism.de\/"]}]}},"_links":{"self":[{"href":"https:\/\/visualjournalism.de\/en\/wp-json\/wp\/v2\/magazin\/29463","targetHints":{"allow":["GET"]}}],"collection":[{"href":"https:\/\/visualjournalism.de\/en\/wp-json\/wp\/v2\/magazin"}],"about":[{"href":"https:\/\/visualjournalism.de\/en\/wp-json\/wp\/v2\/types\/magazin"}],"author":[{"embeddable":true,"href":"https:\/\/visualjournalism.de\/en\/wp-json\/wp\/v2\/users\/50"}],"version-history":[{"count":0,"href":"https:\/\/visualjournalism.de\/en\/wp-json\/wp\/v2\/magazin\/29463\/revisions"}],"wp:featuredmedia":[{"embeddable":true,"href":"https:\/\/visualjournalism.de\/en\/wp-json\/wp\/v2\/media\/35049"}],"wp:attachment":[{"href":"https:\/\/visualjournalism.de\/en\/wp-json\/wp\/v2\/media?parent=29463"}],"wp:term":[{"taxonomy":"post_tag","embeddable":true,"href":"https:\/\/visualjournalism.de\/en\/wp-json\/wp\/v2\/tags?post=29463"},{"taxonomy":"magazinkategorie","embeddable":true,"href":"https:\/\/visualjournalism.de\/en\/wp-json\/wp\/v2\/magazinkategorie?post=29463"}],"curies":[{"name":"wp","href":"https:\/\/api.w.org\/{rel}","templated":true}]}}