{"id":30686,"date":"2024-02-19T20:02:55","date_gmt":"2024-02-19T20:02:55","guid":{"rendered":"https:\/\/visualjournalism.de\/?post_type=magazin&#038;p=30686"},"modified":"2025-01-09T12:25:02","modified_gmt":"2025-01-09T12:25:02","slug":"und-taeglich-gruesst-das-butterbrot","status":"publish","type":"magazin","link":"https:\/\/visualjournalism.de\/en\/magazine\/stille\/und-taeglich-gruesst-das-butterbrot\/","title":{"rendered":"Und t\u00e4glich gr\u00fc\u00dft das Butterbrot\u00a0"},"content":{"rendered":"\r\n<div class=\"cover--lead-in has-spacing--m\">\r\n\r\n    \r\n    <div class=\"cover--lead-in__content typo--tiempos\">\r\n\r\n        <div class=\"entry-categories\">\n\t<a class=\"post__tag\" href=\"https:\/\/visualjournalism.de\/magazin-kategorie\/stille\/\" rel=\"category tag\">Stille<\/a><\/div>\r\n        <h2 class=\"cover--lead-in__headline \">\r\n            Und t\u00e4glich gr\u00fc\u00dft das Butterbrot <br \/>\r\n        <\/h2>\r\n\r\n                    <div class=\"cover--lead-in__text\">\r\n                <p>Eine Hommage an unser t\u00e4glich Brot, in Stille betrachtet von <strong><a href=\"https:\/\/visualjournalism.de\/en\/philip-jackwerth\/\">Philip Jackwerth<\/a> (Fotos)<\/strong> und <strong><a href=\"https:\/\/visualjournalism.de\/en\/rosa-burczyk\/\">Rosa Burczyk<\/a> (Text)<\/strong><\/p>\n            <\/div>\r\n        \r\n                    <div class=\"cover--lead-in__author\">\r\n                \r\n                    \r\n                            <figure class=\"cover--lead-in__author__image\">\r\n\r\n                                                                    <a href=\"http:\/\/visualjournalism.de\/philip-jackwerth\/\" target=\"\">\r\n                                \r\n                                <img loading=\"lazy\" decoding=\"async\"\r\n                                    src=\"https:\/\/visualjournalism.de\/wp-content\/uploads\/02_Jackwerth_Philip-2-68x68.jpg\"\r\n                                    srcset=\"https:\/\/visualjournalism.de\/wp-content\/uploads\/02_Jackwerth_Philip-2-68x68.jpg 68w, https:\/\/visualjournalism.de\/wp-content\/uploads\/02_Jackwerth_Philip-2-300x300.jpg 300w, https:\/\/visualjournalism.de\/wp-content\/uploads\/02_Jackwerth_Philip-2-1024x1024.jpg 1024w, https:\/\/visualjournalism.de\/wp-content\/uploads\/02_Jackwerth_Philip-2-150x150.jpg 150w, https:\/\/visualjournalism.de\/wp-content\/uploads\/02_Jackwerth_Philip-2-768x768.jpg 768w, https:\/\/visualjournalism.de\/wp-content\/uploads\/02_Jackwerth_Philip-2-1400x1400.jpg 1400w, https:\/\/visualjournalism.de\/wp-content\/uploads\/02_Jackwerth_Philip-2-1050x1050.jpg 1050w, https:\/\/visualjournalism.de\/wp-content\/uploads\/02_Jackwerth_Philip-2-670x670.jpg 670w, https:\/\/visualjournalism.de\/wp-content\/uploads\/02_Jackwerth_Philip-2-420x420.jpg 420w, https:\/\/visualjournalism.de\/wp-content\/uploads\/02_Jackwerth_Philip-2-350x350.jpg 350w, https:\/\/visualjournalism.de\/wp-content\/uploads\/02_Jackwerth_Philip-2-52x52.jpg 52w, https:\/\/visualjournalism.de\/wp-content\/uploads\/02_Jackwerth_Philip-2-96x96.jpg 96w, https:\/\/visualjournalism.de\/wp-content\/uploads\/02_Jackwerth_Philip-2.jpg 1500w\"\r\n                                    width=\"68\"\r\n                                    height=\"68\"\r\n                                    alt=\"\"\r\n                                \/>\r\n\r\n                                                                    <\/a>\r\n                                \r\n                            <\/figure>\r\n\r\n                        \r\n                    \r\n                            <figure class=\"cover--lead-in__author__image\">\r\n\r\n                                                                    <a href=\"http:\/\/visualjournalism.de\/rosa-burczyk\/\" target=\"\">\r\n                                \r\n                                <img loading=\"lazy\" decoding=\"async\"\r\n                                    src=\"https:\/\/visualjournalism.de\/wp-content\/uploads\/PHOTO-2024-01-07-19-39-25-5-68x68.jpg\"\r\n                                    srcset=\"https:\/\/visualjournalism.de\/wp-content\/uploads\/PHOTO-2024-01-07-19-39-25-5-68x68.jpg 68w, https:\/\/visualjournalism.de\/wp-content\/uploads\/PHOTO-2024-01-07-19-39-25-5-52x52.jpg 52w, https:\/\/visualjournalism.de\/wp-content\/uploads\/PHOTO-2024-01-07-19-39-25-5-96x96.jpg 96w, https:\/\/visualjournalism.de\/wp-content\/uploads\/PHOTO-2024-01-07-19-39-25-5.jpg 100w\"\r\n                                    width=\"68\"\r\n                                    height=\"68\"\r\n                                    alt=\"\"\r\n                                \/>\r\n\r\n                                                                    <\/a>\r\n                                \r\n                            <\/figure>\r\n\r\n                                    <\/div><!-- .cover--lead-in__author -->\r\n        \r\n    <\/div><!-- .cover--lead-in__content -->\r\n\r\n    \r\n        <figure class=\"cover--lead-in__image cover--lead-in__media cover--lead-in__media--image\">\r\n            <img loading=\"lazy\" decoding=\"async\"\r\n                src=\"https:\/\/visualjournalism.de\/wp-content\/uploads\/37_Jackwerth_Philip-3.jpg\"\r\n                srcset=\"https:\/\/visualjournalism.de\/wp-content\/uploads\/37_Jackwerth_Philip-3.jpg 1500w, https:\/\/visualjournalism.de\/wp-content\/uploads\/37_Jackwerth_Philip-3-300x169.jpg 300w, https:\/\/visualjournalism.de\/wp-content\/uploads\/37_Jackwerth_Philip-3-1024x576.jpg 1024w, https:\/\/visualjournalism.de\/wp-content\/uploads\/37_Jackwerth_Philip-3-768x432.jpg 768w, https:\/\/visualjournalism.de\/wp-content\/uploads\/37_Jackwerth_Philip-3-1400x788.jpg 1400w, https:\/\/visualjournalism.de\/wp-content\/uploads\/37_Jackwerth_Philip-3-1050x591.jpg 1050w, https:\/\/visualjournalism.de\/wp-content\/uploads\/37_Jackwerth_Philip-3-670x377.jpg 670w, https:\/\/visualjournalism.de\/wp-content\/uploads\/37_Jackwerth_Philip-3-420x236.jpg 420w, https:\/\/visualjournalism.de\/wp-content\/uploads\/37_Jackwerth_Philip-3-350x197.jpg 350w, https:\/\/visualjournalism.de\/wp-content\/uploads\/37_Jackwerth_Philip-3-150x84.jpg 150w\"\r\n                width=\"1500\"\r\n                height=\"844\"\r\n                alt=\"\"\r\n                style=\"object-position: 50.33% 56.8%\"\r\n            \/>\r\n        <\/figure>\r\n\r\n                    <span class=\"cover--lead-in__image-title\">\r\n                Bread            <\/span>\r\n        \r\n    \r\n<\/div><!-- .cover--lead-in -->\r\n\r\n\n\n\n<p class=\"post__paragraph is-style-default has-spacing--m\"><strong>Wir tun Dinge oft jahrelang, bevor wir erkennen, welchen Platz sie in unserem Alltag einnehmen. <\/strong>Sei es das abendliche Z\u00e4hneputzen oder der morgendliche Blick in den Spiegel. Mit diesen Allt\u00e4glichkeiten spielt die Arbeit des Fotografen Philip Jackwerth. Das Brot als Gegenstand der Selbstreflexion. Die Fotoserie zeugt von einer Faszination f\u00fcr sich wiederholende Muster und Strukturen. \u00abRoutinen wie das t\u00e4gliche Zubereiten von Mahlzeiten liefern uns einen Blick auf die essenzielle Struktur des Lebens an sich\u00bb, meint der Fotograf. Die belegten Brote bestehen aus dem, was der K\u00fchlschrank hergibt oder zu Hause \u00fcbrig geblieben ist. Die Serie ist eine&nbsp;Ode an das scheinbar&nbsp;Gew\u00f6hnliche, eine Ode an unser t\u00e4glich Brot &#8211; aus der sogar ein Fotobuch entstand.<\/p>\n\n\n \n\n<div class=\"photo-grid grid-layout--2col-5 has-spacing--s\">\n\n            \n\n            <div class=\"photo-grid__image\">\n\n                <figure>\n\n                    <img loading=\"lazy\" decoding=\"async\"  \n                        src=\"https:\/\/visualjournalism.de\/wp-content\/uploads\/50_Jackwerth_Philip-768x768.jpg\" \n                        srcset=\"https:\/\/visualjournalism.de\/wp-content\/uploads\/50_Jackwerth_Philip-768x768.jpg 768w, https:\/\/visualjournalism.de\/wp-content\/uploads\/50_Jackwerth_Philip-300x300.jpg 300w, https:\/\/visualjournalism.de\/wp-content\/uploads\/50_Jackwerth_Philip-1024x1024.jpg 1024w, https:\/\/visualjournalism.de\/wp-content\/uploads\/50_Jackwerth_Philip-150x150.jpg 150w, https:\/\/visualjournalism.de\/wp-content\/uploads\/50_Jackwerth_Philip-1536x1536.jpg 1536w, https:\/\/visualjournalism.de\/wp-content\/uploads\/50_Jackwerth_Philip-2048x2048.jpg 2048w, https:\/\/visualjournalism.de\/wp-content\/uploads\/50_Jackwerth_Philip-1920x1920.jpg 1920w, https:\/\/visualjournalism.de\/wp-content\/uploads\/50_Jackwerth_Philip-1400x1400.jpg 1400w, https:\/\/visualjournalism.de\/wp-content\/uploads\/50_Jackwerth_Philip-1050x1050.jpg 1050w, https:\/\/visualjournalism.de\/wp-content\/uploads\/50_Jackwerth_Philip-670x670.jpg 670w, https:\/\/visualjournalism.de\/wp-content\/uploads\/50_Jackwerth_Philip-420x420.jpg 420w, https:\/\/visualjournalism.de\/wp-content\/uploads\/50_Jackwerth_Philip-350x350.jpg 350w, https:\/\/visualjournalism.de\/wp-content\/uploads\/50_Jackwerth_Philip-52x52.jpg 52w, https:\/\/visualjournalism.de\/wp-content\/uploads\/50_Jackwerth_Philip-68x68.jpg 68w, https:\/\/visualjournalism.de\/wp-content\/uploads\/50_Jackwerth_Philip-96x96.jpg 96w\" \n                        width=\"768\"  \n                        height=\"768\" \n                        alt=\"\"  \n                    \/>\n\n                                            <span class=\"photo-grid__image__title\">Bread<\/span>\n                    \n                    \n                <\/figure>\n\n            <\/div><!-- photo-grid__image -->    \n\n\n            \n\n                    \n                \n\n            <div class=\"photo-grid__image\">\n\n                <figure>\n\n                    <img loading=\"lazy\" decoding=\"async\"  \n                        src=\"https:\/\/visualjournalism.de\/wp-content\/uploads\/30_Jackwerth_Philip-768x768.jpg\" \n                        srcset=\"https:\/\/visualjournalism.de\/wp-content\/uploads\/30_Jackwerth_Philip-768x768.jpg 768w, https:\/\/visualjournalism.de\/wp-content\/uploads\/30_Jackwerth_Philip-300x300.jpg 300w, https:\/\/visualjournalism.de\/wp-content\/uploads\/30_Jackwerth_Philip-1024x1024.jpg 1024w, https:\/\/visualjournalism.de\/wp-content\/uploads\/30_Jackwerth_Philip-150x150.jpg 150w, https:\/\/visualjournalism.de\/wp-content\/uploads\/30_Jackwerth_Philip-1536x1536.jpg 1536w, https:\/\/visualjournalism.de\/wp-content\/uploads\/30_Jackwerth_Philip-2048x2048.jpg 2048w, https:\/\/visualjournalism.de\/wp-content\/uploads\/30_Jackwerth_Philip-1920x1920.jpg 1920w, https:\/\/visualjournalism.de\/wp-content\/uploads\/30_Jackwerth_Philip-1400x1400.jpg 1400w, https:\/\/visualjournalism.de\/wp-content\/uploads\/30_Jackwerth_Philip-1050x1050.jpg 1050w, https:\/\/visualjournalism.de\/wp-content\/uploads\/30_Jackwerth_Philip-670x670.jpg 670w, https:\/\/visualjournalism.de\/wp-content\/uploads\/30_Jackwerth_Philip-420x420.jpg 420w, https:\/\/visualjournalism.de\/wp-content\/uploads\/30_Jackwerth_Philip-350x350.jpg 350w, https:\/\/visualjournalism.de\/wp-content\/uploads\/30_Jackwerth_Philip-52x52.jpg 52w, https:\/\/visualjournalism.de\/wp-content\/uploads\/30_Jackwerth_Philip-68x68.jpg 68w, https:\/\/visualjournalism.de\/wp-content\/uploads\/30_Jackwerth_Philip-96x96.jpg 96w\" \n                        width=\"768\"  \n                        height=\"768\" \n                        alt=\"\"  \n                    \/>\n\n                                            <span class=\"photo-grid__image__title\">Bread<\/span>\n                    \n                    \n                <\/figure>\n\n            <\/div><!-- photo-grid__image -->    \n\n\n            \n\n            \n<\/div>\n\n \n\n<div class=\"photo-grid grid-layout--3col has-spacing--s\">\n\n            \n\n            <div class=\"photo-grid__image\">\n\n                <figure>\n\n                    <img loading=\"lazy\" decoding=\"async\"  \n                        src=\"https:\/\/visualjournalism.de\/wp-content\/uploads\/33_Jackwerth_Philip-768x768.jpg\" \n                        srcset=\"https:\/\/visualjournalism.de\/wp-content\/uploads\/33_Jackwerth_Philip-768x768.jpg 768w, https:\/\/visualjournalism.de\/wp-content\/uploads\/33_Jackwerth_Philip-300x300.jpg 300w, https:\/\/visualjournalism.de\/wp-content\/uploads\/33_Jackwerth_Philip-1024x1024.jpg 1024w, https:\/\/visualjournalism.de\/wp-content\/uploads\/33_Jackwerth_Philip-150x150.jpg 150w, https:\/\/visualjournalism.de\/wp-content\/uploads\/33_Jackwerth_Philip-1536x1536.jpg 1536w, https:\/\/visualjournalism.de\/wp-content\/uploads\/33_Jackwerth_Philip-2048x2048.jpg 2048w, https:\/\/visualjournalism.de\/wp-content\/uploads\/33_Jackwerth_Philip-1920x1920.jpg 1920w, https:\/\/visualjournalism.de\/wp-content\/uploads\/33_Jackwerth_Philip-1400x1400.jpg 1400w, https:\/\/visualjournalism.de\/wp-content\/uploads\/33_Jackwerth_Philip-1050x1050.jpg 1050w, https:\/\/visualjournalism.de\/wp-content\/uploads\/33_Jackwerth_Philip-670x670.jpg 670w, https:\/\/visualjournalism.de\/wp-content\/uploads\/33_Jackwerth_Philip-420x420.jpg 420w, https:\/\/visualjournalism.de\/wp-content\/uploads\/33_Jackwerth_Philip-350x350.jpg 350w, https:\/\/visualjournalism.de\/wp-content\/uploads\/33_Jackwerth_Philip-52x52.jpg 52w, https:\/\/visualjournalism.de\/wp-content\/uploads\/33_Jackwerth_Philip-68x68.jpg 68w, https:\/\/visualjournalism.de\/wp-content\/uploads\/33_Jackwerth_Philip-96x96.jpg 96w\" \n                        width=\"768\"  \n                        height=\"768\" \n                        alt=\"\"  \n                    \/>\n\n                                            <span class=\"photo-grid__image__title\">Bread<\/span>\n                    \n                    \n                <\/figure>\n\n            <\/div><!-- photo-grid__image -->    \n\n\n            \n\n                    \n                \n\n            <div class=\"photo-grid__image\">\n\n                <figure>\n\n                    <img loading=\"lazy\" decoding=\"async\"  \n                        src=\"https:\/\/visualjournalism.de\/wp-content\/uploads\/34_Jackwerth_Philip-768x768.jpg\" \n                        srcset=\"https:\/\/visualjournalism.de\/wp-content\/uploads\/34_Jackwerth_Philip-768x768.jpg 768w, https:\/\/visualjournalism.de\/wp-content\/uploads\/34_Jackwerth_Philip-300x300.jpg 300w, https:\/\/visualjournalism.de\/wp-content\/uploads\/34_Jackwerth_Philip-1024x1024.jpg 1024w, https:\/\/visualjournalism.de\/wp-content\/uploads\/34_Jackwerth_Philip-150x150.jpg 150w, https:\/\/visualjournalism.de\/wp-content\/uploads\/34_Jackwerth_Philip-1536x1536.jpg 1536w, https:\/\/visualjournalism.de\/wp-content\/uploads\/34_Jackwerth_Philip-2048x2048.jpg 2048w, https:\/\/visualjournalism.de\/wp-content\/uploads\/34_Jackwerth_Philip-1920x1920.jpg 1920w, https:\/\/visualjournalism.de\/wp-content\/uploads\/34_Jackwerth_Philip-1400x1400.jpg 1400w, https:\/\/visualjournalism.de\/wp-content\/uploads\/34_Jackwerth_Philip-1050x1050.jpg 1050w, https:\/\/visualjournalism.de\/wp-content\/uploads\/34_Jackwerth_Philip-670x670.jpg 670w, https:\/\/visualjournalism.de\/wp-content\/uploads\/34_Jackwerth_Philip-420x420.jpg 420w, https:\/\/visualjournalism.de\/wp-content\/uploads\/34_Jackwerth_Philip-350x350.jpg 350w, https:\/\/visualjournalism.de\/wp-content\/uploads\/34_Jackwerth_Philip-52x52.jpg 52w, https:\/\/visualjournalism.de\/wp-content\/uploads\/34_Jackwerth_Philip-68x68.jpg 68w, https:\/\/visualjournalism.de\/wp-content\/uploads\/34_Jackwerth_Philip-96x96.jpg 96w\" \n                        width=\"768\"  \n                        height=\"768\" \n                        alt=\"\"  \n                    \/>\n\n                                            <span class=\"photo-grid__image__title\">Bread<\/span>\n                    \n                    \n                <\/figure>\n\n            <\/div><!-- photo-grid__image -->    \n\n\n            \n\n                    \n                \n\n            <div class=\"photo-grid__image\">\n\n                <figure>\n\n                    <img loading=\"lazy\" decoding=\"async\"  \n                        src=\"https:\/\/visualjournalism.de\/wp-content\/uploads\/37_Jackwerth_Philip-768x768.jpg\" \n                        srcset=\"https:\/\/visualjournalism.de\/wp-content\/uploads\/37_Jackwerth_Philip-768x768.jpg 768w, https:\/\/visualjournalism.de\/wp-content\/uploads\/37_Jackwerth_Philip-300x300.jpg 300w, https:\/\/visualjournalism.de\/wp-content\/uploads\/37_Jackwerth_Philip-1024x1024.jpg 1024w, https:\/\/visualjournalism.de\/wp-content\/uploads\/37_Jackwerth_Philip-150x150.jpg 150w, https:\/\/visualjournalism.de\/wp-content\/uploads\/37_Jackwerth_Philip-1536x1536.jpg 1536w, https:\/\/visualjournalism.de\/wp-content\/uploads\/37_Jackwerth_Philip-2048x2048.jpg 2048w, https:\/\/visualjournalism.de\/wp-content\/uploads\/37_Jackwerth_Philip-1920x1920.jpg 1920w, https:\/\/visualjournalism.de\/wp-content\/uploads\/37_Jackwerth_Philip-1400x1400.jpg 1400w, https:\/\/visualjournalism.de\/wp-content\/uploads\/37_Jackwerth_Philip-1050x1050.jpg 1050w, https:\/\/visualjournalism.de\/wp-content\/uploads\/37_Jackwerth_Philip-670x670.jpg 670w, https:\/\/visualjournalism.de\/wp-content\/uploads\/37_Jackwerth_Philip-420x420.jpg 420w, https:\/\/visualjournalism.de\/wp-content\/uploads\/37_Jackwerth_Philip-350x350.jpg 350w, https:\/\/visualjournalism.de\/wp-content\/uploads\/37_Jackwerth_Philip-52x52.jpg 52w, https:\/\/visualjournalism.de\/wp-content\/uploads\/37_Jackwerth_Philip-68x68.jpg 68w, https:\/\/visualjournalism.de\/wp-content\/uploads\/37_Jackwerth_Philip-96x96.jpg 96w\" \n                        width=\"768\"  \n                        height=\"768\" \n                        alt=\"\"  \n                    \/>\n\n                                            <span class=\"photo-grid__image__title\">Bread<\/span>\n                    \n                    \n                <\/figure>\n\n            <\/div><!-- photo-grid__image -->    \n\n\n            \n\n            \n<\/div>\n\n \n\n<div class=\"photo-grid grid-layout--2col-5 has-spacing--s\">\n\n            \n\n            <div class=\"photo-grid__image\">\n\n                <figure>\n\n                    <img loading=\"lazy\" decoding=\"async\"  \n                        src=\"https:\/\/visualjournalism.de\/wp-content\/uploads\/20_Jackwerth_Philip-768x768.jpg\" \n                        srcset=\"https:\/\/visualjournalism.de\/wp-content\/uploads\/20_Jackwerth_Philip-768x768.jpg 768w, https:\/\/visualjournalism.de\/wp-content\/uploads\/20_Jackwerth_Philip-300x300.jpg 300w, https:\/\/visualjournalism.de\/wp-content\/uploads\/20_Jackwerth_Philip-1024x1024.jpg 1024w, https:\/\/visualjournalism.de\/wp-content\/uploads\/20_Jackwerth_Philip-150x150.jpg 150w, https:\/\/visualjournalism.de\/wp-content\/uploads\/20_Jackwerth_Philip-1536x1536.jpg 1536w, https:\/\/visualjournalism.de\/wp-content\/uploads\/20_Jackwerth_Philip-2048x2048.jpg 2048w, https:\/\/visualjournalism.de\/wp-content\/uploads\/20_Jackwerth_Philip-1920x1920.jpg 1920w, https:\/\/visualjournalism.de\/wp-content\/uploads\/20_Jackwerth_Philip-1400x1400.jpg 1400w, https:\/\/visualjournalism.de\/wp-content\/uploads\/20_Jackwerth_Philip-1050x1050.jpg 1050w, https:\/\/visualjournalism.de\/wp-content\/uploads\/20_Jackwerth_Philip-670x670.jpg 670w, https:\/\/visualjournalism.de\/wp-content\/uploads\/20_Jackwerth_Philip-420x420.jpg 420w, https:\/\/visualjournalism.de\/wp-content\/uploads\/20_Jackwerth_Philip-350x350.jpg 350w, https:\/\/visualjournalism.de\/wp-content\/uploads\/20_Jackwerth_Philip-52x52.jpg 52w, https:\/\/visualjournalism.de\/wp-content\/uploads\/20_Jackwerth_Philip-68x68.jpg 68w, https:\/\/visualjournalism.de\/wp-content\/uploads\/20_Jackwerth_Philip-96x96.jpg 96w\" \n                        width=\"768\"  \n                        height=\"768\" \n                        alt=\"\"  \n                    \/>\n\n                                            <span class=\"photo-grid__image__title\">Bread<\/span>\n                    \n                    \n                <\/figure>\n\n            <\/div><!-- photo-grid__image -->    \n\n\n            \n\n                    \n                \n\n            <div class=\"photo-grid__image\">\n\n                <figure>\n\n                    <img loading=\"lazy\" decoding=\"async\"  \n                        src=\"https:\/\/visualjournalism.de\/wp-content\/uploads\/35_Jackwerth_Philip-768x768.jpg\" \n                        srcset=\"https:\/\/visualjournalism.de\/wp-content\/uploads\/35_Jackwerth_Philip-768x768.jpg 768w, https:\/\/visualjournalism.de\/wp-content\/uploads\/35_Jackwerth_Philip-300x300.jpg 300w, https:\/\/visualjournalism.de\/wp-content\/uploads\/35_Jackwerth_Philip-1024x1024.jpg 1024w, https:\/\/visualjournalism.de\/wp-content\/uploads\/35_Jackwerth_Philip-150x150.jpg 150w, https:\/\/visualjournalism.de\/wp-content\/uploads\/35_Jackwerth_Philip-1536x1536.jpg 1536w, https:\/\/visualjournalism.de\/wp-content\/uploads\/35_Jackwerth_Philip-2048x2048.jpg 2048w, https:\/\/visualjournalism.de\/wp-content\/uploads\/35_Jackwerth_Philip-1920x1920.jpg 1920w, https:\/\/visualjournalism.de\/wp-content\/uploads\/35_Jackwerth_Philip-1400x1400.jpg 1400w, https:\/\/visualjournalism.de\/wp-content\/uploads\/35_Jackwerth_Philip-1050x1050.jpg 1050w, https:\/\/visualjournalism.de\/wp-content\/uploads\/35_Jackwerth_Philip-670x670.jpg 670w, https:\/\/visualjournalism.de\/wp-content\/uploads\/35_Jackwerth_Philip-420x420.jpg 420w, https:\/\/visualjournalism.de\/wp-content\/uploads\/35_Jackwerth_Philip-350x350.jpg 350w, https:\/\/visualjournalism.de\/wp-content\/uploads\/35_Jackwerth_Philip-52x52.jpg 52w, https:\/\/visualjournalism.de\/wp-content\/uploads\/35_Jackwerth_Philip-68x68.jpg 68w, https:\/\/visualjournalism.de\/wp-content\/uploads\/35_Jackwerth_Philip-96x96.jpg 96w\" \n                        width=\"768\"  \n                        height=\"768\" \n                        alt=\"\"  \n                    \/>\n\n                                            <span class=\"photo-grid__image__title\">Bread<\/span>\n                    \n                    \n                <\/figure>\n\n            <\/div><!-- photo-grid__image -->    \n\n\n            \n\n            \n<\/div>\n\n    <figure class=\"block-photo post__image--full has-spacing--s with-title\">\n\n        <div class=\"post__image__container\">\n            <img loading=\"lazy\" decoding=\"async\" \n                src=\"https:\/\/visualjournalism.de\/wp-content\/uploads\/48_Jackwerth_Philip-1400x1400.jpg\"\n                srcset=\"https:\/\/visualjournalism.de\/wp-content\/uploads\/48_Jackwerth_Philip-1400x1400.jpg 1400w, https:\/\/visualjournalism.de\/wp-content\/uploads\/48_Jackwerth_Philip-300x300.jpg 300w, https:\/\/visualjournalism.de\/wp-content\/uploads\/48_Jackwerth_Philip-1024x1024.jpg 1024w, https:\/\/visualjournalism.de\/wp-content\/uploads\/48_Jackwerth_Philip-150x150.jpg 150w, https:\/\/visualjournalism.de\/wp-content\/uploads\/48_Jackwerth_Philip-768x768.jpg 768w, https:\/\/visualjournalism.de\/wp-content\/uploads\/48_Jackwerth_Philip-1536x1536.jpg 1536w, https:\/\/visualjournalism.de\/wp-content\/uploads\/48_Jackwerth_Philip-2048x2048.jpg 2048w, https:\/\/visualjournalism.de\/wp-content\/uploads\/48_Jackwerth_Philip-1920x1920.jpg 1920w, https:\/\/visualjournalism.de\/wp-content\/uploads\/48_Jackwerth_Philip-1050x1050.jpg 1050w, https:\/\/visualjournalism.de\/wp-content\/uploads\/48_Jackwerth_Philip-670x670.jpg 670w, https:\/\/visualjournalism.de\/wp-content\/uploads\/48_Jackwerth_Philip-420x420.jpg 420w, https:\/\/visualjournalism.de\/wp-content\/uploads\/48_Jackwerth_Philip-350x350.jpg 350w, https:\/\/visualjournalism.de\/wp-content\/uploads\/48_Jackwerth_Philip-52x52.jpg 52w, https:\/\/visualjournalism.de\/wp-content\/uploads\/48_Jackwerth_Philip-68x68.jpg 68w, https:\/\/visualjournalism.de\/wp-content\/uploads\/48_Jackwerth_Philip-96x96.jpg 96w\"\n                width=\"1400\" \n                height=\"1400\"\n                alt=\"\" \n            \/>\n            \n                            <span class=\"post__image__title\">Bread<\/span>\n                    <\/div><!-- post__image__container -->\n\n        \n    <\/figure><!-- post__image -->\n\n\n\n \n\n<div class=\"photo-grid grid-layout--2col-5 has-spacing--m\">\n\n            \n\n            <div class=\"photo-grid__image\">\n\n                <figure>\n\n                    <img loading=\"lazy\" decoding=\"async\"  \n                        src=\"https:\/\/visualjournalism.de\/wp-content\/uploads\/26_Jackwerth_Philip-768x768.jpg\" \n                        srcset=\"https:\/\/visualjournalism.de\/wp-content\/uploads\/26_Jackwerth_Philip-768x768.jpg 768w, https:\/\/visualjournalism.de\/wp-content\/uploads\/26_Jackwerth_Philip-300x300.jpg 300w, https:\/\/visualjournalism.de\/wp-content\/uploads\/26_Jackwerth_Philip-1024x1024.jpg 1024w, https:\/\/visualjournalism.de\/wp-content\/uploads\/26_Jackwerth_Philip-150x150.jpg 150w, https:\/\/visualjournalism.de\/wp-content\/uploads\/26_Jackwerth_Philip-1536x1536.jpg 1536w, https:\/\/visualjournalism.de\/wp-content\/uploads\/26_Jackwerth_Philip-2048x2048.jpg 2048w, https:\/\/visualjournalism.de\/wp-content\/uploads\/26_Jackwerth_Philip-1920x1920.jpg 1920w, https:\/\/visualjournalism.de\/wp-content\/uploads\/26_Jackwerth_Philip-1400x1400.jpg 1400w, https:\/\/visualjournalism.de\/wp-content\/uploads\/26_Jackwerth_Philip-1050x1050.jpg 1050w, https:\/\/visualjournalism.de\/wp-content\/uploads\/26_Jackwerth_Philip-670x670.jpg 670w, https:\/\/visualjournalism.de\/wp-content\/uploads\/26_Jackwerth_Philip-420x420.jpg 420w, https:\/\/visualjournalism.de\/wp-content\/uploads\/26_Jackwerth_Philip-350x350.jpg 350w, https:\/\/visualjournalism.de\/wp-content\/uploads\/26_Jackwerth_Philip-52x52.jpg 52w, https:\/\/visualjournalism.de\/wp-content\/uploads\/26_Jackwerth_Philip-68x68.jpg 68w, https:\/\/visualjournalism.de\/wp-content\/uploads\/26_Jackwerth_Philip-96x96.jpg 96w\" \n                        width=\"768\"  \n                        height=\"768\" \n                        alt=\"\"  \n                    \/>\n\n                                            <span class=\"photo-grid__image__title\">Bread<\/span>\n                    \n                    \n                <\/figure>\n\n            <\/div><!-- photo-grid__image -->    \n\n\n            \n\n                    \n                \n\n            <div class=\"photo-grid__image\">\n\n                <figure>\n\n                    <img loading=\"lazy\" decoding=\"async\"  \n                        src=\"https:\/\/visualjournalism.de\/wp-content\/uploads\/12_Jackwerth_Philip-768x768.jpg\" \n                        srcset=\"https:\/\/visualjournalism.de\/wp-content\/uploads\/12_Jackwerth_Philip-768x768.jpg 768w, https:\/\/visualjournalism.de\/wp-content\/uploads\/12_Jackwerth_Philip-300x300.jpg 300w, https:\/\/visualjournalism.de\/wp-content\/uploads\/12_Jackwerth_Philip-1024x1024.jpg 1024w, https:\/\/visualjournalism.de\/wp-content\/uploads\/12_Jackwerth_Philip-150x150.jpg 150w, https:\/\/visualjournalism.de\/wp-content\/uploads\/12_Jackwerth_Philip-1536x1536.jpg 1536w, https:\/\/visualjournalism.de\/wp-content\/uploads\/12_Jackwerth_Philip-2048x2048.jpg 2048w, https:\/\/visualjournalism.de\/wp-content\/uploads\/12_Jackwerth_Philip-1920x1920.jpg 1920w, https:\/\/visualjournalism.de\/wp-content\/uploads\/12_Jackwerth_Philip-1400x1400.jpg 1400w, https:\/\/visualjournalism.de\/wp-content\/uploads\/12_Jackwerth_Philip-1050x1050.jpg 1050w, https:\/\/visualjournalism.de\/wp-content\/uploads\/12_Jackwerth_Philip-670x670.jpg 670w, https:\/\/visualjournalism.de\/wp-content\/uploads\/12_Jackwerth_Philip-420x420.jpg 420w, https:\/\/visualjournalism.de\/wp-content\/uploads\/12_Jackwerth_Philip-350x350.jpg 350w, https:\/\/visualjournalism.de\/wp-content\/uploads\/12_Jackwerth_Philip-52x52.jpg 52w, https:\/\/visualjournalism.de\/wp-content\/uploads\/12_Jackwerth_Philip-68x68.jpg 68w, https:\/\/visualjournalism.de\/wp-content\/uploads\/12_Jackwerth_Philip-96x96.jpg 96w\" \n                        width=\"768\"  \n                        height=\"768\" \n                        alt=\"\"  \n                    \/>\n\n                                            <span class=\"photo-grid__image__title\">Bread<\/span>\n                    \n                    \n                <\/figure>\n\n            <\/div><!-- photo-grid__image -->    \n\n\n            \n\n            \n<\/div>\n\n\n \n    \n    <div id=\"quote-block_01628b63e30560e44f8f52e08ec5a89c\" class=\"block-quote has-spacing--m\">\n        <figure class=\"quote\">\n            <blockquote>\n                <p><strong>Routinen wie das t\u00e4gliche Zubereiten<\/strong> von Mahlzeiten liefern uns einen Blick auf die essenzielle Struktur des Lebens an sich.<\/p>\n            <\/blockquote>\n\n            <figcaption>\n\n                            <span><\/span>\n            <\/figcaption>\n            \n        <\/figure>\n    <\/div>\n\n\n\n \n\n<div class=\"photo-grid grid-layout--2col-5 has-spacing--xs\">\n\n            \n\n            <div class=\"photo-grid__image\">\n\n                <figure>\n\n                    <img loading=\"lazy\" decoding=\"async\"  \n                        src=\"https:\/\/visualjournalism.de\/wp-content\/uploads\/56_Jackwerth_Philip-768x768.jpg\" \n                        srcset=\"https:\/\/visualjournalism.de\/wp-content\/uploads\/56_Jackwerth_Philip-768x768.jpg 768w, https:\/\/visualjournalism.de\/wp-content\/uploads\/56_Jackwerth_Philip-300x300.jpg 300w, https:\/\/visualjournalism.de\/wp-content\/uploads\/56_Jackwerth_Philip-1024x1024.jpg 1024w, https:\/\/visualjournalism.de\/wp-content\/uploads\/56_Jackwerth_Philip-150x150.jpg 150w, https:\/\/visualjournalism.de\/wp-content\/uploads\/56_Jackwerth_Philip-1536x1536.jpg 1536w, https:\/\/visualjournalism.de\/wp-content\/uploads\/56_Jackwerth_Philip-2048x2048.jpg 2048w, https:\/\/visualjournalism.de\/wp-content\/uploads\/56_Jackwerth_Philip-1920x1920.jpg 1920w, https:\/\/visualjournalism.de\/wp-content\/uploads\/56_Jackwerth_Philip-1400x1400.jpg 1400w, https:\/\/visualjournalism.de\/wp-content\/uploads\/56_Jackwerth_Philip-1050x1050.jpg 1050w, https:\/\/visualjournalism.de\/wp-content\/uploads\/56_Jackwerth_Philip-670x670.jpg 670w, https:\/\/visualjournalism.de\/wp-content\/uploads\/56_Jackwerth_Philip-420x420.jpg 420w, https:\/\/visualjournalism.de\/wp-content\/uploads\/56_Jackwerth_Philip-350x350.jpg 350w, https:\/\/visualjournalism.de\/wp-content\/uploads\/56_Jackwerth_Philip-52x52.jpg 52w, https:\/\/visualjournalism.de\/wp-content\/uploads\/56_Jackwerth_Philip-68x68.jpg 68w, https:\/\/visualjournalism.de\/wp-content\/uploads\/56_Jackwerth_Philip-96x96.jpg 96w\" \n                        width=\"768\"  \n                        height=\"768\" \n                        alt=\"\"  \n                    \/>\n\n                    \n                    \n                <\/figure>\n\n            <\/div><!-- photo-grid__image -->    \n\n\n            \n\n                    \n                \n\n            <div class=\"photo-grid__image\">\n\n                <figure>\n\n                    <img loading=\"lazy\" decoding=\"async\"  \n                        src=\"https:\/\/visualjournalism.de\/wp-content\/uploads\/62_Jackwerth_Philip-768x768.jpg\" \n                        srcset=\"https:\/\/visualjournalism.de\/wp-content\/uploads\/62_Jackwerth_Philip-768x768.jpg 768w, https:\/\/visualjournalism.de\/wp-content\/uploads\/62_Jackwerth_Philip-300x300.jpg 300w, https:\/\/visualjournalism.de\/wp-content\/uploads\/62_Jackwerth_Philip-1024x1024.jpg 1024w, https:\/\/visualjournalism.de\/wp-content\/uploads\/62_Jackwerth_Philip-150x150.jpg 150w, https:\/\/visualjournalism.de\/wp-content\/uploads\/62_Jackwerth_Philip-1536x1536.jpg 1536w, https:\/\/visualjournalism.de\/wp-content\/uploads\/62_Jackwerth_Philip-2048x2048.jpg 2048w, https:\/\/visualjournalism.de\/wp-content\/uploads\/62_Jackwerth_Philip-1920x1920.jpg 1920w, https:\/\/visualjournalism.de\/wp-content\/uploads\/62_Jackwerth_Philip-1400x1400.jpg 1400w, https:\/\/visualjournalism.de\/wp-content\/uploads\/62_Jackwerth_Philip-1050x1050.jpg 1050w, https:\/\/visualjournalism.de\/wp-content\/uploads\/62_Jackwerth_Philip-670x670.jpg 670w, https:\/\/visualjournalism.de\/wp-content\/uploads\/62_Jackwerth_Philip-420x420.jpg 420w, https:\/\/visualjournalism.de\/wp-content\/uploads\/62_Jackwerth_Philip-350x350.jpg 350w, https:\/\/visualjournalism.de\/wp-content\/uploads\/62_Jackwerth_Philip-52x52.jpg 52w, https:\/\/visualjournalism.de\/wp-content\/uploads\/62_Jackwerth_Philip-68x68.jpg 68w, https:\/\/visualjournalism.de\/wp-content\/uploads\/62_Jackwerth_Philip-96x96.jpg 96w\" \n                        width=\"768\"  \n                        height=\"768\" \n                        alt=\"\"  \n                    \/>\n\n                    \n                    \n                <\/figure>\n\n            <\/div><!-- photo-grid__image -->    \n\n\n            \n\n            \n<\/div>\n\n \n\n<div class=\"photo-grid grid-layout--3col has-spacing--s\">\n\n            \n\n            <div class=\"photo-grid__image\">\n\n                <figure>\n\n                    <img loading=\"lazy\" decoding=\"async\"  \n                        src=\"https:\/\/visualjournalism.de\/wp-content\/uploads\/03_Jackwerth_Philip-768x768.jpg\" \n                        srcset=\"https:\/\/visualjournalism.de\/wp-content\/uploads\/03_Jackwerth_Philip-768x768.jpg 768w, https:\/\/visualjournalism.de\/wp-content\/uploads\/03_Jackwerth_Philip-300x300.jpg 300w, https:\/\/visualjournalism.de\/wp-content\/uploads\/03_Jackwerth_Philip-1024x1024.jpg 1024w, https:\/\/visualjournalism.de\/wp-content\/uploads\/03_Jackwerth_Philip-150x150.jpg 150w, https:\/\/visualjournalism.de\/wp-content\/uploads\/03_Jackwerth_Philip-1536x1536.jpg 1536w, https:\/\/visualjournalism.de\/wp-content\/uploads\/03_Jackwerth_Philip-2048x2048.jpg 2048w, https:\/\/visualjournalism.de\/wp-content\/uploads\/03_Jackwerth_Philip-1920x1920.jpg 1920w, https:\/\/visualjournalism.de\/wp-content\/uploads\/03_Jackwerth_Philip-1400x1400.jpg 1400w, https:\/\/visualjournalism.de\/wp-content\/uploads\/03_Jackwerth_Philip-1050x1050.jpg 1050w, https:\/\/visualjournalism.de\/wp-content\/uploads\/03_Jackwerth_Philip-670x670.jpg 670w, https:\/\/visualjournalism.de\/wp-content\/uploads\/03_Jackwerth_Philip-420x420.jpg 420w, https:\/\/visualjournalism.de\/wp-content\/uploads\/03_Jackwerth_Philip-350x350.jpg 350w, https:\/\/visualjournalism.de\/wp-content\/uploads\/03_Jackwerth_Philip-52x52.jpg 52w, https:\/\/visualjournalism.de\/wp-content\/uploads\/03_Jackwerth_Philip-68x68.jpg 68w, https:\/\/visualjournalism.de\/wp-content\/uploads\/03_Jackwerth_Philip-96x96.jpg 96w\" \n                        width=\"768\"  \n                        height=\"768\" \n                        alt=\"\"  \n                    \/>\n\n                                            <span class=\"photo-grid__image__title\">Bread<\/span>\n                    \n                    \n                <\/figure>\n\n            <\/div><!-- photo-grid__image -->    \n\n\n            \n\n                    \n                \n\n            <div class=\"photo-grid__image\">\n\n                <figure>\n\n                    <img loading=\"lazy\" decoding=\"async\"  \n                        src=\"https:\/\/visualjournalism.de\/wp-content\/uploads\/23_Jackwerth_Philip-768x768.jpg\" \n                        srcset=\"https:\/\/visualjournalism.de\/wp-content\/uploads\/23_Jackwerth_Philip-768x768.jpg 768w, https:\/\/visualjournalism.de\/wp-content\/uploads\/23_Jackwerth_Philip-300x300.jpg 300w, https:\/\/visualjournalism.de\/wp-content\/uploads\/23_Jackwerth_Philip-1024x1024.jpg 1024w, https:\/\/visualjournalism.de\/wp-content\/uploads\/23_Jackwerth_Philip-150x150.jpg 150w, https:\/\/visualjournalism.de\/wp-content\/uploads\/23_Jackwerth_Philip-1536x1536.jpg 1536w, https:\/\/visualjournalism.de\/wp-content\/uploads\/23_Jackwerth_Philip-2048x2048.jpg 2048w, https:\/\/visualjournalism.de\/wp-content\/uploads\/23_Jackwerth_Philip-1920x1920.jpg 1920w, https:\/\/visualjournalism.de\/wp-content\/uploads\/23_Jackwerth_Philip-1400x1400.jpg 1400w, https:\/\/visualjournalism.de\/wp-content\/uploads\/23_Jackwerth_Philip-1050x1050.jpg 1050w, https:\/\/visualjournalism.de\/wp-content\/uploads\/23_Jackwerth_Philip-670x670.jpg 670w, https:\/\/visualjournalism.de\/wp-content\/uploads\/23_Jackwerth_Philip-420x420.jpg 420w, https:\/\/visualjournalism.de\/wp-content\/uploads\/23_Jackwerth_Philip-350x350.jpg 350w, https:\/\/visualjournalism.de\/wp-content\/uploads\/23_Jackwerth_Philip-52x52.jpg 52w, https:\/\/visualjournalism.de\/wp-content\/uploads\/23_Jackwerth_Philip-68x68.jpg 68w, https:\/\/visualjournalism.de\/wp-content\/uploads\/23_Jackwerth_Philip-96x96.jpg 96w\" \n                        width=\"768\"  \n                        height=\"768\" \n                        alt=\"\"  \n                    \/>\n\n                                            <span class=\"photo-grid__image__title\">Bread<\/span>\n                    \n                    \n                <\/figure>\n\n            <\/div><!-- photo-grid__image -->    \n\n\n            \n\n                    \n                \n\n            <div class=\"photo-grid__image\">\n\n                <figure>\n\n                    <img loading=\"lazy\" decoding=\"async\"  \n                        src=\"https:\/\/visualjournalism.de\/wp-content\/uploads\/31_Jackwerth_Philip-768x768.jpg\" \n                        srcset=\"https:\/\/visualjournalism.de\/wp-content\/uploads\/31_Jackwerth_Philip-768x768.jpg 768w, https:\/\/visualjournalism.de\/wp-content\/uploads\/31_Jackwerth_Philip-300x300.jpg 300w, https:\/\/visualjournalism.de\/wp-content\/uploads\/31_Jackwerth_Philip-1024x1024.jpg 1024w, https:\/\/visualjournalism.de\/wp-content\/uploads\/31_Jackwerth_Philip-150x150.jpg 150w, https:\/\/visualjournalism.de\/wp-content\/uploads\/31_Jackwerth_Philip-1536x1536.jpg 1536w, https:\/\/visualjournalism.de\/wp-content\/uploads\/31_Jackwerth_Philip-2048x2048.jpg 2048w, https:\/\/visualjournalism.de\/wp-content\/uploads\/31_Jackwerth_Philip-1920x1920.jpg 1920w, https:\/\/visualjournalism.de\/wp-content\/uploads\/31_Jackwerth_Philip-1400x1400.jpg 1400w, https:\/\/visualjournalism.de\/wp-content\/uploads\/31_Jackwerth_Philip-1050x1050.jpg 1050w, https:\/\/visualjournalism.de\/wp-content\/uploads\/31_Jackwerth_Philip-670x670.jpg 670w, https:\/\/visualjournalism.de\/wp-content\/uploads\/31_Jackwerth_Philip-420x420.jpg 420w, https:\/\/visualjournalism.de\/wp-content\/uploads\/31_Jackwerth_Philip-350x350.jpg 350w, https:\/\/visualjournalism.de\/wp-content\/uploads\/31_Jackwerth_Philip-52x52.jpg 52w, https:\/\/visualjournalism.de\/wp-content\/uploads\/31_Jackwerth_Philip-68x68.jpg 68w, https:\/\/visualjournalism.de\/wp-content\/uploads\/31_Jackwerth_Philip-96x96.jpg 96w\" \n                        width=\"768\"  \n                        height=\"768\" \n                        alt=\"\"  \n                    \/>\n\n                                            <span class=\"photo-grid__image__title\">Bread<\/span>\n                    \n                    \n                <\/figure>\n\n            <\/div><!-- photo-grid__image -->    \n\n\n            \n\n            \n<\/div>\n\n \n\n<div class=\"photo-grid grid-layout--2col-5 has-spacing--s\">\n\n            \n\n            <div class=\"photo-grid__image\">\n\n                <figure>\n\n                    <img loading=\"lazy\" decoding=\"async\"  \n                        src=\"https:\/\/visualjournalism.de\/wp-content\/uploads\/55_Jackwerth_Philip-768x768.jpg\" \n                        srcset=\"https:\/\/visualjournalism.de\/wp-content\/uploads\/55_Jackwerth_Philip-768x768.jpg 768w, https:\/\/visualjournalism.de\/wp-content\/uploads\/55_Jackwerth_Philip-300x300.jpg 300w, https:\/\/visualjournalism.de\/wp-content\/uploads\/55_Jackwerth_Philip-1024x1024.jpg 1024w, https:\/\/visualjournalism.de\/wp-content\/uploads\/55_Jackwerth_Philip-150x150.jpg 150w, https:\/\/visualjournalism.de\/wp-content\/uploads\/55_Jackwerth_Philip-1536x1536.jpg 1536w, https:\/\/visualjournalism.de\/wp-content\/uploads\/55_Jackwerth_Philip-2048x2048.jpg 2048w, https:\/\/visualjournalism.de\/wp-content\/uploads\/55_Jackwerth_Philip-1920x1920.jpg 1920w, https:\/\/visualjournalism.de\/wp-content\/uploads\/55_Jackwerth_Philip-1400x1400.jpg 1400w, https:\/\/visualjournalism.de\/wp-content\/uploads\/55_Jackwerth_Philip-1050x1050.jpg 1050w, https:\/\/visualjournalism.de\/wp-content\/uploads\/55_Jackwerth_Philip-670x670.jpg 670w, https:\/\/visualjournalism.de\/wp-content\/uploads\/55_Jackwerth_Philip-420x420.jpg 420w, https:\/\/visualjournalism.de\/wp-content\/uploads\/55_Jackwerth_Philip-350x350.jpg 350w, https:\/\/visualjournalism.de\/wp-content\/uploads\/55_Jackwerth_Philip-52x52.jpg 52w, https:\/\/visualjournalism.de\/wp-content\/uploads\/55_Jackwerth_Philip-68x68.jpg 68w, https:\/\/visualjournalism.de\/wp-content\/uploads\/55_Jackwerth_Philip-96x96.jpg 96w\" \n                        width=\"768\"  \n                        height=\"768\" \n                        alt=\"\"  \n                    \/>\n\n                                            <span class=\"photo-grid__image__title\">Bread<\/span>\n                    \n                    \n                <\/figure>\n\n            <\/div><!-- photo-grid__image -->    \n\n\n            \n\n                    \n                \n\n            <div class=\"photo-grid__image\">\n\n                <figure>\n\n                    <img loading=\"lazy\" decoding=\"async\"  \n                        src=\"https:\/\/visualjournalism.de\/wp-content\/uploads\/22_Jackwerth_Philip-2-768x768.jpg\" \n                        srcset=\"https:\/\/visualjournalism.de\/wp-content\/uploads\/22_Jackwerth_Philip-2-768x768.jpg 768w, https:\/\/visualjournalism.de\/wp-content\/uploads\/22_Jackwerth_Philip-2-300x300.jpg 300w, https:\/\/visualjournalism.de\/wp-content\/uploads\/22_Jackwerth_Philip-2-1024x1024.jpg 1024w, https:\/\/visualjournalism.de\/wp-content\/uploads\/22_Jackwerth_Philip-2-150x150.jpg 150w, https:\/\/visualjournalism.de\/wp-content\/uploads\/22_Jackwerth_Philip-2-1536x1536.jpg 1536w, https:\/\/visualjournalism.de\/wp-content\/uploads\/22_Jackwerth_Philip-2-2048x2048.jpg 2048w, https:\/\/visualjournalism.de\/wp-content\/uploads\/22_Jackwerth_Philip-2-1920x1920.jpg 1920w, https:\/\/visualjournalism.de\/wp-content\/uploads\/22_Jackwerth_Philip-2-1400x1400.jpg 1400w, https:\/\/visualjournalism.de\/wp-content\/uploads\/22_Jackwerth_Philip-2-1050x1050.jpg 1050w, https:\/\/visualjournalism.de\/wp-content\/uploads\/22_Jackwerth_Philip-2-670x670.jpg 670w, https:\/\/visualjournalism.de\/wp-content\/uploads\/22_Jackwerth_Philip-2-420x420.jpg 420w, https:\/\/visualjournalism.de\/wp-content\/uploads\/22_Jackwerth_Philip-2-350x350.jpg 350w, https:\/\/visualjournalism.de\/wp-content\/uploads\/22_Jackwerth_Philip-2-52x52.jpg 52w, https:\/\/visualjournalism.de\/wp-content\/uploads\/22_Jackwerth_Philip-2-68x68.jpg 68w, https:\/\/visualjournalism.de\/wp-content\/uploads\/22_Jackwerth_Philip-2-96x96.jpg 96w\" \n                        width=\"768\"  \n                        height=\"768\" \n                        alt=\"\"  \n                    \/>\n\n                                            <span class=\"photo-grid__image__title\">Bread<\/span>\n                    \n                    \n                <\/figure>\n\n            <\/div><!-- photo-grid__image -->    \n\n\n            \n\n            \n<\/div>\n\n\n<div class=\"wp-block-group has-spacing--default has-spacing--default\">\n<div class=\"devider has-spacing--none\">\n    <hr>\n<\/div>\n\n\n \n\n    <div id=\"lead-in-block_a3351953d13c8467220d525087398e31\" class=\"block-lead-in typo--default font-size--xl has-spacing--s width--default\">\n        <p><strong>Empfehlungen der Redaktion:<\/strong><\/p>\n    <\/div>\n\n\n\n\r\n\r\n\r\n\n\n\r\n\r\n\r\n\r\n        <div class=\"teaser-grid grid-layout--3col has-spacing--s width--inline\">\r\n\r\n            \r\n                <article class=\"post-teaser\">\r\n\r\n                    <a href=\"https:\/\/visualjournalism.de\/en\/magazine\/sammeln\/von-ausbeutung-und-musikalischem-erbe\/\" rel=\"permalink\">\r\n\r\n                        <div class=\"post-teaser__content\">\r\n\r\n                            <span class=\"entry-categories\">Sammeln<\/span>\r\n                            <h3 class=\"post-teaser__headline\">\r\n                                Von Ausbeutung und musikalischem Erbe                            <\/h3>\r\n\r\n                            <div class=\"post-teaser__excerpt\">\r\n                                <p>Was bedeutet kulturelle Verantwortung im Musikgesch\u00e4ft? Das Berliner Label Habibi Funk gibt vergessener Musik eine B\u00fchne und zeigt, warum zu gutem Sound auch Haltung geh\u00f6rt. <\/p>\r\n                            <\/div>\r\n\r\n                        <\/div><!-- .post-teaser__content -->\r\n\r\n\r\n                        \r\n                            <figure class=\"post-teaser__image\">\r\n                                <img loading=\"lazy\" decoding=\"async\"  \r\n                                    src=\"https:\/\/visualjournalism.de\/wp-content\/uploads\/DSC04407-768x512.jpg\" \r\n                                    srcset=\"https:\/\/visualjournalism.de\/wp-content\/uploads\/DSC04407-768x512.jpg 768w, https:\/\/visualjournalism.de\/wp-content\/uploads\/DSC04407-300x200.jpg 300w, https:\/\/visualjournalism.de\/wp-content\/uploads\/DSC04407-1024x683.jpg 1024w, https:\/\/visualjournalism.de\/wp-content\/uploads\/DSC04407-1536x1024.jpg 1536w, https:\/\/visualjournalism.de\/wp-content\/uploads\/DSC04407-2048x1365.jpg 2048w, https:\/\/visualjournalism.de\/wp-content\/uploads\/DSC04407-1920x1280.jpg 1920w, https:\/\/visualjournalism.de\/wp-content\/uploads\/DSC04407-1400x933.jpg 1400w, https:\/\/visualjournalism.de\/wp-content\/uploads\/DSC04407-1050x700.jpg 1050w, https:\/\/visualjournalism.de\/wp-content\/uploads\/DSC04407-670x447.jpg 670w, https:\/\/visualjournalism.de\/wp-content\/uploads\/DSC04407-420x280.jpg 420w, https:\/\/visualjournalism.de\/wp-content\/uploads\/DSC04407-350x233.jpg 350w, https:\/\/visualjournalism.de\/wp-content\/uploads\/DSC04407-150x100.jpg 150w\" \r\n                                    width=\"768\"  \r\n                                    height=\"512\" \r\n                                    alt=\"\"\r\n                                \/>\r\n                            <\/figure>\r\n\r\n                        \r\n                    \r\n                    <\/a>\r\n\r\n                <\/article><!--- .post-teaser-->\r\n\r\n            \r\n                <article class=\"post-teaser\">\r\n\r\n                    <a href=\"https:\/\/visualjournalism.de\/en\/magazine\/ratgeber\/die-richtige-beleuchtung-im-fotostudio\/\" rel=\"permalink\">\r\n\r\n                        <div class=\"post-teaser__content\">\r\n\r\n                            <span class=\"entry-categories\">Ratgeber<\/span>\r\n                            <h3 class=\"post-teaser__headline\">\r\n                                Beleuchtung im Fotostudio.                            <\/h3>\r\n\r\n                            <div class=\"post-teaser__excerpt\">\r\n                                <p>Das richtige Licht im Studio ist entscheidend f\u00fcr gelungene Studioaufnahmen. Wie aber gelingt die perfekte Ausleuchtung und welche Techniken gibt es?<\/p>\r\n                            <\/div>\r\n\r\n                        <\/div><!-- .post-teaser__content -->\r\n\r\n\r\n                        \r\n                            <figure class=\"post-teaser__image\">\r\n                                <img loading=\"lazy\" decoding=\"async\"  \r\n                                    src=\"https:\/\/visualjournalism.de\/wp-content\/uploads\/DSC06343-768x492.jpg\" \r\n                                    srcset=\"https:\/\/visualjournalism.de\/wp-content\/uploads\/DSC06343-768x492.jpg 768w, https:\/\/visualjournalism.de\/wp-content\/uploads\/DSC06343-300x192.jpg 300w, https:\/\/visualjournalism.de\/wp-content\/uploads\/DSC06343-1024x656.jpg 1024w, https:\/\/visualjournalism.de\/wp-content\/uploads\/DSC06343-1536x983.jpg 1536w, https:\/\/visualjournalism.de\/wp-content\/uploads\/DSC06343-2048x1311.jpg 2048w, https:\/\/visualjournalism.de\/wp-content\/uploads\/DSC06343-1920x1229.jpg 1920w, https:\/\/visualjournalism.de\/wp-content\/uploads\/DSC06343-1400x896.jpg 1400w, https:\/\/visualjournalism.de\/wp-content\/uploads\/DSC06343-1050x672.jpg 1050w, https:\/\/visualjournalism.de\/wp-content\/uploads\/DSC06343-670x429.jpg 670w, https:\/\/visualjournalism.de\/wp-content\/uploads\/DSC06343-420x269.jpg 420w, https:\/\/visualjournalism.de\/wp-content\/uploads\/DSC06343-350x224.jpg 350w, https:\/\/visualjournalism.de\/wp-content\/uploads\/DSC06343-150x96.jpg 150w\" \r\n                                    width=\"768\"  \r\n                                    height=\"492\" \r\n                                    alt=\"\"\r\n                                \/>\r\n                            <\/figure>\r\n\r\n                        \r\n                    \r\n                    <\/a>\r\n\r\n                <\/article><!--- .post-teaser-->\r\n\r\n            \r\n                <article class=\"post-teaser\">\r\n\r\n                    <a href=\"https:\/\/visualjournalism.de\/en\/magazine\/ratgeber\/nicht-jedes-laecheln-bedeutet-zustimmung-wie-respektvolle-reisefotografie-gelingt\/\" rel=\"permalink\">\r\n\r\n                        <div class=\"post-teaser__content\">\r\n\r\n                            <span class=\"entry-categories\">Ratgeber<\/span>\r\n                            <h3 class=\"post-teaser__headline\">\r\n                                Faire Reisefotografie: Nicht jedes L\u00e4cheln bedeutet Zustimmung\u00a0                            <\/h3>\r\n\r\n                            <div class=\"post-teaser__excerpt\">\r\n                                <p>Ein Klick geht schnell, R\u00fccksicht nicht immer \u2013 so fotografierst du auf deinen Reisen respektvoll.<\/p>\r\n                            <\/div>\r\n\r\n                        <\/div><!-- .post-teaser__content -->\r\n\r\n\r\n                        \r\n                            <figure class=\"post-teaser__image\">\r\n                                <img loading=\"lazy\" decoding=\"async\"  \r\n                                    src=\"https:\/\/visualjournalism.de\/wp-content\/uploads\/SalomeZiermann_Scan_Indien_03-768x512.jpg\" \r\n                                    srcset=\"https:\/\/visualjournalism.de\/wp-content\/uploads\/SalomeZiermann_Scan_Indien_03-768x512.jpg 768w, https:\/\/visualjournalism.de\/wp-content\/uploads\/SalomeZiermann_Scan_Indien_03-300x200.jpg 300w, https:\/\/visualjournalism.de\/wp-content\/uploads\/SalomeZiermann_Scan_Indien_03-1024x683.jpg 1024w, https:\/\/visualjournalism.de\/wp-content\/uploads\/SalomeZiermann_Scan_Indien_03-1050x700.jpg 1050w, https:\/\/visualjournalism.de\/wp-content\/uploads\/SalomeZiermann_Scan_Indien_03-670x447.jpg 670w, https:\/\/visualjournalism.de\/wp-content\/uploads\/SalomeZiermann_Scan_Indien_03-420x280.jpg 420w, https:\/\/visualjournalism.de\/wp-content\/uploads\/SalomeZiermann_Scan_Indien_03-350x233.jpg 350w, https:\/\/visualjournalism.de\/wp-content\/uploads\/SalomeZiermann_Scan_Indien_03-150x100.jpg 150w, https:\/\/visualjournalism.de\/wp-content\/uploads\/SalomeZiermann_Scan_Indien_03.jpg 1200w\" \r\n                                    width=\"768\"  \r\n                                    height=\"512\" \r\n                                    alt=\"Zwei Frauen in traditionellen, bunten Saris l\u00e4cheln und gestikulieren in die Kamera. Ein Kind und ein Junge im Hintergrund erg\u00e4nzen die Szene.\"\r\n                                \/>\r\n                            <\/figure>\r\n\r\n                        \r\n                    \r\n                    <\/a>\r\n\r\n                <\/article><!--- .post-teaser-->\r\n\r\n            \r\n        <\/div><!-- .teaser-grid -->\r\n\r\n\n\n\r\n\r\n\r\n\n\n\n    <div class=\"btn-wrapper has-spacing--m\">\n        <a class=\"btn\" href=\"https:\/\/visualjournalism.de\/magazin\/\" target=\"_blank\">ZUR MAGAZIN-STARTSEITE<\/a>\n    <\/div>\n<\/div>\n","protected":false},"author":53,"featured_media":32226,"template":"","tags":[],"magazinkategorie":[170],"class_list":["post-30686","magazin","type-magazin","status-publish","has-post-thumbnail","hentry","magazinkategorie-stille"],"acf":[],"yoast_head":"<!-- This site is optimized with the Yoast SEO Premium plugin v27.3 (Yoast SEO v27.3) - https:\/\/yoast.com\/product\/yoast-seo-premium-wordpress\/ -->\n<title>Und t\u00e4glich gr\u00fc\u00dft das Butterbrot\u00a0 &#8211; Visual Journalism and Documentary Photography<\/title>\n<meta name=\"robots\" content=\"index, follow, max-snippet:-1, max-image-preview:large, max-video-preview:-1\" \/>\n<link rel=\"canonical\" href=\"https:\/\/visualjournalism.de\/en\/magazine\/stille\/und-taeglich-gruesst-das-butterbrot\/\" \/>\n<meta property=\"og:locale\" content=\"en_US\" \/>\n<meta property=\"og:type\" content=\"article\" \/>\n<meta property=\"og:title\" content=\"Und t\u00e4glich gr\u00fc\u00dft das Butterbrot\u00a0\" \/>\n<meta property=\"og:description\" content=\"Wir tun Dinge oft jahrelang, bevor wir erkennen, welchen Platz sie in unserem Alltag einnehmen. Sei es das abendliche Z\u00e4hneputzen oder der morgendliche Blick in den Spiegel. Mit diesen Allt\u00e4glichkeiten spielt die Arbeit des Fotografen Philip Jackwerth. Das Brot als Gegenstand der Selbstreflexion. Die Fotoserie zeugt von einer Faszination f\u00fcr sich wiederholende Muster und Strukturen. [&hellip;]\" \/>\n<meta property=\"og:url\" content=\"https:\/\/visualjournalism.de\/en\/magazine\/stille\/und-taeglich-gruesst-das-butterbrot\/\" \/>\n<meta property=\"og:site_name\" content=\"Visual Journalism and Documentary Photography\" \/>\n<meta property=\"article:publisher\" content=\"https:\/\/www.facebook.com\/people\/wwwfotostudentende\/100065173703897\/\" \/>\n<meta property=\"article:modified_time\" content=\"2025-01-09T12:25:02+00:00\" \/>\n<meta property=\"og:image\" content=\"https:\/\/visualjournalism.de\/wp-content\/uploads\/43_Jackwerth_Philip-1-scaled.jpg\" \/>\n\t<meta property=\"og:image:width\" content=\"2560\" \/>\n\t<meta property=\"og:image:height\" content=\"2560\" \/>\n\t<meta property=\"og:image:type\" content=\"image\/jpeg\" \/>\n<meta name=\"twitter:card\" content=\"summary_large_image\" \/>\n<meta name=\"twitter:site\" content=\"@HsHannover\" \/>\n<meta name=\"twitter:label1\" content=\"Est. reading time\" \/>\n\t<meta name=\"twitter:data1\" content=\"1 minute\" \/>\n<script type=\"application\/ld+json\" class=\"yoast-schema-graph\">{\"@context\":\"https:\\\/\\\/schema.org\",\"@graph\":[{\"@type\":\"WebPage\",\"@id\":\"https:\\\/\\\/visualjournalism.de\\\/en\\\/magazine\\\/stille\\\/und-taeglich-gruesst-das-butterbrot\\\/\",\"url\":\"https:\\\/\\\/visualjournalism.de\\\/en\\\/magazine\\\/stille\\\/und-taeglich-gruesst-das-butterbrot\\\/\",\"name\":\"Und t\u00e4glich gr\u00fc\u00dft das Butterbrot\u00a0 &#8211; Visual Journalism and Documentary Photography\",\"isPartOf\":{\"@id\":\"https:\\\/\\\/visualjournalism.de\\\/en\\\/#website\"},\"primaryImageOfPage\":{\"@id\":\"https:\\\/\\\/visualjournalism.de\\\/en\\\/magazine\\\/stille\\\/und-taeglich-gruesst-das-butterbrot\\\/#primaryimage\"},\"image\":{\"@id\":\"https:\\\/\\\/visualjournalism.de\\\/en\\\/magazine\\\/stille\\\/und-taeglich-gruesst-das-butterbrot\\\/#primaryimage\"},\"thumbnailUrl\":\"https:\\\/\\\/visualjournalism.de\\\/wp-content\\\/uploads\\\/43_Jackwerth_Philip-1-scaled.jpg\",\"datePublished\":\"2024-02-19T20:02:55+00:00\",\"dateModified\":\"2025-01-09T12:25:02+00:00\",\"breadcrumb\":{\"@id\":\"https:\\\/\\\/visualjournalism.de\\\/en\\\/magazine\\\/stille\\\/und-taeglich-gruesst-das-butterbrot\\\/#breadcrumb\"},\"inLanguage\":\"en-US\",\"potentialAction\":[{\"@type\":\"ReadAction\",\"target\":[\"https:\\\/\\\/visualjournalism.de\\\/en\\\/magazine\\\/stille\\\/und-taeglich-gruesst-das-butterbrot\\\/\"]}]},{\"@type\":\"ImageObject\",\"inLanguage\":\"en-US\",\"@id\":\"https:\\\/\\\/visualjournalism.de\\\/en\\\/magazine\\\/stille\\\/und-taeglich-gruesst-das-butterbrot\\\/#primaryimage\",\"url\":\"https:\\\/\\\/visualjournalism.de\\\/wp-content\\\/uploads\\\/43_Jackwerth_Philip-1-scaled.jpg\",\"contentUrl\":\"https:\\\/\\\/visualjournalism.de\\\/wp-content\\\/uploads\\\/43_Jackwerth_Philip-1-scaled.jpg\",\"width\":2560,\"height\":2560,\"caption\":\"Bread\"},{\"@type\":\"BreadcrumbList\",\"@id\":\"https:\\\/\\\/visualjournalism.de\\\/en\\\/magazine\\\/stille\\\/und-taeglich-gruesst-das-butterbrot\\\/#breadcrumb\",\"itemListElement\":[{\"@type\":\"ListItem\",\"position\":1,\"name\":\"Home\",\"item\":\"https:\\\/\\\/visualjournalism.de\\\/en\\\/\"},{\"@type\":\"ListItem\",\"position\":2,\"name\":\"Magazin\",\"item\":\"https:\\\/\\\/visualjournalism.de\\\/en\\\/magazine\\\/\"},{\"@type\":\"ListItem\",\"position\":3,\"name\":\"Und t\u00e4glich gr\u00fc\u00dft das Butterbrot\u00a0\"}]},{\"@type\":\"WebSite\",\"@id\":\"https:\\\/\\\/visualjournalism.de\\\/en\\\/#website\",\"url\":\"https:\\\/\\\/visualjournalism.de\\\/en\\\/\",\"name\":\"Visual Journalism and Documentary Photography\",\"description\":\"All about the bilingual bachelor&#039;s program at Hannover University of Applied Sciences and Arts.\",\"publisher\":{\"@id\":\"https:\\\/\\\/visualjournalism.de\\\/en\\\/#organization\"},\"alternateName\":\"visualjournalism.de\",\"potentialAction\":[{\"@type\":\"SearchAction\",\"target\":{\"@type\":\"EntryPoint\",\"urlTemplate\":\"https:\\\/\\\/visualjournalism.de\\\/en\\\/?s={search_term_string}\"},\"query-input\":{\"@type\":\"PropertyValueSpecification\",\"valueRequired\":true,\"valueName\":\"search_term_string\"}}],\"inLanguage\":\"en-US\"},{\"@type\":\"Organization\",\"@id\":\"https:\\\/\\\/visualjournalism.de\\\/en\\\/#organization\",\"name\":\"Hochschule Hannover \u2013 University of Applied Sciences and Arts\",\"alternateName\":\"HsH\",\"url\":\"https:\\\/\\\/visualjournalism.de\\\/en\\\/\",\"logo\":{\"@type\":\"ImageObject\",\"inLanguage\":\"en-US\",\"@id\":\"https:\\\/\\\/visualjournalism.de\\\/en\\\/#\\\/schema\\\/logo\\\/image\\\/\",\"url\":\"https:\\\/\\\/visualjournalism.de\\\/wp-content\\\/uploads\\\/logo-hochschule-hannover.png\",\"contentUrl\":\"https:\\\/\\\/visualjournalism.de\\\/wp-content\\\/uploads\\\/logo-hochschule-hannover.png\",\"width\":363,\"height\":270,\"caption\":\"Hochschule Hannover \u2013 University of Applied Sciences and Arts\"},\"image\":{\"@id\":\"https:\\\/\\\/visualjournalism.de\\\/en\\\/#\\\/schema\\\/logo\\\/image\\\/\"},\"sameAs\":[\"https:\\\/\\\/www.facebook.com\\\/people\\\/wwwfotostudentende\\\/100065173703897\\\/\",\"https:\\\/\\\/x.com\\\/HsHannover\",\"https:\\\/\\\/www.instagram.com\\\/visualjournalism.de\\\/\"]}]}<\/script>\n<!-- \/ Yoast SEO Premium plugin. -->","yoast_head_json":{"title":"Und t\u00e4glich gr\u00fc\u00dft das Butterbrot\u00a0 &#8211; Visual Journalism and Documentary Photography","robots":{"index":"index","follow":"follow","max-snippet":"max-snippet:-1","max-image-preview":"max-image-preview:large","max-video-preview":"max-video-preview:-1"},"canonical":"https:\/\/visualjournalism.de\/en\/magazine\/stille\/und-taeglich-gruesst-das-butterbrot\/","og_locale":"en_US","og_type":"article","og_title":"Und t\u00e4glich gr\u00fc\u00dft das Butterbrot\u00a0","og_description":"Wir tun Dinge oft jahrelang, bevor wir erkennen, welchen Platz sie in unserem Alltag einnehmen. Sei es das abendliche Z\u00e4hneputzen oder der morgendliche Blick in den Spiegel. Mit diesen Allt\u00e4glichkeiten spielt die Arbeit des Fotografen Philip Jackwerth. Das Brot als Gegenstand der Selbstreflexion. Die Fotoserie zeugt von einer Faszination f\u00fcr sich wiederholende Muster und Strukturen. [&hellip;]","og_url":"https:\/\/visualjournalism.de\/en\/magazine\/stille\/und-taeglich-gruesst-das-butterbrot\/","og_site_name":"Visual Journalism and Documentary Photography","article_publisher":"https:\/\/www.facebook.com\/people\/wwwfotostudentende\/100065173703897\/","article_modified_time":"2025-01-09T12:25:02+00:00","og_image":[{"width":2560,"height":2560,"url":"https:\/\/visualjournalism.de\/wp-content\/uploads\/43_Jackwerth_Philip-1-scaled.jpg","type":"image\/jpeg"}],"twitter_card":"summary_large_image","twitter_site":"@HsHannover","twitter_misc":{"Est. reading time":"1 minute"},"schema":{"@context":"https:\/\/schema.org","@graph":[{"@type":"WebPage","@id":"https:\/\/visualjournalism.de\/en\/magazine\/stille\/und-taeglich-gruesst-das-butterbrot\/","url":"https:\/\/visualjournalism.de\/en\/magazine\/stille\/und-taeglich-gruesst-das-butterbrot\/","name":"Und t\u00e4glich gr\u00fc\u00dft das Butterbrot\u00a0 &#8211; Visual Journalism and Documentary Photography","isPartOf":{"@id":"https:\/\/visualjournalism.de\/en\/#website"},"primaryImageOfPage":{"@id":"https:\/\/visualjournalism.de\/en\/magazine\/stille\/und-taeglich-gruesst-das-butterbrot\/#primaryimage"},"image":{"@id":"https:\/\/visualjournalism.de\/en\/magazine\/stille\/und-taeglich-gruesst-das-butterbrot\/#primaryimage"},"thumbnailUrl":"https:\/\/visualjournalism.de\/wp-content\/uploads\/43_Jackwerth_Philip-1-scaled.jpg","datePublished":"2024-02-19T20:02:55+00:00","dateModified":"2025-01-09T12:25:02+00:00","breadcrumb":{"@id":"https:\/\/visualjournalism.de\/en\/magazine\/stille\/und-taeglich-gruesst-das-butterbrot\/#breadcrumb"},"inLanguage":"en-US","potentialAction":[{"@type":"ReadAction","target":["https:\/\/visualjournalism.de\/en\/magazine\/stille\/und-taeglich-gruesst-das-butterbrot\/"]}]},{"@type":"ImageObject","inLanguage":"en-US","@id":"https:\/\/visualjournalism.de\/en\/magazine\/stille\/und-taeglich-gruesst-das-butterbrot\/#primaryimage","url":"https:\/\/visualjournalism.de\/wp-content\/uploads\/43_Jackwerth_Philip-1-scaled.jpg","contentUrl":"https:\/\/visualjournalism.de\/wp-content\/uploads\/43_Jackwerth_Philip-1-scaled.jpg","width":2560,"height":2560,"caption":"Bread"},{"@type":"BreadcrumbList","@id":"https:\/\/visualjournalism.de\/en\/magazine\/stille\/und-taeglich-gruesst-das-butterbrot\/#breadcrumb","itemListElement":[{"@type":"ListItem","position":1,"name":"Home","item":"https:\/\/visualjournalism.de\/en\/"},{"@type":"ListItem","position":2,"name":"Magazin","item":"https:\/\/visualjournalism.de\/en\/magazine\/"},{"@type":"ListItem","position":3,"name":"Und t\u00e4glich gr\u00fc\u00dft das Butterbrot\u00a0"}]},{"@type":"WebSite","@id":"https:\/\/visualjournalism.de\/en\/#website","url":"https:\/\/visualjournalism.de\/en\/","name":"Visual Journalism and Documentary Photography","description":"All about the bilingual bachelor&#039;s program at Hannover University of Applied Sciences and Arts.","publisher":{"@id":"https:\/\/visualjournalism.de\/en\/#organization"},"alternateName":"visualjournalism.de","potentialAction":[{"@type":"SearchAction","target":{"@type":"EntryPoint","urlTemplate":"https:\/\/visualjournalism.de\/en\/?s={search_term_string}"},"query-input":{"@type":"PropertyValueSpecification","valueRequired":true,"valueName":"search_term_string"}}],"inLanguage":"en-US"},{"@type":"Organization","@id":"https:\/\/visualjournalism.de\/en\/#organization","name":"Hochschule Hannover \u2013 University of Applied Sciences and Arts","alternateName":"HsH","url":"https:\/\/visualjournalism.de\/en\/","logo":{"@type":"ImageObject","inLanguage":"en-US","@id":"https:\/\/visualjournalism.de\/en\/#\/schema\/logo\/image\/","url":"https:\/\/visualjournalism.de\/wp-content\/uploads\/logo-hochschule-hannover.png","contentUrl":"https:\/\/visualjournalism.de\/wp-content\/uploads\/logo-hochschule-hannover.png","width":363,"height":270,"caption":"Hochschule Hannover \u2013 University of Applied Sciences and Arts"},"image":{"@id":"https:\/\/visualjournalism.de\/en\/#\/schema\/logo\/image\/"},"sameAs":["https:\/\/www.facebook.com\/people\/wwwfotostudentende\/100065173703897\/","https:\/\/x.com\/HsHannover","https:\/\/www.instagram.com\/visualjournalism.de\/"]}]}},"_links":{"self":[{"href":"https:\/\/visualjournalism.de\/en\/wp-json\/wp\/v2\/magazin\/30686","targetHints":{"allow":["GET"]}}],"collection":[{"href":"https:\/\/visualjournalism.de\/en\/wp-json\/wp\/v2\/magazin"}],"about":[{"href":"https:\/\/visualjournalism.de\/en\/wp-json\/wp\/v2\/types\/magazin"}],"author":[{"embeddable":true,"href":"https:\/\/visualjournalism.de\/en\/wp-json\/wp\/v2\/users\/53"}],"version-history":[{"count":0,"href":"https:\/\/visualjournalism.de\/en\/wp-json\/wp\/v2\/magazin\/30686\/revisions"}],"wp:featuredmedia":[{"embeddable":true,"href":"https:\/\/visualjournalism.de\/en\/wp-json\/wp\/v2\/media\/32226"}],"wp:attachment":[{"href":"https:\/\/visualjournalism.de\/en\/wp-json\/wp\/v2\/media?parent=30686"}],"wp:term":[{"taxonomy":"post_tag","embeddable":true,"href":"https:\/\/visualjournalism.de\/en\/wp-json\/wp\/v2\/tags?post=30686"},{"taxonomy":"magazinkategorie","embeddable":true,"href":"https:\/\/visualjournalism.de\/en\/wp-json\/wp\/v2\/magazinkategorie?post=30686"}],"curies":[{"name":"wp","href":"https:\/\/api.w.org\/{rel}","templated":true}]}}