{"id":30699,"date":"2024-04-29T20:23:25","date_gmt":"2024-04-29T20:23:25","guid":{"rendered":"https:\/\/visualjournalism.de\/?p=30699"},"modified":"2024-11-08T21:27:24","modified_gmt":"2024-11-08T21:27:24","slug":"buchverbote-in-den-usa-maulkorb-fuer-queere-literatur","status":"publish","type":"magazin","link":"https:\/\/visualjournalism.de\/en\/magazine\/macht-und-kontrolle\/buchverbote-in-den-usa-maulkorb-fuer-queere-literatur\/","title":{"rendered":"Buchverbote in den USA: Maulkorb f\u00fcr queere Literatur"},"content":{"rendered":"\r\n<div class=\"cover--lead-in has-spacing--none\">\r\n\r\n    \r\n    <div class=\"cover--lead-in__content typo--tiempos\">\r\n\r\n        <div class=\"entry-categories\">\n\t<a class=\"post__tag\" href=\"https:\/\/visualjournalism.de\/magazin-kategorie\/macht-und-kontrolle\/\" rel=\"category tag\">Macht und Kontrolle<\/a><\/div>\r\n        <h2 class=\"cover--lead-in__headline \">\r\n            Maulkorb f\u00fcr queere Literatur<br \/>\r\n<br \/>\r\n        <\/h2>\r\n\r\n                    <div class=\"cover--lead-in__text\">\r\n                <p>Die Zahl der Buchverbote in den USA ist innerhalb eines Jahres um 33 Prozent gestiegen. PEN America zeigt sich besorgt \u00fcber diesen Trend.<br \/>\n<strong>Von <a href=\"https:\/\/visualjournalism.de\/en\/charlotte-schreiber\/\">Charlotte Schreiber<\/a><\/strong><\/p>\n            <\/div>\r\n        \r\n                    <div class=\"cover--lead-in__author\">\r\n                \r\n                    \r\n                            <figure class=\"cover--lead-in__author__image\">\r\n\r\n                                                                    <a href=\"https:\/\/visualjournalism.de\/charlotte-schreiber\/\" target=\"\">\r\n                                \r\n                                <img loading=\"lazy\" decoding=\"async\"\r\n                                    src=\"https:\/\/visualjournalism.de\/wp-content\/uploads\/a525ad79-bf56-488d-bcbe-fb39a2c667dc-2-68x68.jpg\"\r\n                                    srcset=\"https:\/\/visualjournalism.de\/wp-content\/uploads\/a525ad79-bf56-488d-bcbe-fb39a2c667dc-2-68x68.jpg 68w, https:\/\/visualjournalism.de\/wp-content\/uploads\/a525ad79-bf56-488d-bcbe-fb39a2c667dc-2-52x52.jpg 52w, https:\/\/visualjournalism.de\/wp-content\/uploads\/a525ad79-bf56-488d-bcbe-fb39a2c667dc-2-96x96.jpg 96w, https:\/\/visualjournalism.de\/wp-content\/uploads\/a525ad79-bf56-488d-bcbe-fb39a2c667dc-2.jpg 100w\"\r\n                                    width=\"68\"\r\n                                    height=\"68\"\r\n                                    alt=\"\"\r\n                                \/>\r\n\r\n                                                                    <\/a>\r\n                                \r\n                            <\/figure>\r\n\r\n                                    <\/div><!-- .cover--lead-in__author -->\r\n        \r\n    <\/div><!-- .cover--lead-in__content -->\r\n\r\n    \r\n        <figure class=\"cover--lead-in__image cover--lead-in__media cover--lead-in__media--image\">\r\n            <img loading=\"lazy\" decoding=\"async\"\r\n                src=\"https:\/\/visualjournalism.de\/wp-content\/uploads\/Studiopraxis3-11Laura-Scheppers-1920x2880.jpg\"\r\n                srcset=\"https:\/\/visualjournalism.de\/wp-content\/uploads\/Studiopraxis3-11Laura-Scheppers-1920x2880.jpg 1920w, https:\/\/visualjournalism.de\/wp-content\/uploads\/Studiopraxis3-11Laura-Scheppers-200x300.jpg 200w, https:\/\/visualjournalism.de\/wp-content\/uploads\/Studiopraxis3-11Laura-Scheppers-683x1024.jpg 683w, https:\/\/visualjournalism.de\/wp-content\/uploads\/Studiopraxis3-11Laura-Scheppers-768x1152.jpg 768w, https:\/\/visualjournalism.de\/wp-content\/uploads\/Studiopraxis3-11Laura-Scheppers-1024x1536.jpg 1024w, https:\/\/visualjournalism.de\/wp-content\/uploads\/Studiopraxis3-11Laura-Scheppers-1365x2048.jpg 1365w, https:\/\/visualjournalism.de\/wp-content\/uploads\/Studiopraxis3-11Laura-Scheppers-1400x2100.jpg 1400w, https:\/\/visualjournalism.de\/wp-content\/uploads\/Studiopraxis3-11Laura-Scheppers-1050x1575.jpg 1050w, https:\/\/visualjournalism.de\/wp-content\/uploads\/Studiopraxis3-11Laura-Scheppers-670x1005.jpg 670w, https:\/\/visualjournalism.de\/wp-content\/uploads\/Studiopraxis3-11Laura-Scheppers-420x630.jpg 420w, https:\/\/visualjournalism.de\/wp-content\/uploads\/Studiopraxis3-11Laura-Scheppers-350x525.jpg 350w, https:\/\/visualjournalism.de\/wp-content\/uploads\/Studiopraxis3-11Laura-Scheppers-300x450.jpg 300w, https:\/\/visualjournalism.de\/wp-content\/uploads\/Studiopraxis3-11Laura-Scheppers-150x225.jpg 150w, https:\/\/visualjournalism.de\/wp-content\/uploads\/Studiopraxis3-11Laura-Scheppers-scaled.jpg 1707w\"\r\n                width=\"1920\"\r\n                height=\"2880\"\r\n                alt=\"\"\r\n                style=\"object-position: 44.5% 35.67%\"\r\n            \/>\r\n        <\/figure>\r\n\r\n        \r\n    \r\n<\/div><!-- .cover--lead-in -->\r\n\r\n\n\n\n<p class=\"post__paragraph is-style-typo--soehne has-spacing--m\"><sub>Symbolfoto: Betty Einhaus &amp; Shannon Benze<\/sub><\/p>\n\n\n\n<p class=\"post__paragraph has-spacing--m\"><strong>Leere Regale in amerikanischen Bibliotheken.<\/strong> Das ist keine Seltenheit mehr. Die Buchverbote in den USA steigen immer weiter an, wie der US-amerikanische Autori*nnen Verband PEN America in einer aktuellen Studie berichtet. Allein von Juli 2021 bis Juni 2022 verzeichnete er 2.532 F\u00e4lle von verbotenen B\u00fcchern. Das ist ein Anstieg von 33 Prozent gegen\u00fcber dem Vorjahr 2021\/2022. Bibliothekarinnen und Lehrer*innen sahen sich gezwungen, die betroffenen B\u00fccher entweder mit Stoffen zu verh\u00e4ngen oder diese ganz aus den B\u00fcchereien zu entfernen. Jene Werke behandeln LGBTQ-Thematiken oder enthalten People of Color als Protagonist*innen. So geht es auch einer \u00f6ffentlichen B\u00fccherei in der Gemeinde Jamestown Township in Michigan. Laut CBSNews darf diese B\u00fccherei die Comicreihe \u00abHeartstopper\u00bb von Alice Oseman nun nicht mehr anbieten. Zus\u00e4tzlich verlor die B\u00fccherei ihre \u00f6ffentliche F\u00f6rderung. Daf\u00fcr verantwortlich ist die B\u00fcrgerbewegung \u00abJamestown Conservatives\u00bb.<br><br>Der Streaming-Dienst Netflix ver\u00f6ffentliche im August die zweite Staffel der gleichnamigen Serie, in der sich zwei britische Jungen ineinander verlieben. \u00abWir gehen in die Vergangenheit zur\u00fcck, wenn wir \u00fcber Buchverbote sprechen\u00bb, positionierte sich der B\u00fccherei Chef Larry Walton. Diese Geschichte ist jedoch kein Einzelfall mehr. Gerade in l\u00e4ndlichen Gegenden in den USA wird vermehrt versucht, queere Inhalte aus Bibliotheken und Schulen zu entfernen. Diese Entwicklung zeigt eine aktuelle Studie von PEN America.<br><\/p>\n\n\n\n<div class=\"devider has-spacing--none\">\n    <hr>\n<\/div>\n\n\n \n    \n    <div id=\"quote-block_c0ce3c7b25b0fc082507367f8ad3b25b\" class=\"block-quote has-spacing--m\">\n        <figure class=\"quote\">\n            <blockquote>\n                <p><strong>Gerade in l\u00e4ndlichen Gegenden<\/strong> in den USA wird vermehrt versucht, queere Inhalte aus Bibliotheken und Schulen zu entfernen.<\/p>\n            <\/blockquote>\n\n            <figcaption>\n\n                            <span><\/span>\n            <\/figcaption>\n            \n        <\/figure>\n    <\/div>\n\n\n\n\n<p class=\"post__paragraph has-spacing--xs\">Queere Inhalte k\u00f6nne man mit \u00abPornos in Schulen\u00bb gleichsetzen, jene B\u00fccher enthielten \u00absexuell explizite\u00bb, \u00absch\u00e4dliche\u00bb und \u00abaltersunangemessene\u00bb Inhalte \u2013 so empfindet zumindest der texanische Gouverneur Greg Abott und viele weitere Gleichgesinnte. Unter ihnen zahlreiche Eltern.<\/p>\n\n\n\n<p class=\"post__paragraph is-style-default has-spacing--default\">Nicht nur PEN zeigt sich \u00fcber diese Entwicklungen besorgt. Die \u00abHeartstopper\u00bb-Autorin Alice Oseman \u00e4u\u00dferte sich via Instagram zu diesem Thema: \u00abRassismus, Homophobie und Transphobie gedeihen unter dem Deckmantel der <strong>\u2039<\/strong>Sorge um Kinder<strong>\u203a<\/strong>. Das ist auch nicht nur ein Problem der USA. Wir erleben genau dieselbe <strong>\u2039<\/strong>Sorge<strong>\u203a<\/strong> hier im Vereinigten K\u00f6nigreich.\u00bb Auch in Ungarn darf der queere Comic nicht angeboten werden. Eine ungarische Buchhandels-kette muss mit einer Geldstrafe von 32.000\u20ac rechnen, da sie \u00abHeartstopper\u00bb anbietet. Dies berichtet die deutsche Presse-Agentur. In Ungarn wird Homosexualit\u00e4t f\u00e4lschlicherweise mit P\u00e4dophilie gleichgesetzt.<\/p>\n\n\n\n<p class=\"post__paragraph is-style-default has-spacing--m\">Sichtbarkeit ist f\u00fcr heranwachsende Menschen enorm wichtig. In B\u00fcchern finden viele Kinder und Jugendliche Zufluchtsorte und Held*innen, mit denen sie sich identifizieren k\u00f6nnen. Gerade f\u00fcr queere Menschen ist dies besonders wichtig. Dieser Meinung ist auch der britische Autor George Lester, wie er gegen\u00fcber dem ZDF erz\u00e4hlt. W\u00e4hrend seiner Jugend habe ihm eine literarische Identifikationsperson gefehlt. F\u00fcr ihn ver\u00e4nderte sich seine Welt, nachdem er zum ersten Mal einen queeren Roman gelesen hatte. \u00abIch konnte in einem Buch jemanden sehen, der so war wie ich, und das bedeutete mir alles\u00bb, so Lester. Denn nicht jede*r kennt eine andere queere Person und kann sich dementsprechend austauschen.<\/p>\n\n\n    <figure class=\"block-photo post__image--wide-left has-spacing--m with-title\">\n\n        <div class=\"post__image__container\">\n            <img loading=\"lazy\" decoding=\"async\" \n                src=\"https:\/\/visualjournalism.de\/wp-content\/uploads\/Friedel-Fatale-liesst-Tim-Kirchhof-10-1050x700.jpg\"\n                srcset=\"https:\/\/visualjournalism.de\/wp-content\/uploads\/Friedel-Fatale-liesst-Tim-Kirchhof-10-1050x700.jpg 1050w, https:\/\/visualjournalism.de\/wp-content\/uploads\/Friedel-Fatale-liesst-Tim-Kirchhof-10-300x200.jpg 300w, https:\/\/visualjournalism.de\/wp-content\/uploads\/Friedel-Fatale-liesst-Tim-Kirchhof-10-1024x683.jpg 1024w, https:\/\/visualjournalism.de\/wp-content\/uploads\/Friedel-Fatale-liesst-Tim-Kirchhof-10-768x512.jpg 768w, https:\/\/visualjournalism.de\/wp-content\/uploads\/Friedel-Fatale-liesst-Tim-Kirchhof-10-1536x1025.jpg 1536w, https:\/\/visualjournalism.de\/wp-content\/uploads\/Friedel-Fatale-liesst-Tim-Kirchhof-10-2048x1366.jpg 2048w, https:\/\/visualjournalism.de\/wp-content\/uploads\/Friedel-Fatale-liesst-Tim-Kirchhof-10-1920x1281.jpg 1920w, https:\/\/visualjournalism.de\/wp-content\/uploads\/Friedel-Fatale-liesst-Tim-Kirchhof-10-1400x934.jpg 1400w, https:\/\/visualjournalism.de\/wp-content\/uploads\/Friedel-Fatale-liesst-Tim-Kirchhof-10-670x447.jpg 670w, https:\/\/visualjournalism.de\/wp-content\/uploads\/Friedel-Fatale-liesst-Tim-Kirchhof-10-420x280.jpg 420w, https:\/\/visualjournalism.de\/wp-content\/uploads\/Friedel-Fatale-liesst-Tim-Kirchhof-10-350x233.jpg 350w, https:\/\/visualjournalism.de\/wp-content\/uploads\/Friedel-Fatale-liesst-Tim-Kirchhof-10-150x100.jpg 150w\"\n                width=\"1050\" \n                height=\"700\"\n                alt=\"In der Inszenierung wurde ein Regal mit schwarzem Stoff abgeh\u00e4ngt. In Ungarn m\u00fcssen queere B\u00fccher in Bibliotheken und Buchhandlungen verdeckt werden und d\u00fcrfen nur an \u00fcber 18 j\u00e4hrige herausgegeben werden.\" \n            \/>\n            \n                            <span class=\"post__image__title\">In der Inszenierung wurde ein Regal mit schwarzem Stoff abgeh\u00e4ngt. In Ungarn m\u00fcssen queere B\u00fccher in Bibliotheken und Buchhandlungen verdeckt werden und d\u00fcrfen nur an \u00fcber 18 j\u00e4hrige herausgegeben werden.<\/span>\n                    <\/div><!-- post__image__container -->\n\n                    <figcaption class=\"post__image__caption--soehne\"><p>In Ungarn m\u00fcssen queere B\u00fccher in Bibliotheken und Buchhandlungen verdeckt werden und d\u00fcrfen nur an \u00fcber 18 \u00e4hrige herausgegeben werden.<\/p>\n<\/figcaption>\n        \n    <\/figure><!-- post__image -->\n\n\n\n\n<p class=\"post__paragraph is-style-default has-spacing--m\"><strong>Queere B\u00fccher k\u00f6nnen helfen<\/strong>, sich und die eigene Sexualit\u00e4t besser kennenzulernen und zu akzeptieren. Denn man f\u00fchlt sich weniger alleine, wenn man von Personen liest, die \u00e4hnliche Erfahrungen teilen. Wo Menschen sich ungerecht behandelt f\u00fchlen, wehren sie sich auch dagegen. In einer Kleinstadt in Pennsylvania gibt es nun den \u00abBanned Book Club\u00bb. Gr\u00fcnder*innen und Mitglieder sind Jugendliche. Alle zwei Wochen lesen und diskutieren sie gemeinsam genau jene Literatur, die verboten werden soll. \u00abEs ist be\u00e4ngstigend zu wissen, dass all diese Menschen, die diese B\u00fccher aus einem bestimmten Grund brauchen, keinen Zugang dazu haben\u00bb, sagt die 14-j\u00e4hrige Joselyn Diffenbaugh gegen\u00fcber der britischen Zeitung The Guardian. <br><br>Sie ist die Gr\u00fcnderin des Clubs. Auch in anderen betroffenen Schulen schlie\u00dfen sich Sch\u00fclerinnen zu Organisationen und Demonstrationen zusammen und k\u00e4mpfen f\u00fcr ihre Rechte. PEN America, der New Yorker Publikumsverlag Penguin Random House und eine Gruppe von Autorinnen haben sich mit Eltern und Sch\u00fcler*innen der Escambia County Schule in Florida zusammengeschlossen. Ihr Ziel ist es, eine Bundesklage gegen die Buchverbote einzureichen. Denn diese Verbote gef\u00e4hrden die Meinungsfreiheit, Gleichberechtigung sowie die Entwicklung junger Menschen.<\/p>\n\n\n    <figure class=\"block-photo post__image--wide-left has-spacing--m with-title\">\n\n        <div class=\"post__image__container\">\n            <img loading=\"lazy\" decoding=\"async\" \n                src=\"https:\/\/visualjournalism.de\/wp-content\/uploads\/Studiopraxis3-5verbot-von-queerer-Lektuere-1050x700.jpg\"\n                srcset=\"https:\/\/visualjournalism.de\/wp-content\/uploads\/Studiopraxis3-5verbot-von-queerer-Lektuere-1050x700.jpg 1050w, https:\/\/visualjournalism.de\/wp-content\/uploads\/Studiopraxis3-5verbot-von-queerer-Lektuere-300x200.jpg 300w, https:\/\/visualjournalism.de\/wp-content\/uploads\/Studiopraxis3-5verbot-von-queerer-Lektuere-1024x683.jpg 1024w, https:\/\/visualjournalism.de\/wp-content\/uploads\/Studiopraxis3-5verbot-von-queerer-Lektuere-768x512.jpg 768w, https:\/\/visualjournalism.de\/wp-content\/uploads\/Studiopraxis3-5verbot-von-queerer-Lektuere-1536x1024.jpg 1536w, https:\/\/visualjournalism.de\/wp-content\/uploads\/Studiopraxis3-5verbot-von-queerer-Lektuere-2048x1365.jpg 2048w, https:\/\/visualjournalism.de\/wp-content\/uploads\/Studiopraxis3-5verbot-von-queerer-Lektuere-1920x1280.jpg 1920w, https:\/\/visualjournalism.de\/wp-content\/uploads\/Studiopraxis3-5verbot-von-queerer-Lektuere-1400x933.jpg 1400w, https:\/\/visualjournalism.de\/wp-content\/uploads\/Studiopraxis3-5verbot-von-queerer-Lektuere-670x447.jpg 670w, https:\/\/visualjournalism.de\/wp-content\/uploads\/Studiopraxis3-5verbot-von-queerer-Lektuere-420x280.jpg 420w, https:\/\/visualjournalism.de\/wp-content\/uploads\/Studiopraxis3-5verbot-von-queerer-Lektuere-350x233.jpg 350w, https:\/\/visualjournalism.de\/wp-content\/uploads\/Studiopraxis3-5verbot-von-queerer-Lektuere-150x100.jpg 150w\"\n                width=\"1050\" \n                height=\"700\"\n                alt=\"\" \n            \/>\n            \n                            <span class=\"post__image__title\">Foto:<\/span>\n                    <\/div><!-- post__image__container -->\n\n        \n    <\/figure><!-- post__image -->\n\n\n\n\n<div class=\"wp-block-group has-spacing--default has-spacing--default\">\n<div class=\"devider has-spacing--none\">\n    <hr>\n<\/div>\n\n\n \n\n    <div id=\"lead-in-block_25d7365db32bfdade45e611e1779b134\" class=\"block-lead-in typo--default font-size--xl has-spacing--s width--default\">\n        <p><strong>Empfehlungen der Redaktion:<\/strong><\/p>\n    <\/div>\n\n\n\n\r\n\r\n\r\n\n\n\r\n\r\n\r\n\r\n        <div class=\"teaser-grid grid-layout--3col has-spacing--s width--inline\">\r\n\r\n            \r\n                <article class=\"post-teaser\">\r\n\r\n                    <a href=\"https:\/\/visualjournalism.de\/en\/magazine\/sammeln\/wein-mueller-kassel-magic-nordhessen\/\" rel=\"permalink\">\r\n\r\n                        <div class=\"post-teaser__content\">\r\n\r\n                            <span class=\"entry-categories\">Sammeln<\/span>\r\n                            <h3 class=\"post-teaser__headline\">\r\n                                \u00abMagic Nordhessen\u2026!!!\u00bb                            <\/h3>\r\n\r\n                            <div class=\"post-teaser__excerpt\">\r\n                                <p>Kassel, Vorderer Westen: ein Laden, in dem seit fast einem Jahrhundert gesammelt wird. Wir haben hineingeschaut.<\/p>\r\n                            <\/div>\r\n\r\n                        <\/div><!-- .post-teaser__content -->\r\n\r\n\r\n                        \r\n                            <figure class=\"post-teaser__image\">\r\n                                <img loading=\"lazy\" decoding=\"async\"  \r\n                                    src=\"https:\/\/visualjournalism.de\/wp-content\/uploads\/02_Luest_Mayla-768x576.jpg\" \r\n                                    srcset=\"https:\/\/visualjournalism.de\/wp-content\/uploads\/02_Luest_Mayla-768x576.jpg 768w, https:\/\/visualjournalism.de\/wp-content\/uploads\/02_Luest_Mayla-300x225.jpg 300w, https:\/\/visualjournalism.de\/wp-content\/uploads\/02_Luest_Mayla-1024x768.jpg 1024w, https:\/\/visualjournalism.de\/wp-content\/uploads\/02_Luest_Mayla-1536x1152.jpg 1536w, https:\/\/visualjournalism.de\/wp-content\/uploads\/02_Luest_Mayla-2048x1536.jpg 2048w, https:\/\/visualjournalism.de\/wp-content\/uploads\/02_Luest_Mayla-1920x1440.jpg 1920w, https:\/\/visualjournalism.de\/wp-content\/uploads\/02_Luest_Mayla-1400x1050.jpg 1400w, https:\/\/visualjournalism.de\/wp-content\/uploads\/02_Luest_Mayla-1050x787.jpg 1050w, https:\/\/visualjournalism.de\/wp-content\/uploads\/02_Luest_Mayla-670x502.jpg 670w, https:\/\/visualjournalism.de\/wp-content\/uploads\/02_Luest_Mayla-420x315.jpg 420w, https:\/\/visualjournalism.de\/wp-content\/uploads\/02_Luest_Mayla-350x262.jpg 350w, https:\/\/visualjournalism.de\/wp-content\/uploads\/02_Luest_Mayla-150x112.jpg 150w\" \r\n                                    width=\"768\"  \r\n                                    height=\"576\" \r\n                                    alt=\"\"\r\n                                \/>\r\n                            <\/figure>\r\n\r\n                        \r\n                    \r\n                    <\/a>\r\n\r\n                <\/article><!--- .post-teaser-->\r\n\r\n            \r\n                <article class=\"post-teaser\">\r\n\r\n                    <a href=\"https:\/\/visualjournalism.de\/en\/magazine\/ratgeber\/zwischen-pressefreiheit-und-persoenlichkeitsrecht\/\" rel=\"permalink\">\r\n\r\n                        <div class=\"post-teaser__content\">\r\n\r\n                            <span class=\"entry-categories\">Ratgeber<\/span>\r\n                            <h3 class=\"post-teaser__headline\">\r\n                                Zwischen Pressefreiheit und Pers\u00f6nlichkeitsrecht                            <\/h3>\r\n\r\n                            <div class=\"post-teaser__excerpt\">\r\n                                <p>Dieser Ratgeber zeigt dir, worauf angehende Fotojournalist*innen achten m\u00fcssen, um rechtlich sicher zu arbeiten und nicht in Schwierigkeiten zu geraten!<\/p>\r\n                            <\/div>\r\n\r\n                        <\/div><!-- .post-teaser__content -->\r\n\r\n\r\n                        \r\n                            <figure class=\"post-teaser__image\">\r\n                                <img loading=\"lazy\" decoding=\"async\"  \r\n                                    src=\"https:\/\/visualjournalism.de\/wp-content\/uploads\/2025\/02\/Presse-Fotorecht-0225-768x519.jpg\" \r\n                                    srcset=\"https:\/\/visualjournalism.de\/wp-content\/uploads\/2025\/02\/Presse-Fotorecht-0225-768x519.jpg 768w, https:\/\/visualjournalism.de\/wp-content\/uploads\/2025\/02\/Presse-Fotorecht-0225-300x203.jpg 300w, https:\/\/visualjournalism.de\/wp-content\/uploads\/2025\/02\/Presse-Fotorecht-0225-1024x692.jpg 1024w, https:\/\/visualjournalism.de\/wp-content\/uploads\/2025\/02\/Presse-Fotorecht-0225-1536x1038.jpg 1536w, https:\/\/visualjournalism.de\/wp-content\/uploads\/2025\/02\/Presse-Fotorecht-0225-2048x1384.jpg 2048w, https:\/\/visualjournalism.de\/wp-content\/uploads\/2025\/02\/Presse-Fotorecht-0225-1920x1298.jpg 1920w, https:\/\/visualjournalism.de\/wp-content\/uploads\/2025\/02\/Presse-Fotorecht-0225-1400x946.jpg 1400w, https:\/\/visualjournalism.de\/wp-content\/uploads\/2025\/02\/Presse-Fotorecht-0225-1050x710.jpg 1050w, https:\/\/visualjournalism.de\/wp-content\/uploads\/2025\/02\/Presse-Fotorecht-0225-670x453.jpg 670w, https:\/\/visualjournalism.de\/wp-content\/uploads\/2025\/02\/Presse-Fotorecht-0225-420x284.jpg 420w, https:\/\/visualjournalism.de\/wp-content\/uploads\/2025\/02\/Presse-Fotorecht-0225-350x237.jpg 350w, https:\/\/visualjournalism.de\/wp-content\/uploads\/2025\/02\/Presse-Fotorecht-0225-150x101.jpg 150w\" \r\n                                    width=\"768\"  \r\n                                    height=\"519\" \r\n                                    alt=\"\"\r\n                                \/>\r\n                            <\/figure>\r\n\r\n                        \r\n                    \r\n                    <\/a>\r\n\r\n                <\/article><!--- .post-teaser-->\r\n\r\n            \r\n                <article class=\"post-teaser\">\r\n\r\n                    <a href=\"https:\/\/visualjournalism.de\/en\/magazine\/sammeln\/hannovers-verborgene-rohstoffquelle\/\" rel=\"permalink\">\r\n\r\n                        <div class=\"post-teaser__content\">\r\n\r\n                            <span class=\"entry-categories\">Sammeln<\/span>\r\n                            <h3 class=\"post-teaser__headline\">\r\n                                Hannovers verborgene Rohstoffquelle                            <\/h3>\r\n\r\n                            <div class=\"post-teaser__excerpt\">\r\n                                <p>Unsichere Handelsbeziehungen, Kriege und neue Vorschriften fordern die Recyclingbranche heraus. Auf dem TSR-Gel\u00e4nde im hannoverschen Nordhafen sp\u00fcrt man die Bewegung eines ganzen Wirtschaftszweigs \u2013 ein Blick hinter die Kulissen. <\/p>\r\n                            <\/div>\r\n\r\n                        <\/div><!-- .post-teaser__content -->\r\n\r\n\r\n                        \r\n                            <figure class=\"post-teaser__image\">\r\n                                <img loading=\"lazy\" decoding=\"async\"  \r\n                                    src=\"https:\/\/visualjournalism.de\/wp-content\/uploads\/Moritz-Heck_Schrottplatz_26_dunkel-768x512.jpg\" \r\n                                    srcset=\"https:\/\/visualjournalism.de\/wp-content\/uploads\/Moritz-Heck_Schrottplatz_26_dunkel-768x512.jpg 768w, https:\/\/visualjournalism.de\/wp-content\/uploads\/Moritz-Heck_Schrottplatz_26_dunkel-300x200.jpg 300w, https:\/\/visualjournalism.de\/wp-content\/uploads\/Moritz-Heck_Schrottplatz_26_dunkel-1024x683.jpg 1024w, https:\/\/visualjournalism.de\/wp-content\/uploads\/Moritz-Heck_Schrottplatz_26_dunkel-1536x1024.jpg 1536w, https:\/\/visualjournalism.de\/wp-content\/uploads\/Moritz-Heck_Schrottplatz_26_dunkel-2048x1365.jpg 2048w, https:\/\/visualjournalism.de\/wp-content\/uploads\/Moritz-Heck_Schrottplatz_26_dunkel-1920x1280.jpg 1920w, https:\/\/visualjournalism.de\/wp-content\/uploads\/Moritz-Heck_Schrottplatz_26_dunkel-1400x933.jpg 1400w, https:\/\/visualjournalism.de\/wp-content\/uploads\/Moritz-Heck_Schrottplatz_26_dunkel-1050x700.jpg 1050w, https:\/\/visualjournalism.de\/wp-content\/uploads\/Moritz-Heck_Schrottplatz_26_dunkel-670x447.jpg 670w, https:\/\/visualjournalism.de\/wp-content\/uploads\/Moritz-Heck_Schrottplatz_26_dunkel-420x280.jpg 420w, https:\/\/visualjournalism.de\/wp-content\/uploads\/Moritz-Heck_Schrottplatz_26_dunkel-350x233.jpg 350w, https:\/\/visualjournalism.de\/wp-content\/uploads\/Moritz-Heck_Schrottplatz_26_dunkel-150x100.jpg 150w\" \r\n                                    width=\"768\"  \r\n                                    height=\"512\" \r\n                                    alt=\"\"\r\n                                \/>\r\n                            <\/figure>\r\n\r\n                        \r\n                    \r\n                    <\/a>\r\n\r\n                <\/article><!--- .post-teaser-->\r\n\r\n            \r\n        <\/div><!-- .teaser-grid -->\r\n\r\n\n\n\r\n\r\n\r\n\n\n\n    <div class=\"btn-wrapper has-spacing--m\">\n        <a class=\"btn\" href=\"https:\/\/visualjournalism.de\/magazin\/\" target=\"_blank\">ZUR MAGAZIN-STARTSEITE<\/a>\n    <\/div>\n<\/div>\n","protected":false},"author":48,"featured_media":35727,"template":"","tags":[],"magazinkategorie":[179],"class_list":["post-30699","magazin","type-magazin","status-publish","has-post-thumbnail","hentry","magazinkategorie-macht-und-kontrolle"],"acf":[],"yoast_head":"<!-- This site is optimized with the Yoast SEO Premium plugin v27.3 (Yoast SEO v27.3) - https:\/\/yoast.com\/product\/yoast-seo-premium-wordpress\/ -->\n<title>Buchverbote in den USA: Maulkorb f\u00fcr queere Literatur<\/title>\n<meta name=\"description\" content=\"Die Zahl der Buchverbote in den USA ist innerhalb eines Jahres um 33 Prozent gestiegen. PEN America zeigt sich besorgt \u00fcber diesen Trend.\" \/>\n<meta name=\"robots\" content=\"index, follow, max-snippet:-1, max-image-preview:large, max-video-preview:-1\" \/>\n<link rel=\"canonical\" href=\"https:\/\/visualjournalism.de\/en\/magazine\/macht-und-kontrolle\/buchverbote-in-den-usa-maulkorb-fuer-queere-literatur\/\" \/>\n<meta property=\"og:locale\" content=\"en_US\" \/>\n<meta property=\"og:type\" content=\"article\" \/>\n<meta property=\"og:title\" content=\"Buchverbote in den USA: Maulkorb f\u00fcr queere Literatur\" \/>\n<meta property=\"og:description\" content=\"Die Zahl der Buchverbote in den USA ist innerhalb eines Jahres um 33 Prozent gestiegen. PEN America zeigt sich besorgt \u00fcber diesen Trend.\" \/>\n<meta property=\"og:url\" content=\"https:\/\/visualjournalism.de\/en\/magazine\/macht-und-kontrolle\/buchverbote-in-den-usa-maulkorb-fuer-queere-literatur\/\" \/>\n<meta property=\"og:site_name\" content=\"Visual Journalism and Documentary Photography\" \/>\n<meta property=\"article:publisher\" content=\"https:\/\/www.facebook.com\/people\/wwwfotostudentende\/100065173703897\/\" \/>\n<meta property=\"article:modified_time\" content=\"2024-11-08T21:27:24+00:00\" \/>\n<meta property=\"og:image\" content=\"https:\/\/visualjournalism.de\/wp-content\/uploads\/Studiopraxis3-5verbot-von-queerer-Lektuere-scaled.jpg\" \/>\n\t<meta property=\"og:image:width\" content=\"2560\" \/>\n\t<meta property=\"og:image:height\" content=\"1707\" \/>\n\t<meta property=\"og:image:type\" content=\"image\/jpeg\" \/>\n<meta name=\"twitter:card\" content=\"summary_large_image\" \/>\n<meta name=\"twitter:site\" content=\"@HsHannover\" \/>\n<meta name=\"twitter:label1\" content=\"Est. reading time\" \/>\n\t<meta name=\"twitter:data1\" content=\"4 minutes\" \/>\n<script type=\"application\/ld+json\" class=\"yoast-schema-graph\">{\"@context\":\"https:\\\/\\\/schema.org\",\"@graph\":[{\"@type\":\"WebPage\",\"@id\":\"https:\\\/\\\/visualjournalism.de\\\/en\\\/magazine\\\/macht-und-kontrolle\\\/buchverbote-in-den-usa-maulkorb-fuer-queere-literatur\\\/\",\"url\":\"https:\\\/\\\/visualjournalism.de\\\/en\\\/magazine\\\/macht-und-kontrolle\\\/buchverbote-in-den-usa-maulkorb-fuer-queere-literatur\\\/\",\"name\":\"Buchverbote in den USA: Maulkorb f\u00fcr queere Literatur\",\"isPartOf\":{\"@id\":\"https:\\\/\\\/visualjournalism.de\\\/en\\\/#website\"},\"primaryImageOfPage\":{\"@id\":\"https:\\\/\\\/visualjournalism.de\\\/en\\\/magazine\\\/macht-und-kontrolle\\\/buchverbote-in-den-usa-maulkorb-fuer-queere-literatur\\\/#primaryimage\"},\"image\":{\"@id\":\"https:\\\/\\\/visualjournalism.de\\\/en\\\/magazine\\\/macht-und-kontrolle\\\/buchverbote-in-den-usa-maulkorb-fuer-queere-literatur\\\/#primaryimage\"},\"thumbnailUrl\":\"https:\\\/\\\/visualjournalism.de\\\/wp-content\\\/uploads\\\/Studiopraxis3-5verbot-von-queerer-Lektuere-scaled.jpg\",\"datePublished\":\"2024-04-29T20:23:25+00:00\",\"dateModified\":\"2024-11-08T21:27:24+00:00\",\"description\":\"Die Zahl der Buchverbote in den USA ist innerhalb eines Jahres um 33 Prozent gestiegen. PEN America zeigt sich besorgt \u00fcber diesen Trend.\",\"breadcrumb\":{\"@id\":\"https:\\\/\\\/visualjournalism.de\\\/en\\\/magazine\\\/macht-und-kontrolle\\\/buchverbote-in-den-usa-maulkorb-fuer-queere-literatur\\\/#breadcrumb\"},\"inLanguage\":\"en-US\",\"potentialAction\":[{\"@type\":\"ReadAction\",\"target\":[\"https:\\\/\\\/visualjournalism.de\\\/en\\\/magazine\\\/macht-und-kontrolle\\\/buchverbote-in-den-usa-maulkorb-fuer-queere-literatur\\\/\"]}]},{\"@type\":\"ImageObject\",\"inLanguage\":\"en-US\",\"@id\":\"https:\\\/\\\/visualjournalism.de\\\/en\\\/magazine\\\/macht-und-kontrolle\\\/buchverbote-in-den-usa-maulkorb-fuer-queere-literatur\\\/#primaryimage\",\"url\":\"https:\\\/\\\/visualjournalism.de\\\/wp-content\\\/uploads\\\/Studiopraxis3-5verbot-von-queerer-Lektuere-scaled.jpg\",\"contentUrl\":\"https:\\\/\\\/visualjournalism.de\\\/wp-content\\\/uploads\\\/Studiopraxis3-5verbot-von-queerer-Lektuere-scaled.jpg\",\"width\":2560,\"height\":1707,\"caption\":\"Foto:\"},{\"@type\":\"BreadcrumbList\",\"@id\":\"https:\\\/\\\/visualjournalism.de\\\/en\\\/magazine\\\/macht-und-kontrolle\\\/buchverbote-in-den-usa-maulkorb-fuer-queere-literatur\\\/#breadcrumb\",\"itemListElement\":[{\"@type\":\"ListItem\",\"position\":1,\"name\":\"Home\",\"item\":\"https:\\\/\\\/visualjournalism.de\\\/en\\\/\"},{\"@type\":\"ListItem\",\"position\":2,\"name\":\"Magazin\",\"item\":\"https:\\\/\\\/visualjournalism.de\\\/en\\\/magazine\\\/\"},{\"@type\":\"ListItem\",\"position\":3,\"name\":\"Buchverbote in den USA: Maulkorb f\u00fcr queere Literatur\"}]},{\"@type\":\"WebSite\",\"@id\":\"https:\\\/\\\/visualjournalism.de\\\/en\\\/#website\",\"url\":\"https:\\\/\\\/visualjournalism.de\\\/en\\\/\",\"name\":\"Visual Journalism and Documentary Photography\",\"description\":\"All about the bilingual bachelor&#039;s program at Hannover University of Applied Sciences and Arts.\",\"publisher\":{\"@id\":\"https:\\\/\\\/visualjournalism.de\\\/en\\\/#organization\"},\"alternateName\":\"visualjournalism.de\",\"potentialAction\":[{\"@type\":\"SearchAction\",\"target\":{\"@type\":\"EntryPoint\",\"urlTemplate\":\"https:\\\/\\\/visualjournalism.de\\\/en\\\/?s={search_term_string}\"},\"query-input\":{\"@type\":\"PropertyValueSpecification\",\"valueRequired\":true,\"valueName\":\"search_term_string\"}}],\"inLanguage\":\"en-US\"},{\"@type\":\"Organization\",\"@id\":\"https:\\\/\\\/visualjournalism.de\\\/en\\\/#organization\",\"name\":\"Hochschule Hannover \u2013 University of Applied Sciences and Arts\",\"alternateName\":\"HsH\",\"url\":\"https:\\\/\\\/visualjournalism.de\\\/en\\\/\",\"logo\":{\"@type\":\"ImageObject\",\"inLanguage\":\"en-US\",\"@id\":\"https:\\\/\\\/visualjournalism.de\\\/en\\\/#\\\/schema\\\/logo\\\/image\\\/\",\"url\":\"https:\\\/\\\/visualjournalism.de\\\/wp-content\\\/uploads\\\/logo-hochschule-hannover.png\",\"contentUrl\":\"https:\\\/\\\/visualjournalism.de\\\/wp-content\\\/uploads\\\/logo-hochschule-hannover.png\",\"width\":363,\"height\":270,\"caption\":\"Hochschule Hannover \u2013 University of Applied Sciences and Arts\"},\"image\":{\"@id\":\"https:\\\/\\\/visualjournalism.de\\\/en\\\/#\\\/schema\\\/logo\\\/image\\\/\"},\"sameAs\":[\"https:\\\/\\\/www.facebook.com\\\/people\\\/wwwfotostudentende\\\/100065173703897\\\/\",\"https:\\\/\\\/x.com\\\/HsHannover\",\"https:\\\/\\\/www.instagram.com\\\/visualjournalism.de\\\/\"]}]}<\/script>\n<!-- \/ Yoast SEO Premium plugin. -->","yoast_head_json":{"title":"Buchverbote in den USA: Maulkorb f\u00fcr queere Literatur","description":"Die Zahl der Buchverbote in den USA ist innerhalb eines Jahres um 33 Prozent gestiegen. PEN America zeigt sich besorgt \u00fcber diesen Trend.","robots":{"index":"index","follow":"follow","max-snippet":"max-snippet:-1","max-image-preview":"max-image-preview:large","max-video-preview":"max-video-preview:-1"},"canonical":"https:\/\/visualjournalism.de\/en\/magazine\/macht-und-kontrolle\/buchverbote-in-den-usa-maulkorb-fuer-queere-literatur\/","og_locale":"en_US","og_type":"article","og_title":"Buchverbote in den USA: Maulkorb f\u00fcr queere Literatur","og_description":"Die Zahl der Buchverbote in den USA ist innerhalb eines Jahres um 33 Prozent gestiegen. PEN America zeigt sich besorgt \u00fcber diesen Trend.","og_url":"https:\/\/visualjournalism.de\/en\/magazine\/macht-und-kontrolle\/buchverbote-in-den-usa-maulkorb-fuer-queere-literatur\/","og_site_name":"Visual Journalism and Documentary Photography","article_publisher":"https:\/\/www.facebook.com\/people\/wwwfotostudentende\/100065173703897\/","article_modified_time":"2024-11-08T21:27:24+00:00","og_image":[{"width":2560,"height":1707,"url":"https:\/\/visualjournalism.de\/wp-content\/uploads\/Studiopraxis3-5verbot-von-queerer-Lektuere-scaled.jpg","type":"image\/jpeg"}],"twitter_card":"summary_large_image","twitter_site":"@HsHannover","twitter_misc":{"Est. reading time":"4 minutes"},"schema":{"@context":"https:\/\/schema.org","@graph":[{"@type":"WebPage","@id":"https:\/\/visualjournalism.de\/en\/magazine\/macht-und-kontrolle\/buchverbote-in-den-usa-maulkorb-fuer-queere-literatur\/","url":"https:\/\/visualjournalism.de\/en\/magazine\/macht-und-kontrolle\/buchverbote-in-den-usa-maulkorb-fuer-queere-literatur\/","name":"Buchverbote in den USA: Maulkorb f\u00fcr queere Literatur","isPartOf":{"@id":"https:\/\/visualjournalism.de\/en\/#website"},"primaryImageOfPage":{"@id":"https:\/\/visualjournalism.de\/en\/magazine\/macht-und-kontrolle\/buchverbote-in-den-usa-maulkorb-fuer-queere-literatur\/#primaryimage"},"image":{"@id":"https:\/\/visualjournalism.de\/en\/magazine\/macht-und-kontrolle\/buchverbote-in-den-usa-maulkorb-fuer-queere-literatur\/#primaryimage"},"thumbnailUrl":"https:\/\/visualjournalism.de\/wp-content\/uploads\/Studiopraxis3-5verbot-von-queerer-Lektuere-scaled.jpg","datePublished":"2024-04-29T20:23:25+00:00","dateModified":"2024-11-08T21:27:24+00:00","description":"Die Zahl der Buchverbote in den USA ist innerhalb eines Jahres um 33 Prozent gestiegen. PEN America zeigt sich besorgt \u00fcber diesen Trend.","breadcrumb":{"@id":"https:\/\/visualjournalism.de\/en\/magazine\/macht-und-kontrolle\/buchverbote-in-den-usa-maulkorb-fuer-queere-literatur\/#breadcrumb"},"inLanguage":"en-US","potentialAction":[{"@type":"ReadAction","target":["https:\/\/visualjournalism.de\/en\/magazine\/macht-und-kontrolle\/buchverbote-in-den-usa-maulkorb-fuer-queere-literatur\/"]}]},{"@type":"ImageObject","inLanguage":"en-US","@id":"https:\/\/visualjournalism.de\/en\/magazine\/macht-und-kontrolle\/buchverbote-in-den-usa-maulkorb-fuer-queere-literatur\/#primaryimage","url":"https:\/\/visualjournalism.de\/wp-content\/uploads\/Studiopraxis3-5verbot-von-queerer-Lektuere-scaled.jpg","contentUrl":"https:\/\/visualjournalism.de\/wp-content\/uploads\/Studiopraxis3-5verbot-von-queerer-Lektuere-scaled.jpg","width":2560,"height":1707,"caption":"Foto:"},{"@type":"BreadcrumbList","@id":"https:\/\/visualjournalism.de\/en\/magazine\/macht-und-kontrolle\/buchverbote-in-den-usa-maulkorb-fuer-queere-literatur\/#breadcrumb","itemListElement":[{"@type":"ListItem","position":1,"name":"Home","item":"https:\/\/visualjournalism.de\/en\/"},{"@type":"ListItem","position":2,"name":"Magazin","item":"https:\/\/visualjournalism.de\/en\/magazine\/"},{"@type":"ListItem","position":3,"name":"Buchverbote in den USA: Maulkorb f\u00fcr queere Literatur"}]},{"@type":"WebSite","@id":"https:\/\/visualjournalism.de\/en\/#website","url":"https:\/\/visualjournalism.de\/en\/","name":"Visual Journalism and Documentary Photography","description":"All about the bilingual bachelor&#039;s program at Hannover University of Applied Sciences and Arts.","publisher":{"@id":"https:\/\/visualjournalism.de\/en\/#organization"},"alternateName":"visualjournalism.de","potentialAction":[{"@type":"SearchAction","target":{"@type":"EntryPoint","urlTemplate":"https:\/\/visualjournalism.de\/en\/?s={search_term_string}"},"query-input":{"@type":"PropertyValueSpecification","valueRequired":true,"valueName":"search_term_string"}}],"inLanguage":"en-US"},{"@type":"Organization","@id":"https:\/\/visualjournalism.de\/en\/#organization","name":"Hochschule Hannover \u2013 University of Applied Sciences and Arts","alternateName":"HsH","url":"https:\/\/visualjournalism.de\/en\/","logo":{"@type":"ImageObject","inLanguage":"en-US","@id":"https:\/\/visualjournalism.de\/en\/#\/schema\/logo\/image\/","url":"https:\/\/visualjournalism.de\/wp-content\/uploads\/logo-hochschule-hannover.png","contentUrl":"https:\/\/visualjournalism.de\/wp-content\/uploads\/logo-hochschule-hannover.png","width":363,"height":270,"caption":"Hochschule Hannover \u2013 University of Applied Sciences and Arts"},"image":{"@id":"https:\/\/visualjournalism.de\/en\/#\/schema\/logo\/image\/"},"sameAs":["https:\/\/www.facebook.com\/people\/wwwfotostudentende\/100065173703897\/","https:\/\/x.com\/HsHannover","https:\/\/www.instagram.com\/visualjournalism.de\/"]}]}},"_links":{"self":[{"href":"https:\/\/visualjournalism.de\/en\/wp-json\/wp\/v2\/magazin\/30699","targetHints":{"allow":["GET"]}}],"collection":[{"href":"https:\/\/visualjournalism.de\/en\/wp-json\/wp\/v2\/magazin"}],"about":[{"href":"https:\/\/visualjournalism.de\/en\/wp-json\/wp\/v2\/types\/magazin"}],"author":[{"embeddable":true,"href":"https:\/\/visualjournalism.de\/en\/wp-json\/wp\/v2\/users\/48"}],"version-history":[{"count":0,"href":"https:\/\/visualjournalism.de\/en\/wp-json\/wp\/v2\/magazin\/30699\/revisions"}],"wp:featuredmedia":[{"embeddable":true,"href":"https:\/\/visualjournalism.de\/en\/wp-json\/wp\/v2\/media\/35727"}],"wp:attachment":[{"href":"https:\/\/visualjournalism.de\/en\/wp-json\/wp\/v2\/media?parent=30699"}],"wp:term":[{"taxonomy":"post_tag","embeddable":true,"href":"https:\/\/visualjournalism.de\/en\/wp-json\/wp\/v2\/tags?post=30699"},{"taxonomy":"magazinkategorie","embeddable":true,"href":"https:\/\/visualjournalism.de\/en\/wp-json\/wp\/v2\/magazinkategorie?post=30699"}],"curies":[{"name":"wp","href":"https:\/\/api.w.org\/{rel}","templated":true}]}}