{"id":32013,"date":"2024-01-29T20:52:18","date_gmt":"2024-01-29T20:52:18","guid":{"rendered":"https:\/\/visualjournalism.de\/?post_type=magazin&#038;p=32013"},"modified":"2025-09-09T06:09:09","modified_gmt":"2025-09-09T06:09:09","slug":"sieben-tage-schweigen","status":"publish","type":"magazin","link":"https:\/\/visualjournalism.de\/en\/magazine\/stille\/sieben-tage-schweigen\/","title":{"rendered":"Sieben Tage schweigen"},"content":{"rendered":"\r\n<div class=\"cover--lead-in has-spacing--none\">\r\n\r\n    \r\n    <div class=\"cover--lead-in__content typo--tiempos\">\r\n\r\n        <div class=\"entry-categories\">\n\t<a class=\"post__tag\" href=\"https:\/\/visualjournalism.de\/magazin-kategorie\/stille\/\" rel=\"category tag\">Stille<\/a><\/div>\r\n        <h2 class=\"cover--lead-in__headline \">\r\n            Sieben Tage schweigen        <\/h2>\r\n\r\n                    <div class=\"cover--lead-in__text\">\r\n                <p>Die niederl\u00e4ndische T\u00e4nzerin Samina Soull wagt einen ungew\u00f6hnlichen Selbstversuch: Eine Woche Schweigen, isoliert von der Au\u00dfenwelt. Doch in ihrem \u00abSilent Retreat\u00bb erreicht sie schnell ihre Grenzen. <strong>Von <a href=\"https:\/\/visualjournalism.de\/en\/nele-cumart\/\">Nele Cumart<\/a><\/strong><\/p>\n            <\/div>\r\n        \r\n                    <div class=\"cover--lead-in__author\">\r\n                \r\n                    \r\n                            <figure class=\"cover--lead-in__author__image\">\r\n\r\n                                                                    <a href=\"https:\/\/visualjournalism.de\/nele-cumart\/\" target=\"\">\r\n                                \r\n                                <img loading=\"lazy\" decoding=\"async\"\r\n                                    src=\"https:\/\/visualjournalism.de\/wp-content\/uploads\/Nele-Cumart-thumb-68x68.jpg\"\r\n                                    srcset=\"https:\/\/visualjournalism.de\/wp-content\/uploads\/Nele-Cumart-thumb-68x68.jpg 68w, https:\/\/visualjournalism.de\/wp-content\/uploads\/Nele-Cumart-thumb-300x300.jpg 300w, https:\/\/visualjournalism.de\/wp-content\/uploads\/Nele-Cumart-thumb-150x150.jpg 150w, https:\/\/visualjournalism.de\/wp-content\/uploads\/Nele-Cumart-thumb-350x350.jpg 350w, https:\/\/visualjournalism.de\/wp-content\/uploads\/Nele-Cumart-thumb-52x52.jpg 52w, https:\/\/visualjournalism.de\/wp-content\/uploads\/Nele-Cumart-thumb-96x96.jpg 96w, https:\/\/visualjournalism.de\/wp-content\/uploads\/Nele-Cumart-thumb.jpg 406w\"\r\n                                    width=\"68\"\r\n                                    height=\"68\"\r\n                                    alt=\"\"\r\n                                \/>\r\n\r\n                                                                    <\/a>\r\n                                \r\n                            <\/figure>\r\n\r\n                                    <\/div><!-- .cover--lead-in__author -->\r\n        \r\n    <\/div><!-- .cover--lead-in__content -->\r\n\r\n    \r\n        <figure class=\"cover--lead-in__image cover--lead-in__media cover--lead-in__media--image\">\r\n            <img loading=\"lazy\" decoding=\"async\"\r\n                src=\"https:\/\/visualjournalism.de\/wp-content\/uploads\/oezge-OZGE4417-2.jpg\"\r\n                srcset=\"https:\/\/visualjournalism.de\/wp-content\/uploads\/oezge-OZGE4417-2.jpg 1500w, https:\/\/visualjournalism.de\/wp-content\/uploads\/oezge-OZGE4417-2-200x300.jpg 200w, https:\/\/visualjournalism.de\/wp-content\/uploads\/oezge-OZGE4417-2-683x1024.jpg 683w, https:\/\/visualjournalism.de\/wp-content\/uploads\/oezge-OZGE4417-2-768x1152.jpg 768w, https:\/\/visualjournalism.de\/wp-content\/uploads\/oezge-OZGE4417-2-1024x1536.jpg 1024w, https:\/\/visualjournalism.de\/wp-content\/uploads\/oezge-OZGE4417-2-1365x2048.jpg 1365w, https:\/\/visualjournalism.de\/wp-content\/uploads\/oezge-OZGE4417-2-1400x2100.jpg 1400w, https:\/\/visualjournalism.de\/wp-content\/uploads\/oezge-OZGE4417-2-1050x1575.jpg 1050w, https:\/\/visualjournalism.de\/wp-content\/uploads\/oezge-OZGE4417-2-670x1005.jpg 670w, https:\/\/visualjournalism.de\/wp-content\/uploads\/oezge-OZGE4417-2-420x630.jpg 420w, https:\/\/visualjournalism.de\/wp-content\/uploads\/oezge-OZGE4417-2-350x525.jpg 350w, https:\/\/visualjournalism.de\/wp-content\/uploads\/oezge-OZGE4417-2-300x450.jpg 300w, https:\/\/visualjournalism.de\/wp-content\/uploads\/oezge-OZGE4417-2-150x225.jpg 150w\"\r\n                width=\"1500\"\r\n                height=\"2250\"\r\n                alt=\"R\u00f6tliche Plastikblumen sind verkn\u00e4uelt vor dem Gesicht einer jungen Frau platziert, symbolisch f\u00fcr die Unruhe im Kopf.\"\r\n                style=\"object-position: 37.5% 56.67%\"\r\n            \/>\r\n        <\/figure>\r\n\r\n        \r\n    \r\n<\/div><!-- .cover--lead-in -->\r\n\r\n\n\n\n<p class=\"post__paragraph is-style-typo--soehne has-spacing--s\"><sup>Foto: <a href=\"https:\/\/ozgesebzeci.format.com\" target=\"_blank\" rel=\"noreferrer noopener\">\u00d6zge Sebzeci<\/a><\/sup><\/p>\n\n\n\n<div class=\"pinned-block has-spacing--m\">\n\t\n\n<div class=\"pinned-block__column--left\">\n    \n\n \n    \n    <div id=\"quote-block_b895191698869d4615a691d56d01ed8c\" class=\"block-quote has-spacing--m\">\n        <figure class=\"quote\">\n            <blockquote>\n                <p><strong>Auf meinen Spazierg\u00e4ngen im Wald habe ich viel geweint<\/strong> \u2013 mein K\u00f6rper hatte wohl kein anderes Ventil, um all die Emotionen zu verarbeiten.<\/p>\n            <\/blockquote>\n\n            <figcaption>\n\n                            <span><\/span>\n            <\/figcaption>\n            \n        <\/figure>\n    <\/div>\n\n\n\n<\/div>\n\n\n<div class=\"pinned-block__column--right\">\n    \n\n<p class=\"post__paragraph has-spacing--default\"><strong>Sieben Tage schweigen. <\/strong>Ohne Handy oder Laptop, ohne menschliche Interaktion. Meditieren, Essen und Schlafen sind erlaubt: Was klingt wie eine Bestrafung, wird als spiritueller Erholungsurlaub verkauft. Eine Woche \u00abSilent-Retreat\u00bb kostet dabei mindestens 900 \u20ac \u2013 ohne Obergrenze. Geld, das die meisten 21-J\u00e4hrigen wohl kaum f\u00fcrs Schweigen \u00fcberhaben.<\/p>\n\n\n\n<p class=\"post__paragraph has-spacing--default\">Auch die niederl\u00e4ndische T\u00e4nzerin Samina Soull hat weder die finanziellen Mittel noch das Privileg zu reisen, als sie das erste Mal \u00fcber ein Silent-Retreat nachdenkt. Zu diesem Zeitpunkt lebt die 21-J\u00e4hrige tief im schwedischen Wald, auf dem Campus einer Tanzschule unweit von Stockholm. Dort bekommt sie im Februar 2020 im Rahmen einer Projektwoche Zeit, um etwas Neues auszuprobieren. Was sie genau macht, ist den Dozierenden egal \u2013 Hauptsache, sie kann etwas f\u00fcr ihre pers\u00f6nliche Entwicklung aus dem<br>Projekt ziehen. Samina entschiedet sich kurzerhand, selbst\u00e4ndig zu schweigen. Ohne hohe Kosten. Aber auch ohne professionelle Hilfe. <\/p>\n\n\n\n<p class=\"post__paragraph is-style-typo--soehne has-spacing--xs\"><strong>Wie sahen deine Tage w\u00e4hrend der stillen Woche aus?<\/strong><\/p>\n\n\n\n<p class=\"post__paragraph has-spacing--default\">Morgens habe ich meditiert und gefr\u00fchst\u00fcckt. Dann bin ich auf lange Spazierg\u00e4nge in den Wald gegangen. Danach habe ich ohne Musik in einem der Tanzstudios getanzt und gespielt. Wie ein kleines Kind habe ich mir daf\u00fcr B\u00e4lle und St\u00f6cke genommen und einfach drauflos gespielt. Sp\u00e4ter habe ich wieder gegessen, meditiert und geschrieben. Ich habe Dankbarkeitslisten aufgeschrieben, Dinge, die meinem Leben mehr Mehrwert geben, oder meine Ziele f\u00fcr die Zukunft. Ich bin oft schon um acht Uhr schlafen gegangen und dann fr\u00fch morgens wieder aufgewacht.<\/p>\n\n\n\n<p class=\"post__paragraph is-style-typo--soehne has-spacing--default\"><strong>Wie hast du dich in den ersten Tagen gef\u00fchlt?<\/strong><\/p>\n\n\n\n<p class=\"post__paragraph has-spacing--default\">Am Anfang war ich damit besch\u00e4ftigt, mich obsessiv an die Verbote zu halten. Dabei ist die Zeit unglaublich langsam vergangen. Ich war \u00fcberfordert mit all der Zeit, die ich auf einmal hatte. Grade abends habe ich gemerkt, wie oft ich sonst vor irgendwelchen Bildschirmen sitze. Auf meinen Spazierg\u00e4ngen im Wald habe ich viel geweint \u2013 mein K\u00f6rper hatte wohl kein anderes Ventil, um all die Emotionen zu verarbeiten. Dazu war ich alleine mit meinen Gedanken und wurde immer verkopfter. Ich musste feststellen: Selbst wenn alle weg sind, wird es nicht leise. Ruhe habe ich in den ersten Tagen nicht gefunden.<\/p>\n\n\n\n<p class=\"post__paragraph is-style-typo--soehne has-spacing--default\"><strong>Was waren deine Regeln f\u00fcr die sieben Tage?<\/strong><\/p>\n\n\n\n<p class=\"post__paragraph has-spacing--default\">1. Nicht reden oder Ger\u00e4usche machen<br>2. Kein Handy oder Laptop benutzen<br>3. Mit niemandem interagieren<br>4. Keine Musik, Podcasts oder H\u00f6rb\u00fccher h\u00f6ren<br>5. Nur zu einer kurzen und festgelegt Zeit am Tag rauchen <br>6. Gesund essen und kochen<br>7. Keinen Sport treiben<br>8. Ich durfte nur ein Buch lesen (Of Water and the Spirits) <br>9. Ich durfte schreiben<br>10. Ich durfte meditieren und spazieren gehen<\/p>\n\n\n<\/div>\n<\/div>\n\n \n\n<div class=\"photo-grid grid-layout--2col-5 has-spacing--m\">\n\n            \n\n            <div class=\"photo-grid__image\">\n\n                <figure>\n\n                    <img loading=\"lazy\" decoding=\"async\"  \n                        src=\"https:\/\/visualjournalism.de\/wp-content\/uploads\/Soull_Samina_7TageSchweigen-768x1024.jpg\" \n                        srcset=\"https:\/\/visualjournalism.de\/wp-content\/uploads\/Soull_Samina_7TageSchweigen-768x1024.jpg 768w, https:\/\/visualjournalism.de\/wp-content\/uploads\/Soull_Samina_7TageSchweigen-225x300.jpg 225w, https:\/\/visualjournalism.de\/wp-content\/uploads\/Soull_Samina_7TageSchweigen-1152x1536.jpg 1152w, https:\/\/visualjournalism.de\/wp-content\/uploads\/Soull_Samina_7TageSchweigen-1400x1867.jpg 1400w, https:\/\/visualjournalism.de\/wp-content\/uploads\/Soull_Samina_7TageSchweigen-1050x1400.jpg 1050w, https:\/\/visualjournalism.de\/wp-content\/uploads\/Soull_Samina_7TageSchweigen-670x893.jpg 670w, https:\/\/visualjournalism.de\/wp-content\/uploads\/Soull_Samina_7TageSchweigen-420x560.jpg 420w, https:\/\/visualjournalism.de\/wp-content\/uploads\/Soull_Samina_7TageSchweigen-350x467.jpg 350w, https:\/\/visualjournalism.de\/wp-content\/uploads\/Soull_Samina_7TageSchweigen-300x400.jpg 300w, https:\/\/visualjournalism.de\/wp-content\/uploads\/Soull_Samina_7TageSchweigen-640x853.jpg 640w, https:\/\/visualjournalism.de\/wp-content\/uploads\/Soull_Samina_7TageSchweigen-150x200.jpg 150w, https:\/\/visualjournalism.de\/wp-content\/uploads\/Soull_Samina_7TageSchweigen.jpg 1500w\" \n                        width=\"768\"  \n                        height=\"1024\" \n                        alt=\"\"  \n                    \/>\n\n                                            <span class=\"photo-grid__image__title\">Samina Soull<\/span>\n                    \n                    \n                <\/figure>\n\n            <\/div><!-- photo-grid__image -->    \n\n\n            \n\n                    \n                \n\n            <div class=\"photo-grid__image\">\n\n                <figure>\n\n                    <img loading=\"lazy\" decoding=\"async\"  \n                        src=\"https:\/\/visualjournalism.de\/wp-content\/uploads\/Burai_Sarah_7TageSchweigen-768x1024.jpg\" \n                        srcset=\"https:\/\/visualjournalism.de\/wp-content\/uploads\/Burai_Sarah_7TageSchweigen-768x1024.jpg 768w, https:\/\/visualjournalism.de\/wp-content\/uploads\/Burai_Sarah_7TageSchweigen-225x300.jpg 225w, https:\/\/visualjournalism.de\/wp-content\/uploads\/Burai_Sarah_7TageSchweigen-1152x1536.jpg 1152w, https:\/\/visualjournalism.de\/wp-content\/uploads\/Burai_Sarah_7TageSchweigen-1400x1867.jpg 1400w, https:\/\/visualjournalism.de\/wp-content\/uploads\/Burai_Sarah_7TageSchweigen-1050x1400.jpg 1050w, https:\/\/visualjournalism.de\/wp-content\/uploads\/Burai_Sarah_7TageSchweigen-670x893.jpg 670w, https:\/\/visualjournalism.de\/wp-content\/uploads\/Burai_Sarah_7TageSchweigen-420x560.jpg 420w, https:\/\/visualjournalism.de\/wp-content\/uploads\/Burai_Sarah_7TageSchweigen-350x467.jpg 350w, https:\/\/visualjournalism.de\/wp-content\/uploads\/Burai_Sarah_7TageSchweigen-300x400.jpg 300w, https:\/\/visualjournalism.de\/wp-content\/uploads\/Burai_Sarah_7TageSchweigen-640x853.jpg 640w, https:\/\/visualjournalism.de\/wp-content\/uploads\/Burai_Sarah_7TageSchweigen-150x200.jpg 150w, https:\/\/visualjournalism.de\/wp-content\/uploads\/Burai_Sarah_7TageSchweigen.jpg 1500w\" \n                        width=\"768\"  \n                        height=\"1024\" \n                        alt=\"\"  \n                    \/>\n\n                                            <span class=\"photo-grid__image__title\">Foto: Sarah Burai<\/span>\n                    \n                    \n                <\/figure>\n\n            <\/div><!-- photo-grid__image -->    \n\n\n            \n\n            \n<\/div>\n\n\n<div class=\"devider has-spacing--none\">\n    <hr>\n<\/div>\n\n\n<div class=\"pinned-block has-spacing--m\">\n\t\n\n<div class=\"pinned-block__column--left\">\n    \n\n \n    \n    <div id=\"quote-block_afb0a0328e74e5db0850b37145096f90\" class=\"block-quote has-spacing--m\">\n        <figure class=\"quote\">\n            <blockquote>\n                <p><strong>Ich habe gelernt, mir Auszeiten zu nehmen<\/strong> und auf meine Bed\u00fcrfnisse zu h\u00f6ren.<\/p>\n            <\/blockquote>\n\n            <figcaption>\n\n                            <span><\/span>\n            <\/figcaption>\n            \n        <\/figure>\n    <\/div>\n\n\n\n<\/div>\n\n\n<div class=\"pinned-block__column--right\">\n    \n\n<p class=\"post__paragraph is-style-typo--soehne has-spacing--default\"><strong>Wann ist dir das Projekt am schwersten gefallen?<\/strong><\/p>\n\n\n\n<p class=\"post__paragraph has-spacing--default\">Am vierten Tag. Zu dem Zeitpunkt war ich so in meinen Gedanken verloren und so ruhelos \u2013 ich dachte, ich werde verr\u00fcckt. Den Tag \u00fcber hatte ich Panikattacken und konnte nicht mehr aufh\u00f6ren zu weinen. Das war so gruselig, dass ich \u00fcberlegt habe, das Projekt abzubrechen. Stattdessen habe ich mir Hilfe geholt. Mein Mitbewohner hat sich mit mir ins Wohnzimmer gesetzt. Wir haben nicht geredet, aber alleine seine Anwesenheit hat mir geholfen.<\/p>\n\n\n\n<p class=\"post__paragraph is-style-typo--soehne has-spacing--default\"><strong>Was war die sch\u00f6nste Zeit?<\/strong><\/p>\n\n\n\n<p class=\"post__paragraph has-spacing--default\">Direkt der Morgen danach, am f\u00fcnften Tag. Ich bin aufgewacht und mein Kopf war komplett ruhig, leer und friedlich. Der ganze Stress musste wohl einmal raus, um an diesen Punkt der Ruhe zu gelangen. Von da an habe ich angefangen, das Projekt zu genie\u00dfen. Die n\u00e4chsten Tage wurde es immer sch\u00f6ner. Nichts hat mich aus dem Gleichgewicht gebracht, als w\u00e4re ich konstant am Meditieren. Das war das erste und letzte Mal in meinem Leben, dass ich mich so ruhig gef\u00fchlt habe.<\/p>\n\n\n\n<p class=\"post__paragraph is-style-typo--soehne has-spacing--default\"><strong>Hat die Woche dein Leben ver\u00e4ndert?<\/strong><\/p>\n\n\n\n<p class=\"post__paragraph has-spacing--default\">Ja, absolut! Ich habe gelernt, mir Auszeiten zu nehmen und auf meine Bed\u00fcrfnisse zu h\u00f6ren. Meine Freunde haben sich damit abgefunden, dass ich jetzt manchmal einfach abtauche. Sie wissen, dass es nichts mit ihnen zu tun hat, wenn ich nicht erreichbar bin. Wenn ich meine Zeit brauche, dann nehme ich sie mir! Und die Menschen, denen ich wichtig bin, verstehen das. Vor meiner Zeit des Schweigens h\u00e4tte ich mich wohl nicht getraut, mich so sehr f\u00fcr mich selbst und meinen Frieden einzusetzen.<\/p>\n\n\n\n<p class=\"post__paragraph is-style-typo--soehne has-spacing--default\"><strong>W\u00fcrdest du es noch einmal machen?<\/strong><\/p>\n\n\n\n<p class=\"post__paragraph has-spacing--none\">Auf jeden Fall. Ich habe es im Jahr darauf noch einmal eine Woche versucht, aber damals musste ich es abbrechen. Jetzt gerade ziehe ich um und will in meiner eigenen Wohnung k\u00fcnftig auch mit anderen Menschen gemeinsam f\u00fcr ein paar Tage schweigen. Sowieso w\u00fcrde ich prinzipiell jedem empfehlen, einmal eine Schweigezeit auszuprobieren. Aber nat\u00fcrlich nur so intensiv, wie man es sich selbst zutraut. Dabei k\u00f6nnte man zum Beispiel erstmal ein paar Tage schweigen und die Regeln ein wenig anpassen. Es sollte au\u00dferdem immer eine Notfall-Person in der N\u00e4he sein. Im Vorhinein kann man nicht wissen, wie K\u00f6rper, Geist und Seele auf die Stille reagieren.<\/p>\n\n\n<\/div>\n<\/div>\n\n    <figure class=\"block-photo post__image--full has-spacing--s no-title\">\n\n        <div class=\"post__image__container\">\n            <img loading=\"lazy\" decoding=\"async\" \n                src=\"https:\/\/visualjournalism.de\/wp-content\/uploads\/Soull_Samina_7TageSchweigen2-1400x927.png\"\n                srcset=\"https:\/\/visualjournalism.de\/wp-content\/uploads\/Soull_Samina_7TageSchweigen2-1400x927.png 1400w, https:\/\/visualjournalism.de\/wp-content\/uploads\/Soull_Samina_7TageSchweigen2-300x199.png 300w, https:\/\/visualjournalism.de\/wp-content\/uploads\/Soull_Samina_7TageSchweigen2-1024x678.png 1024w, https:\/\/visualjournalism.de\/wp-content\/uploads\/Soull_Samina_7TageSchweigen2-768x508.png 768w, https:\/\/visualjournalism.de\/wp-content\/uploads\/Soull_Samina_7TageSchweigen2-1536x1017.png 1536w, https:\/\/visualjournalism.de\/wp-content\/uploads\/Soull_Samina_7TageSchweigen2-1050x695.png 1050w, https:\/\/visualjournalism.de\/wp-content\/uploads\/Soull_Samina_7TageSchweigen2-670x444.png 670w, https:\/\/visualjournalism.de\/wp-content\/uploads\/Soull_Samina_7TageSchweigen2-420x278.png 420w, https:\/\/visualjournalism.de\/wp-content\/uploads\/Soull_Samina_7TageSchweigen2-350x232.png 350w, https:\/\/visualjournalism.de\/wp-content\/uploads\/Soull_Samina_7TageSchweigen2-150x99.png 150w, https:\/\/visualjournalism.de\/wp-content\/uploads\/Soull_Samina_7TageSchweigen2.png 1568w\"\n                width=\"1400\" \n                height=\"927\"\n                alt=\"\" \n            \/>\n            \n                    <\/div><!-- post__image__container -->\n\n        \n    <\/figure><!-- post__image -->\n\n\n\n\n<div class=\"wp-block-group has-spacing--default has-spacing--default\">\n<div class=\"devider has-spacing--none\">\n    <hr>\n<\/div>\n\n\n \n\n    <div id=\"lead-in-block_ba6675a853a756734773af238bafd6d2\" class=\"block-lead-in typo--default font-size--xl has-spacing--s width--default\">\n        <p><strong>Empfehlungen der Redaktion:<\/strong><\/p>\n    <\/div>\n\n\n\n\r\n\r\n\r\n\n\n\r\n\r\n\r\n\r\n        <div class=\"teaser-grid grid-layout--3col has-spacing--s width--inline\">\r\n\r\n            \r\n                <article class=\"post-teaser\">\r\n\r\n                    <a href=\"https:\/\/visualjournalism.de\/en\/magazine\/sammeln\/wein-mueller-kassel-magic-nordhessen\/\" rel=\"permalink\">\r\n\r\n                        <div class=\"post-teaser__content\">\r\n\r\n                            <span class=\"entry-categories\">Sammeln<\/span>\r\n                            <h3 class=\"post-teaser__headline\">\r\n                                \u00abMagic Nordhessen\u2026!!!\u00bb                            <\/h3>\r\n\r\n                            <div class=\"post-teaser__excerpt\">\r\n                                <p>Kassel, Vorderer Westen: ein Laden, in dem seit fast einem Jahrhundert gesammelt wird. Wir haben hineingeschaut.<\/p>\r\n                            <\/div>\r\n\r\n                        <\/div><!-- .post-teaser__content -->\r\n\r\n\r\n                        \r\n                            <figure class=\"post-teaser__image\">\r\n                                <img loading=\"lazy\" decoding=\"async\"  \r\n                                    src=\"https:\/\/visualjournalism.de\/wp-content\/uploads\/02_Luest_Mayla-768x576.jpg\" \r\n                                    srcset=\"https:\/\/visualjournalism.de\/wp-content\/uploads\/02_Luest_Mayla-768x576.jpg 768w, https:\/\/visualjournalism.de\/wp-content\/uploads\/02_Luest_Mayla-300x225.jpg 300w, https:\/\/visualjournalism.de\/wp-content\/uploads\/02_Luest_Mayla-1024x768.jpg 1024w, https:\/\/visualjournalism.de\/wp-content\/uploads\/02_Luest_Mayla-1536x1152.jpg 1536w, https:\/\/visualjournalism.de\/wp-content\/uploads\/02_Luest_Mayla-2048x1536.jpg 2048w, https:\/\/visualjournalism.de\/wp-content\/uploads\/02_Luest_Mayla-1920x1440.jpg 1920w, https:\/\/visualjournalism.de\/wp-content\/uploads\/02_Luest_Mayla-1400x1050.jpg 1400w, https:\/\/visualjournalism.de\/wp-content\/uploads\/02_Luest_Mayla-1050x787.jpg 1050w, https:\/\/visualjournalism.de\/wp-content\/uploads\/02_Luest_Mayla-670x502.jpg 670w, https:\/\/visualjournalism.de\/wp-content\/uploads\/02_Luest_Mayla-420x315.jpg 420w, https:\/\/visualjournalism.de\/wp-content\/uploads\/02_Luest_Mayla-350x262.jpg 350w, https:\/\/visualjournalism.de\/wp-content\/uploads\/02_Luest_Mayla-150x112.jpg 150w\" \r\n                                    width=\"768\"  \r\n                                    height=\"576\" \r\n                                    alt=\"\"\r\n                                \/>\r\n                            <\/figure>\r\n\r\n                        \r\n                    \r\n                    <\/a>\r\n\r\n                <\/article><!--- .post-teaser-->\r\n\r\n            \r\n                <article class=\"post-teaser\">\r\n\r\n                    <a href=\"https:\/\/visualjournalism.de\/en\/magazine\/ratgeber\/nicht-jedes-laecheln-bedeutet-zustimmung-wie-respektvolle-reisefotografie-gelingt\/\" rel=\"permalink\">\r\n\r\n                        <div class=\"post-teaser__content\">\r\n\r\n                            <span class=\"entry-categories\">Ratgeber<\/span>\r\n                            <h3 class=\"post-teaser__headline\">\r\n                                Faire Reisefotografie: Nicht jedes L\u00e4cheln bedeutet Zustimmung\u00a0                            <\/h3>\r\n\r\n                            <div class=\"post-teaser__excerpt\">\r\n                                <p>Ein Klick geht schnell, R\u00fccksicht nicht immer \u2013 so fotografierst du auf deinen Reisen respektvoll.<\/p>\r\n                            <\/div>\r\n\r\n                        <\/div><!-- .post-teaser__content -->\r\n\r\n\r\n                        \r\n                            <figure class=\"post-teaser__image\">\r\n                                <img loading=\"lazy\" decoding=\"async\"  \r\n                                    src=\"https:\/\/visualjournalism.de\/wp-content\/uploads\/SalomeZiermann_Scan_Indien_03-768x512.jpg\" \r\n                                    srcset=\"https:\/\/visualjournalism.de\/wp-content\/uploads\/SalomeZiermann_Scan_Indien_03-768x512.jpg 768w, https:\/\/visualjournalism.de\/wp-content\/uploads\/SalomeZiermann_Scan_Indien_03-300x200.jpg 300w, https:\/\/visualjournalism.de\/wp-content\/uploads\/SalomeZiermann_Scan_Indien_03-1024x683.jpg 1024w, https:\/\/visualjournalism.de\/wp-content\/uploads\/SalomeZiermann_Scan_Indien_03-1050x700.jpg 1050w, https:\/\/visualjournalism.de\/wp-content\/uploads\/SalomeZiermann_Scan_Indien_03-670x447.jpg 670w, https:\/\/visualjournalism.de\/wp-content\/uploads\/SalomeZiermann_Scan_Indien_03-420x280.jpg 420w, https:\/\/visualjournalism.de\/wp-content\/uploads\/SalomeZiermann_Scan_Indien_03-350x233.jpg 350w, https:\/\/visualjournalism.de\/wp-content\/uploads\/SalomeZiermann_Scan_Indien_03-150x100.jpg 150w, https:\/\/visualjournalism.de\/wp-content\/uploads\/SalomeZiermann_Scan_Indien_03.jpg 1200w\" \r\n                                    width=\"768\"  \r\n                                    height=\"512\" \r\n                                    alt=\"Zwei Frauen in traditionellen, bunten Saris l\u00e4cheln und gestikulieren in die Kamera. Ein Kind und ein Junge im Hintergrund erg\u00e4nzen die Szene.\"\r\n                                \/>\r\n                            <\/figure>\r\n\r\n                        \r\n                    \r\n                    <\/a>\r\n\r\n                <\/article><!--- .post-teaser-->\r\n\r\n            \r\n                <article class=\"post-teaser\">\r\n\r\n                    <a href=\"https:\/\/visualjournalism.de\/en\/magazine\/sammeln\/von-ausbeutung-und-musikalischem-erbe\/\" rel=\"permalink\">\r\n\r\n                        <div class=\"post-teaser__content\">\r\n\r\n                            <span class=\"entry-categories\">Sammeln<\/span>\r\n                            <h3 class=\"post-teaser__headline\">\r\n                                Von Ausbeutung und musikalischem Erbe                            <\/h3>\r\n\r\n                            <div class=\"post-teaser__excerpt\">\r\n                                <p>Was bedeutet kulturelle Verantwortung im Musikgesch\u00e4ft? Das Berliner Label Habibi Funk gibt vergessener Musik eine B\u00fchne und zeigt, warum zu gutem Sound auch Haltung geh\u00f6rt. <\/p>\r\n                            <\/div>\r\n\r\n                        <\/div><!-- .post-teaser__content -->\r\n\r\n\r\n                        \r\n                            <figure class=\"post-teaser__image\">\r\n                                <img loading=\"lazy\" decoding=\"async\"  \r\n                                    src=\"https:\/\/visualjournalism.de\/wp-content\/uploads\/DSC04407-768x512.jpg\" \r\n                                    srcset=\"https:\/\/visualjournalism.de\/wp-content\/uploads\/DSC04407-768x512.jpg 768w, https:\/\/visualjournalism.de\/wp-content\/uploads\/DSC04407-300x200.jpg 300w, https:\/\/visualjournalism.de\/wp-content\/uploads\/DSC04407-1024x683.jpg 1024w, https:\/\/visualjournalism.de\/wp-content\/uploads\/DSC04407-1536x1024.jpg 1536w, https:\/\/visualjournalism.de\/wp-content\/uploads\/DSC04407-2048x1365.jpg 2048w, https:\/\/visualjournalism.de\/wp-content\/uploads\/DSC04407-1920x1280.jpg 1920w, https:\/\/visualjournalism.de\/wp-content\/uploads\/DSC04407-1400x933.jpg 1400w, https:\/\/visualjournalism.de\/wp-content\/uploads\/DSC04407-1050x700.jpg 1050w, https:\/\/visualjournalism.de\/wp-content\/uploads\/DSC04407-670x447.jpg 670w, https:\/\/visualjournalism.de\/wp-content\/uploads\/DSC04407-420x280.jpg 420w, https:\/\/visualjournalism.de\/wp-content\/uploads\/DSC04407-350x233.jpg 350w, https:\/\/visualjournalism.de\/wp-content\/uploads\/DSC04407-150x100.jpg 150w\" \r\n                                    width=\"768\"  \r\n                                    height=\"512\" \r\n                                    alt=\"\"\r\n                                \/>\r\n                            <\/figure>\r\n\r\n                        \r\n                    \r\n                    <\/a>\r\n\r\n                <\/article><!--- .post-teaser-->\r\n\r\n            \r\n        <\/div><!-- .teaser-grid -->\r\n\r\n\n\n\r\n\r\n\r\n\n\n\n    <div class=\"btn-wrapper has-spacing--m\">\n        <a class=\"btn\" href=\"https:\/\/visualjournalism.de\/magazin\/\" target=\"_blank\">ZUR MAGAZIN-STARTSEITE<\/a>\n    <\/div>\n<\/div>\n","protected":false},"author":55,"featured_media":37027,"template":"","tags":[],"magazinkategorie":[170],"class_list":["post-32013","magazin","type-magazin","status-publish","has-post-thumbnail","hentry","magazinkategorie-stille"],"acf":[],"yoast_head":"<!-- This site is optimized with the Yoast SEO Premium plugin v27.3 (Yoast SEO v27.3) - https:\/\/yoast.com\/product\/yoast-seo-premium-wordpress\/ -->\n<title>Sieben Tage schweigen &#8211; Visual Journalism and Documentary Photography<\/title>\n<meta name=\"robots\" content=\"index, follow, max-snippet:-1, max-image-preview:large, max-video-preview:-1\" \/>\n<link rel=\"canonical\" href=\"https:\/\/visualjournalism.de\/en\/magazine\/stille\/sieben-tage-schweigen\/\" \/>\n<meta property=\"og:locale\" content=\"en_US\" \/>\n<meta property=\"og:type\" content=\"article\" \/>\n<meta property=\"og:title\" content=\"Sieben Tage schweigen\" \/>\n<meta property=\"og:description\" content=\"Foto: \u00d6zge Sebzeci\" \/>\n<meta property=\"og:url\" content=\"https:\/\/visualjournalism.de\/en\/magazine\/stille\/sieben-tage-schweigen\/\" \/>\n<meta property=\"og:site_name\" content=\"Visual Journalism and Documentary Photography\" \/>\n<meta property=\"article:publisher\" content=\"https:\/\/www.facebook.com\/people\/wwwfotostudentende\/100065173703897\/\" \/>\n<meta property=\"article:modified_time\" content=\"2025-09-09T06:09:09+00:00\" \/>\n<meta property=\"og:image\" content=\"https:\/\/visualjournalism.de\/wp-content\/uploads\/oezge-OZGE4417-2.jpg\" \/>\n\t<meta property=\"og:image:width\" content=\"1500\" \/>\n\t<meta property=\"og:image:height\" content=\"2250\" \/>\n\t<meta property=\"og:image:type\" content=\"image\/jpeg\" \/>\n<meta name=\"twitter:card\" content=\"summary_large_image\" \/>\n<meta name=\"twitter:site\" content=\"@HsHannover\" \/>\n<meta name=\"twitter:label1\" content=\"Est. reading time\" \/>\n\t<meta name=\"twitter:data1\" content=\"1 minute\" \/>\n<script type=\"application\/ld+json\" class=\"yoast-schema-graph\">{\"@context\":\"https:\\\/\\\/schema.org\",\"@graph\":[{\"@type\":\"WebPage\",\"@id\":\"https:\\\/\\\/visualjournalism.de\\\/en\\\/magazine\\\/stille\\\/sieben-tage-schweigen\\\/\",\"url\":\"https:\\\/\\\/visualjournalism.de\\\/en\\\/magazine\\\/stille\\\/sieben-tage-schweigen\\\/\",\"name\":\"Sieben Tage schweigen &#8211; Visual Journalism and Documentary Photography\",\"isPartOf\":{\"@id\":\"https:\\\/\\\/visualjournalism.de\\\/en\\\/#website\"},\"primaryImageOfPage\":{\"@id\":\"https:\\\/\\\/visualjournalism.de\\\/en\\\/magazine\\\/stille\\\/sieben-tage-schweigen\\\/#primaryimage\"},\"image\":{\"@id\":\"https:\\\/\\\/visualjournalism.de\\\/en\\\/magazine\\\/stille\\\/sieben-tage-schweigen\\\/#primaryimage\"},\"thumbnailUrl\":\"https:\\\/\\\/visualjournalism.de\\\/wp-content\\\/uploads\\\/oezge-OZGE4417-2.jpg\",\"datePublished\":\"2024-01-29T20:52:18+00:00\",\"dateModified\":\"2025-09-09T06:09:09+00:00\",\"breadcrumb\":{\"@id\":\"https:\\\/\\\/visualjournalism.de\\\/en\\\/magazine\\\/stille\\\/sieben-tage-schweigen\\\/#breadcrumb\"},\"inLanguage\":\"en-US\",\"potentialAction\":[{\"@type\":\"ReadAction\",\"target\":[\"https:\\\/\\\/visualjournalism.de\\\/en\\\/magazine\\\/stille\\\/sieben-tage-schweigen\\\/\"]}]},{\"@type\":\"ImageObject\",\"inLanguage\":\"en-US\",\"@id\":\"https:\\\/\\\/visualjournalism.de\\\/en\\\/magazine\\\/stille\\\/sieben-tage-schweigen\\\/#primaryimage\",\"url\":\"https:\\\/\\\/visualjournalism.de\\\/wp-content\\\/uploads\\\/oezge-OZGE4417-2.jpg\",\"contentUrl\":\"https:\\\/\\\/visualjournalism.de\\\/wp-content\\\/uploads\\\/oezge-OZGE4417-2.jpg\",\"width\":1500,\"height\":2250,\"caption\":\"R\u00f6tliche Plastikblumen sind verkn\u00e4uelt vor dem Gesicht einer jungen Frau platziert, symbolisch f\u00fcr die Unruhe im Kopf.\"},{\"@type\":\"BreadcrumbList\",\"@id\":\"https:\\\/\\\/visualjournalism.de\\\/en\\\/magazine\\\/stille\\\/sieben-tage-schweigen\\\/#breadcrumb\",\"itemListElement\":[{\"@type\":\"ListItem\",\"position\":1,\"name\":\"Home\",\"item\":\"https:\\\/\\\/visualjournalism.de\\\/en\\\/\"},{\"@type\":\"ListItem\",\"position\":2,\"name\":\"Magazin\",\"item\":\"https:\\\/\\\/visualjournalism.de\\\/en\\\/magazine\\\/\"},{\"@type\":\"ListItem\",\"position\":3,\"name\":\"Sieben Tage schweigen\"}]},{\"@type\":\"WebSite\",\"@id\":\"https:\\\/\\\/visualjournalism.de\\\/en\\\/#website\",\"url\":\"https:\\\/\\\/visualjournalism.de\\\/en\\\/\",\"name\":\"Visual Journalism and Documentary Photography\",\"description\":\"All about the bilingual bachelor&#039;s program at Hannover University of Applied Sciences and Arts.\",\"publisher\":{\"@id\":\"https:\\\/\\\/visualjournalism.de\\\/en\\\/#organization\"},\"alternateName\":\"visualjournalism.de\",\"potentialAction\":[{\"@type\":\"SearchAction\",\"target\":{\"@type\":\"EntryPoint\",\"urlTemplate\":\"https:\\\/\\\/visualjournalism.de\\\/en\\\/?s={search_term_string}\"},\"query-input\":{\"@type\":\"PropertyValueSpecification\",\"valueRequired\":true,\"valueName\":\"search_term_string\"}}],\"inLanguage\":\"en-US\"},{\"@type\":\"Organization\",\"@id\":\"https:\\\/\\\/visualjournalism.de\\\/en\\\/#organization\",\"name\":\"Hochschule Hannover \u2013 University of Applied Sciences and Arts\",\"alternateName\":\"HsH\",\"url\":\"https:\\\/\\\/visualjournalism.de\\\/en\\\/\",\"logo\":{\"@type\":\"ImageObject\",\"inLanguage\":\"en-US\",\"@id\":\"https:\\\/\\\/visualjournalism.de\\\/en\\\/#\\\/schema\\\/logo\\\/image\\\/\",\"url\":\"https:\\\/\\\/visualjournalism.de\\\/wp-content\\\/uploads\\\/logo-hochschule-hannover.png\",\"contentUrl\":\"https:\\\/\\\/visualjournalism.de\\\/wp-content\\\/uploads\\\/logo-hochschule-hannover.png\",\"width\":363,\"height\":270,\"caption\":\"Hochschule Hannover \u2013 University of Applied Sciences and Arts\"},\"image\":{\"@id\":\"https:\\\/\\\/visualjournalism.de\\\/en\\\/#\\\/schema\\\/logo\\\/image\\\/\"},\"sameAs\":[\"https:\\\/\\\/www.facebook.com\\\/people\\\/wwwfotostudentende\\\/100065173703897\\\/\",\"https:\\\/\\\/x.com\\\/HsHannover\",\"https:\\\/\\\/www.instagram.com\\\/visualjournalism.de\\\/\"]}]}<\/script>\n<!-- \/ Yoast SEO Premium plugin. -->","yoast_head_json":{"title":"Sieben Tage schweigen &#8211; Visual Journalism and Documentary Photography","robots":{"index":"index","follow":"follow","max-snippet":"max-snippet:-1","max-image-preview":"max-image-preview:large","max-video-preview":"max-video-preview:-1"},"canonical":"https:\/\/visualjournalism.de\/en\/magazine\/stille\/sieben-tage-schweigen\/","og_locale":"en_US","og_type":"article","og_title":"Sieben Tage schweigen","og_description":"Foto: \u00d6zge Sebzeci","og_url":"https:\/\/visualjournalism.de\/en\/magazine\/stille\/sieben-tage-schweigen\/","og_site_name":"Visual Journalism and Documentary Photography","article_publisher":"https:\/\/www.facebook.com\/people\/wwwfotostudentende\/100065173703897\/","article_modified_time":"2025-09-09T06:09:09+00:00","og_image":[{"width":1500,"height":2250,"url":"https:\/\/visualjournalism.de\/wp-content\/uploads\/oezge-OZGE4417-2.jpg","type":"image\/jpeg"}],"twitter_card":"summary_large_image","twitter_site":"@HsHannover","twitter_misc":{"Est. reading time":"1 minute"},"schema":{"@context":"https:\/\/schema.org","@graph":[{"@type":"WebPage","@id":"https:\/\/visualjournalism.de\/en\/magazine\/stille\/sieben-tage-schweigen\/","url":"https:\/\/visualjournalism.de\/en\/magazine\/stille\/sieben-tage-schweigen\/","name":"Sieben Tage schweigen &#8211; Visual Journalism and Documentary Photography","isPartOf":{"@id":"https:\/\/visualjournalism.de\/en\/#website"},"primaryImageOfPage":{"@id":"https:\/\/visualjournalism.de\/en\/magazine\/stille\/sieben-tage-schweigen\/#primaryimage"},"image":{"@id":"https:\/\/visualjournalism.de\/en\/magazine\/stille\/sieben-tage-schweigen\/#primaryimage"},"thumbnailUrl":"https:\/\/visualjournalism.de\/wp-content\/uploads\/oezge-OZGE4417-2.jpg","datePublished":"2024-01-29T20:52:18+00:00","dateModified":"2025-09-09T06:09:09+00:00","breadcrumb":{"@id":"https:\/\/visualjournalism.de\/en\/magazine\/stille\/sieben-tage-schweigen\/#breadcrumb"},"inLanguage":"en-US","potentialAction":[{"@type":"ReadAction","target":["https:\/\/visualjournalism.de\/en\/magazine\/stille\/sieben-tage-schweigen\/"]}]},{"@type":"ImageObject","inLanguage":"en-US","@id":"https:\/\/visualjournalism.de\/en\/magazine\/stille\/sieben-tage-schweigen\/#primaryimage","url":"https:\/\/visualjournalism.de\/wp-content\/uploads\/oezge-OZGE4417-2.jpg","contentUrl":"https:\/\/visualjournalism.de\/wp-content\/uploads\/oezge-OZGE4417-2.jpg","width":1500,"height":2250,"caption":"R\u00f6tliche Plastikblumen sind verkn\u00e4uelt vor dem Gesicht einer jungen Frau platziert, symbolisch f\u00fcr die Unruhe im Kopf."},{"@type":"BreadcrumbList","@id":"https:\/\/visualjournalism.de\/en\/magazine\/stille\/sieben-tage-schweigen\/#breadcrumb","itemListElement":[{"@type":"ListItem","position":1,"name":"Home","item":"https:\/\/visualjournalism.de\/en\/"},{"@type":"ListItem","position":2,"name":"Magazin","item":"https:\/\/visualjournalism.de\/en\/magazine\/"},{"@type":"ListItem","position":3,"name":"Sieben Tage schweigen"}]},{"@type":"WebSite","@id":"https:\/\/visualjournalism.de\/en\/#website","url":"https:\/\/visualjournalism.de\/en\/","name":"Visual Journalism and Documentary Photography","description":"All about the bilingual bachelor&#039;s program at Hannover University of Applied Sciences and Arts.","publisher":{"@id":"https:\/\/visualjournalism.de\/en\/#organization"},"alternateName":"visualjournalism.de","potentialAction":[{"@type":"SearchAction","target":{"@type":"EntryPoint","urlTemplate":"https:\/\/visualjournalism.de\/en\/?s={search_term_string}"},"query-input":{"@type":"PropertyValueSpecification","valueRequired":true,"valueName":"search_term_string"}}],"inLanguage":"en-US"},{"@type":"Organization","@id":"https:\/\/visualjournalism.de\/en\/#organization","name":"Hochschule Hannover \u2013 University of Applied Sciences and Arts","alternateName":"HsH","url":"https:\/\/visualjournalism.de\/en\/","logo":{"@type":"ImageObject","inLanguage":"en-US","@id":"https:\/\/visualjournalism.de\/en\/#\/schema\/logo\/image\/","url":"https:\/\/visualjournalism.de\/wp-content\/uploads\/logo-hochschule-hannover.png","contentUrl":"https:\/\/visualjournalism.de\/wp-content\/uploads\/logo-hochschule-hannover.png","width":363,"height":270,"caption":"Hochschule Hannover \u2013 University of Applied Sciences and Arts"},"image":{"@id":"https:\/\/visualjournalism.de\/en\/#\/schema\/logo\/image\/"},"sameAs":["https:\/\/www.facebook.com\/people\/wwwfotostudentende\/100065173703897\/","https:\/\/x.com\/HsHannover","https:\/\/www.instagram.com\/visualjournalism.de\/"]}]}},"_links":{"self":[{"href":"https:\/\/visualjournalism.de\/en\/wp-json\/wp\/v2\/magazin\/32013","targetHints":{"allow":["GET"]}}],"collection":[{"href":"https:\/\/visualjournalism.de\/en\/wp-json\/wp\/v2\/magazin"}],"about":[{"href":"https:\/\/visualjournalism.de\/en\/wp-json\/wp\/v2\/types\/magazin"}],"author":[{"embeddable":true,"href":"https:\/\/visualjournalism.de\/en\/wp-json\/wp\/v2\/users\/55"}],"version-history":[{"count":2,"href":"https:\/\/visualjournalism.de\/en\/wp-json\/wp\/v2\/magazin\/32013\/revisions"}],"predecessor-version":[{"id":63879,"href":"https:\/\/visualjournalism.de\/en\/wp-json\/wp\/v2\/magazin\/32013\/revisions\/63879"}],"wp:featuredmedia":[{"embeddable":true,"href":"https:\/\/visualjournalism.de\/en\/wp-json\/wp\/v2\/media\/37027"}],"wp:attachment":[{"href":"https:\/\/visualjournalism.de\/en\/wp-json\/wp\/v2\/media?parent=32013"}],"wp:term":[{"taxonomy":"post_tag","embeddable":true,"href":"https:\/\/visualjournalism.de\/en\/wp-json\/wp\/v2\/tags?post=32013"},{"taxonomy":"magazinkategorie","embeddable":true,"href":"https:\/\/visualjournalism.de\/en\/wp-json\/wp\/v2\/magazinkategorie?post=32013"}],"curies":[{"name":"wp","href":"https:\/\/api.w.org\/{rel}","templated":true}]}}