{"id":33485,"date":"2024-04-29T21:32:28","date_gmt":"2024-04-29T21:32:28","guid":{"rendered":"https:\/\/visualjournalism.de\/?post_type=magazin&#038;p=33485"},"modified":"2024-07-04T20:36:29","modified_gmt":"2024-07-04T20:36:29","slug":"leben-mit-adhs-wenn-die-kontrolle-entgleitet","status":"publish","type":"magazin","link":"https:\/\/visualjournalism.de\/en\/magazine\/macht-und-kontrolle\/leben-mit-adhs-wenn-die-kontrolle-entgleitet\/","title":{"rendered":"Leben mit ADHS: Wenn die Kontrolle entgleitet"},"content":{"rendered":"\r\n<div class=\"cover--lead-in has-spacing--none\">\r\n\r\n    \r\n    <div class=\"cover--lead-in__content typo--tiempos\">\r\n\r\n        <div class=\"entry-categories\">\n\t<a class=\"post__tag\" href=\"https:\/\/visualjournalism.de\/magazin-kategorie\/macht-und-kontrolle\/\" rel=\"category tag\">Macht und Kontrolle<\/a><\/div>\r\n        <h2 class=\"cover--lead-in__headline \">\r\n            Wenn die Kontrolle entgleitet        <\/h2>\r\n\r\n                    <div class=\"cover--lead-in__text\">\r\n                <p>Die Autorin <strong><a href=\"https:\/\/visualjournalism.de\/en\/laura-schepers\/\">Laura Schepers<\/a><\/strong> kann viele allt\u00e4gliche Aufgaben nur mit M\u00fche bew\u00e4ltigen. Jahrelang glaubt sie, sich einfach mehr zusammenrei\u00dfen zu m\u00fcssen. Dabei gibt es eine einfache Erkl\u00e4rung f\u00fcr ihre Aussetzer.<\/p>\n            <\/div>\r\n        \r\n                    <div class=\"cover--lead-in__author\">\r\n                \r\n                    \r\n                            <figure class=\"cover--lead-in__author__image\">\r\n\r\n                                                                    <a href=\"https:\/\/visualjournalism.de\/laura-schepers\/\" target=\"_blank\">\r\n                                \r\n                                <img loading=\"lazy\" decoding=\"async\"\r\n                                    src=\"https:\/\/visualjournalism.de\/wp-content\/uploads\/laura-schepers-thumb-68x68.jpg\"\r\n                                    srcset=\"https:\/\/visualjournalism.de\/wp-content\/uploads\/laura-schepers-thumb-68x68.jpg 68w, https:\/\/visualjournalism.de\/wp-content\/uploads\/laura-schepers-thumb-52x52.jpg 52w, https:\/\/visualjournalism.de\/wp-content\/uploads\/laura-schepers-thumb-96x96.jpg 96w, https:\/\/visualjournalism.de\/wp-content\/uploads\/laura-schepers-thumb.jpg 100w\"\r\n                                    width=\"68\"\r\n                                    height=\"68\"\r\n                                    alt=\"\"\r\n                                \/>\r\n\r\n                                                                    <\/a>\r\n                                \r\n                            <\/figure>\r\n\r\n                                    <\/div><!-- .cover--lead-in__author -->\r\n        \r\n    <\/div><!-- .cover--lead-in__content -->\r\n\r\n    \r\n        <figure class=\"cover--lead-in__image cover--lead-in__media cover--lead-in__media--image\">\r\n            <img loading=\"lazy\" decoding=\"async\"\r\n                src=\"https:\/\/visualjournalism.de\/wp-content\/uploads\/Philipp-Jackwerth_Kochtopf_ADHS-1920x2400.jpg\"\r\n                srcset=\"https:\/\/visualjournalism.de\/wp-content\/uploads\/Philipp-Jackwerth_Kochtopf_ADHS-1920x2400.jpg 1920w, https:\/\/visualjournalism.de\/wp-content\/uploads\/Philipp-Jackwerth_Kochtopf_ADHS-240x300.jpg 240w, https:\/\/visualjournalism.de\/wp-content\/uploads\/Philipp-Jackwerth_Kochtopf_ADHS-819x1024.jpg 819w, https:\/\/visualjournalism.de\/wp-content\/uploads\/Philipp-Jackwerth_Kochtopf_ADHS-768x960.jpg 768w, https:\/\/visualjournalism.de\/wp-content\/uploads\/Philipp-Jackwerth_Kochtopf_ADHS-1229x1536.jpg 1229w, https:\/\/visualjournalism.de\/wp-content\/uploads\/Philipp-Jackwerth_Kochtopf_ADHS-1639x2048.jpg 1639w, https:\/\/visualjournalism.de\/wp-content\/uploads\/Philipp-Jackwerth_Kochtopf_ADHS-1400x1750.jpg 1400w, https:\/\/visualjournalism.de\/wp-content\/uploads\/Philipp-Jackwerth_Kochtopf_ADHS-1050x1312.jpg 1050w, https:\/\/visualjournalism.de\/wp-content\/uploads\/Philipp-Jackwerth_Kochtopf_ADHS-670x837.jpg 670w, https:\/\/visualjournalism.de\/wp-content\/uploads\/Philipp-Jackwerth_Kochtopf_ADHS-420x525.jpg 420w, https:\/\/visualjournalism.de\/wp-content\/uploads\/Philipp-Jackwerth_Kochtopf_ADHS-350x437.jpg 350w, https:\/\/visualjournalism.de\/wp-content\/uploads\/Philipp-Jackwerth_Kochtopf_ADHS-300x375.jpg 300w, https:\/\/visualjournalism.de\/wp-content\/uploads\/Philipp-Jackwerth_Kochtopf_ADHS-150x187.jpg 150w, https:\/\/visualjournalism.de\/wp-content\/uploads\/Philipp-Jackwerth_Kochtopf_ADHS-scaled.jpg 2048w\"\r\n                width=\"1920\"\r\n                height=\"2400\"\r\n                alt=\"\"\r\n                style=\"object-position: 47.08% 59.67%\"\r\n            \/>\r\n        <\/figure>\r\n\r\n                    <span class=\"cover--lead-in__image-title\">\r\n                Philipp Jackwerth            <\/span>\r\n        \r\n    \r\n<\/div><!-- .cover--lead-in -->\r\n\r\n\n\n\n<p class=\"post__paragraph is-style-typo--soehne has-spacing--m\"><sub>Foto: Philipp Jackwerth<\/sub><\/p>\n\n\n\n<p class=\"post__paragraph is-style-default has-spacing--xs\"><strong>Ich stehe in der K\u00fcche, es riecht komisch, pl\u00f6tzlich raucht es auch.<\/strong> Das \u00d6l ist angebrannt. Schnell rei\u00dfe ich alle Fenster auf, sodass der Qualm herausziehen kann. Das ist gerade nochmal gut gegangen. Sp\u00e4ter dann wieder, es riecht \u00fcbel, ich stelle fest, dass der Reis schon lange kein Wasser mehr hat, in dem er kochen k\u00f6nnte, der Topfboden ist pechschwarz. In diesem Moment betreten jene Menschen die Wohnung, f\u00fcr die ich nun zwei geschlagene Stunden in der K\u00fcche stand. Das Curry ist eigentlich fertig, aber halt jetzt ohne Reis, anders als ich es geplant hatte.<\/p>\n\n\n\n<p class=\"post__paragraph has-spacing--m\">Das sind die Momente, wo sie mich \u00fcberkommt: eine Wut die ihres Gleichen sucht. Eine ganze Ladung an Emotionen die \u00fcber mich herabf\u00e4llt, und ich, unf\u00e4hig diese zu regulieren. Dass diese Dinge wie z.B. Zeit Blindheit, Symptome einer Behinderung sind wusste ich 23 Jahre meines Lebens nicht. Ich dachte stets, ich h\u00e4tte mich nicht genug im Griff, m\u00fcsste mich einfach mehr zusammenrei\u00dfen. Andere schaffen es doch auch.<\/p>\n\n\n\n<div class=\"devider has-spacing--none\">\n    <hr>\n<\/div>\n\n\n \n    \n    <div id=\"quote-block_9e042c2293b4f6c6f3c61c5f91ed851c\" class=\"block-quote has-spacing--m\">\n        <figure class=\"quote\">\n            <blockquote>\n                <p><strong>Kommentare wie \u2039Stell dich nicht so an\u203a<\/strong>, <b>\u2039<\/b>Hast du das schon wieder vergessen?<b>\u203a<\/b>, oder <b>\u2039<\/b>H\u00f6r auf zu tr\u00e4umen!<b>\u203a<\/b> sind keine Seltenheit.<\/p>\n            <\/blockquote>\n\n            <figcaption>\n\n                            <span><\/span>\n            <\/figcaption>\n            \n        <\/figure>\n    <\/div>\n\n\n\n\n<p class=\"post__paragraph has-spacing--m\">ADHS nennt sich das Ganze, und findet gerade mehr und mehr Geh\u00f6r seit bekannt ist, dass sie auch Frauen betreffen kann und sich im Erwachsenenalter eben nicht <strong>\u00ab<\/strong>rausw\u00e4chst<strong>\u00bb<\/strong>. Kommentare wie <strong>\u00ab<\/strong>Stell dich nicht so an<strong>\u00bb<\/strong>, <strong>\u00ab<\/strong>Hast du das schon wieder vergessen?<strong>\u00bb<\/strong>, oder <strong>\u00ab<\/strong>H\u00f6r auf zu tr\u00e4umen!<strong>\u00bb<\/strong> sind da keine Seltenheit. Situationen, wie ich sie oben beschrieben habe, passieren mir st\u00e4ndig. Ich vergesse viel, habe gro\u00dfe Schwierigkeiten mich selbst zu regulieren und bin innerlich unruhig, kann \u00e4u\u00dfere Reize nur schwer filtern. Das hat schon oft dazu gef\u00fchrt, dass sich mein Leben au\u00dfer Kontrolle angef\u00fchlt hat. T\u00e4gliche Aufgaben kann ich nur mit M\u00fche bew\u00e4ltigen, die Anderen wiederum ganz leicht fallen. Bis heute nagt das stark an meinem Selbstwertgef\u00fchl.<br><br>Ich stehe also niedergeschlagen in der K\u00fcche, in mir brodelt es. Ich erinnere mich an den Satz, den eine Therapeutin mal zu mir gesagt hat: \u00abJetzt haben ja alle auf einmal ADHS, das ist ja jetzt eine Modediagnose geworden.\u00bb Ich schmei\u00dfe den Reis weg, lege den Topf zum Einweichen in die Sp\u00fcle.<strong> <\/strong>Modisch f\u00fchle ich mich dabei nicht und h\u00e4tte ich tats\u00e4chlich die Wahl, dann h\u00e4tten wir schon l\u00e4ngst gegessen. Und zwar Curry <strong>mit<\/strong> Reis.<\/p>\n\n\n    <figure class=\"block-photo post__image--wide-left has-spacing--s no-title\">\n\n        <div class=\"post__image__container\">\n            <img loading=\"lazy\" decoding=\"async\" \n                src=\"https:\/\/visualjournalism.de\/wp-content\/uploads\/COVER_Schepers_Laura_can-t-work_1-3_3000px-1050x700.jpg\"\n                srcset=\"https:\/\/visualjournalism.de\/wp-content\/uploads\/COVER_Schepers_Laura_can-t-work_1-3_3000px-1050x700.jpg 1050w, https:\/\/visualjournalism.de\/wp-content\/uploads\/COVER_Schepers_Laura_can-t-work_1-3_3000px-300x200.jpg 300w, https:\/\/visualjournalism.de\/wp-content\/uploads\/COVER_Schepers_Laura_can-t-work_1-3_3000px-1024x683.jpg 1024w, https:\/\/visualjournalism.de\/wp-content\/uploads\/COVER_Schepers_Laura_can-t-work_1-3_3000px-768x512.jpg 768w, https:\/\/visualjournalism.de\/wp-content\/uploads\/COVER_Schepers_Laura_can-t-work_1-3_3000px-1536x1024.jpg 1536w, https:\/\/visualjournalism.de\/wp-content\/uploads\/COVER_Schepers_Laura_can-t-work_1-3_3000px-2048x1365.jpg 2048w, https:\/\/visualjournalism.de\/wp-content\/uploads\/COVER_Schepers_Laura_can-t-work_1-3_3000px-1920x1280.jpg 1920w, https:\/\/visualjournalism.de\/wp-content\/uploads\/COVER_Schepers_Laura_can-t-work_1-3_3000px-1400x933.jpg 1400w, https:\/\/visualjournalism.de\/wp-content\/uploads\/COVER_Schepers_Laura_can-t-work_1-3_3000px-670x447.jpg 670w, https:\/\/visualjournalism.de\/wp-content\/uploads\/COVER_Schepers_Laura_can-t-work_1-3_3000px-420x280.jpg 420w, https:\/\/visualjournalism.de\/wp-content\/uploads\/COVER_Schepers_Laura_can-t-work_1-3_3000px-350x233.jpg 350w, https:\/\/visualjournalism.de\/wp-content\/uploads\/COVER_Schepers_Laura_can-t-work_1-3_3000px-150x100.jpg 150w\"\n                width=\"1050\" \n                height=\"700\"\n                alt=\"Laura Schepers in ihrem Arbeitszimmer. \" \n            \/>\n            \n                    <\/div><!-- post__image__container -->\n\n                    <figcaption class=\"post__image__caption--soehne\"><p>Ll<\/p>\n<\/figcaption>\n        \n    <\/figure><!-- post__image -->\n\n\n\n\n<div class=\"wp-block-group has-spacing--default\">\n<div class=\"devider has-spacing--none\">\n    <hr>\n<\/div>\n\n\n \n\n    <div id=\"lead-in-block_2ca6d56af836f88f4ed57226853a1302\" class=\"block-lead-in typo--default font-size--xl has-spacing--s width--default\">\n        <p><strong>Empfehlungen der Redaktion:<\/strong><\/p>\n    <\/div>\n\n\n\n\r\n\r\n\r\n\r\n        <div class=\"teaser-grid grid-layout--1col has-spacing--xs width--inline\">\r\n            \r\n                \r\n                <article class=\"post-teaser\">\r\n\r\n                    \r\n                        <a href=\"https:\/\/visualjournalism.de\/en\/magazine\/macht-und-kontrolle\/kirchenaustritt-nichts-mehr-zu-glauben\/\">\r\n\r\n                    \r\n                        <div class=\"post-teaser__content\">\r\n\r\n                            <span class=\"entry-categories\">Macht und Kontrolle<\/span>\r\n                            <h3 class=\"post-teaser__headline\">\r\n                                Nichts mehr zu glauben                            <\/h3>\r\n\r\n                            <div class=\"post-teaser__excerpt\">\r\n                                <p>\r\n                                    Einst bestimmte die Kirche alles in ihrem Leben. Vor zwei Jahren ist unsere Autorin ausgetreten. Heute sieht sie die alten Machtstrukturen in einem neuen Licht.                                <\/p>\r\n                            <\/div>\r\n\r\n                        <\/div><!-- .post-teaser__content -->\r\n                \r\n\r\n                        \r\n                        <figure class=\"post-teaser__image\">\r\n\r\n                        <img loading=\"lazy\" decoding=\"async\"  \r\n                            src=\"https:\/\/visualjournalism.de\/wp-content\/uploads\/Noemi_Ehrat_Kirche5854-1400x933.jpg\" \r\n                            srcset=\"https:\/\/visualjournalism.de\/wp-content\/uploads\/Noemi_Ehrat_Kirche5854-1400x933.jpg 1400w, https:\/\/visualjournalism.de\/wp-content\/uploads\/Noemi_Ehrat_Kirche5854-300x200.jpg 300w, https:\/\/visualjournalism.de\/wp-content\/uploads\/Noemi_Ehrat_Kirche5854-1024x683.jpg 1024w, https:\/\/visualjournalism.de\/wp-content\/uploads\/Noemi_Ehrat_Kirche5854-768x512.jpg 768w, https:\/\/visualjournalism.de\/wp-content\/uploads\/Noemi_Ehrat_Kirche5854-1536x1024.jpg 1536w, https:\/\/visualjournalism.de\/wp-content\/uploads\/Noemi_Ehrat_Kirche5854-2048x1365.jpg 2048w, https:\/\/visualjournalism.de\/wp-content\/uploads\/Noemi_Ehrat_Kirche5854-1920x1280.jpg 1920w, https:\/\/visualjournalism.de\/wp-content\/uploads\/Noemi_Ehrat_Kirche5854-1050x700.jpg 1050w, https:\/\/visualjournalism.de\/wp-content\/uploads\/Noemi_Ehrat_Kirche5854-670x447.jpg 670w, https:\/\/visualjournalism.de\/wp-content\/uploads\/Noemi_Ehrat_Kirche5854-420x280.jpg 420w, https:\/\/visualjournalism.de\/wp-content\/uploads\/Noemi_Ehrat_Kirche5854-350x233.jpg 350w, https:\/\/visualjournalism.de\/wp-content\/uploads\/Noemi_Ehrat_Kirche5854-150x100.jpg 150w\" \r\n                            width=\"1400\"  \r\n                            height=\"933\" \r\n                            alt=\"\" \r\n                            style=\"object-position: 45.86% 70.63%\"\r\n                            \/>\r\n\r\n                        <\/figure>\r\n                                            \r\n                     \r\n                    <\/a>\r\n                                        \r\n                <\/article><!--- .post-teaser-->\r\n\r\n                        <\/div><!-- .teaser-grid -->\r\n\r\n    \n\n\r\n\r\n\r\n\r\n        <div class=\"teaser-grid grid-layout--3col has-spacing--xs width--inline\">\r\n            \r\n                \r\n                <article class=\"post-teaser\">\r\n\r\n                    \r\n                        <a href=\"https:\/\/visualjournalism.de\/en\/magazine\/macht-und-kontrolle\/leben-mit-adhs-wenn-die-kontrolle-entgleitet\/\">\r\n\r\n                    \r\n                        <div class=\"post-teaser__content\">\r\n\r\n                            <span class=\"entry-categories\">Macht und Kontrolle<\/span>\r\n                            <h3 class=\"post-teaser__headline\">\r\n                                Wenn die Kontrolle entgleitet                            <\/h3>\r\n\r\n                            <div class=\"post-teaser__excerpt\">\r\n                                <p>\r\n                                    Unsere Autorin kann viele allt\u00e4gliche Aufgaben nur mit M\u00fche bew\u00e4ltigen. Jahrelang glaubt sie, sich einfach mehr zusammenrei\u00dfen zu m\u00fcssen. Dabei gibt es eine einfache Erkl\u00e4rung f\u00fcr ihre Aussetzer.                                <\/p>\r\n                            <\/div>\r\n\r\n                        <\/div><!-- .post-teaser__content -->\r\n                \r\n\r\n                        \r\n                        <figure class=\"post-teaser__image\">\r\n\r\n                        <img loading=\"lazy\" decoding=\"async\"  \r\n                            src=\"https:\/\/visualjournalism.de\/wp-content\/uploads\/Philipp-Jackwerth_Kochtopf_ADHS-768x960.jpg\" \r\n                            srcset=\"https:\/\/visualjournalism.de\/wp-content\/uploads\/Philipp-Jackwerth_Kochtopf_ADHS-768x960.jpg 768w, https:\/\/visualjournalism.de\/wp-content\/uploads\/Philipp-Jackwerth_Kochtopf_ADHS-240x300.jpg 240w, https:\/\/visualjournalism.de\/wp-content\/uploads\/Philipp-Jackwerth_Kochtopf_ADHS-819x1024.jpg 819w, https:\/\/visualjournalism.de\/wp-content\/uploads\/Philipp-Jackwerth_Kochtopf_ADHS-1229x1536.jpg 1229w, https:\/\/visualjournalism.de\/wp-content\/uploads\/Philipp-Jackwerth_Kochtopf_ADHS-1639x2048.jpg 1639w, https:\/\/visualjournalism.de\/wp-content\/uploads\/Philipp-Jackwerth_Kochtopf_ADHS-1920x2400.jpg 1920w, https:\/\/visualjournalism.de\/wp-content\/uploads\/Philipp-Jackwerth_Kochtopf_ADHS-1400x1750.jpg 1400w, https:\/\/visualjournalism.de\/wp-content\/uploads\/Philipp-Jackwerth_Kochtopf_ADHS-1050x1312.jpg 1050w, https:\/\/visualjournalism.de\/wp-content\/uploads\/Philipp-Jackwerth_Kochtopf_ADHS-670x837.jpg 670w, https:\/\/visualjournalism.de\/wp-content\/uploads\/Philipp-Jackwerth_Kochtopf_ADHS-420x525.jpg 420w, https:\/\/visualjournalism.de\/wp-content\/uploads\/Philipp-Jackwerth_Kochtopf_ADHS-350x437.jpg 350w, https:\/\/visualjournalism.de\/wp-content\/uploads\/Philipp-Jackwerth_Kochtopf_ADHS-300x375.jpg 300w, https:\/\/visualjournalism.de\/wp-content\/uploads\/Philipp-Jackwerth_Kochtopf_ADHS-150x187.jpg 150w, https:\/\/visualjournalism.de\/wp-content\/uploads\/Philipp-Jackwerth_Kochtopf_ADHS-scaled.jpg 2048w\" \r\n                            width=\"768\"  \r\n                            height=\"960\" \r\n                            alt=\"\" \r\n                            style=\"object-position: 48.33% 76.67%\"\r\n                            \/>\r\n\r\n                        <\/figure>\r\n                                            \r\n                     \r\n                    <\/a>\r\n                                        \r\n                <\/article><!--- .post-teaser-->\r\n\r\n                \r\n            \r\n                \r\n                <article class=\"post-teaser\">\r\n\r\n                    \r\n                        <a href=\"https:\/\/visualjournalism.de\/en\/magazine\/stille\/sieben-tage-schweigen\/\">\r\n\r\n                    \r\n                        <div class=\"post-teaser__content\">\r\n\r\n                            <span class=\"entry-categories\">Stille<\/span>\r\n                            <h3 class=\"post-teaser__headline\">\r\n                                Sieben Tage schweigen                            <\/h3>\r\n\r\n                            <div class=\"post-teaser__excerpt\">\r\n                                <p>\r\n                                    T\u00e4nzerin Samina Soull wagt einen ungew\u00f6hnlichen Selbstversuch: Eine Woche in v\u00f6lligem Schweigen, isoliert von der Au\u00dfenwelt. Doch in ihrem \u00abSilent Retreat\u00bb erreicht sie schnell ihre Grenzen.                                <\/p>\r\n                            <\/div>\r\n\r\n                        <\/div><!-- .post-teaser__content -->\r\n                \r\n\r\n                        \r\n                        <figure class=\"post-teaser__image\">\r\n\r\n                        <img loading=\"lazy\" decoding=\"async\"  \r\n                            src=\"https:\/\/visualjournalism.de\/wp-content\/uploads\/oezge-OZGE4417-2-768x1152.jpg\" \r\n                            srcset=\"https:\/\/visualjournalism.de\/wp-content\/uploads\/oezge-OZGE4417-2-768x1152.jpg 768w, https:\/\/visualjournalism.de\/wp-content\/uploads\/oezge-OZGE4417-2-200x300.jpg 200w, https:\/\/visualjournalism.de\/wp-content\/uploads\/oezge-OZGE4417-2-683x1024.jpg 683w, https:\/\/visualjournalism.de\/wp-content\/uploads\/oezge-OZGE4417-2-1024x1536.jpg 1024w, https:\/\/visualjournalism.de\/wp-content\/uploads\/oezge-OZGE4417-2-1365x2048.jpg 1365w, https:\/\/visualjournalism.de\/wp-content\/uploads\/oezge-OZGE4417-2-1400x2100.jpg 1400w, https:\/\/visualjournalism.de\/wp-content\/uploads\/oezge-OZGE4417-2-1050x1575.jpg 1050w, https:\/\/visualjournalism.de\/wp-content\/uploads\/oezge-OZGE4417-2-670x1005.jpg 670w, https:\/\/visualjournalism.de\/wp-content\/uploads\/oezge-OZGE4417-2-420x630.jpg 420w, https:\/\/visualjournalism.de\/wp-content\/uploads\/oezge-OZGE4417-2-350x525.jpg 350w, https:\/\/visualjournalism.de\/wp-content\/uploads\/oezge-OZGE4417-2-300x450.jpg 300w, https:\/\/visualjournalism.de\/wp-content\/uploads\/oezge-OZGE4417-2-150x225.jpg 150w, https:\/\/visualjournalism.de\/wp-content\/uploads\/oezge-OZGE4417-2.jpg 1500w\" \r\n                            width=\"768\"  \r\n                            height=\"1152\" \r\n                            alt=\"R\u00f6tliche Plastikblumen sind verkn\u00e4uelt vor dem Gesicht einer jungen Frau platziert, symbolisch f\u00fcr die Unruhe im Kopf.\" \r\n                            style=\"object-position: 52% 38.67%\"\r\n                            \/>\r\n\r\n                        <\/figure>\r\n                                            \r\n                     \r\n                    <\/a>\r\n                                        \r\n                <\/article><!--- .post-teaser-->\r\n\r\n                \r\n            \r\n                \r\n                <article class=\"post-teaser\">\r\n\r\n                    \r\n                        <a href=\"https:\/\/visualjournalism.de\/en\/magazine\/stille\/einkaufen-mit-autismus-zu-hell-zu-laut-zu-viel\/\">\r\n\r\n                    \r\n                        <div class=\"post-teaser__content\">\r\n\r\n                            <span class=\"entry-categories\">Stille<\/span>\r\n                            <h3 class=\"post-teaser__headline\">\r\n                                Einkaufen mit Autismus: Zu hell, zu laut, zu viel                            <\/h3>\r\n\r\n                            <div class=\"post-teaser__excerpt\">\r\n                                <p>\r\n                                    F\u00fcr unsere Autorin ist der Gang zum Supermarkt die H\u00f6lle. Lampen, Werbung und Ger\u00e4usche \u00fcberfordern die junge Autistin. Was es f\u00fcr sie bedeutet, wenn ihre Lieblingsschokolade ausverkauft ist, und wie sie mit der Belastung umgeht.                                <\/p>\r\n                            <\/div>\r\n\r\n                        <\/div><!-- .post-teaser__content -->\r\n                \r\n\r\n                        \r\n                        <figure class=\"post-teaser__image\">\r\n\r\n                        <img loading=\"lazy\" decoding=\"async\"  \r\n                            src=\"https:\/\/visualjournalism.de\/wp-content\/uploads\/Jonas_Dengler-Einkaufen-in-Stille-768x512.jpg\" \r\n                            srcset=\"https:\/\/visualjournalism.de\/wp-content\/uploads\/Jonas_Dengler-Einkaufen-in-Stille-768x512.jpg 768w, https:\/\/visualjournalism.de\/wp-content\/uploads\/Jonas_Dengler-Einkaufen-in-Stille-300x200.jpg 300w, https:\/\/visualjournalism.de\/wp-content\/uploads\/Jonas_Dengler-Einkaufen-in-Stille-1024x682.jpg 1024w, https:\/\/visualjournalism.de\/wp-content\/uploads\/Jonas_Dengler-Einkaufen-in-Stille-1536x1024.jpg 1536w, https:\/\/visualjournalism.de\/wp-content\/uploads\/Jonas_Dengler-Einkaufen-in-Stille-1920x1280.jpg 1920w, https:\/\/visualjournalism.de\/wp-content\/uploads\/Jonas_Dengler-Einkaufen-in-Stille-1400x933.jpg 1400w, https:\/\/visualjournalism.de\/wp-content\/uploads\/Jonas_Dengler-Einkaufen-in-Stille-1050x700.jpg 1050w, https:\/\/visualjournalism.de\/wp-content\/uploads\/Jonas_Dengler-Einkaufen-in-Stille-670x447.jpg 670w, https:\/\/visualjournalism.de\/wp-content\/uploads\/Jonas_Dengler-Einkaufen-in-Stille-420x280.jpg 420w, https:\/\/visualjournalism.de\/wp-content\/uploads\/Jonas_Dengler-Einkaufen-in-Stille-350x233.jpg 350w, https:\/\/visualjournalism.de\/wp-content\/uploads\/Jonas_Dengler-Einkaufen-in-Stille-150x100.jpg 150w, https:\/\/visualjournalism.de\/wp-content\/uploads\/Jonas_Dengler-Einkaufen-in-Stille.jpg 2000w\" \r\n                            width=\"768\"  \r\n                            height=\"512\" \r\n                            alt=\"Eine Frau kauft im Edeka am Herrenh\u00e4user Markt in Hannover bei ged\u00e4mmten Licht ein\" \r\n                            style=\"object-position: 50% 50%\"\r\n                            \/>\r\n\r\n                        <\/figure>\r\n                                            \r\n                     \r\n                    <\/a>\r\n                                        \r\n                <\/article><!--- .post-teaser-->\r\n\r\n                        <\/div><!-- .teaser-grid -->\r\n\r\n    \n\n\r\n\r\n\r\n\r\n        <div class=\"teaser-grid grid-layout--3col has-spacing--m width--inline\">\r\n            \r\n                \r\n                <article class=\"post-teaser\">\r\n\r\n                    \r\n                        <a href=\"https:\/\/visualjournalism.de\/en\/magazine\/ideale\/hinter-den-mauern-der-rosenkreuzer\/\">\r\n\r\n                    \r\n                        <div class=\"post-teaser__content\">\r\n\r\n                            <span class=\"entry-categories\">Ideale<\/span>\r\n                            <h3 class=\"post-teaser__headline\">\r\n                                Hinter den Mauern der Rosenkreuzer                            <\/h3>\r\n\r\n                            <div class=\"post-teaser__excerpt\">\r\n                                <p>\r\n                                    Die spirituelle Glaubensgemeinschaft \u00abInternationale Schule des Goldenen Rosenkreuzes\u00bb gilt als Sekte. Welche Ideale verfolgen die Mitglieder?                                <\/p>\r\n                            <\/div>\r\n\r\n                        <\/div><!-- .post-teaser__content -->\r\n                \r\n\r\n                        \r\n                        <figure class=\"post-teaser__image\">\r\n\r\n                        <img loading=\"lazy\" decoding=\"async\"  \r\n                            src=\"https:\/\/visualjournalism.de\/wp-content\/uploads\/8.Steinhauer_Lenny-768x768.jpg\" \r\n                            srcset=\"https:\/\/visualjournalism.de\/wp-content\/uploads\/8.Steinhauer_Lenny-768x768.jpg 768w, https:\/\/visualjournalism.de\/wp-content\/uploads\/8.Steinhauer_Lenny-300x300.jpg 300w, https:\/\/visualjournalism.de\/wp-content\/uploads\/8.Steinhauer_Lenny-1024x1024.jpg 1024w, https:\/\/visualjournalism.de\/wp-content\/uploads\/8.Steinhauer_Lenny-150x150.jpg 150w, https:\/\/visualjournalism.de\/wp-content\/uploads\/8.Steinhauer_Lenny-1536x1536.jpg 1536w, https:\/\/visualjournalism.de\/wp-content\/uploads\/8.Steinhauer_Lenny-1400x1400.jpg 1400w, https:\/\/visualjournalism.de\/wp-content\/uploads\/8.Steinhauer_Lenny-1050x1050.jpg 1050w, https:\/\/visualjournalism.de\/wp-content\/uploads\/8.Steinhauer_Lenny-670x670.jpg 670w, https:\/\/visualjournalism.de\/wp-content\/uploads\/8.Steinhauer_Lenny-420x420.jpg 420w, https:\/\/visualjournalism.de\/wp-content\/uploads\/8.Steinhauer_Lenny-350x350.jpg 350w, https:\/\/visualjournalism.de\/wp-content\/uploads\/8.Steinhauer_Lenny-52x52.jpg 52w, https:\/\/visualjournalism.de\/wp-content\/uploads\/8.Steinhauer_Lenny-68x68.jpg 68w, https:\/\/visualjournalism.de\/wp-content\/uploads\/8.Steinhauer_Lenny-96x96.jpg 96w, https:\/\/visualjournalism.de\/wp-content\/uploads\/8.Steinhauer_Lenny.jpg 1600w\" \r\n                            width=\"768\"  \r\n                            height=\"768\" \r\n                            alt=\"\" \r\n                            style=\"object-position: 50% 50%\"\r\n                            \/>\r\n\r\n                        <\/figure>\r\n                                            \r\n                     \r\n                    <\/a>\r\n                                        \r\n                <\/article><!--- .post-teaser-->\r\n\r\n                \r\n            \r\n                \r\n                <article class=\"post-teaser\">\r\n\r\n                    \r\n                        <a href=\"https:\/\/visualjournalism.de\/en\/magazine\/macht-und-kontrolle\/buchverbote-in-den-usa-maulkorb-fuer-queere-literatur\/\">\r\n\r\n                    \r\n                        <div class=\"post-teaser__content\">\r\n\r\n                            <span class=\"entry-categories\">Macht und Kontrolle<\/span>\r\n                            <h3 class=\"post-teaser__headline\">\r\n                                Maulkorb f\u00fcr queere Literatur                            <\/h3>\r\n\r\n                            <div class=\"post-teaser__excerpt\">\r\n                                <p>\r\n                                    Die Zahl der Buchverbote in den USA ist innerhalb eines Jahres um 33 Prozent gestiegen. PEN America zeigt sich besorgt \u00fcber diesen Trend.                                <\/p>\r\n                            <\/div>\r\n\r\n                        <\/div><!-- .post-teaser__content -->\r\n                \r\n\r\n                        \r\n                        <figure class=\"post-teaser__image\">\r\n\r\n                        <img loading=\"lazy\" decoding=\"async\"  \r\n                            src=\"https:\/\/visualjournalism.de\/wp-content\/uploads\/Studiopraxis3-5verbot-von-queerer-Lektuere-768x512.jpg\" \r\n                            srcset=\"https:\/\/visualjournalism.de\/wp-content\/uploads\/Studiopraxis3-5verbot-von-queerer-Lektuere-768x512.jpg 768w, https:\/\/visualjournalism.de\/wp-content\/uploads\/Studiopraxis3-5verbot-von-queerer-Lektuere-300x200.jpg 300w, https:\/\/visualjournalism.de\/wp-content\/uploads\/Studiopraxis3-5verbot-von-queerer-Lektuere-1024x683.jpg 1024w, https:\/\/visualjournalism.de\/wp-content\/uploads\/Studiopraxis3-5verbot-von-queerer-Lektuere-1536x1024.jpg 1536w, https:\/\/visualjournalism.de\/wp-content\/uploads\/Studiopraxis3-5verbot-von-queerer-Lektuere-2048x1365.jpg 2048w, https:\/\/visualjournalism.de\/wp-content\/uploads\/Studiopraxis3-5verbot-von-queerer-Lektuere-1920x1280.jpg 1920w, https:\/\/visualjournalism.de\/wp-content\/uploads\/Studiopraxis3-5verbot-von-queerer-Lektuere-1400x933.jpg 1400w, https:\/\/visualjournalism.de\/wp-content\/uploads\/Studiopraxis3-5verbot-von-queerer-Lektuere-1050x700.jpg 1050w, https:\/\/visualjournalism.de\/wp-content\/uploads\/Studiopraxis3-5verbot-von-queerer-Lektuere-670x447.jpg 670w, https:\/\/visualjournalism.de\/wp-content\/uploads\/Studiopraxis3-5verbot-von-queerer-Lektuere-420x280.jpg 420w, https:\/\/visualjournalism.de\/wp-content\/uploads\/Studiopraxis3-5verbot-von-queerer-Lektuere-350x233.jpg 350w, https:\/\/visualjournalism.de\/wp-content\/uploads\/Studiopraxis3-5verbot-von-queerer-Lektuere-150x100.jpg 150w\" \r\n                            width=\"768\"  \r\n                            height=\"512\" \r\n                            alt=\"\" \r\n                            style=\"object-position: 50% 50%\"\r\n                            \/>\r\n\r\n                        <\/figure>\r\n                                            \r\n                     \r\n                    <\/a>\r\n                                        \r\n                <\/article><!--- .post-teaser-->\r\n\r\n                \r\n            \r\n                \r\n                <article class=\"post-teaser\">\r\n\r\n                    \r\n                        <a href=\"https:\/\/visualjournalism.de\/en\/magazine\/macht-und-kontrolle\/einen-kaffee-bitte-hasi\/\">\r\n\r\n                    \r\n                        <div class=\"post-teaser__content\">\r\n\r\n                            <span class=\"entry-categories\">Macht und Kontrolle<\/span>\r\n                            <h3 class=\"post-teaser__headline\">\r\n                                \u00abEinen Kaffee bitte, Hasi\u00bb.                            <\/h3>\r\n\r\n                            <div class=\"post-teaser__excerpt\">\r\n                                <p>\r\n                                    Im t\u00e4glichen Leben gibt es viele Momente, in denen Zivilcourage gefragt ist. Warum schreiten wir nicht jedes Mal ein, wenn jemand in der U-Bahn bel\u00e4stigt wird oder in der Schule gemobbt?                                <\/p>\r\n                            <\/div>\r\n\r\n                        <\/div><!-- .post-teaser__content -->\r\n                \r\n\r\n                        \r\n                        <figure class=\"post-teaser__image\">\r\n\r\n                        <img loading=\"lazy\" decoding=\"async\"  \r\n                            src=\"https:\/\/visualjournalism.de\/wp-content\/uploads\/Symbolbild-Zivilcourage_2-768x513.jpg\" \r\n                            srcset=\"https:\/\/visualjournalism.de\/wp-content\/uploads\/Symbolbild-Zivilcourage_2-768x513.jpg 768w, https:\/\/visualjournalism.de\/wp-content\/uploads\/Symbolbild-Zivilcourage_2-300x200.jpg 300w, https:\/\/visualjournalism.de\/wp-content\/uploads\/Symbolbild-Zivilcourage_2-1024x684.jpg 1024w, https:\/\/visualjournalism.de\/wp-content\/uploads\/Symbolbild-Zivilcourage_2-1536x1025.jpg 1536w, https:\/\/visualjournalism.de\/wp-content\/uploads\/Symbolbild-Zivilcourage_2-2048x1367.jpg 2048w, https:\/\/visualjournalism.de\/wp-content\/uploads\/Symbolbild-Zivilcourage_2-1920x1282.jpg 1920w, https:\/\/visualjournalism.de\/wp-content\/uploads\/Symbolbild-Zivilcourage_2-1400x935.jpg 1400w, https:\/\/visualjournalism.de\/wp-content\/uploads\/Symbolbild-Zivilcourage_2-1050x701.jpg 1050w, https:\/\/visualjournalism.de\/wp-content\/uploads\/Symbolbild-Zivilcourage_2-670x447.jpg 670w, https:\/\/visualjournalism.de\/wp-content\/uploads\/Symbolbild-Zivilcourage_2-420x280.jpg 420w, https:\/\/visualjournalism.de\/wp-content\/uploads\/Symbolbild-Zivilcourage_2-350x234.jpg 350w, https:\/\/visualjournalism.de\/wp-content\/uploads\/Symbolbild-Zivilcourage_2-150x100.jpg 150w\" \r\n                            width=\"768\"  \r\n                            height=\"513\" \r\n                            alt=\"\" \r\n                            style=\"object-position: 50% 50%\"\r\n                            \/>\r\n\r\n                        <\/figure>\r\n                                            \r\n                     \r\n                    <\/a>\r\n                                        \r\n                <\/article><!--- .post-teaser-->\r\n\r\n                        <\/div><!-- .teaser-grid -->\r\n\r\n    \n\n\n    <div class=\"btn-wrapper has-spacing--m\">\n        <a class=\"btn\" href=\"https:\/\/visualjournalism.de\/magazin\/\" target=\"_blank\">ZUR MAGAZIN-STARTSEITE<\/a>\n    <\/div>\n<\/div>\n","protected":false},"author":49,"featured_media":33487,"template":"","tags":[],"magazinkategorie":[179],"class_list":["post-33485","magazin","type-magazin","status-publish","has-post-thumbnail","hentry","magazinkategorie-macht-und-kontrolle"],"acf":[],"yoast_head":"<!-- This site is optimized with the Yoast SEO Premium plugin v27.3 (Yoast SEO v27.3) - https:\/\/yoast.com\/product\/yoast-seo-premium-wordpress\/ -->\n<title>Leben mit ADHS: Wenn die Kontrolle entgleitet &#8211; Visual Journalism and Documentary Photography<\/title>\n<meta name=\"robots\" content=\"index, follow, max-snippet:-1, max-image-preview:large, max-video-preview:-1\" \/>\n<link rel=\"canonical\" href=\"https:\/\/visualjournalism.de\/en\/magazine\/macht-und-kontrolle\/leben-mit-adhs-wenn-die-kontrolle-entgleitet\/\" \/>\n<meta property=\"og:locale\" content=\"en_US\" \/>\n<meta property=\"og:type\" content=\"article\" \/>\n<meta property=\"og:title\" content=\"Leben mit ADHS: Wenn die Kontrolle entgleitet\" \/>\n<meta property=\"og:description\" content=\"Foto: Philipp Jackwerth Ich stehe in der K\u00fcche, es riecht komisch, pl\u00f6tzlich raucht es auch. Das \u00d6l ist angebrannt. Schnell rei\u00dfe ich alle Fenster auf, sodass der Qualm herausziehen kann. Das ist gerade nochmal gut gegangen. Sp\u00e4ter dann wieder, es riecht \u00fcbel, ich stelle fest, dass der Reis schon lange kein Wasser mehr hat, in [&hellip;]\" \/>\n<meta property=\"og:url\" content=\"https:\/\/visualjournalism.de\/en\/magazine\/macht-und-kontrolle\/leben-mit-adhs-wenn-die-kontrolle-entgleitet\/\" \/>\n<meta property=\"og:site_name\" content=\"Visual Journalism and Documentary Photography\" \/>\n<meta property=\"article:publisher\" content=\"https:\/\/www.facebook.com\/people\/wwwfotostudentende\/100065173703897\/\" \/>\n<meta property=\"article:modified_time\" content=\"2024-07-04T20:36:29+00:00\" \/>\n<meta property=\"og:image\" content=\"https:\/\/visualjournalism.de\/wp-content\/uploads\/Philipp-Jackwerth_Kochtopf_ADHS-scaled.jpg\" \/>\n\t<meta property=\"og:image:width\" content=\"2048\" \/>\n\t<meta property=\"og:image:height\" content=\"2560\" \/>\n\t<meta property=\"og:image:type\" content=\"image\/jpeg\" \/>\n<meta name=\"twitter:card\" content=\"summary_large_image\" \/>\n<meta name=\"twitter:site\" content=\"@HsHannover\" \/>\n<meta name=\"twitter:label1\" content=\"Est. reading time\" \/>\n\t<meta name=\"twitter:data1\" content=\"3 minutes\" \/>\n<script type=\"application\/ld+json\" class=\"yoast-schema-graph\">{\"@context\":\"https:\\\/\\\/schema.org\",\"@graph\":[{\"@type\":\"WebPage\",\"@id\":\"https:\\\/\\\/visualjournalism.de\\\/en\\\/magazine\\\/macht-und-kontrolle\\\/leben-mit-adhs-wenn-die-kontrolle-entgleitet\\\/\",\"url\":\"https:\\\/\\\/visualjournalism.de\\\/en\\\/magazine\\\/macht-und-kontrolle\\\/leben-mit-adhs-wenn-die-kontrolle-entgleitet\\\/\",\"name\":\"Leben mit ADHS: Wenn die Kontrolle entgleitet &#8211; Visual Journalism and Documentary Photography\",\"isPartOf\":{\"@id\":\"https:\\\/\\\/visualjournalism.de\\\/en\\\/#website\"},\"primaryImageOfPage\":{\"@id\":\"https:\\\/\\\/visualjournalism.de\\\/en\\\/magazine\\\/macht-und-kontrolle\\\/leben-mit-adhs-wenn-die-kontrolle-entgleitet\\\/#primaryimage\"},\"image\":{\"@id\":\"https:\\\/\\\/visualjournalism.de\\\/en\\\/magazine\\\/macht-und-kontrolle\\\/leben-mit-adhs-wenn-die-kontrolle-entgleitet\\\/#primaryimage\"},\"thumbnailUrl\":\"https:\\\/\\\/visualjournalism.de\\\/wp-content\\\/uploads\\\/Philipp-Jackwerth_Kochtopf_ADHS-scaled.jpg\",\"datePublished\":\"2024-04-29T21:32:28+00:00\",\"dateModified\":\"2024-07-04T20:36:29+00:00\",\"breadcrumb\":{\"@id\":\"https:\\\/\\\/visualjournalism.de\\\/en\\\/magazine\\\/macht-und-kontrolle\\\/leben-mit-adhs-wenn-die-kontrolle-entgleitet\\\/#breadcrumb\"},\"inLanguage\":\"en-US\",\"potentialAction\":[{\"@type\":\"ReadAction\",\"target\":[\"https:\\\/\\\/visualjournalism.de\\\/en\\\/magazine\\\/macht-und-kontrolle\\\/leben-mit-adhs-wenn-die-kontrolle-entgleitet\\\/\"]}]},{\"@type\":\"ImageObject\",\"inLanguage\":\"en-US\",\"@id\":\"https:\\\/\\\/visualjournalism.de\\\/en\\\/magazine\\\/macht-und-kontrolle\\\/leben-mit-adhs-wenn-die-kontrolle-entgleitet\\\/#primaryimage\",\"url\":\"https:\\\/\\\/visualjournalism.de\\\/wp-content\\\/uploads\\\/Philipp-Jackwerth_Kochtopf_ADHS-scaled.jpg\",\"contentUrl\":\"https:\\\/\\\/visualjournalism.de\\\/wp-content\\\/uploads\\\/Philipp-Jackwerth_Kochtopf_ADHS-scaled.jpg\",\"width\":2048,\"height\":2560,\"caption\":\"Philipp Jackwerth\"},{\"@type\":\"BreadcrumbList\",\"@id\":\"https:\\\/\\\/visualjournalism.de\\\/en\\\/magazine\\\/macht-und-kontrolle\\\/leben-mit-adhs-wenn-die-kontrolle-entgleitet\\\/#breadcrumb\",\"itemListElement\":[{\"@type\":\"ListItem\",\"position\":1,\"name\":\"Home\",\"item\":\"https:\\\/\\\/visualjournalism.de\\\/en\\\/\"},{\"@type\":\"ListItem\",\"position\":2,\"name\":\"Magazin\",\"item\":\"https:\\\/\\\/visualjournalism.de\\\/en\\\/magazine\\\/\"},{\"@type\":\"ListItem\",\"position\":3,\"name\":\"Leben mit ADHS: Wenn die Kontrolle entgleitet\"}]},{\"@type\":\"WebSite\",\"@id\":\"https:\\\/\\\/visualjournalism.de\\\/en\\\/#website\",\"url\":\"https:\\\/\\\/visualjournalism.de\\\/en\\\/\",\"name\":\"Visual Journalism and Documentary Photography\",\"description\":\"All about the bilingual bachelor&#039;s program at Hannover University of Applied Sciences and Arts.\",\"publisher\":{\"@id\":\"https:\\\/\\\/visualjournalism.de\\\/en\\\/#organization\"},\"alternateName\":\"visualjournalism.de\",\"potentialAction\":[{\"@type\":\"SearchAction\",\"target\":{\"@type\":\"EntryPoint\",\"urlTemplate\":\"https:\\\/\\\/visualjournalism.de\\\/en\\\/?s={search_term_string}\"},\"query-input\":{\"@type\":\"PropertyValueSpecification\",\"valueRequired\":true,\"valueName\":\"search_term_string\"}}],\"inLanguage\":\"en-US\"},{\"@type\":\"Organization\",\"@id\":\"https:\\\/\\\/visualjournalism.de\\\/en\\\/#organization\",\"name\":\"Hochschule Hannover \u2013 University of Applied Sciences and Arts\",\"alternateName\":\"HsH\",\"url\":\"https:\\\/\\\/visualjournalism.de\\\/en\\\/\",\"logo\":{\"@type\":\"ImageObject\",\"inLanguage\":\"en-US\",\"@id\":\"https:\\\/\\\/visualjournalism.de\\\/en\\\/#\\\/schema\\\/logo\\\/image\\\/\",\"url\":\"https:\\\/\\\/visualjournalism.de\\\/wp-content\\\/uploads\\\/logo-hochschule-hannover.png\",\"contentUrl\":\"https:\\\/\\\/visualjournalism.de\\\/wp-content\\\/uploads\\\/logo-hochschule-hannover.png\",\"width\":363,\"height\":270,\"caption\":\"Hochschule Hannover \u2013 University of Applied Sciences and Arts\"},\"image\":{\"@id\":\"https:\\\/\\\/visualjournalism.de\\\/en\\\/#\\\/schema\\\/logo\\\/image\\\/\"},\"sameAs\":[\"https:\\\/\\\/www.facebook.com\\\/people\\\/wwwfotostudentende\\\/100065173703897\\\/\",\"https:\\\/\\\/x.com\\\/HsHannover\",\"https:\\\/\\\/www.instagram.com\\\/visualjournalism.de\\\/\"]}]}<\/script>\n<!-- \/ Yoast SEO Premium plugin. -->","yoast_head_json":{"title":"Leben mit ADHS: Wenn die Kontrolle entgleitet &#8211; Visual Journalism and Documentary Photography","robots":{"index":"index","follow":"follow","max-snippet":"max-snippet:-1","max-image-preview":"max-image-preview:large","max-video-preview":"max-video-preview:-1"},"canonical":"https:\/\/visualjournalism.de\/en\/magazine\/macht-und-kontrolle\/leben-mit-adhs-wenn-die-kontrolle-entgleitet\/","og_locale":"en_US","og_type":"article","og_title":"Leben mit ADHS: Wenn die Kontrolle entgleitet","og_description":"Foto: Philipp Jackwerth Ich stehe in der K\u00fcche, es riecht komisch, pl\u00f6tzlich raucht es auch. Das \u00d6l ist angebrannt. Schnell rei\u00dfe ich alle Fenster auf, sodass der Qualm herausziehen kann. Das ist gerade nochmal gut gegangen. Sp\u00e4ter dann wieder, es riecht \u00fcbel, ich stelle fest, dass der Reis schon lange kein Wasser mehr hat, in [&hellip;]","og_url":"https:\/\/visualjournalism.de\/en\/magazine\/macht-und-kontrolle\/leben-mit-adhs-wenn-die-kontrolle-entgleitet\/","og_site_name":"Visual Journalism and Documentary Photography","article_publisher":"https:\/\/www.facebook.com\/people\/wwwfotostudentende\/100065173703897\/","article_modified_time":"2024-07-04T20:36:29+00:00","og_image":[{"width":2048,"height":2560,"url":"https:\/\/visualjournalism.de\/wp-content\/uploads\/Philipp-Jackwerth_Kochtopf_ADHS-scaled.jpg","type":"image\/jpeg"}],"twitter_card":"summary_large_image","twitter_site":"@HsHannover","twitter_misc":{"Est. reading time":"3 minutes"},"schema":{"@context":"https:\/\/schema.org","@graph":[{"@type":"WebPage","@id":"https:\/\/visualjournalism.de\/en\/magazine\/macht-und-kontrolle\/leben-mit-adhs-wenn-die-kontrolle-entgleitet\/","url":"https:\/\/visualjournalism.de\/en\/magazine\/macht-und-kontrolle\/leben-mit-adhs-wenn-die-kontrolle-entgleitet\/","name":"Leben mit ADHS: Wenn die Kontrolle entgleitet &#8211; Visual Journalism and Documentary Photography","isPartOf":{"@id":"https:\/\/visualjournalism.de\/en\/#website"},"primaryImageOfPage":{"@id":"https:\/\/visualjournalism.de\/en\/magazine\/macht-und-kontrolle\/leben-mit-adhs-wenn-die-kontrolle-entgleitet\/#primaryimage"},"image":{"@id":"https:\/\/visualjournalism.de\/en\/magazine\/macht-und-kontrolle\/leben-mit-adhs-wenn-die-kontrolle-entgleitet\/#primaryimage"},"thumbnailUrl":"https:\/\/visualjournalism.de\/wp-content\/uploads\/Philipp-Jackwerth_Kochtopf_ADHS-scaled.jpg","datePublished":"2024-04-29T21:32:28+00:00","dateModified":"2024-07-04T20:36:29+00:00","breadcrumb":{"@id":"https:\/\/visualjournalism.de\/en\/magazine\/macht-und-kontrolle\/leben-mit-adhs-wenn-die-kontrolle-entgleitet\/#breadcrumb"},"inLanguage":"en-US","potentialAction":[{"@type":"ReadAction","target":["https:\/\/visualjournalism.de\/en\/magazine\/macht-und-kontrolle\/leben-mit-adhs-wenn-die-kontrolle-entgleitet\/"]}]},{"@type":"ImageObject","inLanguage":"en-US","@id":"https:\/\/visualjournalism.de\/en\/magazine\/macht-und-kontrolle\/leben-mit-adhs-wenn-die-kontrolle-entgleitet\/#primaryimage","url":"https:\/\/visualjournalism.de\/wp-content\/uploads\/Philipp-Jackwerth_Kochtopf_ADHS-scaled.jpg","contentUrl":"https:\/\/visualjournalism.de\/wp-content\/uploads\/Philipp-Jackwerth_Kochtopf_ADHS-scaled.jpg","width":2048,"height":2560,"caption":"Philipp Jackwerth"},{"@type":"BreadcrumbList","@id":"https:\/\/visualjournalism.de\/en\/magazine\/macht-und-kontrolle\/leben-mit-adhs-wenn-die-kontrolle-entgleitet\/#breadcrumb","itemListElement":[{"@type":"ListItem","position":1,"name":"Home","item":"https:\/\/visualjournalism.de\/en\/"},{"@type":"ListItem","position":2,"name":"Magazin","item":"https:\/\/visualjournalism.de\/en\/magazine\/"},{"@type":"ListItem","position":3,"name":"Leben mit ADHS: Wenn die Kontrolle entgleitet"}]},{"@type":"WebSite","@id":"https:\/\/visualjournalism.de\/en\/#website","url":"https:\/\/visualjournalism.de\/en\/","name":"Visual Journalism and Documentary Photography","description":"All about the bilingual bachelor&#039;s program at Hannover University of Applied Sciences and Arts.","publisher":{"@id":"https:\/\/visualjournalism.de\/en\/#organization"},"alternateName":"visualjournalism.de","potentialAction":[{"@type":"SearchAction","target":{"@type":"EntryPoint","urlTemplate":"https:\/\/visualjournalism.de\/en\/?s={search_term_string}"},"query-input":{"@type":"PropertyValueSpecification","valueRequired":true,"valueName":"search_term_string"}}],"inLanguage":"en-US"},{"@type":"Organization","@id":"https:\/\/visualjournalism.de\/en\/#organization","name":"Hochschule Hannover \u2013 University of Applied Sciences and Arts","alternateName":"HsH","url":"https:\/\/visualjournalism.de\/en\/","logo":{"@type":"ImageObject","inLanguage":"en-US","@id":"https:\/\/visualjournalism.de\/en\/#\/schema\/logo\/image\/","url":"https:\/\/visualjournalism.de\/wp-content\/uploads\/logo-hochschule-hannover.png","contentUrl":"https:\/\/visualjournalism.de\/wp-content\/uploads\/logo-hochschule-hannover.png","width":363,"height":270,"caption":"Hochschule Hannover \u2013 University of Applied Sciences and Arts"},"image":{"@id":"https:\/\/visualjournalism.de\/en\/#\/schema\/logo\/image\/"},"sameAs":["https:\/\/www.facebook.com\/people\/wwwfotostudentende\/100065173703897\/","https:\/\/x.com\/HsHannover","https:\/\/www.instagram.com\/visualjournalism.de\/"]}]}},"_links":{"self":[{"href":"https:\/\/visualjournalism.de\/en\/wp-json\/wp\/v2\/magazin\/33485","targetHints":{"allow":["GET"]}}],"collection":[{"href":"https:\/\/visualjournalism.de\/en\/wp-json\/wp\/v2\/magazin"}],"about":[{"href":"https:\/\/visualjournalism.de\/en\/wp-json\/wp\/v2\/types\/magazin"}],"author":[{"embeddable":true,"href":"https:\/\/visualjournalism.de\/en\/wp-json\/wp\/v2\/users\/49"}],"version-history":[{"count":0,"href":"https:\/\/visualjournalism.de\/en\/wp-json\/wp\/v2\/magazin\/33485\/revisions"}],"wp:featuredmedia":[{"embeddable":true,"href":"https:\/\/visualjournalism.de\/en\/wp-json\/wp\/v2\/media\/33487"}],"wp:attachment":[{"href":"https:\/\/visualjournalism.de\/en\/wp-json\/wp\/v2\/media?parent=33485"}],"wp:term":[{"taxonomy":"post_tag","embeddable":true,"href":"https:\/\/visualjournalism.de\/en\/wp-json\/wp\/v2\/tags?post=33485"},{"taxonomy":"magazinkategorie","embeddable":true,"href":"https:\/\/visualjournalism.de\/en\/wp-json\/wp\/v2\/magazinkategorie?post=33485"}],"curies":[{"name":"wp","href":"https:\/\/api.w.org\/{rel}","templated":true}]}}