{"id":33784,"date":"2024-12-04T10:09:59","date_gmt":"2024-12-04T10:09:59","guid":{"rendered":"https:\/\/visualjournalism.de\/?post_type=magazin&#038;p=33784"},"modified":"2024-12-06T10:55:51","modified_gmt":"2024-12-06T10:55:51","slug":"armenien-patrick-slesiona","status":"publish","type":"magazin","link":"https:\/\/visualjournalism.de\/en\/magazine\/abschlussarbeiten\/armenien-patrick-slesiona\/","title":{"rendered":"Armenien Patrick Slesiona"},"content":{"rendered":"\r\n<div class=\"cover--lead-in has-spacing--m\">\r\n\r\n    \r\n    <div class=\"cover--lead-in__content typo--tiempos\">\r\n\r\n        <div class=\"entry-categories\">\n\t<a class=\"post__tag\" href=\"https:\/\/visualjournalism.de\/magazin-kategorie\/abschlussarbeiten\/\" rel=\"category tag\">Abschlussarbeiten<\/a><\/div>\r\n        <h2 class=\"cover--lead-in__headline \">\r\n            Warten auf den Krieg        <\/h2>\r\n\r\n                    <div class=\"cover--lead-in__text\">\r\n                <p>F\u00fcr seinen Bachelor-Abschluss reiste der Fotograf <strong><a href=\"https:\/\/visualjournalism.de\/en\/patrick-slesiona\/\">Patrick Slesiona<\/a><\/strong> nach Armenien. Das demokratische Land muss sich seit Jahren gegen sein autorit\u00e4r gef\u00fchrtes Nachbarland Aserbaidschan verteidigen.<\/p>\n            <\/div>\r\n        \r\n                    <div class=\"cover--lead-in__author\">\r\n                \r\n                    \r\n                            <figure class=\"cover--lead-in__author__image\">\r\n\r\n                                                                    <a href=\"https:\/\/visualjournalism.de\/patrick-slesiona\/\" target=\"\">\r\n                                \r\n                                <img loading=\"lazy\" decoding=\"async\"\r\n                                    src=\"https:\/\/visualjournalism.de\/wp-content\/uploads\/PS_Headshot-1024x1280-1-68x68.jpg\"\r\n                                    srcset=\"https:\/\/visualjournalism.de\/wp-content\/uploads\/PS_Headshot-1024x1280-1-68x68.jpg 68w, https:\/\/visualjournalism.de\/wp-content\/uploads\/PS_Headshot-1024x1280-1-52x52.jpg 52w, https:\/\/visualjournalism.de\/wp-content\/uploads\/PS_Headshot-1024x1280-1-96x96.jpg 96w, https:\/\/visualjournalism.de\/wp-content\/uploads\/PS_Headshot-1024x1280-1.jpg 100w\"\r\n                                    width=\"68\"\r\n                                    height=\"68\"\r\n                                    alt=\"\"\r\n                                \/>\r\n\r\n                                                                    <\/a>\r\n                                \r\n                            <\/figure>\r\n\r\n                                    <\/div><!-- .cover--lead-in__author -->\r\n        \r\n    <\/div><!-- .cover--lead-in__content -->\r\n\r\n    \r\n        <figure class=\"cover--lead-in__image cover--lead-in__media cover--lead-in__media--image\">\r\n            <img loading=\"lazy\" decoding=\"async\"\r\n                src=\"https:\/\/visualjournalism.de\/wp-content\/uploads\/PS_ARMENIEN_Ausstellung-9-1920x1372.jpg\"\r\n                srcset=\"https:\/\/visualjournalism.de\/wp-content\/uploads\/PS_ARMENIEN_Ausstellung-9-1920x1372.jpg 1920w, https:\/\/visualjournalism.de\/wp-content\/uploads\/PS_ARMENIEN_Ausstellung-9-300x214.jpg 300w, https:\/\/visualjournalism.de\/wp-content\/uploads\/PS_ARMENIEN_Ausstellung-9-1024x732.jpg 1024w, https:\/\/visualjournalism.de\/wp-content\/uploads\/PS_ARMENIEN_Ausstellung-9-768x549.jpg 768w, https:\/\/visualjournalism.de\/wp-content\/uploads\/PS_ARMENIEN_Ausstellung-9-1536x1097.jpg 1536w, https:\/\/visualjournalism.de\/wp-content\/uploads\/PS_ARMENIEN_Ausstellung-9-1400x1000.jpg 1400w, https:\/\/visualjournalism.de\/wp-content\/uploads\/PS_ARMENIEN_Ausstellung-9-1050x750.jpg 1050w, https:\/\/visualjournalism.de\/wp-content\/uploads\/PS_ARMENIEN_Ausstellung-9-670x479.jpg 670w, https:\/\/visualjournalism.de\/wp-content\/uploads\/PS_ARMENIEN_Ausstellung-9-420x300.jpg 420w, https:\/\/visualjournalism.de\/wp-content\/uploads\/PS_ARMENIEN_Ausstellung-9-350x250.jpg 350w, https:\/\/visualjournalism.de\/wp-content\/uploads\/PS_ARMENIEN_Ausstellung-9-150x107.jpg 150w, https:\/\/visualjournalism.de\/wp-content\/uploads\/PS_ARMENIEN_Ausstellung-9.jpg 2000w\"\r\n                width=\"1920\"\r\n                height=\"1372\"\r\n                alt=\"\"\r\n                style=\"object-position: 52.67% 85.51%\"\r\n            \/>\r\n        <\/figure>\r\n\r\n                    <span class=\"cover--lead-in__image-title\">\r\n                Armenien, Jerewan, 07.12.22: In Folge der Angriffe im September\rerhalten paramilit\u00e4rische\rTrainingsprogramme im ganzen Land\reinen erh\u00f6hten Zulauf. In Jerewan,\rdecken Kurse der Initiative VOMA,\r(kurz fu\u0308r Volk, Armee, Land, Festung)\rein breites Spektrum an milit\u00e4rischen\rF\u00e4higkeiten ab, darunter den Umgang\rmit Waffen (Im Bild &#8211; Attrappen von\rAK-47-Gewehren), Kampftaktiken,\rmedizinische Notfallbehandlungen\rund \u00dcberlebenstechniken. Die Kurse\rrichten sich an alle Personen u\u0308ber 16\rJahren. Ziel der Workshops ist es, die\rBev\u00f6lkerung auf das vorzubereiten, was\rviele Armenier:innen als unausweichlichen\rKampf um das \u00dcberleben ihrer Nation\ransehen.            <\/span>\r\n        \r\n    \r\n<\/div><!-- .cover--lead-in -->\r\n\r\n\n\n\n<p class=\"post__paragraph has-spacing--default\"><strong>Es ist kurz nach Mitternacht, <\/strong>als das Spektakel beginnt. Einige Bewohner*innen und viele Tourist*innen glauben an diesem 13. September 2022 wohl zun\u00e4chst, es handle sich um ein Feuerwerk. Ein Fest zu Ehren des su\u0308darmenischen Kurorts Jermuks vielleicht, in dem nach zwei Jahren Corona endlich wieder Hochbetrieb in den Hotels herrscht. So auch im Olympia-<a href=\"https:\/\/visualjournalism.de\/magazin\/auf-den-spuren-von\/heilstaette-harzgerode-ein-lost-place-der-geschichte-atmet\/\" target=\"_blank\" rel=\"noreferrer noopener\">Sanatorium<\/a>, einem mausgrauen Koloss mit 52 Zimmern. Dessen Besitzerin Kristina Ivanian hat eine andere Vermutung, die sich bald best\u00e4tigen wird: Das gr\u00f6\u00dfere Nachbarland Aserbaidschan greift in dieser Nacht armenisches Staatsgebiet an. Neben Jermuk stehen auch andere Regionen im Grenzgebiet gro\u00dffl\u00e4chig unter Beschuss. <br><br>\u00abViele G\u00e4ste haben mich gebeten, sie direkt zu evakuieren\u00bb, erz\u00e4hlt Ivanian zwei Monate sp\u00e4ter. Doch das sei zu gef\u00e4hrlich gewesen. Die ganze Nacht h\u00e4tten Angestellte und G\u00e4ste im Keller ausgeharrt, konnten erst am Morgen die Stadt verlassen. Nach zwei Tagen Eskalation schwiegen die Waffen wieder. Da waren rund 300 Menschen entlang der <a href=\"https:\/\/visualjournalism.de\/magazin\/randgebiet\/im-schatten-des-krieges\/\" target=\"_blank\" rel=\"noreferrer noopener\">Grenze<\/a> gestorben, der Gro\u00dfteil von ihnen Soldaten.&nbsp;<br><br>Es ist dieselbe Zeit, in der Russlands Armee in der \u00f6stlichen <a href=\"https:\/\/visualjournalism.de\/magazin\/ideale\/bomben-verandern-ideale\/\" target=\"_blank\" rel=\"noreferrer noopener\">Ukraine<\/a> ihre schwerste Niederlage hinnehmen muss. Und es ist nicht das erste mal, dass es zwischen Armenien und Aserbaidschan, den beiden L\u00e4ndern auf dem S\u00fcdkaukasus, zu einem bewaffneten Konflikt kommt. Bereits 2020, als die Welt in ihren ersten Corona-Herbst steuerte, brach ein Krieg in der umk\u00e4mpten Region Bergkarabach aus. Doch dass der Konflikt auch armenisches Staatsgebiet erreicht &#8211; damit hatte im s\u00fcdarmenischen Kurort Jermuk oder in der Stadt Goris bis zu jener Nacht niemand gerechnet.<\/p>\n\n\n\n<p class=\"post__paragraph has-spacing--m\">Seither ringen Russland, die USA und die Europ\u00e4ische Union um Vermittlung. Aber angesichts eines Gasdeals bezeichnet die EU Kommissionspr\u00e4sidentin Ursula von der Leyen Aserbaidschan als \u00abvertrauensvollen Partner\u00bb. Von der internationalen Gemeinschaft f\u00fchlen sich viele Menschen in Armenien allein gelassen. In den Bergen, nur f\u00fcnf Kilometer vom Ortskern von Jermuk entfernt, sollen noch immer aserbaidschanische Truppen patrouillieren.<br><br>Seit den Angriffen im September 2022&nbsp;ist das Leben in Jermuk ein anderes. Die meisten der etwa 6.000 Einwohner* innen sind zwar zur\u00fcckgekehrt, die gr\u00f6bsten Sch\u00e4den beseitigt und viele Wellnesstempel wie das Olympia l\u00e4ngst wieder ge\u00f6ffnet. Aber was dem Ort fehlt, sind: Tourist*innen, die in Frotteeschlappen schl\u00fcpfen, obwohl vor ihren Zimmerfenstern Milit\u00e4rlaster vorbeiknattern. Und das Urvertrauen in die Berge, in denen sich noch immer aserbaidschanische Truppen verschanzt haben sollen.<br><br>Armenien k\u00e4mpft ums \u00dcberleben. Aufgeben und wegziehen wollen trotzdem nur die wenigsten.<\/p>\n\n\n    <figure class=\"block-photo post__image--half-center has-spacing--m with-title\">\n\n        <div class=\"post__image__container\">\n            <img loading=\"lazy\" decoding=\"async\" \n                src=\"https:\/\/visualjournalism.de\/wp-content\/uploads\/PS_ARMENIEN_Ausstellung-1-768x549.jpg\"\n                srcset=\"https:\/\/visualjournalism.de\/wp-content\/uploads\/PS_ARMENIEN_Ausstellung-1-768x549.jpg 768w, https:\/\/visualjournalism.de\/wp-content\/uploads\/PS_ARMENIEN_Ausstellung-1-300x214.jpg 300w, https:\/\/visualjournalism.de\/wp-content\/uploads\/PS_ARMENIEN_Ausstellung-1-1024x732.jpg 1024w, https:\/\/visualjournalism.de\/wp-content\/uploads\/PS_ARMENIEN_Ausstellung-1-1536x1097.jpg 1536w, https:\/\/visualjournalism.de\/wp-content\/uploads\/PS_ARMENIEN_Ausstellung-1-1920x1372.jpg 1920w, https:\/\/visualjournalism.de\/wp-content\/uploads\/PS_ARMENIEN_Ausstellung-1-1400x1000.jpg 1400w, https:\/\/visualjournalism.de\/wp-content\/uploads\/PS_ARMENIEN_Ausstellung-1-1050x750.jpg 1050w, https:\/\/visualjournalism.de\/wp-content\/uploads\/PS_ARMENIEN_Ausstellung-1-670x479.jpg 670w, https:\/\/visualjournalism.de\/wp-content\/uploads\/PS_ARMENIEN_Ausstellung-1-420x300.jpg 420w, https:\/\/visualjournalism.de\/wp-content\/uploads\/PS_ARMENIEN_Ausstellung-1-350x250.jpg 350w, https:\/\/visualjournalism.de\/wp-content\/uploads\/PS_ARMENIEN_Ausstellung-1-150x107.jpg 150w, https:\/\/visualjournalism.de\/wp-content\/uploads\/PS_ARMENIEN_Ausstellung-1.jpg 2000w\"\n                width=\"768\" \n                height=\"549\"\n                alt=\"\" \n            \/>\n            \n                            <span class=\"post__image__title\">Armenien, Jermuk 03.12.22: Wohnhaus im armenischen Kurort Jermuk.\rEinige Bewohner:innenJermuks und\rviele Tourist:innen h\u00e4tten an diesem\r13. September vorigen Jahres zun\u00e4chst\rgeglaubt, bei dem Spektakel um kurz nach\rMitternacht habe es sich um Feuerwerk\rgehandelt. Ein Fest zu Ehren des\rsu\u0308darmenischen Kurorts vielleicht, in dem\rnach zwei Jahren Corona endlich wieder\rHochbetrieb herrscht, so wie in Kristina\rIvanians Olympia-Sanatorium, einem\rmausgrauen Koloss mit 52 Zimmern.\rBald wird in dieser Nacht jedoch klar,\rwas Ivanian schon zuvor vermutet\rhatte: Aserbaidschan greift armenisches\rStaatsgebiet an. Auch andere Regionen\rim Grenzgebiet stehen gro\u00dffl\u00e4chig unter\rBeschuss.\r\u201eViele G\u00e4ste haben mich gebeten, sie\rdirekt zu evakuieren\u201c, erz\u00e4hlt Ivanian\rzwei Monate sp\u00e4ter. Doch das sei zu\rgef\u00e4hrlich gewesen. Die ganze Nacht\rh\u00e4tten Angestellte und G\u00e4ste im Keller\rausgeharrt, konnten erst am Morgen\rdie Stadt verlassen. Nach zwei Tagen\rEskalation schwiegen die Waffen wieder.\rDa waren rund 300 Menschen entlang der\rGrenze gestorben, der Gro\u00dfteil von ihnen\rSoldaten.<\/span>\n                    <\/div><!-- post__image__container -->\n\n        \n    <\/figure><!-- post__image -->\n\n\n\n \n\n<div class=\"photo-grid grid-layout--2col-5 has-spacing--m\">\n\n            \n\n            <div class=\"photo-grid__image\">\n\n                <figure>\n\n                    <img loading=\"lazy\" decoding=\"async\"  \n                        src=\"https:\/\/visualjournalism.de\/wp-content\/uploads\/PS_ARMENIEN_Ausstellung-3-768x549.jpg\" \n                        srcset=\"https:\/\/visualjournalism.de\/wp-content\/uploads\/PS_ARMENIEN_Ausstellung-3-768x549.jpg 768w, https:\/\/visualjournalism.de\/wp-content\/uploads\/PS_ARMENIEN_Ausstellung-3-300x214.jpg 300w, https:\/\/visualjournalism.de\/wp-content\/uploads\/PS_ARMENIEN_Ausstellung-3-1024x732.jpg 1024w, https:\/\/visualjournalism.de\/wp-content\/uploads\/PS_ARMENIEN_Ausstellung-3-1536x1097.jpg 1536w, https:\/\/visualjournalism.de\/wp-content\/uploads\/PS_ARMENIEN_Ausstellung-3-1920x1372.jpg 1920w, https:\/\/visualjournalism.de\/wp-content\/uploads\/PS_ARMENIEN_Ausstellung-3-1400x1000.jpg 1400w, https:\/\/visualjournalism.de\/wp-content\/uploads\/PS_ARMENIEN_Ausstellung-3-1050x750.jpg 1050w, https:\/\/visualjournalism.de\/wp-content\/uploads\/PS_ARMENIEN_Ausstellung-3-670x479.jpg 670w, https:\/\/visualjournalism.de\/wp-content\/uploads\/PS_ARMENIEN_Ausstellung-3-420x300.jpg 420w, https:\/\/visualjournalism.de\/wp-content\/uploads\/PS_ARMENIEN_Ausstellung-3-350x250.jpg 350w, https:\/\/visualjournalism.de\/wp-content\/uploads\/PS_ARMENIEN_Ausstellung-3-150x107.jpg 150w, https:\/\/visualjournalism.de\/wp-content\/uploads\/PS_ARMENIEN_Ausstellung-3.jpg 2000w\" \n                        width=\"768\"  \n                        height=\"549\" \n                        alt=\"\"  \n                    \/>\n\n                                            <span class=\"photo-grid__image__title\">Armenien, Jermuk, 03.12.22: Am 03.12.2022 bleibt der Schnee fu\u0308r\reinige Zeit liegen und Jugendliche aus\rdem Dorf Gndevaz vertreiben sich unweit\rdes Jermuk Spa Resorts die Zeit mit Drifts\rin einem rostigen Lada.<\/span>\n                    \n                    \n                <\/figure>\n\n            <\/div><!-- photo-grid__image -->    \n\n\n            \n\n                    \n                \n\n            <div class=\"photo-grid__image\">\n\n                <figure>\n\n                    <img loading=\"lazy\" decoding=\"async\"  \n                        src=\"https:\/\/visualjournalism.de\/wp-content\/uploads\/PS_ARMENIEN_Ausstellung-2-768x576.jpg\" \n                        srcset=\"https:\/\/visualjournalism.de\/wp-content\/uploads\/PS_ARMENIEN_Ausstellung-2-768x576.jpg 768w, https:\/\/visualjournalism.de\/wp-content\/uploads\/PS_ARMENIEN_Ausstellung-2-300x225.jpg 300w, https:\/\/visualjournalism.de\/wp-content\/uploads\/PS_ARMENIEN_Ausstellung-2-1024x768.jpg 1024w, https:\/\/visualjournalism.de\/wp-content\/uploads\/PS_ARMENIEN_Ausstellung-2-1536x1152.jpg 1536w, https:\/\/visualjournalism.de\/wp-content\/uploads\/PS_ARMENIEN_Ausstellung-2-1920x1440.jpg 1920w, https:\/\/visualjournalism.de\/wp-content\/uploads\/PS_ARMENIEN_Ausstellung-2-1400x1050.jpg 1400w, https:\/\/visualjournalism.de\/wp-content\/uploads\/PS_ARMENIEN_Ausstellung-2-1050x788.jpg 1050w, https:\/\/visualjournalism.de\/wp-content\/uploads\/PS_ARMENIEN_Ausstellung-2-670x503.jpg 670w, https:\/\/visualjournalism.de\/wp-content\/uploads\/PS_ARMENIEN_Ausstellung-2-420x315.jpg 420w, https:\/\/visualjournalism.de\/wp-content\/uploads\/PS_ARMENIEN_Ausstellung-2-350x263.jpg 350w, https:\/\/visualjournalism.de\/wp-content\/uploads\/PS_ARMENIEN_Ausstellung-2-150x113.jpg 150w, https:\/\/visualjournalism.de\/wp-content\/uploads\/PS_ARMENIEN_Ausstellung-2.jpg 2000w\" \n                        width=\"768\"  \n                        height=\"576\" \n                        alt=\"\"  \n                    \/>\n\n                                            <span class=\"photo-grid__image__title\">Armenien 16.12.22: Eine Frau telefoniert im Wartebereich einer Rastst\u00e4tte zwischen der Hauptstadt Jerewan und Jermuk. Im Fernsehen l\u00e4uft eine armenische Telenovela<\/span>\n                    \n                    \n                <\/figure>\n\n            <\/div><!-- photo-grid__image -->    \n\n\n            \n\n            \n<\/div>\n\n    <figure class=\"block-photo post__image--half-left has-spacing--m with-title\">\n\n        <div class=\"post__image__container\">\n            <img loading=\"lazy\" decoding=\"async\" \n                src=\"https:\/\/visualjournalism.de\/wp-content\/uploads\/PS_ARMENIEN_Ausstellung-4-768x1097.jpg\"\n                srcset=\"https:\/\/visualjournalism.de\/wp-content\/uploads\/PS_ARMENIEN_Ausstellung-4-768x1097.jpg 768w, https:\/\/visualjournalism.de\/wp-content\/uploads\/PS_ARMENIEN_Ausstellung-4-210x300.jpg 210w, https:\/\/visualjournalism.de\/wp-content\/uploads\/PS_ARMENIEN_Ausstellung-4-717x1024.jpg 717w, https:\/\/visualjournalism.de\/wp-content\/uploads\/PS_ARMENIEN_Ausstellung-4-1075x1536.jpg 1075w, https:\/\/visualjournalism.de\/wp-content\/uploads\/PS_ARMENIEN_Ausstellung-4-1050x1500.jpg 1050w, https:\/\/visualjournalism.de\/wp-content\/uploads\/PS_ARMENIEN_Ausstellung-4-670x957.jpg 670w, https:\/\/visualjournalism.de\/wp-content\/uploads\/PS_ARMENIEN_Ausstellung-4-420x600.jpg 420w, https:\/\/visualjournalism.de\/wp-content\/uploads\/PS_ARMENIEN_Ausstellung-4-350x500.jpg 350w, https:\/\/visualjournalism.de\/wp-content\/uploads\/PS_ARMENIEN_Ausstellung-4-300x429.jpg 300w, https:\/\/visualjournalism.de\/wp-content\/uploads\/PS_ARMENIEN_Ausstellung-4-150x214.jpg 150w, https:\/\/visualjournalism.de\/wp-content\/uploads\/PS_ARMENIEN_Ausstellung-4.jpg 1400w\"\n                width=\"768\" \n                height=\"1097\"\n                alt=\"\" \n            \/>\n            \n                            <span class=\"post__image__title\">Armenien, Jermuk, 03.12.22: Strommast und Wegweiser zu einem Restaurant in Jermuk.\rSeit den Angriffen im September ist das\rLeben in Jermuk ein anderes. Die meisten\rder etwa 6.000 Einwohner:\rinnen sind zwar zuru\u0308ckgekehrt, die gr\u00f6bsten Sch\u00e4den beseitigt und viele Wellnesstempel wie das Olympia l\u00e4ngst wieder ge\u00f6ffnet. Aber was dem Ort fehlt, sind: Tourist:innen, die\rin Frotteeschlappen schlu\u0308pfen, obwohl\rvor ihren Zimmerfenstern Milit\u00e4rlaster\rvorbeiknattern. Und das Urvertrauen\rin die Berge, in denen sich noch immer\raserbaidschanische Truppen verschanzt\rhaben sollen.<\/span>\n                    <\/div><!-- post__image__container -->\n\n        \n    <\/figure><!-- post__image -->\n\n\n\n    <figure class=\"block-photo post__image--wide-right has-spacing--m with-title\">\n\n        <div class=\"post__image__container\">\n            <img loading=\"lazy\" decoding=\"async\" \n                src=\"https:\/\/visualjournalism.de\/wp-content\/uploads\/PS_ARMENIEN_Ausstellung-5-1050x788.jpg\"\n                srcset=\"https:\/\/visualjournalism.de\/wp-content\/uploads\/PS_ARMENIEN_Ausstellung-5-1050x788.jpg 1050w, https:\/\/visualjournalism.de\/wp-content\/uploads\/PS_ARMENIEN_Ausstellung-5-300x225.jpg 300w, https:\/\/visualjournalism.de\/wp-content\/uploads\/PS_ARMENIEN_Ausstellung-5-1024x768.jpg 1024w, https:\/\/visualjournalism.de\/wp-content\/uploads\/PS_ARMENIEN_Ausstellung-5-768x576.jpg 768w, https:\/\/visualjournalism.de\/wp-content\/uploads\/PS_ARMENIEN_Ausstellung-5-1536x1152.jpg 1536w, https:\/\/visualjournalism.de\/wp-content\/uploads\/PS_ARMENIEN_Ausstellung-5-1920x1440.jpg 1920w, https:\/\/visualjournalism.de\/wp-content\/uploads\/PS_ARMENIEN_Ausstellung-5-1400x1050.jpg 1400w, https:\/\/visualjournalism.de\/wp-content\/uploads\/PS_ARMENIEN_Ausstellung-5-670x503.jpg 670w, https:\/\/visualjournalism.de\/wp-content\/uploads\/PS_ARMENIEN_Ausstellung-5-420x315.jpg 420w, https:\/\/visualjournalism.de\/wp-content\/uploads\/PS_ARMENIEN_Ausstellung-5-350x263.jpg 350w, https:\/\/visualjournalism.de\/wp-content\/uploads\/PS_ARMENIEN_Ausstellung-5-150x113.jpg 150w, https:\/\/visualjournalism.de\/wp-content\/uploads\/PS_ARMENIEN_Ausstellung-5.jpg 2000w\"\n                width=\"1050\" \n                height=\"788\"\n                alt=\"\" \n            \/>\n            \n                            <span class=\"post__image__title\">Armenien, Jermuk, 16.12.22: Viktoria Gregorian arbeitet als Lehrerin\rin Jermuk. Geboren und aufgewachsen\rist sie jedoch in Baku, Aserbaidschan. Sie\rlernte in der Sowjet-Union Deutsch und\rerinnert sich an eine Zeit, in der beide\rV\u00f6lker friedlich nebeneinander her lebten.\rNach den Angriffen im September verlie\u00df\rsie als eine von wenigen ihre Wohnung in Jermuk nicht. Am Morgen blickt sie von ihrem Schlafzimmer aus auf die nun besetzten Bergh\u00e4nge.<\/span>\n                    <\/div><!-- post__image__container -->\n\n        \n    <\/figure><!-- post__image -->\n\n\n\n    <figure class=\"block-photo post__image--half-center has-spacing--m with-title\">\n\n        <div class=\"post__image__container\">\n            <img loading=\"lazy\" decoding=\"async\" \n                src=\"https:\/\/visualjournalism.de\/wp-content\/uploads\/PS_ARMENIEN_Ausstellung-6-768x1024.jpg\"\n                srcset=\"https:\/\/visualjournalism.de\/wp-content\/uploads\/PS_ARMENIEN_Ausstellung-6-768x1024.jpg 768w, https:\/\/visualjournalism.de\/wp-content\/uploads\/PS_ARMENIEN_Ausstellung-6-225x300.jpg 225w, https:\/\/visualjournalism.de\/wp-content\/uploads\/PS_ARMENIEN_Ausstellung-6-1152x1536.jpg 1152w, https:\/\/visualjournalism.de\/wp-content\/uploads\/PS_ARMENIEN_Ausstellung-6-1400x1867.jpg 1400w, https:\/\/visualjournalism.de\/wp-content\/uploads\/PS_ARMENIEN_Ausstellung-6-1050x1400.jpg 1050w, https:\/\/visualjournalism.de\/wp-content\/uploads\/PS_ARMENIEN_Ausstellung-6-670x893.jpg 670w, https:\/\/visualjournalism.de\/wp-content\/uploads\/PS_ARMENIEN_Ausstellung-6-420x560.jpg 420w, https:\/\/visualjournalism.de\/wp-content\/uploads\/PS_ARMENIEN_Ausstellung-6-350x467.jpg 350w, https:\/\/visualjournalism.de\/wp-content\/uploads\/PS_ARMENIEN_Ausstellung-6-300x400.jpg 300w, https:\/\/visualjournalism.de\/wp-content\/uploads\/PS_ARMENIEN_Ausstellung-6-640x853.jpg 640w, https:\/\/visualjournalism.de\/wp-content\/uploads\/PS_ARMENIEN_Ausstellung-6-150x200.jpg 150w, https:\/\/visualjournalism.de\/wp-content\/uploads\/PS_ARMENIEN_Ausstellung-6.jpg 1500w\"\n                width=\"768\" \n                height=\"1024\"\n                alt=\"\" \n            \/>\n            \n                            <span class=\"post__image__title\">Armenien, Jerewan: Eine Demonstrantin wird am 06.12.2022\rvon Polizisten abgefu\u0308hrt und fu\u0308r\rmehr als drei Stunden inhaftiert. Der\rProtest in der Hauptstadt Jerewan\rfordert den Transport des inhaftierten\rAnfu\u0308hrers der pro-westlichen National-\rDemokratischen Bewegung, Varuzhan\rAvetisyan, aus dem Gef\u00e4ngnis in ein ziviles\rKrankenhaus aufgrund seiner kritischen\rgesundheitlichen Verfassung.<\/span>\n                    <\/div><!-- post__image__container -->\n\n        \n    <\/figure><!-- post__image -->\n\n\n\n\n        <figure class=\"post-image--cover has-spacing--none\">\n\n            <img decoding=\"async\" src=\"https:\/\/visualjournalism.de\/wp-content\/uploads\/PS_ARMENIEN_Ausstellung-7.jpg\"  alt=\"\" \/>\n            \n                            <span class=\"post__image__title\">Armenien, Goris, 12.12.22: In der Stadt Goris und den umliegenden\rD\u00f6rfern bewohnten Menschen bis in die\r1950er Jahre natu\u0308rliche H\u00f6hlen in den\rBergen. Sp\u00e4ter verlie\u00dfen sie diese, um\rH\u00e4user in deren N\u00e4he zu bauen, und\rnutzten die H\u00f6hlen weiterhin, entweder\rfu\u0308r ihre Tiere und die landwirtschaftliche\rArbeit oder um im Sommer der Hitze zu\rentkommen.\rDoch im September 2022, als Goris,\rVerishen und viele weitere Gemeinden\rin der Region Syunik von Aserbaidschan\rbeschossen wurden, flohen die\rBewohner:innen in die Berge.\rJetzt bauen sie, wie die Familie um\rAlina Minasyan (41) und ihren\r13-j\u00e4hrigen Sohn Hayk die H\u00f6hlen zu\rLuftschutzbunkern aus und legen Strom und\rWasseranschlu\u0308sse an, um fu\u0308r den Fall\reines weiteren Angriffs geru\u0308stet zu sein.<\/span>\n            \n        <\/figure><!-- post-image--cover -->\n\n    \n\n\n\n<p class=\"post__paragraph is-style-typo--soehne has-spacing--m\"><strong>In der Stadt Goris<\/strong> und den umliegenden D\u00f6rfern bewohnten Menschen bis in die 1950er Jahre natu\u0308rliche H\u00f6hlen in den Bergen. Sp\u00e4ter verlie\u00dfen sie diese, um H\u00e4user in deren N\u00e4he zu bauen, und nutzten die H\u00f6hlen weiterhin, entweder fu\u0308r ihre Tiere und die landwirtschaftliche Arbeit oder um im Sommer der Hitze zu entkommen. Doch im September 2022, als Goris, Verishen und viele weitere Gemeinden in der Region Syunik von Aserbaidschan beschossen wurden, flohen die Bewohner*innen in die Berge. Jetzt bauen sie, wie die Familie um Alina Minasyan und ihren 13-j\u00e4hrigen Sohn Hayk die H\u00f6hlen zu Luftschutzbunkern aus und legen Strom und Wasseranschlu\u0308sse an, um fu\u0308r den Fall eines weiteren Angriffs geru\u0308stet zu sein.<\/p>\n\n\n    <figure class=\"block-photo post__image--half-left has-spacing--m with-title\">\n\n        <div class=\"post__image__container\">\n            <img loading=\"lazy\" decoding=\"async\" \n                src=\"https:\/\/visualjournalism.de\/wp-content\/uploads\/PS_ARMENIEN_Ausstellung-8-768x549.jpg\"\n                srcset=\"https:\/\/visualjournalism.de\/wp-content\/uploads\/PS_ARMENIEN_Ausstellung-8-768x549.jpg 768w, https:\/\/visualjournalism.de\/wp-content\/uploads\/PS_ARMENIEN_Ausstellung-8-300x214.jpg 300w, https:\/\/visualjournalism.de\/wp-content\/uploads\/PS_ARMENIEN_Ausstellung-8-1024x732.jpg 1024w, https:\/\/visualjournalism.de\/wp-content\/uploads\/PS_ARMENIEN_Ausstellung-8-1536x1097.jpg 1536w, https:\/\/visualjournalism.de\/wp-content\/uploads\/PS_ARMENIEN_Ausstellung-8-1920x1372.jpg 1920w, https:\/\/visualjournalism.de\/wp-content\/uploads\/PS_ARMENIEN_Ausstellung-8-1400x1000.jpg 1400w, https:\/\/visualjournalism.de\/wp-content\/uploads\/PS_ARMENIEN_Ausstellung-8-1050x750.jpg 1050w, https:\/\/visualjournalism.de\/wp-content\/uploads\/PS_ARMENIEN_Ausstellung-8-670x479.jpg 670w, https:\/\/visualjournalism.de\/wp-content\/uploads\/PS_ARMENIEN_Ausstellung-8-420x300.jpg 420w, https:\/\/visualjournalism.de\/wp-content\/uploads\/PS_ARMENIEN_Ausstellung-8-350x250.jpg 350w, https:\/\/visualjournalism.de\/wp-content\/uploads\/PS_ARMENIEN_Ausstellung-8-150x107.jpg 150w, https:\/\/visualjournalism.de\/wp-content\/uploads\/PS_ARMENIEN_Ausstellung-8.jpg 2000w\"\n                width=\"768\" \n                height=\"549\"\n                alt=\"\" \n            \/>\n            \n                            <span class=\"post__image__title\">Armenien, Goris, 11.12.22: In der Stadt Goris im Su\u0308den Armeniens nahe der Grenze zu Aserbaidschan treffen sich Levon Arshakyan (25, im Bildzentrum) und seine Freunde ein\rmal im Monat um abends gemeinsam\rzu grillen und mit selbstgebrannten\rMaulbeer-Vodka auf das Leben\ranzusto\u00dfen.<\/span>\n                    <\/div><!-- post__image__container -->\n\n        \n    <\/figure><!-- post__image -->\n\n\n\n    <figure class=\"block-photo post__image--wide-right has-spacing--m with-title\">\n\n        <div class=\"post__image__container\">\n            <img loading=\"lazy\" decoding=\"async\" \n                src=\"https:\/\/visualjournalism.de\/wp-content\/uploads\/PS_ARMENIEN_Ausstellung-10-1050x750.jpg\"\n                srcset=\"https:\/\/visualjournalism.de\/wp-content\/uploads\/PS_ARMENIEN_Ausstellung-10-1050x750.jpg 1050w, https:\/\/visualjournalism.de\/wp-content\/uploads\/PS_ARMENIEN_Ausstellung-10-300x214.jpg 300w, https:\/\/visualjournalism.de\/wp-content\/uploads\/PS_ARMENIEN_Ausstellung-10-1024x732.jpg 1024w, https:\/\/visualjournalism.de\/wp-content\/uploads\/PS_ARMENIEN_Ausstellung-10-768x549.jpg 768w, https:\/\/visualjournalism.de\/wp-content\/uploads\/PS_ARMENIEN_Ausstellung-10-1536x1097.jpg 1536w, https:\/\/visualjournalism.de\/wp-content\/uploads\/PS_ARMENIEN_Ausstellung-10-1920x1372.jpg 1920w, https:\/\/visualjournalism.de\/wp-content\/uploads\/PS_ARMENIEN_Ausstellung-10-1400x1000.jpg 1400w, https:\/\/visualjournalism.de\/wp-content\/uploads\/PS_ARMENIEN_Ausstellung-10-670x479.jpg 670w, https:\/\/visualjournalism.de\/wp-content\/uploads\/PS_ARMENIEN_Ausstellung-10-420x300.jpg 420w, https:\/\/visualjournalism.de\/wp-content\/uploads\/PS_ARMENIEN_Ausstellung-10-350x250.jpg 350w, https:\/\/visualjournalism.de\/wp-content\/uploads\/PS_ARMENIEN_Ausstellung-10-150x107.jpg 150w, https:\/\/visualjournalism.de\/wp-content\/uploads\/PS_ARMENIEN_Ausstellung-10.jpg 2000w\"\n                width=\"1050\" \n                height=\"750\"\n                alt=\"\" \n            \/>\n            \n                            <span class=\"post__image__title\">Armenien, Jerewan, 01.12.22: Menschen mit Beinamputationen k\u00f6rperlich und geistig zu einem erfu\u0308llten Leben zu verhelfen &#8211; das ist das Ziel der in Armenien ans\u00e4ssigen NGO Oqni &#8211; armenisch fu\u0308r \u201eHilf!\u201c. Die Organisation,\rdie sich fu\u0308r die Entwicklung von\rProthesentechnologie in Armenien einsetzt, wurde 2021 von einem interdisziplin\u00e4ren Team aus Diaspora- Armenier:innen gegru\u0308ndet.\rArshak (49) interessiert sich fu\u0308r die kostenfreien 3D-gedruckten und ma\u00dfgeschneiderten Prothesenabdeckungen von Oqni. Arshak nahm am Ersten Berg-Karabach-Krieg von 1992 bis 1994 teil und war zwanzig Jahre alt, als er bei einer Minenexplosion verwundet wurde. \u201eAls das zweite Bein amputiert wurde, tat es weh. Ein Mann ohne beide Beine&#8230; Ich konnte mir nicht\reinmal vorstellen, was mich erwartete\u201c,\rgibt Arshak zu. \u201eZum Glu\u0308ck halfen mir meine Freunde, und ich konnte mich schnell rehabilitieren. Mir wurde klar, dass das Leben weitergeht.\u201c Heute ist Arshak Mitglied der armenischen Para-Hockeymannschaft und des Rollstuhlbasketball-Teams.\rAls Industriedesigner sah Shamil Sahabiev\r(39) nach dem Beginn des Krieges in der\rUkraine keine Zukunft mehr in Moskau,\rzog im Mai nach Jerewan und arbeitet\rfortan fu\u0308r Oqni.<\/span>\n                    <\/div><!-- post__image__container -->\n\n        \n    <\/figure><!-- post__image -->\n\n\n\n    <figure class=\"block-photo post__image--wide-left has-spacing--m with-title\">\n\n        <div class=\"post__image__container\">\n            <img loading=\"lazy\" decoding=\"async\" \n                src=\"https:\/\/visualjournalism.de\/wp-content\/uploads\/PS_ARMENIEN_Ausstellung-11-1050x750.jpg\"\n                srcset=\"https:\/\/visualjournalism.de\/wp-content\/uploads\/PS_ARMENIEN_Ausstellung-11-1050x750.jpg 1050w, https:\/\/visualjournalism.de\/wp-content\/uploads\/PS_ARMENIEN_Ausstellung-11-300x214.jpg 300w, https:\/\/visualjournalism.de\/wp-content\/uploads\/PS_ARMENIEN_Ausstellung-11-1024x732.jpg 1024w, https:\/\/visualjournalism.de\/wp-content\/uploads\/PS_ARMENIEN_Ausstellung-11-768x549.jpg 768w, https:\/\/visualjournalism.de\/wp-content\/uploads\/PS_ARMENIEN_Ausstellung-11-1536x1097.jpg 1536w, https:\/\/visualjournalism.de\/wp-content\/uploads\/PS_ARMENIEN_Ausstellung-11-1920x1372.jpg 1920w, https:\/\/visualjournalism.de\/wp-content\/uploads\/PS_ARMENIEN_Ausstellung-11-1400x1000.jpg 1400w, https:\/\/visualjournalism.de\/wp-content\/uploads\/PS_ARMENIEN_Ausstellung-11-670x479.jpg 670w, https:\/\/visualjournalism.de\/wp-content\/uploads\/PS_ARMENIEN_Ausstellung-11-420x300.jpg 420w, https:\/\/visualjournalism.de\/wp-content\/uploads\/PS_ARMENIEN_Ausstellung-11-350x250.jpg 350w, https:\/\/visualjournalism.de\/wp-content\/uploads\/PS_ARMENIEN_Ausstellung-11-150x107.jpg 150w, https:\/\/visualjournalism.de\/wp-content\/uploads\/PS_ARMENIEN_Ausstellung-11.jpg 2000w\"\n                width=\"1050\" \n                height=\"750\"\n                alt=\"\" \n            \/>\n            \n                            <span class=\"post__image__title\">Armenien, Jermuk, 04.12.22: Kerzen und Gebet: Soldaten w\u00e4hrend des Gottesdienstes in der St.-Gayane-Kirche in Jermuk.<\/span>\n                    <\/div><!-- post__image__container -->\n\n        \n    <\/figure><!-- post__image -->\n\n\n\n    <figure class=\"block-photo post__image--half-center has-spacing--m with-title\">\n\n        <div class=\"post__image__container\">\n            <img loading=\"lazy\" decoding=\"async\" \n                src=\"https:\/\/visualjournalism.de\/wp-content\/uploads\/PS_ARMENIEN_Ausstellung-12-768x1024.jpg\"\n                srcset=\"https:\/\/visualjournalism.de\/wp-content\/uploads\/PS_ARMENIEN_Ausstellung-12-768x1024.jpg 768w, https:\/\/visualjournalism.de\/wp-content\/uploads\/PS_ARMENIEN_Ausstellung-12-225x300.jpg 225w, https:\/\/visualjournalism.de\/wp-content\/uploads\/PS_ARMENIEN_Ausstellung-12-1152x1536.jpg 1152w, https:\/\/visualjournalism.de\/wp-content\/uploads\/PS_ARMENIEN_Ausstellung-12-1400x1867.jpg 1400w, https:\/\/visualjournalism.de\/wp-content\/uploads\/PS_ARMENIEN_Ausstellung-12-1050x1400.jpg 1050w, https:\/\/visualjournalism.de\/wp-content\/uploads\/PS_ARMENIEN_Ausstellung-12-670x893.jpg 670w, https:\/\/visualjournalism.de\/wp-content\/uploads\/PS_ARMENIEN_Ausstellung-12-420x560.jpg 420w, https:\/\/visualjournalism.de\/wp-content\/uploads\/PS_ARMENIEN_Ausstellung-12-350x467.jpg 350w, https:\/\/visualjournalism.de\/wp-content\/uploads\/PS_ARMENIEN_Ausstellung-12-300x400.jpg 300w, https:\/\/visualjournalism.de\/wp-content\/uploads\/PS_ARMENIEN_Ausstellung-12-640x853.jpg 640w, https:\/\/visualjournalism.de\/wp-content\/uploads\/PS_ARMENIEN_Ausstellung-12-150x200.jpg 150w, https:\/\/visualjournalism.de\/wp-content\/uploads\/PS_ARMENIEN_Ausstellung-12.jpg 1500w\"\n                width=\"768\" \n                height=\"1024\"\n                alt=\"\" \n            \/>\n            \n                            <span class=\"post__image__title\">Armenien, Jermuk, 03.12.22: Maxim (23) arbeitet als Koch in Jermuk\rund gru\u0308ndete mit einer Gruppe von\rFreund:innen das Jugendzentrum\r\u201eDolphins\u201c, um aktiv das Bildungsund\rKulturangebot in der Kleinstadt\rzu verbessern. Insbesondere nach den\rju\u0308ngsten Angriffen, wurde das Zentrum\rfu\u0308r viele ein Ru\u0308ckzugsort. Zum Programm\rgeh\u00f6ren Tanzstunden mit armenischer\rFolklore und Kochkurse.<\/span>\n                    <\/div><!-- post__image__container -->\n\n        \n    <\/figure><!-- post__image -->\n\n\n\n \n\n<div class=\"photo-grid grid-layout--2col-5 has-spacing--m\">\n\n            \n\n            <div class=\"photo-grid__image\">\n\n                <figure>\n\n                    <img loading=\"lazy\" decoding=\"async\"  \n                        src=\"https:\/\/visualjournalism.de\/wp-content\/uploads\/PS_ARMENIEN_Ausstellung-13-768x1024.jpg\" \n                        srcset=\"https:\/\/visualjournalism.de\/wp-content\/uploads\/PS_ARMENIEN_Ausstellung-13-768x1024.jpg 768w, https:\/\/visualjournalism.de\/wp-content\/uploads\/PS_ARMENIEN_Ausstellung-13-225x300.jpg 225w, https:\/\/visualjournalism.de\/wp-content\/uploads\/PS_ARMENIEN_Ausstellung-13-1152x1536.jpg 1152w, https:\/\/visualjournalism.de\/wp-content\/uploads\/PS_ARMENIEN_Ausstellung-13-1400x1867.jpg 1400w, https:\/\/visualjournalism.de\/wp-content\/uploads\/PS_ARMENIEN_Ausstellung-13-1050x1400.jpg 1050w, https:\/\/visualjournalism.de\/wp-content\/uploads\/PS_ARMENIEN_Ausstellung-13-670x893.jpg 670w, https:\/\/visualjournalism.de\/wp-content\/uploads\/PS_ARMENIEN_Ausstellung-13-420x560.jpg 420w, https:\/\/visualjournalism.de\/wp-content\/uploads\/PS_ARMENIEN_Ausstellung-13-350x467.jpg 350w, https:\/\/visualjournalism.de\/wp-content\/uploads\/PS_ARMENIEN_Ausstellung-13-300x400.jpg 300w, https:\/\/visualjournalism.de\/wp-content\/uploads\/PS_ARMENIEN_Ausstellung-13-640x853.jpg 640w, https:\/\/visualjournalism.de\/wp-content\/uploads\/PS_ARMENIEN_Ausstellung-13-150x200.jpg 150w, https:\/\/visualjournalism.de\/wp-content\/uploads\/PS_ARMENIEN_Ausstellung-13.jpg 1500w\" \n                        width=\"768\"  \n                        height=\"1024\" \n                        alt=\"\"  \n                    \/>\n\n                                            <span class=\"photo-grid__image__title\">Armnien, Jermuk, 03.12.22: Hotelmanagerin Kristina Ivanian (38) pflu\u0308ckt die einheimische\rWei\u00dfdorn-Beere. 2019 galt sie als\rArznei-Pflanze des Jahres. Vom Wei\u00dfdorn\rsind vielerlei mythische und rituelle\rBedeutungen aus unterschiedlichen\rEpochen u\u0308berliefert. Verschiedene\rBezeichnungen resultieren aus seiner\rVerwendung als Heckenpflanze zur\rAbgrenzung von Grundstu\u0308cken und\raus seiner Kraft, b\u00f6sartige Geister\rabzuwehren.<\/span>\n                    \n                    \n                <\/figure>\n\n            <\/div><!-- photo-grid__image -->    \n\n\n            \n\n                    \n                \n\n            <div class=\"photo-grid__image\">\n\n                <figure>\n\n                    <img loading=\"lazy\" decoding=\"async\"  \n                        src=\"https:\/\/visualjournalism.de\/wp-content\/uploads\/PS_ARMENIEN_Ausstellung-14-768x1024.jpg\" \n                        srcset=\"https:\/\/visualjournalism.de\/wp-content\/uploads\/PS_ARMENIEN_Ausstellung-14-768x1024.jpg 768w, https:\/\/visualjournalism.de\/wp-content\/uploads\/PS_ARMENIEN_Ausstellung-14-225x300.jpg 225w, https:\/\/visualjournalism.de\/wp-content\/uploads\/PS_ARMENIEN_Ausstellung-14-1152x1536.jpg 1152w, https:\/\/visualjournalism.de\/wp-content\/uploads\/PS_ARMENIEN_Ausstellung-14-1400x1867.jpg 1400w, https:\/\/visualjournalism.de\/wp-content\/uploads\/PS_ARMENIEN_Ausstellung-14-1050x1400.jpg 1050w, https:\/\/visualjournalism.de\/wp-content\/uploads\/PS_ARMENIEN_Ausstellung-14-670x893.jpg 670w, https:\/\/visualjournalism.de\/wp-content\/uploads\/PS_ARMENIEN_Ausstellung-14-420x560.jpg 420w, https:\/\/visualjournalism.de\/wp-content\/uploads\/PS_ARMENIEN_Ausstellung-14-350x467.jpg 350w, https:\/\/visualjournalism.de\/wp-content\/uploads\/PS_ARMENIEN_Ausstellung-14-300x400.jpg 300w, https:\/\/visualjournalism.de\/wp-content\/uploads\/PS_ARMENIEN_Ausstellung-14-640x853.jpg 640w, https:\/\/visualjournalism.de\/wp-content\/uploads\/PS_ARMENIEN_Ausstellung-14-150x200.jpg 150w, https:\/\/visualjournalism.de\/wp-content\/uploads\/PS_ARMENIEN_Ausstellung-14.jpg 1500w\" \n                        width=\"768\"  \n                        height=\"1024\" \n                        alt=\"\"  \n                    \/>\n\n                                            <span class=\"photo-grid__image__title\">Armenien, Jermuk, 03.12.22: Kristina Ivanian (38) ist Managerin des\rOlympia Sanatoriums und Jermuk Spa\rResorts. In der Nacht zum 13. September\rversorgte sie Ihre G\u00e4ste in Schutzkellern\rund organisierte Evakuierungen aus der\rStadt heraus. Bereits zwei Jahre zuvor half\rsie als Freiwillige w\u00e4hrend des 44-Tage\rKrieges in Berg-Karabach.<\/span>\n                    \n                    \n                <\/figure>\n\n            <\/div><!-- photo-grid__image -->    \n\n\n            \n\n            \n<\/div>\n\n    <figure class=\"block-photo post__image--half-right has-spacing--m with-title\">\n\n        <div class=\"post__image__container\">\n            <img loading=\"lazy\" decoding=\"async\" \n                src=\"https:\/\/visualjournalism.de\/wp-content\/uploads\/PS_ARMENIEN_Ausstellung-15-768x576.jpg\"\n                srcset=\"https:\/\/visualjournalism.de\/wp-content\/uploads\/PS_ARMENIEN_Ausstellung-15-768x576.jpg 768w, https:\/\/visualjournalism.de\/wp-content\/uploads\/PS_ARMENIEN_Ausstellung-15-300x225.jpg 300w, https:\/\/visualjournalism.de\/wp-content\/uploads\/PS_ARMENIEN_Ausstellung-15-1024x768.jpg 1024w, https:\/\/visualjournalism.de\/wp-content\/uploads\/PS_ARMENIEN_Ausstellung-15-1536x1152.jpg 1536w, https:\/\/visualjournalism.de\/wp-content\/uploads\/PS_ARMENIEN_Ausstellung-15-1920x1440.jpg 1920w, https:\/\/visualjournalism.de\/wp-content\/uploads\/PS_ARMENIEN_Ausstellung-15-1400x1050.jpg 1400w, https:\/\/visualjournalism.de\/wp-content\/uploads\/PS_ARMENIEN_Ausstellung-15-1050x788.jpg 1050w, https:\/\/visualjournalism.de\/wp-content\/uploads\/PS_ARMENIEN_Ausstellung-15-670x503.jpg 670w, https:\/\/visualjournalism.de\/wp-content\/uploads\/PS_ARMENIEN_Ausstellung-15-420x315.jpg 420w, https:\/\/visualjournalism.de\/wp-content\/uploads\/PS_ARMENIEN_Ausstellung-15-350x263.jpg 350w, https:\/\/visualjournalism.de\/wp-content\/uploads\/PS_ARMENIEN_Ausstellung-15-150x113.jpg 150w, https:\/\/visualjournalism.de\/wp-content\/uploads\/PS_ARMENIEN_Ausstellung-15.jpg 2000w\"\n                width=\"768\" \n                height=\"576\"\n                alt=\"\" \n            \/>\n            \n                            <span class=\"post__image__title\">Armenien, Jermuk, 04.12.22: Kneipp-Therapie. G\u00e4ste des Jermuk Spa\rResorts genie\u00dfen die Ruhe.\rKristina Ivanians Schritte hallen durch\rden langen Kellergang. Vor der Tu\u0308r mit\rder Aufschrift \u201eAromatherapie\u201c bleibt\rdie Hotel-Managerin stehen und dru\u0308ckt\rsie auf. Ein su\u0308\u00dflicher Geruch schl\u00e4gt ihr\rentgegen. \u201eSternanis\u201c,\rsagt Ivanian. In den Behandlungsr\u00e4umen des \u201eOlympia Sanatoriums\u201c h\u00e4tten Ivanian und ihr\rPersonal ihre u\u0308berraschten G\u00e4ste in der\rNacht einquartiert. Die Massagesessel\rund Sofas kurzerhand in Feldbetten\rumfunktioniert, w\u00e4hrend von drau\u00dfen\raus den Bergen lautes Dr\u00f6hnen zu h\u00f6ren\rgewesen sei und grelle Lichter in den\rW\u00e4ldern aufblitzten.<\/span>\n                    <\/div><!-- post__image__container -->\n\n        \n    <\/figure><!-- post__image -->\n\n\n\n    <figure class=\"block-photo post__image--half-left has-spacing--m with-title\">\n\n        <div class=\"post__image__container\">\n            <img loading=\"lazy\" decoding=\"async\" \n                src=\"https:\/\/visualjournalism.de\/wp-content\/uploads\/PS_ARMENIEN_Ausstellung-16-768x576.jpg\"\n                srcset=\"https:\/\/visualjournalism.de\/wp-content\/uploads\/PS_ARMENIEN_Ausstellung-16-768x576.jpg 768w, https:\/\/visualjournalism.de\/wp-content\/uploads\/PS_ARMENIEN_Ausstellung-16-300x225.jpg 300w, https:\/\/visualjournalism.de\/wp-content\/uploads\/PS_ARMENIEN_Ausstellung-16-1024x768.jpg 1024w, https:\/\/visualjournalism.de\/wp-content\/uploads\/PS_ARMENIEN_Ausstellung-16-1536x1152.jpg 1536w, https:\/\/visualjournalism.de\/wp-content\/uploads\/PS_ARMENIEN_Ausstellung-16-1920x1440.jpg 1920w, https:\/\/visualjournalism.de\/wp-content\/uploads\/PS_ARMENIEN_Ausstellung-16-1400x1050.jpg 1400w, https:\/\/visualjournalism.de\/wp-content\/uploads\/PS_ARMENIEN_Ausstellung-16-1050x788.jpg 1050w, https:\/\/visualjournalism.de\/wp-content\/uploads\/PS_ARMENIEN_Ausstellung-16-670x503.jpg 670w, https:\/\/visualjournalism.de\/wp-content\/uploads\/PS_ARMENIEN_Ausstellung-16-420x315.jpg 420w, https:\/\/visualjournalism.de\/wp-content\/uploads\/PS_ARMENIEN_Ausstellung-16-350x263.jpg 350w, https:\/\/visualjournalism.de\/wp-content\/uploads\/PS_ARMENIEN_Ausstellung-16-150x113.jpg 150w, https:\/\/visualjournalism.de\/wp-content\/uploads\/PS_ARMENIEN_Ausstellung-16.jpg 2000w\"\n                width=\"768\" \n                height=\"576\"\n                alt=\"\" \n            \/>\n            \n                            <span class=\"post__image__title\">Armenien, Jermuk, 04.12.22: Die Natur hat Jermuk bis u\u0308ber die Grenzen Armeniens hinaus bekannt gemacht. Rings um die Stadt entspringen natu\u0308rliche Mineralquellen. Nach dem Zweiten Weltkrieg wurden diese wirtschaftlich erschlossen und es wurde eine Fabrik fu\u0308r Mineralwasser gebaut, die immer weiter expandierte. Heute gibt es die Flaschen an jedem Stra\u00dfenkiosk in Armenien zu kaufen. Hauptexportl\u00e4nder sind Russland und die Vereinigten Staaten, wo die beiden gr\u00f6\u00dften armenischen Diasporacommunitys leben. Auch die ersten Hotels und Sanatorien, wie das \u201eGladzor\u201c, entstanden Mitte des 20. Jahrhunderts. So wurde Jermuk schon zu Sowjetzeiten nicht nur ein Kurort\rfu\u0308r Kriegsveteranen, sondern auch ein\rbeliebtes Urlaubsziel.<\/span>\n                    <\/div><!-- post__image__container -->\n\n        \n    <\/figure><!-- post__image -->\n\n\n\n    <figure class=\"block-photo post__image--full has-spacing--m with-title\">\n\n        <div class=\"post__image__container\">\n            <img loading=\"lazy\" decoding=\"async\" \n                src=\"https:\/\/visualjournalism.de\/wp-content\/uploads\/PS_ARMENIEN_Ausstellung-17-1400x1050.jpg\"\n                srcset=\"https:\/\/visualjournalism.de\/wp-content\/uploads\/PS_ARMENIEN_Ausstellung-17-1400x1050.jpg 1400w, https:\/\/visualjournalism.de\/wp-content\/uploads\/PS_ARMENIEN_Ausstellung-17-300x225.jpg 300w, https:\/\/visualjournalism.de\/wp-content\/uploads\/PS_ARMENIEN_Ausstellung-17-1024x768.jpg 1024w, https:\/\/visualjournalism.de\/wp-content\/uploads\/PS_ARMENIEN_Ausstellung-17-768x576.jpg 768w, https:\/\/visualjournalism.de\/wp-content\/uploads\/PS_ARMENIEN_Ausstellung-17-1536x1152.jpg 1536w, https:\/\/visualjournalism.de\/wp-content\/uploads\/PS_ARMENIEN_Ausstellung-17-1920x1440.jpg 1920w, https:\/\/visualjournalism.de\/wp-content\/uploads\/PS_ARMENIEN_Ausstellung-17-1050x788.jpg 1050w, https:\/\/visualjournalism.de\/wp-content\/uploads\/PS_ARMENIEN_Ausstellung-17-670x503.jpg 670w, https:\/\/visualjournalism.de\/wp-content\/uploads\/PS_ARMENIEN_Ausstellung-17-420x315.jpg 420w, https:\/\/visualjournalism.de\/wp-content\/uploads\/PS_ARMENIEN_Ausstellung-17-350x263.jpg 350w, https:\/\/visualjournalism.de\/wp-content\/uploads\/PS_ARMENIEN_Ausstellung-17-150x113.jpg 150w, https:\/\/visualjournalism.de\/wp-content\/uploads\/PS_ARMENIEN_Ausstellung-17.jpg 2000w\"\n                width=\"1400\" \n                height=\"1050\"\n                alt=\"\" \n            \/>\n            \n                            <span class=\"post__image__title\">Armenien, Jerewan, 26.11.22: Demonstration in Jerewan am 26.11.22:\rW\u00e4hrend des sechsw\u00f6chigen Krieges\r2020 mit mehr als 6.500 Todesopfern\reroberte Aserbaidschan gro\u00dfe Teile\rBergkarabachs zuru\u0308ck. In einem von\rRussland vermittelten Waffenstillstand\rbekam Aserbaidschan daru\u0308ber hinaus\rGebiete um Karabach zugesprochen, die\rbis dahin unter armenischer Kontrolle\rstanden. Viele Armenier:\rinnen\rwaren\rdeshalb auf ihren Pr\u00e4sidenten Nikol\rPaschinjan wu\u0308tend, der den Bedingungen\rzugestimmt hatte \u2013 und sie sind es\rbis heute. Zwei Jahre sp\u00e4ter, bei den\rAngriffen im September, war Armeniens\rSchutzmacht Russland zu sehr mit ihrem\reigenen Angriffskrieg in der Ukraine\rbesch\u00e4ftigt, um eingreifen zu k\u00f6nnen.\rDie grundlegende Ideologie der National-\rDemokratischen Allianz ist, laut Varuzhan\rAvetisyan, Mitglied des Parteivorstands,\rArmenien in eine unabh\u00e4ngige, souver\u00e4ne\rund freie Demokratie zu gestalten,\rdie alle milit\u00e4rischen Bindungen und\rAbh\u00e4ngigkeiten von Moskau kappt\rund die USA, sowie die EU, als aktive\rVerbu\u0308ndete w\u00e4hlt.<\/span>\n                    <\/div><!-- post__image__container -->\n\n        \n    <\/figure><!-- post__image -->\n\n\n\n\n    <div class=\"headline-block has-spacing--xs\">\n\n        <h2 class=\"post__headline\">Der Konflikt<\/h2>\n\n        \n    <\/div>\n\n    \n\n\n\n\n<p class=\"post__paragraph has-spacing--default\"><strong>Seit mehr als einhundert Jahren<\/strong> streiten sich christliche Armenier und muslimische Aserbaidschaner um die mehrheitlich von ethnischen Armeniern besiedelte Region Bergkarabach. Viele Bewohner*innen des ab 1923 autonomen Teils der aserbaidschanischen Sowjetrepublik forderten nach dem Zusammenbruch der Sowjetunion im Jahr 1990 einen Anschluss an Armenien. Im Folgejahr erkl\u00e4rte sich Bergkarabach als Republik unabh\u00e4ngig, erhielt aber kaum internationale Anerkennung. Daraufhin begann 1992 ein Krieg zwischen Armenien und Aserbaidschan, an dessen Ende weite Teil Bergkarabachs unter armenische Kontrolle gerieten. Hunderttausende Menschen wurden vertrieben, Zehntausende get\u00f6tet.<\/p>\n\n\n\n<p class=\"post__paragraph has-spacing--m\">Fast drei\u00dfig Jahre sp\u00e4ter, im Jahr 2020 brachen erneut K\u00e4mpfe zwischen Armenien und Aserbaidschan aus. Dieses Mal behielt Aserbaidschan die Oberhand: W\u00e4hrend des sechsw\u00f6chigen Krieges mit mehr als 6.500 Todesopfern eroberte Aserbaidschan gro\u00dfe Teile Bergkarabachs zur\u00fcck. In einem von Russland vermittelten Waffenstillstand bekam Aserbaidschan dar\u00fcber hinaus Gebiete um Karabach zugesprochen, die bis dahin unter armenischer Kontrolle standen. Viele Armenier*innen waren deshalb auf ihren Pr\u00e4sidenten Nikol Paschinjan w\u00fctend, der den Bedingungen zugestimmt hatte.<br><br>Als Aserbaidschan im September 2022 erstmalig das Staatsgebiet Armeniens angriff, stellte das eine Z\u00e4sur im Konflikt da. Jetzt droht der Konflikt erneut zu eskalieren.&nbsp;Diesmal war Armeniens Schutzmacht Russland zu sehr mit ihrem eigenen Angriffskrieg in der <a href=\"https:\/\/visualjournalism.de\/magazin\/ideale\/bomben-verandern-ideale\/\">Ukraine<\/a> besch\u00e4ftigt, um eingreifen zu k\u00f6nnen.<\/p>\n\n\n    <figure class=\"block-photo post__image--half-center has-spacing--m with-title\">\n\n        <div class=\"post__image__container\">\n            <img loading=\"lazy\" decoding=\"async\" \n                src=\"https:\/\/visualjournalism.de\/wp-content\/uploads\/PS_ARMENIEN_Ausstellung-18-768x1024.jpg\"\n                srcset=\"https:\/\/visualjournalism.de\/wp-content\/uploads\/PS_ARMENIEN_Ausstellung-18-768x1024.jpg 768w, https:\/\/visualjournalism.de\/wp-content\/uploads\/PS_ARMENIEN_Ausstellung-18-225x300.jpg 225w, https:\/\/visualjournalism.de\/wp-content\/uploads\/PS_ARMENIEN_Ausstellung-18-1152x1536.jpg 1152w, https:\/\/visualjournalism.de\/wp-content\/uploads\/PS_ARMENIEN_Ausstellung-18-1400x1867.jpg 1400w, https:\/\/visualjournalism.de\/wp-content\/uploads\/PS_ARMENIEN_Ausstellung-18-1050x1400.jpg 1050w, https:\/\/visualjournalism.de\/wp-content\/uploads\/PS_ARMENIEN_Ausstellung-18-670x893.jpg 670w, https:\/\/visualjournalism.de\/wp-content\/uploads\/PS_ARMENIEN_Ausstellung-18-420x560.jpg 420w, https:\/\/visualjournalism.de\/wp-content\/uploads\/PS_ARMENIEN_Ausstellung-18-350x467.jpg 350w, https:\/\/visualjournalism.de\/wp-content\/uploads\/PS_ARMENIEN_Ausstellung-18-300x400.jpg 300w, https:\/\/visualjournalism.de\/wp-content\/uploads\/PS_ARMENIEN_Ausstellung-18-640x853.jpg 640w, https:\/\/visualjournalism.de\/wp-content\/uploads\/PS_ARMENIEN_Ausstellung-18-150x200.jpg 150w, https:\/\/visualjournalism.de\/wp-content\/uploads\/PS_ARMENIEN_Ausstellung-18.jpg 1500w\"\n                width=\"768\" \n                height=\"1024\"\n                alt=\"\" \n            \/>\n            \n                            <span class=\"post__image__title\">Armenien, Jermuk, 04.12.22: Fernab der Wellnesstempel und inmitten\rvon Wohnbl\u00f6cken sind vollbeh\u00e4ngte\rW\u00e4scheleinen gespannt.\rAn dieser Hauswand in Jermuk sind\rjedoch auch Zeichnungen von Kindern zu\rsehen, die Knallger\u00e4usche und brennende\rAutos reflektieren.<\/span>\n                    <\/div><!-- post__image__container -->\n\n        \n    <\/figure><!-- post__image -->\n\n\n\n    <figure class=\"block-photo post__image--half-center has-spacing--m with-title\">\n\n        <div class=\"post__image__container\">\n            <img loading=\"lazy\" decoding=\"async\" \n                src=\"https:\/\/visualjournalism.de\/wp-content\/uploads\/PS_ARMENIEN_Ausstellung-19-768x576.jpg\"\n                srcset=\"https:\/\/visualjournalism.de\/wp-content\/uploads\/PS_ARMENIEN_Ausstellung-19-768x576.jpg 768w, https:\/\/visualjournalism.de\/wp-content\/uploads\/PS_ARMENIEN_Ausstellung-19-300x225.jpg 300w, https:\/\/visualjournalism.de\/wp-content\/uploads\/PS_ARMENIEN_Ausstellung-19-1024x768.jpg 1024w, https:\/\/visualjournalism.de\/wp-content\/uploads\/PS_ARMENIEN_Ausstellung-19-1536x1152.jpg 1536w, https:\/\/visualjournalism.de\/wp-content\/uploads\/PS_ARMENIEN_Ausstellung-19-1920x1440.jpg 1920w, https:\/\/visualjournalism.de\/wp-content\/uploads\/PS_ARMENIEN_Ausstellung-19-1400x1050.jpg 1400w, https:\/\/visualjournalism.de\/wp-content\/uploads\/PS_ARMENIEN_Ausstellung-19-1050x788.jpg 1050w, https:\/\/visualjournalism.de\/wp-content\/uploads\/PS_ARMENIEN_Ausstellung-19-670x503.jpg 670w, https:\/\/visualjournalism.de\/wp-content\/uploads\/PS_ARMENIEN_Ausstellung-19-420x315.jpg 420w, https:\/\/visualjournalism.de\/wp-content\/uploads\/PS_ARMENIEN_Ausstellung-19-350x263.jpg 350w, https:\/\/visualjournalism.de\/wp-content\/uploads\/PS_ARMENIEN_Ausstellung-19-150x113.jpg 150w, https:\/\/visualjournalism.de\/wp-content\/uploads\/PS_ARMENIEN_Ausstellung-19.jpg 2000w\"\n                width=\"768\" \n                height=\"576\"\n                alt=\"\" \n            \/>\n            \n                            <span class=\"post__image__title\">Armenien, Jermuk, 09.12.22: An diesem Nachmittag im Jugendzentru, schart sich eine Handvoll Jugendlicher vor\rComputerbildschirmen und einem Beamer, aus den Lautsprechern dudelt\renglischer Pop. Im IT-Bereich wolle\rNarek mal arbeiten, sagt er, so wie viele\rjunge Armenier:innen. Zum Studieren\rmu\u0308sste Narek (17, nicht im Bild) Jermuk\rallerdings verlassen. Eine Universit\u00e4t\rgibt es nicht und erst recht keine hippen\rStart-ups, wie man sie u\u0308berall in der\rarmenischen Hauptstadt Jerewan findet.\rEr werde trotzdem wiederkommen,\rsagt Narek. Und bleiben. Jermuk sei schlie\u00dflich sein Zuhause. Sp\u00e4testens nach\rder Ausbildung wolle er seinen Wehrdienst\rantreten und die Stadt im Ernstfall gegen\rAserbaidschan verteidigen. Ob er denn\rjetzt nach den Angriffen vor der Zukunft,\rvor dem Krieg keine Angst habe? \u201eNein\u201c,\rsagt Narek, ohne zu u\u0308berlegen. Was\rKrieg hei\u00dfe, das habe er doch schon im\rSeptember gelernt.<\/span>\n                    <\/div><!-- post__image__container -->\n\n        \n    <\/figure><!-- post__image -->\n\n\n\n    <figure class=\"block-photo post__image--full has-spacing--m with-title\">\n\n        <div class=\"post__image__container\">\n            <img loading=\"lazy\" decoding=\"async\" \n                src=\"https:\/\/visualjournalism.de\/wp-content\/uploads\/PS_ARMENIEN_Ausstellung-20-1400x1000.jpg\"\n                srcset=\"https:\/\/visualjournalism.de\/wp-content\/uploads\/PS_ARMENIEN_Ausstellung-20-1400x1000.jpg 1400w, https:\/\/visualjournalism.de\/wp-content\/uploads\/PS_ARMENIEN_Ausstellung-20-300x214.jpg 300w, https:\/\/visualjournalism.de\/wp-content\/uploads\/PS_ARMENIEN_Ausstellung-20-1024x732.jpg 1024w, https:\/\/visualjournalism.de\/wp-content\/uploads\/PS_ARMENIEN_Ausstellung-20-768x549.jpg 768w, https:\/\/visualjournalism.de\/wp-content\/uploads\/PS_ARMENIEN_Ausstellung-20-1536x1097.jpg 1536w, https:\/\/visualjournalism.de\/wp-content\/uploads\/PS_ARMENIEN_Ausstellung-20-1920x1372.jpg 1920w, https:\/\/visualjournalism.de\/wp-content\/uploads\/PS_ARMENIEN_Ausstellung-20-1050x750.jpg 1050w, https:\/\/visualjournalism.de\/wp-content\/uploads\/PS_ARMENIEN_Ausstellung-20-670x479.jpg 670w, https:\/\/visualjournalism.de\/wp-content\/uploads\/PS_ARMENIEN_Ausstellung-20-420x300.jpg 420w, https:\/\/visualjournalism.de\/wp-content\/uploads\/PS_ARMENIEN_Ausstellung-20-350x250.jpg 350w, https:\/\/visualjournalism.de\/wp-content\/uploads\/PS_ARMENIEN_Ausstellung-20-150x107.jpg 150w, https:\/\/visualjournalism.de\/wp-content\/uploads\/PS_ARMENIEN_Ausstellung-20.jpg 2000w\"\n                width=\"1400\" \n                height=\"1000\"\n                alt=\"\" \n            \/>\n            \n                            <span class=\"post__image__title\">Photo from the work &quot;Armenia&quot; by Patrick Slesiona<\/span>\n                    <\/div><!-- post__image__container -->\n\n        \n    <\/figure><!-- post__image -->\n\n\n\n\n<div class=\"wp-block-group has-spacing--default has-spacing--default\">\n<div class=\"devider has-spacing--none\">\n    <hr>\n<\/div>\n\n\n \n\n    <div id=\"lead-in-block_dae73b2b65d59cb77dc9888a09af0188\" class=\"block-lead-in typo--default font-size--xl has-spacing--s width--default\">\n        <p><strong>Empfehlungen der Redaktion:<\/strong><\/p>\n    <\/div>\n\n\n\n\r\n\r\n\r\n\n\n\r\n\r\n\r\n\r\n        <div class=\"teaser-grid grid-layout--3col has-spacing--s width--inline\">\r\n\r\n            \r\n                <article class=\"post-teaser\">\r\n\r\n                    <a href=\"https:\/\/visualjournalism.de\/en\/magazine\/sammeln\/von-ausbeutung-und-musikalischem-erbe\/\" rel=\"permalink\">\r\n\r\n                        <div class=\"post-teaser__content\">\r\n\r\n                            <span class=\"entry-categories\">Sammeln<\/span>\r\n                            <h3 class=\"post-teaser__headline\">\r\n                                Von Ausbeutung und musikalischem Erbe                            <\/h3>\r\n\r\n                            <div class=\"post-teaser__excerpt\">\r\n                                <p>Was bedeutet kulturelle Verantwortung im Musikgesch\u00e4ft? Das Berliner Label Habibi Funk gibt vergessener Musik eine B\u00fchne und zeigt, warum zu gutem Sound auch Haltung geh\u00f6rt. <\/p>\r\n                            <\/div>\r\n\r\n                        <\/div><!-- .post-teaser__content -->\r\n\r\n\r\n                        \r\n                            <figure class=\"post-teaser__image\">\r\n                                <img loading=\"lazy\" decoding=\"async\"  \r\n                                    src=\"https:\/\/visualjournalism.de\/wp-content\/uploads\/DSC04407-768x512.jpg\" \r\n                                    srcset=\"https:\/\/visualjournalism.de\/wp-content\/uploads\/DSC04407-768x512.jpg 768w, https:\/\/visualjournalism.de\/wp-content\/uploads\/DSC04407-300x200.jpg 300w, https:\/\/visualjournalism.de\/wp-content\/uploads\/DSC04407-1024x683.jpg 1024w, https:\/\/visualjournalism.de\/wp-content\/uploads\/DSC04407-1536x1024.jpg 1536w, https:\/\/visualjournalism.de\/wp-content\/uploads\/DSC04407-2048x1365.jpg 2048w, https:\/\/visualjournalism.de\/wp-content\/uploads\/DSC04407-1920x1280.jpg 1920w, https:\/\/visualjournalism.de\/wp-content\/uploads\/DSC04407-1400x933.jpg 1400w, https:\/\/visualjournalism.de\/wp-content\/uploads\/DSC04407-1050x700.jpg 1050w, https:\/\/visualjournalism.de\/wp-content\/uploads\/DSC04407-670x447.jpg 670w, https:\/\/visualjournalism.de\/wp-content\/uploads\/DSC04407-420x280.jpg 420w, https:\/\/visualjournalism.de\/wp-content\/uploads\/DSC04407-350x233.jpg 350w, https:\/\/visualjournalism.de\/wp-content\/uploads\/DSC04407-150x100.jpg 150w\" \r\n                                    width=\"768\"  \r\n                                    height=\"512\" \r\n                                    alt=\"\"\r\n                                \/>\r\n                            <\/figure>\r\n\r\n                        \r\n                    \r\n                    <\/a>\r\n\r\n                <\/article><!--- .post-teaser-->\r\n\r\n            \r\n                <article class=\"post-teaser\">\r\n\r\n                    <a href=\"https:\/\/visualjournalism.de\/en\/magazine\/ratgeber\/360-grad-videoproduktion\/\" rel=\"permalink\">\r\n\r\n                        <div class=\"post-teaser__content\">\r\n\r\n                            <span class=\"entry-categories\">Ratgeber<\/span>\r\n                            <h3 class=\"post-teaser__headline\">\r\n                                So funktionieren 360-Grad-Videos im Journalismus                            <\/h3>\r\n\r\n                            <div class=\"post-teaser__excerpt\">\r\n                                <p>360-Grad-Videos stellen das Publikum mitten ins Geschehen: Statt zuzuschauen, erlebt es die Story aus allen Blickwinkeln. <\/p>\r\n                            <\/div>\r\n\r\n                        <\/div><!-- .post-teaser__content -->\r\n\r\n\r\n                        \r\n                            <figure class=\"post-teaser__image\">\r\n                                <img loading=\"lazy\" decoding=\"async\"  \r\n                                    src=\"https:\/\/visualjournalism.de\/wp-content\/uploads\/hochschule_hannover_FH_Hannover_08-768x512.jpg\" \r\n                                    srcset=\"https:\/\/visualjournalism.de\/wp-content\/uploads\/hochschule_hannover_FH_Hannover_08-768x512.jpg 768w, https:\/\/visualjournalism.de\/wp-content\/uploads\/hochschule_hannover_FH_Hannover_08-300x200.jpg 300w, https:\/\/visualjournalism.de\/wp-content\/uploads\/hochschule_hannover_FH_Hannover_08-1024x683.jpg 1024w, https:\/\/visualjournalism.de\/wp-content\/uploads\/hochschule_hannover_FH_Hannover_08-1536x1024.jpg 1536w, https:\/\/visualjournalism.de\/wp-content\/uploads\/hochschule_hannover_FH_Hannover_08-1400x933.jpg 1400w, https:\/\/visualjournalism.de\/wp-content\/uploads\/hochschule_hannover_FH_Hannover_08-1050x700.jpg 1050w, https:\/\/visualjournalism.de\/wp-content\/uploads\/hochschule_hannover_FH_Hannover_08-670x447.jpg 670w, https:\/\/visualjournalism.de\/wp-content\/uploads\/hochschule_hannover_FH_Hannover_08-420x280.jpg 420w, https:\/\/visualjournalism.de\/wp-content\/uploads\/hochschule_hannover_FH_Hannover_08-350x233.jpg 350w, https:\/\/visualjournalism.de\/wp-content\/uploads\/hochschule_hannover_FH_Hannover_08.jpg 1599w\" \r\n                                    width=\"768\"  \r\n                                    height=\"512\" \r\n                                    alt=\"\"\r\n                                \/>\r\n                            <\/figure>\r\n\r\n                        \r\n                    \r\n                    <\/a>\r\n\r\n                <\/article><!--- .post-teaser-->\r\n\r\n            \r\n                <article class=\"post-teaser\">\r\n\r\n                    <a href=\"https:\/\/visualjournalism.de\/en\/magazine\/ratgeber\/wie-du-deine-portraets-neu-denken-kannst\/\" rel=\"permalink\">\r\n\r\n                        <div class=\"post-teaser__content\">\r\n\r\n                            <span class=\"entry-categories\">Ratgeber<\/span>\r\n                            <h3 class=\"post-teaser__headline\">\r\n                                Wie du deine Portr\u00e4ts neu denken kannst.                            <\/h3>\r\n\r\n                            <div class=\"post-teaser__excerpt\">\r\n                                <p>Wenn uns Portr\u00e4ts tief ber\u00fchren, aufr\u00fctteln oder in den Bann ziehen, ist das ein sicheres Anzeichen f\u00fcr ein starkes Bild. Doch wie gelingt das? Hier findest du konkrete Ans\u00e4tze und Tipps von Expert*innen aus der Praxis.<\/p>\r\n                            <\/div>\r\n\r\n                        <\/div><!-- .post-teaser__content -->\r\n\r\n\r\n                        \r\n                            <figure class=\"post-teaser__image\">\r\n                                <img loading=\"lazy\" decoding=\"async\"  \r\n                                    src=\"https:\/\/visualjournalism.de\/wp-content\/uploads\/Portraits-China-Hopsen-768x674.jpg\" \r\n                                    srcset=\"https:\/\/visualjournalism.de\/wp-content\/uploads\/Portraits-China-Hopsen-768x674.jpg 768w, https:\/\/visualjournalism.de\/wp-content\/uploads\/Portraits-China-Hopsen-300x263.jpg 300w, https:\/\/visualjournalism.de\/wp-content\/uploads\/Portraits-China-Hopsen-1024x899.jpg 1024w, https:\/\/visualjournalism.de\/wp-content\/uploads\/Portraits-China-Hopsen-1536x1348.jpg 1536w, https:\/\/visualjournalism.de\/wp-content\/uploads\/Portraits-China-Hopsen-2048x1797.jpg 2048w, https:\/\/visualjournalism.de\/wp-content\/uploads\/Portraits-China-Hopsen-1920x1685.jpg 1920w, https:\/\/visualjournalism.de\/wp-content\/uploads\/Portraits-China-Hopsen-1400x1229.jpg 1400w, https:\/\/visualjournalism.de\/wp-content\/uploads\/Portraits-China-Hopsen-1050x922.jpg 1050w, https:\/\/visualjournalism.de\/wp-content\/uploads\/Portraits-China-Hopsen-670x588.jpg 670w, https:\/\/visualjournalism.de\/wp-content\/uploads\/Portraits-China-Hopsen-420x369.jpg 420w, https:\/\/visualjournalism.de\/wp-content\/uploads\/Portraits-China-Hopsen-350x307.jpg 350w, https:\/\/visualjournalism.de\/wp-content\/uploads\/Portraits-China-Hopsen-150x132.jpg 150w\" \r\n                                    width=\"768\"  \r\n                                    height=\"674\" \r\n                                    alt=\"Auswahl von 6 verschieden Porraits Abwechslung von nah und distanizert\"\r\n                                \/>\r\n                            <\/figure>\r\n\r\n                        \r\n                    \r\n                    <\/a>\r\n\r\n                <\/article><!--- .post-teaser-->\r\n\r\n            \r\n        <\/div><!-- .teaser-grid -->\r\n\r\n\n\n\r\n\r\n\r\n\n\n\n    <div class=\"btn-wrapper has-spacing--m\">\n        <a class=\"btn\" href=\"https:\/\/visualjournalism.de\/magazin\/\" target=\"_blank\">ZUR MAGAZIN-STARTSEITE<\/a>\n    <\/div>\n<\/div>\n","protected":false},"author":3,"featured_media":13860,"template":"","tags":[],"magazinkategorie":[157],"class_list":["post-33784","magazin","type-magazin","status-publish","has-post-thumbnail","hentry","magazinkategorie-abschlussarbeiten"],"acf":[],"yoast_head":"<!-- This site is optimized with the Yoast SEO Premium plugin v27.3 (Yoast SEO v27.3) - https:\/\/yoast.com\/product\/yoast-seo-premium-wordpress\/ -->\n<title>Armenien: Warten auf den Krieg<\/title>\n<meta name=\"description\" content=\"Der Fotograf Patrick Slesiona reiste mehrmals nach Armenien. Das demokratische Land muss sich seit Jahren gegen Aserbaidschan wehren.\" \/>\n<meta name=\"robots\" content=\"index, follow, max-snippet:-1, max-image-preview:large, max-video-preview:-1\" \/>\n<link rel=\"canonical\" href=\"https:\/\/visualjournalism.de\/en\/magazine\/abschlussarbeiten\/armenien-patrick-slesiona\/\" \/>\n<meta property=\"og:locale\" content=\"en_US\" \/>\n<meta property=\"og:type\" content=\"article\" \/>\n<meta property=\"og:title\" content=\"Armenien Patrick Slesiona\" \/>\n<meta property=\"og:description\" content=\"Der Fotograf Patrick Slesiona reiste mehrmals nach Armenien. Das demokratische Land muss sich seit Jahren gegen Aserbaidschan wehren.\" \/>\n<meta property=\"og:url\" content=\"https:\/\/visualjournalism.de\/en\/magazine\/abschlussarbeiten\/armenien-patrick-slesiona\/\" \/>\n<meta property=\"og:site_name\" content=\"Visual Journalism and Documentary Photography\" \/>\n<meta property=\"article:publisher\" content=\"https:\/\/www.facebook.com\/people\/wwwfotostudentende\/100065173703897\/\" \/>\n<meta property=\"article:modified_time\" content=\"2024-12-06T10:55:51+00:00\" \/>\n<meta property=\"og:image\" content=\"https:\/\/visualjournalism.de\/wp-content\/uploads\/Slesiona-Patrick_221207_Armenien_GAF_PS_004-scaled.jpg\" \/>\n\t<meta property=\"og:image:width\" content=\"2560\" \/>\n\t<meta property=\"og:image:height\" content=\"1828\" \/>\n\t<meta property=\"og:image:type\" content=\"image\/jpeg\" \/>\n<meta name=\"twitter:card\" content=\"summary_large_image\" \/>\n<meta name=\"twitter:site\" content=\"@HsHannover\" \/>\n<meta name=\"twitter:label1\" content=\"Est. reading time\" \/>\n\t<meta name=\"twitter:data1\" content=\"5 minutes\" \/>\n<script type=\"application\/ld+json\" class=\"yoast-schema-graph\">{\"@context\":\"https:\\\/\\\/schema.org\",\"@graph\":[{\"@type\":\"WebPage\",\"@id\":\"https:\\\/\\\/visualjournalism.de\\\/en\\\/magazine\\\/abschlussarbeiten\\\/armenien-patrick-slesiona\\\/\",\"url\":\"https:\\\/\\\/visualjournalism.de\\\/en\\\/magazine\\\/abschlussarbeiten\\\/armenien-patrick-slesiona\\\/\",\"name\":\"Armenien: Warten auf den Krieg\",\"isPartOf\":{\"@id\":\"https:\\\/\\\/visualjournalism.de\\\/en\\\/#website\"},\"primaryImageOfPage\":{\"@id\":\"https:\\\/\\\/visualjournalism.de\\\/en\\\/magazine\\\/abschlussarbeiten\\\/armenien-patrick-slesiona\\\/#primaryimage\"},\"image\":{\"@id\":\"https:\\\/\\\/visualjournalism.de\\\/en\\\/magazine\\\/abschlussarbeiten\\\/armenien-patrick-slesiona\\\/#primaryimage\"},\"thumbnailUrl\":\"https:\\\/\\\/visualjournalism.de\\\/wp-content\\\/uploads\\\/Slesiona-Patrick_221207_Armenien_GAF_PS_004-scaled.jpg\",\"datePublished\":\"2024-12-04T10:09:59+00:00\",\"dateModified\":\"2024-12-06T10:55:51+00:00\",\"description\":\"Der Fotograf Patrick Slesiona reiste mehrmals nach Armenien. Das demokratische Land muss sich seit Jahren gegen Aserbaidschan wehren.\",\"breadcrumb\":{\"@id\":\"https:\\\/\\\/visualjournalism.de\\\/en\\\/magazine\\\/abschlussarbeiten\\\/armenien-patrick-slesiona\\\/#breadcrumb\"},\"inLanguage\":\"en-US\",\"potentialAction\":[{\"@type\":\"ReadAction\",\"target\":[\"https:\\\/\\\/visualjournalism.de\\\/en\\\/magazine\\\/abschlussarbeiten\\\/armenien-patrick-slesiona\\\/\"]}]},{\"@type\":\"ImageObject\",\"inLanguage\":\"en-US\",\"@id\":\"https:\\\/\\\/visualjournalism.de\\\/en\\\/magazine\\\/abschlussarbeiten\\\/armenien-patrick-slesiona\\\/#primaryimage\",\"url\":\"https:\\\/\\\/visualjournalism.de\\\/wp-content\\\/uploads\\\/Slesiona-Patrick_221207_Armenien_GAF_PS_004-scaled.jpg\",\"contentUrl\":\"https:\\\/\\\/visualjournalism.de\\\/wp-content\\\/uploads\\\/Slesiona-Patrick_221207_Armenien_GAF_PS_004-scaled.jpg\",\"width\":2560,\"height\":1828,\"caption\":\"Photo: Patrick Slesiona\"},{\"@type\":\"BreadcrumbList\",\"@id\":\"https:\\\/\\\/visualjournalism.de\\\/en\\\/magazine\\\/abschlussarbeiten\\\/armenien-patrick-slesiona\\\/#breadcrumb\",\"itemListElement\":[{\"@type\":\"ListItem\",\"position\":1,\"name\":\"Home\",\"item\":\"https:\\\/\\\/visualjournalism.de\\\/en\\\/\"},{\"@type\":\"ListItem\",\"position\":2,\"name\":\"Magazin\",\"item\":\"https:\\\/\\\/visualjournalism.de\\\/en\\\/magazine\\\/\"},{\"@type\":\"ListItem\",\"position\":3,\"name\":\"Armenien Patrick Slesiona\"}]},{\"@type\":\"WebSite\",\"@id\":\"https:\\\/\\\/visualjournalism.de\\\/en\\\/#website\",\"url\":\"https:\\\/\\\/visualjournalism.de\\\/en\\\/\",\"name\":\"Visual Journalism and Documentary Photography\",\"description\":\"All about the bilingual bachelor&#039;s program at Hannover University of Applied Sciences and Arts.\",\"publisher\":{\"@id\":\"https:\\\/\\\/visualjournalism.de\\\/en\\\/#organization\"},\"alternateName\":\"visualjournalism.de\",\"potentialAction\":[{\"@type\":\"SearchAction\",\"target\":{\"@type\":\"EntryPoint\",\"urlTemplate\":\"https:\\\/\\\/visualjournalism.de\\\/en\\\/?s={search_term_string}\"},\"query-input\":{\"@type\":\"PropertyValueSpecification\",\"valueRequired\":true,\"valueName\":\"search_term_string\"}}],\"inLanguage\":\"en-US\"},{\"@type\":\"Organization\",\"@id\":\"https:\\\/\\\/visualjournalism.de\\\/en\\\/#organization\",\"name\":\"Hochschule Hannover \u2013 University of Applied Sciences and Arts\",\"alternateName\":\"HsH\",\"url\":\"https:\\\/\\\/visualjournalism.de\\\/en\\\/\",\"logo\":{\"@type\":\"ImageObject\",\"inLanguage\":\"en-US\",\"@id\":\"https:\\\/\\\/visualjournalism.de\\\/en\\\/#\\\/schema\\\/logo\\\/image\\\/\",\"url\":\"https:\\\/\\\/visualjournalism.de\\\/wp-content\\\/uploads\\\/logo-hochschule-hannover.png\",\"contentUrl\":\"https:\\\/\\\/visualjournalism.de\\\/wp-content\\\/uploads\\\/logo-hochschule-hannover.png\",\"width\":363,\"height\":270,\"caption\":\"Hochschule Hannover \u2013 University of Applied Sciences and Arts\"},\"image\":{\"@id\":\"https:\\\/\\\/visualjournalism.de\\\/en\\\/#\\\/schema\\\/logo\\\/image\\\/\"},\"sameAs\":[\"https:\\\/\\\/www.facebook.com\\\/people\\\/wwwfotostudentende\\\/100065173703897\\\/\",\"https:\\\/\\\/x.com\\\/HsHannover\",\"https:\\\/\\\/www.instagram.com\\\/visualjournalism.de\\\/\"]}]}<\/script>\n<!-- \/ Yoast SEO Premium plugin. -->","yoast_head_json":{"title":"Armenien: Warten auf den Krieg","description":"Der Fotograf Patrick Slesiona reiste mehrmals nach Armenien. Das demokratische Land muss sich seit Jahren gegen Aserbaidschan wehren.","robots":{"index":"index","follow":"follow","max-snippet":"max-snippet:-1","max-image-preview":"max-image-preview:large","max-video-preview":"max-video-preview:-1"},"canonical":"https:\/\/visualjournalism.de\/en\/magazine\/abschlussarbeiten\/armenien-patrick-slesiona\/","og_locale":"en_US","og_type":"article","og_title":"Armenien Patrick Slesiona","og_description":"Der Fotograf Patrick Slesiona reiste mehrmals nach Armenien. Das demokratische Land muss sich seit Jahren gegen Aserbaidschan wehren.","og_url":"https:\/\/visualjournalism.de\/en\/magazine\/abschlussarbeiten\/armenien-patrick-slesiona\/","og_site_name":"Visual Journalism and Documentary Photography","article_publisher":"https:\/\/www.facebook.com\/people\/wwwfotostudentende\/100065173703897\/","article_modified_time":"2024-12-06T10:55:51+00:00","og_image":[{"width":2560,"height":1828,"url":"https:\/\/visualjournalism.de\/wp-content\/uploads\/Slesiona-Patrick_221207_Armenien_GAF_PS_004-scaled.jpg","type":"image\/jpeg"}],"twitter_card":"summary_large_image","twitter_site":"@HsHannover","twitter_misc":{"Est. reading time":"5 minutes"},"schema":{"@context":"https:\/\/schema.org","@graph":[{"@type":"WebPage","@id":"https:\/\/visualjournalism.de\/en\/magazine\/abschlussarbeiten\/armenien-patrick-slesiona\/","url":"https:\/\/visualjournalism.de\/en\/magazine\/abschlussarbeiten\/armenien-patrick-slesiona\/","name":"Armenien: Warten auf den Krieg","isPartOf":{"@id":"https:\/\/visualjournalism.de\/en\/#website"},"primaryImageOfPage":{"@id":"https:\/\/visualjournalism.de\/en\/magazine\/abschlussarbeiten\/armenien-patrick-slesiona\/#primaryimage"},"image":{"@id":"https:\/\/visualjournalism.de\/en\/magazine\/abschlussarbeiten\/armenien-patrick-slesiona\/#primaryimage"},"thumbnailUrl":"https:\/\/visualjournalism.de\/wp-content\/uploads\/Slesiona-Patrick_221207_Armenien_GAF_PS_004-scaled.jpg","datePublished":"2024-12-04T10:09:59+00:00","dateModified":"2024-12-06T10:55:51+00:00","description":"Der Fotograf Patrick Slesiona reiste mehrmals nach Armenien. Das demokratische Land muss sich seit Jahren gegen Aserbaidschan wehren.","breadcrumb":{"@id":"https:\/\/visualjournalism.de\/en\/magazine\/abschlussarbeiten\/armenien-patrick-slesiona\/#breadcrumb"},"inLanguage":"en-US","potentialAction":[{"@type":"ReadAction","target":["https:\/\/visualjournalism.de\/en\/magazine\/abschlussarbeiten\/armenien-patrick-slesiona\/"]}]},{"@type":"ImageObject","inLanguage":"en-US","@id":"https:\/\/visualjournalism.de\/en\/magazine\/abschlussarbeiten\/armenien-patrick-slesiona\/#primaryimage","url":"https:\/\/visualjournalism.de\/wp-content\/uploads\/Slesiona-Patrick_221207_Armenien_GAF_PS_004-scaled.jpg","contentUrl":"https:\/\/visualjournalism.de\/wp-content\/uploads\/Slesiona-Patrick_221207_Armenien_GAF_PS_004-scaled.jpg","width":2560,"height":1828,"caption":"Photo: Patrick Slesiona"},{"@type":"BreadcrumbList","@id":"https:\/\/visualjournalism.de\/en\/magazine\/abschlussarbeiten\/armenien-patrick-slesiona\/#breadcrumb","itemListElement":[{"@type":"ListItem","position":1,"name":"Home","item":"https:\/\/visualjournalism.de\/en\/"},{"@type":"ListItem","position":2,"name":"Magazin","item":"https:\/\/visualjournalism.de\/en\/magazine\/"},{"@type":"ListItem","position":3,"name":"Armenien Patrick Slesiona"}]},{"@type":"WebSite","@id":"https:\/\/visualjournalism.de\/en\/#website","url":"https:\/\/visualjournalism.de\/en\/","name":"Visual Journalism and Documentary Photography","description":"All about the bilingual bachelor&#039;s program at Hannover University of Applied Sciences and Arts.","publisher":{"@id":"https:\/\/visualjournalism.de\/en\/#organization"},"alternateName":"visualjournalism.de","potentialAction":[{"@type":"SearchAction","target":{"@type":"EntryPoint","urlTemplate":"https:\/\/visualjournalism.de\/en\/?s={search_term_string}"},"query-input":{"@type":"PropertyValueSpecification","valueRequired":true,"valueName":"search_term_string"}}],"inLanguage":"en-US"},{"@type":"Organization","@id":"https:\/\/visualjournalism.de\/en\/#organization","name":"Hochschule Hannover \u2013 University of Applied Sciences and Arts","alternateName":"HsH","url":"https:\/\/visualjournalism.de\/en\/","logo":{"@type":"ImageObject","inLanguage":"en-US","@id":"https:\/\/visualjournalism.de\/en\/#\/schema\/logo\/image\/","url":"https:\/\/visualjournalism.de\/wp-content\/uploads\/logo-hochschule-hannover.png","contentUrl":"https:\/\/visualjournalism.de\/wp-content\/uploads\/logo-hochschule-hannover.png","width":363,"height":270,"caption":"Hochschule Hannover \u2013 University of Applied Sciences and Arts"},"image":{"@id":"https:\/\/visualjournalism.de\/en\/#\/schema\/logo\/image\/"},"sameAs":["https:\/\/www.facebook.com\/people\/wwwfotostudentende\/100065173703897\/","https:\/\/x.com\/HsHannover","https:\/\/www.instagram.com\/visualjournalism.de\/"]}]}},"_links":{"self":[{"href":"https:\/\/visualjournalism.de\/en\/wp-json\/wp\/v2\/magazin\/33784","targetHints":{"allow":["GET"]}}],"collection":[{"href":"https:\/\/visualjournalism.de\/en\/wp-json\/wp\/v2\/magazin"}],"about":[{"href":"https:\/\/visualjournalism.de\/en\/wp-json\/wp\/v2\/types\/magazin"}],"author":[{"embeddable":true,"href":"https:\/\/visualjournalism.de\/en\/wp-json\/wp\/v2\/users\/3"}],"version-history":[{"count":0,"href":"https:\/\/visualjournalism.de\/en\/wp-json\/wp\/v2\/magazin\/33784\/revisions"}],"wp:featuredmedia":[{"embeddable":true,"href":"https:\/\/visualjournalism.de\/en\/wp-json\/wp\/v2\/media\/13860"}],"wp:attachment":[{"href":"https:\/\/visualjournalism.de\/en\/wp-json\/wp\/v2\/media?parent=33784"}],"wp:term":[{"taxonomy":"post_tag","embeddable":true,"href":"https:\/\/visualjournalism.de\/en\/wp-json\/wp\/v2\/tags?post=33784"},{"taxonomy":"magazinkategorie","embeddable":true,"href":"https:\/\/visualjournalism.de\/en\/wp-json\/wp\/v2\/magazinkategorie?post=33784"}],"curies":[{"name":"wp","href":"https:\/\/api.w.org\/{rel}","templated":true}]}}