{"id":40791,"date":"2024-05-19T12:47:49","date_gmt":"2024-05-19T12:47:49","guid":{"rendered":"https:\/\/visualjournalism.de\/?post_type=magazin&#038;p=40791"},"modified":"2024-10-26T19:20:00","modified_gmt":"2024-10-26T19:20:00","slug":"neue-ufer","status":"publish","type":"magazin","link":"https:\/\/visualjournalism.de\/en\/magazine\/wasser\/neue-ufer\/","title":{"rendered":"Neue Ufer"},"content":{"rendered":"\r\n<div class=\"cover--lead-in has-spacing--m\">\r\n\r\n    \r\n    <div class=\"cover--lead-in__content typo--tiempos\">\r\n\r\n        <div class=\"entry-categories\">\n\t<a class=\"post__tag\" href=\"https:\/\/visualjournalism.de\/magazin-kategorie\/wasser\/\" rel=\"category tag\">Wasser<\/a><\/div>\r\n        <h2 class=\"cover--lead-in__headline \">\r\n            Neue Ufer        <\/h2>\r\n\r\n                    <div class=\"cover--lead-in__text\">\r\n                <p>Floating Islands wie die \u00abZukunst\u00bb in Hannover verbinden Kunst und \u00d6kologie, schaffen nachhaltige L\u00f6sungen und Freir\u00e4ume. Das Konzept erregt weltweit immer mehr Aufmerksamkeit. <strong>Von <a href=\"https:\/\/visualjournalism.de\/en\/carlotta-steinkamp\/\">Carlotta Steinkamp<\/a> (Text) und<\/strong><strong> <a href=\"https:\/\/visualjournalism.de\/en\/tim-kirchhof\/\">Tim Kirchhof<\/a> (Fotos)<\/strong><\/p>\n            <\/div>\r\n        \r\n                    <div class=\"cover--lead-in__author\">\r\n                \r\n                    \r\n                            <figure class=\"cover--lead-in__author__image\">\r\n\r\n                                \r\n                                <img loading=\"lazy\" decoding=\"async\"\r\n                                    src=\"https:\/\/visualjournalism.de\/wp-content\/uploads\/Carlotta_Steinkamp_SW-1-68x68.jpg\"\r\n                                    srcset=\"https:\/\/visualjournalism.de\/wp-content\/uploads\/Carlotta_Steinkamp_SW-1-68x68.jpg 68w, https:\/\/visualjournalism.de\/wp-content\/uploads\/Carlotta_Steinkamp_SW-1-300x300.jpg 300w, https:\/\/visualjournalism.de\/wp-content\/uploads\/Carlotta_Steinkamp_SW-1-150x150.jpg 150w, https:\/\/visualjournalism.de\/wp-content\/uploads\/Carlotta_Steinkamp_SW-1-350x350.jpg 350w, https:\/\/visualjournalism.de\/wp-content\/uploads\/Carlotta_Steinkamp_SW-1-52x52.jpg 52w, https:\/\/visualjournalism.de\/wp-content\/uploads\/Carlotta_Steinkamp_SW-1-96x96.jpg 96w, https:\/\/visualjournalism.de\/wp-content\/uploads\/Carlotta_Steinkamp_SW-1.jpg 386w\"\r\n                                    width=\"68\"\r\n                                    height=\"68\"\r\n                                    alt=\"\"\r\n                                \/>\r\n\r\n                                \r\n                            <\/figure>\r\n\r\n                                                <figure class=\"cover--lead-in__author__image\">\r\n                                                            <a href=\"https:\/\/visualjournalism.de\/tim-kirchhof\/\">\r\n                            \r\n                            <img loading=\"lazy\" decoding=\"async\" width=\"68\" height=\"68\" src=\"https:\/\/visualjournalism.de\/wp-content\/uploads\/Tim-Kirchhof-100px-1-68x68.jpg\" class=\"attachment-image-portrait--large size-image-portrait--large\" alt=\"\" srcset=\"https:\/\/visualjournalism.de\/wp-content\/uploads\/Tim-Kirchhof-100px-1-68x68.jpg 68w, https:\/\/visualjournalism.de\/wp-content\/uploads\/Tim-Kirchhof-100px-1-52x52.jpg 52w\" sizes=\"auto, (max-width: 68px) 100vw, 68px\" \/>\r\n                                                            <\/a>\r\n                                                    <\/figure>\r\n                    \r\n                                <\/div><!-- .cover--lead-in__author -->\r\n        \r\n    <\/div><!-- .cover--lead-in__content -->\r\n\r\n    \r\n        <figure class=\"cover--lead-in__image cover--lead-in__media cover--lead-in__media--image\">\r\n            <img loading=\"lazy\" decoding=\"async\"\r\n                src=\"https:\/\/visualjournalism.de\/wp-content\/uploads\/Zukunst-15-1920x1280.jpg\"\r\n                srcset=\"https:\/\/visualjournalism.de\/wp-content\/uploads\/Zukunst-15-1920x1280.jpg 1920w, https:\/\/visualjournalism.de\/wp-content\/uploads\/Zukunst-15-300x200.jpg 300w, https:\/\/visualjournalism.de\/wp-content\/uploads\/Zukunst-15-1024x683.jpg 1024w, https:\/\/visualjournalism.de\/wp-content\/uploads\/Zukunst-15-768x512.jpg 768w, https:\/\/visualjournalism.de\/wp-content\/uploads\/Zukunst-15-1536x1024.jpg 1536w, https:\/\/visualjournalism.de\/wp-content\/uploads\/Zukunst-15-2048x1365.jpg 2048w, https:\/\/visualjournalism.de\/wp-content\/uploads\/Zukunst-15-1400x933.jpg 1400w, https:\/\/visualjournalism.de\/wp-content\/uploads\/Zukunst-15-1050x700.jpg 1050w, https:\/\/visualjournalism.de\/wp-content\/uploads\/Zukunst-15-670x447.jpg 670w, https:\/\/visualjournalism.de\/wp-content\/uploads\/Zukunst-15-420x280.jpg 420w, https:\/\/visualjournalism.de\/wp-content\/uploads\/Zukunst-15-350x233.jpg 350w, https:\/\/visualjournalism.de\/wp-content\/uploads\/Zukunst-15-150x100.jpg 150w\"\r\n                width=\"1920\"\r\n                height=\"1280\"\r\n                alt=\"\"\r\n                style=\"object-position: 44.35% 86.49%\"\r\n            \/>\r\n        <\/figure>\r\n\r\n        \r\n    \r\n<\/div><!-- .cover--lead-in -->\r\n\r\n\n\n\n<p class=\"post__paragraph has-spacing--xs\"><strong>Das Eis unterm Kiel knackt leise<\/strong>, w\u00e4hrend die \u00abZukunst\u00bb sich tuckernd der Leineabstiegsschleuse in Hannover n\u00e4hert. Schon bald endet die erste Etappe der Fahrt in Richtung Winterhafen. Es ist die letzte Fahrt der Saison, bevor das Boot im Misburger Hafen \u00fcberwintert und im n\u00e4chsten Fr\u00fchjahr die neue Saison beginnt.<\/p>\n\n\n\n<p class=\"post__paragraph has-spacing--xs\">Doch die Zukunst ist mehr als nur ein Boot. Sie ist sowohl eine schwimmende Insel, als auch ein kultureller Freiraum auf der Ihme. Joy Lohmann, der K\u00fcnstler hinter dem Projekt, erschafft seit der Expo2000 in Hannover Inseln auf dem Wasser und experimentiert mit deren Nutzungsm\u00f6glichkeiten. So entstanden bereits zahlreiche lokale und internationale Inselprojekte, beispielsweise in Berlin und Ferropolis, aber auch im indischen Goa und Thailand.&nbsp;<\/p>\n\n\n\n<p class=\"post__paragraph has-spacing--default\">Die Zukunst schwimmt auf zwei langen Metalltonnen, die Joy Lohmann 2022 in Berlin zusammenschwei\u00dfte. Kurz danach begann bereits das erste Abenteuer: Mit einem Wohnwagen auf dem leeren Flo\u00df ging es f\u00fcr ihn und seinen Kollegen Andre Zingler von Fluss zu Fluss nach Hannover. Dort angekommen, folgte die Bebauung des Schiffes, unterst\u00fctzt von einer Gemeinschaft aus Naturwissenschaftler*innen, K\u00fcnstler*innen, Musiker*innen und vielen weiteren \u00abCreators\u00bb, die gemeinsam die schwimmende Insel gestalten. Seitdem hat sich eine offene Gemeinschaft rund um die Zukunst gebildet, die auf dem Boot Zeit verbringt, es mitgestaltet, es bebaut und begr\u00fcnt und Ausfahrten unternimmt. Einmal die Woche ist Open-Ship-Day, an dem Lohmann und die Zukunst-Crew Interessierte und Passant*innen dazu einladen, auf das Schiff zu kommen, einen Kaffee zu trinken und sich auszutauschen. Die Zukunst ist also auch ein Ort der sozialen Zusammenkunft.<\/p>\n\n\n\n<p class=\"post__paragraph has-spacing--default\">Entstanden ist das Projekt aus der Initiative \u00abMakers for Humanity\u00bb, die mit tempor\u00e4ren und interdisziplin\u00e4ren Teams sogenannte Floating Islands f\u00fcr Kultur, Bildung, \u00d6kologie und soziale Innovation auf verschiedenen Gew\u00e4ssern weltweit baut.<\/p>\n\n\n\n<p class=\"post__paragraph has-spacing--default\">Neben der Zukunst gibt es in Hannover auch begr\u00fcnte Schwimminseln, auf denen der Anbau von Pflanzen ausprobiert wird. Die Umwelt ist dabei immer ein zentraler Aspekt, so auch die grundlegende Idee: Wer das Gew\u00e4sser kennt und sch\u00e4tzt, ist auch bereit, es zu sch\u00fctzen. Joy Lohmanns Inselprojekte sind immer auch eine Einladung, etwas Sch\u00f6nes im oder am Gew\u00e4sser zu erleben. <\/p>\n\n\n\n<p class=\"post__paragraph has-spacing--m\">\u00dcber die lokale Gemeinschaft hinaus schafft die Zukunst auch internationale Verbindungen. Bei einer digitalen Inselbaukonferenz tauschten sich im November 2023 Inselbauer*innen aus Deutschland, Brasilien und Singapur aus, um gemeinsam L\u00f6sungen f\u00fcr lokale Herausforderungen zu diskutieren.<\/p>\n\n\n    <figure class=\"block-photo post__image--full has-spacing--m with-title\">\n\n        <div class=\"post__image__container\">\n            <img loading=\"lazy\" decoding=\"async\" \n                src=\"https:\/\/visualjournalism.de\/wp-content\/uploads\/Kirchhof_Tim_02-1400x933.jpg\"\n                srcset=\"https:\/\/visualjournalism.de\/wp-content\/uploads\/Kirchhof_Tim_02-1400x933.jpg 1400w, https:\/\/visualjournalism.de\/wp-content\/uploads\/Kirchhof_Tim_02-300x200.jpg 300w, https:\/\/visualjournalism.de\/wp-content\/uploads\/Kirchhof_Tim_02-1024x683.jpg 1024w, https:\/\/visualjournalism.de\/wp-content\/uploads\/Kirchhof_Tim_02-768x512.jpg 768w, https:\/\/visualjournalism.de\/wp-content\/uploads\/Kirchhof_Tim_02-1536x1024.jpg 1536w, https:\/\/visualjournalism.de\/wp-content\/uploads\/Kirchhof_Tim_02-2048x1365.jpg 2048w, https:\/\/visualjournalism.de\/wp-content\/uploads\/Kirchhof_Tim_02-1920x1280.jpg 1920w, https:\/\/visualjournalism.de\/wp-content\/uploads\/Kirchhof_Tim_02-1050x700.jpg 1050w, https:\/\/visualjournalism.de\/wp-content\/uploads\/Kirchhof_Tim_02-670x447.jpg 670w, https:\/\/visualjournalism.de\/wp-content\/uploads\/Kirchhof_Tim_02-420x280.jpg 420w, https:\/\/visualjournalism.de\/wp-content\/uploads\/Kirchhof_Tim_02-350x233.jpg 350w, https:\/\/visualjournalism.de\/wp-content\/uploads\/Kirchhof_Tim_02-150x100.jpg 150w\"\n                width=\"1400\" \n                height=\"933\"\n                alt=\"Auf einem ruhigen Fluss, ums\u00e4umt von gr\u00fcnen B\u00e4umen ist ein Hausboot zu sehen, das in Richtung des Betrachtenden schwimmt. \" \n            \/>\n            \n                            <span class=\"post__image__title\">Die Zukunst startet von ihrem Anleger in Linden-Nord.<\/span>\n                    <\/div><!-- post__image__container -->\n\n                    <figcaption class=\"post__image__caption--soehne\"><p>Die Zukunst startet von ihrem Anleger in Linden-Nord.<\/p>\n<\/figcaption>\n        \n    <\/figure><!-- post__image -->\n\n\n\n    <figure class=\"block-photo post__image--half-center has-spacing--m with-title\">\n\n        <div class=\"post__image__container\">\n            <img loading=\"lazy\" decoding=\"async\" \n                src=\"https:\/\/visualjournalism.de\/wp-content\/uploads\/0105-Zukunst-29-768x1152.jpg\"\n                srcset=\"https:\/\/visualjournalism.de\/wp-content\/uploads\/0105-Zukunst-29-768x1152.jpg 768w, https:\/\/visualjournalism.de\/wp-content\/uploads\/0105-Zukunst-29-200x300.jpg 200w, https:\/\/visualjournalism.de\/wp-content\/uploads\/0105-Zukunst-29-683x1024.jpg 683w, https:\/\/visualjournalism.de\/wp-content\/uploads\/0105-Zukunst-29-1024x1536.jpg 1024w, https:\/\/visualjournalism.de\/wp-content\/uploads\/0105-Zukunst-29-1365x2048.jpg 1365w, https:\/\/visualjournalism.de\/wp-content\/uploads\/0105-Zukunst-29-1920x2880.jpg 1920w, https:\/\/visualjournalism.de\/wp-content\/uploads\/0105-Zukunst-29-1400x2100.jpg 1400w, https:\/\/visualjournalism.de\/wp-content\/uploads\/0105-Zukunst-29-1050x1575.jpg 1050w, https:\/\/visualjournalism.de\/wp-content\/uploads\/0105-Zukunst-29-670x1005.jpg 670w, https:\/\/visualjournalism.de\/wp-content\/uploads\/0105-Zukunst-29-420x630.jpg 420w, https:\/\/visualjournalism.de\/wp-content\/uploads\/0105-Zukunst-29-350x525.jpg 350w, https:\/\/visualjournalism.de\/wp-content\/uploads\/0105-Zukunst-29-300x450.jpg 300w, https:\/\/visualjournalism.de\/wp-content\/uploads\/0105-Zukunst-29-150x225.jpg 150w, https:\/\/visualjournalism.de\/wp-content\/uploads\/0105-Zukunst-29-scaled.jpg 1707w\"\n                width=\"768\" \n                height=\"1152\"\n                alt=\"Ein \u00e4lterer Mann mit kurzem wei\u00dfen Bart, einer Brille und einem Hut sitzt in sommerlicher Kleidung auf einer Bank vor verschiedenen b\u00e4ulichen Bildern und h\u00e4lt eine Zigarette in der Hand. Er l\u00e4chelt und schaut rechts aus dem Bild heraus.\" \n            \/>\n            \n                            <span class=\"post__image__title\">Joy Lohmann, K\u00fcnstler und Initiator des Projekts.<\/span>\n                    <\/div><!-- post__image__container -->\n\n                    <figcaption class=\"post__image__caption--soehne\"><p>Joy Lohmann, K\u00fcnstler und Initiator des Projekts.<\/p>\n<\/figcaption>\n        \n    <\/figure><!-- post__image -->\n\n\n\n \n\n<div class=\"photo-grid grid-layout--2col-5 has-spacing--m\">\n\n            \n\n            <div class=\"photo-grid__image\">\n\n                <figure>\n\n                    <img loading=\"lazy\" decoding=\"async\"  \n                        src=\"https:\/\/visualjournalism.de\/wp-content\/uploads\/Kirchhof_Tim_05-768x512.jpg\" \n                        srcset=\"https:\/\/visualjournalism.de\/wp-content\/uploads\/Kirchhof_Tim_05-768x512.jpg 768w, https:\/\/visualjournalism.de\/wp-content\/uploads\/Kirchhof_Tim_05-300x200.jpg 300w, https:\/\/visualjournalism.de\/wp-content\/uploads\/Kirchhof_Tim_05-1024x683.jpg 1024w, https:\/\/visualjournalism.de\/wp-content\/uploads\/Kirchhof_Tim_05-1536x1024.jpg 1536w, https:\/\/visualjournalism.de\/wp-content\/uploads\/Kirchhof_Tim_05-2048x1365.jpg 2048w, https:\/\/visualjournalism.de\/wp-content\/uploads\/Kirchhof_Tim_05-1920x1280.jpg 1920w, https:\/\/visualjournalism.de\/wp-content\/uploads\/Kirchhof_Tim_05-1400x933.jpg 1400w, https:\/\/visualjournalism.de\/wp-content\/uploads\/Kirchhof_Tim_05-1050x700.jpg 1050w, https:\/\/visualjournalism.de\/wp-content\/uploads\/Kirchhof_Tim_05-670x447.jpg 670w, https:\/\/visualjournalism.de\/wp-content\/uploads\/Kirchhof_Tim_05-420x280.jpg 420w, https:\/\/visualjournalism.de\/wp-content\/uploads\/Kirchhof_Tim_05-350x233.jpg 350w, https:\/\/visualjournalism.de\/wp-content\/uploads\/Kirchhof_Tim_05-150x100.jpg 150w\" \n                        width=\"768\"  \n                        height=\"512\" \n                        alt=\"\"  \n                    \/>\n\n                                            <span class=\"photo-grid__image__title\">Die Besucher*innen der VIP-Ausfahrt genie\u00dfen die Aussicht auf der Ihme.<\/span>\n                    \n                                            <figcaption class=\"photo-grid__image__caption--soehne\"><p>Die Besucher*innen der VIP-Ausfahrt genie\u00dfen die Aussicht auf der Ihme.<\/p>\n<\/figcaption>\n                    \n                <\/figure>\n\n            <\/div><!-- photo-grid__image -->    \n\n\n            \n\n                    \n                \n\n            <div class=\"photo-grid__image\">\n\n                <figure>\n\n                    <img loading=\"lazy\" decoding=\"async\"  \n                        src=\"https:\/\/visualjournalism.de\/wp-content\/uploads\/Kirchhof_Tim_04-768x512.jpg\" \n                        srcset=\"https:\/\/visualjournalism.de\/wp-content\/uploads\/Kirchhof_Tim_04-768x512.jpg 768w, https:\/\/visualjournalism.de\/wp-content\/uploads\/Kirchhof_Tim_04-300x200.jpg 300w, https:\/\/visualjournalism.de\/wp-content\/uploads\/Kirchhof_Tim_04-1024x683.jpg 1024w, https:\/\/visualjournalism.de\/wp-content\/uploads\/Kirchhof_Tim_04-1536x1024.jpg 1536w, https:\/\/visualjournalism.de\/wp-content\/uploads\/Kirchhof_Tim_04-2048x1365.jpg 2048w, https:\/\/visualjournalism.de\/wp-content\/uploads\/Kirchhof_Tim_04-1920x1280.jpg 1920w, https:\/\/visualjournalism.de\/wp-content\/uploads\/Kirchhof_Tim_04-1400x933.jpg 1400w, https:\/\/visualjournalism.de\/wp-content\/uploads\/Kirchhof_Tim_04-1050x700.jpg 1050w, https:\/\/visualjournalism.de\/wp-content\/uploads\/Kirchhof_Tim_04-670x447.jpg 670w, https:\/\/visualjournalism.de\/wp-content\/uploads\/Kirchhof_Tim_04-420x280.jpg 420w, https:\/\/visualjournalism.de\/wp-content\/uploads\/Kirchhof_Tim_04-350x233.jpg 350w, https:\/\/visualjournalism.de\/wp-content\/uploads\/Kirchhof_Tim_04-150x100.jpg 150w\" \n                        width=\"768\"  \n                        height=\"512\" \n                        alt=\"\"  \n                    \/>\n\n                                            <span class=\"photo-grid__image__title\">Die Zukunst f\u00e4llt vielen Schaulustigen auf.<\/span>\n                    \n                                            <figcaption class=\"photo-grid__image__caption--soehne\"><p>Die Zukunst f\u00e4llt vielen Schaulustigen auf.<\/p>\n<\/figcaption>\n                    \n                <\/figure>\n\n            <\/div><!-- photo-grid__image -->    \n\n\n            \n\n            \n<\/div>\n\n\n    <div class=\"headline-block has-spacing--xs\">\n\n        <h2 class=\"post__headline\">Floating Islands als Antwort auf den Klimawandel<\/h2>\n\n        \n    <\/div>\n\n    \n\n\n\n\n<p class=\"post__paragraph has-spacing--default\">\u00abErst waren es schwimmende Kunstwerke, dann ein schwimmender Garten und schlie\u00dflich entstand bei den Maker-Camps unseres Vereins das modulare System \u2013 Inseln, die potentiell erweiterbar sind\u00bb, erl\u00e4utert Joy Lohmann. \u00abEinige der Inseln schwimmen heute noch, andere sind abgebaut. Die, die noch schwimmen, sind haupts\u00e4chlich Garteninseln und Inseln zur Gew\u00e4sserreinigung in Bangalore.\u00bb<\/p>\n\n\n\n<p class=\"post__paragraph has-spacing--default\">Bangalore, bekannt als die Stadt der Seen, k\u00e4mpft mit stark verunreinigten Gew\u00e4ssern, die Brutst\u00e4tten f\u00fcr Malaria und andere Krankheiten sind. Lohmanns Ansatz vor Ort hatte zwei Ziele: eine organische Gew\u00e4sserreinigung der Seen durch Pflanzen und Algen sowie Kulturveranstaltungen auf den bepflanzten Inseln, damit die Menschen eine Beziehung zu den lokalen Gew\u00e4ssern aufbauen. \u00abDieser Effekt ist schwer messbar, aber er funktioniert: Menschen werden achtsamer, entschleunigen sich, werden zuverl\u00e4ssiger und auch sozialer. Wasserschutz wird durch diese Projekte ein Thema, das in den K\u00f6pfen pr\u00e4sent ist, auch politisch.\u00bb<\/p>\n\n\n\n<p class=\"post__paragraph has-spacing--default\">Weltweit gibt es zahlreiche M\u00f6glichkeiten, das Potenzial von Schwimminseln zu nutzen. Ein Beispiel daf\u00fcr gibt der Brite Richart Sowa, der an der Westk\u00fcste Mexikos auf einem Fundament aus Plastikflaschen die international bekannte \u00abSpiral Island\u00bb baute. Zwar zerst\u00f6rten St\u00fcrme und Fluten die Konstruktionen mehrfach, doch Sowa baute die Insel jedesmal wieder auf. Heute beherbergt sie ein mehrst\u00f6ckiges Haus sowie einen Mangrovenwald. Initiator Sowa verbessert und erweitert seine Insel st\u00e4ndig, wobei Freiwilligen ihn unterst\u00fctzen.<\/p>\n\n\n\n<p class=\"post__paragraph has-spacing--default\">Auf der anderen Seite der Erdkugel, in Bangladesh, haben ehemalige Reisfarmer schwimmende Gem\u00fcseg\u00e4rten aus zusammengebundenen Hyazinthen errichtet, da die traditionellen Reisfelder aufgrund des steigenden Meeresspiegels und des Salzwassereinbruchs nicht mehr bewirtschaftet werden k\u00f6nnen. Die schwimmenden G\u00e4rten sind dort nicht nur eine Anpassung an die Folgen des Klimawandels, sondern auch eine wirtschaftliche Chance f\u00fcr die Bev\u00f6lkerung.<\/p>\n\n\n\n<p class=\"post__paragraph has-spacing--xs\">Lohmann betont: \u00abDie Floating Islands sind sowohl eine M\u00f6glichkeit, aktiv etwas gegen den Klimawandel zu tun oder ihn zumindest regional einzud\u00e4mmen, als auch eine Art der Reaktion auf seine Folgen. Den Klimawandel aufzuhalten, k\u00f6nnen die Inseln allein nat\u00fcrlich nicht gew\u00e4hrleisten, aber sie k\u00f6nnten ihn sowohl verlangsamen als auch Bew\u00e4ltigungsstrategien bieten.\u00bb<\/p>\n\n\n\n<p class=\"post__paragraph has-spacing--default\">Die Zukunst in Hannover ist ein Beispiel daf\u00fcr, wie lokale Initiativen globale Bedeutung erlangen k\u00f6nnen. Sie bietet nicht nur einen Ort der sozialen Zusammenkunft und kulturellen Bereicherung, sondern schafft Bewusstsein f\u00fcr den Schutz unserer Gew\u00e4sser. Die Zukunft muss Spa\u00df machen, sagt Lohmann, denn nur so l\u00e4sst sich Begeisterung und Engagement f\u00fcr nachhaltige Projekte wecken.<\/p>\n\n\n\n<p class=\"post__paragraph has-spacing--m\">Die schwimmende Weihnachtsfeier der Zukunst endet mit einem Abschlusskonzert im Vereinsheim des Sportbootclubs am Misburger Hafen. Die Crew wird nicht nur von helfenden H\u00e4nden, sondern auch vom Geruch von Gl\u00fchwein und Bratwurst empfangen. Auch die Musik der Ton, Steine, Scherben-S\u00e4ngerin Birte Volta verbindet die Menschen, und so stimmen alle in einen Chor ein, bereit f\u00fcr die n\u00e4chste Saison.<\/p>\n\n\n    <figure class=\"block-photo post__image--wide-left has-spacing--m with-title\">\n\n        <div class=\"post__image__container\">\n            <img loading=\"lazy\" decoding=\"async\" \n                src=\"https:\/\/visualjournalism.de\/wp-content\/uploads\/Kirchhof_Tim_06-1050x700.jpg\"\n                srcset=\"https:\/\/visualjournalism.de\/wp-content\/uploads\/Kirchhof_Tim_06-1050x700.jpg 1050w, https:\/\/visualjournalism.de\/wp-content\/uploads\/Kirchhof_Tim_06-300x200.jpg 300w, https:\/\/visualjournalism.de\/wp-content\/uploads\/Kirchhof_Tim_06-1024x683.jpg 1024w, https:\/\/visualjournalism.de\/wp-content\/uploads\/Kirchhof_Tim_06-768x512.jpg 768w, https:\/\/visualjournalism.de\/wp-content\/uploads\/Kirchhof_Tim_06-1536x1024.jpg 1536w, https:\/\/visualjournalism.de\/wp-content\/uploads\/Kirchhof_Tim_06-2048x1365.jpg 2048w, https:\/\/visualjournalism.de\/wp-content\/uploads\/Kirchhof_Tim_06-1920x1280.jpg 1920w, https:\/\/visualjournalism.de\/wp-content\/uploads\/Kirchhof_Tim_06-1400x933.jpg 1400w, https:\/\/visualjournalism.de\/wp-content\/uploads\/Kirchhof_Tim_06-670x447.jpg 670w, https:\/\/visualjournalism.de\/wp-content\/uploads\/Kirchhof_Tim_06-420x280.jpg 420w, https:\/\/visualjournalism.de\/wp-content\/uploads\/Kirchhof_Tim_06-350x233.jpg 350w, https:\/\/visualjournalism.de\/wp-content\/uploads\/Kirchhof_Tim_06-150x100.jpg 150w\"\n                width=\"1050\" \n                height=\"700\"\n                alt=\"Im abendlichen Halbdunkel sieht man ein von innen in gelbem Licht erleuchtetes Hausboot einen Fluss entlang fahren.\" \n            \/>\n            \n                            <span class=\"post__image__title\">Auf der Zukunst ist gute Stimmung w\u00e4hrend der abendlichen Ausfahrt.<\/span>\n                    <\/div><!-- post__image__container -->\n\n                    <figcaption class=\"post__image__caption--soehne\"><p>Auf der Zukunst herrscht gute Stimmung w\u00e4hrend der abendlichen Ausfahrt.<\/p>\n<\/figcaption>\n        \n    <\/figure><!-- post__image -->\n\n\n\n    <figure class=\"block-photo post__image--wide-right has-spacing--m with-title\">\n\n        <div class=\"post__image__container\">\n            <img loading=\"lazy\" decoding=\"async\" \n                src=\"https:\/\/visualjournalism.de\/wp-content\/uploads\/Kirchhof_Tim_12-1050x700.jpg\"\n                srcset=\"https:\/\/visualjournalism.de\/wp-content\/uploads\/Kirchhof_Tim_12-1050x700.jpg 1050w, https:\/\/visualjournalism.de\/wp-content\/uploads\/Kirchhof_Tim_12-300x200.jpg 300w, https:\/\/visualjournalism.de\/wp-content\/uploads\/Kirchhof_Tim_12-1024x683.jpg 1024w, https:\/\/visualjournalism.de\/wp-content\/uploads\/Kirchhof_Tim_12-768x512.jpg 768w, https:\/\/visualjournalism.de\/wp-content\/uploads\/Kirchhof_Tim_12-1536x1024.jpg 1536w, https:\/\/visualjournalism.de\/wp-content\/uploads\/Kirchhof_Tim_12-2048x1365.jpg 2048w, https:\/\/visualjournalism.de\/wp-content\/uploads\/Kirchhof_Tim_12-1920x1280.jpg 1920w, https:\/\/visualjournalism.de\/wp-content\/uploads\/Kirchhof_Tim_12-1400x933.jpg 1400w, https:\/\/visualjournalism.de\/wp-content\/uploads\/Kirchhof_Tim_12-670x447.jpg 670w, https:\/\/visualjournalism.de\/wp-content\/uploads\/Kirchhof_Tim_12-420x280.jpg 420w, https:\/\/visualjournalism.de\/wp-content\/uploads\/Kirchhof_Tim_12-350x233.jpg 350w, https:\/\/visualjournalism.de\/wp-content\/uploads\/Kirchhof_Tim_12-150x100.jpg 150w\"\n                width=\"1050\" \n                height=\"700\"\n                alt=\"Eine Frau (links) und ein Mann (Rechts), in der Portraitperspektive fotografiert, unterhalten sich. Die Frau, deren Gesicht erleuchtet ist, lacht und h\u00e4lt einen Pappbecher in der Hand. Sie blickt nach rechts zu dem Mann, dessen Gesicht im Schatten ist, auch er l\u00e4chelt. Er tr\u00e4gt einen Hut und einen karierten Schal.\" \n            \/>\n            \n                            <span class=\"post__image__title\">Birte Volta und Joy Lohmann sto\u00dfen auf die letzte Fahrt an.<\/span>\n                    <\/div><!-- post__image__container -->\n\n                    <figcaption class=\"post__image__caption--soehne\"><p>Birte Volta und Joy Lohmann sto\u00dfen auf die letzte Fahrt an.<\/p>\n<\/figcaption>\n        \n    <\/figure><!-- post__image -->\n\n\n\n \n\n<div class=\"photo-grid grid-layout--2col-5 has-spacing--m\">\n\n            \n\n            <div class=\"photo-grid__image\">\n\n                <figure>\n\n                    <img loading=\"lazy\" decoding=\"async\"  \n                        src=\"https:\/\/visualjournalism.de\/wp-content\/uploads\/Kirchhof_Tim_08-768x512.jpg\" \n                        srcset=\"https:\/\/visualjournalism.de\/wp-content\/uploads\/Kirchhof_Tim_08-768x512.jpg 768w, https:\/\/visualjournalism.de\/wp-content\/uploads\/Kirchhof_Tim_08-300x200.jpg 300w, https:\/\/visualjournalism.de\/wp-content\/uploads\/Kirchhof_Tim_08-1024x683.jpg 1024w, https:\/\/visualjournalism.de\/wp-content\/uploads\/Kirchhof_Tim_08-1536x1024.jpg 1536w, https:\/\/visualjournalism.de\/wp-content\/uploads\/Kirchhof_Tim_08-2048x1365.jpg 2048w, https:\/\/visualjournalism.de\/wp-content\/uploads\/Kirchhof_Tim_08-1920x1280.jpg 1920w, https:\/\/visualjournalism.de\/wp-content\/uploads\/Kirchhof_Tim_08-1400x933.jpg 1400w, https:\/\/visualjournalism.de\/wp-content\/uploads\/Kirchhof_Tim_08-1050x700.jpg 1050w, https:\/\/visualjournalism.de\/wp-content\/uploads\/Kirchhof_Tim_08-670x447.jpg 670w, https:\/\/visualjournalism.de\/wp-content\/uploads\/Kirchhof_Tim_08-420x280.jpg 420w, https:\/\/visualjournalism.de\/wp-content\/uploads\/Kirchhof_Tim_08-350x233.jpg 350w, https:\/\/visualjournalism.de\/wp-content\/uploads\/Kirchhof_Tim_08-150x100.jpg 150w\" \n                        width=\"768\"  \n                        height=\"512\" \n                        alt=\"\"  \n                    \/>\n\n                                            <span class=\"photo-grid__image__title\">Neben den gro\u00dfen Kr\u00e4nen und Flu\u00dfschiffen wirkt die kleine Insel etwas verloren.<\/span>\n                    \n                                            <figcaption class=\"photo-grid__image__caption--soehne\"><p>Neben den gro\u00dfen Kr\u00e4nen und Flu\u00dfschiffen wirkt die kleine Insel etwas verloren.<\/p>\n<\/figcaption>\n                    \n                <\/figure>\n\n            <\/div><!-- photo-grid__image -->    \n\n\n            \n\n                    \n                \n\n            <div class=\"photo-grid__image\">\n\n                <figure>\n\n                    <img loading=\"lazy\" decoding=\"async\"  \n                        src=\"https:\/\/visualjournalism.de\/wp-content\/uploads\/Kirchhof_Tim_11-768x512.jpg\" \n                        srcset=\"https:\/\/visualjournalism.de\/wp-content\/uploads\/Kirchhof_Tim_11-768x512.jpg 768w, https:\/\/visualjournalism.de\/wp-content\/uploads\/Kirchhof_Tim_11-300x200.jpg 300w, https:\/\/visualjournalism.de\/wp-content\/uploads\/Kirchhof_Tim_11-1024x683.jpg 1024w, https:\/\/visualjournalism.de\/wp-content\/uploads\/Kirchhof_Tim_11-1536x1024.jpg 1536w, https:\/\/visualjournalism.de\/wp-content\/uploads\/Kirchhof_Tim_11-2048x1365.jpg 2048w, https:\/\/visualjournalism.de\/wp-content\/uploads\/Kirchhof_Tim_11-1920x1280.jpg 1920w, https:\/\/visualjournalism.de\/wp-content\/uploads\/Kirchhof_Tim_11-1400x933.jpg 1400w, https:\/\/visualjournalism.de\/wp-content\/uploads\/Kirchhof_Tim_11-1050x700.jpg 1050w, https:\/\/visualjournalism.de\/wp-content\/uploads\/Kirchhof_Tim_11-670x447.jpg 670w, https:\/\/visualjournalism.de\/wp-content\/uploads\/Kirchhof_Tim_11-420x280.jpg 420w, https:\/\/visualjournalism.de\/wp-content\/uploads\/Kirchhof_Tim_11-350x233.jpg 350w, https:\/\/visualjournalism.de\/wp-content\/uploads\/Kirchhof_Tim_11-150x100.jpg 150w\" \n                        width=\"768\"  \n                        height=\"512\" \n                        alt=\"\"  \n                    \/>\n\n                                            <span class=\"photo-grid__image__title\">Birte Volta bei ihrem Konzert im Vereinsheim des hannoverschen Motorbootclubs e.V.<\/span>\n                    \n                                            <figcaption class=\"photo-grid__image__caption--soehne\"><p>Birte Volta bei ihrem Konzert im Vereinsheim des hannoverschen Motorbootclubs e.V.<\/p>\n<\/figcaption>\n                    \n                <\/figure>\n\n            <\/div><!-- photo-grid__image -->    \n\n\n            \n\n            \n<\/div>\n\n    <figure class=\"block-photo post__image--full has-spacing--m with-title\">\n\n        <div class=\"post__image__container\">\n            <img loading=\"lazy\" decoding=\"async\" \n                src=\"https:\/\/visualjournalism.de\/wp-content\/uploads\/Kirchhof_Tim_13-1400x933.jpg\"\n                srcset=\"https:\/\/visualjournalism.de\/wp-content\/uploads\/Kirchhof_Tim_13-1400x933.jpg 1400w, https:\/\/visualjournalism.de\/wp-content\/uploads\/Kirchhof_Tim_13-300x200.jpg 300w, https:\/\/visualjournalism.de\/wp-content\/uploads\/Kirchhof_Tim_13-1024x683.jpg 1024w, https:\/\/visualjournalism.de\/wp-content\/uploads\/Kirchhof_Tim_13-768x512.jpg 768w, https:\/\/visualjournalism.de\/wp-content\/uploads\/Kirchhof_Tim_13-1536x1024.jpg 1536w, https:\/\/visualjournalism.de\/wp-content\/uploads\/Kirchhof_Tim_13-2048x1365.jpg 2048w, https:\/\/visualjournalism.de\/wp-content\/uploads\/Kirchhof_Tim_13-1920x1280.jpg 1920w, https:\/\/visualjournalism.de\/wp-content\/uploads\/Kirchhof_Tim_13-1050x700.jpg 1050w, https:\/\/visualjournalism.de\/wp-content\/uploads\/Kirchhof_Tim_13-670x447.jpg 670w, https:\/\/visualjournalism.de\/wp-content\/uploads\/Kirchhof_Tim_13-420x280.jpg 420w, https:\/\/visualjournalism.de\/wp-content\/uploads\/Kirchhof_Tim_13-350x233.jpg 350w, https:\/\/visualjournalism.de\/wp-content\/uploads\/Kirchhof_Tim_13-150x100.jpg 150w\"\n                width=\"1400\" \n                height=\"933\"\n                alt=\"Ein Schiffanleger in der Dunkelheit, einzig allein erleuchtet durch das Licht aus dem Hausboot, das an dem Anleger h\u00e4lt.\" \n            \/>\n            \n                            <span class=\"post__image__title\">Sp\u00e4t am Abend legt die Zukunst zu einem Stop an der Ihme an.<\/span>\n                    <\/div><!-- post__image__container -->\n\n                    <figcaption class=\"post__image__caption--soehne\"><p>Sp\u00e4t am Abend legt die Zukunst zu einem Stopp an der Ihme an.<\/p>\n<\/figcaption>\n        \n    <\/figure><!-- post__image -->\n\n\n\n","protected":false},"author":72,"featured_media":40827,"template":"","tags":[],"magazinkategorie":[185],"class_list":["post-40791","magazin","type-magazin","status-publish","has-post-thumbnail","hentry","magazinkategorie-wasser"],"acf":[],"yoast_head":"<!-- This site is optimized with the Yoast SEO Premium plugin v27.3 (Yoast SEO v27.3) - https:\/\/yoast.com\/product\/yoast-seo-premium-wordpress\/ -->\n<title>Neue Ufer: Unterwegs mit einer \u00abFloating Island\u00bb<\/title>\n<meta name=\"description\" content=\"Floating Islands wie die \u00abZukunst\u00bb in Hannover verbinden Kunst und \u00d6kologie. Weltweit erregt das Konzept Aufmerksamkeit.\" \/>\n<meta name=\"robots\" content=\"index, follow, max-snippet:-1, max-image-preview:large, max-video-preview:-1\" \/>\n<link rel=\"canonical\" href=\"https:\/\/visualjournalism.de\/en\/magazine\/wasser\/neue-ufer\/\" \/>\n<meta property=\"og:locale\" content=\"en_US\" \/>\n<meta property=\"og:type\" content=\"article\" \/>\n<meta property=\"og:title\" content=\"Neue Ufer\" \/>\n<meta property=\"og:description\" content=\"Floating Islands wie die \u00abZukunst\u00bb in Hannover verbinden Kunst und \u00d6kologie. Weltweit erregt das Konzept Aufmerksamkeit.\" \/>\n<meta property=\"og:url\" content=\"https:\/\/visualjournalism.de\/en\/magazine\/wasser\/neue-ufer\/\" \/>\n<meta property=\"og:site_name\" content=\"Visual Journalism and Documentary Photography\" \/>\n<meta property=\"article:publisher\" content=\"https:\/\/www.facebook.com\/people\/wwwfotostudentende\/100065173703897\/\" \/>\n<meta property=\"article:modified_time\" content=\"2024-10-26T19:20:00+00:00\" \/>\n<meta property=\"og:image\" content=\"https:\/\/visualjournalism.de\/wp-content\/uploads\/Kirchhof_Tim_02-scaled.jpg\" \/>\n\t<meta property=\"og:image:width\" content=\"2560\" \/>\n\t<meta property=\"og:image:height\" content=\"1707\" \/>\n\t<meta property=\"og:image:type\" content=\"image\/jpeg\" \/>\n<meta name=\"twitter:card\" content=\"summary_large_image\" \/>\n<meta name=\"twitter:site\" content=\"@HsHannover\" \/>\n<meta name=\"twitter:label1\" content=\"Est. reading time\" \/>\n\t<meta name=\"twitter:data1\" content=\"5 minutes\" \/>\n<script type=\"application\/ld+json\" class=\"yoast-schema-graph\">{\"@context\":\"https:\\\/\\\/schema.org\",\"@graph\":[{\"@type\":\"WebPage\",\"@id\":\"https:\\\/\\\/visualjournalism.de\\\/en\\\/magazine\\\/wasser\\\/neue-ufer\\\/\",\"url\":\"https:\\\/\\\/visualjournalism.de\\\/en\\\/magazine\\\/wasser\\\/neue-ufer\\\/\",\"name\":\"Neue Ufer: Unterwegs mit einer \u00abFloating Island\u00bb\",\"isPartOf\":{\"@id\":\"https:\\\/\\\/visualjournalism.de\\\/en\\\/#website\"},\"primaryImageOfPage\":{\"@id\":\"https:\\\/\\\/visualjournalism.de\\\/en\\\/magazine\\\/wasser\\\/neue-ufer\\\/#primaryimage\"},\"image\":{\"@id\":\"https:\\\/\\\/visualjournalism.de\\\/en\\\/magazine\\\/wasser\\\/neue-ufer\\\/#primaryimage\"},\"thumbnailUrl\":\"https:\\\/\\\/visualjournalism.de\\\/wp-content\\\/uploads\\\/Kirchhof_Tim_02-scaled.jpg\",\"datePublished\":\"2024-05-19T12:47:49+00:00\",\"dateModified\":\"2024-10-26T19:20:00+00:00\",\"description\":\"Floating Islands wie die \u00abZukunst\u00bb in Hannover verbinden Kunst und \u00d6kologie. Weltweit erregt das Konzept Aufmerksamkeit.\",\"breadcrumb\":{\"@id\":\"https:\\\/\\\/visualjournalism.de\\\/en\\\/magazine\\\/wasser\\\/neue-ufer\\\/#breadcrumb\"},\"inLanguage\":\"en-US\",\"potentialAction\":[{\"@type\":\"ReadAction\",\"target\":[\"https:\\\/\\\/visualjournalism.de\\\/en\\\/magazine\\\/wasser\\\/neue-ufer\\\/\"]}]},{\"@type\":\"ImageObject\",\"inLanguage\":\"en-US\",\"@id\":\"https:\\\/\\\/visualjournalism.de\\\/en\\\/magazine\\\/wasser\\\/neue-ufer\\\/#primaryimage\",\"url\":\"https:\\\/\\\/visualjournalism.de\\\/wp-content\\\/uploads\\\/Kirchhof_Tim_02-scaled.jpg\",\"contentUrl\":\"https:\\\/\\\/visualjournalism.de\\\/wp-content\\\/uploads\\\/Kirchhof_Tim_02-scaled.jpg\",\"width\":2560,\"height\":1707,\"caption\":\"Die Zukunst startet von ihrem Anleger in Linden-Nord.\"},{\"@type\":\"BreadcrumbList\",\"@id\":\"https:\\\/\\\/visualjournalism.de\\\/en\\\/magazine\\\/wasser\\\/neue-ufer\\\/#breadcrumb\",\"itemListElement\":[{\"@type\":\"ListItem\",\"position\":1,\"name\":\"Home\",\"item\":\"https:\\\/\\\/visualjournalism.de\\\/en\\\/\"},{\"@type\":\"ListItem\",\"position\":2,\"name\":\"Magazin\",\"item\":\"https:\\\/\\\/visualjournalism.de\\\/en\\\/magazine\\\/\"},{\"@type\":\"ListItem\",\"position\":3,\"name\":\"Neue Ufer\"}]},{\"@type\":\"WebSite\",\"@id\":\"https:\\\/\\\/visualjournalism.de\\\/en\\\/#website\",\"url\":\"https:\\\/\\\/visualjournalism.de\\\/en\\\/\",\"name\":\"Visual Journalism and Documentary Photography\",\"description\":\"All about the bilingual bachelor&#039;s program at Hannover University of Applied Sciences and Arts.\",\"publisher\":{\"@id\":\"https:\\\/\\\/visualjournalism.de\\\/en\\\/#organization\"},\"alternateName\":\"visualjournalism.de\",\"potentialAction\":[{\"@type\":\"SearchAction\",\"target\":{\"@type\":\"EntryPoint\",\"urlTemplate\":\"https:\\\/\\\/visualjournalism.de\\\/en\\\/?s={search_term_string}\"},\"query-input\":{\"@type\":\"PropertyValueSpecification\",\"valueRequired\":true,\"valueName\":\"search_term_string\"}}],\"inLanguage\":\"en-US\"},{\"@type\":\"Organization\",\"@id\":\"https:\\\/\\\/visualjournalism.de\\\/en\\\/#organization\",\"name\":\"Hochschule Hannover \u2013 University of Applied Sciences and Arts\",\"alternateName\":\"HsH\",\"url\":\"https:\\\/\\\/visualjournalism.de\\\/en\\\/\",\"logo\":{\"@type\":\"ImageObject\",\"inLanguage\":\"en-US\",\"@id\":\"https:\\\/\\\/visualjournalism.de\\\/en\\\/#\\\/schema\\\/logo\\\/image\\\/\",\"url\":\"https:\\\/\\\/visualjournalism.de\\\/wp-content\\\/uploads\\\/logo-hochschule-hannover.png\",\"contentUrl\":\"https:\\\/\\\/visualjournalism.de\\\/wp-content\\\/uploads\\\/logo-hochschule-hannover.png\",\"width\":363,\"height\":270,\"caption\":\"Hochschule Hannover \u2013 University of Applied Sciences and Arts\"},\"image\":{\"@id\":\"https:\\\/\\\/visualjournalism.de\\\/en\\\/#\\\/schema\\\/logo\\\/image\\\/\"},\"sameAs\":[\"https:\\\/\\\/www.facebook.com\\\/people\\\/wwwfotostudentende\\\/100065173703897\\\/\",\"https:\\\/\\\/x.com\\\/HsHannover\",\"https:\\\/\\\/www.instagram.com\\\/visualjournalism.de\\\/\"]}]}<\/script>\n<!-- \/ Yoast SEO Premium plugin. -->","yoast_head_json":{"title":"Neue Ufer: Unterwegs mit einer \u00abFloating Island\u00bb","description":"Floating Islands wie die \u00abZukunst\u00bb in Hannover verbinden Kunst und \u00d6kologie. Weltweit erregt das Konzept Aufmerksamkeit.","robots":{"index":"index","follow":"follow","max-snippet":"max-snippet:-1","max-image-preview":"max-image-preview:large","max-video-preview":"max-video-preview:-1"},"canonical":"https:\/\/visualjournalism.de\/en\/magazine\/wasser\/neue-ufer\/","og_locale":"en_US","og_type":"article","og_title":"Neue Ufer","og_description":"Floating Islands wie die \u00abZukunst\u00bb in Hannover verbinden Kunst und \u00d6kologie. Weltweit erregt das Konzept Aufmerksamkeit.","og_url":"https:\/\/visualjournalism.de\/en\/magazine\/wasser\/neue-ufer\/","og_site_name":"Visual Journalism and Documentary Photography","article_publisher":"https:\/\/www.facebook.com\/people\/wwwfotostudentende\/100065173703897\/","article_modified_time":"2024-10-26T19:20:00+00:00","og_image":[{"width":2560,"height":1707,"url":"https:\/\/visualjournalism.de\/wp-content\/uploads\/Kirchhof_Tim_02-scaled.jpg","type":"image\/jpeg"}],"twitter_card":"summary_large_image","twitter_site":"@HsHannover","twitter_misc":{"Est. reading time":"5 minutes"},"schema":{"@context":"https:\/\/schema.org","@graph":[{"@type":"WebPage","@id":"https:\/\/visualjournalism.de\/en\/magazine\/wasser\/neue-ufer\/","url":"https:\/\/visualjournalism.de\/en\/magazine\/wasser\/neue-ufer\/","name":"Neue Ufer: Unterwegs mit einer \u00abFloating Island\u00bb","isPartOf":{"@id":"https:\/\/visualjournalism.de\/en\/#website"},"primaryImageOfPage":{"@id":"https:\/\/visualjournalism.de\/en\/magazine\/wasser\/neue-ufer\/#primaryimage"},"image":{"@id":"https:\/\/visualjournalism.de\/en\/magazine\/wasser\/neue-ufer\/#primaryimage"},"thumbnailUrl":"https:\/\/visualjournalism.de\/wp-content\/uploads\/Kirchhof_Tim_02-scaled.jpg","datePublished":"2024-05-19T12:47:49+00:00","dateModified":"2024-10-26T19:20:00+00:00","description":"Floating Islands wie die \u00abZukunst\u00bb in Hannover verbinden Kunst und \u00d6kologie. Weltweit erregt das Konzept Aufmerksamkeit.","breadcrumb":{"@id":"https:\/\/visualjournalism.de\/en\/magazine\/wasser\/neue-ufer\/#breadcrumb"},"inLanguage":"en-US","potentialAction":[{"@type":"ReadAction","target":["https:\/\/visualjournalism.de\/en\/magazine\/wasser\/neue-ufer\/"]}]},{"@type":"ImageObject","inLanguage":"en-US","@id":"https:\/\/visualjournalism.de\/en\/magazine\/wasser\/neue-ufer\/#primaryimage","url":"https:\/\/visualjournalism.de\/wp-content\/uploads\/Kirchhof_Tim_02-scaled.jpg","contentUrl":"https:\/\/visualjournalism.de\/wp-content\/uploads\/Kirchhof_Tim_02-scaled.jpg","width":2560,"height":1707,"caption":"Die Zukunst startet von ihrem Anleger in Linden-Nord."},{"@type":"BreadcrumbList","@id":"https:\/\/visualjournalism.de\/en\/magazine\/wasser\/neue-ufer\/#breadcrumb","itemListElement":[{"@type":"ListItem","position":1,"name":"Home","item":"https:\/\/visualjournalism.de\/en\/"},{"@type":"ListItem","position":2,"name":"Magazin","item":"https:\/\/visualjournalism.de\/en\/magazine\/"},{"@type":"ListItem","position":3,"name":"Neue Ufer"}]},{"@type":"WebSite","@id":"https:\/\/visualjournalism.de\/en\/#website","url":"https:\/\/visualjournalism.de\/en\/","name":"Visual Journalism and Documentary Photography","description":"All about the bilingual bachelor&#039;s program at Hannover University of Applied Sciences and Arts.","publisher":{"@id":"https:\/\/visualjournalism.de\/en\/#organization"},"alternateName":"visualjournalism.de","potentialAction":[{"@type":"SearchAction","target":{"@type":"EntryPoint","urlTemplate":"https:\/\/visualjournalism.de\/en\/?s={search_term_string}"},"query-input":{"@type":"PropertyValueSpecification","valueRequired":true,"valueName":"search_term_string"}}],"inLanguage":"en-US"},{"@type":"Organization","@id":"https:\/\/visualjournalism.de\/en\/#organization","name":"Hochschule Hannover \u2013 University of Applied Sciences and Arts","alternateName":"HsH","url":"https:\/\/visualjournalism.de\/en\/","logo":{"@type":"ImageObject","inLanguage":"en-US","@id":"https:\/\/visualjournalism.de\/en\/#\/schema\/logo\/image\/","url":"https:\/\/visualjournalism.de\/wp-content\/uploads\/logo-hochschule-hannover.png","contentUrl":"https:\/\/visualjournalism.de\/wp-content\/uploads\/logo-hochschule-hannover.png","width":363,"height":270,"caption":"Hochschule Hannover \u2013 University of Applied Sciences and Arts"},"image":{"@id":"https:\/\/visualjournalism.de\/en\/#\/schema\/logo\/image\/"},"sameAs":["https:\/\/www.facebook.com\/people\/wwwfotostudentende\/100065173703897\/","https:\/\/x.com\/HsHannover","https:\/\/www.instagram.com\/visualjournalism.de\/"]}]}},"_links":{"self":[{"href":"https:\/\/visualjournalism.de\/en\/wp-json\/wp\/v2\/magazin\/40791","targetHints":{"allow":["GET"]}}],"collection":[{"href":"https:\/\/visualjournalism.de\/en\/wp-json\/wp\/v2\/magazin"}],"about":[{"href":"https:\/\/visualjournalism.de\/en\/wp-json\/wp\/v2\/types\/magazin"}],"author":[{"embeddable":true,"href":"https:\/\/visualjournalism.de\/en\/wp-json\/wp\/v2\/users\/72"}],"version-history":[{"count":0,"href":"https:\/\/visualjournalism.de\/en\/wp-json\/wp\/v2\/magazin\/40791\/revisions"}],"wp:featuredmedia":[{"embeddable":true,"href":"https:\/\/visualjournalism.de\/en\/wp-json\/wp\/v2\/media\/40827"}],"wp:attachment":[{"href":"https:\/\/visualjournalism.de\/en\/wp-json\/wp\/v2\/media?parent=40791"}],"wp:term":[{"taxonomy":"post_tag","embeddable":true,"href":"https:\/\/visualjournalism.de\/en\/wp-json\/wp\/v2\/tags?post=40791"},{"taxonomy":"magazinkategorie","embeddable":true,"href":"https:\/\/visualjournalism.de\/en\/wp-json\/wp\/v2\/magazinkategorie?post=40791"}],"curies":[{"name":"wp","href":"https:\/\/api.w.org\/{rel}","templated":true}]}}