{"id":41004,"date":"2024-07-17T19:57:32","date_gmt":"2024-07-17T19:57:32","guid":{"rendered":"https:\/\/visualjournalism.de\/?post_type=magazin&#038;p=41004"},"modified":"2024-09-13T09:01:58","modified_gmt":"2024-09-13T09:01:58","slug":"fischers-fritzin","status":"publish","type":"magazin","link":"https:\/\/visualjournalism.de\/en\/magazine\/wasser\/fischers-fritzin\/","title":{"rendered":"Fischers Fritzin"},"content":{"rendered":"\r\n<div class=\"cover--lead-in has-spacing--m\">\r\n\r\n    \r\n    <div class=\"cover--lead-in__content typo--tiempos\">\r\n\r\n        <div class=\"entry-categories\">\n\t<a class=\"post__tag\" href=\"https:\/\/visualjournalism.de\/magazin-kategorie\/wasser\/\" rel=\"category tag\">Wasser<\/a><\/div>\r\n        <h2 class=\"cover--lead-in__headline \">\r\n            Fischers Fritzin        <\/h2>\r\n\r\n                    <div class=\"cover--lead-in__text\">\r\n                <p><span style=\"font-weight: 400\">Es geht nur um ein Stadtfest im Allg\u00e4u \u2013 und doch um mehr: Darf eine einzelne Frau eine 425 Jahre alte M\u00e4nnertradition zerst\u00f6ren? Ja, sagt ein Gericht. Nein, sagen viele Einwohner von Memmingen. <strong>Von Anna Scheld (Text) und<\/strong><\/span><strong>\u00a0<a href=\"http:\/\/www.visualjournalism.de\/anton-vester\/\">Anton Vester<\/a>\u00a0(Fotos)<\/strong><\/p>\n            <\/div>\r\n        \r\n                    <div class=\"cover--lead-in__author\">\r\n                \r\n                    \r\n                            <figure class=\"cover--lead-in__author__image\">\r\n\r\n                                \r\n                                <img loading=\"lazy\" decoding=\"async\"\r\n                                    src=\"https:\/\/visualjournalism.de\/wp-content\/uploads\/anna-scheld-thumb-68x68.jpg\"\r\n                                    srcset=\"https:\/\/visualjournalism.de\/wp-content\/uploads\/anna-scheld-thumb-68x68.jpg 68w, https:\/\/visualjournalism.de\/wp-content\/uploads\/anna-scheld-thumb-52x52.jpg 52w, https:\/\/visualjournalism.de\/wp-content\/uploads\/anna-scheld-thumb.jpg 100w\"\r\n                                    width=\"68\"\r\n                                    height=\"68\"\r\n                                    alt=\"\"\r\n                                \/>\r\n\r\n                                \r\n                            <\/figure>\r\n\r\n                        \r\n                    \r\n                            <figure class=\"cover--lead-in__author__image\">\r\n\r\n                                                                    <a href=\"http:\/\/visualjournalism.de\/anton-vester\" target=\"_blank\">\r\n                                \r\n                                <img loading=\"lazy\" decoding=\"async\"\r\n                                    src=\"https:\/\/visualjournalism.de\/wp-content\/uploads\/anton-vester-thumb2-68x68.jpg\"\r\n                                    srcset=\"https:\/\/visualjournalism.de\/wp-content\/uploads\/anton-vester-thumb2-68x68.jpg 68w, https:\/\/visualjournalism.de\/wp-content\/uploads\/anton-vester-thumb2-52x52.jpg 52w, https:\/\/visualjournalism.de\/wp-content\/uploads\/anton-vester-thumb2.jpg 100w\"\r\n                                    width=\"68\"\r\n                                    height=\"68\"\r\n                                    alt=\"\"\r\n                                \/>\r\n\r\n                                                                    <\/a>\r\n                                \r\n                            <\/figure>\r\n\r\n                                    <\/div><!-- .cover--lead-in__author -->\r\n        \r\n    <\/div><!-- .cover--lead-in__content -->\r\n\r\n    \r\n        <figure class=\"cover--lead-in__image cover--lead-in__media cover--lead-in__media--image\">\r\n            <img loading=\"lazy\" decoding=\"async\"\r\n                src=\"https:\/\/visualjournalism.de\/wp-content\/uploads\/GeschichteFischersFritzin_copyright_Anton-Vester-20-1920x1280.jpg\"\r\n                srcset=\"https:\/\/visualjournalism.de\/wp-content\/uploads\/GeschichteFischersFritzin_copyright_Anton-Vester-20-1920x1280.jpg 1920w, https:\/\/visualjournalism.de\/wp-content\/uploads\/GeschichteFischersFritzin_copyright_Anton-Vester-20-300x200.jpg 300w, https:\/\/visualjournalism.de\/wp-content\/uploads\/GeschichteFischersFritzin_copyright_Anton-Vester-20-1024x683.jpg 1024w, https:\/\/visualjournalism.de\/wp-content\/uploads\/GeschichteFischersFritzin_copyright_Anton-Vester-20-768x512.jpg 768w, https:\/\/visualjournalism.de\/wp-content\/uploads\/GeschichteFischersFritzin_copyright_Anton-Vester-20-1536x1024.jpg 1536w, https:\/\/visualjournalism.de\/wp-content\/uploads\/GeschichteFischersFritzin_copyright_Anton-Vester-20-2048x1365.jpg 2048w, https:\/\/visualjournalism.de\/wp-content\/uploads\/GeschichteFischersFritzin_copyright_Anton-Vester-20-1400x933.jpg 1400w, https:\/\/visualjournalism.de\/wp-content\/uploads\/GeschichteFischersFritzin_copyright_Anton-Vester-20-1050x700.jpg 1050w, https:\/\/visualjournalism.de\/wp-content\/uploads\/GeschichteFischersFritzin_copyright_Anton-Vester-20-670x447.jpg 670w, https:\/\/visualjournalism.de\/wp-content\/uploads\/GeschichteFischersFritzin_copyright_Anton-Vester-20-420x280.jpg 420w, https:\/\/visualjournalism.de\/wp-content\/uploads\/GeschichteFischersFritzin_copyright_Anton-Vester-20-350x233.jpg 350w, https:\/\/visualjournalism.de\/wp-content\/uploads\/GeschichteFischersFritzin_copyright_Anton-Vester-20-150x100.jpg 150w\"\r\n                width=\"1920\"\r\n                height=\"1280\"\r\n                alt=\"Stadtbach Memmingen, Am Einlass unweit des Bettelturms, \u00fcber eine Strecke von ca. 1 km springen die Fischer*innen ins Wasser und werden von den Zuschauer*innen angefeuert. Es ist hektisch und rau.\"\r\n                style=\"object-position: 37.5% 86.49%\"\r\n            \/>\r\n        <\/figure>\r\n\r\n                    <span class=\"cover--lead-in__image-title\">\r\n                23.07.22. Stadtbach Memmingen, Am Einlass unweit des Bettelturms, \u00fcber eine Strecke von ca. 1 km springen die Fischer*innen ins Wasser und werden von den Zuschauer*innen angefeuert. Es ist hektisch und rau.            <\/span>\r\n        \r\n    \r\n<\/div><!-- .cover--lead-in -->\r\n\r\n\n\n\n<p class=\"post__paragraph has-spacing--default\"><strong>Memmingen liegt in Oberschwaben,<\/strong> <strong>zwischen Allg\u00e4u und M\u00fcnchen.<\/strong> Eine schmucke Altstadt, Kopfsteinpflaster, Fassaden in Pastellt\u00f6nen. Der Marktplatz strahlt im Mittelalter-Look, die Zeit vergeht hier langsamer als anderswo. Immerhin: Die kleine Stadt hat vor ihren altert\u00fcmlichen Toren einen internationalen Airport. Ryanair nannte den Flughafen mit seinen sieben Gates gro\u00dfspurig \u00abM\u00fcnchen West\u00bb, von dem in guten Zeiten bis zu 1,7 Millionen Urlauber im Jahr nach Mallorca oder Alicante abhoben. Aber das ist Vergangenheit. Vor Corona, vor der Spritpreis-Krise, schlimme Zeit heute. Nichts mehr wie fr\u00fcher.<\/p>\n\n\n\n<p class=\"post__paragraph has-spacing--default\">Jetzt darf sogar eine Frau in den Stadtbach springen. Die Welt, sagen einige Memminger M\u00e4nner, geht den Bach hinunter, und schuld daran ist auch Christiane Renz. Noch vier Wochen. Christiane Renz sitzt in einem Caf\u00e9 in der Memminger Fu\u00dfg\u00e4ngerzone und beschwert sich bei der Bedienung \u00fcber die Sahne auf ihrer Eisschokolade. Sie sei nicht s\u00fc\u00df genug. Nicht weit von ihrem Schokobecher flie\u00dft der Stadtbach, die Memminger Ach, eher Rinnsal als Fluss. Aber der Stadtbach hat es in sich: Einmal im Jahr springen mehr als 1000 Memminger in das Gew\u00e4sser, um zu versuchen, die dickste Forelle des Jahres zu fangen. Diesen Satz muss man nicht gendern, denn nur M\u00e4nner d\u00fcrfen am traditionellen \u00abFischertag\u00bb um den Thron k\u00e4mpfen \u2014 also darum, Fischerk\u00f6nig zu sein.<\/p>\n\n\n\n<p class=\"post__paragraph has-spacing--default\">Durften, muss es richtig hei\u00dfen. Denn das Landgericht Memmingen hat 2021 ein Urteil gesprochen: Zum ersten Mal seit 425 Jahren soll nun auch eine Frau in den Bach springen d\u00fcrfen oder, wie sie hier sagen, \u00abneijucken\u00bb. Christiane Renz hat sich per Gerichtsurteil zu einer Party eingeladen, bei der sie ausdr\u00fccklich ausgeladen war.<\/p>\n\n\n\n<p class=\"post__paragraph has-spacing--default\">Noch drei Tage bis zum Tag der Tage. Christiane Renz spaziert am Stadtbach entlang zum Marktplatz. Dort, in einer ehemaligen Apotheke, hat die \u00abFeministische Aktionsgruppe\u00bb ihre R\u00e4ume. Dem alten Schriftzug \u00fcber dem Eingang hat die Gruppe zwei P\u00fcnktchen verpasst. \u00abM\u00f6hrenapotheke\u00bb steht jetzt da. Renz will ihr T-Shirt f\u00fcr den Fischertag abholen, die Aktionsgruppe hat gleich mehrere davon bestellt. \u00abEquality hurts no one\u00bb ist darauf gedruckt, was auf Schw\u00e4bisch \u00fcbersetzt ungef\u00e4hr hei\u00dft: \u00abGleichheit duat koim wea.\u00bb<\/p>\n\n\n\n<p class=\"post__paragraph has-spacing--m\">Empfangen wird Renz von Selina. Blaue Haare, Nasenring, heisere Stimme. Ihre Finger sind \u00fcbers\u00e4t mit bunten Farbtupfern, bis eben hat sie Plakate bemalt. Nat\u00fcrlich k\u00f6nnte sie nach Hamburg ziehen, nach St. Pauli, ins Epizentrum der linken Szene. Aber was passiert dann mit ihrer Heimat? \u00abWenn wir gehen w\u00fcrden\u00bb, sagt sie, \u00abw\u00e4re Memmingen ein konservatives Loch, in dem sich nichts bewegt.\u00bb<\/p>\n\n\n \n\n<div class=\"photo-grid grid-layout--3col has-spacing--m\">\n\n            \n\n            <div class=\"photo-grid__image\">\n\n                <figure>\n\n                    <img loading=\"lazy\" decoding=\"async\"  \n                        src=\"https:\/\/visualjournalism.de\/wp-content\/uploads\/GeschichteFischersFritzin_copyright_Anton-Vester-1-768x1152.jpg\" \n                        srcset=\"https:\/\/visualjournalism.de\/wp-content\/uploads\/GeschichteFischersFritzin_copyright_Anton-Vester-1-768x1152.jpg 768w, https:\/\/visualjournalism.de\/wp-content\/uploads\/GeschichteFischersFritzin_copyright_Anton-Vester-1-200x300.jpg 200w, https:\/\/visualjournalism.de\/wp-content\/uploads\/GeschichteFischersFritzin_copyright_Anton-Vester-1-683x1024.jpg 683w, https:\/\/visualjournalism.de\/wp-content\/uploads\/GeschichteFischersFritzin_copyright_Anton-Vester-1-1024x1536.jpg 1024w, https:\/\/visualjournalism.de\/wp-content\/uploads\/GeschichteFischersFritzin_copyright_Anton-Vester-1-1365x2048.jpg 1365w, https:\/\/visualjournalism.de\/wp-content\/uploads\/GeschichteFischersFritzin_copyright_Anton-Vester-1-1920x2880.jpg 1920w, https:\/\/visualjournalism.de\/wp-content\/uploads\/GeschichteFischersFritzin_copyright_Anton-Vester-1-1400x2100.jpg 1400w, https:\/\/visualjournalism.de\/wp-content\/uploads\/GeschichteFischersFritzin_copyright_Anton-Vester-1-1050x1575.jpg 1050w, https:\/\/visualjournalism.de\/wp-content\/uploads\/GeschichteFischersFritzin_copyright_Anton-Vester-1-670x1005.jpg 670w, https:\/\/visualjournalism.de\/wp-content\/uploads\/GeschichteFischersFritzin_copyright_Anton-Vester-1-420x630.jpg 420w, https:\/\/visualjournalism.de\/wp-content\/uploads\/GeschichteFischersFritzin_copyright_Anton-Vester-1-350x525.jpg 350w, https:\/\/visualjournalism.de\/wp-content\/uploads\/GeschichteFischersFritzin_copyright_Anton-Vester-1-300x450.jpg 300w, https:\/\/visualjournalism.de\/wp-content\/uploads\/GeschichteFischersFritzin_copyright_Anton-Vester-1-150x225.jpg 150w, https:\/\/visualjournalism.de\/wp-content\/uploads\/GeschichteFischersFritzin_copyright_Anton-Vester-1-scaled.jpg 1707w\" \n                        width=\"768\"  \n                        height=\"1152\" \n                        alt=\"\"  \n                    \/>\n\n                                            <span class=\"photo-grid__image__title\">20.07.22, Landesgartenschau Gel\u00e4nde Memmingen, Christiane Renz an dem Ort, den sie oft zum Spazieren aufsucht, um Kraft zu tanken und der Natur nahe zu sein.<\/span>\n                    \n                                            <figcaption class=\"photo-grid__image__caption--soehne\"><p>Christiane Renz an dem Ort, den sie oft zum Spazieren aufsucht, um Kraft zu tanken und der Natur nahe zu sein.<\/p>\n<\/figcaption>\n                    \n                <\/figure>\n\n            <\/div><!-- photo-grid__image -->    \n\n\n            \n\n                    \n                \n\n            <div class=\"photo-grid__image\">\n\n                <figure>\n\n                    <img loading=\"lazy\" decoding=\"async\"  \n                        src=\"https:\/\/visualjournalism.de\/wp-content\/uploads\/GeschichteFischersFritzin_copyright_Anton-Vester-15-768x1152.jpg\" \n                        srcset=\"https:\/\/visualjournalism.de\/wp-content\/uploads\/GeschichteFischersFritzin_copyright_Anton-Vester-15-768x1152.jpg 768w, https:\/\/visualjournalism.de\/wp-content\/uploads\/GeschichteFischersFritzin_copyright_Anton-Vester-15-200x300.jpg 200w, https:\/\/visualjournalism.de\/wp-content\/uploads\/GeschichteFischersFritzin_copyright_Anton-Vester-15-683x1024.jpg 683w, https:\/\/visualjournalism.de\/wp-content\/uploads\/GeschichteFischersFritzin_copyright_Anton-Vester-15-1024x1536.jpg 1024w, https:\/\/visualjournalism.de\/wp-content\/uploads\/GeschichteFischersFritzin_copyright_Anton-Vester-15-1365x2048.jpg 1365w, https:\/\/visualjournalism.de\/wp-content\/uploads\/GeschichteFischersFritzin_copyright_Anton-Vester-15-1920x2880.jpg 1920w, https:\/\/visualjournalism.de\/wp-content\/uploads\/GeschichteFischersFritzin_copyright_Anton-Vester-15-1400x2100.jpg 1400w, https:\/\/visualjournalism.de\/wp-content\/uploads\/GeschichteFischersFritzin_copyright_Anton-Vester-15-1050x1575.jpg 1050w, https:\/\/visualjournalism.de\/wp-content\/uploads\/GeschichteFischersFritzin_copyright_Anton-Vester-15-670x1005.jpg 670w, https:\/\/visualjournalism.de\/wp-content\/uploads\/GeschichteFischersFritzin_copyright_Anton-Vester-15-420x630.jpg 420w, https:\/\/visualjournalism.de\/wp-content\/uploads\/GeschichteFischersFritzin_copyright_Anton-Vester-15-350x525.jpg 350w, https:\/\/visualjournalism.de\/wp-content\/uploads\/GeschichteFischersFritzin_copyright_Anton-Vester-15-300x450.jpg 300w, https:\/\/visualjournalism.de\/wp-content\/uploads\/GeschichteFischersFritzin_copyright_Anton-Vester-15-150x225.jpg 150w, https:\/\/visualjournalism.de\/wp-content\/uploads\/GeschichteFischersFritzin_copyright_Anton-Vester-15-scaled.jpg 1707w\" \n                        width=\"768\"  \n                        height=\"1152\" \n                        alt=\"\"  \n                    \/>\n\n                                            <span class=\"photo-grid__image__title\">22.07.22, am Fischerbrunnen Memmingen, traditionell wird die Fischerstatue auf dem Fischerbrunnen am Schrannenplatz eingekleidet, die zwei abgebildeten Vereinsmitgleder rufen den Zuschauern zu und feiern den Akt mit dem Publikum, mittig ist ein Fischer als Statue zu sehen, der eine Forelle zeigt.<\/span>\n                    \n                                            <figcaption class=\"photo-grid__image__caption--soehne\"><p>, traditionell wird die Fischerstatue auf dem Fischerbrunnen am Schrannenplatz eingekleidet, die zwei abgebildeten Vereinsmitgleder rufen den Zuschauern zu und feiern den Akt mit dem Publikum, mittig ist ein Fischer als Statue zu sehen, der eine Forelle zeigt.<\/p>\n<\/figcaption>\n                    \n                <\/figure>\n\n            <\/div><!-- photo-grid__image -->    \n\n\n            \n\n                    \n                \n\n            <div class=\"photo-grid__image\">\n\n                <figure>\n\n                    <img loading=\"lazy\" decoding=\"async\"  \n                        src=\"https:\/\/visualjournalism.de\/wp-content\/uploads\/GeschichteFischersFritzin_copyright_Anton-Vester-6-768x1152.jpg\" \n                        srcset=\"https:\/\/visualjournalism.de\/wp-content\/uploads\/GeschichteFischersFritzin_copyright_Anton-Vester-6-768x1152.jpg 768w, https:\/\/visualjournalism.de\/wp-content\/uploads\/GeschichteFischersFritzin_copyright_Anton-Vester-6-200x300.jpg 200w, https:\/\/visualjournalism.de\/wp-content\/uploads\/GeschichteFischersFritzin_copyright_Anton-Vester-6-683x1024.jpg 683w, https:\/\/visualjournalism.de\/wp-content\/uploads\/GeschichteFischersFritzin_copyright_Anton-Vester-6-1024x1536.jpg 1024w, https:\/\/visualjournalism.de\/wp-content\/uploads\/GeschichteFischersFritzin_copyright_Anton-Vester-6-1365x2048.jpg 1365w, https:\/\/visualjournalism.de\/wp-content\/uploads\/GeschichteFischersFritzin_copyright_Anton-Vester-6-1920x2880.jpg 1920w, https:\/\/visualjournalism.de\/wp-content\/uploads\/GeschichteFischersFritzin_copyright_Anton-Vester-6-1400x2100.jpg 1400w, https:\/\/visualjournalism.de\/wp-content\/uploads\/GeschichteFischersFritzin_copyright_Anton-Vester-6-1050x1575.jpg 1050w, https:\/\/visualjournalism.de\/wp-content\/uploads\/GeschichteFischersFritzin_copyright_Anton-Vester-6-670x1005.jpg 670w, https:\/\/visualjournalism.de\/wp-content\/uploads\/GeschichteFischersFritzin_copyright_Anton-Vester-6-420x630.jpg 420w, https:\/\/visualjournalism.de\/wp-content\/uploads\/GeschichteFischersFritzin_copyright_Anton-Vester-6-350x525.jpg 350w, https:\/\/visualjournalism.de\/wp-content\/uploads\/GeschichteFischersFritzin_copyright_Anton-Vester-6-300x450.jpg 300w, https:\/\/visualjournalism.de\/wp-content\/uploads\/GeschichteFischersFritzin_copyright_Anton-Vester-6-150x225.jpg 150w, https:\/\/visualjournalism.de\/wp-content\/uploads\/GeschichteFischersFritzin_copyright_Anton-Vester-6-scaled.jpg 1707w\" \n                        width=\"768\"  \n                        height=\"1152\" \n                        alt=\"\"  \n                    \/>\n\n                                            <span class=\"photo-grid__image__title\">20.07.22, Memmingen, Hinterhof des soziokulturellen Vereins Konnex , Selina Lorenz, enge Vertraute von Christiane Renz und bekennende Feminisitin, eine der aktivsten Mitgliederinnen im Verein<\/span>\n                    \n                                            <figcaption class=\"photo-grid__image__caption--soehne\"><p>Selina Lorenz, enge Vertraute von Christiane Renz und bekennende Feminisitin, eine der aktivsten Mitgliederinnen im Verein<\/p>\n<\/figcaption>\n                    \n                <\/figure>\n\n            <\/div><!-- photo-grid__image -->    \n\n\n            \n\n            \n<\/div>\n\n    <figure class=\"block-photo post__image--full has-spacing--m with-title\">\n\n        <div class=\"post__image__container\">\n            <img loading=\"lazy\" decoding=\"async\" \n                src=\"https:\/\/visualjournalism.de\/wp-content\/uploads\/GeschichteFischersFritzin_copyright_Anton-Vester-5-1400x933.jpg\"\n                srcset=\"https:\/\/visualjournalism.de\/wp-content\/uploads\/GeschichteFischersFritzin_copyright_Anton-Vester-5-1400x933.jpg 1400w, https:\/\/visualjournalism.de\/wp-content\/uploads\/GeschichteFischersFritzin_copyright_Anton-Vester-5-300x200.jpg 300w, https:\/\/visualjournalism.de\/wp-content\/uploads\/GeschichteFischersFritzin_copyright_Anton-Vester-5-1024x683.jpg 1024w, https:\/\/visualjournalism.de\/wp-content\/uploads\/GeschichteFischersFritzin_copyright_Anton-Vester-5-768x512.jpg 768w, https:\/\/visualjournalism.de\/wp-content\/uploads\/GeschichteFischersFritzin_copyright_Anton-Vester-5-1536x1024.jpg 1536w, https:\/\/visualjournalism.de\/wp-content\/uploads\/GeschichteFischersFritzin_copyright_Anton-Vester-5-2048x1365.jpg 2048w, https:\/\/visualjournalism.de\/wp-content\/uploads\/GeschichteFischersFritzin_copyright_Anton-Vester-5-1920x1280.jpg 1920w, https:\/\/visualjournalism.de\/wp-content\/uploads\/GeschichteFischersFritzin_copyright_Anton-Vester-5-1050x700.jpg 1050w, https:\/\/visualjournalism.de\/wp-content\/uploads\/GeschichteFischersFritzin_copyright_Anton-Vester-5-670x447.jpg 670w, https:\/\/visualjournalism.de\/wp-content\/uploads\/GeschichteFischersFritzin_copyright_Anton-Vester-5-420x280.jpg 420w, https:\/\/visualjournalism.de\/wp-content\/uploads\/GeschichteFischersFritzin_copyright_Anton-Vester-5-350x233.jpg 350w, https:\/\/visualjournalism.de\/wp-content\/uploads\/GeschichteFischersFritzin_copyright_Anton-Vester-5-150x100.jpg 150w\"\n                width=\"1400\" \n                height=\"933\"\n                alt=\"\" \n            \/>\n            \n                            <span class=\"post__image__title\">20.07.22, Memmingen, Hinterhof Vereinsheim Konnex, nahe am Markplatz gelegen, links Christiane Renz, Mitte Selina und rechts Vereinsmitglied Konnex besprechen den Ablauf der bevorstehenden Plakataktion und verteilen die T-Shirts f\u00fcr den Fischertag.<\/span>\n                    <\/div><!-- post__image__container -->\n\n                    <figcaption class=\"post__image__caption--soehne\"><p>links Christiane Renz, Mitte Selina und rechts Vereinsmitglied Konnex besprechen den Ablauf der bevorstehenden Plakataktion und verteilen die T-Shirts f\u00fcr den Fischertag.<\/p>\n<\/figcaption>\n        \n    <\/figure><!-- post__image -->\n\n\n\n\n<p class=\"post__paragraph has-spacing--xs\"><strong>F\u00fcr Memmingen ist der Fischertag <\/strong>das h\u00f6chste Fest im Jahr. Wichtiger als Weihnachten. Das Ausfischen des Stadtbachs im Sommer ist ein Brauch, der sich aus dem Mittelalter durch die Jahrhunderte bis ins Heute schl\u00e4ngelt. Fischerk\u00f6nig wird, wer den schwersten Fisch erwischt. Eine Wer-hat-den-Gr\u00f6\u00dften-Tradition, organisiert vom Fischertagsverein, dem m\u00e4chtigsten Verein der Stadt mit 4300 Mitgliedern. Fragt man sie, was ihnen das Fest und der Verein bedeuten, leuchten die Augen. Vertr\u00e4umter Blick in die Ferne, Suche nach Worten. Meistens reicht f\u00fcr die Antwort ein einziges Wort: \u00abHeimat\u00bb.<\/p>\n\n\n\n<p class=\"post__paragraph has-spacing--default\">Frauen d\u00fcrfen Mitglied im Verein sein. Doch am Tag der Tage stehen sie am Rand als K\u00fcbelweiber, wachen \u00fcber die Forellen, die ihre M\u00e4nner ihnen aus dem Bach in die Eimer reichen. Sie d\u00fcrfen nicht mitfischen. So bestimmten es bisher die Vereinsstatuten.<\/p>\n\n\n\n<p class=\"post__paragraph has-spacing--default\">Christiane Renz war um die 20, als sie Anfang der 80er Jahre in den Verein eintrat. Eine junge Frau, aufgewachsen in der Illusion von Gleichheit. Auf der M\u00e4dchenschule, die sie besuchte, machten die Lehrer keine Unterschiede zwischen den Geschlechtern, denn es gab ja keine Jungs. Ihren Aha-Moment hatte sie mit 15, als sie den Roman \u00abDie T\u00f6chter Egalias\u00bb der norwegischen Autorin Gerd Brantenberg von einer Freundin auslieh. Sie las und las und tauchte ab in eine fiktive Welt, in der Frauen keine BHs tragen, stattdessen tragen M\u00e4nner PHs. Das Verb \u00abherrschen\u00bb gibt es nicht, es hei\u00dft \u00abfrauschen\u00bb. Eine Utopie, in der die Geschlechterrollen komplett verdreht sind. Ab diesem Moment, sagt Renz, habe sie keine Erkl\u00e4rung mehr stehen lassen und alles hinterfragt. Auch den Fischertag.<\/p>\n\n\n\n<p class=\"post__paragraph has-spacing--default\">W\u00e4hrend Renz in der \u00abM\u00f6hrenapotheke\u00bb ihr T-Shirt auspackt, sitzt ein paar hundert Meter weiter Werner Eberhardt in seiner Werkstatt und prophezeit: \u00abAlle werden sie auslachen, wenn sie nichts f\u00e4ngt.\u00bb Er hat sein Amt im Fischertagsverein zur\u00fcckgegeben, als klar war: Christiane Renz darf mitfischen. Schon sein Gro\u00dfvater war im Verein, sein Vater ebenso. \u00abDas konnte man bestimmt seismographisch messen\u00bb, sagt er und zeigt schr\u00e4g hinter sich aus dem Fenster in Richtung Friedhof, \u00abwie sich mein Gro\u00dfvater im Grab umgedreht hat, als die Satzung ge\u00e4ndert wurde.\u00bb<\/p>\n\n\n\n<p class=\"post__paragraph has-spacing--default\">Wo die Toten im Grab rotieren, zerrei\u00dft es erst recht die Lebendigen. Nichts ist mehr heilig, nichts mehr sicher vor dem Zerfall der guten alten Sitten. \u00abFr\u00fcher\u00bb, sagt Eberhardt, und seine Stimme klingt jetzt halb erregt, halb drohend, \u00abda haben wir die Fische noch am Bachgel\u00e4nder bewusstlos geschlagen, zehn St\u00fcck nacheinander in den Eimer, zack, zack, zack.\u00bb Heute m\u00fcssen etliche Sicherheitsauflagen erf\u00fcllt werden, die gefangenen Forellen werden unter den Augen von Tier\u00e4rzten in einem Zelt fachm\u00e4nnisch mit einem Stich ins Herz get\u00f6tet. So weit ist es gekommen.<\/p>\n\n\n\n<p class=\"post__paragraph has-spacing--m\">\u00abUnd jetzt darf auch noch eine Frau mitfischen.\u00bb Eberhardt sch\u00fcttelt den Kopf. Sein Vater habe vor Jahren auf seinem Sterbebett zu ihm gesagt: \u00abWenn eine Frau reinspringt, musst du aufh\u00f6ren.\u00bb Also tat er das. Beim Verlassen seiner Werkstatt \u00e4u\u00dfert er noch eine Bitte: \u00abNennen Sie blo\u00df meinen Namen nicht.\u00bb Er wolle keinen \u00c4rger. Darum hei\u00dft Eberhardt in Wirklichkeit anders.<\/p>\n\n\n \n\n<div class=\"photo-grid grid-layout--2col-5 has-spacing--m\">\n\n            \n\n            <div class=\"photo-grid__image\">\n\n                <figure>\n\n                    <img loading=\"lazy\" decoding=\"async\"  \n                        src=\"https:\/\/visualjournalism.de\/wp-content\/uploads\/GeschichteFischersFritzin_copyright_Anton-Vester-2-768x1152.jpg\" \n                        srcset=\"https:\/\/visualjournalism.de\/wp-content\/uploads\/GeschichteFischersFritzin_copyright_Anton-Vester-2-768x1152.jpg 768w, https:\/\/visualjournalism.de\/wp-content\/uploads\/GeschichteFischersFritzin_copyright_Anton-Vester-2-200x300.jpg 200w, https:\/\/visualjournalism.de\/wp-content\/uploads\/GeschichteFischersFritzin_copyright_Anton-Vester-2-683x1024.jpg 683w, https:\/\/visualjournalism.de\/wp-content\/uploads\/GeschichteFischersFritzin_copyright_Anton-Vester-2-1024x1536.jpg 1024w, https:\/\/visualjournalism.de\/wp-content\/uploads\/GeschichteFischersFritzin_copyright_Anton-Vester-2-1365x2048.jpg 1365w, https:\/\/visualjournalism.de\/wp-content\/uploads\/GeschichteFischersFritzin_copyright_Anton-Vester-2-1920x2880.jpg 1920w, https:\/\/visualjournalism.de\/wp-content\/uploads\/GeschichteFischersFritzin_copyright_Anton-Vester-2-1400x2100.jpg 1400w, https:\/\/visualjournalism.de\/wp-content\/uploads\/GeschichteFischersFritzin_copyright_Anton-Vester-2-1050x1575.jpg 1050w, https:\/\/visualjournalism.de\/wp-content\/uploads\/GeschichteFischersFritzin_copyright_Anton-Vester-2-670x1005.jpg 670w, https:\/\/visualjournalism.de\/wp-content\/uploads\/GeschichteFischersFritzin_copyright_Anton-Vester-2-420x630.jpg 420w, https:\/\/visualjournalism.de\/wp-content\/uploads\/GeschichteFischersFritzin_copyright_Anton-Vester-2-350x525.jpg 350w, https:\/\/visualjournalism.de\/wp-content\/uploads\/GeschichteFischersFritzin_copyright_Anton-Vester-2-300x450.jpg 300w, https:\/\/visualjournalism.de\/wp-content\/uploads\/GeschichteFischersFritzin_copyright_Anton-Vester-2-150x225.jpg 150w, https:\/\/visualjournalism.de\/wp-content\/uploads\/GeschichteFischersFritzin_copyright_Anton-Vester-2-scaled.jpg 1707w\" \n                        width=\"768\"  \n                        height=\"1152\" \n                        alt=\"\"  \n                    \/>\n\n                                            <span class=\"photo-grid__image__title\">20.07.22, Memmingen, Christiane Renz vor der Haust\u00fcre eines befreundeten Ehepaars. Sie holt den sogenannten &quot;B\u00e4ren&quot; (Kescher) ab, auf dem sie sich abst\u00fctzt. Dabei unterh\u00e4lt sie sich mit einem aufmerksam gewordenen Nachbar.<\/span>\n                    \n                                            <figcaption class=\"photo-grid__image__caption--soehne\"><p>Christiane Renz vor der Haust\u00fcre eines befreundeten Ehepaars. Sie holt den sogenannten &#8222;B\u00e4ren&#8220; (Kescher) ab, auf dem sie sich abst\u00fctzt. Dabei unterh\u00e4lt sie sich mit einem aufmerksam gewordenen Nachbar.<\/p>\n<\/figcaption>\n                    \n                <\/figure>\n\n            <\/div><!-- photo-grid__image -->    \n\n\n            \n\n                    \n                \n\n            <div class=\"photo-grid__image\">\n\n                <figure>\n\n                    <img loading=\"lazy\" decoding=\"async\"  \n                        src=\"https:\/\/visualjournalism.de\/wp-content\/uploads\/GeschichteFischersFritzin_copyright_Anton-Vester-7-768x1152.jpg\" \n                        srcset=\"https:\/\/visualjournalism.de\/wp-content\/uploads\/GeschichteFischersFritzin_copyright_Anton-Vester-7-768x1152.jpg 768w, https:\/\/visualjournalism.de\/wp-content\/uploads\/GeschichteFischersFritzin_copyright_Anton-Vester-7-200x300.jpg 200w, https:\/\/visualjournalism.de\/wp-content\/uploads\/GeschichteFischersFritzin_copyright_Anton-Vester-7-683x1024.jpg 683w, https:\/\/visualjournalism.de\/wp-content\/uploads\/GeschichteFischersFritzin_copyright_Anton-Vester-7-1024x1536.jpg 1024w, https:\/\/visualjournalism.de\/wp-content\/uploads\/GeschichteFischersFritzin_copyright_Anton-Vester-7-1365x2048.jpg 1365w, https:\/\/visualjournalism.de\/wp-content\/uploads\/GeschichteFischersFritzin_copyright_Anton-Vester-7-1920x2880.jpg 1920w, https:\/\/visualjournalism.de\/wp-content\/uploads\/GeschichteFischersFritzin_copyright_Anton-Vester-7-1400x2100.jpg 1400w, https:\/\/visualjournalism.de\/wp-content\/uploads\/GeschichteFischersFritzin_copyright_Anton-Vester-7-1050x1575.jpg 1050w, https:\/\/visualjournalism.de\/wp-content\/uploads\/GeschichteFischersFritzin_copyright_Anton-Vester-7-670x1005.jpg 670w, https:\/\/visualjournalism.de\/wp-content\/uploads\/GeschichteFischersFritzin_copyright_Anton-Vester-7-420x630.jpg 420w, https:\/\/visualjournalism.de\/wp-content\/uploads\/GeschichteFischersFritzin_copyright_Anton-Vester-7-350x525.jpg 350w, https:\/\/visualjournalism.de\/wp-content\/uploads\/GeschichteFischersFritzin_copyright_Anton-Vester-7-300x450.jpg 300w, https:\/\/visualjournalism.de\/wp-content\/uploads\/GeschichteFischersFritzin_copyright_Anton-Vester-7-150x225.jpg 150w, https:\/\/visualjournalism.de\/wp-content\/uploads\/GeschichteFischersFritzin_copyright_Anton-Vester-7-scaled.jpg 1707w\" \n                        width=\"768\"  \n                        height=\"1152\" \n                        alt=\"\"  \n                    \/>\n\n                                            <span class=\"photo-grid__image__title\">21.07.22, Memmingen, Andreas Lorenz, 54J., Hausmeister am V\u00f6hlin-Gymnasium, vor seiner Wohnungst\u00fcr stehend, die auf dem Schulgel\u00e4nde liegt. Er tr\u00e4gt Arbeitsklamotten, dazu den typischen Fischerhut und den selbstgemachten Gabelb\u00e4r aus Holz, leitet seit vielen Jahren die Vorbereitungskurse f\u00fcr den Fischertag. Die aktuellen Vereinsentwicklungen bereiten ihm Sorgen. Er sagt: &quot;Die letzte Bastion ist gefallen.&quot;<\/span>\n                    \n                                            <figcaption class=\"photo-grid__image__caption--soehne\"><p>, Andreas Lorenz, 54J., Hausmeister am V\u00f6hlin-Gymnasium, vor seiner Wohnungst\u00fcr stehend, die auf dem Schulgel\u00e4nde liegt. Er tr\u00e4gt Arbeitsklamotten, dazu den typischen Fischerhut und den selbstgemachten Gabelb\u00e4r aus Holz, leitet seit vielen Jahren die Vorbereitungskurse f\u00fcr den Fischertag. Die aktuellen Vereinsentwicklungen bereiten ihm Sorgen. Er sagt: &#8222;Die letzte Bastion ist gefallen.&#8220;<\/p>\n<\/figcaption>\n                    \n                <\/figure>\n\n            <\/div><!-- photo-grid__image -->    \n\n\n            \n\n            \n<\/div>\n\n\n<p class=\"post__paragraph has-spacing--default\"><strong>Die Revolution der Christiane Renz begann h\u00f6flich<\/strong>: Vor f\u00fcnf, sechs Jahren unterhielt sie sich mit der einzigen Frau im Vorstand und sprach das Thema an. Ob der Verein nicht langsam mal die Satzung \u00e4ndern wollte. Frauen sollten auch mitmachen d\u00fcrfen. Doch schon die Frage war ein Sakrileg, wurde als \u00abNestbeschmutzung\u00bb abgetan, sagt Renz.<\/p>\n\n\n\n<p class=\"post__paragraph has-spacing--default\">Mehrmals stellte sie Antr\u00e4ge, mehrmals holte sie sich eine Abfuhr. W\u00e4hrend der Sitzungen sprach niemand mehr mit ihr. Sie wurde im Raum \u00fcbersehen, als sei sie gar nicht da. Einmal bat sie, den Antrag komplett vorzulesen, auch die Begr\u00fcndung. Etwa 15 von 200 Delegierten stimmten f\u00fcr die \u00c4nderung. Viele klatschten, als der Antrag abgelehnt wurde.<\/p>\n\n\n\n<p class=\"post__paragraph has-spacing--default\">Dann sah sie in den Fernsehnachrichten einen Beitrag. Er handelte von einer Berliner Anw\u00e4ltin, die per Klage die Teilnahme ihrer Tochter in einem Knabenchor durchsetzte. Renz schrieb der Anw\u00e4ltin eine Mail und berichtete vom Fischertag: \u00abVielleicht ist das f\u00fcr Sie interessant.\u00bb<\/p>\n\n\n\n<p class=\"post__paragraph has-spacing--default\">Auch im bayerischen Voralpenland hat sich in den letzten Jahrzehnten einiges ver\u00e4ndert: Zw\u00f6lf von insgesamt 41 Sitzen im Memminger Stadtrat sind derzeit von Frauen besetzt (29 Prozent), Memmingen ist \u00abModellregion Zukunft der Mobilit\u00e4t\u00bb, und beim Eishockeyclub ECDC hat man sich schon \u00fcberlegt, ob \u00abIndianer\u00bb noch der passende Beiname f\u00fcr den Verein ist. Die Zeiten, als hier selbst ein Besenstil gew\u00e4hlt worden w\u00e4re, Hauptsache, er ist Mitglied der CSU, sind jedenfalls l\u00e4ngst vorbei. Bei der letzten Bundestagswahl kam die CSU in Memmingen nicht einmal mehr auf 30 Prozent. Man gibt sich modern und doch traditionsbewusst. Laptop und Lederhose, der bayerische Slogan, gilt auch hier. Deshalb wirbt die Stadt auf Flyern mit: \u00abMemmingen \u2014 Stadt mit Perspektiven\u00bb. Vor allem mit m\u00e4nnlichen.<\/p>\n\n\n\n<p class=\"post__paragraph has-spacing--default\">An den Tagen vor dem Fischertag ver\u00e4ndert sich die Stadt. Mit jeder Stunde, die er n\u00e4her r\u00fcckt, w\u00e4chst die Unruhe, die Vorfreude, die Anspannung. Bis zu 40 000 Besucher kommen jedes Jahr, um das Spektakel zu sehen. Auch dieses Jahr sind die Hotelzimmer ausgebucht, die Kneipen am Abend oft bis auf den letzten Platz gef\u00fcllt. Wird sie wirklich springen? Wird Christiane Renz als erste Frau der Welt, ja, des ganzen Kosmos offiziell in den Stadtbach \u00abneijucka\u00bb? Wird sie ihr Recht beanspruchen, das ihr erst das Amtsgericht, dann das Landgericht zugesprochen haben und gegen das es keinen Einspruch, keine Revision mehr geben wird, nicht einmal vor dem Bundesverfassungsgericht?<\/p>\n\n\n\n<p class=\"post__paragraph has-spacing--default\">Zwei Tage noch. Renz mag den Rummel um ihre Person nicht. Sie triumphiert nicht, jedenfalls nicht laut. An diesem Nachmittag, 37 Grad, k\u00fchlt sie sich im Stadtpark im Bach die F\u00fc\u00dfe ab. Hierher kommt sie oft, wenn ihr der Trubel in der Stadt zu viel wird. Zu viele eigene Gedanken, zu viele andere Gesichter. Dann braucht sie B\u00e4ume statt Beton, Gr\u00fcn statt Grau. Sie starrt auf Bienen, die in Bl\u00fcten krabbeln, und verliert sich im Nichtsdenken.<\/p>\n\n\n\n<p class=\"post__paragraph has-spacing--default\">Diesen Zustand nennt sie \u00abdas Guckerle\u00bb. Der Blick haftet sich fest, geht gleichzeitig ins Leere. Und der Geist fliegt frei.<\/p>\n\n\n\n<p class=\"post__paragraph has-spacing--default\">Renz kann gut mit Tieren. Viel besser als mit Menschen, sagt sie. Sie ist Tier\u00e4rztin, in ihrer Praxis bietet sie Kurse an, um gest\u00f6rte Beziehungen zwischen Mensch und Hund zu behandeln. Ziel dabei sei es, so schreibt sie auf ihrer Website, dass ein Tier unerw\u00fcnschte Verhaltensweisen verlernt. Bei Tieren wei\u00df sie, wie das geht. Aber bei M\u00e4nnern?<\/p>\n\n\n\n<p class=\"post__paragraph has-spacing--default\">Der Marktplatz am Abend vor dem Fischertag. Der \u00abB\u00fcttel\u00bb in seinem historischen Kost\u00fcm k\u00fcndigt von der B\u00fchne den morgigen Fischertag an, neben ihm stehen der scheidende Fischerk\u00f6nig und der Oberb\u00fcrgermeister. Die Zuschauer auf der Trib\u00fcne klatschen zum Takt der Trommelmusik. Dann rollt der B\u00fcttel eine riesige Papierrolle aus, von der er abliest. Er hei\u00dft Gottfried Voigt, ist Vorsitzender der Freien W\u00e4hler im Stadtrat und hat die Rede selbst geschrieben. Mehrere Wochen hat er daran gefeilt. Er setzt an in tiefstem Schw\u00e4bisch: \u00abLiabe Leit, liabe G\u00e4schd.\u00bb H\u00e4lt nach ein paar Zeilen inne. Dann: \u00abAu, jetzt hau i des Gegendere ganz vergessa!\u00bb<\/p>\n\n\n\n<p class=\"post__paragraph has-spacing--default\">Im n\u00e4chsten Satz sagt er \u00abFischer Schr\u00e4gstrich In\u00bb, spricht vom \u00abForellen- und Forellinnen-Preis\u00bb. Die Menge auf den R\u00e4ngen johlt. Dann trillern Pfiffe, Buh-Rufe prasseln von den R\u00e4ngen herab. Sie sind Christiane Renz gewidmet.<\/p>\n\n\n\n<p class=\"post__paragraph has-spacing--m\">Samstag. Fischertag. 6 Uhr. Christiane Renz steht zwischen 1100 M\u00e4nnern auf dem Schulhof der ehemaligen Realschule, um sich den Stempel zur Teilnahme abzuholen. Alles, auch das \u00abNeijucken\u00bb in den Stadtbach, hat seine Ordnung. Die M\u00e4nner stehen in Gr\u00fcppchen, manche sprechen miteinander, andere gr\u00f6len sich die Gesichter rot und prosten sich schon um diese Uhrzeit mit Bierflaschen zu. Immer wieder sehen sie aus den Augenwinkeln zu ihr. \u00abIsch se da?\u00bb, fragen sie zischend aus allen Richtungen.<\/p>\n\n\n \n\n<div class=\"photo-grid grid-layout--2col-5 has-spacing--m\">\n\n            \n\n            <div class=\"photo-grid__image\">\n\n                <figure>\n\n                    <img loading=\"lazy\" decoding=\"async\"  \n                        src=\"https:\/\/visualjournalism.de\/wp-content\/uploads\/GeschichteFischersFritzin_copyright_Anton-Vester-8-768x512.jpg\" \n                        srcset=\"https:\/\/visualjournalism.de\/wp-content\/uploads\/GeschichteFischersFritzin_copyright_Anton-Vester-8-768x512.jpg 768w, https:\/\/visualjournalism.de\/wp-content\/uploads\/GeschichteFischersFritzin_copyright_Anton-Vester-8-300x200.jpg 300w, https:\/\/visualjournalism.de\/wp-content\/uploads\/GeschichteFischersFritzin_copyright_Anton-Vester-8-1024x683.jpg 1024w, https:\/\/visualjournalism.de\/wp-content\/uploads\/GeschichteFischersFritzin_copyright_Anton-Vester-8-1536x1024.jpg 1536w, https:\/\/visualjournalism.de\/wp-content\/uploads\/GeschichteFischersFritzin_copyright_Anton-Vester-8-2048x1365.jpg 2048w, https:\/\/visualjournalism.de\/wp-content\/uploads\/GeschichteFischersFritzin_copyright_Anton-Vester-8-1920x1280.jpg 1920w, https:\/\/visualjournalism.de\/wp-content\/uploads\/GeschichteFischersFritzin_copyright_Anton-Vester-8-1400x933.jpg 1400w, https:\/\/visualjournalism.de\/wp-content\/uploads\/GeschichteFischersFritzin_copyright_Anton-Vester-8-1050x700.jpg 1050w, https:\/\/visualjournalism.de\/wp-content\/uploads\/GeschichteFischersFritzin_copyright_Anton-Vester-8-670x447.jpg 670w, https:\/\/visualjournalism.de\/wp-content\/uploads\/GeschichteFischersFritzin_copyright_Anton-Vester-8-420x280.jpg 420w, https:\/\/visualjournalism.de\/wp-content\/uploads\/GeschichteFischersFritzin_copyright_Anton-Vester-8-350x233.jpg 350w, https:\/\/visualjournalism.de\/wp-content\/uploads\/GeschichteFischersFritzin_copyright_Anton-Vester-8-150x100.jpg 150w\" \n                        width=\"768\"  \n                        height=\"512\" \n                        alt=\"\"  \n                    \/>\n\n                                            <span class=\"photo-grid__image__title\">21.07.22, Memminger Marktplatz, Besucher und Einheimische laufen \u00fcber den Markplatz w\u00e4hrend die B\u00fchnen f\u00fcr die bevorstehenden Feste Memminger Fischertag und Wallenstein aufgebaut werden.<\/span>\n                    \n                                            <figcaption class=\"photo-grid__image__caption--soehne\"><p>Besucher und Einheimische laufen \u00fcber den Markplatz w\u00e4hrend die B\u00fchnen f\u00fcr die bevorstehenden Feste Memminger Fischertag und Wallenstein aufgebaut werden.<\/p>\n<\/figcaption>\n                    \n                <\/figure>\n\n            <\/div><!-- photo-grid__image -->    \n\n\n            \n\n                    \n                \n\n            <div class=\"photo-grid__image\">\n\n                <figure>\n\n                    <img loading=\"lazy\" decoding=\"async\"  \n                        src=\"https:\/\/visualjournalism.de\/wp-content\/uploads\/GeschichteFischersFritzin_copyright_Anton-Vester-12-768x512.jpg\" \n                        srcset=\"https:\/\/visualjournalism.de\/wp-content\/uploads\/GeschichteFischersFritzin_copyright_Anton-Vester-12-768x512.jpg 768w, https:\/\/visualjournalism.de\/wp-content\/uploads\/GeschichteFischersFritzin_copyright_Anton-Vester-12-300x200.jpg 300w, https:\/\/visualjournalism.de\/wp-content\/uploads\/GeschichteFischersFritzin_copyright_Anton-Vester-12-1024x683.jpg 1024w, https:\/\/visualjournalism.de\/wp-content\/uploads\/GeschichteFischersFritzin_copyright_Anton-Vester-12-1536x1024.jpg 1536w, https:\/\/visualjournalism.de\/wp-content\/uploads\/GeschichteFischersFritzin_copyright_Anton-Vester-12-2048x1365.jpg 2048w, https:\/\/visualjournalism.de\/wp-content\/uploads\/GeschichteFischersFritzin_copyright_Anton-Vester-12-1920x1280.jpg 1920w, https:\/\/visualjournalism.de\/wp-content\/uploads\/GeschichteFischersFritzin_copyright_Anton-Vester-12-1400x933.jpg 1400w, https:\/\/visualjournalism.de\/wp-content\/uploads\/GeschichteFischersFritzin_copyright_Anton-Vester-12-1050x700.jpg 1050w, https:\/\/visualjournalism.de\/wp-content\/uploads\/GeschichteFischersFritzin_copyright_Anton-Vester-12-670x447.jpg 670w, https:\/\/visualjournalism.de\/wp-content\/uploads\/GeschichteFischersFritzin_copyright_Anton-Vester-12-420x280.jpg 420w, https:\/\/visualjournalism.de\/wp-content\/uploads\/GeschichteFischersFritzin_copyright_Anton-Vester-12-350x233.jpg 350w, https:\/\/visualjournalism.de\/wp-content\/uploads\/GeschichteFischersFritzin_copyright_Anton-Vester-12-150x100.jpg 150w\" \n                        width=\"768\"  \n                        height=\"512\" \n                        alt=\"\"  \n                    \/>\n\n                                            <span class=\"photo-grid__image__title\">22.07.22, Memmingen, Stadionhalle des FC Memmingen 1907 e.V., Vorabend des Fischerfests, Fahnen geschm\u00fcckte Festhalle, von links betrachtet: Deutschlandfahne, bayrische Fahne und Memminger Fahne in wiederholender Abfolge, zentral im Bild aufgebaute B\u00fchne mit Thron f\u00fcr den Fischerk\u00f6nig, kurz bevor Fischerfest ausgerufen wird kommt der Licht- und Technikverantwortliche des Vereins mit seinem Sohn Matthis um die letzten Lichteinstellungen zu t\u00e4tigen. W\u00e4hrend Vater am Licht arbeitet, spielt Matthis in der Halle und z\u00e4hlt die Biergarnituren. Es riecht nach Tanne. Ruhe herrscht.<\/span>\n                    \n                                            <figcaption class=\"photo-grid__image__caption--soehne\"><p>Stadionhalle des FC Memmingen 1907 e.V., Vorabend des Fischerfests, Fahnen geschm\u00fcckte Festhalle, von links betrachtet: Deutschlandfahne, bayrische Fahne und Memminger Fahne in wiederholender Abfolge, zentral im Bild aufgebaute B\u00fchne mit Thron f\u00fcr den Fischerk\u00f6nig, kurz bevor Fischerfest ausgerufen wird kommt der Licht- und Technikverantwortliche des Vereins mit seinem Sohn Matthis um die letzten Lichteinstellungen zu t\u00e4tigen. W\u00e4hrend Vater am Licht arbeitet, spielt Matthis in der Halle und z\u00e4hlt die Biergarnituren. Es riecht nach Tanne. Ruhe herrscht.<\/p>\n<\/figcaption>\n                    \n                <\/figure>\n\n            <\/div><!-- photo-grid__image -->    \n\n\n            \n\n            \n<\/div>\n\n \n\n<div class=\"photo-grid grid-layout--2col-5 has-spacing--m\">\n\n            \n\n            <div class=\"photo-grid__image\">\n\n                <figure>\n\n                    <img loading=\"lazy\" decoding=\"async\"  \n                        src=\"https:\/\/visualjournalism.de\/wp-content\/uploads\/GeschichteFischersFritzin_copyright_Anton-Vester-9-768x512.jpg\" \n                        srcset=\"https:\/\/visualjournalism.de\/wp-content\/uploads\/GeschichteFischersFritzin_copyright_Anton-Vester-9-768x512.jpg 768w, https:\/\/visualjournalism.de\/wp-content\/uploads\/GeschichteFischersFritzin_copyright_Anton-Vester-9-300x200.jpg 300w, https:\/\/visualjournalism.de\/wp-content\/uploads\/GeschichteFischersFritzin_copyright_Anton-Vester-9-1024x683.jpg 1024w, https:\/\/visualjournalism.de\/wp-content\/uploads\/GeschichteFischersFritzin_copyright_Anton-Vester-9-1536x1024.jpg 1536w, https:\/\/visualjournalism.de\/wp-content\/uploads\/GeschichteFischersFritzin_copyright_Anton-Vester-9-2048x1365.jpg 2048w, https:\/\/visualjournalism.de\/wp-content\/uploads\/GeschichteFischersFritzin_copyright_Anton-Vester-9-1920x1280.jpg 1920w, https:\/\/visualjournalism.de\/wp-content\/uploads\/GeschichteFischersFritzin_copyright_Anton-Vester-9-1400x933.jpg 1400w, https:\/\/visualjournalism.de\/wp-content\/uploads\/GeschichteFischersFritzin_copyright_Anton-Vester-9-1050x700.jpg 1050w, https:\/\/visualjournalism.de\/wp-content\/uploads\/GeschichteFischersFritzin_copyright_Anton-Vester-9-670x447.jpg 670w, https:\/\/visualjournalism.de\/wp-content\/uploads\/GeschichteFischersFritzin_copyright_Anton-Vester-9-420x280.jpg 420w, https:\/\/visualjournalism.de\/wp-content\/uploads\/GeschichteFischersFritzin_copyright_Anton-Vester-9-350x233.jpg 350w, https:\/\/visualjournalism.de\/wp-content\/uploads\/GeschichteFischersFritzin_copyright_Anton-Vester-9-150x100.jpg 150w\" \n                        width=\"768\"  \n                        height=\"512\" \n                        alt=\"\"  \n                    \/>\n\n                                            <span class=\"photo-grid__image__title\">21.07.22, Memmingen, auf dem Weg zur Stadionhalle, Kinderumzug mit Teilnahme vieler beteiligter Schulen, zentraler Wagen, links auf Wagen: lokale Politiker, rechts sitzend: auserw\u00e4hlte junge M\u00e4dchen, die aufgefordert sind mit freundlichem L\u00e4cheln allen Zuschauer*innen zu gr\u00fc\u00dfen.<\/span>\n                    \n                                            <figcaption class=\"photo-grid__image__caption--soehne\"><p>auf dem Weg zur Stadionhalle, Kinderumzug mit Teilnahme vieler beteiligter Schulen, zentraler Wagen, links auf Wagen: lokale Politiker, rechts sitzend: auserw\u00e4hlte junge M\u00e4dchen, die aufgefordert sind mit freundlichem L\u00e4cheln allen Zuschauer*innen zu gr\u00fc\u00dfen.<\/p>\n<\/figcaption>\n                    \n                <\/figure>\n\n            <\/div><!-- photo-grid__image -->    \n\n\n            \n\n                    \n                \n\n            <div class=\"photo-grid__image\">\n\n                <figure>\n\n                    <img loading=\"lazy\" decoding=\"async\"  \n                        src=\"https:\/\/visualjournalism.de\/wp-content\/uploads\/GeschichteFischersFritzin_copyright_Anton-Vester-16-768x512.jpg\" \n                        srcset=\"https:\/\/visualjournalism.de\/wp-content\/uploads\/GeschichteFischersFritzin_copyright_Anton-Vester-16-768x512.jpg 768w, https:\/\/visualjournalism.de\/wp-content\/uploads\/GeschichteFischersFritzin_copyright_Anton-Vester-16-300x200.jpg 300w, https:\/\/visualjournalism.de\/wp-content\/uploads\/GeschichteFischersFritzin_copyright_Anton-Vester-16-1024x683.jpg 1024w, https:\/\/visualjournalism.de\/wp-content\/uploads\/GeschichteFischersFritzin_copyright_Anton-Vester-16-1536x1024.jpg 1536w, https:\/\/visualjournalism.de\/wp-content\/uploads\/GeschichteFischersFritzin_copyright_Anton-Vester-16-2048x1365.jpg 2048w, https:\/\/visualjournalism.de\/wp-content\/uploads\/GeschichteFischersFritzin_copyright_Anton-Vester-16-1920x1280.jpg 1920w, https:\/\/visualjournalism.de\/wp-content\/uploads\/GeschichteFischersFritzin_copyright_Anton-Vester-16-1400x933.jpg 1400w, https:\/\/visualjournalism.de\/wp-content\/uploads\/GeschichteFischersFritzin_copyright_Anton-Vester-16-1050x700.jpg 1050w, https:\/\/visualjournalism.de\/wp-content\/uploads\/GeschichteFischersFritzin_copyright_Anton-Vester-16-670x447.jpg 670w, https:\/\/visualjournalism.de\/wp-content\/uploads\/GeschichteFischersFritzin_copyright_Anton-Vester-16-420x280.jpg 420w, https:\/\/visualjournalism.de\/wp-content\/uploads\/GeschichteFischersFritzin_copyright_Anton-Vester-16-350x233.jpg 350w, https:\/\/visualjournalism.de\/wp-content\/uploads\/GeschichteFischersFritzin_copyright_Anton-Vester-16-150x100.jpg 150w\" \n                        width=\"768\"  \n                        height=\"512\" \n                        alt=\"\"  \n                    \/>\n\n                                            <span class=\"photo-grid__image__title\">22.07.22, Marktplatz, Memmingen, eine Mitgliederin der aktivistischen Feminismusgruppe des Vereins Kennox zeigt einen Sticker &quot;D&#039;r Mau isch a Frau!&quot;was hei\u00dft: Der Memminger Mond ist eine Frau. Der Mond wird als Symbol f\u00fcr das Memminger Fischerfest benutzt und entstammt einer Memminger Sage.<\/span>\n                    \n                                            <figcaption class=\"photo-grid__image__caption--soehne\"><p>Memmingen, eine Mitgliederin der aktivistischen Feminismusgruppe des Vereins Kennox zeigt einen Sticker &#8222;D&#8217;r Mau isch a Frau!&#8220;was hei\u00dft: Der Memminger Mond ist eine Frau. Der Mond wird als Symbol f\u00fcr das Memminger Fischerfest benutzt und entstammt einer Memminger Sage.<\/p>\n<\/figcaption>\n                    \n                <\/figure>\n\n            <\/div><!-- photo-grid__image -->    \n\n\n            \n\n            \n<\/div>\n\n    <figure class=\"block-photo post__image--full has-spacing--m with-title\">\n\n        <div class=\"post__image__container\">\n            <img loading=\"lazy\" decoding=\"async\" \n                src=\"https:\/\/visualjournalism.de\/wp-content\/uploads\/GeschichteFischersFritzin_copyright_Anton-Vester-24-1400x933.jpg\"\n                srcset=\"https:\/\/visualjournalism.de\/wp-content\/uploads\/GeschichteFischersFritzin_copyright_Anton-Vester-24-1400x933.jpg 1400w, https:\/\/visualjournalism.de\/wp-content\/uploads\/GeschichteFischersFritzin_copyright_Anton-Vester-24-300x200.jpg 300w, https:\/\/visualjournalism.de\/wp-content\/uploads\/GeschichteFischersFritzin_copyright_Anton-Vester-24-1024x683.jpg 1024w, https:\/\/visualjournalism.de\/wp-content\/uploads\/GeschichteFischersFritzin_copyright_Anton-Vester-24-768x512.jpg 768w, https:\/\/visualjournalism.de\/wp-content\/uploads\/GeschichteFischersFritzin_copyright_Anton-Vester-24-1536x1024.jpg 1536w, https:\/\/visualjournalism.de\/wp-content\/uploads\/GeschichteFischersFritzin_copyright_Anton-Vester-24-2048x1365.jpg 2048w, https:\/\/visualjournalism.de\/wp-content\/uploads\/GeschichteFischersFritzin_copyright_Anton-Vester-24-1920x1280.jpg 1920w, https:\/\/visualjournalism.de\/wp-content\/uploads\/GeschichteFischersFritzin_copyright_Anton-Vester-24-1050x700.jpg 1050w, https:\/\/visualjournalism.de\/wp-content\/uploads\/GeschichteFischersFritzin_copyright_Anton-Vester-24-670x447.jpg 670w, https:\/\/visualjournalism.de\/wp-content\/uploads\/GeschichteFischersFritzin_copyright_Anton-Vester-24-420x280.jpg 420w, https:\/\/visualjournalism.de\/wp-content\/uploads\/GeschichteFischersFritzin_copyright_Anton-Vester-24-350x233.jpg 350w, https:\/\/visualjournalism.de\/wp-content\/uploads\/GeschichteFischersFritzin_copyright_Anton-Vester-24-150x100.jpg 150w\"\n                width=\"1400\" \n                height=\"933\"\n                alt=\"\" \n            \/>\n            \n                            <span class=\"post__image__title\">23.07.22. 18 Uhr abends, Marktplatz Memmingen,  \rverschiedene Vereinsgruppen des Fischertagsvereins nehmen am Zug des Fischerk\u00f6nigs teil. Szene zeigt die Fischergruppe, die l\u00e4rmend durch die Stra\u00dfen ziehen und die Zuschauer*innen begeistern.<\/span>\n                    <\/div><!-- post__image__container -->\n\n                    <figcaption class=\"post__image__caption--soehne\"><p>verschiedene Vereinsgruppen des Fischertagsvereins nehmen am Zug des Fischerk\u00f6nigs teil. Szene zeigt die Fischergruppe, die l\u00e4rmend durch die Stra\u00dfen ziehen und die Zuschauer*innen begeistern.<\/p>\n<\/figcaption>\n        \n    <\/figure><!-- post__image -->\n\n\n\n \n\n<div class=\"photo-grid grid-layout--2col-5 has-spacing--m\">\n\n            \n\n            <div class=\"photo-grid__image\">\n\n                <figure>\n\n                    <img loading=\"lazy\" decoding=\"async\"  \n                        src=\"https:\/\/visualjournalism.de\/wp-content\/uploads\/GeschichteFischersFritzin_copyright_Anton-Vester-14-768x512.jpg\" \n                        srcset=\"https:\/\/visualjournalism.de\/wp-content\/uploads\/GeschichteFischersFritzin_copyright_Anton-Vester-14-768x512.jpg 768w, https:\/\/visualjournalism.de\/wp-content\/uploads\/GeschichteFischersFritzin_copyright_Anton-Vester-14-300x200.jpg 300w, https:\/\/visualjournalism.de\/wp-content\/uploads\/GeschichteFischersFritzin_copyright_Anton-Vester-14-1024x683.jpg 1024w, https:\/\/visualjournalism.de\/wp-content\/uploads\/GeschichteFischersFritzin_copyright_Anton-Vester-14-1536x1024.jpg 1536w, https:\/\/visualjournalism.de\/wp-content\/uploads\/GeschichteFischersFritzin_copyright_Anton-Vester-14-2048x1365.jpg 2048w, https:\/\/visualjournalism.de\/wp-content\/uploads\/GeschichteFischersFritzin_copyright_Anton-Vester-14-1920x1280.jpg 1920w, https:\/\/visualjournalism.de\/wp-content\/uploads\/GeschichteFischersFritzin_copyright_Anton-Vester-14-1400x933.jpg 1400w, https:\/\/visualjournalism.de\/wp-content\/uploads\/GeschichteFischersFritzin_copyright_Anton-Vester-14-1050x700.jpg 1050w, https:\/\/visualjournalism.de\/wp-content\/uploads\/GeschichteFischersFritzin_copyright_Anton-Vester-14-670x447.jpg 670w, https:\/\/visualjournalism.de\/wp-content\/uploads\/GeschichteFischersFritzin_copyright_Anton-Vester-14-420x280.jpg 420w, https:\/\/visualjournalism.de\/wp-content\/uploads\/GeschichteFischersFritzin_copyright_Anton-Vester-14-350x233.jpg 350w, https:\/\/visualjournalism.de\/wp-content\/uploads\/GeschichteFischersFritzin_copyright_Anton-Vester-14-150x100.jpg 150w\" \n                        width=\"768\"  \n                        height=\"512\" \n                        alt=\"\"  \n                    \/>\n\n                                            <span class=\"photo-grid__image__title\">22.07.22, Fischerbrunnen Memmingen, Am Vorabend des Fischertages ruft Stadtb\u00fcttel (Mann mit Glocke und Papierrolle) zusammen mit der Stadtgarde in traditionellen Kost\u00fcmen den Fischertag aus. Zweiter von links: alter Fischerk\u00f6nig Walter Gr\u00f6ner, genannt &quot;Walter IV., der Taucher&quot;, mittig auf Podest: Stadtb\u00fcttel, rechts davon: junge Frau mit der Aufgabe das Bier zu halten, au\u00dferdem sind weitere Leute aus dem Verein und Zuschauer zu sehen.<\/span>\n                    \n                                            <figcaption class=\"photo-grid__image__caption--soehne\"><p>Am Vorabend des Fischertages ruft Stadtb\u00fcttel (Mann mit Glocke und Papierrolle) zusammen mit der Stadtgarde in traditionellen Kost\u00fcmen den Fischertag aus. Zweiter von links: alter Fischerk\u00f6nig Walter Gr\u00f6ner, genannt &#8222;Walter IV., der Taucher&#8220;, mittig auf Podest: Stadtb\u00fcttel, rechts davon: junge Frau mit der Aufgabe das Bier zu halten, au\u00dferdem sind weitere Leute aus dem Verein und Zuschauer zu sehen.<\/p>\n<\/figcaption>\n                    \n                <\/figure>\n\n            <\/div><!-- photo-grid__image -->    \n\n\n            \n\n                    \n                \n\n            <div class=\"photo-grid__image\">\n\n                <figure>\n\n                    <img loading=\"lazy\" decoding=\"async\"  \n                        src=\"https:\/\/visualjournalism.de\/wp-content\/uploads\/GeschichteFischersFritzin_copyright_Anton-Vester-13-768x512.jpg\" \n                        srcset=\"https:\/\/visualjournalism.de\/wp-content\/uploads\/GeschichteFischersFritzin_copyright_Anton-Vester-13-768x512.jpg 768w, https:\/\/visualjournalism.de\/wp-content\/uploads\/GeschichteFischersFritzin_copyright_Anton-Vester-13-300x200.jpg 300w, https:\/\/visualjournalism.de\/wp-content\/uploads\/GeschichteFischersFritzin_copyright_Anton-Vester-13-1024x683.jpg 1024w, https:\/\/visualjournalism.de\/wp-content\/uploads\/GeschichteFischersFritzin_copyright_Anton-Vester-13-1536x1024.jpg 1536w, https:\/\/visualjournalism.de\/wp-content\/uploads\/GeschichteFischersFritzin_copyright_Anton-Vester-13-2048x1365.jpg 2048w, https:\/\/visualjournalism.de\/wp-content\/uploads\/GeschichteFischersFritzin_copyright_Anton-Vester-13-1920x1280.jpg 1920w, https:\/\/visualjournalism.de\/wp-content\/uploads\/GeschichteFischersFritzin_copyright_Anton-Vester-13-1400x933.jpg 1400w, https:\/\/visualjournalism.de\/wp-content\/uploads\/GeschichteFischersFritzin_copyright_Anton-Vester-13-1050x700.jpg 1050w, https:\/\/visualjournalism.de\/wp-content\/uploads\/GeschichteFischersFritzin_copyright_Anton-Vester-13-670x447.jpg 670w, https:\/\/visualjournalism.de\/wp-content\/uploads\/GeschichteFischersFritzin_copyright_Anton-Vester-13-420x280.jpg 420w, https:\/\/visualjournalism.de\/wp-content\/uploads\/GeschichteFischersFritzin_copyright_Anton-Vester-13-350x233.jpg 350w, https:\/\/visualjournalism.de\/wp-content\/uploads\/GeschichteFischersFritzin_copyright_Anton-Vester-13-150x100.jpg 150w\" \n                        width=\"768\"  \n                        height=\"512\" \n                        alt=\"\"  \n                    \/>\n\n                                            <span class=\"photo-grid__image__title\">22.07.22, Stadtpark Memmingen, Gruppe an junger M\u00e4nner und zwei Jungs bereiten sich zum Gruppenbild vor. Sie tragen traditionell typische H\u00fcte und halten ihre &quot;Gabelb\u00e4ren&quot; (Kescher) in den H\u00e4nden, die sie am Fischertag zum Forellenfangen einsetzen.<\/span>\n                    \n                                            <figcaption class=\"photo-grid__image__caption--soehne\"><p>Gruppe an junger M\u00e4nner und zwei Jungs bereiten sich zum Gruppenbild vor. Sie tragen traditionell typische H\u00fcte und halten ihre &#8222;Gabelb\u00e4ren&#8220; (Kescher) in den H\u00e4nden, die sie am Fischertag zum Forellenfangen einsetzen.<\/p>\n<\/figcaption>\n                    \n                <\/figure>\n\n            <\/div><!-- photo-grid__image -->    \n\n\n            \n\n            \n<\/div>\n\n    <figure class=\"block-photo post__image--full has-spacing--m with-title\">\n\n        <div class=\"post__image__container\">\n            <img loading=\"lazy\" decoding=\"async\" \n                src=\"https:\/\/visualjournalism.de\/wp-content\/uploads\/GeschichteFischersFritzin_copyright_Anton-Vester-11-1400x933.jpg\"\n                srcset=\"https:\/\/visualjournalism.de\/wp-content\/uploads\/GeschichteFischersFritzin_copyright_Anton-Vester-11-1400x933.jpg 1400w, https:\/\/visualjournalism.de\/wp-content\/uploads\/GeschichteFischersFritzin_copyright_Anton-Vester-11-300x200.jpg 300w, https:\/\/visualjournalism.de\/wp-content\/uploads\/GeschichteFischersFritzin_copyright_Anton-Vester-11-1024x683.jpg 1024w, https:\/\/visualjournalism.de\/wp-content\/uploads\/GeschichteFischersFritzin_copyright_Anton-Vester-11-768x512.jpg 768w, https:\/\/visualjournalism.de\/wp-content\/uploads\/GeschichteFischersFritzin_copyright_Anton-Vester-11-1536x1024.jpg 1536w, https:\/\/visualjournalism.de\/wp-content\/uploads\/GeschichteFischersFritzin_copyright_Anton-Vester-11-2048x1365.jpg 2048w, https:\/\/visualjournalism.de\/wp-content\/uploads\/GeschichteFischersFritzin_copyright_Anton-Vester-11-1920x1280.jpg 1920w, https:\/\/visualjournalism.de\/wp-content\/uploads\/GeschichteFischersFritzin_copyright_Anton-Vester-11-1050x700.jpg 1050w, https:\/\/visualjournalism.de\/wp-content\/uploads\/GeschichteFischersFritzin_copyright_Anton-Vester-11-670x447.jpg 670w, https:\/\/visualjournalism.de\/wp-content\/uploads\/GeschichteFischersFritzin_copyright_Anton-Vester-11-420x280.jpg 420w, https:\/\/visualjournalism.de\/wp-content\/uploads\/GeschichteFischersFritzin_copyright_Anton-Vester-11-350x233.jpg 350w, https:\/\/visualjournalism.de\/wp-content\/uploads\/GeschichteFischersFritzin_copyright_Anton-Vester-11-150x100.jpg 150w\"\n                width=\"1400\" \n                height=\"933\"\n                alt=\"\" \n            \/>\n            \n                            <span class=\"post__image__title\">22.07.22, Memminger Stadtbach, Stadtzentrum, Vorwiegend Regenbogenforellen stehen in Schwarmformation im Flusslauf, es werden j\u00e4hrlich Regenbogenforellen und Bachforellen eingesetzt, die aus einer Zucht im Umkreis kommen.<\/span>\n                    <\/div><!-- post__image__container -->\n\n                    <figcaption class=\"post__image__caption--soehne\"><p>Vorwiegend Regenbogenforellen stehen in Schwarmformation im Flusslauf, es werden j\u00e4hrlich Regenbogenforellen und Bachforellen eingesetzt, die aus einer Zucht im Umkreis kommen.<\/p>\n<\/figcaption>\n        \n    <\/figure><!-- post__image -->\n\n\n\n\n<p class=\"post__paragraph has-spacing--default\"><strong>Man sieht ihr nicht an, <\/strong>was sie denkt. Das Kinn h\u00e4lt sie leicht gehoben. Ihre Augen springen zwischen den verschiedenen M\u00e4nner-Gr\u00fcppchen umher. Einer kommt zu ihr, dr\u00fcckt ihr die Hand und versucht einen Scherz: \u00abDas ist ja fahrl\u00e4ssig, was du hier machst.\u00bb Dann geht er wieder. Ihr Bruder kommt, der h\u00e4lt sich raus aus dem ganzen Thema. Jetzt aber zieht er einen einzelnen Grashalm aus seinem Hut und steckt ihn an ihren. An den H\u00fcten der m\u00e4nnlichen Fischer h\u00e4ngen Dutzende bunter Zettelchen mit Teilnahme-Stempeln aus den vergangenen Jahren. Bei Christiane Renz h\u00e4ngt ein einziger Zettel in Hellgr\u00fcn \u2014 Fischertag 2022.<\/p>\n\n\n\n<p class=\"post__paragraph has-spacing--default\">Den Fischertag h\u00f6rt man, bevor man ihn sieht. Zur Begr\u00fc\u00dfung gr\u00f6len sich M\u00e4nner tief aus der Kehle ein \u00abHeeey\u00bb zu. Dazu heben sie den Kescher, den sie \u00abB\u00e4ren\u00bb nennen, oder den Fischerhut. Viele r\u00f6hren das \u00abHeeeeey\u00bb mit erhobener Bierflasche. Gestern war es noch ein h\u00f6flicher, spitzer Ruf zum offiziellen Anlass der B\u00fcttelrede: \u00abHey!\u00bb Jetzt ist es ein hitziges Bellen in schneller Abfolge, \u00abHeyHeyHey\u00bb. Ein martialischer, kehliger Ruf. Rohe M\u00e4nnlich- keit. Als w\u00e4re er aus den Untiefen der Vergangenheit bis ins Heute durchgesto\u00dfen.<\/p>\n\n\n\n<p class=\"post__paragraph has-spacing--default\">Kurz nach 7 Uhr. 1100 Fischer und Christiane Renz laufen in einem Zug, begleitet von mehreren Musikkapellen, ins Zentrum der Stadt. Am Rand dr\u00e4ngen sich die Schaulustigen. Die Kapellen spielen den Schmotz-Marsch, das offizielle Lied des Fischertags. Dazu singen die Fischer: \u00abSchmotz, Schmotz, Dreck auf Dreck, Schellakenig w\u00fcaschte Sau!\u00bb Ein leichter Sommerregen hat eingesetzt. Etwas abseits l\u00e4uft eine Gruppe Frauen im Dirndl durch die Gassen zum Stadtbach, sie bei\u00dfen von Brezeln ab und schl\u00fcrfen Coffee to go. Eine von ihnen hebt die Handfl\u00e4che zum Himmel und sagt: \u00abDer Himmel weint. Wegen der Frau.\u00bb<\/p>\n\n\n\n<p class=\"post__paragraph has-spacing--default\">Am Bach, kurz vor acht. Um das Gel\u00e4nder stehen vor allem Frauen und Kinder, als die M\u00e4nner und Christiane Renz eintreffen. Die \u00abFeministische Aktionsgruppe\u00bb hat ein Transparent an einer Stra\u00dfenlaterne aufgeh\u00e4ngt und stellt sich mit Pappschildern entlang der Stadtmauer auf.<\/p>\n\n\n\n<p class=\"post__paragraph has-spacing--default\">Christiane Renz hat den Modus gewechselt. Laut gr\u00f6lt auch sie jetzt \u00abHEY!\u00bb, mehrere Fernsehkameras st\u00fcrzen sich auf jede Bewegung von ihr. Renz\u2019 Partner bef\u00fcllt den Eimer mit Flusswasser. Er \u00fcbernimmt die Rolle als K\u00fcbelweib. Sogar ihre Anw\u00e4ltin Susann Br\u00e4cklein ist aus Berlin angereist, ein paar weitere Verwandte und Freundinnen stehen um sie herum. Fast wie zum Schutz.<\/p>\n\n\n\n<p class=\"post__paragraph has-spacing--default\">Kurz vor acht Uhr ert\u00f6nt ein kollektives \u00abPssssscchhhht\u00bb \u2014 so ist es Tradition \u2013, und aufgeladene Stille kriecht am Bachufer entlang. Christiane Renz sitzt schon hinterm Gel\u00e4nde, die Beine angewinkelt wie beim Damensitz auf einem Pferd.<\/p>\n\n\n\n<p class=\"post__paragraph has-spacing--default\">Eine Kirchturmglocke l\u00e4utet acht Uhr, dann zerrei\u00dft ein Kanonenschuss die Stille. BUMM.<\/p>\n\n\n\n<p class=\"post__paragraph has-spacing--default\">Ihre Augen weiten sich ganz kurz, dann springt sie in den Bach, zusammen mit 1100 M\u00e4nnern. Das Wasser spritzt, bis zur Wade stehen alle im tr\u00fcben Bach und ziehen ihren B\u00e4ren hektisch durch die schlammige Str\u00f6mung. Sie rufen, sie gr\u00f6len, rei\u00dfen ihre B\u00e4ren nach oben und befreien die zappelnden Fische aus den Netzen in die Eimer am Rand.<\/p>\n\n\n\n<p class=\"post__paragraph has-spacing--m\">Zehn Sekunden nach dem Kanonenschuss sp\u00fcrt auch Renz ein Gewicht im Netz. Sie hat es geschafft. Applaus am Bachrand. \u00abDer Wahnsinn, was f\u00fcr ein Viech!\u00bb, ruft jemand. Behutsam reicht Renz ihren Fang nach oben, wo ihr Partner ihn entgegennimmt. Kameras klicken. Eine Frau ruft: \u00abFrau Renz, ich f\u00fchle mich geehrt, dass Sie genau hier reinspringen. Ich wohne ja da oben. Toll, dass Sie das machen!\u00bb<\/p>\n\n\n \n\n<div class=\"photo-grid grid-layout--2col-5 has-spacing--m\">\n\n            \n\n            <div class=\"photo-grid__image\">\n\n                <figure>\n\n                    <img loading=\"lazy\" decoding=\"async\"  \n                        src=\"https:\/\/visualjournalism.de\/wp-content\/uploads\/GeschichteFischersFritzin_copyright_Anton-Vester-19-768x512.jpg\" \n                        srcset=\"https:\/\/visualjournalism.de\/wp-content\/uploads\/GeschichteFischersFritzin_copyright_Anton-Vester-19-768x512.jpg 768w, https:\/\/visualjournalism.de\/wp-content\/uploads\/GeschichteFischersFritzin_copyright_Anton-Vester-19-300x200.jpg 300w, https:\/\/visualjournalism.de\/wp-content\/uploads\/GeschichteFischersFritzin_copyright_Anton-Vester-19-1024x683.jpg 1024w, https:\/\/visualjournalism.de\/wp-content\/uploads\/GeschichteFischersFritzin_copyright_Anton-Vester-19-1536x1024.jpg 1536w, https:\/\/visualjournalism.de\/wp-content\/uploads\/GeschichteFischersFritzin_copyright_Anton-Vester-19-2048x1365.jpg 2048w, https:\/\/visualjournalism.de\/wp-content\/uploads\/GeschichteFischersFritzin_copyright_Anton-Vester-19-1920x1280.jpg 1920w, https:\/\/visualjournalism.de\/wp-content\/uploads\/GeschichteFischersFritzin_copyright_Anton-Vester-19-1400x933.jpg 1400w, https:\/\/visualjournalism.de\/wp-content\/uploads\/GeschichteFischersFritzin_copyright_Anton-Vester-19-1050x700.jpg 1050w, https:\/\/visualjournalism.de\/wp-content\/uploads\/GeschichteFischersFritzin_copyright_Anton-Vester-19-670x447.jpg 670w, https:\/\/visualjournalism.de\/wp-content\/uploads\/GeschichteFischersFritzin_copyright_Anton-Vester-19-420x280.jpg 420w, https:\/\/visualjournalism.de\/wp-content\/uploads\/GeschichteFischersFritzin_copyright_Anton-Vester-19-350x233.jpg 350w, https:\/\/visualjournalism.de\/wp-content\/uploads\/GeschichteFischersFritzin_copyright_Anton-Vester-19-150x100.jpg 150w\" \n                        width=\"768\"  \n                        height=\"512\" \n                        alt=\"\"  \n                    \/>\n\n                                            <span class=\"photo-grid__image__title\">23.07.22. wenige Sekunden vor 8 Uhr am Morgen, Stadtbach Memmingen, Am Einlass unweit des Bettelturms, macht sich Fr. Renz bereit zum sogenannten &quot;reinjucken&quot; (reinspringen und fischen) dabei umgeben von reichlich Presse, vielen m\u00e4nnlichen Fischern, zudem kritische Blicke auf sie gerichtet, kurz danach ert\u00f6nt der Startschuss zum Fischen.<\/span>\n                    \n                                            <figcaption class=\"photo-grid__image__caption--soehne\"><p>Am Einlass unweit des Bettelturms, macht sich Fr. Renz bereit zum sogenannten &#8222;reinjucken&#8220; (reinspringen und fischen) dabei umgeben von reichlich Presse, vielen m\u00e4nnlichen Fischern, zudem kritische Blicke auf sie gerichtet, kurz danach ert\u00f6nt der Startschuss zum Fischen.<\/p>\n<\/figcaption>\n                    \n                <\/figure>\n\n            <\/div><!-- photo-grid__image -->    \n\n\n            \n\n                    \n                \n\n            <div class=\"photo-grid__image\">\n\n                <figure>\n\n                    <img loading=\"lazy\" decoding=\"async\"  \n                        src=\"https:\/\/visualjournalism.de\/wp-content\/uploads\/GeschichteFischersFritzin_copyright_Anton-Vester-21-768x512.jpg\" \n                        srcset=\"https:\/\/visualjournalism.de\/wp-content\/uploads\/GeschichteFischersFritzin_copyright_Anton-Vester-21-768x512.jpg 768w, https:\/\/visualjournalism.de\/wp-content\/uploads\/GeschichteFischersFritzin_copyright_Anton-Vester-21-300x200.jpg 300w, https:\/\/visualjournalism.de\/wp-content\/uploads\/GeschichteFischersFritzin_copyright_Anton-Vester-21-1024x683.jpg 1024w, https:\/\/visualjournalism.de\/wp-content\/uploads\/GeschichteFischersFritzin_copyright_Anton-Vester-21-1536x1024.jpg 1536w, https:\/\/visualjournalism.de\/wp-content\/uploads\/GeschichteFischersFritzin_copyright_Anton-Vester-21-2048x1365.jpg 2048w, https:\/\/visualjournalism.de\/wp-content\/uploads\/GeschichteFischersFritzin_copyright_Anton-Vester-21-1920x1280.jpg 1920w, https:\/\/visualjournalism.de\/wp-content\/uploads\/GeschichteFischersFritzin_copyright_Anton-Vester-21-1400x933.jpg 1400w, https:\/\/visualjournalism.de\/wp-content\/uploads\/GeschichteFischersFritzin_copyright_Anton-Vester-21-1050x700.jpg 1050w, https:\/\/visualjournalism.de\/wp-content\/uploads\/GeschichteFischersFritzin_copyright_Anton-Vester-21-670x447.jpg 670w, https:\/\/visualjournalism.de\/wp-content\/uploads\/GeschichteFischersFritzin_copyright_Anton-Vester-21-420x280.jpg 420w, https:\/\/visualjournalism.de\/wp-content\/uploads\/GeschichteFischersFritzin_copyright_Anton-Vester-21-350x233.jpg 350w, https:\/\/visualjournalism.de\/wp-content\/uploads\/GeschichteFischersFritzin_copyright_Anton-Vester-21-150x100.jpg 150w\" \n                        width=\"768\"  \n                        height=\"512\" \n                        alt=\"\"  \n                    \/>\n\n                                            <span class=\"photo-grid__image__title\">23.07.22. Stadtbach Memmingen, Am Einlass unweit des Bettelturms, hinter der Stelle an der Frau Renz fischt, haben sich junge Menschen, unter ihnen Selina Lorenz vom Verein Kennox, aufgereiht um mit ihren Plakaten auf Gleichberechtigung aufmerksam zu machen und Christiane zu unterst\u00fczen.<\/span>\n                    \n                                            <figcaption class=\"photo-grid__image__caption--soehne\"><p>hinter der Stelle an der Frau Renz fischt, haben sich junge Menschen, unter ihnen Selina Lorenz vom Verein Kennox, aufgereiht um mit ihren Plakaten auf Gleichberechtigung aufmerksam zu machen und Christiane zu unterst\u00fczen.<\/p>\n<\/figcaption>\n                    \n                <\/figure>\n\n            <\/div><!-- photo-grid__image -->    \n\n\n            \n\n            \n<\/div>\n\n\n<p class=\"post__paragraph has-spacing--default\"><strong>Mit dem vollen Eimer<\/strong> machen sich Renz und ihre Leute sp\u00e4ter auf den Weg zum Versorgungszelt, wo die Fische get\u00f6tet werden. An einer Ampel begegnet Renz anderen Fischern. Einer zischt sie von der Seite an: Wenn sie Stress machen wolle, solle sie doch woanders hingehen. Ein Auto wartet aufs gr\u00fcne Licht, im offenen Kofferraum sitzen zwei Fischer. Sie rufen ihr zu: \u00abUnd, wie viele?\u00bb \u2014 \u00abZwei!\u00bb \u2014 Sie heben die H\u00fcte als Zeichen der Anerkennung.<\/p>\n\n\n\n<p class=\"post__paragraph has-spacing--default\">Um elf Uhr \u00fcbernimmt der neue Fischerk\u00f6nig sein Amt: Luca Wassermann, 28 Jahre alt, Key-Account-Manager. Hobbys: Fu\u00dfball spielen und Ski fahren. 2000 Gramm wiegt seine Forelle. Sie geben ihm den K\u00f6nigsnamen: Luca der I., der Frische. Von einem Thron aus Birkenholz winkt er, schon stark schwankend. Das Volk applaudiert. Es geht zu wie auf einem Volksfest. Eine riesige Halle mit Bier- tischen und -b\u00e4nken, die Musikkapelle spielt, Frauen und M\u00e4dchen im Dirndl, M\u00e4nner und Jungen in bestickten Lederhosen und Karohemd. Hin und wieder ein Fischerhut auf den K\u00f6pfen der Besucher.&nbsp;<\/p>\n\n\n\n<p class=\"post__paragraph has-spacing--m\">Ein kleines M\u00e4dchen mit Flechtfrisur steht auf einer der Bierb\u00e4nke, um besser zu sehen. Sie isst Pommes aus einer Papiert\u00fcte und schaut dabei zu, wie Luca I. mit einem geschwungenen Fischerhut zum K\u00f6nig gekr\u00f6nt wird.<\/p>\n\n\n    <figure class=\"block-photo post__image--full has-spacing--m with-title\">\n\n        <div class=\"post__image__container\">\n            <img loading=\"lazy\" decoding=\"async\" \n                src=\"https:\/\/visualjournalism.de\/wp-content\/uploads\/GeschichteFischersFritzin_copyright_Anton-Vester-23-1400x933.jpg\"\n                srcset=\"https:\/\/visualjournalism.de\/wp-content\/uploads\/GeschichteFischersFritzin_copyright_Anton-Vester-23-1400x933.jpg 1400w, https:\/\/visualjournalism.de\/wp-content\/uploads\/GeschichteFischersFritzin_copyright_Anton-Vester-23-300x200.jpg 300w, https:\/\/visualjournalism.de\/wp-content\/uploads\/GeschichteFischersFritzin_copyright_Anton-Vester-23-1024x683.jpg 1024w, https:\/\/visualjournalism.de\/wp-content\/uploads\/GeschichteFischersFritzin_copyright_Anton-Vester-23-768x512.jpg 768w, https:\/\/visualjournalism.de\/wp-content\/uploads\/GeschichteFischersFritzin_copyright_Anton-Vester-23-1536x1024.jpg 1536w, https:\/\/visualjournalism.de\/wp-content\/uploads\/GeschichteFischersFritzin_copyright_Anton-Vester-23-2048x1365.jpg 2048w, https:\/\/visualjournalism.de\/wp-content\/uploads\/GeschichteFischersFritzin_copyright_Anton-Vester-23-1920x1280.jpg 1920w, https:\/\/visualjournalism.de\/wp-content\/uploads\/GeschichteFischersFritzin_copyright_Anton-Vester-23-1050x700.jpg 1050w, https:\/\/visualjournalism.de\/wp-content\/uploads\/GeschichteFischersFritzin_copyright_Anton-Vester-23-670x447.jpg 670w, https:\/\/visualjournalism.de\/wp-content\/uploads\/GeschichteFischersFritzin_copyright_Anton-Vester-23-420x280.jpg 420w, https:\/\/visualjournalism.de\/wp-content\/uploads\/GeschichteFischersFritzin_copyright_Anton-Vester-23-350x233.jpg 350w, https:\/\/visualjournalism.de\/wp-content\/uploads\/GeschichteFischersFritzin_copyright_Anton-Vester-23-150x100.jpg 150w\"\n                width=\"1400\" \n                height=\"933\"\n                alt=\"\" \n            \/>\n            \n                            <span class=\"post__image__title\">23.07.22. Stadtbach Memmingen, nahe der Fangestelle vor einem der sogenannten &quot;Entsorgungszelte&quot;, Freudenschrei und Erleichterung \u00fcber den erfolgreichen Verlauf des Morgens, w\u00e4hrend ihr Lebenspartner sich sachgerecht um die gefangene Forelle hinter ihr im Zelt k\u00fcmmert.<\/span>\n                    <\/div><!-- post__image__container -->\n\n                    <figcaption class=\"post__image__caption--soehne\"><p>Freudenschrei und Erleichterung \u00fcber den erfolgreichen Verlauf des Morgens, w\u00e4hrend ihr Lebenspartner sich sachgerecht um die gefangene Forelle hinter ihr im Zelt k\u00fcmmert.<\/p>\n<\/figcaption>\n        \n    <\/figure><!-- post__image -->\n\n\n\n","protected":false},"author":61,"featured_media":40997,"template":"","tags":[],"magazinkategorie":[185],"class_list":["post-41004","magazin","type-magazin","status-publish","has-post-thumbnail","hentry","magazinkategorie-wasser"],"acf":[],"yoast_head":"<!-- This site is optimized with the Yoast SEO Premium plugin v27.3 (Yoast SEO v27.3) - https:\/\/yoast.com\/product\/yoast-seo-premium-wordpress\/ -->\n<title>Fischers Fritzin &#8211; Visual Journalism and Documentary Photography<\/title>\n<meta name=\"description\" content=\"Es geht nur um ein Stadtfest im Allg\u00e4u \u2013 und doch um mehr: Darf eine einzelne Frau eine 425 Jahre alte M\u00e4nnertradition zerst\u00f6ren?\" \/>\n<meta name=\"robots\" content=\"index, follow, max-snippet:-1, max-image-preview:large, max-video-preview:-1\" \/>\n<link rel=\"canonical\" href=\"https:\/\/visualjournalism.de\/en\/magazine\/wasser\/fischers-fritzin\/\" \/>\n<meta property=\"og:locale\" content=\"en_US\" \/>\n<meta property=\"og:type\" content=\"article\" \/>\n<meta property=\"og:title\" content=\"Fischers Fritzin\" \/>\n<meta property=\"og:description\" content=\"Es geht nur um ein Stadtfest im Allg\u00e4u \u2013 und doch um mehr: Darf eine einzelne Frau eine 425 Jahre alte M\u00e4nnertradition zerst\u00f6ren?\" \/>\n<meta property=\"og:url\" content=\"https:\/\/visualjournalism.de\/en\/magazine\/wasser\/fischers-fritzin\/\" \/>\n<meta property=\"og:site_name\" content=\"Visual Journalism and Documentary Photography\" \/>\n<meta property=\"article:publisher\" content=\"https:\/\/www.facebook.com\/people\/wwwfotostudentende\/100065173703897\/\" \/>\n<meta property=\"article:modified_time\" content=\"2024-09-13T09:01:58+00:00\" \/>\n<meta property=\"og:image\" content=\"https:\/\/visualjournalism.de\/wp-content\/uploads\/GeschichteFischersFritzin_copyright_Anton-Vester-23-scaled.jpg\" \/>\n\t<meta property=\"og:image:width\" content=\"2560\" \/>\n\t<meta property=\"og:image:height\" content=\"1707\" \/>\n\t<meta property=\"og:image:type\" content=\"image\/jpeg\" \/>\n<meta name=\"twitter:card\" content=\"summary_large_image\" \/>\n<meta name=\"twitter:site\" content=\"@HsHannover\" \/>\n<meta name=\"twitter:label1\" content=\"Est. reading time\" \/>\n\t<meta name=\"twitter:data1\" content=\"14 minutes\" \/>\n<script type=\"application\/ld+json\" class=\"yoast-schema-graph\">{\"@context\":\"https:\\\/\\\/schema.org\",\"@graph\":[{\"@type\":\"WebPage\",\"@id\":\"https:\\\/\\\/visualjournalism.de\\\/en\\\/magazine\\\/wasser\\\/fischers-fritzin\\\/\",\"url\":\"https:\\\/\\\/visualjournalism.de\\\/en\\\/magazine\\\/wasser\\\/fischers-fritzin\\\/\",\"name\":\"Fischers Fritzin &#8211; Visual Journalism and Documentary Photography\",\"isPartOf\":{\"@id\":\"https:\\\/\\\/visualjournalism.de\\\/en\\\/#website\"},\"primaryImageOfPage\":{\"@id\":\"https:\\\/\\\/visualjournalism.de\\\/en\\\/magazine\\\/wasser\\\/fischers-fritzin\\\/#primaryimage\"},\"image\":{\"@id\":\"https:\\\/\\\/visualjournalism.de\\\/en\\\/magazine\\\/wasser\\\/fischers-fritzin\\\/#primaryimage\"},\"thumbnailUrl\":\"https:\\\/\\\/visualjournalism.de\\\/wp-content\\\/uploads\\\/GeschichteFischersFritzin_copyright_Anton-Vester-23-scaled.jpg\",\"datePublished\":\"2024-07-17T19:57:32+00:00\",\"dateModified\":\"2024-09-13T09:01:58+00:00\",\"description\":\"Es geht nur um ein Stadtfest im Allg\u00e4u \u2013 und doch um mehr: Darf eine einzelne Frau eine 425 Jahre alte M\u00e4nnertradition zerst\u00f6ren?\",\"breadcrumb\":{\"@id\":\"https:\\\/\\\/visualjournalism.de\\\/en\\\/magazine\\\/wasser\\\/fischers-fritzin\\\/#breadcrumb\"},\"inLanguage\":\"en-US\",\"potentialAction\":[{\"@type\":\"ReadAction\",\"target\":[\"https:\\\/\\\/visualjournalism.de\\\/en\\\/magazine\\\/wasser\\\/fischers-fritzin\\\/\"]}]},{\"@type\":\"ImageObject\",\"inLanguage\":\"en-US\",\"@id\":\"https:\\\/\\\/visualjournalism.de\\\/en\\\/magazine\\\/wasser\\\/fischers-fritzin\\\/#primaryimage\",\"url\":\"https:\\\/\\\/visualjournalism.de\\\/wp-content\\\/uploads\\\/GeschichteFischersFritzin_copyright_Anton-Vester-23-scaled.jpg\",\"contentUrl\":\"https:\\\/\\\/visualjournalism.de\\\/wp-content\\\/uploads\\\/GeschichteFischersFritzin_copyright_Anton-Vester-23-scaled.jpg\",\"width\":2560,\"height\":1707,\"caption\":\"23.07.22. Stadtbach Memmingen, nahe der Fangestelle vor einem der sogenannten \\\"Entsorgungszelte\\\", Freudenschrei und Erleichterung \u00fcber den erfolgreichen Verlauf des Morgens, w\u00e4hrend ihr Lebenspartner sich sachgerecht um die gefangene Forelle hinter ihr im Zelt k\u00fcmmert.\"},{\"@type\":\"BreadcrumbList\",\"@id\":\"https:\\\/\\\/visualjournalism.de\\\/en\\\/magazine\\\/wasser\\\/fischers-fritzin\\\/#breadcrumb\",\"itemListElement\":[{\"@type\":\"ListItem\",\"position\":1,\"name\":\"Home\",\"item\":\"https:\\\/\\\/visualjournalism.de\\\/en\\\/\"},{\"@type\":\"ListItem\",\"position\":2,\"name\":\"Magazin\",\"item\":\"https:\\\/\\\/visualjournalism.de\\\/en\\\/magazine\\\/\"},{\"@type\":\"ListItem\",\"position\":3,\"name\":\"Fischers Fritzin\"}]},{\"@type\":\"WebSite\",\"@id\":\"https:\\\/\\\/visualjournalism.de\\\/en\\\/#website\",\"url\":\"https:\\\/\\\/visualjournalism.de\\\/en\\\/\",\"name\":\"Visual Journalism and Documentary Photography\",\"description\":\"All about the bilingual bachelor&#039;s program at Hannover University of Applied Sciences and Arts.\",\"publisher\":{\"@id\":\"https:\\\/\\\/visualjournalism.de\\\/en\\\/#organization\"},\"alternateName\":\"visualjournalism.de\",\"potentialAction\":[{\"@type\":\"SearchAction\",\"target\":{\"@type\":\"EntryPoint\",\"urlTemplate\":\"https:\\\/\\\/visualjournalism.de\\\/en\\\/?s={search_term_string}\"},\"query-input\":{\"@type\":\"PropertyValueSpecification\",\"valueRequired\":true,\"valueName\":\"search_term_string\"}}],\"inLanguage\":\"en-US\"},{\"@type\":\"Organization\",\"@id\":\"https:\\\/\\\/visualjournalism.de\\\/en\\\/#organization\",\"name\":\"Hochschule Hannover \u2013 University of Applied Sciences and Arts\",\"alternateName\":\"HsH\",\"url\":\"https:\\\/\\\/visualjournalism.de\\\/en\\\/\",\"logo\":{\"@type\":\"ImageObject\",\"inLanguage\":\"en-US\",\"@id\":\"https:\\\/\\\/visualjournalism.de\\\/en\\\/#\\\/schema\\\/logo\\\/image\\\/\",\"url\":\"https:\\\/\\\/visualjournalism.de\\\/wp-content\\\/uploads\\\/logo-hochschule-hannover.png\",\"contentUrl\":\"https:\\\/\\\/visualjournalism.de\\\/wp-content\\\/uploads\\\/logo-hochschule-hannover.png\",\"width\":363,\"height\":270,\"caption\":\"Hochschule Hannover \u2013 University of Applied Sciences and Arts\"},\"image\":{\"@id\":\"https:\\\/\\\/visualjournalism.de\\\/en\\\/#\\\/schema\\\/logo\\\/image\\\/\"},\"sameAs\":[\"https:\\\/\\\/www.facebook.com\\\/people\\\/wwwfotostudentende\\\/100065173703897\\\/\",\"https:\\\/\\\/x.com\\\/HsHannover\",\"https:\\\/\\\/www.instagram.com\\\/visualjournalism.de\\\/\"]}]}<\/script>\n<!-- \/ Yoast SEO Premium plugin. -->","yoast_head_json":{"title":"Fischers Fritzin &#8211; Visual Journalism and Documentary Photography","description":"Es geht nur um ein Stadtfest im Allg\u00e4u \u2013 und doch um mehr: Darf eine einzelne Frau eine 425 Jahre alte M\u00e4nnertradition zerst\u00f6ren?","robots":{"index":"index","follow":"follow","max-snippet":"max-snippet:-1","max-image-preview":"max-image-preview:large","max-video-preview":"max-video-preview:-1"},"canonical":"https:\/\/visualjournalism.de\/en\/magazine\/wasser\/fischers-fritzin\/","og_locale":"en_US","og_type":"article","og_title":"Fischers Fritzin","og_description":"Es geht nur um ein Stadtfest im Allg\u00e4u \u2013 und doch um mehr: Darf eine einzelne Frau eine 425 Jahre alte M\u00e4nnertradition zerst\u00f6ren?","og_url":"https:\/\/visualjournalism.de\/en\/magazine\/wasser\/fischers-fritzin\/","og_site_name":"Visual Journalism and Documentary Photography","article_publisher":"https:\/\/www.facebook.com\/people\/wwwfotostudentende\/100065173703897\/","article_modified_time":"2024-09-13T09:01:58+00:00","og_image":[{"width":2560,"height":1707,"url":"https:\/\/visualjournalism.de\/wp-content\/uploads\/GeschichteFischersFritzin_copyright_Anton-Vester-23-scaled.jpg","type":"image\/jpeg"}],"twitter_card":"summary_large_image","twitter_site":"@HsHannover","twitter_misc":{"Est. reading time":"14 minutes"},"schema":{"@context":"https:\/\/schema.org","@graph":[{"@type":"WebPage","@id":"https:\/\/visualjournalism.de\/en\/magazine\/wasser\/fischers-fritzin\/","url":"https:\/\/visualjournalism.de\/en\/magazine\/wasser\/fischers-fritzin\/","name":"Fischers Fritzin &#8211; Visual Journalism and Documentary Photography","isPartOf":{"@id":"https:\/\/visualjournalism.de\/en\/#website"},"primaryImageOfPage":{"@id":"https:\/\/visualjournalism.de\/en\/magazine\/wasser\/fischers-fritzin\/#primaryimage"},"image":{"@id":"https:\/\/visualjournalism.de\/en\/magazine\/wasser\/fischers-fritzin\/#primaryimage"},"thumbnailUrl":"https:\/\/visualjournalism.de\/wp-content\/uploads\/GeschichteFischersFritzin_copyright_Anton-Vester-23-scaled.jpg","datePublished":"2024-07-17T19:57:32+00:00","dateModified":"2024-09-13T09:01:58+00:00","description":"Es geht nur um ein Stadtfest im Allg\u00e4u \u2013 und doch um mehr: Darf eine einzelne Frau eine 425 Jahre alte M\u00e4nnertradition zerst\u00f6ren?","breadcrumb":{"@id":"https:\/\/visualjournalism.de\/en\/magazine\/wasser\/fischers-fritzin\/#breadcrumb"},"inLanguage":"en-US","potentialAction":[{"@type":"ReadAction","target":["https:\/\/visualjournalism.de\/en\/magazine\/wasser\/fischers-fritzin\/"]}]},{"@type":"ImageObject","inLanguage":"en-US","@id":"https:\/\/visualjournalism.de\/en\/magazine\/wasser\/fischers-fritzin\/#primaryimage","url":"https:\/\/visualjournalism.de\/wp-content\/uploads\/GeschichteFischersFritzin_copyright_Anton-Vester-23-scaled.jpg","contentUrl":"https:\/\/visualjournalism.de\/wp-content\/uploads\/GeschichteFischersFritzin_copyright_Anton-Vester-23-scaled.jpg","width":2560,"height":1707,"caption":"23.07.22. Stadtbach Memmingen, nahe der Fangestelle vor einem der sogenannten \"Entsorgungszelte\", Freudenschrei und Erleichterung \u00fcber den erfolgreichen Verlauf des Morgens, w\u00e4hrend ihr Lebenspartner sich sachgerecht um die gefangene Forelle hinter ihr im Zelt k\u00fcmmert."},{"@type":"BreadcrumbList","@id":"https:\/\/visualjournalism.de\/en\/magazine\/wasser\/fischers-fritzin\/#breadcrumb","itemListElement":[{"@type":"ListItem","position":1,"name":"Home","item":"https:\/\/visualjournalism.de\/en\/"},{"@type":"ListItem","position":2,"name":"Magazin","item":"https:\/\/visualjournalism.de\/en\/magazine\/"},{"@type":"ListItem","position":3,"name":"Fischers Fritzin"}]},{"@type":"WebSite","@id":"https:\/\/visualjournalism.de\/en\/#website","url":"https:\/\/visualjournalism.de\/en\/","name":"Visual Journalism and Documentary Photography","description":"All about the bilingual bachelor&#039;s program at Hannover University of Applied Sciences and Arts.","publisher":{"@id":"https:\/\/visualjournalism.de\/en\/#organization"},"alternateName":"visualjournalism.de","potentialAction":[{"@type":"SearchAction","target":{"@type":"EntryPoint","urlTemplate":"https:\/\/visualjournalism.de\/en\/?s={search_term_string}"},"query-input":{"@type":"PropertyValueSpecification","valueRequired":true,"valueName":"search_term_string"}}],"inLanguage":"en-US"},{"@type":"Organization","@id":"https:\/\/visualjournalism.de\/en\/#organization","name":"Hochschule Hannover \u2013 University of Applied Sciences and Arts","alternateName":"HsH","url":"https:\/\/visualjournalism.de\/en\/","logo":{"@type":"ImageObject","inLanguage":"en-US","@id":"https:\/\/visualjournalism.de\/en\/#\/schema\/logo\/image\/","url":"https:\/\/visualjournalism.de\/wp-content\/uploads\/logo-hochschule-hannover.png","contentUrl":"https:\/\/visualjournalism.de\/wp-content\/uploads\/logo-hochschule-hannover.png","width":363,"height":270,"caption":"Hochschule Hannover \u2013 University of Applied Sciences and Arts"},"image":{"@id":"https:\/\/visualjournalism.de\/en\/#\/schema\/logo\/image\/"},"sameAs":["https:\/\/www.facebook.com\/people\/wwwfotostudentende\/100065173703897\/","https:\/\/x.com\/HsHannover","https:\/\/www.instagram.com\/visualjournalism.de\/"]}]}},"_links":{"self":[{"href":"https:\/\/visualjournalism.de\/en\/wp-json\/wp\/v2\/magazin\/41004","targetHints":{"allow":["GET"]}}],"collection":[{"href":"https:\/\/visualjournalism.de\/en\/wp-json\/wp\/v2\/magazin"}],"about":[{"href":"https:\/\/visualjournalism.de\/en\/wp-json\/wp\/v2\/types\/magazin"}],"author":[{"embeddable":true,"href":"https:\/\/visualjournalism.de\/en\/wp-json\/wp\/v2\/users\/61"}],"version-history":[{"count":0,"href":"https:\/\/visualjournalism.de\/en\/wp-json\/wp\/v2\/magazin\/41004\/revisions"}],"wp:featuredmedia":[{"embeddable":true,"href":"https:\/\/visualjournalism.de\/en\/wp-json\/wp\/v2\/media\/40997"}],"wp:attachment":[{"href":"https:\/\/visualjournalism.de\/en\/wp-json\/wp\/v2\/media?parent=41004"}],"wp:term":[{"taxonomy":"post_tag","embeddable":true,"href":"https:\/\/visualjournalism.de\/en\/wp-json\/wp\/v2\/tags?post=41004"},{"taxonomy":"magazinkategorie","embeddable":true,"href":"https:\/\/visualjournalism.de\/en\/wp-json\/wp\/v2\/magazinkategorie?post=41004"}],"curies":[{"name":"wp","href":"https:\/\/api.w.org\/{rel}","templated":true}]}}