{"id":41120,"date":"2024-10-18T12:40:21","date_gmt":"2024-10-18T12:40:21","guid":{"rendered":"https:\/\/visualjournalism.de\/?post_type=magazin&#038;p=41120"},"modified":"2024-10-26T14:57:31","modified_gmt":"2024-10-26T14:57:31","slug":"irmela-mensah-schramm-mit-herz-und-spachtel-gegen-naziparolen","status":"publish","type":"magazin","link":"https:\/\/visualjournalism.de\/en\/magazine\/auf-den-spuren-von\/irmela-mensah-schramm-mit-herz-und-spachtel-gegen-naziparolen\/","title":{"rendered":"Irmela Mensah-Schramm: Mit Herz und Spachtel gegen Naziparolen"},"content":{"rendered":"\r\n<div class=\"cover--lead-in has-spacing--m\">\r\n\r\n    \r\n    <div class=\"cover--lead-in__content typo--tiempos\">\r\n\r\n        <div class=\"entry-categories\">\n\t<a class=\"post__tag\" href=\"https:\/\/visualjournalism.de\/magazin-kategorie\/auf-den-spuren-von\/\" rel=\"category tag\">Auf den Spuren von&#8230;<\/a><\/div>\r\n        <h2 class=\"cover--lead-in__headline \">\r\n            Mit Herz und Spachtel gegen Naziparolen        <\/h2>\r\n\r\n                    <div class=\"cover--lead-in__text\">\r\n                <div class=\"page\" title=\"Page 1\">\n<div class=\"layoutArea\">\n<div class=\"column\">\n<p>Irmela Mensah-Schramm entfernt rechte Symbole aus dem \u00f6ffentlichen Raum. \u00dcber 140.000 Botschaften hat sie bereits beseitigt \u2013 die Angriffe auf sie bleiben. Von <strong><a href=\"https:\/\/visualjournalism.de\/en\/tetyana-chernyavska\/\">Tetyana Chernyavska<\/a> <\/strong>(Text) und <strong><a href=\"https:\/\/visualjournalism.de\/en\/jasper-hill\/\">Jasper Hill<\/a> <\/strong>(Fotos)<\/p>\n<\/div>\n<\/div>\n<\/div>\n            <\/div>\r\n        \r\n                    <div class=\"cover--lead-in__author\">\r\n                                        <figure class=\"cover--lead-in__author__image\">\r\n                                                            <a href=\"https:\/\/visualjournalism.de\/tetyana-chernyavska\/\">\r\n                            \r\n                            <img loading=\"lazy\" decoding=\"async\" width=\"68\" height=\"68\" src=\"https:\/\/visualjournalism.de\/wp-content\/uploads\/Tetyana_Chernyavska-thumb-68x68.jpg\" class=\"attachment-image-portrait--large size-image-portrait--large\" alt=\"\" srcset=\"https:\/\/visualjournalism.de\/wp-content\/uploads\/Tetyana_Chernyavska-thumb-68x68.jpg 68w, https:\/\/visualjournalism.de\/wp-content\/uploads\/Tetyana_Chernyavska-thumb-150x150.jpg 150w, https:\/\/visualjournalism.de\/wp-content\/uploads\/Tetyana_Chernyavska-thumb-52x52.jpg 52w, https:\/\/visualjournalism.de\/wp-content\/uploads\/Tetyana_Chernyavska-thumb-96x96.jpg 96w, https:\/\/visualjournalism.de\/wp-content\/uploads\/Tetyana_Chernyavska-thumb.jpg 200w\" sizes=\"auto, (max-width: 68px) 100vw, 68px\" \/>\r\n                                                            <\/a>\r\n                                                    <\/figure>\r\n                    \r\n                                            <figure class=\"cover--lead-in__author__image\">\r\n                                                            <a href=\"https:\/\/visualjournalism.de\/jasper-hill\/\">\r\n                            \r\n                            <img loading=\"lazy\" decoding=\"async\" width=\"68\" height=\"68\" src=\"https:\/\/visualjournalism.de\/wp-content\/uploads\/2024\/01\/IMG_4576-scaled-e1776155476613-68x68.jpg\" class=\"attachment-image-portrait--large size-image-portrait--large\" alt=\"\" srcset=\"https:\/\/visualjournalism.de\/wp-content\/uploads\/2024\/01\/IMG_4576-scaled-e1776155476613-68x68.jpg 68w, https:\/\/visualjournalism.de\/wp-content\/uploads\/2024\/01\/IMG_4576-scaled-e1776155476613-150x150.jpg 150w, https:\/\/visualjournalism.de\/wp-content\/uploads\/2024\/01\/IMG_4576-scaled-e1776155476613-52x52.jpg 52w, https:\/\/visualjournalism.de\/wp-content\/uploads\/2024\/01\/IMG_4576-scaled-e1776155476613-96x96.jpg 96w\" sizes=\"auto, (max-width: 68px) 100vw, 68px\" \/>\r\n                                                            <\/a>\r\n                                                    <\/figure>\r\n                    \r\n                                <\/div><!-- .cover--lead-in__author -->\r\n        \r\n    <\/div><!-- .cover--lead-in__content -->\r\n\r\n    \r\n        <figure class=\"cover--lead-in__image cover--lead-in__media cover--lead-in__media--image\">\r\n            <img loading=\"lazy\" decoding=\"async\"\r\n                src=\"https:\/\/visualjournalism.de\/wp-content\/uploads\/JHill_Irmela_Mensah-Schramm-16-1920x2400.jpg\"\r\n                srcset=\"https:\/\/visualjournalism.de\/wp-content\/uploads\/JHill_Irmela_Mensah-Schramm-16-1920x2400.jpg 1920w, https:\/\/visualjournalism.de\/wp-content\/uploads\/JHill_Irmela_Mensah-Schramm-16-240x300.jpg 240w, https:\/\/visualjournalism.de\/wp-content\/uploads\/JHill_Irmela_Mensah-Schramm-16-819x1024.jpg 819w, https:\/\/visualjournalism.de\/wp-content\/uploads\/JHill_Irmela_Mensah-Schramm-16-768x960.jpg 768w, https:\/\/visualjournalism.de\/wp-content\/uploads\/JHill_Irmela_Mensah-Schramm-16-1229x1536.jpg 1229w, https:\/\/visualjournalism.de\/wp-content\/uploads\/JHill_Irmela_Mensah-Schramm-16-1638x2048.jpg 1638w, https:\/\/visualjournalism.de\/wp-content\/uploads\/JHill_Irmela_Mensah-Schramm-16-1400x1750.jpg 1400w, https:\/\/visualjournalism.de\/wp-content\/uploads\/JHill_Irmela_Mensah-Schramm-16-1050x1313.jpg 1050w, https:\/\/visualjournalism.de\/wp-content\/uploads\/JHill_Irmela_Mensah-Schramm-16-670x838.jpg 670w, https:\/\/visualjournalism.de\/wp-content\/uploads\/JHill_Irmela_Mensah-Schramm-16-420x525.jpg 420w, https:\/\/visualjournalism.de\/wp-content\/uploads\/JHill_Irmela_Mensah-Schramm-16-350x438.jpg 350w, https:\/\/visualjournalism.de\/wp-content\/uploads\/JHill_Irmela_Mensah-Schramm-16-300x375.jpg 300w, https:\/\/visualjournalism.de\/wp-content\/uploads\/JHill_Irmela_Mensah-Schramm-16-150x188.jpg 150w, https:\/\/visualjournalism.de\/wp-content\/uploads\/JHill_Irmela_Mensah-Schramm-16-scaled.jpg 2048w\"\r\n                width=\"1920\"\r\n                height=\"2400\"\r\n                alt=\"Irmela Mensah-Schramm mit wei\u00dfem Haar und einer blauen Jacke steht vor einer \u00fcberwucherten Hecke und einem grauen Stromkasten, der mit Graffiti bespr\u00fcht ist. Sie \u00fcberspr\u00fcht mit ihrer rechten Hand rechtsextreme Graffiti mit roter Farbe. Im Hintergrund sind ein paar kahle B\u00e4ume und ein mehrst\u00f6ckiges Wohngeb\u00e4ude zu sehen. Die Umgebung wirkt ruhig und verlassen.\"\r\n                style=\"object-position: 43.75% 85%\"\r\n            \/>\r\n        <\/figure>\r\n\r\n        \r\n    \r\n<\/div><!-- .cover--lead-in -->\r\n\r\n\n\n\n<p class=\"post__paragraph has-spacing--m\"><strong>Ein Spachtel raspelt \u00fcber verklebtes Papier.<\/strong> Einzelne Schnipsel und Sp\u00e4ne fallen zu Boden. Der Aufkleber mit der rechtsgerichteten Hassbotschaft wird entfernt. Zwei Tage sp\u00e4ter an einem anderen Ort: das Zischen einer Spr\u00fchdose. Ein rotes Herz \u00fcberdeckt die Stelle, an der zuvor ein Hakenkreuz zu sehen war. Es ist eine m\u00fchsame Arbeit, die Irmela Mensah-Schramm seit Jahrzehnten immer wieder auf sich nimmt. Interesse, Unverst\u00e4ndnis und Hass schlagen ihr entgegen. Hassnachrichten und t\u00e4tliche \u00dcbergriffe geh\u00f6ren mittlerweile zum Alltag der Aktivistin.<br><br>Irmela Mensah-Schramm wird im Dezember 1945 in Stuttgart geboren \u2013 kurz nach Ende des Zweiten Weltkriegs. Die Folgen des Naziregimes sind in ihrer Umgebung fast allgegenw\u00e4rtig. Doch es bedarf rund 40 Jahre und eines Ortswechsels, bis sie ihren Kampf gegen den Rechtsextremismus aufnimmt. Im Jahr 1986, als sie 41 Jahre alt ist, f\u00e4llt an der Bushaltestelle direkt vor ihrem Haus im Berliner Stadtteil Wannsee ein Aufkleber mit der provokanten Aufschrift \u00abFreiheit f\u00fcr Rudolf He\u00df\u00bb auf. Dieser Aufkleber, benannt nach einem der Hauptangeklagten des Internationalen Milit\u00e4rgerichtshofs N\u00fcrnberg, widerspricht nicht nur ihren politischen \u00dcberzeugungen, sondern auch den Erz\u00e4hlungen ihrer Familie \u00fcber die Kriegszeiten und den Erinnerungen aus einem Besuch des Konzentrationslagers Sachsenhausen.<br><br>Mit dem Haust\u00fcrschl\u00fcssel kratzt sie den Aufkleber ab und beginnt damit ihre langj\u00e4hrige Mission. Die Entfernung des Aufklebers ist f\u00fcr Irmela eine Befreiung und eine Reinigung von Vergangenem, die sie erf\u00fcllt und den Grundstein f\u00fcr ihr Engagement in den folgenden Jahrzehnten legt. Von Anfang an ist ihr klar: Auf Worte m\u00fcssen Taten folgen. \u00abDer Grund meines Tuns ist, dass ich die Gleichg\u00fcltigkeit um mich herum nicht ertragen kann. Ich sehe Grundrechte und auch die Demokratie in Gefahr.\u00bb<\/p>\n\n\n    <figure class=\"block-photo post__image--half-left has-spacing--m with-title\">\n\n        <div class=\"post__image__container\">\n            <img loading=\"lazy\" decoding=\"async\" \n                src=\"https:\/\/visualjournalism.de\/wp-content\/uploads\/JHill_Irmela_Mensah-Schramm-768x1024.jpg\"\n                srcset=\"https:\/\/visualjournalism.de\/wp-content\/uploads\/JHill_Irmela_Mensah-Schramm-768x1024.jpg 768w, https:\/\/visualjournalism.de\/wp-content\/uploads\/JHill_Irmela_Mensah-Schramm-225x300.jpg 225w, https:\/\/visualjournalism.de\/wp-content\/uploads\/JHill_Irmela_Mensah-Schramm-1152x1536.jpg 1152w, https:\/\/visualjournalism.de\/wp-content\/uploads\/JHill_Irmela_Mensah-Schramm-1536x2048.jpg 1536w, https:\/\/visualjournalism.de\/wp-content\/uploads\/JHill_Irmela_Mensah-Schramm-scaled.jpg 1920w, https:\/\/visualjournalism.de\/wp-content\/uploads\/JHill_Irmela_Mensah-Schramm-1400x1867.jpg 1400w, https:\/\/visualjournalism.de\/wp-content\/uploads\/JHill_Irmela_Mensah-Schramm-1050x1400.jpg 1050w, https:\/\/visualjournalism.de\/wp-content\/uploads\/JHill_Irmela_Mensah-Schramm-670x893.jpg 670w, https:\/\/visualjournalism.de\/wp-content\/uploads\/JHill_Irmela_Mensah-Schramm-420x560.jpg 420w, https:\/\/visualjournalism.de\/wp-content\/uploads\/JHill_Irmela_Mensah-Schramm-350x467.jpg 350w, https:\/\/visualjournalism.de\/wp-content\/uploads\/JHill_Irmela_Mensah-Schramm-300x400.jpg 300w, https:\/\/visualjournalism.de\/wp-content\/uploads\/JHill_Irmela_Mensah-Schramm-640x853.jpg 640w, https:\/\/visualjournalism.de\/wp-content\/uploads\/JHill_Irmela_Mensah-Schramm-150x200.jpg 150w\"\n                width=\"768\" \n                height=\"1024\"\n                alt=\"\" \n            \/>\n            \n                            <span class=\"post__image__title\">In den Wirren der Nachkriegszeit, im Dezember\u00a01945\u00a0wurde in Stuttgart Frau Irmela Mensah-Schramm geboren. Eine au\u00dfergew\u00f6hnliche Frau, deren unersch\u00fctterlicher Einsatz seit letzten vier Jahrzehnten einen bedeutenden Beitrag im Kampf gegen den Rechtsextremismus leistet.<\/span>\n                    <\/div><!-- post__image__container -->\n\n                    <figcaption class=\"post__image__caption--soehne\"><p>In den Wirren der Nachkriegszeit, im Dezember\u00a0<strong>1945\u00a0<\/strong>wurde in Stuttgart Frau Irmela Mensah-Schramm geboren. Eine au\u00dfergew\u00f6hnliche Frau, deren unersch\u00fctterlicher Einsatz seit letzten vier Jahrzehnten einen bedeutenden Beitrag im Kampf gegen den Rechtsextremismus leistet.<\/p>\n<\/figcaption>\n        \n    <\/figure><!-- post__image -->\n\n\n\n\n<div class=\"devider has-spacing--none\">\n    <hr>\n<\/div>\n\n\n \n    \n    <div id=\"quote-block_563197bb6f3e4d030e3e1b7b0b8af553\" class=\"block-quote has-spacing--m\">\n        <figure class=\"quote\">\n            <blockquote>\n                <p><strong>Der Grund meines Tuns ist<\/strong>, dass ich die Gleichg\u00fcltigkeit um mich herum nicht ertragen kann. Ich sehe Grundrechte und auch die Demokratie in Gefahr.<\/p>\n            <\/blockquote>\n\n            <figcaption>\n\n                            <span><\/span>\n            <\/figcaption>\n            \n        <\/figure>\n    <\/div>\n\n\n\n\n<p class=\"post__paragraph has-spacing--default\"><strong>Seit fast vier Jahrzehnten streift Irmela Mensah-Schramm nun schon durch deutsche St\u00e4dte<\/strong> \u2013 auf ihrer Mission, neonazistische Aufkleber und Graffiti zu entfernen oder zu \u00fcberspr\u00fchen. Ausger\u00fcstet ist sie mit einem Ofenschaber, Spr\u00fchfarbe und Nagellackentferner, die sie stets in einem Jutebeutel bei sich tr\u00e4gt. Diese Werkzeuge wurden schon mehrfach von der Polizei konfisziert. Ihre Arbeit wird von den Menschen unterschiedlich wahrgenommen. W\u00e4hrend einige sie als Heldin und \u00abQueen of Zivilcourage\u00bb ansehen, begegnen ihr andere Menschen mit Drohungen und sogar k\u00f6rperlichen Angriffen.<\/p>\n\n\n\n<p class=\"post__paragraph has-spacing--m\">1996 erh\u00e4lt Irmela Mensah-Schramm die Bundesverdienstmedaille. Diese Auszeichnung gibt sie jedoch im Jahr 2000 zur\u00fcck, nachdem sie erfahren hat, dass dem ehemaligen NPD- und sp\u00e4teren CDU-Politiker Heinz Eckhoff ebenfalls das Bundesverdienstkreuz verliehen worden ist \u2013 Eckhoff ist im Dritten Reich Mitglied der SS gewesen.<\/p>\n\n\n    <figure class=\"block-photo post__image--half-left has-spacing--m with-title\">\n\n        <div class=\"post__image__container\">\n            <img loading=\"lazy\" decoding=\"async\" \n                src=\"https:\/\/visualjournalism.de\/wp-content\/uploads\/JHill_Irmela_Mensah-Schramm-10-768x1024.jpg\"\n                srcset=\"https:\/\/visualjournalism.de\/wp-content\/uploads\/JHill_Irmela_Mensah-Schramm-10-768x1024.jpg 768w, https:\/\/visualjournalism.de\/wp-content\/uploads\/JHill_Irmela_Mensah-Schramm-10-225x300.jpg 225w, https:\/\/visualjournalism.de\/wp-content\/uploads\/JHill_Irmela_Mensah-Schramm-10-1152x1536.jpg 1152w, https:\/\/visualjournalism.de\/wp-content\/uploads\/JHill_Irmela_Mensah-Schramm-10-1536x2048.jpg 1536w, https:\/\/visualjournalism.de\/wp-content\/uploads\/JHill_Irmela_Mensah-Schramm-10-scaled.jpg 1920w, https:\/\/visualjournalism.de\/wp-content\/uploads\/JHill_Irmela_Mensah-Schramm-10-1400x1867.jpg 1400w, https:\/\/visualjournalism.de\/wp-content\/uploads\/JHill_Irmela_Mensah-Schramm-10-1050x1400.jpg 1050w, https:\/\/visualjournalism.de\/wp-content\/uploads\/JHill_Irmela_Mensah-Schramm-10-670x893.jpg 670w, https:\/\/visualjournalism.de\/wp-content\/uploads\/JHill_Irmela_Mensah-Schramm-10-420x560.jpg 420w, https:\/\/visualjournalism.de\/wp-content\/uploads\/JHill_Irmela_Mensah-Schramm-10-350x467.jpg 350w, https:\/\/visualjournalism.de\/wp-content\/uploads\/JHill_Irmela_Mensah-Schramm-10-300x400.jpg 300w, https:\/\/visualjournalism.de\/wp-content\/uploads\/JHill_Irmela_Mensah-Schramm-10-640x853.jpg 640w, https:\/\/visualjournalism.de\/wp-content\/uploads\/JHill_Irmela_Mensah-Schramm-10-150x200.jpg 150w\"\n                width=\"768\" \n                height=\"1024\"\n                alt=\"Die Reste von zwei der ersten entfernten Sticker sind immer noch an einem Strassenschild bei ihr um die Ecke erkennbar.\" \n            \/>\n            \n                            <span class=\"post__image__title\">Berlin, 2023<\/span>\n                    <\/div><!-- post__image__container -->\n\n                    <figcaption class=\"post__image__caption--soehne\"><div class=\"page\" title=\"Page 16\">\n<div class=\"layoutArea\">\n<div class=\"column\">\n<p>Die Reste von zwei der ersten entfernten Sticker sind immer noch an einem Strassenschild bei ihr um die Ecke erkennbar.<\/p>\n<\/div>\n<\/div>\n<\/div>\n<\/figcaption>\n        \n    <\/figure><!-- post__image -->\n\n\n\n\n<div class=\"devider has-spacing--none\">\n    <hr>\n<\/div>\n\n\n \n    \n    <div id=\"quote-block_1caf1a57a710db41337b01ef13ca90ee\" class=\"block-quote has-spacing--m\">\n        <figure class=\"quote\">\n            <blockquote>\n                <p><strong>Der Begriff \u2039Meinungsfreiheit\u203a wird geschickt umgangen.<\/strong> Nat\u00fcrlich werden Themen aufgegriffen und den Situationen angepasst: Kriege und Konflikte zu Russland\/Ukraine, Israel\/Gaza, Ma\u00dfnahmen der Politik zu Agrardiesel, Energie-Fragen und immer wieder Fl\u00fcchtlingspolitik.<\/p>\n            <\/blockquote>\n\n            <figcaption>\n\n                            <span><\/span>\n            <\/figcaption>\n            \n        <\/figure>\n    <\/div>\n\n\n\n \n\n<div class=\"photo-grid grid-layout--2col-1 has-spacing--m\">\n\n            \n\n            <div class=\"photo-grid__image\">\n\n                <figure>\n\n                    <img loading=\"lazy\" decoding=\"async\"  \n                        src=\"https:\/\/visualjournalism.de\/wp-content\/uploads\/JHill_Irmela_Mensah-Schramm-14-768x1024.jpg\" \n                        srcset=\"https:\/\/visualjournalism.de\/wp-content\/uploads\/JHill_Irmela_Mensah-Schramm-14-768x1024.jpg 768w, https:\/\/visualjournalism.de\/wp-content\/uploads\/JHill_Irmela_Mensah-Schramm-14-225x300.jpg 225w, https:\/\/visualjournalism.de\/wp-content\/uploads\/JHill_Irmela_Mensah-Schramm-14-1152x1536.jpg 1152w, https:\/\/visualjournalism.de\/wp-content\/uploads\/JHill_Irmela_Mensah-Schramm-14-1536x2048.jpg 1536w, https:\/\/visualjournalism.de\/wp-content\/uploads\/JHill_Irmela_Mensah-Schramm-14-scaled.jpg 1920w, https:\/\/visualjournalism.de\/wp-content\/uploads\/JHill_Irmela_Mensah-Schramm-14-1400x1867.jpg 1400w, https:\/\/visualjournalism.de\/wp-content\/uploads\/JHill_Irmela_Mensah-Schramm-14-1050x1400.jpg 1050w, https:\/\/visualjournalism.de\/wp-content\/uploads\/JHill_Irmela_Mensah-Schramm-14-670x893.jpg 670w, https:\/\/visualjournalism.de\/wp-content\/uploads\/JHill_Irmela_Mensah-Schramm-14-420x560.jpg 420w, https:\/\/visualjournalism.de\/wp-content\/uploads\/JHill_Irmela_Mensah-Schramm-14-350x467.jpg 350w, https:\/\/visualjournalism.de\/wp-content\/uploads\/JHill_Irmela_Mensah-Schramm-14-300x400.jpg 300w, https:\/\/visualjournalism.de\/wp-content\/uploads\/JHill_Irmela_Mensah-Schramm-14-640x853.jpg 640w, https:\/\/visualjournalism.de\/wp-content\/uploads\/JHill_Irmela_Mensah-Schramm-14-150x200.jpg 150w\" \n                        width=\"768\"  \n                        height=\"1024\" \n                        alt=\"\"  \n                    \/>\n\n                                            <span class=\"photo-grid__image__title\">Durch ihre Jahrzehnte lange Erfahrung erkennt die Aktivistin verschiedene Auflagen und \u00c4nderugen der Sticker.<\/span>\n                    \n                    \n                <\/figure>\n\n            <\/div><!-- photo-grid__image -->    \n\n\n            \n\n                    \n                \n\n            <div class=\"photo-grid__image\">\n\n                <figure>\n\n                    <img loading=\"lazy\" decoding=\"async\"  \n                        src=\"https:\/\/visualjournalism.de\/wp-content\/uploads\/JHill_Irmela_Mensah-Schramm-11-768x1024.jpg\" \n                        srcset=\"https:\/\/visualjournalism.de\/wp-content\/uploads\/JHill_Irmela_Mensah-Schramm-11-768x1024.jpg 768w, https:\/\/visualjournalism.de\/wp-content\/uploads\/JHill_Irmela_Mensah-Schramm-11-225x300.jpg 225w, https:\/\/visualjournalism.de\/wp-content\/uploads\/JHill_Irmela_Mensah-Schramm-11-1152x1536.jpg 1152w, https:\/\/visualjournalism.de\/wp-content\/uploads\/JHill_Irmela_Mensah-Schramm-11-1536x2048.jpg 1536w, https:\/\/visualjournalism.de\/wp-content\/uploads\/JHill_Irmela_Mensah-Schramm-11-scaled.jpg 1920w, https:\/\/visualjournalism.de\/wp-content\/uploads\/JHill_Irmela_Mensah-Schramm-11-1400x1866.jpg 1400w, https:\/\/visualjournalism.de\/wp-content\/uploads\/JHill_Irmela_Mensah-Schramm-11-1050x1400.jpg 1050w, https:\/\/visualjournalism.de\/wp-content\/uploads\/JHill_Irmela_Mensah-Schramm-11-670x893.jpg 670w, https:\/\/visualjournalism.de\/wp-content\/uploads\/JHill_Irmela_Mensah-Schramm-11-420x560.jpg 420w, https:\/\/visualjournalism.de\/wp-content\/uploads\/JHill_Irmela_Mensah-Schramm-11-350x467.jpg 350w, https:\/\/visualjournalism.de\/wp-content\/uploads\/JHill_Irmela_Mensah-Schramm-11-300x400.jpg 300w, https:\/\/visualjournalism.de\/wp-content\/uploads\/JHill_Irmela_Mensah-Schramm-11-640x853.jpg 640w, https:\/\/visualjournalism.de\/wp-content\/uploads\/JHill_Irmela_Mensah-Schramm-11-150x200.jpg 150w\" \n                        width=\"768\"  \n                        height=\"1024\" \n                        alt=\"\"  \n                    \/>\n\n                    \n                    \n                <\/figure>\n\n            <\/div><!-- photo-grid__image -->    \n\n\n            \n\n            \n<\/div>\n\n\n<p class=\"post__paragraph has-spacing--m\"><strong>In ihrer Dachgeschosswohnung reihen sich 130 Ordner aneinander<\/strong>, gef\u00fcllt mit Stickern und Fotos von Graffitis. Zus\u00e4tzlich gibt es Kisten, in denen sie rechte Plakate aufbewahrt. Einen Teil ihres Archivs lagert Irmela Mensah-Schramm in ihrem Schlafzimmer. Auf einer selbst angefertigten Karte sind fast alle seit 1986 besuchten Aktionsorte verzeichnet. An der Wand h\u00e4ngt eine Deutschlandkarte, auf der sie mit roten Punkten markiert hat, wo sie bereits \u00fcberall rechte Propaganda entfernt hat. All diese Dokumente dienen nicht nur als Beweis f\u00fcr ihre Taten, sondern auch als Lehrmaterial f\u00fcr ihre Workshops und Vortr\u00e4ge.<br><br>In fast 40 Jahren ihrer T\u00e4tigkeit hat Irmela Mensah-Schramm 140.000 Nazi-Parolen entfernt. Sie betrachtet dies mit Sorge als Indikator f\u00fcr die zunehmende Pr\u00e4senz rechter Propaganda in der Gesellschaft. Einzelne Ereignisse lassen die Nazipropaganda anschwellen, etwa der Zuzug von Gefl\u00fcchteten aus Syrien im Jahr 2015 oder die rassistischen Attentate in Hanau 2020. Auch nach t\u00f6dlichen Attacken durch Muslime oder Ausl\u00e4nder versch\u00e4rft sich der Hass gegen Irmela Mensah-Schramm.<br><br>\u00abDie Hemmschwelle f\u00fcr solche Hassbotschaften ist gesunken\u00bb, sagt Mensah-Schramm. \u00abAuch werden die Aussagen subtiler verpackt. Manchmal so raffiniert, dass sie manche nicht durchschauen \u2013 oft nicht einmal die Beh\u00f6rden.\u00bb<br><br>Unerschrocken packt Irmela Mensah-Schramm ihr Instrumentarium f\u00fcr den n\u00e4chsten Einsatz. Schon bald wird ein neues rotes Herz eine weitere Hassbotschaft \u00fcberdecken.<\/p>\n\n\n \n\n<div class=\"photo-grid grid-layout--2col-3 has-spacing--m\">\n\n            \n\n            <div class=\"photo-grid__image\">\n\n                <figure>\n\n                    <img loading=\"lazy\" decoding=\"async\"  \n                        src=\"https:\/\/visualjournalism.de\/wp-content\/uploads\/JHill_Irmela_Mensah-Schramm-7-768x1024.jpg\" \n                        srcset=\"https:\/\/visualjournalism.de\/wp-content\/uploads\/JHill_Irmela_Mensah-Schramm-7-768x1024.jpg 768w, https:\/\/visualjournalism.de\/wp-content\/uploads\/JHill_Irmela_Mensah-Schramm-7-225x300.jpg 225w, https:\/\/visualjournalism.de\/wp-content\/uploads\/JHill_Irmela_Mensah-Schramm-7-1152x1536.jpg 1152w, https:\/\/visualjournalism.de\/wp-content\/uploads\/JHill_Irmela_Mensah-Schramm-7-1536x2048.jpg 1536w, https:\/\/visualjournalism.de\/wp-content\/uploads\/JHill_Irmela_Mensah-Schramm-7-scaled.jpg 1920w, https:\/\/visualjournalism.de\/wp-content\/uploads\/JHill_Irmela_Mensah-Schramm-7-1400x1867.jpg 1400w, https:\/\/visualjournalism.de\/wp-content\/uploads\/JHill_Irmela_Mensah-Schramm-7-1050x1400.jpg 1050w, https:\/\/visualjournalism.de\/wp-content\/uploads\/JHill_Irmela_Mensah-Schramm-7-670x893.jpg 670w, https:\/\/visualjournalism.de\/wp-content\/uploads\/JHill_Irmela_Mensah-Schramm-7-420x560.jpg 420w, https:\/\/visualjournalism.de\/wp-content\/uploads\/JHill_Irmela_Mensah-Schramm-7-350x467.jpg 350w, https:\/\/visualjournalism.de\/wp-content\/uploads\/JHill_Irmela_Mensah-Schramm-7-300x400.jpg 300w, https:\/\/visualjournalism.de\/wp-content\/uploads\/JHill_Irmela_Mensah-Schramm-7-640x853.jpg 640w, https:\/\/visualjournalism.de\/wp-content\/uploads\/JHill_Irmela_Mensah-Schramm-7-150x200.jpg 150w\" \n                        width=\"768\"  \n                        height=\"1024\" \n                        alt=\"\"  \n                    \/>\n\n                                            <span class=\"photo-grid__image__title\">Einen Teil ihres Archives bewahrt Irmela Mensah- Schramm in ihrem Schlafzim- mer auf. In den insge- samt \u00fcber 130 Ordnern befinden sich nach eigenen Angaben circa 140\u2018000 Sticker und Fotos von Graffitis<\/span>\n                    \n                                            <figcaption class=\"photo-grid__image__caption--soehne\"><p><span style=\"color: #0d0d0d\"><span style=\"font-family: Arial, sans-serif\"><span style=\"font-size: small\">In ihrer Dachgeschosswohnung sammelt sie seit Jahrzehnten Materialien von ihrer Arbeit. An der Wand h\u00e4ngt eine Deutschlandkarte, auf der sie mit roten Punkten markiert hat, wo sie schon \u00fcberall rechte Propaganda entfernt hat. Ihre Wohnung ist voll von Ordnern mit Fotos von Aufklebern und Nazi Parolen, die sie entfernt hat. Zus\u00e4tzlich zu den Ordnern gibt es Kisten, in denen sie archivierte Plakate aufbewahrt. <\/span><\/span><\/span><span style=\"font-family: Arial, sans-serif\"><span style=\"font-size: small\">Ihre Vorgehensweise ist pr\u00e4zise: Jedes entfernte Aufkleber oder Graffiti wird fotografiert, katalogisiert und archiviert. Diese Fotos dienen nicht nur als Beweis f\u00fcr ihre Taten, sondern auch als Lehrmaterial f\u00fcr ihre Workshops und Vortr\u00e4ge.<\/span><\/span><\/p>\n<\/figcaption>\n                    \n                <\/figure>\n\n            <\/div><!-- photo-grid__image -->    \n\n\n            \n\n                    \n                \n\n            <div class=\"photo-grid__image\">\n\n                <figure>\n\n                    <img loading=\"lazy\" decoding=\"async\"  \n                        src=\"https:\/\/visualjournalism.de\/wp-content\/uploads\/JHill_Irmela_Mensah-Schramm-6-768x1024.jpg\" \n                        srcset=\"https:\/\/visualjournalism.de\/wp-content\/uploads\/JHill_Irmela_Mensah-Schramm-6-768x1024.jpg 768w, https:\/\/visualjournalism.de\/wp-content\/uploads\/JHill_Irmela_Mensah-Schramm-6-225x300.jpg 225w, https:\/\/visualjournalism.de\/wp-content\/uploads\/JHill_Irmela_Mensah-Schramm-6-1152x1536.jpg 1152w, https:\/\/visualjournalism.de\/wp-content\/uploads\/JHill_Irmela_Mensah-Schramm-6-1536x2048.jpg 1536w, https:\/\/visualjournalism.de\/wp-content\/uploads\/JHill_Irmela_Mensah-Schramm-6-scaled.jpg 1920w, https:\/\/visualjournalism.de\/wp-content\/uploads\/JHill_Irmela_Mensah-Schramm-6-1400x1866.jpg 1400w, https:\/\/visualjournalism.de\/wp-content\/uploads\/JHill_Irmela_Mensah-Schramm-6-1050x1400.jpg 1050w, https:\/\/visualjournalism.de\/wp-content\/uploads\/JHill_Irmela_Mensah-Schramm-6-670x893.jpg 670w, https:\/\/visualjournalism.de\/wp-content\/uploads\/JHill_Irmela_Mensah-Schramm-6-420x560.jpg 420w, https:\/\/visualjournalism.de\/wp-content\/uploads\/JHill_Irmela_Mensah-Schramm-6-350x467.jpg 350w, https:\/\/visualjournalism.de\/wp-content\/uploads\/JHill_Irmela_Mensah-Schramm-6-300x400.jpg 300w, https:\/\/visualjournalism.de\/wp-content\/uploads\/JHill_Irmela_Mensah-Schramm-6-640x853.jpg 640w, https:\/\/visualjournalism.de\/wp-content\/uploads\/JHill_Irmela_Mensah-Schramm-6-150x200.jpg 150w\" \n                        width=\"768\"  \n                        height=\"1024\" \n                        alt=\"\"  \n                    \/>\n\n                    \n                    \n                <\/figure>\n\n            <\/div><!-- photo-grid__image -->    \n\n\n            \n\n            \n<\/div>\n\n\n<div class=\"devider has-spacing--none\">\n    <hr>\n<\/div>\n\n\n \n    \n    <div id=\"quote-block_2718017ac37cb18ca2ade30f9e5eec31\" class=\"block-quote has-spacing--m\">\n        <figure class=\"quote\">\n            <blockquote>\n                <p><strong>Ich lache, wenn ich eine Strafanzeige bekomme<\/strong>, weil ich mal wieder eine Hassbotschaft, ein offenbar ewig lang \u00f6ffentlich geduldetes unter Verbot stehendes Nazisymbol \u2039besch\u00e4digt\u203a habe!<\/p>\n            <\/blockquote>\n\n            <figcaption>\n\n                            <span><\/span>\n            <\/figcaption>\n            \n        <\/figure>\n    <\/div>\n\n\n\n \n\n<div class=\"photo-grid grid-layout--2col-1 has-spacing--m\">\n\n            \n\n            <div class=\"photo-grid__image\">\n\n                <figure>\n\n                    <img loading=\"lazy\" decoding=\"async\"  \n                        src=\"https:\/\/visualjournalism.de\/wp-content\/uploads\/JHill_Irmela_Mensah-Schramm-4-768x1024.jpg\" \n                        srcset=\"https:\/\/visualjournalism.de\/wp-content\/uploads\/JHill_Irmela_Mensah-Schramm-4-768x1024.jpg 768w, https:\/\/visualjournalism.de\/wp-content\/uploads\/JHill_Irmela_Mensah-Schramm-4-225x300.jpg 225w, https:\/\/visualjournalism.de\/wp-content\/uploads\/JHill_Irmela_Mensah-Schramm-4-1152x1536.jpg 1152w, https:\/\/visualjournalism.de\/wp-content\/uploads\/JHill_Irmela_Mensah-Schramm-4-1536x2048.jpg 1536w, https:\/\/visualjournalism.de\/wp-content\/uploads\/JHill_Irmela_Mensah-Schramm-4-scaled.jpg 1920w, https:\/\/visualjournalism.de\/wp-content\/uploads\/JHill_Irmela_Mensah-Schramm-4-1400x1866.jpg 1400w, https:\/\/visualjournalism.de\/wp-content\/uploads\/JHill_Irmela_Mensah-Schramm-4-1050x1400.jpg 1050w, https:\/\/visualjournalism.de\/wp-content\/uploads\/JHill_Irmela_Mensah-Schramm-4-670x893.jpg 670w, https:\/\/visualjournalism.de\/wp-content\/uploads\/JHill_Irmela_Mensah-Schramm-4-420x560.jpg 420w, https:\/\/visualjournalism.de\/wp-content\/uploads\/JHill_Irmela_Mensah-Schramm-4-350x467.jpg 350w, https:\/\/visualjournalism.de\/wp-content\/uploads\/JHill_Irmela_Mensah-Schramm-4-300x400.jpg 300w, https:\/\/visualjournalism.de\/wp-content\/uploads\/JHill_Irmela_Mensah-Schramm-4-640x853.jpg 640w, https:\/\/visualjournalism.de\/wp-content\/uploads\/JHill_Irmela_Mensah-Schramm-4-150x200.jpg 150w\" \n                        width=\"768\"  \n                        height=\"1024\" \n                        alt=\"\"  \n                    \/>\n\n                                            <span class=\"photo-grid__image__title\">Um Sticker und Graffitis\nzu entfernen oder zu \u00fcberspr\u00fchen, verwendet die Aktivistin Ofenschaber, Spr\u00fchdose und Nagellackentferner. Ihre Werkzeuge, die sie immer in einem Jutebeutel bei sich tr\u00e4gt, wurden schon mehrfach von der Polizei konfisziert. Fotografiert wurden die Werkzeuge auf ihrem Wohnzimmertisch.<\/span>\n                    \n                    \n                <\/figure>\n\n            <\/div><!-- photo-grid__image -->    \n\n\n            \n\n                    \n                \n\n            <div class=\"photo-grid__image\">\n\n                <figure>\n\n                    <img loading=\"lazy\" decoding=\"async\"  \n                        src=\"https:\/\/visualjournalism.de\/wp-content\/uploads\/JHill_Irmela_Mensah-Schramm-1-768x1024.jpg\" \n                        srcset=\"https:\/\/visualjournalism.de\/wp-content\/uploads\/JHill_Irmela_Mensah-Schramm-1-768x1024.jpg 768w, https:\/\/visualjournalism.de\/wp-content\/uploads\/JHill_Irmela_Mensah-Schramm-1-225x300.jpg 225w, https:\/\/visualjournalism.de\/wp-content\/uploads\/JHill_Irmela_Mensah-Schramm-1-1152x1536.jpg 1152w, https:\/\/visualjournalism.de\/wp-content\/uploads\/JHill_Irmela_Mensah-Schramm-1-1536x2048.jpg 1536w, https:\/\/visualjournalism.de\/wp-content\/uploads\/JHill_Irmela_Mensah-Schramm-1-scaled.jpg 1920w, https:\/\/visualjournalism.de\/wp-content\/uploads\/JHill_Irmela_Mensah-Schramm-1-1400x1867.jpg 1400w, https:\/\/visualjournalism.de\/wp-content\/uploads\/JHill_Irmela_Mensah-Schramm-1-1050x1400.jpg 1050w, https:\/\/visualjournalism.de\/wp-content\/uploads\/JHill_Irmela_Mensah-Schramm-1-670x894.jpg 670w, https:\/\/visualjournalism.de\/wp-content\/uploads\/JHill_Irmela_Mensah-Schramm-1-420x560.jpg 420w, https:\/\/visualjournalism.de\/wp-content\/uploads\/JHill_Irmela_Mensah-Schramm-1-350x467.jpg 350w, https:\/\/visualjournalism.de\/wp-content\/uploads\/JHill_Irmela_Mensah-Schramm-1-300x400.jpg 300w, https:\/\/visualjournalism.de\/wp-content\/uploads\/JHill_Irmela_Mensah-Schramm-1-640x853.jpg 640w, https:\/\/visualjournalism.de\/wp-content\/uploads\/JHill_Irmela_Mensah-Schramm-1-150x200.jpg 150w\" \n                        width=\"768\"  \n                        height=\"1024\" \n                        alt=\"\"  \n                    \/>\n\n                                            <span class=\"photo-grid__image__title\">Umschlag eines Hassbriefes,\nder per Post an Irmela Mensah-Schramms Wohnadresse gesendet wurde: Hassnachrichten und t\u00e4tliche \u00dcbergriffe geh\u00f6ren zum Alltag der Aktivistin.<\/span>\n                    \n                    \n                <\/figure>\n\n            <\/div><!-- photo-grid__image -->    \n\n\n            \n\n            \n<\/div>\n\n\n<div class=\"wp-block-group has-spacing--default has-spacing--default\">\n<div class=\"devider has-spacing--none\">\n    <hr>\n<\/div>\n\n\n \n\n    <div id=\"lead-in-block_2f221fae5811c9b4a60d6f19599f6060\" class=\"block-lead-in typo--default font-size--xl has-spacing--s width--default\">\n        <p><strong>Empfehlungen der Redaktion:<\/strong><\/p>\n    <\/div>\n\n\n\n\r\n\r\n\r\n\n\n\r\n\r\n\r\n\r\n        <div class=\"teaser-grid grid-layout--3col has-spacing--s width--inline\">\r\n\r\n            \r\n                <article class=\"post-teaser\">\r\n\r\n                    <a href=\"https:\/\/visualjournalism.de\/en\/magazine\/sammeln\/sammeln-statt-jagen-eine-neue-geschichte-der-menschheit\/\" rel=\"permalink\">\r\n\r\n                        <div class=\"post-teaser__content\">\r\n\r\n                            <span class=\"entry-categories\">Sammeln<\/span>\r\n                            <h3 class=\"post-teaser__headline\">\r\n                                Sammeln statt Jagen: Eine neue Geschichte der Menschheit                            <\/h3>\r\n\r\n                            <div class=\"post-teaser__excerpt\">\r\n                                <p>Was, wenn der Ursprung der Menschheit nicht der Speer, sondern der Beutel war? Ursula K. Le Guin stellt die Geschichte auf den Kopf und macht aus dem Beutel ein Symbol f\u00fcr Menschlichkeit.<\/p>\r\n                            <\/div>\r\n\r\n                        <\/div><!-- .post-teaser__content -->\r\n\r\n\r\n                        \r\n                            <figure class=\"post-teaser__image\">\r\n                                <img loading=\"lazy\" decoding=\"async\"  \r\n                                    src=\"https:\/\/visualjournalism.de\/wp-content\/uploads\/Deppe_Simon_19-768x513.jpg\" \r\n                                    srcset=\"https:\/\/visualjournalism.de\/wp-content\/uploads\/Deppe_Simon_19-768x513.jpg 768w, https:\/\/visualjournalism.de\/wp-content\/uploads\/Deppe_Simon_19-300x200.jpg 300w, https:\/\/visualjournalism.de\/wp-content\/uploads\/Deppe_Simon_19-1024x684.jpg 1024w, https:\/\/visualjournalism.de\/wp-content\/uploads\/Deppe_Simon_19-1050x701.jpg 1050w, https:\/\/visualjournalism.de\/wp-content\/uploads\/Deppe_Simon_19-670x447.jpg 670w, https:\/\/visualjournalism.de\/wp-content\/uploads\/Deppe_Simon_19-420x280.jpg 420w, https:\/\/visualjournalism.de\/wp-content\/uploads\/Deppe_Simon_19-350x234.jpg 350w, https:\/\/visualjournalism.de\/wp-content\/uploads\/Deppe_Simon_19-150x100.jpg 150w, https:\/\/visualjournalism.de\/wp-content\/uploads\/Deppe_Simon_19.jpg 1200w\" \r\n                                    width=\"768\"  \r\n                                    height=\"513\" \r\n                                    alt=\"\"\r\n                                \/>\r\n                            <\/figure>\r\n\r\n                        \r\n                    \r\n                    <\/a>\r\n\r\n                <\/article><!--- .post-teaser-->\r\n\r\n            \r\n                <article class=\"post-teaser\">\r\n\r\n                    <a href=\"https:\/\/visualjournalism.de\/en\/magazine\/ratgeber\/kreative-blockaden\/\" rel=\"permalink\">\r\n\r\n                        <div class=\"post-teaser__content\">\r\n\r\n                            <span class=\"entry-categories\">Ratgeber<\/span>\r\n                            <h3 class=\"post-teaser__headline\">\r\n                                Kreative Blockaden:                            <\/h3>\r\n\r\n                            <div class=\"post-teaser__excerpt\">\r\n                                <p>Kreative Blockaden: Sie k\u00f6nnen frustrierend sein \u2013 m\u00fcssen es aber nicht bleiben. Erfahre, warum sie entstehen, was sie dir sagen wollen und wie du Schritt f\u00fcr Schritt wieder in deinen kreativen Flow findest.<\/p>\r\n                            <\/div>\r\n\r\n                        <\/div><!-- .post-teaser__content -->\r\n\r\n\r\n                        \r\n                            <figure class=\"post-teaser__image\">\r\n                                <img loading=\"lazy\" decoding=\"async\"  \r\n                                    src=\"https:\/\/visualjournalism.de\/wp-content\/uploads\/Max_Schlag-5-768x509.jpg\" \r\n                                    srcset=\"https:\/\/visualjournalism.de\/wp-content\/uploads\/Max_Schlag-5-768x509.jpg 768w, https:\/\/visualjournalism.de\/wp-content\/uploads\/Max_Schlag-5-300x199.jpg 300w, https:\/\/visualjournalism.de\/wp-content\/uploads\/Max_Schlag-5-1024x679.jpg 1024w, https:\/\/visualjournalism.de\/wp-content\/uploads\/Max_Schlag-5-1536x1019.jpg 1536w, https:\/\/visualjournalism.de\/wp-content\/uploads\/Max_Schlag-5-2048x1358.jpg 2048w, https:\/\/visualjournalism.de\/wp-content\/uploads\/Max_Schlag-5-1920x1273.jpg 1920w, https:\/\/visualjournalism.de\/wp-content\/uploads\/Max_Schlag-5-1400x928.jpg 1400w, https:\/\/visualjournalism.de\/wp-content\/uploads\/Max_Schlag-5-1050x696.jpg 1050w, https:\/\/visualjournalism.de\/wp-content\/uploads\/Max_Schlag-5-670x444.jpg 670w, https:\/\/visualjournalism.de\/wp-content\/uploads\/Max_Schlag-5-420x278.jpg 420w, https:\/\/visualjournalism.de\/wp-content\/uploads\/Max_Schlag-5-350x232.jpg 350w, https:\/\/visualjournalism.de\/wp-content\/uploads\/Max_Schlag-5-150x99.jpg 150w\" \r\n                                    width=\"768\"  \r\n                                    height=\"509\" \r\n                                    alt=\"glitzernde Wasseroberfl\u00e4che\"\r\n                                \/>\r\n                            <\/figure>\r\n\r\n                        \r\n                    \r\n                    <\/a>\r\n\r\n                <\/article><!--- .post-teaser-->\r\n\r\n            \r\n                <article class=\"post-teaser\">\r\n\r\n                    <a href=\"https:\/\/visualjournalism.de\/en\/magazine\/sammeln\/wein-mueller-kassel-magic-nordhessen\/\" rel=\"permalink\">\r\n\r\n                        <div class=\"post-teaser__content\">\r\n\r\n                            <span class=\"entry-categories\">Sammeln<\/span>\r\n                            <h3 class=\"post-teaser__headline\">\r\n                                \u00abMagic Nordhessen\u2026!!!\u00bb                            <\/h3>\r\n\r\n                            <div class=\"post-teaser__excerpt\">\r\n                                <p>Kassel, Vorderer Westen: ein Laden, in dem seit fast einem Jahrhundert gesammelt wird. Wir haben hineingeschaut.<\/p>\r\n                            <\/div>\r\n\r\n                        <\/div><!-- .post-teaser__content -->\r\n\r\n\r\n                        \r\n                            <figure class=\"post-teaser__image\">\r\n                                <img loading=\"lazy\" decoding=\"async\"  \r\n                                    src=\"https:\/\/visualjournalism.de\/wp-content\/uploads\/02_Luest_Mayla-768x576.jpg\" \r\n                                    srcset=\"https:\/\/visualjournalism.de\/wp-content\/uploads\/02_Luest_Mayla-768x576.jpg 768w, https:\/\/visualjournalism.de\/wp-content\/uploads\/02_Luest_Mayla-300x225.jpg 300w, https:\/\/visualjournalism.de\/wp-content\/uploads\/02_Luest_Mayla-1024x768.jpg 1024w, https:\/\/visualjournalism.de\/wp-content\/uploads\/02_Luest_Mayla-1536x1152.jpg 1536w, https:\/\/visualjournalism.de\/wp-content\/uploads\/02_Luest_Mayla-2048x1536.jpg 2048w, https:\/\/visualjournalism.de\/wp-content\/uploads\/02_Luest_Mayla-1920x1440.jpg 1920w, https:\/\/visualjournalism.de\/wp-content\/uploads\/02_Luest_Mayla-1400x1050.jpg 1400w, https:\/\/visualjournalism.de\/wp-content\/uploads\/02_Luest_Mayla-1050x787.jpg 1050w, https:\/\/visualjournalism.de\/wp-content\/uploads\/02_Luest_Mayla-670x502.jpg 670w, https:\/\/visualjournalism.de\/wp-content\/uploads\/02_Luest_Mayla-420x315.jpg 420w, https:\/\/visualjournalism.de\/wp-content\/uploads\/02_Luest_Mayla-350x262.jpg 350w, https:\/\/visualjournalism.de\/wp-content\/uploads\/02_Luest_Mayla-150x112.jpg 150w\" \r\n                                    width=\"768\"  \r\n                                    height=\"576\" \r\n                                    alt=\"\"\r\n                                \/>\r\n                            <\/figure>\r\n\r\n                        \r\n                    \r\n                    <\/a>\r\n\r\n                <\/article><!--- .post-teaser-->\r\n\r\n            \r\n        <\/div><!-- .teaser-grid -->\r\n\r\n\n\n\r\n\r\n\r\n\n\n\n    <div class=\"btn-wrapper has-spacing--m\">\n        <a class=\"btn\" href=\"https:\/\/visualjournalism.de\/magazin\/\" target=\"_blank\">ZUR MAGAZIN-STARTSEITE<\/a>\n    <\/div>\n<\/div>\n","protected":false},"author":73,"featured_media":39776,"template":"","tags":[],"magazinkategorie":[187],"class_list":["post-41120","magazin","type-magazin","status-publish","has-post-thumbnail","hentry","magazinkategorie-auf-den-spuren-von"],"acf":[],"yoast_head":"<!-- This site is optimized with the Yoast SEO Premium plugin v27.3 (Yoast SEO v27.3) - https:\/\/yoast.com\/product\/yoast-seo-premium-wordpress\/ -->\n<title>Irmela Mensah-Schramm: Mit Herz und Spachtel gegen Naziparolen &#8211; Visual Journalism and Documentary Photography<\/title>\n<meta name=\"description\" content=\"Irmela Mensah-Schram ist Aktivistin, die sich gegen rassistische und antisemitische Aufkleber und Graffitis in Deutschland engagiert.\" \/>\n<meta name=\"robots\" content=\"index, follow, max-snippet:-1, max-image-preview:large, max-video-preview:-1\" \/>\n<link rel=\"canonical\" href=\"https:\/\/visualjournalism.de\/en\/magazine\/auf-den-spuren-von\/irmela-mensah-schramm-mit-herz-und-spachtel-gegen-naziparolen\/\" \/>\n<meta property=\"og:locale\" content=\"en_US\" \/>\n<meta property=\"og:type\" content=\"article\" \/>\n<meta property=\"og:title\" content=\"Irmela Mensah-Schramm: Mit Herz und Spachtel gegen Naziparolen\" \/>\n<meta property=\"og:description\" content=\"Irmela Mensah-Schram ist Aktivistin, die sich gegen rassistische und antisemitische Aufkleber und Graffitis in Deutschland engagiert.\" \/>\n<meta property=\"og:url\" content=\"https:\/\/visualjournalism.de\/en\/magazine\/auf-den-spuren-von\/irmela-mensah-schramm-mit-herz-und-spachtel-gegen-naziparolen\/\" \/>\n<meta property=\"og:site_name\" content=\"Visual Journalism and Documentary Photography\" \/>\n<meta property=\"article:publisher\" content=\"https:\/\/www.facebook.com\/people\/wwwfotostudentende\/100065173703897\/\" \/>\n<meta property=\"article:modified_time\" content=\"2024-10-26T14:57:31+00:00\" \/>\n<meta property=\"og:image\" content=\"https:\/\/visualjournalism.de\/wp-content\/uploads\/Jasper-1.jpg\" \/>\n\t<meta property=\"og:image:width\" content=\"1181\" \/>\n\t<meta property=\"og:image:height\" content=\"1574\" \/>\n\t<meta property=\"og:image:type\" content=\"image\/jpeg\" \/>\n<meta name=\"twitter:card\" content=\"summary_large_image\" \/>\n<meta name=\"twitter:site\" content=\"@HsHannover\" \/>\n<meta name=\"twitter:label1\" content=\"Est. reading time\" \/>\n\t<meta name=\"twitter:data1\" content=\"7 minutes\" \/>\n<script type=\"application\/ld+json\" class=\"yoast-schema-graph\">{\"@context\":\"https:\\\/\\\/schema.org\",\"@graph\":[{\"@type\":\"WebPage\",\"@id\":\"https:\\\/\\\/visualjournalism.de\\\/en\\\/magazine\\\/auf-den-spuren-von\\\/irmela-mensah-schramm-mit-herz-und-spachtel-gegen-naziparolen\\\/\",\"url\":\"https:\\\/\\\/visualjournalism.de\\\/en\\\/magazine\\\/auf-den-spuren-von\\\/irmela-mensah-schramm-mit-herz-und-spachtel-gegen-naziparolen\\\/\",\"name\":\"Irmela Mensah-Schramm: Mit Herz und Spachtel gegen Naziparolen &#8211; Visual Journalism and Documentary Photography\",\"isPartOf\":{\"@id\":\"https:\\\/\\\/visualjournalism.de\\\/en\\\/#website\"},\"primaryImageOfPage\":{\"@id\":\"https:\\\/\\\/visualjournalism.de\\\/en\\\/magazine\\\/auf-den-spuren-von\\\/irmela-mensah-schramm-mit-herz-und-spachtel-gegen-naziparolen\\\/#primaryimage\"},\"image\":{\"@id\":\"https:\\\/\\\/visualjournalism.de\\\/en\\\/magazine\\\/auf-den-spuren-von\\\/irmela-mensah-schramm-mit-herz-und-spachtel-gegen-naziparolen\\\/#primaryimage\"},\"thumbnailUrl\":\"https:\\\/\\\/visualjournalism.de\\\/wp-content\\\/uploads\\\/Jasper-1.jpg\",\"datePublished\":\"2024-10-18T12:40:21+00:00\",\"dateModified\":\"2024-10-26T14:57:31+00:00\",\"description\":\"Irmela Mensah-Schram ist Aktivistin, die sich gegen rassistische und antisemitische Aufkleber und Graffitis in Deutschland engagiert.\",\"breadcrumb\":{\"@id\":\"https:\\\/\\\/visualjournalism.de\\\/en\\\/magazine\\\/auf-den-spuren-von\\\/irmela-mensah-schramm-mit-herz-und-spachtel-gegen-naziparolen\\\/#breadcrumb\"},\"inLanguage\":\"en-US\",\"potentialAction\":[{\"@type\":\"ReadAction\",\"target\":[\"https:\\\/\\\/visualjournalism.de\\\/en\\\/magazine\\\/auf-den-spuren-von\\\/irmela-mensah-schramm-mit-herz-und-spachtel-gegen-naziparolen\\\/\"]}]},{\"@type\":\"ImageObject\",\"inLanguage\":\"en-US\",\"@id\":\"https:\\\/\\\/visualjournalism.de\\\/en\\\/magazine\\\/auf-den-spuren-von\\\/irmela-mensah-schramm-mit-herz-und-spachtel-gegen-naziparolen\\\/#primaryimage\",\"url\":\"https:\\\/\\\/visualjournalism.de\\\/wp-content\\\/uploads\\\/Jasper-1.jpg\",\"contentUrl\":\"https:\\\/\\\/visualjournalism.de\\\/wp-content\\\/uploads\\\/Jasper-1.jpg\",\"width\":1181,\"height\":1574,\"caption\":\"Photo: Jasper Hill\"},{\"@type\":\"BreadcrumbList\",\"@id\":\"https:\\\/\\\/visualjournalism.de\\\/en\\\/magazine\\\/auf-den-spuren-von\\\/irmela-mensah-schramm-mit-herz-und-spachtel-gegen-naziparolen\\\/#breadcrumb\",\"itemListElement\":[{\"@type\":\"ListItem\",\"position\":1,\"name\":\"Home\",\"item\":\"https:\\\/\\\/visualjournalism.de\\\/en\\\/\"},{\"@type\":\"ListItem\",\"position\":2,\"name\":\"Magazin\",\"item\":\"https:\\\/\\\/visualjournalism.de\\\/en\\\/magazine\\\/\"},{\"@type\":\"ListItem\",\"position\":3,\"name\":\"Irmela Mensah-Schramm: Mit Herz und Spachtel gegen Naziparolen\"}]},{\"@type\":\"WebSite\",\"@id\":\"https:\\\/\\\/visualjournalism.de\\\/en\\\/#website\",\"url\":\"https:\\\/\\\/visualjournalism.de\\\/en\\\/\",\"name\":\"Visual Journalism and Documentary Photography\",\"description\":\"All about the bilingual bachelor&#039;s program at Hannover University of Applied Sciences and Arts.\",\"publisher\":{\"@id\":\"https:\\\/\\\/visualjournalism.de\\\/en\\\/#organization\"},\"alternateName\":\"visualjournalism.de\",\"potentialAction\":[{\"@type\":\"SearchAction\",\"target\":{\"@type\":\"EntryPoint\",\"urlTemplate\":\"https:\\\/\\\/visualjournalism.de\\\/en\\\/?s={search_term_string}\"},\"query-input\":{\"@type\":\"PropertyValueSpecification\",\"valueRequired\":true,\"valueName\":\"search_term_string\"}}],\"inLanguage\":\"en-US\"},{\"@type\":\"Organization\",\"@id\":\"https:\\\/\\\/visualjournalism.de\\\/en\\\/#organization\",\"name\":\"Hochschule Hannover \u2013 University of Applied Sciences and Arts\",\"alternateName\":\"HsH\",\"url\":\"https:\\\/\\\/visualjournalism.de\\\/en\\\/\",\"logo\":{\"@type\":\"ImageObject\",\"inLanguage\":\"en-US\",\"@id\":\"https:\\\/\\\/visualjournalism.de\\\/en\\\/#\\\/schema\\\/logo\\\/image\\\/\",\"url\":\"https:\\\/\\\/visualjournalism.de\\\/wp-content\\\/uploads\\\/logo-hochschule-hannover.png\",\"contentUrl\":\"https:\\\/\\\/visualjournalism.de\\\/wp-content\\\/uploads\\\/logo-hochschule-hannover.png\",\"width\":363,\"height\":270,\"caption\":\"Hochschule Hannover \u2013 University of Applied Sciences and Arts\"},\"image\":{\"@id\":\"https:\\\/\\\/visualjournalism.de\\\/en\\\/#\\\/schema\\\/logo\\\/image\\\/\"},\"sameAs\":[\"https:\\\/\\\/www.facebook.com\\\/people\\\/wwwfotostudentende\\\/100065173703897\\\/\",\"https:\\\/\\\/x.com\\\/HsHannover\",\"https:\\\/\\\/www.instagram.com\\\/visualjournalism.de\\\/\"]}]}<\/script>\n<!-- \/ Yoast SEO Premium plugin. -->","yoast_head_json":{"title":"Irmela Mensah-Schramm: Mit Herz und Spachtel gegen Naziparolen &#8211; Visual Journalism and Documentary Photography","description":"Irmela Mensah-Schram ist Aktivistin, die sich gegen rassistische und antisemitische Aufkleber und Graffitis in Deutschland engagiert.","robots":{"index":"index","follow":"follow","max-snippet":"max-snippet:-1","max-image-preview":"max-image-preview:large","max-video-preview":"max-video-preview:-1"},"canonical":"https:\/\/visualjournalism.de\/en\/magazine\/auf-den-spuren-von\/irmela-mensah-schramm-mit-herz-und-spachtel-gegen-naziparolen\/","og_locale":"en_US","og_type":"article","og_title":"Irmela Mensah-Schramm: Mit Herz und Spachtel gegen Naziparolen","og_description":"Irmela Mensah-Schram ist Aktivistin, die sich gegen rassistische und antisemitische Aufkleber und Graffitis in Deutschland engagiert.","og_url":"https:\/\/visualjournalism.de\/en\/magazine\/auf-den-spuren-von\/irmela-mensah-schramm-mit-herz-und-spachtel-gegen-naziparolen\/","og_site_name":"Visual Journalism and Documentary Photography","article_publisher":"https:\/\/www.facebook.com\/people\/wwwfotostudentende\/100065173703897\/","article_modified_time":"2024-10-26T14:57:31+00:00","og_image":[{"width":1181,"height":1574,"url":"https:\/\/visualjournalism.de\/wp-content\/uploads\/Jasper-1.jpg","type":"image\/jpeg"}],"twitter_card":"summary_large_image","twitter_site":"@HsHannover","twitter_misc":{"Est. reading time":"7 minutes"},"schema":{"@context":"https:\/\/schema.org","@graph":[{"@type":"WebPage","@id":"https:\/\/visualjournalism.de\/en\/magazine\/auf-den-spuren-von\/irmela-mensah-schramm-mit-herz-und-spachtel-gegen-naziparolen\/","url":"https:\/\/visualjournalism.de\/en\/magazine\/auf-den-spuren-von\/irmela-mensah-schramm-mit-herz-und-spachtel-gegen-naziparolen\/","name":"Irmela Mensah-Schramm: Mit Herz und Spachtel gegen Naziparolen &#8211; Visual Journalism and Documentary Photography","isPartOf":{"@id":"https:\/\/visualjournalism.de\/en\/#website"},"primaryImageOfPage":{"@id":"https:\/\/visualjournalism.de\/en\/magazine\/auf-den-spuren-von\/irmela-mensah-schramm-mit-herz-und-spachtel-gegen-naziparolen\/#primaryimage"},"image":{"@id":"https:\/\/visualjournalism.de\/en\/magazine\/auf-den-spuren-von\/irmela-mensah-schramm-mit-herz-und-spachtel-gegen-naziparolen\/#primaryimage"},"thumbnailUrl":"https:\/\/visualjournalism.de\/wp-content\/uploads\/Jasper-1.jpg","datePublished":"2024-10-18T12:40:21+00:00","dateModified":"2024-10-26T14:57:31+00:00","description":"Irmela Mensah-Schram ist Aktivistin, die sich gegen rassistische und antisemitische Aufkleber und Graffitis in Deutschland engagiert.","breadcrumb":{"@id":"https:\/\/visualjournalism.de\/en\/magazine\/auf-den-spuren-von\/irmela-mensah-schramm-mit-herz-und-spachtel-gegen-naziparolen\/#breadcrumb"},"inLanguage":"en-US","potentialAction":[{"@type":"ReadAction","target":["https:\/\/visualjournalism.de\/en\/magazine\/auf-den-spuren-von\/irmela-mensah-schramm-mit-herz-und-spachtel-gegen-naziparolen\/"]}]},{"@type":"ImageObject","inLanguage":"en-US","@id":"https:\/\/visualjournalism.de\/en\/magazine\/auf-den-spuren-von\/irmela-mensah-schramm-mit-herz-und-spachtel-gegen-naziparolen\/#primaryimage","url":"https:\/\/visualjournalism.de\/wp-content\/uploads\/Jasper-1.jpg","contentUrl":"https:\/\/visualjournalism.de\/wp-content\/uploads\/Jasper-1.jpg","width":1181,"height":1574,"caption":"Photo: Jasper Hill"},{"@type":"BreadcrumbList","@id":"https:\/\/visualjournalism.de\/en\/magazine\/auf-den-spuren-von\/irmela-mensah-schramm-mit-herz-und-spachtel-gegen-naziparolen\/#breadcrumb","itemListElement":[{"@type":"ListItem","position":1,"name":"Home","item":"https:\/\/visualjournalism.de\/en\/"},{"@type":"ListItem","position":2,"name":"Magazin","item":"https:\/\/visualjournalism.de\/en\/magazine\/"},{"@type":"ListItem","position":3,"name":"Irmela Mensah-Schramm: Mit Herz und Spachtel gegen Naziparolen"}]},{"@type":"WebSite","@id":"https:\/\/visualjournalism.de\/en\/#website","url":"https:\/\/visualjournalism.de\/en\/","name":"Visual Journalism and Documentary Photography","description":"All about the bilingual bachelor&#039;s program at Hannover University of Applied Sciences and Arts.","publisher":{"@id":"https:\/\/visualjournalism.de\/en\/#organization"},"alternateName":"visualjournalism.de","potentialAction":[{"@type":"SearchAction","target":{"@type":"EntryPoint","urlTemplate":"https:\/\/visualjournalism.de\/en\/?s={search_term_string}"},"query-input":{"@type":"PropertyValueSpecification","valueRequired":true,"valueName":"search_term_string"}}],"inLanguage":"en-US"},{"@type":"Organization","@id":"https:\/\/visualjournalism.de\/en\/#organization","name":"Hochschule Hannover \u2013 University of Applied Sciences and Arts","alternateName":"HsH","url":"https:\/\/visualjournalism.de\/en\/","logo":{"@type":"ImageObject","inLanguage":"en-US","@id":"https:\/\/visualjournalism.de\/en\/#\/schema\/logo\/image\/","url":"https:\/\/visualjournalism.de\/wp-content\/uploads\/logo-hochschule-hannover.png","contentUrl":"https:\/\/visualjournalism.de\/wp-content\/uploads\/logo-hochschule-hannover.png","width":363,"height":270,"caption":"Hochschule Hannover \u2013 University of Applied Sciences and Arts"},"image":{"@id":"https:\/\/visualjournalism.de\/en\/#\/schema\/logo\/image\/"},"sameAs":["https:\/\/www.facebook.com\/people\/wwwfotostudentende\/100065173703897\/","https:\/\/x.com\/HsHannover","https:\/\/www.instagram.com\/visualjournalism.de\/"]}]}},"_links":{"self":[{"href":"https:\/\/visualjournalism.de\/en\/wp-json\/wp\/v2\/magazin\/41120","targetHints":{"allow":["GET"]}}],"collection":[{"href":"https:\/\/visualjournalism.de\/en\/wp-json\/wp\/v2\/magazin"}],"about":[{"href":"https:\/\/visualjournalism.de\/en\/wp-json\/wp\/v2\/types\/magazin"}],"author":[{"embeddable":true,"href":"https:\/\/visualjournalism.de\/en\/wp-json\/wp\/v2\/users\/73"}],"version-history":[{"count":0,"href":"https:\/\/visualjournalism.de\/en\/wp-json\/wp\/v2\/magazin\/41120\/revisions"}],"wp:featuredmedia":[{"embeddable":true,"href":"https:\/\/visualjournalism.de\/en\/wp-json\/wp\/v2\/media\/39776"}],"wp:attachment":[{"href":"https:\/\/visualjournalism.de\/en\/wp-json\/wp\/v2\/media?parent=41120"}],"wp:term":[{"taxonomy":"post_tag","embeddable":true,"href":"https:\/\/visualjournalism.de\/en\/wp-json\/wp\/v2\/tags?post=41120"},{"taxonomy":"magazinkategorie","embeddable":true,"href":"https:\/\/visualjournalism.de\/en\/wp-json\/wp\/v2\/magazinkategorie?post=41120"}],"curies":[{"name":"wp","href":"https:\/\/api.w.org\/{rel}","templated":true}]}}