{"id":45077,"date":"2024-10-17T13:33:59","date_gmt":"2024-10-17T13:33:59","guid":{"rendered":"https:\/\/visualjournalism.de\/?post_type=magazin&#038;p=45077"},"modified":"2024-12-05T21:49:32","modified_gmt":"2024-12-05T21:49:32","slug":"fuer-die-einheimischen-ist-transnistrien-real","status":"publish","type":"magazin","link":"https:\/\/visualjournalism.de\/en\/magazine\/auf-den-spuren-von\/fuer-die-einheimischen-ist-transnistrien-real\/","title":{"rendered":"\u00abF\u00fcr die Einheimischen ist Transnistrien real\u00bb"},"content":{"rendered":"\r\n<div class=\"cover--lead-in has-spacing--m\">\r\n\r\n    \r\n    <div class=\"cover--lead-in__content typo--tiempos\">\r\n\r\n        <div class=\"entry-categories\">\n\t<a class=\"post__tag\" href=\"https:\/\/visualjournalism.de\/magazin-kategorie\/auf-den-spuren-von\/\" rel=\"category tag\">Auf den Spuren von&#8230;<\/a><\/div>\r\n        <h2 class=\"cover--lead-in__headline \">\r\n            \u00abF\u00fcr die Einheimischen ist Transnistrien real\u00bb        <\/h2>\r\n\r\n                    <div class=\"cover--lead-in__text\">\r\n                <p>Der Fotograf <a href=\"https:\/\/visualjournalism.de\/en\/serghei-duve\/\" target=\"_blank\" rel=\"noopener\"><strong>Serghei Duve<\/strong><\/a> besucht regelm\u00e4\u00dfig seine Verwandten in Transnistrien. Wie leben junge Menschen in einem Staat ohne Anerkennung? Eine pers\u00f6nliche Spurensuche. <b>Text:<\/b>\u00a0<strong><a href=\"https:\/\/visualjournalism.de\/en\/anjou-vartmann\/\">Anjou Vartmann<\/a><\/strong> und <strong><a href=\"https:\/\/visualjournalism.de\/en\/michael-hinz\/\">Michael Hinz<\/a><\/strong><\/p>\n            <\/div>\r\n        \r\n                    <div class=\"cover--lead-in__author\">\r\n                \r\n                    \r\n                            <figure class=\"cover--lead-in__author__image\">\r\n\r\n                                                                    <a href=\"https:\/\/visualjournalism.de\/serghei-duve\/\" target=\"\">\r\n                                \r\n                                <img loading=\"lazy\" decoding=\"async\"\r\n                                    src=\"https:\/\/visualjournalism.de\/wp-content\/uploads\/Serghei-Duve-thumb2-68x68.jpg\"\r\n                                    srcset=\"https:\/\/visualjournalism.de\/wp-content\/uploads\/Serghei-Duve-thumb2-68x68.jpg 68w, https:\/\/visualjournalism.de\/wp-content\/uploads\/Serghei-Duve-thumb2-150x150.jpg 150w, https:\/\/visualjournalism.de\/wp-content\/uploads\/Serghei-Duve-thumb2-52x52.jpg 52w, https:\/\/visualjournalism.de\/wp-content\/uploads\/Serghei-Duve-thumb2-96x96.jpg 96w, https:\/\/visualjournalism.de\/wp-content\/uploads\/Serghei-Duve-thumb2.jpg 200w\"\r\n                                    width=\"68\"\r\n                                    height=\"68\"\r\n                                    alt=\"\"\r\n                                \/>\r\n\r\n                                                                    <\/a>\r\n                                \r\n                            <\/figure>\r\n\r\n                        \r\n                    \r\n                            <figure class=\"cover--lead-in__author__image\">\r\n\r\n                                                                    <a href=\"https:\/\/visualjournalism.de\/anjou-vartmann\/\" target=\"\">\r\n                                \r\n                                <img loading=\"lazy\" decoding=\"async\"\r\n                                    src=\"https:\/\/visualjournalism.de\/wp-content\/uploads\/AnjouVartmann_Portrait_klein-68x68.jpg\"\r\n                                    srcset=\"https:\/\/visualjournalism.de\/wp-content\/uploads\/AnjouVartmann_Portrait_klein-68x68.jpg 68w, https:\/\/visualjournalism.de\/wp-content\/uploads\/AnjouVartmann_Portrait_klein-300x300.jpg 300w, https:\/\/visualjournalism.de\/wp-content\/uploads\/AnjouVartmann_Portrait_klein-150x150.jpg 150w, https:\/\/visualjournalism.de\/wp-content\/uploads\/AnjouVartmann_Portrait_klein-350x350.jpg 350w, https:\/\/visualjournalism.de\/wp-content\/uploads\/AnjouVartmann_Portrait_klein-52x52.jpg 52w, https:\/\/visualjournalism.de\/wp-content\/uploads\/AnjouVartmann_Portrait_klein-96x96.jpg 96w, https:\/\/visualjournalism.de\/wp-content\/uploads\/AnjouVartmann_Portrait_klein.jpg 394w\"\r\n                                    width=\"68\"\r\n                                    height=\"68\"\r\n                                    alt=\"\"\r\n                                \/>\r\n\r\n                                                                    <\/a>\r\n                                \r\n                            <\/figure>\r\n\r\n                        \r\n                    \r\n                            <figure class=\"cover--lead-in__author__image\">\r\n\r\n                                                                    <a href=\"https:\/\/visualjournalism.de\/michael-hinz\/\" target=\"\">\r\n                                \r\n                                <img loading=\"lazy\" decoding=\"async\"\r\n                                    src=\"https:\/\/visualjournalism.de\/wp-content\/uploads\/Michael_Hinz_SW-1-68x68.jpg\"\r\n                                    srcset=\"https:\/\/visualjournalism.de\/wp-content\/uploads\/Michael_Hinz_SW-1-68x68.jpg 68w, https:\/\/visualjournalism.de\/wp-content\/uploads\/Michael_Hinz_SW-1-300x300.jpg 300w, https:\/\/visualjournalism.de\/wp-content\/uploads\/Michael_Hinz_SW-1-150x150.jpg 150w, https:\/\/visualjournalism.de\/wp-content\/uploads\/Michael_Hinz_SW-1-350x350.jpg 350w, https:\/\/visualjournalism.de\/wp-content\/uploads\/Michael_Hinz_SW-1-52x52.jpg 52w, https:\/\/visualjournalism.de\/wp-content\/uploads\/Michael_Hinz_SW-1-96x96.jpg 96w, https:\/\/visualjournalism.de\/wp-content\/uploads\/Michael_Hinz_SW-1.jpg 394w\"\r\n                                    width=\"68\"\r\n                                    height=\"68\"\r\n                                    alt=\"\"\r\n                                \/>\r\n\r\n                                                                    <\/a>\r\n                                \r\n                            <\/figure>\r\n\r\n                                    <\/div><!-- .cover--lead-in__author -->\r\n        \r\n    <\/div><!-- .cover--lead-in__content -->\r\n\r\n    \r\n        <figure class=\"cover--lead-in__image cover--lead-in__media cover--lead-in__media--image\">\r\n            <img loading=\"lazy\" decoding=\"async\"\r\n                src=\"https:\/\/visualjournalism.de\/wp-content\/uploads\/SergheiDuve_Transnistrien_07-1920x1280.jpg\"\r\n                srcset=\"https:\/\/visualjournalism.de\/wp-content\/uploads\/SergheiDuve_Transnistrien_07-1920x1280.jpg 1920w, https:\/\/visualjournalism.de\/wp-content\/uploads\/SergheiDuve_Transnistrien_07-300x200.jpg 300w, https:\/\/visualjournalism.de\/wp-content\/uploads\/SergheiDuve_Transnistrien_07-1024x682.jpg 1024w, https:\/\/visualjournalism.de\/wp-content\/uploads\/SergheiDuve_Transnistrien_07-768x512.jpg 768w, https:\/\/visualjournalism.de\/wp-content\/uploads\/SergheiDuve_Transnistrien_07-1536x1024.jpg 1536w, https:\/\/visualjournalism.de\/wp-content\/uploads\/SergheiDuve_Transnistrien_07-1400x933.jpg 1400w, https:\/\/visualjournalism.de\/wp-content\/uploads\/SergheiDuve_Transnistrien_07-1050x700.jpg 1050w, https:\/\/visualjournalism.de\/wp-content\/uploads\/SergheiDuve_Transnistrien_07-670x447.jpg 670w, https:\/\/visualjournalism.de\/wp-content\/uploads\/SergheiDuve_Transnistrien_07-420x280.jpg 420w, https:\/\/visualjournalism.de\/wp-content\/uploads\/SergheiDuve_Transnistrien_07-350x233.jpg 350w, https:\/\/visualjournalism.de\/wp-content\/uploads\/SergheiDuve_Transnistrien_07-150x100.jpg 150w, https:\/\/visualjournalism.de\/wp-content\/uploads\/SergheiDuve_Transnistrien_07.jpg 2000w\"\r\n                width=\"1920\"\r\n                height=\"1280\"\r\n                alt=\"Eine Gruppe von Menschen steht lachend und fr\u00f6hlich um einen Esstisch herum, der mit verschiedenen Speisen und Getr\u00e4nken gedeckt ist. Sie wirken vertraut und gl\u00fccklich, als ob sie ein Familientreffen oder eine Feier genie\u00dfen. Die Szene strahlt W\u00e4rme und Gemeinschaft aus und vermittelt ein starkes Heimatgef\u00fchl.\"\r\n                style=\"object-position: 50% 50%\"\r\n            \/>\r\n        <\/figure>\r\n\r\n                    <span class=\"cover--lead-in__image-title\">\r\n                Mein Vater und meine Tante zu Besuch in Tiraspol. Sie haben Freunde zum Abendessen eingeladen.            <\/span>\r\n        \r\n    \r\n<\/div><!-- .cover--lead-in -->\r\n\r\n\n\n\n<div class=\"pinned-block has-spacing--m\">\n\t\n\n<div class=\"pinned-block__column--right\">\n    \n\n<p class=\"post__paragraph has-spacing--default\"><strong>Die gestreifte und mit Bl\u00fcmchen verzierte Tapete im Haus von Oma Tamara erinnert an einen alten Schwarzwei\u00dffilm aus den 50er Jahren.<\/strong> Sie wirkt prunkvoll und edel, aber auch leicht verstaubt. Das Haus steht an einer kleinen Stra\u00dfe in Blijnii Hutor, am Rande von Tiraspol, der Hauptstadt Transnistriens. Das Nachbarhaus geh\u00f6rt der Tante. Die vertraute Umgebung, das altmodische Mobiliar und der Duft selbstgekochter Speisen umgeben das Haus. Ein Gef\u00fchl von Heimat breitet sich aus, ein Gef\u00fchl von Sicherheit und Geborgenheit.<\/p>\n\n\n\n<p class=\"post__paragraph has-spacing--default\">Der Fotograf Serghei Duve wurde in Chisinau, Moldawien, geboren und lebt seit \u00fcber 20 Jahren in Deutschland. Seit seiner Kindheit reist die Familie nach Tiraspol, ins Haus der Gro\u00dfmutter Tamara. \u00abWenn ich an Zuhause denke, denke ich an das Haus meiner Oma\u00bb, erinnert sich Serghei. Irgendwann nimmt er die Kamera mit und beginnt zu fotografieren.<\/p>\n\n\n\n<p class=\"post__paragraph has-spacing--default\">Dabei wird ihm der Identit\u00e4tskonflikt immer wieder bewusst. Bei Treffen mit den Freund*innen seines Cousins gibt es oft laute Diskussionen. \u00abWas wollen wir werden? Wer wollen wir sein?\u00bb Die Generationsunterschiede in Transnistrien sind vielschichtig. Die \u00e4ltere Generation ist stark von der Sowjetzeit gepr\u00e4gt und sch\u00e4tzt traditionelle Werte. Die meisten J\u00fcngeren hingegen sind global orientiert und streben nach Ver\u00e4nderung und besseren Zukunftsperspektiven.<br><br>Transnistrien, offiziell bekannt als die Pridnestrowische Moldauische Republik, ist eine kleine Region in Osteuropa, die seit den fr\u00fchen 1990er Jahren Gegenstand politischer Kontroversen ist. Gelegen zwischen der Ukraine und Moldau, erkl\u00e4rte Transnistrien nach dem Zerfall der <a href=\"https:\/\/visualjournalism.de\/magazin\/abschlussarbeiten\/armenien-patrick-slesiona\/\" target=\"_blank\" rel=\"noreferrer noopener\">Sowjetunion<\/a> seine Unabh\u00e4ngigkeit von Moldau, was jedoch von der internationalen Gemeinschaft nicht anerkannt wurde. Diese Region ist ber\u00fchmt f\u00fcr ihre komplexe politische Situation, ethnische Vielfalt und ihre Rolle als ein Gebiet, in dem die Spannungen zwischen Ost und West w\u00e4hrend des Kalten Krieges und dar\u00fcber hinaus immer noch sp\u00fcrbar sind.<\/p>\n\n\n<\/div>\n\n\n<div class=\"pinned-block__column--left\">\n    \n\r\n<div class=\"embed-block has-spacing--m\">\r\n\r\n    <div \r\n        class=\"embed-block__wrapper ratio-aspect-ratio--4-3\" \r\n        style=\"\"\r\n    >\r\n        <iframe loading=\"lazy\" title=\"\" aria-label=\"Locator-Karte\" id=\"datawrapper-chart-EyVth\" src=\"https:\/\/datawrapper.dwcdn.net\/EyVth\/3\/\" scrolling=\"no\" frameborder=\"0\" style=\"border: none;\" width=\"600\" height=\"513\" data-external=\"1\"><\/iframe>\r\n    <\/div>\r\n\r\n    <div class=\"embed-block__caption\">\r\n        \n\n<p class=\"post__paragraph has-spacing--default\"><\/p>\n\n    <\/div>\r\n\r\n<\/div>\r\n\n\n<\/div>\n<\/div>\n\n\n\n \n\n<div class=\"photo-grid grid-layout--2col-5 has-spacing--m\">\n\n            \n\n            <div class=\"photo-grid__image\">\n\n                <figure>\n\n                    <img loading=\"lazy\" decoding=\"async\"  \n                        src=\"https:\/\/visualjournalism.de\/wp-content\/uploads\/SergheiDuve_Transnistrien_17-768x512.jpg\" \n                        srcset=\"https:\/\/visualjournalism.de\/wp-content\/uploads\/SergheiDuve_Transnistrien_17-768x512.jpg 768w, https:\/\/visualjournalism.de\/wp-content\/uploads\/SergheiDuve_Transnistrien_17-300x200.jpg 300w, https:\/\/visualjournalism.de\/wp-content\/uploads\/SergheiDuve_Transnistrien_17-1024x682.jpg 1024w, https:\/\/visualjournalism.de\/wp-content\/uploads\/SergheiDuve_Transnistrien_17-1536x1024.jpg 1536w, https:\/\/visualjournalism.de\/wp-content\/uploads\/SergheiDuve_Transnistrien_17-1920x1280.jpg 1920w, https:\/\/visualjournalism.de\/wp-content\/uploads\/SergheiDuve_Transnistrien_17-1400x933.jpg 1400w, https:\/\/visualjournalism.de\/wp-content\/uploads\/SergheiDuve_Transnistrien_17-1050x700.jpg 1050w, https:\/\/visualjournalism.de\/wp-content\/uploads\/SergheiDuve_Transnistrien_17-670x447.jpg 670w, https:\/\/visualjournalism.de\/wp-content\/uploads\/SergheiDuve_Transnistrien_17-420x280.jpg 420w, https:\/\/visualjournalism.de\/wp-content\/uploads\/SergheiDuve_Transnistrien_17-350x233.jpg 350w, https:\/\/visualjournalism.de\/wp-content\/uploads\/SergheiDuve_Transnistrien_17-150x100.jpg 150w, https:\/\/visualjournalism.de\/wp-content\/uploads\/SergheiDuve_Transnistrien_17.jpg 2000w\" \n                        width=\"768\"  \n                        height=\"512\" \n                        alt=\"\"  \n                    \/>\n\n                                            <span class=\"photo-grid__image__title\">Sasha und Kira am letzten Abend, bevor er zu seiner Wehrpflicht antreten muss.\r Er w\u00fcrde eigentlich gerne nach Europa ziehen, doch wer bei der Armee ist, darf die Republik \u00fcberhaupt nicht mehr  verlassen.<\/span>\n                    \n                                            <figcaption class=\"photo-grid__image__caption--soehne\"><p>Sasha und Kira am letzten Abend, bevor er zu seiner Wehrpflicht antreten muss.<br \/>\nEr w\u00fcrde eigentlich gerne nach Europa ziehen, doch wer bei der Armee ist, darf die Republik \u00fcberhaupt nicht mehr verlassen.<\/p>\n<\/figcaption>\n                    \n                <\/figure>\n\n            <\/div><!-- photo-grid__image -->    \n\n\n            \n\n                    \n                \n\n            <div class=\"photo-grid__image\">\n\n                <figure>\n\n                    <img loading=\"lazy\" decoding=\"async\"  \n                        src=\"https:\/\/visualjournalism.de\/wp-content\/uploads\/SergheiDuve_Transnistrien_14-768x512.jpg\" \n                        srcset=\"https:\/\/visualjournalism.de\/wp-content\/uploads\/SergheiDuve_Transnistrien_14-768x512.jpg 768w, https:\/\/visualjournalism.de\/wp-content\/uploads\/SergheiDuve_Transnistrien_14-300x200.jpg 300w, https:\/\/visualjournalism.de\/wp-content\/uploads\/SergheiDuve_Transnistrien_14-1024x682.jpg 1024w, https:\/\/visualjournalism.de\/wp-content\/uploads\/SergheiDuve_Transnistrien_14-1536x1024.jpg 1536w, https:\/\/visualjournalism.de\/wp-content\/uploads\/SergheiDuve_Transnistrien_14-1920x1280.jpg 1920w, https:\/\/visualjournalism.de\/wp-content\/uploads\/SergheiDuve_Transnistrien_14-1400x933.jpg 1400w, https:\/\/visualjournalism.de\/wp-content\/uploads\/SergheiDuve_Transnistrien_14-1050x700.jpg 1050w, https:\/\/visualjournalism.de\/wp-content\/uploads\/SergheiDuve_Transnistrien_14-670x447.jpg 670w, https:\/\/visualjournalism.de\/wp-content\/uploads\/SergheiDuve_Transnistrien_14-420x280.jpg 420w, https:\/\/visualjournalism.de\/wp-content\/uploads\/SergheiDuve_Transnistrien_14-350x233.jpg 350w, https:\/\/visualjournalism.de\/wp-content\/uploads\/SergheiDuve_Transnistrien_14-150x100.jpg 150w, https:\/\/visualjournalism.de\/wp-content\/uploads\/SergheiDuve_Transnistrien_14.jpg 2000w\" \n                        width=\"768\"  \n                        height=\"512\" \n                        alt=\"\"  \n                    \/>\n\n                                            <span class=\"photo-grid__image__title\">Basketball im Stadtpark von Tiraspol<\/span>\n                    \n                                            <figcaption class=\"photo-grid__image__caption--soehne\"><p>Eine Gruppe junger Sportler*innen spielen Basketball im Stadtpark von Tiraspol.<\/p>\n<\/figcaption>\n                    \n                <\/figure>\n\n            <\/div><!-- photo-grid__image -->    \n\n\n            \n\n            \n<\/div>\n\n\n<div class=\"devider has-spacing--none\">\n    <hr>\n<\/div>\n\n\n \n    \n    <div id=\"quote-block_40b482d6fa7c9faa307b00047bfb7484\" class=\"block-quote has-spacing--m\">\n        <figure class=\"quote\">\n            <blockquote>\n                <p><strong>F\u00fcr die Einheimischen ist Transnistrien real<\/strong>. Sie haben eine eigene W\u00e4hrung, sie sprechen eine eigene Sprache, haben eine eigene Staatsb\u00fcrgerschaft.<\/p>\n            <\/blockquote>\n\n            <figcaption>\n\n                            <img loading=\"lazy\" decoding=\"async\" class=\"portrait--inline\" src=\"https:\/\/visualjournalism.de\/wp-content\/uploads\/Serghei-Duve-thumb2-52x52.jpg\" width=\"52\" height=\"52\" alt=\"\" \/>\n                            <span>Serghei Duve<\/span>\n            <\/figcaption>\n            \n        <\/figure>\n    <\/div>\n\n\n\n    <figure class=\"block-photo post__image--full has-spacing--m with-title\">\n\n        <div class=\"post__image__container\">\n            <img loading=\"lazy\" decoding=\"async\" \n                src=\"https:\/\/visualjournalism.de\/wp-content\/uploads\/SergheiDuve_Transnistrien_04-1400x933.jpg\"\n                srcset=\"https:\/\/visualjournalism.de\/wp-content\/uploads\/SergheiDuve_Transnistrien_04-1400x933.jpg 1400w, https:\/\/visualjournalism.de\/wp-content\/uploads\/SergheiDuve_Transnistrien_04-300x200.jpg 300w, https:\/\/visualjournalism.de\/wp-content\/uploads\/SergheiDuve_Transnistrien_04-1024x682.jpg 1024w, https:\/\/visualjournalism.de\/wp-content\/uploads\/SergheiDuve_Transnistrien_04-768x512.jpg 768w, https:\/\/visualjournalism.de\/wp-content\/uploads\/SergheiDuve_Transnistrien_04-1536x1024.jpg 1536w, https:\/\/visualjournalism.de\/wp-content\/uploads\/SergheiDuve_Transnistrien_04-1920x1280.jpg 1920w, https:\/\/visualjournalism.de\/wp-content\/uploads\/SergheiDuve_Transnistrien_04-1050x700.jpg 1050w, https:\/\/visualjournalism.de\/wp-content\/uploads\/SergheiDuve_Transnistrien_04-670x447.jpg 670w, https:\/\/visualjournalism.de\/wp-content\/uploads\/SergheiDuve_Transnistrien_04-420x280.jpg 420w, https:\/\/visualjournalism.de\/wp-content\/uploads\/SergheiDuve_Transnistrien_04-350x233.jpg 350w, https:\/\/visualjournalism.de\/wp-content\/uploads\/SergheiDuve_Transnistrien_04-150x100.jpg 150w, https:\/\/visualjournalism.de\/wp-content\/uploads\/SergheiDuve_Transnistrien_04.jpg 2000w\"\n                width=\"1400\" \n                height=\"933\"\n                alt=\"Ein Mann sitzt auf einem Sofa in einem Zimmer, eine blau-gelbe Flagge um seine Schultern gelegt. Er tr\u00e4gt ein T-Shirt mit einem Bild von Wladimir Putin, der eine Sonnenbrille tr\u00e4gt. Im Hintergrund steht ein alter R\u00f6hrenfernseher auf einem Tisch.\" \n            \/>\n            \n                            <span class=\"post__image__title\">Valera auf dem Sofa in seinem Wohnzimmer. \r Er diente in St. Petersburg der russischen Armee, bei Kriegsausbruch entschied er sich zur\u00fcck nach Tiraspol zu kommen. Viele seiner Verwandten wohnen in der Ukraine. An einem Krieg gegen ihr Heimatland wollte er nicht teilnehmen.<\/span>\n                    <\/div><!-- post__image__container -->\n\n                    <figcaption class=\"post__image__caption--soehne\"><p>Valera auf dem Sofa in seinem Wohnzimmer.<br \/>\nEr diente in St. Petersburg der russischen Armee, bei Kriegsausbruch entschied er sich zur\u00fcck nach Tiraspol zu kommen. Viele seiner Verwandten wohnen in der Ukraine. An einem Krieg gegen ihr Heimatland wollte er nicht teilnehmen.<\/p>\n<\/figcaption>\n        \n    <\/figure><!-- post__image -->\n\n\n\n    <figure class=\"block-photo post__image--wide-right has-spacing--m with-title\">\n\n        <div class=\"post__image__container\">\n            <img loading=\"lazy\" decoding=\"async\" \n                src=\"https:\/\/visualjournalism.de\/wp-content\/uploads\/SergheiDuve_Transnistrien_02-1050x700.jpg\"\n                srcset=\"https:\/\/visualjournalism.de\/wp-content\/uploads\/SergheiDuve_Transnistrien_02-1050x700.jpg 1050w, https:\/\/visualjournalism.de\/wp-content\/uploads\/SergheiDuve_Transnistrien_02-300x200.jpg 300w, https:\/\/visualjournalism.de\/wp-content\/uploads\/SergheiDuve_Transnistrien_02-1024x682.jpg 1024w, https:\/\/visualjournalism.de\/wp-content\/uploads\/SergheiDuve_Transnistrien_02-768x512.jpg 768w, https:\/\/visualjournalism.de\/wp-content\/uploads\/SergheiDuve_Transnistrien_02-1536x1024.jpg 1536w, https:\/\/visualjournalism.de\/wp-content\/uploads\/SergheiDuve_Transnistrien_02-1920x1280.jpg 1920w, https:\/\/visualjournalism.de\/wp-content\/uploads\/SergheiDuve_Transnistrien_02-1400x933.jpg 1400w, https:\/\/visualjournalism.de\/wp-content\/uploads\/SergheiDuve_Transnistrien_02-670x447.jpg 670w, https:\/\/visualjournalism.de\/wp-content\/uploads\/SergheiDuve_Transnistrien_02-420x280.jpg 420w, https:\/\/visualjournalism.de\/wp-content\/uploads\/SergheiDuve_Transnistrien_02-350x233.jpg 350w, https:\/\/visualjournalism.de\/wp-content\/uploads\/SergheiDuve_Transnistrien_02-150x100.jpg 150w, https:\/\/visualjournalism.de\/wp-content\/uploads\/SergheiDuve_Transnistrien_02.jpg 2000w\"\n                width=\"1050\" \n                height=\"700\"\n                alt=\"A couple dances in a cozy apartment whose walls are decorated with floral wallpaper. In the background, a man sits at a table covered with a colorful tablecloth on a tiger-patterned sofa. The fairy lights shining over the couple add to the warm and inviting atmosphere.  \" \n            \/>\n            \n                            <span class=\"post__image__title\">Tiraspol, Transnistria, 2023  <\/span>\n                    <\/div><!-- post__image__container -->\n\n                    <figcaption class=\"post__image__caption--soehne\"><p>Freunde meines Cousins. Artjom, Katja und Sergej.<\/p>\n<\/figcaption>\n        \n    <\/figure><!-- post__image -->\n\n\n\n \n\n<div class=\"photo-grid grid-layout--2col-5 has-spacing--m\">\n\n            \n\n            <div class=\"photo-grid__image\">\n\n                <figure>\n\n                    <img loading=\"lazy\" decoding=\"async\"  \n                        src=\"https:\/\/visualjournalism.de\/wp-content\/uploads\/SergheiDuve_Transnistrien_06-768x512.jpg\" \n                        srcset=\"https:\/\/visualjournalism.de\/wp-content\/uploads\/SergheiDuve_Transnistrien_06-768x512.jpg 768w, https:\/\/visualjournalism.de\/wp-content\/uploads\/SergheiDuve_Transnistrien_06-300x200.jpg 300w, https:\/\/visualjournalism.de\/wp-content\/uploads\/SergheiDuve_Transnistrien_06-1024x682.jpg 1024w, https:\/\/visualjournalism.de\/wp-content\/uploads\/SergheiDuve_Transnistrien_06-1536x1024.jpg 1536w, https:\/\/visualjournalism.de\/wp-content\/uploads\/SergheiDuve_Transnistrien_06-1920x1280.jpg 1920w, https:\/\/visualjournalism.de\/wp-content\/uploads\/SergheiDuve_Transnistrien_06-1400x933.jpg 1400w, https:\/\/visualjournalism.de\/wp-content\/uploads\/SergheiDuve_Transnistrien_06-1050x700.jpg 1050w, https:\/\/visualjournalism.de\/wp-content\/uploads\/SergheiDuve_Transnistrien_06-670x447.jpg 670w, https:\/\/visualjournalism.de\/wp-content\/uploads\/SergheiDuve_Transnistrien_06-420x280.jpg 420w, https:\/\/visualjournalism.de\/wp-content\/uploads\/SergheiDuve_Transnistrien_06-350x233.jpg 350w, https:\/\/visualjournalism.de\/wp-content\/uploads\/SergheiDuve_Transnistrien_06-150x100.jpg 150w, https:\/\/visualjournalism.de\/wp-content\/uploads\/SergheiDuve_Transnistrien_06.jpg 2000w\" \n                        width=\"768\"  \n                        height=\"512\" \n                        alt=\"\"  \n                    \/>\n\n                                            <span class=\"photo-grid__image__title\">Das zerrissene Shirt mit dem Aufdruck CCCR hat mein Opa getragen.<\/span>\n                    \n                                            <figcaption class=\"photo-grid__image__caption--soehne\"><p><strong>Eine W\u00e4scheleine im Keller meiner Oma.<\/strong> Das zerrissene Shirt mit dem Aufdruck CCCR hat Sergheis Gro\u00dfvater getragen, heute nutzt die Oma das T-Shirt zum Putzen.<\/p>\n<\/figcaption>\n                    \n                <\/figure>\n\n            <\/div><!-- photo-grid__image -->    \n\n\n            \n\n                    \n                \n\n            <div class=\"photo-grid__image\">\n\n                <figure>\n\n                    <img loading=\"lazy\" decoding=\"async\"  \n                        src=\"https:\/\/visualjournalism.de\/wp-content\/uploads\/SergheiDuve_Transnistrien_11-768x512.jpg\" \n                        srcset=\"https:\/\/visualjournalism.de\/wp-content\/uploads\/SergheiDuve_Transnistrien_11-768x512.jpg 768w, https:\/\/visualjournalism.de\/wp-content\/uploads\/SergheiDuve_Transnistrien_11-300x200.jpg 300w, https:\/\/visualjournalism.de\/wp-content\/uploads\/SergheiDuve_Transnistrien_11-1024x682.jpg 1024w, https:\/\/visualjournalism.de\/wp-content\/uploads\/SergheiDuve_Transnistrien_11-1536x1024.jpg 1536w, https:\/\/visualjournalism.de\/wp-content\/uploads\/SergheiDuve_Transnistrien_11-1920x1280.jpg 1920w, https:\/\/visualjournalism.de\/wp-content\/uploads\/SergheiDuve_Transnistrien_11-1400x933.jpg 1400w, https:\/\/visualjournalism.de\/wp-content\/uploads\/SergheiDuve_Transnistrien_11-1050x700.jpg 1050w, https:\/\/visualjournalism.de\/wp-content\/uploads\/SergheiDuve_Transnistrien_11-670x447.jpg 670w, https:\/\/visualjournalism.de\/wp-content\/uploads\/SergheiDuve_Transnistrien_11-420x280.jpg 420w, https:\/\/visualjournalism.de\/wp-content\/uploads\/SergheiDuve_Transnistrien_11-350x233.jpg 350w, https:\/\/visualjournalism.de\/wp-content\/uploads\/SergheiDuve_Transnistrien_11-150x100.jpg 150w, https:\/\/visualjournalism.de\/wp-content\/uploads\/SergheiDuve_Transnistrien_11.jpg 2000w\" \n                        width=\"768\"  \n                        height=\"512\" \n                        alt=\"\"  \n                    \/>\n\n                                            <span class=\"photo-grid__image__title\">Meine Oma Tamara in der K\u00fcche ihres Hauses in Tiraspol. Mein Opa ist im April verstorben. Sie bekommt zwar Hilfe von einer Haushaltskraft, lebt sonst aber alleine in dem Haus. Ihre beiden Kinder leben in Deutschland und Irland.<\/span>\n                    \n                                            <figcaption class=\"photo-grid__image__caption--soehne\"><p>Meine Oma Tamara in der K\u00fcche ihres Hauses in Tiraspol. Mein Opa ist im April verstorben. Sie bekommt zwar Hilfe von einer Haushaltskraft, lebt sonst aber alleine in dem Haus. Ihre beiden Kinder leben in Deutschland und Irland.<\/p>\n<\/figcaption>\n                    \n                <\/figure>\n\n            <\/div><!-- photo-grid__image -->    \n\n\n            \n\n            \n<\/div>\n\n    <figure class=\"block-photo post__image--full has-spacing--m with-title\">\n\n        <div class=\"post__image__container\">\n            <img loading=\"lazy\" decoding=\"async\" \n                src=\"https:\/\/visualjournalism.de\/wp-content\/uploads\/SergheiDuve_Transnistrien_12-1400x933.jpg\"\n                srcset=\"https:\/\/visualjournalism.de\/wp-content\/uploads\/SergheiDuve_Transnistrien_12-1400x933.jpg 1400w, https:\/\/visualjournalism.de\/wp-content\/uploads\/SergheiDuve_Transnistrien_12-300x200.jpg 300w, https:\/\/visualjournalism.de\/wp-content\/uploads\/SergheiDuve_Transnistrien_12-1024x682.jpg 1024w, https:\/\/visualjournalism.de\/wp-content\/uploads\/SergheiDuve_Transnistrien_12-768x512.jpg 768w, https:\/\/visualjournalism.de\/wp-content\/uploads\/SergheiDuve_Transnistrien_12-1536x1024.jpg 1536w, https:\/\/visualjournalism.de\/wp-content\/uploads\/SergheiDuve_Transnistrien_12-1920x1280.jpg 1920w, https:\/\/visualjournalism.de\/wp-content\/uploads\/SergheiDuve_Transnistrien_12-1050x700.jpg 1050w, https:\/\/visualjournalism.de\/wp-content\/uploads\/SergheiDuve_Transnistrien_12-670x447.jpg 670w, https:\/\/visualjournalism.de\/wp-content\/uploads\/SergheiDuve_Transnistrien_12-420x280.jpg 420w, https:\/\/visualjournalism.de\/wp-content\/uploads\/SergheiDuve_Transnistrien_12-350x233.jpg 350w, https:\/\/visualjournalism.de\/wp-content\/uploads\/SergheiDuve_Transnistrien_12-150x100.jpg 150w, https:\/\/visualjournalism.de\/wp-content\/uploads\/SergheiDuve_Transnistrien_12.jpg 2000w\"\n                width=\"1400\" \n                height=\"933\"\n                alt=\"Ein kleiner Junge l\u00e4uft durch einen Garten. Dort brennt ein Lagerfeuer.\" \n            \/>\n            \n                            <span class=\"post__image__title\">Jan, der Sohn meiner Gro\u00dfcousine Katja am Feuer im Garten der Gro\u00dfeltern<\/span>\n                    <\/div><!-- post__image__container -->\n\n                    <figcaption class=\"post__image__caption--soehne\"><p>Jan, der Sohn meiner Gro\u00dfcousine Katja am Feuer im Garten der Gro\u00dfeltern<\/p>\n<\/figcaption>\n        \n    <\/figure><!-- post__image -->\n\n\n\n    <figure class=\"block-photo post__image--wide-left has-spacing--m with-title\">\n\n        <div class=\"post__image__container\">\n            <img loading=\"lazy\" decoding=\"async\" \n                src=\"https:\/\/visualjournalism.de\/wp-content\/uploads\/SergheiDuve_Transnistrien_10-1050x700.jpg\"\n                srcset=\"https:\/\/visualjournalism.de\/wp-content\/uploads\/SergheiDuve_Transnistrien_10-1050x700.jpg 1050w, https:\/\/visualjournalism.de\/wp-content\/uploads\/SergheiDuve_Transnistrien_10-300x200.jpg 300w, https:\/\/visualjournalism.de\/wp-content\/uploads\/SergheiDuve_Transnistrien_10-1024x682.jpg 1024w, https:\/\/visualjournalism.de\/wp-content\/uploads\/SergheiDuve_Transnistrien_10-768x512.jpg 768w, https:\/\/visualjournalism.de\/wp-content\/uploads\/SergheiDuve_Transnistrien_10-1536x1024.jpg 1536w, https:\/\/visualjournalism.de\/wp-content\/uploads\/SergheiDuve_Transnistrien_10-1920x1280.jpg 1920w, https:\/\/visualjournalism.de\/wp-content\/uploads\/SergheiDuve_Transnistrien_10-1400x933.jpg 1400w, https:\/\/visualjournalism.de\/wp-content\/uploads\/SergheiDuve_Transnistrien_10-670x447.jpg 670w, https:\/\/visualjournalism.de\/wp-content\/uploads\/SergheiDuve_Transnistrien_10-420x280.jpg 420w, https:\/\/visualjournalism.de\/wp-content\/uploads\/SergheiDuve_Transnistrien_10-350x233.jpg 350w, https:\/\/visualjournalism.de\/wp-content\/uploads\/SergheiDuve_Transnistrien_10-150x100.jpg 150w, https:\/\/visualjournalism.de\/wp-content\/uploads\/SergheiDuve_Transnistrien_10.jpg 2000w\"\n                width=\"1050\" \n                height=\"700\"\n                alt=\"Ein Grab auf einem l\u00e4ndlichen Friedhof ist mit einem Kranz und Plastikblumen geschm\u00fcckt. Vor dem Grab liegen rote Blumen und zwei Gl\u00e4ser. Die Umgebung ist wild und \u00fcberwuchert, was eine ruhige und abgelegene Atmosph\u00e4re schafft. \" \n            \/>\n            \n                            <span class=\"post__image__title\">Das Grab meines Opas Serghei Nikolajewitsch Duve<\/span>\n                    <\/div><!-- post__image__container -->\n\n                    <figcaption class=\"post__image__caption--soehne\"><p>Das Grab meines Opas Serghei Nikolajewitsch Duve<\/p>\n<\/figcaption>\n        \n    <\/figure><!-- post__image -->\n\n\n\n \n\n<div class=\"photo-grid grid-layout--2col-5 has-spacing--m\">\n\n            \n\n            <div class=\"photo-grid__image\">\n\n                <figure>\n\n                    <img loading=\"lazy\" decoding=\"async\"  \n                        src=\"https:\/\/visualjournalism.de\/wp-content\/uploads\/SergheiDuve_Transnistrien_15-768x512.jpg\" \n                        srcset=\"https:\/\/visualjournalism.de\/wp-content\/uploads\/SergheiDuve_Transnistrien_15-768x512.jpg 768w, https:\/\/visualjournalism.de\/wp-content\/uploads\/SergheiDuve_Transnistrien_15-300x200.jpg 300w, https:\/\/visualjournalism.de\/wp-content\/uploads\/SergheiDuve_Transnistrien_15-1024x682.jpg 1024w, https:\/\/visualjournalism.de\/wp-content\/uploads\/SergheiDuve_Transnistrien_15-1536x1024.jpg 1536w, https:\/\/visualjournalism.de\/wp-content\/uploads\/SergheiDuve_Transnistrien_15-1920x1280.jpg 1920w, https:\/\/visualjournalism.de\/wp-content\/uploads\/SergheiDuve_Transnistrien_15-1400x933.jpg 1400w, https:\/\/visualjournalism.de\/wp-content\/uploads\/SergheiDuve_Transnistrien_15-1050x700.jpg 1050w, https:\/\/visualjournalism.de\/wp-content\/uploads\/SergheiDuve_Transnistrien_15-670x447.jpg 670w, https:\/\/visualjournalism.de\/wp-content\/uploads\/SergheiDuve_Transnistrien_15-420x280.jpg 420w, https:\/\/visualjournalism.de\/wp-content\/uploads\/SergheiDuve_Transnistrien_15-350x233.jpg 350w, https:\/\/visualjournalism.de\/wp-content\/uploads\/SergheiDuve_Transnistrien_15-150x100.jpg 150w, https:\/\/visualjournalism.de\/wp-content\/uploads\/SergheiDuve_Transnistrien_15.jpg 2000w\" \n                        width=\"768\"  \n                        height=\"512\" \n                        alt=\"\"  \n                    \/>\n\n                                            <span class=\"photo-grid__image__title\">Mein Gro\u00dfcousin Ivan und seine Ex-Freundin Nastya.<\/span>\n                    \n                                            <figcaption class=\"photo-grid__image__caption--soehne\"><p>Mein Gro\u00dfcousin Ivan und seine Ex-Freundin Nastya.<\/p>\n<\/figcaption>\n                    \n                <\/figure>\n\n            <\/div><!-- photo-grid__image -->    \n\n\n            \n\n                    \n                \n\n            <div class=\"photo-grid__image\">\n\n                <figure>\n\n                    <img loading=\"lazy\" decoding=\"async\"  \n                        src=\"https:\/\/visualjournalism.de\/wp-content\/uploads\/SergheiDuve_Transnistrien_16-768x512.jpg\" \n                        srcset=\"https:\/\/visualjournalism.de\/wp-content\/uploads\/SergheiDuve_Transnistrien_16-768x512.jpg 768w, https:\/\/visualjournalism.de\/wp-content\/uploads\/SergheiDuve_Transnistrien_16-300x200.jpg 300w, https:\/\/visualjournalism.de\/wp-content\/uploads\/SergheiDuve_Transnistrien_16-1024x682.jpg 1024w, https:\/\/visualjournalism.de\/wp-content\/uploads\/SergheiDuve_Transnistrien_16-1536x1024.jpg 1536w, https:\/\/visualjournalism.de\/wp-content\/uploads\/SergheiDuve_Transnistrien_16-1920x1280.jpg 1920w, https:\/\/visualjournalism.de\/wp-content\/uploads\/SergheiDuve_Transnistrien_16-1400x933.jpg 1400w, https:\/\/visualjournalism.de\/wp-content\/uploads\/SergheiDuve_Transnistrien_16-1050x700.jpg 1050w, https:\/\/visualjournalism.de\/wp-content\/uploads\/SergheiDuve_Transnistrien_16-670x447.jpg 670w, https:\/\/visualjournalism.de\/wp-content\/uploads\/SergheiDuve_Transnistrien_16-420x280.jpg 420w, https:\/\/visualjournalism.de\/wp-content\/uploads\/SergheiDuve_Transnistrien_16-350x233.jpg 350w, https:\/\/visualjournalism.de\/wp-content\/uploads\/SergheiDuve_Transnistrien_16-150x100.jpg 150w, https:\/\/visualjournalism.de\/wp-content\/uploads\/SergheiDuve_Transnistrien_16.jpg 2000w\" \n                        width=\"768\"  \n                        height=\"512\" \n                        alt=\"\"  \n                    \/>\n\n                                            <span class=\"photo-grid__image__title\">Raucherpause auf dem Weg zu einem Ort, wo die Freundesgruppe ungest\u00f6rt Alkohol trinken kann. Der \u00f6ffentliche Konsum ist in Transnistrien nicht erlaubt.<\/span>\n                    \n                                            <figcaption class=\"photo-grid__image__caption--soehne\"><p>Raucherpause auf dem Weg zu einem Ort, wo die Freundesgruppe ungest\u00f6rt Alkohol trinken kann. Der \u00f6ffentliche Konsum ist in Transnistrien nicht erlaubt.<\/p>\n<\/figcaption>\n                    \n                <\/figure>\n\n            <\/div><!-- photo-grid__image -->    \n\n\n            \n\n            \n<\/div>\n\n    <figure class=\"block-photo post__image--wide-right has-spacing--m with-title\">\n\n        <div class=\"post__image__container\">\n            <img loading=\"lazy\" decoding=\"async\" \n                src=\"https:\/\/visualjournalism.de\/wp-content\/uploads\/SergheiDuve_Transnistrien_13-1050x700.jpg\"\n                srcset=\"https:\/\/visualjournalism.de\/wp-content\/uploads\/SergheiDuve_Transnistrien_13-1050x700.jpg 1050w, https:\/\/visualjournalism.de\/wp-content\/uploads\/SergheiDuve_Transnistrien_13-300x200.jpg 300w, https:\/\/visualjournalism.de\/wp-content\/uploads\/SergheiDuve_Transnistrien_13-1024x682.jpg 1024w, https:\/\/visualjournalism.de\/wp-content\/uploads\/SergheiDuve_Transnistrien_13-768x512.jpg 768w, https:\/\/visualjournalism.de\/wp-content\/uploads\/SergheiDuve_Transnistrien_13-1536x1024.jpg 1536w, https:\/\/visualjournalism.de\/wp-content\/uploads\/SergheiDuve_Transnistrien_13-1920x1280.jpg 1920w, https:\/\/visualjournalism.de\/wp-content\/uploads\/SergheiDuve_Transnistrien_13-1400x933.jpg 1400w, https:\/\/visualjournalism.de\/wp-content\/uploads\/SergheiDuve_Transnistrien_13-670x447.jpg 670w, https:\/\/visualjournalism.de\/wp-content\/uploads\/SergheiDuve_Transnistrien_13-420x280.jpg 420w, https:\/\/visualjournalism.de\/wp-content\/uploads\/SergheiDuve_Transnistrien_13-350x233.jpg 350w, https:\/\/visualjournalism.de\/wp-content\/uploads\/SergheiDuve_Transnistrien_13-150x100.jpg 150w, https:\/\/visualjournalism.de\/wp-content\/uploads\/SergheiDuve_Transnistrien_13.jpg 2000w\"\n                width=\"1050\" \n                height=\"700\"\n                alt=\"\" \n            \/>\n            \n                            <span class=\"post__image__title\">Mein Vater unterh\u00e4lt sich am Abend mit seiner Mutter.<\/span>\n                    <\/div><!-- post__image__container -->\n\n                    <figcaption class=\"post__image__caption--soehne\"><p>Mein Vater unterh\u00e4lt sich am Abend mit seiner Mutter.<\/p>\n<\/figcaption>\n        \n    <\/figure><!-- post__image -->\n\n\n\n\n<div class=\"devider has-spacing--none\">\n    <hr>\n<\/div>\n\n\n \n    \n    <div id=\"quote-block_ee13dabb3a4a730fe226e8f8f4bb5c46\" class=\"block-quote has-spacing--m\">\n        <figure class=\"quote\">\n            <blockquote>\n                <p><strong>Es geht um ein Heimatgef\u00fchl<\/strong> \u2013 aber das ist ja nicht echt und in der Retrospektive auch vielleicht viel sch\u00f6ner, als es eigentlich war.<\/p>\n            <\/blockquote>\n\n            <figcaption>\n\n                            <img loading=\"lazy\" decoding=\"async\" class=\"portrait--inline\" src=\"https:\/\/visualjournalism.de\/wp-content\/uploads\/Serghei-Duve-thumb2-52x52.jpg\" width=\"52\" height=\"52\" alt=\"\" \/>\n                            <span>Serghei Duve<\/span>\n            <\/figcaption>\n            \n        <\/figure>\n    <\/div>\n\n\n\n    <figure class=\"block-photo post__image--wide-left has-spacing--m with-title\">\n\n        <div class=\"post__image__container\">\n            <img loading=\"lazy\" decoding=\"async\" \n                src=\"https:\/\/visualjournalism.de\/wp-content\/uploads\/SergheiDuve_Transnistrien_18-1050x700.jpg\"\n                srcset=\"https:\/\/visualjournalism.de\/wp-content\/uploads\/SergheiDuve_Transnistrien_18-1050x700.jpg 1050w, https:\/\/visualjournalism.de\/wp-content\/uploads\/SergheiDuve_Transnistrien_18-300x200.jpg 300w, https:\/\/visualjournalism.de\/wp-content\/uploads\/SergheiDuve_Transnistrien_18-1024x682.jpg 1024w, https:\/\/visualjournalism.de\/wp-content\/uploads\/SergheiDuve_Transnistrien_18-768x512.jpg 768w, https:\/\/visualjournalism.de\/wp-content\/uploads\/SergheiDuve_Transnistrien_18-1536x1024.jpg 1536w, https:\/\/visualjournalism.de\/wp-content\/uploads\/SergheiDuve_Transnistrien_18-1920x1280.jpg 1920w, https:\/\/visualjournalism.de\/wp-content\/uploads\/SergheiDuve_Transnistrien_18-1400x933.jpg 1400w, https:\/\/visualjournalism.de\/wp-content\/uploads\/SergheiDuve_Transnistrien_18-670x447.jpg 670w, https:\/\/visualjournalism.de\/wp-content\/uploads\/SergheiDuve_Transnistrien_18-420x280.jpg 420w, https:\/\/visualjournalism.de\/wp-content\/uploads\/SergheiDuve_Transnistrien_18-350x233.jpg 350w, https:\/\/visualjournalism.de\/wp-content\/uploads\/SergheiDuve_Transnistrien_18-150x100.jpg 150w, https:\/\/visualjournalism.de\/wp-content\/uploads\/SergheiDuve_Transnistrien_18.jpg 2000w\"\n                width=\"1050\" \n                height=\"700\"\n                alt=\"\" \n            \/>\n            \n                            <span class=\"post__image__title\">Schiff auf dem Dnestr, dem Fluss der der Republik ihren Namen gibt.<\/span>\n                    <\/div><!-- post__image__container -->\n\n                    <figcaption class=\"post__image__caption--soehne\"><p>Schiff auf dem Dnestr, dem Fluss der der Republik ihren Namen gibt.<\/p>\n<\/figcaption>\n        \n    <\/figure><!-- post__image -->\n\n\n\n\n<div class=\"wp-block-group has-color-14-background-color has-background has-spacing--default\">\n<div class=\"pinned-block has-spacing--m\">\n\t\n\n<div class=\"pinned-block__column--left\">\n    \n\n \n    \n    <div id=\"quote-block_160114fbcf6124e3ea8d16a24de9ca13\" class=\"block-quote has-spacing--xs\">\n        <figure class=\"quote\">\n            <blockquote>\n                <p><strong>Transnistrien ist ein De-Facto-Staat<\/strong>, der sich zu Beginn der 1990er Jahre in einem milit\u00e4rischen Konflikt von der heutigen Republik Moldau abspaltete.<\/p>\n            <\/blockquote>\n\n            <figcaption>\n\n                            <span><\/span>\n            <\/figcaption>\n            \n        <\/figure>\n    <\/div>\n\n\n\n\n<p class=\"post__paragraph is-style-default has-spacing--s\">F\u00fcnf Fragen an Sabine von L\u00f6wis, Leiterin des Forschungsschwerpunkts \u00abKonfliktdynamiken und Grenzregionen\u00bb am <a href=\"https:\/\/www.zois-berlin.de\/\">Zentrum f\u00fcr Osteuropa und internationale Studien (ZOiS)<\/a> in Berlin<\/p>\n\n\n    <figure class=\"block-photo post__image--full has-spacing--m with-title\">\n\n        <div class=\"post__image__container\">\n            <img loading=\"lazy\" decoding=\"async\" \n                src=\"https:\/\/visualjournalism.de\/wp-content\/uploads\/Prof.S.v.Loewis_ZOiSBerlin-1400x940.jpg\"\n                srcset=\"https:\/\/visualjournalism.de\/wp-content\/uploads\/Prof.S.v.Loewis_ZOiSBerlin-1400x940.jpg 1400w, https:\/\/visualjournalism.de\/wp-content\/uploads\/Prof.S.v.Loewis_ZOiSBerlin-300x201.jpg 300w, https:\/\/visualjournalism.de\/wp-content\/uploads\/Prof.S.v.Loewis_ZOiSBerlin-1024x688.jpg 1024w, https:\/\/visualjournalism.de\/wp-content\/uploads\/Prof.S.v.Loewis_ZOiSBerlin-768x516.jpg 768w, https:\/\/visualjournalism.de\/wp-content\/uploads\/Prof.S.v.Loewis_ZOiSBerlin-1536x1031.jpg 1536w, https:\/\/visualjournalism.de\/wp-content\/uploads\/Prof.S.v.Loewis_ZOiSBerlin-2048x1375.jpg 2048w, https:\/\/visualjournalism.de\/wp-content\/uploads\/Prof.S.v.Loewis_ZOiSBerlin-1920x1289.jpg 1920w, https:\/\/visualjournalism.de\/wp-content\/uploads\/Prof.S.v.Loewis_ZOiSBerlin-1050x705.jpg 1050w, https:\/\/visualjournalism.de\/wp-content\/uploads\/Prof.S.v.Loewis_ZOiSBerlin-670x450.jpg 670w, https:\/\/visualjournalism.de\/wp-content\/uploads\/Prof.S.v.Loewis_ZOiSBerlin-420x282.jpg 420w, https:\/\/visualjournalism.de\/wp-content\/uploads\/Prof.S.v.Loewis_ZOiSBerlin-350x235.jpg 350w, https:\/\/visualjournalism.de\/wp-content\/uploads\/Prof.S.v.Loewis_ZOiSBerlin-150x101.jpg 150w\"\n                width=\"1400\" \n                height=\"940\"\n                alt=\"\" \n            \/>\n            \n                            <span class=\"post__image__title\">\u00a9Annette Riedl<\/span>\n                    <\/div><!-- post__image__container -->\n\n        \n    <\/figure><!-- post__image -->\n\n\n\n<\/div>\n\n\n<div class=\"pinned-block__column--right\">\n    \n\n<p class=\"post__paragraph is-style-typo--soehne has-spacing--default\"><strong>Frau von L\u00f6wis, wie l\u00e4sst sich die aktuelle politische Situation Transnistriens beschreiben?<\/strong><\/p>\n\n\n\n<p class=\"post__paragraph has-spacing--s\">Transnistrien ist ein De-Facto-Staat, der sich zu Beginn der 1990er Jahre in einem milit\u00e4rischen Konflikt von der heutigen Republik Moldau abspaltete. Transnistrien ist international nicht anerkannt und kann keine Beziehungen eingehen. Intern ist der Quasi-Staat organisiert wie anerkannte Staaten. Er hat einen gew\u00e4hlten Pr\u00e4sidenten, ein Parlament, Ministerien und eine Verwaltung.<br><br>Die Regierung wird indirekt von zwei Oligarchen der sogenannten Sheriff-Gruppe dominiert. Diese Gruppe hat seit Beginn der 1990er Jahre gro\u00dfe Teile der transnistrischen Wirtschaft \u00fcbernommen und kontrolliert das wirtschaftliche Geschehen in der Region.<br><br>Seit Jahren verhandeln Transnistrien und die Republik Moldau unter Beteiligung der OSZE, der EU, Russlands, der Ukraine und der USA \u00fcber eine L\u00f6sung ihres Konflikts. Ziel ist, eine Reintegration der Region Transnistrien in die Republik Moldau zu erreichen. Die Verhandlungen ruhen derzeit \u2013 Russland und die Ukraine sind aktuell nicht an einen Tisch zu bringen.&nbsp;<\/p>\n\n\n\n<p class=\"post__paragraph is-style-typo--soehne has-spacing--default\"><strong>Warum wandern so viele Transnistrier*innen aus?<\/strong><\/p>\n\n\n\n<p class=\"post__paragraph has-spacing--default\">Viele Bewohner*innen Transnistriens wandern zumindest zeitweise ab, weil die wirtschaftliche Lage problematisch ist. Die Geh\u00e4lter sind niedrig und reichen kaum zum Leben. Auch wenn die Lebenshaltungskosten durch indirekt subventionierte Gaspreise insgesamt niedrig sind: Die Zukunftsperspektiven der Menschen sind nicht sehr rosig. Eigenst\u00e4ndige T\u00e4tigkeit ist schwierig, da die wirtschaftliche Entwicklung \u00fcberwiegend von der Sheriff-Gruppe kontrolliert wird.<\/p>\n\n\n\n<p class=\"post__paragraph has-spacing--s\">Der russische Angriffskrieg in der <a href=\"https:\/\/visualjournalism.de\/magazin\/ideale\/bomben-verandern-ideale\/\">Ukraine<\/a> und die damit ver\u00e4nderte Situation in Transnistrien erschwert die Lage noch zus\u00e4tzlich, da die Grenze zur Ukraine geschlossen wurde. \u00dcber diese Grenze hat viel Handel \u2013 auch informeller Handel \u2013 stattgefunden. Jetzt sieht es anders aus.\u00a0<br>Weiterhin lebt Transnistrien von der Bereitstellung von Energie f\u00fcr die Republik Moldau. Moldau macht sich jedoch Schritt f\u00fcr Schritt von der Energieabh\u00e4ngigkeit der transnistrischen Region und von Russland frei.\u00a0<br><br>Zudem haben vermutlich viele Sorge, dass der Krieg in der Ukraine auch auf Moldau \u00fcbergreift; jedenfalls wurde diese Angst gelegentlich durch politische \u00c4u\u00dferungen und auch Explosionen in Transnistrien gesch\u00fcrt.<\/p>\n\n\n\n<p class=\"post__paragraph is-style-typo--soehne has-spacing--default\"><strong>Welche kulturellen und politischen Faktoren beeinflussen die Identit\u00e4t junger Menschen in Transnistrien?<\/strong><\/p>\n\n\n\n<p class=\"post__paragraph has-spacing--s\">Transnistrien ist offiziell dreisprachig \u2013 Rum\u00e4nisch, Russisch und Ukrainisch. In der Praxis dominiert Russisch, was auch die Identit\u00e4tsbildung durch Medienkonsum beeinflusst.<br><br>Transnistrien ist in vielerlei Hinsicht von Russland abh\u00e4ngig, das durch kostenlose Gaslieferungen, universit\u00e4re Abkommen sowie politische und milit\u00e4rische Unterst\u00fctzung pr\u00e4sent ist.<br><br>Eine ZOiS-Umfrage 2020 ergab, dass 85\u202f% der Transnistrier*innen zu Hause Russisch, 11,6\u202f% Rum\u00e4nisch und 2,1\u202f% Ukrainisch sprechen. Bei der Muttersprache waren die Zahlen \u00e4hnlich.<br><br>Sprache ist jedoch nicht das alleinige Merkmal der Identit\u00e4t. Bei der Nationalit\u00e4t gaben 23,5\u202f% moldauisch, 31,8\u202f% ukrainisch und 34,6\u202f% russisch an. Bei der Staatsangeh\u00f6rigkeit f\u00fchlten sich 64\u202f% als B\u00fcrger*innen Transnistriens, 14,2\u202f% als Moldauer und 15,7\u202f% als Russen. Die junge Generation wurde bereits im Gebilde des De-Facto-Staats geboren und auch in Schule und Studium identit\u00e4r gepr\u00e4gt.&nbsp;<\/p>\n\n\n\n<p class=\"post__paragraph is-style-typo--soehne has-spacing--default\"><strong>Welche Auswirkungen hat der Angriffskrieg von Russland auf die Ukraine auf die Bev\u00f6lkerung?<\/strong><\/p>\n\n\n\n<p class=\"post__paragraph has-spacing--s\">Der russische Angriffskrieg auf die Ukraine verschlechtert die \u00f6konomische Situation f\u00fcr Transnistrien. Es besteht die Sorge, dass der Krieg auch Transnistrien und Moldau erreicht.<br><br>Das Haushaltsbudget des De-Facto-Staates schrumpft. Wenn langfristig vielleicht die kostenlosen Gaslieferungen aus Russland abgestellt werden, wird die Lage f\u00fcr die Menschen noch problematischer.<br><br>Ein kleiner Teil der Gefl\u00fcchteten aus der Ukraine siedelt sich zudem auch in Transnistrien an. Diese werden aber nicht finanziell unterst\u00fctzt, sondern erhalten Zuwendungen von internationalen Gebern.<\/p>\n\n\n\n<p class=\"post__paragraph is-style-typo--soehne has-spacing--default\"><strong>Mit welchen Herausforderungen werden junge Menschen in Transnistrien in den kommenden Jahren konfrontiert?<\/strong><\/p>\n\n\n\n<p class=\"post__paragraph has-spacing--none\">Etliche verschiedene. Zum einen stellt sich die Frage, welche beruflichen Perspektiven junge Menschen in Transnistrien haben, welche Ausbildungschancen. Die derzeitige \u00f6konomische Entwicklung der Region scheint wenig aussichtsreich. Grunds\u00e4tzlich k\u00f6nnen Transnistrier*innen in Moldau und anderswo studieren. Finanziell ist dies aber sicher herausfordernd.<br><br>Gesellschaftlich ist Transnistrien durch ein repressives System gepr\u00e4gt, das hei\u00dft <a href=\"https:\/\/visualjournalism.de\/magazin\/auf-den-spuren-von\/cruising-ab-in-die-buesche\/\" target=\"_blank\" rel=\"noreferrer noopener\">LGBTQI+-Gemeinschaften<\/a> werden nicht unterst\u00fctzt, sondern unterdr\u00fcckt.<\/p>\n\n\n<\/div>\n<\/div><\/div>\n\n\n\n<div class=\"wp-block-group has-spacing--default has-spacing--default\">\n<div class=\"devider has-spacing--none\">\n    <hr>\n<\/div>\n\n\n \n\n    <div id=\"lead-in-block_57a776f2376f8d361efe0953039f1340\" class=\"block-lead-in typo--default font-size--xl has-spacing--s width--default\">\n        <p><strong>Empfehlungen der Redaktion:<\/strong><\/p>\n    <\/div>\n\n\n\n\r\n\r\n\r\n\n\n\r\n\r\n\r\n\r\n        <div class=\"teaser-grid grid-layout--3col has-spacing--s width--inline\">\r\n\r\n            \r\n                <article class=\"post-teaser\">\r\n\r\n                    <a href=\"https:\/\/visualjournalism.de\/en\/magazine\/ratgeber\/hannover-deshalb-lohnt-sich-ein-studium-hier\/\" rel=\"permalink\">\r\n\r\n                        <div class=\"post-teaser__content\">\r\n\r\n                            <span class=\"entry-categories\">Ratgeber<\/span>\r\n                            <h3 class=\"post-teaser__headline\">\r\n                                Hannover aufregend unaufgeregt.                            <\/h3>\r\n\r\n                            <div class=\"post-teaser__excerpt\">\r\n                                <p>In diesem Kommentar erf\u00e4hrst du, warum sich ein Studium in Hannover f\u00fcr dich lohnt und wie der beste Start in Niedersachsens Landeshauptstadt gelingen kann.<\/p>\r\n                            <\/div>\r\n\r\n                        <\/div><!-- .post-teaser__content -->\r\n\r\n\r\n                        \r\n                            <figure class=\"post-teaser__image\">\r\n                                <img loading=\"lazy\" decoding=\"async\"  \r\n                                    src=\"https:\/\/visualjournalism.de\/wp-content\/uploads\/2025\/02\/hannover_unaufgeregt_aufgeregt-2-768x491.jpg\" \r\n                                    srcset=\"https:\/\/visualjournalism.de\/wp-content\/uploads\/2025\/02\/hannover_unaufgeregt_aufgeregt-2-768x491.jpg 768w, https:\/\/visualjournalism.de\/wp-content\/uploads\/2025\/02\/hannover_unaufgeregt_aufgeregt-2-300x192.jpg 300w, https:\/\/visualjournalism.de\/wp-content\/uploads\/2025\/02\/hannover_unaufgeregt_aufgeregt-2-1024x655.jpg 1024w, https:\/\/visualjournalism.de\/wp-content\/uploads\/2025\/02\/hannover_unaufgeregt_aufgeregt-2-1536x982.jpg 1536w, https:\/\/visualjournalism.de\/wp-content\/uploads\/2025\/02\/hannover_unaufgeregt_aufgeregt-2-2048x1310.jpg 2048w, https:\/\/visualjournalism.de\/wp-content\/uploads\/2025\/02\/hannover_unaufgeregt_aufgeregt-2-1920x1228.jpg 1920w, https:\/\/visualjournalism.de\/wp-content\/uploads\/2025\/02\/hannover_unaufgeregt_aufgeregt-2-1400x895.jpg 1400w, https:\/\/visualjournalism.de\/wp-content\/uploads\/2025\/02\/hannover_unaufgeregt_aufgeregt-2-1050x671.jpg 1050w, https:\/\/visualjournalism.de\/wp-content\/uploads\/2025\/02\/hannover_unaufgeregt_aufgeregt-2-670x428.jpg 670w, https:\/\/visualjournalism.de\/wp-content\/uploads\/2025\/02\/hannover_unaufgeregt_aufgeregt-2-420x269.jpg 420w, https:\/\/visualjournalism.de\/wp-content\/uploads\/2025\/02\/hannover_unaufgeregt_aufgeregt-2-350x224.jpg 350w, https:\/\/visualjournalism.de\/wp-content\/uploads\/2025\/02\/hannover_unaufgeregt_aufgeregt-2-150x96.jpg 150w\" \r\n                                    width=\"768\"  \r\n                                    height=\"491\" \r\n                                    alt=\"\"\r\n                                \/>\r\n                            <\/figure>\r\n\r\n                        \r\n                    \r\n                    <\/a>\r\n\r\n                <\/article><!--- .post-teaser-->\r\n\r\n            \r\n                <article class=\"post-teaser\">\r\n\r\n                    <a href=\"https:\/\/visualjournalism.de\/en\/magazine\/ratgeber\/die-sache-mit-der-motivation\/\" rel=\"permalink\">\r\n\r\n                        <div class=\"post-teaser__content\">\r\n\r\n                            <span class=\"entry-categories\">Ratgeber<\/span>\r\n                            <h3 class=\"post-teaser__headline\">\r\n                                Die Sache mit der Motivation.                            <\/h3>\r\n\r\n                            <div class=\"post-teaser__excerpt\">\r\n                                <p>Auch wenn man seine Leidenschaft zum Beruf macht, wird einem die Motivation ab und an den R\u00fccken kehren. Wenn die Freude zur Qual wird und wie wir uns die Lust an der Arbeit zur\u00fcck erobern!<\/p>\r\n                            <\/div>\r\n\r\n                        <\/div><!-- .post-teaser__content -->\r\n\r\n\r\n                        \r\n                            <figure class=\"post-teaser__image\">\r\n                                <img loading=\"lazy\" decoding=\"async\"  \r\n                                    src=\"https:\/\/visualjournalism.de\/wp-content\/uploads\/2025\/12\/Max-Schlag_Carlotta-Steinkamp-768x512.jpeg\" \r\n                                    srcset=\"https:\/\/visualjournalism.de\/wp-content\/uploads\/2025\/12\/Max-Schlag_Carlotta-Steinkamp-768x512.jpeg 768w, https:\/\/visualjournalism.de\/wp-content\/uploads\/2025\/12\/Max-Schlag_Carlotta-Steinkamp-300x200.jpeg 300w, https:\/\/visualjournalism.de\/wp-content\/uploads\/2025\/12\/Max-Schlag_Carlotta-Steinkamp-1024x683.jpeg 1024w, https:\/\/visualjournalism.de\/wp-content\/uploads\/2025\/12\/Max-Schlag_Carlotta-Steinkamp-1536x1024.jpeg 1536w, https:\/\/visualjournalism.de\/wp-content\/uploads\/2025\/12\/Max-Schlag_Carlotta-Steinkamp-1920x1280.jpeg 1920w, https:\/\/visualjournalism.de\/wp-content\/uploads\/2025\/12\/Max-Schlag_Carlotta-Steinkamp-1400x933.jpeg 1400w, https:\/\/visualjournalism.de\/wp-content\/uploads\/2025\/12\/Max-Schlag_Carlotta-Steinkamp-1050x700.jpeg 1050w, https:\/\/visualjournalism.de\/wp-content\/uploads\/2025\/12\/Max-Schlag_Carlotta-Steinkamp-670x447.jpeg 670w, https:\/\/visualjournalism.de\/wp-content\/uploads\/2025\/12\/Max-Schlag_Carlotta-Steinkamp-420x280.jpeg 420w, https:\/\/visualjournalism.de\/wp-content\/uploads\/2025\/12\/Max-Schlag_Carlotta-Steinkamp-350x233.jpeg 350w, https:\/\/visualjournalism.de\/wp-content\/uploads\/2025\/12\/Max-Schlag_Carlotta-Steinkamp-150x100.jpeg 150w, https:\/\/visualjournalism.de\/wp-content\/uploads\/2025\/12\/Max-Schlag_Carlotta-Steinkamp.jpeg 2048w\" \r\n                                    width=\"768\"  \r\n                                    height=\"512\" \r\n                                    alt=\"\"\r\n                                \/>\r\n                            <\/figure>\r\n\r\n                        \r\n                    \r\n                    <\/a>\r\n\r\n                <\/article><!--- .post-teaser-->\r\n\r\n            \r\n                <article class=\"post-teaser\">\r\n\r\n                    <a href=\"https:\/\/visualjournalism.de\/en\/magazine\/sammeln\/kugelschreiber-geschichten-zwischen-budapest-und-brockel\/\" rel=\"permalink\">\r\n\r\n                        <div class=\"post-teaser__content\">\r\n\r\n                            <span class=\"entry-categories\">Sammeln<\/span>\r\n                            <h3 class=\"post-teaser__headline\">\r\n                                Der K\u00f6nig der Kulis                            <\/h3>\r\n\r\n                            <div class=\"post-teaser__excerpt\">\r\n                                <p>Klack-Kulis, Sondereditionen, Werbegeschenke: Heinz-Hermann hat sie alle. \u00dcber 200.000 Kugelschreiber finden in seiner Sammlung Platz. Eine Geschichte des Kulis \u2013 von Budapest bis Brockel.<\/p>\r\n                            <\/div>\r\n\r\n                        <\/div><!-- .post-teaser__content -->\r\n\r\n\r\n                        \r\n                            <figure class=\"post-teaser__image\">\r\n                                <img loading=\"lazy\" decoding=\"async\"  \r\n                                    src=\"https:\/\/visualjournalism.de\/wp-content\/uploads\/Sammeln-4_Inga-Kloeber-768x512.jpg\" \r\n                                    srcset=\"https:\/\/visualjournalism.de\/wp-content\/uploads\/Sammeln-4_Inga-Kloeber-768x512.jpg 768w, https:\/\/visualjournalism.de\/wp-content\/uploads\/Sammeln-4_Inga-Kloeber-300x200.jpg 300w, https:\/\/visualjournalism.de\/wp-content\/uploads\/Sammeln-4_Inga-Kloeber-1024x682.jpg 1024w, https:\/\/visualjournalism.de\/wp-content\/uploads\/Sammeln-4_Inga-Kloeber-1536x1024.jpg 1536w, https:\/\/visualjournalism.de\/wp-content\/uploads\/Sammeln-4_Inga-Kloeber-1920x1280.jpg 1920w, https:\/\/visualjournalism.de\/wp-content\/uploads\/Sammeln-4_Inga-Kloeber-1400x933.jpg 1400w, https:\/\/visualjournalism.de\/wp-content\/uploads\/Sammeln-4_Inga-Kloeber-1050x700.jpg 1050w, https:\/\/visualjournalism.de\/wp-content\/uploads\/Sammeln-4_Inga-Kloeber-670x447.jpg 670w, https:\/\/visualjournalism.de\/wp-content\/uploads\/Sammeln-4_Inga-Kloeber-420x280.jpg 420w, https:\/\/visualjournalism.de\/wp-content\/uploads\/Sammeln-4_Inga-Kloeber-350x233.jpg 350w, https:\/\/visualjournalism.de\/wp-content\/uploads\/Sammeln-4_Inga-Kloeber-150x100.jpg 150w, https:\/\/visualjournalism.de\/wp-content\/uploads\/Sammeln-4_Inga-Kloeber.jpg 2000w\" \r\n                                    width=\"768\"  \r\n                                    height=\"512\" \r\n                                    alt=\"Nahaufnahme eines mehrst\u00f6ckigen Regals in dem sich bunte Kisten befinden. Diese sind bis obenhin mit Kugelschreibern gef\u00fcllt.\"\r\n                                \/>\r\n                            <\/figure>\r\n\r\n                        \r\n                    \r\n                    <\/a>\r\n\r\n                <\/article><!--- .post-teaser-->\r\n\r\n            \r\n        <\/div><!-- .teaser-grid -->\r\n\r\n\n\n\r\n\r\n\r\n\n\n\n    <div class=\"btn-wrapper has-spacing--m\">\n        <a class=\"btn\" href=\"https:\/\/visualjournalism.de\/magazin\/\" target=\"_blank\">ZUR MAGAZIN-STARTSEITE<\/a>\n    <\/div>\n<\/div>\n","protected":false},"author":11,"featured_media":40528,"template":"","tags":[],"magazinkategorie":[187],"class_list":["post-45077","magazin","type-magazin","status-publish","has-post-thumbnail","hentry","magazinkategorie-auf-den-spuren-von"],"acf":[],"yoast_head":"<!-- This site is optimized with the Yoast SEO Premium plugin v27.3 (Yoast SEO v27.3) - https:\/\/yoast.com\/product\/yoast-seo-premium-wordpress\/ -->\n<title>\u00abF\u00fcr die Einheimischen ist Transnistrien real\u00bb &#8211; Visual Journalism and Documentary Photography<\/title>\n<meta name=\"robots\" content=\"index, follow, max-snippet:-1, max-image-preview:large, max-video-preview:-1\" \/>\n<link rel=\"canonical\" href=\"https:\/\/visualjournalism.de\/en\/magazine\/auf-den-spuren-von\/fuer-die-einheimischen-ist-transnistrien-real\/\" \/>\n<meta property=\"og:locale\" content=\"en_US\" \/>\n<meta property=\"og:type\" content=\"article\" \/>\n<meta property=\"og:title\" content=\"\u00abF\u00fcr die Einheimischen ist Transnistrien real\u00bb\" \/>\n<meta property=\"og:url\" content=\"https:\/\/visualjournalism.de\/en\/magazine\/auf-den-spuren-von\/fuer-die-einheimischen-ist-transnistrien-real\/\" \/>\n<meta property=\"og:site_name\" content=\"Visual Journalism and Documentary Photography\" \/>\n<meta property=\"article:publisher\" content=\"https:\/\/www.facebook.com\/people\/wwwfotostudentende\/100065173703897\/\" \/>\n<meta property=\"article:modified_time\" content=\"2024-12-05T21:49:32+00:00\" \/>\n<meta property=\"og:image\" content=\"https:\/\/visualjournalism.de\/wp-content\/uploads\/SergheiDuve_Transnistrien_17.jpg\" \/>\n\t<meta property=\"og:image:width\" content=\"2000\" \/>\n\t<meta property=\"og:image:height\" content=\"1333\" \/>\n\t<meta property=\"og:image:type\" content=\"image\/jpeg\" \/>\n<meta name=\"twitter:card\" content=\"summary_large_image\" \/>\n<meta name=\"twitter:site\" content=\"@HsHannover\" \/>\n<meta name=\"twitter:label1\" content=\"Est. reading time\" \/>\n\t<meta name=\"twitter:data1\" content=\"6 minutes\" \/>\n<script type=\"application\/ld+json\" class=\"yoast-schema-graph\">{\"@context\":\"https:\\\/\\\/schema.org\",\"@graph\":[{\"@type\":\"WebPage\",\"@id\":\"https:\\\/\\\/visualjournalism.de\\\/en\\\/magazine\\\/auf-den-spuren-von\\\/fuer-die-einheimischen-ist-transnistrien-real\\\/\",\"url\":\"https:\\\/\\\/visualjournalism.de\\\/en\\\/magazine\\\/auf-den-spuren-von\\\/fuer-die-einheimischen-ist-transnistrien-real\\\/\",\"name\":\"\u00abF\u00fcr die Einheimischen ist Transnistrien real\u00bb &#8211; Visual Journalism and Documentary Photography\",\"isPartOf\":{\"@id\":\"https:\\\/\\\/visualjournalism.de\\\/en\\\/#website\"},\"primaryImageOfPage\":{\"@id\":\"https:\\\/\\\/visualjournalism.de\\\/en\\\/magazine\\\/auf-den-spuren-von\\\/fuer-die-einheimischen-ist-transnistrien-real\\\/#primaryimage\"},\"image\":{\"@id\":\"https:\\\/\\\/visualjournalism.de\\\/en\\\/magazine\\\/auf-den-spuren-von\\\/fuer-die-einheimischen-ist-transnistrien-real\\\/#primaryimage\"},\"thumbnailUrl\":\"https:\\\/\\\/visualjournalism.de\\\/wp-content\\\/uploads\\\/SergheiDuve_Transnistrien_17.jpg\",\"datePublished\":\"2024-10-17T13:33:59+00:00\",\"dateModified\":\"2024-12-05T21:49:32+00:00\",\"breadcrumb\":{\"@id\":\"https:\\\/\\\/visualjournalism.de\\\/en\\\/magazine\\\/auf-den-spuren-von\\\/fuer-die-einheimischen-ist-transnistrien-real\\\/#breadcrumb\"},\"inLanguage\":\"en-US\",\"potentialAction\":[{\"@type\":\"ReadAction\",\"target\":[\"https:\\\/\\\/visualjournalism.de\\\/en\\\/magazine\\\/auf-den-spuren-von\\\/fuer-die-einheimischen-ist-transnistrien-real\\\/\"]}]},{\"@type\":\"ImageObject\",\"inLanguage\":\"en-US\",\"@id\":\"https:\\\/\\\/visualjournalism.de\\\/en\\\/magazine\\\/auf-den-spuren-von\\\/fuer-die-einheimischen-ist-transnistrien-real\\\/#primaryimage\",\"url\":\"https:\\\/\\\/visualjournalism.de\\\/wp-content\\\/uploads\\\/SergheiDuve_Transnistrien_17.jpg\",\"contentUrl\":\"https:\\\/\\\/visualjournalism.de\\\/wp-content\\\/uploads\\\/SergheiDuve_Transnistrien_17.jpg\",\"width\":2000,\"height\":1333,\"caption\":\"Sasha und Kira am letzten Abend, bevor er zu seiner Wehrpflicht antreten muss. Er w\u00fcrde eigentlich gerne nach Europa ziehen, doch wer bei der Armee ist, darf die Republik \u00fcberhaupt nicht mehr verlassen.\"},{\"@type\":\"BreadcrumbList\",\"@id\":\"https:\\\/\\\/visualjournalism.de\\\/en\\\/magazine\\\/auf-den-spuren-von\\\/fuer-die-einheimischen-ist-transnistrien-real\\\/#breadcrumb\",\"itemListElement\":[{\"@type\":\"ListItem\",\"position\":1,\"name\":\"Home\",\"item\":\"https:\\\/\\\/visualjournalism.de\\\/en\\\/\"},{\"@type\":\"ListItem\",\"position\":2,\"name\":\"Magazin\",\"item\":\"https:\\\/\\\/visualjournalism.de\\\/en\\\/magazine\\\/\"},{\"@type\":\"ListItem\",\"position\":3,\"name\":\"\u00abF\u00fcr die Einheimischen ist Transnistrien real\u00bb\"}]},{\"@type\":\"WebSite\",\"@id\":\"https:\\\/\\\/visualjournalism.de\\\/en\\\/#website\",\"url\":\"https:\\\/\\\/visualjournalism.de\\\/en\\\/\",\"name\":\"Visual Journalism and Documentary Photography\",\"description\":\"All about the bilingual bachelor&#039;s program at Hannover University of Applied Sciences and Arts.\",\"publisher\":{\"@id\":\"https:\\\/\\\/visualjournalism.de\\\/en\\\/#organization\"},\"alternateName\":\"visualjournalism.de\",\"potentialAction\":[{\"@type\":\"SearchAction\",\"target\":{\"@type\":\"EntryPoint\",\"urlTemplate\":\"https:\\\/\\\/visualjournalism.de\\\/en\\\/?s={search_term_string}\"},\"query-input\":{\"@type\":\"PropertyValueSpecification\",\"valueRequired\":true,\"valueName\":\"search_term_string\"}}],\"inLanguage\":\"en-US\"},{\"@type\":\"Organization\",\"@id\":\"https:\\\/\\\/visualjournalism.de\\\/en\\\/#organization\",\"name\":\"Hochschule Hannover \u2013 University of Applied Sciences and Arts\",\"alternateName\":\"HsH\",\"url\":\"https:\\\/\\\/visualjournalism.de\\\/en\\\/\",\"logo\":{\"@type\":\"ImageObject\",\"inLanguage\":\"en-US\",\"@id\":\"https:\\\/\\\/visualjournalism.de\\\/en\\\/#\\\/schema\\\/logo\\\/image\\\/\",\"url\":\"https:\\\/\\\/visualjournalism.de\\\/wp-content\\\/uploads\\\/logo-hochschule-hannover.png\",\"contentUrl\":\"https:\\\/\\\/visualjournalism.de\\\/wp-content\\\/uploads\\\/logo-hochschule-hannover.png\",\"width\":363,\"height\":270,\"caption\":\"Hochschule Hannover \u2013 University of Applied Sciences and Arts\"},\"image\":{\"@id\":\"https:\\\/\\\/visualjournalism.de\\\/en\\\/#\\\/schema\\\/logo\\\/image\\\/\"},\"sameAs\":[\"https:\\\/\\\/www.facebook.com\\\/people\\\/wwwfotostudentende\\\/100065173703897\\\/\",\"https:\\\/\\\/x.com\\\/HsHannover\",\"https:\\\/\\\/www.instagram.com\\\/visualjournalism.de\\\/\"]}]}<\/script>\n<!-- \/ Yoast SEO Premium plugin. -->","yoast_head_json":{"title":"\u00abF\u00fcr die Einheimischen ist Transnistrien real\u00bb &#8211; Visual Journalism and Documentary Photography","robots":{"index":"index","follow":"follow","max-snippet":"max-snippet:-1","max-image-preview":"max-image-preview:large","max-video-preview":"max-video-preview:-1"},"canonical":"https:\/\/visualjournalism.de\/en\/magazine\/auf-den-spuren-von\/fuer-die-einheimischen-ist-transnistrien-real\/","og_locale":"en_US","og_type":"article","og_title":"\u00abF\u00fcr die Einheimischen ist Transnistrien real\u00bb","og_url":"https:\/\/visualjournalism.de\/en\/magazine\/auf-den-spuren-von\/fuer-die-einheimischen-ist-transnistrien-real\/","og_site_name":"Visual Journalism and Documentary Photography","article_publisher":"https:\/\/www.facebook.com\/people\/wwwfotostudentende\/100065173703897\/","article_modified_time":"2024-12-05T21:49:32+00:00","og_image":[{"width":2000,"height":1333,"url":"https:\/\/visualjournalism.de\/wp-content\/uploads\/SergheiDuve_Transnistrien_17.jpg","type":"image\/jpeg"}],"twitter_card":"summary_large_image","twitter_site":"@HsHannover","twitter_misc":{"Est. reading time":"6 minutes"},"schema":{"@context":"https:\/\/schema.org","@graph":[{"@type":"WebPage","@id":"https:\/\/visualjournalism.de\/en\/magazine\/auf-den-spuren-von\/fuer-die-einheimischen-ist-transnistrien-real\/","url":"https:\/\/visualjournalism.de\/en\/magazine\/auf-den-spuren-von\/fuer-die-einheimischen-ist-transnistrien-real\/","name":"\u00abF\u00fcr die Einheimischen ist Transnistrien real\u00bb &#8211; Visual Journalism and Documentary Photography","isPartOf":{"@id":"https:\/\/visualjournalism.de\/en\/#website"},"primaryImageOfPage":{"@id":"https:\/\/visualjournalism.de\/en\/magazine\/auf-den-spuren-von\/fuer-die-einheimischen-ist-transnistrien-real\/#primaryimage"},"image":{"@id":"https:\/\/visualjournalism.de\/en\/magazine\/auf-den-spuren-von\/fuer-die-einheimischen-ist-transnistrien-real\/#primaryimage"},"thumbnailUrl":"https:\/\/visualjournalism.de\/wp-content\/uploads\/SergheiDuve_Transnistrien_17.jpg","datePublished":"2024-10-17T13:33:59+00:00","dateModified":"2024-12-05T21:49:32+00:00","breadcrumb":{"@id":"https:\/\/visualjournalism.de\/en\/magazine\/auf-den-spuren-von\/fuer-die-einheimischen-ist-transnistrien-real\/#breadcrumb"},"inLanguage":"en-US","potentialAction":[{"@type":"ReadAction","target":["https:\/\/visualjournalism.de\/en\/magazine\/auf-den-spuren-von\/fuer-die-einheimischen-ist-transnistrien-real\/"]}]},{"@type":"ImageObject","inLanguage":"en-US","@id":"https:\/\/visualjournalism.de\/en\/magazine\/auf-den-spuren-von\/fuer-die-einheimischen-ist-transnistrien-real\/#primaryimage","url":"https:\/\/visualjournalism.de\/wp-content\/uploads\/SergheiDuve_Transnistrien_17.jpg","contentUrl":"https:\/\/visualjournalism.de\/wp-content\/uploads\/SergheiDuve_Transnistrien_17.jpg","width":2000,"height":1333,"caption":"Sasha und Kira am letzten Abend, bevor er zu seiner Wehrpflicht antreten muss. Er w\u00fcrde eigentlich gerne nach Europa ziehen, doch wer bei der Armee ist, darf die Republik \u00fcberhaupt nicht mehr verlassen."},{"@type":"BreadcrumbList","@id":"https:\/\/visualjournalism.de\/en\/magazine\/auf-den-spuren-von\/fuer-die-einheimischen-ist-transnistrien-real\/#breadcrumb","itemListElement":[{"@type":"ListItem","position":1,"name":"Home","item":"https:\/\/visualjournalism.de\/en\/"},{"@type":"ListItem","position":2,"name":"Magazin","item":"https:\/\/visualjournalism.de\/en\/magazine\/"},{"@type":"ListItem","position":3,"name":"\u00abF\u00fcr die Einheimischen ist Transnistrien real\u00bb"}]},{"@type":"WebSite","@id":"https:\/\/visualjournalism.de\/en\/#website","url":"https:\/\/visualjournalism.de\/en\/","name":"Visual Journalism and Documentary Photography","description":"All about the bilingual bachelor&#039;s program at Hannover University of Applied Sciences and Arts.","publisher":{"@id":"https:\/\/visualjournalism.de\/en\/#organization"},"alternateName":"visualjournalism.de","potentialAction":[{"@type":"SearchAction","target":{"@type":"EntryPoint","urlTemplate":"https:\/\/visualjournalism.de\/en\/?s={search_term_string}"},"query-input":{"@type":"PropertyValueSpecification","valueRequired":true,"valueName":"search_term_string"}}],"inLanguage":"en-US"},{"@type":"Organization","@id":"https:\/\/visualjournalism.de\/en\/#organization","name":"Hochschule Hannover \u2013 University of Applied Sciences and Arts","alternateName":"HsH","url":"https:\/\/visualjournalism.de\/en\/","logo":{"@type":"ImageObject","inLanguage":"en-US","@id":"https:\/\/visualjournalism.de\/en\/#\/schema\/logo\/image\/","url":"https:\/\/visualjournalism.de\/wp-content\/uploads\/logo-hochschule-hannover.png","contentUrl":"https:\/\/visualjournalism.de\/wp-content\/uploads\/logo-hochschule-hannover.png","width":363,"height":270,"caption":"Hochschule Hannover \u2013 University of Applied Sciences and Arts"},"image":{"@id":"https:\/\/visualjournalism.de\/en\/#\/schema\/logo\/image\/"},"sameAs":["https:\/\/www.facebook.com\/people\/wwwfotostudentende\/100065173703897\/","https:\/\/x.com\/HsHannover","https:\/\/www.instagram.com\/visualjournalism.de\/"]}]}},"_links":{"self":[{"href":"https:\/\/visualjournalism.de\/en\/wp-json\/wp\/v2\/magazin\/45077","targetHints":{"allow":["GET"]}}],"collection":[{"href":"https:\/\/visualjournalism.de\/en\/wp-json\/wp\/v2\/magazin"}],"about":[{"href":"https:\/\/visualjournalism.de\/en\/wp-json\/wp\/v2\/types\/magazin"}],"author":[{"embeddable":true,"href":"https:\/\/visualjournalism.de\/en\/wp-json\/wp\/v2\/users\/11"}],"version-history":[{"count":0,"href":"https:\/\/visualjournalism.de\/en\/wp-json\/wp\/v2\/magazin\/45077\/revisions"}],"wp:featuredmedia":[{"embeddable":true,"href":"https:\/\/visualjournalism.de\/en\/wp-json\/wp\/v2\/media\/40528"}],"wp:attachment":[{"href":"https:\/\/visualjournalism.de\/en\/wp-json\/wp\/v2\/media?parent=45077"}],"wp:term":[{"taxonomy":"post_tag","embeddable":true,"href":"https:\/\/visualjournalism.de\/en\/wp-json\/wp\/v2\/tags?post=45077"},{"taxonomy":"magazinkategorie","embeddable":true,"href":"https:\/\/visualjournalism.de\/en\/wp-json\/wp\/v2\/magazinkategorie?post=45077"}],"curies":[{"name":"wp","href":"https:\/\/api.w.org\/{rel}","templated":true}]}}