{"id":49232,"date":"2024-10-25T19:02:17","date_gmt":"2024-10-25T19:02:17","guid":{"rendered":"https:\/\/visualjournalism.de\/?post_type=magazin&#038;p=49232"},"modified":"2024-11-05T21:13:36","modified_gmt":"2024-11-05T21:13:36","slug":"alte-feinde-neue-nachbarn-wie-die-rueckkehr-des-wolfes-landwirtschaft-und-naturschutz-bewegt","status":"publish","type":"magazin","link":"https:\/\/visualjournalism.de\/en\/magazine\/auf-den-spuren-von\/alte-feinde-neue-nachbarn-wie-die-rueckkehr-des-wolfes-landwirtschaft-und-naturschutz-bewegt\/","title":{"rendered":"Alte Feinde, neue Nachbarn \u2013 Wie die R\u00fcckkehr des Wolfes Landwirtschaft und Naturschutz bewegt"},"content":{"rendered":"\r\n<div class=\"cover--lead-in has-spacing--m\">\r\n\r\n    \r\n    <div class=\"cover--lead-in__content typo--tiempos\">\r\n\r\n        <div class=\"entry-categories\">\n\t<a class=\"post__tag\" href=\"https:\/\/visualjournalism.de\/magazin-kategorie\/auf-den-spuren-von\/\" rel=\"category tag\">Auf den Spuren von&#8230;<\/a><\/div>\r\n        <h2 class=\"cover--lead-in__headline \">\r\n            Alte Feinde, neue Nachbarn        <\/h2>\r\n\r\n                    <div class=\"cover--lead-in__text\">\r\n                <p>Die W\u00f6lfe sind zur\u00fcck und spalten die Gem\u00fcter. K\u00f6nnen wir mit dem einstigen Feind als neuem Nachbarn leben? <strong>Von <a href=\"https:\/\/visualjournalism.de\/en\/betty-einhaus\/\" target=\"_blank\" rel=\"noopener\">Betty Einhaus<\/a> (Text), <a href=\"https:\/\/visualjournalism.de\/en\/annabel-karmelk\/\" target=\"_blank\" rel=\"noopener\">Annabel Karmelk<\/a> (Fotos) und <a href=\"https:\/\/visualjournalism.de\/en\/saskia-stoehr\/\" target=\"_blank\" rel=\"noopener\">Saskia St\u00f6hr<\/a> (Videos)<\/strong><\/p>\n            <\/div>\r\n        \r\n                    <div class=\"cover--lead-in__author\">\r\n                \r\n                    \r\n                            <figure class=\"cover--lead-in__author__image\">\r\n\r\n                                \r\n                                <img loading=\"lazy\" decoding=\"async\"\r\n                                    src=\"https:\/\/visualjournalism.de\/wp-content\/uploads\/Portait-Betty-68x68.jpg\"\r\n                                    srcset=\"https:\/\/visualjournalism.de\/wp-content\/uploads\/Portait-Betty-68x68.jpg 68w, https:\/\/visualjournalism.de\/wp-content\/uploads\/Portait-Betty-150x150.jpg 150w, https:\/\/visualjournalism.de\/wp-content\/uploads\/Portait-Betty-52x52.jpg 52w, https:\/\/visualjournalism.de\/wp-content\/uploads\/Portait-Betty-96x96.jpg 96w, https:\/\/visualjournalism.de\/wp-content\/uploads\/Portait-Betty.jpg 295w\"\r\n                                    width=\"68\"\r\n                                    height=\"68\"\r\n                                    alt=\"\"\r\n                                \/>\r\n\r\n                                \r\n                            <\/figure>\r\n\r\n                        \r\n                    \r\n                            <figure class=\"cover--lead-in__author__image\">\r\n\r\n                                                                    <a href=\"https:\/\/visualjournalism.de\/annabel-karmelk\/\" target=\"\">\r\n                                \r\n                                <img loading=\"lazy\" decoding=\"async\"\r\n                                    src=\"https:\/\/visualjournalism.de\/wp-content\/uploads\/image00002-1-68x68.jpeg\"\r\n                                    srcset=\"https:\/\/visualjournalism.de\/wp-content\/uploads\/image00002-1-68x68.jpeg 68w, https:\/\/visualjournalism.de\/wp-content\/uploads\/image00002-1-150x150.jpeg 150w, https:\/\/visualjournalism.de\/wp-content\/uploads\/image00002-1-52x52.jpeg 52w, https:\/\/visualjournalism.de\/wp-content\/uploads\/image00002-1-96x96.jpeg 96w\"\r\n                                    width=\"68\"\r\n                                    height=\"68\"\r\n                                    alt=\"\"\r\n                                \/>\r\n\r\n                                                                    <\/a>\r\n                                \r\n                            <\/figure>\r\n\r\n                        \r\n                    \r\n                            <figure class=\"cover--lead-in__author__image\">\r\n\r\n                                                                    <a href=\"https:\/\/visualjournalism.de\/saskia-stoehr\/\" target=\"_blank\">\r\n                                \r\n                                <img loading=\"lazy\" decoding=\"async\"\r\n                                    src=\"https:\/\/visualjournalism.de\/wp-content\/uploads\/Saskia-Stoehr-thumb-68x68.jpg\"\r\n                                    srcset=\"https:\/\/visualjournalism.de\/wp-content\/uploads\/Saskia-Stoehr-thumb-68x68.jpg 68w, https:\/\/visualjournalism.de\/wp-content\/uploads\/Saskia-Stoehr-thumb-52x52.jpg 52w, https:\/\/visualjournalism.de\/wp-content\/uploads\/Saskia-Stoehr-thumb-96x96.jpg 96w, https:\/\/visualjournalism.de\/wp-content\/uploads\/Saskia-Stoehr-thumb.jpg 100w\"\r\n                                    width=\"68\"\r\n                                    height=\"68\"\r\n                                    alt=\"\"\r\n                                \/>\r\n\r\n                                                                    <\/a>\r\n                                \r\n                            <\/figure>\r\n\r\n                                    <\/div><!-- .cover--lead-in__author -->\r\n        \r\n    <\/div><!-- .cover--lead-in__content -->\r\n\r\n    \r\n        <figure class=\"cover--lead-in__image cover--lead-in__media cover--lead-in__media--image\">\r\n            <img loading=\"lazy\" decoding=\"async\"\r\n                src=\"https:\/\/visualjournalism.de\/wp-content\/uploads\/karmelk-wolf-kamera-1920x1279.jpg\"\r\n                srcset=\"https:\/\/visualjournalism.de\/wp-content\/uploads\/karmelk-wolf-kamera-1920x1279.jpg 1920w, https:\/\/visualjournalism.de\/wp-content\/uploads\/karmelk-wolf-kamera-300x200.jpg 300w, https:\/\/visualjournalism.de\/wp-content\/uploads\/karmelk-wolf-kamera-1024x682.jpg 1024w, https:\/\/visualjournalism.de\/wp-content\/uploads\/karmelk-wolf-kamera-768x512.jpg 768w, https:\/\/visualjournalism.de\/wp-content\/uploads\/karmelk-wolf-kamera-1536x1023.jpg 1536w, https:\/\/visualjournalism.de\/wp-content\/uploads\/karmelk-wolf-kamera-2048x1364.jpg 2048w, https:\/\/visualjournalism.de\/wp-content\/uploads\/karmelk-wolf-kamera-1400x933.jpg 1400w, https:\/\/visualjournalism.de\/wp-content\/uploads\/karmelk-wolf-kamera-1050x700.jpg 1050w, https:\/\/visualjournalism.de\/wp-content\/uploads\/karmelk-wolf-kamera-670x446.jpg 670w, https:\/\/visualjournalism.de\/wp-content\/uploads\/karmelk-wolf-kamera-420x280.jpg 420w, https:\/\/visualjournalism.de\/wp-content\/uploads\/karmelk-wolf-kamera-350x233.jpg 350w, https:\/\/visualjournalism.de\/wp-content\/uploads\/karmelk-wolf-kamera-150x100.jpg 150w\"\r\n                width=\"1920\"\r\n                height=\"1279\"\r\n                alt=\"\"\r\n                style=\"object-position: 68% 76%\"\r\n            \/>\r\n        <\/figure>\r\n\r\n                    <span class=\"cover--lead-in__image-title\">\r\n                Ein Wolf in der Nacht, aufgenommen durch eine Wildtierkamera aus dem Gebiet, f\u00fcr das Valeska de Pelligrini zust\u00e4ndig ist. Dies ist nur ein Foto von unz\u00e4hligen Datens\u00e4tzen, die sie jedes Wolfsjahr auswertet und dem Land Brandenburg zur Verf\u00fcgung stellt. Aufgenommen: 12.01.2024 Foto: Annabel Karmelk            <\/span>\r\n        \r\n    \r\n<\/div><!-- .cover--lead-in -->\r\n\r\n\n\n\n<p class=\"post__paragraph has-spacing--m\"><strong>Ein Jahrhundert nach seiner Ausrottung<\/strong> streift der Wolf wieder durch die deutschen W\u00e4lder. Nicht mehr nur eine Gestalt aus M\u00e4rchen und Legenden, sondern ein Tier, das unsere Landschaften belebt und die Beziehung zwischen Mensch und Natur beeinflusst. Seit dem Jahr 2000 kehren W\u00f6lfe auf nat\u00fcrlichem Weg zur\u00fcck, berichtet das Bundesumweltministerium. Ihre Zahl w\u00e4chst stetig, besonders in Brandenburg und Niedersachsen. Doch ihre Wiederkehr bringt Herausforderungen mit sich: Konflikte mit Nutztierhalter*innen, der Bedarf an Schutzma\u00dfnahmen und Spannungen zwischen verschiedenen Interessengruppen.<\/p>\n\n\n\n    <div class=\"headline-block has-spacing--xs\">\n\n        <h2 class=\"post__headline\">Was sagen Nutztierhalter*innen?<\/h2>\n\n        \n    <\/div>\n\n    \n\n\n\n\n<div class=\"tableau has-spacing--none\">\n\t\n\n<div class=\"tableau__column--left\">\n    \n\n<p class=\"post__paragraph has-spacing--default\"><strong>Wiebke Wehrs betreibt mit ihrem Mann einen Bio-Milchviehbetrieb<\/strong> nahe eines Wolfsreviers in Niedersachsen. Auf ihrem Hof leben Milchk\u00fche, Schafe, Pferde und Schweine. Trotz der N\u00e4he zum Wolf bleibt sie gelassen: \u00abDer Wolf ist ein l\u00f6sbares Problem.\u00bb<\/p>\n\n\n\n<p class=\"post__paragraph has-spacing--m\">Nachdem in einem Nachbarort zwei ungesch\u00fctzte K\u00e4lber gerissen wurden, entschied sich die Familie, ihre Tiere besser zu sch\u00fctzen. Sie installierten Elektroz\u00e4une und schafften einen Herdenschutzhund an. \u00abEs ist kein Hexenwerk, so einen Zaun aufzustellen, und man hat auch eine Verantwortung gegen\u00fcber seinen Tieren\u00bb, betont sie.<\/p>\n\n\n<\/div>\n\n\n<div class=\"tableau__column--right\">\n    \n\r\n<div class=\"video-block has-spacing--m align--left\">\r\n    <div class=\"video-wrapper size--full\">\r\n        <iframe loading=\"lazy\" hcb-fetch-image-from=\"https:\/\/vimeo.com\/682999380?share=copy\" title=\"Leben und leben lassen\" src=\"https:\/\/player.vimeo.com\/video\/682999380?dnt=1&amp;app_id=122963\" width=\"100\" height=\"56\" frameborder=\"0\" allow=\"autoplay; fullscreen; picture-in-picture; clipboard-write; encrypted-media; web-share\" referrerpolicy=\"strict-origin-when-cross-origin\"><\/iframe>    <\/div>\r\n<\/div>\r\n\r\n\n\n<\/div>\n<\/div>\n\n\n<div class=\"devider has-spacing--none\">\n    <hr>\n<\/div>\n\n\n \n    \n    <div id=\"quote-block_443d116eacf94e0a21d7afee1dca1ac6\" class=\"block-quote has-spacing--m\">\n        <figure class=\"quote\">\n            <blockquote>\n                <p><strong>Wir haben 400 Arbeitsstunden<\/strong> investiert f\u00fcr dreieinhalb Kilometer Zaun.<\/p>\n            <\/blockquote>\n\n            <figcaption>\n\n                            <img loading=\"lazy\" decoding=\"async\" class=\"portrait--inline\" src=\"https:\/\/visualjournalism.de\/wp-content\/uploads\/Wiebke-wehrs-thumb-52x52.jpg\" width=\"52\" height=\"52\" alt=\"\" \/>\n                            <span>Wiebke Wehrs<\/span>\n            <\/figcaption>\n            \n        <\/figure>\n    <\/div>\n\n\n\n\n<div class=\"tableau has-spacing--m\">\n\t\n\n<div class=\"tableau__column--left\">\n    \n\n<p class=\"post__paragraph has-spacing--default\"><strong>Holger Heese lebt nahe des Ostenholzer Moors nordwestliche von Celle. <\/strong>Er h\u00e4lt Schafe in der N\u00e4he eines Wolfsrudels. \u00abAnfangs war das sehr nervenaufreibend\u00bb, erz\u00e4hlt er. Um seine Tiere zu sch\u00fctzen, setzte er ebenfalls auf Herdenschutzhunde. \u00abWir haben mit einem R\u00fcden angefangen. Das ist viel Aufwand.\u00bb Mit der Zeit wuchs das Team auf vier Hunde an.<\/p>\n\n\n\n<p class=\"post__paragraph has-spacing--none\">Die Beantragung von F\u00f6rdermitteln f\u00fcr wolfssichere Z\u00e4une und Herdenschutzhunde gestaltet sich jedoch kompliziert und zeitaufwendig. Wiebke Wehrs berichtet von langwierigen Antragsverfahren: \u00abEs dauerte viereinhalb Monate, bis der Antrag bearbeitet wurde. Wir haben 400 Arbeitsstunden investiert f\u00fcr dreieinhalb Kilometer Zaun.\u00bb Die Kosten f\u00fcr Futter und Pflege der Hunde tragen die Halterinnen und Halter selbst. <\/p>\n\n\n<\/div>\n\n\n<div class=\"tableau__column--right\">\n    \n\r\n<div class=\"video-block has-spacing--m align--left\">\r\n    <div class=\"video-wrapper size--full\">\r\n        <iframe loading=\"lazy\" hcb-fetch-image-from=\"https:\/\/vimeo.com\/682998498?share=copy#t=0\" title=\"W\u00e4chter auf vier Pfoten\" src=\"https:\/\/player.vimeo.com\/video\/682998498?dnt=1&amp;app_id=122963\" width=\"100\" height=\"56\" frameborder=\"0\" allow=\"autoplay; fullscreen; picture-in-picture; clipboard-write; encrypted-media; web-share\" referrerpolicy=\"strict-origin-when-cross-origin\"><\/iframe>    <\/div>\r\n<\/div>\r\n\r\n\n\n<\/div>\n<\/div>\n\n\n    <div class=\"headline-block has-spacing--xs\">\n\n        <h2 class=\"post__headline\">Keine Angst vor dem Wolf \u2013 Ein Experte beruhigt<\/h2>\n\n        \n    <\/div>\n\n    \n\n\n\n\r\n<div class=\"video-block has-spacing--m align--left\">\r\n    <div class=\"video-wrapper size--full\">\r\n        <iframe loading=\"lazy\" hcb-fetch-image-from=\"https:\/\/vimeo.com\/682998052?share=copy\" title=\"Verliebt in die W\u00f6lfe\" src=\"https:\/\/player.vimeo.com\/video\/682998052?dnt=1&amp;app_id=122963\" width=\"100\" height=\"56\" frameborder=\"0\" allow=\"autoplay; fullscreen; picture-in-picture; clipboard-write; encrypted-media; web-share\" referrerpolicy=\"strict-origin-when-cross-origin\"><\/iframe>    <\/div>\r\n<\/div>\r\n\r\n\n\n\n<p class=\"post__paragraph has-spacing--default\"><strong>Christian Berge, 58, begeistert sich<\/strong> <strong>seit seiner Kindheit f\u00fcr W\u00f6lfe<\/strong> und z\u00fcchtet Wolfshunde. \u00abEs gibt keinen Grund, vor wilden W\u00f6lfen Angst zu haben\u00bb, versichert er. Junge W\u00f6lfe seien neugierig und k\u00f6nnten stehen bleiben und beobachten. \u00abMein Tipp: ruhig bleiben, gelassen sein.\u00bb<\/p>\n\n\n\n<p class=\"post__paragraph has-spacing--m\">Er engagiert sich im Wolfsschutz und h\u00e4lt Vortr\u00e4ge, um Vorurteile abzubauen. \u00abWir m\u00fcssen uns wieder daran gew\u00f6hnen\u00bb, meint er. \u00abDie W\u00f6lfe waren nur 150 Jahre lang ausgerottet.\u00bb Viele \u00dcbergriffe seien vermeidbar, wenn Tiere richtig gesch\u00fctzt w\u00fcrden: \u00abIn Niedersachsen waren 88 Prozent der gerissenen Weidetiere nicht oder schlecht gesch\u00fctzt.\u00bb<\/p>\n\n\n\n<div class=\"wp-block-group has-color-16-background-color has-background has-spacing--m\">\n    <div class=\"headline-block has-spacing--xs\">\n\n        <h2 class=\"post__headline\">Die wichtigsten Konfliktpunkte<\/h2>\n\n        \n    <\/div>\n\n    \n\n\n\n\n<div class=\"tableau has-spacing--none\">\n\t\n\n<div class=\"tableau__column--left\">\n    \n\n<p class=\"post__paragraph is-style-typo--soehne has-spacing--default\">\u2022 Konflikte mit Nutztierhalter*innen: \u00dcbergriffe auf Schafe und K\u00e4lber verursachen wirtschaftliche Verluste und emotionale Belastung.<br>\u2022 Aufwendiger Herdenschutz: Wolfssichere Z\u00e4une und Herdenschutzhunde erfordern Zeit und Geld.<br>\u2022 B\u00fcrokratie und Verz\u00f6gerungen: Komplizierte und langsame Antragsverfahren f\u00fcr F\u00f6rdermittel erschweren den Schutz.<\/p>\n\n\n<\/div>\n\n\n<div class=\"tableau__column--right\">\n    \n\n<p class=\"post__paragraph is-style-typo--soehne has-spacing--default\">\u2022 Gesellschaftliche Spannungen: Unterschiedliche Ansichten zum Wolf f\u00fchren zu Konflikten zwischen Landwirtschaft und Naturschutz.<br>\u2022 Informationsdefizite: Unwissenheit und \u00c4ngste im Umgang mit W\u00f6lfen erh\u00f6hen den Bedarf an Aufkl\u00e4rung.<\/p>\n\n\n\n<p class=\"post__paragraph is-style-typo--soehne has-spacing--default\"><sup>Quelle: <a href=\"https:\/\/www.bmuv.de\/themen\/artenschutz\/nationaler-artenschutz\/der-wolf-in-deutschland\/ueberblick-der-wolf-in-deutschland\">Bundesministerium f\u00fcr Umwelt, Naturschutz, nukleare Sicherheit und Verbraucherschut<\/a>z, eigene Recherchen<\/sup><\/p>\n\n\n<\/div>\n<\/div><\/div>\n\n\n\n    <div class=\"headline-block has-spacing--xs\">\n\n        <h2 class=\"post__headline\">Mit dem Wolfsmonitor auf Spurensuche<\/h2>\n\n        \n    <\/div>\n\n    \n\n\n\n \n\n<div class=\"photo-grid grid-layout--2col-5 has-spacing--m\">\n\n            \n\n            <div class=\"photo-grid__image\">\n\n                <figure>\n\n                    <img loading=\"lazy\" decoding=\"async\"  \n                        src=\"https:\/\/visualjournalism.de\/wp-content\/uploads\/2-5-768x512.jpg\" \n                        srcset=\"https:\/\/visualjournalism.de\/wp-content\/uploads\/2-5-768x512.jpg 768w, https:\/\/visualjournalism.de\/wp-content\/uploads\/2-5-300x200.jpg 300w, https:\/\/visualjournalism.de\/wp-content\/uploads\/2-5-1024x683.jpg 1024w, https:\/\/visualjournalism.de\/wp-content\/uploads\/2-5-1536x1024.jpg 1536w, https:\/\/visualjournalism.de\/wp-content\/uploads\/2-5-2048x1365.jpg 2048w, https:\/\/visualjournalism.de\/wp-content\/uploads\/2-5-1920x1280.jpg 1920w, https:\/\/visualjournalism.de\/wp-content\/uploads\/2-5-1400x933.jpg 1400w, https:\/\/visualjournalism.de\/wp-content\/uploads\/2-5-1050x700.jpg 1050w, https:\/\/visualjournalism.de\/wp-content\/uploads\/2-5-670x447.jpg 670w, https:\/\/visualjournalism.de\/wp-content\/uploads\/2-5-420x280.jpg 420w, https:\/\/visualjournalism.de\/wp-content\/uploads\/2-5-350x233.jpg 350w, https:\/\/visualjournalism.de\/wp-content\/uploads\/2-5-150x100.jpg 150w\" \n                        width=\"768\"  \n                        height=\"512\" \n                        alt=\"\"  \n                    \/>\n\n                                            <span class=\"photo-grid__image__title\">Robert Franck ist Wolfsmonitor und Rissgutachter f\u00fcr das Land Brandenburg. Er misst die Spannung an einem elektrischen Zaun, in dem sich Dammwild befindet, nahe Zechow. Im besten Fall sollten mindestens 2.500 Volt Spannung gegeben sein, um einen effetkiven Schutz vor Wolfsangriffen zu gew\u00e4hrleisten. Aufgenommen: 16.01.2024 Foto: Annabel Karmelk<\/span>\n                    \n                    \n                <\/figure>\n\n            <\/div><!-- photo-grid__image -->    \n\n\n            \n\n                    \n                \n\n            <div class=\"photo-grid__image\">\n\n                <figure>\n\n                    <img loading=\"lazy\" decoding=\"async\"  \n                        src=\"https:\/\/visualjournalism.de\/wp-content\/uploads\/13-2-768x512.jpg\" \n                        srcset=\"https:\/\/visualjournalism.de\/wp-content\/uploads\/13-2-768x512.jpg 768w, https:\/\/visualjournalism.de\/wp-content\/uploads\/13-2-300x200.jpg 300w, https:\/\/visualjournalism.de\/wp-content\/uploads\/13-2-1024x683.jpg 1024w, https:\/\/visualjournalism.de\/wp-content\/uploads\/13-2-1536x1024.jpg 1536w, https:\/\/visualjournalism.de\/wp-content\/uploads\/13-2-2048x1365.jpg 2048w, https:\/\/visualjournalism.de\/wp-content\/uploads\/13-2-1920x1280.jpg 1920w, https:\/\/visualjournalism.de\/wp-content\/uploads\/13-2-1400x933.jpg 1400w, https:\/\/visualjournalism.de\/wp-content\/uploads\/13-2-1050x700.jpg 1050w, https:\/\/visualjournalism.de\/wp-content\/uploads\/13-2-670x447.jpg 670w, https:\/\/visualjournalism.de\/wp-content\/uploads\/13-2-420x280.jpg 420w, https:\/\/visualjournalism.de\/wp-content\/uploads\/13-2-350x233.jpg 350w, https:\/\/visualjournalism.de\/wp-content\/uploads\/13-2-150x100.jpg 150w\" \n                        width=\"768\"  \n                        height=\"512\" \n                        alt=\"\"  \n                    \/>\n\n                                            <span class=\"photo-grid__image__title\">Eine beliebte Beute des Wolfes ist, abgesehen von Nutztieren, auch Dammwild. Ob ein Stromzaun dieses Wild vor einem \u00dcbergriff des Wolfes bewahren kann und inwiefern weitere Ma\u00dfnahmen ergriffen werden sollten, bleibt an dieser Stelle eine offene Frage. Aufgenommen: 16.01.2024 Foto: Annabel Karmelk<\/span>\n                    \n                    \n                <\/figure>\n\n            <\/div><!-- photo-grid__image -->    \n\n\n            \n\n            \n<\/div>\n\n\n<p class=\"post__paragraph has-spacing--default\"><strong>Robert Franck ist Wolfsmonitor in Brandenburg<\/strong> und kennt die W\u00f6lfe wie kaum ein anderer. \u00abDurch unsere Arbeit verstehen wir besser, wie der Wolf lebt und wie wir Probleme vermeiden k\u00f6nnen\u00bb, erkl\u00e4rt er. T\u00e4glich durchstreift er das Ruppiner Wald- und Seengebiet, sammelt Daten und verfolgt die Bewegungen der Tiere. \u00abIm Winter erz\u00e4hlen uns die Pfotenabdr\u00fccke im Schnee ganze Geschichten.\u00bb<\/p>\n\n\n\n<p class=\"post__paragraph has-spacing--default\">Mit Fotofallen und GPS-Trackern dokumentiert er die Wanderungen. \u00ab\u00dcber 90 Prozent unserer Daten stammen von Fotofallen\u00bb, sagt Franck. Dieses Wissen hilft, Strategien zu entwickeln, um Konflikte zu minimieren und das Zusammenleben von Mensch und Tier zu f\u00f6rdern. \u00abAnhand ausgew\u00e4hlter Tiere lassen sich Bewegungsmuster und Territorialverhalten genau verfolgen. So k\u00f6nnen wir Wolfsbest\u00e4nde kontrollieren und Nutztiere sch\u00fctzen.\u00bb<\/p>\n\n\n\n<p class=\"post__paragraph has-spacing--m\">Doch Franck sieht auch Handlungsbedarf bei der Politik: \u00abDie Politik h\u00e4tte viel fr\u00fcher auf die Leute zugehen und sie mitnehmen m\u00fcssen. Die Menschen im l\u00e4ndlichen Raum f\u00fchlen sich in Bezug auf den Wolf von der Politik verlassen. Es gibt zwar F\u00f6rderprogramme, aber die sind oft zu umst\u00e4ndlich und langsam. Manche Landwirtinnen und Landwirte bekommen nach dem dritten Riss noch keine Post.\u00bb<br><br>Robert Franck sieht im Monitoring eine Chance, Konflikte zu reduzieren. \u00abEs ist wichtig, dass wir Wege finden, miteinander zu koexistieren.\u00bb Er betont, dass Aufkl\u00e4rung und Zusammenarbeit entscheidend sind, um ein Gleichgewicht zwischen Mensch und Tier zu erreichen.<\/p>\n\n\n\n<div class=\"devider has-spacing--none\">\n    <hr>\n<\/div>\n\n\n \n    \n    <div id=\"quote-block_4703a426ebba507a40a4b613d9cc0af6\" class=\"block-quote has-spacing--m\">\n        <figure class=\"quote\">\n            <blockquote>\n                <p><strong>Die Menschen im l\u00e4ndlichen Raum<\/strong> f\u00fchlen sich in Bezug auf den Wolf von der Politik verlassen.<\/p>\n            <\/blockquote>\n\n            <figcaption>\n\n                            <img loading=\"lazy\" decoding=\"async\" class=\"portrait--inline\" src=\"https:\/\/visualjournalism.de\/wp-content\/uploads\/robert-franck-thumb-52x52.jpg\" width=\"52\" height=\"52\" alt=\"\" \/>\n                            <span>Robert Franck<\/span>\n            <\/figcaption>\n            \n        <\/figure>\n    <\/div>\n\n\n\n    <figure class=\"block-photo post__image--full has-spacing--m with-title\">\n\n        <div class=\"post__image__container\">\n            <img loading=\"lazy\" decoding=\"async\" \n                src=\"https:\/\/visualjournalism.de\/wp-content\/uploads\/5-4-1400x933.jpg\"\n                srcset=\"https:\/\/visualjournalism.de\/wp-content\/uploads\/5-4-1400x933.jpg 1400w, https:\/\/visualjournalism.de\/wp-content\/uploads\/5-4-300x200.jpg 300w, https:\/\/visualjournalism.de\/wp-content\/uploads\/5-4-1024x683.jpg 1024w, https:\/\/visualjournalism.de\/wp-content\/uploads\/5-4-768x512.jpg 768w, https:\/\/visualjournalism.de\/wp-content\/uploads\/5-4-1536x1024.jpg 1536w, https:\/\/visualjournalism.de\/wp-content\/uploads\/5-4-2048x1365.jpg 2048w, https:\/\/visualjournalism.de\/wp-content\/uploads\/5-4-1920x1280.jpg 1920w, https:\/\/visualjournalism.de\/wp-content\/uploads\/5-4-1050x700.jpg 1050w, https:\/\/visualjournalism.de\/wp-content\/uploads\/5-4-670x447.jpg 670w, https:\/\/visualjournalism.de\/wp-content\/uploads\/5-4-420x280.jpg 420w, https:\/\/visualjournalism.de\/wp-content\/uploads\/5-4-350x233.jpg 350w, https:\/\/visualjournalism.de\/wp-content\/uploads\/5-4-150x100.jpg 150w\"\n                width=\"1400\" \n                height=\"933\"\n                alt=\"\" \n            \/>\n            \n                            <span class=\"post__image__title\">Ein Wolfssch\u00e4del und Pfotenabdr\u00fccke des Wolfes im Schrank von Robert Franck&#039;s Arbeitszimmer. Aufgenommen: 16.01.2024 Foto: Annabel Karmelk<\/span>\n                    <\/div><!-- post__image__container -->\n\n        \n    <\/figure><!-- post__image -->\n\n\n\n\n    <div class=\"btn-wrapper has-spacing--m\">\n        <a class=\"btn\" href=\"https:\/\/readymag.website\/u1753799435\/3387810\/\" target=\"_blank\">WEBDOKU \u00abMEIN NACHBAR, DER WOLF\u00bb<\/a>\n    <\/div>\n\n\n\n<div class=\"wp-block-group has-spacing--default has-spacing--default\">\n<div class=\"devider has-spacing--none\">\n    <hr>\n<\/div>\n\n\n \n\n    <div id=\"lead-in-block_7debfa95120082549526b7618274c104\" class=\"block-lead-in typo--default font-size--xl has-spacing--s width--default\">\n        <p><strong>Empfehlungen der Redaktion:<\/strong><\/p>\n    <\/div>\n\n\n\n\r\n\r\n\r\n\n\n\r\n\r\n\r\n\r\n        <div class=\"teaser-grid grid-layout--3col has-spacing--s width--inline\">\r\n\r\n            \r\n                <article class=\"post-teaser\">\r\n\r\n                    <a href=\"https:\/\/visualjournalism.de\/en\/magazine\/ratgeber\/organisieren-in-lightroom-classic\/\" rel=\"permalink\">\r\n\r\n                        <div class=\"post-teaser__content\">\r\n\r\n                            <span class=\"entry-categories\">Ratgeber<\/span>\r\n                            <h3 class=\"post-teaser__headline\">\r\n                                Organisieren in Lightroom Classic leicht gemacht.                            <\/h3>\r\n\r\n                            <div class=\"post-teaser__excerpt\">\r\n                                <p>Dieser Ratgeber zeigt dir einen einfachen Workflow, mit dem du deine Fotos schnell organisierst und gezielt ausw\u00e4hlen kannst!<\/p>\r\n                            <\/div>\r\n\r\n                        <\/div><!-- .post-teaser__content -->\r\n\r\n\r\n                        \r\n                            <figure class=\"post-teaser__image\">\r\n                                <img loading=\"lazy\" decoding=\"async\"  \r\n                                    src=\"https:\/\/visualjournalism.de\/wp-content\/uploads\/Janek_Stempel_Lightroom_2-768x512.jpg\" \r\n                                    srcset=\"https:\/\/visualjournalism.de\/wp-content\/uploads\/Janek_Stempel_Lightroom_2-768x512.jpg 768w, https:\/\/visualjournalism.de\/wp-content\/uploads\/Janek_Stempel_Lightroom_2-300x200.jpg 300w, https:\/\/visualjournalism.de\/wp-content\/uploads\/Janek_Stempel_Lightroom_2-1024x683.jpg 1024w, https:\/\/visualjournalism.de\/wp-content\/uploads\/Janek_Stempel_Lightroom_2-1536x1024.jpg 1536w, https:\/\/visualjournalism.de\/wp-content\/uploads\/Janek_Stempel_Lightroom_2-2048x1365.jpg 2048w, https:\/\/visualjournalism.de\/wp-content\/uploads\/Janek_Stempel_Lightroom_2-1920x1280.jpg 1920w, https:\/\/visualjournalism.de\/wp-content\/uploads\/Janek_Stempel_Lightroom_2-1400x933.jpg 1400w, https:\/\/visualjournalism.de\/wp-content\/uploads\/Janek_Stempel_Lightroom_2-1050x700.jpg 1050w, https:\/\/visualjournalism.de\/wp-content\/uploads\/Janek_Stempel_Lightroom_2-670x447.jpg 670w, https:\/\/visualjournalism.de\/wp-content\/uploads\/Janek_Stempel_Lightroom_2-420x280.jpg 420w, https:\/\/visualjournalism.de\/wp-content\/uploads\/Janek_Stempel_Lightroom_2-350x233.jpg 350w, https:\/\/visualjournalism.de\/wp-content\/uploads\/Janek_Stempel_Lightroom_2-150x100.jpg 150w\" \r\n                                    width=\"768\"  \r\n                                    height=\"512\" \r\n                                    alt=\"\"\r\n                                \/>\r\n                            <\/figure>\r\n\r\n                        \r\n                    \r\n                    <\/a>\r\n\r\n                <\/article><!--- .post-teaser-->\r\n\r\n            \r\n                <article class=\"post-teaser\">\r\n\r\n                    <a href=\"https:\/\/visualjournalism.de\/en\/magazine\/sammeln\/wein-mueller-kassel-magic-nordhessen\/\" rel=\"permalink\">\r\n\r\n                        <div class=\"post-teaser__content\">\r\n\r\n                            <span class=\"entry-categories\">Sammeln<\/span>\r\n                            <h3 class=\"post-teaser__headline\">\r\n                                \u00abMagic Nordhessen\u2026!!!\u00bb                            <\/h3>\r\n\r\n                            <div class=\"post-teaser__excerpt\">\r\n                                <p>Kassel, Vorderer Westen: ein Laden, in dem seit fast einem Jahrhundert gesammelt wird. Wir haben hineingeschaut.<\/p>\r\n                            <\/div>\r\n\r\n                        <\/div><!-- .post-teaser__content -->\r\n\r\n\r\n                        \r\n                            <figure class=\"post-teaser__image\">\r\n                                <img loading=\"lazy\" decoding=\"async\"  \r\n                                    src=\"https:\/\/visualjournalism.de\/wp-content\/uploads\/02_Luest_Mayla-768x576.jpg\" \r\n                                    srcset=\"https:\/\/visualjournalism.de\/wp-content\/uploads\/02_Luest_Mayla-768x576.jpg 768w, https:\/\/visualjournalism.de\/wp-content\/uploads\/02_Luest_Mayla-300x225.jpg 300w, https:\/\/visualjournalism.de\/wp-content\/uploads\/02_Luest_Mayla-1024x768.jpg 1024w, https:\/\/visualjournalism.de\/wp-content\/uploads\/02_Luest_Mayla-1536x1152.jpg 1536w, https:\/\/visualjournalism.de\/wp-content\/uploads\/02_Luest_Mayla-2048x1536.jpg 2048w, https:\/\/visualjournalism.de\/wp-content\/uploads\/02_Luest_Mayla-1920x1440.jpg 1920w, https:\/\/visualjournalism.de\/wp-content\/uploads\/02_Luest_Mayla-1400x1050.jpg 1400w, https:\/\/visualjournalism.de\/wp-content\/uploads\/02_Luest_Mayla-1050x787.jpg 1050w, https:\/\/visualjournalism.de\/wp-content\/uploads\/02_Luest_Mayla-670x502.jpg 670w, https:\/\/visualjournalism.de\/wp-content\/uploads\/02_Luest_Mayla-420x315.jpg 420w, https:\/\/visualjournalism.de\/wp-content\/uploads\/02_Luest_Mayla-350x262.jpg 350w, https:\/\/visualjournalism.de\/wp-content\/uploads\/02_Luest_Mayla-150x112.jpg 150w\" \r\n                                    width=\"768\"  \r\n                                    height=\"576\" \r\n                                    alt=\"\"\r\n                                \/>\r\n                            <\/figure>\r\n\r\n                        \r\n                    \r\n                    <\/a>\r\n\r\n                <\/article><!--- .post-teaser-->\r\n\r\n            \r\n                <article class=\"post-teaser\">\r\n\r\n                    <a href=\"https:\/\/visualjournalism.de\/en\/magazine\/ratgeber\/kreative-blockaden\/\" rel=\"permalink\">\r\n\r\n                        <div class=\"post-teaser__content\">\r\n\r\n                            <span class=\"entry-categories\">Ratgeber<\/span>\r\n                            <h3 class=\"post-teaser__headline\">\r\n                                Kreative Blockaden:                            <\/h3>\r\n\r\n                            <div class=\"post-teaser__excerpt\">\r\n                                <p>Kreative Blockaden: Sie k\u00f6nnen frustrierend sein \u2013 m\u00fcssen es aber nicht bleiben. Erfahre, warum sie entstehen, was sie dir sagen wollen und wie du Schritt f\u00fcr Schritt wieder in deinen kreativen Flow findest.<\/p>\r\n                            <\/div>\r\n\r\n                        <\/div><!-- .post-teaser__content -->\r\n\r\n\r\n                        \r\n                            <figure class=\"post-teaser__image\">\r\n                                <img loading=\"lazy\" decoding=\"async\"  \r\n                                    src=\"https:\/\/visualjournalism.de\/wp-content\/uploads\/Max_Schlag-5-768x509.jpg\" \r\n                                    srcset=\"https:\/\/visualjournalism.de\/wp-content\/uploads\/Max_Schlag-5-768x509.jpg 768w, https:\/\/visualjournalism.de\/wp-content\/uploads\/Max_Schlag-5-300x199.jpg 300w, https:\/\/visualjournalism.de\/wp-content\/uploads\/Max_Schlag-5-1024x679.jpg 1024w, https:\/\/visualjournalism.de\/wp-content\/uploads\/Max_Schlag-5-1536x1019.jpg 1536w, https:\/\/visualjournalism.de\/wp-content\/uploads\/Max_Schlag-5-2048x1358.jpg 2048w, https:\/\/visualjournalism.de\/wp-content\/uploads\/Max_Schlag-5-1920x1273.jpg 1920w, https:\/\/visualjournalism.de\/wp-content\/uploads\/Max_Schlag-5-1400x928.jpg 1400w, https:\/\/visualjournalism.de\/wp-content\/uploads\/Max_Schlag-5-1050x696.jpg 1050w, https:\/\/visualjournalism.de\/wp-content\/uploads\/Max_Schlag-5-670x444.jpg 670w, https:\/\/visualjournalism.de\/wp-content\/uploads\/Max_Schlag-5-420x278.jpg 420w, https:\/\/visualjournalism.de\/wp-content\/uploads\/Max_Schlag-5-350x232.jpg 350w, https:\/\/visualjournalism.de\/wp-content\/uploads\/Max_Schlag-5-150x99.jpg 150w\" \r\n                                    width=\"768\"  \r\n                                    height=\"509\" \r\n                                    alt=\"glitzernde Wasseroberfl\u00e4che\"\r\n                                \/>\r\n                            <\/figure>\r\n\r\n                        \r\n                    \r\n                    <\/a>\r\n\r\n                <\/article><!--- .post-teaser-->\r\n\r\n            \r\n        <\/div><!-- .teaser-grid -->\r\n\r\n\n\n\r\n\r\n\r\n\n\n\n    <div class=\"btn-wrapper has-spacing--m\">\n        <a class=\"btn\" href=\"https:\/\/visualjournalism.de\/magazin\/\" target=\"_blank\">ZUR MAGAZIN-STARTSEITE<\/a>\n    <\/div>\n<\/div>\n","protected":false},"author":4,"featured_media":49300,"template":"","tags":[],"magazinkategorie":[187],"class_list":["post-49232","magazin","type-magazin","status-publish","has-post-thumbnail","hentry","magazinkategorie-auf-den-spuren-von"],"acf":[],"yoast_head":"<!-- This site is optimized with the Yoast SEO Premium plugin v27.3 (Yoast SEO v27.3) - https:\/\/yoast.com\/product\/yoast-seo-premium-wordpress\/ -->\n<title>Alte Feine, neue Nachbarn: Wie die R\u00fcckkehr der W\u00f6lfe polarisiert<\/title>\n<meta name=\"description\" content=\"Die W\u00f6lfe sind wieder in unseren W\u00e4ldern heimisch. K\u00f6nnen wir gemeinsam mit dem einstigen Feind als neuem Nachbarn leben?\" \/>\n<meta name=\"robots\" content=\"index, follow, max-snippet:-1, max-image-preview:large, max-video-preview:-1\" \/>\n<link rel=\"canonical\" href=\"https:\/\/visualjournalism.de\/en\/magazine\/auf-den-spuren-von\/alte-feinde-neue-nachbarn-wie-die-rueckkehr-des-wolfes-landwirtschaft-und-naturschutz-bewegt\/\" \/>\n<meta property=\"og:locale\" content=\"en_US\" \/>\n<meta property=\"og:type\" content=\"article\" \/>\n<meta property=\"og:title\" content=\"Alte Feinde, neue Nachbarn \u2013 Wie die R\u00fcckkehr des Wolfes Landwirtschaft und Naturschutz bewegt\" \/>\n<meta property=\"og:description\" content=\"Die W\u00f6lfe sind wieder in unseren W\u00e4ldern heimisch. K\u00f6nnen wir gemeinsam mit dem einstigen Feind als neuem Nachbarn leben?\" \/>\n<meta property=\"og:url\" content=\"https:\/\/visualjournalism.de\/en\/magazine\/auf-den-spuren-von\/alte-feinde-neue-nachbarn-wie-die-rueckkehr-des-wolfes-landwirtschaft-und-naturschutz-bewegt\/\" \/>\n<meta property=\"og:site_name\" content=\"Visual Journalism and Documentary Photography\" \/>\n<meta property=\"article:publisher\" content=\"https:\/\/www.facebook.com\/people\/wwwfotostudentende\/100065173703897\/\" \/>\n<meta property=\"article:modified_time\" content=\"2024-11-05T21:13:36+00:00\" \/>\n<meta property=\"og:image\" content=\"https:\/\/visualjournalism.de\/wp-content\/uploads\/karmelk-wolf-kamera.jpg\" \/>\n\t<meta property=\"og:image:width\" content=\"2385\" \/>\n\t<meta property=\"og:image:height\" content=\"1589\" \/>\n\t<meta property=\"og:image:type\" content=\"image\/jpeg\" \/>\n<meta name=\"twitter:card\" content=\"summary_large_image\" \/>\n<meta name=\"twitter:site\" content=\"@HsHannover\" \/>\n<meta name=\"twitter:label1\" content=\"Est. reading time\" \/>\n\t<meta name=\"twitter:data1\" content=\"8 minutes\" \/>\n<script type=\"application\/ld+json\" class=\"yoast-schema-graph\">{\"@context\":\"https:\\\/\\\/schema.org\",\"@graph\":[{\"@type\":\"WebPage\",\"@id\":\"https:\\\/\\\/visualjournalism.de\\\/en\\\/magazine\\\/auf-den-spuren-von\\\/alte-feinde-neue-nachbarn-wie-die-rueckkehr-des-wolfes-landwirtschaft-und-naturschutz-bewegt\\\/\",\"url\":\"https:\\\/\\\/visualjournalism.de\\\/en\\\/magazine\\\/auf-den-spuren-von\\\/alte-feinde-neue-nachbarn-wie-die-rueckkehr-des-wolfes-landwirtschaft-und-naturschutz-bewegt\\\/\",\"name\":\"Alte Feine, neue Nachbarn: Wie die R\u00fcckkehr der W\u00f6lfe polarisiert\",\"isPartOf\":{\"@id\":\"https:\\\/\\\/visualjournalism.de\\\/en\\\/#website\"},\"primaryImageOfPage\":{\"@id\":\"https:\\\/\\\/visualjournalism.de\\\/en\\\/magazine\\\/auf-den-spuren-von\\\/alte-feinde-neue-nachbarn-wie-die-rueckkehr-des-wolfes-landwirtschaft-und-naturschutz-bewegt\\\/#primaryimage\"},\"image\":{\"@id\":\"https:\\\/\\\/visualjournalism.de\\\/en\\\/magazine\\\/auf-den-spuren-von\\\/alte-feinde-neue-nachbarn-wie-die-rueckkehr-des-wolfes-landwirtschaft-und-naturschutz-bewegt\\\/#primaryimage\"},\"thumbnailUrl\":\"https:\\\/\\\/visualjournalism.de\\\/wp-content\\\/uploads\\\/karmelk-wolf-kamera.jpg\",\"datePublished\":\"2024-10-25T19:02:17+00:00\",\"dateModified\":\"2024-11-05T21:13:36+00:00\",\"description\":\"Die W\u00f6lfe sind wieder in unseren W\u00e4ldern heimisch. K\u00f6nnen wir gemeinsam mit dem einstigen Feind als neuem Nachbarn leben?\",\"breadcrumb\":{\"@id\":\"https:\\\/\\\/visualjournalism.de\\\/en\\\/magazine\\\/auf-den-spuren-von\\\/alte-feinde-neue-nachbarn-wie-die-rueckkehr-des-wolfes-landwirtschaft-und-naturschutz-bewegt\\\/#breadcrumb\"},\"inLanguage\":\"en-US\",\"potentialAction\":[{\"@type\":\"ReadAction\",\"target\":[\"https:\\\/\\\/visualjournalism.de\\\/en\\\/magazine\\\/auf-den-spuren-von\\\/alte-feinde-neue-nachbarn-wie-die-rueckkehr-des-wolfes-landwirtschaft-und-naturschutz-bewegt\\\/\"]}]},{\"@type\":\"ImageObject\",\"inLanguage\":\"en-US\",\"@id\":\"https:\\\/\\\/visualjournalism.de\\\/en\\\/magazine\\\/auf-den-spuren-von\\\/alte-feinde-neue-nachbarn-wie-die-rueckkehr-des-wolfes-landwirtschaft-und-naturschutz-bewegt\\\/#primaryimage\",\"url\":\"https:\\\/\\\/visualjournalism.de\\\/wp-content\\\/uploads\\\/karmelk-wolf-kamera.jpg\",\"contentUrl\":\"https:\\\/\\\/visualjournalism.de\\\/wp-content\\\/uploads\\\/karmelk-wolf-kamera.jpg\",\"width\":2385,\"height\":1589,\"caption\":\"Ein Wolf in der Nacht, aufgenommen durch eine Wildtierkamera aus dem Gebiet, f\u00fcr das Valeska de Pelligrini zust\u00e4ndig ist. Dies ist nur ein Foto von unz\u00e4hligen Datens\u00e4tzen, die sie jedes Wolfsjahr auswertet und dem Land Brandenburg zur Verf\u00fcgung stellt. Aufgenommen: 12.01.2024 Foto: Annabel Karmelk\"},{\"@type\":\"BreadcrumbList\",\"@id\":\"https:\\\/\\\/visualjournalism.de\\\/en\\\/magazine\\\/auf-den-spuren-von\\\/alte-feinde-neue-nachbarn-wie-die-rueckkehr-des-wolfes-landwirtschaft-und-naturschutz-bewegt\\\/#breadcrumb\",\"itemListElement\":[{\"@type\":\"ListItem\",\"position\":1,\"name\":\"Home\",\"item\":\"https:\\\/\\\/visualjournalism.de\\\/en\\\/\"},{\"@type\":\"ListItem\",\"position\":2,\"name\":\"Magazin\",\"item\":\"https:\\\/\\\/visualjournalism.de\\\/en\\\/magazine\\\/\"},{\"@type\":\"ListItem\",\"position\":3,\"name\":\"Alte Feinde, neue Nachbarn \u2013 Wie die R\u00fcckkehr des Wolfes Landwirtschaft und Naturschutz bewegt\"}]},{\"@type\":\"WebSite\",\"@id\":\"https:\\\/\\\/visualjournalism.de\\\/en\\\/#website\",\"url\":\"https:\\\/\\\/visualjournalism.de\\\/en\\\/\",\"name\":\"Visual Journalism and Documentary Photography\",\"description\":\"All about the bilingual bachelor&#039;s program at Hannover University of Applied Sciences and Arts.\",\"publisher\":{\"@id\":\"https:\\\/\\\/visualjournalism.de\\\/en\\\/#organization\"},\"alternateName\":\"visualjournalism.de\",\"potentialAction\":[{\"@type\":\"SearchAction\",\"target\":{\"@type\":\"EntryPoint\",\"urlTemplate\":\"https:\\\/\\\/visualjournalism.de\\\/en\\\/?s={search_term_string}\"},\"query-input\":{\"@type\":\"PropertyValueSpecification\",\"valueRequired\":true,\"valueName\":\"search_term_string\"}}],\"inLanguage\":\"en-US\"},{\"@type\":\"Organization\",\"@id\":\"https:\\\/\\\/visualjournalism.de\\\/en\\\/#organization\",\"name\":\"Hochschule Hannover \u2013 University of Applied Sciences and Arts\",\"alternateName\":\"HsH\",\"url\":\"https:\\\/\\\/visualjournalism.de\\\/en\\\/\",\"logo\":{\"@type\":\"ImageObject\",\"inLanguage\":\"en-US\",\"@id\":\"https:\\\/\\\/visualjournalism.de\\\/en\\\/#\\\/schema\\\/logo\\\/image\\\/\",\"url\":\"https:\\\/\\\/visualjournalism.de\\\/wp-content\\\/uploads\\\/logo-hochschule-hannover.png\",\"contentUrl\":\"https:\\\/\\\/visualjournalism.de\\\/wp-content\\\/uploads\\\/logo-hochschule-hannover.png\",\"width\":363,\"height\":270,\"caption\":\"Hochschule Hannover \u2013 University of Applied Sciences and Arts\"},\"image\":{\"@id\":\"https:\\\/\\\/visualjournalism.de\\\/en\\\/#\\\/schema\\\/logo\\\/image\\\/\"},\"sameAs\":[\"https:\\\/\\\/www.facebook.com\\\/people\\\/wwwfotostudentende\\\/100065173703897\\\/\",\"https:\\\/\\\/x.com\\\/HsHannover\",\"https:\\\/\\\/www.instagram.com\\\/visualjournalism.de\\\/\"]}]}<\/script>\n<!-- \/ Yoast SEO Premium plugin. -->","yoast_head_json":{"title":"Alte Feine, neue Nachbarn: Wie die R\u00fcckkehr der W\u00f6lfe polarisiert","description":"Die W\u00f6lfe sind wieder in unseren W\u00e4ldern heimisch. K\u00f6nnen wir gemeinsam mit dem einstigen Feind als neuem Nachbarn leben?","robots":{"index":"index","follow":"follow","max-snippet":"max-snippet:-1","max-image-preview":"max-image-preview:large","max-video-preview":"max-video-preview:-1"},"canonical":"https:\/\/visualjournalism.de\/en\/magazine\/auf-den-spuren-von\/alte-feinde-neue-nachbarn-wie-die-rueckkehr-des-wolfes-landwirtschaft-und-naturschutz-bewegt\/","og_locale":"en_US","og_type":"article","og_title":"Alte Feinde, neue Nachbarn \u2013 Wie die R\u00fcckkehr des Wolfes Landwirtschaft und Naturschutz bewegt","og_description":"Die W\u00f6lfe sind wieder in unseren W\u00e4ldern heimisch. K\u00f6nnen wir gemeinsam mit dem einstigen Feind als neuem Nachbarn leben?","og_url":"https:\/\/visualjournalism.de\/en\/magazine\/auf-den-spuren-von\/alte-feinde-neue-nachbarn-wie-die-rueckkehr-des-wolfes-landwirtschaft-und-naturschutz-bewegt\/","og_site_name":"Visual Journalism and Documentary Photography","article_publisher":"https:\/\/www.facebook.com\/people\/wwwfotostudentende\/100065173703897\/","article_modified_time":"2024-11-05T21:13:36+00:00","og_image":[{"width":2385,"height":1589,"url":"https:\/\/visualjournalism.de\/wp-content\/uploads\/karmelk-wolf-kamera.jpg","type":"image\/jpeg"}],"twitter_card":"summary_large_image","twitter_site":"@HsHannover","twitter_misc":{"Est. reading time":"8 minutes"},"schema":{"@context":"https:\/\/schema.org","@graph":[{"@type":"WebPage","@id":"https:\/\/visualjournalism.de\/en\/magazine\/auf-den-spuren-von\/alte-feinde-neue-nachbarn-wie-die-rueckkehr-des-wolfes-landwirtschaft-und-naturschutz-bewegt\/","url":"https:\/\/visualjournalism.de\/en\/magazine\/auf-den-spuren-von\/alte-feinde-neue-nachbarn-wie-die-rueckkehr-des-wolfes-landwirtschaft-und-naturschutz-bewegt\/","name":"Alte Feine, neue Nachbarn: Wie die R\u00fcckkehr der W\u00f6lfe polarisiert","isPartOf":{"@id":"https:\/\/visualjournalism.de\/en\/#website"},"primaryImageOfPage":{"@id":"https:\/\/visualjournalism.de\/en\/magazine\/auf-den-spuren-von\/alte-feinde-neue-nachbarn-wie-die-rueckkehr-des-wolfes-landwirtschaft-und-naturschutz-bewegt\/#primaryimage"},"image":{"@id":"https:\/\/visualjournalism.de\/en\/magazine\/auf-den-spuren-von\/alte-feinde-neue-nachbarn-wie-die-rueckkehr-des-wolfes-landwirtschaft-und-naturschutz-bewegt\/#primaryimage"},"thumbnailUrl":"https:\/\/visualjournalism.de\/wp-content\/uploads\/karmelk-wolf-kamera.jpg","datePublished":"2024-10-25T19:02:17+00:00","dateModified":"2024-11-05T21:13:36+00:00","description":"Die W\u00f6lfe sind wieder in unseren W\u00e4ldern heimisch. K\u00f6nnen wir gemeinsam mit dem einstigen Feind als neuem Nachbarn leben?","breadcrumb":{"@id":"https:\/\/visualjournalism.de\/en\/magazine\/auf-den-spuren-von\/alte-feinde-neue-nachbarn-wie-die-rueckkehr-des-wolfes-landwirtschaft-und-naturschutz-bewegt\/#breadcrumb"},"inLanguage":"en-US","potentialAction":[{"@type":"ReadAction","target":["https:\/\/visualjournalism.de\/en\/magazine\/auf-den-spuren-von\/alte-feinde-neue-nachbarn-wie-die-rueckkehr-des-wolfes-landwirtschaft-und-naturschutz-bewegt\/"]}]},{"@type":"ImageObject","inLanguage":"en-US","@id":"https:\/\/visualjournalism.de\/en\/magazine\/auf-den-spuren-von\/alte-feinde-neue-nachbarn-wie-die-rueckkehr-des-wolfes-landwirtschaft-und-naturschutz-bewegt\/#primaryimage","url":"https:\/\/visualjournalism.de\/wp-content\/uploads\/karmelk-wolf-kamera.jpg","contentUrl":"https:\/\/visualjournalism.de\/wp-content\/uploads\/karmelk-wolf-kamera.jpg","width":2385,"height":1589,"caption":"Ein Wolf in der Nacht, aufgenommen durch eine Wildtierkamera aus dem Gebiet, f\u00fcr das Valeska de Pelligrini zust\u00e4ndig ist. Dies ist nur ein Foto von unz\u00e4hligen Datens\u00e4tzen, die sie jedes Wolfsjahr auswertet und dem Land Brandenburg zur Verf\u00fcgung stellt. Aufgenommen: 12.01.2024 Foto: Annabel Karmelk"},{"@type":"BreadcrumbList","@id":"https:\/\/visualjournalism.de\/en\/magazine\/auf-den-spuren-von\/alte-feinde-neue-nachbarn-wie-die-rueckkehr-des-wolfes-landwirtschaft-und-naturschutz-bewegt\/#breadcrumb","itemListElement":[{"@type":"ListItem","position":1,"name":"Home","item":"https:\/\/visualjournalism.de\/en\/"},{"@type":"ListItem","position":2,"name":"Magazin","item":"https:\/\/visualjournalism.de\/en\/magazine\/"},{"@type":"ListItem","position":3,"name":"Alte Feinde, neue Nachbarn \u2013 Wie die R\u00fcckkehr des Wolfes Landwirtschaft und Naturschutz bewegt"}]},{"@type":"WebSite","@id":"https:\/\/visualjournalism.de\/en\/#website","url":"https:\/\/visualjournalism.de\/en\/","name":"Visual Journalism and Documentary Photography","description":"All about the bilingual bachelor&#039;s program at Hannover University of Applied Sciences and Arts.","publisher":{"@id":"https:\/\/visualjournalism.de\/en\/#organization"},"alternateName":"visualjournalism.de","potentialAction":[{"@type":"SearchAction","target":{"@type":"EntryPoint","urlTemplate":"https:\/\/visualjournalism.de\/en\/?s={search_term_string}"},"query-input":{"@type":"PropertyValueSpecification","valueRequired":true,"valueName":"search_term_string"}}],"inLanguage":"en-US"},{"@type":"Organization","@id":"https:\/\/visualjournalism.de\/en\/#organization","name":"Hochschule Hannover \u2013 University of Applied Sciences and Arts","alternateName":"HsH","url":"https:\/\/visualjournalism.de\/en\/","logo":{"@type":"ImageObject","inLanguage":"en-US","@id":"https:\/\/visualjournalism.de\/en\/#\/schema\/logo\/image\/","url":"https:\/\/visualjournalism.de\/wp-content\/uploads\/logo-hochschule-hannover.png","contentUrl":"https:\/\/visualjournalism.de\/wp-content\/uploads\/logo-hochschule-hannover.png","width":363,"height":270,"caption":"Hochschule Hannover \u2013 University of Applied Sciences and Arts"},"image":{"@id":"https:\/\/visualjournalism.de\/en\/#\/schema\/logo\/image\/"},"sameAs":["https:\/\/www.facebook.com\/people\/wwwfotostudentende\/100065173703897\/","https:\/\/x.com\/HsHannover","https:\/\/www.instagram.com\/visualjournalism.de\/"]}]}},"_links":{"self":[{"href":"https:\/\/visualjournalism.de\/en\/wp-json\/wp\/v2\/magazin\/49232","targetHints":{"allow":["GET"]}}],"collection":[{"href":"https:\/\/visualjournalism.de\/en\/wp-json\/wp\/v2\/magazin"}],"about":[{"href":"https:\/\/visualjournalism.de\/en\/wp-json\/wp\/v2\/types\/magazin"}],"author":[{"embeddable":true,"href":"https:\/\/visualjournalism.de\/en\/wp-json\/wp\/v2\/users\/4"}],"version-history":[{"count":0,"href":"https:\/\/visualjournalism.de\/en\/wp-json\/wp\/v2\/magazin\/49232\/revisions"}],"wp:featuredmedia":[{"embeddable":true,"href":"https:\/\/visualjournalism.de\/en\/wp-json\/wp\/v2\/media\/49300"}],"wp:attachment":[{"href":"https:\/\/visualjournalism.de\/en\/wp-json\/wp\/v2\/media?parent=49232"}],"wp:term":[{"taxonomy":"post_tag","embeddable":true,"href":"https:\/\/visualjournalism.de\/en\/wp-json\/wp\/v2\/tags?post=49232"},{"taxonomy":"magazinkategorie","embeddable":true,"href":"https:\/\/visualjournalism.de\/en\/wp-json\/wp\/v2\/magazinkategorie?post=49232"}],"curies":[{"name":"wp","href":"https:\/\/api.w.org\/{rel}","templated":true}]}}