{"id":51263,"date":"2026-02-24T16:56:43","date_gmt":"2026-02-24T14:56:43","guid":{"rendered":"https:\/\/visualjournalism.de\/?post_type=magazin&#038;p=51263"},"modified":"2026-02-24T16:56:48","modified_gmt":"2026-02-24T14:56:48","slug":"was-eine-gute-fotoreportage-auszeichnet","status":"publish","type":"magazin","link":"https:\/\/visualjournalism.de\/en\/magazine\/ratgeber\/was-eine-gute-fotoreportage-auszeichnet\/","title":{"rendered":"Was eine gute Fotoreportage auszeichnet"},"content":{"rendered":"\n \n\n    <div id=\"lead-in-block_f4702dd58be9d8bd81984b578362cd4d\" class=\"block-lead-in typo--default font-size--xl has-spacing--m width--default\">\n        <h1>Was eine gute Fotoreportage auszeichnet.<\/h1>\n<p>Ein klarer Fokus auf deine Protagonistinnen, ausdrucksstarke Bilder und starkes Storytelling. So machst du eine Fotoreportage, die fesselt und in Erinnerung bleibt.<\/p>\n<div class=\"entry-meta\">\r\n    <span class=\"posted-on\"><a href=\"https:\/\/visualjournalism.de\/en\/magazine\/ratgeber\/was-eine-gute-fotoreportage-auszeichnet\/\" rel=\"bookmark\"><time class=\"entry-date published\" datetime=\"2026-02-24T16:56:43+02:00\">24.02.2026<\/time><\/a><\/span><span class=\"byline\">Redaktion: <span class=\"author vcard\"><a class=\"url fn n\" href=\"http:\/\/www.felixrosic.de\">Felix Rosic<\/a><\/span><\/span><\/div><!-- .entry-meta -->\r\n    <\/div>\n\n\n\n    <figure class=\"block-photo post__image--wide-left has-spacing--m no-title\">\n\n        <div class=\"post__image__container\">\n            <img loading=\"lazy\" decoding=\"async\" \n                src=\"https:\/\/visualjournalism.de\/wp-content\/uploads\/Ratgeber-Fotoreportage-1-Fabian-Niebauer-_DSC5629-lowRes-1050x700.jpg\"\n                srcset=\"https:\/\/visualjournalism.de\/wp-content\/uploads\/Ratgeber-Fotoreportage-1-Fabian-Niebauer-_DSC5629-lowRes-1050x700.jpg 1050w, https:\/\/visualjournalism.de\/wp-content\/uploads\/Ratgeber-Fotoreportage-1-Fabian-Niebauer-_DSC5629-lowRes-300x200.jpg 300w, https:\/\/visualjournalism.de\/wp-content\/uploads\/Ratgeber-Fotoreportage-1-Fabian-Niebauer-_DSC5629-lowRes-1024x683.jpg 1024w, https:\/\/visualjournalism.de\/wp-content\/uploads\/Ratgeber-Fotoreportage-1-Fabian-Niebauer-_DSC5629-lowRes-768x512.jpg 768w, https:\/\/visualjournalism.de\/wp-content\/uploads\/Ratgeber-Fotoreportage-1-Fabian-Niebauer-_DSC5629-lowRes-1536x1024.jpg 1536w, https:\/\/visualjournalism.de\/wp-content\/uploads\/Ratgeber-Fotoreportage-1-Fabian-Niebauer-_DSC5629-lowRes-2048x1365.jpg 2048w, https:\/\/visualjournalism.de\/wp-content\/uploads\/Ratgeber-Fotoreportage-1-Fabian-Niebauer-_DSC5629-lowRes-1920x1280.jpg 1920w, https:\/\/visualjournalism.de\/wp-content\/uploads\/Ratgeber-Fotoreportage-1-Fabian-Niebauer-_DSC5629-lowRes-1400x933.jpg 1400w, https:\/\/visualjournalism.de\/wp-content\/uploads\/Ratgeber-Fotoreportage-1-Fabian-Niebauer-_DSC5629-lowRes-670x447.jpg 670w, https:\/\/visualjournalism.de\/wp-content\/uploads\/Ratgeber-Fotoreportage-1-Fabian-Niebauer-_DSC5629-lowRes-420x280.jpg 420w, https:\/\/visualjournalism.de\/wp-content\/uploads\/Ratgeber-Fotoreportage-1-Fabian-Niebauer-_DSC5629-lowRes-350x233.jpg 350w, https:\/\/visualjournalism.de\/wp-content\/uploads\/Ratgeber-Fotoreportage-1-Fabian-Niebauer-_DSC5629-lowRes-150x100.jpg 150w\"\n                width=\"1050\" \n                height=\"700\"\n                alt=\"\" \n            \/>\n            \n                    <\/div><!-- post__image__container -->\n\n        \n    <\/figure><!-- post__image -->\n\n\n\n\n<p class=\"post__paragraph has-spacing--m\">Die Fotoreportage ist in erster Linie eine Serie. Sie ist eine Form des visuellen Erz\u00e4hlens, bei der eine Abfolge von Fotografien genutzt wird, um eine Geschichte oder ein bestimmtes Thema auf anschauliche Weise zu dokumentieren. Im Gegensatz zu einzelnen Bildern, die oft isoliert betrachtet werden, verbindet eine Fotoreportage mehrere Bilder zu einer narrativen Einheit.<\/p>\n\n\n\n<div class=\"wp-block-group has-color-2-background-color has-background has-spacing--m\">\n    <div class=\"headline-block has-spacing--xs\">\n\n        <h2 class=\"post__headline\">Inhalt<\/h2>\n\n        \n    <\/div>\n\n    \n\n\n\n\n<div class=\"pinned-block has-spacing--xs\">\n\t\n\n<div class=\"pinned-block__column--left\">\n    \n\n<p class=\"post__paragraph is-style-typo--soehne has-spacing--xs\"><strong><a href=\"#1-Idee-Planung\">1. Idee und Planung.<\/a> <\/strong>Eine gute Fotoreportage beginnt mit ehrlichem Interesse an einem Thema. Recherche und eine gr\u00fcndliche Vorbereitung sind essenziell.<\/p>\n\n\n\n<p class=\"post__paragraph is-style-typo--soehne has-spacing--xs\"><a href=\"#2-Technik\"><strong>2. Technik.<\/strong><\/a> Der handwerkliche Teil der Arbeit erfordert die passenden Werkzeuge. Was nimmst du mit zu deinen Terminen?<\/p>\n\n\n\n<p class=\"post__paragraph is-style-typo--soehne has-spacing--xs\"><strong><a href=\"#3-Produktion\">3. Produktion vor Ort.<\/a> <\/strong>Mit Kreativit\u00e4t, Flexibilit\u00e4t und einem geschulten Blick. Wie f\u00e4ngt man den perfekten Moment ein?<\/p>\n\n\n<\/div>\n\n\n<div class=\"pinned-block__column--right\">\n    \n\n<p class=\"post__paragraph is-style-typo--soehne has-spacing--xs\"><strong><a href=\"#4-Edit\">4. Edit.<\/a> <\/strong>Was tun mit all den Fotos? Tipps zum Editieren und Bearbeiten deiner Reportage.<\/p>\n\n\n\n<p class=\"post__paragraph is-style-typo--soehne has-spacing--none\"><strong><a href=\"#5-Nacharbeit\">5. Nacharbeit:<\/a> <\/strong>Was gilt es noch zu tun, nachdem deine Fotoreportage fertig fotografiert, &#8211; bearbeitet und -sequenziert ist?<\/p>\n\n\n<\/div>\n<\/div><\/div>\n\n\n\n<p class=\"post__paragraph has-spacing--default\">Dabei geht es nicht allein um die typische Reportage-\u00c4sthetik: Es gilt Emotionen zu wecken, Informationen zu vermitteln und Zusammenh\u00e4nge zu verdeutlichen. <\/p>\n\n\n\n<p class=\"post__paragraph has-spacing--m\">Dieser Ratgeber zur Fotoreportage soll sich um die Herangehensweise drehen, wie spannende Geschichten visuell erz\u00e4hlt werden k\u00f6nnen und welche Rolle Planung und Recherche dabei spielen. Au\u00dferdem wird er zeigen, wie man die verschiedenen Elemente einer Reportage \u2013 Einstiegsbilder etwa, Detailaufnahmen oder Schlussbilder \u2013 sinnvoll kombiniert. Der Fokus liegt darauf, wie Fotograf*innen ihre Ideen in eine starke visuelle Geschichte umsetzen k\u00f6nnen, die das Publikum fesselt und zum Nachdenken anregt.<\/p>\n\n\n\n    <div class=\"headline-block has-spacing--xs\">\n\n        <h2 class=\"post__headline\">Wie alles begann<\/h2>\n\n        \n    <\/div>\n\n    \n\n\n\n\n<p class=\"post__paragraph has-spacing--default\">Die&nbsp;Fotoreportage&nbsp;entstand im fr\u00fchen 20. Jahrhundert mit Magazinen wie&nbsp;<a href=\"https:\/\/www.life.com\">LIFE<\/a>&nbsp;oder Agenturen wie&nbsp;<a href=\"https:\/\/www.magnumphotos.com\">MAGNUM<\/a>&nbsp;und wurde durch Bildjournalist*innen wie Robert Capa oder Dorothea Lange gepr\u00e4gt. Trotz digitalem Wandel und Social Media bleibt sie relevant \u2013 sei es in Magazinen, Online-Medien oder als Langzeitprojekte in Buchform.<\/p>\n\n\n\n<p class=\"post__paragraph has-spacing--m\">Sie h\u00e4lt sich hartn\u00e4ckig in der Medienlandschaft, weil sie N\u00e4he schafft \u2013 sie erz\u00e4hlt Geschichten direkt aus dem Geschehen, emotional und authentisch. In Zeiten der Informationsflut bleibt sie relevant, weil sie nicht nur zeigt,&nbsp;was passiert, sondern auch&nbsp;warum es wichtig ist das Geschehene zu zeigen&nbsp;\u2013 sei es in Magazinen, Online-Medien oder als Langzeitprojekte in Buchform.<\/p>\n\n\n\n<div id=\"1-Idee-Planung\" class=\"wp-block-group has-spacing--m has-color-2-background-color has-background has-spacing--m\">    <figure class=\"block-photo post__image--wide-left has-spacing--m with-title\">\n\n        <div class=\"post__image__container\">\n            <img loading=\"lazy\" decoding=\"async\" \n                src=\"https:\/\/visualjournalism.de\/wp-content\/uploads\/Ratgeber-Fotoreportage-Stock-Footage-\u00a9Felix-Kaspar-Rosic-1050x700.jpg\"\n                srcset=\"https:\/\/visualjournalism.de\/wp-content\/uploads\/Ratgeber-Fotoreportage-Stock-Footage-\u00a9Felix-Kaspar-Rosic-1050x700.jpg 1050w, https:\/\/visualjournalism.de\/wp-content\/uploads\/Ratgeber-Fotoreportage-Stock-Footage-\u00a9Felix-Kaspar-Rosic-300x200.jpg 300w, https:\/\/visualjournalism.de\/wp-content\/uploads\/Ratgeber-Fotoreportage-Stock-Footage-\u00a9Felix-Kaspar-Rosic-1024x683.jpg 1024w, https:\/\/visualjournalism.de\/wp-content\/uploads\/Ratgeber-Fotoreportage-Stock-Footage-\u00a9Felix-Kaspar-Rosic-768x512.jpg 768w, https:\/\/visualjournalism.de\/wp-content\/uploads\/Ratgeber-Fotoreportage-Stock-Footage-\u00a9Felix-Kaspar-Rosic-1536x1024.jpg 1536w, https:\/\/visualjournalism.de\/wp-content\/uploads\/Ratgeber-Fotoreportage-Stock-Footage-\u00a9Felix-Kaspar-Rosic-2048x1365.jpg 2048w, https:\/\/visualjournalism.de\/wp-content\/uploads\/Ratgeber-Fotoreportage-Stock-Footage-\u00a9Felix-Kaspar-Rosic-1920x1280.jpg 1920w, https:\/\/visualjournalism.de\/wp-content\/uploads\/Ratgeber-Fotoreportage-Stock-Footage-\u00a9Felix-Kaspar-Rosic-1400x933.jpg 1400w, https:\/\/visualjournalism.de\/wp-content\/uploads\/Ratgeber-Fotoreportage-Stock-Footage-\u00a9Felix-Kaspar-Rosic-670x447.jpg 670w, https:\/\/visualjournalism.de\/wp-content\/uploads\/Ratgeber-Fotoreportage-Stock-Footage-\u00a9Felix-Kaspar-Rosic-420x280.jpg 420w, https:\/\/visualjournalism.de\/wp-content\/uploads\/Ratgeber-Fotoreportage-Stock-Footage-\u00a9Felix-Kaspar-Rosic-350x233.jpg 350w, https:\/\/visualjournalism.de\/wp-content\/uploads\/Ratgeber-Fotoreportage-Stock-Footage-\u00a9Felix-Kaspar-Rosic-150x100.jpg 150w\"\n                width=\"1050\" \n                height=\"700\"\n                alt=\"\" \n            \/>\n            \n                            <span class=\"post__image__title\">www.felixrosic.de<\/span>\n                    <\/div><!-- post__image__container -->\n\n        \n    <\/figure><!-- post__image -->\n\n\n\n\n    <div class=\"headline-block has-spacing--xs\">\n\n        <h2 class=\"post__headline\">1. Idee und Planung<\/h2>\n\n        \n    <\/div>\n\n    \n\n\n\n\n<p class=\"post__paragraph has-spacing--default\">Der Schl\u00fcssel zu einer gelungenen Fotoreportage liegt in einer fundierten Vorbereitung. Ein \u00fcberzeugendes Thema bildet die Grundlage \u2013 sei es eine pers\u00f6nliche Leidenschaft, ein gesellschaftlich relevantes Anliegen oder eine investigative Recherche zu politischen und sozialen Missst\u00e4nden. Fotoreportagen erfordern nicht nur ein gutes Gesp\u00fcr f\u00fcr Bilder, sondern auch journalistische Sorgfalt:<\/p>\n\n\n\n<p class=\"post__paragraph has-spacing--m\"><br>Gr\u00fcndliche Recherche, Hintergrundgespr\u00e4che, Interviews mit Expertinnen oder Betroffenen sowie der Zugang zu entscheidenden Schaupl\u00e4tzen sind essenziell, um eine Geschichte visuell und inhaltlich stark zu erz\u00e4hlen. Um als Fotojournalistin inspiriert zu bleiben, lohnt es sich, \u00fcber Fotob\u00fccher hinauszublicken \u2013 investigativer Journalismus, Dokumentationen und Reportagen aus anderen Medienbereichen erweitern den Blick und sch\u00e4rfen die eigene Bildsprache.<\/p>\n\n\n\n \n\n    <div id=\"accordion-block_fc4bc7a0cf7892da2b1acbba68f089b6\" class=\"accordion has-spacing--m\">\n        <div class=\"accordion__title\">\n            <h5>Hier ein paar zeitlose Quellen:<\/h5>\n            <span><\/span>\n        <\/div>\n\n        <div class=\"accordion__text\">\n         <p><!-- wp:paragraph --><\/p>\n<p class=\"p1\"><strong>Zeitungen und Magazine:<br \/>\n<\/strong>\u2022 \u00dcberregional: S\u00fcddeutsche Zeitung, Die Zeit, FAZ \u2013 f\u00fcr tiefgehende Analysen und Reportagen<br \/>\n\u2022 International: The Guardian, The New York Times, Le Monde \u2013 andere Perspektiven sch\u00e4rfen den Blick<br \/>\n\u2022 Fotografie und Reportage: Geo, National Geographic, Der Spiegel \u2013 visuelle und erz\u00e4hlerische Exzellenz<\/p>\n<p class=\"p1\"><strong>Dokumentarfilme und Reportage-Formate:<br \/>\n<\/strong>\u2022 ARTE Re: und ZDF Die Spur \u2013 visuell starke Dokus<br \/>\n\u2022 VICE und BBC Storyville \u2013 f\u00fcr mutige, investigative Reportagen<\/p>\n<p class=\"p1\"><strong>Social Media und Online-Plattformen:<br \/>\n<\/strong>\u2022 Instagram und LensCulture \u2013 aktuelle Trends und Arbeiten anderer Fotograf*innen<br \/>\n\u2022 Magnum Photos und VII Agency \u2013 ikonische Fotoreportagen<\/p>\n<p class=\"p1\"><strong>Museen und Ausstellungen:<br \/>\n<\/strong>\u2022 Fotografiska, C\/O Berlin, Magnum-Ausstellungen \u2013 um Arbeiten im Original zu sehen<\/p>\n<p class=\"p1\"><strong>Selbst rausgehen und beobachten:<br \/>\n<\/strong>\u2022 M\u00e4rkte, Bahnh\u00f6fe, Demonstrationen \u2013 gute Geschichten entstehen oft dort, wo man sie nicht erwartet<\/p>\n<p><!-- \/wp:paragraph --><\/p>\n        <\/div>\n    <\/div>\n\n\n\n\n    <div class=\"headline-block has-spacing--xs\">\n\n        <h2 class=\"post__headline\">Die Themensetzung<\/h2>\n\n        \n    <\/div>\n\n    \n\n\n\n\n<p class=\"post__paragraph has-spacing--default\">Vor Beginn solltest du dir einige zentrale Fragen stellen: Was m\u00f6chte ich eigentlich erz\u00e4hlen? W\u00e4hle ein relevantes Thema, das die Leserinnen und Leser anspricht \u2013 sei es ein soziales Thema, ein pers\u00f6nliches Schicksal oder eine gesellschaftliche Entwicklung. Wer soll die Hauptfigur werden? Eine starke Protagonistin oder ein starker Protagonist macht die Geschichte greifbar und emotional.<\/p>\n\n\n\n<p class=\"post__paragraph has-spacing--m\">Menschen helfen, abstrakte Sachverhalte verst\u00e4ndlich zu vermitteln. An wen richtet sich die Reportage? Stil und Inhalte sollten auf die Zielgruppe abgestimmt sein. Und schlie\u00dflich: Habe ich die Erlaubnis zu fotografieren? Besonders bei sensiblen Themen ist es wichtig, das im Vorfeld zu kl\u00e4ren.<\/p>\n\n\n\n<div class=\"devider has-spacing--xs\">\n    <hr>\n<\/div>\n\n\n \n    \n    <div id=\"quote-block_357463472b1454113c35a3f05a213e58\" class=\"block-quote has-spacing--m\">\n        <figure class=\"quote\">\n            <blockquote>\n                <p class=\"p1\"><strong>Schon als Kind wollte ich Hebamme werden<\/strong> \u2013 das Thema hat mich nie losgelassen. Durch mein Studium habe ich nun einen anderen Zugang dazu gefunden.<\/p>\n            <\/blockquote>\n\n            <figcaption>\n\n                            <img loading=\"lazy\" decoding=\"async\" class=\"portrait--inline\" src=\"https:\/\/visualjournalism.de\/wp-content\/uploads\/AnjouVartmann_Portrait_klein-52x52.jpg\" width=\"52\" height=\"52\" alt=\"\" \/>\n                            <span>Anjou Vartmann<\/span>\n            <\/figcaption>\n            \n        <\/figure>\n    <\/div>\n\n\n\n    <figure class=\"block-photo post__image--wide-left has-spacing--m with-title\">\n\n        <div class=\"post__image__container\">\n            <img loading=\"lazy\" decoding=\"async\" \n                src=\"https:\/\/visualjournalism.de\/wp-content\/uploads\/Ratgeber-Fotoreportage-Vartmann_Anjou_Ideale_02-1050x700.jpg\"\n                srcset=\"https:\/\/visualjournalism.de\/wp-content\/uploads\/Ratgeber-Fotoreportage-Vartmann_Anjou_Ideale_02-1050x700.jpg 1050w, https:\/\/visualjournalism.de\/wp-content\/uploads\/Ratgeber-Fotoreportage-Vartmann_Anjou_Ideale_02-300x200.jpg 300w, https:\/\/visualjournalism.de\/wp-content\/uploads\/Ratgeber-Fotoreportage-Vartmann_Anjou_Ideale_02-1024x683.jpg 1024w, https:\/\/visualjournalism.de\/wp-content\/uploads\/Ratgeber-Fotoreportage-Vartmann_Anjou_Ideale_02-768x512.jpg 768w, https:\/\/visualjournalism.de\/wp-content\/uploads\/Ratgeber-Fotoreportage-Vartmann_Anjou_Ideale_02-1536x1024.jpg 1536w, https:\/\/visualjournalism.de\/wp-content\/uploads\/Ratgeber-Fotoreportage-Vartmann_Anjou_Ideale_02-1400x934.jpg 1400w, https:\/\/visualjournalism.de\/wp-content\/uploads\/Ratgeber-Fotoreportage-Vartmann_Anjou_Ideale_02-670x447.jpg 670w, https:\/\/visualjournalism.de\/wp-content\/uploads\/Ratgeber-Fotoreportage-Vartmann_Anjou_Ideale_02-420x280.jpg 420w, https:\/\/visualjournalism.de\/wp-content\/uploads\/Ratgeber-Fotoreportage-Vartmann_Anjou_Ideale_02-350x233.jpg 350w, https:\/\/visualjournalism.de\/wp-content\/uploads\/Ratgeber-Fotoreportage-Vartmann_Anjou_Ideale_02-150x100.jpg 150w, https:\/\/visualjournalism.de\/wp-content\/uploads\/Ratgeber-Fotoreportage-Vartmann_Anjou_Ideale_02.jpg 1771w\"\n                width=\"1050\" \n                height=\"700\"\n                alt=\"Aussenansicht des Geburtshauses.\" \n            \/>\n            \n                            <span class=\"post__image__title\">Foto: Anjou Vartmann<\/span>\n                    <\/div><!-- post__image__container -->\n\n        \n    <\/figure><!-- post__image -->\n\n\n\n\n<p class=\"post__paragraph has-spacing--m\">Manchmal lohnt es sich,<strong> <\/strong>ein Thema mit Geduld anzugehen<strong>.<\/strong> In der fr\u00fchen Recherche entstehen oft nur wenige Bilder, doch zentrale Motive lassen sich stets einfangen. So hat die Fotografin Anjou Vartmann sowohl die Au\u00dfenansicht dieses Geburtshauses als auch das Geschehen im Inneren fotografiert \u2013 beides ist Teil der Geschichte.<\/p>\n\n\n\n \n    \n    <div id=\"quote-block_08c94cddaa3ccc29838480bd0fd3e863\" class=\"block-quote has-spacing--xs\">\n        <figure class=\"quote\">\n            <blockquote>\n                <p><strong>Die Terminplanung war unberechenbar<\/strong> \u2013 Geburten dauerten l\u00e4nger oder kamen dazwischen. Oft fragte ich mich: Bin ich im Weg? Deshalb versuchte ich, m\u00f6glichst unauff\u00e4llig zu sein.<\/p>\n            <\/blockquote>\n\n            <figcaption>\n\n                            <img loading=\"lazy\" decoding=\"async\" class=\"portrait--inline\" src=\"https:\/\/visualjournalism.de\/wp-content\/uploads\/AnjouVartmann_Portrait_klein-52x52.jpg\" width=\"52\" height=\"52\" alt=\"\" \/>\n                            <span>Anjou Vartmann<\/span>\n            <\/figcaption>\n            \n        <\/figure>\n    <\/div>\n\n\n\n\n<div class=\"devider has-spacing--m\">\n    <hr>\n<\/div>\n\n\n<p class=\"post__paragraph has-spacing--default\">Mit einer Shotlist beh\u00e4ltst du den \u00dcberblick, ohne die Spontaneit\u00e4t deiner Bilder einzuschr\u00e4nken. Sie dient als Orientierung, um sicherzustellen, dass alle wichtigen Elemente einer Geschichte erfasst werden. Daf\u00fcr \u00fcberlegt man sich im Vorfeld, welche Bilder essenziell sind: Weitwinkelaufnahmen, die die Umgebung und den Kontext zeigen, Detailaufnahmen, die Stimmungen und Feinheiten einfangen, und Portr\u00e4ts, die die Protagonist*innen greifbar machen. Auch atmosph\u00e4rische Bilder oder ungew\u00f6hnliche Perspektiven sollten bedacht werden, um Spannung und Tiefe zu erzeugen.<\/p>\n\n\n\n<p class=\"post__paragraph has-spacing--default\">Gleichzeitig erfordert dokumentarisches Arbeiten Flexibilit\u00e4t \u2013 unvorhersehbare Ereignisse geh\u00f6ren dazu. Zeitpuffer helfen, um auf Verz\u00f6gerungen reagieren zu k\u00f6nnen, und eine offene Haltung erm\u00f6glicht es, sich auf neue Situationen einzulassen. <\/p>\n\n\n\n<p class=\"post__paragraph has-spacing--m\">Die Shotlist ist dabei kein starrer Plan, sondern eine flexible Gedankenst\u00fctze \u2013 oft entstehen die besten Bilder durch unerwartete Momente. Wer jedoch vorbereitet ist, kann sich in diesen Situationen freier bewegen und trotzdem eine vollst\u00e4ndige und visuell starke Geschichte erz\u00e4hlen.<\/p>\n\n\n\n \n\n    <div id=\"accordion-block_fd10dd322fac5084ded8c4b61a866e5a\" class=\"accordion has-spacing--m\">\n        <div class=\"accordion__title\">\n            <h5>Tipp<\/h5>\n            <span><\/span>\n        <\/div>\n\n        <div class=\"accordion__text\">\n         <p>Die Planung strukturiert die Reportage. Ein pr\u00e4gnantes Einstiegsbild zieht die Aufmerksamkeit auf sich, w\u00e4hrend eine Kombination aus Weitwinkelaufnahmen, Portr\u00e4ts und Details die Geschichte lebendig macht. Technische Vorbereitung, Genehmigungen und eine flexible Shotlist runden die Planung ab. So entsteht eine kraftvolle Erz\u00e4hlung, die visuell wie inhaltlich \u00fcberzeugt. Eine gute Fotoreportage braucht einen roten Faden \u2013 lege fest, welche Botschaft oder Emotionen du vermitteln willst.<\/p>\n        <\/div>\n    <\/div>\n\n\n\n\n    <div class=\"headline-block has-spacing--xs\">\n\n        <h2 class=\"post__headline\">Ressourcenmanagement: <\/h2>\n\n        \n    <\/div>\n\n    \n\n\n\n\n<p class=\"post__paragraph has-spacing--default\">Die finanzielle Planung einer Fotoreportage beginnt mit einer realistischen Budgetkalkulation. Reise- und Transportkosten, Unterkunft, Verpflegung sowie eventuelle Genehmigungen und Mietkosten f\u00fcr spezielle Ausr\u00fcstung sind zentrale Posten. Zu ber\u00fccksichtigen sind auch Versicherungen, etwa f\u00fcr Ausr\u00fcstung und Haftung, sowie Honorare f\u00fcr m\u00f6gliche Assistenten oder lokale Helfer.<\/p>\n\n\n\n<p class=\"post__paragraph has-spacing--default\">Um die Kosten zu decken, kann man auf Einnahmequellen wie den Verkauf der Reportage an Medien, Crowdfunding oder F\u00f6rderungen setzen (Das ist zu Beginn der Karriere allerdings sehr schwierig und ein Thema f\u00fcr einen anderen Ratgeber). <\/p>\n\n\n\n<p class=\"post__paragraph has-spacing--default\">Eine Notfallreserve f\u00fcr unvorhergesehene Ausgaben ist unerl\u00e4sslich, ebenso wie eine kontinuierliche Ausgaben\u00fcbersicht, um das Budget einzuhalten. So bleibt der finanzielle Rahmen klar, und man kann sich voll auf die Umsetzung konzentrieren.<\/p>\n\n\n\n<p class=\"post__paragraph has-spacing--m\">Sie sei zehn bis zw\u00f6lf Mal f\u00fcr je vier Stunden vor Ort gewesen, sagt sie. \u00abZum Gl\u00fcck lag das Geburtshaus in der N\u00e4he\u00bb, so Vartmann. Die Nachbearbeitung habe noch einmal ein bis zwei Stunden pro Termin gedauert.<\/p>\n\n\n\n \n    \n    <div id=\"quote-block_747bb355cdf09589b038f79cdffd303d\" class=\"block-quote has-spacing--m\">\n        <figure class=\"quote\">\n            <blockquote>\n                <p class=\"p1\"><strong>Das Projekt dauerte ein Semester, <\/strong>die ersten Fotos entstanden aber erst nach sechs bis acht Wochen und die finalen Bilder nach etwa drei Monaten.<\/p>\n            <\/blockquote>\n\n            <figcaption>\n\n                            <img loading=\"lazy\" decoding=\"async\" class=\"portrait--inline\" src=\"https:\/\/visualjournalism.de\/wp-content\/uploads\/AnjouVartmann_Portrait_klein-52x52.jpg\" width=\"52\" height=\"52\" alt=\"\" \/>\n                            <span>Anjou Vartmann<\/span>\n            <\/figcaption>\n            \n        <\/figure>\n    <\/div>\n\n\n\n\n \n\n    <div id=\"accordion-block_01643feb7ff54593d78ebbd106ce5de1\" class=\"accordion has-spacing--m\">\n        <div class=\"accordion__title\">\n            <h5>Ein kleiner Exkurs in die Betriebswirtschaft:<\/h5>\n            <span><\/span>\n        <\/div>\n\n        <div class=\"accordion__text\">\n         <p>&nbsp;<\/p>\n<p><strong>Bad News: Langzeitprojekte bezahlt dir heute (fast) niemand mehr.<\/strong><\/p>\n<p><strong>\u00a0<\/strong><\/p>\n<p class=\"p1\"><strong>Gro\u00dfe, aufwendige Fotostrecken<\/strong> geh\u00f6ren heute zur Ausnahme \u2013 nicht zur Regel. Redaktionen finanzieren kaum noch langfristige Projekte, und wer sich ihnen dennoch widmet, tut dies oft auf eigenes Risiko. Die Vorstellung, von tiefgehenden fotografischen Arbeiten leben zu k\u00f6nnen, ist zur Illusion geworden. Wenn sich ein Projekt sp\u00e4ter auszahlt, ist das Gl\u00fcckssache \u2013 ein tats\u00e4chliches Einkommen l\u00e4sst sich damit kaum erzielen.<\/p>\n<p class=\"p1\"><strong>Ein Rechenbeispiel: <\/strong>Ein Semester lang Arbeit. Die ersten Wochen vergehen ohne Bilder, das Vertrauen muss wachsen. Nach drei Monaten entstehen die entscheidenden Aufnahmen. Zehn bis zw\u00f6lf Besuche vor Ort, je drei bis vier Stunden. Postproduktion? Mindestens 24 weitere Stunden. Am Ende steht eine fertige Geschichte \u2013 doch was bleibt finanziell? Kaum mehr als eine Erfahrung nach grob \u00fcberschlagenen 80 Stunden Gesamtarbeitszeit. Verkauft man diese Geschichte f\u00fcr beispielsweise utopische 2000\u20ac, dann ergibt das einen Stundenlohn von 25\u20ac \u2013 so weit, so gut.<\/p>\n<p class=\"p1\"><strong>Doch das ist nur die Theorie.<\/strong> Denn von diesen 2000\u20ac gehen noch folgende Posten ab:<\/p>\n<p class=\"p3\">\u2022 <span class=\"s1\"><b>Steuern und Sozialabgaben<\/b><\/span>: Je nach Status etwa 30\u201340 %, also rund <span class=\"s1\"><b>700 \u20ac<\/b><\/span>.<\/p>\n<p class=\"p3\">\u2022 <span class=\"s1\"><b>Technikkosten<\/b><\/span>: Kamera, Objektive, Laptop, Speichermedien \u2013 realistisch kalkuliert fallen pro Projekt <span class=\"s1\"><b>200\u2013300 \u20ac<\/b><\/span> an.<\/p>\n<p class=\"p3\">\u2022 <span class=\"s1\"><b>Versicherungen<\/b><\/span>: Berufshaftpflicht, Krankenversicherung, Altersvorsorge \u2013 anteilig etwa <span class=\"s1\"><b>150 \u20ac<\/b><\/span>.<\/p>\n<p class=\"p3\">\u2022 <span class=\"s1\"><b>Reisekosten<\/b><\/span>: Selbst wenn die Anfahrt \u00abkein Problem\u00bb war, entstehen f\u00fcr Auto oder Bahn realistisch <span class=\"s1\"><b>50\u2013100 \u20ac<\/b><\/span>.<\/p>\n<p class=\"p3\">\u2022 <span class=\"s1\"><b>Allgemeine Betriebskosten<\/b><\/span>: Software, Website, Archivierung, B\u00fcromaterial \u2013 anteilig mindestens <span class=\"s1\"><b>100 \u20ac<\/b><\/span>.<\/p>\n<p class=\"p1\"><strong>Am Ende bleiben<\/strong> von den vermeintlichen 2000\u20ac also bestenfalls <span class=\"s1\"><b>500\u2013700 \u20ac<\/b><\/span> \u00fcbrig. Bei 80 Stunden Arbeit entspricht das einem effektiven Stundenlohn von <span class=\"s1\"><b>6 bis 9 \u20ac<\/b><\/span> \u2013 unter Mindestlohn.<\/p>\n<p class=\"p1\"><strong>Die Zeiten, in denen Fotografie aus reiner Hingabe funktionieren konnte, sind vorbei.<\/strong> Heute braucht es andere Wege, um Bilder zu erz\u00e4hlen \u2013 und einen langen Atem, um sie zu finanzieren. Viele Fotojournalist*innen machen ihre Kunst daher im Nebenerwerb oder sichern sich finanzielle Unterst\u00fctzung auf anderen Wegen: <span class=\"s1\"><b>Stipendien, F\u00f6rderprogramme, Kooperationen mit NGOs oder Crowdfunding<\/b><\/span> bieten M\u00f6glichkeiten, unabh\u00e4ngige Arbeiten zu realisieren. Wer sich geschickt vernetzt und alternative Finanzierungsmodelle nutzt, kann trotz schwieriger Bedingungen langfristige Geschichten erz\u00e4hlen.<\/p>\n<p class=\"p1\"><b>Was fr\u00fcher Glanz und Ruhm versprach, reicht heute kaum f\u00fcr Ruhm allein.<\/b><\/p>\n        <\/div>\n    <\/div>\n\n<\/div>\n\n\n\n<div id=\"2-Technik\" class=\"wp-block-group has-spacing--none\">    <figure class=\"block-photo post__image--half-left has-spacing--m with-title\">\n\n        <div class=\"post__image__container\">\n            <img loading=\"lazy\" decoding=\"async\" \n                src=\"https:\/\/visualjournalism.de\/wp-content\/uploads\/Ratgeber-Fotoreportage-Vartmann_Anjou_Ideale_Alternative_03-768x512.jpg\"\n                srcset=\"https:\/\/visualjournalism.de\/wp-content\/uploads\/Ratgeber-Fotoreportage-Vartmann_Anjou_Ideale_Alternative_03-768x512.jpg 768w, https:\/\/visualjournalism.de\/wp-content\/uploads\/Ratgeber-Fotoreportage-Vartmann_Anjou_Ideale_Alternative_03-300x200.jpg 300w, https:\/\/visualjournalism.de\/wp-content\/uploads\/Ratgeber-Fotoreportage-Vartmann_Anjou_Ideale_Alternative_03-1024x683.jpg 1024w, https:\/\/visualjournalism.de\/wp-content\/uploads\/Ratgeber-Fotoreportage-Vartmann_Anjou_Ideale_Alternative_03-1536x1024.jpg 1536w, https:\/\/visualjournalism.de\/wp-content\/uploads\/Ratgeber-Fotoreportage-Vartmann_Anjou_Ideale_Alternative_03-1400x934.jpg 1400w, https:\/\/visualjournalism.de\/wp-content\/uploads\/Ratgeber-Fotoreportage-Vartmann_Anjou_Ideale_Alternative_03-1050x700.jpg 1050w, https:\/\/visualjournalism.de\/wp-content\/uploads\/Ratgeber-Fotoreportage-Vartmann_Anjou_Ideale_Alternative_03-670x447.jpg 670w, https:\/\/visualjournalism.de\/wp-content\/uploads\/Ratgeber-Fotoreportage-Vartmann_Anjou_Ideale_Alternative_03-420x280.jpg 420w, https:\/\/visualjournalism.de\/wp-content\/uploads\/Ratgeber-Fotoreportage-Vartmann_Anjou_Ideale_Alternative_03-350x233.jpg 350w, https:\/\/visualjournalism.de\/wp-content\/uploads\/Ratgeber-Fotoreportage-Vartmann_Anjou_Ideale_Alternative_03-150x100.jpg 150w, https:\/\/visualjournalism.de\/wp-content\/uploads\/Ratgeber-Fotoreportage-Vartmann_Anjou_Ideale_Alternative_03.jpg 1771w\"\n                width=\"768\" \n                height=\"512\"\n                alt=\"Eine Hebamme tastet den Schwangerschaftsbauch einer werdenden Mutter ab.\" \n            \/>\n            \n                            <span class=\"post__image__title\">Foto: Anjou Vartmann<\/span>\n                    <\/div><!-- post__image__container -->\n\n        \n    <\/figure><!-- post__image -->\n\n\n\n\n    <div class=\"headline-block has-spacing--xs\">\n\n        <h2 class=\"post__headline\">Die Technik<\/h2>\n\n        \n    <\/div>\n\n    \n\n\n\n\n<p class=\"post__paragraph has-spacing--default\">Zuerst musst du dein Kamerasystem w\u00e4hlen. Die Auswahl ist riesig \u2013 von kompakten APS-C-Modellen bis hin zu Mittelformat-Kameras. Besonders f\u00fcr Einsteiger bieten gebrauchte, etwas \u00e4ltere Vollformat-DSLRs einen g\u00fcnstigen Einstieg mit guter Bildqualit\u00e4t. Doch welches System ist das richtige f\u00fcr dich?<\/p>\n\n\n\n<p class=\"post__paragraph has-spacing--default\">\u2022&nbsp;<strong>APS-C<\/strong>: Kompakt, leicht und kosteng\u00fcnstig \u2013 ideal f\u00fcr mobile Reportagen, aber mit Abstrichen bei Bildqualit\u00e4t und Look.<\/p>\n\n\n\n<p class=\"post__paragraph has-spacing--default\">\u2022&nbsp;<strong>Vollformat<\/strong>: Besseres Low-Light und gr\u00f6\u00dferer Dynamikumfang \u2013 der beste Kompromiss aus Qualit\u00e4t und Flexibilit\u00e4t. Der gr\u00f6\u00dfere Sensor erm\u00f6glicht dir zudem eher einen unscharfen Hintergrund (Bokeh).<\/p>\n\n\n\n<p class=\"post__paragraph has-spacing--m\">\u2022&nbsp;<strong>Mittelformat<\/strong>: H\u00f6chste Detailtreue und besondere \u00c4sthetik, aber sperrig und langsam \u2013 eher f\u00fcr inszenierte Arbeiten als f\u00fcr schnelle Reportagen. Vor allem aufgrund des hohen Preises nichts f\u00fcr Anf\u00e4nger*innen!<\/p>\n\n\n\n \n\n    <div id=\"accordion-block_aacd9739bb548a6cdfbe7639413c0933\" class=\"accordion has-spacing--m\">\n        <div class=\"accordion__title\">\n            <h5>Ein Blick in meinen Reportage-Rucksack<\/h5>\n            <span><\/span>\n        <\/div>\n\n        <div class=\"accordion__text\">\n         <p><strong><br \/>\nReportage bedeutet, schnell auf Situationen reagieren zu k\u00f6nnen<\/strong> \u2013 Zeit f\u00fcr langes Kramen bleibt selten. Deshalb arbeite ich mit zwei Kameras: eine mit einem vielseitigen Zoom, die andere mit einem starken Weitwinkel. So bin ich f\u00fcr \u00dcberraschungen gewappnet.<\/p>\n<p><strong>Kameras:<br \/>\n<\/strong>Nikon Z8 und Nikon Z6II<\/p>\n<p><strong>Objektive:<br \/>\n<\/strong>Tamron 35-150mm F\/2-2.8 (auf Z8)<br \/>\nNikon 14-30mm F\/4 (auf Z6II)<br \/>\nNikon 40mm F\/2 (klein, leicht, billig)<br \/>\nNikon 105mm F1.4 (Portr\u00e4ts und Low-Light)<\/p>\n<p><b>Blitz:<br \/>\n<\/b>Godox AD100 Pro mit kleiner Softbox &amp; Stativ<\/p>\n<p><strong>Zubeh\u00f6r:<br \/>\n<\/strong>Speicherkarten, Akkus, Festplatten, Kartenleser<br \/>\nPowerbank, Laptop, Notizblock<br \/>\n(!) Wasser, kleiner Snack, Ibuprofen<\/p>\n<p><strong>Je nach Einsatz<\/strong> packe ich noch mehr Licht, Stative oder Objektive ein.<\/p>\n        <\/div>\n    <\/div>\n\n\n\n\n<div class=\"pinned-block has-spacing--m\">\n\t\n\n<div class=\"pinned-block__column--left\">\n    \n\n<p class=\"post__paragraph has-spacing--default\"><strong>Mit Festbrennweiten tauschst <\/strong>du Flexibilit\u00e4t gegen Bildqualit\u00e4t. Sie bieten knackige Sch\u00e4rfe, weiches Bokeh und starke Low-Light-Performance \u2013 erfordern aber mehr Bewegung und bewusste Bildgestaltung.<\/p>\n\n\n\n<p class=\"post__paragraph has-spacing--default\">W\u00e4hrend moderne, lichtstarke Zooms immer besser werden, fehlen ihnen oft die letzten 10 % an Sch\u00e4rfe, Freistellung und Charakter. Festbrennweiten bleiben die \u00e4sthetischere Wahl f\u00fcr alle, die das Maximum aus Licht und Look herausholen wollen.<\/p>\n\n\n<\/div>\n\n\n<div class=\"pinned-block__column--right\">\n    \n    <figure class=\"block-photo post__image--full has-spacing--m with-title\">\n\n        <div class=\"post__image__container\">\n            <img loading=\"lazy\" decoding=\"async\" \n                src=\"https:\/\/visualjournalism.de\/wp-content\/uploads\/IMG_1202-1400x1867.jpeg\"\n                srcset=\"https:\/\/visualjournalism.de\/wp-content\/uploads\/IMG_1202-1400x1867.jpeg 1400w, https:\/\/visualjournalism.de\/wp-content\/uploads\/IMG_1202-225x300.jpeg 225w, https:\/\/visualjournalism.de\/wp-content\/uploads\/IMG_1202-768x1024.jpeg 768w, https:\/\/visualjournalism.de\/wp-content\/uploads\/IMG_1202-1152x1536.jpeg 1152w, https:\/\/visualjournalism.de\/wp-content\/uploads\/IMG_1202-1050x1400.jpeg 1050w, https:\/\/visualjournalism.de\/wp-content\/uploads\/IMG_1202-670x893.jpeg 670w, https:\/\/visualjournalism.de\/wp-content\/uploads\/IMG_1202-420x560.jpeg 420w, https:\/\/visualjournalism.de\/wp-content\/uploads\/IMG_1202-350x467.jpeg 350w, https:\/\/visualjournalism.de\/wp-content\/uploads\/IMG_1202-300x400.jpeg 300w, https:\/\/visualjournalism.de\/wp-content\/uploads\/IMG_1202-640x853.jpeg 640w, https:\/\/visualjournalism.de\/wp-content\/uploads\/IMG_1202-150x200.jpeg 150w, https:\/\/visualjournalism.de\/wp-content\/uploads\/IMG_1202.jpeg 1536w\"\n                width=\"1400\" \n                height=\"1867\"\n                alt=\"Ein Mann h\u00f6lt eine Kamera und mehrere Objektive in den H\u00e4nden.\" \n            \/>\n            \n                            <span class=\"post__image__title\">Foto: Fabian Niebauer<\/span>\n                    <\/div><!-- post__image__container -->\n\n        \n    <\/figure><!-- post__image -->\n\n\n\n<\/div>\n<\/div><\/div>\n\n\n\n<div class=\"wp-block-group has-color-2-background-color has-background has-spacing--m\">\n    <div class=\"headline-block has-spacing--xs\">\n\n        <h2 class=\"post__headline\">Packliste f\u00fcr deinen Fotorucksack:<\/h2>\n\n        \n    <\/div>\n\n    \n\n\n\n\n<p class=\"post__paragraph is-style-typo--soehne has-spacing--default\"><strong>Kamera<\/strong>. Logisch. Die Vollformat-Kamera ist der Branchenstandard. F\u00fcr den professionellen Presseeinsatz ist eine zweite Kamera von Vorteil.<\/p>\n\n\n\n<p class=\"post__paragraph is-style-typo--soehne has-spacing--default\"><strong>Objektive.&nbsp;<\/strong>Pack nur das N\u00f6tige. Der Klassiker unter den Zooms ist die&nbsp;\u00abHoly Trinity\u00bb:&nbsp;12-24mm f\/2.8, 24-70mm f\/2.8 und 70-200mm f\/2.8&nbsp;\u2013 jedes Kamerasystem bietet dieses Trio an. Doch du musst entscheiden, was zu deiner Arbeitsweise passt. Auch mit Festbrennweiten lassen sich Reportagen hervorragend fotografieren. <\/p>\n\n\n\n<p class=\"post__paragraph is-style-typo--soehne has-spacing--default\">Eine&nbsp;35mm an der Hauptkamera&nbsp;und eine&nbsp;85mm an der Zweitkamera&nbsp;sind nicht umsonst die Favoriten vieler Hochzeitsfotograf*innen \u2013 flexibel, leicht und mit besonderer Bild\u00e4sthetik.<\/p>\n\n\n\n<p class=\"post__paragraph is-style-typo--soehne has-spacing--default\"><strong>Speicherkarten.<\/strong> Die meisten Professionellen Kameras bieten zwei Speicherkarten-Slots &#8211; F\u00fclle sie beide mit Qualit\u00e4ts-Speicherkarten f\u00fcr Redundanz und ein sicheres Gef\u00fchl, dass deine Fotos darauf sicher sind.<\/p>\n\n\n\n<p class=\"post__paragraph is-style-typo--soehne has-spacing--default\"><strong>Ersatz-Akkus.<\/strong> Das kann man nicht genug betonen: Einen &#8211; oder besser &#8211; zwei Ersatzakkus halten dich flexibel und erm\u00f6glichen es dir so viele Bilder zu machen wie du willst.<\/p>\n\n\n\n<p class=\"post__paragraph is-style-typo--soehne has-spacing--default\"><strong>Computer und Notizbuch.<\/strong> Notizen sind essenziell \u2013 ein Notizbuch wirkt vor Ort h\u00f6flicher als ein Smartphone und deinen Computer solltest du einfach immer dabei haben.<\/p>\n\n\n\n<p class=\"post__paragraph is-style-typo--soehne has-spacing--m\"><strong>Verpflegung.<\/strong> Self-Care bringt den Erfolg.<\/p>\n<\/div>\n\n\n\n<div id=\"3-Produktion\" class=\"wp-block-group has-spacing--none\">    <figure class=\"block-photo post__image--wide-left has-spacing--m no-title\">\n\n        <div class=\"post__image__container\">\n            <img loading=\"lazy\" decoding=\"async\" \n                src=\"https:\/\/visualjournalism.de\/wp-content\/uploads\/HR-Ratgeber-Fotoreportage-Vartmann_Anjou_Ideale_10-1050x700.jpg\"\n                srcset=\"https:\/\/visualjournalism.de\/wp-content\/uploads\/HR-Ratgeber-Fotoreportage-Vartmann_Anjou_Ideale_10-1050x700.jpg 1050w, https:\/\/visualjournalism.de\/wp-content\/uploads\/HR-Ratgeber-Fotoreportage-Vartmann_Anjou_Ideale_10-300x200.jpg 300w, https:\/\/visualjournalism.de\/wp-content\/uploads\/HR-Ratgeber-Fotoreportage-Vartmann_Anjou_Ideale_10-1024x683.jpg 1024w, https:\/\/visualjournalism.de\/wp-content\/uploads\/HR-Ratgeber-Fotoreportage-Vartmann_Anjou_Ideale_10-768x512.jpg 768w, https:\/\/visualjournalism.de\/wp-content\/uploads\/HR-Ratgeber-Fotoreportage-Vartmann_Anjou_Ideale_10-1536x1024.jpg 1536w, https:\/\/visualjournalism.de\/wp-content\/uploads\/HR-Ratgeber-Fotoreportage-Vartmann_Anjou_Ideale_10-2048x1365.jpg 2048w, https:\/\/visualjournalism.de\/wp-content\/uploads\/HR-Ratgeber-Fotoreportage-Vartmann_Anjou_Ideale_10-1920x1280.jpg 1920w, https:\/\/visualjournalism.de\/wp-content\/uploads\/HR-Ratgeber-Fotoreportage-Vartmann_Anjou_Ideale_10-1400x933.jpg 1400w, https:\/\/visualjournalism.de\/wp-content\/uploads\/HR-Ratgeber-Fotoreportage-Vartmann_Anjou_Ideale_10-670x447.jpg 670w, https:\/\/visualjournalism.de\/wp-content\/uploads\/HR-Ratgeber-Fotoreportage-Vartmann_Anjou_Ideale_10-420x280.jpg 420w, https:\/\/visualjournalism.de\/wp-content\/uploads\/HR-Ratgeber-Fotoreportage-Vartmann_Anjou_Ideale_10-350x233.jpg 350w, https:\/\/visualjournalism.de\/wp-content\/uploads\/HR-Ratgeber-Fotoreportage-Vartmann_Anjou_Ideale_10-150x100.jpg 150w\"\n                width=\"1050\" \n                height=\"700\"\n                alt=\"\" \n            \/>\n            \n                    <\/div><!-- post__image__container -->\n\n        \n    <\/figure><!-- post__image -->\n\n\n\n\n    <div class=\"headline-block has-spacing--xs\">\n\n        <h2 class=\"post__headline\">3. Produktion vor Ort<\/h2>\n\n        \n    <\/div>\n\n    \n\n\n\n\n<p class=\"post__paragraph has-spacing--default\">Das weitere Vorgehen wird anhand der Fotostrecke \u00ab<a href=\"https:\/\/visualjournalism.de\/magazin\/ideale\/geburt-im-geborgenen\/\" target=\"_blank\" rel=\"noreferrer noopener\">Geburt im Geborgenen<\/a>\u00bb von <a href=\"https:\/\/visualjournalism.de\/anjou-vartmann\/\" target=\"_blank\" rel=\"noreferrer noopener\">Anjou Vartmann<\/a> erkl\u00e4rt. Sie beleuchtet den Alltag im Geburtshaus Herrenhausen in Hannover, wo Hebammen eine pers\u00f6nliche eins zu eins Betreuung abseits \u00fcberf\u00fcllter Krei\u00dfs\u00e4le erm\u00f6glichen. Es zeigt die Herausforderungen durch den Hebammenmangel in Deutschland, die Besonderheit der Geburtsh\u00e4user als Alternative und die intensive Verbindung zwischen Hebammen, Geb\u00e4renden und ihren Familien.<\/p>\n\n\n\n<p class=\"post__paragraph has-spacing--xs\">Vor Ort wird die geplante Geschichte zum Leben erweckt, doch Flexibilit\u00e4t ist entscheidend, da vieles anders kommt als erwartet. Behalte dir die Erz\u00e4hlung st\u00e4ndig im Kopf und frage dich bei jedem Motiv, ob es die Atmosph\u00e4re, Emotion oder Handlung einf\u00e4ngt, die zur Story passt. <\/p>\n\n\n\n<p class=\"post__paragraph has-spacing--m\">Eine gut durchdachte Shotlist dient dir dabei als Orientierung, um zentrale Elemente wie Kontextaufnahmen, Portr\u00e4ts und Details abzudecken. Sei aber gleichzeitig offen f\u00fcr unvorhergesehene Momente, die meist die authentischsten Geschichten erz\u00e4hlen. Plane immer ausreichend Zeitpuffer ein und kommuniziere eng mit deinen Protagonistinnen.<\/p>\n\n\n\n<div class=\"pinned-block has-spacing--m\">\n\t\n\n<div class=\"pinned-block__column--right\">\n    \n    <figure class=\"block-photo post__image--full has-spacing--none with-title\">\n\n        <div class=\"post__image__container\">\n            <img loading=\"lazy\" decoding=\"async\" \n                src=\"https:\/\/visualjournalism.de\/wp-content\/uploads\/Handbuch-des-Fotojournalismus.jpg\"\n                srcset=\"https:\/\/visualjournalism.de\/wp-content\/uploads\/Handbuch-des-Fotojournalismus.jpg 450w, https:\/\/visualjournalism.de\/wp-content\/uploads\/Handbuch-des-Fotojournalismus-241x300.jpg 241w, https:\/\/visualjournalism.de\/wp-content\/uploads\/Handbuch-des-Fotojournalismus-420x524.jpg 420w, https:\/\/visualjournalism.de\/wp-content\/uploads\/Handbuch-des-Fotojournalismus-350x436.jpg 350w, https:\/\/visualjournalism.de\/wp-content\/uploads\/Handbuch-des-Fotojournalismus-300x374.jpg 300w, https:\/\/visualjournalism.de\/wp-content\/uploads\/Handbuch-des-Fotojournalismus-150x187.jpg 150w\"\n                width=\"450\" \n                height=\"561\"\n                alt=\"Cover des Handbuch des Fotojournalismus von Lars Bauernschmitt und Michael Ebert.\" \n            \/>\n            \n                            <span class=\"post__image__title\">Cover: dpunkt.Verlag<\/span>\n                    <\/div><!-- post__image__container -->\n\n        \n    <\/figure><!-- post__image -->\n\n\n\n<\/div>\n\n\n<div class=\"pinned-block__column--left\">\n    \n\n \n    \n    <div id=\"quote-block_5eb5857240a435c63961e70d64648108\" class=\"block-quote has-spacing--m\">\n        <figure class=\"quote\">\n            <blockquote>\n                <p><strong>Du solltest dich fragen:<\/strong> Transportieren meine Fotos auch wirklich Informationen f\u00fcr Menschen, die nicht dabei waren?<\/p>\n            <\/blockquote>\n\n            <figcaption>\n\n                            <img loading=\"lazy\" decoding=\"async\" class=\"portrait--inline\" src=\"https:\/\/visualjournalism.de\/wp-content\/uploads\/prof_lars_bauernschmitt_thumb-1-52x52.jpg\" width=\"52\" height=\"52\" alt=\"\" \/>\n                            <span>Prof. Lars Bauernschmitt<\/span>\n            <\/figcaption>\n            \n        <\/figure>\n    <\/div>\n\n\n\n<\/div>\n<\/div>\n\n\n<p class=\"post__paragraph has-spacing--default\"><strong>Das \u00ab<a href=\"http:\/\/www.larsbauernschmitt.de\/2015\/09\/14\/handbuch-des-fotojournalismus\/\" target=\"_blank\" rel=\"noreferrer noopener\">Handbuch des Fotojournalismus<\/a>\u00bb<\/strong> kann ein guter Anfang sein, um tiefer in das T\u00e4tigkeitsfeld einzutauchen. Aus vielen Jahren im Bildermarkt entstand ein umfangreicher Leitfaden. Diesen hat <a href=\"https:\/\/visualjournalism.de\/lars-bauernschmitt\/\" target=\"_blank\" rel=\"noreferrer noopener\">Prof. Lars Bauernschmitt<\/a> gemeinsam mit <a href=\"https:\/\/www.michaelebert.de\" target=\"_blank\" rel=\"noreferrer noopener\">Michael Ebert<\/a> verfasst. Das Buch erschien 2015 im d.punkt Verlag Heidelberg.<\/p>\n\n\n\n<div class=\"devider has-spacing--m\">\n    <hr>\n<\/div>\n\n\n    <div class=\"headline-block has-spacing--xs\">\n\n        <h2 class=\"post__headline\">Dramatrugie<\/h2>\n\n        \n    <\/div>\n\n    \n\n\n\n\n<p class=\"post__paragraph has-spacing--xs\">Jedes Bild soll zur Erz\u00e4hlung beitragen, die Sequenz der Fotos soll sich dabei logisch und emotional entwickeln. So denkt man in dramaturgischen B\u00f6gen: Ein starkes Er\u00f6ffnungsbild zieht die Betrachter*innen in die Geschichte, w\u00e4hrend die folgenden Bilder Tiefe schaffen, sei es durch den Wechsel der Perspektive, verschiedene Emotionen oder visuelle Details, die Zusammenh\u00e4nge verdeutlichen.<\/p>\n\n\n\n<p class=\"post__paragraph has-spacing--m\">Man sucht immer nach Motiven, die mehr erz\u00e4hlen, als sie zeigen, etwa durch Symbolik oder Kontraste. Gleichzeitig sollte man \u00fcberpr\u00fcfen, ob L\u00fccken in der Geschichte geschlossen werden m\u00fcssen, indem gezielt Motive gesucht werden, die noch fehlen.<\/p>\n\n\n\n \n\n    <div id=\"accordion-block_95c9b62fe0cf17735134628aec894f86\" class=\"accordion has-spacing--m\">\n        <div class=\"accordion__title\">\n            <h5>Checkliste vor Ort<\/h5>\n            <span><\/span>\n        <\/div>\n\n        <div class=\"accordion__text\">\n         <p class=\"p1\"><strong>Passt dieses Motiv zur Geschichte, die ich erz\u00e4hlen m\u00f6chte?<\/strong> H\u00e4nge dich nicht an unwichtigen Details auf.<\/p>\n<p class=\"p1\"><strong>Nehme ich gen\u00fcgend Varianten mit nach Hause?<\/strong> Nutze unterschiedliche Perspektiven, Lichtstimmungen und Bildausschnitte.<\/p>\n<p class=\"p1\"><strong>Bleibe allzeit bereit!<\/strong> Fange authentische Emotionen und entscheidende Momente ein.<\/p>\n<p class=\"p1\"><strong>Wie l\u00f6se ich die aktuelle Situation technisch?<\/strong> Behalte deine Kameraeinstellungen unter Kontrolle und hole das Bestm\u00f6gliche aus den Momenten heraus.<\/p>\n<p><strong>Achtung:<\/strong> Die letzte Frage kann zwischen dir und dem Geschehen stehen. Unser <a href=\"https:\/\/visualjournalism.de\/michael-trippel\/\" target=\"_blank\" rel=\"noopener\">Professor Michael Trippel<\/a> sagt:<br \/>\n<strong>\u00abEs ist essenziell, dass du deine Kamera blind beherrschst.\u00bb<\/strong><\/p>\n        <\/div>\n    <\/div>\n\n\n\n    <figure class=\"block-photo post__image--wide-right has-spacing--m with-title\">\n\n        <div class=\"post__image__container\">\n            <img loading=\"lazy\" decoding=\"async\" \n                src=\"https:\/\/visualjournalism.de\/wp-content\/uploads\/Ratgeber-Fotoreportage-Vartmann_Anjou_Ideale_08-1050x700.jpg\"\n                srcset=\"https:\/\/visualjournalism.de\/wp-content\/uploads\/Ratgeber-Fotoreportage-Vartmann_Anjou_Ideale_08-1050x700.jpg 1050w, https:\/\/visualjournalism.de\/wp-content\/uploads\/Ratgeber-Fotoreportage-Vartmann_Anjou_Ideale_08-300x200.jpg 300w, https:\/\/visualjournalism.de\/wp-content\/uploads\/Ratgeber-Fotoreportage-Vartmann_Anjou_Ideale_08-1024x683.jpg 1024w, https:\/\/visualjournalism.de\/wp-content\/uploads\/Ratgeber-Fotoreportage-Vartmann_Anjou_Ideale_08-768x512.jpg 768w, https:\/\/visualjournalism.de\/wp-content\/uploads\/Ratgeber-Fotoreportage-Vartmann_Anjou_Ideale_08-1536x1024.jpg 1536w, https:\/\/visualjournalism.de\/wp-content\/uploads\/Ratgeber-Fotoreportage-Vartmann_Anjou_Ideale_08-1400x934.jpg 1400w, https:\/\/visualjournalism.de\/wp-content\/uploads\/Ratgeber-Fotoreportage-Vartmann_Anjou_Ideale_08-670x447.jpg 670w, https:\/\/visualjournalism.de\/wp-content\/uploads\/Ratgeber-Fotoreportage-Vartmann_Anjou_Ideale_08-420x280.jpg 420w, https:\/\/visualjournalism.de\/wp-content\/uploads\/Ratgeber-Fotoreportage-Vartmann_Anjou_Ideale_08-350x233.jpg 350w, https:\/\/visualjournalism.de\/wp-content\/uploads\/Ratgeber-Fotoreportage-Vartmann_Anjou_Ideale_08-150x100.jpg 150w, https:\/\/visualjournalism.de\/wp-content\/uploads\/Ratgeber-Fotoreportage-Vartmann_Anjou_Ideale_08.jpg 1771w\"\n                width=\"1050\" \n                height=\"700\"\n                alt=\"H\u00e4ufig haben die Hebammen zwischen ihren Terminen nur wenig Zeit f\u00fcr Pausen oder Gespr\u00e4che mit anderen Hebammen. Die Hebammen im Geburtshaus Herrenhausen erledigen alle anfallenden Jobs: Nat\u00fcrlich einerseits die Hebammenarbeit, aber auch Organisatorisches, B\u00fcroarbeiten und Putzen. Die kurzen Pausen zwischendurch werden oft f\u00fcr alles gleichzeitig genutzt. In dem Bild beraten sie sich in einem lichtdurchfluteten Raum.\" \n            \/>\n            \n                            <span class=\"post__image__title\">Foto: Anjou Vartmann<\/span>\n                    <\/div><!-- post__image__container -->\n\n        \n    <\/figure><!-- post__image -->\n\n\n\n\n<p class=\"post__paragraph has-spacing--m\">Gespr\u00e4che mit Menschen vor Ort helfen dabei, ihre Geschichten authentisch einzufangen und eine vertrauensvolle Basis zu schaffen, die sich in den Bildern widerspiegelt. Entscheidend ist zudem, dass du vor Ort kl\u00e4rst, ob du Menschen zeigen darfst oder nicht. Das kl\u00e4rst du am besten mit einer netten Frage. So zeigst du, dass du einerseits professionell und andereseits freundlich gesinnt bist.<\/p>\n\n\n    <figure class=\"block-photo post__image--wide-left has-spacing--m with-title\">\n\n        <div class=\"post__image__container\">\n            <img loading=\"lazy\" decoding=\"async\" \n                src=\"https:\/\/visualjournalism.de\/wp-content\/uploads\/Ratgeber-Fotoreportage-Vartmann_Anjou_Ideale_12-1050x700.jpg\"\n                srcset=\"https:\/\/visualjournalism.de\/wp-content\/uploads\/Ratgeber-Fotoreportage-Vartmann_Anjou_Ideale_12-1050x700.jpg 1050w, https:\/\/visualjournalism.de\/wp-content\/uploads\/Ratgeber-Fotoreportage-Vartmann_Anjou_Ideale_12-300x200.jpg 300w, https:\/\/visualjournalism.de\/wp-content\/uploads\/Ratgeber-Fotoreportage-Vartmann_Anjou_Ideale_12-1024x683.jpg 1024w, https:\/\/visualjournalism.de\/wp-content\/uploads\/Ratgeber-Fotoreportage-Vartmann_Anjou_Ideale_12-768x512.jpg 768w, https:\/\/visualjournalism.de\/wp-content\/uploads\/Ratgeber-Fotoreportage-Vartmann_Anjou_Ideale_12-1536x1024.jpg 1536w, https:\/\/visualjournalism.de\/wp-content\/uploads\/Ratgeber-Fotoreportage-Vartmann_Anjou_Ideale_12-1400x934.jpg 1400w, https:\/\/visualjournalism.de\/wp-content\/uploads\/Ratgeber-Fotoreportage-Vartmann_Anjou_Ideale_12-670x447.jpg 670w, https:\/\/visualjournalism.de\/wp-content\/uploads\/Ratgeber-Fotoreportage-Vartmann_Anjou_Ideale_12-420x280.jpg 420w, https:\/\/visualjournalism.de\/wp-content\/uploads\/Ratgeber-Fotoreportage-Vartmann_Anjou_Ideale_12-350x233.jpg 350w, https:\/\/visualjournalism.de\/wp-content\/uploads\/Ratgeber-Fotoreportage-Vartmann_Anjou_Ideale_12-150x100.jpg 150w, https:\/\/visualjournalism.de\/wp-content\/uploads\/Ratgeber-Fotoreportage-Vartmann_Anjou_Ideale_12.jpg 1771w\"\n                width=\"1050\" \n                height=\"700\"\n                alt=\"Eine Hebamme k\u00fcmmert sich um ein Neugeborenes.\" \n            \/>\n            \n                            <span class=\"post__image__title\">Foto: Anjou Vartmann<\/span>\n                    <\/div><!-- post__image__container -->\n\n        \n    <\/figure><!-- post__image -->\n\n\n\n\n<p class=\"post__paragraph has-spacing--m\">Storytelling w\u00e4hrend der Produktion ist ein Balanceakt: zwischen Struktur und Intuition, Planung und Spontanit\u00e4t. Am Ende geht es darum, die Essenz der Geschichte in einer Bilderserie festzuhalten, die gleichzeitig authentisch und mitrei\u00dfend ist. Versuche dir einfach immer wieder vor Augen zu halten, welche Teile deiner Shotlist du bereits eingefangen hast und nimm dir \u2013 sofern es das Geschehen zul\u00e4sst \u2013 immer wieder einen kleinen Moment Zeit, um die Handlung zu reflektieren und einen Blick auf deine Notizen zu werfen.<\/p>\n\n\n\n    <div class=\"headline-block has-spacing--xs\">\n\n        <h2 class=\"post__headline\">Dein Ziel<\/h2>\n\n        \n    <\/div>\n\n    \n\n\n\n\n<p class=\"post__paragraph has-spacing--default\">Fotografiere so viel wie n\u00f6tig, um die wichtigsten Momente zu erfassen, aber achte immer auf inhaltliche Relevanz. Der Vorteil der digitalen Fotografie?<strong> <\/strong>Mehr Bilder kosten auf den ersten Blick nichts. Ob 20 oder 1000 \u2013 der Speicherplatz ist g\u00fcnstig, und die Chance steigt, den perfekten Moment zu erwischen. <\/p>\n\n\n\n<p class=\"post__paragraph has-spacing--m\">Doch jede Aufnahme bedeutet auch mehr Zeit f\u00fcr Sichtung und Nachbearbeitung. Fr\u00fcher, mit teurem Film oder begrenztem Speicher, war jeder Klick bewusster. Heute ist nicht das Material, sondern deine Zeit am Rechner der limitierende Faktor.<\/p>\n\n\n    <figure class=\"block-photo post__image--wide-right has-spacing--m with-title\">\n\n        <div class=\"post__image__container\">\n            <img loading=\"lazy\" decoding=\"async\" \n                src=\"https:\/\/visualjournalism.de\/wp-content\/uploads\/Ratgeber-Fotoreportage-Vartmann_Anjou_Ideale_Alternative_08-1050x700.jpg\"\n                srcset=\"https:\/\/visualjournalism.de\/wp-content\/uploads\/Ratgeber-Fotoreportage-Vartmann_Anjou_Ideale_Alternative_08-1050x700.jpg 1050w, https:\/\/visualjournalism.de\/wp-content\/uploads\/Ratgeber-Fotoreportage-Vartmann_Anjou_Ideale_Alternative_08-300x200.jpg 300w, https:\/\/visualjournalism.de\/wp-content\/uploads\/Ratgeber-Fotoreportage-Vartmann_Anjou_Ideale_Alternative_08-1024x683.jpg 1024w, https:\/\/visualjournalism.de\/wp-content\/uploads\/Ratgeber-Fotoreportage-Vartmann_Anjou_Ideale_Alternative_08-768x512.jpg 768w, https:\/\/visualjournalism.de\/wp-content\/uploads\/Ratgeber-Fotoreportage-Vartmann_Anjou_Ideale_Alternative_08-1536x1024.jpg 1536w, https:\/\/visualjournalism.de\/wp-content\/uploads\/Ratgeber-Fotoreportage-Vartmann_Anjou_Ideale_Alternative_08-1400x934.jpg 1400w, https:\/\/visualjournalism.de\/wp-content\/uploads\/Ratgeber-Fotoreportage-Vartmann_Anjou_Ideale_Alternative_08-670x447.jpg 670w, https:\/\/visualjournalism.de\/wp-content\/uploads\/Ratgeber-Fotoreportage-Vartmann_Anjou_Ideale_Alternative_08-420x280.jpg 420w, https:\/\/visualjournalism.de\/wp-content\/uploads\/Ratgeber-Fotoreportage-Vartmann_Anjou_Ideale_Alternative_08-350x233.jpg 350w, https:\/\/visualjournalism.de\/wp-content\/uploads\/Ratgeber-Fotoreportage-Vartmann_Anjou_Ideale_Alternative_08-150x100.jpg 150w, https:\/\/visualjournalism.de\/wp-content\/uploads\/Ratgeber-Fotoreportage-Vartmann_Anjou_Ideale_Alternative_08.jpg 1771w\"\n                width=\"1050\" \n                height=\"700\"\n                alt=\"Innenaufnahme des Geburtshaus Herrenhausen. Zu sehen ist der Eingangsbereich mit gro\u00dfz\u00fcgiger Gaderobe und viel Licht, das durch Fenster f\u00e4llt.\" \n            \/>\n            \n                            <span class=\"post__image__title\">Foto: Anjou Vartmann<\/span>\n                    <\/div><!-- post__image__container -->\n\n        \n    <\/figure><!-- post__image -->\n\n\n\n\n<p class=\"post__paragraph has-spacing--m\">Diese praktischen \u00dcberlegungen sind entscheidend: Nimm dir die Zeit, beobachte und entscheide: Reagiere auf die Tageszeit und die Umgebung, um die Atmosph\u00e4re der Bilder zu verst\u00e4rken. Trotz aller Planung solltest du immer daran denken, dass echte Momente meist unvorhersehbar sind. Halte dich deshalb allzeit bereit, um genau dann auf den Ausl\u00f6ser zu dr\u00fccken, wenn sich das Besondere zeigt.<\/p>\n<\/div>\n\n\n\n<div id=\"4-Edit\" class=\"wp-block-group has-spacing--m has-color-2-background-color has-background has-spacing--m\">\n    <div class=\"headline-block has-spacing--m\">\n\n        <h2 class=\"post__headline has-subheadline\">4. Der Edit deiner Fotoreportage.<br \/>\r\n<\/h2>\n\n                    <h3 class=\"post__subheadline\">Hier nimmt die Geschichte Gestalt an.<\/h3>\n        \n    <\/div>\n\n    \n\n\n\n\n<p class=\"post__paragraph has-spacing--default\">1.&nbsp;<strong>Grobe Auswahl:<\/strong>&nbsp;Unbrauchbare Bilder (unscharf, doppelt, technisch fehlerhaft) aussortieren.<br>2.&nbsp;<strong>Feine Auswahl:<\/strong>&nbsp;Die besten Bilder nach Inhalt, \u00c4sthetik und Relevanz herausfiltern.<br>3.&nbsp;<strong>Dramaturgische Anordnung:<\/strong>&nbsp;Eine logische und emotionale Reihenfolge formen.<\/p>\n\n\n\n<p class=\"post__paragraph has-spacing--default\">Bevor die Bilder in eine Sequenz gebracht werden, sollten sie technisch und optisch aufeinander abgestimmt werden. Dazu geh\u00f6rt eine grundlegende Bildbearbeitung, die nicht unn\u00f6tig Zeit kostet, aber f\u00fcr ein stimmiges Gesamtbild sorgt. <\/p>\n\n\n\n<p class=\"post__paragraph has-spacing--default\">Nach dem ersten Aussortieren von unscharfen oder fehlerhaften Aufnahmen werden wesentliche Anpassungen wie Belichtung, Kontrast, Wei\u00dfabgleich und Sch\u00e4rfe vorgenommen. Ziel ist es, eine konsistente \u00c4sthetik zu schaffen, die es erleichtert, die Bilder sp\u00e4ter harmonisch anzuordnen.<\/p>\n\n\n\n<p class=\"post__paragraph has-spacing--default\">Das Arrangieren der Bilder gibt der Geschichte ihren Rhythmus und ihre Wirkung. Hier geht es nicht nur um die Auswahl der st\u00e4rksten Motive, sondern um ihren Bezug zueinander. Die Reihenfolge sollte die Erz\u00e4hlung logisch und emotional nachvollziehbar machen \u2013 mit einem klaren Einstieg, Spannungsaufbau und Abschluss. <\/p>\n\n\n\n<p class=\"post__paragraph has-spacing--m\">Kontraste zwischen Bildern k\u00f6nnen Spannung erzeugen, w\u00e4hrend ruhigere Momente gezielt f\u00fcr Ausgleich sorgen. Entscheidend ist ein visueller Fluss, der die Betrachter*innen durch die Serie f\u00fchrt und ihre Aufmerksamkeit lenkt.<\/p>\n\n\n    <figure class=\"block-photo post__image--full has-spacing--m with-title\">\n\n        <div class=\"post__image__container\">\n            <img loading=\"lazy\" decoding=\"async\" \n                src=\"https:\/\/visualjournalism.de\/wp-content\/uploads\/signal-2025-02-08-185846_002-1400x910.jpeg\"\n                srcset=\"https:\/\/visualjournalism.de\/wp-content\/uploads\/signal-2025-02-08-185846_002-1400x910.jpeg 1400w, https:\/\/visualjournalism.de\/wp-content\/uploads\/signal-2025-02-08-185846_002-300x195.jpeg 300w, https:\/\/visualjournalism.de\/wp-content\/uploads\/signal-2025-02-08-185846_002-1024x666.jpeg 1024w, https:\/\/visualjournalism.de\/wp-content\/uploads\/signal-2025-02-08-185846_002-768x499.jpeg 768w, https:\/\/visualjournalism.de\/wp-content\/uploads\/signal-2025-02-08-185846_002-1536x999.jpeg 1536w, https:\/\/visualjournalism.de\/wp-content\/uploads\/signal-2025-02-08-185846_002-1920x1248.jpeg 1920w, https:\/\/visualjournalism.de\/wp-content\/uploads\/signal-2025-02-08-185846_002-1050x683.jpeg 1050w, https:\/\/visualjournalism.de\/wp-content\/uploads\/signal-2025-02-08-185846_002-670x436.jpeg 670w, https:\/\/visualjournalism.de\/wp-content\/uploads\/signal-2025-02-08-185846_002-420x273.jpeg 420w, https:\/\/visualjournalism.de\/wp-content\/uploads\/signal-2025-02-08-185846_002-350x228.jpeg 350w, https:\/\/visualjournalism.de\/wp-content\/uploads\/signal-2025-02-08-185846_002-150x98.jpeg 150w, https:\/\/visualjournalism.de\/wp-content\/uploads\/signal-2025-02-08-185846_002.jpeg 2047w\"\n                width=\"1400\" \n                height=\"910\"\n                alt=\"Ein Screenshot aus dem Bildorganisations- und Bildbearbeitungsprogramm der Fotografin.\" \n            \/>\n            \n                            <span class=\"post__image__title\">Fotos: Anjou Vartmann<\/span>\n                    <\/div><!-- post__image__container -->\n\n        \n    <\/figure><!-- post__image -->\n\n\n\n\n    <div class=\"headline-block has-spacing--xs\">\n\n        <h2 class=\"post__headline\">Die Sequenz<\/h2>\n\n        \n    <\/div>\n\n    \n\n\n\n\n<p class=\"post__paragraph has-spacing--default\">Experimentiere mit der Anordnung, bis die Bilder zusammen die gew\u00fcnschte Wirkung entfalten. Das klingt hier einfacher als gedacht. Vor allem, weil ein schlechter Edit eine spitzenm\u00e4\u00dfige Geschichte schw\u00e4chen w\u00fcrde. <\/p>\n\n\n\n<p class=\"post__paragraph has-spacing--default\">Umgekehrt funktioniert das zwar nicht, allerdings kann man durch eine spannende Sequenz auch aus einer mittelm\u00e4\u00dfigen Produktion ein Top-Ergebnis zaubern. Schlechtes Wetter oder ein*e verkrampfte Protagonist*in bringen auch die besten Reportage-Fotograf*innen an ihre Grenzen. Geschickt arrangiert ist von deinen Herausforderungen sp\u00e4ter nichts mehr zu sehen.<\/p>\n\n\n\n<p class=\"post__paragraph has-spacing--default\">Am besten f\u00e4ngst du an, indem du deine Bilder klein ausdruckst. So beh\u00e4ltst du den \u00dcberblick \u00fcber die ganze Fotostrecke und hast ein haptisches Erlebnis beim Aussortieren und in eine Reihenfolge legen. Du kannst auch am Computer arbeiten, aber mangels Bildschirmfl\u00e4che wirst du dort schnell an die Grenzen des Sichtbaren sto\u00dfen.<\/p>\n\n\n\n<p class=\"post__paragraph has-spacing--default\">Digitale Alternativen sind virtuelle Pinnw\u00e4nde oder spezielle Software wie Adobe Bridge, Lightroom oder Anwendungen wie Pixellu SmartAlbums. Auch einfache Methoden wie das Anordnen von Bildern in einem leeren PowerPoint- oder InDesign-Dokument k\u00f6nnen helfen, die Serie in der \u00dcbersicht zu betrachten und flexibel umzustellen.<\/p>\n\n\n\n<p class=\"post__paragraph has-spacing--default\">Eine gute Fotoreportage folgt einer klaren Erz\u00e4hlstruktur mit Einleitung, Hauptteil und Schluss, in der sich die Protagonist*innen entwickeln. Das bedeutet jedoch nicht, dass die Bilder streng zeitchronologisch angeordnet sein m\u00fcssen. Vielmehr sollten sie sich so zueinander f\u00fcgen, dass sie \u00e4sthetisch wirken und gleichzeitig die Geschichte auf eine eing\u00e4ngige und spannende Weise erz\u00e4hlen. <\/p>\n\n\n\n<p class=\"post__paragraph has-spacing--m\">Spannung entsteht oft durch ungew\u00f6hnliche Bildfolgen oder Darstellungsweisen. Wenn zwei Bilder qualitativ und inhaltlich \u00e4hnlich sind, lohnt es sich meist, ohne gro\u00dfe Umschweife das merkw\u00fcrdigere zu w\u00e4hlen \u2013 es fesselt die Betrachtenden, zieht sie weiter in die Handlung und zeigt \u00abOut-of-the-Box\u00bb-Denken.<\/p>\n\n\n\n<div class=\"devider has-spacing--xs\">\n    <hr>\n<\/div>\n\n\n \n    \n    <div id=\"quote-block_bdbc0c383b1966ed34b8890434551b91\" class=\"block-quote has-spacing--m\">\n        <figure class=\"quote\">\n            <blockquote>\n                <p><strong>Die Bildsprache<\/strong> wird Teil der Bedeutung deiner Arbeit.<\/p>\n            <\/blockquote>\n\n            <figcaption>\n\n                            <img loading=\"lazy\" decoding=\"async\" class=\"portrait--inline\" src=\"https:\/\/visualjournalism.de\/wp-content\/uploads\/Prof_Dr_Karen_Fromm_thumb-1-52x52.jpg\" width=\"52\" height=\"52\" alt=\"\" \/>\n                            <span>Prof. Dr. Karen Fromm<\/span>\n            <\/figcaption>\n            \n        <\/figure>\n    <\/div>\n\n\n\n \n\n<div class=\"photo-grid grid-layout--2col-5 has-spacing--m\">\n\n            \n\n            <div class=\"photo-grid__image\">\n\n                <figure>\n\n                    <img loading=\"lazy\" decoding=\"async\"  \n                        src=\"https:\/\/visualjournalism.de\/wp-content\/uploads\/Ratgeber-Fotoreportage-Vartmann_Anjou_Ideale_04-768x512.jpg\" \n                        srcset=\"https:\/\/visualjournalism.de\/wp-content\/uploads\/Ratgeber-Fotoreportage-Vartmann_Anjou_Ideale_04-768x512.jpg 768w, https:\/\/visualjournalism.de\/wp-content\/uploads\/Ratgeber-Fotoreportage-Vartmann_Anjou_Ideale_04-300x200.jpg 300w, https:\/\/visualjournalism.de\/wp-content\/uploads\/Ratgeber-Fotoreportage-Vartmann_Anjou_Ideale_04-1024x683.jpg 1024w, https:\/\/visualjournalism.de\/wp-content\/uploads\/Ratgeber-Fotoreportage-Vartmann_Anjou_Ideale_04-1536x1024.jpg 1536w, https:\/\/visualjournalism.de\/wp-content\/uploads\/Ratgeber-Fotoreportage-Vartmann_Anjou_Ideale_04-1400x934.jpg 1400w, https:\/\/visualjournalism.de\/wp-content\/uploads\/Ratgeber-Fotoreportage-Vartmann_Anjou_Ideale_04-1050x700.jpg 1050w, https:\/\/visualjournalism.de\/wp-content\/uploads\/Ratgeber-Fotoreportage-Vartmann_Anjou_Ideale_04-670x447.jpg 670w, https:\/\/visualjournalism.de\/wp-content\/uploads\/Ratgeber-Fotoreportage-Vartmann_Anjou_Ideale_04-420x280.jpg 420w, https:\/\/visualjournalism.de\/wp-content\/uploads\/Ratgeber-Fotoreportage-Vartmann_Anjou_Ideale_04-350x233.jpg 350w, https:\/\/visualjournalism.de\/wp-content\/uploads\/Ratgeber-Fotoreportage-Vartmann_Anjou_Ideale_04-150x100.jpg 150w, https:\/\/visualjournalism.de\/wp-content\/uploads\/Ratgeber-Fotoreportage-Vartmann_Anjou_Ideale_04.jpg 1771w\" \n                        width=\"768\"  \n                        height=\"512\" \n                        alt=\"\"  \n                    \/>\n\n                    \n                    \n                <\/figure>\n\n            <\/div><!-- photo-grid__image -->    \n\n\n            \n\n                    \n                \n\n            <div class=\"photo-grid__image\">\n\n                <figure>\n\n                    <img loading=\"lazy\" decoding=\"async\"  \n                        src=\"https:\/\/visualjournalism.de\/wp-content\/uploads\/Ratgeber-Fotoreportage-Vartmann_Anjou_Ideale_Alternative_06-768x512.jpg\" \n                        srcset=\"https:\/\/visualjournalism.de\/wp-content\/uploads\/Ratgeber-Fotoreportage-Vartmann_Anjou_Ideale_Alternative_06-768x512.jpg 768w, https:\/\/visualjournalism.de\/wp-content\/uploads\/Ratgeber-Fotoreportage-Vartmann_Anjou_Ideale_Alternative_06-300x200.jpg 300w, https:\/\/visualjournalism.de\/wp-content\/uploads\/Ratgeber-Fotoreportage-Vartmann_Anjou_Ideale_Alternative_06-1024x683.jpg 1024w, https:\/\/visualjournalism.de\/wp-content\/uploads\/Ratgeber-Fotoreportage-Vartmann_Anjou_Ideale_Alternative_06-1536x1024.jpg 1536w, https:\/\/visualjournalism.de\/wp-content\/uploads\/Ratgeber-Fotoreportage-Vartmann_Anjou_Ideale_Alternative_06-1400x934.jpg 1400w, https:\/\/visualjournalism.de\/wp-content\/uploads\/Ratgeber-Fotoreportage-Vartmann_Anjou_Ideale_Alternative_06-1050x700.jpg 1050w, https:\/\/visualjournalism.de\/wp-content\/uploads\/Ratgeber-Fotoreportage-Vartmann_Anjou_Ideale_Alternative_06-670x447.jpg 670w, https:\/\/visualjournalism.de\/wp-content\/uploads\/Ratgeber-Fotoreportage-Vartmann_Anjou_Ideale_Alternative_06-420x280.jpg 420w, https:\/\/visualjournalism.de\/wp-content\/uploads\/Ratgeber-Fotoreportage-Vartmann_Anjou_Ideale_Alternative_06-350x233.jpg 350w, https:\/\/visualjournalism.de\/wp-content\/uploads\/Ratgeber-Fotoreportage-Vartmann_Anjou_Ideale_Alternative_06-150x100.jpg 150w, https:\/\/visualjournalism.de\/wp-content\/uploads\/Ratgeber-Fotoreportage-Vartmann_Anjou_Ideale_Alternative_06.jpg 1771w\" \n                        width=\"768\"  \n                        height=\"512\" \n                        alt=\"\"  \n                    \/>\n\n                    \n                    \n                <\/figure>\n\n            <\/div><!-- photo-grid__image -->    \n\n\n            \n\n            \n<\/div>\n\n    <figure class=\"block-photo post__image--wide-right has-spacing--m with-title\">\n\n        <div class=\"post__image__container\">\n            <img loading=\"lazy\" decoding=\"async\" \n                src=\"https:\/\/visualjournalism.de\/wp-content\/uploads\/HR-Ratgeber-Fotoreportage-Vartmann_Anjou_Ideale_14-1050x700.jpg\"\n                srcset=\"https:\/\/visualjournalism.de\/wp-content\/uploads\/HR-Ratgeber-Fotoreportage-Vartmann_Anjou_Ideale_14-1050x700.jpg 1050w, https:\/\/visualjournalism.de\/wp-content\/uploads\/HR-Ratgeber-Fotoreportage-Vartmann_Anjou_Ideale_14-300x200.jpg 300w, https:\/\/visualjournalism.de\/wp-content\/uploads\/HR-Ratgeber-Fotoreportage-Vartmann_Anjou_Ideale_14-1024x683.jpg 1024w, https:\/\/visualjournalism.de\/wp-content\/uploads\/HR-Ratgeber-Fotoreportage-Vartmann_Anjou_Ideale_14-768x512.jpg 768w, https:\/\/visualjournalism.de\/wp-content\/uploads\/HR-Ratgeber-Fotoreportage-Vartmann_Anjou_Ideale_14-1536x1024.jpg 1536w, https:\/\/visualjournalism.de\/wp-content\/uploads\/HR-Ratgeber-Fotoreportage-Vartmann_Anjou_Ideale_14-2048x1365.jpg 2048w, https:\/\/visualjournalism.de\/wp-content\/uploads\/HR-Ratgeber-Fotoreportage-Vartmann_Anjou_Ideale_14-1920x1280.jpg 1920w, https:\/\/visualjournalism.de\/wp-content\/uploads\/HR-Ratgeber-Fotoreportage-Vartmann_Anjou_Ideale_14-1400x933.jpg 1400w, https:\/\/visualjournalism.de\/wp-content\/uploads\/HR-Ratgeber-Fotoreportage-Vartmann_Anjou_Ideale_14-670x447.jpg 670w, https:\/\/visualjournalism.de\/wp-content\/uploads\/HR-Ratgeber-Fotoreportage-Vartmann_Anjou_Ideale_14-420x280.jpg 420w, https:\/\/visualjournalism.de\/wp-content\/uploads\/HR-Ratgeber-Fotoreportage-Vartmann_Anjou_Ideale_14-350x233.jpg 350w, https:\/\/visualjournalism.de\/wp-content\/uploads\/HR-Ratgeber-Fotoreportage-Vartmann_Anjou_Ideale_14-150x100.jpg 150w\"\n                width=\"1050\" \n                height=\"700\"\n                alt=\"Eine Pinwand mit Danksagungen von Eltern, die ihre Kinder in dem Geburtshaus zur Welt gebracht haben.\" \n            \/>\n            \n                            <span class=\"post__image__title\">Foto: Anjou Vartmann<\/span>\n                    <\/div><!-- post__image__container -->\n\n        \n    <\/figure><!-- post__image -->\n\n\n\n\n \n\n    <div id=\"accordion-block_2767712e2835ab397ce1f1411c5cebac\" class=\"accordion has-spacing--m\">\n        <div class=\"accordion__title\">\n            <h5>Vier Fragen zur perfekten Sequenz<\/h5>\n            <span><\/span>\n        <\/div>\n\n        <div class=\"accordion__text\">\n         <p class=\"p1\"><strong>Erz\u00e4hlt die Reihenfolge<\/strong> eine klare und emotionale Geschichte<\/p>\n<p class=\"p1\"><strong>Passen die Bilder<\/strong> visuell zusammen?<\/p>\n<p class=\"p2\"><strong>Gibt es eine ausgewogene Dynamik<\/strong> zwischen ruhigen und dramatischen Momenten?<\/p>\n<p class=\"p2\"><strong>Flie\u00dft die Erz\u00e4hlung<\/strong> nat\u00fcrlich von einem Bild zum n\u00e4chsten?<\/p>\n<p class=\"p1\"><b>Tipp:<\/b> Lass die Sequenz nach einer Pause mit frischem Blick wirken, um die beste Reihenfolge zu finden.<\/p>\n        <\/div>\n    <\/div>\n\n\n\n    <figure class=\"block-photo post__image--full has-spacing--m with-title\">\n\n        <div class=\"post__image__container\">\n            <img loading=\"lazy\" decoding=\"async\" \n                src=\"https:\/\/visualjournalism.de\/wp-content\/uploads\/Ratgeber-Fotoreportage-Anjou-Vartmann-Edit-1400x745.png\"\n                srcset=\"https:\/\/visualjournalism.de\/wp-content\/uploads\/Ratgeber-Fotoreportage-Anjou-Vartmann-Edit-1400x745.png 1400w, https:\/\/visualjournalism.de\/wp-content\/uploads\/Ratgeber-Fotoreportage-Anjou-Vartmann-Edit-300x160.png 300w, https:\/\/visualjournalism.de\/wp-content\/uploads\/Ratgeber-Fotoreportage-Anjou-Vartmann-Edit-1024x545.png 1024w, https:\/\/visualjournalism.de\/wp-content\/uploads\/Ratgeber-Fotoreportage-Anjou-Vartmann-Edit-768x408.png 768w, https:\/\/visualjournalism.de\/wp-content\/uploads\/Ratgeber-Fotoreportage-Anjou-Vartmann-Edit-1536x817.png 1536w, https:\/\/visualjournalism.de\/wp-content\/uploads\/Ratgeber-Fotoreportage-Anjou-Vartmann-Edit-2048x1089.png 2048w, https:\/\/visualjournalism.de\/wp-content\/uploads\/Ratgeber-Fotoreportage-Anjou-Vartmann-Edit-1920x1021.png 1920w, https:\/\/visualjournalism.de\/wp-content\/uploads\/Ratgeber-Fotoreportage-Anjou-Vartmann-Edit-1050x558.png 1050w, https:\/\/visualjournalism.de\/wp-content\/uploads\/Ratgeber-Fotoreportage-Anjou-Vartmann-Edit-670x356.png 670w, https:\/\/visualjournalism.de\/wp-content\/uploads\/Ratgeber-Fotoreportage-Anjou-Vartmann-Edit-420x223.png 420w, https:\/\/visualjournalism.de\/wp-content\/uploads\/Ratgeber-Fotoreportage-Anjou-Vartmann-Edit-350x186.png 350w, https:\/\/visualjournalism.de\/wp-content\/uploads\/Ratgeber-Fotoreportage-Anjou-Vartmann-Edit-150x80.png 150w\"\n                width=\"1400\" \n                height=\"745\"\n                alt=\"Ein Raster mit der finalen Sequenz der Fotostrecke.\" \n            \/>\n            \n                            <span class=\"post__image__title\">Fotos: Anjou Vartmann<\/span>\n                    <\/div><!-- post__image__container -->\n\n        \n    <\/figure><!-- post__image -->\n\n\n\n\n    <div class=\"headline-block has-spacing--xs\">\n\n        <h2 class=\"post__headline\">Der Feinschliff<\/h2>\n\n        \n    <\/div>\n\n    \n\n\n\n\n<p class=\"post__paragraph has-spacing--default\"><br>Anleitungen zur Nutzung von Bildbearbeitungsprogrammen gibt es im Netz zuhauf \u2013 darauf m\u00fcssen wir hier nicht eingehen. Wer jedoch journalistisch arbeitet, sollte einige grundlegende ethische Prinzipien beachten. <\/p>\n\n\n\n<p class=\"post__paragraph has-spacing--default\">Ein <a href=\"https:\/\/zollfreilager.net\/artikel\/world-press-photo-ethik-oder-kontraste-sind-erlaubt\/#:~:text=Die%20World%20Press%20Photo%20Foundation,gegen\u00fcber%20diesen%20Standards%20%5B\u2026%5D.\" target=\"_blank\" rel=\"noreferrer noopener\">Text von Philipp Spillmann<\/a> verdeutlicht die Grenzen der Bildbearbeitung im Journalismus, insbesondere im Hinblick auf Wettbewerbe wie&nbsp;<strong><a href=\"https:\/\/www.worldpressphoto.org\" target=\"_blank\" rel=\"noreferrer noopener\">World Press Photo<\/a>, <a href=\"https:\/\/poy.org\">POYi<\/a> oder <a href=\"https:\/\/www.visapourlimage.com\">Visa pour l\u2019Image<\/a><\/strong>. W\u00e4hrend Anpassungen von Farbkorrekturen, Kontrasten oder Sch\u00e4rfe in einem gewissen Rahmen zul\u00e4ssig sind, bleibt das Grundprinzip unver\u00e4ndert:&nbsp;<strong>Der Inhalt eines Bildes darf nicht manipuliert werden.<\/strong><\/p>\n\n\n\n<p class=\"post__paragraph has-spacing--default\">Die Regeln unterscheiden sich je nach Wettbewerb leicht, doch eine klare Grenze wird \u00fcberschritten, wenn die Realit\u00e4t der Szene ver\u00e4ndert wird \u2013 sei es durch digitale Retuschen, das Entfernen oder Hinzuf\u00fcgen von Bildelementen oder das bewusste Verschweigen von Bilddetails. <\/p>\n\n\n\n<p class=\"post__paragraph has-spacing--m\">Auch Inszenierungen, die eine falsche Realit\u00e4t vorgaukeln, widersprechen den Grunds\u00e4tzen des Fotojournalismus. Wer seine Arbeit f\u00fcr Wettbewerbe oder Ver\u00f6ffentlichungen einreicht, sollte daher stets die jeweiligen Richtlinien genau pr\u00fcfen, um ethische Standards nicht zu verletzen.<\/p>\n\n\n\n<div class=\"devider has-spacing--xs\">\n    <hr>\n<\/div>\n\n\n \n    \n    <div id=\"quote-block_129ea201b0fc7585fe818f33ade2fbaa\" class=\"block-quote has-spacing--m\">\n        <figure class=\"quote\">\n            <blockquote>\n                <p class=\"p1\"><strong>Fotografieren ist kein einfacher Akt<\/strong> der Ann\u00e4herung an eine Wahrheit, sondern ein komplexer Kommunikationsprozess.<\/p>\n            <\/blockquote>\n\n            <figcaption>\n\n                            <img loading=\"lazy\" decoding=\"async\" class=\"portrait--inline\" src=\"https:\/\/visualjournalism.de\/wp-content\/uploads\/vfvjnq29_400x400-52x52.jpg\" width=\"52\" height=\"52\" alt=\"Portr\u00e4t von Philipp Spillmann\" \/>\n                            <span>Philipp Spillmann<\/span>\n            <\/figcaption>\n            \n        <\/figure>\n    <\/div>\n\n\n\n\n<p class=\"post__paragraph has-spacing--default\">F\u00fcr die Bildbearbeitung im Journalismus bedeutet das, dass keine inhaltlichen Ver\u00e4nderungen vorgenommen werden d\u00fcrfen. Retuschen sind nur dann zul\u00e4ssig, wenn sie den tats\u00e4chlichen Sachverhalt nicht verf\u00e4lschen. Das hei\u00dft, beim Bearbeiten von Fotos geht es um die Verbesserung der technischen Qualit\u00e4t \u2013 etwa das Anpassen von Belichtung oder Sch\u00e4rfe \u2013, aber nicht darum, den Bildinhalt oder die dahinterstehende Geschichte zu ver\u00e4ndern.<\/p>\n\n\n\n<p class=\"post__paragraph has-spacing--default\">Die World Press Photo Foundation betont daher, dass die Form der Bearbeitung akzeptabel ist, solange der \u00abFakt\u00bb des Bildes gewahrt bleibt. Dies unterstreicht, dass Fotografieren nicht nur das Festhalten der Realit\u00e4t ist, sondern immer auch eine Interpretation des Moments darstellt, die jedoch transparent und nicht manipulativ sein darf.<\/p>\n\n\n\n<p class=\"post__paragraph has-spacing--default\">Im praktischen Kontext bedeutet dies f\u00fcr Fotografen, dass sie in der Bildbearbeitung nichts ver\u00e4ndern d\u00fcrfen, was die authentische Darstellung des Geschehens beeinflusst. Retuschen, die mit branchen\u00fcblichen Standards \u00fcbereinstimmen, wie das Entfernen von Sensorflecken oder das Anpassen von Belichtung und Kontrast, sind akzeptabel, solange sie den Inhalt des Bildes nicht verf\u00e4lschen.<\/p>\n\n\n\n<p class=\"post__paragraph has-spacing--m\">\u00dcber Perspektivenkorrektur kann man streiten: Ver\u00e4ndert das die Aussage des Bildes? Teilweise ist das alles etwas schwammig formuliert aber der Grundgedanke, dass am besten alles \u00abstraight out of camera\u00bb kommen soll hilft dir dabei.<\/p>\n\n\n    <figure class=\"block-photo post__image--wide-left has-spacing--m with-title\">\n\n        <div class=\"post__image__container\">\n            <img loading=\"lazy\" decoding=\"async\" \n                src=\"https:\/\/visualjournalism.de\/wp-content\/uploads\/Ratgeber-Fotoreportage-10_Nikulski_Ludwig-scaled-1-1050x840.jpg\"\n                srcset=\"https:\/\/visualjournalism.de\/wp-content\/uploads\/Ratgeber-Fotoreportage-10_Nikulski_Ludwig-scaled-1-1050x840.jpg 1050w, https:\/\/visualjournalism.de\/wp-content\/uploads\/Ratgeber-Fotoreportage-10_Nikulski_Ludwig-scaled-1-300x240.jpg 300w, https:\/\/visualjournalism.de\/wp-content\/uploads\/Ratgeber-Fotoreportage-10_Nikulski_Ludwig-scaled-1-1024x819.jpg 1024w, https:\/\/visualjournalism.de\/wp-content\/uploads\/Ratgeber-Fotoreportage-10_Nikulski_Ludwig-scaled-1-768x614.jpg 768w, https:\/\/visualjournalism.de\/wp-content\/uploads\/Ratgeber-Fotoreportage-10_Nikulski_Ludwig-scaled-1-1536x1229.jpg 1536w, https:\/\/visualjournalism.de\/wp-content\/uploads\/Ratgeber-Fotoreportage-10_Nikulski_Ludwig-scaled-1-2048x1638.jpg 2048w, https:\/\/visualjournalism.de\/wp-content\/uploads\/Ratgeber-Fotoreportage-10_Nikulski_Ludwig-scaled-1-1920x1536.jpg 1920w, https:\/\/visualjournalism.de\/wp-content\/uploads\/Ratgeber-Fotoreportage-10_Nikulski_Ludwig-scaled-1-1400x1120.jpg 1400w, https:\/\/visualjournalism.de\/wp-content\/uploads\/Ratgeber-Fotoreportage-10_Nikulski_Ludwig-scaled-1-670x536.jpg 670w, https:\/\/visualjournalism.de\/wp-content\/uploads\/Ratgeber-Fotoreportage-10_Nikulski_Ludwig-scaled-1-420x336.jpg 420w, https:\/\/visualjournalism.de\/wp-content\/uploads\/Ratgeber-Fotoreportage-10_Nikulski_Ludwig-scaled-1-350x280.jpg 350w, https:\/\/visualjournalism.de\/wp-content\/uploads\/Ratgeber-Fotoreportage-10_Nikulski_Ludwig-scaled-1-150x120.jpg 150w\"\n                width=\"1050\" \n                height=\"840\"\n                alt=\"Ein Mann steht vor seinem Auto.\" \n            \/>\n            \n                            <span class=\"post__image__title\">Wasya taking a break.<\/span>\n                    <\/div><!-- post__image__container -->\n\n        \n    <\/figure><!-- post__image -->\n\n<\/div>\n\n\n\n<div id=\"5-Nacharbeit\" class=\"wp-block-group has-spacing--default\">\n    <div class=\"headline-block has-spacing--xs\">\n\n        <h2 class=\"post__headline\">5. Nachbearbeitung, rechtliche Aspekte und Vermarktung<\/h2>\n\n        \n    <\/div>\n\n    \n\n\n\n\n<p class=\"post__paragraph has-spacing--default\">Was passiert wenn deine Fotoreportage fertig ist? Ganz fertig bist du noch nicht. Deine Arbeit braucht Kontext \u2013 sei es durch eine kurze Bildbeschreibung oder einen ausf\u00fchrlicheren Begleittext. Besonders bei journalistischen Arbeiten ist es wichtig, dass die Bilder mit den richtigen Metadaten versehen werden. Diese enthalten wichtige Informationen wie Bildtitel, Urheber*in, Aufnahmeort und -datum sowie gegebenenfalls eine Bildunterschrift.<\/p>\n\n\n\n<p class=\"post__paragraph has-spacing--default\">Die Metadaten gibst du direkt in einer Bildverwaltungssoftware wie Adobe Lightroom, Photo Mechanic oder Capture One ein oder sp\u00e4ter im Content-Management-System (CMS) einer Website oder Publikation. Auch Alt-Texte sind f\u00fcr die Onlinenutzung essenziell \u2013 sie verbessern die Barrierefreiheit und helfen Suchmaschinen, das Bild zu verstehen. Am besten verfasst du diese Texte selbst, um sicherzustellen, dass die Bilder im richtigen Kontext erscheinen.<\/p>\n\n\n\n<p class=\"post__paragraph has-spacing--default\">Zuletzt kommt der Schritt der Pr\u00e4sentation. Hier pr\u00fcfst du, wie die Aufnahmen zusammenwirken und ob sie die gew\u00fcnschte Botschaft klar vermitteln. Ob online, in einer Ausstellung oder in Printform \u2013 du bereitest die Bilder f\u00fcr das jeweilige Medium vor. Doch die Arbeit ist noch nicht ganz abgeschlossen.<\/p>\n\n\n\n<p class=\"post__paragraph has-spacing--default\">Es ist wichtig, sicherzustellen, dass alle ethischen und rechtlichen Standards eingehalten wurden und gegebenenfalls Feedback einzuholen, um die Pr\u00e4sentation zu optimieren. Ebenfalls solltest du sp\u00e4testens jetzt von allen beteiligten Personen eine Einverst\u00e4ndnis haben. Eine klare Dokumentation wird dir sp\u00e4ter helfen, entweder weiter zu arbeiten oder bietet dir Sicherheit, falls jemand deine Thesen und Fotos anfechten sollte.<\/p>\n\n\n\n<p class=\"post__paragraph has-spacing--m\">Wenn du deine Arbeit an eine Redaktion verkaufen m\u00f6chtest, solltest du dir diesen <a href=\"https:\/\/www.format.com\/de\/magazine\/resources\/art\/how-to-get-published-advice\" target=\"_blank\" rel=\"noreferrer noopener\">Ratgeber<\/a> ansehen. Hier wird das weitere Vorgehen beschrieben, wie du dabei erfolgreich bist.<\/p>\n<\/div>\n\n\n\n<div class=\"wp-block-group has-spacing--default has-spacing--default\">\n<div class=\"devider has-spacing--none\">\n    <hr>\n<\/div>\n\n\n \n\n    <div id=\"lead-in-block_63be938ab337b18eb2fbe4779f9abb47\" class=\"block-lead-in typo--default font-size--xl has-spacing--s width--default\">\n        <p><strong>Empfehlungen der Redaktion:<\/strong><\/p>\n    <\/div>\n\n\n\n\r\n\r\n\r\n\n\n\r\n\r\n\r\n\r\n        <div class=\"teaser-grid grid-layout--3col has-spacing--s width--inline\">\r\n\r\n            \r\n                <article class=\"post-teaser\">\r\n\r\n                    <a href=\"https:\/\/visualjournalism.de\/en\/magazine\/ratgeber\/wie-du-deine-portraets-neu-denken-kannst\/\" rel=\"permalink\">\r\n\r\n                        <div class=\"post-teaser__content\">\r\n\r\n                            <span class=\"entry-categories\">Ratgeber<\/span>\r\n                            <h3 class=\"post-teaser__headline\">\r\n                                Wie du deine Portr\u00e4ts neu denken kannst.                            <\/h3>\r\n\r\n                            <div class=\"post-teaser__excerpt\">\r\n                                <p>Wenn uns Portr\u00e4ts tief ber\u00fchren, aufr\u00fctteln oder in den Bann ziehen, ist das ein sicheres Anzeichen f\u00fcr ein starkes Bild. Doch wie gelingt das? Hier findest du konkrete Ans\u00e4tze und Tipps von Expert*innen aus der Praxis.<\/p>\r\n                            <\/div>\r\n\r\n                        <\/div><!-- .post-teaser__content -->\r\n\r\n\r\n                        \r\n                            <figure class=\"post-teaser__image\">\r\n                                <img loading=\"lazy\" decoding=\"async\"  \r\n                                    src=\"https:\/\/visualjournalism.de\/wp-content\/uploads\/Portraits-China-Hopsen-768x674.jpg\" \r\n                                    srcset=\"https:\/\/visualjournalism.de\/wp-content\/uploads\/Portraits-China-Hopsen-768x674.jpg 768w, https:\/\/visualjournalism.de\/wp-content\/uploads\/Portraits-China-Hopsen-300x263.jpg 300w, https:\/\/visualjournalism.de\/wp-content\/uploads\/Portraits-China-Hopsen-1024x899.jpg 1024w, https:\/\/visualjournalism.de\/wp-content\/uploads\/Portraits-China-Hopsen-1536x1348.jpg 1536w, https:\/\/visualjournalism.de\/wp-content\/uploads\/Portraits-China-Hopsen-2048x1797.jpg 2048w, https:\/\/visualjournalism.de\/wp-content\/uploads\/Portraits-China-Hopsen-1920x1685.jpg 1920w, https:\/\/visualjournalism.de\/wp-content\/uploads\/Portraits-China-Hopsen-1400x1229.jpg 1400w, https:\/\/visualjournalism.de\/wp-content\/uploads\/Portraits-China-Hopsen-1050x922.jpg 1050w, https:\/\/visualjournalism.de\/wp-content\/uploads\/Portraits-China-Hopsen-670x588.jpg 670w, https:\/\/visualjournalism.de\/wp-content\/uploads\/Portraits-China-Hopsen-420x369.jpg 420w, https:\/\/visualjournalism.de\/wp-content\/uploads\/Portraits-China-Hopsen-350x307.jpg 350w, https:\/\/visualjournalism.de\/wp-content\/uploads\/Portraits-China-Hopsen-150x132.jpg 150w\" \r\n                                    width=\"768\"  \r\n                                    height=\"674\" \r\n                                    alt=\"Auswahl von 6 verschieden Porraits Abwechslung von nah und distanizert\"\r\n                                \/>\r\n                            <\/figure>\r\n\r\n                        \r\n                    \r\n                    <\/a>\r\n\r\n                <\/article><!--- .post-teaser-->\r\n\r\n            \r\n                <article class=\"post-teaser\">\r\n\r\n                    <a href=\"https:\/\/visualjournalism.de\/en\/magazine\/ratgeber\/praktikum-im-journalismus\/\" rel=\"permalink\">\r\n\r\n                        <div class=\"post-teaser__content\">\r\n\r\n                            <span class=\"entry-categories\">Ratgeber<\/span>\r\n                            <h3 class=\"post-teaser__headline\">\r\n                                So gelingt dein Praktikum im Journalismus!                            <\/h3>\r\n\r\n                            <div class=\"post-teaser__excerpt\">\r\n                                <p>Wie findest du das richtige Praktikum? Wie \u00fcberzeugst du in der Bewerbung? Und was solltest du w\u00e4hrend des Praktikums unbedingt beachten? Mit Tipps und Tricks von unseren Professor*innen und Studierenden.<\/p>\r\n                            <\/div>\r\n\r\n                        <\/div><!-- .post-teaser__content -->\r\n\r\n\r\n                        \r\n                            <figure class=\"post-teaser__image\">\r\n                                <img loading=\"lazy\" decoding=\"async\"  \r\n                                    src=\"https:\/\/visualjournalism.de\/wp-content\/uploads\/IMG_312C868D6676-1-Foto-Stefan-Nieland-768x512.jpeg\" \r\n                                    srcset=\"https:\/\/visualjournalism.de\/wp-content\/uploads\/IMG_312C868D6676-1-Foto-Stefan-Nieland-768x512.jpeg 768w, https:\/\/visualjournalism.de\/wp-content\/uploads\/IMG_312C868D6676-1-Foto-Stefan-Nieland-300x200.jpeg 300w, https:\/\/visualjournalism.de\/wp-content\/uploads\/IMG_312C868D6676-1-Foto-Stefan-Nieland-1024x683.jpeg 1024w, https:\/\/visualjournalism.de\/wp-content\/uploads\/IMG_312C868D6676-1-Foto-Stefan-Nieland-1536x1024.jpeg 1536w, https:\/\/visualjournalism.de\/wp-content\/uploads\/IMG_312C868D6676-1-Foto-Stefan-Nieland-1920x1280.jpeg 1920w, https:\/\/visualjournalism.de\/wp-content\/uploads\/IMG_312C868D6676-1-Foto-Stefan-Nieland-1400x933.jpeg 1400w, https:\/\/visualjournalism.de\/wp-content\/uploads\/IMG_312C868D6676-1-Foto-Stefan-Nieland-1050x700.jpeg 1050w, https:\/\/visualjournalism.de\/wp-content\/uploads\/IMG_312C868D6676-1-Foto-Stefan-Nieland-670x447.jpeg 670w, https:\/\/visualjournalism.de\/wp-content\/uploads\/IMG_312C868D6676-1-Foto-Stefan-Nieland-420x280.jpeg 420w, https:\/\/visualjournalism.de\/wp-content\/uploads\/IMG_312C868D6676-1-Foto-Stefan-Nieland-350x233.jpeg 350w, https:\/\/visualjournalism.de\/wp-content\/uploads\/IMG_312C868D6676-1-Foto-Stefan-Nieland-150x100.jpeg 150w, https:\/\/visualjournalism.de\/wp-content\/uploads\/IMG_312C868D6676-1-Foto-Stefan-Nieland.jpeg 2048w\" \r\n                                    width=\"768\"  \r\n                                    height=\"512\" \r\n                                    alt=\"F\u00fcnf Personen im Fotostudio der F.A.Z. inszenieren mit Bratpfannen eine kreative Szene. Im Mittelpunkt: Sophie Boyer und Stefan Nieland, beide im journalistischen Praktikum aus dem Studiengang Visual Journalism and Documentary Photography in Hannover. Die Szene zeigt Zusammenarbeit im Redaktionspraktikum und gestalterische Praxis im Journalismus.\"\r\n                                \/>\r\n                            <\/figure>\r\n\r\n                        \r\n                    \r\n                    <\/a>\r\n\r\n                <\/article><!--- .post-teaser-->\r\n\r\n            \r\n                <article class=\"post-teaser\">\r\n\r\n                    <a href=\"https:\/\/visualjournalism.de\/en\/magazine\/sammeln\/hannovers-verborgene-rohstoffquelle\/\" rel=\"permalink\">\r\n\r\n                        <div class=\"post-teaser__content\">\r\n\r\n                            <span class=\"entry-categories\">Sammeln<\/span>\r\n                            <h3 class=\"post-teaser__headline\">\r\n                                Hannovers verborgene Rohstoffquelle                            <\/h3>\r\n\r\n                            <div class=\"post-teaser__excerpt\">\r\n                                <p>Unsichere Handelsbeziehungen, Kriege und neue Vorschriften fordern die Recyclingbranche heraus. Auf dem TSR-Gel\u00e4nde im hannoverschen Nordhafen sp\u00fcrt man die Bewegung eines ganzen Wirtschaftszweigs \u2013 ein Blick hinter die Kulissen. <\/p>\r\n                            <\/div>\r\n\r\n                        <\/div><!-- .post-teaser__content -->\r\n\r\n\r\n                        \r\n                            <figure class=\"post-teaser__image\">\r\n                                <img loading=\"lazy\" decoding=\"async\"  \r\n                                    src=\"https:\/\/visualjournalism.de\/wp-content\/uploads\/Moritz-Heck_Schrottplatz_26_dunkel-768x512.jpg\" \r\n                                    srcset=\"https:\/\/visualjournalism.de\/wp-content\/uploads\/Moritz-Heck_Schrottplatz_26_dunkel-768x512.jpg 768w, https:\/\/visualjournalism.de\/wp-content\/uploads\/Moritz-Heck_Schrottplatz_26_dunkel-300x200.jpg 300w, https:\/\/visualjournalism.de\/wp-content\/uploads\/Moritz-Heck_Schrottplatz_26_dunkel-1024x683.jpg 1024w, https:\/\/visualjournalism.de\/wp-content\/uploads\/Moritz-Heck_Schrottplatz_26_dunkel-1536x1024.jpg 1536w, https:\/\/visualjournalism.de\/wp-content\/uploads\/Moritz-Heck_Schrottplatz_26_dunkel-2048x1365.jpg 2048w, https:\/\/visualjournalism.de\/wp-content\/uploads\/Moritz-Heck_Schrottplatz_26_dunkel-1920x1280.jpg 1920w, https:\/\/visualjournalism.de\/wp-content\/uploads\/Moritz-Heck_Schrottplatz_26_dunkel-1400x933.jpg 1400w, https:\/\/visualjournalism.de\/wp-content\/uploads\/Moritz-Heck_Schrottplatz_26_dunkel-1050x700.jpg 1050w, https:\/\/visualjournalism.de\/wp-content\/uploads\/Moritz-Heck_Schrottplatz_26_dunkel-670x447.jpg 670w, https:\/\/visualjournalism.de\/wp-content\/uploads\/Moritz-Heck_Schrottplatz_26_dunkel-420x280.jpg 420w, https:\/\/visualjournalism.de\/wp-content\/uploads\/Moritz-Heck_Schrottplatz_26_dunkel-350x233.jpg 350w, https:\/\/visualjournalism.de\/wp-content\/uploads\/Moritz-Heck_Schrottplatz_26_dunkel-150x100.jpg 150w\" \r\n                                    width=\"768\"  \r\n                                    height=\"512\" \r\n                                    alt=\"\"\r\n                                \/>\r\n                            <\/figure>\r\n\r\n                        \r\n                    \r\n                    <\/a>\r\n\r\n                <\/article><!--- .post-teaser-->\r\n\r\n            \r\n        <\/div><!-- .teaser-grid -->\r\n\r\n\n\n\r\n\r\n\r\n\n\n\n    <div class=\"btn-wrapper has-spacing--m\">\n        <a class=\"btn\" href=\"https:\/\/visualjournalism.de\/magazin\/\" target=\"_blank\">ZUR MAGAZIN-STARTSEITE<\/a>\n    <\/div>\n<\/div>\n","protected":false},"author":7,"featured_media":55445,"template":"","tags":[],"magazinkategorie":[159],"class_list":["post-51263","magazin","type-magazin","status-publish","has-post-thumbnail","hentry","magazinkategorie-ratgeber"],"acf":[],"yoast_head":"<!-- This site is optimized with the Yoast SEO Premium plugin v27.3 (Yoast SEO v27.3) - https:\/\/yoast.com\/product\/yoast-seo-premium-wordpress\/ -->\n<title>Was eine gute Fotoreportage auszeichnet &#8211; Visual Journalism and Documentary Photography<\/title>\n<meta name=\"description\" content=\"Lerne wie du eine Fotoreportage meisterst \u2013 mit Tipps zu Storytelling, Bildbearbeitung und ethischen Standards der Reportagefotografie.\" \/>\n<meta name=\"robots\" content=\"index, follow, max-snippet:-1, max-image-preview:large, max-video-preview:-1\" \/>\n<link rel=\"canonical\" href=\"https:\/\/visualjournalism.de\/en\/magazine\/ratgeber\/was-eine-gute-fotoreportage-auszeichnet\/\" \/>\n<meta property=\"og:locale\" content=\"en_US\" \/>\n<meta property=\"og:type\" content=\"article\" \/>\n<meta property=\"og:title\" content=\"Was eine gute Fotoreportage auszeichnet\" \/>\n<meta property=\"og:description\" content=\"Lerne wie du eine Fotoreportage meisterst \u2013 mit Tipps zu Storytelling, Bildbearbeitung und ethischen Standards der Reportagefotografie.\" \/>\n<meta property=\"og:url\" content=\"https:\/\/visualjournalism.de\/en\/magazine\/ratgeber\/was-eine-gute-fotoreportage-auszeichnet\/\" \/>\n<meta property=\"og:site_name\" content=\"Visual Journalism and Documentary Photography\" \/>\n<meta property=\"article:publisher\" content=\"https:\/\/www.facebook.com\/people\/wwwfotostudentende\/100065173703897\/\" \/>\n<meta property=\"article:modified_time\" content=\"2026-02-24T14:56:48+00:00\" \/>\n<meta property=\"og:image\" content=\"https:\/\/visualjournalism.de\/wp-content\/uploads\/Ratgeber-Fotoreportage-1-Fabian-Niebauer-_DSC5629-lowRes-scaled.jpg\" \/>\n\t<meta property=\"og:image:width\" content=\"2560\" \/>\n\t<meta property=\"og:image:height\" content=\"1707\" \/>\n\t<meta property=\"og:image:type\" content=\"image\/jpeg\" \/>\n<meta name=\"twitter:card\" content=\"summary_large_image\" \/>\n<meta name=\"twitter:site\" content=\"@HsHannover\" \/>\n<meta name=\"twitter:label1\" content=\"Est. reading time\" \/>\n\t<meta name=\"twitter:data1\" content=\"16 minutes\" \/>\n<script type=\"application\/ld+json\" class=\"yoast-schema-graph\">{\"@context\":\"https:\\\/\\\/schema.org\",\"@graph\":[{\"@type\":\"WebPage\",\"@id\":\"https:\\\/\\\/visualjournalism.de\\\/en\\\/magazine\\\/ratgeber\\\/was-eine-gute-fotoreportage-auszeichnet\\\/\",\"url\":\"https:\\\/\\\/visualjournalism.de\\\/en\\\/magazine\\\/ratgeber\\\/was-eine-gute-fotoreportage-auszeichnet\\\/\",\"name\":\"Was eine gute Fotoreportage auszeichnet &#8211; Visual Journalism and Documentary Photography\",\"isPartOf\":{\"@id\":\"https:\\\/\\\/visualjournalism.de\\\/en\\\/#website\"},\"primaryImageOfPage\":{\"@id\":\"https:\\\/\\\/visualjournalism.de\\\/en\\\/magazine\\\/ratgeber\\\/was-eine-gute-fotoreportage-auszeichnet\\\/#primaryimage\"},\"image\":{\"@id\":\"https:\\\/\\\/visualjournalism.de\\\/en\\\/magazine\\\/ratgeber\\\/was-eine-gute-fotoreportage-auszeichnet\\\/#primaryimage\"},\"thumbnailUrl\":\"https:\\\/\\\/visualjournalism.de\\\/wp-content\\\/uploads\\\/Ratgeber-Fotoreportage-1-Fabian-Niebauer-_DSC5629-lowRes-scaled.jpg\",\"datePublished\":\"2026-02-24T14:56:43+00:00\",\"dateModified\":\"2026-02-24T14:56:48+00:00\",\"description\":\"Lerne wie du eine Fotoreportage meisterst \u2013 mit Tipps zu Storytelling, Bildbearbeitung und ethischen Standards der Reportagefotografie.\",\"breadcrumb\":{\"@id\":\"https:\\\/\\\/visualjournalism.de\\\/en\\\/magazine\\\/ratgeber\\\/was-eine-gute-fotoreportage-auszeichnet\\\/#breadcrumb\"},\"inLanguage\":\"en-US\",\"potentialAction\":[{\"@type\":\"ReadAction\",\"target\":[\"https:\\\/\\\/visualjournalism.de\\\/en\\\/magazine\\\/ratgeber\\\/was-eine-gute-fotoreportage-auszeichnet\\\/\"]}]},{\"@type\":\"ImageObject\",\"inLanguage\":\"en-US\",\"@id\":\"https:\\\/\\\/visualjournalism.de\\\/en\\\/magazine\\\/ratgeber\\\/was-eine-gute-fotoreportage-auszeichnet\\\/#primaryimage\",\"url\":\"https:\\\/\\\/visualjournalism.de\\\/wp-content\\\/uploads\\\/Ratgeber-Fotoreportage-1-Fabian-Niebauer-_DSC5629-lowRes-scaled.jpg\",\"contentUrl\":\"https:\\\/\\\/visualjournalism.de\\\/wp-content\\\/uploads\\\/Ratgeber-Fotoreportage-1-Fabian-Niebauer-_DSC5629-lowRes-scaled.jpg\",\"width\":2560,\"height\":1707,\"caption\":\"Eine Frau h\u00e4lt sich zwei Kameras vor die Augen.\"},{\"@type\":\"BreadcrumbList\",\"@id\":\"https:\\\/\\\/visualjournalism.de\\\/en\\\/magazine\\\/ratgeber\\\/was-eine-gute-fotoreportage-auszeichnet\\\/#breadcrumb\",\"itemListElement\":[{\"@type\":\"ListItem\",\"position\":1,\"name\":\"Home\",\"item\":\"https:\\\/\\\/visualjournalism.de\\\/en\\\/\"},{\"@type\":\"ListItem\",\"position\":2,\"name\":\"Magazin\",\"item\":\"https:\\\/\\\/visualjournalism.de\\\/en\\\/magazine\\\/\"},{\"@type\":\"ListItem\",\"position\":3,\"name\":\"Was eine gute Fotoreportage auszeichnet\"}]},{\"@type\":\"WebSite\",\"@id\":\"https:\\\/\\\/visualjournalism.de\\\/en\\\/#website\",\"url\":\"https:\\\/\\\/visualjournalism.de\\\/en\\\/\",\"name\":\"Visual Journalism and Documentary Photography\",\"description\":\"All about the bilingual bachelor&#039;s program at Hannover University of Applied Sciences and Arts.\",\"publisher\":{\"@id\":\"https:\\\/\\\/visualjournalism.de\\\/en\\\/#organization\"},\"alternateName\":\"visualjournalism.de\",\"potentialAction\":[{\"@type\":\"SearchAction\",\"target\":{\"@type\":\"EntryPoint\",\"urlTemplate\":\"https:\\\/\\\/visualjournalism.de\\\/en\\\/?s={search_term_string}\"},\"query-input\":{\"@type\":\"PropertyValueSpecification\",\"valueRequired\":true,\"valueName\":\"search_term_string\"}}],\"inLanguage\":\"en-US\"},{\"@type\":\"Organization\",\"@id\":\"https:\\\/\\\/visualjournalism.de\\\/en\\\/#organization\",\"name\":\"Hochschule Hannover \u2013 University of Applied Sciences and Arts\",\"alternateName\":\"HsH\",\"url\":\"https:\\\/\\\/visualjournalism.de\\\/en\\\/\",\"logo\":{\"@type\":\"ImageObject\",\"inLanguage\":\"en-US\",\"@id\":\"https:\\\/\\\/visualjournalism.de\\\/en\\\/#\\\/schema\\\/logo\\\/image\\\/\",\"url\":\"https:\\\/\\\/visualjournalism.de\\\/wp-content\\\/uploads\\\/logo-hochschule-hannover.png\",\"contentUrl\":\"https:\\\/\\\/visualjournalism.de\\\/wp-content\\\/uploads\\\/logo-hochschule-hannover.png\",\"width\":363,\"height\":270,\"caption\":\"Hochschule Hannover \u2013 University of Applied Sciences and Arts\"},\"image\":{\"@id\":\"https:\\\/\\\/visualjournalism.de\\\/en\\\/#\\\/schema\\\/logo\\\/image\\\/\"},\"sameAs\":[\"https:\\\/\\\/www.facebook.com\\\/people\\\/wwwfotostudentende\\\/100065173703897\\\/\",\"https:\\\/\\\/x.com\\\/HsHannover\",\"https:\\\/\\\/www.instagram.com\\\/visualjournalism.de\\\/\"]}]}<\/script>\n<!-- \/ Yoast SEO Premium plugin. -->","yoast_head_json":{"title":"Was eine gute Fotoreportage auszeichnet &#8211; Visual Journalism and Documentary Photography","description":"Lerne wie du eine Fotoreportage meisterst \u2013 mit Tipps zu Storytelling, Bildbearbeitung und ethischen Standards der Reportagefotografie.","robots":{"index":"index","follow":"follow","max-snippet":"max-snippet:-1","max-image-preview":"max-image-preview:large","max-video-preview":"max-video-preview:-1"},"canonical":"https:\/\/visualjournalism.de\/en\/magazine\/ratgeber\/was-eine-gute-fotoreportage-auszeichnet\/","og_locale":"en_US","og_type":"article","og_title":"Was eine gute Fotoreportage auszeichnet","og_description":"Lerne wie du eine Fotoreportage meisterst \u2013 mit Tipps zu Storytelling, Bildbearbeitung und ethischen Standards der Reportagefotografie.","og_url":"https:\/\/visualjournalism.de\/en\/magazine\/ratgeber\/was-eine-gute-fotoreportage-auszeichnet\/","og_site_name":"Visual Journalism and Documentary Photography","article_publisher":"https:\/\/www.facebook.com\/people\/wwwfotostudentende\/100065173703897\/","article_modified_time":"2026-02-24T14:56:48+00:00","og_image":[{"width":2560,"height":1707,"url":"https:\/\/visualjournalism.de\/wp-content\/uploads\/Ratgeber-Fotoreportage-1-Fabian-Niebauer-_DSC5629-lowRes-scaled.jpg","type":"image\/jpeg"}],"twitter_card":"summary_large_image","twitter_site":"@HsHannover","twitter_misc":{"Est. reading time":"16 minutes"},"schema":{"@context":"https:\/\/schema.org","@graph":[{"@type":"WebPage","@id":"https:\/\/visualjournalism.de\/en\/magazine\/ratgeber\/was-eine-gute-fotoreportage-auszeichnet\/","url":"https:\/\/visualjournalism.de\/en\/magazine\/ratgeber\/was-eine-gute-fotoreportage-auszeichnet\/","name":"Was eine gute Fotoreportage auszeichnet &#8211; Visual Journalism and Documentary Photography","isPartOf":{"@id":"https:\/\/visualjournalism.de\/en\/#website"},"primaryImageOfPage":{"@id":"https:\/\/visualjournalism.de\/en\/magazine\/ratgeber\/was-eine-gute-fotoreportage-auszeichnet\/#primaryimage"},"image":{"@id":"https:\/\/visualjournalism.de\/en\/magazine\/ratgeber\/was-eine-gute-fotoreportage-auszeichnet\/#primaryimage"},"thumbnailUrl":"https:\/\/visualjournalism.de\/wp-content\/uploads\/Ratgeber-Fotoreportage-1-Fabian-Niebauer-_DSC5629-lowRes-scaled.jpg","datePublished":"2026-02-24T14:56:43+00:00","dateModified":"2026-02-24T14:56:48+00:00","description":"Lerne wie du eine Fotoreportage meisterst \u2013 mit Tipps zu Storytelling, Bildbearbeitung und ethischen Standards der Reportagefotografie.","breadcrumb":{"@id":"https:\/\/visualjournalism.de\/en\/magazine\/ratgeber\/was-eine-gute-fotoreportage-auszeichnet\/#breadcrumb"},"inLanguage":"en-US","potentialAction":[{"@type":"ReadAction","target":["https:\/\/visualjournalism.de\/en\/magazine\/ratgeber\/was-eine-gute-fotoreportage-auszeichnet\/"]}]},{"@type":"ImageObject","inLanguage":"en-US","@id":"https:\/\/visualjournalism.de\/en\/magazine\/ratgeber\/was-eine-gute-fotoreportage-auszeichnet\/#primaryimage","url":"https:\/\/visualjournalism.de\/wp-content\/uploads\/Ratgeber-Fotoreportage-1-Fabian-Niebauer-_DSC5629-lowRes-scaled.jpg","contentUrl":"https:\/\/visualjournalism.de\/wp-content\/uploads\/Ratgeber-Fotoreportage-1-Fabian-Niebauer-_DSC5629-lowRes-scaled.jpg","width":2560,"height":1707,"caption":"Eine Frau h\u00e4lt sich zwei Kameras vor die Augen."},{"@type":"BreadcrumbList","@id":"https:\/\/visualjournalism.de\/en\/magazine\/ratgeber\/was-eine-gute-fotoreportage-auszeichnet\/#breadcrumb","itemListElement":[{"@type":"ListItem","position":1,"name":"Home","item":"https:\/\/visualjournalism.de\/en\/"},{"@type":"ListItem","position":2,"name":"Magazin","item":"https:\/\/visualjournalism.de\/en\/magazine\/"},{"@type":"ListItem","position":3,"name":"Was eine gute Fotoreportage auszeichnet"}]},{"@type":"WebSite","@id":"https:\/\/visualjournalism.de\/en\/#website","url":"https:\/\/visualjournalism.de\/en\/","name":"Visual Journalism and Documentary Photography","description":"All about the bilingual bachelor&#039;s program at Hannover University of Applied Sciences and Arts.","publisher":{"@id":"https:\/\/visualjournalism.de\/en\/#organization"},"alternateName":"visualjournalism.de","potentialAction":[{"@type":"SearchAction","target":{"@type":"EntryPoint","urlTemplate":"https:\/\/visualjournalism.de\/en\/?s={search_term_string}"},"query-input":{"@type":"PropertyValueSpecification","valueRequired":true,"valueName":"search_term_string"}}],"inLanguage":"en-US"},{"@type":"Organization","@id":"https:\/\/visualjournalism.de\/en\/#organization","name":"Hochschule Hannover \u2013 University of Applied Sciences and Arts","alternateName":"HsH","url":"https:\/\/visualjournalism.de\/en\/","logo":{"@type":"ImageObject","inLanguage":"en-US","@id":"https:\/\/visualjournalism.de\/en\/#\/schema\/logo\/image\/","url":"https:\/\/visualjournalism.de\/wp-content\/uploads\/logo-hochschule-hannover.png","contentUrl":"https:\/\/visualjournalism.de\/wp-content\/uploads\/logo-hochschule-hannover.png","width":363,"height":270,"caption":"Hochschule Hannover \u2013 University of Applied Sciences and Arts"},"image":{"@id":"https:\/\/visualjournalism.de\/en\/#\/schema\/logo\/image\/"},"sameAs":["https:\/\/www.facebook.com\/people\/wwwfotostudentende\/100065173703897\/","https:\/\/x.com\/HsHannover","https:\/\/www.instagram.com\/visualjournalism.de\/"]}]}},"_links":{"self":[{"href":"https:\/\/visualjournalism.de\/en\/wp-json\/wp\/v2\/magazin\/51263","targetHints":{"allow":["GET"]}}],"collection":[{"href":"https:\/\/visualjournalism.de\/en\/wp-json\/wp\/v2\/magazin"}],"about":[{"href":"https:\/\/visualjournalism.de\/en\/wp-json\/wp\/v2\/types\/magazin"}],"author":[{"embeddable":true,"href":"https:\/\/visualjournalism.de\/en\/wp-json\/wp\/v2\/users\/7"}],"version-history":[{"count":21,"href":"https:\/\/visualjournalism.de\/en\/wp-json\/wp\/v2\/magazin\/51263\/revisions"}],"predecessor-version":[{"id":69375,"href":"https:\/\/visualjournalism.de\/en\/wp-json\/wp\/v2\/magazin\/51263\/revisions\/69375"}],"wp:featuredmedia":[{"embeddable":true,"href":"https:\/\/visualjournalism.de\/en\/wp-json\/wp\/v2\/media\/55445"}],"wp:attachment":[{"href":"https:\/\/visualjournalism.de\/en\/wp-json\/wp\/v2\/media?parent=51263"}],"wp:term":[{"taxonomy":"post_tag","embeddable":true,"href":"https:\/\/visualjournalism.de\/en\/wp-json\/wp\/v2\/tags?post=51263"},{"taxonomy":"magazinkategorie","embeddable":true,"href":"https:\/\/visualjournalism.de\/en\/wp-json\/wp\/v2\/magazinkategorie?post=51263"}],"curies":[{"name":"wp","href":"https:\/\/api.w.org\/{rel}","templated":true}]}}