{"id":52546,"date":"2025-12-22T17:41:12","date_gmt":"2025-12-22T15:41:12","guid":{"rendered":"https:\/\/visualjournalism.de\/?post_type=magazin&#038;p=52546"},"modified":"2025-12-22T17:41:16","modified_gmt":"2025-12-22T15:41:16","slug":"die-richtige-beleuchtung-im-fotostudio","status":"publish","type":"magazin","link":"https:\/\/visualjournalism.de\/en\/magazine\/ratgeber\/die-richtige-beleuchtung-im-fotostudio\/","title":{"rendered":"Beleuchtung im Fotostudio"},"content":{"rendered":"\n \n\n    <div id=\"lead-in-block_052e4582d55bf86144ffec7cb3e11719\" class=\"block-lead-in typo--default font-size--xl has-spacing--m width--default\">\n        <h1>Beleuchtung im Fotostudio.<\/h1>\n<p>Das richtige Licht im Studio ist entscheidend f\u00fcr gelungene Studioaufnahmen. Wie aber gelingt die perfekte Ausleuchtung und welche Techniken gibt es?<\/p>\n<div class=\"entry-meta\">\r\n    <span class=\"posted-on\"><a href=\"https:\/\/visualjournalism.de\/en\/magazine\/ratgeber\/die-richtige-beleuchtung-im-fotostudio\/\" rel=\"bookmark\"><time class=\"entry-date published\" datetime=\"2025-12-22T17:41:12+02:00\">22.12.2025<\/time><\/a><\/span><span class=\"byline\">Redaktion: <span class=\"author vcard\"><span class=\"fn n\">Meline B\u00fchler<\/span><\/span><\/span><\/div><!-- .entry-meta -->\r\n    <\/div>\n\n\n\n    <figure class=\"block-photo post__image--full has-spacing--m no-title\">\n\n        <div class=\"post__image__container\">\n            <img loading=\"lazy\" decoding=\"async\" \n                src=\"https:\/\/visualjournalism.de\/wp-content\/uploads\/DSC06343-1400x896.jpg\"\n                srcset=\"https:\/\/visualjournalism.de\/wp-content\/uploads\/DSC06343-1400x896.jpg 1400w, https:\/\/visualjournalism.de\/wp-content\/uploads\/DSC06343-300x192.jpg 300w, https:\/\/visualjournalism.de\/wp-content\/uploads\/DSC06343-1024x656.jpg 1024w, https:\/\/visualjournalism.de\/wp-content\/uploads\/DSC06343-768x492.jpg 768w, https:\/\/visualjournalism.de\/wp-content\/uploads\/DSC06343-1536x983.jpg 1536w, https:\/\/visualjournalism.de\/wp-content\/uploads\/DSC06343-2048x1311.jpg 2048w, https:\/\/visualjournalism.de\/wp-content\/uploads\/DSC06343-1920x1229.jpg 1920w, https:\/\/visualjournalism.de\/wp-content\/uploads\/DSC06343-1050x672.jpg 1050w, https:\/\/visualjournalism.de\/wp-content\/uploads\/DSC06343-670x429.jpg 670w, https:\/\/visualjournalism.de\/wp-content\/uploads\/DSC06343-420x269.jpg 420w, https:\/\/visualjournalism.de\/wp-content\/uploads\/DSC06343-350x224.jpg 350w, https:\/\/visualjournalism.de\/wp-content\/uploads\/DSC06343-150x96.jpg 150w\"\n                width=\"1400\" \n                height=\"896\"\n                alt=\"\" \n            \/>\n            \n                    <\/div><!-- post__image__container -->\n\n        \n    <\/figure><!-- post__image -->\n\n\n\n\n<p class=\"post__paragraph has-spacing--m\"><strong>Die richtige Beleuchtung ist der Kern f\u00fcr jede professionelle Fotografie.<\/strong> Im Fotostudio hat der <a href=\"https:\/\/visualjournalism.de\/landingpage\/fotostrecken\/\">Fotograf<\/a> die vollst\u00e4ndige Kontrolle \u00fcber das Licht, was es ihm erm\u00f6glicht, Atmosph\u00e4re und Details pr\u00e4zise zu gestalten. Ob Portr\u00e4t oder Produktaufnahme \u2013 mit der richtigen Lichtf\u00fchrung entscheidest du \u00fcber Stimmung und Details. Durch die Auswahl von Lichtquellen, deren Positionierung und Modifikation mit Hilfsmitteln wie Softboxen oder Reflektoren l\u00e4sst sich jedes Motiv inszenieren.<\/p>\n\n\n\n    <div class=\"headline-block has-spacing--xs\">\n\n        <h2 class=\"post__headline\">Die Lichtsituation im Fotostudio <\/h2>\n\n        \n    <\/div>\n\n    \n\n\n\n\n<p class=\"post__paragraph has-spacing--default\">In vielen Fotostudios spielt das Tageslicht eine zentrale Rolle. Vor allem durch gro\u00dfe Fenster, die das Studio mit nat\u00fcrlichem Licht durchfluten. Tageslicht bietet eine weiche, gleichm\u00e4\u00dfige Beleuchtung, die sich ideal f\u00fcr authentische Portr\u00e4ts eignet. Doch das Tageslicht ist nicht konstant. Es \u00e4ndert sich je nach Tageszeit und Wetter. <\/p>\n\n\n\n<p class=\"post__paragraph has-spacing--default\">Fotografen m\u00fcssen deshalb w\u00e4hrend des Shootings aufmerksam bleiben, um die Lichtverh\u00e4ltnisse stets im Auge zu behalten. Gerade zur Mittagszeit kann das direkte Sonnenlicht harte Schatten werfen, die zwar kreativen Spielraum bieten, aber auch unerw\u00fcnschte Effekte erzeugen k\u00f6nnen. In solchen F\u00e4llen helfen Reflektoren oder zus\u00e4tzliche Lichtquellen, diese Schatten aufzuhellen und das Bild auszugleichen. <\/p>\n\n\n\n<p class=\"post__paragraph has-spacing--default\">Wenn du nur mit Kunstlicht arbeiten m\u00f6chtest, empfiehlt es sich, die Fenster mit blickdichten Vorh\u00e4ngen abzudunkeln, um eine Mischung aus Tages- und Kunstlicht zu vermeiden. Allerdings kann das Mischen von Tages- und Kunstlicht auch k\u00fcnstlerisch interessant sein. Das h\u00e4ngt ganz von der Vision des Fotografen oder der Fotografin ab.<\/p>\n\n\n\n<p class=\"post__paragraph has-spacing--m\">In einem Studio ohne Fenster k\u00f6nnen Fotografen mit Blitzlicht oder Dauerlicht pr\u00e4zise arbeiten und das Licht nach ihren Vorstellungen gestalten. Doch um das Beste aus den verf\u00fcgbaren Lichtquellen herauszuholen, ist es wichtig, sich mit den verschiedenen Optionen vertraut zu machen. Nur so lassen sich die gew\u00fcnschten Effekte erzielen und jedes Motiv optimal in Szene setzen.<\/p>\n\n\n\n    <div class=\"headline-block has-spacing--xs\">\n\n        <h2 class=\"post__headline\">Lichtformer \u2013 ein wichtiges Tool f\u00fcr die perfekte Studiobeleuchtung<\/h2>\n\n        \n    <\/div>\n\n    \n\n\n\n\n<p class=\"post__paragraph has-spacing--l\">Jeder Lichtformer hat seine spezifische Anwendung und kann je nach gew\u00fcnschtem Effekt und dem zu fotografierenden Motiv eingesetzt werden. Die Wahl des richtigen Lichtformers ist entscheidend, um das Bild zu gestalten und die Stimmung oder Atmosph\u00e4re zu verst\u00e4rken.<\/p>\n\n\n \n\n<div class=\"photo-grid grid-layout--2col-5 has-spacing--m\">\n\n            \n\n            <div class=\"photo-grid__image\">\n\n                <figure>\n\n                    <img loading=\"lazy\" decoding=\"async\"  \n                        src=\"https:\/\/visualjournalism.de\/wp-content\/uploads\/DSC06388-4-768x1152.jpg\" \n                        srcset=\"https:\/\/visualjournalism.de\/wp-content\/uploads\/DSC06388-4-768x1152.jpg 768w, https:\/\/visualjournalism.de\/wp-content\/uploads\/DSC06388-4-200x300.jpg 200w, https:\/\/visualjournalism.de\/wp-content\/uploads\/DSC06388-4-683x1024.jpg 683w, https:\/\/visualjournalism.de\/wp-content\/uploads\/DSC06388-4-1024x1536.jpg 1024w, https:\/\/visualjournalism.de\/wp-content\/uploads\/DSC06388-4-1366x2048.jpg 1366w, https:\/\/visualjournalism.de\/wp-content\/uploads\/DSC06388-4-1920x2880.jpg 1920w, https:\/\/visualjournalism.de\/wp-content\/uploads\/DSC06388-4-1400x2100.jpg 1400w, https:\/\/visualjournalism.de\/wp-content\/uploads\/DSC06388-4-1050x1575.jpg 1050w, https:\/\/visualjournalism.de\/wp-content\/uploads\/DSC06388-4-670x1005.jpg 670w, https:\/\/visualjournalism.de\/wp-content\/uploads\/DSC06388-4-420x630.jpg 420w, https:\/\/visualjournalism.de\/wp-content\/uploads\/DSC06388-4-350x525.jpg 350w, https:\/\/visualjournalism.de\/wp-content\/uploads\/DSC06388-4-300x450.jpg 300w, https:\/\/visualjournalism.de\/wp-content\/uploads\/DSC06388-4-150x225.jpg 150w, https:\/\/visualjournalism.de\/wp-content\/uploads\/DSC06388-4-scaled.jpg 1707w\" \n                        width=\"768\"  \n                        height=\"1152\" \n                        alt=\"\"  \n                    \/>\n\n                    \n                    \n                <\/figure>\n\n            <\/div><!-- photo-grid__image -->    \n\n\n            \n\n                    \n                \n\n            <div class=\"photo-grid__image\">\n\n                <figure>\n\n                    <img loading=\"lazy\" decoding=\"async\"  \n                        src=\"https:\/\/visualjournalism.de\/wp-content\/uploads\/DSC06405-768x1152.jpg\" \n                        srcset=\"https:\/\/visualjournalism.de\/wp-content\/uploads\/DSC06405-768x1152.jpg 768w, https:\/\/visualjournalism.de\/wp-content\/uploads\/DSC06405-200x300.jpg 200w, https:\/\/visualjournalism.de\/wp-content\/uploads\/DSC06405-683x1024.jpg 683w, https:\/\/visualjournalism.de\/wp-content\/uploads\/DSC06405-1024x1536.jpg 1024w, https:\/\/visualjournalism.de\/wp-content\/uploads\/DSC06405-1365x2048.jpg 1365w, https:\/\/visualjournalism.de\/wp-content\/uploads\/DSC06405-1920x2881.jpg 1920w, https:\/\/visualjournalism.de\/wp-content\/uploads\/DSC06405-1400x2100.jpg 1400w, https:\/\/visualjournalism.de\/wp-content\/uploads\/DSC06405-1050x1575.jpg 1050w, https:\/\/visualjournalism.de\/wp-content\/uploads\/DSC06405-670x1005.jpg 670w, https:\/\/visualjournalism.de\/wp-content\/uploads\/DSC06405-420x630.jpg 420w, https:\/\/visualjournalism.de\/wp-content\/uploads\/DSC06405-350x525.jpg 350w, https:\/\/visualjournalism.de\/wp-content\/uploads\/DSC06405-300x450.jpg 300w, https:\/\/visualjournalism.de\/wp-content\/uploads\/DSC06405-150x225.jpg 150w, https:\/\/visualjournalism.de\/wp-content\/uploads\/DSC06405-scaled.jpg 1706w\" \n                        width=\"768\"  \n                        height=\"1152\" \n                        alt=\"\"  \n                    \/>\n\n                    \n                    \n                <\/figure>\n\n            <\/div><!-- photo-grid__image -->    \n\n\n            \n\n            \n<\/div>\n\n \n\n<div class=\"photo-grid grid-layout--2col-5 has-spacing--m\">\n\n            \n\n            <div class=\"photo-grid__image\">\n\n                <figure>\n\n                    <img loading=\"lazy\" decoding=\"async\"  \n                        src=\"https:\/\/visualjournalism.de\/wp-content\/uploads\/DSC06516-768x1152.jpg\" \n                        srcset=\"https:\/\/visualjournalism.de\/wp-content\/uploads\/DSC06516-768x1152.jpg 768w, https:\/\/visualjournalism.de\/wp-content\/uploads\/DSC06516-200x300.jpg 200w, https:\/\/visualjournalism.de\/wp-content\/uploads\/DSC06516-683x1024.jpg 683w, https:\/\/visualjournalism.de\/wp-content\/uploads\/DSC06516-1024x1536.jpg 1024w, https:\/\/visualjournalism.de\/wp-content\/uploads\/DSC06516-1365x2048.jpg 1365w, https:\/\/visualjournalism.de\/wp-content\/uploads\/DSC06516-1920x2880.jpg 1920w, https:\/\/visualjournalism.de\/wp-content\/uploads\/DSC06516-1400x2100.jpg 1400w, https:\/\/visualjournalism.de\/wp-content\/uploads\/DSC06516-1050x1575.jpg 1050w, https:\/\/visualjournalism.de\/wp-content\/uploads\/DSC06516-670x1005.jpg 670w, https:\/\/visualjournalism.de\/wp-content\/uploads\/DSC06516-420x630.jpg 420w, https:\/\/visualjournalism.de\/wp-content\/uploads\/DSC06516-350x525.jpg 350w, https:\/\/visualjournalism.de\/wp-content\/uploads\/DSC06516-300x450.jpg 300w, https:\/\/visualjournalism.de\/wp-content\/uploads\/DSC06516-150x225.jpg 150w, https:\/\/visualjournalism.de\/wp-content\/uploads\/DSC06516-scaled.jpg 1707w\" \n                        width=\"768\"  \n                        height=\"1152\" \n                        alt=\"\"  \n                    \/>\n\n                    \n                    \n                <\/figure>\n\n            <\/div><!-- photo-grid__image -->    \n\n\n            \n\n                    \n                \n\n            <div class=\"photo-grid__image\">\n\n                <figure>\n\n                    <img loading=\"lazy\" decoding=\"async\"  \n                        src=\"https:\/\/visualjournalism.de\/wp-content\/uploads\/DSC06450-1-768x1152.jpg\" \n                        srcset=\"https:\/\/visualjournalism.de\/wp-content\/uploads\/DSC06450-1-768x1152.jpg 768w, https:\/\/visualjournalism.de\/wp-content\/uploads\/DSC06450-1-200x300.jpg 200w, https:\/\/visualjournalism.de\/wp-content\/uploads\/DSC06450-1-683x1024.jpg 683w, https:\/\/visualjournalism.de\/wp-content\/uploads\/DSC06450-1-1024x1536.jpg 1024w, https:\/\/visualjournalism.de\/wp-content\/uploads\/DSC06450-1-1365x2048.jpg 1365w, https:\/\/visualjournalism.de\/wp-content\/uploads\/DSC06450-1-1920x2881.jpg 1920w, https:\/\/visualjournalism.de\/wp-content\/uploads\/DSC06450-1-1400x2100.jpg 1400w, https:\/\/visualjournalism.de\/wp-content\/uploads\/DSC06450-1-1050x1575.jpg 1050w, https:\/\/visualjournalism.de\/wp-content\/uploads\/DSC06450-1-670x1005.jpg 670w, https:\/\/visualjournalism.de\/wp-content\/uploads\/DSC06450-1-420x630.jpg 420w, https:\/\/visualjournalism.de\/wp-content\/uploads\/DSC06450-1-350x525.jpg 350w, https:\/\/visualjournalism.de\/wp-content\/uploads\/DSC06450-1-300x450.jpg 300w, https:\/\/visualjournalism.de\/wp-content\/uploads\/DSC06450-1-150x225.jpg 150w, https:\/\/visualjournalism.de\/wp-content\/uploads\/DSC06450-1-scaled.jpg 1706w\" \n                        width=\"768\"  \n                        height=\"1152\" \n                        alt=\"\"  \n                    \/>\n\n                    \n                    \n                <\/figure>\n\n            <\/div><!-- photo-grid__image -->    \n\n\n            \n\n            \n<\/div>\n\n \n\n<div class=\"photo-grid grid-layout--2col-5 has-spacing--m\">\n\n            \n\n            <div class=\"photo-grid__image\">\n\n                <figure>\n\n                    <img loading=\"lazy\" decoding=\"async\"  \n                        src=\"https:\/\/visualjournalism.de\/wp-content\/uploads\/DSC06535-768x1152.jpg\" \n                        srcset=\"https:\/\/visualjournalism.de\/wp-content\/uploads\/DSC06535-768x1152.jpg 768w, https:\/\/visualjournalism.de\/wp-content\/uploads\/DSC06535-200x300.jpg 200w, https:\/\/visualjournalism.de\/wp-content\/uploads\/DSC06535-683x1024.jpg 683w, https:\/\/visualjournalism.de\/wp-content\/uploads\/DSC06535-1024x1536.jpg 1024w, https:\/\/visualjournalism.de\/wp-content\/uploads\/DSC06535-1366x2048.jpg 1366w, https:\/\/visualjournalism.de\/wp-content\/uploads\/DSC06535-1920x2879.jpg 1920w, https:\/\/visualjournalism.de\/wp-content\/uploads\/DSC06535-1400x2100.jpg 1400w, https:\/\/visualjournalism.de\/wp-content\/uploads\/DSC06535-1050x1575.jpg 1050w, https:\/\/visualjournalism.de\/wp-content\/uploads\/DSC06535-670x1005.jpg 670w, https:\/\/visualjournalism.de\/wp-content\/uploads\/DSC06535-420x630.jpg 420w, https:\/\/visualjournalism.de\/wp-content\/uploads\/DSC06535-350x525.jpg 350w, https:\/\/visualjournalism.de\/wp-content\/uploads\/DSC06535-300x450.jpg 300w, https:\/\/visualjournalism.de\/wp-content\/uploads\/DSC06535-150x225.jpg 150w, https:\/\/visualjournalism.de\/wp-content\/uploads\/DSC06535-scaled.jpg 1707w\" \n                        width=\"768\"  \n                        height=\"1152\" \n                        alt=\"\"  \n                    \/>\n\n                    \n                    \n                <\/figure>\n\n            <\/div><!-- photo-grid__image -->    \n\n\n            \n\n                    \n                \n\n            <div class=\"photo-grid__image\">\n\n                <figure>\n\n                    <img loading=\"lazy\" decoding=\"async\"  \n                        src=\"https:\/\/visualjournalism.de\/wp-content\/uploads\/DSC06575-768x512.jpg\" \n                        srcset=\"https:\/\/visualjournalism.de\/wp-content\/uploads\/DSC06575-768x512.jpg 768w, https:\/\/visualjournalism.de\/wp-content\/uploads\/DSC06575-300x200.jpg 300w, https:\/\/visualjournalism.de\/wp-content\/uploads\/DSC06575-1024x683.jpg 1024w, https:\/\/visualjournalism.de\/wp-content\/uploads\/DSC06575-1536x1024.jpg 1536w, https:\/\/visualjournalism.de\/wp-content\/uploads\/DSC06575-2048x1365.jpg 2048w, https:\/\/visualjournalism.de\/wp-content\/uploads\/DSC06575-1920x1280.jpg 1920w, https:\/\/visualjournalism.de\/wp-content\/uploads\/DSC06575-1400x933.jpg 1400w, https:\/\/visualjournalism.de\/wp-content\/uploads\/DSC06575-1050x700.jpg 1050w, https:\/\/visualjournalism.de\/wp-content\/uploads\/DSC06575-670x447.jpg 670w, https:\/\/visualjournalism.de\/wp-content\/uploads\/DSC06575-420x280.jpg 420w, https:\/\/visualjournalism.de\/wp-content\/uploads\/DSC06575-350x233.jpg 350w, https:\/\/visualjournalism.de\/wp-content\/uploads\/DSC06575-150x100.jpg 150w\" \n                        width=\"768\"  \n                        height=\"512\" \n                        alt=\"\"  \n                    \/>\n\n                    \n                    \n                <\/figure>\n\n            <\/div><!-- photo-grid__image -->    \n\n\n            \n\n            \n<\/div>\n\n\n<p class=\"post__paragraph has-spacing--default\">Zus\u00e4tzliches Zubeh\u00f6r wie Faltreflektoren oder Styropor kann effektiv als Aufheller genutzt werden, um gezielte Akzente im Bild zu setzen. Diese einfachen Hilfsmittel sind ideal, um Schatten aufzuhellen oder bestimmte Bereiche des Motivs sanft zu betonen.<\/p>\n\n\n\n<p class=\"post__paragraph has-spacing--m\">Gerade Styropor bietet eine kosteng\u00fcnstige Alternative und ist ideal f\u00fcr Fotografen und Fotografinnen, die sich eine teure Ausr\u00fcstung noch nicht leisten k\u00f6nnen.\u00a0 Auch Farbfolien bieten eine kreative M\u00f6glichkeit, die Beleuchtung zu ver\u00e4ndern. Sie werden vor die Lichtquelle gespannt und verleihen dem Licht dadurch die gew\u00fcnschte Farbnuance.<\/p>\n\n\n\n<div class=\"wp-block-group has-color-14-background-color has-background has-spacing--m\">\n<div class=\"pinned-block has-spacing--m\">\n\t\n\n<div class=\"pinned-block__column--left\">\n    \n    <figure class=\"block-photo post__image--full has-spacing--m no-title\">\n\n        <div class=\"post__image__container\">\n            <img loading=\"lazy\" decoding=\"async\" \n                src=\"https:\/\/visualjournalism.de\/wp-content\/uploads\/Enver-Hirsch_2024-1-1-1400x1867.jpg\"\n                srcset=\"https:\/\/visualjournalism.de\/wp-content\/uploads\/Enver-Hirsch_2024-1-1-1400x1867.jpg 1400w, https:\/\/visualjournalism.de\/wp-content\/uploads\/Enver-Hirsch_2024-1-1-225x300.jpg 225w, https:\/\/visualjournalism.de\/wp-content\/uploads\/Enver-Hirsch_2024-1-1-768x1024.jpg 768w, https:\/\/visualjournalism.de\/wp-content\/uploads\/Enver-Hirsch_2024-1-1-1152x1536.jpg 1152w, https:\/\/visualjournalism.de\/wp-content\/uploads\/Enver-Hirsch_2024-1-1-1536x2048.jpg 1536w, https:\/\/visualjournalism.de\/wp-content\/uploads\/Enver-Hirsch_2024-1-1-scaled.jpg 1920w, https:\/\/visualjournalism.de\/wp-content\/uploads\/Enver-Hirsch_2024-1-1-1050x1400.jpg 1050w, https:\/\/visualjournalism.de\/wp-content\/uploads\/Enver-Hirsch_2024-1-1-670x893.jpg 670w, https:\/\/visualjournalism.de\/wp-content\/uploads\/Enver-Hirsch_2024-1-1-420x560.jpg 420w, https:\/\/visualjournalism.de\/wp-content\/uploads\/Enver-Hirsch_2024-1-1-350x467.jpg 350w, https:\/\/visualjournalism.de\/wp-content\/uploads\/Enver-Hirsch_2024-1-1-300x400.jpg 300w, https:\/\/visualjournalism.de\/wp-content\/uploads\/Enver-Hirsch_2024-1-1-640x853.jpg 640w, https:\/\/visualjournalism.de\/wp-content\/uploads\/Enver-Hirsch_2024-1-1-150x200.jpg 150w\"\n                width=\"1400\" \n                height=\"1867\"\n                alt=\"\" \n            \/>\n            \n                    <\/div><!-- post__image__container -->\n\n        \n    <\/figure><!-- post__image -->\n\n\n\n<\/div>\n\n\n<div class=\"pinned-block__column--right\">\n    \n\n<p class=\"post__paragraph has-spacing--default\"><strong>Enver Hirsch<\/strong> lehrt seit 2019 regelm\u00e4\u00dfig an der Hochschule Hannover. Er studierte Fotografie am Bournemouth &amp; Poole College of Art and Design in England. Nach seiner R\u00fcckkehr begann er redaktionell zu arbeiten und erweckte durch seine Diplomarbeit gro\u00dfes Interesse in der Magazinbranche. Seitdem arbeitet er haupts\u00e4chlich in diesem Bereich, mit gelegentlichen Ausfl\u00fcgen in andere Sparten.<\/p>\n\n\n\n<p class=\"post__paragraph is-style-typo--soehne has-spacing--default\"><strong>Wie hat die Studiofotografie deine redaktionelle Arbeit beeinflusst?<\/strong><\/p>\n\n\n\n<p class=\"post__paragraph has-spacing--default\">Ich habe mich in meiner redaktionellen Arbeit schon von Anfang an f\u00fcr artfremde Erz\u00e4hlformen interessiert. Ich fand es immer schon spannend, wie zum Beispiel in der Werbung visuell gearbeitet wird und habe auch Teile davon gerne mal in meine redaktionelle Arbeit eingebaut &#8211; also zum Beispiel mit k\u00fcnstlichem Licht zu fotografieren. Inzwischen ist es ein bisschen gebr\u00e4uchlicher geworden, aber als ich angefangen habe zu fotografieren, war das wirklich sehr, sehr exotisch.&nbsp;<\/p>\n\n\n\n<p class=\"post__paragraph is-style-typo--soehne has-spacing--default\"><strong>Was fasziniert dich an der Studiofotografie?&nbsp;<\/strong><\/p>\n\n\n\n<p class=\"post__paragraph has-spacing--default\">Mich fasziniert ein gewisses Ma\u00df an Kontrolle zu haben. Ich war nie jemand, der bei einer Demo mitgelaufen ist und einfach fotografiert hat, sondern habe immer sehr selektiv gearbeitet, also eine Art essayistischer Kuration verfolgt. Ich bin eher jemand, der nicht nur beobachtet, sondern \u00fcberlege mir oft schon vorher welche Motive ich fotografieren m\u00f6chte, wenn ich eine Geschichte erz\u00e4hle. Manchmal sind die Geschichten ja auch schon fertig geschrieben, f\u00fcr die ich fotografiere und dann \u00fcberlege ich mir, okay, welche Komponenten brauche ich.&nbsp;<\/p>\n\n\n\n<p class=\"post__paragraph is-style-typo--soehne has-spacing--default\"><strong>Welche Kameraausr\u00fcstung und Objektive setzt du bei deinen Studioaufnahmen ein, um deine Visionen zum Leben zu erwecken?<\/strong><\/p>\n\n\n\n<p class=\"post__paragraph has-spacing--default\">Grunds\u00e4tzlich kann ich sagen, ist es eigentlich v\u00f6llig egal. Besonders im Studio, weil man da ja unter Umst\u00e4nden sehr viel langsamer arbeitet als drau\u00dfen. Ich w\u00fcrde sagen, es ist eher auf einer Reportage wichtig, dass man z.B sowas wie einen schnellen Autofokus hat. Das Einzige, was man sich \u00fcberlegen muss ist die Qualit\u00e4t der Objektive und die Aufl\u00f6sung der Dateien. Ansonsten ist das Equipment einfach nur ein Werkzeug wie Hammer oder Zange.&nbsp;<\/p>\n\n\n\n<p class=\"post__paragraph is-style-typo--soehne has-spacing--default\"><strong>Welche Lichtquellen nutzt du am h\u00e4ufigsten?&nbsp;<\/strong><\/p>\n\n\n\n<p class=\"post__paragraph has-spacing--default\">Wenn ich im eigenen Studio bin, benutze ich eine Studioblitzanlage, also einen Generator mit zwei Lampenk\u00f6pfen, Dazu habe ich noch zwei Kompaktblitze, das hei\u00dft ich habe insgesamt vier Lichtquellen, die ich benutzen kann und das ist auch meine Grundausstattung. Wenn ich drau\u00dfen blitze, und das tue ich auch h\u00e4ufiger mal &#8211; deswegen w\u00fcrde ich meinen pers\u00f6nlichen Studiobegriff auch darauf erweitern &#8211; dann nehme ich in letzter Zeit lieber Blitze mit Akkus, weil es praktischer ist. Man braucht keine Steckdosen und alles wird dadurch leichter. Ich versuche da so gut es geht zu verkleinern und zu vereinfachen.&nbsp;<\/p>\n\n\n\n<p class=\"post__paragraph is-style-typo--soehne has-spacing--default\"><strong>Was sind deine besten Tipps, um mit Mischlicht perfekt umzugehen?<\/strong><\/p>\n\n\n\n<p class=\"post__paragraph has-spacing--default\">Ja, wenn man einen Aufsteckblitz f\u00fcr die Kamera kauft, dessen Farbtemperatur ja der von Tageslicht entspricht, dann gibt es bei vielen Herstellern inzwischen Filtersets die man magnetisch daran befestigen kann, und mit denen man andere Lichtarten gut \u00absimulieren\u00bb kann, also zum Beispiel Neonr\u00f6hren oder anderes Kunstlicht.\u00a0<\/p>\n\n\n\n<p class=\"post__paragraph is-style-typo--soehne has-spacing--default\"><strong>Wie wichtig ist der Hintergrund in der Studiofotografie?&nbsp;<\/strong><\/p>\n\n\n\n<p class=\"post__paragraph has-spacing--default\">Ja f\u00fcr mich extrem, tats\u00e4chlich. Deswegen bin ich, auch wenn ich Studiotechnik benutze, gar nicht so ein gro\u00dfer Freund des klassischen Studios, weil Hintergr\u00fcnde f\u00fcr mich total wichtig sind. Wenn man \u00fcber Menschen etwas erz\u00e4hlen m\u00f6chte, ist das vor einem grauen Papierhintergrund gar nicht so einfach. Man hat keine Zusatzinformationen und das finde ich eigentlich immer ein bisschen schade. Allerdings gibt es nat\u00fcrlich auch viele F\u00e4lle bei denen man bedarfsorientierter fotografieren muss, zum Beispiel bei kleinformatigen Portraits auf Webseiten, die von einer Simplifizierung des Hintergrunds oft profitieren.&nbsp;<\/p>\n\n\n\n<p class=\"post__paragraph is-style-typo--soehne has-spacing--default\"><strong>Was w\u00fcrdest du sagen, sind die wichtigsten Faktoren, um eine perfekte Beleuchtung im Studio zu erreichen?&nbsp;<\/strong><\/p>\n\n\n\n<p class=\"post__paragraph has-spacing--default\">Der wichtigste Faktor ist das eigene Gehirn. Man sollte sich ein bisschen Gedanken gemacht haben, was man erreichen will. Denn Fotografie ist ja \u00fcberhaupt keine Rocket Science und man kann vieles relativ gut und schnell umsetzen. Man sollte im Studio nur so etwas wie einen Plan haben.<\/p>\n\n\n\n<p class=\"post__paragraph is-style-typo--soehne has-spacing--default\"><strong>Gibt es Herausforderungen in der Studiofotografie, die man beachten sollte?&nbsp;<\/strong><\/p>\n\n\n\n<p class=\"post__paragraph has-spacing--default\">Der Umfang der technischen Ausstattung und die damit verbundenen Kosten, wenn man sich selbst Equipment anschaffen will. Ansonsten ist es das, was ich schon gesagt habe &#8211; die gr\u00f6\u00dfte Herausforderung ist in einem relativ antiseptischen Umfeld Fotos \u201ezum Leben zu erwecken\u201c, und eine interessante Geschichte zu erz\u00e4hlen.<\/p>\n\n\n\n<p class=\"post__paragraph is-style-typo--soehne has-spacing--default\"><strong>Und welche Herausforderung gibt es bei dem technischen Aspekt? Gibt es Firmen die du pr\u00e4ferierst?&nbsp;<\/strong><\/p>\n\n\n\n<p class=\"post__paragraph has-spacing--default\">Da gibt es gar nicht so riesengro\u00dfe Unterschiede. Es gibt zwei, drei sehr teure Firmen, wie Broncolor, Profoto und Briese. Das w\u00fcrde ich aber nur Leuten empfehlen, die eine Chance haben, das Geld auch zur\u00fcckzuverdienen. Die Ger\u00e4te sind gut, aber letztlich \u00fcberteuert. Seit einigen Jahren gibt es relativ viele chinesische Anbieter wie Godox, die wahrscheinlich 1\/3 von den Premiumanbietern kosten und mit denen man auch ganz gut arbeiten kann.&nbsp;<\/p>\n\n\n\n<p class=\"post__paragraph is-style-typo--soehne has-spacing--default\"><strong>Wie gehst du denn bei der Planung f\u00fcr ein Studio Shooting vor? Welche Schritte geh\u00f6ren f\u00fcr dich zu einer guten Vorbereitung dazu?&nbsp;<\/strong><\/p>\n\n\n\n<p class=\"post__paragraph has-spacing--default\">Das wichtigste ist eigentlich die Absprache mit den Kunden*innen. Was sind deren Vorstellungen, was meine, und wie kann ich im besten Fall beides umsetzen. Ich versuche vorher soviel wie m\u00f6glich abzukl\u00e4ren und taste mich beim eigentlichen Job dann langsam ran. Ein wichtiger Punkt ist auch mit den Menschen klarzukommen. Ein entscheidener Faktor ist, dass sich alle Beteiligten einigerma\u00dfen wohl f\u00fchlen.&nbsp;<\/p>\n\n\n\n<p class=\"post__paragraph is-style-typo--soehne has-spacing--default\"><strong>Wie wichtig ist die Nachbearbeitung in der Fotografie?&nbsp;<\/strong><\/p>\n\n\n\n<p class=\"post__paragraph has-spacing--default\">In der Studiofotografie ist das nicht so wichtig, weil ich im Studio sehr viel Kontrolle habe. Da stimmt die Belichtung meistens schon haargenau. Ich ver\u00e4ndere ein bisschen was im Kontrast oder in der Farbe aber mehr eigentlich nicht. Fr\u00fcher habe ich Capture One benutzt da es das beste Programm f\u00fcr Studiofotografie war, mittlerweile benutze ich aber lieber Lightroom.&nbsp;<\/p>\n\n\n\n<p class=\"post__paragraph is-style-typo--soehne has-spacing--default\"><strong>Gibt es nach deiner Meinung, ein wertvolles Learning in deiner Karriere als Fotograf?&nbsp;<\/strong><\/p>\n\n\n\n<p class=\"post__paragraph has-spacing--default\">Ich habe fr\u00fcher vieles zu kompliziert gemacht und habe dann gemerkt, dass es einfacher, eigentlich besser ist. Also manchmal lieber eine Lampe weniger benutzen als eine zu viel.&nbsp;<\/p>\n\n\n\n<p class=\"post__paragraph is-style-typo--soehne has-spacing--default\"><strong>Was w\u00fcrdest du einem Einsteiger empfehlen, der sich in die Studiofotografie einarbeiten m\u00f6chte?&nbsp;<\/strong><\/p>\n\n\n\n<p class=\"post__paragraph has-spacing--none\">Ich glaube, eine gro\u00dfe Voraussetzung ist Geduld. Die muss man glaube ich mitbringen und ein bisschen Spa\u00df am Detail haben. Studiofotografie ist leider wenig intuitiv. Aber ich denke, direkt mit Blitzen einzusteigen ist nicht zwingend notwendig, sondern man kann gut erstmal mit Tageslicht oder Kunstlicht arbeiten.&nbsp;<\/p>\n\n\n<\/div>\n<\/div><\/div>\n\n\n\n \n    \n    <div id=\"quote-block_f5908130ccaf4848c430fe25ed0d2dea\" class=\"block-quote has-spacing--xs\">\n        <figure class=\"quote\">\n            <blockquote>\n                <p>Ich habe fr\u00fcher vieles zu kompliziert gemacht und dann gemerkt, dass es einfacher, eigentlich besser ist<\/p>\n            <\/blockquote>\n\n            <figcaption>\n\n                            <img loading=\"lazy\" decoding=\"async\" class=\"portrait--inline\" src=\"https:\/\/visualjournalism.de\/wp-content\/uploads\/1413218642-52x52.jpg\" width=\"52\" height=\"52\" alt=\"\" \/>\n                            <span>Enver Hirsch <\/span>\n            <\/figcaption>\n            \n        <\/figure>\n    <\/div>\n\n\n\n\n<div class=\"devider has-spacing--m\">\n    <hr>\n<\/div>\n\n\n    <div class=\"headline-block has-spacing--xs\">\n\n        <h2 class=\"post__headline\">Die Lichtsetzung \u2013 Gestalte dein Foto nach deinen Vorstellungen<\/h2>\n\n        \n    <\/div>\n\n    \n\n\n\n\n<p class=\"post__paragraph has-spacing--l\">Es gibt verschiedene Arten der Lichtsetzung in der Fotografie, die jeweils unterschiedliche Effekte auf das Motiv und die Bildstimmung haben k\u00f6nnen. Die Wahl der Lichtsetzung h\u00e4ngt vom gew\u00fcnschten Look, dem Motiv und der kreativen Absicht des Fotografen ab. Hier sind einige Beispiele, wie du das Motiv mit einer bestimmten Lichtsetzung gestalten kannst.<\/p>\n\n\n \n\n<div class=\"photo-grid grid-layout--2col-5 has-spacing--m\">\n\n            \n\n            <div class=\"photo-grid__image\">\n\n                <figure>\n\n                    <img loading=\"lazy\" decoding=\"async\"  \n                        src=\"https:\/\/visualjournalism.de\/wp-content\/uploads\/vj-768x1152.jpg\" \n                        srcset=\"https:\/\/visualjournalism.de\/wp-content\/uploads\/vj-768x1152.jpg 768w, https:\/\/visualjournalism.de\/wp-content\/uploads\/vj-200x300.jpg 200w, https:\/\/visualjournalism.de\/wp-content\/uploads\/vj-683x1024.jpg 683w, https:\/\/visualjournalism.de\/wp-content\/uploads\/vj-1024x1536.jpg 1024w, https:\/\/visualjournalism.de\/wp-content\/uploads\/vj-1365x2048.jpg 1365w, https:\/\/visualjournalism.de\/wp-content\/uploads\/vj-1920x2880.jpg 1920w, https:\/\/visualjournalism.de\/wp-content\/uploads\/vj-1400x2100.jpg 1400w, https:\/\/visualjournalism.de\/wp-content\/uploads\/vj-1050x1575.jpg 1050w, https:\/\/visualjournalism.de\/wp-content\/uploads\/vj-670x1005.jpg 670w, https:\/\/visualjournalism.de\/wp-content\/uploads\/vj-420x630.jpg 420w, https:\/\/visualjournalism.de\/wp-content\/uploads\/vj-350x525.jpg 350w, https:\/\/visualjournalism.de\/wp-content\/uploads\/vj-300x450.jpg 300w, https:\/\/visualjournalism.de\/wp-content\/uploads\/vj-150x225.jpg 150w, https:\/\/visualjournalism.de\/wp-content\/uploads\/vj-scaled.jpg 1707w\" \n                        width=\"768\"  \n                        height=\"1152\" \n                        alt=\"\"  \n                    \/>\n\n                    \n                    \n                <\/figure>\n\n            <\/div><!-- photo-grid__image -->    \n\n\n            \n\n                    \n                \n\n            <div class=\"photo-grid__image\">\n\n                <figure>\n\n                    <img loading=\"lazy\" decoding=\"async\"  \n                        src=\"https:\/\/visualjournalism.de\/wp-content\/uploads\/ffgf-768x1152.jpg\" \n                        srcset=\"https:\/\/visualjournalism.de\/wp-content\/uploads\/ffgf-768x1152.jpg 768w, https:\/\/visualjournalism.de\/wp-content\/uploads\/ffgf-200x300.jpg 200w, https:\/\/visualjournalism.de\/wp-content\/uploads\/ffgf-683x1024.jpg 683w, https:\/\/visualjournalism.de\/wp-content\/uploads\/ffgf-1024x1536.jpg 1024w, https:\/\/visualjournalism.de\/wp-content\/uploads\/ffgf-1365x2048.jpg 1365w, https:\/\/visualjournalism.de\/wp-content\/uploads\/ffgf-1920x2880.jpg 1920w, https:\/\/visualjournalism.de\/wp-content\/uploads\/ffgf-1400x2100.jpg 1400w, https:\/\/visualjournalism.de\/wp-content\/uploads\/ffgf-1050x1575.jpg 1050w, https:\/\/visualjournalism.de\/wp-content\/uploads\/ffgf-670x1005.jpg 670w, https:\/\/visualjournalism.de\/wp-content\/uploads\/ffgf-420x630.jpg 420w, https:\/\/visualjournalism.de\/wp-content\/uploads\/ffgf-350x525.jpg 350w, https:\/\/visualjournalism.de\/wp-content\/uploads\/ffgf-300x450.jpg 300w, https:\/\/visualjournalism.de\/wp-content\/uploads\/ffgf-150x225.jpg 150w, https:\/\/visualjournalism.de\/wp-content\/uploads\/ffgf-scaled.jpg 1707w\" \n                        width=\"768\"  \n                        height=\"1152\" \n                        alt=\"\"  \n                    \/>\n\n                    \n                    \n                <\/figure>\n\n            <\/div><!-- photo-grid__image -->    \n\n\n            \n\n            \n<\/div>\n\n \n\n<div class=\"photo-grid grid-layout--2col-5 has-spacing--m\">\n\n            \n\n            <div class=\"photo-grid__image\">\n\n                <figure>\n\n                    <img loading=\"lazy\" decoding=\"async\"  \n                        src=\"https:\/\/visualjournalism.de\/wp-content\/uploads\/asda-768x1152.jpg\" \n                        srcset=\"https:\/\/visualjournalism.de\/wp-content\/uploads\/asda-768x1152.jpg 768w, https:\/\/visualjournalism.de\/wp-content\/uploads\/asda-200x300.jpg 200w, https:\/\/visualjournalism.de\/wp-content\/uploads\/asda-682x1024.jpg 682w, https:\/\/visualjournalism.de\/wp-content\/uploads\/asda-1024x1536.jpg 1024w, https:\/\/visualjournalism.de\/wp-content\/uploads\/asda-1365x2048.jpg 1365w, https:\/\/visualjournalism.de\/wp-content\/uploads\/asda-1920x2881.jpg 1920w, https:\/\/visualjournalism.de\/wp-content\/uploads\/asda-1400x2101.jpg 1400w, https:\/\/visualjournalism.de\/wp-content\/uploads\/asda-1050x1575.jpg 1050w, https:\/\/visualjournalism.de\/wp-content\/uploads\/asda-670x1005.jpg 670w, https:\/\/visualjournalism.de\/wp-content\/uploads\/asda-420x630.jpg 420w, https:\/\/visualjournalism.de\/wp-content\/uploads\/asda-350x525.jpg 350w, https:\/\/visualjournalism.de\/wp-content\/uploads\/asda-300x450.jpg 300w, https:\/\/visualjournalism.de\/wp-content\/uploads\/asda-150x225.jpg 150w, https:\/\/visualjournalism.de\/wp-content\/uploads\/asda-scaled.jpg 1706w\" \n                        width=\"768\"  \n                        height=\"1152\" \n                        alt=\"\"  \n                    \/>\n\n                    \n                    \n                <\/figure>\n\n            <\/div><!-- photo-grid__image -->    \n\n\n            \n\n                    \n                \n\n            <div class=\"photo-grid__image\">\n\n                <figure>\n\n                    <img loading=\"lazy\" decoding=\"async\"  \n                        src=\"https:\/\/visualjournalism.de\/wp-content\/uploads\/DSC05961-768x1152.jpg\" \n                        srcset=\"https:\/\/visualjournalism.de\/wp-content\/uploads\/DSC05961-768x1152.jpg 768w, https:\/\/visualjournalism.de\/wp-content\/uploads\/DSC05961-200x300.jpg 200w, https:\/\/visualjournalism.de\/wp-content\/uploads\/DSC05961-683x1024.jpg 683w, https:\/\/visualjournalism.de\/wp-content\/uploads\/DSC05961-1024x1536.jpg 1024w, https:\/\/visualjournalism.de\/wp-content\/uploads\/DSC05961-1365x2048.jpg 1365w, https:\/\/visualjournalism.de\/wp-content\/uploads\/DSC05961-1920x2880.jpg 1920w, https:\/\/visualjournalism.de\/wp-content\/uploads\/DSC05961-1400x2100.jpg 1400w, https:\/\/visualjournalism.de\/wp-content\/uploads\/DSC05961-1050x1575.jpg 1050w, https:\/\/visualjournalism.de\/wp-content\/uploads\/DSC05961-670x1005.jpg 670w, https:\/\/visualjournalism.de\/wp-content\/uploads\/DSC05961-420x630.jpg 420w, https:\/\/visualjournalism.de\/wp-content\/uploads\/DSC05961-350x525.jpg 350w, https:\/\/visualjournalism.de\/wp-content\/uploads\/DSC05961-300x450.jpg 300w, https:\/\/visualjournalism.de\/wp-content\/uploads\/DSC05961-150x225.jpg 150w, https:\/\/visualjournalism.de\/wp-content\/uploads\/DSC05961-scaled.jpg 1707w\" \n                        width=\"768\"  \n                        height=\"1152\" \n                        alt=\"\"  \n                    \/>\n\n                    \n                    \n                <\/figure>\n\n            <\/div><!-- photo-grid__image -->    \n\n\n            \n\n            \n<\/div>\n\n \n\n<div class=\"photo-grid grid-layout--2col-5 has-spacing--m\">\n\n            \n\n            <div class=\"photo-grid__image\">\n\n                <figure>\n\n                    <img loading=\"lazy\" decoding=\"async\"  \n                        src=\"https:\/\/visualjournalism.de\/wp-content\/uploads\/ssx-768x1152.jpg\" \n                        srcset=\"https:\/\/visualjournalism.de\/wp-content\/uploads\/ssx-768x1152.jpg 768w, https:\/\/visualjournalism.de\/wp-content\/uploads\/ssx-200x300.jpg 200w, https:\/\/visualjournalism.de\/wp-content\/uploads\/ssx-683x1024.jpg 683w, https:\/\/visualjournalism.de\/wp-content\/uploads\/ssx-1024x1536.jpg 1024w, https:\/\/visualjournalism.de\/wp-content\/uploads\/ssx-1365x2048.jpg 1365w, https:\/\/visualjournalism.de\/wp-content\/uploads\/ssx-1920x2881.jpg 1920w, https:\/\/visualjournalism.de\/wp-content\/uploads\/ssx-1400x2100.jpg 1400w, https:\/\/visualjournalism.de\/wp-content\/uploads\/ssx-1050x1575.jpg 1050w, https:\/\/visualjournalism.de\/wp-content\/uploads\/ssx-670x1005.jpg 670w, https:\/\/visualjournalism.de\/wp-content\/uploads\/ssx-420x630.jpg 420w, https:\/\/visualjournalism.de\/wp-content\/uploads\/ssx-350x525.jpg 350w, https:\/\/visualjournalism.de\/wp-content\/uploads\/ssx-300x450.jpg 300w, https:\/\/visualjournalism.de\/wp-content\/uploads\/ssx-150x225.jpg 150w, https:\/\/visualjournalism.de\/wp-content\/uploads\/ssx-scaled.jpg 1706w\" \n                        width=\"768\"  \n                        height=\"1152\" \n                        alt=\"\"  \n                    \/>\n\n                    \n                    \n                <\/figure>\n\n            <\/div><!-- photo-grid__image -->    \n\n\n            \n\n                    \n                \n\n            <div class=\"photo-grid__image\">\n\n                <figure>\n\n                    <img loading=\"lazy\" decoding=\"async\"  \n                        src=\"https:\/\/visualjournalism.de\/wp-content\/uploads\/dda-768x1152.jpg\" \n                        srcset=\"https:\/\/visualjournalism.de\/wp-content\/uploads\/dda-768x1152.jpg 768w, https:\/\/visualjournalism.de\/wp-content\/uploads\/dda-200x300.jpg 200w, https:\/\/visualjournalism.de\/wp-content\/uploads\/dda-683x1024.jpg 683w, https:\/\/visualjournalism.de\/wp-content\/uploads\/dda-1024x1536.jpg 1024w, https:\/\/visualjournalism.de\/wp-content\/uploads\/dda-1365x2048.jpg 1365w, https:\/\/visualjournalism.de\/wp-content\/uploads\/dda-1920x2880.jpg 1920w, https:\/\/visualjournalism.de\/wp-content\/uploads\/dda-1400x2100.jpg 1400w, https:\/\/visualjournalism.de\/wp-content\/uploads\/dda-1050x1575.jpg 1050w, https:\/\/visualjournalism.de\/wp-content\/uploads\/dda-670x1005.jpg 670w, https:\/\/visualjournalism.de\/wp-content\/uploads\/dda-420x630.jpg 420w, https:\/\/visualjournalism.de\/wp-content\/uploads\/dda-350x525.jpg 350w, https:\/\/visualjournalism.de\/wp-content\/uploads\/dda-300x450.jpg 300w, https:\/\/visualjournalism.de\/wp-content\/uploads\/dda-150x225.jpg 150w, https:\/\/visualjournalism.de\/wp-content\/uploads\/dda-scaled.jpg 1707w\" \n                        width=\"768\"  \n                        height=\"1152\" \n                        alt=\"\"  \n                    \/>\n\n                    \n                    \n                <\/figure>\n\n            <\/div><!-- photo-grid__image -->    \n\n\n            \n\n            \n<\/div>\n\n\n    <div class=\"headline-block has-spacing--xs\">\n\n        <h2 class=\"post__headline\">Fazit<\/h2>\n\n        \n    <\/div>\n\n    \n\n\n\n\n<p class=\"post__paragraph has-spacing--m\">F\u00fcr Anf\u00e4nger im Fotostudio mag die Vielzahl an Optionen zun\u00e4chst \u00fcberw\u00e4ltigend wirken, doch mit etwas \u00dcbung und Experimentierfreude wird die Lichtgestaltung bald zu einem kreativen Spielraum, in dem jeder Fotograf seine eigene Handschrift entwickeln kann. Wer sich mit den Grundlagen der Lichtf\u00fchrung vertraut macht und versteht, hat damit ein Tool in der Hand um jede Studiosession meistern zu k\u00f6nnen!<\/p>\n\n\n\n<div class=\"wp-block-group has-spacing--default\">\n<div class=\"devider has-spacing--none\">\n    <hr>\n<\/div>\n\n\n \n\n    <div id=\"lead-in-block_44daefd3f46cb819e9e836b61e1c791d\" class=\"block-lead-in typo--default font-size--xl has-spacing--s width--default\">\n        <p><strong>Das k\u00f6nnte dich auch interessieren:<\/strong><\/p>\n    <\/div>\n\n\n\n\r\n\r\n\r\n\n\n\r\n\r\n\r\n\r\n        <div class=\"teaser-grid grid-layout--3col has-spacing--s width--inline\">\r\n            \r\n                \r\n                <article class=\"post-teaser\">\r\n\r\n                    \r\n                        <a href=\"https:\/\/visualjournalism.de\/en\/magazine\/ratgeber\/politikerinnen-souveraen-interviewen\/\">\r\n\r\n                    \r\n                        <div class=\"post-teaser__content\">\r\n\r\n                            <span class=\"entry-categories\">Ratgeber<\/span>\r\n                            <h3 class=\"post-teaser__headline\">\r\n                                Politiker*innen souver\u00e4n interviewen \u2013 Die besten Tipps f\u00fcr ein sicheres Auftreten                            <\/h3>\r\n\r\n                            <div class=\"post-teaser__excerpt\">\r\n                                <p>\r\n                                    Ein Gespr\u00e4ch mit Politiker*innen kann schnell zum Machtkampf werden. Wie du selbst gegen Profis die Oberhand beh\u00e4ltst und typische Interviewfallen umgehst.                                <\/p>\r\n                            <\/div>\r\n\r\n                        <\/div><!-- .post-teaser__content -->\r\n                \r\n\r\n                        \r\n                        <figure class=\"post-teaser__image\">\r\n\r\n                        <img loading=\"lazy\" decoding=\"async\"  \r\n                            src=\"https:\/\/visualjournalism.de\/wp-content\/uploads\/DSC4729-merz-politikerinterviews-768x1024.jpg\" \r\n                            srcset=\"https:\/\/visualjournalism.de\/wp-content\/uploads\/DSC4729-merz-politikerinterviews-768x1024.jpg 768w, https:\/\/visualjournalism.de\/wp-content\/uploads\/DSC4729-merz-politikerinterviews-225x300.jpg 225w, https:\/\/visualjournalism.de\/wp-content\/uploads\/DSC4729-merz-politikerinterviews-1152x1536.jpg 1152w, https:\/\/visualjournalism.de\/wp-content\/uploads\/DSC4729-merz-politikerinterviews-1536x2048.jpg 1536w, https:\/\/visualjournalism.de\/wp-content\/uploads\/DSC4729-merz-politikerinterviews-scaled.jpg 1920w, https:\/\/visualjournalism.de\/wp-content\/uploads\/DSC4729-merz-politikerinterviews-1400x1867.jpg 1400w, https:\/\/visualjournalism.de\/wp-content\/uploads\/DSC4729-merz-politikerinterviews-1050x1400.jpg 1050w, https:\/\/visualjournalism.de\/wp-content\/uploads\/DSC4729-merz-politikerinterviews-670x893.jpg 670w, https:\/\/visualjournalism.de\/wp-content\/uploads\/DSC4729-merz-politikerinterviews-420x560.jpg 420w, https:\/\/visualjournalism.de\/wp-content\/uploads\/DSC4729-merz-politikerinterviews-350x467.jpg 350w, https:\/\/visualjournalism.de\/wp-content\/uploads\/DSC4729-merz-politikerinterviews-300x400.jpg 300w, https:\/\/visualjournalism.de\/wp-content\/uploads\/DSC4729-merz-politikerinterviews-640x853.jpg 640w, https:\/\/visualjournalism.de\/wp-content\/uploads\/DSC4729-merz-politikerinterviews-150x200.jpg 150w\" \r\n                            width=\"768\"  \r\n                            height=\"1024\" \r\n                            alt=\"CDU-Vorsitzender Friedrich Merz mit Mikrofon in der Hand, im Gespr\u00e4ch mit dem ehemaligen ZDF-Moderator Klaus Kleber auf einer B\u00fchne. Im Vordergrund sind zwei M\u00e4nner angeblitzt von hinten zu sehen.\" \r\n                            style=\"object-position: 50% 50%\"\r\n                            \/>\r\n\r\n                        <\/figure>\r\n                                            \r\n                     \r\n                    <\/a>\r\n                                        \r\n                <\/article><!--- .post-teaser-->\r\n\r\n                \r\n            \r\n                \r\n                <article class=\"post-teaser\">\r\n\r\n                    \r\n                        <a href=\"https:\/\/visualjournalism.de\/en\/magazine\/ratgeber\/nicht-jedes-laecheln-bedeutet-zustimmung-wie-respektvolle-reisefotografie-gelingt\/\">\r\n\r\n                    \r\n                        <div class=\"post-teaser__content\">\r\n\r\n                            <span class=\"entry-categories\">Ratgeber<\/span>\r\n                            <h3 class=\"post-teaser__headline\">\r\n                                Faire Reisefotografie: Nicht jedes L\u00e4cheln bedeutet Zustimmung\u00a0                            <\/h3>\r\n\r\n                            <div class=\"post-teaser__excerpt\">\r\n                                <p>\r\n                                    Ein Klick geht schnell, R\u00fccksicht nicht immer \u2013 so fotografierst du auf deinen Reisen respektvoll.                                <\/p>\r\n                            <\/div>\r\n\r\n                        <\/div><!-- .post-teaser__content -->\r\n                \r\n\r\n                        \r\n                        <figure class=\"post-teaser__image\">\r\n\r\n                        <img loading=\"lazy\" decoding=\"async\"  \r\n                            src=\"https:\/\/visualjournalism.de\/wp-content\/uploads\/SalomeZiermann_Scan_Indien_03-768x512.jpg\" \r\n                            srcset=\"https:\/\/visualjournalism.de\/wp-content\/uploads\/SalomeZiermann_Scan_Indien_03-768x512.jpg 768w, https:\/\/visualjournalism.de\/wp-content\/uploads\/SalomeZiermann_Scan_Indien_03-300x200.jpg 300w, https:\/\/visualjournalism.de\/wp-content\/uploads\/SalomeZiermann_Scan_Indien_03-1024x683.jpg 1024w, https:\/\/visualjournalism.de\/wp-content\/uploads\/SalomeZiermann_Scan_Indien_03-1050x700.jpg 1050w, https:\/\/visualjournalism.de\/wp-content\/uploads\/SalomeZiermann_Scan_Indien_03-670x447.jpg 670w, https:\/\/visualjournalism.de\/wp-content\/uploads\/SalomeZiermann_Scan_Indien_03-420x280.jpg 420w, https:\/\/visualjournalism.de\/wp-content\/uploads\/SalomeZiermann_Scan_Indien_03-350x233.jpg 350w, https:\/\/visualjournalism.de\/wp-content\/uploads\/SalomeZiermann_Scan_Indien_03-150x100.jpg 150w, https:\/\/visualjournalism.de\/wp-content\/uploads\/SalomeZiermann_Scan_Indien_03.jpg 1200w\" \r\n                            width=\"768\"  \r\n                            height=\"512\" \r\n                            alt=\"Zwei Frauen in traditionellen, bunten Saris l\u00e4cheln und gestikulieren in die Kamera. Ein Kind und ein Junge im Hintergrund erg\u00e4nzen die Szene.\" \r\n                            style=\"object-position: 40.98% 95.35%\"\r\n                            \/>\r\n\r\n                        <\/figure>\r\n                                            \r\n                     \r\n                    <\/a>\r\n                                        \r\n                <\/article><!--- .post-teaser-->\r\n\r\n                \r\n            \r\n                \r\n                <article class=\"post-teaser\">\r\n\r\n                    \r\n                        <a href=\"https:\/\/visualjournalism.de\/en\/magazine\/ratgeber\/professionelle-kamera-fuer-fotografen-warum-nicht-die-marke-zaehlt\/\">\r\n\r\n                    \r\n                        <div class=\"post-teaser__content\">\r\n\r\n                            <span class=\"entry-categories\">Ratgeber<\/span>\r\n                            <h3 class=\"post-teaser__headline\">\r\n                                Professionelle Kameras f\u00fcr Fotograf*innen: Warum nicht die Marke z\u00e4hlt                            <\/h3>\r\n\r\n                            <div class=\"post-teaser__excerpt\">\r\n                                <p>\r\n                                    Analog oder digital, Vollformat oder APSC, Spiegelreflex oder spiegellos: Die Magnum-Fotografin Nanna Heitmann und Lehrende der Hochschule Hannover zeigen, warum am Ende nicht die Technik, sondern die Person entscheidend ist.                                <\/p>\r\n                            <\/div>\r\n\r\n                        <\/div><!-- .post-teaser__content -->\r\n                \r\n\r\n                        \r\n                        <figure class=\"post-teaser__image\">\r\n\r\n                        <img loading=\"lazy\" decoding=\"async\"  \r\n                            src=\"https:\/\/visualjournalism.de\/wp-content\/uploads\/13_20221214-R0001254-768x512.jpg\" \r\n                            srcset=\"https:\/\/visualjournalism.de\/wp-content\/uploads\/13_20221214-R0001254-768x512.jpg 768w, https:\/\/visualjournalism.de\/wp-content\/uploads\/13_20221214-R0001254-300x200.jpg 300w, https:\/\/visualjournalism.de\/wp-content\/uploads\/13_20221214-R0001254-1024x683.jpg 1024w, https:\/\/visualjournalism.de\/wp-content\/uploads\/13_20221214-R0001254-1536x1024.jpg 1536w, https:\/\/visualjournalism.de\/wp-content\/uploads\/13_20221214-R0001254-2048x1365.jpg 2048w, https:\/\/visualjournalism.de\/wp-content\/uploads\/13_20221214-R0001254-1400x933.jpg 1400w, https:\/\/visualjournalism.de\/wp-content\/uploads\/13_20221214-R0001254-1050x700.jpg 1050w, https:\/\/visualjournalism.de\/wp-content\/uploads\/13_20221214-R0001254-670x447.jpg 670w, https:\/\/visualjournalism.de\/wp-content\/uploads\/13_20221214-R0001254-420x280.jpg 420w, https:\/\/visualjournalism.de\/wp-content\/uploads\/13_20221214-R0001254-350x233.jpg 350w\" \r\n                            width=\"768\"  \r\n                            height=\"512\" \r\n                            alt=\"\" \r\n                            style=\"object-position: 42.66% 84.69%\"\r\n                            \/>\r\n\r\n                        <\/figure>\r\n                                            \r\n                     \r\n                    <\/a>\r\n                                        \r\n                <\/article><!--- .post-teaser-->\r\n\r\n                        <\/div><!-- .teaser-grid -->\r\n\r\n    \n\n\n    <div class=\"btn-wrapper has-spacing--m\">\n        <a class=\"btn\" href=\"https:\/\/visualjournalism.de\/magazin\/\" target=\"_blank\">ZUR MAGAZIN-STARTSEITE<\/a>\n    <\/div>\n<\/div>\n","protected":false},"author":103,"featured_media":52722,"template":"","tags":[],"magazinkategorie":[159],"class_list":["post-52546","magazin","type-magazin","status-publish","has-post-thumbnail","hentry","magazinkategorie-ratgeber"],"acf":[],"yoast_head":"<!-- This site is optimized with the Yoast SEO Premium plugin v27.3 (Yoast SEO v27.3) - https:\/\/yoast.com\/product\/yoast-seo-premium-wordpress\/ -->\n<title>Beleuchtung im Fotostudio<\/title>\n<meta name=\"description\" content=\"Die richtige Beleuchtung ist entscheidend f\u00fcr jede Studioaufnahme. Aber wie erzielt man die perfekte Ausleuchtung und welche Techniken gibt es?\" \/>\n<meta name=\"robots\" content=\"index, follow, max-snippet:-1, max-image-preview:large, max-video-preview:-1\" \/>\n<link rel=\"canonical\" href=\"https:\/\/visualjournalism.de\/en\/magazine\/ratgeber\/die-richtige-beleuchtung-im-fotostudio\/\" \/>\n<meta property=\"og:locale\" content=\"en_US\" \/>\n<meta property=\"og:type\" content=\"article\" \/>\n<meta property=\"og:title\" content=\"Beleuchtung im Fotostudio\" \/>\n<meta property=\"og:description\" content=\"Die richtige Beleuchtung ist entscheidend f\u00fcr jede Studioaufnahme. Aber wie erzielt man die perfekte Ausleuchtung und welche Techniken gibt es?\" \/>\n<meta property=\"og:url\" content=\"https:\/\/visualjournalism.de\/en\/magazine\/ratgeber\/die-richtige-beleuchtung-im-fotostudio\/\" \/>\n<meta property=\"og:site_name\" content=\"Visual Journalism and Documentary Photography\" \/>\n<meta property=\"article:publisher\" content=\"https:\/\/www.facebook.com\/people\/wwwfotostudentende\/100065173703897\/\" \/>\n<meta property=\"article:modified_time\" content=\"2025-12-22T15:41:16+00:00\" \/>\n<meta property=\"og:image\" content=\"https:\/\/visualjournalism.de\/wp-content\/uploads\/DSC06343-scaled.jpg\" \/>\n\t<meta property=\"og:image:width\" content=\"2560\" \/>\n\t<meta property=\"og:image:height\" content=\"1639\" \/>\n\t<meta property=\"og:image:type\" content=\"image\/jpeg\" \/>\n<meta name=\"twitter:card\" content=\"summary_large_image\" \/>\n<meta name=\"twitter:site\" content=\"@HsHannover\" \/>\n<meta name=\"twitter:label1\" content=\"Est. reading time\" \/>\n\t<meta name=\"twitter:data1\" content=\"18 minutes\" \/>\n<script type=\"application\/ld+json\" class=\"yoast-schema-graph\">{\"@context\":\"https:\\\/\\\/schema.org\",\"@graph\":[{\"@type\":\"WebPage\",\"@id\":\"https:\\\/\\\/visualjournalism.de\\\/en\\\/magazine\\\/ratgeber\\\/die-richtige-beleuchtung-im-fotostudio\\\/\",\"url\":\"https:\\\/\\\/visualjournalism.de\\\/en\\\/magazine\\\/ratgeber\\\/die-richtige-beleuchtung-im-fotostudio\\\/\",\"name\":\"Beleuchtung im Fotostudio\",\"isPartOf\":{\"@id\":\"https:\\\/\\\/visualjournalism.de\\\/en\\\/#website\"},\"primaryImageOfPage\":{\"@id\":\"https:\\\/\\\/visualjournalism.de\\\/en\\\/magazine\\\/ratgeber\\\/die-richtige-beleuchtung-im-fotostudio\\\/#primaryimage\"},\"image\":{\"@id\":\"https:\\\/\\\/visualjournalism.de\\\/en\\\/magazine\\\/ratgeber\\\/die-richtige-beleuchtung-im-fotostudio\\\/#primaryimage\"},\"thumbnailUrl\":\"https:\\\/\\\/visualjournalism.de\\\/wp-content\\\/uploads\\\/DSC06343-scaled.jpg\",\"datePublished\":\"2025-12-22T15:41:12+00:00\",\"dateModified\":\"2025-12-22T15:41:16+00:00\",\"description\":\"Die richtige Beleuchtung ist entscheidend f\u00fcr jede Studioaufnahme. Aber wie erzielt man die perfekte Ausleuchtung und welche Techniken gibt es?\",\"breadcrumb\":{\"@id\":\"https:\\\/\\\/visualjournalism.de\\\/en\\\/magazine\\\/ratgeber\\\/die-richtige-beleuchtung-im-fotostudio\\\/#breadcrumb\"},\"inLanguage\":\"en-US\",\"potentialAction\":[{\"@type\":\"ReadAction\",\"target\":[\"https:\\\/\\\/visualjournalism.de\\\/en\\\/magazine\\\/ratgeber\\\/die-richtige-beleuchtung-im-fotostudio\\\/\"]}]},{\"@type\":\"ImageObject\",\"inLanguage\":\"en-US\",\"@id\":\"https:\\\/\\\/visualjournalism.de\\\/en\\\/magazine\\\/ratgeber\\\/die-richtige-beleuchtung-im-fotostudio\\\/#primaryimage\",\"url\":\"https:\\\/\\\/visualjournalism.de\\\/wp-content\\\/uploads\\\/DSC06343-scaled.jpg\",\"contentUrl\":\"https:\\\/\\\/visualjournalism.de\\\/wp-content\\\/uploads\\\/DSC06343-scaled.jpg\",\"width\":2560,\"height\":1639},{\"@type\":\"BreadcrumbList\",\"@id\":\"https:\\\/\\\/visualjournalism.de\\\/en\\\/magazine\\\/ratgeber\\\/die-richtige-beleuchtung-im-fotostudio\\\/#breadcrumb\",\"itemListElement\":[{\"@type\":\"ListItem\",\"position\":1,\"name\":\"Home\",\"item\":\"https:\\\/\\\/visualjournalism.de\\\/en\\\/\"},{\"@type\":\"ListItem\",\"position\":2,\"name\":\"Magazin\",\"item\":\"https:\\\/\\\/visualjournalism.de\\\/en\\\/magazine\\\/\"},{\"@type\":\"ListItem\",\"position\":3,\"name\":\"Beleuchtung im Fotostudio\"}]},{\"@type\":\"WebSite\",\"@id\":\"https:\\\/\\\/visualjournalism.de\\\/en\\\/#website\",\"url\":\"https:\\\/\\\/visualjournalism.de\\\/en\\\/\",\"name\":\"Visual Journalism and Documentary Photography\",\"description\":\"All about the bilingual bachelor&#039;s program at Hannover University of Applied Sciences and Arts.\",\"publisher\":{\"@id\":\"https:\\\/\\\/visualjournalism.de\\\/en\\\/#organization\"},\"alternateName\":\"visualjournalism.de\",\"potentialAction\":[{\"@type\":\"SearchAction\",\"target\":{\"@type\":\"EntryPoint\",\"urlTemplate\":\"https:\\\/\\\/visualjournalism.de\\\/en\\\/?s={search_term_string}\"},\"query-input\":{\"@type\":\"PropertyValueSpecification\",\"valueRequired\":true,\"valueName\":\"search_term_string\"}}],\"inLanguage\":\"en-US\"},{\"@type\":\"Organization\",\"@id\":\"https:\\\/\\\/visualjournalism.de\\\/en\\\/#organization\",\"name\":\"Hochschule Hannover \u2013 University of Applied Sciences and Arts\",\"alternateName\":\"HsH\",\"url\":\"https:\\\/\\\/visualjournalism.de\\\/en\\\/\",\"logo\":{\"@type\":\"ImageObject\",\"inLanguage\":\"en-US\",\"@id\":\"https:\\\/\\\/visualjournalism.de\\\/en\\\/#\\\/schema\\\/logo\\\/image\\\/\",\"url\":\"https:\\\/\\\/visualjournalism.de\\\/wp-content\\\/uploads\\\/logo-hochschule-hannover.png\",\"contentUrl\":\"https:\\\/\\\/visualjournalism.de\\\/wp-content\\\/uploads\\\/logo-hochschule-hannover.png\",\"width\":363,\"height\":270,\"caption\":\"Hochschule Hannover \u2013 University of Applied Sciences and Arts\"},\"image\":{\"@id\":\"https:\\\/\\\/visualjournalism.de\\\/en\\\/#\\\/schema\\\/logo\\\/image\\\/\"},\"sameAs\":[\"https:\\\/\\\/www.facebook.com\\\/people\\\/wwwfotostudentende\\\/100065173703897\\\/\",\"https:\\\/\\\/x.com\\\/HsHannover\",\"https:\\\/\\\/www.instagram.com\\\/visualjournalism.de\\\/\"]}]}<\/script>\n<!-- \/ Yoast SEO Premium plugin. -->","yoast_head_json":{"title":"Beleuchtung im Fotostudio","description":"Die richtige Beleuchtung ist entscheidend f\u00fcr jede Studioaufnahme. Aber wie erzielt man die perfekte Ausleuchtung und welche Techniken gibt es?","robots":{"index":"index","follow":"follow","max-snippet":"max-snippet:-1","max-image-preview":"max-image-preview:large","max-video-preview":"max-video-preview:-1"},"canonical":"https:\/\/visualjournalism.de\/en\/magazine\/ratgeber\/die-richtige-beleuchtung-im-fotostudio\/","og_locale":"en_US","og_type":"article","og_title":"Beleuchtung im Fotostudio","og_description":"Die richtige Beleuchtung ist entscheidend f\u00fcr jede Studioaufnahme. Aber wie erzielt man die perfekte Ausleuchtung und welche Techniken gibt es?","og_url":"https:\/\/visualjournalism.de\/en\/magazine\/ratgeber\/die-richtige-beleuchtung-im-fotostudio\/","og_site_name":"Visual Journalism and Documentary Photography","article_publisher":"https:\/\/www.facebook.com\/people\/wwwfotostudentende\/100065173703897\/","article_modified_time":"2025-12-22T15:41:16+00:00","og_image":[{"width":2560,"height":1639,"url":"https:\/\/visualjournalism.de\/wp-content\/uploads\/DSC06343-scaled.jpg","type":"image\/jpeg"}],"twitter_card":"summary_large_image","twitter_site":"@HsHannover","twitter_misc":{"Est. reading time":"18 minutes"},"schema":{"@context":"https:\/\/schema.org","@graph":[{"@type":"WebPage","@id":"https:\/\/visualjournalism.de\/en\/magazine\/ratgeber\/die-richtige-beleuchtung-im-fotostudio\/","url":"https:\/\/visualjournalism.de\/en\/magazine\/ratgeber\/die-richtige-beleuchtung-im-fotostudio\/","name":"Beleuchtung im Fotostudio","isPartOf":{"@id":"https:\/\/visualjournalism.de\/en\/#website"},"primaryImageOfPage":{"@id":"https:\/\/visualjournalism.de\/en\/magazine\/ratgeber\/die-richtige-beleuchtung-im-fotostudio\/#primaryimage"},"image":{"@id":"https:\/\/visualjournalism.de\/en\/magazine\/ratgeber\/die-richtige-beleuchtung-im-fotostudio\/#primaryimage"},"thumbnailUrl":"https:\/\/visualjournalism.de\/wp-content\/uploads\/DSC06343-scaled.jpg","datePublished":"2025-12-22T15:41:12+00:00","dateModified":"2025-12-22T15:41:16+00:00","description":"Die richtige Beleuchtung ist entscheidend f\u00fcr jede Studioaufnahme. Aber wie erzielt man die perfekte Ausleuchtung und welche Techniken gibt es?","breadcrumb":{"@id":"https:\/\/visualjournalism.de\/en\/magazine\/ratgeber\/die-richtige-beleuchtung-im-fotostudio\/#breadcrumb"},"inLanguage":"en-US","potentialAction":[{"@type":"ReadAction","target":["https:\/\/visualjournalism.de\/en\/magazine\/ratgeber\/die-richtige-beleuchtung-im-fotostudio\/"]}]},{"@type":"ImageObject","inLanguage":"en-US","@id":"https:\/\/visualjournalism.de\/en\/magazine\/ratgeber\/die-richtige-beleuchtung-im-fotostudio\/#primaryimage","url":"https:\/\/visualjournalism.de\/wp-content\/uploads\/DSC06343-scaled.jpg","contentUrl":"https:\/\/visualjournalism.de\/wp-content\/uploads\/DSC06343-scaled.jpg","width":2560,"height":1639},{"@type":"BreadcrumbList","@id":"https:\/\/visualjournalism.de\/en\/magazine\/ratgeber\/die-richtige-beleuchtung-im-fotostudio\/#breadcrumb","itemListElement":[{"@type":"ListItem","position":1,"name":"Home","item":"https:\/\/visualjournalism.de\/en\/"},{"@type":"ListItem","position":2,"name":"Magazin","item":"https:\/\/visualjournalism.de\/en\/magazine\/"},{"@type":"ListItem","position":3,"name":"Beleuchtung im Fotostudio"}]},{"@type":"WebSite","@id":"https:\/\/visualjournalism.de\/en\/#website","url":"https:\/\/visualjournalism.de\/en\/","name":"Visual Journalism and Documentary Photography","description":"All about the bilingual bachelor&#039;s program at Hannover University of Applied Sciences and Arts.","publisher":{"@id":"https:\/\/visualjournalism.de\/en\/#organization"},"alternateName":"visualjournalism.de","potentialAction":[{"@type":"SearchAction","target":{"@type":"EntryPoint","urlTemplate":"https:\/\/visualjournalism.de\/en\/?s={search_term_string}"},"query-input":{"@type":"PropertyValueSpecification","valueRequired":true,"valueName":"search_term_string"}}],"inLanguage":"en-US"},{"@type":"Organization","@id":"https:\/\/visualjournalism.de\/en\/#organization","name":"Hochschule Hannover \u2013 University of Applied Sciences and Arts","alternateName":"HsH","url":"https:\/\/visualjournalism.de\/en\/","logo":{"@type":"ImageObject","inLanguage":"en-US","@id":"https:\/\/visualjournalism.de\/en\/#\/schema\/logo\/image\/","url":"https:\/\/visualjournalism.de\/wp-content\/uploads\/logo-hochschule-hannover.png","contentUrl":"https:\/\/visualjournalism.de\/wp-content\/uploads\/logo-hochschule-hannover.png","width":363,"height":270,"caption":"Hochschule Hannover \u2013 University of Applied Sciences and Arts"},"image":{"@id":"https:\/\/visualjournalism.de\/en\/#\/schema\/logo\/image\/"},"sameAs":["https:\/\/www.facebook.com\/people\/wwwfotostudentende\/100065173703897\/","https:\/\/x.com\/HsHannover","https:\/\/www.instagram.com\/visualjournalism.de\/"]}]}},"_links":{"self":[{"href":"https:\/\/visualjournalism.de\/en\/wp-json\/wp\/v2\/magazin\/52546","targetHints":{"allow":["GET"]}}],"collection":[{"href":"https:\/\/visualjournalism.de\/en\/wp-json\/wp\/v2\/magazin"}],"about":[{"href":"https:\/\/visualjournalism.de\/en\/wp-json\/wp\/v2\/types\/magazin"}],"author":[{"embeddable":true,"href":"https:\/\/visualjournalism.de\/en\/wp-json\/wp\/v2\/users\/103"}],"version-history":[{"count":14,"href":"https:\/\/visualjournalism.de\/en\/wp-json\/wp\/v2\/magazin\/52546\/revisions"}],"predecessor-version":[{"id":67219,"href":"https:\/\/visualjournalism.de\/en\/wp-json\/wp\/v2\/magazin\/52546\/revisions\/67219"}],"wp:featuredmedia":[{"embeddable":true,"href":"https:\/\/visualjournalism.de\/en\/wp-json\/wp\/v2\/media\/52722"}],"wp:attachment":[{"href":"https:\/\/visualjournalism.de\/en\/wp-json\/wp\/v2\/media?parent=52546"}],"wp:term":[{"taxonomy":"post_tag","embeddable":true,"href":"https:\/\/visualjournalism.de\/en\/wp-json\/wp\/v2\/tags?post=52546"},{"taxonomy":"magazinkategorie","embeddable":true,"href":"https:\/\/visualjournalism.de\/en\/wp-json\/wp\/v2\/magazinkategorie?post=52546"}],"curies":[{"name":"wp","href":"https:\/\/api.w.org\/{rel}","templated":true}]}}