{"id":54419,"date":"2025-08-25T00:00:56","date_gmt":"2025-08-25T00:00:56","guid":{"rendered":"https:\/\/visualjournalism.de\/?post_type=magazin&#038;p=54419"},"modified":"2026-02-24T15:50:01","modified_gmt":"2026-02-24T13:50:01","slug":"360-grad-videoproduktion","status":"publish","type":"magazin","link":"https:\/\/visualjournalism.de\/en\/magazine\/ratgeber\/360-grad-videoproduktion\/","title":{"rendered":"So funktionieren 360-Grad-Videos im Journalismus"},"content":{"rendered":"\n \n\n    <div id=\"lead-in-block_ab7f7eac19a92d89a59970b837431970\" class=\"block-lead-in typo--default font-size--xl has-spacing--m width--default\">\n        <h1>So funktionieren 360-Grad-Videos im Journalismus.<\/h1>\n<p>360-Grad-Videos stellen das Publikum mitten ins Geschehen: Statt zuzuschauen, erlebt es die Story aus allen Blickwinkeln. Der Beitrag zeigt, wie 360-Grad-Videoproduktion funktioniert und welche Chancen sie f\u00fcr den Journalismus bietet.<\/p>\n<div class=\"entry-meta\">\r\n    <span class=\"posted-on\"><a href=\"https:\/\/visualjournalism.de\/en\/magazine\/ratgeber\/360-grad-videoproduktion\/\" rel=\"bookmark\"><time class=\"entry-date published\" datetime=\"2025-08-25T00:00:56+02:00\">25.08.2025<\/time><\/a><\/span> <span class=\"byline\">Text: <span class=\"author vcard\">Emil Eichinger<\/span><\/span><\/div><!-- .entry-meta -->\r\n    <\/div>\n\n\n\n    <figure class=\"block-photo post__image--wide-left has-spacing--m with-title\">\n\n        <div class=\"post__image__container\">\n            <img loading=\"lazy\" decoding=\"async\" \n                src=\"https:\/\/visualjournalism.de\/wp-content\/uploads\/hochschule_hannover_FH_Hannover_08-1050x700.jpg\"\n                srcset=\"https:\/\/visualjournalism.de\/wp-content\/uploads\/hochschule_hannover_FH_Hannover_08-1050x700.jpg 1050w, https:\/\/visualjournalism.de\/wp-content\/uploads\/hochschule_hannover_FH_Hannover_08-300x200.jpg 300w, https:\/\/visualjournalism.de\/wp-content\/uploads\/hochschule_hannover_FH_Hannover_08-1024x683.jpg 1024w, https:\/\/visualjournalism.de\/wp-content\/uploads\/hochschule_hannover_FH_Hannover_08-768x512.jpg 768w, https:\/\/visualjournalism.de\/wp-content\/uploads\/hochschule_hannover_FH_Hannover_08-1536x1024.jpg 1536w, https:\/\/visualjournalism.de\/wp-content\/uploads\/hochschule_hannover_FH_Hannover_08-1400x933.jpg 1400w, https:\/\/visualjournalism.de\/wp-content\/uploads\/hochschule_hannover_FH_Hannover_08-670x447.jpg 670w, https:\/\/visualjournalism.de\/wp-content\/uploads\/hochschule_hannover_FH_Hannover_08-420x280.jpg 420w, https:\/\/visualjournalism.de\/wp-content\/uploads\/hochschule_hannover_FH_Hannover_08-350x233.jpg 350w, https:\/\/visualjournalism.de\/wp-content\/uploads\/hochschule_hannover_FH_Hannover_08.jpg 1599w\"\n                width=\"1050\" \n                height=\"700\"\n                alt=\"\" \n            \/>\n            \n                            <span class=\"post__image__title\">In our studios in the basement of the Design Center, students have the opportunity to produce 360\u00b0 films. Photo: Rafael Heygster\n<\/span>\n                    <\/div><!-- post__image__container -->\n\n        \n    <\/figure><!-- post__image -->\n\n\n\n\n<p class=\"post__paragraph has-spacing--m\"><strong>Virtual Reality er\u00f6ffnet neue Wege des visuellen Erz\u00e4hlens.<\/strong> Statt zuzusehen, taucht das Publikum in eine eigene Welt ein. Besonders die 360-Grad-Videoproduktion er\u00f6ffnet dem Journalismus neue Chancen. Worauf VR-Experte Felix Gaedtke dabei achtet, zeigt dieser Beitrag.<\/p>\n\n\n\n    <div class=\"headline-block has-spacing--xs\">\n\n        <h2 class=\"post__headline\">Was ist ein 360-Grad-Video?<\/h2>\n\n        \n    <\/div>\n\n    \n\n\n\n\n<p class=\"post__paragraph has-spacing--m\">Virtual Reality (VR) ersetzt den realen Raum durch computergenerierte Umgebungen oder 360-Grad-Videos. Eine omnidirektionale Kamera nimmt dabei ein sph\u00e4risches Panorama auf, das horizontale und vertikale Perspektiven umfasst. Zuschauer*innen haben dabei \u00ab3 degrees of freedom\u00bb (3DoF): Sie k\u00f6nnen sich in alle Richtungen umsehen. In volumetrischen Produktionen stehen ihnen sogar \u00ab6 degrees of freedom\u00bb (6DoF) zur Verf\u00fcgung \u2013 sie bewegen sich frei in der virtuellen Umgebung.<\/p>\n\n\n\n<div class=\"wp-block-group has-color-2-background-color has-background has-spacing--m\">\n    <div class=\"headline-block has-spacing--xs\">\n\n        <h2 class=\"post__headline\">Immersives Storytelling als Berufung<\/h2>\n\n        \n    <\/div>\n\n    \n\n\n\n\n<div class=\"pinned-block has-spacing--none\">\n\t\n\n<div class=\"pinned-block__column--left\">\n    \n    <figure class=\"block-photo post__image--full has-spacing--xs no-title\">\n\n        <div class=\"post__image__container\">\n            <img loading=\"lazy\" decoding=\"async\" \n                src=\"https:\/\/visualjournalism.de\/wp-content\/uploads\/Felix-Gaedtke-Profile-Photo-small-1-4-1-e1736249071662.jpg\"\n                srcset=\"\"\n                width=\"1335\" \n                height=\"2000\"\n                alt=\"Portrait von Felix Gaedtke, Gr\u00fcnder von NowHereMedia\" \n            \/>\n            \n                    <\/div><!-- post__image__container -->\n\n        \n    <\/figure><!-- post__image -->\n\n\n\n<\/div>\n\n\n<div class=\"pinned-block__column--right\">\n    \n\n<p class=\"post__paragraph is-style-typo--soehne has-spacing--default\"><strong>Felix Gaedtke ist Emmy\u00ae-nominierter <\/strong>und mit dem Peabody Award ausgezeichneter Regisseur und Produzent. Bekannt f\u00fcr seine Arbeiten im immersiven Storytelling gilt er als Pionier der 360\u00b0-Videoproduktion.<\/p>\n\n\n\n<p class=\"post__paragraph is-style-typo--soehne has-spacing--default\">Er ist Mitbegr\u00fcnder des Studios <a href=\"https:\/\/www.nowheremedia.net\" target=\"_blank\" rel=\"noreferrer noopener\">NowHere Media<\/a>, das unterrepr\u00e4sentierten Stimmen im Mainstream-Diskurs Geh\u00f6r verschafft. Das Team entwickelt immersive Erfahrungen, vor allem im Non-Fiction-Bereich \u2013 darunter Virtual und Augmented Reality, 360\u00b0-Filme, Audio-Workshops und installative Arbeiten.<\/p>\n\n\n\n<p class=\"post__paragraph is-style-typo--soehne has-spacing--default\">Seit dem Wintersemester 24\/25 ist Felix Gaedtke als <a href=\"https:\/\/visualjournalism.de\/felix-gaedtke\/\" target=\"_blank\" rel=\"noreferrer noopener\">Lehrbeauftragter<\/a> f\u00fcr das Seminar \u00abImmersive Journalism\u00bb an der Hochschule Hannover t\u00e4tig.<\/p>\n\n\n<\/div>\n<\/div><\/div>\n\n\n\n    <div class=\"headline-block has-spacing--xs\">\n\n        <h2 class=\"post__headline\">Leihen statt kaufen: Omnidirektionale Kameras und Spatial Audio<\/h2>\n\n        \n    <\/div>\n\n    \n\n\n\n\n<p class=\"post__paragraph has-spacing--m\">F\u00fcr die Aufnahme von 360-Grad-Videos kommen meist omnidirektionale Kameras zum Einsatz. Sie besitzen mehrere Linsen und erfassen gleichzeitig verschiedene Blickwinkel, die beim \u00abStitching\u00bb zu einem vollst\u00e4ndigen Panorama zusammengesetzt werden. Felix Gaedtke empfiehlt, die Technik zu leihen statt zu kaufen \u2013 sie veraltet schnell. Auch der Ton sollte in 360 Grad aufgezeichnet werden, damit das Erlebnis immersiv wirkt. Dieser r\u00e4umliche Klang hei\u00dft Spatial Audio. Zwei g\u00e4ngige Formate sind Ambisonics, das Schall aus allen Richtungen aufnimmt und dynamisch auf Kopfbewegungen reagiert, und Binaural Audio, das mit zwei Mikrofonen ein realistisches Raumgef\u00fchl \u00fcber Kopfh\u00f6rer erzeugt.<\/p>\n\n\n    <figure class=\"block-photo post__image--wide-left has-spacing--m with-title\">\n\n        <div class=\"post__image__container\">\n            <img loading=\"lazy\" decoding=\"async\" \n                src=\"https:\/\/visualjournalism.de\/wp-content\/uploads\/2025\/08\/360Grad_02_OnlineMagazin_CarstenSeidler_ThomasMueller-Vahl-1-1050x700.jpg\"\n                srcset=\"https:\/\/visualjournalism.de\/wp-content\/uploads\/2025\/08\/360Grad_02_OnlineMagazin_CarstenSeidler_ThomasMueller-Vahl-1-1050x700.jpg 1050w, https:\/\/visualjournalism.de\/wp-content\/uploads\/2025\/08\/360Grad_02_OnlineMagazin_CarstenSeidler_ThomasMueller-Vahl-1-300x200.jpg 300w, https:\/\/visualjournalism.de\/wp-content\/uploads\/2025\/08\/360Grad_02_OnlineMagazin_CarstenSeidler_ThomasMueller-Vahl-1-1024x683.jpg 1024w, https:\/\/visualjournalism.de\/wp-content\/uploads\/2025\/08\/360Grad_02_OnlineMagazin_CarstenSeidler_ThomasMueller-Vahl-1-768x512.jpg 768w, https:\/\/visualjournalism.de\/wp-content\/uploads\/2025\/08\/360Grad_02_OnlineMagazin_CarstenSeidler_ThomasMueller-Vahl-1-1536x1024.jpg 1536w, https:\/\/visualjournalism.de\/wp-content\/uploads\/2025\/08\/360Grad_02_OnlineMagazin_CarstenSeidler_ThomasMueller-Vahl-1-2048x1365.jpg 2048w, https:\/\/visualjournalism.de\/wp-content\/uploads\/2025\/08\/360Grad_02_OnlineMagazin_CarstenSeidler_ThomasMueller-Vahl-1-1920x1280.jpg 1920w, https:\/\/visualjournalism.de\/wp-content\/uploads\/2025\/08\/360Grad_02_OnlineMagazin_CarstenSeidler_ThomasMueller-Vahl-1-1400x933.jpg 1400w, https:\/\/visualjournalism.de\/wp-content\/uploads\/2025\/08\/360Grad_02_OnlineMagazin_CarstenSeidler_ThomasMueller-Vahl-1-670x447.jpg 670w, https:\/\/visualjournalism.de\/wp-content\/uploads\/2025\/08\/360Grad_02_OnlineMagazin_CarstenSeidler_ThomasMueller-Vahl-1-420x280.jpg 420w, https:\/\/visualjournalism.de\/wp-content\/uploads\/2025\/08\/360Grad_02_OnlineMagazin_CarstenSeidler_ThomasMueller-Vahl-1-350x233.jpg 350w, https:\/\/visualjournalism.de\/wp-content\/uploads\/2025\/08\/360Grad_02_OnlineMagazin_CarstenSeidler_ThomasMueller-Vahl-1-150x100.jpg 150w\"\n                width=\"1050\" \n                height=\"700\"\n                alt=\"\" \n            \/>\n            \n                            <span class=\"post__image__title\">Foto: Carsten Seidler und Thomas M\u00fcller-Vahl<\/span>\n                    <\/div><!-- post__image__container -->\n\n        \n    <\/figure><!-- post__image -->\n\n\n\n\n    <div class=\"headline-block has-spacing--xs\">\n\n        <h2 class=\"post__headline\">St\u00e4rken und Schw\u00e4chen von VR<\/h2>\n\n        \n    <\/div>\n\n    \n\n\n\n\n<p class=\"post__paragraph has-spacing--xs\">Felix Gaedtke betont, dass VR ein eigenst\u00e4ndiges Format ist und sich grundlegend vom klassischen Film unterscheidet. Es schafft eine vollst\u00e4ndig immersive Erfahrung, die die Aufmerksamkeit der Nutzerinnen ohne Ablenkung bindet. Produzent*innen k\u00f6nnen das Publikum gezielt in Situationen oder an Orte versetzen.<\/p>\n\n\n\n<p class=\"post__paragraph has-spacing--m\">Gleichzeitig bringt VR Herausforderungen mit sich. Oft erleben Menschen es isoliert, da sie Inhalte allein konsumieren. Unbequeme Brillen und unausgereifte Technik erschweren den Zugang zus\u00e4tzlich. Auch bleibt VR f\u00fcr viele unzug\u00e4nglich, weil 360-Grad-Filme fast nur mit VR-Headsets funktionieren.<\/p>\n\n\n\n<div class=\"wp-block-group has-color-2-background-color has-background has-spacing--m\">\n    <div class=\"headline-block has-spacing--xs\">\n\n        <h2 class=\"post__headline\">Mit der 360-Grad-Kamera auf dem Containerschiff<\/h2>\n\n        \n    <\/div>\n\n    \n\n\n\n\n<div class=\"pinned-block has-spacing--m\">\n\t\n\n<div class=\"pinned-block__column--left\">\n    \n    <figure class=\"block-photo post__image--full has-spacing--xs with-title\">\n\n        <div class=\"post__image__container\">\n            <img loading=\"lazy\" decoding=\"async\" \n                src=\"https:\/\/visualjournalism.de\/wp-content\/uploads\/Portrait-Niklas-Grueter-1400x1400.jpg\"\n                srcset=\"https:\/\/visualjournalism.de\/wp-content\/uploads\/Portrait-Niklas-Grueter-1400x1400.jpg 1400w, https:\/\/visualjournalism.de\/wp-content\/uploads\/Portrait-Niklas-Grueter-300x300.jpg 300w, https:\/\/visualjournalism.de\/wp-content\/uploads\/Portrait-Niklas-Grueter-1024x1024.jpg 1024w, https:\/\/visualjournalism.de\/wp-content\/uploads\/Portrait-Niklas-Grueter-150x150.jpg 150w, https:\/\/visualjournalism.de\/wp-content\/uploads\/Portrait-Niklas-Grueter-768x768.jpg 768w, https:\/\/visualjournalism.de\/wp-content\/uploads\/Portrait-Niklas-Grueter-1536x1536.jpg 1536w, https:\/\/visualjournalism.de\/wp-content\/uploads\/Portrait-Niklas-Grueter-1050x1050.jpg 1050w, https:\/\/visualjournalism.de\/wp-content\/uploads\/Portrait-Niklas-Grueter-670x670.jpg 670w, https:\/\/visualjournalism.de\/wp-content\/uploads\/Portrait-Niklas-Grueter-420x420.jpg 420w, https:\/\/visualjournalism.de\/wp-content\/uploads\/Portrait-Niklas-Grueter-350x350.jpg 350w, https:\/\/visualjournalism.de\/wp-content\/uploads\/Portrait-Niklas-Grueter-52x52.jpg 52w, https:\/\/visualjournalism.de\/wp-content\/uploads\/Portrait-Niklas-Grueter-68x68.jpg 68w, https:\/\/visualjournalism.de\/wp-content\/uploads\/Portrait-Niklas-Grueter-96x96.jpg 96w, https:\/\/visualjournalism.de\/wp-content\/uploads\/Portrait-Niklas-Grueter.jpg 1800w\"\n                width=\"1400\" \n                height=\"1400\"\n                alt=\"Portrait von Niklas Gr\u00fcter\" \n            \/>\n            \n                            <span class=\"post__image__title\">Portrait Niklas Gr\u00fcter<\/span>\n                    <\/div><!-- post__image__container -->\n\n        \n    <\/figure><!-- post__image -->\n\n\n\n\n<p class=\"post__paragraph is-style-typo--soehne has-spacing--default\"><strong>Niklas Gr\u00fcter<\/strong> ist 28 Jahre alt und hat 2022 an der Hochschule Hannover seinen Bachelor in Visual Journalism and Documentary Photography mit der Multimedia Arbeit \u00abGrowling Sea\u00bb abgeschlossen. Nach seinem Abschluss arbeitet er bei <a href=\"https:\/\/www.2470.media\/\" target=\"_blank\" rel=\"noreferrer noopener\">2470.media<\/a> in Berlin und ist heute als Video-Producer in der Bundesgesch\u00e4ftstelle des Bund f\u00fcr Umwelt- und Naturschutz (BUND) t\u00e4tig.<\/p>\n\n\n<\/div>\n\n\n<div class=\"pinned-block__column--right\">\n    \n\n<p class=\"post__paragraph is-style-typo--soehne has-spacing--default\"><strong>In seiner Bachelorarbeit \u00abGrowling Sea\u00bb<\/strong> beleuchtet Niklas Gr\u00fcter die Arbeitsbedingungen von Seeleuten. Rund 90 Prozent der weltweiten Waren werden per Schiff transportiert \u2013 viele Besatzungsmitglieder leiden unter Depressionen, Isolation und langer Trennung von ihren Familien. Mit Virtual Reality lassen sich die Dimensionen eines Containerschiffs und die Perspektive der Crew eindrucksvoll erleben. Das Publikum r\u00fcckt den Lebens- und Arbeitsumst\u00e4nden unmittelbar nahe.<\/p>\n\n\n\n<p class=\"post__paragraph is-style-typo--soehne has-spacing--default\">Niklas Gr\u00fcter sieht darin einen zentralen Vorteil der 360\u00b0-Videoproduktion: \u00abIn einer schnelllebigen Welt kannst du dich ganz auf eine Sache konzentrieren.\u00bb So taucht das Publikum emotional ein und gewinnt einen direkten Bezug zum Arbeitsumfeld. Obwohl VR w\u00e4hrend seines Studiums noch Neuland war, bot ihm der Studiengang in Hannover mit Storytelling-Schwerpunkt und Technik-Ausleihe eine solide Basis.<\/p>\n\n\n\n<p class=\"post__paragraph is-style-typo--soehne has-spacing--default\">Die Handhabung der Kamera \u00abInsta360 Pro 2\u00bb mit 5.1-Mikrofonsystem erwies sich jedoch als schwierig. Enge R\u00e4ume und herumschwingende Seile stellten unerwartete Probleme dar. Trotzdem gelang Niklas ein immersives Video, das durch eingesprochene Briefe echter Seeleute zus\u00e4tzliche emotionale Tiefe gewann.<\/p>\n\n\n\n<p class=\"post__paragraph is-style-typo--soehne has-spacing--m\">Mit \u00abGrowling Sea\u00bb gewann er den ersten Preis beim Sehs\u00fcchte-Festival in Babelsberg (Kategorie VR) und pr\u00e4sentierte das Projekt in Bremen, Berlin und beim Human Rights Film Festival. Heute nutzt die Reederei das 360\u00b0-Video, um junge Menschen f\u00fcr die Arbeit auf See zu begeistern.<\/p>\n\n\n    <figure class=\"block-photo post__image--full has-spacing--m no-title\">\n\n        <div class=\"post__image__container\">\n            <img loading=\"lazy\" decoding=\"async\" \n                src=\"https:\/\/visualjournalism.de\/wp-content\/uploads\/Growling-Sea_Plakat_Low_Res-1400x1867.jpg\"\n                srcset=\"https:\/\/visualjournalism.de\/wp-content\/uploads\/Growling-Sea_Plakat_Low_Res-1400x1867.jpg 1400w, https:\/\/visualjournalism.de\/wp-content\/uploads\/Growling-Sea_Plakat_Low_Res-225x300.jpg 225w, https:\/\/visualjournalism.de\/wp-content\/uploads\/Growling-Sea_Plakat_Low_Res-768x1024.jpg 768w, https:\/\/visualjournalism.de\/wp-content\/uploads\/Growling-Sea_Plakat_Low_Res-1152x1536.jpg 1152w, https:\/\/visualjournalism.de\/wp-content\/uploads\/Growling-Sea_Plakat_Low_Res-1050x1400.jpg 1050w, https:\/\/visualjournalism.de\/wp-content\/uploads\/Growling-Sea_Plakat_Low_Res-670x893.jpg 670w, https:\/\/visualjournalism.de\/wp-content\/uploads\/Growling-Sea_Plakat_Low_Res-420x560.jpg 420w, https:\/\/visualjournalism.de\/wp-content\/uploads\/Growling-Sea_Plakat_Low_Res-350x467.jpg 350w, https:\/\/visualjournalism.de\/wp-content\/uploads\/Growling-Sea_Plakat_Low_Res-300x400.jpg 300w, https:\/\/visualjournalism.de\/wp-content\/uploads\/Growling-Sea_Plakat_Low_Res-640x853.jpg 640w, https:\/\/visualjournalism.de\/wp-content\/uploads\/Growling-Sea_Plakat_Low_Res-150x200.jpg 150w, https:\/\/visualjournalism.de\/wp-content\/uploads\/Growling-Sea_Plakat_Low_Res.jpg 1500w\"\n                width=\"1400\" \n                height=\"1867\"\n                alt=\"Filmplakat von Growling Sea\" \n            \/>\n            \n                    <\/div><!-- post__image__container -->\n\n        \n    <\/figure><!-- post__image -->\n\n\n\n<\/div>\n<\/div><\/div>\n\n\n\n    <div class=\"headline-block has-spacing--xs\">\n\n        <h2 class=\"post__headline\">Von virtuellen Rundg\u00e4ngen bis zur Kriegsdokumentation: 360\u00b0-Videos im Einsatz<\/h2>\n\n        \n    <\/div>\n\n    \n\n\n\n\n<p class=\"post__paragraph has-spacing--default\">360-Grad-Videos finden Einsatz in vielen Bereichen: im Tourismus bei virtuellen Rundg\u00e4ngen, bei Veranstaltungen wie Konzerten und Messen, in der Bildung mit interaktiven Lernumgebungen oder im Marketing mit Produktpr\u00e4sentationen und immersiven Kampagnen.<\/p>\n\n\n\n<p class=\"post__paragraph has-spacing--default\">Im Journalismus macht die 360-Grad-Videoproduktion das Publikum zum aktiven Teil des Geschehens. Sie verst\u00e4rkt das Gef\u00fchl, \u00abvor Ort\u00bb zu sein, und schafft eine tiefere emotionale Bindung. Wer interagiert, bleibt l\u00e4nger aufmerksam und setzt sich intensiver mit dem Inhalt auseinander. Felix Gaedtke betont, dass VR so pers\u00f6nliche Zug\u00e4nge zu Orten und Menschen erm\u00f6glicht. Auch abstrakte oder komplexe Themen \u2013 vom Universum bis zu K\u00f6rperprozessen \u2013 lassen sich anschaulich darstellen.<\/p>\n\n\n\n<p class=\"post__paragraph has-spacing--m\">Die New York Times geh\u00f6rte zu den ersten, die 360\u00b0-Videos regelm\u00e4\u00dfig einsetzten. Seit 2016 zeigte das Format \u00ab<a href=\"https:\/\/www.nytimes.com\/2016\/11\/01\/nytnow\/the-daily-360-videos.html\" target=\"_blank\" rel=\"noreferrer noopener\">The Daily 360<\/a>\u00bb t\u00e4glich historische Ereignisse, kulturelle Highlights und aktuelle Nachrichten. NowHere Media von Felix Gaedtke ver\u00f6ffentlichte 2023 die Dokumentation \u00ab<a href=\"https:\/\/www.nowheremedia.net\/you-destroy-we-create\/more\" target=\"_blank\" rel=\"noreferrer noopener\">YOU DESTROY. WE CREATE. The war on Ukraine\u00b4s culture<\/a>\u00bb. Der 25-min\u00fctige Film f\u00fchrt in die zerst\u00f6rte Ukraine, \u00abwo K\u00fcnstler und Kulturschaffende mit dem Schutz, dem Wiederaufbau und der Schaffung von Kunst besch\u00e4ftigt sind\u00bb. Gaedtke und sein Team kombinierten 360-Grad-Aufnahmen mit 180-Grad-3D-Material und nehmen das Publikum so auf eine immersive Reise mit.<\/p>\n\n\n\r\n<div class=\"video-block has-spacing--m align--left\">\r\n    <div class=\"video-wrapper size--full\">\r\n        <iframe loading=\"lazy\" hcb-fetch-image-from=\"https:\/\/youtu.be\/bSTPz-mHJrM?si=gxubdGtHEX1szY1n\" title=\"You Destroy We Create (2022) Trailer\" width=\"200\" height=\"113\" src=\"https:\/\/www.youtube.com\/embed\/bSTPz-mHJrM?feature=oembed\" frameborder=\"0\" allow=\"accelerometer; autoplay; clipboard-write; encrypted-media; gyroscope; picture-in-picture; web-share\" referrerpolicy=\"strict-origin-when-cross-origin\" allowfullscreen><\/iframe>    <\/div>\r\n<\/div>\r\n\r\n\n\n\n    <div class=\"headline-block has-spacing--xs\">\n\n        <h2 class=\"post__headline\">Zuschauer*innen werden zum aktiven Teil der Geschichte<\/h2>\n\n        \n    <\/div>\n\n    \n\n\n\n\n<p class=\"post__paragraph has-spacing--xs\">Das Storytelling von 360\u00b0-Videos unterscheidet sich deutlich von klassischen, linearen Erz\u00e4hlweisen herk\u00f6mmlicher Produktionen. Das Publikum bestimmt aktiv seine Perspektive und damit Teile der Geschichte. Es sieht die Story nicht nur \u2013 es erlebt sie.<\/p>\n\n\n\n<p class=\"post__paragraph has-spacing--xs\">Eine M\u00f6glichkeit der 360 Grad Videoproduktion ist, das Publikum als Teammitglied in die Handlung einzubinden. So f\u00fchlt es sich unmittelbar vor Ort, erkundet Details selbst und bildet sich ein eigenes Bild. Das Produktionsteam kann direkt zum Publikum sprechen, Dinge zeigen und es auf die Reise mitnehmen. Die BBC setzte diese Technik in \u00ab<a href=\"https:\/\/youtu.be\/Un0LWhH-9CI?si=fSV67pezuztxPhwJ\" target=\"_blank\" rel=\"noreferrer noopener\">Damming the Nil<\/a>\u00bbein: Ihr \u00abBehind the Scenes\u00bb-Team wurde Teil der Handlung \u2013 und damit auch die Zuschauer*innen. Um sich besser vorzustellen, wo das Publikum sp\u00e4ter stehen k\u00f6nnte, gaben die Filmemacher der Kamera sogar einen Namen. Diese Verankerung verst\u00e4rkt die Immersion.<\/p>\n\n\n\n<p class=\"post__paragraph has-spacing--m\">Nicht immer braucht es jedoch eine erz\u00e4hlende Figur. Felix Gaedtke betont, dass dem Publikum trotzdem klar sein muss, warum es an einem Ort ist und welche Perspektive es einnimmt. Oft reicht die Platzierung der Kamera, um diese Fragen subtil zu beantworten. \u00abWenn ich mit einer Kamera U-Bahn fahre, dann bin ich Gast der U-Bahn. Stelle ich die Kamera aber auf die Gleise und lasse die Bahn dar\u00fcberfahren, entsteht sofort eine dramatische Situation.\u00bb Die Position der Kamera entscheidet somit wesentlich \u00fcber die Wirkung.<\/p>\n\n\n    <figure class=\"block-photo post__image--full has-spacing--m with-title\">\n\n        <div class=\"post__image__container\">\n            <img loading=\"lazy\" decoding=\"async\" \n                src=\"https:\/\/visualjournalism.de\/wp-content\/uploads\/2025\/08\/360Grad_01_OnlineMagazin_CarstenSeidler_ThomasMueller-Vahl.jpg-1400x700.jpg\"\n                srcset=\"https:\/\/visualjournalism.de\/wp-content\/uploads\/2025\/08\/360Grad_01_OnlineMagazin_CarstenSeidler_ThomasMueller-Vahl.jpg-1400x700.jpg 1400w, https:\/\/visualjournalism.de\/wp-content\/uploads\/2025\/08\/360Grad_01_OnlineMagazin_CarstenSeidler_ThomasMueller-Vahl.jpg-300x150.jpg 300w, https:\/\/visualjournalism.de\/wp-content\/uploads\/2025\/08\/360Grad_01_OnlineMagazin_CarstenSeidler_ThomasMueller-Vahl.jpg-1024x512.jpg 1024w, https:\/\/visualjournalism.de\/wp-content\/uploads\/2025\/08\/360Grad_01_OnlineMagazin_CarstenSeidler_ThomasMueller-Vahl.jpg-768x384.jpg 768w, https:\/\/visualjournalism.de\/wp-content\/uploads\/2025\/08\/360Grad_01_OnlineMagazin_CarstenSeidler_ThomasMueller-Vahl.jpg-1536x768.jpg 1536w, https:\/\/visualjournalism.de\/wp-content\/uploads\/2025\/08\/360Grad_01_OnlineMagazin_CarstenSeidler_ThomasMueller-Vahl.jpg-2048x1024.jpg 2048w, https:\/\/visualjournalism.de\/wp-content\/uploads\/2025\/08\/360Grad_01_OnlineMagazin_CarstenSeidler_ThomasMueller-Vahl.jpg-1920x960.jpg 1920w, https:\/\/visualjournalism.de\/wp-content\/uploads\/2025\/08\/360Grad_01_OnlineMagazin_CarstenSeidler_ThomasMueller-Vahl.jpg-1050x525.jpg 1050w, https:\/\/visualjournalism.de\/wp-content\/uploads\/2025\/08\/360Grad_01_OnlineMagazin_CarstenSeidler_ThomasMueller-Vahl.jpg-670x335.jpg 670w, https:\/\/visualjournalism.de\/wp-content\/uploads\/2025\/08\/360Grad_01_OnlineMagazin_CarstenSeidler_ThomasMueller-Vahl.jpg-420x210.jpg 420w, https:\/\/visualjournalism.de\/wp-content\/uploads\/2025\/08\/360Grad_01_OnlineMagazin_CarstenSeidler_ThomasMueller-Vahl.jpg-350x175.jpg 350w, https:\/\/visualjournalism.de\/wp-content\/uploads\/2025\/08\/360Grad_01_OnlineMagazin_CarstenSeidler_ThomasMueller-Vahl.jpg-150x75.jpg 150w\"\n                width=\"1400\" \n                height=\"700\"\n                alt=\"\" \n            \/>\n            \n                            <span class=\"post__image__title\">1768231734417147<\/span>\n                    <\/div><!-- post__image__container -->\n\n        \n    <\/figure><!-- post__image -->\n\n\n\n\n<div class=\"devider has-spacing--none\">\n    <hr>\n<\/div>\n\n\n \n    \n    <div id=\"quote-block_a396290cb872ee460887ca38b683cba6\" class=\"block-quote has-spacing--m\">\n        <figure class=\"quote\">\n            <blockquote>\n                <p><strong>Virtual Reality<\/strong> versetzt das Publikum wirlich in einen neuen Ort und Situation.<\/p>\n            <\/blockquote>\n\n            <figcaption>\n\n                            <img loading=\"lazy\" decoding=\"async\" class=\"portrait--inline\" src=\"https:\/\/visualjournalism.de\/wp-content\/uploads\/Felix-Gaedtke-Profile-Photo-small-1-2-52x52.jpg\" width=\"52\" height=\"52\" alt=\"\" \/>\n                            <span>Felix Gaedtke<\/span>\n            <\/figcaption>\n            \n        <\/figure>\n    <\/div>\n\n\n\n\n    <div class=\"headline-block has-spacing--xs\">\n\n        <h2 class=\"post__headline\">Zwiebelprinzip: Szenenaufbau in 360\u00b0-Filmen<\/h2>\n\n        \n    <\/div>\n\n    \n\n\n\n\n<p class=\"post__paragraph has-spacing--xs\">Die Postproduktion einer 360 Grad Videoproduktion beginnt mit dem Stitching: Die einzelnen Kameraaufnahmen werden zu einem sph\u00e4rischen Bild zusammengesetzt. Dieses Material l\u00e4sst sich wie herk\u00f6mmliches Video schneiden \u2013 allerdings erfordert es besondere Sorgfalt.<\/p>\n\n\n\n<p class=\"post__paragraph has-spacing--m\">Schnitte sollten langsam gesetzt werden, damit das Publikum Zeit hat, eine Szene zu erkunden. Felix Gaedtke vergleicht seine Methode mit einer \u00abZwiebel\u00bb: Jede Szene legt sich wie eine Schicht \u00fcber die andere. Entscheidend ist, dass der Fokus einer Szene flie\u00dfend in die n\u00e4chste \u00fcbergeht. Auch Zuschauer*innen, die anfangs nicht zum Fokuspunkt blicken, m\u00fcssen durch gezielte Bewegungen im Bild wieder dorthin gelenkt werden. Nur so entsteht ein stimmiges, immersives Erlebnis.<\/p>\n\n\n\n<div class=\"wp-block-group has-color-2-background-color has-background has-spacing--m\">\n    <div class=\"headline-block has-spacing--xs\">\n\n        <h2 class=\"post__headline\">Die Stimmen von Musliminnen im 360-Grad-Format<\/h2>\n\n        \n    <\/div>\n\n    \n\n\n\n\n<div class=\"tableau has-spacing--m\">\n\t\n\n<div class=\"tableau__column--left\">\n    \n    <figure class=\"block-photo post__image--full has-spacing--xs no-title\">\n\n        <div class=\"post__image__container\">\n            <img loading=\"lazy\" decoding=\"async\" \n                src=\"https:\/\/visualjournalism.de\/wp-content\/uploads\/Momen-Mostafa1x1-e1736519950708.jpeg\"\n                srcset=\"\"\n                width=\"1365\" \n                height=\"2048\"\n                alt=\"Portait von Momen Mostafa\" \n            \/>\n            \n                    <\/div><!-- post__image__container -->\n\n        \n    <\/figure><!-- post__image -->\n\n\n\n\n<p class=\"post__paragraph is-style-typo--soehne has-spacing--default\"><strong>Momen Mostafa<\/strong> wurde 1998 in Giza geboren und ist Dokumentarfotograf in Berlin. In seinen Arbeiten befasst er sich mit Herausforderungen, die Menschen, die auf verschiedenen Kontinenten leben, ausgesetzt sind. Sein Werdegang begann in Kairo und f\u00fchrte \u00fcber Khartoum, Istanbul und Ankara nach Hannover und Dhaka.<\/p>\n\n\n<\/div>\n\n\n<div class=\"tableau__column--right\">\n    \n\n<p class=\"post__paragraph is-style-typo--soehne has-spacing--default\"><strong>In seiner Bachelorarbeit<\/strong> im Studiengang Visual Journalism and Documentary Photography an der Hochschule Hannover setzte sich Momen Mostafa mit den Stimmen muslimischer Frauen auseinander. Daf\u00fcr entschied er sich bewusst f\u00fcr die 360\u00b0-Videoproduktion, um seinen eigenen Einfluss auf die Darstellung zu minimieren. Zuschauer*innen sollten die Protagonistinnen direkt erleben \u2013 so, wie sie \u00fcber ihre Geschichte, ihre Herausforderungen, den Islam und Feminismus sprechen. Das Format erm\u00f6glicht es dem Publikum, sich ein eigenes Bild zu machen und die Erz\u00e4hlungen aus unmittelbarer N\u00e4he zu erfahren.<\/p>\n\n\n\n<p class=\"post__paragraph is-style-typo--soehne has-spacing--default\">Die Arbeit war zugleich bereichernd und fordernd. Momen freute sich, ein neues Format auszuprobieren und seine Ans\u00e4tze in der Praxis best\u00e4tigt zu sehen. Gleichzeitig musste er vieles allein bew\u00e4ltigen und hatte nur wenig Zeit f\u00fcr technische Vorbereitung \u2013 ein Risiko, das in neuen Formaten immer mitschwingt.<\/p>\n\n\n<\/div>\n<\/div><\/div>\n\n\n\n    <div class=\"headline-block has-spacing--xs\">\n\n        <h2 class=\"post__headline\">Fazit<\/h2>\n\n        \n    <\/div>\n\n    \n\n\n\n\n<p class=\"post__paragraph has-spacing--default\">Die 360-Grad-Videoproduktion ist mehr als ein technischer Effekt \u2013 sie ist ein eigenes Erz\u00e4hlformat. Sie funktioniert, wenn Kameraposition und Ton Orientierung geben, der Schnitt Zeit l\u00e4sst und die Story den Aufenthalt im Raum rechtfertigt. Beispiele von der New York Times bis NowHere Media, von der BBC bis zu Studierenden der Hochschule Hannover zeigen: VR kann N\u00e4he schaffen, komplexe Themen greifbar machen und journalistische Recherchen intensivieren.<\/p>\n\n\n\n<p class=\"post__paragraph has-spacing--m\">Noch bremsen Kosten und Technik die Verbreitung. Doch wer sich darauf einl\u00e4sst, entdeckt ein Medium, das Zuschauer*innen mitten ins Geschehen stellt. 360\u00b0-Videos er\u00f6ffnen R\u00e4ume, die klassische Bilder nicht erreichen \u2013 und genau darin liegt ihre Faszination.<\/p>\n\n\n\n<div class=\"wp-block-group has-spacing--default\">\n<div class=\"devider has-spacing--none\">\n    <hr>\n<\/div>\n\n\n \n\n    <div id=\"lead-in-block_59fe387e8c9dc90b84b6c760705bd135\" class=\"block-lead-in typo--default font-size--xl has-spacing--s width--default\">\n        <p><strong>Das k\u00f6nnte dich auch interessieren:<\/strong><\/p>\n    <\/div>\n\n\n\n\r\n\r\n\r\n\n\n\r\n\r\n\r\n\r\n        <div class=\"teaser-grid grid-layout--3col has-spacing--s width--inline\">\r\n            \r\n                \r\n                <article class=\"post-teaser\">\r\n\r\n                    \r\n                        <a href=\"https:\/\/visualjournalism.de\/en\/magazine\/ratgeber\/politikerinnen-souveraen-interviewen\/\">\r\n\r\n                    \r\n                        <div class=\"post-teaser__content\">\r\n\r\n                            <span class=\"entry-categories\">Ratgeber<\/span>\r\n                            <h3 class=\"post-teaser__headline\">\r\n                                Politiker*innen souver\u00e4n interviewen \u2013 Die besten Tipps f\u00fcr ein sicheres Auftreten                            <\/h3>\r\n\r\n                            <div class=\"post-teaser__excerpt\">\r\n                                <p>\r\n                                    Ein Gespr\u00e4ch mit Politiker*innen kann schnell zum Machtkampf werden. Wie du selbst gegen Profis die Oberhand beh\u00e4ltst und typische Interviewfallen umgehst.                                <\/p>\r\n                            <\/div>\r\n\r\n                        <\/div><!-- .post-teaser__content -->\r\n                \r\n\r\n                        \r\n                        <figure class=\"post-teaser__image\">\r\n\r\n                        <img loading=\"lazy\" decoding=\"async\"  \r\n                            src=\"https:\/\/visualjournalism.de\/wp-content\/uploads\/DSC4729-merz-politikerinterviews-768x1024.jpg\" \r\n                            srcset=\"https:\/\/visualjournalism.de\/wp-content\/uploads\/DSC4729-merz-politikerinterviews-768x1024.jpg 768w, https:\/\/visualjournalism.de\/wp-content\/uploads\/DSC4729-merz-politikerinterviews-225x300.jpg 225w, https:\/\/visualjournalism.de\/wp-content\/uploads\/DSC4729-merz-politikerinterviews-1152x1536.jpg 1152w, https:\/\/visualjournalism.de\/wp-content\/uploads\/DSC4729-merz-politikerinterviews-1536x2048.jpg 1536w, https:\/\/visualjournalism.de\/wp-content\/uploads\/DSC4729-merz-politikerinterviews-scaled.jpg 1920w, https:\/\/visualjournalism.de\/wp-content\/uploads\/DSC4729-merz-politikerinterviews-1400x1867.jpg 1400w, https:\/\/visualjournalism.de\/wp-content\/uploads\/DSC4729-merz-politikerinterviews-1050x1400.jpg 1050w, https:\/\/visualjournalism.de\/wp-content\/uploads\/DSC4729-merz-politikerinterviews-670x893.jpg 670w, https:\/\/visualjournalism.de\/wp-content\/uploads\/DSC4729-merz-politikerinterviews-420x560.jpg 420w, https:\/\/visualjournalism.de\/wp-content\/uploads\/DSC4729-merz-politikerinterviews-350x467.jpg 350w, https:\/\/visualjournalism.de\/wp-content\/uploads\/DSC4729-merz-politikerinterviews-300x400.jpg 300w, https:\/\/visualjournalism.de\/wp-content\/uploads\/DSC4729-merz-politikerinterviews-640x853.jpg 640w, https:\/\/visualjournalism.de\/wp-content\/uploads\/DSC4729-merz-politikerinterviews-150x200.jpg 150w\" \r\n                            width=\"768\"  \r\n                            height=\"1024\" \r\n                            alt=\"CDU-Vorsitzender Friedrich Merz mit Mikrofon in der Hand, im Gespr\u00e4ch mit dem ehemaligen ZDF-Moderator Klaus Kleber auf einer B\u00fchne. Im Vordergrund sind zwei M\u00e4nner angeblitzt von hinten zu sehen.\" \r\n                            style=\"object-position: 50% 50%\"\r\n                            \/>\r\n\r\n                        <\/figure>\r\n                                            \r\n                     \r\n                    <\/a>\r\n                                        \r\n                <\/article><!--- .post-teaser-->\r\n\r\n                \r\n            \r\n                \r\n                <article class=\"post-teaser\">\r\n\r\n                    \r\n                        <a href=\"https:\/\/visualjournalism.de\/en\/magazine\/ratgeber\/nicht-jedes-laecheln-bedeutet-zustimmung-wie-respektvolle-reisefotografie-gelingt\/\">\r\n\r\n                    \r\n                        <div class=\"post-teaser__content\">\r\n\r\n                            <span class=\"entry-categories\">Ratgeber<\/span>\r\n                            <h3 class=\"post-teaser__headline\">\r\n                                Faire Reisefotografie: Nicht jedes L\u00e4cheln bedeutet Zustimmung\u00a0                            <\/h3>\r\n\r\n                            <div class=\"post-teaser__excerpt\">\r\n                                <p>\r\n                                    Ein Klick geht schnell, R\u00fccksicht nicht immer \u2013 so fotografierst du auf deinen Reisen respektvoll.                                <\/p>\r\n                            <\/div>\r\n\r\n                        <\/div><!-- .post-teaser__content -->\r\n                \r\n\r\n                        \r\n                        <figure class=\"post-teaser__image\">\r\n\r\n                        <img loading=\"lazy\" decoding=\"async\"  \r\n                            src=\"https:\/\/visualjournalism.de\/wp-content\/uploads\/SalomeZiermann_Scan_Indien_03-768x512.jpg\" \r\n                            srcset=\"https:\/\/visualjournalism.de\/wp-content\/uploads\/SalomeZiermann_Scan_Indien_03-768x512.jpg 768w, https:\/\/visualjournalism.de\/wp-content\/uploads\/SalomeZiermann_Scan_Indien_03-300x200.jpg 300w, https:\/\/visualjournalism.de\/wp-content\/uploads\/SalomeZiermann_Scan_Indien_03-1024x683.jpg 1024w, https:\/\/visualjournalism.de\/wp-content\/uploads\/SalomeZiermann_Scan_Indien_03-1050x700.jpg 1050w, https:\/\/visualjournalism.de\/wp-content\/uploads\/SalomeZiermann_Scan_Indien_03-670x447.jpg 670w, https:\/\/visualjournalism.de\/wp-content\/uploads\/SalomeZiermann_Scan_Indien_03-420x280.jpg 420w, https:\/\/visualjournalism.de\/wp-content\/uploads\/SalomeZiermann_Scan_Indien_03-350x233.jpg 350w, https:\/\/visualjournalism.de\/wp-content\/uploads\/SalomeZiermann_Scan_Indien_03-150x100.jpg 150w, https:\/\/visualjournalism.de\/wp-content\/uploads\/SalomeZiermann_Scan_Indien_03.jpg 1200w\" \r\n                            width=\"768\"  \r\n                            height=\"512\" \r\n                            alt=\"Zwei Frauen in traditionellen, bunten Saris l\u00e4cheln und gestikulieren in die Kamera. Ein Kind und ein Junge im Hintergrund erg\u00e4nzen die Szene.\" \r\n                            style=\"object-position: 40.98% 95.35%\"\r\n                            \/>\r\n\r\n                        <\/figure>\r\n                                            \r\n                     \r\n                    <\/a>\r\n                                        \r\n                <\/article><!--- .post-teaser-->\r\n\r\n                \r\n            \r\n                \r\n                <article class=\"post-teaser\">\r\n\r\n                    \r\n                        <a href=\"https:\/\/visualjournalism.de\/en\/magazine\/ratgeber\/professionelle-kamera-fuer-fotografen-warum-nicht-die-marke-zaehlt\/\">\r\n\r\n                    \r\n                        <div class=\"post-teaser__content\">\r\n\r\n                            <span class=\"entry-categories\">Ratgeber<\/span>\r\n                            <h3 class=\"post-teaser__headline\">\r\n                                Professionelle Kameras f\u00fcr Fotograf*innen: Warum nicht die Marke z\u00e4hlt                            <\/h3>\r\n\r\n                            <div class=\"post-teaser__excerpt\">\r\n                                <p>\r\n                                    Analog oder digital, Vollformat oder APSC, Spiegelreflex oder spiegellos: Die Magnum-Fotografin Nanna Heitmann und Lehrende der Hochschule Hannover zeigen, warum am Ende nicht die Technik, sondern die Person entscheidend ist.                                <\/p>\r\n                            <\/div>\r\n\r\n                        <\/div><!-- .post-teaser__content -->\r\n                \r\n\r\n                        \r\n                        <figure class=\"post-teaser__image\">\r\n\r\n                        <img loading=\"lazy\" decoding=\"async\"  \r\n                            src=\"https:\/\/visualjournalism.de\/wp-content\/uploads\/13_20221214-R0001254-768x512.jpg\" \r\n                            srcset=\"https:\/\/visualjournalism.de\/wp-content\/uploads\/13_20221214-R0001254-768x512.jpg 768w, https:\/\/visualjournalism.de\/wp-content\/uploads\/13_20221214-R0001254-300x200.jpg 300w, https:\/\/visualjournalism.de\/wp-content\/uploads\/13_20221214-R0001254-1024x683.jpg 1024w, https:\/\/visualjournalism.de\/wp-content\/uploads\/13_20221214-R0001254-1536x1024.jpg 1536w, https:\/\/visualjournalism.de\/wp-content\/uploads\/13_20221214-R0001254-2048x1365.jpg 2048w, https:\/\/visualjournalism.de\/wp-content\/uploads\/13_20221214-R0001254-1400x933.jpg 1400w, https:\/\/visualjournalism.de\/wp-content\/uploads\/13_20221214-R0001254-1050x700.jpg 1050w, https:\/\/visualjournalism.de\/wp-content\/uploads\/13_20221214-R0001254-670x447.jpg 670w, https:\/\/visualjournalism.de\/wp-content\/uploads\/13_20221214-R0001254-420x280.jpg 420w, https:\/\/visualjournalism.de\/wp-content\/uploads\/13_20221214-R0001254-350x233.jpg 350w\" \r\n                            width=\"768\"  \r\n                            height=\"512\" \r\n                            alt=\"\" \r\n                            style=\"object-position: 42.66% 84.69%\"\r\n                            \/>\r\n\r\n                        <\/figure>\r\n                                            \r\n                     \r\n                    <\/a>\r\n                                        \r\n                <\/article><!--- .post-teaser-->\r\n\r\n                        <\/div><!-- .teaser-grid -->\r\n\r\n    \n\n\n    <div class=\"btn-wrapper has-spacing--m\">\n        <a class=\"btn\" href=\"https:\/\/visualjournalism.de\/magazin\/\" target=\"_blank\">ZUR MAGAZIN-STARTSEITE<\/a>\n    <\/div>\n<\/div>\n","protected":false},"author":96,"featured_media":6182,"template":"","tags":[],"magazinkategorie":[159],"class_list":["post-54419","magazin","type-magazin","status-publish","has-post-thumbnail","hentry","magazinkategorie-ratgeber"],"acf":[],"yoast_head":"<!-- This site is optimized with the Yoast SEO Premium plugin v27.3 (Yoast SEO v27.3) - https:\/\/yoast.com\/product\/yoast-seo-premium-wordpress\/ -->\n<title>So funktionieren 360-Grad-Videos im Journalismus<\/title>\n<meta name=\"description\" content=\"360-Grad-Videoproduktion erkl\u00e4rt: Wie 360-Grad-Videos entstehen, welche Technik n\u00f6tig ist und welche Chancen sie f\u00fcr Journalisten er\u00f6ffnen.\" \/>\n<meta name=\"robots\" content=\"index, follow, max-snippet:-1, max-image-preview:large, max-video-preview:-1\" \/>\n<link rel=\"canonical\" href=\"https:\/\/visualjournalism.de\/en\/magazine\/ratgeber\/360-grad-videoproduktion\/\" \/>\n<meta property=\"og:locale\" content=\"en_US\" \/>\n<meta property=\"og:type\" content=\"article\" \/>\n<meta property=\"og:title\" content=\"So funktionieren 360-Grad-Videos im Journalismus\" \/>\n<meta property=\"og:description\" content=\"360-Grad-Videoproduktion erkl\u00e4rt: Wie 360-Grad-Videos entstehen, welche Technik n\u00f6tig ist und welche Chancen sie f\u00fcr Journalisten er\u00f6ffnen.\" \/>\n<meta property=\"og:url\" content=\"https:\/\/visualjournalism.de\/en\/magazine\/ratgeber\/360-grad-videoproduktion\/\" \/>\n<meta property=\"og:site_name\" content=\"Visual Journalism and Documentary Photography\" \/>\n<meta property=\"article:publisher\" content=\"https:\/\/www.facebook.com\/people\/wwwfotostudentende\/100065173703897\/\" \/>\n<meta property=\"article:modified_time\" content=\"2026-02-24T13:50:01+00:00\" \/>\n<meta property=\"og:image\" content=\"https:\/\/visualjournalism.de\/wp-content\/uploads\/hochschule_hannover_FH_Hannover_07-rotated.jpg\" \/>\n\t<meta property=\"og:image:width\" content=\"1066\" \/>\n\t<meta property=\"og:image:height\" content=\"1599\" \/>\n\t<meta property=\"og:image:type\" content=\"image\/jpeg\" \/>\n<meta name=\"twitter:card\" content=\"summary_large_image\" \/>\n<meta name=\"twitter:site\" content=\"@HsHannover\" \/>\n<meta name=\"twitter:label1\" content=\"Est. reading time\" \/>\n\t<meta name=\"twitter:data1\" content=\"8 minutes\" \/>\n<script type=\"application\/ld+json\" class=\"yoast-schema-graph\">{\"@context\":\"https:\\\/\\\/schema.org\",\"@graph\":[{\"@type\":\"WebPage\",\"@id\":\"https:\\\/\\\/visualjournalism.de\\\/en\\\/magazine\\\/ratgeber\\\/360-grad-videoproduktion\\\/\",\"url\":\"https:\\\/\\\/visualjournalism.de\\\/en\\\/magazine\\\/ratgeber\\\/360-grad-videoproduktion\\\/\",\"name\":\"So funktionieren 360-Grad-Videos im Journalismus\",\"isPartOf\":{\"@id\":\"https:\\\/\\\/visualjournalism.de\\\/en\\\/#website\"},\"primaryImageOfPage\":{\"@id\":\"https:\\\/\\\/visualjournalism.de\\\/en\\\/magazine\\\/ratgeber\\\/360-grad-videoproduktion\\\/#primaryimage\"},\"image\":{\"@id\":\"https:\\\/\\\/visualjournalism.de\\\/en\\\/magazine\\\/ratgeber\\\/360-grad-videoproduktion\\\/#primaryimage\"},\"thumbnailUrl\":\"https:\\\/\\\/visualjournalism.de\\\/wp-content\\\/uploads\\\/hochschule_hannover_FH_Hannover_08.jpg\",\"datePublished\":\"2025-08-25T00:00:56+00:00\",\"dateModified\":\"2026-02-24T13:50:01+00:00\",\"description\":\"360-Grad-Videoproduktion erkl\u00e4rt: Wie 360-Grad-Videos entstehen, welche Technik n\u00f6tig ist und welche Chancen sie f\u00fcr Journalisten er\u00f6ffnen.\",\"breadcrumb\":{\"@id\":\"https:\\\/\\\/visualjournalism.de\\\/en\\\/magazine\\\/ratgeber\\\/360-grad-videoproduktion\\\/#breadcrumb\"},\"inLanguage\":\"en-US\",\"potentialAction\":[{\"@type\":\"ReadAction\",\"target\":[\"https:\\\/\\\/visualjournalism.de\\\/en\\\/magazine\\\/ratgeber\\\/360-grad-videoproduktion\\\/\"]}]},{\"@type\":\"ImageObject\",\"inLanguage\":\"en-US\",\"@id\":\"https:\\\/\\\/visualjournalism.de\\\/en\\\/magazine\\\/ratgeber\\\/360-grad-videoproduktion\\\/#primaryimage\",\"url\":\"https:\\\/\\\/visualjournalism.de\\\/wp-content\\\/uploads\\\/hochschule_hannover_FH_Hannover_08.jpg\",\"contentUrl\":\"https:\\\/\\\/visualjournalism.de\\\/wp-content\\\/uploads\\\/hochschule_hannover_FH_Hannover_08.jpg\",\"width\":1599,\"height\":1066,\"caption\":\"In our studios in the basement of the Design Center, students have the opportunity to produce 360\u00b0 films. Photo: Rafael Heygster\"},{\"@type\":\"BreadcrumbList\",\"@id\":\"https:\\\/\\\/visualjournalism.de\\\/en\\\/magazine\\\/ratgeber\\\/360-grad-videoproduktion\\\/#breadcrumb\",\"itemListElement\":[{\"@type\":\"ListItem\",\"position\":1,\"name\":\"Home\",\"item\":\"https:\\\/\\\/visualjournalism.de\\\/en\\\/\"},{\"@type\":\"ListItem\",\"position\":2,\"name\":\"Magazin\",\"item\":\"https:\\\/\\\/visualjournalism.de\\\/en\\\/magazine\\\/\"},{\"@type\":\"ListItem\",\"position\":3,\"name\":\"So funktionieren 360-Grad-Videos im Journalismus\"}]},{\"@type\":\"WebSite\",\"@id\":\"https:\\\/\\\/visualjournalism.de\\\/en\\\/#website\",\"url\":\"https:\\\/\\\/visualjournalism.de\\\/en\\\/\",\"name\":\"Visual Journalism and Documentary Photography\",\"description\":\"All about the bilingual bachelor&#039;s program at Hannover University of Applied Sciences and Arts.\",\"publisher\":{\"@id\":\"https:\\\/\\\/visualjournalism.de\\\/en\\\/#organization\"},\"alternateName\":\"visualjournalism.de\",\"potentialAction\":[{\"@type\":\"SearchAction\",\"target\":{\"@type\":\"EntryPoint\",\"urlTemplate\":\"https:\\\/\\\/visualjournalism.de\\\/en\\\/?s={search_term_string}\"},\"query-input\":{\"@type\":\"PropertyValueSpecification\",\"valueRequired\":true,\"valueName\":\"search_term_string\"}}],\"inLanguage\":\"en-US\"},{\"@type\":\"Organization\",\"@id\":\"https:\\\/\\\/visualjournalism.de\\\/en\\\/#organization\",\"name\":\"Hochschule Hannover \u2013 University of Applied Sciences and Arts\",\"alternateName\":\"HsH\",\"url\":\"https:\\\/\\\/visualjournalism.de\\\/en\\\/\",\"logo\":{\"@type\":\"ImageObject\",\"inLanguage\":\"en-US\",\"@id\":\"https:\\\/\\\/visualjournalism.de\\\/en\\\/#\\\/schema\\\/logo\\\/image\\\/\",\"url\":\"https:\\\/\\\/visualjournalism.de\\\/wp-content\\\/uploads\\\/logo-hochschule-hannover.png\",\"contentUrl\":\"https:\\\/\\\/visualjournalism.de\\\/wp-content\\\/uploads\\\/logo-hochschule-hannover.png\",\"width\":363,\"height\":270,\"caption\":\"Hochschule Hannover \u2013 University of Applied Sciences and Arts\"},\"image\":{\"@id\":\"https:\\\/\\\/visualjournalism.de\\\/en\\\/#\\\/schema\\\/logo\\\/image\\\/\"},\"sameAs\":[\"https:\\\/\\\/www.facebook.com\\\/people\\\/wwwfotostudentende\\\/100065173703897\\\/\",\"https:\\\/\\\/x.com\\\/HsHannover\",\"https:\\\/\\\/www.instagram.com\\\/visualjournalism.de\\\/\"]}]}<\/script>\n<!-- \/ Yoast SEO Premium plugin. -->","yoast_head_json":{"title":"So funktionieren 360-Grad-Videos im Journalismus","description":"360-Grad-Videoproduktion erkl\u00e4rt: Wie 360-Grad-Videos entstehen, welche Technik n\u00f6tig ist und welche Chancen sie f\u00fcr Journalisten er\u00f6ffnen.","robots":{"index":"index","follow":"follow","max-snippet":"max-snippet:-1","max-image-preview":"max-image-preview:large","max-video-preview":"max-video-preview:-1"},"canonical":"https:\/\/visualjournalism.de\/en\/magazine\/ratgeber\/360-grad-videoproduktion\/","og_locale":"en_US","og_type":"article","og_title":"So funktionieren 360-Grad-Videos im Journalismus","og_description":"360-Grad-Videoproduktion erkl\u00e4rt: Wie 360-Grad-Videos entstehen, welche Technik n\u00f6tig ist und welche Chancen sie f\u00fcr Journalisten er\u00f6ffnen.","og_url":"https:\/\/visualjournalism.de\/en\/magazine\/ratgeber\/360-grad-videoproduktion\/","og_site_name":"Visual Journalism and Documentary Photography","article_publisher":"https:\/\/www.facebook.com\/people\/wwwfotostudentende\/100065173703897\/","article_modified_time":"2026-02-24T13:50:01+00:00","og_image":[{"width":1066,"height":1599,"url":"https:\/\/visualjournalism.de\/wp-content\/uploads\/hochschule_hannover_FH_Hannover_07-rotated.jpg","type":"image\/jpeg"}],"twitter_card":"summary_large_image","twitter_site":"@HsHannover","twitter_misc":{"Est. reading time":"8 minutes"},"schema":{"@context":"https:\/\/schema.org","@graph":[{"@type":"WebPage","@id":"https:\/\/visualjournalism.de\/en\/magazine\/ratgeber\/360-grad-videoproduktion\/","url":"https:\/\/visualjournalism.de\/en\/magazine\/ratgeber\/360-grad-videoproduktion\/","name":"So funktionieren 360-Grad-Videos im Journalismus","isPartOf":{"@id":"https:\/\/visualjournalism.de\/en\/#website"},"primaryImageOfPage":{"@id":"https:\/\/visualjournalism.de\/en\/magazine\/ratgeber\/360-grad-videoproduktion\/#primaryimage"},"image":{"@id":"https:\/\/visualjournalism.de\/en\/magazine\/ratgeber\/360-grad-videoproduktion\/#primaryimage"},"thumbnailUrl":"https:\/\/visualjournalism.de\/wp-content\/uploads\/hochschule_hannover_FH_Hannover_08.jpg","datePublished":"2025-08-25T00:00:56+00:00","dateModified":"2026-02-24T13:50:01+00:00","description":"360-Grad-Videoproduktion erkl\u00e4rt: Wie 360-Grad-Videos entstehen, welche Technik n\u00f6tig ist und welche Chancen sie f\u00fcr Journalisten er\u00f6ffnen.","breadcrumb":{"@id":"https:\/\/visualjournalism.de\/en\/magazine\/ratgeber\/360-grad-videoproduktion\/#breadcrumb"},"inLanguage":"en-US","potentialAction":[{"@type":"ReadAction","target":["https:\/\/visualjournalism.de\/en\/magazine\/ratgeber\/360-grad-videoproduktion\/"]}]},{"@type":"ImageObject","inLanguage":"en-US","@id":"https:\/\/visualjournalism.de\/en\/magazine\/ratgeber\/360-grad-videoproduktion\/#primaryimage","url":"https:\/\/visualjournalism.de\/wp-content\/uploads\/hochschule_hannover_FH_Hannover_08.jpg","contentUrl":"https:\/\/visualjournalism.de\/wp-content\/uploads\/hochschule_hannover_FH_Hannover_08.jpg","width":1599,"height":1066,"caption":"In our studios in the basement of the Design Center, students have the opportunity to produce 360\u00b0 films. Photo: Rafael Heygster"},{"@type":"BreadcrumbList","@id":"https:\/\/visualjournalism.de\/en\/magazine\/ratgeber\/360-grad-videoproduktion\/#breadcrumb","itemListElement":[{"@type":"ListItem","position":1,"name":"Home","item":"https:\/\/visualjournalism.de\/en\/"},{"@type":"ListItem","position":2,"name":"Magazin","item":"https:\/\/visualjournalism.de\/en\/magazine\/"},{"@type":"ListItem","position":3,"name":"So funktionieren 360-Grad-Videos im Journalismus"}]},{"@type":"WebSite","@id":"https:\/\/visualjournalism.de\/en\/#website","url":"https:\/\/visualjournalism.de\/en\/","name":"Visual Journalism and Documentary Photography","description":"All about the bilingual bachelor&#039;s program at Hannover University of Applied Sciences and Arts.","publisher":{"@id":"https:\/\/visualjournalism.de\/en\/#organization"},"alternateName":"visualjournalism.de","potentialAction":[{"@type":"SearchAction","target":{"@type":"EntryPoint","urlTemplate":"https:\/\/visualjournalism.de\/en\/?s={search_term_string}"},"query-input":{"@type":"PropertyValueSpecification","valueRequired":true,"valueName":"search_term_string"}}],"inLanguage":"en-US"},{"@type":"Organization","@id":"https:\/\/visualjournalism.de\/en\/#organization","name":"Hochschule Hannover \u2013 University of Applied Sciences and Arts","alternateName":"HsH","url":"https:\/\/visualjournalism.de\/en\/","logo":{"@type":"ImageObject","inLanguage":"en-US","@id":"https:\/\/visualjournalism.de\/en\/#\/schema\/logo\/image\/","url":"https:\/\/visualjournalism.de\/wp-content\/uploads\/logo-hochschule-hannover.png","contentUrl":"https:\/\/visualjournalism.de\/wp-content\/uploads\/logo-hochschule-hannover.png","width":363,"height":270,"caption":"Hochschule Hannover \u2013 University of Applied Sciences and Arts"},"image":{"@id":"https:\/\/visualjournalism.de\/en\/#\/schema\/logo\/image\/"},"sameAs":["https:\/\/www.facebook.com\/people\/wwwfotostudentende\/100065173703897\/","https:\/\/x.com\/HsHannover","https:\/\/www.instagram.com\/visualjournalism.de\/"]}]}},"_links":{"self":[{"href":"https:\/\/visualjournalism.de\/en\/wp-json\/wp\/v2\/magazin\/54419","targetHints":{"allow":["GET"]}}],"collection":[{"href":"https:\/\/visualjournalism.de\/en\/wp-json\/wp\/v2\/magazin"}],"about":[{"href":"https:\/\/visualjournalism.de\/en\/wp-json\/wp\/v2\/types\/magazin"}],"author":[{"embeddable":true,"href":"https:\/\/visualjournalism.de\/en\/wp-json\/wp\/v2\/users\/96"}],"version-history":[{"count":1,"href":"https:\/\/visualjournalism.de\/en\/wp-json\/wp\/v2\/magazin\/54419\/revisions"}],"predecessor-version":[{"id":69339,"href":"https:\/\/visualjournalism.de\/en\/wp-json\/wp\/v2\/magazin\/54419\/revisions\/69339"}],"wp:featuredmedia":[{"embeddable":true,"href":"https:\/\/visualjournalism.de\/en\/wp-json\/wp\/v2\/media\/6182"}],"wp:attachment":[{"href":"https:\/\/visualjournalism.de\/en\/wp-json\/wp\/v2\/media?parent=54419"}],"wp:term":[{"taxonomy":"post_tag","embeddable":true,"href":"https:\/\/visualjournalism.de\/en\/wp-json\/wp\/v2\/tags?post=54419"},{"taxonomy":"magazinkategorie","embeddable":true,"href":"https:\/\/visualjournalism.de\/en\/wp-json\/wp\/v2\/magazinkategorie?post=54419"}],"curies":[{"name":"wp","href":"https:\/\/api.w.org\/{rel}","templated":true}]}}