{"id":54459,"date":"2025-07-14T12:22:42","date_gmt":"2025-07-14T12:22:42","guid":{"rendered":"https:\/\/visualjournalism.de\/?post_type=magazin&#038;p=54459"},"modified":"2025-07-14T12:38:57","modified_gmt":"2025-07-14T12:38:57","slug":"pankower-tor-die-kroeten-die-im-bauplan-fehlen","status":"publish","type":"magazin","link":"https:\/\/visualjournalism.de\/en\/magazine\/nachts\/pankower-tor-die-kroeten-die-im-bauplan-fehlen\/","title":{"rendered":"Die Kr\u00f6ten, die im Bauplan fehlen"},"content":{"rendered":"\r\n<div class=\"cover--lead-in has-spacing--m\">\r\n\r\n    \r\n    <div class=\"cover--lead-in__content typo--tiempos\">\r\n\r\n        <div class=\"entry-categories\">\n\t<a class=\"post__tag\" href=\"https:\/\/visualjournalism.de\/magazin-kategorie\/nachts\/\" rel=\"category tag\">Nachts<\/a><\/div>\r\n        <h2 class=\"cover--lead-in__headline \">\r\n            Die Kr\u00f6ten, die im Bauplan fehlen        <\/h2>\r\n\r\n                    <div class=\"cover--lead-in__text\">\r\n                <p class=\"p1\">Am Pankower Tor in Berlin sollen 2000 Wohnungen entstehen. Doch rund 800 streng gesch\u00fctzte Kreuzkr\u00f6ten leben auf dem Gel\u00e4nde und verz\u00f6gern den Bau. Der Fall steht exemplarisch f\u00fcr den Konflikt zwischen Stadtplanung und Naturschutz. <strong>Von <a href=\"https:\/\/visualjournalism.de\/en\/hagen-plasswich\/\">Hagen Plasswich<\/a> (Text) und <a href=\"https:\/\/visualjournalism.de\/en\/annabel-karmelk\/\">Annabel Karmelk<\/a> (Fotos)<\/strong><\/p>\n            <\/div>\r\n        \r\n                    <div class=\"cover--lead-in__author\">\r\n                \r\n                    \r\n                            <figure class=\"cover--lead-in__author__image\">\r\n\r\n                                                                    <a href=\"https:\/\/visualjournalism.de\/annabel-karmelk\/\" target=\"_blank\">\r\n                                \r\n                                <img loading=\"lazy\" decoding=\"async\"\r\n                                    src=\"https:\/\/visualjournalism.de\/wp-content\/uploads\/annabel-karmelk-thumb-68x68.png\"\r\n                                    srcset=\"https:\/\/visualjournalism.de\/wp-content\/uploads\/annabel-karmelk-thumb-68x68.png 68w, https:\/\/visualjournalism.de\/wp-content\/uploads\/annabel-karmelk-thumb-300x300.png 300w, https:\/\/visualjournalism.de\/wp-content\/uploads\/annabel-karmelk-thumb-150x150.png 150w, https:\/\/visualjournalism.de\/wp-content\/uploads\/annabel-karmelk-thumb-420x420.png 420w, https:\/\/visualjournalism.de\/wp-content\/uploads\/annabel-karmelk-thumb-350x350.png 350w, https:\/\/visualjournalism.de\/wp-content\/uploads\/annabel-karmelk-thumb-52x52.png 52w, https:\/\/visualjournalism.de\/wp-content\/uploads\/annabel-karmelk-thumb-640x650.png 640w, https:\/\/visualjournalism.de\/wp-content\/uploads\/annabel-karmelk-thumb-96x96.png 96w, https:\/\/visualjournalism.de\/wp-content\/uploads\/annabel-karmelk-thumb.png 650w\"\r\n                                    width=\"68\"\r\n                                    height=\"68\"\r\n                                    alt=\"\"\r\n                                \/>\r\n\r\n                                                                    <\/a>\r\n                                \r\n                            <\/figure>\r\n\r\n                                                <figure class=\"cover--lead-in__author__image\">\r\n                                                            <a href=\"https:\/\/visualjournalism.de\/hagen-plasswich\/\">\r\n                            \r\n                            <img loading=\"lazy\" decoding=\"async\" width=\"68\" height=\"68\" src=\"https:\/\/visualjournalism.de\/wp-content\/uploads\/IMG_3150-68x68.jpg\" class=\"attachment-image-portrait--large size-image-portrait--large\" alt=\"\" srcset=\"https:\/\/visualjournalism.de\/wp-content\/uploads\/IMG_3150-68x68.jpg 68w, https:\/\/visualjournalism.de\/wp-content\/uploads\/IMG_3150-150x150.jpg 150w, https:\/\/visualjournalism.de\/wp-content\/uploads\/IMG_3150-52x52.jpg 52w, https:\/\/visualjournalism.de\/wp-content\/uploads\/IMG_3150-96x96.jpg 96w\" sizes=\"auto, (max-width: 68px) 100vw, 68px\" \/>\r\n                                                            <\/a>\r\n                                                    <\/figure>\r\n                    \r\n                                <\/div><!-- .cover--lead-in__author -->\r\n        \r\n    <\/div><!-- .cover--lead-in__content -->\r\n\r\n    \r\n        <figure class=\"cover--lead-in__image cover--lead-in__media cover--lead-in__media--image\">\r\n            <img loading=\"lazy\" decoding=\"async\"\r\n                src=\"https:\/\/visualjournalism.de\/wp-content\/uploads\/IMG_9915-karmelk-kreuzroete-aufmacher-1920x1085.jpg\"\r\n                srcset=\"https:\/\/visualjournalism.de\/wp-content\/uploads\/IMG_9915-karmelk-kreuzroete-aufmacher-1920x1085.jpg 1920w, https:\/\/visualjournalism.de\/wp-content\/uploads\/IMG_9915-karmelk-kreuzroete-aufmacher-300x169.jpg 300w, https:\/\/visualjournalism.de\/wp-content\/uploads\/IMG_9915-karmelk-kreuzroete-aufmacher-1024x579.jpg 1024w, https:\/\/visualjournalism.de\/wp-content\/uploads\/IMG_9915-karmelk-kreuzroete-aufmacher-768x434.jpg 768w, https:\/\/visualjournalism.de\/wp-content\/uploads\/IMG_9915-karmelk-kreuzroete-aufmacher-1536x868.jpg 1536w, https:\/\/visualjournalism.de\/wp-content\/uploads\/IMG_9915-karmelk-kreuzroete-aufmacher-2048x1157.jpg 2048w, https:\/\/visualjournalism.de\/wp-content\/uploads\/IMG_9915-karmelk-kreuzroete-aufmacher-1400x791.jpg 1400w, https:\/\/visualjournalism.de\/wp-content\/uploads\/IMG_9915-karmelk-kreuzroete-aufmacher-1050x593.jpg 1050w, https:\/\/visualjournalism.de\/wp-content\/uploads\/IMG_9915-karmelk-kreuzroete-aufmacher-670x379.jpg 670w, https:\/\/visualjournalism.de\/wp-content\/uploads\/IMG_9915-karmelk-kreuzroete-aufmacher-420x237.jpg 420w, https:\/\/visualjournalism.de\/wp-content\/uploads\/IMG_9915-karmelk-kreuzroete-aufmacher-350x198.jpg 350w, https:\/\/visualjournalism.de\/wp-content\/uploads\/IMG_9915-karmelk-kreuzroete-aufmacher-150x85.jpg 150w\"\r\n                width=\"1920\"\r\n                height=\"1085\"\r\n                alt=\"Eine Kreuzkr\u00f6te wird auf dem Gel\u00e4nde Pankower Tor in einer dunklen Umgebung sanft an den Hinterbeinen festgehalten und in den H\u00e4nden eines Wissenschaftlers von einer Taschenlampe beleuchtet.\"\r\n                style=\"object-position: 38% 98.82%\"\r\n            \/>\r\n        <\/figure>\r\n\r\n                    <span class=\"cover--lead-in__image-title\">\r\n                Frederic h\u00e4lt eine Kreuzkr\u00f6te. Wichtig ist, sie an den Hinterbeinen gut festzuhalten, da sie sonst schnell versuchen zu entkommen. Copyright: Annabel Karmelk            <\/span>\r\n        \r\n    \r\n<\/div><!-- .cover--lead-in -->\r\n\r\n\n\n\n<p class=\"post__paragraph has-spacing--m\"><strong>Wenn es dunkel wird,<\/strong> macht sich Frederic Griesbaum auf den Weg. Stirnlampe, Kescher, Notizbuch. Der Biologe arbeitet f\u00fcr das Museum f\u00fcr Naturkunde in Berlin, sein Forschungsschwerpunkt sind Amphibien. An diesem Abend f\u00fchrt ihn der Weg wieder auf das Gel\u00e4nde des stillgelegten Rangierbahnhofs in Pankow. Zwischen T\u00fcmpeln, Schotter und Birken sucht er nach einem der letzten Vorkommen der Kreuzkr\u00f6te in Berlin \u2013 rund 800 Individuen leben hier noch, nach vorsichtigen Sch\u00e4tzungen. Eine kleine Population, aber eine mit gro\u00dfem Einfluss.<br><br>Die Kreuzkr\u00f6te ist streng gesch\u00fctzt und in Berlin vom Aussterben bedroht. Bundesweit gilt sie als stark gef\u00e4hrdet. Seit Jahren dokumentiert Griesbaum hier ihr Verhalten, z\u00e4hlt Tiere, analysiert Gew\u00e4sser. Besonders in den Fr\u00fchlingsmonaten ist Paarungszeit \u2013 ein empfindliches Zeitfenster. Dann versammeln sich die M\u00e4nnchen an flachen T\u00fcmpeln und rufen mit metallischen Lauten nach Weibchen. Die Rufe sind kilometerweit zu h\u00f6ren und geben Hinweise auf die Verbreitung der Art.<br><br>Was wie eine Brache wirkt, ist in Wahrheit ein Biotopverbund mit besonderem \u00f6kologischen Wert: offene, vegetationsarme B\u00f6den, flache, tempor\u00e4r gef\u00fcllte Wasserstellen, kaum St\u00f6rungen. F\u00fcr viele unscheinbar \u2013 f\u00fcr die Kreuzkr\u00f6te ein idealer Lebensraum. Tags\u00fcber verkriechen sich die nachtaktiven Tiere unter Steinen oder in lockerem Kies, gesch\u00fctzt vor Fressfeinden. Doch das Gel\u00e4nde soll verschwinden.<\/p>\n\n\n    <figure class=\"block-photo post__image--wide-left has-spacing--m with-title\">\n\n        <div class=\"post__image__container\">\n            <img loading=\"lazy\" decoding=\"async\" \n                src=\"https:\/\/visualjournalism.de\/wp-content\/uploads\/IMG_9637-1050x788.jpg\"\n                srcset=\"https:\/\/visualjournalism.de\/wp-content\/uploads\/IMG_9637-1050x788.jpg 1050w, https:\/\/visualjournalism.de\/wp-content\/uploads\/IMG_9637-300x225.jpg 300w, https:\/\/visualjournalism.de\/wp-content\/uploads\/IMG_9637-1024x768.jpg 1024w, https:\/\/visualjournalism.de\/wp-content\/uploads\/IMG_9637-768x576.jpg 768w, https:\/\/visualjournalism.de\/wp-content\/uploads\/IMG_9637-1536x1152.jpg 1536w, https:\/\/visualjournalism.de\/wp-content\/uploads\/IMG_9637-2048x1536.jpg 2048w, https:\/\/visualjournalism.de\/wp-content\/uploads\/IMG_9637-1920x1440.jpg 1920w, https:\/\/visualjournalism.de\/wp-content\/uploads\/IMG_9637-1400x1050.jpg 1400w, https:\/\/visualjournalism.de\/wp-content\/uploads\/IMG_9637-670x503.jpg 670w, https:\/\/visualjournalism.de\/wp-content\/uploads\/IMG_9637-420x315.jpg 420w, https:\/\/visualjournalism.de\/wp-content\/uploads\/IMG_9637-350x263.jpg 350w, https:\/\/visualjournalism.de\/wp-content\/uploads\/IMG_9637-150x113.jpg 150w\"\n                width=\"1050\" \n                height=\"788\"\n                alt=\"Eine Lache am alten Rangierbahnhof in Berlin-Pankow.\" \n            \/>\n            \n                            <span class=\"post__image__title\">Zu dieser Lache am alten Rangierbahnhof in Berlin-Pankow kommen die Kreuzkr\u00f6tenm\u00e4nnchen bei Anbruch der Dunkelheit, um die Weibchen mit ihren Lauten anzulocken. Bestenfalls kommt es zu einer Paarung. Copyright: Annabel Karmelk<\/span>\n                    <\/div><!-- post__image__container -->\n\n        \n    <\/figure><!-- post__image -->\n\n\n\n \n\n<div class=\"photo-grid grid-layout--2col-5 has-spacing--m\">\n\n            \n\n            <div class=\"photo-grid__image\">\n\n                <figure>\n\n                    <img loading=\"lazy\" decoding=\"async\"  \n                        src=\"https:\/\/visualjournalism.de\/wp-content\/uploads\/IMG_0072-768x576.jpg\" \n                        srcset=\"https:\/\/visualjournalism.de\/wp-content\/uploads\/IMG_0072-768x576.jpg 768w, https:\/\/visualjournalism.de\/wp-content\/uploads\/IMG_0072-300x225.jpg 300w, https:\/\/visualjournalism.de\/wp-content\/uploads\/IMG_0072-1024x768.jpg 1024w, https:\/\/visualjournalism.de\/wp-content\/uploads\/IMG_0072-1536x1152.jpg 1536w, https:\/\/visualjournalism.de\/wp-content\/uploads\/IMG_0072-2048x1536.jpg 2048w, https:\/\/visualjournalism.de\/wp-content\/uploads\/IMG_0072-1920x1440.jpg 1920w, https:\/\/visualjournalism.de\/wp-content\/uploads\/IMG_0072-1400x1050.jpg 1400w, https:\/\/visualjournalism.de\/wp-content\/uploads\/IMG_0072-1050x788.jpg 1050w, https:\/\/visualjournalism.de\/wp-content\/uploads\/IMG_0072-670x503.jpg 670w, https:\/\/visualjournalism.de\/wp-content\/uploads\/IMG_0072-420x315.jpg 420w, https:\/\/visualjournalism.de\/wp-content\/uploads\/IMG_0072-350x263.jpg 350w, https:\/\/visualjournalism.de\/wp-content\/uploads\/IMG_0072-150x113.jpg 150w\" \n                        width=\"768\"  \n                        height=\"576\" \n                        alt=\"\"  \n                    \/>\n\n                                            <span class=\"photo-grid__image__title\">Frederic&#039;s Begeisterung f\u00fcr die Kreuzkr\u00f6te kommt nicht von irgendwo: Er begeistert sich schon seit l\u00e4ngerer Zeit f\u00fcr unterschiedliche Frosch- und Kr\u00f6tenarten und war schon in den unterschiedlichsten Habitaten unterwegs. Auch andere Amphibien faszinieren ihn, besonders Schlangen. Copyright: Annabel Karmelk<\/span>\n                    \n                    \n                <\/figure>\n\n            <\/div><!-- photo-grid__image -->    \n\n\n            \n\n                    \n                \n\n            <div class=\"photo-grid__image\">\n\n                <figure>\n\n                    <img loading=\"lazy\" decoding=\"async\"  \n                        src=\"https:\/\/visualjournalism.de\/wp-content\/uploads\/IMG_9919-768x576.jpg\" \n                        srcset=\"https:\/\/visualjournalism.de\/wp-content\/uploads\/IMG_9919-768x576.jpg 768w, https:\/\/visualjournalism.de\/wp-content\/uploads\/IMG_9919-300x225.jpg 300w, https:\/\/visualjournalism.de\/wp-content\/uploads\/IMG_9919-1024x768.jpg 1024w, https:\/\/visualjournalism.de\/wp-content\/uploads\/IMG_9919-1536x1152.jpg 1536w, https:\/\/visualjournalism.de\/wp-content\/uploads\/IMG_9919-2048x1536.jpg 2048w, https:\/\/visualjournalism.de\/wp-content\/uploads\/IMG_9919-1920x1440.jpg 1920w, https:\/\/visualjournalism.de\/wp-content\/uploads\/IMG_9919-1400x1050.jpg 1400w, https:\/\/visualjournalism.de\/wp-content\/uploads\/IMG_9919-1050x788.jpg 1050w, https:\/\/visualjournalism.de\/wp-content\/uploads\/IMG_9919-670x503.jpg 670w, https:\/\/visualjournalism.de\/wp-content\/uploads\/IMG_9919-420x315.jpg 420w, https:\/\/visualjournalism.de\/wp-content\/uploads\/IMG_9919-350x263.jpg 350w, https:\/\/visualjournalism.de\/wp-content\/uploads\/IMG_9919-150x113.jpg 150w\" \n                        width=\"768\"  \n                        height=\"576\" \n                        alt=\"\"  \n                    \/>\n\n                                            <span class=\"photo-grid__image__title\">Abstrich einer Kreuzkr\u00f6te. Dies untersucht Frederic dann im Labor, um den Gesundheitszustand der Kr\u00f6te zu bestimmen. Copyright: Annabel Karmelk<\/span>\n                    \n                    \n                <\/figure>\n\n            <\/div><!-- photo-grid__image -->    \n\n\n            \n\n            \n<\/div>\n\n\n<div class=\"devider has-spacing--none\">\n    <hr>\n<\/div>\n\n\n \n    \n    <div id=\"quote-block_c551b6eddef91a4a75d0f04a063fa45b\" class=\"block-quote has-spacing--m\">\n        <figure class=\"quote\">\n            <blockquote>\n                <p><strong>Als gesch\u00fctzte Art<\/strong> mit nur noch einem einzigen bekannten Vorkommen, ist das Land Berlin gesetzlich verpflichtet hier entsprechende Ma\u00dfnahmen zu ergreifen.<\/p>\n            <\/blockquote>\n\n            <figcaption>\n\n                            <img loading=\"lazy\" decoding=\"async\" class=\"portrait--inline\" src=\"https:\/\/visualjournalism.de\/wp-content\/uploads\/griesbaum-52x52.jpg\" width=\"52\" height=\"52\" alt=\"\" \/>\n                            <span>Frederic Griesbaum<\/span>\n            <\/figcaption>\n            \n        <\/figure>\n    <\/div>\n\n\n\n\n<p class=\"post__paragraph has-spacing--m\"><strong>Seit 1997 liegt das 27 Hektar gro\u00dfe Areal brach.<\/strong> Nun will die <a href=\"https:\/\/krieger.de\">Krieger-Gruppe<\/a> es bebauen: das Stadtquartier <a href=\"https:\/\/pankower-tor.de\/ueber-das-projekt\">Pankower Tor<\/a> mit Wohnungen, Kita, B\u00fcros, medizinischen Einrichtungen und einem M\u00f6belhaus. Gut angebunden, energieeffizient, urban. Doch der Preis w\u00e4re hoch \u2013 denn mit dem Quartier verschw\u00e4nde eines der letzten R\u00fcckzugsgebiete f\u00fcr spezialisierte Arten in der Hauptstadt.<br><br>Rund 58 Prozent der geplanten Fl\u00e4che sollen versiegelt werden. Was heute Regenwasser aufnimmt und langsam wieder abgibt, w\u00fcrde k\u00fcnftig mit Beton, Asphalt und Tiefgaragen \u00fcberzogen. Die nat\u00fcrlichen T\u00fcmpel \u2013 verschwunden. Die Kreuzkr\u00f6ten \u2013 verdr\u00e4ngt.<br><br>Naturschutzverb\u00e4nde wie der <a href=\"https:\/\/berlin.nabu.de\/news\/2024\/34665.html\">NABU<\/a> haben deshalb gegen eine Ausnahmegenehmigung geklagt, die den Eingriff trotz Schutzstatus erm\u00f6glichen sollte. Ein offizieller Baustopp wurde zwar nie verh\u00e4ngt, doch der Konflikt um den Artenschutz hat das Projekt ausgebremst. Inzwischen wird \u00fcber einen Kompromiss diskutiert: Teile des Gel\u00e4ndes k\u00f6nnten als Habitat erhalten bleiben, w\u00e4hrend andere bebaut werden. Ob das funktioniert, ist offen \u2013 eine neue Klage ist bereits in Vorbereitung.<br><br>Griesbaum wei\u00df: Eine Umsiedlung funktioniert nur, wenn das neue Habitat dem alten in Struktur, Bodenbeschaffenheit und Mikroklima nahekommt. Eine einfache Verlegung in ein Schutzgebiet reicht nicht aus. \u00abBei der Fl\u00e4che handelt es sich zweifelsohne um ein Politikum\u00bb, sagt er, \u00abund aus meiner pers\u00f6nlichen Sicht um ein Negativbeispiel von Kapitalinteressen, die mit Hilfe des Staates St\u00fcck f\u00fcr St\u00fcck Natur zerst\u00f6ren.\u00bb<\/p>\n\n\n\n        <figure class=\"post-image--cover has-spacing--m\">\n\n            <img decoding=\"async\" src=\"https:\/\/visualjournalism.de\/wp-content\/uploads\/IMG_0005-scaled.jpg\"  alt=\"\" \/>\n            \n                            <span class=\"post__image__title\">Nahaufnahme einer Kreuzkr\u00f6te. Sie ist im Anhang der Fauna-Flora-Habitat -Richtlinie gelistet und damit europaweit streng gesch\u00fctzt. Copyright: Annabel Karmelk<\/span>\n            \n        <\/figure><!-- post-image--cover -->\n\n    \n\n\n\n<div class=\"devider has-spacing--none\">\n    <hr>\n<\/div>\n\n\n \n    \n    <div id=\"quote-block_1011a9a20db2f326b4e646ccbf510b72\" class=\"block-quote has-spacing--m\">\n        <figure class=\"quote\">\n            <blockquote>\n                <p>Bei der Fl\u00e4che handelt es sich zweifelsohne um ein Politikum und aus meiner pers\u00f6nlichen Sicht um <strong>ein Negativbeispiel von Kapitalinteressen<\/strong>, die mit Hilfe des Staates St\u00fcck f\u00fcr St\u00fcck Natur zerst\u00f6ren.<\/p>\n            <\/blockquote>\n\n            <figcaption>\n\n                            <img loading=\"lazy\" decoding=\"async\" class=\"portrait--inline\" src=\"https:\/\/visualjournalism.de\/wp-content\/uploads\/griesbaum-52x52.jpg\" width=\"52\" height=\"52\" alt=\"\" \/>\n                            <span>Frederic Griesbaum<\/span>\n            <\/figcaption>\n            \n        <\/figure>\n    <\/div>\n\n\n\n\n<p class=\"post__paragraph has-spacing--m\"><strong>Die Kreuzkr\u00f6te ist eine \u00dcberlebensk\u00fcnstlerin. <\/strong>Sie siedelt auf Baustellen, in Kiesgruben und auf Brachfl\u00e4chen. Was f\u00fcr Investoren wie ein \u00abunwirtschaftliches Gel\u00e4nde\u00bb wirkt, ist f\u00fcr sie ideal. Gleichzeitig ist sie selbst Teil gr\u00f6\u00dferer \u00f6kologischer Zusammenh\u00e4nge: Sie frisst Insekten, wird zur Nahrung f\u00fcr V\u00f6gel und S\u00e4ugetiere und schafft als Pionierart Lebensbedingungen f\u00fcr weitere Arten. Ihr Verschwinden h\u00e4tte Folgen \u2013 nicht nur f\u00fcr die Biodiversit\u00e4t, sondern f\u00fcr das gesamte Stadtklima.<br><br>Vertreter der Immobilienbranche werfen Natursch\u00fctzer*innen vor, eine Art k\u00fcnstlich auf einem unwirtlichen Gel\u00e4nde erhalten zu wollen \u2013 und damit Wohnraumentwicklung zu blockieren. Doch das greift zu kurz. Denn es geht nicht nur um Kr\u00f6ten. Es geht um die Frage, wie in einer wachsenden Stadt gebaut werden kann, ohne die letzten \u00f6kologischen R\u00fcckzugsorte vollst\u00e4ndig zu vernichten.<br><br>Eine m\u00f6gliche L\u00f6sung w\u00e4re eine Kombination aus Renaturierung und \u00f6kologisch vertr\u00e4glicher Bebauung. Griesbaums Forschung k\u00f6nnte dabei helfen, die daf\u00fcr n\u00f6tigen Grundlagen zu schaffen \u2013 wissenschaftlich fundiert, nicht politisch motiviert. \u00abAls gesch\u00fctzte Art mit nur noch einem einzigen bekannten Vorkommen, ist das Land Berlin gesetzlich verpflichtet hier entsprechende Ma\u00dfnahmen zu ergreifen\u00bb, sagt er.<br><br>Noch ist unklar, wie es weitergeht. Sicher ist nur: Das Schicksal der Kreuzkr\u00f6ten in Pankow ist ein Beispiel f\u00fcr die Spannungen, die entstehen, wenn St\u00e4dte wachsen. Und f\u00fcr die Entscheidungen, die getroffen werden m\u00fcssen \u2013 zwischen Verdichtung und Vielfalt, Rendite und R\u00fcckzugsort.<\/p>\n\n\n    <figure class=\"block-photo post__image--wide-left has-spacing--m with-title\">\n\n        <div class=\"post__image__container\">\n            <img loading=\"lazy\" decoding=\"async\" \n                src=\"https:\/\/visualjournalism.de\/wp-content\/uploads\/IMG_9878-1050x788.jpg\"\n                srcset=\"https:\/\/visualjournalism.de\/wp-content\/uploads\/IMG_9878-1050x788.jpg 1050w, https:\/\/visualjournalism.de\/wp-content\/uploads\/IMG_9878-300x225.jpg 300w, https:\/\/visualjournalism.de\/wp-content\/uploads\/IMG_9878-1024x768.jpg 1024w, https:\/\/visualjournalism.de\/wp-content\/uploads\/IMG_9878-768x576.jpg 768w, https:\/\/visualjournalism.de\/wp-content\/uploads\/IMG_9878-1536x1152.jpg 1536w, https:\/\/visualjournalism.de\/wp-content\/uploads\/IMG_9878-2048x1536.jpg 2048w, https:\/\/visualjournalism.de\/wp-content\/uploads\/IMG_9878-1920x1440.jpg 1920w, https:\/\/visualjournalism.de\/wp-content\/uploads\/IMG_9878-1400x1050.jpg 1400w, https:\/\/visualjournalism.de\/wp-content\/uploads\/IMG_9878-670x503.jpg 670w, https:\/\/visualjournalism.de\/wp-content\/uploads\/IMG_9878-420x315.jpg 420w, https:\/\/visualjournalism.de\/wp-content\/uploads\/IMG_9878-350x263.jpg 350w, https:\/\/visualjournalism.de\/wp-content\/uploads\/IMG_9878-150x113.jpg 150w\"\n                width=\"1050\" \n                height=\"788\"\n                alt=\"Wissenschaftler Frederic Griesbaum leuchtet mit einer Stirnlampe in eine Gesteinsspalte auf der Suche nach Kreuzkr\u00f6ten auf dem Gel\u00e4nde des Pankower Tors.\" \n            \/>\n            \n                            <span class=\"post__image__title\">Die Kreuzkr\u00f6te versteckt sich tags\u00fcber gerne in Gesteinspalten, um sich vor Austrocknung zu sch\u00fctzen. Sie kommen erst zum Abend aus ihrem Tagesversteck raus und machen sich auf den Weg Richtung Gew\u00e4sser.  Copyright: Annabel Karmelk<\/span>\n                    <\/div><!-- post__image__container -->\n\n        \n    <\/figure><!-- post__image -->\n\n\n\n\n<div class=\"wp-block-group has-spacing--default has-spacing--default\">\n<div class=\"devider has-spacing--none\">\n    <hr>\n<\/div>\n\n\n \n\n    <div id=\"lead-in-block_24183e24ebf294f26a6f38db1ba57db4\" class=\"block-lead-in typo--default font-size--xl has-spacing--s width--default\">\n        <p><strong>Empfehlungen der Redaktion:<\/strong><\/p>\n    <\/div>\n\n\n\n\r\n\r\n\r\n\n\n\r\n\r\n\r\n\r\n        <div class=\"teaser-grid grid-layout--3col has-spacing--s width--inline\">\r\n\r\n            \r\n                <article class=\"post-teaser\">\r\n\r\n                    <a href=\"https:\/\/visualjournalism.de\/en\/magazine\/sammeln\/die-architektur-des-datenhandels\/\" rel=\"permalink\">\r\n\r\n                        <div class=\"post-teaser__content\">\r\n\r\n                            <span class=\"entry-categories\">Sammeln<\/span>\r\n                            <h3 class=\"post-teaser__headline\">\r\n                                Die Architektur des Datenhandels                            <\/h3>\r\n\r\n                            <div class=\"post-teaser__excerpt\">\r\n                                <p>Kaum ein System bleibt so unsichtbar und wirkt zugleich so weitreichend wie der Handel mit Nutzerdaten. Was wir anklicken, suchen oder besuchen, wird zu Signalen in einem globalen Markt, der Menschen in Kategorien einordnet und Informationen gezielt verteilt.<\/p>\r\n                            <\/div>\r\n\r\n                        <\/div><!-- .post-teaser__content -->\r\n\r\n\r\n                        \r\n                            <figure class=\"post-teaser__image\">\r\n                                <img loading=\"lazy\" decoding=\"async\"  \r\n                                    src=\"https:\/\/visualjournalism.de\/wp-content\/uploads\/24_Geiersbach-Paul_Accept-All-768x512.jpg\" \r\n                                    srcset=\"https:\/\/visualjournalism.de\/wp-content\/uploads\/24_Geiersbach-Paul_Accept-All-768x512.jpg 768w, https:\/\/visualjournalism.de\/wp-content\/uploads\/24_Geiersbach-Paul_Accept-All-300x200.jpg 300w, https:\/\/visualjournalism.de\/wp-content\/uploads\/24_Geiersbach-Paul_Accept-All-1024x682.jpg 1024w, https:\/\/visualjournalism.de\/wp-content\/uploads\/24_Geiersbach-Paul_Accept-All-1536x1024.jpg 1536w, https:\/\/visualjournalism.de\/wp-content\/uploads\/24_Geiersbach-Paul_Accept-All-1920x1280.jpg 1920w, https:\/\/visualjournalism.de\/wp-content\/uploads\/24_Geiersbach-Paul_Accept-All-1400x933.jpg 1400w, https:\/\/visualjournalism.de\/wp-content\/uploads\/24_Geiersbach-Paul_Accept-All-1050x700.jpg 1050w, https:\/\/visualjournalism.de\/wp-content\/uploads\/24_Geiersbach-Paul_Accept-All-670x447.jpg 670w, https:\/\/visualjournalism.de\/wp-content\/uploads\/24_Geiersbach-Paul_Accept-All-420x280.jpg 420w, https:\/\/visualjournalism.de\/wp-content\/uploads\/24_Geiersbach-Paul_Accept-All-350x233.jpg 350w, https:\/\/visualjournalism.de\/wp-content\/uploads\/24_Geiersbach-Paul_Accept-All-150x100.jpg 150w, https:\/\/visualjournalism.de\/wp-content\/uploads\/24_Geiersbach-Paul_Accept-All.jpg 2000w\" \r\n                                    width=\"768\"  \r\n                                    height=\"512\" \r\n                                    alt=\"eine querformatige farbige Fotografie. Eine W\u00fcstenlandschaft ist von oben fotografiert, mit einem leichten Sanh\u00fcgel. Der Sandh\u00fcgel ist in der Mitte des Bildes eingebrochen.\"\r\n                                \/>\r\n                            <\/figure>\r\n\r\n                        \r\n                    \r\n                    <\/a>\r\n\r\n                <\/article><!--- .post-teaser-->\r\n\r\n            \r\n                <article class=\"post-teaser\">\r\n\r\n                    <a href=\"https:\/\/visualjournalism.de\/en\/magazine\/ratgeber\/grossformatfotografie-wer-tut-sich-das-noch-an\/\" rel=\"permalink\">\r\n\r\n                        <div class=\"post-teaser__content\">\r\n\r\n                            <span class=\"entry-categories\">Ratgeber<\/span>\r\n                            <h3 class=\"post-teaser__headline\">\r\n                                Gro\u00dfformatfotografie: Wer tut sich das noch an?                            <\/h3>\r\n\r\n                            <div class=\"post-teaser__excerpt\">\r\n                                <p>Warum ich freiwillig eine Kamera durch die Weltgeschichte schleppe, die so schwer ist, wie ein Sack Zement, verrate ich dir in diesem Ratgeber!<\/p>\r\n                            <\/div>\r\n\r\n                        <\/div><!-- .post-teaser__content -->\r\n\r\n\r\n                        \r\n                            <figure class=\"post-teaser__image\">\r\n                                <img loading=\"lazy\" decoding=\"async\"  \r\n                                    src=\"https:\/\/visualjournalism.de\/wp-content\/uploads\/Ludwig-Nikulski-MathildaTheo-768x960.jpg\" \r\n                                    srcset=\"https:\/\/visualjournalism.de\/wp-content\/uploads\/Ludwig-Nikulski-MathildaTheo-768x960.jpg 768w, https:\/\/visualjournalism.de\/wp-content\/uploads\/Ludwig-Nikulski-MathildaTheo-240x300.jpg 240w, https:\/\/visualjournalism.de\/wp-content\/uploads\/Ludwig-Nikulski-MathildaTheo-819x1024.jpg 819w, https:\/\/visualjournalism.de\/wp-content\/uploads\/Ludwig-Nikulski-MathildaTheo-1050x1313.jpg 1050w, https:\/\/visualjournalism.de\/wp-content\/uploads\/Ludwig-Nikulski-MathildaTheo-670x838.jpg 670w, https:\/\/visualjournalism.de\/wp-content\/uploads\/Ludwig-Nikulski-MathildaTheo-420x525.jpg 420w, https:\/\/visualjournalism.de\/wp-content\/uploads\/Ludwig-Nikulski-MathildaTheo-350x438.jpg 350w, https:\/\/visualjournalism.de\/wp-content\/uploads\/Ludwig-Nikulski-MathildaTheo-300x375.jpg 300w, https:\/\/visualjournalism.de\/wp-content\/uploads\/Ludwig-Nikulski-MathildaTheo-150x188.jpg 150w, https:\/\/visualjournalism.de\/wp-content\/uploads\/Ludwig-Nikulski-MathildaTheo.jpg 1200w\" \r\n                                    width=\"768\"  \r\n                                    height=\"960\" \r\n                                    alt=\"\"\r\n                                \/>\r\n                            <\/figure>\r\n\r\n                        \r\n                    \r\n                    <\/a>\r\n\r\n                <\/article><!--- .post-teaser-->\r\n\r\n            \r\n                <article class=\"post-teaser\">\r\n\r\n                    <a href=\"https:\/\/visualjournalism.de\/en\/magazine\/ratgeber\/kreative-blockaden\/\" rel=\"permalink\">\r\n\r\n                        <div class=\"post-teaser__content\">\r\n\r\n                            <span class=\"entry-categories\">Ratgeber<\/span>\r\n                            <h3 class=\"post-teaser__headline\">\r\n                                Kreative Blockaden:                            <\/h3>\r\n\r\n                            <div class=\"post-teaser__excerpt\">\r\n                                <p>Kreative Blockaden: Sie k\u00f6nnen frustrierend sein \u2013 m\u00fcssen es aber nicht bleiben. Erfahre, warum sie entstehen, was sie dir sagen wollen und wie du Schritt f\u00fcr Schritt wieder in deinen kreativen Flow findest.<\/p>\r\n                            <\/div>\r\n\r\n                        <\/div><!-- .post-teaser__content -->\r\n\r\n\r\n                        \r\n                            <figure class=\"post-teaser__image\">\r\n                                <img loading=\"lazy\" decoding=\"async\"  \r\n                                    src=\"https:\/\/visualjournalism.de\/wp-content\/uploads\/Max_Schlag-5-768x509.jpg\" \r\n                                    srcset=\"https:\/\/visualjournalism.de\/wp-content\/uploads\/Max_Schlag-5-768x509.jpg 768w, https:\/\/visualjournalism.de\/wp-content\/uploads\/Max_Schlag-5-300x199.jpg 300w, https:\/\/visualjournalism.de\/wp-content\/uploads\/Max_Schlag-5-1024x679.jpg 1024w, https:\/\/visualjournalism.de\/wp-content\/uploads\/Max_Schlag-5-1536x1019.jpg 1536w, https:\/\/visualjournalism.de\/wp-content\/uploads\/Max_Schlag-5-2048x1358.jpg 2048w, https:\/\/visualjournalism.de\/wp-content\/uploads\/Max_Schlag-5-1920x1273.jpg 1920w, https:\/\/visualjournalism.de\/wp-content\/uploads\/Max_Schlag-5-1400x928.jpg 1400w, https:\/\/visualjournalism.de\/wp-content\/uploads\/Max_Schlag-5-1050x696.jpg 1050w, https:\/\/visualjournalism.de\/wp-content\/uploads\/Max_Schlag-5-670x444.jpg 670w, https:\/\/visualjournalism.de\/wp-content\/uploads\/Max_Schlag-5-420x278.jpg 420w, https:\/\/visualjournalism.de\/wp-content\/uploads\/Max_Schlag-5-350x232.jpg 350w, https:\/\/visualjournalism.de\/wp-content\/uploads\/Max_Schlag-5-150x99.jpg 150w\" \r\n                                    width=\"768\"  \r\n                                    height=\"509\" \r\n                                    alt=\"glitzernde Wasseroberfl\u00e4che\"\r\n                                \/>\r\n                            <\/figure>\r\n\r\n                        \r\n                    \r\n                    <\/a>\r\n\r\n                <\/article><!--- .post-teaser-->\r\n\r\n            \r\n        <\/div><!-- .teaser-grid -->\r\n\r\n\n\n\r\n\r\n\r\n\n\n\n    <div class=\"btn-wrapper has-spacing--m\">\n        <a class=\"btn\" href=\"https:\/\/visualjournalism.de\/magazin\/\" target=\"_blank\">ZUR MAGAZIN-STARTSEITE<\/a>\n    <\/div>\n<\/div>\n","protected":false},"author":106,"featured_media":53522,"template":"","tags":[],"magazinkategorie":[192],"class_list":["post-54459","magazin","type-magazin","status-publish","has-post-thumbnail","hentry","magazinkategorie-nachts"],"acf":[],"yoast_head":"<!-- This site is optimized with the Yoast SEO Premium plugin v27.3 (Yoast SEO v27.3) - https:\/\/yoast.com\/product\/yoast-seo-premium-wordpress\/ -->\n<title>Pankower Tor in Berlin: Die Kr\u00f6ten, die im Bauplan fehlen<\/title>\n<meta name=\"description\" content=\"Am Pankower Tor treffen Wohnungsbau und Artenschutz aufeinander: Rund 800 Kreuzkr\u00f6ten verz\u00f6gern ein Bauprojekt mit 2000 geplanten Wohnungen.\" \/>\n<meta name=\"robots\" content=\"index, follow, max-snippet:-1, max-image-preview:large, max-video-preview:-1\" \/>\n<link rel=\"canonical\" href=\"https:\/\/visualjournalism.de\/en\/magazine\/nachts\/pankower-tor-die-kroeten-die-im-bauplan-fehlen\/\" \/>\n<meta property=\"og:locale\" content=\"en_US\" \/>\n<meta property=\"og:type\" content=\"article\" \/>\n<meta property=\"og:title\" content=\"Die Kr\u00f6ten, die im Bauplan fehlen\" \/>\n<meta property=\"og:description\" content=\"Am Pankower Tor treffen Wohnungsbau und Artenschutz aufeinander: Rund 800 Kreuzkr\u00f6ten verz\u00f6gern ein Bauprojekt mit 2000 geplanten Wohnungen.\" \/>\n<meta property=\"og:url\" content=\"https:\/\/visualjournalism.de\/en\/magazine\/nachts\/pankower-tor-die-kroeten-die-im-bauplan-fehlen\/\" \/>\n<meta property=\"og:site_name\" content=\"Visual Journalism and Documentary Photography\" \/>\n<meta property=\"article:publisher\" content=\"https:\/\/www.facebook.com\/people\/wwwfotostudentende\/100065173703897\/\" \/>\n<meta property=\"article:modified_time\" content=\"2025-07-14T12:38:57+00:00\" \/>\n<meta property=\"og:image\" content=\"https:\/\/visualjournalism.de\/wp-content\/uploads\/IMG_9915-scaled.jpg\" \/>\n\t<meta property=\"og:image:width\" content=\"2560\" \/>\n\t<meta property=\"og:image:height\" content=\"1920\" \/>\n\t<meta property=\"og:image:type\" content=\"image\/jpeg\" \/>\n<meta name=\"twitter:card\" content=\"summary_large_image\" \/>\n<meta name=\"twitter:site\" content=\"@HsHannover\" \/>\n<meta name=\"twitter:label1\" content=\"Est. reading time\" \/>\n\t<meta name=\"twitter:data1\" content=\"7 minutes\" \/>\n<script type=\"application\/ld+json\" class=\"yoast-schema-graph\">{\"@context\":\"https:\\\/\\\/schema.org\",\"@graph\":[{\"@type\":\"WebPage\",\"@id\":\"https:\\\/\\\/visualjournalism.de\\\/en\\\/magazine\\\/nachts\\\/pankower-tor-die-kroeten-die-im-bauplan-fehlen\\\/\",\"url\":\"https:\\\/\\\/visualjournalism.de\\\/en\\\/magazine\\\/nachts\\\/pankower-tor-die-kroeten-die-im-bauplan-fehlen\\\/\",\"name\":\"Pankower Tor in Berlin: Die Kr\u00f6ten, die im Bauplan fehlen\",\"isPartOf\":{\"@id\":\"https:\\\/\\\/visualjournalism.de\\\/en\\\/#website\"},\"primaryImageOfPage\":{\"@id\":\"https:\\\/\\\/visualjournalism.de\\\/en\\\/magazine\\\/nachts\\\/pankower-tor-die-kroeten-die-im-bauplan-fehlen\\\/#primaryimage\"},\"image\":{\"@id\":\"https:\\\/\\\/visualjournalism.de\\\/en\\\/magazine\\\/nachts\\\/pankower-tor-die-kroeten-die-im-bauplan-fehlen\\\/#primaryimage\"},\"thumbnailUrl\":\"https:\\\/\\\/visualjournalism.de\\\/wp-content\\\/uploads\\\/IMG_9915-scaled.jpg\",\"datePublished\":\"2025-07-14T12:22:42+00:00\",\"dateModified\":\"2025-07-14T12:38:57+00:00\",\"description\":\"Am Pankower Tor treffen Wohnungsbau und Artenschutz aufeinander: Rund 800 Kreuzkr\u00f6ten verz\u00f6gern ein Bauprojekt mit 2000 geplanten Wohnungen.\",\"breadcrumb\":{\"@id\":\"https:\\\/\\\/visualjournalism.de\\\/en\\\/magazine\\\/nachts\\\/pankower-tor-die-kroeten-die-im-bauplan-fehlen\\\/#breadcrumb\"},\"inLanguage\":\"en-US\",\"potentialAction\":[{\"@type\":\"ReadAction\",\"target\":[\"https:\\\/\\\/visualjournalism.de\\\/en\\\/magazine\\\/nachts\\\/pankower-tor-die-kroeten-die-im-bauplan-fehlen\\\/\"]}]},{\"@type\":\"ImageObject\",\"inLanguage\":\"en-US\",\"@id\":\"https:\\\/\\\/visualjournalism.de\\\/en\\\/magazine\\\/nachts\\\/pankower-tor-die-kroeten-die-im-bauplan-fehlen\\\/#primaryimage\",\"url\":\"https:\\\/\\\/visualjournalism.de\\\/wp-content\\\/uploads\\\/IMG_9915-scaled.jpg\",\"contentUrl\":\"https:\\\/\\\/visualjournalism.de\\\/wp-content\\\/uploads\\\/IMG_9915-scaled.jpg\",\"width\":2560,\"height\":1920,\"caption\":\"Frederic h\u00e4lt eine Kreuzkr\u00f6te. Wichtig ist, sie an den Hinterbeinen gut festzuhalten, da sie sonst schnell versuchen zu entkommen. Copyright: Annabel Karmelk\"},{\"@type\":\"BreadcrumbList\",\"@id\":\"https:\\\/\\\/visualjournalism.de\\\/en\\\/magazine\\\/nachts\\\/pankower-tor-die-kroeten-die-im-bauplan-fehlen\\\/#breadcrumb\",\"itemListElement\":[{\"@type\":\"ListItem\",\"position\":1,\"name\":\"Home\",\"item\":\"https:\\\/\\\/visualjournalism.de\\\/en\\\/\"},{\"@type\":\"ListItem\",\"position\":2,\"name\":\"Magazin\",\"item\":\"https:\\\/\\\/visualjournalism.de\\\/en\\\/magazine\\\/\"},{\"@type\":\"ListItem\",\"position\":3,\"name\":\"Die Kr\u00f6ten, die im Bauplan fehlen\"}]},{\"@type\":\"WebSite\",\"@id\":\"https:\\\/\\\/visualjournalism.de\\\/en\\\/#website\",\"url\":\"https:\\\/\\\/visualjournalism.de\\\/en\\\/\",\"name\":\"Visual Journalism and Documentary Photography\",\"description\":\"All about the bilingual bachelor&#039;s program at Hannover University of Applied Sciences and Arts.\",\"publisher\":{\"@id\":\"https:\\\/\\\/visualjournalism.de\\\/en\\\/#organization\"},\"alternateName\":\"visualjournalism.de\",\"potentialAction\":[{\"@type\":\"SearchAction\",\"target\":{\"@type\":\"EntryPoint\",\"urlTemplate\":\"https:\\\/\\\/visualjournalism.de\\\/en\\\/?s={search_term_string}\"},\"query-input\":{\"@type\":\"PropertyValueSpecification\",\"valueRequired\":true,\"valueName\":\"search_term_string\"}}],\"inLanguage\":\"en-US\"},{\"@type\":\"Organization\",\"@id\":\"https:\\\/\\\/visualjournalism.de\\\/en\\\/#organization\",\"name\":\"Hochschule Hannover \u2013 University of Applied Sciences and Arts\",\"alternateName\":\"HsH\",\"url\":\"https:\\\/\\\/visualjournalism.de\\\/en\\\/\",\"logo\":{\"@type\":\"ImageObject\",\"inLanguage\":\"en-US\",\"@id\":\"https:\\\/\\\/visualjournalism.de\\\/en\\\/#\\\/schema\\\/logo\\\/image\\\/\",\"url\":\"https:\\\/\\\/visualjournalism.de\\\/wp-content\\\/uploads\\\/logo-hochschule-hannover.png\",\"contentUrl\":\"https:\\\/\\\/visualjournalism.de\\\/wp-content\\\/uploads\\\/logo-hochschule-hannover.png\",\"width\":363,\"height\":270,\"caption\":\"Hochschule Hannover \u2013 University of Applied Sciences and Arts\"},\"image\":{\"@id\":\"https:\\\/\\\/visualjournalism.de\\\/en\\\/#\\\/schema\\\/logo\\\/image\\\/\"},\"sameAs\":[\"https:\\\/\\\/www.facebook.com\\\/people\\\/wwwfotostudentende\\\/100065173703897\\\/\",\"https:\\\/\\\/x.com\\\/HsHannover\",\"https:\\\/\\\/www.instagram.com\\\/visualjournalism.de\\\/\"]}]}<\/script>\n<!-- \/ Yoast SEO Premium plugin. -->","yoast_head_json":{"title":"Pankower Tor in Berlin: Die Kr\u00f6ten, die im Bauplan fehlen","description":"Am Pankower Tor treffen Wohnungsbau und Artenschutz aufeinander: Rund 800 Kreuzkr\u00f6ten verz\u00f6gern ein Bauprojekt mit 2000 geplanten Wohnungen.","robots":{"index":"index","follow":"follow","max-snippet":"max-snippet:-1","max-image-preview":"max-image-preview:large","max-video-preview":"max-video-preview:-1"},"canonical":"https:\/\/visualjournalism.de\/en\/magazine\/nachts\/pankower-tor-die-kroeten-die-im-bauplan-fehlen\/","og_locale":"en_US","og_type":"article","og_title":"Die Kr\u00f6ten, die im Bauplan fehlen","og_description":"Am Pankower Tor treffen Wohnungsbau und Artenschutz aufeinander: Rund 800 Kreuzkr\u00f6ten verz\u00f6gern ein Bauprojekt mit 2000 geplanten Wohnungen.","og_url":"https:\/\/visualjournalism.de\/en\/magazine\/nachts\/pankower-tor-die-kroeten-die-im-bauplan-fehlen\/","og_site_name":"Visual Journalism and Documentary Photography","article_publisher":"https:\/\/www.facebook.com\/people\/wwwfotostudentende\/100065173703897\/","article_modified_time":"2025-07-14T12:38:57+00:00","og_image":[{"width":2560,"height":1920,"url":"https:\/\/visualjournalism.de\/wp-content\/uploads\/IMG_9915-scaled.jpg","type":"image\/jpeg"}],"twitter_card":"summary_large_image","twitter_site":"@HsHannover","twitter_misc":{"Est. reading time":"7 minutes"},"schema":{"@context":"https:\/\/schema.org","@graph":[{"@type":"WebPage","@id":"https:\/\/visualjournalism.de\/en\/magazine\/nachts\/pankower-tor-die-kroeten-die-im-bauplan-fehlen\/","url":"https:\/\/visualjournalism.de\/en\/magazine\/nachts\/pankower-tor-die-kroeten-die-im-bauplan-fehlen\/","name":"Pankower Tor in Berlin: Die Kr\u00f6ten, die im Bauplan fehlen","isPartOf":{"@id":"https:\/\/visualjournalism.de\/en\/#website"},"primaryImageOfPage":{"@id":"https:\/\/visualjournalism.de\/en\/magazine\/nachts\/pankower-tor-die-kroeten-die-im-bauplan-fehlen\/#primaryimage"},"image":{"@id":"https:\/\/visualjournalism.de\/en\/magazine\/nachts\/pankower-tor-die-kroeten-die-im-bauplan-fehlen\/#primaryimage"},"thumbnailUrl":"https:\/\/visualjournalism.de\/wp-content\/uploads\/IMG_9915-scaled.jpg","datePublished":"2025-07-14T12:22:42+00:00","dateModified":"2025-07-14T12:38:57+00:00","description":"Am Pankower Tor treffen Wohnungsbau und Artenschutz aufeinander: Rund 800 Kreuzkr\u00f6ten verz\u00f6gern ein Bauprojekt mit 2000 geplanten Wohnungen.","breadcrumb":{"@id":"https:\/\/visualjournalism.de\/en\/magazine\/nachts\/pankower-tor-die-kroeten-die-im-bauplan-fehlen\/#breadcrumb"},"inLanguage":"en-US","potentialAction":[{"@type":"ReadAction","target":["https:\/\/visualjournalism.de\/en\/magazine\/nachts\/pankower-tor-die-kroeten-die-im-bauplan-fehlen\/"]}]},{"@type":"ImageObject","inLanguage":"en-US","@id":"https:\/\/visualjournalism.de\/en\/magazine\/nachts\/pankower-tor-die-kroeten-die-im-bauplan-fehlen\/#primaryimage","url":"https:\/\/visualjournalism.de\/wp-content\/uploads\/IMG_9915-scaled.jpg","contentUrl":"https:\/\/visualjournalism.de\/wp-content\/uploads\/IMG_9915-scaled.jpg","width":2560,"height":1920,"caption":"Frederic h\u00e4lt eine Kreuzkr\u00f6te. Wichtig ist, sie an den Hinterbeinen gut festzuhalten, da sie sonst schnell versuchen zu entkommen. Copyright: Annabel Karmelk"},{"@type":"BreadcrumbList","@id":"https:\/\/visualjournalism.de\/en\/magazine\/nachts\/pankower-tor-die-kroeten-die-im-bauplan-fehlen\/#breadcrumb","itemListElement":[{"@type":"ListItem","position":1,"name":"Home","item":"https:\/\/visualjournalism.de\/en\/"},{"@type":"ListItem","position":2,"name":"Magazin","item":"https:\/\/visualjournalism.de\/en\/magazine\/"},{"@type":"ListItem","position":3,"name":"Die Kr\u00f6ten, die im Bauplan fehlen"}]},{"@type":"WebSite","@id":"https:\/\/visualjournalism.de\/en\/#website","url":"https:\/\/visualjournalism.de\/en\/","name":"Visual Journalism and Documentary Photography","description":"All about the bilingual bachelor&#039;s program at Hannover University of Applied Sciences and Arts.","publisher":{"@id":"https:\/\/visualjournalism.de\/en\/#organization"},"alternateName":"visualjournalism.de","potentialAction":[{"@type":"SearchAction","target":{"@type":"EntryPoint","urlTemplate":"https:\/\/visualjournalism.de\/en\/?s={search_term_string}"},"query-input":{"@type":"PropertyValueSpecification","valueRequired":true,"valueName":"search_term_string"}}],"inLanguage":"en-US"},{"@type":"Organization","@id":"https:\/\/visualjournalism.de\/en\/#organization","name":"Hochschule Hannover \u2013 University of Applied Sciences and Arts","alternateName":"HsH","url":"https:\/\/visualjournalism.de\/en\/","logo":{"@type":"ImageObject","inLanguage":"en-US","@id":"https:\/\/visualjournalism.de\/en\/#\/schema\/logo\/image\/","url":"https:\/\/visualjournalism.de\/wp-content\/uploads\/logo-hochschule-hannover.png","contentUrl":"https:\/\/visualjournalism.de\/wp-content\/uploads\/logo-hochschule-hannover.png","width":363,"height":270,"caption":"Hochschule Hannover \u2013 University of Applied Sciences and Arts"},"image":{"@id":"https:\/\/visualjournalism.de\/en\/#\/schema\/logo\/image\/"},"sameAs":["https:\/\/www.facebook.com\/people\/wwwfotostudentende\/100065173703897\/","https:\/\/x.com\/HsHannover","https:\/\/www.instagram.com\/visualjournalism.de\/"]}]}},"_links":{"self":[{"href":"https:\/\/visualjournalism.de\/en\/wp-json\/wp\/v2\/magazin\/54459","targetHints":{"allow":["GET"]}}],"collection":[{"href":"https:\/\/visualjournalism.de\/en\/wp-json\/wp\/v2\/magazin"}],"about":[{"href":"https:\/\/visualjournalism.de\/en\/wp-json\/wp\/v2\/types\/magazin"}],"author":[{"embeddable":true,"href":"https:\/\/visualjournalism.de\/en\/wp-json\/wp\/v2\/users\/106"}],"version-history":[{"count":0,"href":"https:\/\/visualjournalism.de\/en\/wp-json\/wp\/v2\/magazin\/54459\/revisions"}],"wp:featuredmedia":[{"embeddable":true,"href":"https:\/\/visualjournalism.de\/en\/wp-json\/wp\/v2\/media\/53522"}],"wp:attachment":[{"href":"https:\/\/visualjournalism.de\/en\/wp-json\/wp\/v2\/media?parent=54459"}],"wp:term":[{"taxonomy":"post_tag","embeddable":true,"href":"https:\/\/visualjournalism.de\/en\/wp-json\/wp\/v2\/tags?post=54459"},{"taxonomy":"magazinkategorie","embeddable":true,"href":"https:\/\/visualjournalism.de\/en\/wp-json\/wp\/v2\/magazinkategorie?post=54459"}],"curies":[{"name":"wp","href":"https:\/\/api.w.org\/{rel}","templated":true}]}}