{"id":56493,"date":"2025-07-16T07:07:07","date_gmt":"2025-07-16T07:07:07","guid":{"rendered":"https:\/\/visualjournalism.de\/?post_type=magazin&#038;p=56493"},"modified":"2025-07-16T07:07:09","modified_gmt":"2025-07-16T07:07:09","slug":"grenzen-zeigen","status":"publish","type":"magazin","link":"https:\/\/visualjournalism.de\/en\/magazine\/nachts\/grenzen-zeigen\/","title":{"rendered":"Grenzen zeigen"},"content":{"rendered":"\n \n\n    <div id=\"lead-in-block_fe31fecc932043fdfdcd16ac69760790\" class=\"block-lead-in typo--default font-size--xl has-spacing--m width--default\">\n        <h1>Grenzen zeigen.<\/h1>\n<p>Selma ist T\u00fcrsteherin. Unter der Woche arbeitet sie als Erzieherin in der Kita, in den N\u00e4chten am Wochenende sorgt sie f\u00fcr die Sicherheit im Club.<\/p>\n<div class=\"entry-meta\">\r\n    <span class=\"posted-on\"><a href=\"https:\/\/visualjournalism.de\/en\/magazine\/nachts\/grenzen-zeigen\/\" rel=\"bookmark\"><time class=\"entry-date published\" datetime=\"2025-07-16T07:07:07+02:00\">16.07.2025<\/time><\/a><\/span> <span class=\"meta-text\"> Video von Cora Trinkaus, Kristina Kaysen und Mayla L\u00fcst<\/span><\/div><!-- .entry-meta -->\r\n    <\/div>\n\n\n\n\r\n<div class=\"video-block has-spacing--m align--left\">\r\n    <div class=\"video-wrapper size--full\">\r\n        <iframe loading=\"lazy\" hcb-fetch-image-from=\"https:\/\/vimeo.com\/1101761516?share=copy\" title=\"Grenzen zeigen\" src=\"https:\/\/player.vimeo.com\/video\/1101761516?dnt=1&amp;app_id=122963\" width=\"100\" height=\"56\" frameborder=\"0\" allow=\"autoplay; fullscreen; picture-in-picture; clipboard-write; encrypted-media; web-share\" referrerpolicy=\"strict-origin-when-cross-origin\"><\/iframe>    <\/div>\r\n<\/div>\r\n\r\n\n\n\n<p class=\"post__paragraph has-spacing--default\"><strong>\u00abMan hat eigentlich keine Sicherheit als Frau im Club\u00bb<\/strong>, sagt Selma. Sie spricht ruhig, aber bestimmt. Wer sie sieht, wie sie G\u00e4ste empf\u00e4ngt, Taschen kontrolliert und h\u00f6flich aber konsequent Regeln durchsetzt, versteht schnell: Diese Frau wei\u00df, was sie tut \u2013 und wo ihre Grenzen liegen.<\/p>\n\n\n\n<p class=\"post__paragraph has-spacing--xs\">Selma ist seit 1999 im Sicherheitsdienst t\u00e4tig. Mit 18 wurde sie gefragt, ob sie sich den Job zutraut. \u00abIch habe viel Kampfsport gemacht \u2013 und ja, ich habe es mir zugetraut.\u00bb Heute arbeitet sie unter der Woche in einer Kita, an den Wochenenden steht sie an der T\u00fcr eines Clubs. Zwei Welten, die sich f\u00fcr sie nicht ausschlie\u00dfen. Im Gegenteil.<\/p>\n\n\n\n<p class=\"post__paragraph has-spacing--m\">\u00abGerade als Frau wird man nicht immer ernst genommen\u00bb, sagt sie. \u00abAber man muss seine Grenzen klar zeigen.\u00bb Die Clubt\u00fcr ist nicht nur Eingang zur Nacht, sondern auch Schauplatz von Konflikten, Grenz\u00fcberschreitungen \u2013 und manchmal existenziellen Erfahrungen. \u00abEinmal ist ein Mensch auf der Tanzfl\u00e4che gestorben. Ich hatte ihn kurz vorher noch tanzen gesehen.\u00bb F\u00fcr Selma war das ein Einschnitt. \u00abMan braucht innere St\u00e4rke, um zu sagen: Ich habe mein Bestes gegeben \u2013 und mehr ging einfach nicht.\u00bb<\/p>\n\n\n\n<div class=\"devider has-spacing--none\">\n    <hr>\n<\/div>\n\n\n \n    \n    <div id=\"quote-block_23de9494ec750a3d840528ff619eff92\" class=\"block-quote has-spacing--m\">\n        <figure class=\"quote\">\n            <blockquote>\n                <p><strong>Gerade als Frau<\/strong> wird man nicht immer ernst genommen.<\/p>\n            <\/blockquote>\n\n            <figcaption>\n\n                            <span><\/span>\n            <\/figcaption>\n            \n        <\/figure>\n    <\/div>\n\n\n\n\n<p class=\"post__paragraph has-spacing--default\">Wenn es eskaliert, begegnet sie Streitenden mit Ruhe. \u00abKeine Angst zu zeigen, ist wichtig. Wer ruhig bleibt, kriegt mehr deeskaliert als jemand, der laut reinpoltert.\u00bb Dabei sind es oft die kleinen S\u00e4tze, die h\u00e4ngen bleiben. \u00abSie riechen gut, die Herren\u00bb, sagt sie zu zwei Clubbesuchern \u2013 mit einem L\u00e4cheln, das zugleich klar macht: Die Regeln gelten trotzdem.<\/p>\n\n\n\n<p class=\"post__paragraph has-spacing--default\">Der Job ist belastend. Und trotzdem kann sie nicht loslassen. \u00abIch habe schon tausendmal \u00fcberlegt aufzuh\u00f6ren\u00bb, sagt sie. \u00abAber so ganz von mir lassen \u2013 das kann ich nicht.\u00bb<\/p>\n\n\n\n<div class=\"wp-block-group has-spacing--default has-spacing--default\">\n<div class=\"devider has-spacing--none\">\n    <hr>\n<\/div>\n\n\n \n\n    <div id=\"lead-in-block_813b5867273c2c1ee3efe416d91ce275\" class=\"block-lead-in typo--default font-size--xl has-spacing--s width--default\">\n        <p><strong>Empfehlungen der Redaktion:<\/strong><\/p>\n    <\/div>\n\n\n\n\r\n\r\n\r\n\n\n\r\n\r\n\r\n\r\n        <div class=\"teaser-grid grid-layout--3col has-spacing--s width--inline\">\r\n\r\n            \r\n                <article class=\"post-teaser\">\r\n\r\n                    <a href=\"https:\/\/visualjournalism.de\/en\/magazine\/sammeln\/inszenierte-endlichkeit\/\" rel=\"permalink\">\r\n\r\n                        <div class=\"post-teaser__content\">\r\n\r\n                            <span class=\"entry-categories\">Sammeln<\/span>\r\n                            <h3 class=\"post-teaser__headline\">\r\n                                Inszenierte Endlichkeit                            <\/h3>\r\n\r\n                            <div class=\"post-teaser__excerpt\">\r\n                                <p>Zwei Fotografinnen legen sich in einen Sarg und fotografieren sich gegenseitig. Was nach Tabubruch klingt, ist eine Auseinandersetzung mit Kommerz, Ritualen und der Frage: Darf man das?<\/p>\r\n                            <\/div>\r\n\r\n                        <\/div><!-- .post-teaser__content -->\r\n\r\n\r\n                        \r\n                            <figure class=\"post-teaser__image\">\r\n                                <img loading=\"lazy\" decoding=\"async\"  \r\n                                    src=\"https:\/\/visualjournalism.de\/wp-content\/uploads\/Clara-Schoettke_Antonia-Teichert_Sammeln_10-768x768.jpg\" \r\n                                    srcset=\"https:\/\/visualjournalism.de\/wp-content\/uploads\/Clara-Schoettke_Antonia-Teichert_Sammeln_10-768x768.jpg 768w, https:\/\/visualjournalism.de\/wp-content\/uploads\/Clara-Schoettke_Antonia-Teichert_Sammeln_10-300x300.jpg 300w, https:\/\/visualjournalism.de\/wp-content\/uploads\/Clara-Schoettke_Antonia-Teichert_Sammeln_10-1024x1024.jpg 1024w, https:\/\/visualjournalism.de\/wp-content\/uploads\/Clara-Schoettke_Antonia-Teichert_Sammeln_10-150x150.jpg 150w, https:\/\/visualjournalism.de\/wp-content\/uploads\/Clara-Schoettke_Antonia-Teichert_Sammeln_10-1536x1536.jpg 1536w, https:\/\/visualjournalism.de\/wp-content\/uploads\/Clara-Schoettke_Antonia-Teichert_Sammeln_10-2048x2048.jpg 2048w, https:\/\/visualjournalism.de\/wp-content\/uploads\/Clara-Schoettke_Antonia-Teichert_Sammeln_10-1920x1920.jpg 1920w, https:\/\/visualjournalism.de\/wp-content\/uploads\/Clara-Schoettke_Antonia-Teichert_Sammeln_10-1400x1400.jpg 1400w, https:\/\/visualjournalism.de\/wp-content\/uploads\/Clara-Schoettke_Antonia-Teichert_Sammeln_10-1050x1050.jpg 1050w, https:\/\/visualjournalism.de\/wp-content\/uploads\/Clara-Schoettke_Antonia-Teichert_Sammeln_10-670x670.jpg 670w, https:\/\/visualjournalism.de\/wp-content\/uploads\/Clara-Schoettke_Antonia-Teichert_Sammeln_10-420x420.jpg 420w, https:\/\/visualjournalism.de\/wp-content\/uploads\/Clara-Schoettke_Antonia-Teichert_Sammeln_10-350x350.jpg 350w, https:\/\/visualjournalism.de\/wp-content\/uploads\/Clara-Schoettke_Antonia-Teichert_Sammeln_10-52x52.jpg 52w, https:\/\/visualjournalism.de\/wp-content\/uploads\/Clara-Schoettke_Antonia-Teichert_Sammeln_10-68x68.jpg 68w, https:\/\/visualjournalism.de\/wp-content\/uploads\/Clara-Schoettke_Antonia-Teichert_Sammeln_10-96x96.jpg 96w\" \r\n                                    width=\"768\"  \r\n                                    height=\"768\" \r\n                                    alt=\"\"\r\n                                \/>\r\n                            <\/figure>\r\n\r\n                        \r\n                    \r\n                    <\/a>\r\n\r\n                <\/article><!--- .post-teaser-->\r\n\r\n            \r\n                <article class=\"post-teaser\">\r\n\r\n                    <a href=\"https:\/\/visualjournalism.de\/en\/magazine\/sammeln\/was-bleibt-atommuell-in-der-asse-ii\/\" rel=\"permalink\">\r\n\r\n                        <div class=\"post-teaser__content\">\r\n\r\n                            <span class=\"entry-categories\">Sammeln<\/span>\r\n                            <h3 class=\"post-teaser__headline\">\r\n                                Was bleibt                            <\/h3>\r\n\r\n                            <div class=\"post-teaser__excerpt\">\r\n                                <p>In der Asse II lagert Atomm\u00fcll \u2013 achtlos versenkt, kaum gesichert. Nun dringt Wasser ein. Die Region wartet seit Jahrzehnten auf Antworten. Und das Land auf ein Endlager.<\/p>\r\n                            <\/div>\r\n\r\n                        <\/div><!-- .post-teaser__content -->\r\n\r\n\r\n                        \r\n                            <figure class=\"post-teaser__image\">\r\n                                <img loading=\"lazy\" decoding=\"async\"  \r\n                                    src=\"https:\/\/visualjournalism.de\/wp-content\/uploads\/2026\/02\/Walter-Lehmann_The-Danger-Within_10-768x318.jpg\" \r\n                                    srcset=\"https:\/\/visualjournalism.de\/wp-content\/uploads\/2026\/02\/Walter-Lehmann_The-Danger-Within_10-768x318.jpg 768w, https:\/\/visualjournalism.de\/wp-content\/uploads\/2026\/02\/Walter-Lehmann_The-Danger-Within_10-300x124.jpg 300w, https:\/\/visualjournalism.de\/wp-content\/uploads\/2026\/02\/Walter-Lehmann_The-Danger-Within_10-1024x424.jpg 1024w, https:\/\/visualjournalism.de\/wp-content\/uploads\/2026\/02\/Walter-Lehmann_The-Danger-Within_10-1536x636.jpg 1536w, https:\/\/visualjournalism.de\/wp-content\/uploads\/2026\/02\/Walter-Lehmann_The-Danger-Within_10-2048x847.jpg 2048w, https:\/\/visualjournalism.de\/wp-content\/uploads\/2026\/02\/Walter-Lehmann_The-Danger-Within_10-1920x794.jpg 1920w, https:\/\/visualjournalism.de\/wp-content\/uploads\/2026\/02\/Walter-Lehmann_The-Danger-Within_10-1400x579.jpg 1400w, https:\/\/visualjournalism.de\/wp-content\/uploads\/2026\/02\/Walter-Lehmann_The-Danger-Within_10-1050x434.jpg 1050w, https:\/\/visualjournalism.de\/wp-content\/uploads\/2026\/02\/Walter-Lehmann_The-Danger-Within_10-670x277.jpg 670w, https:\/\/visualjournalism.de\/wp-content\/uploads\/2026\/02\/Walter-Lehmann_The-Danger-Within_10-420x174.jpg 420w, https:\/\/visualjournalism.de\/wp-content\/uploads\/2026\/02\/Walter-Lehmann_The-Danger-Within_10-350x145.jpg 350w, https:\/\/visualjournalism.de\/wp-content\/uploads\/2026\/02\/Walter-Lehmann_The-Danger-Within_10-150x62.jpg 150w\" \r\n                                    width=\"768\"  \r\n                                    height=\"318\" \r\n                                    alt=\"\"\r\n                                \/>\r\n                            <\/figure>\r\n\r\n                        \r\n                    \r\n                    <\/a>\r\n\r\n                <\/article><!--- .post-teaser-->\r\n\r\n            \r\n                <article class=\"post-teaser\">\r\n\r\n                    <a href=\"https:\/\/visualjournalism.de\/en\/magazine\/ratgeber\/grossformatfotografie-wer-tut-sich-das-noch-an\/\" rel=\"permalink\">\r\n\r\n                        <div class=\"post-teaser__content\">\r\n\r\n                            <span class=\"entry-categories\">Ratgeber<\/span>\r\n                            <h3 class=\"post-teaser__headline\">\r\n                                Gro\u00dfformatfotografie: Wer tut sich das noch an?                            <\/h3>\r\n\r\n                            <div class=\"post-teaser__excerpt\">\r\n                                <p>Warum ich freiwillig eine Kamera durch die Weltgeschichte schleppe, die so schwer ist, wie ein Sack Zement, verrate ich dir in diesem Ratgeber!<\/p>\r\n                            <\/div>\r\n\r\n                        <\/div><!-- .post-teaser__content -->\r\n\r\n\r\n                        \r\n                            <figure class=\"post-teaser__image\">\r\n                                <img loading=\"lazy\" decoding=\"async\"  \r\n                                    src=\"https:\/\/visualjournalism.de\/wp-content\/uploads\/Ludwig-Nikulski-MathildaTheo-768x960.jpg\" \r\n                                    srcset=\"https:\/\/visualjournalism.de\/wp-content\/uploads\/Ludwig-Nikulski-MathildaTheo-768x960.jpg 768w, https:\/\/visualjournalism.de\/wp-content\/uploads\/Ludwig-Nikulski-MathildaTheo-240x300.jpg 240w, https:\/\/visualjournalism.de\/wp-content\/uploads\/Ludwig-Nikulski-MathildaTheo-819x1024.jpg 819w, https:\/\/visualjournalism.de\/wp-content\/uploads\/Ludwig-Nikulski-MathildaTheo-1050x1313.jpg 1050w, https:\/\/visualjournalism.de\/wp-content\/uploads\/Ludwig-Nikulski-MathildaTheo-670x838.jpg 670w, https:\/\/visualjournalism.de\/wp-content\/uploads\/Ludwig-Nikulski-MathildaTheo-420x525.jpg 420w, https:\/\/visualjournalism.de\/wp-content\/uploads\/Ludwig-Nikulski-MathildaTheo-350x438.jpg 350w, https:\/\/visualjournalism.de\/wp-content\/uploads\/Ludwig-Nikulski-MathildaTheo-300x375.jpg 300w, https:\/\/visualjournalism.de\/wp-content\/uploads\/Ludwig-Nikulski-MathildaTheo-150x188.jpg 150w, https:\/\/visualjournalism.de\/wp-content\/uploads\/Ludwig-Nikulski-MathildaTheo.jpg 1200w\" \r\n                                    width=\"768\"  \r\n                                    height=\"960\" \r\n                                    alt=\"\"\r\n                                \/>\r\n                            <\/figure>\r\n\r\n                        \r\n                    \r\n                    <\/a>\r\n\r\n                <\/article><!--- .post-teaser-->\r\n\r\n            \r\n        <\/div><!-- .teaser-grid -->\r\n\r\n\n\n\r\n\r\n\r\n\n\n\n    <div class=\"btn-wrapper has-spacing--m\">\n        <a class=\"btn\" href=\"https:\/\/visualjournalism.de\/magazin\/\" target=\"_blank\">ZUR MAGAZIN-STARTSEITE<\/a>\n    <\/div>\n<\/div>\n","protected":false},"author":33,"featured_media":63296,"template":"","tags":[],"magazinkategorie":[192],"class_list":["post-56493","magazin","type-magazin","status-publish","has-post-thumbnail","hentry","magazinkategorie-nachts"],"acf":[],"yoast_head":"<!-- This site is optimized with the Yoast SEO Premium plugin v27.3 (Yoast SEO v27.3) - https:\/\/yoast.com\/product\/yoast-seo-premium-wordpress\/ -->\n<title>T\u00fcrsteherin Selma: Grenzen zeigen<\/title>\n<meta name=\"description\" content=\"Selma ist T\u00fcrsteherin. Unter der Woche arbeitet sie als Erzieherin, in den N\u00e4chten am Wochenende sorgt sie f\u00fcr die Sicherheit im Club.\" \/>\n<meta name=\"robots\" content=\"index, follow, max-snippet:-1, max-image-preview:large, max-video-preview:-1\" \/>\n<link rel=\"canonical\" href=\"https:\/\/visualjournalism.de\/en\/magazine\/nachts\/grenzen-zeigen\/\" \/>\n<meta property=\"og:locale\" content=\"en_US\" \/>\n<meta property=\"og:type\" content=\"article\" \/>\n<meta property=\"og:title\" content=\"Grenzen zeigen\" \/>\n<meta property=\"og:description\" content=\"Selma ist T\u00fcrsteherin. Unter der Woche arbeitet sie als Erzieherin, in den N\u00e4chten am Wochenende sorgt sie f\u00fcr die Sicherheit im Club.\" \/>\n<meta property=\"og:url\" content=\"https:\/\/visualjournalism.de\/en\/magazine\/nachts\/grenzen-zeigen\/\" \/>\n<meta property=\"og:site_name\" content=\"Visual Journalism and Documentary Photography\" \/>\n<meta property=\"article:publisher\" content=\"https:\/\/www.facebook.com\/people\/wwwfotostudentende\/100065173703897\/\" \/>\n<meta property=\"article:modified_time\" content=\"2025-07-16T07:07:09+00:00\" \/>\n<meta property=\"og:image\" content=\"https:\/\/visualjournalism.de\/wp-content\/uploads\/selma-grenzen-zeigen-thumb.jpg\" \/>\n\t<meta property=\"og:image:width\" content=\"1920\" \/>\n\t<meta property=\"og:image:height\" content=\"1080\" \/>\n\t<meta property=\"og:image:type\" content=\"image\/jpeg\" \/>\n<meta name=\"twitter:card\" content=\"summary_large_image\" \/>\n<meta name=\"twitter:site\" content=\"@HsHannover\" \/>\n<meta name=\"twitter:label1\" content=\"Est. reading time\" \/>\n\t<meta name=\"twitter:data1\" content=\"2 minutes\" \/>\n<script type=\"application\/ld+json\" class=\"yoast-schema-graph\">{\"@context\":\"https:\\\/\\\/schema.org\",\"@graph\":[{\"@type\":\"WebPage\",\"@id\":\"https:\\\/\\\/visualjournalism.de\\\/en\\\/magazine\\\/nachts\\\/grenzen-zeigen\\\/\",\"url\":\"https:\\\/\\\/visualjournalism.de\\\/en\\\/magazine\\\/nachts\\\/grenzen-zeigen\\\/\",\"name\":\"T\u00fcrsteherin Selma: Grenzen zeigen\",\"isPartOf\":{\"@id\":\"https:\\\/\\\/visualjournalism.de\\\/en\\\/#website\"},\"primaryImageOfPage\":{\"@id\":\"https:\\\/\\\/visualjournalism.de\\\/en\\\/magazine\\\/nachts\\\/grenzen-zeigen\\\/#primaryimage\"},\"image\":{\"@id\":\"https:\\\/\\\/visualjournalism.de\\\/en\\\/magazine\\\/nachts\\\/grenzen-zeigen\\\/#primaryimage\"},\"thumbnailUrl\":\"https:\\\/\\\/visualjournalism.de\\\/wp-content\\\/uploads\\\/selma-grenzen-zeigen-thumb.jpg\",\"datePublished\":\"2025-07-16T07:07:07+00:00\",\"dateModified\":\"2025-07-16T07:07:09+00:00\",\"description\":\"Selma ist T\u00fcrsteherin. Unter der Woche arbeitet sie als Erzieherin, in den N\u00e4chten am Wochenende sorgt sie f\u00fcr die Sicherheit im Club.\",\"breadcrumb\":{\"@id\":\"https:\\\/\\\/visualjournalism.de\\\/en\\\/magazine\\\/nachts\\\/grenzen-zeigen\\\/#breadcrumb\"},\"inLanguage\":\"en-US\",\"potentialAction\":[{\"@type\":\"ReadAction\",\"target\":[\"https:\\\/\\\/visualjournalism.de\\\/en\\\/magazine\\\/nachts\\\/grenzen-zeigen\\\/\"]}]},{\"@type\":\"ImageObject\",\"inLanguage\":\"en-US\",\"@id\":\"https:\\\/\\\/visualjournalism.de\\\/en\\\/magazine\\\/nachts\\\/grenzen-zeigen\\\/#primaryimage\",\"url\":\"https:\\\/\\\/visualjournalism.de\\\/wp-content\\\/uploads\\\/selma-grenzen-zeigen-thumb.jpg\",\"contentUrl\":\"https:\\\/\\\/visualjournalism.de\\\/wp-content\\\/uploads\\\/selma-grenzen-zeigen-thumb.jpg\",\"width\":1920,\"height\":1080},{\"@type\":\"BreadcrumbList\",\"@id\":\"https:\\\/\\\/visualjournalism.de\\\/en\\\/magazine\\\/nachts\\\/grenzen-zeigen\\\/#breadcrumb\",\"itemListElement\":[{\"@type\":\"ListItem\",\"position\":1,\"name\":\"Home\",\"item\":\"https:\\\/\\\/visualjournalism.de\\\/en\\\/\"},{\"@type\":\"ListItem\",\"position\":2,\"name\":\"Magazin\",\"item\":\"https:\\\/\\\/visualjournalism.de\\\/en\\\/magazine\\\/\"},{\"@type\":\"ListItem\",\"position\":3,\"name\":\"Grenzen zeigen\"}]},{\"@type\":\"WebSite\",\"@id\":\"https:\\\/\\\/visualjournalism.de\\\/en\\\/#website\",\"url\":\"https:\\\/\\\/visualjournalism.de\\\/en\\\/\",\"name\":\"Visual Journalism and Documentary Photography\",\"description\":\"All about the bilingual bachelor&#039;s program at Hannover University of Applied Sciences and Arts.\",\"publisher\":{\"@id\":\"https:\\\/\\\/visualjournalism.de\\\/en\\\/#organization\"},\"alternateName\":\"visualjournalism.de\",\"potentialAction\":[{\"@type\":\"SearchAction\",\"target\":{\"@type\":\"EntryPoint\",\"urlTemplate\":\"https:\\\/\\\/visualjournalism.de\\\/en\\\/?s={search_term_string}\"},\"query-input\":{\"@type\":\"PropertyValueSpecification\",\"valueRequired\":true,\"valueName\":\"search_term_string\"}}],\"inLanguage\":\"en-US\"},{\"@type\":\"Organization\",\"@id\":\"https:\\\/\\\/visualjournalism.de\\\/en\\\/#organization\",\"name\":\"Hochschule Hannover \u2013 University of Applied Sciences and Arts\",\"alternateName\":\"HsH\",\"url\":\"https:\\\/\\\/visualjournalism.de\\\/en\\\/\",\"logo\":{\"@type\":\"ImageObject\",\"inLanguage\":\"en-US\",\"@id\":\"https:\\\/\\\/visualjournalism.de\\\/en\\\/#\\\/schema\\\/logo\\\/image\\\/\",\"url\":\"https:\\\/\\\/visualjournalism.de\\\/wp-content\\\/uploads\\\/logo-hochschule-hannover.png\",\"contentUrl\":\"https:\\\/\\\/visualjournalism.de\\\/wp-content\\\/uploads\\\/logo-hochschule-hannover.png\",\"width\":363,\"height\":270,\"caption\":\"Hochschule Hannover \u2013 University of Applied Sciences and Arts\"},\"image\":{\"@id\":\"https:\\\/\\\/visualjournalism.de\\\/en\\\/#\\\/schema\\\/logo\\\/image\\\/\"},\"sameAs\":[\"https:\\\/\\\/www.facebook.com\\\/people\\\/wwwfotostudentende\\\/100065173703897\\\/\",\"https:\\\/\\\/x.com\\\/HsHannover\",\"https:\\\/\\\/www.instagram.com\\\/visualjournalism.de\\\/\"]}]}<\/script>\n<!-- \/ Yoast SEO Premium plugin. -->","yoast_head_json":{"title":"T\u00fcrsteherin Selma: Grenzen zeigen","description":"Selma ist T\u00fcrsteherin. Unter der Woche arbeitet sie als Erzieherin, in den N\u00e4chten am Wochenende sorgt sie f\u00fcr die Sicherheit im Club.","robots":{"index":"index","follow":"follow","max-snippet":"max-snippet:-1","max-image-preview":"max-image-preview:large","max-video-preview":"max-video-preview:-1"},"canonical":"https:\/\/visualjournalism.de\/en\/magazine\/nachts\/grenzen-zeigen\/","og_locale":"en_US","og_type":"article","og_title":"Grenzen zeigen","og_description":"Selma ist T\u00fcrsteherin. Unter der Woche arbeitet sie als Erzieherin, in den N\u00e4chten am Wochenende sorgt sie f\u00fcr die Sicherheit im Club.","og_url":"https:\/\/visualjournalism.de\/en\/magazine\/nachts\/grenzen-zeigen\/","og_site_name":"Visual Journalism and Documentary Photography","article_publisher":"https:\/\/www.facebook.com\/people\/wwwfotostudentende\/100065173703897\/","article_modified_time":"2025-07-16T07:07:09+00:00","og_image":[{"width":1920,"height":1080,"url":"https:\/\/visualjournalism.de\/wp-content\/uploads\/selma-grenzen-zeigen-thumb.jpg","type":"image\/jpeg"}],"twitter_card":"summary_large_image","twitter_site":"@HsHannover","twitter_misc":{"Est. reading time":"2 minutes"},"schema":{"@context":"https:\/\/schema.org","@graph":[{"@type":"WebPage","@id":"https:\/\/visualjournalism.de\/en\/magazine\/nachts\/grenzen-zeigen\/","url":"https:\/\/visualjournalism.de\/en\/magazine\/nachts\/grenzen-zeigen\/","name":"T\u00fcrsteherin Selma: Grenzen zeigen","isPartOf":{"@id":"https:\/\/visualjournalism.de\/en\/#website"},"primaryImageOfPage":{"@id":"https:\/\/visualjournalism.de\/en\/magazine\/nachts\/grenzen-zeigen\/#primaryimage"},"image":{"@id":"https:\/\/visualjournalism.de\/en\/magazine\/nachts\/grenzen-zeigen\/#primaryimage"},"thumbnailUrl":"https:\/\/visualjournalism.de\/wp-content\/uploads\/selma-grenzen-zeigen-thumb.jpg","datePublished":"2025-07-16T07:07:07+00:00","dateModified":"2025-07-16T07:07:09+00:00","description":"Selma ist T\u00fcrsteherin. Unter der Woche arbeitet sie als Erzieherin, in den N\u00e4chten am Wochenende sorgt sie f\u00fcr die Sicherheit im Club.","breadcrumb":{"@id":"https:\/\/visualjournalism.de\/en\/magazine\/nachts\/grenzen-zeigen\/#breadcrumb"},"inLanguage":"en-US","potentialAction":[{"@type":"ReadAction","target":["https:\/\/visualjournalism.de\/en\/magazine\/nachts\/grenzen-zeigen\/"]}]},{"@type":"ImageObject","inLanguage":"en-US","@id":"https:\/\/visualjournalism.de\/en\/magazine\/nachts\/grenzen-zeigen\/#primaryimage","url":"https:\/\/visualjournalism.de\/wp-content\/uploads\/selma-grenzen-zeigen-thumb.jpg","contentUrl":"https:\/\/visualjournalism.de\/wp-content\/uploads\/selma-grenzen-zeigen-thumb.jpg","width":1920,"height":1080},{"@type":"BreadcrumbList","@id":"https:\/\/visualjournalism.de\/en\/magazine\/nachts\/grenzen-zeigen\/#breadcrumb","itemListElement":[{"@type":"ListItem","position":1,"name":"Home","item":"https:\/\/visualjournalism.de\/en\/"},{"@type":"ListItem","position":2,"name":"Magazin","item":"https:\/\/visualjournalism.de\/en\/magazine\/"},{"@type":"ListItem","position":3,"name":"Grenzen zeigen"}]},{"@type":"WebSite","@id":"https:\/\/visualjournalism.de\/en\/#website","url":"https:\/\/visualjournalism.de\/en\/","name":"Visual Journalism and Documentary Photography","description":"All about the bilingual bachelor&#039;s program at Hannover University of Applied Sciences and Arts.","publisher":{"@id":"https:\/\/visualjournalism.de\/en\/#organization"},"alternateName":"visualjournalism.de","potentialAction":[{"@type":"SearchAction","target":{"@type":"EntryPoint","urlTemplate":"https:\/\/visualjournalism.de\/en\/?s={search_term_string}"},"query-input":{"@type":"PropertyValueSpecification","valueRequired":true,"valueName":"search_term_string"}}],"inLanguage":"en-US"},{"@type":"Organization","@id":"https:\/\/visualjournalism.de\/en\/#organization","name":"Hochschule Hannover \u2013 University of Applied Sciences and Arts","alternateName":"HsH","url":"https:\/\/visualjournalism.de\/en\/","logo":{"@type":"ImageObject","inLanguage":"en-US","@id":"https:\/\/visualjournalism.de\/en\/#\/schema\/logo\/image\/","url":"https:\/\/visualjournalism.de\/wp-content\/uploads\/logo-hochschule-hannover.png","contentUrl":"https:\/\/visualjournalism.de\/wp-content\/uploads\/logo-hochschule-hannover.png","width":363,"height":270,"caption":"Hochschule Hannover \u2013 University of Applied Sciences and Arts"},"image":{"@id":"https:\/\/visualjournalism.de\/en\/#\/schema\/logo\/image\/"},"sameAs":["https:\/\/www.facebook.com\/people\/wwwfotostudentende\/100065173703897\/","https:\/\/x.com\/HsHannover","https:\/\/www.instagram.com\/visualjournalism.de\/"]}]}},"_links":{"self":[{"href":"https:\/\/visualjournalism.de\/en\/wp-json\/wp\/v2\/magazin\/56493","targetHints":{"allow":["GET"]}}],"collection":[{"href":"https:\/\/visualjournalism.de\/en\/wp-json\/wp\/v2\/magazin"}],"about":[{"href":"https:\/\/visualjournalism.de\/en\/wp-json\/wp\/v2\/types\/magazin"}],"author":[{"embeddable":true,"href":"https:\/\/visualjournalism.de\/en\/wp-json\/wp\/v2\/users\/33"}],"version-history":[{"count":0,"href":"https:\/\/visualjournalism.de\/en\/wp-json\/wp\/v2\/magazin\/56493\/revisions"}],"wp:featuredmedia":[{"embeddable":true,"href":"https:\/\/visualjournalism.de\/en\/wp-json\/wp\/v2\/media\/63296"}],"wp:attachment":[{"href":"https:\/\/visualjournalism.de\/en\/wp-json\/wp\/v2\/media?parent=56493"}],"wp:term":[{"taxonomy":"post_tag","embeddable":true,"href":"https:\/\/visualjournalism.de\/en\/wp-json\/wp\/v2\/tags?post=56493"},{"taxonomy":"magazinkategorie","embeddable":true,"href":"https:\/\/visualjournalism.de\/en\/wp-json\/wp\/v2\/magazinkategorie?post=56493"}],"curies":[{"name":"wp","href":"https:\/\/api.w.org\/{rel}","templated":true}]}}