{"id":59260,"date":"2025-04-12T06:47:34","date_gmt":"2025-04-12T06:47:34","guid":{"rendered":"https:\/\/visualjournalism.de\/?post_type=magazin&#038;p=59260"},"modified":"2025-04-23T06:24:25","modified_gmt":"2025-04-23T06:24:25","slug":"der-philosoph-der-die-bueros-leerte","status":"publish","type":"magazin","link":"https:\/\/visualjournalism.de\/en\/magazine\/arbeit\/der-philosoph-der-die-bueros-leerte\/","title":{"rendered":"Der Philosoph, der die B\u00fcros leerte"},"content":{"rendered":"\r\n<div class=\"cover--lead-in has-spacing--none\">\r\n\r\n    \r\n    <div class=\"cover--lead-in__content typo--tiempos\">\r\n\r\n        <div class=\"entry-categories\">\n\t<a class=\"post__tag\" href=\"https:\/\/visualjournalism.de\/magazin-kategorie\/arbeit\/\" rel=\"category tag\">Arbeit<\/a><\/div>\r\n        <h2 class=\"cover--lead-in__headline \">\r\n            Der Philosoph, der die B\u00fcros leerte        <\/h2>\r\n\r\n                    <div class=\"cover--lead-in__text\">\r\n                <p>New Work entstand nicht mit Corona, sondern aus der radikalen Vision eines Denkers der 80er-Jahre. <strong>Von\u00a0<a href=\"https:\/\/visualjournalism.de\/en\/kaja-gerdes\/\" target=\"_blank\" rel=\"noopener\">Kaja Gerdes<\/a><\/strong><\/p>\n            <\/div>\r\n        \r\n                    <div class=\"cover--lead-in__author\">\r\n                \r\n                    \r\n                            <figure class=\"cover--lead-in__author__image\">\r\n\r\n                                                                    <a href=\"https:\/\/visualjournalism.de\/kaja-gerdes\/\" target=\"_blank\">\r\n                                \r\n                                <img loading=\"lazy\" decoding=\"async\"\r\n                                    src=\"https:\/\/visualjournalism.de\/wp-content\/uploads\/IMG_1455-68x68.jpeg\"\r\n                                    srcset=\"https:\/\/visualjournalism.de\/wp-content\/uploads\/IMG_1455-68x68.jpeg 68w, https:\/\/visualjournalism.de\/wp-content\/uploads\/IMG_1455-300x300.jpeg 300w, https:\/\/visualjournalism.de\/wp-content\/uploads\/IMG_1455-1024x1024.jpeg 1024w, https:\/\/visualjournalism.de\/wp-content\/uploads\/IMG_1455-150x150.jpeg 150w, https:\/\/visualjournalism.de\/wp-content\/uploads\/IMG_1455-768x768.jpeg 768w, https:\/\/visualjournalism.de\/wp-content\/uploads\/IMG_1455-1400x1400.jpeg 1400w, https:\/\/visualjournalism.de\/wp-content\/uploads\/IMG_1455-1050x1050.jpeg 1050w, https:\/\/visualjournalism.de\/wp-content\/uploads\/IMG_1455-670x670.jpeg 670w, https:\/\/visualjournalism.de\/wp-content\/uploads\/IMG_1455-420x420.jpeg 420w, https:\/\/visualjournalism.de\/wp-content\/uploads\/IMG_1455-350x350.jpeg 350w, https:\/\/visualjournalism.de\/wp-content\/uploads\/IMG_1455-52x52.jpeg 52w, https:\/\/visualjournalism.de\/wp-content\/uploads\/IMG_1455.jpeg 1500w\"\r\n                                    width=\"68\"\r\n                                    height=\"68\"\r\n                                    alt=\"\"\r\n                                \/>\r\n\r\n                                                                    <\/a>\r\n                                \r\n                            <\/figure>\r\n\r\n                                    <\/div><!-- .cover--lead-in__author -->\r\n        \r\n    <\/div><!-- .cover--lead-in__content -->\r\n\r\n    \r\n        <figure class=\"cover--lead-in__image cover--lead-in__media cover--lead-in__media--image\">\r\n            <img loading=\"lazy\" decoding=\"async\"\r\n                src=\"https:\/\/visualjournalism.de\/wp-content\/uploads\/DSC08367-1920x1080.jpg\"\r\n                srcset=\"https:\/\/visualjournalism.de\/wp-content\/uploads\/DSC08367-1920x1080.jpg 1920w, https:\/\/visualjournalism.de\/wp-content\/uploads\/DSC08367-300x169.jpg 300w, https:\/\/visualjournalism.de\/wp-content\/uploads\/DSC08367-1024x576.jpg 1024w, https:\/\/visualjournalism.de\/wp-content\/uploads\/DSC08367-768x432.jpg 768w, https:\/\/visualjournalism.de\/wp-content\/uploads\/DSC08367-1536x864.jpg 1536w, https:\/\/visualjournalism.de\/wp-content\/uploads\/DSC08367-2048x1152.jpg 2048w, https:\/\/visualjournalism.de\/wp-content\/uploads\/DSC08367-1400x788.jpg 1400w, https:\/\/visualjournalism.de\/wp-content\/uploads\/DSC08367-1050x591.jpg 1050w, https:\/\/visualjournalism.de\/wp-content\/uploads\/DSC08367-670x377.jpg 670w, https:\/\/visualjournalism.de\/wp-content\/uploads\/DSC08367-420x236.jpg 420w, https:\/\/visualjournalism.de\/wp-content\/uploads\/DSC08367-350x197.jpg 350w, https:\/\/visualjournalism.de\/wp-content\/uploads\/DSC08367-150x84.jpg 150w\"\r\n                width=\"1920\"\r\n                height=\"1080\"\r\n                alt=\"Ein junger Mann mit hellbraunen Locken sitzt auf einem Klappstuhl. Der Hintergrund ist leuchtend orange. Er tr\u00e4gt einen weinroten Pullover, darunter ein hellblaues Hemd. Er tr\u00e4gt keine richtige Hose, aber bunte Socken mit Comic-Motiv. Seine Beine hat er \u00fcberschlagen. Neben ihm steht ein wei\u00dfer dreibeiniger Couchtisch, auf dem ein grauer Blumentopf mit einer Pflanze und eine rosa Tasse stehen. Er schaut konzentriert auf seinen Laptop auf seinem Scho\u00df. In seinen Ohren hat er Bluetooth-Kopfh\u00f6rer.\"\r\n                style=\"object-position: 58.33% 11.24%\"\r\n            \/>\r\n        <\/figure>\r\n\r\n        \r\n    \r\n<\/div><!-- .cover--lead-in -->\r\n\r\n\n\n\n<p class=\"post__paragraph is-style-typo--soehne has-spacing--s\"><sub><sup>Foto: Andreas Blauth und Kilian K\u00e4mper<\/sup><\/sub><\/p>\n\n\n\n<p class=\"post__paragraph has-spacing--xs\"><strong>Der 2021 verstorbene Philosoph <a href=\"https:\/\/newwork-newculture.dev\/frithjofbergmann\/\" target=\"_blank\" rel=\"noreferrer noopener\">Frithjof Bergmann<\/a><\/strong> gilt als Gr\u00fcnder der \u00abNew-Work-Bewegung\u00bb. Bereits in den 1980er-Jahren besch\u00e4ftigte er sich mit grundlegenden Fragen des Wertewandels in der Gesellschaft und dessen Auswirkungen auf die Arbeitswelt. Sein Verst\u00e4ndnis von New Work l\u00e4sst sich in drei zentralen Thesen zusammenfassen:<br><br>1. New Work ist ein individueller und sozialer Aufstand, der eng mit der Nutzung smarter Technologien verbunden ist.<br><br>2. Das Konzept zielt auf Selbstbestimmung, Sinnhaftigkeit und Nachhaltigkeit.<br><br>3. Menschen sollen ihre Pers\u00f6nlichkeit in ihre Arbeit einbringen und sich durch ihre T\u00e4tigkeit selbst verwirklichen k\u00f6nnen. Auf Grundlage eines kulturellen Wandels ist New Work jedoch ein langer Prozess.<\/p>\n\n\n\n<p class=\"post__paragraph has-spacing--m\">Hatten sich Unternehmen in den 2010er-Jahren noch dagegen gestr\u00e4ubt, neue Prinzipien in den Arbeitsalltag zu integrieren, f\u00fchrte sp\u00e4testens die Corona-Pandemie zu einem tiefgreifenden Umdenken. Einer Studie der Hans-B\u00f6ckler-Stiftung zufolge arbeiteten w\u00e4hrend der Pandemie etwa 25 Prozent der Arbeitnehmerinnen und Arbeitnehmer in Deutschland ausschlie\u00dflich im Homeoffice. Vor Corona waren es lediglich etwa 4 Prozent gewesen. Die Digitalisierung er\u00f6ffnete somit neue Chancen zur Einf\u00fchrung alternativer Arbeitsmodelle. Gleichzeitig wurden sich viele Arbeitnehmer bewusst, dass Arbeit mehr sein kann als ein klassischer \u00ab9-to-5-Job\u00bb im B\u00fcro.<\/p>\n\n\n    <figure class=\"block-photo post__image--wide-left has-spacing--m with-title\">\n\n        <div class=\"post__image__container\">\n            <img loading=\"lazy\" decoding=\"async\" \n                src=\"https:\/\/visualjournalism.de\/wp-content\/uploads\/DSC08163-1050x591.jpg\"\n                srcset=\"https:\/\/visualjournalism.de\/wp-content\/uploads\/DSC08163-1050x591.jpg 1050w, https:\/\/visualjournalism.de\/wp-content\/uploads\/DSC08163-300x169.jpg 300w, https:\/\/visualjournalism.de\/wp-content\/uploads\/DSC08163-1024x576.jpg 1024w, https:\/\/visualjournalism.de\/wp-content\/uploads\/DSC08163-768x432.jpg 768w, https:\/\/visualjournalism.de\/wp-content\/uploads\/DSC08163-1536x864.jpg 1536w, https:\/\/visualjournalism.de\/wp-content\/uploads\/DSC08163-2048x1153.jpg 2048w, https:\/\/visualjournalism.de\/wp-content\/uploads\/DSC08163-1920x1081.jpg 1920w, https:\/\/visualjournalism.de\/wp-content\/uploads\/DSC08163-1400x788.jpg 1400w, https:\/\/visualjournalism.de\/wp-content\/uploads\/DSC08163-670x377.jpg 670w, https:\/\/visualjournalism.de\/wp-content\/uploads\/DSC08163-420x236.jpg 420w, https:\/\/visualjournalism.de\/wp-content\/uploads\/DSC08163-350x197.jpg 350w, https:\/\/visualjournalism.de\/wp-content\/uploads\/DSC08163-150x84.jpg 150w\"\n                width=\"1050\" \n                height=\"591\"\n                alt=\"\" \n            \/>\n            \n                            <span class=\"post__image__title\">Hannover, 2024<\/span>\n                    <\/div><!-- post__image__container -->\n\n        \n    <\/figure><!-- post__image -->\n\n\n\n\n    <div class=\"headline-block has-spacing--xs\">\n\n        <h2 class=\"post__headline\">New Work ist kein Trend der Corona-Pandemie<\/h2>\n\n        \n    <\/div>\n\n    \n\n\n\n\n<p class=\"post__paragraph has-spacing--xs\">Die Arbeitswelt von heute verdeutlicht, dass \u00abNew Work\u00bb jedoch kein vor\u00fcbergehender Trend der Pandemie war, sondern weiterhin von hoher Relevanz bleibt. Doris Doll beschreibt in ihrem Buch \u00ab<a href=\"https:\/\/www.schaeffer-poeschel.de\/new-work-leistungskultur-und-perfomance-messung\/\" target=\"_blank\" rel=\"noreferrer noopener\">New Work, Leistungskultur und Performance-Messung<\/a>\u00bb (Mai 2024), dass die Ursache des aktuellen Wandels in einer neuen Leistungskultur liege. Insbesondere in b\u00f6rsennotierten Unternehmen hie\u00df es fr\u00fcher meist \u00abProfit first\u00bb und \u00abCash is King\u00bb. Laut Doll befinden wir uns aktuell mitten im Wandel hin zu einer Leistungskultur, in der es nicht mehr ausschlie\u00dflich um monet\u00e4ren Erfolg geht. Die alte Kultur brachte zwar Wohlstand, lie\u00df jedoch oft das Familienleben, die Gesundheit und das Lebensgl\u00fcck der Besch\u00e4ftigten auf der Strecke. Heute gehe es vielmehr darum, Arbeit zu leisten, auf die man stolz sein k\u00f6nne und f\u00fcr die man Anerkennung erh\u00e4lt.<\/p>\n\n\n\n<p class=\"post__paragraph has-spacing--m\">Wie bereits Frithjof Bergmann feststellte, ist New Work ein langfristiger Prozess. Der Arbeitsmarkt hat sich in den letzten Jahren stark ver\u00e4ndert \u2013 und dieser Prozess ist noch lange nicht abgeschlossen. Unternehmen stehen daher vor der Herausforderung, mit diesen Entwicklungen Schritt zu halten und passende Ma\u00dfnahmen umzusetzen.<\/p>\n\n\n\n    <div class=\"headline-block has-spacing--xs\">\n\n        <h2 class=\"post__headline\">Welche Arbeitszeitmodelle liegen im Trend?<\/h2>\n\n        \n    <\/div>\n\n    \n\n\n\n\n<p class=\"post__paragraph is-style-default has-spacing--m\">Ein <a href=\"https:\/\/de.statista.com\/statistik\/studie\/id\/62636\/dokument\/neue-arbeitswelt\/\" target=\"_blank\" rel=\"noreferrer noopener\">Trend-Report von Statista, Xing und Kununu<\/a> (Portal f\u00fcr Arbeitgeberbewertungen) identifizierte 2024 vier wesentliche Entwicklungen f\u00fcr die Zukunft der Arbeit:<br><br><strong>1. Hybrides Arbeiten: <\/strong>Besonders j\u00fcngere Generationen sch\u00e4tzen die M\u00f6glichkeit des Homeoffice. Fast ein Viertel der Generation Z und 21 Prozent der Millennials w\u00fcrden ihren Arbeitgeber wechseln, falls dieser kein Homeoffice anbietet. Moderne B\u00fcrokonzepte umfassen flexible Arbeitspl\u00e4tze, R\u00fcckzugsr\u00e4ume sowie Collaboration- und Social-Areas. Auch das Prinzip der Job-Rotation gewinnt an Bedeutung.<br><br><strong>2. Flexible Arbeitszeit:<\/strong> Der Anteil der Besch\u00e4ftigten in Teilzeit ist mit derzeit 30,9 Prozent auf einem Rekordhoch. Auch die 4-Tage-Woche ist in der Diskussion stark vertreten. Fast ein Viertel der Deutschen w\u00fcnscht sich diese Arbeitszeitverk\u00fcrzung, allerdings nur bei gleichem Gehalt. Zwei Drittel der Befragten bezweifeln jedoch, dass dieses Modell bald umgesetzt wird.<br><br><strong>3. DEI \u2013 Diversity, Equity, Inclusion: <\/strong>Diskriminierung am Arbeitsplatz bleibt ein dr\u00e4ngendes Problem. 2023 gingen \u00fcber 10.000 Anfragen bei der Antidiskriminierungsstelle des Bundes ein, ein Drittel davon betraf den Arbeitsplatz. Die Dunkelziffer liegt vermutlich deutlich h\u00f6her.<br><br><strong>4. K\u00fcnstliche Intelligenz:<\/strong> KI wird in den kommenden Jahren den Arbeitsmarkt nachhaltig pr\u00e4gen. F\u00fcr 2025 prognostiziert Statista global einen Umsatz von rund 227 Milliarden Euro im KI-Bereich. Bis 2030 wird ein j\u00e4hrliches Wachstum von etwa 30 Prozent erwartet.<\/p>\n\n\n \n\n<div class=\"photo-grid grid-layout--2col-5 has-spacing--m\">\n\n            \n\n            <div class=\"photo-grid__image\">\n\n                <figure>\n\n                    <img loading=\"lazy\" decoding=\"async\"  \n                        src=\"https:\/\/visualjournalism.de\/wp-content\/uploads\/DSC08244-768x432.jpg\" \n                        srcset=\"https:\/\/visualjournalism.de\/wp-content\/uploads\/DSC08244-768x432.jpg 768w, https:\/\/visualjournalism.de\/wp-content\/uploads\/DSC08244-300x169.jpg 300w, https:\/\/visualjournalism.de\/wp-content\/uploads\/DSC08244-1024x576.jpg 1024w, https:\/\/visualjournalism.de\/wp-content\/uploads\/DSC08244-1536x864.jpg 1536w, https:\/\/visualjournalism.de\/wp-content\/uploads\/DSC08244-2048x1152.jpg 2048w, https:\/\/visualjournalism.de\/wp-content\/uploads\/DSC08244-1920x1080.jpg 1920w, https:\/\/visualjournalism.de\/wp-content\/uploads\/DSC08244-1400x788.jpg 1400w, https:\/\/visualjournalism.de\/wp-content\/uploads\/DSC08244-1050x591.jpg 1050w, https:\/\/visualjournalism.de\/wp-content\/uploads\/DSC08244-670x377.jpg 670w, https:\/\/visualjournalism.de\/wp-content\/uploads\/DSC08244-420x236.jpg 420w, https:\/\/visualjournalism.de\/wp-content\/uploads\/DSC08244-350x197.jpg 350w, https:\/\/visualjournalism.de\/wp-content\/uploads\/DSC08244-150x84.jpg 150w\" \n                        width=\"768\"  \n                        height=\"432\" \n                        alt=\"\"  \n                    \/>\n\n                    \n                    \n                <\/figure>\n\n            <\/div><!-- photo-grid__image -->    \n\n\n            \n\n                    \n                \n\n            <div class=\"photo-grid__image\">\n\n                <figure>\n\n                    <img loading=\"lazy\" decoding=\"async\"  \n                        src=\"https:\/\/visualjournalism.de\/wp-content\/uploads\/new-work-3-768x432.jpg\" \n                        srcset=\"https:\/\/visualjournalism.de\/wp-content\/uploads\/new-work-3-768x432.jpg 768w, https:\/\/visualjournalism.de\/wp-content\/uploads\/new-work-3-300x169.jpg 300w, https:\/\/visualjournalism.de\/wp-content\/uploads\/new-work-3-1024x576.jpg 1024w, https:\/\/visualjournalism.de\/wp-content\/uploads\/new-work-3-1536x864.jpg 1536w, https:\/\/visualjournalism.de\/wp-content\/uploads\/new-work-3-2048x1152.jpg 2048w, https:\/\/visualjournalism.de\/wp-content\/uploads\/new-work-3-1920x1080.jpg 1920w, https:\/\/visualjournalism.de\/wp-content\/uploads\/new-work-3-1400x788.jpg 1400w, https:\/\/visualjournalism.de\/wp-content\/uploads\/new-work-3-1050x591.jpg 1050w, https:\/\/visualjournalism.de\/wp-content\/uploads\/new-work-3-670x377.jpg 670w, https:\/\/visualjournalism.de\/wp-content\/uploads\/new-work-3-420x236.jpg 420w, https:\/\/visualjournalism.de\/wp-content\/uploads\/new-work-3-350x197.jpg 350w, https:\/\/visualjournalism.de\/wp-content\/uploads\/new-work-3-150x84.jpg 150w\" \n                        width=\"768\"  \n                        height=\"432\" \n                        alt=\"\"  \n                    \/>\n\n                    \n                    \n                <\/figure>\n\n            <\/div><!-- photo-grid__image -->    \n\n\n            \n\n            \n<\/div>\n\n\n<div class=\"wp-block-group has-color-2-background-color has-background has-spacing--default\">\n<div class=\"tableau has-spacing--none\">\n\t\n\n<div class=\"tableau__column--left\">\n    \n\n \n    \n    <div id=\"quote-block_0c2032dc7371350d8d55f6c34100e2d9\" class=\"block-quote has-spacing--xs\">\n        <figure class=\"quote\">\n            <blockquote>\n                <p><strong>Es geht um den Menschen<\/strong>, nicht darum, schicke B\u00fcros und tolle Kaffeemaschinen zu haben.<\/p>\n            <\/blockquote>\n\n            <figcaption>\n\n                            <span><\/span>\n            <\/figcaption>\n            \n        <\/figure>\n    <\/div>\n\n\n\n\n<p class=\"post__paragraph is-style-typo--soehne has-spacing--s\">Flexibles Arbeiten, moderne F\u00fchrung und digitale Vernetzung: Die Hochschule Hannover setzt auf New Work, um die Arbeitskultur grundlegend zu ver\u00e4ndern. Sechs Fragen an <a href=\"https:\/\/www.linkedin.com\/in\/karen-altmann-b0a4035b?utm_source=share&amp;utm_campaign=share_via&amp;utm_content=profile&amp;utm_medium=ios_app\">Projektleiterin Karen Altmann<\/a>.<\/p>\n\n\n    <figure class=\"block-photo post__image--full has-spacing--m with-title\">\n\n        <div class=\"post__image__container\">\n            <img loading=\"lazy\" decoding=\"async\" \n                src=\"https:\/\/visualjournalism.de\/wp-content\/uploads\/DSC_9369-1400x2104.jpg\"\n                srcset=\"https:\/\/visualjournalism.de\/wp-content\/uploads\/DSC_9369-1400x2104.jpg 1400w, https:\/\/visualjournalism.de\/wp-content\/uploads\/DSC_9369-200x300.jpg 200w, https:\/\/visualjournalism.de\/wp-content\/uploads\/DSC_9369-681x1024.jpg 681w, https:\/\/visualjournalism.de\/wp-content\/uploads\/DSC_9369-768x1154.jpg 768w, https:\/\/visualjournalism.de\/wp-content\/uploads\/DSC_9369-1022x1536.jpg 1022w, https:\/\/visualjournalism.de\/wp-content\/uploads\/DSC_9369-1362x2048.jpg 1362w, https:\/\/visualjournalism.de\/wp-content\/uploads\/DSC_9369-1920x2886.jpg 1920w, https:\/\/visualjournalism.de\/wp-content\/uploads\/DSC_9369-1050x1578.jpg 1050w, https:\/\/visualjournalism.de\/wp-content\/uploads\/DSC_9369-670x1007.jpg 670w, https:\/\/visualjournalism.de\/wp-content\/uploads\/DSC_9369-420x631.jpg 420w, https:\/\/visualjournalism.de\/wp-content\/uploads\/DSC_9369-350x526.jpg 350w, https:\/\/visualjournalism.de\/wp-content\/uploads\/DSC_9369-300x451.jpg 300w, https:\/\/visualjournalism.de\/wp-content\/uploads\/DSC_9369-150x225.jpg 150w, https:\/\/visualjournalism.de\/wp-content\/uploads\/DSC_9369-scaled.jpg 1703w\"\n                width=\"1400\" \n                height=\"2104\"\n                alt=\"Auf dem Foto ist Karen Altmann, die Projektleiterin von New Work an der Hochschule Hannover zu sehen. Sie hat kurze, hellbraune Haare und schaut mit einem freundlichen Blick in die Kamera. Sie tr\u00e4gt einen schwarzen Blazer und ein apricotfarbenes TShirt. \" \n            \/>\n            \n                            <span class=\"post__image__title\">\u00a9 Karen Altmann<\/span>\n                    <\/div><!-- post__image__container -->\n\n        \n    <\/figure><!-- post__image -->\n\n\n\n<\/div>\n\n\n<div class=\"tableau__column--right\">\n    \n\n<p class=\"post__paragraph is-style-typo--soehne has-spacing--default\"><strong>Wie w\u00fcrdest du New Work definieren?<\/strong><\/p>\n\n\n\n<p class=\"post__paragraph has-spacing--default\">Vor kurzem habe ich auf einer Netzwerkveranstaltung die Definition von Sonia Bytzek geh\u00f6rt, die mir sehr gut gef\u00e4llt: \u00abNew Work ist menschenzentriertes und bed\u00fcrfnisorientiertes Arbeiten\u00bb. Es geht also um den Menschen, nicht darum, schicke B\u00fcrodesigns und tolle Kaffeemaschinen zu haben. Bei New Work geht es vor allem um die Art und Weise, wie wir zusammenarbeiten und miteinander kommunizieren. Kultur und echte Zusammenarbeit sind entscheidend. Die Menschen sollen sich wohlf\u00fchlen und gleichzeitig effizient arbeiten k\u00f6nnen.<\/p>\n\n\n\n<p class=\"post__paragraph is-style-typo--soehne has-spacing--default\"><strong>Die Arbeitswelt untersteht einem st\u00e4ndigen Wandel. Wie spielt New Work in dem Prozess eine Rolle?<\/strong><\/p>\n\n\n\n<p class=\"post__paragraph has-spacing--default\">Vor allem durch Corona hat sich viel ver\u00e4ndert. Viele m\u00f6chten \u00f6rtlich und zeitlich flexibel arbeiten. Gleichzeitig sp\u00fcren wir den Fachkr\u00e4ftemangel, der auch die Hochschule Hannover betrifft. Um gute Mitarbeitende zu gewinnen und zu halten, m\u00fcssen wir attraktiver als Arbeitgeber werden. Ende 2023 hat das Pr\u00e4sidium das Thema New Work aufgenommen. Das Projekt an der Hochschule ist also eine Antwort auf die Entwicklungen innerhalb der Gesellschaft und somit auch innerhalb der Hochschule. Wir b\u00fcndeln bestehende Initiativen und starten neue Ma\u00dfnahmen in den Bereichen \u00abBauliche Struktur &amp; R\u00e4ume\u00bb, \u00abKommunikation &amp; Zusammenarbeit\u00bb sowie \u00abF\u00fchrung\u00bb.<\/p>\n\n\n\n<p class=\"post__paragraph is-style-typo--soehne has-spacing--default\"><strong>Gibt es erste Erfolge?<\/strong><\/p>\n\n\n\n<p class=\"post__paragraph has-spacing--default\">Ein gro\u00dfer Erfolg ist die Projektkommunikation \u00fcber Microsoft Teams. Bisher lief die gesamte digitale Kommunikation per E-Mail, und Mitarbeitende hatten keine M\u00f6glichkeit, digital zu diskutieren oder ihre Ideen einzubringen. Jetzt k\u00f6nnen sie das, und das f\u00f6rdert den Austausch ungemein. Momentan haben wir etwa 170 Mitglieder im Teams-Kanal, und wir hoffen, dass noch mehr dazu kommen. Es ist ein kleiner, aber erster Schritt hin zu einer offeneren Kommunikationskultur.<\/p>\n\n\n\n<p class=\"post__paragraph is-style-typo--soehne has-spacing--default\"><strong>Welche Trends beobachtest du?<\/strong><\/p>\n\n\n\n<p class=\"post__paragraph has-spacing--default\">Flexibilit\u00e4t und Selbstbestimmung sind zentrale Trends, ebenso wie die &nbsp;Automatisierung von Routinet\u00e4tigkeiten. Dadurch entf\u00e4llt einiges an wiederkehrender \u00abVerwaltung\u00bb, und es bleibt mehr Zeit f\u00fcr kreative und kooperative Aufgaben. Das macht New Work auch f\u00fcr Hochschulen besonders spannend, weil sich die Arbeitsweise hin zu projektbasiertem Arbeiten verschiebt. &nbsp;<\/p>\n\n\n\n<p class=\"post__paragraph is-style-typo--soehne has-spacing--default\"><strong>Was motiviert dich pers\u00f6nlich an deiner Arbeit?<\/strong><\/p>\n\n\n\n<p class=\"post__paragraph has-spacing--none\">Ich liebe es in Netzwerken zu arbeiten. Gemeinsam schafft man mehr und jeder Mensch bringt unterschiedliche Perspektiven, Erfahrung und Expertise mit. Ich habe mich in vielen Einzelgespr\u00e4chen schon mit vielen Personen an der Hochschule ausgetauscht. \u00dcber Standorte, Arbeitsbereiche und Hierarchiestufen hinweg. Dabei habe ich so viele aufgeschlossene und motivierte Menschen getroffen, die alle das gleiche wollen: besser arbeiten und sich an der HsH wohlf\u00fchlen. Das motiviert und best\u00e4rkt mich sehr! &nbsp;<\/p>\n\n\n<\/div>\n<\/div><\/div>\n\n\n\n<div class=\"wp-block-group has-spacing--default has-spacing--default\">\n<div class=\"devider has-spacing--none\">\n    <hr>\n<\/div>\n\n\n \n\n    <div id=\"lead-in-block_104163190dc032d711c8bedea33f31b1\" class=\"block-lead-in typo--default font-size--xl has-spacing--s width--default\">\n        <p><strong>Empfehlungen der Redaktion:<\/strong><\/p>\n    <\/div>\n\n\n\n\r\n\r\n\r\n\n\n\r\n\r\n\r\n\r\n        <div class=\"teaser-grid grid-layout--3col has-spacing--s width--inline\">\r\n\r\n            \r\n                <article class=\"post-teaser\">\r\n\r\n                    <a href=\"https:\/\/visualjournalism.de\/en\/magazine\/sammeln\/stress-im-alltag-atmen-trotz-allem\/\" rel=\"permalink\">\r\n\r\n                        <div class=\"post-teaser__content\">\r\n\r\n                            <span class=\"entry-categories\">Sammeln<\/span>\r\n                            <h3 class=\"post-teaser__headline\">\r\n                                Atmen trotz allem                            <\/h3>\r\n\r\n                            <div class=\"post-teaser__excerpt\">\r\n                                <p>Die Welt wird lauter, die Jugend ersch\u00f6pfter \u2013 und Selbstf\u00fcrsorge zum Privileg. Wo junge Menschen heute noch Kraft finden.<\/p>\r\n                            <\/div>\r\n\r\n                        <\/div><!-- .post-teaser__content -->\r\n\r\n\r\n                        \r\n                            <figure class=\"post-teaser__image\">\r\n                                <img loading=\"lazy\" decoding=\"async\"  \r\n                                    src=\"https:\/\/visualjournalism.de\/wp-content\/uploads\/Yael-Wagner00002-768x512.jpg\" \r\n                                    srcset=\"https:\/\/visualjournalism.de\/wp-content\/uploads\/Yael-Wagner00002-768x512.jpg 768w, https:\/\/visualjournalism.de\/wp-content\/uploads\/Yael-Wagner00002-300x200.jpg 300w, https:\/\/visualjournalism.de\/wp-content\/uploads\/Yael-Wagner00002-1024x683.jpg 1024w, https:\/\/visualjournalism.de\/wp-content\/uploads\/Yael-Wagner00002-1536x1024.jpg 1536w, https:\/\/visualjournalism.de\/wp-content\/uploads\/Yael-Wagner00002-2048x1365.jpg 2048w, https:\/\/visualjournalism.de\/wp-content\/uploads\/Yael-Wagner00002-1920x1280.jpg 1920w, https:\/\/visualjournalism.de\/wp-content\/uploads\/Yael-Wagner00002-1400x933.jpg 1400w, https:\/\/visualjournalism.de\/wp-content\/uploads\/Yael-Wagner00002-1050x700.jpg 1050w, https:\/\/visualjournalism.de\/wp-content\/uploads\/Yael-Wagner00002-670x447.jpg 670w, https:\/\/visualjournalism.de\/wp-content\/uploads\/Yael-Wagner00002-420x280.jpg 420w, https:\/\/visualjournalism.de\/wp-content\/uploads\/Yael-Wagner00002-350x233.jpg 350w, https:\/\/visualjournalism.de\/wp-content\/uploads\/Yael-Wagner00002-150x100.jpg 150w\" \r\n                                    width=\"768\"  \r\n                                    height=\"512\" \r\n                                    alt=\"\"\r\n                                \/>\r\n                            <\/figure>\r\n\r\n                        \r\n                    \r\n                    <\/a>\r\n\r\n                <\/article><!--- .post-teaser-->\r\n\r\n            \r\n                <article class=\"post-teaser\">\r\n\r\n                    <a href=\"https:\/\/visualjournalism.de\/en\/magazine\/sammeln\/was-bleibt-atommuell-in-der-asse-ii\/\" rel=\"permalink\">\r\n\r\n                        <div class=\"post-teaser__content\">\r\n\r\n                            <span class=\"entry-categories\">Sammeln<\/span>\r\n                            <h3 class=\"post-teaser__headline\">\r\n                                Was bleibt                            <\/h3>\r\n\r\n                            <div class=\"post-teaser__excerpt\">\r\n                                <p>In der Asse II lagert Atomm\u00fcll \u2013 achtlos versenkt, kaum gesichert. Nun dringt Wasser ein. Die Region wartet seit Jahrzehnten auf Antworten. Und das Land auf ein Endlager.<\/p>\r\n                            <\/div>\r\n\r\n                        <\/div><!-- .post-teaser__content -->\r\n\r\n\r\n                        \r\n                            <figure class=\"post-teaser__image\">\r\n                                <img loading=\"lazy\" decoding=\"async\"  \r\n                                    src=\"https:\/\/visualjournalism.de\/wp-content\/uploads\/2026\/02\/Walter-Lehmann_The-Danger-Within_10-768x318.jpg\" \r\n                                    srcset=\"https:\/\/visualjournalism.de\/wp-content\/uploads\/2026\/02\/Walter-Lehmann_The-Danger-Within_10-768x318.jpg 768w, https:\/\/visualjournalism.de\/wp-content\/uploads\/2026\/02\/Walter-Lehmann_The-Danger-Within_10-300x124.jpg 300w, https:\/\/visualjournalism.de\/wp-content\/uploads\/2026\/02\/Walter-Lehmann_The-Danger-Within_10-1024x424.jpg 1024w, https:\/\/visualjournalism.de\/wp-content\/uploads\/2026\/02\/Walter-Lehmann_The-Danger-Within_10-1536x636.jpg 1536w, https:\/\/visualjournalism.de\/wp-content\/uploads\/2026\/02\/Walter-Lehmann_The-Danger-Within_10-2048x847.jpg 2048w, https:\/\/visualjournalism.de\/wp-content\/uploads\/2026\/02\/Walter-Lehmann_The-Danger-Within_10-1920x794.jpg 1920w, https:\/\/visualjournalism.de\/wp-content\/uploads\/2026\/02\/Walter-Lehmann_The-Danger-Within_10-1400x579.jpg 1400w, https:\/\/visualjournalism.de\/wp-content\/uploads\/2026\/02\/Walter-Lehmann_The-Danger-Within_10-1050x434.jpg 1050w, https:\/\/visualjournalism.de\/wp-content\/uploads\/2026\/02\/Walter-Lehmann_The-Danger-Within_10-670x277.jpg 670w, https:\/\/visualjournalism.de\/wp-content\/uploads\/2026\/02\/Walter-Lehmann_The-Danger-Within_10-420x174.jpg 420w, https:\/\/visualjournalism.de\/wp-content\/uploads\/2026\/02\/Walter-Lehmann_The-Danger-Within_10-350x145.jpg 350w, https:\/\/visualjournalism.de\/wp-content\/uploads\/2026\/02\/Walter-Lehmann_The-Danger-Within_10-150x62.jpg 150w\" \r\n                                    width=\"768\"  \r\n                                    height=\"318\" \r\n                                    alt=\"\"\r\n                                \/>\r\n                            <\/figure>\r\n\r\n                        \r\n                    \r\n                    <\/a>\r\n\r\n                <\/article><!--- .post-teaser-->\r\n\r\n            \r\n                <article class=\"post-teaser\">\r\n\r\n                    <a href=\"https:\/\/visualjournalism.de\/en\/magazine\/ratgeber\/hannover-deshalb-lohnt-sich-ein-studium-hier\/\" rel=\"permalink\">\r\n\r\n                        <div class=\"post-teaser__content\">\r\n\r\n                            <span class=\"entry-categories\">Ratgeber<\/span>\r\n                            <h3 class=\"post-teaser__headline\">\r\n                                Hannover aufregend unaufgeregt.                            <\/h3>\r\n\r\n                            <div class=\"post-teaser__excerpt\">\r\n                                <p>In diesem Kommentar erf\u00e4hrst du, warum sich ein Studium in Hannover f\u00fcr dich lohnt und wie der beste Start in Niedersachsens Landeshauptstadt gelingen kann.<\/p>\r\n                            <\/div>\r\n\r\n                        <\/div><!-- .post-teaser__content -->\r\n\r\n\r\n                        \r\n                            <figure class=\"post-teaser__image\">\r\n                                <img loading=\"lazy\" decoding=\"async\"  \r\n                                    src=\"https:\/\/visualjournalism.de\/wp-content\/uploads\/2025\/02\/hannover_unaufgeregt_aufgeregt-2-768x491.jpg\" \r\n                                    srcset=\"https:\/\/visualjournalism.de\/wp-content\/uploads\/2025\/02\/hannover_unaufgeregt_aufgeregt-2-768x491.jpg 768w, https:\/\/visualjournalism.de\/wp-content\/uploads\/2025\/02\/hannover_unaufgeregt_aufgeregt-2-300x192.jpg 300w, https:\/\/visualjournalism.de\/wp-content\/uploads\/2025\/02\/hannover_unaufgeregt_aufgeregt-2-1024x655.jpg 1024w, https:\/\/visualjournalism.de\/wp-content\/uploads\/2025\/02\/hannover_unaufgeregt_aufgeregt-2-1536x982.jpg 1536w, https:\/\/visualjournalism.de\/wp-content\/uploads\/2025\/02\/hannover_unaufgeregt_aufgeregt-2-2048x1310.jpg 2048w, https:\/\/visualjournalism.de\/wp-content\/uploads\/2025\/02\/hannover_unaufgeregt_aufgeregt-2-1920x1228.jpg 1920w, https:\/\/visualjournalism.de\/wp-content\/uploads\/2025\/02\/hannover_unaufgeregt_aufgeregt-2-1400x895.jpg 1400w, https:\/\/visualjournalism.de\/wp-content\/uploads\/2025\/02\/hannover_unaufgeregt_aufgeregt-2-1050x671.jpg 1050w, https:\/\/visualjournalism.de\/wp-content\/uploads\/2025\/02\/hannover_unaufgeregt_aufgeregt-2-670x428.jpg 670w, https:\/\/visualjournalism.de\/wp-content\/uploads\/2025\/02\/hannover_unaufgeregt_aufgeregt-2-420x269.jpg 420w, https:\/\/visualjournalism.de\/wp-content\/uploads\/2025\/02\/hannover_unaufgeregt_aufgeregt-2-350x224.jpg 350w, https:\/\/visualjournalism.de\/wp-content\/uploads\/2025\/02\/hannover_unaufgeregt_aufgeregt-2-150x96.jpg 150w\" \r\n                                    width=\"768\"  \r\n                                    height=\"491\" \r\n                                    alt=\"\"\r\n                                \/>\r\n                            <\/figure>\r\n\r\n                        \r\n                    \r\n                    <\/a>\r\n\r\n                <\/article><!--- .post-teaser-->\r\n\r\n            \r\n        <\/div><!-- .teaser-grid -->\r\n\r\n\n\n\r\n\r\n\r\n\n\n\n    <div class=\"btn-wrapper has-spacing--m\">\n        <a class=\"btn\" href=\"https:\/\/visualjournalism.de\/magazin\/\" target=\"_blank\">ZUR MAGAZIN-STARTSEITE<\/a>\n    <\/div>\n<\/div>\n\n\n\n<p class=\"post__paragraph has-spacing--default\"><\/p>\n","protected":false},"author":100,"featured_media":54762,"template":"","tags":[],"magazinkategorie":[191],"class_list":["post-59260","magazin","type-magazin","status-publish","has-post-thumbnail","hentry","magazinkategorie-arbeit"],"acf":[],"yoast_head":"<!-- This site is optimized with the Yoast SEO Premium plugin v27.3 (Yoast SEO v27.3) - https:\/\/yoast.com\/product\/yoast-seo-premium-wordpress\/ -->\n<title>Der Philosoph, der die B\u00fcros leerte<\/title>\n<meta name=\"description\" content=\"New Work entstand nicht mit Corona, sondern aus der radikalen Vision eines Denkers der 1980er-Jahre. Seine Ideen sind heute aktueller denn je.\" \/>\n<meta name=\"robots\" content=\"index, follow, max-snippet:-1, max-image-preview:large, max-video-preview:-1\" \/>\n<link rel=\"canonical\" href=\"https:\/\/visualjournalism.de\/en\/magazine\/arbeit\/der-philosoph-der-die-bueros-leerte\/\" \/>\n<meta property=\"og:locale\" content=\"en_US\" \/>\n<meta property=\"og:type\" content=\"article\" \/>\n<meta property=\"og:title\" content=\"Der Philosoph, der die B\u00fcros leerte\" \/>\n<meta property=\"og:description\" content=\"New Work entstand nicht mit Corona, sondern aus der radikalen Vision eines Denkers der 1980er-Jahre. Seine Ideen sind heute aktueller denn je.\" \/>\n<meta property=\"og:url\" content=\"https:\/\/visualjournalism.de\/en\/magazine\/arbeit\/der-philosoph-der-die-bueros-leerte\/\" \/>\n<meta property=\"og:site_name\" content=\"Visual Journalism and Documentary Photography\" \/>\n<meta property=\"article:publisher\" content=\"https:\/\/www.facebook.com\/people\/wwwfotostudentende\/100065173703897\/\" \/>\n<meta property=\"article:modified_time\" content=\"2025-04-23T06:24:25+00:00\" \/>\n<meta property=\"og:image\" content=\"https:\/\/visualjournalism.de\/wp-content\/uploads\/DSC08367-scaled.jpg\" \/>\n\t<meta property=\"og:image:width\" content=\"2560\" \/>\n\t<meta property=\"og:image:height\" content=\"1440\" \/>\n\t<meta property=\"og:image:type\" content=\"image\/jpeg\" \/>\n<meta name=\"twitter:card\" content=\"summary_large_image\" \/>\n<meta name=\"twitter:site\" content=\"@HsHannover\" \/>\n<meta name=\"twitter:label1\" content=\"Est. reading time\" \/>\n\t<meta name=\"twitter:data1\" content=\"6 minutes\" \/>\n<script type=\"application\/ld+json\" class=\"yoast-schema-graph\">{\"@context\":\"https:\\\/\\\/schema.org\",\"@graph\":[{\"@type\":\"WebPage\",\"@id\":\"https:\\\/\\\/visualjournalism.de\\\/en\\\/magazine\\\/arbeit\\\/der-philosoph-der-die-bueros-leerte\\\/\",\"url\":\"https:\\\/\\\/visualjournalism.de\\\/en\\\/magazine\\\/arbeit\\\/der-philosoph-der-die-bueros-leerte\\\/\",\"name\":\"Der Philosoph, der die B\u00fcros leerte\",\"isPartOf\":{\"@id\":\"https:\\\/\\\/visualjournalism.de\\\/en\\\/#website\"},\"primaryImageOfPage\":{\"@id\":\"https:\\\/\\\/visualjournalism.de\\\/en\\\/magazine\\\/arbeit\\\/der-philosoph-der-die-bueros-leerte\\\/#primaryimage\"},\"image\":{\"@id\":\"https:\\\/\\\/visualjournalism.de\\\/en\\\/magazine\\\/arbeit\\\/der-philosoph-der-die-bueros-leerte\\\/#primaryimage\"},\"thumbnailUrl\":\"https:\\\/\\\/visualjournalism.de\\\/wp-content\\\/uploads\\\/DSC08367-scaled.jpg\",\"datePublished\":\"2025-04-12T06:47:34+00:00\",\"dateModified\":\"2025-04-23T06:24:25+00:00\",\"description\":\"New Work entstand nicht mit Corona, sondern aus der radikalen Vision eines Denkers der 1980er-Jahre. Seine Ideen sind heute aktueller denn je.\",\"breadcrumb\":{\"@id\":\"https:\\\/\\\/visualjournalism.de\\\/en\\\/magazine\\\/arbeit\\\/der-philosoph-der-die-bueros-leerte\\\/#breadcrumb\"},\"inLanguage\":\"en-US\",\"potentialAction\":[{\"@type\":\"ReadAction\",\"target\":[\"https:\\\/\\\/visualjournalism.de\\\/en\\\/magazine\\\/arbeit\\\/der-philosoph-der-die-bueros-leerte\\\/\"]}]},{\"@type\":\"ImageObject\",\"inLanguage\":\"en-US\",\"@id\":\"https:\\\/\\\/visualjournalism.de\\\/en\\\/magazine\\\/arbeit\\\/der-philosoph-der-die-bueros-leerte\\\/#primaryimage\",\"url\":\"https:\\\/\\\/visualjournalism.de\\\/wp-content\\\/uploads\\\/DSC08367-scaled.jpg\",\"contentUrl\":\"https:\\\/\\\/visualjournalism.de\\\/wp-content\\\/uploads\\\/DSC08367-scaled.jpg\",\"width\":2560,\"height\":1440,\"caption\":\"Ein junger Mann mit hellbraunen Locken sitzt auf einem Klappstuhl. Der Hintergrund ist leuchtend orange. Er tr\u00e4gt einen weinroten Pullover, darunter ein hellblaues Hemd. Er tr\u00e4gt keine richtige Hose, aber bunte Socken mit Comic-Motiv. Seine Beine hat er \u00fcberschlagen. Neben ihm steht ein wei\u00dfer dreibeiniger Couchtisch, auf dem ein grauer Blumentopf mit einer Pflanze und eine rosa Tasse stehen. Er schaut konzentriert auf seinen Laptop auf seinem Scho\u00df. In seinen Ohren hat er Bluetooth-Kopfh\u00f6rer.\"},{\"@type\":\"BreadcrumbList\",\"@id\":\"https:\\\/\\\/visualjournalism.de\\\/en\\\/magazine\\\/arbeit\\\/der-philosoph-der-die-bueros-leerte\\\/#breadcrumb\",\"itemListElement\":[{\"@type\":\"ListItem\",\"position\":1,\"name\":\"Home\",\"item\":\"https:\\\/\\\/visualjournalism.de\\\/en\\\/\"},{\"@type\":\"ListItem\",\"position\":2,\"name\":\"Magazin\",\"item\":\"https:\\\/\\\/visualjournalism.de\\\/en\\\/magazine\\\/\"},{\"@type\":\"ListItem\",\"position\":3,\"name\":\"Der Philosoph, der die B\u00fcros leerte\"}]},{\"@type\":\"WebSite\",\"@id\":\"https:\\\/\\\/visualjournalism.de\\\/en\\\/#website\",\"url\":\"https:\\\/\\\/visualjournalism.de\\\/en\\\/\",\"name\":\"Visual Journalism and Documentary Photography\",\"description\":\"All about the bilingual bachelor&#039;s program at Hannover University of Applied Sciences and Arts.\",\"publisher\":{\"@id\":\"https:\\\/\\\/visualjournalism.de\\\/en\\\/#organization\"},\"alternateName\":\"visualjournalism.de\",\"potentialAction\":[{\"@type\":\"SearchAction\",\"target\":{\"@type\":\"EntryPoint\",\"urlTemplate\":\"https:\\\/\\\/visualjournalism.de\\\/en\\\/?s={search_term_string}\"},\"query-input\":{\"@type\":\"PropertyValueSpecification\",\"valueRequired\":true,\"valueName\":\"search_term_string\"}}],\"inLanguage\":\"en-US\"},{\"@type\":\"Organization\",\"@id\":\"https:\\\/\\\/visualjournalism.de\\\/en\\\/#organization\",\"name\":\"Hochschule Hannover \u2013 University of Applied Sciences and Arts\",\"alternateName\":\"HsH\",\"url\":\"https:\\\/\\\/visualjournalism.de\\\/en\\\/\",\"logo\":{\"@type\":\"ImageObject\",\"inLanguage\":\"en-US\",\"@id\":\"https:\\\/\\\/visualjournalism.de\\\/en\\\/#\\\/schema\\\/logo\\\/image\\\/\",\"url\":\"https:\\\/\\\/visualjournalism.de\\\/wp-content\\\/uploads\\\/logo-hochschule-hannover.png\",\"contentUrl\":\"https:\\\/\\\/visualjournalism.de\\\/wp-content\\\/uploads\\\/logo-hochschule-hannover.png\",\"width\":363,\"height\":270,\"caption\":\"Hochschule Hannover \u2013 University of Applied Sciences and Arts\"},\"image\":{\"@id\":\"https:\\\/\\\/visualjournalism.de\\\/en\\\/#\\\/schema\\\/logo\\\/image\\\/\"},\"sameAs\":[\"https:\\\/\\\/www.facebook.com\\\/people\\\/wwwfotostudentende\\\/100065173703897\\\/\",\"https:\\\/\\\/x.com\\\/HsHannover\",\"https:\\\/\\\/www.instagram.com\\\/visualjournalism.de\\\/\"]}]}<\/script>\n<!-- \/ Yoast SEO Premium plugin. -->","yoast_head_json":{"title":"Der Philosoph, der die B\u00fcros leerte","description":"New Work entstand nicht mit Corona, sondern aus der radikalen Vision eines Denkers der 1980er-Jahre. Seine Ideen sind heute aktueller denn je.","robots":{"index":"index","follow":"follow","max-snippet":"max-snippet:-1","max-image-preview":"max-image-preview:large","max-video-preview":"max-video-preview:-1"},"canonical":"https:\/\/visualjournalism.de\/en\/magazine\/arbeit\/der-philosoph-der-die-bueros-leerte\/","og_locale":"en_US","og_type":"article","og_title":"Der Philosoph, der die B\u00fcros leerte","og_description":"New Work entstand nicht mit Corona, sondern aus der radikalen Vision eines Denkers der 1980er-Jahre. Seine Ideen sind heute aktueller denn je.","og_url":"https:\/\/visualjournalism.de\/en\/magazine\/arbeit\/der-philosoph-der-die-bueros-leerte\/","og_site_name":"Visual Journalism and Documentary Photography","article_publisher":"https:\/\/www.facebook.com\/people\/wwwfotostudentende\/100065173703897\/","article_modified_time":"2025-04-23T06:24:25+00:00","og_image":[{"width":2560,"height":1440,"url":"https:\/\/visualjournalism.de\/wp-content\/uploads\/DSC08367-scaled.jpg","type":"image\/jpeg"}],"twitter_card":"summary_large_image","twitter_site":"@HsHannover","twitter_misc":{"Est. reading time":"6 minutes"},"schema":{"@context":"https:\/\/schema.org","@graph":[{"@type":"WebPage","@id":"https:\/\/visualjournalism.de\/en\/magazine\/arbeit\/der-philosoph-der-die-bueros-leerte\/","url":"https:\/\/visualjournalism.de\/en\/magazine\/arbeit\/der-philosoph-der-die-bueros-leerte\/","name":"Der Philosoph, der die B\u00fcros leerte","isPartOf":{"@id":"https:\/\/visualjournalism.de\/en\/#website"},"primaryImageOfPage":{"@id":"https:\/\/visualjournalism.de\/en\/magazine\/arbeit\/der-philosoph-der-die-bueros-leerte\/#primaryimage"},"image":{"@id":"https:\/\/visualjournalism.de\/en\/magazine\/arbeit\/der-philosoph-der-die-bueros-leerte\/#primaryimage"},"thumbnailUrl":"https:\/\/visualjournalism.de\/wp-content\/uploads\/DSC08367-scaled.jpg","datePublished":"2025-04-12T06:47:34+00:00","dateModified":"2025-04-23T06:24:25+00:00","description":"New Work entstand nicht mit Corona, sondern aus der radikalen Vision eines Denkers der 1980er-Jahre. Seine Ideen sind heute aktueller denn je.","breadcrumb":{"@id":"https:\/\/visualjournalism.de\/en\/magazine\/arbeit\/der-philosoph-der-die-bueros-leerte\/#breadcrumb"},"inLanguage":"en-US","potentialAction":[{"@type":"ReadAction","target":["https:\/\/visualjournalism.de\/en\/magazine\/arbeit\/der-philosoph-der-die-bueros-leerte\/"]}]},{"@type":"ImageObject","inLanguage":"en-US","@id":"https:\/\/visualjournalism.de\/en\/magazine\/arbeit\/der-philosoph-der-die-bueros-leerte\/#primaryimage","url":"https:\/\/visualjournalism.de\/wp-content\/uploads\/DSC08367-scaled.jpg","contentUrl":"https:\/\/visualjournalism.de\/wp-content\/uploads\/DSC08367-scaled.jpg","width":2560,"height":1440,"caption":"Ein junger Mann mit hellbraunen Locken sitzt auf einem Klappstuhl. Der Hintergrund ist leuchtend orange. Er tr\u00e4gt einen weinroten Pullover, darunter ein hellblaues Hemd. Er tr\u00e4gt keine richtige Hose, aber bunte Socken mit Comic-Motiv. Seine Beine hat er \u00fcberschlagen. Neben ihm steht ein wei\u00dfer dreibeiniger Couchtisch, auf dem ein grauer Blumentopf mit einer Pflanze und eine rosa Tasse stehen. Er schaut konzentriert auf seinen Laptop auf seinem Scho\u00df. In seinen Ohren hat er Bluetooth-Kopfh\u00f6rer."},{"@type":"BreadcrumbList","@id":"https:\/\/visualjournalism.de\/en\/magazine\/arbeit\/der-philosoph-der-die-bueros-leerte\/#breadcrumb","itemListElement":[{"@type":"ListItem","position":1,"name":"Home","item":"https:\/\/visualjournalism.de\/en\/"},{"@type":"ListItem","position":2,"name":"Magazin","item":"https:\/\/visualjournalism.de\/en\/magazine\/"},{"@type":"ListItem","position":3,"name":"Der Philosoph, der die B\u00fcros leerte"}]},{"@type":"WebSite","@id":"https:\/\/visualjournalism.de\/en\/#website","url":"https:\/\/visualjournalism.de\/en\/","name":"Visual Journalism and Documentary Photography","description":"All about the bilingual bachelor&#039;s program at Hannover University of Applied Sciences and Arts.","publisher":{"@id":"https:\/\/visualjournalism.de\/en\/#organization"},"alternateName":"visualjournalism.de","potentialAction":[{"@type":"SearchAction","target":{"@type":"EntryPoint","urlTemplate":"https:\/\/visualjournalism.de\/en\/?s={search_term_string}"},"query-input":{"@type":"PropertyValueSpecification","valueRequired":true,"valueName":"search_term_string"}}],"inLanguage":"en-US"},{"@type":"Organization","@id":"https:\/\/visualjournalism.de\/en\/#organization","name":"Hochschule Hannover \u2013 University of Applied Sciences and Arts","alternateName":"HsH","url":"https:\/\/visualjournalism.de\/en\/","logo":{"@type":"ImageObject","inLanguage":"en-US","@id":"https:\/\/visualjournalism.de\/en\/#\/schema\/logo\/image\/","url":"https:\/\/visualjournalism.de\/wp-content\/uploads\/logo-hochschule-hannover.png","contentUrl":"https:\/\/visualjournalism.de\/wp-content\/uploads\/logo-hochschule-hannover.png","width":363,"height":270,"caption":"Hochschule Hannover \u2013 University of Applied Sciences and Arts"},"image":{"@id":"https:\/\/visualjournalism.de\/en\/#\/schema\/logo\/image\/"},"sameAs":["https:\/\/www.facebook.com\/people\/wwwfotostudentende\/100065173703897\/","https:\/\/x.com\/HsHannover","https:\/\/www.instagram.com\/visualjournalism.de\/"]}]}},"_links":{"self":[{"href":"https:\/\/visualjournalism.de\/en\/wp-json\/wp\/v2\/magazin\/59260","targetHints":{"allow":["GET"]}}],"collection":[{"href":"https:\/\/visualjournalism.de\/en\/wp-json\/wp\/v2\/magazin"}],"about":[{"href":"https:\/\/visualjournalism.de\/en\/wp-json\/wp\/v2\/types\/magazin"}],"author":[{"embeddable":true,"href":"https:\/\/visualjournalism.de\/en\/wp-json\/wp\/v2\/users\/100"}],"version-history":[{"count":0,"href":"https:\/\/visualjournalism.de\/en\/wp-json\/wp\/v2\/magazin\/59260\/revisions"}],"wp:featuredmedia":[{"embeddable":true,"href":"https:\/\/visualjournalism.de\/en\/wp-json\/wp\/v2\/media\/54762"}],"wp:attachment":[{"href":"https:\/\/visualjournalism.de\/en\/wp-json\/wp\/v2\/media?parent=59260"}],"wp:term":[{"taxonomy":"post_tag","embeddable":true,"href":"https:\/\/visualjournalism.de\/en\/wp-json\/wp\/v2\/tags?post=59260"},{"taxonomy":"magazinkategorie","embeddable":true,"href":"https:\/\/visualjournalism.de\/en\/wp-json\/wp\/v2\/magazinkategorie?post=59260"}],"curies":[{"name":"wp","href":"https:\/\/api.w.org\/{rel}","templated":true}]}}