{"id":59597,"date":"2025-10-22T12:42:35","date_gmt":"2025-10-22T10:42:35","guid":{"rendered":"https:\/\/visualjournalism.de\/?post_type=magazin&#038;p=59597"},"modified":"2025-11-03T17:06:40","modified_gmt":"2025-11-03T15:06:40","slug":"leben-im-aussteiger-modus","status":"publish","type":"magazin","link":"https:\/\/visualjournalism.de\/en\/magazine\/was-uns-haelt\/leben-im-aussteiger-modus\/","title":{"rendered":"Leben im Aussteiger-Modus"},"content":{"rendered":"\r\n<div class=\"cover--lead-in has-spacing--m\">\r\n\r\n    \r\n    <div class=\"cover--lead-in__content typo--tiempos\">\r\n\r\n        <div class=\"entry-categories\">\n\t<a class=\"post__tag\" href=\"https:\/\/visualjournalism.de\/magazin-kategorie\/was-uns-haelt\/\" rel=\"category tag\">Was uns h\u00e4lt<\/a><\/div>\r\n        <h2 class=\"cover--lead-in__headline \">\r\n            Leben im Aussteiger-Modus        <\/h2>\r\n\r\n                    <div class=\"cover--lead-in__text\">\r\n                <p>Fr\u00fchst\u00fcck am Holzofen, Wasser aus der Pflanzenkl\u00e4ranlage: In einer kleinen Kommune in Mecklenburg-Vorpommern setzen die Bewohner*innen auf Freiheit statt Komfort. Wie alltagstauglich ist dieses Leben?<br \/>\n<strong>Von<a href=\"https:\/\/visualjournalism.de\/en\/jule-schlutter\/\" target=\"_blank\" rel=\"noopener\"> Jux (Jule) Schlutter<\/a> (Fotos) und<a href=\"https:\/\/visualjournalism.de\/en\/calvin-thomas\/\" target=\"_blank\" rel=\"noopener\"> Calvin Thomas<\/a> (Text)<\/strong><\/p>\n            <\/div>\r\n        \r\n                    <div class=\"cover--lead-in__author\">\r\n                \r\n                    \r\n                            <figure class=\"cover--lead-in__author__image\">\r\n\r\n                                                                    <a href=\"https:\/\/visualjournalism.de\/jule-schlutter\/\" target=\"\">\r\n                                \r\n                                <img loading=\"lazy\" decoding=\"async\"\r\n                                    src=\"https:\/\/visualjournalism.de\/wp-content\/uploads\/jule-schlutter-klein-68x68.jpg\"\r\n                                    srcset=\"https:\/\/visualjournalism.de\/wp-content\/uploads\/jule-schlutter-klein-68x68.jpg 68w, https:\/\/visualjournalism.de\/wp-content\/uploads\/jule-schlutter-klein-52x52.jpg 52w, https:\/\/visualjournalism.de\/wp-content\/uploads\/jule-schlutter-klein-96x96.jpg 96w, https:\/\/visualjournalism.de\/wp-content\/uploads\/jule-schlutter-klein.jpg 100w\"\r\n                                    width=\"68\"\r\n                                    height=\"68\"\r\n                                    alt=\"\"\r\n                                \/>\r\n\r\n                                                                    <\/a>\r\n                                \r\n                            <\/figure>\r\n\r\n                        \r\n                    \r\n                            <figure class=\"cover--lead-in__author__image\">\r\n\r\n                                                                    <a href=\"https:\/\/visualjournalism.de\/calvin-thomas\/\" target=\"\">\r\n                                \r\n                                <img loading=\"lazy\" decoding=\"async\"\r\n                                    src=\"https:\/\/visualjournalism.de\/wp-content\/uploads\/calvin-thomas-klein-68x68.jpg\"\r\n                                    srcset=\"https:\/\/visualjournalism.de\/wp-content\/uploads\/calvin-thomas-klein-68x68.jpg 68w, https:\/\/visualjournalism.de\/wp-content\/uploads\/calvin-thomas-klein-52x52.jpg 52w, https:\/\/visualjournalism.de\/wp-content\/uploads\/calvin-thomas-klein-96x96.jpg 96w, https:\/\/visualjournalism.de\/wp-content\/uploads\/calvin-thomas-klein.jpg 100w\"\r\n                                    width=\"68\"\r\n                                    height=\"68\"\r\n                                    alt=\"\"\r\n                                \/>\r\n\r\n                                                                    <\/a>\r\n                                \r\n                            <\/figure>\r\n\r\n                                    <\/div><!-- .cover--lead-in__author -->\r\n        \r\n    <\/div><!-- .cover--lead-in__content -->\r\n\r\n    \r\n        <figure class=\"cover--lead-in__image cover--lead-in__media cover--lead-in__media--image\">\r\n            <img loading=\"lazy\" decoding=\"async\"\r\n                src=\"https:\/\/visualjournalism.de\/wp-content\/uploads\/14_Schlutter_Jule-Sophie-1-1920x1440.jpg\"\r\n                srcset=\"https:\/\/visualjournalism.de\/wp-content\/uploads\/14_Schlutter_Jule-Sophie-1-1920x1440.jpg 1920w, https:\/\/visualjournalism.de\/wp-content\/uploads\/14_Schlutter_Jule-Sophie-1-300x225.jpg 300w, https:\/\/visualjournalism.de\/wp-content\/uploads\/14_Schlutter_Jule-Sophie-1-1024x768.jpg 1024w, https:\/\/visualjournalism.de\/wp-content\/uploads\/14_Schlutter_Jule-Sophie-1-768x576.jpg 768w, https:\/\/visualjournalism.de\/wp-content\/uploads\/14_Schlutter_Jule-Sophie-1-1536x1152.jpg 1536w, https:\/\/visualjournalism.de\/wp-content\/uploads\/14_Schlutter_Jule-Sophie-1-2048x1536.jpg 2048w, https:\/\/visualjournalism.de\/wp-content\/uploads\/14_Schlutter_Jule-Sophie-1-1400x1050.jpg 1400w, https:\/\/visualjournalism.de\/wp-content\/uploads\/14_Schlutter_Jule-Sophie-1-1050x788.jpg 1050w, https:\/\/visualjournalism.de\/wp-content\/uploads\/14_Schlutter_Jule-Sophie-1-670x503.jpg 670w, https:\/\/visualjournalism.de\/wp-content\/uploads\/14_Schlutter_Jule-Sophie-1-420x315.jpg 420w, https:\/\/visualjournalism.de\/wp-content\/uploads\/14_Schlutter_Jule-Sophie-1-350x263.jpg 350w, https:\/\/visualjournalism.de\/wp-content\/uploads\/14_Schlutter_Jule-Sophie-1-150x113.jpg 150w\"\r\n                width=\"1920\"\r\n                height=\"1440\"\r\n                alt=\"\"\r\n                style=\"object-position: 33% 89.78%\"\r\n            \/>\r\n        <\/figure>\r\n\r\n                    <span class=\"cover--lead-in__image-title\">\r\n                Jonne (6) legt die Karten f\u00fcr ein Kartenspiel in der Gemeinschaftsk\u00fcche aus            <\/span>\r\n        \r\n    \r\n<\/div><!-- .cover--lead-in -->\r\n\r\n\n\n\n<p class=\"post__paragraph has-spacing--default\"><strong>Morgens knackt der Ofen<\/strong> und drau\u00dfen gackern H\u00fchner. Auf 18 Hektar Land stehen ein altes Wohnhaus, eine Scheune, Streuobstwiesen, Gew\u00e4chsh\u00e4user, Kleingew\u00e4sser und ein Gem\u00fcsegarten. Seit \u00fcber 30 Jahren probieren Menschen im Ortsteil Zarnekla bei D\u00fcvier, unweit von Loitz in Mecklenburg-Vorpommern, gemeinsam, nachhaltig und frei zu leben.<\/p>\n\n\n\n<p class=\"post__paragraph has-spacing--m\">Die Kommune I.G.E.L. wurde 1991 am heutigen Standort auf einem ehemaligen Gutshof gegr\u00fcndet. Damals bestand sie aus elf Erwachsenen und sieben Kindern. Nur Roland, Mitbegr\u00fcnder der ersten Stunde, ist noch geblieben. Die anderen Mitglieder sind nach und nach weggezogen. Als sie das Grundst\u00fcck gekauft haben, erinnert sich Roland, war \u00abdas Erste, was wir gemacht haben, die Wassertoiletten rauszurei\u00dfen.\u00bb<\/p>\n\n\n \n\n<div class=\"photo-grid grid-layout--2col-2 has-spacing--m\">\n\n            \n\n            <div class=\"photo-grid__image\">\n\n                <figure>\n\n                    <img loading=\"lazy\" decoding=\"async\"  \n                        src=\"https:\/\/visualjournalism.de\/wp-content\/uploads\/03_Schlutter_Jule-Sophie-768x1024.jpg\" \n                        srcset=\"https:\/\/visualjournalism.de\/wp-content\/uploads\/03_Schlutter_Jule-Sophie-768x1024.jpg 768w, https:\/\/visualjournalism.de\/wp-content\/uploads\/03_Schlutter_Jule-Sophie-225x300.jpg 225w, https:\/\/visualjournalism.de\/wp-content\/uploads\/03_Schlutter_Jule-Sophie-1152x1536.jpg 1152w, https:\/\/visualjournalism.de\/wp-content\/uploads\/03_Schlutter_Jule-Sophie-1536x2048.jpg 1536w, https:\/\/visualjournalism.de\/wp-content\/uploads\/03_Schlutter_Jule-Sophie-scaled.jpg 1920w, https:\/\/visualjournalism.de\/wp-content\/uploads\/03_Schlutter_Jule-Sophie-1400x1867.jpg 1400w, https:\/\/visualjournalism.de\/wp-content\/uploads\/03_Schlutter_Jule-Sophie-1050x1400.jpg 1050w, https:\/\/visualjournalism.de\/wp-content\/uploads\/03_Schlutter_Jule-Sophie-670x893.jpg 670w, https:\/\/visualjournalism.de\/wp-content\/uploads\/03_Schlutter_Jule-Sophie-420x560.jpg 420w, https:\/\/visualjournalism.de\/wp-content\/uploads\/03_Schlutter_Jule-Sophie-350x467.jpg 350w, https:\/\/visualjournalism.de\/wp-content\/uploads\/03_Schlutter_Jule-Sophie-300x400.jpg 300w, https:\/\/visualjournalism.de\/wp-content\/uploads\/03_Schlutter_Jule-Sophie-640x853.jpg 640w, https:\/\/visualjournalism.de\/wp-content\/uploads\/03_Schlutter_Jule-Sophie-150x200.jpg 150w\" \n                        width=\"768\"  \n                        height=\"1024\" \n                        alt=\"\"  \n                    \/>\n\n                                            <span class=\"photo-grid__image__title\">Au\u00dfenansicht der Scheune (links) und des Haupt-\/Wohnhauses<\/span>\n                    \n                    \n                <\/figure>\n\n            <\/div><!-- photo-grid__image -->    \n\n\n            \n\n                    \n                \n\n            <div class=\"photo-grid__image\">\n\n                <figure>\n\n                    <img loading=\"lazy\" decoding=\"async\"  \n                        src=\"https:\/\/visualjournalism.de\/wp-content\/uploads\/05_Schlutter_Jule-Sophie-768x576.jpg\" \n                        srcset=\"https:\/\/visualjournalism.de\/wp-content\/uploads\/05_Schlutter_Jule-Sophie-768x576.jpg 768w, https:\/\/visualjournalism.de\/wp-content\/uploads\/05_Schlutter_Jule-Sophie-300x225.jpg 300w, https:\/\/visualjournalism.de\/wp-content\/uploads\/05_Schlutter_Jule-Sophie-1024x768.jpg 1024w, https:\/\/visualjournalism.de\/wp-content\/uploads\/05_Schlutter_Jule-Sophie-1536x1152.jpg 1536w, https:\/\/visualjournalism.de\/wp-content\/uploads\/05_Schlutter_Jule-Sophie-2048x1536.jpg 2048w, https:\/\/visualjournalism.de\/wp-content\/uploads\/05_Schlutter_Jule-Sophie-1920x1440.jpg 1920w, https:\/\/visualjournalism.de\/wp-content\/uploads\/05_Schlutter_Jule-Sophie-1400x1050.jpg 1400w, https:\/\/visualjournalism.de\/wp-content\/uploads\/05_Schlutter_Jule-Sophie-1050x788.jpg 1050w, https:\/\/visualjournalism.de\/wp-content\/uploads\/05_Schlutter_Jule-Sophie-670x503.jpg 670w, https:\/\/visualjournalism.de\/wp-content\/uploads\/05_Schlutter_Jule-Sophie-420x315.jpg 420w, https:\/\/visualjournalism.de\/wp-content\/uploads\/05_Schlutter_Jule-Sophie-350x263.jpg 350w, https:\/\/visualjournalism.de\/wp-content\/uploads\/05_Schlutter_Jule-Sophie-150x113.jpg 150w\" \n                        width=\"768\"  \n                        height=\"576\" \n                        alt=\"\"  \n                    \/>\n\n                                            <span class=\"photo-grid__image__title\">Das Gew\u00e4chshaus im Winter. Im Sommer werden hier die Lebensmittel f\u00fcr das kommende Jahr angebaut<\/span>\n                    \n                    \n                <\/figure>\n\n            <\/div><!-- photo-grid__image -->    \n\n\n            \n\n            \n<\/div>\n\n\n<p class=\"post__paragraph has-spacing--default\">Das Haupthaus stand bereits, wurde jedoch von Grund auf saniert. Die Bewohner*innen erledigten all das in Eigenregie. Der Dachstuhl wurde angehoben, die W\u00e4nde mit Lehm verputzt. Sie bauten einen Sonnenraum in die Scheune, der als Plenarraum dient. Zwar gibt es dort eine Wasserzufuhr, doch keine Abwasserleitungen. Die Pflanzenkl\u00e4ranlage bereitet das Wasser wieder auf. Die Trockentrenn-Toiletten befinden sich au\u00dferhalb des Hauses. Die Menschen bereiten die Ausscheidungen zu nat\u00fcrlichem D\u00fcnger auf oder sammeln sie f\u00fcr politische Aktionen.<\/p>\n\n\n\n<p class=\"post__paragraph has-spacing--default\">Alle Bewohner*innen leben vegan und ern\u00e4hren sich gr\u00f6\u00dftenteils von selbst erzeugten Lebensmitteln. Alle zwei Wochen liefert ein LKW Bio-Waren, die nicht aus eigener Produktion stammen k\u00f6nnen. Insgesamt gilt das Prinzip: so viel wie m\u00f6glich selbst herstellen \u2013 mit den Ressourcen, Kapazit\u00e4ten und Kr\u00e4ften, die sie haben.<\/p>\n\n\n\n<p class=\"post__paragraph has-spacing--m\">Wie sieht der Alltag in der Kommune aus?<\/p>\n\n\n \n\n<div class=\"photo-grid grid-layout--2col-4 has-spacing--m\">\n\n            \n\n            <div class=\"photo-grid__image\">\n\n                <figure>\n\n                    <img loading=\"lazy\" decoding=\"async\"  \n                        src=\"https:\/\/visualjournalism.de\/wp-content\/uploads\/32_Schlutter_Jule-Sophie-768x1024.jpg\" \n                        srcset=\"https:\/\/visualjournalism.de\/wp-content\/uploads\/32_Schlutter_Jule-Sophie-768x1024.jpg 768w, https:\/\/visualjournalism.de\/wp-content\/uploads\/32_Schlutter_Jule-Sophie-225x300.jpg 225w, https:\/\/visualjournalism.de\/wp-content\/uploads\/32_Schlutter_Jule-Sophie-1152x1536.jpg 1152w, https:\/\/visualjournalism.de\/wp-content\/uploads\/32_Schlutter_Jule-Sophie-1536x2048.jpg 1536w, https:\/\/visualjournalism.de\/wp-content\/uploads\/32_Schlutter_Jule-Sophie-scaled.jpg 1920w, https:\/\/visualjournalism.de\/wp-content\/uploads\/32_Schlutter_Jule-Sophie-1400x1867.jpg 1400w, https:\/\/visualjournalism.de\/wp-content\/uploads\/32_Schlutter_Jule-Sophie-1050x1400.jpg 1050w, https:\/\/visualjournalism.de\/wp-content\/uploads\/32_Schlutter_Jule-Sophie-670x893.jpg 670w, https:\/\/visualjournalism.de\/wp-content\/uploads\/32_Schlutter_Jule-Sophie-420x560.jpg 420w, https:\/\/visualjournalism.de\/wp-content\/uploads\/32_Schlutter_Jule-Sophie-350x467.jpg 350w, https:\/\/visualjournalism.de\/wp-content\/uploads\/32_Schlutter_Jule-Sophie-300x400.jpg 300w, https:\/\/visualjournalism.de\/wp-content\/uploads\/32_Schlutter_Jule-Sophie-640x853.jpg 640w, https:\/\/visualjournalism.de\/wp-content\/uploads\/32_Schlutter_Jule-Sophie-150x200.jpg 150w\" \n                        width=\"768\"  \n                        height=\"1024\" \n                        alt=\"\"  \n                    \/>\n\n                                            <span class=\"photo-grid__image__title\">Jonne (6) und Hugo (4) f\u00fcttern die H\u00fchner in ihrem Au\u00dfenbereich<\/span>\n                    \n                    \n                <\/figure>\n\n            <\/div><!-- photo-grid__image -->    \n\n\n            \n\n                    \n                \n\n            <div class=\"photo-grid__image\">\n\n                <figure>\n\n                    <img loading=\"lazy\" decoding=\"async\"  \n                        src=\"https:\/\/visualjournalism.de\/wp-content\/uploads\/27_Schlutter_Jule-Sophie-768x1024.jpg\" \n                        srcset=\"https:\/\/visualjournalism.de\/wp-content\/uploads\/27_Schlutter_Jule-Sophie-768x1024.jpg 768w, https:\/\/visualjournalism.de\/wp-content\/uploads\/27_Schlutter_Jule-Sophie-225x300.jpg 225w, https:\/\/visualjournalism.de\/wp-content\/uploads\/27_Schlutter_Jule-Sophie-1152x1536.jpg 1152w, https:\/\/visualjournalism.de\/wp-content\/uploads\/27_Schlutter_Jule-Sophie-1536x2048.jpg 1536w, https:\/\/visualjournalism.de\/wp-content\/uploads\/27_Schlutter_Jule-Sophie-scaled.jpg 1920w, https:\/\/visualjournalism.de\/wp-content\/uploads\/27_Schlutter_Jule-Sophie-1400x1867.jpg 1400w, https:\/\/visualjournalism.de\/wp-content\/uploads\/27_Schlutter_Jule-Sophie-1050x1400.jpg 1050w, https:\/\/visualjournalism.de\/wp-content\/uploads\/27_Schlutter_Jule-Sophie-670x893.jpg 670w, https:\/\/visualjournalism.de\/wp-content\/uploads\/27_Schlutter_Jule-Sophie-420x560.jpg 420w, https:\/\/visualjournalism.de\/wp-content\/uploads\/27_Schlutter_Jule-Sophie-350x467.jpg 350w, https:\/\/visualjournalism.de\/wp-content\/uploads\/27_Schlutter_Jule-Sophie-300x400.jpg 300w, https:\/\/visualjournalism.de\/wp-content\/uploads\/27_Schlutter_Jule-Sophie-640x853.jpg 640w, https:\/\/visualjournalism.de\/wp-content\/uploads\/27_Schlutter_Jule-Sophie-150x200.jpg 150w\" \n                        width=\"768\"  \n                        height=\"1024\" \n                        alt=\"\"  \n                    \/>\n\n                                            <span class=\"photo-grid__image__title\">Einer der Bauw\u00e4gen auf dem eigenen Wagenplatz.<\/span>\n                    \n                    \n                <\/figure>\n\n            <\/div><!-- photo-grid__image -->    \n\n\n            \n\n            \n<\/div>\n\n\n<p class=\"post__paragraph has-spacing--default\"><strong>Der Tag beginnt<\/strong> mit dem Anheizen der \u00d6fen. Jeder Raum hat entweder einen eigenen oder ist mit einem verbunden, sodass \u00fcberall W\u00e4rme entsteht. In der K\u00fcche wird die K\u00fcchenhexe entfacht und erstes Wasser erhitzt. Wenn am Vortag nicht genug Holz gehackt wurde, passiert das noch vor dem Anheizen. Anschlie\u00dfend holen die Bewohner*innen die H\u00fchner aus dem Stall. Danach gibt es Fr\u00fchst\u00fcck, meist gemeinsam in der K\u00fcche des Haupthauses. Im Anschluss \u00fcbernimmt jede*r eigene Aufgaben. Dazu geh\u00f6ren die Pflege der Geb\u00e4ude und Au\u00dfenfl\u00e4chen oder die Betreuung der Kinder.<\/p>\n\n\n\n<p class=\"post__paragraph has-spacing--default\">Gegen 13 Uhr gibt es Mittagessen. Oft besteht es aus selbstgebackenem Sauerteigbrot mit verschiedenen Aufstrichen. Danach folgt ein kleines t\u00e4gliches Plenum, in dem Aufgaben verteilt werden. Bis zum Abendessen arbeiten die Bewohner*innen an diesen T\u00e4tigkeiten.<\/p>\n\n\n\n<p class=\"post__paragraph has-spacing--default\">Doch wer lebt eigentlich heute in der weitl\u00e4ufigen Kommune?<\/p>\n\n\n \n\n<div class=\"photo-grid grid-layout--tableau has-spacing--m\">\n\n            \n\n            <div class=\"photo-grid__image\">\n\n                <figure>\n\n                    <img loading=\"lazy\" decoding=\"async\"  \n                        src=\"https:\/\/visualjournalism.de\/wp-content\/uploads\/19_Schlutter_Jule-Sophie--768x576.jpg\" \n                        srcset=\"https:\/\/visualjournalism.de\/wp-content\/uploads\/19_Schlutter_Jule-Sophie--768x576.jpg 768w, https:\/\/visualjournalism.de\/wp-content\/uploads\/19_Schlutter_Jule-Sophie--300x225.jpg 300w, https:\/\/visualjournalism.de\/wp-content\/uploads\/19_Schlutter_Jule-Sophie--1024x768.jpg 1024w, https:\/\/visualjournalism.de\/wp-content\/uploads\/19_Schlutter_Jule-Sophie--1536x1152.jpg 1536w, https:\/\/visualjournalism.de\/wp-content\/uploads\/19_Schlutter_Jule-Sophie--2048x1536.jpg 2048w, https:\/\/visualjournalism.de\/wp-content\/uploads\/19_Schlutter_Jule-Sophie--1920x1440.jpg 1920w, https:\/\/visualjournalism.de\/wp-content\/uploads\/19_Schlutter_Jule-Sophie--1400x1050.jpg 1400w, https:\/\/visualjournalism.de\/wp-content\/uploads\/19_Schlutter_Jule-Sophie--1050x788.jpg 1050w, https:\/\/visualjournalism.de\/wp-content\/uploads\/19_Schlutter_Jule-Sophie--670x503.jpg 670w, https:\/\/visualjournalism.de\/wp-content\/uploads\/19_Schlutter_Jule-Sophie--420x315.jpg 420w, https:\/\/visualjournalism.de\/wp-content\/uploads\/19_Schlutter_Jule-Sophie--350x263.jpg 350w, https:\/\/visualjournalism.de\/wp-content\/uploads\/19_Schlutter_Jule-Sophie--150x113.jpg 150w\" \n                        width=\"768\"  \n                        height=\"576\" \n                        alt=\"Kleiner Junge steht im Wald und h\u00e4lt ein Huhn im \"  \n                    \/>\n\n                                            <span class=\"photo-grid__image__title\">Jonne (6) hat das Huhn, welches ausgeb\u00fcxt ist, im Wald wiedergefunden<\/span>\n                    \n                    \n                <\/figure>\n\n            <\/div><!-- photo-grid__image -->    \n\n\n            \n\n                    \n                \n\n            <div class=\"photo-grid__image\">\n\n                <figure>\n\n                    <img loading=\"lazy\" decoding=\"async\"  \n                        src=\"https:\/\/visualjournalism.de\/wp-content\/uploads\/04_Schlutter_Jule-Sophie-2-768x575.jpg\" \n                        srcset=\"https:\/\/visualjournalism.de\/wp-content\/uploads\/04_Schlutter_Jule-Sophie-2-768x575.jpg 768w, https:\/\/visualjournalism.de\/wp-content\/uploads\/04_Schlutter_Jule-Sophie-2-300x225.jpg 300w, https:\/\/visualjournalism.de\/wp-content\/uploads\/04_Schlutter_Jule-Sophie-2-1024x767.jpg 1024w, https:\/\/visualjournalism.de\/wp-content\/uploads\/04_Schlutter_Jule-Sophie-2-1536x1151.jpg 1536w, https:\/\/visualjournalism.de\/wp-content\/uploads\/04_Schlutter_Jule-Sophie-2-2048x1534.jpg 2048w, https:\/\/visualjournalism.de\/wp-content\/uploads\/04_Schlutter_Jule-Sophie-2-1920x1438.jpg 1920w, https:\/\/visualjournalism.de\/wp-content\/uploads\/04_Schlutter_Jule-Sophie-2-1400x1049.jpg 1400w, https:\/\/visualjournalism.de\/wp-content\/uploads\/04_Schlutter_Jule-Sophie-2-1050x787.jpg 1050w, https:\/\/visualjournalism.de\/wp-content\/uploads\/04_Schlutter_Jule-Sophie-2-670x502.jpg 670w, https:\/\/visualjournalism.de\/wp-content\/uploads\/04_Schlutter_Jule-Sophie-2-420x315.jpg 420w, https:\/\/visualjournalism.de\/wp-content\/uploads\/04_Schlutter_Jule-Sophie-2-350x262.jpg 350w, https:\/\/visualjournalism.de\/wp-content\/uploads\/04_Schlutter_Jule-Sophie-2-150x112.jpg 150w\" \n                        width=\"768\"  \n                        height=\"575\" \n                        alt=\"Drei Menschen an einem K\u00fcchentisch essen zusammen Brote. \"  \n                    \/>\n\n                                            <span class=\"photo-grid__image__title\">Gemeinsames Mittagessen in der Gemeinsachftsk\u00fcche (v.r.n.l. Hugo, Roland, Jonne, Flora)<\/span>\n                    \n                    \n                <\/figure>\n\n            <\/div><!-- photo-grid__image -->    \n\n\n            \n\n                    \n                \n\n            <div class=\"photo-grid__image\">\n\n                <figure>\n\n                    <img loading=\"lazy\" decoding=\"async\"  \n                        src=\"https:\/\/visualjournalism.de\/wp-content\/uploads\/18_Schlutter_Jule-Sophie-768x1024.jpg\" \n                        srcset=\"https:\/\/visualjournalism.de\/wp-content\/uploads\/18_Schlutter_Jule-Sophie-768x1024.jpg 768w, https:\/\/visualjournalism.de\/wp-content\/uploads\/18_Schlutter_Jule-Sophie-225x300.jpg 225w, https:\/\/visualjournalism.de\/wp-content\/uploads\/18_Schlutter_Jule-Sophie-1152x1536.jpg 1152w, https:\/\/visualjournalism.de\/wp-content\/uploads\/18_Schlutter_Jule-Sophie-1536x2048.jpg 1536w, https:\/\/visualjournalism.de\/wp-content\/uploads\/18_Schlutter_Jule-Sophie-scaled.jpg 1920w, https:\/\/visualjournalism.de\/wp-content\/uploads\/18_Schlutter_Jule-Sophie-1400x1867.jpg 1400w, https:\/\/visualjournalism.de\/wp-content\/uploads\/18_Schlutter_Jule-Sophie-1050x1400.jpg 1050w, https:\/\/visualjournalism.de\/wp-content\/uploads\/18_Schlutter_Jule-Sophie-670x893.jpg 670w, https:\/\/visualjournalism.de\/wp-content\/uploads\/18_Schlutter_Jule-Sophie-420x560.jpg 420w, https:\/\/visualjournalism.de\/wp-content\/uploads\/18_Schlutter_Jule-Sophie-350x467.jpg 350w, https:\/\/visualjournalism.de\/wp-content\/uploads\/18_Schlutter_Jule-Sophie-300x400.jpg 300w, https:\/\/visualjournalism.de\/wp-content\/uploads\/18_Schlutter_Jule-Sophie-640x853.jpg 640w, https:\/\/visualjournalism.de\/wp-content\/uploads\/18_Schlutter_Jule-Sophie-150x200.jpg 150w\" \n                        width=\"768\"  \n                        height=\"1024\" \n                        alt=\"\"  \n                    \/>\n\n                                            <span class=\"photo-grid__image__title\">Nach dem Aufstehen morgens umarmen sich alle Bewohner*innen der Kommune herzlich<\/span>\n                    \n                    \n                <\/figure>\n\n            <\/div><!-- photo-grid__image -->    \n\n\n            \n\n            \n<\/div>\n\n \n\n<div class=\"photo-grid grid-layout--tableau has-spacing--m\">\n\n            \n\n            <div class=\"photo-grid__image\">\n\n                <figure>\n\n                    <img loading=\"lazy\" decoding=\"async\"  \n                        src=\"https:\/\/visualjournalism.de\/wp-content\/uploads\/23_Schlutter_Jule-Sophie-768x1024.jpg\" \n                        srcset=\"https:\/\/visualjournalism.de\/wp-content\/uploads\/23_Schlutter_Jule-Sophie-768x1024.jpg 768w, https:\/\/visualjournalism.de\/wp-content\/uploads\/23_Schlutter_Jule-Sophie-225x300.jpg 225w, https:\/\/visualjournalism.de\/wp-content\/uploads\/23_Schlutter_Jule-Sophie-1152x1536.jpg 1152w, https:\/\/visualjournalism.de\/wp-content\/uploads\/23_Schlutter_Jule-Sophie-1536x2048.jpg 1536w, https:\/\/visualjournalism.de\/wp-content\/uploads\/23_Schlutter_Jule-Sophie-scaled.jpg 1920w, https:\/\/visualjournalism.de\/wp-content\/uploads\/23_Schlutter_Jule-Sophie-1400x1867.jpg 1400w, https:\/\/visualjournalism.de\/wp-content\/uploads\/23_Schlutter_Jule-Sophie-1050x1400.jpg 1050w, https:\/\/visualjournalism.de\/wp-content\/uploads\/23_Schlutter_Jule-Sophie-670x893.jpg 670w, https:\/\/visualjournalism.de\/wp-content\/uploads\/23_Schlutter_Jule-Sophie-420x560.jpg 420w, https:\/\/visualjournalism.de\/wp-content\/uploads\/23_Schlutter_Jule-Sophie-350x467.jpg 350w, https:\/\/visualjournalism.de\/wp-content\/uploads\/23_Schlutter_Jule-Sophie-300x400.jpg 300w, https:\/\/visualjournalism.de\/wp-content\/uploads\/23_Schlutter_Jule-Sophie-640x853.jpg 640w, https:\/\/visualjournalism.de\/wp-content\/uploads\/23_Schlutter_Jule-Sophie-150x200.jpg 150w\" \n                        width=\"768\"  \n                        height=\"1024\" \n                        alt=\"\"  \n                    \/>\n\n                                            <span class=\"photo-grid__image__title\">Anne f\u00e4ngt nachts die gestohlenen H\u00fchner ein, um sie einem Freund von einer anderen Kommune mitzugeben<\/span>\n                    \n                    \n                <\/figure>\n\n            <\/div><!-- photo-grid__image -->    \n\n\n            \n\n                    \n                \n\n            <div class=\"photo-grid__image\">\n\n                <figure>\n\n                    <img loading=\"lazy\" decoding=\"async\"  \n                        src=\"https:\/\/visualjournalism.de\/wp-content\/uploads\/28_Schlutter_Jule-Sophie-768x1024.jpg\" \n                        srcset=\"https:\/\/visualjournalism.de\/wp-content\/uploads\/28_Schlutter_Jule-Sophie-768x1024.jpg 768w, https:\/\/visualjournalism.de\/wp-content\/uploads\/28_Schlutter_Jule-Sophie-225x300.jpg 225w, https:\/\/visualjournalism.de\/wp-content\/uploads\/28_Schlutter_Jule-Sophie-1152x1536.jpg 1152w, https:\/\/visualjournalism.de\/wp-content\/uploads\/28_Schlutter_Jule-Sophie-1536x2048.jpg 1536w, https:\/\/visualjournalism.de\/wp-content\/uploads\/28_Schlutter_Jule-Sophie-scaled.jpg 1920w, https:\/\/visualjournalism.de\/wp-content\/uploads\/28_Schlutter_Jule-Sophie-1400x1867.jpg 1400w, https:\/\/visualjournalism.de\/wp-content\/uploads\/28_Schlutter_Jule-Sophie-1050x1400.jpg 1050w, https:\/\/visualjournalism.de\/wp-content\/uploads\/28_Schlutter_Jule-Sophie-670x893.jpg 670w, https:\/\/visualjournalism.de\/wp-content\/uploads\/28_Schlutter_Jule-Sophie-420x560.jpg 420w, https:\/\/visualjournalism.de\/wp-content\/uploads\/28_Schlutter_Jule-Sophie-350x467.jpg 350w, https:\/\/visualjournalism.de\/wp-content\/uploads\/28_Schlutter_Jule-Sophie-300x400.jpg 300w, https:\/\/visualjournalism.de\/wp-content\/uploads\/28_Schlutter_Jule-Sophie-640x853.jpg 640w, https:\/\/visualjournalism.de\/wp-content\/uploads\/28_Schlutter_Jule-Sophie-150x200.jpg 150w\" \n                        width=\"768\"  \n                        height=\"1024\" \n                        alt=\"\"  \n                    \/>\n\n                                            <span class=\"photo-grid__image__title\">Roland beim morgendlichen Holzhacken vor der Scheune<\/span>\n                    \n                    \n                <\/figure>\n\n            <\/div><!-- photo-grid__image -->    \n\n\n            \n\n                    \n                \n\n            <div class=\"photo-grid__image\">\n\n                <figure>\n\n                    <img loading=\"lazy\" decoding=\"async\"  \n                        src=\"https:\/\/visualjournalism.de\/wp-content\/uploads\/08_Schlutter_Jule-Sophie-768x1024.jpg\" \n                        srcset=\"https:\/\/visualjournalism.de\/wp-content\/uploads\/08_Schlutter_Jule-Sophie-768x1024.jpg 768w, https:\/\/visualjournalism.de\/wp-content\/uploads\/08_Schlutter_Jule-Sophie-225x300.jpg 225w, https:\/\/visualjournalism.de\/wp-content\/uploads\/08_Schlutter_Jule-Sophie-1152x1536.jpg 1152w, https:\/\/visualjournalism.de\/wp-content\/uploads\/08_Schlutter_Jule-Sophie-1536x2048.jpg 1536w, https:\/\/visualjournalism.de\/wp-content\/uploads\/08_Schlutter_Jule-Sophie-scaled.jpg 1920w, https:\/\/visualjournalism.de\/wp-content\/uploads\/08_Schlutter_Jule-Sophie-1400x1867.jpg 1400w, https:\/\/visualjournalism.de\/wp-content\/uploads\/08_Schlutter_Jule-Sophie-1050x1400.jpg 1050w, https:\/\/visualjournalism.de\/wp-content\/uploads\/08_Schlutter_Jule-Sophie-670x893.jpg 670w, https:\/\/visualjournalism.de\/wp-content\/uploads\/08_Schlutter_Jule-Sophie-420x560.jpg 420w, https:\/\/visualjournalism.de\/wp-content\/uploads\/08_Schlutter_Jule-Sophie-350x467.jpg 350w, https:\/\/visualjournalism.de\/wp-content\/uploads\/08_Schlutter_Jule-Sophie-300x400.jpg 300w, https:\/\/visualjournalism.de\/wp-content\/uploads\/08_Schlutter_Jule-Sophie-640x853.jpg 640w, https:\/\/visualjournalism.de\/wp-content\/uploads\/08_Schlutter_Jule-Sophie-150x200.jpg 150w\" \n                        width=\"768\"  \n                        height=\"1024\" \n                        alt=\"\"  \n                    \/>\n\n                                            <span class=\"photo-grid__image__title\">150 Liter Apfelsaft werden im Schlafzimmer gelagert<\/span>\n                    \n                    \n                <\/figure>\n\n            <\/div><!-- photo-grid__image -->    \n\n\n            \n\n            \n<\/div>\n\n\n<p class=\"post__paragraph is-style-typo--soehne has-spacing--none\"><strong>Roland (64)<\/strong><\/p>\n\n\n\n<p class=\"post__paragraph has-spacing--default\">Roland, Mitbegr\u00fcnder der Kommune, hat vier Kinder im Alter von sechs bis 38 Jahren aus zwei Ehen und einer aktuellen Liebesbeziehung. Geboren in der DDR, h\u00e4lt er bis heute an der damaligen politischen Auffassung fest. In Berlin studierte er Hochbau und lebte mit seiner Familie in Pankow. Dort lernte er einige der Menschen kennen, mit denen er sp\u00e4ter die Kommune gr\u00fcndete. Sein pers\u00f6nlicher Antrieb: freier leben und lieben, Kindern ein Aufwachsen au\u00dferhalb der Gro\u00dfstadt erm\u00f6glichen und die Idee von Selbstversorgung und Nachhaltigkeit umsetzen. Roland erh\u00e4lt Wohngeld, um seinen Lebensunterhalt zu decken. Wenn das Geld nicht reicht, arbeitet er zeitweise als Lehmbauer.<\/p>\n\n\n\n<p class=\"post__paragraph is-style-typo--soehne has-spacing--none\"><strong>Anne (Anfang 50)<\/strong><\/p>\n\n\n\n<p class=\"post__paragraph has-spacing--default\">Anne, die gelernte Apothekerin, lebt seit neun Jahren in der Kommune. Sie hat drei Kinder im Alter zwischen sechs und 21 Jahren. Die beiden \u00e4lteren stammen aus ihrer aktuellen, jedoch getrennten Ehe mit einem Bundeswehrsoldaten. Anne zog in die Kommune, weil sie das Schulsystem kritisch sieht. Sie wollte ihre Kinder nicht in ein \u00abso enges Schulsystem\u00bb schicken.<\/p>\n\n\n\n<p class=\"post__paragraph is-style-typo--soehne has-spacing--none\"><strong>Flora (35)<\/strong><\/p>\n\n\n\n<p class=\"post__paragraph has-spacing--default\">Flora studierte zun\u00e4chst Linguistik, sp\u00e4ter Medienwissenschaften. Danach arbeitete sie bei B\u00fcndnis 90\/Die Gr\u00fcnen. Vor sechs Jahren entschied sie, nicht mehr fest angestellt zu arbeiten. Seitdem lebt sie auf verschiedenen Hofprojekten und in Kommunen. Zur Finanzierung ihrer Lebenshaltungskosten bezieht sie B\u00fcrgergeld.<\/p>\n\n\n\n<p class=\"post__paragraph is-style-typo--soehne has-spacing--none\"><strong>Ben (16)<\/strong><\/p>\n\n\n\n<p class=\"post__paragraph has-spacing--default\">Ben ist ebenfalls Freilerner. Unter der Woche ist er meist in Greifswald bei seinen Freund*innen.<\/p>\n\n\n\n<p class=\"post__paragraph is-style-typo--soehne has-spacing--none\"><strong>Jonne (6)<\/strong><\/p>\n\n\n\n<p class=\"post__paragraph has-spacing--m\">Jonne wurde im Haus der Kommune geboren. Er ist Freilerner und besucht derzeit keine Schule. Da er nicht eingeschult ist, vermisst er den Kontakt zu Gleichaltrigen.<\/p>\n\n\n \n\n<div class=\"photo-grid grid-layout--2col-2 has-spacing--m\">\n\n            \n\n            <div class=\"photo-grid__image\">\n\n                <figure>\n\n                    <img loading=\"lazy\" decoding=\"async\"  \n                        src=\"https:\/\/visualjournalism.de\/wp-content\/uploads\/21_Schlutter_Jule-Sophie-768x1024.jpg\" \n                        srcset=\"https:\/\/visualjournalism.de\/wp-content\/uploads\/21_Schlutter_Jule-Sophie-768x1024.jpg 768w, https:\/\/visualjournalism.de\/wp-content\/uploads\/21_Schlutter_Jule-Sophie-225x300.jpg 225w, https:\/\/visualjournalism.de\/wp-content\/uploads\/21_Schlutter_Jule-Sophie-1152x1536.jpg 1152w, https:\/\/visualjournalism.de\/wp-content\/uploads\/21_Schlutter_Jule-Sophie-1536x2048.jpg 1536w, https:\/\/visualjournalism.de\/wp-content\/uploads\/21_Schlutter_Jule-Sophie-scaled.jpg 1920w, https:\/\/visualjournalism.de\/wp-content\/uploads\/21_Schlutter_Jule-Sophie-1400x1867.jpg 1400w, https:\/\/visualjournalism.de\/wp-content\/uploads\/21_Schlutter_Jule-Sophie-1050x1400.jpg 1050w, https:\/\/visualjournalism.de\/wp-content\/uploads\/21_Schlutter_Jule-Sophie-670x893.jpg 670w, https:\/\/visualjournalism.de\/wp-content\/uploads\/21_Schlutter_Jule-Sophie-420x560.jpg 420w, https:\/\/visualjournalism.de\/wp-content\/uploads\/21_Schlutter_Jule-Sophie-350x467.jpg 350w, https:\/\/visualjournalism.de\/wp-content\/uploads\/21_Schlutter_Jule-Sophie-300x400.jpg 300w, https:\/\/visualjournalism.de\/wp-content\/uploads\/21_Schlutter_Jule-Sophie-640x853.jpg 640w, https:\/\/visualjournalism.de\/wp-content\/uploads\/21_Schlutter_Jule-Sophie-150x200.jpg 150w\" \n                        width=\"768\"  \n                        height=\"1024\" \n                        alt=\"\"  \n                    \/>\n\n                                            <span class=\"photo-grid__image__title\">Gemeinsame Spielerunden geh\u00f6ren zum Alltag in der Kommune<\/span>\n                    \n                    \n                <\/figure>\n\n            <\/div><!-- photo-grid__image -->    \n\n\n            \n\n                    \n                \n\n            <div class=\"photo-grid__image\">\n\n                <figure>\n\n                    <img loading=\"lazy\" decoding=\"async\"  \n                        src=\"https:\/\/visualjournalism.de\/wp-content\/uploads\/15_Schlutter_Jule-Sophie-2-768x1024.jpg\" \n                        srcset=\"https:\/\/visualjournalism.de\/wp-content\/uploads\/15_Schlutter_Jule-Sophie-2-768x1024.jpg 768w, https:\/\/visualjournalism.de\/wp-content\/uploads\/15_Schlutter_Jule-Sophie-2-225x300.jpg 225w, https:\/\/visualjournalism.de\/wp-content\/uploads\/15_Schlutter_Jule-Sophie-2-1152x1536.jpg 1152w, https:\/\/visualjournalism.de\/wp-content\/uploads\/15_Schlutter_Jule-Sophie-2-1050x1401.jpg 1050w, https:\/\/visualjournalism.de\/wp-content\/uploads\/15_Schlutter_Jule-Sophie-2-670x894.jpg 670w, https:\/\/visualjournalism.de\/wp-content\/uploads\/15_Schlutter_Jule-Sophie-2-420x560.jpg 420w, https:\/\/visualjournalism.de\/wp-content\/uploads\/15_Schlutter_Jule-Sophie-2-350x467.jpg 350w, https:\/\/visualjournalism.de\/wp-content\/uploads\/15_Schlutter_Jule-Sophie-2-300x400.jpg 300w, https:\/\/visualjournalism.de\/wp-content\/uploads\/15_Schlutter_Jule-Sophie-2-640x853.jpg 640w, https:\/\/visualjournalism.de\/wp-content\/uploads\/15_Schlutter_Jule-Sophie-2-150x200.jpg 150w, https:\/\/visualjournalism.de\/wp-content\/uploads\/15_Schlutter_Jule-Sophie-2.jpg 1375w\" \n                        width=\"768\"  \n                        height=\"1024\" \n                        alt=\"\"  \n                    \/>\n\n                                            <span class=\"photo-grid__image__title\">Morgens wird von Flora als erstes der Ofen angeheizt<\/span>\n                    \n                    \n                <\/figure>\n\n            <\/div><!-- photo-grid__image -->    \n\n\n            \n\n            \n<\/div>\n\n \n\n<div class=\"photo-grid grid-layout--2col-4 has-spacing--m\">\n\n            \n\n            <div class=\"photo-grid__image\">\n\n                <figure>\n\n                    <img loading=\"lazy\" decoding=\"async\"  \n                        src=\"https:\/\/visualjournalism.de\/wp-content\/uploads\/24_Schlutter_Jule-Sophie-768x1024.jpg\" \n                        srcset=\"https:\/\/visualjournalism.de\/wp-content\/uploads\/24_Schlutter_Jule-Sophie-768x1024.jpg 768w, https:\/\/visualjournalism.de\/wp-content\/uploads\/24_Schlutter_Jule-Sophie-225x300.jpg 225w, https:\/\/visualjournalism.de\/wp-content\/uploads\/24_Schlutter_Jule-Sophie-1152x1536.jpg 1152w, https:\/\/visualjournalism.de\/wp-content\/uploads\/24_Schlutter_Jule-Sophie-1536x2048.jpg 1536w, https:\/\/visualjournalism.de\/wp-content\/uploads\/24_Schlutter_Jule-Sophie-scaled.jpg 1920w, https:\/\/visualjournalism.de\/wp-content\/uploads\/24_Schlutter_Jule-Sophie-1400x1867.jpg 1400w, https:\/\/visualjournalism.de\/wp-content\/uploads\/24_Schlutter_Jule-Sophie-1050x1400.jpg 1050w, https:\/\/visualjournalism.de\/wp-content\/uploads\/24_Schlutter_Jule-Sophie-670x893.jpg 670w, https:\/\/visualjournalism.de\/wp-content\/uploads\/24_Schlutter_Jule-Sophie-420x560.jpg 420w, https:\/\/visualjournalism.de\/wp-content\/uploads\/24_Schlutter_Jule-Sophie-350x467.jpg 350w, https:\/\/visualjournalism.de\/wp-content\/uploads\/24_Schlutter_Jule-Sophie-300x400.jpg 300w, https:\/\/visualjournalism.de\/wp-content\/uploads\/24_Schlutter_Jule-Sophie-640x853.jpg 640w, https:\/\/visualjournalism.de\/wp-content\/uploads\/24_Schlutter_Jule-Sophie-150x200.jpg 150w\" \n                        width=\"768\"  \n                        height=\"1024\" \n                        alt=\"\"  \n                    \/>\n\n                                            <span class=\"photo-grid__image__title\">Die Sturmhaube von Flora liegt noch, von einer Aktion aus den letzten Tagen, auf der Kommode neben der T\u00fcr<\/span>\n                    \n                    \n                <\/figure>\n\n            <\/div><!-- photo-grid__image -->    \n\n\n            \n\n                    \n                \n\n            <div class=\"photo-grid__image\">\n\n                <figure>\n\n                    <img loading=\"lazy\" decoding=\"async\"  \n                        src=\"https:\/\/visualjournalism.de\/wp-content\/uploads\/25_Schlutter_Jule-Sophie-768x1024.jpg\" \n                        srcset=\"https:\/\/visualjournalism.de\/wp-content\/uploads\/25_Schlutter_Jule-Sophie-768x1024.jpg 768w, https:\/\/visualjournalism.de\/wp-content\/uploads\/25_Schlutter_Jule-Sophie-225x300.jpg 225w, https:\/\/visualjournalism.de\/wp-content\/uploads\/25_Schlutter_Jule-Sophie-1152x1536.jpg 1152w, https:\/\/visualjournalism.de\/wp-content\/uploads\/25_Schlutter_Jule-Sophie-1536x2048.jpg 1536w, https:\/\/visualjournalism.de\/wp-content\/uploads\/25_Schlutter_Jule-Sophie-scaled.jpg 1920w, https:\/\/visualjournalism.de\/wp-content\/uploads\/25_Schlutter_Jule-Sophie-1400x1867.jpg 1400w, https:\/\/visualjournalism.de\/wp-content\/uploads\/25_Schlutter_Jule-Sophie-1050x1400.jpg 1050w, https:\/\/visualjournalism.de\/wp-content\/uploads\/25_Schlutter_Jule-Sophie-670x893.jpg 670w, https:\/\/visualjournalism.de\/wp-content\/uploads\/25_Schlutter_Jule-Sophie-420x560.jpg 420w, https:\/\/visualjournalism.de\/wp-content\/uploads\/25_Schlutter_Jule-Sophie-350x467.jpg 350w, https:\/\/visualjournalism.de\/wp-content\/uploads\/25_Schlutter_Jule-Sophie-300x400.jpg 300w, https:\/\/visualjournalism.de\/wp-content\/uploads\/25_Schlutter_Jule-Sophie-640x853.jpg 640w, https:\/\/visualjournalism.de\/wp-content\/uploads\/25_Schlutter_Jule-Sophie-150x200.jpg 150w\" \n                        width=\"768\"  \n                        height=\"1024\" \n                        alt=\"\"  \n                    \/>\n\n                                            <span class=\"photo-grid__image__title\">Die Wohnung von Flora. Oben befindet sich das Schlafzimmer und unten die K\u00fcche. Beide R\u00e4ume sind durch eine Fallt\u00fcr getrennt<\/span>\n                    \n                    \n                <\/figure>\n\n            <\/div><!-- photo-grid__image -->    \n\n\n            \n\n            \n<\/div>\n\n\n<p class=\"post__paragraph has-spacing--default\"><strong>Die Kommune finanziert<\/strong> sich durch die Vermietung von Bauw\u00e4gen und Zimmern im Haupthaus \u00fcber AirBnB. Zus\u00e4tzlich vermieten sie ein Ferienhaus au\u00dferhalb des Gel\u00e4ndes. Dar\u00fcber hinaus beziehen die Bewohner*innen staatliche Leistungen.<\/p>\n\n\n\n<p class=\"post__paragraph has-spacing--default\">Der gemeinn\u00fctzige Verein I.G.E.L. e.V. widmet sich den Themen Umweltbildung, Natur- und Umweltschutz sowie \u00f6kologischem Bauen. Der Verein bietet Freiwilligendienste und F\u00d6J-Pl\u00e4tze an. Im Gegenzug erhalten die Freiwilligen Unterkunft und Versorgung in der Kommune. Dank der Unterst\u00fctzung durch das Land Mecklenburg-Vorpommern verf\u00fcgt der Verein \u00fcber finanzielle Freiheit.<\/p>\n\n\n\n<p class=\"post__paragraph has-spacing--default\">Die Kommune hat viele Mitglieder kommen und gehen sehen. Geblieben sind wenige \u2013 und die Idee, anders zu leben. Ob das noch weitere 30 Jahre so bleibt, wird die Zukunft zeigen.<\/p>\n\n\n\n<div class=\"wp-block-group has-spacing--default has-spacing--default\">\n<div class=\"devider has-spacing--none\">\n    <hr>\n<\/div>\n\n\n \n\n    <div id=\"lead-in-block_79ad4801dbc3d2e95416ea30c1723d84\" class=\"block-lead-in typo--default font-size--xl has-spacing--s width--default\">\n        <p><strong>Empfehlungen der Redaktion:<\/strong><\/p>\n    <\/div>\n\n\n\n\r\n\r\n\r\n\n\n\r\n\r\n\r\n\r\n        <div class=\"teaser-grid grid-layout--3col has-spacing--s width--inline\">\r\n\r\n            \r\n                <article class=\"post-teaser\">\r\n\r\n                    <a href=\"https:\/\/visualjournalism.de\/en\/magazine\/sammeln\/die-architektur-des-datenhandels\/\" rel=\"permalink\">\r\n\r\n                        <div class=\"post-teaser__content\">\r\n\r\n                            <span class=\"entry-categories\">Sammeln<\/span>\r\n                            <h3 class=\"post-teaser__headline\">\r\n                                Die Architektur des Datenhandels                            <\/h3>\r\n\r\n                            <div class=\"post-teaser__excerpt\">\r\n                                <p>Kaum ein System bleibt so unsichtbar und wirkt zugleich so weitreichend wie der Handel mit Nutzerdaten. Was wir anklicken, suchen oder besuchen, wird zu Signalen in einem globalen Markt, der Menschen in Kategorien einordnet und Informationen gezielt verteilt.<\/p>\r\n                            <\/div>\r\n\r\n                        <\/div><!-- .post-teaser__content -->\r\n\r\n\r\n                        \r\n                            <figure class=\"post-teaser__image\">\r\n                                <img loading=\"lazy\" decoding=\"async\"  \r\n                                    src=\"https:\/\/visualjournalism.de\/wp-content\/uploads\/24_Geiersbach-Paul_Accept-All-768x512.jpg\" \r\n                                    srcset=\"https:\/\/visualjournalism.de\/wp-content\/uploads\/24_Geiersbach-Paul_Accept-All-768x512.jpg 768w, https:\/\/visualjournalism.de\/wp-content\/uploads\/24_Geiersbach-Paul_Accept-All-300x200.jpg 300w, https:\/\/visualjournalism.de\/wp-content\/uploads\/24_Geiersbach-Paul_Accept-All-1024x682.jpg 1024w, https:\/\/visualjournalism.de\/wp-content\/uploads\/24_Geiersbach-Paul_Accept-All-1536x1024.jpg 1536w, https:\/\/visualjournalism.de\/wp-content\/uploads\/24_Geiersbach-Paul_Accept-All-1920x1280.jpg 1920w, https:\/\/visualjournalism.de\/wp-content\/uploads\/24_Geiersbach-Paul_Accept-All-1400x933.jpg 1400w, https:\/\/visualjournalism.de\/wp-content\/uploads\/24_Geiersbach-Paul_Accept-All-1050x700.jpg 1050w, https:\/\/visualjournalism.de\/wp-content\/uploads\/24_Geiersbach-Paul_Accept-All-670x447.jpg 670w, https:\/\/visualjournalism.de\/wp-content\/uploads\/24_Geiersbach-Paul_Accept-All-420x280.jpg 420w, https:\/\/visualjournalism.de\/wp-content\/uploads\/24_Geiersbach-Paul_Accept-All-350x233.jpg 350w, https:\/\/visualjournalism.de\/wp-content\/uploads\/24_Geiersbach-Paul_Accept-All-150x100.jpg 150w, https:\/\/visualjournalism.de\/wp-content\/uploads\/24_Geiersbach-Paul_Accept-All.jpg 2000w\" \r\n                                    width=\"768\"  \r\n                                    height=\"512\" \r\n                                    alt=\"eine querformatige farbige Fotografie. Eine W\u00fcstenlandschaft ist von oben fotografiert, mit einem leichten Sanh\u00fcgel. Der Sandh\u00fcgel ist in der Mitte des Bildes eingebrochen.\"\r\n                                \/>\r\n                            <\/figure>\r\n\r\n                        \r\n                    \r\n                    <\/a>\r\n\r\n                <\/article><!--- .post-teaser-->\r\n\r\n            \r\n                <article class=\"post-teaser\">\r\n\r\n                    <a href=\"https:\/\/visualjournalism.de\/en\/magazine\/ratgeber\/kreative-blockaden\/\" rel=\"permalink\">\r\n\r\n                        <div class=\"post-teaser__content\">\r\n\r\n                            <span class=\"entry-categories\">Ratgeber<\/span>\r\n                            <h3 class=\"post-teaser__headline\">\r\n                                Kreative Blockaden:                            <\/h3>\r\n\r\n                            <div class=\"post-teaser__excerpt\">\r\n                                <p>Kreative Blockaden: Sie k\u00f6nnen frustrierend sein \u2013 m\u00fcssen es aber nicht bleiben. Erfahre, warum sie entstehen, was sie dir sagen wollen und wie du Schritt f\u00fcr Schritt wieder in deinen kreativen Flow findest.<\/p>\r\n                            <\/div>\r\n\r\n                        <\/div><!-- .post-teaser__content -->\r\n\r\n\r\n                        \r\n                            <figure class=\"post-teaser__image\">\r\n                                <img loading=\"lazy\" decoding=\"async\"  \r\n                                    src=\"https:\/\/visualjournalism.de\/wp-content\/uploads\/Max_Schlag-5-768x509.jpg\" \r\n                                    srcset=\"https:\/\/visualjournalism.de\/wp-content\/uploads\/Max_Schlag-5-768x509.jpg 768w, https:\/\/visualjournalism.de\/wp-content\/uploads\/Max_Schlag-5-300x199.jpg 300w, https:\/\/visualjournalism.de\/wp-content\/uploads\/Max_Schlag-5-1024x679.jpg 1024w, https:\/\/visualjournalism.de\/wp-content\/uploads\/Max_Schlag-5-1536x1019.jpg 1536w, https:\/\/visualjournalism.de\/wp-content\/uploads\/Max_Schlag-5-2048x1358.jpg 2048w, https:\/\/visualjournalism.de\/wp-content\/uploads\/Max_Schlag-5-1920x1273.jpg 1920w, https:\/\/visualjournalism.de\/wp-content\/uploads\/Max_Schlag-5-1400x928.jpg 1400w, https:\/\/visualjournalism.de\/wp-content\/uploads\/Max_Schlag-5-1050x696.jpg 1050w, https:\/\/visualjournalism.de\/wp-content\/uploads\/Max_Schlag-5-670x444.jpg 670w, https:\/\/visualjournalism.de\/wp-content\/uploads\/Max_Schlag-5-420x278.jpg 420w, https:\/\/visualjournalism.de\/wp-content\/uploads\/Max_Schlag-5-350x232.jpg 350w, https:\/\/visualjournalism.de\/wp-content\/uploads\/Max_Schlag-5-150x99.jpg 150w\" \r\n                                    width=\"768\"  \r\n                                    height=\"509\" \r\n                                    alt=\"glitzernde Wasseroberfl\u00e4che\"\r\n                                \/>\r\n                            <\/figure>\r\n\r\n                        \r\n                    \r\n                    <\/a>\r\n\r\n                <\/article><!--- .post-teaser-->\r\n\r\n            \r\n                <article class=\"post-teaser\">\r\n\r\n                    <a href=\"https:\/\/visualjournalism.de\/en\/magazine\/ratgeber\/grossformatfotografie-wer-tut-sich-das-noch-an\/\" rel=\"permalink\">\r\n\r\n                        <div class=\"post-teaser__content\">\r\n\r\n                            <span class=\"entry-categories\">Ratgeber<\/span>\r\n                            <h3 class=\"post-teaser__headline\">\r\n                                Gro\u00dfformatfotografie: Wer tut sich das noch an?                            <\/h3>\r\n\r\n                            <div class=\"post-teaser__excerpt\">\r\n                                <p>Warum ich freiwillig eine Kamera durch die Weltgeschichte schleppe, die so schwer ist, wie ein Sack Zement, verrate ich dir in diesem Ratgeber!<\/p>\r\n                            <\/div>\r\n\r\n                        <\/div><!-- .post-teaser__content -->\r\n\r\n\r\n                        \r\n                            <figure class=\"post-teaser__image\">\r\n                                <img loading=\"lazy\" decoding=\"async\"  \r\n                                    src=\"https:\/\/visualjournalism.de\/wp-content\/uploads\/Ludwig-Nikulski-MathildaTheo-768x960.jpg\" \r\n                                    srcset=\"https:\/\/visualjournalism.de\/wp-content\/uploads\/Ludwig-Nikulski-MathildaTheo-768x960.jpg 768w, https:\/\/visualjournalism.de\/wp-content\/uploads\/Ludwig-Nikulski-MathildaTheo-240x300.jpg 240w, https:\/\/visualjournalism.de\/wp-content\/uploads\/Ludwig-Nikulski-MathildaTheo-819x1024.jpg 819w, https:\/\/visualjournalism.de\/wp-content\/uploads\/Ludwig-Nikulski-MathildaTheo-1050x1313.jpg 1050w, https:\/\/visualjournalism.de\/wp-content\/uploads\/Ludwig-Nikulski-MathildaTheo-670x838.jpg 670w, https:\/\/visualjournalism.de\/wp-content\/uploads\/Ludwig-Nikulski-MathildaTheo-420x525.jpg 420w, https:\/\/visualjournalism.de\/wp-content\/uploads\/Ludwig-Nikulski-MathildaTheo-350x438.jpg 350w, https:\/\/visualjournalism.de\/wp-content\/uploads\/Ludwig-Nikulski-MathildaTheo-300x375.jpg 300w, https:\/\/visualjournalism.de\/wp-content\/uploads\/Ludwig-Nikulski-MathildaTheo-150x188.jpg 150w, https:\/\/visualjournalism.de\/wp-content\/uploads\/Ludwig-Nikulski-MathildaTheo.jpg 1200w\" \r\n                                    width=\"768\"  \r\n                                    height=\"960\" \r\n                                    alt=\"\"\r\n                                \/>\r\n                            <\/figure>\r\n\r\n                        \r\n                    \r\n                    <\/a>\r\n\r\n                <\/article><!--- .post-teaser-->\r\n\r\n            \r\n        <\/div><!-- .teaser-grid -->\r\n\r\n\n\n\r\n\r\n\r\n\n\n\n    <div class=\"btn-wrapper has-spacing--m\">\n        <a class=\"btn\" href=\"https:\/\/visualjournalism.de\/magazin\/\" target=\"_blank\">ZUR MAGAZIN-STARTSEITE<\/a>\n    <\/div>\n<\/div>\n","protected":false},"author":109,"featured_media":59606,"template":"","tags":[],"magazinkategorie":[200],"class_list":["post-59597","magazin","type-magazin","status-publish","has-post-thumbnail","hentry","magazinkategorie-was-uns-haelt"],"acf":[],"yoast_head":"<!-- This site is optimized with the Yoast SEO Premium plugin v27.3 (Yoast SEO v27.3) - https:\/\/yoast.com\/product\/yoast-seo-premium-wordpress\/ -->\n<title>Leben im Aussteiger-Modus<\/title>\n<meta name=\"description\" content=\"Leben in der Kommune: Einblicke in das nachhaltige und gemeinschaftliche Leben auf einem ehemaligen Gutshof in Mecklenburg-Vorpommern.\" \/>\n<meta name=\"robots\" content=\"index, follow, max-snippet:-1, max-image-preview:large, max-video-preview:-1\" \/>\n<link rel=\"canonical\" href=\"https:\/\/visualjournalism.de\/en\/magazine\/was-uns-haelt\/leben-im-aussteiger-modus\/\" \/>\n<meta property=\"og:locale\" content=\"en_US\" \/>\n<meta property=\"og:type\" content=\"article\" \/>\n<meta property=\"og:title\" content=\"Leben im Aussteiger-Modus\" \/>\n<meta property=\"og:description\" content=\"Leben in der Kommune: Einblicke in das nachhaltige und gemeinschaftliche Leben auf einem ehemaligen Gutshof in Mecklenburg-Vorpommern.\" \/>\n<meta property=\"og:url\" content=\"https:\/\/visualjournalism.de\/en\/magazine\/was-uns-haelt\/leben-im-aussteiger-modus\/\" \/>\n<meta property=\"og:site_name\" content=\"Visual Journalism and Documentary Photography\" \/>\n<meta property=\"article:publisher\" content=\"https:\/\/www.facebook.com\/people\/wwwfotostudentende\/100065173703897\/\" \/>\n<meta property=\"article:modified_time\" content=\"2025-11-03T15:06:40+00:00\" \/>\n<meta property=\"og:image\" content=\"https:\/\/visualjournalism.de\/wp-content\/uploads\/10_2024-05-13_7533-scaled.jpg\" \/>\n\t<meta property=\"og:image:width\" content=\"2560\" \/>\n\t<meta property=\"og:image:height\" content=\"2048\" \/>\n\t<meta property=\"og:image:type\" content=\"image\/jpeg\" \/>\n<meta name=\"twitter:card\" content=\"summary_large_image\" \/>\n<meta name=\"twitter:site\" content=\"@HsHannover\" \/>\n<meta name=\"twitter:label1\" content=\"Est. reading time\" \/>\n\t<meta name=\"twitter:data1\" content=\"5 minutes\" \/>\n<script type=\"application\/ld+json\" class=\"yoast-schema-graph\">{\"@context\":\"https:\\\/\\\/schema.org\",\"@graph\":[{\"@type\":\"WebPage\",\"@id\":\"https:\\\/\\\/visualjournalism.de\\\/en\\\/magazine\\\/was-uns-haelt\\\/leben-im-aussteiger-modus\\\/\",\"url\":\"https:\\\/\\\/visualjournalism.de\\\/en\\\/magazine\\\/was-uns-haelt\\\/leben-im-aussteiger-modus\\\/\",\"name\":\"Leben im Aussteiger-Modus\",\"isPartOf\":{\"@id\":\"https:\\\/\\\/visualjournalism.de\\\/en\\\/#website\"},\"primaryImageOfPage\":{\"@id\":\"https:\\\/\\\/visualjournalism.de\\\/en\\\/magazine\\\/was-uns-haelt\\\/leben-im-aussteiger-modus\\\/#primaryimage\"},\"image\":{\"@id\":\"https:\\\/\\\/visualjournalism.de\\\/en\\\/magazine\\\/was-uns-haelt\\\/leben-im-aussteiger-modus\\\/#primaryimage\"},\"thumbnailUrl\":\"https:\\\/\\\/visualjournalism.de\\\/wp-content\\\/uploads\\\/14_Schlutter_Jule-Sophie-scaled.jpg\",\"datePublished\":\"2025-10-22T10:42:35+00:00\",\"dateModified\":\"2025-11-03T15:06:40+00:00\",\"description\":\"Leben in der Kommune: Einblicke in das nachhaltige und gemeinschaftliche Leben auf einem ehemaligen Gutshof in Mecklenburg-Vorpommern.\",\"breadcrumb\":{\"@id\":\"https:\\\/\\\/visualjournalism.de\\\/en\\\/magazine\\\/was-uns-haelt\\\/leben-im-aussteiger-modus\\\/#breadcrumb\"},\"inLanguage\":\"en-US\",\"potentialAction\":[{\"@type\":\"ReadAction\",\"target\":[\"https:\\\/\\\/visualjournalism.de\\\/en\\\/magazine\\\/was-uns-haelt\\\/leben-im-aussteiger-modus\\\/\"]}]},{\"@type\":\"ImageObject\",\"inLanguage\":\"en-US\",\"@id\":\"https:\\\/\\\/visualjournalism.de\\\/en\\\/magazine\\\/was-uns-haelt\\\/leben-im-aussteiger-modus\\\/#primaryimage\",\"url\":\"https:\\\/\\\/visualjournalism.de\\\/wp-content\\\/uploads\\\/14_Schlutter_Jule-Sophie-scaled.jpg\",\"contentUrl\":\"https:\\\/\\\/visualjournalism.de\\\/wp-content\\\/uploads\\\/14_Schlutter_Jule-Sophie-scaled.jpg\",\"width\":2560,\"height\":1920,\"caption\":\"Jonne (6) legt die Karten f\u00fcr ein Kartenspiel in der Gemeinschaftsk\u00fcche aus\"},{\"@type\":\"BreadcrumbList\",\"@id\":\"https:\\\/\\\/visualjournalism.de\\\/en\\\/magazine\\\/was-uns-haelt\\\/leben-im-aussteiger-modus\\\/#breadcrumb\",\"itemListElement\":[{\"@type\":\"ListItem\",\"position\":1,\"name\":\"Home\",\"item\":\"https:\\\/\\\/visualjournalism.de\\\/en\\\/\"},{\"@type\":\"ListItem\",\"position\":2,\"name\":\"Magazin\",\"item\":\"https:\\\/\\\/visualjournalism.de\\\/en\\\/magazine\\\/\"},{\"@type\":\"ListItem\",\"position\":3,\"name\":\"Leben im Aussteiger-Modus\"}]},{\"@type\":\"WebSite\",\"@id\":\"https:\\\/\\\/visualjournalism.de\\\/en\\\/#website\",\"url\":\"https:\\\/\\\/visualjournalism.de\\\/en\\\/\",\"name\":\"Visual Journalism and Documentary Photography\",\"description\":\"All about the bilingual bachelor&#039;s program at Hannover University of Applied Sciences and Arts.\",\"publisher\":{\"@id\":\"https:\\\/\\\/visualjournalism.de\\\/en\\\/#organization\"},\"alternateName\":\"visualjournalism.de\",\"potentialAction\":[{\"@type\":\"SearchAction\",\"target\":{\"@type\":\"EntryPoint\",\"urlTemplate\":\"https:\\\/\\\/visualjournalism.de\\\/en\\\/?s={search_term_string}\"},\"query-input\":{\"@type\":\"PropertyValueSpecification\",\"valueRequired\":true,\"valueName\":\"search_term_string\"}}],\"inLanguage\":\"en-US\"},{\"@type\":\"Organization\",\"@id\":\"https:\\\/\\\/visualjournalism.de\\\/en\\\/#organization\",\"name\":\"Hochschule Hannover \u2013 University of Applied Sciences and Arts\",\"alternateName\":\"HsH\",\"url\":\"https:\\\/\\\/visualjournalism.de\\\/en\\\/\",\"logo\":{\"@type\":\"ImageObject\",\"inLanguage\":\"en-US\",\"@id\":\"https:\\\/\\\/visualjournalism.de\\\/en\\\/#\\\/schema\\\/logo\\\/image\\\/\",\"url\":\"https:\\\/\\\/visualjournalism.de\\\/wp-content\\\/uploads\\\/logo-hochschule-hannover.png\",\"contentUrl\":\"https:\\\/\\\/visualjournalism.de\\\/wp-content\\\/uploads\\\/logo-hochschule-hannover.png\",\"width\":363,\"height\":270,\"caption\":\"Hochschule Hannover \u2013 University of Applied Sciences and Arts\"},\"image\":{\"@id\":\"https:\\\/\\\/visualjournalism.de\\\/en\\\/#\\\/schema\\\/logo\\\/image\\\/\"},\"sameAs\":[\"https:\\\/\\\/www.facebook.com\\\/people\\\/wwwfotostudentende\\\/100065173703897\\\/\",\"https:\\\/\\\/x.com\\\/HsHannover\",\"https:\\\/\\\/www.instagram.com\\\/visualjournalism.de\\\/\"]}]}<\/script>\n<!-- \/ Yoast SEO Premium plugin. -->","yoast_head_json":{"title":"Leben im Aussteiger-Modus","description":"Leben in der Kommune: Einblicke in das nachhaltige und gemeinschaftliche Leben auf einem ehemaligen Gutshof in Mecklenburg-Vorpommern.","robots":{"index":"index","follow":"follow","max-snippet":"max-snippet:-1","max-image-preview":"max-image-preview:large","max-video-preview":"max-video-preview:-1"},"canonical":"https:\/\/visualjournalism.de\/en\/magazine\/was-uns-haelt\/leben-im-aussteiger-modus\/","og_locale":"en_US","og_type":"article","og_title":"Leben im Aussteiger-Modus","og_description":"Leben in der Kommune: Einblicke in das nachhaltige und gemeinschaftliche Leben auf einem ehemaligen Gutshof in Mecklenburg-Vorpommern.","og_url":"https:\/\/visualjournalism.de\/en\/magazine\/was-uns-haelt\/leben-im-aussteiger-modus\/","og_site_name":"Visual Journalism and Documentary Photography","article_publisher":"https:\/\/www.facebook.com\/people\/wwwfotostudentende\/100065173703897\/","article_modified_time":"2025-11-03T15:06:40+00:00","og_image":[{"width":2560,"height":2048,"url":"https:\/\/visualjournalism.de\/wp-content\/uploads\/10_2024-05-13_7533-scaled.jpg","type":"image\/jpeg"}],"twitter_card":"summary_large_image","twitter_site":"@HsHannover","twitter_misc":{"Est. reading time":"5 minutes"},"schema":{"@context":"https:\/\/schema.org","@graph":[{"@type":"WebPage","@id":"https:\/\/visualjournalism.de\/en\/magazine\/was-uns-haelt\/leben-im-aussteiger-modus\/","url":"https:\/\/visualjournalism.de\/en\/magazine\/was-uns-haelt\/leben-im-aussteiger-modus\/","name":"Leben im Aussteiger-Modus","isPartOf":{"@id":"https:\/\/visualjournalism.de\/en\/#website"},"primaryImageOfPage":{"@id":"https:\/\/visualjournalism.de\/en\/magazine\/was-uns-haelt\/leben-im-aussteiger-modus\/#primaryimage"},"image":{"@id":"https:\/\/visualjournalism.de\/en\/magazine\/was-uns-haelt\/leben-im-aussteiger-modus\/#primaryimage"},"thumbnailUrl":"https:\/\/visualjournalism.de\/wp-content\/uploads\/14_Schlutter_Jule-Sophie-scaled.jpg","datePublished":"2025-10-22T10:42:35+00:00","dateModified":"2025-11-03T15:06:40+00:00","description":"Leben in der Kommune: Einblicke in das nachhaltige und gemeinschaftliche Leben auf einem ehemaligen Gutshof in Mecklenburg-Vorpommern.","breadcrumb":{"@id":"https:\/\/visualjournalism.de\/en\/magazine\/was-uns-haelt\/leben-im-aussteiger-modus\/#breadcrumb"},"inLanguage":"en-US","potentialAction":[{"@type":"ReadAction","target":["https:\/\/visualjournalism.de\/en\/magazine\/was-uns-haelt\/leben-im-aussteiger-modus\/"]}]},{"@type":"ImageObject","inLanguage":"en-US","@id":"https:\/\/visualjournalism.de\/en\/magazine\/was-uns-haelt\/leben-im-aussteiger-modus\/#primaryimage","url":"https:\/\/visualjournalism.de\/wp-content\/uploads\/14_Schlutter_Jule-Sophie-scaled.jpg","contentUrl":"https:\/\/visualjournalism.de\/wp-content\/uploads\/14_Schlutter_Jule-Sophie-scaled.jpg","width":2560,"height":1920,"caption":"Jonne (6) legt die Karten f\u00fcr ein Kartenspiel in der Gemeinschaftsk\u00fcche aus"},{"@type":"BreadcrumbList","@id":"https:\/\/visualjournalism.de\/en\/magazine\/was-uns-haelt\/leben-im-aussteiger-modus\/#breadcrumb","itemListElement":[{"@type":"ListItem","position":1,"name":"Home","item":"https:\/\/visualjournalism.de\/en\/"},{"@type":"ListItem","position":2,"name":"Magazin","item":"https:\/\/visualjournalism.de\/en\/magazine\/"},{"@type":"ListItem","position":3,"name":"Leben im Aussteiger-Modus"}]},{"@type":"WebSite","@id":"https:\/\/visualjournalism.de\/en\/#website","url":"https:\/\/visualjournalism.de\/en\/","name":"Visual Journalism and Documentary Photography","description":"All about the bilingual bachelor&#039;s program at Hannover University of Applied Sciences and Arts.","publisher":{"@id":"https:\/\/visualjournalism.de\/en\/#organization"},"alternateName":"visualjournalism.de","potentialAction":[{"@type":"SearchAction","target":{"@type":"EntryPoint","urlTemplate":"https:\/\/visualjournalism.de\/en\/?s={search_term_string}"},"query-input":{"@type":"PropertyValueSpecification","valueRequired":true,"valueName":"search_term_string"}}],"inLanguage":"en-US"},{"@type":"Organization","@id":"https:\/\/visualjournalism.de\/en\/#organization","name":"Hochschule Hannover \u2013 University of Applied Sciences and Arts","alternateName":"HsH","url":"https:\/\/visualjournalism.de\/en\/","logo":{"@type":"ImageObject","inLanguage":"en-US","@id":"https:\/\/visualjournalism.de\/en\/#\/schema\/logo\/image\/","url":"https:\/\/visualjournalism.de\/wp-content\/uploads\/logo-hochschule-hannover.png","contentUrl":"https:\/\/visualjournalism.de\/wp-content\/uploads\/logo-hochschule-hannover.png","width":363,"height":270,"caption":"Hochschule Hannover \u2013 University of Applied Sciences and Arts"},"image":{"@id":"https:\/\/visualjournalism.de\/en\/#\/schema\/logo\/image\/"},"sameAs":["https:\/\/www.facebook.com\/people\/wwwfotostudentende\/100065173703897\/","https:\/\/x.com\/HsHannover","https:\/\/www.instagram.com\/visualjournalism.de\/"]}]}},"_links":{"self":[{"href":"https:\/\/visualjournalism.de\/en\/wp-json\/wp\/v2\/magazin\/59597","targetHints":{"allow":["GET"]}}],"collection":[{"href":"https:\/\/visualjournalism.de\/en\/wp-json\/wp\/v2\/magazin"}],"about":[{"href":"https:\/\/visualjournalism.de\/en\/wp-json\/wp\/v2\/types\/magazin"}],"author":[{"embeddable":true,"href":"https:\/\/visualjournalism.de\/en\/wp-json\/wp\/v2\/users\/109"}],"version-history":[{"count":10,"href":"https:\/\/visualjournalism.de\/en\/wp-json\/wp\/v2\/magazin\/59597\/revisions"}],"predecessor-version":[{"id":65014,"href":"https:\/\/visualjournalism.de\/en\/wp-json\/wp\/v2\/magazin\/59597\/revisions\/65014"}],"wp:featuredmedia":[{"embeddable":true,"href":"https:\/\/visualjournalism.de\/en\/wp-json\/wp\/v2\/media\/59606"}],"wp:attachment":[{"href":"https:\/\/visualjournalism.de\/en\/wp-json\/wp\/v2\/media?parent=59597"}],"wp:term":[{"taxonomy":"post_tag","embeddable":true,"href":"https:\/\/visualjournalism.de\/en\/wp-json\/wp\/v2\/tags?post=59597"},{"taxonomy":"magazinkategorie","embeddable":true,"href":"https:\/\/visualjournalism.de\/en\/wp-json\/wp\/v2\/magazinkategorie?post=59597"}],"curies":[{"name":"wp","href":"https:\/\/api.w.org\/{rel}","templated":true}]}}