{"id":60366,"date":"2025-10-05T14:37:14","date_gmt":"2025-10-05T14:37:14","guid":{"rendered":"https:\/\/visualjournalism.de\/?post_type=magazin&#038;p=60366"},"modified":"2026-01-05T12:18:34","modified_gmt":"2026-01-05T10:18:34","slug":"co-parenting-zwei-freunde-ein-kind","status":"publish","type":"magazin","link":"https:\/\/visualjournalism.de\/en\/magazine\/was-uns-haelt\/co-parenting-zwei-freunde-ein-kind\/","title":{"rendered":"Co-Parenting: Zwei Freunde, ein Kind"},"content":{"rendered":"\r\n<div class=\"cover--lead-in has-spacing--m\">\r\n\r\n    \r\n    <div class=\"cover--lead-in__content typo--tiempos\">\r\n\r\n        <div class=\"entry-categories\">\n\t<a class=\"post__tag\" href=\"https:\/\/visualjournalism.de\/magazin-kategorie\/was-uns-haelt\/\" rel=\"category tag\">Was uns h\u00e4lt<\/a><\/div>\r\n        <h2 class=\"cover--lead-in__headline \">\r\n            Co-Parenting: Zwei Freunde, ein Kind        <\/h2>\r\n\r\n                    <div class=\"cover--lead-in__text\">\r\n                <p>Julia m\u00f6chte ein Kind bekommen. Ihr Freund Patrick nicht. Was tun, wenn Lebensentw\u00fcrfe so unterschiedlich sind? Die L\u00f6sung findet Julia in einer Freundschaft \u2013 und geht damit einen ungew\u00f6hnlichen Weg.<br \/>\n<strong>Von <a href=\"https:\/\/visualjournalism.de\/en\/andreas-blauth\/\">Andreas Blauth<\/a> (Text) und <a href=\"https:\/\/visualjournalism.de\/en\/jana-margarete-schuler\/\">Jana Margarete Schuler<\/a> (Fotos)<\/strong><\/p>\n            <\/div>\r\n        \r\n                    <div class=\"cover--lead-in__author\">\r\n                \r\n                    \r\n                            <figure class=\"cover--lead-in__author__image\">\r\n\r\n                                                                    <a href=\"https:\/\/visualjournalism.de\/jana-margarete-schuler\/\" target=\"\">\r\n                                \r\n                                <img loading=\"lazy\" decoding=\"async\"\r\n                                    src=\"https:\/\/visualjournalism.de\/wp-content\/uploads\/Jana_Schuler-68x68.jpg\"\r\n                                    srcset=\"https:\/\/visualjournalism.de\/wp-content\/uploads\/Jana_Schuler-68x68.jpg 68w, https:\/\/visualjournalism.de\/wp-content\/uploads\/Jana_Schuler-150x150.jpg 150w, https:\/\/visualjournalism.de\/wp-content\/uploads\/Jana_Schuler-52x52.jpg 52w, https:\/\/visualjournalism.de\/wp-content\/uploads\/Jana_Schuler-96x96.jpg 96w\"\r\n                                    width=\"68\"\r\n                                    height=\"68\"\r\n                                    alt=\"\"\r\n                                \/>\r\n\r\n                                                                    <\/a>\r\n                                \r\n                            <\/figure>\r\n\r\n                        \r\n                    \r\n                            <figure class=\"cover--lead-in__author__image\">\r\n\r\n                                                                    <a href=\"https:\/\/visualjournalism.de\/mitarbeiter\/andreas-blauth\/\" target=\"\">\r\n                                \r\n                                <img loading=\"lazy\" decoding=\"async\"\r\n                                    src=\"https:\/\/visualjournalism.de\/wp-content\/uploads\/thumbnail_andreas_blauth-1_1zu1_02-68x68.jpg\"\r\n                                    srcset=\"https:\/\/visualjournalism.de\/wp-content\/uploads\/thumbnail_andreas_blauth-1_1zu1_02-68x68.jpg 68w, https:\/\/visualjournalism.de\/wp-content\/uploads\/thumbnail_andreas_blauth-1_1zu1_02-300x300.jpg 300w, https:\/\/visualjournalism.de\/wp-content\/uploads\/thumbnail_andreas_blauth-1_1zu1_02-1024x1024.jpg 1024w, https:\/\/visualjournalism.de\/wp-content\/uploads\/thumbnail_andreas_blauth-1_1zu1_02-150x150.jpg 150w, https:\/\/visualjournalism.de\/wp-content\/uploads\/thumbnail_andreas_blauth-1_1zu1_02-768x768.jpg 768w, https:\/\/visualjournalism.de\/wp-content\/uploads\/thumbnail_andreas_blauth-1_1zu1_02-1536x1536.jpg 1536w, https:\/\/visualjournalism.de\/wp-content\/uploads\/thumbnail_andreas_blauth-1_1zu1_02-1400x1400.jpg 1400w, https:\/\/visualjournalism.de\/wp-content\/uploads\/thumbnail_andreas_blauth-1_1zu1_02-1050x1050.jpg 1050w, https:\/\/visualjournalism.de\/wp-content\/uploads\/thumbnail_andreas_blauth-1_1zu1_02-670x670.jpg 670w, https:\/\/visualjournalism.de\/wp-content\/uploads\/thumbnail_andreas_blauth-1_1zu1_02-420x420.jpg 420w, https:\/\/visualjournalism.de\/wp-content\/uploads\/thumbnail_andreas_blauth-1_1zu1_02-350x350.jpg 350w, https:\/\/visualjournalism.de\/wp-content\/uploads\/thumbnail_andreas_blauth-1_1zu1_02-52x52.jpg 52w, https:\/\/visualjournalism.de\/wp-content\/uploads\/thumbnail_andreas_blauth-1_1zu1_02-96x96.jpg 96w, https:\/\/visualjournalism.de\/wp-content\/uploads\/thumbnail_andreas_blauth-1_1zu1_02.jpg 1907w\"\r\n                                    width=\"68\"\r\n                                    height=\"68\"\r\n                                    alt=\"\"\r\n                                \/>\r\n\r\n                                                                    <\/a>\r\n                                \r\n                            <\/figure>\r\n\r\n                        \r\n                                <\/div><!-- .cover--lead-in__author -->\r\n        \r\n    <\/div><!-- .cover--lead-in__content -->\r\n\r\n    \r\n        <figure class=\"cover--lead-in__image cover--lead-in__media cover--lead-in__media--image\">\r\n            <img loading=\"lazy\" decoding=\"async\"\r\n                src=\"https:\/\/visualjournalism.de\/wp-content\/uploads\/Eineganznormalefamilie-24-1920x2688.jpg\"\r\n                srcset=\"https:\/\/visualjournalism.de\/wp-content\/uploads\/Eineganznormalefamilie-24-1920x2688.jpg 1920w, https:\/\/visualjournalism.de\/wp-content\/uploads\/Eineganznormalefamilie-24-214x300.jpg 214w, https:\/\/visualjournalism.de\/wp-content\/uploads\/Eineganznormalefamilie-24-731x1024.jpg 731w, https:\/\/visualjournalism.de\/wp-content\/uploads\/Eineganznormalefamilie-24-768x1075.jpg 768w, https:\/\/visualjournalism.de\/wp-content\/uploads\/Eineganznormalefamilie-24-1097x1536.jpg 1097w, https:\/\/visualjournalism.de\/wp-content\/uploads\/Eineganznormalefamilie-24-1463x2048.jpg 1463w, https:\/\/visualjournalism.de\/wp-content\/uploads\/Eineganznormalefamilie-24-1400x1960.jpg 1400w, https:\/\/visualjournalism.de\/wp-content\/uploads\/Eineganznormalefamilie-24-1050x1470.jpg 1050w, https:\/\/visualjournalism.de\/wp-content\/uploads\/Eineganznormalefamilie-24-670x938.jpg 670w, https:\/\/visualjournalism.de\/wp-content\/uploads\/Eineganznormalefamilie-24-420x588.jpg 420w, https:\/\/visualjournalism.de\/wp-content\/uploads\/Eineganznormalefamilie-24-350x490.jpg 350w, https:\/\/visualjournalism.de\/wp-content\/uploads\/Eineganznormalefamilie-24-300x420.jpg 300w, https:\/\/visualjournalism.de\/wp-content\/uploads\/Eineganznormalefamilie-24-150x210.jpg 150w, https:\/\/visualjournalism.de\/wp-content\/uploads\/Eineganznormalefamilie-24-scaled.jpg 1829w\"\r\n                width=\"1920\"\r\n                height=\"2688\"\r\n                alt=\"\"\r\n                style=\"object-position: 49.07% 69%\"\r\n            \/>\r\n        <\/figure>\r\n\r\n                    <span class=\"cover--lead-in__image-title\">\r\n                Am 15.07.2024 kommt Verle Flora Kirchhoff zur Welt. \u201eBORN\u201c schreibt Julia in den neuen Familienkalender, in dem auch die Termine von Julia, Ingmar, Ingmars Mann Marcello und Julias Freund Patrick stehen.            <\/span>\r\n        \r\n    \r\n<\/div><!-- .cover--lead-in -->\r\n\r\n\n\n\n<p class=\"post__paragraph has-spacing--default\"><strong>Wenn Julia und Ingmar heute durch Leipzig mit ihrer Tochter im Kinderwagen spazieren, <\/strong>wirken sie auf den ersten Blick wie eine klassische Kleinfamilie. Aber Julia und Ingmar sind kein Paar. Sie waren nie romantisch und nie intim miteinander. Und dennoch sind sie die leiblichen Eltern der neun Monate alten Tochter Verle und teilen eine gemeinsame Verantwortung.<\/p>\n\n\n\n<p class=\"post__paragraph has-spacing--m\">Ein Blick zur\u00fcck, ein gutes Jahr zuvor: Julia lebt mit ihrem langj\u00e4hrigen Partner Patrick in einer eigentlich gl\u00fccklichen Beziehung. Nur einen sensiblen Punkt gibt es: F\u00fcr Patrick ist die Vorstellung, Kinder zu haben und Verantwortung f\u00fcr diese zu tragen eine Aufgabe, der er nicht gerecht werden kann. Er ist \u00abgrundpessimistisch\u00bb wie er sagt: Die Vorstellung, ein eigenes Kind in diese Gesellschaft zu setzen, kann er f\u00fcr sich nicht verantworten. Aus diesem Grund hat er sich bereits sterilisieren lassen. Die M\u00f6glichkeit, ein Kind f\u00fcr die beiden zu bekommen galt somit schon zu Beginn der Beziehung auch biologisch als ausgeschlossen. Mit der Zeit wird Julias Kinderwunsch jedoch st\u00e4rker. Wenn sie ein Kind bekommen m\u00f6chte \u2013 so hat sie sich geschworen \u2013 dann, bevor sie 38 Jahre alt ist. Da sie die Frage umtreibt, informiert sie sich \u00fcber l\u00e4ngere Zeit \u00fcber alternative Methoden f\u00fcr eine Schwangerschaft.<\/p>\n\n\n    <figure class=\"block-photo post__image--wide-left has-spacing--m with-title\">\n\n        <div class=\"post__image__container\">\n            <img loading=\"lazy\" decoding=\"async\" \n                src=\"https:\/\/visualjournalism.de\/wp-content\/uploads\/Eineganznormalefamilie-21-1050x750.jpg\"\n                srcset=\"https:\/\/visualjournalism.de\/wp-content\/uploads\/Eineganznormalefamilie-21-1050x750.jpg 1050w, https:\/\/visualjournalism.de\/wp-content\/uploads\/Eineganznormalefamilie-21-300x214.jpg 300w, https:\/\/visualjournalism.de\/wp-content\/uploads\/Eineganznormalefamilie-21-1024x731.jpg 1024w, https:\/\/visualjournalism.de\/wp-content\/uploads\/Eineganznormalefamilie-21-768x549.jpg 768w, https:\/\/visualjournalism.de\/wp-content\/uploads\/Eineganznormalefamilie-21-1536x1097.jpg 1536w, https:\/\/visualjournalism.de\/wp-content\/uploads\/Eineganznormalefamilie-21-2048x1463.jpg 2048w, https:\/\/visualjournalism.de\/wp-content\/uploads\/Eineganznormalefamilie-21-1920x1371.jpg 1920w, https:\/\/visualjournalism.de\/wp-content\/uploads\/Eineganznormalefamilie-21-1400x1000.jpg 1400w, https:\/\/visualjournalism.de\/wp-content\/uploads\/Eineganznormalefamilie-21-670x479.jpg 670w, https:\/\/visualjournalism.de\/wp-content\/uploads\/Eineganznormalefamilie-21-420x300.jpg 420w, https:\/\/visualjournalism.de\/wp-content\/uploads\/Eineganznormalefamilie-21-350x250.jpg 350w, https:\/\/visualjournalism.de\/wp-content\/uploads\/Eineganznormalefamilie-21-150x107.jpg 150w\"\n                width=\"1050\" \n                height=\"750\"\n                alt=\"\" \n            \/>\n            \n                            <span class=\"post__image__title\">Ingmar und Julia wirken wie ein Paar, sind aber nicht ineinander verliebt. Seit zehn Jahren sind sie befreundet, jetzt bekommen sie ein Kind zusammen.<\/span>\n                    <\/div><!-- post__image__container -->\n\n        \n    <\/figure><!-- post__image -->\n\n\n\n\n<p class=\"post__paragraph has-spacing--default\"><strong>Mit ihrem langj\u00e4hrigen Partyfreund<\/strong> Ingmar, der selbst schwul ist und wie Julia in Berlin lebt, redet sie immer wieder dar\u00fcber. Auf der ein oder anderen Party scherzen die beiden herum, dass Ingmar selbst ja der Vater ihres Kindes werden k\u00f6nne. \u00abIn der schwulen Community ist es gang und g\u00e4be, dass M\u00e4nner befreundeten Frauen halb scherzhaft, halb ernst ihre Hilfe beim Kinderwunsch anbieten \u2013 nach dem Motto: Wenn die Uhr tickt, sprechen wir nochmal&#8230;\u00bb Ernsthaft haben beide zu dem Zeitpunkt aber noch nicht dar\u00fcber nachgedacht. Erst als Julia sich mehr informiert und solche Gespr\u00e4che zwischen den beiden auch au\u00dferhalb von Partys h\u00e4ufiger werden, wird auch die Idee immer ernster. F\u00fcr beide kommt es aber nicht in Frage, intim miteinander zu werden. \u00abKlar passt das rein funktional und wenn es eine fremde Frau w\u00e4re, k\u00f6nnte ich mir das ganz vielleicht vorstellen. Aber Sex mit der besten Freundin \u2013 das kam f\u00fcr mich nicht infrage\u00bb, sagt Ingmar.<\/p>\n\n\n\n<p class=\"post__paragraph has-spacing--m\">Die beiden entscheiden sich f\u00fcr einen anderen Weg: An einem Sommertag f\u00fchrt sich Julia in der fruchtbaren Phase Ingmars Ejakulat mit einer Spritze ein. Heiminsemination<strong> <\/strong>nennt sich dieser Vorgang der Befruchtung, der umgangssprachlich gerne auch als <strong>\u00ab<\/strong>Bechermethode\u00bb bezeichnet wird. Mehrmals hatten sie die \u00abBechermethode\u00bb probiert; einmal in Berlin und einmal, als er Julia in Leipzig besucht hat. Dass es bereits im zweiten Zyklus geklappt hat, h\u00e4tte Julia nicht gedacht. Sie wird schwanger \u2013 und im Juli 2024 kommt Julias und Ingmars Tochter Verle zur Welt.<\/p>\n\n\n \n\n<div class=\"photo-grid grid-layout--tableau has-spacing--m\">\n\n            \n\n            <div class=\"photo-grid__image\">\n\n                <figure>\n\n                    <img loading=\"lazy\" decoding=\"async\"  \n                        src=\"https:\/\/visualjournalism.de\/wp-content\/uploads\/Eineganznormalefamilie-47-768x1075.jpg\" \n                        srcset=\"https:\/\/visualjournalism.de\/wp-content\/uploads\/Eineganznormalefamilie-47-768x1075.jpg 768w, https:\/\/visualjournalism.de\/wp-content\/uploads\/Eineganznormalefamilie-47-214x300.jpg 214w, https:\/\/visualjournalism.de\/wp-content\/uploads\/Eineganznormalefamilie-47-731x1024.jpg 731w, https:\/\/visualjournalism.de\/wp-content\/uploads\/Eineganznormalefamilie-47-1097x1536.jpg 1097w, https:\/\/visualjournalism.de\/wp-content\/uploads\/Eineganznormalefamilie-47-1463x2048.jpg 1463w, https:\/\/visualjournalism.de\/wp-content\/uploads\/Eineganznormalefamilie-47-1920x2688.jpg 1920w, https:\/\/visualjournalism.de\/wp-content\/uploads\/Eineganznormalefamilie-47-1400x1960.jpg 1400w, https:\/\/visualjournalism.de\/wp-content\/uploads\/Eineganznormalefamilie-47-1050x1470.jpg 1050w, https:\/\/visualjournalism.de\/wp-content\/uploads\/Eineganznormalefamilie-47-670x938.jpg 670w, https:\/\/visualjournalism.de\/wp-content\/uploads\/Eineganznormalefamilie-47-420x588.jpg 420w, https:\/\/visualjournalism.de\/wp-content\/uploads\/Eineganznormalefamilie-47-350x490.jpg 350w, https:\/\/visualjournalism.de\/wp-content\/uploads\/Eineganznormalefamilie-47-300x420.jpg 300w, https:\/\/visualjournalism.de\/wp-content\/uploads\/Eineganznormalefamilie-47-150x210.jpg 150w, https:\/\/visualjournalism.de\/wp-content\/uploads\/Eineganznormalefamilie-47-scaled.jpg 1828w\" \n                        width=\"768\"  \n                        height=\"1075\" \n                        alt=\"\"  \n                    \/>\n\n                                            <span class=\"photo-grid__image__title\">F\u00fcr die Befruchtung f\u00fcllte Ingmar im Badezimmer einen Urinbecher mit seinem Sperma, zog es in eine Spritze auf und reichte sie Julia.<\/span>\n                    \n                    \n                <\/figure>\n\n            <\/div><!-- photo-grid__image -->    \n\n\n            \n\n                    \n                \n\n            <div class=\"photo-grid__image\">\n\n                <figure>\n\n                    <img loading=\"lazy\" decoding=\"async\"  \n                        src=\"https:\/\/visualjournalism.de\/wp-content\/uploads\/Eineganznormalefamilie-24-768x1075.jpg\" \n                        srcset=\"https:\/\/visualjournalism.de\/wp-content\/uploads\/Eineganznormalefamilie-24-768x1075.jpg 768w, https:\/\/visualjournalism.de\/wp-content\/uploads\/Eineganznormalefamilie-24-214x300.jpg 214w, https:\/\/visualjournalism.de\/wp-content\/uploads\/Eineganznormalefamilie-24-731x1024.jpg 731w, https:\/\/visualjournalism.de\/wp-content\/uploads\/Eineganznormalefamilie-24-1097x1536.jpg 1097w, https:\/\/visualjournalism.de\/wp-content\/uploads\/Eineganznormalefamilie-24-1463x2048.jpg 1463w, https:\/\/visualjournalism.de\/wp-content\/uploads\/Eineganznormalefamilie-24-1920x2688.jpg 1920w, https:\/\/visualjournalism.de\/wp-content\/uploads\/Eineganznormalefamilie-24-1400x1960.jpg 1400w, https:\/\/visualjournalism.de\/wp-content\/uploads\/Eineganznormalefamilie-24-1050x1470.jpg 1050w, https:\/\/visualjournalism.de\/wp-content\/uploads\/Eineganznormalefamilie-24-670x938.jpg 670w, https:\/\/visualjournalism.de\/wp-content\/uploads\/Eineganznormalefamilie-24-420x588.jpg 420w, https:\/\/visualjournalism.de\/wp-content\/uploads\/Eineganznormalefamilie-24-350x490.jpg 350w, https:\/\/visualjournalism.de\/wp-content\/uploads\/Eineganznormalefamilie-24-300x420.jpg 300w, https:\/\/visualjournalism.de\/wp-content\/uploads\/Eineganznormalefamilie-24-150x210.jpg 150w, https:\/\/visualjournalism.de\/wp-content\/uploads\/Eineganznormalefamilie-24-scaled.jpg 1829w\" \n                        width=\"768\"  \n                        height=\"1075\" \n                        alt=\"\"  \n                    \/>\n\n                                            <span class=\"photo-grid__image__title\">Am 15.07.2024 kommt Verle Flora Kirchhoff zur Welt. \u201eBORN\u201c schreibt Julia in den neuen Familienkalender, in dem auch die Termine von Julia, Ingmar, Ingmars Mann Marcello und Julias Freund Patrick stehen.<\/span>\n                    \n                    \n                <\/figure>\n\n            <\/div><!-- photo-grid__image -->    \n\n\n            \n\n                    \n        \n<\/div>\n\n\n<div class=\"devider has-spacing--none\">\n    <hr>\n<\/div>\n\n\n \n    \n    <div id=\"quote-block_87c46a2d6808007e32cd07683dce46cb\" class=\"block-quote has-spacing--m\">\n        <figure class=\"quote\">\n            <blockquote>\n                <p><strong>F\u00fcr uns alle ist das Konzept neu<\/strong> \u2013 und es gibt wenig kollektive Erfahrung von Anderen, auf die man sich berufen kann<\/p>\n            <\/blockquote>\n\n            <figcaption>\n\n                            <img loading=\"lazy\" decoding=\"async\" class=\"portrait--inline\" src=\"https:\/\/visualjournalism.de\/wp-content\/uploads\/Eineganznormalefamilie-46-scaled-1-52x52.jpg\" width=\"52\" height=\"52\" alt=\"\" \/>\n                            <span>Julia<\/span>\n            <\/figcaption>\n            \n        <\/figure>\n    <\/div>\n\n\n\n\n<p class=\"post__paragraph has-spacing--default\"><strong>Wer welche Verantwortung<\/strong> in dieser Form des Co-Parenting-Modells \u00fcbernimmt, musste vor der Geburt klar kommuniziert und gekl\u00e4rt werden. Denn Julia zog mit Verle zwischenzeitlich zu ihrem Partner Patrick nach Leipzig, w\u00e4hrend Ingmar weiterhin in Berlin lebte. Deshalb trifft Julia im Moment die meisten Entscheidungen und tr\u00e4gt die Hauptverantwortung.<\/p>\n\n\n\n<p class=\"post__paragraph has-spacing--m\">Ingmar nimmt durch diese Umst\u00e4nde bedingt gerade noch die Rolle des Wochenendpapas ein: Einmal die Woche fahren sein Partner Marcelo und er nach Leipzig zu Julia, in deren Wohnung sie ihr eigenes Zimmer haben. Ingmar hilft im Haushalt aus und verbringt Zeit mit Verle. So kann Julia Zeit mit ihrem Partner Patrick verbringen, was unter der Woche h\u00e4ufig zu kurz kommt. In manchen Momenten f\u00fchle es sich wie eine Alleinerziehung an, sagt Julia. \u00abDas ist aber auch v\u00f6llig in Ordnung. Das habe ich mir auch ein St\u00fcck weit so ausgesucht\u00bb, sagt sie kompromissbereit.<\/p>\n\n\n    <figure class=\"block-photo post__image--wide-left has-spacing--m with-title\">\n\n        <div class=\"post__image__container\">\n            <img loading=\"lazy\" decoding=\"async\" \n                src=\"https:\/\/visualjournalism.de\/wp-content\/uploads\/Eineganznormalefamilie-44-1-1050x750.jpg\"\n                srcset=\"https:\/\/visualjournalism.de\/wp-content\/uploads\/Eineganznormalefamilie-44-1-1050x750.jpg 1050w, https:\/\/visualjournalism.de\/wp-content\/uploads\/Eineganznormalefamilie-44-1-300x214.jpg 300w, https:\/\/visualjournalism.de\/wp-content\/uploads\/Eineganznormalefamilie-44-1-1024x731.jpg 1024w, https:\/\/visualjournalism.de\/wp-content\/uploads\/Eineganznormalefamilie-44-1-768x549.jpg 768w, https:\/\/visualjournalism.de\/wp-content\/uploads\/Eineganznormalefamilie-44-1-1536x1097.jpg 1536w, https:\/\/visualjournalism.de\/wp-content\/uploads\/Eineganznormalefamilie-44-1-2048x1463.jpg 2048w, https:\/\/visualjournalism.de\/wp-content\/uploads\/Eineganznormalefamilie-44-1-1920x1371.jpg 1920w, https:\/\/visualjournalism.de\/wp-content\/uploads\/Eineganznormalefamilie-44-1-1400x1000.jpg 1400w, https:\/\/visualjournalism.de\/wp-content\/uploads\/Eineganznormalefamilie-44-1-670x479.jpg 670w, https:\/\/visualjournalism.de\/wp-content\/uploads\/Eineganznormalefamilie-44-1-420x300.jpg 420w, https:\/\/visualjournalism.de\/wp-content\/uploads\/Eineganznormalefamilie-44-1-350x250.jpg 350w, https:\/\/visualjournalism.de\/wp-content\/uploads\/Eineganznormalefamilie-44-1-150x107.jpg 150w\"\n                width=\"1050\" \n                height=\"750\"\n                alt=\"Co-Parenting\" \n            \/>\n            \n                            <span class=\"post__image__title\">Gemeinsam spazieren Julia, Ingmar, Marcello und Verle durch die Stra\u00dfen und lassen sich auf einer Bank im Stadtpark in Berlin-Sch\u00f6neberg nieder. Einige Menschen werfen der Konstellation neugierige Blicke zu.<\/span>\n                    <\/div><!-- post__image__container -->\n\n        \n    <\/figure><!-- post__image -->\n\n\n\n\n<p class=\"post__paragraph has-spacing--default\"><strong>Julias Partner Patrick<\/strong> unterst\u00fctzt sie in ihrem Alltag in Leipzig, gelegentlich fragt Julia ihn auch ab und zu nach seinem Rat. Er bleibt aber bewusst au\u00dfen vor, wenn es um die Vaterrolle und Erziehung geht: Gro\u00dfe Entscheidungen, die zum Beispiel Impfungen, Schulwahl oder andere Verantwortlichkeiten betreffen, trifft er nicht mit ihr. Sie werden am Ende nur mit Ingmar zusammen entschieden. So etwas wie Eifersucht hat Patrick gegen\u00fcber Ingmar nie empfunden: \u00abF\u00fcr mich tut es mittlerweile unglaublich gut, zu wissen, das Verle bei Ingmar und Marcelo gut aufgehoben ist.\u00bb<\/p>\n\n\n\n<p class=\"post__paragraph has-spacing--m\">Die Geburt von Verle war f\u00fcr Patrick im Vergleich zu allen anderen Beteiligten noch etwas schwerer zu verarbeiten. \u00abIch habe dann in dem Moment gemerkt, dass ich in diesem Modell doch mehr drin stecke, als mir vielleicht lieb war, und mir ist klar geworden, dass ich doch zumindest einen Teil der Verantwortung trage, den ich doch eigentlich immer vermeiden wollte.\u00bb \u00dcber die Zeit hat sich dieses Unbehagen aber gelegt. \u00abWenn man sieht , wie s\u00fc\u00df Verle ist und wie gut sie bei Julia, Ingmar und seinem Freund Marcelo aufgehoben ist, dann hat sich das eigentlich zu genau dem entwickelt, wie ich mir das immer vorgestellt habe.\u00bb Dazu, Julia zu helfen, hat sich Patrick selbst verpflichtet und sieht es als Entgegenkommen, als Teil des Kompromisses, den Julia und er im Rahmen ihrer Liebesbeziehung geschmiedet haben: Sie will ein Kind, er nicht. Sie sucht sich einen alternativen Weg, und er unterst\u00fctzt sie dabei, ohne die Hauptverantwortung zu tragen. So der Deal.<\/p>\n\n\n    <figure class=\"block-photo post__image--wide-left has-spacing--m with-title\">\n\n        <div class=\"post__image__container\">\n            <img loading=\"lazy\" decoding=\"async\" \n                src=\"https:\/\/visualjournalism.de\/wp-content\/uploads\/Eineganznormalefamilie-29-1050x750.jpg\"\n                srcset=\"https:\/\/visualjournalism.de\/wp-content\/uploads\/Eineganznormalefamilie-29-1050x750.jpg 1050w, https:\/\/visualjournalism.de\/wp-content\/uploads\/Eineganznormalefamilie-29-300x214.jpg 300w, https:\/\/visualjournalism.de\/wp-content\/uploads\/Eineganznormalefamilie-29-1024x731.jpg 1024w, https:\/\/visualjournalism.de\/wp-content\/uploads\/Eineganznormalefamilie-29-768x549.jpg 768w, https:\/\/visualjournalism.de\/wp-content\/uploads\/Eineganznormalefamilie-29-1536x1097.jpg 1536w, https:\/\/visualjournalism.de\/wp-content\/uploads\/Eineganznormalefamilie-29-2048x1463.jpg 2048w, https:\/\/visualjournalism.de\/wp-content\/uploads\/Eineganznormalefamilie-29-1920x1371.jpg 1920w, https:\/\/visualjournalism.de\/wp-content\/uploads\/Eineganznormalefamilie-29-1400x1000.jpg 1400w, https:\/\/visualjournalism.de\/wp-content\/uploads\/Eineganznormalefamilie-29-670x479.jpg 670w, https:\/\/visualjournalism.de\/wp-content\/uploads\/Eineganznormalefamilie-29-420x300.jpg 420w, https:\/\/visualjournalism.de\/wp-content\/uploads\/Eineganznormalefamilie-29-350x250.jpg 350w, https:\/\/visualjournalism.de\/wp-content\/uploads\/Eineganznormalefamilie-29-150x107.jpg 150w\"\n                width=\"1050\" \n                height=\"750\"\n                alt=\"Mutter Julia stillt ihr Kind. Eine Hebamme und ihr Kumpel Ingmar (links), mit dem sie in einem Co-Parenting Konzept lebt, schauen dem Kind zu. Rechts schaut ihr Beziehungspartner Patrick zu Verle\" \n            \/>\n            \n                            <span class=\"post__image__title\">Nach der Geburt kommt die Hebamme regelm\u00e4\u00dfig zu Check-Ups und erkl\u00e4rt den betreuenden Personen, worauf sie im Umgang mit dem Neugeborenen achten sollten. Auf dem Bild sind von links nach rechts zu sehen: Ingmar, die Hebamme, Julia mit Verle auf dem Arm und Julias Freund Patrick.<\/span>\n                    <\/div><!-- post__image__container -->\n\n        \n    <\/figure><!-- post__image -->\n\n\n\n\n<p class=\"post__paragraph has-spacing--default\"><strong>Das Co-Parenting-Modell<\/strong> hat nat\u00fcrlich auch die zwischenmenschlichen Beziehungen der Beteiligten ver\u00e4ndert. F\u00fcr Julia ist Ingmar von einem fr\u00fcheren Partyfreund zu einer engen Bezugsperson geworden, der Mitverantwortung f\u00fcr ihr Kind \u00fcbernimmt. Hilfe gibt es zus\u00e4tzlich auch von Ingmars Partner Marcelo, der so auch in gewisser Weise ein Teil der Familie geworden ist. Dass zwei Menschen, die befreundet sind, ein gemeinsames Co-Parenting f\u00fchren, passiert nicht besonders oft.<\/p>\n\n\n\n<p class=\"post__paragraph has-spacing--default\">F\u00fcr Ingmar und Julia \u00fcberwiegen die Vorteile. \u00abIn dem Co-Parenting-Modell habe ich gewisse Konflikte einfach nicht, weil mein romantischer Freund nicht die Verantwortung hat, das finde ich gut. Vielleicht ist es entspannter, dass es weniger Streitpotential zu meinem Liebespartner gibt. Positiv finde ich, dass ich mit Ingmar sehr rational \u00fcber Themen sprechen kann, die Verle betreffen. Es ist nicht so emotional aufgeladen\u00bb, sagt Julia. <\/p>\n\n\n\n<p class=\"post__paragraph has-spacing--m\">Das sieht auch Ingmar so: \u00abIch kann nur theoretisch sprechen, aber ich denke, eine platonische Beziehung als Grundlage einer Erziehung hat seine Vorteile. Sicherlich hat es nicht die Innigkeit, Intensit\u00e4t und Frequenz der Momente des Teilens, die entstehen, wenn man zusammenlebt. Aber es gibt auch weniger Potential f\u00fcr Streit und Missgunst, wie sie in langen romantischen Beziehungen entstehen \u2013 und worunter oft die Kinder leiden.\u00bb, sagt Ingmar. \u00abSp\u00e4testens, wenn die Beziehung nicht mehr so rosig l\u00e4uft, kommt oft pers\u00f6nliche Kr\u00e4nkung dazu. Bei uns gibt es nat\u00fcrlich auch vereinzelte Konflikte, aber keine Bestrafungen wie z.B. Liebesentzug. Das Co-Parenting-Modell hat Vorteile, weil dort das Wohl des Kindes im Vordergrund steht, wie es eigentlich idealerweise in jeder Beziehung der Fall sein sollte.\u00bb<\/p>\n\n\n    <figure class=\"block-photo post__image--half-right has-spacing--m with-title\">\n\n        <div class=\"post__image__container\">\n            <img loading=\"lazy\" decoding=\"async\" \n                src=\"https:\/\/visualjournalism.de\/wp-content\/uploads\/Eineganznormalefamilie-39-768x1075.jpg\"\n                srcset=\"https:\/\/visualjournalism.de\/wp-content\/uploads\/Eineganznormalefamilie-39-768x1075.jpg 768w, https:\/\/visualjournalism.de\/wp-content\/uploads\/Eineganznormalefamilie-39-214x300.jpg 214w, https:\/\/visualjournalism.de\/wp-content\/uploads\/Eineganznormalefamilie-39-731x1024.jpg 731w, https:\/\/visualjournalism.de\/wp-content\/uploads\/Eineganznormalefamilie-39-1097x1536.jpg 1097w, https:\/\/visualjournalism.de\/wp-content\/uploads\/Eineganznormalefamilie-39-1463x2048.jpg 1463w, https:\/\/visualjournalism.de\/wp-content\/uploads\/Eineganznormalefamilie-39-1920x2688.jpg 1920w, https:\/\/visualjournalism.de\/wp-content\/uploads\/Eineganznormalefamilie-39-1400x1960.jpg 1400w, https:\/\/visualjournalism.de\/wp-content\/uploads\/Eineganznormalefamilie-39-1050x1470.jpg 1050w, https:\/\/visualjournalism.de\/wp-content\/uploads\/Eineganznormalefamilie-39-670x938.jpg 670w, https:\/\/visualjournalism.de\/wp-content\/uploads\/Eineganznormalefamilie-39-420x588.jpg 420w, https:\/\/visualjournalism.de\/wp-content\/uploads\/Eineganznormalefamilie-39-350x490.jpg 350w, https:\/\/visualjournalism.de\/wp-content\/uploads\/Eineganznormalefamilie-39-300x420.jpg 300w, https:\/\/visualjournalism.de\/wp-content\/uploads\/Eineganznormalefamilie-39-150x210.jpg 150w, https:\/\/visualjournalism.de\/wp-content\/uploads\/Eineganznormalefamilie-39-scaled.jpg 1829w\"\n                width=\"768\" \n                height=\"1075\"\n                alt=\"\" \n            \/>\n            \n                            <span class=\"post__image__title\">An einigen Tagen f\u00fchlt sich Julia wie eine alleinerziehende Mutter. Von Montag bis Donnerstag ist sie alleine f\u00fcr Verle zust\u00e4ndig, die To-Do-Listen sind lang. \u201eAbpumpen\u201c steht ganz oben auf der Liste, damit sie Verle an diesem Wochenende ein paar Stunden allein mit Ingmar lassen kann.<\/span>\n                    <\/div><!-- post__image__container -->\n\n        \n    <\/figure><!-- post__image -->\n\n\n\n\n<p class=\"post__paragraph has-spacing--default\"><strong>Gleichzeitig fordert das Modell<\/strong> aber auch ein hohes Ma\u00df an Anpassungsf\u00e4higkeit und Spontanit\u00e4t ein. L\u00f6sungen m\u00fcssen sie st\u00e4ndig neu herausfinden und besprechen: \u00abF\u00fcr uns alle ist das Konzept neu \u2013 und es gibt wenig kollektive Erfahrung von Anderen, auf die man sich berufen kann\u00bb r\u00e4umt Julia ein. Ein Buch hatte Ingmar \u00fcber grunds\u00e4tzliche rechtliche und strategische Fragen des Co-Parenting-Modells informiert und all die damit einhergehenden b\u00fcrokratischen Angelegenheiten gekl\u00e4rt. <\/p>\n\n\n\n<p class=\"post__paragraph has-spacing--m\">Ganz angewandte und konkrete Erziehungsentscheidungen m\u00fcssen sie aber immer wieder neu verhandeln und in der Praxis diskutieren. Das ist anstrengend; aber Julia begegnet diesen Prozessen auch mit gro\u00dfer Wertsch\u00e4tzung. Auch deswegen, weil sie das Gef\u00fchl hat, da etwas Neues zu schaffen, das in dieser Form noch kaum existiert: \u00abIch finde die Tatsache, dass Nichts von all den allt\u00e4glichen Angelegenheiten selbstverst\u00e4ndlich ist in gewisser Weise beruhigend, vielleicht auch spannender, bunter. Man wei\u00df nicht, was noch kommt; der Weg, die Zukunft sind nicht vorgeschrieben. Bei anderen Beziehungen habe ich das Gef\u00fchl, dass da oft Wege fest vorgeschrieben sind \u2013 als vermeintliche Selbstverst\u00e4ndlichkeit.\u00bb<\/p>\n\n\n    <figure class=\"block-photo post__image--half-left has-spacing--m with-title\">\n\n        <div class=\"post__image__container\">\n            <img loading=\"lazy\" decoding=\"async\" \n                src=\"https:\/\/visualjournalism.de\/wp-content\/uploads\/Eineganznormalefamilie-46-768x1075.jpg\"\n                srcset=\"https:\/\/visualjournalism.de\/wp-content\/uploads\/Eineganznormalefamilie-46-768x1075.jpg 768w, https:\/\/visualjournalism.de\/wp-content\/uploads\/Eineganznormalefamilie-46-214x300.jpg 214w, https:\/\/visualjournalism.de\/wp-content\/uploads\/Eineganznormalefamilie-46-731x1024.jpg 731w, https:\/\/visualjournalism.de\/wp-content\/uploads\/Eineganznormalefamilie-46-1097x1536.jpg 1097w, https:\/\/visualjournalism.de\/wp-content\/uploads\/Eineganznormalefamilie-46-1463x2048.jpg 1463w, https:\/\/visualjournalism.de\/wp-content\/uploads\/Eineganznormalefamilie-46-1920x2688.jpg 1920w, https:\/\/visualjournalism.de\/wp-content\/uploads\/Eineganznormalefamilie-46-1400x1960.jpg 1400w, https:\/\/visualjournalism.de\/wp-content\/uploads\/Eineganznormalefamilie-46-1050x1470.jpg 1050w, https:\/\/visualjournalism.de\/wp-content\/uploads\/Eineganznormalefamilie-46-670x938.jpg 670w, https:\/\/visualjournalism.de\/wp-content\/uploads\/Eineganznormalefamilie-46-420x588.jpg 420w, https:\/\/visualjournalism.de\/wp-content\/uploads\/Eineganznormalefamilie-46-350x490.jpg 350w, https:\/\/visualjournalism.de\/wp-content\/uploads\/Eineganznormalefamilie-46-300x420.jpg 300w, https:\/\/visualjournalism.de\/wp-content\/uploads\/Eineganznormalefamilie-46-150x210.jpg 150w, https:\/\/visualjournalism.de\/wp-content\/uploads\/Eineganznormalefamilie-46-scaled.jpg 1829w\"\n                width=\"768\" \n                height=\"1075\"\n                alt=\"\" \n            \/>\n            \n                            <span class=\"post__image__title\">Als Julia und Ingmar sich f\u00fcr ein Kind entschieden, hatte Ingmar noch keinen Partner. Bei einer Mexikoreise lernt er Marcello kennen und heiratet ihn noch w\u00e4hrend der Schwangerschaft. W\u00e4hrend Julias Freund Patrick sich aus dem Familienleben gr\u00f6\u00dftenteils raush\u00e4lt, ist Marcello bei allem dabei. \u201eEr geh\u00f6rt jetzt auch zur Familie\u201c, sagt Julia.<\/span>\n                    <\/div><!-- post__image__container -->\n\n        \n    <\/figure><!-- post__image -->\n\n\n\n\n<p class=\"post__paragraph has-spacing--default\"><strong>So sieht Julia \u2013 ein grunds\u00e4tzlich spontaner Mensch \u2013<\/strong> bei der Erziehung ihrer Tochter davon ab, auf lange Sicht zu planen. Was, wenn sie sp\u00e4ter bei Ingmar in Berlin leben m\u00f6chte? Was, wenn Verle sich sp\u00e4ter einmal immer vor anderen Kindern erkl\u00e4ren muss? Wo Au\u00dfenstehenden m\u00f6glicherweise Machbarkeits-Fragen aufkommen, reagieren beide Elternteile gelassen und sehen vor allem Kommunikation als den entscheidenen L\u00f6sungsweg. <\/p>\n\n\n\n<p class=\"post__paragraph has-spacing--s\">Noch ist unklar, wie sich die Vaterrolle auf mehrere Personen verteilt. Wie werden Patrick, Ingmar und Marcelo einmal angesprochen? Noch kann Verle nicht sprechen, sie freut sich einfach, alle drei zu sehen. \u00abMehr wei\u00df ich nicht, wie sie uns M\u00e4nner definieren wird\u00bb, sagt Ingmar. M\u00f6glich sei, dass Verle alle drei mit \u00abPapa\u00bb anspricht. Er selbst nimmt die Vaterrolle aber nicht als geteilt wahr: Verantwortung, Sorgerecht und Verpflichtung liegen bei ihm. F\u00fcr ihn habe Verle einfach zwei weitere m\u00e4nnliche Bezugspersonen, die f\u00fcr Au\u00dfenstehende wie V\u00e4ter wirken. Patrick wiederum k\u00f6nnte sich vorstellen, dass Verle alle drei mit \u00abPapa\u00bb anspricht. Das sei nicht sein Wunsch, weil er sich nicht als Vater f\u00fchlt. Trotzdem verbringt er viel Zeit mit ihr.<\/p>\n\n\n\n    <div class=\"headline-block has-spacing--xs\">\n\n        <h2 class=\"post__headline\">Das neue Konzept der Veranwortungsgemeinschaft<\/h2>\n\n        \n    <\/div>\n\n    \n\n\n\n\n<p class=\"post__paragraph has-spacing--default\">Die Geschichte des Co-Parenting<strong> <\/strong>von Ingmar und Julia passt gut in einen gesellschaftlichen Trend: Die Nachfrage danach, das Konzept von Familie neu zu betrachten und andere Formen der Lebensgemeinschaft auszuprobieren, <a href=\"https:\/\/www.bmfsfj.de\/resource\/blob\/239468\/a09d21ecd295be59a9aced5b10d7c5b7\/familienreport-2024-data.pdf\">steigt stetig<\/a>. Derweil l\u00e4sst eine rechtliche Grundlage, die es solchen Elternpaaren leicht macht, die Elternschaft rechtlich zu besiegeln, auf sich warten. Nach dem Konzept der Verantwortungsgemeinschaft k\u00f6nnen auch Menschen, die nicht die leiblichen Eltern sind aber auch nicht im klassischen Sinne adoptiert haben, als verantwortliche Bindungspersonen&nbsp;eingetragen sein und als solche agieren. <\/p>\n\n\n\n<p class=\"post__paragraph has-spacing--s\">Ein geplantes Gesetz zur \u00abVerantwortungsgemeinschaft\u00bb sollte im Koalitionsvertrag von 2021 auf den aufkommenden Trend antworten und erm\u00f6glichen, dass bis zu sechs Personen rechtlich Verantwortung f\u00fcreinander \u00fcbernehmen k\u00f6nnen \u2013 unabh\u00e4ngig von Ehe oder Verwandtschaft. Bislang fehlten daf\u00fcr noch gesetzliche Regelungen f\u00fcr Themen wie Erbe, Steuern oder Sorgerecht. Unter der Leitung von Marco Buschmann (FDP) wurde diese rechtliche Grundlage f\u00fcr diese Art des Co-Parentings geschaffen; durchgesetzt wurde sie in der gescheiterten Ampelkoalition aber nicht mehr \u2013 und eine Umsetzung des Entwurfs unter der laufenden Bundesregierung ist nicht geplant.<\/p>\n\n\n\n<div class=\"devider has-spacing--none\">\n    <hr>\n<\/div>\n\n\n \n    \n    <div id=\"quote-block_30ca1b528fd9e3f434131621df620ca7\" class=\"block-quote has-spacing--s\">\n        <figure class=\"quote\">\n            <blockquote>\n                <p><strong>Verle wird in einer Welt<\/strong> <strong>aufwachsen<\/strong>, in der sie sich erkl\u00e4ren m\u00fcssen wird.<\/p>\n            <\/blockquote>\n\n            <figcaption>\n\n                            <span><\/span>\n            <\/figcaption>\n            \n        <\/figure>\n    <\/div>\n\n\n\n\n<p class=\"post__paragraph has-spacing--default\">Aber auch abgesehen von der rechtlichen Verankerung dieses Modells muss das Konzept wom\u00f6glich erst einmal in der Mitte Gesellschaft angekommen sein. Daf\u00fcr braucht es wohl noch Zeit: \u00abVerle wird in einer Welt aufwachsen, in der sie sich erkl\u00e4ren m\u00fcssen wird; in der sie merkt, dass sie anders ist und in andere Umst\u00e4nde eingebettet ist als die Norm\u00bb sagen Julia und ihr Partner Patrick, der was das angeht beunruhigter ist als es Verles Eltern Ingmar und Julia sind.<\/p>\n\n\n\n<p class=\"post__paragraph has-spacing--default\">F\u00fcr sie sind solche Themen viel mehr eine Sache der Kommunikation und der Art und Weise, wie sie die Situation vor anderen Menschen, die das Konzept noch nicht verstehen, erkl\u00e4ren kann. \u00abEs ist insofern anstrengend, als dass man das Co-Parenting-Modell nie in einem kurzen Satz erkl\u00e4ren kann. Ich habe schon geh\u00f6rt, dass die Kinder im Kindergarten am ersten Tag ein Foto von ihrer Familie mitbringen sollen, und nat\u00fcrlich habe ich da auch ein bisschen Angst vor. Ich versuche, ihr zu  erkl\u00e4ren, dass das ok ist und dass Familien ganz unterschiedlich sein k\u00f6nnen. Das alles ist manchmal nat\u00fcrlich anstrengend. Aber ich will nat\u00fcrlich auch der Gesellschaft ein St\u00fcck weit zeigen, dass es anders geht und dass Frauen nicht ewig auf \u2039den Richtigen\u203a warten m\u00fcssen, um ihren Kinderwunsch zu erf\u00fcllen.\u00bb<\/p>\n\n\n\n<div class=\"wp-block-group has-spacing--default has-spacing--default\">\n<div class=\"devider has-spacing--none\">\n    <hr>\n<\/div>\n\n\n \n\n    <div id=\"lead-in-block_4e918057bc87302147cdc29b331eb4fc\" class=\"block-lead-in typo--default font-size--xl has-spacing--s width--default\">\n        <p><strong>Empfehlungen der Redaktion:<\/strong><\/p>\n    <\/div>\n\n\n\n\r\n\r\n\r\n\n\n\r\n\r\n\r\n\r\n        <div class=\"teaser-grid grid-layout--3col has-spacing--s width--inline\">\r\n\r\n            \r\n                <article class=\"post-teaser\">\r\n\r\n                    <a href=\"https:\/\/visualjournalism.de\/en\/magazine\/ratgeber\/politikerinnen-souveraen-interviewen\/\" rel=\"permalink\">\r\n\r\n                        <div class=\"post-teaser__content\">\r\n\r\n                            <span class=\"entry-categories\">Ratgeber<\/span>\r\n                            <h3 class=\"post-teaser__headline\">\r\n                                Politiker*innen souver\u00e4n interviewen \u2013 Die besten Tipps f\u00fcr ein sicheres Auftreten                            <\/h3>\r\n\r\n                            <div class=\"post-teaser__excerpt\">\r\n                                <p>Ein Gespr\u00e4ch mit Politiker*innen kann schnell zum Machtkampf werden. Wie du selbst gegen Profis die Oberhand beh\u00e4ltst und typische Interviewfallen umgehst.<\/p>\r\n                            <\/div>\r\n\r\n                        <\/div><!-- .post-teaser__content -->\r\n\r\n\r\n                        \r\n                            <figure class=\"post-teaser__image\">\r\n                                <img loading=\"lazy\" decoding=\"async\"  \r\n                                    src=\"https:\/\/visualjournalism.de\/wp-content\/uploads\/DSC4729-merz-politikerinterviews-768x1024.jpg\" \r\n                                    srcset=\"https:\/\/visualjournalism.de\/wp-content\/uploads\/DSC4729-merz-politikerinterviews-768x1024.jpg 768w, https:\/\/visualjournalism.de\/wp-content\/uploads\/DSC4729-merz-politikerinterviews-225x300.jpg 225w, https:\/\/visualjournalism.de\/wp-content\/uploads\/DSC4729-merz-politikerinterviews-1152x1536.jpg 1152w, https:\/\/visualjournalism.de\/wp-content\/uploads\/DSC4729-merz-politikerinterviews-1536x2048.jpg 1536w, https:\/\/visualjournalism.de\/wp-content\/uploads\/DSC4729-merz-politikerinterviews-scaled.jpg 1920w, https:\/\/visualjournalism.de\/wp-content\/uploads\/DSC4729-merz-politikerinterviews-1400x1867.jpg 1400w, https:\/\/visualjournalism.de\/wp-content\/uploads\/DSC4729-merz-politikerinterviews-1050x1400.jpg 1050w, https:\/\/visualjournalism.de\/wp-content\/uploads\/DSC4729-merz-politikerinterviews-670x893.jpg 670w, https:\/\/visualjournalism.de\/wp-content\/uploads\/DSC4729-merz-politikerinterviews-420x560.jpg 420w, https:\/\/visualjournalism.de\/wp-content\/uploads\/DSC4729-merz-politikerinterviews-350x467.jpg 350w, https:\/\/visualjournalism.de\/wp-content\/uploads\/DSC4729-merz-politikerinterviews-300x400.jpg 300w, https:\/\/visualjournalism.de\/wp-content\/uploads\/DSC4729-merz-politikerinterviews-640x853.jpg 640w, https:\/\/visualjournalism.de\/wp-content\/uploads\/DSC4729-merz-politikerinterviews-150x200.jpg 150w\" \r\n                                    width=\"768\"  \r\n                                    height=\"1024\" \r\n                                    alt=\"CDU-Vorsitzender Friedrich Merz mit Mikrofon in der Hand, im Gespr\u00e4ch mit dem ehemaligen ZDF-Moderator Klaus Kleber auf einer B\u00fchne. Im Vordergrund sind zwei M\u00e4nner angeblitzt von hinten zu sehen.\"\r\n                                \/>\r\n                            <\/figure>\r\n\r\n                        \r\n                    \r\n                    <\/a>\r\n\r\n                <\/article><!--- .post-teaser-->\r\n\r\n            \r\n                <article class=\"post-teaser\">\r\n\r\n                    <a href=\"https:\/\/visualjournalism.de\/en\/magazine\/ratgeber\/die-richtige-beleuchtung-im-fotostudio\/\" rel=\"permalink\">\r\n\r\n                        <div class=\"post-teaser__content\">\r\n\r\n                            <span class=\"entry-categories\">Ratgeber<\/span>\r\n                            <h3 class=\"post-teaser__headline\">\r\n                                Beleuchtung im Fotostudio.                            <\/h3>\r\n\r\n                            <div class=\"post-teaser__excerpt\">\r\n                                <p>Das richtige Licht im Studio ist entscheidend f\u00fcr gelungene Studioaufnahmen. Wie aber gelingt die perfekte Ausleuchtung und welche Techniken gibt es?<\/p>\r\n                            <\/div>\r\n\r\n                        <\/div><!-- .post-teaser__content -->\r\n\r\n\r\n                        \r\n                            <figure class=\"post-teaser__image\">\r\n                                <img loading=\"lazy\" decoding=\"async\"  \r\n                                    src=\"https:\/\/visualjournalism.de\/wp-content\/uploads\/DSC06343-768x492.jpg\" \r\n                                    srcset=\"https:\/\/visualjournalism.de\/wp-content\/uploads\/DSC06343-768x492.jpg 768w, https:\/\/visualjournalism.de\/wp-content\/uploads\/DSC06343-300x192.jpg 300w, https:\/\/visualjournalism.de\/wp-content\/uploads\/DSC06343-1024x656.jpg 1024w, https:\/\/visualjournalism.de\/wp-content\/uploads\/DSC06343-1536x983.jpg 1536w, https:\/\/visualjournalism.de\/wp-content\/uploads\/DSC06343-2048x1311.jpg 2048w, https:\/\/visualjournalism.de\/wp-content\/uploads\/DSC06343-1920x1229.jpg 1920w, https:\/\/visualjournalism.de\/wp-content\/uploads\/DSC06343-1400x896.jpg 1400w, https:\/\/visualjournalism.de\/wp-content\/uploads\/DSC06343-1050x672.jpg 1050w, https:\/\/visualjournalism.de\/wp-content\/uploads\/DSC06343-670x429.jpg 670w, https:\/\/visualjournalism.de\/wp-content\/uploads\/DSC06343-420x269.jpg 420w, https:\/\/visualjournalism.de\/wp-content\/uploads\/DSC06343-350x224.jpg 350w, https:\/\/visualjournalism.de\/wp-content\/uploads\/DSC06343-150x96.jpg 150w\" \r\n                                    width=\"768\"  \r\n                                    height=\"492\" \r\n                                    alt=\"\"\r\n                                \/>\r\n                            <\/figure>\r\n\r\n                        \r\n                    \r\n                    <\/a>\r\n\r\n                <\/article><!--- .post-teaser-->\r\n\r\n            \r\n                <article class=\"post-teaser\">\r\n\r\n                    <a href=\"https:\/\/visualjournalism.de\/en\/magazine\/ratgeber\/wie-du-deine-portraets-neu-denken-kannst\/\" rel=\"permalink\">\r\n\r\n                        <div class=\"post-teaser__content\">\r\n\r\n                            <span class=\"entry-categories\">Ratgeber<\/span>\r\n                            <h3 class=\"post-teaser__headline\">\r\n                                Wie du deine Portr\u00e4ts neu denken kannst.                            <\/h3>\r\n\r\n                            <div class=\"post-teaser__excerpt\">\r\n                                <p>Wenn uns Portr\u00e4ts tief ber\u00fchren, aufr\u00fctteln oder in den Bann ziehen, ist das ein sicheres Anzeichen f\u00fcr ein starkes Bild. Doch wie gelingt das? Hier findest du konkrete Ans\u00e4tze und Tipps von Expert*innen aus der Praxis.<\/p>\r\n                            <\/div>\r\n\r\n                        <\/div><!-- .post-teaser__content -->\r\n\r\n\r\n                        \r\n                            <figure class=\"post-teaser__image\">\r\n                                <img loading=\"lazy\" decoding=\"async\"  \r\n                                    src=\"https:\/\/visualjournalism.de\/wp-content\/uploads\/Portraits-China-Hopsen-768x674.jpg\" \r\n                                    srcset=\"https:\/\/visualjournalism.de\/wp-content\/uploads\/Portraits-China-Hopsen-768x674.jpg 768w, https:\/\/visualjournalism.de\/wp-content\/uploads\/Portraits-China-Hopsen-300x263.jpg 300w, https:\/\/visualjournalism.de\/wp-content\/uploads\/Portraits-China-Hopsen-1024x899.jpg 1024w, https:\/\/visualjournalism.de\/wp-content\/uploads\/Portraits-China-Hopsen-1536x1348.jpg 1536w, https:\/\/visualjournalism.de\/wp-content\/uploads\/Portraits-China-Hopsen-2048x1797.jpg 2048w, https:\/\/visualjournalism.de\/wp-content\/uploads\/Portraits-China-Hopsen-1920x1685.jpg 1920w, https:\/\/visualjournalism.de\/wp-content\/uploads\/Portraits-China-Hopsen-1400x1229.jpg 1400w, https:\/\/visualjournalism.de\/wp-content\/uploads\/Portraits-China-Hopsen-1050x922.jpg 1050w, https:\/\/visualjournalism.de\/wp-content\/uploads\/Portraits-China-Hopsen-670x588.jpg 670w, https:\/\/visualjournalism.de\/wp-content\/uploads\/Portraits-China-Hopsen-420x369.jpg 420w, https:\/\/visualjournalism.de\/wp-content\/uploads\/Portraits-China-Hopsen-350x307.jpg 350w, https:\/\/visualjournalism.de\/wp-content\/uploads\/Portraits-China-Hopsen-150x132.jpg 150w\" \r\n                                    width=\"768\"  \r\n                                    height=\"674\" \r\n                                    alt=\"Auswahl von 6 verschieden Porraits Abwechslung von nah und distanizert\"\r\n                                \/>\r\n                            <\/figure>\r\n\r\n                        \r\n                    \r\n                    <\/a>\r\n\r\n                <\/article><!--- .post-teaser-->\r\n\r\n            \r\n        <\/div><!-- .teaser-grid -->\r\n\r\n\n\n\r\n\r\n\r\n\n\n\n    <div class=\"btn-wrapper has-spacing--m\">\n        <a class=\"btn\" href=\"https:\/\/visualjournalism.de\/magazin\/\" target=\"_blank\">ZUR MAGAZIN-STARTSEITE<\/a>\n    <\/div>\n<\/div>\n\n\n\n<div class=\"tableau has-spacing--xl\">\n\t\n\n<div class=\"tableau__column--left\">\n    \n<\/div>\n\n\n<div class=\"tableau__column--right\">\n    \n<\/div>\n<\/div>\n\n\n<p class=\"post__paragraph has-spacing--default\"><\/p>\n","protected":false},"author":62,"featured_media":59573,"template":"","tags":[],"magazinkategorie":[200],"class_list":["post-60366","magazin","type-magazin","status-publish","has-post-thumbnail","hentry","magazinkategorie-was-uns-haelt"],"acf":[],"yoast_head":"<!-- This site is optimized with the Yoast SEO Premium plugin v27.3 (Yoast SEO v27.3) - https:\/\/yoast.com\/product\/yoast-seo-premium-wordpress\/ -->\n<title>Co-Parenting: Zwei Freunde, ein Kind<\/title>\n<meta name=\"description\" content=\"Julia m\u00f6chte ein Kind, Patrick nicht. Die L\u00f6sung: Ein Co-Parenting Modell mit Ingmar, mit dem sie platonisch befreundet ist.\" \/>\n<meta name=\"robots\" content=\"index, follow, max-snippet:-1, max-image-preview:large, max-video-preview:-1\" \/>\n<link rel=\"canonical\" href=\"https:\/\/visualjournalism.de\/en\/magazine\/was-uns-haelt\/co-parenting-zwei-freunde-ein-kind\/\" \/>\n<meta property=\"og:locale\" content=\"en_US\" \/>\n<meta property=\"og:type\" content=\"article\" \/>\n<meta property=\"og:title\" content=\"Co-Parenting: Zwei Freunde, ein Kind\" \/>\n<meta property=\"og:description\" content=\"Julia m\u00f6chte ein Kind, Patrick nicht. Die L\u00f6sung: Ein Co-Parenting Modell mit Ingmar, mit dem sie platonisch befreundet ist.\" \/>\n<meta property=\"og:url\" content=\"https:\/\/visualjournalism.de\/en\/magazine\/was-uns-haelt\/co-parenting-zwei-freunde-ein-kind\/\" \/>\n<meta property=\"og:site_name\" content=\"Visual Journalism and Documentary Photography\" \/>\n<meta property=\"article:publisher\" content=\"https:\/\/www.facebook.com\/people\/wwwfotostudentende\/100065173703897\/\" \/>\n<meta property=\"article:modified_time\" content=\"2026-01-05T10:18:34+00:00\" \/>\n<meta property=\"og:image\" content=\"https:\/\/visualjournalism.de\/wp-content\/uploads\/Schuler_Jana_ACHTUNG_EMBARGO_SZ_MAG_VEROEFFENTLICHUNG_Was_uns_haelt_Seite_11-scaled-e1767608304204-1024x713.jpg\" \/>\n\t<meta property=\"og:image:width\" content=\"1024\" \/>\n\t<meta property=\"og:image:height\" content=\"713\" \/>\n\t<meta property=\"og:image:type\" content=\"image\/jpeg\" \/>\n<meta name=\"twitter:card\" content=\"summary_large_image\" \/>\n<meta name=\"twitter:site\" content=\"@HsHannover\" \/>\n<meta name=\"twitter:label1\" content=\"Est. reading time\" \/>\n\t<meta name=\"twitter:data1\" content=\"21 minutes\" \/>\n<script type=\"application\/ld+json\" class=\"yoast-schema-graph\">{\"@context\":\"https:\\\/\\\/schema.org\",\"@graph\":[{\"@type\":\"NewsArticle\",\"@id\":\"https:\\\/\\\/visualjournalism.de\\\/en\\\/magazine\\\/was-uns-haelt\\\/co-parenting-zwei-freunde-ein-kind\\\/#article\",\"isPartOf\":{\"@id\":\"https:\\\/\\\/visualjournalism.de\\\/en\\\/magazine\\\/was-uns-haelt\\\/co-parenting-zwei-freunde-ein-kind\\\/\"},\"author\":{\"name\":\"Andreas Blauth\",\"@id\":\"https:\\\/\\\/visualjournalism.de\\\/en\\\/#\\\/schema\\\/person\\\/e660348521e7124072c301490d41f98a\"},\"headline\":\"Co-Parenting: Zwei Freunde, ein Kind\",\"datePublished\":\"2025-10-05T14:37:14+00:00\",\"dateModified\":\"2026-01-05T10:18:34+00:00\",\"mainEntityOfPage\":{\"@id\":\"https:\\\/\\\/visualjournalism.de\\\/en\\\/magazine\\\/was-uns-haelt\\\/co-parenting-zwei-freunde-ein-kind\\\/\"},\"wordCount\":1902,\"publisher\":{\"@id\":\"https:\\\/\\\/visualjournalism.de\\\/en\\\/#organization\"},\"image\":{\"@id\":\"https:\\\/\\\/visualjournalism.de\\\/en\\\/magazine\\\/was-uns-haelt\\\/co-parenting-zwei-freunde-ein-kind\\\/#primaryimage\"},\"thumbnailUrl\":\"https:\\\/\\\/visualjournalism.de\\\/wp-content\\\/uploads\\\/Schuler_Jana_ACHTUNG_EMBARGO_SZ_MAG_VEROEFFENTLICHUNG_Was_uns_haelt_Seite_11-scaled-e1767608304204.jpg\",\"inLanguage\":\"en-US\"},{\"@type\":\"WebPage\",\"@id\":\"https:\\\/\\\/visualjournalism.de\\\/en\\\/magazine\\\/was-uns-haelt\\\/co-parenting-zwei-freunde-ein-kind\\\/\",\"url\":\"https:\\\/\\\/visualjournalism.de\\\/en\\\/magazine\\\/was-uns-haelt\\\/co-parenting-zwei-freunde-ein-kind\\\/\",\"name\":\"Co-Parenting: Zwei Freunde, ein Kind\",\"isPartOf\":{\"@id\":\"https:\\\/\\\/visualjournalism.de\\\/en\\\/#website\"},\"primaryImageOfPage\":{\"@id\":\"https:\\\/\\\/visualjournalism.de\\\/en\\\/magazine\\\/was-uns-haelt\\\/co-parenting-zwei-freunde-ein-kind\\\/#primaryimage\"},\"image\":{\"@id\":\"https:\\\/\\\/visualjournalism.de\\\/en\\\/magazine\\\/was-uns-haelt\\\/co-parenting-zwei-freunde-ein-kind\\\/#primaryimage\"},\"thumbnailUrl\":\"https:\\\/\\\/visualjournalism.de\\\/wp-content\\\/uploads\\\/Schuler_Jana_ACHTUNG_EMBARGO_SZ_MAG_VEROEFFENTLICHUNG_Was_uns_haelt_Seite_11-scaled-e1767608304204.jpg\",\"datePublished\":\"2025-10-05T14:37:14+00:00\",\"dateModified\":\"2026-01-05T10:18:34+00:00\",\"description\":\"Julia m\u00f6chte ein Kind, Patrick nicht. Die L\u00f6sung: Ein Co-Parenting Modell mit Ingmar, mit dem sie platonisch befreundet ist.\",\"breadcrumb\":{\"@id\":\"https:\\\/\\\/visualjournalism.de\\\/en\\\/magazine\\\/was-uns-haelt\\\/co-parenting-zwei-freunde-ein-kind\\\/#breadcrumb\"},\"inLanguage\":\"en-US\",\"potentialAction\":[{\"@type\":\"ReadAction\",\"target\":[\"https:\\\/\\\/visualjournalism.de\\\/en\\\/magazine\\\/was-uns-haelt\\\/co-parenting-zwei-freunde-ein-kind\\\/\"]}]},{\"@type\":\"ImageObject\",\"inLanguage\":\"en-US\",\"@id\":\"https:\\\/\\\/visualjournalism.de\\\/en\\\/magazine\\\/was-uns-haelt\\\/co-parenting-zwei-freunde-ein-kind\\\/#primaryimage\",\"url\":\"https:\\\/\\\/visualjournalism.de\\\/wp-content\\\/uploads\\\/Schuler_Jana_ACHTUNG_EMBARGO_SZ_MAG_VEROEFFENTLICHUNG_Was_uns_haelt_Seite_11-scaled-e1767608304204.jpg\",\"contentUrl\":\"https:\\\/\\\/visualjournalism.de\\\/wp-content\\\/uploads\\\/Schuler_Jana_ACHTUNG_EMBARGO_SZ_MAG_VEROEFFENTLICHUNG_Was_uns_haelt_Seite_11-scaled-e1767608304204.jpg\",\"width\":2500,\"height\":1740},{\"@type\":\"BreadcrumbList\",\"@id\":\"https:\\\/\\\/visualjournalism.de\\\/en\\\/magazine\\\/was-uns-haelt\\\/co-parenting-zwei-freunde-ein-kind\\\/#breadcrumb\",\"itemListElement\":[{\"@type\":\"ListItem\",\"position\":1,\"name\":\"Home\",\"item\":\"https:\\\/\\\/visualjournalism.de\\\/en\\\/\"},{\"@type\":\"ListItem\",\"position\":2,\"name\":\"Magazin\",\"item\":\"https:\\\/\\\/visualjournalism.de\\\/en\\\/magazine\\\/\"},{\"@type\":\"ListItem\",\"position\":3,\"name\":\"Co-Parenting: Zwei Freunde, ein Kind\"}]},{\"@type\":\"WebSite\",\"@id\":\"https:\\\/\\\/visualjournalism.de\\\/en\\\/#website\",\"url\":\"https:\\\/\\\/visualjournalism.de\\\/en\\\/\",\"name\":\"Visual Journalism and Documentary Photography\",\"description\":\"All about the bilingual bachelor&#039;s program at Hannover University of Applied Sciences and Arts.\",\"publisher\":{\"@id\":\"https:\\\/\\\/visualjournalism.de\\\/en\\\/#organization\"},\"alternateName\":\"visualjournalism.de\",\"potentialAction\":[{\"@type\":\"SearchAction\",\"target\":{\"@type\":\"EntryPoint\",\"urlTemplate\":\"https:\\\/\\\/visualjournalism.de\\\/en\\\/?s={search_term_string}\"},\"query-input\":{\"@type\":\"PropertyValueSpecification\",\"valueRequired\":true,\"valueName\":\"search_term_string\"}}],\"inLanguage\":\"en-US\"},{\"@type\":\"Organization\",\"@id\":\"https:\\\/\\\/visualjournalism.de\\\/en\\\/#organization\",\"name\":\"Hochschule Hannover \u2013 University of Applied Sciences and Arts\",\"alternateName\":\"HsH\",\"url\":\"https:\\\/\\\/visualjournalism.de\\\/en\\\/\",\"logo\":{\"@type\":\"ImageObject\",\"inLanguage\":\"en-US\",\"@id\":\"https:\\\/\\\/visualjournalism.de\\\/en\\\/#\\\/schema\\\/logo\\\/image\\\/\",\"url\":\"https:\\\/\\\/visualjournalism.de\\\/wp-content\\\/uploads\\\/logo-hochschule-hannover.png\",\"contentUrl\":\"https:\\\/\\\/visualjournalism.de\\\/wp-content\\\/uploads\\\/logo-hochschule-hannover.png\",\"width\":363,\"height\":270,\"caption\":\"Hochschule Hannover \u2013 University of Applied Sciences and Arts\"},\"image\":{\"@id\":\"https:\\\/\\\/visualjournalism.de\\\/en\\\/#\\\/schema\\\/logo\\\/image\\\/\"},\"sameAs\":[\"https:\\\/\\\/www.facebook.com\\\/people\\\/wwwfotostudentende\\\/100065173703897\\\/\",\"https:\\\/\\\/x.com\\\/HsHannover\",\"https:\\\/\\\/www.instagram.com\\\/visualjournalism.de\\\/\"]},{\"@type\":\"Person\",\"@id\":\"https:\\\/\\\/visualjournalism.de\\\/en\\\/#\\\/schema\\\/person\\\/e660348521e7124072c301490d41f98a\",\"name\":\"Andreas Blauth\"}]}<\/script>\n<!-- \/ Yoast SEO Premium plugin. -->","yoast_head_json":{"title":"Co-Parenting: Zwei Freunde, ein Kind","description":"Julia m\u00f6chte ein Kind, Patrick nicht. Die L\u00f6sung: Ein Co-Parenting Modell mit Ingmar, mit dem sie platonisch befreundet ist.","robots":{"index":"index","follow":"follow","max-snippet":"max-snippet:-1","max-image-preview":"max-image-preview:large","max-video-preview":"max-video-preview:-1"},"canonical":"https:\/\/visualjournalism.de\/en\/magazine\/was-uns-haelt\/co-parenting-zwei-freunde-ein-kind\/","og_locale":"en_US","og_type":"article","og_title":"Co-Parenting: Zwei Freunde, ein Kind","og_description":"Julia m\u00f6chte ein Kind, Patrick nicht. Die L\u00f6sung: Ein Co-Parenting Modell mit Ingmar, mit dem sie platonisch befreundet ist.","og_url":"https:\/\/visualjournalism.de\/en\/magazine\/was-uns-haelt\/co-parenting-zwei-freunde-ein-kind\/","og_site_name":"Visual Journalism and Documentary Photography","article_publisher":"https:\/\/www.facebook.com\/people\/wwwfotostudentende\/100065173703897\/","article_modified_time":"2026-01-05T10:18:34+00:00","og_image":[{"width":1024,"height":713,"url":"https:\/\/visualjournalism.de\/wp-content\/uploads\/Schuler_Jana_ACHTUNG_EMBARGO_SZ_MAG_VEROEFFENTLICHUNG_Was_uns_haelt_Seite_11-scaled-e1767608304204-1024x713.jpg","type":"image\/jpeg"}],"twitter_card":"summary_large_image","twitter_site":"@HsHannover","twitter_misc":{"Est. reading time":"21 minutes"},"schema":{"@context":"https:\/\/schema.org","@graph":[{"@type":"NewsArticle","@id":"https:\/\/visualjournalism.de\/en\/magazine\/was-uns-haelt\/co-parenting-zwei-freunde-ein-kind\/#article","isPartOf":{"@id":"https:\/\/visualjournalism.de\/en\/magazine\/was-uns-haelt\/co-parenting-zwei-freunde-ein-kind\/"},"author":{"name":"Andreas Blauth","@id":"https:\/\/visualjournalism.de\/en\/#\/schema\/person\/e660348521e7124072c301490d41f98a"},"headline":"Co-Parenting: Zwei Freunde, ein Kind","datePublished":"2025-10-05T14:37:14+00:00","dateModified":"2026-01-05T10:18:34+00:00","mainEntityOfPage":{"@id":"https:\/\/visualjournalism.de\/en\/magazine\/was-uns-haelt\/co-parenting-zwei-freunde-ein-kind\/"},"wordCount":1902,"publisher":{"@id":"https:\/\/visualjournalism.de\/en\/#organization"},"image":{"@id":"https:\/\/visualjournalism.de\/en\/magazine\/was-uns-haelt\/co-parenting-zwei-freunde-ein-kind\/#primaryimage"},"thumbnailUrl":"https:\/\/visualjournalism.de\/wp-content\/uploads\/Schuler_Jana_ACHTUNG_EMBARGO_SZ_MAG_VEROEFFENTLICHUNG_Was_uns_haelt_Seite_11-scaled-e1767608304204.jpg","inLanguage":"en-US"},{"@type":"WebPage","@id":"https:\/\/visualjournalism.de\/en\/magazine\/was-uns-haelt\/co-parenting-zwei-freunde-ein-kind\/","url":"https:\/\/visualjournalism.de\/en\/magazine\/was-uns-haelt\/co-parenting-zwei-freunde-ein-kind\/","name":"Co-Parenting: Zwei Freunde, ein Kind","isPartOf":{"@id":"https:\/\/visualjournalism.de\/en\/#website"},"primaryImageOfPage":{"@id":"https:\/\/visualjournalism.de\/en\/magazine\/was-uns-haelt\/co-parenting-zwei-freunde-ein-kind\/#primaryimage"},"image":{"@id":"https:\/\/visualjournalism.de\/en\/magazine\/was-uns-haelt\/co-parenting-zwei-freunde-ein-kind\/#primaryimage"},"thumbnailUrl":"https:\/\/visualjournalism.de\/wp-content\/uploads\/Schuler_Jana_ACHTUNG_EMBARGO_SZ_MAG_VEROEFFENTLICHUNG_Was_uns_haelt_Seite_11-scaled-e1767608304204.jpg","datePublished":"2025-10-05T14:37:14+00:00","dateModified":"2026-01-05T10:18:34+00:00","description":"Julia m\u00f6chte ein Kind, Patrick nicht. Die L\u00f6sung: Ein Co-Parenting Modell mit Ingmar, mit dem sie platonisch befreundet ist.","breadcrumb":{"@id":"https:\/\/visualjournalism.de\/en\/magazine\/was-uns-haelt\/co-parenting-zwei-freunde-ein-kind\/#breadcrumb"},"inLanguage":"en-US","potentialAction":[{"@type":"ReadAction","target":["https:\/\/visualjournalism.de\/en\/magazine\/was-uns-haelt\/co-parenting-zwei-freunde-ein-kind\/"]}]},{"@type":"ImageObject","inLanguage":"en-US","@id":"https:\/\/visualjournalism.de\/en\/magazine\/was-uns-haelt\/co-parenting-zwei-freunde-ein-kind\/#primaryimage","url":"https:\/\/visualjournalism.de\/wp-content\/uploads\/Schuler_Jana_ACHTUNG_EMBARGO_SZ_MAG_VEROEFFENTLICHUNG_Was_uns_haelt_Seite_11-scaled-e1767608304204.jpg","contentUrl":"https:\/\/visualjournalism.de\/wp-content\/uploads\/Schuler_Jana_ACHTUNG_EMBARGO_SZ_MAG_VEROEFFENTLICHUNG_Was_uns_haelt_Seite_11-scaled-e1767608304204.jpg","width":2500,"height":1740},{"@type":"BreadcrumbList","@id":"https:\/\/visualjournalism.de\/en\/magazine\/was-uns-haelt\/co-parenting-zwei-freunde-ein-kind\/#breadcrumb","itemListElement":[{"@type":"ListItem","position":1,"name":"Home","item":"https:\/\/visualjournalism.de\/en\/"},{"@type":"ListItem","position":2,"name":"Magazin","item":"https:\/\/visualjournalism.de\/en\/magazine\/"},{"@type":"ListItem","position":3,"name":"Co-Parenting: Zwei Freunde, ein Kind"}]},{"@type":"WebSite","@id":"https:\/\/visualjournalism.de\/en\/#website","url":"https:\/\/visualjournalism.de\/en\/","name":"Visual Journalism and Documentary Photography","description":"All about the bilingual bachelor&#039;s program at Hannover University of Applied Sciences and Arts.","publisher":{"@id":"https:\/\/visualjournalism.de\/en\/#organization"},"alternateName":"visualjournalism.de","potentialAction":[{"@type":"SearchAction","target":{"@type":"EntryPoint","urlTemplate":"https:\/\/visualjournalism.de\/en\/?s={search_term_string}"},"query-input":{"@type":"PropertyValueSpecification","valueRequired":true,"valueName":"search_term_string"}}],"inLanguage":"en-US"},{"@type":"Organization","@id":"https:\/\/visualjournalism.de\/en\/#organization","name":"Hochschule Hannover \u2013 University of Applied Sciences and Arts","alternateName":"HsH","url":"https:\/\/visualjournalism.de\/en\/","logo":{"@type":"ImageObject","inLanguage":"en-US","@id":"https:\/\/visualjournalism.de\/en\/#\/schema\/logo\/image\/","url":"https:\/\/visualjournalism.de\/wp-content\/uploads\/logo-hochschule-hannover.png","contentUrl":"https:\/\/visualjournalism.de\/wp-content\/uploads\/logo-hochschule-hannover.png","width":363,"height":270,"caption":"Hochschule Hannover \u2013 University of Applied Sciences and Arts"},"image":{"@id":"https:\/\/visualjournalism.de\/en\/#\/schema\/logo\/image\/"},"sameAs":["https:\/\/www.facebook.com\/people\/wwwfotostudentende\/100065173703897\/","https:\/\/x.com\/HsHannover","https:\/\/www.instagram.com\/visualjournalism.de\/"]},{"@type":"Person","@id":"https:\/\/visualjournalism.de\/en\/#\/schema\/person\/e660348521e7124072c301490d41f98a","name":"Andreas Blauth"}]}},"_links":{"self":[{"href":"https:\/\/visualjournalism.de\/en\/wp-json\/wp\/v2\/magazin\/60366","targetHints":{"allow":["GET"]}}],"collection":[{"href":"https:\/\/visualjournalism.de\/en\/wp-json\/wp\/v2\/magazin"}],"about":[{"href":"https:\/\/visualjournalism.de\/en\/wp-json\/wp\/v2\/types\/magazin"}],"author":[{"embeddable":true,"href":"https:\/\/visualjournalism.de\/en\/wp-json\/wp\/v2\/users\/62"}],"version-history":[{"count":38,"href":"https:\/\/visualjournalism.de\/en\/wp-json\/wp\/v2\/magazin\/60366\/revisions"}],"predecessor-version":[{"id":64570,"href":"https:\/\/visualjournalism.de\/en\/wp-json\/wp\/v2\/magazin\/60366\/revisions\/64570"}],"wp:featuredmedia":[{"embeddable":true,"href":"https:\/\/visualjournalism.de\/en\/wp-json\/wp\/v2\/media\/59573"}],"wp:attachment":[{"href":"https:\/\/visualjournalism.de\/en\/wp-json\/wp\/v2\/media?parent=60366"}],"wp:term":[{"taxonomy":"post_tag","embeddable":true,"href":"https:\/\/visualjournalism.de\/en\/wp-json\/wp\/v2\/tags?post=60366"},{"taxonomy":"magazinkategorie","embeddable":true,"href":"https:\/\/visualjournalism.de\/en\/wp-json\/wp\/v2\/magazinkategorie?post=60366"}],"curies":[{"name":"wp","href":"https:\/\/api.w.org\/{rel}","templated":true}]}}