{"id":61460,"date":"2025-06-20T15:57:55","date_gmt":"2025-06-20T15:57:55","guid":{"rendered":"https:\/\/visualjournalism.de\/?post_type=magazin&#038;p=61460"},"modified":"2025-07-09T19:37:37","modified_gmt":"2025-07-09T19:37:37","slug":"nachtaktiv","status":"publish","type":"magazin","link":"https:\/\/visualjournalism.de\/en\/magazine\/nachts\/nachtaktiv\/","title":{"rendered":"Nachtaktiv"},"content":{"rendered":"\n<div class=\"wp-block-group has-color-13-background-color has-background has-spacing--none\">\n \n\n    <div id=\"lead-in-block_e99870511b4c6f6001e7232001fad8b0\" class=\"block-lead-in typo--default font-size--xl has-spacing--m width--default\">\n        <h2 class=\"cover--lead-in__headline\">Nachtaktiv.<\/h2>\n<p data-pm-slice=\"1 1 []\">Wenn sich die Stra\u00dfen leeren und das Licht der Laternen flackert, beginnen andere Routinen: F\u00fcr manche ist die Nacht Arbeit, f\u00fcr andere Freiheit, R\u00fcckzugsort oder B\u00fchne. In dieser Videoserie begegnen wir Menschen, die sich bewusst f\u00fcr das Leben in der Nacht entscheiden \u2013 oder von ihr herausgefordert werden.<\/p>\n    <\/div>\n\n\n\n\n    <div class=\"headline-block has-spacing--xs\">\n\n        <h2 class=\"post__headline\">Plattentanz<\/h2>\n\n        \n    <\/div>\n\n    \n\n\n\n\r\n<div class=\"video-block has-spacing--xs align--left\">\r\n    <div class=\"video-wrapper size--full\">\r\n        <iframe loading=\"lazy\" hcb-fetch-image-from=\"https:\/\/vimeo.com\/1091608682\/c92bcdba30\" title=\"Plattentanz\" src=\"https:\/\/player.vimeo.com\/video\/1091608682?h=c92bcdba30&amp;dnt=1&amp;app_id=122963\" width=\"100\" height=\"56\" frameborder=\"0\" allow=\"autoplay; fullscreen; picture-in-picture; clipboard-write; encrypted-media; web-share\" referrerpolicy=\"strict-origin-when-cross-origin\"><\/iframe>    <\/div>\r\n<\/div>\r\n\r\n\n\n\n<p class=\"post__paragraph is-style-typo--soehne has-spacing--xs\"><strong>Flutlicht, Steinplatte, Schl\u00e4ger in der Hand<\/strong> \u2013 drumherum nur Dunkelheit. Beim n\u00e4chtlichen Tischtennis im Stadtteil z\u00e4hlt kein Leistungsdruck, sondern Gemeinschaft. \u201ePlattentanz\u201c bringt Menschen zusammen, die lieber nachts wach sind. F\u00fcr den Gr\u00fcnder Henri wurde daraus mehr als Sport \u2013 es wurde Liebe.<\/p>\n\n\n\n<p class=\"post__paragraph is-style-typo--soehne has-spacing--m\"><strong>Team: Jonathan Bar-Am und Jan de Vries<\/strong><\/p>\n\n\n\n<div class=\"devider has-spacing--none\">\n    <hr>\n<\/div>\n\n\n<div class=\"tableau has-spacing--none\">\n\t\n\n<div class=\"tableau__column--right\">\n    \n\n    <div class=\"headline-block has-spacing--xs\">\n\n        <h2 class=\"post__headline\">Keine Kopfh\u00f6rer<\/h2>\n\n        \n    <\/div>\n\n    \n\n\n\n\r\n<div class=\"video-block has-spacing--xs align--left\">\r\n    <div class=\"video-wrapper size--full\">\r\n        <iframe loading=\"lazy\" hcb-fetch-image-from=\"https:\/\/vimeo.com\/1091609476\/6d845d0801\" title=\"Keine Kopfho\u0308rer\" src=\"https:\/\/player.vimeo.com\/video\/1091609476?h=6d845d0801&amp;dnt=1&amp;app_id=122963\" width=\"100\" height=\"56\" frameborder=\"0\" allow=\"autoplay; fullscreen; picture-in-picture; clipboard-write; encrypted-media; web-share\" referrerpolicy=\"strict-origin-when-cross-origin\"><\/iframe>    <\/div>\r\n<\/div>\r\n\r\n\n\n\n<p class=\"post__paragraph is-style-typo--soehne has-spacing--xs\"><strong>Nachts ist der Heimweg<\/strong> nie nur ein Weg. Es ist Wachsamkeit. Kein Kopfh\u00f6rer im Ohr, ein schneller Blick \u00fcber die Schulter. F\u00fcr manche beginnt die Angst, wenn die Stra\u00dfen leer sind.<\/p>\n\n\n\n<p class=\"post__paragraph is-style-typo--soehne has-spacing--m\"><strong>Team:<\/strong> <strong>Ce\u0107ilie Ring und Selma von Hennigs<\/strong><\/p>\n\n\n<\/div>\n\n\n<div class=\"tableau__column--left\">\n    \n\n    <div class=\"headline-block has-spacing--xs\">\n\n        <h2 class=\"post__headline\">Wenn der Tod anruft<\/h2>\n\n        \n    <\/div>\n\n    \n\n\n\n\r\n<div class=\"video-block has-spacing--xs align--left\">\r\n    <div class=\"video-wrapper size--full\">\r\n        <iframe loading=\"lazy\" hcb-fetch-image-from=\"https:\/\/vimeo.com\/1091609062\/e74a1e20c1\" title=\"Bestatter\" src=\"https:\/\/player.vimeo.com\/video\/1091609062?h=e74a1e20c1&amp;dnt=1&amp;app_id=122963\" width=\"100\" height=\"56\" frameborder=\"0\" allow=\"autoplay; fullscreen; picture-in-picture; clipboard-write; encrypted-media; web-share\" referrerpolicy=\"strict-origin-when-cross-origin\"><\/iframe>    <\/div>\r\n<\/div>\r\n\r\n\n\n\n<p class=\"post__paragraph is-style-typo--soehne has-spacing--xs\"><strong>Mitten in der Nacht<\/strong> klingelt das Telefon. Am anderen Ende: eine aufgel\u00f6ste Witwe. Ihr Mann ist gestorben \u2013 mit 97. F\u00fcr den Bestatter ist das Alltag. Und doch ber\u00fchrt ihn jeder Einsatz. Nachts begegnet er dem Tod, wenn andere schlafen. F\u00fcr ihn ist klar: Nur wer seine Endlichkeit akzeptiert, kann das Leben wirklich sch\u00e4tzen.<\/p>\n\n\n\n<p class=\"post__paragraph is-style-typo--soehne has-spacing--m\"><strong>Team:<\/strong> <strong>Lena Kunz, Simon Deppe, Annabel Karmelk und Isabel Reda<\/strong><\/p>\n\n\n<\/div>\n<\/div>\n\n\n<div class=\"devider has-spacing--none\">\n    <hr>\n<\/div>\n\n\n    <div class=\"headline-block has-spacing--xs\">\n\n        <h2 class=\"post__headline\">Wer ist der Hero?<\/h2>\n\n        \n    <\/div>\n\n    \n\n\n\n\r\n<div class=\"video-block has-spacing--xs align--left\">\r\n    <div class=\"video-wrapper size--full\">\r\n        <iframe loading=\"lazy\" hcb-fetch-image-from=\"https:\/\/vimeo.com\/1091610193\/1514493055\" title=\"Wer ist der Hero?\" src=\"https:\/\/player.vimeo.com\/video\/1091610193?h=1514493055&amp;dnt=1&amp;app_id=122963\" width=\"100\" height=\"56\" frameborder=\"0\" allow=\"autoplay; fullscreen; picture-in-picture; clipboard-write; encrypted-media; web-share\" referrerpolicy=\"strict-origin-when-cross-origin\"><\/iframe>    <\/div>\r\n<\/div>\r\n\r\n\n\n\n<p class=\"post__paragraph is-style-typo--soehne has-spacing--xs\"><strong>Die Reeperbahn bei Nacht<\/strong> &#8211; das Herz des Vergn\u00fcgungsviertels St. Pauli und bekannt f\u00fcr eine unkonventionelle und lebendige Atmosph\u00e4re. Eve Champagne, Burlesquet\u00e4nzerin im Cabaret Pulverfass, lebt und arbeitet auf dem Kiez und hat eine Menge Geschichten auf Lager. Welche Anekdote wird sie heute zum Besten geben?<\/p>\n\n\n\n<p class=\"post__paragraph is-style-typo--soehne has-spacing--m\"><strong>Team:<\/strong> <strong>Jana Junker, Emil Eichinger und Robin Fischer<\/strong><\/p>\n\n\n\n<div class=\"devider has-spacing--none\">\n    <hr>\n<\/div>\n\n\n<div class=\"tableau has-spacing--none\">\n\t\n\n<div class=\"tableau__column--left\">\n    \n\n    <div class=\"headline-block has-spacing--xs\">\n\n        <h2 class=\"post__headline\">N\u00e4chtliche Pfade<\/h2>\n\n        \n    <\/div>\n\n    \n\n\n\n\r\n<div class=\"video-block has-spacing--xs align--left\">\r\n    <div class=\"video-wrapper size--full\">\r\n        <iframe loading=\"lazy\" hcb-fetch-image-from=\"https:\/\/vimeo.com\/1091609682\/7d25b706aa\" title=\"N\u00e4chtliche Pfade\" src=\"https:\/\/player.vimeo.com\/video\/1091609682?h=7d25b706aa&amp;dnt=1&amp;app_id=122963\" width=\"100\" height=\"56\" frameborder=\"0\" allow=\"autoplay; fullscreen; picture-in-picture; clipboard-write; encrypted-media; web-share\" referrerpolicy=\"strict-origin-when-cross-origin\"><\/iframe>    <\/div>\r\n<\/div>\r\n\r\n\n\n\n<p class=\"post__paragraph is-style-typo--soehne has-spacing--xs\"><strong>Nachts durch den Wald zu gehen, <\/strong>kostet \u00dcberwindung. Dunkelheit macht Ger\u00e4usche lauter, Schatten lebendig. Doch wer sich traut, entdeckt eine andere Welt. Feuersalamander, Wildschweine, knisterndes Laub \u2013 Natur ganz nah. Und am Ende sagen viele: Das war die sch\u00f6nste Wanderung ihres Lebens.<\/p>\n\n\n\n<p class=\"post__paragraph is-style-typo--soehne has-spacing--m\"><strong>Team:<\/strong> <strong>Walter Lehmann, Pay Numrich und Hagen Plasswich<\/strong><\/p>\n\n\n<\/div>\n\n\n<div class=\"tableau__column--right\">\n    \n\n    <div class=\"headline-block has-spacing--xs\">\n\n        <h2 class=\"post__headline\">Zwischen Beruf und Familie<\/h2>\n\n        \n    <\/div>\n\n    \n\n\n\n\r\n<div class=\"video-block has-spacing--xs align--left\">\r\n    <div class=\"video-wrapper size--full\">\r\n        <iframe loading=\"lazy\" hcb-fetch-image-from=\"https:\/\/vimeo.com\/1091610274\/a889f39918\" title=\"Zwischen Beruf und Familie\" src=\"https:\/\/player.vimeo.com\/video\/1091610274?h=a889f39918&amp;dnt=1&amp;app_id=122963\" width=\"100\" height=\"56\" frameborder=\"0\" allow=\"autoplay; fullscreen; picture-in-picture; clipboard-write; encrypted-media; web-share\" referrerpolicy=\"strict-origin-when-cross-origin\"><\/iframe>    <\/div>\r\n<\/div>\r\n\r\n\n\n\n<p class=\"post__paragraph is-style-typo--soehne has-spacing--default\"><strong>Wenn andere noch schlafen,<\/strong> sitzt sie schon am Schreibtisch. Zwischen Vogelzwitschern und leeren Stra\u00dfen beginnt ihr Tag. Sie ist Lehrerin, Mutter \u2013 und oft jenseits der Belastungsgrenze. Die Nacht schenkt ihr Ruhe, bevor der Spagat zwischen Beruf und Familie beginnt.<\/p>\n\n\n\n<p class=\"post__paragraph is-style-typo--soehne has-spacing--default\"><strong>Team:<\/strong> <strong><strong>Lena Kunz, Simon Deppe, Annabel Karmelk und Isabel Reda<\/strong><\/strong><\/p>\n\n\n<\/div>\n<\/div>\n\n\n<div class=\"devider has-spacing--none\">\n    <hr>\n<\/div>\n\n\n    <div class=\"headline-block has-spacing--xs\">\n\n        <h2 class=\"post__headline\">Am Fenster<\/h2>\n\n        \n    <\/div>\n\n    \n\n\n\n\r\n<div class=\"video-block has-spacing--xs align--left\">\r\n    <div class=\"video-wrapper size--full\">\r\n        <iframe loading=\"lazy\" hcb-fetch-image-from=\"https:\/\/vimeo.com\/1091609173\/d0cf8ba83c\" title=\"Am Fenster\" src=\"https:\/\/player.vimeo.com\/video\/1091609173?h=d0cf8ba83c&amp;dnt=1&amp;app_id=122963\" width=\"100\" height=\"56\" frameborder=\"0\" allow=\"autoplay; fullscreen; picture-in-picture; clipboard-write; encrypted-media; web-share\" referrerpolicy=\"strict-origin-when-cross-origin\"><\/iframe>    <\/div>\r\n<\/div>\r\n\r\n\n\n\n<p class=\"post__paragraph is-style-typo--soehne has-spacing--xs\"><strong>Wie f\u00fchlt sich die Nacht an,<\/strong> wenn man eigeschlossen ist, alleine auf wenigen Quadratmetern, f\u00fcr mehrere Jahre? Mamadou war 4 Jahre in einem Gef\u00e4ngnis in Berlin inhaftiert. Im Knast bekam die Nacht f\u00fcr ihn eine besondere Bedeutung, die sein sp\u00e4teres Leben in Freiheit pr\u00e4gen w\u00fcrde.<\/p>\n\n\n\n<p class=\"post__paragraph is-style-typo--soehne has-spacing--m\"><strong>Team:<\/strong> <strong>Meline B\u00fchler und Paula Baierlein<\/strong><\/p>\n\n\n\n<div class=\"devider has-spacing--none\">\n    <hr>\n<\/div>\n\n\n<div class=\"tableau has-spacing--none\">\n\t\n\n<div class=\"tableau__column--left\">\n    \n\n    <div class=\"headline-block has-spacing--xs\">\n\n        <h2 class=\"post__headline\">N\u00e4chte des Glaubens<\/h2>\n\n        \n    <\/div>\n\n    \n\n\n\n\r\n<div class=\"video-block has-spacing--xs align--left\">\r\n    <div class=\"video-wrapper size--full\">\r\n        <iframe loading=\"lazy\" hcb-fetch-image-from=\"https:\/\/vimeo.com\/1091609747\/cead7ac24e\" title=\"N\u00e4chte des Glaubens\" src=\"https:\/\/player.vimeo.com\/video\/1091609747?h=cead7ac24e&amp;dnt=1&amp;app_id=122963\" width=\"100\" height=\"56\" frameborder=\"0\" allow=\"autoplay; fullscreen; picture-in-picture; clipboard-write; encrypted-media; web-share\" referrerpolicy=\"strict-origin-when-cross-origin\"><\/iframe>    <\/div>\r\n<\/div>\r\n\r\n\n\n\n<p class=\"post__paragraph is-style-typo--soehne has-spacing--xs\"><strong>Schon als Kind begann Hanifa<\/strong> im Ramadan mit ihrer Familie in Marokko halbe Tage zu fasten und erinnert sich gerne an Ereignisse und Momente. Heute f\u00e4llt es ihr manchmal schwer Ramadan und ihren deutschen Alltag zu vereinen. F\u00fcr sie ist Beten ein Weg zu innerem Frieden und Ruhe. Und wenn die Sonne untergeht und das Fastenbrechen beginnt, sp\u00fcrt sie das warme Gef\u00fchl der Erf\u00fcllung und Belohnung.<\/p>\n\n\n\n<p class=\"post__paragraph is-style-typo--soehne has-spacing--m\"><strong>Team:<\/strong> <strong>Clara Sch\u00f6ttke und Janek Stempel<\/strong><\/p>\n\n\n<\/div>\n\n\n<div class=\"tableau__column--right\">\n    \n\n    <div class=\"headline-block has-spacing--xs\">\n\n        <h2 class=\"post__headline\">Teresa Tr\u00e4umt<\/h2>\n\n        \n    <\/div>\n\n    \n\n\n\n\r\n<div class=\"video-block has-spacing--xs align--left\">\r\n    <div class=\"video-wrapper size--full\">\r\n        <iframe loading=\"lazy\" hcb-fetch-image-from=\"https:\/\/vimeo.com\/1091609846\/4d6249949b\" title=\"Teresa Tra\u0308umt\" src=\"https:\/\/player.vimeo.com\/video\/1091609846?h=4d6249949b&amp;dnt=1&amp;app_id=122963\" width=\"100\" height=\"56\" frameborder=\"0\" allow=\"autoplay; fullscreen; picture-in-picture; clipboard-write; encrypted-media; web-share\" referrerpolicy=\"strict-origin-when-cross-origin\"><\/iframe>    <\/div>\r\n<\/div>\r\n\r\n\n\n\n<p class=\"post__paragraph is-style-typo--soehne has-spacing--default\"><strong>W\u00e4hrend andere schlafen,<\/strong> wacht Teresa auf. Seit ihrer Kindheit rauben ihr Albtr\u00e4ume den Schlaf. Ihr Alltag ist an manchen Tagen fast nicht mehr zu bew\u00e4ltigen, da sie oft ersch\u00f6pfter aufwacht als sie eingeschlafen ist.<\/p>\n\n\n\n<p class=\"post__paragraph is-style-typo--soehne has-spacing--m\"><strong>Team:<\/strong> <strong>Laura R\u00f6\u00dfiger, Max Schlag und Annika Weertz<\/strong><\/p>\n\n\n<\/div>\n<\/div>\n\n\n<div class=\"devider has-spacing--none\">\n    <hr>\n<\/div>\n\n\n    <div class=\"headline-block has-spacing--xs\">\n\n        <h2 class=\"post__headline\">Hexen &amp; Teufel<\/h2>\n\n        \n    <\/div>\n\n    \n\n\n\n\r\n<div class=\"video-block has-spacing--xs align--left\">\r\n    <div class=\"video-wrapper size--full\">\r\n        <iframe loading=\"lazy\" hcb-fetch-image-from=\"https:\/\/vimeo.com\/1091609209\/4b1a6d14ba\" title=\"Hexen &amp; Teufel\" src=\"https:\/\/player.vimeo.com\/video\/1091609209?h=4b1a6d14ba&amp;dnt=1&amp;app_id=122963\" width=\"100\" height=\"56\" frameborder=\"0\" allow=\"autoplay; fullscreen; picture-in-picture; clipboard-write; encrypted-media; web-share\" referrerpolicy=\"strict-origin-when-cross-origin\"><\/iframe>    <\/div>\r\n<\/div>\r\n\r\n\n\n\n<p class=\"post__paragraph is-style-typo--soehne has-spacing--xs\"><strong>Eine Welt voller Magie und Mystik:<\/strong> Die Walpurgisnacht in Schierke zieht jedes Jahr Besucher aus nah und fern an. Mit traditionellen T\u00e4nzen, Showeinlagen und fabelhaften Kost\u00fcmen wird so der Fr\u00fchling begr\u00fc\u00dft. Doch was hat es mit den mittelalterlichen Sagen nach Einbruch der Dunkelheit auf sich und wer steckt dahinter?<\/p>\n\n\n\n<p class=\"post__paragraph is-style-typo--soehne has-spacing--xs\"><strong>Team:<\/strong> <strong>Kilian K\u00e4mper, Leonie Hinze und Till Franke<\/strong><\/p>\n<\/div>\n\n\n\n<div class=\"wp-block-group has-spacing--default has-spacing--default\">\n<div class=\"devider has-spacing--none\">\n    <hr>\n<\/div>\n\n\n \n\n    <div id=\"lead-in-block_79f55fa4222a53eace597e70a906e908\" class=\"block-lead-in typo--default font-size--xl has-spacing--s width--default\">\n        <p><strong>Empfehlungen der Redaktion:<\/strong><\/p>\n    <\/div>\n\n\n\n\r\n\r\n\r\n\n\n\r\n\r\n\r\n\r\n        <div class=\"teaser-grid grid-layout--3col has-spacing--s width--inline\">\r\n\r\n            \r\n                <article class=\"post-teaser\">\r\n\r\n                    <a href=\"https:\/\/visualjournalism.de\/en\/magazine\/ratgeber\/wie-du-deine-portraets-neu-denken-kannst\/\" rel=\"permalink\">\r\n\r\n                        <div class=\"post-teaser__content\">\r\n\r\n                            <span class=\"entry-categories\">Ratgeber<\/span>\r\n                            <h3 class=\"post-teaser__headline\">\r\n                                Wie du deine Portr\u00e4ts neu denken kannst.                            <\/h3>\r\n\r\n                            <div class=\"post-teaser__excerpt\">\r\n                                <p>Wenn uns Portr\u00e4ts tief ber\u00fchren, aufr\u00fctteln oder in den Bann ziehen, ist das ein sicheres Anzeichen f\u00fcr ein starkes Bild. Doch wie gelingt das? Hier findest du konkrete Ans\u00e4tze und Tipps von Expert*innen aus der Praxis.<\/p>\r\n                            <\/div>\r\n\r\n                        <\/div><!-- .post-teaser__content -->\r\n\r\n\r\n                        \r\n                            <figure class=\"post-teaser__image\">\r\n                                <img loading=\"lazy\" decoding=\"async\"  \r\n                                    src=\"https:\/\/visualjournalism.de\/wp-content\/uploads\/Portraits-China-Hopsen-768x674.jpg\" \r\n                                    srcset=\"https:\/\/visualjournalism.de\/wp-content\/uploads\/Portraits-China-Hopsen-768x674.jpg 768w, https:\/\/visualjournalism.de\/wp-content\/uploads\/Portraits-China-Hopsen-300x263.jpg 300w, https:\/\/visualjournalism.de\/wp-content\/uploads\/Portraits-China-Hopsen-1024x899.jpg 1024w, https:\/\/visualjournalism.de\/wp-content\/uploads\/Portraits-China-Hopsen-1536x1348.jpg 1536w, https:\/\/visualjournalism.de\/wp-content\/uploads\/Portraits-China-Hopsen-2048x1797.jpg 2048w, https:\/\/visualjournalism.de\/wp-content\/uploads\/Portraits-China-Hopsen-1920x1685.jpg 1920w, https:\/\/visualjournalism.de\/wp-content\/uploads\/Portraits-China-Hopsen-1400x1229.jpg 1400w, https:\/\/visualjournalism.de\/wp-content\/uploads\/Portraits-China-Hopsen-1050x922.jpg 1050w, https:\/\/visualjournalism.de\/wp-content\/uploads\/Portraits-China-Hopsen-670x588.jpg 670w, https:\/\/visualjournalism.de\/wp-content\/uploads\/Portraits-China-Hopsen-420x369.jpg 420w, https:\/\/visualjournalism.de\/wp-content\/uploads\/Portraits-China-Hopsen-350x307.jpg 350w, https:\/\/visualjournalism.de\/wp-content\/uploads\/Portraits-China-Hopsen-150x132.jpg 150w\" \r\n                                    width=\"768\"  \r\n                                    height=\"674\" \r\n                                    alt=\"Auswahl von 6 verschieden Porraits Abwechslung von nah und distanizert\"\r\n                                \/>\r\n                            <\/figure>\r\n\r\n                        \r\n                    \r\n                    <\/a>\r\n\r\n                <\/article><!--- .post-teaser-->\r\n\r\n            \r\n                <article class=\"post-teaser\">\r\n\r\n                    <a href=\"https:\/\/visualjournalism.de\/en\/magazine\/ratgeber\/polaroid-emulsion-grosse-kunst-mit-wenig-aufwand\/\" rel=\"permalink\">\r\n\r\n                        <div class=\"post-teaser__content\">\r\n\r\n                            <span class=\"entry-categories\">Ratgeber<\/span>\r\n                            <h3 class=\"post-teaser__headline\">\r\n                                Polaroid-Emulsion: Gro\u00dfe Kunst mit wenig Aufwand                            <\/h3>\r\n\r\n                            <div class=\"post-teaser__excerpt\">\r\n                                <p>Du bist gelangweilt von deinen Bildern? Hier erf\u00e4hrst du wie du kleine Kunstwerke entstehen lassen kannst!<\/p>\r\n                            <\/div>\r\n\r\n                        <\/div><!-- .post-teaser__content -->\r\n\r\n\r\n                        \r\n                            <figure class=\"post-teaser__image\">\r\n                                <img loading=\"lazy\" decoding=\"async\"  \r\n                                    src=\"https:\/\/visualjournalism.de\/wp-content\/uploads\/DSC5126-768x768.jpg\" \r\n                                    srcset=\"https:\/\/visualjournalism.de\/wp-content\/uploads\/DSC5126-768x768.jpg 768w, https:\/\/visualjournalism.de\/wp-content\/uploads\/DSC5126-300x300.jpg 300w, https:\/\/visualjournalism.de\/wp-content\/uploads\/DSC5126-1024x1024.jpg 1024w, https:\/\/visualjournalism.de\/wp-content\/uploads\/DSC5126-150x150.jpg 150w, https:\/\/visualjournalism.de\/wp-content\/uploads\/DSC5126-1536x1536.jpg 1536w, https:\/\/visualjournalism.de\/wp-content\/uploads\/DSC5126-1400x1400.jpg 1400w, https:\/\/visualjournalism.de\/wp-content\/uploads\/DSC5126-1050x1050.jpg 1050w, https:\/\/visualjournalism.de\/wp-content\/uploads\/DSC5126-670x670.jpg 670w, https:\/\/visualjournalism.de\/wp-content\/uploads\/DSC5126-420x420.jpg 420w, https:\/\/visualjournalism.de\/wp-content\/uploads\/DSC5126-350x350.jpg 350w, https:\/\/visualjournalism.de\/wp-content\/uploads\/DSC5126-52x52.jpg 52w, https:\/\/visualjournalism.de\/wp-content\/uploads\/DSC5126-68x68.jpg 68w, https:\/\/visualjournalism.de\/wp-content\/uploads\/DSC5126-96x96.jpg 96w, https:\/\/visualjournalism.de\/wp-content\/uploads\/DSC5126.jpg 1806w\" \r\n                                    width=\"768\"  \r\n                                    height=\"768\" \r\n                                    alt=\"\"\r\n                                \/>\r\n                            <\/figure>\r\n\r\n                        \r\n                    \r\n                    <\/a>\r\n\r\n                <\/article><!--- .post-teaser-->\r\n\r\n            \r\n                <article class=\"post-teaser\">\r\n\r\n                    <a href=\"https:\/\/visualjournalism.de\/en\/magazine\/ratgeber\/die-richtige-beleuchtung-im-fotostudio\/\" rel=\"permalink\">\r\n\r\n                        <div class=\"post-teaser__content\">\r\n\r\n                            <span class=\"entry-categories\">Ratgeber<\/span>\r\n                            <h3 class=\"post-teaser__headline\">\r\n                                Beleuchtung im Fotostudio.                            <\/h3>\r\n\r\n                            <div class=\"post-teaser__excerpt\">\r\n                                <p>Das richtige Licht im Studio ist entscheidend f\u00fcr gelungene Studioaufnahmen. Wie aber gelingt die perfekte Ausleuchtung und welche Techniken gibt es?<\/p>\r\n                            <\/div>\r\n\r\n                        <\/div><!-- .post-teaser__content -->\r\n\r\n\r\n                        \r\n                            <figure class=\"post-teaser__image\">\r\n                                <img loading=\"lazy\" decoding=\"async\"  \r\n                                    src=\"https:\/\/visualjournalism.de\/wp-content\/uploads\/DSC06343-768x492.jpg\" \r\n                                    srcset=\"https:\/\/visualjournalism.de\/wp-content\/uploads\/DSC06343-768x492.jpg 768w, https:\/\/visualjournalism.de\/wp-content\/uploads\/DSC06343-300x192.jpg 300w, https:\/\/visualjournalism.de\/wp-content\/uploads\/DSC06343-1024x656.jpg 1024w, https:\/\/visualjournalism.de\/wp-content\/uploads\/DSC06343-1536x983.jpg 1536w, https:\/\/visualjournalism.de\/wp-content\/uploads\/DSC06343-2048x1311.jpg 2048w, https:\/\/visualjournalism.de\/wp-content\/uploads\/DSC06343-1920x1229.jpg 1920w, https:\/\/visualjournalism.de\/wp-content\/uploads\/DSC06343-1400x896.jpg 1400w, https:\/\/visualjournalism.de\/wp-content\/uploads\/DSC06343-1050x672.jpg 1050w, https:\/\/visualjournalism.de\/wp-content\/uploads\/DSC06343-670x429.jpg 670w, https:\/\/visualjournalism.de\/wp-content\/uploads\/DSC06343-420x269.jpg 420w, https:\/\/visualjournalism.de\/wp-content\/uploads\/DSC06343-350x224.jpg 350w, https:\/\/visualjournalism.de\/wp-content\/uploads\/DSC06343-150x96.jpg 150w\" \r\n                                    width=\"768\"  \r\n                                    height=\"492\" \r\n                                    alt=\"\"\r\n                                \/>\r\n                            <\/figure>\r\n\r\n                        \r\n                    \r\n                    <\/a>\r\n\r\n                <\/article><!--- .post-teaser-->\r\n\r\n            \r\n        <\/div><!-- .teaser-grid -->\r\n\r\n\n\n\r\n\r\n\r\n\n\n\n    <div class=\"btn-wrapper has-spacing--m\">\n        <a class=\"btn\" href=\"https:\/\/visualjournalism.de\/magazin\/\" target=\"_blank\">ZUR MAGAZIN-STARTSEITE<\/a>\n    <\/div>\n<\/div>\n","protected":false},"author":96,"featured_media":61815,"template":"","tags":[],"magazinkategorie":[192],"class_list":["post-61460","magazin","type-magazin","status-publish","has-post-thumbnail","hentry","magazinkategorie-nachts"],"acf":[],"yoast_head":"<!-- This site is optimized with the Yoast SEO Premium plugin v27.3 (Yoast SEO v27.3) - https:\/\/yoast.com\/product\/yoast-seo-premium-wordpress\/ -->\n<title>Nachtaktiv &#8211; Visual Journalism and Documentary Photography<\/title>\n<meta name=\"description\" content=\"Studierende aus dem zweiten Semester haben Menschen begleitet, f\u00fcr die die Nacht mehr bedeutet als Schlaf.\" \/>\n<meta name=\"robots\" content=\"index, follow, max-snippet:-1, max-image-preview:large, max-video-preview:-1\" \/>\n<link rel=\"canonical\" href=\"https:\/\/visualjournalism.de\/en\/magazine\/nachts\/nachtaktiv\/\" \/>\n<meta property=\"og:locale\" content=\"en_US\" \/>\n<meta property=\"og:type\" content=\"article\" \/>\n<meta property=\"og:title\" content=\"Nachtaktiv\" \/>\n<meta property=\"og:description\" content=\"Studierende aus dem zweiten Semester haben Menschen begleitet, f\u00fcr die die Nacht mehr bedeutet als Schlaf.\" \/>\n<meta property=\"og:url\" content=\"https:\/\/visualjournalism.de\/en\/magazine\/nachts\/nachtaktiv\/\" \/>\n<meta property=\"og:site_name\" content=\"Visual Journalism and Documentary Photography\" \/>\n<meta property=\"article:publisher\" content=\"https:\/\/www.facebook.com\/people\/wwwfotostudentende\/100065173703897\/\" \/>\n<meta property=\"article:modified_time\" content=\"2025-07-09T19:37:37+00:00\" \/>\n<meta property=\"og:image\" content=\"https:\/\/visualjournalism.de\/wp-content\/uploads\/teaserVideoNachtaktiv.png\" \/>\n\t<meta property=\"og:image:width\" content=\"768\" \/>\n\t<meta property=\"og:image:height\" content=\"614\" \/>\n\t<meta property=\"og:image:type\" content=\"image\/png\" \/>\n<meta name=\"twitter:card\" content=\"summary_large_image\" \/>\n<meta name=\"twitter:site\" content=\"@HsHannover\" \/>\n<meta name=\"twitter:label1\" content=\"Est. reading time\" \/>\n\t<meta name=\"twitter:data1\" content=\"4 minutes\" \/>\n<script type=\"application\/ld+json\" class=\"yoast-schema-graph\">{\"@context\":\"https:\\\/\\\/schema.org\",\"@graph\":[{\"@type\":\"WebPage\",\"@id\":\"https:\\\/\\\/visualjournalism.de\\\/en\\\/magazine\\\/nachts\\\/nachtaktiv\\\/\",\"url\":\"https:\\\/\\\/visualjournalism.de\\\/en\\\/magazine\\\/nachts\\\/nachtaktiv\\\/\",\"name\":\"Nachtaktiv &#8211; Visual Journalism and Documentary Photography\",\"isPartOf\":{\"@id\":\"https:\\\/\\\/visualjournalism.de\\\/en\\\/#website\"},\"primaryImageOfPage\":{\"@id\":\"https:\\\/\\\/visualjournalism.de\\\/en\\\/magazine\\\/nachts\\\/nachtaktiv\\\/#primaryimage\"},\"image\":{\"@id\":\"https:\\\/\\\/visualjournalism.de\\\/en\\\/magazine\\\/nachts\\\/nachtaktiv\\\/#primaryimage\"},\"thumbnailUrl\":\"https:\\\/\\\/visualjournalism.de\\\/wp-content\\\/uploads\\\/teaserVideoNachtaktiv.png\",\"datePublished\":\"2025-06-20T15:57:55+00:00\",\"dateModified\":\"2025-07-09T19:37:37+00:00\",\"description\":\"Studierende aus dem zweiten Semester haben Menschen begleitet, f\u00fcr die die Nacht mehr bedeutet als Schlaf.\",\"breadcrumb\":{\"@id\":\"https:\\\/\\\/visualjournalism.de\\\/en\\\/magazine\\\/nachts\\\/nachtaktiv\\\/#breadcrumb\"},\"inLanguage\":\"en-US\",\"potentialAction\":[{\"@type\":\"ReadAction\",\"target\":[\"https:\\\/\\\/visualjournalism.de\\\/en\\\/magazine\\\/nachts\\\/nachtaktiv\\\/\"]}]},{\"@type\":\"ImageObject\",\"inLanguage\":\"en-US\",\"@id\":\"https:\\\/\\\/visualjournalism.de\\\/en\\\/magazine\\\/nachts\\\/nachtaktiv\\\/#primaryimage\",\"url\":\"https:\\\/\\\/visualjournalism.de\\\/wp-content\\\/uploads\\\/teaserVideoNachtaktiv.png\",\"contentUrl\":\"https:\\\/\\\/visualjournalism.de\\\/wp-content\\\/uploads\\\/teaserVideoNachtaktiv.png\",\"width\":768,\"height\":614},{\"@type\":\"BreadcrumbList\",\"@id\":\"https:\\\/\\\/visualjournalism.de\\\/en\\\/magazine\\\/nachts\\\/nachtaktiv\\\/#breadcrumb\",\"itemListElement\":[{\"@type\":\"ListItem\",\"position\":1,\"name\":\"Home\",\"item\":\"https:\\\/\\\/visualjournalism.de\\\/en\\\/\"},{\"@type\":\"ListItem\",\"position\":2,\"name\":\"Magazin\",\"item\":\"https:\\\/\\\/visualjournalism.de\\\/en\\\/magazine\\\/\"},{\"@type\":\"ListItem\",\"position\":3,\"name\":\"Nachtaktiv\"}]},{\"@type\":\"WebSite\",\"@id\":\"https:\\\/\\\/visualjournalism.de\\\/en\\\/#website\",\"url\":\"https:\\\/\\\/visualjournalism.de\\\/en\\\/\",\"name\":\"Visual Journalism and Documentary Photography\",\"description\":\"All about the bilingual bachelor&#039;s program at Hannover University of Applied Sciences and Arts.\",\"publisher\":{\"@id\":\"https:\\\/\\\/visualjournalism.de\\\/en\\\/#organization\"},\"alternateName\":\"visualjournalism.de\",\"potentialAction\":[{\"@type\":\"SearchAction\",\"target\":{\"@type\":\"EntryPoint\",\"urlTemplate\":\"https:\\\/\\\/visualjournalism.de\\\/en\\\/?s={search_term_string}\"},\"query-input\":{\"@type\":\"PropertyValueSpecification\",\"valueRequired\":true,\"valueName\":\"search_term_string\"}}],\"inLanguage\":\"en-US\"},{\"@type\":\"Organization\",\"@id\":\"https:\\\/\\\/visualjournalism.de\\\/en\\\/#organization\",\"name\":\"Hochschule Hannover \u2013 University of Applied Sciences and Arts\",\"alternateName\":\"HsH\",\"url\":\"https:\\\/\\\/visualjournalism.de\\\/en\\\/\",\"logo\":{\"@type\":\"ImageObject\",\"inLanguage\":\"en-US\",\"@id\":\"https:\\\/\\\/visualjournalism.de\\\/en\\\/#\\\/schema\\\/logo\\\/image\\\/\",\"url\":\"https:\\\/\\\/visualjournalism.de\\\/wp-content\\\/uploads\\\/logo-hochschule-hannover.png\",\"contentUrl\":\"https:\\\/\\\/visualjournalism.de\\\/wp-content\\\/uploads\\\/logo-hochschule-hannover.png\",\"width\":363,\"height\":270,\"caption\":\"Hochschule Hannover \u2013 University of Applied Sciences and Arts\"},\"image\":{\"@id\":\"https:\\\/\\\/visualjournalism.de\\\/en\\\/#\\\/schema\\\/logo\\\/image\\\/\"},\"sameAs\":[\"https:\\\/\\\/www.facebook.com\\\/people\\\/wwwfotostudentende\\\/100065173703897\\\/\",\"https:\\\/\\\/x.com\\\/HsHannover\",\"https:\\\/\\\/www.instagram.com\\\/visualjournalism.de\\\/\"]}]}<\/script>\n<!-- \/ Yoast SEO Premium plugin. -->","yoast_head_json":{"title":"Nachtaktiv &#8211; Visual Journalism and Documentary Photography","description":"Studierende aus dem zweiten Semester haben Menschen begleitet, f\u00fcr die die Nacht mehr bedeutet als Schlaf.","robots":{"index":"index","follow":"follow","max-snippet":"max-snippet:-1","max-image-preview":"max-image-preview:large","max-video-preview":"max-video-preview:-1"},"canonical":"https:\/\/visualjournalism.de\/en\/magazine\/nachts\/nachtaktiv\/","og_locale":"en_US","og_type":"article","og_title":"Nachtaktiv","og_description":"Studierende aus dem zweiten Semester haben Menschen begleitet, f\u00fcr die die Nacht mehr bedeutet als Schlaf.","og_url":"https:\/\/visualjournalism.de\/en\/magazine\/nachts\/nachtaktiv\/","og_site_name":"Visual Journalism and Documentary Photography","article_publisher":"https:\/\/www.facebook.com\/people\/wwwfotostudentende\/100065173703897\/","article_modified_time":"2025-07-09T19:37:37+00:00","og_image":[{"width":768,"height":614,"url":"https:\/\/visualjournalism.de\/wp-content\/uploads\/teaserVideoNachtaktiv.png","type":"image\/png"}],"twitter_card":"summary_large_image","twitter_site":"@HsHannover","twitter_misc":{"Est. reading time":"4 minutes"},"schema":{"@context":"https:\/\/schema.org","@graph":[{"@type":"WebPage","@id":"https:\/\/visualjournalism.de\/en\/magazine\/nachts\/nachtaktiv\/","url":"https:\/\/visualjournalism.de\/en\/magazine\/nachts\/nachtaktiv\/","name":"Nachtaktiv &#8211; Visual Journalism and Documentary Photography","isPartOf":{"@id":"https:\/\/visualjournalism.de\/en\/#website"},"primaryImageOfPage":{"@id":"https:\/\/visualjournalism.de\/en\/magazine\/nachts\/nachtaktiv\/#primaryimage"},"image":{"@id":"https:\/\/visualjournalism.de\/en\/magazine\/nachts\/nachtaktiv\/#primaryimage"},"thumbnailUrl":"https:\/\/visualjournalism.de\/wp-content\/uploads\/teaserVideoNachtaktiv.png","datePublished":"2025-06-20T15:57:55+00:00","dateModified":"2025-07-09T19:37:37+00:00","description":"Studierende aus dem zweiten Semester haben Menschen begleitet, f\u00fcr die die Nacht mehr bedeutet als Schlaf.","breadcrumb":{"@id":"https:\/\/visualjournalism.de\/en\/magazine\/nachts\/nachtaktiv\/#breadcrumb"},"inLanguage":"en-US","potentialAction":[{"@type":"ReadAction","target":["https:\/\/visualjournalism.de\/en\/magazine\/nachts\/nachtaktiv\/"]}]},{"@type":"ImageObject","inLanguage":"en-US","@id":"https:\/\/visualjournalism.de\/en\/magazine\/nachts\/nachtaktiv\/#primaryimage","url":"https:\/\/visualjournalism.de\/wp-content\/uploads\/teaserVideoNachtaktiv.png","contentUrl":"https:\/\/visualjournalism.de\/wp-content\/uploads\/teaserVideoNachtaktiv.png","width":768,"height":614},{"@type":"BreadcrumbList","@id":"https:\/\/visualjournalism.de\/en\/magazine\/nachts\/nachtaktiv\/#breadcrumb","itemListElement":[{"@type":"ListItem","position":1,"name":"Home","item":"https:\/\/visualjournalism.de\/en\/"},{"@type":"ListItem","position":2,"name":"Magazin","item":"https:\/\/visualjournalism.de\/en\/magazine\/"},{"@type":"ListItem","position":3,"name":"Nachtaktiv"}]},{"@type":"WebSite","@id":"https:\/\/visualjournalism.de\/en\/#website","url":"https:\/\/visualjournalism.de\/en\/","name":"Visual Journalism and Documentary Photography","description":"All about the bilingual bachelor&#039;s program at Hannover University of Applied Sciences and Arts.","publisher":{"@id":"https:\/\/visualjournalism.de\/en\/#organization"},"alternateName":"visualjournalism.de","potentialAction":[{"@type":"SearchAction","target":{"@type":"EntryPoint","urlTemplate":"https:\/\/visualjournalism.de\/en\/?s={search_term_string}"},"query-input":{"@type":"PropertyValueSpecification","valueRequired":true,"valueName":"search_term_string"}}],"inLanguage":"en-US"},{"@type":"Organization","@id":"https:\/\/visualjournalism.de\/en\/#organization","name":"Hochschule Hannover \u2013 University of Applied Sciences and Arts","alternateName":"HsH","url":"https:\/\/visualjournalism.de\/en\/","logo":{"@type":"ImageObject","inLanguage":"en-US","@id":"https:\/\/visualjournalism.de\/en\/#\/schema\/logo\/image\/","url":"https:\/\/visualjournalism.de\/wp-content\/uploads\/logo-hochschule-hannover.png","contentUrl":"https:\/\/visualjournalism.de\/wp-content\/uploads\/logo-hochschule-hannover.png","width":363,"height":270,"caption":"Hochschule Hannover \u2013 University of Applied Sciences and Arts"},"image":{"@id":"https:\/\/visualjournalism.de\/en\/#\/schema\/logo\/image\/"},"sameAs":["https:\/\/www.facebook.com\/people\/wwwfotostudentende\/100065173703897\/","https:\/\/x.com\/HsHannover","https:\/\/www.instagram.com\/visualjournalism.de\/"]}]}},"_links":{"self":[{"href":"https:\/\/visualjournalism.de\/en\/wp-json\/wp\/v2\/magazin\/61460","targetHints":{"allow":["GET"]}}],"collection":[{"href":"https:\/\/visualjournalism.de\/en\/wp-json\/wp\/v2\/magazin"}],"about":[{"href":"https:\/\/visualjournalism.de\/en\/wp-json\/wp\/v2\/types\/magazin"}],"author":[{"embeddable":true,"href":"https:\/\/visualjournalism.de\/en\/wp-json\/wp\/v2\/users\/96"}],"version-history":[{"count":1,"href":"https:\/\/visualjournalism.de\/en\/wp-json\/wp\/v2\/magazin\/61460\/revisions"}],"predecessor-version":[{"id":65174,"href":"https:\/\/visualjournalism.de\/en\/wp-json\/wp\/v2\/magazin\/61460\/revisions\/65174"}],"wp:featuredmedia":[{"embeddable":true,"href":"https:\/\/visualjournalism.de\/en\/wp-json\/wp\/v2\/media\/61815"}],"wp:attachment":[{"href":"https:\/\/visualjournalism.de\/en\/wp-json\/wp\/v2\/media?parent=61460"}],"wp:term":[{"taxonomy":"post_tag","embeddable":true,"href":"https:\/\/visualjournalism.de\/en\/wp-json\/wp\/v2\/tags?post=61460"},{"taxonomy":"magazinkategorie","embeddable":true,"href":"https:\/\/visualjournalism.de\/en\/wp-json\/wp\/v2\/magazinkategorie?post=61460"}],"curies":[{"name":"wp","href":"https:\/\/api.w.org\/{rel}","templated":true}]}}