{"id":61971,"date":"2026-03-25T13:51:40","date_gmt":"2026-03-25T11:51:40","guid":{"rendered":"https:\/\/visualjournalism.de\/?post_type=magazin&#038;p=61971"},"modified":"2026-03-27T10:24:40","modified_gmt":"2026-03-27T08:24:40","slug":"stress-im-alltag-atmen-trotz-allem","status":"publish","type":"magazin","link":"https:\/\/visualjournalism.de\/en\/magazine\/sammeln\/stress-im-alltag-atmen-trotz-allem\/","title":{"rendered":"Atmen, trotz allem. Stress im Alltag!"},"content":{"rendered":"\r\n<div class=\"cover--lead-in has-spacing--m\">\r\n\r\n    \r\n    <div class=\"cover--lead-in__content typo--tiempos\">\r\n\r\n        <div class=\"entry-categories\">\n\t<a class=\"post__tag\" href=\"https:\/\/visualjournalism.de\/magazin-kategorie\/sammeln\/\" rel=\"category tag\">Sammeln<\/a><\/div>\r\n        <h2 class=\"cover--lead-in__headline headline-size--default\">\r\n            Atmen trotz allem        <\/h2>\r\n\r\n                    <div class=\"cover--lead-in__text\">\r\n                <p>Die Welt wird lauter, die Jugend ersch\u00f6pfter \u2013 und Selbstf\u00fcrsorge zum Privileg. Wo junge Menschen heute noch Kraft finden.<br \/>\n<strong><span class=\"TextRun SCXW106033034 BCX4\" lang=\"DE\" xml:lang=\"DE\" data-contrast=\"auto\"><span class=\"NormalTextRun SCXW106033034 BCX4\">Von <a href=\"https:\/\/visualjournalism.de\/wp-admin\/post.php?post=58495&amp;action=edit&amp;lang=de\">Farah Abou Assali<\/a> (Text) und\u00a0 <a href=\"https:\/\/visualjournalism.de\/wp-admin\/post.php?post=60131&amp;action=edit&amp;lang=de\">Yael Wagner<\/a> (Fotos)<\/span><\/span><\/strong><\/p>\n            <\/div>\r\n        \r\n                    <div class=\"cover--lead-in__author\">\r\n                \r\n                    \r\n                            <figure class=\"cover--lead-in__author__image\">\r\n\r\n                                                                    <a href=\"https:\/\/visualjournalism.de\/wp-admin\/post.php?post=58495&#038;action=edit&#038;lang=de\" target=\"\">\r\n                                \r\n                                <img loading=\"lazy\" decoding=\"async\"\r\n                                    src=\"https:\/\/visualjournalism.de\/wp-content\/uploads\/Farah-2025_c_Simona-Bednarek_web-01-copy-68x68.jpg\"\r\n                                    srcset=\"https:\/\/visualjournalism.de\/wp-content\/uploads\/Farah-2025_c_Simona-Bednarek_web-01-copy-68x68.jpg 68w, https:\/\/visualjournalism.de\/wp-content\/uploads\/Farah-2025_c_Simona-Bednarek_web-01-copy-300x300.jpg 300w, https:\/\/visualjournalism.de\/wp-content\/uploads\/Farah-2025_c_Simona-Bednarek_web-01-copy-1024x1024.jpg 1024w, https:\/\/visualjournalism.de\/wp-content\/uploads\/Farah-2025_c_Simona-Bednarek_web-01-copy-150x150.jpg 150w, https:\/\/visualjournalism.de\/wp-content\/uploads\/Farah-2025_c_Simona-Bednarek_web-01-copy-768x768.jpg 768w, https:\/\/visualjournalism.de\/wp-content\/uploads\/Farah-2025_c_Simona-Bednarek_web-01-copy-1050x1050.jpg 1050w, https:\/\/visualjournalism.de\/wp-content\/uploads\/Farah-2025_c_Simona-Bednarek_web-01-copy-670x670.jpg 670w, https:\/\/visualjournalism.de\/wp-content\/uploads\/Farah-2025_c_Simona-Bednarek_web-01-copy-420x420.jpg 420w, https:\/\/visualjournalism.de\/wp-content\/uploads\/Farah-2025_c_Simona-Bednarek_web-01-copy-350x350.jpg 350w, https:\/\/visualjournalism.de\/wp-content\/uploads\/Farah-2025_c_Simona-Bednarek_web-01-copy-52x52.jpg 52w, https:\/\/visualjournalism.de\/wp-content\/uploads\/Farah-2025_c_Simona-Bednarek_web-01-copy-96x96.jpg 96w, https:\/\/visualjournalism.de\/wp-content\/uploads\/Farah-2025_c_Simona-Bednarek_web-01-copy.jpg 1255w\"\r\n                                    width=\"68\"\r\n                                    height=\"68\"\r\n                                    alt=\"\"\r\n                                \/>\r\n\r\n                                                                    <\/a>\r\n                                \r\n                            <\/figure>\r\n\r\n                        \r\n                    \r\n                            <figure class=\"cover--lead-in__author__image\">\r\n\r\n                                                                    <a href=\"https:\/\/visualjournalism.de\/wp-admin\/post.php?post=60131&#038;action=edit&#038;lang=de\" target=\"\">\r\n                                \r\n                                <img loading=\"lazy\" decoding=\"async\"\r\n                                    src=\"https:\/\/visualjournalism.de\/wp-content\/uploads\/d45a54f1-50af-40bf-ae2c-d9e4ca9b176c-68x68.jpg\"\r\n                                    srcset=\"https:\/\/visualjournalism.de\/wp-content\/uploads\/d45a54f1-50af-40bf-ae2c-d9e4ca9b176c-68x68.jpg 68w, https:\/\/visualjournalism.de\/wp-content\/uploads\/d45a54f1-50af-40bf-ae2c-d9e4ca9b176c-300x300.jpg 300w, https:\/\/visualjournalism.de\/wp-content\/uploads\/d45a54f1-50af-40bf-ae2c-d9e4ca9b176c-1024x1024.jpg 1024w, https:\/\/visualjournalism.de\/wp-content\/uploads\/d45a54f1-50af-40bf-ae2c-d9e4ca9b176c-150x150.jpg 150w, https:\/\/visualjournalism.de\/wp-content\/uploads\/d45a54f1-50af-40bf-ae2c-d9e4ca9b176c-768x768.jpg 768w, https:\/\/visualjournalism.de\/wp-content\/uploads\/d45a54f1-50af-40bf-ae2c-d9e4ca9b176c-1536x1536.jpg 1536w, https:\/\/visualjournalism.de\/wp-content\/uploads\/d45a54f1-50af-40bf-ae2c-d9e4ca9b176c-2048x2048.jpg 2048w, https:\/\/visualjournalism.de\/wp-content\/uploads\/d45a54f1-50af-40bf-ae2c-d9e4ca9b176c-1920x1920.jpg 1920w, https:\/\/visualjournalism.de\/wp-content\/uploads\/d45a54f1-50af-40bf-ae2c-d9e4ca9b176c-1400x1400.jpg 1400w, https:\/\/visualjournalism.de\/wp-content\/uploads\/d45a54f1-50af-40bf-ae2c-d9e4ca9b176c-1050x1050.jpg 1050w, https:\/\/visualjournalism.de\/wp-content\/uploads\/d45a54f1-50af-40bf-ae2c-d9e4ca9b176c-670x670.jpg 670w, https:\/\/visualjournalism.de\/wp-content\/uploads\/d45a54f1-50af-40bf-ae2c-d9e4ca9b176c-420x420.jpg 420w, https:\/\/visualjournalism.de\/wp-content\/uploads\/d45a54f1-50af-40bf-ae2c-d9e4ca9b176c-350x350.jpg 350w, https:\/\/visualjournalism.de\/wp-content\/uploads\/d45a54f1-50af-40bf-ae2c-d9e4ca9b176c-52x52.jpg 52w, https:\/\/visualjournalism.de\/wp-content\/uploads\/d45a54f1-50af-40bf-ae2c-d9e4ca9b176c-96x96.jpg 96w\"\r\n                                    width=\"68\"\r\n                                    height=\"68\"\r\n                                    alt=\"\"\r\n                                \/>\r\n\r\n                                                                    <\/a>\r\n                                \r\n                            <\/figure>\r\n\r\n                                    <\/div><!-- .cover--lead-in__author -->\r\n        \r\n    <\/div><!-- .cover--lead-in__content -->\r\n\r\n    \r\n        <figure class=\"cover--lead-in__image cover--lead-in__media cover--lead-in__media--image\">\r\n            <img loading=\"lazy\" decoding=\"async\"\r\n                src=\"https:\/\/visualjournalism.de\/wp-content\/uploads\/Yael-Wagner00002-1920x1280.jpg\"\r\n                srcset=\"https:\/\/visualjournalism.de\/wp-content\/uploads\/Yael-Wagner00002-1920x1280.jpg 1920w, https:\/\/visualjournalism.de\/wp-content\/uploads\/Yael-Wagner00002-300x200.jpg 300w, https:\/\/visualjournalism.de\/wp-content\/uploads\/Yael-Wagner00002-1024x683.jpg 1024w, https:\/\/visualjournalism.de\/wp-content\/uploads\/Yael-Wagner00002-768x512.jpg 768w, https:\/\/visualjournalism.de\/wp-content\/uploads\/Yael-Wagner00002-1536x1024.jpg 1536w, https:\/\/visualjournalism.de\/wp-content\/uploads\/Yael-Wagner00002-2048x1365.jpg 2048w, https:\/\/visualjournalism.de\/wp-content\/uploads\/Yael-Wagner00002-1400x933.jpg 1400w, https:\/\/visualjournalism.de\/wp-content\/uploads\/Yael-Wagner00002-1050x700.jpg 1050w, https:\/\/visualjournalism.de\/wp-content\/uploads\/Yael-Wagner00002-670x447.jpg 670w, https:\/\/visualjournalism.de\/wp-content\/uploads\/Yael-Wagner00002-420x280.jpg 420w, https:\/\/visualjournalism.de\/wp-content\/uploads\/Yael-Wagner00002-350x233.jpg 350w, https:\/\/visualjournalism.de\/wp-content\/uploads\/Yael-Wagner00002-150x100.jpg 150w\"\r\n                width=\"1920\"\r\n                height=\"1280\"\r\n                alt=\"\"\r\n                style=\"object-position: 56.33% 77.5%\"\r\n            \/>\r\n        <\/figure>\r\n\r\n                    <span class=\"cover--lead-in__image-title\">\r\n                Levi und Eva brauchen N\u00e4he            <\/span>\r\n        \r\n    \r\n<\/div><!-- .cover--lead-in -->\r\n\r\n\n\n\n<p class=\"post__paragraph has-spacing--m\"><strong>Inflation, Kriege, Wohnungsnot:<\/strong> das sind keine abstrakten Themen mehr, sondern konkrete Ausl\u00f6ser von Angst. Fast drei Viertel der jungen Menschen in Deutschland nennen die steigenden Lebenshaltungskosten als gr\u00f6\u00dfte Ursache f\u00fcr ihren Stress. \u00dcber die H\u00e4lfte verzweifelt an unbezahlbarem Wohnraum. Und dann sind da noch die Kriege in Europa und im Nahen Osten.  <br><br>Die Studie <a href=\"https:\/\/www.tagesschau.de\/inland\/gesellschaft\/studie-jugend-100.html\">Jugend in Deutschland<\/a> zeigt: Junge Menschen stehen unter Druck. Drei Jahre nach der Corona-Pandemie sprechen 51\u202f% von Dauerstress, 36\u202f% von Ersch\u00f6pfung. Selbstzweifel, Antriebslosigkeit, Gereiztheit \u2013 all das geh\u00f6rt f\u00fcr viele zum Alltag. 8\u202f% der Befragten berichten von Suizidgedanken. Was macht das mit einer Generation und wie f\u00e4ngt man sich, bevor man sich selbst verliert?<\/p>\n\n\n    <figure class=\"block-photo post__image--wide-left has-spacing--m with-title\">\n\n        <div class=\"post__image__container\">\n            <img loading=\"lazy\" decoding=\"async\" \n                src=\"https:\/\/visualjournalism.de\/wp-content\/uploads\/Yael-Wagner00005-1050x700.jpg\"\n                srcset=\"https:\/\/visualjournalism.de\/wp-content\/uploads\/Yael-Wagner00005-1050x700.jpg 1050w, https:\/\/visualjournalism.de\/wp-content\/uploads\/Yael-Wagner00005-300x200.jpg 300w, https:\/\/visualjournalism.de\/wp-content\/uploads\/Yael-Wagner00005-1024x683.jpg 1024w, https:\/\/visualjournalism.de\/wp-content\/uploads\/Yael-Wagner00005-768x512.jpg 768w, https:\/\/visualjournalism.de\/wp-content\/uploads\/Yael-Wagner00005-1536x1024.jpg 1536w, https:\/\/visualjournalism.de\/wp-content\/uploads\/Yael-Wagner00005-2048x1365.jpg 2048w, https:\/\/visualjournalism.de\/wp-content\/uploads\/Yael-Wagner00005-1920x1280.jpg 1920w, https:\/\/visualjournalism.de\/wp-content\/uploads\/Yael-Wagner00005-1400x933.jpg 1400w, https:\/\/visualjournalism.de\/wp-content\/uploads\/Yael-Wagner00005-670x447.jpg 670w, https:\/\/visualjournalism.de\/wp-content\/uploads\/Yael-Wagner00005-420x280.jpg 420w, https:\/\/visualjournalism.de\/wp-content\/uploads\/Yael-Wagner00005-350x233.jpg 350w, https:\/\/visualjournalism.de\/wp-content\/uploads\/Yael-Wagner00005-150x100.jpg 150w\"\n                width=\"1050\" \n                height=\"700\"\n                alt=\"Ein junger Mann h\u00e4lt eine Schallplatte in der Hand. Er steht in einem Raum vor einem Fenster neben einem kleinen Tisch, auf dem ein Plattenspieler steht. Hinter dem Tisch steht eine Lampe. Am Fensterrand steht eine gr\u00fcne Pflanze. Der junge Mann tr\u00e4gt einen gr\u00fcnen Wollpullover und eine beige Hose.\" \n            \/>\n            \n                            <span class=\"post__image__title\">Jarl h\u00f6rt Platten<\/span>\n                    <\/div><!-- post__image__container -->\n\n        \n    <\/figure><!-- post__image -->\n\n\n\n\n<p class=\"post__paragraph has-spacing--m\"><strong>In einem Leben<\/strong> zwischen Reiz\u00fcberflutung und Zukunftsangst suchen viele nach Freir\u00e4umen, um sich zu sammeln: Spazierg\u00e4nge im Wald, Sport, k\u00f6rperliche N\u00e4he. Selbstf\u00fcrsorge wird zur \u00dcberlebensstrategie. Doch nicht jede*r hat die Mittel dazu. Wer in Armut lebt, in Konfliktregionen aufw\u00e4chst oder keine psychische Unterst\u00fctzung erh\u00e4lt, steht oft allein vor den Folgen des Dauerstresses. Wem es an Erholungsm\u00f6glichkeiten fehlt, auf den wirken sich k\u00f6rperliche und psychische Belastungen auch negativer aus. Stressbew\u00e4ltigung und Resilienz sind eine Frage sozialer Gerechtigkeit.<\/p>\n\n\n    <figure class=\"block-photo post__image--wide-right has-spacing--m with-title\">\n\n        <div class=\"post__image__container\">\n            <img loading=\"lazy\" decoding=\"async\" \n                src=\"https:\/\/visualjournalism.de\/wp-content\/uploads\/Yael-Wagner00007-1050x700.jpg\"\n                srcset=\"https:\/\/visualjournalism.de\/wp-content\/uploads\/Yael-Wagner00007-1050x700.jpg 1050w, https:\/\/visualjournalism.de\/wp-content\/uploads\/Yael-Wagner00007-300x200.jpg 300w, https:\/\/visualjournalism.de\/wp-content\/uploads\/Yael-Wagner00007-1024x683.jpg 1024w, https:\/\/visualjournalism.de\/wp-content\/uploads\/Yael-Wagner00007-768x512.jpg 768w, https:\/\/visualjournalism.de\/wp-content\/uploads\/Yael-Wagner00007-1536x1024.jpg 1536w, https:\/\/visualjournalism.de\/wp-content\/uploads\/Yael-Wagner00007-2048x1365.jpg 2048w, https:\/\/visualjournalism.de\/wp-content\/uploads\/Yael-Wagner00007-1920x1280.jpg 1920w, https:\/\/visualjournalism.de\/wp-content\/uploads\/Yael-Wagner00007-1400x933.jpg 1400w, https:\/\/visualjournalism.de\/wp-content\/uploads\/Yael-Wagner00007-670x447.jpg 670w, https:\/\/visualjournalism.de\/wp-content\/uploads\/Yael-Wagner00007-420x280.jpg 420w, https:\/\/visualjournalism.de\/wp-content\/uploads\/Yael-Wagner00007-350x233.jpg 350w, https:\/\/visualjournalism.de\/wp-content\/uploads\/Yael-Wagner00007-150x100.jpg 150w\"\n                width=\"1050\" \n                height=\"700\"\n                alt=\"Eine junge Frau steht vor einem Spiegel und schneidet sich die Haare. Sie befindet sich in einem Zimmer. An der Wand h\u00e4ngen eine Reihe von Fotos, neben dem M\u00e4dchen Kleider, eine Pflanze und eine Landkarte.\" \n            \/>\n            \n                            <span class=\"post__image__title\">Theresa schneidet ihre Haare<\/span>\n                    <\/div><!-- post__image__container -->\n\n        \n    <\/figure><!-- post__image -->\n\n\n\n    <figure class=\"block-photo post__image--wide-left has-spacing--m with-title\">\n\n        <div class=\"post__image__container\">\n            <img loading=\"lazy\" decoding=\"async\" \n                src=\"https:\/\/visualjournalism.de\/wp-content\/uploads\/Yael-Wagner00009-1050x700.jpg\"\n                srcset=\"https:\/\/visualjournalism.de\/wp-content\/uploads\/Yael-Wagner00009-1050x700.jpg 1050w, https:\/\/visualjournalism.de\/wp-content\/uploads\/Yael-Wagner00009-300x200.jpg 300w, https:\/\/visualjournalism.de\/wp-content\/uploads\/Yael-Wagner00009-1024x683.jpg 1024w, https:\/\/visualjournalism.de\/wp-content\/uploads\/Yael-Wagner00009-768x512.jpg 768w, https:\/\/visualjournalism.de\/wp-content\/uploads\/Yael-Wagner00009-1536x1024.jpg 1536w, https:\/\/visualjournalism.de\/wp-content\/uploads\/Yael-Wagner00009-2048x1365.jpg 2048w, https:\/\/visualjournalism.de\/wp-content\/uploads\/Yael-Wagner00009-1920x1280.jpg 1920w, https:\/\/visualjournalism.de\/wp-content\/uploads\/Yael-Wagner00009-1400x933.jpg 1400w, https:\/\/visualjournalism.de\/wp-content\/uploads\/Yael-Wagner00009-670x447.jpg 670w, https:\/\/visualjournalism.de\/wp-content\/uploads\/Yael-Wagner00009-420x280.jpg 420w, https:\/\/visualjournalism.de\/wp-content\/uploads\/Yael-Wagner00009-350x233.jpg 350w, https:\/\/visualjournalism.de\/wp-content\/uploads\/Yael-Wagner00009-150x100.jpg 150w\"\n                width=\"1050\" \n                height=\"700\"\n                alt=\"Eine junge Frau liegt auf dem Bett und liest in einem Buch. Sie ist in eine Decke geh\u00fcllt. Sie tr\u00e4gt einen weinroten Pullover.\nAuf dem Bett liegen Kissen.\" \n            \/>\n            \n                            <span class=\"post__image__title\">Arlette liest<\/span>\n                    <\/div><!-- post__image__container -->\n\n        \n    <\/figure><!-- post__image -->\n\n\n\n\n<p class=\"post__paragraph has-spacing--default\"><strong>Egal welche Lebensrealit\u00e4t,<\/strong> es zeigt sich: Die Suche nach Balance, nach einem sicheren inneren Ort, ist \u00fcberall sp\u00fcrbar. Es sind diese stillen, oft unsichtbaren Strategien, die jungen Menschen helfen, weiterzumachen. Jede Altersgruppe hat etwas, das sie beeinflusst. Heute steht die wirtschaftliche Inflation an erster Stelle, aber was kommt in ein paar Jahren? Wird der Klimawandel zum Stressfaktor Nummer eins? Oder werden Ma\u00dfnahmen zu seiner Eind\u00e4mmung ergriffen? Viele junge Menschen in Deutschland besorgt auch der Anstieg der Fl\u00fcchtlingszahlen? Immer mehr wenden sich der extremen Rechten zu. Die Folgen sind so be\u00e4ngstigend wie ungewiss.<\/p>\n\n\n\n<p class=\"post__paragraph has-spacing--m\">Und vielleicht beginnt genau hier eine neue Art des Widerstands \u2013 gegen das Gef\u00fchl, funktionieren zu m\u00fcssen, gegen die eigene Ersch\u00f6pfung. Eine Bewegung hin zu mehr Achtsamkeit \u2013 und zu einem anderen Umgang mit einer Welt, die selten inneh\u00e4lt.<\/p>\n\n\n\n<div class=\"photo-block--slider splide has-spacing--m\" data-splide='{\"arrows\":true, \"autoplay\":true}'>\n    <div class=\"splide__track\">\n        <div class=\"splide__list\">\n\n                \n\n                    <figure class=\"block-photo post__image--full with-title splide__slide\">\n\n                        <div class=\"post__image__container\">\n                            <img loading=\"lazy\" decoding=\"async\"\n                                class=\"slide__image\"\n                                src=\"https:\/\/visualjournalism.de\/wp-content\/uploads\/Yael-Wagner00008-1400x933.jpg\" \n                                srcset=\"https:\/\/visualjournalism.de\/wp-content\/uploads\/Yael-Wagner00008-1400x933.jpg 1400w, https:\/\/visualjournalism.de\/wp-content\/uploads\/Yael-Wagner00008-300x200.jpg 300w, https:\/\/visualjournalism.de\/wp-content\/uploads\/Yael-Wagner00008-1024x683.jpg 1024w, https:\/\/visualjournalism.de\/wp-content\/uploads\/Yael-Wagner00008-768x512.jpg 768w, https:\/\/visualjournalism.de\/wp-content\/uploads\/Yael-Wagner00008-1536x1024.jpg 1536w, https:\/\/visualjournalism.de\/wp-content\/uploads\/Yael-Wagner00008-2048x1365.jpg 2048w, https:\/\/visualjournalism.de\/wp-content\/uploads\/Yael-Wagner00008-1920x1280.jpg 1920w, https:\/\/visualjournalism.de\/wp-content\/uploads\/Yael-Wagner00008-1050x700.jpg 1050w, https:\/\/visualjournalism.de\/wp-content\/uploads\/Yael-Wagner00008-670x447.jpg 670w, https:\/\/visualjournalism.de\/wp-content\/uploads\/Yael-Wagner00008-420x280.jpg 420w, https:\/\/visualjournalism.de\/wp-content\/uploads\/Yael-Wagner00008-350x233.jpg 350w, https:\/\/visualjournalism.de\/wp-content\/uploads\/Yael-Wagner00008-150x100.jpg 150w\" \n                                width=\"1400\"  \n                                height=\"933\" \n                                alt=\"\"  \n                            \/>\n\n                                                            <span class=\"post__image__title\">Hannah malt<\/span>\n                            \n                        <\/div><!-- post__image__container -->\n\n                        \n                    <\/figure>\n                \n                        \n\n                    <figure class=\"block-photo post__image--full with-title splide__slide\">\n\n                        <div class=\"post__image__container\">\n                            <img loading=\"lazy\" decoding=\"async\"\n                                class=\"slide__image\"\n                                src=\"https:\/\/visualjournalism.de\/wp-content\/uploads\/Yael-Wagner00012-1400x933.jpg\" \n                                srcset=\"https:\/\/visualjournalism.de\/wp-content\/uploads\/Yael-Wagner00012-1400x933.jpg 1400w, https:\/\/visualjournalism.de\/wp-content\/uploads\/Yael-Wagner00012-300x200.jpg 300w, https:\/\/visualjournalism.de\/wp-content\/uploads\/Yael-Wagner00012-1024x683.jpg 1024w, https:\/\/visualjournalism.de\/wp-content\/uploads\/Yael-Wagner00012-768x512.jpg 768w, https:\/\/visualjournalism.de\/wp-content\/uploads\/Yael-Wagner00012-1536x1024.jpg 1536w, https:\/\/visualjournalism.de\/wp-content\/uploads\/Yael-Wagner00012-2048x1365.jpg 2048w, https:\/\/visualjournalism.de\/wp-content\/uploads\/Yael-Wagner00012-1920x1280.jpg 1920w, https:\/\/visualjournalism.de\/wp-content\/uploads\/Yael-Wagner00012-1050x700.jpg 1050w, https:\/\/visualjournalism.de\/wp-content\/uploads\/Yael-Wagner00012-670x447.jpg 670w, https:\/\/visualjournalism.de\/wp-content\/uploads\/Yael-Wagner00012-420x280.jpg 420w, https:\/\/visualjournalism.de\/wp-content\/uploads\/Yael-Wagner00012-350x233.jpg 350w, https:\/\/visualjournalism.de\/wp-content\/uploads\/Yael-Wagner00012-150x100.jpg 150w\" \n                                width=\"1400\"  \n                                height=\"933\" \n                                alt=\"Ein junger Mann auf einem Skateboard am Abend. Licht bei Sonnenuntergang. Viele Graffiti in der Skateboarding Area.\"  \n                            \/>\n\n                                                            <span class=\"post__image__title\">Yannick skatet<\/span>\n                            \n                        <\/div><!-- post__image__container -->\n\n                        \n                    <\/figure>\n                \n                        \n\n                    <figure class=\"block-photo post__image--full with-title splide__slide\">\n\n                        <div class=\"post__image__container\">\n                            <img loading=\"lazy\" decoding=\"async\"\n                                class=\"slide__image\"\n                                src=\"https:\/\/visualjournalism.de\/wp-content\/uploads\/Yael-Wagner00004-1400x933.jpg\" \n                                srcset=\"https:\/\/visualjournalism.de\/wp-content\/uploads\/Yael-Wagner00004-1400x933.jpg 1400w, https:\/\/visualjournalism.de\/wp-content\/uploads\/Yael-Wagner00004-300x200.jpg 300w, https:\/\/visualjournalism.de\/wp-content\/uploads\/Yael-Wagner00004-1024x683.jpg 1024w, https:\/\/visualjournalism.de\/wp-content\/uploads\/Yael-Wagner00004-768x512.jpg 768w, https:\/\/visualjournalism.de\/wp-content\/uploads\/Yael-Wagner00004-1536x1024.jpg 1536w, https:\/\/visualjournalism.de\/wp-content\/uploads\/Yael-Wagner00004-2048x1365.jpg 2048w, https:\/\/visualjournalism.de\/wp-content\/uploads\/Yael-Wagner00004-1920x1280.jpg 1920w, https:\/\/visualjournalism.de\/wp-content\/uploads\/Yael-Wagner00004-1050x700.jpg 1050w, https:\/\/visualjournalism.de\/wp-content\/uploads\/Yael-Wagner00004-670x447.jpg 670w, https:\/\/visualjournalism.de\/wp-content\/uploads\/Yael-Wagner00004-420x280.jpg 420w, https:\/\/visualjournalism.de\/wp-content\/uploads\/Yael-Wagner00004-350x233.jpg 350w, https:\/\/visualjournalism.de\/wp-content\/uploads\/Yael-Wagner00004-150x100.jpg 150w\" \n                                width=\"1400\"  \n                                height=\"933\" \n                                alt=\"\"  \n                            \/>\n\n                                                            <span class=\"post__image__title\">Rammona geht Gassi mit ihren Hunden<\/span>\n                            \n                        <\/div><!-- post__image__container -->\n\n                        \n                    <\/figure>\n                \n                        \n\n                    <figure class=\"block-photo post__image--full with-title splide__slide\">\n\n                        <div class=\"post__image__container\">\n                            <img loading=\"lazy\" decoding=\"async\"\n                                class=\"slide__image\"\n                                src=\"https:\/\/visualjournalism.de\/wp-content\/uploads\/Yael-Wagner00003-1400x933.jpg\" \n                                srcset=\"https:\/\/visualjournalism.de\/wp-content\/uploads\/Yael-Wagner00003-1400x933.jpg 1400w, https:\/\/visualjournalism.de\/wp-content\/uploads\/Yael-Wagner00003-300x200.jpg 300w, https:\/\/visualjournalism.de\/wp-content\/uploads\/Yael-Wagner00003-1024x683.jpg 1024w, https:\/\/visualjournalism.de\/wp-content\/uploads\/Yael-Wagner00003-768x512.jpg 768w, https:\/\/visualjournalism.de\/wp-content\/uploads\/Yael-Wagner00003-1536x1024.jpg 1536w, https:\/\/visualjournalism.de\/wp-content\/uploads\/Yael-Wagner00003-2048x1365.jpg 2048w, https:\/\/visualjournalism.de\/wp-content\/uploads\/Yael-Wagner00003-1920x1280.jpg 1920w, https:\/\/visualjournalism.de\/wp-content\/uploads\/Yael-Wagner00003-1050x700.jpg 1050w, https:\/\/visualjournalism.de\/wp-content\/uploads\/Yael-Wagner00003-670x447.jpg 670w, https:\/\/visualjournalism.de\/wp-content\/uploads\/Yael-Wagner00003-420x280.jpg 420w, https:\/\/visualjournalism.de\/wp-content\/uploads\/Yael-Wagner00003-350x233.jpg 350w, https:\/\/visualjournalism.de\/wp-content\/uploads\/Yael-Wagner00003-150x100.jpg 150w\" \n                                width=\"1400\"  \n                                height=\"933\" \n                                alt=\"\"  \n                            \/>\n\n                                                            <span class=\"post__image__title\">Noms tagged<\/span>\n                            \n                        <\/div><!-- post__image__container -->\n\n                        \n                    <\/figure>\n                \n                        \n\n                    <figure class=\"block-photo post__image--full with-title splide__slide\">\n\n                        <div class=\"post__image__container\">\n                            <img loading=\"lazy\" decoding=\"async\"\n                                class=\"slide__image\"\n                                src=\"https:\/\/visualjournalism.de\/wp-content\/uploads\/Yael-Wagner00011-1400x933.jpg\" \n                                srcset=\"https:\/\/visualjournalism.de\/wp-content\/uploads\/Yael-Wagner00011-1400x933.jpg 1400w, https:\/\/visualjournalism.de\/wp-content\/uploads\/Yael-Wagner00011-300x200.jpg 300w, https:\/\/visualjournalism.de\/wp-content\/uploads\/Yael-Wagner00011-1024x683.jpg 1024w, https:\/\/visualjournalism.de\/wp-content\/uploads\/Yael-Wagner00011-768x512.jpg 768w, https:\/\/visualjournalism.de\/wp-content\/uploads\/Yael-Wagner00011-1536x1024.jpg 1536w, https:\/\/visualjournalism.de\/wp-content\/uploads\/Yael-Wagner00011-2048x1365.jpg 2048w, https:\/\/visualjournalism.de\/wp-content\/uploads\/Yael-Wagner00011-1920x1280.jpg 1920w, https:\/\/visualjournalism.de\/wp-content\/uploads\/Yael-Wagner00011-1050x700.jpg 1050w, https:\/\/visualjournalism.de\/wp-content\/uploads\/Yael-Wagner00011-670x447.jpg 670w, https:\/\/visualjournalism.de\/wp-content\/uploads\/Yael-Wagner00011-420x280.jpg 420w, https:\/\/visualjournalism.de\/wp-content\/uploads\/Yael-Wagner00011-350x233.jpg 350w, https:\/\/visualjournalism.de\/wp-content\/uploads\/Yael-Wagner00011-150x100.jpg 150w\" \n                                width=\"1400\"  \n                                height=\"933\" \n                                alt=\"\"  \n                            \/>\n\n                                                            <span class=\"post__image__title\">Mathilda isst<\/span>\n                            \n                        <\/div><!-- post__image__container -->\n\n                        \n                    <\/figure>\n                \n                        \n\n                    <figure class=\"block-photo post__image--full with-title splide__slide\">\n\n                        <div class=\"post__image__container\">\n                            <img loading=\"lazy\" decoding=\"async\"\n                                class=\"slide__image\"\n                                src=\"https:\/\/visualjournalism.de\/wp-content\/uploads\/Yael-Wagner00010-1400x933.jpg\" \n                                srcset=\"https:\/\/visualjournalism.de\/wp-content\/uploads\/Yael-Wagner00010-1400x933.jpg 1400w, https:\/\/visualjournalism.de\/wp-content\/uploads\/Yael-Wagner00010-300x200.jpg 300w, https:\/\/visualjournalism.de\/wp-content\/uploads\/Yael-Wagner00010-1024x683.jpg 1024w, https:\/\/visualjournalism.de\/wp-content\/uploads\/Yael-Wagner00010-768x512.jpg 768w, https:\/\/visualjournalism.de\/wp-content\/uploads\/Yael-Wagner00010-1536x1024.jpg 1536w, https:\/\/visualjournalism.de\/wp-content\/uploads\/Yael-Wagner00010-2048x1365.jpg 2048w, https:\/\/visualjournalism.de\/wp-content\/uploads\/Yael-Wagner00010-1920x1280.jpg 1920w, https:\/\/visualjournalism.de\/wp-content\/uploads\/Yael-Wagner00010-1050x700.jpg 1050w, https:\/\/visualjournalism.de\/wp-content\/uploads\/Yael-Wagner00010-670x447.jpg 670w, https:\/\/visualjournalism.de\/wp-content\/uploads\/Yael-Wagner00010-420x280.jpg 420w, https:\/\/visualjournalism.de\/wp-content\/uploads\/Yael-Wagner00010-350x233.jpg 350w, https:\/\/visualjournalism.de\/wp-content\/uploads\/Yael-Wagner00010-150x100.jpg 150w\" \n                                width=\"1400\"  \n                                height=\"933\" \n                                alt=\"\"  \n                            \/>\n\n                                                            <span class=\"post__image__title\">Emma raucht<\/span>\n                            \n                        <\/div><!-- post__image__container -->\n\n                        \n                    <\/figure>\n                \n                       \n\n        <\/div>\n    <\/div>\n    \n    \n        <div class=\"slider__navigation\">\n            <div class=\"slide__count\"><\/div>\n        <\/div><!-- .slider__navigation -->\n\n        <div class=\"splide__arrows gallery-slider__arrows\">\n\n            <button class=\"splide__arrow splide__arrow--prev gallery-slider__arrow\">\n                <svg xmlns=\"http:\/\/www.w3.org\/2000\/svg\" width=\"7\" height=\"11\" viewBox=\"0 0 7 11\" fill=\"none\">\n                <rect width=\"7.3498\" height=\"1.15101\" transform=\"matrix(-0.716725 -0.697356 -0.716725 0.697356 6.60693 10.1616)\"\/>\n                <rect width=\"7.70647\" height=\"1.15101\" transform=\"matrix(-0.716725 0.697356 0.716725 0.697356 6.02393 0.513184)\"\/>\n                <\/svg>\n            <\/button>\n\n            <button class=\"splide__arrow splide__arrow--next gallery-slider__arrow\">\n                <svg xmlns=\"http:\/\/www.w3.org\/2000\/svg\" width=\"7\" height=\"12\" viewBox=\"0 0 7 12\" fill=\"none\">\n                <rect width=\"7.34981\" height=\"1.15101\" transform=\"matrix(0.697355 -0.716726 0.697355 0.716726 0.80957 10.4229)\"\/>\n                <rect width=\"7.70648\" height=\"1.15101\" transform=\"matrix(0.697355 0.716726 -0.697355 0.716726 1.37695 0.506348)\"\/>\n                <\/svg>\n            <\/button>\n\n        <\/div><!-- .splide__arrows -->\n\n    \n<\/div><!-- .splide -->\n\n\n\n\n\n<div class=\"wp-block-group has-spacing--default has-spacing--default\">\n<div class=\"devider has-spacing--none\">\n    <hr>\n<\/div>\n\n\n \n\n    <div id=\"lead-in-block_8cb392deb27f99ae36e55d6cb1b6229b\" class=\"block-lead-in typo--default font-size--xl has-spacing--s width--default\">\n        <p><strong>Empfehlungen der Redaktion:<\/strong><\/p>\n    <\/div>\n\n\n\n\r\n\r\n\r\n\n\n\r\n\r\n\r\n\r\n        <div class=\"teaser-grid grid-layout--3col has-spacing--s width--inline\">\r\n\r\n            \r\n                <article class=\"post-teaser\">\r\n\r\n                    <a href=\"https:\/\/visualjournalism.de\/en\/magazine\/sammeln\/bibliothek-der-geretteten-buecher\/\" rel=\"permalink\">\r\n\r\n                        <div class=\"post-teaser__content\">\r\n\r\n                            <span class=\"entry-categories\">Sammeln<\/span>\r\n                            <h3 class=\"post-teaser__headline\">\r\n                                Bibliothek der geretteten B\u00fccher                            <\/h3>\r\n\r\n                            <div class=\"post-teaser__excerpt\">\r\n                                <p>Wie ein Pfarrer aus Niedersachsen Tausende DDR-B\u00fccher vor der Vernichtung rettete \u2013 und warum eines davon eine entscheidende technische Spur f\u00fcr die Forschung im All lieferte.<\/p>\r\n                            <\/div>\r\n\r\n                        <\/div><!-- .post-teaser__content -->\r\n\r\n\r\n                        \r\n                            <figure class=\"post-teaser__image\">\r\n                                <img loading=\"lazy\" decoding=\"async\"  \r\n                                    src=\"https:\/\/visualjournalism.de\/wp-content\/uploads\/MuellerVahl_Thomas_Sammeln-04-768x511.jpg\" \r\n                                    srcset=\"https:\/\/visualjournalism.de\/wp-content\/uploads\/MuellerVahl_Thomas_Sammeln-04-768x511.jpg 768w, https:\/\/visualjournalism.de\/wp-content\/uploads\/MuellerVahl_Thomas_Sammeln-04-300x200.jpg 300w, https:\/\/visualjournalism.de\/wp-content\/uploads\/MuellerVahl_Thomas_Sammeln-04-1024x681.jpg 1024w, https:\/\/visualjournalism.de\/wp-content\/uploads\/MuellerVahl_Thomas_Sammeln-04-1536x1022.jpg 1536w, https:\/\/visualjournalism.de\/wp-content\/uploads\/MuellerVahl_Thomas_Sammeln-04-2048x1363.jpg 2048w, https:\/\/visualjournalism.de\/wp-content\/uploads\/MuellerVahl_Thomas_Sammeln-04-1920x1277.jpg 1920w, https:\/\/visualjournalism.de\/wp-content\/uploads\/MuellerVahl_Thomas_Sammeln-04-1400x931.jpg 1400w, https:\/\/visualjournalism.de\/wp-content\/uploads\/MuellerVahl_Thomas_Sammeln-04-1050x699.jpg 1050w, https:\/\/visualjournalism.de\/wp-content\/uploads\/MuellerVahl_Thomas_Sammeln-04-670x446.jpg 670w, https:\/\/visualjournalism.de\/wp-content\/uploads\/MuellerVahl_Thomas_Sammeln-04-420x279.jpg 420w, https:\/\/visualjournalism.de\/wp-content\/uploads\/MuellerVahl_Thomas_Sammeln-04-350x233.jpg 350w, https:\/\/visualjournalism.de\/wp-content\/uploads\/MuellerVahl_Thomas_Sammeln-04-150x100.jpg 150w\" \r\n                                    width=\"768\"  \r\n                                    height=\"511\" \r\n                                    alt=\"\"\r\n                                \/>\r\n                            <\/figure>\r\n\r\n                        \r\n                    \r\n                    <\/a>\r\n\r\n                <\/article><!--- .post-teaser-->\r\n\r\n            \r\n                <article class=\"post-teaser\">\r\n\r\n                    <a href=\"https:\/\/visualjournalism.de\/en\/magazine\/ratgeber\/nicht-jedes-laecheln-bedeutet-zustimmung-wie-respektvolle-reisefotografie-gelingt\/\" rel=\"permalink\">\r\n\r\n                        <div class=\"post-teaser__content\">\r\n\r\n                            <span class=\"entry-categories\">Ratgeber<\/span>\r\n                            <h3 class=\"post-teaser__headline\">\r\n                                Faire Reisefotografie: Nicht jedes L\u00e4cheln bedeutet Zustimmung\u00a0                            <\/h3>\r\n\r\n                            <div class=\"post-teaser__excerpt\">\r\n                                <p>Ein Klick geht schnell, R\u00fccksicht nicht immer \u2013 so fotografierst du auf deinen Reisen respektvoll.<\/p>\r\n                            <\/div>\r\n\r\n                        <\/div><!-- .post-teaser__content -->\r\n\r\n\r\n                        \r\n                            <figure class=\"post-teaser__image\">\r\n                                <img loading=\"lazy\" decoding=\"async\"  \r\n                                    src=\"https:\/\/visualjournalism.de\/wp-content\/uploads\/SalomeZiermann_Scan_Indien_03-768x512.jpg\" \r\n                                    srcset=\"https:\/\/visualjournalism.de\/wp-content\/uploads\/SalomeZiermann_Scan_Indien_03-768x512.jpg 768w, https:\/\/visualjournalism.de\/wp-content\/uploads\/SalomeZiermann_Scan_Indien_03-300x200.jpg 300w, https:\/\/visualjournalism.de\/wp-content\/uploads\/SalomeZiermann_Scan_Indien_03-1024x683.jpg 1024w, https:\/\/visualjournalism.de\/wp-content\/uploads\/SalomeZiermann_Scan_Indien_03-1050x700.jpg 1050w, https:\/\/visualjournalism.de\/wp-content\/uploads\/SalomeZiermann_Scan_Indien_03-670x447.jpg 670w, https:\/\/visualjournalism.de\/wp-content\/uploads\/SalomeZiermann_Scan_Indien_03-420x280.jpg 420w, https:\/\/visualjournalism.de\/wp-content\/uploads\/SalomeZiermann_Scan_Indien_03-350x233.jpg 350w, https:\/\/visualjournalism.de\/wp-content\/uploads\/SalomeZiermann_Scan_Indien_03-150x100.jpg 150w, https:\/\/visualjournalism.de\/wp-content\/uploads\/SalomeZiermann_Scan_Indien_03.jpg 1200w\" \r\n                                    width=\"768\"  \r\n                                    height=\"512\" \r\n                                    alt=\"Zwei Frauen in traditionellen, bunten Saris l\u00e4cheln und gestikulieren in die Kamera. Ein Kind und ein Junge im Hintergrund erg\u00e4nzen die Szene.\"\r\n                                \/>\r\n                            <\/figure>\r\n\r\n                        \r\n                    \r\n                    <\/a>\r\n\r\n                <\/article><!--- .post-teaser-->\r\n\r\n            \r\n                <article class=\"post-teaser\">\r\n\r\n                    <a href=\"https:\/\/visualjournalism.de\/en\/magazine\/ratgeber\/organisieren-in-lightroom-classic\/\" rel=\"permalink\">\r\n\r\n                        <div class=\"post-teaser__content\">\r\n\r\n                            <span class=\"entry-categories\">Ratgeber<\/span>\r\n                            <h3 class=\"post-teaser__headline\">\r\n                                Organisieren in Lightroom Classic leicht gemacht.                            <\/h3>\r\n\r\n                            <div class=\"post-teaser__excerpt\">\r\n                                <p>Dieser Ratgeber zeigt dir einen einfachen Workflow, mit dem du deine Fotos schnell organisierst und gezielt ausw\u00e4hlen kannst!<\/p>\r\n                            <\/div>\r\n\r\n                        <\/div><!-- .post-teaser__content -->\r\n\r\n\r\n                        \r\n                            <figure class=\"post-teaser__image\">\r\n                                <img loading=\"lazy\" decoding=\"async\"  \r\n                                    src=\"https:\/\/visualjournalism.de\/wp-content\/uploads\/Janek_Stempel_Lightroom_2-768x512.jpg\" \r\n                                    srcset=\"https:\/\/visualjournalism.de\/wp-content\/uploads\/Janek_Stempel_Lightroom_2-768x512.jpg 768w, https:\/\/visualjournalism.de\/wp-content\/uploads\/Janek_Stempel_Lightroom_2-300x200.jpg 300w, https:\/\/visualjournalism.de\/wp-content\/uploads\/Janek_Stempel_Lightroom_2-1024x683.jpg 1024w, https:\/\/visualjournalism.de\/wp-content\/uploads\/Janek_Stempel_Lightroom_2-1536x1024.jpg 1536w, https:\/\/visualjournalism.de\/wp-content\/uploads\/Janek_Stempel_Lightroom_2-2048x1365.jpg 2048w, https:\/\/visualjournalism.de\/wp-content\/uploads\/Janek_Stempel_Lightroom_2-1920x1280.jpg 1920w, https:\/\/visualjournalism.de\/wp-content\/uploads\/Janek_Stempel_Lightroom_2-1400x933.jpg 1400w, https:\/\/visualjournalism.de\/wp-content\/uploads\/Janek_Stempel_Lightroom_2-1050x700.jpg 1050w, https:\/\/visualjournalism.de\/wp-content\/uploads\/Janek_Stempel_Lightroom_2-670x447.jpg 670w, https:\/\/visualjournalism.de\/wp-content\/uploads\/Janek_Stempel_Lightroom_2-420x280.jpg 420w, https:\/\/visualjournalism.de\/wp-content\/uploads\/Janek_Stempel_Lightroom_2-350x233.jpg 350w, https:\/\/visualjournalism.de\/wp-content\/uploads\/Janek_Stempel_Lightroom_2-150x100.jpg 150w\" \r\n                                    width=\"768\"  \r\n                                    height=\"512\" \r\n                                    alt=\"\"\r\n                                \/>\r\n                            <\/figure>\r\n\r\n                        \r\n                    \r\n                    <\/a>\r\n\r\n                <\/article><!--- .post-teaser-->\r\n\r\n            \r\n        <\/div><!-- .teaser-grid -->\r\n\r\n\n\n\r\n\r\n\r\n\n\n\n    <div class=\"btn-wrapper has-spacing--m\">\n        <a class=\"btn\" href=\"https:\/\/visualjournalism.de\/magazin\/\" target=\"_blank\">ZUR MAGAZIN-STARTSEITE<\/a>\n    <\/div>\n<\/div>\n","protected":false},"author":111,"featured_media":60134,"template":"","tags":[],"magazinkategorie":[193],"class_list":["post-61971","magazin","type-magazin","status-publish","has-post-thumbnail","hentry","magazinkategorie-sammeln"],"acf":[],"yoast_head":"<!-- This site is optimized with the Yoast SEO Premium plugin v27.3 (Yoast SEO v27.3) - https:\/\/yoast.com\/product\/yoast-seo-premium-wordpress\/ -->\n<title>Atmen, trotz allem. Stress im Alltag! &#8211; Visual Journalism and Documentary Photography<\/title>\n<meta name=\"description\" content=\"Die Welt wird lauter, die Jugend ersch\u00f6pfter \u2013 und Selbstf\u00fcrsorge zum Privileg. Wo junge Menschen heute noch Kraft finden.\" \/>\n<meta name=\"robots\" content=\"index, follow, max-snippet:-1, max-image-preview:large, max-video-preview:-1\" \/>\n<link rel=\"canonical\" href=\"https:\/\/visualjournalism.de\/en\/magazine\/sammeln\/stress-im-alltag-atmen-trotz-allem\/\" \/>\n<meta property=\"og:locale\" content=\"en_US\" \/>\n<meta property=\"og:type\" content=\"article\" \/>\n<meta property=\"og:title\" content=\"Atmen, trotz allem. Stress im Alltag! Jugend unter Druck: Inflation, Krieg, Zukunftsangst\" \/>\n<meta property=\"og:description\" content=\"Inflation, Kriege, Wohnungsnot \u2014 f\u00fcr viele junge Menschen in Deutschland ist das keine Schlagzeile mehr, sondern Realit\u00e4t.\" \/>\n<meta property=\"og:url\" content=\"https:\/\/visualjournalism.de\/en\/magazine\/sammeln\/stress-im-alltag-atmen-trotz-allem\/\" \/>\n<meta property=\"og:site_name\" content=\"Visual Journalism and Documentary Photography\" \/>\n<meta property=\"article:publisher\" content=\"https:\/\/www.facebook.com\/people\/wwwfotostudentende\/100065173703897\/\" \/>\n<meta property=\"article:modified_time\" content=\"2026-03-27T08:24:40+00:00\" \/>\n<meta property=\"og:image\" content=\"https:\/\/visualjournalism.de\/wp-content\/uploads\/Yael-Wagner00002-scaled.jpg\" \/>\n\t<meta property=\"og:image:width\" content=\"2560\" \/>\n\t<meta property=\"og:image:height\" content=\"1707\" \/>\n\t<meta property=\"og:image:type\" content=\"image\/jpeg\" \/>\n<meta name=\"twitter:card\" content=\"summary_large_image\" \/>\n<meta name=\"twitter:title\" content=\"Atmen, trotz allem. Stress im Alltag!\" \/>\n<meta name=\"twitter:site\" content=\"@HsHannover\" \/>\n<meta name=\"twitter:label1\" content=\"Est. reading time\" \/>\n\t<meta name=\"twitter:data1\" content=\"2 minutes\" \/>\n<script type=\"application\/ld+json\" class=\"yoast-schema-graph\">{\"@context\":\"https:\\\/\\\/schema.org\",\"@graph\":[{\"@type\":\"WebPage\",\"@id\":\"https:\\\/\\\/visualjournalism.de\\\/en\\\/magazine\\\/sammeln\\\/stress-im-alltag-atmen-trotz-allem\\\/\",\"url\":\"https:\\\/\\\/visualjournalism.de\\\/en\\\/magazine\\\/sammeln\\\/stress-im-alltag-atmen-trotz-allem\\\/\",\"name\":\"Atmen, trotz allem. Stress im Alltag! &#8211; Visual Journalism and Documentary Photography\",\"isPartOf\":{\"@id\":\"https:\\\/\\\/visualjournalism.de\\\/en\\\/#website\"},\"primaryImageOfPage\":{\"@id\":\"https:\\\/\\\/visualjournalism.de\\\/en\\\/magazine\\\/sammeln\\\/stress-im-alltag-atmen-trotz-allem\\\/#primaryimage\"},\"image\":{\"@id\":\"https:\\\/\\\/visualjournalism.de\\\/en\\\/magazine\\\/sammeln\\\/stress-im-alltag-atmen-trotz-allem\\\/#primaryimage\"},\"thumbnailUrl\":\"https:\\\/\\\/visualjournalism.de\\\/wp-content\\\/uploads\\\/Yael-Wagner00002-scaled.jpg\",\"datePublished\":\"2026-03-25T11:51:40+00:00\",\"dateModified\":\"2026-03-27T08:24:40+00:00\",\"description\":\"Die Welt wird lauter, die Jugend ersch\u00f6pfter \u2013 und Selbstf\u00fcrsorge zum Privileg. Wo junge Menschen heute noch Kraft finden.\",\"breadcrumb\":{\"@id\":\"https:\\\/\\\/visualjournalism.de\\\/en\\\/magazine\\\/sammeln\\\/stress-im-alltag-atmen-trotz-allem\\\/#breadcrumb\"},\"inLanguage\":\"en-US\",\"potentialAction\":[{\"@type\":\"ReadAction\",\"target\":[\"https:\\\/\\\/visualjournalism.de\\\/en\\\/magazine\\\/sammeln\\\/stress-im-alltag-atmen-trotz-allem\\\/\"]}]},{\"@type\":\"ImageObject\",\"inLanguage\":\"en-US\",\"@id\":\"https:\\\/\\\/visualjournalism.de\\\/en\\\/magazine\\\/sammeln\\\/stress-im-alltag-atmen-trotz-allem\\\/#primaryimage\",\"url\":\"https:\\\/\\\/visualjournalism.de\\\/wp-content\\\/uploads\\\/Yael-Wagner00002-scaled.jpg\",\"contentUrl\":\"https:\\\/\\\/visualjournalism.de\\\/wp-content\\\/uploads\\\/Yael-Wagner00002-scaled.jpg\",\"width\":2560,\"height\":1707,\"caption\":\"Levi und Eva brauchen N\u00e4he\"},{\"@type\":\"BreadcrumbList\",\"@id\":\"https:\\\/\\\/visualjournalism.de\\\/en\\\/magazine\\\/sammeln\\\/stress-im-alltag-atmen-trotz-allem\\\/#breadcrumb\",\"itemListElement\":[{\"@type\":\"ListItem\",\"position\":1,\"name\":\"Home\",\"item\":\"https:\\\/\\\/visualjournalism.de\\\/en\\\/\"},{\"@type\":\"ListItem\",\"position\":2,\"name\":\"Magazin\",\"item\":\"https:\\\/\\\/visualjournalism.de\\\/en\\\/magazine\\\/\"},{\"@type\":\"ListItem\",\"position\":3,\"name\":\"Atmen, trotz allem. Stress im Alltag!\"}]},{\"@type\":\"WebSite\",\"@id\":\"https:\\\/\\\/visualjournalism.de\\\/en\\\/#website\",\"url\":\"https:\\\/\\\/visualjournalism.de\\\/en\\\/\",\"name\":\"Visual Journalism and Documentary Photography\",\"description\":\"All about the bilingual bachelor&#039;s program at Hannover University of Applied Sciences and Arts.\",\"publisher\":{\"@id\":\"https:\\\/\\\/visualjournalism.de\\\/en\\\/#organization\"},\"alternateName\":\"visualjournalism.de\",\"potentialAction\":[{\"@type\":\"SearchAction\",\"target\":{\"@type\":\"EntryPoint\",\"urlTemplate\":\"https:\\\/\\\/visualjournalism.de\\\/en\\\/?s={search_term_string}\"},\"query-input\":{\"@type\":\"PropertyValueSpecification\",\"valueRequired\":true,\"valueName\":\"search_term_string\"}}],\"inLanguage\":\"en-US\"},{\"@type\":\"Organization\",\"@id\":\"https:\\\/\\\/visualjournalism.de\\\/en\\\/#organization\",\"name\":\"Hochschule Hannover \u2013 University of Applied Sciences and Arts\",\"alternateName\":\"HsH\",\"url\":\"https:\\\/\\\/visualjournalism.de\\\/en\\\/\",\"logo\":{\"@type\":\"ImageObject\",\"inLanguage\":\"en-US\",\"@id\":\"https:\\\/\\\/visualjournalism.de\\\/en\\\/#\\\/schema\\\/logo\\\/image\\\/\",\"url\":\"https:\\\/\\\/visualjournalism.de\\\/wp-content\\\/uploads\\\/logo-hochschule-hannover.png\",\"contentUrl\":\"https:\\\/\\\/visualjournalism.de\\\/wp-content\\\/uploads\\\/logo-hochschule-hannover.png\",\"width\":363,\"height\":270,\"caption\":\"Hochschule Hannover \u2013 University of Applied Sciences and Arts\"},\"image\":{\"@id\":\"https:\\\/\\\/visualjournalism.de\\\/en\\\/#\\\/schema\\\/logo\\\/image\\\/\"},\"sameAs\":[\"https:\\\/\\\/www.facebook.com\\\/people\\\/wwwfotostudentende\\\/100065173703897\\\/\",\"https:\\\/\\\/x.com\\\/HsHannover\",\"https:\\\/\\\/www.instagram.com\\\/visualjournalism.de\\\/\"]}]}<\/script>\n<!-- \/ Yoast SEO Premium plugin. -->","yoast_head_json":{"title":"Atmen, trotz allem. Stress im Alltag! &#8211; Visual Journalism and Documentary Photography","description":"Die Welt wird lauter, die Jugend ersch\u00f6pfter \u2013 und Selbstf\u00fcrsorge zum Privileg. Wo junge Menschen heute noch Kraft finden.","robots":{"index":"index","follow":"follow","max-snippet":"max-snippet:-1","max-image-preview":"max-image-preview:large","max-video-preview":"max-video-preview:-1"},"canonical":"https:\/\/visualjournalism.de\/en\/magazine\/sammeln\/stress-im-alltag-atmen-trotz-allem\/","og_locale":"en_US","og_type":"article","og_title":"Atmen, trotz allem. Stress im Alltag! Jugend unter Druck: Inflation, Krieg, Zukunftsangst","og_description":"Inflation, Kriege, Wohnungsnot \u2014 f\u00fcr viele junge Menschen in Deutschland ist das keine Schlagzeile mehr, sondern Realit\u00e4t.","og_url":"https:\/\/visualjournalism.de\/en\/magazine\/sammeln\/stress-im-alltag-atmen-trotz-allem\/","og_site_name":"Visual Journalism and Documentary Photography","article_publisher":"https:\/\/www.facebook.com\/people\/wwwfotostudentende\/100065173703897\/","article_modified_time":"2026-03-27T08:24:40+00:00","og_image":[{"width":2560,"height":1707,"url":"https:\/\/visualjournalism.de\/wp-content\/uploads\/Yael-Wagner00002-scaled.jpg","type":"image\/jpeg"}],"twitter_card":"summary_large_image","twitter_title":"Atmen, trotz allem. Stress im Alltag!","twitter_site":"@HsHannover","twitter_misc":{"Est. reading time":"2 minutes"},"schema":{"@context":"https:\/\/schema.org","@graph":[{"@type":"WebPage","@id":"https:\/\/visualjournalism.de\/en\/magazine\/sammeln\/stress-im-alltag-atmen-trotz-allem\/","url":"https:\/\/visualjournalism.de\/en\/magazine\/sammeln\/stress-im-alltag-atmen-trotz-allem\/","name":"Atmen, trotz allem. Stress im Alltag! &#8211; Visual Journalism and Documentary Photography","isPartOf":{"@id":"https:\/\/visualjournalism.de\/en\/#website"},"primaryImageOfPage":{"@id":"https:\/\/visualjournalism.de\/en\/magazine\/sammeln\/stress-im-alltag-atmen-trotz-allem\/#primaryimage"},"image":{"@id":"https:\/\/visualjournalism.de\/en\/magazine\/sammeln\/stress-im-alltag-atmen-trotz-allem\/#primaryimage"},"thumbnailUrl":"https:\/\/visualjournalism.de\/wp-content\/uploads\/Yael-Wagner00002-scaled.jpg","datePublished":"2026-03-25T11:51:40+00:00","dateModified":"2026-03-27T08:24:40+00:00","description":"Die Welt wird lauter, die Jugend ersch\u00f6pfter \u2013 und Selbstf\u00fcrsorge zum Privileg. Wo junge Menschen heute noch Kraft finden.","breadcrumb":{"@id":"https:\/\/visualjournalism.de\/en\/magazine\/sammeln\/stress-im-alltag-atmen-trotz-allem\/#breadcrumb"},"inLanguage":"en-US","potentialAction":[{"@type":"ReadAction","target":["https:\/\/visualjournalism.de\/en\/magazine\/sammeln\/stress-im-alltag-atmen-trotz-allem\/"]}]},{"@type":"ImageObject","inLanguage":"en-US","@id":"https:\/\/visualjournalism.de\/en\/magazine\/sammeln\/stress-im-alltag-atmen-trotz-allem\/#primaryimage","url":"https:\/\/visualjournalism.de\/wp-content\/uploads\/Yael-Wagner00002-scaled.jpg","contentUrl":"https:\/\/visualjournalism.de\/wp-content\/uploads\/Yael-Wagner00002-scaled.jpg","width":2560,"height":1707,"caption":"Levi und Eva brauchen N\u00e4he"},{"@type":"BreadcrumbList","@id":"https:\/\/visualjournalism.de\/en\/magazine\/sammeln\/stress-im-alltag-atmen-trotz-allem\/#breadcrumb","itemListElement":[{"@type":"ListItem","position":1,"name":"Home","item":"https:\/\/visualjournalism.de\/en\/"},{"@type":"ListItem","position":2,"name":"Magazin","item":"https:\/\/visualjournalism.de\/en\/magazine\/"},{"@type":"ListItem","position":3,"name":"Atmen, trotz allem. Stress im Alltag!"}]},{"@type":"WebSite","@id":"https:\/\/visualjournalism.de\/en\/#website","url":"https:\/\/visualjournalism.de\/en\/","name":"Visual Journalism and Documentary Photography","description":"All about the bilingual bachelor&#039;s program at Hannover University of Applied Sciences and Arts.","publisher":{"@id":"https:\/\/visualjournalism.de\/en\/#organization"},"alternateName":"visualjournalism.de","potentialAction":[{"@type":"SearchAction","target":{"@type":"EntryPoint","urlTemplate":"https:\/\/visualjournalism.de\/en\/?s={search_term_string}"},"query-input":{"@type":"PropertyValueSpecification","valueRequired":true,"valueName":"search_term_string"}}],"inLanguage":"en-US"},{"@type":"Organization","@id":"https:\/\/visualjournalism.de\/en\/#organization","name":"Hochschule Hannover \u2013 University of Applied Sciences and Arts","alternateName":"HsH","url":"https:\/\/visualjournalism.de\/en\/","logo":{"@type":"ImageObject","inLanguage":"en-US","@id":"https:\/\/visualjournalism.de\/en\/#\/schema\/logo\/image\/","url":"https:\/\/visualjournalism.de\/wp-content\/uploads\/logo-hochschule-hannover.png","contentUrl":"https:\/\/visualjournalism.de\/wp-content\/uploads\/logo-hochschule-hannover.png","width":363,"height":270,"caption":"Hochschule Hannover \u2013 University of Applied Sciences and Arts"},"image":{"@id":"https:\/\/visualjournalism.de\/en\/#\/schema\/logo\/image\/"},"sameAs":["https:\/\/www.facebook.com\/people\/wwwfotostudentende\/100065173703897\/","https:\/\/x.com\/HsHannover","https:\/\/www.instagram.com\/visualjournalism.de\/"]}]}},"_links":{"self":[{"href":"https:\/\/visualjournalism.de\/en\/wp-json\/wp\/v2\/magazin\/61971","targetHints":{"allow":["GET"]}}],"collection":[{"href":"https:\/\/visualjournalism.de\/en\/wp-json\/wp\/v2\/magazin"}],"about":[{"href":"https:\/\/visualjournalism.de\/en\/wp-json\/wp\/v2\/types\/magazin"}],"author":[{"embeddable":true,"href":"https:\/\/visualjournalism.de\/en\/wp-json\/wp\/v2\/users\/111"}],"version-history":[{"count":13,"href":"https:\/\/visualjournalism.de\/en\/wp-json\/wp\/v2\/magazin\/61971\/revisions"}],"predecessor-version":[{"id":70347,"href":"https:\/\/visualjournalism.de\/en\/wp-json\/wp\/v2\/magazin\/61971\/revisions\/70347"}],"wp:featuredmedia":[{"embeddable":true,"href":"https:\/\/visualjournalism.de\/en\/wp-json\/wp\/v2\/media\/60134"}],"wp:attachment":[{"href":"https:\/\/visualjournalism.de\/en\/wp-json\/wp\/v2\/media?parent=61971"}],"wp:term":[{"taxonomy":"post_tag","embeddable":true,"href":"https:\/\/visualjournalism.de\/en\/wp-json\/wp\/v2\/tags?post=61971"},{"taxonomy":"magazinkategorie","embeddable":true,"href":"https:\/\/visualjournalism.de\/en\/wp-json\/wp\/v2\/magazinkategorie?post=61971"}],"curies":[{"name":"wp","href":"https:\/\/api.w.org\/{rel}","templated":true}]}}