{"id":63700,"date":"2025-09-08T13:16:39","date_gmt":"2025-09-08T13:16:39","guid":{"rendered":"https:\/\/visualjournalism.de\/?post_type=magazin&#038;p=63700"},"modified":"2025-09-29T13:10:47","modified_gmt":"2025-09-29T13:10:47","slug":"reality-tv-leben-unter-kameras","status":"publish","type":"magazin","link":"https:\/\/visualjournalism.de\/en\/magazine\/was-uns-haelt\/reality-tv-leben-unter-kameras\/","title":{"rendered":"Reality TV: Leben unter Kameras"},"content":{"rendered":"\r\n<div class=\"cover--lead-in has-spacing--m\">\r\n\r\n    \r\n    <div class=\"cover--lead-in__content typo--tiempos\">\r\n\r\n        <div class=\"entry-categories\">\n\t<a class=\"post__tag\" href=\"https:\/\/visualjournalism.de\/magazin-kategorie\/was-uns-haelt\/\" rel=\"category tag\">Was uns h\u00e4lt<\/a><\/div>\r\n        <h2 class=\"cover--lead-in__headline \">\r\n            Leben unter Kameras        <\/h2>\r\n\r\n                    <div class=\"cover--lead-in__text\">\r\n                <p>Millionen schalten ein, wenn Fremde lieben, streiten, scheitern. Doch wie echt ist Reality-TV \u2013 und was macht es mit uns?<br \/>\n<strong>Von <a href=\"https:\/\/visualjournalism.de\/en\/isabel-reda\/\" target=\"_blank\" rel=\"noopener\">Isabel Reda<\/a> (Fotos, Interviews) und <a href=\"https:\/\/visualjournalism.de\/en\/fabian-niebauer\/\" target=\"_blank\" rel=\"noopener\">Fabian Niebauer<\/a> (Text)<\/strong><\/p>\n            <\/div>\r\n        \r\n                    <div class=\"cover--lead-in__author\">\r\n                \r\n                    \r\n                            <figure class=\"cover--lead-in__author__image\">\r\n\r\n                                                                    <a href=\"https:\/\/visualjournalism.de\/isabel-reda\/\" target=\"\">\r\n                                \r\n                                <img loading=\"lazy\" decoding=\"async\"\r\n                                    src=\"https:\/\/visualjournalism.de\/wp-content\/uploads\/Isabel-Reda-1-68x68.jpg\"\r\n                                    srcset=\"https:\/\/visualjournalism.de\/wp-content\/uploads\/Isabel-Reda-1-68x68.jpg 68w, https:\/\/visualjournalism.de\/wp-content\/uploads\/Isabel-Reda-1-300x300.jpg 300w, https:\/\/visualjournalism.de\/wp-content\/uploads\/Isabel-Reda-1-1024x1024.jpg 1024w, https:\/\/visualjournalism.de\/wp-content\/uploads\/Isabel-Reda-1-150x150.jpg 150w, https:\/\/visualjournalism.de\/wp-content\/uploads\/Isabel-Reda-1-768x768.jpg 768w, https:\/\/visualjournalism.de\/wp-content\/uploads\/Isabel-Reda-1-1536x1536.jpg 1536w, https:\/\/visualjournalism.de\/wp-content\/uploads\/Isabel-Reda-1-1920x1920.jpg 1920w, https:\/\/visualjournalism.de\/wp-content\/uploads\/Isabel-Reda-1-1400x1400.jpg 1400w, https:\/\/visualjournalism.de\/wp-content\/uploads\/Isabel-Reda-1-1050x1050.jpg 1050w, https:\/\/visualjournalism.de\/wp-content\/uploads\/Isabel-Reda-1-670x670.jpg 670w, https:\/\/visualjournalism.de\/wp-content\/uploads\/Isabel-Reda-1-420x420.jpg 420w, https:\/\/visualjournalism.de\/wp-content\/uploads\/Isabel-Reda-1-350x350.jpg 350w, https:\/\/visualjournalism.de\/wp-content\/uploads\/Isabel-Reda-1-52x52.jpg 52w, https:\/\/visualjournalism.de\/wp-content\/uploads\/Isabel-Reda-1-96x96.jpg 96w, https:\/\/visualjournalism.de\/wp-content\/uploads\/Isabel-Reda-1.jpg 2000w\"\r\n                                    width=\"68\"\r\n                                    height=\"68\"\r\n                                    alt=\"\"\r\n                                \/>\r\n\r\n                                                                    <\/a>\r\n                                \r\n                            <\/figure>\r\n\r\n                                                <figure class=\"cover--lead-in__author__image\">\r\n                                                            <a href=\"https:\/\/visualjournalism.de\/fabian-niebauer\">\r\n                            \r\n                            <img loading=\"lazy\" decoding=\"async\" width=\"68\" height=\"68\" src=\"https:\/\/visualjournalism.de\/wp-content\/uploads\/MitarbeiterPortrait_FabianNiebauer_100x100px-68x68.png\" class=\"attachment-image-portrait--large size-image-portrait--large\" alt=\"\" srcset=\"https:\/\/visualjournalism.de\/wp-content\/uploads\/MitarbeiterPortrait_FabianNiebauer_100x100px-68x68.png 68w, https:\/\/visualjournalism.de\/wp-content\/uploads\/MitarbeiterPortrait_FabianNiebauer_100x100px-52x52.png 52w, https:\/\/visualjournalism.de\/wp-content\/uploads\/MitarbeiterPortrait_FabianNiebauer_100x100px-96x96.png 96w, https:\/\/visualjournalism.de\/wp-content\/uploads\/MitarbeiterPortrait_FabianNiebauer_100x100px.png 100w\" sizes=\"auto, (max-width: 68px) 100vw, 68px\" \/>\r\n                                                            <\/a>\r\n                                                    <\/figure>\r\n                    \r\n                                <\/div><!-- .cover--lead-in__author -->\r\n        \r\n    <\/div><!-- .cover--lead-in__content -->\r\n\r\n    \r\n        <figure class=\"cover--lead-in__image cover--lead-in__media cover--lead-in__media--image\">\r\n            <img loading=\"lazy\" decoding=\"async\"\r\n                src=\"https:\/\/visualjournalism.de\/wp-content\/uploads\/Isabel_Reda_Still-1-cover-b-1920x1292.jpg\"\r\n                srcset=\"https:\/\/visualjournalism.de\/wp-content\/uploads\/Isabel_Reda_Still-1-cover-b-1920x1292.jpg 1920w, https:\/\/visualjournalism.de\/wp-content\/uploads\/Isabel_Reda_Still-1-cover-b-300x202.jpg 300w, https:\/\/visualjournalism.de\/wp-content\/uploads\/Isabel_Reda_Still-1-cover-b-1024x689.jpg 1024w, https:\/\/visualjournalism.de\/wp-content\/uploads\/Isabel_Reda_Still-1-cover-b-768x517.jpg 768w, https:\/\/visualjournalism.de\/wp-content\/uploads\/Isabel_Reda_Still-1-cover-b-1536x1033.jpg 1536w, https:\/\/visualjournalism.de\/wp-content\/uploads\/Isabel_Reda_Still-1-cover-b-2048x1378.jpg 2048w, https:\/\/visualjournalism.de\/wp-content\/uploads\/Isabel_Reda_Still-1-cover-b-1400x942.jpg 1400w, https:\/\/visualjournalism.de\/wp-content\/uploads\/Isabel_Reda_Still-1-cover-b-1050x706.jpg 1050w, https:\/\/visualjournalism.de\/wp-content\/uploads\/Isabel_Reda_Still-1-cover-b-670x451.jpg 670w, https:\/\/visualjournalism.de\/wp-content\/uploads\/Isabel_Reda_Still-1-cover-b-420x283.jpg 420w, https:\/\/visualjournalism.de\/wp-content\/uploads\/Isabel_Reda_Still-1-cover-b-350x235.jpg 350w, https:\/\/visualjournalism.de\/wp-content\/uploads\/Isabel_Reda_Still-1-cover-b-150x101.jpg 150w\"\r\n                width=\"1920\"\r\n                height=\"1292\"\r\n                alt=\"\"\r\n                style=\"object-position: 64.67% 24.75%\"\r\n            \/>\r\n        <\/figure>\r\n\r\n                    <span class=\"cover--lead-in__image-title\">\r\n                Hannover, Dezember 2024. Aufnahme einer Fake-\u00dcberwachungskamera im Studio. Bei\rden allermeisten Reality-Formaten sind u\u0308berall Kameras &#8211; teils auch in den Badezimmern. Es entstehen so t\u00e4glich mehrere Terrabyte an Daten. Foto: Isabel Reda            <\/span>\r\n        \r\n    \r\n<\/div><!-- .cover--lead-in -->\r\n\r\n\n\n\n<p class=\"post__paragraph has-spacing--default\"><strong>Eine Gruppe junger Erwachsener<\/strong> in der WG-K\u00fcche. Es ist Donnerstagabend, drau\u00dfen ein milder Fr\u00fchsommertag. Drinnen werden Salzstangen in Gl\u00e4sern drapiert, die kalten Flaschen aus dem K\u00fchlschrank zusammen mit Eisw\u00fcrfeln zu Getr\u00e4nken gemixt. Es knistert beim Einschenken. Reges Treiben zwischen K\u00fcche und Wohnzimmer. Der Fernseher l\u00e4uft bereits, allerdings ohne Ton. Das Gespr\u00e4chswirrwarr ist Kulisse genug. Die Werbung interessiert niemanden. Das eigentliche Spektakel beginnt erst in wenigen Minuten.<\/p>\n\n\n\n<p class=\"post__paragraph has-spacing--m\">Bis dahin: Smalltalk. Neues aus dem Studium, Pr\u00fcfungen, der neue Nebenjob, der j\u00fcngste Fauxpas des Professors. Die Werbung nimmt noch einmal Fahrt auf, die Gr\u00f6\u00dfen der Konsumwelt wollen zeigen, f\u00fcr was sie ihr PR-Budget aufgewendet haben. Heidi Klum wirbt f\u00fcr die n\u00e4chste Staffel Germany\u2019s Next Topmodel und dann geht es endlich los.<\/p>\n\n\n    <figure class=\"block-photo post__image--wide-left has-spacing--m with-title\">\n\n        <div class=\"post__image__container\">\n            <img loading=\"lazy\" decoding=\"async\" \n                src=\"https:\/\/visualjournalism.de\/wp-content\/uploads\/Isabel_Reda_Reality-9-1050x699.jpg\"\n                srcset=\"https:\/\/visualjournalism.de\/wp-content\/uploads\/Isabel_Reda_Reality-9-1050x699.jpg 1050w, https:\/\/visualjournalism.de\/wp-content\/uploads\/Isabel_Reda_Reality-9-300x200.jpg 300w, https:\/\/visualjournalism.de\/wp-content\/uploads\/Isabel_Reda_Reality-9-1024x681.jpg 1024w, https:\/\/visualjournalism.de\/wp-content\/uploads\/Isabel_Reda_Reality-9-768x511.jpg 768w, https:\/\/visualjournalism.de\/wp-content\/uploads\/Isabel_Reda_Reality-9-1536x1022.jpg 1536w, https:\/\/visualjournalism.de\/wp-content\/uploads\/Isabel_Reda_Reality-9-2048x1363.jpg 2048w, https:\/\/visualjournalism.de\/wp-content\/uploads\/Isabel_Reda_Reality-9-1920x1277.jpg 1920w, https:\/\/visualjournalism.de\/wp-content\/uploads\/Isabel_Reda_Reality-9-1400x931.jpg 1400w, https:\/\/visualjournalism.de\/wp-content\/uploads\/Isabel_Reda_Reality-9-670x446.jpg 670w, https:\/\/visualjournalism.de\/wp-content\/uploads\/Isabel_Reda_Reality-9-420x279.jpg 420w, https:\/\/visualjournalism.de\/wp-content\/uploads\/Isabel_Reda_Reality-9-350x233.jpg 350w, https:\/\/visualjournalism.de\/wp-content\/uploads\/Isabel_Reda_Reality-9-150x100.jpg 150w\"\n                width=\"1050\" \n                height=\"699\"\n                alt=\"\" \n            \/>\n            \n                            <span class=\"post__image__title\">Dresden, November 2024. Eine Gruppe von Freund:innen schaut das Finale der Dating-Show &quot;Die Bachelorette&quot;. F\u00fcr viele junge Menschen ist das gemeinsame Schauen von Reality-TV ein soziales Event. Foto: Isabel Reda<\/span>\n                    <\/div><!-- post__image__container -->\n\n        \n    <\/figure><!-- post__image -->\n\n\n\n\n    <div class=\"headline-block has-spacing--xs\">\n\n        <h2 class=\"post__headline\">Der Boom von Reality-TV<\/h2>\n\n        \n    <\/div>\n\n    \n\n\n\n\n<p class=\"post__paragraph has-spacing--default\">\u00abTemptation Island\u00bb, \u00abEx on the Beach\u00bb, \u00abPrincess Charming\u00bb, \u00abBauer sucht Frau\u00bb, \u00abDer Bachelor\u00bb. Montags am Strand in der Karibik, donnerstags auf einem Bauernhof im Oberallg\u00e4u. So oder so \u00e4hnlich l\u00e4uft es wohl in vielen Gro\u00dfstadt-WGs ab, wenn sich zum kollektiven Trash-TV-Abend getroffen wird. Die Formate reichen von den altbekannten Dating-, Casting- und Gameshows bis hin zu sozialen Experimenten, die \u00f6ffentlich zur Schau gestellt werden. Sender werben mit Spr\u00fcchen wie \u00abDie Heimat der besten Reality-Shows\u00bb. Sie bieten zu den Sendungen Playlists, Podcasts und Magazine an. Ein ganzes Universum an Inhalten, in denen man sich \u00abmit Hintergr\u00fcnden\u00bb und \u00abKlatsch und Tratsch\u00bb versorgen kann. Ein unersch\u00f6pflicher Pool an Intrigen, Spielen und Dramen.<\/p>\n\n\n\n<p class=\"post__paragraph has-spacing--default\">Lange galt Reality-TV als \u00abGuilty Pleasure\u00bb, etwas, das man zwar heimlich macht, aber nicht offen zugeben m\u00f6chte. Doch mittlerweile hat sich der gemeinschaftliche \u00abTrash-TV-Abend\u00bb bei jungen Menschen als ein geselliges Event etabliert. Man trifft sich zum kollektiven Glotzen und kann sich in Echtzeit \u00fcber das Gesehene austauschen. Ein gemeinsames Erleben und eine willkommene Ablenkung von der eigenen Realit\u00e4t.<\/p>\n\n\n\n<p class=\"post__paragraph has-spacing--m\">Gegenseitiger Halt durch Unterhaltung? Eine verst\u00e4ndliche Reaktion im Hinblick auf die aktuelle Weltlage. Den Alltag entfliehen, den Drang nach leichter Unterhaltung befriedigen. F\u00fcrsprecher*innen sehen darin die Chance, das Gesehene mit dem eigenen Leben abzugleichen, die eigenen Werte zu erkennen und zu reflektieren. Gleichzeitig gibt es Kritik an den Formaten. Einige davon sind Grenz\u00fcberschreitungen, Knebelvertr\u00e4ge, ungehemmter Alkoholkonsum, Dem\u00fctigungen, toxisches Verhalten, Manipulation, ausbeuterische Verh\u00e4ltnisse durch mangelnde Bezahlung, wenig Schlaf und fehlende Privatsph\u00e4re.<\/p>\n\n\n\n<div class=\"wp-block-group has-color-2-background-color has-background has-spacing--default\">\n<div class=\"pinned-block has-spacing--none\">\n\t\n\n<div class=\"pinned-block__column--left\">\n    \n    <figure class=\"block-photo post__image--wide-left has-spacing--xs with-title\">\n\n        <div class=\"post__image__container\">\n            <img loading=\"lazy\" decoding=\"async\" \n                src=\"https:\/\/visualjournalism.de\/wp-content\/uploads\/Isabel_Reda_Reality-3-1050x1578.jpg\"\n                srcset=\"https:\/\/visualjournalism.de\/wp-content\/uploads\/Isabel_Reda_Reality-3-1050x1578.jpg 1050w, https:\/\/visualjournalism.de\/wp-content\/uploads\/Isabel_Reda_Reality-3-200x300.jpg 200w, https:\/\/visualjournalism.de\/wp-content\/uploads\/Isabel_Reda_Reality-3-681x1024.jpg 681w, https:\/\/visualjournalism.de\/wp-content\/uploads\/Isabel_Reda_Reality-3-768x1154.jpg 768w, https:\/\/visualjournalism.de\/wp-content\/uploads\/Isabel_Reda_Reality-3-1022x1536.jpg 1022w, https:\/\/visualjournalism.de\/wp-content\/uploads\/Isabel_Reda_Reality-3-1363x2048.jpg 1363w, https:\/\/visualjournalism.de\/wp-content\/uploads\/Isabel_Reda_Reality-3-1920x2886.jpg 1920w, https:\/\/visualjournalism.de\/wp-content\/uploads\/Isabel_Reda_Reality-3-1400x2104.jpg 1400w, https:\/\/visualjournalism.de\/wp-content\/uploads\/Isabel_Reda_Reality-3-670x1007.jpg 670w, https:\/\/visualjournalism.de\/wp-content\/uploads\/Isabel_Reda_Reality-3-420x631.jpg 420w, https:\/\/visualjournalism.de\/wp-content\/uploads\/Isabel_Reda_Reality-3-350x526.jpg 350w, https:\/\/visualjournalism.de\/wp-content\/uploads\/Isabel_Reda_Reality-3-300x451.jpg 300w, https:\/\/visualjournalism.de\/wp-content\/uploads\/Isabel_Reda_Reality-3-150x225.jpg 150w, https:\/\/visualjournalism.de\/wp-content\/uploads\/Isabel_Reda_Reality-3-scaled.jpg 1703w\"\n                width=\"1050\" \n                height=\"1578\"\n                alt=\"Portrait von Franzi. Sie liegt in ihrem Bett, h\u00e4lt ihr Smartphone mit einer hellblauen H\u00fclle vor sich. Der Raum ist sehr hell ausgeleuchtet. Man sieht nur ihren Oberk\u00f6rper, der Rest ist unter ihrer Bettdecke. Sie sieht gespannt auf den Bildschirm. \" \n            \/>\n            \n                            <span class=\"post__image__title\">Hannover, Dezember 2024. Inzeniertes Foto von Franzi w\u00e4hrend sie eine Reality-Show auf ihrem Handy schaut &#8211; so wie sie es oft on ihrem Alltag tut. Sie schaut mittlerweile fast nur noch kommentierte Versionen. Hierbei werden die originalen Shows von bekannten YouTuber:innen ausschnittweise gezeigt und dann kommentiert. Franzi kann sich beim Schauen von Reality-TV gut entspannen. Gleichzeitig setzt sie sich kritisch mit den Inhalten auseinander. Foto: Isabel Reda<\/span>\n                    <\/div><!-- post__image__container -->\n\n        \n    <\/figure><!-- post__image -->\n\n\n\n\n<p class=\"post__paragraph is-style-typo--soehne has-spacing--default\"><strong>Franzi schaut mittlerweile<\/strong> fast nur noch kommentierte Versionen. Dabei werden die originalen Shows von bekannten YouTuber*innen ausschnittweise gezeigt und dann kommentiert. Sie kann sich beim Schauen von Reality-TV gut entspannen. Gleichzeitig setzt sie sich kritisch mit den Inhalten auseinander.<\/p>\n\n\n<\/div>\n\n\n<div class=\"pinned-block__column--right\">\n    \n\n    <div class=\"headline-block has-spacing--xs\">\n\n        <h2 class=\"post__headline\">Die Zuschauerin<\/h2>\n\n        \n    <\/div>\n\n    \n\n\n\n\n<p class=\"post__paragraph has-spacing--default\">Franzi hat interkulturelle Psychologie im Master studiert und schaut gerne Reality-TV. W\u00e4hrend der Corona-Pandemie beginnt sie intensiv damit in einer WG mit sieben Menschen. Das gemeinsame Schauen ist damals ein soziales Event. Heute schaut Franzi meist alleine, oft nebenbei auf dem Handy. Mittlerweile bevorzugt sie die kommentierten Versionen, bei denen YouTuber*innen die interessantesten Szenen einordnen. \u00abDas kann gef\u00e4hrlich sein, denn man sieht nur einen Bruchteil des Geschehens, um eine Person einsch\u00e4tzen zu k\u00f6nnen. Trotzdem bekommst du das Gef\u00fchl, dass du die Leute kennst.\u00bb<\/p>\n\n\n\n<p class=\"post__paragraph has-spacing--s\">Franzi beobachtet, dass Redaktionen Kandidat*innen oft gewisse Rollen zuweisen und sie entsprechend schneiden. Manche sind toxisch, trotzdem werden diese Personen gerade deshalb immer wieder gebucht. Dass Personen aufgrund ihres Verhaltens von Sendern nicht mehr gebucht werden, passiert zu inkonsequent. \u00abDie Sender reagieren nur bei starkem Druck von au\u00dfen. Ansonsten setzen sie auf polarisierende Leute f\u00fcr mehr Klicks und Zuschauer*innen. Das schaukelt sich hoch, die Kandidat*innen merken: Ah das ist meine Rolle und deswegen werde ich gebucht.\u00bb<\/p>\n\n\n\n<div class=\"devider has-spacing--none\">\n    <hr>\n<\/div>\n\n\n \n    \n    <div id=\"quote-block_6384c151649bdfa80ac57af2711d178f\" class=\"block-quote has-spacing--s\">\n        <figure class=\"quote\">\n            <blockquote>\n                <p><strong>Die Leute haben<\/strong> <strong>so rumgeschrien<\/strong>, da h\u00f6rt f\u00fcr mich der Spa\u00df auf.<\/p>\n            <\/blockquote>\n\n            <figcaption>\n\n                            <span><\/span>\n            <\/figcaption>\n            \n        <\/figure>\n    <\/div>\n\n\n\n\n<p class=\"post__paragraph has-spacing--default\"><strong>Reality-TV sei beliebt<\/strong>, weil Menschen gerne \u00fcber andere reden. Franzi erkl\u00e4rt, dass \u00abL\u00e4stern einen sehr schlechten Ruf hat, aber ein nat\u00fcrlicher Drang ist. So sch\u00e4tzen wir ein, welche Mitglieder einer Gesellschaft gut und welche schlecht f\u00fcr uns sind.\u00bb Auch die Kandidat:innen wollen Aufmerksamkeit. Wichtig sei aber, wie \u00fcber die Leute gesprochen werde: Bei Hass und Hetze zieht Franzi eine Grenze. Ein weiterer Grund f\u00fcr sie, warum Menschen gerne Reality-TV schauen, ist eine Art Sensationsgeilheit. Doch bei dem Format \u00abDas Sommerhaus der Stars\u00bb \u00fcberlegte Franzi abzuschalten. \u00abDie Leute haben so rumgeschrien, da h\u00f6rt f\u00fcr mich der Spa\u00df auf. Das ist f\u00fcr mich dann auch nicht mehr unterhaltsam.\u00bb<\/p>\n\n\n\n<p class=\"post__paragraph has-spacing--default\">Franzi findet es kritisch, wenn beispielsweise in Podcasts psychologische Vermutungen \u00fcber die Kandidat:innen angestellt werden. \u00abDas sind reale Menschen. Wenn man ihnen Narzissmus oder eine Pers\u00f6nlichkeitsst\u00f6rung zuschreibt, ist das \u00fcbergriffig.\u00bb<\/p>\n\n\n<\/div>\n<\/div><\/div>\n\n\n\n<div class=\"wp-block-group has-color-25-background-color has-background has-spacing--default\">\n<div class=\"pinned-block has-spacing--none\">\n\t\n\n<div class=\"pinned-block__column--left\">\n    \n    <figure class=\"block-photo post__image--wide-left has-spacing--xs with-title\">\n\n        <div class=\"post__image__container\">\n            <img loading=\"lazy\" decoding=\"async\" \n                src=\"https:\/\/visualjournalism.de\/wp-content\/uploads\/Isabel_Reda_Reality-5-1050x1578.jpg\"\n                srcset=\"https:\/\/visualjournalism.de\/wp-content\/uploads\/Isabel_Reda_Reality-5-1050x1578.jpg 1050w, https:\/\/visualjournalism.de\/wp-content\/uploads\/Isabel_Reda_Reality-5-200x300.jpg 200w, https:\/\/visualjournalism.de\/wp-content\/uploads\/Isabel_Reda_Reality-5-681x1024.jpg 681w, https:\/\/visualjournalism.de\/wp-content\/uploads\/Isabel_Reda_Reality-5-768x1154.jpg 768w, https:\/\/visualjournalism.de\/wp-content\/uploads\/Isabel_Reda_Reality-5-1022x1536.jpg 1022w, https:\/\/visualjournalism.de\/wp-content\/uploads\/Isabel_Reda_Reality-5-1363x2048.jpg 1363w, https:\/\/visualjournalism.de\/wp-content\/uploads\/Isabel_Reda_Reality-5-1920x2886.jpg 1920w, https:\/\/visualjournalism.de\/wp-content\/uploads\/Isabel_Reda_Reality-5-1400x2104.jpg 1400w, https:\/\/visualjournalism.de\/wp-content\/uploads\/Isabel_Reda_Reality-5-670x1007.jpg 670w, https:\/\/visualjournalism.de\/wp-content\/uploads\/Isabel_Reda_Reality-5-420x631.jpg 420w, https:\/\/visualjournalism.de\/wp-content\/uploads\/Isabel_Reda_Reality-5-350x526.jpg 350w, https:\/\/visualjournalism.de\/wp-content\/uploads\/Isabel_Reda_Reality-5-300x451.jpg 300w, https:\/\/visualjournalism.de\/wp-content\/uploads\/Isabel_Reda_Reality-5-150x225.jpg 150w, https:\/\/visualjournalism.de\/wp-content\/uploads\/Isabel_Reda_Reality-5-scaled.jpg 1703w\"\n                width=\"1050\" \n                height=\"1578\"\n                alt=\"Portrait von Luisa Hannke. Sie sitzt im Schneidersitz auf einem Stuhl in einem Zimmer. Hinter ihr ist eine Kommode zu sehen mit einer Pflanze darauf. Licht durch ein Fenster trifft ihr Gesicht von rechts. Sie sitz im \" \n            \/>\n            \n                            <span class=\"post__image__title\">Berlin, November 2024. Inszeniertes Portr\u00e4t von Luisa Hannke. Sie ist Journalistin und arbeitet bei RTL in der Podcastproduktion. 2019 war sie als Redakteurin am Set der Show &quot;Love Island&quot; dabei. Foto: Isabel Reda<\/span>\n                    <\/div><!-- post__image__container -->\n\n        \n    <\/figure><!-- post__image -->\n\n\n\n\n<p class=\"post__paragraph is-style-typo--soehne has-spacing--default\"><strong>Portr\u00e4t von Luisa<\/strong>. Sie ist Journalistin und arbeitet bei einem Medienunternehme in der Podcastproduktion. 2019 war sie als Redakteurin am Set einer Reality Show dabei dabei. <\/p>\n\n\n<\/div>\n\n\n<div class=\"pinned-block__column--right\">\n    \n\n    <div class=\"headline-block has-spacing--xs\">\n\n        <h2 class=\"post__headline\">Die Macherin<\/h2>\n\n        \n    <\/div>\n\n    \n\n\n\n\n<p class=\"post__paragraph has-spacing--s\">Luisa ist Journalistin bei einem Medienunternehmen (auf Wunsch anonymisiert). 2019 war sie als Redakteurin am Set einer Reality Show dabei. Sie liebt Reality-TV. Fr\u00fcher verschwieg sie das, heute spricht sie offen dar\u00fcber. Ihr Lieblingsformat ist \u00abDas Sommerhaus der Stars\u00bb. Wenn es dort allerdings zu hei\u00df her geht, schaltet sie ab: \u00abMan bekommt das Gef\u00fchl, dass Sender Streit provozieren. Je doller, desto besser im Reality-TV.\u00bb<\/p>\n\n\n\n<div class=\"devider has-spacing--none\">\n    <hr>\n<\/div>\n\n\n \n    \n    <div id=\"quote-block_b3b37181ff48a18cda3c687872e78212\" class=\"block-quote has-spacing--s\">\n        <figure class=\"quote\">\n            <blockquote>\n                <p><strong>Je doller,<\/strong> desto besser im Reality-TV.<\/p>\n            <\/blockquote>\n\n            <figcaption>\n\n                            <span><\/span>\n            <\/figcaption>\n            \n        <\/figure>\n    <\/div>\n\n\n\n\n<p class=\"post__paragraph has-spacing--default\">Luisa war am Set und bei den t\u00e4glichen Redaktionssitzungen bei der Dating-Show dabei. Sie kann ganz klar sagen, dass nichts geskriptet ist. Die Redaktion sagt den Teilnehmenden auch nicht, welche Rolle sie zu spielen haben.<\/p>\n\n\n\n<p class=\"post__paragraph has-spacing--default\">Dennoch griff die Redaktion ein. Es gab es beispielsweise eine Person, die viel Sendezeit hatte. Ein St\u00f6rfaktor, da dadurch keine anderen Storylines zustande kamen. Somit wurde sie auf ein Fake-Date geschickt. Es gibt allerdings auch Situationen, in denen es seitens der Produktion unverantwortlich w\u00e4re, nicht einzugreifen. So entwickelte sich bei der Dating-Show ein m\u00e4nnlicher Kandidat toxisch. Die Redaktion hat das Geschehen einige Tage beobachtet und dann entschieden, den Teilnehmer aus der Villa zu nehmen. Doch dem Publikum erkl\u00e4rte man das kaum, kritisiert Luisa.<\/p>\n\n\n\n<p class=\"post__paragraph has-spacing--s\">Laut Luisa ist es real, wie sich Kandidat*innen verhalten und wie sie reagieren. Trotzdem gibt es Rahmenbedingungen, die einen Einfluss auf die Dynamiken in den Sendungen haben. Ein wichtiger Aspekt ist beispielsweise Alkohol. \u00abEs gibt Formate mit begrenztem Alkohol, damit sich die Leute nicht abschie\u00dfen k\u00f6nnen. Bei diesen kommen mehr Gespr\u00e4che zustande und es ist irgendwie auch ernster. Bei Formaten, wo unbegrenzt Alkohol zur Verf\u00fcgung steht, wird es dann entsprechend auch wilder und dramatischer.\u00bb<\/p>\n\n\n\n<div class=\"devider has-spacing--none\">\n    <hr>\n<\/div>\n\n\n \n    \n    <div id=\"quote-block_74ee3599eab299da8c988aac0eaae869\" class=\"block-quote has-spacing--s\">\n        <figure class=\"quote\">\n            <blockquote>\n                <p><strong>Der Schnitt kann<\/strong> provozieren und dramatisieren, aber er kann dir nicht W\u00f6rter in den Mund legen.<\/p>\n            <\/blockquote>\n\n            <figcaption>\n\n                            <span><\/span>\n            <\/figcaption>\n            \n        <\/figure>\n    <\/div>\n\n\n\n\n<p class=\"post__paragraph has-spacing--default\">Der Schnitt hat auch einen gro\u00dfen Einfluss auf die Dynamik der Sendung. Er ist extrem m\u00e4chtig: \u00abDer Schnitt kann provozieren und dramatisieren, aber er kann dir nicht W\u00f6rter in den Mund legen.\u00bb Beispielsweise wird im Schnitt mitunter eine Reaktion gezeigt, die nicht die tats\u00e4chliche urspr\u00fcngliche war.<\/p>\n\n\n\n<p class=\"post__paragraph has-spacing--default\">Luisa sieht kritisch, wenn Kandidat*innen zu sehen sind, die offensichtliche Probleme haben und nicht wissen, was sie tun. \u00abWenn Leute nicht gesund sind, haben sie im Reality-TV nichts zu suchen. Ich finde es wichtig, dass mehr auf die Gesundheit der Menschen geachtet wird, als auf die Quote.\u00bb<\/p>\n\n\n\n<p class=\"post__paragraph has-spacing--default\">Vor Ort gibt es Psycholog*innen, die die Produktion beraten. Sie nehmen an den Redaktionssitzungen teil und haben die Aufgabe zu schauen, ob es den Kandidat*innen gut geht und die Sendung nicht \u00abzu doll\u00bb wird. Jedoch r\u00e4umt Luisa ein, dass Psycholog:innen aufgrund der Abh\u00e4ngigkeit von den Sendern wahrscheinlich nicht immer ganz objektiv sind. Luisa berichtet, dass es schon F\u00e4lle gab, in denen die Sender zu sp\u00e4t gehandelt haben und sich dies rufsch\u00e4digend ausgewirkt hat.<\/p>\n\n\n\n<p class=\"post__paragraph has-spacing--default\">F\u00fcr Luisa ist ein Mehrwert von Reality-TV, dass es ein Spiegel der Gesellschaft sein kann. Sie findet, dass die Sendungen dazu f\u00fchren, dass sich Menschen \u00fcber bestimmte Verhaltensweisen von anderen austauschen und sie gegebenenfalls reflektieren. Au\u00dferdem findet sie positiv, dass queere Formate zu mehr Sichtbarkeit und Offenheit f\u00fcr nicht heteronormative Lebensentw\u00fcrfe f\u00fchren.<\/p>\n\n\n<\/div>\n<\/div><\/div>\n\n\n\n<div class=\"wp-block-group has-color-2-background-color has-background has-spacing--m\">\n<div class=\"pinned-block has-spacing--none\">\n\t\n\n<div class=\"pinned-block__column--left\">\n    \n    <figure class=\"block-photo post__image--wide-left has-spacing--xs with-title\">\n\n        <div class=\"post__image__container\">\n            <img loading=\"lazy\" decoding=\"async\" \n                src=\"https:\/\/visualjournalism.de\/wp-content\/uploads\/Isabel_Reda_Reality-2-1050x1578.jpg\"\n                srcset=\"https:\/\/visualjournalism.de\/wp-content\/uploads\/Isabel_Reda_Reality-2-1050x1578.jpg 1050w, https:\/\/visualjournalism.de\/wp-content\/uploads\/Isabel_Reda_Reality-2-200x300.jpg 200w, https:\/\/visualjournalism.de\/wp-content\/uploads\/Isabel_Reda_Reality-2-681x1024.jpg 681w, https:\/\/visualjournalism.de\/wp-content\/uploads\/Isabel_Reda_Reality-2-768x1154.jpg 768w, https:\/\/visualjournalism.de\/wp-content\/uploads\/Isabel_Reda_Reality-2-1022x1536.jpg 1022w, https:\/\/visualjournalism.de\/wp-content\/uploads\/Isabel_Reda_Reality-2-1363x2048.jpg 1363w, https:\/\/visualjournalism.de\/wp-content\/uploads\/Isabel_Reda_Reality-2-1920x2886.jpg 1920w, https:\/\/visualjournalism.de\/wp-content\/uploads\/Isabel_Reda_Reality-2-1400x2104.jpg 1400w, https:\/\/visualjournalism.de\/wp-content\/uploads\/Isabel_Reda_Reality-2-670x1007.jpg 670w, https:\/\/visualjournalism.de\/wp-content\/uploads\/Isabel_Reda_Reality-2-420x631.jpg 420w, https:\/\/visualjournalism.de\/wp-content\/uploads\/Isabel_Reda_Reality-2-350x526.jpg 350w, https:\/\/visualjournalism.de\/wp-content\/uploads\/Isabel_Reda_Reality-2-300x451.jpg 300w, https:\/\/visualjournalism.de\/wp-content\/uploads\/Isabel_Reda_Reality-2-150x225.jpg 150w, https:\/\/visualjournalism.de\/wp-content\/uploads\/Isabel_Reda_Reality-2-scaled.jpg 1703w\"\n                width=\"1050\" \n                height=\"1578\"\n                alt=\"Portrait von Hang. \" \n            \/>\n            \n                            <span class=\"post__image__title\">Hannover, Januar 2024. Hang hat 2024 an der lesbischen Datingshow &quot;Princess Charming&quot; teilgenommen. Ihre Motivation war es, ihre Geschichte zu erz\u00e4hlen und andere Menschen zu empowern. Foto: Isabel Reda<\/span>\n                    <\/div><!-- post__image__container -->\n\n        \n    <\/figure><!-- post__image -->\n\n\n\n\n<p class=\"post__paragraph is-style-typo--soehne has-spacing--default\"><strong>Hang hat 2024<\/strong> an der lesbischen Datingshow \u00abPrincess Charming\u00bb teilgenommen. Ihre Motivation war es, ihre Geschichte zu erz\u00e4hlen und andere Menschen zu empowern.<\/p>\n\n\n<\/div>\n\n\n<div class=\"pinned-block__column--right\">\n    \n\n    <div class=\"headline-block has-spacing--xs\">\n\n        <h2 class=\"post__headline\">Die Teilnehmerin<\/h2>\n\n        \n    <\/div>\n\n    \n\n\n\n\n<p class=\"post__paragraph has-spacing--s\">Hang nahm 2024 an der 4. Staffel der lesbischen Reality-Show \u00abPrincess Charming\u00bb teil. Sie wollte zeigen, dass man sich trotz christlicher Familie und Migrationshintergrund outen sollte. \u00abIch wollte Leuten Mut machen, sich nicht zu verstecken\u00bb, sagt sie. Ihr Ziel: authentisch sein. Sie war \u00fcberrascht, dass nichts geskriptet war. Gleichzeitig mussten manche Szenen jedoch mehrfach gedreht werden, was sich nicht echt anf\u00fchlte.<\/p>\n\n\n\n<div class=\"devider has-spacing--none\">\n    <hr>\n<\/div>\n\n\n \n    \n    <div id=\"quote-block_4b46cf562c883d96241bff698365ef50\" class=\"block-quote has-spacing--s\">\n        <figure class=\"quote\">\n            <blockquote>\n                <p><strong>Ich habe drei Kilo abgenommen<\/strong>, weil das so ein psychischer Stress war.<\/p>\n            <\/blockquote>\n\n            <figcaption>\n\n                            <span><\/span>\n            <\/figcaption>\n            \n        <\/figure>\n    <\/div>\n\n\n\n\n<p class=\"post__paragraph has-spacing--default\">Hang beschreibt ihre Erfahrung in der Princess-Charming Villa als eine interessante und aufregende Zeit. Niemand durfte die komplett mit Kameras ausgestattete Villa verlassen. \u00abEs ist quasi wie im Gef\u00e4ngnis\u00bb, sagt sie. Trotzdem hat sie sich die meiste Zeit sehr wohlgef\u00fchlt. Anfangs achtete Hang stark auf ihre Worte, doch nach wenigen Stunden verga\u00df sie die Kameras.<\/p>\n\n\n\n<p class=\"post__paragraph has-spacing--default\">F\u00fcr Hang und andere Teilnehmer*innen war es jedoch herausfordernd, dass es aufgrund der fl\u00e4chendeckenden Kameras keinen R\u00fcckzugsort gab. Auch das Mikrofon musste immer getragen werden \u2013 selbst auf der Toilette. Ohne Ablenkung von au\u00dfen wirkte die Zeit extrem intensiv. \u00abEin Tag f\u00fchlt sich an wie eine Woche\u00bb, erz\u00e4hlt sie. Zudem wissen die Teilnehmenden nicht, wie sp\u00e4t es ist. H\u00e4ufig wurden sie nach wenigen Stunden Schlaf von der Produktion mit Musik geweckt.<\/p>\n\n\n\n<p class=\"post__paragraph has-spacing--default\">Hang kritisiert, dass die Produktion vor Drehbeginn alle Teilnehmenden isolierte, allein im Hotel, ohne Handy oder Kontakt. \u00abIch glaube, es wird gemacht, um crazy zu werden.\u00bb Sie glaubt, dass viele Menschen die Teilnahme untersch\u00e4tzen und nicht wissen, wie viel Arbeit dahinter steckt. Die psychische Belastung d\u00fcrfe nicht verharmlost werden. \u00abIch habe drei Kilo abgenommen, weil das so ein psychischer Stress war.\u00bb Geduld und ein dickes Fell seien n\u00f6tig \u2013 auch nach der Show, wenn Hate-Kommentare kommen. Hang selbst kam gut weg und ist froh, mitgemacht zu haben. \u00dcber Social Media unterst\u00fctzt sie nun andere. F\u00fcr die Zukunft w\u00fcnscht sie sich mehr Formate, die Queerness zeigen.<\/p>\n\n\n<\/div>\n<\/div><\/div>\n\n\n\n    <div class=\"headline-block has-spacing--xs\">\n\n        <h2 class=\"post__headline\">Authentizit\u00e4t versus Inszenierung<\/h2>\n\n        \n    <\/div>\n\n    \n\n\n\n\n<p class=\"post__paragraph has-spacing--default\">Bei den meisten Reality-Formaten sind \u00fcberall Kameras, teils auch in den Badezimmern. T\u00e4glich entstehen mehrere Terabyte an Daten. Warum nehmen Menschen an solchen Sendungen teil? F\u00fcr viele ist es ein Sprungbrett f\u00fcr eine Influencer-Karriere oder um als sogenannte C-Promis bekannt zu werden. Anderen ist nicht klar, worauf sie sich einlassen. Oft werden die Auswirkungen auf das Privatleben und die psychischen Belastungen erst im Nachhinein erkannt.<\/p>\n\n\n\n<p class=\"post__paragraph has-spacing--default\">Die Motivation f\u00fcr Sender von Reality-Formaten ist klar: Die Produktionskosten sind im Vergleich zu gro\u00dfen Film- und Serienproduktionen verschwindend gering. Die Einnahmen durch hohe Zuschauerzahlen sind enorm gro\u00df. Die Nachfrage steigt. Sch\u00e4tzungsweise 4,5 Millionen Menschen sahen die erste Staffel von \u00abToo Hot To Handle Germany\u00bb.<\/p>\n\n\n\n<p class=\"post__paragraph has-spacing--m\">F\u00fcr viele bedeutet Reality-TV, Authentizit\u00e4t zu erleben. Das, was sie zu sehen bekommen, soll das wahre Leben mit echten Menschen sein. Doch wieviel Authentizit\u00e4t ist m\u00f6glich, wenn \u00fcberall Kameras und Mikrofone versteckt sind? Der Hawthorne-Effekt beschreibt die Verhaltens\u00e4nderung von Menschen, die wissen, dass sie beobachtet werden. Dies f\u00fchrt zu einer Verf\u00e4lschung der Realit\u00e4t und dem Verlust von Authentizit\u00e4t.<\/p>\n\n\n \n\n<div class=\"photo-grid grid-layout--2col-5 has-spacing--m\">\n\n            \n\n            <div class=\"photo-grid__image\">\n\n                <figure>\n\n                    <img loading=\"lazy\" decoding=\"async\"  \n                        src=\"https:\/\/visualjournalism.de\/wp-content\/uploads\/Isabel_Reda_Still-5-768x960.jpg\" \n                        srcset=\"https:\/\/visualjournalism.de\/wp-content\/uploads\/Isabel_Reda_Still-5-768x960.jpg 768w, https:\/\/visualjournalism.de\/wp-content\/uploads\/Isabel_Reda_Still-5-240x300.jpg 240w, https:\/\/visualjournalism.de\/wp-content\/uploads\/Isabel_Reda_Still-5-819x1024.jpg 819w, https:\/\/visualjournalism.de\/wp-content\/uploads\/Isabel_Reda_Still-5-1229x1536.jpg 1229w, https:\/\/visualjournalism.de\/wp-content\/uploads\/Isabel_Reda_Still-5-1638x2048.jpg 1638w, https:\/\/visualjournalism.de\/wp-content\/uploads\/Isabel_Reda_Still-5-1920x2400.jpg 1920w, https:\/\/visualjournalism.de\/wp-content\/uploads\/Isabel_Reda_Still-5-1400x1750.jpg 1400w, https:\/\/visualjournalism.de\/wp-content\/uploads\/Isabel_Reda_Still-5-1050x1313.jpg 1050w, https:\/\/visualjournalism.de\/wp-content\/uploads\/Isabel_Reda_Still-5-670x838.jpg 670w, https:\/\/visualjournalism.de\/wp-content\/uploads\/Isabel_Reda_Still-5-420x525.jpg 420w, https:\/\/visualjournalism.de\/wp-content\/uploads\/Isabel_Reda_Still-5-350x438.jpg 350w, https:\/\/visualjournalism.de\/wp-content\/uploads\/Isabel_Reda_Still-5-300x375.jpg 300w, https:\/\/visualjournalism.de\/wp-content\/uploads\/Isabel_Reda_Still-5-150x188.jpg 150w, https:\/\/visualjournalism.de\/wp-content\/uploads\/Isabel_Reda_Still-5-scaled.jpg 2048w\" \n                        width=\"768\"  \n                        height=\"960\" \n                        alt=\"\"  \n                    \/>\n\n                                            <span class=\"photo-grid__image__title\">Hannover, Januar 2024. Aufnahme einer S\u00fc\u00dfigkeiten-Uhr im Studio. Die Kandidat:innen in Reality-Shows leben ohne Zeit. Sie du\u0308rfen keine\rHandys, Uhren oder sonstige Gegenst\u00e4nde mitnehmen, die ihnen die Uhrzeit verraten. So verlieren sie jegliches Zeitgefu\u0308hl. Das tr\u00e4gt unter anderem dazu bei, dass viele Teilnehmenden ihre Zeit in der Show als sehr intensiv wahrnehmen. Foto: Isabel Reda<\/span>\n                    \n                    \n                <\/figure>\n\n            <\/div><!-- photo-grid__image -->    \n\n\n            \n\n                    \n                \n\n            <div class=\"photo-grid__image\">\n\n                <figure>\n\n                    <img loading=\"lazy\" decoding=\"async\"  \n                        src=\"https:\/\/visualjournalism.de\/wp-content\/uploads\/Isabel_Reda_Still-3-768x960.jpg\" \n                        srcset=\"https:\/\/visualjournalism.de\/wp-content\/uploads\/Isabel_Reda_Still-3-768x960.jpg 768w, https:\/\/visualjournalism.de\/wp-content\/uploads\/Isabel_Reda_Still-3-240x300.jpg 240w, https:\/\/visualjournalism.de\/wp-content\/uploads\/Isabel_Reda_Still-3-819x1024.jpg 819w, https:\/\/visualjournalism.de\/wp-content\/uploads\/Isabel_Reda_Still-3-1229x1536.jpg 1229w, https:\/\/visualjournalism.de\/wp-content\/uploads\/Isabel_Reda_Still-3-1638x2048.jpg 1638w, https:\/\/visualjournalism.de\/wp-content\/uploads\/Isabel_Reda_Still-3-1920x2400.jpg 1920w, https:\/\/visualjournalism.de\/wp-content\/uploads\/Isabel_Reda_Still-3-1400x1750.jpg 1400w, https:\/\/visualjournalism.de\/wp-content\/uploads\/Isabel_Reda_Still-3-1050x1313.jpg 1050w, https:\/\/visualjournalism.de\/wp-content\/uploads\/Isabel_Reda_Still-3-670x838.jpg 670w, https:\/\/visualjournalism.de\/wp-content\/uploads\/Isabel_Reda_Still-3-420x525.jpg 420w, https:\/\/visualjournalism.de\/wp-content\/uploads\/Isabel_Reda_Still-3-350x438.jpg 350w, https:\/\/visualjournalism.de\/wp-content\/uploads\/Isabel_Reda_Still-3-300x375.jpg 300w, https:\/\/visualjournalism.de\/wp-content\/uploads\/Isabel_Reda_Still-3-150x188.jpg 150w, https:\/\/visualjournalism.de\/wp-content\/uploads\/Isabel_Reda_Still-3-scaled.jpg 2048w\" \n                        width=\"768\"  \n                        height=\"960\" \n                        alt=\"Eine Halskette mit Mikrophon auf einem \"  \n                    \/>\n\n                                            <span class=\"photo-grid__image__title\">Hannover, Januar 2024. Aufnahme einer unechten Mikrofron-Kette im Studio. Die Teilnehmenden in Reality-Shows haben immer ein eigenes Mikrofon, das sie rund um die Uhr am K\u00f6rper tragen mu\u0308ssen. Teilweise du\u0308rfen sie es noch nicht mal ablegen, wenn sie auf die Toilette gehen. Die Massen an zeitgleich gesprochenen Worten werden von einer KI ausgewertet. Foto: Isabel Reda<\/span>\n                    \n                    \n                <\/figure>\n\n            <\/div><!-- photo-grid__image -->    \n\n\n            \n\n            \n<\/div>\n\n\n<p class=\"post__paragraph has-spacing--m\"><strong>Die Teilnehmenden in Reality-Shows<\/strong> m\u00fcssen immer ein eigenes Mikrofon rund um die Uhr am K\u00f6rper tragen. Teilweise d\u00fcrfen sie es nicht ablegen, selbst nicht auf der Toilette. Eine KI wertet die Massen an zeitgleich gesprochenen Worten aus.<br><br>Konflikte in Reality-Shows f\u00fchren bei den Zuschauenden zu einer emotionalen Achterbahnfahrt. Sie erleben, was ihr Star erlebt, f\u00fchlen sich ihm oder ihr ganz nah. In den sozialen Netzwerken wird in Echtzeit \u00fcber das Geschehen ausgetauscht. Dem eigenen Favoriten wird gefolgt. Durch die nahbare Aufmachung beginnen Zuschauer*innen, sich mit den Kandidat*innen zu identifizieren. Nicht selten entstehen parasoziale Beziehungen zwischen ihnen und Teilnehmer*innen. Fans f\u00fchlen sich ihren Stars nah und glauben, sie gut zu kennen, weil sie an ihrem Alltag teilhaben.<\/p>\n\n\n\n    <div class=\"headline-block has-spacing--xs\">\n\n        <h2 class=\"post__headline\">Reality-TV und Realit\u00e4t<\/h2>\n\n        \n    <\/div>\n\n    \n\n\n\n\n<p class=\"post__paragraph has-spacing--default\">Der Begriff \u00abReality TV\u00bb ist mittlerweile ein Sammelbegriff f\u00fcr eine ganze Familie an Genres und Subgenres. Die Unterscheidung zwischen real und fiktional verschwimmt. Klare Trennungen sind nur schwer m\u00f6glich. Die Sender spielen zum Teil damit, lassen offen, was Realit\u00e4t, was Fiktion ist. Es ben\u00f6tigt nicht einmal mehr ein Skript. Bei einigen Shows wird die gew\u00fcnschte Dynamik schon w\u00e4hrend des Auswahlprozesses beeinflusst. So werden Charaktere eingeladen, deren Kombination sp\u00e4ter zu Konflikten in den Sendungen f\u00fchren wird. Konflikte schaffen Drama, und Drama zieht schon seit der Antike das Publikum in seinen Bann. Diese einfache Rechnung gehen die Redaktionen ein.<\/p>\n\n\n\n<div class=\"wp-block-group has-spacing--default has-spacing--default\">\n<div class=\"devider has-spacing--none\">\n    <hr>\n<\/div>\n\n\n \n\n    <div id=\"lead-in-block_cf00e872c0dc3e3413f9d44969cb6c93\" class=\"block-lead-in typo--default font-size--xl has-spacing--s width--default\">\n        <p><strong>Empfehlungen der Redaktion:<\/strong><\/p>\n    <\/div>\n\n\n\n\r\n\r\n\r\n\n\n\r\n\r\n\r\n\r\n        <div class=\"teaser-grid grid-layout--3col has-spacing--s width--inline\">\r\n\r\n            \r\n                <article class=\"post-teaser\">\r\n\r\n                    <a href=\"https:\/\/visualjournalism.de\/en\/magazine\/sammeln\/was-bleibt-atommuell-in-der-asse-ii\/\" rel=\"permalink\">\r\n\r\n                        <div class=\"post-teaser__content\">\r\n\r\n                            <span class=\"entry-categories\">Sammeln<\/span>\r\n                            <h3 class=\"post-teaser__headline\">\r\n                                Was bleibt                            <\/h3>\r\n\r\n                            <div class=\"post-teaser__excerpt\">\r\n                                <p>In der Asse II lagert Atomm\u00fcll \u2013 achtlos versenkt, kaum gesichert. Nun dringt Wasser ein. Die Region wartet seit Jahrzehnten auf Antworten. Und das Land auf ein Endlager.<\/p>\r\n                            <\/div>\r\n\r\n                        <\/div><!-- .post-teaser__content -->\r\n\r\n\r\n                        \r\n                            <figure class=\"post-teaser__image\">\r\n                                <img loading=\"lazy\" decoding=\"async\"  \r\n                                    src=\"https:\/\/visualjournalism.de\/wp-content\/uploads\/2026\/02\/Walter-Lehmann_The-Danger-Within_10-768x318.jpg\" \r\n                                    srcset=\"https:\/\/visualjournalism.de\/wp-content\/uploads\/2026\/02\/Walter-Lehmann_The-Danger-Within_10-768x318.jpg 768w, https:\/\/visualjournalism.de\/wp-content\/uploads\/2026\/02\/Walter-Lehmann_The-Danger-Within_10-300x124.jpg 300w, https:\/\/visualjournalism.de\/wp-content\/uploads\/2026\/02\/Walter-Lehmann_The-Danger-Within_10-1024x424.jpg 1024w, https:\/\/visualjournalism.de\/wp-content\/uploads\/2026\/02\/Walter-Lehmann_The-Danger-Within_10-1536x636.jpg 1536w, https:\/\/visualjournalism.de\/wp-content\/uploads\/2026\/02\/Walter-Lehmann_The-Danger-Within_10-2048x847.jpg 2048w, https:\/\/visualjournalism.de\/wp-content\/uploads\/2026\/02\/Walter-Lehmann_The-Danger-Within_10-1920x794.jpg 1920w, https:\/\/visualjournalism.de\/wp-content\/uploads\/2026\/02\/Walter-Lehmann_The-Danger-Within_10-1400x579.jpg 1400w, https:\/\/visualjournalism.de\/wp-content\/uploads\/2026\/02\/Walter-Lehmann_The-Danger-Within_10-1050x434.jpg 1050w, https:\/\/visualjournalism.de\/wp-content\/uploads\/2026\/02\/Walter-Lehmann_The-Danger-Within_10-670x277.jpg 670w, https:\/\/visualjournalism.de\/wp-content\/uploads\/2026\/02\/Walter-Lehmann_The-Danger-Within_10-420x174.jpg 420w, https:\/\/visualjournalism.de\/wp-content\/uploads\/2026\/02\/Walter-Lehmann_The-Danger-Within_10-350x145.jpg 350w, https:\/\/visualjournalism.de\/wp-content\/uploads\/2026\/02\/Walter-Lehmann_The-Danger-Within_10-150x62.jpg 150w\" \r\n                                    width=\"768\"  \r\n                                    height=\"318\" \r\n                                    alt=\"\"\r\n                                \/>\r\n                            <\/figure>\r\n\r\n                        \r\n                    \r\n                    <\/a>\r\n\r\n                <\/article><!--- .post-teaser-->\r\n\r\n            \r\n                <article class=\"post-teaser\">\r\n\r\n                    <a href=\"https:\/\/visualjournalism.de\/en\/magazine\/ratgeber\/praktikum-im-journalismus\/\" rel=\"permalink\">\r\n\r\n                        <div class=\"post-teaser__content\">\r\n\r\n                            <span class=\"entry-categories\">Ratgeber<\/span>\r\n                            <h3 class=\"post-teaser__headline\">\r\n                                So gelingt dein Praktikum im Journalismus!                            <\/h3>\r\n\r\n                            <div class=\"post-teaser__excerpt\">\r\n                                <p>Wie findest du das richtige Praktikum? Wie \u00fcberzeugst du in der Bewerbung? Und was solltest du w\u00e4hrend des Praktikums unbedingt beachten? Mit Tipps und Tricks von unseren Professor*innen und Studierenden.<\/p>\r\n                            <\/div>\r\n\r\n                        <\/div><!-- .post-teaser__content -->\r\n\r\n\r\n                        \r\n                            <figure class=\"post-teaser__image\">\r\n                                <img loading=\"lazy\" decoding=\"async\"  \r\n                                    src=\"https:\/\/visualjournalism.de\/wp-content\/uploads\/IMG_312C868D6676-1-Foto-Stefan-Nieland-768x512.jpeg\" \r\n                                    srcset=\"https:\/\/visualjournalism.de\/wp-content\/uploads\/IMG_312C868D6676-1-Foto-Stefan-Nieland-768x512.jpeg 768w, https:\/\/visualjournalism.de\/wp-content\/uploads\/IMG_312C868D6676-1-Foto-Stefan-Nieland-300x200.jpeg 300w, https:\/\/visualjournalism.de\/wp-content\/uploads\/IMG_312C868D6676-1-Foto-Stefan-Nieland-1024x683.jpeg 1024w, https:\/\/visualjournalism.de\/wp-content\/uploads\/IMG_312C868D6676-1-Foto-Stefan-Nieland-1536x1024.jpeg 1536w, https:\/\/visualjournalism.de\/wp-content\/uploads\/IMG_312C868D6676-1-Foto-Stefan-Nieland-1920x1280.jpeg 1920w, https:\/\/visualjournalism.de\/wp-content\/uploads\/IMG_312C868D6676-1-Foto-Stefan-Nieland-1400x933.jpeg 1400w, https:\/\/visualjournalism.de\/wp-content\/uploads\/IMG_312C868D6676-1-Foto-Stefan-Nieland-1050x700.jpeg 1050w, https:\/\/visualjournalism.de\/wp-content\/uploads\/IMG_312C868D6676-1-Foto-Stefan-Nieland-670x447.jpeg 670w, https:\/\/visualjournalism.de\/wp-content\/uploads\/IMG_312C868D6676-1-Foto-Stefan-Nieland-420x280.jpeg 420w, https:\/\/visualjournalism.de\/wp-content\/uploads\/IMG_312C868D6676-1-Foto-Stefan-Nieland-350x233.jpeg 350w, https:\/\/visualjournalism.de\/wp-content\/uploads\/IMG_312C868D6676-1-Foto-Stefan-Nieland-150x100.jpeg 150w, https:\/\/visualjournalism.de\/wp-content\/uploads\/IMG_312C868D6676-1-Foto-Stefan-Nieland.jpeg 2048w\" \r\n                                    width=\"768\"  \r\n                                    height=\"512\" \r\n                                    alt=\"F\u00fcnf Personen im Fotostudio der F.A.Z. inszenieren mit Bratpfannen eine kreative Szene. Im Mittelpunkt: Sophie Boyer und Stefan Nieland, beide im journalistischen Praktikum aus dem Studiengang Visual Journalism and Documentary Photography in Hannover. Die Szene zeigt Zusammenarbeit im Redaktionspraktikum und gestalterische Praxis im Journalismus.\"\r\n                                \/>\r\n                            <\/figure>\r\n\r\n                        \r\n                    \r\n                    <\/a>\r\n\r\n                <\/article><!--- .post-teaser-->\r\n\r\n            \r\n                <article class=\"post-teaser\">\r\n\r\n                    <a href=\"https:\/\/visualjournalism.de\/en\/magazine\/ratgeber\/politikerinnen-souveraen-interviewen\/\" rel=\"permalink\">\r\n\r\n                        <div class=\"post-teaser__content\">\r\n\r\n                            <span class=\"entry-categories\">Ratgeber<\/span>\r\n                            <h3 class=\"post-teaser__headline\">\r\n                                Politiker*innen souver\u00e4n interviewen \u2013 Die besten Tipps f\u00fcr ein sicheres Auftreten                            <\/h3>\r\n\r\n                            <div class=\"post-teaser__excerpt\">\r\n                                <p>Ein Gespr\u00e4ch mit Politiker*innen kann schnell zum Machtkampf werden. Wie du selbst gegen Profis die Oberhand beh\u00e4ltst und typische Interviewfallen umgehst.<\/p>\r\n                            <\/div>\r\n\r\n                        <\/div><!-- .post-teaser__content -->\r\n\r\n\r\n                        \r\n                            <figure class=\"post-teaser__image\">\r\n                                <img loading=\"lazy\" decoding=\"async\"  \r\n                                    src=\"https:\/\/visualjournalism.de\/wp-content\/uploads\/DSC4729-merz-politikerinterviews-768x1024.jpg\" \r\n                                    srcset=\"https:\/\/visualjournalism.de\/wp-content\/uploads\/DSC4729-merz-politikerinterviews-768x1024.jpg 768w, https:\/\/visualjournalism.de\/wp-content\/uploads\/DSC4729-merz-politikerinterviews-225x300.jpg 225w, https:\/\/visualjournalism.de\/wp-content\/uploads\/DSC4729-merz-politikerinterviews-1152x1536.jpg 1152w, https:\/\/visualjournalism.de\/wp-content\/uploads\/DSC4729-merz-politikerinterviews-1536x2048.jpg 1536w, https:\/\/visualjournalism.de\/wp-content\/uploads\/DSC4729-merz-politikerinterviews-scaled.jpg 1920w, https:\/\/visualjournalism.de\/wp-content\/uploads\/DSC4729-merz-politikerinterviews-1400x1867.jpg 1400w, https:\/\/visualjournalism.de\/wp-content\/uploads\/DSC4729-merz-politikerinterviews-1050x1400.jpg 1050w, https:\/\/visualjournalism.de\/wp-content\/uploads\/DSC4729-merz-politikerinterviews-670x893.jpg 670w, https:\/\/visualjournalism.de\/wp-content\/uploads\/DSC4729-merz-politikerinterviews-420x560.jpg 420w, https:\/\/visualjournalism.de\/wp-content\/uploads\/DSC4729-merz-politikerinterviews-350x467.jpg 350w, https:\/\/visualjournalism.de\/wp-content\/uploads\/DSC4729-merz-politikerinterviews-300x400.jpg 300w, https:\/\/visualjournalism.de\/wp-content\/uploads\/DSC4729-merz-politikerinterviews-640x853.jpg 640w, https:\/\/visualjournalism.de\/wp-content\/uploads\/DSC4729-merz-politikerinterviews-150x200.jpg 150w\" \r\n                                    width=\"768\"  \r\n                                    height=\"1024\" \r\n                                    alt=\"CDU-Vorsitzender Friedrich Merz mit Mikrofon in der Hand, im Gespr\u00e4ch mit dem ehemaligen ZDF-Moderator Klaus Kleber auf einer B\u00fchne. Im Vordergrund sind zwei M\u00e4nner angeblitzt von hinten zu sehen.\"\r\n                                \/>\r\n                            <\/figure>\r\n\r\n                        \r\n                    \r\n                    <\/a>\r\n\r\n                <\/article><!--- .post-teaser-->\r\n\r\n            \r\n        <\/div><!-- .teaser-grid -->\r\n\r\n\n\n\r\n\r\n\r\n\n\n\n    <div class=\"btn-wrapper has-spacing--m\">\n        <a class=\"btn\" href=\"https:\/\/visualjournalism.de\/magazin\/\" target=\"_blank\">ZUR MAGAZIN-STARTSEITE<\/a>\n    <\/div>\n<\/div>\n","protected":false},"author":96,"featured_media":60463,"template":"","tags":[],"magazinkategorie":[200],"class_list":["post-63700","magazin","type-magazin","status-publish","has-post-thumbnail","hentry","magazinkategorie-was-uns-haelt"],"acf":[],"yoast_head":"<!-- This site is optimized with the Yoast SEO Premium plugin v27.3 (Yoast SEO v27.3) - https:\/\/yoast.com\/product\/yoast-seo-premium-wordpress\/ -->\n<title>Erfahrungen mit Reality TV: Leben unter Kameras<\/title>\n<meta name=\"description\" content=\"Millionen schalten ein, wenn Fremde lieben, streiten, scheitern. Doch wie echt ist Reality-TV \u2013 und was macht es mit uns?\" \/>\n<meta name=\"robots\" content=\"index, follow, max-snippet:-1, max-image-preview:large, max-video-preview:-1\" \/>\n<link rel=\"canonical\" href=\"https:\/\/visualjournalism.de\/en\/magazine\/was-uns-haelt\/reality-tv-leben-unter-kameras\/\" \/>\n<meta property=\"og:locale\" content=\"en_US\" \/>\n<meta property=\"og:type\" content=\"article\" \/>\n<meta property=\"og:title\" content=\"Reality TV: Leben unter Kameras\" \/>\n<meta property=\"og:description\" content=\"Millionen schalten ein, wenn Fremde lieben, streiten, scheitern. Doch wie echt ist Reality-TV \u2013 und was macht es mit uns?\" \/>\n<meta property=\"og:url\" content=\"https:\/\/visualjournalism.de\/en\/magazine\/was-uns-haelt\/reality-tv-leben-unter-kameras\/\" \/>\n<meta property=\"og:site_name\" content=\"Visual Journalism and Documentary Photography\" \/>\n<meta property=\"article:publisher\" content=\"https:\/\/www.facebook.com\/people\/wwwfotostudentende\/100065173703897\/\" \/>\n<meta property=\"article:modified_time\" content=\"2025-09-29T13:10:47+00:00\" \/>\n<meta property=\"og:image\" content=\"https:\/\/visualjournalism.de\/wp-content\/uploads\/Isabel_Reda_Still-1-scaled.jpg\" \/>\n\t<meta property=\"og:image:width\" content=\"2048\" \/>\n\t<meta property=\"og:image:height\" content=\"2560\" \/>\n\t<meta property=\"og:image:type\" content=\"image\/jpeg\" \/>\n<meta name=\"twitter:card\" content=\"summary_large_image\" \/>\n<meta name=\"twitter:site\" content=\"@HsHannover\" \/>\n<meta name=\"twitter:label1\" content=\"Est. reading time\" \/>\n\t<meta name=\"twitter:data1\" content=\"11 minutes\" \/>\n<script type=\"application\/ld+json\" class=\"yoast-schema-graph\">{\"@context\":\"https:\\\/\\\/schema.org\",\"@graph\":[{\"@type\":\"WebPage\",\"@id\":\"https:\\\/\\\/visualjournalism.de\\\/en\\\/magazine\\\/was-uns-haelt\\\/reality-tv-leben-unter-kameras\\\/\",\"url\":\"https:\\\/\\\/visualjournalism.de\\\/en\\\/magazine\\\/was-uns-haelt\\\/reality-tv-leben-unter-kameras\\\/\",\"name\":\"Erfahrungen mit Reality TV: Leben unter Kameras\",\"isPartOf\":{\"@id\":\"https:\\\/\\\/visualjournalism.de\\\/en\\\/#website\"},\"primaryImageOfPage\":{\"@id\":\"https:\\\/\\\/visualjournalism.de\\\/en\\\/magazine\\\/was-uns-haelt\\\/reality-tv-leben-unter-kameras\\\/#primaryimage\"},\"image\":{\"@id\":\"https:\\\/\\\/visualjournalism.de\\\/en\\\/magazine\\\/was-uns-haelt\\\/reality-tv-leben-unter-kameras\\\/#primaryimage\"},\"thumbnailUrl\":\"https:\\\/\\\/visualjournalism.de\\\/wp-content\\\/uploads\\\/Isabel_Reda_Still-1-scaled.jpg\",\"datePublished\":\"2025-09-08T13:16:39+00:00\",\"dateModified\":\"2025-09-29T13:10:47+00:00\",\"description\":\"Millionen schalten ein, wenn Fremde lieben, streiten, scheitern. Doch wie echt ist Reality-TV \u2013 und was macht es mit uns?\",\"breadcrumb\":{\"@id\":\"https:\\\/\\\/visualjournalism.de\\\/en\\\/magazine\\\/was-uns-haelt\\\/reality-tv-leben-unter-kameras\\\/#breadcrumb\"},\"inLanguage\":\"en-US\",\"potentialAction\":[{\"@type\":\"ReadAction\",\"target\":[\"https:\\\/\\\/visualjournalism.de\\\/en\\\/magazine\\\/was-uns-haelt\\\/reality-tv-leben-unter-kameras\\\/\"]}]},{\"@type\":\"ImageObject\",\"inLanguage\":\"en-US\",\"@id\":\"https:\\\/\\\/visualjournalism.de\\\/en\\\/magazine\\\/was-uns-haelt\\\/reality-tv-leben-unter-kameras\\\/#primaryimage\",\"url\":\"https:\\\/\\\/visualjournalism.de\\\/wp-content\\\/uploads\\\/Isabel_Reda_Still-1-scaled.jpg\",\"contentUrl\":\"https:\\\/\\\/visualjournalism.de\\\/wp-content\\\/uploads\\\/Isabel_Reda_Still-1-scaled.jpg\",\"width\":2048,\"height\":2560,\"caption\":\"Hannover, Dezember 2024. Aufnahme einer Fake-\u00dcberwachungskamera im Studio. Bei den allermeisten Reality-Formaten sind u\u0308berall Kameras - teils auch in den Badezimmern. Es entstehen so t\u00e4glich mehrere Terrabyte an Daten. Foto: Isabel Reda\"},{\"@type\":\"BreadcrumbList\",\"@id\":\"https:\\\/\\\/visualjournalism.de\\\/en\\\/magazine\\\/was-uns-haelt\\\/reality-tv-leben-unter-kameras\\\/#breadcrumb\",\"itemListElement\":[{\"@type\":\"ListItem\",\"position\":1,\"name\":\"Home\",\"item\":\"https:\\\/\\\/visualjournalism.de\\\/en\\\/\"},{\"@type\":\"ListItem\",\"position\":2,\"name\":\"Magazin\",\"item\":\"https:\\\/\\\/visualjournalism.de\\\/en\\\/magazine\\\/\"},{\"@type\":\"ListItem\",\"position\":3,\"name\":\"Reality TV: Leben unter Kameras\"}]},{\"@type\":\"WebSite\",\"@id\":\"https:\\\/\\\/visualjournalism.de\\\/en\\\/#website\",\"url\":\"https:\\\/\\\/visualjournalism.de\\\/en\\\/\",\"name\":\"Visual Journalism and Documentary Photography\",\"description\":\"All about the bilingual bachelor&#039;s program at Hannover University of Applied Sciences and Arts.\",\"publisher\":{\"@id\":\"https:\\\/\\\/visualjournalism.de\\\/en\\\/#organization\"},\"alternateName\":\"visualjournalism.de\",\"potentialAction\":[{\"@type\":\"SearchAction\",\"target\":{\"@type\":\"EntryPoint\",\"urlTemplate\":\"https:\\\/\\\/visualjournalism.de\\\/en\\\/?s={search_term_string}\"},\"query-input\":{\"@type\":\"PropertyValueSpecification\",\"valueRequired\":true,\"valueName\":\"search_term_string\"}}],\"inLanguage\":\"en-US\"},{\"@type\":\"Organization\",\"@id\":\"https:\\\/\\\/visualjournalism.de\\\/en\\\/#organization\",\"name\":\"Hochschule Hannover \u2013 University of Applied Sciences and Arts\",\"alternateName\":\"HsH\",\"url\":\"https:\\\/\\\/visualjournalism.de\\\/en\\\/\",\"logo\":{\"@type\":\"ImageObject\",\"inLanguage\":\"en-US\",\"@id\":\"https:\\\/\\\/visualjournalism.de\\\/en\\\/#\\\/schema\\\/logo\\\/image\\\/\",\"url\":\"https:\\\/\\\/visualjournalism.de\\\/wp-content\\\/uploads\\\/logo-hochschule-hannover.png\",\"contentUrl\":\"https:\\\/\\\/visualjournalism.de\\\/wp-content\\\/uploads\\\/logo-hochschule-hannover.png\",\"width\":363,\"height\":270,\"caption\":\"Hochschule Hannover \u2013 University of Applied Sciences and Arts\"},\"image\":{\"@id\":\"https:\\\/\\\/visualjournalism.de\\\/en\\\/#\\\/schema\\\/logo\\\/image\\\/\"},\"sameAs\":[\"https:\\\/\\\/www.facebook.com\\\/people\\\/wwwfotostudentende\\\/100065173703897\\\/\",\"https:\\\/\\\/x.com\\\/HsHannover\",\"https:\\\/\\\/www.instagram.com\\\/visualjournalism.de\\\/\"]}]}<\/script>\n<!-- \/ Yoast SEO Premium plugin. -->","yoast_head_json":{"title":"Erfahrungen mit Reality TV: Leben unter Kameras","description":"Millionen schalten ein, wenn Fremde lieben, streiten, scheitern. Doch wie echt ist Reality-TV \u2013 und was macht es mit uns?","robots":{"index":"index","follow":"follow","max-snippet":"max-snippet:-1","max-image-preview":"max-image-preview:large","max-video-preview":"max-video-preview:-1"},"canonical":"https:\/\/visualjournalism.de\/en\/magazine\/was-uns-haelt\/reality-tv-leben-unter-kameras\/","og_locale":"en_US","og_type":"article","og_title":"Reality TV: Leben unter Kameras","og_description":"Millionen schalten ein, wenn Fremde lieben, streiten, scheitern. Doch wie echt ist Reality-TV \u2013 und was macht es mit uns?","og_url":"https:\/\/visualjournalism.de\/en\/magazine\/was-uns-haelt\/reality-tv-leben-unter-kameras\/","og_site_name":"Visual Journalism and Documentary Photography","article_publisher":"https:\/\/www.facebook.com\/people\/wwwfotostudentende\/100065173703897\/","article_modified_time":"2025-09-29T13:10:47+00:00","og_image":[{"width":2048,"height":2560,"url":"https:\/\/visualjournalism.de\/wp-content\/uploads\/Isabel_Reda_Still-1-scaled.jpg","type":"image\/jpeg"}],"twitter_card":"summary_large_image","twitter_site":"@HsHannover","twitter_misc":{"Est. reading time":"11 minutes"},"schema":{"@context":"https:\/\/schema.org","@graph":[{"@type":"WebPage","@id":"https:\/\/visualjournalism.de\/en\/magazine\/was-uns-haelt\/reality-tv-leben-unter-kameras\/","url":"https:\/\/visualjournalism.de\/en\/magazine\/was-uns-haelt\/reality-tv-leben-unter-kameras\/","name":"Erfahrungen mit Reality TV: Leben unter Kameras","isPartOf":{"@id":"https:\/\/visualjournalism.de\/en\/#website"},"primaryImageOfPage":{"@id":"https:\/\/visualjournalism.de\/en\/magazine\/was-uns-haelt\/reality-tv-leben-unter-kameras\/#primaryimage"},"image":{"@id":"https:\/\/visualjournalism.de\/en\/magazine\/was-uns-haelt\/reality-tv-leben-unter-kameras\/#primaryimage"},"thumbnailUrl":"https:\/\/visualjournalism.de\/wp-content\/uploads\/Isabel_Reda_Still-1-scaled.jpg","datePublished":"2025-09-08T13:16:39+00:00","dateModified":"2025-09-29T13:10:47+00:00","description":"Millionen schalten ein, wenn Fremde lieben, streiten, scheitern. Doch wie echt ist Reality-TV \u2013 und was macht es mit uns?","breadcrumb":{"@id":"https:\/\/visualjournalism.de\/en\/magazine\/was-uns-haelt\/reality-tv-leben-unter-kameras\/#breadcrumb"},"inLanguage":"en-US","potentialAction":[{"@type":"ReadAction","target":["https:\/\/visualjournalism.de\/en\/magazine\/was-uns-haelt\/reality-tv-leben-unter-kameras\/"]}]},{"@type":"ImageObject","inLanguage":"en-US","@id":"https:\/\/visualjournalism.de\/en\/magazine\/was-uns-haelt\/reality-tv-leben-unter-kameras\/#primaryimage","url":"https:\/\/visualjournalism.de\/wp-content\/uploads\/Isabel_Reda_Still-1-scaled.jpg","contentUrl":"https:\/\/visualjournalism.de\/wp-content\/uploads\/Isabel_Reda_Still-1-scaled.jpg","width":2048,"height":2560,"caption":"Hannover, Dezember 2024. Aufnahme einer Fake-\u00dcberwachungskamera im Studio. Bei den allermeisten Reality-Formaten sind u\u0308berall Kameras - teils auch in den Badezimmern. Es entstehen so t\u00e4glich mehrere Terrabyte an Daten. Foto: Isabel Reda"},{"@type":"BreadcrumbList","@id":"https:\/\/visualjournalism.de\/en\/magazine\/was-uns-haelt\/reality-tv-leben-unter-kameras\/#breadcrumb","itemListElement":[{"@type":"ListItem","position":1,"name":"Home","item":"https:\/\/visualjournalism.de\/en\/"},{"@type":"ListItem","position":2,"name":"Magazin","item":"https:\/\/visualjournalism.de\/en\/magazine\/"},{"@type":"ListItem","position":3,"name":"Reality TV: Leben unter Kameras"}]},{"@type":"WebSite","@id":"https:\/\/visualjournalism.de\/en\/#website","url":"https:\/\/visualjournalism.de\/en\/","name":"Visual Journalism and Documentary Photography","description":"All about the bilingual bachelor&#039;s program at Hannover University of Applied Sciences and Arts.","publisher":{"@id":"https:\/\/visualjournalism.de\/en\/#organization"},"alternateName":"visualjournalism.de","potentialAction":[{"@type":"SearchAction","target":{"@type":"EntryPoint","urlTemplate":"https:\/\/visualjournalism.de\/en\/?s={search_term_string}"},"query-input":{"@type":"PropertyValueSpecification","valueRequired":true,"valueName":"search_term_string"}}],"inLanguage":"en-US"},{"@type":"Organization","@id":"https:\/\/visualjournalism.de\/en\/#organization","name":"Hochschule Hannover \u2013 University of Applied Sciences and Arts","alternateName":"HsH","url":"https:\/\/visualjournalism.de\/en\/","logo":{"@type":"ImageObject","inLanguage":"en-US","@id":"https:\/\/visualjournalism.de\/en\/#\/schema\/logo\/image\/","url":"https:\/\/visualjournalism.de\/wp-content\/uploads\/logo-hochschule-hannover.png","contentUrl":"https:\/\/visualjournalism.de\/wp-content\/uploads\/logo-hochschule-hannover.png","width":363,"height":270,"caption":"Hochschule Hannover \u2013 University of Applied Sciences and Arts"},"image":{"@id":"https:\/\/visualjournalism.de\/en\/#\/schema\/logo\/image\/"},"sameAs":["https:\/\/www.facebook.com\/people\/wwwfotostudentende\/100065173703897\/","https:\/\/x.com\/HsHannover","https:\/\/www.instagram.com\/visualjournalism.de\/"]}]}},"_links":{"self":[{"href":"https:\/\/visualjournalism.de\/en\/wp-json\/wp\/v2\/magazin\/63700","targetHints":{"allow":["GET"]}}],"collection":[{"href":"https:\/\/visualjournalism.de\/en\/wp-json\/wp\/v2\/magazin"}],"about":[{"href":"https:\/\/visualjournalism.de\/en\/wp-json\/wp\/v2\/types\/magazin"}],"author":[{"embeddable":true,"href":"https:\/\/visualjournalism.de\/en\/wp-json\/wp\/v2\/users\/96"}],"version-history":[{"count":21,"href":"https:\/\/visualjournalism.de\/en\/wp-json\/wp\/v2\/magazin\/63700\/revisions"}],"predecessor-version":[{"id":64371,"href":"https:\/\/visualjournalism.de\/en\/wp-json\/wp\/v2\/magazin\/63700\/revisions\/64371"}],"wp:featuredmedia":[{"embeddable":true,"href":"https:\/\/visualjournalism.de\/en\/wp-json\/wp\/v2\/media\/60463"}],"wp:attachment":[{"href":"https:\/\/visualjournalism.de\/en\/wp-json\/wp\/v2\/media?parent=63700"}],"wp:term":[{"taxonomy":"post_tag","embeddable":true,"href":"https:\/\/visualjournalism.de\/en\/wp-json\/wp\/v2\/tags?post=63700"},{"taxonomy":"magazinkategorie","embeddable":true,"href":"https:\/\/visualjournalism.de\/en\/wp-json\/wp\/v2\/magazinkategorie?post=63700"}],"curies":[{"name":"wp","href":"https:\/\/api.w.org\/{rel}","templated":true}]}}