{"id":64488,"date":"2025-11-05T14:09:53","date_gmt":"2025-11-05T12:09:53","guid":{"rendered":"https:\/\/visualjournalism.de\/?post_type=magazin&#038;p=64488"},"modified":"2025-11-19T09:36:48","modified_gmt":"2025-11-19T07:36:48","slug":"links-im-land-der-rechten","status":"publish","type":"magazin","link":"https:\/\/visualjournalism.de\/en\/magazine\/was-uns-haelt\/links-im-land-der-rechten\/","title":{"rendered":"Friede, Freude, Erzgebirge"},"content":{"rendered":"\r\n<div class=\"cover--lead-in has-spacing--m\">\r\n\r\n    \r\n    <div class=\"cover--lead-in__content typo--tiempos\">\r\n\r\n        <div class=\"entry-categories\">\n\t<a class=\"post__tag\" href=\"https:\/\/visualjournalism.de\/magazin-kategorie\/was-uns-haelt\/\" rel=\"category tag\">Was uns h\u00e4lt<\/a><\/div>\r\n        <h2 class=\"cover--lead-in__headline \">\r\n            Friede, Freude, Erzgebirge        <\/h2>\r\n\r\n                    <div class=\"cover--lead-in__text\">\r\n                <p>Zwischen H\u00fcgeln und W\u00e4ldern k\u00e4mpft Pit f\u00fcr eine andere Zukunft. Sein Dorf im Erzgebirge wirkt friedlich \u2013 bis man genauer hinsieht. Ein filmisches Portr\u00e4t \u00fcber das Bleiben, wo das Gehen leichter w\u00e4re.<br \/>\n<strong>Text: <a href=\"https:\/\/visualjournalism.de\/elena-prudlik\/\">Elena Prudlik<\/a>, Film:<\/strong>\u00a0<a href=\"https:\/\/visualjournalism.de\/en\/jonathan-bar-am\/\" target=\"_blank\" rel=\"noopener\"><strong>Jonathan Bar-Am<\/strong><\/a>, <a href=\"https:\/\/visualjournalism.de\/en\/paula-baierlein\/\" target=\"_blank\" rel=\"noopener\"><strong>Paula Baierlein<\/strong><\/a>, <a href=\"https:\/\/visualjournalism.de\/en\/kilian-kaemper\/\" target=\"_blank\" rel=\"noopener\"><strong>Kilian K\u00e4mper<\/strong><\/a><\/p>\n            <\/div>\r\n        \r\n                    <div class=\"cover--lead-in__author\">\r\n                                        <figure class=\"cover--lead-in__author__image\">\r\n                                                            <a href=\"https:\/\/visualjournalism.de\/jonathan-bar-am\/\">\r\n                            \r\n                            <img loading=\"lazy\" decoding=\"async\" width=\"68\" height=\"68\" src=\"https:\/\/visualjournalism.de\/wp-content\/uploads\/BLITZ-PORTRAIT-2-68x68.jpg\" class=\"attachment-image-portrait--large size-image-portrait--large\" alt=\"\" srcset=\"https:\/\/visualjournalism.de\/wp-content\/uploads\/BLITZ-PORTRAIT-2-68x68.jpg 68w, https:\/\/visualjournalism.de\/wp-content\/uploads\/BLITZ-PORTRAIT-2-52x52.jpg 52w, https:\/\/visualjournalism.de\/wp-content\/uploads\/BLITZ-PORTRAIT-2.jpg 100w\" sizes=\"auto, (max-width: 68px) 100vw, 68px\" \/>\r\n                                                            <\/a>\r\n                                                    <\/figure>\r\n                    \r\n                    \r\n                    \r\n                            <figure class=\"cover--lead-in__author__image\">\r\n\r\n                                                                    <a href=\"https:\/\/visualjournalism.de\/paula-baierlein\/\" target=\"_blank\">\r\n                                \r\n                                <img loading=\"lazy\" decoding=\"async\"\r\n                                    src=\"https:\/\/visualjournalism.de\/wp-content\/uploads\/Paula-Bailerlein-1-68x68.jpg\"\r\n                                    srcset=\"https:\/\/visualjournalism.de\/wp-content\/uploads\/Paula-Bailerlein-1-68x68.jpg 68w, https:\/\/visualjournalism.de\/wp-content\/uploads\/Paula-Bailerlein-1-300x300.jpg 300w, https:\/\/visualjournalism.de\/wp-content\/uploads\/Paula-Bailerlein-1-150x150.jpg 150w, https:\/\/visualjournalism.de\/wp-content\/uploads\/Paula-Bailerlein-1-768x768.jpg 768w, https:\/\/visualjournalism.de\/wp-content\/uploads\/Paula-Bailerlein-1-670x670.jpg 670w, https:\/\/visualjournalism.de\/wp-content\/uploads\/Paula-Bailerlein-1-420x420.jpg 420w, https:\/\/visualjournalism.de\/wp-content\/uploads\/Paula-Bailerlein-1-350x350.jpg 350w, https:\/\/visualjournalism.de\/wp-content\/uploads\/Paula-Bailerlein-1-52x52.jpg 52w, https:\/\/visualjournalism.de\/wp-content\/uploads\/Paula-Bailerlein-1-96x96.jpg 96w, https:\/\/visualjournalism.de\/wp-content\/uploads\/Paula-Bailerlein-1.jpg 788w\"\r\n                                    width=\"68\"\r\n                                    height=\"68\"\r\n                                    alt=\"\"\r\n                                \/>\r\n\r\n                                                                    <\/a>\r\n                                \r\n                            <\/figure>\r\n\r\n                        \r\n                    \r\n                            <figure class=\"cover--lead-in__author__image\">\r\n\r\n                                                                    <a href=\"https:\/\/visualjournalism.de\/kilian-kaemper\/\" target=\"\">\r\n                                \r\n                                <img loading=\"lazy\" decoding=\"async\"\r\n                                    src=\"https:\/\/visualjournalism.de\/wp-content\/uploads\/Kilian-Kaemper-68x68.jpg\"\r\n                                    srcset=\"https:\/\/visualjournalism.de\/wp-content\/uploads\/Kilian-Kaemper-68x68.jpg 68w, https:\/\/visualjournalism.de\/wp-content\/uploads\/Kilian-Kaemper-300x300.jpg 300w, https:\/\/visualjournalism.de\/wp-content\/uploads\/Kilian-Kaemper-150x150.jpg 150w, https:\/\/visualjournalism.de\/wp-content\/uploads\/Kilian-Kaemper-670x670.jpg 670w, https:\/\/visualjournalism.de\/wp-content\/uploads\/Kilian-Kaemper-420x420.jpg 420w, https:\/\/visualjournalism.de\/wp-content\/uploads\/Kilian-Kaemper-350x350.jpg 350w, https:\/\/visualjournalism.de\/wp-content\/uploads\/Kilian-Kaemper-52x52.jpg 52w, https:\/\/visualjournalism.de\/wp-content\/uploads\/Kilian-Kaemper-96x96.jpg 96w, https:\/\/visualjournalism.de\/wp-content\/uploads\/Kilian-Kaemper.jpg 746w\"\r\n                                    width=\"68\"\r\n                                    height=\"68\"\r\n                                    alt=\"\"\r\n                                \/>\r\n\r\n                                                                    <\/a>\r\n                                \r\n                            <\/figure>\r\n\r\n                                    <\/div><!-- .cover--lead-in__author -->\r\n        \r\n    <\/div><!-- .cover--lead-in__content -->\r\n\r\n    \r\n        <figure class=\"cover--lead-in__image cover--lead-in__media cover--lead-in__media--image\">\r\n            <img loading=\"lazy\" decoding=\"async\"\r\n                src=\"https:\/\/visualjournalism.de\/wp-content\/uploads\/Friedefreude-Erzgebirge_08-1920x1059.png\"\r\n                srcset=\"https:\/\/visualjournalism.de\/wp-content\/uploads\/Friedefreude-Erzgebirge_08-1920x1059.png 1920w, https:\/\/visualjournalism.de\/wp-content\/uploads\/Friedefreude-Erzgebirge_08-300x166.png 300w, https:\/\/visualjournalism.de\/wp-content\/uploads\/Friedefreude-Erzgebirge_08-1024x565.png 1024w, https:\/\/visualjournalism.de\/wp-content\/uploads\/Friedefreude-Erzgebirge_08-768x424.png 768w, https:\/\/visualjournalism.de\/wp-content\/uploads\/Friedefreude-Erzgebirge_08-1536x848.png 1536w, https:\/\/visualjournalism.de\/wp-content\/uploads\/Friedefreude-Erzgebirge_08-2048x1130.png 2048w\"\r\n                width=\"1920\"\r\n                height=\"1059\"\r\n                alt=\"\"\r\n                style=\"object-position: 74.67% 72.29%\"\r\n            \/>\r\n        <\/figure>\r\n\r\n        \r\n    \r\n<\/div><!-- .cover--lead-in -->\r\n\r\n\n\n\n<p class=\"post__paragraph has-spacing--xs\"><strong>Einmal, erinnert sich Pit, sa\u00df er mit Leuten aus dem Dorf um eine Feuerschale<\/strong>, als einige von ihnen pl\u00f6tzlich den rechten Arm in die H\u00f6he streckten. Einige, glaubt Pit, machten es aus \u00dcberzeugung. Andere, wohl ohne jeden Kontext, \u00abeinfach, weil sie es cool fanden\u00bb, sagt er. Einen Hitlergru\u00df finden hier die wenigsten schlimm.<\/p>\n\n\n\n<p class=\"post__paragraph has-spacing--xs\">Mit linker Politik k\u00e4mpft der 17-J\u00e4hrige gegen die wachsenden rechtsextremen Tendenzen in seinem Heimatort Altenberg, der zwischen schneebedeckten Bergen, h\u00fcgeligen Wiesen und W\u00e4ldern, idyllisch mitten im Landkreis der S\u00e4chsische Schweiz und dem Osterzgebirge liegt.<\/p>\n\n\n\n<p class=\"post__paragraph has-spacing--default\">Bei der Landtagswahl 2024 gewann die AfD in Altenberg mit 39,2 Prozent der Zweitstimmen \u2013 ein Plus von vier Prozentpunkten im Vergleich zu 2019. Das Ergebnis steht stellvertretend f\u00fcr den Trend im Erzgebirge, wo rechte und rechtspopulistische Parteien seit Jahren starken Zulauf haben.<br><br><\/p>\n\n\n\r\n<div class=\"video-block has-spacing--m align--left\">\r\n    <div class=\"video-wrapper size--full\">\r\n        <iframe loading=\"lazy\" hcb-fetch-image-from=\"https:\/\/vimeo.com\/1125783790\/9231ba00dc?share=copy\" title=\"FriedeFreudeErzgebirge\" src=\"https:\/\/player.vimeo.com\/video\/1125783790?h=9231ba00dc&amp;dnt=1&amp;app_id=122963\" width=\"100\" height=\"56\" frameborder=\"0\" allow=\"autoplay; fullscreen; picture-in-picture; clipboard-write; encrypted-media; web-share\" referrerpolicy=\"strict-origin-when-cross-origin\"><\/iframe>    <\/div>\r\n<\/div>\r\n\r\n\n\n\n<p class=\"post__paragraph has-spacing--default\">In der Region st\u00f6\u00dft die Partei Die Linke auf so einige Skepsis. Viele verbinden sie mit der DDR-Vergangenheit und sind aus Prinzip dagegen. Dabei ist das kleine B\u00fcro der Linken in Altenberg l\u00e4ngst mehr als ein Parteistandort. Es dient als Treffpunkt und R\u00fcckzugsort f\u00fcr Jugendliche wie Pit, die sich in ihrem Umfeld politisch isoliert f\u00fchlen.<\/p>\n\n\n\n<p class=\"post__paragraph has-spacing--default\">Nach der letzten Wahl stand zeitweise nicht fest, ob das B\u00fcro \u00fcberhaupt weiter bestehen kann. Eines Nachts sprengten Unbekannte den Briefkasten des B\u00fcros. \u00abSeitdem haben wir keinen mehr\u00bb, sagt Pit. F\u00fcr ihn war das kein Zufall, sondern ein Angriff auf alles, was er politisch vertritt.<\/p>\n\n\n\n<p class=\"post__paragraph has-spacing--m\">Die Leute seien hier noch heimatverbunden, so ein Anwohner von Altenberg. \u00abHier ist alles Friede, Freude, Eierkuchen\u00bb, sagt eine andere, \u00abdie gro\u00dfen Probleme da drau\u00dfen sind irgendwie weiter weg.\u00bb Fast so, als w\u00fcrden sie in einer anderen Welt leben. In Altenberg, da kennt man sich, da gr\u00fc\u00dft man sich und da wei\u00df man, wo die Leute wohnen. Darum meidet Pit manche politische Streitgespr\u00e4che. \u00abWir m\u00fcssen ja irgendwie miteinander auskommen\u00bb, sagt er.<\/p>\n\n\n    <figure class=\"block-photo post__image--wide-left has-spacing--m no-title\">\n\n        <div class=\"post__image__container\">\n            <img loading=\"lazy\" decoding=\"async\" \n                src=\"https:\/\/visualjournalism.de\/wp-content\/uploads\/Friedefreude-Erzgebirge_17-1050x585.png\"\n                srcset=\"https:\/\/visualjournalism.de\/wp-content\/uploads\/Friedefreude-Erzgebirge_17-1050x585.png 1050w, https:\/\/visualjournalism.de\/wp-content\/uploads\/Friedefreude-Erzgebirge_17-300x167.png 300w, https:\/\/visualjournalism.de\/wp-content\/uploads\/Friedefreude-Erzgebirge_17-1024x570.png 1024w, https:\/\/visualjournalism.de\/wp-content\/uploads\/Friedefreude-Erzgebirge_17-768x428.png 768w, https:\/\/visualjournalism.de\/wp-content\/uploads\/Friedefreude-Erzgebirge_17-1536x855.png 1536w, https:\/\/visualjournalism.de\/wp-content\/uploads\/Friedefreude-Erzgebirge_17-2048x1141.png 2048w, https:\/\/visualjournalism.de\/wp-content\/uploads\/Friedefreude-Erzgebirge_17-1920x1069.png 1920w, https:\/\/visualjournalism.de\/wp-content\/uploads\/Friedefreude-Erzgebirge_17-1400x780.png 1400w, https:\/\/visualjournalism.de\/wp-content\/uploads\/Friedefreude-Erzgebirge_17-670x373.png 670w, https:\/\/visualjournalism.de\/wp-content\/uploads\/Friedefreude-Erzgebirge_17-420x234.png 420w, https:\/\/visualjournalism.de\/wp-content\/uploads\/Friedefreude-Erzgebirge_17-350x195.png 350w\"\n                width=\"1050\" \n                height=\"585\"\n                alt=\"\" \n            \/>\n            \n                    <\/div><!-- post__image__container -->\n\n        \n    <\/figure><!-- post__image -->\n\n\n\n\n<div class=\"devider has-spacing--none\">\n    <hr>\n<\/div>\n\n\n \n    \n    <div id=\"quote-block_62d62035bfe83ca2be271d167a8a3fc8\" class=\"block-quote has-spacing--m\">\n        <figure class=\"quote\">\n            <blockquote>\n                <p><strong>Ich fahre im Bus<\/strong> mit denselben Leuten nach Dresden, gegen die ich sp\u00e4ter demonstriere.<\/p>\n            <\/blockquote>\n\n            <figcaption>\n\n                            <span>Pit<\/span>\n            <\/figcaption>\n            \n        <\/figure>\n    <\/div>\n\n\n\n\n<p class=\"post__paragraph has-spacing--default\">Der Kontakt zu Pit entstand durch ein weiteres Foto-Projekt in Sachsen. Vorab f\u00fchrten die drei Vorgespr\u00e4che mit ihm, die Geschichte hat sich dann aber erst vor Ort entwickelt, sagen sie. \u00abWir wollten Pit erz\u00e4hlen lassen: eine junge Stimme, die darstellt, dass es auch im l\u00e4ndlichen Sachsen engagierte, links-politische Menschen gibt. Die Perspektive kommt in der gro\u00dfen Berichterstattung h\u00e4ufig zu kurz\u00bb, so Jonathan Bar-Am.<\/p>\n\n\n\n<p class=\"post__paragraph has-spacing--default\">Pit selbst hat seine linke Einstellung von seinem Gro\u00dfvater. \u00abWir haben um 20Uhr immer 15 Minuten Politik geschaut und danach ausgewertet\u00bb. Er erinnert sich, wie viele vor den s\u00e4chsischen Landtagswahlen \u00abSei schlau, w\u00e4hl blau\u00bb sagten. Weil die Politik einen nicht beachten w\u00fcrde.<\/p>\n\n\n\n<p class=\"post__paragraph has-spacing--m\">Viele Menschen hier f\u00fchlen sich wirtschaftlich abgeh\u00e4ngt. Der traditionelle Bergbau war einmal gewesen und auch strukturelle Probleme gibt es, wie in vielen l\u00e4ndlichen Regionen. Maroder Nahverkehr, geschlossene Krankenh\u00e4user und schlecht ger\u00e4umte Stra\u00dfen im Winter. Alltag auf dem Land.<\/p>\n\n\n \n\n<div class=\"photo-grid grid-layout--2col-5 has-spacing--m\">\n\n            \n\n            <div class=\"photo-grid__image\">\n\n                <figure>\n\n                    <img loading=\"lazy\" decoding=\"async\"  \n                        src=\"https:\/\/visualjournalism.de\/wp-content\/uploads\/Friedefreude-Erzgebirge_05-768x424.png\" \n                        srcset=\"https:\/\/visualjournalism.de\/wp-content\/uploads\/Friedefreude-Erzgebirge_05-768x424.png 768w, https:\/\/visualjournalism.de\/wp-content\/uploads\/Friedefreude-Erzgebirge_05-300x166.png 300w, https:\/\/visualjournalism.de\/wp-content\/uploads\/Friedefreude-Erzgebirge_05-1024x565.png 1024w, https:\/\/visualjournalism.de\/wp-content\/uploads\/Friedefreude-Erzgebirge_05-1536x848.png 1536w, https:\/\/visualjournalism.de\/wp-content\/uploads\/Friedefreude-Erzgebirge_05-2048x1130.png 2048w, https:\/\/visualjournalism.de\/wp-content\/uploads\/Friedefreude-Erzgebirge_05-1920x1059.png 1920w, https:\/\/visualjournalism.de\/wp-content\/uploads\/Friedefreude-Erzgebirge_05-1400x772.png 1400w, https:\/\/visualjournalism.de\/wp-content\/uploads\/Friedefreude-Erzgebirge_05-1050x579.png 1050w, https:\/\/visualjournalism.de\/wp-content\/uploads\/Friedefreude-Erzgebirge_05-670x370.png 670w, https:\/\/visualjournalism.de\/wp-content\/uploads\/Friedefreude-Erzgebirge_05-420x232.png 420w, https:\/\/visualjournalism.de\/wp-content\/uploads\/Friedefreude-Erzgebirge_05-350x193.png 350w\" \n                        width=\"768\"  \n                        height=\"424\" \n                        alt=\"\"  \n                    \/>\n\n                    \n                    \n                <\/figure>\n\n            <\/div><!-- photo-grid__image -->    \n\n\n            \n\n                    \n                \n\n            <div class=\"photo-grid__image\">\n\n                <figure>\n\n                    <img loading=\"lazy\" decoding=\"async\"  \n                        src=\"https:\/\/visualjournalism.de\/wp-content\/uploads\/Friedefreude-Erzgebirge_06-768x424.png\" \n                        srcset=\"https:\/\/visualjournalism.de\/wp-content\/uploads\/Friedefreude-Erzgebirge_06-768x424.png 768w, https:\/\/visualjournalism.de\/wp-content\/uploads\/Friedefreude-Erzgebirge_06-300x166.png 300w, https:\/\/visualjournalism.de\/wp-content\/uploads\/Friedefreude-Erzgebirge_06-1024x565.png 1024w, https:\/\/visualjournalism.de\/wp-content\/uploads\/Friedefreude-Erzgebirge_06-1536x848.png 1536w, https:\/\/visualjournalism.de\/wp-content\/uploads\/Friedefreude-Erzgebirge_06-2048x1130.png 2048w, https:\/\/visualjournalism.de\/wp-content\/uploads\/Friedefreude-Erzgebirge_06-1920x1059.png 1920w, https:\/\/visualjournalism.de\/wp-content\/uploads\/Friedefreude-Erzgebirge_06-1400x772.png 1400w, https:\/\/visualjournalism.de\/wp-content\/uploads\/Friedefreude-Erzgebirge_06-1050x579.png 1050w, https:\/\/visualjournalism.de\/wp-content\/uploads\/Friedefreude-Erzgebirge_06-670x370.png 670w, https:\/\/visualjournalism.de\/wp-content\/uploads\/Friedefreude-Erzgebirge_06-420x232.png 420w, https:\/\/visualjournalism.de\/wp-content\/uploads\/Friedefreude-Erzgebirge_06-350x193.png 350w\" \n                        width=\"768\"  \n                        height=\"424\" \n                        alt=\"\"  \n                    \/>\n\n                    \n                    \n                <\/figure>\n\n            <\/div><!-- photo-grid__image -->    \n\n\n            \n\n            \n<\/div>\n\n\n<p class=\"post__paragraph has-spacing--default\"><strong>Auf Demos versucht Pit, vor den Nazis zu gehen.<\/strong> \u00abIch fahre im Bus mit denselben Leuten nach Dresden, gegen die ich sp\u00e4ter demonstriere\u00bb, sagt er, \u00abund hoffe dann, dass sie mich nicht erkennen.\u00bb Wenn er die Quarzhandschuhe aus den Hosentaschen h\u00e4ngen sieht, wird ihm mulmig zumute. \u00abEin Schlag, und du hast erstmal einen kurzen Knock-out.\u00bb Trotzdem macht Pit weiter. Gerade hier, sagt er, sei es wichtig, nicht aufzugeben und andere Perspektiven aufzuzeigen. Wer bleibt sonst noch?<\/p>\n\n\n\n<p class=\"post__paragraph has-spacing--default\">F\u00fcr das filmische Portr\u00e4t \u00fcber Pit reisten Paula Baierlein, Jonathan Bar-Am und Killian K\u00e4mper mehrfach von Hannover nach Altenberg. \u00abLow Budget, mit Schlafsack und Isomatte. Geduscht wurde im Hallenbad, gedreht mit eigenem Equipment, erg\u00e4nzt durch Leihtechnik der Hochschule\u00bb, erz\u00e4hlen sie.<\/p>\n\n\n\n<p class=\"post__paragraph has-spacing--default\">Der Film wurde beim Kurzs\u00fcchtig-Filmfestival in Leipzig gezeigt und ist f\u00fcr den Deutschen Nachwuchsfilmpreis von up-and-coming, sowie das Europ\u00e4ische Filmfestival G\u00f6ttingen nominiert.<br><br><\/p>\n\n\n\n<div class=\"wp-block-group has-spacing--default has-spacing--default\">\n<div class=\"devider has-spacing--none\">\n    <hr>\n<\/div>\n\n\n \n\n    <div id=\"lead-in-block_7558cc9138f7be78954caf241ae29701\" class=\"block-lead-in typo--default font-size--xl has-spacing--s width--default\">\n        <p><strong>Empfehlungen der Redaktion:<\/strong><\/p>\n    <\/div>\n\n\n\n\r\n\r\n\r\n\n\n\r\n\r\n\r\n\r\n        <div class=\"teaser-grid grid-layout--3col has-spacing--s width--inline\">\r\n\r\n            \r\n                <article class=\"post-teaser\">\r\n\r\n                    <a href=\"https:\/\/visualjournalism.de\/en\/magazine\/sammeln\/sammeln-statt-jagen-eine-neue-geschichte-der-menschheit\/\" rel=\"permalink\">\r\n\r\n                        <div class=\"post-teaser__content\">\r\n\r\n                            <span class=\"entry-categories\">Sammeln<\/span>\r\n                            <h3 class=\"post-teaser__headline\">\r\n                                Sammeln statt Jagen: Eine neue Geschichte der Menschheit                            <\/h3>\r\n\r\n                            <div class=\"post-teaser__excerpt\">\r\n                                <p>Was, wenn der Ursprung der Menschheit nicht der Speer, sondern der Beutel war? Ursula K. Le Guin stellt die Geschichte auf den Kopf und macht aus dem Beutel ein Symbol f\u00fcr Menschlichkeit.<\/p>\r\n                            <\/div>\r\n\r\n                        <\/div><!-- .post-teaser__content -->\r\n\r\n\r\n                        \r\n                            <figure class=\"post-teaser__image\">\r\n                                <img loading=\"lazy\" decoding=\"async\"  \r\n                                    src=\"https:\/\/visualjournalism.de\/wp-content\/uploads\/Deppe_Simon_19-768x513.jpg\" \r\n                                    srcset=\"https:\/\/visualjournalism.de\/wp-content\/uploads\/Deppe_Simon_19-768x513.jpg 768w, https:\/\/visualjournalism.de\/wp-content\/uploads\/Deppe_Simon_19-300x200.jpg 300w, https:\/\/visualjournalism.de\/wp-content\/uploads\/Deppe_Simon_19-1024x684.jpg 1024w, https:\/\/visualjournalism.de\/wp-content\/uploads\/Deppe_Simon_19-1050x701.jpg 1050w, https:\/\/visualjournalism.de\/wp-content\/uploads\/Deppe_Simon_19-670x447.jpg 670w, https:\/\/visualjournalism.de\/wp-content\/uploads\/Deppe_Simon_19-420x280.jpg 420w, https:\/\/visualjournalism.de\/wp-content\/uploads\/Deppe_Simon_19-350x234.jpg 350w, https:\/\/visualjournalism.de\/wp-content\/uploads\/Deppe_Simon_19-150x100.jpg 150w, https:\/\/visualjournalism.de\/wp-content\/uploads\/Deppe_Simon_19.jpg 1200w\" \r\n                                    width=\"768\"  \r\n                                    height=\"513\" \r\n                                    alt=\"\"\r\n                                \/>\r\n                            <\/figure>\r\n\r\n                        \r\n                    \r\n                    <\/a>\r\n\r\n                <\/article><!--- .post-teaser-->\r\n\r\n            \r\n                <article class=\"post-teaser\">\r\n\r\n                    <a href=\"https:\/\/visualjournalism.de\/en\/magazine\/ratgeber\/die-richtige-beleuchtung-im-fotostudio\/\" rel=\"permalink\">\r\n\r\n                        <div class=\"post-teaser__content\">\r\n\r\n                            <span class=\"entry-categories\">Ratgeber<\/span>\r\n                            <h3 class=\"post-teaser__headline\">\r\n                                Beleuchtung im Fotostudio.                            <\/h3>\r\n\r\n                            <div class=\"post-teaser__excerpt\">\r\n                                <p>Das richtige Licht im Studio ist entscheidend f\u00fcr gelungene Studioaufnahmen. Wie aber gelingt die perfekte Ausleuchtung und welche Techniken gibt es?<\/p>\r\n                            <\/div>\r\n\r\n                        <\/div><!-- .post-teaser__content -->\r\n\r\n\r\n                        \r\n                            <figure class=\"post-teaser__image\">\r\n                                <img loading=\"lazy\" decoding=\"async\"  \r\n                                    src=\"https:\/\/visualjournalism.de\/wp-content\/uploads\/DSC06343-768x492.jpg\" \r\n                                    srcset=\"https:\/\/visualjournalism.de\/wp-content\/uploads\/DSC06343-768x492.jpg 768w, https:\/\/visualjournalism.de\/wp-content\/uploads\/DSC06343-300x192.jpg 300w, https:\/\/visualjournalism.de\/wp-content\/uploads\/DSC06343-1024x656.jpg 1024w, https:\/\/visualjournalism.de\/wp-content\/uploads\/DSC06343-1536x983.jpg 1536w, https:\/\/visualjournalism.de\/wp-content\/uploads\/DSC06343-2048x1311.jpg 2048w, https:\/\/visualjournalism.de\/wp-content\/uploads\/DSC06343-1920x1229.jpg 1920w, https:\/\/visualjournalism.de\/wp-content\/uploads\/DSC06343-1400x896.jpg 1400w, https:\/\/visualjournalism.de\/wp-content\/uploads\/DSC06343-1050x672.jpg 1050w, https:\/\/visualjournalism.de\/wp-content\/uploads\/DSC06343-670x429.jpg 670w, https:\/\/visualjournalism.de\/wp-content\/uploads\/DSC06343-420x269.jpg 420w, https:\/\/visualjournalism.de\/wp-content\/uploads\/DSC06343-350x224.jpg 350w, https:\/\/visualjournalism.de\/wp-content\/uploads\/DSC06343-150x96.jpg 150w\" \r\n                                    width=\"768\"  \r\n                                    height=\"492\" \r\n                                    alt=\"\"\r\n                                \/>\r\n                            <\/figure>\r\n\r\n                        \r\n                    \r\n                    <\/a>\r\n\r\n                <\/article><!--- .post-teaser-->\r\n\r\n            \r\n                <article class=\"post-teaser\">\r\n\r\n                    <a href=\"https:\/\/visualjournalism.de\/en\/magazine\/ratgeber\/kreative-blockaden\/\" rel=\"permalink\">\r\n\r\n                        <div class=\"post-teaser__content\">\r\n\r\n                            <span class=\"entry-categories\">Ratgeber<\/span>\r\n                            <h3 class=\"post-teaser__headline\">\r\n                                Kreative Blockaden:                            <\/h3>\r\n\r\n                            <div class=\"post-teaser__excerpt\">\r\n                                <p>Kreative Blockaden: Sie k\u00f6nnen frustrierend sein \u2013 m\u00fcssen es aber nicht bleiben. Erfahre, warum sie entstehen, was sie dir sagen wollen und wie du Schritt f\u00fcr Schritt wieder in deinen kreativen Flow findest.<\/p>\r\n                            <\/div>\r\n\r\n                        <\/div><!-- .post-teaser__content -->\r\n\r\n\r\n                        \r\n                            <figure class=\"post-teaser__image\">\r\n                                <img loading=\"lazy\" decoding=\"async\"  \r\n                                    src=\"https:\/\/visualjournalism.de\/wp-content\/uploads\/Max_Schlag-5-768x509.jpg\" \r\n                                    srcset=\"https:\/\/visualjournalism.de\/wp-content\/uploads\/Max_Schlag-5-768x509.jpg 768w, https:\/\/visualjournalism.de\/wp-content\/uploads\/Max_Schlag-5-300x199.jpg 300w, https:\/\/visualjournalism.de\/wp-content\/uploads\/Max_Schlag-5-1024x679.jpg 1024w, https:\/\/visualjournalism.de\/wp-content\/uploads\/Max_Schlag-5-1536x1019.jpg 1536w, https:\/\/visualjournalism.de\/wp-content\/uploads\/Max_Schlag-5-2048x1358.jpg 2048w, https:\/\/visualjournalism.de\/wp-content\/uploads\/Max_Schlag-5-1920x1273.jpg 1920w, https:\/\/visualjournalism.de\/wp-content\/uploads\/Max_Schlag-5-1400x928.jpg 1400w, https:\/\/visualjournalism.de\/wp-content\/uploads\/Max_Schlag-5-1050x696.jpg 1050w, https:\/\/visualjournalism.de\/wp-content\/uploads\/Max_Schlag-5-670x444.jpg 670w, https:\/\/visualjournalism.de\/wp-content\/uploads\/Max_Schlag-5-420x278.jpg 420w, https:\/\/visualjournalism.de\/wp-content\/uploads\/Max_Schlag-5-350x232.jpg 350w, https:\/\/visualjournalism.de\/wp-content\/uploads\/Max_Schlag-5-150x99.jpg 150w\" \r\n                                    width=\"768\"  \r\n                                    height=\"509\" \r\n                                    alt=\"glitzernde Wasseroberfl\u00e4che\"\r\n                                \/>\r\n                            <\/figure>\r\n\r\n                        \r\n                    \r\n                    <\/a>\r\n\r\n                <\/article><!--- .post-teaser-->\r\n\r\n            \r\n        <\/div><!-- .teaser-grid -->\r\n\r\n\n\n\r\n\r\n\r\n\n\n\n    <div class=\"btn-wrapper has-spacing--m\">\n        <a class=\"btn\" href=\"https:\/\/visualjournalism.de\/magazin\/\" target=\"_blank\">ZUR MAGAZIN-STARTSEITE<\/a>\n    <\/div>\n<\/div>\n","protected":false},"author":58,"featured_media":64554,"template":"","tags":[],"magazinkategorie":[200],"class_list":["post-64488","magazin","type-magazin","status-publish","has-post-thumbnail","hentry","magazinkategorie-was-uns-haelt"],"acf":[],"yoast_head":"<!-- This site is optimized with the Yoast SEO Premium plugin v27.3 (Yoast SEO v27.3) - https:\/\/yoast.com\/product\/yoast-seo-premium-wordpress\/ -->\n<title>Friede, Freude, Erzgebirge &#8211; Visual Journalism and Documentary Photography<\/title>\n<meta name=\"description\" content=\"Ein Blick auf den Trend rechtspopulistischer Parteien im Erzgebirge und die Bem\u00fchungen junger Menschen gegen diese Str\u00f6mungen.\" \/>\n<meta name=\"robots\" content=\"index, follow, max-snippet:-1, max-image-preview:large, max-video-preview:-1\" \/>\n<link rel=\"canonical\" href=\"https:\/\/visualjournalism.de\/en\/magazine\/was-uns-haelt\/links-im-land-der-rechten\/\" \/>\n<meta property=\"og:locale\" content=\"en_US\" \/>\n<meta property=\"og:type\" content=\"article\" \/>\n<meta property=\"og:title\" content=\"Friede, Freude, Erzgebirge\" \/>\n<meta property=\"og:description\" content=\"Ein Blick auf den Trend rechtspopulistischer Parteien im Erzgebirge und die Bem\u00fchungen junger Menschen gegen diese Str\u00f6mungen.\" \/>\n<meta property=\"og:url\" content=\"https:\/\/visualjournalism.de\/en\/magazine\/was-uns-haelt\/links-im-land-der-rechten\/\" \/>\n<meta property=\"og:site_name\" content=\"Visual Journalism and Documentary Photography\" \/>\n<meta property=\"article:publisher\" content=\"https:\/\/www.facebook.com\/people\/wwwfotostudentende\/100065173703897\/\" \/>\n<meta property=\"article:modified_time\" content=\"2025-11-19T07:36:48+00:00\" \/>\n<meta property=\"og:image\" content=\"https:\/\/visualjournalism.de\/wp-content\/uploads\/Friedefreude-Erzgebirge_08-1024x565.png\" \/>\n\t<meta property=\"og:image:width\" content=\"1024\" \/>\n\t<meta property=\"og:image:height\" content=\"565\" \/>\n\t<meta property=\"og:image:type\" content=\"image\/png\" \/>\n<meta name=\"twitter:card\" content=\"summary_large_image\" \/>\n<meta name=\"twitter:site\" content=\"@HsHannover\" \/>\n<meta name=\"twitter:label1\" content=\"Est. reading time\" \/>\n\t<meta name=\"twitter:data1\" content=\"7 minutes\" \/>\n<script type=\"application\/ld+json\" class=\"yoast-schema-graph\">{\"@context\":\"https:\\\/\\\/schema.org\",\"@graph\":[{\"@type\":\"WebPage\",\"@id\":\"https:\\\/\\\/visualjournalism.de\\\/en\\\/magazine\\\/was-uns-haelt\\\/links-im-land-der-rechten\\\/\",\"url\":\"https:\\\/\\\/visualjournalism.de\\\/en\\\/magazine\\\/was-uns-haelt\\\/links-im-land-der-rechten\\\/\",\"name\":\"Friede, Freude, Erzgebirge &#8211; Visual Journalism and Documentary Photography\",\"isPartOf\":{\"@id\":\"https:\\\/\\\/visualjournalism.de\\\/en\\\/#website\"},\"primaryImageOfPage\":{\"@id\":\"https:\\\/\\\/visualjournalism.de\\\/en\\\/magazine\\\/was-uns-haelt\\\/links-im-land-der-rechten\\\/#primaryimage\"},\"image\":{\"@id\":\"https:\\\/\\\/visualjournalism.de\\\/en\\\/magazine\\\/was-uns-haelt\\\/links-im-land-der-rechten\\\/#primaryimage\"},\"thumbnailUrl\":\"https:\\\/\\\/visualjournalism.de\\\/wp-content\\\/uploads\\\/Friedefreude-Erzgebirge_08-scaled.png\",\"datePublished\":\"2025-11-05T12:09:53+00:00\",\"dateModified\":\"2025-11-19T07:36:48+00:00\",\"description\":\"Ein Blick auf den Trend rechtspopulistischer Parteien im Erzgebirge und die Bem\u00fchungen junger Menschen gegen diese Str\u00f6mungen.\",\"breadcrumb\":{\"@id\":\"https:\\\/\\\/visualjournalism.de\\\/en\\\/magazine\\\/was-uns-haelt\\\/links-im-land-der-rechten\\\/#breadcrumb\"},\"inLanguage\":\"en-US\",\"potentialAction\":[{\"@type\":\"ReadAction\",\"target\":[\"https:\\\/\\\/visualjournalism.de\\\/en\\\/magazine\\\/was-uns-haelt\\\/links-im-land-der-rechten\\\/\"]}]},{\"@type\":\"ImageObject\",\"inLanguage\":\"en-US\",\"@id\":\"https:\\\/\\\/visualjournalism.de\\\/en\\\/magazine\\\/was-uns-haelt\\\/links-im-land-der-rechten\\\/#primaryimage\",\"url\":\"https:\\\/\\\/visualjournalism.de\\\/wp-content\\\/uploads\\\/Friedefreude-Erzgebirge_08-scaled.png\",\"contentUrl\":\"https:\\\/\\\/visualjournalism.de\\\/wp-content\\\/uploads\\\/Friedefreude-Erzgebirge_08-scaled.png\",\"width\":2560,\"height\":1413},{\"@type\":\"BreadcrumbList\",\"@id\":\"https:\\\/\\\/visualjournalism.de\\\/en\\\/magazine\\\/was-uns-haelt\\\/links-im-land-der-rechten\\\/#breadcrumb\",\"itemListElement\":[{\"@type\":\"ListItem\",\"position\":1,\"name\":\"Home\",\"item\":\"https:\\\/\\\/visualjournalism.de\\\/en\\\/\"},{\"@type\":\"ListItem\",\"position\":2,\"name\":\"Magazin\",\"item\":\"https:\\\/\\\/visualjournalism.de\\\/en\\\/magazine\\\/\"},{\"@type\":\"ListItem\",\"position\":3,\"name\":\"Friede, Freude, Erzgebirge\"}]},{\"@type\":\"WebSite\",\"@id\":\"https:\\\/\\\/visualjournalism.de\\\/en\\\/#website\",\"url\":\"https:\\\/\\\/visualjournalism.de\\\/en\\\/\",\"name\":\"Visual Journalism and Documentary Photography\",\"description\":\"All about the bilingual bachelor&#039;s program at Hannover University of Applied Sciences and Arts.\",\"publisher\":{\"@id\":\"https:\\\/\\\/visualjournalism.de\\\/en\\\/#organization\"},\"alternateName\":\"visualjournalism.de\",\"potentialAction\":[{\"@type\":\"SearchAction\",\"target\":{\"@type\":\"EntryPoint\",\"urlTemplate\":\"https:\\\/\\\/visualjournalism.de\\\/en\\\/?s={search_term_string}\"},\"query-input\":{\"@type\":\"PropertyValueSpecification\",\"valueRequired\":true,\"valueName\":\"search_term_string\"}}],\"inLanguage\":\"en-US\"},{\"@type\":\"Organization\",\"@id\":\"https:\\\/\\\/visualjournalism.de\\\/en\\\/#organization\",\"name\":\"Hochschule Hannover \u2013 University of Applied Sciences and Arts\",\"alternateName\":\"HsH\",\"url\":\"https:\\\/\\\/visualjournalism.de\\\/en\\\/\",\"logo\":{\"@type\":\"ImageObject\",\"inLanguage\":\"en-US\",\"@id\":\"https:\\\/\\\/visualjournalism.de\\\/en\\\/#\\\/schema\\\/logo\\\/image\\\/\",\"url\":\"https:\\\/\\\/visualjournalism.de\\\/wp-content\\\/uploads\\\/logo-hochschule-hannover.png\",\"contentUrl\":\"https:\\\/\\\/visualjournalism.de\\\/wp-content\\\/uploads\\\/logo-hochschule-hannover.png\",\"width\":363,\"height\":270,\"caption\":\"Hochschule Hannover \u2013 University of Applied Sciences and Arts\"},\"image\":{\"@id\":\"https:\\\/\\\/visualjournalism.de\\\/en\\\/#\\\/schema\\\/logo\\\/image\\\/\"},\"sameAs\":[\"https:\\\/\\\/www.facebook.com\\\/people\\\/wwwfotostudentende\\\/100065173703897\\\/\",\"https:\\\/\\\/x.com\\\/HsHannover\",\"https:\\\/\\\/www.instagram.com\\\/visualjournalism.de\\\/\"]}]}<\/script>\n<!-- \/ Yoast SEO Premium plugin. -->","yoast_head_json":{"title":"Friede, Freude, Erzgebirge &#8211; Visual Journalism and Documentary Photography","description":"Ein Blick auf den Trend rechtspopulistischer Parteien im Erzgebirge und die Bem\u00fchungen junger Menschen gegen diese Str\u00f6mungen.","robots":{"index":"index","follow":"follow","max-snippet":"max-snippet:-1","max-image-preview":"max-image-preview:large","max-video-preview":"max-video-preview:-1"},"canonical":"https:\/\/visualjournalism.de\/en\/magazine\/was-uns-haelt\/links-im-land-der-rechten\/","og_locale":"en_US","og_type":"article","og_title":"Friede, Freude, Erzgebirge","og_description":"Ein Blick auf den Trend rechtspopulistischer Parteien im Erzgebirge und die Bem\u00fchungen junger Menschen gegen diese Str\u00f6mungen.","og_url":"https:\/\/visualjournalism.de\/en\/magazine\/was-uns-haelt\/links-im-land-der-rechten\/","og_site_name":"Visual Journalism and Documentary Photography","article_publisher":"https:\/\/www.facebook.com\/people\/wwwfotostudentende\/100065173703897\/","article_modified_time":"2025-11-19T07:36:48+00:00","og_image":[{"width":1024,"height":565,"url":"https:\/\/visualjournalism.de\/wp-content\/uploads\/Friedefreude-Erzgebirge_08-1024x565.png","type":"image\/png"}],"twitter_card":"summary_large_image","twitter_site":"@HsHannover","twitter_misc":{"Est. reading time":"7 minutes"},"schema":{"@context":"https:\/\/schema.org","@graph":[{"@type":"WebPage","@id":"https:\/\/visualjournalism.de\/en\/magazine\/was-uns-haelt\/links-im-land-der-rechten\/","url":"https:\/\/visualjournalism.de\/en\/magazine\/was-uns-haelt\/links-im-land-der-rechten\/","name":"Friede, Freude, Erzgebirge &#8211; Visual Journalism and Documentary Photography","isPartOf":{"@id":"https:\/\/visualjournalism.de\/en\/#website"},"primaryImageOfPage":{"@id":"https:\/\/visualjournalism.de\/en\/magazine\/was-uns-haelt\/links-im-land-der-rechten\/#primaryimage"},"image":{"@id":"https:\/\/visualjournalism.de\/en\/magazine\/was-uns-haelt\/links-im-land-der-rechten\/#primaryimage"},"thumbnailUrl":"https:\/\/visualjournalism.de\/wp-content\/uploads\/Friedefreude-Erzgebirge_08-scaled.png","datePublished":"2025-11-05T12:09:53+00:00","dateModified":"2025-11-19T07:36:48+00:00","description":"Ein Blick auf den Trend rechtspopulistischer Parteien im Erzgebirge und die Bem\u00fchungen junger Menschen gegen diese Str\u00f6mungen.","breadcrumb":{"@id":"https:\/\/visualjournalism.de\/en\/magazine\/was-uns-haelt\/links-im-land-der-rechten\/#breadcrumb"},"inLanguage":"en-US","potentialAction":[{"@type":"ReadAction","target":["https:\/\/visualjournalism.de\/en\/magazine\/was-uns-haelt\/links-im-land-der-rechten\/"]}]},{"@type":"ImageObject","inLanguage":"en-US","@id":"https:\/\/visualjournalism.de\/en\/magazine\/was-uns-haelt\/links-im-land-der-rechten\/#primaryimage","url":"https:\/\/visualjournalism.de\/wp-content\/uploads\/Friedefreude-Erzgebirge_08-scaled.png","contentUrl":"https:\/\/visualjournalism.de\/wp-content\/uploads\/Friedefreude-Erzgebirge_08-scaled.png","width":2560,"height":1413},{"@type":"BreadcrumbList","@id":"https:\/\/visualjournalism.de\/en\/magazine\/was-uns-haelt\/links-im-land-der-rechten\/#breadcrumb","itemListElement":[{"@type":"ListItem","position":1,"name":"Home","item":"https:\/\/visualjournalism.de\/en\/"},{"@type":"ListItem","position":2,"name":"Magazin","item":"https:\/\/visualjournalism.de\/en\/magazine\/"},{"@type":"ListItem","position":3,"name":"Friede, Freude, Erzgebirge"}]},{"@type":"WebSite","@id":"https:\/\/visualjournalism.de\/en\/#website","url":"https:\/\/visualjournalism.de\/en\/","name":"Visual Journalism and Documentary Photography","description":"All about the bilingual bachelor&#039;s program at Hannover University of Applied Sciences and Arts.","publisher":{"@id":"https:\/\/visualjournalism.de\/en\/#organization"},"alternateName":"visualjournalism.de","potentialAction":[{"@type":"SearchAction","target":{"@type":"EntryPoint","urlTemplate":"https:\/\/visualjournalism.de\/en\/?s={search_term_string}"},"query-input":{"@type":"PropertyValueSpecification","valueRequired":true,"valueName":"search_term_string"}}],"inLanguage":"en-US"},{"@type":"Organization","@id":"https:\/\/visualjournalism.de\/en\/#organization","name":"Hochschule Hannover \u2013 University of Applied Sciences and Arts","alternateName":"HsH","url":"https:\/\/visualjournalism.de\/en\/","logo":{"@type":"ImageObject","inLanguage":"en-US","@id":"https:\/\/visualjournalism.de\/en\/#\/schema\/logo\/image\/","url":"https:\/\/visualjournalism.de\/wp-content\/uploads\/logo-hochschule-hannover.png","contentUrl":"https:\/\/visualjournalism.de\/wp-content\/uploads\/logo-hochschule-hannover.png","width":363,"height":270,"caption":"Hochschule Hannover \u2013 University of Applied Sciences and Arts"},"image":{"@id":"https:\/\/visualjournalism.de\/en\/#\/schema\/logo\/image\/"},"sameAs":["https:\/\/www.facebook.com\/people\/wwwfotostudentende\/100065173703897\/","https:\/\/x.com\/HsHannover","https:\/\/www.instagram.com\/visualjournalism.de\/"]}]}},"_links":{"self":[{"href":"https:\/\/visualjournalism.de\/en\/wp-json\/wp\/v2\/magazin\/64488","targetHints":{"allow":["GET"]}}],"collection":[{"href":"https:\/\/visualjournalism.de\/en\/wp-json\/wp\/v2\/magazin"}],"about":[{"href":"https:\/\/visualjournalism.de\/en\/wp-json\/wp\/v2\/types\/magazin"}],"author":[{"embeddable":true,"href":"https:\/\/visualjournalism.de\/en\/wp-json\/wp\/v2\/users\/58"}],"version-history":[{"count":47,"href":"https:\/\/visualjournalism.de\/en\/wp-json\/wp\/v2\/magazin\/64488\/revisions"}],"predecessor-version":[{"id":65610,"href":"https:\/\/visualjournalism.de\/en\/wp-json\/wp\/v2\/magazin\/64488\/revisions\/65610"}],"wp:featuredmedia":[{"embeddable":true,"href":"https:\/\/visualjournalism.de\/en\/wp-json\/wp\/v2\/media\/64554"}],"wp:attachment":[{"href":"https:\/\/visualjournalism.de\/en\/wp-json\/wp\/v2\/media?parent=64488"}],"wp:term":[{"taxonomy":"post_tag","embeddable":true,"href":"https:\/\/visualjournalism.de\/en\/wp-json\/wp\/v2\/tags?post=64488"},{"taxonomy":"magazinkategorie","embeddable":true,"href":"https:\/\/visualjournalism.de\/en\/wp-json\/wp\/v2\/magazinkategorie?post=64488"}],"curies":[{"name":"wp","href":"https:\/\/api.w.org\/{rel}","templated":true}]}}