{"id":66089,"date":"2026-01-15T23:35:03","date_gmt":"2026-01-15T21:35:03","guid":{"rendered":"https:\/\/visualjournalism.de\/?post_type=magazin&#038;p=66089"},"modified":"2026-04-17T11:24:33","modified_gmt":"2026-04-17T09:24:33","slug":"so-schaffst-du-es-gute-portraets-zu-machen","status":"publish","type":"magazin","link":"https:\/\/visualjournalism.de\/en\/magazine\/ratgeber\/so-schaffst-du-es-gute-portraets-zu-machen\/","title":{"rendered":"So schaffst du es, gute Portr\u00e4ts zu machen."},"content":{"rendered":"\n \n\n    <div id=\"lead-in-block_883529494a0b5187170f8aa1225873bf\" class=\"block-lead-in typo--default font-size--default has-spacing--m width--default\">\n        <p><span class=\"TextRun SCXW11829285 BCX4\" lang=\"DE-DE\" xml:lang=\"DE-DE\" data-contrast=\"auto\"><span class=\"NormalTextRun SCXW11829285 BCX4\"><strong>So schaffst du es, gute Portr\u00e4ts zu machen.<\/strong> Renommierte Fotograf*innen erz\u00e4hlen<\/span><span class=\"NormalTextRun SCXW11829285 BCX4\">, wie sie in der Praxis mit Schwierigkeiten bei Portr\u00e4tshootings umgehen und wieso Posen manchmal ehrlicher sind, als man denkt.<\/span><\/span><span class=\"EOP SCXW11829285 BCX4\" data-ccp-props=\"{&quot;134233117&quot;:false,&quot;134233118&quot;:false,&quot;201341983&quot;:0,&quot;335551550&quot;:1,&quot;335551620&quot;:1,&quot;335559685&quot;:0,&quot;335559737&quot;:0,&quot;335559738&quot;:0,&quot;335559739&quot;:160,&quot;335559740&quot;:279}\">\u00a0<\/span><\/p>\n<div class=\"entry-meta\">\r\n    <span class=\"posted-on\"><a href=\"https:\/\/visualjournalism.de\/en\/magazine\/ratgeber\/so-schaffst-du-es-gute-portraets-zu-machen\/\" rel=\"bookmark\"><time class=\"entry-date published\" datetime=\"2026-01-15T23:35:03+02:00\">15.01.2026<\/time><\/a><\/span><span class=\"byline\">Redaktion: <span class=\"author vcard\"><span class=\"fn n\">Lukas Martin<\/span><\/span><\/span><\/div><!-- .entry-meta -->\r\n    <\/div>\n\n\n\n    <figure class=\"block-photo post__image--wide-left has-spacing--m with-title\">\n\n        <div class=\"post__image__container\">\n            <img loading=\"lazy\" decoding=\"async\" \n                src=\"https:\/\/visualjournalism.de\/wp-content\/uploads\/2026\/01\/image-5-1050x591.jpg\"\n                srcset=\"https:\/\/visualjournalism.de\/wp-content\/uploads\/2026\/01\/image-5-1050x591.jpg 1050w, https:\/\/visualjournalism.de\/wp-content\/uploads\/2026\/01\/image-5-300x169.jpg 300w, https:\/\/visualjournalism.de\/wp-content\/uploads\/2026\/01\/image-5-1024x576.jpg 1024w, https:\/\/visualjournalism.de\/wp-content\/uploads\/2026\/01\/image-5-768x432.jpg 768w, https:\/\/visualjournalism.de\/wp-content\/uploads\/2026\/01\/image-5-1536x864.jpg 1536w, https:\/\/visualjournalism.de\/wp-content\/uploads\/2026\/01\/image-5-1400x788.jpg 1400w, https:\/\/visualjournalism.de\/wp-content\/uploads\/2026\/01\/image-5-670x377.jpg 670w, https:\/\/visualjournalism.de\/wp-content\/uploads\/2026\/01\/image-5-420x236.jpg 420w, https:\/\/visualjournalism.de\/wp-content\/uploads\/2026\/01\/image-5-350x197.jpg 350w, https:\/\/visualjournalism.de\/wp-content\/uploads\/2026\/01\/image-5-150x84.jpg 150w, https:\/\/visualjournalism.de\/wp-content\/uploads\/2026\/01\/image-5.jpg 1600w\"\n                width=\"1050\" \n                height=\"591\"\n                alt=\"\" \n            \/>\n            \n                            <span class=\"post__image__title\">Foto: Robin Simeon Tielker<\/span>\n                    <\/div><!-- post__image__container -->\n\n        \n    <\/figure><!-- post__image -->\n\n\n\n\n<p class=\"post__paragraph is-style-default has-spacing--default\"><strong>Schon eine Stunde vor ihrem Treffen <\/strong>mit dem Journalisten Roberto Saviano betritt Franziska Gilli den Park. Der Ort wurde vom Team Savianos ausgesucht, um m\u00f6glichst wenig Aufmerksamkeit zu erzeugen.&nbsp;Seit&nbsp;der Ver\u00f6ffentlichung seines Buches&nbsp;\u00abGomorrha\u00bb<em>&nbsp;<\/em>\u00fcber die&nbsp;mafi\u00f6sen Strukturen in seiner Heimatstadt Neapel, erh\u00e4lt er Morddrohungen. Deshalb bewegt sich Saviano nur noch mit Personenschutz in der \u00d6ffentlichkeit. F\u00fcr einen Zeitungsbeitrag \u00fcber das Leben des Journalisten, soll Fotografin Franziska Gilli geeignete Portr\u00e4ts anfertigen.<\/p>\n\n\n\n<p class=\"post__paragraph is-style-default has-spacing--m\">W\u00e4hrend sie auf die Eskorte wartet, scannt sie bereits die Umgebung. Sie sucht nach grafischen Elementen, nach Architektur oder Natur, die dem Bild eine Struktur geben k\u00f6nnten. Ihr Blick bleibt an einer Palme h\u00e4ngen.<\/p>\n\n\n\n<div class=\"devider has-spacing--none\">\n    <hr>\n<\/div>\n\n\n \n    \n    <div id=\"quote-block_f696d47f346c1d53775cd2cb7e7da81b\" class=\"block-quote has-spacing--m\">\n        <figure class=\"quote\">\n            <blockquote>\n                <p><strong>Ich wusste vorher<\/strong> gar nicht: Wird er das \u00fcberhaupt mitmachen?<\/p>\n            <\/blockquote>\n\n            <figcaption>\n\n                            <img loading=\"lazy\" decoding=\"async\" class=\"portrait--inline\" src=\"https:\/\/visualjournalism.de\/wp-content\/uploads\/Franziska-Gilli_Foto-Daniel-Pilar-1-52x52.jpg\" width=\"52\" height=\"52\" alt=\"\" \/>\n                            <span>Franziska Gilli<\/span>\n            <\/figcaption>\n            \n        <\/figure>\n    <\/div>\n\n\n\n\n<p class=\"post__paragraph has-spacing--default\">Eine intuitive Idee formt sich: Sie will Ihn mitten in die stacheligen Bl\u00e4tter der Palme platzieren. Gilli ist sich allerdings unsicher: \u00abWird er das \u00fcberhaupt mitmachen?\u00bb. Stellt sich ein Mann, dessen Leben von einer sehr realen Bedrohung \u00fcberschattet wird, f\u00fcr ein Foto in ein Geb\u00fcsch?<\/p>\n\n\n\n<p class=\"post__paragraph has-spacing--default\">Als Saviano im Park eintrifft, macht Gilli ihren Vorschlag f\u00fcr das Foto. Saviano, der durch jahrelange mediale Pr\u00e4senz Routine im Umgang mit Kameras hat, l\u00e4sst sich darauf ein. Das resultierende Bild wirkt zun\u00e4chst konstruiert, fast surreal. <\/p>\n\n\n\n<p class=\"post__paragraph has-spacing--m\">Doch im Prozess dieser bewussten Inszenierung entsteht eine visuelle Metapher: Die stachelige Enge der Pflanze verbindet sich mit seiner Lebensrealit\u00e4t. \u00abIch probiere das einfach aus und gucke, ob es eine zweite Ebene bekommt\u00bb, erkl\u00e4rt Gilli ihren Ansatz. Erst wenn diese zweite Ebene auftaucht, bricht sie die \u00dcberinszenierung auf und macht etwas sichtbar, das \u00fcber das blo\u00dfe Abbild hinausgeht.<\/p>\n\n\n    <figure class=\"block-photo post__image--full has-spacing--m with-title\">\n\n        <div class=\"post__image__container\">\n            <img loading=\"lazy\" decoding=\"async\" \n                src=\"https:\/\/visualjournalism.de\/wp-content\/uploads\/2025\/12\/Projekt_Saviano_27-1400x933.jpg\"\n                srcset=\"https:\/\/visualjournalism.de\/wp-content\/uploads\/2025\/12\/Projekt_Saviano_27-1400x933.jpg 1400w, https:\/\/visualjournalism.de\/wp-content\/uploads\/2025\/12\/Projekt_Saviano_27-300x200.jpg 300w, https:\/\/visualjournalism.de\/wp-content\/uploads\/2025\/12\/Projekt_Saviano_27-1024x682.jpg 1024w, https:\/\/visualjournalism.de\/wp-content\/uploads\/2025\/12\/Projekt_Saviano_27-768x512.jpg 768w, https:\/\/visualjournalism.de\/wp-content\/uploads\/2025\/12\/Projekt_Saviano_27-1536x1024.jpg 1536w, https:\/\/visualjournalism.de\/wp-content\/uploads\/2025\/12\/Projekt_Saviano_27-1920x1280.jpg 1920w, https:\/\/visualjournalism.de\/wp-content\/uploads\/2025\/12\/Projekt_Saviano_27-1050x700.jpg 1050w, https:\/\/visualjournalism.de\/wp-content\/uploads\/2025\/12\/Projekt_Saviano_27-670x447.jpg 670w, https:\/\/visualjournalism.de\/wp-content\/uploads\/2025\/12\/Projekt_Saviano_27-420x280.jpg 420w, https:\/\/visualjournalism.de\/wp-content\/uploads\/2025\/12\/Projekt_Saviano_27-350x233.jpg 350w, https:\/\/visualjournalism.de\/wp-content\/uploads\/2025\/12\/Projekt_Saviano_27-150x100.jpg 150w, https:\/\/visualjournalism.de\/wp-content\/uploads\/2025\/12\/Projekt_Saviano_27.jpg 2000w\"\n                width=\"1400\" \n                height=\"933\"\n                alt=\"\" \n            \/>\n            \n                            <span class=\"post__image__title\">Roberto Saviano, italienischer Journalist und Mafia-Buchautor, Einzelportrait, Literatur, Journalismus, Europa, Italien, Rom, Park der Villa Torlonia, 29.02.2024.\r\rEngl.: Roberto Saviano, Italian journalist and writer, individual portrait, literature, journalism, Europe, Italy, Rome, park of Villa Torlonia, February 29, 2024.<\/span>\n                    <\/div><!-- post__image__container -->\n\n        \n    <\/figure><!-- post__image -->\n\n\n\n\n<p class=\"post__paragraph has-spacing--default\">Die Geschichte von Saviano in der Palme verdeutlicht ein gro\u00dfes Paradox in der Portr\u00e4tfotografie: Oft ist es der bewusste Eingriff, welcher den Weg zu einer tieferen Wahrheit ebnet. Authentizit\u00e4t ist in diesem Kontext kein gl\u00fccklicher Zufall, sondern das Ergebnis einer gezielten Strategie und einer Kollaboration zwischen den Beteiligten.<\/p>\n\n\n\n<p class=\"post__paragraph has-spacing--m\">Wie man diesen schmalen Grat zwischen Inszenierung und Ehrlichkeit in der t\u00e4glichen Arbeit meistert, zeigen Franziska Gilli und Florian M\u00fcller in den folgenden sechs praktischen Schritten. Sie geben einen Einblick in ihren Werkzeugkasten und verraten, wie sie Protagonist*innen dazu bringen, ihre innere Distanz zur Kamera zu \u00fcberwinden.<\/p>\n\n\n\n<div class=\"wp-block-group has-color-2-background-color has-background has-spacing--m\">\n<div class=\"pinned-block has-spacing--m\">\n\t\n\n<div class=\"pinned-block__column--left\">\n    \n\n<p class=\"post__paragraph is-style-typo--soehne has-spacing--default\"><strong>Franziska Gilli wurde 1987 in Bozen,<\/strong> Italien geboren und ist freiberufliche Fotografin mit Sitz in Hannover. Ihr breit gef\u00e4chertes Portfolio befasst sich mit Themen aus dem sozialen, kulturellen und wirtschaftlichen Bereich, die sie sowohl im Rahmen unabh\u00e4ngiger Fotojournalismusprojekte als auch in Auftragsarbeiten untersucht.<\/p>\n\n\n\n<p class=\"post__paragraph is-style-typo--soehne has-spacing--default\">Fundierte Recherchen sind der Schl\u00fcssel zu ihrer Herangehensweise an solche Themen, ebenso wie ihr leidenschaftliches Interesse daran, wie Menschen soziale Systeme pr\u00e4gen und gleichzeitig von ihnen gepr\u00e4gt werden. Dabei betrachtet sie ihre Kamera als politisches und kulturelles Werkzeug, das es ihr erm\u00f6glicht, ein neues Verst\u00e4ndnis und eine neue Erfahrung des Themas zu vermitteln.<\/p>\n\n\n<\/div>\n\n\n<div class=\"pinned-block__column--right\">\n    \n    <figure class=\"block-photo post__image--full has-spacing--m with-title\">\n\n        <div class=\"post__image__container\">\n            <img loading=\"lazy\" decoding=\"async\" \n                src=\"https:\/\/visualjournalism.de\/wp-content\/uploads\/Franziska-Gilli_Foto-Daniel-Pilar-1.jpg\"\n                srcset=\"https:\/\/visualjournalism.de\/wp-content\/uploads\/Franziska-Gilli_Foto-Daniel-Pilar-1.jpg 1364w, https:\/\/visualjournalism.de\/wp-content\/uploads\/Franziska-Gilli_Foto-Daniel-Pilar-1-200x300.jpg 200w, https:\/\/visualjournalism.de\/wp-content\/uploads\/Franziska-Gilli_Foto-Daniel-Pilar-1-682x1024.jpg 682w, https:\/\/visualjournalism.de\/wp-content\/uploads\/Franziska-Gilli_Foto-Daniel-Pilar-1-768x1153.jpg 768w, https:\/\/visualjournalism.de\/wp-content\/uploads\/Franziska-Gilli_Foto-Daniel-Pilar-1-1023x1536.jpg 1023w, https:\/\/visualjournalism.de\/wp-content\/uploads\/Franziska-Gilli_Foto-Daniel-Pilar-1-1050x1577.jpg 1050w, https:\/\/visualjournalism.de\/wp-content\/uploads\/Franziska-Gilli_Foto-Daniel-Pilar-1-670x1006.jpg 670w, https:\/\/visualjournalism.de\/wp-content\/uploads\/Franziska-Gilli_Foto-Daniel-Pilar-1-420x631.jpg 420w, https:\/\/visualjournalism.de\/wp-content\/uploads\/Franziska-Gilli_Foto-Daniel-Pilar-1-350x526.jpg 350w, https:\/\/visualjournalism.de\/wp-content\/uploads\/Franziska-Gilli_Foto-Daniel-Pilar-1-300x450.jpg 300w, https:\/\/visualjournalism.de\/wp-content\/uploads\/Franziska-Gilli_Foto-Daniel-Pilar-1-150x225.jpg 150w\"\n                width=\"1364\" \n                height=\"2048\"\n                alt=\"\" \n            \/>\n            \n                            <span class=\"post__image__title\">\u00a9Daniel Pilar<\/span>\n                    <\/div><!-- post__image__container -->\n\n        \n    <\/figure><!-- post__image -->\n\n\n\n<\/div>\n<\/div><\/div>\n\n\n\n    <div class=\"headline-block has-spacing--xs\">\n\n        <h2 class=\"post__headline\">So gelingt auch dir in 6 Schritten ein starkes Portr\u00e4t!<\/h2>\n\n        \n    <\/div>\n\n    \n\n\n\n\n<p class=\"post__paragraph has-spacing--m\">Die Fotojournalist*innen Franziska Gilli und Florian M\u00fcller teilen ihre Erfahrungen in der Portr\u00e4tfotografie. In sechs konkreten Schritten helfen sie dir, dein n\u00e4chstes Shooting zu meistern.<\/p>\n\n\n\n    <div class=\"headline-block has-spacing--xs\">\n\n        <h2 class=\"post__headline\">1. Recherche und Vorbereitung <\/h2>\n\n        \n    <\/div>\n\n    \n\n\n\n\n<p class=\"post__paragraph has-spacing--m\">Ein starkes Bild beginnt im Kopf. F\u00fcr Florian M\u00fcller hat die Recherche zun\u00e4chst pragmatische&nbsp;Gr\u00fcnde, etwa um zu wissen, ob er eine Leiter braucht, um mit einer sehr gro\u00dfen Person auf Augenh\u00f6he zu bleiben. Vor allem aber dient das Vorwissen dazu, Wiederholungen zu vermeiden. Wer nicht wei\u00df, wie eine Person medial bereits dargestellt wurde, l\u00e4uft Gefahr, lediglich bekannte Klischees zu reproduzieren.&nbsp;<br><br>Auch Franziska Gilli nutzt die Vorbereitung, um Basisinformationen zu sammeln. Sie warnt jedoch davor, mit einem zu festen Bild im Kopf in das Shooting zu gehen. Das Ziel ist eine Balance: Informiert sein, um die Person ernst zu nehmen, aber offen genug bleiben, um den Menschen im Moment der Begegnung unvoreingenommen wahrzunehmen.&nbsp;<\/p>\n\n\n\n<div class=\"wp-block-group has-color-2-background-color has-background has-spacing--m\">\n<div class=\"pinned-block has-spacing--m\">\n\t\n\n<div class=\"pinned-block__column--left\">\n    \n    <figure class=\"block-photo post__image--full has-spacing--m with-title\">\n\n        <div class=\"post__image__container\">\n            <img loading=\"lazy\" decoding=\"async\" \n                src=\"https:\/\/visualjournalism.de\/wp-content\/uploads\/2025\/12\/1806-florian-mueller-autorenfoto-jpg-100-768xauto.jpg\"\n                srcset=\"https:\/\/visualjournalism.de\/wp-content\/uploads\/2025\/12\/1806-florian-mueller-autorenfoto-jpg-100-768xauto.jpg 768w, https:\/\/visualjournalism.de\/wp-content\/uploads\/2025\/12\/1806-florian-mueller-autorenfoto-jpg-100-768xauto-300x169.jpg 300w, https:\/\/visualjournalism.de\/wp-content\/uploads\/2025\/12\/1806-florian-mueller-autorenfoto-jpg-100-768xauto-670x377.jpg 670w, https:\/\/visualjournalism.de\/wp-content\/uploads\/2025\/12\/1806-florian-mueller-autorenfoto-jpg-100-768xauto-420x236.jpg 420w, https:\/\/visualjournalism.de\/wp-content\/uploads\/2025\/12\/1806-florian-mueller-autorenfoto-jpg-100-768xauto-350x197.jpg 350w, https:\/\/visualjournalism.de\/wp-content\/uploads\/2025\/12\/1806-florian-mueller-autorenfoto-jpg-100-768xauto-150x84.jpg 150w\"\n                width=\"768\" \n                height=\"432\"\n                alt=\"\" \n            \/>\n            \n                            <span class=\"post__image__title\">Foto: Rafael Gruber<\/span>\n                    <\/div><!-- post__image__container -->\n\n        \n    <\/figure><!-- post__image -->\n\n\n\n<\/div>\n\n\n<div class=\"pinned-block__column--right\">\n    \n\n<p class=\"post__paragraph is-style-typo--soehne has-spacing--default\"><strong>Florian M\u00fcller ist Dokumentarfotograf<\/strong> und arbeitet haupts\u00e4chlich an umfangreichen Langzeitprojekten. Als Fotograf f\u00fchlt er sich der Tradition der sozialen Dokumentarfotografie verpflichtet, versuche aber gleichzeitig, deren Grenzen zu erweitern, indem er zus\u00e4tzliche Medien wie Objets trouv\u00e9s oder Screenshots in seine Arbeit einbezieht, um neue visuelle Ans\u00e4tze f\u00fcr relevante Themen zu finden.<\/p>\n\n\n\n<p class=\"post__paragraph is-style-typo--soehne has-spacing--default\">Neben meiner pers\u00f6nlichen fotografischen Praxis arbeitet er f\u00fcr Zeitschriften, Stiftungen und NGOs sowie f\u00fcr Firmenkunden und unterrichtet in Workshops und als Gastdozent an der Hochschule f\u00fcr angewandte Wissenschaften und K\u00fcnste Hannover im Bereich fotografisches Storytelling.<\/p>\n\n\n<\/div>\n<\/div><\/div>\n\n\n\n    <div class=\"headline-block has-spacing--xs\">\n\n        <h2 class=\"post__headline\">2. Location und Zeitmanagement\u00a0<\/h2>\n\n        \n    <\/div>\n\n    \n\n\n\n\n<p class=\"post__paragraph has-spacing--m\">Die Umgebung bestimmt den Rahmen. Ein Prinzip gilt dabei f\u00fcr beide Fotograf*innen: Die Auseinandersetzung mit dem Ort muss stattfinden, bevor die zu portr\u00e4tierende Person eintrifft. Franziska Gilli ist in der Regel eine halbe Stunde vor Terminbeginn vor Ort, um das Licht zu pr\u00fcfen und m\u00f6gliche Szenarien vorzubereiten. Ist die Zeit knapp, etwa bei Terminen mit Politiker*innen, greift Florian M\u00fcller auf vorbereitete Konzepte zur\u00fcck.&nbsp;Sie garantieren, dass auch in k\u00fcrzester Zeit technische und \u00e4sthetische Sicherheit besteht. Wenn die Protagonistin&nbsp;den Raum betritt,&nbsp;sollten die Parameter f\u00fcr das Bild bereits gesetzt sein.&nbsp;<\/p>\n\n\n\n    <div class=\"headline-block has-spacing--xs\">\n\n        <h2 class=\"post__headline\">3. Die Begegnung<\/h2>\n\n        \n    <\/div>\n\n    \n\n\n\n\n<p class=\"post__paragraph has-spacing--default\">Steht eine Person das erste Mal vor der Kamera, kann das schnell zu Unsicherheiten f\u00fchren.&nbsp;Florian M\u00fcller sieht es daher als seine&nbsp;Aufgabe an,&nbsp;selbst Ruhe auszustrahlen, um der portr\u00e4tierten Person Halt zu geben. Franziska Gilli w\u00e4hlt hierf\u00fcr oft den Weg \u00fcber das Gespr\u00e4ch, um die Person dort abzuholen, wo sie&nbsp;gerade emotional steht, bevor die Kamera zwischen die Akteure tritt. Wichtig ist dabei eine ehrliche Kommunikation.<\/p>\n\n\n\n<p class=\"post__paragraph has-spacing--m\">M\u00fcller r\u00e4t davon ab, Protagonisten zu versichern, dass sie \u00abgut aussehen werden\u00bb. Dies aktiviert&nbsp;oft nur den Wunsch nach Kontrolle \u00fcber die eigene&nbsp;Au\u00dfenwirkung&nbsp;und&nbsp;genau dieser Kontrollwunsch f\u00fchrt zu jener Verkrampfung, die vermieden werden soll.&nbsp;<\/p>\n\n\n\n<div class=\"devider has-spacing--none\">\n    <hr>\n<\/div>\n\n\n \n    \n    <div id=\"quote-block_a9355215c6bbfb25fb3acfce68071826\" class=\"block-quote has-spacing--m\">\n        <figure class=\"quote\">\n            <blockquote>\n                <p><strong><span class=\"NormalTextRun SCXW194308710 BCX4\">Ein Port<\/span><span class=\"NormalTextRun SCXW194308710 BCX4\">r\u00e4t <\/span><\/strong><span class=\"NormalTextRun SCXW194308710 BCX4\"><strong>ist<\/strong> immer inszeniert.<\/span><\/p>\n            <\/blockquote>\n\n            <figcaption>\n\n                            <img loading=\"lazy\" decoding=\"async\" class=\"portrait--inline\" src=\"https:\/\/visualjournalism.de\/wp-content\/uploads\/Franziska-Gilli_Foto-Daniel-Pilar-1-52x52.jpg\" width=\"52\" height=\"52\" alt=\"\" \/>\n                            <span>Franziska Gilli<\/span>\n            <\/figcaption>\n            \n        <\/figure>\n    <\/div>\n\n\n\n\n    <div class=\"headline-block has-spacing--xs\">\n\n        <h2 class=\"post__headline\">4. Posing und Regie<\/h2>\n\n        \n    <\/div>\n\n    \n\n\n\n\n<p class=\"post__paragraph has-spacing--default\">Die Debatte, ob eine Pose authentisch sein kann, findet sich auch in der Praxis wieder. Franziska Gilli betrachtet das Portr\u00e4t ohnehin als einen Akt, der per se nicht nat\u00fcrlich ist: \u00abEin Portr\u00e4t ist immer inszeniert\u00bb.&nbsp;<\/p>\n\n\n\n<p class=\"post__paragraph has-spacing--m\">F\u00fcr beide Fotograf*innen steht die Inszenierung nicht im Widerspruch zur Echtheit. Gilli nutzt das Posing oft, um eine zweite Ebene zu finden.&nbsp;Die Anweisung dient dazu, eine Reaktion zu provozieren. Florian M\u00fcller setzt Posing h\u00e4ufig ein, um den Kontext oder die Rolle der Person im Raum sichtbar zu machen. Die Regieanweisung ist also kein Makel, sondern ein Werkzeug, um die eigene Bildidee pr\u00e4zise zu formulieren.&nbsp;<\/p>\n\n\n    <figure class=\"block-photo post__image--wide-left has-spacing--m with-title\">\n\n        <div class=\"post__image__container\">\n            <img loading=\"lazy\" decoding=\"async\" \n                src=\"https:\/\/visualjournalism.de\/wp-content\/uploads\/2025\/12\/Bildschirmfoto-2025-12-10-um-13.15.17-1050x695.png\"\n                srcset=\"https:\/\/visualjournalism.de\/wp-content\/uploads\/2025\/12\/Bildschirmfoto-2025-12-10-um-13.15.17-1050x695.png 1050w, https:\/\/visualjournalism.de\/wp-content\/uploads\/2025\/12\/Bildschirmfoto-2025-12-10-um-13.15.17-300x198.png 300w, https:\/\/visualjournalism.de\/wp-content\/uploads\/2025\/12\/Bildschirmfoto-2025-12-10-um-13.15.17-1024x677.png 1024w, https:\/\/visualjournalism.de\/wp-content\/uploads\/2025\/12\/Bildschirmfoto-2025-12-10-um-13.15.17-768x508.png 768w, https:\/\/visualjournalism.de\/wp-content\/uploads\/2025\/12\/Bildschirmfoto-2025-12-10-um-13.15.17-1536x1016.png 1536w, https:\/\/visualjournalism.de\/wp-content\/uploads\/2025\/12\/Bildschirmfoto-2025-12-10-um-13.15.17-1400x926.png 1400w, https:\/\/visualjournalism.de\/wp-content\/uploads\/2025\/12\/Bildschirmfoto-2025-12-10-um-13.15.17-670x443.png 670w, https:\/\/visualjournalism.de\/wp-content\/uploads\/2025\/12\/Bildschirmfoto-2025-12-10-um-13.15.17-420x278.png 420w, https:\/\/visualjournalism.de\/wp-content\/uploads\/2025\/12\/Bildschirmfoto-2025-12-10-um-13.15.17-350x232.png 350w, https:\/\/visualjournalism.de\/wp-content\/uploads\/2025\/12\/Bildschirmfoto-2025-12-10-um-13.15.17-150x99.png 150w, https:\/\/visualjournalism.de\/wp-content\/uploads\/2025\/12\/Bildschirmfoto-2025-12-10-um-13.15.17.png 1826w\"\n                width=\"1050\" \n                height=\"695\"\n                alt=\"\" \n            \/>\n            \n                            <span class=\"post__image__title\">Foto: Florian M\u00fcller<\/span>\n                    <\/div><!-- post__image__container -->\n\n        \n    <\/figure><!-- post__image -->\n\n\n\n\n    <div class=\"headline-block has-spacing--xs\">\n\n        <h2 class=\"post__headline\">5. Geduld und Hartn\u00e4ckigkeit<\/h2>\n\n        \n    <\/div>\n\n    \n\n\n\n\n<p class=\"post__paragraph has-spacing--default\">Wann entsteht der Moment, der&nbsp;mehr zeigt als nur die Oberfl\u00e4che? Oft erst dann, wenn die bewusste Kontrolle der portr\u00e4tierten Person nachl\u00e4sst. Florian M\u00fcller nutzt hierf\u00fcr gezielt den Faktor Zeit. \u00abIch finde es charmant, deren Konzentrationsf\u00e4higkeit etwas auszureizen und so lange zu fotografieren, bis sie abschweifen\u00bb, erkl\u00e4rt M\u00fcller.<\/p>\n\n\n\n<p class=\"post__paragraph has-spacing--m\">Wenn die Konzentration auf die Kamera schwindet, entsteht oft jener fl\u00fcchtige Blick, der sich der bewussten Inszenierung entzieht. Auch Franziska Gilli nutzt die verf\u00fcgbare Zeit konsequent aus und gibt sich nicht mit dem ersten funktionierenden Bild zufrieden. Hartn\u00e4ckigkeit ist oft der Schl\u00fcssel, um hinter die Fassade der ersten Minuten zu blicken.<\/p>\n\n\n\n<div class=\"devider has-spacing--none\">\n    <hr>\n<\/div>\n\n\n \n    \n    <div id=\"quote-block_96a1875f6ecdaffbdfff4ffe45ea7fe3\" class=\"block-quote has-spacing--m\">\n        <figure class=\"quote\">\n            <blockquote>\n                <p><strong>Ich bin Fotograf,<\/strong> kein Zauberer.<\/p>\n            <\/blockquote>\n\n            <figcaption>\n\n                            <img loading=\"lazy\" decoding=\"async\" class=\"portrait--inline\" src=\"https:\/\/visualjournalism.de\/wp-content\/uploads\/florian_mueller_fotograf_thumb-52x52.jpg\" width=\"52\" height=\"52\" alt=\"\" \/>\n                            <span>Florian M\u00fcller<\/span>\n            <\/figcaption>\n            \n        <\/figure>\n    <\/div>\n\n\n\n\n    <div class=\"headline-block has-spacing--xs\">\n\n        <h2 class=\"post__headline\">6. Die eigene Haltung<\/h2>\n\n        \n    <\/div>\n\n    \n\n\n\n\n<p class=\"post__paragraph has-spacing--default\">Abschlie\u00dfend&nbsp;ist es wichtig, den Anspruch auf absolute Objektivit\u00e4t abzulegen. Ein Portr\u00e4t zeigt nie die ganze Wahrheit einer Person, sondern immer nur die Sichtweise der fotografierenden Person. Franziska Gilli formuliert ihren Anspruch daher so, die Person zu zeigen, wie sie sie selbst wahrnimmt. Dazu geh\u00f6rt auch die Akzeptanz, dass man nicht f\u00fcr das Selbstbild des Gegen\u00fcbers verantwortlich ist. Florian M\u00fcller bringt die Diskrepanz zwischen Fremd- und Selbstwahrnehmung auf den Punkt:&nbsp;<\/p>\n\n\n\n<p class=\"post__paragraph has-spacing--m\">Du kannst f\u00fcr gutes Licht sorgen, Sicherheit geben und einen ehrlichen Moment suchen. Wie sich die Person selbst im Bild sieht, liegt jedoch au\u00dferhalb deiner Kontrolle. \u00dcber sich selbst sagt er: <br>\u00abIch bin Fotograf, kein Zauberer\u00bb.<\/p>\n\n\n\n    <div class=\"headline-block has-spacing--xs\">\n\n        <h2 class=\"post__headline\">Exkurs: Die Theorie hinterm Portr\u00e4t<\/h2>\n\n        \n    <\/div>\n\n    \n\n\n\n\n<p class=\"post__paragraph has-spacing--m\">Hinter der praktischen Arbeit im Studio oder on Location verbirgt sich eine grundlegende Frage: Wann ist ein Bild \u00abwahr\u00bb? Um das Zusammenspiel von Inszenierung und Ehrlichkeit theoretisch zu fassen, greifen zwei philosophische Konzepte ineinander. Sie bilden das R\u00fcckgrat f\u00fcr das, was man als authentische Portr\u00e4tfotografie verstehen kann.<br><\/p>\n\n\n\n<div class=\"wp-block-group has-color-2-background-color has-background has-spacing--m\">\n<p class=\"post__paragraph has-spacing--default\"><strong>Bernard Williams<br><\/strong><br>Der Philosoph Bernard Williams lieferte mit seinem Konzept der \u00abTruthfulness\u00bb (Wahrhaftigkeit) zwei Begriffe, um zu verstehen, wie wir die Komplexit\u00e4t im Portr\u00e4t einfangen k\u00f6nnen:<br><br><strong>Accuracy (Genauigkeit):<\/strong> Hier geht es um den ernsthaften Versuch der fotografierenden Person, die portr\u00e4tierte Person in ihrer Komplexit\u00e4t wirklich zu verstehen. Das erfordert sorgf\u00e4ltige Recherche und eine kritische Haltung gegen\u00fcber dem eigenen Wunschdenken, Selbstt\u00e4uschung oder vorschnellen Fantasien.&nbsp;<br><br><strong>Sincerity (Aufrichtigkeit): <\/strong>Das beschreibt die ehrliche Abbildung der gewonnenen \u00dcberzeugungen \u00fcber die Person. Es geht um mehr als nur das Vermeiden von L\u00fcgen, sondern um das Verh\u00e4ltnis der Fotografierenden zum Vertrauen, das ihm von der portr\u00e4tierten und schlussendlich auch von der betrachtenden Person entgegengebracht wird.&nbsp;<\/p>\n\n\n\n<p class=\"post__paragraph has-spacing--default\"><strong>Cynthia Freeland<br><\/strong><br>Die Philosophin Cynthia Freeland kn\u00fcpft wiederum daran an und zeigt, dass ein Portr\u00e4t immer mehr als nur eine Abbildung der Oberfl\u00e4che ist. Sie unterteilt das Selbst in vier Dimensionen:&nbsp;<br><br><strong>1. Die k\u00f6rperliche Dimension:<\/strong> Die reine physische Erscheinung und \u00c4hnlichkeit.&nbsp;<br><br><strong>2. Die reflektierende Dimension:<\/strong> Das Innenleben, der Charakter, Emotionen und Gedanken.<br><br><strong>3. Die relationale Dimension:<\/strong> Die sozialen Rollen, die eine Person repr\u00e4sentiert (z.B. Politikerin, Student, Musikerin).&nbsp;<br><br><strong>4. Die moralische Dimension:<\/strong> Die Haltung, Werte und ethische Verfassung.&nbsp;<br><br><br><br><br><\/p>\n\n\n\n<p class=\"post__paragraph has-spacing--default\"><\/p>\n<\/div>\n\n\n\n    <div class=\"headline-block has-spacing--xs\">\n\n        <h2 class=\"post__headline\">Authentizit\u00e4t als Ergebnis, nicht als Zufall<\/h2>\n\n        \n    <\/div>\n\n    \n\n\n\n\n<p class=\"post__paragraph has-spacing--m\">Am Ende zeigt sich: Ein starkes Portr\u00e4t ist weit mehr als das blo\u00dfe Dr\u00fccken des Ausl\u00f6sers im richtigen Moment.&nbsp;Es ist das Ergebnis einer sorgf\u00e4ltigen Vorbereitung, einer ehrlichen Auseinandersetzung mit dem Gegen\u00fcber und der Bereitschaft, die Kontrolle im entscheidenden Augenblick an die Intuition abzugeben. <br><br>Die Erfahrungen von Franziska Gilli und Florian M\u00fcller verdeutlichen, dass Posing kein Hindernis f\u00fcr die Wahrheit sein muss, sondern ein Werkzeug sein kann, um die Komplexit\u00e4t einer Person \u00fcberhaupt erst sichtbar zu machen.&nbsp;Wer die journalistische Sorgfaltspflicht ernst nimmt, nutzt die Inszenierung nicht zur T\u00e4uschung, sondern zur Verdichtung der Realit\u00e4t. So wird das Foto am Ende zu dem, was es im besten Fall sein sollte: Eine aufrichtige Begegnung auf Augenh\u00f6he, die auch beim Betrachten noch eine zweite Ebene sp\u00fcrbar macht.<\/p>\n\n\n\n<div class=\"wp-block-group has-spacing--default\">\n<div class=\"devider has-spacing--none\">\n    <hr>\n<\/div>\n\n\n \n\n    <div id=\"lead-in-block_e116770f03ccdfcf46d25be4e354d02d\" class=\"block-lead-in typo--default font-size--xl has-spacing--s width--default\">\n        <p><strong>Das k\u00f6nnte dich auch interessieren:<\/strong><\/p>\n    <\/div>\n\n\n\n\r\n\r\n\r\n\n\n\r\n\r\n\r\n\r\n        <div class=\"teaser-grid grid-layout--3col has-spacing--s width--inline\">\r\n            \r\n                \r\n                <article class=\"post-teaser\">\r\n\r\n                    \r\n                        <a href=\"https:\/\/visualjournalism.de\/en\/magazine\/ratgeber\/politikerinnen-souveraen-interviewen\/\">\r\n\r\n                    \r\n                        <div class=\"post-teaser__content\">\r\n\r\n                            <span class=\"entry-categories\">Ratgeber<\/span>\r\n                            <h3 class=\"post-teaser__headline\">\r\n                                Politiker*innen souver\u00e4n interviewen \u2013 Die besten Tipps f\u00fcr ein sicheres Auftreten                            <\/h3>\r\n\r\n                            <div class=\"post-teaser__excerpt\">\r\n                                <p>\r\n                                    Ein Gespr\u00e4ch mit Politiker*innen kann schnell zum Machtkampf werden. Wie du selbst gegen Profis die Oberhand beh\u00e4ltst und typische Interviewfallen umgehst.                                <\/p>\r\n                            <\/div>\r\n\r\n                        <\/div><!-- .post-teaser__content -->\r\n                \r\n\r\n                        \r\n                        <figure class=\"post-teaser__image\">\r\n\r\n                        <img loading=\"lazy\" decoding=\"async\"  \r\n                            src=\"https:\/\/visualjournalism.de\/wp-content\/uploads\/DSC4729-merz-politikerinterviews-768x1024.jpg\" \r\n                            srcset=\"https:\/\/visualjournalism.de\/wp-content\/uploads\/DSC4729-merz-politikerinterviews-768x1024.jpg 768w, https:\/\/visualjournalism.de\/wp-content\/uploads\/DSC4729-merz-politikerinterviews-225x300.jpg 225w, https:\/\/visualjournalism.de\/wp-content\/uploads\/DSC4729-merz-politikerinterviews-1152x1536.jpg 1152w, https:\/\/visualjournalism.de\/wp-content\/uploads\/DSC4729-merz-politikerinterviews-1536x2048.jpg 1536w, https:\/\/visualjournalism.de\/wp-content\/uploads\/DSC4729-merz-politikerinterviews-scaled.jpg 1920w, https:\/\/visualjournalism.de\/wp-content\/uploads\/DSC4729-merz-politikerinterviews-1400x1867.jpg 1400w, https:\/\/visualjournalism.de\/wp-content\/uploads\/DSC4729-merz-politikerinterviews-1050x1400.jpg 1050w, https:\/\/visualjournalism.de\/wp-content\/uploads\/DSC4729-merz-politikerinterviews-670x893.jpg 670w, https:\/\/visualjournalism.de\/wp-content\/uploads\/DSC4729-merz-politikerinterviews-420x560.jpg 420w, https:\/\/visualjournalism.de\/wp-content\/uploads\/DSC4729-merz-politikerinterviews-350x467.jpg 350w, https:\/\/visualjournalism.de\/wp-content\/uploads\/DSC4729-merz-politikerinterviews-300x400.jpg 300w, https:\/\/visualjournalism.de\/wp-content\/uploads\/DSC4729-merz-politikerinterviews-640x853.jpg 640w, https:\/\/visualjournalism.de\/wp-content\/uploads\/DSC4729-merz-politikerinterviews-150x200.jpg 150w\" \r\n                            width=\"768\"  \r\n                            height=\"1024\" \r\n                            alt=\"CDU-Vorsitzender Friedrich Merz mit Mikrofon in der Hand, im Gespr\u00e4ch mit dem ehemaligen ZDF-Moderator Klaus Kleber auf einer B\u00fchne. Im Vordergrund sind zwei M\u00e4nner angeblitzt von hinten zu sehen.\" \r\n                            style=\"object-position: 50% 50%\"\r\n                            \/>\r\n\r\n                        <\/figure>\r\n                                            \r\n                     \r\n                    <\/a>\r\n                                        \r\n                <\/article><!--- .post-teaser-->\r\n\r\n                \r\n            \r\n                \r\n                <article class=\"post-teaser\">\r\n\r\n                    \r\n                        <a href=\"https:\/\/visualjournalism.de\/en\/magazine\/ratgeber\/nicht-jedes-laecheln-bedeutet-zustimmung-wie-respektvolle-reisefotografie-gelingt\/\">\r\n\r\n                    \r\n                        <div class=\"post-teaser__content\">\r\n\r\n                            <span class=\"entry-categories\">Ratgeber<\/span>\r\n                            <h3 class=\"post-teaser__headline\">\r\n                                Faire Reisefotografie: Nicht jedes L\u00e4cheln bedeutet Zustimmung\u00a0                            <\/h3>\r\n\r\n                            <div class=\"post-teaser__excerpt\">\r\n                                <p>\r\n                                    Ein Klick geht schnell, R\u00fccksicht nicht immer \u2013 so fotografierst du auf deinen Reisen respektvoll.                                <\/p>\r\n                            <\/div>\r\n\r\n                        <\/div><!-- .post-teaser__content -->\r\n                \r\n\r\n                        \r\n                        <figure class=\"post-teaser__image\">\r\n\r\n                        <img loading=\"lazy\" decoding=\"async\"  \r\n                            src=\"https:\/\/visualjournalism.de\/wp-content\/uploads\/SalomeZiermann_Scan_Indien_03-768x512.jpg\" \r\n                            srcset=\"https:\/\/visualjournalism.de\/wp-content\/uploads\/SalomeZiermann_Scan_Indien_03-768x512.jpg 768w, https:\/\/visualjournalism.de\/wp-content\/uploads\/SalomeZiermann_Scan_Indien_03-300x200.jpg 300w, https:\/\/visualjournalism.de\/wp-content\/uploads\/SalomeZiermann_Scan_Indien_03-1024x683.jpg 1024w, https:\/\/visualjournalism.de\/wp-content\/uploads\/SalomeZiermann_Scan_Indien_03-1050x700.jpg 1050w, https:\/\/visualjournalism.de\/wp-content\/uploads\/SalomeZiermann_Scan_Indien_03-670x447.jpg 670w, https:\/\/visualjournalism.de\/wp-content\/uploads\/SalomeZiermann_Scan_Indien_03-420x280.jpg 420w, https:\/\/visualjournalism.de\/wp-content\/uploads\/SalomeZiermann_Scan_Indien_03-350x233.jpg 350w, https:\/\/visualjournalism.de\/wp-content\/uploads\/SalomeZiermann_Scan_Indien_03-150x100.jpg 150w, https:\/\/visualjournalism.de\/wp-content\/uploads\/SalomeZiermann_Scan_Indien_03.jpg 1200w\" \r\n                            width=\"768\"  \r\n                            height=\"512\" \r\n                            alt=\"Zwei Frauen in traditionellen, bunten Saris l\u00e4cheln und gestikulieren in die Kamera. Ein Kind und ein Junge im Hintergrund erg\u00e4nzen die Szene.\" \r\n                            style=\"object-position: 40.98% 95.35%\"\r\n                            \/>\r\n\r\n                        <\/figure>\r\n                                            \r\n                     \r\n                    <\/a>\r\n                                        \r\n                <\/article><!--- .post-teaser-->\r\n\r\n                \r\n            \r\n                \r\n                <article class=\"post-teaser\">\r\n\r\n                    \r\n                        <a href=\"https:\/\/visualjournalism.de\/en\/magazine\/ratgeber\/professionelle-kamera-fuer-fotografen-warum-nicht-die-marke-zaehlt\/\">\r\n\r\n                    \r\n                        <div class=\"post-teaser__content\">\r\n\r\n                            <span class=\"entry-categories\">Ratgeber<\/span>\r\n                            <h3 class=\"post-teaser__headline\">\r\n                                Professionelle Kameras f\u00fcr Fotograf*innen: Warum nicht die Marke z\u00e4hlt                            <\/h3>\r\n\r\n                            <div class=\"post-teaser__excerpt\">\r\n                                <p>\r\n                                    Analog oder digital, Vollformat oder APSC, Spiegelreflex oder spiegellos: Die Magnum-Fotografin Nanna Heitmann und Lehrende der Hochschule Hannover zeigen, warum am Ende nicht die Technik, sondern die Person entscheidend ist.                                <\/p>\r\n                            <\/div>\r\n\r\n                        <\/div><!-- .post-teaser__content -->\r\n                \r\n\r\n                        \r\n                        <figure class=\"post-teaser__image\">\r\n\r\n                        <img loading=\"lazy\" decoding=\"async\"  \r\n                            src=\"https:\/\/visualjournalism.de\/wp-content\/uploads\/13_20221214-R0001254-768x512.jpg\" \r\n                            srcset=\"https:\/\/visualjournalism.de\/wp-content\/uploads\/13_20221214-R0001254-768x512.jpg 768w, https:\/\/visualjournalism.de\/wp-content\/uploads\/13_20221214-R0001254-300x200.jpg 300w, https:\/\/visualjournalism.de\/wp-content\/uploads\/13_20221214-R0001254-1024x683.jpg 1024w, https:\/\/visualjournalism.de\/wp-content\/uploads\/13_20221214-R0001254-1536x1024.jpg 1536w, https:\/\/visualjournalism.de\/wp-content\/uploads\/13_20221214-R0001254-2048x1365.jpg 2048w, https:\/\/visualjournalism.de\/wp-content\/uploads\/13_20221214-R0001254-1400x933.jpg 1400w, https:\/\/visualjournalism.de\/wp-content\/uploads\/13_20221214-R0001254-1050x700.jpg 1050w, https:\/\/visualjournalism.de\/wp-content\/uploads\/13_20221214-R0001254-670x447.jpg 670w, https:\/\/visualjournalism.de\/wp-content\/uploads\/13_20221214-R0001254-420x280.jpg 420w, https:\/\/visualjournalism.de\/wp-content\/uploads\/13_20221214-R0001254-350x233.jpg 350w\" \r\n                            width=\"768\"  \r\n                            height=\"512\" \r\n                            alt=\"\" \r\n                            style=\"object-position: 42.66% 84.69%\"\r\n                            \/>\r\n\r\n                        <\/figure>\r\n                                            \r\n                     \r\n                    <\/a>\r\n                                        \r\n                <\/article><!--- .post-teaser-->\r\n\r\n                        <\/div><!-- .teaser-grid -->\r\n\r\n    \n\n\n    <div class=\"btn-wrapper has-spacing--m\">\n        <a class=\"btn\" href=\"https:\/\/visualjournalism.de\/magazin\/\" target=\"_blank\">ZUR MAGAZIN-STARTSEITE<\/a>\n    <\/div>\n<\/div>\n","protected":false},"author":127,"featured_media":68451,"template":"","tags":[],"magazinkategorie":[159],"class_list":["post-66089","magazin","type-magazin","status-publish","has-post-thumbnail","hentry","magazinkategorie-ratgeber"],"acf":[],"yoast_head":"<!-- This site is optimized with the Yoast SEO Premium plugin v27.3 (Yoast SEO v27.3) - https:\/\/yoast.com\/product\/yoast-seo-premium-wordpress\/ -->\n<title>So schaffst du es, gute Portr\u00e4ts zu machen. &#8211; Visual Journalism and Documentary Photography<\/title>\n<meta name=\"description\" content=\"Renommierte Fotograf*innen erz\u00e4hlen, wie sie in der Praxis mit Schwierigkeiten bei Portr\u00e4tshootings umgehen und wieso Posen manchmal ehrlicher sind, als man denkt.\u00a0\" \/>\n<meta name=\"robots\" content=\"index, follow, max-snippet:-1, max-image-preview:large, max-video-preview:-1\" \/>\n<link rel=\"canonical\" href=\"https:\/\/visualjournalism.de\/en\/magazine\/ratgeber\/so-schaffst-du-es-gute-portraets-zu-machen\/\" \/>\n<meta property=\"og:locale\" content=\"en_US\" \/>\n<meta property=\"og:type\" content=\"article\" \/>\n<meta property=\"og:title\" content=\"So schaffst du es, gute Portr\u00e4ts zu machen.\" \/>\n<meta property=\"og:description\" content=\"Renommierte Fotograf*innen erz\u00e4hlen, wie sie in der Praxis mit Schwierigkeiten bei Portr\u00e4tshootings umgehen und wieso Posen manchmal ehrlicher sind, als man denkt.\u00a0\" \/>\n<meta property=\"og:url\" content=\"https:\/\/visualjournalism.de\/en\/magazine\/ratgeber\/so-schaffst-du-es-gute-portraets-zu-machen\/\" \/>\n<meta property=\"og:site_name\" content=\"Visual Journalism and Documentary Photography\" \/>\n<meta property=\"article:publisher\" content=\"https:\/\/www.facebook.com\/people\/wwwfotostudentende\/100065173703897\/\" \/>\n<meta property=\"article:modified_time\" content=\"2026-04-17T09:24:33+00:00\" \/>\n<meta property=\"og:image\" content=\"https:\/\/visualjournalism.de\/wp-content\/uploads\/2026\/01\/image-5.jpg\" \/>\n\t<meta property=\"og:image:width\" content=\"1600\" \/>\n\t<meta property=\"og:image:height\" content=\"900\" \/>\n\t<meta property=\"og:image:type\" content=\"image\/jpeg\" \/>\n<meta name=\"twitter:card\" content=\"summary_large_image\" \/>\n<meta name=\"twitter:site\" content=\"@HsHannover\" \/>\n<meta name=\"twitter:label1\" content=\"Est. reading time\" \/>\n\t<meta name=\"twitter:data1\" content=\"9 minutes\" \/>\n<script type=\"application\/ld+json\" class=\"yoast-schema-graph\">{\"@context\":\"https:\\\/\\\/schema.org\",\"@graph\":[{\"@type\":\"WebPage\",\"@id\":\"https:\\\/\\\/visualjournalism.de\\\/en\\\/magazine\\\/ratgeber\\\/so-schaffst-du-es-gute-portraets-zu-machen\\\/\",\"url\":\"https:\\\/\\\/visualjournalism.de\\\/en\\\/magazine\\\/ratgeber\\\/so-schaffst-du-es-gute-portraets-zu-machen\\\/\",\"name\":\"So schaffst du es, gute Portr\u00e4ts zu machen. &#8211; Visual Journalism and Documentary Photography\",\"isPartOf\":{\"@id\":\"https:\\\/\\\/visualjournalism.de\\\/en\\\/#website\"},\"primaryImageOfPage\":{\"@id\":\"https:\\\/\\\/visualjournalism.de\\\/en\\\/magazine\\\/ratgeber\\\/so-schaffst-du-es-gute-portraets-zu-machen\\\/#primaryimage\"},\"image\":{\"@id\":\"https:\\\/\\\/visualjournalism.de\\\/en\\\/magazine\\\/ratgeber\\\/so-schaffst-du-es-gute-portraets-zu-machen\\\/#primaryimage\"},\"thumbnailUrl\":\"https:\\\/\\\/visualjournalism.de\\\/wp-content\\\/uploads\\\/2026\\\/01\\\/image-5.jpg\",\"datePublished\":\"2026-01-15T21:35:03+00:00\",\"dateModified\":\"2026-04-17T09:24:33+00:00\",\"description\":\"Renommierte Fotograf*innen erz\u00e4hlen, wie sie in der Praxis mit Schwierigkeiten bei Portr\u00e4tshootings umgehen und wieso Posen manchmal ehrlicher sind, als man denkt.\u00a0\",\"breadcrumb\":{\"@id\":\"https:\\\/\\\/visualjournalism.de\\\/en\\\/magazine\\\/ratgeber\\\/so-schaffst-du-es-gute-portraets-zu-machen\\\/#breadcrumb\"},\"inLanguage\":\"en-US\",\"potentialAction\":[{\"@type\":\"ReadAction\",\"target\":[\"https:\\\/\\\/visualjournalism.de\\\/en\\\/magazine\\\/ratgeber\\\/so-schaffst-du-es-gute-portraets-zu-machen\\\/\"]}]},{\"@type\":\"ImageObject\",\"inLanguage\":\"en-US\",\"@id\":\"https:\\\/\\\/visualjournalism.de\\\/en\\\/magazine\\\/ratgeber\\\/so-schaffst-du-es-gute-portraets-zu-machen\\\/#primaryimage\",\"url\":\"https:\\\/\\\/visualjournalism.de\\\/wp-content\\\/uploads\\\/2026\\\/01\\\/image-5.jpg\",\"contentUrl\":\"https:\\\/\\\/visualjournalism.de\\\/wp-content\\\/uploads\\\/2026\\\/01\\\/image-5.jpg\",\"width\":1600,\"height\":900,\"caption\":\"Foto: Robin Simeon Tielker\"},{\"@type\":\"BreadcrumbList\",\"@id\":\"https:\\\/\\\/visualjournalism.de\\\/en\\\/magazine\\\/ratgeber\\\/so-schaffst-du-es-gute-portraets-zu-machen\\\/#breadcrumb\",\"itemListElement\":[{\"@type\":\"ListItem\",\"position\":1,\"name\":\"Home\",\"item\":\"https:\\\/\\\/visualjournalism.de\\\/en\\\/\"},{\"@type\":\"ListItem\",\"position\":2,\"name\":\"Magazin\",\"item\":\"https:\\\/\\\/visualjournalism.de\\\/en\\\/magazine\\\/\"},{\"@type\":\"ListItem\",\"position\":3,\"name\":\"So schaffst du es, gute Portr\u00e4ts zu machen.\"}]},{\"@type\":\"WebSite\",\"@id\":\"https:\\\/\\\/visualjournalism.de\\\/en\\\/#website\",\"url\":\"https:\\\/\\\/visualjournalism.de\\\/en\\\/\",\"name\":\"Visual Journalism and Documentary Photography\",\"description\":\"All about the bilingual bachelor&#039;s program at Hannover University of Applied Sciences and Arts.\",\"publisher\":{\"@id\":\"https:\\\/\\\/visualjournalism.de\\\/en\\\/#organization\"},\"alternateName\":\"visualjournalism.de\",\"potentialAction\":[{\"@type\":\"SearchAction\",\"target\":{\"@type\":\"EntryPoint\",\"urlTemplate\":\"https:\\\/\\\/visualjournalism.de\\\/en\\\/?s={search_term_string}\"},\"query-input\":{\"@type\":\"PropertyValueSpecification\",\"valueRequired\":true,\"valueName\":\"search_term_string\"}}],\"inLanguage\":\"en-US\"},{\"@type\":\"Organization\",\"@id\":\"https:\\\/\\\/visualjournalism.de\\\/en\\\/#organization\",\"name\":\"Hochschule Hannover \u2013 University of Applied Sciences and Arts\",\"alternateName\":\"HsH\",\"url\":\"https:\\\/\\\/visualjournalism.de\\\/en\\\/\",\"logo\":{\"@type\":\"ImageObject\",\"inLanguage\":\"en-US\",\"@id\":\"https:\\\/\\\/visualjournalism.de\\\/en\\\/#\\\/schema\\\/logo\\\/image\\\/\",\"url\":\"https:\\\/\\\/visualjournalism.de\\\/wp-content\\\/uploads\\\/logo-hochschule-hannover.png\",\"contentUrl\":\"https:\\\/\\\/visualjournalism.de\\\/wp-content\\\/uploads\\\/logo-hochschule-hannover.png\",\"width\":363,\"height\":270,\"caption\":\"Hochschule Hannover \u2013 University of Applied Sciences and Arts\"},\"image\":{\"@id\":\"https:\\\/\\\/visualjournalism.de\\\/en\\\/#\\\/schema\\\/logo\\\/image\\\/\"},\"sameAs\":[\"https:\\\/\\\/www.facebook.com\\\/people\\\/wwwfotostudentende\\\/100065173703897\\\/\",\"https:\\\/\\\/x.com\\\/HsHannover\",\"https:\\\/\\\/www.instagram.com\\\/visualjournalism.de\\\/\"]}]}<\/script>\n<!-- \/ Yoast SEO Premium plugin. -->","yoast_head_json":{"title":"So schaffst du es, gute Portr\u00e4ts zu machen. &#8211; Visual Journalism and Documentary Photography","description":"Renommierte Fotograf*innen erz\u00e4hlen, wie sie in der Praxis mit Schwierigkeiten bei Portr\u00e4tshootings umgehen und wieso Posen manchmal ehrlicher sind, als man denkt.\u00a0","robots":{"index":"index","follow":"follow","max-snippet":"max-snippet:-1","max-image-preview":"max-image-preview:large","max-video-preview":"max-video-preview:-1"},"canonical":"https:\/\/visualjournalism.de\/en\/magazine\/ratgeber\/so-schaffst-du-es-gute-portraets-zu-machen\/","og_locale":"en_US","og_type":"article","og_title":"So schaffst du es, gute Portr\u00e4ts zu machen.","og_description":"Renommierte Fotograf*innen erz\u00e4hlen, wie sie in der Praxis mit Schwierigkeiten bei Portr\u00e4tshootings umgehen und wieso Posen manchmal ehrlicher sind, als man denkt.\u00a0","og_url":"https:\/\/visualjournalism.de\/en\/magazine\/ratgeber\/so-schaffst-du-es-gute-portraets-zu-machen\/","og_site_name":"Visual Journalism and Documentary Photography","article_publisher":"https:\/\/www.facebook.com\/people\/wwwfotostudentende\/100065173703897\/","article_modified_time":"2026-04-17T09:24:33+00:00","og_image":[{"width":1600,"height":900,"url":"https:\/\/visualjournalism.de\/wp-content\/uploads\/2026\/01\/image-5.jpg","type":"image\/jpeg"}],"twitter_card":"summary_large_image","twitter_site":"@HsHannover","twitter_misc":{"Est. reading time":"9 minutes"},"schema":{"@context":"https:\/\/schema.org","@graph":[{"@type":"WebPage","@id":"https:\/\/visualjournalism.de\/en\/magazine\/ratgeber\/so-schaffst-du-es-gute-portraets-zu-machen\/","url":"https:\/\/visualjournalism.de\/en\/magazine\/ratgeber\/so-schaffst-du-es-gute-portraets-zu-machen\/","name":"So schaffst du es, gute Portr\u00e4ts zu machen. &#8211; Visual Journalism and Documentary Photography","isPartOf":{"@id":"https:\/\/visualjournalism.de\/en\/#website"},"primaryImageOfPage":{"@id":"https:\/\/visualjournalism.de\/en\/magazine\/ratgeber\/so-schaffst-du-es-gute-portraets-zu-machen\/#primaryimage"},"image":{"@id":"https:\/\/visualjournalism.de\/en\/magazine\/ratgeber\/so-schaffst-du-es-gute-portraets-zu-machen\/#primaryimage"},"thumbnailUrl":"https:\/\/visualjournalism.de\/wp-content\/uploads\/2026\/01\/image-5.jpg","datePublished":"2026-01-15T21:35:03+00:00","dateModified":"2026-04-17T09:24:33+00:00","description":"Renommierte Fotograf*innen erz\u00e4hlen, wie sie in der Praxis mit Schwierigkeiten bei Portr\u00e4tshootings umgehen und wieso Posen manchmal ehrlicher sind, als man denkt.\u00a0","breadcrumb":{"@id":"https:\/\/visualjournalism.de\/en\/magazine\/ratgeber\/so-schaffst-du-es-gute-portraets-zu-machen\/#breadcrumb"},"inLanguage":"en-US","potentialAction":[{"@type":"ReadAction","target":["https:\/\/visualjournalism.de\/en\/magazine\/ratgeber\/so-schaffst-du-es-gute-portraets-zu-machen\/"]}]},{"@type":"ImageObject","inLanguage":"en-US","@id":"https:\/\/visualjournalism.de\/en\/magazine\/ratgeber\/so-schaffst-du-es-gute-portraets-zu-machen\/#primaryimage","url":"https:\/\/visualjournalism.de\/wp-content\/uploads\/2026\/01\/image-5.jpg","contentUrl":"https:\/\/visualjournalism.de\/wp-content\/uploads\/2026\/01\/image-5.jpg","width":1600,"height":900,"caption":"Foto: Robin Simeon Tielker"},{"@type":"BreadcrumbList","@id":"https:\/\/visualjournalism.de\/en\/magazine\/ratgeber\/so-schaffst-du-es-gute-portraets-zu-machen\/#breadcrumb","itemListElement":[{"@type":"ListItem","position":1,"name":"Home","item":"https:\/\/visualjournalism.de\/en\/"},{"@type":"ListItem","position":2,"name":"Magazin","item":"https:\/\/visualjournalism.de\/en\/magazine\/"},{"@type":"ListItem","position":3,"name":"So schaffst du es, gute Portr\u00e4ts zu machen."}]},{"@type":"WebSite","@id":"https:\/\/visualjournalism.de\/en\/#website","url":"https:\/\/visualjournalism.de\/en\/","name":"Visual Journalism and Documentary Photography","description":"All about the bilingual bachelor&#039;s program at Hannover University of Applied Sciences and Arts.","publisher":{"@id":"https:\/\/visualjournalism.de\/en\/#organization"},"alternateName":"visualjournalism.de","potentialAction":[{"@type":"SearchAction","target":{"@type":"EntryPoint","urlTemplate":"https:\/\/visualjournalism.de\/en\/?s={search_term_string}"},"query-input":{"@type":"PropertyValueSpecification","valueRequired":true,"valueName":"search_term_string"}}],"inLanguage":"en-US"},{"@type":"Organization","@id":"https:\/\/visualjournalism.de\/en\/#organization","name":"Hochschule Hannover \u2013 University of Applied Sciences and Arts","alternateName":"HsH","url":"https:\/\/visualjournalism.de\/en\/","logo":{"@type":"ImageObject","inLanguage":"en-US","@id":"https:\/\/visualjournalism.de\/en\/#\/schema\/logo\/image\/","url":"https:\/\/visualjournalism.de\/wp-content\/uploads\/logo-hochschule-hannover.png","contentUrl":"https:\/\/visualjournalism.de\/wp-content\/uploads\/logo-hochschule-hannover.png","width":363,"height":270,"caption":"Hochschule Hannover \u2013 University of Applied Sciences and Arts"},"image":{"@id":"https:\/\/visualjournalism.de\/en\/#\/schema\/logo\/image\/"},"sameAs":["https:\/\/www.facebook.com\/people\/wwwfotostudentende\/100065173703897\/","https:\/\/x.com\/HsHannover","https:\/\/www.instagram.com\/visualjournalism.de\/"]}]}},"_links":{"self":[{"href":"https:\/\/visualjournalism.de\/en\/wp-json\/wp\/v2\/magazin\/66089","targetHints":{"allow":["GET"]}}],"collection":[{"href":"https:\/\/visualjournalism.de\/en\/wp-json\/wp\/v2\/magazin"}],"about":[{"href":"https:\/\/visualjournalism.de\/en\/wp-json\/wp\/v2\/types\/magazin"}],"author":[{"embeddable":true,"href":"https:\/\/visualjournalism.de\/en\/wp-json\/wp\/v2\/users\/127"}],"version-history":[{"count":55,"href":"https:\/\/visualjournalism.de\/en\/wp-json\/wp\/v2\/magazin\/66089\/revisions"}],"predecessor-version":[{"id":71020,"href":"https:\/\/visualjournalism.de\/en\/wp-json\/wp\/v2\/magazin\/66089\/revisions\/71020"}],"wp:featuredmedia":[{"embeddable":true,"href":"https:\/\/visualjournalism.de\/en\/wp-json\/wp\/v2\/media\/68451"}],"wp:attachment":[{"href":"https:\/\/visualjournalism.de\/en\/wp-json\/wp\/v2\/media?parent=66089"}],"wp:term":[{"taxonomy":"post_tag","embeddable":true,"href":"https:\/\/visualjournalism.de\/en\/wp-json\/wp\/v2\/tags?post=66089"},{"taxonomy":"magazinkategorie","embeddable":true,"href":"https:\/\/visualjournalism.de\/en\/wp-json\/wp\/v2\/magazinkategorie?post=66089"}],"curies":[{"name":"wp","href":"https:\/\/api.w.org\/{rel}","templated":true}]}}