{"id":67572,"date":"2026-01-12T22:28:13","date_gmt":"2026-01-12T20:28:13","guid":{"rendered":"https:\/\/visualjournalism.de\/?post_type=magazin&#038;p=67572"},"modified":"2026-04-11T12:48:34","modified_gmt":"2026-04-11T10:48:34","slug":"armina-ahmadinia-mein-haus-in-wolken-gehuellt","status":"publish","type":"magazin","link":"https:\/\/visualjournalism.de\/en\/magazine\/ausgezeichnet\/armina-ahmadinia-mein-haus-in-wolken-gehuellt\/","title":{"rendered":"Armina Ahmadinia: Mein Haus in Wolken geh\u00fcllt"},"content":{"rendered":"\r\n<div class=\"cover--lead-in has-spacing--m\">\r\n\r\n    \r\n    <div class=\"cover--lead-in__content typo--tiempos\">\r\n\r\n        \r\n        <h2 class=\"cover--lead-in__headline headline-size--default\">\r\n            Mein Haus in Wolken geh\u00fcllt        <\/h2>\r\n\r\n                    <div class=\"cover--lead-in__text\">\r\n                <p><strong><a href=\"https:\/\/visualjournalism.de\/en\/armina-ahmadinia\/\" target=\"_blank\" rel=\"noopener\">Armina Ahmadinia<\/a><\/strong> kehrt an das Kaspische Meer zur\u00fcck. Ihre Fotoarbeit erz\u00e4hlt vom R\u00fcckzug des Wassers, vom Verlust vertrauter Orte und von einer stillen Sehnsucht nach N\u00e4he und Heimat.<\/p>\n            <\/div>\r\n        \r\n                    <div class=\"cover--lead-in__author\">\r\n                \r\n                    \r\n                            <figure class=\"cover--lead-in__author__image\">\r\n\r\n                                                                    <a href=\"https:\/\/visualjournalism.de\/armina-ahmadinia\/\" target=\"_blank\">\r\n                                \r\n                                <img loading=\"lazy\" decoding=\"async\"\r\n                                    src=\"https:\/\/visualjournalism.de\/wp-content\/uploads\/Armina-Ahmadinia_1zu1_01-68x68.jpg\"\r\n                                    srcset=\"https:\/\/visualjournalism.de\/wp-content\/uploads\/Armina-Ahmadinia_1zu1_01-68x68.jpg 68w, https:\/\/visualjournalism.de\/wp-content\/uploads\/Armina-Ahmadinia_1zu1_01-300x300.jpg 300w, https:\/\/visualjournalism.de\/wp-content\/uploads\/Armina-Ahmadinia_1zu1_01-150x150.jpg 150w, https:\/\/visualjournalism.de\/wp-content\/uploads\/Armina-Ahmadinia_1zu1_01-420x420.jpg 420w, https:\/\/visualjournalism.de\/wp-content\/uploads\/Armina-Ahmadinia_1zu1_01-350x350.jpg 350w, https:\/\/visualjournalism.de\/wp-content\/uploads\/Armina-Ahmadinia_1zu1_01-52x52.jpg 52w, https:\/\/visualjournalism.de\/wp-content\/uploads\/Armina-Ahmadinia_1zu1_01-96x96.jpg 96w, https:\/\/visualjournalism.de\/wp-content\/uploads\/Armina-Ahmadinia_1zu1_01.jpg 664w\"\r\n                                    width=\"68\"\r\n                                    height=\"68\"\r\n                                    alt=\"Armina Ahmadinia\"\r\n                                \/>\r\n\r\n                                                                    <\/a>\r\n                                \r\n                            <\/figure>\r\n\r\n                                    <\/div><!-- .cover--lead-in__author -->\r\n        \r\n    <\/div><!-- .cover--lead-in__content -->\r\n\r\n    \r\n        <figure class=\"cover--lead-in__image cover--lead-in__media cover--lead-in__media--image\">\r\n            <img loading=\"lazy\" decoding=\"async\"\r\n                src=\"https:\/\/visualjournalism.de\/wp-content\/uploads\/2026\/01\/\u00a9_Armina_Ahmadinia_0011-1920x1440.jpg\"\r\n                srcset=\"https:\/\/visualjournalism.de\/wp-content\/uploads\/2026\/01\/\u00a9_Armina_Ahmadinia_0011-1920x1440.jpg 1920w, https:\/\/visualjournalism.de\/wp-content\/uploads\/2026\/01\/\u00a9_Armina_Ahmadinia_0011-300x225.jpg 300w, https:\/\/visualjournalism.de\/wp-content\/uploads\/2026\/01\/\u00a9_Armina_Ahmadinia_0011-1024x768.jpg 1024w, https:\/\/visualjournalism.de\/wp-content\/uploads\/2026\/01\/\u00a9_Armina_Ahmadinia_0011-768x576.jpg 768w, https:\/\/visualjournalism.de\/wp-content\/uploads\/2026\/01\/\u00a9_Armina_Ahmadinia_0011-1536x1152.jpg 1536w, https:\/\/visualjournalism.de\/wp-content\/uploads\/2026\/01\/\u00a9_Armina_Ahmadinia_0011-2048x1536.jpg 2048w, https:\/\/visualjournalism.de\/wp-content\/uploads\/2026\/01\/\u00a9_Armina_Ahmadinia_0011-1400x1050.jpg 1400w, https:\/\/visualjournalism.de\/wp-content\/uploads\/2026\/01\/\u00a9_Armina_Ahmadinia_0011-1050x788.jpg 1050w, https:\/\/visualjournalism.de\/wp-content\/uploads\/2026\/01\/\u00a9_Armina_Ahmadinia_0011-670x503.jpg 670w, https:\/\/visualjournalism.de\/wp-content\/uploads\/2026\/01\/\u00a9_Armina_Ahmadinia_0011-420x315.jpg 420w, https:\/\/visualjournalism.de\/wp-content\/uploads\/2026\/01\/\u00a9_Armina_Ahmadinia_0011-350x263.jpg 350w, https:\/\/visualjournalism.de\/wp-content\/uploads\/2026\/01\/\u00a9_Armina_Ahmadinia_0011-150x113.jpg 150w\"\r\n                width=\"1920\"\r\n                height=\"1440\"\r\n                alt=\"\"\r\n                style=\"object-position: 27.67% 37.33%\"\r\n            \/>\r\n        <\/figure>\r\n\r\n                    <span class=\"cover--lead-in__image-title\">\r\n                Ramsar (Mazandaran Provinz), Iran.            <\/span>\r\n        \r\n    \r\n<\/div><!-- .cover--lead-in -->\r\n\r\n\n\n\n<p class=\"post__paragraph has-spacing--none\"><strong>Armina Ahmadinias Projekt<\/strong> widmet sich der Erforschung einer wachsenden Distanz zwischen dem Kaspischen Meer und den Bewohner*innen seines su\u0308dlichen Ku\u0308stenbeckens im Iran. Das Kaspische Meer als gr\u00f6\u00dfte vom Festland eingeschlossene Wasserfl\u00e4che der Welt ist aufgrund einer Vielzahl menschlicher und natu\u0308rlicher Einflu\u0308sse von einem deutlichen Ru\u0308ckgang seines Wasserstands betroffen. Unzureichendes Management, u\u0308berm\u00e4\u00dfiger Staudammbau, illegale Fischerei, globale Erw\u00e4rmung und weitere Faktoren haben zu einer Absenkung des Wasserspiegels gefu\u0308hrt und eine Reihe \u00f6kologischer wie sozialer Krisen ausgel\u00f6st.<br><br>Anhand des Alltagslebens der Menschen vor Ort untersucht das Projekt die sozialen und kulturellen Folgen dieses Ru\u0308ckzugs. Es zeigt Ver\u00e4nderungen, die zu Entfremdung, Lethargie und einem Verlust an Lebensfreude gefu\u0308hrt haben. Entwicklungen, die schlie\u00dflich in eine Form kollektiver Ersch\u00f6pfung mu\u0308nden. Fu\u0308r die Menschen haben viele Orte ihre urspru\u0308ngliche Bedeutung verloren. Zwischen der Vergangenheit und der Gegenwart des Sees hat sich eine tiefe emotionale Kluft aufgetan \u2013 eine Leerstelle, die Melancholie und innere Unruhe in den Menschen hervorruft.<\/p>\n\n\n\n<p class=\"post__paragraph has-spacing--default\"><br>Nach Jahren der Migration kehrte Armina Ahmadinia in ihre Heimat am Kaspischen Meer zuru\u0308ck, weil die Ferne zu ihrem Zuhause und die Trennung von ihrer Mutter in ihr ein Gefu\u0308hl kindlicher Verletzlichkeit aufkommen lie\u00dfen. Diese pers\u00f6nliche Erfahrung spiegelt sich fu\u0308r Armina Ahmadinia in der Wahrnehmung des sich entfernenden Meeres wider, eines Meeres, das fu\u0308r die Menschen dieser Region seit jeher ein Symbol der Mutter und der Gro\u00dfzu\u0308gigkeit ist.<\/p>\n\n\n    <figure class=\"block-photo post__image--full has-spacing--m with-title\">\n\n        <div class=\"post__image__container\">\n            <img loading=\"lazy\" decoding=\"async\" \n                src=\"https:\/\/visualjournalism.de\/wp-content\/uploads\/2026\/01\/\u00a9_Armina_Ahmadinia_001-1400x1050.jpg\"\n                srcset=\"https:\/\/visualjournalism.de\/wp-content\/uploads\/2026\/01\/\u00a9_Armina_Ahmadinia_001-1400x1050.jpg 1400w, https:\/\/visualjournalism.de\/wp-content\/uploads\/2026\/01\/\u00a9_Armina_Ahmadinia_001-300x225.jpg 300w, https:\/\/visualjournalism.de\/wp-content\/uploads\/2026\/01\/\u00a9_Armina_Ahmadinia_001-1024x768.jpg 1024w, https:\/\/visualjournalism.de\/wp-content\/uploads\/2026\/01\/\u00a9_Armina_Ahmadinia_001-768x576.jpg 768w, https:\/\/visualjournalism.de\/wp-content\/uploads\/2026\/01\/\u00a9_Armina_Ahmadinia_001-1536x1152.jpg 1536w, https:\/\/visualjournalism.de\/wp-content\/uploads\/2026\/01\/\u00a9_Armina_Ahmadinia_001-2048x1536.jpg 2048w, https:\/\/visualjournalism.de\/wp-content\/uploads\/2026\/01\/\u00a9_Armina_Ahmadinia_001-1920x1440.jpg 1920w, https:\/\/visualjournalism.de\/wp-content\/uploads\/2026\/01\/\u00a9_Armina_Ahmadinia_001-1050x788.jpg 1050w, https:\/\/visualjournalism.de\/wp-content\/uploads\/2026\/01\/\u00a9_Armina_Ahmadinia_001-670x503.jpg 670w, https:\/\/visualjournalism.de\/wp-content\/uploads\/2026\/01\/\u00a9_Armina_Ahmadinia_001-420x315.jpg 420w, https:\/\/visualjournalism.de\/wp-content\/uploads\/2026\/01\/\u00a9_Armina_Ahmadinia_001-350x263.jpg 350w, https:\/\/visualjournalism.de\/wp-content\/uploads\/2026\/01\/\u00a9_Armina_Ahmadinia_001-150x113.jpg 150w\"\n                width=\"1400\" \n                height=\"1050\"\n                alt=\"\" \n            \/>\n            \n                            <span class=\"post__image__title\">Torkaman Hafen (Golestan Provinz), Iran.<\/span>\n                    <\/div><!-- post__image__container -->\n\n        \n    <\/figure><!-- post__image -->\n\n\n\n    <figure class=\"block-photo post__image--half-right has-spacing--m with-title\">\n\n        <div class=\"post__image__container\">\n            <img loading=\"lazy\" decoding=\"async\" \n                src=\"https:\/\/visualjournalism.de\/wp-content\/uploads\/2026\/01\/\u00a9_Armina_Ahmadinia_002-768x576.jpg\"\n                srcset=\"https:\/\/visualjournalism.de\/wp-content\/uploads\/2026\/01\/\u00a9_Armina_Ahmadinia_002-768x576.jpg 768w, https:\/\/visualjournalism.de\/wp-content\/uploads\/2026\/01\/\u00a9_Armina_Ahmadinia_002-300x225.jpg 300w, https:\/\/visualjournalism.de\/wp-content\/uploads\/2026\/01\/\u00a9_Armina_Ahmadinia_002-1024x768.jpg 1024w, https:\/\/visualjournalism.de\/wp-content\/uploads\/2026\/01\/\u00a9_Armina_Ahmadinia_002-1536x1152.jpg 1536w, https:\/\/visualjournalism.de\/wp-content\/uploads\/2026\/01\/\u00a9_Armina_Ahmadinia_002-2048x1536.jpg 2048w, https:\/\/visualjournalism.de\/wp-content\/uploads\/2026\/01\/\u00a9_Armina_Ahmadinia_002-1920x1440.jpg 1920w, https:\/\/visualjournalism.de\/wp-content\/uploads\/2026\/01\/\u00a9_Armina_Ahmadinia_002-1400x1050.jpg 1400w, https:\/\/visualjournalism.de\/wp-content\/uploads\/2026\/01\/\u00a9_Armina_Ahmadinia_002-1050x788.jpg 1050w, https:\/\/visualjournalism.de\/wp-content\/uploads\/2026\/01\/\u00a9_Armina_Ahmadinia_002-670x503.jpg 670w, https:\/\/visualjournalism.de\/wp-content\/uploads\/2026\/01\/\u00a9_Armina_Ahmadinia_002-420x315.jpg 420w, https:\/\/visualjournalism.de\/wp-content\/uploads\/2026\/01\/\u00a9_Armina_Ahmadinia_002-350x263.jpg 350w, https:\/\/visualjournalism.de\/wp-content\/uploads\/2026\/01\/\u00a9_Armina_Ahmadinia_002-150x113.jpg 150w\"\n                width=\"768\" \n                height=\"576\"\n                alt=\"\" \n            \/>\n            \n                            <span class=\"post__image__title\">Anzali Hafen(Guilan Provinz),Iran.<\/span>\n                    <\/div><!-- post__image__container -->\n\n        \n    <\/figure><!-- post__image -->\n\n\n\n    <figure class=\"block-photo post__image--half-left has-spacing--m with-title\">\n\n        <div class=\"post__image__container\">\n            <img loading=\"lazy\" decoding=\"async\" \n                src=\"https:\/\/visualjournalism.de\/wp-content\/uploads\/2026\/01\/\u00a9_Armina_Ahmadinia_003-768x576.jpg\"\n                srcset=\"https:\/\/visualjournalism.de\/wp-content\/uploads\/2026\/01\/\u00a9_Armina_Ahmadinia_003-768x576.jpg 768w, https:\/\/visualjournalism.de\/wp-content\/uploads\/2026\/01\/\u00a9_Armina_Ahmadinia_003-300x225.jpg 300w, https:\/\/visualjournalism.de\/wp-content\/uploads\/2026\/01\/\u00a9_Armina_Ahmadinia_003-1024x768.jpg 1024w, https:\/\/visualjournalism.de\/wp-content\/uploads\/2026\/01\/\u00a9_Armina_Ahmadinia_003-1536x1152.jpg 1536w, https:\/\/visualjournalism.de\/wp-content\/uploads\/2026\/01\/\u00a9_Armina_Ahmadinia_003-2048x1536.jpg 2048w, https:\/\/visualjournalism.de\/wp-content\/uploads\/2026\/01\/\u00a9_Armina_Ahmadinia_003-1920x1440.jpg 1920w, https:\/\/visualjournalism.de\/wp-content\/uploads\/2026\/01\/\u00a9_Armina_Ahmadinia_003-1400x1050.jpg 1400w, https:\/\/visualjournalism.de\/wp-content\/uploads\/2026\/01\/\u00a9_Armina_Ahmadinia_003-1050x788.jpg 1050w, https:\/\/visualjournalism.de\/wp-content\/uploads\/2026\/01\/\u00a9_Armina_Ahmadinia_003-670x503.jpg 670w, https:\/\/visualjournalism.de\/wp-content\/uploads\/2026\/01\/\u00a9_Armina_Ahmadinia_003-420x315.jpg 420w, https:\/\/visualjournalism.de\/wp-content\/uploads\/2026\/01\/\u00a9_Armina_Ahmadinia_003-350x263.jpg 350w, https:\/\/visualjournalism.de\/wp-content\/uploads\/2026\/01\/\u00a9_Armina_Ahmadinia_003-150x113.jpg 150w\"\n                width=\"768\" \n                height=\"576\"\n                alt=\"\" \n            \/>\n            \n                            <span class=\"post__image__title\">Anzali Hafen (Gilan Provinz), Iran.<\/span>\n                    <\/div><!-- post__image__container -->\n\n        \n    <\/figure><!-- post__image -->\n\n\n\n    <figure class=\"block-photo post__image--full has-spacing--m with-title\">\n\n        <div class=\"post__image__container\">\n            <img loading=\"lazy\" decoding=\"async\" \n                src=\"https:\/\/visualjournalism.de\/wp-content\/uploads\/2026\/01\/\u00a9_Armina_Ahmadinia_004-1400x1050.jpg\"\n                srcset=\"https:\/\/visualjournalism.de\/wp-content\/uploads\/2026\/01\/\u00a9_Armina_Ahmadinia_004-1400x1050.jpg 1400w, https:\/\/visualjournalism.de\/wp-content\/uploads\/2026\/01\/\u00a9_Armina_Ahmadinia_004-300x225.jpg 300w, https:\/\/visualjournalism.de\/wp-content\/uploads\/2026\/01\/\u00a9_Armina_Ahmadinia_004-1024x768.jpg 1024w, https:\/\/visualjournalism.de\/wp-content\/uploads\/2026\/01\/\u00a9_Armina_Ahmadinia_004-768x576.jpg 768w, https:\/\/visualjournalism.de\/wp-content\/uploads\/2026\/01\/\u00a9_Armina_Ahmadinia_004-1536x1152.jpg 1536w, https:\/\/visualjournalism.de\/wp-content\/uploads\/2026\/01\/\u00a9_Armina_Ahmadinia_004-2048x1536.jpg 2048w, https:\/\/visualjournalism.de\/wp-content\/uploads\/2026\/01\/\u00a9_Armina_Ahmadinia_004-1920x1440.jpg 1920w, https:\/\/visualjournalism.de\/wp-content\/uploads\/2026\/01\/\u00a9_Armina_Ahmadinia_004-1050x788.jpg 1050w, https:\/\/visualjournalism.de\/wp-content\/uploads\/2026\/01\/\u00a9_Armina_Ahmadinia_004-670x503.jpg 670w, https:\/\/visualjournalism.de\/wp-content\/uploads\/2026\/01\/\u00a9_Armina_Ahmadinia_004-420x315.jpg 420w, https:\/\/visualjournalism.de\/wp-content\/uploads\/2026\/01\/\u00a9_Armina_Ahmadinia_004-350x263.jpg 350w, https:\/\/visualjournalism.de\/wp-content\/uploads\/2026\/01\/\u00a9_Armina_Ahmadinia_004-150x113.jpg 150w\"\n                width=\"1400\" \n                height=\"1050\"\n                alt=\"\" \n            \/>\n            \n                            <span class=\"post__image__title\">Halbinsel Miankale (Mazandaran Provinz),Iran.<\/span>\n                    <\/div><!-- post__image__container -->\n\n        \n    <\/figure><!-- post__image -->\n\n\n\n    <figure class=\"block-photo post__image--half-right has-spacing--m with-title\">\n\n        <div class=\"post__image__container\">\n            <img loading=\"lazy\" decoding=\"async\" \n                src=\"https:\/\/visualjournalism.de\/wp-content\/uploads\/2026\/01\/\u00a9_Armina_Ahmadinia_005-768x576.jpg\"\n                srcset=\"https:\/\/visualjournalism.de\/wp-content\/uploads\/2026\/01\/\u00a9_Armina_Ahmadinia_005-768x576.jpg 768w, https:\/\/visualjournalism.de\/wp-content\/uploads\/2026\/01\/\u00a9_Armina_Ahmadinia_005-300x225.jpg 300w, https:\/\/visualjournalism.de\/wp-content\/uploads\/2026\/01\/\u00a9_Armina_Ahmadinia_005-1024x768.jpg 1024w, https:\/\/visualjournalism.de\/wp-content\/uploads\/2026\/01\/\u00a9_Armina_Ahmadinia_005-1536x1152.jpg 1536w, https:\/\/visualjournalism.de\/wp-content\/uploads\/2026\/01\/\u00a9_Armina_Ahmadinia_005-2048x1536.jpg 2048w, https:\/\/visualjournalism.de\/wp-content\/uploads\/2026\/01\/\u00a9_Armina_Ahmadinia_005-1920x1440.jpg 1920w, https:\/\/visualjournalism.de\/wp-content\/uploads\/2026\/01\/\u00a9_Armina_Ahmadinia_005-1400x1050.jpg 1400w, https:\/\/visualjournalism.de\/wp-content\/uploads\/2026\/01\/\u00a9_Armina_Ahmadinia_005-1050x788.jpg 1050w, https:\/\/visualjournalism.de\/wp-content\/uploads\/2026\/01\/\u00a9_Armina_Ahmadinia_005-670x503.jpg 670w, https:\/\/visualjournalism.de\/wp-content\/uploads\/2026\/01\/\u00a9_Armina_Ahmadinia_005-420x315.jpg 420w, https:\/\/visualjournalism.de\/wp-content\/uploads\/2026\/01\/\u00a9_Armina_Ahmadinia_005-350x263.jpg 350w, https:\/\/visualjournalism.de\/wp-content\/uploads\/2026\/01\/\u00a9_Armina_Ahmadinia_005-150x113.jpg 150w\"\n                width=\"768\" \n                height=\"576\"\n                alt=\"\" \n            \/>\n            \n                            <span class=\"post__image__title\">Khaled Nabi (Golestan Provinz), Iran.<\/span>\n                    <\/div><!-- post__image__container -->\n\n        \n    <\/figure><!-- post__image -->\n\n\n\n    <figure class=\"block-photo post__image--half-left has-spacing--m with-title\">\n\n        <div class=\"post__image__container\">\n            <img loading=\"lazy\" decoding=\"async\" \n                src=\"https:\/\/visualjournalism.de\/wp-content\/uploads\/2026\/01\/\u00a9_Armina_Ahmadinia_006-768x576.jpg\"\n                srcset=\"https:\/\/visualjournalism.de\/wp-content\/uploads\/2026\/01\/\u00a9_Armina_Ahmadinia_006-768x576.jpg 768w, https:\/\/visualjournalism.de\/wp-content\/uploads\/2026\/01\/\u00a9_Armina_Ahmadinia_006-300x225.jpg 300w, https:\/\/visualjournalism.de\/wp-content\/uploads\/2026\/01\/\u00a9_Armina_Ahmadinia_006-1024x768.jpg 1024w, https:\/\/visualjournalism.de\/wp-content\/uploads\/2026\/01\/\u00a9_Armina_Ahmadinia_006-1536x1151.jpg 1536w, https:\/\/visualjournalism.de\/wp-content\/uploads\/2026\/01\/\u00a9_Armina_Ahmadinia_006-2048x1535.jpg 2048w, https:\/\/visualjournalism.de\/wp-content\/uploads\/2026\/01\/\u00a9_Armina_Ahmadinia_006-1920x1439.jpg 1920w, https:\/\/visualjournalism.de\/wp-content\/uploads\/2026\/01\/\u00a9_Armina_Ahmadinia_006-1400x1049.jpg 1400w, https:\/\/visualjournalism.de\/wp-content\/uploads\/2026\/01\/\u00a9_Armina_Ahmadinia_006-1050x787.jpg 1050w, https:\/\/visualjournalism.de\/wp-content\/uploads\/2026\/01\/\u00a9_Armina_Ahmadinia_006-670x502.jpg 670w, https:\/\/visualjournalism.de\/wp-content\/uploads\/2026\/01\/\u00a9_Armina_Ahmadinia_006-420x315.jpg 420w, https:\/\/visualjournalism.de\/wp-content\/uploads\/2026\/01\/\u00a9_Armina_Ahmadinia_006-350x262.jpg 350w, https:\/\/visualjournalism.de\/wp-content\/uploads\/2026\/01\/\u00a9_Armina_Ahmadinia_006-150x112.jpg 150w\"\n                width=\"768\" \n                height=\"576\"\n                alt=\"\" \n            \/>\n            \n                            <span class=\"post__image__title\">Gomischan (Golestan Provinz), Iran.<\/span>\n                    <\/div><!-- post__image__container -->\n\n        \n    <\/figure><!-- post__image -->\n\n\n\n    <figure class=\"block-photo post__image--full has-spacing--m with-title\">\n\n        <div class=\"post__image__container\">\n            <img loading=\"lazy\" decoding=\"async\" \n                src=\"https:\/\/visualjournalism.de\/wp-content\/uploads\/2026\/01\/\u00a9_Armina_Ahmadinia_007-1400x1046.jpg\"\n                srcset=\"https:\/\/visualjournalism.de\/wp-content\/uploads\/2026\/01\/\u00a9_Armina_Ahmadinia_007-1400x1046.jpg 1400w, https:\/\/visualjournalism.de\/wp-content\/uploads\/2026\/01\/\u00a9_Armina_Ahmadinia_007-300x224.jpg 300w, https:\/\/visualjournalism.de\/wp-content\/uploads\/2026\/01\/\u00a9_Armina_Ahmadinia_007-1024x765.jpg 1024w, https:\/\/visualjournalism.de\/wp-content\/uploads\/2026\/01\/\u00a9_Armina_Ahmadinia_007-768x574.jpg 768w, https:\/\/visualjournalism.de\/wp-content\/uploads\/2026\/01\/\u00a9_Armina_Ahmadinia_007-1536x1147.jpg 1536w, https:\/\/visualjournalism.de\/wp-content\/uploads\/2026\/01\/\u00a9_Armina_Ahmadinia_007-2048x1529.jpg 2048w, https:\/\/visualjournalism.de\/wp-content\/uploads\/2026\/01\/\u00a9_Armina_Ahmadinia_007-1920x1434.jpg 1920w, https:\/\/visualjournalism.de\/wp-content\/uploads\/2026\/01\/\u00a9_Armina_Ahmadinia_007-1050x784.jpg 1050w, https:\/\/visualjournalism.de\/wp-content\/uploads\/2026\/01\/\u00a9_Armina_Ahmadinia_007-670x500.jpg 670w, https:\/\/visualjournalism.de\/wp-content\/uploads\/2026\/01\/\u00a9_Armina_Ahmadinia_007-420x314.jpg 420w, https:\/\/visualjournalism.de\/wp-content\/uploads\/2026\/01\/\u00a9_Armina_Ahmadinia_007-350x261.jpg 350w, https:\/\/visualjournalism.de\/wp-content\/uploads\/2026\/01\/\u00a9_Armina_Ahmadinia_007-150x112.jpg 150w\"\n                width=\"1400\" \n                height=\"1046\"\n                alt=\"\" \n            \/>\n            \n                            <span class=\"post__image__title\">Torkaman Hafen (Golestan Provinz), Iran.<\/span>\n                    <\/div><!-- post__image__container -->\n\n        \n    <\/figure><!-- post__image -->\n\n\n\n    <figure class=\"block-photo post__image--half-right has-spacing--m with-title\">\n\n        <div class=\"post__image__container\">\n            <img loading=\"lazy\" decoding=\"async\" \n                src=\"https:\/\/visualjournalism.de\/wp-content\/uploads\/2026\/01\/\u00a9_Armina_Ahmadinia_008-768x576.jpg\"\n                srcset=\"https:\/\/visualjournalism.de\/wp-content\/uploads\/2026\/01\/\u00a9_Armina_Ahmadinia_008-768x576.jpg 768w, https:\/\/visualjournalism.de\/wp-content\/uploads\/2026\/01\/\u00a9_Armina_Ahmadinia_008-300x225.jpg 300w, https:\/\/visualjournalism.de\/wp-content\/uploads\/2026\/01\/\u00a9_Armina_Ahmadinia_008-1024x768.jpg 1024w, https:\/\/visualjournalism.de\/wp-content\/uploads\/2026\/01\/\u00a9_Armina_Ahmadinia_008-1536x1151.jpg 1536w, https:\/\/visualjournalism.de\/wp-content\/uploads\/2026\/01\/\u00a9_Armina_Ahmadinia_008-2048x1535.jpg 2048w, https:\/\/visualjournalism.de\/wp-content\/uploads\/2026\/01\/\u00a9_Armina_Ahmadinia_008-1920x1439.jpg 1920w, https:\/\/visualjournalism.de\/wp-content\/uploads\/2026\/01\/\u00a9_Armina_Ahmadinia_008-1400x1049.jpg 1400w, https:\/\/visualjournalism.de\/wp-content\/uploads\/2026\/01\/\u00a9_Armina_Ahmadinia_008-1050x787.jpg 1050w, https:\/\/visualjournalism.de\/wp-content\/uploads\/2026\/01\/\u00a9_Armina_Ahmadinia_008-670x502.jpg 670w, https:\/\/visualjournalism.de\/wp-content\/uploads\/2026\/01\/\u00a9_Armina_Ahmadinia_008-420x315.jpg 420w, https:\/\/visualjournalism.de\/wp-content\/uploads\/2026\/01\/\u00a9_Armina_Ahmadinia_008-350x262.jpg 350w, https:\/\/visualjournalism.de\/wp-content\/uploads\/2026\/01\/\u00a9_Armina_Ahmadinia_008-150x112.jpg 150w\"\n                width=\"768\" \n                height=\"576\"\n                alt=\"\" \n            \/>\n            \n                            <span class=\"post__image__title\">Torkaman Hafen (Golestan Provinz),Iran.<\/span>\n                    <\/div><!-- post__image__container -->\n\n        \n    <\/figure><!-- post__image -->\n\n\n\n    <figure class=\"block-photo post__image--half-left has-spacing--m with-title\">\n\n        <div class=\"post__image__container\">\n            <img loading=\"lazy\" decoding=\"async\" \n                src=\"https:\/\/visualjournalism.de\/wp-content\/uploads\/2026\/01\/\u00a9_Armina_Ahmadinia_009-768x1024.jpg\"\n                srcset=\"https:\/\/visualjournalism.de\/wp-content\/uploads\/2026\/01\/\u00a9_Armina_Ahmadinia_009-768x1024.jpg 768w, https:\/\/visualjournalism.de\/wp-content\/uploads\/2026\/01\/\u00a9_Armina_Ahmadinia_009-225x300.jpg 225w, https:\/\/visualjournalism.de\/wp-content\/uploads\/2026\/01\/\u00a9_Armina_Ahmadinia_009-1152x1536.jpg 1152w, https:\/\/visualjournalism.de\/wp-content\/uploads\/2026\/01\/\u00a9_Armina_Ahmadinia_009-1536x2048.jpg 1536w, https:\/\/visualjournalism.de\/wp-content\/uploads\/2026\/01\/\u00a9_Armina_Ahmadinia_009-scaled.jpg 1920w, https:\/\/visualjournalism.de\/wp-content\/uploads\/2026\/01\/\u00a9_Armina_Ahmadinia_009-1400x1867.jpg 1400w, https:\/\/visualjournalism.de\/wp-content\/uploads\/2026\/01\/\u00a9_Armina_Ahmadinia_009-1050x1400.jpg 1050w, https:\/\/visualjournalism.de\/wp-content\/uploads\/2026\/01\/\u00a9_Armina_Ahmadinia_009-670x894.jpg 670w, https:\/\/visualjournalism.de\/wp-content\/uploads\/2026\/01\/\u00a9_Armina_Ahmadinia_009-420x560.jpg 420w, https:\/\/visualjournalism.de\/wp-content\/uploads\/2026\/01\/\u00a9_Armina_Ahmadinia_009-350x467.jpg 350w, https:\/\/visualjournalism.de\/wp-content\/uploads\/2026\/01\/\u00a9_Armina_Ahmadinia_009-300x400.jpg 300w, https:\/\/visualjournalism.de\/wp-content\/uploads\/2026\/01\/\u00a9_Armina_Ahmadinia_009-640x853.jpg 640w, https:\/\/visualjournalism.de\/wp-content\/uploads\/2026\/01\/\u00a9_Armina_Ahmadinia_009-150x200.jpg 150w\"\n                width=\"768\" \n                height=\"1024\"\n                alt=\"\" \n            \/>\n            \n                            <span class=\"post__image__title\">Aghghala, (Golestan Provinz) ,Iran.<\/span>\n                    <\/div><!-- post__image__container -->\n\n        \n    <\/figure><!-- post__image -->\n\n\n\n    <figure class=\"block-photo post__image--half-right has-spacing--m with-title\">\n\n        <div class=\"post__image__container\">\n            <img loading=\"lazy\" decoding=\"async\" \n                src=\"https:\/\/visualjournalism.de\/wp-content\/uploads\/2026\/01\/\u00a9_Armina_Ahmadinia_0010-768x576.jpg\"\n                srcset=\"https:\/\/visualjournalism.de\/wp-content\/uploads\/2026\/01\/\u00a9_Armina_Ahmadinia_0010-768x576.jpg 768w, https:\/\/visualjournalism.de\/wp-content\/uploads\/2026\/01\/\u00a9_Armina_Ahmadinia_0010-300x225.jpg 300w, https:\/\/visualjournalism.de\/wp-content\/uploads\/2026\/01\/\u00a9_Armina_Ahmadinia_0010-1024x768.jpg 1024w, https:\/\/visualjournalism.de\/wp-content\/uploads\/2026\/01\/\u00a9_Armina_Ahmadinia_0010-1536x1152.jpg 1536w, https:\/\/visualjournalism.de\/wp-content\/uploads\/2026\/01\/\u00a9_Armina_Ahmadinia_0010-2048x1536.jpg 2048w, https:\/\/visualjournalism.de\/wp-content\/uploads\/2026\/01\/\u00a9_Armina_Ahmadinia_0010-1920x1440.jpg 1920w, https:\/\/visualjournalism.de\/wp-content\/uploads\/2026\/01\/\u00a9_Armina_Ahmadinia_0010-1400x1050.jpg 1400w, https:\/\/visualjournalism.de\/wp-content\/uploads\/2026\/01\/\u00a9_Armina_Ahmadinia_0010-1050x788.jpg 1050w, https:\/\/visualjournalism.de\/wp-content\/uploads\/2026\/01\/\u00a9_Armina_Ahmadinia_0010-670x503.jpg 670w, https:\/\/visualjournalism.de\/wp-content\/uploads\/2026\/01\/\u00a9_Armina_Ahmadinia_0010-420x315.jpg 420w, https:\/\/visualjournalism.de\/wp-content\/uploads\/2026\/01\/\u00a9_Armina_Ahmadinia_0010-350x263.jpg 350w, https:\/\/visualjournalism.de\/wp-content\/uploads\/2026\/01\/\u00a9_Armina_Ahmadinia_0010-150x113.jpg 150w\"\n                width=\"768\" \n                height=\"576\"\n                alt=\"\" \n            \/>\n            \n                            <span class=\"post__image__title\">Anzali Hafen (Guilan Provinz), Iran.<\/span>\n                    <\/div><!-- post__image__container -->\n\n        \n    <\/figure><!-- post__image -->\n\n\n\n    <figure class=\"block-photo post__image--full has-spacing--m with-title\">\n\n        <div class=\"post__image__container\">\n            <img loading=\"lazy\" decoding=\"async\" \n                src=\"https:\/\/visualjournalism.de\/wp-content\/uploads\/2026\/01\/\u00a9_Armina_Ahmadinia_0011-1400x1050.jpg\"\n                srcset=\"https:\/\/visualjournalism.de\/wp-content\/uploads\/2026\/01\/\u00a9_Armina_Ahmadinia_0011-1400x1050.jpg 1400w, https:\/\/visualjournalism.de\/wp-content\/uploads\/2026\/01\/\u00a9_Armina_Ahmadinia_0011-300x225.jpg 300w, https:\/\/visualjournalism.de\/wp-content\/uploads\/2026\/01\/\u00a9_Armina_Ahmadinia_0011-1024x768.jpg 1024w, https:\/\/visualjournalism.de\/wp-content\/uploads\/2026\/01\/\u00a9_Armina_Ahmadinia_0011-768x576.jpg 768w, https:\/\/visualjournalism.de\/wp-content\/uploads\/2026\/01\/\u00a9_Armina_Ahmadinia_0011-1536x1152.jpg 1536w, https:\/\/visualjournalism.de\/wp-content\/uploads\/2026\/01\/\u00a9_Armina_Ahmadinia_0011-2048x1536.jpg 2048w, https:\/\/visualjournalism.de\/wp-content\/uploads\/2026\/01\/\u00a9_Armina_Ahmadinia_0011-1920x1440.jpg 1920w, https:\/\/visualjournalism.de\/wp-content\/uploads\/2026\/01\/\u00a9_Armina_Ahmadinia_0011-1050x788.jpg 1050w, https:\/\/visualjournalism.de\/wp-content\/uploads\/2026\/01\/\u00a9_Armina_Ahmadinia_0011-670x503.jpg 670w, https:\/\/visualjournalism.de\/wp-content\/uploads\/2026\/01\/\u00a9_Armina_Ahmadinia_0011-420x315.jpg 420w, https:\/\/visualjournalism.de\/wp-content\/uploads\/2026\/01\/\u00a9_Armina_Ahmadinia_0011-350x263.jpg 350w, https:\/\/visualjournalism.de\/wp-content\/uploads\/2026\/01\/\u00a9_Armina_Ahmadinia_0011-150x113.jpg 150w\"\n                width=\"1400\" \n                height=\"1050\"\n                alt=\"\" \n            \/>\n            \n                            <span class=\"post__image__title\">Ramsar (Mazandaran Provinz), Iran.<\/span>\n                    <\/div><!-- post__image__container -->\n\n        \n    <\/figure><!-- post__image -->\n\n\n\n    <figure class=\"block-photo post__image--half-right has-spacing--m with-title\">\n\n        <div class=\"post__image__container\">\n            <img loading=\"lazy\" decoding=\"async\" \n                src=\"https:\/\/visualjournalism.de\/wp-content\/uploads\/2026\/01\/\u00a9_Armina_Ahmadinia_0012-768x576.jpg\"\n                srcset=\"https:\/\/visualjournalism.de\/wp-content\/uploads\/2026\/01\/\u00a9_Armina_Ahmadinia_0012-768x576.jpg 768w, https:\/\/visualjournalism.de\/wp-content\/uploads\/2026\/01\/\u00a9_Armina_Ahmadinia_0012-300x225.jpg 300w, https:\/\/visualjournalism.de\/wp-content\/uploads\/2026\/01\/\u00a9_Armina_Ahmadinia_0012-1024x768.jpg 1024w, https:\/\/visualjournalism.de\/wp-content\/uploads\/2026\/01\/\u00a9_Armina_Ahmadinia_0012-1536x1152.jpg 1536w, https:\/\/visualjournalism.de\/wp-content\/uploads\/2026\/01\/\u00a9_Armina_Ahmadinia_0012-2048x1536.jpg 2048w, https:\/\/visualjournalism.de\/wp-content\/uploads\/2026\/01\/\u00a9_Armina_Ahmadinia_0012-1920x1440.jpg 1920w, https:\/\/visualjournalism.de\/wp-content\/uploads\/2026\/01\/\u00a9_Armina_Ahmadinia_0012-1400x1050.jpg 1400w, https:\/\/visualjournalism.de\/wp-content\/uploads\/2026\/01\/\u00a9_Armina_Ahmadinia_0012-1050x788.jpg 1050w, https:\/\/visualjournalism.de\/wp-content\/uploads\/2026\/01\/\u00a9_Armina_Ahmadinia_0012-670x503.jpg 670w, https:\/\/visualjournalism.de\/wp-content\/uploads\/2026\/01\/\u00a9_Armina_Ahmadinia_0012-420x315.jpg 420w, https:\/\/visualjournalism.de\/wp-content\/uploads\/2026\/01\/\u00a9_Armina_Ahmadinia_0012-350x263.jpg 350w, https:\/\/visualjournalism.de\/wp-content\/uploads\/2026\/01\/\u00a9_Armina_Ahmadinia_0012-150x113.jpg 150w\"\n                width=\"768\" \n                height=\"576\"\n                alt=\"\" \n            \/>\n            \n                            <span class=\"post__image__title\">Aghghala (Golestan Provinz), Iran.<\/span>\n                    <\/div><!-- post__image__container -->\n\n        \n    <\/figure><!-- post__image -->\n\n\n\n    <figure class=\"block-photo post__image--half-left has-spacing--m with-title\">\n\n        <div class=\"post__image__container\">\n            <img loading=\"lazy\" decoding=\"async\" \n                src=\"https:\/\/visualjournalism.de\/wp-content\/uploads\/2026\/01\/\u00a9_Armina_Ahmadinia_0013-768x576.jpg\"\n                srcset=\"https:\/\/visualjournalism.de\/wp-content\/uploads\/2026\/01\/\u00a9_Armina_Ahmadinia_0013-768x576.jpg 768w, https:\/\/visualjournalism.de\/wp-content\/uploads\/2026\/01\/\u00a9_Armina_Ahmadinia_0013-300x225.jpg 300w, https:\/\/visualjournalism.de\/wp-content\/uploads\/2026\/01\/\u00a9_Armina_Ahmadinia_0013-1024x768.jpg 1024w, https:\/\/visualjournalism.de\/wp-content\/uploads\/2026\/01\/\u00a9_Armina_Ahmadinia_0013-1536x1152.jpg 1536w, https:\/\/visualjournalism.de\/wp-content\/uploads\/2026\/01\/\u00a9_Armina_Ahmadinia_0013-2048x1536.jpg 2048w, https:\/\/visualjournalism.de\/wp-content\/uploads\/2026\/01\/\u00a9_Armina_Ahmadinia_0013-1920x1440.jpg 1920w, https:\/\/visualjournalism.de\/wp-content\/uploads\/2026\/01\/\u00a9_Armina_Ahmadinia_0013-1400x1050.jpg 1400w, https:\/\/visualjournalism.de\/wp-content\/uploads\/2026\/01\/\u00a9_Armina_Ahmadinia_0013-1050x788.jpg 1050w, https:\/\/visualjournalism.de\/wp-content\/uploads\/2026\/01\/\u00a9_Armina_Ahmadinia_0013-670x503.jpg 670w, https:\/\/visualjournalism.de\/wp-content\/uploads\/2026\/01\/\u00a9_Armina_Ahmadinia_0013-420x315.jpg 420w, https:\/\/visualjournalism.de\/wp-content\/uploads\/2026\/01\/\u00a9_Armina_Ahmadinia_0013-350x263.jpg 350w, https:\/\/visualjournalism.de\/wp-content\/uploads\/2026\/01\/\u00a9_Armina_Ahmadinia_0013-150x113.jpg 150w\"\n                width=\"768\" \n                height=\"576\"\n                alt=\"\" \n            \/>\n            \n                            <span class=\"post__image__title\">Torkaman Hafen (Golestan Provinz), Iran.<\/span>\n                    <\/div><!-- post__image__container -->\n\n        \n    <\/figure><!-- post__image -->\n\n\n\n    <figure class=\"block-photo post__image--full has-spacing--m with-title\">\n\n        <div class=\"post__image__container\">\n            <img loading=\"lazy\" decoding=\"async\" \n                src=\"https:\/\/visualjournalism.de\/wp-content\/uploads\/2026\/01\/\u00a9_Armina_Ahmadinia_0014-1400x1050.jpg\"\n                srcset=\"https:\/\/visualjournalism.de\/wp-content\/uploads\/2026\/01\/\u00a9_Armina_Ahmadinia_0014-1400x1050.jpg 1400w, https:\/\/visualjournalism.de\/wp-content\/uploads\/2026\/01\/\u00a9_Armina_Ahmadinia_0014-300x225.jpg 300w, https:\/\/visualjournalism.de\/wp-content\/uploads\/2026\/01\/\u00a9_Armina_Ahmadinia_0014-1024x768.jpg 1024w, https:\/\/visualjournalism.de\/wp-content\/uploads\/2026\/01\/\u00a9_Armina_Ahmadinia_0014-768x576.jpg 768w, https:\/\/visualjournalism.de\/wp-content\/uploads\/2026\/01\/\u00a9_Armina_Ahmadinia_0014-1536x1152.jpg 1536w, https:\/\/visualjournalism.de\/wp-content\/uploads\/2026\/01\/\u00a9_Armina_Ahmadinia_0014-2048x1536.jpg 2048w, https:\/\/visualjournalism.de\/wp-content\/uploads\/2026\/01\/\u00a9_Armina_Ahmadinia_0014-1920x1440.jpg 1920w, https:\/\/visualjournalism.de\/wp-content\/uploads\/2026\/01\/\u00a9_Armina_Ahmadinia_0014-1050x788.jpg 1050w, https:\/\/visualjournalism.de\/wp-content\/uploads\/2026\/01\/\u00a9_Armina_Ahmadinia_0014-670x503.jpg 670w, https:\/\/visualjournalism.de\/wp-content\/uploads\/2026\/01\/\u00a9_Armina_Ahmadinia_0014-420x315.jpg 420w, https:\/\/visualjournalism.de\/wp-content\/uploads\/2026\/01\/\u00a9_Armina_Ahmadinia_0014-350x263.jpg 350w, https:\/\/visualjournalism.de\/wp-content\/uploads\/2026\/01\/\u00a9_Armina_Ahmadinia_0014-150x113.jpg 150w\"\n                width=\"1400\" \n                height=\"1050\"\n                alt=\"\" \n            \/>\n            \n                            <span class=\"post__image__title\">Anzali Hafen (Guilan Provinz), Iran.<\/span>\n                    <\/div><!-- post__image__container -->\n\n        \n    <\/figure><!-- post__image -->\n\n\n\n    <figure class=\"block-photo post__image--half-right has-spacing--m with-title\">\n\n        <div class=\"post__image__container\">\n            <img loading=\"lazy\" decoding=\"async\" \n                src=\"https:\/\/visualjournalism.de\/wp-content\/uploads\/2026\/01\/\u00a9_Armina_Ahmadinia_0015-768x576.jpg\"\n                srcset=\"https:\/\/visualjournalism.de\/wp-content\/uploads\/2026\/01\/\u00a9_Armina_Ahmadinia_0015-768x576.jpg 768w, https:\/\/visualjournalism.de\/wp-content\/uploads\/2026\/01\/\u00a9_Armina_Ahmadinia_0015-300x225.jpg 300w, https:\/\/visualjournalism.de\/wp-content\/uploads\/2026\/01\/\u00a9_Armina_Ahmadinia_0015-1024x768.jpg 1024w, https:\/\/visualjournalism.de\/wp-content\/uploads\/2026\/01\/\u00a9_Armina_Ahmadinia_0015-1536x1152.jpg 1536w, https:\/\/visualjournalism.de\/wp-content\/uploads\/2026\/01\/\u00a9_Armina_Ahmadinia_0015-2048x1536.jpg 2048w, https:\/\/visualjournalism.de\/wp-content\/uploads\/2026\/01\/\u00a9_Armina_Ahmadinia_0015-1920x1440.jpg 1920w, https:\/\/visualjournalism.de\/wp-content\/uploads\/2026\/01\/\u00a9_Armina_Ahmadinia_0015-1400x1050.jpg 1400w, https:\/\/visualjournalism.de\/wp-content\/uploads\/2026\/01\/\u00a9_Armina_Ahmadinia_0015-1050x788.jpg 1050w, https:\/\/visualjournalism.de\/wp-content\/uploads\/2026\/01\/\u00a9_Armina_Ahmadinia_0015-670x503.jpg 670w, https:\/\/visualjournalism.de\/wp-content\/uploads\/2026\/01\/\u00a9_Armina_Ahmadinia_0015-420x315.jpg 420w, https:\/\/visualjournalism.de\/wp-content\/uploads\/2026\/01\/\u00a9_Armina_Ahmadinia_0015-350x263.jpg 350w, https:\/\/visualjournalism.de\/wp-content\/uploads\/2026\/01\/\u00a9_Armina_Ahmadinia_0015-150x113.jpg 150w\"\n                width=\"768\" \n                height=\"576\"\n                alt=\"\" \n            \/>\n            \n                            <span class=\"post__image__title\">Gomischan (Golestan Provinz), Iran.<\/span>\n                    <\/div><!-- post__image__container -->\n\n        \n    <\/figure><!-- post__image -->\n\n\n\n    <figure class=\"block-photo post__image--half-left has-spacing--m with-title\">\n\n        <div class=\"post__image__container\">\n            <img loading=\"lazy\" decoding=\"async\" \n                src=\"https:\/\/visualjournalism.de\/wp-content\/uploads\/2026\/01\/\u00a9_Armina_Ahmadinia_0016-768x576.jpg\"\n                srcset=\"https:\/\/visualjournalism.de\/wp-content\/uploads\/2026\/01\/\u00a9_Armina_Ahmadinia_0016-768x576.jpg 768w, https:\/\/visualjournalism.de\/wp-content\/uploads\/2026\/01\/\u00a9_Armina_Ahmadinia_0016-300x225.jpg 300w, https:\/\/visualjournalism.de\/wp-content\/uploads\/2026\/01\/\u00a9_Armina_Ahmadinia_0016-1024x768.jpg 1024w, https:\/\/visualjournalism.de\/wp-content\/uploads\/2026\/01\/\u00a9_Armina_Ahmadinia_0016-1536x1151.jpg 1536w, https:\/\/visualjournalism.de\/wp-content\/uploads\/2026\/01\/\u00a9_Armina_Ahmadinia_0016-2048x1535.jpg 2048w, https:\/\/visualjournalism.de\/wp-content\/uploads\/2026\/01\/\u00a9_Armina_Ahmadinia_0016-1920x1439.jpg 1920w, https:\/\/visualjournalism.de\/wp-content\/uploads\/2026\/01\/\u00a9_Armina_Ahmadinia_0016-1400x1049.jpg 1400w, https:\/\/visualjournalism.de\/wp-content\/uploads\/2026\/01\/\u00a9_Armina_Ahmadinia_0016-1050x787.jpg 1050w, https:\/\/visualjournalism.de\/wp-content\/uploads\/2026\/01\/\u00a9_Armina_Ahmadinia_0016-670x502.jpg 670w, https:\/\/visualjournalism.de\/wp-content\/uploads\/2026\/01\/\u00a9_Armina_Ahmadinia_0016-420x315.jpg 420w, https:\/\/visualjournalism.de\/wp-content\/uploads\/2026\/01\/\u00a9_Armina_Ahmadinia_0016-350x262.jpg 350w, https:\/\/visualjournalism.de\/wp-content\/uploads\/2026\/01\/\u00a9_Armina_Ahmadinia_0016-150x112.jpg 150w\"\n                width=\"768\" \n                height=\"576\"\n                alt=\"\" \n            \/>\n            \n                            <span class=\"post__image__title\">Kelachay (Guilan Provinz), Iran.<\/span>\n                    <\/div><!-- post__image__container -->\n\n        \n    <\/figure><!-- post__image -->\n\n\n\n    <figure class=\"block-photo post__image--full has-spacing--m with-title\">\n\n        <div class=\"post__image__container\">\n            <img loading=\"lazy\" decoding=\"async\" \n                src=\"https:\/\/visualjournalism.de\/wp-content\/uploads\/2026\/01\/\u00a9_Armina_Ahmadinia_0017-1400x1050.jpg\"\n                srcset=\"https:\/\/visualjournalism.de\/wp-content\/uploads\/2026\/01\/\u00a9_Armina_Ahmadinia_0017-1400x1050.jpg 1400w, https:\/\/visualjournalism.de\/wp-content\/uploads\/2026\/01\/\u00a9_Armina_Ahmadinia_0017-300x225.jpg 300w, https:\/\/visualjournalism.de\/wp-content\/uploads\/2026\/01\/\u00a9_Armina_Ahmadinia_0017-1024x768.jpg 1024w, https:\/\/visualjournalism.de\/wp-content\/uploads\/2026\/01\/\u00a9_Armina_Ahmadinia_0017-768x576.jpg 768w, https:\/\/visualjournalism.de\/wp-content\/uploads\/2026\/01\/\u00a9_Armina_Ahmadinia_0017-1536x1152.jpg 1536w, https:\/\/visualjournalism.de\/wp-content\/uploads\/2026\/01\/\u00a9_Armina_Ahmadinia_0017-2048x1536.jpg 2048w, https:\/\/visualjournalism.de\/wp-content\/uploads\/2026\/01\/\u00a9_Armina_Ahmadinia_0017-1920x1440.jpg 1920w, https:\/\/visualjournalism.de\/wp-content\/uploads\/2026\/01\/\u00a9_Armina_Ahmadinia_0017-1050x788.jpg 1050w, https:\/\/visualjournalism.de\/wp-content\/uploads\/2026\/01\/\u00a9_Armina_Ahmadinia_0017-670x503.jpg 670w, https:\/\/visualjournalism.de\/wp-content\/uploads\/2026\/01\/\u00a9_Armina_Ahmadinia_0017-420x315.jpg 420w, https:\/\/visualjournalism.de\/wp-content\/uploads\/2026\/01\/\u00a9_Armina_Ahmadinia_0017-350x263.jpg 350w, https:\/\/visualjournalism.de\/wp-content\/uploads\/2026\/01\/\u00a9_Armina_Ahmadinia_0017-150x113.jpg 150w\"\n                width=\"1400\" \n                height=\"1050\"\n                alt=\"\" \n            \/>\n            \n                            <span class=\"post__image__title\">Kelachay (Guilan Provinz), Iran.<\/span>\n                    <\/div><!-- post__image__container -->\n\n        \n    <\/figure><!-- post__image -->\n\n\n\n\n<div class=\"wp-block-group has-spacing--default has-spacing--default\">\n<div class=\"devider has-spacing--none\">\n    <hr>\n<\/div>\n\n\n \n\n    <div id=\"lead-in-block_03d3f76c7b4d6a80d41259a6ca304d45\" class=\"block-lead-in typo--default font-size--xl has-spacing--s width--default\">\n        <p><strong>Empfehlungen der Redaktion:<\/strong><\/p>\n    <\/div>\n\n\n\n\r\n\r\n\r\n\n\n\r\n\r\n\r\n\r\n        <div class=\"teaser-grid grid-layout--3col has-spacing--s width--inline\">\r\n\r\n            \r\n                <article class=\"post-teaser\">\r\n\r\n                    <a href=\"https:\/\/visualjournalism.de\/en\/magazine\/ratgeber\/praktikum-im-journalismus\/\" rel=\"permalink\">\r\n\r\n                        <div class=\"post-teaser__content\">\r\n\r\n                            <span class=\"entry-categories\">Ratgeber<\/span>\r\n                            <h3 class=\"post-teaser__headline\">\r\n                                So gelingt dein Praktikum im Journalismus!                            <\/h3>\r\n\r\n                            <div class=\"post-teaser__excerpt\">\r\n                                <p>Wie findest du das richtige Praktikum? Wie \u00fcberzeugst du in der Bewerbung? Und was solltest du w\u00e4hrend des Praktikums unbedingt beachten? Mit Tipps und Tricks von unseren Professor*innen und Studierenden.<\/p>\r\n                            <\/div>\r\n\r\n                        <\/div><!-- .post-teaser__content -->\r\n\r\n\r\n                        \r\n                            <figure class=\"post-teaser__image\">\r\n                                <img loading=\"lazy\" decoding=\"async\"  \r\n                                    src=\"https:\/\/visualjournalism.de\/wp-content\/uploads\/IMG_312C868D6676-1-Foto-Stefan-Nieland-768x512.jpeg\" \r\n                                    srcset=\"https:\/\/visualjournalism.de\/wp-content\/uploads\/IMG_312C868D6676-1-Foto-Stefan-Nieland-768x512.jpeg 768w, https:\/\/visualjournalism.de\/wp-content\/uploads\/IMG_312C868D6676-1-Foto-Stefan-Nieland-300x200.jpeg 300w, https:\/\/visualjournalism.de\/wp-content\/uploads\/IMG_312C868D6676-1-Foto-Stefan-Nieland-1024x683.jpeg 1024w, https:\/\/visualjournalism.de\/wp-content\/uploads\/IMG_312C868D6676-1-Foto-Stefan-Nieland-1536x1024.jpeg 1536w, https:\/\/visualjournalism.de\/wp-content\/uploads\/IMG_312C868D6676-1-Foto-Stefan-Nieland-1920x1280.jpeg 1920w, https:\/\/visualjournalism.de\/wp-content\/uploads\/IMG_312C868D6676-1-Foto-Stefan-Nieland-1400x933.jpeg 1400w, https:\/\/visualjournalism.de\/wp-content\/uploads\/IMG_312C868D6676-1-Foto-Stefan-Nieland-1050x700.jpeg 1050w, https:\/\/visualjournalism.de\/wp-content\/uploads\/IMG_312C868D6676-1-Foto-Stefan-Nieland-670x447.jpeg 670w, https:\/\/visualjournalism.de\/wp-content\/uploads\/IMG_312C868D6676-1-Foto-Stefan-Nieland-420x280.jpeg 420w, https:\/\/visualjournalism.de\/wp-content\/uploads\/IMG_312C868D6676-1-Foto-Stefan-Nieland-350x233.jpeg 350w, https:\/\/visualjournalism.de\/wp-content\/uploads\/IMG_312C868D6676-1-Foto-Stefan-Nieland-150x100.jpeg 150w, https:\/\/visualjournalism.de\/wp-content\/uploads\/IMG_312C868D6676-1-Foto-Stefan-Nieland.jpeg 2048w\" \r\n                                    width=\"768\"  \r\n                                    height=\"512\" \r\n                                    alt=\"F\u00fcnf Personen im Fotostudio der F.A.Z. inszenieren mit Bratpfannen eine kreative Szene. Im Mittelpunkt: Sophie Boyer und Stefan Nieland, beide im journalistischen Praktikum aus dem Studiengang Visual Journalism and Documentary Photography in Hannover. Die Szene zeigt Zusammenarbeit im Redaktionspraktikum und gestalterische Praxis im Journalismus.\"\r\n                                \/>\r\n                            <\/figure>\r\n\r\n                        \r\n                    \r\n                    <\/a>\r\n\r\n                <\/article><!--- .post-teaser-->\r\n\r\n            \r\n                <article class=\"post-teaser\">\r\n\r\n                    <a href=\"https:\/\/visualjournalism.de\/en\/magazine\/ratgeber\/die-sache-mit-der-motivation\/\" rel=\"permalink\">\r\n\r\n                        <div class=\"post-teaser__content\">\r\n\r\n                            <span class=\"entry-categories\">Ratgeber<\/span>\r\n                            <h3 class=\"post-teaser__headline\">\r\n                                Die Sache mit der Motivation.                            <\/h3>\r\n\r\n                            <div class=\"post-teaser__excerpt\">\r\n                                <p>Auch wenn man seine Leidenschaft zum Beruf macht, wird einem die Motivation ab und an den R\u00fccken kehren. Wenn die Freude zur Qual wird und wie wir uns die Lust an der Arbeit zur\u00fcck erobern!<\/p>\r\n                            <\/div>\r\n\r\n                        <\/div><!-- .post-teaser__content -->\r\n\r\n\r\n                        \r\n                            <figure class=\"post-teaser__image\">\r\n                                <img loading=\"lazy\" decoding=\"async\"  \r\n                                    src=\"https:\/\/visualjournalism.de\/wp-content\/uploads\/2025\/12\/Max-Schlag_Carlotta-Steinkamp-768x512.jpeg\" \r\n                                    srcset=\"https:\/\/visualjournalism.de\/wp-content\/uploads\/2025\/12\/Max-Schlag_Carlotta-Steinkamp-768x512.jpeg 768w, https:\/\/visualjournalism.de\/wp-content\/uploads\/2025\/12\/Max-Schlag_Carlotta-Steinkamp-300x200.jpeg 300w, https:\/\/visualjournalism.de\/wp-content\/uploads\/2025\/12\/Max-Schlag_Carlotta-Steinkamp-1024x683.jpeg 1024w, https:\/\/visualjournalism.de\/wp-content\/uploads\/2025\/12\/Max-Schlag_Carlotta-Steinkamp-1536x1024.jpeg 1536w, https:\/\/visualjournalism.de\/wp-content\/uploads\/2025\/12\/Max-Schlag_Carlotta-Steinkamp-1920x1280.jpeg 1920w, https:\/\/visualjournalism.de\/wp-content\/uploads\/2025\/12\/Max-Schlag_Carlotta-Steinkamp-1400x933.jpeg 1400w, https:\/\/visualjournalism.de\/wp-content\/uploads\/2025\/12\/Max-Schlag_Carlotta-Steinkamp-1050x700.jpeg 1050w, https:\/\/visualjournalism.de\/wp-content\/uploads\/2025\/12\/Max-Schlag_Carlotta-Steinkamp-670x447.jpeg 670w, https:\/\/visualjournalism.de\/wp-content\/uploads\/2025\/12\/Max-Schlag_Carlotta-Steinkamp-420x280.jpeg 420w, https:\/\/visualjournalism.de\/wp-content\/uploads\/2025\/12\/Max-Schlag_Carlotta-Steinkamp-350x233.jpeg 350w, https:\/\/visualjournalism.de\/wp-content\/uploads\/2025\/12\/Max-Schlag_Carlotta-Steinkamp-150x100.jpeg 150w, https:\/\/visualjournalism.de\/wp-content\/uploads\/2025\/12\/Max-Schlag_Carlotta-Steinkamp.jpeg 2048w\" \r\n                                    width=\"768\"  \r\n                                    height=\"512\" \r\n                                    alt=\"\"\r\n                                \/>\r\n                            <\/figure>\r\n\r\n                        \r\n                    \r\n                    <\/a>\r\n\r\n                <\/article><!--- .post-teaser-->\r\n\r\n            \r\n                <article class=\"post-teaser\">\r\n\r\n                    <a href=\"https:\/\/visualjournalism.de\/en\/magazine\/ratgeber\/was-eine-gute-fotoreportage-auszeichnet\/\" rel=\"permalink\">\r\n\r\n                        <div class=\"post-teaser__content\">\r\n\r\n                            <span class=\"entry-categories\">Ratgeber<\/span>\r\n                            <h3 class=\"post-teaser__headline\">\r\n                                Was eine gute Fotoreportage auszeichnet.                            <\/h3>\r\n\r\n                            <div class=\"post-teaser__excerpt\">\r\n                                <p>Ein klarer Fokus auf deine Protagonistinnen, ausdrucksstarke Bilder und starkes Storytelling. So machst du eine Fotoreportage, die fesselt und in Erinnerung bleibt.<\/p>\r\n                            <\/div>\r\n\r\n                        <\/div><!-- .post-teaser__content -->\r\n\r\n\r\n                        \r\n                            <figure class=\"post-teaser__image\">\r\n                                <img loading=\"lazy\" decoding=\"async\"  \r\n                                    src=\"https:\/\/visualjournalism.de\/wp-content\/uploads\/Ratgeber-Fotoreportage-1-Fabian-Niebauer-_DSC5629-lowRes-768x512.jpg\" \r\n                                    srcset=\"https:\/\/visualjournalism.de\/wp-content\/uploads\/Ratgeber-Fotoreportage-1-Fabian-Niebauer-_DSC5629-lowRes-768x512.jpg 768w, https:\/\/visualjournalism.de\/wp-content\/uploads\/Ratgeber-Fotoreportage-1-Fabian-Niebauer-_DSC5629-lowRes-300x200.jpg 300w, https:\/\/visualjournalism.de\/wp-content\/uploads\/Ratgeber-Fotoreportage-1-Fabian-Niebauer-_DSC5629-lowRes-1024x683.jpg 1024w, https:\/\/visualjournalism.de\/wp-content\/uploads\/Ratgeber-Fotoreportage-1-Fabian-Niebauer-_DSC5629-lowRes-1536x1024.jpg 1536w, https:\/\/visualjournalism.de\/wp-content\/uploads\/Ratgeber-Fotoreportage-1-Fabian-Niebauer-_DSC5629-lowRes-2048x1365.jpg 2048w, https:\/\/visualjournalism.de\/wp-content\/uploads\/Ratgeber-Fotoreportage-1-Fabian-Niebauer-_DSC5629-lowRes-1920x1280.jpg 1920w, https:\/\/visualjournalism.de\/wp-content\/uploads\/Ratgeber-Fotoreportage-1-Fabian-Niebauer-_DSC5629-lowRes-1400x933.jpg 1400w, https:\/\/visualjournalism.de\/wp-content\/uploads\/Ratgeber-Fotoreportage-1-Fabian-Niebauer-_DSC5629-lowRes-1050x700.jpg 1050w, https:\/\/visualjournalism.de\/wp-content\/uploads\/Ratgeber-Fotoreportage-1-Fabian-Niebauer-_DSC5629-lowRes-670x447.jpg 670w, https:\/\/visualjournalism.de\/wp-content\/uploads\/Ratgeber-Fotoreportage-1-Fabian-Niebauer-_DSC5629-lowRes-420x280.jpg 420w, https:\/\/visualjournalism.de\/wp-content\/uploads\/Ratgeber-Fotoreportage-1-Fabian-Niebauer-_DSC5629-lowRes-350x233.jpg 350w, https:\/\/visualjournalism.de\/wp-content\/uploads\/Ratgeber-Fotoreportage-1-Fabian-Niebauer-_DSC5629-lowRes-150x100.jpg 150w\" \r\n                                    width=\"768\"  \r\n                                    height=\"512\" \r\n                                    alt=\"Eine Frau h\u00e4lt sich zwei Kameras vor die Augen.\"\r\n                                \/>\r\n                            <\/figure>\r\n\r\n                        \r\n                    \r\n                    <\/a>\r\n\r\n                <\/article><!--- .post-teaser-->\r\n\r\n            \r\n        <\/div><!-- .teaser-grid -->\r\n\r\n\n\n\r\n\r\n\r\n\n\n\n    <div class=\"btn-wrapper has-spacing--m\">\n        <a class=\"btn\" href=\"https:\/\/visualjournalism.de\/magazin\/\" target=\"_blank\">ZUR MAGAZIN-STARTSEITE<\/a>\n    <\/div>\n<\/div>\n","protected":false},"author":96,"featured_media":67575,"template":"","tags":[],"magazinkategorie":[158],"class_list":["post-67572","magazin","type-magazin","status-publish","has-post-thumbnail","hentry","magazinkategorie-ausgezeichnet"],"acf":[],"yoast_head":"<!-- This site is optimized with the Yoast SEO Premium plugin v27.3 (Yoast SEO v27.3) - https:\/\/yoast.com\/product\/yoast-seo-premium-wordpress\/ -->\n<title>Armina Ahmadinia: Mein Haus in Wolken geh\u00fcllt &#8211; Visual Journalism and Documentary Photography<\/title>\n<meta name=\"description\" content=\"Armina Ahmadinias Fotoarbeit \u00abMein Haus in Wolken geh\u00fcllt\u00bb zeigt den R\u00fcckzug des Kaspischen Meeres und erz\u00e4hlt von Verlust, Entfremdung und Heimat im Iran.\" \/>\n<meta name=\"robots\" content=\"index, follow, max-snippet:-1, max-image-preview:large, max-video-preview:-1\" \/>\n<link rel=\"canonical\" href=\"https:\/\/visualjournalism.de\/en\/magazine\/ausgezeichnet\/armina-ahmadinia-mein-haus-in-wolken-gehuellt\/\" \/>\n<meta property=\"og:locale\" content=\"en_US\" \/>\n<meta property=\"og:type\" content=\"article\" \/>\n<meta property=\"og:title\" content=\"Armina Ahmadinia: Mein Haus in Wolken geh\u00fcllt\" \/>\n<meta property=\"og:description\" content=\"Armina Ahmadinias Fotoarbeit \u00abMein Haus in Wolken geh\u00fcllt\u00bb zeigt den R\u00fcckzug des Kaspischen Meeres und erz\u00e4hlt von Verlust, Entfremdung und Heimat im Iran.\" \/>\n<meta property=\"og:url\" content=\"https:\/\/visualjournalism.de\/en\/magazine\/ausgezeichnet\/armina-ahmadinia-mein-haus-in-wolken-gehuellt\/\" \/>\n<meta property=\"og:site_name\" content=\"Visual Journalism and Documentary Photography\" \/>\n<meta property=\"article:publisher\" content=\"https:\/\/www.facebook.com\/people\/wwwfotostudentende\/100065173703897\/\" \/>\n<meta property=\"article:modified_time\" content=\"2026-04-11T10:48:34+00:00\" \/>\n<meta property=\"og:image\" content=\"https:\/\/visualjournalism.de\/wp-content\/uploads\/2026\/01\/\u00a9_Armina_Ahmadinia_001.jpg\" \/>\n\t<meta property=\"og:image:width\" content=\"2500\" \/>\n\t<meta property=\"og:image:height\" content=\"1875\" \/>\n\t<meta property=\"og:image:type\" content=\"image\/jpeg\" \/>\n<meta name=\"twitter:card\" content=\"summary_large_image\" \/>\n<meta name=\"twitter:site\" content=\"@HsHannover\" \/>\n<meta name=\"twitter:label1\" content=\"Est. reading time\" \/>\n\t<meta name=\"twitter:data1\" content=\"2 minutes\" \/>\n<script type=\"application\/ld+json\" class=\"yoast-schema-graph\">{\"@context\":\"https:\\\/\\\/schema.org\",\"@graph\":[{\"@type\":\"WebPage\",\"@id\":\"https:\\\/\\\/visualjournalism.de\\\/en\\\/magazine\\\/ausgezeichnet\\\/armina-ahmadinia-mein-haus-in-wolken-gehuellt\\\/\",\"url\":\"https:\\\/\\\/visualjournalism.de\\\/en\\\/magazine\\\/ausgezeichnet\\\/armina-ahmadinia-mein-haus-in-wolken-gehuellt\\\/\",\"name\":\"Armina Ahmadinia: Mein Haus in Wolken geh\u00fcllt &#8211; Visual Journalism and Documentary Photography\",\"isPartOf\":{\"@id\":\"https:\\\/\\\/visualjournalism.de\\\/en\\\/#website\"},\"primaryImageOfPage\":{\"@id\":\"https:\\\/\\\/visualjournalism.de\\\/en\\\/magazine\\\/ausgezeichnet\\\/armina-ahmadinia-mein-haus-in-wolken-gehuellt\\\/#primaryimage\"},\"image\":{\"@id\":\"https:\\\/\\\/visualjournalism.de\\\/en\\\/magazine\\\/ausgezeichnet\\\/armina-ahmadinia-mein-haus-in-wolken-gehuellt\\\/#primaryimage\"},\"thumbnailUrl\":\"https:\\\/\\\/visualjournalism.de\\\/wp-content\\\/uploads\\\/2026\\\/01\\\/\u00a9_Armina_Ahmadinia_001.jpg\",\"datePublished\":\"2026-01-12T20:28:13+00:00\",\"dateModified\":\"2026-04-11T10:48:34+00:00\",\"description\":\"Armina Ahmadinias Fotoarbeit \u00abMein Haus in Wolken geh\u00fcllt\u00bb zeigt den R\u00fcckzug des Kaspischen Meeres und erz\u00e4hlt von Verlust, Entfremdung und Heimat im Iran.\",\"breadcrumb\":{\"@id\":\"https:\\\/\\\/visualjournalism.de\\\/en\\\/magazine\\\/ausgezeichnet\\\/armina-ahmadinia-mein-haus-in-wolken-gehuellt\\\/#breadcrumb\"},\"inLanguage\":\"en-US\",\"potentialAction\":[{\"@type\":\"ReadAction\",\"target\":[\"https:\\\/\\\/visualjournalism.de\\\/en\\\/magazine\\\/ausgezeichnet\\\/armina-ahmadinia-mein-haus-in-wolken-gehuellt\\\/\"]}]},{\"@type\":\"ImageObject\",\"inLanguage\":\"en-US\",\"@id\":\"https:\\\/\\\/visualjournalism.de\\\/en\\\/magazine\\\/ausgezeichnet\\\/armina-ahmadinia-mein-haus-in-wolken-gehuellt\\\/#primaryimage\",\"url\":\"https:\\\/\\\/visualjournalism.de\\\/wp-content\\\/uploads\\\/2026\\\/01\\\/\u00a9_Armina_Ahmadinia_001.jpg\",\"contentUrl\":\"https:\\\/\\\/visualjournalism.de\\\/wp-content\\\/uploads\\\/2026\\\/01\\\/\u00a9_Armina_Ahmadinia_001.jpg\",\"width\":2500,\"height\":1875,\"caption\":\"Torkaman Hafen (Golestan Provinz), Iran.\"},{\"@type\":\"BreadcrumbList\",\"@id\":\"https:\\\/\\\/visualjournalism.de\\\/en\\\/magazine\\\/ausgezeichnet\\\/armina-ahmadinia-mein-haus-in-wolken-gehuellt\\\/#breadcrumb\",\"itemListElement\":[{\"@type\":\"ListItem\",\"position\":1,\"name\":\"Home\",\"item\":\"https:\\\/\\\/visualjournalism.de\\\/en\\\/\"},{\"@type\":\"ListItem\",\"position\":2,\"name\":\"Magazin\",\"item\":\"https:\\\/\\\/visualjournalism.de\\\/en\\\/magazine\\\/\"},{\"@type\":\"ListItem\",\"position\":3,\"name\":\"Armina Ahmadinia: Mein Haus in Wolken geh\u00fcllt\"}]},{\"@type\":\"WebSite\",\"@id\":\"https:\\\/\\\/visualjournalism.de\\\/en\\\/#website\",\"url\":\"https:\\\/\\\/visualjournalism.de\\\/en\\\/\",\"name\":\"Visual Journalism and Documentary Photography\",\"description\":\"All about the bilingual bachelor&#039;s program at Hannover University of Applied Sciences and Arts.\",\"publisher\":{\"@id\":\"https:\\\/\\\/visualjournalism.de\\\/en\\\/#organization\"},\"alternateName\":\"visualjournalism.de\",\"potentialAction\":[{\"@type\":\"SearchAction\",\"target\":{\"@type\":\"EntryPoint\",\"urlTemplate\":\"https:\\\/\\\/visualjournalism.de\\\/en\\\/?s={search_term_string}\"},\"query-input\":{\"@type\":\"PropertyValueSpecification\",\"valueRequired\":true,\"valueName\":\"search_term_string\"}}],\"inLanguage\":\"en-US\"},{\"@type\":\"Organization\",\"@id\":\"https:\\\/\\\/visualjournalism.de\\\/en\\\/#organization\",\"name\":\"Hochschule Hannover \u2013 University of Applied Sciences and Arts\",\"alternateName\":\"HsH\",\"url\":\"https:\\\/\\\/visualjournalism.de\\\/en\\\/\",\"logo\":{\"@type\":\"ImageObject\",\"inLanguage\":\"en-US\",\"@id\":\"https:\\\/\\\/visualjournalism.de\\\/en\\\/#\\\/schema\\\/logo\\\/image\\\/\",\"url\":\"https:\\\/\\\/visualjournalism.de\\\/wp-content\\\/uploads\\\/logo-hochschule-hannover.png\",\"contentUrl\":\"https:\\\/\\\/visualjournalism.de\\\/wp-content\\\/uploads\\\/logo-hochschule-hannover.png\",\"width\":363,\"height\":270,\"caption\":\"Hochschule Hannover \u2013 University of Applied Sciences and Arts\"},\"image\":{\"@id\":\"https:\\\/\\\/visualjournalism.de\\\/en\\\/#\\\/schema\\\/logo\\\/image\\\/\"},\"sameAs\":[\"https:\\\/\\\/www.facebook.com\\\/people\\\/wwwfotostudentende\\\/100065173703897\\\/\",\"https:\\\/\\\/x.com\\\/HsHannover\",\"https:\\\/\\\/www.instagram.com\\\/visualjournalism.de\\\/\"]}]}<\/script>\n<!-- \/ Yoast SEO Premium plugin. -->","yoast_head_json":{"title":"Armina Ahmadinia: Mein Haus in Wolken geh\u00fcllt &#8211; Visual Journalism and Documentary Photography","description":"Armina Ahmadinias Fotoarbeit \u00abMein Haus in Wolken geh\u00fcllt\u00bb zeigt den R\u00fcckzug des Kaspischen Meeres und erz\u00e4hlt von Verlust, Entfremdung und Heimat im Iran.","robots":{"index":"index","follow":"follow","max-snippet":"max-snippet:-1","max-image-preview":"max-image-preview:large","max-video-preview":"max-video-preview:-1"},"canonical":"https:\/\/visualjournalism.de\/en\/magazine\/ausgezeichnet\/armina-ahmadinia-mein-haus-in-wolken-gehuellt\/","og_locale":"en_US","og_type":"article","og_title":"Armina Ahmadinia: Mein Haus in Wolken geh\u00fcllt","og_description":"Armina Ahmadinias Fotoarbeit \u00abMein Haus in Wolken geh\u00fcllt\u00bb zeigt den R\u00fcckzug des Kaspischen Meeres und erz\u00e4hlt von Verlust, Entfremdung und Heimat im Iran.","og_url":"https:\/\/visualjournalism.de\/en\/magazine\/ausgezeichnet\/armina-ahmadinia-mein-haus-in-wolken-gehuellt\/","og_site_name":"Visual Journalism and Documentary Photography","article_publisher":"https:\/\/www.facebook.com\/people\/wwwfotostudentende\/100065173703897\/","article_modified_time":"2026-04-11T10:48:34+00:00","og_image":[{"width":2500,"height":1875,"url":"https:\/\/visualjournalism.de\/wp-content\/uploads\/2026\/01\/\u00a9_Armina_Ahmadinia_001.jpg","type":"image\/jpeg"}],"twitter_card":"summary_large_image","twitter_site":"@HsHannover","twitter_misc":{"Est. reading time":"2 minutes"},"schema":{"@context":"https:\/\/schema.org","@graph":[{"@type":"WebPage","@id":"https:\/\/visualjournalism.de\/en\/magazine\/ausgezeichnet\/armina-ahmadinia-mein-haus-in-wolken-gehuellt\/","url":"https:\/\/visualjournalism.de\/en\/magazine\/ausgezeichnet\/armina-ahmadinia-mein-haus-in-wolken-gehuellt\/","name":"Armina Ahmadinia: Mein Haus in Wolken geh\u00fcllt &#8211; Visual Journalism and Documentary Photography","isPartOf":{"@id":"https:\/\/visualjournalism.de\/en\/#website"},"primaryImageOfPage":{"@id":"https:\/\/visualjournalism.de\/en\/magazine\/ausgezeichnet\/armina-ahmadinia-mein-haus-in-wolken-gehuellt\/#primaryimage"},"image":{"@id":"https:\/\/visualjournalism.de\/en\/magazine\/ausgezeichnet\/armina-ahmadinia-mein-haus-in-wolken-gehuellt\/#primaryimage"},"thumbnailUrl":"https:\/\/visualjournalism.de\/wp-content\/uploads\/2026\/01\/\u00a9_Armina_Ahmadinia_001.jpg","datePublished":"2026-01-12T20:28:13+00:00","dateModified":"2026-04-11T10:48:34+00:00","description":"Armina Ahmadinias Fotoarbeit \u00abMein Haus in Wolken geh\u00fcllt\u00bb zeigt den R\u00fcckzug des Kaspischen Meeres und erz\u00e4hlt von Verlust, Entfremdung und Heimat im Iran.","breadcrumb":{"@id":"https:\/\/visualjournalism.de\/en\/magazine\/ausgezeichnet\/armina-ahmadinia-mein-haus-in-wolken-gehuellt\/#breadcrumb"},"inLanguage":"en-US","potentialAction":[{"@type":"ReadAction","target":["https:\/\/visualjournalism.de\/en\/magazine\/ausgezeichnet\/armina-ahmadinia-mein-haus-in-wolken-gehuellt\/"]}]},{"@type":"ImageObject","inLanguage":"en-US","@id":"https:\/\/visualjournalism.de\/en\/magazine\/ausgezeichnet\/armina-ahmadinia-mein-haus-in-wolken-gehuellt\/#primaryimage","url":"https:\/\/visualjournalism.de\/wp-content\/uploads\/2026\/01\/\u00a9_Armina_Ahmadinia_001.jpg","contentUrl":"https:\/\/visualjournalism.de\/wp-content\/uploads\/2026\/01\/\u00a9_Armina_Ahmadinia_001.jpg","width":2500,"height":1875,"caption":"Torkaman Hafen (Golestan Provinz), Iran."},{"@type":"BreadcrumbList","@id":"https:\/\/visualjournalism.de\/en\/magazine\/ausgezeichnet\/armina-ahmadinia-mein-haus-in-wolken-gehuellt\/#breadcrumb","itemListElement":[{"@type":"ListItem","position":1,"name":"Home","item":"https:\/\/visualjournalism.de\/en\/"},{"@type":"ListItem","position":2,"name":"Magazin","item":"https:\/\/visualjournalism.de\/en\/magazine\/"},{"@type":"ListItem","position":3,"name":"Armina Ahmadinia: Mein Haus in Wolken geh\u00fcllt"}]},{"@type":"WebSite","@id":"https:\/\/visualjournalism.de\/en\/#website","url":"https:\/\/visualjournalism.de\/en\/","name":"Visual Journalism and Documentary Photography","description":"All about the bilingual bachelor&#039;s program at Hannover University of Applied Sciences and Arts.","publisher":{"@id":"https:\/\/visualjournalism.de\/en\/#organization"},"alternateName":"visualjournalism.de","potentialAction":[{"@type":"SearchAction","target":{"@type":"EntryPoint","urlTemplate":"https:\/\/visualjournalism.de\/en\/?s={search_term_string}"},"query-input":{"@type":"PropertyValueSpecification","valueRequired":true,"valueName":"search_term_string"}}],"inLanguage":"en-US"},{"@type":"Organization","@id":"https:\/\/visualjournalism.de\/en\/#organization","name":"Hochschule Hannover \u2013 University of Applied Sciences and Arts","alternateName":"HsH","url":"https:\/\/visualjournalism.de\/en\/","logo":{"@type":"ImageObject","inLanguage":"en-US","@id":"https:\/\/visualjournalism.de\/en\/#\/schema\/logo\/image\/","url":"https:\/\/visualjournalism.de\/wp-content\/uploads\/logo-hochschule-hannover.png","contentUrl":"https:\/\/visualjournalism.de\/wp-content\/uploads\/logo-hochschule-hannover.png","width":363,"height":270,"caption":"Hochschule Hannover \u2013 University of Applied Sciences and Arts"},"image":{"@id":"https:\/\/visualjournalism.de\/en\/#\/schema\/logo\/image\/"},"sameAs":["https:\/\/www.facebook.com\/people\/wwwfotostudentende\/100065173703897\/","https:\/\/x.com\/HsHannover","https:\/\/www.instagram.com\/visualjournalism.de\/"]}]}},"_links":{"self":[{"href":"https:\/\/visualjournalism.de\/en\/wp-json\/wp\/v2\/magazin\/67572","targetHints":{"allow":["GET"]}}],"collection":[{"href":"https:\/\/visualjournalism.de\/en\/wp-json\/wp\/v2\/magazin"}],"about":[{"href":"https:\/\/visualjournalism.de\/en\/wp-json\/wp\/v2\/types\/magazin"}],"author":[{"embeddable":true,"href":"https:\/\/visualjournalism.de\/en\/wp-json\/wp\/v2\/users\/96"}],"version-history":[{"count":8,"href":"https:\/\/visualjournalism.de\/en\/wp-json\/wp\/v2\/magazin\/67572\/revisions"}],"predecessor-version":[{"id":70739,"href":"https:\/\/visualjournalism.de\/en\/wp-json\/wp\/v2\/magazin\/67572\/revisions\/70739"}],"wp:featuredmedia":[{"embeddable":true,"href":"https:\/\/visualjournalism.de\/en\/wp-json\/wp\/v2\/media\/67575"}],"wp:attachment":[{"href":"https:\/\/visualjournalism.de\/en\/wp-json\/wp\/v2\/media?parent=67572"}],"wp:term":[{"taxonomy":"post_tag","embeddable":true,"href":"https:\/\/visualjournalism.de\/en\/wp-json\/wp\/v2\/tags?post=67572"},{"taxonomy":"magazinkategorie","embeddable":true,"href":"https:\/\/visualjournalism.de\/en\/wp-json\/wp\/v2\/magazinkategorie?post=67572"}],"curies":[{"name":"wp","href":"https:\/\/api.w.org\/{rel}","templated":true}]}}