{"id":68111,"date":"2026-01-12T22:19:42","date_gmt":"2026-01-12T20:19:42","guid":{"rendered":"https:\/\/visualjournalism.de\/?post_type=magazin&#038;p=68111"},"modified":"2026-03-27T16:19:13","modified_gmt":"2026-03-27T14:19:13","slug":"markus-heft-fuer-uns-getraeumt","status":"publish","type":"magazin","link":"https:\/\/visualjournalism.de\/en\/magazine\/ausgezeichnet\/markus-heft-fuer-uns-getraeumt\/","title":{"rendered":"Markus Heft: F\u00fcr uns getr\u00e4umt\u00a0"},"content":{"rendered":"\r\n<div class=\"cover--lead-in has-spacing--m\">\r\n\r\n    \r\n    <div class=\"cover--lead-in__content typo--tiempos\">\r\n\r\n        <div class=\"entry-categories\">\n\t<a class=\"post__tag\" href=\"https:\/\/visualjournalism.de\/magazin-kategorie\/ausgezeichnet\/\" rel=\"category tag\">Ausgezeichnet<\/a><\/div>\r\n        <h2 class=\"cover--lead-in__headline headline-size--default\">\r\n            F\u00fcr uns getr\u00e4umt        <\/h2>\r\n\r\n                    <div class=\"cover--lead-in__text\">\r\n                <p><a href=\"https:\/\/visualjournalism.de\/en\/markus-heft\/\" target=\"_blank\" rel=\"noopener\"><strong>Markus Heft<\/strong><\/a> portr\u00e4tiert \u00e4ltere queere Menschen in Deutschland. Seit 2022 entstehen kollaborativ intime Portraits, erg\u00e4nzt durch Stillleben und Orte. Das Projekt bewahrt queere Geschichte und macht doppelte Marginalisierung im Alter sichtbar.<\/p>\n            <\/div>\r\n        \r\n                    <div class=\"cover--lead-in__author\">\r\n                \r\n                    \r\n                            <figure class=\"cover--lead-in__author__image\">\r\n\r\n                                                                    <a href=\"https:\/\/visualjournalism.de\/markus-heft\/\" target=\"\">\r\n                                \r\n                                <img loading=\"lazy\" decoding=\"async\"\r\n                                    src=\"https:\/\/visualjournalism.de\/wp-content\/uploads\/Markus-Heft-Thumbnail-1-68x68.jpg\"\r\n                                    srcset=\"https:\/\/visualjournalism.de\/wp-content\/uploads\/Markus-Heft-Thumbnail-1-68x68.jpg 68w, https:\/\/visualjournalism.de\/wp-content\/uploads\/Markus-Heft-Thumbnail-1-52x52.jpg 52w, https:\/\/visualjournalism.de\/wp-content\/uploads\/Markus-Heft-Thumbnail-1-96x96.jpg 96w, https:\/\/visualjournalism.de\/wp-content\/uploads\/Markus-Heft-Thumbnail-1.jpg 100w\"\r\n                                    width=\"68\"\r\n                                    height=\"68\"\r\n                                    alt=\"\"\r\n                                \/>\r\n\r\n                                                                    <\/a>\r\n                                \r\n                            <\/figure>\r\n\r\n                                    <\/div><!-- .cover--lead-in__author -->\r\n        \r\n    <\/div><!-- .cover--lead-in__content -->\r\n\r\n    \r\n        <figure class=\"cover--lead-in__image cover--lead-in__media cover--lead-in__media--image\">\r\n            <img loading=\"lazy\" decoding=\"async\"\r\n                src=\"https:\/\/visualjournalism.de\/wp-content\/uploads\/2026\/01\/Fuer-uns-getraeumt-6-1920x1536.jpg\"\r\n                srcset=\"https:\/\/visualjournalism.de\/wp-content\/uploads\/2026\/01\/Fuer-uns-getraeumt-6-1920x1536.jpg 1920w, https:\/\/visualjournalism.de\/wp-content\/uploads\/2026\/01\/Fuer-uns-getraeumt-6-300x240.jpg 300w, https:\/\/visualjournalism.de\/wp-content\/uploads\/2026\/01\/Fuer-uns-getraeumt-6-1024x819.jpg 1024w, https:\/\/visualjournalism.de\/wp-content\/uploads\/2026\/01\/Fuer-uns-getraeumt-6-768x614.jpg 768w, https:\/\/visualjournalism.de\/wp-content\/uploads\/2026\/01\/Fuer-uns-getraeumt-6-1536x1229.jpg 1536w, https:\/\/visualjournalism.de\/wp-content\/uploads\/2026\/01\/Fuer-uns-getraeumt-6-2048x1638.jpg 2048w, https:\/\/visualjournalism.de\/wp-content\/uploads\/2026\/01\/Fuer-uns-getraeumt-6-1400x1120.jpg 1400w, https:\/\/visualjournalism.de\/wp-content\/uploads\/2026\/01\/Fuer-uns-getraeumt-6-1050x840.jpg 1050w, https:\/\/visualjournalism.de\/wp-content\/uploads\/2026\/01\/Fuer-uns-getraeumt-6-670x536.jpg 670w, https:\/\/visualjournalism.de\/wp-content\/uploads\/2026\/01\/Fuer-uns-getraeumt-6-420x336.jpg 420w, https:\/\/visualjournalism.de\/wp-content\/uploads\/2026\/01\/Fuer-uns-getraeumt-6-350x280.jpg 350w, https:\/\/visualjournalism.de\/wp-content\/uploads\/2026\/01\/Fuer-uns-getraeumt-6-150x120.jpg 150w\"\r\n                width=\"1920\"\r\n                height=\"1536\"\r\n                alt=\"\"\r\n                style=\"object-position: 56.33% 50.42%\"\r\n            \/>\r\n        <\/figure>\r\n\r\n                    <span class=\"cover--lead-in__image-title\">\r\n                Axel und Christoph umarmen sich am 31. August 2025 in ihrem Schlafzimmer in Hannover. Die beiden sind seit 14 Jahren zusammen und haben sich bei einem BDSM-Workshop kennengelernt. Axel engagiert sich seit langem f\u00fcr die Rechte von queeren Menschen in Deutschland, zun\u00e4chst wirkte er bei der rechtlichen Anerkennung der eingetragenen Partnerschaft und sp\u00e4ter f\u00fcr die Gleichstellung der Ehe mit. In Anerkennung seiner Arbeit wurde er mit dem Bundesverdienstkreuz ausgezeichnet. Heute arbeitet er im Bereich der Gesundheitsberatung.            <\/span>\r\n        \r\n    \r\n<\/div><!-- .cover--lead-in -->\r\n\r\n\n\n\n<p class=\"post__paragraph has-spacing--default\"><strong>In dem dokumentarischen<\/strong> Langzeitprojekt \u00abF\u00fcr uns getr\u00e4umt\u00bb widmet sich <a href=\"https:\/\/visualjournalism.de\/markus-heft\/\">Markus Heft<\/a> den Lebensrealit\u00e4ten von \u00e4lteren queeren Menschen in Deutschland. In einem kollaborativen Prozess entstehen seit 2022 individuelle Portraits seiner Protagonist*innen, die mit Details und Stillleben von wichtigen Orten oder Gegenst\u00e4nden erg\u00e4nzt werden. Die Bilder werden zusammen mit Interviewtexten als Fotobuch konzipiert und geben so vor allem einer j\u00fcngeren LGBTQIA+-Generation, aber auch der breiten Gesellschaft Einblicke in queeres Leben und die doppelte Marginalisierung im Alter. <\/p>\n\n\n\n<p class=\"post__paragraph has-spacing--m\">Heft ist es wichtig, ein Dokument zu schaffen, das ein kleines St\u00fcck queere Geschichte bewahrt. Denn diese Geschichte ist im \u00f6ffentlichen Leben kaum pr\u00e4sent und auch in der Geschichtsschreibung unterrepr\u00e4sentiert. Die Erfahrungen der Protagonistinnen finden sich weder in Schulb\u00fcchern noch werden sie am Familientisch erz\u00e4hlt und geh\u00f6ren auch nicht zum Allgemeinwissen \u2013 sie m\u00fcssen aktiv gesucht werden, um \u00fcberhaupt wahrgenommen zu werden. F\u00fcr den Fotografen bedeutet das Kennenlernen dieser Lebensrealit\u00e4ten einen entscheidenden Unterschied.<br><br>Die Motivation zur Arbeit entspringt der Suche nach Vorbildern. Als junger Mensch wusste Markus fast nichts \u00fcber queere Geschichte und hatte keinen Kontakt zur \u00e4lteren Generation, bis er gezielt den Austausch suchte. Daraus ergibt sich eine doppelte Perspektive: die Innensicht durch die eigene Queerness und die Sicht eines jungen Menschen auf die \u00e4ltere Generation.<\/p>\n\n\n\n \n\n    <div id=\"accordion-block_3f5896f428332d9b6aed71444298ccf6\" class=\"accordion has-spacing--m\">\n        <div class=\"accordion__title\">\n            <h5>Markus Heft<\/h5>\n            <span><\/span>\n        <\/div>\n\n        <div class=\"accordion__text\">\n         <p><strong>Als ostdeutsch sozialisierter<\/strong>, queerer Fotograf thematisiert der 27-j\u00e4hrige \u00fcberwiegend Queerness und Identit\u00e4t in seinen Arbeiten. Bevor er 2021 sein Studium \u00abVisual Journalism and Documentary Photography\u00bb an der Hochschule Hannover begann, schloss er seine Ausbildung als Friseurgeselle ab. Heute realisiert er vor allem dokumentarische Langzeitprojekte. Seine fotografische Praxis ist eng mit seiner eigenen Identit\u00e4t verbunden und dient ihm zugleich als Mittel des Selbstverst\u00e4ndnisses und der Selbstverwirklichung.<\/p>\n        <\/div>\n    <\/div>\n\n\n\n    <figure class=\"block-photo post__image--half-left has-spacing--m with-title\">\n\n        <div class=\"post__image__container\">\n            <img loading=\"lazy\" decoding=\"async\" \n                src=\"https:\/\/visualjournalism.de\/wp-content\/uploads\/2026\/01\/Fuer-uns-getraeumt-1-768x960.jpg\"\n                srcset=\"https:\/\/visualjournalism.de\/wp-content\/uploads\/2026\/01\/Fuer-uns-getraeumt-1-768x960.jpg 768w, https:\/\/visualjournalism.de\/wp-content\/uploads\/2026\/01\/Fuer-uns-getraeumt-1-240x300.jpg 240w, https:\/\/visualjournalism.de\/wp-content\/uploads\/2026\/01\/Fuer-uns-getraeumt-1-819x1024.jpg 819w, https:\/\/visualjournalism.de\/wp-content\/uploads\/2026\/01\/Fuer-uns-getraeumt-1-1229x1536.jpg 1229w, https:\/\/visualjournalism.de\/wp-content\/uploads\/2026\/01\/Fuer-uns-getraeumt-1-1638x2048.jpg 1638w, https:\/\/visualjournalism.de\/wp-content\/uploads\/2026\/01\/Fuer-uns-getraeumt-1-1920x2400.jpg 1920w, https:\/\/visualjournalism.de\/wp-content\/uploads\/2026\/01\/Fuer-uns-getraeumt-1-1400x1750.jpg 1400w, https:\/\/visualjournalism.de\/wp-content\/uploads\/2026\/01\/Fuer-uns-getraeumt-1-1050x1313.jpg 1050w, https:\/\/visualjournalism.de\/wp-content\/uploads\/2026\/01\/Fuer-uns-getraeumt-1-670x838.jpg 670w, https:\/\/visualjournalism.de\/wp-content\/uploads\/2026\/01\/Fuer-uns-getraeumt-1-420x525.jpg 420w, https:\/\/visualjournalism.de\/wp-content\/uploads\/2026\/01\/Fuer-uns-getraeumt-1-350x438.jpg 350w, https:\/\/visualjournalism.de\/wp-content\/uploads\/2026\/01\/Fuer-uns-getraeumt-1-300x375.jpg 300w, https:\/\/visualjournalism.de\/wp-content\/uploads\/2026\/01\/Fuer-uns-getraeumt-1-150x188.jpg 150w, https:\/\/visualjournalism.de\/wp-content\/uploads\/2026\/01\/Fuer-uns-getraeumt-1-scaled.jpg 2048w\"\n                width=\"768\" \n                height=\"960\"\n                alt=\"\" \n            \/>\n            \n                            <span class=\"post__image__title\">Am 25. M\u00e4rz 2025 sitzt Achim, 79 in seiner Wohnung in Hannover, schaut aus dem Fenster und denkt \u00fcber einen Wendepunkt im Jahr 1990 nach, als er im Alter von 45 Jahren pl\u00f6tzlich erkannte, dass er schwul war. Nach seinem Coming-out schloss er sich einer Gruppe f\u00fcr schwule V\u00e4ter an und fand eine Gemeinschaft, die ihn dabei unterst\u00fctzte, offen zu leben. In den 1990er Jahren zog er nach Hannover, wo er zusammen mit seinem Freund Gert und dessen Partner das &quot;Caf\u00e9 Konrad&quot; gr\u00fcndete, das zu einem zentralen Treffpunkt f\u00fcr die Queer-Community der Stadt wurde.<\/span>\n                    <\/div><!-- post__image__container -->\n\n        \n    <\/figure><!-- post__image -->\n\n\n\n    <figure class=\"block-photo post__image--half-center has-spacing--m with-title\">\n\n        <div class=\"post__image__container\">\n            <img loading=\"lazy\" decoding=\"async\" \n                src=\"https:\/\/visualjournalism.de\/wp-content\/uploads\/2026\/01\/Fuer-uns-getraeumt-2-768x960.jpg\"\n                srcset=\"https:\/\/visualjournalism.de\/wp-content\/uploads\/2026\/01\/Fuer-uns-getraeumt-2-768x960.jpg 768w, https:\/\/visualjournalism.de\/wp-content\/uploads\/2026\/01\/Fuer-uns-getraeumt-2-240x300.jpg 240w, https:\/\/visualjournalism.de\/wp-content\/uploads\/2026\/01\/Fuer-uns-getraeumt-2-819x1024.jpg 819w, https:\/\/visualjournalism.de\/wp-content\/uploads\/2026\/01\/Fuer-uns-getraeumt-2-1229x1536.jpg 1229w, https:\/\/visualjournalism.de\/wp-content\/uploads\/2026\/01\/Fuer-uns-getraeumt-2-1638x2048.jpg 1638w, https:\/\/visualjournalism.de\/wp-content\/uploads\/2026\/01\/Fuer-uns-getraeumt-2-1920x2400.jpg 1920w, https:\/\/visualjournalism.de\/wp-content\/uploads\/2026\/01\/Fuer-uns-getraeumt-2-1400x1750.jpg 1400w, https:\/\/visualjournalism.de\/wp-content\/uploads\/2026\/01\/Fuer-uns-getraeumt-2-1050x1313.jpg 1050w, https:\/\/visualjournalism.de\/wp-content\/uploads\/2026\/01\/Fuer-uns-getraeumt-2-670x838.jpg 670w, https:\/\/visualjournalism.de\/wp-content\/uploads\/2026\/01\/Fuer-uns-getraeumt-2-420x525.jpg 420w, https:\/\/visualjournalism.de\/wp-content\/uploads\/2026\/01\/Fuer-uns-getraeumt-2-350x438.jpg 350w, https:\/\/visualjournalism.de\/wp-content\/uploads\/2026\/01\/Fuer-uns-getraeumt-2-300x375.jpg 300w, https:\/\/visualjournalism.de\/wp-content\/uploads\/2026\/01\/Fuer-uns-getraeumt-2-150x188.jpg 150w, https:\/\/visualjournalism.de\/wp-content\/uploads\/2026\/01\/Fuer-uns-getraeumt-2-scaled.jpg 2048w\"\n                width=\"768\" \n                height=\"960\"\n                alt=\"\" \n            \/>\n            \n                            <span class=\"post__image__title\">Achims Regenbogenflagge weht auf seiner Terrasse in Hannover. Im Alter von 45 Jahren erkannte er pl\u00f6tzlich, dass er schwul war. Nach seinem Coming-out schloss er sich einer Gruppe f\u00fcr schwule V\u00e4ter an und fand eine Gemeinschaft, die ihn dabei unterst\u00fctzte, offen zu leben. In den 1990er Jahren zog er nach Hannover, wo er zusammen mit seinem Freund Gert und dessen Partner das &quot;Caf\u00e9 Konrad&quot; gr\u00fcndete, das zu einem zentralen Treffpunkt f\u00fcr die Queer-Community der Stadt wurde.<\/span>\n                    <\/div><!-- post__image__container -->\n\n        \n    <\/figure><!-- post__image -->\n\n\n\n    <figure class=\"block-photo post__image--half-right has-spacing--m with-title\">\n\n        <div class=\"post__image__container\">\n            <img loading=\"lazy\" decoding=\"async\" \n                src=\"https:\/\/visualjournalism.de\/wp-content\/uploads\/2026\/01\/Fuer-uns-getraeumt-3-768x960.jpg\"\n                srcset=\"https:\/\/visualjournalism.de\/wp-content\/uploads\/2026\/01\/Fuer-uns-getraeumt-3-768x960.jpg 768w, https:\/\/visualjournalism.de\/wp-content\/uploads\/2026\/01\/Fuer-uns-getraeumt-3-240x300.jpg 240w, https:\/\/visualjournalism.de\/wp-content\/uploads\/2026\/01\/Fuer-uns-getraeumt-3-819x1024.jpg 819w, https:\/\/visualjournalism.de\/wp-content\/uploads\/2026\/01\/Fuer-uns-getraeumt-3-1229x1536.jpg 1229w, https:\/\/visualjournalism.de\/wp-content\/uploads\/2026\/01\/Fuer-uns-getraeumt-3-1638x2048.jpg 1638w, https:\/\/visualjournalism.de\/wp-content\/uploads\/2026\/01\/Fuer-uns-getraeumt-3-1920x2400.jpg 1920w, https:\/\/visualjournalism.de\/wp-content\/uploads\/2026\/01\/Fuer-uns-getraeumt-3-1400x1750.jpg 1400w, https:\/\/visualjournalism.de\/wp-content\/uploads\/2026\/01\/Fuer-uns-getraeumt-3-1050x1313.jpg 1050w, https:\/\/visualjournalism.de\/wp-content\/uploads\/2026\/01\/Fuer-uns-getraeumt-3-670x838.jpg 670w, https:\/\/visualjournalism.de\/wp-content\/uploads\/2026\/01\/Fuer-uns-getraeumt-3-420x525.jpg 420w, https:\/\/visualjournalism.de\/wp-content\/uploads\/2026\/01\/Fuer-uns-getraeumt-3-350x438.jpg 350w, https:\/\/visualjournalism.de\/wp-content\/uploads\/2026\/01\/Fuer-uns-getraeumt-3-300x375.jpg 300w, https:\/\/visualjournalism.de\/wp-content\/uploads\/2026\/01\/Fuer-uns-getraeumt-3-150x188.jpg 150w, https:\/\/visualjournalism.de\/wp-content\/uploads\/2026\/01\/Fuer-uns-getraeumt-3-scaled.jpg 2048w\"\n                width=\"768\" \n                height=\"960\"\n                alt=\"\" \n            \/>\n            \n                            <span class=\"post__image__title\">Udo, 71 und Andreas, 61 stehen am 28. Juni 2025 in ihrem Schrebergarten in Hannover. Die beiden bewirtschaften ihren Garten seit mehr als zwei Jahrzehnten und haben sich als schwules Paar ein gemeinsames Leben in einer von heteronormativen Erwartungen gepr\u00e4gten Gesellschaft aufgebaut. Sie lernten sich 1995 zuf\u00e4llig kennen. W\u00e4hrend Andreas fr\u00fch Unterst\u00fctzung in einer lokalen Jugendgruppe fand, wuchs Udo in der DDR auf, bevor er in den Westen zog, um offener leben zu k\u00f6nnen. 2014 gingen sie eine eingetragene Lebenspartnerschaft ein und 2017 heirateten sie offiziell.<\/span>\n                    <\/div><!-- post__image__container -->\n\n        \n    <\/figure><!-- post__image -->\n\n\n\n    <figure class=\"block-photo post__image--wide-left has-spacing--m with-title\">\n\n        <div class=\"post__image__container\">\n            <img loading=\"lazy\" decoding=\"async\" \n                src=\"https:\/\/visualjournalism.de\/wp-content\/uploads\/2026\/01\/Fuer-uns-getraeumt-4-1050x1313.jpg\"\n                srcset=\"https:\/\/visualjournalism.de\/wp-content\/uploads\/2026\/01\/Fuer-uns-getraeumt-4-1050x1313.jpg 1050w, https:\/\/visualjournalism.de\/wp-content\/uploads\/2026\/01\/Fuer-uns-getraeumt-4-240x300.jpg 240w, https:\/\/visualjournalism.de\/wp-content\/uploads\/2026\/01\/Fuer-uns-getraeumt-4-819x1024.jpg 819w, https:\/\/visualjournalism.de\/wp-content\/uploads\/2026\/01\/Fuer-uns-getraeumt-4-768x960.jpg 768w, https:\/\/visualjournalism.de\/wp-content\/uploads\/2026\/01\/Fuer-uns-getraeumt-4-1229x1536.jpg 1229w, https:\/\/visualjournalism.de\/wp-content\/uploads\/2026\/01\/Fuer-uns-getraeumt-4-1638x2048.jpg 1638w, https:\/\/visualjournalism.de\/wp-content\/uploads\/2026\/01\/Fuer-uns-getraeumt-4-1920x2400.jpg 1920w, https:\/\/visualjournalism.de\/wp-content\/uploads\/2026\/01\/Fuer-uns-getraeumt-4-1400x1750.jpg 1400w, https:\/\/visualjournalism.de\/wp-content\/uploads\/2026\/01\/Fuer-uns-getraeumt-4-670x838.jpg 670w, https:\/\/visualjournalism.de\/wp-content\/uploads\/2026\/01\/Fuer-uns-getraeumt-4-420x525.jpg 420w, https:\/\/visualjournalism.de\/wp-content\/uploads\/2026\/01\/Fuer-uns-getraeumt-4-350x438.jpg 350w, https:\/\/visualjournalism.de\/wp-content\/uploads\/2026\/01\/Fuer-uns-getraeumt-4-300x375.jpg 300w, https:\/\/visualjournalism.de\/wp-content\/uploads\/2026\/01\/Fuer-uns-getraeumt-4-150x188.jpg 150w, https:\/\/visualjournalism.de\/wp-content\/uploads\/2026\/01\/Fuer-uns-getraeumt-4-scaled.jpg 2048w\"\n                width=\"1050\" \n                height=\"1313\"\n                alt=\"\" \n            \/>\n            \n                            <span class=\"post__image__title\">Am 20. November 2025 posiert Hannah, 74, die auch den Namen &quot;G\u00fcnter&quot; verwendet, in ihrem Garten in der N\u00e4he von Hannover. Sie liebt es, sich entweder als Mann oder als Frau zu pr\u00e4sentieren und findet es interessant zu beobachten, wie andere Menschen ihre Geschlechtsidentit\u00e4t einsch\u00e4tzen. Da sie sich erst sp\u00e4t geoutet hat, lebt sie ihre queere Identit\u00e4t nun in einem Chor, im Theater und als Model aus. Au\u00dferdem besucht sie eine queere Senior*innengruppe in Hannover f\u00fcr Menschen \u00fcber 60, die sich gegenseitig unterst\u00fctzen und ihre Erfahrungen austauschen.<\/span>\n                    <\/div><!-- post__image__container -->\n\n        \n    <\/figure><!-- post__image -->\n\n\n\n    <figure class=\"block-photo post__image--half-right has-spacing--m with-title\">\n\n        <div class=\"post__image__container\">\n            <img loading=\"lazy\" decoding=\"async\" \n                src=\"https:\/\/visualjournalism.de\/wp-content\/uploads\/2026\/01\/Fuer-uns-getraeumt-5-768x960.jpg\"\n                srcset=\"https:\/\/visualjournalism.de\/wp-content\/uploads\/2026\/01\/Fuer-uns-getraeumt-5-768x960.jpg 768w, https:\/\/visualjournalism.de\/wp-content\/uploads\/2026\/01\/Fuer-uns-getraeumt-5-240x300.jpg 240w, https:\/\/visualjournalism.de\/wp-content\/uploads\/2026\/01\/Fuer-uns-getraeumt-5-819x1024.jpg 819w, https:\/\/visualjournalism.de\/wp-content\/uploads\/2026\/01\/Fuer-uns-getraeumt-5-1229x1536.jpg 1229w, https:\/\/visualjournalism.de\/wp-content\/uploads\/2026\/01\/Fuer-uns-getraeumt-5-1638x2048.jpg 1638w, https:\/\/visualjournalism.de\/wp-content\/uploads\/2026\/01\/Fuer-uns-getraeumt-5-1920x2400.jpg 1920w, https:\/\/visualjournalism.de\/wp-content\/uploads\/2026\/01\/Fuer-uns-getraeumt-5-1400x1750.jpg 1400w, https:\/\/visualjournalism.de\/wp-content\/uploads\/2026\/01\/Fuer-uns-getraeumt-5-1050x1313.jpg 1050w, https:\/\/visualjournalism.de\/wp-content\/uploads\/2026\/01\/Fuer-uns-getraeumt-5-670x838.jpg 670w, https:\/\/visualjournalism.de\/wp-content\/uploads\/2026\/01\/Fuer-uns-getraeumt-5-420x525.jpg 420w, https:\/\/visualjournalism.de\/wp-content\/uploads\/2026\/01\/Fuer-uns-getraeumt-5-350x438.jpg 350w, https:\/\/visualjournalism.de\/wp-content\/uploads\/2026\/01\/Fuer-uns-getraeumt-5-300x375.jpg 300w, https:\/\/visualjournalism.de\/wp-content\/uploads\/2026\/01\/Fuer-uns-getraeumt-5-150x188.jpg 150w, https:\/\/visualjournalism.de\/wp-content\/uploads\/2026\/01\/Fuer-uns-getraeumt-5-scaled.jpg 2048w\"\n                width=\"768\" \n                height=\"960\"\n                alt=\"\" \n            \/>\n            \n                            <span class=\"post__image__title\">Axel\u00b4s Flogger (spezielle Art von Peitsche, die im BDSM-Kontext verwendet wird) aus Lederrosen liegt auf seinem Bett in seinem BDSM-Spielzimmer in seiner Wohnung in Hannover. Sein Partner Christoph hat ihm damit einen Heiratsantrag gemacht. Die beiden sind seit 14 Jahren zusammen und haben sich bei einem BDSM-Workshop kennengelernt. Axel engagiert sich seit langem f\u00fcr die Rechte von queeren Menschen in Deutschland, zun\u00e4chst wirkte er bei der rechtlichen Anerkennung der eingetragenen Partnerschaft und sp\u00e4ter f\u00fcr die Gleichstellung der Ehe mit. In Anerkennung seiner Arbeit wurde er mit dem Bundesverdienstkreuz ausgezeichnet. Heute arbeitet er im Bereich der Gesundheitsberatung.<\/span>\n                    <\/div><!-- post__image__container -->\n\n        \n    <\/figure><!-- post__image -->\n\n\n\n    <figure class=\"block-photo post__image--wide-left has-spacing--m with-title\">\n\n        <div class=\"post__image__container\">\n            <img loading=\"lazy\" decoding=\"async\" \n                src=\"https:\/\/visualjournalism.de\/wp-content\/uploads\/2026\/01\/Fuer-uns-getraeumt-6-1050x840.jpg\"\n                srcset=\"https:\/\/visualjournalism.de\/wp-content\/uploads\/2026\/01\/Fuer-uns-getraeumt-6-1050x840.jpg 1050w, https:\/\/visualjournalism.de\/wp-content\/uploads\/2026\/01\/Fuer-uns-getraeumt-6-300x240.jpg 300w, https:\/\/visualjournalism.de\/wp-content\/uploads\/2026\/01\/Fuer-uns-getraeumt-6-1024x819.jpg 1024w, https:\/\/visualjournalism.de\/wp-content\/uploads\/2026\/01\/Fuer-uns-getraeumt-6-768x614.jpg 768w, https:\/\/visualjournalism.de\/wp-content\/uploads\/2026\/01\/Fuer-uns-getraeumt-6-1536x1229.jpg 1536w, https:\/\/visualjournalism.de\/wp-content\/uploads\/2026\/01\/Fuer-uns-getraeumt-6-2048x1638.jpg 2048w, https:\/\/visualjournalism.de\/wp-content\/uploads\/2026\/01\/Fuer-uns-getraeumt-6-1920x1536.jpg 1920w, https:\/\/visualjournalism.de\/wp-content\/uploads\/2026\/01\/Fuer-uns-getraeumt-6-1400x1120.jpg 1400w, https:\/\/visualjournalism.de\/wp-content\/uploads\/2026\/01\/Fuer-uns-getraeumt-6-670x536.jpg 670w, https:\/\/visualjournalism.de\/wp-content\/uploads\/2026\/01\/Fuer-uns-getraeumt-6-420x336.jpg 420w, https:\/\/visualjournalism.de\/wp-content\/uploads\/2026\/01\/Fuer-uns-getraeumt-6-350x280.jpg 350w, https:\/\/visualjournalism.de\/wp-content\/uploads\/2026\/01\/Fuer-uns-getraeumt-6-150x120.jpg 150w\"\n                width=\"1050\" \n                height=\"840\"\n                alt=\"\" \n            \/>\n            \n                            <span class=\"post__image__title\">Axel und Christoph umarmen sich am 31. August 2025 in ihrem Schlafzimmer in Hannover. Die beiden sind seit 14 Jahren zusammen und haben sich bei einem BDSM-Workshop kennengelernt. Axel engagiert sich seit langem f\u00fcr die Rechte von queeren Menschen in Deutschland, zun\u00e4chst wirkte er bei der rechtlichen Anerkennung der eingetragenen Partnerschaft und sp\u00e4ter f\u00fcr die Gleichstellung der Ehe mit. In Anerkennung seiner Arbeit wurde er mit dem Bundesverdienstkreuz ausgezeichnet. Heute arbeitet er im Bereich der Gesundheitsberatung.<\/span>\n                    <\/div><!-- post__image__container -->\n\n        \n    <\/figure><!-- post__image -->\n\n\n\n    <figure class=\"block-photo post__image--half-right has-spacing--m with-title\">\n\n        <div class=\"post__image__container\">\n            <img loading=\"lazy\" decoding=\"async\" \n                src=\"https:\/\/visualjournalism.de\/wp-content\/uploads\/2026\/01\/Fuer-uns-getraeumt-7-768x960.jpg\"\n                srcset=\"https:\/\/visualjournalism.de\/wp-content\/uploads\/2026\/01\/Fuer-uns-getraeumt-7-768x960.jpg 768w, https:\/\/visualjournalism.de\/wp-content\/uploads\/2026\/01\/Fuer-uns-getraeumt-7-240x300.jpg 240w, https:\/\/visualjournalism.de\/wp-content\/uploads\/2026\/01\/Fuer-uns-getraeumt-7-819x1024.jpg 819w, https:\/\/visualjournalism.de\/wp-content\/uploads\/2026\/01\/Fuer-uns-getraeumt-7-1229x1536.jpg 1229w, https:\/\/visualjournalism.de\/wp-content\/uploads\/2026\/01\/Fuer-uns-getraeumt-7-1638x2048.jpg 1638w, https:\/\/visualjournalism.de\/wp-content\/uploads\/2026\/01\/Fuer-uns-getraeumt-7-1920x2400.jpg 1920w, https:\/\/visualjournalism.de\/wp-content\/uploads\/2026\/01\/Fuer-uns-getraeumt-7-1400x1750.jpg 1400w, https:\/\/visualjournalism.de\/wp-content\/uploads\/2026\/01\/Fuer-uns-getraeumt-7-1050x1313.jpg 1050w, https:\/\/visualjournalism.de\/wp-content\/uploads\/2026\/01\/Fuer-uns-getraeumt-7-670x838.jpg 670w, https:\/\/visualjournalism.de\/wp-content\/uploads\/2026\/01\/Fuer-uns-getraeumt-7-420x525.jpg 420w, https:\/\/visualjournalism.de\/wp-content\/uploads\/2026\/01\/Fuer-uns-getraeumt-7-350x438.jpg 350w, https:\/\/visualjournalism.de\/wp-content\/uploads\/2026\/01\/Fuer-uns-getraeumt-7-300x375.jpg 300w, https:\/\/visualjournalism.de\/wp-content\/uploads\/2026\/01\/Fuer-uns-getraeumt-7-150x188.jpg 150w, https:\/\/visualjournalism.de\/wp-content\/uploads\/2026\/01\/Fuer-uns-getraeumt-7-scaled.jpg 2048w\"\n                width=\"768\" \n                height=\"960\"\n                alt=\"\" \n            \/>\n            \n                            <span class=\"post__image__title\">Moritz am 9. Oktober 2025 in seinem Zuhause in L\u00fcneburg. Aufgewachsen in den 1970er Jahren, wusste er schon fr\u00fch, wer er war: ein Junge, der auch ein M\u00e4dchen ist. Da es damals noch keine Sprache f\u00fcr Transgeschlechtlichkeit gab, lebte er viele Jahre als Lesbe in Berlin und Hamburg, gepr\u00e4gt von Frauenr\u00e4umen, Ausgrenzung, politischen K\u00e4mpfen und Alkohol.<\/span>\n                    <\/div><!-- post__image__container -->\n\n        \n    <\/figure><!-- post__image -->\n\n\n\n    <figure class=\"block-photo post__image--wide-left has-spacing--m with-title\">\n\n        <div class=\"post__image__container\">\n            <img loading=\"lazy\" decoding=\"async\" \n                src=\"https:\/\/visualjournalism.de\/wp-content\/uploads\/2026\/01\/Fuer-uns-getraeumt-8-1050x840.jpg\"\n                srcset=\"https:\/\/visualjournalism.de\/wp-content\/uploads\/2026\/01\/Fuer-uns-getraeumt-8-1050x840.jpg 1050w, https:\/\/visualjournalism.de\/wp-content\/uploads\/2026\/01\/Fuer-uns-getraeumt-8-300x240.jpg 300w, https:\/\/visualjournalism.de\/wp-content\/uploads\/2026\/01\/Fuer-uns-getraeumt-8-1024x819.jpg 1024w, https:\/\/visualjournalism.de\/wp-content\/uploads\/2026\/01\/Fuer-uns-getraeumt-8-768x614.jpg 768w, https:\/\/visualjournalism.de\/wp-content\/uploads\/2026\/01\/Fuer-uns-getraeumt-8-1536x1229.jpg 1536w, https:\/\/visualjournalism.de\/wp-content\/uploads\/2026\/01\/Fuer-uns-getraeumt-8-2048x1638.jpg 2048w, https:\/\/visualjournalism.de\/wp-content\/uploads\/2026\/01\/Fuer-uns-getraeumt-8-1920x1536.jpg 1920w, https:\/\/visualjournalism.de\/wp-content\/uploads\/2026\/01\/Fuer-uns-getraeumt-8-1400x1120.jpg 1400w, https:\/\/visualjournalism.de\/wp-content\/uploads\/2026\/01\/Fuer-uns-getraeumt-8-670x536.jpg 670w, https:\/\/visualjournalism.de\/wp-content\/uploads\/2026\/01\/Fuer-uns-getraeumt-8-420x336.jpg 420w, https:\/\/visualjournalism.de\/wp-content\/uploads\/2026\/01\/Fuer-uns-getraeumt-8-350x280.jpg 350w, https:\/\/visualjournalism.de\/wp-content\/uploads\/2026\/01\/Fuer-uns-getraeumt-8-150x120.jpg 150w\"\n                width=\"1050\" \n                height=\"840\"\n                alt=\"\" \n            \/>\n            \n                            <span class=\"post__image__title\">Am 20. Mai 2025 steht Anjo in einem Rhododendronbusch in einem Park in Hamburg. Als intersexuelle Person kennt Anjo den langen inneren Prozess der Suche nach der eigenen Identit\u00e4t \u2013 eine Reise, die fast zehn Jahre gedauert hat. Ohne sichtbare Vorbilder geh\u00f6rten Zweifel und Irrwege zu dieser Reise, bis Selbsthilfegruppen Anerkennung und Gemeinschaft boten. Anjo engagiert sich ehrenamtlich f\u00fcr den Verein \u201eIntergeschlechtliche Menschen e.V.\u201c, eine bundesweite Organisation, die sich f\u00fcr die Rechte und Sichtbarkeit von intersexuellen Menschen einsetzt. Der Verein hat politische Debatten, medizinische Diskussionen und das \u00f6ffentliche Bewusstsein gepr\u00e4gt und daf\u00fcr gesorgt, dass die Stimmen von intersexuellen Menschen geh\u00f6rt werden.<\/span>\n                    <\/div><!-- post__image__container -->\n\n        \n    <\/figure><!-- post__image -->\n\n\n\n    <figure class=\"block-photo post__image--wide-right has-spacing--m with-title\">\n\n        <div class=\"post__image__container\">\n            <img loading=\"lazy\" decoding=\"async\" \n                src=\"https:\/\/visualjournalism.de\/wp-content\/uploads\/2026\/01\/Fuer-uns-getraeumt-9-1050x840.jpg\"\n                srcset=\"https:\/\/visualjournalism.de\/wp-content\/uploads\/2026\/01\/Fuer-uns-getraeumt-9-1050x840.jpg 1050w, https:\/\/visualjournalism.de\/wp-content\/uploads\/2026\/01\/Fuer-uns-getraeumt-9-300x240.jpg 300w, https:\/\/visualjournalism.de\/wp-content\/uploads\/2026\/01\/Fuer-uns-getraeumt-9-1024x819.jpg 1024w, https:\/\/visualjournalism.de\/wp-content\/uploads\/2026\/01\/Fuer-uns-getraeumt-9-768x614.jpg 768w, https:\/\/visualjournalism.de\/wp-content\/uploads\/2026\/01\/Fuer-uns-getraeumt-9-1536x1229.jpg 1536w, https:\/\/visualjournalism.de\/wp-content\/uploads\/2026\/01\/Fuer-uns-getraeumt-9-2048x1638.jpg 2048w, https:\/\/visualjournalism.de\/wp-content\/uploads\/2026\/01\/Fuer-uns-getraeumt-9-1920x1536.jpg 1920w, https:\/\/visualjournalism.de\/wp-content\/uploads\/2026\/01\/Fuer-uns-getraeumt-9-1400x1120.jpg 1400w, https:\/\/visualjournalism.de\/wp-content\/uploads\/2026\/01\/Fuer-uns-getraeumt-9-670x536.jpg 670w, https:\/\/visualjournalism.de\/wp-content\/uploads\/2026\/01\/Fuer-uns-getraeumt-9-420x336.jpg 420w, https:\/\/visualjournalism.de\/wp-content\/uploads\/2026\/01\/Fuer-uns-getraeumt-9-350x280.jpg 350w, https:\/\/visualjournalism.de\/wp-content\/uploads\/2026\/01\/Fuer-uns-getraeumt-9-150x120.jpg 150w\"\n                width=\"1050\" \n                height=\"840\"\n                alt=\"\" \n            \/>\n            \n                            <span class=\"post__image__title\">Kerstin Juschkat-Schafhaupt (64) am 27. September 2025 in Witzenhausen, Deutschland. Schon seit ihrer Kindheit hinterfragt sie ihr heteronormatives Umfeld. Nach Beziehungen mit Frauen und M\u00e4nnern ist sie seit \u00fcber 21 Jahren mit ihrer Partnerin Antje zusammen. Kerstin beschreibt sich selbst als \u201emenschenliebend\u201c und konnte so auch ihren Kindern erkl\u00e4ren, was Liebe bedeuten kann.<\/span>\n                    <\/div><!-- post__image__container -->\n\n        \n    <\/figure><!-- post__image -->\n\n\n\n    <figure class=\"block-photo post__image--half-left has-spacing--m with-title\">\n\n        <div class=\"post__image__container\">\n            <img loading=\"lazy\" decoding=\"async\" \n                src=\"https:\/\/visualjournalism.de\/wp-content\/uploads\/2026\/01\/Fuer-uns-getraeumt-10-768x960.jpg\"\n                srcset=\"https:\/\/visualjournalism.de\/wp-content\/uploads\/2026\/01\/Fuer-uns-getraeumt-10-768x960.jpg 768w, https:\/\/visualjournalism.de\/wp-content\/uploads\/2026\/01\/Fuer-uns-getraeumt-10-240x300.jpg 240w, https:\/\/visualjournalism.de\/wp-content\/uploads\/2026\/01\/Fuer-uns-getraeumt-10-819x1024.jpg 819w, https:\/\/visualjournalism.de\/wp-content\/uploads\/2026\/01\/Fuer-uns-getraeumt-10-1229x1536.jpg 1229w, https:\/\/visualjournalism.de\/wp-content\/uploads\/2026\/01\/Fuer-uns-getraeumt-10-1638x2048.jpg 1638w, https:\/\/visualjournalism.de\/wp-content\/uploads\/2026\/01\/Fuer-uns-getraeumt-10-1920x2400.jpg 1920w, https:\/\/visualjournalism.de\/wp-content\/uploads\/2026\/01\/Fuer-uns-getraeumt-10-1400x1750.jpg 1400w, https:\/\/visualjournalism.de\/wp-content\/uploads\/2026\/01\/Fuer-uns-getraeumt-10-1050x1313.jpg 1050w, https:\/\/visualjournalism.de\/wp-content\/uploads\/2026\/01\/Fuer-uns-getraeumt-10-670x838.jpg 670w, https:\/\/visualjournalism.de\/wp-content\/uploads\/2026\/01\/Fuer-uns-getraeumt-10-420x525.jpg 420w, https:\/\/visualjournalism.de\/wp-content\/uploads\/2026\/01\/Fuer-uns-getraeumt-10-350x438.jpg 350w, https:\/\/visualjournalism.de\/wp-content\/uploads\/2026\/01\/Fuer-uns-getraeumt-10-300x375.jpg 300w, https:\/\/visualjournalism.de\/wp-content\/uploads\/2026\/01\/Fuer-uns-getraeumt-10-150x188.jpg 150w, https:\/\/visualjournalism.de\/wp-content\/uploads\/2026\/01\/Fuer-uns-getraeumt-10-scaled.jpg 2048w\"\n                width=\"768\" \n                height=\"960\"\n                alt=\"\" \n            \/>\n            \n                            <span class=\"post__image__title\">Tina, 67 und Claudia, 64 auf ihrem Wohnwagenstellplatz am 14. Juni 2025 in der N\u00e4he von Gie\u00dfen. Die beiden lernten sich 1992 durch ihre Kinder in einem Schwimmbad kennen und wurden enge Freundinnen, bevor sie 1999 erkannten, dass ihre Verbindung mehr als nur Freundschaft war. Trotz der Schwierigkeiten, die durch Scheidung und sozialen Druck verursacht wurden, haben sie eine dauerhafte Partnerschaft aufgebaut, die seit \u00fcber 26 Jahren besteht. Heute verbringen sie jedes Jahr die Sommermonate auf einem Campingplatz am See in ihrem Wohnmobil.<\/span>\n                    <\/div><!-- post__image__container -->\n\n        \n    <\/figure><!-- post__image -->\n\n\n\n    <figure class=\"block-photo post__image--half-center has-spacing--m with-title\">\n\n        <div class=\"post__image__container\">\n            <img loading=\"lazy\" decoding=\"async\" \n                src=\"https:\/\/visualjournalism.de\/wp-content\/uploads\/2026\/01\/Fuer-uns-getraeumt-11-768x960.jpg\"\n                srcset=\"https:\/\/visualjournalism.de\/wp-content\/uploads\/2026\/01\/Fuer-uns-getraeumt-11-768x960.jpg 768w, https:\/\/visualjournalism.de\/wp-content\/uploads\/2026\/01\/Fuer-uns-getraeumt-11-240x300.jpg 240w, https:\/\/visualjournalism.de\/wp-content\/uploads\/2026\/01\/Fuer-uns-getraeumt-11-819x1024.jpg 819w, https:\/\/visualjournalism.de\/wp-content\/uploads\/2026\/01\/Fuer-uns-getraeumt-11-1229x1536.jpg 1229w, https:\/\/visualjournalism.de\/wp-content\/uploads\/2026\/01\/Fuer-uns-getraeumt-11-1638x2048.jpg 1638w, https:\/\/visualjournalism.de\/wp-content\/uploads\/2026\/01\/Fuer-uns-getraeumt-11-1920x2400.jpg 1920w, https:\/\/visualjournalism.de\/wp-content\/uploads\/2026\/01\/Fuer-uns-getraeumt-11-1400x1750.jpg 1400w, https:\/\/visualjournalism.de\/wp-content\/uploads\/2026\/01\/Fuer-uns-getraeumt-11-1050x1313.jpg 1050w, https:\/\/visualjournalism.de\/wp-content\/uploads\/2026\/01\/Fuer-uns-getraeumt-11-670x838.jpg 670w, https:\/\/visualjournalism.de\/wp-content\/uploads\/2026\/01\/Fuer-uns-getraeumt-11-420x525.jpg 420w, https:\/\/visualjournalism.de\/wp-content\/uploads\/2026\/01\/Fuer-uns-getraeumt-11-350x438.jpg 350w, https:\/\/visualjournalism.de\/wp-content\/uploads\/2026\/01\/Fuer-uns-getraeumt-11-300x375.jpg 300w, https:\/\/visualjournalism.de\/wp-content\/uploads\/2026\/01\/Fuer-uns-getraeumt-11-150x188.jpg 150w, https:\/\/visualjournalism.de\/wp-content\/uploads\/2026\/01\/Fuer-uns-getraeumt-11-scaled.jpg 2048w\"\n                width=\"768\" \n                height=\"960\"\n                alt=\"\" \n            \/>\n            \n                            <span class=\"post__image__title\">Das offene Wohnwagenfenster von Tina und Claudia. Die beiden lernten sich 1992 durch ihre Kinder in einem Schwimmbad kennen und wurden enge Freundinnen, bevor sie 1999 erkannten, dass ihre Verbindung mehr als nur Freundschaft war. Trotz der Schwierigkeiten, die durch Scheidung und sozialen Druck verursacht wurden, haben sie eine dauerhafte Partnerschaft aufgebaut, die seit \u00fcber 26 Jahren besteht. Heute verbringen sie jedes Jahr die Sommermonate auf einem Campingplatz am See in ihrem Wohnmobil.<\/span>\n                    <\/div><!-- post__image__container -->\n\n        \n    <\/figure><!-- post__image -->\n\n\n\n    <figure class=\"block-photo post__image--half-right has-spacing--m with-title\">\n\n        <div class=\"post__image__container\">\n            <img loading=\"lazy\" decoding=\"async\" \n                src=\"https:\/\/visualjournalism.de\/wp-content\/uploads\/2026\/01\/Fuer-uns-getraeumt-12-768x960.jpg\"\n                srcset=\"https:\/\/visualjournalism.de\/wp-content\/uploads\/2026\/01\/Fuer-uns-getraeumt-12-768x960.jpg 768w, https:\/\/visualjournalism.de\/wp-content\/uploads\/2026\/01\/Fuer-uns-getraeumt-12-240x300.jpg 240w, https:\/\/visualjournalism.de\/wp-content\/uploads\/2026\/01\/Fuer-uns-getraeumt-12-819x1024.jpg 819w, https:\/\/visualjournalism.de\/wp-content\/uploads\/2026\/01\/Fuer-uns-getraeumt-12-1229x1536.jpg 1229w, https:\/\/visualjournalism.de\/wp-content\/uploads\/2026\/01\/Fuer-uns-getraeumt-12-1638x2048.jpg 1638w, https:\/\/visualjournalism.de\/wp-content\/uploads\/2026\/01\/Fuer-uns-getraeumt-12-1920x2400.jpg 1920w, https:\/\/visualjournalism.de\/wp-content\/uploads\/2026\/01\/Fuer-uns-getraeumt-12-1400x1750.jpg 1400w, https:\/\/visualjournalism.de\/wp-content\/uploads\/2026\/01\/Fuer-uns-getraeumt-12-1050x1313.jpg 1050w, https:\/\/visualjournalism.de\/wp-content\/uploads\/2026\/01\/Fuer-uns-getraeumt-12-670x838.jpg 670w, https:\/\/visualjournalism.de\/wp-content\/uploads\/2026\/01\/Fuer-uns-getraeumt-12-420x525.jpg 420w, https:\/\/visualjournalism.de\/wp-content\/uploads\/2026\/01\/Fuer-uns-getraeumt-12-350x438.jpg 350w, https:\/\/visualjournalism.de\/wp-content\/uploads\/2026\/01\/Fuer-uns-getraeumt-12-300x375.jpg 300w, https:\/\/visualjournalism.de\/wp-content\/uploads\/2026\/01\/Fuer-uns-getraeumt-12-150x188.jpg 150w, https:\/\/visualjournalism.de\/wp-content\/uploads\/2026\/01\/Fuer-uns-getraeumt-12-scaled.jpg 2048w\"\n                width=\"768\" \n                height=\"960\"\n                alt=\"\" \n            \/>\n            \n                            <span class=\"post__image__title\">Am 21. November 2022 bindet Bernd, 66 in seinem Schlafzimmer in Hannover seine Krawatte. Nach Jahrzehnten des Mobbings und der Diskriminierung hat Bernd durch seinen eigenen Stil sein Selbstbewusstsein zur\u00fcckgewonnen. Als schwuler Mann, der in einer l\u00e4ndlichen Gegend Deutschlands aufgewachsen ist, sah er sich mit Isolation konfrontiert und z\u00f6gerte, sich zu outen, was schlie\u00dflich im Erwachsenenalter schrittweise geschah. Trotz der Ablehnung durch Teile seiner Familie und dem Verlust zweier langj\u00e4hriger Partner ist Bernd sich selbst treu geblieben. 2006 lernte er seinen Mann Joachim online kennen, und ihre Beziehung hielt bis zu Joachims pl\u00f6tzlichem Tod im Jahr 2018. Heute reflektiert Bernd \u00fcber Resilienz, Verlust und die Herausforderungen des \u00c4lterwerdens in einer Gesellschaft, in der queere Senioren oft sowohl mit Unsichtbarkeit als auch mit Altersdiskriminierung konfrontiert sind.<\/span>\n                    <\/div><!-- post__image__container -->\n\n        \n    <\/figure><!-- post__image -->\n\n\n\n    <figure class=\"block-photo post__image--wide-left has-spacing--m with-title\">\n\n        <div class=\"post__image__container\">\n            <img loading=\"lazy\" decoding=\"async\" \n                src=\"https:\/\/visualjournalism.de\/wp-content\/uploads\/2026\/01\/Fuer-uns-getraeumt-13-1050x840.jpg\"\n                srcset=\"https:\/\/visualjournalism.de\/wp-content\/uploads\/2026\/01\/Fuer-uns-getraeumt-13-1050x840.jpg 1050w, https:\/\/visualjournalism.de\/wp-content\/uploads\/2026\/01\/Fuer-uns-getraeumt-13-300x240.jpg 300w, https:\/\/visualjournalism.de\/wp-content\/uploads\/2026\/01\/Fuer-uns-getraeumt-13-1024x819.jpg 1024w, https:\/\/visualjournalism.de\/wp-content\/uploads\/2026\/01\/Fuer-uns-getraeumt-13-768x614.jpg 768w, https:\/\/visualjournalism.de\/wp-content\/uploads\/2026\/01\/Fuer-uns-getraeumt-13-1536x1229.jpg 1536w, https:\/\/visualjournalism.de\/wp-content\/uploads\/2026\/01\/Fuer-uns-getraeumt-13-2048x1638.jpg 2048w, https:\/\/visualjournalism.de\/wp-content\/uploads\/2026\/01\/Fuer-uns-getraeumt-13-1920x1536.jpg 1920w, https:\/\/visualjournalism.de\/wp-content\/uploads\/2026\/01\/Fuer-uns-getraeumt-13-1400x1120.jpg 1400w, https:\/\/visualjournalism.de\/wp-content\/uploads\/2026\/01\/Fuer-uns-getraeumt-13-670x536.jpg 670w, https:\/\/visualjournalism.de\/wp-content\/uploads\/2026\/01\/Fuer-uns-getraeumt-13-420x336.jpg 420w, https:\/\/visualjournalism.de\/wp-content\/uploads\/2026\/01\/Fuer-uns-getraeumt-13-350x280.jpg 350w, https:\/\/visualjournalism.de\/wp-content\/uploads\/2026\/01\/Fuer-uns-getraeumt-13-150x120.jpg 150w\"\n                width=\"1050\" \n                height=\"840\"\n                alt=\"\" \n            \/>\n            \n                            <span class=\"post__image__title\">Anjali, 66 und Raddhi, 68 am 28.09.2025 in ihrem Schlafzimmer in Witzenhausen. Sie lernten sich 1988 in Pune, Indien, als Osho-Sannyasins kennen und verliebten sich w\u00e4hrend einer Augenmeditation. Nachdem sie einige Zeit zwischen Hamburg und Frankfurt verbracht hatten, zogen sie zusammen. In Frankfurt pr\u00e4gten sie die Szene mit, unter anderem durch regelm\u00e4\u00dfige Lesbenabende in einer Disco und auch durch die Moderation des CSD\u00b4s.<\/span>\n                    <\/div><!-- post__image__container -->\n\n        \n    <\/figure><!-- post__image -->\n\n\n\n    <figure class=\"block-photo post__image--wide-right has-spacing--m with-title\">\n\n        <div class=\"post__image__container\">\n            <img loading=\"lazy\" decoding=\"async\" \n                src=\"https:\/\/visualjournalism.de\/wp-content\/uploads\/2026\/01\/Fuer-uns-getraeumt-14-1050x831.jpg\"\n                srcset=\"https:\/\/visualjournalism.de\/wp-content\/uploads\/2026\/01\/Fuer-uns-getraeumt-14-1050x831.jpg 1050w, https:\/\/visualjournalism.de\/wp-content\/uploads\/2026\/01\/Fuer-uns-getraeumt-14-300x237.jpg 300w, https:\/\/visualjournalism.de\/wp-content\/uploads\/2026\/01\/Fuer-uns-getraeumt-14-1024x810.jpg 1024w, https:\/\/visualjournalism.de\/wp-content\/uploads\/2026\/01\/Fuer-uns-getraeumt-14-768x608.jpg 768w, https:\/\/visualjournalism.de\/wp-content\/uploads\/2026\/01\/Fuer-uns-getraeumt-14-1536x1215.jpg 1536w, https:\/\/visualjournalism.de\/wp-content\/uploads\/2026\/01\/Fuer-uns-getraeumt-14-2048x1620.jpg 2048w, https:\/\/visualjournalism.de\/wp-content\/uploads\/2026\/01\/Fuer-uns-getraeumt-14-1920x1519.jpg 1920w, https:\/\/visualjournalism.de\/wp-content\/uploads\/2026\/01\/Fuer-uns-getraeumt-14-1400x1108.jpg 1400w, https:\/\/visualjournalism.de\/wp-content\/uploads\/2026\/01\/Fuer-uns-getraeumt-14-670x530.jpg 670w, https:\/\/visualjournalism.de\/wp-content\/uploads\/2026\/01\/Fuer-uns-getraeumt-14-420x332.jpg 420w, https:\/\/visualjournalism.de\/wp-content\/uploads\/2026\/01\/Fuer-uns-getraeumt-14-350x277.jpg 350w, https:\/\/visualjournalism.de\/wp-content\/uploads\/2026\/01\/Fuer-uns-getraeumt-14-150x119.jpg 150w\"\n                width=\"1050\" \n                height=\"831\"\n                alt=\"\" \n            \/>\n            \n                            <span class=\"post__image__title\">Am 11. April 2025 posiert Gert, 71 in seiner Wohnung in Hannover mit seinem Regenbogenf\u00e4cher. Im Alter von 38 Jahren outete er sich gegen\u00fcber seiner Frau und seinen drei Kindern und fand erstmals Unterst\u00fctzung in einer Selbsthilfegruppe f\u00fcr schwule V\u00e4ter im Waldschl\u00f6sschen in G\u00f6ttingen. Sp\u00e4ter engagierte er sich in einem schwulen Chor und einer Cheerleader-Truppe und pr\u00e4gte die Szene in Hannover ma\u00dfgeblich, indem er 1996 zusammen mit seinem Partner und seinem Kumpel Achim das &quot;Caf\u00e9 Konrad&quot; gr\u00fcndete.<\/span>\n                    <\/div><!-- post__image__container -->\n\n        \n    <\/figure><!-- post__image -->\n\n\n\n    <figure class=\"block-photo post__image--wide-left has-spacing--m with-title\">\n\n        <div class=\"post__image__container\">\n            <img loading=\"lazy\" decoding=\"async\" \n                src=\"https:\/\/visualjournalism.de\/wp-content\/uploads\/2026\/01\/Fuer-uns-getraeumt-15-1050x840.jpg\"\n                srcset=\"https:\/\/visualjournalism.de\/wp-content\/uploads\/2026\/01\/Fuer-uns-getraeumt-15-1050x840.jpg 1050w, https:\/\/visualjournalism.de\/wp-content\/uploads\/2026\/01\/Fuer-uns-getraeumt-15-300x240.jpg 300w, https:\/\/visualjournalism.de\/wp-content\/uploads\/2026\/01\/Fuer-uns-getraeumt-15-1024x819.jpg 1024w, https:\/\/visualjournalism.de\/wp-content\/uploads\/2026\/01\/Fuer-uns-getraeumt-15-768x614.jpg 768w, https:\/\/visualjournalism.de\/wp-content\/uploads\/2026\/01\/Fuer-uns-getraeumt-15-1536x1229.jpg 1536w, https:\/\/visualjournalism.de\/wp-content\/uploads\/2026\/01\/Fuer-uns-getraeumt-15-2048x1638.jpg 2048w, https:\/\/visualjournalism.de\/wp-content\/uploads\/2026\/01\/Fuer-uns-getraeumt-15-1920x1536.jpg 1920w, https:\/\/visualjournalism.de\/wp-content\/uploads\/2026\/01\/Fuer-uns-getraeumt-15-1400x1120.jpg 1400w, https:\/\/visualjournalism.de\/wp-content\/uploads\/2026\/01\/Fuer-uns-getraeumt-15-670x536.jpg 670w, https:\/\/visualjournalism.de\/wp-content\/uploads\/2026\/01\/Fuer-uns-getraeumt-15-420x336.jpg 420w, https:\/\/visualjournalism.de\/wp-content\/uploads\/2026\/01\/Fuer-uns-getraeumt-15-350x280.jpg 350w, https:\/\/visualjournalism.de\/wp-content\/uploads\/2026\/01\/Fuer-uns-getraeumt-15-150x120.jpg 150w\"\n                width=\"1050\" \n                height=\"840\"\n                alt=\"\" \n            \/>\n            \n                            <span class=\"post__image__title\">Am 5. Januar 2025 bereitet sich Michael, 67 auf dem verschneiten Steg des Maschsees in Hannover darauf vor, mit seinem queeren Ruderclub, den &quot;Leinebaggern&quot;, zu rudern. Michael ist als Leiter der Stadtbibliothek Hannover t\u00e4tig und pr\u00e4gt damit den Zugang zu Kultur und das \u00f6ffentliche Leben in der Stadt. 2024 erm\u00f6glichte er das &quot;queere Wohnzimmer&quot; in der Stadtbibliothek, in dem Ausstellungen und Lesungen, so wie Workshops zu queeren Themen stattfanden.<\/span>\n                    <\/div><!-- post__image__container -->\n\n        \n    <\/figure><!-- post__image -->\n\n\n\n    <figure class=\"block-photo post__image--wide-right has-spacing--m with-title\">\n\n        <div class=\"post__image__container\">\n            <img loading=\"lazy\" decoding=\"async\" \n                src=\"https:\/\/visualjournalism.de\/wp-content\/uploads\/2026\/01\/Fuer-uns-getraeumt-16-1050x840.jpg\"\n                srcset=\"https:\/\/visualjournalism.de\/wp-content\/uploads\/2026\/01\/Fuer-uns-getraeumt-16-1050x840.jpg 1050w, https:\/\/visualjournalism.de\/wp-content\/uploads\/2026\/01\/Fuer-uns-getraeumt-16-300x240.jpg 300w, https:\/\/visualjournalism.de\/wp-content\/uploads\/2026\/01\/Fuer-uns-getraeumt-16-1024x819.jpg 1024w, https:\/\/visualjournalism.de\/wp-content\/uploads\/2026\/01\/Fuer-uns-getraeumt-16-768x614.jpg 768w, https:\/\/visualjournalism.de\/wp-content\/uploads\/2026\/01\/Fuer-uns-getraeumt-16-1536x1229.jpg 1536w, https:\/\/visualjournalism.de\/wp-content\/uploads\/2026\/01\/Fuer-uns-getraeumt-16-2048x1638.jpg 2048w, https:\/\/visualjournalism.de\/wp-content\/uploads\/2026\/01\/Fuer-uns-getraeumt-16-1920x1536.jpg 1920w, https:\/\/visualjournalism.de\/wp-content\/uploads\/2026\/01\/Fuer-uns-getraeumt-16-1400x1120.jpg 1400w, https:\/\/visualjournalism.de\/wp-content\/uploads\/2026\/01\/Fuer-uns-getraeumt-16-670x536.jpg 670w, https:\/\/visualjournalism.de\/wp-content\/uploads\/2026\/01\/Fuer-uns-getraeumt-16-420x336.jpg 420w, https:\/\/visualjournalism.de\/wp-content\/uploads\/2026\/01\/Fuer-uns-getraeumt-16-350x280.jpg 350w, https:\/\/visualjournalism.de\/wp-content\/uploads\/2026\/01\/Fuer-uns-getraeumt-16-150x120.jpg 150w\"\n                width=\"1050\" \n                height=\"840\"\n                alt=\"\" \n            \/>\n            \n                            <span class=\"post__image__title\">Am 3. Januar 2023 stehen Bettina, 61 und Bettina, 71 mit ihrem Hund in ihrem Haus in Hannover. Die beiden sind seit 1981 ein Paar und teilen seit mehr als vier Jahrzehnten ihr Leben miteinander. In den ersten Jahren fanden sie Gemeinschaft in lesbischen Gruppen und R\u00e4umen in Hannover, wo Austausch und Sichtbarkeit langsam m\u00f6glich wurden. In den 1990er Jahren beschlossen sie, eine Familie zu gr\u00fcnden und zogen gemeinsam zwei Kinder gro\u00df, zu einer Zeit, als die rechtlichen Rahmenbedingungen diesen Weg f\u00fcr gleichgeschlechtliche Paare extrem erschwerten. Im Jahr 2005 geh\u00f6rten sie zu den ersten lesbischen Paaren in Deutschland, die trotz Widerstands vor Gericht die Stiefkindadoption durchsetzen konnten. Als 2017 die Ehe f\u00fcr Alle Realit\u00e4t wurde, lie\u00dfen sie ihre Beziehung beim Standesamt in Hannover eintragen. www.felixrosic.de<\/span>\n                    <\/div><!-- post__image__container -->\n\n        \n    <\/figure><!-- post__image -->\n\n\n\n\n<div class=\"wp-block-group has-spacing--default has-spacing--default\">\n<div class=\"devider has-spacing--none\">\n    <hr>\n<\/div>\n\n\n \n\n    <div id=\"lead-in-block_5cb6fe7ad0ead63d635667b86f5ba885\" class=\"block-lead-in typo--default font-size--xl has-spacing--s width--default\">\n        <p><strong>Empfehlungen der Redaktion:<\/strong><\/p>\n    <\/div>\n\n\n\n\r\n\r\n\r\n\n\n\r\n\r\n\r\n\r\n        <div class=\"teaser-grid grid-layout--3col has-spacing--s width--inline\">\r\n\r\n            \r\n                <article class=\"post-teaser\">\r\n\r\n                    <a href=\"https:\/\/visualjournalism.de\/en\/magazine\/sammeln\/von-ausbeutung-und-musikalischem-erbe\/\" rel=\"permalink\">\r\n\r\n                        <div class=\"post-teaser__content\">\r\n\r\n                            <span class=\"entry-categories\">Sammeln<\/span>\r\n                            <h3 class=\"post-teaser__headline\">\r\n                                Von Ausbeutung und musikalischem Erbe                            <\/h3>\r\n\r\n                            <div class=\"post-teaser__excerpt\">\r\n                                <p>Was bedeutet kulturelle Verantwortung im Musikgesch\u00e4ft? Das Berliner Label Habibi Funk gibt vergessener Musik eine B\u00fchne und zeigt, warum zu gutem Sound auch Haltung geh\u00f6rt. <\/p>\r\n                            <\/div>\r\n\r\n                        <\/div><!-- .post-teaser__content -->\r\n\r\n\r\n                        \r\n                            <figure class=\"post-teaser__image\">\r\n                                <img loading=\"lazy\" decoding=\"async\"  \r\n                                    src=\"https:\/\/visualjournalism.de\/wp-content\/uploads\/DSC04407-768x512.jpg\" \r\n                                    srcset=\"https:\/\/visualjournalism.de\/wp-content\/uploads\/DSC04407-768x512.jpg 768w, https:\/\/visualjournalism.de\/wp-content\/uploads\/DSC04407-300x200.jpg 300w, https:\/\/visualjournalism.de\/wp-content\/uploads\/DSC04407-1024x683.jpg 1024w, https:\/\/visualjournalism.de\/wp-content\/uploads\/DSC04407-1536x1024.jpg 1536w, https:\/\/visualjournalism.de\/wp-content\/uploads\/DSC04407-2048x1365.jpg 2048w, https:\/\/visualjournalism.de\/wp-content\/uploads\/DSC04407-1920x1280.jpg 1920w, https:\/\/visualjournalism.de\/wp-content\/uploads\/DSC04407-1400x933.jpg 1400w, https:\/\/visualjournalism.de\/wp-content\/uploads\/DSC04407-1050x700.jpg 1050w, https:\/\/visualjournalism.de\/wp-content\/uploads\/DSC04407-670x447.jpg 670w, https:\/\/visualjournalism.de\/wp-content\/uploads\/DSC04407-420x280.jpg 420w, https:\/\/visualjournalism.de\/wp-content\/uploads\/DSC04407-350x233.jpg 350w, https:\/\/visualjournalism.de\/wp-content\/uploads\/DSC04407-150x100.jpg 150w\" \r\n                                    width=\"768\"  \r\n                                    height=\"512\" \r\n                                    alt=\"\"\r\n                                \/>\r\n                            <\/figure>\r\n\r\n                        \r\n                    \r\n                    <\/a>\r\n\r\n                <\/article><!--- .post-teaser-->\r\n\r\n            \r\n                <article class=\"post-teaser\">\r\n\r\n                    <a href=\"https:\/\/visualjournalism.de\/en\/magazine\/guide\/study-photography-how-to-find-the-right-university\/\" rel=\"permalink\">\r\n\r\n                        <div class=\"post-teaser__content\">\r\n\r\n                            <span class=\"entry-categories\">Guide<\/span>\r\n                            <h3 class=\"post-teaser__headline\">\r\n                                Studying photography: How to find the right university.                            <\/h3>\r\n\r\n                            <div class=\"post-teaser__excerpt\">\r\n                                <p>An overview of the best-known programmes. <\/p>\r\n                            <\/div>\r\n\r\n                        <\/div><!-- .post-teaser__content -->\r\n\r\n\r\n                        \r\n                            <figure class=\"post-teaser__image\">\r\n                                <img loading=\"lazy\" decoding=\"async\"  \r\n                                    src=\"https:\/\/visualjournalism.de\/wp-content\/uploads\/2024-DM-Werkschau_Short-Edit_Kristina-Kaysen-10-768x511.jpg\" \r\n                                    srcset=\"https:\/\/visualjournalism.de\/wp-content\/uploads\/2024-DM-Werkschau_Short-Edit_Kristina-Kaysen-10-768x511.jpg 768w, https:\/\/visualjournalism.de\/wp-content\/uploads\/2024-DM-Werkschau_Short-Edit_Kristina-Kaysen-10-300x200.jpg 300w, https:\/\/visualjournalism.de\/wp-content\/uploads\/2024-DM-Werkschau_Short-Edit_Kristina-Kaysen-10-1024x681.jpg 1024w, https:\/\/visualjournalism.de\/wp-content\/uploads\/2024-DM-Werkschau_Short-Edit_Kristina-Kaysen-10-1536x1021.jpg 1536w, https:\/\/visualjournalism.de\/wp-content\/uploads\/2024-DM-Werkschau_Short-Edit_Kristina-Kaysen-10-1400x931.jpg 1400w, https:\/\/visualjournalism.de\/wp-content\/uploads\/2024-DM-Werkschau_Short-Edit_Kristina-Kaysen-10-1050x698.jpg 1050w, https:\/\/visualjournalism.de\/wp-content\/uploads\/2024-DM-Werkschau_Short-Edit_Kristina-Kaysen-10-670x446.jpg 670w, https:\/\/visualjournalism.de\/wp-content\/uploads\/2024-DM-Werkschau_Short-Edit_Kristina-Kaysen-10-420x279.jpg 420w, https:\/\/visualjournalism.de\/wp-content\/uploads\/2024-DM-Werkschau_Short-Edit_Kristina-Kaysen-10-350x233.jpg 350w, https:\/\/visualjournalism.de\/wp-content\/uploads\/2024-DM-Werkschau_Short-Edit_Kristina-Kaysen-10-150x100.jpg 150w, https:\/\/visualjournalism.de\/wp-content\/uploads\/2024-DM-Werkschau_Short-Edit_Kristina-Kaysen-10.jpg 1600w\" \r\n                                    width=\"768\"  \r\n                                    height=\"511\" \r\n                                    alt=\"Fotografie-Studierende w\u00e4hrend einer Fotosession in einem Studio mit Beleuchtungsausr\u00fcstung und Hintergrund. Ein Schild auf dem Boden zeigt \u201aFOTOSHOOTING\u2018 und weist auf den Eingang zum Studio hin. Von hinten sind die Umrisse eines jungen Mannes zu sehen, der Fotografie studiert. \"\r\n                                \/>\r\n                            <\/figure>\r\n\r\n                        \r\n                    \r\n                    <\/a>\r\n\r\n                <\/article><!--- .post-teaser-->\r\n\r\n            \r\n                <article class=\"post-teaser\">\r\n\r\n                    <a href=\"https:\/\/visualjournalism.de\/en\/magazine\/ratgeber\/nicht-jedes-laecheln-bedeutet-zustimmung-wie-respektvolle-reisefotografie-gelingt\/\" rel=\"permalink\">\r\n\r\n                        <div class=\"post-teaser__content\">\r\n\r\n                            <span class=\"entry-categories\">Ratgeber<\/span>\r\n                            <h3 class=\"post-teaser__headline\">\r\n                                Faire Reisefotografie: Nicht jedes L\u00e4cheln bedeutet Zustimmung\u00a0                            <\/h3>\r\n\r\n                            <div class=\"post-teaser__excerpt\">\r\n                                <p>Ein Klick geht schnell, R\u00fccksicht nicht immer \u2013 so fotografierst du auf deinen Reisen respektvoll.<\/p>\r\n                            <\/div>\r\n\r\n                        <\/div><!-- .post-teaser__content -->\r\n\r\n\r\n                        \r\n                            <figure class=\"post-teaser__image\">\r\n                                <img loading=\"lazy\" decoding=\"async\"  \r\n                                    src=\"https:\/\/visualjournalism.de\/wp-content\/uploads\/SalomeZiermann_Scan_Indien_03-768x512.jpg\" \r\n                                    srcset=\"https:\/\/visualjournalism.de\/wp-content\/uploads\/SalomeZiermann_Scan_Indien_03-768x512.jpg 768w, https:\/\/visualjournalism.de\/wp-content\/uploads\/SalomeZiermann_Scan_Indien_03-300x200.jpg 300w, https:\/\/visualjournalism.de\/wp-content\/uploads\/SalomeZiermann_Scan_Indien_03-1024x683.jpg 1024w, https:\/\/visualjournalism.de\/wp-content\/uploads\/SalomeZiermann_Scan_Indien_03-1050x700.jpg 1050w, https:\/\/visualjournalism.de\/wp-content\/uploads\/SalomeZiermann_Scan_Indien_03-670x447.jpg 670w, https:\/\/visualjournalism.de\/wp-content\/uploads\/SalomeZiermann_Scan_Indien_03-420x280.jpg 420w, https:\/\/visualjournalism.de\/wp-content\/uploads\/SalomeZiermann_Scan_Indien_03-350x233.jpg 350w, https:\/\/visualjournalism.de\/wp-content\/uploads\/SalomeZiermann_Scan_Indien_03-150x100.jpg 150w, https:\/\/visualjournalism.de\/wp-content\/uploads\/SalomeZiermann_Scan_Indien_03.jpg 1200w\" \r\n                                    width=\"768\"  \r\n                                    height=\"512\" \r\n                                    alt=\"Zwei Frauen in traditionellen, bunten Saris l\u00e4cheln und gestikulieren in die Kamera. Ein Kind und ein Junge im Hintergrund erg\u00e4nzen die Szene.\"\r\n                                \/>\r\n                            <\/figure>\r\n\r\n                        \r\n                    \r\n                    <\/a>\r\n\r\n                <\/article><!--- .post-teaser-->\r\n\r\n            \r\n        <\/div><!-- .teaser-grid -->\r\n\r\n\n\n\r\n\r\n\r\n\n\n\n    <div class=\"btn-wrapper has-spacing--m\">\n        <a class=\"btn\" href=\"https:\/\/visualjournalism.de\/magazin\/\" target=\"_blank\">ZUR MAGAZIN-STARTSEITE<\/a>\n    <\/div>\n<\/div>\n","protected":false},"author":96,"featured_media":68123,"template":"","tags":[],"magazinkategorie":[158],"class_list":["post-68111","magazin","type-magazin","status-publish","has-post-thumbnail","hentry","magazinkategorie-ausgezeichnet"],"acf":[],"yoast_head":"<!-- This site is optimized with the Yoast SEO Premium plugin v27.3 (Yoast SEO v27.3) - https:\/\/yoast.com\/product\/yoast-seo-premium-wordpress\/ -->\n<title>Markus Heft: F\u00fcr uns getr\u00e4umt\u00a0 &#8211; Visual Journalism and Documentary Photography<\/title>\n<meta name=\"description\" content=\"Markus Heft portr\u00e4tiert \u00e4ltere queere Menschen in Deutschland. Seit 2022 entstehen kollaborativ intime Portraits, erg\u00e4nzt durch Stillleben und Orte. Das Projekt bewahrt queere Geschichte und macht doppelte Marginalisierung im Alter sichtbar.\" \/>\n<meta name=\"robots\" content=\"index, follow, max-snippet:-1, max-image-preview:large, max-video-preview:-1\" \/>\n<link rel=\"canonical\" href=\"https:\/\/visualjournalism.de\/en\/magazine\/ausgezeichnet\/markus-heft-fuer-uns-getraeumt\/\" \/>\n<meta property=\"og:locale\" content=\"en_US\" \/>\n<meta property=\"og:type\" content=\"article\" \/>\n<meta property=\"og:title\" content=\"Markus Heft: F\u00fcr uns getr\u00e4umt\u00a0\" \/>\n<meta property=\"og:description\" content=\"Markus Heft portr\u00e4tiert \u00e4ltere queere Menschen in Deutschland. Seit 2022 entstehen kollaborativ intime Portraits, erg\u00e4nzt durch Stillleben und Orte. Das Projekt bewahrt queere Geschichte und macht doppelte Marginalisierung im Alter sichtbar.\" \/>\n<meta property=\"og:url\" content=\"https:\/\/visualjournalism.de\/en\/magazine\/ausgezeichnet\/markus-heft-fuer-uns-getraeumt\/\" \/>\n<meta property=\"og:site_name\" content=\"Visual Journalism and Documentary Photography\" \/>\n<meta property=\"article:publisher\" content=\"https:\/\/www.facebook.com\/people\/wwwfotostudentende\/100065173703897\/\" \/>\n<meta property=\"article:modified_time\" content=\"2026-03-27T14:19:13+00:00\" \/>\n<meta property=\"og:image\" content=\"https:\/\/visualjournalism.de\/wp-content\/uploads\/2026\/01\/Fuer-uns-getraeumt-6.jpg\" \/>\n\t<meta property=\"og:image:width\" content=\"2500\" \/>\n\t<meta property=\"og:image:height\" content=\"2000\" \/>\n\t<meta property=\"og:image:type\" content=\"image\/jpeg\" \/>\n<meta name=\"twitter:card\" content=\"summary_large_image\" \/>\n<meta name=\"twitter:site\" content=\"@HsHannover\" \/>\n<meta name=\"twitter:label1\" content=\"Est. reading time\" \/>\n\t<meta name=\"twitter:data1\" content=\"2 minutes\" \/>\n<script type=\"application\/ld+json\" class=\"yoast-schema-graph\">{\"@context\":\"https:\\\/\\\/schema.org\",\"@graph\":[{\"@type\":\"WebPage\",\"@id\":\"https:\\\/\\\/visualjournalism.de\\\/en\\\/magazine\\\/ausgezeichnet\\\/markus-heft-fuer-uns-getraeumt\\\/\",\"url\":\"https:\\\/\\\/visualjournalism.de\\\/en\\\/magazine\\\/ausgezeichnet\\\/markus-heft-fuer-uns-getraeumt\\\/\",\"name\":\"Markus Heft: F\u00fcr uns getr\u00e4umt\u00a0 &#8211; Visual Journalism and Documentary Photography\",\"isPartOf\":{\"@id\":\"https:\\\/\\\/visualjournalism.de\\\/en\\\/#website\"},\"primaryImageOfPage\":{\"@id\":\"https:\\\/\\\/visualjournalism.de\\\/en\\\/magazine\\\/ausgezeichnet\\\/markus-heft-fuer-uns-getraeumt\\\/#primaryimage\"},\"image\":{\"@id\":\"https:\\\/\\\/visualjournalism.de\\\/en\\\/magazine\\\/ausgezeichnet\\\/markus-heft-fuer-uns-getraeumt\\\/#primaryimage\"},\"thumbnailUrl\":\"https:\\\/\\\/visualjournalism.de\\\/wp-content\\\/uploads\\\/2026\\\/01\\\/Fuer-uns-getraeumt-6.jpg\",\"datePublished\":\"2026-01-12T20:19:42+00:00\",\"dateModified\":\"2026-03-27T14:19:13+00:00\",\"description\":\"Markus Heft portr\u00e4tiert \u00e4ltere queere Menschen in Deutschland. Seit 2022 entstehen kollaborativ intime Portraits, erg\u00e4nzt durch Stillleben und Orte. Das Projekt bewahrt queere Geschichte und macht doppelte Marginalisierung im Alter sichtbar.\",\"breadcrumb\":{\"@id\":\"https:\\\/\\\/visualjournalism.de\\\/en\\\/magazine\\\/ausgezeichnet\\\/markus-heft-fuer-uns-getraeumt\\\/#breadcrumb\"},\"inLanguage\":\"en-US\",\"potentialAction\":[{\"@type\":\"ReadAction\",\"target\":[\"https:\\\/\\\/visualjournalism.de\\\/en\\\/magazine\\\/ausgezeichnet\\\/markus-heft-fuer-uns-getraeumt\\\/\"]}]},{\"@type\":\"ImageObject\",\"inLanguage\":\"en-US\",\"@id\":\"https:\\\/\\\/visualjournalism.de\\\/en\\\/magazine\\\/ausgezeichnet\\\/markus-heft-fuer-uns-getraeumt\\\/#primaryimage\",\"url\":\"https:\\\/\\\/visualjournalism.de\\\/wp-content\\\/uploads\\\/2026\\\/01\\\/Fuer-uns-getraeumt-6.jpg\",\"contentUrl\":\"https:\\\/\\\/visualjournalism.de\\\/wp-content\\\/uploads\\\/2026\\\/01\\\/Fuer-uns-getraeumt-6.jpg\",\"width\":2500,\"height\":2000,\"caption\":\"Axel und Christoph umarmen sich am 31. August 2025 in ihrem Schlafzimmer in Hannover. Die beiden sind seit 14 Jahren zusammen und haben sich bei einem BDSM-Workshop kennengelernt. Axel engagiert sich seit langem f\u00fcr die Rechte von queeren Menschen in Deutschland, zun\u00e4chst wirkte er bei der rechtlichen Anerkennung der eingetragenen Partnerschaft und sp\u00e4ter f\u00fcr die Gleichstellung der Ehe mit. In Anerkennung seiner Arbeit wurde er mit dem Bundesverdienstkreuz ausgezeichnet. Heute arbeitet er im Bereich der Gesundheitsberatung.\"},{\"@type\":\"BreadcrumbList\",\"@id\":\"https:\\\/\\\/visualjournalism.de\\\/en\\\/magazine\\\/ausgezeichnet\\\/markus-heft-fuer-uns-getraeumt\\\/#breadcrumb\",\"itemListElement\":[{\"@type\":\"ListItem\",\"position\":1,\"name\":\"Home\",\"item\":\"https:\\\/\\\/visualjournalism.de\\\/en\\\/\"},{\"@type\":\"ListItem\",\"position\":2,\"name\":\"Magazin\",\"item\":\"https:\\\/\\\/visualjournalism.de\\\/en\\\/magazine\\\/\"},{\"@type\":\"ListItem\",\"position\":3,\"name\":\"Markus Heft: F\u00fcr uns getr\u00e4umt\u00a0\"}]},{\"@type\":\"WebSite\",\"@id\":\"https:\\\/\\\/visualjournalism.de\\\/en\\\/#website\",\"url\":\"https:\\\/\\\/visualjournalism.de\\\/en\\\/\",\"name\":\"Visual Journalism and Documentary Photography\",\"description\":\"All about the bilingual bachelor&#039;s program at Hannover University of Applied Sciences and Arts.\",\"publisher\":{\"@id\":\"https:\\\/\\\/visualjournalism.de\\\/en\\\/#organization\"},\"alternateName\":\"visualjournalism.de\",\"potentialAction\":[{\"@type\":\"SearchAction\",\"target\":{\"@type\":\"EntryPoint\",\"urlTemplate\":\"https:\\\/\\\/visualjournalism.de\\\/en\\\/?s={search_term_string}\"},\"query-input\":{\"@type\":\"PropertyValueSpecification\",\"valueRequired\":true,\"valueName\":\"search_term_string\"}}],\"inLanguage\":\"en-US\"},{\"@type\":\"Organization\",\"@id\":\"https:\\\/\\\/visualjournalism.de\\\/en\\\/#organization\",\"name\":\"Hochschule Hannover \u2013 University of Applied Sciences and Arts\",\"alternateName\":\"HsH\",\"url\":\"https:\\\/\\\/visualjournalism.de\\\/en\\\/\",\"logo\":{\"@type\":\"ImageObject\",\"inLanguage\":\"en-US\",\"@id\":\"https:\\\/\\\/visualjournalism.de\\\/en\\\/#\\\/schema\\\/logo\\\/image\\\/\",\"url\":\"https:\\\/\\\/visualjournalism.de\\\/wp-content\\\/uploads\\\/logo-hochschule-hannover.png\",\"contentUrl\":\"https:\\\/\\\/visualjournalism.de\\\/wp-content\\\/uploads\\\/logo-hochschule-hannover.png\",\"width\":363,\"height\":270,\"caption\":\"Hochschule Hannover \u2013 University of Applied Sciences and Arts\"},\"image\":{\"@id\":\"https:\\\/\\\/visualjournalism.de\\\/en\\\/#\\\/schema\\\/logo\\\/image\\\/\"},\"sameAs\":[\"https:\\\/\\\/www.facebook.com\\\/people\\\/wwwfotostudentende\\\/100065173703897\\\/\",\"https:\\\/\\\/x.com\\\/HsHannover\",\"https:\\\/\\\/www.instagram.com\\\/visualjournalism.de\\\/\"]}]}<\/script>\n<!-- \/ Yoast SEO Premium plugin. -->","yoast_head_json":{"title":"Markus Heft: F\u00fcr uns getr\u00e4umt\u00a0 &#8211; Visual Journalism and Documentary Photography","description":"Markus Heft portr\u00e4tiert \u00e4ltere queere Menschen in Deutschland. Seit 2022 entstehen kollaborativ intime Portraits, erg\u00e4nzt durch Stillleben und Orte. Das Projekt bewahrt queere Geschichte und macht doppelte Marginalisierung im Alter sichtbar.","robots":{"index":"index","follow":"follow","max-snippet":"max-snippet:-1","max-image-preview":"max-image-preview:large","max-video-preview":"max-video-preview:-1"},"canonical":"https:\/\/visualjournalism.de\/en\/magazine\/ausgezeichnet\/markus-heft-fuer-uns-getraeumt\/","og_locale":"en_US","og_type":"article","og_title":"Markus Heft: F\u00fcr uns getr\u00e4umt\u00a0","og_description":"Markus Heft portr\u00e4tiert \u00e4ltere queere Menschen in Deutschland. Seit 2022 entstehen kollaborativ intime Portraits, erg\u00e4nzt durch Stillleben und Orte. Das Projekt bewahrt queere Geschichte und macht doppelte Marginalisierung im Alter sichtbar.","og_url":"https:\/\/visualjournalism.de\/en\/magazine\/ausgezeichnet\/markus-heft-fuer-uns-getraeumt\/","og_site_name":"Visual Journalism and Documentary Photography","article_publisher":"https:\/\/www.facebook.com\/people\/wwwfotostudentende\/100065173703897\/","article_modified_time":"2026-03-27T14:19:13+00:00","og_image":[{"width":2500,"height":2000,"url":"https:\/\/visualjournalism.de\/wp-content\/uploads\/2026\/01\/Fuer-uns-getraeumt-6.jpg","type":"image\/jpeg"}],"twitter_card":"summary_large_image","twitter_site":"@HsHannover","twitter_misc":{"Est. reading time":"2 minutes"},"schema":{"@context":"https:\/\/schema.org","@graph":[{"@type":"WebPage","@id":"https:\/\/visualjournalism.de\/en\/magazine\/ausgezeichnet\/markus-heft-fuer-uns-getraeumt\/","url":"https:\/\/visualjournalism.de\/en\/magazine\/ausgezeichnet\/markus-heft-fuer-uns-getraeumt\/","name":"Markus Heft: F\u00fcr uns getr\u00e4umt\u00a0 &#8211; Visual Journalism and Documentary Photography","isPartOf":{"@id":"https:\/\/visualjournalism.de\/en\/#website"},"primaryImageOfPage":{"@id":"https:\/\/visualjournalism.de\/en\/magazine\/ausgezeichnet\/markus-heft-fuer-uns-getraeumt\/#primaryimage"},"image":{"@id":"https:\/\/visualjournalism.de\/en\/magazine\/ausgezeichnet\/markus-heft-fuer-uns-getraeumt\/#primaryimage"},"thumbnailUrl":"https:\/\/visualjournalism.de\/wp-content\/uploads\/2026\/01\/Fuer-uns-getraeumt-6.jpg","datePublished":"2026-01-12T20:19:42+00:00","dateModified":"2026-03-27T14:19:13+00:00","description":"Markus Heft portr\u00e4tiert \u00e4ltere queere Menschen in Deutschland. Seit 2022 entstehen kollaborativ intime Portraits, erg\u00e4nzt durch Stillleben und Orte. Das Projekt bewahrt queere Geschichte und macht doppelte Marginalisierung im Alter sichtbar.","breadcrumb":{"@id":"https:\/\/visualjournalism.de\/en\/magazine\/ausgezeichnet\/markus-heft-fuer-uns-getraeumt\/#breadcrumb"},"inLanguage":"en-US","potentialAction":[{"@type":"ReadAction","target":["https:\/\/visualjournalism.de\/en\/magazine\/ausgezeichnet\/markus-heft-fuer-uns-getraeumt\/"]}]},{"@type":"ImageObject","inLanguage":"en-US","@id":"https:\/\/visualjournalism.de\/en\/magazine\/ausgezeichnet\/markus-heft-fuer-uns-getraeumt\/#primaryimage","url":"https:\/\/visualjournalism.de\/wp-content\/uploads\/2026\/01\/Fuer-uns-getraeumt-6.jpg","contentUrl":"https:\/\/visualjournalism.de\/wp-content\/uploads\/2026\/01\/Fuer-uns-getraeumt-6.jpg","width":2500,"height":2000,"caption":"Axel und Christoph umarmen sich am 31. August 2025 in ihrem Schlafzimmer in Hannover. Die beiden sind seit 14 Jahren zusammen und haben sich bei einem BDSM-Workshop kennengelernt. Axel engagiert sich seit langem f\u00fcr die Rechte von queeren Menschen in Deutschland, zun\u00e4chst wirkte er bei der rechtlichen Anerkennung der eingetragenen Partnerschaft und sp\u00e4ter f\u00fcr die Gleichstellung der Ehe mit. In Anerkennung seiner Arbeit wurde er mit dem Bundesverdienstkreuz ausgezeichnet. Heute arbeitet er im Bereich der Gesundheitsberatung."},{"@type":"BreadcrumbList","@id":"https:\/\/visualjournalism.de\/en\/magazine\/ausgezeichnet\/markus-heft-fuer-uns-getraeumt\/#breadcrumb","itemListElement":[{"@type":"ListItem","position":1,"name":"Home","item":"https:\/\/visualjournalism.de\/en\/"},{"@type":"ListItem","position":2,"name":"Magazin","item":"https:\/\/visualjournalism.de\/en\/magazine\/"},{"@type":"ListItem","position":3,"name":"Markus Heft: F\u00fcr uns getr\u00e4umt\u00a0"}]},{"@type":"WebSite","@id":"https:\/\/visualjournalism.de\/en\/#website","url":"https:\/\/visualjournalism.de\/en\/","name":"Visual Journalism and Documentary Photography","description":"All about the bilingual bachelor&#039;s program at Hannover University of Applied Sciences and Arts.","publisher":{"@id":"https:\/\/visualjournalism.de\/en\/#organization"},"alternateName":"visualjournalism.de","potentialAction":[{"@type":"SearchAction","target":{"@type":"EntryPoint","urlTemplate":"https:\/\/visualjournalism.de\/en\/?s={search_term_string}"},"query-input":{"@type":"PropertyValueSpecification","valueRequired":true,"valueName":"search_term_string"}}],"inLanguage":"en-US"},{"@type":"Organization","@id":"https:\/\/visualjournalism.de\/en\/#organization","name":"Hochschule Hannover \u2013 University of Applied Sciences and Arts","alternateName":"HsH","url":"https:\/\/visualjournalism.de\/en\/","logo":{"@type":"ImageObject","inLanguage":"en-US","@id":"https:\/\/visualjournalism.de\/en\/#\/schema\/logo\/image\/","url":"https:\/\/visualjournalism.de\/wp-content\/uploads\/logo-hochschule-hannover.png","contentUrl":"https:\/\/visualjournalism.de\/wp-content\/uploads\/logo-hochschule-hannover.png","width":363,"height":270,"caption":"Hochschule Hannover \u2013 University of Applied Sciences and Arts"},"image":{"@id":"https:\/\/visualjournalism.de\/en\/#\/schema\/logo\/image\/"},"sameAs":["https:\/\/www.facebook.com\/people\/wwwfotostudentende\/100065173703897\/","https:\/\/x.com\/HsHannover","https:\/\/www.instagram.com\/visualjournalism.de\/"]}]}},"_links":{"self":[{"href":"https:\/\/visualjournalism.de\/en\/wp-json\/wp\/v2\/magazin\/68111","targetHints":{"allow":["GET"]}}],"collection":[{"href":"https:\/\/visualjournalism.de\/en\/wp-json\/wp\/v2\/magazin"}],"about":[{"href":"https:\/\/visualjournalism.de\/en\/wp-json\/wp\/v2\/types\/magazin"}],"author":[{"embeddable":true,"href":"https:\/\/visualjournalism.de\/en\/wp-json\/wp\/v2\/users\/96"}],"version-history":[{"count":5,"href":"https:\/\/visualjournalism.de\/en\/wp-json\/wp\/v2\/magazin\/68111\/revisions"}],"predecessor-version":[{"id":70391,"href":"https:\/\/visualjournalism.de\/en\/wp-json\/wp\/v2\/magazin\/68111\/revisions\/70391"}],"wp:featuredmedia":[{"embeddable":true,"href":"https:\/\/visualjournalism.de\/en\/wp-json\/wp\/v2\/media\/68123"}],"wp:attachment":[{"href":"https:\/\/visualjournalism.de\/en\/wp-json\/wp\/v2\/media?parent=68111"}],"wp:term":[{"taxonomy":"post_tag","embeddable":true,"href":"https:\/\/visualjournalism.de\/en\/wp-json\/wp\/v2\/tags?post=68111"},{"taxonomy":"magazinkategorie","embeddable":true,"href":"https:\/\/visualjournalism.de\/en\/wp-json\/wp\/v2\/magazinkategorie?post=68111"}],"curies":[{"name":"wp","href":"https:\/\/api.w.org\/{rel}","templated":true}]}}