{"id":9848,"date":"2023-02-28T15:34:26","date_gmt":"2023-02-28T15:34:26","guid":{"rendered":"https:\/\/visualjournalism.de\/uncategorized\/shirin-abedi\/"},"modified":"2023-07-19T14:00:39","modified_gmt":"2023-07-19T14:00:39","slug":"shirin-abedi","status":"publish","type":"magazin","link":"https:\/\/visualjournalism.de\/en\/magazine\/awarded\/shirin-abedi\/","title":{"rendered":"Shirin Abedi"},"content":{"rendered":"\n        <figure class=\"post-image--cover has-spacing--m\">\n\n            <img decoding=\"async\" src=\"https:\/\/visualjournalism.de\/wp-content\/uploads\/Abedi_14_Dance_Fotoserie-e1659705567598.jpg\"  alt=\"\" \/>\n            \n                            <span class=\"post__image__title\">Yasamin (22) on the roof of her house in Tehran.  <\/span>\n            \n        <\/figure><!-- post-image--cover -->\n\n    \n\n\n\n \n\n    <div id=\"lead-in-block_b7b350956a3569e800199aaf66e0eb10\" class=\"block-lead-in typo--default font-size--xl has-spacing--m width--default\">\n        <p><strong>&#8220;For a long time, parents in Iran believed good girls didn&#8217;t dance in public.&#8221; <\/strong> <img loading=\"lazy\" decoding=\"async\" class=\"alignnone size-full wp-image-5967\" src=\"https:\/\/visualjournalism.de\/wp-content\/uploads\/Portrait_Abedi_sw-9afa43c0.jpg\" alt=\"\" width=\"100\" height=\"100\" srcset=\"https:\/\/visualjournalism.de\/wp-content\/uploads\/Portrait_Abedi_sw-9afa43c0.jpg 100w, https:\/\/visualjournalism.de\/wp-content\/uploads\/Portrait_Abedi_sw-9afa43c0-52x52.jpg 52w\" sizes=\"auto, (max-width: 100px) 100vw, 100px\" \/> Shirin Abedi returns to her native Tehran for a report on ballerinas.<\/p>\n<div class=\"entry-meta\">\r\n    <span class=\"posted-on\"><a href=\"https:\/\/visualjournalism.de\/en\/magazine\/awarded\/shirin-abedi\/\" rel=\"bookmark\"><time class=\"entry-date published\" datetime=\"2023-02-28T15:34:26+02:00\">28.02.2023<\/time><\/a><\/span> <span class=\"byline\">Text: <span class=\"author vcard\">Finn Winkler<\/span><\/span> <span class=\"photographer\"> Fotos: Shirin Abedi<\/span><\/div><!-- .entry-meta -->\r\n    <\/div>\n\n\n\n\n<p class=\"post__paragraph has-spacing--l\"><strong>After the Islamic Revolution of 1979, a ban on dancing was enacted in Iran.  <\/strong>Despite this, or perhaps because of it, Shirin Abedi is fascinated by the subject.<strong> <\/strong>She researches for months. But at first she doesn&#8217;t dare to take pictures. Because dancing is still not a matter of course for young women in Iran today. &#8220;For a long time, parents in Iran believed good girls didn&#8217;t laugh or dance in public,&#8221; the photographer said. But with the new generation comes a rethinking of society.  <br><br>One day she comes across the Instagram channel of the Iranian ballet group &#8220;Alternative Motion&#8221;. She knows that she really wants to photograph the subject. This eventually led to the photo series &#8220;May I have this dance&#8221;, which would later win numerous awards, including the Felix Sch\u00f6ller Award, the German Youth Photo Award and the ProfiFoto New Talent Award.  <br><br>In 2021, Shirin will graduate from Hanover. When she looks back on her studies, she remembers: &#8220;The lecturers taught me a lot for my whole life. It was her studies that allowed her to really become herself. Her photographs are published in Stern, on Zeit Online, and in brandeins.<\/p>\n\n\n    <figure class=\"block-photo post__image--half-center has-spacing--l no-title\">\n\n        <div class=\"post__image__container\">\n            <img loading=\"lazy\" decoding=\"async\" \n                src=\"https:\/\/visualjournalism.de\/wp-content\/uploads\/Abedi_02_Dance-1-768x512.jpg\"\n                srcset=\"https:\/\/visualjournalism.de\/wp-content\/uploads\/Abedi_02_Dance-1-768x512.jpg 768w, https:\/\/visualjournalism.de\/wp-content\/uploads\/Abedi_02_Dance-1-300x200.jpg 300w, https:\/\/visualjournalism.de\/wp-content\/uploads\/Abedi_02_Dance-1-1024x682.jpg 1024w, https:\/\/visualjournalism.de\/wp-content\/uploads\/Abedi_02_Dance-1-1536x1024.jpg 1536w, https:\/\/visualjournalism.de\/wp-content\/uploads\/Abedi_02_Dance-1-1400x933.jpg 1400w, https:\/\/visualjournalism.de\/wp-content\/uploads\/Abedi_02_Dance-1-1050x700.jpg 1050w, https:\/\/visualjournalism.de\/wp-content\/uploads\/Abedi_02_Dance-1-670x447.jpg 670w, https:\/\/visualjournalism.de\/wp-content\/uploads\/Abedi_02_Dance-1-420x280.jpg 420w, https:\/\/visualjournalism.de\/wp-content\/uploads\/Abedi_02_Dance-1-350x233.jpg 350w, https:\/\/visualjournalism.de\/wp-content\/uploads\/Abedi_02_Dance-1.jpg 2000w\"\n                width=\"768\" \n                height=\"512\"\n                alt=\"\" \n            \/>\n            \n                    <\/div><!-- post__image__container -->\n\n                    <figcaption class=\"post__image__caption--soehne\"><p><strong>The group \u201cAlternative Motion\u201d<\/strong>\u00a0rehearses for a show that is later cancelled. Iranian media circulated a video of the dance rehearsals shortly before the premiere. This caused sharp criticism.<\/p>\n<\/figcaption>\n        \n    <\/figure><!-- post__image -->\n\n\n\n    <figure class=\"block-photo post__image--full has-spacing--l no-title\">\n\n        <div class=\"post__image__container\">\n            <img loading=\"lazy\" decoding=\"async\" \n                src=\"https:\/\/visualjournalism.de\/wp-content\/uploads\/Abedi_04_Dance-1-1400x933.jpg\"\n                srcset=\"https:\/\/visualjournalism.de\/wp-content\/uploads\/Abedi_04_Dance-1-1400x933.jpg 1400w, https:\/\/visualjournalism.de\/wp-content\/uploads\/Abedi_04_Dance-1-300x200.jpg 300w, https:\/\/visualjournalism.de\/wp-content\/uploads\/Abedi_04_Dance-1-1024x682.jpg 1024w, https:\/\/visualjournalism.de\/wp-content\/uploads\/Abedi_04_Dance-1-768x512.jpg 768w, https:\/\/visualjournalism.de\/wp-content\/uploads\/Abedi_04_Dance-1-1536x1024.jpg 1536w, https:\/\/visualjournalism.de\/wp-content\/uploads\/Abedi_04_Dance-1-1050x700.jpg 1050w, https:\/\/visualjournalism.de\/wp-content\/uploads\/Abedi_04_Dance-1-670x447.jpg 670w, https:\/\/visualjournalism.de\/wp-content\/uploads\/Abedi_04_Dance-1-420x280.jpg 420w, https:\/\/visualjournalism.de\/wp-content\/uploads\/Abedi_04_Dance-1-350x233.jpg 350w, https:\/\/visualjournalism.de\/wp-content\/uploads\/Abedi_04_Dance-1.jpg 2000w\"\n                width=\"1400\" \n                height=\"933\"\n                alt=\"\" \n            \/>\n            \n                    <\/div><!-- post__image__container -->\n\n                    <figcaption class=\"post__image__caption--soehne\"><p><strong>Mojdeh often shares videos<\/strong> of her dancing or training on Instagram. For her, this is one of her few joys. For her safety, she keeps her account private \u2013 other Iranian dancers have been arrested for their dance videos.<\/p>\n<\/figcaption>\n        \n    <\/figure><!-- post__image -->\n\n\n\n    <figure class=\"block-photo post__image--half-left has-spacing--l no-title\">\n\n        <div class=\"post__image__container\">\n            <img loading=\"lazy\" decoding=\"async\" \n                src=\"https:\/\/visualjournalism.de\/wp-content\/uploads\/Abedi_05_Dance-1-768x512.jpg\"\n                srcset=\"https:\/\/visualjournalism.de\/wp-content\/uploads\/Abedi_05_Dance-1-768x512.jpg 768w, https:\/\/visualjournalism.de\/wp-content\/uploads\/Abedi_05_Dance-1-300x200.jpg 300w, https:\/\/visualjournalism.de\/wp-content\/uploads\/Abedi_05_Dance-1-1024x682.jpg 1024w, https:\/\/visualjournalism.de\/wp-content\/uploads\/Abedi_05_Dance-1-1536x1024.jpg 1536w, https:\/\/visualjournalism.de\/wp-content\/uploads\/Abedi_05_Dance-1-1400x933.jpg 1400w, https:\/\/visualjournalism.de\/wp-content\/uploads\/Abedi_05_Dance-1-1050x700.jpg 1050w, https:\/\/visualjournalism.de\/wp-content\/uploads\/Abedi_05_Dance-1-670x447.jpg 670w, https:\/\/visualjournalism.de\/wp-content\/uploads\/Abedi_05_Dance-1-420x280.jpg 420w, https:\/\/visualjournalism.de\/wp-content\/uploads\/Abedi_05_Dance-1-350x233.jpg 350w, https:\/\/visualjournalism.de\/wp-content\/uploads\/Abedi_05_Dance-1.jpg 2000w\"\n                width=\"768\" \n                height=\"512\"\n                alt=\"\" \n            \/>\n            \n                    <\/div><!-- post__image__container -->\n\n                    <figcaption class=\"post__image__caption--soehne\"><p><strong>\u201cIf they take dance away from me,<\/strong> it\u2019s like they\u2019re taking my life.\u201d \u2014 Mojdeh (20) dreams of becoming a professional ballet dancer.<\/p>\n<\/figcaption>\n        \n    <\/figure><!-- post__image -->\n\n\n\n    <figure class=\"block-photo post__image--half-right has-spacing--l no-title\">\n\n        <div class=\"post__image__container\">\n            <img loading=\"lazy\" decoding=\"async\" \n                src=\"https:\/\/visualjournalism.de\/wp-content\/uploads\/Abedi_03_Dance-1-768x512.jpg\"\n                srcset=\"https:\/\/visualjournalism.de\/wp-content\/uploads\/Abedi_03_Dance-1-768x512.jpg 768w, https:\/\/visualjournalism.de\/wp-content\/uploads\/Abedi_03_Dance-1-300x200.jpg 300w, https:\/\/visualjournalism.de\/wp-content\/uploads\/Abedi_03_Dance-1-1024x682.jpg 1024w, https:\/\/visualjournalism.de\/wp-content\/uploads\/Abedi_03_Dance-1-1536x1024.jpg 1536w, https:\/\/visualjournalism.de\/wp-content\/uploads\/Abedi_03_Dance-1-1400x933.jpg 1400w, https:\/\/visualjournalism.de\/wp-content\/uploads\/Abedi_03_Dance-1-1050x700.jpg 1050w, https:\/\/visualjournalism.de\/wp-content\/uploads\/Abedi_03_Dance-1-670x447.jpg 670w, https:\/\/visualjournalism.de\/wp-content\/uploads\/Abedi_03_Dance-1-420x280.jpg 420w, https:\/\/visualjournalism.de\/wp-content\/uploads\/Abedi_03_Dance-1-350x233.jpg 350w, https:\/\/visualjournalism.de\/wp-content\/uploads\/Abedi_03_Dance-1.jpg 2000w\"\n                width=\"768\" \n                height=\"512\"\n                alt=\"\" \n            \/>\n            \n                    <\/div><!-- post__image__container -->\n\n                    <figcaption class=\"post__image__caption--soehne\"><p><strong>Yasamin (22)<\/strong> spends her evening with her boyfriend at an artificial lake in western Tehran. In the past, couples could be arrested for this by the morality police.<\/p>\n<\/figcaption>\n        \n    <\/figure><!-- post__image -->\n\n\n\n    <figure class=\"block-photo post__image--full has-spacing--l no-title\">\n\n        <div class=\"post__image__container\">\n            <img loading=\"lazy\" decoding=\"async\" \n                src=\"https:\/\/visualjournalism.de\/wp-content\/uploads\/Abedi_06_Dance-1-1400x933.jpg\"\n                srcset=\"https:\/\/visualjournalism.de\/wp-content\/uploads\/Abedi_06_Dance-1-1400x933.jpg 1400w, https:\/\/visualjournalism.de\/wp-content\/uploads\/Abedi_06_Dance-1-300x200.jpg 300w, https:\/\/visualjournalism.de\/wp-content\/uploads\/Abedi_06_Dance-1-1024x682.jpg 1024w, https:\/\/visualjournalism.de\/wp-content\/uploads\/Abedi_06_Dance-1-768x512.jpg 768w, https:\/\/visualjournalism.de\/wp-content\/uploads\/Abedi_06_Dance-1-1536x1024.jpg 1536w, https:\/\/visualjournalism.de\/wp-content\/uploads\/Abedi_06_Dance-1-1050x700.jpg 1050w, https:\/\/visualjournalism.de\/wp-content\/uploads\/Abedi_06_Dance-1-670x447.jpg 670w, https:\/\/visualjournalism.de\/wp-content\/uploads\/Abedi_06_Dance-1-420x280.jpg 420w, https:\/\/visualjournalism.de\/wp-content\/uploads\/Abedi_06_Dance-1-350x233.jpg 350w, https:\/\/visualjournalism.de\/wp-content\/uploads\/Abedi_06_Dance-1.jpg 2000w\"\n                width=\"1400\" \n                height=\"933\"\n                alt=\"\" \n            \/>\n            \n                    <\/div><!-- post__image__container -->\n\n                    <figcaption class=\"post__image__caption--soehne\"><p><strong>According to Iranian<\/strong> national media, these women are a tiny minority.<\/p>\n<\/figcaption>\n        \n    <\/figure><!-- post__image -->\n\n\n\n    <figure class=\"block-photo post__image--wide-right has-spacing--l no-title\">\n\n        <div class=\"post__image__container\">\n            <img loading=\"lazy\" decoding=\"async\" \n                src=\"https:\/\/visualjournalism.de\/wp-content\/uploads\/Abedi_07_Dance-1-1050x700.jpg\"\n                srcset=\"https:\/\/visualjournalism.de\/wp-content\/uploads\/Abedi_07_Dance-1-1050x700.jpg 1050w, https:\/\/visualjournalism.de\/wp-content\/uploads\/Abedi_07_Dance-1-300x200.jpg 300w, https:\/\/visualjournalism.de\/wp-content\/uploads\/Abedi_07_Dance-1-1024x682.jpg 1024w, https:\/\/visualjournalism.de\/wp-content\/uploads\/Abedi_07_Dance-1-768x512.jpg 768w, https:\/\/visualjournalism.de\/wp-content\/uploads\/Abedi_07_Dance-1-1536x1024.jpg 1536w, https:\/\/visualjournalism.de\/wp-content\/uploads\/Abedi_07_Dance-1-1400x933.jpg 1400w, https:\/\/visualjournalism.de\/wp-content\/uploads\/Abedi_07_Dance-1-670x447.jpg 670w, https:\/\/visualjournalism.de\/wp-content\/uploads\/Abedi_07_Dance-1-420x280.jpg 420w, https:\/\/visualjournalism.de\/wp-content\/uploads\/Abedi_07_Dance-1-350x233.jpg 350w, https:\/\/visualjournalism.de\/wp-content\/uploads\/Abedi_07_Dance-1.jpg 2000w\"\n                width=\"1050\" \n                height=\"700\"\n                alt=\"\" \n            \/>\n            \n                    <\/div><!-- post__image__container -->\n\n                    <figcaption class=\"post__image__caption--soehne\"><p><strong>\u201cI had to fight<\/strong> with my parents for my freedom.\u201d Reyhaneh does the splits on the sofa while her brother tickles her. By now, Reyhaneh&#8217;s parents even ask her to dance at family gatherings.<\/p>\n<\/figcaption>\n        \n    <\/figure><!-- post__image -->\n\n\n\n    <figure class=\"block-photo post__image--half-left has-spacing--l no-title\">\n\n        <div class=\"post__image__container\">\n            <img loading=\"lazy\" decoding=\"async\" \n                src=\"https:\/\/visualjournalism.de\/wp-content\/uploads\/Abedi_08_Dance-1-768x512.jpg\"\n                srcset=\"https:\/\/visualjournalism.de\/wp-content\/uploads\/Abedi_08_Dance-1-768x512.jpg 768w, https:\/\/visualjournalism.de\/wp-content\/uploads\/Abedi_08_Dance-1-300x200.jpg 300w, https:\/\/visualjournalism.de\/wp-content\/uploads\/Abedi_08_Dance-1-1024x682.jpg 1024w, https:\/\/visualjournalism.de\/wp-content\/uploads\/Abedi_08_Dance-1-1536x1024.jpg 1536w, https:\/\/visualjournalism.de\/wp-content\/uploads\/Abedi_08_Dance-1-1400x933.jpg 1400w, https:\/\/visualjournalism.de\/wp-content\/uploads\/Abedi_08_Dance-1-1050x700.jpg 1050w, https:\/\/visualjournalism.de\/wp-content\/uploads\/Abedi_08_Dance-1-670x447.jpg 670w, https:\/\/visualjournalism.de\/wp-content\/uploads\/Abedi_08_Dance-1-420x280.jpg 420w, https:\/\/visualjournalism.de\/wp-content\/uploads\/Abedi_08_Dance-1-350x233.jpg 350w, https:\/\/visualjournalism.de\/wp-content\/uploads\/Abedi_08_Dance-1.jpg 2000w\"\n                width=\"768\" \n                height=\"512\"\n                alt=\"\" \n            \/>\n            \n                    <\/div><!-- post__image__container -->\n\n                    <figcaption class=\"post__image__caption--soehne\"><p><strong>Reyhaneh sits on<\/strong> the floor of the Tehran subway after a long day at work.<\/p>\n<\/figcaption>\n        \n    <\/figure><!-- post__image -->\n\n\n\n    <figure class=\"block-photo post__image--full has-spacing--l no-title\">\n\n        <div class=\"post__image__container\">\n            <img loading=\"lazy\" decoding=\"async\" \n                src=\"https:\/\/visualjournalism.de\/wp-content\/uploads\/Abedi_09_Dance-1-1400x933.jpg\"\n                srcset=\"https:\/\/visualjournalism.de\/wp-content\/uploads\/Abedi_09_Dance-1-1400x933.jpg 1400w, https:\/\/visualjournalism.de\/wp-content\/uploads\/Abedi_09_Dance-1-300x200.jpg 300w, https:\/\/visualjournalism.de\/wp-content\/uploads\/Abedi_09_Dance-1-1024x682.jpg 1024w, https:\/\/visualjournalism.de\/wp-content\/uploads\/Abedi_09_Dance-1-768x512.jpg 768w, https:\/\/visualjournalism.de\/wp-content\/uploads\/Abedi_09_Dance-1-1536x1024.jpg 1536w, https:\/\/visualjournalism.de\/wp-content\/uploads\/Abedi_09_Dance-1-1050x700.jpg 1050w, https:\/\/visualjournalism.de\/wp-content\/uploads\/Abedi_09_Dance-1-670x447.jpg 670w, https:\/\/visualjournalism.de\/wp-content\/uploads\/Abedi_09_Dance-1-420x280.jpg 420w, https:\/\/visualjournalism.de\/wp-content\/uploads\/Abedi_09_Dance-1-350x233.jpg 350w, https:\/\/visualjournalism.de\/wp-content\/uploads\/Abedi_09_Dance-1.jpg 2000w\"\n                width=\"1400\" \n                height=\"933\"\n                alt=\"\" \n            \/>\n            \n                    <\/div><!-- post__image__container -->\n\n                    <figcaption class=\"post__image__caption--soehne\"><p><strong>After a yoga class,<\/strong> Reyhaneh hugs her friend. The two have known each other since middle school.<\/p>\n<\/figcaption>\n        \n    <\/figure><!-- post__image -->\n\n\n\n    <figure class=\"block-photo post__image--half-right has-spacing--l no-title\">\n\n        <div class=\"post__image__container\">\n            <img loading=\"lazy\" decoding=\"async\" \n                src=\"https:\/\/visualjournalism.de\/wp-content\/uploads\/Abedi_10_Dance-1-768x512.jpg\"\n                srcset=\"https:\/\/visualjournalism.de\/wp-content\/uploads\/Abedi_10_Dance-1-768x512.jpg 768w, https:\/\/visualjournalism.de\/wp-content\/uploads\/Abedi_10_Dance-1-300x200.jpg 300w, https:\/\/visualjournalism.de\/wp-content\/uploads\/Abedi_10_Dance-1-1024x682.jpg 1024w, https:\/\/visualjournalism.de\/wp-content\/uploads\/Abedi_10_Dance-1-1536x1024.jpg 1536w, https:\/\/visualjournalism.de\/wp-content\/uploads\/Abedi_10_Dance-1-1400x933.jpg 1400w, https:\/\/visualjournalism.de\/wp-content\/uploads\/Abedi_10_Dance-1-1050x700.jpg 1050w, https:\/\/visualjournalism.de\/wp-content\/uploads\/Abedi_10_Dance-1-670x447.jpg 670w, https:\/\/visualjournalism.de\/wp-content\/uploads\/Abedi_10_Dance-1-420x280.jpg 420w, https:\/\/visualjournalism.de\/wp-content\/uploads\/Abedi_10_Dance-1-350x233.jpg 350w, https:\/\/visualjournalism.de\/wp-content\/uploads\/Abedi_10_Dance-1.jpg 2000w\"\n                width=\"768\" \n                height=\"512\"\n                alt=\"\" \n            \/>\n            \n                    <\/div><!-- post__image__container -->\n\n                    <figcaption class=\"post__image__caption--soehne\"><p><strong>Reyhaneh teaches<\/strong> several times a week and, in turn, spends her income on dance lessons and travel.<\/p>\n<\/figcaption>\n        \n    <\/figure><!-- post__image -->\n\n\n\n    <figure class=\"block-photo post__image--half-left has-spacing--l no-title\">\n\n        <div class=\"post__image__container\">\n            <img loading=\"lazy\" decoding=\"async\" \n                src=\"https:\/\/visualjournalism.de\/wp-content\/uploads\/Abedi_11_Dance-1-768x512.jpg\"\n                srcset=\"https:\/\/visualjournalism.de\/wp-content\/uploads\/Abedi_11_Dance-1-768x512.jpg 768w, https:\/\/visualjournalism.de\/wp-content\/uploads\/Abedi_11_Dance-1-300x200.jpg 300w, https:\/\/visualjournalism.de\/wp-content\/uploads\/Abedi_11_Dance-1-1024x682.jpg 1024w, https:\/\/visualjournalism.de\/wp-content\/uploads\/Abedi_11_Dance-1-1536x1024.jpg 1536w, https:\/\/visualjournalism.de\/wp-content\/uploads\/Abedi_11_Dance-1-1400x933.jpg 1400w, https:\/\/visualjournalism.de\/wp-content\/uploads\/Abedi_11_Dance-1-1050x700.jpg 1050w, https:\/\/visualjournalism.de\/wp-content\/uploads\/Abedi_11_Dance-1-670x447.jpg 670w, https:\/\/visualjournalism.de\/wp-content\/uploads\/Abedi_11_Dance-1-420x280.jpg 420w, https:\/\/visualjournalism.de\/wp-content\/uploads\/Abedi_11_Dance-1-350x233.jpg 350w, https:\/\/visualjournalism.de\/wp-content\/uploads\/Abedi_11_Dance-1.jpg 2000w\"\n                width=\"768\" \n                height=\"512\"\n                alt=\"\" \n            \/>\n            \n                    <\/div><!-- post__image__container -->\n\n                    <figcaption class=\"post__image__caption--soehne\"><p><strong>Elham finds that Islam<\/strong> <strong>and ballet are not contradictory.<\/strong> She did not find a good ballet teacher in her city. Therefore, she flies to Tehran every Friday to attend dance classes. To receive training on an international level, she travels to Armenia and Georgia.<\/p>\n<\/figcaption>\n        \n    <\/figure><!-- post__image -->\n\n\n\n    <figure class=\"block-photo post__image--wide-left has-spacing--l no-title\">\n\n        <div class=\"post__image__container\">\n            <img loading=\"lazy\" decoding=\"async\" \n                src=\"https:\/\/visualjournalism.de\/wp-content\/uploads\/Abedi_12_Dance-1-1050x700.jpg\"\n                srcset=\"https:\/\/visualjournalism.de\/wp-content\/uploads\/Abedi_12_Dance-1-1050x700.jpg 1050w, https:\/\/visualjournalism.de\/wp-content\/uploads\/Abedi_12_Dance-1-300x200.jpg 300w, https:\/\/visualjournalism.de\/wp-content\/uploads\/Abedi_12_Dance-1-1024x682.jpg 1024w, https:\/\/visualjournalism.de\/wp-content\/uploads\/Abedi_12_Dance-1-768x512.jpg 768w, https:\/\/visualjournalism.de\/wp-content\/uploads\/Abedi_12_Dance-1-1536x1024.jpg 1536w, https:\/\/visualjournalism.de\/wp-content\/uploads\/Abedi_12_Dance-1-1400x933.jpg 1400w, https:\/\/visualjournalism.de\/wp-content\/uploads\/Abedi_12_Dance-1-670x447.jpg 670w, https:\/\/visualjournalism.de\/wp-content\/uploads\/Abedi_12_Dance-1-420x280.jpg 420w, https:\/\/visualjournalism.de\/wp-content\/uploads\/Abedi_12_Dance-1-350x233.jpg 350w, https:\/\/visualjournalism.de\/wp-content\/uploads\/Abedi_12_Dance-1.jpg 2000w\"\n                width=\"1050\" \n                height=\"700\"\n                alt=\"\" \n            \/>\n            \n                    <\/div><!-- post__image__container -->\n\n                    <figcaption class=\"post__image__caption--soehne\"><p><strong>Although Yasamin&#8217;s mother<\/strong> is a practicing Muslim, she fully supports her daughter.<\/p>\n<\/figcaption>\n        \n    <\/figure><!-- post__image -->\n\n\n\n    <figure class=\"block-photo post__image--half-right has-spacing--l no-title\">\n\n        <div class=\"post__image__container\">\n            <img loading=\"lazy\" decoding=\"async\" \n                src=\"https:\/\/visualjournalism.de\/wp-content\/uploads\/Abedi_13_Dance-1-768x512.jpg\"\n                srcset=\"https:\/\/visualjournalism.de\/wp-content\/uploads\/Abedi_13_Dance-1-768x512.jpg 768w, https:\/\/visualjournalism.de\/wp-content\/uploads\/Abedi_13_Dance-1-300x200.jpg 300w, https:\/\/visualjournalism.de\/wp-content\/uploads\/Abedi_13_Dance-1-1024x682.jpg 1024w, https:\/\/visualjournalism.de\/wp-content\/uploads\/Abedi_13_Dance-1-1536x1024.jpg 1536w, https:\/\/visualjournalism.de\/wp-content\/uploads\/Abedi_13_Dance-1-1400x933.jpg 1400w, https:\/\/visualjournalism.de\/wp-content\/uploads\/Abedi_13_Dance-1-1050x700.jpg 1050w, https:\/\/visualjournalism.de\/wp-content\/uploads\/Abedi_13_Dance-1-670x447.jpg 670w, https:\/\/visualjournalism.de\/wp-content\/uploads\/Abedi_13_Dance-1-420x280.jpg 420w, https:\/\/visualjournalism.de\/wp-content\/uploads\/Abedi_13_Dance-1-350x233.jpg 350w, https:\/\/visualjournalism.de\/wp-content\/uploads\/Abedi_13_Dance-1.jpg 2000w\"\n                width=\"768\" \n                height=\"512\"\n                alt=\"\" \n            \/>\n            \n                    <\/div><!-- post__image__container -->\n\n                    <figcaption class=\"post__image__caption--soehne\"><p><strong>Perhaps the saddest thing<\/strong> about ballet dancing in Iran is that fathers can never attend their daughters&#8217; performances.<\/p>\n<\/figcaption>\n        \n    <\/figure><!-- post__image -->\n\n\n\n    <figure class=\"block-photo post__image--full has-spacing--l no-title\">\n\n        <div class=\"post__image__container\">\n            <img loading=\"lazy\" decoding=\"async\" \n                src=\"https:\/\/visualjournalism.de\/wp-content\/uploads\/Abedi_01_Dance-1400x933.jpg\"\n                srcset=\"https:\/\/visualjournalism.de\/wp-content\/uploads\/Abedi_01_Dance-1400x933.jpg 1400w, https:\/\/visualjournalism.de\/wp-content\/uploads\/Abedi_01_Dance-420x280.jpg 420w, https:\/\/visualjournalism.de\/wp-content\/uploads\/Abedi_01_Dance-1050x700.jpg 1050w, https:\/\/visualjournalism.de\/wp-content\/uploads\/Abedi_01_Dance-670x447.jpg 670w, https:\/\/visualjournalism.de\/wp-content\/uploads\/Abedi_01_Dance-350x233.jpg 350w, https:\/\/visualjournalism.de\/wp-content\/uploads\/Abedi_01_Dance-300x200.jpg 300w, https:\/\/visualjournalism.de\/wp-content\/uploads\/Abedi_01_Dance-768x512.jpg 768w, https:\/\/visualjournalism.de\/wp-content\/uploads\/Abedi_01_Dance-1024x683.jpg 1024w, https:\/\/visualjournalism.de\/wp-content\/uploads\/Abedi_01_Dance-700x467.jpg 700w, https:\/\/visualjournalism.de\/wp-content\/uploads\/Abedi_01_Dance.jpg 1500w\"\n                width=\"1400\" \n                height=\"933\"\n                alt=\"\" \n            \/>\n            \n                    <\/div><!-- post__image__container -->\n\n                    <figcaption class=\"post__image__caption--soehne\"><p><strong>Nona (18) is studying<\/strong> chemistry in Tehran, but she is very determined to pursue a career as a dancer: &#8220;Before I went on stage at my last performance, I realized that this is all I want to do in my life,&#8221; she says.<\/p>\n<\/figcaption>\n        \n    <\/figure><!-- post__image -->\n\n\n\n    <figure class=\"block-photo post__image--half-center has-spacing--l no-title\">\n\n        <div class=\"post__image__container\">\n            <img loading=\"lazy\" decoding=\"async\" \n                src=\"https:\/\/visualjournalism.de\/wp-content\/uploads\/Abedi_15_Dance-1-768x512.jpg\"\n                srcset=\"https:\/\/visualjournalism.de\/wp-content\/uploads\/Abedi_15_Dance-1-768x512.jpg 768w, https:\/\/visualjournalism.de\/wp-content\/uploads\/Abedi_15_Dance-1-300x200.jpg 300w, https:\/\/visualjournalism.de\/wp-content\/uploads\/Abedi_15_Dance-1-1024x682.jpg 1024w, https:\/\/visualjournalism.de\/wp-content\/uploads\/Abedi_15_Dance-1-1536x1024.jpg 1536w, https:\/\/visualjournalism.de\/wp-content\/uploads\/Abedi_15_Dance-1-1400x933.jpg 1400w, https:\/\/visualjournalism.de\/wp-content\/uploads\/Abedi_15_Dance-1-1050x700.jpg 1050w, https:\/\/visualjournalism.de\/wp-content\/uploads\/Abedi_15_Dance-1-670x447.jpg 670w, https:\/\/visualjournalism.de\/wp-content\/uploads\/Abedi_15_Dance-1-420x280.jpg 420w, https:\/\/visualjournalism.de\/wp-content\/uploads\/Abedi_15_Dance-1-350x233.jpg 350w, https:\/\/visualjournalism.de\/wp-content\/uploads\/Abedi_15_Dance-1.jpg 2000w\"\n                width=\"768\" \n                height=\"512\"\n                alt=\"\" \n            \/>\n            \n                    <\/div><!-- post__image__container -->\n\n                    <figcaption class=\"post__image__caption--soehne\"><p><strong>True, there are performances<\/strong> <strong>with dancing and singing for women in Iran.<\/strong> However, there are no pictures of such events: All bags are checked at the entrance, cell phones and cameras have to be handed in.<\/p>\n<\/figcaption>\n        \n    <\/figure><!-- post__image -->\n\n\n\n\n    <div class=\"btn-wrapper has-spacing--m\">\n        <a class=\"btn\" href=\"https:\/\/shirinabedi.visura.co\" target=\"_blank\">SHIRINABEDI.COM<\/a>\n    <\/div>\n\n\n\n<div class=\"wp-block-group has-spacing--m has-spacing--default\">\n<div class=\"devider has-spacing--none\">\n    <hr>\n<\/div>\n\n\n    <nav id=\"section-navigation-block_778b521d464b827d51d6c11bf698cd47\" class=\"section-navigation has-spacing--m\">\n        <ul>\n\n                \n                    <li>Das k\u00f6nnte dich auch interessieren<\/li>\n                \n            \n            \n                        \n                        \n\n            \n            \n            \n                        \n                        \n\n            \n\n        <\/ul>\n        \n    <\/nav>\n\n\n\n<div class=\"four-columns-teaser has-spacing--m\">\n\n    \r\n<article class=\"post-teaser post-68217 magazin type-magazin status-publish has-post-thumbnail hentry magazinkategorie-ausgezeichnet\">\r\n\t<header class=\"entry-header\">\r\n\r\n\t\t<div class=\"entry-categories\">\n\t<a class=\"post__tag\" href=\"https:\/\/visualjournalism.de\/magazin-kategorie\/ausgezeichnet\/\" rel=\"category tag\">Ausgezeichnet<\/a><\/div>\r\n\t\t<a href=\"https:\/\/visualjournalism.de\/en\/magazine\/ausgezeichnet\/noemi-ehrat-the-abortion-plot\/\" rel=\"bookmark\">\r\n\t\t\t<h2 class=\"entry-title\">The Abortion Plot.<\/h2>\r\n\t\t\t<p class=\"entry-excerpt\">Noemi Ehrat zeigt Abtreibung als allt\u00e4gliche Praxis. Ihr Langzeitprojekt fragt nicht nach dem Warum, sondern nach dem Wie: sachlich, ruhig und jenseits politischer Schlagzeilen.<\/p>\r\n\t\t<\/a>\r\n\r\n\t<\/header><!-- .entry-header -->\r\n\r\n\t<figure class=\"post__image\">\r\n\t\t<a href=\"https:\/\/visualjournalism.de\/en\/magazine\/ausgezeichnet\/noemi-ehrat-the-abortion-plot\/\" rel=\"bookmark\">\r\n\t\t\t<img loading=\"lazy\" decoding=\"async\" width=\"350\" height=\"263\" src=\"https:\/\/visualjournalism.de\/wp-content\/uploads\/2025\/12\/NoemiEhratTheAbortionPlot9-350x263.jpeg\" class=\"attachment-post-image--two-column--small size-post-image--two-column--small\" alt=\"\" srcset=\"https:\/\/visualjournalism.de\/wp-content\/uploads\/2025\/12\/NoemiEhratTheAbortionPlot9-350x263.jpeg 350w, https:\/\/visualjournalism.de\/wp-content\/uploads\/2025\/12\/NoemiEhratTheAbortionPlot9-300x225.jpeg 300w, https:\/\/visualjournalism.de\/wp-content\/uploads\/2025\/12\/NoemiEhratTheAbortionPlot9-1024x768.jpeg 1024w, https:\/\/visualjournalism.de\/wp-content\/uploads\/2025\/12\/NoemiEhratTheAbortionPlot9-768x576.jpeg 768w, https:\/\/visualjournalism.de\/wp-content\/uploads\/2025\/12\/NoemiEhratTheAbortionPlot9-1536x1152.jpeg 1536w, https:\/\/visualjournalism.de\/wp-content\/uploads\/2025\/12\/NoemiEhratTheAbortionPlot9-2048x1536.jpeg 2048w, https:\/\/visualjournalism.de\/wp-content\/uploads\/2025\/12\/NoemiEhratTheAbortionPlot9-1920x1440.jpeg 1920w, https:\/\/visualjournalism.de\/wp-content\/uploads\/2025\/12\/NoemiEhratTheAbortionPlot9-1400x1050.jpeg 1400w, https:\/\/visualjournalism.de\/wp-content\/uploads\/2025\/12\/NoemiEhratTheAbortionPlot9-1050x788.jpeg 1050w, https:\/\/visualjournalism.de\/wp-content\/uploads\/2025\/12\/NoemiEhratTheAbortionPlot9-670x503.jpeg 670w, https:\/\/visualjournalism.de\/wp-content\/uploads\/2025\/12\/NoemiEhratTheAbortionPlot9-420x315.jpeg 420w, https:\/\/visualjournalism.de\/wp-content\/uploads\/2025\/12\/NoemiEhratTheAbortionPlot9-150x113.jpeg 150w\" sizes=\"auto, (max-width: 350px) 100vw, 350px\" \/>\t\t<\/a>\r\n\t<\/figure><!-- .post__image -->\r\n\r\n<\/article>\r\n\r\n<article class=\"post-teaser post-67572 magazin type-magazin status-publish has-post-thumbnail hentry magazinkategorie-ausgezeichnet\">\r\n\t<header class=\"entry-header\">\r\n\r\n\t\t<div class=\"entry-categories\">\n\t<a class=\"post__tag\" href=\"https:\/\/visualjournalism.de\/magazin-kategorie\/ausgezeichnet\/\" rel=\"category tag\">Ausgezeichnet<\/a><\/div>\r\n\t\t<a href=\"https:\/\/visualjournalism.de\/en\/magazine\/ausgezeichnet\/armina-ahmadinia-mein-haus-in-wolken-gehuellt\/\" rel=\"bookmark\">\r\n\t\t\t<h2 class=\"entry-title\">Mein Haus in Wolken geh\u00fcllt.<\/h2>\r\n\t\t\t<p class=\"entry-excerpt\">Armina Ahmadinia kehrt an das Kaspische Meer zur\u00fcck. Ihre Fotoarbeit erz\u00e4hlt vom R\u00fcckzug des Wassers, vom Verlust vertrauter Orte und von einer stillen Sehnsucht nach N\u00e4he und Heimat.<\/p>\r\n\t\t<\/a>\r\n\r\n\t<\/header><!-- .entry-header -->\r\n\r\n\t<figure class=\"post__image\">\r\n\t\t<a href=\"https:\/\/visualjournalism.de\/en\/magazine\/ausgezeichnet\/armina-ahmadinia-mein-haus-in-wolken-gehuellt\/\" rel=\"bookmark\">\r\n\t\t\t<img loading=\"lazy\" decoding=\"async\" width=\"350\" height=\"263\" src=\"https:\/\/visualjournalism.de\/wp-content\/uploads\/2026\/01\/\u00a9_Armina_Ahmadinia_001-350x263.jpg\" class=\"attachment-post-image--two-column--small size-post-image--two-column--small\" alt=\"\" srcset=\"https:\/\/visualjournalism.de\/wp-content\/uploads\/2026\/01\/\u00a9_Armina_Ahmadinia_001-350x263.jpg 350w, https:\/\/visualjournalism.de\/wp-content\/uploads\/2026\/01\/\u00a9_Armina_Ahmadinia_001-300x225.jpg 300w, https:\/\/visualjournalism.de\/wp-content\/uploads\/2026\/01\/\u00a9_Armina_Ahmadinia_001-1024x768.jpg 1024w, https:\/\/visualjournalism.de\/wp-content\/uploads\/2026\/01\/\u00a9_Armina_Ahmadinia_001-768x576.jpg 768w, https:\/\/visualjournalism.de\/wp-content\/uploads\/2026\/01\/\u00a9_Armina_Ahmadinia_001-1536x1152.jpg 1536w, https:\/\/visualjournalism.de\/wp-content\/uploads\/2026\/01\/\u00a9_Armina_Ahmadinia_001-2048x1536.jpg 2048w, https:\/\/visualjournalism.de\/wp-content\/uploads\/2026\/01\/\u00a9_Armina_Ahmadinia_001-1920x1440.jpg 1920w, https:\/\/visualjournalism.de\/wp-content\/uploads\/2026\/01\/\u00a9_Armina_Ahmadinia_001-1400x1050.jpg 1400w, https:\/\/visualjournalism.de\/wp-content\/uploads\/2026\/01\/\u00a9_Armina_Ahmadinia_001-1050x788.jpg 1050w, https:\/\/visualjournalism.de\/wp-content\/uploads\/2026\/01\/\u00a9_Armina_Ahmadinia_001-670x503.jpg 670w, https:\/\/visualjournalism.de\/wp-content\/uploads\/2026\/01\/\u00a9_Armina_Ahmadinia_001-420x315.jpg 420w, https:\/\/visualjournalism.de\/wp-content\/uploads\/2026\/01\/\u00a9_Armina_Ahmadinia_001-150x113.jpg 150w\" sizes=\"auto, (max-width: 350px) 100vw, 350px\" \/>\t\t<\/a>\r\n\t<\/figure><!-- .post__image -->\r\n\r\n<\/article>\r\n\r\n<article class=\"post-teaser post-67880 magazin type-magazin status-publish has-post-thumbnail hentry magazinkategorie-ausgezeichnet\">\r\n\t<header class=\"entry-header\">\r\n\r\n\t\t<div class=\"entry-categories\">\n\t<a class=\"post__tag\" href=\"https:\/\/visualjournalism.de\/magazin-kategorie\/ausgezeichnet\/\" rel=\"category tag\">Ausgezeichnet<\/a><\/div>\r\n\t\t<a href=\"https:\/\/visualjournalism.de\/en\/magazine\/ausgezeichnet\/jasper-hill-im-land-der-weissen-berge\/\" rel=\"bookmark\">\r\n\t\t\t<h2 class=\"entry-title\">Im Land der wei\u00dfen Berge.<\/h2>\r\n\t\t\t<p class=\"entry-excerpt\">Jasper Hill macht sichtbar, was ein Jahrhundert Kalibergbau hinterlassen hat. Zwischen Ern\u00e4hrungssicherheit und Umweltbelastung steht eine Industrie vor ihrem Wendepunkt.<\/p>\r\n\t\t<\/a>\r\n\r\n\t<\/header><!-- .entry-header -->\r\n\r\n\t<figure class=\"post__image\">\r\n\t\t<a href=\"https:\/\/visualjournalism.de\/en\/magazine\/ausgezeichnet\/jasper-hill-im-land-der-weissen-berge\/\" rel=\"bookmark\">\r\n\t\t\t<img loading=\"lazy\" decoding=\"async\" width=\"350\" height=\"280\" src=\"https:\/\/visualjournalism.de\/wp-content\/uploads\/2026\/01\/5JasperHill_ImLandderweissenBerge-6-350x280.jpeg\" class=\"attachment-post-image--two-column--small size-post-image--two-column--small\" alt=\"\" srcset=\"https:\/\/visualjournalism.de\/wp-content\/uploads\/2026\/01\/5JasperHill_ImLandderweissenBerge-6-350x280.jpeg 350w, https:\/\/visualjournalism.de\/wp-content\/uploads\/2026\/01\/5JasperHill_ImLandderweissenBerge-6-300x240.jpeg 300w, https:\/\/visualjournalism.de\/wp-content\/uploads\/2026\/01\/5JasperHill_ImLandderweissenBerge-6-1024x819.jpeg 1024w, https:\/\/visualjournalism.de\/wp-content\/uploads\/2026\/01\/5JasperHill_ImLandderweissenBerge-6-768x614.jpeg 768w, https:\/\/visualjournalism.de\/wp-content\/uploads\/2026\/01\/5JasperHill_ImLandderweissenBerge-6-1536x1229.jpeg 1536w, https:\/\/visualjournalism.de\/wp-content\/uploads\/2026\/01\/5JasperHill_ImLandderweissenBerge-6-2048x1638.jpeg 2048w, https:\/\/visualjournalism.de\/wp-content\/uploads\/2026\/01\/5JasperHill_ImLandderweissenBerge-6-1920x1536.jpeg 1920w, https:\/\/visualjournalism.de\/wp-content\/uploads\/2026\/01\/5JasperHill_ImLandderweissenBerge-6-1400x1120.jpeg 1400w, https:\/\/visualjournalism.de\/wp-content\/uploads\/2026\/01\/5JasperHill_ImLandderweissenBerge-6-1050x840.jpeg 1050w, https:\/\/visualjournalism.de\/wp-content\/uploads\/2026\/01\/5JasperHill_ImLandderweissenBerge-6-670x536.jpeg 670w, https:\/\/visualjournalism.de\/wp-content\/uploads\/2026\/01\/5JasperHill_ImLandderweissenBerge-6-420x336.jpeg 420w, https:\/\/visualjournalism.de\/wp-content\/uploads\/2026\/01\/5JasperHill_ImLandderweissenBerge-6-150x120.jpeg 150w\" sizes=\"auto, (max-width: 350px) 100vw, 350px\" \/>\t\t<\/a>\r\n\t<\/figure><!-- .post__image -->\r\n\r\n<\/article>\r\n\r\n<article class=\"post-teaser post-68111 magazin type-magazin status-publish has-post-thumbnail hentry magazinkategorie-ausgezeichnet\">\r\n\t<header class=\"entry-header\">\r\n\r\n\t\t<div class=\"entry-categories\">\n\t<a class=\"post__tag\" href=\"https:\/\/visualjournalism.de\/magazin-kategorie\/ausgezeichnet\/\" rel=\"category tag\">Ausgezeichnet<\/a><\/div>\r\n\t\t<a href=\"https:\/\/visualjournalism.de\/en\/magazine\/ausgezeichnet\/markus-heft-fuer-uns-getraeumt\/\" rel=\"bookmark\">\r\n\t\t\t<h2 class=\"entry-title\">F\u00fcr uns getr\u00e4umt.<\/h2>\r\n\t\t\t<p class=\"entry-excerpt\">Markus Heft portr\u00e4tiert \u00e4ltere queere Menschen in Deutschland. Seit 2022 entstehen kollaborativ intime Portraits, erg\u00e4nzt durch Stillleben und Orte. Das Projekt bewahrt queere Geschichte und macht doppelte Marginalisierung im Alter sichtbar.<\/p>\r\n\t\t<\/a>\r\n\r\n\t<\/header><!-- .entry-header -->\r\n\r\n\t<figure class=\"post__image\">\r\n\t\t<a href=\"https:\/\/visualjournalism.de\/en\/magazine\/ausgezeichnet\/markus-heft-fuer-uns-getraeumt\/\" rel=\"bookmark\">\r\n\t\t\t<img loading=\"lazy\" decoding=\"async\" width=\"350\" height=\"280\" src=\"https:\/\/visualjournalism.de\/wp-content\/uploads\/2026\/01\/Fuer-uns-getraeumt-6-350x280.jpg\" class=\"attachment-post-image--two-column--small size-post-image--two-column--small\" alt=\"\" srcset=\"https:\/\/visualjournalism.de\/wp-content\/uploads\/2026\/01\/Fuer-uns-getraeumt-6-350x280.jpg 350w, https:\/\/visualjournalism.de\/wp-content\/uploads\/2026\/01\/Fuer-uns-getraeumt-6-300x240.jpg 300w, https:\/\/visualjournalism.de\/wp-content\/uploads\/2026\/01\/Fuer-uns-getraeumt-6-1024x819.jpg 1024w, https:\/\/visualjournalism.de\/wp-content\/uploads\/2026\/01\/Fuer-uns-getraeumt-6-768x614.jpg 768w, https:\/\/visualjournalism.de\/wp-content\/uploads\/2026\/01\/Fuer-uns-getraeumt-6-1536x1229.jpg 1536w, https:\/\/visualjournalism.de\/wp-content\/uploads\/2026\/01\/Fuer-uns-getraeumt-6-2048x1638.jpg 2048w, https:\/\/visualjournalism.de\/wp-content\/uploads\/2026\/01\/Fuer-uns-getraeumt-6-1920x1536.jpg 1920w, https:\/\/visualjournalism.de\/wp-content\/uploads\/2026\/01\/Fuer-uns-getraeumt-6-1400x1120.jpg 1400w, https:\/\/visualjournalism.de\/wp-content\/uploads\/2026\/01\/Fuer-uns-getraeumt-6-1050x840.jpg 1050w, https:\/\/visualjournalism.de\/wp-content\/uploads\/2026\/01\/Fuer-uns-getraeumt-6-670x536.jpg 670w, https:\/\/visualjournalism.de\/wp-content\/uploads\/2026\/01\/Fuer-uns-getraeumt-6-420x336.jpg 420w, https:\/\/visualjournalism.de\/wp-content\/uploads\/2026\/01\/Fuer-uns-getraeumt-6-150x120.jpg 150w\" sizes=\"auto, (max-width: 350px) 100vw, 350px\" \/>\t\t<\/a>\r\n\t<\/figure><!-- .post__image -->\r\n\r\n<\/article>\r\n\n<\/div><!-- .2-columns-teaser-->\n\n    <\/div>\n\n\n\n<div class=\"wp-block-group has-spacing--none has-color-3-background-color has-background has-spacing--none\">\n    <nav id=\"section-navigation-block_6da889421c63e6a720b2cbe4669d22a6\" class=\"section-navigation has-spacing--m\">\n        <ul>\n\n                \n                    <li>Contact<\/li>\n                \n            \n            \n                        \n                        \n\n            \n\n        <\/ul>\n        \n    <\/nav>\n\n\n\n<div class=\"pinned-block has-spacing--m\">\n\t\n\n<div class=\"pinned-block__column--left\">\n    \n\n \n\n    <div id=\"lead-in-block_780a1a3a42d4f7c04e281590afa9529b\" class=\"block-lead-in typo--soehne font-size--xl has-spacing--m width--full\">\n        <p><strong>Your contact partners<\/strong> will be happy to assist you with your personal concerns. However, due to the large number of enquiries, we ask you to first check our FAQ to see if your question may already have been answered.<\/p>\n    <\/div>\n\n\n\n\n    <div class=\"btn-wrapper alignleft has-spacing--m\">\n        <a class=\"btn\" href=\"https:\/\/visualjournalism.de\/faq\/\" target=\"_blank\">FAQ<\/a>\n    <\/div>\n\n\n<\/div>\n\n\n<div class=\"pinned-block__column--right\">\n    \n    \n    <div class=\"infocard has-spacing--m\">\n\n    \n        <div class=\"info-item--full\">\n            <p>\n                <span class=\"info-item__headline\">Dean of Studies, Design and Media department<\/span>\n            <\/p>\n            \n            <div class=\"info-item__content\">\n                <p>\n                    <span class=\"info-item__text\"><a href=\"https:\/\/visualjournalism.de\/karen-fromm\/\">Prof. Dr. Karen Fromm<\/a><\/span>\n                    <span class=\"info-item__text--small\">\n                        <span><a href=\"mailto:karen.fromm@hs-hannover.de\">E-Mail schreiben<\/a><\/span><span><a href=\"tel:+49 511 9296 8538\">+49 511 9296 8538<\/a><\/span>                    <\/span>\n                <\/p>\n\n                <figure class=\"info-item__image\">\n\n                    <a href=\"https:\/\/visualjournalism.de\/karen-fromm\/\"><img loading=\"lazy\" decoding=\"async\" width=\"52\" height=\"52\" src=\"https:\/\/visualjournalism.de\/wp-content\/uploads\/Prof_Dr_Karen_Fromm_thumb-1-52x52.jpg\" class=\"attachment-image-portrait size-image-portrait\" alt=\"\" srcset=\"https:\/\/visualjournalism.de\/wp-content\/uploads\/Prof_Dr_Karen_Fromm_thumb-1-52x52.jpg 52w, https:\/\/visualjournalism.de\/wp-content\/uploads\/Prof_Dr_Karen_Fromm_thumb-1.jpg 100w\" sizes=\"auto, (max-width: 52px) 100vw, 52px\" \/><\/a>                <\/figure>\n                \n            <\/div><!-- .info-item__content -->\n            \n        <\/div><!-- .info-item--full -->\n\n\n        <div class=\"info-item--full\">\n            <p>\n                <span class=\"info-item__headline\">Programme representative<\/span>\n            <\/p>\n            \n            <div class=\"info-item__content\">\n                <p>\n                    <span class=\"info-item__text\"><a href=\"https:\/\/visualjournalism.de\/michael-hauri\/\">Prof. Michael Hauri<\/a><\/span>\n                    <span class=\"info-item__text--small\">\n                        <span><a href=\"mailto:michael.hauri@hs-hannover.de\">E-Mail schreiben<\/a><\/span><span><a href=\"tel:+49 511 9296 8241\">+49 511 9296 8241<\/a><\/span>                    <\/span>\n                <\/p>\n\n                <figure class=\"info-item__image\">\n\n                    <a href=\"https:\/\/visualjournalism.de\/michael-hauri\/\"><img loading=\"lazy\" decoding=\"async\" width=\"52\" height=\"52\" src=\"https:\/\/visualjournalism.de\/wp-content\/uploads\/Michael-Hauri-thumb-1-52x52.jpg\" class=\"attachment-image-portrait size-image-portrait\" alt=\"\" srcset=\"https:\/\/visualjournalism.de\/wp-content\/uploads\/Michael-Hauri-thumb-1-52x52.jpg 52w, https:\/\/visualjournalism.de\/wp-content\/uploads\/Michael-Hauri-thumb-1-68x68.jpg 68w, https:\/\/visualjournalism.de\/wp-content\/uploads\/Michael-Hauri-thumb-1-96x96.jpg 96w, https:\/\/visualjournalism.de\/wp-content\/uploads\/Michael-Hauri-thumb-1.jpg 100w\" sizes=\"auto, (max-width: 52px) 100vw, 52px\" \/><\/a>                <\/figure>\n                \n            <\/div><!-- .info-item__content -->\n            \n        <\/div><!-- .info-item--full -->\n\n\n        <div class=\"info-item--full\">\n            <p>\n                <span class=\"info-item__headline\">Application and admission procedure<\/span>\n            <\/p>\n            \n            <div class=\"info-item__content\">\n                <p>\n                    <span class=\"info-item__text\"><a href=\"https:\/\/visualjournalism.de\/lars-bauernschmitt\/\">Prof. Lars Bauernschmitt<\/a><\/span>\n                    <span class=\"info-item__text--small\">\n                        <span><a href=\"mailto:lars.bauernschmitt@hs-hannover.de\">E-Mail schreiben<\/a><\/span><span><a href=\"tel:+49 511 9296 2467\">+49 511 9296 2467<\/a><\/span>                    <\/span>\n                <\/p>\n\n                <figure class=\"info-item__image\">\n\n                    <a href=\"https:\/\/visualjournalism.de\/lars-bauernschmitt\/\"><img loading=\"lazy\" decoding=\"async\" width=\"52\" height=\"52\" src=\"https:\/\/visualjournalism.de\/wp-content\/uploads\/prof_lars_bauernschmitt_thumb-1-52x52.jpg\" class=\"attachment-image-portrait size-image-portrait\" alt=\"\" srcset=\"https:\/\/visualjournalism.de\/wp-content\/uploads\/prof_lars_bauernschmitt_thumb-1-52x52.jpg 52w, https:\/\/visualjournalism.de\/wp-content\/uploads\/prof_lars_bauernschmitt_thumb-1.jpg 100w\" sizes=\"auto, (max-width: 52px) 100vw, 52px\" \/><\/a>                <\/figure>\n                \n            <\/div><!-- .info-item__content -->\n            \n        <\/div><!-- .info-item--full -->\n\n \n    <\/div>\n\n\n\n<p class=\"post__paragraph is-style-typo--soehne has-spacing--m has-spacing--default\">Hochschule Hannover<br>Faculty III &#8211; Media, Information and Design<br>Expo Plaza 2<br>D-30539 Hanover<\/p>\n\n\n\n    <div class=\"btn-wrapper has-spacing--m\">\n        <a class=\"btn\" href=\"https:\/\/www.hs-hannover.de\" target=\"_blank\">HS-HANNOVER.DE<\/a>\n    <\/div>\n\n\n<\/div>\n<\/div><\/div>\n","protected":false},"author":3,"featured_media":5963,"template":"","tags":[],"magazinkategorie":[160],"class_list":["post-9848","magazin","type-magazin","status-publish","has-post-thumbnail","hentry","magazinkategorie-awarded"],"acf":[],"yoast_head":"<!-- This site is optimized with the Yoast SEO Premium plugin v27.3 (Yoast SEO v27.3) - https:\/\/yoast.com\/product\/yoast-seo-premium-wordpress\/ -->\n<title>Shirin Abedi, photographer, documents a ballet group in Iran<\/title>\n<meta name=\"description\" content=\"The graduate from Hochschule Hannover followed members of the Teheran-based group \u201cAlternative Motion\u201d for several weeks with her camera.\" \/>\n<meta name=\"robots\" content=\"index, follow, max-snippet:-1, max-image-preview:large, max-video-preview:-1\" \/>\n<link rel=\"canonical\" href=\"https:\/\/visualjournalism.de\/en\/magazine\/awarded\/shirin-abedi\/\" \/>\n<meta property=\"og:locale\" content=\"en_US\" \/>\n<meta property=\"og:type\" content=\"article\" \/>\n<meta property=\"og:title\" content=\"Shirin Abedi\" \/>\n<meta property=\"og:description\" content=\"The graduate from Hochschule Hannover followed members of the Teheran-based group \u201cAlternative Motion\u201d for several weeks with her camera.\" \/>\n<meta property=\"og:url\" content=\"https:\/\/visualjournalism.de\/en\/magazine\/awarded\/shirin-abedi\/\" \/>\n<meta property=\"og:site_name\" content=\"Visual Journalism and Documentary Photography\" \/>\n<meta property=\"article:publisher\" content=\"https:\/\/www.facebook.com\/people\/wwwfotostudentende\/100065173703897\/\" \/>\n<meta property=\"article:modified_time\" content=\"2023-07-19T14:00:39+00:00\" \/>\n<meta property=\"og:image\" content=\"https:\/\/visualjournalism.de\/wp-content\/uploads\/Abedi_14_Dance-1.jpg\" \/>\n\t<meta property=\"og:image:width\" content=\"2000\" \/>\n\t<meta property=\"og:image:height\" content=\"1333\" \/>\n\t<meta property=\"og:image:type\" content=\"image\/jpeg\" \/>\n<meta name=\"twitter:card\" content=\"summary_large_image\" \/>\n<meta name=\"twitter:site\" content=\"@HsHannover\" \/>\n<meta name=\"twitter:label1\" content=\"Est. reading time\" \/>\n\t<meta name=\"twitter:data1\" content=\"1 minute\" \/>\n<script type=\"application\/ld+json\" class=\"yoast-schema-graph\">{\"@context\":\"https:\\\/\\\/schema.org\",\"@graph\":[{\"@type\":\"WebPage\",\"@id\":\"https:\\\/\\\/visualjournalism.de\\\/en\\\/magazine\\\/awarded\\\/shirin-abedi\\\/\",\"url\":\"https:\\\/\\\/visualjournalism.de\\\/en\\\/magazine\\\/awarded\\\/shirin-abedi\\\/\",\"name\":\"Shirin Abedi, photographer, documents a ballet group in Iran\",\"isPartOf\":{\"@id\":\"https:\\\/\\\/visualjournalism.de\\\/en\\\/#website\"},\"primaryImageOfPage\":{\"@id\":\"https:\\\/\\\/visualjournalism.de\\\/en\\\/magazine\\\/awarded\\\/shirin-abedi\\\/#primaryimage\"},\"image\":{\"@id\":\"https:\\\/\\\/visualjournalism.de\\\/en\\\/magazine\\\/awarded\\\/shirin-abedi\\\/#primaryimage\"},\"thumbnailUrl\":\"https:\\\/\\\/visualjournalism.de\\\/wp-content\\\/uploads\\\/Abedi_14_Dance-1.jpg\",\"datePublished\":\"2023-02-28T15:34:26+00:00\",\"dateModified\":\"2023-07-19T14:00:39+00:00\",\"description\":\"The graduate from Hochschule Hannover followed members of the Teheran-based group \u201cAlternative Motion\u201d for several weeks with her camera.\",\"breadcrumb\":{\"@id\":\"https:\\\/\\\/visualjournalism.de\\\/en\\\/magazine\\\/awarded\\\/shirin-abedi\\\/#breadcrumb\"},\"inLanguage\":\"en-US\",\"potentialAction\":[{\"@type\":\"ReadAction\",\"target\":[\"https:\\\/\\\/visualjournalism.de\\\/en\\\/magazine\\\/awarded\\\/shirin-abedi\\\/\"]}]},{\"@type\":\"ImageObject\",\"inLanguage\":\"en-US\",\"@id\":\"https:\\\/\\\/visualjournalism.de\\\/en\\\/magazine\\\/awarded\\\/shirin-abedi\\\/#primaryimage\",\"url\":\"https:\\\/\\\/visualjournalism.de\\\/wp-content\\\/uploads\\\/Abedi_14_Dance-1.jpg\",\"contentUrl\":\"https:\\\/\\\/visualjournalism.de\\\/wp-content\\\/uploads\\\/Abedi_14_Dance-1.jpg\",\"width\":2000,\"height\":1333},{\"@type\":\"BreadcrumbList\",\"@id\":\"https:\\\/\\\/visualjournalism.de\\\/en\\\/magazine\\\/awarded\\\/shirin-abedi\\\/#breadcrumb\",\"itemListElement\":[{\"@type\":\"ListItem\",\"position\":1,\"name\":\"Home\",\"item\":\"https:\\\/\\\/visualjournalism.de\\\/en\\\/\"},{\"@type\":\"ListItem\",\"position\":2,\"name\":\"Magazin\",\"item\":\"https:\\\/\\\/visualjournalism.de\\\/en\\\/magazine\\\/\"},{\"@type\":\"ListItem\",\"position\":3,\"name\":\"Shirin Abedi\"}]},{\"@type\":\"WebSite\",\"@id\":\"https:\\\/\\\/visualjournalism.de\\\/en\\\/#website\",\"url\":\"https:\\\/\\\/visualjournalism.de\\\/en\\\/\",\"name\":\"Visual Journalism and Documentary Photography\",\"description\":\"All about the bilingual bachelor&#039;s program at Hannover University of Applied Sciences and Arts.\",\"publisher\":{\"@id\":\"https:\\\/\\\/visualjournalism.de\\\/en\\\/#organization\"},\"alternateName\":\"visualjournalism.de\",\"potentialAction\":[{\"@type\":\"SearchAction\",\"target\":{\"@type\":\"EntryPoint\",\"urlTemplate\":\"https:\\\/\\\/visualjournalism.de\\\/en\\\/?s={search_term_string}\"},\"query-input\":{\"@type\":\"PropertyValueSpecification\",\"valueRequired\":true,\"valueName\":\"search_term_string\"}}],\"inLanguage\":\"en-US\"},{\"@type\":\"Organization\",\"@id\":\"https:\\\/\\\/visualjournalism.de\\\/en\\\/#organization\",\"name\":\"Hochschule Hannover \u2013 University of Applied Sciences and Arts\",\"alternateName\":\"HsH\",\"url\":\"https:\\\/\\\/visualjournalism.de\\\/en\\\/\",\"logo\":{\"@type\":\"ImageObject\",\"inLanguage\":\"en-US\",\"@id\":\"https:\\\/\\\/visualjournalism.de\\\/en\\\/#\\\/schema\\\/logo\\\/image\\\/\",\"url\":\"https:\\\/\\\/visualjournalism.de\\\/wp-content\\\/uploads\\\/logo-hochschule-hannover.png\",\"contentUrl\":\"https:\\\/\\\/visualjournalism.de\\\/wp-content\\\/uploads\\\/logo-hochschule-hannover.png\",\"width\":363,\"height\":270,\"caption\":\"Hochschule Hannover \u2013 University of Applied Sciences and Arts\"},\"image\":{\"@id\":\"https:\\\/\\\/visualjournalism.de\\\/en\\\/#\\\/schema\\\/logo\\\/image\\\/\"},\"sameAs\":[\"https:\\\/\\\/www.facebook.com\\\/people\\\/wwwfotostudentende\\\/100065173703897\\\/\",\"https:\\\/\\\/x.com\\\/HsHannover\",\"https:\\\/\\\/www.instagram.com\\\/visualjournalism.de\\\/\"]}]}<\/script>\n<!-- \/ Yoast SEO Premium plugin. -->","yoast_head_json":{"title":"Shirin Abedi, photographer, documents a ballet group in Iran","description":"The graduate from Hochschule Hannover followed members of the Teheran-based group \u201cAlternative Motion\u201d for several weeks with her camera.","robots":{"index":"index","follow":"follow","max-snippet":"max-snippet:-1","max-image-preview":"max-image-preview:large","max-video-preview":"max-video-preview:-1"},"canonical":"https:\/\/visualjournalism.de\/en\/magazine\/awarded\/shirin-abedi\/","og_locale":"en_US","og_type":"article","og_title":"Shirin Abedi","og_description":"The graduate from Hochschule Hannover followed members of the Teheran-based group \u201cAlternative Motion\u201d for several weeks with her camera.","og_url":"https:\/\/visualjournalism.de\/en\/magazine\/awarded\/shirin-abedi\/","og_site_name":"Visual Journalism and Documentary Photography","article_publisher":"https:\/\/www.facebook.com\/people\/wwwfotostudentende\/100065173703897\/","article_modified_time":"2023-07-19T14:00:39+00:00","og_image":[{"width":2000,"height":1333,"url":"https:\/\/visualjournalism.de\/wp-content\/uploads\/Abedi_14_Dance-1.jpg","type":"image\/jpeg"}],"twitter_card":"summary_large_image","twitter_site":"@HsHannover","twitter_misc":{"Est. reading time":"1 minute"},"schema":{"@context":"https:\/\/schema.org","@graph":[{"@type":"WebPage","@id":"https:\/\/visualjournalism.de\/en\/magazine\/awarded\/shirin-abedi\/","url":"https:\/\/visualjournalism.de\/en\/magazine\/awarded\/shirin-abedi\/","name":"Shirin Abedi, photographer, documents a ballet group in Iran","isPartOf":{"@id":"https:\/\/visualjournalism.de\/en\/#website"},"primaryImageOfPage":{"@id":"https:\/\/visualjournalism.de\/en\/magazine\/awarded\/shirin-abedi\/#primaryimage"},"image":{"@id":"https:\/\/visualjournalism.de\/en\/magazine\/awarded\/shirin-abedi\/#primaryimage"},"thumbnailUrl":"https:\/\/visualjournalism.de\/wp-content\/uploads\/Abedi_14_Dance-1.jpg","datePublished":"2023-02-28T15:34:26+00:00","dateModified":"2023-07-19T14:00:39+00:00","description":"The graduate from Hochschule Hannover followed members of the Teheran-based group \u201cAlternative Motion\u201d for several weeks with her camera.","breadcrumb":{"@id":"https:\/\/visualjournalism.de\/en\/magazine\/awarded\/shirin-abedi\/#breadcrumb"},"inLanguage":"en-US","potentialAction":[{"@type":"ReadAction","target":["https:\/\/visualjournalism.de\/en\/magazine\/awarded\/shirin-abedi\/"]}]},{"@type":"ImageObject","inLanguage":"en-US","@id":"https:\/\/visualjournalism.de\/en\/magazine\/awarded\/shirin-abedi\/#primaryimage","url":"https:\/\/visualjournalism.de\/wp-content\/uploads\/Abedi_14_Dance-1.jpg","contentUrl":"https:\/\/visualjournalism.de\/wp-content\/uploads\/Abedi_14_Dance-1.jpg","width":2000,"height":1333},{"@type":"BreadcrumbList","@id":"https:\/\/visualjournalism.de\/en\/magazine\/awarded\/shirin-abedi\/#breadcrumb","itemListElement":[{"@type":"ListItem","position":1,"name":"Home","item":"https:\/\/visualjournalism.de\/en\/"},{"@type":"ListItem","position":2,"name":"Magazin","item":"https:\/\/visualjournalism.de\/en\/magazine\/"},{"@type":"ListItem","position":3,"name":"Shirin Abedi"}]},{"@type":"WebSite","@id":"https:\/\/visualjournalism.de\/en\/#website","url":"https:\/\/visualjournalism.de\/en\/","name":"Visual Journalism and Documentary Photography","description":"All about the bilingual bachelor&#039;s program at Hannover University of Applied Sciences and Arts.","publisher":{"@id":"https:\/\/visualjournalism.de\/en\/#organization"},"alternateName":"visualjournalism.de","potentialAction":[{"@type":"SearchAction","target":{"@type":"EntryPoint","urlTemplate":"https:\/\/visualjournalism.de\/en\/?s={search_term_string}"},"query-input":{"@type":"PropertyValueSpecification","valueRequired":true,"valueName":"search_term_string"}}],"inLanguage":"en-US"},{"@type":"Organization","@id":"https:\/\/visualjournalism.de\/en\/#organization","name":"Hochschule Hannover \u2013 University of Applied Sciences and Arts","alternateName":"HsH","url":"https:\/\/visualjournalism.de\/en\/","logo":{"@type":"ImageObject","inLanguage":"en-US","@id":"https:\/\/visualjournalism.de\/en\/#\/schema\/logo\/image\/","url":"https:\/\/visualjournalism.de\/wp-content\/uploads\/logo-hochschule-hannover.png","contentUrl":"https:\/\/visualjournalism.de\/wp-content\/uploads\/logo-hochschule-hannover.png","width":363,"height":270,"caption":"Hochschule Hannover \u2013 University of Applied Sciences and Arts"},"image":{"@id":"https:\/\/visualjournalism.de\/en\/#\/schema\/logo\/image\/"},"sameAs":["https:\/\/www.facebook.com\/people\/wwwfotostudentende\/100065173703897\/","https:\/\/x.com\/HsHannover","https:\/\/www.instagram.com\/visualjournalism.de\/"]}]}},"_links":{"self":[{"href":"https:\/\/visualjournalism.de\/en\/wp-json\/wp\/v2\/magazin\/9848","targetHints":{"allow":["GET"]}}],"collection":[{"href":"https:\/\/visualjournalism.de\/en\/wp-json\/wp\/v2\/magazin"}],"about":[{"href":"https:\/\/visualjournalism.de\/en\/wp-json\/wp\/v2\/types\/magazin"}],"author":[{"embeddable":true,"href":"https:\/\/visualjournalism.de\/en\/wp-json\/wp\/v2\/users\/3"}],"version-history":[{"count":0,"href":"https:\/\/visualjournalism.de\/en\/wp-json\/wp\/v2\/magazin\/9848\/revisions"}],"wp:featuredmedia":[{"embeddable":true,"href":"https:\/\/visualjournalism.de\/en\/wp-json\/wp\/v2\/media\/5963"}],"wp:attachment":[{"href":"https:\/\/visualjournalism.de\/en\/wp-json\/wp\/v2\/media?parent=9848"}],"wp:term":[{"taxonomy":"post_tag","embeddable":true,"href":"https:\/\/visualjournalism.de\/en\/wp-json\/wp\/v2\/tags?post=9848"},{"taxonomy":"magazinkategorie","embeddable":true,"href":"https:\/\/visualjournalism.de\/en\/wp-json\/wp\/v2\/magazinkategorie?post=9848"}],"curies":[{"name":"wp","href":"https:\/\/api.w.org\/{rel}","templated":true}]}}