{"id":19075,"date":"2023-05-31T14:23:20","date_gmt":"2023-05-31T14:23:20","guid":{"rendered":"https:\/\/visualjournalism.de\/?page_id=19075"},"modified":"2024-10-17T11:32:39","modified_gmt":"2024-10-17T11:32:39","slug":"michael-hinz","status":"publish","type":"page","link":"https:\/\/visualjournalism.de\/en\/michael-hinz\/","title":{"rendered":"Michael Hinz"},"content":{"rendered":"\n \n\n    <div id=\"lead-in-block_4a043edb2a6d24e797889b3a350653e5\" class=\"block-lead-in typo--default font-size--xl has-spacing--m width--default\">\n        <h1>Michael Hinz<\/h1>\n    <\/div>\n\n\n\n\n<div class=\"pinned-block has-spacing--s\">\n\t\n\n<div class=\"pinned-block__column--left\">\n    \n    <figure class=\"block-photo post__image--full has-spacing--xs no-title\">\n\n        <div class=\"post__image__container\">\n            <img loading=\"lazy\" decoding=\"async\" \n                src=\"https:\/\/visualjournalism.de\/wp-content\/uploads\/Michael_Hinz_SW-1400x933.jpg\"\n                srcset=\"https:\/\/visualjournalism.de\/wp-content\/uploads\/Michael_Hinz_SW-1400x933.jpg 1400w, https:\/\/visualjournalism.de\/wp-content\/uploads\/Michael_Hinz_SW-300x200.jpg 300w, https:\/\/visualjournalism.de\/wp-content\/uploads\/Michael_Hinz_SW-1024x683.jpg 1024w, https:\/\/visualjournalism.de\/wp-content\/uploads\/Michael_Hinz_SW-768x512.jpg 768w, https:\/\/visualjournalism.de\/wp-content\/uploads\/Michael_Hinz_SW-1536x1024.jpg 1536w, https:\/\/visualjournalism.de\/wp-content\/uploads\/Michael_Hinz_SW-2048x1365.jpg 2048w, https:\/\/visualjournalism.de\/wp-content\/uploads\/Michael_Hinz_SW-1920x1280.jpg 1920w, https:\/\/visualjournalism.de\/wp-content\/uploads\/Michael_Hinz_SW-1050x700.jpg 1050w, https:\/\/visualjournalism.de\/wp-content\/uploads\/Michael_Hinz_SW-670x447.jpg 670w, https:\/\/visualjournalism.de\/wp-content\/uploads\/Michael_Hinz_SW-420x280.jpg 420w, https:\/\/visualjournalism.de\/wp-content\/uploads\/Michael_Hinz_SW-350x233.jpg 350w, https:\/\/visualjournalism.de\/wp-content\/uploads\/Michael_Hinz_SW-150x100.jpg 150w\"\n                width=\"1400\" \n                height=\"933\"\n                alt=\"\" \n            \/>\n            \n                    <\/div><!-- post__image__container -->\n\n        \n    <\/figure><!-- post__image -->\n\n\n\n<\/div>\n\n\n<div class=\"pinned-block__column--right\">\n    \n\n<p class=\"post__paragraph is-style-typo--soehne has-spacing--default\"><strong>Michael Hinz<\/strong> begann im Jahr 2013 autodidaktisch das Fotografieren zu erlernen. In den folgenden Jahren assistierte er verschiedenen Fotografen in ganz Deutschland, arbeitete als freiberuflicher Fotojournalist f\u00fcr das Wiesbadener Rathaus sowie unabh\u00e4ngig als selbstst\u00e4ndiger Fotograf. Sein <a href=\"https:\/\/visualjournalism.de\/studieren\/\" target=\"_blank\" rel=\"noreferrer noopener\">Studium an der Hochschule Hannover<\/a> begann er 2020.<\/p>\n\n\n\n<p class=\"post__paragraph is-style-typo--soehne has-spacing--default\">W\u00e4hrend seines Studiums widmete er sich haupts\u00e4chlich freien sozialdokumentarischen Themen wie Depression, Stra\u00dfenkriminalit\u00e4t und dem Fetale Alkoholsyndrom (FAS) bei Kindern. Seine Fotos f\u00fcr den Report &#8220;Derek&#8221; schafften es im Jahr 2021 unter die Top 12 Berichte des Jahres und wurden sowohl in der S\u00fcddeutschen Zeitung als auch in der Anthologie des \u00abHansel-Mieth-Preises\u00bb ver\u00f6ffentlicht.<\/p>\n\n\n\n<p class=\"post__paragraph is-style-typo--soehne has-spacing--default\">Neben seinem Studium arbeitet er f\u00fcr Kunden wie FAZ, SZ, FPS-Law, Formaxx AG, Definet, Allgeier Experts und die Ballettschule Wiesbaden.<\/p>\n\n\n\n<p class=\"post__paragraph is-style-typo--soehne has-spacing--default\"><br><br><strong>Kontakt<\/strong><br>+49 177 1730974<br><a href=\"mailto:info.michaelhinz@gmail.com\">info.michaelhinz@gmail.com<\/a><br><\/p>\n\n\n<\/div>\n<\/div>\n\n\n<div class=\"devider has-spacing--none\">\n    <hr>\n<\/div>\n\n\n \n\n    <div id=\"lead-in-block_72139b2fe915f0273a73684075f9055a\" class=\"block-lead-in typo--default font-size--default has-spacing--xs width--default\">\n        <h2>Michaels Beitr\u00e4ge:<\/h2>\n    <\/div>\n\n\n\n\r\n<article class=\"post-teaser teaser-single--full has-spacing--m post-19027 magazin type-magazin status-publish has-post-thumbnail hentry tag-randgebiet magazinkategorie-randgebiet\">\r\n\t<header class=\"entry-header\">\r\n\r\n\t\t<div class=\"entry-categories\">\n\t<a class=\"post__tag\" href=\"https:\/\/visualjournalism.de\/magazin-kategorie\/randgebiet\/\" rel=\"category tag\">Randgebiet<\/a><\/div>\r\n\t\t<a href=\"https:\/\/visualjournalism.de\/en\/magazine\/randgebiet\/im-kofferraum-in-den-westen\/\" rel=\"bookmark\">\r\n\t\t\t<h2 class=\"entry-title\">Im Kofferraum in den Westen.<\/h2>\r\n\t\t\t<p class=\"entry-excerpt\">F\u00fcr viele nur eine Schulstunde, f\u00fcr Veronika Schneider eine lebenspr\u00e4gende Realit\u00e4t. Die Geschichte einer Frau, deren Flucht vor der Diktatur auch im Westen weiterging.<\/p>\r\n\t\t<\/a>\r\n\r\n\t<\/header><!-- .entry-header -->\r\n\r\n\t<figure class=\"post__image\">\r\n\t\t<a href=\"https:\/\/visualjournalism.de\/en\/magazine\/randgebiet\/im-kofferraum-in-den-westen\/\" rel=\"bookmark\">\r\n\t\t\t\n<div class=\"splide\">\n    <div class=\"splide__track\">\n\n        <div class=\"splide__list\">\n\n                    \n\n                    <div class=\"splide__slide\">\n\n                        <img loading=\"lazy\" decoding=\"async\"  \n                            src=\"https:\/\/visualjournalism.de\/wp-content\/uploads\/Michael-Hinz-TtIC-16-1400x934.jpeg\" \n                            srcset=\"https:\/\/visualjournalism.de\/wp-content\/uploads\/Michael-Hinz-TtIC-16-1400x934.jpeg 1400w, https:\/\/visualjournalism.de\/wp-content\/uploads\/Michael-Hinz-TtIC-16-300x200.jpeg 300w, https:\/\/visualjournalism.de\/wp-content\/uploads\/Michael-Hinz-TtIC-16-1024x683.jpeg 1024w, https:\/\/visualjournalism.de\/wp-content\/uploads\/Michael-Hinz-TtIC-16-768x512.jpeg 768w, https:\/\/visualjournalism.de\/wp-content\/uploads\/Michael-Hinz-TtIC-16-1536x1024.jpeg 1536w, https:\/\/visualjournalism.de\/wp-content\/uploads\/Michael-Hinz-TtIC-16-1050x700.jpeg 1050w, https:\/\/visualjournalism.de\/wp-content\/uploads\/Michael-Hinz-TtIC-16-670x447.jpeg 670w, https:\/\/visualjournalism.de\/wp-content\/uploads\/Michael-Hinz-TtIC-16-420x280.jpeg 420w, https:\/\/visualjournalism.de\/wp-content\/uploads\/Michael-Hinz-TtIC-16-350x233.jpeg 350w, https:\/\/visualjournalism.de\/wp-content\/uploads\/Michael-Hinz-TtIC-16-150x100.jpeg 150w, https:\/\/visualjournalism.de\/wp-content\/uploads\/Michael-Hinz-TtIC-16.jpeg 1600w\" \n                            width=\"1400\"  \n                            height=\"934\" \n                            alt=\"SW Portr\u00e4t von \"  \n                        \/>\n\n                    <\/div>\n                \n                        \n\n                    <div class=\"splide__slide\">\n\n                        <img loading=\"lazy\" decoding=\"async\"  \n                            src=\"https:\/\/visualjournalism.de\/wp-content\/uploads\/Michael-Hinz-TtIC-15-1400x932.jpeg\" \n                            srcset=\"https:\/\/visualjournalism.de\/wp-content\/uploads\/Michael-Hinz-TtIC-15-1400x932.jpeg 1400w, https:\/\/visualjournalism.de\/wp-content\/uploads\/Michael-Hinz-TtIC-15-300x200.jpeg 300w, https:\/\/visualjournalism.de\/wp-content\/uploads\/Michael-Hinz-TtIC-15-1024x682.jpeg 1024w, https:\/\/visualjournalism.de\/wp-content\/uploads\/Michael-Hinz-TtIC-15-768x511.jpeg 768w, https:\/\/visualjournalism.de\/wp-content\/uploads\/Michael-Hinz-TtIC-15-1536x1022.jpeg 1536w, https:\/\/visualjournalism.de\/wp-content\/uploads\/Michael-Hinz-TtIC-15-1050x699.jpeg 1050w, https:\/\/visualjournalism.de\/wp-content\/uploads\/Michael-Hinz-TtIC-15-670x446.jpeg 670w, https:\/\/visualjournalism.de\/wp-content\/uploads\/Michael-Hinz-TtIC-15-420x280.jpeg 420w, https:\/\/visualjournalism.de\/wp-content\/uploads\/Michael-Hinz-TtIC-15-350x233.jpeg 350w, https:\/\/visualjournalism.de\/wp-content\/uploads\/Michael-Hinz-TtIC-15-150x100.jpeg 150w, https:\/\/visualjournalism.de\/wp-content\/uploads\/Michael-Hinz-TtIC-15.jpeg 1600w\" \n                            width=\"1400\"  \n                            height=\"932\" \n                            alt=\"\"  \n                        \/>\n\n                    <\/div>\n                \n                        \n\n                    <div class=\"splide__slide\">\n\n                        <img loading=\"lazy\" decoding=\"async\"  \n                            src=\"https:\/\/visualjournalism.de\/wp-content\/uploads\/Michael-Hinz-TtIC-3-1400x934.jpeg\" \n                            srcset=\"https:\/\/visualjournalism.de\/wp-content\/uploads\/Michael-Hinz-TtIC-3-1400x934.jpeg 1400w, https:\/\/visualjournalism.de\/wp-content\/uploads\/Michael-Hinz-TtIC-3-300x200.jpeg 300w, https:\/\/visualjournalism.de\/wp-content\/uploads\/Michael-Hinz-TtIC-3-1024x683.jpeg 1024w, https:\/\/visualjournalism.de\/wp-content\/uploads\/Michael-Hinz-TtIC-3-768x512.jpeg 768w, https:\/\/visualjournalism.de\/wp-content\/uploads\/Michael-Hinz-TtIC-3-1536x1024.jpeg 1536w, https:\/\/visualjournalism.de\/wp-content\/uploads\/Michael-Hinz-TtIC-3-1050x700.jpeg 1050w, https:\/\/visualjournalism.de\/wp-content\/uploads\/Michael-Hinz-TtIC-3-670x447.jpeg 670w, https:\/\/visualjournalism.de\/wp-content\/uploads\/Michael-Hinz-TtIC-3-420x280.jpeg 420w, https:\/\/visualjournalism.de\/wp-content\/uploads\/Michael-Hinz-TtIC-3-350x233.jpeg 350w, https:\/\/visualjournalism.de\/wp-content\/uploads\/Michael-Hinz-TtIC-3-150x100.jpeg 150w, https:\/\/visualjournalism.de\/wp-content\/uploads\/Michael-Hinz-TtIC-3.jpeg 1600w\" \n                            width=\"1400\"  \n                            height=\"934\" \n                            alt=\"\"  \n                        \/>\n\n                    <\/div>\n                \n                        \n\n                    <div class=\"splide__slide\">\n\n                        <img loading=\"lazy\" decoding=\"async\"  \n                            src=\"https:\/\/visualjournalism.de\/wp-content\/uploads\/Michael-Hinz-TtIC-1400x934.jpeg\" \n                            srcset=\"https:\/\/visualjournalism.de\/wp-content\/uploads\/Michael-Hinz-TtIC-1400x934.jpeg 1400w, https:\/\/visualjournalism.de\/wp-content\/uploads\/Michael-Hinz-TtIC-300x200.jpeg 300w, https:\/\/visualjournalism.de\/wp-content\/uploads\/Michael-Hinz-TtIC-1024x683.jpeg 1024w, https:\/\/visualjournalism.de\/wp-content\/uploads\/Michael-Hinz-TtIC-768x512.jpeg 768w, https:\/\/visualjournalism.de\/wp-content\/uploads\/Michael-Hinz-TtIC-1536x1024.jpeg 1536w, https:\/\/visualjournalism.de\/wp-content\/uploads\/Michael-Hinz-TtIC-1050x700.jpeg 1050w, https:\/\/visualjournalism.de\/wp-content\/uploads\/Michael-Hinz-TtIC-670x447.jpeg 670w, https:\/\/visualjournalism.de\/wp-content\/uploads\/Michael-Hinz-TtIC-420x280.jpeg 420w, https:\/\/visualjournalism.de\/wp-content\/uploads\/Michael-Hinz-TtIC-350x233.jpeg 350w, https:\/\/visualjournalism.de\/wp-content\/uploads\/Michael-Hinz-TtIC-150x100.jpeg 150w, https:\/\/visualjournalism.de\/wp-content\/uploads\/Michael-Hinz-TtIC.jpeg 1600w\" \n                            width=\"1400\"  \n                            height=\"934\" \n                            alt=\"\"  \n                        \/>\n\n                    <\/div>\n                \n                        \n\n                    <div class=\"splide__slide\">\n\n                        <img loading=\"lazy\" decoding=\"async\"  \n                            src=\"https:\/\/visualjournalism.de\/wp-content\/uploads\/Michael-Hinz-TtIC-8-1400x934.jpeg\" \n                            srcset=\"https:\/\/visualjournalism.de\/wp-content\/uploads\/Michael-Hinz-TtIC-8-1400x934.jpeg 1400w, https:\/\/visualjournalism.de\/wp-content\/uploads\/Michael-Hinz-TtIC-8-300x200.jpeg 300w, https:\/\/visualjournalism.de\/wp-content\/uploads\/Michael-Hinz-TtIC-8-1024x683.jpeg 1024w, https:\/\/visualjournalism.de\/wp-content\/uploads\/Michael-Hinz-TtIC-8-768x512.jpeg 768w, https:\/\/visualjournalism.de\/wp-content\/uploads\/Michael-Hinz-TtIC-8-1536x1024.jpeg 1536w, https:\/\/visualjournalism.de\/wp-content\/uploads\/Michael-Hinz-TtIC-8-1050x700.jpeg 1050w, https:\/\/visualjournalism.de\/wp-content\/uploads\/Michael-Hinz-TtIC-8-670x447.jpeg 670w, https:\/\/visualjournalism.de\/wp-content\/uploads\/Michael-Hinz-TtIC-8-420x280.jpeg 420w, https:\/\/visualjournalism.de\/wp-content\/uploads\/Michael-Hinz-TtIC-8-350x233.jpeg 350w, https:\/\/visualjournalism.de\/wp-content\/uploads\/Michael-Hinz-TtIC-8-150x100.jpeg 150w, https:\/\/visualjournalism.de\/wp-content\/uploads\/Michael-Hinz-TtIC-8.jpeg 1600w\" \n                            width=\"1400\"  \n                            height=\"934\" \n                            alt=\"\"  \n                        \/>\n\n                    <\/div>\n                \n                \n        <\/div> <!-- .splide__list -->\n\n    <\/div><!-- slide__track -->\n<\/div>\t\t<\/a>\r\n\t<\/figure><!-- .post__image -->\r\n\r\n<\/article>\r\n\n\n\n<div class=\"wp-block-group has-spacing--default has-spacing--default\">\n<div class=\"devider has-spacing--none\">\n    <hr>\n<\/div>\n\n\n \n\n    <div id=\"lead-in-block_f02cadd57e48b291e2b47ae9c6af3ef2\" class=\"block-lead-in typo--default font-size--xl has-spacing--s width--default\">\n        <p><strong>Empfehlungen der Redaktion:<\/strong><\/p>\n    <\/div>\n\n\n\n\r\n\r\n\r\n\n\n\r\n\r\n\r\n\r\n        <div class=\"teaser-grid grid-layout--3col has-spacing--s width--inline\">\r\n\r\n            \r\n                <article class=\"post-teaser\">\r\n\r\n                    <a href=\"https:\/\/visualjournalism.de\/en\/magazine\/ratgeber\/praktikum-im-journalismus\/\" rel=\"permalink\">\r\n\r\n                        <div class=\"post-teaser__content\">\r\n\r\n                            <span class=\"entry-categories\">Ratgeber<\/span>\r\n                            <h3 class=\"post-teaser__headline\">\r\n                                So gelingt dein Praktikum im Journalismus!                            <\/h3>\r\n\r\n                            <div class=\"post-teaser__excerpt\">\r\n                                <p>Wie findest du das richtige Praktikum? Wie \u00fcberzeugst du in der Bewerbung? Und was solltest du w\u00e4hrend des Praktikums unbedingt beachten? Mit Tipps und Tricks von unseren Professor*innen und Studierenden.<\/p>\r\n                            <\/div>\r\n\r\n                        <\/div><!-- .post-teaser__content -->\r\n\r\n\r\n                        \r\n                            <figure class=\"post-teaser__image\">\r\n                                <img loading=\"lazy\" decoding=\"async\"  \r\n                                    src=\"https:\/\/visualjournalism.de\/wp-content\/uploads\/IMG_312C868D6676-1-Foto-Stefan-Nieland-768x512.jpeg\" \r\n                                    srcset=\"https:\/\/visualjournalism.de\/wp-content\/uploads\/IMG_312C868D6676-1-Foto-Stefan-Nieland-768x512.jpeg 768w, https:\/\/visualjournalism.de\/wp-content\/uploads\/IMG_312C868D6676-1-Foto-Stefan-Nieland-300x200.jpeg 300w, https:\/\/visualjournalism.de\/wp-content\/uploads\/IMG_312C868D6676-1-Foto-Stefan-Nieland-1024x683.jpeg 1024w, https:\/\/visualjournalism.de\/wp-content\/uploads\/IMG_312C868D6676-1-Foto-Stefan-Nieland-1536x1024.jpeg 1536w, https:\/\/visualjournalism.de\/wp-content\/uploads\/IMG_312C868D6676-1-Foto-Stefan-Nieland-1920x1280.jpeg 1920w, https:\/\/visualjournalism.de\/wp-content\/uploads\/IMG_312C868D6676-1-Foto-Stefan-Nieland-1400x933.jpeg 1400w, https:\/\/visualjournalism.de\/wp-content\/uploads\/IMG_312C868D6676-1-Foto-Stefan-Nieland-1050x700.jpeg 1050w, https:\/\/visualjournalism.de\/wp-content\/uploads\/IMG_312C868D6676-1-Foto-Stefan-Nieland-670x447.jpeg 670w, https:\/\/visualjournalism.de\/wp-content\/uploads\/IMG_312C868D6676-1-Foto-Stefan-Nieland-420x280.jpeg 420w, https:\/\/visualjournalism.de\/wp-content\/uploads\/IMG_312C868D6676-1-Foto-Stefan-Nieland-350x233.jpeg 350w, https:\/\/visualjournalism.de\/wp-content\/uploads\/IMG_312C868D6676-1-Foto-Stefan-Nieland-150x100.jpeg 150w, https:\/\/visualjournalism.de\/wp-content\/uploads\/IMG_312C868D6676-1-Foto-Stefan-Nieland.jpeg 2048w\" \r\n                                    width=\"768\"  \r\n                                    height=\"512\" \r\n                                    alt=\"F\u00fcnf Personen im Fotostudio der F.A.Z. inszenieren mit Bratpfannen eine kreative Szene. Im Mittelpunkt: Sophie Boyer und Stefan Nieland, beide im journalistischen Praktikum aus dem Studiengang Visual Journalism and Documentary Photography in Hannover. Die Szene zeigt Zusammenarbeit im Redaktionspraktikum und gestalterische Praxis im Journalismus.\"\r\n                                \/>\r\n                            <\/figure>\r\n\r\n                        \r\n                    \r\n                    <\/a>\r\n\r\n                <\/article><!--- .post-teaser-->\r\n\r\n            \r\n                <article class=\"post-teaser\">\r\n\r\n                    <a href=\"https:\/\/visualjournalism.de\/en\/magazine\/sammeln\/hannovers-verborgene-rohstoffquelle\/\" rel=\"permalink\">\r\n\r\n                        <div class=\"post-teaser__content\">\r\n\r\n                            <span class=\"entry-categories\">Sammeln<\/span>\r\n                            <h3 class=\"post-teaser__headline\">\r\n                                Hannovers verborgene Rohstoffquelle                            <\/h3>\r\n\r\n                            <div class=\"post-teaser__excerpt\">\r\n                                <p>Unsichere Handelsbeziehungen, Kriege und neue Vorschriften fordern die Recyclingbranche heraus. Auf dem TSR-Gel\u00e4nde im hannoverschen Nordhafen sp\u00fcrt man die Bewegung eines ganzen Wirtschaftszweigs \u2013 ein Blick hinter die Kulissen. <\/p>\r\n                            <\/div>\r\n\r\n                        <\/div><!-- .post-teaser__content -->\r\n\r\n\r\n                        \r\n                            <figure class=\"post-teaser__image\">\r\n                                <img loading=\"lazy\" decoding=\"async\"  \r\n                                    src=\"https:\/\/visualjournalism.de\/wp-content\/uploads\/Moritz-Heck_Schrottplatz_26_dunkel-768x512.jpg\" \r\n                                    srcset=\"https:\/\/visualjournalism.de\/wp-content\/uploads\/Moritz-Heck_Schrottplatz_26_dunkel-768x512.jpg 768w, https:\/\/visualjournalism.de\/wp-content\/uploads\/Moritz-Heck_Schrottplatz_26_dunkel-300x200.jpg 300w, https:\/\/visualjournalism.de\/wp-content\/uploads\/Moritz-Heck_Schrottplatz_26_dunkel-1024x683.jpg 1024w, https:\/\/visualjournalism.de\/wp-content\/uploads\/Moritz-Heck_Schrottplatz_26_dunkel-1536x1024.jpg 1536w, https:\/\/visualjournalism.de\/wp-content\/uploads\/Moritz-Heck_Schrottplatz_26_dunkel-2048x1365.jpg 2048w, https:\/\/visualjournalism.de\/wp-content\/uploads\/Moritz-Heck_Schrottplatz_26_dunkel-1920x1280.jpg 1920w, https:\/\/visualjournalism.de\/wp-content\/uploads\/Moritz-Heck_Schrottplatz_26_dunkel-1400x933.jpg 1400w, https:\/\/visualjournalism.de\/wp-content\/uploads\/Moritz-Heck_Schrottplatz_26_dunkel-1050x700.jpg 1050w, https:\/\/visualjournalism.de\/wp-content\/uploads\/Moritz-Heck_Schrottplatz_26_dunkel-670x447.jpg 670w, https:\/\/visualjournalism.de\/wp-content\/uploads\/Moritz-Heck_Schrottplatz_26_dunkel-420x280.jpg 420w, https:\/\/visualjournalism.de\/wp-content\/uploads\/Moritz-Heck_Schrottplatz_26_dunkel-350x233.jpg 350w, https:\/\/visualjournalism.de\/wp-content\/uploads\/Moritz-Heck_Schrottplatz_26_dunkel-150x100.jpg 150w\" \r\n                                    width=\"768\"  \r\n                                    height=\"512\" \r\n                                    alt=\"\"\r\n                                \/>\r\n                            <\/figure>\r\n\r\n                        \r\n                    \r\n                    <\/a>\r\n\r\n                <\/article><!--- .post-teaser-->\r\n\r\n            \r\n                <article class=\"post-teaser\">\r\n\r\n                    <a href=\"https:\/\/visualjournalism.de\/en\/magazine\/sammeln\/was-bleibt-atommuell-in-der-asse-ii\/\" rel=\"permalink\">\r\n\r\n                        <div class=\"post-teaser__content\">\r\n\r\n                            <span class=\"entry-categories\">Sammeln<\/span>\r\n                            <h3 class=\"post-teaser__headline\">\r\n                                Was bleibt                            <\/h3>\r\n\r\n                            <div class=\"post-teaser__excerpt\">\r\n                                <p>In der Asse II lagert Atomm\u00fcll \u2013 achtlos versenkt, kaum gesichert. Nun dringt Wasser ein. Die Region wartet seit Jahrzehnten auf Antworten. Und das Land auf ein Endlager.<\/p>\r\n                            <\/div>\r\n\r\n                        <\/div><!-- .post-teaser__content -->\r\n\r\n\r\n                        \r\n                            <figure class=\"post-teaser__image\">\r\n                                <img loading=\"lazy\" decoding=\"async\"  \r\n                                    src=\"https:\/\/visualjournalism.de\/wp-content\/uploads\/2026\/02\/Walter-Lehmann_The-Danger-Within_10-768x318.jpg\" \r\n                                    srcset=\"https:\/\/visualjournalism.de\/wp-content\/uploads\/2026\/02\/Walter-Lehmann_The-Danger-Within_10-768x318.jpg 768w, https:\/\/visualjournalism.de\/wp-content\/uploads\/2026\/02\/Walter-Lehmann_The-Danger-Within_10-300x124.jpg 300w, https:\/\/visualjournalism.de\/wp-content\/uploads\/2026\/02\/Walter-Lehmann_The-Danger-Within_10-1024x424.jpg 1024w, https:\/\/visualjournalism.de\/wp-content\/uploads\/2026\/02\/Walter-Lehmann_The-Danger-Within_10-1536x636.jpg 1536w, https:\/\/visualjournalism.de\/wp-content\/uploads\/2026\/02\/Walter-Lehmann_The-Danger-Within_10-2048x847.jpg 2048w, https:\/\/visualjournalism.de\/wp-content\/uploads\/2026\/02\/Walter-Lehmann_The-Danger-Within_10-1920x794.jpg 1920w, https:\/\/visualjournalism.de\/wp-content\/uploads\/2026\/02\/Walter-Lehmann_The-Danger-Within_10-1400x579.jpg 1400w, https:\/\/visualjournalism.de\/wp-content\/uploads\/2026\/02\/Walter-Lehmann_The-Danger-Within_10-1050x434.jpg 1050w, https:\/\/visualjournalism.de\/wp-content\/uploads\/2026\/02\/Walter-Lehmann_The-Danger-Within_10-670x277.jpg 670w, https:\/\/visualjournalism.de\/wp-content\/uploads\/2026\/02\/Walter-Lehmann_The-Danger-Within_10-420x174.jpg 420w, https:\/\/visualjournalism.de\/wp-content\/uploads\/2026\/02\/Walter-Lehmann_The-Danger-Within_10-350x145.jpg 350w, https:\/\/visualjournalism.de\/wp-content\/uploads\/2026\/02\/Walter-Lehmann_The-Danger-Within_10-150x62.jpg 150w\" \r\n                                    width=\"768\"  \r\n                                    height=\"318\" \r\n                                    alt=\"\"\r\n                                \/>\r\n                            <\/figure>\r\n\r\n                        \r\n                    \r\n                    <\/a>\r\n\r\n                <\/article><!--- .post-teaser-->\r\n\r\n            \r\n        <\/div><!-- .teaser-grid -->\r\n\r\n\n\n\r\n\r\n\r\n\n\n\n    <div class=\"btn-wrapper has-spacing--m\">\n        <a class=\"btn\" href=\"https:\/\/visualjournalism.de\/magazin\/\" target=\"_blank\">ZUR MAGAZIN-STARTSEITE<\/a>\n    <\/div>\n<\/div>\n","protected":false},"excerpt":{"rendered":"","protected":false},"author":35,"featured_media":0,"parent":0,"menu_order":0,"comment_status":"closed","ping_status":"closed","template":"","meta":{"_acf_changed":false,"footnotes":""},"class_list":["post-19075","page","type-page","status-publish","hentry"],"acf":[],"yoast_head":"<!-- This site is optimized with the Yoast SEO Premium plugin v27.3 (Yoast SEO v27.3) - https:\/\/yoast.com\/product\/yoast-seo-premium-wordpress\/ -->\n<title>Michael Hinz &#8211; Visual Journalism and Documentary Photography<\/title>\n<meta name=\"robots\" content=\"index, follow, max-snippet:-1, max-image-preview:large, max-video-preview:-1\" \/>\n<link rel=\"canonical\" href=\"https:\/\/visualjournalism.de\/en\/michael-hinz\/\" \/>\n<meta property=\"og:locale\" content=\"en_US\" \/>\n<meta property=\"og:type\" content=\"article\" \/>\n<meta property=\"og:title\" content=\"Michael Hinz\" \/>\n<meta property=\"og:url\" content=\"https:\/\/visualjournalism.de\/en\/michael-hinz\/\" \/>\n<meta property=\"og:site_name\" content=\"Visual Journalism and Documentary Photography\" \/>\n<meta property=\"article:publisher\" content=\"https:\/\/www.facebook.com\/people\/wwwfotostudentende\/100065173703897\/\" \/>\n<meta property=\"article:modified_time\" content=\"2024-10-17T11:32:39+00:00\" \/>\n<meta name=\"twitter:card\" content=\"summary_large_image\" \/>\n<meta name=\"twitter:site\" content=\"@HsHannover\" \/>\n<meta name=\"twitter:label1\" content=\"Est. reading time\" \/>\n\t<meta name=\"twitter:data1\" content=\"1 minute\" \/>\n<script type=\"application\/ld+json\" class=\"yoast-schema-graph\">{\"@context\":\"https:\\\/\\\/schema.org\",\"@graph\":[{\"@type\":\"WebPage\",\"@id\":\"https:\\\/\\\/visualjournalism.de\\\/en\\\/michael-hinz\\\/\",\"url\":\"https:\\\/\\\/visualjournalism.de\\\/en\\\/michael-hinz\\\/\",\"name\":\"Michael Hinz &#8211; Visual Journalism and Documentary Photography\",\"isPartOf\":{\"@id\":\"https:\\\/\\\/visualjournalism.de\\\/en\\\/#website\"},\"datePublished\":\"2023-05-31T14:23:20+00:00\",\"dateModified\":\"2024-10-17T11:32:39+00:00\",\"breadcrumb\":{\"@id\":\"https:\\\/\\\/visualjournalism.de\\\/en\\\/michael-hinz\\\/#breadcrumb\"},\"inLanguage\":\"en-US\",\"potentialAction\":[{\"@type\":\"ReadAction\",\"target\":[\"https:\\\/\\\/visualjournalism.de\\\/en\\\/michael-hinz\\\/\"]}]},{\"@type\":\"BreadcrumbList\",\"@id\":\"https:\\\/\\\/visualjournalism.de\\\/en\\\/michael-hinz\\\/#breadcrumb\",\"itemListElement\":[{\"@type\":\"ListItem\",\"position\":1,\"name\":\"Home\",\"item\":\"https:\\\/\\\/visualjournalism.de\\\/en\\\/\"},{\"@type\":\"ListItem\",\"position\":2,\"name\":\"Michael Hinz\"}]},{\"@type\":\"WebSite\",\"@id\":\"https:\\\/\\\/visualjournalism.de\\\/en\\\/#website\",\"url\":\"https:\\\/\\\/visualjournalism.de\\\/en\\\/\",\"name\":\"Visual Journalism and Documentary Photography\",\"description\":\"All about the bilingual bachelor&#039;s program at Hannover University of Applied Sciences and Arts.\",\"publisher\":{\"@id\":\"https:\\\/\\\/visualjournalism.de\\\/en\\\/#organization\"},\"alternateName\":\"visualjournalism.de\",\"potentialAction\":[{\"@type\":\"SearchAction\",\"target\":{\"@type\":\"EntryPoint\",\"urlTemplate\":\"https:\\\/\\\/visualjournalism.de\\\/en\\\/?s={search_term_string}\"},\"query-input\":{\"@type\":\"PropertyValueSpecification\",\"valueRequired\":true,\"valueName\":\"search_term_string\"}}],\"inLanguage\":\"en-US\"},{\"@type\":\"Organization\",\"@id\":\"https:\\\/\\\/visualjournalism.de\\\/en\\\/#organization\",\"name\":\"Hochschule Hannover \u2013 University of Applied Sciences and Arts\",\"alternateName\":\"HsH\",\"url\":\"https:\\\/\\\/visualjournalism.de\\\/en\\\/\",\"logo\":{\"@type\":\"ImageObject\",\"inLanguage\":\"en-US\",\"@id\":\"https:\\\/\\\/visualjournalism.de\\\/en\\\/#\\\/schema\\\/logo\\\/image\\\/\",\"url\":\"https:\\\/\\\/visualjournalism.de\\\/wp-content\\\/uploads\\\/logo-hochschule-hannover.png\",\"contentUrl\":\"https:\\\/\\\/visualjournalism.de\\\/wp-content\\\/uploads\\\/logo-hochschule-hannover.png\",\"width\":363,\"height\":270,\"caption\":\"Hochschule Hannover \u2013 University of Applied Sciences and Arts\"},\"image\":{\"@id\":\"https:\\\/\\\/visualjournalism.de\\\/en\\\/#\\\/schema\\\/logo\\\/image\\\/\"},\"sameAs\":[\"https:\\\/\\\/www.facebook.com\\\/people\\\/wwwfotostudentende\\\/100065173703897\\\/\",\"https:\\\/\\\/x.com\\\/HsHannover\",\"https:\\\/\\\/www.instagram.com\\\/visualjournalism.de\\\/\"]}]}<\/script>\n<!-- \/ Yoast SEO Premium plugin. -->","yoast_head_json":{"title":"Michael Hinz &#8211; Visual Journalism and Documentary Photography","robots":{"index":"index","follow":"follow","max-snippet":"max-snippet:-1","max-image-preview":"max-image-preview:large","max-video-preview":"max-video-preview:-1"},"canonical":"https:\/\/visualjournalism.de\/en\/michael-hinz\/","og_locale":"en_US","og_type":"article","og_title":"Michael Hinz","og_url":"https:\/\/visualjournalism.de\/en\/michael-hinz\/","og_site_name":"Visual Journalism and Documentary Photography","article_publisher":"https:\/\/www.facebook.com\/people\/wwwfotostudentende\/100065173703897\/","article_modified_time":"2024-10-17T11:32:39+00:00","twitter_card":"summary_large_image","twitter_site":"@HsHannover","twitter_misc":{"Est. reading time":"1 minute"},"schema":{"@context":"https:\/\/schema.org","@graph":[{"@type":"WebPage","@id":"https:\/\/visualjournalism.de\/en\/michael-hinz\/","url":"https:\/\/visualjournalism.de\/en\/michael-hinz\/","name":"Michael Hinz &#8211; Visual Journalism and Documentary Photography","isPartOf":{"@id":"https:\/\/visualjournalism.de\/en\/#website"},"datePublished":"2023-05-31T14:23:20+00:00","dateModified":"2024-10-17T11:32:39+00:00","breadcrumb":{"@id":"https:\/\/visualjournalism.de\/en\/michael-hinz\/#breadcrumb"},"inLanguage":"en-US","potentialAction":[{"@type":"ReadAction","target":["https:\/\/visualjournalism.de\/en\/michael-hinz\/"]}]},{"@type":"BreadcrumbList","@id":"https:\/\/visualjournalism.de\/en\/michael-hinz\/#breadcrumb","itemListElement":[{"@type":"ListItem","position":1,"name":"Home","item":"https:\/\/visualjournalism.de\/en\/"},{"@type":"ListItem","position":2,"name":"Michael Hinz"}]},{"@type":"WebSite","@id":"https:\/\/visualjournalism.de\/en\/#website","url":"https:\/\/visualjournalism.de\/en\/","name":"Visual Journalism and Documentary Photography","description":"All about the bilingual bachelor&#039;s program at Hannover University of Applied Sciences and Arts.","publisher":{"@id":"https:\/\/visualjournalism.de\/en\/#organization"},"alternateName":"visualjournalism.de","potentialAction":[{"@type":"SearchAction","target":{"@type":"EntryPoint","urlTemplate":"https:\/\/visualjournalism.de\/en\/?s={search_term_string}"},"query-input":{"@type":"PropertyValueSpecification","valueRequired":true,"valueName":"search_term_string"}}],"inLanguage":"en-US"},{"@type":"Organization","@id":"https:\/\/visualjournalism.de\/en\/#organization","name":"Hochschule Hannover \u2013 University of Applied Sciences and Arts","alternateName":"HsH","url":"https:\/\/visualjournalism.de\/en\/","logo":{"@type":"ImageObject","inLanguage":"en-US","@id":"https:\/\/visualjournalism.de\/en\/#\/schema\/logo\/image\/","url":"https:\/\/visualjournalism.de\/wp-content\/uploads\/logo-hochschule-hannover.png","contentUrl":"https:\/\/visualjournalism.de\/wp-content\/uploads\/logo-hochschule-hannover.png","width":363,"height":270,"caption":"Hochschule Hannover \u2013 University of Applied Sciences and Arts"},"image":{"@id":"https:\/\/visualjournalism.de\/en\/#\/schema\/logo\/image\/"},"sameAs":["https:\/\/www.facebook.com\/people\/wwwfotostudentende\/100065173703897\/","https:\/\/x.com\/HsHannover","https:\/\/www.instagram.com\/visualjournalism.de\/"]}]}},"_links":{"self":[{"href":"https:\/\/visualjournalism.de\/en\/wp-json\/wp\/v2\/pages\/19075","targetHints":{"allow":["GET"]}}],"collection":[{"href":"https:\/\/visualjournalism.de\/en\/wp-json\/wp\/v2\/pages"}],"about":[{"href":"https:\/\/visualjournalism.de\/en\/wp-json\/wp\/v2\/types\/page"}],"author":[{"embeddable":true,"href":"https:\/\/visualjournalism.de\/en\/wp-json\/wp\/v2\/users\/35"}],"replies":[{"embeddable":true,"href":"https:\/\/visualjournalism.de\/en\/wp-json\/wp\/v2\/comments?post=19075"}],"version-history":[{"count":0,"href":"https:\/\/visualjournalism.de\/en\/wp-json\/wp\/v2\/pages\/19075\/revisions"}],"wp:attachment":[{"href":"https:\/\/visualjournalism.de\/en\/wp-json\/wp\/v2\/media?parent=19075"}],"curies":[{"name":"wp","href":"https:\/\/api.w.org\/{rel}","templated":true}]}}