{"id":19717,"date":"2023-05-31T14:28:21","date_gmt":"2023-05-31T14:28:21","guid":{"rendered":"https:\/\/visualjournalism.de\/?page_id=19717"},"modified":"2025-02-19T08:24:48","modified_gmt":"2025-02-19T08:24:48","slug":"polina-schneider","status":"publish","type":"page","link":"https:\/\/visualjournalism.de\/en\/polina-schneider\/","title":{"rendered":"Polina Schneider"},"content":{"rendered":"\n \n\n    <div id=\"lead-in-block_cf91b2a2b86eeaa5aa28fa08ff8a46bb\" class=\"block-lead-in typo--default font-size--xl has-spacing--m width--default\">\n        <h1>Polina Schneider<\/h1>\n    <\/div>\n\n\n\n\n<div class=\"pinned-block has-spacing--m\">\n\t\n\n<div class=\"pinned-block__column--left\">\n    \n    <figure class=\"block-photo post__image--full has-spacing--xs no-title\">\n\n        <div class=\"post__image__container\">\n            <img loading=\"lazy\" decoding=\"async\" \n                src=\"https:\/\/visualjournalism.de\/wp-content\/uploads\/Polina-Schneider.jpg\"\n                srcset=\"https:\/\/visualjournalism.de\/wp-content\/uploads\/Polina-Schneider.jpg 1067w, https:\/\/visualjournalism.de\/wp-content\/uploads\/Polina-Schneider-200x300.jpg 200w, https:\/\/visualjournalism.de\/wp-content\/uploads\/Polina-Schneider-683x1024.jpg 683w, https:\/\/visualjournalism.de\/wp-content\/uploads\/Polina-Schneider-768x1152.jpg 768w, https:\/\/visualjournalism.de\/wp-content\/uploads\/Polina-Schneider-1024x1536.jpg 1024w, https:\/\/visualjournalism.de\/wp-content\/uploads\/Polina-Schneider-1050x1575.jpg 1050w, https:\/\/visualjournalism.de\/wp-content\/uploads\/Polina-Schneider-670x1005.jpg 670w, https:\/\/visualjournalism.de\/wp-content\/uploads\/Polina-Schneider-420x630.jpg 420w, https:\/\/visualjournalism.de\/wp-content\/uploads\/Polina-Schneider-350x525.jpg 350w, https:\/\/visualjournalism.de\/wp-content\/uploads\/Polina-Schneider-300x450.jpg 300w, https:\/\/visualjournalism.de\/wp-content\/uploads\/Polina-Schneider-150x225.jpg 150w\"\n                width=\"1067\" \n                height=\"1600\"\n                alt=\"\" \n            \/>\n            \n                    <\/div><!-- post__image__container -->\n\n        \n    <\/figure><!-- post__image -->\n\n\n\n<\/div>\n\n\n<div class=\"pinned-block__column--right\">\n    \n\n<p class=\"post__paragraph is-style-typo--soehne has-spacing--default\"><strong>Polina Schneider<\/strong> ist w\u00e4hrend der Perestroika 1989 in St. Petersburg (Leningrad) geboren und ist mit verschiedenen Sprachen, Kulturen und religi\u00f6sen \u00dcberzeugungen (Katholizismus, Judentum und Russisch-Orthodox) aufgewachsen. Dieses soziokulturelle Erbe hat ihr Gesp\u00fcr f\u00fcr zwischenmenschliche und interkulturelle Kommunikation gesch\u00e4rft.<br><br>In Deutschland angekommen, musste sie von kleinauf f\u00fcr ihre Rechte als weiblich gelesene Person und als Migrantin k\u00e4mpfen. Begierig darauf, schneller und mehr zu lernen, hat Polina Chinesisch als Fremdsprache und Informatik studiert und damit aufgezeigt, dass (technische) Sprachen, Informatik und Frauen kein Widerspruch sein m\u00fcssen. Nach zwei Bachelor-Abschl\u00fcssen im Jahr 2018 ist sie 2021 zur\u00fcck in die Hochschulwelt gekehrt: Parallel zur Arbeit als Qualit\u00e4ts- und Projektmanagerin in der IT, studiert sie jetzt Fotojournalismus und Dokumentarfotografie in Hannover.<br><br>Als Mitglied der Kollektive Aura Visuals Collective, Female Photoclubs, und des T\u00fcrspion Magazins liegt es ihr am Herzen, auf gesellschaftliche Missst\u00e4nde aufmerksam zu machen, den \u00f6ffentlichen Diskurs zu gestalten und daf\u00fcr zu sorgen, dass die Perspektiven von Frauen in der \u00d6ffentlichkeit wahrgenommen werden.<br><br>Seit Beginn des Studiums hat Polina u.a. bei der Native Agency, Geste Paris, Women Art Prize\/X-Treme, L.A. Photocurator, Dek Unu Magazine, Phodar Biennal sowie Wortimbild ausgestellt bzw. ist ver\u00f6ffentlich worden.<br><br><strong>Kontakt<\/strong><br><a href=\"mailto:polina.schneider@hs-hannover.de\">polina.schneider@hs-hannover.de<\/a><\/p>\n\n\n<\/div>\n<\/div>\n\n\n<div class=\"devider has-spacing--none\">\n    <hr>\n<\/div>\n\n\n \n\n    <div id=\"lead-in-block_553569d27858facb7efacf7da568aab3\" class=\"block-lead-in typo--default font-size--xl has-spacing--s width--default\">\n        <h2>Polinas Beitr\u00e4ge:<\/h2>\n    <\/div>\n\n\n\n\r\n<article class=\"post-teaser teaser-single--full has-spacing--m post-19562 magazin type-magazin status-publish has-post-thumbnail hentry tag-randgebiet magazinkategorie-randgebiet\">\r\n\t<header class=\"entry-header\">\r\n\r\n\t\t<div class=\"entry-categories\">\n\t<a class=\"post__tag\" href=\"https:\/\/visualjournalism.de\/magazin-kategorie\/randgebiet\/\" rel=\"category tag\">Randgebiet<\/a><\/div>\r\n\t\t<a href=\"https:\/\/visualjournalism.de\/en\/magazine\/randgebiet\/der-dorfladen-der-niemals-schliesst\/\" rel=\"bookmark\">\r\n\t\t\t<h2 class=\"entry-title\">Der Dorfladen, der niemals schlie\u00dft.<\/h2>\r\n\t\t\t<p class=\"entry-excerpt\">Ein Start-Up will das Einkaufen in Randgebieten revolutionieren: Kaum Personal, daf\u00fcr immer offen. Die Kunden \u00fcbernehmen einen Teil des Risikos.<\/p>\r\n\t\t<\/a>\r\n\r\n\t<\/header><!-- .entry-header -->\r\n\r\n\t<figure class=\"post__image\">\r\n\t\t<a href=\"https:\/\/visualjournalism.de\/en\/magazine\/randgebiet\/der-dorfladen-der-niemals-schliesst\/\" rel=\"bookmark\">\r\n\t\t\t<img loading=\"lazy\" decoding=\"async\" width=\"1400\" height=\"934\" src=\"https:\/\/visualjournalism.de\/wp-content\/uploads\/Schneider_Polina_Randgebiet-10-1400x934.jpeg\" class=\"attachment-photo-block--full size-photo-block--full\" alt=\"\" srcset=\"https:\/\/visualjournalism.de\/wp-content\/uploads\/Schneider_Polina_Randgebiet-10-1400x934.jpeg 1400w, https:\/\/visualjournalism.de\/wp-content\/uploads\/Schneider_Polina_Randgebiet-10-300x200.jpeg 300w, https:\/\/visualjournalism.de\/wp-content\/uploads\/Schneider_Polina_Randgebiet-10-1024x683.jpeg 1024w, https:\/\/visualjournalism.de\/wp-content\/uploads\/Schneider_Polina_Randgebiet-10-768x512.jpeg 768w, https:\/\/visualjournalism.de\/wp-content\/uploads\/Schneider_Polina_Randgebiet-10-1536x1024.jpeg 1536w, https:\/\/visualjournalism.de\/wp-content\/uploads\/Schneider_Polina_Randgebiet-10-1050x700.jpeg 1050w, https:\/\/visualjournalism.de\/wp-content\/uploads\/Schneider_Polina_Randgebiet-10-670x447.jpeg 670w, https:\/\/visualjournalism.de\/wp-content\/uploads\/Schneider_Polina_Randgebiet-10-420x280.jpeg 420w, https:\/\/visualjournalism.de\/wp-content\/uploads\/Schneider_Polina_Randgebiet-10-350x233.jpeg 350w, https:\/\/visualjournalism.de\/wp-content\/uploads\/Schneider_Polina_Randgebiet-10-150x100.jpeg 150w, https:\/\/visualjournalism.de\/wp-content\/uploads\/Schneider_Polina_Randgebiet-10.jpeg 1600w\" sizes=\"auto, (max-width: 1400px) 100vw, 1400px\" \/>\t\t<\/a>\r\n\t<\/figure><!-- .post__image -->\r\n\r\n<\/article>\r\n\n\n\n<div class=\"wp-block-group has-spacing--default has-spacing--default\">\n<div class=\"devider has-spacing--none\">\n    <hr>\n<\/div>\n\n\n \n\n    <div id=\"lead-in-block_51ecd7b96d5266f5a9ab8988f416209c\" class=\"block-lead-in typo--default font-size--xl has-spacing--s width--default\">\n        <p><strong>Empfehlungen der Redaktion:<\/strong><\/p>\n    <\/div>\n\n\n\n\r\n\r\n\r\n\n\n\r\n\r\n\r\n\r\n        <div class=\"teaser-grid grid-layout--3col has-spacing--s width--inline\">\r\n\r\n            \r\n                <article class=\"post-teaser\">\r\n\r\n                    <a href=\"https:\/\/visualjournalism.de\/en\/magazine\/sammeln\/kugelschreiber-geschichten-zwischen-budapest-und-brockel\/\" rel=\"permalink\">\r\n\r\n                        <div class=\"post-teaser__content\">\r\n\r\n                            <span class=\"entry-categories\">Sammeln<\/span>\r\n                            <h3 class=\"post-teaser__headline\">\r\n                                Der K\u00f6nig der Kulis                            <\/h3>\r\n\r\n                            <div class=\"post-teaser__excerpt\">\r\n                                <p>Klack-Kulis, Sondereditionen, Werbegeschenke: Heinz-Hermann hat sie alle. \u00dcber 200.000 Kugelschreiber finden in seiner Sammlung Platz. Eine Geschichte des Kulis \u2013 von Budapest bis Brockel.<\/p>\r\n                            <\/div>\r\n\r\n                        <\/div><!-- .post-teaser__content -->\r\n\r\n\r\n                        \r\n                            <figure class=\"post-teaser__image\">\r\n                                <img loading=\"lazy\" decoding=\"async\"  \r\n                                    src=\"https:\/\/visualjournalism.de\/wp-content\/uploads\/Sammeln-4_Inga-Kloeber-768x512.jpg\" \r\n                                    srcset=\"https:\/\/visualjournalism.de\/wp-content\/uploads\/Sammeln-4_Inga-Kloeber-768x512.jpg 768w, https:\/\/visualjournalism.de\/wp-content\/uploads\/Sammeln-4_Inga-Kloeber-300x200.jpg 300w, https:\/\/visualjournalism.de\/wp-content\/uploads\/Sammeln-4_Inga-Kloeber-1024x682.jpg 1024w, https:\/\/visualjournalism.de\/wp-content\/uploads\/Sammeln-4_Inga-Kloeber-1536x1024.jpg 1536w, https:\/\/visualjournalism.de\/wp-content\/uploads\/Sammeln-4_Inga-Kloeber-1920x1280.jpg 1920w, https:\/\/visualjournalism.de\/wp-content\/uploads\/Sammeln-4_Inga-Kloeber-1400x933.jpg 1400w, https:\/\/visualjournalism.de\/wp-content\/uploads\/Sammeln-4_Inga-Kloeber-1050x700.jpg 1050w, https:\/\/visualjournalism.de\/wp-content\/uploads\/Sammeln-4_Inga-Kloeber-670x447.jpg 670w, https:\/\/visualjournalism.de\/wp-content\/uploads\/Sammeln-4_Inga-Kloeber-420x280.jpg 420w, https:\/\/visualjournalism.de\/wp-content\/uploads\/Sammeln-4_Inga-Kloeber-350x233.jpg 350w, https:\/\/visualjournalism.de\/wp-content\/uploads\/Sammeln-4_Inga-Kloeber-150x100.jpg 150w, https:\/\/visualjournalism.de\/wp-content\/uploads\/Sammeln-4_Inga-Kloeber.jpg 2000w\" \r\n                                    width=\"768\"  \r\n                                    height=\"512\" \r\n                                    alt=\"Nahaufnahme eines mehrst\u00f6ckigen Regals in dem sich bunte Kisten befinden. Diese sind bis obenhin mit Kugelschreibern gef\u00fcllt.\"\r\n                                \/>\r\n                            <\/figure>\r\n\r\n                        \r\n                    \r\n                    <\/a>\r\n\r\n                <\/article><!--- .post-teaser-->\r\n\r\n            \r\n                <article class=\"post-teaser\">\r\n\r\n                    <a href=\"https:\/\/visualjournalism.de\/en\/magazine\/sammeln\/stress-im-alltag-atmen-trotz-allem\/\" rel=\"permalink\">\r\n\r\n                        <div class=\"post-teaser__content\">\r\n\r\n                            <span class=\"entry-categories\">Sammeln<\/span>\r\n                            <h3 class=\"post-teaser__headline\">\r\n                                Atmen trotz allem                            <\/h3>\r\n\r\n                            <div class=\"post-teaser__excerpt\">\r\n                                <p>Die Welt wird lauter, die Jugend ersch\u00f6pfter \u2013 und Selbstf\u00fcrsorge zum Privileg. Wo junge Menschen heute noch Kraft finden.<\/p>\r\n                            <\/div>\r\n\r\n                        <\/div><!-- .post-teaser__content -->\r\n\r\n\r\n                        \r\n                            <figure class=\"post-teaser__image\">\r\n                                <img loading=\"lazy\" decoding=\"async\"  \r\n                                    src=\"https:\/\/visualjournalism.de\/wp-content\/uploads\/Yael-Wagner00002-768x512.jpg\" \r\n                                    srcset=\"https:\/\/visualjournalism.de\/wp-content\/uploads\/Yael-Wagner00002-768x512.jpg 768w, https:\/\/visualjournalism.de\/wp-content\/uploads\/Yael-Wagner00002-300x200.jpg 300w, https:\/\/visualjournalism.de\/wp-content\/uploads\/Yael-Wagner00002-1024x683.jpg 1024w, https:\/\/visualjournalism.de\/wp-content\/uploads\/Yael-Wagner00002-1536x1024.jpg 1536w, https:\/\/visualjournalism.de\/wp-content\/uploads\/Yael-Wagner00002-2048x1365.jpg 2048w, https:\/\/visualjournalism.de\/wp-content\/uploads\/Yael-Wagner00002-1920x1280.jpg 1920w, https:\/\/visualjournalism.de\/wp-content\/uploads\/Yael-Wagner00002-1400x933.jpg 1400w, https:\/\/visualjournalism.de\/wp-content\/uploads\/Yael-Wagner00002-1050x700.jpg 1050w, https:\/\/visualjournalism.de\/wp-content\/uploads\/Yael-Wagner00002-670x447.jpg 670w, https:\/\/visualjournalism.de\/wp-content\/uploads\/Yael-Wagner00002-420x280.jpg 420w, https:\/\/visualjournalism.de\/wp-content\/uploads\/Yael-Wagner00002-350x233.jpg 350w, https:\/\/visualjournalism.de\/wp-content\/uploads\/Yael-Wagner00002-150x100.jpg 150w\" \r\n                                    width=\"768\"  \r\n                                    height=\"512\" \r\n                                    alt=\"\"\r\n                                \/>\r\n                            <\/figure>\r\n\r\n                        \r\n                    \r\n                    <\/a>\r\n\r\n                <\/article><!--- .post-teaser-->\r\n\r\n            \r\n                <article class=\"post-teaser\">\r\n\r\n                    <a href=\"https:\/\/visualjournalism.de\/en\/magazine\/ratgeber\/politikerinnen-souveraen-interviewen\/\" rel=\"permalink\">\r\n\r\n                        <div class=\"post-teaser__content\">\r\n\r\n                            <span class=\"entry-categories\">Ratgeber<\/span>\r\n                            <h3 class=\"post-teaser__headline\">\r\n                                Politiker*innen souver\u00e4n interviewen \u2013 Die besten Tipps f\u00fcr ein sicheres Auftreten                            <\/h3>\r\n\r\n                            <div class=\"post-teaser__excerpt\">\r\n                                <p>Ein Gespr\u00e4ch mit Politiker*innen kann schnell zum Machtkampf werden. Wie du selbst gegen Profis die Oberhand beh\u00e4ltst und typische Interviewfallen umgehst.<\/p>\r\n                            <\/div>\r\n\r\n                        <\/div><!-- .post-teaser__content -->\r\n\r\n\r\n                        \r\n                            <figure class=\"post-teaser__image\">\r\n                                <img loading=\"lazy\" decoding=\"async\"  \r\n                                    src=\"https:\/\/visualjournalism.de\/wp-content\/uploads\/DSC4729-merz-politikerinterviews-768x1024.jpg\" \r\n                                    srcset=\"https:\/\/visualjournalism.de\/wp-content\/uploads\/DSC4729-merz-politikerinterviews-768x1024.jpg 768w, https:\/\/visualjournalism.de\/wp-content\/uploads\/DSC4729-merz-politikerinterviews-225x300.jpg 225w, https:\/\/visualjournalism.de\/wp-content\/uploads\/DSC4729-merz-politikerinterviews-1152x1536.jpg 1152w, https:\/\/visualjournalism.de\/wp-content\/uploads\/DSC4729-merz-politikerinterviews-1536x2048.jpg 1536w, https:\/\/visualjournalism.de\/wp-content\/uploads\/DSC4729-merz-politikerinterviews-scaled.jpg 1920w, https:\/\/visualjournalism.de\/wp-content\/uploads\/DSC4729-merz-politikerinterviews-1400x1867.jpg 1400w, https:\/\/visualjournalism.de\/wp-content\/uploads\/DSC4729-merz-politikerinterviews-1050x1400.jpg 1050w, https:\/\/visualjournalism.de\/wp-content\/uploads\/DSC4729-merz-politikerinterviews-670x893.jpg 670w, https:\/\/visualjournalism.de\/wp-content\/uploads\/DSC4729-merz-politikerinterviews-420x560.jpg 420w, https:\/\/visualjournalism.de\/wp-content\/uploads\/DSC4729-merz-politikerinterviews-350x467.jpg 350w, https:\/\/visualjournalism.de\/wp-content\/uploads\/DSC4729-merz-politikerinterviews-300x400.jpg 300w, https:\/\/visualjournalism.de\/wp-content\/uploads\/DSC4729-merz-politikerinterviews-640x853.jpg 640w, https:\/\/visualjournalism.de\/wp-content\/uploads\/DSC4729-merz-politikerinterviews-150x200.jpg 150w\" \r\n                                    width=\"768\"  \r\n                                    height=\"1024\" \r\n                                    alt=\"CDU-Vorsitzender Friedrich Merz mit Mikrofon in der Hand, im Gespr\u00e4ch mit dem ehemaligen ZDF-Moderator Klaus Kleber auf einer B\u00fchne. Im Vordergrund sind zwei M\u00e4nner angeblitzt von hinten zu sehen.\"\r\n                                \/>\r\n                            <\/figure>\r\n\r\n                        \r\n                    \r\n                    <\/a>\r\n\r\n                <\/article><!--- .post-teaser-->\r\n\r\n            \r\n        <\/div><!-- .teaser-grid -->\r\n\r\n\n\n\r\n\r\n\r\n\n\n\n    <div class=\"btn-wrapper has-spacing--m\">\n        <a class=\"btn\" href=\"https:\/\/visualjournalism.de\/magazin\/\" target=\"_blank\">ZUR MAGAZIN-STARTSEITE<\/a>\n    <\/div>\n<\/div>\n","protected":false},"excerpt":{"rendered":"","protected":false},"author":35,"featured_media":0,"parent":0,"menu_order":0,"comment_status":"closed","ping_status":"closed","template":"","meta":{"_acf_changed":false,"footnotes":""},"class_list":["post-19717","page","type-page","status-publish","hentry"],"acf":[],"yoast_head":"<!-- This site is optimized with the Yoast SEO Premium plugin v27.3 (Yoast SEO v27.3) - https:\/\/yoast.com\/product\/yoast-seo-premium-wordpress\/ -->\n<title>Polina Schneider &#8211; Visual Journalism and Documentary Photography<\/title>\n<meta name=\"robots\" content=\"index, follow, max-snippet:-1, max-image-preview:large, max-video-preview:-1\" \/>\n<link rel=\"canonical\" href=\"https:\/\/visualjournalism.de\/en\/polina-schneider\/\" \/>\n<meta property=\"og:locale\" content=\"en_US\" \/>\n<meta property=\"og:type\" content=\"article\" \/>\n<meta property=\"og:title\" content=\"Polina Schneider\" \/>\n<meta property=\"og:url\" content=\"https:\/\/visualjournalism.de\/en\/polina-schneider\/\" \/>\n<meta property=\"og:site_name\" content=\"Visual Journalism and Documentary Photography\" \/>\n<meta property=\"article:publisher\" content=\"https:\/\/www.facebook.com\/people\/wwwfotostudentende\/100065173703897\/\" \/>\n<meta property=\"article:modified_time\" content=\"2025-02-19T08:24:48+00:00\" \/>\n<meta name=\"twitter:card\" content=\"summary_large_image\" \/>\n<meta name=\"twitter:site\" content=\"@HsHannover\" \/>\n<meta name=\"twitter:label1\" content=\"Est. reading time\" \/>\n\t<meta name=\"twitter:data1\" content=\"2 minutes\" \/>\n<script type=\"application\/ld+json\" class=\"yoast-schema-graph\">{\"@context\":\"https:\\\/\\\/schema.org\",\"@graph\":[{\"@type\":\"WebPage\",\"@id\":\"https:\\\/\\\/visualjournalism.de\\\/en\\\/polina-schneider\\\/\",\"url\":\"https:\\\/\\\/visualjournalism.de\\\/en\\\/polina-schneider\\\/\",\"name\":\"Polina Schneider &#8211; Visual Journalism and Documentary Photography\",\"isPartOf\":{\"@id\":\"https:\\\/\\\/visualjournalism.de\\\/en\\\/#website\"},\"datePublished\":\"2023-05-31T14:28:21+00:00\",\"dateModified\":\"2025-02-19T08:24:48+00:00\",\"breadcrumb\":{\"@id\":\"https:\\\/\\\/visualjournalism.de\\\/en\\\/polina-schneider\\\/#breadcrumb\"},\"inLanguage\":\"en-US\",\"potentialAction\":[{\"@type\":\"ReadAction\",\"target\":[\"https:\\\/\\\/visualjournalism.de\\\/en\\\/polina-schneider\\\/\"]}]},{\"@type\":\"BreadcrumbList\",\"@id\":\"https:\\\/\\\/visualjournalism.de\\\/en\\\/polina-schneider\\\/#breadcrumb\",\"itemListElement\":[{\"@type\":\"ListItem\",\"position\":1,\"name\":\"Home\",\"item\":\"https:\\\/\\\/visualjournalism.de\\\/en\\\/\"},{\"@type\":\"ListItem\",\"position\":2,\"name\":\"Polina Schneider\"}]},{\"@type\":\"WebSite\",\"@id\":\"https:\\\/\\\/visualjournalism.de\\\/en\\\/#website\",\"url\":\"https:\\\/\\\/visualjournalism.de\\\/en\\\/\",\"name\":\"Visual Journalism and Documentary Photography\",\"description\":\"All about the bilingual bachelor&#039;s program at Hannover University of Applied Sciences and Arts.\",\"publisher\":{\"@id\":\"https:\\\/\\\/visualjournalism.de\\\/en\\\/#organization\"},\"alternateName\":\"visualjournalism.de\",\"potentialAction\":[{\"@type\":\"SearchAction\",\"target\":{\"@type\":\"EntryPoint\",\"urlTemplate\":\"https:\\\/\\\/visualjournalism.de\\\/en\\\/?s={search_term_string}\"},\"query-input\":{\"@type\":\"PropertyValueSpecification\",\"valueRequired\":true,\"valueName\":\"search_term_string\"}}],\"inLanguage\":\"en-US\"},{\"@type\":\"Organization\",\"@id\":\"https:\\\/\\\/visualjournalism.de\\\/en\\\/#organization\",\"name\":\"Hochschule Hannover \u2013 University of Applied Sciences and Arts\",\"alternateName\":\"HsH\",\"url\":\"https:\\\/\\\/visualjournalism.de\\\/en\\\/\",\"logo\":{\"@type\":\"ImageObject\",\"inLanguage\":\"en-US\",\"@id\":\"https:\\\/\\\/visualjournalism.de\\\/en\\\/#\\\/schema\\\/logo\\\/image\\\/\",\"url\":\"https:\\\/\\\/visualjournalism.de\\\/wp-content\\\/uploads\\\/logo-hochschule-hannover.png\",\"contentUrl\":\"https:\\\/\\\/visualjournalism.de\\\/wp-content\\\/uploads\\\/logo-hochschule-hannover.png\",\"width\":363,\"height\":270,\"caption\":\"Hochschule Hannover \u2013 University of Applied Sciences and Arts\"},\"image\":{\"@id\":\"https:\\\/\\\/visualjournalism.de\\\/en\\\/#\\\/schema\\\/logo\\\/image\\\/\"},\"sameAs\":[\"https:\\\/\\\/www.facebook.com\\\/people\\\/wwwfotostudentende\\\/100065173703897\\\/\",\"https:\\\/\\\/x.com\\\/HsHannover\",\"https:\\\/\\\/www.instagram.com\\\/visualjournalism.de\\\/\"]}]}<\/script>\n<!-- \/ Yoast SEO Premium plugin. -->","yoast_head_json":{"title":"Polina Schneider &#8211; Visual Journalism and Documentary Photography","robots":{"index":"index","follow":"follow","max-snippet":"max-snippet:-1","max-image-preview":"max-image-preview:large","max-video-preview":"max-video-preview:-1"},"canonical":"https:\/\/visualjournalism.de\/en\/polina-schneider\/","og_locale":"en_US","og_type":"article","og_title":"Polina Schneider","og_url":"https:\/\/visualjournalism.de\/en\/polina-schneider\/","og_site_name":"Visual Journalism and Documentary Photography","article_publisher":"https:\/\/www.facebook.com\/people\/wwwfotostudentende\/100065173703897\/","article_modified_time":"2025-02-19T08:24:48+00:00","twitter_card":"summary_large_image","twitter_site":"@HsHannover","twitter_misc":{"Est. reading time":"2 minutes"},"schema":{"@context":"https:\/\/schema.org","@graph":[{"@type":"WebPage","@id":"https:\/\/visualjournalism.de\/en\/polina-schneider\/","url":"https:\/\/visualjournalism.de\/en\/polina-schneider\/","name":"Polina Schneider &#8211; Visual Journalism and Documentary Photography","isPartOf":{"@id":"https:\/\/visualjournalism.de\/en\/#website"},"datePublished":"2023-05-31T14:28:21+00:00","dateModified":"2025-02-19T08:24:48+00:00","breadcrumb":{"@id":"https:\/\/visualjournalism.de\/en\/polina-schneider\/#breadcrumb"},"inLanguage":"en-US","potentialAction":[{"@type":"ReadAction","target":["https:\/\/visualjournalism.de\/en\/polina-schneider\/"]}]},{"@type":"BreadcrumbList","@id":"https:\/\/visualjournalism.de\/en\/polina-schneider\/#breadcrumb","itemListElement":[{"@type":"ListItem","position":1,"name":"Home","item":"https:\/\/visualjournalism.de\/en\/"},{"@type":"ListItem","position":2,"name":"Polina Schneider"}]},{"@type":"WebSite","@id":"https:\/\/visualjournalism.de\/en\/#website","url":"https:\/\/visualjournalism.de\/en\/","name":"Visual Journalism and Documentary Photography","description":"All about the bilingual bachelor&#039;s program at Hannover University of Applied Sciences and Arts.","publisher":{"@id":"https:\/\/visualjournalism.de\/en\/#organization"},"alternateName":"visualjournalism.de","potentialAction":[{"@type":"SearchAction","target":{"@type":"EntryPoint","urlTemplate":"https:\/\/visualjournalism.de\/en\/?s={search_term_string}"},"query-input":{"@type":"PropertyValueSpecification","valueRequired":true,"valueName":"search_term_string"}}],"inLanguage":"en-US"},{"@type":"Organization","@id":"https:\/\/visualjournalism.de\/en\/#organization","name":"Hochschule Hannover \u2013 University of Applied Sciences and Arts","alternateName":"HsH","url":"https:\/\/visualjournalism.de\/en\/","logo":{"@type":"ImageObject","inLanguage":"en-US","@id":"https:\/\/visualjournalism.de\/en\/#\/schema\/logo\/image\/","url":"https:\/\/visualjournalism.de\/wp-content\/uploads\/logo-hochschule-hannover.png","contentUrl":"https:\/\/visualjournalism.de\/wp-content\/uploads\/logo-hochschule-hannover.png","width":363,"height":270,"caption":"Hochschule Hannover \u2013 University of Applied Sciences and Arts"},"image":{"@id":"https:\/\/visualjournalism.de\/en\/#\/schema\/logo\/image\/"},"sameAs":["https:\/\/www.facebook.com\/people\/wwwfotostudentende\/100065173703897\/","https:\/\/x.com\/HsHannover","https:\/\/www.instagram.com\/visualjournalism.de\/"]}]}},"_links":{"self":[{"href":"https:\/\/visualjournalism.de\/en\/wp-json\/wp\/v2\/pages\/19717","targetHints":{"allow":["GET"]}}],"collection":[{"href":"https:\/\/visualjournalism.de\/en\/wp-json\/wp\/v2\/pages"}],"about":[{"href":"https:\/\/visualjournalism.de\/en\/wp-json\/wp\/v2\/types\/page"}],"author":[{"embeddable":true,"href":"https:\/\/visualjournalism.de\/en\/wp-json\/wp\/v2\/users\/35"}],"replies":[{"embeddable":true,"href":"https:\/\/visualjournalism.de\/en\/wp-json\/wp\/v2\/comments?post=19717"}],"version-history":[{"count":0,"href":"https:\/\/visualjournalism.de\/en\/wp-json\/wp\/v2\/pages\/19717\/revisions"}],"wp:attachment":[{"href":"https:\/\/visualjournalism.de\/en\/wp-json\/wp\/v2\/media?parent=19717"}],"curies":[{"name":"wp","href":"https:\/\/api.w.org\/{rel}","templated":true}]}}