{"id":20375,"date":"2023-06-06T10:42:22","date_gmt":"2023-06-06T10:42:22","guid":{"rendered":"https:\/\/visualjournalism.de\/?page_id=20375"},"modified":"2025-04-12T07:30:15","modified_gmt":"2025-04-12T07:30:15","slug":"kaja-gerdes","status":"publish","type":"page","link":"https:\/\/visualjournalism.de\/en\/kaja-gerdes\/","title":{"rendered":"Kaja Gerdes"},"content":{"rendered":"\n \n\n    <div id=\"lead-in-block_721b27db845d64320ad2b73ec5ee7bae\" class=\"block-lead-in typo--default font-size--xl has-spacing--m width--default\">\n        <h1><strong>Kaja Gerdes<\/strong><\/h1>\n    <\/div>\n\n\n\n\n<div class=\"pinned-block has-spacing--none\">\n\t\n\n<div class=\"pinned-block__column--left\">\n    \n    <figure class=\"block-photo post__image--full has-spacing--m no-title\">\n\n        <div class=\"post__image__container\">\n            <img loading=\"lazy\" decoding=\"async\" \n                src=\"https:\/\/visualjournalism.de\/wp-content\/uploads\/DSCF7186-2-1400x1400.jpg\"\n                srcset=\"https:\/\/visualjournalism.de\/wp-content\/uploads\/DSCF7186-2-1400x1400.jpg 1400w, https:\/\/visualjournalism.de\/wp-content\/uploads\/DSCF7186-2-300x300.jpg 300w, https:\/\/visualjournalism.de\/wp-content\/uploads\/DSCF7186-2-1024x1024.jpg 1024w, https:\/\/visualjournalism.de\/wp-content\/uploads\/DSCF7186-2-150x150.jpg 150w, https:\/\/visualjournalism.de\/wp-content\/uploads\/DSCF7186-2-768x768.jpg 768w, https:\/\/visualjournalism.de\/wp-content\/uploads\/DSCF7186-2-1050x1050.jpg 1050w, https:\/\/visualjournalism.de\/wp-content\/uploads\/DSCF7186-2-670x670.jpg 670w, https:\/\/visualjournalism.de\/wp-content\/uploads\/DSCF7186-2-420x420.jpg 420w, https:\/\/visualjournalism.de\/wp-content\/uploads\/DSCF7186-2-350x350.jpg 350w, https:\/\/visualjournalism.de\/wp-content\/uploads\/DSCF7186-2-52x52.jpg 52w, https:\/\/visualjournalism.de\/wp-content\/uploads\/DSCF7186-2-68x68.jpg 68w, https:\/\/visualjournalism.de\/wp-content\/uploads\/DSCF7186-2-96x96.jpg 96w, https:\/\/visualjournalism.de\/wp-content\/uploads\/DSCF7186-2.jpg 1500w\"\n                width=\"1400\" \n                height=\"1400\"\n                alt=\"\" \n            \/>\n            \n                    <\/div><!-- post__image__container -->\n\n        \n    <\/figure><!-- post__image -->\n\n\n\n<\/div>\n\n\n<div class=\"pinned-block__column--right\">\n    \n\n<p class=\"post__paragraph is-style-typo--soehne has-spacing--default\"><strong>Kaja Gerdes <\/strong>wurde 2002 in Aurich geboren. Nach ihrem Abitur im Jahr 2022 hat sie ein Praktikum bei der Ostfriesen Zeitung gemacht und dort einige Artikel ver\u00f6ffentlicht. Danach fing sie ihr Journalistik-Studium in Hannover an. <\/p>\n\n\n\n<p class=\"post__paragraph is-style-typo--soehne has-spacing--default\">Bei ihren Projekten widmet sie sich Themen, die sie selber bewegen und vor allem in ihrer Generation von Relevanz sind.<\/p>\n\n\n\n<p class=\"post__paragraph is-style-typo--soehne has-spacing--none\"><strong>Kontakt:<\/strong><br>Mail: <a href=\"mailto:kaja.gerdes1@gmx.de\">kaja.gerdes@stud.hs-hannover.de<\/a><\/p>\n\n\n<\/div>\n<\/div>\n\n\n<div class=\"devider has-spacing--none\">\n    <hr>\n<\/div>\n\n\n \n\n    <div id=\"lead-in-block_9aa21f3e5e9b102102a3d258a29b6d32\" class=\"block-lead-in typo--default font-size--xl has-spacing--s width--default\">\n        <h2><strong>Kajas Beitr\u00e4ge:<\/strong><\/h2>\n    <\/div>\n\n\n\n\n<div class=\"two-columns-teaser has-spacing--m\">\n\n    \r\n<article class=\"post-teaser post-59260 magazin type-magazin status-publish has-post-thumbnail hentry magazinkategorie-arbeit\">\r\n\t<header class=\"entry-header\">\r\n\r\n\t\t<div class=\"entry-categories\">\n\t<a class=\"post__tag\" href=\"https:\/\/visualjournalism.de\/magazin-kategorie\/arbeit\/\" rel=\"category tag\">Arbeit<\/a><\/div>\r\n\t\t<a href=\"https:\/\/visualjournalism.de\/en\/magazine\/arbeit\/der-philosoph-der-die-bueros-leerte\/\" rel=\"bookmark\">\r\n\t\t\t<h2 class=\"entry-title\">Der Philosoph, der die B\u00fcros leerte.<\/h2>\r\n\t\t\t<p class=\"entry-excerpt\">New Work entstand nicht mit Corona, sondern aus der radikalen Vision eines Denkers der 80er-Jahre. Seine Ideen sind heute aktueller denn je. <\/p>\r\n\t\t<\/a>\r\n\r\n\t<\/header><!-- .entry-header -->\r\n\r\n\t<figure class=\"post__image\">\r\n\t\t<a href=\"https:\/\/visualjournalism.de\/en\/magazine\/arbeit\/der-philosoph-der-die-bueros-leerte\/\" rel=\"bookmark\">\r\n\t\t\t<img loading=\"lazy\" decoding=\"async\" width=\"670\" height=\"377\" src=\"https:\/\/visualjournalism.de\/wp-content\/uploads\/DSC08367-670x377.jpg\" class=\"attachment-post-image--two-column size-post-image--two-column\" alt=\"Ein junger Mann mit hellbraunen Locken sitzt auf einem Klappstuhl. Der Hintergrund ist leuchtend orange. Er tr\u00e4gt einen weinroten Pullover, darunter ein hellblaues Hemd. Er tr\u00e4gt keine richtige Hose, aber bunte Socken mit Comic-Motiv. Seine Beine hat er \u00fcberschlagen. Neben ihm steht ein wei\u00dfer dreibeiniger Couchtisch, auf dem ein grauer Blumentopf mit einer Pflanze und eine rosa Tasse stehen. Er schaut konzentriert auf seinen Laptop auf seinem Scho\u00df. In seinen Ohren hat er Bluetooth-Kopfh\u00f6rer.\" srcset=\"https:\/\/visualjournalism.de\/wp-content\/uploads\/DSC08367-670x377.jpg 670w, https:\/\/visualjournalism.de\/wp-content\/uploads\/DSC08367-300x169.jpg 300w, https:\/\/visualjournalism.de\/wp-content\/uploads\/DSC08367-1024x576.jpg 1024w, https:\/\/visualjournalism.de\/wp-content\/uploads\/DSC08367-768x432.jpg 768w, https:\/\/visualjournalism.de\/wp-content\/uploads\/DSC08367-1536x864.jpg 1536w, https:\/\/visualjournalism.de\/wp-content\/uploads\/DSC08367-2048x1152.jpg 2048w, https:\/\/visualjournalism.de\/wp-content\/uploads\/DSC08367-1920x1080.jpg 1920w, https:\/\/visualjournalism.de\/wp-content\/uploads\/DSC08367-1400x788.jpg 1400w, https:\/\/visualjournalism.de\/wp-content\/uploads\/DSC08367-1050x591.jpg 1050w, https:\/\/visualjournalism.de\/wp-content\/uploads\/DSC08367-420x236.jpg 420w, https:\/\/visualjournalism.de\/wp-content\/uploads\/DSC08367-350x197.jpg 350w, https:\/\/visualjournalism.de\/wp-content\/uploads\/DSC08367-150x84.jpg 150w\" sizes=\"auto, (max-width: 670px) 100vw, 670px\" \/>\t\t<\/a>\r\n\t<\/figure><!-- .post__image -->\r\n\r\n<\/article>\r\n\r\n<article class=\"post-teaser post-20437 magazin type-magazin status-publish has-post-thumbnail hentry magazinkategorie-ideale\">\r\n\t<header class=\"entry-header\">\r\n\r\n\t\t<div class=\"entry-categories\">\n\t<a class=\"post__tag\" href=\"https:\/\/visualjournalism.de\/magazin-kategorie\/ideale\/\" rel=\"category tag\">Ideale<\/a><\/div>\r\n\t\t<a href=\"https:\/\/visualjournalism.de\/en\/magazine\/ideale\/ideale-in-der-familie-nein-mama-und-papa-ich-werde-keine-arztin\/\" rel=\"bookmark\">\r\n\t\t\t<h2 class=\"entry-title\">Nein Mama und Papa, ich werde keine \u00c4rztin!<\/h2>\r\n\t\t\t<p class=\"entry-excerpt\">Wenn Eltern versuchen, ihre eigenen Ideale auf ihre Kinder zu projizieren. Ein Gespr\u00e4ch mit der Autorin Ulrike Bartholom\u00e4us.<\/p>\r\n\t\t<\/a>\r\n\r\n\t<\/header><!-- .entry-header -->\r\n\r\n\t<figure class=\"post__image\">\r\n\t\t<a href=\"https:\/\/visualjournalism.de\/en\/magazine\/ideale\/ideale-in-der-familie-nein-mama-und-papa-ich-werde-keine-arztin\/\" rel=\"bookmark\">\r\n\t\t\t<img loading=\"lazy\" decoding=\"async\" width=\"670\" height=\"425\" src=\"https:\/\/visualjournalism.de\/wp-content\/uploads\/ulrike-bartholomaeus-72dpi-670x425.jpg\" class=\"attachment-post-image--two-column size-post-image--two-column\" alt=\"\" srcset=\"https:\/\/visualjournalism.de\/wp-content\/uploads\/ulrike-bartholomaeus-72dpi-670x425.jpg 670w, https:\/\/visualjournalism.de\/wp-content\/uploads\/ulrike-bartholomaeus-72dpi-300x190.jpg 300w, https:\/\/visualjournalism.de\/wp-content\/uploads\/ulrike-bartholomaeus-72dpi-1024x649.jpg 1024w, https:\/\/visualjournalism.de\/wp-content\/uploads\/ulrike-bartholomaeus-72dpi-768x487.jpg 768w, https:\/\/visualjournalism.de\/wp-content\/uploads\/ulrike-bartholomaeus-72dpi-1536x973.jpg 1536w, https:\/\/visualjournalism.de\/wp-content\/uploads\/ulrike-bartholomaeus-72dpi-1400x887.jpg 1400w, https:\/\/visualjournalism.de\/wp-content\/uploads\/ulrike-bartholomaeus-72dpi-1050x665.jpg 1050w, https:\/\/visualjournalism.de\/wp-content\/uploads\/ulrike-bartholomaeus-72dpi-420x266.jpg 420w, https:\/\/visualjournalism.de\/wp-content\/uploads\/ulrike-bartholomaeus-72dpi-350x222.jpg 350w, https:\/\/visualjournalism.de\/wp-content\/uploads\/ulrike-bartholomaeus-72dpi-150x95.jpg 150w, https:\/\/visualjournalism.de\/wp-content\/uploads\/ulrike-bartholomaeus-72dpi.jpg 1600w\" sizes=\"auto, (max-width: 670px) 100vw, 670px\" \/>\t\t<\/a>\r\n\t<\/figure><!-- .post__image -->\r\n\r\n<\/article>\r\n\n<\/div><!-- .2-columns-teaser-->\n\n    \n\n\n<div class=\"wp-block-group has-spacing--default has-spacing--default\">\n<div class=\"devider has-spacing--none\">\n    <hr>\n<\/div>\n\n\n \n\n    <div id=\"lead-in-block_e09ff7f731d1e8ce1c1041cb2b11b076\" class=\"block-lead-in typo--default font-size--xl has-spacing--s width--default\">\n        <p><strong>Empfehlungen der Redaktion:<\/strong><\/p>\n    <\/div>\n\n\n\n\r\n\r\n\r\n\n\n\r\n\r\n\r\n\r\n        <div class=\"teaser-grid grid-layout--3col has-spacing--s width--inline\">\r\n\r\n            \r\n                <article class=\"post-teaser\">\r\n\r\n                    <a href=\"https:\/\/visualjournalism.de\/en\/magazine\/ratgeber\/grossformatfotografie-wer-tut-sich-das-noch-an\/\" rel=\"permalink\">\r\n\r\n                        <div class=\"post-teaser__content\">\r\n\r\n                            <span class=\"entry-categories\">Ratgeber<\/span>\r\n                            <h3 class=\"post-teaser__headline\">\r\n                                Gro\u00dfformatfotografie: Wer tut sich das noch an?                            <\/h3>\r\n\r\n                            <div class=\"post-teaser__excerpt\">\r\n                                <p>Warum ich freiwillig eine Kamera durch die Weltgeschichte schleppe, die so schwer ist, wie ein Sack Zement, verrate ich dir in diesem Ratgeber!<\/p>\r\n                            <\/div>\r\n\r\n                        <\/div><!-- .post-teaser__content -->\r\n\r\n\r\n                        \r\n                            <figure class=\"post-teaser__image\">\r\n                                <img loading=\"lazy\" decoding=\"async\"  \r\n                                    src=\"https:\/\/visualjournalism.de\/wp-content\/uploads\/Ludwig-Nikulski-MathildaTheo-768x960.jpg\" \r\n                                    srcset=\"https:\/\/visualjournalism.de\/wp-content\/uploads\/Ludwig-Nikulski-MathildaTheo-768x960.jpg 768w, https:\/\/visualjournalism.de\/wp-content\/uploads\/Ludwig-Nikulski-MathildaTheo-240x300.jpg 240w, https:\/\/visualjournalism.de\/wp-content\/uploads\/Ludwig-Nikulski-MathildaTheo-819x1024.jpg 819w, https:\/\/visualjournalism.de\/wp-content\/uploads\/Ludwig-Nikulski-MathildaTheo-1050x1313.jpg 1050w, https:\/\/visualjournalism.de\/wp-content\/uploads\/Ludwig-Nikulski-MathildaTheo-670x838.jpg 670w, https:\/\/visualjournalism.de\/wp-content\/uploads\/Ludwig-Nikulski-MathildaTheo-420x525.jpg 420w, https:\/\/visualjournalism.de\/wp-content\/uploads\/Ludwig-Nikulski-MathildaTheo-350x438.jpg 350w, https:\/\/visualjournalism.de\/wp-content\/uploads\/Ludwig-Nikulski-MathildaTheo-300x375.jpg 300w, https:\/\/visualjournalism.de\/wp-content\/uploads\/Ludwig-Nikulski-MathildaTheo-150x188.jpg 150w, https:\/\/visualjournalism.de\/wp-content\/uploads\/Ludwig-Nikulski-MathildaTheo.jpg 1200w\" \r\n                                    width=\"768\"  \r\n                                    height=\"960\" \r\n                                    alt=\"\"\r\n                                \/>\r\n                            <\/figure>\r\n\r\n                        \r\n                    \r\n                    <\/a>\r\n\r\n                <\/article><!--- .post-teaser-->\r\n\r\n            \r\n                <article class=\"post-teaser\">\r\n\r\n                    <a href=\"https:\/\/visualjournalism.de\/en\/magazine\/ratgeber\/professionelle-kamera-fuer-fotografen-warum-nicht-die-marke-zaehlt\/\" rel=\"permalink\">\r\n\r\n                        <div class=\"post-teaser__content\">\r\n\r\n                            <span class=\"entry-categories\">Ratgeber<\/span>\r\n                            <h3 class=\"post-teaser__headline\">\r\n                                Professionelle Kameras f\u00fcr Fotograf*innen: Warum nicht die Marke z\u00e4hlt                            <\/h3>\r\n\r\n                            <div class=\"post-teaser__excerpt\">\r\n                                <p>Analog oder digital, Vollformat oder APSC, Spiegelreflex oder spiegellos: Die Magnum-Fotografin Nanna Heitmann und Lehrende der Hochschule Hannover zeigen, warum am Ende nicht die Technik, sondern die Person entscheidend ist.<\/p>\r\n                            <\/div>\r\n\r\n                        <\/div><!-- .post-teaser__content -->\r\n\r\n\r\n                        \r\n                            <figure class=\"post-teaser__image\">\r\n                                <img loading=\"lazy\" decoding=\"async\"  \r\n                                    src=\"https:\/\/visualjournalism.de\/wp-content\/uploads\/13_20221214-R0001254-scaled-1-e1755767975431-768x513.jpg\" \r\n                                    srcset=\"https:\/\/visualjournalism.de\/wp-content\/uploads\/13_20221214-R0001254-scaled-1-e1755767975431-768x513.jpg 768w, https:\/\/visualjournalism.de\/wp-content\/uploads\/13_20221214-R0001254-scaled-1-e1755767975431-300x200.jpg 300w, https:\/\/visualjournalism.de\/wp-content\/uploads\/13_20221214-R0001254-scaled-1-e1755767975431-1024x683.jpg 1024w, https:\/\/visualjournalism.de\/wp-content\/uploads\/13_20221214-R0001254-scaled-1-e1755767975431-1536x1025.jpg 1536w, https:\/\/visualjournalism.de\/wp-content\/uploads\/13_20221214-R0001254-scaled-1-e1755767975431-2048x1367.jpg 2048w, https:\/\/visualjournalism.de\/wp-content\/uploads\/13_20221214-R0001254-scaled-1-e1755767975431-1920x1282.jpg 1920w, https:\/\/visualjournalism.de\/wp-content\/uploads\/13_20221214-R0001254-scaled-1-e1755767975431-1400x934.jpg 1400w, https:\/\/visualjournalism.de\/wp-content\/uploads\/13_20221214-R0001254-scaled-1-e1755767975431-1050x701.jpg 1050w, https:\/\/visualjournalism.de\/wp-content\/uploads\/13_20221214-R0001254-scaled-1-e1755767975431-670x447.jpg 670w, https:\/\/visualjournalism.de\/wp-content\/uploads\/13_20221214-R0001254-scaled-1-e1755767975431-420x280.jpg 420w, https:\/\/visualjournalism.de\/wp-content\/uploads\/13_20221214-R0001254-scaled-1-e1755767975431-350x234.jpg 350w, https:\/\/visualjournalism.de\/wp-content\/uploads\/13_20221214-R0001254-scaled-1-e1755767975431-150x100.jpg 150w\" \r\n                                    width=\"768\"  \r\n                                    height=\"513\" \r\n                                    alt=\"In einem Workshop an der Hochschule Hannover geben Studierenden (hier Michael Matthey, mittig im Bild) ihre Erfahrungen mit Gro\u00dfformatfotografie an Mitstudierende weiter.\"\r\n                                \/>\r\n                            <\/figure>\r\n\r\n                        \r\n                    \r\n                    <\/a>\r\n\r\n                <\/article><!--- .post-teaser-->\r\n\r\n            \r\n                <article class=\"post-teaser\">\r\n\r\n                    <a href=\"https:\/\/visualjournalism.de\/en\/magazine\/ratgeber\/organisieren-in-lightroom-classic\/\" rel=\"permalink\">\r\n\r\n                        <div class=\"post-teaser__content\">\r\n\r\n                            <span class=\"entry-categories\">Ratgeber<\/span>\r\n                            <h3 class=\"post-teaser__headline\">\r\n                                Organisieren in Lightroom Classic leicht gemacht.                            <\/h3>\r\n\r\n                            <div class=\"post-teaser__excerpt\">\r\n                                <p>Dieser Ratgeber zeigt dir einen einfachen Workflow, mit dem du deine Fotos schnell organisierst und gezielt ausw\u00e4hlen kannst!<\/p>\r\n                            <\/div>\r\n\r\n                        <\/div><!-- .post-teaser__content -->\r\n\r\n\r\n                        \r\n                            <figure class=\"post-teaser__image\">\r\n                                <img loading=\"lazy\" decoding=\"async\"  \r\n                                    src=\"https:\/\/visualjournalism.de\/wp-content\/uploads\/Janek_Stempel_Lightroom_2-768x512.jpg\" \r\n                                    srcset=\"https:\/\/visualjournalism.de\/wp-content\/uploads\/Janek_Stempel_Lightroom_2-768x512.jpg 768w, https:\/\/visualjournalism.de\/wp-content\/uploads\/Janek_Stempel_Lightroom_2-300x200.jpg 300w, https:\/\/visualjournalism.de\/wp-content\/uploads\/Janek_Stempel_Lightroom_2-1024x683.jpg 1024w, https:\/\/visualjournalism.de\/wp-content\/uploads\/Janek_Stempel_Lightroom_2-1536x1024.jpg 1536w, https:\/\/visualjournalism.de\/wp-content\/uploads\/Janek_Stempel_Lightroom_2-2048x1365.jpg 2048w, https:\/\/visualjournalism.de\/wp-content\/uploads\/Janek_Stempel_Lightroom_2-1920x1280.jpg 1920w, https:\/\/visualjournalism.de\/wp-content\/uploads\/Janek_Stempel_Lightroom_2-1400x933.jpg 1400w, https:\/\/visualjournalism.de\/wp-content\/uploads\/Janek_Stempel_Lightroom_2-1050x700.jpg 1050w, https:\/\/visualjournalism.de\/wp-content\/uploads\/Janek_Stempel_Lightroom_2-670x447.jpg 670w, https:\/\/visualjournalism.de\/wp-content\/uploads\/Janek_Stempel_Lightroom_2-420x280.jpg 420w, https:\/\/visualjournalism.de\/wp-content\/uploads\/Janek_Stempel_Lightroom_2-350x233.jpg 350w, https:\/\/visualjournalism.de\/wp-content\/uploads\/Janek_Stempel_Lightroom_2-150x100.jpg 150w\" \r\n                                    width=\"768\"  \r\n                                    height=\"512\" \r\n                                    alt=\"\"\r\n                                \/>\r\n                            <\/figure>\r\n\r\n                        \r\n                    \r\n                    <\/a>\r\n\r\n                <\/article><!--- .post-teaser-->\r\n\r\n            \r\n        <\/div><!-- .teaser-grid -->\r\n\r\n\n\n\r\n\r\n\r\n\n\n\n    <div class=\"btn-wrapper has-spacing--m\">\n        <a class=\"btn\" href=\"https:\/\/visualjournalism.de\/magazin\/\" target=\"_blank\">ZUR MAGAZIN-STARTSEITE<\/a>\n    <\/div>\n<\/div>\n","protected":false},"excerpt":{"rendered":"","protected":false},"author":25,"featured_media":20662,"parent":0,"menu_order":0,"comment_status":"closed","ping_status":"closed","template":"","meta":{"_acf_changed":false,"footnotes":""},"class_list":["post-20375","page","type-page","status-publish","has-post-thumbnail","hentry"],"acf":[],"yoast_head":"<!-- This site is optimized with the Yoast SEO Premium plugin v27.3 (Yoast SEO v27.3) - https:\/\/yoast.com\/product\/yoast-seo-premium-wordpress\/ -->\n<title>Kaja Gerdes &#8211; Visual Journalism and Documentary Photography<\/title>\n<meta name=\"robots\" content=\"index, follow, max-snippet:-1, max-image-preview:large, max-video-preview:-1\" \/>\n<link rel=\"canonical\" href=\"https:\/\/visualjournalism.de\/en\/kaja-gerdes\/\" \/>\n<meta property=\"og:locale\" content=\"en_US\" \/>\n<meta property=\"og:type\" content=\"article\" \/>\n<meta property=\"og:title\" content=\"Kaja Gerdes\" \/>\n<meta property=\"og:url\" content=\"https:\/\/visualjournalism.de\/en\/kaja-gerdes\/\" \/>\n<meta property=\"og:site_name\" content=\"Visual Journalism and Documentary Photography\" \/>\n<meta property=\"article:publisher\" content=\"https:\/\/www.facebook.com\/people\/wwwfotostudentende\/100065173703897\/\" \/>\n<meta property=\"article:modified_time\" content=\"2025-04-12T07:30:15+00:00\" \/>\n<meta property=\"og:image\" content=\"https:\/\/visualjournalism.de\/wp-content\/uploads\/DSCF7186-2.jpg\" \/>\n\t<meta property=\"og:image:width\" content=\"1500\" \/>\n\t<meta property=\"og:image:height\" content=\"1500\" \/>\n\t<meta property=\"og:image:type\" content=\"image\/jpeg\" \/>\n<meta name=\"twitter:card\" content=\"summary_large_image\" \/>\n<meta name=\"twitter:site\" content=\"@HsHannover\" \/>\n<meta name=\"twitter:label1\" content=\"Est. reading time\" \/>\n\t<meta name=\"twitter:data1\" content=\"1 minute\" \/>\n<script type=\"application\/ld+json\" class=\"yoast-schema-graph\">{\"@context\":\"https:\\\/\\\/schema.org\",\"@graph\":[{\"@type\":\"WebPage\",\"@id\":\"https:\\\/\\\/visualjournalism.de\\\/en\\\/kaja-gerdes\\\/\",\"url\":\"https:\\\/\\\/visualjournalism.de\\\/en\\\/kaja-gerdes\\\/\",\"name\":\"Kaja Gerdes &#8211; Visual Journalism and Documentary Photography\",\"isPartOf\":{\"@id\":\"https:\\\/\\\/visualjournalism.de\\\/en\\\/#website\"},\"primaryImageOfPage\":{\"@id\":\"https:\\\/\\\/visualjournalism.de\\\/en\\\/kaja-gerdes\\\/#primaryimage\"},\"image\":{\"@id\":\"https:\\\/\\\/visualjournalism.de\\\/en\\\/kaja-gerdes\\\/#primaryimage\"},\"thumbnailUrl\":\"https:\\\/\\\/visualjournalism.de\\\/wp-content\\\/uploads\\\/DSCF7186-2.jpg\",\"datePublished\":\"2023-06-06T10:42:22+00:00\",\"dateModified\":\"2025-04-12T07:30:15+00:00\",\"breadcrumb\":{\"@id\":\"https:\\\/\\\/visualjournalism.de\\\/en\\\/kaja-gerdes\\\/#breadcrumb\"},\"inLanguage\":\"en-US\",\"potentialAction\":[{\"@type\":\"ReadAction\",\"target\":[\"https:\\\/\\\/visualjournalism.de\\\/en\\\/kaja-gerdes\\\/\"]}]},{\"@type\":\"ImageObject\",\"inLanguage\":\"en-US\",\"@id\":\"https:\\\/\\\/visualjournalism.de\\\/en\\\/kaja-gerdes\\\/#primaryimage\",\"url\":\"https:\\\/\\\/visualjournalism.de\\\/wp-content\\\/uploads\\\/DSCF7186-2.jpg\",\"contentUrl\":\"https:\\\/\\\/visualjournalism.de\\\/wp-content\\\/uploads\\\/DSCF7186-2.jpg\",\"width\":1500,\"height\":1500},{\"@type\":\"BreadcrumbList\",\"@id\":\"https:\\\/\\\/visualjournalism.de\\\/en\\\/kaja-gerdes\\\/#breadcrumb\",\"itemListElement\":[{\"@type\":\"ListItem\",\"position\":1,\"name\":\"Home\",\"item\":\"https:\\\/\\\/visualjournalism.de\\\/en\\\/\"},{\"@type\":\"ListItem\",\"position\":2,\"name\":\"Kaja Gerdes\"}]},{\"@type\":\"WebSite\",\"@id\":\"https:\\\/\\\/visualjournalism.de\\\/en\\\/#website\",\"url\":\"https:\\\/\\\/visualjournalism.de\\\/en\\\/\",\"name\":\"Visual Journalism and Documentary Photography\",\"description\":\"All about the bilingual bachelor&#039;s program at Hannover University of Applied Sciences and Arts.\",\"publisher\":{\"@id\":\"https:\\\/\\\/visualjournalism.de\\\/en\\\/#organization\"},\"alternateName\":\"visualjournalism.de\",\"potentialAction\":[{\"@type\":\"SearchAction\",\"target\":{\"@type\":\"EntryPoint\",\"urlTemplate\":\"https:\\\/\\\/visualjournalism.de\\\/en\\\/?s={search_term_string}\"},\"query-input\":{\"@type\":\"PropertyValueSpecification\",\"valueRequired\":true,\"valueName\":\"search_term_string\"}}],\"inLanguage\":\"en-US\"},{\"@type\":\"Organization\",\"@id\":\"https:\\\/\\\/visualjournalism.de\\\/en\\\/#organization\",\"name\":\"Hochschule Hannover \u2013 University of Applied Sciences and Arts\",\"alternateName\":\"HsH\",\"url\":\"https:\\\/\\\/visualjournalism.de\\\/en\\\/\",\"logo\":{\"@type\":\"ImageObject\",\"inLanguage\":\"en-US\",\"@id\":\"https:\\\/\\\/visualjournalism.de\\\/en\\\/#\\\/schema\\\/logo\\\/image\\\/\",\"url\":\"https:\\\/\\\/visualjournalism.de\\\/wp-content\\\/uploads\\\/logo-hochschule-hannover.png\",\"contentUrl\":\"https:\\\/\\\/visualjournalism.de\\\/wp-content\\\/uploads\\\/logo-hochschule-hannover.png\",\"width\":363,\"height\":270,\"caption\":\"Hochschule Hannover \u2013 University of Applied Sciences and Arts\"},\"image\":{\"@id\":\"https:\\\/\\\/visualjournalism.de\\\/en\\\/#\\\/schema\\\/logo\\\/image\\\/\"},\"sameAs\":[\"https:\\\/\\\/www.facebook.com\\\/people\\\/wwwfotostudentende\\\/100065173703897\\\/\",\"https:\\\/\\\/x.com\\\/HsHannover\",\"https:\\\/\\\/www.instagram.com\\\/visualjournalism.de\\\/\"]}]}<\/script>\n<!-- \/ Yoast SEO Premium plugin. -->","yoast_head_json":{"title":"Kaja Gerdes &#8211; Visual Journalism and Documentary Photography","robots":{"index":"index","follow":"follow","max-snippet":"max-snippet:-1","max-image-preview":"max-image-preview:large","max-video-preview":"max-video-preview:-1"},"canonical":"https:\/\/visualjournalism.de\/en\/kaja-gerdes\/","og_locale":"en_US","og_type":"article","og_title":"Kaja Gerdes","og_url":"https:\/\/visualjournalism.de\/en\/kaja-gerdes\/","og_site_name":"Visual Journalism and Documentary Photography","article_publisher":"https:\/\/www.facebook.com\/people\/wwwfotostudentende\/100065173703897\/","article_modified_time":"2025-04-12T07:30:15+00:00","og_image":[{"width":1500,"height":1500,"url":"https:\/\/visualjournalism.de\/wp-content\/uploads\/DSCF7186-2.jpg","type":"image\/jpeg"}],"twitter_card":"summary_large_image","twitter_site":"@HsHannover","twitter_misc":{"Est. reading time":"1 minute"},"schema":{"@context":"https:\/\/schema.org","@graph":[{"@type":"WebPage","@id":"https:\/\/visualjournalism.de\/en\/kaja-gerdes\/","url":"https:\/\/visualjournalism.de\/en\/kaja-gerdes\/","name":"Kaja Gerdes &#8211; Visual Journalism and Documentary Photography","isPartOf":{"@id":"https:\/\/visualjournalism.de\/en\/#website"},"primaryImageOfPage":{"@id":"https:\/\/visualjournalism.de\/en\/kaja-gerdes\/#primaryimage"},"image":{"@id":"https:\/\/visualjournalism.de\/en\/kaja-gerdes\/#primaryimage"},"thumbnailUrl":"https:\/\/visualjournalism.de\/wp-content\/uploads\/DSCF7186-2.jpg","datePublished":"2023-06-06T10:42:22+00:00","dateModified":"2025-04-12T07:30:15+00:00","breadcrumb":{"@id":"https:\/\/visualjournalism.de\/en\/kaja-gerdes\/#breadcrumb"},"inLanguage":"en-US","potentialAction":[{"@type":"ReadAction","target":["https:\/\/visualjournalism.de\/en\/kaja-gerdes\/"]}]},{"@type":"ImageObject","inLanguage":"en-US","@id":"https:\/\/visualjournalism.de\/en\/kaja-gerdes\/#primaryimage","url":"https:\/\/visualjournalism.de\/wp-content\/uploads\/DSCF7186-2.jpg","contentUrl":"https:\/\/visualjournalism.de\/wp-content\/uploads\/DSCF7186-2.jpg","width":1500,"height":1500},{"@type":"BreadcrumbList","@id":"https:\/\/visualjournalism.de\/en\/kaja-gerdes\/#breadcrumb","itemListElement":[{"@type":"ListItem","position":1,"name":"Home","item":"https:\/\/visualjournalism.de\/en\/"},{"@type":"ListItem","position":2,"name":"Kaja Gerdes"}]},{"@type":"WebSite","@id":"https:\/\/visualjournalism.de\/en\/#website","url":"https:\/\/visualjournalism.de\/en\/","name":"Visual Journalism and Documentary Photography","description":"All about the bilingual bachelor&#039;s program at Hannover University of Applied Sciences and Arts.","publisher":{"@id":"https:\/\/visualjournalism.de\/en\/#organization"},"alternateName":"visualjournalism.de","potentialAction":[{"@type":"SearchAction","target":{"@type":"EntryPoint","urlTemplate":"https:\/\/visualjournalism.de\/en\/?s={search_term_string}"},"query-input":{"@type":"PropertyValueSpecification","valueRequired":true,"valueName":"search_term_string"}}],"inLanguage":"en-US"},{"@type":"Organization","@id":"https:\/\/visualjournalism.de\/en\/#organization","name":"Hochschule Hannover \u2013 University of Applied Sciences and Arts","alternateName":"HsH","url":"https:\/\/visualjournalism.de\/en\/","logo":{"@type":"ImageObject","inLanguage":"en-US","@id":"https:\/\/visualjournalism.de\/en\/#\/schema\/logo\/image\/","url":"https:\/\/visualjournalism.de\/wp-content\/uploads\/logo-hochschule-hannover.png","contentUrl":"https:\/\/visualjournalism.de\/wp-content\/uploads\/logo-hochschule-hannover.png","width":363,"height":270,"caption":"Hochschule Hannover \u2013 University of Applied Sciences and Arts"},"image":{"@id":"https:\/\/visualjournalism.de\/en\/#\/schema\/logo\/image\/"},"sameAs":["https:\/\/www.facebook.com\/people\/wwwfotostudentende\/100065173703897\/","https:\/\/x.com\/HsHannover","https:\/\/www.instagram.com\/visualjournalism.de\/"]}]}},"_links":{"self":[{"href":"https:\/\/visualjournalism.de\/en\/wp-json\/wp\/v2\/pages\/20375","targetHints":{"allow":["GET"]}}],"collection":[{"href":"https:\/\/visualjournalism.de\/en\/wp-json\/wp\/v2\/pages"}],"about":[{"href":"https:\/\/visualjournalism.de\/en\/wp-json\/wp\/v2\/types\/page"}],"author":[{"embeddable":true,"href":"https:\/\/visualjournalism.de\/en\/wp-json\/wp\/v2\/users\/25"}],"replies":[{"embeddable":true,"href":"https:\/\/visualjournalism.de\/en\/wp-json\/wp\/v2\/comments?post=20375"}],"version-history":[{"count":0,"href":"https:\/\/visualjournalism.de\/en\/wp-json\/wp\/v2\/pages\/20375\/revisions"}],"wp:featuredmedia":[{"embeddable":true,"href":"https:\/\/visualjournalism.de\/en\/wp-json\/wp\/v2\/media\/20662"}],"wp:attachment":[{"href":"https:\/\/visualjournalism.de\/en\/wp-json\/wp\/v2\/media?parent=20375"}],"curies":[{"name":"wp","href":"https:\/\/api.w.org\/{rel}","templated":true}]}}