{"id":20937,"date":"2023-06-07T13:46:08","date_gmt":"2023-06-07T13:46:08","guid":{"rendered":"https:\/\/visualjournalism.de\/?page_id=20937"},"modified":"2025-07-29T19:00:54","modified_gmt":"2025-07-29T19:00:54","slug":"jelko-wronski","status":"publish","type":"page","link":"https:\/\/visualjournalism.de\/en\/jelko-wronski\/","title":{"rendered":"Jelko Wronski"},"content":{"rendered":"\n \n\n    <div id=\"lead-in-block_33a2b55be5fd3cc087de9d26c8916de2\" class=\"block-lead-in typo--soehne font-size--xl has-spacing--s width--full\">\n        <p><strong>Jelko Wronski<\/strong><\/p>\n    <\/div>\n\n\n\n\n<div class=\"pinned-block has-spacing--m\">\n\t\n\n<div class=\"pinned-block__column--left\">\n    \n    <figure class=\"block-photo post__image--wide-left has-spacing--xs with-title\">\n\n        <div class=\"post__image__container\">\n            <img loading=\"lazy\" decoding=\"async\" \n                src=\"https:\/\/visualjournalism.de\/wp-content\/uploads\/A7400669-1050x840.jpg\"\n                srcset=\"https:\/\/visualjournalism.de\/wp-content\/uploads\/A7400669-1050x840.jpg 1050w, https:\/\/visualjournalism.de\/wp-content\/uploads\/A7400669-300x240.jpg 300w, https:\/\/visualjournalism.de\/wp-content\/uploads\/A7400669-1024x819.jpg 1024w, https:\/\/visualjournalism.de\/wp-content\/uploads\/A7400669-768x614.jpg 768w, https:\/\/visualjournalism.de\/wp-content\/uploads\/A7400669-1536x1229.jpg 1536w, https:\/\/visualjournalism.de\/wp-content\/uploads\/A7400669-1920x1536.jpg 1920w, https:\/\/visualjournalism.de\/wp-content\/uploads\/A7400669-1400x1120.jpg 1400w, https:\/\/visualjournalism.de\/wp-content\/uploads\/A7400669-670x536.jpg 670w, https:\/\/visualjournalism.de\/wp-content\/uploads\/A7400669-420x336.jpg 420w, https:\/\/visualjournalism.de\/wp-content\/uploads\/A7400669-350x280.jpg 350w, https:\/\/visualjournalism.de\/wp-content\/uploads\/A7400669-150x120.jpg 150w, https:\/\/visualjournalism.de\/wp-content\/uploads\/A7400669.jpg 2000w\"\n                width=\"1050\" \n                height=\"840\"\n                alt=\"\" \n            \/>\n            \n                            <span class=\"post__image__title\">Foto : Lenny Steinhauer<\/span>\n                    <\/div><!-- post__image__container -->\n\n        \n    <\/figure><!-- post__image -->\n\n\n\n<\/div>\n\n\n<div class=\"pinned-block__column--right\">\n    \n\n<p class=\"post__paragraph is-style-typo--soehne has-spacing--default\"><strong>Jelko Wronski<\/strong> wurde 2001 in Oldenburg geboren. Er begann schon in seinen jungen Jahren damit, sich Geschichten auszudenken. In seiner Jugend intensivierte sich sein Interesse und er fing an Kurzgeschichten zu schreiben. Nach dem Abitur, einem FWJ an der Uni in Oldenburg und einem Praktikum bei dem Lokalsender Oldenburg Eins, entschied er sich dann f\u00fcr das Journalistikstudium.<\/p>\n\n\n\n<p class=\"post__paragraph is-style-typo--soehne has-spacing--default\">Seit dem September 2022 ist er nun an der Hochschule in Hannover. Besonders gefallen ihm die Schreibarbeiten, bei denen man k\u00fcnstlerisch und kreativ arbeiten kann.<br><br><strong>Kontakt<\/strong><br><a href=\"mailto:jelko.wronski@gmail.com\" target=\"_blank\" rel=\"noreferrer noopener\">jelko.wronski@gmail.com<\/a> <br><\/p>\n\n\n<\/div>\n<\/div>\n\n\n<div class=\"devider has-spacing--none\">\n    <hr>\n<\/div>\n\n\n \n\n    <div id=\"lead-in-block_da7c9b74b6988375b960ae8259844189\" class=\"block-lead-in typo--default font-size--xl has-spacing--xs width--default\">\n        <p><strong>Jelkos Beitr\u00e4ge:<\/strong><\/p>\n    <\/div>\n\n\n\n\n<div class=\"two-columns-teaser has-spacing--m\">\n\n    \r\n<article class=\"post-teaser post-55125 magazin type-magazin status-publish has-post-thumbnail hentry magazinkategorie-ratgeber\">\r\n\t<header class=\"entry-header\">\r\n\r\n\t\t<div class=\"entry-categories\">\n\t<a class=\"post__tag\" href=\"https:\/\/visualjournalism.de\/magazin-kategorie\/ratgeber\/\" rel=\"category tag\">Ratgeber<\/a><\/div>\r\n\t\t<a href=\"https:\/\/visualjournalism.de\/en\/magazine\/ratgeber\/politikerinnen-souveraen-interviewen\/\" rel=\"bookmark\">\r\n\t\t\t<h2 class=\"entry-title\">Politiker*innen souver\u00e4n interviewen \u2013 Die besten Tipps f\u00fcr ein sicheres Auftreten.<\/h2>\r\n\t\t\t<p class=\"entry-excerpt\">Ein Gespr\u00e4ch mit Politiker*innen kann schnell zum Machtkampf werden. Wie du selbst gegen Profis die Oberhand beh\u00e4ltst und typische Interviewfallen umgehst.<\/p>\r\n\t\t<\/a>\r\n\r\n\t<\/header><!-- .entry-header -->\r\n\r\n\t<figure class=\"post__image\">\r\n\t\t<a href=\"https:\/\/visualjournalism.de\/en\/magazine\/ratgeber\/politikerinnen-souveraen-interviewen\/\" rel=\"bookmark\">\r\n\t\t\t<img loading=\"lazy\" decoding=\"async\" width=\"670\" height=\"893\" src=\"https:\/\/visualjournalism.de\/wp-content\/uploads\/DSC4729-merz-politikerinterviews-670x893.jpg\" class=\"attachment-post-image--two-column size-post-image--two-column\" alt=\"CDU-Vorsitzender Friedrich Merz mit Mikrofon in der Hand, im Gespr\u00e4ch mit dem ehemaligen ZDF-Moderator Klaus Kleber auf einer B\u00fchne. Im Vordergrund sind zwei M\u00e4nner angeblitzt von hinten zu sehen.\" srcset=\"https:\/\/visualjournalism.de\/wp-content\/uploads\/DSC4729-merz-politikerinterviews-670x893.jpg 670w, https:\/\/visualjournalism.de\/wp-content\/uploads\/DSC4729-merz-politikerinterviews-225x300.jpg 225w, https:\/\/visualjournalism.de\/wp-content\/uploads\/DSC4729-merz-politikerinterviews-768x1024.jpg 768w, https:\/\/visualjournalism.de\/wp-content\/uploads\/DSC4729-merz-politikerinterviews-1152x1536.jpg 1152w, https:\/\/visualjournalism.de\/wp-content\/uploads\/DSC4729-merz-politikerinterviews-1536x2048.jpg 1536w, https:\/\/visualjournalism.de\/wp-content\/uploads\/DSC4729-merz-politikerinterviews-scaled.jpg 1920w, https:\/\/visualjournalism.de\/wp-content\/uploads\/DSC4729-merz-politikerinterviews-1400x1867.jpg 1400w, https:\/\/visualjournalism.de\/wp-content\/uploads\/DSC4729-merz-politikerinterviews-1050x1400.jpg 1050w, https:\/\/visualjournalism.de\/wp-content\/uploads\/DSC4729-merz-politikerinterviews-420x560.jpg 420w, https:\/\/visualjournalism.de\/wp-content\/uploads\/DSC4729-merz-politikerinterviews-350x467.jpg 350w, https:\/\/visualjournalism.de\/wp-content\/uploads\/DSC4729-merz-politikerinterviews-300x400.jpg 300w, https:\/\/visualjournalism.de\/wp-content\/uploads\/DSC4729-merz-politikerinterviews-640x853.jpg 640w, https:\/\/visualjournalism.de\/wp-content\/uploads\/DSC4729-merz-politikerinterviews-150x200.jpg 150w\" sizes=\"auto, (max-width: 670px) 100vw, 670px\" \/>\t\t<\/a>\r\n\t<\/figure><!-- .post__image -->\r\n\r\n<\/article>\r\n\r\n<article class=\"post-teaser post-16784 magazin type-magazin status-publish has-post-thumbnail hentry magazinkategorie-ideale\">\r\n\t<header class=\"entry-header\">\r\n\r\n\t\t<div class=\"entry-categories\">\n\t<a class=\"post__tag\" href=\"https:\/\/visualjournalism.de\/magazin-kategorie\/ideale\/\" rel=\"category tag\">Ideale<\/a><\/div>\r\n\t\t<a href=\"https:\/\/visualjournalism.de\/en\/magazine\/ideale\/hinter-den-mauern-der-rosenkreuzer\/\" rel=\"bookmark\">\r\n\t\t\t<h2 class=\"entry-title\">Hinter den Mauern der Rosenkreuzer.<\/h2>\r\n\t\t\t<p class=\"entry-excerpt\">Die spirituelle Glaubensgemeinschaft \u00abInternationale Schule des Goldenen Rosenkreuzes\u00bb gilt als Sekte. Welche Ideale verfolgen die Mitglieder?<\/p>\r\n\t\t<\/a>\r\n\r\n\t<\/header><!-- .entry-header -->\r\n\r\n\t<figure class=\"post__image\">\r\n\t\t<a href=\"https:\/\/visualjournalism.de\/en\/magazine\/ideale\/hinter-den-mauern-der-rosenkreuzer\/\" rel=\"bookmark\">\r\n\t\t\t<img loading=\"lazy\" decoding=\"async\" width=\"670\" height=\"670\" src=\"https:\/\/visualjournalism.de\/wp-content\/uploads\/8.Steinhauer_Lenny-670x670.jpg\" class=\"attachment-post-image--two-column size-post-image--two-column\" alt=\"\" srcset=\"https:\/\/visualjournalism.de\/wp-content\/uploads\/8.Steinhauer_Lenny-670x670.jpg 670w, https:\/\/visualjournalism.de\/wp-content\/uploads\/8.Steinhauer_Lenny-300x300.jpg 300w, https:\/\/visualjournalism.de\/wp-content\/uploads\/8.Steinhauer_Lenny-1024x1024.jpg 1024w, https:\/\/visualjournalism.de\/wp-content\/uploads\/8.Steinhauer_Lenny-150x150.jpg 150w, https:\/\/visualjournalism.de\/wp-content\/uploads\/8.Steinhauer_Lenny-768x768.jpg 768w, https:\/\/visualjournalism.de\/wp-content\/uploads\/8.Steinhauer_Lenny-1536x1536.jpg 1536w, https:\/\/visualjournalism.de\/wp-content\/uploads\/8.Steinhauer_Lenny-1400x1400.jpg 1400w, https:\/\/visualjournalism.de\/wp-content\/uploads\/8.Steinhauer_Lenny-1050x1050.jpg 1050w, https:\/\/visualjournalism.de\/wp-content\/uploads\/8.Steinhauer_Lenny-420x420.jpg 420w, https:\/\/visualjournalism.de\/wp-content\/uploads\/8.Steinhauer_Lenny-350x350.jpg 350w, https:\/\/visualjournalism.de\/wp-content\/uploads\/8.Steinhauer_Lenny-52x52.jpg 52w, https:\/\/visualjournalism.de\/wp-content\/uploads\/8.Steinhauer_Lenny-68x68.jpg 68w, https:\/\/visualjournalism.de\/wp-content\/uploads\/8.Steinhauer_Lenny-96x96.jpg 96w, https:\/\/visualjournalism.de\/wp-content\/uploads\/8.Steinhauer_Lenny.jpg 1600w\" sizes=\"auto, (max-width: 670px) 100vw, 670px\" \/>\t\t<\/a>\r\n\t<\/figure><!-- .post__image -->\r\n\r\n<\/article>\r\n\n<\/div><!-- .2-columns-teaser-->\n\n    ","protected":false},"excerpt":{"rendered":"","protected":false},"author":29,"featured_media":0,"parent":0,"menu_order":0,"comment_status":"closed","ping_status":"closed","template":"","meta":{"_acf_changed":false,"footnotes":""},"class_list":["post-20937","page","type-page","status-publish","hentry"],"acf":[],"yoast_head":"<!-- This site is optimized with the Yoast SEO Premium plugin v27.3 (Yoast SEO v27.3) - https:\/\/yoast.com\/product\/yoast-seo-premium-wordpress\/ -->\n<title>Jelko Wronski<\/title>\n<meta name=\"robots\" content=\"index, follow, max-snippet:-1, max-image-preview:large, max-video-preview:-1\" \/>\n<link rel=\"canonical\" href=\"https:\/\/visualjournalism.de\/en\/jelko-wronski\/\" \/>\n<meta property=\"og:locale\" content=\"en_US\" \/>\n<meta property=\"og:type\" content=\"article\" \/>\n<meta property=\"og:title\" content=\"Jelko Wronski\" \/>\n<meta property=\"og:url\" content=\"https:\/\/visualjournalism.de\/en\/jelko-wronski\/\" \/>\n<meta property=\"og:site_name\" content=\"Visual Journalism and Documentary Photography\" \/>\n<meta property=\"article:publisher\" content=\"https:\/\/www.facebook.com\/people\/wwwfotostudentende\/100065173703897\/\" \/>\n<meta property=\"article:modified_time\" content=\"2025-07-29T19:00:54+00:00\" \/>\n<meta name=\"twitter:card\" content=\"summary_large_image\" \/>\n<meta name=\"twitter:site\" content=\"@HsHannover\" \/>\n<meta name=\"twitter:label1\" content=\"Est. reading time\" \/>\n\t<meta name=\"twitter:data1\" content=\"1 minute\" \/>\n<script type=\"application\/ld+json\" class=\"yoast-schema-graph\">{\"@context\":\"https:\\\/\\\/schema.org\",\"@graph\":[{\"@type\":\"WebPage\",\"@id\":\"https:\\\/\\\/visualjournalism.de\\\/en\\\/jelko-wronski\\\/\",\"url\":\"https:\\\/\\\/visualjournalism.de\\\/en\\\/jelko-wronski\\\/\",\"name\":\"Jelko Wronski\",\"isPartOf\":{\"@id\":\"https:\\\/\\\/visualjournalism.de\\\/en\\\/#website\"},\"datePublished\":\"2023-06-07T13:46:08+00:00\",\"dateModified\":\"2025-07-29T19:00:54+00:00\",\"breadcrumb\":{\"@id\":\"https:\\\/\\\/visualjournalism.de\\\/en\\\/jelko-wronski\\\/#breadcrumb\"},\"inLanguage\":\"en-US\",\"potentialAction\":[{\"@type\":\"ReadAction\",\"target\":[\"https:\\\/\\\/visualjournalism.de\\\/en\\\/jelko-wronski\\\/\"]}]},{\"@type\":\"BreadcrumbList\",\"@id\":\"https:\\\/\\\/visualjournalism.de\\\/en\\\/jelko-wronski\\\/#breadcrumb\",\"itemListElement\":[{\"@type\":\"ListItem\",\"position\":1,\"name\":\"Home\",\"item\":\"https:\\\/\\\/visualjournalism.de\\\/en\\\/\"},{\"@type\":\"ListItem\",\"position\":2,\"name\":\"Jelko Wronski\"}]},{\"@type\":\"WebSite\",\"@id\":\"https:\\\/\\\/visualjournalism.de\\\/en\\\/#website\",\"url\":\"https:\\\/\\\/visualjournalism.de\\\/en\\\/\",\"name\":\"Visual Journalism and Documentary Photography\",\"description\":\"All about the bilingual bachelor&#039;s program at Hannover University of Applied Sciences and Arts.\",\"publisher\":{\"@id\":\"https:\\\/\\\/visualjournalism.de\\\/en\\\/#organization\"},\"alternateName\":\"visualjournalism.de\",\"potentialAction\":[{\"@type\":\"SearchAction\",\"target\":{\"@type\":\"EntryPoint\",\"urlTemplate\":\"https:\\\/\\\/visualjournalism.de\\\/en\\\/?s={search_term_string}\"},\"query-input\":{\"@type\":\"PropertyValueSpecification\",\"valueRequired\":true,\"valueName\":\"search_term_string\"}}],\"inLanguage\":\"en-US\"},{\"@type\":\"Organization\",\"@id\":\"https:\\\/\\\/visualjournalism.de\\\/en\\\/#organization\",\"name\":\"Hochschule Hannover \u2013 University of Applied Sciences and Arts\",\"alternateName\":\"HsH\",\"url\":\"https:\\\/\\\/visualjournalism.de\\\/en\\\/\",\"logo\":{\"@type\":\"ImageObject\",\"inLanguage\":\"en-US\",\"@id\":\"https:\\\/\\\/visualjournalism.de\\\/en\\\/#\\\/schema\\\/logo\\\/image\\\/\",\"url\":\"https:\\\/\\\/visualjournalism.de\\\/wp-content\\\/uploads\\\/logo-hochschule-hannover.png\",\"contentUrl\":\"https:\\\/\\\/visualjournalism.de\\\/wp-content\\\/uploads\\\/logo-hochschule-hannover.png\",\"width\":363,\"height\":270,\"caption\":\"Hochschule Hannover \u2013 University of Applied Sciences and Arts\"},\"image\":{\"@id\":\"https:\\\/\\\/visualjournalism.de\\\/en\\\/#\\\/schema\\\/logo\\\/image\\\/\"},\"sameAs\":[\"https:\\\/\\\/www.facebook.com\\\/people\\\/wwwfotostudentende\\\/100065173703897\\\/\",\"https:\\\/\\\/x.com\\\/HsHannover\",\"https:\\\/\\\/www.instagram.com\\\/visualjournalism.de\\\/\"]}]}<\/script>\n<!-- \/ Yoast SEO Premium plugin. -->","yoast_head_json":{"title":"Jelko Wronski","robots":{"index":"index","follow":"follow","max-snippet":"max-snippet:-1","max-image-preview":"max-image-preview:large","max-video-preview":"max-video-preview:-1"},"canonical":"https:\/\/visualjournalism.de\/en\/jelko-wronski\/","og_locale":"en_US","og_type":"article","og_title":"Jelko Wronski","og_url":"https:\/\/visualjournalism.de\/en\/jelko-wronski\/","og_site_name":"Visual Journalism and Documentary Photography","article_publisher":"https:\/\/www.facebook.com\/people\/wwwfotostudentende\/100065173703897\/","article_modified_time":"2025-07-29T19:00:54+00:00","twitter_card":"summary_large_image","twitter_site":"@HsHannover","twitter_misc":{"Est. reading time":"1 minute"},"schema":{"@context":"https:\/\/schema.org","@graph":[{"@type":"WebPage","@id":"https:\/\/visualjournalism.de\/en\/jelko-wronski\/","url":"https:\/\/visualjournalism.de\/en\/jelko-wronski\/","name":"Jelko Wronski","isPartOf":{"@id":"https:\/\/visualjournalism.de\/en\/#website"},"datePublished":"2023-06-07T13:46:08+00:00","dateModified":"2025-07-29T19:00:54+00:00","breadcrumb":{"@id":"https:\/\/visualjournalism.de\/en\/jelko-wronski\/#breadcrumb"},"inLanguage":"en-US","potentialAction":[{"@type":"ReadAction","target":["https:\/\/visualjournalism.de\/en\/jelko-wronski\/"]}]},{"@type":"BreadcrumbList","@id":"https:\/\/visualjournalism.de\/en\/jelko-wronski\/#breadcrumb","itemListElement":[{"@type":"ListItem","position":1,"name":"Home","item":"https:\/\/visualjournalism.de\/en\/"},{"@type":"ListItem","position":2,"name":"Jelko Wronski"}]},{"@type":"WebSite","@id":"https:\/\/visualjournalism.de\/en\/#website","url":"https:\/\/visualjournalism.de\/en\/","name":"Visual Journalism and Documentary Photography","description":"All about the bilingual bachelor&#039;s program at Hannover University of Applied Sciences and Arts.","publisher":{"@id":"https:\/\/visualjournalism.de\/en\/#organization"},"alternateName":"visualjournalism.de","potentialAction":[{"@type":"SearchAction","target":{"@type":"EntryPoint","urlTemplate":"https:\/\/visualjournalism.de\/en\/?s={search_term_string}"},"query-input":{"@type":"PropertyValueSpecification","valueRequired":true,"valueName":"search_term_string"}}],"inLanguage":"en-US"},{"@type":"Organization","@id":"https:\/\/visualjournalism.de\/en\/#organization","name":"Hochschule Hannover \u2013 University of Applied Sciences and Arts","alternateName":"HsH","url":"https:\/\/visualjournalism.de\/en\/","logo":{"@type":"ImageObject","inLanguage":"en-US","@id":"https:\/\/visualjournalism.de\/en\/#\/schema\/logo\/image\/","url":"https:\/\/visualjournalism.de\/wp-content\/uploads\/logo-hochschule-hannover.png","contentUrl":"https:\/\/visualjournalism.de\/wp-content\/uploads\/logo-hochschule-hannover.png","width":363,"height":270,"caption":"Hochschule Hannover \u2013 University of Applied Sciences and Arts"},"image":{"@id":"https:\/\/visualjournalism.de\/en\/#\/schema\/logo\/image\/"},"sameAs":["https:\/\/www.facebook.com\/people\/wwwfotostudentende\/100065173703897\/","https:\/\/x.com\/HsHannover","https:\/\/www.instagram.com\/visualjournalism.de\/"]}]}},"_links":{"self":[{"href":"https:\/\/visualjournalism.de\/en\/wp-json\/wp\/v2\/pages\/20937","targetHints":{"allow":["GET"]}}],"collection":[{"href":"https:\/\/visualjournalism.de\/en\/wp-json\/wp\/v2\/pages"}],"about":[{"href":"https:\/\/visualjournalism.de\/en\/wp-json\/wp\/v2\/types\/page"}],"author":[{"embeddable":true,"href":"https:\/\/visualjournalism.de\/en\/wp-json\/wp\/v2\/users\/29"}],"replies":[{"embeddable":true,"href":"https:\/\/visualjournalism.de\/en\/wp-json\/wp\/v2\/comments?post=20937"}],"version-history":[{"count":0,"href":"https:\/\/visualjournalism.de\/en\/wp-json\/wp\/v2\/pages\/20937\/revisions"}],"wp:attachment":[{"href":"https:\/\/visualjournalism.de\/en\/wp-json\/wp\/v2\/media?parent=20937"}],"curies":[{"name":"wp","href":"https:\/\/api.w.org\/{rel}","templated":true}]}}