{"id":22196,"date":"2023-10-16T16:09:26","date_gmt":"2023-10-16T16:09:26","guid":{"rendered":"https:\/\/visualjournalism.de\/?page_id=22196"},"modified":"2023-12-07T02:45:02","modified_gmt":"2023-12-07T02:45:02","slug":"jana-finze","status":"publish","type":"page","link":"https:\/\/visualjournalism.de\/en\/jana-finze\/","title":{"rendered":"Jana Finze"},"content":{"rendered":"\n \n\n    <div id=\"lead-in-block_43b070622a0b1f81eb7cc0d2790a8681\" class=\"block-lead-in typo--default font-size--xl has-spacing--m width--default\">\n        <h1>Jana Finze<\/h1>\n    <\/div>\n\n\n\n\n<div class=\"pinned-block has-spacing--none\">\n\t\n\n<div class=\"pinned-block__column--left\">\n    \n    <figure class=\"block-photo post__image--half-center has-spacing--m no-title\">\n\n        <div class=\"post__image__container\">\n            <img loading=\"lazy\" decoding=\"async\" \n                src=\"https:\/\/visualjournalism.de\/wp-content\/uploads\/8F705E2D-FAA1-4158-834B-468FE6D4AA4F-768x1213.jpeg\"\n                srcset=\"https:\/\/visualjournalism.de\/wp-content\/uploads\/8F705E2D-FAA1-4158-834B-468FE6D4AA4F-768x1213.jpeg 768w, https:\/\/visualjournalism.de\/wp-content\/uploads\/8F705E2D-FAA1-4158-834B-468FE6D4AA4F-190x300.jpeg 190w, https:\/\/visualjournalism.de\/wp-content\/uploads\/8F705E2D-FAA1-4158-834B-468FE6D4AA4F-648x1024.jpeg 648w, https:\/\/visualjournalism.de\/wp-content\/uploads\/8F705E2D-FAA1-4158-834B-468FE6D4AA4F-972x1536.jpeg 972w, https:\/\/visualjournalism.de\/wp-content\/uploads\/8F705E2D-FAA1-4158-834B-468FE6D4AA4F-1297x2048.jpeg 1297w, https:\/\/visualjournalism.de\/wp-content\/uploads\/8F705E2D-FAA1-4158-834B-468FE6D4AA4F-1400x2211.jpeg 1400w, https:\/\/visualjournalism.de\/wp-content\/uploads\/8F705E2D-FAA1-4158-834B-468FE6D4AA4F-1050x1658.jpeg 1050w, https:\/\/visualjournalism.de\/wp-content\/uploads\/8F705E2D-FAA1-4158-834B-468FE6D4AA4F-670x1058.jpeg 670w, https:\/\/visualjournalism.de\/wp-content\/uploads\/8F705E2D-FAA1-4158-834B-468FE6D4AA4F-420x663.jpeg 420w, https:\/\/visualjournalism.de\/wp-content\/uploads\/8F705E2D-FAA1-4158-834B-468FE6D4AA4F-350x553.jpeg 350w, https:\/\/visualjournalism.de\/wp-content\/uploads\/8F705E2D-FAA1-4158-834B-468FE6D4AA4F-300x474.jpeg 300w, https:\/\/visualjournalism.de\/wp-content\/uploads\/8F705E2D-FAA1-4158-834B-468FE6D4AA4F-150x237.jpeg 150w, https:\/\/visualjournalism.de\/wp-content\/uploads\/8F705E2D-FAA1-4158-834B-468FE6D4AA4F.jpeg 1605w\"\n                width=\"768\" \n                height=\"1213\"\n                alt=\"\" \n            \/>\n            \n                    <\/div><!-- post__image__container -->\n\n        \n    <\/figure><!-- post__image -->\n\n\n\n<\/div>\n\n\n<div class=\"pinned-block__column--right\">\n    \n\n<p class=\"post__paragraph is-style-typo--soehne has-spacing--default\"><strong>Jana Finze&nbsp;<\/strong>wurde 2002 in Nienburg\/Weser geboren. 2022 absolvierte sie erfolgreich ihr Abitur am Gymnasium Stolzenau. Nach ihren Praktika in der Sportredaktion der Lokalzeitung \u201eDie Harke\u201c und als Redakteurin und Moderatorin beim Radiosender \u201eRadio Mittelweser\u201c tritt sie im September 2022 ihr Journalistik-Studium an der Hochschule Hannover an.&nbsp;<\/p>\n\n\n\n<p class=\"post__paragraph is-style-typo--soehne has-spacing--default\">Seit ihrer Kindheit m\u00f6chte Jana Radiomoderatorin werden. Sie interessiert sich au\u00dferdem f\u00fcr Literatur und Sprachen. In ihrer Freizeit spielt sie Theater, unternimmt etwas mit ihren Freunden oder reist in verschiedene St\u00e4dte und L\u00e4nder.&nbsp;<\/p>\n\n\n\n<p class=\"post__paragraph is-style-typo--soehne has-spacing--default\">Seit 2022 ist Jana au\u00dferdem als freie Journalistin beim Stadtmagazin CityGlow t\u00e4tig.&nbsp;<\/p>\n\n\n\n<p class=\"post__paragraph is-style-typo--soehne has-spacing--default\"><strong>Kontakt:&nbsp;<\/strong><\/p>\n\n\n\n<p class=\"post__paragraph is-style-typo--soehne has-spacing--default\">jana.finze@stud.hs-hannover.de<\/p>\n\n\n\n<p class=\"post__paragraph has-spacing--default\"><\/p>\n\n\n<\/div>\n<\/div>\n\n\n<div class=\"devider has-spacing--none\">\n    <hr>\n<\/div>\n\n\n \n\n    <div id=\"lead-in-block_0102aaae35aba5435db74feb1a538823\" class=\"block-lead-in typo--default font-size--default has-spacing--xs width--default\">\n        <h2>Janas Beitr\u00e4ge:<\/h2>\n    <\/div>\n\n\n\n\r\n<article class=\"post-teaser teaser-single--full has-spacing--m post-19189 magazin type-magazin status-publish has-post-thumbnail hentry tag-randgebiet magazinkategorie-randgebiet\">\r\n\t<header class=\"entry-header\">\r\n\r\n\t\t<div class=\"entry-categories\">\n\t<a class=\"post__tag\" href=\"https:\/\/visualjournalism.de\/magazin-kategorie\/randgebiet\/\" rel=\"category tag\">Randgebiet<\/a><\/div>\r\n\t\t<a href=\"https:\/\/visualjournalism.de\/en\/magazine\/randgebiet\/nebenan-in-rosengard\/\" rel=\"bookmark\">\r\n\t\t\t<h2 class=\"entry-title\">Nebenan in Roseng\u00e5rd.<\/h2>\r\n\t\t\t<p class=\"entry-excerpt\">Im Osten Malm\u00f6s erstreckt sich Roseng\u00e5rd, einst gebaut als Antwort auf Schwedens Bev\u00f6lkerungsboom. Doch 60 Jahre sp\u00e4ter stehen solche Gro\u00dfwohnsiedlungen im Fokus sozialer Debatten.<\/p>\r\n\t\t<\/a>\r\n\r\n\t<\/header><!-- .entry-header -->\r\n\r\n\t<figure class=\"post__image\">\r\n\t\t<a href=\"https:\/\/visualjournalism.de\/en\/magazine\/randgebiet\/nebenan-in-rosengard\/\" rel=\"bookmark\">\r\n\t\t\t<img loading=\"lazy\" decoding=\"async\" width=\"1265\" height=\"1581\" src=\"https:\/\/visualjournalism.de\/wp-content\/uploads\/Nora_Schwarz_Rosengard_12.jpg\" class=\"attachment-photo-block--full size-photo-block--full\" alt=\"\" srcset=\"https:\/\/visualjournalism.de\/wp-content\/uploads\/Nora_Schwarz_Rosengard_12.jpg 1265w, https:\/\/visualjournalism.de\/wp-content\/uploads\/Nora_Schwarz_Rosengard_12-240x300.jpg 240w, https:\/\/visualjournalism.de\/wp-content\/uploads\/Nora_Schwarz_Rosengard_12-819x1024.jpg 819w, https:\/\/visualjournalism.de\/wp-content\/uploads\/Nora_Schwarz_Rosengard_12-768x960.jpg 768w, https:\/\/visualjournalism.de\/wp-content\/uploads\/Nora_Schwarz_Rosengard_12-1229x1536.jpg 1229w, https:\/\/visualjournalism.de\/wp-content\/uploads\/Nora_Schwarz_Rosengard_12-1050x1312.jpg 1050w, https:\/\/visualjournalism.de\/wp-content\/uploads\/Nora_Schwarz_Rosengard_12-670x837.jpg 670w, https:\/\/visualjournalism.de\/wp-content\/uploads\/Nora_Schwarz_Rosengard_12-420x525.jpg 420w, https:\/\/visualjournalism.de\/wp-content\/uploads\/Nora_Schwarz_Rosengard_12-350x437.jpg 350w, https:\/\/visualjournalism.de\/wp-content\/uploads\/Nora_Schwarz_Rosengard_12-300x375.jpg 300w, https:\/\/visualjournalism.de\/wp-content\/uploads\/Nora_Schwarz_Rosengard_12-150x187.jpg 150w\" sizes=\"auto, (max-width: 1265px) 100vw, 1265px\" \/>\t\t<\/a>\r\n\t<\/figure><!-- .post__image -->\r\n\r\n<\/article>\r\n\n\n\n<div class=\"wp-block-group has-spacing--default has-spacing--default\">\n<div class=\"devider has-spacing--none\">\n    <hr>\n<\/div>\n\n\n \n\n    <div id=\"lead-in-block_5fecc8ecac80a9a6b7f9ed794c9e90e5\" class=\"block-lead-in typo--default font-size--xl has-spacing--s width--default\">\n        <p><strong>Empfehlungen der Redaktion:<\/strong><\/p>\n    <\/div>\n\n\n\n\r\n\r\n\r\n\n\n\r\n\r\n\r\n\r\n        <div class=\"teaser-grid grid-layout--3col has-spacing--s width--inline\">\r\n\r\n            \r\n                <article class=\"post-teaser\">\r\n\r\n                    <a href=\"https:\/\/visualjournalism.de\/en\/magazine\/sammeln\/inszenierte-endlichkeit\/\" rel=\"permalink\">\r\n\r\n                        <div class=\"post-teaser__content\">\r\n\r\n                            <span class=\"entry-categories\">Sammeln<\/span>\r\n                            <h3 class=\"post-teaser__headline\">\r\n                                Inszenierte Endlichkeit                            <\/h3>\r\n\r\n                            <div class=\"post-teaser__excerpt\">\r\n                                <p>Zwei Fotografinnen legen sich in einen Sarg und fotografieren sich gegenseitig. Was nach Tabubruch klingt, ist eine Auseinandersetzung mit Kommerz, Ritualen und der Frage: Darf man das?<\/p>\r\n                            <\/div>\r\n\r\n                        <\/div><!-- .post-teaser__content -->\r\n\r\n\r\n                        \r\n                            <figure class=\"post-teaser__image\">\r\n                                <img loading=\"lazy\" decoding=\"async\"  \r\n                                    src=\"https:\/\/visualjournalism.de\/wp-content\/uploads\/Clara-Schoettke_Antonia-Teichert_Sammeln_10-768x768.jpg\" \r\n                                    srcset=\"https:\/\/visualjournalism.de\/wp-content\/uploads\/Clara-Schoettke_Antonia-Teichert_Sammeln_10-768x768.jpg 768w, https:\/\/visualjournalism.de\/wp-content\/uploads\/Clara-Schoettke_Antonia-Teichert_Sammeln_10-300x300.jpg 300w, https:\/\/visualjournalism.de\/wp-content\/uploads\/Clara-Schoettke_Antonia-Teichert_Sammeln_10-1024x1024.jpg 1024w, https:\/\/visualjournalism.de\/wp-content\/uploads\/Clara-Schoettke_Antonia-Teichert_Sammeln_10-150x150.jpg 150w, https:\/\/visualjournalism.de\/wp-content\/uploads\/Clara-Schoettke_Antonia-Teichert_Sammeln_10-1536x1536.jpg 1536w, https:\/\/visualjournalism.de\/wp-content\/uploads\/Clara-Schoettke_Antonia-Teichert_Sammeln_10-2048x2048.jpg 2048w, https:\/\/visualjournalism.de\/wp-content\/uploads\/Clara-Schoettke_Antonia-Teichert_Sammeln_10-1920x1920.jpg 1920w, https:\/\/visualjournalism.de\/wp-content\/uploads\/Clara-Schoettke_Antonia-Teichert_Sammeln_10-1400x1400.jpg 1400w, https:\/\/visualjournalism.de\/wp-content\/uploads\/Clara-Schoettke_Antonia-Teichert_Sammeln_10-1050x1050.jpg 1050w, https:\/\/visualjournalism.de\/wp-content\/uploads\/Clara-Schoettke_Antonia-Teichert_Sammeln_10-670x670.jpg 670w, https:\/\/visualjournalism.de\/wp-content\/uploads\/Clara-Schoettke_Antonia-Teichert_Sammeln_10-420x420.jpg 420w, https:\/\/visualjournalism.de\/wp-content\/uploads\/Clara-Schoettke_Antonia-Teichert_Sammeln_10-350x350.jpg 350w, https:\/\/visualjournalism.de\/wp-content\/uploads\/Clara-Schoettke_Antonia-Teichert_Sammeln_10-52x52.jpg 52w, https:\/\/visualjournalism.de\/wp-content\/uploads\/Clara-Schoettke_Antonia-Teichert_Sammeln_10-68x68.jpg 68w, https:\/\/visualjournalism.de\/wp-content\/uploads\/Clara-Schoettke_Antonia-Teichert_Sammeln_10-96x96.jpg 96w\" \r\n                                    width=\"768\"  \r\n                                    height=\"768\" \r\n                                    alt=\"\"\r\n                                \/>\r\n                            <\/figure>\r\n\r\n                        \r\n                    \r\n                    <\/a>\r\n\r\n                <\/article><!--- .post-teaser-->\r\n\r\n            \r\n                <article class=\"post-teaser\">\r\n\r\n                    <a href=\"https:\/\/visualjournalism.de\/en\/magazine\/ratgeber\/grossformatfotografie-wer-tut-sich-das-noch-an\/\" rel=\"permalink\">\r\n\r\n                        <div class=\"post-teaser__content\">\r\n\r\n                            <span class=\"entry-categories\">Ratgeber<\/span>\r\n                            <h3 class=\"post-teaser__headline\">\r\n                                Gro\u00dfformatfotografie: Wer tut sich das noch an?                            <\/h3>\r\n\r\n                            <div class=\"post-teaser__excerpt\">\r\n                                <p>Warum ich freiwillig eine Kamera durch die Weltgeschichte schleppe, die so schwer ist, wie ein Sack Zement, verrate ich dir in diesem Ratgeber!<\/p>\r\n                            <\/div>\r\n\r\n                        <\/div><!-- .post-teaser__content -->\r\n\r\n\r\n                        \r\n                            <figure class=\"post-teaser__image\">\r\n                                <img loading=\"lazy\" decoding=\"async\"  \r\n                                    src=\"https:\/\/visualjournalism.de\/wp-content\/uploads\/Ludwig-Nikulski-MathildaTheo-768x960.jpg\" \r\n                                    srcset=\"https:\/\/visualjournalism.de\/wp-content\/uploads\/Ludwig-Nikulski-MathildaTheo-768x960.jpg 768w, https:\/\/visualjournalism.de\/wp-content\/uploads\/Ludwig-Nikulski-MathildaTheo-240x300.jpg 240w, https:\/\/visualjournalism.de\/wp-content\/uploads\/Ludwig-Nikulski-MathildaTheo-819x1024.jpg 819w, https:\/\/visualjournalism.de\/wp-content\/uploads\/Ludwig-Nikulski-MathildaTheo-1050x1313.jpg 1050w, https:\/\/visualjournalism.de\/wp-content\/uploads\/Ludwig-Nikulski-MathildaTheo-670x838.jpg 670w, https:\/\/visualjournalism.de\/wp-content\/uploads\/Ludwig-Nikulski-MathildaTheo-420x525.jpg 420w, https:\/\/visualjournalism.de\/wp-content\/uploads\/Ludwig-Nikulski-MathildaTheo-350x438.jpg 350w, https:\/\/visualjournalism.de\/wp-content\/uploads\/Ludwig-Nikulski-MathildaTheo-300x375.jpg 300w, https:\/\/visualjournalism.de\/wp-content\/uploads\/Ludwig-Nikulski-MathildaTheo-150x188.jpg 150w, https:\/\/visualjournalism.de\/wp-content\/uploads\/Ludwig-Nikulski-MathildaTheo.jpg 1200w\" \r\n                                    width=\"768\"  \r\n                                    height=\"960\" \r\n                                    alt=\"\"\r\n                                \/>\r\n                            <\/figure>\r\n\r\n                        \r\n                    \r\n                    <\/a>\r\n\r\n                <\/article><!--- .post-teaser-->\r\n\r\n            \r\n                <article class=\"post-teaser\">\r\n\r\n                    <a href=\"https:\/\/visualjournalism.de\/en\/magazine\/sammeln\/wein-mueller-kassel-magic-nordhessen\/\" rel=\"permalink\">\r\n\r\n                        <div class=\"post-teaser__content\">\r\n\r\n                            <span class=\"entry-categories\">Sammeln<\/span>\r\n                            <h3 class=\"post-teaser__headline\">\r\n                                \u00abMagic Nordhessen\u2026!!!\u00bb                            <\/h3>\r\n\r\n                            <div class=\"post-teaser__excerpt\">\r\n                                <p>Kassel, Vorderer Westen: ein Laden, in dem seit fast einem Jahrhundert gesammelt wird. Wir haben hineingeschaut.<\/p>\r\n                            <\/div>\r\n\r\n                        <\/div><!-- .post-teaser__content -->\r\n\r\n\r\n                        \r\n                            <figure class=\"post-teaser__image\">\r\n                                <img loading=\"lazy\" decoding=\"async\"  \r\n                                    src=\"https:\/\/visualjournalism.de\/wp-content\/uploads\/02_Luest_Mayla-768x576.jpg\" \r\n                                    srcset=\"https:\/\/visualjournalism.de\/wp-content\/uploads\/02_Luest_Mayla-768x576.jpg 768w, https:\/\/visualjournalism.de\/wp-content\/uploads\/02_Luest_Mayla-300x225.jpg 300w, https:\/\/visualjournalism.de\/wp-content\/uploads\/02_Luest_Mayla-1024x768.jpg 1024w, https:\/\/visualjournalism.de\/wp-content\/uploads\/02_Luest_Mayla-1536x1152.jpg 1536w, https:\/\/visualjournalism.de\/wp-content\/uploads\/02_Luest_Mayla-2048x1536.jpg 2048w, https:\/\/visualjournalism.de\/wp-content\/uploads\/02_Luest_Mayla-1920x1440.jpg 1920w, https:\/\/visualjournalism.de\/wp-content\/uploads\/02_Luest_Mayla-1400x1050.jpg 1400w, https:\/\/visualjournalism.de\/wp-content\/uploads\/02_Luest_Mayla-1050x787.jpg 1050w, https:\/\/visualjournalism.de\/wp-content\/uploads\/02_Luest_Mayla-670x502.jpg 670w, https:\/\/visualjournalism.de\/wp-content\/uploads\/02_Luest_Mayla-420x315.jpg 420w, https:\/\/visualjournalism.de\/wp-content\/uploads\/02_Luest_Mayla-350x262.jpg 350w, https:\/\/visualjournalism.de\/wp-content\/uploads\/02_Luest_Mayla-150x112.jpg 150w\" \r\n                                    width=\"768\"  \r\n                                    height=\"576\" \r\n                                    alt=\"\"\r\n                                \/>\r\n                            <\/figure>\r\n\r\n                        \r\n                    \r\n                    <\/a>\r\n\r\n                <\/article><!--- .post-teaser-->\r\n\r\n            \r\n        <\/div><!-- .teaser-grid -->\r\n\r\n\n\n\r\n\r\n\r\n\n\n\n    <div class=\"btn-wrapper has-spacing--m\">\n        <a class=\"btn\" href=\"https:\/\/visualjournalism.de\/magazin\/\" target=\"_blank\">ZUR MAGAZIN-STARTSEITE<\/a>\n    <\/div>\n<\/div>\n","protected":false},"excerpt":{"rendered":"","protected":false},"author":39,"featured_media":0,"parent":0,"menu_order":0,"comment_status":"closed","ping_status":"closed","template":"","meta":{"_acf_changed":false,"footnotes":""},"class_list":["post-22196","page","type-page","status-publish","hentry"],"acf":[],"yoast_head":"<!-- This site is optimized with the Yoast SEO Premium plugin v27.3 (Yoast SEO v27.3) - https:\/\/yoast.com\/product\/yoast-seo-premium-wordpress\/ -->\n<title>Jana Finze &#8211; Visual Journalism and Documentary Photography<\/title>\n<meta name=\"robots\" content=\"index, follow, max-snippet:-1, max-image-preview:large, max-video-preview:-1\" \/>\n<link rel=\"canonical\" href=\"https:\/\/visualjournalism.de\/en\/jana-finze\/\" \/>\n<meta property=\"og:locale\" content=\"en_US\" \/>\n<meta property=\"og:type\" content=\"article\" \/>\n<meta property=\"og:title\" content=\"Jana Finze\" \/>\n<meta property=\"og:url\" content=\"https:\/\/visualjournalism.de\/en\/jana-finze\/\" \/>\n<meta property=\"og:site_name\" content=\"Visual Journalism and Documentary Photography\" \/>\n<meta property=\"article:publisher\" content=\"https:\/\/www.facebook.com\/people\/wwwfotostudentende\/100065173703897\/\" \/>\n<meta property=\"article:modified_time\" content=\"2023-12-07T02:45:02+00:00\" \/>\n<meta name=\"twitter:card\" content=\"summary_large_image\" \/>\n<meta name=\"twitter:site\" content=\"@HsHannover\" \/>\n<meta name=\"twitter:label1\" content=\"Est. reading time\" \/>\n\t<meta name=\"twitter:data1\" content=\"1 minute\" \/>\n<script type=\"application\/ld+json\" class=\"yoast-schema-graph\">{\"@context\":\"https:\\\/\\\/schema.org\",\"@graph\":[{\"@type\":\"WebPage\",\"@id\":\"https:\\\/\\\/visualjournalism.de\\\/en\\\/jana-finze\\\/\",\"url\":\"https:\\\/\\\/visualjournalism.de\\\/en\\\/jana-finze\\\/\",\"name\":\"Jana Finze &#8211; Visual Journalism and Documentary Photography\",\"isPartOf\":{\"@id\":\"https:\\\/\\\/visualjournalism.de\\\/en\\\/#website\"},\"datePublished\":\"2023-10-16T16:09:26+00:00\",\"dateModified\":\"2023-12-07T02:45:02+00:00\",\"breadcrumb\":{\"@id\":\"https:\\\/\\\/visualjournalism.de\\\/en\\\/jana-finze\\\/#breadcrumb\"},\"inLanguage\":\"en-US\",\"potentialAction\":[{\"@type\":\"ReadAction\",\"target\":[\"https:\\\/\\\/visualjournalism.de\\\/en\\\/jana-finze\\\/\"]}]},{\"@type\":\"BreadcrumbList\",\"@id\":\"https:\\\/\\\/visualjournalism.de\\\/en\\\/jana-finze\\\/#breadcrumb\",\"itemListElement\":[{\"@type\":\"ListItem\",\"position\":1,\"name\":\"Home\",\"item\":\"https:\\\/\\\/visualjournalism.de\\\/en\\\/\"},{\"@type\":\"ListItem\",\"position\":2,\"name\":\"Jana Finze\"}]},{\"@type\":\"WebSite\",\"@id\":\"https:\\\/\\\/visualjournalism.de\\\/en\\\/#website\",\"url\":\"https:\\\/\\\/visualjournalism.de\\\/en\\\/\",\"name\":\"Visual Journalism and Documentary Photography\",\"description\":\"All about the bilingual bachelor&#039;s program at Hannover University of Applied Sciences and Arts.\",\"publisher\":{\"@id\":\"https:\\\/\\\/visualjournalism.de\\\/en\\\/#organization\"},\"alternateName\":\"visualjournalism.de\",\"potentialAction\":[{\"@type\":\"SearchAction\",\"target\":{\"@type\":\"EntryPoint\",\"urlTemplate\":\"https:\\\/\\\/visualjournalism.de\\\/en\\\/?s={search_term_string}\"},\"query-input\":{\"@type\":\"PropertyValueSpecification\",\"valueRequired\":true,\"valueName\":\"search_term_string\"}}],\"inLanguage\":\"en-US\"},{\"@type\":\"Organization\",\"@id\":\"https:\\\/\\\/visualjournalism.de\\\/en\\\/#organization\",\"name\":\"Hochschule Hannover \u2013 University of Applied Sciences and Arts\",\"alternateName\":\"HsH\",\"url\":\"https:\\\/\\\/visualjournalism.de\\\/en\\\/\",\"logo\":{\"@type\":\"ImageObject\",\"inLanguage\":\"en-US\",\"@id\":\"https:\\\/\\\/visualjournalism.de\\\/en\\\/#\\\/schema\\\/logo\\\/image\\\/\",\"url\":\"https:\\\/\\\/visualjournalism.de\\\/wp-content\\\/uploads\\\/logo-hochschule-hannover.png\",\"contentUrl\":\"https:\\\/\\\/visualjournalism.de\\\/wp-content\\\/uploads\\\/logo-hochschule-hannover.png\",\"width\":363,\"height\":270,\"caption\":\"Hochschule Hannover \u2013 University of Applied Sciences and Arts\"},\"image\":{\"@id\":\"https:\\\/\\\/visualjournalism.de\\\/en\\\/#\\\/schema\\\/logo\\\/image\\\/\"},\"sameAs\":[\"https:\\\/\\\/www.facebook.com\\\/people\\\/wwwfotostudentende\\\/100065173703897\\\/\",\"https:\\\/\\\/x.com\\\/HsHannover\",\"https:\\\/\\\/www.instagram.com\\\/visualjournalism.de\\\/\"]}]}<\/script>\n<!-- \/ Yoast SEO Premium plugin. -->","yoast_head_json":{"title":"Jana Finze &#8211; Visual Journalism and Documentary Photography","robots":{"index":"index","follow":"follow","max-snippet":"max-snippet:-1","max-image-preview":"max-image-preview:large","max-video-preview":"max-video-preview:-1"},"canonical":"https:\/\/visualjournalism.de\/en\/jana-finze\/","og_locale":"en_US","og_type":"article","og_title":"Jana Finze","og_url":"https:\/\/visualjournalism.de\/en\/jana-finze\/","og_site_name":"Visual Journalism and Documentary Photography","article_publisher":"https:\/\/www.facebook.com\/people\/wwwfotostudentende\/100065173703897\/","article_modified_time":"2023-12-07T02:45:02+00:00","twitter_card":"summary_large_image","twitter_site":"@HsHannover","twitter_misc":{"Est. reading time":"1 minute"},"schema":{"@context":"https:\/\/schema.org","@graph":[{"@type":"WebPage","@id":"https:\/\/visualjournalism.de\/en\/jana-finze\/","url":"https:\/\/visualjournalism.de\/en\/jana-finze\/","name":"Jana Finze &#8211; Visual Journalism and Documentary Photography","isPartOf":{"@id":"https:\/\/visualjournalism.de\/en\/#website"},"datePublished":"2023-10-16T16:09:26+00:00","dateModified":"2023-12-07T02:45:02+00:00","breadcrumb":{"@id":"https:\/\/visualjournalism.de\/en\/jana-finze\/#breadcrumb"},"inLanguage":"en-US","potentialAction":[{"@type":"ReadAction","target":["https:\/\/visualjournalism.de\/en\/jana-finze\/"]}]},{"@type":"BreadcrumbList","@id":"https:\/\/visualjournalism.de\/en\/jana-finze\/#breadcrumb","itemListElement":[{"@type":"ListItem","position":1,"name":"Home","item":"https:\/\/visualjournalism.de\/en\/"},{"@type":"ListItem","position":2,"name":"Jana Finze"}]},{"@type":"WebSite","@id":"https:\/\/visualjournalism.de\/en\/#website","url":"https:\/\/visualjournalism.de\/en\/","name":"Visual Journalism and Documentary Photography","description":"All about the bilingual bachelor&#039;s program at Hannover University of Applied Sciences and Arts.","publisher":{"@id":"https:\/\/visualjournalism.de\/en\/#organization"},"alternateName":"visualjournalism.de","potentialAction":[{"@type":"SearchAction","target":{"@type":"EntryPoint","urlTemplate":"https:\/\/visualjournalism.de\/en\/?s={search_term_string}"},"query-input":{"@type":"PropertyValueSpecification","valueRequired":true,"valueName":"search_term_string"}}],"inLanguage":"en-US"},{"@type":"Organization","@id":"https:\/\/visualjournalism.de\/en\/#organization","name":"Hochschule Hannover \u2013 University of Applied Sciences and Arts","alternateName":"HsH","url":"https:\/\/visualjournalism.de\/en\/","logo":{"@type":"ImageObject","inLanguage":"en-US","@id":"https:\/\/visualjournalism.de\/en\/#\/schema\/logo\/image\/","url":"https:\/\/visualjournalism.de\/wp-content\/uploads\/logo-hochschule-hannover.png","contentUrl":"https:\/\/visualjournalism.de\/wp-content\/uploads\/logo-hochschule-hannover.png","width":363,"height":270,"caption":"Hochschule Hannover \u2013 University of Applied Sciences and Arts"},"image":{"@id":"https:\/\/visualjournalism.de\/en\/#\/schema\/logo\/image\/"},"sameAs":["https:\/\/www.facebook.com\/people\/wwwfotostudentende\/100065173703897\/","https:\/\/x.com\/HsHannover","https:\/\/www.instagram.com\/visualjournalism.de\/"]}]}},"_links":{"self":[{"href":"https:\/\/visualjournalism.de\/en\/wp-json\/wp\/v2\/pages\/22196","targetHints":{"allow":["GET"]}}],"collection":[{"href":"https:\/\/visualjournalism.de\/en\/wp-json\/wp\/v2\/pages"}],"about":[{"href":"https:\/\/visualjournalism.de\/en\/wp-json\/wp\/v2\/types\/page"}],"author":[{"embeddable":true,"href":"https:\/\/visualjournalism.de\/en\/wp-json\/wp\/v2\/users\/39"}],"replies":[{"embeddable":true,"href":"https:\/\/visualjournalism.de\/en\/wp-json\/wp\/v2\/comments?post=22196"}],"version-history":[{"count":0,"href":"https:\/\/visualjournalism.de\/en\/wp-json\/wp\/v2\/pages\/22196\/revisions"}],"wp:attachment":[{"href":"https:\/\/visualjournalism.de\/en\/wp-json\/wp\/v2\/media?parent=22196"}],"curies":[{"name":"wp","href":"https:\/\/api.w.org\/{rel}","templated":true}]}}