{"id":23232,"date":"2023-06-26T10:35:52","date_gmt":"2023-06-26T08:35:52","guid":{"rendered":"https:\/\/visualjournalism.de\/?page_id=23232"},"modified":"2026-03-17T23:28:21","modified_gmt":"2026-03-17T21:28:21","slug":"home-visual-journalism-and-documentary-photography-2","status":"publish","type":"page","link":"https:\/\/visualjournalism.de\/en\/","title":{"rendered":"Home Visual Journalism and Documentary Photography"},"content":{"rendered":"\n<div class=\"pinned-block teasergrid has-spacing--m\">\n\n\t\n\t<div class=\"pinned-block__column--left\">\n\n\t\t\r\n<article class=\"post-teaser--two-columns first-post post-38562 post type-post status-publish format-standard has-post-thumbnail hentry category-application category-news-en\">\r\n\t<header class=\"entry-header\">\r\n\r\n\t\t<div class=\"entry-categories\">\n\t<a class=\"post__tag\" href=\"https:\/\/visualjournalism.de\/en\/news-en\/application\/\" rel=\"category tag\">Application<\/a><\/div>\r\n\t\t<a href=\"https:\/\/visualjournalism.de\/en\/news-en\/application\/ten-reasons-to-study-visual-journalism\/\" rel=\"bookmark\">\r\n\t\t\t<h2 class=\"entry-title\">Ten reasons to study Visual Journalism and Documentary Photography.<\/h2>\r\n\t\t\t<p class=\"entry-excerpt\">Learn more in our free portfolio reviews.<br \/>\r\n<\/p>\r\n\t\t<\/a>\r\n\r\n\t<\/header><!-- .entry-header -->\r\n\r\n\t<figure class=\"post__image\">\r\n\t\t<a href=\"https:\/\/visualjournalism.de\/en\/news-en\/application\/ten-reasons-to-study-visual-journalism\/\" rel=\"bookmark\">\r\n\t\t\t<img loading=\"lazy\" decoding=\"async\" width=\"768\" height=\"768\" src=\"https:\/\/visualjournalism.de\/wp-content\/uploads\/2453e079-8d78-7e1c-628a-95262a9b9585-768x768.jpeg\" class=\"attachment-post-image--medium size-post-image--medium\" alt=\"\" srcset=\"https:\/\/visualjournalism.de\/wp-content\/uploads\/2453e079-8d78-7e1c-628a-95262a9b9585-768x768.jpeg 768w, https:\/\/visualjournalism.de\/wp-content\/uploads\/2453e079-8d78-7e1c-628a-95262a9b9585-300x300.jpeg 300w, https:\/\/visualjournalism.de\/wp-content\/uploads\/2453e079-8d78-7e1c-628a-95262a9b9585-1024x1024.jpeg 1024w, https:\/\/visualjournalism.de\/wp-content\/uploads\/2453e079-8d78-7e1c-628a-95262a9b9585-150x150.jpeg 150w, https:\/\/visualjournalism.de\/wp-content\/uploads\/2453e079-8d78-7e1c-628a-95262a9b9585-1536x1536.jpeg 1536w, https:\/\/visualjournalism.de\/wp-content\/uploads\/2453e079-8d78-7e1c-628a-95262a9b9585-1920x1920.jpeg 1920w, https:\/\/visualjournalism.de\/wp-content\/uploads\/2453e079-8d78-7e1c-628a-95262a9b9585-1400x1400.jpeg 1400w, https:\/\/visualjournalism.de\/wp-content\/uploads\/2453e079-8d78-7e1c-628a-95262a9b9585-1050x1050.jpeg 1050w, https:\/\/visualjournalism.de\/wp-content\/uploads\/2453e079-8d78-7e1c-628a-95262a9b9585-670x670.jpeg 670w, https:\/\/visualjournalism.de\/wp-content\/uploads\/2453e079-8d78-7e1c-628a-95262a9b9585-420x420.jpeg 420w, https:\/\/visualjournalism.de\/wp-content\/uploads\/2453e079-8d78-7e1c-628a-95262a9b9585-350x350.jpeg 350w, https:\/\/visualjournalism.de\/wp-content\/uploads\/2453e079-8d78-7e1c-628a-95262a9b9585-52x52.jpeg 52w, https:\/\/visualjournalism.de\/wp-content\/uploads\/2453e079-8d78-7e1c-628a-95262a9b9585-68x68.jpeg 68w, https:\/\/visualjournalism.de\/wp-content\/uploads\/2453e079-8d78-7e1c-628a-95262a9b9585-96x96.jpeg 96w, https:\/\/visualjournalism.de\/wp-content\/uploads\/2453e079-8d78-7e1c-628a-95262a9b9585.jpeg 2000w\" sizes=\"auto, (max-width: 768px) 100vw, 768px\" \/>\t\t<\/a>\r\n\t<\/figure><!-- .post__image -->\r\n\r\n<\/article>\r\n\n\t<\/div><!-- .pinned-block__column--left -->\n\n\t<div class=\"pinned-block__column--right\">\n\n\t\t<div class=\"grid--two-columns grid--masonry\">\n\n\t\t\t<div class=\"gutter-sizer\"><\/div>\n\n\t\t\t\r\n<article class=\"grid__item post-teaser--two-columns post-15324 magazin type-magazin status-publish has-post-thumbnail hentry magazinkategorie-guide\">\r\n\t<header class=\"entry-header\">\r\n\r\n\t\t<div class=\"entry-categories\">\n\t<a class=\"post__tag\" href=\"https:\/\/visualjournalism.de\/en\/magazine-category\/guide\/\" rel=\"category tag\">Guide<\/a><\/div>\r\n\t\t<a href=\"https:\/\/visualjournalism.de\/en\/magazine\/guide\/how-to-create-a-photo-series-ideas-themes-and-examples\/\" rel=\"bookmark\">\r\n\t\t\t<h2 class=\"entry-title\">How to create a photo series.<\/h2>\r\n\t\t\t<p class=\"entry-excerpt\">Ideas, tips and examples from our professors.<\/p>\r\n\t\t<\/a>\r\n\r\n\t<\/header><!-- .entry-header -->\r\n\r\n\t<figure class=\"post__image\">\r\n\t\t<a href=\"https:\/\/visualjournalism.de\/en\/magazine\/guide\/how-to-create-a-photo-series-ideas-themes-and-examples\/\" rel=\"bookmark\">\r\n\t\t\t<img loading=\"lazy\" decoding=\"async\" width=\"350\" height=\"307\" src=\"https:\/\/visualjournalism.de\/wp-content\/uploads\/Andy-Happel-350x307.jpg\" class=\"attachment-post-image--two-column--small size-post-image--two-column--small\" alt=\"Photo series by Andy Happel with young people in China in reddish light.\" srcset=\"https:\/\/visualjournalism.de\/wp-content\/uploads\/Andy-Happel-350x307.jpg 350w, https:\/\/visualjournalism.de\/wp-content\/uploads\/Andy-Happel-300x263.jpg 300w, https:\/\/visualjournalism.de\/wp-content\/uploads\/Andy-Happel-1024x898.jpg 1024w, https:\/\/visualjournalism.de\/wp-content\/uploads\/Andy-Happel-768x674.jpg 768w, https:\/\/visualjournalism.de\/wp-content\/uploads\/Andy-Happel-1536x1347.jpg 1536w, https:\/\/visualjournalism.de\/wp-content\/uploads\/Andy-Happel-2048x1796.jpg 2048w, https:\/\/visualjournalism.de\/wp-content\/uploads\/Andy-Happel-1400x1228.jpg 1400w, https:\/\/visualjournalism.de\/wp-content\/uploads\/Andy-Happel-1050x921.jpg 1050w, https:\/\/visualjournalism.de\/wp-content\/uploads\/Andy-Happel-670x588.jpg 670w, https:\/\/visualjournalism.de\/wp-content\/uploads\/Andy-Happel-420x368.jpg 420w\" sizes=\"auto, (max-width: 350px) 100vw, 350px\" \/>\t\t<\/a>\r\n\t<\/figure><!-- .post__image -->\r\n\r\n<\/article>\r\n\r\n<article class=\"grid__item post-teaser--two-columns post-27638 magazin type-magazin status-publish has-post-thumbnail hentry magazinkategorie-guide\">\r\n\t<header class=\"entry-header\">\r\n\r\n\t\t<div class=\"entry-categories\">\n\t<a class=\"post__tag\" href=\"https:\/\/visualjournalism.de\/en\/magazine-category\/guide\/\" rel=\"category tag\">Guide<\/a><\/div>\r\n\t\t<a href=\"https:\/\/visualjournalism.de\/en\/magazine\/guide\/study-photography-how-to-find-the-right-university\/\" rel=\"bookmark\">\r\n\t\t\t<h2 class=\"entry-title\">Studying photography: How to find the right university.<\/h2>\r\n\t\t\t<p class=\"entry-excerpt\">An overview of the best-known programmes. <\/p>\r\n\t\t<\/a>\r\n\r\n\t<\/header><!-- .entry-header -->\r\n\r\n\t<figure class=\"post__image\">\r\n\t\t<a href=\"https:\/\/visualjournalism.de\/en\/magazine\/guide\/study-photography-how-to-find-the-right-university\/\" rel=\"bookmark\">\r\n\t\t\t<img loading=\"lazy\" decoding=\"async\" width=\"350\" height=\"233\" src=\"https:\/\/visualjournalism.de\/wp-content\/uploads\/2024-DM-Werkschau_Short-Edit_Kristina-Kaysen-10-350x233.jpg\" class=\"attachment-post-image--two-column--small size-post-image--two-column--small\" alt=\"Fotografie-Studierende w\u00e4hrend einer Fotosession in einem Studio mit Beleuchtungsausr\u00fcstung und Hintergrund. Ein Schild auf dem Boden zeigt \u201aFOTOSHOOTING\u2018 und weist auf den Eingang zum Studio hin. Von hinten sind die Umrisse eines jungen Mannes zu sehen, der Fotografie studiert.\" srcset=\"https:\/\/visualjournalism.de\/wp-content\/uploads\/2024-DM-Werkschau_Short-Edit_Kristina-Kaysen-10-350x233.jpg 350w, https:\/\/visualjournalism.de\/wp-content\/uploads\/2024-DM-Werkschau_Short-Edit_Kristina-Kaysen-10-300x200.jpg 300w, https:\/\/visualjournalism.de\/wp-content\/uploads\/2024-DM-Werkschau_Short-Edit_Kristina-Kaysen-10-1024x681.jpg 1024w, https:\/\/visualjournalism.de\/wp-content\/uploads\/2024-DM-Werkschau_Short-Edit_Kristina-Kaysen-10-768x511.jpg 768w, https:\/\/visualjournalism.de\/wp-content\/uploads\/2024-DM-Werkschau_Short-Edit_Kristina-Kaysen-10-1536x1021.jpg 1536w, https:\/\/visualjournalism.de\/wp-content\/uploads\/2024-DM-Werkschau_Short-Edit_Kristina-Kaysen-10-1400x931.jpg 1400w, https:\/\/visualjournalism.de\/wp-content\/uploads\/2024-DM-Werkschau_Short-Edit_Kristina-Kaysen-10-1050x698.jpg 1050w, https:\/\/visualjournalism.de\/wp-content\/uploads\/2024-DM-Werkschau_Short-Edit_Kristina-Kaysen-10-670x446.jpg 670w, https:\/\/visualjournalism.de\/wp-content\/uploads\/2024-DM-Werkschau_Short-Edit_Kristina-Kaysen-10-420x279.jpg 420w, https:\/\/visualjournalism.de\/wp-content\/uploads\/2024-DM-Werkschau_Short-Edit_Kristina-Kaysen-10-150x100.jpg 150w, https:\/\/visualjournalism.de\/wp-content\/uploads\/2024-DM-Werkschau_Short-Edit_Kristina-Kaysen-10.jpg 1600w\" sizes=\"auto, (max-width: 350px) 100vw, 350px\" \/>\t\t<\/a>\r\n\t<\/figure><!-- .post__image -->\r\n\r\n<\/article>\r\n\r\n<article class=\"grid__item post-teaser--two-columns post-64654 post type-post status-publish format-standard has-post-thumbnail hentry category-awards category-news-en\">\r\n\t<header class=\"entry-header\">\r\n\r\n\t\t<div class=\"entry-categories\">\n\t<a class=\"post__tag\" href=\"https:\/\/visualjournalism.de\/en\/news-en\/awards\/\" rel=\"category tag\">Awards<\/a><\/div>\r\n\t\t<a href=\"https:\/\/visualjournalism.de\/en\/news-en\/awards\/julius-schien-wins-the-vgh-photo-prize-2025\/\" rel=\"bookmark\">\r\n\t\t\t<h2 class=\"entry-title\">With a photo series on right-wing violence:<\/h2>\r\n\t\t\t<p class=\"entry-excerpt\">Julius Schien wins the VGH Photo Prize 2025<\/p>\r\n\t\t<\/a>\r\n\r\n\t<\/header><!-- .entry-header -->\r\n\r\n\t<figure class=\"post__image\">\r\n\t\t<a href=\"https:\/\/visualjournalism.de\/en\/news-en\/awards\/julius-schien-wins-the-vgh-photo-prize-2025\/\" rel=\"bookmark\">\r\n\t\t\t<img loading=\"lazy\" decoding=\"async\" width=\"350\" height=\"280\" src=\"https:\/\/visualjournalism.de\/wp-content\/uploads\/VGH-Fotopreis2025-Rechtes-Land_1993-01-15_Arnstadt_Karl-Sidon_CJulius-Schien-350x280.jpg\" class=\"attachment-post-image--two-column--small size-post-image--two-column--small\" alt=\"\" srcset=\"https:\/\/visualjournalism.de\/wp-content\/uploads\/VGH-Fotopreis2025-Rechtes-Land_1993-01-15_Arnstadt_Karl-Sidon_CJulius-Schien-350x280.jpg 350w, https:\/\/visualjournalism.de\/wp-content\/uploads\/VGH-Fotopreis2025-Rechtes-Land_1993-01-15_Arnstadt_Karl-Sidon_CJulius-Schien-300x240.jpg 300w, https:\/\/visualjournalism.de\/wp-content\/uploads\/VGH-Fotopreis2025-Rechtes-Land_1993-01-15_Arnstadt_Karl-Sidon_CJulius-Schien-1024x819.jpg 1024w, https:\/\/visualjournalism.de\/wp-content\/uploads\/VGH-Fotopreis2025-Rechtes-Land_1993-01-15_Arnstadt_Karl-Sidon_CJulius-Schien-768x615.jpg 768w, https:\/\/visualjournalism.de\/wp-content\/uploads\/VGH-Fotopreis2025-Rechtes-Land_1993-01-15_Arnstadt_Karl-Sidon_CJulius-Schien-1536x1229.jpg 1536w, https:\/\/visualjournalism.de\/wp-content\/uploads\/VGH-Fotopreis2025-Rechtes-Land_1993-01-15_Arnstadt_Karl-Sidon_CJulius-Schien-2048x1639.jpg 2048w, https:\/\/visualjournalism.de\/wp-content\/uploads\/VGH-Fotopreis2025-Rechtes-Land_1993-01-15_Arnstadt_Karl-Sidon_CJulius-Schien-1920x1536.jpg 1920w, https:\/\/visualjournalism.de\/wp-content\/uploads\/VGH-Fotopreis2025-Rechtes-Land_1993-01-15_Arnstadt_Karl-Sidon_CJulius-Schien-1400x1120.jpg 1400w, https:\/\/visualjournalism.de\/wp-content\/uploads\/VGH-Fotopreis2025-Rechtes-Land_1993-01-15_Arnstadt_Karl-Sidon_CJulius-Schien-1050x840.jpg 1050w, https:\/\/visualjournalism.de\/wp-content\/uploads\/VGH-Fotopreis2025-Rechtes-Land_1993-01-15_Arnstadt_Karl-Sidon_CJulius-Schien-670x536.jpg 670w, https:\/\/visualjournalism.de\/wp-content\/uploads\/VGH-Fotopreis2025-Rechtes-Land_1993-01-15_Arnstadt_Karl-Sidon_CJulius-Schien-420x336.jpg 420w\" sizes=\"auto, (max-width: 350px) 100vw, 350px\" \/>\t\t<\/a>\r\n\t<\/figure><!-- .post__image -->\r\n\r\n<\/article>\r\n\t\t<\/div><!-- grid--two-columns -->\n\t<\/div><!-- .pinned-block__column--right -->\n\n<\/div><!-- .pinned-block -->\n\n\n\n\n\r\n\r\n\r\n\r\n        <div class=\"teaser-grid grid-layout--1col has-spacing--none width--full\">\r\n            \r\n                \r\n                <article class=\"post-teaser\">\r\n\r\n                     \r\n\r\n                        <a href=\"https:\/\/visualjournalism.de\/en\/\">\r\n\r\n                    \r\n                        <div class=\"post-teaser__content\">\r\n\r\n                            \r\n                            <h3 class=\"post-teaser__headline\">\r\n                                Magazine                            <\/h3>\r\n\r\n                            <div class=\"post-teaser__excerpt\">\r\n                                <p>\r\n                                    Recent works by our students (available in German only)                                <\/p>\r\n                            <\/div>\r\n\r\n                        <\/div><!-- .post-teaser__content -->\r\n                \r\n\r\n                        \r\n                        <figure class=\"post-teaser__image\">\r\n\r\n                        <img loading=\"lazy\" decoding=\"async\"  \r\n                            src=\"https:\/\/visualjournalism.de\/wp-content\/uploads\/SergheiDuve_Transnistrien_14-1400x933.jpg\" \r\n                            srcset=\"https:\/\/visualjournalism.de\/wp-content\/uploads\/SergheiDuve_Transnistrien_14-1400x933.jpg 1400w, https:\/\/visualjournalism.de\/wp-content\/uploads\/SergheiDuve_Transnistrien_14-300x200.jpg 300w, https:\/\/visualjournalism.de\/wp-content\/uploads\/SergheiDuve_Transnistrien_14-1024x682.jpg 1024w, https:\/\/visualjournalism.de\/wp-content\/uploads\/SergheiDuve_Transnistrien_14-768x512.jpg 768w, https:\/\/visualjournalism.de\/wp-content\/uploads\/SergheiDuve_Transnistrien_14-1536x1024.jpg 1536w, https:\/\/visualjournalism.de\/wp-content\/uploads\/SergheiDuve_Transnistrien_14-1920x1280.jpg 1920w, https:\/\/visualjournalism.de\/wp-content\/uploads\/SergheiDuve_Transnistrien_14-1050x700.jpg 1050w, https:\/\/visualjournalism.de\/wp-content\/uploads\/SergheiDuve_Transnistrien_14-670x447.jpg 670w, https:\/\/visualjournalism.de\/wp-content\/uploads\/SergheiDuve_Transnistrien_14-420x280.jpg 420w, https:\/\/visualjournalism.de\/wp-content\/uploads\/SergheiDuve_Transnistrien_14-350x233.jpg 350w, https:\/\/visualjournalism.de\/wp-content\/uploads\/SergheiDuve_Transnistrien_14-150x100.jpg 150w, https:\/\/visualjournalism.de\/wp-content\/uploads\/SergheiDuve_Transnistrien_14.jpg 2000w\" \r\n                            width=\"1400\"  \r\n                            height=\"933\" \r\n                            alt=\"\" \r\n                            style=\"object-position: 47% 92.5%\"\r\n                            \/>\r\n\r\n                        <\/figure>\r\n                                            \r\n                     \r\n                    <\/a>\r\n                                        \r\n                <\/article><!--- .post-teaser-->\r\n\r\n                        <\/div><!-- .teaser-grid -->\r\n\r\n    \n\n\n<div class=\"wp-block-group has-spacing--m has-color-14-background-color has-background has-spacing--m\">\n \n\n    <div id=\"lead-in-block_18edb7ed61b7234a0e409ca16e1dc982\" class=\"block-lead-in typo--soehne font-size--xl has-spacing--m width--full\">\n        <p><strong>Practice-oriented. Innovative. Profound. <\/strong>The bachelor\u2019s programme Visual Journalism and Documentary Photography will open the door to editorial desks, publishing houses and media companies.<\/p>\n    <\/div>\n\n\n\n\n<div class=\"pinned-block has-spacing--none\">\n\t\n\n<div class=\"pinned-block__column--left\">\n    \n\n \n\n    <div id=\"lead-in-block_c9c62c5b5d4a2d034f88ed6579b8428f\" class=\"block-lead-in typo--soehne font-size--default has-spacing--m width--default\">\n        <p><strong>The programme teaches multidisciplinary visual skills<\/strong> based on the media of photography and video. We focus on journalistic and documentary narratives.<\/p>\n    <\/div>\n\n\n\n<\/div>\n\n\n<div class=\"pinned-block__column--right\">\n    \n\n<div class=\"infocard has-spacing--m\">\n\t\n\n<div class=\"info-item--full\">\n    <p>\n        <span class=\"info-item__headline\">Degree<\/span>\n        <span class=\"info-item__text\">Bachelor of Arts (B.A.)<\/span>\n    <\/p>\n<\/div>\n\n\n<div class=\"info-item--full\">\n    <p>\n        <span class=\"info-item__headline\">Start of studies<\/span>\n        <span class=\"info-item__text\">Winter semester (September 1)<\/span>\n    <\/p>\n<\/div>\n\n\n<div class=\"info-item--full\">\n    <p>\n        <span class=\"info-item__headline\">Application deadline<\/span>\n        <span class=\"info-item__text\">March 15<\/span>\n    <\/p>\n<\/div>\n\n\n<div class=\"info-item--full\">\n    <p>\n        <span class=\"info-item__headline\">Teaching languages<\/span>\n        <span class=\"info-item__text\">German or English<\/span>\n    <\/p>\n<\/div>\n\n\n<div class=\"info-item--full\">\n    <p>\n        <span class=\"info-item__headline\">Types of studying<\/span>\n        <span class=\"info-item__text\">Full-time and part-time<\/span>\n    <\/p>\n<\/div>\n\n\n<div class=\"info-item--full\">\n    <p>\n        <span class=\"info-item__headline\">Duration of studies<\/span>\n        <span class=\"info-item__text\">8 semesters<\/span>\n    <\/p>\n<\/div>\n\n\n<div class=\"info-item--full\">\n    <p>\n        <span class=\"info-item__headline\">Admission mode<\/span>\n        <span class=\"info-item__text\">Selection procedure \/ artistic aptitude test<\/span>\n    <\/p>\n<\/div>\n<\/div>\n\n\n \n\n    <div id=\"accordion-block_2dfec2056fae012c9c4b3a59d0662371\" class=\"accordion has-spacing--m initial--open\">\n        <div class=\"accordion__title is-open\">\n            <h5>What is the goal of the study?<\/h5>\n            <span><\/span>\n        <\/div>\n\n        <div class=\"accordion__text\">\n         <p>Our students qualify as reflective image experts and visual journalists.<\/p>\n        <\/div>\n    <\/div>\n\n\n\n\n \n\n    <div id=\"accordion-block_e91354f2aa9124d3cc931179a86ab4c6\" class=\"accordion has-spacing--m\">\n        <div class=\"accordion__title\">\n            <h5>What are the career prospects?<\/h5>\n            <span><\/span>\n        <\/div>\n\n        <div class=\"accordion__text\">\n         <p>Our graduates work in very different fields: Some work as freelance photographers, video journalists or cameramen. They finance their independent documentary projects with the help of grants and funding. Others decide to take up a permanent position after graduation, e.g. as a picture or video editor at a newspaper, as a curator at a gallery or as a multimedia producer at an NGO.<\/p>\n<p>A steadily growing number of job offers, which we send at regular intervals via our alumni mailing list, testify to the high demand for visually trained experts. In addition, more and more graduates are founding their own start-ups and benefiting from the international network of our degree program.<\/p>\n        <\/div>\n    <\/div>\n\n\n\n\n \n\n    <div id=\"accordion-block_edc5a7d0bb70c84f37ae89a184135b5d\" class=\"accordion has-spacing--m\">\n        <div class=\"accordion__title\">\n            <h5>How is the Visual Journalism and Documentary Photography bachelor&#8217;s degree different from other programs?  <\/h5>\n            <span><\/span>\n        <\/div>\n\n        <div class=\"accordion__text\">\n         <p>We differ from classic journalism courses in that we clearly focus on the visual (e.g. photography, video, data visualization). Unlike most photography majors, we focus on journalistic and documentary storytelling. Together with our international orientation and innovative teaching concepts, such as the \u201cEducational Newsroom\u201d, this results in a globally unique offering.<\/p>\n        <\/div>\n    <\/div>\n\n\n\n\n    <div class=\"btn-wrapper has-spacing--m\">\n        <a class=\"btn\" href=\"https:\/\/visualjournalism.de\/studieren\/\" target=\"_blank\">MORE INFORMATION<\/a>\n    <\/div>\n\n\n<\/div>\n<\/div><\/div>\n\n\n\n    <nav id=\"section-navigation-block_136853e08828675c147dd691ab7c9d52\" class=\"section-navigation has-spacing--s\">\n        <ul>\n\n                \n                    <li>Your way to study<\/li>\n                \n            \n            \n                        \n                        \n\n            \n            \n            \n                        \n                        \n\n            \n            \n            \n                        \n                        \n\n            \n\n        <\/ul>\n        \n    <\/nav>\n\n\n\n<div class=\"two-columns-teaser has-spacing--m\">\n\n    \r\n<article class=\"post-teaser post-1746 page type-page status-publish has-post-thumbnail hentry\">\r\n\t<header class=\"entry-header\">\r\n\r\n\t\t<div class=\"entry-categories\">\n\t<\/div>\r\n\t\t<a href=\"https:\/\/visualjournalism.de\/en\/apply\/\" rel=\"bookmark\">\r\n\t\t\t<h2 class=\"entry-title\">Apply.<\/h2>\r\n\t\t\t<p class=\"entry-excerpt\">How to get your place<\/p>\r\n\t\t<\/a>\r\n\r\n\t<\/header><!-- .entry-header -->\r\n\r\n\t<figure class=\"post__image\">\r\n\t\t<a href=\"https:\/\/visualjournalism.de\/en\/apply\/\" rel=\"bookmark\">\r\n\t\t\t<img loading=\"lazy\" decoding=\"async\" width=\"670\" height=\"447\" src=\"https:\/\/visualjournalism.de\/wp-content\/uploads\/hochschule_hannover__1VL8169-670x447.jpg\" class=\"attachment-post-image--two-column size-post-image--two-column\" alt=\"\" srcset=\"https:\/\/visualjournalism.de\/wp-content\/uploads\/hochschule_hannover__1VL8169-670x447.jpg 670w, https:\/\/visualjournalism.de\/wp-content\/uploads\/hochschule_hannover__1VL8169-300x200.jpg 300w, https:\/\/visualjournalism.de\/wp-content\/uploads\/hochschule_hannover__1VL8169-1024x683.jpg 1024w, https:\/\/visualjournalism.de\/wp-content\/uploads\/hochschule_hannover__1VL8169-768x512.jpg 768w, https:\/\/visualjournalism.de\/wp-content\/uploads\/hochschule_hannover__1VL8169-1536x1024.jpg 1536w, https:\/\/visualjournalism.de\/wp-content\/uploads\/hochschule_hannover__1VL8169-1400x933.jpg 1400w, https:\/\/visualjournalism.de\/wp-content\/uploads\/hochschule_hannover__1VL8169-1050x700.jpg 1050w, https:\/\/visualjournalism.de\/wp-content\/uploads\/hochschule_hannover__1VL8169-420x280.jpg 420w, https:\/\/visualjournalism.de\/wp-content\/uploads\/hochschule_hannover__1VL8169-350x233.jpg 350w, https:\/\/visualjournalism.de\/wp-content\/uploads\/hochschule_hannover__1VL8169.jpg 1599w\" sizes=\"auto, (max-width: 670px) 100vw, 670px\" \/>\t\t<\/a>\r\n\t<\/figure><!-- .post__image -->\r\n\r\n<\/article>\r\n\r\n<article class=\"post-teaser post-9765 page type-page status-publish has-post-thumbnail hentry\">\r\n\t<header class=\"entry-header\">\r\n\r\n\t\t<div class=\"entry-categories\">\n\t<\/div>\r\n\t\t<a href=\"https:\/\/visualjournalism.de\/en\/portfolio-review-2\/\" rel=\"bookmark\">\r\n\t\t\t<h2 class=\"entry-title\">Portfolio Advice.<\/h2>\r\n\t\t\t<p class=\"entry-excerpt\">Get feedback on your work.<\/p>\r\n\t\t<\/a>\r\n\r\n\t<\/header><!-- .entry-header -->\r\n\r\n\t<figure class=\"post__image\">\r\n\t\t<a href=\"https:\/\/visualjournalism.de\/en\/portfolio-review-2\/\" rel=\"bookmark\">\r\n\t\t\t<img loading=\"lazy\" decoding=\"async\" width=\"670\" height=\"447\" src=\"https:\/\/visualjournalism.de\/wp-content\/uploads\/DSC8580-670x447.jpg\" class=\"attachment-post-image--two-column size-post-image--two-column\" alt=\"\" srcset=\"https:\/\/visualjournalism.de\/wp-content\/uploads\/DSC8580-670x447.jpg 670w, https:\/\/visualjournalism.de\/wp-content\/uploads\/DSC8580-300x200.jpg 300w, https:\/\/visualjournalism.de\/wp-content\/uploads\/DSC8580-1024x683.jpg 1024w, https:\/\/visualjournalism.de\/wp-content\/uploads\/DSC8580-768x512.jpg 768w, https:\/\/visualjournalism.de\/wp-content\/uploads\/DSC8580-1536x1024.jpg 1536w, https:\/\/visualjournalism.de\/wp-content\/uploads\/DSC8580-1400x933.jpg 1400w, https:\/\/visualjournalism.de\/wp-content\/uploads\/DSC8580-1050x700.jpg 1050w, https:\/\/visualjournalism.de\/wp-content\/uploads\/DSC8580-420x280.jpg 420w, https:\/\/visualjournalism.de\/wp-content\/uploads\/DSC8580-350x233.jpg 350w, https:\/\/visualjournalism.de\/wp-content\/uploads\/DSC8580.jpg 1800w\" sizes=\"auto, (max-width: 670px) 100vw, 670px\" \/>\t\t<\/a>\r\n\t<\/figure><!-- .post__image -->\r\n\r\n<\/article>\r\n\n<\/div><!-- .2-columns-teaser-->\n\n    \n\n\n<div class=\"wp-block-group has-spacing--none has-color-14-background-color has-background has-spacing--none\">\n    <nav id=\"section-navigation-block_e9d299a888ea1ee7f2035dc3ecf0ffb3\" class=\"section-navigation has-spacing--m\">\n        <ul>\n\n                \n                    <li>Insights<\/li>\n                \n            \n            \n                        \n                        \n\n            \n\n        <\/ul>\n        \n    <\/nav>\n\n\n\n<div class=\"tableau has-spacing--none\">\n\t\n\n<div class=\"tableau__column--left\">\n    \n    <figure class=\"block-photo post__image--full has-spacing--l with-title\">\n\n        <div class=\"post__image__container\">\n            <img loading=\"lazy\" decoding=\"async\" \n                src=\"https:\/\/visualjournalism.de\/wp-content\/uploads\/hochschule_hannover__1mg6251-1400x933.jpg\"\n                srcset=\"https:\/\/visualjournalism.de\/wp-content\/uploads\/hochschule_hannover__1mg6251-1400x933.jpg 1400w, https:\/\/visualjournalism.de\/wp-content\/uploads\/hochschule_hannover__1mg6251-300x200.jpg 300w, https:\/\/visualjournalism.de\/wp-content\/uploads\/hochschule_hannover__1mg6251-1024x683.jpg 1024w, https:\/\/visualjournalism.de\/wp-content\/uploads\/hochschule_hannover__1mg6251-768x512.jpg 768w, https:\/\/visualjournalism.de\/wp-content\/uploads\/hochschule_hannover__1mg6251-1536x1024.jpg 1536w, https:\/\/visualjournalism.de\/wp-content\/uploads\/hochschule_hannover__1mg6251-1050x700.jpg 1050w, https:\/\/visualjournalism.de\/wp-content\/uploads\/hochschule_hannover__1mg6251-670x447.jpg 670w, https:\/\/visualjournalism.de\/wp-content\/uploads\/hochschule_hannover__1mg6251-420x280.jpg 420w, https:\/\/visualjournalism.de\/wp-content\/uploads\/hochschule_hannover__1mg6251-350x233.jpg 350w, https:\/\/visualjournalism.de\/wp-content\/uploads\/hochschule_hannover__1mg6251.jpg 1599w\"\n                width=\"1400\" \n                height=\"933\"\n                alt=\"\" \n            \/>\n            \n                            <span class=\"post__image__title\">The &quot;Galerie f\u00fcr Fotografie&quot; (GAF) in Hannover exhibits the students&#039; bachelor projects twice a year. Photo: Marvin Ibo G\u00fcng\u00f6r<\/span>\n                    <\/div><!-- post__image__container -->\n\n        \n    <\/figure><!-- post__image -->\n\n\n\n\n \n    \n    <div id=\"quote-block_6c7b2dcaa3c9659599e5363e6e642f77\" class=\"block-quote has-spacing--l\">\n        <figure class=\"quote\">\n            <blockquote>\n                <p><strong>During my studies, I was given a toolbox<\/strong> that I can now use to develop freely as a photographer.<\/p>\n            <\/blockquote>\n\n            <figcaption>\n\n                            <img loading=\"lazy\" decoding=\"async\" class=\"portrait--inline\" src=\"https:\/\/visualjournalism.de\/wp-content\/uploads\/china_hopson_thumb-52x52.jpg\" width=\"52\" height=\"52\" alt=\"\" \/>\n                            <span>China Hopson, Graduate<\/span>\n            <\/figcaption>\n            \n        <\/figure>\n    <\/div>\n\n\n\n    <figure class=\"block-photo post__image--full has-spacing--l with-title\">\n\n        <div class=\"post__image__container\">\n            <img loading=\"lazy\" decoding=\"async\" \n                src=\"https:\/\/visualjournalism.de\/wp-content\/uploads\/hochschule_hannover_Sprengel_15-rotated.jpg\"\n                srcset=\"https:\/\/visualjournalism.de\/wp-content\/uploads\/hochschule_hannover_Sprengel_15-rotated.jpg 1066w, https:\/\/visualjournalism.de\/wp-content\/uploads\/hochschule_hannover_Sprengel_15-200x300.jpg 200w, https:\/\/visualjournalism.de\/wp-content\/uploads\/hochschule_hannover_Sprengel_15-683x1024.jpg 683w, https:\/\/visualjournalism.de\/wp-content\/uploads\/hochschule_hannover_Sprengel_15-768x1152.jpg 768w, https:\/\/visualjournalism.de\/wp-content\/uploads\/hochschule_hannover_Sprengel_15-1024x1536.jpg 1024w, https:\/\/visualjournalism.de\/wp-content\/uploads\/hochschule_hannover_Sprengel_15-1050x1575.jpg 1050w, https:\/\/visualjournalism.de\/wp-content\/uploads\/hochschule_hannover_Sprengel_15-670x1005.jpg 670w, https:\/\/visualjournalism.de\/wp-content\/uploads\/hochschule_hannover_Sprengel_15-420x630.jpg 420w, https:\/\/visualjournalism.de\/wp-content\/uploads\/hochschule_hannover_Sprengel_15-350x525.jpg 350w, https:\/\/visualjournalism.de\/wp-content\/uploads\/hochschule_hannover_Sprengel_15-300x450.jpg 300w\"\n                width=\"1066\" \n                height=\"1599\"\n                alt=\"\" \n            \/>\n            \n                            <span class=\"post__image__title\">Excursion to the Sprengel Museum. Photo: Rafael Heygster<\/span>\n                    <\/div><!-- post__image__container -->\n\n        \n    <\/figure><!-- post__image -->\n\n\n\n<\/div>\n\n\n<div class=\"tableau__column--right\">\n    \n\n \n    \n    <div id=\"quote-block_a2e13165548a4382105aa67c7cf2302f\" class=\"block-quote has-spacing--l\">\n        <figure class=\"quote\">\n            <blockquote>\n                <p><strong>The students from Hanover take journalistic photography very seriously<\/strong> and are trained to a high practical level.<\/p>\n            <\/blockquote>\n\n            <figcaption>\n\n                            <img loading=\"lazy\" decoding=\"async\" class=\"portrait--inline\" src=\"https:\/\/visualjournalism.de\/wp-content\/uploads\/Flohr_Henner_thumbnail_sw-52x52.jpg\" width=\"52\" height=\"52\" alt=\"\" \/>\n                            <span>Henner Flohr, Head of Picture Editing, F.A.Z.<\/span>\n            <\/figcaption>\n            \n        <\/figure>\n    <\/div>\n\n\n\n    <figure class=\"block-photo post__image--full has-spacing--l with-title\">\n\n        <div class=\"post__image__container\">\n            <img loading=\"lazy\" decoding=\"async\" \n                src=\"https:\/\/visualjournalism.de\/wp-content\/uploads\/hochschule_hannover_FH_Hannover_08-1400x933.jpg\"\n                srcset=\"https:\/\/visualjournalism.de\/wp-content\/uploads\/hochschule_hannover_FH_Hannover_08-1400x933.jpg 1400w, https:\/\/visualjournalism.de\/wp-content\/uploads\/hochschule_hannover_FH_Hannover_08-300x200.jpg 300w, https:\/\/visualjournalism.de\/wp-content\/uploads\/hochschule_hannover_FH_Hannover_08-1024x683.jpg 1024w, https:\/\/visualjournalism.de\/wp-content\/uploads\/hochschule_hannover_FH_Hannover_08-768x512.jpg 768w, https:\/\/visualjournalism.de\/wp-content\/uploads\/hochschule_hannover_FH_Hannover_08-1536x1024.jpg 1536w, https:\/\/visualjournalism.de\/wp-content\/uploads\/hochschule_hannover_FH_Hannover_08-1050x700.jpg 1050w, https:\/\/visualjournalism.de\/wp-content\/uploads\/hochschule_hannover_FH_Hannover_08-670x447.jpg 670w, https:\/\/visualjournalism.de\/wp-content\/uploads\/hochschule_hannover_FH_Hannover_08-420x280.jpg 420w, https:\/\/visualjournalism.de\/wp-content\/uploads\/hochschule_hannover_FH_Hannover_08-350x233.jpg 350w, https:\/\/visualjournalism.de\/wp-content\/uploads\/hochschule_hannover_FH_Hannover_08.jpg 1599w\"\n                width=\"1400\" \n                height=\"933\"\n                alt=\"\" \n            \/>\n            \n                            <span class=\"post__image__title\">In our studios in the basement of the Design Center, students have the opportunity to produce 360\u00b0 films. Photo: Rafael Heygster\n<\/span>\n                    <\/div><!-- post__image__container -->\n\n        \n    <\/figure><!-- post__image -->\n\n\n\n\n \n    \n    <div id=\"quote-block_2ae16d5907e8fd659e1adc0bc7287e18\" class=\"block-quote has-spacing--l\">\n        <figure class=\"quote\">\n            <blockquote>\n                <p><strong>What I particularly appreciate about the Visual Journalism and Documentary Photography program is the open exchange<\/strong>. All students find their way here.<\/p>\n            <\/blockquote>\n\n            <figcaption>\n\n                            <img loading=\"lazy\" decoding=\"async\" class=\"portrait--inline\" src=\"https:\/\/visualjournalism.de\/wp-content\/uploads\/elke_latinovic_thumb-sw-52x52.jpg\" width=\"52\" height=\"52\" alt=\"\" \/>\n                            <span>Elke Latinovi\u0107, Deputy Lead Art Buying, C3<\/span>\n            <\/figcaption>\n            \n        <\/figure>\n    <\/div>\n\n\n\n\r\n<div class=\"video-block has-spacing--xs align--left\">\r\n    <div class=\"video-wrapper size--full\">\r\n        <iframe loading=\"lazy\" hcb-fetch-image-from=\"https:\/\/vimeo.com\/799120520\" title=\"Alumni stories #2: China Hopson\" src=\"https:\/\/player.vimeo.com\/video\/799120520?dnt=1&amp;app_id=122963\" width=\"100\" height=\"56\" frameborder=\"0\" allow=\"autoplay; fullscreen; picture-in-picture; clipboard-write; encrypted-media; web-share\" referrerpolicy=\"strict-origin-when-cross-origin\"><\/iframe>    <\/div>\r\n<\/div>\r\n\r\n\n\n\n<p class=\"post__paragraph has-spacing--m has-spacing--default\"><strong>And after the bachelor&#8217;s degree?<\/strong> Episode #2 of our alumni video series with<a href=\"https:\/\/www.chinahopson.de\" target=\"_blank\" rel=\"noreferrer noopener\"> China Hopson<\/a>, freelance photographer in Hannover.<\/p>\n\n\n<\/div>\n<\/div><\/div>\n\n\n\n<div class=\"wp-block-group has-color-1-background-color has-background has-spacing--default\">\n<div class=\"pinned-block has-spacing--none\">\n\t\n\n<div class=\"pinned-block__column--left\">\n    \n\n \n\n    <div id=\"lead-in-block_799ce87d050552c0e125b80e8a0a29be\" class=\"block-lead-in typo--soehne font-size--default has-spacing--m width--default\">\n        <p>With our free newsletter you will receive once a month the <strong>three most read articles<\/strong> from our magazine, <strong>current job offers <\/strong>in the field of photography, picture editing and multimedia production and <strong>tips<\/strong> <strong>from our professors<\/strong>.<\/p>\n    <\/div>\n\n\n\n<\/div>\n\n\n<div class=\"pinned-block__column--right\">\n    \n\n\n<div class=\"newsletter-signup has-spacing--m\">\n\n<!-- Begin Sendinblue Form -->\n<!-- START - We recommend to place the below code in head tag of your website html  -->\n\n<link rel=\"stylesheet\" href=\"https:\/\/sibforms.com\/forms\/end-form\/build\/sib-styles.css\">\n<!--  END - We recommend to place the above code in head tag of your website html -->\n\n<!-- START - We recommend to place the below code where you want the form in your website html  -->\n<div class=\"sib-form\">\n  <div id=\"sib-form-container\" class=\"sib-form-container\">\n    <div id=\"error-message\" class=\"sib-form-message-panel\">\n      <div class=\"sib-form-message-panel__text sib-form-message-panel__text--center\">\n\n        <span class=\"sib-form-message-panel__inner-text\">\n                          Deine Anmeldung konnte nicht gespeichert werden. Bitte versuche es erneut.\n                      <\/span>\n      <\/div>\n    <\/div>\n    <div><\/div>\n    <div id=\"success-message\" class=\"sib-form-message-panel\">\n      <div class=\"sib-form-message-panel__text sib-form-message-panel__text--center\">\n\n        <span class=\"sib-form-message-panel__inner-text\">\n                          Deine Anmeldung war erfolgreich.\n                      <\/span>\n      <\/div>\n    <\/div>\n    <div><\/div>\n    <div id=\"sib-container\" class=\"sib-container--large sib-container--vertical\">\n      <form id=\"sib-form\" method=\"POST\" action=\"https:\/\/853703bf.sibforms.com\/serve\/MUIEAHP6kWSj0YALohH5OUjd6myUwGQaa5s2RsYJP7DJK7uztt9g2aws1QKgQfR-TDkA-zkq2WrMrZE8s3e9ix1SCVOAtPbTx-KV3fSW5DIuL5LG92AkUNJFwXWi9ZbD0CeUiw_HHIU43BgJpeIfGsr2cv5E5chifbg52FRxFZn2fd51rSCe6ZKHltSsSkZnGZJh-vou7RzvMgQf\" data-type=\"subscription\">\n\n        <div>\n          <div class=\"sib-input sib-form-block\">\n            <div class=\"form__entry entry_block\">\n\n              <div class=\"form__label-row \">\n\n                <div class=\"entry__field\">\n                  <input class=\"input\" type=\"text\" id=\"EMAIL\" name=\"EMAIL\" autocomplete=\"off\" placeholder=\"Deine E-Mail-Adresse\" data-required=\"true\" required \/>\n                <\/div>\n\n                <div class=\"submit__field\">\n                    <div class=\"sib-form-block\" style=\"text-align: left\">\n                        <button class=\"sib-form-block__button sib-form-block__button-with-loader btn\" form=\"sib-form\" type=\"submit\">\n                        <svg class=\"icon clickable__icon progress-indicator__icon sib-hide-loader-icon\" viewBox=\"0 0 512 512\">\n                            <path d=\"M460.116 373.846l-20.823-12.022c-5.541-3.199-7.54-10.159-4.663-15.874 30.137-59.886 28.343-131.652-5.386-189.946-33.641-58.394-94.896-95.833-161.827-99.676C261.028 55.961 256 50.751 256 44.352V20.309c0-6.904 5.808-12.337 12.703-11.982 83.556 4.306 160.163 50.864 202.11 123.677 42.063 72.696 44.079 162.316 6.031 236.832-3.14 6.148-10.75 8.461-16.728 5.01z\" \/>\n                        <\/svg>\n                        Abonnieren\n                        <\/button>\n                    <\/div>\n                <\/div>\n\n\n              <\/div><!-- .form__label-row -->\n\n              <label class=\"entry__error entry__error--primary\">\n              <\/label>\n              <label class=\"entry__specification\">\n                Deine Kontaktdaten werden nicht an Dritte weitergegeben\n              <\/label>\n            <\/div>\n          <\/div>\n        <\/div>\n        <input type=\"text\" name=\"email_address_check\" value=\"\" class=\"input--hidden\">\n        <input type=\"hidden\" name=\"locale\" value=\"de\">\n      <\/form>\n    <\/div>\n  <\/div>\n<\/div>\n<!-- END - We recommend to place the below code where you want the form in your website html  -->\n\n<!-- START - We recommend to place the below code in footer or bottom of your website html  -->\n<script>\n  window.REQUIRED_CODE_ERROR_MESSAGE = 'W\u00e4hlen Sie bitte einen L\u00e4ndervorwahl aus.';\n  window.LOCALE = 'de';\n  window.EMAIL_INVALID_MESSAGE = window.SMS_INVALID_MESSAGE = \"Die eingegebenen Informationen sind nicht g\u00fcltig. Bitte \u00fcberpr\u00fcfen das Feldformat und versuche es erneut.\";\n\n  window.REQUIRED_ERROR_MESSAGE = \"Dieses Feld darf nicht leer sein. \";\n\n  window.GENERIC_INVALID_MESSAGE = \"Die eingegebenen Informationen sind nicht g\u00fcltig. Bitte \u00fcberpr\u00fcfen das Feldformat und versuche es erneut.\";\n\n\n\n\n  window.translation = {\n    common: {\n      selectedList: '{quantity} Liste ausgew\u00e4hlt',\n      selectedLists: '{quantity} Listen ausgew\u00e4hlt'\n    }\n  };\n\n  var AUTOHIDE = Boolean(0);\n<\/script>\n<script src=\"https:\/\/sibforms.com\/forms\/end-form\/build\/main.js\"><\/script>\n\n\n<!-- END - We recommend to place the above code in footer or bottom of your website html  -->\n<!-- End Sendinblue Form -->\n\n\n\n\n\n\n\n\n\n\n\n\n\n\n\n\n\n\n\n\n<\/div>\n\n<\/div>\n<\/div><\/div>\n\n\n\n<div class=\"wp-block-group has-spacing--none has-color-3-background-color has-background has-spacing--none\">\n    <nav id=\"section-navigation-block_b1b9acc10365a49d306acc90c066c1b8\" class=\"section-navigation has-spacing--m\">\n        <ul>\n\n                \n                    <li>Contact<\/li>\n                \n            \n            \n                        \n                        \n\n            \n\n        <\/ul>\n        \n    <\/nav>\n\n\n\n<div class=\"pinned-block has-spacing--m\">\n\t\n\n<div class=\"pinned-block__column--left\">\n    \n\n \n\n    <div id=\"lead-in-block_2b9ac2e7ac9abf96712f972ba75271b1\" class=\"block-lead-in typo--soehne font-size--xl has-spacing--m width--full\">\n        <p><strong>Your contact partners<\/strong> will be happy to assist you with your personal concerns. However, due to the large number of enquiries, we ask you to first check our FAQ to see if your question may already have been answered.<\/p>\n    <\/div>\n\n\n\n\n    <div class=\"btn-wrapper alignleft has-spacing--m\">\n        <a class=\"btn\" href=\"https:\/\/visualjournalism.de\/faq\/\" target=\"_blank\">FAQ<\/a>\n    <\/div>\n\n\n<\/div>\n\n\n<div class=\"pinned-block__column--right\">\n    \n    \n    <div class=\"infocard has-spacing--m\">\n\n    \n        <div class=\"info-item--full\">\n            <p>\n                <span class=\"info-item__headline\">Dean of Studies, Design and Media department<\/span>\n            <\/p>\n            \n            <div class=\"info-item__content\">\n                <p>\n                    <span class=\"info-item__text\"><a href=\"https:\/\/visualjournalism.de\/karen-fromm\/\">Prof. Dr. Karen Fromm<\/a><\/span>\n                    <span class=\"info-item__text--small\">\n                        <span><a href=\"mailto:karen.fromm@hs-hannover.de\">E-Mail schreiben<\/a><\/span><span><a href=\"tel:+49 511 9296 8538\">+49 511 9296 8538<\/a><\/span>                    <\/span>\n                <\/p>\n\n                <figure class=\"info-item__image\">\n\n                    <a href=\"https:\/\/visualjournalism.de\/karen-fromm\/\"><img loading=\"lazy\" decoding=\"async\" width=\"52\" height=\"52\" src=\"https:\/\/visualjournalism.de\/wp-content\/uploads\/Prof_Dr_Karen_Fromm_thumb-1-52x52.jpg\" class=\"attachment-image-portrait size-image-portrait\" alt=\"\" srcset=\"https:\/\/visualjournalism.de\/wp-content\/uploads\/Prof_Dr_Karen_Fromm_thumb-1-52x52.jpg 52w, https:\/\/visualjournalism.de\/wp-content\/uploads\/Prof_Dr_Karen_Fromm_thumb-1.jpg 100w\" sizes=\"auto, (max-width: 52px) 100vw, 52px\" \/><\/a>                <\/figure>\n                \n            <\/div><!-- .info-item__content -->\n            \n        <\/div><!-- .info-item--full -->\n\n\n        <div class=\"info-item--full\">\n            <p>\n                <span class=\"info-item__headline\">Programme representative<\/span>\n            <\/p>\n            \n            <div class=\"info-item__content\">\n                <p>\n                    <span class=\"info-item__text\"><a href=\"https:\/\/visualjournalism.de\/michael-hauri\/\">Prof. Michael Hauri<\/a><\/span>\n                    <span class=\"info-item__text--small\">\n                        <span><a href=\"mailto:michael.hauri@hs-hannover.de\">E-Mail schreiben<\/a><\/span><span><a href=\"tel:+49 511 9296 8241\">+49 511 9296 8241<\/a><\/span>                    <\/span>\n                <\/p>\n\n                <figure class=\"info-item__image\">\n\n                    <a href=\"https:\/\/visualjournalism.de\/michael-hauri\/\"><img loading=\"lazy\" decoding=\"async\" width=\"52\" height=\"52\" src=\"https:\/\/visualjournalism.de\/wp-content\/uploads\/Michael-Hauri-thumb-1-52x52.jpg\" class=\"attachment-image-portrait size-image-portrait\" alt=\"\" srcset=\"https:\/\/visualjournalism.de\/wp-content\/uploads\/Michael-Hauri-thumb-1-52x52.jpg 52w, https:\/\/visualjournalism.de\/wp-content\/uploads\/Michael-Hauri-thumb-1-68x68.jpg 68w, https:\/\/visualjournalism.de\/wp-content\/uploads\/Michael-Hauri-thumb-1-96x96.jpg 96w, https:\/\/visualjournalism.de\/wp-content\/uploads\/Michael-Hauri-thumb-1.jpg 100w\" sizes=\"auto, (max-width: 52px) 100vw, 52px\" \/><\/a>                <\/figure>\n                \n            <\/div><!-- .info-item__content -->\n            \n        <\/div><!-- .info-item--full -->\n\n\n        <div class=\"info-item--full\">\n            <p>\n                <span class=\"info-item__headline\">Application and admission procedure<\/span>\n            <\/p>\n            \n            <div class=\"info-item__content\">\n                <p>\n                    <span class=\"info-item__text\"><a href=\"https:\/\/visualjournalism.de\/lars-bauernschmitt\/\">Prof. Lars Bauernschmitt<\/a><\/span>\n                    <span class=\"info-item__text--small\">\n                        <span><a href=\"mailto:lars.bauernschmitt@hs-hannover.de\">E-Mail schreiben<\/a><\/span><span><a href=\"tel:+49 511 9296 2467\">+49 511 9296 2467<\/a><\/span>                    <\/span>\n                <\/p>\n\n                <figure class=\"info-item__image\">\n\n                    <a href=\"https:\/\/visualjournalism.de\/lars-bauernschmitt\/\"><img loading=\"lazy\" decoding=\"async\" width=\"52\" height=\"52\" src=\"https:\/\/visualjournalism.de\/wp-content\/uploads\/prof_lars_bauernschmitt_thumb-1-52x52.jpg\" class=\"attachment-image-portrait size-image-portrait\" alt=\"\" srcset=\"https:\/\/visualjournalism.de\/wp-content\/uploads\/prof_lars_bauernschmitt_thumb-1-52x52.jpg 52w, https:\/\/visualjournalism.de\/wp-content\/uploads\/prof_lars_bauernschmitt_thumb-1.jpg 100w\" sizes=\"auto, (max-width: 52px) 100vw, 52px\" \/><\/a>                <\/figure>\n                \n            <\/div><!-- .info-item__content -->\n            \n        <\/div><!-- .info-item--full -->\n\n \n    <\/div>\n\n\n\n<p class=\"post__paragraph is-style-typo--soehne has-spacing--m has-spacing--default\">Hochschule Hannover<br>Faculty III &#8211; Media, Information and Design<br>Expo Plaza 2<br>D-30539 Hanover<\/p>\n\n\n\n    <div class=\"btn-wrapper has-spacing--m\">\n        <a class=\"btn\" href=\"https:\/\/www.hs-hannover.de\" target=\"_blank\">HS-HANNOVER.DE<\/a>\n    <\/div>\n\n\n<\/div>\n<\/div><\/div>\n","protected":false},"excerpt":{"rendered":"","protected":false},"author":4,"featured_media":64166,"parent":0,"menu_order":0,"comment_status":"closed","ping_status":"closed","template":"","meta":{"_acf_changed":false,"footnotes":""},"class_list":["post-23232","page","type-page","status-publish","has-post-thumbnail","hentry"],"acf":[],"yoast_head":"<!-- This site is optimized with the Yoast SEO Premium plugin v27.3 (Yoast SEO v27.3) - https:\/\/yoast.com\/product\/yoast-seo-premium-wordpress\/ -->\n<title>Visual Journalism and Documentary Photography at HsH<\/title>\n<meta name=\"description\" content=\"Learn photojournalism, documentary photography, digital storytelling and video production \u2013 in one bachelor&#039;s programme.\" \/>\n<meta name=\"robots\" content=\"index, follow, max-snippet:-1, max-image-preview:large, max-video-preview:-1\" \/>\n<link rel=\"canonical\" href=\"https:\/\/visualjournalism.de\/en\/\" \/>\n<meta property=\"og:locale\" content=\"en_US\" \/>\n<meta property=\"og:type\" content=\"article\" \/>\n<meta property=\"og:title\" content=\"Home Visual Journalism and Documentary Photography\" \/>\n<meta property=\"og:description\" content=\"Learn photojournalism, documentary photography, digital storytelling and video production \u2013 in one bachelor&#039;s programme.\" \/>\n<meta property=\"og:url\" content=\"https:\/\/visualjournalism.de\/en\/\" \/>\n<meta property=\"og:site_name\" content=\"Visual Journalism and Documentary Photography\" \/>\n<meta property=\"article:publisher\" content=\"https:\/\/www.facebook.com\/people\/wwwfotostudentende\/100065173703897\/\" \/>\n<meta property=\"article:modified_time\" content=\"2026-03-17T21:28:21+00:00\" \/>\n<meta property=\"og:image\" content=\"https:\/\/visualjournalism.de\/wp-content\/uploads\/rosty_foto-20.jpg\" \/>\n\t<meta property=\"og:image:width\" content=\"1920\" \/>\n\t<meta property=\"og:image:height\" content=\"1280\" \/>\n\t<meta property=\"og:image:type\" content=\"image\/jpeg\" \/>\n<meta name=\"twitter:card\" content=\"summary_large_image\" \/>\n<meta name=\"twitter:site\" content=\"@HsHannover\" \/>\n<meta name=\"twitter:label1\" content=\"Est. reading time\" \/>\n\t<meta name=\"twitter:data1\" content=\"1 minute\" \/>\n<script type=\"application\/ld+json\" class=\"yoast-schema-graph\">{\"@context\":\"https:\\\/\\\/schema.org\",\"@graph\":[{\"@type\":\"WebPage\",\"@id\":\"https:\\\/\\\/visualjournalism.de\\\/en\\\/\",\"url\":\"https:\\\/\\\/visualjournalism.de\\\/en\\\/\",\"name\":\"Visual Journalism and Documentary Photography at HsH\",\"isPartOf\":{\"@id\":\"https:\\\/\\\/visualjournalism.de\\\/en\\\/#website\"},\"primaryImageOfPage\":{\"@id\":\"https:\\\/\\\/visualjournalism.de\\\/en\\\/#primaryimage\"},\"image\":{\"@id\":\"https:\\\/\\\/visualjournalism.de\\\/en\\\/#primaryimage\"},\"thumbnailUrl\":\"https:\\\/\\\/visualjournalism.de\\\/wp-content\\\/uploads\\\/rosty_foto-20.jpg\",\"datePublished\":\"2023-06-26T08:35:52+00:00\",\"dateModified\":\"2026-03-17T21:28:21+00:00\",\"description\":\"Learn photojournalism, documentary photography, digital storytelling and video production \u2013 in one bachelor's programme.\",\"breadcrumb\":{\"@id\":\"https:\\\/\\\/visualjournalism.de\\\/en\\\/#breadcrumb\"},\"inLanguage\":\"en-US\",\"potentialAction\":[{\"@type\":\"ReadAction\",\"target\":[\"https:\\\/\\\/visualjournalism.de\\\/en\\\/\"]}]},{\"@type\":\"ImageObject\",\"inLanguage\":\"en-US\",\"@id\":\"https:\\\/\\\/visualjournalism.de\\\/en\\\/#primaryimage\",\"url\":\"https:\\\/\\\/visualjournalism.de\\\/wp-content\\\/uploads\\\/rosty_foto-20.jpg\",\"contentUrl\":\"https:\\\/\\\/visualjournalism.de\\\/wp-content\\\/uploads\\\/rosty_foto-20.jpg\",\"width\":1920,\"height\":1280},{\"@type\":\"BreadcrumbList\",\"@id\":\"https:\\\/\\\/visualjournalism.de\\\/en\\\/#breadcrumb\",\"itemListElement\":[{\"@type\":\"ListItem\",\"position\":1,\"name\":\"Home\",\"item\":\"https:\\\/\\\/visualjournalism.de\\\/en\\\/\"},{\"@type\":\"ListItem\",\"position\":2,\"name\":\"Home Visual Journalism and Documentary Photography\"}]},{\"@type\":\"WebSite\",\"@id\":\"https:\\\/\\\/visualjournalism.de\\\/en\\\/#website\",\"url\":\"https:\\\/\\\/visualjournalism.de\\\/en\\\/\",\"name\":\"Visual Journalism and Documentary Photography\",\"description\":\"All about the bilingual bachelor&#039;s program at Hannover University of Applied Sciences and Arts.\",\"publisher\":{\"@id\":\"https:\\\/\\\/visualjournalism.de\\\/en\\\/#organization\"},\"alternateName\":\"visualjournalism.de\",\"potentialAction\":[{\"@type\":\"SearchAction\",\"target\":{\"@type\":\"EntryPoint\",\"urlTemplate\":\"https:\\\/\\\/visualjournalism.de\\\/en\\\/?s={search_term_string}\"},\"query-input\":{\"@type\":\"PropertyValueSpecification\",\"valueRequired\":true,\"valueName\":\"search_term_string\"}}],\"inLanguage\":\"en-US\"},{\"@type\":\"Organization\",\"@id\":\"https:\\\/\\\/visualjournalism.de\\\/en\\\/#organization\",\"name\":\"Hochschule Hannover \u2013 University of Applied Sciences and Arts\",\"alternateName\":\"HsH\",\"url\":\"https:\\\/\\\/visualjournalism.de\\\/en\\\/\",\"logo\":{\"@type\":\"ImageObject\",\"inLanguage\":\"en-US\",\"@id\":\"https:\\\/\\\/visualjournalism.de\\\/en\\\/#\\\/schema\\\/logo\\\/image\\\/\",\"url\":\"https:\\\/\\\/visualjournalism.de\\\/wp-content\\\/uploads\\\/logo-hochschule-hannover.png\",\"contentUrl\":\"https:\\\/\\\/visualjournalism.de\\\/wp-content\\\/uploads\\\/logo-hochschule-hannover.png\",\"width\":363,\"height\":270,\"caption\":\"Hochschule Hannover \u2013 University of Applied Sciences and Arts\"},\"image\":{\"@id\":\"https:\\\/\\\/visualjournalism.de\\\/en\\\/#\\\/schema\\\/logo\\\/image\\\/\"},\"sameAs\":[\"https:\\\/\\\/www.facebook.com\\\/people\\\/wwwfotostudentende\\\/100065173703897\\\/\",\"https:\\\/\\\/x.com\\\/HsHannover\",\"https:\\\/\\\/www.instagram.com\\\/visualjournalism.de\\\/\"]}]}<\/script>\n<!-- \/ Yoast SEO Premium plugin. -->","yoast_head_json":{"title":"Visual Journalism and Documentary Photography at HsH","description":"Learn photojournalism, documentary photography, digital storytelling and video production \u2013 in one bachelor's programme.","robots":{"index":"index","follow":"follow","max-snippet":"max-snippet:-1","max-image-preview":"max-image-preview:large","max-video-preview":"max-video-preview:-1"},"canonical":"https:\/\/visualjournalism.de\/en\/","og_locale":"en_US","og_type":"article","og_title":"Home Visual Journalism and Documentary Photography","og_description":"Learn photojournalism, documentary photography, digital storytelling and video production \u2013 in one bachelor's programme.","og_url":"https:\/\/visualjournalism.de\/en\/","og_site_name":"Visual Journalism and Documentary Photography","article_publisher":"https:\/\/www.facebook.com\/people\/wwwfotostudentende\/100065173703897\/","article_modified_time":"2026-03-17T21:28:21+00:00","og_image":[{"width":1920,"height":1280,"url":"https:\/\/visualjournalism.de\/wp-content\/uploads\/rosty_foto-20.jpg","type":"image\/jpeg"}],"twitter_card":"summary_large_image","twitter_site":"@HsHannover","twitter_misc":{"Est. reading time":"1 minute"},"schema":{"@context":"https:\/\/schema.org","@graph":[{"@type":"WebPage","@id":"https:\/\/visualjournalism.de\/en\/","url":"https:\/\/visualjournalism.de\/en\/","name":"Visual Journalism and Documentary Photography at HsH","isPartOf":{"@id":"https:\/\/visualjournalism.de\/en\/#website"},"primaryImageOfPage":{"@id":"https:\/\/visualjournalism.de\/en\/#primaryimage"},"image":{"@id":"https:\/\/visualjournalism.de\/en\/#primaryimage"},"thumbnailUrl":"https:\/\/visualjournalism.de\/wp-content\/uploads\/rosty_foto-20.jpg","datePublished":"2023-06-26T08:35:52+00:00","dateModified":"2026-03-17T21:28:21+00:00","description":"Learn photojournalism, documentary photography, digital storytelling and video production \u2013 in one bachelor's programme.","breadcrumb":{"@id":"https:\/\/visualjournalism.de\/en\/#breadcrumb"},"inLanguage":"en-US","potentialAction":[{"@type":"ReadAction","target":["https:\/\/visualjournalism.de\/en\/"]}]},{"@type":"ImageObject","inLanguage":"en-US","@id":"https:\/\/visualjournalism.de\/en\/#primaryimage","url":"https:\/\/visualjournalism.de\/wp-content\/uploads\/rosty_foto-20.jpg","contentUrl":"https:\/\/visualjournalism.de\/wp-content\/uploads\/rosty_foto-20.jpg","width":1920,"height":1280},{"@type":"BreadcrumbList","@id":"https:\/\/visualjournalism.de\/en\/#breadcrumb","itemListElement":[{"@type":"ListItem","position":1,"name":"Home","item":"https:\/\/visualjournalism.de\/en\/"},{"@type":"ListItem","position":2,"name":"Home Visual Journalism and Documentary Photography"}]},{"@type":"WebSite","@id":"https:\/\/visualjournalism.de\/en\/#website","url":"https:\/\/visualjournalism.de\/en\/","name":"Visual Journalism and Documentary Photography","description":"All about the bilingual bachelor&#039;s program at Hannover University of Applied Sciences and Arts.","publisher":{"@id":"https:\/\/visualjournalism.de\/en\/#organization"},"alternateName":"visualjournalism.de","potentialAction":[{"@type":"SearchAction","target":{"@type":"EntryPoint","urlTemplate":"https:\/\/visualjournalism.de\/en\/?s={search_term_string}"},"query-input":{"@type":"PropertyValueSpecification","valueRequired":true,"valueName":"search_term_string"}}],"inLanguage":"en-US"},{"@type":"Organization","@id":"https:\/\/visualjournalism.de\/en\/#organization","name":"Hochschule Hannover \u2013 University of Applied Sciences and Arts","alternateName":"HsH","url":"https:\/\/visualjournalism.de\/en\/","logo":{"@type":"ImageObject","inLanguage":"en-US","@id":"https:\/\/visualjournalism.de\/en\/#\/schema\/logo\/image\/","url":"https:\/\/visualjournalism.de\/wp-content\/uploads\/logo-hochschule-hannover.png","contentUrl":"https:\/\/visualjournalism.de\/wp-content\/uploads\/logo-hochschule-hannover.png","width":363,"height":270,"caption":"Hochschule Hannover \u2013 University of Applied Sciences and Arts"},"image":{"@id":"https:\/\/visualjournalism.de\/en\/#\/schema\/logo\/image\/"},"sameAs":["https:\/\/www.facebook.com\/people\/wwwfotostudentende\/100065173703897\/","https:\/\/x.com\/HsHannover","https:\/\/www.instagram.com\/visualjournalism.de\/"]}]}},"_links":{"self":[{"href":"https:\/\/visualjournalism.de\/en\/wp-json\/wp\/v2\/pages\/23232","targetHints":{"allow":["GET"]}}],"collection":[{"href":"https:\/\/visualjournalism.de\/en\/wp-json\/wp\/v2\/pages"}],"about":[{"href":"https:\/\/visualjournalism.de\/en\/wp-json\/wp\/v2\/types\/page"}],"author":[{"embeddable":true,"href":"https:\/\/visualjournalism.de\/en\/wp-json\/wp\/v2\/users\/4"}],"replies":[{"embeddable":true,"href":"https:\/\/visualjournalism.de\/en\/wp-json\/wp\/v2\/comments?post=23232"}],"version-history":[{"count":6,"href":"https:\/\/visualjournalism.de\/en\/wp-json\/wp\/v2\/pages\/23232\/revisions"}],"predecessor-version":[{"id":70201,"href":"https:\/\/visualjournalism.de\/en\/wp-json\/wp\/v2\/pages\/23232\/revisions\/70201"}],"wp:featuredmedia":[{"embeddable":true,"href":"https:\/\/visualjournalism.de\/en\/wp-json\/wp\/v2\/media\/64166"}],"wp:attachment":[{"href":"https:\/\/visualjournalism.de\/en\/wp-json\/wp\/v2\/media?parent=23232"}],"curies":[{"name":"wp","href":"https:\/\/api.w.org\/{rel}","templated":true}]}}