{"id":25417,"date":"2023-09-15T08:38:42","date_gmt":"2023-09-15T08:38:42","guid":{"rendered":"https:\/\/visualjournalism.de\/?page_id=25417"},"modified":"2023-12-22T11:37:50","modified_gmt":"2023-12-22T11:37:50","slug":"amir-khalifa","status":"publish","type":"page","link":"https:\/\/visualjournalism.de\/en\/amir-khalifa\/","title":{"rendered":"Amir Khalifa"},"content":{"rendered":"\n \n\n    <div id=\"lead-in-block_b27af7e1b703770ebdab655d36733080\" class=\"block-lead-in typo--default font-size--xl has-spacing--m width--default\">\n        <h1><strong>Amir Khalifa\u00a0<\/strong><\/h1>\n    <\/div>\n\n\n\n\n<div class=\"pinned-block has-spacing--none\">\n\t\n\n<div class=\"pinned-block__column--left\">\n    \n    <figure class=\"block-photo post__image--half-right has-spacing--m no-title\">\n\n        <div class=\"post__image__container\">\n            <img loading=\"lazy\" decoding=\"async\" \n                src=\"https:\/\/visualjournalism.de\/wp-content\/uploads\/Amir-Khalifa-Portraet-768x1152.jpg\"\n                srcset=\"https:\/\/visualjournalism.de\/wp-content\/uploads\/Amir-Khalifa-Portraet-768x1152.jpg 768w, https:\/\/visualjournalism.de\/wp-content\/uploads\/Amir-Khalifa-Portraet-200x300.jpg 200w, https:\/\/visualjournalism.de\/wp-content\/uploads\/Amir-Khalifa-Portraet-683x1024.jpg 683w, https:\/\/visualjournalism.de\/wp-content\/uploads\/Amir-Khalifa-Portraet-1024x1536.jpg 1024w, https:\/\/visualjournalism.de\/wp-content\/uploads\/Amir-Khalifa-Portraet-1365x2048.jpg 1365w, https:\/\/visualjournalism.de\/wp-content\/uploads\/Amir-Khalifa-Portraet-1920x2880.jpg 1920w, https:\/\/visualjournalism.de\/wp-content\/uploads\/Amir-Khalifa-Portraet-1400x2100.jpg 1400w, https:\/\/visualjournalism.de\/wp-content\/uploads\/Amir-Khalifa-Portraet-1050x1575.jpg 1050w, https:\/\/visualjournalism.de\/wp-content\/uploads\/Amir-Khalifa-Portraet-670x1005.jpg 670w, https:\/\/visualjournalism.de\/wp-content\/uploads\/Amir-Khalifa-Portraet-420x630.jpg 420w, https:\/\/visualjournalism.de\/wp-content\/uploads\/Amir-Khalifa-Portraet-350x525.jpg 350w, https:\/\/visualjournalism.de\/wp-content\/uploads\/Amir-Khalifa-Portraet-300x450.jpg 300w, https:\/\/visualjournalism.de\/wp-content\/uploads\/Amir-Khalifa-Portraet-150x225.jpg 150w, https:\/\/visualjournalism.de\/wp-content\/uploads\/Amir-Khalifa-Portraet-scaled.jpg 1707w\"\n                width=\"768\" \n                height=\"1152\"\n                alt=\"\" \n            \/>\n            \n                    <\/div><!-- post__image__container -->\n\n        \n    <\/figure><!-- post__image -->\n\n\n\n<\/div>\n\n\n<div class=\"pinned-block__column--right\">\n    \n\n<p class=\"post__paragraph is-style-typo--soehne has-spacing--default\"><strong>Amir Khalifa<\/strong> studiert seit September 2022 Journalistik an der Hochschule Hannover. Der 24- J\u00e4hrige stammt aus der N\u00e4he von Bielefeld und entdeckte bereits in Kindheitstagen seine Begeisterung f\u00fcr kreative Arbeit aller Art. Heute besch\u00e4ftigt er sich am liebsten damit, der Welt interessante Menschen und ihre Geschichten zu pr\u00e4sentieren.<\/p>\n\n\n<\/div>\n<\/div>\n\n\n<div class=\"devider has-spacing--none\">\n    <hr>\n<\/div>\n\n\n \n\n    <div id=\"lead-in-block_fe3c914007e9cfbf4947f44423b01fd2\" class=\"block-lead-in typo--default font-size--default has-spacing--xs width--default\">\n        <h2>Amirs Beitr\u00e4ge:<\/h2>\n    <\/div>\n\n\n\n\r\n<article class=\"post-teaser teaser-single--full has-spacing--xs post-31452 magazin type-magazin status-publish has-post-thumbnail hentry magazinkategorie-randgebiet\">\r\n\t<header class=\"entry-header\">\r\n\r\n\t\t<div class=\"entry-categories\">\n\t<a class=\"post__tag\" href=\"https:\/\/visualjournalism.de\/magazin-kategorie\/randgebiet\/\" rel=\"category tag\">Randgebiet<\/a><\/div>\r\n\t\t<a href=\"https:\/\/visualjournalism.de\/en\/magazine\/randgebiet\/sonntagmorgen-am-stadtrand\/\" rel=\"bookmark\">\r\n\t\t\t<h2 class=\"entry-title\">Sonntagmorgen am Stadtrand.<\/h2>\r\n\t\t\t<p class=\"entry-excerpt\">Ein Spaziergang durch Hannovers Randbezirke<\/p>\r\n\t\t<\/a>\r\n\r\n\t<\/header><!-- .entry-header -->\r\n\r\n\t<figure class=\"post__image\">\r\n\t\t<a href=\"https:\/\/visualjournalism.de\/en\/magazine\/randgebiet\/sonntagmorgen-am-stadtrand\/\" rel=\"bookmark\">\r\n\t\t\t<img loading=\"lazy\" decoding=\"async\" width=\"1400\" height=\"1200\" src=\"https:\/\/visualjournalism.de\/wp-content\/uploads\/Bild2_MoritzSchorpp-1400x1200.jpg\" class=\"attachment-photo-block--full size-photo-block--full\" alt=\"\" srcset=\"https:\/\/visualjournalism.de\/wp-content\/uploads\/Bild2_MoritzSchorpp-1400x1200.jpg 1400w, https:\/\/visualjournalism.de\/wp-content\/uploads\/Bild2_MoritzSchorpp-300x257.jpg 300w, https:\/\/visualjournalism.de\/wp-content\/uploads\/Bild2_MoritzSchorpp-1024x878.jpg 1024w, https:\/\/visualjournalism.de\/wp-content\/uploads\/Bild2_MoritzSchorpp-768x658.jpg 768w, https:\/\/visualjournalism.de\/wp-content\/uploads\/Bild2_MoritzSchorpp-1536x1316.jpg 1536w, https:\/\/visualjournalism.de\/wp-content\/uploads\/Bild2_MoritzSchorpp-2048x1755.jpg 2048w, https:\/\/visualjournalism.de\/wp-content\/uploads\/Bild2_MoritzSchorpp-1920x1645.jpg 1920w, https:\/\/visualjournalism.de\/wp-content\/uploads\/Bild2_MoritzSchorpp-1050x900.jpg 1050w, https:\/\/visualjournalism.de\/wp-content\/uploads\/Bild2_MoritzSchorpp-670x574.jpg 670w, https:\/\/visualjournalism.de\/wp-content\/uploads\/Bild2_MoritzSchorpp-420x360.jpg 420w, https:\/\/visualjournalism.de\/wp-content\/uploads\/Bild2_MoritzSchorpp-350x300.jpg 350w, https:\/\/visualjournalism.de\/wp-content\/uploads\/Bild2_MoritzSchorpp-150x129.jpg 150w\" sizes=\"auto, (max-width: 1400px) 100vw, 1400px\" \/>\t\t<\/a>\r\n\t<\/figure><!-- .post__image -->\r\n\r\n<\/article>\r\n\n\n\n<div class=\"wp-block-group has-spacing--default has-spacing--default\">\n<div class=\"devider has-spacing--none\">\n    <hr>\n<\/div>\n\n\n \n\n    <div id=\"lead-in-block_de89b9a6685bb262feeaf1014f33feba\" class=\"block-lead-in typo--default font-size--xl has-spacing--s width--default\">\n        <p><strong>Empfehlungen der Redaktion:<\/strong><\/p>\n    <\/div>\n\n\n\n\r\n\r\n\r\n\n\n\r\n\r\n\r\n\r\n        <div class=\"teaser-grid grid-layout--3col has-spacing--s width--inline\">\r\n\r\n            \r\n                <article class=\"post-teaser\">\r\n\r\n                    <a href=\"https:\/\/visualjournalism.de\/en\/magazine\/ratgeber\/professionelle-kamera-fuer-fotografen-warum-nicht-die-marke-zaehlt\/\" rel=\"permalink\">\r\n\r\n                        <div class=\"post-teaser__content\">\r\n\r\n                            <span class=\"entry-categories\">Ratgeber<\/span>\r\n                            <h3 class=\"post-teaser__headline\">\r\n                                Professionelle Kameras f\u00fcr Fotograf*innen: Warum nicht die Marke z\u00e4hlt                            <\/h3>\r\n\r\n                            <div class=\"post-teaser__excerpt\">\r\n                                <p>Analog oder digital, Vollformat oder APSC, Spiegelreflex oder spiegellos: Die Magnum-Fotografin Nanna Heitmann und Lehrende der Hochschule Hannover zeigen, warum am Ende nicht die Technik, sondern die Person entscheidend ist.<\/p>\r\n                            <\/div>\r\n\r\n                        <\/div><!-- .post-teaser__content -->\r\n\r\n\r\n                        \r\n                            <figure class=\"post-teaser__image\">\r\n                                <img loading=\"lazy\" decoding=\"async\"  \r\n                                    src=\"https:\/\/visualjournalism.de\/wp-content\/uploads\/13_20221214-R0001254-scaled-1-e1755767975431-768x513.jpg\" \r\n                                    srcset=\"https:\/\/visualjournalism.de\/wp-content\/uploads\/13_20221214-R0001254-scaled-1-e1755767975431-768x513.jpg 768w, https:\/\/visualjournalism.de\/wp-content\/uploads\/13_20221214-R0001254-scaled-1-e1755767975431-300x200.jpg 300w, https:\/\/visualjournalism.de\/wp-content\/uploads\/13_20221214-R0001254-scaled-1-e1755767975431-1024x683.jpg 1024w, https:\/\/visualjournalism.de\/wp-content\/uploads\/13_20221214-R0001254-scaled-1-e1755767975431-1536x1025.jpg 1536w, https:\/\/visualjournalism.de\/wp-content\/uploads\/13_20221214-R0001254-scaled-1-e1755767975431-2048x1367.jpg 2048w, https:\/\/visualjournalism.de\/wp-content\/uploads\/13_20221214-R0001254-scaled-1-e1755767975431-1920x1282.jpg 1920w, https:\/\/visualjournalism.de\/wp-content\/uploads\/13_20221214-R0001254-scaled-1-e1755767975431-1400x934.jpg 1400w, https:\/\/visualjournalism.de\/wp-content\/uploads\/13_20221214-R0001254-scaled-1-e1755767975431-1050x701.jpg 1050w, https:\/\/visualjournalism.de\/wp-content\/uploads\/13_20221214-R0001254-scaled-1-e1755767975431-670x447.jpg 670w, https:\/\/visualjournalism.de\/wp-content\/uploads\/13_20221214-R0001254-scaled-1-e1755767975431-420x280.jpg 420w, https:\/\/visualjournalism.de\/wp-content\/uploads\/13_20221214-R0001254-scaled-1-e1755767975431-350x234.jpg 350w, https:\/\/visualjournalism.de\/wp-content\/uploads\/13_20221214-R0001254-scaled-1-e1755767975431-150x100.jpg 150w\" \r\n                                    width=\"768\"  \r\n                                    height=\"513\" \r\n                                    alt=\"In einem Workshop an der Hochschule Hannover geben Studierenden (hier Michael Matthey, mittig im Bild) ihre Erfahrungen mit Gro\u00dfformatfotografie an Mitstudierende weiter.\"\r\n                                \/>\r\n                            <\/figure>\r\n\r\n                        \r\n                    \r\n                    <\/a>\r\n\r\n                <\/article><!--- .post-teaser-->\r\n\r\n            \r\n                <article class=\"post-teaser\">\r\n\r\n                    <a href=\"https:\/\/visualjournalism.de\/en\/magazine\/ratgeber\/grossformatfotografie-wer-tut-sich-das-noch-an\/\" rel=\"permalink\">\r\n\r\n                        <div class=\"post-teaser__content\">\r\n\r\n                            <span class=\"entry-categories\">Ratgeber<\/span>\r\n                            <h3 class=\"post-teaser__headline\">\r\n                                Gro\u00dfformatfotografie: Wer tut sich das noch an?                            <\/h3>\r\n\r\n                            <div class=\"post-teaser__excerpt\">\r\n                                <p>Warum ich freiwillig eine Kamera durch die Weltgeschichte schleppe, die so schwer ist, wie ein Sack Zement, verrate ich dir in diesem Ratgeber!<\/p>\r\n                            <\/div>\r\n\r\n                        <\/div><!-- .post-teaser__content -->\r\n\r\n\r\n                        \r\n                            <figure class=\"post-teaser__image\">\r\n                                <img loading=\"lazy\" decoding=\"async\"  \r\n                                    src=\"https:\/\/visualjournalism.de\/wp-content\/uploads\/Ludwig-Nikulski-MathildaTheo-768x960.jpg\" \r\n                                    srcset=\"https:\/\/visualjournalism.de\/wp-content\/uploads\/Ludwig-Nikulski-MathildaTheo-768x960.jpg 768w, https:\/\/visualjournalism.de\/wp-content\/uploads\/Ludwig-Nikulski-MathildaTheo-240x300.jpg 240w, https:\/\/visualjournalism.de\/wp-content\/uploads\/Ludwig-Nikulski-MathildaTheo-819x1024.jpg 819w, https:\/\/visualjournalism.de\/wp-content\/uploads\/Ludwig-Nikulski-MathildaTheo-1050x1313.jpg 1050w, https:\/\/visualjournalism.de\/wp-content\/uploads\/Ludwig-Nikulski-MathildaTheo-670x838.jpg 670w, https:\/\/visualjournalism.de\/wp-content\/uploads\/Ludwig-Nikulski-MathildaTheo-420x525.jpg 420w, https:\/\/visualjournalism.de\/wp-content\/uploads\/Ludwig-Nikulski-MathildaTheo-350x438.jpg 350w, https:\/\/visualjournalism.de\/wp-content\/uploads\/Ludwig-Nikulski-MathildaTheo-300x375.jpg 300w, https:\/\/visualjournalism.de\/wp-content\/uploads\/Ludwig-Nikulski-MathildaTheo-150x188.jpg 150w, https:\/\/visualjournalism.de\/wp-content\/uploads\/Ludwig-Nikulski-MathildaTheo.jpg 1200w\" \r\n                                    width=\"768\"  \r\n                                    height=\"960\" \r\n                                    alt=\"\"\r\n                                \/>\r\n                            <\/figure>\r\n\r\n                        \r\n                    \r\n                    <\/a>\r\n\r\n                <\/article><!--- .post-teaser-->\r\n\r\n            \r\n                <article class=\"post-teaser\">\r\n\r\n                    <a href=\"https:\/\/visualjournalism.de\/en\/magazine\/ratgeber\/wie-du-eine-unterwegs-blitzt\/\" rel=\"permalink\">\r\n\r\n                        <div class=\"post-teaser__content\">\r\n\r\n                            <span class=\"entry-categories\">Ratgeber<\/span>\r\n                            <h3 class=\"post-teaser__headline\">\r\n                                Kunstlicht to-go: wie du unterwegs blitzt.                            <\/h3>\r\n\r\n                            <div class=\"post-teaser__excerpt\">\r\n                                <p>K\u00fcnstliches Licht er\u00f6ffnet viele neue Gestaltungsm\u00f6glichkeiten, stellt Anf\u00e4nger aber auch vor technische und gestalterische Herausforderungen. Hier erf\u00e4hrst du wie es geht!<\/p>\r\n                            <\/div>\r\n\r\n                        <\/div><!-- .post-teaser__content -->\r\n\r\n\r\n                        \r\n                            <figure class=\"post-teaser__image\">\r\n                                <img loading=\"lazy\" decoding=\"async\"  \r\n                                    src=\"https:\/\/visualjournalism.de\/wp-content\/uploads\/Simon-Deppe_1945-2025-768x513.jpg\" \r\n                                    srcset=\"https:\/\/visualjournalism.de\/wp-content\/uploads\/Simon-Deppe_1945-2025-768x513.jpg 768w, https:\/\/visualjournalism.de\/wp-content\/uploads\/Simon-Deppe_1945-2025-300x200.jpg 300w, https:\/\/visualjournalism.de\/wp-content\/uploads\/Simon-Deppe_1945-2025-1024x683.jpg 1024w, https:\/\/visualjournalism.de\/wp-content\/uploads\/Simon-Deppe_1945-2025-1536x1025.jpg 1536w, https:\/\/visualjournalism.de\/wp-content\/uploads\/Simon-Deppe_1945-2025-2048x1367.jpg 2048w, https:\/\/visualjournalism.de\/wp-content\/uploads\/Simon-Deppe_1945-2025-1920x1281.jpg 1920w, https:\/\/visualjournalism.de\/wp-content\/uploads\/Simon-Deppe_1945-2025-1400x934.jpg 1400w, https:\/\/visualjournalism.de\/wp-content\/uploads\/Simon-Deppe_1945-2025-1050x701.jpg 1050w, https:\/\/visualjournalism.de\/wp-content\/uploads\/Simon-Deppe_1945-2025-670x447.jpg 670w, https:\/\/visualjournalism.de\/wp-content\/uploads\/Simon-Deppe_1945-2025-420x280.jpg 420w, https:\/\/visualjournalism.de\/wp-content\/uploads\/Simon-Deppe_1945-2025-350x234.jpg 350w, https:\/\/visualjournalism.de\/wp-content\/uploads\/Simon-Deppe_1945-2025-150x100.jpg 150w\" \r\n                                    width=\"768\"  \r\n                                    height=\"513\" \r\n                                    alt=\"\"\r\n                                \/>\r\n                            <\/figure>\r\n\r\n                        \r\n                    \r\n                    <\/a>\r\n\r\n                <\/article><!--- .post-teaser-->\r\n\r\n            \r\n        <\/div><!-- .teaser-grid -->\r\n\r\n\n\n\r\n\r\n\r\n\n\n\n    <div class=\"btn-wrapper has-spacing--m\">\n        <a class=\"btn\" href=\"https:\/\/visualjournalism.de\/magazin\/\" target=\"_blank\">ZUR MAGAZIN-STARTSEITE<\/a>\n    <\/div>\n<\/div>\n","protected":false},"excerpt":{"rendered":"","protected":false},"author":36,"featured_media":0,"parent":0,"menu_order":0,"comment_status":"closed","ping_status":"closed","template":"","meta":{"_acf_changed":false,"footnotes":""},"class_list":["post-25417","page","type-page","status-publish","hentry"],"acf":[],"yoast_head":"<!-- This site is optimized with the Yoast SEO Premium plugin v27.3 (Yoast SEO v27.3) - https:\/\/yoast.com\/product\/yoast-seo-premium-wordpress\/ -->\n<title>Amir Khalifa &#8211; Visual Journalism and Documentary Photography<\/title>\n<meta name=\"robots\" content=\"index, follow, max-snippet:-1, max-image-preview:large, max-video-preview:-1\" \/>\n<link rel=\"canonical\" href=\"https:\/\/visualjournalism.de\/en\/amir-khalifa\/\" \/>\n<meta property=\"og:locale\" content=\"en_US\" \/>\n<meta property=\"og:type\" content=\"article\" \/>\n<meta property=\"og:title\" content=\"Amir Khalifa\" \/>\n<meta property=\"og:url\" content=\"https:\/\/visualjournalism.de\/en\/amir-khalifa\/\" \/>\n<meta property=\"og:site_name\" content=\"Visual Journalism and Documentary Photography\" \/>\n<meta property=\"article:publisher\" content=\"https:\/\/www.facebook.com\/people\/wwwfotostudentende\/100065173703897\/\" \/>\n<meta property=\"article:modified_time\" content=\"2023-12-22T11:37:50+00:00\" \/>\n<meta name=\"twitter:card\" content=\"summary_large_image\" \/>\n<meta name=\"twitter:site\" content=\"@HsHannover\" \/>\n<meta name=\"twitter:label1\" content=\"Est. reading time\" \/>\n\t<meta name=\"twitter:data1\" content=\"1 minute\" \/>\n<script type=\"application\/ld+json\" class=\"yoast-schema-graph\">{\"@context\":\"https:\\\/\\\/schema.org\",\"@graph\":[{\"@type\":\"WebPage\",\"@id\":\"https:\\\/\\\/visualjournalism.de\\\/en\\\/amir-khalifa\\\/\",\"url\":\"https:\\\/\\\/visualjournalism.de\\\/en\\\/amir-khalifa\\\/\",\"name\":\"Amir Khalifa &#8211; Visual Journalism and Documentary Photography\",\"isPartOf\":{\"@id\":\"https:\\\/\\\/visualjournalism.de\\\/en\\\/#website\"},\"datePublished\":\"2023-09-15T08:38:42+00:00\",\"dateModified\":\"2023-12-22T11:37:50+00:00\",\"breadcrumb\":{\"@id\":\"https:\\\/\\\/visualjournalism.de\\\/en\\\/amir-khalifa\\\/#breadcrumb\"},\"inLanguage\":\"en-US\",\"potentialAction\":[{\"@type\":\"ReadAction\",\"target\":[\"https:\\\/\\\/visualjournalism.de\\\/en\\\/amir-khalifa\\\/\"]}]},{\"@type\":\"BreadcrumbList\",\"@id\":\"https:\\\/\\\/visualjournalism.de\\\/en\\\/amir-khalifa\\\/#breadcrumb\",\"itemListElement\":[{\"@type\":\"ListItem\",\"position\":1,\"name\":\"Home\",\"item\":\"https:\\\/\\\/visualjournalism.de\\\/en\\\/\"},{\"@type\":\"ListItem\",\"position\":2,\"name\":\"Amir Khalifa\"}]},{\"@type\":\"WebSite\",\"@id\":\"https:\\\/\\\/visualjournalism.de\\\/en\\\/#website\",\"url\":\"https:\\\/\\\/visualjournalism.de\\\/en\\\/\",\"name\":\"Visual Journalism and Documentary Photography\",\"description\":\"All about the bilingual bachelor&#039;s program at Hannover University of Applied Sciences and Arts.\",\"publisher\":{\"@id\":\"https:\\\/\\\/visualjournalism.de\\\/en\\\/#organization\"},\"alternateName\":\"visualjournalism.de\",\"potentialAction\":[{\"@type\":\"SearchAction\",\"target\":{\"@type\":\"EntryPoint\",\"urlTemplate\":\"https:\\\/\\\/visualjournalism.de\\\/en\\\/?s={search_term_string}\"},\"query-input\":{\"@type\":\"PropertyValueSpecification\",\"valueRequired\":true,\"valueName\":\"search_term_string\"}}],\"inLanguage\":\"en-US\"},{\"@type\":\"Organization\",\"@id\":\"https:\\\/\\\/visualjournalism.de\\\/en\\\/#organization\",\"name\":\"Hochschule Hannover \u2013 University of Applied Sciences and Arts\",\"alternateName\":\"HsH\",\"url\":\"https:\\\/\\\/visualjournalism.de\\\/en\\\/\",\"logo\":{\"@type\":\"ImageObject\",\"inLanguage\":\"en-US\",\"@id\":\"https:\\\/\\\/visualjournalism.de\\\/en\\\/#\\\/schema\\\/logo\\\/image\\\/\",\"url\":\"https:\\\/\\\/visualjournalism.de\\\/wp-content\\\/uploads\\\/logo-hochschule-hannover.png\",\"contentUrl\":\"https:\\\/\\\/visualjournalism.de\\\/wp-content\\\/uploads\\\/logo-hochschule-hannover.png\",\"width\":363,\"height\":270,\"caption\":\"Hochschule Hannover \u2013 University of Applied Sciences and Arts\"},\"image\":{\"@id\":\"https:\\\/\\\/visualjournalism.de\\\/en\\\/#\\\/schema\\\/logo\\\/image\\\/\"},\"sameAs\":[\"https:\\\/\\\/www.facebook.com\\\/people\\\/wwwfotostudentende\\\/100065173703897\\\/\",\"https:\\\/\\\/x.com\\\/HsHannover\",\"https:\\\/\\\/www.instagram.com\\\/visualjournalism.de\\\/\"]}]}<\/script>\n<!-- \/ Yoast SEO Premium plugin. -->","yoast_head_json":{"title":"Amir Khalifa &#8211; Visual Journalism and Documentary Photography","robots":{"index":"index","follow":"follow","max-snippet":"max-snippet:-1","max-image-preview":"max-image-preview:large","max-video-preview":"max-video-preview:-1"},"canonical":"https:\/\/visualjournalism.de\/en\/amir-khalifa\/","og_locale":"en_US","og_type":"article","og_title":"Amir Khalifa","og_url":"https:\/\/visualjournalism.de\/en\/amir-khalifa\/","og_site_name":"Visual Journalism and Documentary Photography","article_publisher":"https:\/\/www.facebook.com\/people\/wwwfotostudentende\/100065173703897\/","article_modified_time":"2023-12-22T11:37:50+00:00","twitter_card":"summary_large_image","twitter_site":"@HsHannover","twitter_misc":{"Est. reading time":"1 minute"},"schema":{"@context":"https:\/\/schema.org","@graph":[{"@type":"WebPage","@id":"https:\/\/visualjournalism.de\/en\/amir-khalifa\/","url":"https:\/\/visualjournalism.de\/en\/amir-khalifa\/","name":"Amir Khalifa &#8211; Visual Journalism and Documentary Photography","isPartOf":{"@id":"https:\/\/visualjournalism.de\/en\/#website"},"datePublished":"2023-09-15T08:38:42+00:00","dateModified":"2023-12-22T11:37:50+00:00","breadcrumb":{"@id":"https:\/\/visualjournalism.de\/en\/amir-khalifa\/#breadcrumb"},"inLanguage":"en-US","potentialAction":[{"@type":"ReadAction","target":["https:\/\/visualjournalism.de\/en\/amir-khalifa\/"]}]},{"@type":"BreadcrumbList","@id":"https:\/\/visualjournalism.de\/en\/amir-khalifa\/#breadcrumb","itemListElement":[{"@type":"ListItem","position":1,"name":"Home","item":"https:\/\/visualjournalism.de\/en\/"},{"@type":"ListItem","position":2,"name":"Amir Khalifa"}]},{"@type":"WebSite","@id":"https:\/\/visualjournalism.de\/en\/#website","url":"https:\/\/visualjournalism.de\/en\/","name":"Visual Journalism and Documentary Photography","description":"All about the bilingual bachelor&#039;s program at Hannover University of Applied Sciences and Arts.","publisher":{"@id":"https:\/\/visualjournalism.de\/en\/#organization"},"alternateName":"visualjournalism.de","potentialAction":[{"@type":"SearchAction","target":{"@type":"EntryPoint","urlTemplate":"https:\/\/visualjournalism.de\/en\/?s={search_term_string}"},"query-input":{"@type":"PropertyValueSpecification","valueRequired":true,"valueName":"search_term_string"}}],"inLanguage":"en-US"},{"@type":"Organization","@id":"https:\/\/visualjournalism.de\/en\/#organization","name":"Hochschule Hannover \u2013 University of Applied Sciences and Arts","alternateName":"HsH","url":"https:\/\/visualjournalism.de\/en\/","logo":{"@type":"ImageObject","inLanguage":"en-US","@id":"https:\/\/visualjournalism.de\/en\/#\/schema\/logo\/image\/","url":"https:\/\/visualjournalism.de\/wp-content\/uploads\/logo-hochschule-hannover.png","contentUrl":"https:\/\/visualjournalism.de\/wp-content\/uploads\/logo-hochschule-hannover.png","width":363,"height":270,"caption":"Hochschule Hannover \u2013 University of Applied Sciences and Arts"},"image":{"@id":"https:\/\/visualjournalism.de\/en\/#\/schema\/logo\/image\/"},"sameAs":["https:\/\/www.facebook.com\/people\/wwwfotostudentende\/100065173703897\/","https:\/\/x.com\/HsHannover","https:\/\/www.instagram.com\/visualjournalism.de\/"]}]}},"_links":{"self":[{"href":"https:\/\/visualjournalism.de\/en\/wp-json\/wp\/v2\/pages\/25417","targetHints":{"allow":["GET"]}}],"collection":[{"href":"https:\/\/visualjournalism.de\/en\/wp-json\/wp\/v2\/pages"}],"about":[{"href":"https:\/\/visualjournalism.de\/en\/wp-json\/wp\/v2\/types\/page"}],"author":[{"embeddable":true,"href":"https:\/\/visualjournalism.de\/en\/wp-json\/wp\/v2\/users\/36"}],"replies":[{"embeddable":true,"href":"https:\/\/visualjournalism.de\/en\/wp-json\/wp\/v2\/comments?post=25417"}],"version-history":[{"count":0,"href":"https:\/\/visualjournalism.de\/en\/wp-json\/wp\/v2\/pages\/25417\/revisions"}],"wp:attachment":[{"href":"https:\/\/visualjournalism.de\/en\/wp-json\/wp\/v2\/media?parent=25417"}],"curies":[{"name":"wp","href":"https:\/\/api.w.org\/{rel}","templated":true}]}}