{"id":27781,"date":"2023-09-23T11:44:13","date_gmt":"2023-09-23T11:44:13","guid":{"rendered":"https:\/\/visualjournalism.de\/?page_id=27781"},"modified":"2023-12-22T11:43:00","modified_gmt":"2023-12-22T11:43:00","slug":"lara-lorenz","status":"publish","type":"page","link":"https:\/\/visualjournalism.de\/en\/lara-lorenz\/","title":{"rendered":"Lara Lorenz"},"content":{"rendered":"\n \n\n    <div id=\"lead-in-block_95fa58432d8fc4f493f996a75b397233\" class=\"block-lead-in typo--default font-size--xl has-spacing--m width--default\">\n        <h1>Lara Lorenz<\/h1>\n    <\/div>\n\n\n\n\n<div class=\"pinned-block has-spacing--s\">\n\t\n\n<div class=\"pinned-block__column--left\">\n    \n    <figure class=\"block-photo post__image--full has-spacing--xs no-title\">\n\n        <div class=\"post__image__container\">\n            <img loading=\"lazy\" decoding=\"async\" \n                src=\"https:\/\/visualjournalism.de\/wp-content\/uploads\/lara-lorenz-1400x1750.jpg\"\n                srcset=\"https:\/\/visualjournalism.de\/wp-content\/uploads\/lara-lorenz-1400x1750.jpg 1400w, https:\/\/visualjournalism.de\/wp-content\/uploads\/lara-lorenz-240x300.jpg 240w, https:\/\/visualjournalism.de\/wp-content\/uploads\/lara-lorenz-819x1024.jpg 819w, https:\/\/visualjournalism.de\/wp-content\/uploads\/lara-lorenz-768x960.jpg 768w, https:\/\/visualjournalism.de\/wp-content\/uploads\/lara-lorenz-1229x1536.jpg 1229w, https:\/\/visualjournalism.de\/wp-content\/uploads\/lara-lorenz-1050x1313.jpg 1050w, https:\/\/visualjournalism.de\/wp-content\/uploads\/lara-lorenz-670x838.jpg 670w, https:\/\/visualjournalism.de\/wp-content\/uploads\/lara-lorenz-420x525.jpg 420w, https:\/\/visualjournalism.de\/wp-content\/uploads\/lara-lorenz-350x438.jpg 350w, https:\/\/visualjournalism.de\/wp-content\/uploads\/lara-lorenz-300x375.jpg 300w, https:\/\/visualjournalism.de\/wp-content\/uploads\/lara-lorenz-150x188.jpg 150w, https:\/\/visualjournalism.de\/wp-content\/uploads\/lara-lorenz.jpg 1600w\"\n                width=\"1400\" \n                height=\"1750\"\n                alt=\"\" \n            \/>\n            \n                    <\/div><!-- post__image__container -->\n\n        \n    <\/figure><!-- post__image -->\n\n\n\n<\/div>\n\n\n<div class=\"pinned-block__column--right\">\n    \n\n<p class=\"post__paragraph is-style-typo--soehne has-spacing--default\"><strong>Lara Lorenz<\/strong> ist seit September 2022 Journalismusstudentin an der Hochschule Hannover. Im Rahmen des Studiums besch\u00e4ftigte sich mit den Gegebenheiten in einem Frauenhaus. Ebenso widmete sie sich dem Thema Spiritualit\u00e4t f\u00fcr einen Fernsehbeitrag. Zuletzt arbeitete Sie mit der Fotografin Polina Schneider zusammen an einer Geschichte \u00fcber einen 24\/7 Supermarkt auf dem Dorf.<\/p>\n\n\n<\/div>\n<\/div>\n\n\n<div class=\"devider has-spacing--none\">\n    <hr>\n<\/div>\n\n\n \n\n    <div id=\"lead-in-block_d99a69060cd443ee68eef303c7bae2fc\" class=\"block-lead-in typo--default font-size--default has-spacing--xs width--default\">\n        <h2>Laras Beitr\u00e4ge:<\/h2>\n    <\/div>\n\n\n\n\r\n<article class=\"post-teaser teaser-single--full has-spacing--none post-19562 magazin type-magazin status-publish has-post-thumbnail hentry tag-randgebiet magazinkategorie-randgebiet\">\r\n\t<header class=\"entry-header\">\r\n\r\n\t\t<div class=\"entry-categories\">\n\t<a class=\"post__tag\" href=\"https:\/\/visualjournalism.de\/magazin-kategorie\/randgebiet\/\" rel=\"category tag\">Randgebiet<\/a><\/div>\r\n\t\t<a href=\"https:\/\/visualjournalism.de\/en\/magazine\/randgebiet\/der-dorfladen-der-niemals-schliesst\/\" rel=\"bookmark\">\r\n\t\t\t<h2 class=\"entry-title\">Der Dorfladen, der niemals schlie\u00dft.<\/h2>\r\n\t\t\t<p class=\"entry-excerpt\">Ein Start-Up will das Einkaufen in Randgebieten revolutionieren: Kaum Personal, daf\u00fcr immer offen. Die Kunden \u00fcbernehmen einen Teil des Risikos.<\/p>\r\n\t\t<\/a>\r\n\r\n\t<\/header><!-- .entry-header -->\r\n\r\n\t<figure class=\"post__image\">\r\n\t\t<a href=\"https:\/\/visualjournalism.de\/en\/magazine\/randgebiet\/der-dorfladen-der-niemals-schliesst\/\" rel=\"bookmark\">\r\n\t\t\t<img loading=\"lazy\" decoding=\"async\" width=\"1400\" height=\"934\" src=\"https:\/\/visualjournalism.de\/wp-content\/uploads\/Schneider_Polina_Randgebiet-10-1400x934.jpeg\" class=\"attachment-photo-block--full size-photo-block--full\" alt=\"\" srcset=\"https:\/\/visualjournalism.de\/wp-content\/uploads\/Schneider_Polina_Randgebiet-10-1400x934.jpeg 1400w, https:\/\/visualjournalism.de\/wp-content\/uploads\/Schneider_Polina_Randgebiet-10-300x200.jpeg 300w, https:\/\/visualjournalism.de\/wp-content\/uploads\/Schneider_Polina_Randgebiet-10-1024x683.jpeg 1024w, https:\/\/visualjournalism.de\/wp-content\/uploads\/Schneider_Polina_Randgebiet-10-768x512.jpeg 768w, https:\/\/visualjournalism.de\/wp-content\/uploads\/Schneider_Polina_Randgebiet-10-1536x1024.jpeg 1536w, https:\/\/visualjournalism.de\/wp-content\/uploads\/Schneider_Polina_Randgebiet-10-1050x700.jpeg 1050w, https:\/\/visualjournalism.de\/wp-content\/uploads\/Schneider_Polina_Randgebiet-10-670x447.jpeg 670w, https:\/\/visualjournalism.de\/wp-content\/uploads\/Schneider_Polina_Randgebiet-10-420x280.jpeg 420w, https:\/\/visualjournalism.de\/wp-content\/uploads\/Schneider_Polina_Randgebiet-10-350x233.jpeg 350w, https:\/\/visualjournalism.de\/wp-content\/uploads\/Schneider_Polina_Randgebiet-10-150x100.jpeg 150w, https:\/\/visualjournalism.de\/wp-content\/uploads\/Schneider_Polina_Randgebiet-10.jpeg 1600w\" sizes=\"auto, (max-width: 1400px) 100vw, 1400px\" \/>\t\t<\/a>\r\n\t<\/figure><!-- .post__image -->\r\n\r\n<\/article>\r\n\n\n\n<div class=\"wp-block-group has-spacing--default has-spacing--default\">\n<div class=\"devider has-spacing--none\">\n    <hr>\n<\/div>\n\n\n \n\n    <div id=\"lead-in-block_c5abbeb12054734ca6416deef9a7c799\" class=\"block-lead-in typo--default font-size--xl has-spacing--s width--default\">\n        <p><strong>Empfehlungen der Redaktion:<\/strong><\/p>\n    <\/div>\n\n\n\n\r\n\r\n\r\n\n\n\r\n\r\n\r\n\r\n        <div class=\"teaser-grid grid-layout--3col has-spacing--s width--inline\">\r\n\r\n            \r\n                <article class=\"post-teaser\">\r\n\r\n                    <a href=\"https:\/\/visualjournalism.de\/en\/magazine\/ratgeber\/organisieren-in-lightroom-classic\/\" rel=\"permalink\">\r\n\r\n                        <div class=\"post-teaser__content\">\r\n\r\n                            <span class=\"entry-categories\">Ratgeber<\/span>\r\n                            <h3 class=\"post-teaser__headline\">\r\n                                Organisieren in Lightroom Classic leicht gemacht.                            <\/h3>\r\n\r\n                            <div class=\"post-teaser__excerpt\">\r\n                                <p>Dieser Ratgeber zeigt dir einen einfachen Workflow, mit dem du deine Fotos schnell organisierst und gezielt ausw\u00e4hlen kannst!<\/p>\r\n                            <\/div>\r\n\r\n                        <\/div><!-- .post-teaser__content -->\r\n\r\n\r\n                        \r\n                            <figure class=\"post-teaser__image\">\r\n                                <img loading=\"lazy\" decoding=\"async\"  \r\n                                    src=\"https:\/\/visualjournalism.de\/wp-content\/uploads\/Janek_Stempel_Lightroom_2-768x512.jpg\" \r\n                                    srcset=\"https:\/\/visualjournalism.de\/wp-content\/uploads\/Janek_Stempel_Lightroom_2-768x512.jpg 768w, https:\/\/visualjournalism.de\/wp-content\/uploads\/Janek_Stempel_Lightroom_2-300x200.jpg 300w, https:\/\/visualjournalism.de\/wp-content\/uploads\/Janek_Stempel_Lightroom_2-1024x683.jpg 1024w, https:\/\/visualjournalism.de\/wp-content\/uploads\/Janek_Stempel_Lightroom_2-1536x1024.jpg 1536w, https:\/\/visualjournalism.de\/wp-content\/uploads\/Janek_Stempel_Lightroom_2-2048x1365.jpg 2048w, https:\/\/visualjournalism.de\/wp-content\/uploads\/Janek_Stempel_Lightroom_2-1920x1280.jpg 1920w, https:\/\/visualjournalism.de\/wp-content\/uploads\/Janek_Stempel_Lightroom_2-1400x933.jpg 1400w, https:\/\/visualjournalism.de\/wp-content\/uploads\/Janek_Stempel_Lightroom_2-1050x700.jpg 1050w, https:\/\/visualjournalism.de\/wp-content\/uploads\/Janek_Stempel_Lightroom_2-670x447.jpg 670w, https:\/\/visualjournalism.de\/wp-content\/uploads\/Janek_Stempel_Lightroom_2-420x280.jpg 420w, https:\/\/visualjournalism.de\/wp-content\/uploads\/Janek_Stempel_Lightroom_2-350x233.jpg 350w, https:\/\/visualjournalism.de\/wp-content\/uploads\/Janek_Stempel_Lightroom_2-150x100.jpg 150w\" \r\n                                    width=\"768\"  \r\n                                    height=\"512\" \r\n                                    alt=\"\"\r\n                                \/>\r\n                            <\/figure>\r\n\r\n                        \r\n                    \r\n                    <\/a>\r\n\r\n                <\/article><!--- .post-teaser-->\r\n\r\n            \r\n                <article class=\"post-teaser\">\r\n\r\n                    <a href=\"https:\/\/visualjournalism.de\/en\/magazine\/sammeln\/bibliothek-der-geretteten-buecher\/\" rel=\"permalink\">\r\n\r\n                        <div class=\"post-teaser__content\">\r\n\r\n                            <span class=\"entry-categories\">Sammeln<\/span>\r\n                            <h3 class=\"post-teaser__headline\">\r\n                                Bibliothek der geretteten B\u00fccher                            <\/h3>\r\n\r\n                            <div class=\"post-teaser__excerpt\">\r\n                                <p>Wie ein Pfarrer aus Niedersachsen Tausende DDR-B\u00fccher vor der Vernichtung rettete \u2013 und warum eines davon eine entscheidende technische Spur f\u00fcr die Forschung im All lieferte.<\/p>\r\n                            <\/div>\r\n\r\n                        <\/div><!-- .post-teaser__content -->\r\n\r\n\r\n                        \r\n                            <figure class=\"post-teaser__image\">\r\n                                <img loading=\"lazy\" decoding=\"async\"  \r\n                                    src=\"https:\/\/visualjournalism.de\/wp-content\/uploads\/MuellerVahl_Thomas_Sammeln-04-768x511.jpg\" \r\n                                    srcset=\"https:\/\/visualjournalism.de\/wp-content\/uploads\/MuellerVahl_Thomas_Sammeln-04-768x511.jpg 768w, https:\/\/visualjournalism.de\/wp-content\/uploads\/MuellerVahl_Thomas_Sammeln-04-300x200.jpg 300w, https:\/\/visualjournalism.de\/wp-content\/uploads\/MuellerVahl_Thomas_Sammeln-04-1024x681.jpg 1024w, https:\/\/visualjournalism.de\/wp-content\/uploads\/MuellerVahl_Thomas_Sammeln-04-1536x1022.jpg 1536w, https:\/\/visualjournalism.de\/wp-content\/uploads\/MuellerVahl_Thomas_Sammeln-04-2048x1363.jpg 2048w, https:\/\/visualjournalism.de\/wp-content\/uploads\/MuellerVahl_Thomas_Sammeln-04-1920x1277.jpg 1920w, https:\/\/visualjournalism.de\/wp-content\/uploads\/MuellerVahl_Thomas_Sammeln-04-1400x931.jpg 1400w, https:\/\/visualjournalism.de\/wp-content\/uploads\/MuellerVahl_Thomas_Sammeln-04-1050x699.jpg 1050w, https:\/\/visualjournalism.de\/wp-content\/uploads\/MuellerVahl_Thomas_Sammeln-04-670x446.jpg 670w, https:\/\/visualjournalism.de\/wp-content\/uploads\/MuellerVahl_Thomas_Sammeln-04-420x279.jpg 420w, https:\/\/visualjournalism.de\/wp-content\/uploads\/MuellerVahl_Thomas_Sammeln-04-350x233.jpg 350w, https:\/\/visualjournalism.de\/wp-content\/uploads\/MuellerVahl_Thomas_Sammeln-04-150x100.jpg 150w\" \r\n                                    width=\"768\"  \r\n                                    height=\"511\" \r\n                                    alt=\"\"\r\n                                \/>\r\n                            <\/figure>\r\n\r\n                        \r\n                    \r\n                    <\/a>\r\n\r\n                <\/article><!--- .post-teaser-->\r\n\r\n            \r\n                <article class=\"post-teaser\">\r\n\r\n                    <a href=\"https:\/\/visualjournalism.de\/en\/magazine\/sammeln\/sammeln-statt-jagen-eine-neue-geschichte-der-menschheit\/\" rel=\"permalink\">\r\n\r\n                        <div class=\"post-teaser__content\">\r\n\r\n                            <span class=\"entry-categories\">Sammeln<\/span>\r\n                            <h3 class=\"post-teaser__headline\">\r\n                                Sammeln statt Jagen: Eine neue Geschichte der Menschheit                            <\/h3>\r\n\r\n                            <div class=\"post-teaser__excerpt\">\r\n                                <p>Was, wenn der Ursprung der Menschheit nicht der Speer, sondern der Beutel war? Ursula K. Le Guin stellt die Geschichte auf den Kopf und macht aus dem Beutel ein Symbol f\u00fcr Menschlichkeit.<\/p>\r\n                            <\/div>\r\n\r\n                        <\/div><!-- .post-teaser__content -->\r\n\r\n\r\n                        \r\n                            <figure class=\"post-teaser__image\">\r\n                                <img loading=\"lazy\" decoding=\"async\"  \r\n                                    src=\"https:\/\/visualjournalism.de\/wp-content\/uploads\/Deppe_Simon_19-768x513.jpg\" \r\n                                    srcset=\"https:\/\/visualjournalism.de\/wp-content\/uploads\/Deppe_Simon_19-768x513.jpg 768w, https:\/\/visualjournalism.de\/wp-content\/uploads\/Deppe_Simon_19-300x200.jpg 300w, https:\/\/visualjournalism.de\/wp-content\/uploads\/Deppe_Simon_19-1024x684.jpg 1024w, https:\/\/visualjournalism.de\/wp-content\/uploads\/Deppe_Simon_19-1050x701.jpg 1050w, https:\/\/visualjournalism.de\/wp-content\/uploads\/Deppe_Simon_19-670x447.jpg 670w, https:\/\/visualjournalism.de\/wp-content\/uploads\/Deppe_Simon_19-420x280.jpg 420w, https:\/\/visualjournalism.de\/wp-content\/uploads\/Deppe_Simon_19-350x234.jpg 350w, https:\/\/visualjournalism.de\/wp-content\/uploads\/Deppe_Simon_19-150x100.jpg 150w, https:\/\/visualjournalism.de\/wp-content\/uploads\/Deppe_Simon_19.jpg 1200w\" \r\n                                    width=\"768\"  \r\n                                    height=\"513\" \r\n                                    alt=\"\"\r\n                                \/>\r\n                            <\/figure>\r\n\r\n                        \r\n                    \r\n                    <\/a>\r\n\r\n                <\/article><!--- .post-teaser-->\r\n\r\n            \r\n        <\/div><!-- .teaser-grid -->\r\n\r\n\n\n\r\n\r\n\r\n\n\n\n    <div class=\"btn-wrapper has-spacing--m\">\n        <a class=\"btn\" href=\"https:\/\/visualjournalism.de\/magazin\/\" target=\"_blank\">ZUR MAGAZIN-STARTSEITE<\/a>\n    <\/div>\n<\/div>\n","protected":false},"excerpt":{"rendered":"","protected":false},"author":35,"featured_media":0,"parent":0,"menu_order":0,"comment_status":"closed","ping_status":"closed","template":"","meta":{"_acf_changed":false,"footnotes":""},"class_list":["post-27781","page","type-page","status-publish","hentry"],"acf":[],"yoast_head":"<!-- This site is optimized with the Yoast SEO Premium plugin v27.3 (Yoast SEO v27.3) - https:\/\/yoast.com\/product\/yoast-seo-premium-wordpress\/ -->\n<title>Lara Lorenz &#8211; Visual Journalism and Documentary Photography<\/title>\n<meta name=\"robots\" content=\"index, follow, max-snippet:-1, max-image-preview:large, max-video-preview:-1\" \/>\n<link rel=\"canonical\" href=\"https:\/\/visualjournalism.de\/en\/lara-lorenz\/\" \/>\n<meta property=\"og:locale\" content=\"en_US\" \/>\n<meta property=\"og:type\" content=\"article\" \/>\n<meta property=\"og:title\" content=\"Lara Lorenz\" \/>\n<meta property=\"og:url\" content=\"https:\/\/visualjournalism.de\/en\/lara-lorenz\/\" \/>\n<meta property=\"og:site_name\" content=\"Visual Journalism and Documentary Photography\" \/>\n<meta property=\"article:publisher\" content=\"https:\/\/www.facebook.com\/people\/wwwfotostudentende\/100065173703897\/\" \/>\n<meta property=\"article:modified_time\" content=\"2023-12-22T11:43:00+00:00\" \/>\n<meta name=\"twitter:card\" content=\"summary_large_image\" \/>\n<meta name=\"twitter:site\" content=\"@HsHannover\" \/>\n<meta name=\"twitter:label1\" content=\"Est. reading time\" \/>\n\t<meta name=\"twitter:data1\" content=\"1 minute\" \/>\n<script type=\"application\/ld+json\" class=\"yoast-schema-graph\">{\"@context\":\"https:\\\/\\\/schema.org\",\"@graph\":[{\"@type\":\"WebPage\",\"@id\":\"https:\\\/\\\/visualjournalism.de\\\/en\\\/lara-lorenz\\\/\",\"url\":\"https:\\\/\\\/visualjournalism.de\\\/en\\\/lara-lorenz\\\/\",\"name\":\"Lara Lorenz &#8211; Visual Journalism and Documentary Photography\",\"isPartOf\":{\"@id\":\"https:\\\/\\\/visualjournalism.de\\\/en\\\/#website\"},\"datePublished\":\"2023-09-23T11:44:13+00:00\",\"dateModified\":\"2023-12-22T11:43:00+00:00\",\"breadcrumb\":{\"@id\":\"https:\\\/\\\/visualjournalism.de\\\/en\\\/lara-lorenz\\\/#breadcrumb\"},\"inLanguage\":\"en-US\",\"potentialAction\":[{\"@type\":\"ReadAction\",\"target\":[\"https:\\\/\\\/visualjournalism.de\\\/en\\\/lara-lorenz\\\/\"]}]},{\"@type\":\"BreadcrumbList\",\"@id\":\"https:\\\/\\\/visualjournalism.de\\\/en\\\/lara-lorenz\\\/#breadcrumb\",\"itemListElement\":[{\"@type\":\"ListItem\",\"position\":1,\"name\":\"Home\",\"item\":\"https:\\\/\\\/visualjournalism.de\\\/en\\\/\"},{\"@type\":\"ListItem\",\"position\":2,\"name\":\"Lara Lorenz\"}]},{\"@type\":\"WebSite\",\"@id\":\"https:\\\/\\\/visualjournalism.de\\\/en\\\/#website\",\"url\":\"https:\\\/\\\/visualjournalism.de\\\/en\\\/\",\"name\":\"Visual Journalism and Documentary Photography\",\"description\":\"All about the bilingual bachelor&#039;s program at Hannover University of Applied Sciences and Arts.\",\"publisher\":{\"@id\":\"https:\\\/\\\/visualjournalism.de\\\/en\\\/#organization\"},\"alternateName\":\"visualjournalism.de\",\"potentialAction\":[{\"@type\":\"SearchAction\",\"target\":{\"@type\":\"EntryPoint\",\"urlTemplate\":\"https:\\\/\\\/visualjournalism.de\\\/en\\\/?s={search_term_string}\"},\"query-input\":{\"@type\":\"PropertyValueSpecification\",\"valueRequired\":true,\"valueName\":\"search_term_string\"}}],\"inLanguage\":\"en-US\"},{\"@type\":\"Organization\",\"@id\":\"https:\\\/\\\/visualjournalism.de\\\/en\\\/#organization\",\"name\":\"Hochschule Hannover \u2013 University of Applied Sciences and Arts\",\"alternateName\":\"HsH\",\"url\":\"https:\\\/\\\/visualjournalism.de\\\/en\\\/\",\"logo\":{\"@type\":\"ImageObject\",\"inLanguage\":\"en-US\",\"@id\":\"https:\\\/\\\/visualjournalism.de\\\/en\\\/#\\\/schema\\\/logo\\\/image\\\/\",\"url\":\"https:\\\/\\\/visualjournalism.de\\\/wp-content\\\/uploads\\\/logo-hochschule-hannover.png\",\"contentUrl\":\"https:\\\/\\\/visualjournalism.de\\\/wp-content\\\/uploads\\\/logo-hochschule-hannover.png\",\"width\":363,\"height\":270,\"caption\":\"Hochschule Hannover \u2013 University of Applied Sciences and Arts\"},\"image\":{\"@id\":\"https:\\\/\\\/visualjournalism.de\\\/en\\\/#\\\/schema\\\/logo\\\/image\\\/\"},\"sameAs\":[\"https:\\\/\\\/www.facebook.com\\\/people\\\/wwwfotostudentende\\\/100065173703897\\\/\",\"https:\\\/\\\/x.com\\\/HsHannover\",\"https:\\\/\\\/www.instagram.com\\\/visualjournalism.de\\\/\"]}]}<\/script>\n<!-- \/ Yoast SEO Premium plugin. -->","yoast_head_json":{"title":"Lara Lorenz &#8211; Visual Journalism and Documentary Photography","robots":{"index":"index","follow":"follow","max-snippet":"max-snippet:-1","max-image-preview":"max-image-preview:large","max-video-preview":"max-video-preview:-1"},"canonical":"https:\/\/visualjournalism.de\/en\/lara-lorenz\/","og_locale":"en_US","og_type":"article","og_title":"Lara Lorenz","og_url":"https:\/\/visualjournalism.de\/en\/lara-lorenz\/","og_site_name":"Visual Journalism and Documentary Photography","article_publisher":"https:\/\/www.facebook.com\/people\/wwwfotostudentende\/100065173703897\/","article_modified_time":"2023-12-22T11:43:00+00:00","twitter_card":"summary_large_image","twitter_site":"@HsHannover","twitter_misc":{"Est. reading time":"1 minute"},"schema":{"@context":"https:\/\/schema.org","@graph":[{"@type":"WebPage","@id":"https:\/\/visualjournalism.de\/en\/lara-lorenz\/","url":"https:\/\/visualjournalism.de\/en\/lara-lorenz\/","name":"Lara Lorenz &#8211; Visual Journalism and Documentary Photography","isPartOf":{"@id":"https:\/\/visualjournalism.de\/en\/#website"},"datePublished":"2023-09-23T11:44:13+00:00","dateModified":"2023-12-22T11:43:00+00:00","breadcrumb":{"@id":"https:\/\/visualjournalism.de\/en\/lara-lorenz\/#breadcrumb"},"inLanguage":"en-US","potentialAction":[{"@type":"ReadAction","target":["https:\/\/visualjournalism.de\/en\/lara-lorenz\/"]}]},{"@type":"BreadcrumbList","@id":"https:\/\/visualjournalism.de\/en\/lara-lorenz\/#breadcrumb","itemListElement":[{"@type":"ListItem","position":1,"name":"Home","item":"https:\/\/visualjournalism.de\/en\/"},{"@type":"ListItem","position":2,"name":"Lara Lorenz"}]},{"@type":"WebSite","@id":"https:\/\/visualjournalism.de\/en\/#website","url":"https:\/\/visualjournalism.de\/en\/","name":"Visual Journalism and Documentary Photography","description":"All about the bilingual bachelor&#039;s program at Hannover University of Applied Sciences and Arts.","publisher":{"@id":"https:\/\/visualjournalism.de\/en\/#organization"},"alternateName":"visualjournalism.de","potentialAction":[{"@type":"SearchAction","target":{"@type":"EntryPoint","urlTemplate":"https:\/\/visualjournalism.de\/en\/?s={search_term_string}"},"query-input":{"@type":"PropertyValueSpecification","valueRequired":true,"valueName":"search_term_string"}}],"inLanguage":"en-US"},{"@type":"Organization","@id":"https:\/\/visualjournalism.de\/en\/#organization","name":"Hochschule Hannover \u2013 University of Applied Sciences and Arts","alternateName":"HsH","url":"https:\/\/visualjournalism.de\/en\/","logo":{"@type":"ImageObject","inLanguage":"en-US","@id":"https:\/\/visualjournalism.de\/en\/#\/schema\/logo\/image\/","url":"https:\/\/visualjournalism.de\/wp-content\/uploads\/logo-hochschule-hannover.png","contentUrl":"https:\/\/visualjournalism.de\/wp-content\/uploads\/logo-hochschule-hannover.png","width":363,"height":270,"caption":"Hochschule Hannover \u2013 University of Applied Sciences and Arts"},"image":{"@id":"https:\/\/visualjournalism.de\/en\/#\/schema\/logo\/image\/"},"sameAs":["https:\/\/www.facebook.com\/people\/wwwfotostudentende\/100065173703897\/","https:\/\/x.com\/HsHannover","https:\/\/www.instagram.com\/visualjournalism.de\/"]}]}},"_links":{"self":[{"href":"https:\/\/visualjournalism.de\/en\/wp-json\/wp\/v2\/pages\/27781","targetHints":{"allow":["GET"]}}],"collection":[{"href":"https:\/\/visualjournalism.de\/en\/wp-json\/wp\/v2\/pages"}],"about":[{"href":"https:\/\/visualjournalism.de\/en\/wp-json\/wp\/v2\/types\/page"}],"author":[{"embeddable":true,"href":"https:\/\/visualjournalism.de\/en\/wp-json\/wp\/v2\/users\/35"}],"replies":[{"embeddable":true,"href":"https:\/\/visualjournalism.de\/en\/wp-json\/wp\/v2\/comments?post=27781"}],"version-history":[{"count":0,"href":"https:\/\/visualjournalism.de\/en\/wp-json\/wp\/v2\/pages\/27781\/revisions"}],"wp:attachment":[{"href":"https:\/\/visualjournalism.de\/en\/wp-json\/wp\/v2\/media?parent=27781"}],"curies":[{"name":"wp","href":"https:\/\/api.w.org\/{rel}","templated":true}]}}